{"id":22607,"date":"2024-10-31T11:06:02","date_gmt":"2024-10-31T10:06:02","guid":{"rendered":"https:\/\/voyagedelabaleine.fr\/tenues-de-noel-bebe\/"},"modified":"2025-12-11T17:35:43","modified_gmt":"2025-12-11T16:35:43","slug":"christmas-outfits-babies-children","status":"publish","type":"page","link":"https:\/\/voyagedelabaleine.fr\/en\/christmas-outfits-babies-children\/","title":{"rendered":"Christmas outfits"},"content":{"rendered":"\t\t<div data-elementor-type=\"wp-page\" data-elementor-id=\"22607\" class=\"elementor elementor-22607 elementor-12967\">\n\t\t\t\t<div class=\"elementor-element elementor-element-4ca3b7e1 e-con-full elementor-hidden-mobile e-flex e-con e-parent\" data-id=\"4ca3b7e1\" data-element_type=\"container\" data-e-type=\"container\">\n\t\t\t\t<div class=\"elementor-element elementor-element-6828695d elementor-widget elementor-widget-heading\" data-id=\"6828695d\" data-element_type=\"widget\" data-e-type=\"widget\" data-widget_type=\"heading.default\">\n\t\t\t\t\t<h2 class=\"elementor-heading-title elementor-size-default\">Tradition, magic, and softness<\/h2>\t\t\t\t<\/div>\n\t\t\t\t<\/div>\n\t\t<div class=\"elementor-element elementor-element-b38ce34 e-con-full elementor-hidden-mobile e-flex e-con e-parent\" data-id=\"b38ce34\" data-element_type=\"container\" data-e-type=\"container\">\n\t\t\t\t<div class=\"elementor-element elementor-element-4f7c4b49 justifier elementor-widget elementor-widget-text-editor\" data-id=\"4f7c4b49\" data-element_type=\"widget\" data-e-type=\"widget\" data-widget_type=\"text-editor.default\">\n\t\t\t\t\t\t\t\t\t<p>Immerse yourselves in the enchanting world of Christmas with our collection of <strong>baby and children&#8217;s Christmas outfits.<\/strong> Each piece is designed to capture the magic of the holidays while combining comfort and style. From elegant dresses to cozy sets, including delicate booties and tights: our garments evoke Christmases filled with <strong>memories<\/strong>, <strong>laughter<\/strong>, and <strong>traditions<\/strong>. <span style=\"font-size: 16px; letter-spacing: 0.4px; text-align: var(--text-align);\">Crafted with love and care, our outfits blend classic charm with modern comfort, ensuring your baby experiences unforgettable moments in the most beautiful attire.<\/span> <\/p>\t\t\t\t\t\t\t\t<\/div>\n\t\t\t\t<\/div>\n\t\t<div class=\"elementor-element elementor-element-d37da1d e-con-full e-flex e-con e-parent\" data-id=\"d37da1d\" data-element_type=\"container\" data-e-type=\"container\">\n\t\t\t\t<div class=\"elementor-element elementor-element-f162aaf elementor-widget-divider--separator-type-pattern elementor-widget-divider--view-line elementor-widget elementor-widget-divider\" data-id=\"f162aaf\" data-element_type=\"widget\" data-e-type=\"widget\" data-widget_type=\"divider.default\">\n\t\t\t\t\t\t\t<div class=\"elementor-divider\" style=\"--divider-pattern-url: url(&quot;data:image\/svg+xml,%3Csvg xmlns=&#039;http:\/\/www.w3.org\/2000\/svg&#039; preserveAspectRatio=&#039;none&#039; overflow=&#039;visible&#039; height=&#039;100%&#039; viewBox=&#039;0 0 24 24&#039; fill=&#039;black&#039; stroke=&#039;none&#039;%3E%3Cpath d=&#039;M12.7,2.3c-0.4-0.4-1.1-0.4-1.5,0l-8,9.1c-0.3,0.4-0.3,0.9,0,1.2l8,9.1c0.4,0.4,1.1,0.4,1.5,0l8-9.1c0.3-0.4,0.3-0.9,0-1.2L12.7,2.3z&#039;\/%3E%3C\/svg%3E&quot;);\">\n\t\t\t<span class=\"elementor-divider-separator\">\n\t\t\t\t\t\t<\/span>\n\t\t<\/div>\n\t\t\t\t\t\t<\/div>\n\t\t\t\t<div class=\"elementor-element elementor-element-77c9962 elementor-widget elementor-widget-heading\" data-id=\"77c9962\" data-element_type=\"widget\" data-e-type=\"widget\" data-widget_type=\"heading.default\">\n\t\t\t\t\t<h2 class=\"elementor-heading-title elementor-size-default\">Elegance &amp; tradition: red velvets<\/h2>\t\t\t\t<\/div>\n\t\t\t\t<\/div>\n\t\t<div class=\"elementor-element elementor-element-5470520 e-flex e-con-boxed e-con e-parent\" data-id=\"5470520\" data-element_type=\"container\" data-e-type=\"container\">\n\t\t\t\t\t<div class=\"e-con-inner\">\n\t\t\t\t<div class=\"elementor-element elementor-element-9e5d110 elementor-widget elementor-widget-image\" data-id=\"9e5d110\" data-element_type=\"widget\" data-e-type=\"widget\" data-widget_type=\"image.default\">\n\t\t\t\t\t\t\t\t\t\t\t\t\t\t\t\t<a href=\"https:\/\/voyagedelabaleine.fr\/en\/product\/velvet-baby-girl-christmas-dress-red\/\">\n\t\t\t\t\t\t\t<img decoding=\"async\" width=\"768\" height=\"747\" src=\"https:\/\/voyagedelabaleine.fr\/wp-content\/uploads\/2025\/11\/girls-red-velvet-smocked-dress-w-2-768x747.jpg\" class=\"attachment-medium_large size-medium_large wp-image-22610\" alt=\"\" srcset=\"https:\/\/voyagedelabaleine.fr\/wp-content\/uploads\/2025\/11\/girls-red-velvet-smocked-dress-w-2-768x747.jpg 768w, https:\/\/voyagedelabaleine.fr\/wp-content\/uploads\/2025\/11\/girls-red-velvet-smocked-dress-w-2-300x292.jpg 300w, https:\/\/voyagedelabaleine.fr\/wp-content\/uploads\/2025\/11\/girls-red-velvet-smocked-dress-w-2-1024x996.jpg 1024w, https:\/\/voyagedelabaleine.fr\/wp-content\/uploads\/2025\/11\/girls-red-velvet-smocked-dress-w-2-1536x1494.jpg 1536w, https:\/\/voyagedelabaleine.fr\/wp-content\/uploads\/2025\/11\/girls-red-velvet-smocked-dress-w-2-scaled.jpg 2048w, https:\/\/voyagedelabaleine.fr\/wp-content\/uploads\/2025\/11\/girls-red-velvet-smocked-dress-w-2-600x584.jpg 600w\" sizes=\"(max-width: 768px) 100vw, 768px\" \/>\t\t\t\t\t\t\t\t<\/a>\n\t\t\t\t\t\t\t\t\t\t\t\t\t\t\t<\/div>\n\t\t\t\t\t<\/div>\n\t\t\t\t<\/div>\n\t\t<div class=\"elementor-element elementor-element-37e7579 e-con-full e-flex e-con e-parent\" data-id=\"37e7579\" data-element_type=\"container\" data-e-type=\"container\">\n\t\t\t\t<div class=\"elementor-element elementor-element-984ec61 elementor-widget__width-inherit elementor-widget-mobile__width-inherit elementor-widget elementor-widget-shortcode\" data-id=\"984ec61\" data-element_type=\"widget\" data-e-type=\"widget\" data-widget_type=\"shortcode.default\">\n\t\t\t\t\t\t\t<div class=\"elementor-shortcode\"><div class=\"woocommerce columns-2 \">\r\n<ul class=\"products oceanwp-row clr grid tablet-col tablet-2-col mobile-col mobile-2-col\">\r\n<li class=\"entry has-media has-rating col span_1_of_2 owp-content-center owp-thumbs-layout-vertical owp-btn-big owp-tabs-layout-vertical circle-sale product type-product post-24507 status-publish first instock product_cat-baby-and-child-socks-tights product_cat-baby-boy-socks-tights product_cat-baby-girl-socks-tights product_cat-boy-socks-tights product_cat-child-socks-tights product_cat-girl-socks-tights product_cat-newborn-boy-socks-tights product_cat-newborn-girl-socks-tights product_cat-newborn-socks-tights has-post-thumbnail taxable shipping-taxable purchasable product-type-variable has-default-attributes\">\n\t<div class=\"product-inner clr\">\n\t<div class=\"woo-entry-image-swap woo-entry-image clr\">\n\t\t<a href=\"https:\/\/voyagedelabaleine.fr\/en\/product\/baby-tights-with-side-cable-knit-cream\/\" class=\"woocommerce-LoopProduct-link\"><img decoding=\"async\" width=\"600\" height=\"800\" src=\"https:\/\/voyagedelabaleine.fr\/wp-content\/uploads\/2025\/07\/collant-bebe-torsade-creme-600x800.jpg\" class=\"woo-entry-image-main\" alt=\"Baby tights with side cable knit &#8211; Cream\" itemprop=\"image\" srcset=\"https:\/\/voyagedelabaleine.fr\/wp-content\/uploads\/2025\/07\/collant-bebe-torsade-creme-600x799.jpg 600w, https:\/\/voyagedelabaleine.fr\/wp-content\/uploads\/2025\/07\/collant-bebe-torsade-creme-225x300.jpg 225w, https:\/\/voyagedelabaleine.fr\/wp-content\/uploads\/2025\/07\/collant-bebe-torsade-creme-769x1024.jpg 769w, https:\/\/voyagedelabaleine.fr\/wp-content\/uploads\/2025\/07\/collant-bebe-torsade-creme-768x1023.jpg 768w, https:\/\/voyagedelabaleine.fr\/wp-content\/uploads\/2025\/07\/collant-bebe-torsade-creme.jpg 900w\" sizes=\"(max-width: 600px) 100vw, 600px\" \/><img decoding=\"async\" width=\"600\" height=\"800\" src=\"https:\/\/voyagedelabaleine.fr\/wp-content\/uploads\/2025\/10\/collant-bebe-torsade-creme-2-600x800.jpg\" class=\"woo-entry-image-secondary\" alt=\"Baby tights with side cable knit &#8211; Cream\" itemprop=\"image\" srcset=\"https:\/\/voyagedelabaleine.fr\/wp-content\/uploads\/2025\/10\/collant-bebe-torsade-creme-2-600x800.jpg 600w, https:\/\/voyagedelabaleine.fr\/wp-content\/uploads\/2025\/10\/collant-bebe-torsade-creme-2-225x300.jpg 225w, https:\/\/voyagedelabaleine.fr\/wp-content\/uploads\/2025\/10\/collant-bebe-torsade-creme-2-768x1025.jpg 768w, https:\/\/voyagedelabaleine.fr\/wp-content\/uploads\/2025\/10\/collant-bebe-torsade-creme-2.jpg 922w\" sizes=\"(max-width: 600px) 100vw, 600px\" \/><\/a>\t<\/div><!-- .woo-entry-image-swap -->\n\n<ul class=\"woo-entry-inner clr\"><li class=\"image-wrap\">\n\t<div class=\"woo-entry-image-swap woo-entry-image clr\">\n\t\t<a href=\"https:\/\/voyagedelabaleine.fr\/en\/product\/baby-tights-with-side-cable-knit-cream\/\" class=\"woocommerce-LoopProduct-link\"><img decoding=\"async\" width=\"600\" height=\"800\" src=\"https:\/\/voyagedelabaleine.fr\/wp-content\/uploads\/2025\/07\/collant-bebe-torsade-creme-600x800.jpg\" class=\"woo-entry-image-main\" alt=\"Baby tights with side cable knit &#8211; Cream\" itemprop=\"image\" srcset=\"https:\/\/voyagedelabaleine.fr\/wp-content\/uploads\/2025\/07\/collant-bebe-torsade-creme-600x799.jpg 600w, https:\/\/voyagedelabaleine.fr\/wp-content\/uploads\/2025\/07\/collant-bebe-torsade-creme-225x300.jpg 225w, https:\/\/voyagedelabaleine.fr\/wp-content\/uploads\/2025\/07\/collant-bebe-torsade-creme-769x1024.jpg 769w, https:\/\/voyagedelabaleine.fr\/wp-content\/uploads\/2025\/07\/collant-bebe-torsade-creme-768x1023.jpg 768w, https:\/\/voyagedelabaleine.fr\/wp-content\/uploads\/2025\/07\/collant-bebe-torsade-creme.jpg 900w\" sizes=\"(max-width: 600px) 100vw, 600px\" \/><img decoding=\"async\" width=\"600\" height=\"800\" src=\"https:\/\/voyagedelabaleine.fr\/wp-content\/uploads\/2025\/10\/collant-bebe-torsade-creme-2-600x800.jpg\" class=\"woo-entry-image-secondary\" alt=\"Baby tights with side cable knit &#8211; Cream\" itemprop=\"image\" srcset=\"https:\/\/voyagedelabaleine.fr\/wp-content\/uploads\/2025\/10\/collant-bebe-torsade-creme-2-600x800.jpg 600w, https:\/\/voyagedelabaleine.fr\/wp-content\/uploads\/2025\/10\/collant-bebe-torsade-creme-2-225x300.jpg 225w, https:\/\/voyagedelabaleine.fr\/wp-content\/uploads\/2025\/10\/collant-bebe-torsade-creme-2-768x1025.jpg 768w, https:\/\/voyagedelabaleine.fr\/wp-content\/uploads\/2025\/10\/collant-bebe-torsade-creme-2.jpg 922w\" sizes=\"(max-width: 600px) 100vw, 600px\" \/><\/a>\t<\/div><!-- .woo-entry-image-swap -->\n\n<\/li><li class=\"title\"><h2><a href=\"https:\/\/voyagedelabaleine.fr\/en\/product\/baby-tights-with-side-cable-knit-cream\/\">Baby tights with side cable knit &#8211; Cream<\/a><\/h2><\/li><li class=\"price-wrap\">\n\t<span class=\"price\"><span class=\"woocommerce-Price-amount amount\"><bdi>16<span class=\"woocommerce-Price-currencySymbol\">&euro;<\/span><\/bdi><\/span><\/span>\n<\/li><\/ul><\/div><!-- .product-inner .clr --><\/li>\n<li class=\"entry has-media col span_1_of_2 owp-content-center owp-thumbs-layout-vertical owp-btn-big owp-tabs-layout-vertical circle-sale product type-product post-24514 status-publish last instock product_cat-baby-dress product_cat-baby-girl product_cat-clothing product_cat-girl product_cat-girl-dress has-post-thumbnail taxable shipping-taxable purchasable product-type-variable has-default-attributes\">\n\t<div class=\"product-inner clr\">\n\t<div class=\"woo-entry-image-swap woo-entry-image clr\">\n\t\t<a href=\"https:\/\/voyagedelabaleine.fr\/en\/product\/velvet-baby-girl-christmas-dress-red\/\" class=\"woocommerce-LoopProduct-link\"><img decoding=\"async\" width=\"600\" height=\"800\" src=\"https:\/\/voyagedelabaleine.fr\/wp-content\/uploads\/2025\/07\/robe-noel-velours-rouge-2-600x800.jpg\" class=\"woo-entry-image-main\" alt=\"Velvet baby girl Christmas dress &#8211; Red\" itemprop=\"image\" srcset=\"https:\/\/voyagedelabaleine.fr\/wp-content\/uploads\/2025\/07\/robe-noel-velours-rouge-2-600x800.jpg 600w, https:\/\/voyagedelabaleine.fr\/wp-content\/uploads\/2025\/07\/robe-noel-velours-rouge-2-225x300.jpg 225w, https:\/\/voyagedelabaleine.fr\/wp-content\/uploads\/2025\/07\/robe-noel-velours-rouge-2-768x1024.jpg 768w, https:\/\/voyagedelabaleine.fr\/wp-content\/uploads\/2025\/07\/robe-noel-velours-rouge-2-1152x1536.jpg 1152w, https:\/\/voyagedelabaleine.fr\/wp-content\/uploads\/2025\/07\/robe-noel-velours-rouge-2.jpg 1400w\" sizes=\"(max-width: 600px) 100vw, 600px\" \/><img decoding=\"async\" width=\"600\" height=\"800\" src=\"https:\/\/voyagedelabaleine.fr\/wp-content\/uploads\/2025\/07\/robe-noel-velours-rouge-1-600x800.jpg\" class=\"woo-entry-image-secondary\" alt=\"Velvet baby girl Christmas dress &#8211; Red\" itemprop=\"image\" srcset=\"https:\/\/voyagedelabaleine.fr\/wp-content\/uploads\/2025\/07\/robe-noel-velours-rouge-1-600x800.jpg 600w, https:\/\/voyagedelabaleine.fr\/wp-content\/uploads\/2025\/07\/robe-noel-velours-rouge-1-225x300.jpg 225w, https:\/\/voyagedelabaleine.fr\/wp-content\/uploads\/2025\/07\/robe-noel-velours-rouge-1-768x1023.jpg 768w, https:\/\/voyagedelabaleine.fr\/wp-content\/uploads\/2025\/07\/robe-noel-velours-rouge-1-1153x1536.jpg 1153w, https:\/\/voyagedelabaleine.fr\/wp-content\/uploads\/2025\/07\/robe-noel-velours-rouge-1.jpg 1200w\" sizes=\"(max-width: 600px) 100vw, 600px\" \/><\/a>\t<\/div><!-- .woo-entry-image-swap -->\n\n<ul class=\"woo-entry-inner clr\"><li class=\"image-wrap\">\n\t<div class=\"woo-entry-image-swap woo-entry-image clr\">\n\t\t<a href=\"https:\/\/voyagedelabaleine.fr\/en\/product\/velvet-baby-girl-christmas-dress-red\/\" class=\"woocommerce-LoopProduct-link\"><img decoding=\"async\" width=\"600\" height=\"800\" src=\"https:\/\/voyagedelabaleine.fr\/wp-content\/uploads\/2025\/07\/robe-noel-velours-rouge-2-600x800.jpg\" class=\"woo-entry-image-main\" alt=\"Velvet baby girl Christmas dress &#8211; Red\" itemprop=\"image\" srcset=\"https:\/\/voyagedelabaleine.fr\/wp-content\/uploads\/2025\/07\/robe-noel-velours-rouge-2-600x800.jpg 600w, https:\/\/voyagedelabaleine.fr\/wp-content\/uploads\/2025\/07\/robe-noel-velours-rouge-2-225x300.jpg 225w, https:\/\/voyagedelabaleine.fr\/wp-content\/uploads\/2025\/07\/robe-noel-velours-rouge-2-768x1024.jpg 768w, https:\/\/voyagedelabaleine.fr\/wp-content\/uploads\/2025\/07\/robe-noel-velours-rouge-2-1152x1536.jpg 1152w, https:\/\/voyagedelabaleine.fr\/wp-content\/uploads\/2025\/07\/robe-noel-velours-rouge-2.jpg 1400w\" sizes=\"(max-width: 600px) 100vw, 600px\" \/><img decoding=\"async\" width=\"600\" height=\"800\" src=\"https:\/\/voyagedelabaleine.fr\/wp-content\/uploads\/2025\/07\/robe-noel-velours-rouge-1-600x800.jpg\" class=\"woo-entry-image-secondary\" alt=\"Velvet baby girl Christmas dress &#8211; Red\" itemprop=\"image\" srcset=\"https:\/\/voyagedelabaleine.fr\/wp-content\/uploads\/2025\/07\/robe-noel-velours-rouge-1-600x800.jpg 600w, https:\/\/voyagedelabaleine.fr\/wp-content\/uploads\/2025\/07\/robe-noel-velours-rouge-1-225x300.jpg 225w, https:\/\/voyagedelabaleine.fr\/wp-content\/uploads\/2025\/07\/robe-noel-velours-rouge-1-768x1023.jpg 768w, https:\/\/voyagedelabaleine.fr\/wp-content\/uploads\/2025\/07\/robe-noel-velours-rouge-1-1153x1536.jpg 1153w, https:\/\/voyagedelabaleine.fr\/wp-content\/uploads\/2025\/07\/robe-noel-velours-rouge-1.jpg 1200w\" sizes=\"(max-width: 600px) 100vw, 600px\" \/><\/a>\t<\/div><!-- .woo-entry-image-swap -->\n\n<\/li><li class=\"title\"><h2><a href=\"https:\/\/voyagedelabaleine.fr\/en\/product\/velvet-baby-girl-christmas-dress-red\/\">Velvet baby girl Christmas dress &#8211; Red<\/a><\/h2><\/li><li class=\"price-wrap\">\n\t<span class=\"price\"><span class=\"woocommerce-Price-amount amount\"><bdi>86<span class=\"woocommerce-Price-currencySymbol\">&euro;<\/span><\/bdi><\/span><\/span>\n<\/li><\/ul><\/div><!-- .product-inner .clr --><\/li>\n<\/ul>\n<\/div><\/div>\n\t\t\t\t\t\t<\/div>\n\t\t\t\t<\/div>\n\t\t<div class=\"elementor-element elementor-element-ffed91f e-con-full e-flex e-con e-parent\" data-id=\"ffed91f\" data-element_type=\"container\" data-e-type=\"container\">\n\t\t\t\t<div class=\"elementor-element elementor-element-950fdd5 elementor-widget-divider--separator-type-pattern elementor-widget-divider--view-line elementor-widget elementor-widget-divider\" data-id=\"950fdd5\" data-element_type=\"widget\" data-e-type=\"widget\" data-widget_type=\"divider.default\">\n\t\t\t\t\t\t\t<div class=\"elementor-divider\" style=\"--divider-pattern-url: url(&quot;data:image\/svg+xml,%3Csvg xmlns=&#039;http:\/\/www.w3.org\/2000\/svg&#039; preserveAspectRatio=&#039;none&#039; overflow=&#039;visible&#039; height=&#039;100%&#039; viewBox=&#039;0 0 24 24&#039; fill=&#039;black&#039; stroke=&#039;none&#039;%3E%3Cpath d=&#039;M12.7,2.3c-0.4-0.4-1.1-0.4-1.5,0l-8,9.1c-0.3,0.4-0.3,0.9,0,1.2l8,9.1c0.4,0.4,1.1,0.4,1.5,0l8-9.1c0.3-0.4,0.3-0.9,0-1.2L12.7,2.3z&#039;\/%3E%3C\/svg%3E&quot;);\">\n\t\t\t<span class=\"elementor-divider-separator\">\n\t\t\t\t\t\t<\/span>\n\t\t<\/div>\n\t\t\t\t\t\t<\/div>\n\t\t\t\t<div class=\"elementor-element elementor-element-72427c3 elementor-widget elementor-widget-heading\" data-id=\"72427c3\" data-element_type=\"widget\" data-e-type=\"widget\" data-widget_type=\"heading.default\">\n\t\t\t\t\t<h2 class=\"elementor-heading-title elementor-size-default\">Charm &amp; softness: winter patterns<\/h2>\t\t\t\t<\/div>\n\t\t\t\t<\/div>\n\t\t<div class=\"elementor-element elementor-element-f949c3e e-con-full e-flex e-con e-parent\" data-id=\"f949c3e\" data-element_type=\"container\" data-e-type=\"container\">\n\t\t\t\t<div class=\"elementor-element elementor-element-50df194 elementor-widget__width-inherit elementor-widget-mobile__width-inherit elementor-widget elementor-widget-shortcode\" data-id=\"50df194\" data-element_type=\"widget\" data-e-type=\"widget\" data-widget_type=\"shortcode.default\">\n\t\t\t\t\t\t\t<div class=\"elementor-shortcode\"><div class=\"woocommerce columns-3 \">\r\n<ul class=\"products oceanwp-row clr grid tablet-col tablet-2-col mobile-col mobile-2-col\">\r\n<li class=\"entry has-media col span_1_of_3 owp-content-center owp-thumbs-layout-vertical owp-btn-big owp-tabs-layout-vertical circle-sale product type-product post-25215 status-publish first instock product_cat-baby-boy-jacket-coat product_cat-baby-jacket-coat product_cat-boy-jacket-coat product_cat-child-jacket-coat product_cat-clothing has-post-thumbnail taxable shipping-taxable purchasable product-type-variable has-default-attributes\">\n\t<div class=\"product-inner clr\">\n\t<div class=\"woo-entry-image-swap woo-entry-image clr\">\n\t\t<a href=\"https:\/\/voyagedelabaleine.fr\/en\/product\/baby-boys-trench-coat-style-jacket-beige\/\" class=\"woocommerce-LoopProduct-link\"><img decoding=\"async\" width=\"600\" height=\"800\" src=\"https:\/\/voyagedelabaleine.fr\/wp-content\/uploads\/2025\/07\/veste-bebe-garcon-trench-beige-600x800.jpg\" class=\"woo-entry-image-main\" alt=\"Baby Boy&#8217;s Trench Coat Style Jacket &#8211; Beige\" itemprop=\"image\" srcset=\"https:\/\/voyagedelabaleine.fr\/wp-content\/uploads\/2025\/07\/veste-bebe-garcon-trench-beige-600x800.jpg 600w, https:\/\/voyagedelabaleine.fr\/wp-content\/uploads\/2025\/07\/veste-bebe-garcon-trench-beige-225x300.jpg 225w, https:\/\/voyagedelabaleine.fr\/wp-content\/uploads\/2025\/07\/veste-bebe-garcon-trench-beige-768x1024.jpg 768w, https:\/\/voyagedelabaleine.fr\/wp-content\/uploads\/2025\/07\/veste-bebe-garcon-trench-beige-1152x1536.jpg 1152w, https:\/\/voyagedelabaleine.fr\/wp-content\/uploads\/2025\/07\/veste-bebe-garcon-trench-beige.jpg 1200w\" sizes=\"(max-width: 600px) 100vw, 600px\" \/><img decoding=\"async\" width=\"600\" height=\"800\" src=\"https:\/\/voyagedelabaleine.fr\/wp-content\/uploads\/2025\/07\/manteau-bebe-garcon-trench-coat-600x800.jpg\" class=\"woo-entry-image-secondary\" alt=\"Baby Boy&#8217;s Trench Coat Style Jacket &#8211; Beige\" itemprop=\"image\" srcset=\"https:\/\/voyagedelabaleine.fr\/wp-content\/uploads\/2025\/07\/manteau-bebe-garcon-trench-coat-600x800.jpg 600w, https:\/\/voyagedelabaleine.fr\/wp-content\/uploads\/2025\/07\/manteau-bebe-garcon-trench-coat-225x300.jpg 225w, https:\/\/voyagedelabaleine.fr\/wp-content\/uploads\/2025\/07\/manteau-bebe-garcon-trench-coat-768x1024.jpg 768w, https:\/\/voyagedelabaleine.fr\/wp-content\/uploads\/2025\/07\/manteau-bebe-garcon-trench-coat-1152x1536.jpg 1152w, https:\/\/voyagedelabaleine.fr\/wp-content\/uploads\/2025\/07\/manteau-bebe-garcon-trench-coat.jpg 1200w\" sizes=\"(max-width: 600px) 100vw, 600px\" \/><\/a>\t<\/div><!-- .woo-entry-image-swap -->\n\n<ul class=\"woo-entry-inner clr\"><li class=\"image-wrap\">\n\t<div class=\"woo-entry-image-swap woo-entry-image clr\">\n\t\t<a href=\"https:\/\/voyagedelabaleine.fr\/en\/product\/baby-boys-trench-coat-style-jacket-beige\/\" class=\"woocommerce-LoopProduct-link\"><img decoding=\"async\" width=\"600\" height=\"800\" src=\"https:\/\/voyagedelabaleine.fr\/wp-content\/uploads\/2025\/07\/veste-bebe-garcon-trench-beige-600x800.jpg\" class=\"woo-entry-image-main\" alt=\"Baby Boy&#8217;s Trench Coat Style Jacket &#8211; Beige\" itemprop=\"image\" srcset=\"https:\/\/voyagedelabaleine.fr\/wp-content\/uploads\/2025\/07\/veste-bebe-garcon-trench-beige-600x800.jpg 600w, https:\/\/voyagedelabaleine.fr\/wp-content\/uploads\/2025\/07\/veste-bebe-garcon-trench-beige-225x300.jpg 225w, https:\/\/voyagedelabaleine.fr\/wp-content\/uploads\/2025\/07\/veste-bebe-garcon-trench-beige-768x1024.jpg 768w, https:\/\/voyagedelabaleine.fr\/wp-content\/uploads\/2025\/07\/veste-bebe-garcon-trench-beige-1152x1536.jpg 1152w, https:\/\/voyagedelabaleine.fr\/wp-content\/uploads\/2025\/07\/veste-bebe-garcon-trench-beige.jpg 1200w\" sizes=\"(max-width: 600px) 100vw, 600px\" \/><img decoding=\"async\" width=\"600\" height=\"800\" src=\"https:\/\/voyagedelabaleine.fr\/wp-content\/uploads\/2025\/07\/manteau-bebe-garcon-trench-coat-600x800.jpg\" class=\"woo-entry-image-secondary\" alt=\"Baby Boy&#8217;s Trench Coat Style Jacket &#8211; Beige\" itemprop=\"image\" srcset=\"https:\/\/voyagedelabaleine.fr\/wp-content\/uploads\/2025\/07\/manteau-bebe-garcon-trench-coat-600x800.jpg 600w, https:\/\/voyagedelabaleine.fr\/wp-content\/uploads\/2025\/07\/manteau-bebe-garcon-trench-coat-225x300.jpg 225w, https:\/\/voyagedelabaleine.fr\/wp-content\/uploads\/2025\/07\/manteau-bebe-garcon-trench-coat-768x1024.jpg 768w, https:\/\/voyagedelabaleine.fr\/wp-content\/uploads\/2025\/07\/manteau-bebe-garcon-trench-coat-1152x1536.jpg 1152w, https:\/\/voyagedelabaleine.fr\/wp-content\/uploads\/2025\/07\/manteau-bebe-garcon-trench-coat.jpg 1200w\" sizes=\"(max-width: 600px) 100vw, 600px\" \/><\/a>\t<\/div><!-- .woo-entry-image-swap -->\n\n<\/li><li class=\"title\"><h2><a href=\"https:\/\/voyagedelabaleine.fr\/en\/product\/baby-boys-trench-coat-style-jacket-beige\/\">Baby Boy&#8217;s Trench Coat Style Jacket &#8211; Beige<\/a><\/h2><\/li><li class=\"price-wrap\">\n\t<span class=\"price\"><span class=\"woocommerce-Price-amount amount\"><bdi>86<span class=\"woocommerce-Price-currencySymbol\">&euro;<\/span><\/bdi><\/span><\/span>\n<\/li><\/ul><\/div><!-- .product-inner .clr --><\/li>\n<li class=\"entry has-media col span_1_of_3 owp-content-center owp-thumbs-layout-vertical owp-btn-big owp-tabs-layout-vertical circle-sale product type-product post-24571 status-publish instock product_cat-baby-boy-sweater-vest-cardigan product_cat-baby-girl-sweater-vest-cardigan product_cat-baby-sweater-vest-cardigan product_cat-boy-sweater-vest-cardigan product_cat-chatgpt-a-dit-newborn-sweaters-cardigans-and-vests product_cat-child-sweater-vest-cardigan product_cat-clothing product_cat-girl-sweater-vest-cardigan product_cat-newborn-boy-sweaters-cardigans-knitwear product_cat-newborn-girl-sweaters-cardigans-knitwear has-post-thumbnail taxable shipping-taxable purchasable product-type-variable has-default-attributes\">\n\t<div class=\"product-inner clr\">\n\t<div class=\"woo-entry-image-swap woo-entry-image clr\">\n\t\t<a href=\"https:\/\/voyagedelabaleine.fr\/en\/product\/baby-wool-sweater-with-fir-tree-pattern-beige\/\" class=\"woocommerce-LoopProduct-link\"><img decoding=\"async\" width=\"600\" height=\"800\" src=\"https:\/\/voyagedelabaleine.fr\/wp-content\/uploads\/2025\/07\/pull-bebe-beige-motif-sapins-600x800.jpg\" class=\"woo-entry-image-main\" alt=\"Baby wool sweater with fir tree pattern &#8211; Beige\" itemprop=\"image\" srcset=\"https:\/\/voyagedelabaleine.fr\/wp-content\/uploads\/2025\/07\/pull-bebe-beige-motif-sapins-600x800.jpg 600w, https:\/\/voyagedelabaleine.fr\/wp-content\/uploads\/2025\/07\/pull-bebe-beige-motif-sapins-225x300.jpg 225w, https:\/\/voyagedelabaleine.fr\/wp-content\/uploads\/2025\/07\/pull-bebe-beige-motif-sapins-768x1024.jpg 768w, https:\/\/voyagedelabaleine.fr\/wp-content\/uploads\/2025\/07\/pull-bebe-beige-motif-sapins.jpg 1100w\" sizes=\"(max-width: 600px) 100vw, 600px\" \/><img decoding=\"async\" width=\"593\" height=\"791\" src=\"https:\/\/voyagedelabaleine.fr\/wp-content\/uploads\/2025\/07\/pull-bebe-laine-motif-sapins-1.jpg\" class=\"woo-entry-image-secondary\" alt=\"Baby wool sweater with fir tree pattern &#8211; Beige\" itemprop=\"image\" srcset=\"https:\/\/voyagedelabaleine.fr\/wp-content\/uploads\/2025\/07\/pull-bebe-laine-motif-sapins-1.jpg 593w, https:\/\/voyagedelabaleine.fr\/wp-content\/uploads\/2025\/07\/pull-bebe-laine-motif-sapins-1-225x300.jpg 225w\" sizes=\"(max-width: 593px) 100vw, 593px\" \/><\/a>\t<\/div><!-- .woo-entry-image-swap -->\n\n<ul class=\"woo-entry-inner clr\"><li class=\"image-wrap\">\n\t<div class=\"woo-entry-image-swap woo-entry-image clr\">\n\t\t<a href=\"https:\/\/voyagedelabaleine.fr\/en\/product\/baby-wool-sweater-with-fir-tree-pattern-beige\/\" class=\"woocommerce-LoopProduct-link\"><img decoding=\"async\" width=\"600\" height=\"800\" src=\"https:\/\/voyagedelabaleine.fr\/wp-content\/uploads\/2025\/07\/pull-bebe-beige-motif-sapins-600x800.jpg\" class=\"woo-entry-image-main\" alt=\"Baby wool sweater with fir tree pattern &#8211; Beige\" itemprop=\"image\" srcset=\"https:\/\/voyagedelabaleine.fr\/wp-content\/uploads\/2025\/07\/pull-bebe-beige-motif-sapins-600x800.jpg 600w, https:\/\/voyagedelabaleine.fr\/wp-content\/uploads\/2025\/07\/pull-bebe-beige-motif-sapins-225x300.jpg 225w, https:\/\/voyagedelabaleine.fr\/wp-content\/uploads\/2025\/07\/pull-bebe-beige-motif-sapins-768x1024.jpg 768w, https:\/\/voyagedelabaleine.fr\/wp-content\/uploads\/2025\/07\/pull-bebe-beige-motif-sapins.jpg 1100w\" sizes=\"(max-width: 600px) 100vw, 600px\" \/><img decoding=\"async\" width=\"593\" height=\"791\" src=\"https:\/\/voyagedelabaleine.fr\/wp-content\/uploads\/2025\/07\/pull-bebe-laine-motif-sapins-1.jpg\" class=\"woo-entry-image-secondary\" alt=\"Baby wool sweater with fir tree pattern &#8211; Beige\" itemprop=\"image\" srcset=\"https:\/\/voyagedelabaleine.fr\/wp-content\/uploads\/2025\/07\/pull-bebe-laine-motif-sapins-1.jpg 593w, https:\/\/voyagedelabaleine.fr\/wp-content\/uploads\/2025\/07\/pull-bebe-laine-motif-sapins-1-225x300.jpg 225w\" sizes=\"(max-width: 593px) 100vw, 593px\" \/><\/a>\t<\/div><!-- .woo-entry-image-swap -->\n\n<\/li><li class=\"title\"><h2><a href=\"https:\/\/voyagedelabaleine.fr\/en\/product\/baby-wool-sweater-with-fir-tree-pattern-beige\/\">Baby wool sweater with fir tree pattern &#8211; Beige<\/a><\/h2><\/li><li class=\"price-wrap\">\n\t<span class=\"price\"><span class=\"woocommerce-Price-amount amount\" aria-hidden=\"true\"><bdi>68<span class=\"woocommerce-Price-currencySymbol\">&euro;<\/span><\/bdi><\/span> <span aria-hidden=\"true\">&ndash;<\/span> <span class=\"woocommerce-Price-amount amount\" aria-hidden=\"true\"><bdi>74<span class=\"woocommerce-Price-currencySymbol\">&euro;<\/span><\/bdi><\/span><span class=\"screen-reader-text\">Price range: 68&euro; through 74&euro;<\/span><\/span>\n<\/li><\/ul><\/div><!-- .product-inner .clr --><\/li>\n<li class=\"entry has-media col span_1_of_3 owp-content-center owp-thumbs-layout-vertical owp-btn-big owp-tabs-layout-vertical circle-sale product type-product post-25287 status-publish last instock product_cat-baby-bloomer-shorts-trousers product_cat-baby-boy-bloomer-shorts-trousers product_cat-baby-girl-bloomer-shorts-trousers product_cat-clothing product_cat-newborn-bloomer-shorts-and-pants product_cat-newborn-boy-bloomers-shorts-pants product_cat-newborn-girl-bloomers-shorts-pants has-post-thumbnail taxable shipping-taxable purchasable product-type-variable has-default-attributes\">\n\t<div class=\"product-inner clr\">\n\t<div class=\"woo-entry-image-swap woo-entry-image clr\">\n\t\t<a href=\"https:\/\/voyagedelabaleine.fr\/en\/product\/baby-corduroy-pants-bordeaux\/\" class=\"woocommerce-LoopProduct-link\"><img decoding=\"async\" width=\"600\" height=\"800\" src=\"https:\/\/voyagedelabaleine.fr\/wp-content\/uploads\/2025\/07\/pantalon-bebe-velours-cotele-bordeaux-3-1-600x800.jpg\" class=\"woo-entry-image-main\" alt=\"Baby Corduroy Pants &#8211; Bordeaux\" itemprop=\"image\" srcset=\"https:\/\/voyagedelabaleine.fr\/wp-content\/uploads\/2025\/07\/pantalon-bebe-velours-cotele-bordeaux-3-1-600x800.jpg 600w, https:\/\/voyagedelabaleine.fr\/wp-content\/uploads\/2025\/07\/pantalon-bebe-velours-cotele-bordeaux-3-1-225x300.jpg 225w, https:\/\/voyagedelabaleine.fr\/wp-content\/uploads\/2025\/07\/pantalon-bebe-velours-cotele-bordeaux-3-1-768x1024.jpg 768w, https:\/\/voyagedelabaleine.fr\/wp-content\/uploads\/2025\/07\/pantalon-bebe-velours-cotele-bordeaux-3-1-1152x1536.jpg 1152w, https:\/\/voyagedelabaleine.fr\/wp-content\/uploads\/2025\/07\/pantalon-bebe-velours-cotele-bordeaux-3-1.jpg 1200w\" sizes=\"(max-width: 600px) 100vw, 600px\" \/><img decoding=\"async\" width=\"600\" height=\"800\" src=\"https:\/\/voyagedelabaleine.fr\/wp-content\/uploads\/2025\/07\/pantalon-bebe-velours-cotele-bordeaux-3-600x800.jpg\" class=\"woo-entry-image-secondary\" alt=\"Baby Corduroy Pants &#8211; Bordeaux\" itemprop=\"image\" srcset=\"https:\/\/voyagedelabaleine.fr\/wp-content\/uploads\/2025\/07\/pantalon-bebe-velours-cotele-bordeaux-3-600x800.jpg 600w, https:\/\/voyagedelabaleine.fr\/wp-content\/uploads\/2025\/07\/pantalon-bebe-velours-cotele-bordeaux-3-225x300.jpg 225w, https:\/\/voyagedelabaleine.fr\/wp-content\/uploads\/2025\/07\/pantalon-bebe-velours-cotele-bordeaux-3-768x1024.jpg 768w, https:\/\/voyagedelabaleine.fr\/wp-content\/uploads\/2025\/07\/pantalon-bebe-velours-cotele-bordeaux-3-1152x1536.jpg 1152w, https:\/\/voyagedelabaleine.fr\/wp-content\/uploads\/2025\/07\/pantalon-bebe-velours-cotele-bordeaux-3.jpg 1200w\" sizes=\"(max-width: 600px) 100vw, 600px\" \/><\/a>\t<\/div><!-- .woo-entry-image-swap -->\n\n<ul class=\"woo-entry-inner clr\"><li class=\"image-wrap\">\n\t<div class=\"woo-entry-image-swap woo-entry-image clr\">\n\t\t<a href=\"https:\/\/voyagedelabaleine.fr\/en\/product\/baby-corduroy-pants-bordeaux\/\" class=\"woocommerce-LoopProduct-link\"><img decoding=\"async\" width=\"600\" height=\"800\" src=\"https:\/\/voyagedelabaleine.fr\/wp-content\/uploads\/2025\/07\/pantalon-bebe-velours-cotele-bordeaux-3-1-600x800.jpg\" class=\"woo-entry-image-main\" alt=\"Baby Corduroy Pants &#8211; Bordeaux\" itemprop=\"image\" srcset=\"https:\/\/voyagedelabaleine.fr\/wp-content\/uploads\/2025\/07\/pantalon-bebe-velours-cotele-bordeaux-3-1-600x800.jpg 600w, https:\/\/voyagedelabaleine.fr\/wp-content\/uploads\/2025\/07\/pantalon-bebe-velours-cotele-bordeaux-3-1-225x300.jpg 225w, https:\/\/voyagedelabaleine.fr\/wp-content\/uploads\/2025\/07\/pantalon-bebe-velours-cotele-bordeaux-3-1-768x1024.jpg 768w, https:\/\/voyagedelabaleine.fr\/wp-content\/uploads\/2025\/07\/pantalon-bebe-velours-cotele-bordeaux-3-1-1152x1536.jpg 1152w, https:\/\/voyagedelabaleine.fr\/wp-content\/uploads\/2025\/07\/pantalon-bebe-velours-cotele-bordeaux-3-1.jpg 1200w\" sizes=\"(max-width: 600px) 100vw, 600px\" \/><img decoding=\"async\" width=\"600\" height=\"800\" src=\"https:\/\/voyagedelabaleine.fr\/wp-content\/uploads\/2025\/07\/pantalon-bebe-velours-cotele-bordeaux-3-600x800.jpg\" class=\"woo-entry-image-secondary\" alt=\"Baby Corduroy Pants &#8211; Bordeaux\" itemprop=\"image\" srcset=\"https:\/\/voyagedelabaleine.fr\/wp-content\/uploads\/2025\/07\/pantalon-bebe-velours-cotele-bordeaux-3-600x800.jpg 600w, https:\/\/voyagedelabaleine.fr\/wp-content\/uploads\/2025\/07\/pantalon-bebe-velours-cotele-bordeaux-3-225x300.jpg 225w, https:\/\/voyagedelabaleine.fr\/wp-content\/uploads\/2025\/07\/pantalon-bebe-velours-cotele-bordeaux-3-768x1024.jpg 768w, https:\/\/voyagedelabaleine.fr\/wp-content\/uploads\/2025\/07\/pantalon-bebe-velours-cotele-bordeaux-3-1152x1536.jpg 1152w, https:\/\/voyagedelabaleine.fr\/wp-content\/uploads\/2025\/07\/pantalon-bebe-velours-cotele-bordeaux-3.jpg 1200w\" sizes=\"(max-width: 600px) 100vw, 600px\" \/><\/a>\t<\/div><!-- .woo-entry-image-swap -->\n\n<\/li><li class=\"title\"><h2><a href=\"https:\/\/voyagedelabaleine.fr\/en\/product\/baby-corduroy-pants-bordeaux\/\">Baby Corduroy Pants &#8211; Bordeaux<\/a><\/h2><\/li><li class=\"price-wrap\">\n\t<span class=\"price\"><span class=\"woocommerce-Price-amount amount\"><bdi>38<span class=\"woocommerce-Price-currencySymbol\">&euro;<\/span><\/bdi><\/span><\/span>\n<\/li><\/ul><\/div><!-- .product-inner .clr --><\/li>\n<\/ul>\n<\/div><\/div>\n\t\t\t\t\t\t<\/div>\n\t\t\t\t<\/div>\n\t\t<div class=\"elementor-element elementor-element-20cd0dd e-con-full e-flex e-con e-parent\" data-id=\"20cd0dd\" data-element_type=\"container\" data-e-type=\"container\">\n\t\t\t\t<div class=\"elementor-element elementor-element-c03ff4e elementor-widget-divider--separator-type-pattern elementor-widget-divider--view-line elementor-widget elementor-widget-divider\" data-id=\"c03ff4e\" data-element_type=\"widget\" data-e-type=\"widget\" data-widget_type=\"divider.default\">\n\t\t\t\t\t\t\t<div class=\"elementor-divider\" style=\"--divider-pattern-url: url(&quot;data:image\/svg+xml,%3Csvg xmlns=&#039;http:\/\/www.w3.org\/2000\/svg&#039; preserveAspectRatio=&#039;none&#039; overflow=&#039;visible&#039; height=&#039;100%&#039; viewBox=&#039;0 0 24 24&#039; fill=&#039;black&#039; stroke=&#039;none&#039;%3E%3Cpath d=&#039;M12.7,2.3c-0.4-0.4-1.1-0.4-1.5,0l-8,9.1c-0.3,0.4-0.3,0.9,0,1.2l8,9.1c0.4,0.4,1.1,0.4,1.5,0l8-9.1c0.3-0.4,0.3-0.9,0-1.2L12.7,2.3z&#039;\/%3E%3C\/svg%3E&quot;);\">\n\t\t\t<span class=\"elementor-divider-separator\">\n\t\t\t\t\t\t<\/span>\n\t\t<\/div>\n\t\t\t\t\t\t<\/div>\n\t\t\t\t<div class=\"elementor-element elementor-element-f10e242 elementor-widget elementor-widget-heading\" data-id=\"f10e242\" data-element_type=\"widget\" data-e-type=\"widget\" data-widget_type=\"heading.default\">\n\t\t\t\t\t<h2 class=\"elementor-heading-title elementor-size-default\">Shared joy: brother &amp; sister matching sets<\/h2>\t\t\t\t<\/div>\n\t\t\t\t<\/div>\n\t\t<div class=\"elementor-element elementor-element-8a1acce e-con-full e-flex e-con e-parent\" data-id=\"8a1acce\" data-element_type=\"container\" data-e-type=\"container\">\n\t\t\t\t<div class=\"elementor-element elementor-element-5a0d052 elementor-widget__width-inherit elementor-widget-mobile__width-inherit elementor-widget elementor-widget-shortcode\" data-id=\"5a0d052\" data-element_type=\"widget\" data-e-type=\"widget\" data-widget_type=\"shortcode.default\">\n\t\t\t\t\t\t\t<div class=\"elementor-shortcode\"><div class=\"woocommerce columns-2 \">\r\n<ul class=\"products oceanwp-row clr grid tablet-col tablet-2-col mobile-col mobile-2-col\">\r\n<li class=\"entry has-media col span_1_of_2 owp-content-center owp-thumbs-layout-vertical owp-btn-big owp-tabs-layout-vertical circle-sale product type-product post-24875 status-publish first instock product_cat-baby-bloomer-shorts-trousers product_cat-baby-dress product_cat-baby-girl product_cat-baby-girl-bloomer-shorts-trousers product_cat-baby-girl-newborn-dress product_cat-baby-girl-outfits product_cat-baby-outfits product_cat-clothing product_cat-newborn-bloomer-shorts-and-pants product_cat-newborn-girl product_cat-newborn-girl-bloomers-shorts-pants product_cat-newborn-girl-outfits product_cat-newborn-outfits has-post-thumbnail taxable shipping-taxable purchasable product-type-variable has-default-attributes\">\n\t<div class=\"product-inner clr\">\n\t<div class=\"woo-entry-image-swap woo-entry-image clr\">\n\t\t<a href=\"https:\/\/voyagedelabaleine.fr\/en\/product\/plaid-dress-and-bloomer-set-red\/\" class=\"woocommerce-LoopProduct-link\"><img decoding=\"async\" width=\"600\" height=\"800\" src=\"https:\/\/voyagedelabaleine.fr\/wp-content\/uploads\/2025\/07\/ensemble-robe-bloomer-ecossais-600x800.jpg\" class=\"woo-entry-image-main\" alt=\"Plaid Dress and Bloomer Set &#8211; Red\" itemprop=\"image\" srcset=\"https:\/\/voyagedelabaleine.fr\/wp-content\/uploads\/2025\/07\/ensemble-robe-bloomer-ecossais-600x800.jpg 600w, https:\/\/voyagedelabaleine.fr\/wp-content\/uploads\/2025\/07\/ensemble-robe-bloomer-ecossais-225x300.jpg 225w, https:\/\/voyagedelabaleine.fr\/wp-content\/uploads\/2025\/07\/ensemble-robe-bloomer-ecossais-768x1024.jpg 768w, https:\/\/voyagedelabaleine.fr\/wp-content\/uploads\/2025\/07\/ensemble-robe-bloomer-ecossais.jpg 1100w\" sizes=\"(max-width: 600px) 100vw, 600px\" \/><img decoding=\"async\" width=\"600\" height=\"800\" src=\"https:\/\/voyagedelabaleine.fr\/wp-content\/uploads\/2025\/07\/ensemble-robe-bloomer-ecossais-2-600x800.jpg\" class=\"woo-entry-image-secondary\" alt=\"Plaid Dress and Bloomer Set &#8211; Red\" itemprop=\"image\" srcset=\"https:\/\/voyagedelabaleine.fr\/wp-content\/uploads\/2025\/07\/ensemble-robe-bloomer-ecossais-2-600x800.jpg 600w, https:\/\/voyagedelabaleine.fr\/wp-content\/uploads\/2025\/07\/ensemble-robe-bloomer-ecossais-2-225x300.jpg 225w, https:\/\/voyagedelabaleine.fr\/wp-content\/uploads\/2025\/07\/ensemble-robe-bloomer-ecossais-2-768x1024.jpg 768w, https:\/\/voyagedelabaleine.fr\/wp-content\/uploads\/2025\/07\/ensemble-robe-bloomer-ecossais-2.jpg 850w\" sizes=\"(max-width: 600px) 100vw, 600px\" \/><\/a>\t<\/div><!-- .woo-entry-image-swap -->\n\n<ul class=\"woo-entry-inner clr\"><li class=\"image-wrap\">\n\t<div class=\"woo-entry-image-swap woo-entry-image clr\">\n\t\t<a href=\"https:\/\/voyagedelabaleine.fr\/en\/product\/plaid-dress-and-bloomer-set-red\/\" class=\"woocommerce-LoopProduct-link\"><img decoding=\"async\" width=\"600\" height=\"800\" src=\"https:\/\/voyagedelabaleine.fr\/wp-content\/uploads\/2025\/07\/ensemble-robe-bloomer-ecossais-600x800.jpg\" class=\"woo-entry-image-main\" alt=\"Plaid Dress and Bloomer Set &#8211; Red\" itemprop=\"image\" srcset=\"https:\/\/voyagedelabaleine.fr\/wp-content\/uploads\/2025\/07\/ensemble-robe-bloomer-ecossais-600x800.jpg 600w, https:\/\/voyagedelabaleine.fr\/wp-content\/uploads\/2025\/07\/ensemble-robe-bloomer-ecossais-225x300.jpg 225w, https:\/\/voyagedelabaleine.fr\/wp-content\/uploads\/2025\/07\/ensemble-robe-bloomer-ecossais-768x1024.jpg 768w, https:\/\/voyagedelabaleine.fr\/wp-content\/uploads\/2025\/07\/ensemble-robe-bloomer-ecossais.jpg 1100w\" sizes=\"(max-width: 600px) 100vw, 600px\" \/><img decoding=\"async\" width=\"600\" height=\"800\" src=\"https:\/\/voyagedelabaleine.fr\/wp-content\/uploads\/2025\/07\/ensemble-robe-bloomer-ecossais-2-600x800.jpg\" class=\"woo-entry-image-secondary\" alt=\"Plaid Dress and Bloomer Set &#8211; Red\" itemprop=\"image\" srcset=\"https:\/\/voyagedelabaleine.fr\/wp-content\/uploads\/2025\/07\/ensemble-robe-bloomer-ecossais-2-600x800.jpg 600w, https:\/\/voyagedelabaleine.fr\/wp-content\/uploads\/2025\/07\/ensemble-robe-bloomer-ecossais-2-225x300.jpg 225w, https:\/\/voyagedelabaleine.fr\/wp-content\/uploads\/2025\/07\/ensemble-robe-bloomer-ecossais-2-768x1024.jpg 768w, https:\/\/voyagedelabaleine.fr\/wp-content\/uploads\/2025\/07\/ensemble-robe-bloomer-ecossais-2.jpg 850w\" sizes=\"(max-width: 600px) 100vw, 600px\" \/><\/a>\t<\/div><!-- .woo-entry-image-swap -->\n\n<\/li><li class=\"title\"><h2><a href=\"https:\/\/voyagedelabaleine.fr\/en\/product\/plaid-dress-and-bloomer-set-red\/\">Plaid Dress and Bloomer Set &#8211; Red<\/a><\/h2><\/li><li class=\"price-wrap\">\n\t<span class=\"price\"><span class=\"woocommerce-Price-amount amount\"><bdi>82<span class=\"woocommerce-Price-currencySymbol\">&euro;<\/span><\/bdi><\/span><\/span>\n<\/li><\/ul><\/div><!-- .product-inner .clr --><\/li>\n<li class=\"entry has-media has-rating col span_1_of_2 owp-content-center owp-thumbs-layout-vertical owp-btn-big owp-tabs-layout-vertical circle-sale product type-product post-24882 status-publish last instock product_cat-baby-bloomer-shorts-trousers product_cat-baby-boy-bloomer-shorts-trousers product_cat-clothing product_cat-newborn-bloomer-shorts-and-pants product_cat-newborn-boy-bloomers-shorts-pants has-post-thumbnail taxable shipping-taxable purchasable product-type-variable has-default-attributes\">\n\t<div class=\"product-inner clr\">\n\t<div class=\"woo-entry-image-swap woo-entry-image clr\">\n\t\t<a href=\"https:\/\/voyagedelabaleine.fr\/en\/product\/plaid-baby-boy-bloomer-with-suspenders-red\/\" class=\"woocommerce-LoopProduct-link\"><img decoding=\"async\" width=\"600\" height=\"800\" src=\"https:\/\/voyagedelabaleine.fr\/wp-content\/uploads\/2025\/07\/bloomer-bebe-garcon-ecossais-bretelles-600x800.jpg\" class=\"woo-entry-image-main\" alt=\"Plaid baby boy bloomer with suspenders &#8211; Red\" itemprop=\"image\" srcset=\"https:\/\/voyagedelabaleine.fr\/wp-content\/uploads\/2025\/07\/bloomer-bebe-garcon-ecossais-bretelles-600x800.jpg 600w, https:\/\/voyagedelabaleine.fr\/wp-content\/uploads\/2025\/07\/bloomer-bebe-garcon-ecossais-bretelles-225x300.jpg 225w, https:\/\/voyagedelabaleine.fr\/wp-content\/uploads\/2025\/07\/bloomer-bebe-garcon-ecossais-bretelles-768x1024.jpg 768w, https:\/\/voyagedelabaleine.fr\/wp-content\/uploads\/2025\/07\/bloomer-bebe-garcon-ecossais-bretelles.jpg 1100w\" sizes=\"(max-width: 600px) 100vw, 600px\" \/><img decoding=\"async\" width=\"600\" height=\"800\" src=\"https:\/\/voyagedelabaleine.fr\/wp-content\/uploads\/2025\/07\/bloomer-bebe-garcon-ecossais-bretelles-1-600x800.jpg\" class=\"woo-entry-image-secondary\" alt=\"Plaid baby boy bloomer with suspenders &#8211; Red\" itemprop=\"image\" srcset=\"https:\/\/voyagedelabaleine.fr\/wp-content\/uploads\/2025\/07\/bloomer-bebe-garcon-ecossais-bretelles-1-600x800.jpg 600w, https:\/\/voyagedelabaleine.fr\/wp-content\/uploads\/2025\/07\/bloomer-bebe-garcon-ecossais-bretelles-1-225x300.jpg 225w, https:\/\/voyagedelabaleine.fr\/wp-content\/uploads\/2025\/07\/bloomer-bebe-garcon-ecossais-bretelles-1-768x1024.jpg 768w, https:\/\/voyagedelabaleine.fr\/wp-content\/uploads\/2025\/07\/bloomer-bebe-garcon-ecossais-bretelles-1.jpg 900w\" sizes=\"(max-width: 600px) 100vw, 600px\" \/><\/a>\t<\/div><!-- .woo-entry-image-swap -->\n\n<ul class=\"woo-entry-inner clr\"><li class=\"image-wrap\">\n\t<div class=\"woo-entry-image-swap woo-entry-image clr\">\n\t\t<a href=\"https:\/\/voyagedelabaleine.fr\/en\/product\/plaid-baby-boy-bloomer-with-suspenders-red\/\" class=\"woocommerce-LoopProduct-link\"><img decoding=\"async\" width=\"600\" height=\"800\" src=\"https:\/\/voyagedelabaleine.fr\/wp-content\/uploads\/2025\/07\/bloomer-bebe-garcon-ecossais-bretelles-600x800.jpg\" class=\"woo-entry-image-main\" alt=\"Plaid baby boy bloomer with suspenders &#8211; Red\" itemprop=\"image\" srcset=\"https:\/\/voyagedelabaleine.fr\/wp-content\/uploads\/2025\/07\/bloomer-bebe-garcon-ecossais-bretelles-600x800.jpg 600w, https:\/\/voyagedelabaleine.fr\/wp-content\/uploads\/2025\/07\/bloomer-bebe-garcon-ecossais-bretelles-225x300.jpg 225w, https:\/\/voyagedelabaleine.fr\/wp-content\/uploads\/2025\/07\/bloomer-bebe-garcon-ecossais-bretelles-768x1024.jpg 768w, https:\/\/voyagedelabaleine.fr\/wp-content\/uploads\/2025\/07\/bloomer-bebe-garcon-ecossais-bretelles.jpg 1100w\" sizes=\"(max-width: 600px) 100vw, 600px\" \/><img decoding=\"async\" width=\"600\" height=\"800\" src=\"https:\/\/voyagedelabaleine.fr\/wp-content\/uploads\/2025\/07\/bloomer-bebe-garcon-ecossais-bretelles-1-600x800.jpg\" class=\"woo-entry-image-secondary\" alt=\"Plaid baby boy bloomer with suspenders &#8211; Red\" itemprop=\"image\" srcset=\"https:\/\/voyagedelabaleine.fr\/wp-content\/uploads\/2025\/07\/bloomer-bebe-garcon-ecossais-bretelles-1-600x800.jpg 600w, https:\/\/voyagedelabaleine.fr\/wp-content\/uploads\/2025\/07\/bloomer-bebe-garcon-ecossais-bretelles-1-225x300.jpg 225w, https:\/\/voyagedelabaleine.fr\/wp-content\/uploads\/2025\/07\/bloomer-bebe-garcon-ecossais-bretelles-1-768x1024.jpg 768w, https:\/\/voyagedelabaleine.fr\/wp-content\/uploads\/2025\/07\/bloomer-bebe-garcon-ecossais-bretelles-1.jpg 900w\" sizes=\"(max-width: 600px) 100vw, 600px\" \/><\/a>\t<\/div><!-- .woo-entry-image-swap -->\n\n<\/li><li class=\"title\"><h2><a href=\"https:\/\/voyagedelabaleine.fr\/en\/product\/plaid-baby-boy-bloomer-with-suspenders-red\/\">Plaid baby boy bloomer with suspenders &#8211; Red<\/a><\/h2><\/li><li class=\"price-wrap\">\n\t<span class=\"price\"><span class=\"woocommerce-Price-amount amount\"><bdi>48<span class=\"woocommerce-Price-currencySymbol\">&euro;<\/span><\/bdi><\/span><\/span>\n<\/li><\/ul><\/div><!-- .product-inner .clr --><\/li>\n<\/ul>\n<\/div><\/div>\n\t\t\t\t\t\t<\/div>\n\t\t\t\t<\/div>\n\t\t<div class=\"elementor-element elementor-element-5ca8ed7 e-con-full e-flex e-con e-parent\" data-id=\"5ca8ed7\" data-element_type=\"container\" data-e-type=\"container\">\n\t\t\t\t<div class=\"elementor-element elementor-element-fa28553 elementor-widget-divider--separator-type-pattern elementor-widget-divider--view-line elementor-widget elementor-widget-divider\" data-id=\"fa28553\" data-element_type=\"widget\" data-e-type=\"widget\" data-widget_type=\"divider.default\">\n\t\t\t\t\t\t\t<div class=\"elementor-divider\" style=\"--divider-pattern-url: url(&quot;data:image\/svg+xml,%3Csvg xmlns=&#039;http:\/\/www.w3.org\/2000\/svg&#039; preserveAspectRatio=&#039;none&#039; overflow=&#039;visible&#039; height=&#039;100%&#039; viewBox=&#039;0 0 24 24&#039; fill=&#039;black&#039; stroke=&#039;none&#039;%3E%3Cpath d=&#039;M12.7,2.3c-0.4-0.4-1.1-0.4-1.5,0l-8,9.1c-0.3,0.4-0.3,0.9,0,1.2l8,9.1c0.4,0.4,1.1,0.4,1.5,0l8-9.1c0.3-0.4,0.3-0.9,0-1.2L12.7,2.3z&#039;\/%3E%3C\/svg%3E&quot;);\">\n\t\t\t<span class=\"elementor-divider-separator\">\n\t\t\t\t\t\t<\/span>\n\t\t<\/div>\n\t\t\t\t\t\t<\/div>\n\t\t\t\t<div class=\"elementor-element elementor-element-b8dbfa3 elementor-widget elementor-widget-heading\" data-id=\"b8dbfa3\" data-element_type=\"widget\" data-e-type=\"widget\" data-widget_type=\"heading.default\">\n\t\t\t\t\t<h2 class=\"elementor-heading-title elementor-size-default\">Wool &amp; tartan: chic warmth<\/h2>\t\t\t\t<\/div>\n\t\t\t\t<\/div>\n\t\t<div class=\"elementor-element elementor-element-5136d33 e-con-full e-flex e-con e-parent\" data-id=\"5136d33\" data-element_type=\"container\" data-e-type=\"container\">\n\t\t\t\t<div class=\"elementor-element elementor-element-146a34b elementor-widget__width-inherit elementor-widget-mobile__width-inherit elementor-widget elementor-widget-shortcode\" data-id=\"146a34b\" data-element_type=\"widget\" data-e-type=\"widget\" data-widget_type=\"shortcode.default\">\n\t\t\t\t\t\t\t<div class=\"elementor-shortcode\"><div class=\"woocommerce columns-3 \">\r\n<ul class=\"products oceanwp-row clr grid tablet-col tablet-2-col mobile-col mobile-2-col\">\r\n<li class=\"entry has-media col span_1_of_3 owp-content-center owp-thumbs-layout-vertical owp-btn-big owp-tabs-layout-vertical circle-sale product type-product post-25277 status-publish first instock product_cat-baby-blouse-shirt product_cat-baby-boy-blouse-shirt product_cat-baby-girl-blouse-shirt product_cat-boy-blouse-shirt product_cat-child-blouse-shirt product_cat-clothing product_cat-girl-blouse-shirt product_cat-newborn-blouse-shirt product_cat-newborn-boy-blouses-shirts product_cat-newborn-girl-blouses-shirts has-post-thumbnail taxable shipping-taxable purchasable product-type-variable has-default-attributes\">\n\t<div class=\"product-inner clr\">\n\t<div class=\"woo-entry-image-swap woo-entry-image clr\">\n\t\t<a href=\"https:\/\/voyagedelabaleine.fr\/en\/product\/ecru-round-neck-baby-blouse-with-red-piping\/\" class=\"woocommerce-LoopProduct-link\"><img decoding=\"async\" width=\"600\" height=\"800\" src=\"https:\/\/voyagedelabaleine.fr\/wp-content\/uploads\/2025\/07\/blouse-bebe-col-rond-lisere-rouge-600x800.jpg\" class=\"woo-entry-image-main\" alt=\"Ecru Round-Neck Baby Blouse with Red Piping\" itemprop=\"image\" srcset=\"https:\/\/voyagedelabaleine.fr\/wp-content\/uploads\/2025\/07\/blouse-bebe-col-rond-lisere-rouge-600x800.jpg 600w, https:\/\/voyagedelabaleine.fr\/wp-content\/uploads\/2025\/07\/blouse-bebe-col-rond-lisere-rouge-225x300.jpg 225w, https:\/\/voyagedelabaleine.fr\/wp-content\/uploads\/2025\/07\/blouse-bebe-col-rond-lisere-rouge-768x1024.jpg 768w, https:\/\/voyagedelabaleine.fr\/wp-content\/uploads\/2025\/07\/blouse-bebe-col-rond-lisere-rouge-1152x1536.jpg 1152w, https:\/\/voyagedelabaleine.fr\/wp-content\/uploads\/2025\/07\/blouse-bebe-col-rond-lisere-rouge.jpg 1200w\" sizes=\"(max-width: 600px) 100vw, 600px\" \/><img decoding=\"async\" width=\"600\" height=\"800\" src=\"https:\/\/voyagedelabaleine.fr\/wp-content\/uploads\/2025\/07\/blouse-bebe-col-rond-lisere-rouge-2-600x800.jpg\" class=\"woo-entry-image-secondary\" alt=\"Ecru Round-Neck Baby Blouse with Red Piping\" itemprop=\"image\" srcset=\"https:\/\/voyagedelabaleine.fr\/wp-content\/uploads\/2025\/07\/blouse-bebe-col-rond-lisere-rouge-2-600x800.jpg 600w, https:\/\/voyagedelabaleine.fr\/wp-content\/uploads\/2025\/07\/blouse-bebe-col-rond-lisere-rouge-2-225x300.jpg 225w, https:\/\/voyagedelabaleine.fr\/wp-content\/uploads\/2025\/07\/blouse-bebe-col-rond-lisere-rouge-2-768x1024.jpg 768w, https:\/\/voyagedelabaleine.fr\/wp-content\/uploads\/2025\/07\/blouse-bebe-col-rond-lisere-rouge-2.jpg 956w\" sizes=\"(max-width: 600px) 100vw, 600px\" \/><\/a>\t<\/div><!-- .woo-entry-image-swap -->\n\n<ul class=\"woo-entry-inner clr\"><li class=\"image-wrap\">\n\t<div class=\"woo-entry-image-swap woo-entry-image clr\">\n\t\t<a href=\"https:\/\/voyagedelabaleine.fr\/en\/product\/ecru-round-neck-baby-blouse-with-red-piping\/\" class=\"woocommerce-LoopProduct-link\"><img decoding=\"async\" width=\"600\" height=\"800\" src=\"https:\/\/voyagedelabaleine.fr\/wp-content\/uploads\/2025\/07\/blouse-bebe-col-rond-lisere-rouge-600x800.jpg\" class=\"woo-entry-image-main\" alt=\"Ecru Round-Neck Baby Blouse with Red Piping\" itemprop=\"image\" srcset=\"https:\/\/voyagedelabaleine.fr\/wp-content\/uploads\/2025\/07\/blouse-bebe-col-rond-lisere-rouge-600x800.jpg 600w, https:\/\/voyagedelabaleine.fr\/wp-content\/uploads\/2025\/07\/blouse-bebe-col-rond-lisere-rouge-225x300.jpg 225w, https:\/\/voyagedelabaleine.fr\/wp-content\/uploads\/2025\/07\/blouse-bebe-col-rond-lisere-rouge-768x1024.jpg 768w, https:\/\/voyagedelabaleine.fr\/wp-content\/uploads\/2025\/07\/blouse-bebe-col-rond-lisere-rouge-1152x1536.jpg 1152w, https:\/\/voyagedelabaleine.fr\/wp-content\/uploads\/2025\/07\/blouse-bebe-col-rond-lisere-rouge.jpg 1200w\" sizes=\"(max-width: 600px) 100vw, 600px\" \/><img decoding=\"async\" width=\"600\" height=\"800\" src=\"https:\/\/voyagedelabaleine.fr\/wp-content\/uploads\/2025\/07\/blouse-bebe-col-rond-lisere-rouge-2-600x800.jpg\" class=\"woo-entry-image-secondary\" alt=\"Ecru Round-Neck Baby Blouse with Red Piping\" itemprop=\"image\" srcset=\"https:\/\/voyagedelabaleine.fr\/wp-content\/uploads\/2025\/07\/blouse-bebe-col-rond-lisere-rouge-2-600x800.jpg 600w, https:\/\/voyagedelabaleine.fr\/wp-content\/uploads\/2025\/07\/blouse-bebe-col-rond-lisere-rouge-2-225x300.jpg 225w, https:\/\/voyagedelabaleine.fr\/wp-content\/uploads\/2025\/07\/blouse-bebe-col-rond-lisere-rouge-2-768x1024.jpg 768w, https:\/\/voyagedelabaleine.fr\/wp-content\/uploads\/2025\/07\/blouse-bebe-col-rond-lisere-rouge-2.jpg 956w\" sizes=\"(max-width: 600px) 100vw, 600px\" \/><\/a>\t<\/div><!-- .woo-entry-image-swap -->\n\n<\/li><li class=\"title\"><h2><a href=\"https:\/\/voyagedelabaleine.fr\/en\/product\/ecru-round-neck-baby-blouse-with-red-piping\/\">Ecru Round-Neck Baby Blouse with Red Piping<\/a><\/h2><\/li><li class=\"price-wrap\">\n\t<span class=\"price\"><span class=\"woocommerce-Price-amount amount\"><bdi>44<span class=\"woocommerce-Price-currencySymbol\">&euro;<\/span><\/bdi><\/span><\/span>\n<\/li><\/ul><\/div><!-- .product-inner .clr --><\/li>\n<li class=\"entry has-media col span_1_of_3 owp-content-center owp-thumbs-layout-vertical owp-btn-big owp-tabs-layout-vertical circle-sale product type-product post-24888 status-publish instock product_cat-baby-bloomer-shorts-trousers product_cat-baby-boy-bloomer-shorts-trousers product_cat-baby-girl-bloomer-shorts-trousers product_cat-clothing product_cat-newborn-bloomer-shorts-and-pants product_cat-newborn-boy-bloomers-shorts-pants product_cat-newborn-girl-bloomers-shorts-pants has-post-thumbnail taxable shipping-taxable purchasable product-type-variable has-default-attributes\">\n\t<div class=\"product-inner clr\">\n\t<div class=\"woo-entry-image-swap woo-entry-image clr\">\n\t\t<a href=\"https:\/\/voyagedelabaleine.fr\/en\/product\/plaid-wool-baby-bloomer-red\/\" class=\"woocommerce-LoopProduct-link\"><img decoding=\"async\" width=\"600\" height=\"800\" src=\"https:\/\/voyagedelabaleine.fr\/wp-content\/uploads\/2025\/07\/bloomer-bebe-ecossais-laine-1-1-600x800.jpg\" class=\"woo-entry-image-main\" alt=\"Plaid Wool Baby Bloomer \u2013 Red\" itemprop=\"image\" srcset=\"https:\/\/voyagedelabaleine.fr\/wp-content\/uploads\/2025\/07\/bloomer-bebe-ecossais-laine-1-1-600x800.jpg 600w, https:\/\/voyagedelabaleine.fr\/wp-content\/uploads\/2025\/07\/bloomer-bebe-ecossais-laine-1-1-225x300.jpg 225w, https:\/\/voyagedelabaleine.fr\/wp-content\/uploads\/2025\/07\/bloomer-bebe-ecossais-laine-1-1-768x1024.jpg 768w, https:\/\/voyagedelabaleine.fr\/wp-content\/uploads\/2025\/07\/bloomer-bebe-ecossais-laine-1-1.jpg 964w\" sizes=\"(max-width: 600px) 100vw, 600px\" \/><img decoding=\"async\" width=\"600\" height=\"800\" src=\"https:\/\/voyagedelabaleine.fr\/wp-content\/uploads\/2025\/07\/bloomer-bebe-ecossais-laine-3-600x800.jpg\" class=\"woo-entry-image-secondary\" alt=\"Plaid Wool Baby Bloomer \u2013 Red\" itemprop=\"image\" srcset=\"https:\/\/voyagedelabaleine.fr\/wp-content\/uploads\/2025\/07\/bloomer-bebe-ecossais-laine-3-600x800.jpg 600w, https:\/\/voyagedelabaleine.fr\/wp-content\/uploads\/2025\/07\/bloomer-bebe-ecossais-laine-3-225x300.jpg 225w, https:\/\/voyagedelabaleine.fr\/wp-content\/uploads\/2025\/07\/bloomer-bebe-ecossais-laine-3-768x1024.jpg 768w, https:\/\/voyagedelabaleine.fr\/wp-content\/uploads\/2025\/07\/bloomer-bebe-ecossais-laine-3-1152x1536.jpg 1152w, https:\/\/voyagedelabaleine.fr\/wp-content\/uploads\/2025\/07\/bloomer-bebe-ecossais-laine-3.jpg 1200w\" sizes=\"(max-width: 600px) 100vw, 600px\" \/><\/a>\t<\/div><!-- .woo-entry-image-swap -->\n\n<ul class=\"woo-entry-inner clr\"><li class=\"image-wrap\">\n\t<div class=\"woo-entry-image-swap woo-entry-image clr\">\n\t\t<a href=\"https:\/\/voyagedelabaleine.fr\/en\/product\/plaid-wool-baby-bloomer-red\/\" class=\"woocommerce-LoopProduct-link\"><img decoding=\"async\" width=\"600\" height=\"800\" src=\"https:\/\/voyagedelabaleine.fr\/wp-content\/uploads\/2025\/07\/bloomer-bebe-ecossais-laine-1-1-600x800.jpg\" class=\"woo-entry-image-main\" alt=\"Plaid Wool Baby Bloomer \u2013 Red\" itemprop=\"image\" srcset=\"https:\/\/voyagedelabaleine.fr\/wp-content\/uploads\/2025\/07\/bloomer-bebe-ecossais-laine-1-1-600x800.jpg 600w, https:\/\/voyagedelabaleine.fr\/wp-content\/uploads\/2025\/07\/bloomer-bebe-ecossais-laine-1-1-225x300.jpg 225w, https:\/\/voyagedelabaleine.fr\/wp-content\/uploads\/2025\/07\/bloomer-bebe-ecossais-laine-1-1-768x1024.jpg 768w, https:\/\/voyagedelabaleine.fr\/wp-content\/uploads\/2025\/07\/bloomer-bebe-ecossais-laine-1-1.jpg 964w\" sizes=\"(max-width: 600px) 100vw, 600px\" \/><img decoding=\"async\" width=\"600\" height=\"800\" src=\"https:\/\/voyagedelabaleine.fr\/wp-content\/uploads\/2025\/07\/bloomer-bebe-ecossais-laine-3-600x800.jpg\" class=\"woo-entry-image-secondary\" alt=\"Plaid Wool Baby Bloomer \u2013 Red\" itemprop=\"image\" srcset=\"https:\/\/voyagedelabaleine.fr\/wp-content\/uploads\/2025\/07\/bloomer-bebe-ecossais-laine-3-600x800.jpg 600w, https:\/\/voyagedelabaleine.fr\/wp-content\/uploads\/2025\/07\/bloomer-bebe-ecossais-laine-3-225x300.jpg 225w, https:\/\/voyagedelabaleine.fr\/wp-content\/uploads\/2025\/07\/bloomer-bebe-ecossais-laine-3-768x1024.jpg 768w, https:\/\/voyagedelabaleine.fr\/wp-content\/uploads\/2025\/07\/bloomer-bebe-ecossais-laine-3-1152x1536.jpg 1152w, https:\/\/voyagedelabaleine.fr\/wp-content\/uploads\/2025\/07\/bloomer-bebe-ecossais-laine-3.jpg 1200w\" sizes=\"(max-width: 600px) 100vw, 600px\" \/><\/a>\t<\/div><!-- .woo-entry-image-swap -->\n\n<\/li><li class=\"title\"><h2><a href=\"https:\/\/voyagedelabaleine.fr\/en\/product\/plaid-wool-baby-bloomer-red\/\">Plaid Wool Baby Bloomer \u2013 Red<\/a><\/h2><\/li><li class=\"price-wrap\">\n\t<span class=\"price\"><span class=\"woocommerce-Price-amount amount\"><bdi>38<span class=\"woocommerce-Price-currencySymbol\">&euro;<\/span><\/bdi><\/span><\/span>\n<\/li><\/ul><\/div><!-- .product-inner .clr --><\/li>\n<li class=\"entry has-media has-rating col span_1_of_3 owp-content-center owp-thumbs-layout-vertical owp-btn-big owp-tabs-layout-vertical circle-sale product type-product post-26674 status-publish last instock product_cat-baby-and-child-socks-tights product_cat-baby-boy-socks-tights product_cat-baby-girl-socks-tights product_cat-boy-socks-tights product_cat-child-socks-tights product_cat-girl-socks-tights product_cat-newborn-boy-socks-tights product_cat-newborn-girl-socks-tights product_cat-newborn-socks-tights has-post-thumbnail taxable shipping-taxable purchasable product-type-variable has-default-attributes\">\n\t<div class=\"product-inner clr\">\n\t<div class=\"woo-entry-image-swap woo-entry-image clr\">\n\t\t<a href=\"https:\/\/voyagedelabaleine.fr\/en\/product\/merino-wool-tights-gray\/\" class=\"woocommerce-LoopProduct-link\"><img decoding=\"async\" width=\"600\" height=\"800\" src=\"https:\/\/voyagedelabaleine.fr\/wp-content\/uploads\/2024\/07\/collant-bebe-laine-merinos-gris-1-600x800.jpg\" class=\"woo-entry-image-main\" alt=\"Merino Wool Tights &#8211; Gray\" itemprop=\"image\" srcset=\"https:\/\/voyagedelabaleine.fr\/wp-content\/uploads\/2024\/07\/collant-bebe-laine-merinos-gris-1-600x800.jpg 600w, https:\/\/voyagedelabaleine.fr\/wp-content\/uploads\/2024\/07\/collant-bebe-laine-merinos-gris-1-225x300.jpg 225w, https:\/\/voyagedelabaleine.fr\/wp-content\/uploads\/2024\/07\/collant-bebe-laine-merinos-gris-1-768x1024.jpg 768w, https:\/\/voyagedelabaleine.fr\/wp-content\/uploads\/2024\/07\/collant-bebe-laine-merinos-gris-1.jpg 812w\" sizes=\"(max-width: 600px) 100vw, 600px\" \/><img decoding=\"async\" width=\"409\" height=\"545\" src=\"https:\/\/voyagedelabaleine.fr\/wp-content\/uploads\/2024\/07\/collant-bebe-laine-merinos-gris-2.jpg\" class=\"woo-entry-image-secondary\" alt=\"Merino Wool Tights &#8211; Gray\" itemprop=\"image\" srcset=\"https:\/\/voyagedelabaleine.fr\/wp-content\/uploads\/2024\/07\/collant-bebe-laine-merinos-gris-2.jpg 409w, https:\/\/voyagedelabaleine.fr\/wp-content\/uploads\/2024\/07\/collant-bebe-laine-merinos-gris-2-225x300.jpg 225w\" sizes=\"(max-width: 409px) 100vw, 409px\" \/><\/a>\t<\/div><!-- .woo-entry-image-swap -->\n\n<ul class=\"woo-entry-inner clr\"><li class=\"image-wrap\">\n\t<div class=\"woo-entry-image-swap woo-entry-image clr\">\n\t\t<a href=\"https:\/\/voyagedelabaleine.fr\/en\/product\/merino-wool-tights-gray\/\" class=\"woocommerce-LoopProduct-link\"><img decoding=\"async\" width=\"600\" height=\"800\" src=\"https:\/\/voyagedelabaleine.fr\/wp-content\/uploads\/2024\/07\/collant-bebe-laine-merinos-gris-1-600x800.jpg\" class=\"woo-entry-image-main\" alt=\"Merino Wool Tights &#8211; Gray\" itemprop=\"image\" srcset=\"https:\/\/voyagedelabaleine.fr\/wp-content\/uploads\/2024\/07\/collant-bebe-laine-merinos-gris-1-600x800.jpg 600w, https:\/\/voyagedelabaleine.fr\/wp-content\/uploads\/2024\/07\/collant-bebe-laine-merinos-gris-1-225x300.jpg 225w, https:\/\/voyagedelabaleine.fr\/wp-content\/uploads\/2024\/07\/collant-bebe-laine-merinos-gris-1-768x1024.jpg 768w, https:\/\/voyagedelabaleine.fr\/wp-content\/uploads\/2024\/07\/collant-bebe-laine-merinos-gris-1.jpg 812w\" sizes=\"(max-width: 600px) 100vw, 600px\" \/><img decoding=\"async\" width=\"409\" height=\"545\" src=\"https:\/\/voyagedelabaleine.fr\/wp-content\/uploads\/2024\/07\/collant-bebe-laine-merinos-gris-2.jpg\" class=\"woo-entry-image-secondary\" alt=\"Merino Wool Tights &#8211; Gray\" itemprop=\"image\" srcset=\"https:\/\/voyagedelabaleine.fr\/wp-content\/uploads\/2024\/07\/collant-bebe-laine-merinos-gris-2.jpg 409w, https:\/\/voyagedelabaleine.fr\/wp-content\/uploads\/2024\/07\/collant-bebe-laine-merinos-gris-2-225x300.jpg 225w\" sizes=\"(max-width: 409px) 100vw, 409px\" \/><\/a>\t<\/div><!-- .woo-entry-image-swap -->\n\n<\/li><li class=\"title\"><h2><a href=\"https:\/\/voyagedelabaleine.fr\/en\/product\/merino-wool-tights-gray\/\">Merino Wool Tights &#8211; Gray<\/a><\/h2><\/li><li class=\"price-wrap\">\n\t<span class=\"price\"><span class=\"woocommerce-Price-amount amount\"><bdi>16<span class=\"woocommerce-Price-currencySymbol\">&euro;<\/span><\/bdi><\/span><\/span>\n<\/li><\/ul><\/div><!-- .product-inner .clr --><\/li>\n<\/ul>\n<\/div><\/div>\n\t\t\t\t\t\t<\/div>\n\t\t\t\t<\/div>\n\t\t<div class=\"elementor-element elementor-element-d91ae4e e-con-full e-flex e-con e-parent\" data-id=\"d91ae4e\" data-element_type=\"container\" data-e-type=\"container\">\n\t\t\t\t<div class=\"elementor-element elementor-element-3badbab elementor-widget-divider--separator-type-pattern elementor-widget-divider--view-line elementor-widget elementor-widget-divider\" data-id=\"3badbab\" data-element_type=\"widget\" data-e-type=\"widget\" data-widget_type=\"divider.default\">\n\t\t\t\t\t\t\t<div class=\"elementor-divider\" style=\"--divider-pattern-url: url(&quot;data:image\/svg+xml,%3Csvg xmlns=&#039;http:\/\/www.w3.org\/2000\/svg&#039; preserveAspectRatio=&#039;none&#039; overflow=&#039;visible&#039; height=&#039;100%&#039; viewBox=&#039;0 0 24 24&#039; fill=&#039;black&#039; stroke=&#039;none&#039;%3E%3Cpath d=&#039;M12.7,2.3c-0.4-0.4-1.1-0.4-1.5,0l-8,9.1c-0.3,0.4-0.3,0.9,0,1.2l8,9.1c0.4,0.4,1.1,0.4,1.5,0l8-9.1c0.3-0.4,0.3-0.9,0-1.2L12.7,2.3z&#039;\/%3E%3C\/svg%3E&quot;);\">\n\t\t\t<span class=\"elementor-divider-separator\">\n\t\t\t\t\t\t<\/span>\n\t\t<\/div>\n\t\t\t\t\t\t<\/div>\n\t\t\t\t<div class=\"elementor-element elementor-element-cc88d65 elementor-widget elementor-widget-heading\" data-id=\"cc88d65\" data-element_type=\"widget\" data-e-type=\"widget\" data-widget_type=\"heading.default\">\n\t\t\t\t\t<h2 class=\"elementor-heading-title elementor-size-default\">Deep green: the colors of Christmas<\/h2>\t\t\t\t<\/div>\n\t\t\t\t<\/div>\n\t\t<div class=\"elementor-element elementor-element-a52ab78 e-con-full e-flex e-con e-parent\" data-id=\"a52ab78\" data-element_type=\"container\" data-e-type=\"container\">\n\t\t\t\t<div class=\"elementor-element elementor-element-d2ddebd elementor-widget__width-inherit elementor-widget-mobile__width-inherit elementor-widget elementor-widget-shortcode\" data-id=\"d2ddebd\" data-element_type=\"widget\" data-e-type=\"widget\" data-widget_type=\"shortcode.default\">\n\t\t\t\t\t\t\t<div class=\"elementor-shortcode\"><div class=\"woocommerce columns-2 \">\r\n<ul class=\"products oceanwp-row clr grid tablet-col tablet-2-col mobile-col mobile-2-col\">\r\n<li class=\"entry has-media col span_1_of_2 owp-content-center owp-thumbs-layout-vertical owp-btn-big owp-tabs-layout-vertical circle-sale product type-product post-24944 status-publish first instock product_cat-baby-bodysuit product_cat-baby-girl-bodysuit product_cat-bodysuit product_cat-newborn-bodysuit product_cat-newborn-girl-bodysuits has-post-thumbnail taxable shipping-taxable purchasable product-type-variable has-default-attributes\">\n\t<div class=\"product-inner clr\">\n\t<div class=\"woo-entry-image-swap woo-entry-image clr\">\n\t\t<a href=\"https:\/\/voyagedelabaleine.fr\/en\/product\/baby-girl-bodysuit-with-large-embroidered-collar-ecru\/\" class=\"woocommerce-LoopProduct-link\"><img decoding=\"async\" width=\"600\" height=\"800\" src=\"https:\/\/voyagedelabaleine.fr\/wp-content\/uploads\/2025\/07\/body-bebe-grande-collerette-1-600x800.jpg\" class=\"woo-entry-image-main\" alt=\"Baby girl bodysuit with large embroidered collar &#8211; Ecru\" itemprop=\"image\" srcset=\"https:\/\/voyagedelabaleine.fr\/wp-content\/uploads\/2025\/07\/body-bebe-grande-collerette-1-600x800.jpg 600w, https:\/\/voyagedelabaleine.fr\/wp-content\/uploads\/2025\/07\/body-bebe-grande-collerette-1-225x300.jpg 225w, https:\/\/voyagedelabaleine.fr\/wp-content\/uploads\/2025\/07\/body-bebe-grande-collerette-1-768x1024.jpg 768w, https:\/\/voyagedelabaleine.fr\/wp-content\/uploads\/2025\/07\/body-bebe-grande-collerette-1.jpg 1000w\" sizes=\"(max-width: 600px) 100vw, 600px\" \/><img decoding=\"async\" width=\"600\" height=\"800\" src=\"https:\/\/voyagedelabaleine.fr\/wp-content\/uploads\/2025\/07\/body-bebe-fille-grande-colerette-brodee-600x800.jpg\" class=\"woo-entry-image-secondary\" alt=\"Baby girl bodysuit with large embroidered collar &#8211; Ecru\" itemprop=\"image\" srcset=\"https:\/\/voyagedelabaleine.fr\/wp-content\/uploads\/2025\/07\/body-bebe-fille-grande-colerette-brodee-600x799.jpg 600w, https:\/\/voyagedelabaleine.fr\/wp-content\/uploads\/2025\/07\/body-bebe-fille-grande-colerette-brodee-225x300.jpg 225w, https:\/\/voyagedelabaleine.fr\/wp-content\/uploads\/2025\/07\/body-bebe-fille-grande-colerette-brodee-769x1024.jpg 769w, https:\/\/voyagedelabaleine.fr\/wp-content\/uploads\/2025\/07\/body-bebe-fille-grande-colerette-brodee-768x1023.jpg 768w, https:\/\/voyagedelabaleine.fr\/wp-content\/uploads\/2025\/07\/body-bebe-fille-grande-colerette-brodee.jpg 808w\" sizes=\"(max-width: 600px) 100vw, 600px\" \/><\/a>\t<\/div><!-- .woo-entry-image-swap -->\n\n<ul class=\"woo-entry-inner clr\"><li class=\"image-wrap\">\n\t<div class=\"woo-entry-image-swap woo-entry-image clr\">\n\t\t<a href=\"https:\/\/voyagedelabaleine.fr\/en\/product\/baby-girl-bodysuit-with-large-embroidered-collar-ecru\/\" class=\"woocommerce-LoopProduct-link\"><img decoding=\"async\" width=\"600\" height=\"800\" src=\"https:\/\/voyagedelabaleine.fr\/wp-content\/uploads\/2025\/07\/body-bebe-grande-collerette-1-600x800.jpg\" class=\"woo-entry-image-main\" alt=\"Baby girl bodysuit with large embroidered collar &#8211; Ecru\" itemprop=\"image\" srcset=\"https:\/\/voyagedelabaleine.fr\/wp-content\/uploads\/2025\/07\/body-bebe-grande-collerette-1-600x800.jpg 600w, https:\/\/voyagedelabaleine.fr\/wp-content\/uploads\/2025\/07\/body-bebe-grande-collerette-1-225x300.jpg 225w, https:\/\/voyagedelabaleine.fr\/wp-content\/uploads\/2025\/07\/body-bebe-grande-collerette-1-768x1024.jpg 768w, https:\/\/voyagedelabaleine.fr\/wp-content\/uploads\/2025\/07\/body-bebe-grande-collerette-1.jpg 1000w\" sizes=\"(max-width: 600px) 100vw, 600px\" \/><img decoding=\"async\" width=\"600\" height=\"800\" src=\"https:\/\/voyagedelabaleine.fr\/wp-content\/uploads\/2025\/07\/body-bebe-fille-grande-colerette-brodee-600x800.jpg\" class=\"woo-entry-image-secondary\" alt=\"Baby girl bodysuit with large embroidered collar &#8211; Ecru\" itemprop=\"image\" srcset=\"https:\/\/voyagedelabaleine.fr\/wp-content\/uploads\/2025\/07\/body-bebe-fille-grande-colerette-brodee-600x799.jpg 600w, https:\/\/voyagedelabaleine.fr\/wp-content\/uploads\/2025\/07\/body-bebe-fille-grande-colerette-brodee-225x300.jpg 225w, https:\/\/voyagedelabaleine.fr\/wp-content\/uploads\/2025\/07\/body-bebe-fille-grande-colerette-brodee-769x1024.jpg 769w, https:\/\/voyagedelabaleine.fr\/wp-content\/uploads\/2025\/07\/body-bebe-fille-grande-colerette-brodee-768x1023.jpg 768w, https:\/\/voyagedelabaleine.fr\/wp-content\/uploads\/2025\/07\/body-bebe-fille-grande-colerette-brodee.jpg 808w\" sizes=\"(max-width: 600px) 100vw, 600px\" \/><\/a>\t<\/div><!-- .woo-entry-image-swap -->\n\n<\/li><li class=\"title\"><h2><a href=\"https:\/\/voyagedelabaleine.fr\/en\/product\/baby-girl-bodysuit-with-large-embroidered-collar-ecru\/\">Baby girl bodysuit with large embroidered collar &#8211; Ecru<\/a><\/h2><\/li><li class=\"price-wrap\">\n\t<span class=\"price\"><span class=\"woocommerce-Price-amount amount\"><bdi>24<span class=\"woocommerce-Price-currencySymbol\">&euro;<\/span><\/bdi><\/span><\/span>\n<\/li><\/ul><\/div><!-- .product-inner .clr --><\/li>\n<li class=\"entry has-media has-rating col span_1_of_2 owp-content-center owp-thumbs-layout-vertical owp-btn-big owp-tabs-layout-vertical circle-sale product type-product post-25178 status-publish last instock product_cat-baby-bloomer-shorts-trousers product_cat-baby-girl-bloomer-shorts-trousers product_cat-clothing product_cat-newborn-bloomer-shorts-and-pants product_cat-newborn-girl-bloomers-shorts-pants has-post-thumbnail taxable shipping-taxable purchasable product-type-variable has-default-attributes\">\n\t<div class=\"product-inner clr\">\n\t<div class=\"woo-entry-image-swap woo-entry-image clr\">\n\t\t<a href=\"https:\/\/voyagedelabaleine.fr\/en\/product\/baby-girl-velvet-bloomer-with-bow-dark-green\/\" class=\"woocommerce-LoopProduct-link\"><img decoding=\"async\" width=\"600\" height=\"800\" src=\"https:\/\/voyagedelabaleine.fr\/wp-content\/uploads\/2025\/07\/bloomer-bebe-fille-noeud-velours-vert-600x800.jpg\" class=\"woo-entry-image-main\" alt=\"Baby Girl Velvet Bloomer with Bow &#8211; Dark Green\" itemprop=\"image\" srcset=\"https:\/\/voyagedelabaleine.fr\/wp-content\/uploads\/2025\/07\/bloomer-bebe-fille-noeud-velours-vert-600x800.jpg 600w, https:\/\/voyagedelabaleine.fr\/wp-content\/uploads\/2025\/07\/bloomer-bebe-fille-noeud-velours-vert-225x300.jpg 225w, https:\/\/voyagedelabaleine.fr\/wp-content\/uploads\/2025\/07\/bloomer-bebe-fille-noeud-velours-vert-768x1024.jpg 768w, https:\/\/voyagedelabaleine.fr\/wp-content\/uploads\/2025\/07\/bloomer-bebe-fille-noeud-velours-vert.jpg 886w\" sizes=\"(max-width: 600px) 100vw, 600px\" \/><img decoding=\"async\" width=\"600\" height=\"800\" src=\"https:\/\/voyagedelabaleine.fr\/wp-content\/uploads\/2025\/07\/bloomer-bebe-fille-noeud-velours-vert-1-600x800.jpg\" class=\"woo-entry-image-secondary\" alt=\"Baby Girl Velvet Bloomer with Bow &#8211; Dark Green\" itemprop=\"image\" srcset=\"https:\/\/voyagedelabaleine.fr\/wp-content\/uploads\/2025\/07\/bloomer-bebe-fille-noeud-velours-vert-1-600x800.jpg 600w, https:\/\/voyagedelabaleine.fr\/wp-content\/uploads\/2025\/07\/bloomer-bebe-fille-noeud-velours-vert-1-225x300.jpg 225w, https:\/\/voyagedelabaleine.fr\/wp-content\/uploads\/2025\/07\/bloomer-bebe-fille-noeud-velours-vert-1-768x1024.jpg 768w, https:\/\/voyagedelabaleine.fr\/wp-content\/uploads\/2025\/07\/bloomer-bebe-fille-noeud-velours-vert-1.jpg 864w\" sizes=\"(max-width: 600px) 100vw, 600px\" \/><\/a>\t<\/div><!-- .woo-entry-image-swap -->\n\n<ul class=\"woo-entry-inner clr\"><li class=\"image-wrap\">\n\t<div class=\"woo-entry-image-swap woo-entry-image clr\">\n\t\t<a href=\"https:\/\/voyagedelabaleine.fr\/en\/product\/baby-girl-velvet-bloomer-with-bow-dark-green\/\" class=\"woocommerce-LoopProduct-link\"><img decoding=\"async\" width=\"600\" height=\"800\" src=\"https:\/\/voyagedelabaleine.fr\/wp-content\/uploads\/2025\/07\/bloomer-bebe-fille-noeud-velours-vert-600x800.jpg\" class=\"woo-entry-image-main\" alt=\"Baby Girl Velvet Bloomer with Bow &#8211; Dark Green\" itemprop=\"image\" srcset=\"https:\/\/voyagedelabaleine.fr\/wp-content\/uploads\/2025\/07\/bloomer-bebe-fille-noeud-velours-vert-600x800.jpg 600w, https:\/\/voyagedelabaleine.fr\/wp-content\/uploads\/2025\/07\/bloomer-bebe-fille-noeud-velours-vert-225x300.jpg 225w, https:\/\/voyagedelabaleine.fr\/wp-content\/uploads\/2025\/07\/bloomer-bebe-fille-noeud-velours-vert-768x1024.jpg 768w, https:\/\/voyagedelabaleine.fr\/wp-content\/uploads\/2025\/07\/bloomer-bebe-fille-noeud-velours-vert.jpg 886w\" sizes=\"(max-width: 600px) 100vw, 600px\" \/><img decoding=\"async\" width=\"600\" height=\"800\" src=\"https:\/\/voyagedelabaleine.fr\/wp-content\/uploads\/2025\/07\/bloomer-bebe-fille-noeud-velours-vert-1-600x800.jpg\" class=\"woo-entry-image-secondary\" alt=\"Baby Girl Velvet Bloomer with Bow &#8211; Dark Green\" itemprop=\"image\" srcset=\"https:\/\/voyagedelabaleine.fr\/wp-content\/uploads\/2025\/07\/bloomer-bebe-fille-noeud-velours-vert-1-600x800.jpg 600w, https:\/\/voyagedelabaleine.fr\/wp-content\/uploads\/2025\/07\/bloomer-bebe-fille-noeud-velours-vert-1-225x300.jpg 225w, https:\/\/voyagedelabaleine.fr\/wp-content\/uploads\/2025\/07\/bloomer-bebe-fille-noeud-velours-vert-1-768x1024.jpg 768w, https:\/\/voyagedelabaleine.fr\/wp-content\/uploads\/2025\/07\/bloomer-bebe-fille-noeud-velours-vert-1.jpg 864w\" sizes=\"(max-width: 600px) 100vw, 600px\" \/><\/a>\t<\/div><!-- .woo-entry-image-swap -->\n\n<\/li><li class=\"title\"><h2><a href=\"https:\/\/voyagedelabaleine.fr\/en\/product\/baby-girl-velvet-bloomer-with-bow-dark-green\/\">Baby Girl Velvet Bloomer with Bow &#8211; Dark Green<\/a><\/h2><\/li><li class=\"price-wrap\">\n\t<span class=\"price\"><span class=\"woocommerce-Price-amount amount\"><bdi>24<span class=\"woocommerce-Price-currencySymbol\">&euro;<\/span><\/bdi><\/span><\/span>\n<\/li><\/ul><\/div><!-- .product-inner .clr --><\/li>\n<\/ul>\n<\/div><\/div>\n\t\t\t\t\t\t<\/div>\n\t\t\t\t<\/div>\n\t\t<div class=\"elementor-element elementor-element-2bf671d e-con-full e-flex e-con e-parent\" data-id=\"2bf671d\" data-element_type=\"container\" data-e-type=\"container\">\n\t\t\t\t<div class=\"elementor-element elementor-element-9887d8e elementor-widget-divider--separator-type-pattern elementor-widget-divider--view-line elementor-widget elementor-widget-divider\" data-id=\"9887d8e\" data-element_type=\"widget\" data-e-type=\"widget\" data-widget_type=\"divider.default\">\n\t\t\t\t\t\t\t<div class=\"elementor-divider\" style=\"--divider-pattern-url: url(&quot;data:image\/svg+xml,%3Csvg xmlns=&#039;http:\/\/www.w3.org\/2000\/svg&#039; preserveAspectRatio=&#039;none&#039; overflow=&#039;visible&#039; height=&#039;100%&#039; viewBox=&#039;0 0 24 24&#039; fill=&#039;black&#039; stroke=&#039;none&#039;%3E%3Cpath d=&#039;M12.7,2.3c-0.4-0.4-1.1-0.4-1.5,0l-8,9.1c-0.3,0.4-0.3,0.9,0,1.2l8,9.1c0.4,0.4,1.1,0.4,1.5,0l8-9.1c0.3-0.4,0.3-0.9,0-1.2L12.7,2.3z&#039;\/%3E%3C\/svg%3E&quot;);\">\n\t\t\t<span class=\"elementor-divider-separator\">\n\t\t\t\t\t\t<\/span>\n\t\t<\/div>\n\t\t\t\t\t\t<\/div>\n\t\t\t\t<div class=\"elementor-element elementor-element-d657f4c elementor-widget elementor-widget-heading\" data-id=\"d657f4c\" data-element_type=\"widget\" data-e-type=\"widget\" data-widget_type=\"heading.default\">\n\t\t\t\t\t<h2 class=\"elementor-heading-title elementor-size-default\">Vert profond : Les couleurs de No\u00ebl<\/h2>\t\t\t\t<\/div>\n\t\t\t\t<\/div>\n\t\t<div class=\"elementor-element elementor-element-520c2d6 e-con-full e-flex e-con e-parent\" data-id=\"520c2d6\" data-element_type=\"container\" data-e-type=\"container\">\n\t\t\t\t<div class=\"elementor-element elementor-element-58e8c85 elementor-widget__width-inherit elementor-widget-mobile__width-inherit elementor-widget elementor-widget-shortcode\" data-id=\"58e8c85\" data-element_type=\"widget\" data-e-type=\"widget\" data-widget_type=\"shortcode.default\">\n\t\t\t\t\t\t\t<div class=\"elementor-shortcode\"><div class=\"woocommerce columns-2 \">\r\n<ul class=\"products oceanwp-row clr grid tablet-col tablet-2-col mobile-col mobile-2-col\">\r\n<li class=\"entry has-media col span_1_of_2 owp-content-center owp-thumbs-layout-vertical owp-btn-big owp-tabs-layout-vertical circle-sale product type-product post-24944 status-publish first instock product_cat-baby-bodysuit product_cat-baby-girl-bodysuit product_cat-bodysuit product_cat-newborn-bodysuit product_cat-newborn-girl-bodysuits has-post-thumbnail taxable shipping-taxable purchasable product-type-variable has-default-attributes\">\n\t<div class=\"product-inner clr\">\n\t<div class=\"woo-entry-image-swap woo-entry-image clr\">\n\t\t<a href=\"https:\/\/voyagedelabaleine.fr\/en\/product\/baby-girl-bodysuit-with-large-embroidered-collar-ecru\/\" class=\"woocommerce-LoopProduct-link\"><img decoding=\"async\" width=\"600\" height=\"800\" src=\"https:\/\/voyagedelabaleine.fr\/wp-content\/uploads\/2025\/07\/body-bebe-grande-collerette-1-600x800.jpg\" class=\"woo-entry-image-main\" alt=\"Baby girl bodysuit with large embroidered collar &#8211; Ecru\" itemprop=\"image\" srcset=\"https:\/\/voyagedelabaleine.fr\/wp-content\/uploads\/2025\/07\/body-bebe-grande-collerette-1-600x800.jpg 600w, https:\/\/voyagedelabaleine.fr\/wp-content\/uploads\/2025\/07\/body-bebe-grande-collerette-1-225x300.jpg 225w, https:\/\/voyagedelabaleine.fr\/wp-content\/uploads\/2025\/07\/body-bebe-grande-collerette-1-768x1024.jpg 768w, https:\/\/voyagedelabaleine.fr\/wp-content\/uploads\/2025\/07\/body-bebe-grande-collerette-1.jpg 1000w\" sizes=\"(max-width: 600px) 100vw, 600px\" \/><img decoding=\"async\" width=\"600\" height=\"800\" src=\"https:\/\/voyagedelabaleine.fr\/wp-content\/uploads\/2025\/07\/body-bebe-fille-grande-colerette-brodee-600x800.jpg\" class=\"woo-entry-image-secondary\" alt=\"Baby girl bodysuit with large embroidered collar &#8211; Ecru\" itemprop=\"image\" srcset=\"https:\/\/voyagedelabaleine.fr\/wp-content\/uploads\/2025\/07\/body-bebe-fille-grande-colerette-brodee-600x799.jpg 600w, https:\/\/voyagedelabaleine.fr\/wp-content\/uploads\/2025\/07\/body-bebe-fille-grande-colerette-brodee-225x300.jpg 225w, https:\/\/voyagedelabaleine.fr\/wp-content\/uploads\/2025\/07\/body-bebe-fille-grande-colerette-brodee-769x1024.jpg 769w, https:\/\/voyagedelabaleine.fr\/wp-content\/uploads\/2025\/07\/body-bebe-fille-grande-colerette-brodee-768x1023.jpg 768w, https:\/\/voyagedelabaleine.fr\/wp-content\/uploads\/2025\/07\/body-bebe-fille-grande-colerette-brodee.jpg 808w\" sizes=\"(max-width: 600px) 100vw, 600px\" \/><\/a>\t<\/div><!-- .woo-entry-image-swap -->\n\n<ul class=\"woo-entry-inner clr\"><li class=\"image-wrap\">\n\t<div class=\"woo-entry-image-swap woo-entry-image clr\">\n\t\t<a href=\"https:\/\/voyagedelabaleine.fr\/en\/product\/baby-girl-bodysuit-with-large-embroidered-collar-ecru\/\" class=\"woocommerce-LoopProduct-link\"><img decoding=\"async\" width=\"600\" height=\"800\" src=\"https:\/\/voyagedelabaleine.fr\/wp-content\/uploads\/2025\/07\/body-bebe-grande-collerette-1-600x800.jpg\" class=\"woo-entry-image-main\" alt=\"Baby girl bodysuit with large embroidered collar &#8211; Ecru\" itemprop=\"image\" srcset=\"https:\/\/voyagedelabaleine.fr\/wp-content\/uploads\/2025\/07\/body-bebe-grande-collerette-1-600x800.jpg 600w, https:\/\/voyagedelabaleine.fr\/wp-content\/uploads\/2025\/07\/body-bebe-grande-collerette-1-225x300.jpg 225w, https:\/\/voyagedelabaleine.fr\/wp-content\/uploads\/2025\/07\/body-bebe-grande-collerette-1-768x1024.jpg 768w, https:\/\/voyagedelabaleine.fr\/wp-content\/uploads\/2025\/07\/body-bebe-grande-collerette-1.jpg 1000w\" sizes=\"(max-width: 600px) 100vw, 600px\" \/><img decoding=\"async\" width=\"600\" height=\"800\" src=\"https:\/\/voyagedelabaleine.fr\/wp-content\/uploads\/2025\/07\/body-bebe-fille-grande-colerette-brodee-600x800.jpg\" class=\"woo-entry-image-secondary\" alt=\"Baby girl bodysuit with large embroidered collar &#8211; Ecru\" itemprop=\"image\" srcset=\"https:\/\/voyagedelabaleine.fr\/wp-content\/uploads\/2025\/07\/body-bebe-fille-grande-colerette-brodee-600x799.jpg 600w, https:\/\/voyagedelabaleine.fr\/wp-content\/uploads\/2025\/07\/body-bebe-fille-grande-colerette-brodee-225x300.jpg 225w, https:\/\/voyagedelabaleine.fr\/wp-content\/uploads\/2025\/07\/body-bebe-fille-grande-colerette-brodee-769x1024.jpg 769w, https:\/\/voyagedelabaleine.fr\/wp-content\/uploads\/2025\/07\/body-bebe-fille-grande-colerette-brodee-768x1023.jpg 768w, https:\/\/voyagedelabaleine.fr\/wp-content\/uploads\/2025\/07\/body-bebe-fille-grande-colerette-brodee.jpg 808w\" sizes=\"(max-width: 600px) 100vw, 600px\" \/><\/a>\t<\/div><!-- .woo-entry-image-swap -->\n\n<\/li><li class=\"title\"><h2><a href=\"https:\/\/voyagedelabaleine.fr\/en\/product\/baby-girl-bodysuit-with-large-embroidered-collar-ecru\/\">Baby girl bodysuit with large embroidered collar &#8211; Ecru<\/a><\/h2><\/li><li class=\"price-wrap\">\n\t<span class=\"price\"><span class=\"woocommerce-Price-amount amount\"><bdi>24<span class=\"woocommerce-Price-currencySymbol\">&euro;<\/span><\/bdi><\/span><\/span>\n<\/li><\/ul><\/div><!-- .product-inner .clr --><\/li>\n<li class=\"entry has-media has-rating col span_1_of_2 owp-content-center owp-thumbs-layout-vertical owp-btn-big owp-tabs-layout-vertical circle-sale product type-product post-25178 status-publish last instock product_cat-baby-bloomer-shorts-trousers product_cat-baby-girl-bloomer-shorts-trousers product_cat-clothing product_cat-newborn-bloomer-shorts-and-pants product_cat-newborn-girl-bloomers-shorts-pants has-post-thumbnail taxable shipping-taxable purchasable product-type-variable has-default-attributes\">\n\t<div class=\"product-inner clr\">\n\t<div class=\"woo-entry-image-swap woo-entry-image clr\">\n\t\t<a href=\"https:\/\/voyagedelabaleine.fr\/en\/product\/baby-girl-velvet-bloomer-with-bow-dark-green\/\" class=\"woocommerce-LoopProduct-link\"><img decoding=\"async\" width=\"600\" height=\"800\" src=\"https:\/\/voyagedelabaleine.fr\/wp-content\/uploads\/2025\/07\/bloomer-bebe-fille-noeud-velours-vert-600x800.jpg\" class=\"woo-entry-image-main\" alt=\"Baby Girl Velvet Bloomer with Bow &#8211; Dark Green\" itemprop=\"image\" srcset=\"https:\/\/voyagedelabaleine.fr\/wp-content\/uploads\/2025\/07\/bloomer-bebe-fille-noeud-velours-vert-600x800.jpg 600w, https:\/\/voyagedelabaleine.fr\/wp-content\/uploads\/2025\/07\/bloomer-bebe-fille-noeud-velours-vert-225x300.jpg 225w, https:\/\/voyagedelabaleine.fr\/wp-content\/uploads\/2025\/07\/bloomer-bebe-fille-noeud-velours-vert-768x1024.jpg 768w, https:\/\/voyagedelabaleine.fr\/wp-content\/uploads\/2025\/07\/bloomer-bebe-fille-noeud-velours-vert.jpg 886w\" sizes=\"(max-width: 600px) 100vw, 600px\" \/><img decoding=\"async\" width=\"600\" height=\"800\" src=\"https:\/\/voyagedelabaleine.fr\/wp-content\/uploads\/2025\/07\/bloomer-bebe-fille-noeud-velours-vert-1-600x800.jpg\" class=\"woo-entry-image-secondary\" alt=\"Baby Girl Velvet Bloomer with Bow &#8211; Dark Green\" itemprop=\"image\" srcset=\"https:\/\/voyagedelabaleine.fr\/wp-content\/uploads\/2025\/07\/bloomer-bebe-fille-noeud-velours-vert-1-600x800.jpg 600w, https:\/\/voyagedelabaleine.fr\/wp-content\/uploads\/2025\/07\/bloomer-bebe-fille-noeud-velours-vert-1-225x300.jpg 225w, https:\/\/voyagedelabaleine.fr\/wp-content\/uploads\/2025\/07\/bloomer-bebe-fille-noeud-velours-vert-1-768x1024.jpg 768w, https:\/\/voyagedelabaleine.fr\/wp-content\/uploads\/2025\/07\/bloomer-bebe-fille-noeud-velours-vert-1.jpg 864w\" sizes=\"(max-width: 600px) 100vw, 600px\" \/><\/a>\t<\/div><!-- .woo-entry-image-swap -->\n\n<ul class=\"woo-entry-inner clr\"><li class=\"image-wrap\">\n\t<div class=\"woo-entry-image-swap woo-entry-image clr\">\n\t\t<a href=\"https:\/\/voyagedelabaleine.fr\/en\/product\/baby-girl-velvet-bloomer-with-bow-dark-green\/\" class=\"woocommerce-LoopProduct-link\"><img decoding=\"async\" width=\"600\" height=\"800\" src=\"https:\/\/voyagedelabaleine.fr\/wp-content\/uploads\/2025\/07\/bloomer-bebe-fille-noeud-velours-vert-600x800.jpg\" class=\"woo-entry-image-main\" alt=\"Baby Girl Velvet Bloomer with Bow &#8211; Dark Green\" itemprop=\"image\" srcset=\"https:\/\/voyagedelabaleine.fr\/wp-content\/uploads\/2025\/07\/bloomer-bebe-fille-noeud-velours-vert-600x800.jpg 600w, https:\/\/voyagedelabaleine.fr\/wp-content\/uploads\/2025\/07\/bloomer-bebe-fille-noeud-velours-vert-225x300.jpg 225w, https:\/\/voyagedelabaleine.fr\/wp-content\/uploads\/2025\/07\/bloomer-bebe-fille-noeud-velours-vert-768x1024.jpg 768w, https:\/\/voyagedelabaleine.fr\/wp-content\/uploads\/2025\/07\/bloomer-bebe-fille-noeud-velours-vert.jpg 886w\" sizes=\"(max-width: 600px) 100vw, 600px\" \/><img decoding=\"async\" width=\"600\" height=\"800\" src=\"https:\/\/voyagedelabaleine.fr\/wp-content\/uploads\/2025\/07\/bloomer-bebe-fille-noeud-velours-vert-1-600x800.jpg\" class=\"woo-entry-image-secondary\" alt=\"Baby Girl Velvet Bloomer with Bow &#8211; Dark Green\" itemprop=\"image\" srcset=\"https:\/\/voyagedelabaleine.fr\/wp-content\/uploads\/2025\/07\/bloomer-bebe-fille-noeud-velours-vert-1-600x800.jpg 600w, https:\/\/voyagedelabaleine.fr\/wp-content\/uploads\/2025\/07\/bloomer-bebe-fille-noeud-velours-vert-1-225x300.jpg 225w, https:\/\/voyagedelabaleine.fr\/wp-content\/uploads\/2025\/07\/bloomer-bebe-fille-noeud-velours-vert-1-768x1024.jpg 768w, https:\/\/voyagedelabaleine.fr\/wp-content\/uploads\/2025\/07\/bloomer-bebe-fille-noeud-velours-vert-1.jpg 864w\" sizes=\"(max-width: 600px) 100vw, 600px\" \/><\/a>\t<\/div><!-- .woo-entry-image-swap -->\n\n<\/li><li class=\"title\"><h2><a href=\"https:\/\/voyagedelabaleine.fr\/en\/product\/baby-girl-velvet-bloomer-with-bow-dark-green\/\">Baby Girl Velvet Bloomer with Bow &#8211; Dark Green<\/a><\/h2><\/li><li class=\"price-wrap\">\n\t<span class=\"price\"><span class=\"woocommerce-Price-amount amount\"><bdi>24<span class=\"woocommerce-Price-currencySymbol\">&euro;<\/span><\/bdi><\/span><\/span>\n<\/li><\/ul><\/div><!-- .product-inner .clr --><\/li>\n<\/ul>\n<\/div><\/div>\n\t\t\t\t\t\t<\/div>\n\t\t\t\t<\/div>\n\t\t<div class=\"elementor-element elementor-element-321d3d6 e-con-full e-flex e-con e-parent\" data-id=\"321d3d6\" data-element_type=\"container\" data-e-type=\"container\">\n\t\t\t\t<div class=\"elementor-element elementor-element-2a67324 elementor-widget-divider--separator-type-pattern elementor-widget-divider--view-line elementor-widget elementor-widget-divider\" data-id=\"2a67324\" data-element_type=\"widget\" data-e-type=\"widget\" data-widget_type=\"divider.default\">\n\t\t\t\t\t\t\t<div class=\"elementor-divider\" style=\"--divider-pattern-url: url(&quot;data:image\/svg+xml,%3Csvg xmlns=&#039;http:\/\/www.w3.org\/2000\/svg&#039; preserveAspectRatio=&#039;none&#039; overflow=&#039;visible&#039; height=&#039;100%&#039; viewBox=&#039;0 0 24 24&#039; fill=&#039;black&#039; stroke=&#039;none&#039;%3E%3Cpath d=&#039;M12.7,2.3c-0.4-0.4-1.1-0.4-1.5,0l-8,9.1c-0.3,0.4-0.3,0.9,0,1.2l8,9.1c0.4,0.4,1.1,0.4,1.5,0l8-9.1c0.3-0.4,0.3-0.9,0-1.2L12.7,2.3z&#039;\/%3E%3C\/svg%3E&quot;);\">\n\t\t\t<span class=\"elementor-divider-separator\">\n\t\t\t\t\t\t<\/span>\n\t\t<\/div>\n\t\t\t\t\t\t<\/div>\n\t\t\t\t<div class=\"elementor-element elementor-element-dcf0298 elementor-widget elementor-widget-heading\" data-id=\"dcf0298\" data-element_type=\"widget\" data-e-type=\"widget\" data-widget_type=\"heading.default\">\n\t\t\t\t\t<h2 class=\"elementor-heading-title elementor-size-default\">Bows: hair clips galore<\/h2>\t\t\t\t<\/div>\n\t\t\t\t<\/div>\n\t\t<div class=\"elementor-element elementor-element-9a4988c e-con-full e-flex e-con e-parent\" data-id=\"9a4988c\" data-element_type=\"container\" data-e-type=\"container\">\n\t\t\t\t<div class=\"elementor-element elementor-element-fa7aa31 elementor-widget__width-inherit elementor-widget-mobile__width-inherit elementor-widget elementor-widget-shortcode\" data-id=\"fa7aa31\" data-element_type=\"widget\" data-e-type=\"widget\" data-widget_type=\"shortcode.default\">\n\t\t\t\t\t\t\t<div class=\"elementor-shortcode\"><div class=\"woocommerce columns-3 \">\r\n<ul class=\"products oceanwp-row clr grid tablet-col tablet-2-col mobile-col mobile-2-col\">\r\n<li class=\"entry has-media col span_1_of_3 owp-content-center owp-thumbs-layout-vertical owp-btn-big owp-tabs-layout-vertical circle-sale product type-product post-24848 status-publish first outofstock product_cat-baby-accessories product_cat-baby-girl-accessories product_cat-child-accessories product_cat-girl-accessories has-post-thumbnail taxable shipping-taxable purchasable product-type-variable has-default-attributes\">\n\t<div class=\"product-inner clr\">\n\t<div class=\"woo-entry-image-swap woo-entry-image clr\">\n\t\t<a href=\"https:\/\/voyagedelabaleine.fr\/en\/product\/traditional-scottish-bow-hair-clip-red-green\/\" class=\"woocommerce-LoopProduct-link\"><img decoding=\"async\" width=\"600\" height=\"800\" src=\"https:\/\/voyagedelabaleine.fr\/wp-content\/uploads\/2025\/07\/barrette-fille-ecossaise-traditionnelle-rouge-vert-600x800.jpg\" class=\"woo-entry-image-main\" alt=\"Traditional scottish bow hair clip &#8211; Red\/Green\" itemprop=\"image\" srcset=\"https:\/\/voyagedelabaleine.fr\/wp-content\/uploads\/2025\/07\/barrette-fille-ecossaise-traditionnelle-rouge-vert-600x800.jpg 600w, https:\/\/voyagedelabaleine.fr\/wp-content\/uploads\/2025\/07\/barrette-fille-ecossaise-traditionnelle-rouge-vert-225x300.jpg 225w, https:\/\/voyagedelabaleine.fr\/wp-content\/uploads\/2025\/07\/barrette-fille-ecossaise-traditionnelle-rouge-vert-768x1023.jpg 768w, https:\/\/voyagedelabaleine.fr\/wp-content\/uploads\/2025\/07\/barrette-fille-ecossaise-traditionnelle-rouge-vert.jpg 842w\" sizes=\"(max-width: 600px) 100vw, 600px\" \/><img decoding=\"async\" width=\"600\" height=\"800\" src=\"https:\/\/voyagedelabaleine.fr\/wp-content\/uploads\/2025\/07\/barrette-fille-ecossaise-traditionnelle-rouge-vert-1-600x800.jpg\" class=\"woo-entry-image-secondary\" alt=\"Traditional scottish bow hair clip &#8211; Red\/Green\" itemprop=\"image\" srcset=\"https:\/\/voyagedelabaleine.fr\/wp-content\/uploads\/2025\/07\/barrette-fille-ecossaise-traditionnelle-rouge-vert-1-600x800.jpg 600w, https:\/\/voyagedelabaleine.fr\/wp-content\/uploads\/2025\/07\/barrette-fille-ecossaise-traditionnelle-rouge-vert-1-225x300.jpg 225w, https:\/\/voyagedelabaleine.fr\/wp-content\/uploads\/2025\/07\/barrette-fille-ecossaise-traditionnelle-rouge-vert-1-768x1024.jpg 768w, https:\/\/voyagedelabaleine.fr\/wp-content\/uploads\/2025\/07\/barrette-fille-ecossaise-traditionnelle-rouge-vert-1.jpg 886w\" sizes=\"(max-width: 600px) 100vw, 600px\" \/><\/a>\t<\/div><!-- .woo-entry-image-swap -->\n\n<ul class=\"woo-entry-inner clr\"><li class=\"image-wrap\">\t\t\t\t<div class=\"outofstock-badge\">\n\t\t\t\t\tSold out \u2013 very popular\t\t\t\t<\/div><!-- .product-entry-out-of-stock-badge -->\n\t\t\t\t\n\t<div class=\"woo-entry-image-swap woo-entry-image clr\">\n\t\t<a href=\"https:\/\/voyagedelabaleine.fr\/en\/product\/traditional-scottish-bow-hair-clip-red-green\/\" class=\"woocommerce-LoopProduct-link\"><img decoding=\"async\" width=\"600\" height=\"800\" src=\"https:\/\/voyagedelabaleine.fr\/wp-content\/uploads\/2025\/07\/barrette-fille-ecossaise-traditionnelle-rouge-vert-600x800.jpg\" class=\"woo-entry-image-main\" alt=\"Traditional scottish bow hair clip &#8211; Red\/Green\" itemprop=\"image\" srcset=\"https:\/\/voyagedelabaleine.fr\/wp-content\/uploads\/2025\/07\/barrette-fille-ecossaise-traditionnelle-rouge-vert-600x800.jpg 600w, https:\/\/voyagedelabaleine.fr\/wp-content\/uploads\/2025\/07\/barrette-fille-ecossaise-traditionnelle-rouge-vert-225x300.jpg 225w, https:\/\/voyagedelabaleine.fr\/wp-content\/uploads\/2025\/07\/barrette-fille-ecossaise-traditionnelle-rouge-vert-768x1023.jpg 768w, https:\/\/voyagedelabaleine.fr\/wp-content\/uploads\/2025\/07\/barrette-fille-ecossaise-traditionnelle-rouge-vert.jpg 842w\" sizes=\"(max-width: 600px) 100vw, 600px\" \/><img decoding=\"async\" width=\"600\" height=\"800\" src=\"https:\/\/voyagedelabaleine.fr\/wp-content\/uploads\/2025\/07\/barrette-fille-ecossaise-traditionnelle-rouge-vert-1-600x800.jpg\" class=\"woo-entry-image-secondary\" alt=\"Traditional scottish bow hair clip &#8211; Red\/Green\" itemprop=\"image\" srcset=\"https:\/\/voyagedelabaleine.fr\/wp-content\/uploads\/2025\/07\/barrette-fille-ecossaise-traditionnelle-rouge-vert-1-600x800.jpg 600w, https:\/\/voyagedelabaleine.fr\/wp-content\/uploads\/2025\/07\/barrette-fille-ecossaise-traditionnelle-rouge-vert-1-225x300.jpg 225w, https:\/\/voyagedelabaleine.fr\/wp-content\/uploads\/2025\/07\/barrette-fille-ecossaise-traditionnelle-rouge-vert-1-768x1024.jpg 768w, https:\/\/voyagedelabaleine.fr\/wp-content\/uploads\/2025\/07\/barrette-fille-ecossaise-traditionnelle-rouge-vert-1.jpg 886w\" sizes=\"(max-width: 600px) 100vw, 600px\" \/><\/a>\t<\/div><!-- .woo-entry-image-swap -->\n\n<\/li><li class=\"title\"><h2><a href=\"https:\/\/voyagedelabaleine.fr\/en\/product\/traditional-scottish-bow-hair-clip-red-green\/\">Traditional scottish bow hair clip &#8211; Red\/Green<\/a><\/h2><\/li><li class=\"price-wrap\">\n\t<span class=\"price\"><span class=\"woocommerce-Price-amount amount\"><bdi>8<span class=\"woocommerce-Price-currencySymbol\">&euro;<\/span><\/bdi><\/span><\/span>\n<\/li><\/ul><\/div><!-- .product-inner .clr --><\/li>\n<li class=\"entry has-media col span_1_of_3 owp-content-center owp-thumbs-layout-vertical owp-btn-big owp-tabs-layout-vertical circle-sale product type-product post-24927 status-publish outofstock product_cat-baby-accessories product_cat-baby-girl-accessories product_cat-child-accessories product_cat-girl-accessories product_cat-newborn-accessories product_cat-newborn-girl-accessories has-post-thumbnail taxable shipping-taxable purchasable product-type-variable has-default-attributes\">\n\t<div class=\"product-inner clr\">\n\t<div class=\"woo-entry-image-swap woo-entry-image clr\">\n\t\t<a href=\"https:\/\/voyagedelabaleine.fr\/en\/product\/tartan-bow-barrette-red-blue\/\" class=\"woocommerce-LoopProduct-link\"><img decoding=\"async\" width=\"600\" height=\"800\" src=\"https:\/\/voyagedelabaleine.fr\/wp-content\/uploads\/2025\/07\/barrette-fille-ecossaise-rouge-marine-600x800.jpg\" class=\"woo-entry-image-main\" alt=\"Tartan bow barrette &#8211; Red\/Blue\" itemprop=\"image\" srcset=\"https:\/\/voyagedelabaleine.fr\/wp-content\/uploads\/2025\/07\/barrette-fille-ecossaise-rouge-marine-600x800.jpg 600w, https:\/\/voyagedelabaleine.fr\/wp-content\/uploads\/2025\/07\/barrette-fille-ecossaise-rouge-marine-225x300.jpg 225w, https:\/\/voyagedelabaleine.fr\/wp-content\/uploads\/2025\/07\/barrette-fille-ecossaise-rouge-marine-768x1023.jpg 768w, https:\/\/voyagedelabaleine.fr\/wp-content\/uploads\/2025\/07\/barrette-fille-ecossaise-rouge-marine.jpg 842w\" sizes=\"(max-width: 600px) 100vw, 600px\" \/><img decoding=\"async\" width=\"600\" height=\"800\" src=\"https:\/\/voyagedelabaleine.fr\/wp-content\/uploads\/2025\/07\/barrette-fille-ecossaise-rouge-marine-1-600x800.jpg\" class=\"woo-entry-image-secondary\" alt=\"Tartan bow barrette &#8211; Red\/Blue\" itemprop=\"image\" srcset=\"https:\/\/voyagedelabaleine.fr\/wp-content\/uploads\/2025\/07\/barrette-fille-ecossaise-rouge-marine-1-600x800.jpg 600w, https:\/\/voyagedelabaleine.fr\/wp-content\/uploads\/2025\/07\/barrette-fille-ecossaise-rouge-marine-1-225x300.jpg 225w, https:\/\/voyagedelabaleine.fr\/wp-content\/uploads\/2025\/07\/barrette-fille-ecossaise-rouge-marine-1-768x1023.jpg 768w, https:\/\/voyagedelabaleine.fr\/wp-content\/uploads\/2025\/07\/barrette-fille-ecossaise-rouge-marine-1.jpg 842w\" sizes=\"(max-width: 600px) 100vw, 600px\" \/><\/a>\t<\/div><!-- .woo-entry-image-swap -->\n\n<ul class=\"woo-entry-inner clr\"><li class=\"image-wrap\">\t\t\t\t<div class=\"outofstock-badge\">\n\t\t\t\t\tSold out \u2013 very popular\t\t\t\t<\/div><!-- .product-entry-out-of-stock-badge -->\n\t\t\t\t\n\t<div class=\"woo-entry-image-swap woo-entry-image clr\">\n\t\t<a href=\"https:\/\/voyagedelabaleine.fr\/en\/product\/tartan-bow-barrette-red-blue\/\" class=\"woocommerce-LoopProduct-link\"><img decoding=\"async\" width=\"600\" height=\"800\" src=\"https:\/\/voyagedelabaleine.fr\/wp-content\/uploads\/2025\/07\/barrette-fille-ecossaise-rouge-marine-600x800.jpg\" class=\"woo-entry-image-main\" alt=\"Tartan bow barrette &#8211; Red\/Blue\" itemprop=\"image\" srcset=\"https:\/\/voyagedelabaleine.fr\/wp-content\/uploads\/2025\/07\/barrette-fille-ecossaise-rouge-marine-600x800.jpg 600w, https:\/\/voyagedelabaleine.fr\/wp-content\/uploads\/2025\/07\/barrette-fille-ecossaise-rouge-marine-225x300.jpg 225w, https:\/\/voyagedelabaleine.fr\/wp-content\/uploads\/2025\/07\/barrette-fille-ecossaise-rouge-marine-768x1023.jpg 768w, https:\/\/voyagedelabaleine.fr\/wp-content\/uploads\/2025\/07\/barrette-fille-ecossaise-rouge-marine.jpg 842w\" sizes=\"(max-width: 600px) 100vw, 600px\" \/><img decoding=\"async\" width=\"600\" height=\"800\" src=\"https:\/\/voyagedelabaleine.fr\/wp-content\/uploads\/2025\/07\/barrette-fille-ecossaise-rouge-marine-1-600x800.jpg\" class=\"woo-entry-image-secondary\" alt=\"Tartan bow barrette &#8211; Red\/Blue\" itemprop=\"image\" srcset=\"https:\/\/voyagedelabaleine.fr\/wp-content\/uploads\/2025\/07\/barrette-fille-ecossaise-rouge-marine-1-600x800.jpg 600w, https:\/\/voyagedelabaleine.fr\/wp-content\/uploads\/2025\/07\/barrette-fille-ecossaise-rouge-marine-1-225x300.jpg 225w, https:\/\/voyagedelabaleine.fr\/wp-content\/uploads\/2025\/07\/barrette-fille-ecossaise-rouge-marine-1-768x1023.jpg 768w, https:\/\/voyagedelabaleine.fr\/wp-content\/uploads\/2025\/07\/barrette-fille-ecossaise-rouge-marine-1.jpg 842w\" sizes=\"(max-width: 600px) 100vw, 600px\" \/><\/a>\t<\/div><!-- .woo-entry-image-swap -->\n\n<\/li><li class=\"title\"><h2><a href=\"https:\/\/voyagedelabaleine.fr\/en\/product\/tartan-bow-barrette-red-blue\/\">Tartan bow barrette &#8211; Red\/Blue<\/a><\/h2><\/li><li class=\"price-wrap\">\n\t<span class=\"price\"><span class=\"woocommerce-Price-amount amount\"><bdi>8<span class=\"woocommerce-Price-currencySymbol\">&euro;<\/span><\/bdi><\/span><\/span>\n<\/li><\/ul><\/div><!-- .product-inner .clr --><\/li>\n<li class=\"entry has-media has-rating col span_1_of_3 owp-content-center owp-thumbs-layout-vertical owp-btn-big owp-tabs-layout-vertical circle-sale product type-product post-24924 status-publish last outofstock product_cat-baby-accessories product_cat-baby-girl-accessories product_cat-child-accessories product_cat-girl-accessories has-post-thumbnail taxable shipping-taxable purchasable product-type-variable has-default-attributes\">\n\t<div class=\"product-inner clr\">\n\t<div class=\"woo-entry-image-swap woo-entry-image clr\">\n\t\t<a href=\"https:\/\/voyagedelabaleine.fr\/en\/product\/grosgrain-bow-clip-bordeaux\/\" class=\"woocommerce-LoopProduct-link\"><img decoding=\"async\" width=\"600\" height=\"800\" src=\"https:\/\/voyagedelabaleine.fr\/wp-content\/uploads\/2025\/07\/barrette-fille-gros-grain-bordeaux-1-600x800.jpg\" class=\"woo-entry-image-main\" alt=\"Grosgrain bow clip &#8211; Bordeaux\" itemprop=\"image\" srcset=\"https:\/\/voyagedelabaleine.fr\/wp-content\/uploads\/2025\/07\/barrette-fille-gros-grain-bordeaux-1-600x800.jpg 600w, https:\/\/voyagedelabaleine.fr\/wp-content\/uploads\/2025\/07\/barrette-fille-gros-grain-bordeaux-1-225x300.jpg 225w, https:\/\/voyagedelabaleine.fr\/wp-content\/uploads\/2025\/07\/barrette-fille-gros-grain-bordeaux-1-768x1024.jpg 768w, https:\/\/voyagedelabaleine.fr\/wp-content\/uploads\/2025\/07\/barrette-fille-gros-grain-bordeaux-1.jpg 886w\" sizes=\"(max-width: 600px) 100vw, 600px\" \/><img decoding=\"async\" width=\"600\" height=\"800\" src=\"https:\/\/voyagedelabaleine.fr\/wp-content\/uploads\/2025\/07\/barrette-fille-gros-grain-bordeaux-600x800.jpg\" class=\"woo-entry-image-secondary\" alt=\"Grosgrain bow clip &#8211; Bordeaux\" itemprop=\"image\" srcset=\"https:\/\/voyagedelabaleine.fr\/wp-content\/uploads\/2025\/07\/barrette-fille-gros-grain-bordeaux-600x800.jpg 600w, https:\/\/voyagedelabaleine.fr\/wp-content\/uploads\/2025\/07\/barrette-fille-gros-grain-bordeaux-225x300.jpg 225w, https:\/\/voyagedelabaleine.fr\/wp-content\/uploads\/2025\/07\/barrette-fille-gros-grain-bordeaux-768x1024.jpg 768w, https:\/\/voyagedelabaleine.fr\/wp-content\/uploads\/2025\/07\/barrette-fille-gros-grain-bordeaux.jpg 886w\" sizes=\"(max-width: 600px) 100vw, 600px\" \/><\/a>\t<\/div><!-- .woo-entry-image-swap -->\n\n<ul class=\"woo-entry-inner clr\"><li class=\"image-wrap\">\t\t\t\t<div class=\"outofstock-badge\">\n\t\t\t\t\tSold out \u2013 very popular\t\t\t\t<\/div><!-- .product-entry-out-of-stock-badge -->\n\t\t\t\t\n\t<div class=\"woo-entry-image-swap woo-entry-image clr\">\n\t\t<a href=\"https:\/\/voyagedelabaleine.fr\/en\/product\/grosgrain-bow-clip-bordeaux\/\" class=\"woocommerce-LoopProduct-link\"><img decoding=\"async\" width=\"600\" height=\"800\" src=\"https:\/\/voyagedelabaleine.fr\/wp-content\/uploads\/2025\/07\/barrette-fille-gros-grain-bordeaux-1-600x800.jpg\" class=\"woo-entry-image-main\" alt=\"Grosgrain bow clip &#8211; Bordeaux\" itemprop=\"image\" srcset=\"https:\/\/voyagedelabaleine.fr\/wp-content\/uploads\/2025\/07\/barrette-fille-gros-grain-bordeaux-1-600x800.jpg 600w, https:\/\/voyagedelabaleine.fr\/wp-content\/uploads\/2025\/07\/barrette-fille-gros-grain-bordeaux-1-225x300.jpg 225w, https:\/\/voyagedelabaleine.fr\/wp-content\/uploads\/2025\/07\/barrette-fille-gros-grain-bordeaux-1-768x1024.jpg 768w, https:\/\/voyagedelabaleine.fr\/wp-content\/uploads\/2025\/07\/barrette-fille-gros-grain-bordeaux-1.jpg 886w\" sizes=\"(max-width: 600px) 100vw, 600px\" \/><img decoding=\"async\" width=\"600\" height=\"800\" src=\"https:\/\/voyagedelabaleine.fr\/wp-content\/uploads\/2025\/07\/barrette-fille-gros-grain-bordeaux-600x800.jpg\" class=\"woo-entry-image-secondary\" alt=\"Grosgrain bow clip &#8211; Bordeaux\" itemprop=\"image\" srcset=\"https:\/\/voyagedelabaleine.fr\/wp-content\/uploads\/2025\/07\/barrette-fille-gros-grain-bordeaux-600x800.jpg 600w, https:\/\/voyagedelabaleine.fr\/wp-content\/uploads\/2025\/07\/barrette-fille-gros-grain-bordeaux-225x300.jpg 225w, https:\/\/voyagedelabaleine.fr\/wp-content\/uploads\/2025\/07\/barrette-fille-gros-grain-bordeaux-768x1024.jpg 768w, https:\/\/voyagedelabaleine.fr\/wp-content\/uploads\/2025\/07\/barrette-fille-gros-grain-bordeaux.jpg 886w\" sizes=\"(max-width: 600px) 100vw, 600px\" \/><\/a>\t<\/div><!-- .woo-entry-image-swap -->\n\n<\/li><li class=\"title\"><h2><a href=\"https:\/\/voyagedelabaleine.fr\/en\/product\/grosgrain-bow-clip-bordeaux\/\">Grosgrain bow clip &#8211; Bordeaux<\/a><\/h2><\/li><li class=\"price-wrap\">\n\t<span class=\"price\"><span class=\"woocommerce-Price-amount amount\"><bdi>8<span class=\"woocommerce-Price-currencySymbol\">&euro;<\/span><\/bdi><\/span><\/span>\n<\/li><\/ul><\/div><!-- .product-inner .clr --><\/li>\n<\/ul>\n<\/div><\/div>\n\t\t\t\t\t\t<\/div>\n\t\t\t\t<\/div>\n\t\t<div class=\"elementor-element elementor-element-95bb030 e-con-full e-flex e-con e-parent\" data-id=\"95bb030\" data-element_type=\"container\" data-e-type=\"container\">\n\t\t\t\t<div class=\"elementor-element elementor-element-8255b31 elementor-widget-divider--separator-type-pattern elementor-widget-divider--view-line elementor-widget elementor-widget-divider\" data-id=\"8255b31\" data-element_type=\"widget\" data-e-type=\"widget\" data-widget_type=\"divider.default\">\n\t\t\t\t\t\t\t<div class=\"elementor-divider\" style=\"--divider-pattern-url: url(&quot;data:image\/svg+xml,%3Csvg xmlns=&#039;http:\/\/www.w3.org\/2000\/svg&#039; preserveAspectRatio=&#039;none&#039; overflow=&#039;visible&#039; height=&#039;100%&#039; viewBox=&#039;0 0 24 24&#039; fill=&#039;black&#039; stroke=&#039;none&#039;%3E%3Cpath d=&#039;M12.7,2.3c-0.4-0.4-1.1-0.4-1.5,0l-8,9.1c-0.3,0.4-0.3,0.9,0,1.2l8,9.1c0.4,0.4,1.1,0.4,1.5,0l8-9.1c0.3-0.4,0.3-0.9,0-1.2L12.7,2.3z&#039;\/%3E%3C\/svg%3E&quot;);\">\n\t\t\t<span class=\"elementor-divider-separator\">\n\t\t\t\t\t\t<\/span>\n\t\t<\/div>\n\t\t\t\t\t\t<\/div>\n\t\t\t\t<div class=\"elementor-element elementor-element-320a4a4 elementor-widget elementor-widget-heading\" data-id=\"320a4a4\" data-element_type=\"widget\" data-e-type=\"widget\" data-widget_type=\"heading.default\">\n\t\t\t\t\t<h2 class=\"elementor-heading-title elementor-size-default\">Navy blue &amp; green: unisex tartan<\/h2>\t\t\t\t<\/div>\n\t\t\t\t<\/div>\n\t\t<div class=\"elementor-element elementor-element-20291ce e-con-full e-flex e-con e-parent\" data-id=\"20291ce\" data-element_type=\"container\" data-e-type=\"container\">\n\t\t\t\t<div class=\"elementor-element elementor-element-438ca7a elementor-widget__width-inherit elementor-widget-mobile__width-inherit elementor-widget elementor-widget-shortcode\" data-id=\"438ca7a\" data-element_type=\"widget\" data-e-type=\"widget\" data-widget_type=\"shortcode.default\">\n\t\t\t\t\t\t\t<div class=\"elementor-shortcode\"><div class=\"woocommerce columns-3 \">\r\n<ul class=\"products oceanwp-row clr grid tablet-col tablet-2-col mobile-col mobile-2-col\">\r\n<li class=\"entry has-media has-rating col span_1_of_3 owp-content-center owp-thumbs-layout-vertical owp-btn-big owp-tabs-layout-vertical circle-sale product type-product post-24806 status-publish first instock product_cat-baby-boy-sweater-vest-cardigan product_cat-baby-girl-sweater-vest-cardigan product_cat-baby-sweater-vest-cardigan product_cat-boy-sweater-vest-cardigan product_cat-chatgpt-a-dit-newborn-sweaters-cardigans-and-vests product_cat-child-sweater-vest-cardigan product_cat-clothing product_cat-girl-sweater-vest-cardigan product_cat-newborn-boy-sweaters-cardigans-knitwear product_cat-newborn-girl-sweaters-cardigans-knitwear has-post-thumbnail taxable shipping-taxable purchasable product-type-variable has-default-attributes\">\n\t<div class=\"product-inner clr\">\n\t<div class=\"woo-entry-image-swap woo-entry-image clr\">\n\t\t<a href=\"https:\/\/voyagedelabaleine.fr\/en\/product\/unisex-baby-cardigan-grey\/\" class=\"woocommerce-LoopProduct-link\"><img decoding=\"async\" width=\"600\" height=\"800\" src=\"https:\/\/voyagedelabaleine.fr\/wp-content\/uploads\/2025\/08\/pull-enfant-laine-motif-hiver-600x800.jpg\" class=\"woo-entry-image-main\" alt=\"Unisex Baby Cardigan &#8211; Grey\" itemprop=\"image\" srcset=\"https:\/\/voyagedelabaleine.fr\/wp-content\/uploads\/2025\/08\/pull-enfant-laine-motif-hiver-600x800.jpg 600w, https:\/\/voyagedelabaleine.fr\/wp-content\/uploads\/2025\/08\/pull-enfant-laine-motif-hiver-225x300.jpg 225w, https:\/\/voyagedelabaleine.fr\/wp-content\/uploads\/2025\/08\/pull-enfant-laine-motif-hiver-768x1023.jpg 768w, https:\/\/voyagedelabaleine.fr\/wp-content\/uploads\/2025\/08\/pull-enfant-laine-motif-hiver-1153x1536.jpg 1153w, https:\/\/voyagedelabaleine.fr\/wp-content\/uploads\/2025\/08\/pull-enfant-laine-motif-hiver.jpg 1500w\" sizes=\"(max-width: 600px) 100vw, 600px\" \/><img decoding=\"async\" width=\"600\" height=\"800\" src=\"https:\/\/voyagedelabaleine.fr\/wp-content\/uploads\/2025\/08\/pull-enfant-laine-motif-hiver-1-600x800.jpg\" class=\"woo-entry-image-secondary\" alt=\"Unisex Baby Cardigan &#8211; Grey\" itemprop=\"image\" srcset=\"https:\/\/voyagedelabaleine.fr\/wp-content\/uploads\/2025\/08\/pull-enfant-laine-motif-hiver-1-600x800.jpg 600w, https:\/\/voyagedelabaleine.fr\/wp-content\/uploads\/2025\/08\/pull-enfant-laine-motif-hiver-1-225x300.jpg 225w, https:\/\/voyagedelabaleine.fr\/wp-content\/uploads\/2025\/08\/pull-enfant-laine-motif-hiver-1-768x1024.jpg 768w, https:\/\/voyagedelabaleine.fr\/wp-content\/uploads\/2025\/08\/pull-enfant-laine-motif-hiver-1-1152x1536.jpg 1152w, https:\/\/voyagedelabaleine.fr\/wp-content\/uploads\/2025\/08\/pull-enfant-laine-motif-hiver-1.jpg 1400w\" sizes=\"(max-width: 600px) 100vw, 600px\" \/><\/a>\t<\/div><!-- .woo-entry-image-swap -->\n\n<ul class=\"woo-entry-inner clr\"><li class=\"image-wrap\">\n\t<div class=\"woo-entry-image-swap woo-entry-image clr\">\n\t\t<a href=\"https:\/\/voyagedelabaleine.fr\/en\/product\/unisex-baby-cardigan-grey\/\" class=\"woocommerce-LoopProduct-link\"><img decoding=\"async\" width=\"600\" height=\"800\" src=\"https:\/\/voyagedelabaleine.fr\/wp-content\/uploads\/2025\/08\/pull-enfant-laine-motif-hiver-600x800.jpg\" class=\"woo-entry-image-main\" alt=\"Unisex Baby Cardigan &#8211; Grey\" itemprop=\"image\" srcset=\"https:\/\/voyagedelabaleine.fr\/wp-content\/uploads\/2025\/08\/pull-enfant-laine-motif-hiver-600x800.jpg 600w, https:\/\/voyagedelabaleine.fr\/wp-content\/uploads\/2025\/08\/pull-enfant-laine-motif-hiver-225x300.jpg 225w, https:\/\/voyagedelabaleine.fr\/wp-content\/uploads\/2025\/08\/pull-enfant-laine-motif-hiver-768x1023.jpg 768w, https:\/\/voyagedelabaleine.fr\/wp-content\/uploads\/2025\/08\/pull-enfant-laine-motif-hiver-1153x1536.jpg 1153w, https:\/\/voyagedelabaleine.fr\/wp-content\/uploads\/2025\/08\/pull-enfant-laine-motif-hiver.jpg 1500w\" sizes=\"(max-width: 600px) 100vw, 600px\" \/><img decoding=\"async\" width=\"600\" height=\"800\" src=\"https:\/\/voyagedelabaleine.fr\/wp-content\/uploads\/2025\/08\/pull-enfant-laine-motif-hiver-1-600x800.jpg\" class=\"woo-entry-image-secondary\" alt=\"Unisex Baby Cardigan &#8211; Grey\" itemprop=\"image\" srcset=\"https:\/\/voyagedelabaleine.fr\/wp-content\/uploads\/2025\/08\/pull-enfant-laine-motif-hiver-1-600x800.jpg 600w, https:\/\/voyagedelabaleine.fr\/wp-content\/uploads\/2025\/08\/pull-enfant-laine-motif-hiver-1-225x300.jpg 225w, https:\/\/voyagedelabaleine.fr\/wp-content\/uploads\/2025\/08\/pull-enfant-laine-motif-hiver-1-768x1024.jpg 768w, https:\/\/voyagedelabaleine.fr\/wp-content\/uploads\/2025\/08\/pull-enfant-laine-motif-hiver-1-1152x1536.jpg 1152w, https:\/\/voyagedelabaleine.fr\/wp-content\/uploads\/2025\/08\/pull-enfant-laine-motif-hiver-1.jpg 1400w\" sizes=\"(max-width: 600px) 100vw, 600px\" \/><\/a>\t<\/div><!-- .woo-entry-image-swap -->\n\n<\/li><li class=\"title\"><h2><a href=\"https:\/\/voyagedelabaleine.fr\/en\/product\/unisex-baby-cardigan-grey\/\">Unisex Baby Cardigan &#8211; Grey<\/a><\/h2><\/li><li class=\"price-wrap\">\n\t<span class=\"price\"><span class=\"woocommerce-Price-amount amount\"><bdi>64<span class=\"woocommerce-Price-currencySymbol\">&euro;<\/span><\/bdi><\/span><\/span>\n<\/li><\/ul><\/div><!-- .product-inner .clr --><\/li>\n<li class=\"entry has-media col span_1_of_3 owp-content-center owp-thumbs-layout-vertical owp-btn-big owp-tabs-layout-vertical circle-sale product type-product post-24474 status-publish instock product_cat-baby-bloomer-shorts-trousers product_cat-baby-boy-bloomer-shorts-trousers product_cat-baby-girl-bloomer-shorts-trousers product_cat-clothing product_cat-newborn-bloomer-shorts-and-pants product_cat-newborn-boy-bloomers-shorts-pants product_cat-newborn-girl-bloomers-shorts-pants has-post-thumbnail taxable shipping-taxable purchasable product-type-variable has-default-attributes\">\n\t<div class=\"product-inner clr\">\n\t<div class=\"woo-entry-image-swap woo-entry-image clr\">\n\t\t<a href=\"https:\/\/voyagedelabaleine.fr\/en\/product\/tartan-baby-bloomer-blue\/\" class=\"woocommerce-LoopProduct-link\"><img decoding=\"async\" width=\"600\" height=\"800\" src=\"https:\/\/voyagedelabaleine.fr\/wp-content\/uploads\/2025\/11\/bloomer-bebe-ecossais-vert-2-600x800.jpg\" class=\"woo-entry-image-main\" alt=\"Tartan baby bloomer &#8211; Blue\" itemprop=\"image\" srcset=\"https:\/\/voyagedelabaleine.fr\/wp-content\/uploads\/2025\/11\/bloomer-bebe-ecossais-vert-2-600x800.jpg 600w, https:\/\/voyagedelabaleine.fr\/wp-content\/uploads\/2025\/11\/bloomer-bebe-ecossais-vert-2-225x300.jpg 225w, https:\/\/voyagedelabaleine.fr\/wp-content\/uploads\/2025\/11\/bloomer-bebe-ecossais-vert-2-768x1024.jpg 768w, https:\/\/voyagedelabaleine.fr\/wp-content\/uploads\/2025\/11\/bloomer-bebe-ecossais-vert-2-1152x1536.jpg 1152w, https:\/\/voyagedelabaleine.fr\/wp-content\/uploads\/2025\/11\/bloomer-bebe-ecossais-vert-2-scaled.jpg 1537w\" sizes=\"(max-width: 600px) 100vw, 600px\" \/><img decoding=\"async\" width=\"600\" height=\"800\" src=\"https:\/\/voyagedelabaleine.fr\/wp-content\/uploads\/2025\/11\/bloomer-bebe-ecossais-vert-600x800.jpg\" class=\"woo-entry-image-secondary\" alt=\"Tartan baby bloomer &#8211; Blue\" itemprop=\"image\" srcset=\"https:\/\/voyagedelabaleine.fr\/wp-content\/uploads\/2025\/11\/bloomer-bebe-ecossais-vert-600x800.jpg 600w, https:\/\/voyagedelabaleine.fr\/wp-content\/uploads\/2025\/11\/bloomer-bebe-ecossais-vert-225x300.jpg 225w, https:\/\/voyagedelabaleine.fr\/wp-content\/uploads\/2025\/11\/bloomer-bebe-ecossais-vert-768x1023.jpg 768w, https:\/\/voyagedelabaleine.fr\/wp-content\/uploads\/2025\/11\/bloomer-bebe-ecossais-vert-1153x1536.jpg 1153w, https:\/\/voyagedelabaleine.fr\/wp-content\/uploads\/2025\/11\/bloomer-bebe-ecossais-vert.jpg 1500w\" sizes=\"(max-width: 600px) 100vw, 600px\" \/><\/a>\t<\/div><!-- .woo-entry-image-swap -->\n\n<ul class=\"woo-entry-inner clr\"><li class=\"image-wrap\">\n\t<div class=\"woo-entry-image-swap woo-entry-image clr\">\n\t\t<a href=\"https:\/\/voyagedelabaleine.fr\/en\/product\/tartan-baby-bloomer-blue\/\" class=\"woocommerce-LoopProduct-link\"><img decoding=\"async\" width=\"600\" height=\"800\" src=\"https:\/\/voyagedelabaleine.fr\/wp-content\/uploads\/2025\/11\/bloomer-bebe-ecossais-vert-2-600x800.jpg\" class=\"woo-entry-image-main\" alt=\"Tartan baby bloomer &#8211; Blue\" itemprop=\"image\" srcset=\"https:\/\/voyagedelabaleine.fr\/wp-content\/uploads\/2025\/11\/bloomer-bebe-ecossais-vert-2-600x800.jpg 600w, https:\/\/voyagedelabaleine.fr\/wp-content\/uploads\/2025\/11\/bloomer-bebe-ecossais-vert-2-225x300.jpg 225w, https:\/\/voyagedelabaleine.fr\/wp-content\/uploads\/2025\/11\/bloomer-bebe-ecossais-vert-2-768x1024.jpg 768w, https:\/\/voyagedelabaleine.fr\/wp-content\/uploads\/2025\/11\/bloomer-bebe-ecossais-vert-2-1152x1536.jpg 1152w, https:\/\/voyagedelabaleine.fr\/wp-content\/uploads\/2025\/11\/bloomer-bebe-ecossais-vert-2-scaled.jpg 1537w\" sizes=\"(max-width: 600px) 100vw, 600px\" \/><img decoding=\"async\" width=\"600\" height=\"800\" src=\"https:\/\/voyagedelabaleine.fr\/wp-content\/uploads\/2025\/11\/bloomer-bebe-ecossais-vert-600x800.jpg\" class=\"woo-entry-image-secondary\" alt=\"Tartan baby bloomer &#8211; Blue\" itemprop=\"image\" srcset=\"https:\/\/voyagedelabaleine.fr\/wp-content\/uploads\/2025\/11\/bloomer-bebe-ecossais-vert-600x800.jpg 600w, https:\/\/voyagedelabaleine.fr\/wp-content\/uploads\/2025\/11\/bloomer-bebe-ecossais-vert-225x300.jpg 225w, https:\/\/voyagedelabaleine.fr\/wp-content\/uploads\/2025\/11\/bloomer-bebe-ecossais-vert-768x1023.jpg 768w, https:\/\/voyagedelabaleine.fr\/wp-content\/uploads\/2025\/11\/bloomer-bebe-ecossais-vert-1153x1536.jpg 1153w, https:\/\/voyagedelabaleine.fr\/wp-content\/uploads\/2025\/11\/bloomer-bebe-ecossais-vert.jpg 1500w\" sizes=\"(max-width: 600px) 100vw, 600px\" \/><\/a>\t<\/div><!-- .woo-entry-image-swap -->\n\n<\/li><li class=\"title\"><h2><a href=\"https:\/\/voyagedelabaleine.fr\/en\/product\/tartan-baby-bloomer-blue\/\">Tartan baby bloomer &#8211; Blue<\/a><\/h2><\/li><li class=\"price-wrap\">\n\t<span class=\"price\"><span class=\"woocommerce-Price-amount amount\"><bdi>28<span class=\"woocommerce-Price-currencySymbol\">&euro;<\/span><\/bdi><\/span><\/span>\n<\/li><\/ul><\/div><!-- .product-inner .clr --><\/li>\n<li class=\"entry has-media has-rating col span_1_of_3 owp-content-center owp-thumbs-layout-vertical owp-btn-big owp-tabs-layout-vertical circle-sale product type-product post-26058 status-publish last instock product_cat-baby-and-child-socks-tights product_cat-baby-boy-socks-tights product_cat-baby-girl-socks-tights product_cat-boy-socks-tights product_cat-child-socks-tights product_cat-girl-socks-tights product_cat-newborn-boy-socks-tights product_cat-newborn-girl-socks-tights product_cat-newborn-socks-tights has-post-thumbnail taxable shipping-taxable purchasable product-type-variable has-default-attributes\">\n\t<div class=\"product-inner clr\">\n\t<div class=\"woo-entry-image-swap woo-entry-image clr\">\n\t\t<a href=\"https:\/\/voyagedelabaleine.fr\/en\/product\/baby-ribbed-tights-navy-blue\/\" class=\"woocommerce-LoopProduct-link\"><img decoding=\"async\" width=\"600\" height=\"800\" src=\"https:\/\/voyagedelabaleine.fr\/wp-content\/uploads\/2024\/11\/92357-thickbox_default-fotor-20241121232344-600x800.jpg\" class=\"woo-entry-image-main\" alt=\"Baby Ribbed Tights &#8211; Navy Blue\" itemprop=\"image\" srcset=\"https:\/\/voyagedelabaleine.fr\/wp-content\/uploads\/2024\/11\/92357-thickbox_default-fotor-20241121232344-600x800.jpg 600w, https:\/\/voyagedelabaleine.fr\/wp-content\/uploads\/2024\/11\/92357-thickbox_default-fotor-20241121232344-225x300.jpg 225w, https:\/\/voyagedelabaleine.fr\/wp-content\/uploads\/2024\/11\/92357-thickbox_default-fotor-20241121232344-768x1024.jpg 768w, https:\/\/voyagedelabaleine.fr\/wp-content\/uploads\/2024\/11\/92357-thickbox_default-fotor-20241121232344.jpg 800w\" sizes=\"(max-width: 600px) 100vw, 600px\" \/><img decoding=\"async\" width=\"600\" height=\"800\" src=\"https:\/\/voyagedelabaleine.fr\/wp-content\/uploads\/2024\/11\/92357-thickbox_default-fotor-20241121232440-600x800.jpg\" class=\"woo-entry-image-secondary\" alt=\"Baby Ribbed Tights &#8211; Navy Blue\" itemprop=\"image\" srcset=\"https:\/\/voyagedelabaleine.fr\/wp-content\/uploads\/2024\/11\/92357-thickbox_default-fotor-20241121232440-600x800.jpg 600w, https:\/\/voyagedelabaleine.fr\/wp-content\/uploads\/2024\/11\/92357-thickbox_default-fotor-20241121232440-225x300.jpg 225w, https:\/\/voyagedelabaleine.fr\/wp-content\/uploads\/2024\/11\/92357-thickbox_default-fotor-20241121232440-768x1024.jpg 768w, https:\/\/voyagedelabaleine.fr\/wp-content\/uploads\/2024\/11\/92357-thickbox_default-fotor-20241121232440.jpg 800w\" sizes=\"(max-width: 600px) 100vw, 600px\" \/><\/a>\t<\/div><!-- .woo-entry-image-swap -->\n\n<ul class=\"woo-entry-inner clr\"><li class=\"image-wrap\">\n\t<div class=\"woo-entry-image-swap woo-entry-image clr\">\n\t\t<a href=\"https:\/\/voyagedelabaleine.fr\/en\/product\/baby-ribbed-tights-navy-blue\/\" class=\"woocommerce-LoopProduct-link\"><img decoding=\"async\" width=\"600\" height=\"800\" src=\"https:\/\/voyagedelabaleine.fr\/wp-content\/uploads\/2024\/11\/92357-thickbox_default-fotor-20241121232344-600x800.jpg\" class=\"woo-entry-image-main\" alt=\"Baby Ribbed Tights &#8211; Navy Blue\" itemprop=\"image\" srcset=\"https:\/\/voyagedelabaleine.fr\/wp-content\/uploads\/2024\/11\/92357-thickbox_default-fotor-20241121232344-600x800.jpg 600w, https:\/\/voyagedelabaleine.fr\/wp-content\/uploads\/2024\/11\/92357-thickbox_default-fotor-20241121232344-225x300.jpg 225w, https:\/\/voyagedelabaleine.fr\/wp-content\/uploads\/2024\/11\/92357-thickbox_default-fotor-20241121232344-768x1024.jpg 768w, https:\/\/voyagedelabaleine.fr\/wp-content\/uploads\/2024\/11\/92357-thickbox_default-fotor-20241121232344.jpg 800w\" sizes=\"(max-width: 600px) 100vw, 600px\" \/><img decoding=\"async\" width=\"600\" height=\"800\" src=\"https:\/\/voyagedelabaleine.fr\/wp-content\/uploads\/2024\/11\/92357-thickbox_default-fotor-20241121232440-600x800.jpg\" class=\"woo-entry-image-secondary\" alt=\"Baby Ribbed Tights &#8211; Navy Blue\" itemprop=\"image\" srcset=\"https:\/\/voyagedelabaleine.fr\/wp-content\/uploads\/2024\/11\/92357-thickbox_default-fotor-20241121232440-600x800.jpg 600w, https:\/\/voyagedelabaleine.fr\/wp-content\/uploads\/2024\/11\/92357-thickbox_default-fotor-20241121232440-225x300.jpg 225w, https:\/\/voyagedelabaleine.fr\/wp-content\/uploads\/2024\/11\/92357-thickbox_default-fotor-20241121232440-768x1024.jpg 768w, https:\/\/voyagedelabaleine.fr\/wp-content\/uploads\/2024\/11\/92357-thickbox_default-fotor-20241121232440.jpg 800w\" sizes=\"(max-width: 600px) 100vw, 600px\" \/><\/a>\t<\/div><!-- .woo-entry-image-swap -->\n\n<\/li><li class=\"title\"><h2><a href=\"https:\/\/voyagedelabaleine.fr\/en\/product\/baby-ribbed-tights-navy-blue\/\">Baby Ribbed Tights &#8211; Navy Blue<\/a><\/h2><\/li><li class=\"price-wrap\">\n\t<span class=\"price\"><span class=\"woocommerce-Price-amount amount\"><bdi>14<span class=\"woocommerce-Price-currencySymbol\">&euro;<\/span><\/bdi><\/span><\/span>\n<\/li><\/ul><\/div><!-- .product-inner .clr --><\/li>\n<\/ul>\n<\/div><\/div>\n\t\t\t\t\t\t<\/div>\n\t\t\t\t<\/div>\n\t\t<div class=\"elementor-element elementor-element-c77da96 e-con-full e-flex e-con e-parent\" data-id=\"c77da96\" data-element_type=\"container\" data-e-type=\"container\">\n\t\t\t\t<div class=\"elementor-element elementor-element-d09092b elementor-widget-divider--separator-type-pattern elementor-widget-divider--view-line elementor-widget elementor-widget-divider\" data-id=\"d09092b\" data-element_type=\"widget\" data-e-type=\"widget\" data-widget_type=\"divider.default\">\n\t\t\t\t\t\t\t<div class=\"elementor-divider\" style=\"--divider-pattern-url: url(&quot;data:image\/svg+xml,%3Csvg xmlns=&#039;http:\/\/www.w3.org\/2000\/svg&#039; preserveAspectRatio=&#039;none&#039; overflow=&#039;visible&#039; height=&#039;100%&#039; viewBox=&#039;0 0 24 24&#039; fill=&#039;black&#039; stroke=&#039;none&#039;%3E%3Cpath d=&#039;M12.7,2.3c-0.4-0.4-1.1-0.4-1.5,0l-8,9.1c-0.3,0.4-0.3,0.9,0,1.2l8,9.1c0.4,0.4,1.1,0.4,1.5,0l8-9.1c0.3-0.4,0.3-0.9,0-1.2L12.7,2.3z&#039;\/%3E%3C\/svg%3E&quot;);\">\n\t\t\t<span class=\"elementor-divider-separator\">\n\t\t\t\t\t\t<\/span>\n\t\t<\/div>\n\t\t\t\t\t\t<\/div>\n\t\t\t\t<div class=\"elementor-element elementor-element-5ccdc69 elementor-widget elementor-widget-heading\" data-id=\"5ccdc69\" data-element_type=\"widget\" data-e-type=\"widget\" data-widget_type=\"heading.default\">\n\t\t\t\t\t<h2 class=\"elementor-heading-title elementor-size-default\">Classic chic: pinafore &amp; chevrons<\/h2>\t\t\t\t<\/div>\n\t\t\t\t<\/div>\n\t\t<div class=\"elementor-element elementor-element-f5f2e9b e-con-full e-flex e-con e-parent\" data-id=\"f5f2e9b\" data-element_type=\"container\" data-e-type=\"container\">\n\t\t\t\t<div class=\"elementor-element elementor-element-6ae1f75 elementor-widget__width-inherit elementor-widget-mobile__width-inherit elementor-widget elementor-widget-shortcode\" data-id=\"6ae1f75\" data-element_type=\"widget\" data-e-type=\"widget\" data-widget_type=\"shortcode.default\">\n\t\t\t\t\t\t\t<div class=\"elementor-shortcode\"><div class=\"woocommerce columns-2 \">\r\n<ul class=\"products oceanwp-row clr grid tablet-col tablet-2-col mobile-col mobile-2-col\">\r\n<li class=\"entry has-media col span_1_of_2 owp-content-center owp-thumbs-layout-vertical owp-btn-big owp-tabs-layout-vertical circle-sale product type-product post-25322 status-publish first instock product_cat-baby-blouse-shirt product_cat-baby-girl-blouse-shirt product_cat-child-blouse-shirt product_cat-clothing product_cat-girl-blouse-shirt product_cat-newborn-blouse-shirt product_cat-newborn-girl-blouses-shirts has-post-thumbnail taxable shipping-taxable purchasable product-type-variable has-default-attributes\">\n\t<div class=\"product-inner clr\">\n\t<div class=\"woo-entry-image-swap woo-entry-image clr\">\n\t\t<a href=\"https:\/\/voyagedelabaleine.fr\/en\/product\/baby-girls-long-sleeved-cotton-blouse-cream\/\" class=\"woocommerce-LoopProduct-link\"><img decoding=\"async\" width=\"600\" height=\"800\" src=\"https:\/\/voyagedelabaleine.fr\/wp-content\/uploads\/2025\/07\/blouse-bebe-fille-manches-longues-creme-1-600x800.jpg\" class=\"woo-entry-image-main\" alt=\"Baby Girl&#8217;s Long-Sleeved Cotton Blouse &#8211; Cream\" itemprop=\"image\" srcset=\"https:\/\/voyagedelabaleine.fr\/wp-content\/uploads\/2025\/07\/blouse-bebe-fille-manches-longues-creme-1-600x800.jpg 600w, https:\/\/voyagedelabaleine.fr\/wp-content\/uploads\/2025\/07\/blouse-bebe-fille-manches-longues-creme-1-225x300.jpg 225w, https:\/\/voyagedelabaleine.fr\/wp-content\/uploads\/2025\/07\/blouse-bebe-fille-manches-longues-creme-1-768x1024.jpg 768w, https:\/\/voyagedelabaleine.fr\/wp-content\/uploads\/2025\/07\/blouse-bebe-fille-manches-longues-creme-1.jpg 1100w\" sizes=\"(max-width: 600px) 100vw, 600px\" \/><img decoding=\"async\" width=\"600\" height=\"800\" src=\"https:\/\/voyagedelabaleine.fr\/wp-content\/uploads\/2025\/07\/blouse-bebe-fille-manches-longues-creme-2-600x800.jpg\" class=\"woo-entry-image-secondary\" alt=\"Baby Girl&#8217;s Long-Sleeved Cotton Blouse &#8211; Cream\" itemprop=\"image\" srcset=\"https:\/\/voyagedelabaleine.fr\/wp-content\/uploads\/2025\/07\/blouse-bebe-fille-manches-longues-creme-2-600x800.jpg 600w, https:\/\/voyagedelabaleine.fr\/wp-content\/uploads\/2025\/07\/blouse-bebe-fille-manches-longues-creme-2-225x300.jpg 225w, https:\/\/voyagedelabaleine.fr\/wp-content\/uploads\/2025\/07\/blouse-bebe-fille-manches-longues-creme-2-768x1024.jpg 768w, https:\/\/voyagedelabaleine.fr\/wp-content\/uploads\/2025\/07\/blouse-bebe-fille-manches-longues-creme-2-1152x1536.jpg 1152w, https:\/\/voyagedelabaleine.fr\/wp-content\/uploads\/2025\/07\/blouse-bebe-fille-manches-longues-creme-2.jpg 1273w\" sizes=\"(max-width: 600px) 100vw, 600px\" \/><\/a>\t<\/div><!-- .woo-entry-image-swap -->\n\n<ul class=\"woo-entry-inner clr\"><li class=\"image-wrap\">\n\t<div class=\"woo-entry-image-swap woo-entry-image clr\">\n\t\t<a href=\"https:\/\/voyagedelabaleine.fr\/en\/product\/baby-girls-long-sleeved-cotton-blouse-cream\/\" class=\"woocommerce-LoopProduct-link\"><img decoding=\"async\" width=\"600\" height=\"800\" src=\"https:\/\/voyagedelabaleine.fr\/wp-content\/uploads\/2025\/07\/blouse-bebe-fille-manches-longues-creme-1-600x800.jpg\" class=\"woo-entry-image-main\" alt=\"Baby Girl&#8217;s Long-Sleeved Cotton Blouse &#8211; Cream\" itemprop=\"image\" srcset=\"https:\/\/voyagedelabaleine.fr\/wp-content\/uploads\/2025\/07\/blouse-bebe-fille-manches-longues-creme-1-600x800.jpg 600w, https:\/\/voyagedelabaleine.fr\/wp-content\/uploads\/2025\/07\/blouse-bebe-fille-manches-longues-creme-1-225x300.jpg 225w, https:\/\/voyagedelabaleine.fr\/wp-content\/uploads\/2025\/07\/blouse-bebe-fille-manches-longues-creme-1-768x1024.jpg 768w, https:\/\/voyagedelabaleine.fr\/wp-content\/uploads\/2025\/07\/blouse-bebe-fille-manches-longues-creme-1.jpg 1100w\" sizes=\"(max-width: 600px) 100vw, 600px\" \/><img decoding=\"async\" width=\"600\" height=\"800\" src=\"https:\/\/voyagedelabaleine.fr\/wp-content\/uploads\/2025\/07\/blouse-bebe-fille-manches-longues-creme-2-600x800.jpg\" class=\"woo-entry-image-secondary\" alt=\"Baby Girl&#8217;s Long-Sleeved Cotton Blouse &#8211; Cream\" itemprop=\"image\" srcset=\"https:\/\/voyagedelabaleine.fr\/wp-content\/uploads\/2025\/07\/blouse-bebe-fille-manches-longues-creme-2-600x800.jpg 600w, https:\/\/voyagedelabaleine.fr\/wp-content\/uploads\/2025\/07\/blouse-bebe-fille-manches-longues-creme-2-225x300.jpg 225w, https:\/\/voyagedelabaleine.fr\/wp-content\/uploads\/2025\/07\/blouse-bebe-fille-manches-longues-creme-2-768x1024.jpg 768w, https:\/\/voyagedelabaleine.fr\/wp-content\/uploads\/2025\/07\/blouse-bebe-fille-manches-longues-creme-2-1152x1536.jpg 1152w, https:\/\/voyagedelabaleine.fr\/wp-content\/uploads\/2025\/07\/blouse-bebe-fille-manches-longues-creme-2.jpg 1273w\" sizes=\"(max-width: 600px) 100vw, 600px\" \/><\/a>\t<\/div><!-- .woo-entry-image-swap -->\n\n<\/li><li class=\"title\"><h2><a href=\"https:\/\/voyagedelabaleine.fr\/en\/product\/baby-girls-long-sleeved-cotton-blouse-cream\/\">Baby Girl&#8217;s Long-Sleeved Cotton Blouse &#8211; Cream<\/a><\/h2><\/li><li class=\"price-wrap\">\n\t<span class=\"price\"><span class=\"woocommerce-Price-amount amount\"><bdi>36<span class=\"woocommerce-Price-currencySymbol\">&euro;<\/span><\/bdi><\/span><\/span>\n<\/li><\/ul><\/div><!-- .product-inner .clr --><\/li>\n<li class=\"entry has-media col span_1_of_2 owp-content-center owp-thumbs-layout-vertical owp-btn-big owp-tabs-layout-vertical circle-sale product type-product post-27656 status-publish last instock product_cat-baby-dress product_cat-baby-girl product_cat-clothing product_cat-girl product_cat-girl-dress has-post-thumbnail taxable shipping-taxable purchasable product-type-variable has-default-attributes\">\n\t<div class=\"product-inner clr\">\n\t<div class=\"woo-entry-image-swap woo-entry-image clr\">\n\t\t<a href=\"https:\/\/voyagedelabaleine.fr\/en\/product\/girls-chevron-knit-pinafore-dress-beige\/\" class=\"woocommerce-LoopProduct-link\"><img decoding=\"async\" width=\"600\" height=\"800\" src=\"https:\/\/voyagedelabaleine.fr\/wp-content\/uploads\/2025\/07\/robe-chasuble-maille-1-600x800.jpg\" class=\"woo-entry-image-main\" alt=\"Girl&#8217;s Chevron Knit Pinafore Dress &#8211; Beige\" itemprop=\"image\" srcset=\"https:\/\/voyagedelabaleine.fr\/wp-content\/uploads\/2025\/07\/robe-chasuble-maille-1-600x800.jpg 600w, https:\/\/voyagedelabaleine.fr\/wp-content\/uploads\/2025\/07\/robe-chasuble-maille-1-225x300.jpg 225w, https:\/\/voyagedelabaleine.fr\/wp-content\/uploads\/2025\/07\/robe-chasuble-maille-1-768x1024.jpg 768w, https:\/\/voyagedelabaleine.fr\/wp-content\/uploads\/2025\/07\/robe-chasuble-maille-1.jpg 1000w\" sizes=\"(max-width: 600px) 100vw, 600px\" \/><img decoding=\"async\" width=\"600\" height=\"800\" src=\"https:\/\/voyagedelabaleine.fr\/wp-content\/uploads\/2025\/07\/robe-chasuble-enfant-fille-maille-chevrons-1-600x800.jpg\" class=\"woo-entry-image-secondary\" alt=\"Girl&#8217;s Chevron Knit Pinafore Dress &#8211; Beige\" itemprop=\"image\" srcset=\"https:\/\/voyagedelabaleine.fr\/wp-content\/uploads\/2025\/07\/robe-chasuble-enfant-fille-maille-chevrons-1-600x800.jpg 600w, https:\/\/voyagedelabaleine.fr\/wp-content\/uploads\/2025\/07\/robe-chasuble-enfant-fille-maille-chevrons-1-224x300.jpg 224w\" sizes=\"(max-width: 600px) 100vw, 600px\" \/><\/a>\t<\/div><!-- .woo-entry-image-swap -->\n\n<ul class=\"woo-entry-inner clr\"><li class=\"image-wrap\">\n\t<div class=\"woo-entry-image-swap woo-entry-image clr\">\n\t\t<a href=\"https:\/\/voyagedelabaleine.fr\/en\/product\/girls-chevron-knit-pinafore-dress-beige\/\" class=\"woocommerce-LoopProduct-link\"><img decoding=\"async\" width=\"600\" height=\"800\" src=\"https:\/\/voyagedelabaleine.fr\/wp-content\/uploads\/2025\/07\/robe-chasuble-maille-1-600x800.jpg\" class=\"woo-entry-image-main\" alt=\"Girl&#8217;s Chevron Knit Pinafore Dress &#8211; Beige\" itemprop=\"image\" srcset=\"https:\/\/voyagedelabaleine.fr\/wp-content\/uploads\/2025\/07\/robe-chasuble-maille-1-600x800.jpg 600w, https:\/\/voyagedelabaleine.fr\/wp-content\/uploads\/2025\/07\/robe-chasuble-maille-1-225x300.jpg 225w, https:\/\/voyagedelabaleine.fr\/wp-content\/uploads\/2025\/07\/robe-chasuble-maille-1-768x1024.jpg 768w, https:\/\/voyagedelabaleine.fr\/wp-content\/uploads\/2025\/07\/robe-chasuble-maille-1.jpg 1000w\" sizes=\"(max-width: 600px) 100vw, 600px\" \/><img decoding=\"async\" width=\"600\" height=\"800\" src=\"https:\/\/voyagedelabaleine.fr\/wp-content\/uploads\/2025\/07\/robe-chasuble-enfant-fille-maille-chevrons-1-600x800.jpg\" class=\"woo-entry-image-secondary\" alt=\"Girl&#8217;s Chevron Knit Pinafore Dress &#8211; Beige\" itemprop=\"image\" srcset=\"https:\/\/voyagedelabaleine.fr\/wp-content\/uploads\/2025\/07\/robe-chasuble-enfant-fille-maille-chevrons-1-600x800.jpg 600w, https:\/\/voyagedelabaleine.fr\/wp-content\/uploads\/2025\/07\/robe-chasuble-enfant-fille-maille-chevrons-1-224x300.jpg 224w\" sizes=\"(max-width: 600px) 100vw, 600px\" \/><\/a>\t<\/div><!-- .woo-entry-image-swap -->\n\n<\/li><li class=\"title\"><h2><a href=\"https:\/\/voyagedelabaleine.fr\/en\/product\/girls-chevron-knit-pinafore-dress-beige\/\">Girl&#8217;s Chevron Knit Pinafore Dress &#8211; Beige<\/a><\/h2><\/li><li class=\"price-wrap\">\n\t<span class=\"price\"><span class=\"woocommerce-Price-amount amount\"><bdi>62<span class=\"woocommerce-Price-currencySymbol\">&euro;<\/span><\/bdi><\/span><\/span>\n<\/li><\/ul><\/div><!-- .product-inner .clr --><\/li>\n<\/ul>\n<\/div><\/div>\n\t\t\t\t\t\t<\/div>\n\t\t\t\t<\/div>\n\t\t<div class=\"elementor-element elementor-element-fda3f63 e-con-full e-flex e-con e-parent\" data-id=\"fda3f63\" data-element_type=\"container\" data-e-type=\"container\">\n\t\t\t\t<div class=\"elementor-element elementor-element-2a7657e elementor-widget-divider--separator-type-pattern elementor-widget-divider--view-line elementor-widget elementor-widget-divider\" data-id=\"2a7657e\" data-element_type=\"widget\" data-e-type=\"widget\" data-widget_type=\"divider.default\">\n\t\t\t\t\t\t\t<div class=\"elementor-divider\" style=\"--divider-pattern-url: url(&quot;data:image\/svg+xml,%3Csvg xmlns=&#039;http:\/\/www.w3.org\/2000\/svg&#039; preserveAspectRatio=&#039;none&#039; overflow=&#039;visible&#039; height=&#039;100%&#039; viewBox=&#039;0 0 24 24&#039; fill=&#039;black&#039; stroke=&#039;none&#039;%3E%3Cpath d=&#039;M12.7,2.3c-0.4-0.4-1.1-0.4-1.5,0l-8,9.1c-0.3,0.4-0.3,0.9,0,1.2l8,9.1c0.4,0.4,1.1,0.4,1.5,0l8-9.1c0.3-0.4,0.3-0.9,0-1.2L12.7,2.3z&#039;\/%3E%3C\/svg%3E&quot;);\">\n\t\t\t<span class=\"elementor-divider-separator\">\n\t\t\t\t\t\t<\/span>\n\t\t<\/div>\n\t\t\t\t\t\t<\/div>\n\t\t\t\t<div class=\"elementor-element elementor-element-edcbde7 elementor-widget elementor-widget-heading\" data-id=\"edcbde7\" data-element_type=\"widget\" data-e-type=\"widget\" data-widget_type=\"heading.default\">\n\t\t\t\t\t<h2 class=\"elementor-heading-title elementor-size-default\">Red &amp; blue: traditional tartan<\/h2>\t\t\t\t<\/div>\n\t\t\t\t<\/div>\n\t\t<div class=\"elementor-element elementor-element-449acc3 e-con-full e-flex e-con e-parent\" data-id=\"449acc3\" data-element_type=\"container\" data-e-type=\"container\">\n\t\t\t\t<div class=\"elementor-element elementor-element-43e8006 elementor-widget__width-inherit elementor-widget-mobile__width-inherit elementor-widget elementor-widget-shortcode\" data-id=\"43e8006\" data-element_type=\"widget\" data-e-type=\"widget\" data-widget_type=\"shortcode.default\">\n\t\t\t\t\t\t\t<div class=\"elementor-shortcode\"><div class=\"woocommerce columns-3 \">\r\n<ul class=\"products oceanwp-row clr grid tablet-col tablet-2-col mobile-col mobile-2-col\">\r\n<li class=\"entry has-media col span_1_of_3 owp-content-center owp-thumbs-layout-vertical owp-btn-big owp-tabs-layout-vertical circle-sale product type-product post-19275 status-publish first outofstock product_cat-accessoires-bebes product_cat-accessoires-bebe-fille product_cat-accessoires-naissance product_cat-accessoires-naissance-fille has-post-thumbnail taxable shipping-taxable purchasable product-type-variable has-default-attributes\">\n\t<div class=\"product-inner clr\">\n\t<div class=\"woo-entry-image-swap woo-entry-image clr\">\n\t\t<a href=\"https:\/\/voyagedelabaleine.fr\/en\/product\/beguin-bebe-ecossais-rouge\/\" class=\"woocommerce-LoopProduct-link\"><img decoding=\"async\" width=\"600\" height=\"800\" src=\"https:\/\/voyagedelabaleine.fr\/wp-content\/uploads\/2025\/07\/beguin-bebe-ecossais-rouge-600x800.jpg\" class=\"woo-entry-image-main\" alt=\"B\u00e9guin b\u00e9b\u00e9 \u00e9cossais &#8211; Rouge\" itemprop=\"image\" srcset=\"https:\/\/voyagedelabaleine.fr\/wp-content\/uploads\/2025\/07\/beguin-bebe-ecossais-rouge-600x800.jpg 600w, https:\/\/voyagedelabaleine.fr\/wp-content\/uploads\/2025\/07\/beguin-bebe-ecossais-rouge-225x300.jpg 225w, https:\/\/voyagedelabaleine.fr\/wp-content\/uploads\/2025\/07\/beguin-bebe-ecossais-rouge-768x1024.jpg 768w, https:\/\/voyagedelabaleine.fr\/wp-content\/uploads\/2025\/07\/beguin-bebe-ecossais-rouge.jpg 838w\" sizes=\"(max-width: 600px) 100vw, 600px\" \/><img decoding=\"async\" width=\"428\" height=\"571\" src=\"https:\/\/voyagedelabaleine.fr\/wp-content\/uploads\/2025\/07\/beguin-bebe-ecossais-rouge-1.jpg\" class=\"woo-entry-image-secondary\" alt=\"B\u00e9guin b\u00e9b\u00e9 \u00e9cossais &#8211; Rouge\" itemprop=\"image\" srcset=\"https:\/\/voyagedelabaleine.fr\/wp-content\/uploads\/2025\/07\/beguin-bebe-ecossais-rouge-1.jpg 428w, https:\/\/voyagedelabaleine.fr\/wp-content\/uploads\/2025\/07\/beguin-bebe-ecossais-rouge-1-225x300.jpg 225w\" sizes=\"(max-width: 428px) 100vw, 428px\" \/><\/a>\t<\/div><!-- .woo-entry-image-swap -->\n\n<ul class=\"woo-entry-inner clr\"><li class=\"image-wrap\">\t\t\t\t<div class=\"outofstock-badge\">\n\t\t\t\t\tSold out \u2013 very popular\t\t\t\t<\/div><!-- .product-entry-out-of-stock-badge -->\n\t\t\t\t\n\t<div class=\"woo-entry-image-swap woo-entry-image clr\">\n\t\t<a href=\"https:\/\/voyagedelabaleine.fr\/en\/product\/beguin-bebe-ecossais-rouge\/\" class=\"woocommerce-LoopProduct-link\"><img decoding=\"async\" width=\"600\" height=\"800\" src=\"https:\/\/voyagedelabaleine.fr\/wp-content\/uploads\/2025\/07\/beguin-bebe-ecossais-rouge-600x800.jpg\" class=\"woo-entry-image-main\" alt=\"B\u00e9guin b\u00e9b\u00e9 \u00e9cossais &#8211; Rouge\" itemprop=\"image\" srcset=\"https:\/\/voyagedelabaleine.fr\/wp-content\/uploads\/2025\/07\/beguin-bebe-ecossais-rouge-600x800.jpg 600w, https:\/\/voyagedelabaleine.fr\/wp-content\/uploads\/2025\/07\/beguin-bebe-ecossais-rouge-225x300.jpg 225w, https:\/\/voyagedelabaleine.fr\/wp-content\/uploads\/2025\/07\/beguin-bebe-ecossais-rouge-768x1024.jpg 768w, https:\/\/voyagedelabaleine.fr\/wp-content\/uploads\/2025\/07\/beguin-bebe-ecossais-rouge.jpg 838w\" sizes=\"(max-width: 600px) 100vw, 600px\" \/><img decoding=\"async\" width=\"428\" height=\"571\" src=\"https:\/\/voyagedelabaleine.fr\/wp-content\/uploads\/2025\/07\/beguin-bebe-ecossais-rouge-1.jpg\" class=\"woo-entry-image-secondary\" alt=\"B\u00e9guin b\u00e9b\u00e9 \u00e9cossais &#8211; Rouge\" itemprop=\"image\" srcset=\"https:\/\/voyagedelabaleine.fr\/wp-content\/uploads\/2025\/07\/beguin-bebe-ecossais-rouge-1.jpg 428w, https:\/\/voyagedelabaleine.fr\/wp-content\/uploads\/2025\/07\/beguin-bebe-ecossais-rouge-1-225x300.jpg 225w\" sizes=\"(max-width: 428px) 100vw, 428px\" \/><\/a>\t<\/div><!-- .woo-entry-image-swap -->\n\n<\/li><li class=\"title\"><h2><a href=\"https:\/\/voyagedelabaleine.fr\/en\/product\/beguin-bebe-ecossais-rouge\/\">B\u00e9guin b\u00e9b\u00e9 \u00e9cossais &#8211; Rouge<\/a><\/h2><\/li><li class=\"price-wrap\">\n\t<span class=\"price\"><span class=\"woocommerce-Price-amount amount\"><bdi>12<span class=\"woocommerce-Price-currencySymbol\">&euro;<\/span><\/bdi><\/span><\/span>\n<\/li><\/ul><\/div><!-- .product-inner .clr --><\/li>\n<li class=\"entry has-media col span_1_of_3 owp-content-center owp-thumbs-layout-vertical owp-btn-big owp-tabs-layout-vertical circle-sale product type-product post-24791 status-publish instock product_cat-baby-boy-romper-overall product_cat-baby-girl-romper-overall product_cat-baby-romper-overall product_cat-clothing product_cat-newborn-boy-rompers-overalls product_cat-newborn-girl-rompers-overalls product_cat-newborn-rompers-and-overalls has-post-thumbnail taxable shipping-taxable purchasable product-type-variable has-default-attributes\">\n\t<div class=\"product-inner clr\">\n\t<div class=\"woo-entry-image-swap woo-entry-image clr\">\n\t\t<a href=\"https:\/\/voyagedelabaleine.fr\/en\/product\/red-tartan-baby-romper-with-large-collar\/\" class=\"woocommerce-LoopProduct-link\"><img decoding=\"async\" width=\"600\" height=\"800\" src=\"https:\/\/voyagedelabaleine.fr\/wp-content\/uploads\/2025\/09\/barboteuse-bebe-ecossaise-rouge-collerette-600x800.jpg\" class=\"woo-entry-image-main\" alt=\"Red tartan baby romper with large collar\" itemprop=\"image\" srcset=\"https:\/\/voyagedelabaleine.fr\/wp-content\/uploads\/2025\/09\/barboteuse-bebe-ecossaise-rouge-collerette-600x800.jpg 600w, https:\/\/voyagedelabaleine.fr\/wp-content\/uploads\/2025\/09\/barboteuse-bebe-ecossaise-rouge-collerette-225x300.jpg 225w, https:\/\/voyagedelabaleine.fr\/wp-content\/uploads\/2025\/09\/barboteuse-bebe-ecossaise-rouge-collerette-768x1024.jpg 768w, https:\/\/voyagedelabaleine.fr\/wp-content\/uploads\/2025\/09\/barboteuse-bebe-ecossaise-rouge-collerette-1152x1536.jpg 1152w, https:\/\/voyagedelabaleine.fr\/wp-content\/uploads\/2025\/09\/barboteuse-bebe-ecossaise-rouge-collerette.jpg 1300w\" sizes=\"(max-width: 600px) 100vw, 600px\" \/><img decoding=\"async\" width=\"600\" height=\"800\" src=\"https:\/\/voyagedelabaleine.fr\/wp-content\/uploads\/2025\/07\/barboteuse-ecossaise-bebe-rouge-600x800.jpg\" class=\"woo-entry-image-secondary\" alt=\"Red tartan baby romper with large collar\" itemprop=\"image\" srcset=\"https:\/\/voyagedelabaleine.fr\/wp-content\/uploads\/2025\/07\/barboteuse-ecossaise-bebe-rouge-600x800.jpg 600w, https:\/\/voyagedelabaleine.fr\/wp-content\/uploads\/2025\/07\/barboteuse-ecossaise-bebe-rouge-225x300.jpg 225w, https:\/\/voyagedelabaleine.fr\/wp-content\/uploads\/2025\/07\/barboteuse-ecossaise-bebe-rouge-768x1025.jpg 768w, https:\/\/voyagedelabaleine.fr\/wp-content\/uploads\/2025\/07\/barboteuse-ecossaise-bebe-rouge.jpg 1000w\" sizes=\"(max-width: 600px) 100vw, 600px\" \/><\/a>\t<\/div><!-- .woo-entry-image-swap -->\n\n<ul class=\"woo-entry-inner clr\"><li class=\"image-wrap\">\n\t<div class=\"woo-entry-image-swap woo-entry-image clr\">\n\t\t<a href=\"https:\/\/voyagedelabaleine.fr\/en\/product\/red-tartan-baby-romper-with-large-collar\/\" class=\"woocommerce-LoopProduct-link\"><img decoding=\"async\" width=\"600\" height=\"800\" src=\"https:\/\/voyagedelabaleine.fr\/wp-content\/uploads\/2025\/09\/barboteuse-bebe-ecossaise-rouge-collerette-600x800.jpg\" class=\"woo-entry-image-main\" alt=\"Red tartan baby romper with large collar\" itemprop=\"image\" srcset=\"https:\/\/voyagedelabaleine.fr\/wp-content\/uploads\/2025\/09\/barboteuse-bebe-ecossaise-rouge-collerette-600x800.jpg 600w, https:\/\/voyagedelabaleine.fr\/wp-content\/uploads\/2025\/09\/barboteuse-bebe-ecossaise-rouge-collerette-225x300.jpg 225w, https:\/\/voyagedelabaleine.fr\/wp-content\/uploads\/2025\/09\/barboteuse-bebe-ecossaise-rouge-collerette-768x1024.jpg 768w, https:\/\/voyagedelabaleine.fr\/wp-content\/uploads\/2025\/09\/barboteuse-bebe-ecossaise-rouge-collerette-1152x1536.jpg 1152w, https:\/\/voyagedelabaleine.fr\/wp-content\/uploads\/2025\/09\/barboteuse-bebe-ecossaise-rouge-collerette.jpg 1300w\" sizes=\"(max-width: 600px) 100vw, 600px\" \/><img decoding=\"async\" width=\"600\" height=\"800\" src=\"https:\/\/voyagedelabaleine.fr\/wp-content\/uploads\/2025\/07\/barboteuse-ecossaise-bebe-rouge-600x800.jpg\" class=\"woo-entry-image-secondary\" alt=\"Red tartan baby romper with large collar\" itemprop=\"image\" srcset=\"https:\/\/voyagedelabaleine.fr\/wp-content\/uploads\/2025\/07\/barboteuse-ecossaise-bebe-rouge-600x800.jpg 600w, https:\/\/voyagedelabaleine.fr\/wp-content\/uploads\/2025\/07\/barboteuse-ecossaise-bebe-rouge-225x300.jpg 225w, https:\/\/voyagedelabaleine.fr\/wp-content\/uploads\/2025\/07\/barboteuse-ecossaise-bebe-rouge-768x1025.jpg 768w, https:\/\/voyagedelabaleine.fr\/wp-content\/uploads\/2025\/07\/barboteuse-ecossaise-bebe-rouge.jpg 1000w\" sizes=\"(max-width: 600px) 100vw, 600px\" \/><\/a>\t<\/div><!-- .woo-entry-image-swap -->\n\n<\/li><li class=\"title\"><h2><a href=\"https:\/\/voyagedelabaleine.fr\/en\/product\/red-tartan-baby-romper-with-large-collar\/\">Red tartan baby romper with large collar<\/a><\/h2><\/li><li class=\"price-wrap\">\n\t<span class=\"price\"><span class=\"woocommerce-Price-amount amount\"><bdi>48<span class=\"woocommerce-Price-currencySymbol\">&euro;<\/span><\/bdi><\/span><\/span>\n<\/li><\/ul><\/div><!-- .product-inner .clr --><\/li>\n<li class=\"entry has-media has-rating col span_1_of_3 owp-content-center owp-thumbs-layout-vertical owp-btn-big owp-tabs-layout-vertical circle-sale product type-product post-26654 status-publish last instock product_cat-baby-and-child-socks-tights product_cat-baby-boy-socks-tights product_cat-baby-girl-socks-tights product_cat-boy-socks-tights product_cat-child-socks-tights product_cat-girl-socks-tights product_cat-newborn-boy-socks-tights product_cat-newborn-girl-socks-tights product_cat-newborn-socks-tights has-post-thumbnail taxable shipping-taxable purchasable product-type-variable has-default-attributes\">\n\t<div class=\"product-inner clr\">\n\t<div class=\"woo-entry-image-swap woo-entry-image clr\">\n\t\t<a href=\"https:\/\/voyagedelabaleine.fr\/en\/product\/plain-baby-tights-red\/\" class=\"woocommerce-LoopProduct-link\"><img decoding=\"async\" width=\"600\" height=\"800\" src=\"https:\/\/voyagedelabaleine.fr\/wp-content\/uploads\/2024\/09\/collant-bebe-uni-rouge-1-1-600x800.jpg\" class=\"woo-entry-image-main\" alt=\"Plain Baby Tights &#8211; Red\" itemprop=\"image\" srcset=\"https:\/\/voyagedelabaleine.fr\/wp-content\/uploads\/2024\/09\/collant-bebe-uni-rouge-1-1-600x800.jpg 600w, https:\/\/voyagedelabaleine.fr\/wp-content\/uploads\/2024\/09\/collant-bebe-uni-rouge-1-1-225x300.jpg 225w, https:\/\/voyagedelabaleine.fr\/wp-content\/uploads\/2024\/09\/collant-bebe-uni-rouge-1-1-768x1024.jpg 768w, https:\/\/voyagedelabaleine.fr\/wp-content\/uploads\/2024\/09\/collant-bebe-uni-rouge-1-1.jpg 855w\" sizes=\"(max-width: 600px) 100vw, 600px\" \/><img decoding=\"async\" width=\"600\" height=\"800\" src=\"https:\/\/voyagedelabaleine.fr\/wp-content\/uploads\/2024\/09\/collant-bebe-uni-rouge-2-1-600x800.jpg\" class=\"woo-entry-image-secondary\" alt=\"Plain Baby Tights &#8211; Red\" itemprop=\"image\" srcset=\"https:\/\/voyagedelabaleine.fr\/wp-content\/uploads\/2024\/09\/collant-bebe-uni-rouge-2-1-600x800.jpg 600w, https:\/\/voyagedelabaleine.fr\/wp-content\/uploads\/2024\/09\/collant-bebe-uni-rouge-2-1-225x300.jpg 225w, https:\/\/voyagedelabaleine.fr\/wp-content\/uploads\/2024\/09\/collant-bebe-uni-rouge-2-1-768x1024.jpg 768w, https:\/\/voyagedelabaleine.fr\/wp-content\/uploads\/2024\/09\/collant-bebe-uni-rouge-2-1.jpg 855w\" sizes=\"(max-width: 600px) 100vw, 600px\" \/><\/a>\t<\/div><!-- .woo-entry-image-swap -->\n\n<ul class=\"woo-entry-inner clr\"><li class=\"image-wrap\">\n\t<div class=\"woo-entry-image-swap woo-entry-image clr\">\n\t\t<a href=\"https:\/\/voyagedelabaleine.fr\/en\/product\/plain-baby-tights-red\/\" class=\"woocommerce-LoopProduct-link\"><img decoding=\"async\" width=\"600\" height=\"800\" src=\"https:\/\/voyagedelabaleine.fr\/wp-content\/uploads\/2024\/09\/collant-bebe-uni-rouge-1-1-600x800.jpg\" class=\"woo-entry-image-main\" alt=\"Plain Baby Tights &#8211; Red\" itemprop=\"image\" srcset=\"https:\/\/voyagedelabaleine.fr\/wp-content\/uploads\/2024\/09\/collant-bebe-uni-rouge-1-1-600x800.jpg 600w, https:\/\/voyagedelabaleine.fr\/wp-content\/uploads\/2024\/09\/collant-bebe-uni-rouge-1-1-225x300.jpg 225w, https:\/\/voyagedelabaleine.fr\/wp-content\/uploads\/2024\/09\/collant-bebe-uni-rouge-1-1-768x1024.jpg 768w, https:\/\/voyagedelabaleine.fr\/wp-content\/uploads\/2024\/09\/collant-bebe-uni-rouge-1-1.jpg 855w\" sizes=\"(max-width: 600px) 100vw, 600px\" \/><img decoding=\"async\" width=\"600\" height=\"800\" src=\"https:\/\/voyagedelabaleine.fr\/wp-content\/uploads\/2024\/09\/collant-bebe-uni-rouge-2-1-600x800.jpg\" class=\"woo-entry-image-secondary\" alt=\"Plain Baby Tights &#8211; Red\" itemprop=\"image\" srcset=\"https:\/\/voyagedelabaleine.fr\/wp-content\/uploads\/2024\/09\/collant-bebe-uni-rouge-2-1-600x800.jpg 600w, https:\/\/voyagedelabaleine.fr\/wp-content\/uploads\/2024\/09\/collant-bebe-uni-rouge-2-1-225x300.jpg 225w, https:\/\/voyagedelabaleine.fr\/wp-content\/uploads\/2024\/09\/collant-bebe-uni-rouge-2-1-768x1024.jpg 768w, https:\/\/voyagedelabaleine.fr\/wp-content\/uploads\/2024\/09\/collant-bebe-uni-rouge-2-1.jpg 855w\" sizes=\"(max-width: 600px) 100vw, 600px\" \/><\/a>\t<\/div><!-- .woo-entry-image-swap -->\n\n<\/li><li class=\"title\"><h2><a href=\"https:\/\/voyagedelabaleine.fr\/en\/product\/plain-baby-tights-red\/\">Plain Baby Tights &#8211; Red<\/a><\/h2><\/li><li class=\"price-wrap\">\n\t<span class=\"price\"><span class=\"woocommerce-Price-amount amount\"><bdi>14<span class=\"woocommerce-Price-currencySymbol\">&euro;<\/span><\/bdi><\/span><\/span>\n<\/li><\/ul><\/div><!-- .product-inner .clr --><\/li>\n<\/ul>\n<\/div><\/div>\n\t\t\t\t\t\t<\/div>\n\t\t\t\t<\/div>\n\t\t<div class=\"elementor-element elementor-element-553aece e-con-full e-flex e-con e-parent\" data-id=\"553aece\" data-element_type=\"container\" data-e-type=\"container\">\n\t\t\t\t<div class=\"elementor-element elementor-element-7f3cb1a elementor-widget-divider--separator-type-pattern elementor-widget-divider--view-line elementor-widget elementor-widget-divider\" data-id=\"7f3cb1a\" data-element_type=\"widget\" data-e-type=\"widget\" data-widget_type=\"divider.default\">\n\t\t\t\t\t\t\t<div class=\"elementor-divider\" style=\"--divider-pattern-url: url(&quot;data:image\/svg+xml,%3Csvg xmlns=&#039;http:\/\/www.w3.org\/2000\/svg&#039; preserveAspectRatio=&#039;none&#039; overflow=&#039;visible&#039; height=&#039;100%&#039; viewBox=&#039;0 0 24 24&#039; fill=&#039;black&#039; stroke=&#039;none&#039;%3E%3Cpath d=&#039;M12.7,2.3c-0.4-0.4-1.1-0.4-1.5,0l-8,9.1c-0.3,0.4-0.3,0.9,0,1.2l8,9.1c0.4,0.4,1.1,0.4,1.5,0l8-9.1c0.3-0.4,0.3-0.9,0-1.2L12.7,2.3z&#039;\/%3E%3C\/svg%3E&quot;);\">\n\t\t\t<span class=\"elementor-divider-separator\">\n\t\t\t\t\t\t<\/span>\n\t\t<\/div>\n\t\t\t\t\t\t<\/div>\n\t\t\t\t<div class=\"elementor-element elementor-element-dc9ae1e elementor-widget elementor-widget-heading\" data-id=\"dc9ae1e\" data-element_type=\"widget\" data-e-type=\"widget\" data-widget_type=\"heading.default\">\n\t\t\t\t\t<h2 class=\"elementor-heading-title elementor-size-default\">Cozy comfort<\/h2>\t\t\t\t<\/div>\n\t\t\t\t<\/div>\n\t\t<div class=\"elementor-element elementor-element-ade2c58 e-con-full e-flex e-con e-parent\" data-id=\"ade2c58\" data-element_type=\"container\" data-e-type=\"container\">\n\t\t\t\t<div class=\"elementor-element elementor-element-bdcb062 elementor-widget__width-inherit elementor-widget-mobile__width-inherit elementor-widget elementor-widget-shortcode\" data-id=\"bdcb062\" data-element_type=\"widget\" data-e-type=\"widget\" data-widget_type=\"shortcode.default\">\n\t\t\t\t\t\t\t<div class=\"elementor-shortcode\"><div class=\"woocommerce columns-2 \">\r\n<ul class=\"products oceanwp-row clr grid tablet-col tablet-2-col mobile-col mobile-2-col\">\r\n<li class=\"entry has-media col span_1_of_2 owp-content-center owp-thumbs-layout-vertical owp-btn-big owp-tabs-layout-vertical circle-sale product type-product post-25475 status-publish first instock product_cat-boy-sweater-vest-cardigan product_cat-child-sweater-vest-cardigan product_cat-clothing has-post-thumbnail taxable shipping-taxable purchasable product-type-variable has-default-attributes\">\n\t<div class=\"product-inner clr\">\n\t<div class=\"woo-entry-image-swap woo-entry-image clr\">\n\t\t<a href=\"https:\/\/voyagedelabaleine.fr\/en\/product\/boys-jacquard-knit-cardigan-camel\/\" class=\"woocommerce-LoopProduct-link\"><img decoding=\"async\" width=\"600\" height=\"800\" src=\"https:\/\/voyagedelabaleine.fr\/wp-content\/uploads\/2025\/07\/gilet-enfant-garcon-maille-jacquard-600x800.jpg\" class=\"woo-entry-image-main\" alt=\"Boy&#8217;s Jacquard Knit Cardigan &#8211; Camel\" itemprop=\"image\" srcset=\"https:\/\/voyagedelabaleine.fr\/wp-content\/uploads\/2025\/07\/gilet-enfant-garcon-maille-jacquard-600x800.jpg 600w, https:\/\/voyagedelabaleine.fr\/wp-content\/uploads\/2025\/07\/gilet-enfant-garcon-maille-jacquard-225x300.jpg 225w, https:\/\/voyagedelabaleine.fr\/wp-content\/uploads\/2025\/07\/gilet-enfant-garcon-maille-jacquard-768x1024.jpg 768w, https:\/\/voyagedelabaleine.fr\/wp-content\/uploads\/2025\/07\/gilet-enfant-garcon-maille-jacquard.jpg 1100w\" sizes=\"(max-width: 600px) 100vw, 600px\" \/><img decoding=\"async\" width=\"600\" height=\"800\" src=\"https:\/\/voyagedelabaleine.fr\/wp-content\/uploads\/2025\/07\/cardigan-bebe-garcon-maille-jacquard-camel-2-600x800.jpg\" class=\"woo-entry-image-secondary\" alt=\"Boy&#8217;s Jacquard Knit Cardigan &#8211; Camel\" itemprop=\"image\" srcset=\"https:\/\/voyagedelabaleine.fr\/wp-content\/uploads\/2025\/07\/cardigan-bebe-garcon-maille-jacquard-camel-2-600x800.jpg 600w, https:\/\/voyagedelabaleine.fr\/wp-content\/uploads\/2025\/07\/cardigan-bebe-garcon-maille-jacquard-camel-2-225x300.jpg 225w, https:\/\/voyagedelabaleine.fr\/wp-content\/uploads\/2025\/07\/cardigan-bebe-garcon-maille-jacquard-camel-2-768x1023.jpg 768w, https:\/\/voyagedelabaleine.fr\/wp-content\/uploads\/2025\/07\/cardigan-bebe-garcon-maille-jacquard-camel-2.jpg 902w\" sizes=\"(max-width: 600px) 100vw, 600px\" \/><\/a>\t<\/div><!-- .woo-entry-image-swap -->\n\n<ul class=\"woo-entry-inner clr\"><li class=\"image-wrap\">\n\t<div class=\"woo-entry-image-swap woo-entry-image clr\">\n\t\t<a href=\"https:\/\/voyagedelabaleine.fr\/en\/product\/boys-jacquard-knit-cardigan-camel\/\" class=\"woocommerce-LoopProduct-link\"><img decoding=\"async\" width=\"600\" height=\"800\" src=\"https:\/\/voyagedelabaleine.fr\/wp-content\/uploads\/2025\/07\/gilet-enfant-garcon-maille-jacquard-600x800.jpg\" class=\"woo-entry-image-main\" alt=\"Boy&#8217;s Jacquard Knit Cardigan &#8211; Camel\" itemprop=\"image\" srcset=\"https:\/\/voyagedelabaleine.fr\/wp-content\/uploads\/2025\/07\/gilet-enfant-garcon-maille-jacquard-600x800.jpg 600w, https:\/\/voyagedelabaleine.fr\/wp-content\/uploads\/2025\/07\/gilet-enfant-garcon-maille-jacquard-225x300.jpg 225w, https:\/\/voyagedelabaleine.fr\/wp-content\/uploads\/2025\/07\/gilet-enfant-garcon-maille-jacquard-768x1024.jpg 768w, https:\/\/voyagedelabaleine.fr\/wp-content\/uploads\/2025\/07\/gilet-enfant-garcon-maille-jacquard.jpg 1100w\" sizes=\"(max-width: 600px) 100vw, 600px\" \/><img decoding=\"async\" width=\"600\" height=\"800\" src=\"https:\/\/voyagedelabaleine.fr\/wp-content\/uploads\/2025\/07\/cardigan-bebe-garcon-maille-jacquard-camel-2-600x800.jpg\" class=\"woo-entry-image-secondary\" alt=\"Boy&#8217;s Jacquard Knit Cardigan &#8211; Camel\" itemprop=\"image\" srcset=\"https:\/\/voyagedelabaleine.fr\/wp-content\/uploads\/2025\/07\/cardigan-bebe-garcon-maille-jacquard-camel-2-600x800.jpg 600w, https:\/\/voyagedelabaleine.fr\/wp-content\/uploads\/2025\/07\/cardigan-bebe-garcon-maille-jacquard-camel-2-225x300.jpg 225w, https:\/\/voyagedelabaleine.fr\/wp-content\/uploads\/2025\/07\/cardigan-bebe-garcon-maille-jacquard-camel-2-768x1023.jpg 768w, https:\/\/voyagedelabaleine.fr\/wp-content\/uploads\/2025\/07\/cardigan-bebe-garcon-maille-jacquard-camel-2.jpg 902w\" sizes=\"(max-width: 600px) 100vw, 600px\" \/><\/a>\t<\/div><!-- .woo-entry-image-swap -->\n\n<\/li><li class=\"title\"><h2><a href=\"https:\/\/voyagedelabaleine.fr\/en\/product\/boys-jacquard-knit-cardigan-camel\/\">Boy&#8217;s Jacquard Knit Cardigan &#8211; Camel<\/a><\/h2><\/li><li class=\"price-wrap\">\n\t<span class=\"price\"><span class=\"woocommerce-Price-amount amount\"><bdi>54<span class=\"woocommerce-Price-currencySymbol\">&euro;<\/span><\/bdi><\/span><\/span>\n<\/li><\/ul><\/div><!-- .product-inner .clr --><\/li>\n<li class=\"entry has-media col span_1_of_2 owp-content-center owp-thumbs-layout-vertical owp-btn-big owp-tabs-layout-vertical circle-sale product type-product post-27605 status-publish last instock product_cat-baby-bloomer-shorts-trousers product_cat-baby-boy-bloomer-shorts-trousers product_cat-baby-girl-bloomer-shorts-trousers product_cat-boy-trousers-shorts product_cat-child-trousers-shorts product_cat-clothing product_cat-girl-trousers-shorts product_cat-newborn-bloomer-shorts-and-pants product_cat-newborn-boy-bloomers-shorts-pants product_cat-newborn-girl-bloomers-shorts-pants has-post-thumbnail taxable shipping-taxable purchasable product-type-variable has-default-attributes\">\n\t<div class=\"product-inner clr\">\n\t<div class=\"woo-entry-image-swap woo-entry-image clr\">\n\t\t<a href=\"https:\/\/voyagedelabaleine.fr\/en\/product\/baby-corduroy-pants-brown\/\" class=\"woocommerce-LoopProduct-link\"><img decoding=\"async\" width=\"600\" height=\"800\" src=\"https:\/\/voyagedelabaleine.fr\/wp-content\/uploads\/2025\/07\/pantalon-enfant-velours-cotele-marron-600x800.jpg\" class=\"woo-entry-image-main\" alt=\"Baby Corduroy Pants &#8211; Brown\" itemprop=\"image\" srcset=\"https:\/\/voyagedelabaleine.fr\/wp-content\/uploads\/2025\/07\/pantalon-enfant-velours-cotele-marron-600x800.jpg 600w, https:\/\/voyagedelabaleine.fr\/wp-content\/uploads\/2025\/07\/pantalon-enfant-velours-cotele-marron-225x300.jpg 225w, https:\/\/voyagedelabaleine.fr\/wp-content\/uploads\/2025\/07\/pantalon-enfant-velours-cotele-marron-768x1024.jpg 768w, https:\/\/voyagedelabaleine.fr\/wp-content\/uploads\/2025\/07\/pantalon-enfant-velours-cotele-marron.jpg 1140w\" sizes=\"(max-width: 600px) 100vw, 600px\" \/><img decoding=\"async\" width=\"600\" height=\"799\" src=\"https:\/\/voyagedelabaleine.fr\/wp-content\/uploads\/2025\/07\/pantalon-enfant-velours-cotele-marron-1.jpg\" class=\"woo-entry-image-secondary\" alt=\"Baby Corduroy Pants &#8211; Brown\" itemprop=\"image\" srcset=\"https:\/\/voyagedelabaleine.fr\/wp-content\/uploads\/2025\/07\/pantalon-enfant-velours-cotele-marron-1.jpg 600w, https:\/\/voyagedelabaleine.fr\/wp-content\/uploads\/2025\/07\/pantalon-enfant-velours-cotele-marron-1-225x300.jpg 225w\" sizes=\"(max-width: 600px) 100vw, 600px\" \/><\/a>\t<\/div><!-- .woo-entry-image-swap -->\n\n<ul class=\"woo-entry-inner clr\"><li class=\"image-wrap\">\n\t<div class=\"woo-entry-image-swap woo-entry-image clr\">\n\t\t<a href=\"https:\/\/voyagedelabaleine.fr\/en\/product\/baby-corduroy-pants-brown\/\" class=\"woocommerce-LoopProduct-link\"><img decoding=\"async\" width=\"600\" height=\"800\" src=\"https:\/\/voyagedelabaleine.fr\/wp-content\/uploads\/2025\/07\/pantalon-enfant-velours-cotele-marron-600x800.jpg\" class=\"woo-entry-image-main\" alt=\"Baby Corduroy Pants &#8211; Brown\" itemprop=\"image\" srcset=\"https:\/\/voyagedelabaleine.fr\/wp-content\/uploads\/2025\/07\/pantalon-enfant-velours-cotele-marron-600x800.jpg 600w, https:\/\/voyagedelabaleine.fr\/wp-content\/uploads\/2025\/07\/pantalon-enfant-velours-cotele-marron-225x300.jpg 225w, https:\/\/voyagedelabaleine.fr\/wp-content\/uploads\/2025\/07\/pantalon-enfant-velours-cotele-marron-768x1024.jpg 768w, https:\/\/voyagedelabaleine.fr\/wp-content\/uploads\/2025\/07\/pantalon-enfant-velours-cotele-marron.jpg 1140w\" sizes=\"(max-width: 600px) 100vw, 600px\" \/><img decoding=\"async\" width=\"600\" height=\"799\" src=\"https:\/\/voyagedelabaleine.fr\/wp-content\/uploads\/2025\/07\/pantalon-enfant-velours-cotele-marron-1.jpg\" class=\"woo-entry-image-secondary\" alt=\"Baby Corduroy Pants &#8211; Brown\" itemprop=\"image\" srcset=\"https:\/\/voyagedelabaleine.fr\/wp-content\/uploads\/2025\/07\/pantalon-enfant-velours-cotele-marron-1.jpg 600w, https:\/\/voyagedelabaleine.fr\/wp-content\/uploads\/2025\/07\/pantalon-enfant-velours-cotele-marron-1-225x300.jpg 225w\" sizes=\"(max-width: 600px) 100vw, 600px\" \/><\/a>\t<\/div><!-- .woo-entry-image-swap -->\n\n<\/li><li class=\"title\"><h2><a href=\"https:\/\/voyagedelabaleine.fr\/en\/product\/baby-corduroy-pants-brown\/\">Baby Corduroy Pants &#8211; Brown<\/a><\/h2><\/li><li class=\"price-wrap\">\n\t<span class=\"price\"><span class=\"woocommerce-Price-amount amount\"><bdi>38<span class=\"woocommerce-Price-currencySymbol\">&euro;<\/span><\/bdi><\/span><\/span>\n<\/li><\/ul><\/div><!-- .product-inner .clr --><\/li>\n<\/ul>\n<\/div><\/div>\n\t\t\t\t\t\t<\/div>\n\t\t\t\t<\/div>\n\t\t<div class=\"elementor-element elementor-element-db06f67 e-con-full e-flex e-con e-parent\" data-id=\"db06f67\" data-element_type=\"container\" data-e-type=\"container\">\n\t\t\t\t<div class=\"elementor-element elementor-element-accd2f5 elementor-widget-divider--separator-type-pattern elementor-widget-divider--view-line elementor-widget elementor-widget-divider\" data-id=\"accd2f5\" data-element_type=\"widget\" data-e-type=\"widget\" data-widget_type=\"divider.default\">\n\t\t\t\t\t\t\t<div class=\"elementor-divider\" style=\"--divider-pattern-url: url(&quot;data:image\/svg+xml,%3Csvg xmlns=&#039;http:\/\/www.w3.org\/2000\/svg&#039; preserveAspectRatio=&#039;none&#039; overflow=&#039;visible&#039; height=&#039;100%&#039; viewBox=&#039;0 0 24 24&#039; fill=&#039;black&#039; stroke=&#039;none&#039;%3E%3Cpath d=&#039;M12.7,2.3c-0.4-0.4-1.1-0.4-1.5,0l-8,9.1c-0.3,0.4-0.3,0.9,0,1.2l8,9.1c0.4,0.4,1.1,0.4,1.5,0l8-9.1c0.3-0.4,0.3-0.9,0-1.2L12.7,2.3z&#039;\/%3E%3C\/svg%3E&quot;);\">\n\t\t\t<span class=\"elementor-divider-separator\">\n\t\t\t\t\t\t<\/span>\n\t\t<\/div>\n\t\t\t\t\t\t<\/div>\n\t\t\t\t<div class=\"elementor-element elementor-element-edf98b3 elementor-widget elementor-widget-heading\" data-id=\"edf98b3\" data-element_type=\"widget\" data-e-type=\"widget\" data-widget_type=\"heading.default\">\n\t\t\t\t\t<h2 class=\"elementor-heading-title elementor-size-default\">Tradition &amp; whimsy<\/h2>\t\t\t\t<\/div>\n\t\t\t\t<\/div>\n\t\t<div class=\"elementor-element elementor-element-5a84438 e-con-full e-flex e-con e-parent\" data-id=\"5a84438\" data-element_type=\"container\" data-e-type=\"container\">\n\t\t\t\t<div class=\"elementor-element elementor-element-8b8d3b7 elementor-widget__width-inherit elementor-widget-mobile__width-inherit elementor-widget elementor-widget-shortcode\" data-id=\"8b8d3b7\" data-element_type=\"widget\" data-e-type=\"widget\" data-widget_type=\"shortcode.default\">\n\t\t\t\t\t\t\t<div class=\"elementor-shortcode\"><div class=\"woocommerce columns-3 \">\r\n<ul class=\"products oceanwp-row clr grid tablet-col tablet-2-col mobile-col mobile-2-col\">\r\n<li class=\"entry has-media has-rating col span_1_of_3 owp-content-center owp-thumbs-layout-vertical owp-btn-big owp-tabs-layout-vertical circle-sale product type-product post-27705 status-publish first instock product_cat-baby-bodysuit product_cat-baby-girl-bodysuit product_cat-bodysuit product_cat-newborn-bodysuit product_cat-newborn-girl-bodysuits has-post-thumbnail taxable shipping-taxable purchasable product-type-variable has-default-attributes\">\n\t<div class=\"product-inner clr\">\n\t<div class=\"woo-entry-image-swap woo-entry-image clr\">\n\t\t<a href=\"https:\/\/voyagedelabaleine.fr\/en\/product\/baby-girl-embroidered-collar-bodysuit-white\/\" class=\"woocommerce-LoopProduct-link\"><img decoding=\"async\" width=\"600\" height=\"800\" src=\"https:\/\/voyagedelabaleine.fr\/wp-content\/uploads\/2025\/07\/body-bebe-fille-col-brode-fleurs-600x800.jpg\" class=\"woo-entry-image-main\" alt=\"Baby Girl Embroidered Collar Bodysuit \u2013 White\" itemprop=\"image\" srcset=\"https:\/\/voyagedelabaleine.fr\/wp-content\/uploads\/2025\/07\/body-bebe-fille-col-brode-fleurs-600x800.jpg 600w, https:\/\/voyagedelabaleine.fr\/wp-content\/uploads\/2025\/07\/body-bebe-fille-col-brode-fleurs-225x300.jpg 225w, https:\/\/voyagedelabaleine.fr\/wp-content\/uploads\/2025\/07\/body-bebe-fille-col-brode-fleurs-768x1024.jpg 768w, https:\/\/voyagedelabaleine.fr\/wp-content\/uploads\/2025\/07\/body-bebe-fille-col-brode-fleurs.jpg 1100w\" sizes=\"(max-width: 600px) 100vw, 600px\" \/><img decoding=\"async\" width=\"600\" height=\"800\" src=\"https:\/\/voyagedelabaleine.fr\/wp-content\/uploads\/2025\/07\/body-bebe-fille-col-brode-fleurs-2-600x800.jpg\" class=\"woo-entry-image-secondary\" alt=\"Baby Girl Embroidered Collar Bodysuit \u2013 White\" itemprop=\"image\" srcset=\"https:\/\/voyagedelabaleine.fr\/wp-content\/uploads\/2025\/07\/body-bebe-fille-col-brode-fleurs-2-600x800.jpg 600w, https:\/\/voyagedelabaleine.fr\/wp-content\/uploads\/2025\/07\/body-bebe-fille-col-brode-fleurs-2-225x300.jpg 225w, https:\/\/voyagedelabaleine.fr\/wp-content\/uploads\/2025\/07\/body-bebe-fille-col-brode-fleurs-2-768x1024.jpg 768w, https:\/\/voyagedelabaleine.fr\/wp-content\/uploads\/2025\/07\/body-bebe-fille-col-brode-fleurs-2.jpg 1144w\" sizes=\"(max-width: 600px) 100vw, 600px\" \/><\/a>\t<\/div><!-- .woo-entry-image-swap -->\n\n<ul class=\"woo-entry-inner clr\"><li class=\"image-wrap\">\n\t<div class=\"woo-entry-image-swap woo-entry-image clr\">\n\t\t<a href=\"https:\/\/voyagedelabaleine.fr\/en\/product\/baby-girl-embroidered-collar-bodysuit-white\/\" class=\"woocommerce-LoopProduct-link\"><img decoding=\"async\" width=\"600\" height=\"800\" src=\"https:\/\/voyagedelabaleine.fr\/wp-content\/uploads\/2025\/07\/body-bebe-fille-col-brode-fleurs-600x800.jpg\" class=\"woo-entry-image-main\" alt=\"Baby Girl Embroidered Collar Bodysuit \u2013 White\" itemprop=\"image\" srcset=\"https:\/\/voyagedelabaleine.fr\/wp-content\/uploads\/2025\/07\/body-bebe-fille-col-brode-fleurs-600x800.jpg 600w, https:\/\/voyagedelabaleine.fr\/wp-content\/uploads\/2025\/07\/body-bebe-fille-col-brode-fleurs-225x300.jpg 225w, https:\/\/voyagedelabaleine.fr\/wp-content\/uploads\/2025\/07\/body-bebe-fille-col-brode-fleurs-768x1024.jpg 768w, https:\/\/voyagedelabaleine.fr\/wp-content\/uploads\/2025\/07\/body-bebe-fille-col-brode-fleurs.jpg 1100w\" sizes=\"(max-width: 600px) 100vw, 600px\" \/><img decoding=\"async\" width=\"600\" height=\"800\" src=\"https:\/\/voyagedelabaleine.fr\/wp-content\/uploads\/2025\/07\/body-bebe-fille-col-brode-fleurs-2-600x800.jpg\" class=\"woo-entry-image-secondary\" alt=\"Baby Girl Embroidered Collar Bodysuit \u2013 White\" itemprop=\"image\" srcset=\"https:\/\/voyagedelabaleine.fr\/wp-content\/uploads\/2025\/07\/body-bebe-fille-col-brode-fleurs-2-600x800.jpg 600w, https:\/\/voyagedelabaleine.fr\/wp-content\/uploads\/2025\/07\/body-bebe-fille-col-brode-fleurs-2-225x300.jpg 225w, https:\/\/voyagedelabaleine.fr\/wp-content\/uploads\/2025\/07\/body-bebe-fille-col-brode-fleurs-2-768x1024.jpg 768w, https:\/\/voyagedelabaleine.fr\/wp-content\/uploads\/2025\/07\/body-bebe-fille-col-brode-fleurs-2.jpg 1144w\" sizes=\"(max-width: 600px) 100vw, 600px\" \/><\/a>\t<\/div><!-- .woo-entry-image-swap -->\n\n<\/li><li class=\"title\"><h2><a href=\"https:\/\/voyagedelabaleine.fr\/en\/product\/baby-girl-embroidered-collar-bodysuit-white\/\">Baby Girl Embroidered Collar Bodysuit \u2013 White<\/a><\/h2><\/li><li class=\"price-wrap\">\n\t<span class=\"price\"><span class=\"woocommerce-Price-amount amount\"><bdi>32<span class=\"woocommerce-Price-currencySymbol\">&euro;<\/span><\/bdi><\/span><\/span>\n<\/li><\/ul><\/div><!-- .product-inner .clr --><\/li>\n<li class=\"entry has-media has-rating col span_1_of_3 owp-content-center owp-thumbs-layout-vertical owp-btn-big owp-tabs-layout-vertical circle-sale product type-product post-26221 status-publish instock product_cat-baby-booties product_cat-baby-boy-booties product_cat-baby-girl-booties product_cat-newborn-booties product_cat-newborn-boy-booties product_cat-newborn-girl-booties has-post-thumbnail taxable shipping-taxable purchasable product-type-variable has-default-attributes\">\n\t<div class=\"product-inner clr\">\n\t<div class=\"woo-entry-image-swap woo-entry-image clr\">\n\t\t<a href=\"https:\/\/voyagedelabaleine.fr\/en\/product\/high-top-leather-baby-booties-navy-blue\/\" class=\"woocommerce-LoopProduct-link\"><img decoding=\"async\" width=\"576\" height=\"769\" src=\"https:\/\/voyagedelabaleine.fr\/wp-content\/uploads\/2024\/09\/chaussons-bebe-cuir-haut-bleu-marine-3.jpg\" class=\"woo-entry-image-main\" alt=\"High-top Leather Baby Booties &#8211; Navy Blue\" itemprop=\"image\" srcset=\"https:\/\/voyagedelabaleine.fr\/wp-content\/uploads\/2024\/09\/chaussons-bebe-cuir-haut-bleu-marine-3.jpg 576w, https:\/\/voyagedelabaleine.fr\/wp-content\/uploads\/2024\/09\/chaussons-bebe-cuir-haut-bleu-marine-3-225x300.jpg 225w\" sizes=\"(max-width: 576px) 100vw, 576px\" \/><img decoding=\"async\" width=\"576\" height=\"769\" src=\"https:\/\/voyagedelabaleine.fr\/wp-content\/uploads\/2024\/09\/chaussons-bebe-cuir-haut-bleu-marine-5.jpg\" class=\"woo-entry-image-secondary\" alt=\"High-top Leather Baby Booties &#8211; Navy Blue\" itemprop=\"image\" srcset=\"https:\/\/voyagedelabaleine.fr\/wp-content\/uploads\/2024\/09\/chaussons-bebe-cuir-haut-bleu-marine-5.jpg 576w, https:\/\/voyagedelabaleine.fr\/wp-content\/uploads\/2024\/09\/chaussons-bebe-cuir-haut-bleu-marine-5-225x300.jpg 225w\" sizes=\"(max-width: 576px) 100vw, 576px\" \/><\/a>\t<\/div><!-- .woo-entry-image-swap -->\n\n<ul class=\"woo-entry-inner clr\"><li class=\"image-wrap\">\n\t<div class=\"woo-entry-image-swap woo-entry-image clr\">\n\t\t<a href=\"https:\/\/voyagedelabaleine.fr\/en\/product\/high-top-leather-baby-booties-navy-blue\/\" class=\"woocommerce-LoopProduct-link\"><img decoding=\"async\" width=\"576\" height=\"769\" src=\"https:\/\/voyagedelabaleine.fr\/wp-content\/uploads\/2024\/09\/chaussons-bebe-cuir-haut-bleu-marine-3.jpg\" class=\"woo-entry-image-main\" alt=\"High-top Leather Baby Booties &#8211; Navy Blue\" itemprop=\"image\" srcset=\"https:\/\/voyagedelabaleine.fr\/wp-content\/uploads\/2024\/09\/chaussons-bebe-cuir-haut-bleu-marine-3.jpg 576w, https:\/\/voyagedelabaleine.fr\/wp-content\/uploads\/2024\/09\/chaussons-bebe-cuir-haut-bleu-marine-3-225x300.jpg 225w\" sizes=\"(max-width: 576px) 100vw, 576px\" \/><img decoding=\"async\" width=\"576\" height=\"769\" src=\"https:\/\/voyagedelabaleine.fr\/wp-content\/uploads\/2024\/09\/chaussons-bebe-cuir-haut-bleu-marine-5.jpg\" class=\"woo-entry-image-secondary\" alt=\"High-top Leather Baby Booties &#8211; Navy Blue\" itemprop=\"image\" srcset=\"https:\/\/voyagedelabaleine.fr\/wp-content\/uploads\/2024\/09\/chaussons-bebe-cuir-haut-bleu-marine-5.jpg 576w, https:\/\/voyagedelabaleine.fr\/wp-content\/uploads\/2024\/09\/chaussons-bebe-cuir-haut-bleu-marine-5-225x300.jpg 225w\" sizes=\"(max-width: 576px) 100vw, 576px\" \/><\/a>\t<\/div><!-- .woo-entry-image-swap -->\n\n<\/li><li class=\"title\"><h2><a href=\"https:\/\/voyagedelabaleine.fr\/en\/product\/high-top-leather-baby-booties-navy-blue\/\">High-top Leather Baby Booties &#8211; Navy Blue<\/a><\/h2><\/li><li class=\"price-wrap\">\n\t<span class=\"price\"><span class=\"woocommerce-Price-amount amount\"><bdi>36<span class=\"woocommerce-Price-currencySymbol\">&euro;<\/span><\/bdi><\/span><\/span>\n<\/li><\/ul><\/div><!-- .product-inner .clr --><\/li>\n<li class=\"entry has-media has-rating col span_1_of_3 owp-content-center owp-thumbs-layout-vertical owp-btn-big owp-tabs-layout-vertical circle-sale product type-product post-24813 status-publish last instock product_cat-baby-boy-romper-overall product_cat-baby-girl-romper-overall product_cat-baby-romper-overall product_cat-clothing product_cat-newborn-boy-rompers-overalls product_cat-newborn-girl-rompers-overalls product_cat-newborn-rompers-and-overalls has-post-thumbnail taxable shipping-taxable purchasable product-type-variable has-default-attributes\">\n\t<div class=\"product-inner clr\">\n\t<div class=\"woo-entry-image-swap woo-entry-image clr\">\n\t\t<a href=\"https:\/\/voyagedelabaleine.fr\/en\/product\/baby-tartan-romper-red\/\" class=\"woocommerce-LoopProduct-link\"><img decoding=\"async\" width=\"600\" height=\"800\" src=\"https:\/\/voyagedelabaleine.fr\/wp-content\/uploads\/2025\/08\/barboteuse-bebe-ecossaise-600x800.jpg\" class=\"woo-entry-image-main\" alt=\"Baby Tartan Romper &#8211; Red\" itemprop=\"image\" srcset=\"https:\/\/voyagedelabaleine.fr\/wp-content\/uploads\/2025\/08\/barboteuse-bebe-ecossaise-600x800.jpg 600w, https:\/\/voyagedelabaleine.fr\/wp-content\/uploads\/2025\/08\/barboteuse-bebe-ecossaise-225x300.jpg 225w, https:\/\/voyagedelabaleine.fr\/wp-content\/uploads\/2025\/08\/barboteuse-bebe-ecossaise-768x1024.jpg 768w, https:\/\/voyagedelabaleine.fr\/wp-content\/uploads\/2025\/08\/barboteuse-bebe-ecossaise-1152x1536.jpg 1152w, https:\/\/voyagedelabaleine.fr\/wp-content\/uploads\/2025\/08\/barboteuse-bebe-ecossaise.jpg 1300w\" sizes=\"(max-width: 600px) 100vw, 600px\" \/><img decoding=\"async\" width=\"600\" height=\"800\" src=\"https:\/\/voyagedelabaleine.fr\/wp-content\/uploads\/2025\/07\/barboteuse-bebe-ecossaise-2-600x800.jpg\" class=\"woo-entry-image-secondary\" alt=\"Baby Tartan Romper &#8211; Red\" itemprop=\"image\" srcset=\"https:\/\/voyagedelabaleine.fr\/wp-content\/uploads\/2025\/07\/barboteuse-bebe-ecossaise-2-600x799.jpg 600w, https:\/\/voyagedelabaleine.fr\/wp-content\/uploads\/2025\/07\/barboteuse-bebe-ecossaise-2-225x300.jpg 225w, https:\/\/voyagedelabaleine.fr\/wp-content\/uploads\/2025\/07\/barboteuse-bebe-ecossaise-2-769x1024.jpg 769w, https:\/\/voyagedelabaleine.fr\/wp-content\/uploads\/2025\/07\/barboteuse-bebe-ecossaise-2-768x1023.jpg 768w, https:\/\/voyagedelabaleine.fr\/wp-content\/uploads\/2025\/07\/barboteuse-bebe-ecossaise-2.jpg 849w\" sizes=\"(max-width: 600px) 100vw, 600px\" \/><\/a>\t<\/div><!-- .woo-entry-image-swap -->\n\n<ul class=\"woo-entry-inner clr\"><li class=\"image-wrap\">\n\t<div class=\"woo-entry-image-swap woo-entry-image clr\">\n\t\t<a href=\"https:\/\/voyagedelabaleine.fr\/en\/product\/baby-tartan-romper-red\/\" class=\"woocommerce-LoopProduct-link\"><img decoding=\"async\" width=\"600\" height=\"800\" src=\"https:\/\/voyagedelabaleine.fr\/wp-content\/uploads\/2025\/08\/barboteuse-bebe-ecossaise-600x800.jpg\" class=\"woo-entry-image-main\" alt=\"Baby Tartan Romper &#8211; Red\" itemprop=\"image\" srcset=\"https:\/\/voyagedelabaleine.fr\/wp-content\/uploads\/2025\/08\/barboteuse-bebe-ecossaise-600x800.jpg 600w, https:\/\/voyagedelabaleine.fr\/wp-content\/uploads\/2025\/08\/barboteuse-bebe-ecossaise-225x300.jpg 225w, https:\/\/voyagedelabaleine.fr\/wp-content\/uploads\/2025\/08\/barboteuse-bebe-ecossaise-768x1024.jpg 768w, https:\/\/voyagedelabaleine.fr\/wp-content\/uploads\/2025\/08\/barboteuse-bebe-ecossaise-1152x1536.jpg 1152w, https:\/\/voyagedelabaleine.fr\/wp-content\/uploads\/2025\/08\/barboteuse-bebe-ecossaise.jpg 1300w\" sizes=\"(max-width: 600px) 100vw, 600px\" \/><img decoding=\"async\" width=\"600\" height=\"800\" src=\"https:\/\/voyagedelabaleine.fr\/wp-content\/uploads\/2025\/07\/barboteuse-bebe-ecossaise-2-600x800.jpg\" class=\"woo-entry-image-secondary\" alt=\"Baby Tartan Romper &#8211; Red\" itemprop=\"image\" srcset=\"https:\/\/voyagedelabaleine.fr\/wp-content\/uploads\/2025\/07\/barboteuse-bebe-ecossaise-2-600x799.jpg 600w, https:\/\/voyagedelabaleine.fr\/wp-content\/uploads\/2025\/07\/barboteuse-bebe-ecossaise-2-225x300.jpg 225w, https:\/\/voyagedelabaleine.fr\/wp-content\/uploads\/2025\/07\/barboteuse-bebe-ecossaise-2-769x1024.jpg 769w, https:\/\/voyagedelabaleine.fr\/wp-content\/uploads\/2025\/07\/barboteuse-bebe-ecossaise-2-768x1023.jpg 768w, https:\/\/voyagedelabaleine.fr\/wp-content\/uploads\/2025\/07\/barboteuse-bebe-ecossaise-2.jpg 849w\" sizes=\"(max-width: 600px) 100vw, 600px\" \/><\/a>\t<\/div><!-- .woo-entry-image-swap -->\n\n<\/li><li class=\"title\"><h2><a href=\"https:\/\/voyagedelabaleine.fr\/en\/product\/baby-tartan-romper-red\/\">Baby Tartan Romper &#8211; Red<\/a><\/h2><\/li><li class=\"price-wrap\">\n\t<span class=\"price\"><span class=\"woocommerce-Price-amount amount\"><bdi>68<span class=\"woocommerce-Price-currencySymbol\">&euro;<\/span><\/bdi><\/span><\/span>\n<\/li><\/ul><\/div><!-- .product-inner .clr --><\/li>\n<\/ul>\n<\/div><\/div>\n\t\t\t\t\t\t<\/div>\n\t\t\t\t<\/div>\n\t\t<div class=\"elementor-element elementor-element-e829906 e-con-full e-flex e-con e-parent\" data-id=\"e829906\" data-element_type=\"container\" data-e-type=\"container\">\n\t\t\t\t<div class=\"elementor-element elementor-element-8740b5c elementor-widget-divider--separator-type-pattern elementor-widget-divider--view-line elementor-widget elementor-widget-divider\" data-id=\"8740b5c\" data-element_type=\"widget\" data-e-type=\"widget\" data-widget_type=\"divider.default\">\n\t\t\t\t\t\t\t<div class=\"elementor-divider\" style=\"--divider-pattern-url: url(&quot;data:image\/svg+xml,%3Csvg xmlns=&#039;http:\/\/www.w3.org\/2000\/svg&#039; preserveAspectRatio=&#039;none&#039; overflow=&#039;visible&#039; height=&#039;100%&#039; viewBox=&#039;0 0 24 24&#039; fill=&#039;black&#039; stroke=&#039;none&#039;%3E%3Cpath d=&#039;M12.7,2.3c-0.4-0.4-1.1-0.4-1.5,0l-8,9.1c-0.3,0.4-0.3,0.9,0,1.2l8,9.1c0.4,0.4,1.1,0.4,1.5,0l8-9.1c0.3-0.4,0.3-0.9,0-1.2L12.7,2.3z&#039;\/%3E%3C\/svg%3E&quot;);\">\n\t\t\t<span class=\"elementor-divider-separator\">\n\t\t\t\t\t\t<\/span>\n\t\t<\/div>\n\t\t\t\t\t\t<\/div>\n\t\t\t\t<div class=\"elementor-element elementor-element-a616739 elementor-widget elementor-widget-heading\" data-id=\"a616739\" data-element_type=\"widget\" data-e-type=\"widget\" data-widget_type=\"heading.default\">\n\t\t\t\t\t<h2 class=\"elementor-heading-title elementor-size-default\">Softness &amp; tenderness<\/h2>\t\t\t\t<\/div>\n\t\t\t\t<\/div>\n\t\t<div class=\"elementor-element elementor-element-89ef807 e-con-full e-flex e-con e-parent\" data-id=\"89ef807\" data-element_type=\"container\" data-e-type=\"container\">\n\t\t\t\t<div class=\"elementor-element elementor-element-95105bf elementor-widget__width-inherit elementor-widget-mobile__width-inherit elementor-widget elementor-widget-shortcode\" data-id=\"95105bf\" data-element_type=\"widget\" data-e-type=\"widget\" data-widget_type=\"shortcode.default\">\n\t\t\t\t\t\t\t<div class=\"elementor-shortcode\"><div class=\"woocommerce columns-2 \">\r\n<ul class=\"products oceanwp-row clr grid tablet-col tablet-2-col mobile-col mobile-2-col\">\r\n<li class=\"entry has-media col span_1_of_2 owp-content-center owp-thumbs-layout-vertical owp-btn-big owp-tabs-layout-vertical circle-sale product type-product post-25341 status-publish first instock product_cat-baby-girl-sweater-vest-cardigan product_cat-baby-sweater-vest-cardigan product_cat-child-sweater-vest-cardigan product_cat-clothing product_cat-girl-sweater-vest-cardigan has-post-thumbnail taxable shipping-taxable purchasable product-type-variable has-default-attributes\">\n\t<div class=\"product-inner clr\">\n\t<div class=\"woo-entry-image-swap woo-entry-image clr\">\n\t\t<a href=\"https:\/\/voyagedelabaleine.fr\/en\/product\/girls-knit-cardigan-beige\/\" class=\"woocommerce-LoopProduct-link\"><img decoding=\"async\" width=\"600\" height=\"800\" src=\"https:\/\/voyagedelabaleine.fr\/wp-content\/uploads\/2025\/07\/gilet-enfant-fille-maille-beige-600x800.jpg\" class=\"woo-entry-image-main\" alt=\"Girl&#8217;s Knit Cardigan &#8211; Beige\" itemprop=\"image\" srcset=\"https:\/\/voyagedelabaleine.fr\/wp-content\/uploads\/2025\/07\/gilet-enfant-fille-maille-beige-600x800.jpg 600w, https:\/\/voyagedelabaleine.fr\/wp-content\/uploads\/2025\/07\/gilet-enfant-fille-maille-beige-225x300.jpg 225w, https:\/\/voyagedelabaleine.fr\/wp-content\/uploads\/2025\/07\/gilet-enfant-fille-maille-beige-768x1024.jpg 768w, https:\/\/voyagedelabaleine.fr\/wp-content\/uploads\/2025\/07\/gilet-enfant-fille-maille-beige-1152x1536.jpg 1152w, https:\/\/voyagedelabaleine.fr\/wp-content\/uploads\/2025\/07\/gilet-enfant-fille-maille-beige.jpg 1200w\" sizes=\"(max-width: 600px) 100vw, 600px\" \/><img decoding=\"async\" width=\"600\" height=\"800\" src=\"https:\/\/voyagedelabaleine.fr\/wp-content\/uploads\/2025\/07\/gilet-fille-maille-beige-600x800.jpg\" class=\"woo-entry-image-secondary\" alt=\"Girl&#8217;s Knit Cardigan &#8211; Beige\" itemprop=\"image\" srcset=\"https:\/\/voyagedelabaleine.fr\/wp-content\/uploads\/2025\/07\/gilet-fille-maille-beige-600x800.jpg 600w, https:\/\/voyagedelabaleine.fr\/wp-content\/uploads\/2025\/07\/gilet-fille-maille-beige-225x300.jpg 225w, https:\/\/voyagedelabaleine.fr\/wp-content\/uploads\/2025\/07\/gilet-fille-maille-beige-768x1024.jpg 768w, https:\/\/voyagedelabaleine.fr\/wp-content\/uploads\/2025\/07\/gilet-fille-maille-beige.jpg 1100w\" sizes=\"(max-width: 600px) 100vw, 600px\" \/><\/a>\t<\/div><!-- .woo-entry-image-swap -->\n\n<ul class=\"woo-entry-inner clr\"><li class=\"image-wrap\">\n\t<div class=\"woo-entry-image-swap woo-entry-image clr\">\n\t\t<a href=\"https:\/\/voyagedelabaleine.fr\/en\/product\/girls-knit-cardigan-beige\/\" class=\"woocommerce-LoopProduct-link\"><img decoding=\"async\" width=\"600\" height=\"800\" src=\"https:\/\/voyagedelabaleine.fr\/wp-content\/uploads\/2025\/07\/gilet-enfant-fille-maille-beige-600x800.jpg\" class=\"woo-entry-image-main\" alt=\"Girl&#8217;s Knit Cardigan &#8211; Beige\" itemprop=\"image\" srcset=\"https:\/\/voyagedelabaleine.fr\/wp-content\/uploads\/2025\/07\/gilet-enfant-fille-maille-beige-600x800.jpg 600w, https:\/\/voyagedelabaleine.fr\/wp-content\/uploads\/2025\/07\/gilet-enfant-fille-maille-beige-225x300.jpg 225w, https:\/\/voyagedelabaleine.fr\/wp-content\/uploads\/2025\/07\/gilet-enfant-fille-maille-beige-768x1024.jpg 768w, https:\/\/voyagedelabaleine.fr\/wp-content\/uploads\/2025\/07\/gilet-enfant-fille-maille-beige-1152x1536.jpg 1152w, https:\/\/voyagedelabaleine.fr\/wp-content\/uploads\/2025\/07\/gilet-enfant-fille-maille-beige.jpg 1200w\" sizes=\"(max-width: 600px) 100vw, 600px\" \/><img decoding=\"async\" width=\"600\" height=\"800\" src=\"https:\/\/voyagedelabaleine.fr\/wp-content\/uploads\/2025\/07\/gilet-fille-maille-beige-600x800.jpg\" class=\"woo-entry-image-secondary\" alt=\"Girl&#8217;s Knit Cardigan &#8211; Beige\" itemprop=\"image\" srcset=\"https:\/\/voyagedelabaleine.fr\/wp-content\/uploads\/2025\/07\/gilet-fille-maille-beige-600x800.jpg 600w, https:\/\/voyagedelabaleine.fr\/wp-content\/uploads\/2025\/07\/gilet-fille-maille-beige-225x300.jpg 225w, https:\/\/voyagedelabaleine.fr\/wp-content\/uploads\/2025\/07\/gilet-fille-maille-beige-768x1024.jpg 768w, https:\/\/voyagedelabaleine.fr\/wp-content\/uploads\/2025\/07\/gilet-fille-maille-beige.jpg 1100w\" sizes=\"(max-width: 600px) 100vw, 600px\" \/><\/a>\t<\/div><!-- .woo-entry-image-swap -->\n\n<\/li><li class=\"title\"><h2><a href=\"https:\/\/voyagedelabaleine.fr\/en\/product\/girls-knit-cardigan-beige\/\">Girl&#8217;s Knit Cardigan &#8211; Beige<\/a><\/h2><\/li><li class=\"price-wrap\">\n\t<span class=\"price\"><span class=\"woocommerce-Price-amount amount\"><bdi>66<span class=\"woocommerce-Price-currencySymbol\">&euro;<\/span><\/bdi><\/span><\/span>\n<\/li><\/ul><\/div><!-- .product-inner .clr --><\/li>\n<li class=\"entry has-media col span_1_of_2 owp-content-center owp-thumbs-layout-vertical owp-btn-big owp-tabs-layout-vertical circle-sale product type-product post-25297 status-publish last instock product_cat-baby-dress product_cat-baby-girl product_cat-clothing product_cat-girl product_cat-girl-dress has-post-thumbnail taxable shipping-taxable purchasable product-type-variable has-default-attributes\">\n\t<div class=\"product-inner clr\">\n\t<div class=\"woo-entry-image-swap woo-entry-image clr\">\n\t\t<a href=\"https:\/\/voyagedelabaleine.fr\/en\/product\/red-plaid-flannel-baby-girl-dress\/\" class=\"woocommerce-LoopProduct-link\"><img decoding=\"async\" width=\"600\" height=\"800\" src=\"https:\/\/voyagedelabaleine.fr\/wp-content\/uploads\/2025\/08\/robe-enfant-fille-flanelle-ecossaise-1-600x800.jpg\" class=\"woo-entry-image-main\" alt=\"Red Plaid Flannel Baby Girl Dress\" itemprop=\"image\" srcset=\"https:\/\/voyagedelabaleine.fr\/wp-content\/uploads\/2025\/08\/robe-enfant-fille-flanelle-ecossaise-1-600x800.jpg 600w, https:\/\/voyagedelabaleine.fr\/wp-content\/uploads\/2025\/08\/robe-enfant-fille-flanelle-ecossaise-1-225x300.jpg 225w, https:\/\/voyagedelabaleine.fr\/wp-content\/uploads\/2025\/08\/robe-enfant-fille-flanelle-ecossaise-1-768x1024.jpg 768w, https:\/\/voyagedelabaleine.fr\/wp-content\/uploads\/2025\/08\/robe-enfant-fille-flanelle-ecossaise-1-1152x1536.jpg 1152w, https:\/\/voyagedelabaleine.fr\/wp-content\/uploads\/2025\/08\/robe-enfant-fille-flanelle-ecossaise-1.jpg 1400w\" sizes=\"(max-width: 600px) 100vw, 600px\" \/><img decoding=\"async\" width=\"600\" height=\"800\" src=\"https:\/\/voyagedelabaleine.fr\/wp-content\/uploads\/2025\/07\/robe-fille-flanelle-ecossaise-600x800.jpg\" class=\"woo-entry-image-secondary\" alt=\"Red Plaid Flannel Baby Girl Dress\" itemprop=\"image\" srcset=\"https:\/\/voyagedelabaleine.fr\/wp-content\/uploads\/2025\/07\/robe-fille-flanelle-ecossaise-600x800.jpg 600w, https:\/\/voyagedelabaleine.fr\/wp-content\/uploads\/2025\/07\/robe-fille-flanelle-ecossaise-225x300.jpg 225w, https:\/\/voyagedelabaleine.fr\/wp-content\/uploads\/2025\/07\/robe-fille-flanelle-ecossaise-768x1024.jpg 768w, https:\/\/voyagedelabaleine.fr\/wp-content\/uploads\/2025\/07\/robe-fille-flanelle-ecossaise.jpg 1000w\" sizes=\"(max-width: 600px) 100vw, 600px\" \/><\/a>\t<\/div><!-- .woo-entry-image-swap -->\n\n<ul class=\"woo-entry-inner clr\"><li class=\"image-wrap\">\n\t<div class=\"woo-entry-image-swap woo-entry-image clr\">\n\t\t<a href=\"https:\/\/voyagedelabaleine.fr\/en\/product\/red-plaid-flannel-baby-girl-dress\/\" class=\"woocommerce-LoopProduct-link\"><img decoding=\"async\" width=\"600\" height=\"800\" src=\"https:\/\/voyagedelabaleine.fr\/wp-content\/uploads\/2025\/08\/robe-enfant-fille-flanelle-ecossaise-1-600x800.jpg\" class=\"woo-entry-image-main\" alt=\"Red Plaid Flannel Baby Girl Dress\" itemprop=\"image\" srcset=\"https:\/\/voyagedelabaleine.fr\/wp-content\/uploads\/2025\/08\/robe-enfant-fille-flanelle-ecossaise-1-600x800.jpg 600w, https:\/\/voyagedelabaleine.fr\/wp-content\/uploads\/2025\/08\/robe-enfant-fille-flanelle-ecossaise-1-225x300.jpg 225w, https:\/\/voyagedelabaleine.fr\/wp-content\/uploads\/2025\/08\/robe-enfant-fille-flanelle-ecossaise-1-768x1024.jpg 768w, https:\/\/voyagedelabaleine.fr\/wp-content\/uploads\/2025\/08\/robe-enfant-fille-flanelle-ecossaise-1-1152x1536.jpg 1152w, https:\/\/voyagedelabaleine.fr\/wp-content\/uploads\/2025\/08\/robe-enfant-fille-flanelle-ecossaise-1.jpg 1400w\" sizes=\"(max-width: 600px) 100vw, 600px\" \/><img decoding=\"async\" width=\"600\" height=\"800\" src=\"https:\/\/voyagedelabaleine.fr\/wp-content\/uploads\/2025\/07\/robe-fille-flanelle-ecossaise-600x800.jpg\" class=\"woo-entry-image-secondary\" alt=\"Red Plaid Flannel Baby Girl Dress\" itemprop=\"image\" srcset=\"https:\/\/voyagedelabaleine.fr\/wp-content\/uploads\/2025\/07\/robe-fille-flanelle-ecossaise-600x800.jpg 600w, https:\/\/voyagedelabaleine.fr\/wp-content\/uploads\/2025\/07\/robe-fille-flanelle-ecossaise-225x300.jpg 225w, https:\/\/voyagedelabaleine.fr\/wp-content\/uploads\/2025\/07\/robe-fille-flanelle-ecossaise-768x1024.jpg 768w, https:\/\/voyagedelabaleine.fr\/wp-content\/uploads\/2025\/07\/robe-fille-flanelle-ecossaise.jpg 1000w\" sizes=\"(max-width: 600px) 100vw, 600px\" \/><\/a>\t<\/div><!-- .woo-entry-image-swap -->\n\n<\/li><li class=\"title\"><h2><a href=\"https:\/\/voyagedelabaleine.fr\/en\/product\/red-plaid-flannel-baby-girl-dress\/\">Red Plaid Flannel Baby Girl Dress<\/a><\/h2><\/li><li class=\"price-wrap\">\n\t<span class=\"price\"><span class=\"woocommerce-Price-amount amount\"><bdi>78<span class=\"woocommerce-Price-currencySymbol\">&euro;<\/span><\/bdi><\/span><\/span>\n<\/li><\/ul><\/div><!-- .product-inner .clr --><\/li>\n<\/ul>\n<\/div><\/div>\n\t\t\t\t\t\t<\/div>\n\t\t\t\t<\/div>\n\t\t<div class=\"elementor-element elementor-element-603ecde e-con-full e-flex e-con e-parent\" data-id=\"603ecde\" data-element_type=\"container\" data-e-type=\"container\">\n\t\t\t\t<div class=\"elementor-element elementor-element-c4f88d0 elementor-widget-divider--separator-type-pattern elementor-widget-divider--view-line elementor-widget elementor-widget-divider\" data-id=\"c4f88d0\" data-element_type=\"widget\" data-e-type=\"widget\" data-widget_type=\"divider.default\">\n\t\t\t\t\t\t\t<div class=\"elementor-divider\" style=\"--divider-pattern-url: url(&quot;data:image\/svg+xml,%3Csvg xmlns=&#039;http:\/\/www.w3.org\/2000\/svg&#039; preserveAspectRatio=&#039;none&#039; overflow=&#039;visible&#039; height=&#039;100%&#039; viewBox=&#039;0 0 24 24&#039; fill=&#039;black&#039; stroke=&#039;none&#039;%3E%3Cpath d=&#039;M12.7,2.3c-0.4-0.4-1.1-0.4-1.5,0l-8,9.1c-0.3,0.4-0.3,0.9,0,1.2l8,9.1c0.4,0.4,1.1,0.4,1.5,0l8-9.1c0.3-0.4,0.3-0.9,0-1.2L12.7,2.3z&#039;\/%3E%3C\/svg%3E&quot;);\">\n\t\t\t<span class=\"elementor-divider-separator\">\n\t\t\t\t\t\t<\/span>\n\t\t<\/div>\n\t\t\t\t\t\t<\/div>\n\t\t\t\t<div class=\"elementor-element elementor-element-6e2ebd9 elementor-widget elementor-widget-heading\" data-id=\"6e2ebd9\" data-element_type=\"widget\" data-e-type=\"widget\" data-widget_type=\"heading.default\">\n\t\t\t\t\t<h2 class=\"elementor-heading-title elementor-size-default\">A sweet outfit<\/h2>\t\t\t\t<\/div>\n\t\t\t\t<\/div>\n\t\t<div class=\"elementor-element elementor-element-cdddd1c e-con-full e-flex e-con e-parent\" data-id=\"cdddd1c\" data-element_type=\"container\" data-e-type=\"container\">\n\t\t\t\t<div class=\"elementor-element elementor-element-0de402f elementor-widget__width-inherit elementor-widget-mobile__width-inherit elementor-widget elementor-widget-shortcode\" data-id=\"0de402f\" data-element_type=\"widget\" data-e-type=\"widget\" data-widget_type=\"shortcode.default\">\n\t\t\t\t\t\t\t<div class=\"elementor-shortcode\"><div class=\"woocommerce columns-3 \">\r\n<ul class=\"products oceanwp-row clr grid tablet-col tablet-2-col mobile-col mobile-2-col\">\r\n<li class=\"entry has-media col span_1_of_3 owp-content-center owp-thumbs-layout-vertical owp-btn-big owp-tabs-layout-vertical circle-sale product type-product post-27687 status-publish first instock product_cat-baby-bodysuit product_cat-baby-boy-bodysuit product_cat-bodysuit product_cat-newborn-bodysuit product_cat-newborn-boy-bodysuits has-post-thumbnail taxable shipping-taxable purchasable product-type-variable has-default-attributes\">\n\t<div class=\"product-inner clr\">\n\t<div class=\"woo-entry-image-swap woo-entry-image clr\">\n\t\t<a href=\"https:\/\/voyagedelabaleine.fr\/en\/product\/baby-boy-bodysuit-with-plaid-collar-white\/\" class=\"woocommerce-LoopProduct-link\"><img decoding=\"async\" width=\"600\" height=\"800\" src=\"https:\/\/voyagedelabaleine.fr\/wp-content\/uploads\/2025\/07\/body-bebe-garcon-col-carreaux-600x800.jpg\" class=\"woo-entry-image-main\" alt=\"Baby Boy Bodysuit with Plaid Collar &#8211; White\" itemprop=\"image\" srcset=\"https:\/\/voyagedelabaleine.fr\/wp-content\/uploads\/2025\/07\/body-bebe-garcon-col-carreaux-600x800.jpg 600w, https:\/\/voyagedelabaleine.fr\/wp-content\/uploads\/2025\/07\/body-bebe-garcon-col-carreaux-225x300.jpg 225w, https:\/\/voyagedelabaleine.fr\/wp-content\/uploads\/2025\/07\/body-bebe-garcon-col-carreaux-768x1024.jpg 768w, https:\/\/voyagedelabaleine.fr\/wp-content\/uploads\/2025\/07\/body-bebe-garcon-col-carreaux.jpg 1100w\" sizes=\"(max-width: 600px) 100vw, 600px\" \/><img decoding=\"async\" width=\"600\" height=\"800\" src=\"https:\/\/voyagedelabaleine.fr\/wp-content\/uploads\/2025\/07\/body-bebe-garcon-col-carreaux-2-600x800.jpg\" class=\"woo-entry-image-secondary\" alt=\"Baby Boy Bodysuit with Plaid Collar &#8211; White\" itemprop=\"image\" srcset=\"https:\/\/voyagedelabaleine.fr\/wp-content\/uploads\/2025\/07\/body-bebe-garcon-col-carreaux-2-600x799.jpg 600w, https:\/\/voyagedelabaleine.fr\/wp-content\/uploads\/2025\/07\/body-bebe-garcon-col-carreaux-2-225x300.jpg 225w, https:\/\/voyagedelabaleine.fr\/wp-content\/uploads\/2025\/07\/body-bebe-garcon-col-carreaux-2-769x1024.jpg 769w, https:\/\/voyagedelabaleine.fr\/wp-content\/uploads\/2025\/07\/body-bebe-garcon-col-carreaux-2-768x1023.jpg 768w, https:\/\/voyagedelabaleine.fr\/wp-content\/uploads\/2025\/07\/body-bebe-garcon-col-carreaux-2.jpg 966w\" sizes=\"(max-width: 600px) 100vw, 600px\" \/><\/a>\t<\/div><!-- .woo-entry-image-swap -->\n\n<ul class=\"woo-entry-inner clr\"><li class=\"image-wrap\">\n\t<div class=\"woo-entry-image-swap woo-entry-image clr\">\n\t\t<a href=\"https:\/\/voyagedelabaleine.fr\/en\/product\/baby-boy-bodysuit-with-plaid-collar-white\/\" class=\"woocommerce-LoopProduct-link\"><img decoding=\"async\" width=\"600\" height=\"800\" src=\"https:\/\/voyagedelabaleine.fr\/wp-content\/uploads\/2025\/07\/body-bebe-garcon-col-carreaux-600x800.jpg\" class=\"woo-entry-image-main\" alt=\"Baby Boy Bodysuit with Plaid Collar &#8211; White\" itemprop=\"image\" srcset=\"https:\/\/voyagedelabaleine.fr\/wp-content\/uploads\/2025\/07\/body-bebe-garcon-col-carreaux-600x800.jpg 600w, https:\/\/voyagedelabaleine.fr\/wp-content\/uploads\/2025\/07\/body-bebe-garcon-col-carreaux-225x300.jpg 225w, https:\/\/voyagedelabaleine.fr\/wp-content\/uploads\/2025\/07\/body-bebe-garcon-col-carreaux-768x1024.jpg 768w, https:\/\/voyagedelabaleine.fr\/wp-content\/uploads\/2025\/07\/body-bebe-garcon-col-carreaux.jpg 1100w\" sizes=\"(max-width: 600px) 100vw, 600px\" \/><img decoding=\"async\" width=\"600\" height=\"800\" src=\"https:\/\/voyagedelabaleine.fr\/wp-content\/uploads\/2025\/07\/body-bebe-garcon-col-carreaux-2-600x800.jpg\" class=\"woo-entry-image-secondary\" alt=\"Baby Boy Bodysuit with Plaid Collar &#8211; White\" itemprop=\"image\" srcset=\"https:\/\/voyagedelabaleine.fr\/wp-content\/uploads\/2025\/07\/body-bebe-garcon-col-carreaux-2-600x799.jpg 600w, https:\/\/voyagedelabaleine.fr\/wp-content\/uploads\/2025\/07\/body-bebe-garcon-col-carreaux-2-225x300.jpg 225w, https:\/\/voyagedelabaleine.fr\/wp-content\/uploads\/2025\/07\/body-bebe-garcon-col-carreaux-2-769x1024.jpg 769w, https:\/\/voyagedelabaleine.fr\/wp-content\/uploads\/2025\/07\/body-bebe-garcon-col-carreaux-2-768x1023.jpg 768w, https:\/\/voyagedelabaleine.fr\/wp-content\/uploads\/2025\/07\/body-bebe-garcon-col-carreaux-2.jpg 966w\" sizes=\"(max-width: 600px) 100vw, 600px\" \/><\/a>\t<\/div><!-- .woo-entry-image-swap -->\n\n<\/li><li class=\"title\"><h2><a href=\"https:\/\/voyagedelabaleine.fr\/en\/product\/baby-boy-bodysuit-with-plaid-collar-white\/\">Baby Boy Bodysuit with Plaid Collar &#8211; White<\/a><\/h2><\/li><li class=\"price-wrap\">\n\t<span class=\"price\"><span class=\"woocommerce-Price-amount amount\"><bdi>32<span class=\"woocommerce-Price-currencySymbol\">&euro;<\/span><\/bdi><\/span><\/span>\n<\/li><\/ul><\/div><!-- .product-inner .clr --><\/li>\n<li class=\"entry has-media col span_1_of_3 owp-content-center owp-thumbs-layout-vertical owp-btn-big owp-tabs-layout-vertical circle-sale product type-product post-25348 status-publish instock product_cat-baby-boy-sweater-vest-cardigan product_cat-baby-girl-sweater-vest-cardigan product_cat-baby-sweater-vest-cardigan product_cat-boy-sweater-vest-cardigan product_cat-chatgpt-a-dit-newborn-sweaters-cardigans-and-vests product_cat-child-sweater-vest-cardigan product_cat-clothing product_cat-girl-sweater-vest-cardigan product_cat-newborn-boy-sweaters-cardigans-knitwear product_cat-newborn-girl-sweaters-cardigans-knitwear has-post-thumbnail taxable shipping-taxable purchasable product-type-variable has-default-attributes\">\n\t<div class=\"product-inner clr\">\n\t<div class=\"woo-entry-image-swap woo-entry-image clr\">\n\t\t<a href=\"https:\/\/voyagedelabaleine.fr\/en\/product\/two-tone-knitted-baby-cardigan-beige\/\" class=\"woocommerce-LoopProduct-link\"><img decoding=\"async\" width=\"600\" height=\"800\" src=\"https:\/\/voyagedelabaleine.fr\/wp-content\/uploads\/2025\/07\/cardigan-bebe-maille-beige-600x800.jpg\" class=\"woo-entry-image-main\" alt=\"Two-tone Knitted Baby Cardigan &#8211; Beige\" itemprop=\"image\" srcset=\"https:\/\/voyagedelabaleine.fr\/wp-content\/uploads\/2025\/07\/cardigan-bebe-maille-beige-600x800.jpg 600w, https:\/\/voyagedelabaleine.fr\/wp-content\/uploads\/2025\/07\/cardigan-bebe-maille-beige-225x300.jpg 225w, https:\/\/voyagedelabaleine.fr\/wp-content\/uploads\/2025\/07\/cardigan-bebe-maille-beige-768x1024.jpg 768w, https:\/\/voyagedelabaleine.fr\/wp-content\/uploads\/2025\/07\/cardigan-bebe-maille-beige.jpg 1100w\" sizes=\"(max-width: 600px) 100vw, 600px\" \/><img decoding=\"async\" width=\"600\" height=\"800\" src=\"https:\/\/voyagedelabaleine.fr\/wp-content\/uploads\/2025\/07\/cardigan-bebe-maille-beige-2-600x800.jpg\" class=\"woo-entry-image-secondary\" alt=\"Two-tone Knitted Baby Cardigan &#8211; Beige\" itemprop=\"image\" srcset=\"https:\/\/voyagedelabaleine.fr\/wp-content\/uploads\/2025\/07\/cardigan-bebe-maille-beige-2-600x800.jpg 600w, https:\/\/voyagedelabaleine.fr\/wp-content\/uploads\/2025\/07\/cardigan-bebe-maille-beige-2-225x300.jpg 225w, https:\/\/voyagedelabaleine.fr\/wp-content\/uploads\/2025\/07\/cardigan-bebe-maille-beige-2-768x1024.jpg 768w, https:\/\/voyagedelabaleine.fr\/wp-content\/uploads\/2025\/07\/cardigan-bebe-maille-beige-2.jpg 800w\" sizes=\"(max-width: 600px) 100vw, 600px\" \/><\/a>\t<\/div><!-- .woo-entry-image-swap -->\n\n<ul class=\"woo-entry-inner clr\"><li class=\"image-wrap\">\n\t<div class=\"woo-entry-image-swap woo-entry-image clr\">\n\t\t<a href=\"https:\/\/voyagedelabaleine.fr\/en\/product\/two-tone-knitted-baby-cardigan-beige\/\" class=\"woocommerce-LoopProduct-link\"><img decoding=\"async\" width=\"600\" height=\"800\" src=\"https:\/\/voyagedelabaleine.fr\/wp-content\/uploads\/2025\/07\/cardigan-bebe-maille-beige-600x800.jpg\" class=\"woo-entry-image-main\" alt=\"Two-tone Knitted Baby Cardigan &#8211; Beige\" itemprop=\"image\" srcset=\"https:\/\/voyagedelabaleine.fr\/wp-content\/uploads\/2025\/07\/cardigan-bebe-maille-beige-600x800.jpg 600w, https:\/\/voyagedelabaleine.fr\/wp-content\/uploads\/2025\/07\/cardigan-bebe-maille-beige-225x300.jpg 225w, https:\/\/voyagedelabaleine.fr\/wp-content\/uploads\/2025\/07\/cardigan-bebe-maille-beige-768x1024.jpg 768w, https:\/\/voyagedelabaleine.fr\/wp-content\/uploads\/2025\/07\/cardigan-bebe-maille-beige.jpg 1100w\" sizes=\"(max-width: 600px) 100vw, 600px\" \/><img decoding=\"async\" width=\"600\" height=\"800\" src=\"https:\/\/voyagedelabaleine.fr\/wp-content\/uploads\/2025\/07\/cardigan-bebe-maille-beige-2-600x800.jpg\" class=\"woo-entry-image-secondary\" alt=\"Two-tone Knitted Baby Cardigan &#8211; Beige\" itemprop=\"image\" srcset=\"https:\/\/voyagedelabaleine.fr\/wp-content\/uploads\/2025\/07\/cardigan-bebe-maille-beige-2-600x800.jpg 600w, https:\/\/voyagedelabaleine.fr\/wp-content\/uploads\/2025\/07\/cardigan-bebe-maille-beige-2-225x300.jpg 225w, https:\/\/voyagedelabaleine.fr\/wp-content\/uploads\/2025\/07\/cardigan-bebe-maille-beige-2-768x1024.jpg 768w, https:\/\/voyagedelabaleine.fr\/wp-content\/uploads\/2025\/07\/cardigan-bebe-maille-beige-2.jpg 800w\" sizes=\"(max-width: 600px) 100vw, 600px\" \/><\/a>\t<\/div><!-- .woo-entry-image-swap -->\n\n<\/li><li class=\"title\"><h2><a href=\"https:\/\/voyagedelabaleine.fr\/en\/product\/two-tone-knitted-baby-cardigan-beige\/\">Two-tone Knitted Baby Cardigan &#8211; Beige<\/a><\/h2><\/li><li class=\"price-wrap\">\n\t<span class=\"price\"><span class=\"woocommerce-Price-amount amount\"><bdi>68<span class=\"woocommerce-Price-currencySymbol\">&euro;<\/span><\/bdi><\/span><\/span>\n<\/li><\/ul><\/div><!-- .product-inner .clr --><\/li>\n<li class=\"entry has-media col span_1_of_3 owp-content-center owp-thumbs-layout-vertical owp-btn-big owp-tabs-layout-vertical circle-sale product type-product post-27587 status-publish last instock product_cat-baby-bloomer-shorts-trousers product_cat-baby-boy-bloomer-shorts-trousers product_cat-baby-girl-bloomer-shorts-trousers product_cat-boy-trousers-shorts product_cat-child-trousers-shorts product_cat-clothing product_cat-girl-trousers-shorts product_cat-newborn-bloomer-shorts-and-pants product_cat-newborn-boy-bloomers-shorts-pants product_cat-newborn-girl-bloomers-shorts-pants has-post-thumbnail taxable shipping-taxable purchasable product-type-variable has-default-attributes\">\n\t<div class=\"product-inner clr\">\n\t<div class=\"woo-entry-image-swap woo-entry-image clr\">\n\t\t<a href=\"https:\/\/voyagedelabaleine.fr\/en\/product\/baby-corduroy-pants-navy-blue\/\" class=\"woocommerce-LoopProduct-link\"><img decoding=\"async\" width=\"600\" height=\"800\" src=\"https:\/\/voyagedelabaleine.fr\/wp-content\/uploads\/2025\/07\/pantalon-enfant-velours-cotele-marine-600x800.jpg\" class=\"woo-entry-image-main\" alt=\"Baby Corduroy Pants &#8211; Navy Blue\" itemprop=\"image\" srcset=\"https:\/\/voyagedelabaleine.fr\/wp-content\/uploads\/2025\/07\/pantalon-enfant-velours-cotele-marine-600x800.jpg 600w, https:\/\/voyagedelabaleine.fr\/wp-content\/uploads\/2025\/07\/pantalon-enfant-velours-cotele-marine-225x300.jpg 225w, https:\/\/voyagedelabaleine.fr\/wp-content\/uploads\/2025\/07\/pantalon-enfant-velours-cotele-marine-768x1024.jpg 768w, https:\/\/voyagedelabaleine.fr\/wp-content\/uploads\/2025\/07\/pantalon-enfant-velours-cotele-marine-1152x1536.jpg 1152w, https:\/\/voyagedelabaleine.fr\/wp-content\/uploads\/2025\/07\/pantalon-enfant-velours-cotele-marine.jpg 1200w\" sizes=\"(max-width: 600px) 100vw, 600px\" \/><img decoding=\"async\" width=\"583\" height=\"778\" src=\"https:\/\/voyagedelabaleine.fr\/wp-content\/uploads\/2025\/07\/pantalon-enfant-velours-cotele-marine-1.jpg\" class=\"woo-entry-image-secondary\" alt=\"Baby Corduroy Pants &#8211; Navy Blue\" itemprop=\"image\" srcset=\"https:\/\/voyagedelabaleine.fr\/wp-content\/uploads\/2025\/07\/pantalon-enfant-velours-cotele-marine-1.jpg 583w, https:\/\/voyagedelabaleine.fr\/wp-content\/uploads\/2025\/07\/pantalon-enfant-velours-cotele-marine-1-225x300.jpg 225w\" sizes=\"(max-width: 583px) 100vw, 583px\" \/><\/a>\t<\/div><!-- .woo-entry-image-swap -->\n\n<ul class=\"woo-entry-inner clr\"><li class=\"image-wrap\">\n\t<div class=\"woo-entry-image-swap woo-entry-image clr\">\n\t\t<a href=\"https:\/\/voyagedelabaleine.fr\/en\/product\/baby-corduroy-pants-navy-blue\/\" class=\"woocommerce-LoopProduct-link\"><img decoding=\"async\" width=\"600\" height=\"800\" src=\"https:\/\/voyagedelabaleine.fr\/wp-content\/uploads\/2025\/07\/pantalon-enfant-velours-cotele-marine-600x800.jpg\" class=\"woo-entry-image-main\" alt=\"Baby Corduroy Pants &#8211; Navy Blue\" itemprop=\"image\" srcset=\"https:\/\/voyagedelabaleine.fr\/wp-content\/uploads\/2025\/07\/pantalon-enfant-velours-cotele-marine-600x800.jpg 600w, https:\/\/voyagedelabaleine.fr\/wp-content\/uploads\/2025\/07\/pantalon-enfant-velours-cotele-marine-225x300.jpg 225w, https:\/\/voyagedelabaleine.fr\/wp-content\/uploads\/2025\/07\/pantalon-enfant-velours-cotele-marine-768x1024.jpg 768w, https:\/\/voyagedelabaleine.fr\/wp-content\/uploads\/2025\/07\/pantalon-enfant-velours-cotele-marine-1152x1536.jpg 1152w, https:\/\/voyagedelabaleine.fr\/wp-content\/uploads\/2025\/07\/pantalon-enfant-velours-cotele-marine.jpg 1200w\" sizes=\"(max-width: 600px) 100vw, 600px\" \/><img decoding=\"async\" width=\"583\" height=\"778\" src=\"https:\/\/voyagedelabaleine.fr\/wp-content\/uploads\/2025\/07\/pantalon-enfant-velours-cotele-marine-1.jpg\" class=\"woo-entry-image-secondary\" alt=\"Baby Corduroy Pants &#8211; Navy Blue\" itemprop=\"image\" srcset=\"https:\/\/voyagedelabaleine.fr\/wp-content\/uploads\/2025\/07\/pantalon-enfant-velours-cotele-marine-1.jpg 583w, https:\/\/voyagedelabaleine.fr\/wp-content\/uploads\/2025\/07\/pantalon-enfant-velours-cotele-marine-1-225x300.jpg 225w\" sizes=\"(max-width: 583px) 100vw, 583px\" \/><\/a>\t<\/div><!-- .woo-entry-image-swap -->\n\n<\/li><li class=\"title\"><h2><a href=\"https:\/\/voyagedelabaleine.fr\/en\/product\/baby-corduroy-pants-navy-blue\/\">Baby Corduroy Pants &#8211; Navy Blue<\/a><\/h2><\/li><li class=\"price-wrap\">\n\t<span class=\"price\"><span class=\"woocommerce-Price-amount amount\"><bdi>38<span class=\"woocommerce-Price-currencySymbol\">&euro;<\/span><\/bdi><\/span><\/span>\n<\/li><\/ul><\/div><!-- .product-inner .clr --><\/li>\n<\/ul>\n<\/div><\/div>\n\t\t\t\t\t\t<\/div>\n\t\t\t\t<\/div>\n\t\t<div class=\"elementor-element elementor-element-7b59a8e e-con-full e-flex e-con e-parent\" data-id=\"7b59a8e\" data-element_type=\"container\" data-e-type=\"container\">\n\t\t\t\t<div class=\"elementor-element elementor-element-d398c6c elementor-widget-divider--separator-type-pattern elementor-widget-divider--view-line elementor-widget elementor-widget-divider\" data-id=\"d398c6c\" data-element_type=\"widget\" data-e-type=\"widget\" data-widget_type=\"divider.default\">\n\t\t\t\t\t\t\t<div class=\"elementor-divider\" style=\"--divider-pattern-url: url(&quot;data:image\/svg+xml,%3Csvg xmlns=&#039;http:\/\/www.w3.org\/2000\/svg&#039; preserveAspectRatio=&#039;none&#039; overflow=&#039;visible&#039; height=&#039;100%&#039; viewBox=&#039;0 0 24 24&#039; fill=&#039;black&#039; stroke=&#039;none&#039;%3E%3Cpath d=&#039;M12.7,2.3c-0.4-0.4-1.1-0.4-1.5,0l-8,9.1c-0.3,0.4-0.3,0.9,0,1.2l8,9.1c0.4,0.4,1.1,0.4,1.5,0l8-9.1c0.3-0.4,0.3-0.9,0-1.2L12.7,2.3z&#039;\/%3E%3C\/svg%3E&quot;);\">\n\t\t\t<span class=\"elementor-divider-separator\">\n\t\t\t\t\t\t<\/span>\n\t\t<\/div>\n\t\t\t\t\t\t<\/div>\n\t\t\t\t<div class=\"elementor-element elementor-element-7c105fa elementor-widget elementor-widget-heading\" data-id=\"7c105fa\" data-element_type=\"widget\" data-e-type=\"widget\" data-widget_type=\"heading.default\">\n\t\t\t\t\t<h2 class=\"elementor-heading-title elementor-size-default\">Festivities &amp; everyday<\/h2>\t\t\t\t<\/div>\n\t\t\t\t<\/div>\n\t\t<div class=\"elementor-element elementor-element-5a6af79 e-con-full e-flex e-con e-parent\" data-id=\"5a6af79\" data-element_type=\"container\" data-e-type=\"container\">\n\t\t\t\t<div class=\"elementor-element elementor-element-7d269d9 elementor-widget__width-inherit elementor-widget-mobile__width-inherit elementor-widget elementor-widget-shortcode\" data-id=\"7d269d9\" data-element_type=\"widget\" data-e-type=\"widget\" data-widget_type=\"shortcode.default\">\n\t\t\t\t\t\t\t<div class=\"elementor-shortcode\"><div class=\"woocommerce columns-3 \">\r\n<ul class=\"products oceanwp-row clr grid tablet-col tablet-2-col mobile-col mobile-2-col\">\r\n<li class=\"entry has-media col span_1_of_3 owp-content-center owp-thumbs-layout-vertical owp-btn-big owp-tabs-layout-vertical circle-sale product type-product post-24909 status-publish first instock product_cat-baby-bodysuit product_cat-baby-girl-bodysuit product_cat-bodysuit product_cat-newborn-bodysuit product_cat-newborn-girl-bodysuits has-post-thumbnail taxable shipping-taxable purchasable product-type-variable has-default-attributes\">\n\t<div class=\"product-inner clr\">\n\t<div class=\"woo-entry-image-swap woo-entry-image clr\">\n\t\t<a href=\"https:\/\/voyagedelabaleine.fr\/en\/product\/baby-girl-bodysuit-with-ruffled-collar-and-lace-white\/\" class=\"woocommerce-LoopProduct-link\"><img decoding=\"async\" width=\"600\" height=\"800\" src=\"https:\/\/voyagedelabaleine.fr\/wp-content\/uploads\/2025\/07\/body-bebe-fille-col-fronce-dentelle-1-600x800.jpg\" class=\"woo-entry-image-main\" alt=\"Baby girl bodysuit with ruffled collar and lace &#8211; White\" itemprop=\"image\" srcset=\"https:\/\/voyagedelabaleine.fr\/wp-content\/uploads\/2025\/07\/body-bebe-fille-col-fronce-dentelle-1-600x800.jpg 600w, https:\/\/voyagedelabaleine.fr\/wp-content\/uploads\/2025\/07\/body-bebe-fille-col-fronce-dentelle-1-225x300.jpg 225w, https:\/\/voyagedelabaleine.fr\/wp-content\/uploads\/2025\/07\/body-bebe-fille-col-fronce-dentelle-1-768x1024.jpg 768w, https:\/\/voyagedelabaleine.fr\/wp-content\/uploads\/2025\/07\/body-bebe-fille-col-fronce-dentelle-1-1152x1536.jpg 1152w, https:\/\/voyagedelabaleine.fr\/wp-content\/uploads\/2025\/07\/body-bebe-fille-col-fronce-dentelle-1.jpg 1425w\" sizes=\"(max-width: 600px) 100vw, 600px\" \/><img decoding=\"async\" width=\"600\" height=\"800\" src=\"https:\/\/voyagedelabaleine.fr\/wp-content\/uploads\/2025\/07\/body-bebe-fille-col-fronce-dentelle-600x800.jpg\" class=\"woo-entry-image-secondary\" alt=\"Baby girl bodysuit with ruffled collar and lace &#8211; White\" itemprop=\"image\" srcset=\"https:\/\/voyagedelabaleine.fr\/wp-content\/uploads\/2025\/07\/body-bebe-fille-col-fronce-dentelle-600x800.jpg 600w, https:\/\/voyagedelabaleine.fr\/wp-content\/uploads\/2025\/07\/body-bebe-fille-col-fronce-dentelle-225x300.jpg 225w, https:\/\/voyagedelabaleine.fr\/wp-content\/uploads\/2025\/07\/body-bebe-fille-col-fronce-dentelle-768x1024.jpg 768w, https:\/\/voyagedelabaleine.fr\/wp-content\/uploads\/2025\/07\/body-bebe-fille-col-fronce-dentelle-1152x1536.jpg 1152w, https:\/\/voyagedelabaleine.fr\/wp-content\/uploads\/2025\/07\/body-bebe-fille-col-fronce-dentelle.jpg 1425w\" sizes=\"(max-width: 600px) 100vw, 600px\" \/><\/a>\t<\/div><!-- .woo-entry-image-swap -->\n\n<ul class=\"woo-entry-inner clr\"><li class=\"image-wrap\">\n\t<div class=\"woo-entry-image-swap woo-entry-image clr\">\n\t\t<a href=\"https:\/\/voyagedelabaleine.fr\/en\/product\/baby-girl-bodysuit-with-ruffled-collar-and-lace-white\/\" class=\"woocommerce-LoopProduct-link\"><img decoding=\"async\" width=\"600\" height=\"800\" src=\"https:\/\/voyagedelabaleine.fr\/wp-content\/uploads\/2025\/07\/body-bebe-fille-col-fronce-dentelle-1-600x800.jpg\" class=\"woo-entry-image-main\" alt=\"Baby girl bodysuit with ruffled collar and lace &#8211; White\" itemprop=\"image\" srcset=\"https:\/\/voyagedelabaleine.fr\/wp-content\/uploads\/2025\/07\/body-bebe-fille-col-fronce-dentelle-1-600x800.jpg 600w, https:\/\/voyagedelabaleine.fr\/wp-content\/uploads\/2025\/07\/body-bebe-fille-col-fronce-dentelle-1-225x300.jpg 225w, https:\/\/voyagedelabaleine.fr\/wp-content\/uploads\/2025\/07\/body-bebe-fille-col-fronce-dentelle-1-768x1024.jpg 768w, https:\/\/voyagedelabaleine.fr\/wp-content\/uploads\/2025\/07\/body-bebe-fille-col-fronce-dentelle-1-1152x1536.jpg 1152w, https:\/\/voyagedelabaleine.fr\/wp-content\/uploads\/2025\/07\/body-bebe-fille-col-fronce-dentelle-1.jpg 1425w\" sizes=\"(max-width: 600px) 100vw, 600px\" \/><img decoding=\"async\" width=\"600\" height=\"800\" src=\"https:\/\/voyagedelabaleine.fr\/wp-content\/uploads\/2025\/07\/body-bebe-fille-col-fronce-dentelle-600x800.jpg\" class=\"woo-entry-image-secondary\" alt=\"Baby girl bodysuit with ruffled collar and lace &#8211; White\" itemprop=\"image\" srcset=\"https:\/\/voyagedelabaleine.fr\/wp-content\/uploads\/2025\/07\/body-bebe-fille-col-fronce-dentelle-600x800.jpg 600w, https:\/\/voyagedelabaleine.fr\/wp-content\/uploads\/2025\/07\/body-bebe-fille-col-fronce-dentelle-225x300.jpg 225w, https:\/\/voyagedelabaleine.fr\/wp-content\/uploads\/2025\/07\/body-bebe-fille-col-fronce-dentelle-768x1024.jpg 768w, https:\/\/voyagedelabaleine.fr\/wp-content\/uploads\/2025\/07\/body-bebe-fille-col-fronce-dentelle-1152x1536.jpg 1152w, https:\/\/voyagedelabaleine.fr\/wp-content\/uploads\/2025\/07\/body-bebe-fille-col-fronce-dentelle.jpg 1425w\" sizes=\"(max-width: 600px) 100vw, 600px\" \/><\/a>\t<\/div><!-- .woo-entry-image-swap -->\n\n<\/li><li class=\"title\"><h2><a href=\"https:\/\/voyagedelabaleine.fr\/en\/product\/baby-girl-bodysuit-with-ruffled-collar-and-lace-white\/\">Baby girl bodysuit with ruffled collar and lace &#8211; White<\/a><\/h2><\/li><li class=\"price-wrap\">\n\t<span class=\"price\"><span class=\"woocommerce-Price-amount amount\"><bdi>32<span class=\"woocommerce-Price-currencySymbol\">&euro;<\/span><\/bdi><\/span><\/span>\n<\/li><\/ul><\/div><!-- .product-inner .clr --><\/li>\n<li class=\"entry has-media has-rating col span_1_of_3 owp-content-center owp-thumbs-layout-vertical owp-btn-big owp-tabs-layout-vertical circle-sale product type-product post-24820 status-publish instock product_cat-baby-boy-sweater-vest-cardigan product_cat-baby-girl-sweater-vest-cardigan product_cat-baby-sweater-vest-cardigan product_cat-boy-sweater-vest-cardigan product_cat-chatgpt-a-dit-newborn-sweaters-cardigans-and-vests product_cat-child-sweater-vest-cardigan product_cat-clothing product_cat-girl-sweater-vest-cardigan product_cat-newborn-boy-sweaters-cardigans-knitwear product_cat-newborn-girl-sweaters-cardigans-knitwear has-post-thumbnail taxable shipping-taxable purchasable product-type-variable has-default-attributes\">\n\t<div class=\"product-inner clr\">\n\t<div class=\"woo-entry-image-swap woo-entry-image clr\">\n\t\t<a href=\"https:\/\/voyagedelabaleine.fr\/en\/product\/baby-cardigan-pale-grey\/\" class=\"woocommerce-LoopProduct-link\"><img decoding=\"async\" width=\"600\" height=\"800\" src=\"https:\/\/voyagedelabaleine.fr\/wp-content\/uploads\/2025\/09\/gilet-gris-laine-coton-2-600x800.jpg\" class=\"woo-entry-image-main\" alt=\"Baby cardigan &#8211; Pale Grey\" itemprop=\"image\" srcset=\"https:\/\/voyagedelabaleine.fr\/wp-content\/uploads\/2025\/09\/gilet-gris-laine-coton-2-600x800.jpg 600w, https:\/\/voyagedelabaleine.fr\/wp-content\/uploads\/2025\/09\/gilet-gris-laine-coton-2-225x300.jpg 225w, https:\/\/voyagedelabaleine.fr\/wp-content\/uploads\/2025\/09\/gilet-gris-laine-coton-2-768x1024.jpg 768w, https:\/\/voyagedelabaleine.fr\/wp-content\/uploads\/2025\/09\/gilet-gris-laine-coton-2.jpg 962w\" sizes=\"(max-width: 600px) 100vw, 600px\" \/><img decoding=\"async\" width=\"600\" height=\"800\" src=\"https:\/\/voyagedelabaleine.fr\/wp-content\/uploads\/2025\/09\/gilet-gris-laine-coton-1-600x800.jpg\" class=\"woo-entry-image-secondary\" alt=\"Baby cardigan &#8211; Pale Grey\" itemprop=\"image\" srcset=\"https:\/\/voyagedelabaleine.fr\/wp-content\/uploads\/2025\/09\/gilet-gris-laine-coton-1-600x801.jpg 600w, https:\/\/voyagedelabaleine.fr\/wp-content\/uploads\/2025\/09\/gilet-gris-laine-coton-1-225x300.jpg 225w, https:\/\/voyagedelabaleine.fr\/wp-content\/uploads\/2025\/09\/gilet-gris-laine-coton-1-768x1025.jpg 768w, https:\/\/voyagedelabaleine.fr\/wp-content\/uploads\/2025\/09\/gilet-gris-laine-coton-1.jpg 790w\" sizes=\"(max-width: 600px) 100vw, 600px\" \/><\/a>\t<\/div><!-- .woo-entry-image-swap -->\n\n<ul class=\"woo-entry-inner clr\"><li class=\"image-wrap\">\n\t<div class=\"woo-entry-image-swap woo-entry-image clr\">\n\t\t<a href=\"https:\/\/voyagedelabaleine.fr\/en\/product\/baby-cardigan-pale-grey\/\" class=\"woocommerce-LoopProduct-link\"><img decoding=\"async\" width=\"600\" height=\"800\" src=\"https:\/\/voyagedelabaleine.fr\/wp-content\/uploads\/2025\/09\/gilet-gris-laine-coton-2-600x800.jpg\" class=\"woo-entry-image-main\" alt=\"Baby cardigan &#8211; Pale Grey\" itemprop=\"image\" srcset=\"https:\/\/voyagedelabaleine.fr\/wp-content\/uploads\/2025\/09\/gilet-gris-laine-coton-2-600x800.jpg 600w, https:\/\/voyagedelabaleine.fr\/wp-content\/uploads\/2025\/09\/gilet-gris-laine-coton-2-225x300.jpg 225w, https:\/\/voyagedelabaleine.fr\/wp-content\/uploads\/2025\/09\/gilet-gris-laine-coton-2-768x1024.jpg 768w, https:\/\/voyagedelabaleine.fr\/wp-content\/uploads\/2025\/09\/gilet-gris-laine-coton-2.jpg 962w\" sizes=\"(max-width: 600px) 100vw, 600px\" \/><img decoding=\"async\" width=\"600\" height=\"800\" src=\"https:\/\/voyagedelabaleine.fr\/wp-content\/uploads\/2025\/09\/gilet-gris-laine-coton-1-600x800.jpg\" class=\"woo-entry-image-secondary\" alt=\"Baby cardigan &#8211; Pale Grey\" itemprop=\"image\" srcset=\"https:\/\/voyagedelabaleine.fr\/wp-content\/uploads\/2025\/09\/gilet-gris-laine-coton-1-600x801.jpg 600w, https:\/\/voyagedelabaleine.fr\/wp-content\/uploads\/2025\/09\/gilet-gris-laine-coton-1-225x300.jpg 225w, https:\/\/voyagedelabaleine.fr\/wp-content\/uploads\/2025\/09\/gilet-gris-laine-coton-1-768x1025.jpg 768w, https:\/\/voyagedelabaleine.fr\/wp-content\/uploads\/2025\/09\/gilet-gris-laine-coton-1.jpg 790w\" sizes=\"(max-width: 600px) 100vw, 600px\" \/><\/a>\t<\/div><!-- .woo-entry-image-swap -->\n\n<\/li><li class=\"title\"><h2><a href=\"https:\/\/voyagedelabaleine.fr\/en\/product\/baby-cardigan-pale-grey\/\">Baby cardigan &#8211; Pale Grey<\/a><\/h2><\/li><li class=\"price-wrap\">\n\t<span class=\"price\"><span class=\"woocommerce-Price-amount amount\"><bdi>38<span class=\"woocommerce-Price-currencySymbol\">&euro;<\/span><\/bdi><\/span><\/span>\n<\/li><\/ul><\/div><!-- .product-inner .clr --><\/li>\n<li class=\"entry has-media col span_1_of_3 owp-content-center owp-thumbs-layout-vertical owp-btn-big owp-tabs-layout-vertical circle-sale product type-product post-24578 status-publish last instock product_cat-baby-bloomer-shorts-trousers product_cat-baby-boy-bloomer-shorts-trousers product_cat-baby-girl-bloomer-shorts-trousers product_cat-clothing product_cat-newborn-bloomer-shorts-and-pants product_cat-newborn-boy-bloomers-shorts-pants product_cat-newborn-girl-bloomers-shorts-pants has-post-thumbnail taxable shipping-taxable purchasable product-type-variable has-default-attributes\">\n\t<div class=\"product-inner clr\">\n\t<div class=\"woo-entry-image-swap woo-entry-image clr\">\n\t\t<a href=\"https:\/\/voyagedelabaleine.fr\/en\/product\/plaid-baby-bloomer-red\/\" class=\"woocommerce-LoopProduct-link\"><img decoding=\"async\" width=\"600\" height=\"800\" src=\"https:\/\/voyagedelabaleine.fr\/wp-content\/uploads\/2025\/07\/bloomer-bebe-ecossais-rouge-600x800.jpg\" class=\"woo-entry-image-main\" alt=\"Plaid baby bloomer &#8211; Red\" itemprop=\"image\" srcset=\"https:\/\/voyagedelabaleine.fr\/wp-content\/uploads\/2025\/07\/bloomer-bebe-ecossais-rouge-600x800.jpg 600w, https:\/\/voyagedelabaleine.fr\/wp-content\/uploads\/2025\/07\/bloomer-bebe-ecossais-rouge-225x300.jpg 225w, https:\/\/voyagedelabaleine.fr\/wp-content\/uploads\/2025\/07\/bloomer-bebe-ecossais-rouge-768x1024.jpg 768w, https:\/\/voyagedelabaleine.fr\/wp-content\/uploads\/2025\/07\/bloomer-bebe-ecossais-rouge-1152x1536.jpg 1152w, https:\/\/voyagedelabaleine.fr\/wp-content\/uploads\/2025\/07\/bloomer-bebe-ecossais-rouge.jpg 1200w\" sizes=\"(max-width: 600px) 100vw, 600px\" \/><img decoding=\"async\" width=\"600\" height=\"800\" src=\"https:\/\/voyagedelabaleine.fr\/wp-content\/uploads\/2025\/07\/bloomer-bebe-ecossais-rouge-2-600x800.jpg\" class=\"woo-entry-image-secondary\" alt=\"Plaid baby bloomer &#8211; Red\" itemprop=\"image\" srcset=\"https:\/\/voyagedelabaleine.fr\/wp-content\/uploads\/2025\/07\/bloomer-bebe-ecossais-rouge-2-600x800.jpg 600w, https:\/\/voyagedelabaleine.fr\/wp-content\/uploads\/2025\/07\/bloomer-bebe-ecossais-rouge-2-225x300.jpg 225w, https:\/\/voyagedelabaleine.fr\/wp-content\/uploads\/2025\/07\/bloomer-bebe-ecossais-rouge-2-768x1024.jpg 768w, https:\/\/voyagedelabaleine.fr\/wp-content\/uploads\/2025\/07\/bloomer-bebe-ecossais-rouge-2-1152x1536.jpg 1152w, https:\/\/voyagedelabaleine.fr\/wp-content\/uploads\/2025\/07\/bloomer-bebe-ecossais-rouge-2.jpg 1200w\" sizes=\"(max-width: 600px) 100vw, 600px\" \/><\/a>\t<\/div><!-- .woo-entry-image-swap -->\n\n<ul class=\"woo-entry-inner clr\"><li class=\"image-wrap\">\n\t<div class=\"woo-entry-image-swap woo-entry-image clr\">\n\t\t<a href=\"https:\/\/voyagedelabaleine.fr\/en\/product\/plaid-baby-bloomer-red\/\" class=\"woocommerce-LoopProduct-link\"><img decoding=\"async\" width=\"600\" height=\"800\" src=\"https:\/\/voyagedelabaleine.fr\/wp-content\/uploads\/2025\/07\/bloomer-bebe-ecossais-rouge-600x800.jpg\" class=\"woo-entry-image-main\" alt=\"Plaid baby bloomer &#8211; Red\" itemprop=\"image\" srcset=\"https:\/\/voyagedelabaleine.fr\/wp-content\/uploads\/2025\/07\/bloomer-bebe-ecossais-rouge-600x800.jpg 600w, https:\/\/voyagedelabaleine.fr\/wp-content\/uploads\/2025\/07\/bloomer-bebe-ecossais-rouge-225x300.jpg 225w, https:\/\/voyagedelabaleine.fr\/wp-content\/uploads\/2025\/07\/bloomer-bebe-ecossais-rouge-768x1024.jpg 768w, https:\/\/voyagedelabaleine.fr\/wp-content\/uploads\/2025\/07\/bloomer-bebe-ecossais-rouge-1152x1536.jpg 1152w, https:\/\/voyagedelabaleine.fr\/wp-content\/uploads\/2025\/07\/bloomer-bebe-ecossais-rouge.jpg 1200w\" sizes=\"(max-width: 600px) 100vw, 600px\" \/><img decoding=\"async\" width=\"600\" height=\"800\" src=\"https:\/\/voyagedelabaleine.fr\/wp-content\/uploads\/2025\/07\/bloomer-bebe-ecossais-rouge-2-600x800.jpg\" class=\"woo-entry-image-secondary\" alt=\"Plaid baby bloomer &#8211; Red\" itemprop=\"image\" srcset=\"https:\/\/voyagedelabaleine.fr\/wp-content\/uploads\/2025\/07\/bloomer-bebe-ecossais-rouge-2-600x800.jpg 600w, https:\/\/voyagedelabaleine.fr\/wp-content\/uploads\/2025\/07\/bloomer-bebe-ecossais-rouge-2-225x300.jpg 225w, https:\/\/voyagedelabaleine.fr\/wp-content\/uploads\/2025\/07\/bloomer-bebe-ecossais-rouge-2-768x1024.jpg 768w, https:\/\/voyagedelabaleine.fr\/wp-content\/uploads\/2025\/07\/bloomer-bebe-ecossais-rouge-2-1152x1536.jpg 1152w, https:\/\/voyagedelabaleine.fr\/wp-content\/uploads\/2025\/07\/bloomer-bebe-ecossais-rouge-2.jpg 1200w\" sizes=\"(max-width: 600px) 100vw, 600px\" \/><\/a>\t<\/div><!-- .woo-entry-image-swap -->\n\n<\/li><li class=\"title\"><h2><a href=\"https:\/\/voyagedelabaleine.fr\/en\/product\/plaid-baby-bloomer-red\/\">Plaid baby bloomer &#8211; Red<\/a><\/h2><\/li><li class=\"price-wrap\">\n\t<span class=\"price\"><span class=\"woocommerce-Price-amount amount\"><bdi>28<span class=\"woocommerce-Price-currencySymbol\">&euro;<\/span><\/bdi><\/span><\/span>\n<\/li><\/ul><\/div><!-- .product-inner .clr --><\/li>\n<\/ul>\n<\/div><\/div>\n\t\t\t\t\t\t<\/div>\n\t\t\t\t<\/div>\n\t\t<div class=\"elementor-element elementor-element-981b6b8 e-con-full e-flex e-con e-parent\" data-id=\"981b6b8\" data-element_type=\"container\" data-e-type=\"container\">\n\t\t\t\t<div class=\"elementor-element elementor-element-486327d elementor-widget-divider--separator-type-pattern elementor-widget-divider--view-line elementor-widget elementor-widget-divider\" data-id=\"486327d\" data-element_type=\"widget\" data-e-type=\"widget\" data-widget_type=\"divider.default\">\n\t\t\t\t\t\t\t<div class=\"elementor-divider\" style=\"--divider-pattern-url: url(&quot;data:image\/svg+xml,%3Csvg xmlns=&#039;http:\/\/www.w3.org\/2000\/svg&#039; preserveAspectRatio=&#039;none&#039; overflow=&#039;visible&#039; height=&#039;100%&#039; viewBox=&#039;0 0 24 24&#039; fill=&#039;black&#039; stroke=&#039;none&#039;%3E%3Cpath d=&#039;M12.7,2.3c-0.4-0.4-1.1-0.4-1.5,0l-8,9.1c-0.3,0.4-0.3,0.9,0,1.2l8,9.1c0.4,0.4,1.1,0.4,1.5,0l8-9.1c0.3-0.4,0.3-0.9,0-1.2L12.7,2.3z&#039;\/%3E%3C\/svg%3E&quot;);\">\n\t\t\t<span class=\"elementor-divider-separator\">\n\t\t\t\t\t\t<\/span>\n\t\t<\/div>\n\t\t\t\t\t\t<\/div>\n\t\t\t\t<div class=\"elementor-element elementor-element-b37188c elementor-widget elementor-widget-heading\" data-id=\"b37188c\" data-element_type=\"widget\" data-e-type=\"widget\" data-widget_type=\"heading.default\">\n\t\t\t\t\t<h2 class=\"elementor-heading-title elementor-size-default\">Holiday spirit<\/h2>\t\t\t\t<\/div>\n\t\t\t\t<\/div>\n\t\t<div class=\"elementor-element elementor-element-9a8161f e-con-full e-flex e-con e-parent\" data-id=\"9a8161f\" data-element_type=\"container\" data-e-type=\"container\">\n\t\t\t\t<div class=\"elementor-element elementor-element-7b1fa9c elementor-widget__width-inherit elementor-widget-mobile__width-inherit elementor-widget elementor-widget-shortcode\" data-id=\"7b1fa9c\" data-element_type=\"widget\" data-e-type=\"widget\" data-widget_type=\"shortcode.default\">\n\t\t\t\t\t\t\t<div class=\"elementor-shortcode\"><div class=\"woocommerce columns-3 \">\r\n<ul class=\"products oceanwp-row clr grid tablet-col tablet-2-col mobile-col mobile-2-col\">\r\n<li class=\"entry has-media col span_1_of_3 owp-content-center owp-thumbs-layout-vertical owp-btn-big owp-tabs-layout-vertical circle-sale product type-product post-25438 status-publish first outofstock product_cat-baby-accessories product_cat-baby-girl-accessories product_cat-child-accessories product_cat-girl-accessories has-post-thumbnail taxable shipping-taxable purchasable product-type-variable has-default-attributes\">\n\t<div class=\"product-inner clr\">\n\t<div class=\"woo-entry-image-swap woo-entry-image clr\">\n\t\t<a href=\"https:\/\/voyagedelabaleine.fr\/en\/product\/velvet-bow-hair-clip-burgundy\/\" class=\"woocommerce-LoopProduct-link\"><img decoding=\"async\" width=\"600\" height=\"800\" src=\"https:\/\/voyagedelabaleine.fr\/wp-content\/uploads\/2025\/07\/barrette-bebe-noeud-velours-bordeaux-600x800.jpg\" class=\"woo-entry-image-main\" alt=\"Velvet Bow Hair Clip &#8211; Burgundy\" itemprop=\"image\" srcset=\"https:\/\/voyagedelabaleine.fr\/wp-content\/uploads\/2025\/07\/barrette-bebe-noeud-velours-bordeaux-600x800.jpg 600w, https:\/\/voyagedelabaleine.fr\/wp-content\/uploads\/2025\/07\/barrette-bebe-noeud-velours-bordeaux-225x300.jpg 225w, https:\/\/voyagedelabaleine.fr\/wp-content\/uploads\/2025\/07\/barrette-bebe-noeud-velours-bordeaux-768x1024.jpg 768w, https:\/\/voyagedelabaleine.fr\/wp-content\/uploads\/2025\/07\/barrette-bebe-noeud-velours-bordeaux-1152x1536.jpg 1152w, https:\/\/voyagedelabaleine.fr\/wp-content\/uploads\/2025\/07\/barrette-bebe-noeud-velours-bordeaux.jpg 1200w\" sizes=\"(max-width: 600px) 100vw, 600px\" \/><img decoding=\"async\" width=\"600\" height=\"800\" src=\"https:\/\/voyagedelabaleine.fr\/wp-content\/uploads\/2025\/07\/barrette-bebe-noeud-velours-bordeaux-2-600x800.jpg\" class=\"woo-entry-image-secondary\" alt=\"Velvet Bow Hair Clip &#8211; Burgundy\" itemprop=\"image\" srcset=\"https:\/\/voyagedelabaleine.fr\/wp-content\/uploads\/2025\/07\/barrette-bebe-noeud-velours-bordeaux-2-600x800.jpg 600w, https:\/\/voyagedelabaleine.fr\/wp-content\/uploads\/2025\/07\/barrette-bebe-noeud-velours-bordeaux-2-225x300.jpg 225w, https:\/\/voyagedelabaleine.fr\/wp-content\/uploads\/2025\/07\/barrette-bebe-noeud-velours-bordeaux-2-768x1024.jpg 768w, https:\/\/voyagedelabaleine.fr\/wp-content\/uploads\/2025\/07\/barrette-bebe-noeud-velours-bordeaux-2-1152x1536.jpg 1152w, https:\/\/voyagedelabaleine.fr\/wp-content\/uploads\/2025\/07\/barrette-bebe-noeud-velours-bordeaux-2.jpg 1200w\" sizes=\"(max-width: 600px) 100vw, 600px\" \/><\/a>\t<\/div><!-- .woo-entry-image-swap -->\n\n<ul class=\"woo-entry-inner clr\"><li class=\"image-wrap\">\t\t\t\t<div class=\"outofstock-badge\">\n\t\t\t\t\tSold out \u2013 very popular\t\t\t\t<\/div><!-- .product-entry-out-of-stock-badge -->\n\t\t\t\t\n\t<div class=\"woo-entry-image-swap woo-entry-image clr\">\n\t\t<a href=\"https:\/\/voyagedelabaleine.fr\/en\/product\/velvet-bow-hair-clip-burgundy\/\" class=\"woocommerce-LoopProduct-link\"><img decoding=\"async\" width=\"600\" height=\"800\" src=\"https:\/\/voyagedelabaleine.fr\/wp-content\/uploads\/2025\/07\/barrette-bebe-noeud-velours-bordeaux-600x800.jpg\" class=\"woo-entry-image-main\" alt=\"Velvet Bow Hair Clip &#8211; Burgundy\" itemprop=\"image\" srcset=\"https:\/\/voyagedelabaleine.fr\/wp-content\/uploads\/2025\/07\/barrette-bebe-noeud-velours-bordeaux-600x800.jpg 600w, https:\/\/voyagedelabaleine.fr\/wp-content\/uploads\/2025\/07\/barrette-bebe-noeud-velours-bordeaux-225x300.jpg 225w, https:\/\/voyagedelabaleine.fr\/wp-content\/uploads\/2025\/07\/barrette-bebe-noeud-velours-bordeaux-768x1024.jpg 768w, https:\/\/voyagedelabaleine.fr\/wp-content\/uploads\/2025\/07\/barrette-bebe-noeud-velours-bordeaux-1152x1536.jpg 1152w, https:\/\/voyagedelabaleine.fr\/wp-content\/uploads\/2025\/07\/barrette-bebe-noeud-velours-bordeaux.jpg 1200w\" sizes=\"(max-width: 600px) 100vw, 600px\" \/><img decoding=\"async\" width=\"600\" height=\"800\" src=\"https:\/\/voyagedelabaleine.fr\/wp-content\/uploads\/2025\/07\/barrette-bebe-noeud-velours-bordeaux-2-600x800.jpg\" class=\"woo-entry-image-secondary\" alt=\"Velvet Bow Hair Clip &#8211; Burgundy\" itemprop=\"image\" srcset=\"https:\/\/voyagedelabaleine.fr\/wp-content\/uploads\/2025\/07\/barrette-bebe-noeud-velours-bordeaux-2-600x800.jpg 600w, https:\/\/voyagedelabaleine.fr\/wp-content\/uploads\/2025\/07\/barrette-bebe-noeud-velours-bordeaux-2-225x300.jpg 225w, https:\/\/voyagedelabaleine.fr\/wp-content\/uploads\/2025\/07\/barrette-bebe-noeud-velours-bordeaux-2-768x1024.jpg 768w, https:\/\/voyagedelabaleine.fr\/wp-content\/uploads\/2025\/07\/barrette-bebe-noeud-velours-bordeaux-2-1152x1536.jpg 1152w, https:\/\/voyagedelabaleine.fr\/wp-content\/uploads\/2025\/07\/barrette-bebe-noeud-velours-bordeaux-2.jpg 1200w\" sizes=\"(max-width: 600px) 100vw, 600px\" \/><\/a>\t<\/div><!-- .woo-entry-image-swap -->\n\n<\/li><li class=\"title\"><h2><a href=\"https:\/\/voyagedelabaleine.fr\/en\/product\/velvet-bow-hair-clip-burgundy\/\">Velvet Bow Hair Clip &#8211; Burgundy<\/a><\/h2><\/li><li class=\"price-wrap\">\n\t<span class=\"price\"><span class=\"woocommerce-Price-amount amount\"><bdi>6<span class=\"woocommerce-Price-currencySymbol\">&euro;<\/span><\/bdi><\/span><\/span>\n<\/li><\/ul><\/div><!-- .product-inner .clr --><\/li>\n<li class=\"entry has-media col span_1_of_3 owp-content-center owp-thumbs-layout-vertical owp-btn-big owp-tabs-layout-vertical circle-sale product type-product post-25398 status-publish instock product_cat-baby-and-child-socks-tights product_cat-baby-girl-socks-tights product_cat-child-socks-tights product_cat-girl-socks-tights product_cat-newborn-girl-socks-tights product_cat-newborn-socks-tights has-post-thumbnail taxable shipping-taxable purchasable product-type-variable has-default-attributes\">\n\t<div class=\"product-inner clr\">\n\t<div class=\"woo-entry-image-swap woo-entry-image clr\">\n\t\t<a href=\"https:\/\/voyagedelabaleine.fr\/en\/product\/navy-blue-baby-girls-knee-high-socks-with-velvet-bow\/\" class=\"woocommerce-LoopProduct-link\"><img decoding=\"async\" width=\"589\" height=\"785\" src=\"https:\/\/voyagedelabaleine.fr\/wp-content\/uploads\/2025\/07\/chaussettes-bebe-noeud-velours-marine.jpg\" class=\"woo-entry-image-main\" alt=\"Navy Blue Baby Girl&#8217;s Knee-High Socks with Velvet Bow\" itemprop=\"image\" srcset=\"https:\/\/voyagedelabaleine.fr\/wp-content\/uploads\/2025\/07\/chaussettes-bebe-noeud-velours-marine.jpg 589w, https:\/\/voyagedelabaleine.fr\/wp-content\/uploads\/2025\/07\/chaussettes-bebe-noeud-velours-marine-225x300.jpg 225w\" sizes=\"(max-width: 589px) 100vw, 589px\" \/><img decoding=\"async\" width=\"367\" height=\"489\" src=\"https:\/\/voyagedelabaleine.fr\/wp-content\/uploads\/2025\/07\/chaussettes-bebe-noeud-velours-marine-1.jpg\" class=\"woo-entry-image-secondary\" alt=\"Navy Blue Baby Girl&#8217;s Knee-High Socks with Velvet Bow\" itemprop=\"image\" srcset=\"https:\/\/voyagedelabaleine.fr\/wp-content\/uploads\/2025\/07\/chaussettes-bebe-noeud-velours-marine-1.jpg 367w, https:\/\/voyagedelabaleine.fr\/wp-content\/uploads\/2025\/07\/chaussettes-bebe-noeud-velours-marine-1-225x300.jpg 225w\" sizes=\"(max-width: 367px) 100vw, 367px\" \/><\/a>\t<\/div><!-- .woo-entry-image-swap -->\n\n<ul class=\"woo-entry-inner clr\"><li class=\"image-wrap\">\n\t<div class=\"woo-entry-image-swap woo-entry-image clr\">\n\t\t<a href=\"https:\/\/voyagedelabaleine.fr\/en\/product\/navy-blue-baby-girls-knee-high-socks-with-velvet-bow\/\" class=\"woocommerce-LoopProduct-link\"><img decoding=\"async\" width=\"589\" height=\"785\" src=\"https:\/\/voyagedelabaleine.fr\/wp-content\/uploads\/2025\/07\/chaussettes-bebe-noeud-velours-marine.jpg\" class=\"woo-entry-image-main\" alt=\"Navy Blue Baby Girl&#8217;s Knee-High Socks with Velvet Bow\" itemprop=\"image\" srcset=\"https:\/\/voyagedelabaleine.fr\/wp-content\/uploads\/2025\/07\/chaussettes-bebe-noeud-velours-marine.jpg 589w, https:\/\/voyagedelabaleine.fr\/wp-content\/uploads\/2025\/07\/chaussettes-bebe-noeud-velours-marine-225x300.jpg 225w\" sizes=\"(max-width: 589px) 100vw, 589px\" \/><img decoding=\"async\" width=\"367\" height=\"489\" src=\"https:\/\/voyagedelabaleine.fr\/wp-content\/uploads\/2025\/07\/chaussettes-bebe-noeud-velours-marine-1.jpg\" class=\"woo-entry-image-secondary\" alt=\"Navy Blue Baby Girl&#8217;s Knee-High Socks with Velvet Bow\" itemprop=\"image\" srcset=\"https:\/\/voyagedelabaleine.fr\/wp-content\/uploads\/2025\/07\/chaussettes-bebe-noeud-velours-marine-1.jpg 367w, https:\/\/voyagedelabaleine.fr\/wp-content\/uploads\/2025\/07\/chaussettes-bebe-noeud-velours-marine-1-225x300.jpg 225w\" sizes=\"(max-width: 367px) 100vw, 367px\" \/><\/a>\t<\/div><!-- .woo-entry-image-swap -->\n\n<\/li><li class=\"title\"><h2><a href=\"https:\/\/voyagedelabaleine.fr\/en\/product\/navy-blue-baby-girls-knee-high-socks-with-velvet-bow\/\">Navy Blue Baby Girl&#8217;s Knee-High Socks with Velvet Bow<\/a><\/h2><\/li><li class=\"price-wrap\">\n\t<span class=\"price\"><span class=\"woocommerce-Price-amount amount\"><bdi>13<span class=\"woocommerce-Price-currencySymbol\">&euro;<\/span><\/bdi><\/span><\/span>\n<\/li><\/ul><\/div><!-- .product-inner .clr --><\/li>\n<li class=\"entry has-media col span_1_of_3 owp-content-center owp-thumbs-layout-vertical owp-btn-big owp-tabs-layout-vertical circle-sale product type-product post-25445 status-publish last instock product_cat-baby-and-child-socks-tights product_cat-baby-girl-socks-tights product_cat-child-socks-tights product_cat-girl-socks-tights product_cat-newborn-girl-socks-tights product_cat-newborn-socks-tights has-post-thumbnail taxable shipping-taxable purchasable product-type-variable has-default-attributes\">\n\t<div class=\"product-inner clr\">\n\t<div class=\"woo-entry-image-swap woo-entry-image clr\">\n\t\t<a href=\"https:\/\/voyagedelabaleine.fr\/en\/product\/baby-girl-knee-socks-with-velvet-bow-burgundy\/\" class=\"woocommerce-LoopProduct-link\"><img decoding=\"async\" width=\"570\" height=\"760\" src=\"https:\/\/voyagedelabaleine.fr\/wp-content\/uploads\/2025\/07\/chaussettes-bebe-noeud-velours-bordeaux.jpg\" class=\"woo-entry-image-main\" alt=\"Baby Girl Knee Socks with Velvet Bow &#8211; Burgundy\" itemprop=\"image\" srcset=\"https:\/\/voyagedelabaleine.fr\/wp-content\/uploads\/2025\/07\/chaussettes-bebe-noeud-velours-bordeaux.jpg 570w, https:\/\/voyagedelabaleine.fr\/wp-content\/uploads\/2025\/07\/chaussettes-bebe-noeud-velours-bordeaux-225x300.jpg 225w\" sizes=\"(max-width: 570px) 100vw, 570px\" \/><img decoding=\"async\" width=\"404\" height=\"539\" src=\"https:\/\/voyagedelabaleine.fr\/wp-content\/uploads\/2025\/07\/chaussettes-bebe-noeud-velours-marine-2.jpg\" class=\"woo-entry-image-secondary\" alt=\"Baby Girl Knee Socks with Velvet Bow &#8211; Burgundy\" itemprop=\"image\" srcset=\"https:\/\/voyagedelabaleine.fr\/wp-content\/uploads\/2025\/07\/chaussettes-bebe-noeud-velours-marine-2.jpg 404w, https:\/\/voyagedelabaleine.fr\/wp-content\/uploads\/2025\/07\/chaussettes-bebe-noeud-velours-marine-2-225x300.jpg 225w\" sizes=\"(max-width: 404px) 100vw, 404px\" \/><\/a>\t<\/div><!-- .woo-entry-image-swap -->\n\n<ul class=\"woo-entry-inner clr\"><li class=\"image-wrap\">\n\t<div class=\"woo-entry-image-swap woo-entry-image clr\">\n\t\t<a href=\"https:\/\/voyagedelabaleine.fr\/en\/product\/baby-girl-knee-socks-with-velvet-bow-burgundy\/\" class=\"woocommerce-LoopProduct-link\"><img decoding=\"async\" width=\"570\" height=\"760\" src=\"https:\/\/voyagedelabaleine.fr\/wp-content\/uploads\/2025\/07\/chaussettes-bebe-noeud-velours-bordeaux.jpg\" class=\"woo-entry-image-main\" alt=\"Baby Girl Knee Socks with Velvet Bow &#8211; Burgundy\" itemprop=\"image\" srcset=\"https:\/\/voyagedelabaleine.fr\/wp-content\/uploads\/2025\/07\/chaussettes-bebe-noeud-velours-bordeaux.jpg 570w, https:\/\/voyagedelabaleine.fr\/wp-content\/uploads\/2025\/07\/chaussettes-bebe-noeud-velours-bordeaux-225x300.jpg 225w\" sizes=\"(max-width: 570px) 100vw, 570px\" \/><img decoding=\"async\" width=\"404\" height=\"539\" src=\"https:\/\/voyagedelabaleine.fr\/wp-content\/uploads\/2025\/07\/chaussettes-bebe-noeud-velours-marine-2.jpg\" class=\"woo-entry-image-secondary\" alt=\"Baby Girl Knee Socks with Velvet Bow &#8211; Burgundy\" itemprop=\"image\" srcset=\"https:\/\/voyagedelabaleine.fr\/wp-content\/uploads\/2025\/07\/chaussettes-bebe-noeud-velours-marine-2.jpg 404w, https:\/\/voyagedelabaleine.fr\/wp-content\/uploads\/2025\/07\/chaussettes-bebe-noeud-velours-marine-2-225x300.jpg 225w\" sizes=\"(max-width: 404px) 100vw, 404px\" \/><\/a>\t<\/div><!-- .woo-entry-image-swap -->\n\n<\/li><li class=\"title\"><h2><a href=\"https:\/\/voyagedelabaleine.fr\/en\/product\/baby-girl-knee-socks-with-velvet-bow-burgundy\/\">Baby Girl Knee Socks with Velvet Bow &#8211; Burgundy<\/a><\/h2><\/li><li class=\"price-wrap\">\n\t<span class=\"price\"><span class=\"woocommerce-Price-amount amount\"><bdi>13<span class=\"woocommerce-Price-currencySymbol\">&euro;<\/span><\/bdi><\/span><\/span>\n<\/li><\/ul><\/div><!-- .product-inner .clr --><\/li>\n<\/ul>\n<\/div><\/div>\n\t\t\t\t\t\t<\/div>\n\t\t\t\t<\/div>\n\t\t<div class=\"elementor-element elementor-element-22cc43b e-con-full e-flex e-con e-parent\" data-id=\"22cc43b\" data-element_type=\"container\" data-e-type=\"container\">\n\t\t\t\t<div class=\"elementor-element elementor-element-ba3e7ca elementor-widget-divider--separator-type-pattern elementor-widget-divider--view-line elementor-widget elementor-widget-divider\" data-id=\"ba3e7ca\" data-element_type=\"widget\" data-e-type=\"widget\" data-widget_type=\"divider.default\">\n\t\t\t\t\t\t\t<div class=\"elementor-divider\" style=\"--divider-pattern-url: url(&quot;data:image\/svg+xml,%3Csvg xmlns=&#039;http:\/\/www.w3.org\/2000\/svg&#039; preserveAspectRatio=&#039;none&#039; overflow=&#039;visible&#039; height=&#039;100%&#039; viewBox=&#039;0 0 24 24&#039; fill=&#039;black&#039; stroke=&#039;none&#039;%3E%3Cpath d=&#039;M12.7,2.3c-0.4-0.4-1.1-0.4-1.5,0l-8,9.1c-0.3,0.4-0.3,0.9,0,1.2l8,9.1c0.4,0.4,1.1,0.4,1.5,0l8-9.1c0.3-0.4,0.3-0.9,0-1.2L12.7,2.3z&#039;\/%3E%3C\/svg%3E&quot;);\">\n\t\t\t<span class=\"elementor-divider-separator\">\n\t\t\t\t\t\t<\/span>\n\t\t<\/div>\n\t\t\t\t\t\t<\/div>\n\t\t\t\t<div class=\"elementor-element elementor-element-6ae5efe elementor-widget elementor-widget-heading\" data-id=\"6ae5efe\" data-element_type=\"widget\" data-e-type=\"widget\" data-widget_type=\"heading.default\">\n\t\t\t\t\t<h2 class=\"elementor-heading-title elementor-size-default\">Chic &amp; tradition: burgundy plaid<\/h2>\t\t\t\t<\/div>\n\t\t\t\t<\/div>\n\t\t<div class=\"elementor-element elementor-element-d7882a2 e-flex e-con-boxed e-con e-parent\" data-id=\"d7882a2\" data-element_type=\"container\" data-e-type=\"container\">\n\t\t\t\t\t<div class=\"e-con-inner\">\n\t\t\t\t<div class=\"elementor-element elementor-element-8b9b65e elementor-widget elementor-widget-image\" data-id=\"8b9b65e\" data-element_type=\"widget\" data-e-type=\"widget\" data-widget_type=\"image.default\">\n\t\t\t\t\t\t\t\t\t\t\t\t\t\t\t\t<a href=\"https:\/\/voyagedelabaleine.fr\/produit\/blouse-bebe-carreaux-bordeaux\/\">\n\t\t\t\t\t\t\t<img decoding=\"async\" width=\"768\" height=\"768\" src=\"https:\/\/voyagedelabaleine.fr\/wp-content\/uploads\/2024\/10\/Capture-decran-2024-10-22-a-22.58.36-fotor-2024102719484-768x768.jpg\" class=\"attachment-medium_large size-medium_large wp-image-22618\" alt=\"Baby Christmas Outfits\" srcset=\"https:\/\/voyagedelabaleine.fr\/wp-content\/uploads\/2024\/10\/Capture-decran-2024-10-22-a-22.58.36-fotor-2024102719484-768x768.jpg 768w, https:\/\/voyagedelabaleine.fr\/wp-content\/uploads\/2024\/10\/Capture-decran-2024-10-22-a-22.58.36-fotor-2024102719484-300x300.jpg 300w, https:\/\/voyagedelabaleine.fr\/wp-content\/uploads\/2024\/10\/Capture-decran-2024-10-22-a-22.58.36-fotor-2024102719484-1024x1024.jpg 1024w, https:\/\/voyagedelabaleine.fr\/wp-content\/uploads\/2024\/10\/Capture-decran-2024-10-22-a-22.58.36-fotor-2024102719484-150x150.jpg 150w, https:\/\/voyagedelabaleine.fr\/wp-content\/uploads\/2024\/10\/Capture-decran-2024-10-22-a-22.58.36-fotor-2024102719484-600x600.jpg 600w, https:\/\/voyagedelabaleine.fr\/wp-content\/uploads\/2024\/10\/Capture-decran-2024-10-22-a-22.58.36-fotor-2024102719484-100x100.jpg 100w, https:\/\/voyagedelabaleine.fr\/wp-content\/uploads\/2024\/10\/Capture-decran-2024-10-22-a-22.58.36-fotor-2024102719484.jpg 1369w\" sizes=\"(max-width: 768px) 100vw, 768px\" \/>\t\t\t\t\t\t\t\t<\/a>\n\t\t\t\t\t\t\t\t\t\t\t\t\t\t\t<\/div>\n\t\t\t\t\t<\/div>\n\t\t\t\t<\/div>\n\t\t<div class=\"elementor-element elementor-element-cb29a8a e-con-full e-flex e-con e-parent\" data-id=\"cb29a8a\" data-element_type=\"container\" data-e-type=\"container\">\n\t\t\t\t<div class=\"elementor-element elementor-element-91c3ee1 elementor-widget__width-inherit elementor-widget-mobile__width-inherit elementor-widget elementor-widget-shortcode\" data-id=\"91c3ee1\" data-element_type=\"widget\" data-e-type=\"widget\" data-widget_type=\"shortcode.default\">\n\t\t\t\t\t\t\t<div class=\"elementor-shortcode\"><div class=\"woocommerce columns-3 \">\r\n<ul class=\"products oceanwp-row clr grid tablet-col tablet-2-col mobile-col mobile-2-col\">\r\n<li class=\"entry has-media has-rating col span_1_of_3 owp-content-center owp-thumbs-layout-vertical owp-btn-big owp-tabs-layout-vertical circle-sale product type-product post-26158 status-publish first instock product_cat-baby-girl-sweater-vest-cardigan product_cat-baby-sweater-vest-cardigan product_cat-child-sweater-vest-cardigan product_cat-clothing product_cat-girl-sweater-vest-cardigan product_cat-irish-sweater-for-babies-and-children has-post-thumbnail taxable shipping-taxable purchasable product-type-variable has-default-attributes\">\n\t<div class=\"product-inner clr\">\n\t<div class=\"woo-entry-image-swap woo-entry-image clr\">\n\t\t<a href=\"https:\/\/voyagedelabaleine.fr\/en\/product\/baby-girl-aran-knit-cardigan-pure-merino-wool-cream\/\" class=\"woocommerce-LoopProduct-link\"><img decoding=\"async\" width=\"600\" height=\"800\" src=\"https:\/\/voyagedelabaleine.fr\/wp-content\/uploads\/2024\/11\/IMG_2335-fotor-20241126143428-1-600x800.jpg\" class=\"woo-entry-image-main\" alt=\"Baby Girl Aran Knit Cardigan &#8211; Pure Merino Wool &#8211; Cream\" itemprop=\"image\" srcset=\"https:\/\/voyagedelabaleine.fr\/wp-content\/uploads\/2024\/11\/IMG_2335-fotor-20241126143428-1-600x800.jpg 600w, https:\/\/voyagedelabaleine.fr\/wp-content\/uploads\/2024\/11\/IMG_2335-fotor-20241126143428-1-225x300.jpg 225w, https:\/\/voyagedelabaleine.fr\/wp-content\/uploads\/2024\/11\/IMG_2335-fotor-20241126143428-1-768x1024.jpg 768w, https:\/\/voyagedelabaleine.fr\/wp-content\/uploads\/2024\/11\/IMG_2335-fotor-20241126143428-1.jpg 800w\" sizes=\"(max-width: 600px) 100vw, 600px\" \/><img decoding=\"async\" width=\"600\" height=\"800\" src=\"https:\/\/voyagedelabaleine.fr\/wp-content\/uploads\/2024\/11\/IMG_2335-fotor-20241126143553-1-600x800.jpg\" class=\"woo-entry-image-secondary\" alt=\"Baby Girl Aran Knit Cardigan &#8211; Pure Merino Wool &#8211; Cream\" itemprop=\"image\" srcset=\"https:\/\/voyagedelabaleine.fr\/wp-content\/uploads\/2024\/11\/IMG_2335-fotor-20241126143553-1-600x800.jpg 600w, https:\/\/voyagedelabaleine.fr\/wp-content\/uploads\/2024\/11\/IMG_2335-fotor-20241126143553-1-225x300.jpg 225w, https:\/\/voyagedelabaleine.fr\/wp-content\/uploads\/2024\/11\/IMG_2335-fotor-20241126143553-1-768x1024.jpg 768w, https:\/\/voyagedelabaleine.fr\/wp-content\/uploads\/2024\/11\/IMG_2335-fotor-20241126143553-1.jpg 800w\" sizes=\"(max-width: 600px) 100vw, 600px\" \/><\/a>\t<\/div><!-- .woo-entry-image-swap -->\n\n<ul class=\"woo-entry-inner clr\"><li class=\"image-wrap\">\n\t<div class=\"woo-entry-image-swap woo-entry-image clr\">\n\t\t<a href=\"https:\/\/voyagedelabaleine.fr\/en\/product\/baby-girl-aran-knit-cardigan-pure-merino-wool-cream\/\" class=\"woocommerce-LoopProduct-link\"><img decoding=\"async\" width=\"600\" height=\"800\" src=\"https:\/\/voyagedelabaleine.fr\/wp-content\/uploads\/2024\/11\/IMG_2335-fotor-20241126143428-1-600x800.jpg\" class=\"woo-entry-image-main\" alt=\"Baby Girl Aran Knit Cardigan &#8211; Pure Merino Wool &#8211; Cream\" itemprop=\"image\" srcset=\"https:\/\/voyagedelabaleine.fr\/wp-content\/uploads\/2024\/11\/IMG_2335-fotor-20241126143428-1-600x800.jpg 600w, https:\/\/voyagedelabaleine.fr\/wp-content\/uploads\/2024\/11\/IMG_2335-fotor-20241126143428-1-225x300.jpg 225w, https:\/\/voyagedelabaleine.fr\/wp-content\/uploads\/2024\/11\/IMG_2335-fotor-20241126143428-1-768x1024.jpg 768w, https:\/\/voyagedelabaleine.fr\/wp-content\/uploads\/2024\/11\/IMG_2335-fotor-20241126143428-1.jpg 800w\" sizes=\"(max-width: 600px) 100vw, 600px\" \/><img decoding=\"async\" width=\"600\" height=\"800\" src=\"https:\/\/voyagedelabaleine.fr\/wp-content\/uploads\/2024\/11\/IMG_2335-fotor-20241126143553-1-600x800.jpg\" class=\"woo-entry-image-secondary\" alt=\"Baby Girl Aran Knit Cardigan &#8211; Pure Merino Wool &#8211; Cream\" itemprop=\"image\" srcset=\"https:\/\/voyagedelabaleine.fr\/wp-content\/uploads\/2024\/11\/IMG_2335-fotor-20241126143553-1-600x800.jpg 600w, https:\/\/voyagedelabaleine.fr\/wp-content\/uploads\/2024\/11\/IMG_2335-fotor-20241126143553-1-225x300.jpg 225w, https:\/\/voyagedelabaleine.fr\/wp-content\/uploads\/2024\/11\/IMG_2335-fotor-20241126143553-1-768x1024.jpg 768w, https:\/\/voyagedelabaleine.fr\/wp-content\/uploads\/2024\/11\/IMG_2335-fotor-20241126143553-1.jpg 800w\" sizes=\"(max-width: 600px) 100vw, 600px\" \/><\/a>\t<\/div><!-- .woo-entry-image-swap -->\n\n<\/li><li class=\"title\"><h2><a href=\"https:\/\/voyagedelabaleine.fr\/en\/product\/baby-girl-aran-knit-cardigan-pure-merino-wool-cream\/\">Baby Girl Aran Knit Cardigan &#8211; Pure Merino Wool &#8211; Cream<\/a><\/h2><\/li><li class=\"price-wrap\">\n\t<span class=\"price\"><span class=\"woocommerce-Price-amount amount\"><bdi>60<span class=\"woocommerce-Price-currencySymbol\">&euro;<\/span><\/bdi><\/span><\/span>\n<\/li><\/ul><\/div><!-- .product-inner .clr --><\/li>\n<li class=\"entry has-media has-rating col span_1_of_3 owp-content-center owp-thumbs-layout-vertical owp-btn-big owp-tabs-layout-vertical circle-sale product type-product post-26427 status-publish instock product_cat-baby-bloomer-shorts-trousers product_cat-baby-girl-bloomer-shorts-trousers product_cat-clothing product_cat-newborn-bloomer-shorts-and-pants product_cat-newborn-girl-bloomers-shorts-pants has-post-thumbnail taxable shipping-taxable purchasable product-type-variable has-default-attributes\">\n\t<div class=\"product-inner clr\">\n\t<div class=\"woo-entry-image-swap woo-entry-image clr\">\n\t\t<a href=\"https:\/\/voyagedelabaleine.fr\/en\/product\/maroon-corduroy-baby-girl-bloomer\/\" class=\"woocommerce-LoopProduct-link\"><img decoding=\"async\" width=\"600\" height=\"800\" src=\"https:\/\/voyagedelabaleine.fr\/wp-content\/uploads\/2024\/09\/bloomer-velours-bordeaux-1-600x800.jpg\" class=\"woo-entry-image-main\" alt=\"Maroon Corduroy Baby Girl Bloomer\" itemprop=\"image\" srcset=\"https:\/\/voyagedelabaleine.fr\/wp-content\/uploads\/2024\/09\/bloomer-velours-bordeaux-1-600x800.jpg 600w, https:\/\/voyagedelabaleine.fr\/wp-content\/uploads\/2024\/09\/bloomer-velours-bordeaux-1-225x300.jpg 225w, https:\/\/voyagedelabaleine.fr\/wp-content\/uploads\/2024\/09\/bloomer-velours-bordeaux-1-768x1024.jpg 768w, https:\/\/voyagedelabaleine.fr\/wp-content\/uploads\/2024\/09\/bloomer-velours-bordeaux-1-1152x1536.jpg 1152w, https:\/\/voyagedelabaleine.fr\/wp-content\/uploads\/2024\/09\/bloomer-velours-bordeaux-1.jpg 1500w\" sizes=\"(max-width: 600px) 100vw, 600px\" \/><img decoding=\"async\" width=\"600\" height=\"800\" src=\"https:\/\/voyagedelabaleine.fr\/wp-content\/uploads\/2024\/09\/bloomer-velours-bordeaux-600x800.jpg\" class=\"woo-entry-image-secondary\" alt=\"Maroon Corduroy Baby Girl Bloomer\" itemprop=\"image\" srcset=\"https:\/\/voyagedelabaleine.fr\/wp-content\/uploads\/2024\/09\/bloomer-velours-bordeaux-600x800.jpg 600w, https:\/\/voyagedelabaleine.fr\/wp-content\/uploads\/2024\/09\/bloomer-velours-bordeaux-225x300.jpg 225w, https:\/\/voyagedelabaleine.fr\/wp-content\/uploads\/2024\/09\/bloomer-velours-bordeaux-768x1024.jpg 768w, https:\/\/voyagedelabaleine.fr\/wp-content\/uploads\/2024\/09\/bloomer-velours-bordeaux.jpg 900w\" sizes=\"(max-width: 600px) 100vw, 600px\" \/><\/a>\t<\/div><!-- .woo-entry-image-swap -->\n\n<ul class=\"woo-entry-inner clr\"><li class=\"image-wrap\">\n\t<div class=\"woo-entry-image-swap woo-entry-image clr\">\n\t\t<a href=\"https:\/\/voyagedelabaleine.fr\/en\/product\/maroon-corduroy-baby-girl-bloomer\/\" class=\"woocommerce-LoopProduct-link\"><img decoding=\"async\" width=\"600\" height=\"800\" src=\"https:\/\/voyagedelabaleine.fr\/wp-content\/uploads\/2024\/09\/bloomer-velours-bordeaux-1-600x800.jpg\" class=\"woo-entry-image-main\" alt=\"Maroon Corduroy Baby Girl Bloomer\" itemprop=\"image\" srcset=\"https:\/\/voyagedelabaleine.fr\/wp-content\/uploads\/2024\/09\/bloomer-velours-bordeaux-1-600x800.jpg 600w, https:\/\/voyagedelabaleine.fr\/wp-content\/uploads\/2024\/09\/bloomer-velours-bordeaux-1-225x300.jpg 225w, https:\/\/voyagedelabaleine.fr\/wp-content\/uploads\/2024\/09\/bloomer-velours-bordeaux-1-768x1024.jpg 768w, https:\/\/voyagedelabaleine.fr\/wp-content\/uploads\/2024\/09\/bloomer-velours-bordeaux-1-1152x1536.jpg 1152w, https:\/\/voyagedelabaleine.fr\/wp-content\/uploads\/2024\/09\/bloomer-velours-bordeaux-1.jpg 1500w\" sizes=\"(max-width: 600px) 100vw, 600px\" \/><img decoding=\"async\" width=\"600\" height=\"800\" src=\"https:\/\/voyagedelabaleine.fr\/wp-content\/uploads\/2024\/09\/bloomer-velours-bordeaux-600x800.jpg\" class=\"woo-entry-image-secondary\" alt=\"Maroon Corduroy Baby Girl Bloomer\" itemprop=\"image\" srcset=\"https:\/\/voyagedelabaleine.fr\/wp-content\/uploads\/2024\/09\/bloomer-velours-bordeaux-600x800.jpg 600w, https:\/\/voyagedelabaleine.fr\/wp-content\/uploads\/2024\/09\/bloomer-velours-bordeaux-225x300.jpg 225w, https:\/\/voyagedelabaleine.fr\/wp-content\/uploads\/2024\/09\/bloomer-velours-bordeaux-768x1024.jpg 768w, https:\/\/voyagedelabaleine.fr\/wp-content\/uploads\/2024\/09\/bloomer-velours-bordeaux.jpg 900w\" sizes=\"(max-width: 600px) 100vw, 600px\" \/><\/a>\t<\/div><!-- .woo-entry-image-swap -->\n\n<\/li><li class=\"title\"><h2><a href=\"https:\/\/voyagedelabaleine.fr\/en\/product\/maroon-corduroy-baby-girl-bloomer\/\">Maroon Corduroy Baby Girl Bloomer<\/a><\/h2><\/li><li class=\"price-wrap\">\n\t<span class=\"price\"><span class=\"woocommerce-Price-amount amount\"><bdi>22<span class=\"woocommerce-Price-currencySymbol\">&euro;<\/span><\/bdi><\/span><\/span>\n<\/li><\/ul><\/div><!-- .product-inner .clr --><\/li>\n<li class=\"entry has-media col span_1_of_3 owp-content-center owp-thumbs-layout-vertical owp-btn-big owp-tabs-layout-vertical circle-sale product type-product post-23771 status-publish last instock product_cat-baby-blouse-shirt product_cat-baby-girl-blouse-shirt product_cat-child-blouse-shirt product_cat-clothing product_cat-girl-blouse-shirt product_cat-newborn-blouse-shirt product_cat-newborn-girl-blouses-shirts has-post-thumbnail taxable shipping-taxable purchasable product-type-variable has-default-attributes\">\n\t<div class=\"product-inner clr\">\n\t<div class=\"woo-entry-image-swap woo-entry-image clr\">\n\t\t<a href=\"https:\/\/voyagedelabaleine.fr\/en\/product\/baby-girls-checked-blouse-bordeaux\/\" class=\"woocommerce-LoopProduct-link\"><img decoding=\"async\" width=\"600\" height=\"800\" src=\"https:\/\/voyagedelabaleine.fr\/wp-content\/uploads\/2025\/02\/blouse-bebe-carreaux-bordeaux-600x800.jpg\" class=\"woo-entry-image-main\" alt=\"Baby girl&#8217;s checked blouse &#8211; Bordeaux\" itemprop=\"image\" srcset=\"https:\/\/voyagedelabaleine.fr\/wp-content\/uploads\/2025\/02\/blouse-bebe-carreaux-bordeaux-600x800.jpg 600w, https:\/\/voyagedelabaleine.fr\/wp-content\/uploads\/2025\/02\/blouse-bebe-carreaux-bordeaux-225x300.jpg 225w, https:\/\/voyagedelabaleine.fr\/wp-content\/uploads\/2025\/02\/blouse-bebe-carreaux-bordeaux-768x1024.jpg 768w, https:\/\/voyagedelabaleine.fr\/wp-content\/uploads\/2025\/02\/blouse-bebe-carreaux-bordeaux.jpg 943w\" sizes=\"(max-width: 600px) 100vw, 600px\" \/><img decoding=\"async\" width=\"600\" height=\"800\" src=\"https:\/\/voyagedelabaleine.fr\/wp-content\/uploads\/2025\/01\/blouse-bebe-carreaux-bordeaux-1-600x800.jpg\" class=\"woo-entry-image-secondary\" alt=\"Baby girl&#8217;s checked blouse &#8211; Bordeaux\" itemprop=\"image\" srcset=\"https:\/\/voyagedelabaleine.fr\/wp-content\/uploads\/2025\/01\/blouse-bebe-carreaux-bordeaux-1-600x800.jpg 600w, https:\/\/voyagedelabaleine.fr\/wp-content\/uploads\/2025\/01\/blouse-bebe-carreaux-bordeaux-1-225x300.jpg 225w, https:\/\/voyagedelabaleine.fr\/wp-content\/uploads\/2025\/01\/blouse-bebe-carreaux-bordeaux-1-768x1024.jpg 768w, https:\/\/voyagedelabaleine.fr\/wp-content\/uploads\/2025\/01\/blouse-bebe-carreaux-bordeaux-1.jpg 900w\" sizes=\"(max-width: 600px) 100vw, 600px\" \/><\/a>\t<\/div><!-- .woo-entry-image-swap -->\n\n<ul class=\"woo-entry-inner clr\"><li class=\"image-wrap\">\n\t<div class=\"woo-entry-image-swap woo-entry-image clr\">\n\t\t<a href=\"https:\/\/voyagedelabaleine.fr\/en\/product\/baby-girls-checked-blouse-bordeaux\/\" class=\"woocommerce-LoopProduct-link\"><img decoding=\"async\" width=\"600\" height=\"800\" src=\"https:\/\/voyagedelabaleine.fr\/wp-content\/uploads\/2025\/02\/blouse-bebe-carreaux-bordeaux-600x800.jpg\" class=\"woo-entry-image-main\" alt=\"Baby girl&#8217;s checked blouse &#8211; Bordeaux\" itemprop=\"image\" srcset=\"https:\/\/voyagedelabaleine.fr\/wp-content\/uploads\/2025\/02\/blouse-bebe-carreaux-bordeaux-600x800.jpg 600w, https:\/\/voyagedelabaleine.fr\/wp-content\/uploads\/2025\/02\/blouse-bebe-carreaux-bordeaux-225x300.jpg 225w, https:\/\/voyagedelabaleine.fr\/wp-content\/uploads\/2025\/02\/blouse-bebe-carreaux-bordeaux-768x1024.jpg 768w, https:\/\/voyagedelabaleine.fr\/wp-content\/uploads\/2025\/02\/blouse-bebe-carreaux-bordeaux.jpg 943w\" sizes=\"(max-width: 600px) 100vw, 600px\" \/><img decoding=\"async\" width=\"600\" height=\"800\" src=\"https:\/\/voyagedelabaleine.fr\/wp-content\/uploads\/2025\/01\/blouse-bebe-carreaux-bordeaux-1-600x800.jpg\" class=\"woo-entry-image-secondary\" alt=\"Baby girl&#8217;s checked blouse &#8211; Bordeaux\" itemprop=\"image\" srcset=\"https:\/\/voyagedelabaleine.fr\/wp-content\/uploads\/2025\/01\/blouse-bebe-carreaux-bordeaux-1-600x800.jpg 600w, https:\/\/voyagedelabaleine.fr\/wp-content\/uploads\/2025\/01\/blouse-bebe-carreaux-bordeaux-1-225x300.jpg 225w, https:\/\/voyagedelabaleine.fr\/wp-content\/uploads\/2025\/01\/blouse-bebe-carreaux-bordeaux-1-768x1024.jpg 768w, https:\/\/voyagedelabaleine.fr\/wp-content\/uploads\/2025\/01\/blouse-bebe-carreaux-bordeaux-1.jpg 900w\" sizes=\"(max-width: 600px) 100vw, 600px\" \/><\/a>\t<\/div><!-- .woo-entry-image-swap -->\n\n<\/li><li class=\"title\"><h2><a href=\"https:\/\/voyagedelabaleine.fr\/en\/product\/baby-girls-checked-blouse-bordeaux\/\">Baby girl&#8217;s checked blouse &#8211; Bordeaux<\/a><\/h2><\/li><li class=\"price-wrap\">\n\t<span class=\"price\"><span class=\"woocommerce-Price-amount amount\"><bdi>32<span class=\"woocommerce-Price-currencySymbol\">&euro;<\/span><\/bdi><\/span><\/span>\n<\/li><\/ul><\/div><!-- .product-inner .clr --><\/li>\n<\/ul>\n<\/div><\/div>\n\t\t\t\t\t\t<\/div>\n\t\t\t\t<\/div>\n\t\t<div class=\"elementor-element elementor-element-de9718e e-con-full e-flex e-con e-parent\" data-id=\"de9718e\" data-element_type=\"container\" data-e-type=\"container\">\n\t\t\t\t<div class=\"elementor-element elementor-element-e14633f elementor-widget-divider--separator-type-pattern elementor-widget-divider--view-line elementor-widget elementor-widget-divider\" data-id=\"e14633f\" data-element_type=\"widget\" data-e-type=\"widget\" data-widget_type=\"divider.default\">\n\t\t\t\t\t\t\t<div class=\"elementor-divider\" style=\"--divider-pattern-url: url(&quot;data:image\/svg+xml,%3Csvg xmlns=&#039;http:\/\/www.w3.org\/2000\/svg&#039; preserveAspectRatio=&#039;none&#039; overflow=&#039;visible&#039; height=&#039;100%&#039; viewBox=&#039;0 0 24 24&#039; fill=&#039;black&#039; stroke=&#039;none&#039;%3E%3Cpath d=&#039;M12.7,2.3c-0.4-0.4-1.1-0.4-1.5,0l-8,9.1c-0.3,0.4-0.3,0.9,0,1.2l8,9.1c0.4,0.4,1.1,0.4,1.5,0l8-9.1c0.3-0.4,0.3-0.9,0-1.2L12.7,2.3z&#039;\/%3E%3C\/svg%3E&quot;);\">\n\t\t\t<span class=\"elementor-divider-separator\">\n\t\t\t\t\t\t<\/span>\n\t\t<\/div>\n\t\t\t\t\t\t<\/div>\n\t\t\t\t<div class=\"elementor-element elementor-element-5fb1dcc elementor-widget elementor-widget-heading\" data-id=\"5fb1dcc\" data-element_type=\"widget\" data-e-type=\"widget\" data-widget_type=\"heading.default\">\n\t\t\t\t\t<h2 class=\"elementor-heading-title elementor-size-default\">Christmas spirit: the softness of velvet<\/h2>\t\t\t\t<\/div>\n\t\t\t\t<\/div>\n\t\t<div class=\"elementor-element elementor-element-ddd3a29 e-con-full e-flex e-con e-parent\" data-id=\"ddd3a29\" data-element_type=\"container\" data-e-type=\"container\">\n\t\t\t\t<div class=\"elementor-element elementor-element-fd6a320 elementor-widget elementor-widget-image\" data-id=\"fd6a320\" data-element_type=\"widget\" data-e-type=\"widget\" data-widget_type=\"image.default\">\n\t\t\t\t\t\t\t\t\t\t\t\t\t\t\t\t<a href=\"https:\/\/voyagedelabaleine.fr\/produit\/robe-verte-point-mousse\/\">\n\t\t\t\t\t\t\t<img decoding=\"async\" width=\"768\" height=\"1012\" src=\"https:\/\/voyagedelabaleine.fr\/wp-content\/uploads\/2024\/08\/robe-bebe-verte-noeud-velours-2-768x1012.jpg\" class=\"attachment-medium_large size-medium_large wp-image-22612\" alt=\"Dark Green Baby Christmas Dress in Garter Stitch with Velvet Bow\" srcset=\"https:\/\/voyagedelabaleine.fr\/wp-content\/uploads\/2024\/08\/robe-bebe-verte-noeud-velours-2-768x1012.jpg 768w, https:\/\/voyagedelabaleine.fr\/wp-content\/uploads\/2024\/08\/robe-bebe-verte-noeud-velours-2-228x300.jpg 228w, https:\/\/voyagedelabaleine.fr\/wp-content\/uploads\/2024\/08\/robe-bebe-verte-noeud-velours-2-777x1024.jpg 777w, https:\/\/voyagedelabaleine.fr\/wp-content\/uploads\/2024\/08\/robe-bebe-verte-noeud-velours-2-600x791.jpg 600w, https:\/\/voyagedelabaleine.fr\/wp-content\/uploads\/2024\/08\/robe-bebe-verte-noeud-velours-2.jpg 880w\" sizes=\"(max-width: 768px) 100vw, 768px\" \/>\t\t\t\t\t\t\t\t<\/a>\n\t\t\t\t\t\t\t\t\t\t\t\t\t\t\t<\/div>\n\t\t\t\t<\/div>\n\t\t<div class=\"elementor-element elementor-element-df9195c e-con-full e-flex e-con e-parent\" data-id=\"df9195c\" data-element_type=\"container\" data-e-type=\"container\">\n\t\t\t\t<div class=\"elementor-element elementor-element-a06db33 elementor-widget__width-inherit elementor-widget-mobile__width-inherit elementor-widget elementor-widget-shortcode\" data-id=\"a06db33\" data-element_type=\"widget\" data-e-type=\"widget\" data-widget_type=\"shortcode.default\">\n\t\t\t\t\t\t\t<div class=\"elementor-shortcode\"><div class=\"woocommerce columns-3 \">\r\n<ul class=\"products oceanwp-row clr grid tablet-col tablet-2-col mobile-col mobile-2-col\">\r\n<li class=\"entry has-media col span_1_of_3 owp-content-center owp-thumbs-layout-vertical owp-btn-big owp-tabs-layout-vertical circle-sale product type-product post-26497 status-publish first instock product_cat-baby-boy-sweater-vest-cardigan product_cat-baby-girl-sweater-vest-cardigan product_cat-baby-sweater-vest-cardigan product_cat-boy-sweater-vest-cardigan product_cat-chatgpt-a-dit-newborn-sweaters-cardigans-and-vests product_cat-child-sweater-vest-cardigan product_cat-clothing product_cat-girl-sweater-vest-cardigan product_cat-newborn-boy-sweaters-cardigans-knitwear product_cat-newborn-girl-sweaters-cardigans-knitwear has-post-thumbnail taxable shipping-taxable purchasable product-type-variable has-default-attributes\">\n\t<div class=\"product-inner clr\">\n\t<div class=\"woo-entry-image-swap woo-entry-image clr\">\n\t\t<a href=\"https:\/\/voyagedelabaleine.fr\/en\/product\/baby-girl-cardigan-in-moss-stitch-dark-green\/\" class=\"woocommerce-LoopProduct-link\"><img decoding=\"async\" width=\"600\" height=\"800\" src=\"https:\/\/voyagedelabaleine.fr\/wp-content\/uploads\/2025\/01\/gilet-bebe-vert-fonce-600x800.jpg\" class=\"woo-entry-image-main\" alt=\"Baby girl cardigan in moss stitch &#8211; Dark green\" itemprop=\"image\" srcset=\"https:\/\/voyagedelabaleine.fr\/wp-content\/uploads\/2025\/01\/gilet-bebe-vert-fonce-600x800.jpg 600w, https:\/\/voyagedelabaleine.fr\/wp-content\/uploads\/2025\/01\/gilet-bebe-vert-fonce-225x300.jpg 225w, https:\/\/voyagedelabaleine.fr\/wp-content\/uploads\/2025\/01\/gilet-bebe-vert-fonce-768x1024.jpg 768w, https:\/\/voyagedelabaleine.fr\/wp-content\/uploads\/2025\/01\/gilet-bebe-vert-fonce.jpg 855w\" sizes=\"(max-width: 600px) 100vw, 600px\" \/><img decoding=\"async\" width=\"600\" height=\"800\" src=\"https:\/\/voyagedelabaleine.fr\/wp-content\/uploads\/2025\/01\/gilet-bebe-vert-fonce-1-600x800.jpg\" class=\"woo-entry-image-secondary\" alt=\"Baby girl cardigan in moss stitch &#8211; Dark green\" itemprop=\"image\" srcset=\"https:\/\/voyagedelabaleine.fr\/wp-content\/uploads\/2025\/01\/gilet-bebe-vert-fonce-1-600x800.jpg 600w, https:\/\/voyagedelabaleine.fr\/wp-content\/uploads\/2025\/01\/gilet-bebe-vert-fonce-1-225x300.jpg 225w, https:\/\/voyagedelabaleine.fr\/wp-content\/uploads\/2025\/01\/gilet-bebe-vert-fonce-1-768x1024.jpg 768w, https:\/\/voyagedelabaleine.fr\/wp-content\/uploads\/2025\/01\/gilet-bebe-vert-fonce-1.jpg 855w\" sizes=\"(max-width: 600px) 100vw, 600px\" \/><\/a>\t<\/div><!-- .woo-entry-image-swap -->\n\n<ul class=\"woo-entry-inner clr\"><li class=\"image-wrap\">\n\t<div class=\"woo-entry-image-swap woo-entry-image clr\">\n\t\t<a href=\"https:\/\/voyagedelabaleine.fr\/en\/product\/baby-girl-cardigan-in-moss-stitch-dark-green\/\" class=\"woocommerce-LoopProduct-link\"><img decoding=\"async\" width=\"600\" height=\"800\" src=\"https:\/\/voyagedelabaleine.fr\/wp-content\/uploads\/2025\/01\/gilet-bebe-vert-fonce-600x800.jpg\" class=\"woo-entry-image-main\" alt=\"Baby girl cardigan in moss stitch &#8211; Dark green\" itemprop=\"image\" srcset=\"https:\/\/voyagedelabaleine.fr\/wp-content\/uploads\/2025\/01\/gilet-bebe-vert-fonce-600x800.jpg 600w, https:\/\/voyagedelabaleine.fr\/wp-content\/uploads\/2025\/01\/gilet-bebe-vert-fonce-225x300.jpg 225w, https:\/\/voyagedelabaleine.fr\/wp-content\/uploads\/2025\/01\/gilet-bebe-vert-fonce-768x1024.jpg 768w, https:\/\/voyagedelabaleine.fr\/wp-content\/uploads\/2025\/01\/gilet-bebe-vert-fonce.jpg 855w\" sizes=\"(max-width: 600px) 100vw, 600px\" \/><img decoding=\"async\" width=\"600\" height=\"800\" src=\"https:\/\/voyagedelabaleine.fr\/wp-content\/uploads\/2025\/01\/gilet-bebe-vert-fonce-1-600x800.jpg\" class=\"woo-entry-image-secondary\" alt=\"Baby girl cardigan in moss stitch &#8211; Dark green\" itemprop=\"image\" srcset=\"https:\/\/voyagedelabaleine.fr\/wp-content\/uploads\/2025\/01\/gilet-bebe-vert-fonce-1-600x800.jpg 600w, https:\/\/voyagedelabaleine.fr\/wp-content\/uploads\/2025\/01\/gilet-bebe-vert-fonce-1-225x300.jpg 225w, https:\/\/voyagedelabaleine.fr\/wp-content\/uploads\/2025\/01\/gilet-bebe-vert-fonce-1-768x1024.jpg 768w, https:\/\/voyagedelabaleine.fr\/wp-content\/uploads\/2025\/01\/gilet-bebe-vert-fonce-1.jpg 855w\" sizes=\"(max-width: 600px) 100vw, 600px\" \/><\/a>\t<\/div><!-- .woo-entry-image-swap -->\n\n<\/li><li class=\"title\"><h2><a href=\"https:\/\/voyagedelabaleine.fr\/en\/product\/baby-girl-cardigan-in-moss-stitch-dark-green\/\">Baby girl cardigan in moss stitch &#8211; Dark green<\/a><\/h2><\/li><li class=\"price-wrap\">\n\t<span class=\"price\"><span class=\"woocommerce-Price-amount amount\"><bdi>38<span class=\"woocommerce-Price-currencySymbol\">&euro;<\/span><\/bdi><\/span><\/span>\n<\/li><\/ul><\/div><!-- .product-inner .clr --><\/li>\n<li class=\"entry has-media has-rating col span_1_of_3 owp-content-center owp-thumbs-layout-vertical owp-btn-big owp-tabs-layout-vertical circle-sale product type-product post-26241 status-publish instock product_cat-baby-dress product_cat-baby-girl product_cat-baby-girl-newborn-dress product_cat-clothing product_cat-newborn-girl has-post-thumbnail taxable shipping-taxable purchasable product-type-variable has-default-attributes\">\n\t<div class=\"product-inner clr\">\n\t<div class=\"woo-entry-image-swap woo-entry-image clr\">\n\t\t<a href=\"https:\/\/voyagedelabaleine.fr\/en\/product\/baby-girls-green-garter-stitch-dress-with-velvet-bow\/\" class=\"woocommerce-LoopProduct-link\"><img decoding=\"async\" width=\"600\" height=\"800\" src=\"https:\/\/voyagedelabaleine.fr\/wp-content\/uploads\/2024\/08\/robe-bebe-verte-noeud-velours-2-600x800.jpg\" class=\"woo-entry-image-main\" alt=\"Baby Girl&#8217;s Green Garter Stitch Dress with Velvet Bow\" itemprop=\"image\" \/><img decoding=\"async\" width=\"600\" height=\"800\" src=\"https:\/\/voyagedelabaleine.fr\/wp-content\/uploads\/2024\/08\/robe-bebe-verte-noeud-velours-3-600x800.jpg\" class=\"woo-entry-image-secondary\" alt=\"Baby Girl&#8217;s Green Garter Stitch Dress with Velvet Bow\" itemprop=\"image\" \/><\/a>\t<\/div><!-- .woo-entry-image-swap -->\n\n<ul class=\"woo-entry-inner clr\"><li class=\"image-wrap\">\n\t<div class=\"woo-entry-image-swap woo-entry-image clr\">\n\t\t<a href=\"https:\/\/voyagedelabaleine.fr\/en\/product\/baby-girls-green-garter-stitch-dress-with-velvet-bow\/\" class=\"woocommerce-LoopProduct-link\"><img decoding=\"async\" width=\"600\" height=\"800\" src=\"https:\/\/voyagedelabaleine.fr\/wp-content\/uploads\/2024\/08\/robe-bebe-verte-noeud-velours-2-600x800.jpg\" class=\"woo-entry-image-main\" alt=\"Baby Girl&#8217;s Green Garter Stitch Dress with Velvet Bow\" itemprop=\"image\" \/><img decoding=\"async\" width=\"600\" height=\"800\" src=\"https:\/\/voyagedelabaleine.fr\/wp-content\/uploads\/2024\/08\/robe-bebe-verte-noeud-velours-3-600x800.jpg\" class=\"woo-entry-image-secondary\" alt=\"Baby Girl&#8217;s Green Garter Stitch Dress with Velvet Bow\" itemprop=\"image\" \/><\/a>\t<\/div><!-- .woo-entry-image-swap -->\n\n<\/li><li class=\"title\"><h2><a href=\"https:\/\/voyagedelabaleine.fr\/en\/product\/baby-girls-green-garter-stitch-dress-with-velvet-bow\/\">Baby Girl&#8217;s Green Garter Stitch Dress with Velvet Bow<\/a><\/h2><\/li><li class=\"price-wrap\">\n\t<span class=\"price\"><span class=\"woocommerce-Price-amount amount\"><bdi>56<span class=\"woocommerce-Price-currencySymbol\">&euro;<\/span><\/bdi><\/span><\/span>\n<\/li><\/ul><\/div><!-- .product-inner .clr --><\/li>\n<li class=\"entry has-media has-rating col span_1_of_3 owp-content-center owp-thumbs-layout-vertical owp-btn-big owp-tabs-layout-vertical circle-sale product type-product post-26674 status-publish last instock product_cat-baby-and-child-socks-tights product_cat-baby-boy-socks-tights product_cat-baby-girl-socks-tights product_cat-boy-socks-tights product_cat-child-socks-tights product_cat-girl-socks-tights product_cat-newborn-boy-socks-tights product_cat-newborn-girl-socks-tights product_cat-newborn-socks-tights has-post-thumbnail taxable shipping-taxable purchasable product-type-variable has-default-attributes\">\n\t<div class=\"product-inner clr\">\n\t<div class=\"woo-entry-image-swap woo-entry-image clr\">\n\t\t<a href=\"https:\/\/voyagedelabaleine.fr\/en\/product\/merino-wool-tights-gray\/\" class=\"woocommerce-LoopProduct-link\"><img decoding=\"async\" width=\"600\" height=\"800\" src=\"https:\/\/voyagedelabaleine.fr\/wp-content\/uploads\/2024\/07\/collant-bebe-laine-merinos-gris-1-600x800.jpg\" class=\"woo-entry-image-main\" alt=\"Merino Wool Tights &#8211; Gray\" itemprop=\"image\" srcset=\"https:\/\/voyagedelabaleine.fr\/wp-content\/uploads\/2024\/07\/collant-bebe-laine-merinos-gris-1-600x800.jpg 600w, https:\/\/voyagedelabaleine.fr\/wp-content\/uploads\/2024\/07\/collant-bebe-laine-merinos-gris-1-225x300.jpg 225w, https:\/\/voyagedelabaleine.fr\/wp-content\/uploads\/2024\/07\/collant-bebe-laine-merinos-gris-1-768x1024.jpg 768w, https:\/\/voyagedelabaleine.fr\/wp-content\/uploads\/2024\/07\/collant-bebe-laine-merinos-gris-1.jpg 812w\" sizes=\"(max-width: 600px) 100vw, 600px\" \/><img decoding=\"async\" width=\"409\" height=\"545\" src=\"https:\/\/voyagedelabaleine.fr\/wp-content\/uploads\/2024\/07\/collant-bebe-laine-merinos-gris-2.jpg\" class=\"woo-entry-image-secondary\" alt=\"Merino Wool Tights &#8211; Gray\" itemprop=\"image\" srcset=\"https:\/\/voyagedelabaleine.fr\/wp-content\/uploads\/2024\/07\/collant-bebe-laine-merinos-gris-2.jpg 409w, https:\/\/voyagedelabaleine.fr\/wp-content\/uploads\/2024\/07\/collant-bebe-laine-merinos-gris-2-225x300.jpg 225w\" sizes=\"(max-width: 409px) 100vw, 409px\" \/><\/a>\t<\/div><!-- .woo-entry-image-swap -->\n\n<ul class=\"woo-entry-inner clr\"><li class=\"image-wrap\">\n\t<div class=\"woo-entry-image-swap woo-entry-image clr\">\n\t\t<a href=\"https:\/\/voyagedelabaleine.fr\/en\/product\/merino-wool-tights-gray\/\" class=\"woocommerce-LoopProduct-link\"><img decoding=\"async\" width=\"600\" height=\"800\" src=\"https:\/\/voyagedelabaleine.fr\/wp-content\/uploads\/2024\/07\/collant-bebe-laine-merinos-gris-1-600x800.jpg\" class=\"woo-entry-image-main\" alt=\"Merino Wool Tights &#8211; Gray\" itemprop=\"image\" srcset=\"https:\/\/voyagedelabaleine.fr\/wp-content\/uploads\/2024\/07\/collant-bebe-laine-merinos-gris-1-600x800.jpg 600w, https:\/\/voyagedelabaleine.fr\/wp-content\/uploads\/2024\/07\/collant-bebe-laine-merinos-gris-1-225x300.jpg 225w, https:\/\/voyagedelabaleine.fr\/wp-content\/uploads\/2024\/07\/collant-bebe-laine-merinos-gris-1-768x1024.jpg 768w, https:\/\/voyagedelabaleine.fr\/wp-content\/uploads\/2024\/07\/collant-bebe-laine-merinos-gris-1.jpg 812w\" sizes=\"(max-width: 600px) 100vw, 600px\" \/><img decoding=\"async\" width=\"409\" height=\"545\" src=\"https:\/\/voyagedelabaleine.fr\/wp-content\/uploads\/2024\/07\/collant-bebe-laine-merinos-gris-2.jpg\" class=\"woo-entry-image-secondary\" alt=\"Merino Wool Tights &#8211; Gray\" itemprop=\"image\" srcset=\"https:\/\/voyagedelabaleine.fr\/wp-content\/uploads\/2024\/07\/collant-bebe-laine-merinos-gris-2.jpg 409w, https:\/\/voyagedelabaleine.fr\/wp-content\/uploads\/2024\/07\/collant-bebe-laine-merinos-gris-2-225x300.jpg 225w\" sizes=\"(max-width: 409px) 100vw, 409px\" \/><\/a>\t<\/div><!-- .woo-entry-image-swap -->\n\n<\/li><li class=\"title\"><h2><a href=\"https:\/\/voyagedelabaleine.fr\/en\/product\/merino-wool-tights-gray\/\">Merino Wool Tights &#8211; Gray<\/a><\/h2><\/li><li class=\"price-wrap\">\n\t<span class=\"price\"><span class=\"woocommerce-Price-amount amount\"><bdi>16<span class=\"woocommerce-Price-currencySymbol\">&euro;<\/span><\/bdi><\/span><\/span>\n<\/li><\/ul><\/div><!-- .product-inner .clr --><\/li>\n<\/ul>\n<\/div><\/div>\n\t\t\t\t\t\t<\/div>\n\t\t\t\t<\/div>\n\t\t<div class=\"elementor-element elementor-element-6ad38a7 e-con-full e-flex e-con e-parent\" data-id=\"6ad38a7\" data-element_type=\"container\" data-e-type=\"container\">\n\t\t\t\t<div class=\"elementor-element elementor-element-7836ae6 elementor-widget-divider--separator-type-pattern elementor-widget-divider--view-line elementor-widget elementor-widget-divider\" data-id=\"7836ae6\" data-element_type=\"widget\" data-e-type=\"widget\" data-widget_type=\"divider.default\">\n\t\t\t\t\t\t\t<div class=\"elementor-divider\" style=\"--divider-pattern-url: url(&quot;data:image\/svg+xml,%3Csvg xmlns=&#039;http:\/\/www.w3.org\/2000\/svg&#039; preserveAspectRatio=&#039;none&#039; overflow=&#039;visible&#039; height=&#039;100%&#039; viewBox=&#039;0 0 24 24&#039; fill=&#039;black&#039; stroke=&#039;none&#039;%3E%3Cpath d=&#039;M12.7,2.3c-0.4-0.4-1.1-0.4-1.5,0l-8,9.1c-0.3,0.4-0.3,0.9,0,1.2l8,9.1c0.4,0.4,1.1,0.4,1.5,0l8-9.1c0.3-0.4,0.3-0.9,0-1.2L12.7,2.3z&#039;\/%3E%3C\/svg%3E&quot;);\">\n\t\t\t<span class=\"elementor-divider-separator\">\n\t\t\t\t\t\t<\/span>\n\t\t<\/div>\n\t\t\t\t\t\t<\/div>\n\t\t\t\t<div class=\"elementor-element elementor-element-63cabbe elementor-widget elementor-widget-heading\" data-id=\"63cabbe\" data-element_type=\"widget\" data-e-type=\"widget\" data-widget_type=\"heading.default\">\n\t\t\t\t\t<h2 class=\"elementor-heading-title elementor-size-default\">Embroidered elegance: holiday tartan<\/h2>\t\t\t\t<\/div>\n\t\t\t\t<\/div>\n\t\t<div class=\"elementor-element elementor-element-f68ac72 e-con-full e-flex e-con e-parent\" data-id=\"f68ac72\" data-element_type=\"container\" data-e-type=\"container\">\n\t\t\t\t<div class=\"elementor-element elementor-element-ac59f1d elementor-widget__width-inherit elementor-widget-mobile__width-inherit elementor-widget elementor-widget-shortcode\" data-id=\"ac59f1d\" data-element_type=\"widget\" data-e-type=\"widget\" data-widget_type=\"shortcode.default\">\n\t\t\t\t\t\t\t<div class=\"elementor-shortcode\"><div class=\"woocommerce columns-2 \">\r\n<ul class=\"products oceanwp-row clr grid tablet-col tablet-2-col mobile-col mobile-2-col\">\r\n<li class=\"entry has-media has-rating col span_1_of_2 owp-content-center owp-thumbs-layout-vertical owp-btn-big owp-tabs-layout-vertical circle-sale product type-product post-26116 status-publish first instock product_cat-baby-dress product_cat-baby-girl product_cat-clothing product_cat-girl product_cat-girl-dress has-post-thumbnail taxable shipping-taxable purchasable product-type-variable has-default-attributes\">\n\t<div class=\"product-inner clr\">\n\t<div class=\"woo-entry-image-swap woo-entry-image clr\">\n\t\t<a href=\"https:\/\/voyagedelabaleine.fr\/en\/product\/baby-girls-tartan-plaid-dress-with-embroidered-collar-bordeaux\/\" class=\"woocommerce-LoopProduct-link\"><img decoding=\"async\" width=\"600\" height=\"800\" src=\"https:\/\/voyagedelabaleine.fr\/wp-content\/uploads\/2025\/02\/robe-bebe-tartan-1-600x800.jpg\" class=\"woo-entry-image-main\" alt=\"Baby Girl&#8217;s Tartan Plaid Dress with Embroidered Collar &#8211; Bordeaux\" itemprop=\"image\" srcset=\"https:\/\/voyagedelabaleine.fr\/wp-content\/uploads\/2025\/02\/robe-bebe-tartan-1-600x800.jpg 600w, https:\/\/voyagedelabaleine.fr\/wp-content\/uploads\/2025\/02\/robe-bebe-tartan-1-225x300.jpg 225w, https:\/\/voyagedelabaleine.fr\/wp-content\/uploads\/2025\/02\/robe-bebe-tartan-1-768x1024.jpg 768w, https:\/\/voyagedelabaleine.fr\/wp-content\/uploads\/2025\/02\/robe-bebe-tartan-1-1152x1536.jpg 1152w, https:\/\/voyagedelabaleine.fr\/wp-content\/uploads\/2025\/02\/robe-bebe-tartan-1.jpg 1200w\" sizes=\"(max-width: 600px) 100vw, 600px\" \/><img decoding=\"async\" width=\"600\" height=\"800\" src=\"https:\/\/voyagedelabaleine.fr\/wp-content\/uploads\/2024\/10\/robe-bebe-tartan-600x800.jpg\" class=\"woo-entry-image-secondary\" alt=\"Baby Girl&#8217;s Tartan Plaid Dress with Embroidered Collar &#8211; Bordeaux\" itemprop=\"image\" srcset=\"https:\/\/voyagedelabaleine.fr\/wp-content\/uploads\/2024\/10\/robe-bebe-tartan-600x800.jpg 600w, https:\/\/voyagedelabaleine.fr\/wp-content\/uploads\/2024\/10\/robe-bebe-tartan-225x300.jpg 225w, https:\/\/voyagedelabaleine.fr\/wp-content\/uploads\/2024\/10\/robe-bebe-tartan-768x1024.jpg 768w, https:\/\/voyagedelabaleine.fr\/wp-content\/uploads\/2024\/10\/robe-bebe-tartan.jpg 800w\" sizes=\"(max-width: 600px) 100vw, 600px\" \/><\/a>\t<\/div><!-- .woo-entry-image-swap -->\n\n<ul class=\"woo-entry-inner clr\"><li class=\"image-wrap\">\n\t<div class=\"woo-entry-image-swap woo-entry-image clr\">\n\t\t<a href=\"https:\/\/voyagedelabaleine.fr\/en\/product\/baby-girls-tartan-plaid-dress-with-embroidered-collar-bordeaux\/\" class=\"woocommerce-LoopProduct-link\"><img decoding=\"async\" width=\"600\" height=\"800\" src=\"https:\/\/voyagedelabaleine.fr\/wp-content\/uploads\/2025\/02\/robe-bebe-tartan-1-600x800.jpg\" class=\"woo-entry-image-main\" alt=\"Baby Girl&#8217;s Tartan Plaid Dress with Embroidered Collar &#8211; Bordeaux\" itemprop=\"image\" srcset=\"https:\/\/voyagedelabaleine.fr\/wp-content\/uploads\/2025\/02\/robe-bebe-tartan-1-600x800.jpg 600w, https:\/\/voyagedelabaleine.fr\/wp-content\/uploads\/2025\/02\/robe-bebe-tartan-1-225x300.jpg 225w, https:\/\/voyagedelabaleine.fr\/wp-content\/uploads\/2025\/02\/robe-bebe-tartan-1-768x1024.jpg 768w, https:\/\/voyagedelabaleine.fr\/wp-content\/uploads\/2025\/02\/robe-bebe-tartan-1-1152x1536.jpg 1152w, https:\/\/voyagedelabaleine.fr\/wp-content\/uploads\/2025\/02\/robe-bebe-tartan-1.jpg 1200w\" sizes=\"(max-width: 600px) 100vw, 600px\" \/><img decoding=\"async\" width=\"600\" height=\"800\" src=\"https:\/\/voyagedelabaleine.fr\/wp-content\/uploads\/2024\/10\/robe-bebe-tartan-600x800.jpg\" class=\"woo-entry-image-secondary\" alt=\"Baby Girl&#8217;s Tartan Plaid Dress with Embroidered Collar &#8211; Bordeaux\" itemprop=\"image\" srcset=\"https:\/\/voyagedelabaleine.fr\/wp-content\/uploads\/2024\/10\/robe-bebe-tartan-600x800.jpg 600w, https:\/\/voyagedelabaleine.fr\/wp-content\/uploads\/2024\/10\/robe-bebe-tartan-225x300.jpg 225w, https:\/\/voyagedelabaleine.fr\/wp-content\/uploads\/2024\/10\/robe-bebe-tartan-768x1024.jpg 768w, https:\/\/voyagedelabaleine.fr\/wp-content\/uploads\/2024\/10\/robe-bebe-tartan.jpg 800w\" sizes=\"(max-width: 600px) 100vw, 600px\" \/><\/a>\t<\/div><!-- .woo-entry-image-swap -->\n\n<\/li><li class=\"title\"><h2><a href=\"https:\/\/voyagedelabaleine.fr\/en\/product\/baby-girls-tartan-plaid-dress-with-embroidered-collar-bordeaux\/\">Baby Girl&#8217;s Tartan Plaid Dress with Embroidered Collar &#8211; Bordeaux<\/a><\/h2><\/li><li class=\"price-wrap\">\n\t<span class=\"price\"><span class=\"woocommerce-Price-amount amount\"><bdi>68<span class=\"woocommerce-Price-currencySymbol\">&euro;<\/span><\/bdi><\/span><\/span>\n<\/li><\/ul><\/div><!-- .product-inner .clr --><\/li>\n<li class=\"entry has-media has-rating col span_1_of_2 owp-content-center owp-thumbs-layout-vertical owp-btn-big owp-tabs-layout-vertical circle-sale product type-product post-26660 status-publish last instock product_cat-baby-and-child-socks-tights product_cat-baby-boy-socks-tights product_cat-baby-girl-socks-tights product_cat-newborn-boy-socks-tights product_cat-newborn-girl-socks-tights product_cat-newborn-socks-tights has-post-thumbnail taxable shipping-taxable purchasable product-type-variable has-default-attributes\">\n\t<div class=\"product-inner clr\">\n\t<div class=\"woo-entry-image-swap woo-entry-image clr\">\n\t\t<a href=\"https:\/\/voyagedelabaleine.fr\/en\/product\/baby-ribbed-tights-burgundy\/\" class=\"woocommerce-LoopProduct-link\"><img decoding=\"async\" width=\"600\" height=\"800\" src=\"https:\/\/voyagedelabaleine.fr\/wp-content\/uploads\/2024\/09\/collant-bebe-cotele-bordeaux-600x800.jpg\" class=\"woo-entry-image-main\" alt=\"Baby Ribbed Tights &#8211; Burgundy\" itemprop=\"image\" srcset=\"https:\/\/voyagedelabaleine.fr\/wp-content\/uploads\/2024\/09\/collant-bebe-cotele-bordeaux-600x800.jpg 600w, https:\/\/voyagedelabaleine.fr\/wp-content\/uploads\/2024\/09\/collant-bebe-cotele-bordeaux-225x300.jpg 225w, https:\/\/voyagedelabaleine.fr\/wp-content\/uploads\/2024\/09\/collant-bebe-cotele-bordeaux-768x1024.jpg 768w, https:\/\/voyagedelabaleine.fr\/wp-content\/uploads\/2024\/09\/collant-bebe-cotele-bordeaux.jpg 855w\" sizes=\"(max-width: 600px) 100vw, 600px\" \/><img decoding=\"async\" width=\"600\" height=\"800\" src=\"https:\/\/voyagedelabaleine.fr\/wp-content\/uploads\/2024\/09\/collant-bebe-cotele-bordeaux-2-1-600x800.jpg\" class=\"woo-entry-image-secondary\" alt=\"Baby Ribbed Tights &#8211; Burgundy\" itemprop=\"image\" srcset=\"https:\/\/voyagedelabaleine.fr\/wp-content\/uploads\/2024\/09\/collant-bebe-cotele-bordeaux-2-1-600x800.jpg 600w, https:\/\/voyagedelabaleine.fr\/wp-content\/uploads\/2024\/09\/collant-bebe-cotele-bordeaux-2-1-225x300.jpg 225w, https:\/\/voyagedelabaleine.fr\/wp-content\/uploads\/2024\/09\/collant-bebe-cotele-bordeaux-2-1-768x1024.jpg 768w, https:\/\/voyagedelabaleine.fr\/wp-content\/uploads\/2024\/09\/collant-bebe-cotele-bordeaux-2-1.jpg 855w\" sizes=\"(max-width: 600px) 100vw, 600px\" \/><\/a>\t<\/div><!-- .woo-entry-image-swap -->\n\n<ul class=\"woo-entry-inner clr\"><li class=\"image-wrap\">\n\t<div class=\"woo-entry-image-swap woo-entry-image clr\">\n\t\t<a href=\"https:\/\/voyagedelabaleine.fr\/en\/product\/baby-ribbed-tights-burgundy\/\" class=\"woocommerce-LoopProduct-link\"><img decoding=\"async\" width=\"600\" height=\"800\" src=\"https:\/\/voyagedelabaleine.fr\/wp-content\/uploads\/2024\/09\/collant-bebe-cotele-bordeaux-600x800.jpg\" class=\"woo-entry-image-main\" alt=\"Baby Ribbed Tights &#8211; Burgundy\" itemprop=\"image\" srcset=\"https:\/\/voyagedelabaleine.fr\/wp-content\/uploads\/2024\/09\/collant-bebe-cotele-bordeaux-600x800.jpg 600w, https:\/\/voyagedelabaleine.fr\/wp-content\/uploads\/2024\/09\/collant-bebe-cotele-bordeaux-225x300.jpg 225w, https:\/\/voyagedelabaleine.fr\/wp-content\/uploads\/2024\/09\/collant-bebe-cotele-bordeaux-768x1024.jpg 768w, https:\/\/voyagedelabaleine.fr\/wp-content\/uploads\/2024\/09\/collant-bebe-cotele-bordeaux.jpg 855w\" sizes=\"(max-width: 600px) 100vw, 600px\" \/><img decoding=\"async\" width=\"600\" height=\"800\" src=\"https:\/\/voyagedelabaleine.fr\/wp-content\/uploads\/2024\/09\/collant-bebe-cotele-bordeaux-2-1-600x800.jpg\" class=\"woo-entry-image-secondary\" alt=\"Baby Ribbed Tights &#8211; Burgundy\" itemprop=\"image\" srcset=\"https:\/\/voyagedelabaleine.fr\/wp-content\/uploads\/2024\/09\/collant-bebe-cotele-bordeaux-2-1-600x800.jpg 600w, https:\/\/voyagedelabaleine.fr\/wp-content\/uploads\/2024\/09\/collant-bebe-cotele-bordeaux-2-1-225x300.jpg 225w, https:\/\/voyagedelabaleine.fr\/wp-content\/uploads\/2024\/09\/collant-bebe-cotele-bordeaux-2-1-768x1024.jpg 768w, https:\/\/voyagedelabaleine.fr\/wp-content\/uploads\/2024\/09\/collant-bebe-cotele-bordeaux-2-1.jpg 855w\" sizes=\"(max-width: 600px) 100vw, 600px\" \/><\/a>\t<\/div><!-- .woo-entry-image-swap -->\n\n<\/li><li class=\"title\"><h2><a href=\"https:\/\/voyagedelabaleine.fr\/en\/product\/baby-ribbed-tights-burgundy\/\">Baby Ribbed Tights &#8211; Burgundy<\/a><\/h2><\/li><li class=\"price-wrap\">\n\t<span class=\"price\"><span class=\"woocommerce-Price-amount amount\"><bdi>14<span class=\"woocommerce-Price-currencySymbol\">&euro;<\/span><\/bdi><\/span><\/span>\n<\/li><\/ul><\/div><!-- .product-inner .clr --><\/li>\n<\/ul>\n<\/div><\/div>\n\t\t\t\t\t\t<\/div>\n\t\t\t\t<\/div>\n\t\t<div class=\"elementor-element elementor-element-cf2c705 e-con-full e-flex e-con e-parent\" data-id=\"cf2c705\" data-element_type=\"container\" data-e-type=\"container\">\n\t\t\t\t<div class=\"elementor-element elementor-element-a0d5db3 elementor-widget-divider--separator-type-pattern elementor-widget-divider--view-line elementor-widget elementor-widget-divider\" data-id=\"a0d5db3\" data-element_type=\"widget\" data-e-type=\"widget\" data-widget_type=\"divider.default\">\n\t\t\t\t\t\t\t<div class=\"elementor-divider\" style=\"--divider-pattern-url: url(&quot;data:image\/svg+xml,%3Csvg xmlns=&#039;http:\/\/www.w3.org\/2000\/svg&#039; preserveAspectRatio=&#039;none&#039; overflow=&#039;visible&#039; height=&#039;100%&#039; viewBox=&#039;0 0 24 24&#039; fill=&#039;black&#039; stroke=&#039;none&#039;%3E%3Cpath d=&#039;M12.7,2.3c-0.4-0.4-1.1-0.4-1.5,0l-8,9.1c-0.3,0.4-0.3,0.9,0,1.2l8,9.1c0.4,0.4,1.1,0.4,1.5,0l8-9.1c0.3-0.4,0.3-0.9,0-1.2L12.7,2.3z&#039;\/%3E%3C\/svg%3E&quot;);\">\n\t\t\t<span class=\"elementor-divider-separator\">\n\t\t\t\t\t\t<\/span>\n\t\t<\/div>\n\t\t\t\t\t\t<\/div>\n\t\t\t\t<div class=\"elementor-element elementor-element-990f1de elementor-widget elementor-widget-heading\" data-id=\"990f1de\" data-element_type=\"widget\" data-e-type=\"widget\" data-widget_type=\"heading.default\">\n\t\t\t\t\t<h2 class=\"elementor-heading-title elementor-size-default\">Tartan for boys: style and charm<\/h2>\t\t\t\t<\/div>\n\t\t\t\t<\/div>\n\t\t<div class=\"elementor-element elementor-element-f7f7697 e-con-full e-flex e-con e-parent\" data-id=\"f7f7697\" data-element_type=\"container\" data-e-type=\"container\">\n\t\t\t\t<div class=\"elementor-element elementor-element-8f02b08 elementor-widget elementor-widget-image\" data-id=\"8f02b08\" data-element_type=\"widget\" data-e-type=\"widget\" data-widget_type=\"image.default\">\n\t\t\t\t\t\t\t\t\t\t\t\t\t\t\t\t<a href=\"https:\/\/voyagedelabaleine.fr\/produit\/pantalon-tartan\/\">\n\t\t\t\t\t\t\t<img decoding=\"async\" width=\"768\" height=\"1025\" src=\"https:\/\/voyagedelabaleine.fr\/wp-content\/uploads\/2024\/10\/pantalon-bebe-tartan-768x1025.jpg\" class=\"attachment-medium_large size-medium_large wp-image-22602\" alt=\"baby trousers with small burgundy tartan checks worn with a white cotton gauze shirt\" srcset=\"https:\/\/voyagedelabaleine.fr\/wp-content\/uploads\/2024\/10\/pantalon-bebe-tartan-768x1025.jpg 768w, https:\/\/voyagedelabaleine.fr\/wp-content\/uploads\/2024\/10\/pantalon-bebe-tartan-225x300.jpg 225w, https:\/\/voyagedelabaleine.fr\/wp-content\/uploads\/2024\/10\/pantalon-bebe-tartan-600x800.jpg 600w, https:\/\/voyagedelabaleine.fr\/wp-content\/uploads\/2024\/10\/pantalon-bebe-tartan.jpg 856w\" sizes=\"(max-width: 768px) 100vw, 768px\" \/>\t\t\t\t\t\t\t\t<\/a>\n\t\t\t\t\t\t\t\t\t\t\t\t\t\t\t<\/div>\n\t\t\t\t<\/div>\n\t\t<div class=\"elementor-element elementor-element-86e66db e-con-full e-flex e-con e-parent\" data-id=\"86e66db\" data-element_type=\"container\" data-e-type=\"container\">\n\t\t\t\t<div class=\"elementor-element elementor-element-c447ef3 elementor-widget__width-inherit elementor-widget-mobile__width-inherit elementor-widget elementor-widget-shortcode\" data-id=\"c447ef3\" data-element_type=\"widget\" data-e-type=\"widget\" data-widget_type=\"shortcode.default\">\n\t\t\t\t\t\t\t<div class=\"elementor-shortcode\"><div class=\"woocommerce columns-3 \">\r\n<ul class=\"products oceanwp-row clr grid tablet-col tablet-2-col mobile-col mobile-2-col\">\r\n<li class=\"entry has-media col span_1_of_3 owp-content-center owp-thumbs-layout-vertical owp-btn-big owp-tabs-layout-vertical circle-sale product type-product post-26134 status-publish first instock product_cat-baby-blouse-shirt product_cat-baby-boy-blouse-shirt product_cat-boy-blouse-shirt product_cat-child-blouse-shirt product_cat-clothing has-post-thumbnail taxable shipping-taxable purchasable product-type-variable has-default-attributes\">\n\t<div class=\"product-inner clr\">\n\t<div class=\"woo-entry-image-swap woo-entry-image clr\">\n\t\t<a href=\"https:\/\/voyagedelabaleine.fr\/en\/product\/baby-boy-cotton-gauze-shirt-white\/\" class=\"woocommerce-LoopProduct-link\"><img decoding=\"async\" width=\"600\" height=\"800\" src=\"https:\/\/voyagedelabaleine.fr\/wp-content\/uploads\/2024\/10\/chemise-bebe-blanche-2-scaled-600x800.jpg\" class=\"woo-entry-image-main\" alt=\"Baby Boy Cotton Gauze Shirt &#8211; White\" itemprop=\"image\" srcset=\"https:\/\/voyagedelabaleine.fr\/wp-content\/uploads\/2024\/10\/chemise-bebe-blanche-2-scaled-600x800.jpg 600w, https:\/\/voyagedelabaleine.fr\/wp-content\/uploads\/2024\/10\/chemise-bebe-blanche-2-scaled-225x300.jpg 225w, https:\/\/voyagedelabaleine.fr\/wp-content\/uploads\/2024\/10\/chemise-bebe-blanche-2-scaled-768x1024.jpg 768w, https:\/\/voyagedelabaleine.fr\/wp-content\/uploads\/2024\/10\/chemise-bebe-blanche-2-scaled-1152x1536.jpg 1152w, https:\/\/voyagedelabaleine.fr\/wp-content\/uploads\/2024\/10\/chemise-bebe-blanche-2-scaled.jpg 1536w\" sizes=\"(max-width: 600px) 100vw, 600px\" \/><img decoding=\"async\" width=\"600\" height=\"800\" src=\"https:\/\/voyagedelabaleine.fr\/wp-content\/uploads\/2024\/10\/chemise-bebe-blanche-1-600x800.jpg\" class=\"woo-entry-image-secondary\" alt=\"Baby Boy Cotton Gauze Shirt &#8211; White\" itemprop=\"image\" srcset=\"https:\/\/voyagedelabaleine.fr\/wp-content\/uploads\/2024\/10\/chemise-bebe-blanche-1-600x799.jpg 600w, https:\/\/voyagedelabaleine.fr\/wp-content\/uploads\/2024\/10\/chemise-bebe-blanche-1-225x300.jpg 225w, https:\/\/voyagedelabaleine.fr\/wp-content\/uploads\/2024\/10\/chemise-bebe-blanche-1-768x1023.jpg 768w, https:\/\/voyagedelabaleine.fr\/wp-content\/uploads\/2024\/10\/chemise-bebe-blanche-1.jpg 776w\" sizes=\"(max-width: 600px) 100vw, 600px\" \/><\/a>\t<\/div><!-- .woo-entry-image-swap -->\n\n<ul class=\"woo-entry-inner clr\"><li class=\"image-wrap\">\n\t<div class=\"woo-entry-image-swap woo-entry-image clr\">\n\t\t<a href=\"https:\/\/voyagedelabaleine.fr\/en\/product\/baby-boy-cotton-gauze-shirt-white\/\" class=\"woocommerce-LoopProduct-link\"><img decoding=\"async\" width=\"600\" height=\"800\" src=\"https:\/\/voyagedelabaleine.fr\/wp-content\/uploads\/2024\/10\/chemise-bebe-blanche-2-scaled-600x800.jpg\" class=\"woo-entry-image-main\" alt=\"Baby Boy Cotton Gauze Shirt &#8211; White\" itemprop=\"image\" srcset=\"https:\/\/voyagedelabaleine.fr\/wp-content\/uploads\/2024\/10\/chemise-bebe-blanche-2-scaled-600x800.jpg 600w, https:\/\/voyagedelabaleine.fr\/wp-content\/uploads\/2024\/10\/chemise-bebe-blanche-2-scaled-225x300.jpg 225w, https:\/\/voyagedelabaleine.fr\/wp-content\/uploads\/2024\/10\/chemise-bebe-blanche-2-scaled-768x1024.jpg 768w, https:\/\/voyagedelabaleine.fr\/wp-content\/uploads\/2024\/10\/chemise-bebe-blanche-2-scaled-1152x1536.jpg 1152w, https:\/\/voyagedelabaleine.fr\/wp-content\/uploads\/2024\/10\/chemise-bebe-blanche-2-scaled.jpg 1536w\" sizes=\"(max-width: 600px) 100vw, 600px\" \/><img decoding=\"async\" width=\"600\" height=\"800\" src=\"https:\/\/voyagedelabaleine.fr\/wp-content\/uploads\/2024\/10\/chemise-bebe-blanche-1-600x800.jpg\" class=\"woo-entry-image-secondary\" alt=\"Baby Boy Cotton Gauze Shirt &#8211; White\" itemprop=\"image\" srcset=\"https:\/\/voyagedelabaleine.fr\/wp-content\/uploads\/2024\/10\/chemise-bebe-blanche-1-600x799.jpg 600w, https:\/\/voyagedelabaleine.fr\/wp-content\/uploads\/2024\/10\/chemise-bebe-blanche-1-225x300.jpg 225w, https:\/\/voyagedelabaleine.fr\/wp-content\/uploads\/2024\/10\/chemise-bebe-blanche-1-768x1023.jpg 768w, https:\/\/voyagedelabaleine.fr\/wp-content\/uploads\/2024\/10\/chemise-bebe-blanche-1.jpg 776w\" sizes=\"(max-width: 600px) 100vw, 600px\" \/><\/a>\t<\/div><!-- .woo-entry-image-swap -->\n\n<\/li><li class=\"title\"><h2><a href=\"https:\/\/voyagedelabaleine.fr\/en\/product\/baby-boy-cotton-gauze-shirt-white\/\">Baby Boy Cotton Gauze Shirt &#8211; White<\/a><\/h2><\/li><li class=\"price-wrap\">\n\t<span class=\"price\"><span class=\"woocommerce-Price-amount amount\"><bdi>28<span class=\"woocommerce-Price-currencySymbol\">&euro;<\/span><\/bdi><\/span><\/span>\n<\/li><\/ul><\/div><!-- .product-inner .clr --><\/li>\n<li class=\"entry has-media col span_1_of_3 owp-content-center owp-thumbs-layout-vertical owp-btn-big owp-tabs-layout-vertical circle-sale product type-product post-26098 status-publish instock product_cat-baby-bloomer-shorts-trousers product_cat-baby-boy-bloomer-shorts-trousers product_cat-boy-trousers-shorts product_cat-child-trousers-shorts product_cat-clothing has-post-thumbnail taxable shipping-taxable purchasable product-type-variable has-default-attributes\">\n\t<div class=\"product-inner clr\">\n\t<div class=\"woo-entry-image-swap woo-entry-image clr\">\n\t\t<a href=\"https:\/\/voyagedelabaleine.fr\/en\/product\/baby-boy-tartan-pants-bordeaux\/\" class=\"woocommerce-LoopProduct-link\"><img decoding=\"async\" width=\"600\" height=\"800\" src=\"https:\/\/voyagedelabaleine.fr\/wp-content\/uploads\/2024\/10\/pantalon-tartan-1-600x800.jpg\" class=\"woo-entry-image-main\" alt=\"Baby Boy Tartan Pants &#8211; Bordeaux\" itemprop=\"image\" srcset=\"https:\/\/voyagedelabaleine.fr\/wp-content\/uploads\/2024\/10\/pantalon-tartan-1-600x800.jpg 600w, https:\/\/voyagedelabaleine.fr\/wp-content\/uploads\/2024\/10\/pantalon-tartan-1-225x300.jpg 225w, https:\/\/voyagedelabaleine.fr\/wp-content\/uploads\/2024\/10\/pantalon-tartan-1.jpg 768w\" sizes=\"(max-width: 600px) 100vw, 600px\" \/><img decoding=\"async\" width=\"600\" height=\"800\" src=\"https:\/\/voyagedelabaleine.fr\/wp-content\/uploads\/2024\/10\/pantalon-bebe-tartan-600x800.jpg\" class=\"woo-entry-image-secondary\" alt=\"Baby Boy Tartan Pants &#8211; Bordeaux\" itemprop=\"image\" srcset=\"https:\/\/voyagedelabaleine.fr\/wp-content\/uploads\/2024\/10\/pantalon-bebe-tartan-600x800.jpg 600w, https:\/\/voyagedelabaleine.fr\/wp-content\/uploads\/2024\/10\/pantalon-bebe-tartan-225x300.jpg 225w, https:\/\/voyagedelabaleine.fr\/wp-content\/uploads\/2024\/10\/pantalon-bebe-tartan-768x1025.jpg 768w, https:\/\/voyagedelabaleine.fr\/wp-content\/uploads\/2024\/10\/pantalon-bebe-tartan.jpg 856w\" sizes=\"(max-width: 600px) 100vw, 600px\" \/><\/a>\t<\/div><!-- .woo-entry-image-swap -->\n\n<ul class=\"woo-entry-inner clr\"><li class=\"image-wrap\">\n\t<div class=\"woo-entry-image-swap woo-entry-image clr\">\n\t\t<a href=\"https:\/\/voyagedelabaleine.fr\/en\/product\/baby-boy-tartan-pants-bordeaux\/\" class=\"woocommerce-LoopProduct-link\"><img decoding=\"async\" width=\"600\" height=\"800\" src=\"https:\/\/voyagedelabaleine.fr\/wp-content\/uploads\/2024\/10\/pantalon-tartan-1-600x800.jpg\" class=\"woo-entry-image-main\" alt=\"Baby Boy Tartan Pants &#8211; Bordeaux\" itemprop=\"image\" srcset=\"https:\/\/voyagedelabaleine.fr\/wp-content\/uploads\/2024\/10\/pantalon-tartan-1-600x800.jpg 600w, https:\/\/voyagedelabaleine.fr\/wp-content\/uploads\/2024\/10\/pantalon-tartan-1-225x300.jpg 225w, https:\/\/voyagedelabaleine.fr\/wp-content\/uploads\/2024\/10\/pantalon-tartan-1.jpg 768w\" sizes=\"(max-width: 600px) 100vw, 600px\" \/><img decoding=\"async\" width=\"600\" height=\"800\" src=\"https:\/\/voyagedelabaleine.fr\/wp-content\/uploads\/2024\/10\/pantalon-bebe-tartan-600x800.jpg\" class=\"woo-entry-image-secondary\" alt=\"Baby Boy Tartan Pants &#8211; Bordeaux\" itemprop=\"image\" srcset=\"https:\/\/voyagedelabaleine.fr\/wp-content\/uploads\/2024\/10\/pantalon-bebe-tartan-600x800.jpg 600w, https:\/\/voyagedelabaleine.fr\/wp-content\/uploads\/2024\/10\/pantalon-bebe-tartan-225x300.jpg 225w, https:\/\/voyagedelabaleine.fr\/wp-content\/uploads\/2024\/10\/pantalon-bebe-tartan-768x1025.jpg 768w, https:\/\/voyagedelabaleine.fr\/wp-content\/uploads\/2024\/10\/pantalon-bebe-tartan.jpg 856w\" sizes=\"(max-width: 600px) 100vw, 600px\" \/><\/a>\t<\/div><!-- .woo-entry-image-swap -->\n\n<\/li><li class=\"title\"><h2><a href=\"https:\/\/voyagedelabaleine.fr\/en\/product\/baby-boy-tartan-pants-bordeaux\/\">Baby Boy Tartan Pants &#8211; Bordeaux<\/a><\/h2><\/li><li class=\"price-wrap\">\n\t<span class=\"price\"><span class=\"woocommerce-Price-amount amount\"><bdi>36<span class=\"woocommerce-Price-currencySymbol\">&euro;<\/span><\/bdi><\/span><\/span>\n<\/li><\/ul><\/div><!-- .product-inner .clr --><\/li>\n<li class=\"entry has-media col span_1_of_3 owp-content-center owp-thumbs-layout-vertical owp-btn-big owp-tabs-layout-vertical circle-sale product type-product post-26950 status-publish last instock product_cat-baby-and-child-socks-tights product_cat-baby-boy-socks-tights product_cat-baby-girl-socks-tights product_cat-boy-socks-tights product_cat-child-socks-tights product_cat-girl-socks-tights product_cat-newborn-boy-socks-tights product_cat-newborn-girl-socks-tights product_cat-newborn-socks-tights product_tag-socks has-post-thumbnail taxable shipping-taxable purchasable product-type-variable has-default-attributes\">\n\t<div class=\"product-inner clr\">\n\t<div class=\"woo-entry-image-swap woo-entry-image clr\">\n\t\t<a href=\"https:\/\/voyagedelabaleine.fr\/en\/product\/solid-short-baby-socks-red\/\" class=\"woocommerce-LoopProduct-link\"><img decoding=\"async\" width=\"600\" height=\"800\" src=\"https:\/\/voyagedelabaleine.fr\/wp-content\/uploads\/2025\/02\/chaussettes-bebe-unies-rouge-1-600x800.jpg\" class=\"woo-entry-image-main\" alt=\"Solid Short Baby Socks &#8211; Red\" itemprop=\"image\" srcset=\"https:\/\/voyagedelabaleine.fr\/wp-content\/uploads\/2025\/02\/chaussettes-bebe-unies-rouge-1-600x800.jpg 600w, https:\/\/voyagedelabaleine.fr\/wp-content\/uploads\/2025\/02\/chaussettes-bebe-unies-rouge-1-225x300.jpg 225w, https:\/\/voyagedelabaleine.fr\/wp-content\/uploads\/2025\/02\/chaussettes-bebe-unies-rouge-1-768x1024.jpg 768w, https:\/\/voyagedelabaleine.fr\/wp-content\/uploads\/2025\/02\/chaussettes-bebe-unies-rouge-1.jpg 900w\" sizes=\"(max-width: 600px) 100vw, 600px\" \/><img decoding=\"async\" width=\"600\" height=\"800\" src=\"https:\/\/voyagedelabaleine.fr\/wp-content\/uploads\/2025\/02\/chaussettes-bebe-unies-rouges-600x800.jpg\" class=\"woo-entry-image-secondary\" alt=\"Solid Short Baby Socks &#8211; Red\" itemprop=\"image\" srcset=\"https:\/\/voyagedelabaleine.fr\/wp-content\/uploads\/2025\/02\/chaussettes-bebe-unies-rouges-600x800.jpg 600w, https:\/\/voyagedelabaleine.fr\/wp-content\/uploads\/2025\/02\/chaussettes-bebe-unies-rouges-225x300.jpg 225w, https:\/\/voyagedelabaleine.fr\/wp-content\/uploads\/2025\/02\/chaussettes-bebe-unies-rouges-768x1024.jpg 768w, https:\/\/voyagedelabaleine.fr\/wp-content\/uploads\/2025\/02\/chaussettes-bebe-unies-rouges.jpg 900w\" sizes=\"(max-width: 600px) 100vw, 600px\" \/><\/a>\t<\/div><!-- .woo-entry-image-swap -->\n\n<ul class=\"woo-entry-inner clr\"><li class=\"image-wrap\">\n\t<div class=\"woo-entry-image-swap woo-entry-image clr\">\n\t\t<a href=\"https:\/\/voyagedelabaleine.fr\/en\/product\/solid-short-baby-socks-red\/\" class=\"woocommerce-LoopProduct-link\"><img decoding=\"async\" width=\"600\" height=\"800\" src=\"https:\/\/voyagedelabaleine.fr\/wp-content\/uploads\/2025\/02\/chaussettes-bebe-unies-rouge-1-600x800.jpg\" class=\"woo-entry-image-main\" alt=\"Solid Short Baby Socks &#8211; Red\" itemprop=\"image\" srcset=\"https:\/\/voyagedelabaleine.fr\/wp-content\/uploads\/2025\/02\/chaussettes-bebe-unies-rouge-1-600x800.jpg 600w, https:\/\/voyagedelabaleine.fr\/wp-content\/uploads\/2025\/02\/chaussettes-bebe-unies-rouge-1-225x300.jpg 225w, https:\/\/voyagedelabaleine.fr\/wp-content\/uploads\/2025\/02\/chaussettes-bebe-unies-rouge-1-768x1024.jpg 768w, https:\/\/voyagedelabaleine.fr\/wp-content\/uploads\/2025\/02\/chaussettes-bebe-unies-rouge-1.jpg 900w\" sizes=\"(max-width: 600px) 100vw, 600px\" \/><img decoding=\"async\" width=\"600\" height=\"800\" src=\"https:\/\/voyagedelabaleine.fr\/wp-content\/uploads\/2025\/02\/chaussettes-bebe-unies-rouges-600x800.jpg\" class=\"woo-entry-image-secondary\" alt=\"Solid Short Baby Socks &#8211; Red\" itemprop=\"image\" srcset=\"https:\/\/voyagedelabaleine.fr\/wp-content\/uploads\/2025\/02\/chaussettes-bebe-unies-rouges-600x800.jpg 600w, https:\/\/voyagedelabaleine.fr\/wp-content\/uploads\/2025\/02\/chaussettes-bebe-unies-rouges-225x300.jpg 225w, https:\/\/voyagedelabaleine.fr\/wp-content\/uploads\/2025\/02\/chaussettes-bebe-unies-rouges-768x1024.jpg 768w, https:\/\/voyagedelabaleine.fr\/wp-content\/uploads\/2025\/02\/chaussettes-bebe-unies-rouges.jpg 900w\" sizes=\"(max-width: 600px) 100vw, 600px\" \/><\/a>\t<\/div><!-- .woo-entry-image-swap -->\n\n<\/li><li class=\"title\"><h2><a href=\"https:\/\/voyagedelabaleine.fr\/en\/product\/solid-short-baby-socks-red\/\">Solid Short Baby Socks &#8211; Red<\/a><\/h2><\/li><li class=\"price-wrap\">\n\t<span class=\"price\"><span class=\"woocommerce-Price-amount amount\"><bdi>7<span class=\"woocommerce-Price-currencySymbol\">&euro;<\/span><\/bdi><\/span><\/span>\n<\/li><\/ul><\/div><!-- .product-inner .clr --><\/li>\n<\/ul>\n<\/div><\/div>\n\t\t\t\t\t\t<\/div>\n\t\t\t\t<\/div>\n\t\t<div class=\"elementor-element elementor-element-ef55000 e-con-full e-flex e-con e-parent\" data-id=\"ef55000\" data-element_type=\"container\" data-e-type=\"container\">\n\t\t\t\t<div class=\"elementor-element elementor-element-dae89c7 elementor-widget-divider--separator-type-pattern elementor-widget-divider--view-line elementor-widget elementor-widget-divider\" data-id=\"dae89c7\" data-element_type=\"widget\" data-e-type=\"widget\" data-widget_type=\"divider.default\">\n\t\t\t\t\t\t\t<div class=\"elementor-divider\" style=\"--divider-pattern-url: url(&quot;data:image\/svg+xml,%3Csvg xmlns=&#039;http:\/\/www.w3.org\/2000\/svg&#039; preserveAspectRatio=&#039;none&#039; overflow=&#039;visible&#039; height=&#039;100%&#039; viewBox=&#039;0 0 24 24&#039; fill=&#039;black&#039; stroke=&#039;none&#039;%3E%3Cpath d=&#039;M12.7,2.3c-0.4-0.4-1.1-0.4-1.5,0l-8,9.1c-0.3,0.4-0.3,0.9,0,1.2l8,9.1c0.4,0.4,1.1,0.4,1.5,0l8-9.1c0.3-0.4,0.3-0.9,0-1.2L12.7,2.3z&#039;\/%3E%3C\/svg%3E&quot;);\">\n\t\t\t<span class=\"elementor-divider-separator\">\n\t\t\t\t\t\t<\/span>\n\t\t<\/div>\n\t\t\t\t\t\t<\/div>\n\t\t\t\t<div class=\"elementor-element elementor-element-6748a4a elementor-widget elementor-widget-heading\" data-id=\"6748a4a\" data-element_type=\"widget\" data-e-type=\"widget\" data-widget_type=\"heading.default\">\n\t\t\t\t\t<h2 class=\"elementor-heading-title elementor-size-default\">Cozy pom-Poms: adorable socks<\/h2>\t\t\t\t<\/div>\n\t\t\t\t<\/div>\n\t\t<div class=\"elementor-element elementor-element-8174dab e-con-full e-flex e-con e-parent\" data-id=\"8174dab\" data-element_type=\"container\" data-e-type=\"container\">\n\t\t\t\t<div class=\"elementor-element elementor-element-a07d64b elementor-widget__width-inherit elementor-widget-mobile__width-inherit elementor-widget elementor-widget-shortcode\" data-id=\"a07d64b\" data-element_type=\"widget\" data-e-type=\"widget\" data-widget_type=\"shortcode.default\">\n\t\t\t\t\t\t\t<div class=\"elementor-shortcode\"><div class=\"woocommerce columns-4 \">\r\n<ul class=\"products oceanwp-row clr grid tablet-col tablet-2-col mobile-col mobile-2-col\">\r\n<li class=\"entry has-media has-rating col span_1_of_4 owp-content-center owp-thumbs-layout-vertical owp-btn-big owp-tabs-layout-vertical circle-sale product type-product post-27288 status-publish first instock product_cat-baby-and-child-socks-tights product_cat-baby-boy-socks-tights product_cat-baby-girl-socks-tights product_cat-boy-socks-tights product_cat-child-socks-tights product_cat-girl-socks-tights product_cat-newborn-boy-socks-tights product_cat-newborn-girl-socks-tights product_cat-newborn-socks-tights has-post-thumbnail taxable shipping-taxable purchasable product-type-variable has-default-attributes\">\n\t<div class=\"product-inner clr\">\n\t<div class=\"woo-entry-image-swap woo-entry-image clr\">\n\t\t<a href=\"https:\/\/voyagedelabaleine.fr\/en\/product\/navy-warm-cotton-knee-high-baby-socks-with-pom-poms\/\" class=\"woocommerce-LoopProduct-link\"><img decoding=\"async\" width=\"600\" height=\"800\" src=\"https:\/\/voyagedelabaleine.fr\/wp-content\/uploads\/2024\/07\/chaussettes-bebe-bleues-pompon-1-600x800.jpg\" class=\"woo-entry-image-main\" alt=\"Navy Warm Cotton Knee-High Baby Socks with Pom-Poms\" itemprop=\"image\" srcset=\"https:\/\/voyagedelabaleine.fr\/wp-content\/uploads\/2024\/07\/chaussettes-bebe-bleues-pompon-1-600x800.jpg 600w, https:\/\/voyagedelabaleine.fr\/wp-content\/uploads\/2024\/07\/chaussettes-bebe-bleues-pompon-1-225x300.jpg 225w, https:\/\/voyagedelabaleine.fr\/wp-content\/uploads\/2024\/07\/chaussettes-bebe-bleues-pompon-1-768x1024.jpg 768w, https:\/\/voyagedelabaleine.fr\/wp-content\/uploads\/2024\/07\/chaussettes-bebe-bleues-pompon-1.jpg 855w\" sizes=\"(max-width: 600px) 100vw, 600px\" \/><img decoding=\"async\" width=\"596\" height=\"794\" src=\"https:\/\/voyagedelabaleine.fr\/wp-content\/uploads\/2024\/07\/chaussettes-bebe-bleues-pompon-2.jpg\" class=\"woo-entry-image-secondary\" alt=\"Navy Warm Cotton Knee-High Baby Socks with Pom-Poms\" itemprop=\"image\" srcset=\"https:\/\/voyagedelabaleine.fr\/wp-content\/uploads\/2024\/07\/chaussettes-bebe-bleues-pompon-2.jpg 596w, https:\/\/voyagedelabaleine.fr\/wp-content\/uploads\/2024\/07\/chaussettes-bebe-bleues-pompon-2-225x300.jpg 225w\" sizes=\"(max-width: 596px) 100vw, 596px\" \/><\/a>\t<\/div><!-- .woo-entry-image-swap -->\n\n<ul class=\"woo-entry-inner clr\"><li class=\"image-wrap\">\n\t<div class=\"woo-entry-image-swap woo-entry-image clr\">\n\t\t<a href=\"https:\/\/voyagedelabaleine.fr\/en\/product\/navy-warm-cotton-knee-high-baby-socks-with-pom-poms\/\" class=\"woocommerce-LoopProduct-link\"><img decoding=\"async\" width=\"600\" height=\"800\" src=\"https:\/\/voyagedelabaleine.fr\/wp-content\/uploads\/2024\/07\/chaussettes-bebe-bleues-pompon-1-600x800.jpg\" class=\"woo-entry-image-main\" alt=\"Navy Warm Cotton Knee-High Baby Socks with Pom-Poms\" itemprop=\"image\" srcset=\"https:\/\/voyagedelabaleine.fr\/wp-content\/uploads\/2024\/07\/chaussettes-bebe-bleues-pompon-1-600x800.jpg 600w, https:\/\/voyagedelabaleine.fr\/wp-content\/uploads\/2024\/07\/chaussettes-bebe-bleues-pompon-1-225x300.jpg 225w, https:\/\/voyagedelabaleine.fr\/wp-content\/uploads\/2024\/07\/chaussettes-bebe-bleues-pompon-1-768x1024.jpg 768w, https:\/\/voyagedelabaleine.fr\/wp-content\/uploads\/2024\/07\/chaussettes-bebe-bleues-pompon-1.jpg 855w\" sizes=\"(max-width: 600px) 100vw, 600px\" \/><img decoding=\"async\" width=\"596\" height=\"794\" src=\"https:\/\/voyagedelabaleine.fr\/wp-content\/uploads\/2024\/07\/chaussettes-bebe-bleues-pompon-2.jpg\" class=\"woo-entry-image-secondary\" alt=\"Navy Warm Cotton Knee-High Baby Socks with Pom-Poms\" itemprop=\"image\" srcset=\"https:\/\/voyagedelabaleine.fr\/wp-content\/uploads\/2024\/07\/chaussettes-bebe-bleues-pompon-2.jpg 596w, https:\/\/voyagedelabaleine.fr\/wp-content\/uploads\/2024\/07\/chaussettes-bebe-bleues-pompon-2-225x300.jpg 225w\" sizes=\"(max-width: 596px) 100vw, 596px\" \/><\/a>\t<\/div><!-- .woo-entry-image-swap -->\n\n<\/li><li class=\"title\"><h2><a href=\"https:\/\/voyagedelabaleine.fr\/en\/product\/navy-warm-cotton-knee-high-baby-socks-with-pom-poms\/\">Navy Warm Cotton Knee-High Baby Socks with Pom-Poms<\/a><\/h2><\/li><li class=\"price-wrap\">\n\t<span class=\"price\"><span class=\"woocommerce-Price-amount amount\"><bdi>13<span class=\"woocommerce-Price-currencySymbol\">&euro;<\/span><\/bdi><\/span><\/span>\n<\/li><\/ul><\/div><!-- .product-inner .clr --><\/li>\n<li class=\"entry has-media has-rating col span_1_of_4 owp-content-center owp-thumbs-layout-vertical owp-btn-big owp-tabs-layout-vertical circle-sale product type-product post-27013 status-publish instock product_cat-baby-and-child-socks-tights product_cat-baby-boy-socks-tights product_cat-baby-girl-socks-tights product_cat-newborn-boy-socks-tights product_cat-newborn-girl-socks-tights product_cat-newborn-socks-tights product_tag-socks has-post-thumbnail taxable shipping-taxable purchasable product-type-variable has-default-attributes\">\n\t<div class=\"product-inner clr\">\n\t<div class=\"woo-entry-image-swap woo-entry-image clr\">\n\t\t<a href=\"https:\/\/voyagedelabaleine.fr\/en\/product\/warm-cotton-knee-high-baby-socks-with-pom-poms-brown\/\" class=\"woocommerce-LoopProduct-link\"><img decoding=\"async\" width=\"600\" height=\"800\" src=\"https:\/\/voyagedelabaleine.fr\/wp-content\/uploads\/2023\/10\/chaussettes-bebe-marrons-pompon-1-600x800.jpg\" class=\"woo-entry-image-main\" alt=\"Warm Cotton Knee-High Baby Socks with Pom-Poms &#8211; Brown\" itemprop=\"image\" srcset=\"https:\/\/voyagedelabaleine.fr\/wp-content\/uploads\/2023\/10\/chaussettes-bebe-marrons-pompon-1-600x800.jpg 600w, https:\/\/voyagedelabaleine.fr\/wp-content\/uploads\/2023\/10\/chaussettes-bebe-marrons-pompon-1-225x300.jpg 225w, https:\/\/voyagedelabaleine.fr\/wp-content\/uploads\/2023\/10\/chaussettes-bebe-marrons-pompon-1-768x1024.jpg 768w, https:\/\/voyagedelabaleine.fr\/wp-content\/uploads\/2023\/10\/chaussettes-bebe-marrons-pompon-1.jpg 855w\" sizes=\"(max-width: 600px) 100vw, 600px\" \/><img decoding=\"async\" width=\"592\" height=\"789\" src=\"https:\/\/voyagedelabaleine.fr\/wp-content\/uploads\/2023\/10\/chaussettes-bebe-marrons-pompon-2.jpg\" class=\"woo-entry-image-secondary\" alt=\"Warm Cotton Knee-High Baby Socks with Pom-Poms &#8211; Brown\" itemprop=\"image\" srcset=\"https:\/\/voyagedelabaleine.fr\/wp-content\/uploads\/2023\/10\/chaussettes-bebe-marrons-pompon-2.jpg 592w, https:\/\/voyagedelabaleine.fr\/wp-content\/uploads\/2023\/10\/chaussettes-bebe-marrons-pompon-2-225x300.jpg 225w\" sizes=\"(max-width: 592px) 100vw, 592px\" \/><\/a>\t<\/div><!-- .woo-entry-image-swap -->\n\n<ul class=\"woo-entry-inner clr\"><li class=\"image-wrap\">\n\t<div class=\"woo-entry-image-swap woo-entry-image clr\">\n\t\t<a href=\"https:\/\/voyagedelabaleine.fr\/en\/product\/warm-cotton-knee-high-baby-socks-with-pom-poms-brown\/\" class=\"woocommerce-LoopProduct-link\"><img decoding=\"async\" width=\"600\" height=\"800\" src=\"https:\/\/voyagedelabaleine.fr\/wp-content\/uploads\/2023\/10\/chaussettes-bebe-marrons-pompon-1-600x800.jpg\" class=\"woo-entry-image-main\" alt=\"Warm Cotton Knee-High Baby Socks with Pom-Poms &#8211; Brown\" itemprop=\"image\" srcset=\"https:\/\/voyagedelabaleine.fr\/wp-content\/uploads\/2023\/10\/chaussettes-bebe-marrons-pompon-1-600x800.jpg 600w, https:\/\/voyagedelabaleine.fr\/wp-content\/uploads\/2023\/10\/chaussettes-bebe-marrons-pompon-1-225x300.jpg 225w, https:\/\/voyagedelabaleine.fr\/wp-content\/uploads\/2023\/10\/chaussettes-bebe-marrons-pompon-1-768x1024.jpg 768w, https:\/\/voyagedelabaleine.fr\/wp-content\/uploads\/2023\/10\/chaussettes-bebe-marrons-pompon-1.jpg 855w\" sizes=\"(max-width: 600px) 100vw, 600px\" \/><img decoding=\"async\" width=\"592\" height=\"789\" src=\"https:\/\/voyagedelabaleine.fr\/wp-content\/uploads\/2023\/10\/chaussettes-bebe-marrons-pompon-2.jpg\" class=\"woo-entry-image-secondary\" alt=\"Warm Cotton Knee-High Baby Socks with Pom-Poms &#8211; Brown\" itemprop=\"image\" srcset=\"https:\/\/voyagedelabaleine.fr\/wp-content\/uploads\/2023\/10\/chaussettes-bebe-marrons-pompon-2.jpg 592w, https:\/\/voyagedelabaleine.fr\/wp-content\/uploads\/2023\/10\/chaussettes-bebe-marrons-pompon-2-225x300.jpg 225w\" sizes=\"(max-width: 592px) 100vw, 592px\" \/><\/a>\t<\/div><!-- .woo-entry-image-swap -->\n\n<\/li><li class=\"title\"><h2><a href=\"https:\/\/voyagedelabaleine.fr\/en\/product\/warm-cotton-knee-high-baby-socks-with-pom-poms-brown\/\">Warm Cotton Knee-High Baby Socks with Pom-Poms &#8211; Brown<\/a><\/h2><\/li><li class=\"price-wrap\">\n\t<span class=\"price\"><span class=\"woocommerce-Price-amount amount\"><bdi>13<span class=\"woocommerce-Price-currencySymbol\">&euro;<\/span><\/bdi><\/span><\/span>\n<\/li><\/ul><\/div><!-- .product-inner .clr --><\/li>\n<li class=\"entry has-media has-rating col span_1_of_4 owp-content-center owp-thumbs-layout-vertical owp-btn-big owp-tabs-layout-vertical circle-sale product type-product post-27021 status-publish instock product_cat-baby-and-child-socks-tights product_cat-baby-boy-socks-tights product_cat-baby-girl-socks-tights product_cat-boy-socks-tights product_cat-child-socks-tights product_cat-girl-socks-tights product_cat-newborn-boy-socks-tights product_cat-newborn-girl-socks-tights product_cat-newborn-socks-tights product_tag-socks has-post-thumbnail featured taxable shipping-taxable purchasable product-type-variable has-default-attributes\">\n\t<div class=\"product-inner clr\">\n\t<div class=\"woo-entry-image-swap woo-entry-image clr\">\n\t\t<a href=\"https:\/\/voyagedelabaleine.fr\/en\/product\/maroon-warm-cotton-knee-high-baby-socks-with-pom-poms\/\" class=\"woocommerce-LoopProduct-link\"><img decoding=\"async\" width=\"600\" height=\"800\" src=\"https:\/\/voyagedelabaleine.fr\/wp-content\/uploads\/2023\/10\/chaussettes-bebe-bordeaux-pompon-1-600x800.jpg\" class=\"woo-entry-image-main\" alt=\"Maroon Warm Cotton Knee-High Baby Socks with Pom-Poms\" itemprop=\"image\" srcset=\"https:\/\/voyagedelabaleine.fr\/wp-content\/uploads\/2023\/10\/chaussettes-bebe-bordeaux-pompon-1-600x800.jpg 600w, https:\/\/voyagedelabaleine.fr\/wp-content\/uploads\/2023\/10\/chaussettes-bebe-bordeaux-pompon-1-225x300.jpg 225w, https:\/\/voyagedelabaleine.fr\/wp-content\/uploads\/2023\/10\/chaussettes-bebe-bordeaux-pompon-1-768x1024.jpg 768w, https:\/\/voyagedelabaleine.fr\/wp-content\/uploads\/2023\/10\/chaussettes-bebe-bordeaux-pompon-1.jpg 855w\" sizes=\"(max-width: 600px) 100vw, 600px\" \/><img decoding=\"async\" width=\"570\" height=\"761\" src=\"https:\/\/voyagedelabaleine.fr\/wp-content\/uploads\/2023\/10\/chaussettes-bebe-bordeaux-pompon-2.jpg\" class=\"woo-entry-image-secondary\" alt=\"Maroon Warm Cotton Knee-High Baby Socks with Pom-Poms\" itemprop=\"image\" srcset=\"https:\/\/voyagedelabaleine.fr\/wp-content\/uploads\/2023\/10\/chaussettes-bebe-bordeaux-pompon-2.jpg 570w, https:\/\/voyagedelabaleine.fr\/wp-content\/uploads\/2023\/10\/chaussettes-bebe-bordeaux-pompon-2-225x300.jpg 225w\" sizes=\"(max-width: 570px) 100vw, 570px\" \/><\/a>\t<\/div><!-- .woo-entry-image-swap -->\n\n<ul class=\"woo-entry-inner clr\"><li class=\"image-wrap\">\n\t<div class=\"woo-entry-image-swap woo-entry-image clr\">\n\t\t<a href=\"https:\/\/voyagedelabaleine.fr\/en\/product\/maroon-warm-cotton-knee-high-baby-socks-with-pom-poms\/\" class=\"woocommerce-LoopProduct-link\"><img decoding=\"async\" width=\"600\" height=\"800\" src=\"https:\/\/voyagedelabaleine.fr\/wp-content\/uploads\/2023\/10\/chaussettes-bebe-bordeaux-pompon-1-600x800.jpg\" class=\"woo-entry-image-main\" alt=\"Maroon Warm Cotton Knee-High Baby Socks with Pom-Poms\" itemprop=\"image\" srcset=\"https:\/\/voyagedelabaleine.fr\/wp-content\/uploads\/2023\/10\/chaussettes-bebe-bordeaux-pompon-1-600x800.jpg 600w, https:\/\/voyagedelabaleine.fr\/wp-content\/uploads\/2023\/10\/chaussettes-bebe-bordeaux-pompon-1-225x300.jpg 225w, https:\/\/voyagedelabaleine.fr\/wp-content\/uploads\/2023\/10\/chaussettes-bebe-bordeaux-pompon-1-768x1024.jpg 768w, https:\/\/voyagedelabaleine.fr\/wp-content\/uploads\/2023\/10\/chaussettes-bebe-bordeaux-pompon-1.jpg 855w\" sizes=\"(max-width: 600px) 100vw, 600px\" \/><img decoding=\"async\" width=\"570\" height=\"761\" src=\"https:\/\/voyagedelabaleine.fr\/wp-content\/uploads\/2023\/10\/chaussettes-bebe-bordeaux-pompon-2.jpg\" class=\"woo-entry-image-secondary\" alt=\"Maroon Warm Cotton Knee-High Baby Socks with Pom-Poms\" itemprop=\"image\" srcset=\"https:\/\/voyagedelabaleine.fr\/wp-content\/uploads\/2023\/10\/chaussettes-bebe-bordeaux-pompon-2.jpg 570w, https:\/\/voyagedelabaleine.fr\/wp-content\/uploads\/2023\/10\/chaussettes-bebe-bordeaux-pompon-2-225x300.jpg 225w\" sizes=\"(max-width: 570px) 100vw, 570px\" \/><\/a>\t<\/div><!-- .woo-entry-image-swap -->\n\n<\/li><li class=\"title\"><h2><a href=\"https:\/\/voyagedelabaleine.fr\/en\/product\/maroon-warm-cotton-knee-high-baby-socks-with-pom-poms\/\">Maroon Warm Cotton Knee-High Baby Socks with Pom-Poms<\/a><\/h2><\/li><li class=\"price-wrap\">\n\t<span class=\"price\"><span class=\"woocommerce-Price-amount amount\"><bdi>13<span class=\"woocommerce-Price-currencySymbol\">&euro;<\/span><\/bdi><\/span><\/span>\n<\/li><\/ul><\/div><!-- .product-inner .clr --><\/li>\n<li class=\"entry has-media has-rating col span_1_of_4 owp-content-center owp-thumbs-layout-vertical owp-btn-big owp-tabs-layout-vertical circle-sale product type-product post-27004 status-publish last instock product_cat-baby-and-child-socks-tights product_cat-baby-boy-socks-tights product_cat-baby-girl-socks-tights product_cat-boy-socks-tights product_cat-child-socks-tights product_cat-girl-socks-tights product_cat-newborn-boy-socks-tights product_cat-newborn-girl-socks-tights product_cat-newborn-socks-tights product_tag-socks has-post-thumbnail taxable shipping-taxable purchasable product-type-variable has-default-attributes\">\n\t<div class=\"product-inner clr\">\n\t<div class=\"woo-entry-image-swap woo-entry-image clr\">\n\t\t<a href=\"https:\/\/voyagedelabaleine.fr\/en\/product\/green-warm-cotton-high-baby-socks-with-pom-poms\/\" class=\"woocommerce-LoopProduct-link\"><img decoding=\"async\" width=\"600\" height=\"800\" src=\"https:\/\/voyagedelabaleine.fr\/wp-content\/uploads\/2024\/07\/chaussettes-bebe-vert-pompon-3-600x800.jpg\" class=\"woo-entry-image-main\" alt=\"Green Warm Cotton High Baby Socks with Pom-Poms\" itemprop=\"image\" srcset=\"https:\/\/voyagedelabaleine.fr\/wp-content\/uploads\/2024\/07\/chaussettes-bebe-vert-pompon-3-600x800.jpg 600w, https:\/\/voyagedelabaleine.fr\/wp-content\/uploads\/2024\/07\/chaussettes-bebe-vert-pompon-3-225x300.jpg 225w, https:\/\/voyagedelabaleine.fr\/wp-content\/uploads\/2024\/07\/chaussettes-bebe-vert-pompon-3-768x1024.jpg 768w, https:\/\/voyagedelabaleine.fr\/wp-content\/uploads\/2024\/07\/chaussettes-bebe-vert-pompon-3.jpg 855w\" sizes=\"(max-width: 600px) 100vw, 600px\" \/><img decoding=\"async\" width=\"590\" height=\"787\" src=\"https:\/\/voyagedelabaleine.fr\/wp-content\/uploads\/2023\/10\/chaussettes-bebe-vert-pompon-2.jpg\" class=\"woo-entry-image-secondary\" alt=\"Green Warm Cotton High Baby Socks with Pom-Poms\" itemprop=\"image\" srcset=\"https:\/\/voyagedelabaleine.fr\/wp-content\/uploads\/2023\/10\/chaussettes-bebe-vert-pompon-2.jpg 590w, https:\/\/voyagedelabaleine.fr\/wp-content\/uploads\/2023\/10\/chaussettes-bebe-vert-pompon-2-225x300.jpg 225w\" sizes=\"(max-width: 590px) 100vw, 590px\" \/><\/a>\t<\/div><!-- .woo-entry-image-swap -->\n\n<ul class=\"woo-entry-inner clr\"><li class=\"image-wrap\">\n\t<div class=\"woo-entry-image-swap woo-entry-image clr\">\n\t\t<a href=\"https:\/\/voyagedelabaleine.fr\/en\/product\/green-warm-cotton-high-baby-socks-with-pom-poms\/\" class=\"woocommerce-LoopProduct-link\"><img decoding=\"async\" width=\"600\" height=\"800\" src=\"https:\/\/voyagedelabaleine.fr\/wp-content\/uploads\/2024\/07\/chaussettes-bebe-vert-pompon-3-600x800.jpg\" class=\"woo-entry-image-main\" alt=\"Green Warm Cotton High Baby Socks with Pom-Poms\" itemprop=\"image\" srcset=\"https:\/\/voyagedelabaleine.fr\/wp-content\/uploads\/2024\/07\/chaussettes-bebe-vert-pompon-3-600x800.jpg 600w, https:\/\/voyagedelabaleine.fr\/wp-content\/uploads\/2024\/07\/chaussettes-bebe-vert-pompon-3-225x300.jpg 225w, https:\/\/voyagedelabaleine.fr\/wp-content\/uploads\/2024\/07\/chaussettes-bebe-vert-pompon-3-768x1024.jpg 768w, https:\/\/voyagedelabaleine.fr\/wp-content\/uploads\/2024\/07\/chaussettes-bebe-vert-pompon-3.jpg 855w\" sizes=\"(max-width: 600px) 100vw, 600px\" \/><img decoding=\"async\" width=\"590\" height=\"787\" src=\"https:\/\/voyagedelabaleine.fr\/wp-content\/uploads\/2023\/10\/chaussettes-bebe-vert-pompon-2.jpg\" class=\"woo-entry-image-secondary\" alt=\"Green Warm Cotton High Baby Socks with Pom-Poms\" itemprop=\"image\" srcset=\"https:\/\/voyagedelabaleine.fr\/wp-content\/uploads\/2023\/10\/chaussettes-bebe-vert-pompon-2.jpg 590w, https:\/\/voyagedelabaleine.fr\/wp-content\/uploads\/2023\/10\/chaussettes-bebe-vert-pompon-2-225x300.jpg 225w\" sizes=\"(max-width: 590px) 100vw, 590px\" \/><\/a>\t<\/div><!-- .woo-entry-image-swap -->\n\n<\/li><li class=\"title\"><h2><a href=\"https:\/\/voyagedelabaleine.fr\/en\/product\/green-warm-cotton-high-baby-socks-with-pom-poms\/\">Green Warm Cotton High Baby Socks with Pom-Poms<\/a><\/h2><\/li><li class=\"price-wrap\">\n\t<span class=\"price\"><span class=\"woocommerce-Price-amount amount\"><bdi>13<span class=\"woocommerce-Price-currencySymbol\">&euro;<\/span><\/bdi><\/span><\/span>\n<\/li><\/ul><\/div><!-- .product-inner .clr --><\/li>\n<\/ul>\n<\/div><\/div>\n\t\t\t\t\t\t<\/div>\n\t\t\t\t<\/div>\n\t\t<div class=\"elementor-element elementor-element-ee1561a e-con-full e-flex e-con e-parent\" data-id=\"ee1561a\" data-element_type=\"container\" data-e-type=\"container\">\n\t\t\t\t<div class=\"elementor-element elementor-element-3108173 elementor-widget-divider--separator-type-pattern elementor-widget-divider--view-line elementor-widget elementor-widget-divider\" data-id=\"3108173\" data-element_type=\"widget\" data-e-type=\"widget\" data-widget_type=\"divider.default\">\n\t\t\t\t\t\t\t<div class=\"elementor-divider\" style=\"--divider-pattern-url: url(&quot;data:image\/svg+xml,%3Csvg xmlns=&#039;http:\/\/www.w3.org\/2000\/svg&#039; preserveAspectRatio=&#039;none&#039; overflow=&#039;visible&#039; height=&#039;100%&#039; viewBox=&#039;0 0 24 24&#039; fill=&#039;black&#039; stroke=&#039;none&#039;%3E%3Cpath d=&#039;M12.7,2.3c-0.4-0.4-1.1-0.4-1.5,0l-8,9.1c-0.3,0.4-0.3,0.9,0,1.2l8,9.1c0.4,0.4,1.1,0.4,1.5,0l8-9.1c0.3-0.4,0.3-0.9,0-1.2L12.7,2.3z&#039;\/%3E%3C\/svg%3E&quot;);\">\n\t\t\t<span class=\"elementor-divider-separator\">\n\t\t\t\t\t\t<\/span>\n\t\t<\/div>\n\t\t\t\t\t\t<\/div>\n\t\t\t\t<div class=\"elementor-element elementor-element-f019205 elementor-widget elementor-widget-heading\" data-id=\"f019205\" data-element_type=\"widget\" data-e-type=\"widget\" data-widget_type=\"heading.default\">\n\t\t\t\t\t<h2 class=\"elementor-heading-title elementor-size-default\">His first Christmas: memories and celebration<\/h2>\t\t\t\t<\/div>\n\t\t\t\t<\/div>\n\t\t<div class=\"elementor-element elementor-element-69a68ca e-con-full e-flex e-con e-parent\" data-id=\"69a68ca\" data-element_type=\"container\" data-e-type=\"container\">\n\t\t\t\t<div class=\"elementor-element elementor-element-cd1f168 elementor-widget elementor-widget-image\" data-id=\"cd1f168\" data-element_type=\"widget\" data-e-type=\"widget\" data-widget_type=\"image.default\">\n\t\t\t\t\t\t\t\t\t\t\t\t\t\t\t\t<a href=\"https:\/\/voyagedelabaleine.fr\/produit\/barboteuse-petits-carreaux\/\">\n\t\t\t\t\t\t\t<img decoding=\"async\" width=\"768\" height=\"1024\" src=\"https:\/\/voyagedelabaleine.fr\/wp-content\/uploads\/2025\/02\/barboteuse-tartan-bordeaux-768x1024.jpg\" class=\"attachment-medium_large size-medium_large wp-image-22613\" alt=\"Warm baby romper with small burgundy tartan checks worn by a baby\" srcset=\"https:\/\/voyagedelabaleine.fr\/wp-content\/uploads\/2025\/02\/barboteuse-tartan-bordeaux-768x1024.jpg 768w, https:\/\/voyagedelabaleine.fr\/wp-content\/uploads\/2025\/02\/barboteuse-tartan-bordeaux-225x300.jpg 225w, https:\/\/voyagedelabaleine.fr\/wp-content\/uploads\/2025\/02\/barboteuse-tartan-bordeaux-600x800.jpg 600w, https:\/\/voyagedelabaleine.fr\/wp-content\/uploads\/2025\/02\/barboteuse-tartan-bordeaux.jpg 1100w\" sizes=\"(max-width: 768px) 100vw, 768px\" \/>\t\t\t\t\t\t\t\t<\/a>\n\t\t\t\t\t\t\t\t\t\t\t\t\t\t\t<\/div>\n\t\t\t\t<\/div>\n\t\t<div class=\"elementor-element elementor-element-82d8343 e-con-full e-flex e-con e-parent\" data-id=\"82d8343\" data-element_type=\"container\" data-e-type=\"container\">\n\t\t\t\t<div class=\"elementor-element elementor-element-3f536bc elementor-widget__width-inherit elementor-widget-mobile__width-inherit elementor-widget elementor-widget-shortcode\" data-id=\"3f536bc\" data-element_type=\"widget\" data-e-type=\"widget\" data-widget_type=\"shortcode.default\">\n\t\t\t\t\t\t\t<div class=\"elementor-shortcode\"><div class=\"woocommerce columns-3 \">\r\n<ul class=\"products oceanwp-row clr grid tablet-col tablet-2-col mobile-col mobile-2-col\">\r\n<li class=\"entry has-media col span_1_of_3 owp-content-center owp-thumbs-layout-vertical owp-btn-big owp-tabs-layout-vertical circle-sale product type-product post-25587 status-publish first instock product_cat-baby-accessories product_cat-baby-boy-accessories product_cat-baby-girl-accessories product_cat-newborn-accessories product_cat-newborn-boy-accessories product_cat-newborn-girl-accessories has-post-thumbnail taxable shipping-taxable purchasable product-type-variable has-default-attributes\">\n\t<div class=\"product-inner clr\">\n\t<div class=\"woo-entry-image-swap woo-entry-image clr\">\n\t\t<a href=\"https:\/\/voyagedelabaleine.fr\/en\/product\/baby-bonnet-burgundy\/\" class=\"woocommerce-LoopProduct-link\"><img decoding=\"async\" width=\"600\" height=\"800\" src=\"https:\/\/voyagedelabaleine.fr\/wp-content\/uploads\/2025\/07\/beguin-bebe-bordeaux-600x800.jpg\" class=\"woo-entry-image-main\" alt=\"Baby Bonnet &#8211; Burgundy\" itemprop=\"image\" srcset=\"https:\/\/voyagedelabaleine.fr\/wp-content\/uploads\/2025\/07\/beguin-bebe-bordeaux-600x799.jpg 600w, https:\/\/voyagedelabaleine.fr\/wp-content\/uploads\/2025\/07\/beguin-bebe-bordeaux-225x300.jpg 225w, https:\/\/voyagedelabaleine.fr\/wp-content\/uploads\/2025\/07\/beguin-bebe-bordeaux.jpg 713w\" sizes=\"(max-width: 600px) 100vw, 600px\" \/><img decoding=\"async\" width=\"528\" height=\"705\" src=\"https:\/\/voyagedelabaleine.fr\/wp-content\/uploads\/2025\/07\/beguin-bebe-bordeaux-1.jpg\" class=\"woo-entry-image-secondary\" alt=\"Baby Bonnet &#8211; Burgundy\" itemprop=\"image\" srcset=\"https:\/\/voyagedelabaleine.fr\/wp-content\/uploads\/2025\/07\/beguin-bebe-bordeaux-1.jpg 528w, https:\/\/voyagedelabaleine.fr\/wp-content\/uploads\/2025\/07\/beguin-bebe-bordeaux-1-225x300.jpg 225w\" sizes=\"(max-width: 528px) 100vw, 528px\" \/><\/a>\t<\/div><!-- .woo-entry-image-swap -->\n\n<ul class=\"woo-entry-inner clr\"><li class=\"image-wrap\">\n\t<div class=\"woo-entry-image-swap woo-entry-image clr\">\n\t\t<a href=\"https:\/\/voyagedelabaleine.fr\/en\/product\/baby-bonnet-burgundy\/\" class=\"woocommerce-LoopProduct-link\"><img decoding=\"async\" width=\"600\" height=\"800\" src=\"https:\/\/voyagedelabaleine.fr\/wp-content\/uploads\/2025\/07\/beguin-bebe-bordeaux-600x800.jpg\" class=\"woo-entry-image-main\" alt=\"Baby Bonnet &#8211; Burgundy\" itemprop=\"image\" srcset=\"https:\/\/voyagedelabaleine.fr\/wp-content\/uploads\/2025\/07\/beguin-bebe-bordeaux-600x799.jpg 600w, https:\/\/voyagedelabaleine.fr\/wp-content\/uploads\/2025\/07\/beguin-bebe-bordeaux-225x300.jpg 225w, https:\/\/voyagedelabaleine.fr\/wp-content\/uploads\/2025\/07\/beguin-bebe-bordeaux.jpg 713w\" sizes=\"(max-width: 600px) 100vw, 600px\" \/><img decoding=\"async\" width=\"528\" height=\"705\" src=\"https:\/\/voyagedelabaleine.fr\/wp-content\/uploads\/2025\/07\/beguin-bebe-bordeaux-1.jpg\" class=\"woo-entry-image-secondary\" alt=\"Baby Bonnet &#8211; Burgundy\" itemprop=\"image\" srcset=\"https:\/\/voyagedelabaleine.fr\/wp-content\/uploads\/2025\/07\/beguin-bebe-bordeaux-1.jpg 528w, https:\/\/voyagedelabaleine.fr\/wp-content\/uploads\/2025\/07\/beguin-bebe-bordeaux-1-225x300.jpg 225w\" sizes=\"(max-width: 528px) 100vw, 528px\" \/><\/a>\t<\/div><!-- .woo-entry-image-swap -->\n\n<\/li><li class=\"title\"><h2><a href=\"https:\/\/voyagedelabaleine.fr\/en\/product\/baby-bonnet-burgundy\/\">Baby Bonnet &#8211; Burgundy<\/a><\/h2><\/li><li class=\"price-wrap\">\n\t<span class=\"price\"><span class=\"woocommerce-Price-amount amount\"><bdi>24<span class=\"woocommerce-Price-currencySymbol\">&euro;<\/span><\/bdi><\/span><\/span>\n<\/li><\/ul><\/div><!-- .product-inner .clr --><\/li>\n<li class=\"entry has-media has-rating col span_1_of_3 owp-content-center owp-thumbs-layout-vertical owp-btn-big owp-tabs-layout-vertical circle-sale product type-product post-26342 status-publish instock product_cat-baby-girl-sweater-vest-cardigan product_cat-baby-sweater-vest-cardigan product_cat-chatgpt-a-dit-newborn-sweaters-cardigans-and-vests product_cat-child-sweater-vest-cardigan product_cat-clothing product_cat-girl-sweater-vest-cardigan product_cat-newborn-girl-sweaters-cardigans-knitwear has-post-thumbnail taxable shipping-taxable purchasable product-type-variable has-default-attributes\">\n\t<div class=\"product-inner clr\">\n\t<div class=\"woo-entry-image-swap woo-entry-image clr\">\n\t\t<a href=\"https:\/\/voyagedelabaleine.fr\/en\/product\/beige-baby-girls-cardigan-with-openwork-details\/\" class=\"woocommerce-LoopProduct-link\"><img decoding=\"async\" width=\"600\" height=\"800\" src=\"https:\/\/voyagedelabaleine.fr\/wp-content\/uploads\/2024\/09\/gilet-bebe-fille-beige-1-600x800.jpg\" class=\"woo-entry-image-main\" alt=\"Beige Baby Girl&#8217;s Cardigan with Openwork Details\" itemprop=\"image\" srcset=\"https:\/\/voyagedelabaleine.fr\/wp-content\/uploads\/2024\/09\/gilet-bebe-fille-beige-1-600x800.jpg 600w, https:\/\/voyagedelabaleine.fr\/wp-content\/uploads\/2024\/09\/gilet-bebe-fille-beige-1-225x300.jpg 225w, https:\/\/voyagedelabaleine.fr\/wp-content\/uploads\/2024\/09\/gilet-bebe-fille-beige-1-768x1024.jpg 768w, https:\/\/voyagedelabaleine.fr\/wp-content\/uploads\/2024\/09\/gilet-bebe-fille-beige-1-1152x1536.jpg 1152w, https:\/\/voyagedelabaleine.fr\/wp-content\/uploads\/2024\/09\/gilet-bebe-fille-beige-1.jpg 1300w\" sizes=\"(max-width: 600px) 100vw, 600px\" \/><img decoding=\"async\" width=\"600\" height=\"800\" src=\"https:\/\/voyagedelabaleine.fr\/wp-content\/uploads\/2024\/09\/gilet-bebe-fille-beige-3-600x800.jpg\" class=\"woo-entry-image-secondary\" alt=\"Beige Baby Girl&#8217;s Cardigan with Openwork Details\" itemprop=\"image\" srcset=\"https:\/\/voyagedelabaleine.fr\/wp-content\/uploads\/2024\/09\/gilet-bebe-fille-beige-3-600x800.jpg 600w, https:\/\/voyagedelabaleine.fr\/wp-content\/uploads\/2024\/09\/gilet-bebe-fille-beige-3-225x300.jpg 225w, https:\/\/voyagedelabaleine.fr\/wp-content\/uploads\/2024\/09\/gilet-bebe-fille-beige-3-768x1024.jpg 768w, https:\/\/voyagedelabaleine.fr\/wp-content\/uploads\/2024\/09\/gilet-bebe-fille-beige-3.jpg 1036w\" sizes=\"(max-width: 600px) 100vw, 600px\" \/><\/a>\t<\/div><!-- .woo-entry-image-swap -->\n\n<ul class=\"woo-entry-inner clr\"><li class=\"image-wrap\">\n\t<div class=\"woo-entry-image-swap woo-entry-image clr\">\n\t\t<a href=\"https:\/\/voyagedelabaleine.fr\/en\/product\/beige-baby-girls-cardigan-with-openwork-details\/\" class=\"woocommerce-LoopProduct-link\"><img decoding=\"async\" width=\"600\" height=\"800\" src=\"https:\/\/voyagedelabaleine.fr\/wp-content\/uploads\/2024\/09\/gilet-bebe-fille-beige-1-600x800.jpg\" class=\"woo-entry-image-main\" alt=\"Beige Baby Girl&#8217;s Cardigan with Openwork Details\" itemprop=\"image\" srcset=\"https:\/\/voyagedelabaleine.fr\/wp-content\/uploads\/2024\/09\/gilet-bebe-fille-beige-1-600x800.jpg 600w, https:\/\/voyagedelabaleine.fr\/wp-content\/uploads\/2024\/09\/gilet-bebe-fille-beige-1-225x300.jpg 225w, https:\/\/voyagedelabaleine.fr\/wp-content\/uploads\/2024\/09\/gilet-bebe-fille-beige-1-768x1024.jpg 768w, https:\/\/voyagedelabaleine.fr\/wp-content\/uploads\/2024\/09\/gilet-bebe-fille-beige-1-1152x1536.jpg 1152w, https:\/\/voyagedelabaleine.fr\/wp-content\/uploads\/2024\/09\/gilet-bebe-fille-beige-1.jpg 1300w\" sizes=\"(max-width: 600px) 100vw, 600px\" \/><img decoding=\"async\" width=\"600\" height=\"800\" src=\"https:\/\/voyagedelabaleine.fr\/wp-content\/uploads\/2024\/09\/gilet-bebe-fille-beige-3-600x800.jpg\" class=\"woo-entry-image-secondary\" alt=\"Beige Baby Girl&#8217;s Cardigan with Openwork Details\" itemprop=\"image\" srcset=\"https:\/\/voyagedelabaleine.fr\/wp-content\/uploads\/2024\/09\/gilet-bebe-fille-beige-3-600x800.jpg 600w, https:\/\/voyagedelabaleine.fr\/wp-content\/uploads\/2024\/09\/gilet-bebe-fille-beige-3-225x300.jpg 225w, https:\/\/voyagedelabaleine.fr\/wp-content\/uploads\/2024\/09\/gilet-bebe-fille-beige-3-768x1024.jpg 768w, https:\/\/voyagedelabaleine.fr\/wp-content\/uploads\/2024\/09\/gilet-bebe-fille-beige-3.jpg 1036w\" sizes=\"(max-width: 600px) 100vw, 600px\" \/><\/a>\t<\/div><!-- .woo-entry-image-swap -->\n\n<\/li><li class=\"title\"><h2><a href=\"https:\/\/voyagedelabaleine.fr\/en\/product\/beige-baby-girls-cardigan-with-openwork-details\/\">Beige Baby Girl&#8217;s Cardigan with Openwork Details<\/a><\/h2><\/li><li class=\"price-wrap\">\n\t<span class=\"price\"><span class=\"woocommerce-Price-amount amount\"><bdi>48<span class=\"woocommerce-Price-currencySymbol\">&euro;<\/span><\/bdi><\/span><\/span>\n<\/li><\/ul><\/div><!-- .product-inner .clr --><\/li>\n<li class=\"entry has-media has-rating col span_1_of_3 owp-content-center owp-thumbs-layout-vertical owp-btn-big owp-tabs-layout-vertical circle-sale product type-product post-26141 status-publish last instock product_cat-baby-boy-romper-overall product_cat-baby-girl-romper-overall product_cat-baby-romper-overall product_cat-clothing product_cat-newborn-boy-rompers-overalls product_cat-newborn-girl-rompers-overalls product_cat-newborn-rompers-and-overalls has-post-thumbnail taxable shipping-taxable purchasable product-type-variable has-default-attributes\">\n\t<div class=\"product-inner clr\">\n\t<div class=\"woo-entry-image-swap woo-entry-image clr\">\n\t\t<a href=\"https:\/\/voyagedelabaleine.fr\/en\/product\/baby-tartan-romper-burgundy\/\" class=\"woocommerce-LoopProduct-link\"><img decoding=\"async\" width=\"600\" height=\"800\" src=\"https:\/\/voyagedelabaleine.fr\/wp-content\/uploads\/2024\/10\/Capture-decran-2024-10-11-a-11.37.56-fotor-2024101111382-600x800.jpg\" class=\"woo-entry-image-main\" alt=\"Baby Tartan Romper &#8211; Burgundy\" itemprop=\"image\" srcset=\"https:\/\/voyagedelabaleine.fr\/wp-content\/uploads\/2024\/10\/Capture-decran-2024-10-11-a-11.37.56-fotor-2024101111382-600x800.jpg 600w, https:\/\/voyagedelabaleine.fr\/wp-content\/uploads\/2024\/10\/Capture-decran-2024-10-11-a-11.37.56-fotor-2024101111382-225x300.jpg 225w, https:\/\/voyagedelabaleine.fr\/wp-content\/uploads\/2024\/10\/Capture-decran-2024-10-11-a-11.37.56-fotor-2024101111382-768x1024.jpg 768w, https:\/\/voyagedelabaleine.fr\/wp-content\/uploads\/2024\/10\/Capture-decran-2024-10-11-a-11.37.56-fotor-2024101111382.jpg 864w\" sizes=\"(max-width: 600px) 100vw, 600px\" \/><img decoding=\"async\" width=\"600\" height=\"800\" src=\"https:\/\/voyagedelabaleine.fr\/wp-content\/uploads\/2024\/10\/30660-fotor-20250127145724-600x800.jpg\" class=\"woo-entry-image-secondary\" alt=\"Baby Tartan Romper &#8211; Burgundy\" itemprop=\"image\" srcset=\"https:\/\/voyagedelabaleine.fr\/wp-content\/uploads\/2024\/10\/30660-fotor-20250127145724-600x801.jpg 600w, https:\/\/voyagedelabaleine.fr\/wp-content\/uploads\/2024\/10\/30660-fotor-20250127145724-225x300.jpg 225w, https:\/\/voyagedelabaleine.fr\/wp-content\/uploads\/2024\/10\/30660-fotor-20250127145724-767x1024.jpg 767w, https:\/\/voyagedelabaleine.fr\/wp-content\/uploads\/2024\/10\/30660-fotor-20250127145724-768x1025.jpg 768w, https:\/\/voyagedelabaleine.fr\/wp-content\/uploads\/2024\/10\/30660-fotor-20250127145724.jpg 900w\" sizes=\"(max-width: 600px) 100vw, 600px\" \/><\/a>\t<\/div><!-- .woo-entry-image-swap -->\n\n<ul class=\"woo-entry-inner clr\"><li class=\"image-wrap\">\n\t<div class=\"woo-entry-image-swap woo-entry-image clr\">\n\t\t<a href=\"https:\/\/voyagedelabaleine.fr\/en\/product\/baby-tartan-romper-burgundy\/\" class=\"woocommerce-LoopProduct-link\"><img decoding=\"async\" width=\"600\" height=\"800\" src=\"https:\/\/voyagedelabaleine.fr\/wp-content\/uploads\/2024\/10\/Capture-decran-2024-10-11-a-11.37.56-fotor-2024101111382-600x800.jpg\" class=\"woo-entry-image-main\" alt=\"Baby Tartan Romper &#8211; Burgundy\" itemprop=\"image\" srcset=\"https:\/\/voyagedelabaleine.fr\/wp-content\/uploads\/2024\/10\/Capture-decran-2024-10-11-a-11.37.56-fotor-2024101111382-600x800.jpg 600w, https:\/\/voyagedelabaleine.fr\/wp-content\/uploads\/2024\/10\/Capture-decran-2024-10-11-a-11.37.56-fotor-2024101111382-225x300.jpg 225w, https:\/\/voyagedelabaleine.fr\/wp-content\/uploads\/2024\/10\/Capture-decran-2024-10-11-a-11.37.56-fotor-2024101111382-768x1024.jpg 768w, https:\/\/voyagedelabaleine.fr\/wp-content\/uploads\/2024\/10\/Capture-decran-2024-10-11-a-11.37.56-fotor-2024101111382.jpg 864w\" sizes=\"(max-width: 600px) 100vw, 600px\" \/><img decoding=\"async\" width=\"600\" height=\"800\" src=\"https:\/\/voyagedelabaleine.fr\/wp-content\/uploads\/2024\/10\/30660-fotor-20250127145724-600x800.jpg\" class=\"woo-entry-image-secondary\" alt=\"Baby Tartan Romper &#8211; Burgundy\" itemprop=\"image\" srcset=\"https:\/\/voyagedelabaleine.fr\/wp-content\/uploads\/2024\/10\/30660-fotor-20250127145724-600x801.jpg 600w, https:\/\/voyagedelabaleine.fr\/wp-content\/uploads\/2024\/10\/30660-fotor-20250127145724-225x300.jpg 225w, https:\/\/voyagedelabaleine.fr\/wp-content\/uploads\/2024\/10\/30660-fotor-20250127145724-767x1024.jpg 767w, https:\/\/voyagedelabaleine.fr\/wp-content\/uploads\/2024\/10\/30660-fotor-20250127145724-768x1025.jpg 768w, https:\/\/voyagedelabaleine.fr\/wp-content\/uploads\/2024\/10\/30660-fotor-20250127145724.jpg 900w\" sizes=\"(max-width: 600px) 100vw, 600px\" \/><\/a>\t<\/div><!-- .woo-entry-image-swap -->\n\n<\/li><li class=\"title\"><h2><a href=\"https:\/\/voyagedelabaleine.fr\/en\/product\/baby-tartan-romper-burgundy\/\">Baby Tartan Romper &#8211; Burgundy<\/a><\/h2><\/li><li class=\"price-wrap\">\n\t<span class=\"price\"><span class=\"woocommerce-Price-amount amount\"><bdi>58<span class=\"woocommerce-Price-currencySymbol\">&euro;<\/span><\/bdi><\/span><\/span>\n<\/li><\/ul><\/div><!-- .product-inner .clr --><\/li>\n<\/ul>\n<\/div><\/div>\n\t\t\t\t\t\t<\/div>\n\t\t\t\t<\/div>\n\t\t<div class=\"elementor-element elementor-element-8b45eee e-con-full e-flex e-con e-parent\" data-id=\"8b45eee\" data-element_type=\"container\" data-e-type=\"container\">\n\t\t\t\t<div class=\"elementor-element elementor-element-2fe0539 elementor-widget-divider--separator-type-pattern elementor-widget-divider--view-line elementor-widget elementor-widget-divider\" data-id=\"2fe0539\" data-element_type=\"widget\" data-e-type=\"widget\" data-widget_type=\"divider.default\">\n\t\t\t\t\t\t\t<div class=\"elementor-divider\" style=\"--divider-pattern-url: url(&quot;data:image\/svg+xml,%3Csvg xmlns=&#039;http:\/\/www.w3.org\/2000\/svg&#039; preserveAspectRatio=&#039;none&#039; overflow=&#039;visible&#039; height=&#039;100%&#039; viewBox=&#039;0 0 24 24&#039; fill=&#039;black&#039; stroke=&#039;none&#039;%3E%3Cpath d=&#039;M12.7,2.3c-0.4-0.4-1.1-0.4-1.5,0l-8,9.1c-0.3,0.4-0.3,0.9,0,1.2l8,9.1c0.4,0.4,1.1,0.4,1.5,0l8-9.1c0.3-0.4,0.3-0.9,0-1.2L12.7,2.3z&#039;\/%3E%3C\/svg%3E&quot;);\">\n\t\t\t<span class=\"elementor-divider-separator\">\n\t\t\t\t\t\t<\/span>\n\t\t<\/div>\n\t\t\t\t\t\t<\/div>\n\t\t\t\t<div class=\"elementor-element elementor-element-8765504 elementor-widget elementor-widget-heading\" data-id=\"8765504\" data-element_type=\"widget\" data-e-type=\"widget\" data-widget_type=\"heading.default\">\n\t\t\t\t\t<h2 class=\"elementor-heading-title elementor-size-default\">Little red details: character and refined Look<\/h2>\t\t\t\t<\/div>\n\t\t\t\t<\/div>\n\t\t<div class=\"elementor-element elementor-element-0aa24fb e-con-full e-flex e-con e-parent\" data-id=\"0aa24fb\" data-element_type=\"container\" data-e-type=\"container\">\n\t\t\t\t<div class=\"elementor-element elementor-element-82907bf elementor-widget__width-inherit elementor-widget-mobile__width-inherit elementor-widget elementor-widget-shortcode\" data-id=\"82907bf\" data-element_type=\"widget\" data-e-type=\"widget\" data-widget_type=\"shortcode.default\">\n\t\t\t\t\t\t\t<div class=\"elementor-shortcode\"><div class=\"woocommerce columns-2 \">\r\n<ul class=\"products oceanwp-row clr grid tablet-col tablet-2-col mobile-col mobile-2-col\">\r\n<li class=\"entry has-media has-rating col span_1_of_2 owp-content-center owp-thumbs-layout-vertical owp-btn-big owp-tabs-layout-vertical circle-sale product type-product post-26390 status-publish first instock product_cat-baby-boy-romper-overall product_cat-baby-girl-romper-overall product_cat-baby-romper-overall product_cat-clothing product_cat-newborn-boy-rompers-overalls product_cat-newborn-girl-rompers-overalls product_cat-newborn-rompers-and-overalls has-post-thumbnail taxable shipping-taxable purchasable product-type-variable has-default-attributes\">\n\t<div class=\"product-inner clr\">\n\t<div class=\"woo-entry-image-swap woo-entry-image clr\">\n\t\t<a href=\"https:\/\/voyagedelabaleine.fr\/en\/product\/elegant-baby-romper-cream\/\" class=\"woocommerce-LoopProduct-link\"><img decoding=\"async\" width=\"600\" height=\"800\" src=\"https:\/\/voyagedelabaleine.fr\/wp-content\/uploads\/2024\/09\/barboteuse-elegante-creme-600x800.jpg\" class=\"woo-entry-image-main\" alt=\"Elegant Baby Romper &#8211; Cream\" itemprop=\"image\" srcset=\"https:\/\/voyagedelabaleine.fr\/wp-content\/uploads\/2024\/09\/barboteuse-elegante-creme-600x800.jpg 600w, https:\/\/voyagedelabaleine.fr\/wp-content\/uploads\/2024\/09\/barboteuse-elegante-creme-225x300.jpg 225w, https:\/\/voyagedelabaleine.fr\/wp-content\/uploads\/2024\/09\/barboteuse-elegante-creme-768x1024.jpg 768w, https:\/\/voyagedelabaleine.fr\/wp-content\/uploads\/2024\/09\/barboteuse-elegante-creme-1152x1536.jpg 1152w, https:\/\/voyagedelabaleine.fr\/wp-content\/uploads\/2024\/09\/barboteuse-elegante-creme.jpg 1200w\" sizes=\"(max-width: 600px) 100vw, 600px\" \/><img decoding=\"async\" width=\"600\" height=\"800\" src=\"https:\/\/voyagedelabaleine.fr\/wp-content\/uploads\/2024\/09\/barboteuse-elegante-creme-1-600x800.jpg\" class=\"woo-entry-image-secondary\" alt=\"Elegant Baby Romper &#8211; Cream\" itemprop=\"image\" srcset=\"https:\/\/voyagedelabaleine.fr\/wp-content\/uploads\/2024\/09\/barboteuse-elegante-creme-1-600x799.jpg 600w, https:\/\/voyagedelabaleine.fr\/wp-content\/uploads\/2024\/09\/barboteuse-elegante-creme-1-225x300.jpg 225w, https:\/\/voyagedelabaleine.fr\/wp-content\/uploads\/2024\/09\/barboteuse-elegante-creme-1-769x1024.jpg 769w, https:\/\/voyagedelabaleine.fr\/wp-content\/uploads\/2024\/09\/barboteuse-elegante-creme-1-768x1023.jpg 768w, https:\/\/voyagedelabaleine.fr\/wp-content\/uploads\/2024\/09\/barboteuse-elegante-creme-1.jpg 900w\" sizes=\"(max-width: 600px) 100vw, 600px\" \/><\/a>\t<\/div><!-- .woo-entry-image-swap -->\n\n<ul class=\"woo-entry-inner clr\"><li class=\"image-wrap\">\n\t<div class=\"woo-entry-image-swap woo-entry-image clr\">\n\t\t<a href=\"https:\/\/voyagedelabaleine.fr\/en\/product\/elegant-baby-romper-cream\/\" class=\"woocommerce-LoopProduct-link\"><img decoding=\"async\" width=\"600\" height=\"800\" src=\"https:\/\/voyagedelabaleine.fr\/wp-content\/uploads\/2024\/09\/barboteuse-elegante-creme-600x800.jpg\" class=\"woo-entry-image-main\" alt=\"Elegant Baby Romper &#8211; Cream\" itemprop=\"image\" srcset=\"https:\/\/voyagedelabaleine.fr\/wp-content\/uploads\/2024\/09\/barboteuse-elegante-creme-600x800.jpg 600w, https:\/\/voyagedelabaleine.fr\/wp-content\/uploads\/2024\/09\/barboteuse-elegante-creme-225x300.jpg 225w, https:\/\/voyagedelabaleine.fr\/wp-content\/uploads\/2024\/09\/barboteuse-elegante-creme-768x1024.jpg 768w, https:\/\/voyagedelabaleine.fr\/wp-content\/uploads\/2024\/09\/barboteuse-elegante-creme-1152x1536.jpg 1152w, https:\/\/voyagedelabaleine.fr\/wp-content\/uploads\/2024\/09\/barboteuse-elegante-creme.jpg 1200w\" sizes=\"(max-width: 600px) 100vw, 600px\" \/><img decoding=\"async\" width=\"600\" height=\"800\" src=\"https:\/\/voyagedelabaleine.fr\/wp-content\/uploads\/2024\/09\/barboteuse-elegante-creme-1-600x800.jpg\" class=\"woo-entry-image-secondary\" alt=\"Elegant Baby Romper &#8211; Cream\" itemprop=\"image\" srcset=\"https:\/\/voyagedelabaleine.fr\/wp-content\/uploads\/2024\/09\/barboteuse-elegante-creme-1-600x799.jpg 600w, https:\/\/voyagedelabaleine.fr\/wp-content\/uploads\/2024\/09\/barboteuse-elegante-creme-1-225x300.jpg 225w, https:\/\/voyagedelabaleine.fr\/wp-content\/uploads\/2024\/09\/barboteuse-elegante-creme-1-769x1024.jpg 769w, https:\/\/voyagedelabaleine.fr\/wp-content\/uploads\/2024\/09\/barboteuse-elegante-creme-1-768x1023.jpg 768w, https:\/\/voyagedelabaleine.fr\/wp-content\/uploads\/2024\/09\/barboteuse-elegante-creme-1.jpg 900w\" sizes=\"(max-width: 600px) 100vw, 600px\" \/><\/a>\t<\/div><!-- .woo-entry-image-swap -->\n\n<\/li><li class=\"title\"><h2><a href=\"https:\/\/voyagedelabaleine.fr\/en\/product\/elegant-baby-romper-cream\/\">Elegant Baby Romper &#8211; Cream<\/a><\/h2><\/li><li class=\"price-wrap\">\n\t<span class=\"price\"><span class=\"woocommerce-Price-amount amount\"><bdi>54<span class=\"woocommerce-Price-currencySymbol\">&euro;<\/span><\/bdi><\/span><\/span>\n<\/li><\/ul><\/div><!-- .product-inner .clr --><\/li>\n<li class=\"entry has-media has-rating col span_1_of_2 owp-content-center owp-thumbs-layout-vertical owp-btn-big owp-tabs-layout-vertical circle-sale product type-product post-26654 status-publish last instock product_cat-baby-and-child-socks-tights product_cat-baby-boy-socks-tights product_cat-baby-girl-socks-tights product_cat-boy-socks-tights product_cat-child-socks-tights product_cat-girl-socks-tights product_cat-newborn-boy-socks-tights product_cat-newborn-girl-socks-tights product_cat-newborn-socks-tights has-post-thumbnail taxable shipping-taxable purchasable product-type-variable has-default-attributes\">\n\t<div class=\"product-inner clr\">\n\t<div class=\"woo-entry-image-swap woo-entry-image clr\">\n\t\t<a href=\"https:\/\/voyagedelabaleine.fr\/en\/product\/plain-baby-tights-red\/\" class=\"woocommerce-LoopProduct-link\"><img decoding=\"async\" width=\"600\" height=\"800\" src=\"https:\/\/voyagedelabaleine.fr\/wp-content\/uploads\/2024\/09\/collant-bebe-uni-rouge-1-1-600x800.jpg\" class=\"woo-entry-image-main\" alt=\"Plain Baby Tights &#8211; Red\" itemprop=\"image\" srcset=\"https:\/\/voyagedelabaleine.fr\/wp-content\/uploads\/2024\/09\/collant-bebe-uni-rouge-1-1-600x800.jpg 600w, https:\/\/voyagedelabaleine.fr\/wp-content\/uploads\/2024\/09\/collant-bebe-uni-rouge-1-1-225x300.jpg 225w, https:\/\/voyagedelabaleine.fr\/wp-content\/uploads\/2024\/09\/collant-bebe-uni-rouge-1-1-768x1024.jpg 768w, https:\/\/voyagedelabaleine.fr\/wp-content\/uploads\/2024\/09\/collant-bebe-uni-rouge-1-1.jpg 855w\" sizes=\"(max-width: 600px) 100vw, 600px\" \/><img decoding=\"async\" width=\"600\" height=\"800\" src=\"https:\/\/voyagedelabaleine.fr\/wp-content\/uploads\/2024\/09\/collant-bebe-uni-rouge-2-1-600x800.jpg\" class=\"woo-entry-image-secondary\" alt=\"Plain Baby Tights &#8211; Red\" itemprop=\"image\" srcset=\"https:\/\/voyagedelabaleine.fr\/wp-content\/uploads\/2024\/09\/collant-bebe-uni-rouge-2-1-600x800.jpg 600w, https:\/\/voyagedelabaleine.fr\/wp-content\/uploads\/2024\/09\/collant-bebe-uni-rouge-2-1-225x300.jpg 225w, https:\/\/voyagedelabaleine.fr\/wp-content\/uploads\/2024\/09\/collant-bebe-uni-rouge-2-1-768x1024.jpg 768w, https:\/\/voyagedelabaleine.fr\/wp-content\/uploads\/2024\/09\/collant-bebe-uni-rouge-2-1.jpg 855w\" sizes=\"(max-width: 600px) 100vw, 600px\" \/><\/a>\t<\/div><!-- .woo-entry-image-swap -->\n\n<ul class=\"woo-entry-inner clr\"><li class=\"image-wrap\">\n\t<div class=\"woo-entry-image-swap woo-entry-image clr\">\n\t\t<a href=\"https:\/\/voyagedelabaleine.fr\/en\/product\/plain-baby-tights-red\/\" class=\"woocommerce-LoopProduct-link\"><img decoding=\"async\" width=\"600\" height=\"800\" src=\"https:\/\/voyagedelabaleine.fr\/wp-content\/uploads\/2024\/09\/collant-bebe-uni-rouge-1-1-600x800.jpg\" class=\"woo-entry-image-main\" alt=\"Plain Baby Tights &#8211; Red\" itemprop=\"image\" srcset=\"https:\/\/voyagedelabaleine.fr\/wp-content\/uploads\/2024\/09\/collant-bebe-uni-rouge-1-1-600x800.jpg 600w, https:\/\/voyagedelabaleine.fr\/wp-content\/uploads\/2024\/09\/collant-bebe-uni-rouge-1-1-225x300.jpg 225w, https:\/\/voyagedelabaleine.fr\/wp-content\/uploads\/2024\/09\/collant-bebe-uni-rouge-1-1-768x1024.jpg 768w, https:\/\/voyagedelabaleine.fr\/wp-content\/uploads\/2024\/09\/collant-bebe-uni-rouge-1-1.jpg 855w\" sizes=\"(max-width: 600px) 100vw, 600px\" \/><img decoding=\"async\" width=\"600\" height=\"800\" src=\"https:\/\/voyagedelabaleine.fr\/wp-content\/uploads\/2024\/09\/collant-bebe-uni-rouge-2-1-600x800.jpg\" class=\"woo-entry-image-secondary\" alt=\"Plain Baby Tights &#8211; Red\" itemprop=\"image\" srcset=\"https:\/\/voyagedelabaleine.fr\/wp-content\/uploads\/2024\/09\/collant-bebe-uni-rouge-2-1-600x800.jpg 600w, https:\/\/voyagedelabaleine.fr\/wp-content\/uploads\/2024\/09\/collant-bebe-uni-rouge-2-1-225x300.jpg 225w, https:\/\/voyagedelabaleine.fr\/wp-content\/uploads\/2024\/09\/collant-bebe-uni-rouge-2-1-768x1024.jpg 768w, https:\/\/voyagedelabaleine.fr\/wp-content\/uploads\/2024\/09\/collant-bebe-uni-rouge-2-1.jpg 855w\" sizes=\"(max-width: 600px) 100vw, 600px\" \/><\/a>\t<\/div><!-- .woo-entry-image-swap -->\n\n<\/li><li class=\"title\"><h2><a href=\"https:\/\/voyagedelabaleine.fr\/en\/product\/plain-baby-tights-red\/\">Plain Baby Tights &#8211; Red<\/a><\/h2><\/li><li class=\"price-wrap\">\n\t<span class=\"price\"><span class=\"woocommerce-Price-amount amount\"><bdi>14<span class=\"woocommerce-Price-currencySymbol\">&euro;<\/span><\/bdi><\/span><\/span>\n<\/li><\/ul><\/div><!-- .product-inner .clr --><\/li>\n<\/ul>\n<\/div><\/div>\n\t\t\t\t\t\t<\/div>\n\t\t\t\t<\/div>\n\t\t<div class=\"elementor-element elementor-element-3b7db76 e-con-full e-flex e-con e-parent\" data-id=\"3b7db76\" data-element_type=\"container\" data-e-type=\"container\">\n\t\t\t\t<div class=\"elementor-element elementor-element-e66adca elementor-widget-divider--separator-type-pattern elementor-widget-divider--view-line elementor-widget elementor-widget-divider\" data-id=\"e66adca\" data-element_type=\"widget\" data-e-type=\"widget\" data-widget_type=\"divider.default\">\n\t\t\t\t\t\t\t<div class=\"elementor-divider\" style=\"--divider-pattern-url: url(&quot;data:image\/svg+xml,%3Csvg xmlns=&#039;http:\/\/www.w3.org\/2000\/svg&#039; preserveAspectRatio=&#039;none&#039; overflow=&#039;visible&#039; height=&#039;100%&#039; viewBox=&#039;0 0 24 24&#039; fill=&#039;black&#039; stroke=&#039;none&#039;%3E%3Cpath d=&#039;M12.7,2.3c-0.4-0.4-1.1-0.4-1.5,0l-8,9.1c-0.3,0.4-0.3,0.9,0,1.2l8,9.1c0.4,0.4,1.1,0.4,1.5,0l8-9.1c0.3-0.4,0.3-0.9,0-1.2L12.7,2.3z&#039;\/%3E%3C\/svg%3E&quot;);\">\n\t\t\t<span class=\"elementor-divider-separator\">\n\t\t\t\t\t\t<\/span>\n\t\t<\/div>\n\t\t\t\t\t\t<\/div>\n\t\t\t\t<div class=\"elementor-element elementor-element-4514013 elementor-widget elementor-widget-heading\" data-id=\"4514013\" data-element_type=\"widget\" data-e-type=\"widget\" data-widget_type=\"heading.default\">\n\t\t\t\t\t<h2 class=\"elementor-heading-title elementor-size-default\">Bodysuits: holiday essentials<\/h2>\t\t\t\t<\/div>\n\t\t\t\t<\/div>\n\t\t<div class=\"elementor-element elementor-element-9925c5a e-con-full e-flex e-con e-parent\" data-id=\"9925c5a\" data-element_type=\"container\" data-e-type=\"container\">\n\t\t\t\t<div class=\"elementor-element elementor-element-f7b1db4 elementor-widget__width-inherit elementor-widget-mobile__width-inherit elementor-widget elementor-widget-shortcode\" data-id=\"f7b1db4\" data-element_type=\"widget\" data-e-type=\"widget\" data-widget_type=\"shortcode.default\">\n\t\t\t\t\t\t\t<div class=\"elementor-shortcode\"><div class=\"woocommerce columns-4 \">\r\n<ul class=\"products oceanwp-row clr grid tablet-col tablet-2-col mobile-col mobile-2-col\">\r\n<li class=\"entry has-media col span_1_of_4 owp-content-center owp-thumbs-layout-vertical owp-btn-big owp-tabs-layout-vertical circle-sale product type-product post-26312 status-publish first instock product_cat-baby-bodysuit product_cat-baby-boy-bodysuit product_cat-baby-girl-bodysuit product_cat-bodysuit product_cat-newborn-bodysuit product_cat-newborn-boy-bodysuits product_cat-newborn-girl-bodysuits has-post-thumbnail taxable shipping-taxable purchasable product-type-variable has-default-attributes\">\n\t<div class=\"product-inner clr\">\n\t<div class=\"woo-entry-image-swap woo-entry-image clr\">\n\t\t<a href=\"https:\/\/voyagedelabaleine.fr\/en\/product\/white-long-sleeved-baby-bodysuit-with-grey-embroidered-round-collar\/\" class=\"woocommerce-LoopProduct-link\"><img decoding=\"async\" width=\"600\" height=\"800\" src=\"https:\/\/voyagedelabaleine.fr\/wp-content\/uploads\/2024\/09\/body-bebe-brode-gris-600x800.jpg\" class=\"woo-entry-image-main\" alt=\"White Long-Sleeved Baby Bodysuit with Grey Embroidered Round Collar\" itemprop=\"image\" srcset=\"https:\/\/voyagedelabaleine.fr\/wp-content\/uploads\/2024\/09\/body-bebe-brode-gris-600x800.jpg 600w, https:\/\/voyagedelabaleine.fr\/wp-content\/uploads\/2024\/09\/body-bebe-brode-gris-225x300.jpg 225w, https:\/\/voyagedelabaleine.fr\/wp-content\/uploads\/2024\/09\/body-bebe-brode-gris-768x1024.jpg 768w, https:\/\/voyagedelabaleine.fr\/wp-content\/uploads\/2024\/09\/body-bebe-brode-gris.jpg 900w\" sizes=\"(max-width: 600px) 100vw, 600px\" \/><img decoding=\"async\" width=\"600\" height=\"800\" src=\"https:\/\/voyagedelabaleine.fr\/wp-content\/uploads\/2023\/10\/body-bebe-col-brode-gris-600x800.jpg\" class=\"woo-entry-image-secondary\" alt=\"White Long-Sleeved Baby Bodysuit with Grey Embroidered Round Collar\" itemprop=\"image\" srcset=\"https:\/\/voyagedelabaleine.fr\/wp-content\/uploads\/2023\/10\/body-bebe-col-brode-gris-600x800.jpg 600w, https:\/\/voyagedelabaleine.fr\/wp-content\/uploads\/2023\/10\/body-bebe-col-brode-gris-225x300.jpg 225w, https:\/\/voyagedelabaleine.fr\/wp-content\/uploads\/2023\/10\/body-bebe-col-brode-gris-768x1024.jpg 768w, https:\/\/voyagedelabaleine.fr\/wp-content\/uploads\/2023\/10\/body-bebe-col-brode-gris.jpg 855w\" sizes=\"(max-width: 600px) 100vw, 600px\" \/><\/a>\t<\/div><!-- .woo-entry-image-swap -->\n\n<ul class=\"woo-entry-inner clr\"><li class=\"image-wrap\">\n\t<div class=\"woo-entry-image-swap woo-entry-image clr\">\n\t\t<a href=\"https:\/\/voyagedelabaleine.fr\/en\/product\/white-long-sleeved-baby-bodysuit-with-grey-embroidered-round-collar\/\" class=\"woocommerce-LoopProduct-link\"><img decoding=\"async\" width=\"600\" height=\"800\" src=\"https:\/\/voyagedelabaleine.fr\/wp-content\/uploads\/2024\/09\/body-bebe-brode-gris-600x800.jpg\" class=\"woo-entry-image-main\" alt=\"White Long-Sleeved Baby Bodysuit with Grey Embroidered Round Collar\" itemprop=\"image\" srcset=\"https:\/\/voyagedelabaleine.fr\/wp-content\/uploads\/2024\/09\/body-bebe-brode-gris-600x800.jpg 600w, https:\/\/voyagedelabaleine.fr\/wp-content\/uploads\/2024\/09\/body-bebe-brode-gris-225x300.jpg 225w, https:\/\/voyagedelabaleine.fr\/wp-content\/uploads\/2024\/09\/body-bebe-brode-gris-768x1024.jpg 768w, https:\/\/voyagedelabaleine.fr\/wp-content\/uploads\/2024\/09\/body-bebe-brode-gris.jpg 900w\" sizes=\"(max-width: 600px) 100vw, 600px\" \/><img decoding=\"async\" width=\"600\" height=\"800\" src=\"https:\/\/voyagedelabaleine.fr\/wp-content\/uploads\/2023\/10\/body-bebe-col-brode-gris-600x800.jpg\" class=\"woo-entry-image-secondary\" alt=\"White Long-Sleeved Baby Bodysuit with Grey Embroidered Round Collar\" itemprop=\"image\" srcset=\"https:\/\/voyagedelabaleine.fr\/wp-content\/uploads\/2023\/10\/body-bebe-col-brode-gris-600x800.jpg 600w, https:\/\/voyagedelabaleine.fr\/wp-content\/uploads\/2023\/10\/body-bebe-col-brode-gris-225x300.jpg 225w, https:\/\/voyagedelabaleine.fr\/wp-content\/uploads\/2023\/10\/body-bebe-col-brode-gris-768x1024.jpg 768w, https:\/\/voyagedelabaleine.fr\/wp-content\/uploads\/2023\/10\/body-bebe-col-brode-gris.jpg 855w\" sizes=\"(max-width: 600px) 100vw, 600px\" \/><\/a>\t<\/div><!-- .woo-entry-image-swap -->\n\n<\/li><li class=\"title\"><h2><a href=\"https:\/\/voyagedelabaleine.fr\/en\/product\/white-long-sleeved-baby-bodysuit-with-grey-embroidered-round-collar\/\">White Long-Sleeved Baby Bodysuit with Grey Embroidered Round Collar<\/a><\/h2><\/li><li class=\"price-wrap\">\n\t<span class=\"price\"><span class=\"woocommerce-Price-amount amount\"><bdi>24<span class=\"woocommerce-Price-currencySymbol\">&euro;<\/span><\/bdi><\/span><\/span>\n<\/li><\/ul><\/div><!-- .product-inner .clr --><\/li>\n<li class=\"entry has-media col span_1_of_4 owp-content-center owp-thumbs-layout-vertical owp-btn-big owp-tabs-layout-vertical circle-sale product type-product post-26575 status-publish instock product_cat-baby-bodysuit product_cat-baby-girl-bodysuit product_cat-bodysuit product_cat-newborn-bodysuit product_cat-newborn-girl-bodysuits has-post-thumbnail taxable shipping-taxable purchasable product-type-variable has-default-attributes\">\n\t<div class=\"product-inner clr\">\n\t<div class=\"woo-entry-image-swap woo-entry-image clr\">\n\t\t<a href=\"https:\/\/voyagedelabaleine.fr\/en\/product\/baby-girl-bodysuit-with-peter-pan-collar-red\/\" class=\"woocommerce-LoopProduct-link\"><img decoding=\"async\" width=\"600\" height=\"800\" src=\"https:\/\/voyagedelabaleine.fr\/wp-content\/uploads\/2025\/01\/body-col-claudine-rouge-600x800.jpg\" class=\"woo-entry-image-main\" alt=\"Baby girl bodysuit with Peter Pan collar &#8211; Red\" itemprop=\"image\" srcset=\"https:\/\/voyagedelabaleine.fr\/wp-content\/uploads\/2025\/01\/body-col-claudine-rouge-600x799.jpg 600w, https:\/\/voyagedelabaleine.fr\/wp-content\/uploads\/2025\/01\/body-col-claudine-rouge-225x300.jpg 225w, https:\/\/voyagedelabaleine.fr\/wp-content\/uploads\/2025\/01\/body-col-claudine-rouge-768x1023.jpg 768w, https:\/\/voyagedelabaleine.fr\/wp-content\/uploads\/2025\/01\/body-col-claudine-rouge-769x1024.jpg 769w, https:\/\/voyagedelabaleine.fr\/wp-content\/uploads\/2025\/01\/body-col-claudine-rouge.jpg 1000w\" sizes=\"(max-width: 600px) 100vw, 600px\" \/><img decoding=\"async\" width=\"600\" height=\"800\" src=\"https:\/\/voyagedelabaleine.fr\/wp-content\/uploads\/2025\/01\/body-col-claudine-rouge-1-600x800.jpg\" class=\"woo-entry-image-secondary\" alt=\"Baby girl bodysuit with Peter Pan collar &#8211; Red\" itemprop=\"image\" srcset=\"https:\/\/voyagedelabaleine.fr\/wp-content\/uploads\/2025\/01\/body-col-claudine-rouge-1-600x800.jpg 600w, https:\/\/voyagedelabaleine.fr\/wp-content\/uploads\/2025\/01\/body-col-claudine-rouge-1-225x300.jpg 225w, https:\/\/voyagedelabaleine.fr\/wp-content\/uploads\/2025\/01\/body-col-claudine-rouge-1-768x1024.jpg 768w, https:\/\/voyagedelabaleine.fr\/wp-content\/uploads\/2025\/01\/body-col-claudine-rouge-1.jpg 800w\" sizes=\"(max-width: 600px) 100vw, 600px\" \/><\/a>\t<\/div><!-- .woo-entry-image-swap -->\n\n<ul class=\"woo-entry-inner clr\"><li class=\"image-wrap\">\n\t<div class=\"woo-entry-image-swap woo-entry-image clr\">\n\t\t<a href=\"https:\/\/voyagedelabaleine.fr\/en\/product\/baby-girl-bodysuit-with-peter-pan-collar-red\/\" class=\"woocommerce-LoopProduct-link\"><img decoding=\"async\" width=\"600\" height=\"800\" src=\"https:\/\/voyagedelabaleine.fr\/wp-content\/uploads\/2025\/01\/body-col-claudine-rouge-600x800.jpg\" class=\"woo-entry-image-main\" alt=\"Baby girl bodysuit with Peter Pan collar &#8211; Red\" itemprop=\"image\" srcset=\"https:\/\/voyagedelabaleine.fr\/wp-content\/uploads\/2025\/01\/body-col-claudine-rouge-600x799.jpg 600w, https:\/\/voyagedelabaleine.fr\/wp-content\/uploads\/2025\/01\/body-col-claudine-rouge-225x300.jpg 225w, https:\/\/voyagedelabaleine.fr\/wp-content\/uploads\/2025\/01\/body-col-claudine-rouge-768x1023.jpg 768w, https:\/\/voyagedelabaleine.fr\/wp-content\/uploads\/2025\/01\/body-col-claudine-rouge-769x1024.jpg 769w, https:\/\/voyagedelabaleine.fr\/wp-content\/uploads\/2025\/01\/body-col-claudine-rouge.jpg 1000w\" sizes=\"(max-width: 600px) 100vw, 600px\" \/><img decoding=\"async\" width=\"600\" height=\"800\" src=\"https:\/\/voyagedelabaleine.fr\/wp-content\/uploads\/2025\/01\/body-col-claudine-rouge-1-600x800.jpg\" class=\"woo-entry-image-secondary\" alt=\"Baby girl bodysuit with Peter Pan collar &#8211; Red\" itemprop=\"image\" srcset=\"https:\/\/voyagedelabaleine.fr\/wp-content\/uploads\/2025\/01\/body-col-claudine-rouge-1-600x800.jpg 600w, https:\/\/voyagedelabaleine.fr\/wp-content\/uploads\/2025\/01\/body-col-claudine-rouge-1-225x300.jpg 225w, https:\/\/voyagedelabaleine.fr\/wp-content\/uploads\/2025\/01\/body-col-claudine-rouge-1-768x1024.jpg 768w, https:\/\/voyagedelabaleine.fr\/wp-content\/uploads\/2025\/01\/body-col-claudine-rouge-1.jpg 800w\" sizes=\"(max-width: 600px) 100vw, 600px\" \/><\/a>\t<\/div><!-- .woo-entry-image-swap -->\n\n<\/li><li class=\"title\"><h2><a href=\"https:\/\/voyagedelabaleine.fr\/en\/product\/baby-girl-bodysuit-with-peter-pan-collar-red\/\">Baby girl bodysuit with Peter Pan collar &#8211; Red<\/a><\/h2><\/li><li class=\"price-wrap\">\n\t<span class=\"price\"><span class=\"woocommerce-Price-amount amount\"><bdi>18<span class=\"woocommerce-Price-currencySymbol\">&euro;<\/span><\/bdi><\/span><\/span>\n<\/li><\/ul><\/div><!-- .product-inner .clr --><\/li>\n<li class=\"entry has-media has-rating col span_1_of_4 owp-content-center owp-thumbs-layout-vertical owp-btn-big owp-tabs-layout-vertical circle-sale product type-product post-27095 status-publish instock product_cat-baby-bodysuit product_cat-baby-boy-bodysuit product_cat-baby-girl-bodysuit product_cat-bodysuit product_cat-newborn-bodysuit product_cat-newborn-boy-bodysuits product_cat-newborn-girl-bodysuits product_tag-bodysuit has-post-thumbnail taxable shipping-taxable purchasable product-type-variable has-default-attributes\">\n\t<div class=\"product-inner clr\">\n\t<div class=\"woo-entry-image-swap woo-entry-image clr\">\n\t\t<a href=\"https:\/\/voyagedelabaleine.fr\/en\/product\/white-long-sleeved-baby-bodysuit-with-english-embroidered-collar\/\" class=\"woocommerce-LoopProduct-link\"><img decoding=\"async\" width=\"600\" height=\"800\" src=\"https:\/\/voyagedelabaleine.fr\/wp-content\/uploads\/2023\/10\/body-brode-anglaise-1-600x800.jpg\" class=\"woo-entry-image-main\" alt=\"White long-sleeved baby bodysuit with English embroidered collar\" itemprop=\"image\" srcset=\"https:\/\/voyagedelabaleine.fr\/wp-content\/uploads\/2023\/10\/body-brode-anglaise-1-600x800.jpg 600w, https:\/\/voyagedelabaleine.fr\/wp-content\/uploads\/2023\/10\/body-brode-anglaise-1-225x300.jpg 225w, https:\/\/voyagedelabaleine.fr\/wp-content\/uploads\/2023\/10\/body-brode-anglaise-1-768x1024.jpg 768w, https:\/\/voyagedelabaleine.fr\/wp-content\/uploads\/2023\/10\/body-brode-anglaise-1.jpg 900w\" sizes=\"(max-width: 600px) 100vw, 600px\" \/><img decoding=\"async\" width=\"600\" height=\"800\" src=\"https:\/\/voyagedelabaleine.fr\/wp-content\/uploads\/2023\/10\/body-bebe-col-broderie-anglaise-6-600x800.jpg\" class=\"woo-entry-image-secondary\" alt=\"White long-sleeved baby bodysuit with English embroidered collar\" itemprop=\"image\" srcset=\"https:\/\/voyagedelabaleine.fr\/wp-content\/uploads\/2023\/10\/body-bebe-col-broderie-anglaise-6-600x800.jpg 600w, https:\/\/voyagedelabaleine.fr\/wp-content\/uploads\/2023\/10\/body-bebe-col-broderie-anglaise-6-225x300.jpg 225w, https:\/\/voyagedelabaleine.fr\/wp-content\/uploads\/2023\/10\/body-bebe-col-broderie-anglaise-6-768x1024.jpg 768w, https:\/\/voyagedelabaleine.fr\/wp-content\/uploads\/2023\/10\/body-bebe-col-broderie-anglaise-6.jpg 900w\" sizes=\"(max-width: 600px) 100vw, 600px\" \/><\/a>\t<\/div><!-- .woo-entry-image-swap -->\n\n<ul class=\"woo-entry-inner clr\"><li class=\"image-wrap\">\n\t<div class=\"woo-entry-image-swap woo-entry-image clr\">\n\t\t<a href=\"https:\/\/voyagedelabaleine.fr\/en\/product\/white-long-sleeved-baby-bodysuit-with-english-embroidered-collar\/\" class=\"woocommerce-LoopProduct-link\"><img decoding=\"async\" width=\"600\" height=\"800\" src=\"https:\/\/voyagedelabaleine.fr\/wp-content\/uploads\/2023\/10\/body-brode-anglaise-1-600x800.jpg\" class=\"woo-entry-image-main\" alt=\"White long-sleeved baby bodysuit with English embroidered collar\" itemprop=\"image\" srcset=\"https:\/\/voyagedelabaleine.fr\/wp-content\/uploads\/2023\/10\/body-brode-anglaise-1-600x800.jpg 600w, https:\/\/voyagedelabaleine.fr\/wp-content\/uploads\/2023\/10\/body-brode-anglaise-1-225x300.jpg 225w, https:\/\/voyagedelabaleine.fr\/wp-content\/uploads\/2023\/10\/body-brode-anglaise-1-768x1024.jpg 768w, https:\/\/voyagedelabaleine.fr\/wp-content\/uploads\/2023\/10\/body-brode-anglaise-1.jpg 900w\" sizes=\"(max-width: 600px) 100vw, 600px\" \/><img decoding=\"async\" width=\"600\" height=\"800\" src=\"https:\/\/voyagedelabaleine.fr\/wp-content\/uploads\/2023\/10\/body-bebe-col-broderie-anglaise-6-600x800.jpg\" class=\"woo-entry-image-secondary\" alt=\"White long-sleeved baby bodysuit with English embroidered collar\" itemprop=\"image\" srcset=\"https:\/\/voyagedelabaleine.fr\/wp-content\/uploads\/2023\/10\/body-bebe-col-broderie-anglaise-6-600x800.jpg 600w, https:\/\/voyagedelabaleine.fr\/wp-content\/uploads\/2023\/10\/body-bebe-col-broderie-anglaise-6-225x300.jpg 225w, https:\/\/voyagedelabaleine.fr\/wp-content\/uploads\/2023\/10\/body-bebe-col-broderie-anglaise-6-768x1024.jpg 768w, https:\/\/voyagedelabaleine.fr\/wp-content\/uploads\/2023\/10\/body-bebe-col-broderie-anglaise-6.jpg 900w\" sizes=\"(max-width: 600px) 100vw, 600px\" \/><\/a>\t<\/div><!-- .woo-entry-image-swap -->\n\n<\/li><li class=\"title\"><h2><a href=\"https:\/\/voyagedelabaleine.fr\/en\/product\/white-long-sleeved-baby-bodysuit-with-english-embroidered-collar\/\">White long-sleeved baby bodysuit with English embroidered collar<\/a><\/h2><\/li><li class=\"price-wrap\">\n\t<span class=\"price\"><span class=\"woocommerce-Price-amount amount\"><bdi>26<span class=\"woocommerce-Price-currencySymbol\">&euro;<\/span><\/bdi><\/span><\/span>\n<\/li><\/ul><\/div><!-- .product-inner .clr --><\/li>\n<li class=\"entry has-media has-rating col span_1_of_4 owp-content-center owp-thumbs-layout-vertical owp-btn-big owp-tabs-layout-vertical circle-sale product type-product post-26542 status-publish last instock product_cat-baby-bodysuit product_cat-baby-boy-bodysuit product_cat-baby-girl-bodysuit product_cat-bodysuit product_cat-newborn-bodysuit product_cat-newborn-boy-bodysuits product_cat-newborn-girl-bodysuits has-post-thumbnail taxable shipping-taxable purchasable product-type-variable has-default-attributes\">\n\t<div class=\"product-inner clr\">\n\t<div class=\"woo-entry-image-swap woo-entry-image clr\">\n\t\t<a href=\"https:\/\/voyagedelabaleine.fr\/en\/product\/round-neck-long-sleeved-baby-blouse-romper-white\/\" class=\"woocommerce-LoopProduct-link\"><img decoding=\"async\" width=\"600\" height=\"800\" src=\"https:\/\/voyagedelabaleine.fr\/wp-content\/uploads\/2025\/01\/body-barboteuse-bebe-col-rond-4-600x800.jpg\" class=\"woo-entry-image-main\" alt=\"Round-Neck Long-Sleeved Baby Blouse Romper &#8211; White\" itemprop=\"image\" srcset=\"https:\/\/voyagedelabaleine.fr\/wp-content\/uploads\/2025\/01\/body-barboteuse-bebe-col-rond-4-600x800.jpg 600w, https:\/\/voyagedelabaleine.fr\/wp-content\/uploads\/2025\/01\/body-barboteuse-bebe-col-rond-4-225x300.jpg 225w, https:\/\/voyagedelabaleine.fr\/wp-content\/uploads\/2025\/01\/body-barboteuse-bebe-col-rond-4-768x1024.jpg 768w, https:\/\/voyagedelabaleine.fr\/wp-content\/uploads\/2025\/01\/body-barboteuse-bebe-col-rond-4-1152x1536.jpg 1152w, https:\/\/voyagedelabaleine.fr\/wp-content\/uploads\/2025\/01\/body-barboteuse-bebe-col-rond-4.jpg 1535w\" sizes=\"(max-width: 600px) 100vw, 600px\" \/><img decoding=\"async\" width=\"600\" height=\"800\" src=\"https:\/\/voyagedelabaleine.fr\/wp-content\/uploads\/2025\/01\/body-barboteuse-bebe-col-rond-2-600x800.jpg\" class=\"woo-entry-image-secondary\" alt=\"Round-Neck Long-Sleeved Baby Blouse Romper &#8211; White\" itemprop=\"image\" srcset=\"https:\/\/voyagedelabaleine.fr\/wp-content\/uploads\/2025\/01\/body-barboteuse-bebe-col-rond-2-600x799.jpg 600w, https:\/\/voyagedelabaleine.fr\/wp-content\/uploads\/2025\/01\/body-barboteuse-bebe-col-rond-2-225x300.jpg 225w, https:\/\/voyagedelabaleine.fr\/wp-content\/uploads\/2025\/01\/body-barboteuse-bebe-col-rond-2-769x1024.jpg 769w, https:\/\/voyagedelabaleine.fr\/wp-content\/uploads\/2025\/01\/body-barboteuse-bebe-col-rond-2-768x1023.jpg 768w, https:\/\/voyagedelabaleine.fr\/wp-content\/uploads\/2025\/01\/body-barboteuse-bebe-col-rond-2.jpg 970w\" sizes=\"(max-width: 600px) 100vw, 600px\" \/><\/a>\t<\/div><!-- .woo-entry-image-swap -->\n\n<ul class=\"woo-entry-inner clr\"><li class=\"image-wrap\">\n\t<div class=\"woo-entry-image-swap woo-entry-image clr\">\n\t\t<a href=\"https:\/\/voyagedelabaleine.fr\/en\/product\/round-neck-long-sleeved-baby-blouse-romper-white\/\" class=\"woocommerce-LoopProduct-link\"><img decoding=\"async\" width=\"600\" height=\"800\" src=\"https:\/\/voyagedelabaleine.fr\/wp-content\/uploads\/2025\/01\/body-barboteuse-bebe-col-rond-4-600x800.jpg\" class=\"woo-entry-image-main\" alt=\"Round-Neck Long-Sleeved Baby Blouse Romper &#8211; White\" itemprop=\"image\" srcset=\"https:\/\/voyagedelabaleine.fr\/wp-content\/uploads\/2025\/01\/body-barboteuse-bebe-col-rond-4-600x800.jpg 600w, https:\/\/voyagedelabaleine.fr\/wp-content\/uploads\/2025\/01\/body-barboteuse-bebe-col-rond-4-225x300.jpg 225w, https:\/\/voyagedelabaleine.fr\/wp-content\/uploads\/2025\/01\/body-barboteuse-bebe-col-rond-4-768x1024.jpg 768w, https:\/\/voyagedelabaleine.fr\/wp-content\/uploads\/2025\/01\/body-barboteuse-bebe-col-rond-4-1152x1536.jpg 1152w, https:\/\/voyagedelabaleine.fr\/wp-content\/uploads\/2025\/01\/body-barboteuse-bebe-col-rond-4.jpg 1535w\" sizes=\"(max-width: 600px) 100vw, 600px\" \/><img decoding=\"async\" width=\"600\" height=\"800\" src=\"https:\/\/voyagedelabaleine.fr\/wp-content\/uploads\/2025\/01\/body-barboteuse-bebe-col-rond-2-600x800.jpg\" class=\"woo-entry-image-secondary\" alt=\"Round-Neck Long-Sleeved Baby Blouse Romper &#8211; White\" itemprop=\"image\" srcset=\"https:\/\/voyagedelabaleine.fr\/wp-content\/uploads\/2025\/01\/body-barboteuse-bebe-col-rond-2-600x799.jpg 600w, https:\/\/voyagedelabaleine.fr\/wp-content\/uploads\/2025\/01\/body-barboteuse-bebe-col-rond-2-225x300.jpg 225w, https:\/\/voyagedelabaleine.fr\/wp-content\/uploads\/2025\/01\/body-barboteuse-bebe-col-rond-2-769x1024.jpg 769w, https:\/\/voyagedelabaleine.fr\/wp-content\/uploads\/2025\/01\/body-barboteuse-bebe-col-rond-2-768x1023.jpg 768w, https:\/\/voyagedelabaleine.fr\/wp-content\/uploads\/2025\/01\/body-barboteuse-bebe-col-rond-2.jpg 970w\" sizes=\"(max-width: 600px) 100vw, 600px\" \/><\/a>\t<\/div><!-- .woo-entry-image-swap -->\n\n<\/li><li class=\"title\"><h2><a href=\"https:\/\/voyagedelabaleine.fr\/en\/product\/round-neck-long-sleeved-baby-blouse-romper-white\/\">Round-Neck Long-Sleeved Baby Blouse Romper &#8211; White<\/a><\/h2><\/li><li class=\"price-wrap\">\n\t<span class=\"price\"><span class=\"woocommerce-Price-amount amount\"><bdi>30<span class=\"woocommerce-Price-currencySymbol\">&euro;<\/span><\/bdi><\/span><\/span>\n<\/li><\/ul><\/div><!-- .product-inner .clr --><\/li>\n<\/ul>\n<\/div><\/div>\n\t\t\t\t\t\t<\/div>\n\t\t\t\t<\/div>\n\t\t<div class=\"elementor-element elementor-element-9916281 e-con-full e-flex e-con e-parent\" data-id=\"9916281\" data-element_type=\"container\" data-e-type=\"container\">\n\t\t\t\t<div class=\"elementor-element elementor-element-27bffe2 elementor-widget-divider--separator-type-pattern elementor-widget-divider--view-line elementor-widget elementor-widget-divider\" data-id=\"27bffe2\" data-element_type=\"widget\" data-e-type=\"widget\" data-widget_type=\"divider.default\">\n\t\t\t\t\t\t\t<div class=\"elementor-divider\" style=\"--divider-pattern-url: url(&quot;data:image\/svg+xml,%3Csvg xmlns=&#039;http:\/\/www.w3.org\/2000\/svg&#039; preserveAspectRatio=&#039;none&#039; overflow=&#039;visible&#039; height=&#039;100%&#039; viewBox=&#039;0 0 24 24&#039; fill=&#039;black&#039; stroke=&#039;none&#039;%3E%3Cpath d=&#039;M12.7,2.3c-0.4-0.4-1.1-0.4-1.5,0l-8,9.1c-0.3,0.4-0.3,0.9,0,1.2l8,9.1c0.4,0.4,1.1,0.4,1.5,0l8-9.1c0.3-0.4,0.3-0.9,0-1.2L12.7,2.3z&#039;\/%3E%3C\/svg%3E&quot;);\">\n\t\t\t<span class=\"elementor-divider-separator\">\n\t\t\t\t\t\t<\/span>\n\t\t<\/div>\n\t\t\t\t\t\t<\/div>\n\t\t\t\t<div class=\"elementor-element elementor-element-6988bda elementor-widget elementor-widget-heading\" data-id=\"6988bda\" data-element_type=\"widget\" data-e-type=\"widget\" data-widget_type=\"heading.default\">\n\t\t\t\t\t<h2 class=\"elementor-heading-title elementor-size-default\">Charming tartan<\/h2>\t\t\t\t<\/div>\n\t\t\t\t<\/div>\n\t\t<div class=\"elementor-element elementor-element-5b1d61f e-con-full e-flex e-con e-parent\" data-id=\"5b1d61f\" data-element_type=\"container\" data-e-type=\"container\">\n\t\t\t\t<div class=\"elementor-element elementor-element-e038044 elementor-widget elementor-widget-image\" data-id=\"e038044\" data-element_type=\"widget\" data-e-type=\"widget\" data-widget_type=\"image.default\">\n\t\t\t\t\t\t\t\t\t\t\t\t\t\t\t\t<a href=\"https:\/\/voyagedelabaleine.fr\/produit\/ensemble-blouse-bloomer-tartan\/\">\n\t\t\t\t\t\t\t<img decoding=\"async\" width=\"768\" height=\"1023\" src=\"https:\/\/voyagedelabaleine.fr\/wp-content\/uploads\/2024\/09\/Capture-decran-2024-10-11-a-11.45.55-fotor-20241011114645-768x1023.jpg\" class=\"attachment-medium_large size-medium_large wp-image-22614\" alt=\"embroidered collar blouse and baby bloomer set with small warm cotton tartan checks\" srcset=\"https:\/\/voyagedelabaleine.fr\/wp-content\/uploads\/2024\/09\/Capture-decran-2024-10-11-a-11.45.55-fotor-20241011114645-768x1023.jpg 768w, https:\/\/voyagedelabaleine.fr\/wp-content\/uploads\/2024\/09\/Capture-decran-2024-10-11-a-11.45.55-fotor-20241011114645-225x300.jpg 225w, https:\/\/voyagedelabaleine.fr\/wp-content\/uploads\/2024\/09\/Capture-decran-2024-10-11-a-11.45.55-fotor-20241011114645-769x1024.jpg 769w, https:\/\/voyagedelabaleine.fr\/wp-content\/uploads\/2024\/09\/Capture-decran-2024-10-11-a-11.45.55-fotor-20241011114645-600x799.jpg 600w, https:\/\/voyagedelabaleine.fr\/wp-content\/uploads\/2024\/09\/Capture-decran-2024-10-11-a-11.45.55-fotor-20241011114645.jpg 868w\" sizes=\"(max-width: 768px) 100vw, 768px\" \/>\t\t\t\t\t\t\t\t<\/a>\n\t\t\t\t\t\t\t\t\t\t\t\t\t\t\t<\/div>\n\t\t\t\t<\/div>\n\t\t<div class=\"elementor-element elementor-element-33d699b e-con-full e-flex e-con e-parent\" data-id=\"33d699b\" data-element_type=\"container\" data-e-type=\"container\">\n\t\t\t\t<div class=\"elementor-element elementor-element-98ca312 elementor-widget__width-inherit elementor-widget-mobile__width-inherit elementor-widget elementor-widget-shortcode\" data-id=\"98ca312\" data-element_type=\"widget\" data-e-type=\"widget\" data-widget_type=\"shortcode.default\">\n\t\t\t\t\t\t\t<div class=\"elementor-shortcode\"><div class=\"woocommerce columns-3 \">\r\n<ul class=\"products oceanwp-row clr grid tablet-col tablet-2-col mobile-col mobile-2-col\">\r\n<li class=\"entry has-media has-rating col span_1_of_3 owp-content-center owp-thumbs-layout-vertical owp-btn-big owp-tabs-layout-vertical circle-sale product type-product post-26104 status-publish first instock product_cat-baby-booties product_cat-baby-boy-booties product_cat-baby-girl-booties product_cat-newborn-booties product_cat-newborn-boy-booties product_cat-newborn-girl-booties has-post-thumbnail taxable shipping-taxable purchasable product-type-variable has-default-attributes\">\n\t<div class=\"product-inner clr\">\n\t<div class=\"woo-entry-image-swap woo-entry-image clr\">\n\t\t<a href=\"https:\/\/voyagedelabaleine.fr\/en\/product\/merino-wool-garter-stitch-baby-booties-cream\/\" class=\"woocommerce-LoopProduct-link\"><img decoding=\"async\" width=\"600\" height=\"800\" src=\"https:\/\/voyagedelabaleine.fr\/wp-content\/uploads\/2024\/10\/chaussons-point-mousse-1-scaled-600x800.jpg\" class=\"woo-entry-image-main\" alt=\"Merino Wool Garter Stitch Baby Booties &#8211; Cream\" itemprop=\"image\" srcset=\"https:\/\/voyagedelabaleine.fr\/wp-content\/uploads\/2024\/10\/chaussons-point-mousse-1-scaled-600x800.jpg 600w, https:\/\/voyagedelabaleine.fr\/wp-content\/uploads\/2024\/10\/chaussons-point-mousse-1-scaled-225x300.jpg 225w, https:\/\/voyagedelabaleine.fr\/wp-content\/uploads\/2024\/10\/chaussons-point-mousse-1-scaled-768x1024.jpg 768w, https:\/\/voyagedelabaleine.fr\/wp-content\/uploads\/2024\/10\/chaussons-point-mousse-1-scaled-1152x1536.jpg 1152w, https:\/\/voyagedelabaleine.fr\/wp-content\/uploads\/2024\/10\/chaussons-point-mousse-1-scaled.jpg 1536w\" sizes=\"(max-width: 600px) 100vw, 600px\" \/><img decoding=\"async\" width=\"600\" height=\"800\" src=\"https:\/\/voyagedelabaleine.fr\/wp-content\/uploads\/2024\/10\/chaussons-point-mousse-600x800.jpg\" class=\"woo-entry-image-secondary\" alt=\"Merino Wool Garter Stitch Baby Booties &#8211; Cream\" itemprop=\"image\" srcset=\"https:\/\/voyagedelabaleine.fr\/wp-content\/uploads\/2024\/10\/chaussons-point-mousse-600x800.jpg 600w, https:\/\/voyagedelabaleine.fr\/wp-content\/uploads\/2024\/10\/chaussons-point-mousse-225x300.jpg 225w, https:\/\/voyagedelabaleine.fr\/wp-content\/uploads\/2024\/10\/chaussons-point-mousse-768x1024.jpg 768w, https:\/\/voyagedelabaleine.fr\/wp-content\/uploads\/2024\/10\/chaussons-point-mousse.jpg 1100w\" sizes=\"(max-width: 600px) 100vw, 600px\" \/><\/a>\t<\/div><!-- .woo-entry-image-swap -->\n\n<ul class=\"woo-entry-inner clr\"><li class=\"image-wrap\">\n\t<div class=\"woo-entry-image-swap woo-entry-image clr\">\n\t\t<a href=\"https:\/\/voyagedelabaleine.fr\/en\/product\/merino-wool-garter-stitch-baby-booties-cream\/\" class=\"woocommerce-LoopProduct-link\"><img decoding=\"async\" width=\"600\" height=\"800\" src=\"https:\/\/voyagedelabaleine.fr\/wp-content\/uploads\/2024\/10\/chaussons-point-mousse-1-scaled-600x800.jpg\" class=\"woo-entry-image-main\" alt=\"Merino Wool Garter Stitch Baby Booties &#8211; Cream\" itemprop=\"image\" srcset=\"https:\/\/voyagedelabaleine.fr\/wp-content\/uploads\/2024\/10\/chaussons-point-mousse-1-scaled-600x800.jpg 600w, https:\/\/voyagedelabaleine.fr\/wp-content\/uploads\/2024\/10\/chaussons-point-mousse-1-scaled-225x300.jpg 225w, https:\/\/voyagedelabaleine.fr\/wp-content\/uploads\/2024\/10\/chaussons-point-mousse-1-scaled-768x1024.jpg 768w, https:\/\/voyagedelabaleine.fr\/wp-content\/uploads\/2024\/10\/chaussons-point-mousse-1-scaled-1152x1536.jpg 1152w, https:\/\/voyagedelabaleine.fr\/wp-content\/uploads\/2024\/10\/chaussons-point-mousse-1-scaled.jpg 1536w\" sizes=\"(max-width: 600px) 100vw, 600px\" \/><img decoding=\"async\" width=\"600\" height=\"800\" src=\"https:\/\/voyagedelabaleine.fr\/wp-content\/uploads\/2024\/10\/chaussons-point-mousse-600x800.jpg\" class=\"woo-entry-image-secondary\" alt=\"Merino Wool Garter Stitch Baby Booties &#8211; Cream\" itemprop=\"image\" srcset=\"https:\/\/voyagedelabaleine.fr\/wp-content\/uploads\/2024\/10\/chaussons-point-mousse-600x800.jpg 600w, https:\/\/voyagedelabaleine.fr\/wp-content\/uploads\/2024\/10\/chaussons-point-mousse-225x300.jpg 225w, https:\/\/voyagedelabaleine.fr\/wp-content\/uploads\/2024\/10\/chaussons-point-mousse-768x1024.jpg 768w, https:\/\/voyagedelabaleine.fr\/wp-content\/uploads\/2024\/10\/chaussons-point-mousse.jpg 1100w\" sizes=\"(max-width: 600px) 100vw, 600px\" \/><\/a>\t<\/div><!-- .woo-entry-image-swap -->\n\n<\/li><li class=\"title\"><h2><a href=\"https:\/\/voyagedelabaleine.fr\/en\/product\/merino-wool-garter-stitch-baby-booties-cream\/\">Merino Wool Garter Stitch Baby Booties &#8211; Cream<\/a><\/h2><\/li><li class=\"price-wrap\">\n\t<span class=\"price\"><span class=\"woocommerce-Price-amount amount\"><bdi>28<span class=\"woocommerce-Price-currencySymbol\">&euro;<\/span><\/bdi><\/span><\/span>\n<\/li><\/ul><\/div><!-- .product-inner .clr --><\/li>\n<li class=\"entry has-media has-rating col span_1_of_3 owp-content-center owp-thumbs-layout-vertical owp-btn-big owp-tabs-layout-vertical circle-sale product type-product post-26450 status-publish instock product_cat-baby-dress product_cat-baby-girl product_cat-baby-girl-newborn-dress product_cat-baby-girl-outfits product_cat-baby-outfits product_cat-clothing product_cat-newborn-girl product_cat-newborn-girl-outfits product_cat-newborn-outfits has-post-thumbnail taxable shipping-taxable purchasable product-type-variable has-default-attributes\">\n\t<div class=\"product-inner clr\">\n\t<div class=\"woo-entry-image-swap woo-entry-image clr\">\n\t\t<a href=\"https:\/\/voyagedelabaleine.fr\/en\/product\/baby-girl-plaid-short-dress-and-bloomers-set-burgundy\/\" class=\"woocommerce-LoopProduct-link\"><img decoding=\"async\" width=\"600\" height=\"800\" src=\"https:\/\/voyagedelabaleine.fr\/wp-content\/uploads\/2024\/09\/Capture-decran-2024-10-11-a-11.45.55-fotor-20241011114645-600x800.jpg\" class=\"woo-entry-image-main\" alt=\"Baby Girl Plaid Short Dress and Bloomers Set &#8211; Burgundy\" itemprop=\"image\" srcset=\"https:\/\/voyagedelabaleine.fr\/wp-content\/uploads\/2024\/09\/Capture-decran-2024-10-11-a-11.45.55-fotor-20241011114645-600x799.jpg 600w, https:\/\/voyagedelabaleine.fr\/wp-content\/uploads\/2024\/09\/Capture-decran-2024-10-11-a-11.45.55-fotor-20241011114645-225x300.jpg 225w, https:\/\/voyagedelabaleine.fr\/wp-content\/uploads\/2024\/09\/Capture-decran-2024-10-11-a-11.45.55-fotor-20241011114645-769x1024.jpg 769w, https:\/\/voyagedelabaleine.fr\/wp-content\/uploads\/2024\/09\/Capture-decran-2024-10-11-a-11.45.55-fotor-20241011114645-768x1023.jpg 768w, https:\/\/voyagedelabaleine.fr\/wp-content\/uploads\/2024\/09\/Capture-decran-2024-10-11-a-11.45.55-fotor-20241011114645.jpg 868w\" sizes=\"(max-width: 600px) 100vw, 600px\" \/><img decoding=\"async\" width=\"600\" height=\"800\" src=\"https:\/\/voyagedelabaleine.fr\/wp-content\/uploads\/2024\/09\/ensemble-blouse-bloomer-tartan-bebe-1-600x800.jpg\" class=\"woo-entry-image-secondary\" alt=\"Baby Girl Plaid Short Dress and Bloomers Set &#8211; Burgundy\" itemprop=\"image\" srcset=\"https:\/\/voyagedelabaleine.fr\/wp-content\/uploads\/2024\/09\/ensemble-blouse-bloomer-tartan-bebe-1-600x800.jpg 600w, https:\/\/voyagedelabaleine.fr\/wp-content\/uploads\/2024\/09\/ensemble-blouse-bloomer-tartan-bebe-1-225x300.jpg 225w, https:\/\/voyagedelabaleine.fr\/wp-content\/uploads\/2024\/09\/ensemble-blouse-bloomer-tartan-bebe-1-768x1024.jpg 768w, https:\/\/voyagedelabaleine.fr\/wp-content\/uploads\/2024\/09\/ensemble-blouse-bloomer-tartan-bebe-1.jpg 800w\" sizes=\"(max-width: 600px) 100vw, 600px\" \/><\/a>\t<\/div><!-- .woo-entry-image-swap -->\n\n<ul class=\"woo-entry-inner clr\"><li class=\"image-wrap\">\n\t<div class=\"woo-entry-image-swap woo-entry-image clr\">\n\t\t<a href=\"https:\/\/voyagedelabaleine.fr\/en\/product\/baby-girl-plaid-short-dress-and-bloomers-set-burgundy\/\" class=\"woocommerce-LoopProduct-link\"><img decoding=\"async\" width=\"600\" height=\"800\" src=\"https:\/\/voyagedelabaleine.fr\/wp-content\/uploads\/2024\/09\/Capture-decran-2024-10-11-a-11.45.55-fotor-20241011114645-600x800.jpg\" class=\"woo-entry-image-main\" alt=\"Baby Girl Plaid Short Dress and Bloomers Set &#8211; Burgundy\" itemprop=\"image\" srcset=\"https:\/\/voyagedelabaleine.fr\/wp-content\/uploads\/2024\/09\/Capture-decran-2024-10-11-a-11.45.55-fotor-20241011114645-600x799.jpg 600w, https:\/\/voyagedelabaleine.fr\/wp-content\/uploads\/2024\/09\/Capture-decran-2024-10-11-a-11.45.55-fotor-20241011114645-225x300.jpg 225w, https:\/\/voyagedelabaleine.fr\/wp-content\/uploads\/2024\/09\/Capture-decran-2024-10-11-a-11.45.55-fotor-20241011114645-769x1024.jpg 769w, https:\/\/voyagedelabaleine.fr\/wp-content\/uploads\/2024\/09\/Capture-decran-2024-10-11-a-11.45.55-fotor-20241011114645-768x1023.jpg 768w, https:\/\/voyagedelabaleine.fr\/wp-content\/uploads\/2024\/09\/Capture-decran-2024-10-11-a-11.45.55-fotor-20241011114645.jpg 868w\" sizes=\"(max-width: 600px) 100vw, 600px\" \/><img decoding=\"async\" width=\"600\" height=\"800\" src=\"https:\/\/voyagedelabaleine.fr\/wp-content\/uploads\/2024\/09\/ensemble-blouse-bloomer-tartan-bebe-1-600x800.jpg\" class=\"woo-entry-image-secondary\" alt=\"Baby Girl Plaid Short Dress and Bloomers Set &#8211; Burgundy\" itemprop=\"image\" srcset=\"https:\/\/voyagedelabaleine.fr\/wp-content\/uploads\/2024\/09\/ensemble-blouse-bloomer-tartan-bebe-1-600x800.jpg 600w, https:\/\/voyagedelabaleine.fr\/wp-content\/uploads\/2024\/09\/ensemble-blouse-bloomer-tartan-bebe-1-225x300.jpg 225w, https:\/\/voyagedelabaleine.fr\/wp-content\/uploads\/2024\/09\/ensemble-blouse-bloomer-tartan-bebe-1-768x1024.jpg 768w, https:\/\/voyagedelabaleine.fr\/wp-content\/uploads\/2024\/09\/ensemble-blouse-bloomer-tartan-bebe-1.jpg 800w\" sizes=\"(max-width: 600px) 100vw, 600px\" \/><\/a>\t<\/div><!-- .woo-entry-image-swap -->\n\n<\/li><li class=\"title\"><h2><a href=\"https:\/\/voyagedelabaleine.fr\/en\/product\/baby-girl-plaid-short-dress-and-bloomers-set-burgundy\/\">Baby Girl Plaid Short Dress and Bloomers Set &#8211; Burgundy<\/a><\/h2><\/li><li class=\"price-wrap\">\n\t<span class=\"price\"><span class=\"woocommerce-Price-amount amount\"><bdi>68<span class=\"woocommerce-Price-currencySymbol\">&euro;<\/span><\/bdi><\/span><\/span>\n<\/li><\/ul><\/div><!-- .product-inner .clr --><\/li>\n<li class=\"entry has-media has-rating col span_1_of_3 owp-content-center owp-thumbs-layout-vertical owp-btn-big owp-tabs-layout-vertical circle-sale product type-product post-27056 status-publish last instock product_cat-baby-and-child-socks-tights product_cat-baby-boy-socks-tights product_cat-baby-girl-socks-tights product_cat-boy-socks-tights product_cat-child-socks-tights product_cat-girl-socks-tights product_cat-newborn-boy-socks-tights product_cat-newborn-girl-socks-tights product_cat-newborn-socks-tights product_tag-tights has-post-thumbnail taxable shipping-taxable purchasable product-type-variable has-default-attributes\">\n\t<div class=\"product-inner clr\">\n\t<div class=\"woo-entry-image-swap woo-entry-image clr\">\n\t\t<a href=\"https:\/\/voyagedelabaleine.fr\/en\/product\/plain-baby-tights-cream\/\" class=\"woocommerce-LoopProduct-link\"><img decoding=\"async\" width=\"600\" height=\"800\" src=\"https:\/\/voyagedelabaleine.fr\/wp-content\/uploads\/2024\/09\/collant-bebe-uni-creme-1-1-600x800.jpg\" class=\"woo-entry-image-main\" alt=\"Plain Baby Tights &#8211; Cream\" itemprop=\"image\" srcset=\"https:\/\/voyagedelabaleine.fr\/wp-content\/uploads\/2024\/09\/collant-bebe-uni-creme-1-1-600x800.jpg 600w, https:\/\/voyagedelabaleine.fr\/wp-content\/uploads\/2024\/09\/collant-bebe-uni-creme-1-1-225x300.jpg 225w, https:\/\/voyagedelabaleine.fr\/wp-content\/uploads\/2024\/09\/collant-bebe-uni-creme-1-1-768x1024.jpg 768w, https:\/\/voyagedelabaleine.fr\/wp-content\/uploads\/2024\/09\/collant-bebe-uni-creme-1-1.jpg 855w\" sizes=\"(max-width: 600px) 100vw, 600px\" \/><img decoding=\"async\" width=\"600\" height=\"800\" src=\"https:\/\/voyagedelabaleine.fr\/wp-content\/uploads\/2024\/09\/collant-bebe-uni-creme-2-1-600x800.jpg\" class=\"woo-entry-image-secondary\" alt=\"Plain Baby Tights &#8211; Cream\" itemprop=\"image\" srcset=\"https:\/\/voyagedelabaleine.fr\/wp-content\/uploads\/2024\/09\/collant-bebe-uni-creme-2-1-600x800.jpg 600w, https:\/\/voyagedelabaleine.fr\/wp-content\/uploads\/2024\/09\/collant-bebe-uni-creme-2-1-225x300.jpg 225w, https:\/\/voyagedelabaleine.fr\/wp-content\/uploads\/2024\/09\/collant-bebe-uni-creme-2-1-768x1024.jpg 768w, https:\/\/voyagedelabaleine.fr\/wp-content\/uploads\/2024\/09\/collant-bebe-uni-creme-2-1.jpg 855w\" sizes=\"(max-width: 600px) 100vw, 600px\" \/><\/a>\t<\/div><!-- .woo-entry-image-swap -->\n\n<ul class=\"woo-entry-inner clr\"><li class=\"image-wrap\">\n\t<div class=\"woo-entry-image-swap woo-entry-image clr\">\n\t\t<a href=\"https:\/\/voyagedelabaleine.fr\/en\/product\/plain-baby-tights-cream\/\" class=\"woocommerce-LoopProduct-link\"><img decoding=\"async\" width=\"600\" height=\"800\" src=\"https:\/\/voyagedelabaleine.fr\/wp-content\/uploads\/2024\/09\/collant-bebe-uni-creme-1-1-600x800.jpg\" class=\"woo-entry-image-main\" alt=\"Plain Baby Tights &#8211; Cream\" itemprop=\"image\" srcset=\"https:\/\/voyagedelabaleine.fr\/wp-content\/uploads\/2024\/09\/collant-bebe-uni-creme-1-1-600x800.jpg 600w, https:\/\/voyagedelabaleine.fr\/wp-content\/uploads\/2024\/09\/collant-bebe-uni-creme-1-1-225x300.jpg 225w, https:\/\/voyagedelabaleine.fr\/wp-content\/uploads\/2024\/09\/collant-bebe-uni-creme-1-1-768x1024.jpg 768w, https:\/\/voyagedelabaleine.fr\/wp-content\/uploads\/2024\/09\/collant-bebe-uni-creme-1-1.jpg 855w\" sizes=\"(max-width: 600px) 100vw, 600px\" \/><img decoding=\"async\" width=\"600\" height=\"800\" src=\"https:\/\/voyagedelabaleine.fr\/wp-content\/uploads\/2024\/09\/collant-bebe-uni-creme-2-1-600x800.jpg\" class=\"woo-entry-image-secondary\" alt=\"Plain Baby Tights &#8211; Cream\" itemprop=\"image\" srcset=\"https:\/\/voyagedelabaleine.fr\/wp-content\/uploads\/2024\/09\/collant-bebe-uni-creme-2-1-600x800.jpg 600w, https:\/\/voyagedelabaleine.fr\/wp-content\/uploads\/2024\/09\/collant-bebe-uni-creme-2-1-225x300.jpg 225w, https:\/\/voyagedelabaleine.fr\/wp-content\/uploads\/2024\/09\/collant-bebe-uni-creme-2-1-768x1024.jpg 768w, https:\/\/voyagedelabaleine.fr\/wp-content\/uploads\/2024\/09\/collant-bebe-uni-creme-2-1.jpg 855w\" sizes=\"(max-width: 600px) 100vw, 600px\" \/><\/a>\t<\/div><!-- .woo-entry-image-swap -->\n\n<\/li><li class=\"title\"><h2><a href=\"https:\/\/voyagedelabaleine.fr\/en\/product\/plain-baby-tights-cream\/\">Plain Baby Tights &#8211; Cream<\/a><\/h2><\/li><li class=\"price-wrap\">\n\t<span class=\"price\"><span class=\"woocommerce-Price-amount amount\"><bdi>14<span class=\"woocommerce-Price-currencySymbol\">&euro;<\/span><\/bdi><\/span><\/span>\n<\/li><\/ul><\/div><!-- .product-inner .clr --><\/li>\n<\/ul>\n<\/div><\/div>\n\t\t\t\t\t\t<\/div>\n\t\t\t\t<\/div>\n\t\t<div class=\"elementor-element elementor-element-835cc96 e-con-full e-flex e-con e-parent\" data-id=\"835cc96\" data-element_type=\"container\" data-e-type=\"container\">\n\t\t\t\t<div class=\"elementor-element elementor-element-c343ee0 elementor-widget-divider--separator-type-pattern elementor-widget-divider--view-line elementor-widget elementor-widget-divider\" data-id=\"c343ee0\" data-element_type=\"widget\" data-e-type=\"widget\" data-widget_type=\"divider.default\">\n\t\t\t\t\t\t\t<div class=\"elementor-divider\" style=\"--divider-pattern-url: url(&quot;data:image\/svg+xml,%3Csvg xmlns=&#039;http:\/\/www.w3.org\/2000\/svg&#039; preserveAspectRatio=&#039;none&#039; overflow=&#039;visible&#039; height=&#039;100%&#039; viewBox=&#039;0 0 24 24&#039; fill=&#039;black&#039; stroke=&#039;none&#039;%3E%3Cpath d=&#039;M12.7,2.3c-0.4-0.4-1.1-0.4-1.5,0l-8,9.1c-0.3,0.4-0.3,0.9,0,1.2l8,9.1c0.4,0.4,1.1,0.4,1.5,0l8-9.1c0.3-0.4,0.3-0.9,0-1.2L12.7,2.3z&#039;\/%3E%3C\/svg%3E&quot;);\">\n\t\t\t<span class=\"elementor-divider-separator\">\n\t\t\t\t\t\t<\/span>\n\t\t<\/div>\n\t\t\t\t\t\t<\/div>\n\t\t\t\t<div class=\"elementor-element elementor-element-c44bc50 elementor-widget elementor-widget-heading\" data-id=\"c44bc50\" data-element_type=\"widget\" data-e-type=\"widget\" data-widget_type=\"heading.default\">\n\t\t\t\t\t<h2 class=\"elementor-heading-title elementor-size-default\"><span>Winter coziness<\/span>: pom-pom hats and mittens<\/h2>\t\t\t\t<\/div>\n\t\t\t\t<\/div>\n\t\t<div class=\"elementor-element elementor-element-ae1b23c e-con-full e-flex e-con e-parent\" data-id=\"ae1b23c\" data-element_type=\"container\" data-e-type=\"container\">\n\t\t\t\t<div class=\"elementor-element elementor-element-ae055cf elementor-widget__width-inherit elementor-widget-mobile__width-inherit elementor-widget elementor-widget-shortcode\" data-id=\"ae055cf\" data-element_type=\"widget\" data-e-type=\"widget\" data-widget_type=\"shortcode.default\">\n\t\t\t\t\t\t\t<div class=\"elementor-shortcode\"><div class=\"woocommerce columns-2 \">\r\n<ul class=\"products oceanwp-row clr grid tablet-col tablet-2-col mobile-col mobile-2-col\">\r\n<li class=\"entry has-media has-rating col span_1_of_2 owp-content-center owp-thumbs-layout-vertical owp-btn-big owp-tabs-layout-vertical circle-sale product type-product post-27251 status-publish first instock product_cat-baby-accessories product_cat-baby-boy-accessories product_cat-baby-girl-accessories product_cat-newborn-accessories product_cat-newborn-boy-accessories product_cat-newborn-girl-accessories has-post-thumbnail taxable shipping-taxable purchasable product-type-variable has-default-attributes\">\n\t<div class=\"product-inner clr\">\n\t<div class=\"woo-entry-image-swap woo-entry-image clr\">\n\t\t<a href=\"https:\/\/voyagedelabaleine.fr\/en\/product\/baby-hat-and-mittens-set-storm-blue\/\" class=\"woocommerce-LoopProduct-link\"><img decoding=\"async\" width=\"600\" height=\"800\" src=\"https:\/\/voyagedelabaleine.fr\/wp-content\/uploads\/2024\/08\/ensemble-bebe-bonnet-moufles-bleu-orage2-fotor-20241010175747-600x800.jpg\" class=\"woo-entry-image-main\" alt=\"Baby Hat and Mittens Set &#8211; Storm Blue\" itemprop=\"image\" srcset=\"https:\/\/voyagedelabaleine.fr\/wp-content\/uploads\/2024\/08\/ensemble-bebe-bonnet-moufles-bleu-orage2-fotor-20241010175747-600x800.jpg 600w, https:\/\/voyagedelabaleine.fr\/wp-content\/uploads\/2024\/08\/ensemble-bebe-bonnet-moufles-bleu-orage2-fotor-20241010175747-225x300.jpg 225w, https:\/\/voyagedelabaleine.fr\/wp-content\/uploads\/2024\/08\/ensemble-bebe-bonnet-moufles-bleu-orage2-fotor-20241010175747-768x1024.jpg 768w, https:\/\/voyagedelabaleine.fr\/wp-content\/uploads\/2024\/08\/ensemble-bebe-bonnet-moufles-bleu-orage2-fotor-20241010175747.jpg 917w\" sizes=\"(max-width: 600px) 100vw, 600px\" \/><img decoding=\"async\" width=\"600\" height=\"800\" src=\"https:\/\/voyagedelabaleine.fr\/wp-content\/uploads\/2024\/08\/ensemble-bebe-bonnet-moufles-bleu-orage2-fotor-2024101017599-600x800.jpg\" class=\"woo-entry-image-secondary\" alt=\"Baby Hat and Mittens Set &#8211; Storm Blue\" itemprop=\"image\" srcset=\"https:\/\/voyagedelabaleine.fr\/wp-content\/uploads\/2024\/08\/ensemble-bebe-bonnet-moufles-bleu-orage2-fotor-2024101017599-600x800.jpg 600w, https:\/\/voyagedelabaleine.fr\/wp-content\/uploads\/2024\/08\/ensemble-bebe-bonnet-moufles-bleu-orage2-fotor-2024101017599-225x300.jpg 225w, https:\/\/voyagedelabaleine.fr\/wp-content\/uploads\/2024\/08\/ensemble-bebe-bonnet-moufles-bleu-orage2-fotor-2024101017599-768x1024.jpg 768w, https:\/\/voyagedelabaleine.fr\/wp-content\/uploads\/2024\/08\/ensemble-bebe-bonnet-moufles-bleu-orage2-fotor-2024101017599.jpg 917w\" sizes=\"(max-width: 600px) 100vw, 600px\" \/><\/a>\t<\/div><!-- .woo-entry-image-swap -->\n\n<ul class=\"woo-entry-inner clr\"><li class=\"image-wrap\">\n\t<div class=\"woo-entry-image-swap woo-entry-image clr\">\n\t\t<a href=\"https:\/\/voyagedelabaleine.fr\/en\/product\/baby-hat-and-mittens-set-storm-blue\/\" class=\"woocommerce-LoopProduct-link\"><img decoding=\"async\" width=\"600\" height=\"800\" src=\"https:\/\/voyagedelabaleine.fr\/wp-content\/uploads\/2024\/08\/ensemble-bebe-bonnet-moufles-bleu-orage2-fotor-20241010175747-600x800.jpg\" class=\"woo-entry-image-main\" alt=\"Baby Hat and Mittens Set &#8211; Storm Blue\" itemprop=\"image\" srcset=\"https:\/\/voyagedelabaleine.fr\/wp-content\/uploads\/2024\/08\/ensemble-bebe-bonnet-moufles-bleu-orage2-fotor-20241010175747-600x800.jpg 600w, https:\/\/voyagedelabaleine.fr\/wp-content\/uploads\/2024\/08\/ensemble-bebe-bonnet-moufles-bleu-orage2-fotor-20241010175747-225x300.jpg 225w, https:\/\/voyagedelabaleine.fr\/wp-content\/uploads\/2024\/08\/ensemble-bebe-bonnet-moufles-bleu-orage2-fotor-20241010175747-768x1024.jpg 768w, https:\/\/voyagedelabaleine.fr\/wp-content\/uploads\/2024\/08\/ensemble-bebe-bonnet-moufles-bleu-orage2-fotor-20241010175747.jpg 917w\" sizes=\"(max-width: 600px) 100vw, 600px\" \/><img decoding=\"async\" width=\"600\" height=\"800\" src=\"https:\/\/voyagedelabaleine.fr\/wp-content\/uploads\/2024\/08\/ensemble-bebe-bonnet-moufles-bleu-orage2-fotor-2024101017599-600x800.jpg\" class=\"woo-entry-image-secondary\" alt=\"Baby Hat and Mittens Set &#8211; Storm Blue\" itemprop=\"image\" srcset=\"https:\/\/voyagedelabaleine.fr\/wp-content\/uploads\/2024\/08\/ensemble-bebe-bonnet-moufles-bleu-orage2-fotor-2024101017599-600x800.jpg 600w, https:\/\/voyagedelabaleine.fr\/wp-content\/uploads\/2024\/08\/ensemble-bebe-bonnet-moufles-bleu-orage2-fotor-2024101017599-225x300.jpg 225w, https:\/\/voyagedelabaleine.fr\/wp-content\/uploads\/2024\/08\/ensemble-bebe-bonnet-moufles-bleu-orage2-fotor-2024101017599-768x1024.jpg 768w, https:\/\/voyagedelabaleine.fr\/wp-content\/uploads\/2024\/08\/ensemble-bebe-bonnet-moufles-bleu-orage2-fotor-2024101017599.jpg 917w\" sizes=\"(max-width: 600px) 100vw, 600px\" \/><\/a>\t<\/div><!-- .woo-entry-image-swap -->\n\n<\/li><li class=\"title\"><h2><a href=\"https:\/\/voyagedelabaleine.fr\/en\/product\/baby-hat-and-mittens-set-storm-blue\/\">Baby Hat and Mittens Set &#8211; Storm Blue<\/a><\/h2><\/li><li class=\"price-wrap\">\n\t<span class=\"price\"><span class=\"woocommerce-Price-amount amount\"><bdi>36<span class=\"woocommerce-Price-currencySymbol\">&euro;<\/span><\/bdi><\/span><\/span>\n<\/li><\/ul><\/div><!-- .product-inner .clr --><\/li>\n<li class=\"entry has-media col span_1_of_2 owp-content-center owp-thumbs-layout-vertical owp-btn-big owp-tabs-layout-vertical circle-sale product type-product post-26172 status-publish last instock product_cat-baby-accessories product_cat-baby-boy-accessories product_cat-baby-girl-accessories product_cat-newborn-accessories product_cat-newborn-boy-accessories product_cat-newborn-girl-accessories has-post-thumbnail taxable shipping-taxable purchasable product-type-variable has-default-attributes\">\n\t<div class=\"product-inner clr\">\n\t<div class=\"woo-entry-image-swap woo-entry-image clr\">\n\t\t<a href=\"https:\/\/voyagedelabaleine.fr\/en\/product\/baby-hat-and-mittens-set-navy-blue\/\" class=\"woocommerce-LoopProduct-link\"><img decoding=\"async\" width=\"600\" height=\"800\" src=\"https:\/\/voyagedelabaleine.fr\/wp-content\/uploads\/2024\/08\/ensemble-bebe-bonnet-moufles-bleu-marine2-fotor-20241010175042-600x800.jpg\" class=\"woo-entry-image-main\" alt=\"Baby hat and mittens set &#8211; Navy blue\" itemprop=\"image\" srcset=\"https:\/\/voyagedelabaleine.fr\/wp-content\/uploads\/2024\/08\/ensemble-bebe-bonnet-moufles-bleu-marine2-fotor-20241010175042-600x800.jpg 600w, https:\/\/voyagedelabaleine.fr\/wp-content\/uploads\/2024\/08\/ensemble-bebe-bonnet-moufles-bleu-marine2-fotor-20241010175042-225x300.jpg 225w, https:\/\/voyagedelabaleine.fr\/wp-content\/uploads\/2024\/08\/ensemble-bebe-bonnet-moufles-bleu-marine2-fotor-20241010175042-768x1024.jpg 768w, https:\/\/voyagedelabaleine.fr\/wp-content\/uploads\/2024\/08\/ensemble-bebe-bonnet-moufles-bleu-marine2-fotor-20241010175042.jpg 885w\" sizes=\"(max-width: 600px) 100vw, 600px\" \/><img decoding=\"async\" width=\"600\" height=\"800\" src=\"https:\/\/voyagedelabaleine.fr\/wp-content\/uploads\/2024\/08\/ensemble-bebe-bonnet-moufles-bleu-marine2-fotor-20241010175141-600x800.jpg\" class=\"woo-entry-image-secondary\" alt=\"Baby hat and mittens set &#8211; Navy blue\" itemprop=\"image\" srcset=\"https:\/\/voyagedelabaleine.fr\/wp-content\/uploads\/2024\/08\/ensemble-bebe-bonnet-moufles-bleu-marine2-fotor-20241010175141-600x800.jpg 600w, https:\/\/voyagedelabaleine.fr\/wp-content\/uploads\/2024\/08\/ensemble-bebe-bonnet-moufles-bleu-marine2-fotor-20241010175141-225x300.jpg 225w, https:\/\/voyagedelabaleine.fr\/wp-content\/uploads\/2024\/08\/ensemble-bebe-bonnet-moufles-bleu-marine2-fotor-20241010175141-768x1024.jpg 768w, https:\/\/voyagedelabaleine.fr\/wp-content\/uploads\/2024\/08\/ensemble-bebe-bonnet-moufles-bleu-marine2-fotor-20241010175141.jpg 885w\" sizes=\"(max-width: 600px) 100vw, 600px\" \/><\/a>\t<\/div><!-- .woo-entry-image-swap -->\n\n<ul class=\"woo-entry-inner clr\"><li class=\"image-wrap\">\n\t<div class=\"woo-entry-image-swap woo-entry-image clr\">\n\t\t<a href=\"https:\/\/voyagedelabaleine.fr\/en\/product\/baby-hat-and-mittens-set-navy-blue\/\" class=\"woocommerce-LoopProduct-link\"><img decoding=\"async\" width=\"600\" height=\"800\" src=\"https:\/\/voyagedelabaleine.fr\/wp-content\/uploads\/2024\/08\/ensemble-bebe-bonnet-moufles-bleu-marine2-fotor-20241010175042-600x800.jpg\" class=\"woo-entry-image-main\" alt=\"Baby hat and mittens set &#8211; Navy blue\" itemprop=\"image\" srcset=\"https:\/\/voyagedelabaleine.fr\/wp-content\/uploads\/2024\/08\/ensemble-bebe-bonnet-moufles-bleu-marine2-fotor-20241010175042-600x800.jpg 600w, https:\/\/voyagedelabaleine.fr\/wp-content\/uploads\/2024\/08\/ensemble-bebe-bonnet-moufles-bleu-marine2-fotor-20241010175042-225x300.jpg 225w, https:\/\/voyagedelabaleine.fr\/wp-content\/uploads\/2024\/08\/ensemble-bebe-bonnet-moufles-bleu-marine2-fotor-20241010175042-768x1024.jpg 768w, https:\/\/voyagedelabaleine.fr\/wp-content\/uploads\/2024\/08\/ensemble-bebe-bonnet-moufles-bleu-marine2-fotor-20241010175042.jpg 885w\" sizes=\"(max-width: 600px) 100vw, 600px\" \/><img decoding=\"async\" width=\"600\" height=\"800\" src=\"https:\/\/voyagedelabaleine.fr\/wp-content\/uploads\/2024\/08\/ensemble-bebe-bonnet-moufles-bleu-marine2-fotor-20241010175141-600x800.jpg\" class=\"woo-entry-image-secondary\" alt=\"Baby hat and mittens set &#8211; Navy blue\" itemprop=\"image\" srcset=\"https:\/\/voyagedelabaleine.fr\/wp-content\/uploads\/2024\/08\/ensemble-bebe-bonnet-moufles-bleu-marine2-fotor-20241010175141-600x800.jpg 600w, https:\/\/voyagedelabaleine.fr\/wp-content\/uploads\/2024\/08\/ensemble-bebe-bonnet-moufles-bleu-marine2-fotor-20241010175141-225x300.jpg 225w, https:\/\/voyagedelabaleine.fr\/wp-content\/uploads\/2024\/08\/ensemble-bebe-bonnet-moufles-bleu-marine2-fotor-20241010175141-768x1024.jpg 768w, https:\/\/voyagedelabaleine.fr\/wp-content\/uploads\/2024\/08\/ensemble-bebe-bonnet-moufles-bleu-marine2-fotor-20241010175141.jpg 885w\" sizes=\"(max-width: 600px) 100vw, 600px\" \/><\/a>\t<\/div><!-- .woo-entry-image-swap -->\n\n<\/li><li class=\"title\"><h2><a href=\"https:\/\/voyagedelabaleine.fr\/en\/product\/baby-hat-and-mittens-set-navy-blue\/\">Baby hat and mittens set &#8211; Navy blue<\/a><\/h2><\/li><li class=\"price-wrap\">\n\t<span class=\"price\"><span class=\"woocommerce-Price-amount amount\"><bdi>36<span class=\"woocommerce-Price-currencySymbol\">&euro;<\/span><\/bdi><\/span><\/span>\n<\/li><\/ul><\/div><!-- .product-inner .clr --><\/li>\n<\/ul>\n<\/div><\/div>\n\t\t\t\t\t\t<\/div>\n\t\t\t\t<\/div>\n\t\t<div class=\"elementor-element elementor-element-c5792c7 e-con-full e-flex e-con e-parent\" data-id=\"c5792c7\" data-element_type=\"container\" data-e-type=\"container\">\n\t\t\t\t<div class=\"elementor-element elementor-element-6b97c3d elementor-widget-divider--separator-type-pattern elementor-widget-divider--view-line elementor-widget elementor-widget-divider\" data-id=\"6b97c3d\" data-element_type=\"widget\" data-e-type=\"widget\" data-widget_type=\"divider.default\">\n\t\t\t\t\t\t\t<div class=\"elementor-divider\" style=\"--divider-pattern-url: url(&quot;data:image\/svg+xml,%3Csvg xmlns=&#039;http:\/\/www.w3.org\/2000\/svg&#039; preserveAspectRatio=&#039;none&#039; overflow=&#039;visible&#039; height=&#039;100%&#039; viewBox=&#039;0 0 24 24&#039; fill=&#039;black&#039; stroke=&#039;none&#039;%3E%3Cpath d=&#039;M12.7,2.3c-0.4-0.4-1.1-0.4-1.5,0l-8,9.1c-0.3,0.4-0.3,0.9,0,1.2l8,9.1c0.4,0.4,1.1,0.4,1.5,0l8-9.1c0.3-0.4,0.3-0.9,0-1.2L12.7,2.3z&#039;\/%3E%3C\/svg%3E&quot;);\">\n\t\t\t<span class=\"elementor-divider-separator\">\n\t\t\t\t\t\t<\/span>\n\t\t<\/div>\n\t\t\t\t\t\t<\/div>\n\t\t\t\t<div class=\"elementor-element elementor-element-b80af62 elementor-widget elementor-widget-heading\" data-id=\"b80af62\" data-element_type=\"widget\" data-e-type=\"widget\" data-widget_type=\"heading.default\">\n\t\t\t\t\t<h2 class=\"elementor-heading-title elementor-size-default\">Classic elegance: baby boy essentials<\/h2>\t\t\t\t<\/div>\n\t\t\t\t<\/div>\n\t\t<div class=\"elementor-element elementor-element-e38991b e-con-full e-flex e-con e-parent\" data-id=\"e38991b\" data-element_type=\"container\" data-e-type=\"container\">\n\t\t\t\t<div class=\"elementor-element elementor-element-7f511d7 elementor-widget__width-inherit elementor-widget-mobile__width-inherit elementor-widget elementor-widget-shortcode\" data-id=\"7f511d7\" data-element_type=\"widget\" data-e-type=\"widget\" data-widget_type=\"shortcode.default\">\n\t\t\t\t\t\t\t<div class=\"elementor-shortcode\"><div class=\"woocommerce columns-4 \">\r\n<ul class=\"products oceanwp-row clr grid tablet-col tablet-2-col mobile-col mobile-2-col\">\r\n<li class=\"entry has-media has-rating col span_1_of_4 owp-content-center owp-thumbs-layout-vertical owp-btn-big owp-tabs-layout-vertical circle-sale product type-product post-26221 status-publish first instock product_cat-baby-booties product_cat-baby-boy-booties product_cat-baby-girl-booties product_cat-newborn-booties product_cat-newborn-boy-booties product_cat-newborn-girl-booties has-post-thumbnail taxable shipping-taxable purchasable product-type-variable has-default-attributes\">\n\t<div class=\"product-inner clr\">\n\t<div class=\"woo-entry-image-swap woo-entry-image clr\">\n\t\t<a href=\"https:\/\/voyagedelabaleine.fr\/en\/product\/high-top-leather-baby-booties-navy-blue\/\" class=\"woocommerce-LoopProduct-link\"><img decoding=\"async\" width=\"576\" height=\"769\" src=\"https:\/\/voyagedelabaleine.fr\/wp-content\/uploads\/2024\/09\/chaussons-bebe-cuir-haut-bleu-marine-3.jpg\" class=\"woo-entry-image-main\" alt=\"High-top Leather Baby Booties &#8211; Navy Blue\" itemprop=\"image\" srcset=\"https:\/\/voyagedelabaleine.fr\/wp-content\/uploads\/2024\/09\/chaussons-bebe-cuir-haut-bleu-marine-3.jpg 576w, https:\/\/voyagedelabaleine.fr\/wp-content\/uploads\/2024\/09\/chaussons-bebe-cuir-haut-bleu-marine-3-225x300.jpg 225w\" sizes=\"(max-width: 576px) 100vw, 576px\" \/><img decoding=\"async\" width=\"576\" height=\"769\" src=\"https:\/\/voyagedelabaleine.fr\/wp-content\/uploads\/2024\/09\/chaussons-bebe-cuir-haut-bleu-marine-5.jpg\" class=\"woo-entry-image-secondary\" alt=\"High-top Leather Baby Booties &#8211; Navy Blue\" itemprop=\"image\" srcset=\"https:\/\/voyagedelabaleine.fr\/wp-content\/uploads\/2024\/09\/chaussons-bebe-cuir-haut-bleu-marine-5.jpg 576w, https:\/\/voyagedelabaleine.fr\/wp-content\/uploads\/2024\/09\/chaussons-bebe-cuir-haut-bleu-marine-5-225x300.jpg 225w\" sizes=\"(max-width: 576px) 100vw, 576px\" \/><\/a>\t<\/div><!-- .woo-entry-image-swap -->\n\n<ul class=\"woo-entry-inner clr\"><li class=\"image-wrap\">\n\t<div class=\"woo-entry-image-swap woo-entry-image clr\">\n\t\t<a href=\"https:\/\/voyagedelabaleine.fr\/en\/product\/high-top-leather-baby-booties-navy-blue\/\" class=\"woocommerce-LoopProduct-link\"><img decoding=\"async\" width=\"576\" height=\"769\" src=\"https:\/\/voyagedelabaleine.fr\/wp-content\/uploads\/2024\/09\/chaussons-bebe-cuir-haut-bleu-marine-3.jpg\" class=\"woo-entry-image-main\" alt=\"High-top Leather Baby Booties &#8211; Navy Blue\" itemprop=\"image\" srcset=\"https:\/\/voyagedelabaleine.fr\/wp-content\/uploads\/2024\/09\/chaussons-bebe-cuir-haut-bleu-marine-3.jpg 576w, https:\/\/voyagedelabaleine.fr\/wp-content\/uploads\/2024\/09\/chaussons-bebe-cuir-haut-bleu-marine-3-225x300.jpg 225w\" sizes=\"(max-width: 576px) 100vw, 576px\" \/><img decoding=\"async\" width=\"576\" height=\"769\" src=\"https:\/\/voyagedelabaleine.fr\/wp-content\/uploads\/2024\/09\/chaussons-bebe-cuir-haut-bleu-marine-5.jpg\" class=\"woo-entry-image-secondary\" alt=\"High-top Leather Baby Booties &#8211; Navy Blue\" itemprop=\"image\" srcset=\"https:\/\/voyagedelabaleine.fr\/wp-content\/uploads\/2024\/09\/chaussons-bebe-cuir-haut-bleu-marine-5.jpg 576w, https:\/\/voyagedelabaleine.fr\/wp-content\/uploads\/2024\/09\/chaussons-bebe-cuir-haut-bleu-marine-5-225x300.jpg 225w\" sizes=\"(max-width: 576px) 100vw, 576px\" \/><\/a>\t<\/div><!-- .woo-entry-image-swap -->\n\n<\/li><li class=\"title\"><h2><a href=\"https:\/\/voyagedelabaleine.fr\/en\/product\/high-top-leather-baby-booties-navy-blue\/\">High-top Leather Baby Booties &#8211; Navy Blue<\/a><\/h2><\/li><li class=\"price-wrap\">\n\t<span class=\"price\"><span class=\"woocommerce-Price-amount amount\"><bdi>36<span class=\"woocommerce-Price-currencySymbol\">&euro;<\/span><\/bdi><\/span><\/span>\n<\/li><\/ul><\/div><!-- .product-inner .clr --><\/li>\n<li class=\"entry has-media col span_1_of_4 owp-content-center owp-thumbs-layout-vertical owp-btn-big owp-tabs-layout-vertical circle-sale product type-product post-26458 status-publish instock product_cat-baby-bloomer-shorts-trousers product_cat-baby-boy-bloomer-shorts-trousers product_cat-baby-girl-bloomer-shorts-trousers product_cat-clothing product_cat-newborn-bloomer-shorts-and-pants product_cat-newborn-boy-bloomers-shorts-pants product_cat-newborn-girl-bloomers-shorts-pants has-post-thumbnail taxable shipping-taxable purchasable product-type-variable has-default-attributes\">\n\t<div class=\"product-inner clr\">\n\t<div class=\"woo-entry-image-swap woo-entry-image clr\">\n\t\t<a href=\"https:\/\/voyagedelabaleine.fr\/en\/product\/unisex-tartan-baby-bloomer-burgundy\/\" class=\"woocommerce-LoopProduct-link\"><img decoding=\"async\" width=\"600\" height=\"800\" src=\"https:\/\/voyagedelabaleine.fr\/wp-content\/uploads\/2024\/09\/bloomer-bebe-petits-carreaux-2-fotor-2025061920234-600x800.jpg\" class=\"woo-entry-image-main\" alt=\"Unisex Tartan Baby Bloomer &#8211; Burgundy\" itemprop=\"image\" \/><img decoding=\"async\" width=\"600\" height=\"800\" src=\"https:\/\/voyagedelabaleine.fr\/wp-content\/uploads\/2024\/09\/bloomer-bebe-petits-carreaux-1-fotor-2025061920245-600x800.jpg\" class=\"woo-entry-image-secondary\" alt=\"Unisex Tartan Baby Bloomer &#8211; Burgundy\" itemprop=\"image\" srcset=\"https:\/\/voyagedelabaleine.fr\/wp-content\/uploads\/2024\/09\/bloomer-bebe-petits-carreaux-1-fotor-2025061920245-600x801.jpg 600w, https:\/\/voyagedelabaleine.fr\/wp-content\/uploads\/2024\/09\/bloomer-bebe-petits-carreaux-1-fotor-2025061920245-225x300.jpg 225w, https:\/\/voyagedelabaleine.fr\/wp-content\/uploads\/2024\/09\/bloomer-bebe-petits-carreaux-1-fotor-2025061920245-767x1024.jpg 767w, https:\/\/voyagedelabaleine.fr\/wp-content\/uploads\/2024\/09\/bloomer-bebe-petits-carreaux-1-fotor-2025061920245-768x1025.jpg 768w, https:\/\/voyagedelabaleine.fr\/wp-content\/uploads\/2024\/09\/bloomer-bebe-petits-carreaux-1-fotor-2025061920245.jpg 866w\" sizes=\"(max-width: 600px) 100vw, 600px\" \/><\/a>\t<\/div><!-- .woo-entry-image-swap -->\n\n<ul class=\"woo-entry-inner clr\"><li class=\"image-wrap\">\n\t<div class=\"woo-entry-image-swap woo-entry-image clr\">\n\t\t<a href=\"https:\/\/voyagedelabaleine.fr\/en\/product\/unisex-tartan-baby-bloomer-burgundy\/\" class=\"woocommerce-LoopProduct-link\"><img decoding=\"async\" width=\"600\" height=\"800\" src=\"https:\/\/voyagedelabaleine.fr\/wp-content\/uploads\/2024\/09\/bloomer-bebe-petits-carreaux-2-fotor-2025061920234-600x800.jpg\" class=\"woo-entry-image-main\" alt=\"Unisex Tartan Baby Bloomer &#8211; Burgundy\" itemprop=\"image\" \/><img decoding=\"async\" width=\"600\" height=\"800\" src=\"https:\/\/voyagedelabaleine.fr\/wp-content\/uploads\/2024\/09\/bloomer-bebe-petits-carreaux-1-fotor-2025061920245-600x800.jpg\" class=\"woo-entry-image-secondary\" alt=\"Unisex Tartan Baby Bloomer &#8211; Burgundy\" itemprop=\"image\" srcset=\"https:\/\/voyagedelabaleine.fr\/wp-content\/uploads\/2024\/09\/bloomer-bebe-petits-carreaux-1-fotor-2025061920245-600x801.jpg 600w, https:\/\/voyagedelabaleine.fr\/wp-content\/uploads\/2024\/09\/bloomer-bebe-petits-carreaux-1-fotor-2025061920245-225x300.jpg 225w, https:\/\/voyagedelabaleine.fr\/wp-content\/uploads\/2024\/09\/bloomer-bebe-petits-carreaux-1-fotor-2025061920245-767x1024.jpg 767w, https:\/\/voyagedelabaleine.fr\/wp-content\/uploads\/2024\/09\/bloomer-bebe-petits-carreaux-1-fotor-2025061920245-768x1025.jpg 768w, https:\/\/voyagedelabaleine.fr\/wp-content\/uploads\/2024\/09\/bloomer-bebe-petits-carreaux-1-fotor-2025061920245.jpg 866w\" sizes=\"(max-width: 600px) 100vw, 600px\" \/><\/a>\t<\/div><!-- .woo-entry-image-swap -->\n\n<\/li><li class=\"title\"><h2><a href=\"https:\/\/voyagedelabaleine.fr\/en\/product\/unisex-tartan-baby-bloomer-burgundy\/\">Unisex Tartan Baby Bloomer &#8211; Burgundy<\/a><\/h2><\/li><li class=\"price-wrap\">\n\t<span class=\"price\"><span class=\"woocommerce-Price-amount amount\"><bdi>22<span class=\"woocommerce-Price-currencySymbol\">&euro;<\/span><\/bdi><\/span><\/span>\n<\/li><\/ul><\/div><!-- .product-inner .clr --><\/li>\n<li class=\"entry has-media has-rating col span_1_of_4 owp-content-center owp-thumbs-layout-vertical owp-btn-big owp-tabs-layout-vertical circle-sale product type-product post-27105 status-publish instock product_cat-baby-bodysuit product_cat-baby-boy-bodysuit product_cat-baby-girl-bodysuit product_cat-bodysuit product_cat-newborn-bodysuit product_cat-newborn-boy-bodysuits product_cat-newborn-girl-bodysuits product_tag-bodysuit has-post-thumbnail taxable shipping-taxable purchasable product-type-variable has-default-attributes\">\n\t<div class=\"product-inner clr\">\n\t<div class=\"woo-entry-image-swap woo-entry-image clr\">\n\t\t<a href=\"https:\/\/voyagedelabaleine.fr\/en\/product\/white-long-sleeved-baby-bodysuit-with-pique-round-collar\/\" class=\"woocommerce-LoopProduct-link\"><img decoding=\"async\" width=\"600\" height=\"800\" src=\"https:\/\/voyagedelabaleine.fr\/wp-content\/uploads\/2023\/10\/body-col-pique-1-600x800.jpg\" class=\"woo-entry-image-main\" alt=\"White long-sleeved baby bodysuit with piqu\u00e9 round collar\" itemprop=\"image\" srcset=\"https:\/\/voyagedelabaleine.fr\/wp-content\/uploads\/2023\/10\/body-col-pique-1-600x800.jpg 600w, https:\/\/voyagedelabaleine.fr\/wp-content\/uploads\/2023\/10\/body-col-pique-1-225x300.jpg 225w, https:\/\/voyagedelabaleine.fr\/wp-content\/uploads\/2023\/10\/body-col-pique-1-768x1024.jpg 768w, https:\/\/voyagedelabaleine.fr\/wp-content\/uploads\/2023\/10\/body-col-pique-1.jpg 900w\" sizes=\"(max-width: 600px) 100vw, 600px\" \/><img decoding=\"async\" width=\"600\" height=\"800\" src=\"https:\/\/voyagedelabaleine.fr\/wp-content\/uploads\/2023\/10\/body-bebe-col-pique-7-600x800.jpg\" class=\"woo-entry-image-secondary\" alt=\"White long-sleeved baby bodysuit with piqu\u00e9 round collar\" itemprop=\"image\" srcset=\"https:\/\/voyagedelabaleine.fr\/wp-content\/uploads\/2023\/10\/body-bebe-col-pique-7-600x800.jpg 600w, https:\/\/voyagedelabaleine.fr\/wp-content\/uploads\/2023\/10\/body-bebe-col-pique-7-225x300.jpg 225w, https:\/\/voyagedelabaleine.fr\/wp-content\/uploads\/2023\/10\/body-bebe-col-pique-7-768x1023.jpg 768w, https:\/\/voyagedelabaleine.fr\/wp-content\/uploads\/2023\/10\/body-bebe-col-pique-7.jpg 878w\" sizes=\"(max-width: 600px) 100vw, 600px\" \/><\/a>\t<\/div><!-- .woo-entry-image-swap -->\n\n<ul class=\"woo-entry-inner clr\"><li class=\"image-wrap\">\n\t<div class=\"woo-entry-image-swap woo-entry-image clr\">\n\t\t<a href=\"https:\/\/voyagedelabaleine.fr\/en\/product\/white-long-sleeved-baby-bodysuit-with-pique-round-collar\/\" class=\"woocommerce-LoopProduct-link\"><img decoding=\"async\" width=\"600\" height=\"800\" src=\"https:\/\/voyagedelabaleine.fr\/wp-content\/uploads\/2023\/10\/body-col-pique-1-600x800.jpg\" class=\"woo-entry-image-main\" alt=\"White long-sleeved baby bodysuit with piqu\u00e9 round collar\" itemprop=\"image\" srcset=\"https:\/\/voyagedelabaleine.fr\/wp-content\/uploads\/2023\/10\/body-col-pique-1-600x800.jpg 600w, https:\/\/voyagedelabaleine.fr\/wp-content\/uploads\/2023\/10\/body-col-pique-1-225x300.jpg 225w, https:\/\/voyagedelabaleine.fr\/wp-content\/uploads\/2023\/10\/body-col-pique-1-768x1024.jpg 768w, https:\/\/voyagedelabaleine.fr\/wp-content\/uploads\/2023\/10\/body-col-pique-1.jpg 900w\" sizes=\"(max-width: 600px) 100vw, 600px\" \/><img decoding=\"async\" width=\"600\" height=\"800\" src=\"https:\/\/voyagedelabaleine.fr\/wp-content\/uploads\/2023\/10\/body-bebe-col-pique-7-600x800.jpg\" class=\"woo-entry-image-secondary\" alt=\"White long-sleeved baby bodysuit with piqu\u00e9 round collar\" itemprop=\"image\" srcset=\"https:\/\/voyagedelabaleine.fr\/wp-content\/uploads\/2023\/10\/body-bebe-col-pique-7-600x800.jpg 600w, https:\/\/voyagedelabaleine.fr\/wp-content\/uploads\/2023\/10\/body-bebe-col-pique-7-225x300.jpg 225w, https:\/\/voyagedelabaleine.fr\/wp-content\/uploads\/2023\/10\/body-bebe-col-pique-7-768x1023.jpg 768w, https:\/\/voyagedelabaleine.fr\/wp-content\/uploads\/2023\/10\/body-bebe-col-pique-7.jpg 878w\" sizes=\"(max-width: 600px) 100vw, 600px\" \/><\/a>\t<\/div><!-- .woo-entry-image-swap -->\n\n<\/li><li class=\"title\"><h2><a href=\"https:\/\/voyagedelabaleine.fr\/en\/product\/white-long-sleeved-baby-bodysuit-with-pique-round-collar\/\">White long-sleeved baby bodysuit with piqu\u00e9 round collar<\/a><\/h2><\/li><li class=\"price-wrap\">\n\t<span class=\"price\"><span class=\"woocommerce-Price-amount amount\"><bdi>22<span class=\"woocommerce-Price-currencySymbol\">&euro;<\/span><\/bdi><\/span><\/span>\n<\/li><\/ul><\/div><!-- .product-inner .clr --><\/li>\n<li class=\"entry has-media has-rating col span_1_of_4 owp-content-center owp-thumbs-layout-vertical owp-btn-big owp-tabs-layout-vertical circle-sale product type-product post-26551 status-publish last instock product_cat-baby-and-child-socks-tights product_cat-baby-boy-socks-tights product_cat-baby-girl-socks-tights product_cat-boy-socks-tights product_cat-child-socks-tights product_cat-girl-socks-tights product_cat-newborn-boy-socks-tights product_cat-newborn-girl-socks-tights product_cat-newborn-socks-tights has-post-thumbnail taxable shipping-taxable purchasable product-type-variable has-default-attributes\">\n\t<div class=\"product-inner clr\">\n\t<div class=\"woo-entry-image-swap woo-entry-image clr\">\n\t\t<a href=\"https:\/\/voyagedelabaleine.fr\/en\/product\/ribbed-baby-tights-brown\/\" class=\"woocommerce-LoopProduct-link\"><img decoding=\"async\" width=\"600\" height=\"800\" src=\"https:\/\/voyagedelabaleine.fr\/wp-content\/uploads\/2024\/09\/collant-bebe-coltele-marron-1-600x800.jpg\" class=\"woo-entry-image-main\" alt=\"Ribbed Baby Tights &#8211; Brown\" itemprop=\"image\" srcset=\"https:\/\/voyagedelabaleine.fr\/wp-content\/uploads\/2024\/09\/collant-bebe-coltele-marron-1-600x800.jpg 600w, https:\/\/voyagedelabaleine.fr\/wp-content\/uploads\/2024\/09\/collant-bebe-coltele-marron-1-225x300.jpg 225w, https:\/\/voyagedelabaleine.fr\/wp-content\/uploads\/2024\/09\/collant-bebe-coltele-marron-1-768x1024.jpg 768w, https:\/\/voyagedelabaleine.fr\/wp-content\/uploads\/2024\/09\/collant-bebe-coltele-marron-1.jpg 855w\" sizes=\"(max-width: 600px) 100vw, 600px\" \/><img decoding=\"async\" width=\"600\" height=\"800\" src=\"https:\/\/voyagedelabaleine.fr\/wp-content\/uploads\/2024\/09\/collant-bebe-cotele-marron-2-1-600x800.jpg\" class=\"woo-entry-image-secondary\" alt=\"Ribbed Baby Tights &#8211; Brown\" itemprop=\"image\" srcset=\"https:\/\/voyagedelabaleine.fr\/wp-content\/uploads\/2024\/09\/collant-bebe-cotele-marron-2-1-600x800.jpg 600w, https:\/\/voyagedelabaleine.fr\/wp-content\/uploads\/2024\/09\/collant-bebe-cotele-marron-2-1-225x300.jpg 225w, https:\/\/voyagedelabaleine.fr\/wp-content\/uploads\/2024\/09\/collant-bebe-cotele-marron-2-1-768x1024.jpg 768w, https:\/\/voyagedelabaleine.fr\/wp-content\/uploads\/2024\/09\/collant-bebe-cotele-marron-2-1.jpg 855w\" sizes=\"(max-width: 600px) 100vw, 600px\" \/><\/a>\t<\/div><!-- .woo-entry-image-swap -->\n\n<ul class=\"woo-entry-inner clr\"><li class=\"image-wrap\">\n\t<div class=\"woo-entry-image-swap woo-entry-image clr\">\n\t\t<a href=\"https:\/\/voyagedelabaleine.fr\/en\/product\/ribbed-baby-tights-brown\/\" class=\"woocommerce-LoopProduct-link\"><img decoding=\"async\" width=\"600\" height=\"800\" src=\"https:\/\/voyagedelabaleine.fr\/wp-content\/uploads\/2024\/09\/collant-bebe-coltele-marron-1-600x800.jpg\" class=\"woo-entry-image-main\" alt=\"Ribbed Baby Tights &#8211; Brown\" itemprop=\"image\" srcset=\"https:\/\/voyagedelabaleine.fr\/wp-content\/uploads\/2024\/09\/collant-bebe-coltele-marron-1-600x800.jpg 600w, https:\/\/voyagedelabaleine.fr\/wp-content\/uploads\/2024\/09\/collant-bebe-coltele-marron-1-225x300.jpg 225w, https:\/\/voyagedelabaleine.fr\/wp-content\/uploads\/2024\/09\/collant-bebe-coltele-marron-1-768x1024.jpg 768w, https:\/\/voyagedelabaleine.fr\/wp-content\/uploads\/2024\/09\/collant-bebe-coltele-marron-1.jpg 855w\" sizes=\"(max-width: 600px) 100vw, 600px\" \/><img decoding=\"async\" width=\"600\" height=\"800\" src=\"https:\/\/voyagedelabaleine.fr\/wp-content\/uploads\/2024\/09\/collant-bebe-cotele-marron-2-1-600x800.jpg\" class=\"woo-entry-image-secondary\" alt=\"Ribbed Baby Tights &#8211; Brown\" itemprop=\"image\" srcset=\"https:\/\/voyagedelabaleine.fr\/wp-content\/uploads\/2024\/09\/collant-bebe-cotele-marron-2-1-600x800.jpg 600w, https:\/\/voyagedelabaleine.fr\/wp-content\/uploads\/2024\/09\/collant-bebe-cotele-marron-2-1-225x300.jpg 225w, https:\/\/voyagedelabaleine.fr\/wp-content\/uploads\/2024\/09\/collant-bebe-cotele-marron-2-1-768x1024.jpg 768w, https:\/\/voyagedelabaleine.fr\/wp-content\/uploads\/2024\/09\/collant-bebe-cotele-marron-2-1.jpg 855w\" sizes=\"(max-width: 600px) 100vw, 600px\" \/><\/a>\t<\/div><!-- .woo-entry-image-swap -->\n\n<\/li><li class=\"title\"><h2><a href=\"https:\/\/voyagedelabaleine.fr\/en\/product\/ribbed-baby-tights-brown\/\">Ribbed Baby Tights &#8211; Brown<\/a><\/h2><\/li><li class=\"price-wrap\">\n\t<span class=\"price\"><span class=\"woocommerce-Price-amount amount\"><bdi>14<span class=\"woocommerce-Price-currencySymbol\">&euro;<\/span><\/bdi><\/span><\/span>\n<\/li><\/ul><\/div><!-- .product-inner .clr --><\/li>\n<\/ul>\n<\/div><\/div>\n\t\t\t\t\t\t<\/div>\n\t\t\t\t<\/div>\n\t\t<div class=\"elementor-element elementor-element-c8b268d e-con-full e-flex e-con e-parent\" data-id=\"c8b268d\" data-element_type=\"container\" data-e-type=\"container\">\n\t\t\t\t<div class=\"elementor-element elementor-element-2664fde elementor-widget-divider--separator-type-pattern elementor-widget-divider--view-line elementor-widget elementor-widget-divider\" data-id=\"2664fde\" data-element_type=\"widget\" data-e-type=\"widget\" data-widget_type=\"divider.default\">\n\t\t\t\t\t\t\t<div class=\"elementor-divider\" style=\"--divider-pattern-url: url(&quot;data:image\/svg+xml,%3Csvg xmlns=&#039;http:\/\/www.w3.org\/2000\/svg&#039; preserveAspectRatio=&#039;none&#039; overflow=&#039;visible&#039; height=&#039;100%&#039; viewBox=&#039;0 0 24 24&#039; fill=&#039;black&#039; stroke=&#039;none&#039;%3E%3Cpath d=&#039;M12.7,2.3c-0.4-0.4-1.1-0.4-1.5,0l-8,9.1c-0.3,0.4-0.3,0.9,0,1.2l8,9.1c0.4,0.4,1.1,0.4,1.5,0l8-9.1c0.3-0.4,0.3-0.9,0-1.2L12.7,2.3z&#039;\/%3E%3C\/svg%3E&quot;);\">\n\t\t\t<span class=\"elementor-divider-separator\">\n\t\t\t\t\t\t<\/span>\n\t\t<\/div>\n\t\t\t\t\t\t<\/div>\n\t\t\t\t<div class=\"elementor-element elementor-element-02a949d elementor-widget elementor-widget-heading\" data-id=\"02a949d\" data-element_type=\"widget\" data-e-type=\"widget\" data-widget_type=\"heading.default\">\n\t\t\t\t\t<h2 class=\"elementor-heading-title elementor-size-default\">Christmas accessories<\/h2>\t\t\t\t<\/div>\n\t\t\t\t<\/div>\n\t\t<div class=\"elementor-element elementor-element-3e4f77d e-con-full e-flex e-con e-parent\" data-id=\"3e4f77d\" data-element_type=\"container\" data-e-type=\"container\">\n\t\t\t\t<div class=\"elementor-element elementor-element-d68511d elementor-widget__width-inherit elementor-widget-mobile__width-inherit elementor-widget elementor-widget-shortcode\" data-id=\"d68511d\" data-element_type=\"widget\" data-e-type=\"widget\" data-widget_type=\"shortcode.default\">\n\t\t\t\t\t\t\t<div class=\"elementor-shortcode\"><div class=\"woocommerce columns-2 \">\r\n<ul class=\"products oceanwp-row clr grid tablet-col tablet-2-col mobile-col mobile-2-col\">\r\n<li class=\"entry has-media col span_1_of_2 owp-content-center owp-thumbs-layout-vertical owp-btn-big owp-tabs-layout-vertical circle-sale product type-product post-26090 status-publish first outofstock product_cat-baby-accessories product_cat-baby-boy-accessories product_cat-baby-girl-accessories product_cat-boy-accessories product_cat-child-accessories product_cat-girl-accessories product_cat-newborn-accessories product_cat-newborn-boy-accessories product_cat-newborn-girl-accessories has-post-thumbnail taxable shipping-taxable purchasable product-type-variable has-default-attributes\">\n\t<div class=\"product-inner clr\">\n\t<div class=\"woo-entry-image-swap woo-entry-image clr\">\n\t\t<a href=\"https:\/\/voyagedelabaleine.fr\/en\/product\/baby-blanket-pure-extra-soft-merino-wool\/\" class=\"woocommerce-LoopProduct-link\"><img decoding=\"async\" width=\"600\" height=\"800\" src=\"https:\/\/voyagedelabaleine.fr\/wp-content\/uploads\/2024\/11\/couverture-bebe-laine-merinos-2-1-1-600x800.jpg\" class=\"woo-entry-image-main\" alt=\"Baby Blanket \u2013 Pure Extra-Soft Merino Wool\" itemprop=\"image\" \/><img decoding=\"async\" width=\"600\" height=\"800\" src=\"https:\/\/voyagedelabaleine.fr\/wp-content\/uploads\/2024\/11\/couverture-bebe-laine-merinos-1-1-1-600x800.jpg\" class=\"woo-entry-image-secondary\" alt=\"Baby Blanket \u2013 Pure Extra-Soft Merino Wool\" itemprop=\"image\" \/><\/a>\t<\/div><!-- .woo-entry-image-swap -->\n\n<ul class=\"woo-entry-inner clr\"><li class=\"image-wrap\">\t\t\t\t<div class=\"outofstock-badge\">\n\t\t\t\t\tSold out \u2013 very popular\t\t\t\t<\/div><!-- .product-entry-out-of-stock-badge -->\n\t\t\t\t\n\t<div class=\"woo-entry-image-swap woo-entry-image clr\">\n\t\t<a href=\"https:\/\/voyagedelabaleine.fr\/en\/product\/baby-blanket-pure-extra-soft-merino-wool\/\" class=\"woocommerce-LoopProduct-link\"><img decoding=\"async\" width=\"600\" height=\"800\" src=\"https:\/\/voyagedelabaleine.fr\/wp-content\/uploads\/2024\/11\/couverture-bebe-laine-merinos-2-1-1-600x800.jpg\" class=\"woo-entry-image-main\" alt=\"Baby Blanket \u2013 Pure Extra-Soft Merino Wool\" itemprop=\"image\" \/><img decoding=\"async\" width=\"600\" height=\"800\" src=\"https:\/\/voyagedelabaleine.fr\/wp-content\/uploads\/2024\/11\/couverture-bebe-laine-merinos-1-1-1-600x800.jpg\" class=\"woo-entry-image-secondary\" alt=\"Baby Blanket \u2013 Pure Extra-Soft Merino Wool\" itemprop=\"image\" \/><\/a>\t<\/div><!-- .woo-entry-image-swap -->\n\n<\/li><li class=\"title\"><h2><a href=\"https:\/\/voyagedelabaleine.fr\/en\/product\/baby-blanket-pure-extra-soft-merino-wool\/\">Baby Blanket \u2013 Pure Extra-Soft Merino Wool<\/a><\/h2><\/li><li class=\"price-wrap\">\n\t<span class=\"price\"><span class=\"woocommerce-Price-amount amount\"><bdi>78<span class=\"woocommerce-Price-currencySymbol\">&euro;<\/span><\/bdi><\/span><\/span>\n<\/li><\/ul><\/div><!-- .product-inner .clr --><\/li>\n<li class=\"entry has-media col span_1_of_2 owp-content-center owp-thumbs-layout-vertical owp-btn-big owp-tabs-layout-vertical circle-sale product type-product post-26094 status-publish last outofstock product_cat-baby-accessories product_cat-baby-girl-accessories product_cat-child-accessories product_cat-girl-accessories product_cat-last-chance-final-sizes-available has-post-thumbnail taxable shipping-taxable purchasable product-type-variable has-default-attributes\">\n\t<div class=\"product-inner clr\">\n\t<div class=\"woo-entry-image-swap woo-entry-image clr\">\n\t\t<a href=\"https:\/\/voyagedelabaleine.fr\/en\/product\/set-of-2-bow-hair-clips-navy-blue-red-plaid\/\" class=\"woocommerce-LoopProduct-link\"><img decoding=\"async\" width=\"600\" height=\"800\" src=\"https:\/\/voyagedelabaleine.fr\/wp-content\/uploads\/2024\/11\/IMG_2263-2-fotor-20241121143156-600x800.jpg\" class=\"woo-entry-image-main\" alt=\"Set of 2 Bow Hair Clips &#8211; Navy Blue\/Red Plaid\" itemprop=\"image\" srcset=\"https:\/\/voyagedelabaleine.fr\/wp-content\/uploads\/2024\/11\/IMG_2263-2-fotor-20241121143156-600x800.jpg 600w, https:\/\/voyagedelabaleine.fr\/wp-content\/uploads\/2024\/11\/IMG_2263-2-fotor-20241121143156-225x300.jpg 225w, https:\/\/voyagedelabaleine.fr\/wp-content\/uploads\/2024\/11\/IMG_2263-2-fotor-20241121143156-768x1024.jpg 768w, https:\/\/voyagedelabaleine.fr\/wp-content\/uploads\/2024\/11\/IMG_2263-2-fotor-20241121143156.jpg 800w\" sizes=\"(max-width: 600px) 100vw, 600px\" \/><img decoding=\"async\" width=\"600\" height=\"800\" src=\"https:\/\/voyagedelabaleine.fr\/wp-content\/uploads\/2024\/11\/IMG_2267-fotor-20241121135118-600x800.jpg\" class=\"woo-entry-image-secondary\" alt=\"Set of 2 Bow Hair Clips &#8211; Navy Blue\/Red Plaid\" itemprop=\"image\" srcset=\"https:\/\/voyagedelabaleine.fr\/wp-content\/uploads\/2024\/11\/IMG_2267-fotor-20241121135118-600x800.jpg 600w, https:\/\/voyagedelabaleine.fr\/wp-content\/uploads\/2024\/11\/IMG_2267-fotor-20241121135118-225x300.jpg 225w, https:\/\/voyagedelabaleine.fr\/wp-content\/uploads\/2024\/11\/IMG_2267-fotor-20241121135118-768x1024.jpg 768w, https:\/\/voyagedelabaleine.fr\/wp-content\/uploads\/2024\/11\/IMG_2267-fotor-20241121135118.jpg 800w\" sizes=\"(max-width: 600px) 100vw, 600px\" \/><\/a>\t<\/div><!-- .woo-entry-image-swap -->\n\n<ul class=\"woo-entry-inner clr\"><li class=\"image-wrap\">\t\t\t\t<div class=\"outofstock-badge\">\n\t\t\t\t\tSold out \u2013 very popular\t\t\t\t<\/div><!-- .product-entry-out-of-stock-badge -->\n\t\t\t\t\n\t<div class=\"woo-entry-image-swap woo-entry-image clr\">\n\t\t<a href=\"https:\/\/voyagedelabaleine.fr\/en\/product\/set-of-2-bow-hair-clips-navy-blue-red-plaid\/\" class=\"woocommerce-LoopProduct-link\"><img decoding=\"async\" width=\"600\" height=\"800\" src=\"https:\/\/voyagedelabaleine.fr\/wp-content\/uploads\/2024\/11\/IMG_2263-2-fotor-20241121143156-600x800.jpg\" class=\"woo-entry-image-main\" alt=\"Set of 2 Bow Hair Clips &#8211; Navy Blue\/Red Plaid\" itemprop=\"image\" srcset=\"https:\/\/voyagedelabaleine.fr\/wp-content\/uploads\/2024\/11\/IMG_2263-2-fotor-20241121143156-600x800.jpg 600w, https:\/\/voyagedelabaleine.fr\/wp-content\/uploads\/2024\/11\/IMG_2263-2-fotor-20241121143156-225x300.jpg 225w, https:\/\/voyagedelabaleine.fr\/wp-content\/uploads\/2024\/11\/IMG_2263-2-fotor-20241121143156-768x1024.jpg 768w, https:\/\/voyagedelabaleine.fr\/wp-content\/uploads\/2024\/11\/IMG_2263-2-fotor-20241121143156.jpg 800w\" sizes=\"(max-width: 600px) 100vw, 600px\" \/><img decoding=\"async\" width=\"600\" height=\"800\" src=\"https:\/\/voyagedelabaleine.fr\/wp-content\/uploads\/2024\/11\/IMG_2267-fotor-20241121135118-600x800.jpg\" class=\"woo-entry-image-secondary\" alt=\"Set of 2 Bow Hair Clips &#8211; Navy Blue\/Red Plaid\" itemprop=\"image\" srcset=\"https:\/\/voyagedelabaleine.fr\/wp-content\/uploads\/2024\/11\/IMG_2267-fotor-20241121135118-600x800.jpg 600w, https:\/\/voyagedelabaleine.fr\/wp-content\/uploads\/2024\/11\/IMG_2267-fotor-20241121135118-225x300.jpg 225w, https:\/\/voyagedelabaleine.fr\/wp-content\/uploads\/2024\/11\/IMG_2267-fotor-20241121135118-768x1024.jpg 768w, https:\/\/voyagedelabaleine.fr\/wp-content\/uploads\/2024\/11\/IMG_2267-fotor-20241121135118.jpg 800w\" sizes=\"(max-width: 600px) 100vw, 600px\" \/><\/a>\t<\/div><!-- .woo-entry-image-swap -->\n\n<\/li><li class=\"title\"><h2><a href=\"https:\/\/voyagedelabaleine.fr\/en\/product\/set-of-2-bow-hair-clips-navy-blue-red-plaid\/\">Set of 2 Bow Hair Clips &#8211; Navy Blue\/Red Plaid<\/a><\/h2><\/li><li class=\"price-wrap\">\n\t<span class=\"price\"><span class=\"woocommerce-Price-amount amount\"><bdi>12<span class=\"woocommerce-Price-currencySymbol\">&euro;<\/span><\/bdi><\/span><\/span>\n<\/li><\/ul><\/div><!-- .product-inner .clr --><\/li>\n<\/ul>\n<\/div><\/div>\n\t\t\t\t\t\t<\/div>\n\t\t\t\t<\/div>\n\t\t\t\t<\/div>\n\t\t","protected":false},"excerpt":{"rendered":"<p>Tradition, magic, and softness Immerse yourselves in the enchanting world of Christmas with our collection of baby and children&#8217;s Christmas outfits. Each piece is designed to capture the magic of the holidays while combining comfort and style. From elegant dresses to cozy sets, including delicate booties and tights: our garments evoke Christmases filled with memories, [&hellip;]<\/p>\n","protected":false},"author":222595022,"featured_media":0,"parent":0,"menu_order":0,"comment_status":"closed","ping_status":"closed","template":"","meta":{"ocean_post_layout":"","ocean_both_sidebars_style":"","ocean_both_sidebars_content_width":0,"ocean_both_sidebars_sidebars_width":0,"ocean_sidebar":"","ocean_second_sidebar":"","ocean_disable_margins":"enable","ocean_add_body_class":"","ocean_shortcode_before_top_bar":"","ocean_shortcode_after_top_bar":"","ocean_shortcode_before_header":"","ocean_shortcode_after_header":"","ocean_has_shortcode":"","ocean_shortcode_after_title":"","ocean_shortcode_before_footer_widgets":"","ocean_shortcode_after_footer_widgets":"","ocean_shortcode_before_footer_bottom":"","ocean_shortcode_after_footer_bottom":"","ocean_display_top_bar":"default","ocean_display_header":"default","ocean_header_style":"","ocean_center_header_left_menu":"","ocean_custom_header_template":"","ocean_custom_logo":0,"ocean_custom_retina_logo":0,"ocean_custom_logo_max_width":0,"ocean_custom_logo_tablet_max_width":0,"ocean_custom_logo_mobile_max_width":0,"ocean_custom_logo_max_height":0,"ocean_custom_logo_tablet_max_height":0,"ocean_custom_logo_mobile_max_height":0,"ocean_header_custom_menu":"","ocean_menu_typo_font_family":"","ocean_menu_typo_font_subset":"","ocean_menu_typo_font_size":0,"ocean_menu_typo_font_size_tablet":0,"ocean_menu_typo_font_size_mobile":0,"ocean_menu_typo_font_size_unit":"px","ocean_menu_typo_font_weight":"","ocean_menu_typo_font_weight_tablet":"","ocean_menu_typo_font_weight_mobile":"","ocean_menu_typo_transform":"","ocean_menu_typo_transform_tablet":"","ocean_menu_typo_transform_mobile":"","ocean_menu_typo_line_height":0,"ocean_menu_typo_line_height_tablet":0,"ocean_menu_typo_line_height_mobile":0,"ocean_menu_typo_line_height_unit":"","ocean_menu_typo_spacing":0,"ocean_menu_typo_spacing_tablet":0,"ocean_menu_typo_spacing_mobile":0,"ocean_menu_typo_spacing_unit":"","ocean_menu_link_color":"","ocean_menu_link_color_hover":"","ocean_menu_link_color_active":"","ocean_menu_link_background":"","ocean_menu_link_hover_background":"","ocean_menu_link_active_background":"","ocean_menu_social_links_bg":"","ocean_menu_social_hover_links_bg":"","ocean_menu_social_links_color":"","ocean_menu_social_hover_links_color":"","ocean_disable_title":"default","ocean_disable_heading":"default","ocean_post_title":"","ocean_post_subheading":"","ocean_post_title_style":"","ocean_post_title_background_color":"","ocean_post_title_background":0,"ocean_post_title_bg_image_position":"","ocean_post_title_bg_image_attachment":"","ocean_post_title_bg_image_repeat":"","ocean_post_title_bg_image_size":"","ocean_post_title_height":0,"ocean_post_title_bg_overlay":0.5,"ocean_post_title_bg_overlay_color":"","ocean_disable_breadcrumbs":"default","ocean_breadcrumbs_color":"","ocean_breadcrumbs_separator_color":"","ocean_breadcrumbs_links_color":"","ocean_breadcrumbs_links_hover_color":"","ocean_display_footer_widgets":"default","ocean_display_footer_bottom":"default","ocean_custom_footer_template":"","osh_disable_topbar_sticky":"default","osh_disable_header_sticky":"default","osh_sticky_header_style":"default","osh_sticky_header_effect":"","osh_custom_sticky_logo":0,"osh_custom_retina_sticky_logo":0,"osh_custom_sticky_logo_height":0,"osh_background_color":"","osh_links_color":"","osh_links_hover_color":"","osh_links_active_color":"","osh_links_bg_color":"","osh_links_hover_bg_color":"","osh_links_active_bg_color":"","osh_menu_social_links_color":"","osh_menu_social_hover_links_color":"","footnotes":""},"class_list":["post-22607","page","type-page","status-publish","hentry","entry","owp-thumbs-layout-vertical","owp-btn-big","owp-tabs-layout-vertical","has-no-thumbnails","circle-sale"],"yoast_head":"<!-- This site is optimized with the Yoast SEO plugin v27.1.1 - https:\/\/yoast.com\/product\/yoast-seo-wordpress\/ -->\n<title>Baby Christmas outfits - Voyage de la Baleine<\/title>\n<meta name=\"description\" content=\"Discover our selection of baby Christmas outfits, crafted in Spain and Ireland. Christmas magic and tradition for your little treasures.\" \/>\n<meta name=\"robots\" content=\"index, follow, max-snippet:-1, max-image-preview:large, max-video-preview:-1\" \/>\n<link rel=\"canonical\" href=\"https:\/\/voyagedelabaleine.fr\/en\/christmas-outfits-babies-children\/\" \/>\n<meta property=\"og:locale\" content=\"en_US\" \/>\n<meta property=\"og:type\" content=\"article\" \/>\n<meta property=\"og:title\" content=\"Baby Christmas outfits - Voyage de la Baleine\" \/>\n<meta property=\"og:description\" content=\"Discover our selection of baby Christmas outfits, crafted in Spain and Ireland. Christmas magic and tradition for your little treasures.\" \/>\n<meta property=\"og:url\" content=\"https:\/\/voyagedelabaleine.fr\/en\/christmas-outfits-babies-children\/\" \/>\n<meta property=\"og:site_name\" content=\"Voyage de la Baleine\" \/>\n<meta property=\"article:publisher\" content=\"https:\/\/www.facebook.com\/voyagedelabaleine\/\" \/>\n<meta property=\"article:modified_time\" content=\"2025-12-11T16:35:43+00:00\" \/>\n<meta property=\"og:image\" content=\"https:\/\/voyagedelabaleine.fr\/wp-content\/uploads\/2025\/11\/girls-red-velvet-smocked-dress-w-2-scaled.jpg\" \/>\n\t<meta property=\"og:image:width\" content=\"2048\" \/>\n\t<meta property=\"og:image:height\" content=\"1992\" \/>\n\t<meta property=\"og:image:type\" content=\"image\/jpeg\" \/>\n<meta name=\"twitter:card\" content=\"summary_large_image\" \/>\n<meta name=\"twitter:label1\" content=\"Est. reading time\" \/>\n\t<meta name=\"twitter:data1\" content=\"1 minute\" \/>\n<script type=\"application\/ld+json\" class=\"yoast-schema-graph\">{\"@context\":\"https:\/\/schema.org\",\"@graph\":[{\"@type\":\"WebPage\",\"@id\":\"https:\/\/voyagedelabaleine.fr\/en\/christmas-outfits-babies-children\/\",\"url\":\"https:\/\/voyagedelabaleine.fr\/en\/christmas-outfits-babies-children\/\",\"name\":\"Baby Christmas outfits - Voyage de la Baleine\",\"isPartOf\":{\"@id\":\"https:\/\/voyagedelabaleine.fr\/en\/#website\"},\"primaryImageOfPage\":{\"@id\":\"https:\/\/voyagedelabaleine.fr\/en\/christmas-outfits-babies-children\/#primaryimage\"},\"image\":{\"@id\":\"https:\/\/voyagedelabaleine.fr\/en\/christmas-outfits-babies-children\/#primaryimage\"},\"thumbnailUrl\":\"https:\/\/voyagedelabaleine.fr\/wp-content\/uploads\/2025\/11\/girls-red-velvet-smocked-dress-w-2-768x747.jpg\",\"datePublished\":\"2024-10-31T10:06:02+00:00\",\"dateModified\":\"2025-12-11T16:35:43+00:00\",\"description\":\"Discover our selection of baby Christmas outfits, crafted in Spain and Ireland. Christmas magic and tradition for your little treasures.\",\"breadcrumb\":{\"@id\":\"https:\/\/voyagedelabaleine.fr\/en\/christmas-outfits-babies-children\/#breadcrumb\"},\"inLanguage\":\"en-US\",\"potentialAction\":[{\"@type\":\"ReadAction\",\"target\":[\"https:\/\/voyagedelabaleine.fr\/en\/christmas-outfits-babies-children\/\"]}]},{\"@type\":\"ImageObject\",\"inLanguage\":\"en-US\",\"@id\":\"https:\/\/voyagedelabaleine.fr\/en\/christmas-outfits-babies-children\/#primaryimage\",\"url\":\"https:\/\/voyagedelabaleine.fr\/wp-content\/uploads\/2025\/11\/girls-red-velvet-smocked-dress-w-2-768x747.jpg\",\"contentUrl\":\"https:\/\/voyagedelabaleine.fr\/wp-content\/uploads\/2025\/11\/girls-red-velvet-smocked-dress-w-2-768x747.jpg\"},{\"@type\":\"BreadcrumbList\",\"@id\":\"https:\/\/voyagedelabaleine.fr\/en\/christmas-outfits-babies-children\/#breadcrumb\",\"itemListElement\":[{\"@type\":\"ListItem\",\"position\":1,\"name\":\"Accueil\",\"item\":\"https:\/\/voyagedelabaleine.fr\/en\/timeless-refined-clothing-babies-children\/\"},{\"@type\":\"ListItem\",\"position\":2,\"name\":\"Christmas outfits\"}]},{\"@type\":\"WebSite\",\"@id\":\"https:\/\/voyagedelabaleine.fr\/en\/#website\",\"url\":\"https:\/\/voyagedelabaleine.fr\/en\/\",\"name\":\"Voyage de la Baleine\",\"description\":\"V\u00eatements intemporels et raffin\u00e9s pour b\u00e9b\u00e9s et enfants\",\"publisher\":{\"@id\":\"https:\/\/voyagedelabaleine.fr\/en\/#organization\"},\"potentialAction\":[{\"@type\":\"SearchAction\",\"target\":{\"@type\":\"EntryPoint\",\"urlTemplate\":\"https:\/\/voyagedelabaleine.fr\/en\/?s={search_term_string}\"},\"query-input\":{\"@type\":\"PropertyValueSpecification\",\"valueRequired\":true,\"valueName\":\"search_term_string\"}}],\"inLanguage\":\"en-US\"},{\"@type\":\"Organization\",\"@id\":\"https:\/\/voyagedelabaleine.fr\/en\/#organization\",\"name\":\"Voyage de la Baleine\",\"url\":\"https:\/\/voyagedelabaleine.fr\/en\/\",\"logo\":{\"@type\":\"ImageObject\",\"inLanguage\":\"en-US\",\"@id\":\"https:\/\/voyagedelabaleine.fr\/en\/#\/schema\/logo\/image\/\",\"url\":\"https:\/\/voyagedelabaleine.fr\/wp-content\/uploads\/2025\/06\/logo.webp\",\"contentUrl\":\"https:\/\/voyagedelabaleine.fr\/wp-content\/uploads\/2025\/06\/logo.webp\",\"width\":153,\"height\":64,\"caption\":\"Voyage de la Baleine\"},\"image\":{\"@id\":\"https:\/\/voyagedelabaleine.fr\/en\/#\/schema\/logo\/image\/\"},\"sameAs\":[\"https:\/\/www.facebook.com\/voyagedelabaleine\/\",\"https:\/\/www.instagram.com\/voyagedelabaleine\/\",\"https:\/\/www.pinterest.fr\/Voyagedelabaleine\/\"]}]}<\/script>\n<!-- \/ Yoast SEO plugin. -->","yoast_head_json":{"title":"Baby Christmas outfits - Voyage de la Baleine","description":"Discover our selection of baby Christmas outfits, crafted in Spain and Ireland. Christmas magic and tradition for your little treasures.","robots":{"index":"index","follow":"follow","max-snippet":"max-snippet:-1","max-image-preview":"max-image-preview:large","max-video-preview":"max-video-preview:-1"},"canonical":"https:\/\/voyagedelabaleine.fr\/en\/christmas-outfits-babies-children\/","og_locale":"en_US","og_type":"article","og_title":"Baby Christmas outfits - Voyage de la Baleine","og_description":"Discover our selection of baby Christmas outfits, crafted in Spain and Ireland. Christmas magic and tradition for your little treasures.","og_url":"https:\/\/voyagedelabaleine.fr\/en\/christmas-outfits-babies-children\/","og_site_name":"Voyage de la Baleine","article_publisher":"https:\/\/www.facebook.com\/voyagedelabaleine\/","article_modified_time":"2025-12-11T16:35:43+00:00","og_image":[{"width":2048,"height":1992,"url":"https:\/\/voyagedelabaleine.fr\/wp-content\/uploads\/2025\/11\/girls-red-velvet-smocked-dress-w-2-scaled.jpg","type":"image\/jpeg"}],"twitter_card":"summary_large_image","twitter_misc":{"Est. reading time":"1 minute"},"schema":{"@context":"https:\/\/schema.org","@graph":[{"@type":"WebPage","@id":"https:\/\/voyagedelabaleine.fr\/en\/christmas-outfits-babies-children\/","url":"https:\/\/voyagedelabaleine.fr\/en\/christmas-outfits-babies-children\/","name":"Baby Christmas outfits - Voyage de la Baleine","isPartOf":{"@id":"https:\/\/voyagedelabaleine.fr\/en\/#website"},"primaryImageOfPage":{"@id":"https:\/\/voyagedelabaleine.fr\/en\/christmas-outfits-babies-children\/#primaryimage"},"image":{"@id":"https:\/\/voyagedelabaleine.fr\/en\/christmas-outfits-babies-children\/#primaryimage"},"thumbnailUrl":"https:\/\/voyagedelabaleine.fr\/wp-content\/uploads\/2025\/11\/girls-red-velvet-smocked-dress-w-2-768x747.jpg","datePublished":"2024-10-31T10:06:02+00:00","dateModified":"2025-12-11T16:35:43+00:00","description":"Discover our selection of baby Christmas outfits, crafted in Spain and Ireland. Christmas magic and tradition for your little treasures.","breadcrumb":{"@id":"https:\/\/voyagedelabaleine.fr\/en\/christmas-outfits-babies-children\/#breadcrumb"},"inLanguage":"en-US","potentialAction":[{"@type":"ReadAction","target":["https:\/\/voyagedelabaleine.fr\/en\/christmas-outfits-babies-children\/"]}]},{"@type":"ImageObject","inLanguage":"en-US","@id":"https:\/\/voyagedelabaleine.fr\/en\/christmas-outfits-babies-children\/#primaryimage","url":"https:\/\/voyagedelabaleine.fr\/wp-content\/uploads\/2025\/11\/girls-red-velvet-smocked-dress-w-2-768x747.jpg","contentUrl":"https:\/\/voyagedelabaleine.fr\/wp-content\/uploads\/2025\/11\/girls-red-velvet-smocked-dress-w-2-768x747.jpg"},{"@type":"BreadcrumbList","@id":"https:\/\/voyagedelabaleine.fr\/en\/christmas-outfits-babies-children\/#breadcrumb","itemListElement":[{"@type":"ListItem","position":1,"name":"Accueil","item":"https:\/\/voyagedelabaleine.fr\/en\/timeless-refined-clothing-babies-children\/"},{"@type":"ListItem","position":2,"name":"Christmas outfits"}]},{"@type":"WebSite","@id":"https:\/\/voyagedelabaleine.fr\/en\/#website","url":"https:\/\/voyagedelabaleine.fr\/en\/","name":"Voyage de la Baleine","description":"V\u00eatements intemporels et raffin\u00e9s pour b\u00e9b\u00e9s et enfants","publisher":{"@id":"https:\/\/voyagedelabaleine.fr\/en\/#organization"},"potentialAction":[{"@type":"SearchAction","target":{"@type":"EntryPoint","urlTemplate":"https:\/\/voyagedelabaleine.fr\/en\/?s={search_term_string}"},"query-input":{"@type":"PropertyValueSpecification","valueRequired":true,"valueName":"search_term_string"}}],"inLanguage":"en-US"},{"@type":"Organization","@id":"https:\/\/voyagedelabaleine.fr\/en\/#organization","name":"Voyage de la Baleine","url":"https:\/\/voyagedelabaleine.fr\/en\/","logo":{"@type":"ImageObject","inLanguage":"en-US","@id":"https:\/\/voyagedelabaleine.fr\/en\/#\/schema\/logo\/image\/","url":"https:\/\/voyagedelabaleine.fr\/wp-content\/uploads\/2025\/06\/logo.webp","contentUrl":"https:\/\/voyagedelabaleine.fr\/wp-content\/uploads\/2025\/06\/logo.webp","width":153,"height":64,"caption":"Voyage de la Baleine"},"image":{"@id":"https:\/\/voyagedelabaleine.fr\/en\/#\/schema\/logo\/image\/"},"sameAs":["https:\/\/www.facebook.com\/voyagedelabaleine\/","https:\/\/www.instagram.com\/voyagedelabaleine\/","https:\/\/www.pinterest.fr\/Voyagedelabaleine\/"]}]}},"_links":{"self":[{"href":"https:\/\/voyagedelabaleine.fr\/en\/wp-json\/wp\/v2\/pages\/22607","targetHints":{"allow":["GET"]}}],"collection":[{"href":"https:\/\/voyagedelabaleine.fr\/en\/wp-json\/wp\/v2\/pages"}],"about":[{"href":"https:\/\/voyagedelabaleine.fr\/en\/wp-json\/wp\/v2\/types\/page"}],"author":[{"embeddable":true,"href":"https:\/\/voyagedelabaleine.fr\/en\/wp-json\/wp\/v2\/users\/222595022"}],"replies":[{"embeddable":true,"href":"https:\/\/voyagedelabaleine.fr\/en\/wp-json\/wp\/v2\/comments?post=22607"}],"version-history":[{"count":8,"href":"https:\/\/voyagedelabaleine.fr\/en\/wp-json\/wp\/v2\/pages\/22607\/revisions"}],"predecessor-version":[{"id":24519,"href":"https:\/\/voyagedelabaleine.fr\/en\/wp-json\/wp\/v2\/pages\/22607\/revisions\/24519"}],"wp:attachment":[{"href":"https:\/\/voyagedelabaleine.fr\/en\/wp-json\/wp\/v2\/media?parent=22607"}],"curies":[{"name":"wp","href":"https:\/\/api.w.org\/{rel}","templated":true}]}}