{"id":25920,"date":"2025-01-30T17:07:59","date_gmt":"2025-01-30T16:07:59","guid":{"rendered":"https:\/\/voyagedelabaleine.fr\/product\/baby-cardigan-beige\/"},"modified":"2025-01-30T17:07:59","modified_gmt":"2025-01-30T16:07:59","slug":"baby-cardigan-beige","status":"publish","type":"product","link":"https:\/\/voyagedelabaleine.fr\/en\/product\/baby-cardigan-beige\/","title":{"rendered":"Baby Cardigan &#8211; Beige"},"content":{"rendered":"<p>Add a touch of softness and elegance to your baby&#8217;s wardrobe with our<strong> beige baby cardigan<\/strong>. Perfect for cooler days, it is crafted from soft cotton that envelops your little one in warmth and comfort. Ideal for the first months or early years, this cardigan easily pairs with dressy or casual outfits, making every moment even more special.  <\/p>\n<p>This timeless design, with its<strong> beige<\/strong> color, embodies sophistication. Its practical cut with <strong>front buttons<\/strong> allows for easy dressing, ideal for active parents. This cardigan is designed to accompany baby&#8217;s movements while maintaining an elegant look. Wear it over a dress, a bloomer, or a <a href=\"https:\/\/voyagedelabaleine.fr\/en\/categorie-produit\/baby\/elegant-baby-clothing\/baby-outfits\/\">light outfit<\/a> for a sophisticated and charming finishing touch.   <\/p>\n<p>Versatile and essential, this beige baby cardigan is a must-have for spring or summer evenings. Its lightweight yet warm fabric makes it a perfect option <strong>for all seasons<\/strong>, ensuring comfort and style on any occasion. Carefully crafted in Spain, this garment reflects artisanal craftsmanship and <strong>impeccable quality<\/strong>.  <\/p>\n<p>Create outfits full of tenderness and softness with this lovely <strong>cardigan<\/strong>, an essential piece for baby&#8217;s first adventures. Complete their wardrobe with this chic and practical design, designed to adapt to all occasions and enhance every look with delicacy. <\/p>\n<p><em>This cardigan is also available in <a href=\"https:\/\/voyagedelabaleine.fr\/en\/product\/baby-cardigan-sky-blue\/\">sky blue<\/a> and <a href=\"https:\/\/voyagedelabaleine.fr\/en\/product\/navy-blue-baby-cardigan\/\">navy blue<\/a>.<\/em><\/p>\n<p>Made in Spain.<\/p>\n","protected":false},"excerpt":{"rendered":"<ul>\n<li>V-neck<\/li>\n<li>Closed with a button placket<\/li>\n<li>100% cotton<\/li>\n<li>Made in Spain<br \/>\n<em>This cardigan fits true to size. Choose your usual size.<\/em><\/li>\n<\/ul>\n","protected":false},"featured_media":16669,"comment_status":"open","ping_status":"closed","template":"","meta":{"ocean_post_layout":"","ocean_both_sidebars_style":"","ocean_both_sidebars_content_width":0,"ocean_both_sidebars_sidebars_width":0,"ocean_sidebar":"0","ocean_second_sidebar":"0","ocean_disable_margins":"enable","ocean_add_body_class":"","ocean_shortcode_before_top_bar":"","ocean_shortcode_after_top_bar":"","ocean_shortcode_before_header":"","ocean_shortcode_after_header":"","ocean_has_shortcode":"","ocean_shortcode_after_title":"","ocean_shortcode_before_footer_widgets":"","ocean_shortcode_after_footer_widgets":"","ocean_shortcode_before_footer_bottom":"","ocean_shortcode_after_footer_bottom":"","ocean_display_top_bar":"default","ocean_display_header":"default","ocean_header_style":"","ocean_center_header_left_menu":"0","ocean_custom_header_template":"0","ocean_custom_logo":0,"ocean_custom_retina_logo":0,"ocean_custom_logo_max_width":0,"ocean_custom_logo_tablet_max_width":0,"ocean_custom_logo_mobile_max_width":0,"ocean_custom_logo_max_height":0,"ocean_custom_logo_tablet_max_height":0,"ocean_custom_logo_mobile_max_height":0,"ocean_header_custom_menu":"0","ocean_menu_typo_font_family":"0","ocean_menu_typo_font_subset":"","ocean_menu_typo_font_size":0,"ocean_menu_typo_font_size_tablet":0,"ocean_menu_typo_font_size_mobile":0,"ocean_menu_typo_font_size_unit":"px","ocean_menu_typo_font_weight":"","ocean_menu_typo_font_weight_tablet":"","ocean_menu_typo_font_weight_mobile":"","ocean_menu_typo_transform":"","ocean_menu_typo_transform_tablet":"","ocean_menu_typo_transform_mobile":"","ocean_menu_typo_line_height":0,"ocean_menu_typo_line_height_tablet":0,"ocean_menu_typo_line_height_mobile":0,"ocean_menu_typo_line_height_unit":"","ocean_menu_typo_spacing":0,"ocean_menu_typo_spacing_tablet":0,"ocean_menu_typo_spacing_mobile":0,"ocean_menu_typo_spacing_unit":"","ocean_menu_link_color":"","ocean_menu_link_color_hover":"","ocean_menu_link_color_active":"","ocean_menu_link_background":"","ocean_menu_link_hover_background":"","ocean_menu_link_active_background":"","ocean_menu_social_links_bg":"","ocean_menu_social_hover_links_bg":"","ocean_menu_social_links_color":"","ocean_menu_social_hover_links_color":"","ocean_disable_title":"default","ocean_disable_heading":"default","ocean_post_title":"","ocean_post_subheading":"","ocean_post_title_style":"","ocean_post_title_background_color":"","ocean_post_title_background":0,"ocean_post_title_bg_image_position":"","ocean_post_title_bg_image_attachment":"","ocean_post_title_bg_image_repeat":"","ocean_post_title_bg_image_size":"","ocean_post_title_height":0,"ocean_post_title_bg_overlay":0.5,"ocean_post_title_bg_overlay_color":"","ocean_disable_breadcrumbs":"default","ocean_breadcrumbs_color":"","ocean_breadcrumbs_separator_color":"","ocean_breadcrumbs_links_color":"","ocean_breadcrumbs_links_hover_color":"","ocean_display_footer_widgets":"default","ocean_display_footer_bottom":"default","ocean_custom_footer_template":"0","osh_disable_topbar_sticky":"default","osh_disable_header_sticky":"default","osh_sticky_header_style":"default","osh_sticky_header_effect":"","osh_custom_sticky_logo":0,"osh_custom_retina_sticky_logo":0,"osh_custom_sticky_logo_height":0,"osh_background_color":"","osh_links_color":"","osh_links_hover_color":"","osh_links_active_color":"","osh_links_bg_color":"","osh_links_hover_bg_color":"","osh_links_active_bg_color":"","osh_menu_social_links_color":"","osh_menu_social_hover_links_color":""},"product_brand":[],"product_cat":[6633,6620,6644,6668,6714,6677,6718,6658,6680,6706,6695],"product_tag":[],"class_list":{"0":"post-25920","1":"product","2":"type-product","3":"status-publish","4":"has-post-thumbnail","6":"product_cat-baby-boy-sweater-vest-cardigan","7":"product_cat-baby-girl-sweater-vest-cardigan","8":"product_cat-baby-sweater-vest-cardigan","9":"product_cat-boy-sweater-vest-cardigan","10":"product_cat-chatgpt-a-dit-newborn-sweaters-cardigans-and-vests","11":"product_cat-child-sweater-vest-cardigan","12":"product_cat-clothing","13":"product_cat-girl-sweater-vest-cardigan","14":"product_cat-last-chance-final-sizes-available","15":"product_cat-newborn-boy-sweaters-cardigans-knitwear","16":"product_cat-newborn-girl-sweaters-cardigans-knitwear","18":"entry","19":"has-media","21":"first","22":"instock","23":"taxable","24":"shipping-taxable","25":"purchasable","26":"product-type-variable","27":"has-default-attributes","28":"col","29":"span_1_of_3","30":"owp-content-center","31":"owp-thumbs-layout-vertical","32":"owp-btn-big","33":"owp-tabs-layout-vertical","34":"circle-sale"},"yoast_head":"<!-- This site is optimized with the Yoast SEO plugin v27.1.1 - https:\/\/yoast.com\/product\/yoast-seo-wordpress\/ -->\n<title>Beige Baby Cardigan - Whale&#039;s Journey<\/title>\n<meta name=\"description\" content=\"Add a touch of softness and elegance to your baby&#039;s wardrobe with our beige baby cardigan. Made in Spain.\" \/>\n<meta name=\"robots\" content=\"index, follow, max-snippet:-1, max-image-preview:large, max-video-preview:-1\" \/>\n<link rel=\"canonical\" href=\"https:\/\/voyagedelabaleine.fr\/en\/product\/baby-cardigan-beige\/\" \/>\n<meta property=\"og:locale\" content=\"en_US\" \/>\n<meta property=\"og:type\" content=\"article\" \/>\n<meta property=\"og:title\" content=\"Beige Baby Cardigan - Whale&#039;s Journey\" \/>\n<meta property=\"og:description\" content=\"Add a touch of softness and elegance to your baby&#039;s wardrobe with our beige baby cardigan. Made in Spain.\" \/>\n<meta property=\"og:url\" content=\"https:\/\/voyagedelabaleine.fr\/en\/product\/baby-cardigan-beige\/\" \/>\n<meta property=\"og:site_name\" content=\"Voyage de la Baleine\" \/>\n<meta property=\"article:publisher\" content=\"https:\/\/www.facebook.com\/voyagedelabaleine\/\" \/>\n<meta property=\"og:image\" content=\"https:\/\/voyagedelabaleine.fr\/wp-content\/uploads\/2025\/01\/cardigan-bebe-beige-2.jpg\" \/>\n\t<meta property=\"og:image:width\" content=\"1300\" \/>\n\t<meta property=\"og:image:height\" content=\"1733\" \/>\n\t<meta property=\"og:image:type\" content=\"image\/jpeg\" \/>\n<meta name=\"twitter:card\" content=\"summary_large_image\" \/>\n<meta name=\"twitter:label1\" content=\"Est. reading time\" \/>\n\t<meta name=\"twitter:data1\" content=\"1 minute\" \/>\n<script type=\"application\/ld+json\" class=\"yoast-schema-graph\">{\"@context\":\"https:\/\/schema.org\",\"@graph\":[{\"@type\":\"WebPage\",\"@id\":\"https:\/\/voyagedelabaleine.fr\/en\/product\/baby-cardigan-beige\/\",\"url\":\"https:\/\/voyagedelabaleine.fr\/en\/product\/baby-cardigan-beige\/\",\"name\":\"Beige Baby Cardigan - Whale's Journey\",\"isPartOf\":{\"@id\":\"https:\/\/voyagedelabaleine.fr\/en\/#website\"},\"primaryImageOfPage\":{\"@id\":\"https:\/\/voyagedelabaleine.fr\/en\/product\/baby-cardigan-beige\/#primaryimage\"},\"image\":{\"@id\":\"https:\/\/voyagedelabaleine.fr\/en\/product\/baby-cardigan-beige\/#primaryimage\"},\"thumbnailUrl\":\"https:\/\/voyagedelabaleine.fr\/wp-content\/uploads\/2025\/01\/cardigan-bebe-beige-2.jpg\",\"datePublished\":\"2025-01-30T16:07:59+00:00\",\"description\":\"Add a touch of softness and elegance to your baby's wardrobe with our beige baby cardigan. Made in Spain.\",\"breadcrumb\":{\"@id\":\"https:\/\/voyagedelabaleine.fr\/en\/product\/baby-cardigan-beige\/#breadcrumb\"},\"inLanguage\":\"en-US\",\"potentialAction\":[{\"@type\":\"ReadAction\",\"target\":[\"https:\/\/voyagedelabaleine.fr\/en\/product\/baby-cardigan-beige\/\"]}]},{\"@type\":\"ImageObject\",\"inLanguage\":\"en-US\",\"@id\":\"https:\/\/voyagedelabaleine.fr\/en\/product\/baby-cardigan-beige\/#primaryimage\",\"url\":\"https:\/\/voyagedelabaleine.fr\/wp-content\/uploads\/2025\/01\/cardigan-bebe-beige-2.jpg\",\"contentUrl\":\"https:\/\/voyagedelabaleine.fr\/wp-content\/uploads\/2025\/01\/cardigan-bebe-beige-2.jpg\",\"width\":1300,\"height\":1733,\"caption\":\"Cardigan b\u00e9b\u00e9 beige en coton\"},{\"@type\":\"BreadcrumbList\",\"@id\":\"https:\/\/voyagedelabaleine.fr\/en\/product\/baby-cardigan-beige\/#breadcrumb\",\"itemListElement\":[{\"@type\":\"ListItem\",\"position\":1,\"name\":\"Accueil\",\"item\":\"https:\/\/voyagedelabaleine.fr\/en\/timeless-refined-clothing-babies-children\/\"},{\"@type\":\"ListItem\",\"position\":2,\"name\":\"All collection\",\"item\":\"https:\/\/voyagedelabaleine.fr\/en\/shop\/\"},{\"@type\":\"ListItem\",\"position\":3,\"name\":\"Baby Cardigan &#8211; Beige\"}]},{\"@type\":\"WebSite\",\"@id\":\"https:\/\/voyagedelabaleine.fr\/en\/#website\",\"url\":\"https:\/\/voyagedelabaleine.fr\/en\/\",\"name\":\"Voyage de la Baleine\",\"description\":\"V\u00eatements intemporels et raffin\u00e9s pour b\u00e9b\u00e9s et enfants\",\"publisher\":{\"@id\":\"https:\/\/voyagedelabaleine.fr\/en\/#organization\"},\"potentialAction\":[{\"@type\":\"SearchAction\",\"target\":{\"@type\":\"EntryPoint\",\"urlTemplate\":\"https:\/\/voyagedelabaleine.fr\/en\/?s={search_term_string}\"},\"query-input\":{\"@type\":\"PropertyValueSpecification\",\"valueRequired\":true,\"valueName\":\"search_term_string\"}}],\"inLanguage\":\"en-US\"},{\"@type\":\"Organization\",\"@id\":\"https:\/\/voyagedelabaleine.fr\/en\/#organization\",\"name\":\"Voyage de la Baleine\",\"url\":\"https:\/\/voyagedelabaleine.fr\/en\/\",\"logo\":{\"@type\":\"ImageObject\",\"inLanguage\":\"en-US\",\"@id\":\"https:\/\/voyagedelabaleine.fr\/en\/#\/schema\/logo\/image\/\",\"url\":\"https:\/\/voyagedelabaleine.fr\/wp-content\/uploads\/2025\/06\/logo.webp\",\"contentUrl\":\"https:\/\/voyagedelabaleine.fr\/wp-content\/uploads\/2025\/06\/logo.webp\",\"width\":153,\"height\":64,\"caption\":\"Voyage de la Baleine\"},\"image\":{\"@id\":\"https:\/\/voyagedelabaleine.fr\/en\/#\/schema\/logo\/image\/\"},\"sameAs\":[\"https:\/\/www.facebook.com\/voyagedelabaleine\/\",\"https:\/\/www.instagram.com\/voyagedelabaleine\/\",\"https:\/\/www.pinterest.fr\/Voyagedelabaleine\/\"]}]}<\/script>\n<!-- \/ Yoast SEO plugin. -->","yoast_head_json":{"title":"Beige Baby Cardigan - Whale's Journey","description":"Add a touch of softness and elegance to your baby's wardrobe with our beige baby cardigan. Made in Spain.","robots":{"index":"index","follow":"follow","max-snippet":"max-snippet:-1","max-image-preview":"max-image-preview:large","max-video-preview":"max-video-preview:-1"},"canonical":"https:\/\/voyagedelabaleine.fr\/en\/product\/baby-cardigan-beige\/","og_locale":"en_US","og_type":"article","og_title":"Beige Baby Cardigan - Whale's Journey","og_description":"Add a touch of softness and elegance to your baby's wardrobe with our beige baby cardigan. Made in Spain.","og_url":"https:\/\/voyagedelabaleine.fr\/en\/product\/baby-cardigan-beige\/","og_site_name":"Voyage de la Baleine","article_publisher":"https:\/\/www.facebook.com\/voyagedelabaleine\/","og_image":[{"width":1300,"height":1733,"url":"https:\/\/voyagedelabaleine.fr\/wp-content\/uploads\/2025\/01\/cardigan-bebe-beige-2.jpg","type":"image\/jpeg"}],"twitter_card":"summary_large_image","twitter_misc":{"Est. reading time":"1 minute"},"schema":{"@context":"https:\/\/schema.org","@graph":[{"@type":"WebPage","@id":"https:\/\/voyagedelabaleine.fr\/en\/product\/baby-cardigan-beige\/","url":"https:\/\/voyagedelabaleine.fr\/en\/product\/baby-cardigan-beige\/","name":"Beige Baby Cardigan - Whale's Journey","isPartOf":{"@id":"https:\/\/voyagedelabaleine.fr\/en\/#website"},"primaryImageOfPage":{"@id":"https:\/\/voyagedelabaleine.fr\/en\/product\/baby-cardigan-beige\/#primaryimage"},"image":{"@id":"https:\/\/voyagedelabaleine.fr\/en\/product\/baby-cardigan-beige\/#primaryimage"},"thumbnailUrl":"https:\/\/voyagedelabaleine.fr\/wp-content\/uploads\/2025\/01\/cardigan-bebe-beige-2.jpg","datePublished":"2025-01-30T16:07:59+00:00","description":"Add a touch of softness and elegance to your baby's wardrobe with our beige baby cardigan. Made in Spain.","breadcrumb":{"@id":"https:\/\/voyagedelabaleine.fr\/en\/product\/baby-cardigan-beige\/#breadcrumb"},"inLanguage":"en-US","potentialAction":[{"@type":"ReadAction","target":["https:\/\/voyagedelabaleine.fr\/en\/product\/baby-cardigan-beige\/"]}]},{"@type":"ImageObject","inLanguage":"en-US","@id":"https:\/\/voyagedelabaleine.fr\/en\/product\/baby-cardigan-beige\/#primaryimage","url":"https:\/\/voyagedelabaleine.fr\/wp-content\/uploads\/2025\/01\/cardigan-bebe-beige-2.jpg","contentUrl":"https:\/\/voyagedelabaleine.fr\/wp-content\/uploads\/2025\/01\/cardigan-bebe-beige-2.jpg","width":1300,"height":1733,"caption":"Cardigan b\u00e9b\u00e9 beige en coton"},{"@type":"BreadcrumbList","@id":"https:\/\/voyagedelabaleine.fr\/en\/product\/baby-cardigan-beige\/#breadcrumb","itemListElement":[{"@type":"ListItem","position":1,"name":"Accueil","item":"https:\/\/voyagedelabaleine.fr\/en\/timeless-refined-clothing-babies-children\/"},{"@type":"ListItem","position":2,"name":"All collection","item":"https:\/\/voyagedelabaleine.fr\/en\/shop\/"},{"@type":"ListItem","position":3,"name":"Baby Cardigan &#8211; Beige"}]},{"@type":"WebSite","@id":"https:\/\/voyagedelabaleine.fr\/en\/#website","url":"https:\/\/voyagedelabaleine.fr\/en\/","name":"Voyage de la Baleine","description":"V\u00eatements intemporels et raffin\u00e9s pour b\u00e9b\u00e9s et enfants","publisher":{"@id":"https:\/\/voyagedelabaleine.fr\/en\/#organization"},"potentialAction":[{"@type":"SearchAction","target":{"@type":"EntryPoint","urlTemplate":"https:\/\/voyagedelabaleine.fr\/en\/?s={search_term_string}"},"query-input":{"@type":"PropertyValueSpecification","valueRequired":true,"valueName":"search_term_string"}}],"inLanguage":"en-US"},{"@type":"Organization","@id":"https:\/\/voyagedelabaleine.fr\/en\/#organization","name":"Voyage de la Baleine","url":"https:\/\/voyagedelabaleine.fr\/en\/","logo":{"@type":"ImageObject","inLanguage":"en-US","@id":"https:\/\/voyagedelabaleine.fr\/en\/#\/schema\/logo\/image\/","url":"https:\/\/voyagedelabaleine.fr\/wp-content\/uploads\/2025\/06\/logo.webp","contentUrl":"https:\/\/voyagedelabaleine.fr\/wp-content\/uploads\/2025\/06\/logo.webp","width":153,"height":64,"caption":"Voyage de la Baleine"},"image":{"@id":"https:\/\/voyagedelabaleine.fr\/en\/#\/schema\/logo\/image\/"},"sameAs":["https:\/\/www.facebook.com\/voyagedelabaleine\/","https:\/\/www.instagram.com\/voyagedelabaleine\/","https:\/\/www.pinterest.fr\/Voyagedelabaleine\/"]}]}},"_links":{"self":[{"href":"https:\/\/voyagedelabaleine.fr\/en\/wp-json\/wp\/v2\/product\/25920","targetHints":{"allow":["GET"]}}],"collection":[{"href":"https:\/\/voyagedelabaleine.fr\/en\/wp-json\/wp\/v2\/product"}],"about":[{"href":"https:\/\/voyagedelabaleine.fr\/en\/wp-json\/wp\/v2\/types\/product"}],"replies":[{"embeddable":true,"href":"https:\/\/voyagedelabaleine.fr\/en\/wp-json\/wp\/v2\/comments?post=25920"}],"wp:featuredmedia":[{"embeddable":true,"href":"https:\/\/voyagedelabaleine.fr\/en\/wp-json\/wp\/v2\/media\/16669"}],"wp:attachment":[{"href":"https:\/\/voyagedelabaleine.fr\/en\/wp-json\/wp\/v2\/media?parent=25920"}],"wp:term":[{"taxonomy":"product_brand","embeddable":true,"href":"https:\/\/voyagedelabaleine.fr\/en\/wp-json\/wp\/v2\/product_brand?post=25920"},{"taxonomy":"product_cat","embeddable":true,"href":"https:\/\/voyagedelabaleine.fr\/en\/wp-json\/wp\/v2\/product_cat?post=25920"},{"taxonomy":"product_tag","embeddable":true,"href":"https:\/\/voyagedelabaleine.fr\/en\/wp-json\/wp\/v2\/product_tag?post=25920"}],"curies":[{"name":"wp","href":"https:\/\/api.w.org\/{rel}","templated":true}]}}