{"id":28122,"date":"2025-06-10T17:21:36","date_gmt":"2025-06-10T15:21:36","guid":{"rendered":"https:\/\/voyagedelabaleine.fr\/cadeau-naissance-fille\/"},"modified":"2026-01-22T10:24:08","modified_gmt":"2026-01-22T09:24:08","slug":"regalo-nacimiento-nina","status":"publish","type":"page","link":"https:\/\/voyagedelabaleine.fr\/es\/regalo-nacimiento-nina\/","title":{"rendered":"Regalo de nacimiento para ni\u00f1a"},"content":{"rendered":"\t\t<div data-elementor-type=\"wp-page\" data-elementor-id=\"28122\" class=\"elementor elementor-28122 elementor-18432\">\n\t\t\t\t<div class=\"elementor-element elementor-element-c7cf767 e-flex e-con-boxed e-con e-parent\" data-id=\"c7cf767\" data-element_type=\"container\" data-e-type=\"container\">\n\t\t\t\t\t<div class=\"e-con-inner\">\n\t\t\t\t<div class=\"elementor-element elementor-element-8839a36 elementor-widget elementor-widget-text-editor\" data-id=\"8839a36\" data-element_type=\"widget\" data-e-type=\"widget\" data-widget_type=\"text-editor.default\">\n\t\t\t\t\t\t\t\t\t<p>Un vestuario elegante para vestir las primeras sonrisas, con conjuntos seleccionados con cuidado, pensados como una selecci\u00f3n de inspiraciones para vuestros regalos de nacimiento.<\/p>\t\t\t\t\t\t\t\t<\/div>\n\t\t\t\t\t<\/div>\n\t\t\t\t<\/div>\n\t\t<div class=\"elementor-element elementor-element-8a7619e e-con-full e-flex e-con e-parent\" data-id=\"8a7619e\" data-element_type=\"container\" data-e-type=\"container\">\n\t\t\t\t<div class=\"elementor-element elementor-element-9250cbd elementor-widget-divider--separator-type-pattern elementor-widget-divider--view-line elementor-widget elementor-widget-divider\" data-id=\"9250cbd\" data-element_type=\"widget\" data-e-type=\"widget\" data-widget_type=\"divider.default\">\n\t\t\t\t\t\t\t<div class=\"elementor-divider\" style=\"--divider-pattern-url: url(&quot;data:image\/svg+xml,%3Csvg xmlns=&#039;http:\/\/www.w3.org\/2000\/svg&#039; preserveAspectRatio=&#039;none&#039; overflow=&#039;visible&#039; height=&#039;100%&#039; viewBox=&#039;0 0 24 24&#039; fill=&#039;black&#039; stroke=&#039;none&#039;%3E%3Cpath d=&#039;M12.7,2.3c-0.4-0.4-1.1-0.4-1.5,0l-8,9.1c-0.3,0.4-0.3,0.9,0,1.2l8,9.1c0.4,0.4,1.1,0.4,1.5,0l8-9.1c0.3-0.4,0.3-0.9,0-1.2L12.7,2.3z&#039;\/%3E%3C\/svg%3E&quot;);\">\n\t\t\t<span class=\"elementor-divider-separator\">\n\t\t\t\t\t\t<\/span>\n\t\t<\/div>\n\t\t\t\t\t\t<\/div>\n\t\t\t\t<div class=\"elementor-element elementor-element-c84511a elementor-widget elementor-widget-shortcode\" data-id=\"c84511a\" data-element_type=\"widget\" data-e-type=\"widget\" data-widget_type=\"shortcode.default\">\n\t\t\t\t\t\t\t<div class=\"elementor-shortcode\"><div class=\"woocommerce columns-3 \">\r\n<ul class=\"products oceanwp-row clr grid tablet-col tablet-2-col mobile-col mobile-2-col\">\r\n<li class=\"entry has-media col span_1_of_3 owp-content-center owp-thumbs-layout-vertical owp-btn-big owp-tabs-layout-vertical circle-sale product type-product post-30356 status-publish first instock product_cat-accesorios-nacimiento-nina product_cat-accesorios-bebe product_cat-accesorios-bebe-nina product_cat-accesorios-nacimiento has-post-thumbnail taxable shipping-taxable purchasable product-type-variable has-default-attributes\">\n\t<div class=\"product-inner clr\">\n\t<div class=\"woo-entry-image-swap woo-entry-image clr\">\n\t\t<a href=\"https:\/\/voyagedelabaleine.fr\/es\/producto\/chupetero-de-vichy-rosa\/\" class=\"woocommerce-LoopProduct-link\"><img decoding=\"async\" width=\"600\" height=\"800\" src=\"https:\/\/voyagedelabaleine.fr\/wp-content\/uploads\/2025\/11\/attache-tetine-rose-600x800.jpg\" class=\"woo-entry-image-main\" alt=\"Chupetero de vichy &#8211; Rosa\" itemprop=\"image\" srcset=\"https:\/\/voyagedelabaleine.fr\/wp-content\/uploads\/2025\/11\/attache-tetine-rose-600x799.jpg 600w, https:\/\/voyagedelabaleine.fr\/wp-content\/uploads\/2025\/11\/attache-tetine-rose-225x300.jpg 225w, https:\/\/voyagedelabaleine.fr\/wp-content\/uploads\/2025\/11\/attache-tetine-rose-769x1024.jpg 769w, https:\/\/voyagedelabaleine.fr\/wp-content\/uploads\/2025\/11\/attache-tetine-rose-768x1023.jpg 768w, https:\/\/voyagedelabaleine.fr\/wp-content\/uploads\/2025\/11\/attache-tetine-rose.jpg 1065w\" sizes=\"(max-width: 600px) 100vw, 600px\" \/><img decoding=\"async\" width=\"600\" height=\"800\" src=\"https:\/\/voyagedelabaleine.fr\/wp-content\/uploads\/2025\/11\/attache-tetine-rose-1-600x800.jpg\" class=\"woo-entry-image-secondary\" alt=\"Chupetero de vichy &#8211; Rosa\" itemprop=\"image\" srcset=\"https:\/\/voyagedelabaleine.fr\/wp-content\/uploads\/2025\/11\/attache-tetine-rose-1-600x800.jpg 600w, https:\/\/voyagedelabaleine.fr\/wp-content\/uploads\/2025\/11\/attache-tetine-rose-1-225x300.jpg 225w, https:\/\/voyagedelabaleine.fr\/wp-content\/uploads\/2025\/11\/attache-tetine-rose-1.jpg 748w\" sizes=\"(max-width: 600px) 100vw, 600px\" \/><\/a>\t<\/div><!-- .woo-entry-image-swap -->\n\n<ul class=\"woo-entry-inner clr\"><li class=\"image-wrap\">\n\t<div class=\"woo-entry-image-swap woo-entry-image clr\">\n\t\t<a href=\"https:\/\/voyagedelabaleine.fr\/es\/producto\/chupetero-de-vichy-rosa\/\" class=\"woocommerce-LoopProduct-link\"><img decoding=\"async\" width=\"600\" height=\"800\" src=\"https:\/\/voyagedelabaleine.fr\/wp-content\/uploads\/2025\/11\/attache-tetine-rose-600x800.jpg\" class=\"woo-entry-image-main\" alt=\"Chupetero de vichy &#8211; Rosa\" itemprop=\"image\" srcset=\"https:\/\/voyagedelabaleine.fr\/wp-content\/uploads\/2025\/11\/attache-tetine-rose-600x799.jpg 600w, https:\/\/voyagedelabaleine.fr\/wp-content\/uploads\/2025\/11\/attache-tetine-rose-225x300.jpg 225w, https:\/\/voyagedelabaleine.fr\/wp-content\/uploads\/2025\/11\/attache-tetine-rose-769x1024.jpg 769w, https:\/\/voyagedelabaleine.fr\/wp-content\/uploads\/2025\/11\/attache-tetine-rose-768x1023.jpg 768w, https:\/\/voyagedelabaleine.fr\/wp-content\/uploads\/2025\/11\/attache-tetine-rose.jpg 1065w\" sizes=\"(max-width: 600px) 100vw, 600px\" \/><img decoding=\"async\" width=\"600\" height=\"800\" src=\"https:\/\/voyagedelabaleine.fr\/wp-content\/uploads\/2025\/11\/attache-tetine-rose-1-600x800.jpg\" class=\"woo-entry-image-secondary\" alt=\"Chupetero de vichy &#8211; Rosa\" itemprop=\"image\" srcset=\"https:\/\/voyagedelabaleine.fr\/wp-content\/uploads\/2025\/11\/attache-tetine-rose-1-600x800.jpg 600w, https:\/\/voyagedelabaleine.fr\/wp-content\/uploads\/2025\/11\/attache-tetine-rose-1-225x300.jpg 225w, https:\/\/voyagedelabaleine.fr\/wp-content\/uploads\/2025\/11\/attache-tetine-rose-1.jpg 748w\" sizes=\"(max-width: 600px) 100vw, 600px\" \/><\/a>\t<\/div><!-- .woo-entry-image-swap -->\n\n<\/li><li class=\"title\"><h2><a href=\"https:\/\/voyagedelabaleine.fr\/es\/producto\/chupetero-de-vichy-rosa\/\">Chupetero de vichy &#8211; Rosa<\/a><\/h2><\/li><li class=\"price-wrap\">\n\t<span class=\"price\"><span class=\"woocommerce-Price-amount amount\"><bdi>12<span class=\"woocommerce-Price-currencySymbol\">&euro;<\/span><\/bdi><\/span><\/span>\n<\/li><\/ul><\/div><!-- .product-inner .clr --><\/li>\n<li class=\"entry has-media col span_1_of_3 owp-content-center owp-thumbs-layout-vertical owp-btn-big owp-tabs-layout-vertical circle-sale product type-product post-28883 status-publish instock product_cat-accesorios-nacimiento-nina product_cat-accesorios-bebe product_cat-accesorios-bebe-nina product_cat-accesorios-nacimiento has-post-thumbnail taxable shipping-taxable purchasable product-type-variable has-default-attributes\">\n\t<div class=\"product-inner clr\">\n\t<div class=\"woo-entry-image-swap woo-entry-image clr\">\n\t\t<a href=\"https:\/\/voyagedelabaleine.fr\/es\/producto\/babero-bandana-lote-de-2-rosa-personalizable\/\" class=\"woocommerce-LoopProduct-link\"><img decoding=\"async\" width=\"600\" height=\"800\" src=\"https:\/\/voyagedelabaleine.fr\/wp-content\/uploads\/2025\/11\/bavoir-bandana-personnalise-3-600x800.jpg\" class=\"woo-entry-image-main\" alt=\"Babero bandana (lote de 2) &#8211; Rosa &#8211; Personalizable\" itemprop=\"image\" srcset=\"https:\/\/voyagedelabaleine.fr\/wp-content\/uploads\/2025\/11\/bavoir-bandana-personnalise-3-600x800.jpg 600w, https:\/\/voyagedelabaleine.fr\/wp-content\/uploads\/2025\/11\/bavoir-bandana-personnalise-3-225x300.jpg 225w, https:\/\/voyagedelabaleine.fr\/wp-content\/uploads\/2025\/11\/bavoir-bandana-personnalise-3-768x1024.jpg 768w, https:\/\/voyagedelabaleine.fr\/wp-content\/uploads\/2025\/11\/bavoir-bandana-personnalise-3-1152x1536.jpg 1152w, https:\/\/voyagedelabaleine.fr\/wp-content\/uploads\/2025\/11\/bavoir-bandana-personnalise-3.jpg 1200w\" sizes=\"(max-width: 600px) 100vw, 600px\" \/><img decoding=\"async\" width=\"600\" height=\"800\" src=\"https:\/\/voyagedelabaleine.fr\/wp-content\/uploads\/2025\/11\/bavoir-bandana-rose-600x800.jpg\" class=\"woo-entry-image-secondary\" alt=\"Babero bandana (lote de 2) &#8211; Rosa &#8211; Personalizable\" itemprop=\"image\" srcset=\"https:\/\/voyagedelabaleine.fr\/wp-content\/uploads\/2025\/11\/bavoir-bandana-rose-600x800.jpg 600w, https:\/\/voyagedelabaleine.fr\/wp-content\/uploads\/2025\/11\/bavoir-bandana-rose-225x300.jpg 225w, https:\/\/voyagedelabaleine.fr\/wp-content\/uploads\/2025\/11\/bavoir-bandana-rose-768x1024.jpg 768w, https:\/\/voyagedelabaleine.fr\/wp-content\/uploads\/2025\/11\/bavoir-bandana-rose.jpg 855w\" sizes=\"(max-width: 600px) 100vw, 600px\" \/><\/a>\t<\/div><!-- .woo-entry-image-swap -->\n\n<ul class=\"woo-entry-inner clr\"><li class=\"image-wrap\">\n\t<div class=\"woo-entry-image-swap woo-entry-image clr\">\n\t\t<a href=\"https:\/\/voyagedelabaleine.fr\/es\/producto\/babero-bandana-lote-de-2-rosa-personalizable\/\" class=\"woocommerce-LoopProduct-link\"><img decoding=\"async\" width=\"600\" height=\"800\" src=\"https:\/\/voyagedelabaleine.fr\/wp-content\/uploads\/2025\/11\/bavoir-bandana-personnalise-3-600x800.jpg\" class=\"woo-entry-image-main\" alt=\"Babero bandana (lote de 2) &#8211; Rosa &#8211; Personalizable\" itemprop=\"image\" srcset=\"https:\/\/voyagedelabaleine.fr\/wp-content\/uploads\/2025\/11\/bavoir-bandana-personnalise-3-600x800.jpg 600w, https:\/\/voyagedelabaleine.fr\/wp-content\/uploads\/2025\/11\/bavoir-bandana-personnalise-3-225x300.jpg 225w, https:\/\/voyagedelabaleine.fr\/wp-content\/uploads\/2025\/11\/bavoir-bandana-personnalise-3-768x1024.jpg 768w, https:\/\/voyagedelabaleine.fr\/wp-content\/uploads\/2025\/11\/bavoir-bandana-personnalise-3-1152x1536.jpg 1152w, https:\/\/voyagedelabaleine.fr\/wp-content\/uploads\/2025\/11\/bavoir-bandana-personnalise-3.jpg 1200w\" sizes=\"(max-width: 600px) 100vw, 600px\" \/><img decoding=\"async\" width=\"600\" height=\"800\" src=\"https:\/\/voyagedelabaleine.fr\/wp-content\/uploads\/2025\/11\/bavoir-bandana-rose-600x800.jpg\" class=\"woo-entry-image-secondary\" alt=\"Babero bandana (lote de 2) &#8211; Rosa &#8211; Personalizable\" itemprop=\"image\" srcset=\"https:\/\/voyagedelabaleine.fr\/wp-content\/uploads\/2025\/11\/bavoir-bandana-rose-600x800.jpg 600w, https:\/\/voyagedelabaleine.fr\/wp-content\/uploads\/2025\/11\/bavoir-bandana-rose-225x300.jpg 225w, https:\/\/voyagedelabaleine.fr\/wp-content\/uploads\/2025\/11\/bavoir-bandana-rose-768x1024.jpg 768w, https:\/\/voyagedelabaleine.fr\/wp-content\/uploads\/2025\/11\/bavoir-bandana-rose.jpg 855w\" sizes=\"(max-width: 600px) 100vw, 600px\" \/><\/a>\t<\/div><!-- .woo-entry-image-swap -->\n\n<\/li><li class=\"title\"><h2><a href=\"https:\/\/voyagedelabaleine.fr\/es\/producto\/babero-bandana-lote-de-2-rosa-personalizable\/\">Babero bandana (lote de 2) &#8211; Rosa &#8211; Personalizable<\/a><\/h2><\/li><li class=\"price-wrap\">\n\t<span class=\"price\"><span class=\"woocommerce-Price-amount amount\" aria-hidden=\"true\"><bdi>14<span class=\"woocommerce-Price-currencySymbol\">&euro;<\/span><\/bdi><\/span> <span aria-hidden=\"true\">-<\/span> <span class=\"woocommerce-Price-amount amount\" aria-hidden=\"true\"><bdi>28<span class=\"woocommerce-Price-currencySymbol\">&euro;<\/span><\/bdi><\/span><span class=\"screen-reader-text\">Rango de precios: desde 14&euro; hasta 28&euro;<\/span><\/span>\n<\/li><\/ul><\/div><!-- .product-inner .clr --><\/li>\n<li class=\"entry has-media col span_1_of_3 owp-content-center owp-thumbs-layout-vertical owp-btn-big owp-tabs-layout-vertical circle-sale product type-product post-28870 status-publish last instock product_cat-accesorios-nacimiento-nina product_cat-accesorios-bebe product_cat-accesorios-bebe-nina product_cat-accesorios-nacimiento has-post-thumbnail taxable shipping-taxable purchasable product-type-variable has-default-attributes\">\n\t<div class=\"product-inner clr\">\n\t<div class=\"woo-entry-image-swap woo-entry-image clr\">\n\t\t<a href=\"https:\/\/voyagedelabaleine.fr\/es\/producto\/capa-de-bano-para-bebe-nino-y-manopla-rosa-personalizable\/\" class=\"woocommerce-LoopProduct-link\"><img decoding=\"async\" width=\"600\" height=\"800\" src=\"https:\/\/voyagedelabaleine.fr\/wp-content\/uploads\/2025\/11\/cape-bain-bebe-rose-1-600x800.jpg\" class=\"woo-entry-image-main\" alt=\"Capa de ba\u00f1o para beb\u00e9\/ni\u00f1o y manopla &#8211; Rosa &#8211; Personalizable\" itemprop=\"image\" srcset=\"https:\/\/voyagedelabaleine.fr\/wp-content\/uploads\/2025\/11\/cape-bain-bebe-rose-1-600x800.jpg 600w, https:\/\/voyagedelabaleine.fr\/wp-content\/uploads\/2025\/11\/cape-bain-bebe-rose-1-225x300.jpg 225w, https:\/\/voyagedelabaleine.fr\/wp-content\/uploads\/2025\/11\/cape-bain-bebe-rose-1-768x1024.jpg 768w, https:\/\/voyagedelabaleine.fr\/wp-content\/uploads\/2025\/11\/cape-bain-bebe-rose-1-1152x1536.jpg 1152w, https:\/\/voyagedelabaleine.fr\/wp-content\/uploads\/2025\/11\/cape-bain-bebe-rose-1.jpg 1202w\" sizes=\"(max-width: 600px) 100vw, 600px\" \/><img decoding=\"async\" width=\"600\" height=\"800\" src=\"https:\/\/voyagedelabaleine.fr\/wp-content\/uploads\/2025\/11\/cape-bain-bebe-rose-600x800.jpg\" class=\"woo-entry-image-secondary\" alt=\"Capa de ba\u00f1o para beb\u00e9\/ni\u00f1o y manopla &#8211; Rosa &#8211; Personalizable\" itemprop=\"image\" srcset=\"https:\/\/voyagedelabaleine.fr\/wp-content\/uploads\/2025\/11\/cape-bain-bebe-rose-600x799.jpg 600w, https:\/\/voyagedelabaleine.fr\/wp-content\/uploads\/2025\/11\/cape-bain-bebe-rose-225x300.jpg 225w, https:\/\/voyagedelabaleine.fr\/wp-content\/uploads\/2025\/11\/cape-bain-bebe-rose.jpg 766w\" sizes=\"(max-width: 600px) 100vw, 600px\" \/><\/a>\t<\/div><!-- .woo-entry-image-swap -->\n\n<ul class=\"woo-entry-inner clr\"><li class=\"image-wrap\">\n\t<div class=\"woo-entry-image-swap woo-entry-image clr\">\n\t\t<a href=\"https:\/\/voyagedelabaleine.fr\/es\/producto\/capa-de-bano-para-bebe-nino-y-manopla-rosa-personalizable\/\" class=\"woocommerce-LoopProduct-link\"><img decoding=\"async\" width=\"600\" height=\"800\" src=\"https:\/\/voyagedelabaleine.fr\/wp-content\/uploads\/2025\/11\/cape-bain-bebe-rose-1-600x800.jpg\" class=\"woo-entry-image-main\" alt=\"Capa de ba\u00f1o para beb\u00e9\/ni\u00f1o y manopla &#8211; Rosa &#8211; Personalizable\" itemprop=\"image\" srcset=\"https:\/\/voyagedelabaleine.fr\/wp-content\/uploads\/2025\/11\/cape-bain-bebe-rose-1-600x800.jpg 600w, https:\/\/voyagedelabaleine.fr\/wp-content\/uploads\/2025\/11\/cape-bain-bebe-rose-1-225x300.jpg 225w, https:\/\/voyagedelabaleine.fr\/wp-content\/uploads\/2025\/11\/cape-bain-bebe-rose-1-768x1024.jpg 768w, https:\/\/voyagedelabaleine.fr\/wp-content\/uploads\/2025\/11\/cape-bain-bebe-rose-1-1152x1536.jpg 1152w, https:\/\/voyagedelabaleine.fr\/wp-content\/uploads\/2025\/11\/cape-bain-bebe-rose-1.jpg 1202w\" sizes=\"(max-width: 600px) 100vw, 600px\" \/><img decoding=\"async\" width=\"600\" height=\"800\" src=\"https:\/\/voyagedelabaleine.fr\/wp-content\/uploads\/2025\/11\/cape-bain-bebe-rose-600x800.jpg\" class=\"woo-entry-image-secondary\" alt=\"Capa de ba\u00f1o para beb\u00e9\/ni\u00f1o y manopla &#8211; Rosa &#8211; Personalizable\" itemprop=\"image\" srcset=\"https:\/\/voyagedelabaleine.fr\/wp-content\/uploads\/2025\/11\/cape-bain-bebe-rose-600x799.jpg 600w, https:\/\/voyagedelabaleine.fr\/wp-content\/uploads\/2025\/11\/cape-bain-bebe-rose-225x300.jpg 225w, https:\/\/voyagedelabaleine.fr\/wp-content\/uploads\/2025\/11\/cape-bain-bebe-rose.jpg 766w\" sizes=\"(max-width: 600px) 100vw, 600px\" \/><\/a>\t<\/div><!-- .woo-entry-image-swap -->\n\n<\/li><li class=\"title\"><h2><a href=\"https:\/\/voyagedelabaleine.fr\/es\/producto\/capa-de-bano-para-bebe-nino-y-manopla-rosa-personalizable\/\">Capa de ba\u00f1o para beb\u00e9\/ni\u00f1o y manopla &#8211; Rosa &#8211; Personalizable<\/a><\/h2><\/li><li class=\"price-wrap\">\n\t<span class=\"price\"><span class=\"woocommerce-Price-amount amount\" aria-hidden=\"true\"><bdi>36<span class=\"woocommerce-Price-currencySymbol\">&euro;<\/span><\/bdi><\/span> <span aria-hidden=\"true\">-<\/span> <span class=\"woocommerce-Price-amount amount\" aria-hidden=\"true\"><bdi>52<span class=\"woocommerce-Price-currencySymbol\">&euro;<\/span><\/bdi><\/span><span class=\"screen-reader-text\">Rango de precios: desde 36&euro; hasta 52&euro;<\/span><\/span>\n<\/li><\/ul><\/div><!-- .product-inner .clr --><\/li>\n<\/ul>\n<\/div><\/div>\n\t\t\t\t\t\t<\/div>\n\t\t\t\t<\/div>\n\t\t<div class=\"elementor-element elementor-element-3ac86f4 e-con-full e-flex e-con e-parent\" data-id=\"3ac86f4\" data-element_type=\"container\" data-e-type=\"container\">\n\t\t\t\t<div class=\"elementor-element elementor-element-67667f5 elementor-widget-divider--separator-type-pattern elementor-widget-divider--view-line elementor-widget elementor-widget-divider\" data-id=\"67667f5\" data-element_type=\"widget\" data-e-type=\"widget\" data-widget_type=\"divider.default\">\n\t\t\t\t\t\t\t<div class=\"elementor-divider\" style=\"--divider-pattern-url: url(&quot;data:image\/svg+xml,%3Csvg xmlns=&#039;http:\/\/www.w3.org\/2000\/svg&#039; preserveAspectRatio=&#039;none&#039; overflow=&#039;visible&#039; height=&#039;100%&#039; viewBox=&#039;0 0 24 24&#039; fill=&#039;black&#039; stroke=&#039;none&#039;%3E%3Cpath d=&#039;M12.7,2.3c-0.4-0.4-1.1-0.4-1.5,0l-8,9.1c-0.3,0.4-0.3,0.9,0,1.2l8,9.1c0.4,0.4,1.1,0.4,1.5,0l8-9.1c0.3-0.4,0.3-0.9,0-1.2L12.7,2.3z&#039;\/%3E%3C\/svg%3E&quot;);\">\n\t\t\t<span class=\"elementor-divider-separator\">\n\t\t\t\t\t\t<\/span>\n\t\t<\/div>\n\t\t\t\t\t\t<\/div>\n\t\t\t\t<div class=\"elementor-element elementor-element-70faec5 elementor-widget elementor-widget-shortcode\" data-id=\"70faec5\" data-element_type=\"widget\" data-e-type=\"widget\" data-widget_type=\"shortcode.default\">\n\t\t\t\t\t\t\t<div class=\"elementor-shortcode\"><div class=\"woocommerce columns-3 \">\r\n<ul class=\"products oceanwp-row clr grid tablet-col tablet-2-col mobile-col mobile-2-col\">\r\n<li class=\"entry has-media col span_1_of_3 owp-content-center owp-thumbs-layout-vertical owp-btn-big owp-tabs-layout-vertical circle-sale product type-product post-30338 status-publish first instock product_cat-accesorios-nacimiento-nina product_cat-accesorios-nacimiento-nino product_cat-accesorios-bebe product_cat-accesorios-bebe-nina product_cat-accesorios-bebe-nino product_cat-accesorios-nacimiento has-post-thumbnail taxable shipping-taxable purchasable product-type-variable has-default-attributes\">\n\t<div class=\"product-inner clr\">\n\t<div class=\"woo-entry-image-swap woo-entry-image clr\">\n\t\t<a href=\"https:\/\/voyagedelabaleine.fr\/es\/producto\/chupetero-vichy-verde\/\" class=\"woocommerce-LoopProduct-link\"><img decoding=\"async\" width=\"600\" height=\"800\" src=\"https:\/\/voyagedelabaleine.fr\/wp-content\/uploads\/2025\/11\/attache-tetine-vert-600x800.jpg\" class=\"woo-entry-image-main\" alt=\"Chupetero vichy &#8211; Verde\" itemprop=\"image\" srcset=\"https:\/\/voyagedelabaleine.fr\/wp-content\/uploads\/2025\/11\/attache-tetine-vert-600x800.jpg 600w, https:\/\/voyagedelabaleine.fr\/wp-content\/uploads\/2025\/11\/attache-tetine-vert-225x300.jpg 225w, https:\/\/voyagedelabaleine.fr\/wp-content\/uploads\/2025\/11\/attache-tetine-vert-768x1024.jpg 768w, https:\/\/voyagedelabaleine.fr\/wp-content\/uploads\/2025\/11\/attache-tetine-vert-1152x1536.jpg 1152w, https:\/\/voyagedelabaleine.fr\/wp-content\/uploads\/2025\/11\/attache-tetine-vert-scaled.jpg 1536w\" sizes=\"(max-width: 600px) 100vw, 600px\" \/><img decoding=\"async\" width=\"600\" height=\"800\" src=\"https:\/\/voyagedelabaleine.fr\/wp-content\/uploads\/2025\/11\/attache-tetine-vert-1-600x800.jpg\" class=\"woo-entry-image-secondary\" alt=\"Chupetero vichy &#8211; Verde\" itemprop=\"image\" srcset=\"https:\/\/voyagedelabaleine.fr\/wp-content\/uploads\/2025\/11\/attache-tetine-vert-1-600x800.jpg 600w, https:\/\/voyagedelabaleine.fr\/wp-content\/uploads\/2025\/11\/attache-tetine-vert-1-225x300.jpg 225w, https:\/\/voyagedelabaleine.fr\/wp-content\/uploads\/2025\/11\/attache-tetine-vert-1-768x1023.jpg 768w, https:\/\/voyagedelabaleine.fr\/wp-content\/uploads\/2025\/11\/attache-tetine-vert-1-1153x1536.jpg 1153w, https:\/\/voyagedelabaleine.fr\/wp-content\/uploads\/2025\/11\/attache-tetine-vert-1-scaled.jpg 1537w\" sizes=\"(max-width: 600px) 100vw, 600px\" \/><\/a>\t<\/div><!-- .woo-entry-image-swap -->\n\n<ul class=\"woo-entry-inner clr\"><li class=\"image-wrap\">\n\t<div class=\"woo-entry-image-swap woo-entry-image clr\">\n\t\t<a href=\"https:\/\/voyagedelabaleine.fr\/es\/producto\/chupetero-vichy-verde\/\" class=\"woocommerce-LoopProduct-link\"><img decoding=\"async\" width=\"600\" height=\"800\" src=\"https:\/\/voyagedelabaleine.fr\/wp-content\/uploads\/2025\/11\/attache-tetine-vert-600x800.jpg\" class=\"woo-entry-image-main\" alt=\"Chupetero vichy &#8211; Verde\" itemprop=\"image\" srcset=\"https:\/\/voyagedelabaleine.fr\/wp-content\/uploads\/2025\/11\/attache-tetine-vert-600x800.jpg 600w, https:\/\/voyagedelabaleine.fr\/wp-content\/uploads\/2025\/11\/attache-tetine-vert-225x300.jpg 225w, https:\/\/voyagedelabaleine.fr\/wp-content\/uploads\/2025\/11\/attache-tetine-vert-768x1024.jpg 768w, https:\/\/voyagedelabaleine.fr\/wp-content\/uploads\/2025\/11\/attache-tetine-vert-1152x1536.jpg 1152w, https:\/\/voyagedelabaleine.fr\/wp-content\/uploads\/2025\/11\/attache-tetine-vert-scaled.jpg 1536w\" sizes=\"(max-width: 600px) 100vw, 600px\" \/><img decoding=\"async\" width=\"600\" height=\"800\" src=\"https:\/\/voyagedelabaleine.fr\/wp-content\/uploads\/2025\/11\/attache-tetine-vert-1-600x800.jpg\" class=\"woo-entry-image-secondary\" alt=\"Chupetero vichy &#8211; Verde\" itemprop=\"image\" srcset=\"https:\/\/voyagedelabaleine.fr\/wp-content\/uploads\/2025\/11\/attache-tetine-vert-1-600x800.jpg 600w, https:\/\/voyagedelabaleine.fr\/wp-content\/uploads\/2025\/11\/attache-tetine-vert-1-225x300.jpg 225w, https:\/\/voyagedelabaleine.fr\/wp-content\/uploads\/2025\/11\/attache-tetine-vert-1-768x1023.jpg 768w, https:\/\/voyagedelabaleine.fr\/wp-content\/uploads\/2025\/11\/attache-tetine-vert-1-1153x1536.jpg 1153w, https:\/\/voyagedelabaleine.fr\/wp-content\/uploads\/2025\/11\/attache-tetine-vert-1-scaled.jpg 1537w\" sizes=\"(max-width: 600px) 100vw, 600px\" \/><\/a>\t<\/div><!-- .woo-entry-image-swap -->\n\n<\/li><li class=\"title\"><h2><a href=\"https:\/\/voyagedelabaleine.fr\/es\/producto\/chupetero-vichy-verde\/\">Chupetero vichy &#8211; Verde<\/a><\/h2><\/li><li class=\"price-wrap\">\n\t<span class=\"price\"><span class=\"woocommerce-Price-amount amount\"><bdi>12<span class=\"woocommerce-Price-currencySymbol\">&euro;<\/span><\/bdi><\/span><\/span>\n<\/li><\/ul><\/div><!-- .product-inner .clr --><\/li>\n<li class=\"entry has-media col span_1_of_3 owp-content-center owp-thumbs-layout-vertical owp-btn-big owp-tabs-layout-vertical circle-sale product type-product post-33167 status-publish instock product_cat-accesorios-nacimiento-nina product_cat-accesorios-nacimiento-nino product_cat-accesorios-bebe product_cat-accesorios-bebe-nina product_cat-accesorios-bebe-nino product_cat-accesorios-nacimiento has-post-thumbnail taxable shipping-taxable purchasable product-type-variable has-default-attributes\">\n\t<div class=\"product-inner clr\">\n\t<div class=\"woo-entry-image-swap woo-entry-image clr\">\n\t\t<a href=\"https:\/\/voyagedelabaleine.fr\/es\/producto\/babero-bandana-lote-de-2-verde-personalizable\/\" class=\"woocommerce-LoopProduct-link\"><img decoding=\"async\" width=\"600\" height=\"800\" src=\"https:\/\/voyagedelabaleine.fr\/wp-content\/uploads\/2025\/11\/bavoir-bandana-vert-600x800.jpg\" class=\"woo-entry-image-main\" alt=\"Babero bandana (lote de 2) &#8211; Verde &#8211; Personalizable\" itemprop=\"image\" srcset=\"https:\/\/voyagedelabaleine.fr\/wp-content\/uploads\/2025\/11\/bavoir-bandana-vert-600x800.jpg 600w, https:\/\/voyagedelabaleine.fr\/wp-content\/uploads\/2025\/11\/bavoir-bandana-vert-225x300.jpg 225w, https:\/\/voyagedelabaleine.fr\/wp-content\/uploads\/2025\/11\/bavoir-bandana-vert-768x1024.jpg 768w, https:\/\/voyagedelabaleine.fr\/wp-content\/uploads\/2025\/11\/bavoir-bandana-vert-1152x1536.jpg 1152w, https:\/\/voyagedelabaleine.fr\/wp-content\/uploads\/2025\/11\/bavoir-bandana-vert-scaled.jpg 1536w\" sizes=\"(max-width: 600px) 100vw, 600px\" \/><img decoding=\"async\" width=\"600\" height=\"800\" src=\"https:\/\/voyagedelabaleine.fr\/wp-content\/uploads\/2025\/11\/bavoir-bandana-vert-1-600x800.jpg\" class=\"woo-entry-image-secondary\" alt=\"Babero bandana (lote de 2) &#8211; Verde &#8211; Personalizable\" itemprop=\"image\" srcset=\"https:\/\/voyagedelabaleine.fr\/wp-content\/uploads\/2025\/11\/bavoir-bandana-vert-1-600x800.jpg 600w, https:\/\/voyagedelabaleine.fr\/wp-content\/uploads\/2025\/11\/bavoir-bandana-vert-1-225x300.jpg 225w, https:\/\/voyagedelabaleine.fr\/wp-content\/uploads\/2025\/11\/bavoir-bandana-vert-1-768x1024.jpg 768w, https:\/\/voyagedelabaleine.fr\/wp-content\/uploads\/2025\/11\/bavoir-bandana-vert-1-1152x1536.jpg 1152w, https:\/\/voyagedelabaleine.fr\/wp-content\/uploads\/2025\/11\/bavoir-bandana-vert-1-scaled.jpg 1536w\" sizes=\"(max-width: 600px) 100vw, 600px\" \/><\/a>\t<\/div><!-- .woo-entry-image-swap -->\n\n<ul class=\"woo-entry-inner clr\"><li class=\"image-wrap\">\n\t<div class=\"woo-entry-image-swap woo-entry-image clr\">\n\t\t<a href=\"https:\/\/voyagedelabaleine.fr\/es\/producto\/babero-bandana-lote-de-2-verde-personalizable\/\" class=\"woocommerce-LoopProduct-link\"><img decoding=\"async\" width=\"600\" height=\"800\" src=\"https:\/\/voyagedelabaleine.fr\/wp-content\/uploads\/2025\/11\/bavoir-bandana-vert-600x800.jpg\" class=\"woo-entry-image-main\" alt=\"Babero bandana (lote de 2) &#8211; Verde &#8211; Personalizable\" itemprop=\"image\" srcset=\"https:\/\/voyagedelabaleine.fr\/wp-content\/uploads\/2025\/11\/bavoir-bandana-vert-600x800.jpg 600w, https:\/\/voyagedelabaleine.fr\/wp-content\/uploads\/2025\/11\/bavoir-bandana-vert-225x300.jpg 225w, https:\/\/voyagedelabaleine.fr\/wp-content\/uploads\/2025\/11\/bavoir-bandana-vert-768x1024.jpg 768w, https:\/\/voyagedelabaleine.fr\/wp-content\/uploads\/2025\/11\/bavoir-bandana-vert-1152x1536.jpg 1152w, https:\/\/voyagedelabaleine.fr\/wp-content\/uploads\/2025\/11\/bavoir-bandana-vert-scaled.jpg 1536w\" sizes=\"(max-width: 600px) 100vw, 600px\" \/><img decoding=\"async\" width=\"600\" height=\"800\" src=\"https:\/\/voyagedelabaleine.fr\/wp-content\/uploads\/2025\/11\/bavoir-bandana-vert-1-600x800.jpg\" class=\"woo-entry-image-secondary\" alt=\"Babero bandana (lote de 2) &#8211; Verde &#8211; Personalizable\" itemprop=\"image\" srcset=\"https:\/\/voyagedelabaleine.fr\/wp-content\/uploads\/2025\/11\/bavoir-bandana-vert-1-600x800.jpg 600w, https:\/\/voyagedelabaleine.fr\/wp-content\/uploads\/2025\/11\/bavoir-bandana-vert-1-225x300.jpg 225w, https:\/\/voyagedelabaleine.fr\/wp-content\/uploads\/2025\/11\/bavoir-bandana-vert-1-768x1024.jpg 768w, https:\/\/voyagedelabaleine.fr\/wp-content\/uploads\/2025\/11\/bavoir-bandana-vert-1-1152x1536.jpg 1152w, https:\/\/voyagedelabaleine.fr\/wp-content\/uploads\/2025\/11\/bavoir-bandana-vert-1-scaled.jpg 1536w\" sizes=\"(max-width: 600px) 100vw, 600px\" \/><\/a>\t<\/div><!-- .woo-entry-image-swap -->\n\n<\/li><li class=\"title\"><h2><a href=\"https:\/\/voyagedelabaleine.fr\/es\/producto\/babero-bandana-lote-de-2-verde-personalizable\/\">Babero bandana (lote de 2) &#8211; Verde &#8211; Personalizable<\/a><\/h2><\/li><li class=\"price-wrap\">\n\t<span class=\"price\"><span class=\"woocommerce-Price-amount amount\" aria-hidden=\"true\"><bdi>14<span class=\"woocommerce-Price-currencySymbol\">&euro;<\/span><\/bdi><\/span> <span aria-hidden=\"true\">-<\/span> <span class=\"woocommerce-Price-amount amount\" aria-hidden=\"true\"><bdi>28<span class=\"woocommerce-Price-currencySymbol\">&euro;<\/span><\/bdi><\/span><span class=\"screen-reader-text\">Rango de precios: desde 14&euro; hasta 28&euro;<\/span><\/span>\n<\/li><\/ul><\/div><!-- .product-inner .clr --><\/li>\n<li class=\"entry has-media col span_1_of_3 owp-content-center owp-thumbs-layout-vertical owp-btn-big owp-tabs-layout-vertical circle-sale product type-product post-28877 status-publish last instock product_cat-accesorios-nacimiento-nina product_cat-accesorios-nacimiento-nino product_cat-accesorios-bebe product_cat-accesorios-bebe-nina product_cat-accesorios-bebe-nino product_cat-accesorios-nacimiento has-post-thumbnail taxable shipping-taxable purchasable product-type-variable has-default-attributes\">\n\t<div class=\"product-inner clr\">\n\t<div class=\"woo-entry-image-swap woo-entry-image clr\">\n\t\t<a href=\"https:\/\/voyagedelabaleine.fr\/es\/producto\/capa-de-bano-para-bebe-nino-y-manopla-verde-personalizable\/\" class=\"woocommerce-LoopProduct-link\"><img decoding=\"async\" width=\"600\" height=\"800\" src=\"https:\/\/voyagedelabaleine.fr\/wp-content\/uploads\/2025\/11\/cape-bain-personnalise-2-600x800.jpg\" class=\"woo-entry-image-main\" alt=\"Capa de ba\u00f1o para beb\u00e9\/ni\u00f1o y manopla &#8211; Verde &#8211; Personalizable\" itemprop=\"image\" srcset=\"https:\/\/voyagedelabaleine.fr\/wp-content\/uploads\/2025\/11\/cape-bain-personnalise-2-600x800.jpg 600w, https:\/\/voyagedelabaleine.fr\/wp-content\/uploads\/2025\/11\/cape-bain-personnalise-2-225x300.jpg 225w, https:\/\/voyagedelabaleine.fr\/wp-content\/uploads\/2025\/11\/cape-bain-personnalise-2-768x1024.jpg 768w, https:\/\/voyagedelabaleine.fr\/wp-content\/uploads\/2025\/11\/cape-bain-personnalise-2.jpg 1000w\" sizes=\"(max-width: 600px) 100vw, 600px\" \/><img decoding=\"async\" width=\"600\" height=\"800\" src=\"https:\/\/voyagedelabaleine.fr\/wp-content\/uploads\/2025\/11\/cape-bain-bebe-vert-600x800.jpg\" class=\"woo-entry-image-secondary\" alt=\"Capa de ba\u00f1o para beb\u00e9\/ni\u00f1o y manopla &#8211; Verde &#8211; Personalizable\" itemprop=\"image\" srcset=\"https:\/\/voyagedelabaleine.fr\/wp-content\/uploads\/2025\/11\/cape-bain-bebe-vert-600x800.jpg 600w, https:\/\/voyagedelabaleine.fr\/wp-content\/uploads\/2025\/11\/cape-bain-bebe-vert-225x300.jpg 225w, https:\/\/voyagedelabaleine.fr\/wp-content\/uploads\/2025\/11\/cape-bain-bebe-vert-768x1024.jpg 768w, https:\/\/voyagedelabaleine.fr\/wp-content\/uploads\/2025\/11\/cape-bain-bebe-vert.jpg 900w\" sizes=\"(max-width: 600px) 100vw, 600px\" \/><\/a>\t<\/div><!-- .woo-entry-image-swap -->\n\n<ul class=\"woo-entry-inner clr\"><li class=\"image-wrap\">\n\t<div class=\"woo-entry-image-swap woo-entry-image clr\">\n\t\t<a href=\"https:\/\/voyagedelabaleine.fr\/es\/producto\/capa-de-bano-para-bebe-nino-y-manopla-verde-personalizable\/\" class=\"woocommerce-LoopProduct-link\"><img decoding=\"async\" width=\"600\" height=\"800\" src=\"https:\/\/voyagedelabaleine.fr\/wp-content\/uploads\/2025\/11\/cape-bain-personnalise-2-600x800.jpg\" class=\"woo-entry-image-main\" alt=\"Capa de ba\u00f1o para beb\u00e9\/ni\u00f1o y manopla &#8211; Verde &#8211; Personalizable\" itemprop=\"image\" srcset=\"https:\/\/voyagedelabaleine.fr\/wp-content\/uploads\/2025\/11\/cape-bain-personnalise-2-600x800.jpg 600w, https:\/\/voyagedelabaleine.fr\/wp-content\/uploads\/2025\/11\/cape-bain-personnalise-2-225x300.jpg 225w, https:\/\/voyagedelabaleine.fr\/wp-content\/uploads\/2025\/11\/cape-bain-personnalise-2-768x1024.jpg 768w, https:\/\/voyagedelabaleine.fr\/wp-content\/uploads\/2025\/11\/cape-bain-personnalise-2.jpg 1000w\" sizes=\"(max-width: 600px) 100vw, 600px\" \/><img decoding=\"async\" width=\"600\" height=\"800\" src=\"https:\/\/voyagedelabaleine.fr\/wp-content\/uploads\/2025\/11\/cape-bain-bebe-vert-600x800.jpg\" class=\"woo-entry-image-secondary\" alt=\"Capa de ba\u00f1o para beb\u00e9\/ni\u00f1o y manopla &#8211; Verde &#8211; Personalizable\" itemprop=\"image\" srcset=\"https:\/\/voyagedelabaleine.fr\/wp-content\/uploads\/2025\/11\/cape-bain-bebe-vert-600x800.jpg 600w, https:\/\/voyagedelabaleine.fr\/wp-content\/uploads\/2025\/11\/cape-bain-bebe-vert-225x300.jpg 225w, https:\/\/voyagedelabaleine.fr\/wp-content\/uploads\/2025\/11\/cape-bain-bebe-vert-768x1024.jpg 768w, https:\/\/voyagedelabaleine.fr\/wp-content\/uploads\/2025\/11\/cape-bain-bebe-vert.jpg 900w\" sizes=\"(max-width: 600px) 100vw, 600px\" \/><\/a>\t<\/div><!-- .woo-entry-image-swap -->\n\n<\/li><li class=\"title\"><h2><a href=\"https:\/\/voyagedelabaleine.fr\/es\/producto\/capa-de-bano-para-bebe-nino-y-manopla-verde-personalizable\/\">Capa de ba\u00f1o para beb\u00e9\/ni\u00f1o y manopla &#8211; Verde &#8211; Personalizable<\/a><\/h2><\/li><li class=\"price-wrap\">\n\t<span class=\"price\"><span class=\"woocommerce-Price-amount amount\" aria-hidden=\"true\"><bdi>36<span class=\"woocommerce-Price-currencySymbol\">&euro;<\/span><\/bdi><\/span> <span aria-hidden=\"true\">-<\/span> <span class=\"woocommerce-Price-amount amount\" aria-hidden=\"true\"><bdi>52<span class=\"woocommerce-Price-currencySymbol\">&euro;<\/span><\/bdi><\/span><span class=\"screen-reader-text\">Rango de precios: desde 36&euro; hasta 52&euro;<\/span><\/span>\n<\/li><\/ul><\/div><!-- .product-inner .clr --><\/li>\n<\/ul>\n<\/div><\/div>\n\t\t\t\t\t\t<\/div>\n\t\t\t\t<\/div>\n\t\t<div class=\"elementor-element elementor-element-4462232 e-con-full e-flex e-con e-parent\" data-id=\"4462232\" data-element_type=\"container\" data-e-type=\"container\">\n\t\t\t\t<div class=\"elementor-element elementor-element-94e7d03 elementor-widget-divider--separator-type-pattern elementor-widget-divider--view-line elementor-widget elementor-widget-divider\" data-id=\"94e7d03\" data-element_type=\"widget\" data-e-type=\"widget\" data-widget_type=\"divider.default\">\n\t\t\t\t\t\t\t<div class=\"elementor-divider\" style=\"--divider-pattern-url: url(&quot;data:image\/svg+xml,%3Csvg xmlns=&#039;http:\/\/www.w3.org\/2000\/svg&#039; preserveAspectRatio=&#039;none&#039; overflow=&#039;visible&#039; height=&#039;100%&#039; viewBox=&#039;0 0 24 24&#039; fill=&#039;black&#039; stroke=&#039;none&#039;%3E%3Cpath d=&#039;M12.7,2.3c-0.4-0.4-1.1-0.4-1.5,0l-8,9.1c-0.3,0.4-0.3,0.9,0,1.2l8,9.1c0.4,0.4,1.1,0.4,1.5,0l8-9.1c0.3-0.4,0.3-0.9,0-1.2L12.7,2.3z&#039;\/%3E%3C\/svg%3E&quot;);\">\n\t\t\t<span class=\"elementor-divider-separator\">\n\t\t\t\t\t\t<\/span>\n\t\t<\/div>\n\t\t\t\t\t\t<\/div>\n\t\t\t\t<div class=\"elementor-element elementor-element-f30da84 elementor-widget__width-initial elementor-widget-mobile__width-inherit elementor-widget elementor-widget-shortcode\" data-id=\"f30da84\" data-element_type=\"widget\" data-e-type=\"widget\" data-widget_type=\"shortcode.default\">\n\t\t\t\t\t\t\t<div class=\"elementor-shortcode\"><div class=\"woocommerce columns-2 \">\r\n<ul class=\"products oceanwp-row clr grid tablet-col tablet-2-col mobile-col mobile-2-col\">\r\n<li class=\"entry has-media col span_1_of_2 owp-content-center owp-thumbs-layout-vertical owp-btn-big owp-tabs-layout-vertical circle-sale product type-product post-29782 status-publish first instock product_cat-pelele-peto-ranita-nacimiento product_cat-pelele-peto-ranita-nacimiento-nina product_cat-pelele-peto-ranita-bebe product_cat-pelele-peto-ranita-bebe-nina product_cat-ropa has-post-thumbnail taxable shipping-taxable purchasable product-type-variable has-default-attributes\">\n\t<div class=\"product-inner clr\">\n\t<div class=\"woo-entry-image-swap woo-entry-image clr\">\n\t\t<a href=\"https:\/\/voyagedelabaleine.fr\/es\/producto\/ranita-de-cuadros-vichy-en-algodon-calido-rosa\/\" class=\"woocommerce-LoopProduct-link\"><img decoding=\"async\" width=\"600\" height=\"800\" src=\"https:\/\/voyagedelabaleine.fr\/wp-content\/uploads\/2025\/09\/barboteuse-bebe-vichy-rose-2-600x800.jpg\" class=\"woo-entry-image-main\" alt=\"Ranita de cuadros vichy en algod\u00f3n c\u00e1lido &#8211; Rosa\" itemprop=\"image\" srcset=\"https:\/\/voyagedelabaleine.fr\/wp-content\/uploads\/2025\/09\/barboteuse-bebe-vichy-rose-2-600x800.jpg 600w, https:\/\/voyagedelabaleine.fr\/wp-content\/uploads\/2025\/09\/barboteuse-bebe-vichy-rose-2-225x300.jpg 225w, https:\/\/voyagedelabaleine.fr\/wp-content\/uploads\/2025\/09\/barboteuse-bebe-vichy-rose-2-768x1024.jpg 768w, https:\/\/voyagedelabaleine.fr\/wp-content\/uploads\/2025\/09\/barboteuse-bebe-vichy-rose-2.jpg 1008w\" sizes=\"(max-width: 600px) 100vw, 600px\" \/><img decoding=\"async\" width=\"600\" height=\"800\" src=\"https:\/\/voyagedelabaleine.fr\/wp-content\/uploads\/2025\/09\/barboteuse-bebe-vichy-rose-1-600x800.jpg\" class=\"woo-entry-image-secondary\" alt=\"Ranita de cuadros vichy en algod\u00f3n c\u00e1lido &#8211; Rosa\" itemprop=\"image\" srcset=\"https:\/\/voyagedelabaleine.fr\/wp-content\/uploads\/2025\/09\/barboteuse-bebe-vichy-rose-1-600x800.jpg 600w, https:\/\/voyagedelabaleine.fr\/wp-content\/uploads\/2025\/09\/barboteuse-bebe-vichy-rose-1-225x300.jpg 225w, https:\/\/voyagedelabaleine.fr\/wp-content\/uploads\/2025\/09\/barboteuse-bebe-vichy-rose-1.jpg 680w\" sizes=\"(max-width: 600px) 100vw, 600px\" \/><\/a>\t<\/div><!-- .woo-entry-image-swap -->\n\n<ul class=\"woo-entry-inner clr\"><li class=\"image-wrap\">\n\t<div class=\"woo-entry-image-swap woo-entry-image clr\">\n\t\t<a href=\"https:\/\/voyagedelabaleine.fr\/es\/producto\/ranita-de-cuadros-vichy-en-algodon-calido-rosa\/\" class=\"woocommerce-LoopProduct-link\"><img decoding=\"async\" width=\"600\" height=\"800\" src=\"https:\/\/voyagedelabaleine.fr\/wp-content\/uploads\/2025\/09\/barboteuse-bebe-vichy-rose-2-600x800.jpg\" class=\"woo-entry-image-main\" alt=\"Ranita de cuadros vichy en algod\u00f3n c\u00e1lido &#8211; Rosa\" itemprop=\"image\" srcset=\"https:\/\/voyagedelabaleine.fr\/wp-content\/uploads\/2025\/09\/barboteuse-bebe-vichy-rose-2-600x800.jpg 600w, https:\/\/voyagedelabaleine.fr\/wp-content\/uploads\/2025\/09\/barboteuse-bebe-vichy-rose-2-225x300.jpg 225w, https:\/\/voyagedelabaleine.fr\/wp-content\/uploads\/2025\/09\/barboteuse-bebe-vichy-rose-2-768x1024.jpg 768w, https:\/\/voyagedelabaleine.fr\/wp-content\/uploads\/2025\/09\/barboteuse-bebe-vichy-rose-2.jpg 1008w\" sizes=\"(max-width: 600px) 100vw, 600px\" \/><img decoding=\"async\" width=\"600\" height=\"800\" src=\"https:\/\/voyagedelabaleine.fr\/wp-content\/uploads\/2025\/09\/barboteuse-bebe-vichy-rose-1-600x800.jpg\" class=\"woo-entry-image-secondary\" alt=\"Ranita de cuadros vichy en algod\u00f3n c\u00e1lido &#8211; Rosa\" itemprop=\"image\" srcset=\"https:\/\/voyagedelabaleine.fr\/wp-content\/uploads\/2025\/09\/barboteuse-bebe-vichy-rose-1-600x800.jpg 600w, https:\/\/voyagedelabaleine.fr\/wp-content\/uploads\/2025\/09\/barboteuse-bebe-vichy-rose-1-225x300.jpg 225w, https:\/\/voyagedelabaleine.fr\/wp-content\/uploads\/2025\/09\/barboteuse-bebe-vichy-rose-1.jpg 680w\" sizes=\"(max-width: 600px) 100vw, 600px\" \/><\/a>\t<\/div><!-- .woo-entry-image-swap -->\n\n<\/li><li class=\"title\"><h2><a href=\"https:\/\/voyagedelabaleine.fr\/es\/producto\/ranita-de-cuadros-vichy-en-algodon-calido-rosa\/\">Ranita de cuadros vichy en algod\u00f3n c\u00e1lido &#8211; Rosa<\/a><\/h2><\/li><li class=\"price-wrap\">\n\t<span class=\"price\"><span class=\"woocommerce-Price-amount amount\"><bdi>58<span class=\"woocommerce-Price-currencySymbol\">&euro;<\/span><\/bdi><\/span><\/span>\n<\/li><\/ul><\/div><!-- .product-inner .clr --><\/li>\n<li class=\"entry has-media has-rating col span_1_of_2 owp-content-center owp-thumbs-layout-vertical owp-btn-big owp-tabs-layout-vertical circle-sale product type-product post-29839 status-publish last instock product_cat-jersey-chaleco-cardigan-nacimiento product_cat-jersey-chaleco-cardigan-nacimiento-nina product_cat-jersey-chaleco-cardigan-bebe product_cat-jersey-chaleco-cardigan-bebe-nina product_cat-jersey-chaleco-cardigan-nina product_cat-jersey-chaleco-cardigan-ninos product_cat-ropa has-post-thumbnail taxable shipping-taxable purchasable product-type-variable has-default-attributes\">\n\t<div class=\"product-inner clr\">\n\t<div class=\"woo-entry-image-swap woo-entry-image clr\">\n\t\t<a href=\"https:\/\/voyagedelabaleine.fr\/es\/producto\/cardigan-bebe-rosa\/\" class=\"woocommerce-LoopProduct-link\"><img decoding=\"async\" width=\"600\" height=\"800\" src=\"https:\/\/voyagedelabaleine.fr\/wp-content\/uploads\/2026\/02\/gilet-rose-point-mousse-600x800.jpg\" class=\"woo-entry-image-main\" alt=\"C\u00e1rdigan beb\u00e9 &#8211; Rosa\" itemprop=\"image\" srcset=\"https:\/\/voyagedelabaleine.fr\/wp-content\/uploads\/2026\/02\/gilet-rose-point-mousse-600x799.jpg 600w, https:\/\/voyagedelabaleine.fr\/wp-content\/uploads\/2026\/02\/gilet-rose-point-mousse-225x300.jpg 225w, https:\/\/voyagedelabaleine.fr\/wp-content\/uploads\/2026\/02\/gilet-rose-point-mousse-769x1024.jpg 769w, https:\/\/voyagedelabaleine.fr\/wp-content\/uploads\/2026\/02\/gilet-rose-point-mousse-768x1023.jpg 768w, https:\/\/voyagedelabaleine.fr\/wp-content\/uploads\/2026\/02\/gilet-rose-point-mousse.jpg 1051w\" sizes=\"(max-width: 600px) 100vw, 600px\" \/><img decoding=\"async\" width=\"600\" height=\"800\" src=\"https:\/\/voyagedelabaleine.fr\/wp-content\/uploads\/2026\/02\/gilet-rose-point-mousse-2-600x800.jpg\" class=\"woo-entry-image-secondary\" alt=\"C\u00e1rdigan beb\u00e9 &#8211; Rosa\" itemprop=\"image\" srcset=\"https:\/\/voyagedelabaleine.fr\/wp-content\/uploads\/2026\/02\/gilet-rose-point-mousse-2-600x799.jpg 600w, https:\/\/voyagedelabaleine.fr\/wp-content\/uploads\/2026\/02\/gilet-rose-point-mousse-2-225x300.jpg 225w, https:\/\/voyagedelabaleine.fr\/wp-content\/uploads\/2026\/02\/gilet-rose-point-mousse-2-769x1024.jpg 769w, https:\/\/voyagedelabaleine.fr\/wp-content\/uploads\/2026\/02\/gilet-rose-point-mousse-2-768x1023.jpg 768w, https:\/\/voyagedelabaleine.fr\/wp-content\/uploads\/2026\/02\/gilet-rose-point-mousse-2.jpg 1011w\" sizes=\"(max-width: 600px) 100vw, 600px\" \/><\/a>\t<\/div><!-- .woo-entry-image-swap -->\n\n<ul class=\"woo-entry-inner clr\"><li class=\"image-wrap\">\n\t<div class=\"woo-entry-image-swap woo-entry-image clr\">\n\t\t<a href=\"https:\/\/voyagedelabaleine.fr\/es\/producto\/cardigan-bebe-rosa\/\" class=\"woocommerce-LoopProduct-link\"><img decoding=\"async\" width=\"600\" height=\"800\" src=\"https:\/\/voyagedelabaleine.fr\/wp-content\/uploads\/2026\/02\/gilet-rose-point-mousse-600x800.jpg\" class=\"woo-entry-image-main\" alt=\"C\u00e1rdigan beb\u00e9 &#8211; Rosa\" itemprop=\"image\" srcset=\"https:\/\/voyagedelabaleine.fr\/wp-content\/uploads\/2026\/02\/gilet-rose-point-mousse-600x799.jpg 600w, https:\/\/voyagedelabaleine.fr\/wp-content\/uploads\/2026\/02\/gilet-rose-point-mousse-225x300.jpg 225w, https:\/\/voyagedelabaleine.fr\/wp-content\/uploads\/2026\/02\/gilet-rose-point-mousse-769x1024.jpg 769w, https:\/\/voyagedelabaleine.fr\/wp-content\/uploads\/2026\/02\/gilet-rose-point-mousse-768x1023.jpg 768w, https:\/\/voyagedelabaleine.fr\/wp-content\/uploads\/2026\/02\/gilet-rose-point-mousse.jpg 1051w\" sizes=\"(max-width: 600px) 100vw, 600px\" \/><img decoding=\"async\" width=\"600\" height=\"800\" src=\"https:\/\/voyagedelabaleine.fr\/wp-content\/uploads\/2026\/02\/gilet-rose-point-mousse-2-600x800.jpg\" class=\"woo-entry-image-secondary\" alt=\"C\u00e1rdigan beb\u00e9 &#8211; Rosa\" itemprop=\"image\" srcset=\"https:\/\/voyagedelabaleine.fr\/wp-content\/uploads\/2026\/02\/gilet-rose-point-mousse-2-600x799.jpg 600w, https:\/\/voyagedelabaleine.fr\/wp-content\/uploads\/2026\/02\/gilet-rose-point-mousse-2-225x300.jpg 225w, https:\/\/voyagedelabaleine.fr\/wp-content\/uploads\/2026\/02\/gilet-rose-point-mousse-2-769x1024.jpg 769w, https:\/\/voyagedelabaleine.fr\/wp-content\/uploads\/2026\/02\/gilet-rose-point-mousse-2-768x1023.jpg 768w, https:\/\/voyagedelabaleine.fr\/wp-content\/uploads\/2026\/02\/gilet-rose-point-mousse-2.jpg 1011w\" sizes=\"(max-width: 600px) 100vw, 600px\" \/><\/a>\t<\/div><!-- .woo-entry-image-swap -->\n\n<\/li><li class=\"title\"><h2><a href=\"https:\/\/voyagedelabaleine.fr\/es\/producto\/cardigan-bebe-rosa\/\">C\u00e1rdigan beb\u00e9 &#8211; Rosa<\/a><\/h2><\/li><li class=\"price-wrap\">\n\t<span class=\"price\"><span class=\"woocommerce-Price-amount amount\"><bdi>38<span class=\"woocommerce-Price-currencySymbol\">&euro;<\/span><\/bdi><\/span><\/span>\n<\/li><\/ul><\/div><!-- .product-inner .clr --><\/li>\n<\/ul>\n<\/div><\/div>\n\t\t\t\t\t\t<\/div>\n\t\t\t\t<\/div>\n\t\t<div class=\"elementor-element elementor-element-197e2df e-con-full e-flex e-con e-parent\" data-id=\"197e2df\" data-element_type=\"container\" data-e-type=\"container\">\n\t\t\t\t<div class=\"elementor-element elementor-element-dba87ce elementor-widget-divider--separator-type-pattern elementor-widget-divider--view-line elementor-widget elementor-widget-divider\" data-id=\"dba87ce\" data-element_type=\"widget\" data-e-type=\"widget\" data-widget_type=\"divider.default\">\n\t\t\t\t\t\t\t<div class=\"elementor-divider\" style=\"--divider-pattern-url: url(&quot;data:image\/svg+xml,%3Csvg xmlns=&#039;http:\/\/www.w3.org\/2000\/svg&#039; preserveAspectRatio=&#039;none&#039; overflow=&#039;visible&#039; height=&#039;100%&#039; viewBox=&#039;0 0 24 24&#039; fill=&#039;black&#039; stroke=&#039;none&#039;%3E%3Cpath d=&#039;M12.7,2.3c-0.4-0.4-1.1-0.4-1.5,0l-8,9.1c-0.3,0.4-0.3,0.9,0,1.2l8,9.1c0.4,0.4,1.1,0.4,1.5,0l8-9.1c0.3-0.4,0.3-0.9,0-1.2L12.7,2.3z&#039;\/%3E%3C\/svg%3E&quot;);\">\n\t\t\t<span class=\"elementor-divider-separator\">\n\t\t\t\t\t\t<\/span>\n\t\t<\/div>\n\t\t\t\t\t\t<\/div>\n\t\t\t\t<div class=\"elementor-element elementor-element-6d63f95 elementor-widget elementor-widget-shortcode\" data-id=\"6d63f95\" data-element_type=\"widget\" data-e-type=\"widget\" data-widget_type=\"shortcode.default\">\n\t\t\t\t\t\t\t<div class=\"elementor-shortcode\"><div class=\"woocommerce columns-3 \">\r\n<ul class=\"products oceanwp-row clr grid tablet-col tablet-2-col mobile-col mobile-2-col\">\r\n<li class=\"entry has-media has-rating col span_1_of_3 owp-content-center owp-thumbs-layout-vertical owp-btn-big owp-tabs-layout-vertical circle-sale product type-product post-31900 status-publish first instock product_cat-body product_cat-body-nacimiento product_cat-body-nacimiento-nina product_cat-body-bebe product_cat-body-bebe-nina has-post-thumbnail taxable shipping-taxable purchasable product-type-variable has-default-attributes\">\n\t<div class=\"product-inner clr\">\n\t<div class=\"woo-entry-image-swap woo-entry-image clr\">\n\t\t<a href=\"https:\/\/voyagedelabaleine.fr\/es\/producto\/body-de-bebe-nina-con-cuello-bordado-blanco\/\" class=\"woocommerce-LoopProduct-link\"><img decoding=\"async\" width=\"600\" height=\"800\" src=\"https:\/\/voyagedelabaleine.fr\/wp-content\/uploads\/2025\/07\/body-bebe-fille-col-brode-fleurs-600x800.jpg\" class=\"woo-entry-image-main\" alt=\"Body de beb\u00e9 ni\u00f1a con cuello bordado &#8211; Blanco\" itemprop=\"image\" srcset=\"https:\/\/voyagedelabaleine.fr\/wp-content\/uploads\/2025\/07\/body-bebe-fille-col-brode-fleurs-600x800.jpg 600w, https:\/\/voyagedelabaleine.fr\/wp-content\/uploads\/2025\/07\/body-bebe-fille-col-brode-fleurs-225x300.jpg 225w, https:\/\/voyagedelabaleine.fr\/wp-content\/uploads\/2025\/07\/body-bebe-fille-col-brode-fleurs-768x1024.jpg 768w, https:\/\/voyagedelabaleine.fr\/wp-content\/uploads\/2025\/07\/body-bebe-fille-col-brode-fleurs.jpg 1100w\" sizes=\"(max-width: 600px) 100vw, 600px\" \/><img decoding=\"async\" width=\"600\" height=\"800\" src=\"https:\/\/voyagedelabaleine.fr\/wp-content\/uploads\/2025\/07\/body-bebe-fille-col-brode-fleurs-2-600x800.jpg\" class=\"woo-entry-image-secondary\" alt=\"Body de beb\u00e9 ni\u00f1a con cuello bordado &#8211; Blanco\" itemprop=\"image\" srcset=\"https:\/\/voyagedelabaleine.fr\/wp-content\/uploads\/2025\/07\/body-bebe-fille-col-brode-fleurs-2-600x800.jpg 600w, https:\/\/voyagedelabaleine.fr\/wp-content\/uploads\/2025\/07\/body-bebe-fille-col-brode-fleurs-2-225x300.jpg 225w, https:\/\/voyagedelabaleine.fr\/wp-content\/uploads\/2025\/07\/body-bebe-fille-col-brode-fleurs-2-768x1024.jpg 768w, https:\/\/voyagedelabaleine.fr\/wp-content\/uploads\/2025\/07\/body-bebe-fille-col-brode-fleurs-2.jpg 1144w\" sizes=\"(max-width: 600px) 100vw, 600px\" \/><\/a>\t<\/div><!-- .woo-entry-image-swap -->\n\n<ul class=\"woo-entry-inner clr\"><li class=\"image-wrap\">\n\t<div class=\"woo-entry-image-swap woo-entry-image clr\">\n\t\t<a href=\"https:\/\/voyagedelabaleine.fr\/es\/producto\/body-de-bebe-nina-con-cuello-bordado-blanco\/\" class=\"woocommerce-LoopProduct-link\"><img decoding=\"async\" width=\"600\" height=\"800\" src=\"https:\/\/voyagedelabaleine.fr\/wp-content\/uploads\/2025\/07\/body-bebe-fille-col-brode-fleurs-600x800.jpg\" class=\"woo-entry-image-main\" alt=\"Body de beb\u00e9 ni\u00f1a con cuello bordado &#8211; Blanco\" itemprop=\"image\" srcset=\"https:\/\/voyagedelabaleine.fr\/wp-content\/uploads\/2025\/07\/body-bebe-fille-col-brode-fleurs-600x800.jpg 600w, https:\/\/voyagedelabaleine.fr\/wp-content\/uploads\/2025\/07\/body-bebe-fille-col-brode-fleurs-225x300.jpg 225w, https:\/\/voyagedelabaleine.fr\/wp-content\/uploads\/2025\/07\/body-bebe-fille-col-brode-fleurs-768x1024.jpg 768w, https:\/\/voyagedelabaleine.fr\/wp-content\/uploads\/2025\/07\/body-bebe-fille-col-brode-fleurs.jpg 1100w\" sizes=\"(max-width: 600px) 100vw, 600px\" \/><img decoding=\"async\" width=\"600\" height=\"800\" src=\"https:\/\/voyagedelabaleine.fr\/wp-content\/uploads\/2025\/07\/body-bebe-fille-col-brode-fleurs-2-600x800.jpg\" class=\"woo-entry-image-secondary\" alt=\"Body de beb\u00e9 ni\u00f1a con cuello bordado &#8211; Blanco\" itemprop=\"image\" srcset=\"https:\/\/voyagedelabaleine.fr\/wp-content\/uploads\/2025\/07\/body-bebe-fille-col-brode-fleurs-2-600x800.jpg 600w, https:\/\/voyagedelabaleine.fr\/wp-content\/uploads\/2025\/07\/body-bebe-fille-col-brode-fleurs-2-225x300.jpg 225w, https:\/\/voyagedelabaleine.fr\/wp-content\/uploads\/2025\/07\/body-bebe-fille-col-brode-fleurs-2-768x1024.jpg 768w, https:\/\/voyagedelabaleine.fr\/wp-content\/uploads\/2025\/07\/body-bebe-fille-col-brode-fleurs-2.jpg 1144w\" sizes=\"(max-width: 600px) 100vw, 600px\" \/><\/a>\t<\/div><!-- .woo-entry-image-swap -->\n\n<\/li><li class=\"title\"><h2><a href=\"https:\/\/voyagedelabaleine.fr\/es\/producto\/body-de-bebe-nina-con-cuello-bordado-blanco\/\">Body de beb\u00e9 ni\u00f1a con cuello bordado &#8211; Blanco<\/a><\/h2><\/li><li class=\"price-wrap\">\n\t<span class=\"price\"><span class=\"woocommerce-Price-amount amount\"><bdi>32<span class=\"woocommerce-Price-currencySymbol\">&euro;<\/span><\/bdi><\/span><\/span>\n<\/li><\/ul><\/div><!-- .product-inner .clr --><\/li>\n<li class=\"entry has-media has-rating col span_1_of_3 owp-content-center owp-thumbs-layout-vertical owp-btn-big owp-tabs-layout-vertical circle-sale product type-product post-31128 status-publish instock product_cat-zapatitos-nacimiento product_cat-zapatitos-nacimiento-nina product_cat-zapatitos-nacimiento-nino product_cat-zapatitos-bebe product_cat-zapatitos-bebe-nina product_cat-zapatitos-bebe-nino has-post-thumbnail taxable shipping-taxable purchasable product-type-variable has-default-attributes\">\n\t<div class=\"product-inner clr\">\n\t<div class=\"woo-entry-image-swap woo-entry-image clr\">\n\t\t<a href=\"https:\/\/voyagedelabaleine.fr\/es\/producto\/zapatillas-altas-de-cuero-para-bebe-azul-marino\/\" class=\"woocommerce-LoopProduct-link\"><img decoding=\"async\" width=\"576\" height=\"769\" src=\"https:\/\/voyagedelabaleine.fr\/wp-content\/uploads\/2024\/09\/chaussons-bebe-cuir-haut-bleu-marine-3.jpg\" class=\"woo-entry-image-main\" alt=\"Zapatillas altas de cuero para beb\u00e9 &#8211; Azul marino\" itemprop=\"image\" srcset=\"https:\/\/voyagedelabaleine.fr\/wp-content\/uploads\/2024\/09\/chaussons-bebe-cuir-haut-bleu-marine-3.jpg 576w, https:\/\/voyagedelabaleine.fr\/wp-content\/uploads\/2024\/09\/chaussons-bebe-cuir-haut-bleu-marine-3-225x300.jpg 225w\" sizes=\"(max-width: 576px) 100vw, 576px\" \/><img decoding=\"async\" width=\"576\" height=\"769\" src=\"https:\/\/voyagedelabaleine.fr\/wp-content\/uploads\/2024\/09\/chaussons-bebe-cuir-haut-bleu-marine-5.jpg\" class=\"woo-entry-image-secondary\" alt=\"Zapatillas altas de cuero para beb\u00e9 &#8211; Azul marino\" itemprop=\"image\" srcset=\"https:\/\/voyagedelabaleine.fr\/wp-content\/uploads\/2024\/09\/chaussons-bebe-cuir-haut-bleu-marine-5.jpg 576w, https:\/\/voyagedelabaleine.fr\/wp-content\/uploads\/2024\/09\/chaussons-bebe-cuir-haut-bleu-marine-5-225x300.jpg 225w\" sizes=\"(max-width: 576px) 100vw, 576px\" \/><\/a>\t<\/div><!-- .woo-entry-image-swap -->\n\n<ul class=\"woo-entry-inner clr\"><li class=\"image-wrap\">\n\t<div class=\"woo-entry-image-swap woo-entry-image clr\">\n\t\t<a href=\"https:\/\/voyagedelabaleine.fr\/es\/producto\/zapatillas-altas-de-cuero-para-bebe-azul-marino\/\" class=\"woocommerce-LoopProduct-link\"><img decoding=\"async\" width=\"576\" height=\"769\" src=\"https:\/\/voyagedelabaleine.fr\/wp-content\/uploads\/2024\/09\/chaussons-bebe-cuir-haut-bleu-marine-3.jpg\" class=\"woo-entry-image-main\" alt=\"Zapatillas altas de cuero para beb\u00e9 &#8211; Azul marino\" itemprop=\"image\" srcset=\"https:\/\/voyagedelabaleine.fr\/wp-content\/uploads\/2024\/09\/chaussons-bebe-cuir-haut-bleu-marine-3.jpg 576w, https:\/\/voyagedelabaleine.fr\/wp-content\/uploads\/2024\/09\/chaussons-bebe-cuir-haut-bleu-marine-3-225x300.jpg 225w\" sizes=\"(max-width: 576px) 100vw, 576px\" \/><img decoding=\"async\" width=\"576\" height=\"769\" src=\"https:\/\/voyagedelabaleine.fr\/wp-content\/uploads\/2024\/09\/chaussons-bebe-cuir-haut-bleu-marine-5.jpg\" class=\"woo-entry-image-secondary\" alt=\"Zapatillas altas de cuero para beb\u00e9 &#8211; Azul marino\" itemprop=\"image\" srcset=\"https:\/\/voyagedelabaleine.fr\/wp-content\/uploads\/2024\/09\/chaussons-bebe-cuir-haut-bleu-marine-5.jpg 576w, https:\/\/voyagedelabaleine.fr\/wp-content\/uploads\/2024\/09\/chaussons-bebe-cuir-haut-bleu-marine-5-225x300.jpg 225w\" sizes=\"(max-width: 576px) 100vw, 576px\" \/><\/a>\t<\/div><!-- .woo-entry-image-swap -->\n\n<\/li><li class=\"title\"><h2><a href=\"https:\/\/voyagedelabaleine.fr\/es\/producto\/zapatillas-altas-de-cuero-para-bebe-azul-marino\/\">Zapatillas altas de cuero para beb\u00e9 &#8211; Azul marino<\/a><\/h2><\/li><li class=\"price-wrap\">\n\t<span class=\"price\"><span class=\"woocommerce-Price-amount amount\"><bdi>36<span class=\"woocommerce-Price-currencySymbol\">&euro;<\/span><\/bdi><\/span><\/span>\n<\/li><\/ul><\/div><!-- .product-inner .clr --><\/li>\n<li class=\"entry has-media has-rating col span_1_of_3 owp-content-center owp-thumbs-layout-vertical owp-btn-big owp-tabs-layout-vertical circle-sale product type-product post-33011 status-publish last instock product_cat-pelele-peto-ranita-nacimiento product_cat-pelele-peto-ranita-nacimiento-nina product_cat-pelele-peto-ranita-nacimiento-nino product_cat-pelele-peto-ranita-bebe product_cat-pelele-peto-ranita-bebe-nina product_cat-pelele-peto-ranita-bebe-nino product_cat-ropa has-post-thumbnail taxable shipping-taxable purchasable product-type-variable has-default-attributes\">\n\t<div class=\"product-inner clr\">\n\t<div class=\"woo-entry-image-swap woo-entry-image clr\">\n\t\t<a href=\"https:\/\/voyagedelabaleine.fr\/es\/producto\/ranita-escocesa-bebe-rojo\/\" class=\"woocommerce-LoopProduct-link\"><img decoding=\"async\" width=\"600\" height=\"800\" src=\"https:\/\/voyagedelabaleine.fr\/wp-content\/uploads\/2025\/08\/barboteuse-bebe-ecossaise-600x800.jpg\" class=\"woo-entry-image-main\" alt=\"Ranita escocesa beb\u00e9 &#8211; Rojo\" itemprop=\"image\" srcset=\"https:\/\/voyagedelabaleine.fr\/wp-content\/uploads\/2025\/08\/barboteuse-bebe-ecossaise-600x800.jpg 600w, https:\/\/voyagedelabaleine.fr\/wp-content\/uploads\/2025\/08\/barboteuse-bebe-ecossaise-225x300.jpg 225w, https:\/\/voyagedelabaleine.fr\/wp-content\/uploads\/2025\/08\/barboteuse-bebe-ecossaise-768x1024.jpg 768w, https:\/\/voyagedelabaleine.fr\/wp-content\/uploads\/2025\/08\/barboteuse-bebe-ecossaise-1152x1536.jpg 1152w, https:\/\/voyagedelabaleine.fr\/wp-content\/uploads\/2025\/08\/barboteuse-bebe-ecossaise.jpg 1300w\" sizes=\"(max-width: 600px) 100vw, 600px\" \/><img decoding=\"async\" width=\"600\" height=\"800\" src=\"https:\/\/voyagedelabaleine.fr\/wp-content\/uploads\/2025\/07\/barboteuse-bebe-ecossaise-2-600x800.jpg\" class=\"woo-entry-image-secondary\" alt=\"Ranita escocesa beb\u00e9 &#8211; Rojo\" itemprop=\"image\" srcset=\"https:\/\/voyagedelabaleine.fr\/wp-content\/uploads\/2025\/07\/barboteuse-bebe-ecossaise-2-600x799.jpg 600w, https:\/\/voyagedelabaleine.fr\/wp-content\/uploads\/2025\/07\/barboteuse-bebe-ecossaise-2-225x300.jpg 225w, https:\/\/voyagedelabaleine.fr\/wp-content\/uploads\/2025\/07\/barboteuse-bebe-ecossaise-2-769x1024.jpg 769w, https:\/\/voyagedelabaleine.fr\/wp-content\/uploads\/2025\/07\/barboteuse-bebe-ecossaise-2-768x1023.jpg 768w, https:\/\/voyagedelabaleine.fr\/wp-content\/uploads\/2025\/07\/barboteuse-bebe-ecossaise-2.jpg 849w\" sizes=\"(max-width: 600px) 100vw, 600px\" \/><\/a>\t<\/div><!-- .woo-entry-image-swap -->\n\n<ul class=\"woo-entry-inner clr\"><li class=\"image-wrap\">\n\t<div class=\"woo-entry-image-swap woo-entry-image clr\">\n\t\t<a href=\"https:\/\/voyagedelabaleine.fr\/es\/producto\/ranita-escocesa-bebe-rojo\/\" class=\"woocommerce-LoopProduct-link\"><img decoding=\"async\" width=\"600\" height=\"800\" src=\"https:\/\/voyagedelabaleine.fr\/wp-content\/uploads\/2025\/08\/barboteuse-bebe-ecossaise-600x800.jpg\" class=\"woo-entry-image-main\" alt=\"Ranita escocesa beb\u00e9 &#8211; Rojo\" itemprop=\"image\" srcset=\"https:\/\/voyagedelabaleine.fr\/wp-content\/uploads\/2025\/08\/barboteuse-bebe-ecossaise-600x800.jpg 600w, https:\/\/voyagedelabaleine.fr\/wp-content\/uploads\/2025\/08\/barboteuse-bebe-ecossaise-225x300.jpg 225w, https:\/\/voyagedelabaleine.fr\/wp-content\/uploads\/2025\/08\/barboteuse-bebe-ecossaise-768x1024.jpg 768w, https:\/\/voyagedelabaleine.fr\/wp-content\/uploads\/2025\/08\/barboteuse-bebe-ecossaise-1152x1536.jpg 1152w, https:\/\/voyagedelabaleine.fr\/wp-content\/uploads\/2025\/08\/barboteuse-bebe-ecossaise.jpg 1300w\" sizes=\"(max-width: 600px) 100vw, 600px\" \/><img decoding=\"async\" width=\"600\" height=\"800\" src=\"https:\/\/voyagedelabaleine.fr\/wp-content\/uploads\/2025\/07\/barboteuse-bebe-ecossaise-2-600x800.jpg\" class=\"woo-entry-image-secondary\" alt=\"Ranita escocesa beb\u00e9 &#8211; Rojo\" itemprop=\"image\" srcset=\"https:\/\/voyagedelabaleine.fr\/wp-content\/uploads\/2025\/07\/barboteuse-bebe-ecossaise-2-600x799.jpg 600w, https:\/\/voyagedelabaleine.fr\/wp-content\/uploads\/2025\/07\/barboteuse-bebe-ecossaise-2-225x300.jpg 225w, https:\/\/voyagedelabaleine.fr\/wp-content\/uploads\/2025\/07\/barboteuse-bebe-ecossaise-2-769x1024.jpg 769w, https:\/\/voyagedelabaleine.fr\/wp-content\/uploads\/2025\/07\/barboteuse-bebe-ecossaise-2-768x1023.jpg 768w, https:\/\/voyagedelabaleine.fr\/wp-content\/uploads\/2025\/07\/barboteuse-bebe-ecossaise-2.jpg 849w\" sizes=\"(max-width: 600px) 100vw, 600px\" \/><\/a>\t<\/div><!-- .woo-entry-image-swap -->\n\n<\/li><li class=\"title\"><h2><a href=\"https:\/\/voyagedelabaleine.fr\/es\/producto\/ranita-escocesa-bebe-rojo\/\">Ranita escocesa beb\u00e9 &#8211; Rojo<\/a><\/h2><\/li><li class=\"price-wrap\">\n\t<span class=\"price\"><span class=\"woocommerce-Price-amount amount\"><bdi>68<span class=\"woocommerce-Price-currencySymbol\">&euro;<\/span><\/bdi><\/span><\/span>\n<\/li><\/ul><\/div><!-- .product-inner .clr --><\/li>\n<\/ul>\n<\/div><\/div>\n\t\t\t\t\t\t<\/div>\n\t\t\t\t<\/div>\n\t\t<div class=\"elementor-element elementor-element-877e8ab e-con-full e-flex e-con e-parent\" data-id=\"877e8ab\" data-element_type=\"container\" data-e-type=\"container\">\n\t\t\t\t<div class=\"elementor-element elementor-element-7811e1f elementor-widget-divider--separator-type-pattern elementor-widget-divider--view-line elementor-widget elementor-widget-divider\" data-id=\"7811e1f\" data-element_type=\"widget\" data-e-type=\"widget\" data-widget_type=\"divider.default\">\n\t\t\t\t\t\t\t<div class=\"elementor-divider\" style=\"--divider-pattern-url: url(&quot;data:image\/svg+xml,%3Csvg xmlns=&#039;http:\/\/www.w3.org\/2000\/svg&#039; preserveAspectRatio=&#039;none&#039; overflow=&#039;visible&#039; height=&#039;100%&#039; viewBox=&#039;0 0 24 24&#039; fill=&#039;black&#039; stroke=&#039;none&#039;%3E%3Cpath d=&#039;M12.7,2.3c-0.4-0.4-1.1-0.4-1.5,0l-8,9.1c-0.3,0.4-0.3,0.9,0,1.2l8,9.1c0.4,0.4,1.1,0.4,1.5,0l8-9.1c0.3-0.4,0.3-0.9,0-1.2L12.7,2.3z&#039;\/%3E%3C\/svg%3E&quot;);\">\n\t\t\t<span class=\"elementor-divider-separator\">\n\t\t\t\t\t\t<\/span>\n\t\t<\/div>\n\t\t\t\t\t\t<\/div>\n\t\t\t\t<div class=\"elementor-element elementor-element-1ef7ddc elementor-widget__width-initial elementor-widget-mobile__width-inherit elementor-widget elementor-widget-shortcode\" data-id=\"1ef7ddc\" data-element_type=\"widget\" data-e-type=\"widget\" data-widget_type=\"shortcode.default\">\n\t\t\t\t\t\t\t<div class=\"elementor-shortcode\"><div class=\"woocommerce columns-2 \">\r\n<ul class=\"products oceanwp-row clr grid tablet-col tablet-2-col mobile-col mobile-2-col\">\r\n<li class=\"entry has-media col span_1_of_2 owp-content-center owp-thumbs-layout-vertical owp-btn-big owp-tabs-layout-vertical circle-sale product type-product post-32827 status-publish first instock product_cat-body product_cat-body-nacimiento product_cat-body-nacimiento-nina product_cat-body-bebe product_cat-body-bebe-nina has-post-thumbnail taxable shipping-taxable purchasable product-type-variable has-default-attributes\">\n\t<div class=\"product-inner clr\">\n\t<div class=\"woo-entry-image-swap woo-entry-image clr\">\n\t\t<a href=\"https:\/\/voyagedelabaleine.fr\/es\/producto\/body-para-bebe-nina-con-cuello-fruncido-y-encaje-blanco\/\" class=\"woocommerce-LoopProduct-link\"><img decoding=\"async\" width=\"600\" height=\"800\" src=\"https:\/\/voyagedelabaleine.fr\/wp-content\/uploads\/2025\/07\/body-bebe-fille-col-fronce-dentelle-1-600x800.jpg\" class=\"woo-entry-image-main\" alt=\"Body para beb\u00e9 ni\u00f1a con cuello fruncido y encaje &#8211; Blanco\" itemprop=\"image\" srcset=\"https:\/\/voyagedelabaleine.fr\/wp-content\/uploads\/2025\/07\/body-bebe-fille-col-fronce-dentelle-1-600x800.jpg 600w, https:\/\/voyagedelabaleine.fr\/wp-content\/uploads\/2025\/07\/body-bebe-fille-col-fronce-dentelle-1-225x300.jpg 225w, https:\/\/voyagedelabaleine.fr\/wp-content\/uploads\/2025\/07\/body-bebe-fille-col-fronce-dentelle-1-768x1024.jpg 768w, https:\/\/voyagedelabaleine.fr\/wp-content\/uploads\/2025\/07\/body-bebe-fille-col-fronce-dentelle-1-1152x1536.jpg 1152w, https:\/\/voyagedelabaleine.fr\/wp-content\/uploads\/2025\/07\/body-bebe-fille-col-fronce-dentelle-1.jpg 1425w\" sizes=\"(max-width: 600px) 100vw, 600px\" \/><img decoding=\"async\" width=\"600\" height=\"800\" src=\"https:\/\/voyagedelabaleine.fr\/wp-content\/uploads\/2025\/07\/body-bebe-fille-col-fronce-dentelle-600x800.jpg\" class=\"woo-entry-image-secondary\" alt=\"Body para beb\u00e9 ni\u00f1a con cuello fruncido y encaje &#8211; Blanco\" itemprop=\"image\" srcset=\"https:\/\/voyagedelabaleine.fr\/wp-content\/uploads\/2025\/07\/body-bebe-fille-col-fronce-dentelle-600x800.jpg 600w, https:\/\/voyagedelabaleine.fr\/wp-content\/uploads\/2025\/07\/body-bebe-fille-col-fronce-dentelle-225x300.jpg 225w, https:\/\/voyagedelabaleine.fr\/wp-content\/uploads\/2025\/07\/body-bebe-fille-col-fronce-dentelle-768x1024.jpg 768w, https:\/\/voyagedelabaleine.fr\/wp-content\/uploads\/2025\/07\/body-bebe-fille-col-fronce-dentelle-1152x1536.jpg 1152w, https:\/\/voyagedelabaleine.fr\/wp-content\/uploads\/2025\/07\/body-bebe-fille-col-fronce-dentelle.jpg 1425w\" sizes=\"(max-width: 600px) 100vw, 600px\" \/><\/a>\t<\/div><!-- .woo-entry-image-swap -->\n\n<ul class=\"woo-entry-inner clr\"><li class=\"image-wrap\">\n\t<div class=\"woo-entry-image-swap woo-entry-image clr\">\n\t\t<a href=\"https:\/\/voyagedelabaleine.fr\/es\/producto\/body-para-bebe-nina-con-cuello-fruncido-y-encaje-blanco\/\" class=\"woocommerce-LoopProduct-link\"><img decoding=\"async\" width=\"600\" height=\"800\" src=\"https:\/\/voyagedelabaleine.fr\/wp-content\/uploads\/2025\/07\/body-bebe-fille-col-fronce-dentelle-1-600x800.jpg\" class=\"woo-entry-image-main\" alt=\"Body para beb\u00e9 ni\u00f1a con cuello fruncido y encaje &#8211; Blanco\" itemprop=\"image\" srcset=\"https:\/\/voyagedelabaleine.fr\/wp-content\/uploads\/2025\/07\/body-bebe-fille-col-fronce-dentelle-1-600x800.jpg 600w, https:\/\/voyagedelabaleine.fr\/wp-content\/uploads\/2025\/07\/body-bebe-fille-col-fronce-dentelle-1-225x300.jpg 225w, https:\/\/voyagedelabaleine.fr\/wp-content\/uploads\/2025\/07\/body-bebe-fille-col-fronce-dentelle-1-768x1024.jpg 768w, https:\/\/voyagedelabaleine.fr\/wp-content\/uploads\/2025\/07\/body-bebe-fille-col-fronce-dentelle-1-1152x1536.jpg 1152w, https:\/\/voyagedelabaleine.fr\/wp-content\/uploads\/2025\/07\/body-bebe-fille-col-fronce-dentelle-1.jpg 1425w\" sizes=\"(max-width: 600px) 100vw, 600px\" \/><img decoding=\"async\" width=\"600\" height=\"800\" src=\"https:\/\/voyagedelabaleine.fr\/wp-content\/uploads\/2025\/07\/body-bebe-fille-col-fronce-dentelle-600x800.jpg\" class=\"woo-entry-image-secondary\" alt=\"Body para beb\u00e9 ni\u00f1a con cuello fruncido y encaje &#8211; Blanco\" itemprop=\"image\" srcset=\"https:\/\/voyagedelabaleine.fr\/wp-content\/uploads\/2025\/07\/body-bebe-fille-col-fronce-dentelle-600x800.jpg 600w, https:\/\/voyagedelabaleine.fr\/wp-content\/uploads\/2025\/07\/body-bebe-fille-col-fronce-dentelle-225x300.jpg 225w, https:\/\/voyagedelabaleine.fr\/wp-content\/uploads\/2025\/07\/body-bebe-fille-col-fronce-dentelle-768x1024.jpg 768w, https:\/\/voyagedelabaleine.fr\/wp-content\/uploads\/2025\/07\/body-bebe-fille-col-fronce-dentelle-1152x1536.jpg 1152w, https:\/\/voyagedelabaleine.fr\/wp-content\/uploads\/2025\/07\/body-bebe-fille-col-fronce-dentelle.jpg 1425w\" sizes=\"(max-width: 600px) 100vw, 600px\" \/><\/a>\t<\/div><!-- .woo-entry-image-swap -->\n\n<\/li><li class=\"title\"><h2><a href=\"https:\/\/voyagedelabaleine.fr\/es\/producto\/body-para-bebe-nina-con-cuello-fruncido-y-encaje-blanco\/\">Body para beb\u00e9 ni\u00f1a con cuello fruncido y encaje &#8211; Blanco<\/a><\/h2><\/li><li class=\"price-wrap\">\n\t<span class=\"price\"><span class=\"woocommerce-Price-amount amount\"><bdi>32<span class=\"woocommerce-Price-currencySymbol\">&euro;<\/span><\/bdi><\/span><\/span>\n<\/li><\/ul><\/div><!-- .product-inner .clr --><\/li>\n<li class=\"entry has-media has-rating col span_1_of_2 owp-content-center owp-thumbs-layout-vertical owp-btn-big owp-tabs-layout-vertical circle-sale product type-product post-30149 status-publish last instock product_cat-pololo-short-pantalon-nacimiento product_cat-pololo-short-pantalon-nacimiento-nina product_cat-pololo-short-y-pantalon-bebe product_cat-pololo-short-pantalon-bebe-nina product_cat-ropa has-post-thumbnail taxable shipping-taxable purchasable product-type-variable has-default-attributes\">\n\t<div class=\"product-inner clr\">\n\t<div class=\"woo-entry-image-swap woo-entry-image clr\">\n\t\t<a href=\"https:\/\/voyagedelabaleine.fr\/es\/producto\/bloomer-de-bebe-nina-con-lazo-de-terciopelo-nude\/\" class=\"woocommerce-LoopProduct-link\"><img decoding=\"async\" width=\"600\" height=\"800\" src=\"https:\/\/voyagedelabaleine.fr\/wp-content\/uploads\/2025\/07\/bloomer-bebe-fille-noeud-velours-nude-600x800.jpg\" class=\"woo-entry-image-main\" alt=\"Bloomer de beb\u00e9 ni\u00f1a con lazo de terciopelo &#8211; Nude\" itemprop=\"image\" srcset=\"https:\/\/voyagedelabaleine.fr\/wp-content\/uploads\/2025\/07\/bloomer-bebe-fille-noeud-velours-nude-600x800.jpg 600w, https:\/\/voyagedelabaleine.fr\/wp-content\/uploads\/2025\/07\/bloomer-bebe-fille-noeud-velours-nude-225x300.jpg 225w, https:\/\/voyagedelabaleine.fr\/wp-content\/uploads\/2025\/07\/bloomer-bebe-fille-noeud-velours-nude-768x1024.jpg 768w, https:\/\/voyagedelabaleine.fr\/wp-content\/uploads\/2025\/07\/bloomer-bebe-fille-noeud-velours-nude.jpg 886w\" sizes=\"(max-width: 600px) 100vw, 600px\" \/><img decoding=\"async\" width=\"600\" height=\"800\" src=\"https:\/\/voyagedelabaleine.fr\/wp-content\/uploads\/2025\/07\/bloomer-bebe-fille-noeud-velours-nude-1-600x800.jpg\" class=\"woo-entry-image-secondary\" alt=\"Bloomer de beb\u00e9 ni\u00f1a con lazo de terciopelo &#8211; Nude\" itemprop=\"image\" srcset=\"https:\/\/voyagedelabaleine.fr\/wp-content\/uploads\/2025\/07\/bloomer-bebe-fille-noeud-velours-nude-1-600x800.jpg 600w, https:\/\/voyagedelabaleine.fr\/wp-content\/uploads\/2025\/07\/bloomer-bebe-fille-noeud-velours-nude-1-225x300.jpg 225w, https:\/\/voyagedelabaleine.fr\/wp-content\/uploads\/2025\/07\/bloomer-bebe-fille-noeud-velours-nude-1-768x1023.jpg 768w, https:\/\/voyagedelabaleine.fr\/wp-content\/uploads\/2025\/07\/bloomer-bebe-fille-noeud-velours-nude-1.jpg 842w\" sizes=\"(max-width: 600px) 100vw, 600px\" \/><\/a>\t<\/div><!-- .woo-entry-image-swap -->\n\n<ul class=\"woo-entry-inner clr\"><li class=\"image-wrap\">\n\t<div class=\"woo-entry-image-swap woo-entry-image clr\">\n\t\t<a href=\"https:\/\/voyagedelabaleine.fr\/es\/producto\/bloomer-de-bebe-nina-con-lazo-de-terciopelo-nude\/\" class=\"woocommerce-LoopProduct-link\"><img decoding=\"async\" width=\"600\" height=\"800\" src=\"https:\/\/voyagedelabaleine.fr\/wp-content\/uploads\/2025\/07\/bloomer-bebe-fille-noeud-velours-nude-600x800.jpg\" class=\"woo-entry-image-main\" alt=\"Bloomer de beb\u00e9 ni\u00f1a con lazo de terciopelo &#8211; Nude\" itemprop=\"image\" srcset=\"https:\/\/voyagedelabaleine.fr\/wp-content\/uploads\/2025\/07\/bloomer-bebe-fille-noeud-velours-nude-600x800.jpg 600w, https:\/\/voyagedelabaleine.fr\/wp-content\/uploads\/2025\/07\/bloomer-bebe-fille-noeud-velours-nude-225x300.jpg 225w, https:\/\/voyagedelabaleine.fr\/wp-content\/uploads\/2025\/07\/bloomer-bebe-fille-noeud-velours-nude-768x1024.jpg 768w, https:\/\/voyagedelabaleine.fr\/wp-content\/uploads\/2025\/07\/bloomer-bebe-fille-noeud-velours-nude.jpg 886w\" sizes=\"(max-width: 600px) 100vw, 600px\" \/><img decoding=\"async\" width=\"600\" height=\"800\" src=\"https:\/\/voyagedelabaleine.fr\/wp-content\/uploads\/2025\/07\/bloomer-bebe-fille-noeud-velours-nude-1-600x800.jpg\" class=\"woo-entry-image-secondary\" alt=\"Bloomer de beb\u00e9 ni\u00f1a con lazo de terciopelo &#8211; Nude\" itemprop=\"image\" srcset=\"https:\/\/voyagedelabaleine.fr\/wp-content\/uploads\/2025\/07\/bloomer-bebe-fille-noeud-velours-nude-1-600x800.jpg 600w, https:\/\/voyagedelabaleine.fr\/wp-content\/uploads\/2025\/07\/bloomer-bebe-fille-noeud-velours-nude-1-225x300.jpg 225w, https:\/\/voyagedelabaleine.fr\/wp-content\/uploads\/2025\/07\/bloomer-bebe-fille-noeud-velours-nude-1-768x1023.jpg 768w, https:\/\/voyagedelabaleine.fr\/wp-content\/uploads\/2025\/07\/bloomer-bebe-fille-noeud-velours-nude-1.jpg 842w\" sizes=\"(max-width: 600px) 100vw, 600px\" \/><\/a>\t<\/div><!-- .woo-entry-image-swap -->\n\n<\/li><li class=\"title\"><h2><a href=\"https:\/\/voyagedelabaleine.fr\/es\/producto\/bloomer-de-bebe-nina-con-lazo-de-terciopelo-nude\/\">Bloomer de beb\u00e9 ni\u00f1a con lazo de terciopelo &#8211; Nude<\/a><\/h2><\/li><li class=\"price-wrap\">\n\t<span class=\"price\"><span class=\"woocommerce-Price-amount amount\"><bdi>24<span class=\"woocommerce-Price-currencySymbol\">&euro;<\/span><\/bdi><\/span><\/span>\n<\/li><\/ul><\/div><!-- .product-inner .clr --><\/li>\n<\/ul>\n<\/div><\/div>\n\t\t\t\t\t\t<\/div>\n\t\t\t\t<\/div>\n\t\t<div class=\"elementor-element elementor-element-519f533 e-con-full e-flex e-con e-parent\" data-id=\"519f533\" data-element_type=\"container\" data-e-type=\"container\">\n\t\t\t\t<div class=\"elementor-element elementor-element-828f84c elementor-widget-divider--separator-type-pattern elementor-widget-divider--view-line elementor-widget elementor-widget-divider\" data-id=\"828f84c\" data-element_type=\"widget\" data-e-type=\"widget\" data-widget_type=\"divider.default\">\n\t\t\t\t\t\t\t<div class=\"elementor-divider\" style=\"--divider-pattern-url: url(&quot;data:image\/svg+xml,%3Csvg xmlns=&#039;http:\/\/www.w3.org\/2000\/svg&#039; preserveAspectRatio=&#039;none&#039; overflow=&#039;visible&#039; height=&#039;100%&#039; viewBox=&#039;0 0 24 24&#039; fill=&#039;black&#039; stroke=&#039;none&#039;%3E%3Cpath d=&#039;M12.7,2.3c-0.4-0.4-1.1-0.4-1.5,0l-8,9.1c-0.3,0.4-0.3,0.9,0,1.2l8,9.1c0.4,0.4,1.1,0.4,1.5,0l8-9.1c0.3-0.4,0.3-0.9,0-1.2L12.7,2.3z&#039;\/%3E%3C\/svg%3E&quot;);\">\n\t\t\t<span class=\"elementor-divider-separator\">\n\t\t\t\t\t\t<\/span>\n\t\t<\/div>\n\t\t\t\t\t\t<\/div>\n\t\t\t\t<div class=\"elementor-element elementor-element-5cc3851 elementor-widget elementor-widget-shortcode\" data-id=\"5cc3851\" data-element_type=\"widget\" data-e-type=\"widget\" data-widget_type=\"shortcode.default\">\n\t\t\t\t\t\t\t<div class=\"elementor-shortcode\"><div class=\"woocommerce columns-3 \">\r\n<ul class=\"products oceanwp-row clr grid tablet-col tablet-2-col mobile-col mobile-2-col\">\r\n<li class=\"entry has-media has-rating col span_1_of_3 owp-content-center owp-thumbs-layout-vertical owp-btn-big owp-tabs-layout-vertical circle-sale product type-product post-32001 status-publish first instock product_cat-jersey-chaleco-cardigan-nacimiento product_cat-jersey-chaleco-cardigan-nacimiento-nina product_cat-jersey-chaleco-cardigan-nacimiento-nino product_cat-jersey-chaleco-cardigan-bebe product_cat-jersey-chaleco-cardigan-bebe-nina product_cat-jersey-chaleco-cardigan-bebe-nino product_cat-jersey-chaleco-cardigan-nina product_cat-jersey-chaleco-cardigan-nino product_cat-jersey-chaleco-cardigan-ninos product_cat-ropa has-post-thumbnail taxable shipping-taxable purchasable product-type-variable has-default-attributes\">\n\t<div class=\"product-inner clr\">\n\t<div class=\"woo-entry-image-swap woo-entry-image clr\">\n\t\t<a href=\"https:\/\/voyagedelabaleine.fr\/es\/producto\/chaleco-bebe-unisex-gris\/\" class=\"woocommerce-LoopProduct-link\"><img decoding=\"async\" width=\"600\" height=\"800\" src=\"https:\/\/voyagedelabaleine.fr\/wp-content\/uploads\/2025\/08\/pull-enfant-laine-motif-hiver-600x800.jpg\" class=\"woo-entry-image-main\" alt=\"Chaleco beb\u00e9 unisex &#8211; Gris\" itemprop=\"image\" srcset=\"https:\/\/voyagedelabaleine.fr\/wp-content\/uploads\/2025\/08\/pull-enfant-laine-motif-hiver-600x800.jpg 600w, https:\/\/voyagedelabaleine.fr\/wp-content\/uploads\/2025\/08\/pull-enfant-laine-motif-hiver-225x300.jpg 225w, https:\/\/voyagedelabaleine.fr\/wp-content\/uploads\/2025\/08\/pull-enfant-laine-motif-hiver-768x1023.jpg 768w, https:\/\/voyagedelabaleine.fr\/wp-content\/uploads\/2025\/08\/pull-enfant-laine-motif-hiver-1153x1536.jpg 1153w, https:\/\/voyagedelabaleine.fr\/wp-content\/uploads\/2025\/08\/pull-enfant-laine-motif-hiver.jpg 1500w\" sizes=\"(max-width: 600px) 100vw, 600px\" \/><img decoding=\"async\" width=\"600\" height=\"800\" src=\"https:\/\/voyagedelabaleine.fr\/wp-content\/uploads\/2025\/08\/pull-enfant-laine-motif-hiver-1-600x800.jpg\" class=\"woo-entry-image-secondary\" alt=\"Chaleco beb\u00e9 unisex &#8211; Gris\" itemprop=\"image\" srcset=\"https:\/\/voyagedelabaleine.fr\/wp-content\/uploads\/2025\/08\/pull-enfant-laine-motif-hiver-1-600x800.jpg 600w, https:\/\/voyagedelabaleine.fr\/wp-content\/uploads\/2025\/08\/pull-enfant-laine-motif-hiver-1-225x300.jpg 225w, https:\/\/voyagedelabaleine.fr\/wp-content\/uploads\/2025\/08\/pull-enfant-laine-motif-hiver-1-768x1024.jpg 768w, https:\/\/voyagedelabaleine.fr\/wp-content\/uploads\/2025\/08\/pull-enfant-laine-motif-hiver-1-1152x1536.jpg 1152w, https:\/\/voyagedelabaleine.fr\/wp-content\/uploads\/2025\/08\/pull-enfant-laine-motif-hiver-1.jpg 1400w\" sizes=\"(max-width: 600px) 100vw, 600px\" \/><\/a>\t<\/div><!-- .woo-entry-image-swap -->\n\n<ul class=\"woo-entry-inner clr\"><li class=\"image-wrap\">\n\t<div class=\"woo-entry-image-swap woo-entry-image clr\">\n\t\t<a href=\"https:\/\/voyagedelabaleine.fr\/es\/producto\/chaleco-bebe-unisex-gris\/\" class=\"woocommerce-LoopProduct-link\"><img decoding=\"async\" width=\"600\" height=\"800\" src=\"https:\/\/voyagedelabaleine.fr\/wp-content\/uploads\/2025\/08\/pull-enfant-laine-motif-hiver-600x800.jpg\" class=\"woo-entry-image-main\" alt=\"Chaleco beb\u00e9 unisex &#8211; Gris\" itemprop=\"image\" srcset=\"https:\/\/voyagedelabaleine.fr\/wp-content\/uploads\/2025\/08\/pull-enfant-laine-motif-hiver-600x800.jpg 600w, https:\/\/voyagedelabaleine.fr\/wp-content\/uploads\/2025\/08\/pull-enfant-laine-motif-hiver-225x300.jpg 225w, https:\/\/voyagedelabaleine.fr\/wp-content\/uploads\/2025\/08\/pull-enfant-laine-motif-hiver-768x1023.jpg 768w, https:\/\/voyagedelabaleine.fr\/wp-content\/uploads\/2025\/08\/pull-enfant-laine-motif-hiver-1153x1536.jpg 1153w, https:\/\/voyagedelabaleine.fr\/wp-content\/uploads\/2025\/08\/pull-enfant-laine-motif-hiver.jpg 1500w\" sizes=\"(max-width: 600px) 100vw, 600px\" \/><img decoding=\"async\" width=\"600\" height=\"800\" src=\"https:\/\/voyagedelabaleine.fr\/wp-content\/uploads\/2025\/08\/pull-enfant-laine-motif-hiver-1-600x800.jpg\" class=\"woo-entry-image-secondary\" alt=\"Chaleco beb\u00e9 unisex &#8211; Gris\" itemprop=\"image\" srcset=\"https:\/\/voyagedelabaleine.fr\/wp-content\/uploads\/2025\/08\/pull-enfant-laine-motif-hiver-1-600x800.jpg 600w, https:\/\/voyagedelabaleine.fr\/wp-content\/uploads\/2025\/08\/pull-enfant-laine-motif-hiver-1-225x300.jpg 225w, https:\/\/voyagedelabaleine.fr\/wp-content\/uploads\/2025\/08\/pull-enfant-laine-motif-hiver-1-768x1024.jpg 768w, https:\/\/voyagedelabaleine.fr\/wp-content\/uploads\/2025\/08\/pull-enfant-laine-motif-hiver-1-1152x1536.jpg 1152w, https:\/\/voyagedelabaleine.fr\/wp-content\/uploads\/2025\/08\/pull-enfant-laine-motif-hiver-1.jpg 1400w\" sizes=\"(max-width: 600px) 100vw, 600px\" \/><\/a>\t<\/div><!-- .woo-entry-image-swap -->\n\n<\/li><li class=\"title\"><h2><a href=\"https:\/\/voyagedelabaleine.fr\/es\/producto\/chaleco-bebe-unisex-gris\/\">Chaleco beb\u00e9 unisex &#8211; Gris<\/a><\/h2><\/li><li class=\"price-wrap\">\n\t<span class=\"price\"><span class=\"woocommerce-Price-amount amount\"><bdi>64<span class=\"woocommerce-Price-currencySymbol\">&euro;<\/span><\/bdi><\/span><\/span>\n<\/li><\/ul><\/div><!-- .product-inner .clr --><\/li>\n<li class=\"entry has-media col span_1_of_3 owp-content-center owp-thumbs-layout-vertical owp-btn-big owp-tabs-layout-vertical circle-sale product type-product post-33132 status-publish instock product_cat-pololo-short-pantalon-nacimiento product_cat-pololo-short-pantalon-nacimiento-nina product_cat-pololo-short-pantalon-nacimiento-nino product_cat-pololo-short-y-pantalon-bebe product_cat-pololo-short-pantalon-bebe-nina product_cat-pololo-short-pantalon-bebe-nino product_cat-ropa has-post-thumbnail taxable shipping-taxable purchasable product-type-variable has-default-attributes\">\n\t<div class=\"product-inner clr\">\n\t<div class=\"woo-entry-image-swap woo-entry-image clr\">\n\t\t<a href=\"https:\/\/voyagedelabaleine.fr\/es\/producto\/bloomer-de-bebe-escoces-azul\/\" class=\"woocommerce-LoopProduct-link\"><img decoding=\"async\" width=\"600\" height=\"800\" src=\"https:\/\/voyagedelabaleine.fr\/wp-content\/uploads\/2025\/11\/bloomer-bebe-ecossais-vert-2-600x800.jpg\" class=\"woo-entry-image-main\" alt=\"Bloomer de beb\u00e9 escoc\u00e9s &#8211; Azul\" itemprop=\"image\" srcset=\"https:\/\/voyagedelabaleine.fr\/wp-content\/uploads\/2025\/11\/bloomer-bebe-ecossais-vert-2-600x800.jpg 600w, https:\/\/voyagedelabaleine.fr\/wp-content\/uploads\/2025\/11\/bloomer-bebe-ecossais-vert-2-225x300.jpg 225w, https:\/\/voyagedelabaleine.fr\/wp-content\/uploads\/2025\/11\/bloomer-bebe-ecossais-vert-2-768x1024.jpg 768w, https:\/\/voyagedelabaleine.fr\/wp-content\/uploads\/2025\/11\/bloomer-bebe-ecossais-vert-2-1152x1536.jpg 1152w, https:\/\/voyagedelabaleine.fr\/wp-content\/uploads\/2025\/11\/bloomer-bebe-ecossais-vert-2-scaled.jpg 1537w\" sizes=\"(max-width: 600px) 100vw, 600px\" \/><img decoding=\"async\" width=\"600\" height=\"800\" src=\"https:\/\/voyagedelabaleine.fr\/wp-content\/uploads\/2025\/11\/bloomer-bebe-ecossais-vert-600x800.jpg\" class=\"woo-entry-image-secondary\" alt=\"Bloomer de beb\u00e9 escoc\u00e9s &#8211; Azul\" itemprop=\"image\" srcset=\"https:\/\/voyagedelabaleine.fr\/wp-content\/uploads\/2025\/11\/bloomer-bebe-ecossais-vert-600x800.jpg 600w, https:\/\/voyagedelabaleine.fr\/wp-content\/uploads\/2025\/11\/bloomer-bebe-ecossais-vert-225x300.jpg 225w, https:\/\/voyagedelabaleine.fr\/wp-content\/uploads\/2025\/11\/bloomer-bebe-ecossais-vert-768x1023.jpg 768w, https:\/\/voyagedelabaleine.fr\/wp-content\/uploads\/2025\/11\/bloomer-bebe-ecossais-vert-1153x1536.jpg 1153w, https:\/\/voyagedelabaleine.fr\/wp-content\/uploads\/2025\/11\/bloomer-bebe-ecossais-vert.jpg 1500w\" sizes=\"(max-width: 600px) 100vw, 600px\" \/><\/a>\t<\/div><!-- .woo-entry-image-swap -->\n\n<ul class=\"woo-entry-inner clr\"><li class=\"image-wrap\">\n\t<div class=\"woo-entry-image-swap woo-entry-image clr\">\n\t\t<a href=\"https:\/\/voyagedelabaleine.fr\/es\/producto\/bloomer-de-bebe-escoces-azul\/\" class=\"woocommerce-LoopProduct-link\"><img decoding=\"async\" width=\"600\" height=\"800\" src=\"https:\/\/voyagedelabaleine.fr\/wp-content\/uploads\/2025\/11\/bloomer-bebe-ecossais-vert-2-600x800.jpg\" class=\"woo-entry-image-main\" alt=\"Bloomer de beb\u00e9 escoc\u00e9s &#8211; Azul\" itemprop=\"image\" srcset=\"https:\/\/voyagedelabaleine.fr\/wp-content\/uploads\/2025\/11\/bloomer-bebe-ecossais-vert-2-600x800.jpg 600w, https:\/\/voyagedelabaleine.fr\/wp-content\/uploads\/2025\/11\/bloomer-bebe-ecossais-vert-2-225x300.jpg 225w, https:\/\/voyagedelabaleine.fr\/wp-content\/uploads\/2025\/11\/bloomer-bebe-ecossais-vert-2-768x1024.jpg 768w, https:\/\/voyagedelabaleine.fr\/wp-content\/uploads\/2025\/11\/bloomer-bebe-ecossais-vert-2-1152x1536.jpg 1152w, https:\/\/voyagedelabaleine.fr\/wp-content\/uploads\/2025\/11\/bloomer-bebe-ecossais-vert-2-scaled.jpg 1537w\" sizes=\"(max-width: 600px) 100vw, 600px\" \/><img decoding=\"async\" width=\"600\" height=\"800\" src=\"https:\/\/voyagedelabaleine.fr\/wp-content\/uploads\/2025\/11\/bloomer-bebe-ecossais-vert-600x800.jpg\" class=\"woo-entry-image-secondary\" alt=\"Bloomer de beb\u00e9 escoc\u00e9s &#8211; Azul\" itemprop=\"image\" srcset=\"https:\/\/voyagedelabaleine.fr\/wp-content\/uploads\/2025\/11\/bloomer-bebe-ecossais-vert-600x800.jpg 600w, https:\/\/voyagedelabaleine.fr\/wp-content\/uploads\/2025\/11\/bloomer-bebe-ecossais-vert-225x300.jpg 225w, https:\/\/voyagedelabaleine.fr\/wp-content\/uploads\/2025\/11\/bloomer-bebe-ecossais-vert-768x1023.jpg 768w, https:\/\/voyagedelabaleine.fr\/wp-content\/uploads\/2025\/11\/bloomer-bebe-ecossais-vert-1153x1536.jpg 1153w, https:\/\/voyagedelabaleine.fr\/wp-content\/uploads\/2025\/11\/bloomer-bebe-ecossais-vert.jpg 1500w\" sizes=\"(max-width: 600px) 100vw, 600px\" \/><\/a>\t<\/div><!-- .woo-entry-image-swap -->\n\n<\/li><li class=\"title\"><h2><a href=\"https:\/\/voyagedelabaleine.fr\/es\/producto\/bloomer-de-bebe-escoces-azul\/\">Bloomer de beb\u00e9 escoc\u00e9s &#8211; Azul<\/a><\/h2><\/li><li class=\"price-wrap\">\n\t<span class=\"price\"><span class=\"woocommerce-Price-amount amount\"><bdi>28<span class=\"woocommerce-Price-currencySymbol\">&euro;<\/span><\/bdi><\/span><\/span>\n<\/li><\/ul><\/div><!-- .product-inner .clr --><\/li>\n<li class=\"entry has-media has-rating col span_1_of_3 owp-content-center owp-thumbs-layout-vertical owp-btn-big owp-tabs-layout-vertical circle-sale product type-product post-30600 status-publish last instock product_cat-calcetines-leotardos-nacimiento product_cat-calcetines-leotardos-nacimiento-nina product_cat-calcetines-leotardos-nacimiento-nino product_cat-calcetines-leotardos-bebe-nina product_cat-calcetines-leotardos-bebe-nino product_cat-calcetines-leotardos-bebes-ninos product_cat-calcetines-leotardos-nina product_cat-calcetines-leotardos-nino product_cat-calcetines-leotardos-ninos has-post-thumbnail taxable shipping-taxable purchasable product-type-variable has-default-attributes\">\n\t<div class=\"product-inner clr\">\n\t<div class=\"woo-entry-image-swap woo-entry-image clr\">\n\t\t<a href=\"https:\/\/voyagedelabaleine.fr\/es\/producto\/leotardos-de-bebe-de-canale-azul-marino\/\" class=\"woocommerce-LoopProduct-link\"><img decoding=\"async\" width=\"600\" height=\"800\" src=\"https:\/\/voyagedelabaleine.fr\/wp-content\/uploads\/2024\/11\/92357-thickbox_default-fotor-20241121232344-600x800.jpg\" class=\"woo-entry-image-main\" alt=\"Leotardos de beb\u00e9 de canal\u00e9 &#8211; Azul marino\" itemprop=\"image\" srcset=\"https:\/\/voyagedelabaleine.fr\/wp-content\/uploads\/2024\/11\/92357-thickbox_default-fotor-20241121232344-600x800.jpg 600w, https:\/\/voyagedelabaleine.fr\/wp-content\/uploads\/2024\/11\/92357-thickbox_default-fotor-20241121232344-225x300.jpg 225w, https:\/\/voyagedelabaleine.fr\/wp-content\/uploads\/2024\/11\/92357-thickbox_default-fotor-20241121232344-768x1024.jpg 768w, https:\/\/voyagedelabaleine.fr\/wp-content\/uploads\/2024\/11\/92357-thickbox_default-fotor-20241121232344.jpg 800w\" sizes=\"(max-width: 600px) 100vw, 600px\" \/><img decoding=\"async\" width=\"600\" height=\"800\" src=\"https:\/\/voyagedelabaleine.fr\/wp-content\/uploads\/2024\/11\/92357-thickbox_default-fotor-20241121232440-600x800.jpg\" class=\"woo-entry-image-secondary\" alt=\"Leotardos de beb\u00e9 de canal\u00e9 &#8211; Azul marino\" itemprop=\"image\" srcset=\"https:\/\/voyagedelabaleine.fr\/wp-content\/uploads\/2024\/11\/92357-thickbox_default-fotor-20241121232440-600x800.jpg 600w, https:\/\/voyagedelabaleine.fr\/wp-content\/uploads\/2024\/11\/92357-thickbox_default-fotor-20241121232440-225x300.jpg 225w, https:\/\/voyagedelabaleine.fr\/wp-content\/uploads\/2024\/11\/92357-thickbox_default-fotor-20241121232440-768x1024.jpg 768w, https:\/\/voyagedelabaleine.fr\/wp-content\/uploads\/2024\/11\/92357-thickbox_default-fotor-20241121232440.jpg 800w\" sizes=\"(max-width: 600px) 100vw, 600px\" \/><\/a>\t<\/div><!-- .woo-entry-image-swap -->\n\n<ul class=\"woo-entry-inner clr\"><li class=\"image-wrap\">\n\t<div class=\"woo-entry-image-swap woo-entry-image clr\">\n\t\t<a href=\"https:\/\/voyagedelabaleine.fr\/es\/producto\/leotardos-de-bebe-de-canale-azul-marino\/\" class=\"woocommerce-LoopProduct-link\"><img decoding=\"async\" width=\"600\" height=\"800\" src=\"https:\/\/voyagedelabaleine.fr\/wp-content\/uploads\/2024\/11\/92357-thickbox_default-fotor-20241121232344-600x800.jpg\" class=\"woo-entry-image-main\" alt=\"Leotardos de beb\u00e9 de canal\u00e9 &#8211; Azul marino\" itemprop=\"image\" srcset=\"https:\/\/voyagedelabaleine.fr\/wp-content\/uploads\/2024\/11\/92357-thickbox_default-fotor-20241121232344-600x800.jpg 600w, https:\/\/voyagedelabaleine.fr\/wp-content\/uploads\/2024\/11\/92357-thickbox_default-fotor-20241121232344-225x300.jpg 225w, https:\/\/voyagedelabaleine.fr\/wp-content\/uploads\/2024\/11\/92357-thickbox_default-fotor-20241121232344-768x1024.jpg 768w, https:\/\/voyagedelabaleine.fr\/wp-content\/uploads\/2024\/11\/92357-thickbox_default-fotor-20241121232344.jpg 800w\" sizes=\"(max-width: 600px) 100vw, 600px\" \/><img decoding=\"async\" width=\"600\" height=\"800\" src=\"https:\/\/voyagedelabaleine.fr\/wp-content\/uploads\/2024\/11\/92357-thickbox_default-fotor-20241121232440-600x800.jpg\" class=\"woo-entry-image-secondary\" alt=\"Leotardos de beb\u00e9 de canal\u00e9 &#8211; Azul marino\" itemprop=\"image\" srcset=\"https:\/\/voyagedelabaleine.fr\/wp-content\/uploads\/2024\/11\/92357-thickbox_default-fotor-20241121232440-600x800.jpg 600w, https:\/\/voyagedelabaleine.fr\/wp-content\/uploads\/2024\/11\/92357-thickbox_default-fotor-20241121232440-225x300.jpg 225w, https:\/\/voyagedelabaleine.fr\/wp-content\/uploads\/2024\/11\/92357-thickbox_default-fotor-20241121232440-768x1024.jpg 768w, https:\/\/voyagedelabaleine.fr\/wp-content\/uploads\/2024\/11\/92357-thickbox_default-fotor-20241121232440.jpg 800w\" sizes=\"(max-width: 600px) 100vw, 600px\" \/><\/a>\t<\/div><!-- .woo-entry-image-swap -->\n\n<\/li><li class=\"title\"><h2><a href=\"https:\/\/voyagedelabaleine.fr\/es\/producto\/leotardos-de-bebe-de-canale-azul-marino\/\">Leotardos de beb\u00e9 de canal\u00e9 &#8211; Azul marino<\/a><\/h2><\/li><li class=\"price-wrap\">\n\t<span class=\"price\"><span class=\"woocommerce-Price-amount amount\"><bdi>14<span class=\"woocommerce-Price-currencySymbol\">&euro;<\/span><\/bdi><\/span><\/span>\n<\/li><\/ul><\/div><!-- .product-inner .clr --><\/li>\n<\/ul>\n<\/div><\/div>\n\t\t\t\t\t\t<\/div>\n\t\t\t\t<\/div>\n\t\t<div class=\"elementor-element elementor-element-f1a61b6 e-con-full e-flex e-con e-parent\" data-id=\"f1a61b6\" data-element_type=\"container\" data-e-type=\"container\">\n\t\t\t\t<div class=\"elementor-element elementor-element-810676e elementor-widget-divider--separator-type-pattern elementor-widget-divider--view-line elementor-widget elementor-widget-divider\" data-id=\"810676e\" data-element_type=\"widget\" data-e-type=\"widget\" data-widget_type=\"divider.default\">\n\t\t\t\t\t\t\t<div class=\"elementor-divider\" style=\"--divider-pattern-url: url(&quot;data:image\/svg+xml,%3Csvg xmlns=&#039;http:\/\/www.w3.org\/2000\/svg&#039; preserveAspectRatio=&#039;none&#039; overflow=&#039;visible&#039; height=&#039;100%&#039; viewBox=&#039;0 0 24 24&#039; fill=&#039;black&#039; stroke=&#039;none&#039;%3E%3Cpath d=&#039;M12.7,2.3c-0.4-0.4-1.1-0.4-1.5,0l-8,9.1c-0.3,0.4-0.3,0.9,0,1.2l8,9.1c0.4,0.4,1.1,0.4,1.5,0l8-9.1c0.3-0.4,0.3-0.9,0-1.2L12.7,2.3z&#039;\/%3E%3C\/svg%3E&quot;);\">\n\t\t\t<span class=\"elementor-divider-separator\">\n\t\t\t\t\t\t<\/span>\n\t\t<\/div>\n\t\t\t\t\t\t<\/div>\n\t\t\t\t<div class=\"elementor-element elementor-element-0e5a00f elementor-widget__width-initial elementor-widget-mobile__width-inherit elementor-widget elementor-widget-shortcode\" data-id=\"0e5a00f\" data-element_type=\"widget\" data-e-type=\"widget\" data-widget_type=\"shortcode.default\">\n\t\t\t\t\t\t\t<div class=\"elementor-shortcode\"><div class=\"woocommerce columns-2 \">\r\n<ul class=\"products oceanwp-row clr grid tablet-col tablet-2-col mobile-col mobile-2-col\">\r\n<li class=\"entry has-media has-rating col span_1_of_2 owp-content-center owp-thumbs-layout-vertical owp-btn-big owp-tabs-layout-vertical circle-sale product type-product post-33042 status-publish first instock product_cat-calcetines-leotardos-nacimiento product_cat-calcetines-leotardos-nacimiento-nina product_cat-calcetines-leotardos-nacimiento-nino product_cat-calcetines-leotardos-bebe-nina product_cat-calcetines-leotardos-bebe-nino product_cat-calcetines-leotardos-bebes-ninos product_cat-calcetines-leotardos-nina product_cat-calcetines-leotardos-nino product_cat-calcetines-leotardos-ninos has-post-thumbnail taxable shipping-taxable purchasable product-type-variable has-default-attributes\">\n\t<div class=\"product-inner clr\">\n\t<div class=\"woo-entry-image-swap woo-entry-image clr\">\n\t\t<a href=\"https:\/\/voyagedelabaleine.fr\/es\/producto\/leotardos-de-bebe-con-trenza-lateral-crema\/\" class=\"woocommerce-LoopProduct-link\"><img decoding=\"async\" width=\"600\" height=\"800\" src=\"https:\/\/voyagedelabaleine.fr\/wp-content\/uploads\/2025\/07\/collant-bebe-torsade-creme-600x800.jpg\" class=\"woo-entry-image-main\" alt=\"Leotardos de beb\u00e9 con trenza lateral &#8211; Crema\" itemprop=\"image\" srcset=\"https:\/\/voyagedelabaleine.fr\/wp-content\/uploads\/2025\/07\/collant-bebe-torsade-creme-600x799.jpg 600w, https:\/\/voyagedelabaleine.fr\/wp-content\/uploads\/2025\/07\/collant-bebe-torsade-creme-225x300.jpg 225w, https:\/\/voyagedelabaleine.fr\/wp-content\/uploads\/2025\/07\/collant-bebe-torsade-creme-769x1024.jpg 769w, https:\/\/voyagedelabaleine.fr\/wp-content\/uploads\/2025\/07\/collant-bebe-torsade-creme-768x1023.jpg 768w, https:\/\/voyagedelabaleine.fr\/wp-content\/uploads\/2025\/07\/collant-bebe-torsade-creme.jpg 900w\" sizes=\"(max-width: 600px) 100vw, 600px\" \/><img decoding=\"async\" width=\"600\" height=\"800\" src=\"https:\/\/voyagedelabaleine.fr\/wp-content\/uploads\/2025\/10\/collant-bebe-torsade-creme-2-600x800.jpg\" class=\"woo-entry-image-secondary\" alt=\"Leotardos de beb\u00e9 con trenza lateral &#8211; Crema\" itemprop=\"image\" srcset=\"https:\/\/voyagedelabaleine.fr\/wp-content\/uploads\/2025\/10\/collant-bebe-torsade-creme-2-600x800.jpg 600w, https:\/\/voyagedelabaleine.fr\/wp-content\/uploads\/2025\/10\/collant-bebe-torsade-creme-2-225x300.jpg 225w, https:\/\/voyagedelabaleine.fr\/wp-content\/uploads\/2025\/10\/collant-bebe-torsade-creme-2-768x1025.jpg 768w, https:\/\/voyagedelabaleine.fr\/wp-content\/uploads\/2025\/10\/collant-bebe-torsade-creme-2.jpg 922w\" sizes=\"(max-width: 600px) 100vw, 600px\" \/><\/a>\t<\/div><!-- .woo-entry-image-swap -->\n\n<ul class=\"woo-entry-inner clr\"><li class=\"image-wrap\">\n\t<div class=\"woo-entry-image-swap woo-entry-image clr\">\n\t\t<a href=\"https:\/\/voyagedelabaleine.fr\/es\/producto\/leotardos-de-bebe-con-trenza-lateral-crema\/\" class=\"woocommerce-LoopProduct-link\"><img decoding=\"async\" width=\"600\" height=\"800\" src=\"https:\/\/voyagedelabaleine.fr\/wp-content\/uploads\/2025\/07\/collant-bebe-torsade-creme-600x800.jpg\" class=\"woo-entry-image-main\" alt=\"Leotardos de beb\u00e9 con trenza lateral &#8211; Crema\" itemprop=\"image\" srcset=\"https:\/\/voyagedelabaleine.fr\/wp-content\/uploads\/2025\/07\/collant-bebe-torsade-creme-600x799.jpg 600w, https:\/\/voyagedelabaleine.fr\/wp-content\/uploads\/2025\/07\/collant-bebe-torsade-creme-225x300.jpg 225w, https:\/\/voyagedelabaleine.fr\/wp-content\/uploads\/2025\/07\/collant-bebe-torsade-creme-769x1024.jpg 769w, https:\/\/voyagedelabaleine.fr\/wp-content\/uploads\/2025\/07\/collant-bebe-torsade-creme-768x1023.jpg 768w, https:\/\/voyagedelabaleine.fr\/wp-content\/uploads\/2025\/07\/collant-bebe-torsade-creme.jpg 900w\" sizes=\"(max-width: 600px) 100vw, 600px\" \/><img decoding=\"async\" width=\"600\" height=\"800\" src=\"https:\/\/voyagedelabaleine.fr\/wp-content\/uploads\/2025\/10\/collant-bebe-torsade-creme-2-600x800.jpg\" class=\"woo-entry-image-secondary\" alt=\"Leotardos de beb\u00e9 con trenza lateral &#8211; Crema\" itemprop=\"image\" srcset=\"https:\/\/voyagedelabaleine.fr\/wp-content\/uploads\/2025\/10\/collant-bebe-torsade-creme-2-600x800.jpg 600w, https:\/\/voyagedelabaleine.fr\/wp-content\/uploads\/2025\/10\/collant-bebe-torsade-creme-2-225x300.jpg 225w, https:\/\/voyagedelabaleine.fr\/wp-content\/uploads\/2025\/10\/collant-bebe-torsade-creme-2-768x1025.jpg 768w, https:\/\/voyagedelabaleine.fr\/wp-content\/uploads\/2025\/10\/collant-bebe-torsade-creme-2.jpg 922w\" sizes=\"(max-width: 600px) 100vw, 600px\" \/><\/a>\t<\/div><!-- .woo-entry-image-swap -->\n\n<\/li><li class=\"title\"><h2><a href=\"https:\/\/voyagedelabaleine.fr\/es\/producto\/leotardos-de-bebe-con-trenza-lateral-crema\/\">Leotardos de beb\u00e9 con trenza lateral &#8211; Crema<\/a><\/h2><\/li><li class=\"price-wrap\">\n\t<span class=\"price\"><span class=\"woocommerce-Price-amount amount\"><bdi>16<span class=\"woocommerce-Price-currencySymbol\">&euro;<\/span><\/bdi><\/span><\/span>\n<\/li><\/ul><\/div><!-- .product-inner .clr --><\/li>\n<li class=\"entry has-media col span_1_of_2 owp-content-center owp-thumbs-layout-vertical owp-btn-big owp-tabs-layout-vertical circle-sale product type-product post-33082 status-publish last instock product_cat-bebe-nina product_cat-nina product_cat-ropa product_cat-vestido-bebe-nina product_cat-vestido-nina has-post-thumbnail taxable shipping-taxable purchasable product-type-variable has-default-attributes\">\n\t<div class=\"product-inner clr\">\n\t<div class=\"woo-entry-image-swap woo-entry-image clr\">\n\t\t<a href=\"https:\/\/voyagedelabaleine.fr\/es\/producto\/vestido-de-navidad-de-terciopelo-para-bebe-nina-rojo\/\" class=\"woocommerce-LoopProduct-link\"><img decoding=\"async\" width=\"600\" height=\"800\" src=\"https:\/\/voyagedelabaleine.fr\/wp-content\/uploads\/2025\/07\/robe-noel-velours-rouge-2-600x800.jpg\" class=\"woo-entry-image-main\" alt=\"Vestido de Navidad de terciopelo para beb\u00e9 ni\u00f1a &#8211; Rojo\" itemprop=\"image\" srcset=\"https:\/\/voyagedelabaleine.fr\/wp-content\/uploads\/2025\/07\/robe-noel-velours-rouge-2-600x800.jpg 600w, https:\/\/voyagedelabaleine.fr\/wp-content\/uploads\/2025\/07\/robe-noel-velours-rouge-2-225x300.jpg 225w, https:\/\/voyagedelabaleine.fr\/wp-content\/uploads\/2025\/07\/robe-noel-velours-rouge-2-768x1024.jpg 768w, https:\/\/voyagedelabaleine.fr\/wp-content\/uploads\/2025\/07\/robe-noel-velours-rouge-2-1152x1536.jpg 1152w, https:\/\/voyagedelabaleine.fr\/wp-content\/uploads\/2025\/07\/robe-noel-velours-rouge-2.jpg 1400w\" sizes=\"(max-width: 600px) 100vw, 600px\" \/><img decoding=\"async\" width=\"600\" height=\"800\" src=\"https:\/\/voyagedelabaleine.fr\/wp-content\/uploads\/2025\/07\/robe-noel-velours-rouge-1-600x800.jpg\" class=\"woo-entry-image-secondary\" alt=\"Vestido de Navidad de terciopelo para beb\u00e9 ni\u00f1a &#8211; Rojo\" itemprop=\"image\" srcset=\"https:\/\/voyagedelabaleine.fr\/wp-content\/uploads\/2025\/07\/robe-noel-velours-rouge-1-600x800.jpg 600w, https:\/\/voyagedelabaleine.fr\/wp-content\/uploads\/2025\/07\/robe-noel-velours-rouge-1-225x300.jpg 225w, https:\/\/voyagedelabaleine.fr\/wp-content\/uploads\/2025\/07\/robe-noel-velours-rouge-1-768x1023.jpg 768w, https:\/\/voyagedelabaleine.fr\/wp-content\/uploads\/2025\/07\/robe-noel-velours-rouge-1-1153x1536.jpg 1153w, https:\/\/voyagedelabaleine.fr\/wp-content\/uploads\/2025\/07\/robe-noel-velours-rouge-1.jpg 1200w\" sizes=\"(max-width: 600px) 100vw, 600px\" \/><\/a>\t<\/div><!-- .woo-entry-image-swap -->\n\n<ul class=\"woo-entry-inner clr\"><li class=\"image-wrap\">\n\t<div class=\"woo-entry-image-swap woo-entry-image clr\">\n\t\t<a href=\"https:\/\/voyagedelabaleine.fr\/es\/producto\/vestido-de-navidad-de-terciopelo-para-bebe-nina-rojo\/\" class=\"woocommerce-LoopProduct-link\"><img decoding=\"async\" width=\"600\" height=\"800\" src=\"https:\/\/voyagedelabaleine.fr\/wp-content\/uploads\/2025\/07\/robe-noel-velours-rouge-2-600x800.jpg\" class=\"woo-entry-image-main\" alt=\"Vestido de Navidad de terciopelo para beb\u00e9 ni\u00f1a &#8211; Rojo\" itemprop=\"image\" srcset=\"https:\/\/voyagedelabaleine.fr\/wp-content\/uploads\/2025\/07\/robe-noel-velours-rouge-2-600x800.jpg 600w, https:\/\/voyagedelabaleine.fr\/wp-content\/uploads\/2025\/07\/robe-noel-velours-rouge-2-225x300.jpg 225w, https:\/\/voyagedelabaleine.fr\/wp-content\/uploads\/2025\/07\/robe-noel-velours-rouge-2-768x1024.jpg 768w, https:\/\/voyagedelabaleine.fr\/wp-content\/uploads\/2025\/07\/robe-noel-velours-rouge-2-1152x1536.jpg 1152w, https:\/\/voyagedelabaleine.fr\/wp-content\/uploads\/2025\/07\/robe-noel-velours-rouge-2.jpg 1400w\" sizes=\"(max-width: 600px) 100vw, 600px\" \/><img decoding=\"async\" width=\"600\" height=\"800\" src=\"https:\/\/voyagedelabaleine.fr\/wp-content\/uploads\/2025\/07\/robe-noel-velours-rouge-1-600x800.jpg\" class=\"woo-entry-image-secondary\" alt=\"Vestido de Navidad de terciopelo para beb\u00e9 ni\u00f1a &#8211; Rojo\" itemprop=\"image\" srcset=\"https:\/\/voyagedelabaleine.fr\/wp-content\/uploads\/2025\/07\/robe-noel-velours-rouge-1-600x800.jpg 600w, https:\/\/voyagedelabaleine.fr\/wp-content\/uploads\/2025\/07\/robe-noel-velours-rouge-1-225x300.jpg 225w, https:\/\/voyagedelabaleine.fr\/wp-content\/uploads\/2025\/07\/robe-noel-velours-rouge-1-768x1023.jpg 768w, https:\/\/voyagedelabaleine.fr\/wp-content\/uploads\/2025\/07\/robe-noel-velours-rouge-1-1153x1536.jpg 1153w, https:\/\/voyagedelabaleine.fr\/wp-content\/uploads\/2025\/07\/robe-noel-velours-rouge-1.jpg 1200w\" sizes=\"(max-width: 600px) 100vw, 600px\" \/><\/a>\t<\/div><!-- .woo-entry-image-swap -->\n\n<\/li><li class=\"title\"><h2><a href=\"https:\/\/voyagedelabaleine.fr\/es\/producto\/vestido-de-navidad-de-terciopelo-para-bebe-nina-rojo\/\">Vestido de Navidad de terciopelo para beb\u00e9 ni\u00f1a &#8211; Rojo<\/a><\/h2><\/li><li class=\"price-wrap\">\n\t<span class=\"price\"><span class=\"woocommerce-Price-amount amount\"><bdi>86<span class=\"woocommerce-Price-currencySymbol\">&euro;<\/span><\/bdi><\/span><\/span>\n<\/li><\/ul><\/div><!-- .product-inner .clr --><\/li>\n<\/ul>\n<\/div><\/div>\n\t\t\t\t\t\t<\/div>\n\t\t\t\t<\/div>\n\t\t<div class=\"elementor-element elementor-element-bf79a42 e-con-full e-flex e-con e-parent\" data-id=\"bf79a42\" data-element_type=\"container\" data-e-type=\"container\">\n\t\t\t\t<div class=\"elementor-element elementor-element-6cae3e4 elementor-widget-divider--separator-type-pattern elementor-widget-divider--view-line elementor-widget elementor-widget-divider\" data-id=\"6cae3e4\" data-element_type=\"widget\" data-e-type=\"widget\" data-widget_type=\"divider.default\">\n\t\t\t\t\t\t\t<div class=\"elementor-divider\" style=\"--divider-pattern-url: url(&quot;data:image\/svg+xml,%3Csvg xmlns=&#039;http:\/\/www.w3.org\/2000\/svg&#039; preserveAspectRatio=&#039;none&#039; overflow=&#039;visible&#039; height=&#039;100%&#039; viewBox=&#039;0 0 24 24&#039; fill=&#039;black&#039; stroke=&#039;none&#039;%3E%3Cpath d=&#039;M12.7,2.3c-0.4-0.4-1.1-0.4-1.5,0l-8,9.1c-0.3,0.4-0.3,0.9,0,1.2l8,9.1c0.4,0.4,1.1,0.4,1.5,0l8-9.1c0.3-0.4,0.3-0.9,0-1.2L12.7,2.3z&#039;\/%3E%3C\/svg%3E&quot;);\">\n\t\t\t<span class=\"elementor-divider-separator\">\n\t\t\t\t\t\t<\/span>\n\t\t<\/div>\n\t\t\t\t\t\t<\/div>\n\t\t\t\t<div class=\"elementor-element elementor-element-076527a elementor-widget__width-initial elementor-widget-mobile__width-inherit elementor-widget elementor-widget-shortcode\" data-id=\"076527a\" data-element_type=\"widget\" data-e-type=\"widget\" data-widget_type=\"shortcode.default\">\n\t\t\t\t\t\t\t<div class=\"elementor-shortcode\"><div class=\"woocommerce columns-1 \">\r\n<ul class=\"products oceanwp-row clr grid tablet-col tablet-2-col mobile-col mobile-2-col\">\r\n<li class=\"entry has-media col span_1_of_1 owp-content-center owp-thumbs-layout-vertical owp-btn-big owp-tabs-layout-vertical circle-sale product type-product post-33098 status-publish first instock product_cat-conjuntos-nacimiento product_cat-conjuntos-nacimiento-nina product_cat-conjuntos-bebe product_cat-conjuntos-bebe-nina product_cat-jersey-chaleco-cardigan-nacimiento product_cat-jersey-chaleco-cardigan-nacimiento-nina product_cat-jersey-chaleco-cardigan-bebe product_cat-jersey-chaleco-cardigan-bebe-nina product_cat-pololo-short-pantalon-nacimiento product_cat-pololo-short-pantalon-nacimiento-nina product_cat-pololo-short-y-pantalon-bebe product_cat-pololo-short-pantalon-bebe-nina product_cat-ropa has-post-thumbnail taxable shipping-taxable purchasable product-type-variable has-default-attributes\">\n\t<div class=\"product-inner clr\">\n\t<div class=\"woo-entry-image-swap woo-entry-image clr\">\n\t\t<a href=\"https:\/\/voyagedelabaleine.fr\/es\/producto\/conjunto-para-bebe-nina-con-gorro-rosa-palido\/\" class=\"woocommerce-LoopProduct-link\"><img decoding=\"async\" width=\"600\" height=\"800\" src=\"https:\/\/voyagedelabaleine.fr\/wp-content\/uploads\/2025\/11\/ensemble-bebe-rose-1-600x800.jpg\" class=\"woo-entry-image-main\" alt=\"Conjunto para beb\u00e9 ni\u00f1a con gorro &#8211; Rosa p\u00e1lido\" itemprop=\"image\" srcset=\"https:\/\/voyagedelabaleine.fr\/wp-content\/uploads\/2025\/11\/ensemble-bebe-rose-1-600x800.jpg 600w, https:\/\/voyagedelabaleine.fr\/wp-content\/uploads\/2025\/11\/ensemble-bebe-rose-1-225x300.jpg 225w, https:\/\/voyagedelabaleine.fr\/wp-content\/uploads\/2025\/11\/ensemble-bebe-rose-1-768x1024.jpg 768w, https:\/\/voyagedelabaleine.fr\/wp-content\/uploads\/2025\/11\/ensemble-bebe-rose-1-1152x1536.jpg 1152w, https:\/\/voyagedelabaleine.fr\/wp-content\/uploads\/2025\/11\/ensemble-bebe-rose-1-scaled.jpg 1537w\" sizes=\"(max-width: 600px) 100vw, 600px\" \/><img decoding=\"async\" width=\"600\" height=\"800\" src=\"https:\/\/voyagedelabaleine.fr\/wp-content\/uploads\/2025\/11\/ensemble-bebe-rose-2-600x800.jpg\" class=\"woo-entry-image-secondary\" alt=\"Conjunto para beb\u00e9 ni\u00f1a con gorro &#8211; Rosa p\u00e1lido\" itemprop=\"image\" srcset=\"https:\/\/voyagedelabaleine.fr\/wp-content\/uploads\/2025\/11\/ensemble-bebe-rose-2-600x800.jpg 600w, https:\/\/voyagedelabaleine.fr\/wp-content\/uploads\/2025\/11\/ensemble-bebe-rose-2-225x300.jpg 225w, https:\/\/voyagedelabaleine.fr\/wp-content\/uploads\/2025\/11\/ensemble-bebe-rose-2-768x1023.jpg 768w, https:\/\/voyagedelabaleine.fr\/wp-content\/uploads\/2025\/11\/ensemble-bebe-rose-2.jpg 953w\" sizes=\"(max-width: 600px) 100vw, 600px\" \/><\/a>\t<\/div><!-- .woo-entry-image-swap -->\n\n<ul class=\"woo-entry-inner clr\"><li class=\"image-wrap\">\n\t<div class=\"woo-entry-image-swap woo-entry-image clr\">\n\t\t<a href=\"https:\/\/voyagedelabaleine.fr\/es\/producto\/conjunto-para-bebe-nina-con-gorro-rosa-palido\/\" class=\"woocommerce-LoopProduct-link\"><img decoding=\"async\" width=\"600\" height=\"800\" src=\"https:\/\/voyagedelabaleine.fr\/wp-content\/uploads\/2025\/11\/ensemble-bebe-rose-1-600x800.jpg\" class=\"woo-entry-image-main\" alt=\"Conjunto para beb\u00e9 ni\u00f1a con gorro &#8211; Rosa p\u00e1lido\" itemprop=\"image\" srcset=\"https:\/\/voyagedelabaleine.fr\/wp-content\/uploads\/2025\/11\/ensemble-bebe-rose-1-600x800.jpg 600w, https:\/\/voyagedelabaleine.fr\/wp-content\/uploads\/2025\/11\/ensemble-bebe-rose-1-225x300.jpg 225w, https:\/\/voyagedelabaleine.fr\/wp-content\/uploads\/2025\/11\/ensemble-bebe-rose-1-768x1024.jpg 768w, https:\/\/voyagedelabaleine.fr\/wp-content\/uploads\/2025\/11\/ensemble-bebe-rose-1-1152x1536.jpg 1152w, https:\/\/voyagedelabaleine.fr\/wp-content\/uploads\/2025\/11\/ensemble-bebe-rose-1-scaled.jpg 1537w\" sizes=\"(max-width: 600px) 100vw, 600px\" \/><img decoding=\"async\" width=\"600\" height=\"800\" src=\"https:\/\/voyagedelabaleine.fr\/wp-content\/uploads\/2025\/11\/ensemble-bebe-rose-2-600x800.jpg\" class=\"woo-entry-image-secondary\" alt=\"Conjunto para beb\u00e9 ni\u00f1a con gorro &#8211; Rosa p\u00e1lido\" itemprop=\"image\" srcset=\"https:\/\/voyagedelabaleine.fr\/wp-content\/uploads\/2025\/11\/ensemble-bebe-rose-2-600x800.jpg 600w, https:\/\/voyagedelabaleine.fr\/wp-content\/uploads\/2025\/11\/ensemble-bebe-rose-2-225x300.jpg 225w, https:\/\/voyagedelabaleine.fr\/wp-content\/uploads\/2025\/11\/ensemble-bebe-rose-2-768x1023.jpg 768w, https:\/\/voyagedelabaleine.fr\/wp-content\/uploads\/2025\/11\/ensemble-bebe-rose-2.jpg 953w\" sizes=\"(max-width: 600px) 100vw, 600px\" \/><\/a>\t<\/div><!-- .woo-entry-image-swap -->\n\n<\/li><li class=\"title\"><h2><a href=\"https:\/\/voyagedelabaleine.fr\/es\/producto\/conjunto-para-bebe-nina-con-gorro-rosa-palido\/\">Conjunto para beb\u00e9 ni\u00f1a con gorro &#8211; Rosa p\u00e1lido<\/a><\/h2><\/li><li class=\"price-wrap\">\n\t<span class=\"price\"><span class=\"woocommerce-Price-amount amount\"><bdi>68<span class=\"woocommerce-Price-currencySymbol\">&euro;<\/span><\/bdi><\/span><\/span>\n<\/li><\/ul><\/div><!-- .product-inner .clr --><\/li>\n<\/ul>\n<\/div><\/div>\n\t\t\t\t\t\t<\/div>\n\t\t\t\t<\/div>\n\t\t<div class=\"elementor-element elementor-element-ba7ce11 e-con-full e-flex e-con e-parent\" data-id=\"ba7ce11\" data-element_type=\"container\" data-e-type=\"container\">\n\t\t\t\t<div class=\"elementor-element elementor-element-4c0929d elementor-widget-divider--separator-type-pattern elementor-widget-divider--view-line elementor-widget elementor-widget-divider\" data-id=\"4c0929d\" data-element_type=\"widget\" data-e-type=\"widget\" data-widget_type=\"divider.default\">\n\t\t\t\t\t\t\t<div class=\"elementor-divider\" style=\"--divider-pattern-url: url(&quot;data:image\/svg+xml,%3Csvg xmlns=&#039;http:\/\/www.w3.org\/2000\/svg&#039; preserveAspectRatio=&#039;none&#039; overflow=&#039;visible&#039; height=&#039;100%&#039; viewBox=&#039;0 0 24 24&#039; fill=&#039;black&#039; stroke=&#039;none&#039;%3E%3Cpath d=&#039;M12.7,2.3c-0.4-0.4-1.1-0.4-1.5,0l-8,9.1c-0.3,0.4-0.3,0.9,0,1.2l8,9.1c0.4,0.4,1.1,0.4,1.5,0l8-9.1c0.3-0.4,0.3-0.9,0-1.2L12.7,2.3z&#039;\/%3E%3C\/svg%3E&quot;);\">\n\t\t\t<span class=\"elementor-divider-separator\">\n\t\t\t\t\t\t<\/span>\n\t\t<\/div>\n\t\t\t\t\t\t<\/div>\n\t\t\t\t<div class=\"elementor-element elementor-element-209e4a4 elementor-widget elementor-widget-shortcode\" data-id=\"209e4a4\" data-element_type=\"widget\" data-e-type=\"widget\" data-widget_type=\"shortcode.default\">\n\t\t\t\t\t\t\t<div class=\"elementor-shortcode\"><div class=\"woocommerce columns-3 \">\r\n<ul class=\"products oceanwp-row clr grid tablet-col tablet-2-col mobile-col mobile-2-col\">\r\n<li class=\"entry has-media col span_1_of_3 owp-content-center owp-thumbs-layout-vertical owp-btn-big owp-tabs-layout-vertical circle-sale product type-product post-32719 status-publish first instock product_cat-blusa-camiseta-nacimiento product_cat-blusa-y-camiseta-nacimiento-nina product_cat-blusa-camiseta-bebe product_cat-blusa-camiseta-bebe-nina product_cat-blusa-camiseta-nina product_cat-blusa-camiseta-ninos product_cat-ropa has-post-thumbnail taxable shipping-taxable purchasable product-type-variable has-default-attributes\">\n\t<div class=\"product-inner clr\">\n\t<div class=\"woo-entry-image-swap woo-entry-image clr\">\n\t\t<a href=\"https:\/\/voyagedelabaleine.fr\/es\/producto\/blusa-de-bebe-nina-de-manga-larga-en-algodon-crema\/\" class=\"woocommerce-LoopProduct-link\"><img decoding=\"async\" width=\"600\" height=\"800\" src=\"https:\/\/voyagedelabaleine.fr\/wp-content\/uploads\/2025\/07\/blouse-bebe-fille-manches-longues-creme-1-600x800.jpg\" class=\"woo-entry-image-main\" alt=\"Blusa de beb\u00e9 ni\u00f1a de manga larga en algod\u00f3n &#8211; Crema\" itemprop=\"image\" srcset=\"https:\/\/voyagedelabaleine.fr\/wp-content\/uploads\/2025\/07\/blouse-bebe-fille-manches-longues-creme-1-600x800.jpg 600w, https:\/\/voyagedelabaleine.fr\/wp-content\/uploads\/2025\/07\/blouse-bebe-fille-manches-longues-creme-1-225x300.jpg 225w, https:\/\/voyagedelabaleine.fr\/wp-content\/uploads\/2025\/07\/blouse-bebe-fille-manches-longues-creme-1-768x1024.jpg 768w, https:\/\/voyagedelabaleine.fr\/wp-content\/uploads\/2025\/07\/blouse-bebe-fille-manches-longues-creme-1.jpg 1100w\" sizes=\"(max-width: 600px) 100vw, 600px\" \/><img decoding=\"async\" width=\"600\" height=\"800\" src=\"https:\/\/voyagedelabaleine.fr\/wp-content\/uploads\/2025\/07\/blouse-bebe-fille-manches-longues-creme-2-600x800.jpg\" class=\"woo-entry-image-secondary\" alt=\"Blusa de beb\u00e9 ni\u00f1a de manga larga en algod\u00f3n &#8211; Crema\" itemprop=\"image\" srcset=\"https:\/\/voyagedelabaleine.fr\/wp-content\/uploads\/2025\/07\/blouse-bebe-fille-manches-longues-creme-2-600x800.jpg 600w, https:\/\/voyagedelabaleine.fr\/wp-content\/uploads\/2025\/07\/blouse-bebe-fille-manches-longues-creme-2-225x300.jpg 225w, https:\/\/voyagedelabaleine.fr\/wp-content\/uploads\/2025\/07\/blouse-bebe-fille-manches-longues-creme-2-768x1024.jpg 768w, https:\/\/voyagedelabaleine.fr\/wp-content\/uploads\/2025\/07\/blouse-bebe-fille-manches-longues-creme-2-1152x1536.jpg 1152w, https:\/\/voyagedelabaleine.fr\/wp-content\/uploads\/2025\/07\/blouse-bebe-fille-manches-longues-creme-2.jpg 1273w\" sizes=\"(max-width: 600px) 100vw, 600px\" \/><\/a>\t<\/div><!-- .woo-entry-image-swap -->\n\n<ul class=\"woo-entry-inner clr\"><li class=\"image-wrap\">\n\t<div class=\"woo-entry-image-swap woo-entry-image clr\">\n\t\t<a href=\"https:\/\/voyagedelabaleine.fr\/es\/producto\/blusa-de-bebe-nina-de-manga-larga-en-algodon-crema\/\" class=\"woocommerce-LoopProduct-link\"><img decoding=\"async\" width=\"600\" height=\"800\" src=\"https:\/\/voyagedelabaleine.fr\/wp-content\/uploads\/2025\/07\/blouse-bebe-fille-manches-longues-creme-1-600x800.jpg\" class=\"woo-entry-image-main\" alt=\"Blusa de beb\u00e9 ni\u00f1a de manga larga en algod\u00f3n &#8211; Crema\" itemprop=\"image\" srcset=\"https:\/\/voyagedelabaleine.fr\/wp-content\/uploads\/2025\/07\/blouse-bebe-fille-manches-longues-creme-1-600x800.jpg 600w, https:\/\/voyagedelabaleine.fr\/wp-content\/uploads\/2025\/07\/blouse-bebe-fille-manches-longues-creme-1-225x300.jpg 225w, https:\/\/voyagedelabaleine.fr\/wp-content\/uploads\/2025\/07\/blouse-bebe-fille-manches-longues-creme-1-768x1024.jpg 768w, https:\/\/voyagedelabaleine.fr\/wp-content\/uploads\/2025\/07\/blouse-bebe-fille-manches-longues-creme-1.jpg 1100w\" sizes=\"(max-width: 600px) 100vw, 600px\" \/><img decoding=\"async\" width=\"600\" height=\"800\" src=\"https:\/\/voyagedelabaleine.fr\/wp-content\/uploads\/2025\/07\/blouse-bebe-fille-manches-longues-creme-2-600x800.jpg\" class=\"woo-entry-image-secondary\" alt=\"Blusa de beb\u00e9 ni\u00f1a de manga larga en algod\u00f3n &#8211; Crema\" itemprop=\"image\" srcset=\"https:\/\/voyagedelabaleine.fr\/wp-content\/uploads\/2025\/07\/blouse-bebe-fille-manches-longues-creme-2-600x800.jpg 600w, https:\/\/voyagedelabaleine.fr\/wp-content\/uploads\/2025\/07\/blouse-bebe-fille-manches-longues-creme-2-225x300.jpg 225w, https:\/\/voyagedelabaleine.fr\/wp-content\/uploads\/2025\/07\/blouse-bebe-fille-manches-longues-creme-2-768x1024.jpg 768w, https:\/\/voyagedelabaleine.fr\/wp-content\/uploads\/2025\/07\/blouse-bebe-fille-manches-longues-creme-2-1152x1536.jpg 1152w, https:\/\/voyagedelabaleine.fr\/wp-content\/uploads\/2025\/07\/blouse-bebe-fille-manches-longues-creme-2.jpg 1273w\" sizes=\"(max-width: 600px) 100vw, 600px\" \/><\/a>\t<\/div><!-- .woo-entry-image-swap -->\n\n<\/li><li class=\"title\"><h2><a href=\"https:\/\/voyagedelabaleine.fr\/es\/producto\/blusa-de-bebe-nina-de-manga-larga-en-algodon-crema\/\">Blusa de beb\u00e9 ni\u00f1a de manga larga en algod\u00f3n &#8211; Crema<\/a><\/h2><\/li><li class=\"price-wrap\">\n\t<span class=\"price\"><span class=\"woocommerce-Price-amount amount\"><bdi>36<span class=\"woocommerce-Price-currencySymbol\">&euro;<\/span><\/bdi><\/span><\/span>\n<\/li><\/ul><\/div><!-- .product-inner .clr --><\/li>\n<li class=\"entry has-media col span_1_of_3 owp-content-center owp-thumbs-layout-vertical owp-btn-big owp-tabs-layout-vertical circle-sale product type-product post-32641 status-publish instock product_cat-jersey-chaleco-cardigan-bebe product_cat-jersey-chaleco-cardigan-bebe-nina product_cat-jersey-chaleco-cardigan-nina product_cat-jersey-chaleco-cardigan-ninos product_cat-ropa has-post-thumbnail taxable shipping-taxable purchasable product-type-variable has-default-attributes\">\n\t<div class=\"product-inner clr\">\n\t<div class=\"woo-entry-image-swap woo-entry-image clr\">\n\t\t<a href=\"https:\/\/voyagedelabaleine.fr\/es\/producto\/cardigan-de-punto-para-nina-beige\/\" class=\"woocommerce-LoopProduct-link\"><img decoding=\"async\" width=\"600\" height=\"800\" src=\"https:\/\/voyagedelabaleine.fr\/wp-content\/uploads\/2025\/07\/gilet-enfant-fille-maille-beige-600x800.jpg\" class=\"woo-entry-image-main\" alt=\"C\u00e1rdigan de punto para ni\u00f1a &#8211; Beige\" itemprop=\"image\" srcset=\"https:\/\/voyagedelabaleine.fr\/wp-content\/uploads\/2025\/07\/gilet-enfant-fille-maille-beige-600x800.jpg 600w, https:\/\/voyagedelabaleine.fr\/wp-content\/uploads\/2025\/07\/gilet-enfant-fille-maille-beige-225x300.jpg 225w, https:\/\/voyagedelabaleine.fr\/wp-content\/uploads\/2025\/07\/gilet-enfant-fille-maille-beige-768x1024.jpg 768w, https:\/\/voyagedelabaleine.fr\/wp-content\/uploads\/2025\/07\/gilet-enfant-fille-maille-beige-1152x1536.jpg 1152w, https:\/\/voyagedelabaleine.fr\/wp-content\/uploads\/2025\/07\/gilet-enfant-fille-maille-beige.jpg 1200w\" sizes=\"(max-width: 600px) 100vw, 600px\" \/><img decoding=\"async\" width=\"600\" height=\"800\" src=\"https:\/\/voyagedelabaleine.fr\/wp-content\/uploads\/2025\/07\/gilet-fille-maille-beige-600x800.jpg\" class=\"woo-entry-image-secondary\" alt=\"C\u00e1rdigan de punto para ni\u00f1a &#8211; Beige\" itemprop=\"image\" srcset=\"https:\/\/voyagedelabaleine.fr\/wp-content\/uploads\/2025\/07\/gilet-fille-maille-beige-600x800.jpg 600w, https:\/\/voyagedelabaleine.fr\/wp-content\/uploads\/2025\/07\/gilet-fille-maille-beige-225x300.jpg 225w, https:\/\/voyagedelabaleine.fr\/wp-content\/uploads\/2025\/07\/gilet-fille-maille-beige-768x1024.jpg 768w, https:\/\/voyagedelabaleine.fr\/wp-content\/uploads\/2025\/07\/gilet-fille-maille-beige.jpg 1100w\" sizes=\"(max-width: 600px) 100vw, 600px\" \/><\/a>\t<\/div><!-- .woo-entry-image-swap -->\n\n<ul class=\"woo-entry-inner clr\"><li class=\"image-wrap\">\n\t<div class=\"woo-entry-image-swap woo-entry-image clr\">\n\t\t<a href=\"https:\/\/voyagedelabaleine.fr\/es\/producto\/cardigan-de-punto-para-nina-beige\/\" class=\"woocommerce-LoopProduct-link\"><img decoding=\"async\" width=\"600\" height=\"800\" src=\"https:\/\/voyagedelabaleine.fr\/wp-content\/uploads\/2025\/07\/gilet-enfant-fille-maille-beige-600x800.jpg\" class=\"woo-entry-image-main\" alt=\"C\u00e1rdigan de punto para ni\u00f1a &#8211; Beige\" itemprop=\"image\" srcset=\"https:\/\/voyagedelabaleine.fr\/wp-content\/uploads\/2025\/07\/gilet-enfant-fille-maille-beige-600x800.jpg 600w, https:\/\/voyagedelabaleine.fr\/wp-content\/uploads\/2025\/07\/gilet-enfant-fille-maille-beige-225x300.jpg 225w, https:\/\/voyagedelabaleine.fr\/wp-content\/uploads\/2025\/07\/gilet-enfant-fille-maille-beige-768x1024.jpg 768w, https:\/\/voyagedelabaleine.fr\/wp-content\/uploads\/2025\/07\/gilet-enfant-fille-maille-beige-1152x1536.jpg 1152w, https:\/\/voyagedelabaleine.fr\/wp-content\/uploads\/2025\/07\/gilet-enfant-fille-maille-beige.jpg 1200w\" sizes=\"(max-width: 600px) 100vw, 600px\" \/><img decoding=\"async\" width=\"600\" height=\"800\" src=\"https:\/\/voyagedelabaleine.fr\/wp-content\/uploads\/2025\/07\/gilet-fille-maille-beige-600x800.jpg\" class=\"woo-entry-image-secondary\" alt=\"C\u00e1rdigan de punto para ni\u00f1a &#8211; Beige\" itemprop=\"image\" srcset=\"https:\/\/voyagedelabaleine.fr\/wp-content\/uploads\/2025\/07\/gilet-fille-maille-beige-600x800.jpg 600w, https:\/\/voyagedelabaleine.fr\/wp-content\/uploads\/2025\/07\/gilet-fille-maille-beige-225x300.jpg 225w, https:\/\/voyagedelabaleine.fr\/wp-content\/uploads\/2025\/07\/gilet-fille-maille-beige-768x1024.jpg 768w, https:\/\/voyagedelabaleine.fr\/wp-content\/uploads\/2025\/07\/gilet-fille-maille-beige.jpg 1100w\" sizes=\"(max-width: 600px) 100vw, 600px\" \/><\/a>\t<\/div><!-- .woo-entry-image-swap -->\n\n<\/li><li class=\"title\"><h2><a href=\"https:\/\/voyagedelabaleine.fr\/es\/producto\/cardigan-de-punto-para-nina-beige\/\">C\u00e1rdigan de punto para ni\u00f1a &#8211; Beige<\/a><\/h2><\/li><li class=\"price-wrap\">\n\t<span class=\"price\"><span class=\"woocommerce-Price-amount amount\"><bdi>66<span class=\"woocommerce-Price-currencySymbol\">&euro;<\/span><\/bdi><\/span><\/span>\n<\/li><\/ul><\/div><!-- .product-inner .clr --><\/li>\n<li class=\"entry has-media col span_1_of_3 owp-content-center owp-thumbs-layout-vertical owp-btn-big owp-tabs-layout-vertical circle-sale product type-product post-30816 status-publish last instock product_cat-nina product_cat-ropa product_cat-vestido-nina has-post-thumbnail taxable shipping-taxable purchasable product-type-variable has-default-attributes\">\n\t<div class=\"product-inner clr\">\n\t<div class=\"woo-entry-image-swap woo-entry-image clr\">\n\t\t<a href=\"https:\/\/voyagedelabaleine.fr\/es\/producto\/falda-reversible-para-nina-con-estampado-de-cuadros-vichy-y-flores-rosa-crema\/\" class=\"woocommerce-LoopProduct-link\"><img decoding=\"async\" width=\"600\" height=\"800\" src=\"https:\/\/voyagedelabaleine.fr\/wp-content\/uploads\/2025\/07\/jupe-reversible-enfant-fille-vichy-fleurs-3-600x800.jpg\" class=\"woo-entry-image-main\" alt=\"Falda reversible para ni\u00f1a con estampado de cuadros vichy y flores &#8211; Rosa\/crema\" itemprop=\"image\" srcset=\"https:\/\/voyagedelabaleine.fr\/wp-content\/uploads\/2025\/07\/jupe-reversible-enfant-fille-vichy-fleurs-3-600x800.jpg 600w, https:\/\/voyagedelabaleine.fr\/wp-content\/uploads\/2025\/07\/jupe-reversible-enfant-fille-vichy-fleurs-3-225x300.jpg 225w, https:\/\/voyagedelabaleine.fr\/wp-content\/uploads\/2025\/07\/jupe-reversible-enfant-fille-vichy-fleurs-3-768x1024.jpg 768w, https:\/\/voyagedelabaleine.fr\/wp-content\/uploads\/2025\/07\/jupe-reversible-enfant-fille-vichy-fleurs-3.jpg 1100w\" sizes=\"(max-width: 600px) 100vw, 600px\" \/><img decoding=\"async\" width=\"600\" height=\"800\" src=\"https:\/\/voyagedelabaleine.fr\/wp-content\/uploads\/2025\/07\/jupe-reversible-enfant-fille-vichy-fleurs-600x800.jpg\" class=\"woo-entry-image-secondary\" alt=\"Falda reversible para ni\u00f1a con estampado de cuadros vichy y flores &#8211; Rosa\/crema\" itemprop=\"image\" srcset=\"https:\/\/voyagedelabaleine.fr\/wp-content\/uploads\/2025\/07\/jupe-reversible-enfant-fille-vichy-fleurs-600x800.jpg 600w, https:\/\/voyagedelabaleine.fr\/wp-content\/uploads\/2025\/07\/jupe-reversible-enfant-fille-vichy-fleurs-225x300.jpg 225w, https:\/\/voyagedelabaleine.fr\/wp-content\/uploads\/2025\/07\/jupe-reversible-enfant-fille-vichy-fleurs-768x1024.jpg 768w, https:\/\/voyagedelabaleine.fr\/wp-content\/uploads\/2025\/07\/jupe-reversible-enfant-fille-vichy-fleurs.jpg 1100w\" sizes=\"(max-width: 600px) 100vw, 600px\" \/><\/a>\t<\/div><!-- .woo-entry-image-swap -->\n\n<ul class=\"woo-entry-inner clr\"><li class=\"image-wrap\">\n\t<div class=\"woo-entry-image-swap woo-entry-image clr\">\n\t\t<a href=\"https:\/\/voyagedelabaleine.fr\/es\/producto\/falda-reversible-para-nina-con-estampado-de-cuadros-vichy-y-flores-rosa-crema\/\" class=\"woocommerce-LoopProduct-link\"><img decoding=\"async\" width=\"600\" height=\"800\" src=\"https:\/\/voyagedelabaleine.fr\/wp-content\/uploads\/2025\/07\/jupe-reversible-enfant-fille-vichy-fleurs-3-600x800.jpg\" class=\"woo-entry-image-main\" alt=\"Falda reversible para ni\u00f1a con estampado de cuadros vichy y flores &#8211; Rosa\/crema\" itemprop=\"image\" srcset=\"https:\/\/voyagedelabaleine.fr\/wp-content\/uploads\/2025\/07\/jupe-reversible-enfant-fille-vichy-fleurs-3-600x800.jpg 600w, https:\/\/voyagedelabaleine.fr\/wp-content\/uploads\/2025\/07\/jupe-reversible-enfant-fille-vichy-fleurs-3-225x300.jpg 225w, https:\/\/voyagedelabaleine.fr\/wp-content\/uploads\/2025\/07\/jupe-reversible-enfant-fille-vichy-fleurs-3-768x1024.jpg 768w, https:\/\/voyagedelabaleine.fr\/wp-content\/uploads\/2025\/07\/jupe-reversible-enfant-fille-vichy-fleurs-3.jpg 1100w\" sizes=\"(max-width: 600px) 100vw, 600px\" \/><img decoding=\"async\" width=\"600\" height=\"800\" src=\"https:\/\/voyagedelabaleine.fr\/wp-content\/uploads\/2025\/07\/jupe-reversible-enfant-fille-vichy-fleurs-600x800.jpg\" class=\"woo-entry-image-secondary\" alt=\"Falda reversible para ni\u00f1a con estampado de cuadros vichy y flores &#8211; Rosa\/crema\" itemprop=\"image\" srcset=\"https:\/\/voyagedelabaleine.fr\/wp-content\/uploads\/2025\/07\/jupe-reversible-enfant-fille-vichy-fleurs-600x800.jpg 600w, https:\/\/voyagedelabaleine.fr\/wp-content\/uploads\/2025\/07\/jupe-reversible-enfant-fille-vichy-fleurs-225x300.jpg 225w, https:\/\/voyagedelabaleine.fr\/wp-content\/uploads\/2025\/07\/jupe-reversible-enfant-fille-vichy-fleurs-768x1024.jpg 768w, https:\/\/voyagedelabaleine.fr\/wp-content\/uploads\/2025\/07\/jupe-reversible-enfant-fille-vichy-fleurs.jpg 1100w\" sizes=\"(max-width: 600px) 100vw, 600px\" \/><\/a>\t<\/div><!-- .woo-entry-image-swap -->\n\n<\/li><li class=\"title\"><h2><a href=\"https:\/\/voyagedelabaleine.fr\/es\/producto\/falda-reversible-para-nina-con-estampado-de-cuadros-vichy-y-flores-rosa-crema\/\">Falda reversible para ni\u00f1a con estampado de cuadros vichy y flores &#8211; Rosa\/crema<\/a><\/h2><\/li><li class=\"price-wrap\">\n\t<span class=\"price\"><span class=\"woocommerce-Price-amount amount\"><bdi>54<span class=\"woocommerce-Price-currencySymbol\">&euro;<\/span><\/bdi><\/span><\/span>\n<\/li><\/ul><\/div><!-- .product-inner .clr --><\/li>\n<\/ul>\n<\/div><\/div>\n\t\t\t\t\t\t<\/div>\n\t\t\t\t<\/div>\n\t\t<div class=\"elementor-element elementor-element-56ceb90 e-con-full e-flex e-con e-parent\" data-id=\"56ceb90\" data-element_type=\"container\" data-e-type=\"container\">\n\t\t\t\t<div class=\"elementor-element elementor-element-953559d elementor-widget-divider--separator-type-pattern elementor-widget-divider--view-line elementor-widget elementor-widget-divider\" data-id=\"953559d\" data-element_type=\"widget\" data-e-type=\"widget\" data-widget_type=\"divider.default\">\n\t\t\t\t\t\t\t<div class=\"elementor-divider\" style=\"--divider-pattern-url: url(&quot;data:image\/svg+xml,%3Csvg xmlns=&#039;http:\/\/www.w3.org\/2000\/svg&#039; preserveAspectRatio=&#039;none&#039; overflow=&#039;visible&#039; height=&#039;100%&#039; viewBox=&#039;0 0 24 24&#039; fill=&#039;black&#039; stroke=&#039;none&#039;%3E%3Cpath d=&#039;M12.7,2.3c-0.4-0.4-1.1-0.4-1.5,0l-8,9.1c-0.3,0.4-0.3,0.9,0,1.2l8,9.1c0.4,0.4,1.1,0.4,1.5,0l8-9.1c0.3-0.4,0.3-0.9,0-1.2L12.7,2.3z&#039;\/%3E%3C\/svg%3E&quot;);\">\n\t\t\t<span class=\"elementor-divider-separator\">\n\t\t\t\t\t\t<\/span>\n\t\t<\/div>\n\t\t\t\t\t\t<\/div>\n\t\t\t\t<div class=\"elementor-element elementor-element-709aa56 elementor-widget elementor-widget-shortcode\" data-id=\"709aa56\" data-element_type=\"widget\" data-e-type=\"widget\" data-widget_type=\"shortcode.default\">\n\t\t\t\t\t\t\t<div class=\"elementor-shortcode\"><div class=\"woocommerce columns-3 \">\r\n<ul class=\"products oceanwp-row clr grid tablet-col tablet-2-col mobile-col mobile-2-col\">\r\n<li class=\"entry has-media col span_1_of_3 owp-content-center owp-thumbs-layout-vertical owp-btn-big owp-tabs-layout-vertical circle-sale product type-product post-19275 status-publish first outofstock product_cat-accessoires-bebes product_cat-accessoires-bebe-fille product_cat-accessoires-naissance product_cat-accessoires-naissance-fille has-post-thumbnail taxable shipping-taxable purchasable product-type-variable has-default-attributes\">\n\t<div class=\"product-inner clr\">\n\t<div class=\"woo-entry-image-swap woo-entry-image clr\">\n\t\t<a href=\"https:\/\/voyagedelabaleine.fr\/es\/producto\/beguin-bebe-ecossais-rouge\/\" class=\"woocommerce-LoopProduct-link\"><img decoding=\"async\" width=\"600\" height=\"800\" src=\"https:\/\/voyagedelabaleine.fr\/wp-content\/uploads\/2025\/07\/beguin-bebe-ecossais-rouge-600x800.jpg\" class=\"woo-entry-image-main\" alt=\"B\u00e9guin b\u00e9b\u00e9 \u00e9cossais &#8211; Rouge\" itemprop=\"image\" srcset=\"https:\/\/voyagedelabaleine.fr\/wp-content\/uploads\/2025\/07\/beguin-bebe-ecossais-rouge-600x800.jpg 600w, https:\/\/voyagedelabaleine.fr\/wp-content\/uploads\/2025\/07\/beguin-bebe-ecossais-rouge-225x300.jpg 225w, https:\/\/voyagedelabaleine.fr\/wp-content\/uploads\/2025\/07\/beguin-bebe-ecossais-rouge-768x1024.jpg 768w, https:\/\/voyagedelabaleine.fr\/wp-content\/uploads\/2025\/07\/beguin-bebe-ecossais-rouge.jpg 838w\" sizes=\"(max-width: 600px) 100vw, 600px\" \/><img decoding=\"async\" width=\"428\" height=\"571\" src=\"https:\/\/voyagedelabaleine.fr\/wp-content\/uploads\/2025\/07\/beguin-bebe-ecossais-rouge-1.jpg\" class=\"woo-entry-image-secondary\" alt=\"B\u00e9guin b\u00e9b\u00e9 \u00e9cossais &#8211; Rouge\" itemprop=\"image\" srcset=\"https:\/\/voyagedelabaleine.fr\/wp-content\/uploads\/2025\/07\/beguin-bebe-ecossais-rouge-1.jpg 428w, https:\/\/voyagedelabaleine.fr\/wp-content\/uploads\/2025\/07\/beguin-bebe-ecossais-rouge-1-225x300.jpg 225w\" sizes=\"(max-width: 428px) 100vw, 428px\" \/><\/a>\t<\/div><!-- .woo-entry-image-swap -->\n\n<ul class=\"woo-entry-inner clr\"><li class=\"image-wrap\">\t\t\t\t<div class=\"outofstock-badge\">\n\t\t\t\t\tAgotado \u2013 muy solicitado\t\t\t\t<\/div><!-- .product-entry-out-of-stock-badge -->\n\t\t\t\t\n\t<div class=\"woo-entry-image-swap woo-entry-image clr\">\n\t\t<a href=\"https:\/\/voyagedelabaleine.fr\/es\/producto\/beguin-bebe-ecossais-rouge\/\" class=\"woocommerce-LoopProduct-link\"><img decoding=\"async\" width=\"600\" height=\"800\" src=\"https:\/\/voyagedelabaleine.fr\/wp-content\/uploads\/2025\/07\/beguin-bebe-ecossais-rouge-600x800.jpg\" class=\"woo-entry-image-main\" alt=\"B\u00e9guin b\u00e9b\u00e9 \u00e9cossais &#8211; Rouge\" itemprop=\"image\" srcset=\"https:\/\/voyagedelabaleine.fr\/wp-content\/uploads\/2025\/07\/beguin-bebe-ecossais-rouge-600x800.jpg 600w, https:\/\/voyagedelabaleine.fr\/wp-content\/uploads\/2025\/07\/beguin-bebe-ecossais-rouge-225x300.jpg 225w, https:\/\/voyagedelabaleine.fr\/wp-content\/uploads\/2025\/07\/beguin-bebe-ecossais-rouge-768x1024.jpg 768w, https:\/\/voyagedelabaleine.fr\/wp-content\/uploads\/2025\/07\/beguin-bebe-ecossais-rouge.jpg 838w\" sizes=\"(max-width: 600px) 100vw, 600px\" \/><img decoding=\"async\" width=\"428\" height=\"571\" src=\"https:\/\/voyagedelabaleine.fr\/wp-content\/uploads\/2025\/07\/beguin-bebe-ecossais-rouge-1.jpg\" class=\"woo-entry-image-secondary\" alt=\"B\u00e9guin b\u00e9b\u00e9 \u00e9cossais &#8211; Rouge\" itemprop=\"image\" srcset=\"https:\/\/voyagedelabaleine.fr\/wp-content\/uploads\/2025\/07\/beguin-bebe-ecossais-rouge-1.jpg 428w, https:\/\/voyagedelabaleine.fr\/wp-content\/uploads\/2025\/07\/beguin-bebe-ecossais-rouge-1-225x300.jpg 225w\" sizes=\"(max-width: 428px) 100vw, 428px\" \/><\/a>\t<\/div><!-- .woo-entry-image-swap -->\n\n<\/li><li class=\"title\"><h2><a href=\"https:\/\/voyagedelabaleine.fr\/es\/producto\/beguin-bebe-ecossais-rouge\/\">B\u00e9guin b\u00e9b\u00e9 \u00e9cossais &#8211; Rouge<\/a><\/h2><\/li><li class=\"price-wrap\">\n\t<span class=\"price\"><span class=\"woocommerce-Price-amount amount\"><bdi>12<span class=\"woocommerce-Price-currencySymbol\">&euro;<\/span><\/bdi><\/span><\/span>\n<\/li><\/ul><\/div><!-- .product-inner .clr --><\/li>\n<li class=\"entry has-media col span_1_of_3 owp-content-center owp-thumbs-layout-vertical owp-btn-big owp-tabs-layout-vertical circle-sale product type-product post-32055 status-publish instock product_cat-pelele-peto-ranita-nacimiento product_cat-pelele-peto-ranita-nacimiento-nina product_cat-pelele-peto-ranita-nacimiento-nino product_cat-pelele-peto-ranita-bebe product_cat-pelele-peto-ranita-bebe-nina product_cat-pelele-peto-ranita-bebe-nino product_cat-ropa has-post-thumbnail taxable shipping-taxable purchasable product-type-variable has-default-attributes\">\n\t<div class=\"product-inner clr\">\n\t<div class=\"woo-entry-image-swap woo-entry-image clr\">\n\t\t<a href=\"https:\/\/voyagedelabaleine.fr\/es\/producto\/ranita-bebe-escocesa-con-cuello-grande-rojo\/\" class=\"woocommerce-LoopProduct-link\"><img decoding=\"async\" width=\"600\" height=\"800\" src=\"https:\/\/voyagedelabaleine.fr\/wp-content\/uploads\/2025\/09\/barboteuse-bebe-ecossaise-rouge-collerette-600x800.jpg\" class=\"woo-entry-image-main\" alt=\"Ranita beb\u00e9 escocesa con cuello grande &#8211; Rojo\" itemprop=\"image\" srcset=\"https:\/\/voyagedelabaleine.fr\/wp-content\/uploads\/2025\/09\/barboteuse-bebe-ecossaise-rouge-collerette-600x800.jpg 600w, https:\/\/voyagedelabaleine.fr\/wp-content\/uploads\/2025\/09\/barboteuse-bebe-ecossaise-rouge-collerette-225x300.jpg 225w, https:\/\/voyagedelabaleine.fr\/wp-content\/uploads\/2025\/09\/barboteuse-bebe-ecossaise-rouge-collerette-768x1024.jpg 768w, https:\/\/voyagedelabaleine.fr\/wp-content\/uploads\/2025\/09\/barboteuse-bebe-ecossaise-rouge-collerette-1152x1536.jpg 1152w, https:\/\/voyagedelabaleine.fr\/wp-content\/uploads\/2025\/09\/barboteuse-bebe-ecossaise-rouge-collerette.jpg 1300w\" sizes=\"(max-width: 600px) 100vw, 600px\" \/><img decoding=\"async\" width=\"600\" height=\"800\" src=\"https:\/\/voyagedelabaleine.fr\/wp-content\/uploads\/2025\/07\/barboteuse-ecossaise-bebe-rouge-600x800.jpg\" class=\"woo-entry-image-secondary\" alt=\"Ranita beb\u00e9 escocesa con cuello grande &#8211; Rojo\" itemprop=\"image\" srcset=\"https:\/\/voyagedelabaleine.fr\/wp-content\/uploads\/2025\/07\/barboteuse-ecossaise-bebe-rouge-600x800.jpg 600w, https:\/\/voyagedelabaleine.fr\/wp-content\/uploads\/2025\/07\/barboteuse-ecossaise-bebe-rouge-225x300.jpg 225w, https:\/\/voyagedelabaleine.fr\/wp-content\/uploads\/2025\/07\/barboteuse-ecossaise-bebe-rouge-768x1025.jpg 768w, https:\/\/voyagedelabaleine.fr\/wp-content\/uploads\/2025\/07\/barboteuse-ecossaise-bebe-rouge.jpg 1000w\" sizes=\"(max-width: 600px) 100vw, 600px\" \/><\/a>\t<\/div><!-- .woo-entry-image-swap -->\n\n<ul class=\"woo-entry-inner clr\"><li class=\"image-wrap\">\n\t<div class=\"woo-entry-image-swap woo-entry-image clr\">\n\t\t<a href=\"https:\/\/voyagedelabaleine.fr\/es\/producto\/ranita-bebe-escocesa-con-cuello-grande-rojo\/\" class=\"woocommerce-LoopProduct-link\"><img decoding=\"async\" width=\"600\" height=\"800\" src=\"https:\/\/voyagedelabaleine.fr\/wp-content\/uploads\/2025\/09\/barboteuse-bebe-ecossaise-rouge-collerette-600x800.jpg\" class=\"woo-entry-image-main\" alt=\"Ranita beb\u00e9 escocesa con cuello grande &#8211; Rojo\" itemprop=\"image\" srcset=\"https:\/\/voyagedelabaleine.fr\/wp-content\/uploads\/2025\/09\/barboteuse-bebe-ecossaise-rouge-collerette-600x800.jpg 600w, https:\/\/voyagedelabaleine.fr\/wp-content\/uploads\/2025\/09\/barboteuse-bebe-ecossaise-rouge-collerette-225x300.jpg 225w, https:\/\/voyagedelabaleine.fr\/wp-content\/uploads\/2025\/09\/barboteuse-bebe-ecossaise-rouge-collerette-768x1024.jpg 768w, https:\/\/voyagedelabaleine.fr\/wp-content\/uploads\/2025\/09\/barboteuse-bebe-ecossaise-rouge-collerette-1152x1536.jpg 1152w, https:\/\/voyagedelabaleine.fr\/wp-content\/uploads\/2025\/09\/barboteuse-bebe-ecossaise-rouge-collerette.jpg 1300w\" sizes=\"(max-width: 600px) 100vw, 600px\" \/><img decoding=\"async\" width=\"600\" height=\"800\" src=\"https:\/\/voyagedelabaleine.fr\/wp-content\/uploads\/2025\/07\/barboteuse-ecossaise-bebe-rouge-600x800.jpg\" class=\"woo-entry-image-secondary\" alt=\"Ranita beb\u00e9 escocesa con cuello grande &#8211; Rojo\" itemprop=\"image\" srcset=\"https:\/\/voyagedelabaleine.fr\/wp-content\/uploads\/2025\/07\/barboteuse-ecossaise-bebe-rouge-600x800.jpg 600w, https:\/\/voyagedelabaleine.fr\/wp-content\/uploads\/2025\/07\/barboteuse-ecossaise-bebe-rouge-225x300.jpg 225w, https:\/\/voyagedelabaleine.fr\/wp-content\/uploads\/2025\/07\/barboteuse-ecossaise-bebe-rouge-768x1025.jpg 768w, https:\/\/voyagedelabaleine.fr\/wp-content\/uploads\/2025\/07\/barboteuse-ecossaise-bebe-rouge.jpg 1000w\" sizes=\"(max-width: 600px) 100vw, 600px\" \/><\/a>\t<\/div><!-- .woo-entry-image-swap -->\n\n<\/li><li class=\"title\"><h2><a href=\"https:\/\/voyagedelabaleine.fr\/es\/producto\/ranita-bebe-escocesa-con-cuello-grande-rojo\/\">Ranita beb\u00e9 escocesa con cuello grande &#8211; Rojo<\/a><\/h2><\/li><li class=\"price-wrap\">\n\t<span class=\"price\"><span class=\"woocommerce-Price-amount amount\"><bdi>48<span class=\"woocommerce-Price-currencySymbol\">&euro;<\/span><\/bdi><\/span><\/span>\n<\/li><\/ul><\/div><!-- .product-inner .clr --><\/li>\n<li class=\"entry has-media has-rating col span_1_of_3 owp-content-center owp-thumbs-layout-vertical owp-btn-big owp-tabs-layout-vertical circle-sale product type-product post-33964 status-publish last instock product_cat-calcetines-leotardos-nacimiento product_cat-calcetines-leotardos-nacimiento-nina product_cat-calcetines-leotardos-nacimiento-nino product_cat-calcetines-leotardos-bebe-nina product_cat-calcetines-leotardos-bebe-nino product_cat-calcetines-leotardos-bebes-ninos product_cat-calcetines-leotardos-nina product_cat-calcetines-leotardos-nino product_cat-calcetines-leotardos-ninos has-post-thumbnail taxable shipping-taxable purchasable product-type-variable has-default-attributes\">\n\t<div class=\"product-inner clr\">\n\t<div class=\"woo-entry-image-swap woo-entry-image clr\">\n\t\t<a href=\"https:\/\/voyagedelabaleine.fr\/es\/producto\/leotardos-lisos-para-bebe-rojo\/\" class=\"woocommerce-LoopProduct-link\"><img decoding=\"async\" width=\"600\" height=\"800\" src=\"https:\/\/voyagedelabaleine.fr\/wp-content\/uploads\/2024\/09\/collant-bebe-uni-rouge-1-1-600x800.jpg\" class=\"woo-entry-image-main\" alt=\"Leotardos lisos para beb\u00e9 &#8211; Rojo\" itemprop=\"image\" srcset=\"https:\/\/voyagedelabaleine.fr\/wp-content\/uploads\/2024\/09\/collant-bebe-uni-rouge-1-1-600x800.jpg 600w, https:\/\/voyagedelabaleine.fr\/wp-content\/uploads\/2024\/09\/collant-bebe-uni-rouge-1-1-225x300.jpg 225w, https:\/\/voyagedelabaleine.fr\/wp-content\/uploads\/2024\/09\/collant-bebe-uni-rouge-1-1-768x1024.jpg 768w, https:\/\/voyagedelabaleine.fr\/wp-content\/uploads\/2024\/09\/collant-bebe-uni-rouge-1-1.jpg 855w\" sizes=\"(max-width: 600px) 100vw, 600px\" \/><img decoding=\"async\" width=\"600\" height=\"800\" src=\"https:\/\/voyagedelabaleine.fr\/wp-content\/uploads\/2024\/09\/collant-bebe-uni-rouge-2-1-600x800.jpg\" class=\"woo-entry-image-secondary\" alt=\"Leotardos lisos para beb\u00e9 &#8211; Rojo\" itemprop=\"image\" srcset=\"https:\/\/voyagedelabaleine.fr\/wp-content\/uploads\/2024\/09\/collant-bebe-uni-rouge-2-1-600x800.jpg 600w, https:\/\/voyagedelabaleine.fr\/wp-content\/uploads\/2024\/09\/collant-bebe-uni-rouge-2-1-225x300.jpg 225w, https:\/\/voyagedelabaleine.fr\/wp-content\/uploads\/2024\/09\/collant-bebe-uni-rouge-2-1-768x1024.jpg 768w, https:\/\/voyagedelabaleine.fr\/wp-content\/uploads\/2024\/09\/collant-bebe-uni-rouge-2-1.jpg 855w\" sizes=\"(max-width: 600px) 100vw, 600px\" \/><\/a>\t<\/div><!-- .woo-entry-image-swap -->\n\n<ul class=\"woo-entry-inner clr\"><li class=\"image-wrap\">\n\t<div class=\"woo-entry-image-swap woo-entry-image clr\">\n\t\t<a href=\"https:\/\/voyagedelabaleine.fr\/es\/producto\/leotardos-lisos-para-bebe-rojo\/\" class=\"woocommerce-LoopProduct-link\"><img decoding=\"async\" width=\"600\" height=\"800\" src=\"https:\/\/voyagedelabaleine.fr\/wp-content\/uploads\/2024\/09\/collant-bebe-uni-rouge-1-1-600x800.jpg\" class=\"woo-entry-image-main\" alt=\"Leotardos lisos para beb\u00e9 &#8211; Rojo\" itemprop=\"image\" srcset=\"https:\/\/voyagedelabaleine.fr\/wp-content\/uploads\/2024\/09\/collant-bebe-uni-rouge-1-1-600x800.jpg 600w, https:\/\/voyagedelabaleine.fr\/wp-content\/uploads\/2024\/09\/collant-bebe-uni-rouge-1-1-225x300.jpg 225w, https:\/\/voyagedelabaleine.fr\/wp-content\/uploads\/2024\/09\/collant-bebe-uni-rouge-1-1-768x1024.jpg 768w, https:\/\/voyagedelabaleine.fr\/wp-content\/uploads\/2024\/09\/collant-bebe-uni-rouge-1-1.jpg 855w\" sizes=\"(max-width: 600px) 100vw, 600px\" \/><img decoding=\"async\" width=\"600\" height=\"800\" src=\"https:\/\/voyagedelabaleine.fr\/wp-content\/uploads\/2024\/09\/collant-bebe-uni-rouge-2-1-600x800.jpg\" class=\"woo-entry-image-secondary\" alt=\"Leotardos lisos para beb\u00e9 &#8211; Rojo\" itemprop=\"image\" srcset=\"https:\/\/voyagedelabaleine.fr\/wp-content\/uploads\/2024\/09\/collant-bebe-uni-rouge-2-1-600x800.jpg 600w, https:\/\/voyagedelabaleine.fr\/wp-content\/uploads\/2024\/09\/collant-bebe-uni-rouge-2-1-225x300.jpg 225w, https:\/\/voyagedelabaleine.fr\/wp-content\/uploads\/2024\/09\/collant-bebe-uni-rouge-2-1-768x1024.jpg 768w, https:\/\/voyagedelabaleine.fr\/wp-content\/uploads\/2024\/09\/collant-bebe-uni-rouge-2-1.jpg 855w\" sizes=\"(max-width: 600px) 100vw, 600px\" \/><\/a>\t<\/div><!-- .woo-entry-image-swap -->\n\n<\/li><li class=\"title\"><h2><a href=\"https:\/\/voyagedelabaleine.fr\/es\/producto\/leotardos-lisos-para-bebe-rojo\/\">Leotardos lisos para beb\u00e9 &#8211; Rojo<\/a><\/h2><\/li><li class=\"price-wrap\">\n\t<span class=\"price\"><span class=\"woocommerce-Price-amount amount\"><bdi>14<span class=\"woocommerce-Price-currencySymbol\">&euro;<\/span><\/bdi><\/span><\/span>\n<\/li><\/ul><\/div><!-- .product-inner .clr --><\/li>\n<\/ul>\n<\/div><\/div>\n\t\t\t\t\t\t<\/div>\n\t\t\t\t<\/div>\n\t\t<div class=\"elementor-element elementor-element-9db85f0 e-con-full e-flex e-con e-parent\" data-id=\"9db85f0\" data-element_type=\"container\" data-e-type=\"container\">\n\t\t\t\t<div class=\"elementor-element elementor-element-84c4d92 elementor-widget-divider--separator-type-pattern elementor-widget-divider--view-line elementor-widget elementor-widget-divider\" data-id=\"84c4d92\" data-element_type=\"widget\" data-e-type=\"widget\" data-widget_type=\"divider.default\">\n\t\t\t\t\t\t\t<div class=\"elementor-divider\" style=\"--divider-pattern-url: url(&quot;data:image\/svg+xml,%3Csvg xmlns=&#039;http:\/\/www.w3.org\/2000\/svg&#039; preserveAspectRatio=&#039;none&#039; overflow=&#039;visible&#039; height=&#039;100%&#039; viewBox=&#039;0 0 24 24&#039; fill=&#039;black&#039; stroke=&#039;none&#039;%3E%3Cpath d=&#039;M12.7,2.3c-0.4-0.4-1.1-0.4-1.5,0l-8,9.1c-0.3,0.4-0.3,0.9,0,1.2l8,9.1c0.4,0.4,1.1,0.4,1.5,0l8-9.1c0.3-0.4,0.3-0.9,0-1.2L12.7,2.3z&#039;\/%3E%3C\/svg%3E&quot;);\">\n\t\t\t<span class=\"elementor-divider-separator\">\n\t\t\t\t\t\t<\/span>\n\t\t<\/div>\n\t\t\t\t\t\t<\/div>\n\t\t\t\t<div class=\"elementor-element elementor-element-1aa7c60 elementor-widget__width-initial elementor-widget-mobile__width-inherit elementor-widget elementor-widget-shortcode\" data-id=\"1aa7c60\" data-element_type=\"widget\" data-e-type=\"widget\" data-widget_type=\"shortcode.default\">\n\t\t\t\t\t\t\t<div class=\"elementor-shortcode\"><div class=\"woocommerce columns-2 \">\r\n<ul class=\"products oceanwp-row clr grid tablet-col tablet-2-col mobile-col mobile-2-col\">\r\n<li class=\"entry has-media has-rating col span_1_of_2 owp-content-center owp-thumbs-layout-vertical owp-btn-big owp-tabs-layout-vertical circle-sale product type-product post-32033 status-publish first instock product_cat-pantalon-short-nina product_cat-pantalon-short-ninos product_cat-pololo-short-pantalon-nacimiento product_cat-pololo-short-pantalon-nacimiento-nina product_cat-pololo-short-y-pantalon-bebe product_cat-pololo-short-pantalon-bebe-nina product_cat-ropa has-post-thumbnail taxable shipping-taxable purchasable product-type-variable has-default-attributes\">\n\t<div class=\"product-inner clr\">\n\t<div class=\"woo-entry-image-swap woo-entry-image clr\">\n\t\t<a href=\"https:\/\/voyagedelabaleine.fr\/es\/producto\/pantalon-de-nina-de-pana-azul-celeste\/\" class=\"woocommerce-LoopProduct-link\"><img decoding=\"async\" width=\"600\" height=\"800\" src=\"https:\/\/voyagedelabaleine.fr\/wp-content\/uploads\/2025\/07\/Pantalon-fille-velours-cotele-bleu-ciel-600x800.jpg\" class=\"woo-entry-image-main\" alt=\"Pantal\u00f3n de ni\u00f1a de pana &#8211; Azul celeste\" itemprop=\"image\" srcset=\"https:\/\/voyagedelabaleine.fr\/wp-content\/uploads\/2025\/07\/Pantalon-fille-velours-cotele-bleu-ciel-600x801.jpg 600w, https:\/\/voyagedelabaleine.fr\/wp-content\/uploads\/2025\/07\/Pantalon-fille-velours-cotele-bleu-ciel-225x300.jpg 225w, https:\/\/voyagedelabaleine.fr\/wp-content\/uploads\/2025\/07\/Pantalon-fille-velours-cotele-bleu-ciel.jpg 718w\" sizes=\"(max-width: 600px) 100vw, 600px\" \/><img decoding=\"async\" width=\"394\" height=\"525\" src=\"https:\/\/voyagedelabaleine.fr\/wp-content\/uploads\/2025\/07\/Pantalon-fille-velours-cotele-bleu-ciel-1.jpg\" class=\"woo-entry-image-secondary\" alt=\"Pantal\u00f3n de ni\u00f1a de pana &#8211; Azul celeste\" itemprop=\"image\" srcset=\"https:\/\/voyagedelabaleine.fr\/wp-content\/uploads\/2025\/07\/Pantalon-fille-velours-cotele-bleu-ciel-1.jpg 394w, https:\/\/voyagedelabaleine.fr\/wp-content\/uploads\/2025\/07\/Pantalon-fille-velours-cotele-bleu-ciel-1-225x300.jpg 225w\" sizes=\"(max-width: 394px) 100vw, 394px\" \/><\/a>\t<\/div><!-- .woo-entry-image-swap -->\n\n<ul class=\"woo-entry-inner clr\"><li class=\"image-wrap\">\n\t<div class=\"woo-entry-image-swap woo-entry-image clr\">\n\t\t<a href=\"https:\/\/voyagedelabaleine.fr\/es\/producto\/pantalon-de-nina-de-pana-azul-celeste\/\" class=\"woocommerce-LoopProduct-link\"><img decoding=\"async\" width=\"600\" height=\"800\" src=\"https:\/\/voyagedelabaleine.fr\/wp-content\/uploads\/2025\/07\/Pantalon-fille-velours-cotele-bleu-ciel-600x800.jpg\" class=\"woo-entry-image-main\" alt=\"Pantal\u00f3n de ni\u00f1a de pana &#8211; Azul celeste\" itemprop=\"image\" srcset=\"https:\/\/voyagedelabaleine.fr\/wp-content\/uploads\/2025\/07\/Pantalon-fille-velours-cotele-bleu-ciel-600x801.jpg 600w, https:\/\/voyagedelabaleine.fr\/wp-content\/uploads\/2025\/07\/Pantalon-fille-velours-cotele-bleu-ciel-225x300.jpg 225w, https:\/\/voyagedelabaleine.fr\/wp-content\/uploads\/2025\/07\/Pantalon-fille-velours-cotele-bleu-ciel.jpg 718w\" sizes=\"(max-width: 600px) 100vw, 600px\" \/><img decoding=\"async\" width=\"394\" height=\"525\" src=\"https:\/\/voyagedelabaleine.fr\/wp-content\/uploads\/2025\/07\/Pantalon-fille-velours-cotele-bleu-ciel-1.jpg\" class=\"woo-entry-image-secondary\" alt=\"Pantal\u00f3n de ni\u00f1a de pana &#8211; Azul celeste\" itemprop=\"image\" srcset=\"https:\/\/voyagedelabaleine.fr\/wp-content\/uploads\/2025\/07\/Pantalon-fille-velours-cotele-bleu-ciel-1.jpg 394w, https:\/\/voyagedelabaleine.fr\/wp-content\/uploads\/2025\/07\/Pantalon-fille-velours-cotele-bleu-ciel-1-225x300.jpg 225w\" sizes=\"(max-width: 394px) 100vw, 394px\" \/><\/a>\t<\/div><!-- .woo-entry-image-swap -->\n\n<\/li><li class=\"title\"><h2><a href=\"https:\/\/voyagedelabaleine.fr\/es\/producto\/pantalon-de-nina-de-pana-azul-celeste\/\">Pantal\u00f3n de ni\u00f1a de pana &#8211; Azul celeste<\/a><\/h2><\/li><li class=\"price-wrap\">\n\t<span class=\"price\"><span class=\"woocommerce-Price-amount amount\"><bdi>38<span class=\"woocommerce-Price-currencySymbol\">&euro;<\/span><\/bdi><\/span><\/span>\n<\/li><\/ul><\/div><!-- .product-inner .clr --><\/li>\n<li class=\"entry has-media has-rating col span_1_of_2 owp-content-center owp-thumbs-layout-vertical owp-btn-big owp-tabs-layout-vertical circle-sale product type-product post-32001 status-publish last instock product_cat-jersey-chaleco-cardigan-nacimiento product_cat-jersey-chaleco-cardigan-nacimiento-nina product_cat-jersey-chaleco-cardigan-nacimiento-nino product_cat-jersey-chaleco-cardigan-bebe product_cat-jersey-chaleco-cardigan-bebe-nina product_cat-jersey-chaleco-cardigan-bebe-nino product_cat-jersey-chaleco-cardigan-nina product_cat-jersey-chaleco-cardigan-nino product_cat-jersey-chaleco-cardigan-ninos product_cat-ropa has-post-thumbnail taxable shipping-taxable purchasable product-type-variable has-default-attributes\">\n\t<div class=\"product-inner clr\">\n\t<div class=\"woo-entry-image-swap woo-entry-image clr\">\n\t\t<a href=\"https:\/\/voyagedelabaleine.fr\/es\/producto\/chaleco-bebe-unisex-gris\/\" class=\"woocommerce-LoopProduct-link\"><img decoding=\"async\" width=\"600\" height=\"800\" src=\"https:\/\/voyagedelabaleine.fr\/wp-content\/uploads\/2025\/08\/pull-enfant-laine-motif-hiver-600x800.jpg\" class=\"woo-entry-image-main\" alt=\"Chaleco beb\u00e9 unisex &#8211; Gris\" itemprop=\"image\" srcset=\"https:\/\/voyagedelabaleine.fr\/wp-content\/uploads\/2025\/08\/pull-enfant-laine-motif-hiver-600x800.jpg 600w, https:\/\/voyagedelabaleine.fr\/wp-content\/uploads\/2025\/08\/pull-enfant-laine-motif-hiver-225x300.jpg 225w, https:\/\/voyagedelabaleine.fr\/wp-content\/uploads\/2025\/08\/pull-enfant-laine-motif-hiver-768x1023.jpg 768w, https:\/\/voyagedelabaleine.fr\/wp-content\/uploads\/2025\/08\/pull-enfant-laine-motif-hiver-1153x1536.jpg 1153w, https:\/\/voyagedelabaleine.fr\/wp-content\/uploads\/2025\/08\/pull-enfant-laine-motif-hiver.jpg 1500w\" sizes=\"(max-width: 600px) 100vw, 600px\" \/><img decoding=\"async\" width=\"600\" height=\"800\" src=\"https:\/\/voyagedelabaleine.fr\/wp-content\/uploads\/2025\/08\/pull-enfant-laine-motif-hiver-1-600x800.jpg\" class=\"woo-entry-image-secondary\" alt=\"Chaleco beb\u00e9 unisex &#8211; Gris\" itemprop=\"image\" srcset=\"https:\/\/voyagedelabaleine.fr\/wp-content\/uploads\/2025\/08\/pull-enfant-laine-motif-hiver-1-600x800.jpg 600w, https:\/\/voyagedelabaleine.fr\/wp-content\/uploads\/2025\/08\/pull-enfant-laine-motif-hiver-1-225x300.jpg 225w, https:\/\/voyagedelabaleine.fr\/wp-content\/uploads\/2025\/08\/pull-enfant-laine-motif-hiver-1-768x1024.jpg 768w, https:\/\/voyagedelabaleine.fr\/wp-content\/uploads\/2025\/08\/pull-enfant-laine-motif-hiver-1-1152x1536.jpg 1152w, https:\/\/voyagedelabaleine.fr\/wp-content\/uploads\/2025\/08\/pull-enfant-laine-motif-hiver-1.jpg 1400w\" sizes=\"(max-width: 600px) 100vw, 600px\" \/><\/a>\t<\/div><!-- .woo-entry-image-swap -->\n\n<ul class=\"woo-entry-inner clr\"><li class=\"image-wrap\">\n\t<div class=\"woo-entry-image-swap woo-entry-image clr\">\n\t\t<a href=\"https:\/\/voyagedelabaleine.fr\/es\/producto\/chaleco-bebe-unisex-gris\/\" class=\"woocommerce-LoopProduct-link\"><img decoding=\"async\" width=\"600\" height=\"800\" src=\"https:\/\/voyagedelabaleine.fr\/wp-content\/uploads\/2025\/08\/pull-enfant-laine-motif-hiver-600x800.jpg\" class=\"woo-entry-image-main\" alt=\"Chaleco beb\u00e9 unisex &#8211; Gris\" itemprop=\"image\" srcset=\"https:\/\/voyagedelabaleine.fr\/wp-content\/uploads\/2025\/08\/pull-enfant-laine-motif-hiver-600x800.jpg 600w, https:\/\/voyagedelabaleine.fr\/wp-content\/uploads\/2025\/08\/pull-enfant-laine-motif-hiver-225x300.jpg 225w, https:\/\/voyagedelabaleine.fr\/wp-content\/uploads\/2025\/08\/pull-enfant-laine-motif-hiver-768x1023.jpg 768w, https:\/\/voyagedelabaleine.fr\/wp-content\/uploads\/2025\/08\/pull-enfant-laine-motif-hiver-1153x1536.jpg 1153w, https:\/\/voyagedelabaleine.fr\/wp-content\/uploads\/2025\/08\/pull-enfant-laine-motif-hiver.jpg 1500w\" sizes=\"(max-width: 600px) 100vw, 600px\" \/><img decoding=\"async\" width=\"600\" height=\"800\" src=\"https:\/\/voyagedelabaleine.fr\/wp-content\/uploads\/2025\/08\/pull-enfant-laine-motif-hiver-1-600x800.jpg\" class=\"woo-entry-image-secondary\" alt=\"Chaleco beb\u00e9 unisex &#8211; Gris\" itemprop=\"image\" srcset=\"https:\/\/voyagedelabaleine.fr\/wp-content\/uploads\/2025\/08\/pull-enfant-laine-motif-hiver-1-600x800.jpg 600w, https:\/\/voyagedelabaleine.fr\/wp-content\/uploads\/2025\/08\/pull-enfant-laine-motif-hiver-1-225x300.jpg 225w, https:\/\/voyagedelabaleine.fr\/wp-content\/uploads\/2025\/08\/pull-enfant-laine-motif-hiver-1-768x1024.jpg 768w, https:\/\/voyagedelabaleine.fr\/wp-content\/uploads\/2025\/08\/pull-enfant-laine-motif-hiver-1-1152x1536.jpg 1152w, https:\/\/voyagedelabaleine.fr\/wp-content\/uploads\/2025\/08\/pull-enfant-laine-motif-hiver-1.jpg 1400w\" sizes=\"(max-width: 600px) 100vw, 600px\" \/><\/a>\t<\/div><!-- .woo-entry-image-swap -->\n\n<\/li><li class=\"title\"><h2><a href=\"https:\/\/voyagedelabaleine.fr\/es\/producto\/chaleco-bebe-unisex-gris\/\">Chaleco beb\u00e9 unisex &#8211; Gris<\/a><\/h2><\/li><li class=\"price-wrap\">\n\t<span class=\"price\"><span class=\"woocommerce-Price-amount amount\"><bdi>64<span class=\"woocommerce-Price-currencySymbol\">&euro;<\/span><\/bdi><\/span><\/span>\n<\/li><\/ul><\/div><!-- .product-inner .clr --><\/li>\n<\/ul>\n<\/div><\/div>\n\t\t\t\t\t\t<\/div>\n\t\t\t\t<\/div>\n\t\t<div class=\"elementor-element elementor-element-ebea05f e-con-full e-flex e-con e-parent\" data-id=\"ebea05f\" data-element_type=\"container\" data-e-type=\"container\">\n\t\t\t\t<div class=\"elementor-element elementor-element-d222655 elementor-widget-divider--separator-type-pattern elementor-widget-divider--view-line elementor-widget elementor-widget-divider\" data-id=\"d222655\" data-element_type=\"widget\" data-e-type=\"widget\" data-widget_type=\"divider.default\">\n\t\t\t\t\t\t\t<div class=\"elementor-divider\" style=\"--divider-pattern-url: url(&quot;data:image\/svg+xml,%3Csvg xmlns=&#039;http:\/\/www.w3.org\/2000\/svg&#039; preserveAspectRatio=&#039;none&#039; overflow=&#039;visible&#039; height=&#039;100%&#039; viewBox=&#039;0 0 24 24&#039; fill=&#039;black&#039; stroke=&#039;none&#039;%3E%3Cpath d=&#039;M12.7,2.3c-0.4-0.4-1.1-0.4-1.5,0l-8,9.1c-0.3,0.4-0.3,0.9,0,1.2l8,9.1c0.4,0.4,1.1,0.4,1.5,0l8-9.1c0.3-0.4,0.3-0.9,0-1.2L12.7,2.3z&#039;\/%3E%3C\/svg%3E&quot;);\">\n\t\t\t<span class=\"elementor-divider-separator\">\n\t\t\t\t\t\t<\/span>\n\t\t<\/div>\n\t\t\t\t\t\t<\/div>\n\t\t\t\t<div class=\"elementor-element elementor-element-7c579c8 elementor-widget elementor-widget-shortcode\" data-id=\"7c579c8\" data-element_type=\"widget\" data-e-type=\"widget\" data-widget_type=\"shortcode.default\">\n\t\t\t\t\t\t\t<div class=\"elementor-shortcode\"><div class=\"woocommerce columns-3 \">\r\n<ul class=\"products oceanwp-row clr grid tablet-col tablet-2-col mobile-col mobile-2-col\">\r\n<li class=\"entry has-media col span_1_of_3 owp-content-center owp-thumbs-layout-vertical owp-btn-big owp-tabs-layout-vertical circle-sale product type-product post-32615 status-publish first instock product_cat-blusa-camiseta-bebe product_cat-blusa-camiseta-bebe-nina product_cat-blusa-camiseta-nina product_cat-blusa-camiseta-ninos product_cat-ropa has-post-thumbnail taxable shipping-taxable purchasable product-type-variable has-default-attributes\">\n\t<div class=\"product-inner clr\">\n\t<div class=\"woo-entry-image-swap woo-entry-image clr\">\n\t\t<a href=\"https:\/\/voyagedelabaleine.fr\/es\/producto\/blusa-para-bebe-nina-con-cuello-bordado-coral-creme\/\" class=\"woocommerce-LoopProduct-link\"><img decoding=\"async\" width=\"600\" height=\"800\" src=\"https:\/\/voyagedelabaleine.fr\/wp-content\/uploads\/2025\/07\/blouse-bebe-fille-col-brode-corail-1-600x800.jpg\" class=\"woo-entry-image-main\" alt=\"Blusa para beb\u00e9 ni\u00f1a con cuello bordado coral &#8211; Cr\u00e8me\" itemprop=\"image\" srcset=\"https:\/\/voyagedelabaleine.fr\/wp-content\/uploads\/2025\/07\/blouse-bebe-fille-col-brode-corail-1-600x800.jpg 600w, https:\/\/voyagedelabaleine.fr\/wp-content\/uploads\/2025\/07\/blouse-bebe-fille-col-brode-corail-1-225x300.jpg 225w, https:\/\/voyagedelabaleine.fr\/wp-content\/uploads\/2025\/07\/blouse-bebe-fille-col-brode-corail-1-768x1024.jpg 768w, https:\/\/voyagedelabaleine.fr\/wp-content\/uploads\/2025\/07\/blouse-bebe-fille-col-brode-corail-1.jpg 1100w\" sizes=\"(max-width: 600px) 100vw, 600px\" \/><img decoding=\"async\" width=\"600\" height=\"800\" src=\"https:\/\/voyagedelabaleine.fr\/wp-content\/uploads\/2025\/07\/col-blouse-enfant-fille-600x800.jpg\" class=\"woo-entry-image-secondary\" alt=\"Blusa para beb\u00e9 ni\u00f1a con cuello bordado coral &#8211; Cr\u00e8me\" itemprop=\"image\" srcset=\"https:\/\/voyagedelabaleine.fr\/wp-content\/uploads\/2025\/07\/col-blouse-enfant-fille-600x800.jpg 600w, https:\/\/voyagedelabaleine.fr\/wp-content\/uploads\/2025\/07\/col-blouse-enfant-fille-225x300.jpg 225w, https:\/\/voyagedelabaleine.fr\/wp-content\/uploads\/2025\/07\/col-blouse-enfant-fille-768x1024.jpg 768w, https:\/\/voyagedelabaleine.fr\/wp-content\/uploads\/2025\/07\/col-blouse-enfant-fille.jpg 1000w\" sizes=\"(max-width: 600px) 100vw, 600px\" \/><\/a>\t<\/div><!-- .woo-entry-image-swap -->\n\n<ul class=\"woo-entry-inner clr\"><li class=\"image-wrap\">\n\t<div class=\"woo-entry-image-swap woo-entry-image clr\">\n\t\t<a href=\"https:\/\/voyagedelabaleine.fr\/es\/producto\/blusa-para-bebe-nina-con-cuello-bordado-coral-creme\/\" class=\"woocommerce-LoopProduct-link\"><img decoding=\"async\" width=\"600\" height=\"800\" src=\"https:\/\/voyagedelabaleine.fr\/wp-content\/uploads\/2025\/07\/blouse-bebe-fille-col-brode-corail-1-600x800.jpg\" class=\"woo-entry-image-main\" alt=\"Blusa para beb\u00e9 ni\u00f1a con cuello bordado coral &#8211; Cr\u00e8me\" itemprop=\"image\" srcset=\"https:\/\/voyagedelabaleine.fr\/wp-content\/uploads\/2025\/07\/blouse-bebe-fille-col-brode-corail-1-600x800.jpg 600w, https:\/\/voyagedelabaleine.fr\/wp-content\/uploads\/2025\/07\/blouse-bebe-fille-col-brode-corail-1-225x300.jpg 225w, https:\/\/voyagedelabaleine.fr\/wp-content\/uploads\/2025\/07\/blouse-bebe-fille-col-brode-corail-1-768x1024.jpg 768w, https:\/\/voyagedelabaleine.fr\/wp-content\/uploads\/2025\/07\/blouse-bebe-fille-col-brode-corail-1.jpg 1100w\" sizes=\"(max-width: 600px) 100vw, 600px\" \/><img decoding=\"async\" width=\"600\" height=\"800\" src=\"https:\/\/voyagedelabaleine.fr\/wp-content\/uploads\/2025\/07\/col-blouse-enfant-fille-600x800.jpg\" class=\"woo-entry-image-secondary\" alt=\"Blusa para beb\u00e9 ni\u00f1a con cuello bordado coral &#8211; Cr\u00e8me\" itemprop=\"image\" srcset=\"https:\/\/voyagedelabaleine.fr\/wp-content\/uploads\/2025\/07\/col-blouse-enfant-fille-600x800.jpg 600w, https:\/\/voyagedelabaleine.fr\/wp-content\/uploads\/2025\/07\/col-blouse-enfant-fille-225x300.jpg 225w, https:\/\/voyagedelabaleine.fr\/wp-content\/uploads\/2025\/07\/col-blouse-enfant-fille-768x1024.jpg 768w, https:\/\/voyagedelabaleine.fr\/wp-content\/uploads\/2025\/07\/col-blouse-enfant-fille.jpg 1000w\" sizes=\"(max-width: 600px) 100vw, 600px\" \/><\/a>\t<\/div><!-- .woo-entry-image-swap -->\n\n<\/li><li class=\"title\"><h2><a href=\"https:\/\/voyagedelabaleine.fr\/es\/producto\/blusa-para-bebe-nina-con-cuello-bordado-coral-creme\/\">Blusa para beb\u00e9 ni\u00f1a con cuello bordado coral &#8211; Cr\u00e8me<\/a><\/h2><\/li><li class=\"price-wrap\">\n\t<span class=\"price\"><span class=\"woocommerce-Price-amount amount\"><bdi>42<span class=\"woocommerce-Price-currencySymbol\">&euro;<\/span><\/bdi><\/span><\/span>\n<\/li><\/ul><\/div><!-- .product-inner .clr --><\/li>\n<li class=\"entry has-media col span_1_of_3 owp-content-center owp-thumbs-layout-vertical owp-btn-big owp-tabs-layout-vertical circle-sale product type-product post-30868 status-publish instock product_cat-jersey-chaleco-cardigan-nacimiento product_cat-jersey-chaleco-cardigan-nacimiento-nina product_cat-jersey-chaleco-cardigan-bebe product_cat-jersey-chaleco-cardigan-bebe-nina product_cat-jersey-chaleco-cardigan-nina product_cat-jersey-chaleco-cardigan-ninos product_cat-ropa has-post-thumbnail taxable shipping-taxable purchasable product-type-variable has-default-attributes\">\n\t<div class=\"product-inner clr\">\n\t<div class=\"woo-entry-image-swap woo-entry-image clr\">\n\t\t<a href=\"https:\/\/voyagedelabaleine.fr\/es\/producto\/rebeca-de-punto-para-bebe-nina-con-cuello-fruncido-rosa-antiguo\/\" class=\"woocommerce-LoopProduct-link\"><img decoding=\"async\" width=\"600\" height=\"800\" src=\"https:\/\/voyagedelabaleine.fr\/wp-content\/uploads\/2025\/07\/gilet-bebe-fille-col-fronce-rose-600x800.jpg\" class=\"woo-entry-image-main\" alt=\"Rebeca de punto para beb\u00e9 ni\u00f1a con cuello fruncido &#8211; Rosa antiguo\" itemprop=\"image\" \/><img decoding=\"async\" width=\"600\" height=\"800\" src=\"https:\/\/voyagedelabaleine.fr\/wp-content\/uploads\/2025\/07\/gilet-bebe-fille-col-fronce-rose-2-600x800.jpg\" class=\"woo-entry-image-secondary\" alt=\"Rebeca de punto para beb\u00e9 ni\u00f1a con cuello fruncido &#8211; Rosa antiguo\" itemprop=\"image\" srcset=\"https:\/\/voyagedelabaleine.fr\/wp-content\/uploads\/2025\/07\/gilet-bebe-fille-col-fronce-rose-2-600x799.jpg 600w, https:\/\/voyagedelabaleine.fr\/wp-content\/uploads\/2025\/07\/gilet-bebe-fille-col-fronce-rose-2-225x300.jpg 225w, https:\/\/voyagedelabaleine.fr\/wp-content\/uploads\/2025\/07\/gilet-bebe-fille-col-fronce-rose-2-769x1024.jpg 769w, https:\/\/voyagedelabaleine.fr\/wp-content\/uploads\/2025\/07\/gilet-bebe-fille-col-fronce-rose-2-768x1023.jpg 768w, https:\/\/voyagedelabaleine.fr\/wp-content\/uploads\/2025\/07\/gilet-bebe-fille-col-fronce-rose-2.jpg 1000w\" sizes=\"(max-width: 600px) 100vw, 600px\" \/><\/a>\t<\/div><!-- .woo-entry-image-swap -->\n\n<ul class=\"woo-entry-inner clr\"><li class=\"image-wrap\">\n\t<div class=\"woo-entry-image-swap woo-entry-image clr\">\n\t\t<a href=\"https:\/\/voyagedelabaleine.fr\/es\/producto\/rebeca-de-punto-para-bebe-nina-con-cuello-fruncido-rosa-antiguo\/\" class=\"woocommerce-LoopProduct-link\"><img decoding=\"async\" width=\"600\" height=\"800\" src=\"https:\/\/voyagedelabaleine.fr\/wp-content\/uploads\/2025\/07\/gilet-bebe-fille-col-fronce-rose-600x800.jpg\" class=\"woo-entry-image-main\" alt=\"Rebeca de punto para beb\u00e9 ni\u00f1a con cuello fruncido &#8211; Rosa antiguo\" itemprop=\"image\" \/><img decoding=\"async\" width=\"600\" height=\"800\" src=\"https:\/\/voyagedelabaleine.fr\/wp-content\/uploads\/2025\/07\/gilet-bebe-fille-col-fronce-rose-2-600x800.jpg\" class=\"woo-entry-image-secondary\" alt=\"Rebeca de punto para beb\u00e9 ni\u00f1a con cuello fruncido &#8211; Rosa antiguo\" itemprop=\"image\" srcset=\"https:\/\/voyagedelabaleine.fr\/wp-content\/uploads\/2025\/07\/gilet-bebe-fille-col-fronce-rose-2-600x799.jpg 600w, https:\/\/voyagedelabaleine.fr\/wp-content\/uploads\/2025\/07\/gilet-bebe-fille-col-fronce-rose-2-225x300.jpg 225w, https:\/\/voyagedelabaleine.fr\/wp-content\/uploads\/2025\/07\/gilet-bebe-fille-col-fronce-rose-2-769x1024.jpg 769w, https:\/\/voyagedelabaleine.fr\/wp-content\/uploads\/2025\/07\/gilet-bebe-fille-col-fronce-rose-2-768x1023.jpg 768w, https:\/\/voyagedelabaleine.fr\/wp-content\/uploads\/2025\/07\/gilet-bebe-fille-col-fronce-rose-2.jpg 1000w\" sizes=\"(max-width: 600px) 100vw, 600px\" \/><\/a>\t<\/div><!-- .woo-entry-image-swap -->\n\n<\/li><li class=\"title\"><h2><a href=\"https:\/\/voyagedelabaleine.fr\/es\/producto\/rebeca-de-punto-para-bebe-nina-con-cuello-fruncido-rosa-antiguo\/\">Rebeca de punto para beb\u00e9 ni\u00f1a con cuello fruncido &#8211; Rosa antiguo<\/a><\/h2><\/li><li class=\"price-wrap\">\n\t<span class=\"price\"><span class=\"woocommerce-Price-amount amount\"><bdi>66<span class=\"woocommerce-Price-currencySymbol\">&euro;<\/span><\/bdi><\/span><\/span>\n<\/li><\/ul><\/div><!-- .product-inner .clr --><\/li>\n<li class=\"entry has-media has-rating col span_1_of_3 owp-content-center owp-thumbs-layout-vertical owp-btn-big owp-tabs-layout-vertical circle-sale product type-product post-28923 status-publish last instock product_cat-conjunto-peto-nina product_cat-conjunto-peto-ninos product_cat-pelele-peto-ranita-nacimiento product_cat-pelele-peto-ranita-nacimiento-nina product_cat-pelele-peto-ranita-bebe product_cat-pelele-peto-ranita-bebe-nina product_cat-ropa has-post-thumbnail taxable shipping-taxable purchasable product-type-variable has-default-attributes\">\n\t<div class=\"product-inner clr\">\n\t<div class=\"woo-entry-image-swap woo-entry-image clr\">\n\t\t<a href=\"https:\/\/voyagedelabaleine.fr\/es\/producto\/peto-de-nina-de-pana-rosa-blanco\/\" class=\"woocommerce-LoopProduct-link\"><img decoding=\"async\" width=\"600\" height=\"800\" src=\"https:\/\/voyagedelabaleine.fr\/wp-content\/uploads\/2025\/07\/salopette-fille-velours-cotele-rose-600x800.jpg\" class=\"woo-entry-image-main\" alt=\"Peto de ni\u00f1a de pana &#8211; Rosa\/blanco\" itemprop=\"image\" srcset=\"https:\/\/voyagedelabaleine.fr\/wp-content\/uploads\/2025\/07\/salopette-fille-velours-cotele-rose-600x800.jpg 600w, https:\/\/voyagedelabaleine.fr\/wp-content\/uploads\/2025\/07\/salopette-fille-velours-cotele-rose-225x300.jpg 225w, https:\/\/voyagedelabaleine.fr\/wp-content\/uploads\/2025\/07\/salopette-fille-velours-cotele-rose-768x1024.jpg 768w, https:\/\/voyagedelabaleine.fr\/wp-content\/uploads\/2025\/07\/salopette-fille-velours-cotele-rose.jpg 1100w\" sizes=\"(max-width: 600px) 100vw, 600px\" \/><img decoding=\"async\" width=\"600\" height=\"800\" src=\"https:\/\/voyagedelabaleine.fr\/wp-content\/uploads\/2025\/07\/salopette-fille-velours-cotele-rose-2-600x800.jpg\" class=\"woo-entry-image-secondary\" alt=\"Peto de ni\u00f1a de pana &#8211; Rosa\/blanco\" itemprop=\"image\" srcset=\"https:\/\/voyagedelabaleine.fr\/wp-content\/uploads\/2025\/07\/salopette-fille-velours-cotele-rose-2-600x800.jpg 600w, https:\/\/voyagedelabaleine.fr\/wp-content\/uploads\/2025\/07\/salopette-fille-velours-cotele-rose-2-225x300.jpg 225w, https:\/\/voyagedelabaleine.fr\/wp-content\/uploads\/2025\/07\/salopette-fille-velours-cotele-rose-2-768x1024.jpg 768w, https:\/\/voyagedelabaleine.fr\/wp-content\/uploads\/2025\/07\/salopette-fille-velours-cotele-rose-2.jpg 867w\" sizes=\"(max-width: 600px) 100vw, 600px\" \/><\/a>\t<\/div><!-- .woo-entry-image-swap -->\n\n<ul class=\"woo-entry-inner clr\"><li class=\"image-wrap\">\n\t<div class=\"woo-entry-image-swap woo-entry-image clr\">\n\t\t<a href=\"https:\/\/voyagedelabaleine.fr\/es\/producto\/peto-de-nina-de-pana-rosa-blanco\/\" class=\"woocommerce-LoopProduct-link\"><img decoding=\"async\" width=\"600\" height=\"800\" src=\"https:\/\/voyagedelabaleine.fr\/wp-content\/uploads\/2025\/07\/salopette-fille-velours-cotele-rose-600x800.jpg\" class=\"woo-entry-image-main\" alt=\"Peto de ni\u00f1a de pana &#8211; Rosa\/blanco\" itemprop=\"image\" srcset=\"https:\/\/voyagedelabaleine.fr\/wp-content\/uploads\/2025\/07\/salopette-fille-velours-cotele-rose-600x800.jpg 600w, https:\/\/voyagedelabaleine.fr\/wp-content\/uploads\/2025\/07\/salopette-fille-velours-cotele-rose-225x300.jpg 225w, https:\/\/voyagedelabaleine.fr\/wp-content\/uploads\/2025\/07\/salopette-fille-velours-cotele-rose-768x1024.jpg 768w, https:\/\/voyagedelabaleine.fr\/wp-content\/uploads\/2025\/07\/salopette-fille-velours-cotele-rose.jpg 1100w\" sizes=\"(max-width: 600px) 100vw, 600px\" \/><img decoding=\"async\" width=\"600\" height=\"800\" src=\"https:\/\/voyagedelabaleine.fr\/wp-content\/uploads\/2025\/07\/salopette-fille-velours-cotele-rose-2-600x800.jpg\" class=\"woo-entry-image-secondary\" alt=\"Peto de ni\u00f1a de pana &#8211; Rosa\/blanco\" itemprop=\"image\" srcset=\"https:\/\/voyagedelabaleine.fr\/wp-content\/uploads\/2025\/07\/salopette-fille-velours-cotele-rose-2-600x800.jpg 600w, https:\/\/voyagedelabaleine.fr\/wp-content\/uploads\/2025\/07\/salopette-fille-velours-cotele-rose-2-225x300.jpg 225w, https:\/\/voyagedelabaleine.fr\/wp-content\/uploads\/2025\/07\/salopette-fille-velours-cotele-rose-2-768x1024.jpg 768w, https:\/\/voyagedelabaleine.fr\/wp-content\/uploads\/2025\/07\/salopette-fille-velours-cotele-rose-2.jpg 867w\" sizes=\"(max-width: 600px) 100vw, 600px\" \/><\/a>\t<\/div><!-- .woo-entry-image-swap -->\n\n<\/li><li class=\"title\"><h2><a href=\"https:\/\/voyagedelabaleine.fr\/es\/producto\/peto-de-nina-de-pana-rosa-blanco\/\">Peto de ni\u00f1a de pana &#8211; Rosa\/blanco<\/a><\/h2><\/li><li class=\"price-wrap\">\n\t<span class=\"price\"><span class=\"woocommerce-Price-amount amount\"><bdi>54<span class=\"woocommerce-Price-currencySymbol\">&euro;<\/span><\/bdi><\/span><\/span>\n<\/li><\/ul><\/div><!-- .product-inner .clr --><\/li>\n<\/ul>\n<\/div><\/div>\n\t\t\t\t\t\t<\/div>\n\t\t\t\t<\/div>\n\t\t<div class=\"elementor-element elementor-element-3468461 e-con-full e-flex e-con e-parent\" data-id=\"3468461\" data-element_type=\"container\" data-e-type=\"container\">\n\t\t\t\t<div class=\"elementor-element elementor-element-3e4dd62 elementor-widget-divider--separator-type-pattern elementor-widget-divider--view-line elementor-widget elementor-widget-divider\" data-id=\"3e4dd62\" data-element_type=\"widget\" data-e-type=\"widget\" data-widget_type=\"divider.default\">\n\t\t\t\t\t\t\t<div class=\"elementor-divider\" style=\"--divider-pattern-url: url(&quot;data:image\/svg+xml,%3Csvg xmlns=&#039;http:\/\/www.w3.org\/2000\/svg&#039; preserveAspectRatio=&#039;none&#039; overflow=&#039;visible&#039; height=&#039;100%&#039; viewBox=&#039;0 0 24 24&#039; fill=&#039;black&#039; stroke=&#039;none&#039;%3E%3Cpath d=&#039;M12.7,2.3c-0.4-0.4-1.1-0.4-1.5,0l-8,9.1c-0.3,0.4-0.3,0.9,0,1.2l8,9.1c0.4,0.4,1.1,0.4,1.5,0l8-9.1c0.3-0.4,0.3-0.9,0-1.2L12.7,2.3z&#039;\/%3E%3C\/svg%3E&quot;);\">\n\t\t\t<span class=\"elementor-divider-separator\">\n\t\t\t\t\t\t<\/span>\n\t\t<\/div>\n\t\t\t\t\t\t<\/div>\n\t\t\t\t<div class=\"elementor-element elementor-element-25f12e5 elementor-widget elementor-widget-shortcode\" data-id=\"25f12e5\" data-element_type=\"widget\" data-e-type=\"widget\" data-widget_type=\"shortcode.default\">\n\t\t\t\t\t\t\t<div class=\"elementor-shortcode\"><div class=\"woocommerce columns-3 \">\r\n<ul class=\"products oceanwp-row clr grid tablet-col tablet-2-col mobile-col mobile-2-col\">\r\n<li class=\"entry has-media has-rating col span_1_of_3 owp-content-center owp-thumbs-layout-vertical owp-btn-big owp-tabs-layout-vertical circle-sale product type-product post-31128 status-publish first instock product_cat-zapatitos-nacimiento product_cat-zapatitos-nacimiento-nina product_cat-zapatitos-nacimiento-nino product_cat-zapatitos-bebe product_cat-zapatitos-bebe-nina product_cat-zapatitos-bebe-nino has-post-thumbnail taxable shipping-taxable purchasable product-type-variable has-default-attributes\">\n\t<div class=\"product-inner clr\">\n\t<div class=\"woo-entry-image-swap woo-entry-image clr\">\n\t\t<a href=\"https:\/\/voyagedelabaleine.fr\/es\/producto\/zapatillas-altas-de-cuero-para-bebe-azul-marino\/\" class=\"woocommerce-LoopProduct-link\"><img decoding=\"async\" width=\"576\" height=\"769\" src=\"https:\/\/voyagedelabaleine.fr\/wp-content\/uploads\/2024\/09\/chaussons-bebe-cuir-haut-bleu-marine-3.jpg\" class=\"woo-entry-image-main\" alt=\"Zapatillas altas de cuero para beb\u00e9 &#8211; Azul marino\" itemprop=\"image\" srcset=\"https:\/\/voyagedelabaleine.fr\/wp-content\/uploads\/2024\/09\/chaussons-bebe-cuir-haut-bleu-marine-3.jpg 576w, https:\/\/voyagedelabaleine.fr\/wp-content\/uploads\/2024\/09\/chaussons-bebe-cuir-haut-bleu-marine-3-225x300.jpg 225w\" sizes=\"(max-width: 576px) 100vw, 576px\" \/><img decoding=\"async\" width=\"576\" height=\"769\" src=\"https:\/\/voyagedelabaleine.fr\/wp-content\/uploads\/2024\/09\/chaussons-bebe-cuir-haut-bleu-marine-5.jpg\" class=\"woo-entry-image-secondary\" alt=\"Zapatillas altas de cuero para beb\u00e9 &#8211; Azul marino\" itemprop=\"image\" srcset=\"https:\/\/voyagedelabaleine.fr\/wp-content\/uploads\/2024\/09\/chaussons-bebe-cuir-haut-bleu-marine-5.jpg 576w, https:\/\/voyagedelabaleine.fr\/wp-content\/uploads\/2024\/09\/chaussons-bebe-cuir-haut-bleu-marine-5-225x300.jpg 225w\" sizes=\"(max-width: 576px) 100vw, 576px\" \/><\/a>\t<\/div><!-- .woo-entry-image-swap -->\n\n<ul class=\"woo-entry-inner clr\"><li class=\"image-wrap\">\n\t<div class=\"woo-entry-image-swap woo-entry-image clr\">\n\t\t<a href=\"https:\/\/voyagedelabaleine.fr\/es\/producto\/zapatillas-altas-de-cuero-para-bebe-azul-marino\/\" class=\"woocommerce-LoopProduct-link\"><img decoding=\"async\" width=\"576\" height=\"769\" src=\"https:\/\/voyagedelabaleine.fr\/wp-content\/uploads\/2024\/09\/chaussons-bebe-cuir-haut-bleu-marine-3.jpg\" class=\"woo-entry-image-main\" alt=\"Zapatillas altas de cuero para beb\u00e9 &#8211; Azul marino\" itemprop=\"image\" srcset=\"https:\/\/voyagedelabaleine.fr\/wp-content\/uploads\/2024\/09\/chaussons-bebe-cuir-haut-bleu-marine-3.jpg 576w, https:\/\/voyagedelabaleine.fr\/wp-content\/uploads\/2024\/09\/chaussons-bebe-cuir-haut-bleu-marine-3-225x300.jpg 225w\" sizes=\"(max-width: 576px) 100vw, 576px\" \/><img decoding=\"async\" width=\"576\" height=\"769\" src=\"https:\/\/voyagedelabaleine.fr\/wp-content\/uploads\/2024\/09\/chaussons-bebe-cuir-haut-bleu-marine-5.jpg\" class=\"woo-entry-image-secondary\" alt=\"Zapatillas altas de cuero para beb\u00e9 &#8211; Azul marino\" itemprop=\"image\" srcset=\"https:\/\/voyagedelabaleine.fr\/wp-content\/uploads\/2024\/09\/chaussons-bebe-cuir-haut-bleu-marine-5.jpg 576w, https:\/\/voyagedelabaleine.fr\/wp-content\/uploads\/2024\/09\/chaussons-bebe-cuir-haut-bleu-marine-5-225x300.jpg 225w\" sizes=\"(max-width: 576px) 100vw, 576px\" \/><\/a>\t<\/div><!-- .woo-entry-image-swap -->\n\n<\/li><li class=\"title\"><h2><a href=\"https:\/\/voyagedelabaleine.fr\/es\/producto\/zapatillas-altas-de-cuero-para-bebe-azul-marino\/\">Zapatillas altas de cuero para beb\u00e9 &#8211; Azul marino<\/a><\/h2><\/li><li class=\"price-wrap\">\n\t<span class=\"price\"><span class=\"woocommerce-Price-amount amount\"><bdi>36<span class=\"woocommerce-Price-currencySymbol\">&euro;<\/span><\/bdi><\/span><\/span>\n<\/li><\/ul><\/div><!-- .product-inner .clr --><\/li>\n<li class=\"entry has-media col span_1_of_3 owp-content-center owp-thumbs-layout-vertical owp-btn-big owp-tabs-layout-vertical circle-sale product type-product post-30906 status-publish instock product_cat-bebe-nina product_cat-nina product_cat-ropa product_cat-vestido-bebe-nina product_cat-vestido-nina has-post-thumbnail taxable shipping-taxable purchasable product-type-variable has-default-attributes\">\n\t<div class=\"product-inner clr\">\n\t<div class=\"woo-entry-image-swap woo-entry-image clr\">\n\t\t<a href=\"https:\/\/voyagedelabaleine.fr\/es\/producto\/vestido-de-bebe-nina-de-cuadros-azul-blanco\/\" class=\"woocommerce-LoopProduct-link\"><img decoding=\"async\" width=\"600\" height=\"800\" src=\"https:\/\/voyagedelabaleine.fr\/wp-content\/uploads\/2025\/07\/robe-bebe-fille-carreaux-bleu-blanc-1-600x800.jpg\" class=\"woo-entry-image-main\" alt=\"Vestido de beb\u00e9 ni\u00f1a de cuadros &#8211; Azul\/blanco\" itemprop=\"image\" srcset=\"https:\/\/voyagedelabaleine.fr\/wp-content\/uploads\/2025\/07\/robe-bebe-fille-carreaux-bleu-blanc-1-600x801.jpg 600w, https:\/\/voyagedelabaleine.fr\/wp-content\/uploads\/2025\/07\/robe-bebe-fille-carreaux-bleu-blanc-1-225x300.jpg 225w, https:\/\/voyagedelabaleine.fr\/wp-content\/uploads\/2025\/07\/robe-bebe-fille-carreaux-bleu-blanc-1-767x1024.jpg 767w, https:\/\/voyagedelabaleine.fr\/wp-content\/uploads\/2025\/07\/robe-bebe-fille-carreaux-bleu-blanc-1-768x1025.jpg 768w, https:\/\/voyagedelabaleine.fr\/wp-content\/uploads\/2025\/07\/robe-bebe-fille-carreaux-bleu-blanc-1.jpg 1100w\" sizes=\"(max-width: 600px) 100vw, 600px\" \/><img decoding=\"async\" width=\"600\" height=\"800\" src=\"https:\/\/voyagedelabaleine.fr\/wp-content\/uploads\/2025\/07\/robe-bebe-fille-carreaux-bleu-blanc-2-600x800.jpg\" class=\"woo-entry-image-secondary\" alt=\"Vestido de beb\u00e9 ni\u00f1a de cuadros &#8211; Azul\/blanco\" itemprop=\"image\" srcset=\"https:\/\/voyagedelabaleine.fr\/wp-content\/uploads\/2025\/07\/robe-bebe-fille-carreaux-bleu-blanc-2-600x799.jpg 600w, https:\/\/voyagedelabaleine.fr\/wp-content\/uploads\/2025\/07\/robe-bebe-fille-carreaux-bleu-blanc-2-225x300.jpg 225w, https:\/\/voyagedelabaleine.fr\/wp-content\/uploads\/2025\/07\/robe-bebe-fille-carreaux-bleu-blanc-2-769x1024.jpg 769w, https:\/\/voyagedelabaleine.fr\/wp-content\/uploads\/2025\/07\/robe-bebe-fille-carreaux-bleu-blanc-2-768x1023.jpg 768w, https:\/\/voyagedelabaleine.fr\/wp-content\/uploads\/2025\/07\/robe-bebe-fille-carreaux-bleu-blanc-2.jpg 900w\" sizes=\"(max-width: 600px) 100vw, 600px\" \/><\/a>\t<\/div><!-- .woo-entry-image-swap -->\n\n<ul class=\"woo-entry-inner clr\"><li class=\"image-wrap\">\n\t<div class=\"woo-entry-image-swap woo-entry-image clr\">\n\t\t<a href=\"https:\/\/voyagedelabaleine.fr\/es\/producto\/vestido-de-bebe-nina-de-cuadros-azul-blanco\/\" class=\"woocommerce-LoopProduct-link\"><img decoding=\"async\" width=\"600\" height=\"800\" src=\"https:\/\/voyagedelabaleine.fr\/wp-content\/uploads\/2025\/07\/robe-bebe-fille-carreaux-bleu-blanc-1-600x800.jpg\" class=\"woo-entry-image-main\" alt=\"Vestido de beb\u00e9 ni\u00f1a de cuadros &#8211; Azul\/blanco\" itemprop=\"image\" srcset=\"https:\/\/voyagedelabaleine.fr\/wp-content\/uploads\/2025\/07\/robe-bebe-fille-carreaux-bleu-blanc-1-600x801.jpg 600w, https:\/\/voyagedelabaleine.fr\/wp-content\/uploads\/2025\/07\/robe-bebe-fille-carreaux-bleu-blanc-1-225x300.jpg 225w, https:\/\/voyagedelabaleine.fr\/wp-content\/uploads\/2025\/07\/robe-bebe-fille-carreaux-bleu-blanc-1-767x1024.jpg 767w, https:\/\/voyagedelabaleine.fr\/wp-content\/uploads\/2025\/07\/robe-bebe-fille-carreaux-bleu-blanc-1-768x1025.jpg 768w, https:\/\/voyagedelabaleine.fr\/wp-content\/uploads\/2025\/07\/robe-bebe-fille-carreaux-bleu-blanc-1.jpg 1100w\" sizes=\"(max-width: 600px) 100vw, 600px\" \/><img decoding=\"async\" width=\"600\" height=\"800\" src=\"https:\/\/voyagedelabaleine.fr\/wp-content\/uploads\/2025\/07\/robe-bebe-fille-carreaux-bleu-blanc-2-600x800.jpg\" class=\"woo-entry-image-secondary\" alt=\"Vestido de beb\u00e9 ni\u00f1a de cuadros &#8211; Azul\/blanco\" itemprop=\"image\" srcset=\"https:\/\/voyagedelabaleine.fr\/wp-content\/uploads\/2025\/07\/robe-bebe-fille-carreaux-bleu-blanc-2-600x799.jpg 600w, https:\/\/voyagedelabaleine.fr\/wp-content\/uploads\/2025\/07\/robe-bebe-fille-carreaux-bleu-blanc-2-225x300.jpg 225w, https:\/\/voyagedelabaleine.fr\/wp-content\/uploads\/2025\/07\/robe-bebe-fille-carreaux-bleu-blanc-2-769x1024.jpg 769w, https:\/\/voyagedelabaleine.fr\/wp-content\/uploads\/2025\/07\/robe-bebe-fille-carreaux-bleu-blanc-2-768x1023.jpg 768w, https:\/\/voyagedelabaleine.fr\/wp-content\/uploads\/2025\/07\/robe-bebe-fille-carreaux-bleu-blanc-2.jpg 900w\" sizes=\"(max-width: 600px) 100vw, 600px\" \/><\/a>\t<\/div><!-- .woo-entry-image-swap -->\n\n<\/li><li class=\"title\"><h2><a href=\"https:\/\/voyagedelabaleine.fr\/es\/producto\/vestido-de-bebe-nina-de-cuadros-azul-blanco\/\">Vestido de beb\u00e9 ni\u00f1a de cuadros &#8211; Azul\/blanco<\/a><\/h2><\/li><li class=\"price-wrap\">\n\t<span class=\"price\"><span class=\"woocommerce-Price-amount amount\"><bdi>68<span class=\"woocommerce-Price-currencySymbol\">&euro;<\/span><\/bdi><\/span><\/span>\n<\/li><\/ul><\/div><!-- .product-inner .clr --><\/li>\n<li class=\"entry has-media col span_1_of_3 owp-content-center owp-thumbs-layout-vertical owp-btn-big owp-tabs-layout-vertical circle-sale product type-product post-29649 status-publish last instock product_cat-calcetines-leotardos-nacimiento product_cat-calcetines-leotardos-nacimiento-nina product_cat-calcetines-leotardos-nacimiento-nino product_cat-calcetines-leotardos-bebe-nina product_cat-calcetines-leotardos-bebe-nino product_cat-calcetines-leotardos-bebes-ninos product_cat-calcetines-leotardos-nina product_cat-calcetines-leotardos-nino product_cat-calcetines-leotardos-ninos product_tag-leotardos has-post-thumbnail taxable shipping-taxable purchasable product-type-variable has-default-attributes\">\n\t<div class=\"product-inner clr\">\n\t<div class=\"woo-entry-image-swap woo-entry-image clr\">\n\t\t<a href=\"https:\/\/voyagedelabaleine.fr\/es\/producto\/leotardos-lisos-para-bebe-azul-marino\/\" class=\"woocommerce-LoopProduct-link\"><img decoding=\"async\" width=\"600\" height=\"800\" src=\"https:\/\/voyagedelabaleine.fr\/wp-content\/uploads\/2024\/09\/collant-bebe-uni-bleu-marine-1-1-600x800.jpg\" class=\"woo-entry-image-main\" alt=\"Leotardos lisos para beb\u00e9 &#8211; Azul marino\" itemprop=\"image\" srcset=\"https:\/\/voyagedelabaleine.fr\/wp-content\/uploads\/2024\/09\/collant-bebe-uni-bleu-marine-1-1-600x800.jpg 600w, https:\/\/voyagedelabaleine.fr\/wp-content\/uploads\/2024\/09\/collant-bebe-uni-bleu-marine-1-1-225x300.jpg 225w, https:\/\/voyagedelabaleine.fr\/wp-content\/uploads\/2024\/09\/collant-bebe-uni-bleu-marine-1-1-768x1024.jpg 768w, https:\/\/voyagedelabaleine.fr\/wp-content\/uploads\/2024\/09\/collant-bebe-uni-bleu-marine-1-1.jpg 855w\" sizes=\"(max-width: 600px) 100vw, 600px\" \/><img decoding=\"async\" width=\"600\" height=\"800\" src=\"https:\/\/voyagedelabaleine.fr\/wp-content\/uploads\/2024\/09\/collant-bebe-uni-bleu-marine-2-1-600x800.jpg\" class=\"woo-entry-image-secondary\" alt=\"Leotardos lisos para beb\u00e9 &#8211; Azul marino\" itemprop=\"image\" srcset=\"https:\/\/voyagedelabaleine.fr\/wp-content\/uploads\/2024\/09\/collant-bebe-uni-bleu-marine-2-1-600x800.jpg 600w, https:\/\/voyagedelabaleine.fr\/wp-content\/uploads\/2024\/09\/collant-bebe-uni-bleu-marine-2-1-225x300.jpg 225w, https:\/\/voyagedelabaleine.fr\/wp-content\/uploads\/2024\/09\/collant-bebe-uni-bleu-marine-2-1-768x1024.jpg 768w, https:\/\/voyagedelabaleine.fr\/wp-content\/uploads\/2024\/09\/collant-bebe-uni-bleu-marine-2-1.jpg 855w\" sizes=\"(max-width: 600px) 100vw, 600px\" \/><\/a>\t<\/div><!-- .woo-entry-image-swap -->\n\n<ul class=\"woo-entry-inner clr\"><li class=\"image-wrap\">\n\t<div class=\"woo-entry-image-swap woo-entry-image clr\">\n\t\t<a href=\"https:\/\/voyagedelabaleine.fr\/es\/producto\/leotardos-lisos-para-bebe-azul-marino\/\" class=\"woocommerce-LoopProduct-link\"><img decoding=\"async\" width=\"600\" height=\"800\" src=\"https:\/\/voyagedelabaleine.fr\/wp-content\/uploads\/2024\/09\/collant-bebe-uni-bleu-marine-1-1-600x800.jpg\" class=\"woo-entry-image-main\" alt=\"Leotardos lisos para beb\u00e9 &#8211; Azul marino\" itemprop=\"image\" srcset=\"https:\/\/voyagedelabaleine.fr\/wp-content\/uploads\/2024\/09\/collant-bebe-uni-bleu-marine-1-1-600x800.jpg 600w, https:\/\/voyagedelabaleine.fr\/wp-content\/uploads\/2024\/09\/collant-bebe-uni-bleu-marine-1-1-225x300.jpg 225w, https:\/\/voyagedelabaleine.fr\/wp-content\/uploads\/2024\/09\/collant-bebe-uni-bleu-marine-1-1-768x1024.jpg 768w, https:\/\/voyagedelabaleine.fr\/wp-content\/uploads\/2024\/09\/collant-bebe-uni-bleu-marine-1-1.jpg 855w\" sizes=\"(max-width: 600px) 100vw, 600px\" \/><img decoding=\"async\" width=\"600\" height=\"800\" src=\"https:\/\/voyagedelabaleine.fr\/wp-content\/uploads\/2024\/09\/collant-bebe-uni-bleu-marine-2-1-600x800.jpg\" class=\"woo-entry-image-secondary\" alt=\"Leotardos lisos para beb\u00e9 &#8211; Azul marino\" itemprop=\"image\" srcset=\"https:\/\/voyagedelabaleine.fr\/wp-content\/uploads\/2024\/09\/collant-bebe-uni-bleu-marine-2-1-600x800.jpg 600w, https:\/\/voyagedelabaleine.fr\/wp-content\/uploads\/2024\/09\/collant-bebe-uni-bleu-marine-2-1-225x300.jpg 225w, https:\/\/voyagedelabaleine.fr\/wp-content\/uploads\/2024\/09\/collant-bebe-uni-bleu-marine-2-1-768x1024.jpg 768w, https:\/\/voyagedelabaleine.fr\/wp-content\/uploads\/2024\/09\/collant-bebe-uni-bleu-marine-2-1.jpg 855w\" sizes=\"(max-width: 600px) 100vw, 600px\" \/><\/a>\t<\/div><!-- .woo-entry-image-swap -->\n\n<\/li><li class=\"title\"><h2><a href=\"https:\/\/voyagedelabaleine.fr\/es\/producto\/leotardos-lisos-para-bebe-azul-marino\/\">Leotardos lisos para beb\u00e9 &#8211; Azul marino<\/a><\/h2><\/li><li class=\"price-wrap\">\n\t<span class=\"price\"><span class=\"woocommerce-Price-amount amount\"><bdi>14<span class=\"woocommerce-Price-currencySymbol\">&euro;<\/span><\/bdi><\/span><\/span>\n<\/li><\/ul><\/div><!-- .product-inner .clr --><\/li>\n<\/ul>\n<\/div><\/div>\n\t\t\t\t\t\t<\/div>\n\t\t\t\t<\/div>\n\t\t<div class=\"elementor-element elementor-element-0ec1702 e-con-full e-flex e-con e-parent\" data-id=\"0ec1702\" data-element_type=\"container\" data-e-type=\"container\">\n\t\t\t\t<div class=\"elementor-element elementor-element-a18e903 elementor-widget-divider--separator-type-pattern elementor-widget-divider--view-line elementor-widget elementor-widget-divider\" data-id=\"a18e903\" data-element_type=\"widget\" data-e-type=\"widget\" data-widget_type=\"divider.default\">\n\t\t\t\t\t\t\t<div class=\"elementor-divider\" style=\"--divider-pattern-url: url(&quot;data:image\/svg+xml,%3Csvg xmlns=&#039;http:\/\/www.w3.org\/2000\/svg&#039; preserveAspectRatio=&#039;none&#039; overflow=&#039;visible&#039; height=&#039;100%&#039; viewBox=&#039;0 0 24 24&#039; fill=&#039;black&#039; stroke=&#039;none&#039;%3E%3Cpath d=&#039;M12.7,2.3c-0.4-0.4-1.1-0.4-1.5,0l-8,9.1c-0.3,0.4-0.3,0.9,0,1.2l8,9.1c0.4,0.4,1.1,0.4,1.5,0l8-9.1c0.3-0.4,0.3-0.9,0-1.2L12.7,2.3z&#039;\/%3E%3C\/svg%3E&quot;);\">\n\t\t\t<span class=\"elementor-divider-separator\">\n\t\t\t\t\t\t<\/span>\n\t\t<\/div>\n\t\t\t\t\t\t<\/div>\n\t\t\t\t<div class=\"elementor-element elementor-element-fbccf4a elementor-widget__width-initial elementor-widget-mobile__width-inherit elementor-widget elementor-widget-shortcode\" data-id=\"fbccf4a\" data-element_type=\"widget\" data-e-type=\"widget\" data-widget_type=\"shortcode.default\">\n\t\t\t\t\t\t\t<div class=\"elementor-shortcode\"><div class=\"woocommerce columns-2 \">\r\n<ul class=\"products oceanwp-row clr grid tablet-col tablet-2-col mobile-col mobile-2-col\">\r\n<li class=\"entry has-media col span_1_of_2 owp-content-center owp-thumbs-layout-vertical owp-btn-big owp-tabs-layout-vertical circle-sale product type-product post-35000 status-publish first instock product_cat-accesorios-nacimiento-nina product_cat-accesorios-nacimiento-nino product_cat-accesorios-bebe product_cat-accesorios-bebe-nina product_cat-accesorios-bebe-nino product_cat-accesorios-nacimiento has-post-thumbnail taxable shipping-taxable purchasable product-type-variable has-default-attributes\">\n\t<div class=\"product-inner clr\">\n\t<div class=\"woo-entry-image-swap woo-entry-image clr\">\n\t\t<a href=\"https:\/\/voyagedelabaleine.fr\/es\/producto\/gorro-de-nacimiento-con-pompon-de-lana-creme\/\" class=\"woocommerce-LoopProduct-link\"><img decoding=\"async\" width=\"600\" height=\"800\" src=\"https:\/\/voyagedelabaleine.fr\/wp-content\/uploads\/2025\/07\/bonnet-naissance-laine-pompon-creme-600x800.jpg\" class=\"woo-entry-image-main\" alt=\"Gorro de nacimiento con pomp\u00f3n de lana &#8211; Cr\u00e8me\" itemprop=\"image\" \/><img decoding=\"async\" width=\"600\" height=\"800\" src=\"https:\/\/voyagedelabaleine.fr\/wp-content\/uploads\/2025\/07\/bonnet-naissance-laine-pompon-creme-1-600x800.jpg\" class=\"woo-entry-image-secondary\" alt=\"Gorro de nacimiento con pomp\u00f3n de lana &#8211; Cr\u00e8me\" itemprop=\"image\" \/><\/a>\t<\/div><!-- .woo-entry-image-swap -->\n\n<ul class=\"woo-entry-inner clr\"><li class=\"image-wrap\">\n\t<div class=\"woo-entry-image-swap woo-entry-image clr\">\n\t\t<a href=\"https:\/\/voyagedelabaleine.fr\/es\/producto\/gorro-de-nacimiento-con-pompon-de-lana-creme\/\" class=\"woocommerce-LoopProduct-link\"><img decoding=\"async\" width=\"600\" height=\"800\" src=\"https:\/\/voyagedelabaleine.fr\/wp-content\/uploads\/2025\/07\/bonnet-naissance-laine-pompon-creme-600x800.jpg\" class=\"woo-entry-image-main\" alt=\"Gorro de nacimiento con pomp\u00f3n de lana &#8211; Cr\u00e8me\" itemprop=\"image\" \/><img decoding=\"async\" width=\"600\" height=\"800\" src=\"https:\/\/voyagedelabaleine.fr\/wp-content\/uploads\/2025\/07\/bonnet-naissance-laine-pompon-creme-1-600x800.jpg\" class=\"woo-entry-image-secondary\" alt=\"Gorro de nacimiento con pomp\u00f3n de lana &#8211; Cr\u00e8me\" itemprop=\"image\" \/><\/a>\t<\/div><!-- .woo-entry-image-swap -->\n\n<\/li><li class=\"title\"><h2><a href=\"https:\/\/voyagedelabaleine.fr\/es\/producto\/gorro-de-nacimiento-con-pompon-de-lana-creme\/\">Gorro de nacimiento con pomp\u00f3n de lana &#8211; Cr\u00e8me<\/a><\/h2><\/li><li class=\"price-wrap\">\n\t<span class=\"price\"><span class=\"woocommerce-Price-amount amount\"><bdi>30<span class=\"woocommerce-Price-currencySymbol\">&euro;<\/span><\/bdi><\/span><\/span>\n<\/li><\/ul><\/div><!-- .product-inner .clr --><\/li>\n<li class=\"entry has-media has-rating col span_1_of_2 owp-content-center owp-thumbs-layout-vertical owp-btn-big owp-tabs-layout-vertical circle-sale product type-product post-29513 status-publish last instock product_cat-conjuntos-nacimiento product_cat-conjuntos-nacimiento-nina product_cat-conjuntos-nacimiento-nino product_cat-conjuntos-bebe product_cat-conjuntos-bebe-nina product_cat-conjuntos-bebe-nino product_cat-jersey-chaleco-cardigan-nacimiento product_cat-jersey-chaleco-cardigan-nacimiento-nina product_cat-jersey-chaleco-cardigan-nacimiento-nino product_cat-jersey-chaleco-cardigan-bebe product_cat-jersey-chaleco-cardigan-bebe-nina product_cat-jersey-chaleco-cardigan-bebe-nino product_cat-pololo-short-pantalon-nacimiento product_cat-pololo-short-pantalon-nacimiento-nina product_cat-pololo-short-pantalon-nacimiento-nino product_cat-pololo-short-y-pantalon-bebe product_cat-pololo-short-pantalon-bebe-nina product_cat-pololo-short-pantalon-bebe-nino product_cat-ropa has-post-thumbnail taxable shipping-taxable purchasable product-type-variable has-default-attributes\">\n\t<div class=\"product-inner clr\">\n\t<div class=\"woo-entry-image-swap woo-entry-image clr\">\n\t\t<a href=\"https:\/\/voyagedelabaleine.fr\/es\/producto\/conjunto-de-bebe-de-jersey-de-lana-y-pantalon-con-pies-de-punto-bobo-crudo\/\" class=\"woocommerce-LoopProduct-link\"><img decoding=\"async\" width=\"600\" height=\"800\" src=\"https:\/\/voyagedelabaleine.fr\/wp-content\/uploads\/2025\/07\/ensemble-bebe-pull-laine-pantalon-pieds-creme-600x800.jpg\" class=\"woo-entry-image-main\" alt=\"Conjunto de beb\u00e9 de jersey de lana y pantal\u00f3n con pies de punto bobo \u2013 Crudo\" itemprop=\"image\" srcset=\"https:\/\/voyagedelabaleine.fr\/wp-content\/uploads\/2025\/07\/ensemble-bebe-pull-laine-pantalon-pieds-creme-600x801.jpg 600w, https:\/\/voyagedelabaleine.fr\/wp-content\/uploads\/2025\/07\/ensemble-bebe-pull-laine-pantalon-pieds-creme-225x300.jpg 225w, https:\/\/voyagedelabaleine.fr\/wp-content\/uploads\/2025\/07\/ensemble-bebe-pull-laine-pantalon-pieds-creme-768x1025.jpg 768w, https:\/\/voyagedelabaleine.fr\/wp-content\/uploads\/2025\/07\/ensemble-bebe-pull-laine-pantalon-pieds-creme-1151x1536.jpg 1151w, https:\/\/voyagedelabaleine.fr\/wp-content\/uploads\/2025\/07\/ensemble-bebe-pull-laine-pantalon-pieds-creme.jpg 1200w\" sizes=\"(max-width: 600px) 100vw, 600px\" \/><img decoding=\"async\" width=\"600\" height=\"800\" src=\"https:\/\/voyagedelabaleine.fr\/wp-content\/uploads\/2025\/07\/ensemble-bebe-pull-laine-pantalon-pieds-creme-2-600x800.jpg\" class=\"woo-entry-image-secondary\" alt=\"Conjunto de beb\u00e9 de jersey de lana y pantal\u00f3n con pies de punto bobo \u2013 Crudo\" itemprop=\"image\" srcset=\"https:\/\/voyagedelabaleine.fr\/wp-content\/uploads\/2025\/07\/ensemble-bebe-pull-laine-pantalon-pieds-creme-2-600x801.jpg 600w, https:\/\/voyagedelabaleine.fr\/wp-content\/uploads\/2025\/07\/ensemble-bebe-pull-laine-pantalon-pieds-creme-2-225x300.jpg 225w, https:\/\/voyagedelabaleine.fr\/wp-content\/uploads\/2025\/07\/ensemble-bebe-pull-laine-pantalon-pieds-creme-2.jpg 619w\" sizes=\"(max-width: 600px) 100vw, 600px\" \/><\/a>\t<\/div><!-- .woo-entry-image-swap -->\n\n<ul class=\"woo-entry-inner clr\"><li class=\"image-wrap\">\n\t<div class=\"woo-entry-image-swap woo-entry-image clr\">\n\t\t<a href=\"https:\/\/voyagedelabaleine.fr\/es\/producto\/conjunto-de-bebe-de-jersey-de-lana-y-pantalon-con-pies-de-punto-bobo-crudo\/\" class=\"woocommerce-LoopProduct-link\"><img decoding=\"async\" width=\"600\" height=\"800\" src=\"https:\/\/voyagedelabaleine.fr\/wp-content\/uploads\/2025\/07\/ensemble-bebe-pull-laine-pantalon-pieds-creme-600x800.jpg\" class=\"woo-entry-image-main\" alt=\"Conjunto de beb\u00e9 de jersey de lana y pantal\u00f3n con pies de punto bobo \u2013 Crudo\" itemprop=\"image\" srcset=\"https:\/\/voyagedelabaleine.fr\/wp-content\/uploads\/2025\/07\/ensemble-bebe-pull-laine-pantalon-pieds-creme-600x801.jpg 600w, https:\/\/voyagedelabaleine.fr\/wp-content\/uploads\/2025\/07\/ensemble-bebe-pull-laine-pantalon-pieds-creme-225x300.jpg 225w, https:\/\/voyagedelabaleine.fr\/wp-content\/uploads\/2025\/07\/ensemble-bebe-pull-laine-pantalon-pieds-creme-768x1025.jpg 768w, https:\/\/voyagedelabaleine.fr\/wp-content\/uploads\/2025\/07\/ensemble-bebe-pull-laine-pantalon-pieds-creme-1151x1536.jpg 1151w, https:\/\/voyagedelabaleine.fr\/wp-content\/uploads\/2025\/07\/ensemble-bebe-pull-laine-pantalon-pieds-creme.jpg 1200w\" sizes=\"(max-width: 600px) 100vw, 600px\" \/><img decoding=\"async\" width=\"600\" height=\"800\" src=\"https:\/\/voyagedelabaleine.fr\/wp-content\/uploads\/2025\/07\/ensemble-bebe-pull-laine-pantalon-pieds-creme-2-600x800.jpg\" class=\"woo-entry-image-secondary\" alt=\"Conjunto de beb\u00e9 de jersey de lana y pantal\u00f3n con pies de punto bobo \u2013 Crudo\" itemprop=\"image\" srcset=\"https:\/\/voyagedelabaleine.fr\/wp-content\/uploads\/2025\/07\/ensemble-bebe-pull-laine-pantalon-pieds-creme-2-600x801.jpg 600w, https:\/\/voyagedelabaleine.fr\/wp-content\/uploads\/2025\/07\/ensemble-bebe-pull-laine-pantalon-pieds-creme-2-225x300.jpg 225w, https:\/\/voyagedelabaleine.fr\/wp-content\/uploads\/2025\/07\/ensemble-bebe-pull-laine-pantalon-pieds-creme-2.jpg 619w\" sizes=\"(max-width: 600px) 100vw, 600px\" \/><\/a>\t<\/div><!-- .woo-entry-image-swap -->\n\n<\/li><li class=\"title\"><h2><a href=\"https:\/\/voyagedelabaleine.fr\/es\/producto\/conjunto-de-bebe-de-jersey-de-lana-y-pantalon-con-pies-de-punto-bobo-crudo\/\">Conjunto de beb\u00e9 de jersey de lana y pantal\u00f3n con pies de punto bobo \u2013 Crudo<\/a><\/h2><\/li><li class=\"price-wrap\">\n\t<span class=\"price\"><span class=\"woocommerce-Price-amount amount\"><bdi>88<span class=\"woocommerce-Price-currencySymbol\">&euro;<\/span><\/bdi><\/span><\/span>\n<\/li><\/ul><\/div><!-- .product-inner .clr --><\/li>\n<\/ul>\n<\/div><\/div>\n\t\t\t\t\t\t<\/div>\n\t\t\t\t<\/div>\n\t\t<div class=\"elementor-element elementor-element-52df48d e-con-full e-flex e-con e-parent\" data-id=\"52df48d\" data-element_type=\"container\" data-e-type=\"container\">\n\t\t\t\t<div class=\"elementor-element elementor-element-bfc27da elementor-widget-divider--separator-type-pattern elementor-widget-divider--view-line elementor-widget elementor-widget-divider\" data-id=\"bfc27da\" data-element_type=\"widget\" data-e-type=\"widget\" data-widget_type=\"divider.default\">\n\t\t\t\t\t\t\t<div class=\"elementor-divider\" style=\"--divider-pattern-url: url(&quot;data:image\/svg+xml,%3Csvg xmlns=&#039;http:\/\/www.w3.org\/2000\/svg&#039; preserveAspectRatio=&#039;none&#039; overflow=&#039;visible&#039; height=&#039;100%&#039; viewBox=&#039;0 0 24 24&#039; fill=&#039;black&#039; stroke=&#039;none&#039;%3E%3Cpath d=&#039;M12.7,2.3c-0.4-0.4-1.1-0.4-1.5,0l-8,9.1c-0.3,0.4-0.3,0.9,0,1.2l8,9.1c0.4,0.4,1.1,0.4,1.5,0l8-9.1c0.3-0.4,0.3-0.9,0-1.2L12.7,2.3z&#039;\/%3E%3C\/svg%3E&quot;);\">\n\t\t\t<span class=\"elementor-divider-separator\">\n\t\t\t\t\t\t<\/span>\n\t\t<\/div>\n\t\t\t\t\t\t<\/div>\n\t\t\t\t<div class=\"elementor-element elementor-element-826e0ad elementor-widget elementor-widget-shortcode\" data-id=\"826e0ad\" data-element_type=\"widget\" data-e-type=\"widget\" data-widget_type=\"shortcode.default\">\n\t\t\t\t\t\t\t<div class=\"elementor-shortcode\"><div class=\"woocommerce columns-3 \">\r\n<ul class=\"products oceanwp-row clr grid tablet-col tablet-2-col mobile-col mobile-2-col\">\r\n<li class=\"entry has-media col span_1_of_3 owp-content-center owp-thumbs-layout-vertical owp-btn-big owp-tabs-layout-vertical circle-sale product type-product post-32827 status-publish first instock product_cat-body product_cat-body-nacimiento product_cat-body-nacimiento-nina product_cat-body-bebe product_cat-body-bebe-nina has-post-thumbnail taxable shipping-taxable purchasable product-type-variable has-default-attributes\">\n\t<div class=\"product-inner clr\">\n\t<div class=\"woo-entry-image-swap woo-entry-image clr\">\n\t\t<a href=\"https:\/\/voyagedelabaleine.fr\/es\/producto\/body-para-bebe-nina-con-cuello-fruncido-y-encaje-blanco\/\" class=\"woocommerce-LoopProduct-link\"><img decoding=\"async\" width=\"600\" height=\"800\" src=\"https:\/\/voyagedelabaleine.fr\/wp-content\/uploads\/2025\/07\/body-bebe-fille-col-fronce-dentelle-1-600x800.jpg\" class=\"woo-entry-image-main\" alt=\"Body para beb\u00e9 ni\u00f1a con cuello fruncido y encaje &#8211; Blanco\" itemprop=\"image\" srcset=\"https:\/\/voyagedelabaleine.fr\/wp-content\/uploads\/2025\/07\/body-bebe-fille-col-fronce-dentelle-1-600x800.jpg 600w, https:\/\/voyagedelabaleine.fr\/wp-content\/uploads\/2025\/07\/body-bebe-fille-col-fronce-dentelle-1-225x300.jpg 225w, https:\/\/voyagedelabaleine.fr\/wp-content\/uploads\/2025\/07\/body-bebe-fille-col-fronce-dentelle-1-768x1024.jpg 768w, https:\/\/voyagedelabaleine.fr\/wp-content\/uploads\/2025\/07\/body-bebe-fille-col-fronce-dentelle-1-1152x1536.jpg 1152w, https:\/\/voyagedelabaleine.fr\/wp-content\/uploads\/2025\/07\/body-bebe-fille-col-fronce-dentelle-1.jpg 1425w\" sizes=\"(max-width: 600px) 100vw, 600px\" \/><img decoding=\"async\" width=\"600\" height=\"800\" src=\"https:\/\/voyagedelabaleine.fr\/wp-content\/uploads\/2025\/07\/body-bebe-fille-col-fronce-dentelle-600x800.jpg\" class=\"woo-entry-image-secondary\" alt=\"Body para beb\u00e9 ni\u00f1a con cuello fruncido y encaje &#8211; Blanco\" itemprop=\"image\" srcset=\"https:\/\/voyagedelabaleine.fr\/wp-content\/uploads\/2025\/07\/body-bebe-fille-col-fronce-dentelle-600x800.jpg 600w, https:\/\/voyagedelabaleine.fr\/wp-content\/uploads\/2025\/07\/body-bebe-fille-col-fronce-dentelle-225x300.jpg 225w, https:\/\/voyagedelabaleine.fr\/wp-content\/uploads\/2025\/07\/body-bebe-fille-col-fronce-dentelle-768x1024.jpg 768w, https:\/\/voyagedelabaleine.fr\/wp-content\/uploads\/2025\/07\/body-bebe-fille-col-fronce-dentelle-1152x1536.jpg 1152w, https:\/\/voyagedelabaleine.fr\/wp-content\/uploads\/2025\/07\/body-bebe-fille-col-fronce-dentelle.jpg 1425w\" sizes=\"(max-width: 600px) 100vw, 600px\" \/><\/a>\t<\/div><!-- .woo-entry-image-swap -->\n\n<ul class=\"woo-entry-inner clr\"><li class=\"image-wrap\">\n\t<div class=\"woo-entry-image-swap woo-entry-image clr\">\n\t\t<a href=\"https:\/\/voyagedelabaleine.fr\/es\/producto\/body-para-bebe-nina-con-cuello-fruncido-y-encaje-blanco\/\" class=\"woocommerce-LoopProduct-link\"><img decoding=\"async\" width=\"600\" height=\"800\" src=\"https:\/\/voyagedelabaleine.fr\/wp-content\/uploads\/2025\/07\/body-bebe-fille-col-fronce-dentelle-1-600x800.jpg\" class=\"woo-entry-image-main\" alt=\"Body para beb\u00e9 ni\u00f1a con cuello fruncido y encaje &#8211; Blanco\" itemprop=\"image\" srcset=\"https:\/\/voyagedelabaleine.fr\/wp-content\/uploads\/2025\/07\/body-bebe-fille-col-fronce-dentelle-1-600x800.jpg 600w, https:\/\/voyagedelabaleine.fr\/wp-content\/uploads\/2025\/07\/body-bebe-fille-col-fronce-dentelle-1-225x300.jpg 225w, https:\/\/voyagedelabaleine.fr\/wp-content\/uploads\/2025\/07\/body-bebe-fille-col-fronce-dentelle-1-768x1024.jpg 768w, https:\/\/voyagedelabaleine.fr\/wp-content\/uploads\/2025\/07\/body-bebe-fille-col-fronce-dentelle-1-1152x1536.jpg 1152w, https:\/\/voyagedelabaleine.fr\/wp-content\/uploads\/2025\/07\/body-bebe-fille-col-fronce-dentelle-1.jpg 1425w\" sizes=\"(max-width: 600px) 100vw, 600px\" \/><img decoding=\"async\" width=\"600\" height=\"800\" src=\"https:\/\/voyagedelabaleine.fr\/wp-content\/uploads\/2025\/07\/body-bebe-fille-col-fronce-dentelle-600x800.jpg\" class=\"woo-entry-image-secondary\" alt=\"Body para beb\u00e9 ni\u00f1a con cuello fruncido y encaje &#8211; Blanco\" itemprop=\"image\" srcset=\"https:\/\/voyagedelabaleine.fr\/wp-content\/uploads\/2025\/07\/body-bebe-fille-col-fronce-dentelle-600x800.jpg 600w, https:\/\/voyagedelabaleine.fr\/wp-content\/uploads\/2025\/07\/body-bebe-fille-col-fronce-dentelle-225x300.jpg 225w, https:\/\/voyagedelabaleine.fr\/wp-content\/uploads\/2025\/07\/body-bebe-fille-col-fronce-dentelle-768x1024.jpg 768w, https:\/\/voyagedelabaleine.fr\/wp-content\/uploads\/2025\/07\/body-bebe-fille-col-fronce-dentelle-1152x1536.jpg 1152w, https:\/\/voyagedelabaleine.fr\/wp-content\/uploads\/2025\/07\/body-bebe-fille-col-fronce-dentelle.jpg 1425w\" sizes=\"(max-width: 600px) 100vw, 600px\" \/><\/a>\t<\/div><!-- .woo-entry-image-swap -->\n\n<\/li><li class=\"title\"><h2><a href=\"https:\/\/voyagedelabaleine.fr\/es\/producto\/body-para-bebe-nina-con-cuello-fruncido-y-encaje-blanco\/\">Body para beb\u00e9 ni\u00f1a con cuello fruncido y encaje &#8211; Blanco<\/a><\/h2><\/li><li class=\"price-wrap\">\n\t<span class=\"price\"><span class=\"woocommerce-Price-amount amount\"><bdi>32<span class=\"woocommerce-Price-currencySymbol\">&euro;<\/span><\/bdi><\/span><\/span>\n<\/li><\/ul><\/div><!-- .product-inner .clr --><\/li>\n<li class=\"entry has-media has-rating col span_1_of_3 owp-content-center owp-thumbs-layout-vertical owp-btn-big owp-tabs-layout-vertical circle-sale product type-product post-32948 status-publish instock product_cat-jersey-chaleco-cardigan-nacimiento product_cat-jersey-chaleco-cardigan-nacimiento-nina product_cat-jersey-chaleco-cardigan-nacimiento-nino product_cat-jersey-chaleco-cardigan-bebe product_cat-jersey-chaleco-cardigan-bebe-nina product_cat-jersey-chaleco-cardigan-bebe-nino product_cat-jersey-chaleco-cardigan-nina product_cat-jersey-chaleco-cardigan-nino product_cat-jersey-chaleco-cardigan-ninos product_cat-ropa has-post-thumbnail taxable shipping-taxable purchasable product-type-variable has-default-attributes\">\n\t<div class=\"product-inner clr\">\n\t<div class=\"woo-entry-image-swap woo-entry-image clr\">\n\t\t<a href=\"https:\/\/voyagedelabaleine.fr\/es\/producto\/cardigan-para-bebe-gris-palido\/\" class=\"woocommerce-LoopProduct-link\"><img decoding=\"async\" width=\"600\" height=\"800\" src=\"https:\/\/voyagedelabaleine.fr\/wp-content\/uploads\/2025\/09\/gilet-gris-laine-coton-2-600x800.jpg\" class=\"woo-entry-image-main\" alt=\"C\u00e1rdigan para beb\u00e9 &#8211; Gris p\u00e1lido\" itemprop=\"image\" srcset=\"https:\/\/voyagedelabaleine.fr\/wp-content\/uploads\/2025\/09\/gilet-gris-laine-coton-2-600x800.jpg 600w, https:\/\/voyagedelabaleine.fr\/wp-content\/uploads\/2025\/09\/gilet-gris-laine-coton-2-225x300.jpg 225w, https:\/\/voyagedelabaleine.fr\/wp-content\/uploads\/2025\/09\/gilet-gris-laine-coton-2-768x1024.jpg 768w, https:\/\/voyagedelabaleine.fr\/wp-content\/uploads\/2025\/09\/gilet-gris-laine-coton-2.jpg 962w\" sizes=\"(max-width: 600px) 100vw, 600px\" \/><img decoding=\"async\" width=\"600\" height=\"800\" src=\"https:\/\/voyagedelabaleine.fr\/wp-content\/uploads\/2025\/09\/gilet-gris-laine-coton-1-600x800.jpg\" class=\"woo-entry-image-secondary\" alt=\"C\u00e1rdigan para beb\u00e9 &#8211; Gris p\u00e1lido\" itemprop=\"image\" srcset=\"https:\/\/voyagedelabaleine.fr\/wp-content\/uploads\/2025\/09\/gilet-gris-laine-coton-1-600x801.jpg 600w, https:\/\/voyagedelabaleine.fr\/wp-content\/uploads\/2025\/09\/gilet-gris-laine-coton-1-225x300.jpg 225w, https:\/\/voyagedelabaleine.fr\/wp-content\/uploads\/2025\/09\/gilet-gris-laine-coton-1-768x1025.jpg 768w, https:\/\/voyagedelabaleine.fr\/wp-content\/uploads\/2025\/09\/gilet-gris-laine-coton-1.jpg 790w\" sizes=\"(max-width: 600px) 100vw, 600px\" \/><\/a>\t<\/div><!-- .woo-entry-image-swap -->\n\n<ul class=\"woo-entry-inner clr\"><li class=\"image-wrap\">\n\t<div class=\"woo-entry-image-swap woo-entry-image clr\">\n\t\t<a href=\"https:\/\/voyagedelabaleine.fr\/es\/producto\/cardigan-para-bebe-gris-palido\/\" class=\"woocommerce-LoopProduct-link\"><img decoding=\"async\" width=\"600\" height=\"800\" src=\"https:\/\/voyagedelabaleine.fr\/wp-content\/uploads\/2025\/09\/gilet-gris-laine-coton-2-600x800.jpg\" class=\"woo-entry-image-main\" alt=\"C\u00e1rdigan para beb\u00e9 &#8211; Gris p\u00e1lido\" itemprop=\"image\" srcset=\"https:\/\/voyagedelabaleine.fr\/wp-content\/uploads\/2025\/09\/gilet-gris-laine-coton-2-600x800.jpg 600w, https:\/\/voyagedelabaleine.fr\/wp-content\/uploads\/2025\/09\/gilet-gris-laine-coton-2-225x300.jpg 225w, https:\/\/voyagedelabaleine.fr\/wp-content\/uploads\/2025\/09\/gilet-gris-laine-coton-2-768x1024.jpg 768w, https:\/\/voyagedelabaleine.fr\/wp-content\/uploads\/2025\/09\/gilet-gris-laine-coton-2.jpg 962w\" sizes=\"(max-width: 600px) 100vw, 600px\" \/><img decoding=\"async\" width=\"600\" height=\"800\" src=\"https:\/\/voyagedelabaleine.fr\/wp-content\/uploads\/2025\/09\/gilet-gris-laine-coton-1-600x800.jpg\" class=\"woo-entry-image-secondary\" alt=\"C\u00e1rdigan para beb\u00e9 &#8211; Gris p\u00e1lido\" itemprop=\"image\" srcset=\"https:\/\/voyagedelabaleine.fr\/wp-content\/uploads\/2025\/09\/gilet-gris-laine-coton-1-600x801.jpg 600w, https:\/\/voyagedelabaleine.fr\/wp-content\/uploads\/2025\/09\/gilet-gris-laine-coton-1-225x300.jpg 225w, https:\/\/voyagedelabaleine.fr\/wp-content\/uploads\/2025\/09\/gilet-gris-laine-coton-1-768x1025.jpg 768w, https:\/\/voyagedelabaleine.fr\/wp-content\/uploads\/2025\/09\/gilet-gris-laine-coton-1.jpg 790w\" sizes=\"(max-width: 600px) 100vw, 600px\" \/><\/a>\t<\/div><!-- .woo-entry-image-swap -->\n\n<\/li><li class=\"title\"><h2><a href=\"https:\/\/voyagedelabaleine.fr\/es\/producto\/cardigan-para-bebe-gris-palido\/\">C\u00e1rdigan para beb\u00e9 &#8211; Gris p\u00e1lido<\/a><\/h2><\/li><li class=\"price-wrap\">\n\t<span class=\"price\"><span class=\"woocommerce-Price-amount amount\"><bdi>38<span class=\"woocommerce-Price-currencySymbol\">&euro;<\/span><\/bdi><\/span><\/span>\n<\/li><\/ul><\/div><!-- .product-inner .clr --><\/li>\n<li class=\"entry has-media col span_1_of_3 owp-content-center owp-thumbs-layout-vertical owp-btn-big owp-tabs-layout-vertical circle-sale product type-product post-30317 status-publish last instock product_cat-pololo-short-pantalon-nacimiento product_cat-pololo-short-pantalon-nacimiento-nina product_cat-pololo-short-pantalon-nacimiento-nino product_cat-pololo-short-y-pantalon-bebe product_cat-pololo-short-pantalon-bebe-nina product_cat-pololo-short-pantalon-bebe-nino product_cat-ropa has-post-thumbnail taxable shipping-taxable purchasable product-type-variable has-default-attributes\">\n\t<div class=\"product-inner clr\">\n\t<div class=\"woo-entry-image-swap woo-entry-image clr\">\n\t\t<a href=\"https:\/\/voyagedelabaleine.fr\/es\/producto\/bloomer-bebe-escoces-rojo\/\" class=\"woocommerce-LoopProduct-link\"><img decoding=\"async\" width=\"600\" height=\"800\" src=\"https:\/\/voyagedelabaleine.fr\/wp-content\/uploads\/2025\/07\/bloomer-bebe-ecossais-rouge-600x800.jpg\" class=\"woo-entry-image-main\" alt=\"Bloomer beb\u00e9 escoc\u00e9s &#8211; Rojo\" itemprop=\"image\" srcset=\"https:\/\/voyagedelabaleine.fr\/wp-content\/uploads\/2025\/07\/bloomer-bebe-ecossais-rouge-600x800.jpg 600w, https:\/\/voyagedelabaleine.fr\/wp-content\/uploads\/2025\/07\/bloomer-bebe-ecossais-rouge-225x300.jpg 225w, https:\/\/voyagedelabaleine.fr\/wp-content\/uploads\/2025\/07\/bloomer-bebe-ecossais-rouge-768x1024.jpg 768w, https:\/\/voyagedelabaleine.fr\/wp-content\/uploads\/2025\/07\/bloomer-bebe-ecossais-rouge-1152x1536.jpg 1152w, https:\/\/voyagedelabaleine.fr\/wp-content\/uploads\/2025\/07\/bloomer-bebe-ecossais-rouge.jpg 1200w\" sizes=\"(max-width: 600px) 100vw, 600px\" \/><img decoding=\"async\" width=\"600\" height=\"800\" src=\"https:\/\/voyagedelabaleine.fr\/wp-content\/uploads\/2025\/07\/bloomer-bebe-ecossais-rouge-2-600x800.jpg\" class=\"woo-entry-image-secondary\" alt=\"Bloomer beb\u00e9 escoc\u00e9s &#8211; Rojo\" itemprop=\"image\" srcset=\"https:\/\/voyagedelabaleine.fr\/wp-content\/uploads\/2025\/07\/bloomer-bebe-ecossais-rouge-2-600x800.jpg 600w, https:\/\/voyagedelabaleine.fr\/wp-content\/uploads\/2025\/07\/bloomer-bebe-ecossais-rouge-2-225x300.jpg 225w, https:\/\/voyagedelabaleine.fr\/wp-content\/uploads\/2025\/07\/bloomer-bebe-ecossais-rouge-2-768x1024.jpg 768w, https:\/\/voyagedelabaleine.fr\/wp-content\/uploads\/2025\/07\/bloomer-bebe-ecossais-rouge-2-1152x1536.jpg 1152w, https:\/\/voyagedelabaleine.fr\/wp-content\/uploads\/2025\/07\/bloomer-bebe-ecossais-rouge-2.jpg 1200w\" sizes=\"(max-width: 600px) 100vw, 600px\" \/><\/a>\t<\/div><!-- .woo-entry-image-swap -->\n\n<ul class=\"woo-entry-inner clr\"><li class=\"image-wrap\">\n\t<div class=\"woo-entry-image-swap woo-entry-image clr\">\n\t\t<a href=\"https:\/\/voyagedelabaleine.fr\/es\/producto\/bloomer-bebe-escoces-rojo\/\" class=\"woocommerce-LoopProduct-link\"><img decoding=\"async\" width=\"600\" height=\"800\" src=\"https:\/\/voyagedelabaleine.fr\/wp-content\/uploads\/2025\/07\/bloomer-bebe-ecossais-rouge-600x800.jpg\" class=\"woo-entry-image-main\" alt=\"Bloomer beb\u00e9 escoc\u00e9s &#8211; Rojo\" itemprop=\"image\" srcset=\"https:\/\/voyagedelabaleine.fr\/wp-content\/uploads\/2025\/07\/bloomer-bebe-ecossais-rouge-600x800.jpg 600w, https:\/\/voyagedelabaleine.fr\/wp-content\/uploads\/2025\/07\/bloomer-bebe-ecossais-rouge-225x300.jpg 225w, https:\/\/voyagedelabaleine.fr\/wp-content\/uploads\/2025\/07\/bloomer-bebe-ecossais-rouge-768x1024.jpg 768w, https:\/\/voyagedelabaleine.fr\/wp-content\/uploads\/2025\/07\/bloomer-bebe-ecossais-rouge-1152x1536.jpg 1152w, https:\/\/voyagedelabaleine.fr\/wp-content\/uploads\/2025\/07\/bloomer-bebe-ecossais-rouge.jpg 1200w\" sizes=\"(max-width: 600px) 100vw, 600px\" \/><img decoding=\"async\" width=\"600\" height=\"800\" src=\"https:\/\/voyagedelabaleine.fr\/wp-content\/uploads\/2025\/07\/bloomer-bebe-ecossais-rouge-2-600x800.jpg\" class=\"woo-entry-image-secondary\" alt=\"Bloomer beb\u00e9 escoc\u00e9s &#8211; Rojo\" itemprop=\"image\" srcset=\"https:\/\/voyagedelabaleine.fr\/wp-content\/uploads\/2025\/07\/bloomer-bebe-ecossais-rouge-2-600x800.jpg 600w, https:\/\/voyagedelabaleine.fr\/wp-content\/uploads\/2025\/07\/bloomer-bebe-ecossais-rouge-2-225x300.jpg 225w, https:\/\/voyagedelabaleine.fr\/wp-content\/uploads\/2025\/07\/bloomer-bebe-ecossais-rouge-2-768x1024.jpg 768w, https:\/\/voyagedelabaleine.fr\/wp-content\/uploads\/2025\/07\/bloomer-bebe-ecossais-rouge-2-1152x1536.jpg 1152w, https:\/\/voyagedelabaleine.fr\/wp-content\/uploads\/2025\/07\/bloomer-bebe-ecossais-rouge-2.jpg 1200w\" sizes=\"(max-width: 600px) 100vw, 600px\" \/><\/a>\t<\/div><!-- .woo-entry-image-swap -->\n\n<\/li><li class=\"title\"><h2><a href=\"https:\/\/voyagedelabaleine.fr\/es\/producto\/bloomer-bebe-escoces-rojo\/\">Bloomer beb\u00e9 escoc\u00e9s &#8211; Rojo<\/a><\/h2><\/li><li class=\"price-wrap\">\n\t<span class=\"price\"><span class=\"woocommerce-Price-amount amount\"><bdi>28<span class=\"woocommerce-Price-currencySymbol\">&euro;<\/span><\/bdi><\/span><\/span>\n<\/li><\/ul><\/div><!-- .product-inner .clr --><\/li>\n<\/ul>\n<\/div><\/div>\n\t\t\t\t\t\t<\/div>\n\t\t\t\t<\/div>\n\t\t<div class=\"elementor-element elementor-element-602545b e-con-full e-flex e-con e-parent\" data-id=\"602545b\" data-element_type=\"container\" data-e-type=\"container\">\n\t\t\t\t<div class=\"elementor-element elementor-element-670d7dc elementor-widget-divider--separator-type-pattern elementor-widget-divider--view-line elementor-widget elementor-widget-divider\" data-id=\"670d7dc\" data-element_type=\"widget\" data-e-type=\"widget\" data-widget_type=\"divider.default\">\n\t\t\t\t\t\t\t<div class=\"elementor-divider\" style=\"--divider-pattern-url: url(&quot;data:image\/svg+xml,%3Csvg xmlns=&#039;http:\/\/www.w3.org\/2000\/svg&#039; preserveAspectRatio=&#039;none&#039; overflow=&#039;visible&#039; height=&#039;100%&#039; viewBox=&#039;0 0 24 24&#039; fill=&#039;black&#039; stroke=&#039;none&#039;%3E%3Cpath d=&#039;M12.7,2.3c-0.4-0.4-1.1-0.4-1.5,0l-8,9.1c-0.3,0.4-0.3,0.9,0,1.2l8,9.1c0.4,0.4,1.1,0.4,1.5,0l8-9.1c0.3-0.4,0.3-0.9,0-1.2L12.7,2.3z&#039;\/%3E%3C\/svg%3E&quot;);\">\n\t\t\t<span class=\"elementor-divider-separator\">\n\t\t\t\t\t\t<\/span>\n\t\t<\/div>\n\t\t\t\t\t\t<\/div>\n\t\t\t\t<div class=\"elementor-element elementor-element-0cf54c1 elementor-widget__width-initial elementor-widget-mobile__width-inherit elementor-widget elementor-widget-shortcode\" data-id=\"0cf54c1\" data-element_type=\"widget\" data-e-type=\"widget\" data-widget_type=\"shortcode.default\">\n\t\t\t\t\t\t\t<div class=\"elementor-shortcode\"><div class=\"woocommerce columns-2 \">\r\n<ul class=\"products oceanwp-row clr grid tablet-col tablet-2-col mobile-col mobile-2-col\">\r\n<li class=\"entry has-media has-rating col span_1_of_2 owp-content-center owp-thumbs-layout-vertical owp-btn-big owp-tabs-layout-vertical circle-sale product type-product post-31900 status-publish first instock product_cat-body product_cat-body-nacimiento product_cat-body-nacimiento-nina product_cat-body-bebe product_cat-body-bebe-nina has-post-thumbnail taxable shipping-taxable purchasable product-type-variable has-default-attributes\">\n\t<div class=\"product-inner clr\">\n\t<div class=\"woo-entry-image-swap woo-entry-image clr\">\n\t\t<a href=\"https:\/\/voyagedelabaleine.fr\/es\/producto\/body-de-bebe-nina-con-cuello-bordado-blanco\/\" class=\"woocommerce-LoopProduct-link\"><img decoding=\"async\" width=\"600\" height=\"800\" src=\"https:\/\/voyagedelabaleine.fr\/wp-content\/uploads\/2025\/07\/body-bebe-fille-col-brode-fleurs-600x800.jpg\" class=\"woo-entry-image-main\" alt=\"Body de beb\u00e9 ni\u00f1a con cuello bordado &#8211; Blanco\" itemprop=\"image\" srcset=\"https:\/\/voyagedelabaleine.fr\/wp-content\/uploads\/2025\/07\/body-bebe-fille-col-brode-fleurs-600x800.jpg 600w, https:\/\/voyagedelabaleine.fr\/wp-content\/uploads\/2025\/07\/body-bebe-fille-col-brode-fleurs-225x300.jpg 225w, https:\/\/voyagedelabaleine.fr\/wp-content\/uploads\/2025\/07\/body-bebe-fille-col-brode-fleurs-768x1024.jpg 768w, https:\/\/voyagedelabaleine.fr\/wp-content\/uploads\/2025\/07\/body-bebe-fille-col-brode-fleurs.jpg 1100w\" sizes=\"(max-width: 600px) 100vw, 600px\" \/><img decoding=\"async\" width=\"600\" height=\"800\" src=\"https:\/\/voyagedelabaleine.fr\/wp-content\/uploads\/2025\/07\/body-bebe-fille-col-brode-fleurs-2-600x800.jpg\" class=\"woo-entry-image-secondary\" alt=\"Body de beb\u00e9 ni\u00f1a con cuello bordado &#8211; Blanco\" itemprop=\"image\" srcset=\"https:\/\/voyagedelabaleine.fr\/wp-content\/uploads\/2025\/07\/body-bebe-fille-col-brode-fleurs-2-600x800.jpg 600w, https:\/\/voyagedelabaleine.fr\/wp-content\/uploads\/2025\/07\/body-bebe-fille-col-brode-fleurs-2-225x300.jpg 225w, https:\/\/voyagedelabaleine.fr\/wp-content\/uploads\/2025\/07\/body-bebe-fille-col-brode-fleurs-2-768x1024.jpg 768w, https:\/\/voyagedelabaleine.fr\/wp-content\/uploads\/2025\/07\/body-bebe-fille-col-brode-fleurs-2.jpg 1144w\" sizes=\"(max-width: 600px) 100vw, 600px\" \/><\/a>\t<\/div><!-- .woo-entry-image-swap -->\n\n<ul class=\"woo-entry-inner clr\"><li class=\"image-wrap\">\n\t<div class=\"woo-entry-image-swap woo-entry-image clr\">\n\t\t<a href=\"https:\/\/voyagedelabaleine.fr\/es\/producto\/body-de-bebe-nina-con-cuello-bordado-blanco\/\" class=\"woocommerce-LoopProduct-link\"><img decoding=\"async\" width=\"600\" height=\"800\" src=\"https:\/\/voyagedelabaleine.fr\/wp-content\/uploads\/2025\/07\/body-bebe-fille-col-brode-fleurs-600x800.jpg\" class=\"woo-entry-image-main\" alt=\"Body de beb\u00e9 ni\u00f1a con cuello bordado &#8211; Blanco\" itemprop=\"image\" srcset=\"https:\/\/voyagedelabaleine.fr\/wp-content\/uploads\/2025\/07\/body-bebe-fille-col-brode-fleurs-600x800.jpg 600w, https:\/\/voyagedelabaleine.fr\/wp-content\/uploads\/2025\/07\/body-bebe-fille-col-brode-fleurs-225x300.jpg 225w, https:\/\/voyagedelabaleine.fr\/wp-content\/uploads\/2025\/07\/body-bebe-fille-col-brode-fleurs-768x1024.jpg 768w, https:\/\/voyagedelabaleine.fr\/wp-content\/uploads\/2025\/07\/body-bebe-fille-col-brode-fleurs.jpg 1100w\" sizes=\"(max-width: 600px) 100vw, 600px\" \/><img decoding=\"async\" width=\"600\" height=\"800\" src=\"https:\/\/voyagedelabaleine.fr\/wp-content\/uploads\/2025\/07\/body-bebe-fille-col-brode-fleurs-2-600x800.jpg\" class=\"woo-entry-image-secondary\" alt=\"Body de beb\u00e9 ni\u00f1a con cuello bordado &#8211; Blanco\" itemprop=\"image\" srcset=\"https:\/\/voyagedelabaleine.fr\/wp-content\/uploads\/2025\/07\/body-bebe-fille-col-brode-fleurs-2-600x800.jpg 600w, https:\/\/voyagedelabaleine.fr\/wp-content\/uploads\/2025\/07\/body-bebe-fille-col-brode-fleurs-2-225x300.jpg 225w, https:\/\/voyagedelabaleine.fr\/wp-content\/uploads\/2025\/07\/body-bebe-fille-col-brode-fleurs-2-768x1024.jpg 768w, https:\/\/voyagedelabaleine.fr\/wp-content\/uploads\/2025\/07\/body-bebe-fille-col-brode-fleurs-2.jpg 1144w\" sizes=\"(max-width: 600px) 100vw, 600px\" \/><\/a>\t<\/div><!-- .woo-entry-image-swap -->\n\n<\/li><li class=\"title\"><h2><a href=\"https:\/\/voyagedelabaleine.fr\/es\/producto\/body-de-bebe-nina-con-cuello-bordado-blanco\/\">Body de beb\u00e9 ni\u00f1a con cuello bordado &#8211; Blanco<\/a><\/h2><\/li><li class=\"price-wrap\">\n\t<span class=\"price\"><span class=\"woocommerce-Price-amount amount\"><bdi>32<span class=\"woocommerce-Price-currencySymbol\">&euro;<\/span><\/bdi><\/span><\/span>\n<\/li><\/ul><\/div><!-- .product-inner .clr --><\/li>\n<li class=\"entry has-media col span_1_of_2 owp-content-center owp-thumbs-layout-vertical owp-btn-big owp-tabs-layout-vertical circle-sale product type-product post-34848 status-publish last instock product_cat-conjuntos-nacimiento product_cat-conjuntos-nacimiento-nina product_cat-conjuntos-nacimiento-nino product_cat-conjuntos-bebe product_cat-conjuntos-bebe-nina product_cat-conjuntos-bebe-nino product_cat-ropa has-post-thumbnail taxable shipping-taxable purchasable product-type-variable has-default-attributes\">\n\t<div class=\"product-inner clr\">\n\t<div class=\"woo-entry-image-swap woo-entry-image clr\">\n\t\t<a href=\"https:\/\/voyagedelabaleine.fr\/es\/producto\/mono-de-lana-para-bebe-gris\/\" class=\"woocommerce-LoopProduct-link\"><img decoding=\"async\" width=\"600\" height=\"800\" src=\"https:\/\/voyagedelabaleine.fr\/wp-content\/uploads\/2025\/07\/combinaison-bebe-laine-gris-600x800.jpg\" class=\"woo-entry-image-main\" alt=\"Mono de lana para beb\u00e9 &#8211; Gris\" itemprop=\"image\" srcset=\"https:\/\/voyagedelabaleine.fr\/wp-content\/uploads\/2025\/07\/combinaison-bebe-laine-gris-600x800.jpg 600w, https:\/\/voyagedelabaleine.fr\/wp-content\/uploads\/2025\/07\/combinaison-bebe-laine-gris-225x300.jpg 225w, https:\/\/voyagedelabaleine.fr\/wp-content\/uploads\/2025\/07\/combinaison-bebe-laine-gris-768x1024.jpg 768w, https:\/\/voyagedelabaleine.fr\/wp-content\/uploads\/2025\/07\/combinaison-bebe-laine-gris.jpg 1140w\" sizes=\"(max-width: 600px) 100vw, 600px\" \/><img decoding=\"async\" width=\"549\" height=\"732\" src=\"https:\/\/voyagedelabaleine.fr\/wp-content\/uploads\/2025\/07\/combinaison-bebe-laine-gris-2.jpg\" class=\"woo-entry-image-secondary\" alt=\"Mono de lana para beb\u00e9 &#8211; Gris\" itemprop=\"image\" srcset=\"https:\/\/voyagedelabaleine.fr\/wp-content\/uploads\/2025\/07\/combinaison-bebe-laine-gris-2.jpg 549w, https:\/\/voyagedelabaleine.fr\/wp-content\/uploads\/2025\/07\/combinaison-bebe-laine-gris-2-225x300.jpg 225w\" sizes=\"(max-width: 549px) 100vw, 549px\" \/><\/a>\t<\/div><!-- .woo-entry-image-swap -->\n\n<ul class=\"woo-entry-inner clr\"><li class=\"image-wrap\">\n\t<div class=\"woo-entry-image-swap woo-entry-image clr\">\n\t\t<a href=\"https:\/\/voyagedelabaleine.fr\/es\/producto\/mono-de-lana-para-bebe-gris\/\" class=\"woocommerce-LoopProduct-link\"><img decoding=\"async\" width=\"600\" height=\"800\" src=\"https:\/\/voyagedelabaleine.fr\/wp-content\/uploads\/2025\/07\/combinaison-bebe-laine-gris-600x800.jpg\" class=\"woo-entry-image-main\" alt=\"Mono de lana para beb\u00e9 &#8211; Gris\" itemprop=\"image\" srcset=\"https:\/\/voyagedelabaleine.fr\/wp-content\/uploads\/2025\/07\/combinaison-bebe-laine-gris-600x800.jpg 600w, https:\/\/voyagedelabaleine.fr\/wp-content\/uploads\/2025\/07\/combinaison-bebe-laine-gris-225x300.jpg 225w, https:\/\/voyagedelabaleine.fr\/wp-content\/uploads\/2025\/07\/combinaison-bebe-laine-gris-768x1024.jpg 768w, https:\/\/voyagedelabaleine.fr\/wp-content\/uploads\/2025\/07\/combinaison-bebe-laine-gris.jpg 1140w\" sizes=\"(max-width: 600px) 100vw, 600px\" \/><img decoding=\"async\" width=\"549\" height=\"732\" src=\"https:\/\/voyagedelabaleine.fr\/wp-content\/uploads\/2025\/07\/combinaison-bebe-laine-gris-2.jpg\" class=\"woo-entry-image-secondary\" alt=\"Mono de lana para beb\u00e9 &#8211; Gris\" itemprop=\"image\" srcset=\"https:\/\/voyagedelabaleine.fr\/wp-content\/uploads\/2025\/07\/combinaison-bebe-laine-gris-2.jpg 549w, https:\/\/voyagedelabaleine.fr\/wp-content\/uploads\/2025\/07\/combinaison-bebe-laine-gris-2-225x300.jpg 225w\" sizes=\"(max-width: 549px) 100vw, 549px\" \/><\/a>\t<\/div><!-- .woo-entry-image-swap -->\n\n<\/li><li class=\"title\"><h2><a href=\"https:\/\/voyagedelabaleine.fr\/es\/producto\/mono-de-lana-para-bebe-gris\/\">Mono de lana para beb\u00e9 &#8211; Gris<\/a><\/h2><\/li><li class=\"price-wrap\">\n\t<span class=\"price\"><span class=\"woocommerce-Price-amount amount\"><bdi>84<span class=\"woocommerce-Price-currencySymbol\">&euro;<\/span><\/bdi><\/span><\/span>\n<\/li><\/ul><\/div><!-- .product-inner .clr --><\/li>\n<\/ul>\n<\/div><\/div>\n\t\t\t\t\t\t<\/div>\n\t\t\t\t<\/div>\n\t\t<div class=\"elementor-element elementor-element-dcfca41 e-con-full e-flex e-con e-parent\" data-id=\"dcfca41\" data-element_type=\"container\" data-e-type=\"container\">\n\t\t\t\t<div class=\"elementor-element elementor-element-f6b0f61 elementor-widget-divider--separator-type-pattern elementor-widget-divider--view-line elementor-widget elementor-widget-divider\" data-id=\"f6b0f61\" data-element_type=\"widget\" data-e-type=\"widget\" data-widget_type=\"divider.default\">\n\t\t\t\t\t\t\t<div class=\"elementor-divider\" style=\"--divider-pattern-url: url(&quot;data:image\/svg+xml,%3Csvg xmlns=&#039;http:\/\/www.w3.org\/2000\/svg&#039; preserveAspectRatio=&#039;none&#039; overflow=&#039;visible&#039; height=&#039;100%&#039; viewBox=&#039;0 0 24 24&#039; fill=&#039;black&#039; stroke=&#039;none&#039;%3E%3Cpath d=&#039;M12.7,2.3c-0.4-0.4-1.1-0.4-1.5,0l-8,9.1c-0.3,0.4-0.3,0.9,0,1.2l8,9.1c0.4,0.4,1.1,0.4,1.5,0l8-9.1c0.3-0.4,0.3-0.9,0-1.2L12.7,2.3z&#039;\/%3E%3C\/svg%3E&quot;);\">\n\t\t\t<span class=\"elementor-divider-separator\">\n\t\t\t\t\t\t<\/span>\n\t\t<\/div>\n\t\t\t\t\t\t<\/div>\n\t\t\t\t<div class=\"elementor-element elementor-element-31c71ba elementor-widget elementor-widget-shortcode\" data-id=\"31c71ba\" data-element_type=\"widget\" data-e-type=\"widget\" data-widget_type=\"shortcode.default\">\n\t\t\t\t\t\t\t<div class=\"elementor-shortcode\"><div class=\"woocommerce columns-3 \">\r\n<ul class=\"products oceanwp-row clr grid tablet-col tablet-2-col mobile-col mobile-2-col\">\r\n<li class=\"entry has-media col span_1_of_3 owp-content-center owp-thumbs-layout-vertical owp-btn-big owp-tabs-layout-vertical circle-sale product type-product post-34775 status-publish first instock product_cat-pololo-short-pantalon-nacimiento product_cat-pololo-short-pantalon-nacimiento-nina product_cat-pololo-short-y-pantalon-bebe product_cat-pololo-short-pantalon-bebe-nina product_cat-ropa has-post-thumbnail taxable shipping-taxable purchasable product-type-variable has-default-attributes\">\n\t<div class=\"product-inner clr\">\n\t<div class=\"woo-entry-image-swap woo-entry-image clr\">\n\t\t<a href=\"https:\/\/voyagedelabaleine.fr\/es\/producto\/pantalon-de-bebe-nina-de-pana-rosa\/\" class=\"woocommerce-LoopProduct-link\"><img decoding=\"async\" width=\"600\" height=\"800\" src=\"https:\/\/voyagedelabaleine.fr\/wp-content\/uploads\/2025\/07\/pantalon-bebe-fille-velours-rose-600x800.jpg\" class=\"woo-entry-image-main\" alt=\"Pantal\u00f3n de beb\u00e9 ni\u00f1a de pana \u2013 Rosa\" itemprop=\"image\" srcset=\"https:\/\/voyagedelabaleine.fr\/wp-content\/uploads\/2025\/07\/pantalon-bebe-fille-velours-rose-600x800.jpg 600w, https:\/\/voyagedelabaleine.fr\/wp-content\/uploads\/2025\/07\/pantalon-bebe-fille-velours-rose-225x300.jpg 225w, https:\/\/voyagedelabaleine.fr\/wp-content\/uploads\/2025\/07\/pantalon-bebe-fille-velours-rose-768x1024.jpg 768w, https:\/\/voyagedelabaleine.fr\/wp-content\/uploads\/2025\/07\/pantalon-bebe-fille-velours-rose-1152x1536.jpg 1152w, https:\/\/voyagedelabaleine.fr\/wp-content\/uploads\/2025\/07\/pantalon-bebe-fille-velours-rose.jpg 1200w\" sizes=\"(max-width: 600px) 100vw, 600px\" \/><img decoding=\"async\" width=\"600\" height=\"800\" src=\"https:\/\/voyagedelabaleine.fr\/wp-content\/uploads\/2025\/07\/pantalon-bebe-fille-velours-rose-1-600x800.jpg\" class=\"woo-entry-image-secondary\" alt=\"Pantal\u00f3n de beb\u00e9 ni\u00f1a de pana \u2013 Rosa\" itemprop=\"image\" srcset=\"https:\/\/voyagedelabaleine.fr\/wp-content\/uploads\/2025\/07\/pantalon-bebe-fille-velours-rose-1-600x800.jpg 600w, https:\/\/voyagedelabaleine.fr\/wp-content\/uploads\/2025\/07\/pantalon-bebe-fille-velours-rose-1-225x300.jpg 225w, https:\/\/voyagedelabaleine.fr\/wp-content\/uploads\/2025\/07\/pantalon-bebe-fille-velours-rose-1-768x1024.jpg 768w, https:\/\/voyagedelabaleine.fr\/wp-content\/uploads\/2025\/07\/pantalon-bebe-fille-velours-rose-1.jpg 939w\" sizes=\"(max-width: 600px) 100vw, 600px\" \/><\/a>\t<\/div><!-- .woo-entry-image-swap -->\n\n<ul class=\"woo-entry-inner clr\"><li class=\"image-wrap\">\n\t<div class=\"woo-entry-image-swap woo-entry-image clr\">\n\t\t<a href=\"https:\/\/voyagedelabaleine.fr\/es\/producto\/pantalon-de-bebe-nina-de-pana-rosa\/\" class=\"woocommerce-LoopProduct-link\"><img decoding=\"async\" width=\"600\" height=\"800\" src=\"https:\/\/voyagedelabaleine.fr\/wp-content\/uploads\/2025\/07\/pantalon-bebe-fille-velours-rose-600x800.jpg\" class=\"woo-entry-image-main\" alt=\"Pantal\u00f3n de beb\u00e9 ni\u00f1a de pana \u2013 Rosa\" itemprop=\"image\" srcset=\"https:\/\/voyagedelabaleine.fr\/wp-content\/uploads\/2025\/07\/pantalon-bebe-fille-velours-rose-600x800.jpg 600w, https:\/\/voyagedelabaleine.fr\/wp-content\/uploads\/2025\/07\/pantalon-bebe-fille-velours-rose-225x300.jpg 225w, https:\/\/voyagedelabaleine.fr\/wp-content\/uploads\/2025\/07\/pantalon-bebe-fille-velours-rose-768x1024.jpg 768w, https:\/\/voyagedelabaleine.fr\/wp-content\/uploads\/2025\/07\/pantalon-bebe-fille-velours-rose-1152x1536.jpg 1152w, https:\/\/voyagedelabaleine.fr\/wp-content\/uploads\/2025\/07\/pantalon-bebe-fille-velours-rose.jpg 1200w\" sizes=\"(max-width: 600px) 100vw, 600px\" \/><img decoding=\"async\" width=\"600\" height=\"800\" src=\"https:\/\/voyagedelabaleine.fr\/wp-content\/uploads\/2025\/07\/pantalon-bebe-fille-velours-rose-1-600x800.jpg\" class=\"woo-entry-image-secondary\" alt=\"Pantal\u00f3n de beb\u00e9 ni\u00f1a de pana \u2013 Rosa\" itemprop=\"image\" srcset=\"https:\/\/voyagedelabaleine.fr\/wp-content\/uploads\/2025\/07\/pantalon-bebe-fille-velours-rose-1-600x800.jpg 600w, https:\/\/voyagedelabaleine.fr\/wp-content\/uploads\/2025\/07\/pantalon-bebe-fille-velours-rose-1-225x300.jpg 225w, https:\/\/voyagedelabaleine.fr\/wp-content\/uploads\/2025\/07\/pantalon-bebe-fille-velours-rose-1-768x1024.jpg 768w, https:\/\/voyagedelabaleine.fr\/wp-content\/uploads\/2025\/07\/pantalon-bebe-fille-velours-rose-1.jpg 939w\" sizes=\"(max-width: 600px) 100vw, 600px\" \/><\/a>\t<\/div><!-- .woo-entry-image-swap -->\n\n<\/li><li class=\"title\"><h2><a href=\"https:\/\/voyagedelabaleine.fr\/es\/producto\/pantalon-de-bebe-nina-de-pana-rosa\/\">Pantal\u00f3n de beb\u00e9 ni\u00f1a de pana \u2013 Rosa<\/a><\/h2><\/li><li class=\"price-wrap\">\n\t<span class=\"price\"><span class=\"woocommerce-Price-amount amount\"><bdi>42<span class=\"woocommerce-Price-currencySymbol\">&euro;<\/span><\/bdi><\/span><\/span>\n<\/li><\/ul><\/div><!-- .product-inner .clr --><\/li>\n<li class=\"entry has-media col span_1_of_3 owp-content-center owp-thumbs-layout-vertical owp-btn-big owp-tabs-layout-vertical circle-sale product type-product post-34829 status-publish instock product_cat-jersey-chaleco-cardigan-nacimiento product_cat-jersey-chaleco-cardigan-nacimiento-nina product_cat-jersey-chaleco-cardigan-nacimiento-nino product_cat-jersey-chaleco-cardigan-bebe product_cat-jersey-chaleco-cardigan-bebe-nina product_cat-jersey-chaleco-cardigan-bebe-nino product_cat-jersey-chaleco-cardigan-nina product_cat-jersey-chaleco-cardigan-nino product_cat-jersey-chaleco-cardigan-ninos product_cat-ropa has-post-thumbnail taxable shipping-taxable purchasable product-type-variable has-default-attributes\">\n\t<div class=\"product-inner clr\">\n\t<div class=\"woo-entry-image-swap woo-entry-image clr\">\n\t\t<a href=\"https:\/\/voyagedelabaleine.fr\/es\/producto\/cardigan-de-bebe-de-lana-gris-perla\/\" class=\"woocommerce-LoopProduct-link\"><img decoding=\"async\" width=\"600\" height=\"800\" src=\"https:\/\/voyagedelabaleine.fr\/wp-content\/uploads\/2025\/07\/cardigan-bebe-laine-gris-perle-600x800.jpg\" class=\"woo-entry-image-main\" alt=\"C\u00e1rdigan de beb\u00e9 de lana &#8211; Gris perla\" itemprop=\"image\" srcset=\"https:\/\/voyagedelabaleine.fr\/wp-content\/uploads\/2025\/07\/cardigan-bebe-laine-gris-perle-600x800.jpg 600w, https:\/\/voyagedelabaleine.fr\/wp-content\/uploads\/2025\/07\/cardigan-bebe-laine-gris-perle-225x300.jpg 225w, https:\/\/voyagedelabaleine.fr\/wp-content\/uploads\/2025\/07\/cardigan-bebe-laine-gris-perle-768x1024.jpg 768w, https:\/\/voyagedelabaleine.fr\/wp-content\/uploads\/2025\/07\/cardigan-bebe-laine-gris-perle.jpg 998w\" sizes=\"(max-width: 600px) 100vw, 600px\" \/><img decoding=\"async\" width=\"600\" height=\"800\" src=\"https:\/\/voyagedelabaleine.fr\/wp-content\/uploads\/2025\/07\/cardigan-bebe-laine-gris-perle-2-600x800.jpg\" class=\"woo-entry-image-secondary\" alt=\"C\u00e1rdigan de beb\u00e9 de lana &#8211; Gris perla\" itemprop=\"image\" \/><\/a>\t<\/div><!-- .woo-entry-image-swap -->\n\n<ul class=\"woo-entry-inner clr\"><li class=\"image-wrap\">\n\t<div class=\"woo-entry-image-swap woo-entry-image clr\">\n\t\t<a href=\"https:\/\/voyagedelabaleine.fr\/es\/producto\/cardigan-de-bebe-de-lana-gris-perla\/\" class=\"woocommerce-LoopProduct-link\"><img decoding=\"async\" width=\"600\" height=\"800\" src=\"https:\/\/voyagedelabaleine.fr\/wp-content\/uploads\/2025\/07\/cardigan-bebe-laine-gris-perle-600x800.jpg\" class=\"woo-entry-image-main\" alt=\"C\u00e1rdigan de beb\u00e9 de lana &#8211; Gris perla\" itemprop=\"image\" srcset=\"https:\/\/voyagedelabaleine.fr\/wp-content\/uploads\/2025\/07\/cardigan-bebe-laine-gris-perle-600x800.jpg 600w, https:\/\/voyagedelabaleine.fr\/wp-content\/uploads\/2025\/07\/cardigan-bebe-laine-gris-perle-225x300.jpg 225w, https:\/\/voyagedelabaleine.fr\/wp-content\/uploads\/2025\/07\/cardigan-bebe-laine-gris-perle-768x1024.jpg 768w, https:\/\/voyagedelabaleine.fr\/wp-content\/uploads\/2025\/07\/cardigan-bebe-laine-gris-perle.jpg 998w\" sizes=\"(max-width: 600px) 100vw, 600px\" \/><img decoding=\"async\" width=\"600\" height=\"800\" src=\"https:\/\/voyagedelabaleine.fr\/wp-content\/uploads\/2025\/07\/cardigan-bebe-laine-gris-perle-2-600x800.jpg\" class=\"woo-entry-image-secondary\" alt=\"C\u00e1rdigan de beb\u00e9 de lana &#8211; Gris perla\" itemprop=\"image\" \/><\/a>\t<\/div><!-- .woo-entry-image-swap -->\n\n<\/li><li class=\"title\"><h2><a href=\"https:\/\/voyagedelabaleine.fr\/es\/producto\/cardigan-de-bebe-de-lana-gris-perla\/\">C\u00e1rdigan de beb\u00e9 de lana &#8211; Gris perla<\/a><\/h2><\/li><li class=\"price-wrap\">\n\t<span class=\"price\"><span class=\"woocommerce-Price-amount amount\"><bdi>58<span class=\"woocommerce-Price-currencySymbol\">&euro;<\/span><\/bdi><\/span><\/span>\n<\/li><\/ul><\/div><!-- .product-inner .clr --><\/li>\n<li class=\"entry has-media col span_1_of_3 owp-content-center owp-thumbs-layout-vertical owp-btn-big owp-tabs-layout-vertical circle-sale product type-product post-31480 status-publish last instock product_cat-calcetines-leotardos-nacimiento product_cat-calcetines-leotardos-nacimiento-nina product_cat-calcetines-leotardos-nacimiento-nino product_cat-calcetines-leotardos-bebe-nina product_cat-calcetines-leotardos-bebe-nino product_cat-calcetines-leotardos-bebes-ninos product_cat-calcetines-leotardos-nina product_cat-calcetines-leotardos-nino product_cat-calcetines-leotardos-ninos product_tag-calcetines has-post-thumbnail taxable shipping-taxable purchasable product-type-variable has-default-attributes\">\n\t<div class=\"product-inner clr\">\n\t<div class=\"woo-entry-image-swap woo-entry-image clr\">\n\t\t<a href=\"https:\/\/voyagedelabaleine.fr\/es\/producto\/calcetines-cortos-lisos-para-bebe-blanco\/\" class=\"woocommerce-LoopProduct-link\"><img decoding=\"async\" width=\"600\" height=\"800\" src=\"https:\/\/voyagedelabaleine.fr\/wp-content\/uploads\/2025\/02\/chaussettes-bebe-unies-blanches-600x800.jpg\" class=\"woo-entry-image-main\" alt=\"Calcetines cortos lisos para beb\u00e9 &#8211; Blanco\" itemprop=\"image\" srcset=\"https:\/\/voyagedelabaleine.fr\/wp-content\/uploads\/2025\/02\/chaussettes-bebe-unies-blanches-600x800.jpg 600w, https:\/\/voyagedelabaleine.fr\/wp-content\/uploads\/2025\/02\/chaussettes-bebe-unies-blanches-225x300.jpg 225w, https:\/\/voyagedelabaleine.fr\/wp-content\/uploads\/2025\/02\/chaussettes-bebe-unies-blanches-768x1024.jpg 768w, https:\/\/voyagedelabaleine.fr\/wp-content\/uploads\/2025\/02\/chaussettes-bebe-unies-blanches.jpg 900w\" sizes=\"(max-width: 600px) 100vw, 600px\" \/><img decoding=\"async\" width=\"600\" height=\"800\" src=\"https:\/\/voyagedelabaleine.fr\/wp-content\/uploads\/2025\/02\/chaussettes-bebe-unies-blanches-1-600x800.jpg\" class=\"woo-entry-image-secondary\" alt=\"Calcetines cortos lisos para beb\u00e9 &#8211; Blanco\" itemprop=\"image\" srcset=\"https:\/\/voyagedelabaleine.fr\/wp-content\/uploads\/2025\/02\/chaussettes-bebe-unies-blanches-1-600x800.jpg 600w, https:\/\/voyagedelabaleine.fr\/wp-content\/uploads\/2025\/02\/chaussettes-bebe-unies-blanches-1-225x300.jpg 225w, https:\/\/voyagedelabaleine.fr\/wp-content\/uploads\/2025\/02\/chaussettes-bebe-unies-blanches-1-768x1024.jpg 768w, https:\/\/voyagedelabaleine.fr\/wp-content\/uploads\/2025\/02\/chaussettes-bebe-unies-blanches-1.jpg 900w\" sizes=\"(max-width: 600px) 100vw, 600px\" \/><\/a>\t<\/div><!-- .woo-entry-image-swap -->\n\n<ul class=\"woo-entry-inner clr\"><li class=\"image-wrap\">\n\t<div class=\"woo-entry-image-swap woo-entry-image clr\">\n\t\t<a href=\"https:\/\/voyagedelabaleine.fr\/es\/producto\/calcetines-cortos-lisos-para-bebe-blanco\/\" class=\"woocommerce-LoopProduct-link\"><img decoding=\"async\" width=\"600\" height=\"800\" src=\"https:\/\/voyagedelabaleine.fr\/wp-content\/uploads\/2025\/02\/chaussettes-bebe-unies-blanches-600x800.jpg\" class=\"woo-entry-image-main\" alt=\"Calcetines cortos lisos para beb\u00e9 &#8211; Blanco\" itemprop=\"image\" srcset=\"https:\/\/voyagedelabaleine.fr\/wp-content\/uploads\/2025\/02\/chaussettes-bebe-unies-blanches-600x800.jpg 600w, https:\/\/voyagedelabaleine.fr\/wp-content\/uploads\/2025\/02\/chaussettes-bebe-unies-blanches-225x300.jpg 225w, https:\/\/voyagedelabaleine.fr\/wp-content\/uploads\/2025\/02\/chaussettes-bebe-unies-blanches-768x1024.jpg 768w, https:\/\/voyagedelabaleine.fr\/wp-content\/uploads\/2025\/02\/chaussettes-bebe-unies-blanches.jpg 900w\" sizes=\"(max-width: 600px) 100vw, 600px\" \/><img decoding=\"async\" width=\"600\" height=\"800\" src=\"https:\/\/voyagedelabaleine.fr\/wp-content\/uploads\/2025\/02\/chaussettes-bebe-unies-blanches-1-600x800.jpg\" class=\"woo-entry-image-secondary\" alt=\"Calcetines cortos lisos para beb\u00e9 &#8211; Blanco\" itemprop=\"image\" srcset=\"https:\/\/voyagedelabaleine.fr\/wp-content\/uploads\/2025\/02\/chaussettes-bebe-unies-blanches-1-600x800.jpg 600w, https:\/\/voyagedelabaleine.fr\/wp-content\/uploads\/2025\/02\/chaussettes-bebe-unies-blanches-1-225x300.jpg 225w, https:\/\/voyagedelabaleine.fr\/wp-content\/uploads\/2025\/02\/chaussettes-bebe-unies-blanches-1-768x1024.jpg 768w, https:\/\/voyagedelabaleine.fr\/wp-content\/uploads\/2025\/02\/chaussettes-bebe-unies-blanches-1.jpg 900w\" sizes=\"(max-width: 600px) 100vw, 600px\" \/><\/a>\t<\/div><!-- .woo-entry-image-swap -->\n\n<\/li><li class=\"title\"><h2><a href=\"https:\/\/voyagedelabaleine.fr\/es\/producto\/calcetines-cortos-lisos-para-bebe-blanco\/\">Calcetines cortos lisos para beb\u00e9 &#8211; Blanco<\/a><\/h2><\/li><li class=\"price-wrap\">\n\t<span class=\"price\"><span class=\"woocommerce-Price-amount amount\"><bdi>7<span class=\"woocommerce-Price-currencySymbol\">&euro;<\/span><\/bdi><\/span><\/span>\n<\/li><\/ul><\/div><!-- .product-inner .clr --><\/li>\n<\/ul>\n<\/div><\/div>\n\t\t\t\t\t\t<\/div>\n\t\t\t\t<\/div>\n\t\t<div class=\"elementor-element elementor-element-5b0efee e-con-full e-flex e-con e-parent\" data-id=\"5b0efee\" data-element_type=\"container\" data-e-type=\"container\">\n\t\t\t\t<div class=\"elementor-element elementor-element-d1a460f elementor-widget-divider--separator-type-pattern elementor-widget-divider--view-line elementor-widget elementor-widget-divider\" data-id=\"d1a460f\" data-element_type=\"widget\" data-e-type=\"widget\" data-widget_type=\"divider.default\">\n\t\t\t\t\t\t\t<div class=\"elementor-divider\" style=\"--divider-pattern-url: url(&quot;data:image\/svg+xml,%3Csvg xmlns=&#039;http:\/\/www.w3.org\/2000\/svg&#039; preserveAspectRatio=&#039;none&#039; overflow=&#039;visible&#039; height=&#039;100%&#039; viewBox=&#039;0 0 24 24&#039; fill=&#039;black&#039; stroke=&#039;none&#039;%3E%3Cpath d=&#039;M12.7,2.3c-0.4-0.4-1.1-0.4-1.5,0l-8,9.1c-0.3,0.4-0.3,0.9,0,1.2l8,9.1c0.4,0.4,1.1,0.4,1.5,0l8-9.1c0.3-0.4,0.3-0.9,0-1.2L12.7,2.3z&#039;\/%3E%3C\/svg%3E&quot;);\">\n\t\t\t<span class=\"elementor-divider-separator\">\n\t\t\t\t\t\t<\/span>\n\t\t<\/div>\n\t\t\t\t\t\t<\/div>\n\t\t\t\t<div class=\"elementor-element elementor-element-5adf87a elementor-widget__width-initial elementor-widget-mobile__width-inherit elementor-widget elementor-widget-shortcode\" data-id=\"5adf87a\" data-element_type=\"widget\" data-e-type=\"widget\" data-widget_type=\"shortcode.default\">\n\t\t\t\t\t\t\t<div class=\"elementor-shortcode\"><div class=\"woocommerce columns-2 \">\r\n<ul class=\"products oceanwp-row clr grid tablet-col tablet-2-col mobile-col mobile-2-col\">\r\n<li class=\"entry has-media col span_1_of_2 owp-content-center owp-thumbs-layout-vertical owp-btn-big owp-tabs-layout-vertical circle-sale product type-product post-32885 status-publish first instock product_cat-blusa-camiseta-nacimiento product_cat-blusa-y-camiseta-nacimiento-nina product_cat-blusa-camiseta-bebe product_cat-blusa-camiseta-bebe-nina product_cat-blusa-camiseta-nina product_cat-blusa-camiseta-ninos product_cat-ropa has-post-thumbnail taxable shipping-taxable purchasable product-type-variable has-default-attributes\">\n\t<div class=\"product-inner clr\">\n\t<div class=\"woo-entry-image-swap woo-entry-image clr\">\n\t\t<a href=\"https:\/\/voyagedelabaleine.fr\/es\/producto\/blusa-para-nina-con-cuello-fruncido-y-encaje-blanco\/\" class=\"woocommerce-LoopProduct-link\"><img decoding=\"async\" width=\"600\" height=\"800\" src=\"https:\/\/voyagedelabaleine.fr\/wp-content\/uploads\/2025\/07\/blouse-fille-col-fronce-dentelle-3-600x800.jpg\" class=\"woo-entry-image-main\" alt=\"Blusa para ni\u00f1a con cuello fruncido y encaje &#8211; Blanco\" itemprop=\"image\" srcset=\"https:\/\/voyagedelabaleine.fr\/wp-content\/uploads\/2025\/07\/blouse-fille-col-fronce-dentelle-3-600x800.jpg 600w, https:\/\/voyagedelabaleine.fr\/wp-content\/uploads\/2025\/07\/blouse-fille-col-fronce-dentelle-3-225x300.jpg 225w, https:\/\/voyagedelabaleine.fr\/wp-content\/uploads\/2025\/07\/blouse-fille-col-fronce-dentelle-3-768x1024.jpg 768w, https:\/\/voyagedelabaleine.fr\/wp-content\/uploads\/2025\/07\/blouse-fille-col-fronce-dentelle-3-1152x1536.jpg 1152w, https:\/\/voyagedelabaleine.fr\/wp-content\/uploads\/2025\/07\/blouse-fille-col-fronce-dentelle-3.jpg 1425w\" sizes=\"(max-width: 600px) 100vw, 600px\" \/><img decoding=\"async\" width=\"600\" height=\"800\" src=\"https:\/\/voyagedelabaleine.fr\/wp-content\/uploads\/2025\/07\/blouse-fille-col-fronce-dentelle-600x800.jpg\" class=\"woo-entry-image-secondary\" alt=\"Blusa para ni\u00f1a con cuello fruncido y encaje &#8211; Blanco\" itemprop=\"image\" srcset=\"https:\/\/voyagedelabaleine.fr\/wp-content\/uploads\/2025\/07\/blouse-fille-col-fronce-dentelle-600x800.jpg 600w, https:\/\/voyagedelabaleine.fr\/wp-content\/uploads\/2025\/07\/blouse-fille-col-fronce-dentelle-225x300.jpg 225w, https:\/\/voyagedelabaleine.fr\/wp-content\/uploads\/2025\/07\/blouse-fille-col-fronce-dentelle-768x1024.jpg 768w, https:\/\/voyagedelabaleine.fr\/wp-content\/uploads\/2025\/07\/blouse-fille-col-fronce-dentelle-1152x1536.jpg 1152w, https:\/\/voyagedelabaleine.fr\/wp-content\/uploads\/2025\/07\/blouse-fille-col-fronce-dentelle.jpg 1325w\" sizes=\"(max-width: 600px) 100vw, 600px\" \/><\/a>\t<\/div><!-- .woo-entry-image-swap -->\n\n<ul class=\"woo-entry-inner clr\"><li class=\"image-wrap\">\n\t<div class=\"woo-entry-image-swap woo-entry-image clr\">\n\t\t<a href=\"https:\/\/voyagedelabaleine.fr\/es\/producto\/blusa-para-nina-con-cuello-fruncido-y-encaje-blanco\/\" class=\"woocommerce-LoopProduct-link\"><img decoding=\"async\" width=\"600\" height=\"800\" src=\"https:\/\/voyagedelabaleine.fr\/wp-content\/uploads\/2025\/07\/blouse-fille-col-fronce-dentelle-3-600x800.jpg\" class=\"woo-entry-image-main\" alt=\"Blusa para ni\u00f1a con cuello fruncido y encaje &#8211; Blanco\" itemprop=\"image\" srcset=\"https:\/\/voyagedelabaleine.fr\/wp-content\/uploads\/2025\/07\/blouse-fille-col-fronce-dentelle-3-600x800.jpg 600w, https:\/\/voyagedelabaleine.fr\/wp-content\/uploads\/2025\/07\/blouse-fille-col-fronce-dentelle-3-225x300.jpg 225w, https:\/\/voyagedelabaleine.fr\/wp-content\/uploads\/2025\/07\/blouse-fille-col-fronce-dentelle-3-768x1024.jpg 768w, https:\/\/voyagedelabaleine.fr\/wp-content\/uploads\/2025\/07\/blouse-fille-col-fronce-dentelle-3-1152x1536.jpg 1152w, https:\/\/voyagedelabaleine.fr\/wp-content\/uploads\/2025\/07\/blouse-fille-col-fronce-dentelle-3.jpg 1425w\" sizes=\"(max-width: 600px) 100vw, 600px\" \/><img decoding=\"async\" width=\"600\" height=\"800\" src=\"https:\/\/voyagedelabaleine.fr\/wp-content\/uploads\/2025\/07\/blouse-fille-col-fronce-dentelle-600x800.jpg\" class=\"woo-entry-image-secondary\" alt=\"Blusa para ni\u00f1a con cuello fruncido y encaje &#8211; Blanco\" itemprop=\"image\" srcset=\"https:\/\/voyagedelabaleine.fr\/wp-content\/uploads\/2025\/07\/blouse-fille-col-fronce-dentelle-600x800.jpg 600w, https:\/\/voyagedelabaleine.fr\/wp-content\/uploads\/2025\/07\/blouse-fille-col-fronce-dentelle-225x300.jpg 225w, https:\/\/voyagedelabaleine.fr\/wp-content\/uploads\/2025\/07\/blouse-fille-col-fronce-dentelle-768x1024.jpg 768w, https:\/\/voyagedelabaleine.fr\/wp-content\/uploads\/2025\/07\/blouse-fille-col-fronce-dentelle-1152x1536.jpg 1152w, https:\/\/voyagedelabaleine.fr\/wp-content\/uploads\/2025\/07\/blouse-fille-col-fronce-dentelle.jpg 1325w\" sizes=\"(max-width: 600px) 100vw, 600px\" \/><\/a>\t<\/div><!-- .woo-entry-image-swap -->\n\n<\/li><li class=\"title\"><h2><a href=\"https:\/\/voyagedelabaleine.fr\/es\/producto\/blusa-para-nina-con-cuello-fruncido-y-encaje-blanco\/\">Blusa para ni\u00f1a con cuello fruncido y encaje &#8211; Blanco<\/a><\/h2><\/li><li class=\"price-wrap\">\n\t<span class=\"price\"><span class=\"woocommerce-Price-amount amount\"><bdi>36<span class=\"woocommerce-Price-currencySymbol\">&euro;<\/span><\/bdi><\/span><\/span>\n<\/li><\/ul><\/div><!-- .product-inner .clr --><\/li>\n<li class=\"entry has-media col span_1_of_2 owp-content-center owp-thumbs-layout-vertical owp-btn-big owp-tabs-layout-vertical circle-sale product type-product post-29505 status-publish last instock product_cat-bebe-nina product_cat-nina product_cat-ropa product_cat-vestido-bebe-nina product_cat-vestido-nina has-post-thumbnail taxable shipping-taxable purchasable product-type-variable has-default-attributes\">\n\t<div class=\"product-inner clr\">\n\t<div class=\"woo-entry-image-swap woo-entry-image clr\">\n\t\t<a href=\"https:\/\/voyagedelabaleine.fr\/es\/producto\/pichi-de-punto-con-diseno-de-espiga-para-nina-beige\/\" class=\"woocommerce-LoopProduct-link\"><img decoding=\"async\" width=\"600\" height=\"800\" src=\"https:\/\/voyagedelabaleine.fr\/wp-content\/uploads\/2025\/07\/robe-chasuble-maille-1-600x800.jpg\" class=\"woo-entry-image-main\" alt=\"Pichi de punto con dise\u00f1o de espiga para ni\u00f1a &#8211; Beige\" itemprop=\"image\" srcset=\"https:\/\/voyagedelabaleine.fr\/wp-content\/uploads\/2025\/07\/robe-chasuble-maille-1-600x800.jpg 600w, https:\/\/voyagedelabaleine.fr\/wp-content\/uploads\/2025\/07\/robe-chasuble-maille-1-225x300.jpg 225w, https:\/\/voyagedelabaleine.fr\/wp-content\/uploads\/2025\/07\/robe-chasuble-maille-1-768x1024.jpg 768w, https:\/\/voyagedelabaleine.fr\/wp-content\/uploads\/2025\/07\/robe-chasuble-maille-1.jpg 1000w\" sizes=\"(max-width: 600px) 100vw, 600px\" \/><img decoding=\"async\" width=\"600\" height=\"800\" src=\"https:\/\/voyagedelabaleine.fr\/wp-content\/uploads\/2025\/07\/robe-chasuble-enfant-fille-maille-chevrons-1-600x800.jpg\" class=\"woo-entry-image-secondary\" alt=\"Pichi de punto con dise\u00f1o de espiga para ni\u00f1a &#8211; Beige\" itemprop=\"image\" srcset=\"https:\/\/voyagedelabaleine.fr\/wp-content\/uploads\/2025\/07\/robe-chasuble-enfant-fille-maille-chevrons-1-600x800.jpg 600w, https:\/\/voyagedelabaleine.fr\/wp-content\/uploads\/2025\/07\/robe-chasuble-enfant-fille-maille-chevrons-1-224x300.jpg 224w\" sizes=\"(max-width: 600px) 100vw, 600px\" \/><\/a>\t<\/div><!-- .woo-entry-image-swap -->\n\n<ul class=\"woo-entry-inner clr\"><li class=\"image-wrap\">\n\t<div class=\"woo-entry-image-swap woo-entry-image clr\">\n\t\t<a href=\"https:\/\/voyagedelabaleine.fr\/es\/producto\/pichi-de-punto-con-diseno-de-espiga-para-nina-beige\/\" class=\"woocommerce-LoopProduct-link\"><img decoding=\"async\" width=\"600\" height=\"800\" src=\"https:\/\/voyagedelabaleine.fr\/wp-content\/uploads\/2025\/07\/robe-chasuble-maille-1-600x800.jpg\" class=\"woo-entry-image-main\" alt=\"Pichi de punto con dise\u00f1o de espiga para ni\u00f1a &#8211; Beige\" itemprop=\"image\" srcset=\"https:\/\/voyagedelabaleine.fr\/wp-content\/uploads\/2025\/07\/robe-chasuble-maille-1-600x800.jpg 600w, https:\/\/voyagedelabaleine.fr\/wp-content\/uploads\/2025\/07\/robe-chasuble-maille-1-225x300.jpg 225w, https:\/\/voyagedelabaleine.fr\/wp-content\/uploads\/2025\/07\/robe-chasuble-maille-1-768x1024.jpg 768w, https:\/\/voyagedelabaleine.fr\/wp-content\/uploads\/2025\/07\/robe-chasuble-maille-1.jpg 1000w\" sizes=\"(max-width: 600px) 100vw, 600px\" \/><img decoding=\"async\" width=\"600\" height=\"800\" src=\"https:\/\/voyagedelabaleine.fr\/wp-content\/uploads\/2025\/07\/robe-chasuble-enfant-fille-maille-chevrons-1-600x800.jpg\" class=\"woo-entry-image-secondary\" alt=\"Pichi de punto con dise\u00f1o de espiga para ni\u00f1a &#8211; Beige\" itemprop=\"image\" srcset=\"https:\/\/voyagedelabaleine.fr\/wp-content\/uploads\/2025\/07\/robe-chasuble-enfant-fille-maille-chevrons-1-600x800.jpg 600w, https:\/\/voyagedelabaleine.fr\/wp-content\/uploads\/2025\/07\/robe-chasuble-enfant-fille-maille-chevrons-1-224x300.jpg 224w\" sizes=\"(max-width: 600px) 100vw, 600px\" \/><\/a>\t<\/div><!-- .woo-entry-image-swap -->\n\n<\/li><li class=\"title\"><h2><a href=\"https:\/\/voyagedelabaleine.fr\/es\/producto\/pichi-de-punto-con-diseno-de-espiga-para-nina-beige\/\">Pichi de punto con dise\u00f1o de espiga para ni\u00f1a &#8211; Beige<\/a><\/h2><\/li><li class=\"price-wrap\">\n\t<span class=\"price\"><span class=\"woocommerce-Price-amount amount\"><bdi>62<span class=\"woocommerce-Price-currencySymbol\">&euro;<\/span><\/bdi><\/span><\/span>\n<\/li><\/ul><\/div><!-- .product-inner .clr --><\/li>\n<\/ul>\n<\/div><\/div>\n\t\t\t\t\t\t<\/div>\n\t\t\t\t<\/div>\n\t\t<div class=\"elementor-element elementor-element-c1b93ae e-con-full e-flex e-con e-parent\" data-id=\"c1b93ae\" data-element_type=\"container\" data-e-type=\"container\">\n\t\t\t\t<div class=\"elementor-element elementor-element-a9602fd elementor-widget-divider--separator-type-pattern elementor-widget-divider--view-line elementor-widget elementor-widget-divider\" data-id=\"a9602fd\" data-element_type=\"widget\" data-e-type=\"widget\" data-widget_type=\"divider.default\">\n\t\t\t\t\t\t\t<div class=\"elementor-divider\" style=\"--divider-pattern-url: url(&quot;data:image\/svg+xml,%3Csvg xmlns=&#039;http:\/\/www.w3.org\/2000\/svg&#039; preserveAspectRatio=&#039;none&#039; overflow=&#039;visible&#039; height=&#039;100%&#039; viewBox=&#039;0 0 24 24&#039; fill=&#039;black&#039; stroke=&#039;none&#039;%3E%3Cpath d=&#039;M12.7,2.3c-0.4-0.4-1.1-0.4-1.5,0l-8,9.1c-0.3,0.4-0.3,0.9,0,1.2l8,9.1c0.4,0.4,1.1,0.4,1.5,0l8-9.1c0.3-0.4,0.3-0.9,0-1.2L12.7,2.3z&#039;\/%3E%3C\/svg%3E&quot;);\">\n\t\t\t<span class=\"elementor-divider-separator\">\n\t\t\t\t\t\t<\/span>\n\t\t<\/div>\n\t\t\t\t\t\t<\/div>\n\t\t\t\t<div class=\"elementor-element elementor-element-755b883 elementor-widget-mobile__width-inherit elementor-widget elementor-widget-shortcode\" data-id=\"755b883\" data-element_type=\"widget\" data-e-type=\"widget\" data-widget_type=\"shortcode.default\">\n\t\t\t\t\t\t\t<div class=\"elementor-shortcode\"><div class=\"woocommerce columns-3 \">\r\n<ul class=\"products oceanwp-row clr grid tablet-col tablet-2-col mobile-col mobile-2-col\">\r\n<li class=\"entry has-media col span_1_of_3 owp-content-center owp-thumbs-layout-vertical owp-btn-big owp-tabs-layout-vertical circle-sale product type-product post-34691 status-publish first instock product_cat-calcetines-leotardos-nacimiento product_cat-calcetines-leotardos-nacimiento-nina product_cat-calcetines-leotardos-bebe-nina product_cat-calcetines-leotardos-bebes-ninos product_cat-calcetines-leotardos-nina product_cat-calcetines-leotardos-ninos has-post-thumbnail taxable shipping-taxable purchasable product-type-variable has-default-attributes\">\n\t<div class=\"product-inner clr\">\n\t<div class=\"woo-entry-image-swap woo-entry-image clr\">\n\t\t<a href=\"https:\/\/voyagedelabaleine.fr\/es\/producto\/calcetines-altos-para-bebe-nina-con-lazo-de-terciopelo-azul-marino\/\" class=\"woocommerce-LoopProduct-link\"><img decoding=\"async\" width=\"589\" height=\"785\" src=\"https:\/\/voyagedelabaleine.fr\/wp-content\/uploads\/2025\/07\/chaussettes-bebe-noeud-velours-marine.jpg\" class=\"woo-entry-image-main\" alt=\"Calcetines altos para beb\u00e9 ni\u00f1a con lazo de terciopelo &#8211; Azul marino\" itemprop=\"image\" srcset=\"https:\/\/voyagedelabaleine.fr\/wp-content\/uploads\/2025\/07\/chaussettes-bebe-noeud-velours-marine.jpg 589w, https:\/\/voyagedelabaleine.fr\/wp-content\/uploads\/2025\/07\/chaussettes-bebe-noeud-velours-marine-225x300.jpg 225w\" sizes=\"(max-width: 589px) 100vw, 589px\" \/><img decoding=\"async\" width=\"367\" height=\"489\" src=\"https:\/\/voyagedelabaleine.fr\/wp-content\/uploads\/2025\/07\/chaussettes-bebe-noeud-velours-marine-1.jpg\" class=\"woo-entry-image-secondary\" alt=\"Calcetines altos para beb\u00e9 ni\u00f1a con lazo de terciopelo &#8211; Azul marino\" itemprop=\"image\" srcset=\"https:\/\/voyagedelabaleine.fr\/wp-content\/uploads\/2025\/07\/chaussettes-bebe-noeud-velours-marine-1.jpg 367w, https:\/\/voyagedelabaleine.fr\/wp-content\/uploads\/2025\/07\/chaussettes-bebe-noeud-velours-marine-1-225x300.jpg 225w\" sizes=\"(max-width: 367px) 100vw, 367px\" \/><\/a>\t<\/div><!-- .woo-entry-image-swap -->\n\n<ul class=\"woo-entry-inner clr\"><li class=\"image-wrap\">\n\t<div class=\"woo-entry-image-swap woo-entry-image clr\">\n\t\t<a href=\"https:\/\/voyagedelabaleine.fr\/es\/producto\/calcetines-altos-para-bebe-nina-con-lazo-de-terciopelo-azul-marino\/\" class=\"woocommerce-LoopProduct-link\"><img decoding=\"async\" width=\"589\" height=\"785\" src=\"https:\/\/voyagedelabaleine.fr\/wp-content\/uploads\/2025\/07\/chaussettes-bebe-noeud-velours-marine.jpg\" class=\"woo-entry-image-main\" alt=\"Calcetines altos para beb\u00e9 ni\u00f1a con lazo de terciopelo &#8211; Azul marino\" itemprop=\"image\" srcset=\"https:\/\/voyagedelabaleine.fr\/wp-content\/uploads\/2025\/07\/chaussettes-bebe-noeud-velours-marine.jpg 589w, https:\/\/voyagedelabaleine.fr\/wp-content\/uploads\/2025\/07\/chaussettes-bebe-noeud-velours-marine-225x300.jpg 225w\" sizes=\"(max-width: 589px) 100vw, 589px\" \/><img decoding=\"async\" width=\"367\" height=\"489\" src=\"https:\/\/voyagedelabaleine.fr\/wp-content\/uploads\/2025\/07\/chaussettes-bebe-noeud-velours-marine-1.jpg\" class=\"woo-entry-image-secondary\" alt=\"Calcetines altos para beb\u00e9 ni\u00f1a con lazo de terciopelo &#8211; Azul marino\" itemprop=\"image\" srcset=\"https:\/\/voyagedelabaleine.fr\/wp-content\/uploads\/2025\/07\/chaussettes-bebe-noeud-velours-marine-1.jpg 367w, https:\/\/voyagedelabaleine.fr\/wp-content\/uploads\/2025\/07\/chaussettes-bebe-noeud-velours-marine-1-225x300.jpg 225w\" sizes=\"(max-width: 367px) 100vw, 367px\" \/><\/a>\t<\/div><!-- .woo-entry-image-swap -->\n\n<\/li><li class=\"title\"><h2><a href=\"https:\/\/voyagedelabaleine.fr\/es\/producto\/calcetines-altos-para-bebe-nina-con-lazo-de-terciopelo-azul-marino\/\">Calcetines altos para beb\u00e9 ni\u00f1a con lazo de terciopelo &#8211; Azul marino<\/a><\/h2><\/li><li class=\"price-wrap\">\n\t<span class=\"price\"><span class=\"woocommerce-Price-amount amount\"><bdi>13<span class=\"woocommerce-Price-currencySymbol\">&euro;<\/span><\/bdi><\/span><\/span>\n<\/li><\/ul><\/div><!-- .product-inner .clr --><\/li>\n<li class=\"entry has-media col span_1_of_3 owp-content-center owp-thumbs-layout-vertical owp-btn-big owp-tabs-layout-vertical circle-sale product type-product post-34729 status-publish instock product_cat-calcetines-leotardos-nacimiento product_cat-calcetines-leotardos-nacimiento-nina product_cat-calcetines-leotardos-bebe-nina product_cat-calcetines-leotardos-bebes-ninos product_cat-calcetines-leotardos-nina product_cat-calcetines-leotardos-ninos has-post-thumbnail taxable shipping-taxable purchasable product-type-variable has-default-attributes\">\n\t<div class=\"product-inner clr\">\n\t<div class=\"woo-entry-image-swap woo-entry-image clr\">\n\t\t<a href=\"https:\/\/voyagedelabaleine.fr\/es\/producto\/calcetines-altos-para-bebe-nina-con-lazo-de-terciopelo-burdeos\/\" class=\"woocommerce-LoopProduct-link\"><img decoding=\"async\" width=\"570\" height=\"760\" src=\"https:\/\/voyagedelabaleine.fr\/wp-content\/uploads\/2025\/07\/chaussettes-bebe-noeud-velours-bordeaux.jpg\" class=\"woo-entry-image-main\" alt=\"Calcetines altos para beb\u00e9 ni\u00f1a con lazo de terciopelo &#8211; Burdeos\" itemprop=\"image\" srcset=\"https:\/\/voyagedelabaleine.fr\/wp-content\/uploads\/2025\/07\/chaussettes-bebe-noeud-velours-bordeaux.jpg 570w, https:\/\/voyagedelabaleine.fr\/wp-content\/uploads\/2025\/07\/chaussettes-bebe-noeud-velours-bordeaux-225x300.jpg 225w\" sizes=\"(max-width: 570px) 100vw, 570px\" \/><img decoding=\"async\" width=\"404\" height=\"539\" src=\"https:\/\/voyagedelabaleine.fr\/wp-content\/uploads\/2025\/07\/chaussettes-bebe-noeud-velours-marine-2.jpg\" class=\"woo-entry-image-secondary\" alt=\"Calcetines altos para beb\u00e9 ni\u00f1a con lazo de terciopelo &#8211; Burdeos\" itemprop=\"image\" srcset=\"https:\/\/voyagedelabaleine.fr\/wp-content\/uploads\/2025\/07\/chaussettes-bebe-noeud-velours-marine-2.jpg 404w, https:\/\/voyagedelabaleine.fr\/wp-content\/uploads\/2025\/07\/chaussettes-bebe-noeud-velours-marine-2-225x300.jpg 225w\" sizes=\"(max-width: 404px) 100vw, 404px\" \/><\/a>\t<\/div><!-- .woo-entry-image-swap -->\n\n<ul class=\"woo-entry-inner clr\"><li class=\"image-wrap\">\n\t<div class=\"woo-entry-image-swap woo-entry-image clr\">\n\t\t<a href=\"https:\/\/voyagedelabaleine.fr\/es\/producto\/calcetines-altos-para-bebe-nina-con-lazo-de-terciopelo-burdeos\/\" class=\"woocommerce-LoopProduct-link\"><img decoding=\"async\" width=\"570\" height=\"760\" src=\"https:\/\/voyagedelabaleine.fr\/wp-content\/uploads\/2025\/07\/chaussettes-bebe-noeud-velours-bordeaux.jpg\" class=\"woo-entry-image-main\" alt=\"Calcetines altos para beb\u00e9 ni\u00f1a con lazo de terciopelo &#8211; Burdeos\" itemprop=\"image\" srcset=\"https:\/\/voyagedelabaleine.fr\/wp-content\/uploads\/2025\/07\/chaussettes-bebe-noeud-velours-bordeaux.jpg 570w, https:\/\/voyagedelabaleine.fr\/wp-content\/uploads\/2025\/07\/chaussettes-bebe-noeud-velours-bordeaux-225x300.jpg 225w\" sizes=\"(max-width: 570px) 100vw, 570px\" \/><img decoding=\"async\" width=\"404\" height=\"539\" src=\"https:\/\/voyagedelabaleine.fr\/wp-content\/uploads\/2025\/07\/chaussettes-bebe-noeud-velours-marine-2.jpg\" class=\"woo-entry-image-secondary\" alt=\"Calcetines altos para beb\u00e9 ni\u00f1a con lazo de terciopelo &#8211; Burdeos\" itemprop=\"image\" srcset=\"https:\/\/voyagedelabaleine.fr\/wp-content\/uploads\/2025\/07\/chaussettes-bebe-noeud-velours-marine-2.jpg 404w, https:\/\/voyagedelabaleine.fr\/wp-content\/uploads\/2025\/07\/chaussettes-bebe-noeud-velours-marine-2-225x300.jpg 225w\" sizes=\"(max-width: 404px) 100vw, 404px\" \/><\/a>\t<\/div><!-- .woo-entry-image-swap -->\n\n<\/li><li class=\"title\"><h2><a href=\"https:\/\/voyagedelabaleine.fr\/es\/producto\/calcetines-altos-para-bebe-nina-con-lazo-de-terciopelo-burdeos\/\">Calcetines altos para beb\u00e9 ni\u00f1a con lazo de terciopelo &#8211; Burdeos<\/a><\/h2><\/li><li class=\"price-wrap\">\n\t<span class=\"price\"><span class=\"woocommerce-Price-amount amount\"><bdi>13<span class=\"woocommerce-Price-currencySymbol\">&euro;<\/span><\/bdi><\/span><\/span>\n<\/li><\/ul><\/div><!-- .product-inner .clr --><\/li>\n<li class=\"entry has-media col span_1_of_3 owp-content-center owp-thumbs-layout-vertical owp-btn-big owp-tabs-layout-vertical circle-sale product type-product post-32055 status-publish last instock product_cat-pelele-peto-ranita-nacimiento product_cat-pelele-peto-ranita-nacimiento-nina product_cat-pelele-peto-ranita-nacimiento-nino product_cat-pelele-peto-ranita-bebe product_cat-pelele-peto-ranita-bebe-nina product_cat-pelele-peto-ranita-bebe-nino product_cat-ropa has-post-thumbnail taxable shipping-taxable purchasable product-type-variable has-default-attributes\">\n\t<div class=\"product-inner clr\">\n\t<div class=\"woo-entry-image-swap woo-entry-image clr\">\n\t\t<a href=\"https:\/\/voyagedelabaleine.fr\/es\/producto\/ranita-bebe-escocesa-con-cuello-grande-rojo\/\" class=\"woocommerce-LoopProduct-link\"><img decoding=\"async\" width=\"600\" height=\"800\" src=\"https:\/\/voyagedelabaleine.fr\/wp-content\/uploads\/2025\/09\/barboteuse-bebe-ecossaise-rouge-collerette-600x800.jpg\" class=\"woo-entry-image-main\" alt=\"Ranita beb\u00e9 escocesa con cuello grande &#8211; Rojo\" itemprop=\"image\" srcset=\"https:\/\/voyagedelabaleine.fr\/wp-content\/uploads\/2025\/09\/barboteuse-bebe-ecossaise-rouge-collerette-600x800.jpg 600w, https:\/\/voyagedelabaleine.fr\/wp-content\/uploads\/2025\/09\/barboteuse-bebe-ecossaise-rouge-collerette-225x300.jpg 225w, https:\/\/voyagedelabaleine.fr\/wp-content\/uploads\/2025\/09\/barboteuse-bebe-ecossaise-rouge-collerette-768x1024.jpg 768w, https:\/\/voyagedelabaleine.fr\/wp-content\/uploads\/2025\/09\/barboteuse-bebe-ecossaise-rouge-collerette-1152x1536.jpg 1152w, https:\/\/voyagedelabaleine.fr\/wp-content\/uploads\/2025\/09\/barboteuse-bebe-ecossaise-rouge-collerette.jpg 1300w\" sizes=\"(max-width: 600px) 100vw, 600px\" \/><img decoding=\"async\" width=\"600\" height=\"800\" src=\"https:\/\/voyagedelabaleine.fr\/wp-content\/uploads\/2025\/07\/barboteuse-ecossaise-bebe-rouge-600x800.jpg\" class=\"woo-entry-image-secondary\" alt=\"Ranita beb\u00e9 escocesa con cuello grande &#8211; Rojo\" itemprop=\"image\" srcset=\"https:\/\/voyagedelabaleine.fr\/wp-content\/uploads\/2025\/07\/barboteuse-ecossaise-bebe-rouge-600x800.jpg 600w, https:\/\/voyagedelabaleine.fr\/wp-content\/uploads\/2025\/07\/barboteuse-ecossaise-bebe-rouge-225x300.jpg 225w, https:\/\/voyagedelabaleine.fr\/wp-content\/uploads\/2025\/07\/barboteuse-ecossaise-bebe-rouge-768x1025.jpg 768w, https:\/\/voyagedelabaleine.fr\/wp-content\/uploads\/2025\/07\/barboteuse-ecossaise-bebe-rouge.jpg 1000w\" sizes=\"(max-width: 600px) 100vw, 600px\" \/><\/a>\t<\/div><!-- .woo-entry-image-swap -->\n\n<ul class=\"woo-entry-inner clr\"><li class=\"image-wrap\">\n\t<div class=\"woo-entry-image-swap woo-entry-image clr\">\n\t\t<a href=\"https:\/\/voyagedelabaleine.fr\/es\/producto\/ranita-bebe-escocesa-con-cuello-grande-rojo\/\" class=\"woocommerce-LoopProduct-link\"><img decoding=\"async\" width=\"600\" height=\"800\" src=\"https:\/\/voyagedelabaleine.fr\/wp-content\/uploads\/2025\/09\/barboteuse-bebe-ecossaise-rouge-collerette-600x800.jpg\" class=\"woo-entry-image-main\" alt=\"Ranita beb\u00e9 escocesa con cuello grande &#8211; Rojo\" itemprop=\"image\" srcset=\"https:\/\/voyagedelabaleine.fr\/wp-content\/uploads\/2025\/09\/barboteuse-bebe-ecossaise-rouge-collerette-600x800.jpg 600w, https:\/\/voyagedelabaleine.fr\/wp-content\/uploads\/2025\/09\/barboteuse-bebe-ecossaise-rouge-collerette-225x300.jpg 225w, https:\/\/voyagedelabaleine.fr\/wp-content\/uploads\/2025\/09\/barboteuse-bebe-ecossaise-rouge-collerette-768x1024.jpg 768w, https:\/\/voyagedelabaleine.fr\/wp-content\/uploads\/2025\/09\/barboteuse-bebe-ecossaise-rouge-collerette-1152x1536.jpg 1152w, https:\/\/voyagedelabaleine.fr\/wp-content\/uploads\/2025\/09\/barboteuse-bebe-ecossaise-rouge-collerette.jpg 1300w\" sizes=\"(max-width: 600px) 100vw, 600px\" \/><img decoding=\"async\" width=\"600\" height=\"800\" src=\"https:\/\/voyagedelabaleine.fr\/wp-content\/uploads\/2025\/07\/barboteuse-ecossaise-bebe-rouge-600x800.jpg\" class=\"woo-entry-image-secondary\" alt=\"Ranita beb\u00e9 escocesa con cuello grande &#8211; Rojo\" itemprop=\"image\" srcset=\"https:\/\/voyagedelabaleine.fr\/wp-content\/uploads\/2025\/07\/barboteuse-ecossaise-bebe-rouge-600x800.jpg 600w, https:\/\/voyagedelabaleine.fr\/wp-content\/uploads\/2025\/07\/barboteuse-ecossaise-bebe-rouge-225x300.jpg 225w, https:\/\/voyagedelabaleine.fr\/wp-content\/uploads\/2025\/07\/barboteuse-ecossaise-bebe-rouge-768x1025.jpg 768w, https:\/\/voyagedelabaleine.fr\/wp-content\/uploads\/2025\/07\/barboteuse-ecossaise-bebe-rouge.jpg 1000w\" sizes=\"(max-width: 600px) 100vw, 600px\" \/><\/a>\t<\/div><!-- .woo-entry-image-swap -->\n\n<\/li><li class=\"title\"><h2><a href=\"https:\/\/voyagedelabaleine.fr\/es\/producto\/ranita-bebe-escocesa-con-cuello-grande-rojo\/\">Ranita beb\u00e9 escocesa con cuello grande &#8211; Rojo<\/a><\/h2><\/li><li class=\"price-wrap\">\n\t<span class=\"price\"><span class=\"woocommerce-Price-amount amount\"><bdi>48<span class=\"woocommerce-Price-currencySymbol\">&euro;<\/span><\/bdi><\/span><\/span>\n<\/li><\/ul><\/div><!-- .product-inner .clr --><\/li>\n<\/ul>\n<\/div><\/div>\n\t\t\t\t\t\t<\/div>\n\t\t\t\t<\/div>\n\t\t<div class=\"elementor-element elementor-element-7af92bb e-con-full e-flex e-con e-parent\" data-id=\"7af92bb\" data-element_type=\"container\" data-e-type=\"container\">\n\t\t\t\t<div class=\"elementor-element elementor-element-03cfa8c elementor-widget-divider--separator-type-pattern elementor-widget-divider--view-line elementor-widget elementor-widget-divider\" data-id=\"03cfa8c\" data-element_type=\"widget\" data-e-type=\"widget\" data-widget_type=\"divider.default\">\n\t\t\t\t\t\t\t<div class=\"elementor-divider\" style=\"--divider-pattern-url: url(&quot;data:image\/svg+xml,%3Csvg xmlns=&#039;http:\/\/www.w3.org\/2000\/svg&#039; preserveAspectRatio=&#039;none&#039; overflow=&#039;visible&#039; height=&#039;100%&#039; viewBox=&#039;0 0 24 24&#039; fill=&#039;black&#039; stroke=&#039;none&#039;%3E%3Cpath d=&#039;M12.7,2.3c-0.4-0.4-1.1-0.4-1.5,0l-8,9.1c-0.3,0.4-0.3,0.9,0,1.2l8,9.1c0.4,0.4,1.1,0.4,1.5,0l8-9.1c0.3-0.4,0.3-0.9,0-1.2L12.7,2.3z&#039;\/%3E%3C\/svg%3E&quot;);\">\n\t\t\t<span class=\"elementor-divider-separator\">\n\t\t\t\t\t\t<\/span>\n\t\t<\/div>\n\t\t\t\t\t\t<\/div>\n\t\t\t\t<div class=\"elementor-element elementor-element-6b2f022 elementor-widget elementor-widget-heading\" data-id=\"6b2f022\" data-element_type=\"widget\" data-e-type=\"widget\" data-widget_type=\"heading.default\">\n\t\t\t\t\t<h2 class=\"elementor-heading-title elementor-size-default\">Pompones de ternura<\/h2>\t\t\t\t<\/div>\n\t\t\t\t<div class=\"elementor-element elementor-element-7ce0dbb elementor-widget__width-initial elementor-widget-mobile__width-inherit elementor-widget elementor-widget-shortcode\" data-id=\"7ce0dbb\" data-element_type=\"widget\" data-e-type=\"widget\" data-widget_type=\"shortcode.default\">\n\t\t\t\t\t\t\t<div class=\"elementor-shortcode\"><div class=\"woocommerce columns-2 \">\r\n<ul class=\"products oceanwp-row clr grid tablet-col tablet-2-col mobile-col mobile-2-col\">\r\n<li class=\"entry has-media has-rating col span_1_of_2 owp-content-center owp-thumbs-layout-vertical owp-btn-big owp-tabs-layout-vertical circle-sale product type-product post-29558 status-publish first instock product_cat-accesorios-nacimiento-nina product_cat-accesorios-nacimiento-nino product_cat-accesorios-bebe product_cat-accesorios-bebe-nina product_cat-accesorios-bebe-nino product_cat-accesorios-nacimiento has-post-thumbnail taxable shipping-taxable purchasable product-type-variable has-default-attributes\">\n\t<div class=\"product-inner clr\">\n\t<div class=\"woo-entry-image-swap woo-entry-image clr\">\n\t\t<a href=\"https:\/\/voyagedelabaleine.fr\/es\/producto\/gorro-de-bebe-con-pompon-beige\/\" class=\"woocommerce-LoopProduct-link\"><img decoding=\"async\" width=\"600\" height=\"800\" src=\"https:\/\/voyagedelabaleine.fr\/wp-content\/uploads\/2024\/08\/bonnet-bebe-beige-pompon2-fotor-20241010174417-600x800.jpg\" class=\"woo-entry-image-main\" alt=\"Gorro de beb\u00e9 con pomp\u00f3n &#8211; Beige\" itemprop=\"image\" srcset=\"https:\/\/voyagedelabaleine.fr\/wp-content\/uploads\/2024\/08\/bonnet-bebe-beige-pompon2-fotor-20241010174417-600x800.jpg 600w, https:\/\/voyagedelabaleine.fr\/wp-content\/uploads\/2024\/08\/bonnet-bebe-beige-pompon2-fotor-20241010174417-225x300.jpg 225w, https:\/\/voyagedelabaleine.fr\/wp-content\/uploads\/2024\/08\/bonnet-bebe-beige-pompon2-fotor-20241010174417-768x1024.jpg 768w, https:\/\/voyagedelabaleine.fr\/wp-content\/uploads\/2024\/08\/bonnet-bebe-beige-pompon2-fotor-20241010174417.jpg 917w\" sizes=\"(max-width: 600px) 100vw, 600px\" \/><img decoding=\"async\" width=\"600\" height=\"800\" src=\"https:\/\/voyagedelabaleine.fr\/wp-content\/uploads\/2024\/08\/bonnet-bebe-beige-pompon2-fotor-2024101017457-600x800.jpg\" class=\"woo-entry-image-secondary\" alt=\"Gorro de beb\u00e9 con pomp\u00f3n &#8211; Beige\" itemprop=\"image\" srcset=\"https:\/\/voyagedelabaleine.fr\/wp-content\/uploads\/2024\/08\/bonnet-bebe-beige-pompon2-fotor-2024101017457-600x800.jpg 600w, https:\/\/voyagedelabaleine.fr\/wp-content\/uploads\/2024\/08\/bonnet-bebe-beige-pompon2-fotor-2024101017457-225x300.jpg 225w, https:\/\/voyagedelabaleine.fr\/wp-content\/uploads\/2024\/08\/bonnet-bebe-beige-pompon2-fotor-2024101017457-768x1023.jpg 768w, https:\/\/voyagedelabaleine.fr\/wp-content\/uploads\/2024\/08\/bonnet-bebe-beige-pompon2-fotor-2024101017457.jpg 917w\" sizes=\"(max-width: 600px) 100vw, 600px\" \/><\/a>\t<\/div><!-- .woo-entry-image-swap -->\n\n<ul class=\"woo-entry-inner clr\"><li class=\"image-wrap\">\n\t<div class=\"woo-entry-image-swap woo-entry-image clr\">\n\t\t<a href=\"https:\/\/voyagedelabaleine.fr\/es\/producto\/gorro-de-bebe-con-pompon-beige\/\" class=\"woocommerce-LoopProduct-link\"><img decoding=\"async\" width=\"600\" height=\"800\" src=\"https:\/\/voyagedelabaleine.fr\/wp-content\/uploads\/2024\/08\/bonnet-bebe-beige-pompon2-fotor-20241010174417-600x800.jpg\" class=\"woo-entry-image-main\" alt=\"Gorro de beb\u00e9 con pomp\u00f3n &#8211; Beige\" itemprop=\"image\" srcset=\"https:\/\/voyagedelabaleine.fr\/wp-content\/uploads\/2024\/08\/bonnet-bebe-beige-pompon2-fotor-20241010174417-600x800.jpg 600w, https:\/\/voyagedelabaleine.fr\/wp-content\/uploads\/2024\/08\/bonnet-bebe-beige-pompon2-fotor-20241010174417-225x300.jpg 225w, https:\/\/voyagedelabaleine.fr\/wp-content\/uploads\/2024\/08\/bonnet-bebe-beige-pompon2-fotor-20241010174417-768x1024.jpg 768w, https:\/\/voyagedelabaleine.fr\/wp-content\/uploads\/2024\/08\/bonnet-bebe-beige-pompon2-fotor-20241010174417.jpg 917w\" sizes=\"(max-width: 600px) 100vw, 600px\" \/><img decoding=\"async\" width=\"600\" height=\"800\" src=\"https:\/\/voyagedelabaleine.fr\/wp-content\/uploads\/2024\/08\/bonnet-bebe-beige-pompon2-fotor-2024101017457-600x800.jpg\" class=\"woo-entry-image-secondary\" alt=\"Gorro de beb\u00e9 con pomp\u00f3n &#8211; Beige\" itemprop=\"image\" srcset=\"https:\/\/voyagedelabaleine.fr\/wp-content\/uploads\/2024\/08\/bonnet-bebe-beige-pompon2-fotor-2024101017457-600x800.jpg 600w, https:\/\/voyagedelabaleine.fr\/wp-content\/uploads\/2024\/08\/bonnet-bebe-beige-pompon2-fotor-2024101017457-225x300.jpg 225w, https:\/\/voyagedelabaleine.fr\/wp-content\/uploads\/2024\/08\/bonnet-bebe-beige-pompon2-fotor-2024101017457-768x1023.jpg 768w, https:\/\/voyagedelabaleine.fr\/wp-content\/uploads\/2024\/08\/bonnet-bebe-beige-pompon2-fotor-2024101017457.jpg 917w\" sizes=\"(max-width: 600px) 100vw, 600px\" \/><\/a>\t<\/div><!-- .woo-entry-image-swap -->\n\n<\/li><li class=\"title\"><h2><a href=\"https:\/\/voyagedelabaleine.fr\/es\/producto\/gorro-de-bebe-con-pompon-beige\/\">Gorro de beb\u00e9 con pomp\u00f3n &#8211; Beige<\/a><\/h2><\/li><li class=\"price-wrap\">\n\t<span class=\"price\"><span class=\"woocommerce-Price-amount amount\"><bdi>26<span class=\"woocommerce-Price-currencySymbol\">&euro;<\/span><\/bdi><\/span><\/span>\n<\/li><\/ul><\/div><!-- .product-inner .clr --><\/li>\n<li class=\"entry has-media has-rating col span_1_of_2 owp-content-center owp-thumbs-layout-vertical owp-btn-big owp-tabs-layout-vertical circle-sale product type-product post-34224 status-publish last instock product_cat-accesorios-nacimiento-nina product_cat-accesorios-nacimiento-nino product_cat-accesorios-bebe product_cat-accesorios-bebe-nina product_cat-accesorios-bebe-nino product_cat-accesorios-nacimiento has-post-thumbnail taxable shipping-taxable purchasable product-type-variable has-default-attributes\">\n\t<div class=\"product-inner clr\">\n\t<div class=\"woo-entry-image-swap woo-entry-image clr\">\n\t\t<a href=\"https:\/\/voyagedelabaleine.fr\/es\/producto\/manoplas-de-bebe-con-pompones-beige\/\" class=\"woocommerce-LoopProduct-link\"><img decoding=\"async\" width=\"600\" height=\"800\" src=\"https:\/\/voyagedelabaleine.fr\/wp-content\/uploads\/2024\/09\/moufles-bebe-beiges-pompons-1-1-600x800.jpg\" class=\"woo-entry-image-main\" alt=\"Manoplas de beb\u00e9 con pompones &#8211; Beige\" itemprop=\"image\" srcset=\"https:\/\/voyagedelabaleine.fr\/wp-content\/uploads\/2024\/09\/moufles-bebe-beiges-pompons-1-1-600x800.jpg 600w, https:\/\/voyagedelabaleine.fr\/wp-content\/uploads\/2024\/09\/moufles-bebe-beiges-pompons-1-1-225x300.jpg 225w, https:\/\/voyagedelabaleine.fr\/wp-content\/uploads\/2024\/09\/moufles-bebe-beiges-pompons-1-1-768x1024.jpg 768w, https:\/\/voyagedelabaleine.fr\/wp-content\/uploads\/2024\/09\/moufles-bebe-beiges-pompons-1-1.jpg 908w\" sizes=\"(max-width: 600px) 100vw, 600px\" \/><img decoding=\"async\" width=\"600\" height=\"800\" src=\"https:\/\/voyagedelabaleine.fr\/wp-content\/uploads\/2024\/09\/moufles-bebe-beiges-pompons-2-1-600x800.jpg\" class=\"woo-entry-image-secondary\" alt=\"Manoplas de beb\u00e9 con pompones &#8211; Beige\" itemprop=\"image\" srcset=\"https:\/\/voyagedelabaleine.fr\/wp-content\/uploads\/2024\/09\/moufles-bebe-beiges-pompons-2-1-600x800.jpg 600w, https:\/\/voyagedelabaleine.fr\/wp-content\/uploads\/2024\/09\/moufles-bebe-beiges-pompons-2-1-225x300.jpg 225w, https:\/\/voyagedelabaleine.fr\/wp-content\/uploads\/2024\/09\/moufles-bebe-beiges-pompons-2-1.jpg 768w\" sizes=\"(max-width: 600px) 100vw, 600px\" \/><\/a>\t<\/div><!-- .woo-entry-image-swap -->\n\n<ul class=\"woo-entry-inner clr\"><li class=\"image-wrap\">\n\t<div class=\"woo-entry-image-swap woo-entry-image clr\">\n\t\t<a href=\"https:\/\/voyagedelabaleine.fr\/es\/producto\/manoplas-de-bebe-con-pompones-beige\/\" class=\"woocommerce-LoopProduct-link\"><img decoding=\"async\" width=\"600\" height=\"800\" src=\"https:\/\/voyagedelabaleine.fr\/wp-content\/uploads\/2024\/09\/moufles-bebe-beiges-pompons-1-1-600x800.jpg\" class=\"woo-entry-image-main\" alt=\"Manoplas de beb\u00e9 con pompones &#8211; Beige\" itemprop=\"image\" srcset=\"https:\/\/voyagedelabaleine.fr\/wp-content\/uploads\/2024\/09\/moufles-bebe-beiges-pompons-1-1-600x800.jpg 600w, https:\/\/voyagedelabaleine.fr\/wp-content\/uploads\/2024\/09\/moufles-bebe-beiges-pompons-1-1-225x300.jpg 225w, https:\/\/voyagedelabaleine.fr\/wp-content\/uploads\/2024\/09\/moufles-bebe-beiges-pompons-1-1-768x1024.jpg 768w, https:\/\/voyagedelabaleine.fr\/wp-content\/uploads\/2024\/09\/moufles-bebe-beiges-pompons-1-1.jpg 908w\" sizes=\"(max-width: 600px) 100vw, 600px\" \/><img decoding=\"async\" width=\"600\" height=\"800\" src=\"https:\/\/voyagedelabaleine.fr\/wp-content\/uploads\/2024\/09\/moufles-bebe-beiges-pompons-2-1-600x800.jpg\" class=\"woo-entry-image-secondary\" alt=\"Manoplas de beb\u00e9 con pompones &#8211; Beige\" itemprop=\"image\" srcset=\"https:\/\/voyagedelabaleine.fr\/wp-content\/uploads\/2024\/09\/moufles-bebe-beiges-pompons-2-1-600x800.jpg 600w, https:\/\/voyagedelabaleine.fr\/wp-content\/uploads\/2024\/09\/moufles-bebe-beiges-pompons-2-1-225x300.jpg 225w, https:\/\/voyagedelabaleine.fr\/wp-content\/uploads\/2024\/09\/moufles-bebe-beiges-pompons-2-1.jpg 768w\" sizes=\"(max-width: 600px) 100vw, 600px\" \/><\/a>\t<\/div><!-- .woo-entry-image-swap -->\n\n<\/li><li class=\"title\"><h2><a href=\"https:\/\/voyagedelabaleine.fr\/es\/producto\/manoplas-de-bebe-con-pompones-beige\/\">Manoplas de beb\u00e9 con pompones &#8211; Beige<\/a><\/h2><\/li><li class=\"price-wrap\">\n\t<span class=\"price\"><span class=\"woocommerce-Price-amount amount\"><bdi>14<span class=\"woocommerce-Price-currencySymbol\">&euro;<\/span><\/bdi><\/span><\/span>\n<\/li><\/ul><\/div><!-- .product-inner .clr --><\/li>\n<\/ul>\n<\/div><\/div>\n\t\t\t\t\t\t<\/div>\n\t\t\t\t<\/div>\n\t\t<div class=\"elementor-element elementor-element-ec19a0b e-con-full e-flex e-con e-parent\" data-id=\"ec19a0b\" data-element_type=\"container\" data-e-type=\"container\">\n\t\t\t\t<div class=\"elementor-element elementor-element-9184fba elementor-widget-divider--separator-type-pattern elementor-widget-divider--view-line elementor-widget elementor-widget-divider\" data-id=\"9184fba\" data-element_type=\"widget\" data-e-type=\"widget\" data-widget_type=\"divider.default\">\n\t\t\t\t\t\t\t<div class=\"elementor-divider\" style=\"--divider-pattern-url: url(&quot;data:image\/svg+xml,%3Csvg xmlns=&#039;http:\/\/www.w3.org\/2000\/svg&#039; preserveAspectRatio=&#039;none&#039; overflow=&#039;visible&#039; height=&#039;100%&#039; viewBox=&#039;0 0 24 24&#039; fill=&#039;black&#039; stroke=&#039;none&#039;%3E%3Cpath d=&#039;M12.7,2.3c-0.4-0.4-1.1-0.4-1.5,0l-8,9.1c-0.3,0.4-0.3,0.9,0,1.2l8,9.1c0.4,0.4,1.1,0.4,1.5,0l8-9.1c0.3-0.4,0.3-0.9,0-1.2L12.7,2.3z&#039;\/%3E%3C\/svg%3E&quot;);\">\n\t\t\t<span class=\"elementor-divider-separator\">\n\t\t\t\t\t\t<\/span>\n\t\t<\/div>\n\t\t\t\t\t\t<\/div>\n\t\t\t\t<div class=\"elementor-element elementor-element-7f4afc0 elementor-widget elementor-widget-heading\" data-id=\"7f4afc0\" data-element_type=\"widget\" data-e-type=\"widget\" data-widget_type=\"heading.default\">\n\t\t\t\t\t<h2 class=\"elementor-heading-title elementor-size-default\">Vichy y compa\u00f1\u00eda<\/h2>\t\t\t\t<\/div>\n\t\t\t\t<div class=\"elementor-element elementor-element-e822d80 elementor-widget elementor-widget-shortcode\" data-id=\"e822d80\" data-element_type=\"widget\" data-e-type=\"widget\" data-widget_type=\"shortcode.default\">\n\t\t\t\t\t\t\t<div class=\"elementor-shortcode\"><div class=\"woocommerce columns-3 \">\r\n<ul class=\"products oceanwp-row clr grid tablet-col tablet-2-col mobile-col mobile-2-col\">\r\n<li class=\"entry has-media col span_1_of_3 owp-content-center owp-thumbs-layout-vertical owp-btn-big owp-tabs-layout-vertical circle-sale product type-product post-31804 status-publish first instock product_cat-blusa-camiseta-nacimiento product_cat-blusa-y-camiseta-nacimiento-nina product_cat-blusa-camiseta-bebe product_cat-blusa-camiseta-bebe-nina product_cat-blusa-camiseta-nina product_cat-blusa-camiseta-ninos product_cat-ropa has-post-thumbnail taxable shipping-taxable purchasable product-type-variable has-default-attributes\">\n\t<div class=\"product-inner clr\">\n\t<div class=\"woo-entry-image-swap woo-entry-image clr\">\n\t\t<a href=\"https:\/\/voyagedelabaleine.fr\/es\/producto\/camisa-bebe-nina-con-cuello-y-ribete-rojo-fantasia-crudo\/\" class=\"woocommerce-LoopProduct-link\"><img decoding=\"async\" width=\"600\" height=\"800\" src=\"https:\/\/voyagedelabaleine.fr\/wp-content\/uploads\/2025\/02\/blouse-bebe-col-fantaisie-600x800.jpg\" class=\"woo-entry-image-main\" alt=\"Camisa beb\u00e9 ni\u00f1a con cuello y ribete rojo fantas\u00eda &#8211; Crudo\" itemprop=\"image\" srcset=\"https:\/\/voyagedelabaleine.fr\/wp-content\/uploads\/2025\/02\/blouse-bebe-col-fantaisie-600x800.jpg 600w, https:\/\/voyagedelabaleine.fr\/wp-content\/uploads\/2025\/02\/blouse-bebe-col-fantaisie-224x300.jpg 224w\" sizes=\"(max-width: 600px) 100vw, 600px\" \/><img decoding=\"async\" width=\"600\" height=\"800\" src=\"https:\/\/voyagedelabaleine.fr\/wp-content\/uploads\/2025\/02\/blouse-bebe-col-fantaisie-2-600x800.jpg\" class=\"woo-entry-image-secondary\" alt=\"Camisa beb\u00e9 ni\u00f1a con cuello y ribete rojo fantas\u00eda &#8211; Crudo\" itemprop=\"image\" srcset=\"https:\/\/voyagedelabaleine.fr\/wp-content\/uploads\/2025\/02\/blouse-bebe-col-fantaisie-2-600x800.jpg 600w, https:\/\/voyagedelabaleine.fr\/wp-content\/uploads\/2025\/02\/blouse-bebe-col-fantaisie-2-225x300.jpg 225w, https:\/\/voyagedelabaleine.fr\/wp-content\/uploads\/2025\/02\/blouse-bebe-col-fantaisie-2-768x1024.jpg 768w, https:\/\/voyagedelabaleine.fr\/wp-content\/uploads\/2025\/02\/blouse-bebe-col-fantaisie-2.jpg 1018w\" sizes=\"(max-width: 600px) 100vw, 600px\" \/><\/a>\t<\/div><!-- .woo-entry-image-swap -->\n\n<ul class=\"woo-entry-inner clr\"><li class=\"image-wrap\">\n\t<div class=\"woo-entry-image-swap woo-entry-image clr\">\n\t\t<a href=\"https:\/\/voyagedelabaleine.fr\/es\/producto\/camisa-bebe-nina-con-cuello-y-ribete-rojo-fantasia-crudo\/\" class=\"woocommerce-LoopProduct-link\"><img decoding=\"async\" width=\"600\" height=\"800\" src=\"https:\/\/voyagedelabaleine.fr\/wp-content\/uploads\/2025\/02\/blouse-bebe-col-fantaisie-600x800.jpg\" class=\"woo-entry-image-main\" alt=\"Camisa beb\u00e9 ni\u00f1a con cuello y ribete rojo fantas\u00eda &#8211; Crudo\" itemprop=\"image\" srcset=\"https:\/\/voyagedelabaleine.fr\/wp-content\/uploads\/2025\/02\/blouse-bebe-col-fantaisie-600x800.jpg 600w, https:\/\/voyagedelabaleine.fr\/wp-content\/uploads\/2025\/02\/blouse-bebe-col-fantaisie-224x300.jpg 224w\" sizes=\"(max-width: 600px) 100vw, 600px\" \/><img decoding=\"async\" width=\"600\" height=\"800\" src=\"https:\/\/voyagedelabaleine.fr\/wp-content\/uploads\/2025\/02\/blouse-bebe-col-fantaisie-2-600x800.jpg\" class=\"woo-entry-image-secondary\" alt=\"Camisa beb\u00e9 ni\u00f1a con cuello y ribete rojo fantas\u00eda &#8211; Crudo\" itemprop=\"image\" srcset=\"https:\/\/voyagedelabaleine.fr\/wp-content\/uploads\/2025\/02\/blouse-bebe-col-fantaisie-2-600x800.jpg 600w, https:\/\/voyagedelabaleine.fr\/wp-content\/uploads\/2025\/02\/blouse-bebe-col-fantaisie-2-225x300.jpg 225w, https:\/\/voyagedelabaleine.fr\/wp-content\/uploads\/2025\/02\/blouse-bebe-col-fantaisie-2-768x1024.jpg 768w, https:\/\/voyagedelabaleine.fr\/wp-content\/uploads\/2025\/02\/blouse-bebe-col-fantaisie-2.jpg 1018w\" sizes=\"(max-width: 600px) 100vw, 600px\" \/><\/a>\t<\/div><!-- .woo-entry-image-swap -->\n\n<\/li><li class=\"title\"><h2><a href=\"https:\/\/voyagedelabaleine.fr\/es\/producto\/camisa-bebe-nina-con-cuello-y-ribete-rojo-fantasia-crudo\/\">Camisa beb\u00e9 ni\u00f1a con cuello y ribete rojo fantas\u00eda &#8211; Crudo<\/a><\/h2><\/li><li class=\"price-wrap\">\n\t<span class=\"price\"><span class=\"woocommerce-Price-amount amount\"><bdi>32<span class=\"woocommerce-Price-currencySymbol\">&euro;<\/span><\/bdi><\/span><\/span>\n<\/li><\/ul><\/div><!-- .product-inner .clr --><\/li>\n<li class=\"entry has-media col span_1_of_3 owp-content-center owp-thumbs-layout-vertical owp-btn-big owp-tabs-layout-vertical circle-sale product type-product post-29292 status-publish instock product_cat-blusa-y-camiseta-nacimiento-nina product_cat-pelele-peto-ranita-nacimiento product_cat-pelele-peto-ranita-bebe product_cat-pelele-peto-ranita-bebe-nina product_cat-ropa has-post-thumbnail taxable shipping-taxable purchasable product-type-variable has-default-attributes\">\n\t<div class=\"product-inner clr\">\n\t<div class=\"woo-entry-image-swap woo-entry-image clr\">\n\t\t<a href=\"https:\/\/voyagedelabaleine.fr\/es\/producto\/peto-de-bebe-nina-de-vichy-con-volantes-rojo\/\" class=\"woocommerce-LoopProduct-link\"><img decoding=\"async\" width=\"600\" height=\"800\" src=\"https:\/\/voyagedelabaleine.fr\/wp-content\/uploads\/2024\/09\/salopette-bebe-vichy-rouge-3-600x800.jpg\" class=\"woo-entry-image-main\" alt=\"Peto de beb\u00e9 ni\u00f1a de vichy con volantes &#8211; Rojo\" itemprop=\"image\" srcset=\"https:\/\/voyagedelabaleine.fr\/wp-content\/uploads\/2024\/09\/salopette-bebe-vichy-rouge-3-600x800.jpg 600w, https:\/\/voyagedelabaleine.fr\/wp-content\/uploads\/2024\/09\/salopette-bebe-vichy-rouge-3-225x300.jpg 225w, https:\/\/voyagedelabaleine.fr\/wp-content\/uploads\/2024\/09\/salopette-bebe-vichy-rouge-3-768x1024.jpg 768w, https:\/\/voyagedelabaleine.fr\/wp-content\/uploads\/2024\/09\/salopette-bebe-vichy-rouge-3-1152x1536.jpg 1152w, https:\/\/voyagedelabaleine.fr\/wp-content\/uploads\/2024\/09\/salopette-bebe-vichy-rouge-3.jpg 1200w\" sizes=\"(max-width: 600px) 100vw, 600px\" \/><img decoding=\"async\" width=\"600\" height=\"800\" src=\"https:\/\/voyagedelabaleine.fr\/wp-content\/uploads\/2024\/09\/salopette-bebe-vichy-rouge-2-600x800.jpg\" class=\"woo-entry-image-secondary\" alt=\"Peto de beb\u00e9 ni\u00f1a de vichy con volantes &#8211; Rojo\" itemprop=\"image\" srcset=\"https:\/\/voyagedelabaleine.fr\/wp-content\/uploads\/2024\/09\/salopette-bebe-vichy-rouge-2-600x800.jpg 600w, https:\/\/voyagedelabaleine.fr\/wp-content\/uploads\/2024\/09\/salopette-bebe-vichy-rouge-2-225x300.jpg 225w, https:\/\/voyagedelabaleine.fr\/wp-content\/uploads\/2024\/09\/salopette-bebe-vichy-rouge-2-768x1024.jpg 768w, https:\/\/voyagedelabaleine.fr\/wp-content\/uploads\/2024\/09\/salopette-bebe-vichy-rouge-2.jpg 800w\" sizes=\"(max-width: 600px) 100vw, 600px\" \/><\/a>\t<\/div><!-- .woo-entry-image-swap -->\n\n<ul class=\"woo-entry-inner clr\"><li class=\"image-wrap\">\n\t<div class=\"woo-entry-image-swap woo-entry-image clr\">\n\t\t<a href=\"https:\/\/voyagedelabaleine.fr\/es\/producto\/peto-de-bebe-nina-de-vichy-con-volantes-rojo\/\" class=\"woocommerce-LoopProduct-link\"><img decoding=\"async\" width=\"600\" height=\"800\" src=\"https:\/\/voyagedelabaleine.fr\/wp-content\/uploads\/2024\/09\/salopette-bebe-vichy-rouge-3-600x800.jpg\" class=\"woo-entry-image-main\" alt=\"Peto de beb\u00e9 ni\u00f1a de vichy con volantes &#8211; Rojo\" itemprop=\"image\" srcset=\"https:\/\/voyagedelabaleine.fr\/wp-content\/uploads\/2024\/09\/salopette-bebe-vichy-rouge-3-600x800.jpg 600w, https:\/\/voyagedelabaleine.fr\/wp-content\/uploads\/2024\/09\/salopette-bebe-vichy-rouge-3-225x300.jpg 225w, https:\/\/voyagedelabaleine.fr\/wp-content\/uploads\/2024\/09\/salopette-bebe-vichy-rouge-3-768x1024.jpg 768w, https:\/\/voyagedelabaleine.fr\/wp-content\/uploads\/2024\/09\/salopette-bebe-vichy-rouge-3-1152x1536.jpg 1152w, https:\/\/voyagedelabaleine.fr\/wp-content\/uploads\/2024\/09\/salopette-bebe-vichy-rouge-3.jpg 1200w\" sizes=\"(max-width: 600px) 100vw, 600px\" \/><img decoding=\"async\" width=\"600\" height=\"800\" src=\"https:\/\/voyagedelabaleine.fr\/wp-content\/uploads\/2024\/09\/salopette-bebe-vichy-rouge-2-600x800.jpg\" class=\"woo-entry-image-secondary\" alt=\"Peto de beb\u00e9 ni\u00f1a de vichy con volantes &#8211; Rojo\" itemprop=\"image\" srcset=\"https:\/\/voyagedelabaleine.fr\/wp-content\/uploads\/2024\/09\/salopette-bebe-vichy-rouge-2-600x800.jpg 600w, https:\/\/voyagedelabaleine.fr\/wp-content\/uploads\/2024\/09\/salopette-bebe-vichy-rouge-2-225x300.jpg 225w, https:\/\/voyagedelabaleine.fr\/wp-content\/uploads\/2024\/09\/salopette-bebe-vichy-rouge-2-768x1024.jpg 768w, https:\/\/voyagedelabaleine.fr\/wp-content\/uploads\/2024\/09\/salopette-bebe-vichy-rouge-2.jpg 800w\" sizes=\"(max-width: 600px) 100vw, 600px\" \/><\/a>\t<\/div><!-- .woo-entry-image-swap -->\n\n<\/li><li class=\"title\"><h2><a href=\"https:\/\/voyagedelabaleine.fr\/es\/producto\/peto-de-bebe-nina-de-vichy-con-volantes-rojo\/\">Peto de beb\u00e9 ni\u00f1a de vichy con volantes &#8211; Rojo<\/a><\/h2><\/li><li class=\"price-wrap\">\n\t<span class=\"price\"><span class=\"woocommerce-Price-amount amount\"><bdi>42<span class=\"woocommerce-Price-currencySymbol\">&euro;<\/span><\/bdi><\/span><\/span>\n<\/li><\/ul><\/div><!-- .product-inner .clr --><\/li>\n<li class=\"entry has-media col span_1_of_3 owp-content-center owp-thumbs-layout-vertical owp-btn-big owp-tabs-layout-vertical circle-sale product type-product post-34185 status-publish last instock product_cat-calcetines-leotardos-nacimiento product_cat-calcetines-leotardos-nacimiento-nina product_cat-calcetines-leotardos-nacimiento-nino product_cat-calcetines-leotardos-bebe-nina product_cat-calcetines-leotardos-bebe-nino product_cat-calcetines-leotardos-bebes-ninos product_cat-calcetines-leotardos-nina product_cat-calcetines-leotardos-nino product_cat-calcetines-leotardos-ninos has-post-thumbnail taxable shipping-taxable purchasable product-type-variable has-default-attributes\">\n\t<div class=\"product-inner clr\">\n\t<div class=\"woo-entry-image-swap woo-entry-image clr\">\n\t\t<a href=\"https:\/\/voyagedelabaleine.fr\/es\/producto\/lote-de-2-leotardos-de-bebe-lisos-crema-rojo\/\" class=\"woocommerce-LoopProduct-link\"><img decoding=\"async\" width=\"600\" height=\"800\" src=\"https:\/\/voyagedelabaleine.fr\/wp-content\/uploads\/2024\/08\/lot-2-collants-unis-creme-rouge-2-600x800.jpg\" class=\"woo-entry-image-main\" alt=\"Lote de 2 leotardos de beb\u00e9 lisos &#8211; Crema\/rojo\" itemprop=\"image\" srcset=\"https:\/\/voyagedelabaleine.fr\/wp-content\/uploads\/2024\/08\/lot-2-collants-unis-creme-rouge-2-600x799.jpg 600w, https:\/\/voyagedelabaleine.fr\/wp-content\/uploads\/2024\/08\/lot-2-collants-unis-creme-rouge-2-225x300.jpg 225w, https:\/\/voyagedelabaleine.fr\/wp-content\/uploads\/2024\/08\/lot-2-collants-unis-creme-rouge-2-768x1023.jpg 768w, https:\/\/voyagedelabaleine.fr\/wp-content\/uploads\/2024\/08\/lot-2-collants-unis-creme-rouge-2-769x1024.jpg 769w, https:\/\/voyagedelabaleine.fr\/wp-content\/uploads\/2024\/08\/lot-2-collants-unis-creme-rouge-2.jpg 864w\" sizes=\"(max-width: 600px) 100vw, 600px\" \/><img decoding=\"async\" width=\"600\" height=\"800\" src=\"https:\/\/voyagedelabaleine.fr\/wp-content\/uploads\/2024\/08\/lot-2-collants-unis-creme-rouge-1-600x800.jpg\" class=\"woo-entry-image-secondary\" alt=\"Lote de 2 leotardos de beb\u00e9 lisos &#8211; Crema\/rojo\" itemprop=\"image\" srcset=\"https:\/\/voyagedelabaleine.fr\/wp-content\/uploads\/2024\/08\/lot-2-collants-unis-creme-rouge-1-600x800.jpg 600w, https:\/\/voyagedelabaleine.fr\/wp-content\/uploads\/2024\/08\/lot-2-collants-unis-creme-rouge-1-225x300.jpg 225w, https:\/\/voyagedelabaleine.fr\/wp-content\/uploads\/2024\/08\/lot-2-collants-unis-creme-rouge-1.jpg 620w\" sizes=\"(max-width: 600px) 100vw, 600px\" \/><\/a>\t<\/div><!-- .woo-entry-image-swap -->\n\n<ul class=\"woo-entry-inner clr\"><li class=\"image-wrap\">\n\t<div class=\"woo-entry-image-swap woo-entry-image clr\">\n\t\t<a href=\"https:\/\/voyagedelabaleine.fr\/es\/producto\/lote-de-2-leotardos-de-bebe-lisos-crema-rojo\/\" class=\"woocommerce-LoopProduct-link\"><img decoding=\"async\" width=\"600\" height=\"800\" src=\"https:\/\/voyagedelabaleine.fr\/wp-content\/uploads\/2024\/08\/lot-2-collants-unis-creme-rouge-2-600x800.jpg\" class=\"woo-entry-image-main\" alt=\"Lote de 2 leotardos de beb\u00e9 lisos &#8211; Crema\/rojo\" itemprop=\"image\" srcset=\"https:\/\/voyagedelabaleine.fr\/wp-content\/uploads\/2024\/08\/lot-2-collants-unis-creme-rouge-2-600x799.jpg 600w, https:\/\/voyagedelabaleine.fr\/wp-content\/uploads\/2024\/08\/lot-2-collants-unis-creme-rouge-2-225x300.jpg 225w, https:\/\/voyagedelabaleine.fr\/wp-content\/uploads\/2024\/08\/lot-2-collants-unis-creme-rouge-2-768x1023.jpg 768w, https:\/\/voyagedelabaleine.fr\/wp-content\/uploads\/2024\/08\/lot-2-collants-unis-creme-rouge-2-769x1024.jpg 769w, https:\/\/voyagedelabaleine.fr\/wp-content\/uploads\/2024\/08\/lot-2-collants-unis-creme-rouge-2.jpg 864w\" sizes=\"(max-width: 600px) 100vw, 600px\" \/><img decoding=\"async\" width=\"600\" height=\"800\" src=\"https:\/\/voyagedelabaleine.fr\/wp-content\/uploads\/2024\/08\/lot-2-collants-unis-creme-rouge-1-600x800.jpg\" class=\"woo-entry-image-secondary\" alt=\"Lote de 2 leotardos de beb\u00e9 lisos &#8211; Crema\/rojo\" itemprop=\"image\" srcset=\"https:\/\/voyagedelabaleine.fr\/wp-content\/uploads\/2024\/08\/lot-2-collants-unis-creme-rouge-1-600x800.jpg 600w, https:\/\/voyagedelabaleine.fr\/wp-content\/uploads\/2024\/08\/lot-2-collants-unis-creme-rouge-1-225x300.jpg 225w, https:\/\/voyagedelabaleine.fr\/wp-content\/uploads\/2024\/08\/lot-2-collants-unis-creme-rouge-1.jpg 620w\" sizes=\"(max-width: 600px) 100vw, 600px\" \/><\/a>\t<\/div><!-- .woo-entry-image-swap -->\n\n<\/li><li class=\"title\"><h2><a href=\"https:\/\/voyagedelabaleine.fr\/es\/producto\/lote-de-2-leotardos-de-bebe-lisos-crema-rojo\/\">Lote de 2 leotardos de beb\u00e9 lisos &#8211; Crema\/rojo<\/a><\/h2><\/li><li class=\"price-wrap\">\n\t<span class=\"price\"><span class=\"woocommerce-Price-amount amount\"><bdi>27<span class=\"woocommerce-Price-currencySymbol\">&euro;<\/span><\/bdi><\/span><\/span>\n<\/li><\/ul><\/div><!-- .product-inner .clr --><\/li>\n<\/ul>\n<\/div><\/div>\n\t\t\t\t\t\t<\/div>\n\t\t\t\t<\/div>\n\t\t<div class=\"elementor-element elementor-element-7c77f7a e-con-full e-flex e-con e-parent\" data-id=\"7c77f7a\" data-element_type=\"container\" data-e-type=\"container\">\n\t\t\t\t<div class=\"elementor-element elementor-element-19db8ce elementor-widget-divider--separator-type-pattern elementor-widget-divider--view-line elementor-widget elementor-widget-divider\" data-id=\"19db8ce\" data-element_type=\"widget\" data-e-type=\"widget\" data-widget_type=\"divider.default\">\n\t\t\t\t\t\t\t<div class=\"elementor-divider\" style=\"--divider-pattern-url: url(&quot;data:image\/svg+xml,%3Csvg xmlns=&#039;http:\/\/www.w3.org\/2000\/svg&#039; preserveAspectRatio=&#039;none&#039; overflow=&#039;visible&#039; height=&#039;100%&#039; viewBox=&#039;0 0 24 24&#039; fill=&#039;black&#039; stroke=&#039;none&#039;%3E%3Cpath d=&#039;M12.7,2.3c-0.4-0.4-1.1-0.4-1.5,0l-8,9.1c-0.3,0.4-0.3,0.9,0,1.2l8,9.1c0.4,0.4,1.1,0.4,1.5,0l8-9.1c0.3-0.4,0.3-0.9,0-1.2L12.7,2.3z&#039;\/%3E%3C\/svg%3E&quot;);\">\n\t\t\t<span class=\"elementor-divider-separator\">\n\t\t\t\t\t\t<\/span>\n\t\t<\/div>\n\t\t\t\t\t\t<\/div>\n\t\t\t\t<div class=\"elementor-element elementor-element-09dbecd elementor-widget elementor-widget-heading\" data-id=\"09dbecd\" data-element_type=\"widget\" data-e-type=\"widget\" data-widget_type=\"heading.default\">\n\t\t\t\t\t<h2 class=\"elementor-heading-title elementor-size-default\">Enso\u00f1aciones azules<\/h2>\t\t\t\t<\/div>\n\t\t\t\t<div class=\"elementor-element elementor-element-e7e3211 elementor-widget elementor-widget-shortcode\" data-id=\"e7e3211\" data-element_type=\"widget\" data-e-type=\"widget\" data-widget_type=\"shortcode.default\">\n\t\t\t\t\t\t\t<div class=\"elementor-shortcode\"><div class=\"woocommerce columns-3 \">\r\n<ul class=\"products oceanwp-row clr grid tablet-col tablet-2-col mobile-col mobile-2-col\">\r\n<li class=\"entry has-media has-rating col span_1_of_3 owp-content-center owp-thumbs-layout-vertical owp-btn-big owp-tabs-layout-vertical circle-sale product type-product post-31218 status-publish first instock product_cat-blusa-camiseta-nacimiento product_cat-blusa-camiseta-nacimiento-nino product_cat-blusa-camiseta-bebe product_cat-blusa-camiseta-bebe-nino product_cat-blusa-camiseta-nino product_cat-blusa-camiseta-ninos product_cat-ropa has-post-thumbnail taxable shipping-taxable purchasable product-type-variable has-default-attributes\">\n\t<div class=\"product-inner clr\">\n\t<div class=\"woo-entry-image-swap woo-entry-image clr\">\n\t\t<a href=\"https:\/\/voyagedelabaleine.fr\/es\/producto\/camisa-de-bebe-nino-con-cuello-redondo-en-gasa-de-algodon-blanco\/\" class=\"woocommerce-LoopProduct-link\"><img decoding=\"async\" width=\"600\" height=\"800\" src=\"https:\/\/voyagedelabaleine.fr\/wp-content\/uploads\/2024\/09\/chemise-bebe-col-rond-gaze-de-coton-3-600x800.jpg\" class=\"woo-entry-image-main\" alt=\"Camisa de beb\u00e9 ni\u00f1o con cuello redondo en gasa de algod\u00f3n &#8211; Blanco\" itemprop=\"image\" srcset=\"https:\/\/voyagedelabaleine.fr\/wp-content\/uploads\/2024\/09\/chemise-bebe-col-rond-gaze-de-coton-3-600x800.jpg 600w, https:\/\/voyagedelabaleine.fr\/wp-content\/uploads\/2024\/09\/chemise-bebe-col-rond-gaze-de-coton-3-225x300.jpg 225w, https:\/\/voyagedelabaleine.fr\/wp-content\/uploads\/2024\/09\/chemise-bebe-col-rond-gaze-de-coton-3-768x1024.jpg 768w, https:\/\/voyagedelabaleine.fr\/wp-content\/uploads\/2024\/09\/chemise-bebe-col-rond-gaze-de-coton-3.jpg 866w\" sizes=\"(max-width: 600px) 100vw, 600px\" \/><img decoding=\"async\" width=\"600\" height=\"800\" src=\"https:\/\/voyagedelabaleine.fr\/wp-content\/uploads\/2024\/09\/chemise-bebe-col-rond-gaze-de-coton-2-600x800.jpg\" class=\"woo-entry-image-secondary\" alt=\"Camisa de beb\u00e9 ni\u00f1o con cuello redondo en gasa de algod\u00f3n &#8211; Blanco\" itemprop=\"image\" srcset=\"https:\/\/voyagedelabaleine.fr\/wp-content\/uploads\/2024\/09\/chemise-bebe-col-rond-gaze-de-coton-2-600x800.jpg 600w, https:\/\/voyagedelabaleine.fr\/wp-content\/uploads\/2024\/09\/chemise-bebe-col-rond-gaze-de-coton-2-224x300.jpg 224w\" sizes=\"(max-width: 600px) 100vw, 600px\" \/><\/a>\t<\/div><!-- .woo-entry-image-swap -->\n\n<ul class=\"woo-entry-inner clr\"><li class=\"image-wrap\">\n\t<div class=\"woo-entry-image-swap woo-entry-image clr\">\n\t\t<a href=\"https:\/\/voyagedelabaleine.fr\/es\/producto\/camisa-de-bebe-nino-con-cuello-redondo-en-gasa-de-algodon-blanco\/\" class=\"woocommerce-LoopProduct-link\"><img decoding=\"async\" width=\"600\" height=\"800\" src=\"https:\/\/voyagedelabaleine.fr\/wp-content\/uploads\/2024\/09\/chemise-bebe-col-rond-gaze-de-coton-3-600x800.jpg\" class=\"woo-entry-image-main\" alt=\"Camisa de beb\u00e9 ni\u00f1o con cuello redondo en gasa de algod\u00f3n &#8211; Blanco\" itemprop=\"image\" srcset=\"https:\/\/voyagedelabaleine.fr\/wp-content\/uploads\/2024\/09\/chemise-bebe-col-rond-gaze-de-coton-3-600x800.jpg 600w, https:\/\/voyagedelabaleine.fr\/wp-content\/uploads\/2024\/09\/chemise-bebe-col-rond-gaze-de-coton-3-225x300.jpg 225w, https:\/\/voyagedelabaleine.fr\/wp-content\/uploads\/2024\/09\/chemise-bebe-col-rond-gaze-de-coton-3-768x1024.jpg 768w, https:\/\/voyagedelabaleine.fr\/wp-content\/uploads\/2024\/09\/chemise-bebe-col-rond-gaze-de-coton-3.jpg 866w\" sizes=\"(max-width: 600px) 100vw, 600px\" \/><img decoding=\"async\" width=\"600\" height=\"800\" src=\"https:\/\/voyagedelabaleine.fr\/wp-content\/uploads\/2024\/09\/chemise-bebe-col-rond-gaze-de-coton-2-600x800.jpg\" class=\"woo-entry-image-secondary\" alt=\"Camisa de beb\u00e9 ni\u00f1o con cuello redondo en gasa de algod\u00f3n &#8211; Blanco\" itemprop=\"image\" srcset=\"https:\/\/voyagedelabaleine.fr\/wp-content\/uploads\/2024\/09\/chemise-bebe-col-rond-gaze-de-coton-2-600x800.jpg 600w, https:\/\/voyagedelabaleine.fr\/wp-content\/uploads\/2024\/09\/chemise-bebe-col-rond-gaze-de-coton-2-224x300.jpg 224w\" sizes=\"(max-width: 600px) 100vw, 600px\" \/><\/a>\t<\/div><!-- .woo-entry-image-swap -->\n\n<\/li><li class=\"title\"><h2><a href=\"https:\/\/voyagedelabaleine.fr\/es\/producto\/camisa-de-bebe-nino-con-cuello-redondo-en-gasa-de-algodon-blanco\/\">Camisa de beb\u00e9 ni\u00f1o con cuello redondo en gasa de algod\u00f3n &#8211; Blanco<\/a><\/h2><\/li><li class=\"price-wrap\">\n\t<span class=\"price\"><span class=\"woocommerce-Price-amount amount\"><bdi>24<span class=\"woocommerce-Price-currencySymbol\">&euro;<\/span><\/bdi><\/span><\/span>\n<\/li><\/ul><\/div><!-- .product-inner .clr --><\/li>\n<li class=\"entry has-media has-rating col span_1_of_3 owp-content-center owp-thumbs-layout-vertical owp-btn-big owp-tabs-layout-vertical circle-sale product type-product post-29310 status-publish instock product_cat-pelele-peto-ranita-nacimiento product_cat-pelele-peto-ranita-nacimiento-nina product_cat-pelele-peto-ranita-nacimiento-nino product_cat-pelele-peto-ranita-bebe product_cat-pelele-peto-ranita-bebe-nina product_cat-pelele-peto-ranita-bebe-nino product_cat-ropa has-post-thumbnail taxable shipping-taxable purchasable product-type-variable has-default-attributes\">\n\t<div class=\"product-inner clr\">\n\t<div class=\"woo-entry-image-swap woo-entry-image clr\">\n\t\t<a href=\"https:\/\/voyagedelabaleine.fr\/es\/producto\/peto-de-bebe-unisex-calido-azul-cielo\/\" class=\"woocommerce-LoopProduct-link\"><img decoding=\"async\" width=\"600\" height=\"800\" src=\"https:\/\/voyagedelabaleine.fr\/wp-content\/uploads\/2024\/09\/salopette-bebe-chaude-2-600x800.jpg\" class=\"woo-entry-image-main\" alt=\"Peto de beb\u00e9 unisex c\u00e1lido &#8211; Azul cielo\" itemprop=\"image\" srcset=\"https:\/\/voyagedelabaleine.fr\/wp-content\/uploads\/2024\/09\/salopette-bebe-chaude-2-600x801.jpg 600w, https:\/\/voyagedelabaleine.fr\/wp-content\/uploads\/2024\/09\/salopette-bebe-chaude-2-225x300.jpg 225w, https:\/\/voyagedelabaleine.fr\/wp-content\/uploads\/2024\/09\/salopette-bebe-chaude-2-768x1025.jpg 768w, https:\/\/voyagedelabaleine.fr\/wp-content\/uploads\/2024\/09\/salopette-bebe-chaude-2-1151x1536.jpg 1151w, https:\/\/voyagedelabaleine.fr\/wp-content\/uploads\/2024\/09\/salopette-bebe-chaude-2.jpg 1200w\" sizes=\"(max-width: 600px) 100vw, 600px\" \/><img decoding=\"async\" width=\"600\" height=\"800\" src=\"https:\/\/voyagedelabaleine.fr\/wp-content\/uploads\/2024\/09\/salopette-bebe-chaude-1-600x800.jpg\" class=\"woo-entry-image-secondary\" alt=\"Peto de beb\u00e9 unisex c\u00e1lido &#8211; Azul cielo\" itemprop=\"image\" srcset=\"https:\/\/voyagedelabaleine.fr\/wp-content\/uploads\/2024\/09\/salopette-bebe-chaude-1-600x800.jpg 600w, https:\/\/voyagedelabaleine.fr\/wp-content\/uploads\/2024\/09\/salopette-bebe-chaude-1-225x300.jpg 225w, https:\/\/voyagedelabaleine.fr\/wp-content\/uploads\/2024\/09\/salopette-bebe-chaude-1-768x1023.jpg 768w, https:\/\/voyagedelabaleine.fr\/wp-content\/uploads\/2024\/09\/salopette-bebe-chaude-1-1153x1536.jpg 1153w, https:\/\/voyagedelabaleine.fr\/wp-content\/uploads\/2024\/09\/salopette-bebe-chaude-1.jpg 1215w\" sizes=\"(max-width: 600px) 100vw, 600px\" \/><\/a>\t<\/div><!-- .woo-entry-image-swap -->\n\n<ul class=\"woo-entry-inner clr\"><li class=\"image-wrap\">\n\t<div class=\"woo-entry-image-swap woo-entry-image clr\">\n\t\t<a href=\"https:\/\/voyagedelabaleine.fr\/es\/producto\/peto-de-bebe-unisex-calido-azul-cielo\/\" class=\"woocommerce-LoopProduct-link\"><img decoding=\"async\" width=\"600\" height=\"800\" src=\"https:\/\/voyagedelabaleine.fr\/wp-content\/uploads\/2024\/09\/salopette-bebe-chaude-2-600x800.jpg\" class=\"woo-entry-image-main\" alt=\"Peto de beb\u00e9 unisex c\u00e1lido &#8211; Azul cielo\" itemprop=\"image\" srcset=\"https:\/\/voyagedelabaleine.fr\/wp-content\/uploads\/2024\/09\/salopette-bebe-chaude-2-600x801.jpg 600w, https:\/\/voyagedelabaleine.fr\/wp-content\/uploads\/2024\/09\/salopette-bebe-chaude-2-225x300.jpg 225w, https:\/\/voyagedelabaleine.fr\/wp-content\/uploads\/2024\/09\/salopette-bebe-chaude-2-768x1025.jpg 768w, https:\/\/voyagedelabaleine.fr\/wp-content\/uploads\/2024\/09\/salopette-bebe-chaude-2-1151x1536.jpg 1151w, https:\/\/voyagedelabaleine.fr\/wp-content\/uploads\/2024\/09\/salopette-bebe-chaude-2.jpg 1200w\" sizes=\"(max-width: 600px) 100vw, 600px\" \/><img decoding=\"async\" width=\"600\" height=\"800\" src=\"https:\/\/voyagedelabaleine.fr\/wp-content\/uploads\/2024\/09\/salopette-bebe-chaude-1-600x800.jpg\" class=\"woo-entry-image-secondary\" alt=\"Peto de beb\u00e9 unisex c\u00e1lido &#8211; Azul cielo\" itemprop=\"image\" srcset=\"https:\/\/voyagedelabaleine.fr\/wp-content\/uploads\/2024\/09\/salopette-bebe-chaude-1-600x800.jpg 600w, https:\/\/voyagedelabaleine.fr\/wp-content\/uploads\/2024\/09\/salopette-bebe-chaude-1-225x300.jpg 225w, https:\/\/voyagedelabaleine.fr\/wp-content\/uploads\/2024\/09\/salopette-bebe-chaude-1-768x1023.jpg 768w, https:\/\/voyagedelabaleine.fr\/wp-content\/uploads\/2024\/09\/salopette-bebe-chaude-1-1153x1536.jpg 1153w, https:\/\/voyagedelabaleine.fr\/wp-content\/uploads\/2024\/09\/salopette-bebe-chaude-1.jpg 1215w\" sizes=\"(max-width: 600px) 100vw, 600px\" \/><\/a>\t<\/div><!-- .woo-entry-image-swap -->\n\n<\/li><li class=\"title\"><h2><a href=\"https:\/\/voyagedelabaleine.fr\/es\/producto\/peto-de-bebe-unisex-calido-azul-cielo\/\">Peto de beb\u00e9 unisex c\u00e1lido &#8211; Azul cielo<\/a><\/h2><\/li><li class=\"price-wrap\">\n\t<span class=\"price\"><span class=\"woocommerce-Price-amount amount\"><bdi>44<span class=\"woocommerce-Price-currencySymbol\">&euro;<\/span><\/bdi><\/span><\/span>\n<\/li><\/ul><\/div><!-- .product-inner .clr --><\/li>\n<li class=\"entry has-media has-rating col span_1_of_3 owp-content-center owp-thumbs-layout-vertical owp-btn-big owp-tabs-layout-vertical circle-sale product type-product post-33930 status-publish last instock product_cat-calcetines-leotardos-nacimiento product_cat-calcetines-leotardos-nacimiento-nina product_cat-calcetines-leotardos-nacimiento-nino product_cat-calcetines-leotardos-bebe-nina product_cat-calcetines-leotardos-bebe-nino product_cat-calcetines-leotardos-bebes-ninos product_cat-calcetines-leotardos-nina product_cat-calcetines-leotardos-nino product_cat-calcetines-leotardos-ninos has-post-thumbnail taxable shipping-taxable purchasable product-type-variable has-default-attributes\">\n\t<div class=\"product-inner clr\">\n\t<div class=\"woo-entry-image-swap woo-entry-image clr\">\n\t\t<a href=\"https:\/\/voyagedelabaleine.fr\/es\/producto\/leotardos-de-lana-merina-gris\/\" class=\"woocommerce-LoopProduct-link\"><img decoding=\"async\" width=\"600\" height=\"800\" src=\"https:\/\/voyagedelabaleine.fr\/wp-content\/uploads\/2024\/07\/collant-bebe-laine-merinos-gris-1-600x800.jpg\" class=\"woo-entry-image-main\" alt=\"Leotardos de lana merina &#8211; Gris\" itemprop=\"image\" srcset=\"https:\/\/voyagedelabaleine.fr\/wp-content\/uploads\/2024\/07\/collant-bebe-laine-merinos-gris-1-600x800.jpg 600w, https:\/\/voyagedelabaleine.fr\/wp-content\/uploads\/2024\/07\/collant-bebe-laine-merinos-gris-1-225x300.jpg 225w, https:\/\/voyagedelabaleine.fr\/wp-content\/uploads\/2024\/07\/collant-bebe-laine-merinos-gris-1-768x1024.jpg 768w, https:\/\/voyagedelabaleine.fr\/wp-content\/uploads\/2024\/07\/collant-bebe-laine-merinos-gris-1.jpg 812w\" sizes=\"(max-width: 600px) 100vw, 600px\" \/><img decoding=\"async\" width=\"409\" height=\"545\" src=\"https:\/\/voyagedelabaleine.fr\/wp-content\/uploads\/2024\/07\/collant-bebe-laine-merinos-gris-2.jpg\" class=\"woo-entry-image-secondary\" alt=\"Leotardos de lana merina &#8211; Gris\" itemprop=\"image\" srcset=\"https:\/\/voyagedelabaleine.fr\/wp-content\/uploads\/2024\/07\/collant-bebe-laine-merinos-gris-2.jpg 409w, https:\/\/voyagedelabaleine.fr\/wp-content\/uploads\/2024\/07\/collant-bebe-laine-merinos-gris-2-225x300.jpg 225w\" sizes=\"(max-width: 409px) 100vw, 409px\" \/><\/a>\t<\/div><!-- .woo-entry-image-swap -->\n\n<ul class=\"woo-entry-inner clr\"><li class=\"image-wrap\">\n\t<div class=\"woo-entry-image-swap woo-entry-image clr\">\n\t\t<a href=\"https:\/\/voyagedelabaleine.fr\/es\/producto\/leotardos-de-lana-merina-gris\/\" class=\"woocommerce-LoopProduct-link\"><img decoding=\"async\" width=\"600\" height=\"800\" src=\"https:\/\/voyagedelabaleine.fr\/wp-content\/uploads\/2024\/07\/collant-bebe-laine-merinos-gris-1-600x800.jpg\" class=\"woo-entry-image-main\" alt=\"Leotardos de lana merina &#8211; Gris\" itemprop=\"image\" srcset=\"https:\/\/voyagedelabaleine.fr\/wp-content\/uploads\/2024\/07\/collant-bebe-laine-merinos-gris-1-600x800.jpg 600w, https:\/\/voyagedelabaleine.fr\/wp-content\/uploads\/2024\/07\/collant-bebe-laine-merinos-gris-1-225x300.jpg 225w, https:\/\/voyagedelabaleine.fr\/wp-content\/uploads\/2024\/07\/collant-bebe-laine-merinos-gris-1-768x1024.jpg 768w, https:\/\/voyagedelabaleine.fr\/wp-content\/uploads\/2024\/07\/collant-bebe-laine-merinos-gris-1.jpg 812w\" sizes=\"(max-width: 600px) 100vw, 600px\" \/><img decoding=\"async\" width=\"409\" height=\"545\" src=\"https:\/\/voyagedelabaleine.fr\/wp-content\/uploads\/2024\/07\/collant-bebe-laine-merinos-gris-2.jpg\" class=\"woo-entry-image-secondary\" alt=\"Leotardos de lana merina &#8211; Gris\" itemprop=\"image\" srcset=\"https:\/\/voyagedelabaleine.fr\/wp-content\/uploads\/2024\/07\/collant-bebe-laine-merinos-gris-2.jpg 409w, https:\/\/voyagedelabaleine.fr\/wp-content\/uploads\/2024\/07\/collant-bebe-laine-merinos-gris-2-225x300.jpg 225w\" sizes=\"(max-width: 409px) 100vw, 409px\" \/><\/a>\t<\/div><!-- .woo-entry-image-swap -->\n\n<\/li><li class=\"title\"><h2><a href=\"https:\/\/voyagedelabaleine.fr\/es\/producto\/leotardos-de-lana-merina-gris\/\">Leotardos de lana merina &#8211; Gris<\/a><\/h2><\/li><li class=\"price-wrap\">\n\t<span class=\"price\"><span class=\"woocommerce-Price-amount amount\"><bdi>16<span class=\"woocommerce-Price-currencySymbol\">&euro;<\/span><\/bdi><\/span><\/span>\n<\/li><\/ul><\/div><!-- .product-inner .clr --><\/li>\n<\/ul>\n<\/div><\/div>\n\t\t\t\t\t\t<\/div>\n\t\t\t\t<\/div>\n\t\t<div class=\"elementor-element elementor-element-76c8625 e-con-full e-flex e-con e-parent\" data-id=\"76c8625\" data-element_type=\"container\" data-e-type=\"container\">\n\t\t\t\t<div class=\"elementor-element elementor-element-afa951f elementor-widget-divider--separator-type-pattern elementor-widget-divider--view-line elementor-widget elementor-widget-divider\" data-id=\"afa951f\" data-element_type=\"widget\" data-e-type=\"widget\" data-widget_type=\"divider.default\">\n\t\t\t\t\t\t\t<div class=\"elementor-divider\" style=\"--divider-pattern-url: url(&quot;data:image\/svg+xml,%3Csvg xmlns=&#039;http:\/\/www.w3.org\/2000\/svg&#039; preserveAspectRatio=&#039;none&#039; overflow=&#039;visible&#039; height=&#039;100%&#039; viewBox=&#039;0 0 24 24&#039; fill=&#039;black&#039; stroke=&#039;none&#039;%3E%3Cpath d=&#039;M12.7,2.3c-0.4-0.4-1.1-0.4-1.5,0l-8,9.1c-0.3,0.4-0.3,0.9,0,1.2l8,9.1c0.4,0.4,1.1,0.4,1.5,0l8-9.1c0.3-0.4,0.3-0.9,0-1.2L12.7,2.3z&#039;\/%3E%3C\/svg%3E&quot;);\">\n\t\t\t<span class=\"elementor-divider-separator\">\n\t\t\t\t\t\t<\/span>\n\t\t<\/div>\n\t\t\t\t\t\t<\/div>\n\t\t\t\t<div class=\"elementor-element elementor-element-ba526ec elementor-widget elementor-widget-heading\" data-id=\"ba526ec\" data-element_type=\"widget\" data-e-type=\"widget\" data-widget_type=\"heading.default\">\n\t\t\t\t\t<h2 class=\"elementor-heading-title elementor-size-default\">Elegancia florida<\/h2>\t\t\t\t<\/div>\n\t\t\t\t<div class=\"elementor-element elementor-element-a657158 elementor-widget elementor-widget-shortcode\" data-id=\"a657158\" data-element_type=\"widget\" data-e-type=\"widget\" data-widget_type=\"shortcode.default\">\n\t\t\t\t\t\t\t<div class=\"elementor-shortcode\"><div class=\"woocommerce columns-3 \">\r\n<ul class=\"products oceanwp-row clr grid tablet-col tablet-2-col mobile-col mobile-2-col\">\r\n<li class=\"entry has-media has-rating col span_1_of_3 owp-content-center owp-thumbs-layout-vertical owp-btn-big owp-tabs-layout-vertical circle-sale product type-product post-33613 status-publish first instock product_cat-bebe-nina product_cat-nina product_cat-ropa product_cat-vestido-bebe-nina product_cat-vestido-nina has-post-thumbnail taxable shipping-taxable purchasable product-type-variable has-default-attributes\">\n\t<div class=\"product-inner clr\">\n\t<div class=\"woo-entry-image-swap woo-entry-image clr\">\n\t\t<a href=\"https:\/\/voyagedelabaleine.fr\/es\/producto\/vestido-de-bebe-nina-con-flores-en-algodon-calido-y-braga-a-juego\/\" class=\"woocommerce-LoopProduct-link\"><img decoding=\"async\" width=\"600\" height=\"800\" src=\"https:\/\/voyagedelabaleine.fr\/wp-content\/uploads\/2025\/02\/robe-bebe-fleurs-1-600x800.jpg\" class=\"woo-entry-image-main\" alt=\"Vestido de beb\u00e9 ni\u00f1a con flores en algod\u00f3n c\u00e1lido y braga a juego\" itemprop=\"image\" srcset=\"https:\/\/voyagedelabaleine.fr\/wp-content\/uploads\/2025\/02\/robe-bebe-fleurs-1-600x800.jpg 600w, https:\/\/voyagedelabaleine.fr\/wp-content\/uploads\/2025\/02\/robe-bebe-fleurs-1-225x300.jpg 225w, https:\/\/voyagedelabaleine.fr\/wp-content\/uploads\/2025\/02\/robe-bebe-fleurs-1-768x1024.jpg 768w, https:\/\/voyagedelabaleine.fr\/wp-content\/uploads\/2025\/02\/robe-bebe-fleurs-1-1152x1536.jpg 1152w, https:\/\/voyagedelabaleine.fr\/wp-content\/uploads\/2025\/02\/robe-bebe-fleurs-1.jpg 1200w\" sizes=\"(max-width: 600px) 100vw, 600px\" \/><img decoding=\"async\" width=\"600\" height=\"800\" src=\"https:\/\/voyagedelabaleine.fr\/wp-content\/uploads\/2024\/04\/robe-bebe-fleurs-2-600x800.jpg\" class=\"woo-entry-image-secondary\" alt=\"Vestido de beb\u00e9 ni\u00f1a con flores en algod\u00f3n c\u00e1lido y braga a juego\" itemprop=\"image\" srcset=\"https:\/\/voyagedelabaleine.fr\/wp-content\/uploads\/2024\/04\/robe-bebe-fleurs-2-600x800.jpg 600w, https:\/\/voyagedelabaleine.fr\/wp-content\/uploads\/2024\/04\/robe-bebe-fleurs-2-225x300.jpg 225w, https:\/\/voyagedelabaleine.fr\/wp-content\/uploads\/2024\/04\/robe-bebe-fleurs-2-768x1024.jpg 768w, https:\/\/voyagedelabaleine.fr\/wp-content\/uploads\/2024\/04\/robe-bebe-fleurs-2.jpg 902w\" sizes=\"(max-width: 600px) 100vw, 600px\" \/><\/a>\t<\/div><!-- .woo-entry-image-swap -->\n\n<ul class=\"woo-entry-inner clr\"><li class=\"image-wrap\">\n\t<div class=\"woo-entry-image-swap woo-entry-image clr\">\n\t\t<a href=\"https:\/\/voyagedelabaleine.fr\/es\/producto\/vestido-de-bebe-nina-con-flores-en-algodon-calido-y-braga-a-juego\/\" class=\"woocommerce-LoopProduct-link\"><img decoding=\"async\" width=\"600\" height=\"800\" src=\"https:\/\/voyagedelabaleine.fr\/wp-content\/uploads\/2025\/02\/robe-bebe-fleurs-1-600x800.jpg\" class=\"woo-entry-image-main\" alt=\"Vestido de beb\u00e9 ni\u00f1a con flores en algod\u00f3n c\u00e1lido y braga a juego\" itemprop=\"image\" srcset=\"https:\/\/voyagedelabaleine.fr\/wp-content\/uploads\/2025\/02\/robe-bebe-fleurs-1-600x800.jpg 600w, https:\/\/voyagedelabaleine.fr\/wp-content\/uploads\/2025\/02\/robe-bebe-fleurs-1-225x300.jpg 225w, https:\/\/voyagedelabaleine.fr\/wp-content\/uploads\/2025\/02\/robe-bebe-fleurs-1-768x1024.jpg 768w, https:\/\/voyagedelabaleine.fr\/wp-content\/uploads\/2025\/02\/robe-bebe-fleurs-1-1152x1536.jpg 1152w, https:\/\/voyagedelabaleine.fr\/wp-content\/uploads\/2025\/02\/robe-bebe-fleurs-1.jpg 1200w\" sizes=\"(max-width: 600px) 100vw, 600px\" \/><img decoding=\"async\" width=\"600\" height=\"800\" src=\"https:\/\/voyagedelabaleine.fr\/wp-content\/uploads\/2024\/04\/robe-bebe-fleurs-2-600x800.jpg\" class=\"woo-entry-image-secondary\" alt=\"Vestido de beb\u00e9 ni\u00f1a con flores en algod\u00f3n c\u00e1lido y braga a juego\" itemprop=\"image\" srcset=\"https:\/\/voyagedelabaleine.fr\/wp-content\/uploads\/2024\/04\/robe-bebe-fleurs-2-600x800.jpg 600w, https:\/\/voyagedelabaleine.fr\/wp-content\/uploads\/2024\/04\/robe-bebe-fleurs-2-225x300.jpg 225w, https:\/\/voyagedelabaleine.fr\/wp-content\/uploads\/2024\/04\/robe-bebe-fleurs-2-768x1024.jpg 768w, https:\/\/voyagedelabaleine.fr\/wp-content\/uploads\/2024\/04\/robe-bebe-fleurs-2.jpg 902w\" sizes=\"(max-width: 600px) 100vw, 600px\" \/><\/a>\t<\/div><!-- .woo-entry-image-swap -->\n\n<\/li><li class=\"title\"><h2><a href=\"https:\/\/voyagedelabaleine.fr\/es\/producto\/vestido-de-bebe-nina-con-flores-en-algodon-calido-y-braga-a-juego\/\">Vestido de beb\u00e9 ni\u00f1a con flores en algod\u00f3n c\u00e1lido y braga a juego<\/a><\/h2><\/li><li class=\"price-wrap\">\n\t<span class=\"price\"><span class=\"woocommerce-Price-amount amount\"><bdi>62<span class=\"woocommerce-Price-currencySymbol\">&euro;<\/span><\/bdi><\/span><\/span>\n<\/li><\/ul><\/div><!-- .product-inner .clr --><\/li>\n<li class=\"entry has-media has-rating col span_1_of_3 owp-content-center owp-thumbs-layout-vertical owp-btn-big owp-tabs-layout-vertical circle-sale product type-product post-32172 status-publish instock product_cat-jersey-chaleco-cardigan-nacimiento product_cat-jersey-chaleco-cardigan-nacimiento-nina product_cat-jersey-chaleco-cardigan-bebe product_cat-jersey-chaleco-cardigan-bebe-nina product_cat-jersey-chaleco-cardigan-nina product_cat-jersey-chaleco-cardigan-ninos product_cat-ropa product_cat-ultima-oportunidad has-post-thumbnail taxable shipping-taxable purchasable product-type-variable has-default-attributes\">\n\t<div class=\"product-inner clr\">\n\t<div class=\"woo-entry-image-swap woo-entry-image clr\">\n\t\t<a href=\"https:\/\/voyagedelabaleine.fr\/es\/producto\/rebeca-de-punto-bobo-para-bebe-nina-rosa\/\" class=\"woocommerce-LoopProduct-link\"><img decoding=\"async\" width=\"600\" height=\"800\" src=\"https:\/\/voyagedelabaleine.fr\/wp-content\/uploads\/2025\/01\/giler-bebe-rose-600x800.jpg\" class=\"woo-entry-image-main\" alt=\"Rebeca de punto bobo para beb\u00e9 ni\u00f1a &#8211; Rosa\" itemprop=\"image\" srcset=\"https:\/\/voyagedelabaleine.fr\/wp-content\/uploads\/2025\/01\/giler-bebe-rose-600x800.jpg 600w, https:\/\/voyagedelabaleine.fr\/wp-content\/uploads\/2025\/01\/giler-bebe-rose-225x300.jpg 225w, https:\/\/voyagedelabaleine.fr\/wp-content\/uploads\/2025\/01\/giler-bebe-rose-768x1024.jpg 768w, https:\/\/voyagedelabaleine.fr\/wp-content\/uploads\/2025\/01\/giler-bebe-rose.jpg 1143w\" sizes=\"(max-width: 600px) 100vw, 600px\" \/><img decoding=\"async\" width=\"600\" height=\"800\" src=\"https:\/\/voyagedelabaleine.fr\/wp-content\/uploads\/2024\/09\/gilet-bebe-rose-1-600x800.jpg\" class=\"woo-entry-image-secondary\" alt=\"Rebeca de punto bobo para beb\u00e9 ni\u00f1a &#8211; Rosa\" itemprop=\"image\" srcset=\"https:\/\/voyagedelabaleine.fr\/wp-content\/uploads\/2024\/09\/gilet-bebe-rose-1-600x800.jpg 600w, https:\/\/voyagedelabaleine.fr\/wp-content\/uploads\/2024\/09\/gilet-bebe-rose-1-225x300.jpg 225w, https:\/\/voyagedelabaleine.fr\/wp-content\/uploads\/2024\/09\/gilet-bebe-rose-1-768x1024.jpg 768w, https:\/\/voyagedelabaleine.fr\/wp-content\/uploads\/2024\/09\/gilet-bebe-rose-1.jpg 1000w\" sizes=\"(max-width: 600px) 100vw, 600px\" \/><\/a>\t<\/div><!-- .woo-entry-image-swap -->\n\n<ul class=\"woo-entry-inner clr\"><li class=\"image-wrap\">\n\t<div class=\"woo-entry-image-swap woo-entry-image clr\">\n\t\t<a href=\"https:\/\/voyagedelabaleine.fr\/es\/producto\/rebeca-de-punto-bobo-para-bebe-nina-rosa\/\" class=\"woocommerce-LoopProduct-link\"><img decoding=\"async\" width=\"600\" height=\"800\" src=\"https:\/\/voyagedelabaleine.fr\/wp-content\/uploads\/2025\/01\/giler-bebe-rose-600x800.jpg\" class=\"woo-entry-image-main\" alt=\"Rebeca de punto bobo para beb\u00e9 ni\u00f1a &#8211; Rosa\" itemprop=\"image\" srcset=\"https:\/\/voyagedelabaleine.fr\/wp-content\/uploads\/2025\/01\/giler-bebe-rose-600x800.jpg 600w, https:\/\/voyagedelabaleine.fr\/wp-content\/uploads\/2025\/01\/giler-bebe-rose-225x300.jpg 225w, https:\/\/voyagedelabaleine.fr\/wp-content\/uploads\/2025\/01\/giler-bebe-rose-768x1024.jpg 768w, https:\/\/voyagedelabaleine.fr\/wp-content\/uploads\/2025\/01\/giler-bebe-rose.jpg 1143w\" sizes=\"(max-width: 600px) 100vw, 600px\" \/><img decoding=\"async\" width=\"600\" height=\"800\" src=\"https:\/\/voyagedelabaleine.fr\/wp-content\/uploads\/2024\/09\/gilet-bebe-rose-1-600x800.jpg\" class=\"woo-entry-image-secondary\" alt=\"Rebeca de punto bobo para beb\u00e9 ni\u00f1a &#8211; Rosa\" itemprop=\"image\" srcset=\"https:\/\/voyagedelabaleine.fr\/wp-content\/uploads\/2024\/09\/gilet-bebe-rose-1-600x800.jpg 600w, https:\/\/voyagedelabaleine.fr\/wp-content\/uploads\/2024\/09\/gilet-bebe-rose-1-225x300.jpg 225w, https:\/\/voyagedelabaleine.fr\/wp-content\/uploads\/2024\/09\/gilet-bebe-rose-1-768x1024.jpg 768w, https:\/\/voyagedelabaleine.fr\/wp-content\/uploads\/2024\/09\/gilet-bebe-rose-1.jpg 1000w\" sizes=\"(max-width: 600px) 100vw, 600px\" \/><\/a>\t<\/div><!-- .woo-entry-image-swap -->\n\n<\/li><li class=\"title\"><h2><a href=\"https:\/\/voyagedelabaleine.fr\/es\/producto\/rebeca-de-punto-bobo-para-bebe-nina-rosa\/\">Rebeca de punto bobo para beb\u00e9 ni\u00f1a &#8211; Rosa<\/a><\/h2><\/li><li class=\"price-wrap\">\n\t<span class=\"price\"><span class=\"woocommerce-Price-amount amount\"><bdi>38<span class=\"woocommerce-Price-currencySymbol\">&euro;<\/span><\/bdi><\/span><\/span>\n<\/li><\/ul><\/div><!-- .product-inner .clr --><\/li>\n<li class=\"entry has-media has-rating col span_1_of_3 owp-content-center owp-thumbs-layout-vertical owp-btn-big owp-tabs-layout-vertical circle-sale product type-product post-29641 status-publish last instock product_cat-calcetines-leotardos-nacimiento product_cat-calcetines-leotardos-nacimiento-nina product_cat-calcetines-leotardos-nacimiento-nino product_cat-calcetines-leotardos-bebe-nina product_cat-calcetines-leotardos-bebe-nino product_cat-calcetines-leotardos-bebes-ninos product_cat-calcetines-leotardos-nina product_cat-calcetines-leotardos-nino product_cat-calcetines-leotardos-ninos product_tag-leotardos has-post-thumbnail taxable shipping-taxable purchasable product-type-variable has-default-attributes\">\n\t<div class=\"product-inner clr\">\n\t<div class=\"woo-entry-image-swap woo-entry-image clr\">\n\t\t<a href=\"https:\/\/voyagedelabaleine.fr\/es\/producto\/leotardos-lisos-para-bebe-crema\/\" class=\"woocommerce-LoopProduct-link\"><img decoding=\"async\" width=\"600\" height=\"800\" src=\"https:\/\/voyagedelabaleine.fr\/wp-content\/uploads\/2024\/09\/collant-bebe-uni-creme-1-1-600x800.jpg\" class=\"woo-entry-image-main\" alt=\"Leotardos lisos para beb\u00e9 &#8211; Crema\" itemprop=\"image\" srcset=\"https:\/\/voyagedelabaleine.fr\/wp-content\/uploads\/2024\/09\/collant-bebe-uni-creme-1-1-600x800.jpg 600w, https:\/\/voyagedelabaleine.fr\/wp-content\/uploads\/2024\/09\/collant-bebe-uni-creme-1-1-225x300.jpg 225w, https:\/\/voyagedelabaleine.fr\/wp-content\/uploads\/2024\/09\/collant-bebe-uni-creme-1-1-768x1024.jpg 768w, https:\/\/voyagedelabaleine.fr\/wp-content\/uploads\/2024\/09\/collant-bebe-uni-creme-1-1.jpg 855w\" sizes=\"(max-width: 600px) 100vw, 600px\" \/><img decoding=\"async\" width=\"600\" height=\"800\" src=\"https:\/\/voyagedelabaleine.fr\/wp-content\/uploads\/2024\/09\/collant-bebe-uni-creme-2-1-600x800.jpg\" class=\"woo-entry-image-secondary\" alt=\"Leotardos lisos para beb\u00e9 &#8211; Crema\" itemprop=\"image\" srcset=\"https:\/\/voyagedelabaleine.fr\/wp-content\/uploads\/2024\/09\/collant-bebe-uni-creme-2-1-600x800.jpg 600w, https:\/\/voyagedelabaleine.fr\/wp-content\/uploads\/2024\/09\/collant-bebe-uni-creme-2-1-225x300.jpg 225w, https:\/\/voyagedelabaleine.fr\/wp-content\/uploads\/2024\/09\/collant-bebe-uni-creme-2-1-768x1024.jpg 768w, https:\/\/voyagedelabaleine.fr\/wp-content\/uploads\/2024\/09\/collant-bebe-uni-creme-2-1.jpg 855w\" sizes=\"(max-width: 600px) 100vw, 600px\" \/><\/a>\t<\/div><!-- .woo-entry-image-swap -->\n\n<ul class=\"woo-entry-inner clr\"><li class=\"image-wrap\">\n\t<div class=\"woo-entry-image-swap woo-entry-image clr\">\n\t\t<a href=\"https:\/\/voyagedelabaleine.fr\/es\/producto\/leotardos-lisos-para-bebe-crema\/\" class=\"woocommerce-LoopProduct-link\"><img decoding=\"async\" width=\"600\" height=\"800\" src=\"https:\/\/voyagedelabaleine.fr\/wp-content\/uploads\/2024\/09\/collant-bebe-uni-creme-1-1-600x800.jpg\" class=\"woo-entry-image-main\" alt=\"Leotardos lisos para beb\u00e9 &#8211; Crema\" itemprop=\"image\" srcset=\"https:\/\/voyagedelabaleine.fr\/wp-content\/uploads\/2024\/09\/collant-bebe-uni-creme-1-1-600x800.jpg 600w, https:\/\/voyagedelabaleine.fr\/wp-content\/uploads\/2024\/09\/collant-bebe-uni-creme-1-1-225x300.jpg 225w, https:\/\/voyagedelabaleine.fr\/wp-content\/uploads\/2024\/09\/collant-bebe-uni-creme-1-1-768x1024.jpg 768w, https:\/\/voyagedelabaleine.fr\/wp-content\/uploads\/2024\/09\/collant-bebe-uni-creme-1-1.jpg 855w\" sizes=\"(max-width: 600px) 100vw, 600px\" \/><img decoding=\"async\" width=\"600\" height=\"800\" src=\"https:\/\/voyagedelabaleine.fr\/wp-content\/uploads\/2024\/09\/collant-bebe-uni-creme-2-1-600x800.jpg\" class=\"woo-entry-image-secondary\" alt=\"Leotardos lisos para beb\u00e9 &#8211; Crema\" itemprop=\"image\" srcset=\"https:\/\/voyagedelabaleine.fr\/wp-content\/uploads\/2024\/09\/collant-bebe-uni-creme-2-1-600x800.jpg 600w, https:\/\/voyagedelabaleine.fr\/wp-content\/uploads\/2024\/09\/collant-bebe-uni-creme-2-1-225x300.jpg 225w, https:\/\/voyagedelabaleine.fr\/wp-content\/uploads\/2024\/09\/collant-bebe-uni-creme-2-1-768x1024.jpg 768w, https:\/\/voyagedelabaleine.fr\/wp-content\/uploads\/2024\/09\/collant-bebe-uni-creme-2-1.jpg 855w\" sizes=\"(max-width: 600px) 100vw, 600px\" \/><\/a>\t<\/div><!-- .woo-entry-image-swap -->\n\n<\/li><li class=\"title\"><h2><a href=\"https:\/\/voyagedelabaleine.fr\/es\/producto\/leotardos-lisos-para-bebe-crema\/\">Leotardos lisos para beb\u00e9 &#8211; Crema<\/a><\/h2><\/li><li class=\"price-wrap\">\n\t<span class=\"price\"><span class=\"woocommerce-Price-amount amount\"><bdi>14<span class=\"woocommerce-Price-currencySymbol\">&euro;<\/span><\/bdi><\/span><\/span>\n<\/li><\/ul><\/div><!-- .product-inner .clr --><\/li>\n<\/ul>\n<\/div><\/div>\n\t\t\t\t\t\t<\/div>\n\t\t\t\t<\/div>\n\t\t<div class=\"elementor-element elementor-element-bbd588e e-con-full e-flex e-con e-parent\" data-id=\"bbd588e\" data-element_type=\"container\" data-e-type=\"container\">\n\t\t\t\t<div class=\"elementor-element elementor-element-faf9077 elementor-widget-divider--separator-type-pattern elementor-widget-divider--view-line elementor-widget elementor-widget-divider\" data-id=\"faf9077\" data-element_type=\"widget\" data-e-type=\"widget\" data-widget_type=\"divider.default\">\n\t\t\t\t\t\t\t<div class=\"elementor-divider\" style=\"--divider-pattern-url: url(&quot;data:image\/svg+xml,%3Csvg xmlns=&#039;http:\/\/www.w3.org\/2000\/svg&#039; preserveAspectRatio=&#039;none&#039; overflow=&#039;visible&#039; height=&#039;100%&#039; viewBox=&#039;0 0 24 24&#039; fill=&#039;black&#039; stroke=&#039;none&#039;%3E%3Cpath d=&#039;M12.7,2.3c-0.4-0.4-1.1-0.4-1.5,0l-8,9.1c-0.3,0.4-0.3,0.9,0,1.2l8,9.1c0.4,0.4,1.1,0.4,1.5,0l8-9.1c0.3-0.4,0.3-0.9,0-1.2L12.7,2.3z&#039;\/%3E%3C\/svg%3E&quot;);\">\n\t\t\t<span class=\"elementor-divider-separator\">\n\t\t\t\t\t\t<\/span>\n\t\t<\/div>\n\t\t\t\t\t\t<\/div>\n\t\t\t\t<div class=\"elementor-element elementor-element-603b2e4 elementor-widget elementor-widget-heading\" data-id=\"603b2e4\" data-element_type=\"widget\" data-e-type=\"widget\" data-widget_type=\"heading.default\">\n\t\t\t\t\t<h2 class=\"elementor-heading-title elementor-size-default\">Encanto de anta\u00f1o<\/h2>\t\t\t\t<\/div>\n\t\t\t\t<div class=\"elementor-element elementor-element-d4b46f3 elementor-widget elementor-widget-shortcode\" data-id=\"d4b46f3\" data-element_type=\"widget\" data-e-type=\"widget\" data-widget_type=\"shortcode.default\">\n\t\t\t\t\t\t\t<div class=\"elementor-shortcode\"><div class=\"woocommerce columns-3 \">\r\n<ul class=\"products oceanwp-row clr grid tablet-col tablet-2-col mobile-col mobile-2-col\">\r\n<li class=\"entry has-media col span_1_of_3 owp-content-center owp-thumbs-layout-vertical owp-btn-big owp-tabs-layout-vertical circle-sale product type-product post-34237 status-publish first instock product_cat-jersey-chaleco-cardigan-nacimiento product_cat-jersey-chaleco-cardigan-nacimiento-nina product_cat-jersey-chaleco-cardigan-nacimiento-nino product_cat-jersey-chaleco-cardigan-bebe product_cat-jersey-chaleco-cardigan-bebe-nina product_cat-jersey-chaleco-cardigan-bebe-nino product_cat-jersey-chaleco-cardigan-nina product_cat-jersey-chaleco-cardigan-nino product_cat-jersey-chaleco-cardigan-ninos product_cat-ropa product_cat-ultima-oportunidad has-post-thumbnail taxable shipping-taxable purchasable product-type-variable has-default-attributes\">\n\t<div class=\"product-inner clr\">\n\t<div class=\"woo-entry-image-swap woo-entry-image clr\">\n\t\t<a href=\"https:\/\/voyagedelabaleine.fr\/es\/producto\/chaleco-de-punto-bebe-nina-verde-palido\/\" class=\"woocommerce-LoopProduct-link\"><img decoding=\"async\" width=\"600\" height=\"800\" src=\"https:\/\/voyagedelabaleine.fr\/wp-content\/uploads\/2025\/01\/gilet-bebe-vert-clair-600x800.jpg\" class=\"woo-entry-image-main\" alt=\"Chaleco de punto beb\u00e9 ni\u00f1a &#8211; Verde p\u00e1lido\" itemprop=\"image\" srcset=\"https:\/\/voyagedelabaleine.fr\/wp-content\/uploads\/2025\/01\/gilet-bebe-vert-clair-600x800.jpg 600w, https:\/\/voyagedelabaleine.fr\/wp-content\/uploads\/2025\/01\/gilet-bebe-vert-clair-225x300.jpg 225w, https:\/\/voyagedelabaleine.fr\/wp-content\/uploads\/2025\/01\/gilet-bebe-vert-clair-768x1024.jpg 768w, https:\/\/voyagedelabaleine.fr\/wp-content\/uploads\/2025\/01\/gilet-bebe-vert-clair.jpg 855w\" sizes=\"(max-width: 600px) 100vw, 600px\" \/><img decoding=\"async\" width=\"600\" height=\"800\" src=\"https:\/\/voyagedelabaleine.fr\/wp-content\/uploads\/2025\/01\/gilet-bebe-vert-pale-2-600x800.jpg\" class=\"woo-entry-image-secondary\" alt=\"Chaleco de punto beb\u00e9 ni\u00f1a &#8211; Verde p\u00e1lido\" itemprop=\"image\" srcset=\"https:\/\/voyagedelabaleine.fr\/wp-content\/uploads\/2025\/01\/gilet-bebe-vert-pale-2-600x799.jpg 600w, https:\/\/voyagedelabaleine.fr\/wp-content\/uploads\/2025\/01\/gilet-bebe-vert-pale-2-225x300.jpg 225w, https:\/\/voyagedelabaleine.fr\/wp-content\/uploads\/2025\/01\/gilet-bebe-vert-pale-2-769x1024.jpg 769w, https:\/\/voyagedelabaleine.fr\/wp-content\/uploads\/2025\/01\/gilet-bebe-vert-pale-2-768x1023.jpg 768w, https:\/\/voyagedelabaleine.fr\/wp-content\/uploads\/2025\/01\/gilet-bebe-vert-pale-2.jpg 900w\" sizes=\"(max-width: 600px) 100vw, 600px\" \/><\/a>\t<\/div><!-- .woo-entry-image-swap -->\n\n<ul class=\"woo-entry-inner clr\"><li class=\"image-wrap\">\n\t<div class=\"woo-entry-image-swap woo-entry-image clr\">\n\t\t<a href=\"https:\/\/voyagedelabaleine.fr\/es\/producto\/chaleco-de-punto-bebe-nina-verde-palido\/\" class=\"woocommerce-LoopProduct-link\"><img decoding=\"async\" width=\"600\" height=\"800\" src=\"https:\/\/voyagedelabaleine.fr\/wp-content\/uploads\/2025\/01\/gilet-bebe-vert-clair-600x800.jpg\" class=\"woo-entry-image-main\" alt=\"Chaleco de punto beb\u00e9 ni\u00f1a &#8211; Verde p\u00e1lido\" itemprop=\"image\" srcset=\"https:\/\/voyagedelabaleine.fr\/wp-content\/uploads\/2025\/01\/gilet-bebe-vert-clair-600x800.jpg 600w, https:\/\/voyagedelabaleine.fr\/wp-content\/uploads\/2025\/01\/gilet-bebe-vert-clair-225x300.jpg 225w, https:\/\/voyagedelabaleine.fr\/wp-content\/uploads\/2025\/01\/gilet-bebe-vert-clair-768x1024.jpg 768w, https:\/\/voyagedelabaleine.fr\/wp-content\/uploads\/2025\/01\/gilet-bebe-vert-clair.jpg 855w\" sizes=\"(max-width: 600px) 100vw, 600px\" \/><img decoding=\"async\" width=\"600\" height=\"800\" src=\"https:\/\/voyagedelabaleine.fr\/wp-content\/uploads\/2025\/01\/gilet-bebe-vert-pale-2-600x800.jpg\" class=\"woo-entry-image-secondary\" alt=\"Chaleco de punto beb\u00e9 ni\u00f1a &#8211; Verde p\u00e1lido\" itemprop=\"image\" srcset=\"https:\/\/voyagedelabaleine.fr\/wp-content\/uploads\/2025\/01\/gilet-bebe-vert-pale-2-600x799.jpg 600w, https:\/\/voyagedelabaleine.fr\/wp-content\/uploads\/2025\/01\/gilet-bebe-vert-pale-2-225x300.jpg 225w, https:\/\/voyagedelabaleine.fr\/wp-content\/uploads\/2025\/01\/gilet-bebe-vert-pale-2-769x1024.jpg 769w, https:\/\/voyagedelabaleine.fr\/wp-content\/uploads\/2025\/01\/gilet-bebe-vert-pale-2-768x1023.jpg 768w, https:\/\/voyagedelabaleine.fr\/wp-content\/uploads\/2025\/01\/gilet-bebe-vert-pale-2.jpg 900w\" sizes=\"(max-width: 600px) 100vw, 600px\" \/><\/a>\t<\/div><!-- .woo-entry-image-swap -->\n\n<\/li><li class=\"title\"><h2><a href=\"https:\/\/voyagedelabaleine.fr\/es\/producto\/chaleco-de-punto-bebe-nina-verde-palido\/\">Chaleco de punto beb\u00e9 ni\u00f1a &#8211; Verde p\u00e1lido<\/a><\/h2><\/li><li class=\"price-wrap\">\n\t<span class=\"price\"><span class=\"woocommerce-Price-amount amount\"><bdi>38<span class=\"woocommerce-Price-currencySymbol\">&euro;<\/span><\/bdi><\/span><\/span>\n<\/li><\/ul><\/div><!-- .product-inner .clr --><\/li>\n<li class=\"entry has-media col span_1_of_3 owp-content-center owp-thumbs-layout-vertical owp-btn-big owp-tabs-layout-vertical circle-sale product type-product post-32384 status-publish outofstock product_cat-accesorios-nacimiento-nina product_cat-accesorios-bebe product_cat-accesorios-bebe-nina product_cat-accesorios-nacimiento product_cat-accesorios-nina product_cat-accesorios-ninos product_cat-ultima-oportunidad has-post-thumbnail taxable shipping-taxable purchasable product-type-variable has-default-attributes\">\n\t<div class=\"product-inner clr\">\n\t<div class=\"woo-entry-image-swap woo-entry-image clr\">\n\t\t<a href=\"https:\/\/voyagedelabaleine.fr\/es\/producto\/cuello-desmontable-de-punto-espuma-para-nina-para-chaleco-verde-palido\/\" class=\"woocommerce-LoopProduct-link\"><img decoding=\"async\" width=\"600\" height=\"800\" src=\"https:\/\/voyagedelabaleine.fr\/wp-content\/uploads\/2024\/09\/col-amovible-bebe-vert-600x800.jpg\" class=\"woo-entry-image-main\" alt=\"Cuello desmontable de punto espuma para ni\u00f1a para chaleco &#8211; Verde p\u00e1lido\" itemprop=\"image\" srcset=\"https:\/\/voyagedelabaleine.fr\/wp-content\/uploads\/2024\/09\/col-amovible-bebe-vert-600x800.jpg 600w, https:\/\/voyagedelabaleine.fr\/wp-content\/uploads\/2024\/09\/col-amovible-bebe-vert-225x300.jpg 225w, https:\/\/voyagedelabaleine.fr\/wp-content\/uploads\/2024\/09\/col-amovible-bebe-vert-768x1024.jpg 768w, https:\/\/voyagedelabaleine.fr\/wp-content\/uploads\/2024\/09\/col-amovible-bebe-vert.jpg 1059w\" sizes=\"(max-width: 600px) 100vw, 600px\" \/><img decoding=\"async\" width=\"600\" height=\"800\" src=\"https:\/\/voyagedelabaleine.fr\/wp-content\/uploads\/2025\/01\/gilet-bebe-vert-pale-2-600x800.jpg\" class=\"woo-entry-image-secondary\" alt=\"Cuello desmontable de punto espuma para ni\u00f1a para chaleco &#8211; Verde p\u00e1lido\" itemprop=\"image\" srcset=\"https:\/\/voyagedelabaleine.fr\/wp-content\/uploads\/2025\/01\/gilet-bebe-vert-pale-2-600x799.jpg 600w, https:\/\/voyagedelabaleine.fr\/wp-content\/uploads\/2025\/01\/gilet-bebe-vert-pale-2-225x300.jpg 225w, https:\/\/voyagedelabaleine.fr\/wp-content\/uploads\/2025\/01\/gilet-bebe-vert-pale-2-769x1024.jpg 769w, https:\/\/voyagedelabaleine.fr\/wp-content\/uploads\/2025\/01\/gilet-bebe-vert-pale-2-768x1023.jpg 768w, https:\/\/voyagedelabaleine.fr\/wp-content\/uploads\/2025\/01\/gilet-bebe-vert-pale-2.jpg 900w\" sizes=\"(max-width: 600px) 100vw, 600px\" \/><\/a>\t<\/div><!-- .woo-entry-image-swap -->\n\n<ul class=\"woo-entry-inner clr\"><li class=\"image-wrap\">\t\t\t\t<div class=\"outofstock-badge\">\n\t\t\t\t\tAgotado \u2013 muy solicitado\t\t\t\t<\/div><!-- .product-entry-out-of-stock-badge -->\n\t\t\t\t\n\t<div class=\"woo-entry-image-swap woo-entry-image clr\">\n\t\t<a href=\"https:\/\/voyagedelabaleine.fr\/es\/producto\/cuello-desmontable-de-punto-espuma-para-nina-para-chaleco-verde-palido\/\" class=\"woocommerce-LoopProduct-link\"><img decoding=\"async\" width=\"600\" height=\"800\" src=\"https:\/\/voyagedelabaleine.fr\/wp-content\/uploads\/2024\/09\/col-amovible-bebe-vert-600x800.jpg\" class=\"woo-entry-image-main\" alt=\"Cuello desmontable de punto espuma para ni\u00f1a para chaleco &#8211; Verde p\u00e1lido\" itemprop=\"image\" srcset=\"https:\/\/voyagedelabaleine.fr\/wp-content\/uploads\/2024\/09\/col-amovible-bebe-vert-600x800.jpg 600w, https:\/\/voyagedelabaleine.fr\/wp-content\/uploads\/2024\/09\/col-amovible-bebe-vert-225x300.jpg 225w, https:\/\/voyagedelabaleine.fr\/wp-content\/uploads\/2024\/09\/col-amovible-bebe-vert-768x1024.jpg 768w, https:\/\/voyagedelabaleine.fr\/wp-content\/uploads\/2024\/09\/col-amovible-bebe-vert.jpg 1059w\" sizes=\"(max-width: 600px) 100vw, 600px\" \/><img decoding=\"async\" width=\"600\" height=\"800\" src=\"https:\/\/voyagedelabaleine.fr\/wp-content\/uploads\/2025\/01\/gilet-bebe-vert-pale-2-600x800.jpg\" class=\"woo-entry-image-secondary\" alt=\"Cuello desmontable de punto espuma para ni\u00f1a para chaleco &#8211; Verde p\u00e1lido\" itemprop=\"image\" srcset=\"https:\/\/voyagedelabaleine.fr\/wp-content\/uploads\/2025\/01\/gilet-bebe-vert-pale-2-600x799.jpg 600w, https:\/\/voyagedelabaleine.fr\/wp-content\/uploads\/2025\/01\/gilet-bebe-vert-pale-2-225x300.jpg 225w, https:\/\/voyagedelabaleine.fr\/wp-content\/uploads\/2025\/01\/gilet-bebe-vert-pale-2-769x1024.jpg 769w, https:\/\/voyagedelabaleine.fr\/wp-content\/uploads\/2025\/01\/gilet-bebe-vert-pale-2-768x1023.jpg 768w, https:\/\/voyagedelabaleine.fr\/wp-content\/uploads\/2025\/01\/gilet-bebe-vert-pale-2.jpg 900w\" sizes=\"(max-width: 600px) 100vw, 600px\" \/><\/a>\t<\/div><!-- .woo-entry-image-swap -->\n\n<\/li><li class=\"title\"><h2><a href=\"https:\/\/voyagedelabaleine.fr\/es\/producto\/cuello-desmontable-de-punto-espuma-para-nina-para-chaleco-verde-palido\/\">Cuello desmontable de punto espuma para ni\u00f1a para chaleco &#8211; Verde p\u00e1lido<\/a><\/h2><\/li><li class=\"price-wrap\">\n\t<span class=\"price\"><span class=\"woocommerce-Price-amount amount\"><bdi>10<span class=\"woocommerce-Price-currencySymbol\">&euro;<\/span><\/bdi><\/span><\/span>\n<\/li><\/ul><\/div><!-- .product-inner .clr --><\/li>\n<li class=\"entry has-media has-rating col span_1_of_3 owp-content-center owp-thumbs-layout-vertical owp-btn-big owp-tabs-layout-vertical circle-sale product type-product post-33507 status-publish last instock product_cat-calcetines-leotardos-nacimiento product_cat-calcetines-leotardos-nacimiento-nina product_cat-calcetines-leotardos-nacimiento-nino product_cat-calcetines-leotardos-bebe-nina product_cat-calcetines-leotardos-bebe-nino product_cat-calcetines-leotardos-bebes-ninos product_cat-calcetines-leotardos-nina product_cat-calcetines-leotardos-nino product_cat-calcetines-leotardos-ninos product_tag-leotardos has-post-thumbnail featured taxable shipping-taxable purchasable product-type-variable has-default-attributes\">\n\t<div class=\"product-inner clr\">\n\t<div class=\"woo-entry-image-swap woo-entry-image clr\">\n\t\t<a href=\"https:\/\/voyagedelabaleine.fr\/es\/producto\/leotardos-de-bebe-de-canale-verde-palido\/\" class=\"woocommerce-LoopProduct-link\"><img decoding=\"async\" width=\"600\" height=\"800\" src=\"https:\/\/voyagedelabaleine.fr\/wp-content\/uploads\/2024\/09\/collant-bebe-cotele-vert-pale-1-1-600x800.jpg\" class=\"woo-entry-image-main\" alt=\"Leotardos de beb\u00e9 de canal\u00e9 &#8211; Verde p\u00e1lido\" itemprop=\"image\" srcset=\"https:\/\/voyagedelabaleine.fr\/wp-content\/uploads\/2024\/09\/collant-bebe-cotele-vert-pale-1-1-600x800.jpg 600w, https:\/\/voyagedelabaleine.fr\/wp-content\/uploads\/2024\/09\/collant-bebe-cotele-vert-pale-1-1-225x300.jpg 225w, https:\/\/voyagedelabaleine.fr\/wp-content\/uploads\/2024\/09\/collant-bebe-cotele-vert-pale-1-1-768x1024.jpg 768w, https:\/\/voyagedelabaleine.fr\/wp-content\/uploads\/2024\/09\/collant-bebe-cotele-vert-pale-1-1.jpg 855w\" sizes=\"(max-width: 600px) 100vw, 600px\" \/><img decoding=\"async\" width=\"600\" height=\"800\" src=\"https:\/\/voyagedelabaleine.fr\/wp-content\/uploads\/2024\/09\/collant-bebe-cotele-vert-pale-2-1-600x800.jpg\" class=\"woo-entry-image-secondary\" alt=\"Leotardos de beb\u00e9 de canal\u00e9 &#8211; Verde p\u00e1lido\" itemprop=\"image\" srcset=\"https:\/\/voyagedelabaleine.fr\/wp-content\/uploads\/2024\/09\/collant-bebe-cotele-vert-pale-2-1-600x800.jpg 600w, https:\/\/voyagedelabaleine.fr\/wp-content\/uploads\/2024\/09\/collant-bebe-cotele-vert-pale-2-1-225x300.jpg 225w, https:\/\/voyagedelabaleine.fr\/wp-content\/uploads\/2024\/09\/collant-bebe-cotele-vert-pale-2-1-768x1024.jpg 768w, https:\/\/voyagedelabaleine.fr\/wp-content\/uploads\/2024\/09\/collant-bebe-cotele-vert-pale-2-1.jpg 855w\" sizes=\"(max-width: 600px) 100vw, 600px\" \/><\/a>\t<\/div><!-- .woo-entry-image-swap -->\n\n<ul class=\"woo-entry-inner clr\"><li class=\"image-wrap\">\n\t<div class=\"woo-entry-image-swap woo-entry-image clr\">\n\t\t<a href=\"https:\/\/voyagedelabaleine.fr\/es\/producto\/leotardos-de-bebe-de-canale-verde-palido\/\" class=\"woocommerce-LoopProduct-link\"><img decoding=\"async\" width=\"600\" height=\"800\" src=\"https:\/\/voyagedelabaleine.fr\/wp-content\/uploads\/2024\/09\/collant-bebe-cotele-vert-pale-1-1-600x800.jpg\" class=\"woo-entry-image-main\" alt=\"Leotardos de beb\u00e9 de canal\u00e9 &#8211; Verde p\u00e1lido\" itemprop=\"image\" srcset=\"https:\/\/voyagedelabaleine.fr\/wp-content\/uploads\/2024\/09\/collant-bebe-cotele-vert-pale-1-1-600x800.jpg 600w, https:\/\/voyagedelabaleine.fr\/wp-content\/uploads\/2024\/09\/collant-bebe-cotele-vert-pale-1-1-225x300.jpg 225w, https:\/\/voyagedelabaleine.fr\/wp-content\/uploads\/2024\/09\/collant-bebe-cotele-vert-pale-1-1-768x1024.jpg 768w, https:\/\/voyagedelabaleine.fr\/wp-content\/uploads\/2024\/09\/collant-bebe-cotele-vert-pale-1-1.jpg 855w\" sizes=\"(max-width: 600px) 100vw, 600px\" \/><img decoding=\"async\" width=\"600\" height=\"800\" src=\"https:\/\/voyagedelabaleine.fr\/wp-content\/uploads\/2024\/09\/collant-bebe-cotele-vert-pale-2-1-600x800.jpg\" class=\"woo-entry-image-secondary\" alt=\"Leotardos de beb\u00e9 de canal\u00e9 &#8211; Verde p\u00e1lido\" itemprop=\"image\" srcset=\"https:\/\/voyagedelabaleine.fr\/wp-content\/uploads\/2024\/09\/collant-bebe-cotele-vert-pale-2-1-600x800.jpg 600w, https:\/\/voyagedelabaleine.fr\/wp-content\/uploads\/2024\/09\/collant-bebe-cotele-vert-pale-2-1-225x300.jpg 225w, https:\/\/voyagedelabaleine.fr\/wp-content\/uploads\/2024\/09\/collant-bebe-cotele-vert-pale-2-1-768x1024.jpg 768w, https:\/\/voyagedelabaleine.fr\/wp-content\/uploads\/2024\/09\/collant-bebe-cotele-vert-pale-2-1.jpg 855w\" sizes=\"(max-width: 600px) 100vw, 600px\" \/><\/a>\t<\/div><!-- .woo-entry-image-swap -->\n\n<\/li><li class=\"title\"><h2><a href=\"https:\/\/voyagedelabaleine.fr\/es\/producto\/leotardos-de-bebe-de-canale-verde-palido\/\">Leotardos de beb\u00e9 de canal\u00e9 &#8211; Verde p\u00e1lido<\/a><\/h2><\/li><li class=\"price-wrap\">\n\t<span class=\"price\"><span class=\"woocommerce-Price-amount amount\"><bdi>14<span class=\"woocommerce-Price-currencySymbol\">&euro;<\/span><\/bdi><\/span><\/span>\n<\/li><\/ul><\/div><!-- .product-inner .clr --><\/li>\n<\/ul>\n<\/div><\/div>\n\t\t\t\t\t\t<\/div>\n\t\t\t\t<\/div>\n\t\t<div class=\"elementor-element elementor-element-b501c9a e-con-full e-flex e-con e-parent\" data-id=\"b501c9a\" data-element_type=\"container\" data-e-type=\"container\">\n\t\t\t\t<div class=\"elementor-element elementor-element-b6a84bd elementor-widget-divider--separator-type-pattern elementor-widget-divider--view-line elementor-widget elementor-widget-divider\" data-id=\"b6a84bd\" data-element_type=\"widget\" data-e-type=\"widget\" data-widget_type=\"divider.default\">\n\t\t\t\t\t\t\t<div class=\"elementor-divider\" style=\"--divider-pattern-url: url(&quot;data:image\/svg+xml,%3Csvg xmlns=&#039;http:\/\/www.w3.org\/2000\/svg&#039; preserveAspectRatio=&#039;none&#039; overflow=&#039;visible&#039; height=&#039;100%&#039; viewBox=&#039;0 0 24 24&#039; fill=&#039;black&#039; stroke=&#039;none&#039;%3E%3Cpath d=&#039;M12.7,2.3c-0.4-0.4-1.1-0.4-1.5,0l-8,9.1c-0.3,0.4-0.3,0.9,0,1.2l8,9.1c0.4,0.4,1.1,0.4,1.5,0l8-9.1c0.3-0.4,0.3-0.9,0-1.2L12.7,2.3z&#039;\/%3E%3C\/svg%3E&quot;);\">\n\t\t\t<span class=\"elementor-divider-separator\">\n\t\t\t\t\t\t<\/span>\n\t\t<\/div>\n\t\t\t\t\t\t<\/div>\n\t\t\t\t<div class=\"elementor-element elementor-element-faeeb7f elementor-widget elementor-widget-heading\" data-id=\"faeeb7f\" data-element_type=\"widget\" data-e-type=\"widget\" data-widget_type=\"heading.default\">\n\t\t\t\t\t<h2 class=\"elementor-heading-title elementor-size-default\">Noche de terciopelo<\/h2>\t\t\t\t<\/div>\n\t\t\t\t<div class=\"elementor-element elementor-element-b2cd082 elementor-widget__width-initial elementor-widget-mobile__width-inherit elementor-widget elementor-widget-shortcode\" data-id=\"b2cd082\" data-element_type=\"widget\" data-e-type=\"widget\" data-widget_type=\"shortcode.default\">\n\t\t\t\t\t\t\t<div class=\"elementor-shortcode\"><div class=\"woocommerce columns-2 \">\r\n<ul class=\"products oceanwp-row clr grid tablet-col tablet-2-col mobile-col mobile-2-col\">\r\n<li class=\"entry has-media col span_1_of_2 owp-content-center owp-thumbs-layout-vertical owp-btn-big owp-tabs-layout-vertical circle-sale product type-product post-30618 status-publish first outofstock product_cat-accesorios-nacimiento-nina product_cat-accesorios-nacimiento-nino product_cat-accesorios-bebe product_cat-accesorios-bebe-nina product_cat-accesorios-bebe-nino product_cat-accesorios-nacimiento product_cat-accesorios-nina product_cat-accesorios-para-nino product_cat-accesorios-ninos has-post-thumbnail taxable shipping-taxable purchasable product-type-variable has-default-attributes\">\n\t<div class=\"product-inner clr\">\n\t<div class=\"woo-entry-image-swap woo-entry-image clr\">\n\t\t<a href=\"https:\/\/voyagedelabaleine.fr\/es\/producto\/manta-para-bebe-pura-lana-merina-extra-suave\/\" class=\"woocommerce-LoopProduct-link\"><img decoding=\"async\" width=\"600\" height=\"800\" src=\"https:\/\/voyagedelabaleine.fr\/wp-content\/uploads\/2024\/11\/couverture-bebe-laine-merinos-2-1-1-600x800.jpg\" class=\"woo-entry-image-main\" alt=\"Manta para beb\u00e9: pura lana merina extra suave\" itemprop=\"image\" \/><img decoding=\"async\" width=\"600\" height=\"800\" src=\"https:\/\/voyagedelabaleine.fr\/wp-content\/uploads\/2024\/11\/couverture-bebe-laine-merinos-1-1-1-600x800.jpg\" class=\"woo-entry-image-secondary\" alt=\"Manta para beb\u00e9: pura lana merina extra suave\" itemprop=\"image\" \/><\/a>\t<\/div><!-- .woo-entry-image-swap -->\n\n<ul class=\"woo-entry-inner clr\"><li class=\"image-wrap\">\t\t\t\t<div class=\"outofstock-badge\">\n\t\t\t\t\tAgotado \u2013 muy solicitado\t\t\t\t<\/div><!-- .product-entry-out-of-stock-badge -->\n\t\t\t\t\n\t<div class=\"woo-entry-image-swap woo-entry-image clr\">\n\t\t<a href=\"https:\/\/voyagedelabaleine.fr\/es\/producto\/manta-para-bebe-pura-lana-merina-extra-suave\/\" class=\"woocommerce-LoopProduct-link\"><img decoding=\"async\" width=\"600\" height=\"800\" src=\"https:\/\/voyagedelabaleine.fr\/wp-content\/uploads\/2024\/11\/couverture-bebe-laine-merinos-2-1-1-600x800.jpg\" class=\"woo-entry-image-main\" alt=\"Manta para beb\u00e9: pura lana merina extra suave\" itemprop=\"image\" \/><img decoding=\"async\" width=\"600\" height=\"800\" src=\"https:\/\/voyagedelabaleine.fr\/wp-content\/uploads\/2024\/11\/couverture-bebe-laine-merinos-1-1-1-600x800.jpg\" class=\"woo-entry-image-secondary\" alt=\"Manta para beb\u00e9: pura lana merina extra suave\" itemprop=\"image\" \/><\/a>\t<\/div><!-- .woo-entry-image-swap -->\n\n<\/li><li class=\"title\"><h2><a href=\"https:\/\/voyagedelabaleine.fr\/es\/producto\/manta-para-bebe-pura-lana-merina-extra-suave\/\">Manta para beb\u00e9: pura lana merina extra suave<\/a><\/h2><\/li><li class=\"price-wrap\">\n\t<span class=\"price\"><span class=\"woocommerce-Price-amount amount\"><bdi>78<span class=\"woocommerce-Price-currencySymbol\">&euro;<\/span><\/bdi><\/span><\/span>\n<\/li><\/ul><\/div><!-- .product-inner .clr --><\/li>\n<li class=\"entry has-media has-rating col span_1_of_2 owp-content-center owp-thumbs-layout-vertical owp-btn-big owp-tabs-layout-vertical circle-sale product type-product post-31460 status-publish last instock product_cat-pijama product_cat-pijama-nacimiento product_cat-pijama-nacimiento-nina product_cat-pijama-bebe product_cat-pijama-bebe-nina has-post-thumbnail taxable shipping-taxable purchasable product-type-variable has-default-attributes\">\n\t<div class=\"product-inner clr\">\n\t<div class=\"woo-entry-image-swap woo-entry-image clr\">\n\t\t<a href=\"https:\/\/voyagedelabaleine.fr\/es\/producto\/pijama-de-bebe-nina-de-terciopelo-con-cuello-plano-rosa\/\" class=\"woocommerce-LoopProduct-link\"><img decoding=\"async\" width=\"600\" height=\"800\" src=\"https:\/\/voyagedelabaleine.fr\/wp-content\/uploads\/2024\/02\/pyjama-bebe-rose-collerette-plate-600x800.jpg\" class=\"woo-entry-image-main\" alt=\"Pijama de beb\u00e9 ni\u00f1a de terciopelo con cuello plano &#8211; Rosa\" itemprop=\"image\" srcset=\"https:\/\/voyagedelabaleine.fr\/wp-content\/uploads\/2024\/02\/pyjama-bebe-rose-collerette-plate-600x800.jpg 600w, https:\/\/voyagedelabaleine.fr\/wp-content\/uploads\/2024\/02\/pyjama-bebe-rose-collerette-plate-225x300.jpg 225w, https:\/\/voyagedelabaleine.fr\/wp-content\/uploads\/2024\/02\/pyjama-bebe-rose-collerette-plate-768x1024.jpg 768w, https:\/\/voyagedelabaleine.fr\/wp-content\/uploads\/2024\/02\/pyjama-bebe-rose-collerette-plate.jpg 894w\" sizes=\"(max-width: 600px) 100vw, 600px\" \/><img decoding=\"async\" width=\"600\" height=\"800\" src=\"https:\/\/voyagedelabaleine.fr\/wp-content\/uploads\/2024\/02\/pyjama-bebe-rose-collerette-plate-1-600x800.jpg\" class=\"woo-entry-image-secondary\" alt=\"Pijama de beb\u00e9 ni\u00f1a de terciopelo con cuello plano &#8211; Rosa\" itemprop=\"image\" srcset=\"https:\/\/voyagedelabaleine.fr\/wp-content\/uploads\/2024\/02\/pyjama-bebe-rose-collerette-plate-1-600x800.jpg 600w, https:\/\/voyagedelabaleine.fr\/wp-content\/uploads\/2024\/02\/pyjama-bebe-rose-collerette-plate-1-225x300.jpg 225w, https:\/\/voyagedelabaleine.fr\/wp-content\/uploads\/2024\/02\/pyjama-bebe-rose-collerette-plate-1-768x1025.jpg 768w, https:\/\/voyagedelabaleine.fr\/wp-content\/uploads\/2024\/02\/pyjama-bebe-rose-collerette-plate-1.jpg 817w\" sizes=\"(max-width: 600px) 100vw, 600px\" \/><\/a>\t<\/div><!-- .woo-entry-image-swap -->\n\n<ul class=\"woo-entry-inner clr\"><li class=\"image-wrap\">\n\t<div class=\"woo-entry-image-swap woo-entry-image clr\">\n\t\t<a href=\"https:\/\/voyagedelabaleine.fr\/es\/producto\/pijama-de-bebe-nina-de-terciopelo-con-cuello-plano-rosa\/\" class=\"woocommerce-LoopProduct-link\"><img decoding=\"async\" width=\"600\" height=\"800\" src=\"https:\/\/voyagedelabaleine.fr\/wp-content\/uploads\/2024\/02\/pyjama-bebe-rose-collerette-plate-600x800.jpg\" class=\"woo-entry-image-main\" alt=\"Pijama de beb\u00e9 ni\u00f1a de terciopelo con cuello plano &#8211; Rosa\" itemprop=\"image\" srcset=\"https:\/\/voyagedelabaleine.fr\/wp-content\/uploads\/2024\/02\/pyjama-bebe-rose-collerette-plate-600x800.jpg 600w, https:\/\/voyagedelabaleine.fr\/wp-content\/uploads\/2024\/02\/pyjama-bebe-rose-collerette-plate-225x300.jpg 225w, https:\/\/voyagedelabaleine.fr\/wp-content\/uploads\/2024\/02\/pyjama-bebe-rose-collerette-plate-768x1024.jpg 768w, https:\/\/voyagedelabaleine.fr\/wp-content\/uploads\/2024\/02\/pyjama-bebe-rose-collerette-plate.jpg 894w\" sizes=\"(max-width: 600px) 100vw, 600px\" \/><img decoding=\"async\" width=\"600\" height=\"800\" src=\"https:\/\/voyagedelabaleine.fr\/wp-content\/uploads\/2024\/02\/pyjama-bebe-rose-collerette-plate-1-600x800.jpg\" class=\"woo-entry-image-secondary\" alt=\"Pijama de beb\u00e9 ni\u00f1a de terciopelo con cuello plano &#8211; Rosa\" itemprop=\"image\" srcset=\"https:\/\/voyagedelabaleine.fr\/wp-content\/uploads\/2024\/02\/pyjama-bebe-rose-collerette-plate-1-600x800.jpg 600w, https:\/\/voyagedelabaleine.fr\/wp-content\/uploads\/2024\/02\/pyjama-bebe-rose-collerette-plate-1-225x300.jpg 225w, https:\/\/voyagedelabaleine.fr\/wp-content\/uploads\/2024\/02\/pyjama-bebe-rose-collerette-plate-1-768x1025.jpg 768w, https:\/\/voyagedelabaleine.fr\/wp-content\/uploads\/2024\/02\/pyjama-bebe-rose-collerette-plate-1.jpg 817w\" sizes=\"(max-width: 600px) 100vw, 600px\" \/><\/a>\t<\/div><!-- .woo-entry-image-swap -->\n\n<\/li><li class=\"title\"><h2><a href=\"https:\/\/voyagedelabaleine.fr\/es\/producto\/pijama-de-bebe-nina-de-terciopelo-con-cuello-plano-rosa\/\">Pijama de beb\u00e9 ni\u00f1a de terciopelo con cuello plano &#8211; Rosa<\/a><\/h2><\/li><li class=\"price-wrap\">\n\t<span class=\"price\"><span class=\"woocommerce-Price-amount amount\"><bdi>38<span class=\"woocommerce-Price-currencySymbol\">&euro;<\/span><\/bdi><\/span><\/span>\n<\/li><\/ul><\/div><!-- .product-inner .clr --><\/li>\n<\/ul>\n<\/div><\/div>\n\t\t\t\t\t\t<\/div>\n\t\t\t\t<\/div>\n\t\t<div class=\"elementor-element elementor-element-47ddb15 e-con-full e-flex e-con e-parent\" data-id=\"47ddb15\" data-element_type=\"container\" data-e-type=\"container\">\n\t\t\t\t<div class=\"elementor-element elementor-element-086ec0c elementor-widget-divider--separator-type-pattern elementor-widget-divider--view-line elementor-widget elementor-widget-divider\" data-id=\"086ec0c\" data-element_type=\"widget\" data-e-type=\"widget\" data-widget_type=\"divider.default\">\n\t\t\t\t\t\t\t<div class=\"elementor-divider\" style=\"--divider-pattern-url: url(&quot;data:image\/svg+xml,%3Csvg xmlns=&#039;http:\/\/www.w3.org\/2000\/svg&#039; preserveAspectRatio=&#039;none&#039; overflow=&#039;visible&#039; height=&#039;100%&#039; viewBox=&#039;0 0 24 24&#039; fill=&#039;black&#039; stroke=&#039;none&#039;%3E%3Cpath d=&#039;M12.7,2.3c-0.4-0.4-1.1-0.4-1.5,0l-8,9.1c-0.3,0.4-0.3,0.9,0,1.2l8,9.1c0.4,0.4,1.1,0.4,1.5,0l8-9.1c0.3-0.4,0.3-0.9,0-1.2L12.7,2.3z&#039;\/%3E%3C\/svg%3E&quot;);\">\n\t\t\t<span class=\"elementor-divider-separator\">\n\t\t\t\t\t\t<\/span>\n\t\t<\/div>\n\t\t\t\t\t\t<\/div>\n\t\t\t\t<div class=\"elementor-element elementor-element-b29343f elementor-widget elementor-widget-heading\" data-id=\"b29343f\" data-element_type=\"widget\" data-e-type=\"widget\" data-widget_type=\"heading.default\">\n\t\t\t\t\t<h2 class=\"elementor-heading-title elementor-size-default\">Cuadros y estilo<\/h2>\t\t\t\t<\/div>\n\t\t\t\t<div class=\"elementor-element elementor-element-701fe62 elementor-widget elementor-widget-shortcode\" data-id=\"701fe62\" data-element_type=\"widget\" data-e-type=\"widget\" data-widget_type=\"shortcode.default\">\n\t\t\t\t\t\t\t<div class=\"elementor-shortcode\"><div class=\"woocommerce columns-3 \">\r\n<ul class=\"products oceanwp-row clr grid tablet-col tablet-2-col mobile-col mobile-2-col\">\r\n<li class=\"entry has-media col span_1_of_3 owp-content-center owp-thumbs-layout-vertical owp-btn-big owp-tabs-layout-vertical circle-sale product type-product post-29287 status-publish first instock product_cat-jersey-chaleco-cardigan-nacimiento product_cat-jersey-chaleco-cardigan-nacimiento-nina product_cat-jersey-chaleco-cardigan-bebe product_cat-jersey-chaleco-cardigan-bebe-nina product_cat-jersey-chaleco-cardigan-nina product_cat-jersey-chaleco-cardigan-ninos product_cat-ropa has-post-thumbnail taxable shipping-taxable purchasable product-type-variable has-default-attributes\">\n\t<div class=\"product-inner clr\">\n\t<div class=\"woo-entry-image-swap woo-entry-image clr\">\n\t\t<a href=\"https:\/\/voyagedelabaleine.fr\/es\/producto\/chaleco-de-bebe-nina-con-flores-bordadas-ocre\/\" class=\"woocommerce-LoopProduct-link\"><img decoding=\"async\" width=\"600\" height=\"800\" src=\"https:\/\/voyagedelabaleine.fr\/wp-content\/uploads\/2024\/09\/gilet-bebe-fille-ocre-600x800.jpg\" class=\"woo-entry-image-main\" alt=\"Chaleco de beb\u00e9 ni\u00f1a con flores bordadas &#8211; Ocre\" itemprop=\"image\" srcset=\"https:\/\/voyagedelabaleine.fr\/wp-content\/uploads\/2024\/09\/gilet-bebe-fille-ocre-600x799.jpg 600w, https:\/\/voyagedelabaleine.fr\/wp-content\/uploads\/2024\/09\/gilet-bebe-fille-ocre-225x300.jpg 225w, https:\/\/voyagedelabaleine.fr\/wp-content\/uploads\/2024\/09\/gilet-bebe-fille-ocre-768x1023.jpg 768w, https:\/\/voyagedelabaleine.fr\/wp-content\/uploads\/2024\/09\/gilet-bebe-fille-ocre-769x1024.jpg 769w, https:\/\/voyagedelabaleine.fr\/wp-content\/uploads\/2024\/09\/gilet-bebe-fille-ocre-1153x1536.jpg 1153w, https:\/\/voyagedelabaleine.fr\/wp-content\/uploads\/2024\/09\/gilet-bebe-fille-ocre.jpg 1200w\" sizes=\"(max-width: 600px) 100vw, 600px\" \/><img decoding=\"async\" width=\"600\" height=\"800\" src=\"https:\/\/voyagedelabaleine.fr\/wp-content\/uploads\/2024\/09\/gilet-bebe-fille-ocre-2-600x800.jpg\" class=\"woo-entry-image-secondary\" alt=\"Chaleco de beb\u00e9 ni\u00f1a con flores bordadas &#8211; Ocre\" itemprop=\"image\" srcset=\"https:\/\/voyagedelabaleine.fr\/wp-content\/uploads\/2024\/09\/gilet-bebe-fille-ocre-2-600x801.jpg 600w, https:\/\/voyagedelabaleine.fr\/wp-content\/uploads\/2024\/09\/gilet-bebe-fille-ocre-2-225x300.jpg 225w, https:\/\/voyagedelabaleine.fr\/wp-content\/uploads\/2024\/09\/gilet-bebe-fille-ocre-2-767x1024.jpg 767w, https:\/\/voyagedelabaleine.fr\/wp-content\/uploads\/2024\/09\/gilet-bebe-fille-ocre-2-768x1025.jpg 768w, https:\/\/voyagedelabaleine.fr\/wp-content\/uploads\/2024\/09\/gilet-bebe-fille-ocre-2.jpg 800w\" sizes=\"(max-width: 600px) 100vw, 600px\" \/><\/a>\t<\/div><!-- .woo-entry-image-swap -->\n\n<ul class=\"woo-entry-inner clr\"><li class=\"image-wrap\">\n\t<div class=\"woo-entry-image-swap woo-entry-image clr\">\n\t\t<a href=\"https:\/\/voyagedelabaleine.fr\/es\/producto\/chaleco-de-bebe-nina-con-flores-bordadas-ocre\/\" class=\"woocommerce-LoopProduct-link\"><img decoding=\"async\" width=\"600\" height=\"800\" src=\"https:\/\/voyagedelabaleine.fr\/wp-content\/uploads\/2024\/09\/gilet-bebe-fille-ocre-600x800.jpg\" class=\"woo-entry-image-main\" alt=\"Chaleco de beb\u00e9 ni\u00f1a con flores bordadas &#8211; Ocre\" itemprop=\"image\" srcset=\"https:\/\/voyagedelabaleine.fr\/wp-content\/uploads\/2024\/09\/gilet-bebe-fille-ocre-600x799.jpg 600w, https:\/\/voyagedelabaleine.fr\/wp-content\/uploads\/2024\/09\/gilet-bebe-fille-ocre-225x300.jpg 225w, https:\/\/voyagedelabaleine.fr\/wp-content\/uploads\/2024\/09\/gilet-bebe-fille-ocre-768x1023.jpg 768w, https:\/\/voyagedelabaleine.fr\/wp-content\/uploads\/2024\/09\/gilet-bebe-fille-ocre-769x1024.jpg 769w, https:\/\/voyagedelabaleine.fr\/wp-content\/uploads\/2024\/09\/gilet-bebe-fille-ocre-1153x1536.jpg 1153w, https:\/\/voyagedelabaleine.fr\/wp-content\/uploads\/2024\/09\/gilet-bebe-fille-ocre.jpg 1200w\" sizes=\"(max-width: 600px) 100vw, 600px\" \/><img decoding=\"async\" width=\"600\" height=\"800\" src=\"https:\/\/voyagedelabaleine.fr\/wp-content\/uploads\/2024\/09\/gilet-bebe-fille-ocre-2-600x800.jpg\" class=\"woo-entry-image-secondary\" alt=\"Chaleco de beb\u00e9 ni\u00f1a con flores bordadas &#8211; Ocre\" itemprop=\"image\" srcset=\"https:\/\/voyagedelabaleine.fr\/wp-content\/uploads\/2024\/09\/gilet-bebe-fille-ocre-2-600x801.jpg 600w, https:\/\/voyagedelabaleine.fr\/wp-content\/uploads\/2024\/09\/gilet-bebe-fille-ocre-2-225x300.jpg 225w, https:\/\/voyagedelabaleine.fr\/wp-content\/uploads\/2024\/09\/gilet-bebe-fille-ocre-2-767x1024.jpg 767w, https:\/\/voyagedelabaleine.fr\/wp-content\/uploads\/2024\/09\/gilet-bebe-fille-ocre-2-768x1025.jpg 768w, https:\/\/voyagedelabaleine.fr\/wp-content\/uploads\/2024\/09\/gilet-bebe-fille-ocre-2.jpg 800w\" sizes=\"(max-width: 600px) 100vw, 600px\" \/><\/a>\t<\/div><!-- .woo-entry-image-swap -->\n\n<\/li><li class=\"title\"><h2><a href=\"https:\/\/voyagedelabaleine.fr\/es\/producto\/chaleco-de-bebe-nina-con-flores-bordadas-ocre\/\">Chaleco de beb\u00e9 ni\u00f1a con flores bordadas &#8211; Ocre<\/a><\/h2><\/li><li class=\"price-wrap\">\n\t<span class=\"price\"><span class=\"woocommerce-Price-amount amount\"><bdi>50<span class=\"woocommerce-Price-currencySymbol\">&euro;<\/span><\/bdi><\/span><\/span>\n<\/li><\/ul><\/div><!-- .product-inner .clr --><\/li>\n<li class=\"entry has-media has-rating col span_1_of_3 owp-content-center owp-thumbs-layout-vertical owp-btn-big owp-tabs-layout-vertical circle-sale product type-product post-31683 status-publish instock product_cat-pelele-peto-ranita-nacimiento product_cat-pelele-peto-ranita-nacimiento-nina product_cat-pelele-peto-ranita-nacimiento-nino product_cat-pelele-peto-ranita-bebe product_cat-pelele-peto-ranita-bebe-nina product_cat-pelele-peto-ranita-bebe-nino product_cat-ropa has-post-thumbnail taxable shipping-taxable purchasable product-type-variable has-default-attributes\">\n\t<div class=\"product-inner clr\">\n\t<div class=\"woo-entry-image-swap woo-entry-image clr\">\n\t\t<a href=\"https:\/\/voyagedelabaleine.fr\/es\/producto\/ranita-de-bebe-de-cuadros-en-algodon-calido\/\" class=\"woocommerce-LoopProduct-link\"><img decoding=\"async\" width=\"600\" height=\"800\" src=\"https:\/\/voyagedelabaleine.fr\/wp-content\/uploads\/2025\/02\/barboteuse-carreaux-600x800.jpg\" class=\"woo-entry-image-main\" alt=\"Ranita de beb\u00e9 de cuadros en algod\u00f3n c\u00e1lido\" itemprop=\"image\" srcset=\"https:\/\/voyagedelabaleine.fr\/wp-content\/uploads\/2025\/02\/barboteuse-carreaux-600x800.jpg 600w, https:\/\/voyagedelabaleine.fr\/wp-content\/uploads\/2025\/02\/barboteuse-carreaux-225x300.jpg 225w, https:\/\/voyagedelabaleine.fr\/wp-content\/uploads\/2025\/02\/barboteuse-carreaux-768x1024.jpg 768w, https:\/\/voyagedelabaleine.fr\/wp-content\/uploads\/2025\/02\/barboteuse-carreaux-1152x1536.jpg 1152w, https:\/\/voyagedelabaleine.fr\/wp-content\/uploads\/2025\/02\/barboteuse-carreaux.jpg 1200w\" sizes=\"(max-width: 600px) 100vw, 600px\" \/><img decoding=\"async\" width=\"600\" height=\"800\" src=\"https:\/\/voyagedelabaleine.fr\/wp-content\/uploads\/2024\/09\/barboteuse-carreaux-3-600x800.jpg\" class=\"woo-entry-image-secondary\" alt=\"Ranita de beb\u00e9 de cuadros en algod\u00f3n c\u00e1lido\" itemprop=\"image\" srcset=\"https:\/\/voyagedelabaleine.fr\/wp-content\/uploads\/2024\/09\/barboteuse-carreaux-3-600x800.jpg 600w, https:\/\/voyagedelabaleine.fr\/wp-content\/uploads\/2024\/09\/barboteuse-carreaux-3-225x300.jpg 225w, https:\/\/voyagedelabaleine.fr\/wp-content\/uploads\/2024\/09\/barboteuse-carreaux-3-768x1024.jpg 768w, https:\/\/voyagedelabaleine.fr\/wp-content\/uploads\/2024\/09\/barboteuse-carreaux-3-1152x1536.jpg 1152w, https:\/\/voyagedelabaleine.fr\/wp-content\/uploads\/2024\/09\/barboteuse-carreaux-3.jpg 1200w\" sizes=\"(max-width: 600px) 100vw, 600px\" \/><\/a>\t<\/div><!-- .woo-entry-image-swap -->\n\n<ul class=\"woo-entry-inner clr\"><li class=\"image-wrap\">\n\t<div class=\"woo-entry-image-swap woo-entry-image clr\">\n\t\t<a href=\"https:\/\/voyagedelabaleine.fr\/es\/producto\/ranita-de-bebe-de-cuadros-en-algodon-calido\/\" class=\"woocommerce-LoopProduct-link\"><img decoding=\"async\" width=\"600\" height=\"800\" src=\"https:\/\/voyagedelabaleine.fr\/wp-content\/uploads\/2025\/02\/barboteuse-carreaux-600x800.jpg\" class=\"woo-entry-image-main\" alt=\"Ranita de beb\u00e9 de cuadros en algod\u00f3n c\u00e1lido\" itemprop=\"image\" srcset=\"https:\/\/voyagedelabaleine.fr\/wp-content\/uploads\/2025\/02\/barboteuse-carreaux-600x800.jpg 600w, https:\/\/voyagedelabaleine.fr\/wp-content\/uploads\/2025\/02\/barboteuse-carreaux-225x300.jpg 225w, https:\/\/voyagedelabaleine.fr\/wp-content\/uploads\/2025\/02\/barboteuse-carreaux-768x1024.jpg 768w, https:\/\/voyagedelabaleine.fr\/wp-content\/uploads\/2025\/02\/barboteuse-carreaux-1152x1536.jpg 1152w, https:\/\/voyagedelabaleine.fr\/wp-content\/uploads\/2025\/02\/barboteuse-carreaux.jpg 1200w\" sizes=\"(max-width: 600px) 100vw, 600px\" \/><img decoding=\"async\" width=\"600\" height=\"800\" src=\"https:\/\/voyagedelabaleine.fr\/wp-content\/uploads\/2024\/09\/barboteuse-carreaux-3-600x800.jpg\" class=\"woo-entry-image-secondary\" alt=\"Ranita de beb\u00e9 de cuadros en algod\u00f3n c\u00e1lido\" itemprop=\"image\" srcset=\"https:\/\/voyagedelabaleine.fr\/wp-content\/uploads\/2024\/09\/barboteuse-carreaux-3-600x800.jpg 600w, https:\/\/voyagedelabaleine.fr\/wp-content\/uploads\/2024\/09\/barboteuse-carreaux-3-225x300.jpg 225w, https:\/\/voyagedelabaleine.fr\/wp-content\/uploads\/2024\/09\/barboteuse-carreaux-3-768x1024.jpg 768w, https:\/\/voyagedelabaleine.fr\/wp-content\/uploads\/2024\/09\/barboteuse-carreaux-3-1152x1536.jpg 1152w, https:\/\/voyagedelabaleine.fr\/wp-content\/uploads\/2024\/09\/barboteuse-carreaux-3.jpg 1200w\" sizes=\"(max-width: 600px) 100vw, 600px\" \/><\/a>\t<\/div><!-- .woo-entry-image-swap -->\n\n<\/li><li class=\"title\"><h2><a href=\"https:\/\/voyagedelabaleine.fr\/es\/producto\/ranita-de-bebe-de-cuadros-en-algodon-calido\/\">Ranita de beb\u00e9 de cuadros en algod\u00f3n c\u00e1lido<\/a><\/h2><\/li><li class=\"price-wrap\">\n\t<span class=\"price\"><span class=\"woocommerce-Price-amount amount\"><bdi>56<span class=\"woocommerce-Price-currencySymbol\">&euro;<\/span><\/bdi><\/span><\/span>\n<\/li><\/ul><\/div><!-- .product-inner .clr --><\/li>\n<li class=\"entry has-media col span_1_of_3 owp-content-center owp-thumbs-layout-vertical owp-btn-big owp-tabs-layout-vertical circle-sale product type-product post-29674 status-publish last instock product_cat-calcetines-leotardos-nacimiento product_cat-calcetines-leotardos-nacimiento-nina product_cat-calcetines-leotardos-nacimiento-nino product_cat-calcetines-leotardos-bebe-nina product_cat-calcetines-leotardos-bebe-nino product_cat-calcetines-leotardos-bebes-ninos product_cat-calcetines-leotardos-nina product_cat-calcetines-leotardos-nino product_cat-calcetines-leotardos-ninos product_tag-leotardos has-post-thumbnail taxable shipping-taxable purchasable product-type-variable has-default-attributes\">\n\t<div class=\"product-inner clr\">\n\t<div class=\"woo-entry-image-swap woo-entry-image clr\">\n\t\t<a href=\"https:\/\/voyagedelabaleine.fr\/es\/producto\/leotardos-lisos-para-bebe-gris\/\" class=\"woocommerce-LoopProduct-link\"><img decoding=\"async\" width=\"600\" height=\"800\" src=\"https:\/\/voyagedelabaleine.fr\/wp-content\/uploads\/2024\/09\/collant-bebe-uni-gris-1-1-600x800.jpg\" class=\"woo-entry-image-main\" alt=\"Leotardos lisos para beb\u00e9 &#8211; Gris\" itemprop=\"image\" srcset=\"https:\/\/voyagedelabaleine.fr\/wp-content\/uploads\/2024\/09\/collant-bebe-uni-gris-1-1-600x800.jpg 600w, https:\/\/voyagedelabaleine.fr\/wp-content\/uploads\/2024\/09\/collant-bebe-uni-gris-1-1-225x300.jpg 225w, https:\/\/voyagedelabaleine.fr\/wp-content\/uploads\/2024\/09\/collant-bebe-uni-gris-1-1-768x1024.jpg 768w, https:\/\/voyagedelabaleine.fr\/wp-content\/uploads\/2024\/09\/collant-bebe-uni-gris-1-1.jpg 855w\" sizes=\"(max-width: 600px) 100vw, 600px\" \/><img decoding=\"async\" width=\"600\" height=\"800\" src=\"https:\/\/voyagedelabaleine.fr\/wp-content\/uploads\/2024\/09\/collant-bebe-uni-gris-2-1-600x800.jpg\" class=\"woo-entry-image-secondary\" alt=\"Leotardos lisos para beb\u00e9 &#8211; Gris\" itemprop=\"image\" srcset=\"https:\/\/voyagedelabaleine.fr\/wp-content\/uploads\/2024\/09\/collant-bebe-uni-gris-2-1-600x800.jpg 600w, https:\/\/voyagedelabaleine.fr\/wp-content\/uploads\/2024\/09\/collant-bebe-uni-gris-2-1-225x300.jpg 225w, https:\/\/voyagedelabaleine.fr\/wp-content\/uploads\/2024\/09\/collant-bebe-uni-gris-2-1-768x1024.jpg 768w, https:\/\/voyagedelabaleine.fr\/wp-content\/uploads\/2024\/09\/collant-bebe-uni-gris-2-1.jpg 855w\" sizes=\"(max-width: 600px) 100vw, 600px\" \/><\/a>\t<\/div><!-- .woo-entry-image-swap -->\n\n<ul class=\"woo-entry-inner clr\"><li class=\"image-wrap\">\n\t<div class=\"woo-entry-image-swap woo-entry-image clr\">\n\t\t<a href=\"https:\/\/voyagedelabaleine.fr\/es\/producto\/leotardos-lisos-para-bebe-gris\/\" class=\"woocommerce-LoopProduct-link\"><img decoding=\"async\" width=\"600\" height=\"800\" src=\"https:\/\/voyagedelabaleine.fr\/wp-content\/uploads\/2024\/09\/collant-bebe-uni-gris-1-1-600x800.jpg\" class=\"woo-entry-image-main\" alt=\"Leotardos lisos para beb\u00e9 &#8211; Gris\" itemprop=\"image\" srcset=\"https:\/\/voyagedelabaleine.fr\/wp-content\/uploads\/2024\/09\/collant-bebe-uni-gris-1-1-600x800.jpg 600w, https:\/\/voyagedelabaleine.fr\/wp-content\/uploads\/2024\/09\/collant-bebe-uni-gris-1-1-225x300.jpg 225w, https:\/\/voyagedelabaleine.fr\/wp-content\/uploads\/2024\/09\/collant-bebe-uni-gris-1-1-768x1024.jpg 768w, https:\/\/voyagedelabaleine.fr\/wp-content\/uploads\/2024\/09\/collant-bebe-uni-gris-1-1.jpg 855w\" sizes=\"(max-width: 600px) 100vw, 600px\" \/><img decoding=\"async\" width=\"600\" height=\"800\" src=\"https:\/\/voyagedelabaleine.fr\/wp-content\/uploads\/2024\/09\/collant-bebe-uni-gris-2-1-600x800.jpg\" class=\"woo-entry-image-secondary\" alt=\"Leotardos lisos para beb\u00e9 &#8211; Gris\" itemprop=\"image\" srcset=\"https:\/\/voyagedelabaleine.fr\/wp-content\/uploads\/2024\/09\/collant-bebe-uni-gris-2-1-600x800.jpg 600w, https:\/\/voyagedelabaleine.fr\/wp-content\/uploads\/2024\/09\/collant-bebe-uni-gris-2-1-225x300.jpg 225w, https:\/\/voyagedelabaleine.fr\/wp-content\/uploads\/2024\/09\/collant-bebe-uni-gris-2-1-768x1024.jpg 768w, https:\/\/voyagedelabaleine.fr\/wp-content\/uploads\/2024\/09\/collant-bebe-uni-gris-2-1.jpg 855w\" sizes=\"(max-width: 600px) 100vw, 600px\" \/><\/a>\t<\/div><!-- .woo-entry-image-swap -->\n\n<\/li><li class=\"title\"><h2><a href=\"https:\/\/voyagedelabaleine.fr\/es\/producto\/leotardos-lisos-para-bebe-gris\/\">Leotardos lisos para beb\u00e9 &#8211; Gris<\/a><\/h2><\/li><li class=\"price-wrap\">\n\t<span class=\"price\"><span class=\"woocommerce-Price-amount amount\"><bdi>14<span class=\"woocommerce-Price-currencySymbol\">&euro;<\/span><\/bdi><\/span><\/span>\n<\/li><\/ul><\/div><!-- .product-inner .clr --><\/li>\n<\/ul>\n<\/div><\/div>\n\t\t\t\t\t\t<\/div>\n\t\t\t\t<\/div>\n\t\t<div class=\"elementor-element elementor-element-a999b4e e-con-full e-flex e-con e-parent\" data-id=\"a999b4e\" data-element_type=\"container\" data-e-type=\"container\">\n\t\t\t\t<div class=\"elementor-element elementor-element-4720dcf elementor-widget-divider--separator-type-pattern elementor-widget-divider--view-line elementor-widget elementor-widget-divider\" data-id=\"4720dcf\" data-element_type=\"widget\" data-e-type=\"widget\" data-widget_type=\"divider.default\">\n\t\t\t\t\t\t\t<div class=\"elementor-divider\" style=\"--divider-pattern-url: url(&quot;data:image\/svg+xml,%3Csvg xmlns=&#039;http:\/\/www.w3.org\/2000\/svg&#039; preserveAspectRatio=&#039;none&#039; overflow=&#039;visible&#039; height=&#039;100%&#039; viewBox=&#039;0 0 24 24&#039; fill=&#039;black&#039; stroke=&#039;none&#039;%3E%3Cpath d=&#039;M12.7,2.3c-0.4-0.4-1.1-0.4-1.5,0l-8,9.1c-0.3,0.4-0.3,0.9,0,1.2l8,9.1c0.4,0.4,1.1,0.4,1.5,0l8-9.1c0.3-0.4,0.3-0.9,0-1.2L12.7,2.3z&#039;\/%3E%3C\/svg%3E&quot;);\">\n\t\t\t<span class=\"elementor-divider-separator\">\n\t\t\t\t\t\t<\/span>\n\t\t<\/div>\n\t\t\t\t\t\t<\/div>\n\t\t\t\t<div class=\"elementor-element elementor-element-39fb5fa elementor-widget elementor-widget-heading\" data-id=\"39fb5fa\" data-element_type=\"widget\" data-e-type=\"widget\" data-widget_type=\"heading.default\">\n\t\t\t\t\t<h2 class=\"elementor-heading-title elementor-size-default\">Dulzura retro chic<\/h2>\t\t\t\t<\/div>\n\t\t\t\t<div class=\"elementor-element elementor-element-77ca4dc elementor-widget elementor-widget-shortcode\" data-id=\"77ca4dc\" data-element_type=\"widget\" data-e-type=\"widget\" data-widget_type=\"shortcode.default\">\n\t\t\t\t\t\t\t<div class=\"elementor-shortcode\"><div class=\"woocommerce columns-3 \">\r\n<ul class=\"products oceanwp-row clr grid tablet-col tablet-2-col mobile-col mobile-2-col\">\r\n<li class=\"entry has-media has-rating col span_1_of_3 owp-content-center owp-thumbs-layout-vertical owp-btn-big owp-tabs-layout-vertical circle-sale product type-product post-32172 status-publish first instock product_cat-jersey-chaleco-cardigan-nacimiento product_cat-jersey-chaleco-cardigan-nacimiento-nina product_cat-jersey-chaleco-cardigan-bebe product_cat-jersey-chaleco-cardigan-bebe-nina product_cat-jersey-chaleco-cardigan-nina product_cat-jersey-chaleco-cardigan-ninos product_cat-ropa product_cat-ultima-oportunidad has-post-thumbnail taxable shipping-taxable purchasable product-type-variable has-default-attributes\">\n\t<div class=\"product-inner clr\">\n\t<div class=\"woo-entry-image-swap woo-entry-image clr\">\n\t\t<a href=\"https:\/\/voyagedelabaleine.fr\/es\/producto\/rebeca-de-punto-bobo-para-bebe-nina-rosa\/\" class=\"woocommerce-LoopProduct-link\"><img decoding=\"async\" width=\"600\" height=\"800\" src=\"https:\/\/voyagedelabaleine.fr\/wp-content\/uploads\/2025\/01\/giler-bebe-rose-600x800.jpg\" class=\"woo-entry-image-main\" alt=\"Rebeca de punto bobo para beb\u00e9 ni\u00f1a &#8211; Rosa\" itemprop=\"image\" srcset=\"https:\/\/voyagedelabaleine.fr\/wp-content\/uploads\/2025\/01\/giler-bebe-rose-600x800.jpg 600w, https:\/\/voyagedelabaleine.fr\/wp-content\/uploads\/2025\/01\/giler-bebe-rose-225x300.jpg 225w, https:\/\/voyagedelabaleine.fr\/wp-content\/uploads\/2025\/01\/giler-bebe-rose-768x1024.jpg 768w, https:\/\/voyagedelabaleine.fr\/wp-content\/uploads\/2025\/01\/giler-bebe-rose.jpg 1143w\" sizes=\"(max-width: 600px) 100vw, 600px\" \/><img decoding=\"async\" width=\"600\" height=\"800\" src=\"https:\/\/voyagedelabaleine.fr\/wp-content\/uploads\/2024\/09\/gilet-bebe-rose-1-600x800.jpg\" class=\"woo-entry-image-secondary\" alt=\"Rebeca de punto bobo para beb\u00e9 ni\u00f1a &#8211; Rosa\" itemprop=\"image\" srcset=\"https:\/\/voyagedelabaleine.fr\/wp-content\/uploads\/2024\/09\/gilet-bebe-rose-1-600x800.jpg 600w, https:\/\/voyagedelabaleine.fr\/wp-content\/uploads\/2024\/09\/gilet-bebe-rose-1-225x300.jpg 225w, https:\/\/voyagedelabaleine.fr\/wp-content\/uploads\/2024\/09\/gilet-bebe-rose-1-768x1024.jpg 768w, https:\/\/voyagedelabaleine.fr\/wp-content\/uploads\/2024\/09\/gilet-bebe-rose-1.jpg 1000w\" sizes=\"(max-width: 600px) 100vw, 600px\" \/><\/a>\t<\/div><!-- .woo-entry-image-swap -->\n\n<ul class=\"woo-entry-inner clr\"><li class=\"image-wrap\">\n\t<div class=\"woo-entry-image-swap woo-entry-image clr\">\n\t\t<a href=\"https:\/\/voyagedelabaleine.fr\/es\/producto\/rebeca-de-punto-bobo-para-bebe-nina-rosa\/\" class=\"woocommerce-LoopProduct-link\"><img decoding=\"async\" width=\"600\" height=\"800\" src=\"https:\/\/voyagedelabaleine.fr\/wp-content\/uploads\/2025\/01\/giler-bebe-rose-600x800.jpg\" class=\"woo-entry-image-main\" alt=\"Rebeca de punto bobo para beb\u00e9 ni\u00f1a &#8211; Rosa\" itemprop=\"image\" srcset=\"https:\/\/voyagedelabaleine.fr\/wp-content\/uploads\/2025\/01\/giler-bebe-rose-600x800.jpg 600w, https:\/\/voyagedelabaleine.fr\/wp-content\/uploads\/2025\/01\/giler-bebe-rose-225x300.jpg 225w, https:\/\/voyagedelabaleine.fr\/wp-content\/uploads\/2025\/01\/giler-bebe-rose-768x1024.jpg 768w, https:\/\/voyagedelabaleine.fr\/wp-content\/uploads\/2025\/01\/giler-bebe-rose.jpg 1143w\" sizes=\"(max-width: 600px) 100vw, 600px\" \/><img decoding=\"async\" width=\"600\" height=\"800\" src=\"https:\/\/voyagedelabaleine.fr\/wp-content\/uploads\/2024\/09\/gilet-bebe-rose-1-600x800.jpg\" class=\"woo-entry-image-secondary\" alt=\"Rebeca de punto bobo para beb\u00e9 ni\u00f1a &#8211; Rosa\" itemprop=\"image\" srcset=\"https:\/\/voyagedelabaleine.fr\/wp-content\/uploads\/2024\/09\/gilet-bebe-rose-1-600x800.jpg 600w, https:\/\/voyagedelabaleine.fr\/wp-content\/uploads\/2024\/09\/gilet-bebe-rose-1-225x300.jpg 225w, https:\/\/voyagedelabaleine.fr\/wp-content\/uploads\/2024\/09\/gilet-bebe-rose-1-768x1024.jpg 768w, https:\/\/voyagedelabaleine.fr\/wp-content\/uploads\/2024\/09\/gilet-bebe-rose-1.jpg 1000w\" sizes=\"(max-width: 600px) 100vw, 600px\" \/><\/a>\t<\/div><!-- .woo-entry-image-swap -->\n\n<\/li><li class=\"title\"><h2><a href=\"https:\/\/voyagedelabaleine.fr\/es\/producto\/rebeca-de-punto-bobo-para-bebe-nina-rosa\/\">Rebeca de punto bobo para beb\u00e9 ni\u00f1a &#8211; Rosa<\/a><\/h2><\/li><li class=\"price-wrap\">\n\t<span class=\"price\"><span class=\"woocommerce-Price-amount amount\"><bdi>38<span class=\"woocommerce-Price-currencySymbol\">&euro;<\/span><\/bdi><\/span><\/span>\n<\/li><\/ul><\/div><!-- .product-inner .clr --><\/li>\n<li class=\"entry has-media has-rating col span_1_of_3 owp-content-center owp-thumbs-layout-vertical owp-btn-big owp-tabs-layout-vertical circle-sale product type-product post-32117 status-publish instock product_cat-accesorios-nacimiento-nina product_cat-accesorios-bebe product_cat-accesorios-bebe-nina product_cat-accesorios-nacimiento product_cat-ultima-oportunidad has-post-thumbnail taxable shipping-taxable purchasable product-type-variable has-default-attributes\">\n\t<div class=\"product-inner clr\">\n\t<div class=\"woo-entry-image-swap woo-entry-image clr\">\n\t\t<a href=\"https:\/\/voyagedelabaleine.fr\/es\/producto\/cuello-desmontable-de-punto-bobo-para-nina-para-chaleco-rosa\/\" class=\"woocommerce-LoopProduct-link\"><img decoding=\"async\" width=\"600\" height=\"800\" src=\"https:\/\/voyagedelabaleine.fr\/wp-content\/uploads\/2024\/09\/col-amovible-bebe-rose-600x800.jpg\" class=\"woo-entry-image-main\" alt=\"Cuello desmontable de punto bobo para ni\u00f1a para chaleco &#8211; Rosa\" itemprop=\"image\" srcset=\"https:\/\/voyagedelabaleine.fr\/wp-content\/uploads\/2024\/09\/col-amovible-bebe-rose-600x800.jpg 600w, https:\/\/voyagedelabaleine.fr\/wp-content\/uploads\/2024\/09\/col-amovible-bebe-rose-225x300.jpg 225w, https:\/\/voyagedelabaleine.fr\/wp-content\/uploads\/2024\/09\/col-amovible-bebe-rose-768x1024.jpg 768w, https:\/\/voyagedelabaleine.fr\/wp-content\/uploads\/2024\/09\/col-amovible-bebe-rose.jpg 988w\" sizes=\"(max-width: 600px) 100vw, 600px\" \/><img decoding=\"async\" width=\"600\" height=\"800\" src=\"https:\/\/voyagedelabaleine.fr\/wp-content\/uploads\/2024\/09\/gilet-bebe-rose-1-600x800.jpg\" class=\"woo-entry-image-secondary\" alt=\"Cuello desmontable de punto bobo para ni\u00f1a para chaleco &#8211; Rosa\" itemprop=\"image\" srcset=\"https:\/\/voyagedelabaleine.fr\/wp-content\/uploads\/2024\/09\/gilet-bebe-rose-1-600x800.jpg 600w, https:\/\/voyagedelabaleine.fr\/wp-content\/uploads\/2024\/09\/gilet-bebe-rose-1-225x300.jpg 225w, https:\/\/voyagedelabaleine.fr\/wp-content\/uploads\/2024\/09\/gilet-bebe-rose-1-768x1024.jpg 768w, https:\/\/voyagedelabaleine.fr\/wp-content\/uploads\/2024\/09\/gilet-bebe-rose-1.jpg 1000w\" sizes=\"(max-width: 600px) 100vw, 600px\" \/><\/a>\t<\/div><!-- .woo-entry-image-swap -->\n\n<ul class=\"woo-entry-inner clr\"><li class=\"image-wrap\">\n\t<div class=\"woo-entry-image-swap woo-entry-image clr\">\n\t\t<a href=\"https:\/\/voyagedelabaleine.fr\/es\/producto\/cuello-desmontable-de-punto-bobo-para-nina-para-chaleco-rosa\/\" class=\"woocommerce-LoopProduct-link\"><img decoding=\"async\" width=\"600\" height=\"800\" src=\"https:\/\/voyagedelabaleine.fr\/wp-content\/uploads\/2024\/09\/col-amovible-bebe-rose-600x800.jpg\" class=\"woo-entry-image-main\" alt=\"Cuello desmontable de punto bobo para ni\u00f1a para chaleco &#8211; Rosa\" itemprop=\"image\" srcset=\"https:\/\/voyagedelabaleine.fr\/wp-content\/uploads\/2024\/09\/col-amovible-bebe-rose-600x800.jpg 600w, https:\/\/voyagedelabaleine.fr\/wp-content\/uploads\/2024\/09\/col-amovible-bebe-rose-225x300.jpg 225w, https:\/\/voyagedelabaleine.fr\/wp-content\/uploads\/2024\/09\/col-amovible-bebe-rose-768x1024.jpg 768w, https:\/\/voyagedelabaleine.fr\/wp-content\/uploads\/2024\/09\/col-amovible-bebe-rose.jpg 988w\" sizes=\"(max-width: 600px) 100vw, 600px\" \/><img decoding=\"async\" width=\"600\" height=\"800\" src=\"https:\/\/voyagedelabaleine.fr\/wp-content\/uploads\/2024\/09\/gilet-bebe-rose-1-600x800.jpg\" class=\"woo-entry-image-secondary\" alt=\"Cuello desmontable de punto bobo para ni\u00f1a para chaleco &#8211; Rosa\" itemprop=\"image\" srcset=\"https:\/\/voyagedelabaleine.fr\/wp-content\/uploads\/2024\/09\/gilet-bebe-rose-1-600x800.jpg 600w, https:\/\/voyagedelabaleine.fr\/wp-content\/uploads\/2024\/09\/gilet-bebe-rose-1-225x300.jpg 225w, https:\/\/voyagedelabaleine.fr\/wp-content\/uploads\/2024\/09\/gilet-bebe-rose-1-768x1024.jpg 768w, https:\/\/voyagedelabaleine.fr\/wp-content\/uploads\/2024\/09\/gilet-bebe-rose-1.jpg 1000w\" sizes=\"(max-width: 600px) 100vw, 600px\" \/><\/a>\t<\/div><!-- .woo-entry-image-swap -->\n\n<\/li><li class=\"title\"><h2><a href=\"https:\/\/voyagedelabaleine.fr\/es\/producto\/cuello-desmontable-de-punto-bobo-para-nina-para-chaleco-rosa\/\">Cuello desmontable de punto bobo para ni\u00f1a para chaleco &#8211; Rosa<\/a><\/h2><\/li><li class=\"price-wrap\">\n\t<span class=\"price\"><span class=\"woocommerce-Price-amount amount\"><bdi>10<span class=\"woocommerce-Price-currencySymbol\">&euro;<\/span><\/bdi><\/span><\/span>\n<\/li><\/ul><\/div><!-- .product-inner .clr --><\/li>\n<li class=\"entry has-media has-rating col span_1_of_3 owp-content-center owp-thumbs-layout-vertical owp-btn-big owp-tabs-layout-vertical circle-sale product type-product post-33474 status-publish last instock product_cat-calcetines-leotardos-nacimiento product_cat-calcetines-leotardos-nacimiento-nina product_cat-calcetines-leotardos-bebe-nina product_cat-calcetines-leotardos-bebes-ninos product_cat-calcetines-leotardos-nina product_cat-calcetines-leotardos-ninos product_tag-leotardos has-post-thumbnail taxable shipping-taxable purchasable product-type-variable has-default-attributes\">\n\t<div class=\"product-inner clr\">\n\t<div class=\"woo-entry-image-swap woo-entry-image clr\">\n\t\t<a href=\"https:\/\/voyagedelabaleine.fr\/es\/producto\/leotardos-de-bebe-de-canale-nude\/\" class=\"woocommerce-LoopProduct-link\"><img decoding=\"async\" width=\"600\" height=\"800\" src=\"https:\/\/voyagedelabaleine.fr\/wp-content\/uploads\/2024\/09\/collant-bebe-cotele-nude-1-1-600x800.jpg\" class=\"woo-entry-image-main\" alt=\"Leotardos de beb\u00e9 de canal\u00e9 &#8211; Nude\" itemprop=\"image\" srcset=\"https:\/\/voyagedelabaleine.fr\/wp-content\/uploads\/2024\/09\/collant-bebe-cotele-nude-1-1-600x800.jpg 600w, https:\/\/voyagedelabaleine.fr\/wp-content\/uploads\/2024\/09\/collant-bebe-cotele-nude-1-1-225x300.jpg 225w, https:\/\/voyagedelabaleine.fr\/wp-content\/uploads\/2024\/09\/collant-bebe-cotele-nude-1-1-768x1024.jpg 768w, https:\/\/voyagedelabaleine.fr\/wp-content\/uploads\/2024\/09\/collant-bebe-cotele-nude-1-1.jpg 855w\" sizes=\"(max-width: 600px) 100vw, 600px\" \/><img decoding=\"async\" width=\"600\" height=\"800\" src=\"https:\/\/voyagedelabaleine.fr\/wp-content\/uploads\/2024\/09\/collant-bebe-cotele-nude-2-1-600x800.jpg\" class=\"woo-entry-image-secondary\" alt=\"Leotardos de beb\u00e9 de canal\u00e9 &#8211; Nude\" itemprop=\"image\" srcset=\"https:\/\/voyagedelabaleine.fr\/wp-content\/uploads\/2024\/09\/collant-bebe-cotele-nude-2-1-600x800.jpg 600w, https:\/\/voyagedelabaleine.fr\/wp-content\/uploads\/2024\/09\/collant-bebe-cotele-nude-2-1-225x300.jpg 225w, https:\/\/voyagedelabaleine.fr\/wp-content\/uploads\/2024\/09\/collant-bebe-cotele-nude-2-1-768x1024.jpg 768w, https:\/\/voyagedelabaleine.fr\/wp-content\/uploads\/2024\/09\/collant-bebe-cotele-nude-2-1.jpg 855w\" sizes=\"(max-width: 600px) 100vw, 600px\" \/><\/a>\t<\/div><!-- .woo-entry-image-swap -->\n\n<ul class=\"woo-entry-inner clr\"><li class=\"image-wrap\">\n\t<div class=\"woo-entry-image-swap woo-entry-image clr\">\n\t\t<a href=\"https:\/\/voyagedelabaleine.fr\/es\/producto\/leotardos-de-bebe-de-canale-nude\/\" class=\"woocommerce-LoopProduct-link\"><img decoding=\"async\" width=\"600\" height=\"800\" src=\"https:\/\/voyagedelabaleine.fr\/wp-content\/uploads\/2024\/09\/collant-bebe-cotele-nude-1-1-600x800.jpg\" class=\"woo-entry-image-main\" alt=\"Leotardos de beb\u00e9 de canal\u00e9 &#8211; Nude\" itemprop=\"image\" srcset=\"https:\/\/voyagedelabaleine.fr\/wp-content\/uploads\/2024\/09\/collant-bebe-cotele-nude-1-1-600x800.jpg 600w, https:\/\/voyagedelabaleine.fr\/wp-content\/uploads\/2024\/09\/collant-bebe-cotele-nude-1-1-225x300.jpg 225w, https:\/\/voyagedelabaleine.fr\/wp-content\/uploads\/2024\/09\/collant-bebe-cotele-nude-1-1-768x1024.jpg 768w, https:\/\/voyagedelabaleine.fr\/wp-content\/uploads\/2024\/09\/collant-bebe-cotele-nude-1-1.jpg 855w\" sizes=\"(max-width: 600px) 100vw, 600px\" \/><img decoding=\"async\" width=\"600\" height=\"800\" src=\"https:\/\/voyagedelabaleine.fr\/wp-content\/uploads\/2024\/09\/collant-bebe-cotele-nude-2-1-600x800.jpg\" class=\"woo-entry-image-secondary\" alt=\"Leotardos de beb\u00e9 de canal\u00e9 &#8211; Nude\" itemprop=\"image\" srcset=\"https:\/\/voyagedelabaleine.fr\/wp-content\/uploads\/2024\/09\/collant-bebe-cotele-nude-2-1-600x800.jpg 600w, https:\/\/voyagedelabaleine.fr\/wp-content\/uploads\/2024\/09\/collant-bebe-cotele-nude-2-1-225x300.jpg 225w, https:\/\/voyagedelabaleine.fr\/wp-content\/uploads\/2024\/09\/collant-bebe-cotele-nude-2-1-768x1024.jpg 768w, https:\/\/voyagedelabaleine.fr\/wp-content\/uploads\/2024\/09\/collant-bebe-cotele-nude-2-1.jpg 855w\" sizes=\"(max-width: 600px) 100vw, 600px\" \/><\/a>\t<\/div><!-- .woo-entry-image-swap -->\n\n<\/li><li class=\"title\"><h2><a href=\"https:\/\/voyagedelabaleine.fr\/es\/producto\/leotardos-de-bebe-de-canale-nude\/\">Leotardos de beb\u00e9 de canal\u00e9 &#8211; Nude<\/a><\/h2><\/li><li class=\"price-wrap\">\n\t<span class=\"price\"><span class=\"woocommerce-Price-amount amount\"><bdi>14<span class=\"woocommerce-Price-currencySymbol\">&euro;<\/span><\/bdi><\/span><\/span>\n<\/li><\/ul><\/div><!-- .product-inner .clr --><\/li>\n<\/ul>\n<\/div><\/div>\n\t\t\t\t\t\t<\/div>\n\t\t\t\t<\/div>\n\t\t<div class=\"elementor-element elementor-element-2f46533 e-con-full e-flex e-con e-parent\" data-id=\"2f46533\" data-element_type=\"container\" data-e-type=\"container\">\n\t\t\t\t<div class=\"elementor-element elementor-element-3b2b2de elementor-widget-divider--separator-type-pattern elementor-widget-divider--view-line elementor-widget elementor-widget-divider\" data-id=\"3b2b2de\" data-element_type=\"widget\" data-e-type=\"widget\" data-widget_type=\"divider.default\">\n\t\t\t\t\t\t\t<div class=\"elementor-divider\" style=\"--divider-pattern-url: url(&quot;data:image\/svg+xml,%3Csvg xmlns=&#039;http:\/\/www.w3.org\/2000\/svg&#039; preserveAspectRatio=&#039;none&#039; overflow=&#039;visible&#039; height=&#039;100%&#039; viewBox=&#039;0 0 24 24&#039; fill=&#039;black&#039; stroke=&#039;none&#039;%3E%3Cpath d=&#039;M12.7,2.3c-0.4-0.4-1.1-0.4-1.5,0l-8,9.1c-0.3,0.4-0.3,0.9,0,1.2l8,9.1c0.4,0.4,1.1,0.4,1.5,0l8-9.1c0.3-0.4,0.3-0.9,0-1.2L12.7,2.3z&#039;\/%3E%3C\/svg%3E&quot;);\">\n\t\t\t<span class=\"elementor-divider-separator\">\n\t\t\t\t\t\t<\/span>\n\t\t<\/div>\n\t\t\t\t\t\t<\/div>\n\t\t\t\t<div class=\"elementor-element elementor-element-001fa62 elementor-widget elementor-widget-heading\" data-id=\"001fa62\" data-element_type=\"widget\" data-e-type=\"widget\" data-widget_type=\"heading.default\">\n\t\t\t\t\t<h2 class=\"elementor-heading-title elementor-size-default\">Tart\u00e1n chic<\/h2>\t\t\t\t<\/div>\n\t\t\t\t<div class=\"elementor-element elementor-element-aeced04 elementor-widget elementor-widget-shortcode\" data-id=\"aeced04\" data-element_type=\"widget\" data-e-type=\"widget\" data-widget_type=\"shortcode.default\">\n\t\t\t\t\t\t\t<div class=\"elementor-shortcode\"><div class=\"woocommerce columns-3 \">\r\n<ul class=\"products oceanwp-row clr grid tablet-col tablet-2-col mobile-col mobile-2-col\">\r\n<li class=\"entry has-media has-rating col span_1_of_3 owp-content-center owp-thumbs-layout-vertical owp-btn-big owp-tabs-layout-vertical circle-sale product type-product post-30519 status-publish first instock product_cat-bebe-nina product_cat-nina product_cat-ropa product_cat-vestido-bebe-nina product_cat-vestido-nina has-post-thumbnail taxable shipping-taxable purchasable product-type-variable has-default-attributes\">\n\t<div class=\"product-inner clr\">\n\t<div class=\"woo-entry-image-swap woo-entry-image clr\">\n\t\t<a href=\"https:\/\/voyagedelabaleine.fr\/es\/producto\/vestido-de-bebe-nina-de-tartan-con-cuello-bordado-burdeos\/\" class=\"woocommerce-LoopProduct-link\"><img decoding=\"async\" width=\"600\" height=\"800\" src=\"https:\/\/voyagedelabaleine.fr\/wp-content\/uploads\/2025\/02\/robe-bebe-tartan-1-600x800.jpg\" class=\"woo-entry-image-main\" alt=\"Vestido de beb\u00e9 ni\u00f1a de tart\u00e1n con cuello bordado &#8211; Burdeos\" itemprop=\"image\" srcset=\"https:\/\/voyagedelabaleine.fr\/wp-content\/uploads\/2025\/02\/robe-bebe-tartan-1-600x800.jpg 600w, https:\/\/voyagedelabaleine.fr\/wp-content\/uploads\/2025\/02\/robe-bebe-tartan-1-225x300.jpg 225w, https:\/\/voyagedelabaleine.fr\/wp-content\/uploads\/2025\/02\/robe-bebe-tartan-1-768x1024.jpg 768w, https:\/\/voyagedelabaleine.fr\/wp-content\/uploads\/2025\/02\/robe-bebe-tartan-1-1152x1536.jpg 1152w, https:\/\/voyagedelabaleine.fr\/wp-content\/uploads\/2025\/02\/robe-bebe-tartan-1.jpg 1200w\" sizes=\"(max-width: 600px) 100vw, 600px\" \/><img decoding=\"async\" width=\"600\" height=\"800\" src=\"https:\/\/voyagedelabaleine.fr\/wp-content\/uploads\/2024\/10\/robe-bebe-tartan-600x800.jpg\" class=\"woo-entry-image-secondary\" alt=\"Vestido de beb\u00e9 ni\u00f1a de tart\u00e1n con cuello bordado &#8211; Burdeos\" itemprop=\"image\" srcset=\"https:\/\/voyagedelabaleine.fr\/wp-content\/uploads\/2024\/10\/robe-bebe-tartan-600x800.jpg 600w, https:\/\/voyagedelabaleine.fr\/wp-content\/uploads\/2024\/10\/robe-bebe-tartan-225x300.jpg 225w, https:\/\/voyagedelabaleine.fr\/wp-content\/uploads\/2024\/10\/robe-bebe-tartan-768x1024.jpg 768w, https:\/\/voyagedelabaleine.fr\/wp-content\/uploads\/2024\/10\/robe-bebe-tartan.jpg 800w\" sizes=\"(max-width: 600px) 100vw, 600px\" \/><\/a>\t<\/div><!-- .woo-entry-image-swap -->\n\n<ul class=\"woo-entry-inner clr\"><li class=\"image-wrap\">\n\t<div class=\"woo-entry-image-swap woo-entry-image clr\">\n\t\t<a href=\"https:\/\/voyagedelabaleine.fr\/es\/producto\/vestido-de-bebe-nina-de-tartan-con-cuello-bordado-burdeos\/\" class=\"woocommerce-LoopProduct-link\"><img decoding=\"async\" width=\"600\" height=\"800\" src=\"https:\/\/voyagedelabaleine.fr\/wp-content\/uploads\/2025\/02\/robe-bebe-tartan-1-600x800.jpg\" class=\"woo-entry-image-main\" alt=\"Vestido de beb\u00e9 ni\u00f1a de tart\u00e1n con cuello bordado &#8211; Burdeos\" itemprop=\"image\" srcset=\"https:\/\/voyagedelabaleine.fr\/wp-content\/uploads\/2025\/02\/robe-bebe-tartan-1-600x800.jpg 600w, https:\/\/voyagedelabaleine.fr\/wp-content\/uploads\/2025\/02\/robe-bebe-tartan-1-225x300.jpg 225w, https:\/\/voyagedelabaleine.fr\/wp-content\/uploads\/2025\/02\/robe-bebe-tartan-1-768x1024.jpg 768w, https:\/\/voyagedelabaleine.fr\/wp-content\/uploads\/2025\/02\/robe-bebe-tartan-1-1152x1536.jpg 1152w, https:\/\/voyagedelabaleine.fr\/wp-content\/uploads\/2025\/02\/robe-bebe-tartan-1.jpg 1200w\" sizes=\"(max-width: 600px) 100vw, 600px\" \/><img decoding=\"async\" width=\"600\" height=\"800\" src=\"https:\/\/voyagedelabaleine.fr\/wp-content\/uploads\/2024\/10\/robe-bebe-tartan-600x800.jpg\" class=\"woo-entry-image-secondary\" alt=\"Vestido de beb\u00e9 ni\u00f1a de tart\u00e1n con cuello bordado &#8211; Burdeos\" itemprop=\"image\" srcset=\"https:\/\/voyagedelabaleine.fr\/wp-content\/uploads\/2024\/10\/robe-bebe-tartan-600x800.jpg 600w, https:\/\/voyagedelabaleine.fr\/wp-content\/uploads\/2024\/10\/robe-bebe-tartan-225x300.jpg 225w, https:\/\/voyagedelabaleine.fr\/wp-content\/uploads\/2024\/10\/robe-bebe-tartan-768x1024.jpg 768w, https:\/\/voyagedelabaleine.fr\/wp-content\/uploads\/2024\/10\/robe-bebe-tartan.jpg 800w\" sizes=\"(max-width: 600px) 100vw, 600px\" \/><\/a>\t<\/div><!-- .woo-entry-image-swap -->\n\n<\/li><li class=\"title\"><h2><a href=\"https:\/\/voyagedelabaleine.fr\/es\/producto\/vestido-de-bebe-nina-de-tartan-con-cuello-bordado-burdeos\/\">Vestido de beb\u00e9 ni\u00f1a de tart\u00e1n con cuello bordado &#8211; Burdeos<\/a><\/h2><\/li><li class=\"price-wrap\">\n\t<span class=\"price\"><span class=\"woocommerce-Price-amount amount\"><bdi>68<span class=\"woocommerce-Price-currencySymbol\">&euro;<\/span><\/bdi><\/span><\/span>\n<\/li><\/ul><\/div><!-- .product-inner .clr --><\/li>\n<li class=\"entry has-media has-rating col span_1_of_3 owp-content-center owp-thumbs-layout-vertical owp-btn-big owp-tabs-layout-vertical circle-sale product type-product post-29565 status-publish instock product_cat-jersey-irlandes-bebes-ninos product_cat-jersey-chaleco-cardigan-bebe product_cat-jersey-chaleco-cardigan-bebe-nina product_cat-jersey-chaleco-cardigan-nina product_cat-jersey-chaleco-cardigan-ninos product_cat-ropa has-post-thumbnail taxable shipping-taxable purchasable product-type-variable has-default-attributes\">\n\t<div class=\"product-inner clr\">\n\t<div class=\"woo-entry-image-swap woo-entry-image clr\">\n\t\t<a href=\"https:\/\/voyagedelabaleine.fr\/es\/producto\/chaleco-trenzado-para-bebe-nina-pura-lana-merina-crudo\/\" class=\"woocommerce-LoopProduct-link\"><img decoding=\"async\" width=\"600\" height=\"800\" src=\"https:\/\/voyagedelabaleine.fr\/wp-content\/uploads\/2024\/11\/IMG_2335-fotor-20241126143428-1-600x800.jpg\" class=\"woo-entry-image-main\" alt=\"Chaleco trenzado para beb\u00e9 ni\u00f1a &#8211; Pura lana merina &#8211; Crudo\" itemprop=\"image\" srcset=\"https:\/\/voyagedelabaleine.fr\/wp-content\/uploads\/2024\/11\/IMG_2335-fotor-20241126143428-1-600x800.jpg 600w, https:\/\/voyagedelabaleine.fr\/wp-content\/uploads\/2024\/11\/IMG_2335-fotor-20241126143428-1-225x300.jpg 225w, https:\/\/voyagedelabaleine.fr\/wp-content\/uploads\/2024\/11\/IMG_2335-fotor-20241126143428-1-768x1024.jpg 768w, https:\/\/voyagedelabaleine.fr\/wp-content\/uploads\/2024\/11\/IMG_2335-fotor-20241126143428-1.jpg 800w\" sizes=\"(max-width: 600px) 100vw, 600px\" \/><img decoding=\"async\" width=\"600\" height=\"800\" src=\"https:\/\/voyagedelabaleine.fr\/wp-content\/uploads\/2024\/11\/IMG_2335-fotor-20241126143553-1-600x800.jpg\" class=\"woo-entry-image-secondary\" alt=\"Chaleco trenzado para beb\u00e9 ni\u00f1a &#8211; Pura lana merina &#8211; Crudo\" itemprop=\"image\" srcset=\"https:\/\/voyagedelabaleine.fr\/wp-content\/uploads\/2024\/11\/IMG_2335-fotor-20241126143553-1-600x800.jpg 600w, https:\/\/voyagedelabaleine.fr\/wp-content\/uploads\/2024\/11\/IMG_2335-fotor-20241126143553-1-225x300.jpg 225w, https:\/\/voyagedelabaleine.fr\/wp-content\/uploads\/2024\/11\/IMG_2335-fotor-20241126143553-1-768x1024.jpg 768w, https:\/\/voyagedelabaleine.fr\/wp-content\/uploads\/2024\/11\/IMG_2335-fotor-20241126143553-1.jpg 800w\" sizes=\"(max-width: 600px) 100vw, 600px\" \/><\/a>\t<\/div><!-- .woo-entry-image-swap -->\n\n<ul class=\"woo-entry-inner clr\"><li class=\"image-wrap\">\n\t<div class=\"woo-entry-image-swap woo-entry-image clr\">\n\t\t<a href=\"https:\/\/voyagedelabaleine.fr\/es\/producto\/chaleco-trenzado-para-bebe-nina-pura-lana-merina-crudo\/\" class=\"woocommerce-LoopProduct-link\"><img decoding=\"async\" width=\"600\" height=\"800\" src=\"https:\/\/voyagedelabaleine.fr\/wp-content\/uploads\/2024\/11\/IMG_2335-fotor-20241126143428-1-600x800.jpg\" class=\"woo-entry-image-main\" alt=\"Chaleco trenzado para beb\u00e9 ni\u00f1a &#8211; Pura lana merina &#8211; Crudo\" itemprop=\"image\" srcset=\"https:\/\/voyagedelabaleine.fr\/wp-content\/uploads\/2024\/11\/IMG_2335-fotor-20241126143428-1-600x800.jpg 600w, https:\/\/voyagedelabaleine.fr\/wp-content\/uploads\/2024\/11\/IMG_2335-fotor-20241126143428-1-225x300.jpg 225w, https:\/\/voyagedelabaleine.fr\/wp-content\/uploads\/2024\/11\/IMG_2335-fotor-20241126143428-1-768x1024.jpg 768w, https:\/\/voyagedelabaleine.fr\/wp-content\/uploads\/2024\/11\/IMG_2335-fotor-20241126143428-1.jpg 800w\" sizes=\"(max-width: 600px) 100vw, 600px\" \/><img decoding=\"async\" width=\"600\" height=\"800\" src=\"https:\/\/voyagedelabaleine.fr\/wp-content\/uploads\/2024\/11\/IMG_2335-fotor-20241126143553-1-600x800.jpg\" class=\"woo-entry-image-secondary\" alt=\"Chaleco trenzado para beb\u00e9 ni\u00f1a &#8211; Pura lana merina &#8211; Crudo\" itemprop=\"image\" srcset=\"https:\/\/voyagedelabaleine.fr\/wp-content\/uploads\/2024\/11\/IMG_2335-fotor-20241126143553-1-600x800.jpg 600w, https:\/\/voyagedelabaleine.fr\/wp-content\/uploads\/2024\/11\/IMG_2335-fotor-20241126143553-1-225x300.jpg 225w, https:\/\/voyagedelabaleine.fr\/wp-content\/uploads\/2024\/11\/IMG_2335-fotor-20241126143553-1-768x1024.jpg 768w, https:\/\/voyagedelabaleine.fr\/wp-content\/uploads\/2024\/11\/IMG_2335-fotor-20241126143553-1.jpg 800w\" sizes=\"(max-width: 600px) 100vw, 600px\" \/><\/a>\t<\/div><!-- .woo-entry-image-swap -->\n\n<\/li><li class=\"title\"><h2><a href=\"https:\/\/voyagedelabaleine.fr\/es\/producto\/chaleco-trenzado-para-bebe-nina-pura-lana-merina-crudo\/\">Chaleco trenzado para beb\u00e9 ni\u00f1a &#8211; Pura lana merina &#8211; Crudo<\/a><\/h2><\/li><li class=\"price-wrap\">\n\t<span class=\"price\"><span class=\"woocommerce-Price-amount amount\"><bdi>60<span class=\"woocommerce-Price-currencySymbol\">&euro;<\/span><\/bdi><\/span><\/span>\n<\/li><\/ul><\/div><!-- .product-inner .clr --><\/li>\n<li class=\"entry has-media has-rating col span_1_of_3 owp-content-center owp-thumbs-layout-vertical owp-btn-big owp-tabs-layout-vertical circle-sale product type-product post-33948 status-publish last instock product_cat-calcetines-leotardos-nacimiento product_cat-calcetines-leotardos-nacimiento-nina product_cat-calcetines-leotardos-nacimiento-nino product_cat-calcetines-leotardos-bebe-nina product_cat-calcetines-leotardos-bebe-nino product_cat-calcetines-leotardos-bebes-ninos has-post-thumbnail taxable shipping-taxable purchasable product-type-variable has-default-attributes\">\n\t<div class=\"product-inner clr\">\n\t<div class=\"woo-entry-image-swap woo-entry-image clr\">\n\t\t<a href=\"https:\/\/voyagedelabaleine.fr\/es\/producto\/leotardos-de-bebe-acanalados-burdeos\/\" class=\"woocommerce-LoopProduct-link\"><img decoding=\"async\" width=\"600\" height=\"800\" src=\"https:\/\/voyagedelabaleine.fr\/wp-content\/uploads\/2024\/09\/collant-bebe-cotele-bordeaux-600x800.jpg\" class=\"woo-entry-image-main\" alt=\"Leotardos de beb\u00e9 acanalados &#8211; Burdeos\" itemprop=\"image\" srcset=\"https:\/\/voyagedelabaleine.fr\/wp-content\/uploads\/2024\/09\/collant-bebe-cotele-bordeaux-600x800.jpg 600w, https:\/\/voyagedelabaleine.fr\/wp-content\/uploads\/2024\/09\/collant-bebe-cotele-bordeaux-225x300.jpg 225w, https:\/\/voyagedelabaleine.fr\/wp-content\/uploads\/2024\/09\/collant-bebe-cotele-bordeaux-768x1024.jpg 768w, https:\/\/voyagedelabaleine.fr\/wp-content\/uploads\/2024\/09\/collant-bebe-cotele-bordeaux.jpg 855w\" sizes=\"(max-width: 600px) 100vw, 600px\" \/><img decoding=\"async\" width=\"600\" height=\"800\" src=\"https:\/\/voyagedelabaleine.fr\/wp-content\/uploads\/2024\/09\/collant-bebe-cotele-bordeaux-2-1-600x800.jpg\" class=\"woo-entry-image-secondary\" alt=\"Leotardos de beb\u00e9 acanalados &#8211; Burdeos\" itemprop=\"image\" srcset=\"https:\/\/voyagedelabaleine.fr\/wp-content\/uploads\/2024\/09\/collant-bebe-cotele-bordeaux-2-1-600x800.jpg 600w, https:\/\/voyagedelabaleine.fr\/wp-content\/uploads\/2024\/09\/collant-bebe-cotele-bordeaux-2-1-225x300.jpg 225w, https:\/\/voyagedelabaleine.fr\/wp-content\/uploads\/2024\/09\/collant-bebe-cotele-bordeaux-2-1-768x1024.jpg 768w, https:\/\/voyagedelabaleine.fr\/wp-content\/uploads\/2024\/09\/collant-bebe-cotele-bordeaux-2-1.jpg 855w\" sizes=\"(max-width: 600px) 100vw, 600px\" \/><\/a>\t<\/div><!-- .woo-entry-image-swap -->\n\n<ul class=\"woo-entry-inner clr\"><li class=\"image-wrap\">\n\t<div class=\"woo-entry-image-swap woo-entry-image clr\">\n\t\t<a href=\"https:\/\/voyagedelabaleine.fr\/es\/producto\/leotardos-de-bebe-acanalados-burdeos\/\" class=\"woocommerce-LoopProduct-link\"><img decoding=\"async\" width=\"600\" height=\"800\" src=\"https:\/\/voyagedelabaleine.fr\/wp-content\/uploads\/2024\/09\/collant-bebe-cotele-bordeaux-600x800.jpg\" class=\"woo-entry-image-main\" alt=\"Leotardos de beb\u00e9 acanalados &#8211; Burdeos\" itemprop=\"image\" srcset=\"https:\/\/voyagedelabaleine.fr\/wp-content\/uploads\/2024\/09\/collant-bebe-cotele-bordeaux-600x800.jpg 600w, https:\/\/voyagedelabaleine.fr\/wp-content\/uploads\/2024\/09\/collant-bebe-cotele-bordeaux-225x300.jpg 225w, https:\/\/voyagedelabaleine.fr\/wp-content\/uploads\/2024\/09\/collant-bebe-cotele-bordeaux-768x1024.jpg 768w, https:\/\/voyagedelabaleine.fr\/wp-content\/uploads\/2024\/09\/collant-bebe-cotele-bordeaux.jpg 855w\" sizes=\"(max-width: 600px) 100vw, 600px\" \/><img decoding=\"async\" width=\"600\" height=\"800\" src=\"https:\/\/voyagedelabaleine.fr\/wp-content\/uploads\/2024\/09\/collant-bebe-cotele-bordeaux-2-1-600x800.jpg\" class=\"woo-entry-image-secondary\" alt=\"Leotardos de beb\u00e9 acanalados &#8211; Burdeos\" itemprop=\"image\" srcset=\"https:\/\/voyagedelabaleine.fr\/wp-content\/uploads\/2024\/09\/collant-bebe-cotele-bordeaux-2-1-600x800.jpg 600w, https:\/\/voyagedelabaleine.fr\/wp-content\/uploads\/2024\/09\/collant-bebe-cotele-bordeaux-2-1-225x300.jpg 225w, https:\/\/voyagedelabaleine.fr\/wp-content\/uploads\/2024\/09\/collant-bebe-cotele-bordeaux-2-1-768x1024.jpg 768w, https:\/\/voyagedelabaleine.fr\/wp-content\/uploads\/2024\/09\/collant-bebe-cotele-bordeaux-2-1.jpg 855w\" sizes=\"(max-width: 600px) 100vw, 600px\" \/><\/a>\t<\/div><!-- .woo-entry-image-swap -->\n\n<\/li><li class=\"title\"><h2><a href=\"https:\/\/voyagedelabaleine.fr\/es\/producto\/leotardos-de-bebe-acanalados-burdeos\/\">Leotardos de beb\u00e9 acanalados &#8211; Burdeos<\/a><\/h2><\/li><li class=\"price-wrap\">\n\t<span class=\"price\"><span class=\"woocommerce-Price-amount amount\"><bdi>14<span class=\"woocommerce-Price-currencySymbol\">&euro;<\/span><\/bdi><\/span><\/span>\n<\/li><\/ul><\/div><!-- .product-inner .clr --><\/li>\n<\/ul>\n<\/div><\/div>\n\t\t\t\t\t\t<\/div>\n\t\t\t\t<\/div>\n\t\t<div class=\"elementor-element elementor-element-98d2e77 e-con-full e-flex e-con e-parent\" data-id=\"98d2e77\" data-element_type=\"container\" data-e-type=\"container\">\n\t\t\t\t<div class=\"elementor-element elementor-element-f9c2b83 elementor-widget-divider--separator-type-pattern elementor-widget-divider--view-line elementor-widget elementor-widget-divider\" data-id=\"f9c2b83\" data-element_type=\"widget\" data-e-type=\"widget\" data-widget_type=\"divider.default\">\n\t\t\t\t\t\t\t<div class=\"elementor-divider\" style=\"--divider-pattern-url: url(&quot;data:image\/svg+xml,%3Csvg xmlns=&#039;http:\/\/www.w3.org\/2000\/svg&#039; preserveAspectRatio=&#039;none&#039; overflow=&#039;visible&#039; height=&#039;100%&#039; viewBox=&#039;0 0 24 24&#039; fill=&#039;black&#039; stroke=&#039;none&#039;%3E%3Cpath d=&#039;M12.7,2.3c-0.4-0.4-1.1-0.4-1.5,0l-8,9.1c-0.3,0.4-0.3,0.9,0,1.2l8,9.1c0.4,0.4,1.1,0.4,1.5,0l8-9.1c0.3-0.4,0.3-0.9,0-1.2L12.7,2.3z&#039;\/%3E%3C\/svg%3E&quot;);\">\n\t\t\t<span class=\"elementor-divider-separator\">\n\t\t\t\t\t\t<\/span>\n\t\t<\/div>\n\t\t\t\t\t\t<\/div>\n\t\t\t\t<div class=\"elementor-element elementor-element-f23a272 elementor-widget elementor-widget-heading\" data-id=\"f23a272\" data-element_type=\"widget\" data-e-type=\"widget\" data-widget_type=\"heading.default\">\n\t\t\t\t\t<h2 class=\"elementor-heading-title elementor-size-default\">El primer vestidito<\/h2>\t\t\t\t<\/div>\n\t\t\t\t<div class=\"elementor-element elementor-element-cc11092 elementor-widget elementor-widget-shortcode\" data-id=\"cc11092\" data-element_type=\"widget\" data-e-type=\"widget\" data-widget_type=\"shortcode.default\">\n\t\t\t\t\t\t\t<div class=\"elementor-shortcode\"><div class=\"woocommerce columns-3 \">\r\n<ul class=\"products oceanwp-row clr grid tablet-col tablet-2-col mobile-col mobile-2-col\">\r\n<li class=\"entry has-media col span_1_of_3 owp-content-center owp-thumbs-layout-vertical owp-btn-big owp-tabs-layout-vertical circle-sale product type-product post-32138 status-publish first instock product_cat-jersey-chaleco-cardigan-nacimiento product_cat-jersey-chaleco-cardigan-nacimiento-nina product_cat-jersey-chaleco-cardigan-nacimiento-nino product_cat-jersey-chaleco-cardigan-bebe product_cat-jersey-chaleco-cardigan-bebe-nina product_cat-jersey-chaleco-cardigan-bebe-nino product_cat-jersey-chaleco-cardigan-nina product_cat-jersey-chaleco-cardigan-nino product_cat-jersey-chaleco-cardigan-ninos product_cat-ropa has-post-thumbnail taxable shipping-taxable purchasable product-type-variable has-default-attributes\">\n\t<div class=\"product-inner clr\">\n\t<div class=\"woo-entry-image-swap woo-entry-image clr\">\n\t\t<a href=\"https:\/\/voyagedelabaleine.fr\/es\/producto\/chaleco-de-punto-bobo-para-bebe-nina-verde-oscuro\/\" class=\"woocommerce-LoopProduct-link\"><img decoding=\"async\" width=\"600\" height=\"800\" src=\"https:\/\/voyagedelabaleine.fr\/wp-content\/uploads\/2025\/01\/gilet-bebe-vert-fonce-600x800.jpg\" class=\"woo-entry-image-main\" alt=\"Chaleco de punto bobo para beb\u00e9 ni\u00f1a &#8211; Verde oscuro\" itemprop=\"image\" srcset=\"https:\/\/voyagedelabaleine.fr\/wp-content\/uploads\/2025\/01\/gilet-bebe-vert-fonce-600x800.jpg 600w, https:\/\/voyagedelabaleine.fr\/wp-content\/uploads\/2025\/01\/gilet-bebe-vert-fonce-225x300.jpg 225w, https:\/\/voyagedelabaleine.fr\/wp-content\/uploads\/2025\/01\/gilet-bebe-vert-fonce-768x1024.jpg 768w, https:\/\/voyagedelabaleine.fr\/wp-content\/uploads\/2025\/01\/gilet-bebe-vert-fonce.jpg 855w\" sizes=\"(max-width: 600px) 100vw, 600px\" \/><img decoding=\"async\" width=\"600\" height=\"800\" src=\"https:\/\/voyagedelabaleine.fr\/wp-content\/uploads\/2025\/01\/gilet-bebe-vert-fonce-1-600x800.jpg\" class=\"woo-entry-image-secondary\" alt=\"Chaleco de punto bobo para beb\u00e9 ni\u00f1a &#8211; Verde oscuro\" itemprop=\"image\" srcset=\"https:\/\/voyagedelabaleine.fr\/wp-content\/uploads\/2025\/01\/gilet-bebe-vert-fonce-1-600x800.jpg 600w, https:\/\/voyagedelabaleine.fr\/wp-content\/uploads\/2025\/01\/gilet-bebe-vert-fonce-1-225x300.jpg 225w, https:\/\/voyagedelabaleine.fr\/wp-content\/uploads\/2025\/01\/gilet-bebe-vert-fonce-1-768x1024.jpg 768w, https:\/\/voyagedelabaleine.fr\/wp-content\/uploads\/2025\/01\/gilet-bebe-vert-fonce-1.jpg 855w\" sizes=\"(max-width: 600px) 100vw, 600px\" \/><\/a>\t<\/div><!-- .woo-entry-image-swap -->\n\n<ul class=\"woo-entry-inner clr\"><li class=\"image-wrap\">\n\t<div class=\"woo-entry-image-swap woo-entry-image clr\">\n\t\t<a href=\"https:\/\/voyagedelabaleine.fr\/es\/producto\/chaleco-de-punto-bobo-para-bebe-nina-verde-oscuro\/\" class=\"woocommerce-LoopProduct-link\"><img decoding=\"async\" width=\"600\" height=\"800\" src=\"https:\/\/voyagedelabaleine.fr\/wp-content\/uploads\/2025\/01\/gilet-bebe-vert-fonce-600x800.jpg\" class=\"woo-entry-image-main\" alt=\"Chaleco de punto bobo para beb\u00e9 ni\u00f1a &#8211; Verde oscuro\" itemprop=\"image\" srcset=\"https:\/\/voyagedelabaleine.fr\/wp-content\/uploads\/2025\/01\/gilet-bebe-vert-fonce-600x800.jpg 600w, https:\/\/voyagedelabaleine.fr\/wp-content\/uploads\/2025\/01\/gilet-bebe-vert-fonce-225x300.jpg 225w, https:\/\/voyagedelabaleine.fr\/wp-content\/uploads\/2025\/01\/gilet-bebe-vert-fonce-768x1024.jpg 768w, https:\/\/voyagedelabaleine.fr\/wp-content\/uploads\/2025\/01\/gilet-bebe-vert-fonce.jpg 855w\" sizes=\"(max-width: 600px) 100vw, 600px\" \/><img decoding=\"async\" width=\"600\" height=\"800\" src=\"https:\/\/voyagedelabaleine.fr\/wp-content\/uploads\/2025\/01\/gilet-bebe-vert-fonce-1-600x800.jpg\" class=\"woo-entry-image-secondary\" alt=\"Chaleco de punto bobo para beb\u00e9 ni\u00f1a &#8211; Verde oscuro\" itemprop=\"image\" srcset=\"https:\/\/voyagedelabaleine.fr\/wp-content\/uploads\/2025\/01\/gilet-bebe-vert-fonce-1-600x800.jpg 600w, https:\/\/voyagedelabaleine.fr\/wp-content\/uploads\/2025\/01\/gilet-bebe-vert-fonce-1-225x300.jpg 225w, https:\/\/voyagedelabaleine.fr\/wp-content\/uploads\/2025\/01\/gilet-bebe-vert-fonce-1-768x1024.jpg 768w, https:\/\/voyagedelabaleine.fr\/wp-content\/uploads\/2025\/01\/gilet-bebe-vert-fonce-1.jpg 855w\" sizes=\"(max-width: 600px) 100vw, 600px\" \/><\/a>\t<\/div><!-- .woo-entry-image-swap -->\n\n<\/li><li class=\"title\"><h2><a href=\"https:\/\/voyagedelabaleine.fr\/es\/producto\/chaleco-de-punto-bobo-para-bebe-nina-verde-oscuro\/\">Chaleco de punto bobo para beb\u00e9 ni\u00f1a &#8211; Verde oscuro<\/a><\/h2><\/li><li class=\"price-wrap\">\n\t<span class=\"price\"><span class=\"woocommerce-Price-amount amount\"><bdi>38<span class=\"woocommerce-Price-currencySymbol\">&euro;<\/span><\/bdi><\/span><\/span>\n<\/li><\/ul><\/div><!-- .product-inner .clr --><\/li>\n<li class=\"entry has-media has-rating col span_1_of_3 owp-content-center owp-thumbs-layout-vertical owp-btn-big owp-tabs-layout-vertical circle-sale product type-product post-31137 status-publish instock product_cat-bebe-nina product_cat-nacimiento-nina product_cat-ropa product_cat-vestido-nacimiento product_cat-vestido-bebe-nina has-post-thumbnail taxable shipping-taxable purchasable product-type-variable has-default-attributes\">\n\t<div class=\"product-inner clr\">\n\t<div class=\"woo-entry-image-swap woo-entry-image clr\">\n\t\t<a href=\"https:\/\/voyagedelabaleine.fr\/es\/producto\/vestido-de-bebe-nina-punto-bobo-y-lazo-de-terciopelo-verde\/\" class=\"woocommerce-LoopProduct-link\"><img decoding=\"async\" width=\"600\" height=\"800\" src=\"https:\/\/voyagedelabaleine.fr\/wp-content\/uploads\/2024\/08\/robe-bebe-verte-noeud-velours-2-600x800.jpg\" class=\"woo-entry-image-main\" alt=\"Vestido de beb\u00e9 ni\u00f1a punto bobo y lazo de terciopelo &#8211; Verde\" itemprop=\"image\" \/><img decoding=\"async\" width=\"600\" height=\"800\" src=\"https:\/\/voyagedelabaleine.fr\/wp-content\/uploads\/2024\/08\/robe-bebe-verte-noeud-velours-3-600x800.jpg\" class=\"woo-entry-image-secondary\" alt=\"Vestido de beb\u00e9 ni\u00f1a punto bobo y lazo de terciopelo &#8211; Verde\" itemprop=\"image\" \/><\/a>\t<\/div><!-- .woo-entry-image-swap -->\n\n<ul class=\"woo-entry-inner clr\"><li class=\"image-wrap\">\n\t<div class=\"woo-entry-image-swap woo-entry-image clr\">\n\t\t<a href=\"https:\/\/voyagedelabaleine.fr\/es\/producto\/vestido-de-bebe-nina-punto-bobo-y-lazo-de-terciopelo-verde\/\" class=\"woocommerce-LoopProduct-link\"><img decoding=\"async\" width=\"600\" height=\"800\" src=\"https:\/\/voyagedelabaleine.fr\/wp-content\/uploads\/2024\/08\/robe-bebe-verte-noeud-velours-2-600x800.jpg\" class=\"woo-entry-image-main\" alt=\"Vestido de beb\u00e9 ni\u00f1a punto bobo y lazo de terciopelo &#8211; Verde\" itemprop=\"image\" \/><img decoding=\"async\" width=\"600\" height=\"800\" src=\"https:\/\/voyagedelabaleine.fr\/wp-content\/uploads\/2024\/08\/robe-bebe-verte-noeud-velours-3-600x800.jpg\" class=\"woo-entry-image-secondary\" alt=\"Vestido de beb\u00e9 ni\u00f1a punto bobo y lazo de terciopelo &#8211; Verde\" itemprop=\"image\" \/><\/a>\t<\/div><!-- .woo-entry-image-swap -->\n\n<\/li><li class=\"title\"><h2><a href=\"https:\/\/voyagedelabaleine.fr\/es\/producto\/vestido-de-bebe-nina-punto-bobo-y-lazo-de-terciopelo-verde\/\">Vestido de beb\u00e9 ni\u00f1a punto bobo y lazo de terciopelo &#8211; Verde<\/a><\/h2><\/li><li class=\"price-wrap\">\n\t<span class=\"price\"><span class=\"woocommerce-Price-amount amount\"><bdi>56<span class=\"woocommerce-Price-currencySymbol\">&euro;<\/span><\/bdi><\/span><\/span>\n<\/li><\/ul><\/div><!-- .product-inner .clr --><\/li>\n<li class=\"entry has-media has-rating col span_1_of_3 owp-content-center owp-thumbs-layout-vertical owp-btn-big owp-tabs-layout-vertical circle-sale product type-product post-34030 status-publish last instock product_cat-calcetines-leotardos-nacimiento product_cat-calcetines-leotardos-nacimiento-nina product_cat-calcetines-leotardos-nacimiento-nino product_cat-calcetines-leotardos-bebe-nina product_cat-calcetines-leotardos-bebe-nino product_cat-calcetines-leotardos-bebes-ninos product_cat-calcetines-leotardos-nina product_cat-calcetines-leotardos-nino product_cat-calcetines-leotardos-ninos has-post-thumbnail taxable shipping-taxable purchasable product-type-variable has-default-attributes\">\n\t<div class=\"product-inner clr\">\n\t<div class=\"woo-entry-image-swap woo-entry-image clr\">\n\t\t<a href=\"https:\/\/voyagedelabaleine.fr\/es\/producto\/lote-de-2-leotardos-de-bebe-lisos-gris-azul-marino\/\" class=\"woocommerce-LoopProduct-link\"><img decoding=\"async\" width=\"600\" height=\"800\" src=\"https:\/\/voyagedelabaleine.fr\/wp-content\/uploads\/2024\/08\/lot-2-collants-unis-gris-bleu-2-600x800.jpg\" class=\"woo-entry-image-main\" alt=\"Lote de 2 leotardos de beb\u00e9 lisos &#8211; Gris\/azul marino\" itemprop=\"image\" srcset=\"https:\/\/voyagedelabaleine.fr\/wp-content\/uploads\/2024\/08\/lot-2-collants-unis-gris-bleu-2-600x800.jpg 600w, https:\/\/voyagedelabaleine.fr\/wp-content\/uploads\/2024\/08\/lot-2-collants-unis-gris-bleu-2-225x300.jpg 225w, https:\/\/voyagedelabaleine.fr\/wp-content\/uploads\/2024\/08\/lot-2-collants-unis-gris-bleu-2-768x1024.jpg 768w, https:\/\/voyagedelabaleine.fr\/wp-content\/uploads\/2024\/08\/lot-2-collants-unis-gris-bleu-2.jpg 824w\" sizes=\"(max-width: 600px) 100vw, 600px\" \/><img decoding=\"async\" width=\"600\" height=\"800\" src=\"https:\/\/voyagedelabaleine.fr\/wp-content\/uploads\/2024\/08\/lot-2-collants-unis-bleu-gris-1-600x800.jpg\" class=\"woo-entry-image-secondary\" alt=\"Lote de 2 leotardos de beb\u00e9 lisos &#8211; Gris\/azul marino\" itemprop=\"image\" srcset=\"https:\/\/voyagedelabaleine.fr\/wp-content\/uploads\/2024\/08\/lot-2-collants-unis-bleu-gris-1-600x799.jpg 600w, https:\/\/voyagedelabaleine.fr\/wp-content\/uploads\/2024\/08\/lot-2-collants-unis-bleu-gris-1-225x300.jpg 225w, https:\/\/voyagedelabaleine.fr\/wp-content\/uploads\/2024\/08\/lot-2-collants-unis-bleu-gris-1.jpg 689w\" sizes=\"(max-width: 600px) 100vw, 600px\" \/><\/a>\t<\/div><!-- .woo-entry-image-swap -->\n\n<ul class=\"woo-entry-inner clr\"><li class=\"image-wrap\">\n\t<div class=\"woo-entry-image-swap woo-entry-image clr\">\n\t\t<a href=\"https:\/\/voyagedelabaleine.fr\/es\/producto\/lote-de-2-leotardos-de-bebe-lisos-gris-azul-marino\/\" class=\"woocommerce-LoopProduct-link\"><img decoding=\"async\" width=\"600\" height=\"800\" src=\"https:\/\/voyagedelabaleine.fr\/wp-content\/uploads\/2024\/08\/lot-2-collants-unis-gris-bleu-2-600x800.jpg\" class=\"woo-entry-image-main\" alt=\"Lote de 2 leotardos de beb\u00e9 lisos &#8211; Gris\/azul marino\" itemprop=\"image\" srcset=\"https:\/\/voyagedelabaleine.fr\/wp-content\/uploads\/2024\/08\/lot-2-collants-unis-gris-bleu-2-600x800.jpg 600w, https:\/\/voyagedelabaleine.fr\/wp-content\/uploads\/2024\/08\/lot-2-collants-unis-gris-bleu-2-225x300.jpg 225w, https:\/\/voyagedelabaleine.fr\/wp-content\/uploads\/2024\/08\/lot-2-collants-unis-gris-bleu-2-768x1024.jpg 768w, https:\/\/voyagedelabaleine.fr\/wp-content\/uploads\/2024\/08\/lot-2-collants-unis-gris-bleu-2.jpg 824w\" sizes=\"(max-width: 600px) 100vw, 600px\" \/><img decoding=\"async\" width=\"600\" height=\"800\" src=\"https:\/\/voyagedelabaleine.fr\/wp-content\/uploads\/2024\/08\/lot-2-collants-unis-bleu-gris-1-600x800.jpg\" class=\"woo-entry-image-secondary\" alt=\"Lote de 2 leotardos de beb\u00e9 lisos &#8211; Gris\/azul marino\" itemprop=\"image\" srcset=\"https:\/\/voyagedelabaleine.fr\/wp-content\/uploads\/2024\/08\/lot-2-collants-unis-bleu-gris-1-600x799.jpg 600w, https:\/\/voyagedelabaleine.fr\/wp-content\/uploads\/2024\/08\/lot-2-collants-unis-bleu-gris-1-225x300.jpg 225w, https:\/\/voyagedelabaleine.fr\/wp-content\/uploads\/2024\/08\/lot-2-collants-unis-bleu-gris-1.jpg 689w\" sizes=\"(max-width: 600px) 100vw, 600px\" \/><\/a>\t<\/div><!-- .woo-entry-image-swap -->\n\n<\/li><li class=\"title\"><h2><a href=\"https:\/\/voyagedelabaleine.fr\/es\/producto\/lote-de-2-leotardos-de-bebe-lisos-gris-azul-marino\/\">Lote de 2 leotardos de beb\u00e9 lisos &#8211; Gris\/azul marino<\/a><\/h2><\/li><li class=\"price-wrap\">\n\t<span class=\"price\"><span class=\"woocommerce-Price-amount amount\"><bdi>27<span class=\"woocommerce-Price-currencySymbol\">&euro;<\/span><\/bdi><\/span><\/span>\n<\/li><\/ul><\/div><!-- .product-inner .clr --><\/li>\n<\/ul>\n<\/div><\/div>\n\t\t\t\t\t\t<\/div>\n\t\t\t\t<\/div>\n\t\t<div class=\"elementor-element elementor-element-b5c88f4 e-con-full e-flex e-con e-parent\" data-id=\"b5c88f4\" data-element_type=\"container\" data-e-type=\"container\">\n\t\t\t\t<div class=\"elementor-element elementor-element-e092bc1 elementor-widget-divider--separator-type-pattern elementor-widget-divider--view-line elementor-widget elementor-widget-divider\" data-id=\"e092bc1\" data-element_type=\"widget\" data-e-type=\"widget\" data-widget_type=\"divider.default\">\n\t\t\t\t\t\t\t<div class=\"elementor-divider\" style=\"--divider-pattern-url: url(&quot;data:image\/svg+xml,%3Csvg xmlns=&#039;http:\/\/www.w3.org\/2000\/svg&#039; preserveAspectRatio=&#039;none&#039; overflow=&#039;visible&#039; height=&#039;100%&#039; viewBox=&#039;0 0 24 24&#039; fill=&#039;black&#039; stroke=&#039;none&#039;%3E%3Cpath d=&#039;M12.7,2.3c-0.4-0.4-1.1-0.4-1.5,0l-8,9.1c-0.3,0.4-0.3,0.9,0,1.2l8,9.1c0.4,0.4,1.1,0.4,1.5,0l8-9.1c0.3-0.4,0.3-0.9,0-1.2L12.7,2.3z&#039;\/%3E%3C\/svg%3E&quot;);\">\n\t\t\t<span class=\"elementor-divider-separator\">\n\t\t\t\t\t\t<\/span>\n\t\t<\/div>\n\t\t\t\t\t\t<\/div>\n\t\t\t\t<div class=\"elementor-element elementor-element-6555ca6 elementor-widget elementor-widget-heading\" data-id=\"6555ca6\" data-element_type=\"widget\" data-e-type=\"widget\" data-widget_type=\"heading.default\">\n\t\t\t\t\t<h2 class=\"elementor-heading-title elementor-size-default\">Estuche burdeos<\/h2>\t\t\t\t<\/div>\n\t\t\t\t<div class=\"elementor-element elementor-element-e8cfd80 elementor-widget elementor-widget-shortcode\" data-id=\"e8cfd80\" data-element_type=\"widget\" data-e-type=\"widget\" data-widget_type=\"shortcode.default\">\n\t\t\t\t\t\t\t<div class=\"elementor-shortcode\"><div class=\"woocommerce columns-3 \">\r\n<ul class=\"products oceanwp-row clr grid tablet-col tablet-2-col mobile-col mobile-2-col\">\r\n<li class=\"entry has-media col span_1_of_3 owp-content-center owp-thumbs-layout-vertical owp-btn-big owp-tabs-layout-vertical circle-sale product type-product post-34729 status-publish first instock product_cat-calcetines-leotardos-nacimiento product_cat-calcetines-leotardos-nacimiento-nina product_cat-calcetines-leotardos-bebe-nina product_cat-calcetines-leotardos-bebes-ninos product_cat-calcetines-leotardos-nina product_cat-calcetines-leotardos-ninos has-post-thumbnail taxable shipping-taxable purchasable product-type-variable has-default-attributes\">\n\t<div class=\"product-inner clr\">\n\t<div class=\"woo-entry-image-swap woo-entry-image clr\">\n\t\t<a href=\"https:\/\/voyagedelabaleine.fr\/es\/producto\/calcetines-altos-para-bebe-nina-con-lazo-de-terciopelo-burdeos\/\" class=\"woocommerce-LoopProduct-link\"><img decoding=\"async\" width=\"570\" height=\"760\" src=\"https:\/\/voyagedelabaleine.fr\/wp-content\/uploads\/2025\/07\/chaussettes-bebe-noeud-velours-bordeaux.jpg\" class=\"woo-entry-image-main\" alt=\"Calcetines altos para beb\u00e9 ni\u00f1a con lazo de terciopelo &#8211; Burdeos\" itemprop=\"image\" srcset=\"https:\/\/voyagedelabaleine.fr\/wp-content\/uploads\/2025\/07\/chaussettes-bebe-noeud-velours-bordeaux.jpg 570w, https:\/\/voyagedelabaleine.fr\/wp-content\/uploads\/2025\/07\/chaussettes-bebe-noeud-velours-bordeaux-225x300.jpg 225w\" sizes=\"(max-width: 570px) 100vw, 570px\" \/><img decoding=\"async\" width=\"404\" height=\"539\" src=\"https:\/\/voyagedelabaleine.fr\/wp-content\/uploads\/2025\/07\/chaussettes-bebe-noeud-velours-marine-2.jpg\" class=\"woo-entry-image-secondary\" alt=\"Calcetines altos para beb\u00e9 ni\u00f1a con lazo de terciopelo &#8211; Burdeos\" itemprop=\"image\" srcset=\"https:\/\/voyagedelabaleine.fr\/wp-content\/uploads\/2025\/07\/chaussettes-bebe-noeud-velours-marine-2.jpg 404w, https:\/\/voyagedelabaleine.fr\/wp-content\/uploads\/2025\/07\/chaussettes-bebe-noeud-velours-marine-2-225x300.jpg 225w\" sizes=\"(max-width: 404px) 100vw, 404px\" \/><\/a>\t<\/div><!-- .woo-entry-image-swap -->\n\n<ul class=\"woo-entry-inner clr\"><li class=\"image-wrap\">\n\t<div class=\"woo-entry-image-swap woo-entry-image clr\">\n\t\t<a href=\"https:\/\/voyagedelabaleine.fr\/es\/producto\/calcetines-altos-para-bebe-nina-con-lazo-de-terciopelo-burdeos\/\" class=\"woocommerce-LoopProduct-link\"><img decoding=\"async\" width=\"570\" height=\"760\" src=\"https:\/\/voyagedelabaleine.fr\/wp-content\/uploads\/2025\/07\/chaussettes-bebe-noeud-velours-bordeaux.jpg\" class=\"woo-entry-image-main\" alt=\"Calcetines altos para beb\u00e9 ni\u00f1a con lazo de terciopelo &#8211; Burdeos\" itemprop=\"image\" srcset=\"https:\/\/voyagedelabaleine.fr\/wp-content\/uploads\/2025\/07\/chaussettes-bebe-noeud-velours-bordeaux.jpg 570w, https:\/\/voyagedelabaleine.fr\/wp-content\/uploads\/2025\/07\/chaussettes-bebe-noeud-velours-bordeaux-225x300.jpg 225w\" sizes=\"(max-width: 570px) 100vw, 570px\" \/><img decoding=\"async\" width=\"404\" height=\"539\" src=\"https:\/\/voyagedelabaleine.fr\/wp-content\/uploads\/2025\/07\/chaussettes-bebe-noeud-velours-marine-2.jpg\" class=\"woo-entry-image-secondary\" alt=\"Calcetines altos para beb\u00e9 ni\u00f1a con lazo de terciopelo &#8211; Burdeos\" itemprop=\"image\" srcset=\"https:\/\/voyagedelabaleine.fr\/wp-content\/uploads\/2025\/07\/chaussettes-bebe-noeud-velours-marine-2.jpg 404w, https:\/\/voyagedelabaleine.fr\/wp-content\/uploads\/2025\/07\/chaussettes-bebe-noeud-velours-marine-2-225x300.jpg 225w\" sizes=\"(max-width: 404px) 100vw, 404px\" \/><\/a>\t<\/div><!-- .woo-entry-image-swap -->\n\n<\/li><li class=\"title\"><h2><a href=\"https:\/\/voyagedelabaleine.fr\/es\/producto\/calcetines-altos-para-bebe-nina-con-lazo-de-terciopelo-burdeos\/\">Calcetines altos para beb\u00e9 ni\u00f1a con lazo de terciopelo &#8211; Burdeos<\/a><\/h2><\/li><li class=\"price-wrap\">\n\t<span class=\"price\"><span class=\"woocommerce-Price-amount amount\"><bdi>13<span class=\"woocommerce-Price-currencySymbol\">&euro;<\/span><\/bdi><\/span><\/span>\n<\/li><\/ul><\/div><!-- .product-inner .clr --><\/li>\n<li class=\"entry has-media has-rating col span_1_of_3 owp-content-center owp-thumbs-layout-vertical owp-btn-big owp-tabs-layout-vertical circle-sale product type-product post-31648 status-publish instock product_cat-pololo-short-pantalon-nacimiento product_cat-pololo-short-pantalon-nacimiento-nina product_cat-pololo-short-y-pantalon-bebe product_cat-pololo-short-pantalon-bebe-nina product_cat-ropa has-post-thumbnail taxable shipping-taxable purchasable product-type-variable has-default-attributes\">\n\t<div class=\"product-inner clr\">\n\t<div class=\"woo-entry-image-swap woo-entry-image clr\">\n\t\t<a href=\"https:\/\/voyagedelabaleine.fr\/es\/producto\/bloomer-para-bebe-nina-de-pana-burdeos\/\" class=\"woocommerce-LoopProduct-link\"><img decoding=\"async\" width=\"600\" height=\"800\" src=\"https:\/\/voyagedelabaleine.fr\/wp-content\/uploads\/2024\/09\/bloomer-velours-bordeaux-1-600x800.jpg\" class=\"woo-entry-image-main\" alt=\"Bloomer para beb\u00e9 ni\u00f1a de pana &#8211; Burdeos\" itemprop=\"image\" srcset=\"https:\/\/voyagedelabaleine.fr\/wp-content\/uploads\/2024\/09\/bloomer-velours-bordeaux-1-600x800.jpg 600w, https:\/\/voyagedelabaleine.fr\/wp-content\/uploads\/2024\/09\/bloomer-velours-bordeaux-1-225x300.jpg 225w, https:\/\/voyagedelabaleine.fr\/wp-content\/uploads\/2024\/09\/bloomer-velours-bordeaux-1-768x1024.jpg 768w, https:\/\/voyagedelabaleine.fr\/wp-content\/uploads\/2024\/09\/bloomer-velours-bordeaux-1-1152x1536.jpg 1152w, https:\/\/voyagedelabaleine.fr\/wp-content\/uploads\/2024\/09\/bloomer-velours-bordeaux-1.jpg 1500w\" sizes=\"(max-width: 600px) 100vw, 600px\" \/><img decoding=\"async\" width=\"600\" height=\"800\" src=\"https:\/\/voyagedelabaleine.fr\/wp-content\/uploads\/2024\/09\/bloomer-velours-bordeaux-600x800.jpg\" class=\"woo-entry-image-secondary\" alt=\"Bloomer para beb\u00e9 ni\u00f1a de pana &#8211; Burdeos\" itemprop=\"image\" srcset=\"https:\/\/voyagedelabaleine.fr\/wp-content\/uploads\/2024\/09\/bloomer-velours-bordeaux-600x800.jpg 600w, https:\/\/voyagedelabaleine.fr\/wp-content\/uploads\/2024\/09\/bloomer-velours-bordeaux-225x300.jpg 225w, https:\/\/voyagedelabaleine.fr\/wp-content\/uploads\/2024\/09\/bloomer-velours-bordeaux-768x1024.jpg 768w, https:\/\/voyagedelabaleine.fr\/wp-content\/uploads\/2024\/09\/bloomer-velours-bordeaux.jpg 900w\" sizes=\"(max-width: 600px) 100vw, 600px\" \/><\/a>\t<\/div><!-- .woo-entry-image-swap -->\n\n<ul class=\"woo-entry-inner clr\"><li class=\"image-wrap\">\n\t<div class=\"woo-entry-image-swap woo-entry-image clr\">\n\t\t<a href=\"https:\/\/voyagedelabaleine.fr\/es\/producto\/bloomer-para-bebe-nina-de-pana-burdeos\/\" class=\"woocommerce-LoopProduct-link\"><img decoding=\"async\" width=\"600\" height=\"800\" src=\"https:\/\/voyagedelabaleine.fr\/wp-content\/uploads\/2024\/09\/bloomer-velours-bordeaux-1-600x800.jpg\" class=\"woo-entry-image-main\" alt=\"Bloomer para beb\u00e9 ni\u00f1a de pana &#8211; Burdeos\" itemprop=\"image\" srcset=\"https:\/\/voyagedelabaleine.fr\/wp-content\/uploads\/2024\/09\/bloomer-velours-bordeaux-1-600x800.jpg 600w, https:\/\/voyagedelabaleine.fr\/wp-content\/uploads\/2024\/09\/bloomer-velours-bordeaux-1-225x300.jpg 225w, https:\/\/voyagedelabaleine.fr\/wp-content\/uploads\/2024\/09\/bloomer-velours-bordeaux-1-768x1024.jpg 768w, https:\/\/voyagedelabaleine.fr\/wp-content\/uploads\/2024\/09\/bloomer-velours-bordeaux-1-1152x1536.jpg 1152w, https:\/\/voyagedelabaleine.fr\/wp-content\/uploads\/2024\/09\/bloomer-velours-bordeaux-1.jpg 1500w\" sizes=\"(max-width: 600px) 100vw, 600px\" \/><img decoding=\"async\" width=\"600\" height=\"800\" src=\"https:\/\/voyagedelabaleine.fr\/wp-content\/uploads\/2024\/09\/bloomer-velours-bordeaux-600x800.jpg\" class=\"woo-entry-image-secondary\" alt=\"Bloomer para beb\u00e9 ni\u00f1a de pana &#8211; Burdeos\" itemprop=\"image\" srcset=\"https:\/\/voyagedelabaleine.fr\/wp-content\/uploads\/2024\/09\/bloomer-velours-bordeaux-600x800.jpg 600w, https:\/\/voyagedelabaleine.fr\/wp-content\/uploads\/2024\/09\/bloomer-velours-bordeaux-225x300.jpg 225w, https:\/\/voyagedelabaleine.fr\/wp-content\/uploads\/2024\/09\/bloomer-velours-bordeaux-768x1024.jpg 768w, https:\/\/voyagedelabaleine.fr\/wp-content\/uploads\/2024\/09\/bloomer-velours-bordeaux.jpg 900w\" sizes=\"(max-width: 600px) 100vw, 600px\" \/><\/a>\t<\/div><!-- .woo-entry-image-swap -->\n\n<\/li><li class=\"title\"><h2><a href=\"https:\/\/voyagedelabaleine.fr\/es\/producto\/bloomer-para-bebe-nina-de-pana-burdeos\/\">Bloomer para beb\u00e9 ni\u00f1a de pana &#8211; Burdeos<\/a><\/h2><\/li><li class=\"price-wrap\">\n\t<span class=\"price\"><span class=\"woocommerce-Price-amount amount\"><bdi>22<span class=\"woocommerce-Price-currencySymbol\">&euro;<\/span><\/bdi><\/span><\/span>\n<\/li><\/ul><\/div><!-- .product-inner .clr --><\/li>\n<li class=\"entry has-media col span_1_of_3 owp-content-center owp-thumbs-layout-vertical owp-btn-big owp-tabs-layout-vertical circle-sale product type-product post-31614 status-publish last instock product_cat-blusa-camiseta-nacimiento product_cat-blusa-y-camiseta-nacimiento-nina product_cat-blusa-camiseta-bebe product_cat-blusa-camiseta-bebe-nina product_cat-blusa-camiseta-nina product_cat-blusa-camiseta-ninos product_cat-ropa has-post-thumbnail taxable shipping-taxable purchasable product-type-variable has-default-attributes\">\n\t<div class=\"product-inner clr\">\n\t<div class=\"woo-entry-image-swap woo-entry-image clr\">\n\t\t<a href=\"https:\/\/voyagedelabaleine.fr\/es\/producto\/blusa-de-bebe-nina-de-cuadros-burdeos\/\" class=\"woocommerce-LoopProduct-link\"><img decoding=\"async\" width=\"600\" height=\"800\" src=\"https:\/\/voyagedelabaleine.fr\/wp-content\/uploads\/2025\/02\/blouse-bebe-carreaux-bordeaux-600x800.jpg\" class=\"woo-entry-image-main\" alt=\"Blusa de beb\u00e9 ni\u00f1a de cuadros &#8211; Burdeos\" itemprop=\"image\" srcset=\"https:\/\/voyagedelabaleine.fr\/wp-content\/uploads\/2025\/02\/blouse-bebe-carreaux-bordeaux-600x800.jpg 600w, https:\/\/voyagedelabaleine.fr\/wp-content\/uploads\/2025\/02\/blouse-bebe-carreaux-bordeaux-225x300.jpg 225w, https:\/\/voyagedelabaleine.fr\/wp-content\/uploads\/2025\/02\/blouse-bebe-carreaux-bordeaux-768x1024.jpg 768w, https:\/\/voyagedelabaleine.fr\/wp-content\/uploads\/2025\/02\/blouse-bebe-carreaux-bordeaux.jpg 943w\" sizes=\"(max-width: 600px) 100vw, 600px\" \/><img decoding=\"async\" width=\"600\" height=\"800\" src=\"https:\/\/voyagedelabaleine.fr\/wp-content\/uploads\/2025\/01\/blouse-bebe-carreaux-bordeaux-1-600x800.jpg\" class=\"woo-entry-image-secondary\" alt=\"Blusa de beb\u00e9 ni\u00f1a de cuadros &#8211; Burdeos\" itemprop=\"image\" srcset=\"https:\/\/voyagedelabaleine.fr\/wp-content\/uploads\/2025\/01\/blouse-bebe-carreaux-bordeaux-1-600x800.jpg 600w, https:\/\/voyagedelabaleine.fr\/wp-content\/uploads\/2025\/01\/blouse-bebe-carreaux-bordeaux-1-225x300.jpg 225w, https:\/\/voyagedelabaleine.fr\/wp-content\/uploads\/2025\/01\/blouse-bebe-carreaux-bordeaux-1-768x1024.jpg 768w, https:\/\/voyagedelabaleine.fr\/wp-content\/uploads\/2025\/01\/blouse-bebe-carreaux-bordeaux-1.jpg 900w\" sizes=\"(max-width: 600px) 100vw, 600px\" \/><\/a>\t<\/div><!-- .woo-entry-image-swap -->\n\n<ul class=\"woo-entry-inner clr\"><li class=\"image-wrap\">\n\t<div class=\"woo-entry-image-swap woo-entry-image clr\">\n\t\t<a href=\"https:\/\/voyagedelabaleine.fr\/es\/producto\/blusa-de-bebe-nina-de-cuadros-burdeos\/\" class=\"woocommerce-LoopProduct-link\"><img decoding=\"async\" width=\"600\" height=\"800\" src=\"https:\/\/voyagedelabaleine.fr\/wp-content\/uploads\/2025\/02\/blouse-bebe-carreaux-bordeaux-600x800.jpg\" class=\"woo-entry-image-main\" alt=\"Blusa de beb\u00e9 ni\u00f1a de cuadros &#8211; Burdeos\" itemprop=\"image\" srcset=\"https:\/\/voyagedelabaleine.fr\/wp-content\/uploads\/2025\/02\/blouse-bebe-carreaux-bordeaux-600x800.jpg 600w, https:\/\/voyagedelabaleine.fr\/wp-content\/uploads\/2025\/02\/blouse-bebe-carreaux-bordeaux-225x300.jpg 225w, https:\/\/voyagedelabaleine.fr\/wp-content\/uploads\/2025\/02\/blouse-bebe-carreaux-bordeaux-768x1024.jpg 768w, https:\/\/voyagedelabaleine.fr\/wp-content\/uploads\/2025\/02\/blouse-bebe-carreaux-bordeaux.jpg 943w\" sizes=\"(max-width: 600px) 100vw, 600px\" \/><img decoding=\"async\" width=\"600\" height=\"800\" src=\"https:\/\/voyagedelabaleine.fr\/wp-content\/uploads\/2025\/01\/blouse-bebe-carreaux-bordeaux-1-600x800.jpg\" class=\"woo-entry-image-secondary\" alt=\"Blusa de beb\u00e9 ni\u00f1a de cuadros &#8211; Burdeos\" itemprop=\"image\" srcset=\"https:\/\/voyagedelabaleine.fr\/wp-content\/uploads\/2025\/01\/blouse-bebe-carreaux-bordeaux-1-600x800.jpg 600w, https:\/\/voyagedelabaleine.fr\/wp-content\/uploads\/2025\/01\/blouse-bebe-carreaux-bordeaux-1-225x300.jpg 225w, https:\/\/voyagedelabaleine.fr\/wp-content\/uploads\/2025\/01\/blouse-bebe-carreaux-bordeaux-1-768x1024.jpg 768w, https:\/\/voyagedelabaleine.fr\/wp-content\/uploads\/2025\/01\/blouse-bebe-carreaux-bordeaux-1.jpg 900w\" sizes=\"(max-width: 600px) 100vw, 600px\" \/><\/a>\t<\/div><!-- .woo-entry-image-swap -->\n\n<\/li><li class=\"title\"><h2><a href=\"https:\/\/voyagedelabaleine.fr\/es\/producto\/blusa-de-bebe-nina-de-cuadros-burdeos\/\">Blusa de beb\u00e9 ni\u00f1a de cuadros &#8211; Burdeos<\/a><\/h2><\/li><li class=\"price-wrap\">\n\t<span class=\"price\"><span class=\"woocommerce-Price-amount amount\"><bdi>32<span class=\"woocommerce-Price-currencySymbol\">&euro;<\/span><\/bdi><\/span><\/span>\n<\/li><\/ul><\/div><!-- .product-inner .clr --><\/li>\n<\/ul>\n<\/div><\/div>\n\t\t\t\t\t\t<\/div>\n\t\t\t\t<\/div>\n\t\t<div class=\"elementor-element elementor-element-51f229d e-con-full e-flex e-con e-parent\" data-id=\"51f229d\" data-element_type=\"container\" data-e-type=\"container\">\n\t\t\t\t<div class=\"elementor-element elementor-element-1ac513e elementor-widget-divider--separator-type-pattern elementor-widget-divider--view-line elementor-widget elementor-widget-divider\" data-id=\"1ac513e\" data-element_type=\"widget\" data-e-type=\"widget\" data-widget_type=\"divider.default\">\n\t\t\t\t\t\t\t<div class=\"elementor-divider\" style=\"--divider-pattern-url: url(&quot;data:image\/svg+xml,%3Csvg xmlns=&#039;http:\/\/www.w3.org\/2000\/svg&#039; preserveAspectRatio=&#039;none&#039; overflow=&#039;visible&#039; height=&#039;100%&#039; viewBox=&#039;0 0 24 24&#039; fill=&#039;black&#039; stroke=&#039;none&#039;%3E%3Cpath d=&#039;M12.7,2.3c-0.4-0.4-1.1-0.4-1.5,0l-8,9.1c-0.3,0.4-0.3,0.9,0,1.2l8,9.1c0.4,0.4,1.1,0.4,1.5,0l8-9.1c0.3-0.4,0.3-0.9,0-1.2L12.7,2.3z&#039;\/%3E%3C\/svg%3E&quot;);\">\n\t\t\t<span class=\"elementor-divider-separator\">\n\t\t\t\t\t\t<\/span>\n\t\t<\/div>\n\t\t\t\t\t\t<\/div>\n\t\t\t\t<div class=\"elementor-element elementor-element-c749cf1 elementor-widget elementor-widget-heading\" data-id=\"c749cf1\" data-element_type=\"widget\" data-e-type=\"widget\" data-widget_type=\"heading.default\">\n\t\t\t\t\t<h2 class=\"elementor-heading-title elementor-size-default\">Terciopelo y pomp\u00f3n<\/h2>\t\t\t\t<\/div>\n\t\t\t\t<div class=\"elementor-element elementor-element-f84d16a elementor-widget__width-initial elementor-widget-mobile__width-inherit elementor-widget elementor-widget-shortcode\" data-id=\"f84d16a\" data-element_type=\"widget\" data-e-type=\"widget\" data-widget_type=\"shortcode.default\">\n\t\t\t\t\t\t\t<div class=\"elementor-shortcode\"><div class=\"woocommerce columns-2 \">\r\n<ul class=\"products oceanwp-row clr grid tablet-col tablet-2-col mobile-col mobile-2-col\">\r\n<li class=\"entry has-media col span_1_of_2 owp-content-center owp-thumbs-layout-vertical owp-btn-big owp-tabs-layout-vertical circle-sale product type-product post-34253 status-publish first instock product_cat-accesorios-nacimiento-nina product_cat-accesorios-bebe product_cat-accesorios-bebe-nina product_cat-accesorios-nacimiento has-post-thumbnail taxable shipping-taxable purchasable product-type-variable has-default-attributes\">\n\t<div class=\"product-inner clr\">\n\t<div class=\"woo-entry-image-swap woo-entry-image clr\">\n\t\t<a href=\"https:\/\/voyagedelabaleine.fr\/es\/producto\/manoplas-para-bebe-nina-con-lazo-de-terciopelo-azul-marino\/\" class=\"woocommerce-LoopProduct-link\"><img decoding=\"async\" width=\"600\" height=\"800\" src=\"https:\/\/voyagedelabaleine.fr\/wp-content\/uploads\/2024\/09\/moufles-bebe-bleues-noeud-velours-1-1-600x800.jpg\" class=\"woo-entry-image-main\" alt=\"Manoplas para beb\u00e9 ni\u00f1a con lazo de terciopelo &#8211; Azul marino\" itemprop=\"image\" srcset=\"https:\/\/voyagedelabaleine.fr\/wp-content\/uploads\/2024\/09\/moufles-bebe-bleues-noeud-velours-1-1-600x800.jpg 600w, https:\/\/voyagedelabaleine.fr\/wp-content\/uploads\/2024\/09\/moufles-bebe-bleues-noeud-velours-1-1-225x300.jpg 225w, https:\/\/voyagedelabaleine.fr\/wp-content\/uploads\/2024\/09\/moufles-bebe-bleues-noeud-velours-1-1-768x1024.jpg 768w, https:\/\/voyagedelabaleine.fr\/wp-content\/uploads\/2024\/09\/moufles-bebe-bleues-noeud-velours-1-1.jpg 858w\" sizes=\"(max-width: 600px) 100vw, 600px\" \/><img decoding=\"async\" width=\"600\" height=\"800\" src=\"https:\/\/voyagedelabaleine.fr\/wp-content\/uploads\/2024\/09\/moufles-bebe-bleues-noeud-velours-2-1-600x800.jpg\" class=\"woo-entry-image-secondary\" alt=\"Manoplas para beb\u00e9 ni\u00f1a con lazo de terciopelo &#8211; Azul marino\" itemprop=\"image\" srcset=\"https:\/\/voyagedelabaleine.fr\/wp-content\/uploads\/2024\/09\/moufles-bebe-bleues-noeud-velours-2-1-600x801.jpg 600w, https:\/\/voyagedelabaleine.fr\/wp-content\/uploads\/2024\/09\/moufles-bebe-bleues-noeud-velours-2-1-225x300.jpg 225w, https:\/\/voyagedelabaleine.fr\/wp-content\/uploads\/2024\/09\/moufles-bebe-bleues-noeud-velours-2-1.jpg 712w\" sizes=\"(max-width: 600px) 100vw, 600px\" \/><\/a>\t<\/div><!-- .woo-entry-image-swap -->\n\n<ul class=\"woo-entry-inner clr\"><li class=\"image-wrap\">\n\t<div class=\"woo-entry-image-swap woo-entry-image clr\">\n\t\t<a href=\"https:\/\/voyagedelabaleine.fr\/es\/producto\/manoplas-para-bebe-nina-con-lazo-de-terciopelo-azul-marino\/\" class=\"woocommerce-LoopProduct-link\"><img decoding=\"async\" width=\"600\" height=\"800\" src=\"https:\/\/voyagedelabaleine.fr\/wp-content\/uploads\/2024\/09\/moufles-bebe-bleues-noeud-velours-1-1-600x800.jpg\" class=\"woo-entry-image-main\" alt=\"Manoplas para beb\u00e9 ni\u00f1a con lazo de terciopelo &#8211; Azul marino\" itemprop=\"image\" srcset=\"https:\/\/voyagedelabaleine.fr\/wp-content\/uploads\/2024\/09\/moufles-bebe-bleues-noeud-velours-1-1-600x800.jpg 600w, https:\/\/voyagedelabaleine.fr\/wp-content\/uploads\/2024\/09\/moufles-bebe-bleues-noeud-velours-1-1-225x300.jpg 225w, https:\/\/voyagedelabaleine.fr\/wp-content\/uploads\/2024\/09\/moufles-bebe-bleues-noeud-velours-1-1-768x1024.jpg 768w, https:\/\/voyagedelabaleine.fr\/wp-content\/uploads\/2024\/09\/moufles-bebe-bleues-noeud-velours-1-1.jpg 858w\" sizes=\"(max-width: 600px) 100vw, 600px\" \/><img decoding=\"async\" width=\"600\" height=\"800\" src=\"https:\/\/voyagedelabaleine.fr\/wp-content\/uploads\/2024\/09\/moufles-bebe-bleues-noeud-velours-2-1-600x800.jpg\" class=\"woo-entry-image-secondary\" alt=\"Manoplas para beb\u00e9 ni\u00f1a con lazo de terciopelo &#8211; Azul marino\" itemprop=\"image\" srcset=\"https:\/\/voyagedelabaleine.fr\/wp-content\/uploads\/2024\/09\/moufles-bebe-bleues-noeud-velours-2-1-600x801.jpg 600w, https:\/\/voyagedelabaleine.fr\/wp-content\/uploads\/2024\/09\/moufles-bebe-bleues-noeud-velours-2-1-225x300.jpg 225w, https:\/\/voyagedelabaleine.fr\/wp-content\/uploads\/2024\/09\/moufles-bebe-bleues-noeud-velours-2-1.jpg 712w\" sizes=\"(max-width: 600px) 100vw, 600px\" \/><\/a>\t<\/div><!-- .woo-entry-image-swap -->\n\n<\/li><li class=\"title\"><h2><a href=\"https:\/\/voyagedelabaleine.fr\/es\/producto\/manoplas-para-bebe-nina-con-lazo-de-terciopelo-azul-marino\/\">Manoplas para beb\u00e9 ni\u00f1a con lazo de terciopelo &#8211; Azul marino<\/a><\/h2><\/li><li class=\"price-wrap\">\n\t<span class=\"price\"><span class=\"woocommerce-Price-amount amount\"><bdi>14<span class=\"woocommerce-Price-currencySymbol\">&euro;<\/span><\/bdi><\/span><\/span>\n<\/li><\/ul><\/div><!-- .product-inner .clr --><\/li>\n<li class=\"entry has-media col span_1_of_2 owp-content-center owp-thumbs-layout-vertical owp-btn-big owp-tabs-layout-vertical circle-sale product type-product post-30484 status-publish last instock product_cat-accesorios-nacimiento-nina product_cat-accesorios-nacimiento-nino product_cat-accesorios-bebe product_cat-accesorios-bebe-nina product_cat-accesorios-bebe-nino product_cat-accesorios-nacimiento has-post-thumbnail taxable shipping-taxable purchasable product-type-variable has-default-attributes\">\n\t<div class=\"product-inner clr\">\n\t<div class=\"woo-entry-image-swap woo-entry-image clr\">\n\t\t<a href=\"https:\/\/voyagedelabaleine.fr\/es\/producto\/gorro-de-bebe-con-pompon-azul-marino\/\" class=\"woocommerce-LoopProduct-link\"><img decoding=\"async\" width=\"600\" height=\"800\" src=\"https:\/\/voyagedelabaleine.fr\/wp-content\/uploads\/2024\/08\/bonnet-bebe-bleu-pompon-1-fotor-20241010173859-600x800.jpg\" class=\"woo-entry-image-main\" alt=\"Gorro de beb\u00e9 con pomp\u00f3n &#8211; Azul marino\" itemprop=\"image\" srcset=\"https:\/\/voyagedelabaleine.fr\/wp-content\/uploads\/2024\/08\/bonnet-bebe-bleu-pompon-1-fotor-20241010173859-600x800.jpg 600w, https:\/\/voyagedelabaleine.fr\/wp-content\/uploads\/2024\/08\/bonnet-bebe-bleu-pompon-1-fotor-20241010173859-225x300.jpg 225w, https:\/\/voyagedelabaleine.fr\/wp-content\/uploads\/2024\/08\/bonnet-bebe-bleu-pompon-1-fotor-20241010173859-768x1024.jpg 768w, https:\/\/voyagedelabaleine.fr\/wp-content\/uploads\/2024\/08\/bonnet-bebe-bleu-pompon-1-fotor-20241010173859.jpg 915w\" sizes=\"(max-width: 600px) 100vw, 600px\" \/><img decoding=\"async\" width=\"600\" height=\"800\" src=\"https:\/\/voyagedelabaleine.fr\/wp-content\/uploads\/2024\/08\/bonnet-bebe-bleu-pompon-1-fotor-20241010173930-600x800.jpg\" class=\"woo-entry-image-secondary\" alt=\"Gorro de beb\u00e9 con pomp\u00f3n &#8211; Azul marino\" itemprop=\"image\" srcset=\"https:\/\/voyagedelabaleine.fr\/wp-content\/uploads\/2024\/08\/bonnet-bebe-bleu-pompon-1-fotor-20241010173930-600x800.jpg 600w, https:\/\/voyagedelabaleine.fr\/wp-content\/uploads\/2024\/08\/bonnet-bebe-bleu-pompon-1-fotor-20241010173930-225x300.jpg 225w, https:\/\/voyagedelabaleine.fr\/wp-content\/uploads\/2024\/08\/bonnet-bebe-bleu-pompon-1-fotor-20241010173930-768x1024.jpg 768w, https:\/\/voyagedelabaleine.fr\/wp-content\/uploads\/2024\/08\/bonnet-bebe-bleu-pompon-1-fotor-20241010173930.jpg 915w\" sizes=\"(max-width: 600px) 100vw, 600px\" \/><\/a>\t<\/div><!-- .woo-entry-image-swap -->\n\n<ul class=\"woo-entry-inner clr\"><li class=\"image-wrap\">\n\t<div class=\"woo-entry-image-swap woo-entry-image clr\">\n\t\t<a href=\"https:\/\/voyagedelabaleine.fr\/es\/producto\/gorro-de-bebe-con-pompon-azul-marino\/\" class=\"woocommerce-LoopProduct-link\"><img decoding=\"async\" width=\"600\" height=\"800\" src=\"https:\/\/voyagedelabaleine.fr\/wp-content\/uploads\/2024\/08\/bonnet-bebe-bleu-pompon-1-fotor-20241010173859-600x800.jpg\" class=\"woo-entry-image-main\" alt=\"Gorro de beb\u00e9 con pomp\u00f3n &#8211; Azul marino\" itemprop=\"image\" srcset=\"https:\/\/voyagedelabaleine.fr\/wp-content\/uploads\/2024\/08\/bonnet-bebe-bleu-pompon-1-fotor-20241010173859-600x800.jpg 600w, https:\/\/voyagedelabaleine.fr\/wp-content\/uploads\/2024\/08\/bonnet-bebe-bleu-pompon-1-fotor-20241010173859-225x300.jpg 225w, https:\/\/voyagedelabaleine.fr\/wp-content\/uploads\/2024\/08\/bonnet-bebe-bleu-pompon-1-fotor-20241010173859-768x1024.jpg 768w, https:\/\/voyagedelabaleine.fr\/wp-content\/uploads\/2024\/08\/bonnet-bebe-bleu-pompon-1-fotor-20241010173859.jpg 915w\" sizes=\"(max-width: 600px) 100vw, 600px\" \/><img decoding=\"async\" width=\"600\" height=\"800\" src=\"https:\/\/voyagedelabaleine.fr\/wp-content\/uploads\/2024\/08\/bonnet-bebe-bleu-pompon-1-fotor-20241010173930-600x800.jpg\" class=\"woo-entry-image-secondary\" alt=\"Gorro de beb\u00e9 con pomp\u00f3n &#8211; Azul marino\" itemprop=\"image\" srcset=\"https:\/\/voyagedelabaleine.fr\/wp-content\/uploads\/2024\/08\/bonnet-bebe-bleu-pompon-1-fotor-20241010173930-600x800.jpg 600w, https:\/\/voyagedelabaleine.fr\/wp-content\/uploads\/2024\/08\/bonnet-bebe-bleu-pompon-1-fotor-20241010173930-225x300.jpg 225w, https:\/\/voyagedelabaleine.fr\/wp-content\/uploads\/2024\/08\/bonnet-bebe-bleu-pompon-1-fotor-20241010173930-768x1024.jpg 768w, https:\/\/voyagedelabaleine.fr\/wp-content\/uploads\/2024\/08\/bonnet-bebe-bleu-pompon-1-fotor-20241010173930.jpg 915w\" sizes=\"(max-width: 600px) 100vw, 600px\" \/><\/a>\t<\/div><!-- .woo-entry-image-swap -->\n\n<\/li><li class=\"title\"><h2><a href=\"https:\/\/voyagedelabaleine.fr\/es\/producto\/gorro-de-bebe-con-pompon-azul-marino\/\">Gorro de beb\u00e9 con pomp\u00f3n &#8211; Azul marino<\/a><\/h2><\/li><li class=\"price-wrap\">\n\t<span class=\"price\"><span class=\"woocommerce-Price-amount amount\"><bdi>26<span class=\"woocommerce-Price-currencySymbol\">&euro;<\/span><\/bdi><\/span><\/span>\n<\/li><\/ul><\/div><!-- .product-inner .clr --><\/li>\n<\/ul>\n<\/div><\/div>\n\t\t\t\t\t\t<\/div>\n\t\t\t\t<\/div>\n\t\t<div class=\"elementor-element elementor-element-675b11a e-con-full e-flex e-con e-parent\" data-id=\"675b11a\" data-element_type=\"container\" data-e-type=\"container\">\n\t\t\t\t<div class=\"elementor-element elementor-element-96d564d elementor-widget-divider--separator-type-pattern elementor-widget-divider--view-line elementor-widget elementor-widget-divider\" data-id=\"96d564d\" data-element_type=\"widget\" data-e-type=\"widget\" data-widget_type=\"divider.default\">\n\t\t\t\t\t\t\t<div class=\"elementor-divider\" style=\"--divider-pattern-url: url(&quot;data:image\/svg+xml,%3Csvg xmlns=&#039;http:\/\/www.w3.org\/2000\/svg&#039; preserveAspectRatio=&#039;none&#039; overflow=&#039;visible&#039; height=&#039;100%&#039; viewBox=&#039;0 0 24 24&#039; fill=&#039;black&#039; stroke=&#039;none&#039;%3E%3Cpath d=&#039;M12.7,2.3c-0.4-0.4-1.1-0.4-1.5,0l-8,9.1c-0.3,0.4-0.3,0.9,0,1.2l8,9.1c0.4,0.4,1.1,0.4,1.5,0l8-9.1c0.3-0.4,0.3-0.9,0-1.2L12.7,2.3z&#039;\/%3E%3C\/svg%3E&quot;);\">\n\t\t\t<span class=\"elementor-divider-separator\">\n\t\t\t\t\t\t<\/span>\n\t\t<\/div>\n\t\t\t\t\t\t<\/div>\n\t\t\t\t<div class=\"elementor-element elementor-element-737bc30 elementor-widget elementor-widget-heading\" data-id=\"737bc30\" data-element_type=\"widget\" data-e-type=\"widget\" data-widget_type=\"heading.default\">\n\t\t\t\t\t<h2 class=\"elementor-heading-title elementor-size-default\">Sensatez en tart\u00e1n<\/h2>\t\t\t\t<\/div>\n\t\t\t\t<div class=\"elementor-element elementor-element-00805b3 elementor-widget__width-initial elementor-widget-mobile__width-inherit elementor-widget elementor-widget-shortcode\" data-id=\"00805b3\" data-element_type=\"widget\" data-e-type=\"widget\" data-widget_type=\"shortcode.default\">\n\t\t\t\t\t\t\t<div class=\"elementor-shortcode\"><div class=\"woocommerce columns-2 \">\r\n<ul class=\"products oceanwp-row clr grid tablet-col tablet-2-col mobile-col mobile-2-col\">\r\n<li class=\"entry has-media has-rating col span_1_of_2 owp-content-center owp-thumbs-layout-vertical owp-btn-big owp-tabs-layout-vertical circle-sale product type-product post-31647 status-publish first instock product_cat-bebe-nina product_cat-conjuntos-nacimiento product_cat-conjuntos-nacimiento-nina product_cat-conjuntos-bebe product_cat-conjuntos-bebe-nina product_cat-nacimiento-nina product_cat-ropa product_cat-vestido-nacimiento product_cat-vestido-bebe-nina has-post-thumbnail taxable shipping-taxable purchasable product-type-variable has-default-attributes\">\n\t<div class=\"product-inner clr\">\n\t<div class=\"woo-entry-image-swap woo-entry-image clr\">\n\t\t<a href=\"https:\/\/voyagedelabaleine.fr\/es\/producto\/conjunto-de-bebe-nina-vestido-corto-y-braga-tartan-burdeos\/\" class=\"woocommerce-LoopProduct-link\"><img decoding=\"async\" width=\"600\" height=\"800\" src=\"https:\/\/voyagedelabaleine.fr\/wp-content\/uploads\/2024\/09\/Capture-decran-2024-10-11-a-11.45.55-fotor-20241011114645-600x800.jpg\" class=\"woo-entry-image-main\" alt=\"Conjunto de beb\u00e9 ni\u00f1a vestido corto y braga tart\u00e1n &#8211; Burdeos\" itemprop=\"image\" srcset=\"https:\/\/voyagedelabaleine.fr\/wp-content\/uploads\/2024\/09\/Capture-decran-2024-10-11-a-11.45.55-fotor-20241011114645-600x799.jpg 600w, https:\/\/voyagedelabaleine.fr\/wp-content\/uploads\/2024\/09\/Capture-decran-2024-10-11-a-11.45.55-fotor-20241011114645-225x300.jpg 225w, https:\/\/voyagedelabaleine.fr\/wp-content\/uploads\/2024\/09\/Capture-decran-2024-10-11-a-11.45.55-fotor-20241011114645-769x1024.jpg 769w, https:\/\/voyagedelabaleine.fr\/wp-content\/uploads\/2024\/09\/Capture-decran-2024-10-11-a-11.45.55-fotor-20241011114645-768x1023.jpg 768w, https:\/\/voyagedelabaleine.fr\/wp-content\/uploads\/2024\/09\/Capture-decran-2024-10-11-a-11.45.55-fotor-20241011114645.jpg 868w\" sizes=\"(max-width: 600px) 100vw, 600px\" \/><img decoding=\"async\" width=\"600\" height=\"800\" src=\"https:\/\/voyagedelabaleine.fr\/wp-content\/uploads\/2024\/09\/ensemble-blouse-bloomer-tartan-bebe-1-600x800.jpg\" class=\"woo-entry-image-secondary\" alt=\"Conjunto de beb\u00e9 ni\u00f1a vestido corto y braga tart\u00e1n &#8211; Burdeos\" itemprop=\"image\" srcset=\"https:\/\/voyagedelabaleine.fr\/wp-content\/uploads\/2024\/09\/ensemble-blouse-bloomer-tartan-bebe-1-600x800.jpg 600w, https:\/\/voyagedelabaleine.fr\/wp-content\/uploads\/2024\/09\/ensemble-blouse-bloomer-tartan-bebe-1-225x300.jpg 225w, https:\/\/voyagedelabaleine.fr\/wp-content\/uploads\/2024\/09\/ensemble-blouse-bloomer-tartan-bebe-1-768x1024.jpg 768w, https:\/\/voyagedelabaleine.fr\/wp-content\/uploads\/2024\/09\/ensemble-blouse-bloomer-tartan-bebe-1.jpg 800w\" sizes=\"(max-width: 600px) 100vw, 600px\" \/><\/a>\t<\/div><!-- .woo-entry-image-swap -->\n\n<ul class=\"woo-entry-inner clr\"><li class=\"image-wrap\">\n\t<div class=\"woo-entry-image-swap woo-entry-image clr\">\n\t\t<a href=\"https:\/\/voyagedelabaleine.fr\/es\/producto\/conjunto-de-bebe-nina-vestido-corto-y-braga-tartan-burdeos\/\" class=\"woocommerce-LoopProduct-link\"><img decoding=\"async\" width=\"600\" height=\"800\" src=\"https:\/\/voyagedelabaleine.fr\/wp-content\/uploads\/2024\/09\/Capture-decran-2024-10-11-a-11.45.55-fotor-20241011114645-600x800.jpg\" class=\"woo-entry-image-main\" alt=\"Conjunto de beb\u00e9 ni\u00f1a vestido corto y braga tart\u00e1n &#8211; Burdeos\" itemprop=\"image\" srcset=\"https:\/\/voyagedelabaleine.fr\/wp-content\/uploads\/2024\/09\/Capture-decran-2024-10-11-a-11.45.55-fotor-20241011114645-600x799.jpg 600w, https:\/\/voyagedelabaleine.fr\/wp-content\/uploads\/2024\/09\/Capture-decran-2024-10-11-a-11.45.55-fotor-20241011114645-225x300.jpg 225w, https:\/\/voyagedelabaleine.fr\/wp-content\/uploads\/2024\/09\/Capture-decran-2024-10-11-a-11.45.55-fotor-20241011114645-769x1024.jpg 769w, https:\/\/voyagedelabaleine.fr\/wp-content\/uploads\/2024\/09\/Capture-decran-2024-10-11-a-11.45.55-fotor-20241011114645-768x1023.jpg 768w, https:\/\/voyagedelabaleine.fr\/wp-content\/uploads\/2024\/09\/Capture-decran-2024-10-11-a-11.45.55-fotor-20241011114645.jpg 868w\" sizes=\"(max-width: 600px) 100vw, 600px\" \/><img decoding=\"async\" width=\"600\" height=\"800\" src=\"https:\/\/voyagedelabaleine.fr\/wp-content\/uploads\/2024\/09\/ensemble-blouse-bloomer-tartan-bebe-1-600x800.jpg\" class=\"woo-entry-image-secondary\" alt=\"Conjunto de beb\u00e9 ni\u00f1a vestido corto y braga tart\u00e1n &#8211; Burdeos\" itemprop=\"image\" srcset=\"https:\/\/voyagedelabaleine.fr\/wp-content\/uploads\/2024\/09\/ensemble-blouse-bloomer-tartan-bebe-1-600x800.jpg 600w, https:\/\/voyagedelabaleine.fr\/wp-content\/uploads\/2024\/09\/ensemble-blouse-bloomer-tartan-bebe-1-225x300.jpg 225w, https:\/\/voyagedelabaleine.fr\/wp-content\/uploads\/2024\/09\/ensemble-blouse-bloomer-tartan-bebe-1-768x1024.jpg 768w, https:\/\/voyagedelabaleine.fr\/wp-content\/uploads\/2024\/09\/ensemble-blouse-bloomer-tartan-bebe-1.jpg 800w\" sizes=\"(max-width: 600px) 100vw, 600px\" \/><\/a>\t<\/div><!-- .woo-entry-image-swap -->\n\n<\/li><li class=\"title\"><h2><a href=\"https:\/\/voyagedelabaleine.fr\/es\/producto\/conjunto-de-bebe-nina-vestido-corto-y-braga-tartan-burdeos\/\">Conjunto de beb\u00e9 ni\u00f1a vestido corto y braga tart\u00e1n &#8211; Burdeos<\/a><\/h2><\/li><li class=\"price-wrap\">\n\t<span class=\"price\"><span class=\"woocommerce-Price-amount amount\"><bdi>68<span class=\"woocommerce-Price-currencySymbol\">&euro;<\/span><\/bdi><\/span><\/span>\n<\/li><\/ul><\/div><!-- .product-inner .clr --><\/li>\n<li class=\"entry has-media has-rating col span_1_of_2 owp-content-center owp-thumbs-layout-vertical owp-btn-big owp-tabs-layout-vertical circle-sale product type-product post-33948 status-publish last instock product_cat-calcetines-leotardos-nacimiento product_cat-calcetines-leotardos-nacimiento-nina product_cat-calcetines-leotardos-nacimiento-nino product_cat-calcetines-leotardos-bebe-nina product_cat-calcetines-leotardos-bebe-nino product_cat-calcetines-leotardos-bebes-ninos has-post-thumbnail taxable shipping-taxable purchasable product-type-variable has-default-attributes\">\n\t<div class=\"product-inner clr\">\n\t<div class=\"woo-entry-image-swap woo-entry-image clr\">\n\t\t<a href=\"https:\/\/voyagedelabaleine.fr\/es\/producto\/leotardos-de-bebe-acanalados-burdeos\/\" class=\"woocommerce-LoopProduct-link\"><img decoding=\"async\" width=\"600\" height=\"800\" src=\"https:\/\/voyagedelabaleine.fr\/wp-content\/uploads\/2024\/09\/collant-bebe-cotele-bordeaux-600x800.jpg\" class=\"woo-entry-image-main\" alt=\"Leotardos de beb\u00e9 acanalados &#8211; Burdeos\" itemprop=\"image\" srcset=\"https:\/\/voyagedelabaleine.fr\/wp-content\/uploads\/2024\/09\/collant-bebe-cotele-bordeaux-600x800.jpg 600w, https:\/\/voyagedelabaleine.fr\/wp-content\/uploads\/2024\/09\/collant-bebe-cotele-bordeaux-225x300.jpg 225w, https:\/\/voyagedelabaleine.fr\/wp-content\/uploads\/2024\/09\/collant-bebe-cotele-bordeaux-768x1024.jpg 768w, https:\/\/voyagedelabaleine.fr\/wp-content\/uploads\/2024\/09\/collant-bebe-cotele-bordeaux.jpg 855w\" sizes=\"(max-width: 600px) 100vw, 600px\" \/><img decoding=\"async\" width=\"600\" height=\"800\" src=\"https:\/\/voyagedelabaleine.fr\/wp-content\/uploads\/2024\/09\/collant-bebe-cotele-bordeaux-2-1-600x800.jpg\" class=\"woo-entry-image-secondary\" alt=\"Leotardos de beb\u00e9 acanalados &#8211; Burdeos\" itemprop=\"image\" srcset=\"https:\/\/voyagedelabaleine.fr\/wp-content\/uploads\/2024\/09\/collant-bebe-cotele-bordeaux-2-1-600x800.jpg 600w, https:\/\/voyagedelabaleine.fr\/wp-content\/uploads\/2024\/09\/collant-bebe-cotele-bordeaux-2-1-225x300.jpg 225w, https:\/\/voyagedelabaleine.fr\/wp-content\/uploads\/2024\/09\/collant-bebe-cotele-bordeaux-2-1-768x1024.jpg 768w, https:\/\/voyagedelabaleine.fr\/wp-content\/uploads\/2024\/09\/collant-bebe-cotele-bordeaux-2-1.jpg 855w\" sizes=\"(max-width: 600px) 100vw, 600px\" \/><\/a>\t<\/div><!-- .woo-entry-image-swap -->\n\n<ul class=\"woo-entry-inner clr\"><li class=\"image-wrap\">\n\t<div class=\"woo-entry-image-swap woo-entry-image clr\">\n\t\t<a href=\"https:\/\/voyagedelabaleine.fr\/es\/producto\/leotardos-de-bebe-acanalados-burdeos\/\" class=\"woocommerce-LoopProduct-link\"><img decoding=\"async\" width=\"600\" height=\"800\" src=\"https:\/\/voyagedelabaleine.fr\/wp-content\/uploads\/2024\/09\/collant-bebe-cotele-bordeaux-600x800.jpg\" class=\"woo-entry-image-main\" alt=\"Leotardos de beb\u00e9 acanalados &#8211; Burdeos\" itemprop=\"image\" srcset=\"https:\/\/voyagedelabaleine.fr\/wp-content\/uploads\/2024\/09\/collant-bebe-cotele-bordeaux-600x800.jpg 600w, https:\/\/voyagedelabaleine.fr\/wp-content\/uploads\/2024\/09\/collant-bebe-cotele-bordeaux-225x300.jpg 225w, https:\/\/voyagedelabaleine.fr\/wp-content\/uploads\/2024\/09\/collant-bebe-cotele-bordeaux-768x1024.jpg 768w, https:\/\/voyagedelabaleine.fr\/wp-content\/uploads\/2024\/09\/collant-bebe-cotele-bordeaux.jpg 855w\" sizes=\"(max-width: 600px) 100vw, 600px\" \/><img decoding=\"async\" width=\"600\" height=\"800\" src=\"https:\/\/voyagedelabaleine.fr\/wp-content\/uploads\/2024\/09\/collant-bebe-cotele-bordeaux-2-1-600x800.jpg\" class=\"woo-entry-image-secondary\" alt=\"Leotardos de beb\u00e9 acanalados &#8211; Burdeos\" itemprop=\"image\" srcset=\"https:\/\/voyagedelabaleine.fr\/wp-content\/uploads\/2024\/09\/collant-bebe-cotele-bordeaux-2-1-600x800.jpg 600w, https:\/\/voyagedelabaleine.fr\/wp-content\/uploads\/2024\/09\/collant-bebe-cotele-bordeaux-2-1-225x300.jpg 225w, https:\/\/voyagedelabaleine.fr\/wp-content\/uploads\/2024\/09\/collant-bebe-cotele-bordeaux-2-1-768x1024.jpg 768w, https:\/\/voyagedelabaleine.fr\/wp-content\/uploads\/2024\/09\/collant-bebe-cotele-bordeaux-2-1.jpg 855w\" sizes=\"(max-width: 600px) 100vw, 600px\" \/><\/a>\t<\/div><!-- .woo-entry-image-swap -->\n\n<\/li><li class=\"title\"><h2><a href=\"https:\/\/voyagedelabaleine.fr\/es\/producto\/leotardos-de-bebe-acanalados-burdeos\/\">Leotardos de beb\u00e9 acanalados &#8211; Burdeos<\/a><\/h2><\/li><li class=\"price-wrap\">\n\t<span class=\"price\"><span class=\"woocommerce-Price-amount amount\"><bdi>14<span class=\"woocommerce-Price-currencySymbol\">&euro;<\/span><\/bdi><\/span><\/span>\n<\/li><\/ul><\/div><!-- .product-inner .clr --><\/li>\n<\/ul>\n<\/div><\/div>\n\t\t\t\t\t\t<\/div>\n\t\t\t\t<\/div>\n\t\t<div class=\"elementor-element elementor-element-62e5fb8 e-con-full e-flex e-con e-parent\" data-id=\"62e5fb8\" data-element_type=\"container\" data-e-type=\"container\">\n\t\t\t\t<div class=\"elementor-element elementor-element-2575802 elementor-widget-divider--separator-type-pattern elementor-widget-divider--view-line elementor-widget elementor-widget-divider\" data-id=\"2575802\" data-element_type=\"widget\" data-e-type=\"widget\" data-widget_type=\"divider.default\">\n\t\t\t\t\t\t\t<div class=\"elementor-divider\" style=\"--divider-pattern-url: url(&quot;data:image\/svg+xml,%3Csvg xmlns=&#039;http:\/\/www.w3.org\/2000\/svg&#039; preserveAspectRatio=&#039;none&#039; overflow=&#039;visible&#039; height=&#039;100%&#039; viewBox=&#039;0 0 24 24&#039; fill=&#039;black&#039; stroke=&#039;none&#039;%3E%3Cpath d=&#039;M12.7,2.3c-0.4-0.4-1.1-0.4-1.5,0l-8,9.1c-0.3,0.4-0.3,0.9,0,1.2l8,9.1c0.4,0.4,1.1,0.4,1.5,0l8-9.1c0.3-0.4,0.3-0.9,0-1.2L12.7,2.3z&#039;\/%3E%3C\/svg%3E&quot;);\">\n\t\t\t<span class=\"elementor-divider-separator\">\n\t\t\t\t\t\t<\/span>\n\t\t<\/div>\n\t\t\t\t\t\t<\/div>\n\t\t\t\t<div class=\"elementor-element elementor-element-81fabd8 elementor-widget elementor-widget-heading\" data-id=\"81fabd8\" data-element_type=\"widget\" data-e-type=\"widget\" data-widget_type=\"heading.default\">\n\t\t\t\t\t<h2 class=\"elementor-heading-title elementor-size-default\">Jard\u00edn de infancia<\/h2>\t\t\t\t<\/div>\n\t\t\t\t<div class=\"elementor-element elementor-element-877cdf5 elementor-widget elementor-widget-shortcode\" data-id=\"877cdf5\" data-element_type=\"widget\" data-e-type=\"widget\" data-widget_type=\"shortcode.default\">\n\t\t\t\t\t\t\t<div class=\"elementor-shortcode\"><div class=\"woocommerce columns-3 \">\r\n<ul class=\"products oceanwp-row clr grid tablet-col tablet-2-col mobile-col mobile-2-col\">\r\n<li class=\"entry has-media col span_1_of_3 owp-content-center owp-thumbs-layout-vertical owp-btn-big owp-tabs-layout-vertical circle-sale product type-product post-31749 status-publish first instock product_cat-accesorios-bebe product_cat-accesorios-bebe-nina product_cat-accesorios-nina product_cat-accesorios-ninos has-post-thumbnail taxable shipping-taxable purchasable product-type-variable has-default-attributes\">\n\t<div class=\"product-inner clr\">\n\t<div class=\"woo-entry-image-swap woo-entry-image clr\">\n\t\t<a href=\"https:\/\/voyagedelabaleine.fr\/es\/producto\/pasador-con-lazo-de-grosgrain-verde-oscuro\/\" class=\"woocommerce-LoopProduct-link\"><img decoding=\"async\" width=\"600\" height=\"800\" src=\"https:\/\/voyagedelabaleine.fr\/wp-content\/uploads\/2025\/01\/barrette-noeud-vert-fonce-gros-grain-600x800.jpg\" class=\"woo-entry-image-main\" alt=\"Pasador con lazo de grosgrain &#8211; Verde oscuro\" itemprop=\"image\" srcset=\"https:\/\/voyagedelabaleine.fr\/wp-content\/uploads\/2025\/01\/barrette-noeud-vert-fonce-gros-grain-600x800.jpg 600w, https:\/\/voyagedelabaleine.fr\/wp-content\/uploads\/2025\/01\/barrette-noeud-vert-fonce-gros-grain-225x300.jpg 225w, https:\/\/voyagedelabaleine.fr\/wp-content\/uploads\/2025\/01\/barrette-noeud-vert-fonce-gros-grain-768x1024.jpg 768w, https:\/\/voyagedelabaleine.fr\/wp-content\/uploads\/2025\/01\/barrette-noeud-vert-fonce-gros-grain-1152x1536.jpg 1152w, https:\/\/voyagedelabaleine.fr\/wp-content\/uploads\/2025\/01\/barrette-noeud-vert-fonce-gros-grain.jpg 1275w\" sizes=\"(max-width: 600px) 100vw, 600px\" \/><img decoding=\"async\" width=\"600\" height=\"800\" src=\"https:\/\/voyagedelabaleine.fr\/wp-content\/uploads\/2025\/01\/barrette-noeud-vert-fonce-gros-grain-1-600x800.jpg\" class=\"woo-entry-image-secondary\" alt=\"Pasador con lazo de grosgrain &#8211; Verde oscuro\" itemprop=\"image\" srcset=\"https:\/\/voyagedelabaleine.fr\/wp-content\/uploads\/2025\/01\/barrette-noeud-vert-fonce-gros-grain-1-600x800.jpg 600w, https:\/\/voyagedelabaleine.fr\/wp-content\/uploads\/2025\/01\/barrette-noeud-vert-fonce-gros-grain-1-225x300.jpg 225w, https:\/\/voyagedelabaleine.fr\/wp-content\/uploads\/2025\/01\/barrette-noeud-vert-fonce-gros-grain-1-768x1024.jpg 768w, https:\/\/voyagedelabaleine.fr\/wp-content\/uploads\/2025\/01\/barrette-noeud-vert-fonce-gros-grain-1.jpg 900w\" sizes=\"(max-width: 600px) 100vw, 600px\" \/><\/a>\t<\/div><!-- .woo-entry-image-swap -->\n\n<ul class=\"woo-entry-inner clr\"><li class=\"image-wrap\">\n\t<div class=\"woo-entry-image-swap woo-entry-image clr\">\n\t\t<a href=\"https:\/\/voyagedelabaleine.fr\/es\/producto\/pasador-con-lazo-de-grosgrain-verde-oscuro\/\" class=\"woocommerce-LoopProduct-link\"><img decoding=\"async\" width=\"600\" height=\"800\" src=\"https:\/\/voyagedelabaleine.fr\/wp-content\/uploads\/2025\/01\/barrette-noeud-vert-fonce-gros-grain-600x800.jpg\" class=\"woo-entry-image-main\" alt=\"Pasador con lazo de grosgrain &#8211; Verde oscuro\" itemprop=\"image\" srcset=\"https:\/\/voyagedelabaleine.fr\/wp-content\/uploads\/2025\/01\/barrette-noeud-vert-fonce-gros-grain-600x800.jpg 600w, https:\/\/voyagedelabaleine.fr\/wp-content\/uploads\/2025\/01\/barrette-noeud-vert-fonce-gros-grain-225x300.jpg 225w, https:\/\/voyagedelabaleine.fr\/wp-content\/uploads\/2025\/01\/barrette-noeud-vert-fonce-gros-grain-768x1024.jpg 768w, https:\/\/voyagedelabaleine.fr\/wp-content\/uploads\/2025\/01\/barrette-noeud-vert-fonce-gros-grain-1152x1536.jpg 1152w, https:\/\/voyagedelabaleine.fr\/wp-content\/uploads\/2025\/01\/barrette-noeud-vert-fonce-gros-grain.jpg 1275w\" sizes=\"(max-width: 600px) 100vw, 600px\" \/><img decoding=\"async\" width=\"600\" height=\"800\" src=\"https:\/\/voyagedelabaleine.fr\/wp-content\/uploads\/2025\/01\/barrette-noeud-vert-fonce-gros-grain-1-600x800.jpg\" class=\"woo-entry-image-secondary\" alt=\"Pasador con lazo de grosgrain &#8211; Verde oscuro\" itemprop=\"image\" srcset=\"https:\/\/voyagedelabaleine.fr\/wp-content\/uploads\/2025\/01\/barrette-noeud-vert-fonce-gros-grain-1-600x800.jpg 600w, https:\/\/voyagedelabaleine.fr\/wp-content\/uploads\/2025\/01\/barrette-noeud-vert-fonce-gros-grain-1-225x300.jpg 225w, https:\/\/voyagedelabaleine.fr\/wp-content\/uploads\/2025\/01\/barrette-noeud-vert-fonce-gros-grain-1-768x1024.jpg 768w, https:\/\/voyagedelabaleine.fr\/wp-content\/uploads\/2025\/01\/barrette-noeud-vert-fonce-gros-grain-1.jpg 900w\" sizes=\"(max-width: 600px) 100vw, 600px\" \/><\/a>\t<\/div><!-- .woo-entry-image-swap -->\n\n<\/li><li class=\"title\"><h2><a href=\"https:\/\/voyagedelabaleine.fr\/es\/producto\/pasador-con-lazo-de-grosgrain-verde-oscuro\/\">Pasador con lazo de grosgrain &#8211; Verde oscuro<\/a><\/h2><\/li><li class=\"price-wrap\">\n\t<span class=\"price\"><span class=\"woocommerce-Price-amount amount\"><bdi>6<span class=\"woocommerce-Price-currencySymbol\">&euro;<\/span><\/bdi><\/span><\/span>\n<\/li><\/ul><\/div><!-- .product-inner .clr --><\/li>\n<li class=\"entry has-media col span_1_of_3 owp-content-center owp-thumbs-layout-vertical owp-btn-big owp-tabs-layout-vertical circle-sale product type-product post-32138 status-publish instock product_cat-jersey-chaleco-cardigan-nacimiento product_cat-jersey-chaleco-cardigan-nacimiento-nina product_cat-jersey-chaleco-cardigan-nacimiento-nino product_cat-jersey-chaleco-cardigan-bebe product_cat-jersey-chaleco-cardigan-bebe-nina product_cat-jersey-chaleco-cardigan-bebe-nino product_cat-jersey-chaleco-cardigan-nina product_cat-jersey-chaleco-cardigan-nino product_cat-jersey-chaleco-cardigan-ninos product_cat-ropa has-post-thumbnail taxable shipping-taxable purchasable product-type-variable has-default-attributes\">\n\t<div class=\"product-inner clr\">\n\t<div class=\"woo-entry-image-swap woo-entry-image clr\">\n\t\t<a href=\"https:\/\/voyagedelabaleine.fr\/es\/producto\/chaleco-de-punto-bobo-para-bebe-nina-verde-oscuro\/\" class=\"woocommerce-LoopProduct-link\"><img decoding=\"async\" width=\"600\" height=\"800\" src=\"https:\/\/voyagedelabaleine.fr\/wp-content\/uploads\/2025\/01\/gilet-bebe-vert-fonce-600x800.jpg\" class=\"woo-entry-image-main\" alt=\"Chaleco de punto bobo para beb\u00e9 ni\u00f1a &#8211; Verde oscuro\" itemprop=\"image\" srcset=\"https:\/\/voyagedelabaleine.fr\/wp-content\/uploads\/2025\/01\/gilet-bebe-vert-fonce-600x800.jpg 600w, https:\/\/voyagedelabaleine.fr\/wp-content\/uploads\/2025\/01\/gilet-bebe-vert-fonce-225x300.jpg 225w, https:\/\/voyagedelabaleine.fr\/wp-content\/uploads\/2025\/01\/gilet-bebe-vert-fonce-768x1024.jpg 768w, https:\/\/voyagedelabaleine.fr\/wp-content\/uploads\/2025\/01\/gilet-bebe-vert-fonce.jpg 855w\" sizes=\"(max-width: 600px) 100vw, 600px\" \/><img decoding=\"async\" width=\"600\" height=\"800\" src=\"https:\/\/voyagedelabaleine.fr\/wp-content\/uploads\/2025\/01\/gilet-bebe-vert-fonce-1-600x800.jpg\" class=\"woo-entry-image-secondary\" alt=\"Chaleco de punto bobo para beb\u00e9 ni\u00f1a &#8211; Verde oscuro\" itemprop=\"image\" srcset=\"https:\/\/voyagedelabaleine.fr\/wp-content\/uploads\/2025\/01\/gilet-bebe-vert-fonce-1-600x800.jpg 600w, https:\/\/voyagedelabaleine.fr\/wp-content\/uploads\/2025\/01\/gilet-bebe-vert-fonce-1-225x300.jpg 225w, https:\/\/voyagedelabaleine.fr\/wp-content\/uploads\/2025\/01\/gilet-bebe-vert-fonce-1-768x1024.jpg 768w, https:\/\/voyagedelabaleine.fr\/wp-content\/uploads\/2025\/01\/gilet-bebe-vert-fonce-1.jpg 855w\" sizes=\"(max-width: 600px) 100vw, 600px\" \/><\/a>\t<\/div><!-- .woo-entry-image-swap -->\n\n<ul class=\"woo-entry-inner clr\"><li class=\"image-wrap\">\n\t<div class=\"woo-entry-image-swap woo-entry-image clr\">\n\t\t<a href=\"https:\/\/voyagedelabaleine.fr\/es\/producto\/chaleco-de-punto-bobo-para-bebe-nina-verde-oscuro\/\" class=\"woocommerce-LoopProduct-link\"><img decoding=\"async\" width=\"600\" height=\"800\" src=\"https:\/\/voyagedelabaleine.fr\/wp-content\/uploads\/2025\/01\/gilet-bebe-vert-fonce-600x800.jpg\" class=\"woo-entry-image-main\" alt=\"Chaleco de punto bobo para beb\u00e9 ni\u00f1a &#8211; Verde oscuro\" itemprop=\"image\" srcset=\"https:\/\/voyagedelabaleine.fr\/wp-content\/uploads\/2025\/01\/gilet-bebe-vert-fonce-600x800.jpg 600w, https:\/\/voyagedelabaleine.fr\/wp-content\/uploads\/2025\/01\/gilet-bebe-vert-fonce-225x300.jpg 225w, https:\/\/voyagedelabaleine.fr\/wp-content\/uploads\/2025\/01\/gilet-bebe-vert-fonce-768x1024.jpg 768w, https:\/\/voyagedelabaleine.fr\/wp-content\/uploads\/2025\/01\/gilet-bebe-vert-fonce.jpg 855w\" sizes=\"(max-width: 600px) 100vw, 600px\" \/><img decoding=\"async\" width=\"600\" height=\"800\" src=\"https:\/\/voyagedelabaleine.fr\/wp-content\/uploads\/2025\/01\/gilet-bebe-vert-fonce-1-600x800.jpg\" class=\"woo-entry-image-secondary\" alt=\"Chaleco de punto bobo para beb\u00e9 ni\u00f1a &#8211; Verde oscuro\" itemprop=\"image\" srcset=\"https:\/\/voyagedelabaleine.fr\/wp-content\/uploads\/2025\/01\/gilet-bebe-vert-fonce-1-600x800.jpg 600w, https:\/\/voyagedelabaleine.fr\/wp-content\/uploads\/2025\/01\/gilet-bebe-vert-fonce-1-225x300.jpg 225w, https:\/\/voyagedelabaleine.fr\/wp-content\/uploads\/2025\/01\/gilet-bebe-vert-fonce-1-768x1024.jpg 768w, https:\/\/voyagedelabaleine.fr\/wp-content\/uploads\/2025\/01\/gilet-bebe-vert-fonce-1.jpg 855w\" sizes=\"(max-width: 600px) 100vw, 600px\" \/><\/a>\t<\/div><!-- .woo-entry-image-swap -->\n\n<\/li><li class=\"title\"><h2><a href=\"https:\/\/voyagedelabaleine.fr\/es\/producto\/chaleco-de-punto-bobo-para-bebe-nina-verde-oscuro\/\">Chaleco de punto bobo para beb\u00e9 ni\u00f1a &#8211; Verde oscuro<\/a><\/h2><\/li><li class=\"price-wrap\">\n\t<span class=\"price\"><span class=\"woocommerce-Price-amount amount\"><bdi>38<span class=\"woocommerce-Price-currencySymbol\">&euro;<\/span><\/bdi><\/span><\/span>\n<\/li><\/ul><\/div><!-- .product-inner .clr --><\/li>\n<li class=\"entry has-media col span_1_of_3 owp-content-center owp-thumbs-layout-vertical owp-btn-big owp-tabs-layout-vertical circle-sale product type-product post-30536 status-publish last instock product_cat-calcetines-leotardos-nacimiento product_cat-calcetines-leotardos-nacimiento-nina product_cat-calcetines-leotardos-nacimiento-nino product_cat-calcetines-leotardos-bebe-nina product_cat-calcetines-leotardos-bebe-nino product_cat-calcetines-leotardos-bebes-ninos product_cat-calcetines-leotardos-nina product_cat-calcetines-leotardos-nino product_cat-calcetines-leotardos-ninos has-post-thumbnail taxable shipping-taxable purchasable product-type-variable has-default-attributes\">\n\t<div class=\"product-inner clr\">\n\t<div class=\"woo-entry-image-swap woo-entry-image clr\">\n\t\t<a href=\"https:\/\/voyagedelabaleine.fr\/es\/producto\/leotardos-de-bebe-de-canale-verde-abeto\/\" class=\"woocommerce-LoopProduct-link\"><img decoding=\"async\" width=\"600\" height=\"800\" src=\"https:\/\/voyagedelabaleine.fr\/wp-content\/uploads\/2024\/11\/collants-bebe-vert-sapin-fotor-20241121121542-600x800.jpg\" class=\"woo-entry-image-main\" alt=\"Leotardos de beb\u00e9 de canal\u00e9 &#8211; Verde abeto\" itemprop=\"image\" srcset=\"https:\/\/voyagedelabaleine.fr\/wp-content\/uploads\/2024\/11\/collants-bebe-vert-sapin-fotor-20241121121542-600x800.jpg 600w, https:\/\/voyagedelabaleine.fr\/wp-content\/uploads\/2024\/11\/collants-bebe-vert-sapin-fotor-20241121121542-225x300.jpg 225w, https:\/\/voyagedelabaleine.fr\/wp-content\/uploads\/2024\/11\/collants-bebe-vert-sapin-fotor-20241121121542-768x1024.jpg 768w, https:\/\/voyagedelabaleine.fr\/wp-content\/uploads\/2024\/11\/collants-bebe-vert-sapin-fotor-20241121121542.jpg 855w\" sizes=\"(max-width: 600px) 100vw, 600px\" \/><img decoding=\"async\" width=\"600\" height=\"800\" src=\"https:\/\/voyagedelabaleine.fr\/wp-content\/uploads\/2024\/11\/92370-thickbox_default-fotor-2024112112161-600x800.jpg\" class=\"woo-entry-image-secondary\" alt=\"Leotardos de beb\u00e9 de canal\u00e9 &#8211; Verde abeto\" itemprop=\"image\" srcset=\"https:\/\/voyagedelabaleine.fr\/wp-content\/uploads\/2024\/11\/92370-thickbox_default-fotor-2024112112161-600x800.jpg 600w, https:\/\/voyagedelabaleine.fr\/wp-content\/uploads\/2024\/11\/92370-thickbox_default-fotor-2024112112161-225x300.jpg 225w, https:\/\/voyagedelabaleine.fr\/wp-content\/uploads\/2024\/11\/92370-thickbox_default-fotor-2024112112161-768x1024.jpg 768w, https:\/\/voyagedelabaleine.fr\/wp-content\/uploads\/2024\/11\/92370-thickbox_default-fotor-2024112112161.jpg 855w\" sizes=\"(max-width: 600px) 100vw, 600px\" \/><\/a>\t<\/div><!-- .woo-entry-image-swap -->\n\n<ul class=\"woo-entry-inner clr\"><li class=\"image-wrap\">\n\t<div class=\"woo-entry-image-swap woo-entry-image clr\">\n\t\t<a href=\"https:\/\/voyagedelabaleine.fr\/es\/producto\/leotardos-de-bebe-de-canale-verde-abeto\/\" class=\"woocommerce-LoopProduct-link\"><img decoding=\"async\" width=\"600\" height=\"800\" src=\"https:\/\/voyagedelabaleine.fr\/wp-content\/uploads\/2024\/11\/collants-bebe-vert-sapin-fotor-20241121121542-600x800.jpg\" class=\"woo-entry-image-main\" alt=\"Leotardos de beb\u00e9 de canal\u00e9 &#8211; Verde abeto\" itemprop=\"image\" srcset=\"https:\/\/voyagedelabaleine.fr\/wp-content\/uploads\/2024\/11\/collants-bebe-vert-sapin-fotor-20241121121542-600x800.jpg 600w, https:\/\/voyagedelabaleine.fr\/wp-content\/uploads\/2024\/11\/collants-bebe-vert-sapin-fotor-20241121121542-225x300.jpg 225w, https:\/\/voyagedelabaleine.fr\/wp-content\/uploads\/2024\/11\/collants-bebe-vert-sapin-fotor-20241121121542-768x1024.jpg 768w, https:\/\/voyagedelabaleine.fr\/wp-content\/uploads\/2024\/11\/collants-bebe-vert-sapin-fotor-20241121121542.jpg 855w\" sizes=\"(max-width: 600px) 100vw, 600px\" \/><img decoding=\"async\" width=\"600\" height=\"800\" src=\"https:\/\/voyagedelabaleine.fr\/wp-content\/uploads\/2024\/11\/92370-thickbox_default-fotor-2024112112161-600x800.jpg\" class=\"woo-entry-image-secondary\" alt=\"Leotardos de beb\u00e9 de canal\u00e9 &#8211; Verde abeto\" itemprop=\"image\" srcset=\"https:\/\/voyagedelabaleine.fr\/wp-content\/uploads\/2024\/11\/92370-thickbox_default-fotor-2024112112161-600x800.jpg 600w, https:\/\/voyagedelabaleine.fr\/wp-content\/uploads\/2024\/11\/92370-thickbox_default-fotor-2024112112161-225x300.jpg 225w, https:\/\/voyagedelabaleine.fr\/wp-content\/uploads\/2024\/11\/92370-thickbox_default-fotor-2024112112161-768x1024.jpg 768w, https:\/\/voyagedelabaleine.fr\/wp-content\/uploads\/2024\/11\/92370-thickbox_default-fotor-2024112112161.jpg 855w\" sizes=\"(max-width: 600px) 100vw, 600px\" \/><\/a>\t<\/div><!-- .woo-entry-image-swap -->\n\n<\/li><li class=\"title\"><h2><a href=\"https:\/\/voyagedelabaleine.fr\/es\/producto\/leotardos-de-bebe-de-canale-verde-abeto\/\">Leotardos de beb\u00e9 de canal\u00e9 &#8211; Verde abeto<\/a><\/h2><\/li><li class=\"price-wrap\">\n\t<span class=\"price\"><span class=\"woocommerce-Price-amount amount\"><bdi>14<span class=\"woocommerce-Price-currencySymbol\">&euro;<\/span><\/bdi><\/span><\/span>\n<\/li><\/ul><\/div><!-- .product-inner .clr --><\/li>\n<\/ul>\n<\/div><\/div>\n\t\t\t\t\t\t<\/div>\n\t\t\t\t<\/div>\n\t\t<div class=\"elementor-element elementor-element-06d940f e-con-full e-flex e-con e-parent\" data-id=\"06d940f\" data-element_type=\"container\" data-e-type=\"container\">\n\t\t\t\t<div class=\"elementor-element elementor-element-f240df0 elementor-widget-divider--separator-type-pattern elementor-widget-divider--view-line elementor-widget elementor-widget-divider\" data-id=\"f240df0\" data-element_type=\"widget\" data-e-type=\"widget\" data-widget_type=\"divider.default\">\n\t\t\t\t\t\t\t<div class=\"elementor-divider\" style=\"--divider-pattern-url: url(&quot;data:image\/svg+xml,%3Csvg xmlns=&#039;http:\/\/www.w3.org\/2000\/svg&#039; preserveAspectRatio=&#039;none&#039; overflow=&#039;visible&#039; height=&#039;100%&#039; viewBox=&#039;0 0 24 24&#039; fill=&#039;black&#039; stroke=&#039;none&#039;%3E%3Cpath d=&#039;M12.7,2.3c-0.4-0.4-1.1-0.4-1.5,0l-8,9.1c-0.3,0.4-0.3,0.9,0,1.2l8,9.1c0.4,0.4,1.1,0.4,1.5,0l8-9.1c0.3-0.4,0.3-0.9,0-1.2L12.7,2.3z&#039;\/%3E%3C\/svg%3E&quot;);\">\n\t\t\t<span class=\"elementor-divider-separator\">\n\t\t\t\t\t\t<\/span>\n\t\t<\/div>\n\t\t\t\t\t\t<\/div>\n\t\t\t\t<div class=\"elementor-element elementor-element-17bf21c elementor-widget elementor-widget-heading\" data-id=\"17bf21c\" data-element_type=\"widget\" data-e-type=\"widget\" data-widget_type=\"heading.default\">\n\t\t\t\t\t<h2 class=\"elementor-heading-title elementor-size-default\">Elegancia y tradici\u00f3n<\/h2>\t\t\t\t<\/div>\n\t\t\t\t<div class=\"elementor-element elementor-element-6028c4c elementor-widget elementor-widget-shortcode\" data-id=\"6028c4c\" data-element_type=\"widget\" data-e-type=\"widget\" data-widget_type=\"shortcode.default\">\n\t\t\t\t\t\t\t<div class=\"elementor-shortcode\"><div class=\"woocommerce columns-3 \">\r\n<ul class=\"products oceanwp-row clr grid tablet-col tablet-2-col mobile-col mobile-2-col\">\r\n<li class=\"entry has-media col span_1_of_3 owp-content-center owp-thumbs-layout-vertical owp-btn-big owp-tabs-layout-vertical circle-sale product type-product post-34759 status-publish first instock product_cat-accesorios-nacimiento-nina product_cat-accesorios-nacimiento-nino product_cat-accesorios-bebe product_cat-accesorios-bebe-nina product_cat-accesorios-bebe-nino product_cat-accesorios-nacimiento has-post-thumbnail taxable shipping-taxable purchasable product-type-variable has-default-attributes\">\n\t<div class=\"product-inner clr\">\n\t<div class=\"woo-entry-image-swap woo-entry-image clr\">\n\t\t<a href=\"https:\/\/voyagedelabaleine.fr\/es\/producto\/gorrito-bebe-burdeos\/\" class=\"woocommerce-LoopProduct-link\"><img decoding=\"async\" width=\"600\" height=\"800\" src=\"https:\/\/voyagedelabaleine.fr\/wp-content\/uploads\/2025\/07\/beguin-bebe-bordeaux-600x800.jpg\" class=\"woo-entry-image-main\" alt=\"Gorrito beb\u00e9 &#8211; Burdeos\" itemprop=\"image\" srcset=\"https:\/\/voyagedelabaleine.fr\/wp-content\/uploads\/2025\/07\/beguin-bebe-bordeaux-600x799.jpg 600w, https:\/\/voyagedelabaleine.fr\/wp-content\/uploads\/2025\/07\/beguin-bebe-bordeaux-225x300.jpg 225w, https:\/\/voyagedelabaleine.fr\/wp-content\/uploads\/2025\/07\/beguin-bebe-bordeaux.jpg 713w\" sizes=\"(max-width: 600px) 100vw, 600px\" \/><img decoding=\"async\" width=\"528\" height=\"705\" src=\"https:\/\/voyagedelabaleine.fr\/wp-content\/uploads\/2025\/07\/beguin-bebe-bordeaux-1.jpg\" class=\"woo-entry-image-secondary\" alt=\"Gorrito beb\u00e9 &#8211; Burdeos\" itemprop=\"image\" srcset=\"https:\/\/voyagedelabaleine.fr\/wp-content\/uploads\/2025\/07\/beguin-bebe-bordeaux-1.jpg 528w, https:\/\/voyagedelabaleine.fr\/wp-content\/uploads\/2025\/07\/beguin-bebe-bordeaux-1-225x300.jpg 225w\" sizes=\"(max-width: 528px) 100vw, 528px\" \/><\/a>\t<\/div><!-- .woo-entry-image-swap -->\n\n<ul class=\"woo-entry-inner clr\"><li class=\"image-wrap\">\n\t<div class=\"woo-entry-image-swap woo-entry-image clr\">\n\t\t<a href=\"https:\/\/voyagedelabaleine.fr\/es\/producto\/gorrito-bebe-burdeos\/\" class=\"woocommerce-LoopProduct-link\"><img decoding=\"async\" width=\"600\" height=\"800\" src=\"https:\/\/voyagedelabaleine.fr\/wp-content\/uploads\/2025\/07\/beguin-bebe-bordeaux-600x800.jpg\" class=\"woo-entry-image-main\" alt=\"Gorrito beb\u00e9 &#8211; Burdeos\" itemprop=\"image\" srcset=\"https:\/\/voyagedelabaleine.fr\/wp-content\/uploads\/2025\/07\/beguin-bebe-bordeaux-600x799.jpg 600w, https:\/\/voyagedelabaleine.fr\/wp-content\/uploads\/2025\/07\/beguin-bebe-bordeaux-225x300.jpg 225w, https:\/\/voyagedelabaleine.fr\/wp-content\/uploads\/2025\/07\/beguin-bebe-bordeaux.jpg 713w\" sizes=\"(max-width: 600px) 100vw, 600px\" \/><img decoding=\"async\" width=\"528\" height=\"705\" src=\"https:\/\/voyagedelabaleine.fr\/wp-content\/uploads\/2025\/07\/beguin-bebe-bordeaux-1.jpg\" class=\"woo-entry-image-secondary\" alt=\"Gorrito beb\u00e9 &#8211; Burdeos\" itemprop=\"image\" srcset=\"https:\/\/voyagedelabaleine.fr\/wp-content\/uploads\/2025\/07\/beguin-bebe-bordeaux-1.jpg 528w, https:\/\/voyagedelabaleine.fr\/wp-content\/uploads\/2025\/07\/beguin-bebe-bordeaux-1-225x300.jpg 225w\" sizes=\"(max-width: 528px) 100vw, 528px\" \/><\/a>\t<\/div><!-- .woo-entry-image-swap -->\n\n<\/li><li class=\"title\"><h2><a href=\"https:\/\/voyagedelabaleine.fr\/es\/producto\/gorrito-bebe-burdeos\/\">Gorrito beb\u00e9 &#8211; Burdeos<\/a><\/h2><\/li><li class=\"price-wrap\">\n\t<span class=\"price\"><span class=\"woocommerce-Price-amount amount\"><bdi>24<span class=\"woocommerce-Price-currencySymbol\">&euro;<\/span><\/bdi><\/span><\/span>\n<\/li><\/ul><\/div><!-- .product-inner .clr --><\/li>\n<li class=\"entry has-media has-rating col span_1_of_3 owp-content-center owp-thumbs-layout-vertical owp-btn-big owp-tabs-layout-vertical circle-sale product type-product post-30450 status-publish instock product_cat-pelele-peto-ranita-nacimiento product_cat-pelele-peto-ranita-nacimiento-nina product_cat-pelele-peto-ranita-nacimiento-nino product_cat-pelele-peto-ranita-bebe product_cat-pelele-peto-ranita-bebe-nina product_cat-pelele-peto-ranita-bebe-nino product_cat-ropa has-post-thumbnail taxable shipping-taxable purchasable product-type-variable has-default-attributes\">\n\t<div class=\"product-inner clr\">\n\t<div class=\"woo-entry-image-swap woo-entry-image clr\">\n\t\t<a href=\"https:\/\/voyagedelabaleine.fr\/es\/producto\/ranita-de-bebe-de-tartan-burdeos\/\" class=\"woocommerce-LoopProduct-link\"><img decoding=\"async\" width=\"600\" height=\"800\" src=\"https:\/\/voyagedelabaleine.fr\/wp-content\/uploads\/2024\/10\/Capture-decran-2024-10-11-a-11.37.56-fotor-2024101111382-600x800.jpg\" class=\"woo-entry-image-main\" alt=\"Ranita de beb\u00e9 de tart\u00e1n &#8211; Burdeos\" itemprop=\"image\" srcset=\"https:\/\/voyagedelabaleine.fr\/wp-content\/uploads\/2024\/10\/Capture-decran-2024-10-11-a-11.37.56-fotor-2024101111382-600x800.jpg 600w, https:\/\/voyagedelabaleine.fr\/wp-content\/uploads\/2024\/10\/Capture-decran-2024-10-11-a-11.37.56-fotor-2024101111382-225x300.jpg 225w, https:\/\/voyagedelabaleine.fr\/wp-content\/uploads\/2024\/10\/Capture-decran-2024-10-11-a-11.37.56-fotor-2024101111382-768x1024.jpg 768w, https:\/\/voyagedelabaleine.fr\/wp-content\/uploads\/2024\/10\/Capture-decran-2024-10-11-a-11.37.56-fotor-2024101111382.jpg 864w\" sizes=\"(max-width: 600px) 100vw, 600px\" \/><img decoding=\"async\" width=\"600\" height=\"800\" src=\"https:\/\/voyagedelabaleine.fr\/wp-content\/uploads\/2024\/10\/30660-fotor-20250127145724-600x800.jpg\" class=\"woo-entry-image-secondary\" alt=\"Ranita de beb\u00e9 de tart\u00e1n &#8211; Burdeos\" itemprop=\"image\" srcset=\"https:\/\/voyagedelabaleine.fr\/wp-content\/uploads\/2024\/10\/30660-fotor-20250127145724-600x801.jpg 600w, https:\/\/voyagedelabaleine.fr\/wp-content\/uploads\/2024\/10\/30660-fotor-20250127145724-225x300.jpg 225w, https:\/\/voyagedelabaleine.fr\/wp-content\/uploads\/2024\/10\/30660-fotor-20250127145724-767x1024.jpg 767w, https:\/\/voyagedelabaleine.fr\/wp-content\/uploads\/2024\/10\/30660-fotor-20250127145724-768x1025.jpg 768w, https:\/\/voyagedelabaleine.fr\/wp-content\/uploads\/2024\/10\/30660-fotor-20250127145724.jpg 900w\" sizes=\"(max-width: 600px) 100vw, 600px\" \/><\/a>\t<\/div><!-- .woo-entry-image-swap -->\n\n<ul class=\"woo-entry-inner clr\"><li class=\"image-wrap\">\n\t<div class=\"woo-entry-image-swap woo-entry-image clr\">\n\t\t<a href=\"https:\/\/voyagedelabaleine.fr\/es\/producto\/ranita-de-bebe-de-tartan-burdeos\/\" class=\"woocommerce-LoopProduct-link\"><img decoding=\"async\" width=\"600\" height=\"800\" src=\"https:\/\/voyagedelabaleine.fr\/wp-content\/uploads\/2024\/10\/Capture-decran-2024-10-11-a-11.37.56-fotor-2024101111382-600x800.jpg\" class=\"woo-entry-image-main\" alt=\"Ranita de beb\u00e9 de tart\u00e1n &#8211; Burdeos\" itemprop=\"image\" srcset=\"https:\/\/voyagedelabaleine.fr\/wp-content\/uploads\/2024\/10\/Capture-decran-2024-10-11-a-11.37.56-fotor-2024101111382-600x800.jpg 600w, https:\/\/voyagedelabaleine.fr\/wp-content\/uploads\/2024\/10\/Capture-decran-2024-10-11-a-11.37.56-fotor-2024101111382-225x300.jpg 225w, https:\/\/voyagedelabaleine.fr\/wp-content\/uploads\/2024\/10\/Capture-decran-2024-10-11-a-11.37.56-fotor-2024101111382-768x1024.jpg 768w, https:\/\/voyagedelabaleine.fr\/wp-content\/uploads\/2024\/10\/Capture-decran-2024-10-11-a-11.37.56-fotor-2024101111382.jpg 864w\" sizes=\"(max-width: 600px) 100vw, 600px\" \/><img decoding=\"async\" width=\"600\" height=\"800\" src=\"https:\/\/voyagedelabaleine.fr\/wp-content\/uploads\/2024\/10\/30660-fotor-20250127145724-600x800.jpg\" class=\"woo-entry-image-secondary\" alt=\"Ranita de beb\u00e9 de tart\u00e1n &#8211; Burdeos\" itemprop=\"image\" srcset=\"https:\/\/voyagedelabaleine.fr\/wp-content\/uploads\/2024\/10\/30660-fotor-20250127145724-600x801.jpg 600w, https:\/\/voyagedelabaleine.fr\/wp-content\/uploads\/2024\/10\/30660-fotor-20250127145724-225x300.jpg 225w, https:\/\/voyagedelabaleine.fr\/wp-content\/uploads\/2024\/10\/30660-fotor-20250127145724-767x1024.jpg 767w, https:\/\/voyagedelabaleine.fr\/wp-content\/uploads\/2024\/10\/30660-fotor-20250127145724-768x1025.jpg 768w, https:\/\/voyagedelabaleine.fr\/wp-content\/uploads\/2024\/10\/30660-fotor-20250127145724.jpg 900w\" sizes=\"(max-width: 600px) 100vw, 600px\" \/><\/a>\t<\/div><!-- .woo-entry-image-swap -->\n\n<\/li><li class=\"title\"><h2><a href=\"https:\/\/voyagedelabaleine.fr\/es\/producto\/ranita-de-bebe-de-tartan-burdeos\/\">Ranita de beb\u00e9 de tart\u00e1n &#8211; Burdeos<\/a><\/h2><\/li><li class=\"price-wrap\">\n\t<span class=\"price\"><span class=\"woocommerce-Price-amount amount\"><bdi>58<span class=\"woocommerce-Price-currencySymbol\">&euro;<\/span><\/bdi><\/span><\/span>\n<\/li><\/ul><\/div><!-- .product-inner .clr --><\/li>\n<li class=\"entry has-media has-rating col span_1_of_3 owp-content-center owp-thumbs-layout-vertical owp-btn-big owp-tabs-layout-vertical circle-sale product type-product post-33948 status-publish last instock product_cat-calcetines-leotardos-nacimiento product_cat-calcetines-leotardos-nacimiento-nina product_cat-calcetines-leotardos-nacimiento-nino product_cat-calcetines-leotardos-bebe-nina product_cat-calcetines-leotardos-bebe-nino product_cat-calcetines-leotardos-bebes-ninos has-post-thumbnail taxable shipping-taxable purchasable product-type-variable has-default-attributes\">\n\t<div class=\"product-inner clr\">\n\t<div class=\"woo-entry-image-swap woo-entry-image clr\">\n\t\t<a href=\"https:\/\/voyagedelabaleine.fr\/es\/producto\/leotardos-de-bebe-acanalados-burdeos\/\" class=\"woocommerce-LoopProduct-link\"><img decoding=\"async\" width=\"600\" height=\"800\" src=\"https:\/\/voyagedelabaleine.fr\/wp-content\/uploads\/2024\/09\/collant-bebe-cotele-bordeaux-600x800.jpg\" class=\"woo-entry-image-main\" alt=\"Leotardos de beb\u00e9 acanalados &#8211; Burdeos\" itemprop=\"image\" srcset=\"https:\/\/voyagedelabaleine.fr\/wp-content\/uploads\/2024\/09\/collant-bebe-cotele-bordeaux-600x800.jpg 600w, https:\/\/voyagedelabaleine.fr\/wp-content\/uploads\/2024\/09\/collant-bebe-cotele-bordeaux-225x300.jpg 225w, https:\/\/voyagedelabaleine.fr\/wp-content\/uploads\/2024\/09\/collant-bebe-cotele-bordeaux-768x1024.jpg 768w, https:\/\/voyagedelabaleine.fr\/wp-content\/uploads\/2024\/09\/collant-bebe-cotele-bordeaux.jpg 855w\" sizes=\"(max-width: 600px) 100vw, 600px\" \/><img decoding=\"async\" width=\"600\" height=\"800\" src=\"https:\/\/voyagedelabaleine.fr\/wp-content\/uploads\/2024\/09\/collant-bebe-cotele-bordeaux-2-1-600x800.jpg\" class=\"woo-entry-image-secondary\" alt=\"Leotardos de beb\u00e9 acanalados &#8211; Burdeos\" itemprop=\"image\" srcset=\"https:\/\/voyagedelabaleine.fr\/wp-content\/uploads\/2024\/09\/collant-bebe-cotele-bordeaux-2-1-600x800.jpg 600w, https:\/\/voyagedelabaleine.fr\/wp-content\/uploads\/2024\/09\/collant-bebe-cotele-bordeaux-2-1-225x300.jpg 225w, https:\/\/voyagedelabaleine.fr\/wp-content\/uploads\/2024\/09\/collant-bebe-cotele-bordeaux-2-1-768x1024.jpg 768w, https:\/\/voyagedelabaleine.fr\/wp-content\/uploads\/2024\/09\/collant-bebe-cotele-bordeaux-2-1.jpg 855w\" sizes=\"(max-width: 600px) 100vw, 600px\" \/><\/a>\t<\/div><!-- .woo-entry-image-swap -->\n\n<ul class=\"woo-entry-inner clr\"><li class=\"image-wrap\">\n\t<div class=\"woo-entry-image-swap woo-entry-image clr\">\n\t\t<a href=\"https:\/\/voyagedelabaleine.fr\/es\/producto\/leotardos-de-bebe-acanalados-burdeos\/\" class=\"woocommerce-LoopProduct-link\"><img decoding=\"async\" width=\"600\" height=\"800\" src=\"https:\/\/voyagedelabaleine.fr\/wp-content\/uploads\/2024\/09\/collant-bebe-cotele-bordeaux-600x800.jpg\" class=\"woo-entry-image-main\" alt=\"Leotardos de beb\u00e9 acanalados &#8211; Burdeos\" itemprop=\"image\" srcset=\"https:\/\/voyagedelabaleine.fr\/wp-content\/uploads\/2024\/09\/collant-bebe-cotele-bordeaux-600x800.jpg 600w, https:\/\/voyagedelabaleine.fr\/wp-content\/uploads\/2024\/09\/collant-bebe-cotele-bordeaux-225x300.jpg 225w, https:\/\/voyagedelabaleine.fr\/wp-content\/uploads\/2024\/09\/collant-bebe-cotele-bordeaux-768x1024.jpg 768w, https:\/\/voyagedelabaleine.fr\/wp-content\/uploads\/2024\/09\/collant-bebe-cotele-bordeaux.jpg 855w\" sizes=\"(max-width: 600px) 100vw, 600px\" \/><img decoding=\"async\" width=\"600\" height=\"800\" src=\"https:\/\/voyagedelabaleine.fr\/wp-content\/uploads\/2024\/09\/collant-bebe-cotele-bordeaux-2-1-600x800.jpg\" class=\"woo-entry-image-secondary\" alt=\"Leotardos de beb\u00e9 acanalados &#8211; Burdeos\" itemprop=\"image\" srcset=\"https:\/\/voyagedelabaleine.fr\/wp-content\/uploads\/2024\/09\/collant-bebe-cotele-bordeaux-2-1-600x800.jpg 600w, https:\/\/voyagedelabaleine.fr\/wp-content\/uploads\/2024\/09\/collant-bebe-cotele-bordeaux-2-1-225x300.jpg 225w, https:\/\/voyagedelabaleine.fr\/wp-content\/uploads\/2024\/09\/collant-bebe-cotele-bordeaux-2-1-768x1024.jpg 768w, https:\/\/voyagedelabaleine.fr\/wp-content\/uploads\/2024\/09\/collant-bebe-cotele-bordeaux-2-1.jpg 855w\" sizes=\"(max-width: 600px) 100vw, 600px\" \/><\/a>\t<\/div><!-- .woo-entry-image-swap -->\n\n<\/li><li class=\"title\"><h2><a href=\"https:\/\/voyagedelabaleine.fr\/es\/producto\/leotardos-de-bebe-acanalados-burdeos\/\">Leotardos de beb\u00e9 acanalados &#8211; Burdeos<\/a><\/h2><\/li><li class=\"price-wrap\">\n\t<span class=\"price\"><span class=\"woocommerce-Price-amount amount\"><bdi>14<span class=\"woocommerce-Price-currencySymbol\">&euro;<\/span><\/bdi><\/span><\/span>\n<\/li><\/ul><\/div><!-- .product-inner .clr --><\/li>\n<\/ul>\n<\/div><\/div>\n\t\t\t\t\t\t<\/div>\n\t\t\t\t<\/div>\n\t\t<div class=\"elementor-element elementor-element-9ebbaca e-con-full e-flex e-con e-parent\" data-id=\"9ebbaca\" data-element_type=\"container\" data-e-type=\"container\">\n\t\t\t\t<div class=\"elementor-element elementor-element-5cdac4e elementor-widget-divider--separator-type-pattern elementor-widget-divider--view-line elementor-widget elementor-widget-divider\" data-id=\"5cdac4e\" data-element_type=\"widget\" data-e-type=\"widget\" data-widget_type=\"divider.default\">\n\t\t\t\t\t\t\t<div class=\"elementor-divider\" style=\"--divider-pattern-url: url(&quot;data:image\/svg+xml,%3Csvg xmlns=&#039;http:\/\/www.w3.org\/2000\/svg&#039; preserveAspectRatio=&#039;none&#039; overflow=&#039;visible&#039; height=&#039;100%&#039; viewBox=&#039;0 0 24 24&#039; fill=&#039;black&#039; stroke=&#039;none&#039;%3E%3Cpath d=&#039;M12.7,2.3c-0.4-0.4-1.1-0.4-1.5,0l-8,9.1c-0.3,0.4-0.3,0.9,0,1.2l8,9.1c0.4,0.4,1.1,0.4,1.5,0l8-9.1c0.3-0.4,0.3-0.9,0-1.2L12.7,2.3z&#039;\/%3E%3C\/svg%3E&quot;);\">\n\t\t\t<span class=\"elementor-divider-separator\">\n\t\t\t\t\t\t<\/span>\n\t\t<\/div>\n\t\t\t\t\t\t<\/div>\n\t\t\t\t<div class=\"elementor-element elementor-element-baf6810 elementor-widget elementor-widget-heading\" data-id=\"baf6810\" data-element_type=\"widget\" data-e-type=\"widget\" data-widget_type=\"heading.default\">\n\t\t\t\t\t<h2 class=\"elementor-heading-title elementor-size-default\">Nido de dulzura<\/h2>\t\t\t\t<\/div>\n\t\t\t\t<div class=\"elementor-element elementor-element-c1efceb elementor-widget__width-initial elementor-widget-mobile__width-inherit elementor-widget elementor-widget-shortcode\" data-id=\"c1efceb\" data-element_type=\"widget\" data-e-type=\"widget\" data-widget_type=\"shortcode.default\">\n\t\t\t\t\t\t\t<div class=\"elementor-shortcode\"><div class=\"woocommerce columns-2 \">\r\n<ul class=\"products oceanwp-row clr grid tablet-col tablet-2-col mobile-col mobile-2-col\">\r\n<li class=\"entry has-media col span_1_of_2 owp-content-center owp-thumbs-layout-vertical owp-btn-big owp-tabs-layout-vertical circle-sale product type-product post-32134 status-publish first instock product_cat-conjuntos-nacimiento product_cat-conjuntos-nacimiento-nina product_cat-conjuntos-bebe product_cat-conjuntos-bebe-nina product_cat-jersey-chaleco-cardigan-nacimiento product_cat-jersey-chaleco-cardigan-nacimiento-nina product_cat-jersey-chaleco-cardigan-bebe product_cat-jersey-chaleco-cardigan-bebe-nina product_cat-pololo-short-pantalon-nacimiento product_cat-pololo-short-pantalon-nacimiento-nina product_cat-pololo-short-y-pantalon-bebe product_cat-pololo-short-pantalon-bebe-nina product_cat-ropa has-post-thumbnail taxable shipping-taxable purchasable product-type-variable has-default-attributes\">\n\t<div class=\"product-inner clr\">\n\t<div class=\"woo-entry-image-swap woo-entry-image clr\">\n\t\t<a href=\"https:\/\/voyagedelabaleine.fr\/es\/producto\/conjunto-de-nacimiento-de-punto-en-lana-merina-rosa\/\" class=\"woocommerce-LoopProduct-link\"><img decoding=\"async\" width=\"600\" height=\"800\" src=\"https:\/\/voyagedelabaleine.fr\/wp-content\/uploads\/2024\/09\/ensemble-naissance-laine-merinos-rose-2-600x800.jpg\" class=\"woo-entry-image-main\" alt=\"Conjunto de nacimiento de punto en lana merina &#8211; Rosa\" itemprop=\"image\" srcset=\"https:\/\/voyagedelabaleine.fr\/wp-content\/uploads\/2024\/09\/ensemble-naissance-laine-merinos-rose-2-600x800.jpg 600w, https:\/\/voyagedelabaleine.fr\/wp-content\/uploads\/2024\/09\/ensemble-naissance-laine-merinos-rose-2-225x300.jpg 225w, https:\/\/voyagedelabaleine.fr\/wp-content\/uploads\/2024\/09\/ensemble-naissance-laine-merinos-rose-2-768x1024.jpg 768w, https:\/\/voyagedelabaleine.fr\/wp-content\/uploads\/2024\/09\/ensemble-naissance-laine-merinos-rose-2-1152x1536.jpg 1152w, https:\/\/voyagedelabaleine.fr\/wp-content\/uploads\/2024\/09\/ensemble-naissance-laine-merinos-rose-2.jpg 1162w\" sizes=\"(max-width: 600px) 100vw, 600px\" \/><img decoding=\"async\" width=\"600\" height=\"800\" src=\"https:\/\/voyagedelabaleine.fr\/wp-content\/uploads\/2024\/09\/ensemble-naissance-laine-merinos-rose-1-600x800.jpg\" class=\"woo-entry-image-secondary\" alt=\"Conjunto de nacimiento de punto en lana merina &#8211; Rosa\" itemprop=\"image\" srcset=\"https:\/\/voyagedelabaleine.fr\/wp-content\/uploads\/2024\/09\/ensemble-naissance-laine-merinos-rose-1-600x800.jpg 600w, https:\/\/voyagedelabaleine.fr\/wp-content\/uploads\/2024\/09\/ensemble-naissance-laine-merinos-rose-1-225x300.jpg 225w, https:\/\/voyagedelabaleine.fr\/wp-content\/uploads\/2024\/09\/ensemble-naissance-laine-merinos-rose-1-768x1024.jpg 768w, https:\/\/voyagedelabaleine.fr\/wp-content\/uploads\/2024\/09\/ensemble-naissance-laine-merinos-rose-1.jpg 1100w\" sizes=\"(max-width: 600px) 100vw, 600px\" \/><\/a>\t<\/div><!-- .woo-entry-image-swap -->\n\n<ul class=\"woo-entry-inner clr\"><li class=\"image-wrap\">\n\t<div class=\"woo-entry-image-swap woo-entry-image clr\">\n\t\t<a href=\"https:\/\/voyagedelabaleine.fr\/es\/producto\/conjunto-de-nacimiento-de-punto-en-lana-merina-rosa\/\" class=\"woocommerce-LoopProduct-link\"><img decoding=\"async\" width=\"600\" height=\"800\" src=\"https:\/\/voyagedelabaleine.fr\/wp-content\/uploads\/2024\/09\/ensemble-naissance-laine-merinos-rose-2-600x800.jpg\" class=\"woo-entry-image-main\" alt=\"Conjunto de nacimiento de punto en lana merina &#8211; Rosa\" itemprop=\"image\" srcset=\"https:\/\/voyagedelabaleine.fr\/wp-content\/uploads\/2024\/09\/ensemble-naissance-laine-merinos-rose-2-600x800.jpg 600w, https:\/\/voyagedelabaleine.fr\/wp-content\/uploads\/2024\/09\/ensemble-naissance-laine-merinos-rose-2-225x300.jpg 225w, https:\/\/voyagedelabaleine.fr\/wp-content\/uploads\/2024\/09\/ensemble-naissance-laine-merinos-rose-2-768x1024.jpg 768w, https:\/\/voyagedelabaleine.fr\/wp-content\/uploads\/2024\/09\/ensemble-naissance-laine-merinos-rose-2-1152x1536.jpg 1152w, https:\/\/voyagedelabaleine.fr\/wp-content\/uploads\/2024\/09\/ensemble-naissance-laine-merinos-rose-2.jpg 1162w\" sizes=\"(max-width: 600px) 100vw, 600px\" \/><img decoding=\"async\" width=\"600\" height=\"800\" src=\"https:\/\/voyagedelabaleine.fr\/wp-content\/uploads\/2024\/09\/ensemble-naissance-laine-merinos-rose-1-600x800.jpg\" class=\"woo-entry-image-secondary\" alt=\"Conjunto de nacimiento de punto en lana merina &#8211; Rosa\" itemprop=\"image\" srcset=\"https:\/\/voyagedelabaleine.fr\/wp-content\/uploads\/2024\/09\/ensemble-naissance-laine-merinos-rose-1-600x800.jpg 600w, https:\/\/voyagedelabaleine.fr\/wp-content\/uploads\/2024\/09\/ensemble-naissance-laine-merinos-rose-1-225x300.jpg 225w, https:\/\/voyagedelabaleine.fr\/wp-content\/uploads\/2024\/09\/ensemble-naissance-laine-merinos-rose-1-768x1024.jpg 768w, https:\/\/voyagedelabaleine.fr\/wp-content\/uploads\/2024\/09\/ensemble-naissance-laine-merinos-rose-1.jpg 1100w\" sizes=\"(max-width: 600px) 100vw, 600px\" \/><\/a>\t<\/div><!-- .woo-entry-image-swap -->\n\n<\/li><li class=\"title\"><h2><a href=\"https:\/\/voyagedelabaleine.fr\/es\/producto\/conjunto-de-nacimiento-de-punto-en-lana-merina-rosa\/\">Conjunto de nacimiento de punto en lana merina &#8211; Rosa<\/a><\/h2><\/li><li class=\"price-wrap\">\n\t<span class=\"price\"><span class=\"woocommerce-Price-amount amount\"><bdi>66<span class=\"woocommerce-Price-currencySymbol\">&euro;<\/span><\/bdi><\/span><\/span>\n<\/li><\/ul><\/div><!-- .product-inner .clr --><\/li>\n<li class=\"entry has-media col span_1_of_2 owp-content-center owp-thumbs-layout-vertical owp-btn-big owp-tabs-layout-vertical circle-sale product type-product post-34010 status-publish last instock product_cat-body product_cat-body-nacimiento product_cat-body-nacimiento-nina product_cat-body-nacimiento-nino product_cat-body-bebe product_cat-body-bebe-nina product_cat-body-bebe-nino has-post-thumbnail taxable shipping-taxable purchasable product-type-variable has-default-attributes\">\n\t<div class=\"product-inner clr\">\n\t<div class=\"woo-entry-image-swap woo-entry-image clr\">\n\t\t<a href=\"https:\/\/voyagedelabaleine.fr\/es\/producto\/body-de-bebe-de-manga-larga-con-cuello-redondo-y-ribete-blanco-blanco\/\" class=\"woocommerce-LoopProduct-link\"><img decoding=\"async\" width=\"600\" height=\"800\" src=\"https:\/\/voyagedelabaleine.fr\/wp-content\/uploads\/2024\/07\/body-bebe-col-lisere-blanc-1-600x800.jpg\" class=\"woo-entry-image-main\" alt=\"Body de beb\u00e9 de manga larga con cuello redondo y ribete blanco &#8211; Blanco\" itemprop=\"image\" srcset=\"https:\/\/voyagedelabaleine.fr\/wp-content\/uploads\/2024\/07\/body-bebe-col-lisere-blanc-1-600x800.jpg 600w, https:\/\/voyagedelabaleine.fr\/wp-content\/uploads\/2024\/07\/body-bebe-col-lisere-blanc-1-225x300.jpg 225w, https:\/\/voyagedelabaleine.fr\/wp-content\/uploads\/2024\/07\/body-bebe-col-lisere-blanc-1-768x1024.jpg 768w, https:\/\/voyagedelabaleine.fr\/wp-content\/uploads\/2024\/07\/body-bebe-col-lisere-blanc-1.jpg 1148w\" sizes=\"(max-width: 600px) 100vw, 600px\" \/><img decoding=\"async\" width=\"600\" height=\"800\" src=\"https:\/\/voyagedelabaleine.fr\/wp-content\/uploads\/2024\/07\/body-col-lisere-blanc-1-600x800.jpg\" class=\"woo-entry-image-secondary\" alt=\"Body de beb\u00e9 de manga larga con cuello redondo y ribete blanco &#8211; Blanco\" itemprop=\"image\" srcset=\"https:\/\/voyagedelabaleine.fr\/wp-content\/uploads\/2024\/07\/body-col-lisere-blanc-1-600x799.jpg 600w, https:\/\/voyagedelabaleine.fr\/wp-content\/uploads\/2024\/07\/body-col-lisere-blanc-1-225x300.jpg 225w, https:\/\/voyagedelabaleine.fr\/wp-content\/uploads\/2024\/07\/body-col-lisere-blanc-1-769x1024.jpg 769w, https:\/\/voyagedelabaleine.fr\/wp-content\/uploads\/2024\/07\/body-col-lisere-blanc-1-768x1023.jpg 768w, https:\/\/voyagedelabaleine.fr\/wp-content\/uploads\/2024\/07\/body-col-lisere-blanc-1.jpg 1020w\" sizes=\"(max-width: 600px) 100vw, 600px\" \/><\/a>\t<\/div><!-- .woo-entry-image-swap -->\n\n<ul class=\"woo-entry-inner clr\"><li class=\"image-wrap\">\n\t<div class=\"woo-entry-image-swap woo-entry-image clr\">\n\t\t<a href=\"https:\/\/voyagedelabaleine.fr\/es\/producto\/body-de-bebe-de-manga-larga-con-cuello-redondo-y-ribete-blanco-blanco\/\" class=\"woocommerce-LoopProduct-link\"><img decoding=\"async\" width=\"600\" height=\"800\" src=\"https:\/\/voyagedelabaleine.fr\/wp-content\/uploads\/2024\/07\/body-bebe-col-lisere-blanc-1-600x800.jpg\" class=\"woo-entry-image-main\" alt=\"Body de beb\u00e9 de manga larga con cuello redondo y ribete blanco &#8211; Blanco\" itemprop=\"image\" srcset=\"https:\/\/voyagedelabaleine.fr\/wp-content\/uploads\/2024\/07\/body-bebe-col-lisere-blanc-1-600x800.jpg 600w, https:\/\/voyagedelabaleine.fr\/wp-content\/uploads\/2024\/07\/body-bebe-col-lisere-blanc-1-225x300.jpg 225w, https:\/\/voyagedelabaleine.fr\/wp-content\/uploads\/2024\/07\/body-bebe-col-lisere-blanc-1-768x1024.jpg 768w, https:\/\/voyagedelabaleine.fr\/wp-content\/uploads\/2024\/07\/body-bebe-col-lisere-blanc-1.jpg 1148w\" sizes=\"(max-width: 600px) 100vw, 600px\" \/><img decoding=\"async\" width=\"600\" height=\"800\" src=\"https:\/\/voyagedelabaleine.fr\/wp-content\/uploads\/2024\/07\/body-col-lisere-blanc-1-600x800.jpg\" class=\"woo-entry-image-secondary\" alt=\"Body de beb\u00e9 de manga larga con cuello redondo y ribete blanco &#8211; Blanco\" itemprop=\"image\" srcset=\"https:\/\/voyagedelabaleine.fr\/wp-content\/uploads\/2024\/07\/body-col-lisere-blanc-1-600x799.jpg 600w, https:\/\/voyagedelabaleine.fr\/wp-content\/uploads\/2024\/07\/body-col-lisere-blanc-1-225x300.jpg 225w, https:\/\/voyagedelabaleine.fr\/wp-content\/uploads\/2024\/07\/body-col-lisere-blanc-1-769x1024.jpg 769w, https:\/\/voyagedelabaleine.fr\/wp-content\/uploads\/2024\/07\/body-col-lisere-blanc-1-768x1023.jpg 768w, https:\/\/voyagedelabaleine.fr\/wp-content\/uploads\/2024\/07\/body-col-lisere-blanc-1.jpg 1020w\" sizes=\"(max-width: 600px) 100vw, 600px\" \/><\/a>\t<\/div><!-- .woo-entry-image-swap -->\n\n<\/li><li class=\"title\"><h2><a href=\"https:\/\/voyagedelabaleine.fr\/es\/producto\/body-de-bebe-de-manga-larga-con-cuello-redondo-y-ribete-blanco-blanco\/\">Body de beb\u00e9 de manga larga con cuello redondo y ribete blanco &#8211; Blanco<\/a><\/h2><\/li><li class=\"price-wrap\">\n\t<span class=\"price\"><span class=\"woocommerce-Price-amount amount\"><bdi>20<span class=\"woocommerce-Price-currencySymbol\">&euro;<\/span><\/bdi><\/span><\/span>\n<\/li><\/ul><\/div><!-- .product-inner .clr --><\/li>\n<\/ul>\n<\/div><\/div>\n\t\t\t\t\t\t<\/div>\n\t\t\t\t<\/div>\n\t\t<div class=\"elementor-element elementor-element-a16e60b e-con-full e-flex e-con e-parent\" data-id=\"a16e60b\" data-element_type=\"container\" data-e-type=\"container\">\n\t\t\t\t<div class=\"elementor-element elementor-element-03b1844 elementor-widget-divider--separator-type-pattern elementor-widget-divider--view-line elementor-widget elementor-widget-divider\" data-id=\"03b1844\" data-element_type=\"widget\" data-e-type=\"widget\" data-widget_type=\"divider.default\">\n\t\t\t\t\t\t\t<div class=\"elementor-divider\" style=\"--divider-pattern-url: url(&quot;data:image\/svg+xml,%3Csvg xmlns=&#039;http:\/\/www.w3.org\/2000\/svg&#039; preserveAspectRatio=&#039;none&#039; overflow=&#039;visible&#039; height=&#039;100%&#039; viewBox=&#039;0 0 24 24&#039; fill=&#039;black&#039; stroke=&#039;none&#039;%3E%3Cpath d=&#039;M12.7,2.3c-0.4-0.4-1.1-0.4-1.5,0l-8,9.1c-0.3,0.4-0.3,0.9,0,1.2l8,9.1c0.4,0.4,1.1,0.4,1.5,0l8-9.1c0.3-0.4,0.3-0.9,0-1.2L12.7,2.3z&#039;\/%3E%3C\/svg%3E&quot;);\">\n\t\t\t<span class=\"elementor-divider-separator\">\n\t\t\t\t\t\t<\/span>\n\t\t<\/div>\n\t\t\t\t\t\t<\/div>\n\t\t\t\t<div class=\"elementor-element elementor-element-e9b6a89 elementor-widget elementor-widget-heading\" data-id=\"e9b6a89\" data-element_type=\"widget\" data-e-type=\"widget\" data-widget_type=\"heading.default\">\n\t\t\t\t\t<h2 class=\"elementor-heading-title elementor-size-default\">Primeros d\u00edas en rosa tierno<\/h2>\t\t\t\t<\/div>\n\t\t\t\t<div class=\"elementor-element elementor-element-c45f002 elementor-widget elementor-widget-shortcode\" data-id=\"c45f002\" data-element_type=\"widget\" data-e-type=\"widget\" data-widget_type=\"shortcode.default\">\n\t\t\t\t\t\t\t<div class=\"elementor-shortcode\"><div class=\"woocommerce columns-3 \">\r\n<ul class=\"products oceanwp-row clr grid tablet-col tablet-2-col mobile-col mobile-2-col\">\r\n<li class=\"entry has-media col span_1_of_3 owp-content-center owp-thumbs-layout-vertical owp-btn-big owp-tabs-layout-vertical circle-sale product type-product post-28984 status-publish first instock product_cat-body product_cat-body-nacimiento product_cat-body-nacimiento-nina product_cat-body-bebe product_cat-body-bebe-nina has-post-thumbnail taxable shipping-taxable purchasable product-type-variable has-default-attributes\">\n\t<div class=\"product-inner clr\">\n\t<div class=\"woo-entry-image-swap woo-entry-image clr\">\n\t\t<a href=\"https:\/\/voyagedelabaleine.fr\/es\/producto\/body-de-bebe-nina-de-manga-corta-con-cuello-smock-blanco\/\" class=\"woocommerce-LoopProduct-link\"><img decoding=\"async\" width=\"600\" height=\"800\" src=\"https:\/\/voyagedelabaleine.fr\/wp-content\/uploads\/2025\/06\/body-colerette-smocks-2-2-600x800.jpg\" class=\"woo-entry-image-main\" alt=\"Body de beb\u00e9 ni\u00f1a de manga corta con cuello smock: blanco\" itemprop=\"image\" srcset=\"https:\/\/voyagedelabaleine.fr\/wp-content\/uploads\/2025\/06\/body-colerette-smocks-2-2-600x800.jpg 600w, https:\/\/voyagedelabaleine.fr\/wp-content\/uploads\/2025\/06\/body-colerette-smocks-2-2-225x300.jpg 225w, https:\/\/voyagedelabaleine.fr\/wp-content\/uploads\/2025\/06\/body-colerette-smocks-2-2-768x1024.jpg 768w, https:\/\/voyagedelabaleine.fr\/wp-content\/uploads\/2025\/06\/body-colerette-smocks-2-2-1152x1536.jpg 1152w, https:\/\/voyagedelabaleine.fr\/wp-content\/uploads\/2025\/06\/body-colerette-smocks-2-2.jpg 1425w\" sizes=\"(max-width: 600px) 100vw, 600px\" \/><img decoding=\"async\" width=\"600\" height=\"800\" src=\"https:\/\/voyagedelabaleine.fr\/wp-content\/uploads\/2025\/06\/body-colerette-smocks-1-600x800.jpg\" class=\"woo-entry-image-secondary\" alt=\"Body de beb\u00e9 ni\u00f1a de manga corta con cuello smock: blanco\" itemprop=\"image\" srcset=\"https:\/\/voyagedelabaleine.fr\/wp-content\/uploads\/2025\/06\/body-colerette-smocks-1-600x800.jpg 600w, https:\/\/voyagedelabaleine.fr\/wp-content\/uploads\/2025\/06\/body-colerette-smocks-1-225x300.jpg 225w, https:\/\/voyagedelabaleine.fr\/wp-content\/uploads\/2025\/06\/body-colerette-smocks-1-768x1024.jpg 768w, https:\/\/voyagedelabaleine.fr\/wp-content\/uploads\/2025\/06\/body-colerette-smocks-1.jpg 928w\" sizes=\"(max-width: 600px) 100vw, 600px\" \/><\/a>\t<\/div><!-- .woo-entry-image-swap -->\n\n<ul class=\"woo-entry-inner clr\"><li class=\"image-wrap\">\n\t<div class=\"woo-entry-image-swap woo-entry-image clr\">\n\t\t<a href=\"https:\/\/voyagedelabaleine.fr\/es\/producto\/body-de-bebe-nina-de-manga-corta-con-cuello-smock-blanco\/\" class=\"woocommerce-LoopProduct-link\"><img decoding=\"async\" width=\"600\" height=\"800\" src=\"https:\/\/voyagedelabaleine.fr\/wp-content\/uploads\/2025\/06\/body-colerette-smocks-2-2-600x800.jpg\" class=\"woo-entry-image-main\" alt=\"Body de beb\u00e9 ni\u00f1a de manga corta con cuello smock: blanco\" itemprop=\"image\" srcset=\"https:\/\/voyagedelabaleine.fr\/wp-content\/uploads\/2025\/06\/body-colerette-smocks-2-2-600x800.jpg 600w, https:\/\/voyagedelabaleine.fr\/wp-content\/uploads\/2025\/06\/body-colerette-smocks-2-2-225x300.jpg 225w, https:\/\/voyagedelabaleine.fr\/wp-content\/uploads\/2025\/06\/body-colerette-smocks-2-2-768x1024.jpg 768w, https:\/\/voyagedelabaleine.fr\/wp-content\/uploads\/2025\/06\/body-colerette-smocks-2-2-1152x1536.jpg 1152w, https:\/\/voyagedelabaleine.fr\/wp-content\/uploads\/2025\/06\/body-colerette-smocks-2-2.jpg 1425w\" sizes=\"(max-width: 600px) 100vw, 600px\" \/><img decoding=\"async\" width=\"600\" height=\"800\" src=\"https:\/\/voyagedelabaleine.fr\/wp-content\/uploads\/2025\/06\/body-colerette-smocks-1-600x800.jpg\" class=\"woo-entry-image-secondary\" alt=\"Body de beb\u00e9 ni\u00f1a de manga corta con cuello smock: blanco\" itemprop=\"image\" srcset=\"https:\/\/voyagedelabaleine.fr\/wp-content\/uploads\/2025\/06\/body-colerette-smocks-1-600x800.jpg 600w, https:\/\/voyagedelabaleine.fr\/wp-content\/uploads\/2025\/06\/body-colerette-smocks-1-225x300.jpg 225w, https:\/\/voyagedelabaleine.fr\/wp-content\/uploads\/2025\/06\/body-colerette-smocks-1-768x1024.jpg 768w, https:\/\/voyagedelabaleine.fr\/wp-content\/uploads\/2025\/06\/body-colerette-smocks-1.jpg 928w\" sizes=\"(max-width: 600px) 100vw, 600px\" \/><\/a>\t<\/div><!-- .woo-entry-image-swap -->\n\n<\/li><li class=\"title\"><h2><a href=\"https:\/\/voyagedelabaleine.fr\/es\/producto\/body-de-bebe-nina-de-manga-corta-con-cuello-smock-blanco\/\">Body de beb\u00e9 ni\u00f1a de manga corta con cuello smock: blanco<\/a><\/h2><\/li><li class=\"price-wrap\">\n\t<span class=\"price\"><span class=\"woocommerce-Price-amount amount\"><bdi>28<span class=\"woocommerce-Price-currencySymbol\">&euro;<\/span><\/bdi><\/span><\/span>\n<\/li><\/ul><\/div><!-- .product-inner .clr --><\/li>\n<li class=\"entry has-media col span_1_of_3 owp-content-center owp-thumbs-layout-vertical owp-btn-big owp-tabs-layout-vertical circle-sale product type-product post-30169 status-publish instock product_cat-zapatitos-nacimiento product_cat-zapatitos-nacimiento-nina product_cat-zapatitos-nacimiento-nino product_cat-zapatitos-bebe product_cat-zapatitos-bebe-nina product_cat-zapatitos-bebe-nino has-post-thumbnail taxable shipping-taxable purchasable product-type-variable has-default-attributes\">\n\t<div class=\"product-inner clr\">\n\t<div class=\"woo-entry-image-swap woo-entry-image clr\">\n\t\t<a href=\"https:\/\/voyagedelabaleine.fr\/es\/producto\/zapatillas-de-bebe-ligeras-de-lino-natural\/\" class=\"woocommerce-LoopProduct-link\"><img decoding=\"async\" width=\"600\" height=\"800\" src=\"https:\/\/voyagedelabaleine.fr\/wp-content\/uploads\/2025\/06\/chaussons-lin-beige-1-600x800.jpg\" class=\"woo-entry-image-main\" alt=\"Zapatillas de beb\u00e9 ligeras de lino &#8211; Natural\" itemprop=\"image\" srcset=\"https:\/\/voyagedelabaleine.fr\/wp-content\/uploads\/2025\/06\/chaussons-lin-beige-1-600x801.jpg 600w, https:\/\/voyagedelabaleine.fr\/wp-content\/uploads\/2025\/06\/chaussons-lin-beige-1-225x300.jpg 225w, https:\/\/voyagedelabaleine.fr\/wp-content\/uploads\/2025\/06\/chaussons-lin-beige-1-768x1025.jpg 768w, https:\/\/voyagedelabaleine.fr\/wp-content\/uploads\/2025\/06\/chaussons-lin-beige-1-1151x1536.jpg 1151w, https:\/\/voyagedelabaleine.fr\/wp-content\/uploads\/2025\/06\/chaussons-lin-beige-1.jpg 1200w\" sizes=\"(max-width: 600px) 100vw, 600px\" \/><img decoding=\"async\" width=\"600\" height=\"800\" src=\"https:\/\/voyagedelabaleine.fr\/wp-content\/uploads\/2025\/06\/chaussons-lin-beige-4-600x800.jpg\" class=\"woo-entry-image-secondary\" alt=\"Zapatillas de beb\u00e9 ligeras de lino &#8211; Natural\" itemprop=\"image\" srcset=\"https:\/\/voyagedelabaleine.fr\/wp-content\/uploads\/2025\/06\/chaussons-lin-beige-4-600x800.jpg 600w, https:\/\/voyagedelabaleine.fr\/wp-content\/uploads\/2025\/06\/chaussons-lin-beige-4-225x300.jpg 225w, https:\/\/voyagedelabaleine.fr\/wp-content\/uploads\/2025\/06\/chaussons-lin-beige-4-768x1024.jpg 768w, https:\/\/voyagedelabaleine.fr\/wp-content\/uploads\/2025\/06\/chaussons-lin-beige-4-1152x1536.jpg 1152w, https:\/\/voyagedelabaleine.fr\/wp-content\/uploads\/2025\/06\/chaussons-lin-beige-4.jpg 1200w\" sizes=\"(max-width: 600px) 100vw, 600px\" \/><\/a>\t<\/div><!-- .woo-entry-image-swap -->\n\n<ul class=\"woo-entry-inner clr\"><li class=\"image-wrap\">\n\t<div class=\"woo-entry-image-swap woo-entry-image clr\">\n\t\t<a href=\"https:\/\/voyagedelabaleine.fr\/es\/producto\/zapatillas-de-bebe-ligeras-de-lino-natural\/\" class=\"woocommerce-LoopProduct-link\"><img decoding=\"async\" width=\"600\" height=\"800\" src=\"https:\/\/voyagedelabaleine.fr\/wp-content\/uploads\/2025\/06\/chaussons-lin-beige-1-600x800.jpg\" class=\"woo-entry-image-main\" alt=\"Zapatillas de beb\u00e9 ligeras de lino &#8211; Natural\" itemprop=\"image\" srcset=\"https:\/\/voyagedelabaleine.fr\/wp-content\/uploads\/2025\/06\/chaussons-lin-beige-1-600x801.jpg 600w, https:\/\/voyagedelabaleine.fr\/wp-content\/uploads\/2025\/06\/chaussons-lin-beige-1-225x300.jpg 225w, https:\/\/voyagedelabaleine.fr\/wp-content\/uploads\/2025\/06\/chaussons-lin-beige-1-768x1025.jpg 768w, https:\/\/voyagedelabaleine.fr\/wp-content\/uploads\/2025\/06\/chaussons-lin-beige-1-1151x1536.jpg 1151w, https:\/\/voyagedelabaleine.fr\/wp-content\/uploads\/2025\/06\/chaussons-lin-beige-1.jpg 1200w\" sizes=\"(max-width: 600px) 100vw, 600px\" \/><img decoding=\"async\" width=\"600\" height=\"800\" src=\"https:\/\/voyagedelabaleine.fr\/wp-content\/uploads\/2025\/06\/chaussons-lin-beige-4-600x800.jpg\" class=\"woo-entry-image-secondary\" alt=\"Zapatillas de beb\u00e9 ligeras de lino &#8211; Natural\" itemprop=\"image\" srcset=\"https:\/\/voyagedelabaleine.fr\/wp-content\/uploads\/2025\/06\/chaussons-lin-beige-4-600x800.jpg 600w, https:\/\/voyagedelabaleine.fr\/wp-content\/uploads\/2025\/06\/chaussons-lin-beige-4-225x300.jpg 225w, https:\/\/voyagedelabaleine.fr\/wp-content\/uploads\/2025\/06\/chaussons-lin-beige-4-768x1024.jpg 768w, https:\/\/voyagedelabaleine.fr\/wp-content\/uploads\/2025\/06\/chaussons-lin-beige-4-1152x1536.jpg 1152w, https:\/\/voyagedelabaleine.fr\/wp-content\/uploads\/2025\/06\/chaussons-lin-beige-4.jpg 1200w\" sizes=\"(max-width: 600px) 100vw, 600px\" \/><\/a>\t<\/div><!-- .woo-entry-image-swap -->\n\n<\/li><li class=\"title\"><h2><a href=\"https:\/\/voyagedelabaleine.fr\/es\/producto\/zapatillas-de-bebe-ligeras-de-lino-natural\/\">Zapatillas de beb\u00e9 ligeras de lino &#8211; Natural<\/a><\/h2><\/li><li class=\"price-wrap\">\n\t<span class=\"price\"><span class=\"woocommerce-Price-amount amount\"><bdi>34<span class=\"woocommerce-Price-currencySymbol\">&euro;<\/span><\/bdi><\/span><\/span>\n<\/li><\/ul><\/div><!-- .product-inner .clr --><\/li>\n<li class=\"entry has-media has-rating col span_1_of_3 owp-content-center owp-thumbs-layout-vertical owp-btn-big owp-tabs-layout-vertical circle-sale product type-product post-30019 status-publish last instock product_cat-pololo-short-pantalon-nacimiento product_cat-pololo-short-pantalon-nacimiento-nina product_cat-pololo-short-y-pantalon-bebe product_cat-pololo-short-pantalon-bebe-nina product_cat-ropa has-post-thumbnail taxable shipping-taxable purchasable product-type-variable has-default-attributes\">\n\t<div class=\"product-inner clr\">\n\t<div class=\"woo-entry-image-swap woo-entry-image clr\">\n\t\t<a href=\"https:\/\/voyagedelabaleine.fr\/es\/producto\/cubrepanal-de-bebe-nina-con-lazo-nude\/\" class=\"woocommerce-LoopProduct-link\"><img decoding=\"async\" width=\"600\" height=\"800\" src=\"https:\/\/voyagedelabaleine.fr\/wp-content\/uploads\/2025\/01\/bloomer-noeud-point-mousse-2-600x800.jpg\" class=\"woo-entry-image-main\" alt=\"Cubrepa\u00f1al de beb\u00e9 ni\u00f1a con lazo &#8211; Nude\" itemprop=\"image\" srcset=\"https:\/\/voyagedelabaleine.fr\/wp-content\/uploads\/2025\/01\/bloomer-noeud-point-mousse-2-600x800.jpg 600w, https:\/\/voyagedelabaleine.fr\/wp-content\/uploads\/2025\/01\/bloomer-noeud-point-mousse-2-225x300.jpg 225w, https:\/\/voyagedelabaleine.fr\/wp-content\/uploads\/2025\/01\/bloomer-noeud-point-mousse-2-768x1024.jpg 768w, https:\/\/voyagedelabaleine.fr\/wp-content\/uploads\/2025\/01\/bloomer-noeud-point-mousse-2.jpg 1152w\" sizes=\"(max-width: 600px) 100vw, 600px\" \/><img decoding=\"async\" width=\"600\" height=\"800\" src=\"https:\/\/voyagedelabaleine.fr\/wp-content\/uploads\/2025\/01\/bloomer-noeud-point-mousse-1-600x800.jpg\" class=\"woo-entry-image-secondary\" alt=\"Cubrepa\u00f1al de beb\u00e9 ni\u00f1a con lazo &#8211; Nude\" itemprop=\"image\" srcset=\"https:\/\/voyagedelabaleine.fr\/wp-content\/uploads\/2025\/01\/bloomer-noeud-point-mousse-1-600x800.jpg 600w, https:\/\/voyagedelabaleine.fr\/wp-content\/uploads\/2025\/01\/bloomer-noeud-point-mousse-1-225x300.jpg 225w, https:\/\/voyagedelabaleine.fr\/wp-content\/uploads\/2025\/01\/bloomer-noeud-point-mousse-1-768x1024.jpg 768w, https:\/\/voyagedelabaleine.fr\/wp-content\/uploads\/2025\/01\/bloomer-noeud-point-mousse-1.jpg 900w\" sizes=\"(max-width: 600px) 100vw, 600px\" \/><\/a>\t<\/div><!-- .woo-entry-image-swap -->\n\n<ul class=\"woo-entry-inner clr\"><li class=\"image-wrap\">\n\t<div class=\"woo-entry-image-swap woo-entry-image clr\">\n\t\t<a href=\"https:\/\/voyagedelabaleine.fr\/es\/producto\/cubrepanal-de-bebe-nina-con-lazo-nude\/\" class=\"woocommerce-LoopProduct-link\"><img decoding=\"async\" width=\"600\" height=\"800\" src=\"https:\/\/voyagedelabaleine.fr\/wp-content\/uploads\/2025\/01\/bloomer-noeud-point-mousse-2-600x800.jpg\" class=\"woo-entry-image-main\" alt=\"Cubrepa\u00f1al de beb\u00e9 ni\u00f1a con lazo &#8211; Nude\" itemprop=\"image\" srcset=\"https:\/\/voyagedelabaleine.fr\/wp-content\/uploads\/2025\/01\/bloomer-noeud-point-mousse-2-600x800.jpg 600w, https:\/\/voyagedelabaleine.fr\/wp-content\/uploads\/2025\/01\/bloomer-noeud-point-mousse-2-225x300.jpg 225w, https:\/\/voyagedelabaleine.fr\/wp-content\/uploads\/2025\/01\/bloomer-noeud-point-mousse-2-768x1024.jpg 768w, https:\/\/voyagedelabaleine.fr\/wp-content\/uploads\/2025\/01\/bloomer-noeud-point-mousse-2.jpg 1152w\" sizes=\"(max-width: 600px) 100vw, 600px\" \/><img decoding=\"async\" width=\"600\" height=\"800\" src=\"https:\/\/voyagedelabaleine.fr\/wp-content\/uploads\/2025\/01\/bloomer-noeud-point-mousse-1-600x800.jpg\" class=\"woo-entry-image-secondary\" alt=\"Cubrepa\u00f1al de beb\u00e9 ni\u00f1a con lazo &#8211; Nude\" itemprop=\"image\" srcset=\"https:\/\/voyagedelabaleine.fr\/wp-content\/uploads\/2025\/01\/bloomer-noeud-point-mousse-1-600x800.jpg 600w, https:\/\/voyagedelabaleine.fr\/wp-content\/uploads\/2025\/01\/bloomer-noeud-point-mousse-1-225x300.jpg 225w, https:\/\/voyagedelabaleine.fr\/wp-content\/uploads\/2025\/01\/bloomer-noeud-point-mousse-1-768x1024.jpg 768w, https:\/\/voyagedelabaleine.fr\/wp-content\/uploads\/2025\/01\/bloomer-noeud-point-mousse-1.jpg 900w\" sizes=\"(max-width: 600px) 100vw, 600px\" \/><\/a>\t<\/div><!-- .woo-entry-image-swap -->\n\n<\/li><li class=\"title\"><h2><a href=\"https:\/\/voyagedelabaleine.fr\/es\/producto\/cubrepanal-de-bebe-nina-con-lazo-nude\/\">Cubrepa\u00f1al de beb\u00e9 ni\u00f1a con lazo &#8211; Nude<\/a><\/h2><\/li><li class=\"price-wrap\">\n\t<span class=\"price\"><span class=\"woocommerce-Price-amount amount\"><bdi>32<span class=\"woocommerce-Price-currencySymbol\">&euro;<\/span><\/bdi><\/span><\/span>\n<\/li><\/ul><\/div><!-- .product-inner .clr --><\/li>\n<\/ul>\n<\/div><\/div>\n\t\t\t\t\t\t<\/div>\n\t\t\t\t<\/div>\n\t\t<div class=\"elementor-element elementor-element-1e02ee0 e-con-full e-flex e-con e-parent\" data-id=\"1e02ee0\" data-element_type=\"container\" data-e-type=\"container\">\n\t\t\t\t<div class=\"elementor-element elementor-element-23730f9 elementor-widget-divider--separator-type-pattern elementor-widget-divider--view-line elementor-widget elementor-widget-divider\" data-id=\"23730f9\" data-element_type=\"widget\" data-e-type=\"widget\" data-widget_type=\"divider.default\">\n\t\t\t\t\t\t\t<div class=\"elementor-divider\" style=\"--divider-pattern-url: url(&quot;data:image\/svg+xml,%3Csvg xmlns=&#039;http:\/\/www.w3.org\/2000\/svg&#039; preserveAspectRatio=&#039;none&#039; overflow=&#039;visible&#039; height=&#039;100%&#039; viewBox=&#039;0 0 24 24&#039; fill=&#039;black&#039; stroke=&#039;none&#039;%3E%3Cpath d=&#039;M12.7,2.3c-0.4-0.4-1.1-0.4-1.5,0l-8,9.1c-0.3,0.4-0.3,0.9,0,1.2l8,9.1c0.4,0.4,1.1,0.4,1.5,0l8-9.1c0.3-0.4,0.3-0.9,0-1.2L12.7,2.3z&#039;\/%3E%3C\/svg%3E&quot;);\">\n\t\t\t<span class=\"elementor-divider-separator\">\n\t\t\t\t\t\t<\/span>\n\t\t<\/div>\n\t\t\t\t\t\t<\/div>\n\t\t\t\t<div class=\"elementor-element elementor-element-9351cb5 elementor-widget elementor-widget-heading\" data-id=\"9351cb5\" data-element_type=\"widget\" data-e-type=\"widget\" data-widget_type=\"heading.default\">\n\t\t\t\t\t<h2 class=\"elementor-heading-title elementor-size-default\">Un soplo de lino y de algod\u00f3n<\/h2>\t\t\t\t<\/div>\n\t\t\t\t<div class=\"elementor-element elementor-element-a070f8c elementor-widget__width-initial elementor-widget-mobile__width-inherit elementor-widget elementor-widget-shortcode\" data-id=\"a070f8c\" data-element_type=\"widget\" data-e-type=\"widget\" data-widget_type=\"shortcode.default\">\n\t\t\t\t\t\t\t<div class=\"elementor-shortcode\"><div class=\"woocommerce columns-2 \">\r\n<ul class=\"products oceanwp-row clr grid tablet-col tablet-2-col mobile-col mobile-2-col\">\r\n<li class=\"entry has-media col span_1_of_2 owp-content-center owp-thumbs-layout-vertical owp-btn-big owp-tabs-layout-vertical circle-sale product type-product post-29418 status-publish first instock product_cat-zapatitos-nacimiento product_cat-zapatitos-nacimiento-nina product_cat-zapatitos-nacimiento-nino product_cat-zapatitos-bebe product_cat-zapatitos-bebe-nina product_cat-zapatitos-bebe-nino has-post-thumbnail taxable shipping-taxable purchasable product-type-variable has-default-attributes\">\n\t<div class=\"product-inner clr\">\n\t<div class=\"woo-entry-image-swap woo-entry-image clr\">\n\t\t<a href=\"https:\/\/voyagedelabaleine.fr\/es\/producto\/zapatillas-de-bebe-ligeras-de-lino-blanco\/\" class=\"woocommerce-LoopProduct-link\"><img decoding=\"async\" width=\"600\" height=\"800\" src=\"https:\/\/voyagedelabaleine.fr\/wp-content\/uploads\/2025\/06\/chaussons-bebe-lin-blanc-4-600x800.jpg\" class=\"woo-entry-image-main\" alt=\"Zapatillas de beb\u00e9 ligeras de lino &#8211; Blanco\" itemprop=\"image\" srcset=\"https:\/\/voyagedelabaleine.fr\/wp-content\/uploads\/2025\/06\/chaussons-bebe-lin-blanc-4-600x800.jpg 600w, https:\/\/voyagedelabaleine.fr\/wp-content\/uploads\/2025\/06\/chaussons-bebe-lin-blanc-4-225x300.jpg 225w, https:\/\/voyagedelabaleine.fr\/wp-content\/uploads\/2025\/06\/chaussons-bebe-lin-blanc-4-768x1024.jpg 768w, https:\/\/voyagedelabaleine.fr\/wp-content\/uploads\/2025\/06\/chaussons-bebe-lin-blanc-4-1152x1536.jpg 1152w, https:\/\/voyagedelabaleine.fr\/wp-content\/uploads\/2025\/06\/chaussons-bebe-lin-blanc-4.jpg 1400w\" sizes=\"(max-width: 600px) 100vw, 600px\" \/><img decoding=\"async\" width=\"600\" height=\"800\" src=\"https:\/\/voyagedelabaleine.fr\/wp-content\/uploads\/2025\/06\/chaussons-bebe-lin-blanc-3-1-600x800.jpg\" class=\"woo-entry-image-secondary\" alt=\"Zapatillas de beb\u00e9 ligeras de lino &#8211; Blanco\" itemprop=\"image\" srcset=\"https:\/\/voyagedelabaleine.fr\/wp-content\/uploads\/2025\/06\/chaussons-bebe-lin-blanc-3-1-600x800.jpg 600w, https:\/\/voyagedelabaleine.fr\/wp-content\/uploads\/2025\/06\/chaussons-bebe-lin-blanc-3-1-225x300.jpg 225w, https:\/\/voyagedelabaleine.fr\/wp-content\/uploads\/2025\/06\/chaussons-bebe-lin-blanc-3-1-768x1024.jpg 768w, https:\/\/voyagedelabaleine.fr\/wp-content\/uploads\/2025\/06\/chaussons-bebe-lin-blanc-3-1-1152x1536.jpg 1152w, https:\/\/voyagedelabaleine.fr\/wp-content\/uploads\/2025\/06\/chaussons-bebe-lin-blanc-3-1.jpg 1300w\" sizes=\"(max-width: 600px) 100vw, 600px\" \/><\/a>\t<\/div><!-- .woo-entry-image-swap -->\n\n<ul class=\"woo-entry-inner clr\"><li class=\"image-wrap\">\n\t<div class=\"woo-entry-image-swap woo-entry-image clr\">\n\t\t<a href=\"https:\/\/voyagedelabaleine.fr\/es\/producto\/zapatillas-de-bebe-ligeras-de-lino-blanco\/\" class=\"woocommerce-LoopProduct-link\"><img decoding=\"async\" width=\"600\" height=\"800\" src=\"https:\/\/voyagedelabaleine.fr\/wp-content\/uploads\/2025\/06\/chaussons-bebe-lin-blanc-4-600x800.jpg\" class=\"woo-entry-image-main\" alt=\"Zapatillas de beb\u00e9 ligeras de lino &#8211; Blanco\" itemprop=\"image\" srcset=\"https:\/\/voyagedelabaleine.fr\/wp-content\/uploads\/2025\/06\/chaussons-bebe-lin-blanc-4-600x800.jpg 600w, https:\/\/voyagedelabaleine.fr\/wp-content\/uploads\/2025\/06\/chaussons-bebe-lin-blanc-4-225x300.jpg 225w, https:\/\/voyagedelabaleine.fr\/wp-content\/uploads\/2025\/06\/chaussons-bebe-lin-blanc-4-768x1024.jpg 768w, https:\/\/voyagedelabaleine.fr\/wp-content\/uploads\/2025\/06\/chaussons-bebe-lin-blanc-4-1152x1536.jpg 1152w, https:\/\/voyagedelabaleine.fr\/wp-content\/uploads\/2025\/06\/chaussons-bebe-lin-blanc-4.jpg 1400w\" sizes=\"(max-width: 600px) 100vw, 600px\" \/><img decoding=\"async\" width=\"600\" height=\"800\" src=\"https:\/\/voyagedelabaleine.fr\/wp-content\/uploads\/2025\/06\/chaussons-bebe-lin-blanc-3-1-600x800.jpg\" class=\"woo-entry-image-secondary\" alt=\"Zapatillas de beb\u00e9 ligeras de lino &#8211; Blanco\" itemprop=\"image\" srcset=\"https:\/\/voyagedelabaleine.fr\/wp-content\/uploads\/2025\/06\/chaussons-bebe-lin-blanc-3-1-600x800.jpg 600w, https:\/\/voyagedelabaleine.fr\/wp-content\/uploads\/2025\/06\/chaussons-bebe-lin-blanc-3-1-225x300.jpg 225w, https:\/\/voyagedelabaleine.fr\/wp-content\/uploads\/2025\/06\/chaussons-bebe-lin-blanc-3-1-768x1024.jpg 768w, https:\/\/voyagedelabaleine.fr\/wp-content\/uploads\/2025\/06\/chaussons-bebe-lin-blanc-3-1-1152x1536.jpg 1152w, https:\/\/voyagedelabaleine.fr\/wp-content\/uploads\/2025\/06\/chaussons-bebe-lin-blanc-3-1.jpg 1300w\" sizes=\"(max-width: 600px) 100vw, 600px\" \/><\/a>\t<\/div><!-- .woo-entry-image-swap -->\n\n<\/li><li class=\"title\"><h2><a href=\"https:\/\/voyagedelabaleine.fr\/es\/producto\/zapatillas-de-bebe-ligeras-de-lino-blanco\/\">Zapatillas de beb\u00e9 ligeras de lino &#8211; Blanco<\/a><\/h2><\/li><li class=\"price-wrap\">\n\t<span class=\"price\"><span class=\"woocommerce-Price-amount amount\"><bdi>34<span class=\"woocommerce-Price-currencySymbol\">&euro;<\/span><\/bdi><\/span><\/span>\n<\/li><\/ul><\/div><!-- .product-inner .clr --><\/li>\n<li class=\"entry has-media has-rating col span_1_of_2 owp-content-center owp-thumbs-layout-vertical owp-btn-big owp-tabs-layout-vertical circle-sale product type-product post-34683 status-publish last instock product_cat-pelele-peto-ranita-nacimiento product_cat-pelele-peto-ranita-nacimiento-nina product_cat-pelele-peto-ranita-bebe product_cat-pelele-peto-ranita-bebe-nina product_cat-ropa has-post-thumbnail taxable shipping-taxable purchasable product-type-variable has-default-attributes\">\n\t<div class=\"product-inner clr\">\n\t<div class=\"woo-entry-image-swap woo-entry-image clr\">\n\t\t<a href=\"https:\/\/voyagedelabaleine.fr\/es\/producto\/ranita-para-bebe-nina-de-algodon-y-lino-azul\/\" class=\"woocommerce-LoopProduct-link\"><img decoding=\"async\" width=\"600\" height=\"800\" src=\"https:\/\/voyagedelabaleine.fr\/wp-content\/uploads\/2025\/01\/barboteuse-bebe-bleu-collerette-600x800.jpg\" class=\"woo-entry-image-main\" alt=\"Ranita para beb\u00e9 ni\u00f1a de algod\u00f3n y lino &#8211; Azul\" itemprop=\"image\" srcset=\"https:\/\/voyagedelabaleine.fr\/wp-content\/uploads\/2025\/01\/barboteuse-bebe-bleu-collerette-600x800.jpg 600w, https:\/\/voyagedelabaleine.fr\/wp-content\/uploads\/2025\/01\/barboteuse-bebe-bleu-collerette-225x300.jpg 225w, https:\/\/voyagedelabaleine.fr\/wp-content\/uploads\/2025\/01\/barboteuse-bebe-bleu-collerette-768x1024.jpg 768w, https:\/\/voyagedelabaleine.fr\/wp-content\/uploads\/2025\/01\/barboteuse-bebe-bleu-collerette.jpg 1003w\" sizes=\"(max-width: 600px) 100vw, 600px\" \/><img decoding=\"async\" width=\"600\" height=\"800\" src=\"https:\/\/voyagedelabaleine.fr\/wp-content\/uploads\/2025\/01\/barboteuse-bebe-bleu-collerette-2-600x800.jpg\" class=\"woo-entry-image-secondary\" alt=\"Ranita para beb\u00e9 ni\u00f1a de algod\u00f3n y lino &#8211; Azul\" itemprop=\"image\" srcset=\"https:\/\/voyagedelabaleine.fr\/wp-content\/uploads\/2025\/01\/barboteuse-bebe-bleu-collerette-2-600x800.jpg 600w, https:\/\/voyagedelabaleine.fr\/wp-content\/uploads\/2025\/01\/barboteuse-bebe-bleu-collerette-2-225x300.jpg 225w, https:\/\/voyagedelabaleine.fr\/wp-content\/uploads\/2025\/01\/barboteuse-bebe-bleu-collerette-2-768x1023.jpg 768w, https:\/\/voyagedelabaleine.fr\/wp-content\/uploads\/2025\/01\/barboteuse-bebe-bleu-collerette-2.jpg 800w\" sizes=\"(max-width: 600px) 100vw, 600px\" \/><\/a>\t<\/div><!-- .woo-entry-image-swap -->\n\n<ul class=\"woo-entry-inner clr\"><li class=\"image-wrap\">\n\t<div class=\"woo-entry-image-swap woo-entry-image clr\">\n\t\t<a href=\"https:\/\/voyagedelabaleine.fr\/es\/producto\/ranita-para-bebe-nina-de-algodon-y-lino-azul\/\" class=\"woocommerce-LoopProduct-link\"><img decoding=\"async\" width=\"600\" height=\"800\" src=\"https:\/\/voyagedelabaleine.fr\/wp-content\/uploads\/2025\/01\/barboteuse-bebe-bleu-collerette-600x800.jpg\" class=\"woo-entry-image-main\" alt=\"Ranita para beb\u00e9 ni\u00f1a de algod\u00f3n y lino &#8211; Azul\" itemprop=\"image\" srcset=\"https:\/\/voyagedelabaleine.fr\/wp-content\/uploads\/2025\/01\/barboteuse-bebe-bleu-collerette-600x800.jpg 600w, https:\/\/voyagedelabaleine.fr\/wp-content\/uploads\/2025\/01\/barboteuse-bebe-bleu-collerette-225x300.jpg 225w, https:\/\/voyagedelabaleine.fr\/wp-content\/uploads\/2025\/01\/barboteuse-bebe-bleu-collerette-768x1024.jpg 768w, https:\/\/voyagedelabaleine.fr\/wp-content\/uploads\/2025\/01\/barboteuse-bebe-bleu-collerette.jpg 1003w\" sizes=\"(max-width: 600px) 100vw, 600px\" \/><img decoding=\"async\" width=\"600\" height=\"800\" src=\"https:\/\/voyagedelabaleine.fr\/wp-content\/uploads\/2025\/01\/barboteuse-bebe-bleu-collerette-2-600x800.jpg\" class=\"woo-entry-image-secondary\" alt=\"Ranita para beb\u00e9 ni\u00f1a de algod\u00f3n y lino &#8211; Azul\" itemprop=\"image\" srcset=\"https:\/\/voyagedelabaleine.fr\/wp-content\/uploads\/2025\/01\/barboteuse-bebe-bleu-collerette-2-600x800.jpg 600w, https:\/\/voyagedelabaleine.fr\/wp-content\/uploads\/2025\/01\/barboteuse-bebe-bleu-collerette-2-225x300.jpg 225w, https:\/\/voyagedelabaleine.fr\/wp-content\/uploads\/2025\/01\/barboteuse-bebe-bleu-collerette-2-768x1023.jpg 768w, https:\/\/voyagedelabaleine.fr\/wp-content\/uploads\/2025\/01\/barboteuse-bebe-bleu-collerette-2.jpg 800w\" sizes=\"(max-width: 600px) 100vw, 600px\" \/><\/a>\t<\/div><!-- .woo-entry-image-swap -->\n\n<\/li><li class=\"title\"><h2><a href=\"https:\/\/voyagedelabaleine.fr\/es\/producto\/ranita-para-bebe-nina-de-algodon-y-lino-azul\/\">Ranita para beb\u00e9 ni\u00f1a de algod\u00f3n y lino &#8211; Azul<\/a><\/h2><\/li><li class=\"price-wrap\">\n\t<span class=\"price\"><span class=\"woocommerce-Price-amount amount\"><bdi>48<span class=\"woocommerce-Price-currencySymbol\">&euro;<\/span><\/bdi><\/span><\/span>\n<\/li><\/ul><\/div><!-- .product-inner .clr --><\/li>\n<\/ul>\n<\/div><\/div>\n\t\t\t\t\t\t<\/div>\n\t\t\t\t<\/div>\n\t\t<div class=\"elementor-element elementor-element-825d1bc e-con-full e-flex e-con e-parent\" data-id=\"825d1bc\" data-element_type=\"container\" data-e-type=\"container\">\n\t\t\t\t<div class=\"elementor-element elementor-element-215f5c5 elementor-widget-divider--separator-type-pattern elementor-widget-divider--view-line elementor-widget elementor-widget-divider\" data-id=\"215f5c5\" data-element_type=\"widget\" data-e-type=\"widget\" data-widget_type=\"divider.default\">\n\t\t\t\t\t\t\t<div class=\"elementor-divider\" style=\"--divider-pattern-url: url(&quot;data:image\/svg+xml,%3Csvg xmlns=&#039;http:\/\/www.w3.org\/2000\/svg&#039; preserveAspectRatio=&#039;none&#039; overflow=&#039;visible&#039; height=&#039;100%&#039; viewBox=&#039;0 0 24 24&#039; fill=&#039;black&#039; stroke=&#039;none&#039;%3E%3Cpath d=&#039;M12.7,2.3c-0.4-0.4-1.1-0.4-1.5,0l-8,9.1c-0.3,0.4-0.3,0.9,0,1.2l8,9.1c0.4,0.4,1.1,0.4,1.5,0l8-9.1c0.3-0.4,0.3-0.9,0-1.2L12.7,2.3z&#039;\/%3E%3C\/svg%3E&quot;);\">\n\t\t\t<span class=\"elementor-divider-separator\">\n\t\t\t\t\t\t<\/span>\n\t\t<\/div>\n\t\t\t\t\t\t<\/div>\n\t\t\t\t<div class=\"elementor-element elementor-element-f4937aa elementor-widget elementor-widget-heading\" data-id=\"f4937aa\" data-element_type=\"widget\" data-e-type=\"widget\" data-widget_type=\"heading.default\">\n\t\t\t\t\t<h2 class=\"elementor-heading-title elementor-size-default\">La elegancia en l\u00edneas suaves<\/h2>\t\t\t\t<\/div>\n\t\t\t\t<div class=\"elementor-element elementor-element-ce9f080 elementor-widget__width-initial elementor-widget-mobile__width-inherit elementor-widget elementor-widget-shortcode\" data-id=\"ce9f080\" data-element_type=\"widget\" data-e-type=\"widget\" data-widget_type=\"shortcode.default\">\n\t\t\t\t\t\t\t<div class=\"elementor-shortcode\"><div class=\"woocommerce columns-2 \">\r\n<ul class=\"products oceanwp-row clr grid tablet-col tablet-2-col mobile-col mobile-2-col\">\r\n<li class=\"entry has-media col span_1_of_2 owp-content-center owp-thumbs-layout-vertical owp-btn-big owp-tabs-layout-vertical circle-sale product type-product post-29959 status-publish first instock product_cat-jersey-chaleco-cardigan-nacimiento product_cat-jersey-chaleco-cardigan-nacimiento-nina product_cat-jersey-chaleco-cardigan-nacimiento-nino product_cat-jersey-chaleco-cardigan-bebe product_cat-jersey-chaleco-cardigan-bebe-nina product_cat-jersey-chaleco-cardigan-bebe-nino product_cat-jersey-chaleco-cardigan-nina product_cat-jersey-chaleco-cardigan-nino product_cat-jersey-chaleco-cardigan-ninos product_cat-ropa product_cat-ultima-oportunidad has-post-thumbnail taxable shipping-taxable purchasable product-type-variable has-default-attributes\">\n\t<div class=\"product-inner clr\">\n\t<div class=\"woo-entry-image-swap woo-entry-image clr\">\n\t\t<a href=\"https:\/\/voyagedelabaleine.fr\/es\/producto\/chaleco-de-punto-bobo-para-bebe-nina-creme\/\" class=\"woocommerce-LoopProduct-link\"><img decoding=\"async\" width=\"600\" height=\"800\" src=\"https:\/\/voyagedelabaleine.fr\/wp-content\/uploads\/2025\/01\/gilet-bebe-creme-600x800.jpg\" class=\"woo-entry-image-main\" alt=\"Chaleco de punto bobo para beb\u00e9 ni\u00f1a &#8211; Cr\u00e8me\" itemprop=\"image\" srcset=\"https:\/\/voyagedelabaleine.fr\/wp-content\/uploads\/2025\/01\/gilet-bebe-creme-600x800.jpg 600w, https:\/\/voyagedelabaleine.fr\/wp-content\/uploads\/2025\/01\/gilet-bebe-creme-225x300.jpg 225w, https:\/\/voyagedelabaleine.fr\/wp-content\/uploads\/2025\/01\/gilet-bebe-creme-768x1024.jpg 768w, https:\/\/voyagedelabaleine.fr\/wp-content\/uploads\/2025\/01\/gilet-bebe-creme.jpg 855w\" sizes=\"(max-width: 600px) 100vw, 600px\" \/><img decoding=\"async\" width=\"600\" height=\"800\" src=\"https:\/\/voyagedelabaleine.fr\/wp-content\/uploads\/2025\/01\/gilet-bebe-creme-1-600x800.jpg\" class=\"woo-entry-image-secondary\" alt=\"Chaleco de punto bobo para beb\u00e9 ni\u00f1a &#8211; Cr\u00e8me\" itemprop=\"image\" srcset=\"https:\/\/voyagedelabaleine.fr\/wp-content\/uploads\/2025\/01\/gilet-bebe-creme-1-600x800.jpg 600w, https:\/\/voyagedelabaleine.fr\/wp-content\/uploads\/2025\/01\/gilet-bebe-creme-1-225x300.jpg 225w, https:\/\/voyagedelabaleine.fr\/wp-content\/uploads\/2025\/01\/gilet-bebe-creme-1-768x1024.jpg 768w, https:\/\/voyagedelabaleine.fr\/wp-content\/uploads\/2025\/01\/gilet-bebe-creme-1.jpg 855w\" sizes=\"(max-width: 600px) 100vw, 600px\" \/><\/a>\t<\/div><!-- .woo-entry-image-swap -->\n\n<ul class=\"woo-entry-inner clr\"><li class=\"image-wrap\">\n\t<div class=\"woo-entry-image-swap woo-entry-image clr\">\n\t\t<a href=\"https:\/\/voyagedelabaleine.fr\/es\/producto\/chaleco-de-punto-bobo-para-bebe-nina-creme\/\" class=\"woocommerce-LoopProduct-link\"><img decoding=\"async\" width=\"600\" height=\"800\" src=\"https:\/\/voyagedelabaleine.fr\/wp-content\/uploads\/2025\/01\/gilet-bebe-creme-600x800.jpg\" class=\"woo-entry-image-main\" alt=\"Chaleco de punto bobo para beb\u00e9 ni\u00f1a &#8211; Cr\u00e8me\" itemprop=\"image\" srcset=\"https:\/\/voyagedelabaleine.fr\/wp-content\/uploads\/2025\/01\/gilet-bebe-creme-600x800.jpg 600w, https:\/\/voyagedelabaleine.fr\/wp-content\/uploads\/2025\/01\/gilet-bebe-creme-225x300.jpg 225w, https:\/\/voyagedelabaleine.fr\/wp-content\/uploads\/2025\/01\/gilet-bebe-creme-768x1024.jpg 768w, https:\/\/voyagedelabaleine.fr\/wp-content\/uploads\/2025\/01\/gilet-bebe-creme.jpg 855w\" sizes=\"(max-width: 600px) 100vw, 600px\" \/><img decoding=\"async\" width=\"600\" height=\"800\" src=\"https:\/\/voyagedelabaleine.fr\/wp-content\/uploads\/2025\/01\/gilet-bebe-creme-1-600x800.jpg\" class=\"woo-entry-image-secondary\" alt=\"Chaleco de punto bobo para beb\u00e9 ni\u00f1a &#8211; Cr\u00e8me\" itemprop=\"image\" srcset=\"https:\/\/voyagedelabaleine.fr\/wp-content\/uploads\/2025\/01\/gilet-bebe-creme-1-600x800.jpg 600w, https:\/\/voyagedelabaleine.fr\/wp-content\/uploads\/2025\/01\/gilet-bebe-creme-1-225x300.jpg 225w, https:\/\/voyagedelabaleine.fr\/wp-content\/uploads\/2025\/01\/gilet-bebe-creme-1-768x1024.jpg 768w, https:\/\/voyagedelabaleine.fr\/wp-content\/uploads\/2025\/01\/gilet-bebe-creme-1.jpg 855w\" sizes=\"(max-width: 600px) 100vw, 600px\" \/><\/a>\t<\/div><!-- .woo-entry-image-swap -->\n\n<\/li><li class=\"title\"><h2><a href=\"https:\/\/voyagedelabaleine.fr\/es\/producto\/chaleco-de-punto-bobo-para-bebe-nina-creme\/\">Chaleco de punto bobo para beb\u00e9 ni\u00f1a &#8211; Cr\u00e8me<\/a><\/h2><\/li><li class=\"price-wrap\">\n\t<span class=\"price\"><span class=\"woocommerce-Price-amount amount\"><bdi>38<span class=\"woocommerce-Price-currencySymbol\">&euro;<\/span><\/bdi><\/span><\/span>\n<\/li><\/ul><\/div><!-- .product-inner .clr --><\/li>\n<li class=\"entry has-media col span_1_of_2 owp-content-center owp-thumbs-layout-vertical owp-btn-big owp-tabs-layout-vertical circle-sale product type-product post-30630 status-publish last instock product_cat-bebe-nina product_cat-nina product_cat-ropa product_cat-vestido-bebe-nina product_cat-vestido-nina has-post-thumbnail taxable shipping-taxable purchasable product-type-variable has-default-attributes\">\n\t<div class=\"product-inner clr\">\n\t<div class=\"woo-entry-image-swap woo-entry-image clr\">\n\t\t<a href=\"https:\/\/voyagedelabaleine.fr\/es\/producto\/vestido-de-bebe-nina-de-rayas-rosa-salmon-blanco\/\" class=\"woocommerce-LoopProduct-link\"><img decoding=\"async\" width=\"600\" height=\"800\" src=\"https:\/\/voyagedelabaleine.fr\/wp-content\/uploads\/2025\/06\/robe-bebe-fille-saumon-600x800.jpg\" class=\"woo-entry-image-main\" alt=\"Vestido de beb\u00e9 ni\u00f1a de rayas &#8211; Rosa salm\u00f3n\/blanco\" itemprop=\"image\" srcset=\"https:\/\/voyagedelabaleine.fr\/wp-content\/uploads\/2025\/06\/robe-bebe-fille-saumon-600x800.jpg 600w, https:\/\/voyagedelabaleine.fr\/wp-content\/uploads\/2025\/06\/robe-bebe-fille-saumon-225x300.jpg 225w, https:\/\/voyagedelabaleine.fr\/wp-content\/uploads\/2025\/06\/robe-bebe-fille-saumon-768x1024.jpg 768w, https:\/\/voyagedelabaleine.fr\/wp-content\/uploads\/2025\/06\/robe-bebe-fille-saumon.jpg 1000w\" sizes=\"(max-width: 600px) 100vw, 600px\" \/><img decoding=\"async\" width=\"600\" height=\"800\" src=\"https:\/\/voyagedelabaleine.fr\/wp-content\/uploads\/2025\/06\/robe-bebe-fille-saumon-1-600x800.jpg\" class=\"woo-entry-image-secondary\" alt=\"Vestido de beb\u00e9 ni\u00f1a de rayas &#8211; Rosa salm\u00f3n\/blanco\" itemprop=\"image\" srcset=\"https:\/\/voyagedelabaleine.fr\/wp-content\/uploads\/2025\/06\/robe-bebe-fille-saumon-1-600x800.jpg 600w, https:\/\/voyagedelabaleine.fr\/wp-content\/uploads\/2025\/06\/robe-bebe-fille-saumon-1-225x300.jpg 225w, https:\/\/voyagedelabaleine.fr\/wp-content\/uploads\/2025\/06\/robe-bebe-fille-saumon-1-768x1024.jpg 768w, https:\/\/voyagedelabaleine.fr\/wp-content\/uploads\/2025\/06\/robe-bebe-fille-saumon-1.jpg 1000w\" sizes=\"(max-width: 600px) 100vw, 600px\" \/><\/a>\t<\/div><!-- .woo-entry-image-swap -->\n\n<ul class=\"woo-entry-inner clr\"><li class=\"image-wrap\">\n\t<div class=\"woo-entry-image-swap woo-entry-image clr\">\n\t\t<a href=\"https:\/\/voyagedelabaleine.fr\/es\/producto\/vestido-de-bebe-nina-de-rayas-rosa-salmon-blanco\/\" class=\"woocommerce-LoopProduct-link\"><img decoding=\"async\" width=\"600\" height=\"800\" src=\"https:\/\/voyagedelabaleine.fr\/wp-content\/uploads\/2025\/06\/robe-bebe-fille-saumon-600x800.jpg\" class=\"woo-entry-image-main\" alt=\"Vestido de beb\u00e9 ni\u00f1a de rayas &#8211; Rosa salm\u00f3n\/blanco\" itemprop=\"image\" srcset=\"https:\/\/voyagedelabaleine.fr\/wp-content\/uploads\/2025\/06\/robe-bebe-fille-saumon-600x800.jpg 600w, https:\/\/voyagedelabaleine.fr\/wp-content\/uploads\/2025\/06\/robe-bebe-fille-saumon-225x300.jpg 225w, https:\/\/voyagedelabaleine.fr\/wp-content\/uploads\/2025\/06\/robe-bebe-fille-saumon-768x1024.jpg 768w, https:\/\/voyagedelabaleine.fr\/wp-content\/uploads\/2025\/06\/robe-bebe-fille-saumon.jpg 1000w\" sizes=\"(max-width: 600px) 100vw, 600px\" \/><img decoding=\"async\" width=\"600\" height=\"800\" src=\"https:\/\/voyagedelabaleine.fr\/wp-content\/uploads\/2025\/06\/robe-bebe-fille-saumon-1-600x800.jpg\" class=\"woo-entry-image-secondary\" alt=\"Vestido de beb\u00e9 ni\u00f1a de rayas &#8211; Rosa salm\u00f3n\/blanco\" itemprop=\"image\" srcset=\"https:\/\/voyagedelabaleine.fr\/wp-content\/uploads\/2025\/06\/robe-bebe-fille-saumon-1-600x800.jpg 600w, https:\/\/voyagedelabaleine.fr\/wp-content\/uploads\/2025\/06\/robe-bebe-fille-saumon-1-225x300.jpg 225w, https:\/\/voyagedelabaleine.fr\/wp-content\/uploads\/2025\/06\/robe-bebe-fille-saumon-1-768x1024.jpg 768w, https:\/\/voyagedelabaleine.fr\/wp-content\/uploads\/2025\/06\/robe-bebe-fille-saumon-1.jpg 1000w\" sizes=\"(max-width: 600px) 100vw, 600px\" \/><\/a>\t<\/div><!-- .woo-entry-image-swap -->\n\n<\/li><li class=\"title\"><h2><a href=\"https:\/\/voyagedelabaleine.fr\/es\/producto\/vestido-de-bebe-nina-de-rayas-rosa-salmon-blanco\/\">Vestido de beb\u00e9 ni\u00f1a de rayas &#8211; Rosa salm\u00f3n\/blanco<\/a><\/h2><\/li><li class=\"price-wrap\">\n\t<span class=\"price\"><span class=\"woocommerce-Price-amount amount\"><bdi>68<span class=\"woocommerce-Price-currencySymbol\">&euro;<\/span><\/bdi><\/span><\/span>\n<\/li><\/ul><\/div><!-- .product-inner .clr --><\/li>\n<\/ul>\n<\/div><\/div>\n\t\t\t\t\t\t<\/div>\n\t\t\t\t<\/div>\n\t\t<div class=\"elementor-element elementor-element-707d2e1 e-con-full e-flex e-con e-parent\" data-id=\"707d2e1\" data-element_type=\"container\" data-e-type=\"container\">\n\t\t\t\t<div class=\"elementor-element elementor-element-aed2632 elementor-widget-divider--separator-type-pattern elementor-widget-divider--view-line elementor-widget elementor-widget-divider\" data-id=\"aed2632\" data-element_type=\"widget\" data-e-type=\"widget\" data-widget_type=\"divider.default\">\n\t\t\t\t\t\t\t<div class=\"elementor-divider\" style=\"--divider-pattern-url: url(&quot;data:image\/svg+xml,%3Csvg xmlns=&#039;http:\/\/www.w3.org\/2000\/svg&#039; preserveAspectRatio=&#039;none&#039; overflow=&#039;visible&#039; height=&#039;100%&#039; viewBox=&#039;0 0 24 24&#039; fill=&#039;black&#039; stroke=&#039;none&#039;%3E%3Cpath d=&#039;M12.7,2.3c-0.4-0.4-1.1-0.4-1.5,0l-8,9.1c-0.3,0.4-0.3,0.9,0,1.2l8,9.1c0.4,0.4,1.1,0.4,1.5,0l8-9.1c0.3-0.4,0.3-0.9,0-1.2L12.7,2.3z&#039;\/%3E%3C\/svg%3E&quot;);\">\n\t\t\t<span class=\"elementor-divider-separator\">\n\t\t\t\t\t\t<\/span>\n\t\t<\/div>\n\t\t\t\t\t\t<\/div>\n\t\t\t\t<div class=\"elementor-element elementor-element-81f8fab elementor-widget elementor-widget-heading\" data-id=\"81f8fab\" data-element_type=\"widget\" data-e-type=\"widget\" data-widget_type=\"heading.default\">\n\t\t\t\t\t<h2 class=\"elementor-heading-title elementor-size-default\">Primeros instantes en liberty<\/h2>\t\t\t\t<\/div>\n\t\t\t\t<div class=\"elementor-element elementor-element-15d4a97 elementor-widget elementor-widget-shortcode\" data-id=\"15d4a97\" data-element_type=\"widget\" data-e-type=\"widget\" data-widget_type=\"shortcode.default\">\n\t\t\t\t\t\t\t<div class=\"elementor-shortcode\"><div class=\"woocommerce columns-4 \">\r\n<ul class=\"products oceanwp-row clr grid tablet-col tablet-2-col mobile-col mobile-2-col\">\r\n<li class=\"entry has-media has-rating col span_1_of_4 owp-content-center owp-thumbs-layout-vertical owp-btn-big owp-tabs-layout-vertical circle-sale product type-product post-33798 status-publish first instock product_cat-body product_cat-body-nacimiento product_cat-body-nacimiento-nina product_cat-body-bebe product_cat-body-bebe-nina product_cat-ultima-oportunidad has-post-thumbnail taxable shipping-taxable purchasable product-type-variable has-default-attributes\">\n\t<div class=\"product-inner clr\">\n\t<div class=\"woo-entry-image-swap woo-entry-image clr\">\n\t\t<a href=\"https:\/\/voyagedelabaleine.fr\/es\/producto\/body-de-bebe-nina-con-cuello-redondo-fantasia-blanco\/\" class=\"woocommerce-LoopProduct-link\"><img decoding=\"async\" width=\"600\" height=\"800\" src=\"https:\/\/voyagedelabaleine.fr\/wp-content\/uploads\/2024\/05\/body-bebe-col-fantaisie-600x800.jpg\" class=\"woo-entry-image-main\" alt=\"Body de beb\u00e9 ni\u00f1a con cuello redondo fantas\u00eda &#8211; Blanco\" itemprop=\"image\" srcset=\"https:\/\/voyagedelabaleine.fr\/wp-content\/uploads\/2024\/05\/body-bebe-col-fantaisie-600x800.jpg 600w, https:\/\/voyagedelabaleine.fr\/wp-content\/uploads\/2024\/05\/body-bebe-col-fantaisie-225x300.jpg 225w, https:\/\/voyagedelabaleine.fr\/wp-content\/uploads\/2024\/05\/body-bebe-col-fantaisie-768x1024.jpg 768w, https:\/\/voyagedelabaleine.fr\/wp-content\/uploads\/2024\/05\/body-bebe-col-fantaisie.jpg 877w\" sizes=\"(max-width: 600px) 100vw, 600px\" \/><img decoding=\"async\" width=\"500\" height=\"667\" src=\"https:\/\/voyagedelabaleine.fr\/wp-content\/uploads\/2024\/05\/body-bebe-col-fantaisie-1.jpg\" class=\"woo-entry-image-secondary\" alt=\"Body de beb\u00e9 ni\u00f1a con cuello redondo fantas\u00eda &#8211; Blanco\" itemprop=\"image\" srcset=\"https:\/\/voyagedelabaleine.fr\/wp-content\/uploads\/2024\/05\/body-bebe-col-fantaisie-1.jpg 500w, https:\/\/voyagedelabaleine.fr\/wp-content\/uploads\/2024\/05\/body-bebe-col-fantaisie-1-225x300.jpg 225w\" sizes=\"(max-width: 500px) 100vw, 500px\" \/><\/a>\t<\/div><!-- .woo-entry-image-swap -->\n\n<ul class=\"woo-entry-inner clr\"><li class=\"image-wrap\">\n\t<div class=\"woo-entry-image-swap woo-entry-image clr\">\n\t\t<a href=\"https:\/\/voyagedelabaleine.fr\/es\/producto\/body-de-bebe-nina-con-cuello-redondo-fantasia-blanco\/\" class=\"woocommerce-LoopProduct-link\"><img decoding=\"async\" width=\"600\" height=\"800\" src=\"https:\/\/voyagedelabaleine.fr\/wp-content\/uploads\/2024\/05\/body-bebe-col-fantaisie-600x800.jpg\" class=\"woo-entry-image-main\" alt=\"Body de beb\u00e9 ni\u00f1a con cuello redondo fantas\u00eda &#8211; Blanco\" itemprop=\"image\" srcset=\"https:\/\/voyagedelabaleine.fr\/wp-content\/uploads\/2024\/05\/body-bebe-col-fantaisie-600x800.jpg 600w, https:\/\/voyagedelabaleine.fr\/wp-content\/uploads\/2024\/05\/body-bebe-col-fantaisie-225x300.jpg 225w, https:\/\/voyagedelabaleine.fr\/wp-content\/uploads\/2024\/05\/body-bebe-col-fantaisie-768x1024.jpg 768w, https:\/\/voyagedelabaleine.fr\/wp-content\/uploads\/2024\/05\/body-bebe-col-fantaisie.jpg 877w\" sizes=\"(max-width: 600px) 100vw, 600px\" \/><img decoding=\"async\" width=\"500\" height=\"667\" src=\"https:\/\/voyagedelabaleine.fr\/wp-content\/uploads\/2024\/05\/body-bebe-col-fantaisie-1.jpg\" class=\"woo-entry-image-secondary\" alt=\"Body de beb\u00e9 ni\u00f1a con cuello redondo fantas\u00eda &#8211; Blanco\" itemprop=\"image\" srcset=\"https:\/\/voyagedelabaleine.fr\/wp-content\/uploads\/2024\/05\/body-bebe-col-fantaisie-1.jpg 500w, https:\/\/voyagedelabaleine.fr\/wp-content\/uploads\/2024\/05\/body-bebe-col-fantaisie-1-225x300.jpg 225w\" sizes=\"(max-width: 500px) 100vw, 500px\" \/><\/a>\t<\/div><!-- .woo-entry-image-swap -->\n\n<\/li><li class=\"title\"><h2><a href=\"https:\/\/voyagedelabaleine.fr\/es\/producto\/body-de-bebe-nina-con-cuello-redondo-fantasia-blanco\/\">Body de beb\u00e9 ni\u00f1a con cuello redondo fantas\u00eda &#8211; Blanco<\/a><\/h2><\/li><li class=\"price-wrap\">\n\t<span class=\"price\"><span class=\"woocommerce-Price-amount amount\"><bdi>18<span class=\"woocommerce-Price-currencySymbol\">&euro;<\/span><\/bdi><\/span><\/span>\n<\/li><\/ul><\/div><!-- .product-inner .clr --><\/li>\n<li class=\"entry has-media has-rating col span_1_of_4 owp-content-center owp-thumbs-layout-vertical owp-btn-big owp-tabs-layout-vertical circle-sale product type-product post-32589 status-publish instock product_cat-pololo-short-pantalon-nacimiento product_cat-pololo-short-pantalon-nacimiento-nina product_cat-pololo-short-y-pantalon-bebe product_cat-pololo-short-pantalon-bebe-nina product_cat-ropa has-post-thumbnail taxable shipping-taxable purchasable product-type-variable has-default-attributes\">\n\t<div class=\"product-inner clr\">\n\t<div class=\"woo-entry-image-swap woo-entry-image clr\">\n\t\t<a href=\"https:\/\/voyagedelabaleine.fr\/es\/producto\/bloomer-para-bebe-nina-liberty-azul-cielo\/\" class=\"woocommerce-LoopProduct-link\"><img decoding=\"async\" width=\"600\" height=\"800\" src=\"https:\/\/voyagedelabaleine.fr\/wp-content\/uploads\/2025\/03\/bloomer-liberty-bleu-600x800.jpg\" class=\"woo-entry-image-main\" alt=\"Bloomer para beb\u00e9 ni\u00f1a liberty &#8211; Azul cielo\" itemprop=\"image\" srcset=\"https:\/\/voyagedelabaleine.fr\/wp-content\/uploads\/2025\/03\/bloomer-liberty-bleu-600x800.jpg 600w, https:\/\/voyagedelabaleine.fr\/wp-content\/uploads\/2025\/03\/bloomer-liberty-bleu-225x300.jpg 225w, https:\/\/voyagedelabaleine.fr\/wp-content\/uploads\/2025\/03\/bloomer-liberty-bleu-768x1024.jpg 768w, https:\/\/voyagedelabaleine.fr\/wp-content\/uploads\/2025\/03\/bloomer-liberty-bleu-1152x1536.jpg 1152w, https:\/\/voyagedelabaleine.fr\/wp-content\/uploads\/2025\/03\/bloomer-liberty-bleu.jpg 1533w\" sizes=\"(max-width: 600px) 100vw, 600px\" \/><img decoding=\"async\" width=\"600\" height=\"800\" src=\"https:\/\/voyagedelabaleine.fr\/wp-content\/uploads\/2025\/03\/bloomer-liberty-bleu-2-600x800.jpg\" class=\"woo-entry-image-secondary\" alt=\"Bloomer para beb\u00e9 ni\u00f1a liberty &#8211; Azul cielo\" itemprop=\"image\" srcset=\"https:\/\/voyagedelabaleine.fr\/wp-content\/uploads\/2025\/03\/bloomer-liberty-bleu-2-600x801.jpg 600w, https:\/\/voyagedelabaleine.fr\/wp-content\/uploads\/2025\/03\/bloomer-liberty-bleu-2-225x300.jpg 225w, https:\/\/voyagedelabaleine.fr\/wp-content\/uploads\/2025\/03\/bloomer-liberty-bleu-2.jpg 625w\" sizes=\"(max-width: 600px) 100vw, 600px\" \/><\/a>\t<\/div><!-- .woo-entry-image-swap -->\n\n<ul class=\"woo-entry-inner clr\"><li class=\"image-wrap\">\n\t<div class=\"woo-entry-image-swap woo-entry-image clr\">\n\t\t<a href=\"https:\/\/voyagedelabaleine.fr\/es\/producto\/bloomer-para-bebe-nina-liberty-azul-cielo\/\" class=\"woocommerce-LoopProduct-link\"><img decoding=\"async\" width=\"600\" height=\"800\" src=\"https:\/\/voyagedelabaleine.fr\/wp-content\/uploads\/2025\/03\/bloomer-liberty-bleu-600x800.jpg\" class=\"woo-entry-image-main\" alt=\"Bloomer para beb\u00e9 ni\u00f1a liberty &#8211; Azul cielo\" itemprop=\"image\" srcset=\"https:\/\/voyagedelabaleine.fr\/wp-content\/uploads\/2025\/03\/bloomer-liberty-bleu-600x800.jpg 600w, https:\/\/voyagedelabaleine.fr\/wp-content\/uploads\/2025\/03\/bloomer-liberty-bleu-225x300.jpg 225w, https:\/\/voyagedelabaleine.fr\/wp-content\/uploads\/2025\/03\/bloomer-liberty-bleu-768x1024.jpg 768w, https:\/\/voyagedelabaleine.fr\/wp-content\/uploads\/2025\/03\/bloomer-liberty-bleu-1152x1536.jpg 1152w, https:\/\/voyagedelabaleine.fr\/wp-content\/uploads\/2025\/03\/bloomer-liberty-bleu.jpg 1533w\" sizes=\"(max-width: 600px) 100vw, 600px\" \/><img decoding=\"async\" width=\"600\" height=\"800\" src=\"https:\/\/voyagedelabaleine.fr\/wp-content\/uploads\/2025\/03\/bloomer-liberty-bleu-2-600x800.jpg\" class=\"woo-entry-image-secondary\" alt=\"Bloomer para beb\u00e9 ni\u00f1a liberty &#8211; Azul cielo\" itemprop=\"image\" srcset=\"https:\/\/voyagedelabaleine.fr\/wp-content\/uploads\/2025\/03\/bloomer-liberty-bleu-2-600x801.jpg 600w, https:\/\/voyagedelabaleine.fr\/wp-content\/uploads\/2025\/03\/bloomer-liberty-bleu-2-225x300.jpg 225w, https:\/\/voyagedelabaleine.fr\/wp-content\/uploads\/2025\/03\/bloomer-liberty-bleu-2.jpg 625w\" sizes=\"(max-width: 600px) 100vw, 600px\" \/><\/a>\t<\/div><!-- .woo-entry-image-swap -->\n\n<\/li><li class=\"title\"><h2><a href=\"https:\/\/voyagedelabaleine.fr\/es\/producto\/bloomer-para-bebe-nina-liberty-azul-cielo\/\">Bloomer para beb\u00e9 ni\u00f1a liberty &#8211; Azul cielo<\/a><\/h2><\/li><li class=\"price-wrap\">\n\t<span class=\"price\"><span class=\"woocommerce-Price-amount amount\"><bdi>28<span class=\"woocommerce-Price-currencySymbol\">&euro;<\/span><\/bdi><\/span><\/span>\n<\/li><\/ul><\/div><!-- .product-inner .clr --><\/li>\n<li class=\"entry has-media has-rating col span_1_of_4 owp-content-center owp-thumbs-layout-vertical owp-btn-big owp-tabs-layout-vertical circle-sale product type-product post-29272 status-publish instock product_cat-jersey-chaleco-cardigan-nacimiento product_cat-jersey-chaleco-cardigan-nacimiento-nina product_cat-jersey-chaleco-cardigan-bebe product_cat-jersey-chaleco-cardigan-bebe-nina product_cat-jersey-chaleco-cardigan-nina product_cat-jersey-chaleco-cardigan-ninos product_cat-ropa has-post-thumbnail taxable shipping-taxable purchasable product-type-variable has-default-attributes\">\n\t<div class=\"product-inner clr\">\n\t<div class=\"woo-entry-image-swap woo-entry-image clr\">\n\t\t<a href=\"https:\/\/voyagedelabaleine.fr\/es\/producto\/rebeca-de-bebe-nina-con-detalles-calados-beige\/\" class=\"woocommerce-LoopProduct-link\"><img decoding=\"async\" width=\"600\" height=\"800\" src=\"https:\/\/voyagedelabaleine.fr\/wp-content\/uploads\/2024\/09\/gilet-bebe-fille-beige-1-600x800.jpg\" class=\"woo-entry-image-main\" alt=\"Rebeca de beb\u00e9 ni\u00f1a con detalles calados &#8211; Beige\" itemprop=\"image\" srcset=\"https:\/\/voyagedelabaleine.fr\/wp-content\/uploads\/2024\/09\/gilet-bebe-fille-beige-1-600x800.jpg 600w, https:\/\/voyagedelabaleine.fr\/wp-content\/uploads\/2024\/09\/gilet-bebe-fille-beige-1-225x300.jpg 225w, https:\/\/voyagedelabaleine.fr\/wp-content\/uploads\/2024\/09\/gilet-bebe-fille-beige-1-768x1024.jpg 768w, https:\/\/voyagedelabaleine.fr\/wp-content\/uploads\/2024\/09\/gilet-bebe-fille-beige-1-1152x1536.jpg 1152w, https:\/\/voyagedelabaleine.fr\/wp-content\/uploads\/2024\/09\/gilet-bebe-fille-beige-1.jpg 1300w\" sizes=\"(max-width: 600px) 100vw, 600px\" \/><img decoding=\"async\" width=\"600\" height=\"800\" src=\"https:\/\/voyagedelabaleine.fr\/wp-content\/uploads\/2024\/09\/gilet-bebe-fille-beige-3-600x800.jpg\" class=\"woo-entry-image-secondary\" alt=\"Rebeca de beb\u00e9 ni\u00f1a con detalles calados &#8211; Beige\" itemprop=\"image\" srcset=\"https:\/\/voyagedelabaleine.fr\/wp-content\/uploads\/2024\/09\/gilet-bebe-fille-beige-3-600x800.jpg 600w, https:\/\/voyagedelabaleine.fr\/wp-content\/uploads\/2024\/09\/gilet-bebe-fille-beige-3-225x300.jpg 225w, https:\/\/voyagedelabaleine.fr\/wp-content\/uploads\/2024\/09\/gilet-bebe-fille-beige-3-768x1024.jpg 768w, https:\/\/voyagedelabaleine.fr\/wp-content\/uploads\/2024\/09\/gilet-bebe-fille-beige-3.jpg 1036w\" sizes=\"(max-width: 600px) 100vw, 600px\" \/><\/a>\t<\/div><!-- .woo-entry-image-swap -->\n\n<ul class=\"woo-entry-inner clr\"><li class=\"image-wrap\">\n\t<div class=\"woo-entry-image-swap woo-entry-image clr\">\n\t\t<a href=\"https:\/\/voyagedelabaleine.fr\/es\/producto\/rebeca-de-bebe-nina-con-detalles-calados-beige\/\" class=\"woocommerce-LoopProduct-link\"><img decoding=\"async\" width=\"600\" height=\"800\" src=\"https:\/\/voyagedelabaleine.fr\/wp-content\/uploads\/2024\/09\/gilet-bebe-fille-beige-1-600x800.jpg\" class=\"woo-entry-image-main\" alt=\"Rebeca de beb\u00e9 ni\u00f1a con detalles calados &#8211; Beige\" itemprop=\"image\" srcset=\"https:\/\/voyagedelabaleine.fr\/wp-content\/uploads\/2024\/09\/gilet-bebe-fille-beige-1-600x800.jpg 600w, https:\/\/voyagedelabaleine.fr\/wp-content\/uploads\/2024\/09\/gilet-bebe-fille-beige-1-225x300.jpg 225w, https:\/\/voyagedelabaleine.fr\/wp-content\/uploads\/2024\/09\/gilet-bebe-fille-beige-1-768x1024.jpg 768w, https:\/\/voyagedelabaleine.fr\/wp-content\/uploads\/2024\/09\/gilet-bebe-fille-beige-1-1152x1536.jpg 1152w, https:\/\/voyagedelabaleine.fr\/wp-content\/uploads\/2024\/09\/gilet-bebe-fille-beige-1.jpg 1300w\" sizes=\"(max-width: 600px) 100vw, 600px\" \/><img decoding=\"async\" width=\"600\" height=\"800\" src=\"https:\/\/voyagedelabaleine.fr\/wp-content\/uploads\/2024\/09\/gilet-bebe-fille-beige-3-600x800.jpg\" class=\"woo-entry-image-secondary\" alt=\"Rebeca de beb\u00e9 ni\u00f1a con detalles calados &#8211; Beige\" itemprop=\"image\" srcset=\"https:\/\/voyagedelabaleine.fr\/wp-content\/uploads\/2024\/09\/gilet-bebe-fille-beige-3-600x800.jpg 600w, https:\/\/voyagedelabaleine.fr\/wp-content\/uploads\/2024\/09\/gilet-bebe-fille-beige-3-225x300.jpg 225w, https:\/\/voyagedelabaleine.fr\/wp-content\/uploads\/2024\/09\/gilet-bebe-fille-beige-3-768x1024.jpg 768w, https:\/\/voyagedelabaleine.fr\/wp-content\/uploads\/2024\/09\/gilet-bebe-fille-beige-3.jpg 1036w\" sizes=\"(max-width: 600px) 100vw, 600px\" \/><\/a>\t<\/div><!-- .woo-entry-image-swap -->\n\n<\/li><li class=\"title\"><h2><a href=\"https:\/\/voyagedelabaleine.fr\/es\/producto\/rebeca-de-bebe-nina-con-detalles-calados-beige\/\">Rebeca de beb\u00e9 ni\u00f1a con detalles calados &#8211; Beige<\/a><\/h2><\/li><li class=\"price-wrap\">\n\t<span class=\"price\"><span class=\"woocommerce-Price-amount amount\"><bdi>48<span class=\"woocommerce-Price-currencySymbol\">&euro;<\/span><\/bdi><\/span><\/span>\n<\/li><\/ul><\/div><!-- .product-inner .clr --><\/li>\n<li class=\"entry has-media has-rating col span_1_of_4 owp-content-center owp-thumbs-layout-vertical owp-btn-big owp-tabs-layout-vertical circle-sale product type-product post-33397 status-publish last instock product_cat-zapatitos-nacimiento product_cat-zapatitos-nacimiento-nina product_cat-zapatitos-nacimiento-nino product_cat-zapatitos-bebe product_cat-zapatitos-bebe-nina product_cat-zapatitos-bebe-nino product_cat-ultima-oportunidad product_tag-zapatillas has-post-thumbnail taxable shipping-taxable purchasable product-type-variable has-default-attributes\">\n\t<div class=\"product-inner clr\">\n\t<div class=\"woo-entry-image-swap woo-entry-image clr\">\n\t\t<a href=\"https:\/\/voyagedelabaleine.fr\/es\/producto\/zapatillas-de-bebe-ligeras-de-piel-suave-topo\/\" class=\"woocommerce-LoopProduct-link\"><img decoding=\"async\" width=\"600\" height=\"800\" src=\"https:\/\/voyagedelabaleine.fr\/wp-content\/uploads\/2023\/10\/chaussons-bebe-cuir-taupe.jpg\" class=\"woo-entry-image-main\" alt=\"Zapatillas de beb\u00e9 ligeras de piel suave &#8211; Topo\" itemprop=\"image\" srcset=\"https:\/\/voyagedelabaleine.fr\/wp-content\/uploads\/2023\/10\/chaussons-bebe-cuir-taupe.jpg 600w, https:\/\/voyagedelabaleine.fr\/wp-content\/uploads\/2023\/10\/chaussons-bebe-cuir-taupe-225x300.jpg 225w\" sizes=\"(max-width: 600px) 100vw, 600px\" \/><img decoding=\"async\" width=\"600\" height=\"800\" src=\"https:\/\/voyagedelabaleine.fr\/wp-content\/uploads\/2023\/10\/chaussons-bebe-cuir-taupe-1.jpg\" class=\"woo-entry-image-secondary\" alt=\"Zapatillas de beb\u00e9 ligeras de piel suave &#8211; Topo\" itemprop=\"image\" srcset=\"https:\/\/voyagedelabaleine.fr\/wp-content\/uploads\/2023\/10\/chaussons-bebe-cuir-taupe-1.jpg 600w, https:\/\/voyagedelabaleine.fr\/wp-content\/uploads\/2023\/10\/chaussons-bebe-cuir-taupe-1-225x300.jpg 225w\" sizes=\"(max-width: 600px) 100vw, 600px\" \/><\/a>\t<\/div><!-- .woo-entry-image-swap -->\n\n<ul class=\"woo-entry-inner clr\"><li class=\"image-wrap\">\n\t<div class=\"woo-entry-image-swap woo-entry-image clr\">\n\t\t<a href=\"https:\/\/voyagedelabaleine.fr\/es\/producto\/zapatillas-de-bebe-ligeras-de-piel-suave-topo\/\" class=\"woocommerce-LoopProduct-link\"><img decoding=\"async\" width=\"600\" height=\"800\" src=\"https:\/\/voyagedelabaleine.fr\/wp-content\/uploads\/2023\/10\/chaussons-bebe-cuir-taupe.jpg\" class=\"woo-entry-image-main\" alt=\"Zapatillas de beb\u00e9 ligeras de piel suave &#8211; Topo\" itemprop=\"image\" srcset=\"https:\/\/voyagedelabaleine.fr\/wp-content\/uploads\/2023\/10\/chaussons-bebe-cuir-taupe.jpg 600w, https:\/\/voyagedelabaleine.fr\/wp-content\/uploads\/2023\/10\/chaussons-bebe-cuir-taupe-225x300.jpg 225w\" sizes=\"(max-width: 600px) 100vw, 600px\" \/><img decoding=\"async\" width=\"600\" height=\"800\" src=\"https:\/\/voyagedelabaleine.fr\/wp-content\/uploads\/2023\/10\/chaussons-bebe-cuir-taupe-1.jpg\" class=\"woo-entry-image-secondary\" alt=\"Zapatillas de beb\u00e9 ligeras de piel suave &#8211; Topo\" itemprop=\"image\" srcset=\"https:\/\/voyagedelabaleine.fr\/wp-content\/uploads\/2023\/10\/chaussons-bebe-cuir-taupe-1.jpg 600w, https:\/\/voyagedelabaleine.fr\/wp-content\/uploads\/2023\/10\/chaussons-bebe-cuir-taupe-1-225x300.jpg 225w\" sizes=\"(max-width: 600px) 100vw, 600px\" \/><\/a>\t<\/div><!-- .woo-entry-image-swap -->\n\n<\/li><li class=\"title\"><h2><a href=\"https:\/\/voyagedelabaleine.fr\/es\/producto\/zapatillas-de-bebe-ligeras-de-piel-suave-topo\/\">Zapatillas de beb\u00e9 ligeras de piel suave &#8211; Topo<\/a><\/h2><\/li><li class=\"price-wrap\">\n\t<span class=\"price\"><span class=\"woocommerce-Price-amount amount\"><bdi>32<span class=\"woocommerce-Price-currencySymbol\">&euro;<\/span><\/bdi><\/span><\/span>\n<\/li><\/ul><\/div><!-- .product-inner .clr --><\/li>\n<\/ul>\n<\/div><\/div>\n\t\t\t\t\t\t<\/div>\n\t\t\t\t<\/div>\n\t\t<div class=\"elementor-element elementor-element-8229491 e-con-full e-flex e-con e-parent\" data-id=\"8229491\" data-element_type=\"container\" data-e-type=\"container\">\n\t\t\t\t<div class=\"elementor-element elementor-element-abba9b7 elementor-widget-divider--separator-type-pattern elementor-widget-divider--view-line elementor-widget elementor-widget-divider\" data-id=\"abba9b7\" data-element_type=\"widget\" data-e-type=\"widget\" data-widget_type=\"divider.default\">\n\t\t\t\t\t\t\t<div class=\"elementor-divider\" style=\"--divider-pattern-url: url(&quot;data:image\/svg+xml,%3Csvg xmlns=&#039;http:\/\/www.w3.org\/2000\/svg&#039; preserveAspectRatio=&#039;none&#039; overflow=&#039;visible&#039; height=&#039;100%&#039; viewBox=&#039;0 0 24 24&#039; fill=&#039;black&#039; stroke=&#039;none&#039;%3E%3Cpath d=&#039;M12.7,2.3c-0.4-0.4-1.1-0.4-1.5,0l-8,9.1c-0.3,0.4-0.3,0.9,0,1.2l8,9.1c0.4,0.4,1.1,0.4,1.5,0l8-9.1c0.3-0.4,0.3-0.9,0-1.2L12.7,2.3z&#039;\/%3E%3C\/svg%3E&quot;);\">\n\t\t\t<span class=\"elementor-divider-separator\">\n\t\t\t\t\t\t<\/span>\n\t\t<\/div>\n\t\t\t\t\t\t<\/div>\n\t\t\t\t<div class=\"elementor-element elementor-element-b57e593 elementor-widget elementor-widget-heading\" data-id=\"b57e593\" data-element_type=\"widget\" data-e-type=\"widget\" data-widget_type=\"heading.default\">\n\t\t\t\t\t<h2 class=\"elementor-heading-title elementor-size-default\">Despertar pastel <\/h2>\t\t\t\t<\/div>\n\t\t\t\t<div class=\"elementor-element elementor-element-6820a58 elementor-widget__width-initial elementor-widget-mobile__width-inherit elementor-widget elementor-widget-shortcode\" data-id=\"6820a58\" data-element_type=\"widget\" data-e-type=\"widget\" data-widget_type=\"shortcode.default\">\n\t\t\t\t\t\t\t<div class=\"elementor-shortcode\"><div class=\"woocommerce columns-2 \">\r\n<ul class=\"products oceanwp-row clr grid tablet-col tablet-2-col mobile-col mobile-2-col\">\r\n<li class=\"entry has-media has-rating col span_1_of_2 owp-content-center owp-thumbs-layout-vertical owp-btn-big owp-tabs-layout-vertical circle-sale product type-product post-29244 status-publish first instock product_cat-body product_cat-body-nacimiento product_cat-body-nacimiento-nina product_cat-body-bebe product_cat-body-bebe-nina has-post-thumbnail taxable shipping-taxable purchasable product-type-variable has-default-attributes\">\n\t<div class=\"product-inner clr\">\n\t<div class=\"woo-entry-image-swap woo-entry-image clr\">\n\t\t<a href=\"https:\/\/voyagedelabaleine.fr\/es\/producto\/body-de-bebe-para-nina-con-cuello-fino-de-lunares-blanco\/\" class=\"woocommerce-LoopProduct-link\"><img decoding=\"async\" width=\"600\" height=\"800\" src=\"https:\/\/voyagedelabaleine.fr\/wp-content\/uploads\/2025\/04\/body-collerette-600x800.jpg\" class=\"woo-entry-image-main\" alt=\"Body de beb\u00e9 para ni\u00f1a con cuello fino de lunares &#8211; Blanco\" itemprop=\"image\" srcset=\"https:\/\/voyagedelabaleine.fr\/wp-content\/uploads\/2025\/04\/body-collerette-600x799.jpg 600w, https:\/\/voyagedelabaleine.fr\/wp-content\/uploads\/2025\/04\/body-collerette-225x300.jpg 225w, https:\/\/voyagedelabaleine.fr\/wp-content\/uploads\/2025\/04\/body-collerette-769x1024.jpg 769w, https:\/\/voyagedelabaleine.fr\/wp-content\/uploads\/2025\/04\/body-collerette-768x1023.jpg 768w, https:\/\/voyagedelabaleine.fr\/wp-content\/uploads\/2025\/04\/body-collerette.jpg 1076w\" sizes=\"(max-width: 600px) 100vw, 600px\" \/><img decoding=\"async\" width=\"335\" height=\"447\" src=\"https:\/\/voyagedelabaleine.fr\/wp-content\/uploads\/2025\/04\/body-collerette-1.jpg\" class=\"woo-entry-image-secondary\" alt=\"Body de beb\u00e9 para ni\u00f1a con cuello fino de lunares &#8211; Blanco\" itemprop=\"image\" srcset=\"https:\/\/voyagedelabaleine.fr\/wp-content\/uploads\/2025\/04\/body-collerette-1.jpg 335w, https:\/\/voyagedelabaleine.fr\/wp-content\/uploads\/2025\/04\/body-collerette-1-225x300.jpg 225w\" sizes=\"(max-width: 335px) 100vw, 335px\" \/><\/a>\t<\/div><!-- .woo-entry-image-swap -->\n\n<ul class=\"woo-entry-inner clr\"><li class=\"image-wrap\">\n\t<div class=\"woo-entry-image-swap woo-entry-image clr\">\n\t\t<a href=\"https:\/\/voyagedelabaleine.fr\/es\/producto\/body-de-bebe-para-nina-con-cuello-fino-de-lunares-blanco\/\" class=\"woocommerce-LoopProduct-link\"><img decoding=\"async\" width=\"600\" height=\"800\" src=\"https:\/\/voyagedelabaleine.fr\/wp-content\/uploads\/2025\/04\/body-collerette-600x800.jpg\" class=\"woo-entry-image-main\" alt=\"Body de beb\u00e9 para ni\u00f1a con cuello fino de lunares &#8211; Blanco\" itemprop=\"image\" srcset=\"https:\/\/voyagedelabaleine.fr\/wp-content\/uploads\/2025\/04\/body-collerette-600x799.jpg 600w, https:\/\/voyagedelabaleine.fr\/wp-content\/uploads\/2025\/04\/body-collerette-225x300.jpg 225w, https:\/\/voyagedelabaleine.fr\/wp-content\/uploads\/2025\/04\/body-collerette-769x1024.jpg 769w, https:\/\/voyagedelabaleine.fr\/wp-content\/uploads\/2025\/04\/body-collerette-768x1023.jpg 768w, https:\/\/voyagedelabaleine.fr\/wp-content\/uploads\/2025\/04\/body-collerette.jpg 1076w\" sizes=\"(max-width: 600px) 100vw, 600px\" \/><img decoding=\"async\" width=\"335\" height=\"447\" src=\"https:\/\/voyagedelabaleine.fr\/wp-content\/uploads\/2025\/04\/body-collerette-1.jpg\" class=\"woo-entry-image-secondary\" alt=\"Body de beb\u00e9 para ni\u00f1a con cuello fino de lunares &#8211; Blanco\" itemprop=\"image\" srcset=\"https:\/\/voyagedelabaleine.fr\/wp-content\/uploads\/2025\/04\/body-collerette-1.jpg 335w, https:\/\/voyagedelabaleine.fr\/wp-content\/uploads\/2025\/04\/body-collerette-1-225x300.jpg 225w\" sizes=\"(max-width: 335px) 100vw, 335px\" \/><\/a>\t<\/div><!-- .woo-entry-image-swap -->\n\n<\/li><li class=\"title\"><h2><a href=\"https:\/\/voyagedelabaleine.fr\/es\/producto\/body-de-bebe-para-nina-con-cuello-fino-de-lunares-blanco\/\">Body de beb\u00e9 para ni\u00f1a con cuello fino de lunares &#8211; Blanco<\/a><\/h2><\/li><li class=\"price-wrap\">\n\t<span class=\"price\"><span class=\"woocommerce-Price-amount amount\"><bdi>24<span class=\"woocommerce-Price-currencySymbol\">&euro;<\/span><\/bdi><\/span><\/span>\n<\/li><\/ul><\/div><!-- .product-inner .clr --><\/li>\n<li class=\"entry has-media col span_1_of_2 owp-content-center owp-thumbs-layout-vertical owp-btn-big owp-tabs-layout-vertical circle-sale product type-product post-29051 status-publish last instock product_cat-pololo-short-pantalon-nacimiento product_cat-pololo-short-pantalon-nacimiento-nina product_cat-pololo-short-y-pantalon-bebe product_cat-pololo-short-pantalon-bebe-nina product_cat-ropa has-post-thumbnail taxable shipping-taxable purchasable product-type-variable has-default-attributes\">\n\t<div class=\"product-inner clr\">\n\t<div class=\"woo-entry-image-swap woo-entry-image clr\">\n\t\t<a href=\"https:\/\/voyagedelabaleine.fr\/es\/producto\/cubrepanal-de-bebe-nina-con-florecitas-blanco\/\" class=\"woocommerce-LoopProduct-link\"><img decoding=\"async\" width=\"600\" height=\"800\" src=\"https:\/\/voyagedelabaleine.fr\/wp-content\/uploads\/2025\/06\/bloomer-bebe-fille-fleurs-3-600x800.jpg\" class=\"woo-entry-image-main\" alt=\"Cubrepa\u00f1al de beb\u00e9 ni\u00f1a con florecitas &#8211; Blanco\" itemprop=\"image\" srcset=\"https:\/\/voyagedelabaleine.fr\/wp-content\/uploads\/2025\/06\/bloomer-bebe-fille-fleurs-3-600x800.jpg 600w, https:\/\/voyagedelabaleine.fr\/wp-content\/uploads\/2025\/06\/bloomer-bebe-fille-fleurs-3-225x300.jpg 225w, https:\/\/voyagedelabaleine.fr\/wp-content\/uploads\/2025\/06\/bloomer-bebe-fille-fleurs-3-768x1024.jpg 768w, https:\/\/voyagedelabaleine.fr\/wp-content\/uploads\/2025\/06\/bloomer-bebe-fille-fleurs-3-1152x1536.jpg 1152w, https:\/\/voyagedelabaleine.fr\/wp-content\/uploads\/2025\/06\/bloomer-bebe-fille-fleurs-3.jpg 1387w\" sizes=\"(max-width: 600px) 100vw, 600px\" \/><img decoding=\"async\" width=\"600\" height=\"800\" src=\"https:\/\/voyagedelabaleine.fr\/wp-content\/uploads\/2025\/06\/bloomer-bebe-fille-fleurs-1-600x800.jpg\" class=\"woo-entry-image-secondary\" alt=\"Cubrepa\u00f1al de beb\u00e9 ni\u00f1a con florecitas &#8211; Blanco\" itemprop=\"image\" srcset=\"https:\/\/voyagedelabaleine.fr\/wp-content\/uploads\/2025\/06\/bloomer-bebe-fille-fleurs-1-600x800.jpg 600w, https:\/\/voyagedelabaleine.fr\/wp-content\/uploads\/2025\/06\/bloomer-bebe-fille-fleurs-1-225x300.jpg 225w, https:\/\/voyagedelabaleine.fr\/wp-content\/uploads\/2025\/06\/bloomer-bebe-fille-fleurs-1-768x1024.jpg 768w, https:\/\/voyagedelabaleine.fr\/wp-content\/uploads\/2025\/06\/bloomer-bebe-fille-fleurs-1.jpg 1100w\" sizes=\"(max-width: 600px) 100vw, 600px\" \/><\/a>\t<\/div><!-- .woo-entry-image-swap -->\n\n<ul class=\"woo-entry-inner clr\"><li class=\"image-wrap\">\n\t<div class=\"woo-entry-image-swap woo-entry-image clr\">\n\t\t<a href=\"https:\/\/voyagedelabaleine.fr\/es\/producto\/cubrepanal-de-bebe-nina-con-florecitas-blanco\/\" class=\"woocommerce-LoopProduct-link\"><img decoding=\"async\" width=\"600\" height=\"800\" src=\"https:\/\/voyagedelabaleine.fr\/wp-content\/uploads\/2025\/06\/bloomer-bebe-fille-fleurs-3-600x800.jpg\" class=\"woo-entry-image-main\" alt=\"Cubrepa\u00f1al de beb\u00e9 ni\u00f1a con florecitas &#8211; Blanco\" itemprop=\"image\" srcset=\"https:\/\/voyagedelabaleine.fr\/wp-content\/uploads\/2025\/06\/bloomer-bebe-fille-fleurs-3-600x800.jpg 600w, https:\/\/voyagedelabaleine.fr\/wp-content\/uploads\/2025\/06\/bloomer-bebe-fille-fleurs-3-225x300.jpg 225w, https:\/\/voyagedelabaleine.fr\/wp-content\/uploads\/2025\/06\/bloomer-bebe-fille-fleurs-3-768x1024.jpg 768w, https:\/\/voyagedelabaleine.fr\/wp-content\/uploads\/2025\/06\/bloomer-bebe-fille-fleurs-3-1152x1536.jpg 1152w, https:\/\/voyagedelabaleine.fr\/wp-content\/uploads\/2025\/06\/bloomer-bebe-fille-fleurs-3.jpg 1387w\" sizes=\"(max-width: 600px) 100vw, 600px\" \/><img decoding=\"async\" width=\"600\" height=\"800\" src=\"https:\/\/voyagedelabaleine.fr\/wp-content\/uploads\/2025\/06\/bloomer-bebe-fille-fleurs-1-600x800.jpg\" class=\"woo-entry-image-secondary\" alt=\"Cubrepa\u00f1al de beb\u00e9 ni\u00f1a con florecitas &#8211; Blanco\" itemprop=\"image\" srcset=\"https:\/\/voyagedelabaleine.fr\/wp-content\/uploads\/2025\/06\/bloomer-bebe-fille-fleurs-1-600x800.jpg 600w, https:\/\/voyagedelabaleine.fr\/wp-content\/uploads\/2025\/06\/bloomer-bebe-fille-fleurs-1-225x300.jpg 225w, https:\/\/voyagedelabaleine.fr\/wp-content\/uploads\/2025\/06\/bloomer-bebe-fille-fleurs-1-768x1024.jpg 768w, https:\/\/voyagedelabaleine.fr\/wp-content\/uploads\/2025\/06\/bloomer-bebe-fille-fleurs-1.jpg 1100w\" sizes=\"(max-width: 600px) 100vw, 600px\" \/><\/a>\t<\/div><!-- .woo-entry-image-swap -->\n\n<\/li><li class=\"title\"><h2><a href=\"https:\/\/voyagedelabaleine.fr\/es\/producto\/cubrepanal-de-bebe-nina-con-florecitas-blanco\/\">Cubrepa\u00f1al de beb\u00e9 ni\u00f1a con florecitas &#8211; Blanco<\/a><\/h2><\/li><li class=\"price-wrap\">\n\t<span class=\"price\"><span class=\"woocommerce-Price-amount amount\"><bdi>24<span class=\"woocommerce-Price-currencySymbol\">&euro;<\/span><\/bdi><\/span><\/span>\n<\/li><\/ul><\/div><!-- .product-inner .clr --><\/li>\n<\/ul>\n<\/div><\/div>\n\t\t\t\t\t\t<\/div>\n\t\t\t\t<\/div>\n\t\t<div class=\"elementor-element elementor-element-d062b01 e-con-full e-flex e-con e-parent\" data-id=\"d062b01\" data-element_type=\"container\" data-e-type=\"container\">\n\t\t\t\t<div class=\"elementor-element elementor-element-35aa5f1 elementor-widget-divider--separator-type-pattern elementor-widget-divider--view-line elementor-widget elementor-widget-divider\" data-id=\"35aa5f1\" data-element_type=\"widget\" data-e-type=\"widget\" data-widget_type=\"divider.default\">\n\t\t\t\t\t\t\t<div class=\"elementor-divider\" style=\"--divider-pattern-url: url(&quot;data:image\/svg+xml,%3Csvg xmlns=&#039;http:\/\/www.w3.org\/2000\/svg&#039; preserveAspectRatio=&#039;none&#039; overflow=&#039;visible&#039; height=&#039;100%&#039; viewBox=&#039;0 0 24 24&#039; fill=&#039;black&#039; stroke=&#039;none&#039;%3E%3Cpath d=&#039;M12.7,2.3c-0.4-0.4-1.1-0.4-1.5,0l-8,9.1c-0.3,0.4-0.3,0.9,0,1.2l8,9.1c0.4,0.4,1.1,0.4,1.5,0l8-9.1c0.3-0.4,0.3-0.9,0-1.2L12.7,2.3z&#039;\/%3E%3C\/svg%3E&quot;);\">\n\t\t\t<span class=\"elementor-divider-separator\">\n\t\t\t\t\t\t<\/span>\n\t\t<\/div>\n\t\t\t\t\t\t<\/div>\n\t\t\t\t<div class=\"elementor-element elementor-element-1e5b25f elementor-widget elementor-widget-heading\" data-id=\"1e5b25f\" data-element_type=\"widget\" data-e-type=\"widget\" data-widget_type=\"heading.default\">\n\t\t\t\t\t<h2 class=\"elementor-heading-title elementor-size-default\">Ranita y ternura<\/h2>\t\t\t\t<\/div>\n\t\t\t\t<div class=\"elementor-element elementor-element-7e16497 elementor-widget elementor-widget-shortcode\" data-id=\"7e16497\" data-element_type=\"widget\" data-e-type=\"widget\" data-widget_type=\"shortcode.default\">\n\t\t\t\t\t\t\t<div class=\"elementor-shortcode\"><div class=\"woocommerce columns-3 \">\r\n<ul class=\"products oceanwp-row clr grid tablet-col tablet-2-col mobile-col mobile-2-col\">\r\n<li class=\"entry has-media col span_1_of_3 owp-content-center owp-thumbs-layout-vertical owp-btn-big owp-tabs-layout-vertical circle-sale product type-product post-34629 status-publish first instock product_cat-body product_cat-body-nacimiento product_cat-body-nacimiento-nina product_cat-body-nacimiento-nino product_cat-body-bebe product_cat-body-bebe-nina product_cat-body-bebe-nino has-post-thumbnail taxable shipping-taxable purchasable product-type-variable has-default-attributes\">\n\t<div class=\"product-inner clr\">\n\t<div class=\"woo-entry-image-swap woo-entry-image clr\">\n\t\t<a href=\"https:\/\/voyagedelabaleine.fr\/es\/producto\/body-de-bebe-de-manga-corta-con-plumeti-blanco\/\" class=\"woocommerce-LoopProduct-link\"><img decoding=\"async\" width=\"600\" height=\"800\" src=\"https:\/\/voyagedelabaleine.fr\/wp-content\/uploads\/2026\/02\/body-plumeti-manches-courtes-600x800.jpg\" class=\"woo-entry-image-main\" alt=\"Body de beb\u00e9 de manga corta con plumeti &#8211; Blanco\" itemprop=\"image\" srcset=\"https:\/\/voyagedelabaleine.fr\/wp-content\/uploads\/2026\/02\/body-plumeti-manches-courtes-600x800.jpg 600w, https:\/\/voyagedelabaleine.fr\/wp-content\/uploads\/2026\/02\/body-plumeti-manches-courtes-225x300.jpg 225w, https:\/\/voyagedelabaleine.fr\/wp-content\/uploads\/2026\/02\/body-plumeti-manches-courtes-768x1024.jpg 768w, https:\/\/voyagedelabaleine.fr\/wp-content\/uploads\/2026\/02\/body-plumeti-manches-courtes-1152x1536.jpg 1152w, https:\/\/voyagedelabaleine.fr\/wp-content\/uploads\/2026\/02\/body-plumeti-manches-courtes.jpg 1400w\" sizes=\"(max-width: 600px) 100vw, 600px\" \/><img decoding=\"async\" width=\"600\" height=\"800\" src=\"https:\/\/voyagedelabaleine.fr\/wp-content\/uploads\/2026\/02\/body-plumeti-manches-courtes-2-600x800.jpg\" class=\"woo-entry-image-secondary\" alt=\"Body de beb\u00e9 de manga corta con plumeti &#8211; Blanco\" itemprop=\"image\" srcset=\"https:\/\/voyagedelabaleine.fr\/wp-content\/uploads\/2026\/02\/body-plumeti-manches-courtes-2-600x800.jpg 600w, https:\/\/voyagedelabaleine.fr\/wp-content\/uploads\/2026\/02\/body-plumeti-manches-courtes-2-225x300.jpg 225w, https:\/\/voyagedelabaleine.fr\/wp-content\/uploads\/2026\/02\/body-plumeti-manches-courtes-2-768x1024.jpg 768w, https:\/\/voyagedelabaleine.fr\/wp-content\/uploads\/2026\/02\/body-plumeti-manches-courtes-2-1152x1536.jpg 1152w, https:\/\/voyagedelabaleine.fr\/wp-content\/uploads\/2026\/02\/body-plumeti-manches-courtes-2.jpg 1432w\" sizes=\"(max-width: 600px) 100vw, 600px\" \/><\/a>\t<\/div><!-- .woo-entry-image-swap -->\n\n<ul class=\"woo-entry-inner clr\"><li class=\"image-wrap\">\n\t<div class=\"woo-entry-image-swap woo-entry-image clr\">\n\t\t<a href=\"https:\/\/voyagedelabaleine.fr\/es\/producto\/body-de-bebe-de-manga-corta-con-plumeti-blanco\/\" class=\"woocommerce-LoopProduct-link\"><img decoding=\"async\" width=\"600\" height=\"800\" src=\"https:\/\/voyagedelabaleine.fr\/wp-content\/uploads\/2026\/02\/body-plumeti-manches-courtes-600x800.jpg\" class=\"woo-entry-image-main\" alt=\"Body de beb\u00e9 de manga corta con plumeti &#8211; Blanco\" itemprop=\"image\" srcset=\"https:\/\/voyagedelabaleine.fr\/wp-content\/uploads\/2026\/02\/body-plumeti-manches-courtes-600x800.jpg 600w, https:\/\/voyagedelabaleine.fr\/wp-content\/uploads\/2026\/02\/body-plumeti-manches-courtes-225x300.jpg 225w, https:\/\/voyagedelabaleine.fr\/wp-content\/uploads\/2026\/02\/body-plumeti-manches-courtes-768x1024.jpg 768w, https:\/\/voyagedelabaleine.fr\/wp-content\/uploads\/2026\/02\/body-plumeti-manches-courtes-1152x1536.jpg 1152w, https:\/\/voyagedelabaleine.fr\/wp-content\/uploads\/2026\/02\/body-plumeti-manches-courtes.jpg 1400w\" sizes=\"(max-width: 600px) 100vw, 600px\" \/><img decoding=\"async\" width=\"600\" height=\"800\" src=\"https:\/\/voyagedelabaleine.fr\/wp-content\/uploads\/2026\/02\/body-plumeti-manches-courtes-2-600x800.jpg\" class=\"woo-entry-image-secondary\" alt=\"Body de beb\u00e9 de manga corta con plumeti &#8211; Blanco\" itemprop=\"image\" srcset=\"https:\/\/voyagedelabaleine.fr\/wp-content\/uploads\/2026\/02\/body-plumeti-manches-courtes-2-600x800.jpg 600w, https:\/\/voyagedelabaleine.fr\/wp-content\/uploads\/2026\/02\/body-plumeti-manches-courtes-2-225x300.jpg 225w, https:\/\/voyagedelabaleine.fr\/wp-content\/uploads\/2026\/02\/body-plumeti-manches-courtes-2-768x1024.jpg 768w, https:\/\/voyagedelabaleine.fr\/wp-content\/uploads\/2026\/02\/body-plumeti-manches-courtes-2-1152x1536.jpg 1152w, https:\/\/voyagedelabaleine.fr\/wp-content\/uploads\/2026\/02\/body-plumeti-manches-courtes-2.jpg 1432w\" sizes=\"(max-width: 600px) 100vw, 600px\" \/><\/a>\t<\/div><!-- .woo-entry-image-swap -->\n\n<\/li><li class=\"title\"><h2><a href=\"https:\/\/voyagedelabaleine.fr\/es\/producto\/body-de-bebe-de-manga-corta-con-plumeti-blanco\/\">Body de beb\u00e9 de manga corta con plumeti &#8211; Blanco<\/a><\/h2><\/li><li class=\"price-wrap\">\n\t<span class=\"price\"><span class=\"woocommerce-Price-amount amount\"><bdi>24<span class=\"woocommerce-Price-currencySymbol\">&euro;<\/span><\/bdi><\/span><\/span>\n<\/li><\/ul><\/div><!-- .product-inner .clr --><\/li>\n<li class=\"entry has-media col span_1_of_3 owp-content-center owp-thumbs-layout-vertical owp-btn-big owp-tabs-layout-vertical circle-sale product type-product post-30003 status-publish instock product_cat-pelele-peto-ranita-nacimiento product_cat-pelele-peto-ranita-nacimiento-nina product_cat-pelele-peto-ranita-bebe product_cat-pelele-peto-ranita-bebe-nina product_cat-ropa product_cat-ultima-oportunidad has-post-thumbnail taxable shipping-taxable purchasable product-type-variable has-default-attributes\">\n\t<div class=\"product-inner clr\">\n\t<div class=\"woo-entry-image-swap woo-entry-image clr\">\n\t\t<a href=\"https:\/\/voyagedelabaleine.fr\/es\/producto\/ranita-para-bebe-nina-plumeti-rosa-palido\/\" class=\"woocommerce-LoopProduct-link\"><img decoding=\"async\" width=\"600\" height=\"800\" src=\"https:\/\/voyagedelabaleine.fr\/wp-content\/uploads\/2025\/01\/barboteuse-plumetis-nude-3-600x800.jpg\" class=\"woo-entry-image-main\" alt=\"Ranita para beb\u00e9 ni\u00f1a plumeti &#8211; Rosa p\u00e1lido\" itemprop=\"image\" srcset=\"https:\/\/voyagedelabaleine.fr\/wp-content\/uploads\/2025\/01\/barboteuse-plumetis-nude-3-600x800.jpg 600w, https:\/\/voyagedelabaleine.fr\/wp-content\/uploads\/2025\/01\/barboteuse-plumetis-nude-3-225x300.jpg 225w, https:\/\/voyagedelabaleine.fr\/wp-content\/uploads\/2025\/01\/barboteuse-plumetis-nude-3-768x1023.jpg 768w, https:\/\/voyagedelabaleine.fr\/wp-content\/uploads\/2025\/01\/barboteuse-plumetis-nude-3.jpg 980w\" sizes=\"(max-width: 600px) 100vw, 600px\" \/><img decoding=\"async\" width=\"600\" height=\"800\" src=\"https:\/\/voyagedelabaleine.fr\/wp-content\/uploads\/2025\/01\/barboteuse-plumetis-nude-2-600x800.jpg\" class=\"woo-entry-image-secondary\" alt=\"Ranita para beb\u00e9 ni\u00f1a plumeti &#8211; Rosa p\u00e1lido\" itemprop=\"image\" srcset=\"https:\/\/voyagedelabaleine.fr\/wp-content\/uploads\/2025\/01\/barboteuse-plumetis-nude-2-600x800.jpg 600w, https:\/\/voyagedelabaleine.fr\/wp-content\/uploads\/2025\/01\/barboteuse-plumetis-nude-2-225x300.jpg 225w, https:\/\/voyagedelabaleine.fr\/wp-content\/uploads\/2025\/01\/barboteuse-plumetis-nude-2-768x1025.jpg 768w, https:\/\/voyagedelabaleine.fr\/wp-content\/uploads\/2025\/01\/barboteuse-plumetis-nude-2.jpg 1000w\" sizes=\"(max-width: 600px) 100vw, 600px\" \/><\/a>\t<\/div><!-- .woo-entry-image-swap -->\n\n<ul class=\"woo-entry-inner clr\"><li class=\"image-wrap\">\n\t<div class=\"woo-entry-image-swap woo-entry-image clr\">\n\t\t<a href=\"https:\/\/voyagedelabaleine.fr\/es\/producto\/ranita-para-bebe-nina-plumeti-rosa-palido\/\" class=\"woocommerce-LoopProduct-link\"><img decoding=\"async\" width=\"600\" height=\"800\" src=\"https:\/\/voyagedelabaleine.fr\/wp-content\/uploads\/2025\/01\/barboteuse-plumetis-nude-3-600x800.jpg\" class=\"woo-entry-image-main\" alt=\"Ranita para beb\u00e9 ni\u00f1a plumeti &#8211; Rosa p\u00e1lido\" itemprop=\"image\" srcset=\"https:\/\/voyagedelabaleine.fr\/wp-content\/uploads\/2025\/01\/barboteuse-plumetis-nude-3-600x800.jpg 600w, https:\/\/voyagedelabaleine.fr\/wp-content\/uploads\/2025\/01\/barboteuse-plumetis-nude-3-225x300.jpg 225w, https:\/\/voyagedelabaleine.fr\/wp-content\/uploads\/2025\/01\/barboteuse-plumetis-nude-3-768x1023.jpg 768w, https:\/\/voyagedelabaleine.fr\/wp-content\/uploads\/2025\/01\/barboteuse-plumetis-nude-3.jpg 980w\" sizes=\"(max-width: 600px) 100vw, 600px\" \/><img decoding=\"async\" width=\"600\" height=\"800\" src=\"https:\/\/voyagedelabaleine.fr\/wp-content\/uploads\/2025\/01\/barboteuse-plumetis-nude-2-600x800.jpg\" class=\"woo-entry-image-secondary\" alt=\"Ranita para beb\u00e9 ni\u00f1a plumeti &#8211; Rosa p\u00e1lido\" itemprop=\"image\" srcset=\"https:\/\/voyagedelabaleine.fr\/wp-content\/uploads\/2025\/01\/barboteuse-plumetis-nude-2-600x800.jpg 600w, https:\/\/voyagedelabaleine.fr\/wp-content\/uploads\/2025\/01\/barboteuse-plumetis-nude-2-225x300.jpg 225w, https:\/\/voyagedelabaleine.fr\/wp-content\/uploads\/2025\/01\/barboteuse-plumetis-nude-2-768x1025.jpg 768w, https:\/\/voyagedelabaleine.fr\/wp-content\/uploads\/2025\/01\/barboteuse-plumetis-nude-2.jpg 1000w\" sizes=\"(max-width: 600px) 100vw, 600px\" \/><\/a>\t<\/div><!-- .woo-entry-image-swap -->\n\n<\/li><li class=\"title\"><h2><a href=\"https:\/\/voyagedelabaleine.fr\/es\/producto\/ranita-para-bebe-nina-plumeti-rosa-palido\/\">Ranita para beb\u00e9 ni\u00f1a plumeti &#8211; Rosa p\u00e1lido<\/a><\/h2><\/li><li class=\"price-wrap\">\n\t<span class=\"price\"><span class=\"woocommerce-Price-amount amount\"><bdi>48<span class=\"woocommerce-Price-currencySymbol\">&euro;<\/span><\/bdi><\/span><\/span>\n<\/li><\/ul><\/div><!-- .product-inner .clr --><\/li>\n<li class=\"entry has-media has-rating col span_1_of_3 owp-content-center owp-thumbs-layout-vertical owp-btn-big owp-tabs-layout-vertical circle-sale product type-product post-33474 status-publish last instock product_cat-calcetines-leotardos-nacimiento product_cat-calcetines-leotardos-nacimiento-nina product_cat-calcetines-leotardos-bebe-nina product_cat-calcetines-leotardos-bebes-ninos product_cat-calcetines-leotardos-nina product_cat-calcetines-leotardos-ninos product_tag-leotardos has-post-thumbnail taxable shipping-taxable purchasable product-type-variable has-default-attributes\">\n\t<div class=\"product-inner clr\">\n\t<div class=\"woo-entry-image-swap woo-entry-image clr\">\n\t\t<a href=\"https:\/\/voyagedelabaleine.fr\/es\/producto\/leotardos-de-bebe-de-canale-nude\/\" class=\"woocommerce-LoopProduct-link\"><img decoding=\"async\" width=\"600\" height=\"800\" src=\"https:\/\/voyagedelabaleine.fr\/wp-content\/uploads\/2024\/09\/collant-bebe-cotele-nude-1-1-600x800.jpg\" class=\"woo-entry-image-main\" alt=\"Leotardos de beb\u00e9 de canal\u00e9 &#8211; Nude\" itemprop=\"image\" srcset=\"https:\/\/voyagedelabaleine.fr\/wp-content\/uploads\/2024\/09\/collant-bebe-cotele-nude-1-1-600x800.jpg 600w, https:\/\/voyagedelabaleine.fr\/wp-content\/uploads\/2024\/09\/collant-bebe-cotele-nude-1-1-225x300.jpg 225w, https:\/\/voyagedelabaleine.fr\/wp-content\/uploads\/2024\/09\/collant-bebe-cotele-nude-1-1-768x1024.jpg 768w, https:\/\/voyagedelabaleine.fr\/wp-content\/uploads\/2024\/09\/collant-bebe-cotele-nude-1-1.jpg 855w\" sizes=\"(max-width: 600px) 100vw, 600px\" \/><img decoding=\"async\" width=\"600\" height=\"800\" src=\"https:\/\/voyagedelabaleine.fr\/wp-content\/uploads\/2024\/09\/collant-bebe-cotele-nude-2-1-600x800.jpg\" class=\"woo-entry-image-secondary\" alt=\"Leotardos de beb\u00e9 de canal\u00e9 &#8211; Nude\" itemprop=\"image\" srcset=\"https:\/\/voyagedelabaleine.fr\/wp-content\/uploads\/2024\/09\/collant-bebe-cotele-nude-2-1-600x800.jpg 600w, https:\/\/voyagedelabaleine.fr\/wp-content\/uploads\/2024\/09\/collant-bebe-cotele-nude-2-1-225x300.jpg 225w, https:\/\/voyagedelabaleine.fr\/wp-content\/uploads\/2024\/09\/collant-bebe-cotele-nude-2-1-768x1024.jpg 768w, https:\/\/voyagedelabaleine.fr\/wp-content\/uploads\/2024\/09\/collant-bebe-cotele-nude-2-1.jpg 855w\" sizes=\"(max-width: 600px) 100vw, 600px\" \/><\/a>\t<\/div><!-- .woo-entry-image-swap -->\n\n<ul class=\"woo-entry-inner clr\"><li class=\"image-wrap\">\n\t<div class=\"woo-entry-image-swap woo-entry-image clr\">\n\t\t<a href=\"https:\/\/voyagedelabaleine.fr\/es\/producto\/leotardos-de-bebe-de-canale-nude\/\" class=\"woocommerce-LoopProduct-link\"><img decoding=\"async\" width=\"600\" height=\"800\" src=\"https:\/\/voyagedelabaleine.fr\/wp-content\/uploads\/2024\/09\/collant-bebe-cotele-nude-1-1-600x800.jpg\" class=\"woo-entry-image-main\" alt=\"Leotardos de beb\u00e9 de canal\u00e9 &#8211; Nude\" itemprop=\"image\" srcset=\"https:\/\/voyagedelabaleine.fr\/wp-content\/uploads\/2024\/09\/collant-bebe-cotele-nude-1-1-600x800.jpg 600w, https:\/\/voyagedelabaleine.fr\/wp-content\/uploads\/2024\/09\/collant-bebe-cotele-nude-1-1-225x300.jpg 225w, https:\/\/voyagedelabaleine.fr\/wp-content\/uploads\/2024\/09\/collant-bebe-cotele-nude-1-1-768x1024.jpg 768w, https:\/\/voyagedelabaleine.fr\/wp-content\/uploads\/2024\/09\/collant-bebe-cotele-nude-1-1.jpg 855w\" sizes=\"(max-width: 600px) 100vw, 600px\" \/><img decoding=\"async\" width=\"600\" height=\"800\" src=\"https:\/\/voyagedelabaleine.fr\/wp-content\/uploads\/2024\/09\/collant-bebe-cotele-nude-2-1-600x800.jpg\" class=\"woo-entry-image-secondary\" alt=\"Leotardos de beb\u00e9 de canal\u00e9 &#8211; Nude\" itemprop=\"image\" srcset=\"https:\/\/voyagedelabaleine.fr\/wp-content\/uploads\/2024\/09\/collant-bebe-cotele-nude-2-1-600x800.jpg 600w, https:\/\/voyagedelabaleine.fr\/wp-content\/uploads\/2024\/09\/collant-bebe-cotele-nude-2-1-225x300.jpg 225w, https:\/\/voyagedelabaleine.fr\/wp-content\/uploads\/2024\/09\/collant-bebe-cotele-nude-2-1-768x1024.jpg 768w, https:\/\/voyagedelabaleine.fr\/wp-content\/uploads\/2024\/09\/collant-bebe-cotele-nude-2-1.jpg 855w\" sizes=\"(max-width: 600px) 100vw, 600px\" \/><\/a>\t<\/div><!-- .woo-entry-image-swap -->\n\n<\/li><li class=\"title\"><h2><a href=\"https:\/\/voyagedelabaleine.fr\/es\/producto\/leotardos-de-bebe-de-canale-nude\/\">Leotardos de beb\u00e9 de canal\u00e9 &#8211; Nude<\/a><\/h2><\/li><li class=\"price-wrap\">\n\t<span class=\"price\"><span class=\"woocommerce-Price-amount amount\"><bdi>14<span class=\"woocommerce-Price-currencySymbol\">&euro;<\/span><\/bdi><\/span><\/span>\n<\/li><\/ul><\/div><!-- .product-inner .clr --><\/li>\n<\/ul>\n<\/div><\/div>\n\t\t\t\t\t\t<\/div>\n\t\t\t\t<\/div>\n\t\t<div class=\"elementor-element elementor-element-4b077b2 e-con-full e-flex e-con e-parent\" data-id=\"4b077b2\" data-element_type=\"container\" data-e-type=\"container\">\n\t\t\t\t<div class=\"elementor-element elementor-element-7c3a25c elementor-widget-divider--separator-type-pattern elementor-widget-divider--view-line elementor-widget elementor-widget-divider\" data-id=\"7c3a25c\" data-element_type=\"widget\" data-e-type=\"widget\" data-widget_type=\"divider.default\">\n\t\t\t\t\t\t\t<div class=\"elementor-divider\" style=\"--divider-pattern-url: url(&quot;data:image\/svg+xml,%3Csvg xmlns=&#039;http:\/\/www.w3.org\/2000\/svg&#039; preserveAspectRatio=&#039;none&#039; overflow=&#039;visible&#039; height=&#039;100%&#039; viewBox=&#039;0 0 24 24&#039; fill=&#039;black&#039; stroke=&#039;none&#039;%3E%3Cpath d=&#039;M12.7,2.3c-0.4-0.4-1.1-0.4-1.5,0l-8,9.1c-0.3,0.4-0.3,0.9,0,1.2l8,9.1c0.4,0.4,1.1,0.4,1.5,0l8-9.1c0.3-0.4,0.3-0.9,0-1.2L12.7,2.3z&#039;\/%3E%3C\/svg%3E&quot;);\">\n\t\t\t<span class=\"elementor-divider-separator\">\n\t\t\t\t\t\t<\/span>\n\t\t<\/div>\n\t\t\t\t\t\t<\/div>\n\t\t\t\t<div class=\"elementor-element elementor-element-f5efe38 elementor-widget elementor-widget-heading\" data-id=\"f5efe38\" data-element_type=\"widget\" data-e-type=\"widget\" data-widget_type=\"heading.default\">\n\t\t\t\t\t<h2 class=\"elementor-heading-title elementor-size-default\">Paseo a la orilla del mar<\/h2>\t\t\t\t<\/div>\n\t\t\t\t<div class=\"elementor-element elementor-element-2dd912f elementor-widget__width-initial elementor-widget-mobile__width-inherit elementor-widget elementor-widget-shortcode\" data-id=\"2dd912f\" data-element_type=\"widget\" data-e-type=\"widget\" data-widget_type=\"shortcode.default\">\n\t\t\t\t\t\t\t<div class=\"elementor-shortcode\"><div class=\"woocommerce columns-2 \">\r\n<ul class=\"products oceanwp-row clr grid tablet-col tablet-2-col mobile-col mobile-2-col\">\r\n<li class=\"entry has-media col span_1_of_2 owp-content-center owp-thumbs-layout-vertical owp-btn-big owp-tabs-layout-vertical circle-sale product type-product post-29418 status-publish first instock product_cat-zapatitos-nacimiento product_cat-zapatitos-nacimiento-nina product_cat-zapatitos-nacimiento-nino product_cat-zapatitos-bebe product_cat-zapatitos-bebe-nina product_cat-zapatitos-bebe-nino has-post-thumbnail taxable shipping-taxable purchasable product-type-variable has-default-attributes\">\n\t<div class=\"product-inner clr\">\n\t<div class=\"woo-entry-image-swap woo-entry-image clr\">\n\t\t<a href=\"https:\/\/voyagedelabaleine.fr\/es\/producto\/zapatillas-de-bebe-ligeras-de-lino-blanco\/\" class=\"woocommerce-LoopProduct-link\"><img decoding=\"async\" width=\"600\" height=\"800\" src=\"https:\/\/voyagedelabaleine.fr\/wp-content\/uploads\/2025\/06\/chaussons-bebe-lin-blanc-4-600x800.jpg\" class=\"woo-entry-image-main\" alt=\"Zapatillas de beb\u00e9 ligeras de lino &#8211; Blanco\" itemprop=\"image\" srcset=\"https:\/\/voyagedelabaleine.fr\/wp-content\/uploads\/2025\/06\/chaussons-bebe-lin-blanc-4-600x800.jpg 600w, https:\/\/voyagedelabaleine.fr\/wp-content\/uploads\/2025\/06\/chaussons-bebe-lin-blanc-4-225x300.jpg 225w, https:\/\/voyagedelabaleine.fr\/wp-content\/uploads\/2025\/06\/chaussons-bebe-lin-blanc-4-768x1024.jpg 768w, https:\/\/voyagedelabaleine.fr\/wp-content\/uploads\/2025\/06\/chaussons-bebe-lin-blanc-4-1152x1536.jpg 1152w, https:\/\/voyagedelabaleine.fr\/wp-content\/uploads\/2025\/06\/chaussons-bebe-lin-blanc-4.jpg 1400w\" sizes=\"(max-width: 600px) 100vw, 600px\" \/><img decoding=\"async\" width=\"600\" height=\"800\" src=\"https:\/\/voyagedelabaleine.fr\/wp-content\/uploads\/2025\/06\/chaussons-bebe-lin-blanc-3-1-600x800.jpg\" class=\"woo-entry-image-secondary\" alt=\"Zapatillas de beb\u00e9 ligeras de lino &#8211; Blanco\" itemprop=\"image\" srcset=\"https:\/\/voyagedelabaleine.fr\/wp-content\/uploads\/2025\/06\/chaussons-bebe-lin-blanc-3-1-600x800.jpg 600w, https:\/\/voyagedelabaleine.fr\/wp-content\/uploads\/2025\/06\/chaussons-bebe-lin-blanc-3-1-225x300.jpg 225w, https:\/\/voyagedelabaleine.fr\/wp-content\/uploads\/2025\/06\/chaussons-bebe-lin-blanc-3-1-768x1024.jpg 768w, https:\/\/voyagedelabaleine.fr\/wp-content\/uploads\/2025\/06\/chaussons-bebe-lin-blanc-3-1-1152x1536.jpg 1152w, https:\/\/voyagedelabaleine.fr\/wp-content\/uploads\/2025\/06\/chaussons-bebe-lin-blanc-3-1.jpg 1300w\" sizes=\"(max-width: 600px) 100vw, 600px\" \/><\/a>\t<\/div><!-- .woo-entry-image-swap -->\n\n<ul class=\"woo-entry-inner clr\"><li class=\"image-wrap\">\n\t<div class=\"woo-entry-image-swap woo-entry-image clr\">\n\t\t<a href=\"https:\/\/voyagedelabaleine.fr\/es\/producto\/zapatillas-de-bebe-ligeras-de-lino-blanco\/\" class=\"woocommerce-LoopProduct-link\"><img decoding=\"async\" width=\"600\" height=\"800\" src=\"https:\/\/voyagedelabaleine.fr\/wp-content\/uploads\/2025\/06\/chaussons-bebe-lin-blanc-4-600x800.jpg\" class=\"woo-entry-image-main\" alt=\"Zapatillas de beb\u00e9 ligeras de lino &#8211; Blanco\" itemprop=\"image\" srcset=\"https:\/\/voyagedelabaleine.fr\/wp-content\/uploads\/2025\/06\/chaussons-bebe-lin-blanc-4-600x800.jpg 600w, https:\/\/voyagedelabaleine.fr\/wp-content\/uploads\/2025\/06\/chaussons-bebe-lin-blanc-4-225x300.jpg 225w, https:\/\/voyagedelabaleine.fr\/wp-content\/uploads\/2025\/06\/chaussons-bebe-lin-blanc-4-768x1024.jpg 768w, https:\/\/voyagedelabaleine.fr\/wp-content\/uploads\/2025\/06\/chaussons-bebe-lin-blanc-4-1152x1536.jpg 1152w, https:\/\/voyagedelabaleine.fr\/wp-content\/uploads\/2025\/06\/chaussons-bebe-lin-blanc-4.jpg 1400w\" sizes=\"(max-width: 600px) 100vw, 600px\" \/><img decoding=\"async\" width=\"600\" height=\"800\" src=\"https:\/\/voyagedelabaleine.fr\/wp-content\/uploads\/2025\/06\/chaussons-bebe-lin-blanc-3-1-600x800.jpg\" class=\"woo-entry-image-secondary\" alt=\"Zapatillas de beb\u00e9 ligeras de lino &#8211; Blanco\" itemprop=\"image\" srcset=\"https:\/\/voyagedelabaleine.fr\/wp-content\/uploads\/2025\/06\/chaussons-bebe-lin-blanc-3-1-600x800.jpg 600w, https:\/\/voyagedelabaleine.fr\/wp-content\/uploads\/2025\/06\/chaussons-bebe-lin-blanc-3-1-225x300.jpg 225w, https:\/\/voyagedelabaleine.fr\/wp-content\/uploads\/2025\/06\/chaussons-bebe-lin-blanc-3-1-768x1024.jpg 768w, https:\/\/voyagedelabaleine.fr\/wp-content\/uploads\/2025\/06\/chaussons-bebe-lin-blanc-3-1-1152x1536.jpg 1152w, https:\/\/voyagedelabaleine.fr\/wp-content\/uploads\/2025\/06\/chaussons-bebe-lin-blanc-3-1.jpg 1300w\" sizes=\"(max-width: 600px) 100vw, 600px\" \/><\/a>\t<\/div><!-- .woo-entry-image-swap -->\n\n<\/li><li class=\"title\"><h2><a href=\"https:\/\/voyagedelabaleine.fr\/es\/producto\/zapatillas-de-bebe-ligeras-de-lino-blanco\/\">Zapatillas de beb\u00e9 ligeras de lino &#8211; Blanco<\/a><\/h2><\/li><li class=\"price-wrap\">\n\t<span class=\"price\"><span class=\"woocommerce-Price-amount amount\"><bdi>34<span class=\"woocommerce-Price-currencySymbol\">&euro;<\/span><\/bdi><\/span><\/span>\n<\/li><\/ul><\/div><!-- .product-inner .clr --><\/li>\n<li class=\"entry has-media col span_1_of_2 owp-content-center owp-thumbs-layout-vertical owp-btn-big owp-tabs-layout-vertical circle-sale product type-product post-29987 status-publish last instock product_cat-blusa-camiseta-nacimiento product_cat-blusa-y-camiseta-nacimiento-nina product_cat-blusa-camiseta-bebe product_cat-blusa-camiseta-bebe-nina product_cat-conjuntos-nacimiento product_cat-conjuntos-nacimiento-nina product_cat-conjuntos-bebe product_cat-conjuntos-bebe-nina product_cat-pololo-short-pantalon-nacimiento product_cat-pololo-short-pantalon-nacimiento-nina product_cat-pololo-short-y-pantalon-bebe product_cat-pololo-short-pantalon-bebe-nina product_cat-ropa has-post-thumbnail taxable shipping-taxable purchasable product-type-variable has-default-attributes\">\n\t<div class=\"product-inner clr\">\n\t<div class=\"woo-entry-image-swap woo-entry-image clr\">\n\t\t<a href=\"https:\/\/voyagedelabaleine.fr\/es\/producto\/conjunto-para-bebe-nina-de-blusa-y-braga-rayas-azul-blanco\/\" class=\"woocommerce-LoopProduct-link\"><img decoding=\"async\" width=\"600\" height=\"800\" src=\"https:\/\/voyagedelabaleine.fr\/wp-content\/uploads\/2025\/01\/ensemble-bebe-blouse-bloomer-raye-600x800.jpg\" class=\"woo-entry-image-main\" alt=\"Conjunto para beb\u00e9 ni\u00f1a de blusa y braga rayas &#8211; Azul\/blanco\" itemprop=\"image\" srcset=\"https:\/\/voyagedelabaleine.fr\/wp-content\/uploads\/2025\/01\/ensemble-bebe-blouse-bloomer-raye-600x800.jpg 600w, https:\/\/voyagedelabaleine.fr\/wp-content\/uploads\/2025\/01\/ensemble-bebe-blouse-bloomer-raye-225x300.jpg 225w, https:\/\/voyagedelabaleine.fr\/wp-content\/uploads\/2025\/01\/ensemble-bebe-blouse-bloomer-raye-768x1024.jpg 768w, https:\/\/voyagedelabaleine.fr\/wp-content\/uploads\/2025\/01\/ensemble-bebe-blouse-bloomer-raye.jpg 855w\" sizes=\"(max-width: 600px) 100vw, 600px\" \/><img decoding=\"async\" width=\"600\" height=\"800\" src=\"https:\/\/voyagedelabaleine.fr\/wp-content\/uploads\/2025\/01\/ensemble-bebe-blouse-bloomer-raye-1-600x800.jpg\" class=\"woo-entry-image-secondary\" alt=\"Conjunto para beb\u00e9 ni\u00f1a de blusa y braga rayas &#8211; Azul\/blanco\" itemprop=\"image\" srcset=\"https:\/\/voyagedelabaleine.fr\/wp-content\/uploads\/2025\/01\/ensemble-bebe-blouse-bloomer-raye-1-600x800.jpg 600w, https:\/\/voyagedelabaleine.fr\/wp-content\/uploads\/2025\/01\/ensemble-bebe-blouse-bloomer-raye-1-225x300.jpg 225w, https:\/\/voyagedelabaleine.fr\/wp-content\/uploads\/2025\/01\/ensemble-bebe-blouse-bloomer-raye-1-768x1024.jpg 768w, https:\/\/voyagedelabaleine.fr\/wp-content\/uploads\/2025\/01\/ensemble-bebe-blouse-bloomer-raye-1.jpg 900w\" sizes=\"(max-width: 600px) 100vw, 600px\" \/><\/a>\t<\/div><!-- .woo-entry-image-swap -->\n\n<ul class=\"woo-entry-inner clr\"><li class=\"image-wrap\">\n\t<div class=\"woo-entry-image-swap woo-entry-image clr\">\n\t\t<a href=\"https:\/\/voyagedelabaleine.fr\/es\/producto\/conjunto-para-bebe-nina-de-blusa-y-braga-rayas-azul-blanco\/\" class=\"woocommerce-LoopProduct-link\"><img decoding=\"async\" width=\"600\" height=\"800\" src=\"https:\/\/voyagedelabaleine.fr\/wp-content\/uploads\/2025\/01\/ensemble-bebe-blouse-bloomer-raye-600x800.jpg\" class=\"woo-entry-image-main\" alt=\"Conjunto para beb\u00e9 ni\u00f1a de blusa y braga rayas &#8211; Azul\/blanco\" itemprop=\"image\" srcset=\"https:\/\/voyagedelabaleine.fr\/wp-content\/uploads\/2025\/01\/ensemble-bebe-blouse-bloomer-raye-600x800.jpg 600w, https:\/\/voyagedelabaleine.fr\/wp-content\/uploads\/2025\/01\/ensemble-bebe-blouse-bloomer-raye-225x300.jpg 225w, https:\/\/voyagedelabaleine.fr\/wp-content\/uploads\/2025\/01\/ensemble-bebe-blouse-bloomer-raye-768x1024.jpg 768w, https:\/\/voyagedelabaleine.fr\/wp-content\/uploads\/2025\/01\/ensemble-bebe-blouse-bloomer-raye.jpg 855w\" sizes=\"(max-width: 600px) 100vw, 600px\" \/><img decoding=\"async\" width=\"600\" height=\"800\" src=\"https:\/\/voyagedelabaleine.fr\/wp-content\/uploads\/2025\/01\/ensemble-bebe-blouse-bloomer-raye-1-600x800.jpg\" class=\"woo-entry-image-secondary\" alt=\"Conjunto para beb\u00e9 ni\u00f1a de blusa y braga rayas &#8211; Azul\/blanco\" itemprop=\"image\" srcset=\"https:\/\/voyagedelabaleine.fr\/wp-content\/uploads\/2025\/01\/ensemble-bebe-blouse-bloomer-raye-1-600x800.jpg 600w, https:\/\/voyagedelabaleine.fr\/wp-content\/uploads\/2025\/01\/ensemble-bebe-blouse-bloomer-raye-1-225x300.jpg 225w, https:\/\/voyagedelabaleine.fr\/wp-content\/uploads\/2025\/01\/ensemble-bebe-blouse-bloomer-raye-1-768x1024.jpg 768w, https:\/\/voyagedelabaleine.fr\/wp-content\/uploads\/2025\/01\/ensemble-bebe-blouse-bloomer-raye-1.jpg 900w\" sizes=\"(max-width: 600px) 100vw, 600px\" \/><\/a>\t<\/div><!-- .woo-entry-image-swap -->\n\n<\/li><li class=\"title\"><h2><a href=\"https:\/\/voyagedelabaleine.fr\/es\/producto\/conjunto-para-bebe-nina-de-blusa-y-braga-rayas-azul-blanco\/\">Conjunto para beb\u00e9 ni\u00f1a de blusa y braga rayas &#8211; Azul\/blanco<\/a><\/h2><\/li><li class=\"price-wrap\">\n\t<span class=\"price\"><span class=\"woocommerce-Price-amount amount\"><bdi>68<span class=\"woocommerce-Price-currencySymbol\">&euro;<\/span><\/bdi><\/span><\/span>\n<\/li><\/ul><\/div><!-- .product-inner .clr --><\/li>\n<\/ul>\n<\/div><\/div>\n\t\t\t\t\t\t<\/div>\n\t\t\t\t<\/div>\n\t\t<div class=\"elementor-element elementor-element-379fd30 e-con-full e-flex e-con e-parent\" data-id=\"379fd30\" data-element_type=\"container\" data-e-type=\"container\">\n\t\t\t\t<div class=\"elementor-element elementor-element-7a5abc2 elementor-widget-divider--separator-type-pattern elementor-widget-divider--view-line elementor-widget elementor-widget-divider\" data-id=\"7a5abc2\" data-element_type=\"widget\" data-e-type=\"widget\" data-widget_type=\"divider.default\">\n\t\t\t\t\t\t\t<div class=\"elementor-divider\" style=\"--divider-pattern-url: url(&quot;data:image\/svg+xml,%3Csvg xmlns=&#039;http:\/\/www.w3.org\/2000\/svg&#039; preserveAspectRatio=&#039;none&#039; overflow=&#039;visible&#039; height=&#039;100%&#039; viewBox=&#039;0 0 24 24&#039; fill=&#039;black&#039; stroke=&#039;none&#039;%3E%3Cpath d=&#039;M12.7,2.3c-0.4-0.4-1.1-0.4-1.5,0l-8,9.1c-0.3,0.4-0.3,0.9,0,1.2l8,9.1c0.4,0.4,1.1,0.4,1.5,0l8-9.1c0.3-0.4,0.3-0.9,0-1.2L12.7,2.3z&#039;\/%3E%3C\/svg%3E&quot;);\">\n\t\t\t<span class=\"elementor-divider-separator\">\n\t\t\t\t\t\t<\/span>\n\t\t<\/div>\n\t\t\t\t\t\t<\/div>\n\t\t\t\t<div class=\"elementor-element elementor-element-173828b elementor-widget elementor-widget-heading\" data-id=\"173828b\" data-element_type=\"widget\" data-e-type=\"widget\" data-widget_type=\"heading.default\">\n\t\t\t\t\t<h2 class=\"elementor-heading-title elementor-size-default\">Peque\u00f1as l\u00edneas, gran refinamiento<\/h2>\t\t\t\t<\/div>\n\t\t\t\t<div class=\"elementor-element elementor-element-318adc7 elementor-widget__width-initial elementor-widget-mobile__width-inherit elementor-widget elementor-widget-shortcode\" data-id=\"318adc7\" data-element_type=\"widget\" data-e-type=\"widget\" data-widget_type=\"shortcode.default\">\n\t\t\t\t\t\t\t<div class=\"elementor-shortcode\"><div class=\"woocommerce columns-2 \">\r\n<ul class=\"products oceanwp-row clr grid tablet-col tablet-2-col mobile-col mobile-2-col\">\r\n<li class=\"entry has-media col span_1_of_2 owp-content-center owp-thumbs-layout-vertical owp-btn-big owp-tabs-layout-vertical circle-sale product type-product post-33642 status-publish first instock product_cat-bebe-nina product_cat-nacimiento-nina product_cat-ropa product_cat-vestido-nacimiento product_cat-vestido-bebe-nina product_cat-ultima-oportunidad has-post-thumbnail taxable shipping-taxable purchasable product-type-variable has-default-attributes\">\n\t<div class=\"product-inner clr\">\n\t<div class=\"woo-entry-image-swap woo-entry-image clr\">\n\t\t<a href=\"https:\/\/voyagedelabaleine.fr\/es\/producto\/vestido-de-bebe-nina-de-rayas-con-cuello-grande-estilo-marinero\/\" class=\"woocommerce-LoopProduct-link\"><img decoding=\"async\" width=\"600\" height=\"800\" src=\"https:\/\/voyagedelabaleine.fr\/wp-content\/uploads\/2025\/02\/robe-esprit-marin-600x800.jpg\" class=\"woo-entry-image-main\" alt=\"Vestido de beb\u00e9 ni\u00f1a de rayas con cuello grande estilo marinero\" itemprop=\"image\" srcset=\"https:\/\/voyagedelabaleine.fr\/wp-content\/uploads\/2025\/02\/robe-esprit-marin-600x800.jpg 600w, https:\/\/voyagedelabaleine.fr\/wp-content\/uploads\/2025\/02\/robe-esprit-marin-225x300.jpg 225w, https:\/\/voyagedelabaleine.fr\/wp-content\/uploads\/2025\/02\/robe-esprit-marin-768x1024.jpg 768w, https:\/\/voyagedelabaleine.fr\/wp-content\/uploads\/2025\/02\/robe-esprit-marin-1152x1536.jpg 1152w, https:\/\/voyagedelabaleine.fr\/wp-content\/uploads\/2025\/02\/robe-esprit-marin.jpg 1200w\" sizes=\"(max-width: 600px) 100vw, 600px\" \/><img decoding=\"async\" width=\"600\" height=\"800\" src=\"https:\/\/voyagedelabaleine.fr\/wp-content\/uploads\/2025\/01\/robe-bebe-col-marin-600x800.jpg\" class=\"woo-entry-image-secondary\" alt=\"Vestido de beb\u00e9 ni\u00f1a de rayas con cuello grande estilo marinero\" itemprop=\"image\" srcset=\"https:\/\/voyagedelabaleine.fr\/wp-content\/uploads\/2025\/01\/robe-bebe-col-marin-600x800.jpg 600w, https:\/\/voyagedelabaleine.fr\/wp-content\/uploads\/2025\/01\/robe-bebe-col-marin-225x300.jpg 225w, https:\/\/voyagedelabaleine.fr\/wp-content\/uploads\/2025\/01\/robe-bebe-col-marin-768x1024.jpg 768w, https:\/\/voyagedelabaleine.fr\/wp-content\/uploads\/2025\/01\/robe-bebe-col-marin.jpg 855w\" sizes=\"(max-width: 600px) 100vw, 600px\" \/><\/a>\t<\/div><!-- .woo-entry-image-swap -->\n\n<ul class=\"woo-entry-inner clr\"><li class=\"image-wrap\">\n\t<div class=\"woo-entry-image-swap woo-entry-image clr\">\n\t\t<a href=\"https:\/\/voyagedelabaleine.fr\/es\/producto\/vestido-de-bebe-nina-de-rayas-con-cuello-grande-estilo-marinero\/\" class=\"woocommerce-LoopProduct-link\"><img decoding=\"async\" width=\"600\" height=\"800\" src=\"https:\/\/voyagedelabaleine.fr\/wp-content\/uploads\/2025\/02\/robe-esprit-marin-600x800.jpg\" class=\"woo-entry-image-main\" alt=\"Vestido de beb\u00e9 ni\u00f1a de rayas con cuello grande estilo marinero\" itemprop=\"image\" srcset=\"https:\/\/voyagedelabaleine.fr\/wp-content\/uploads\/2025\/02\/robe-esprit-marin-600x800.jpg 600w, https:\/\/voyagedelabaleine.fr\/wp-content\/uploads\/2025\/02\/robe-esprit-marin-225x300.jpg 225w, https:\/\/voyagedelabaleine.fr\/wp-content\/uploads\/2025\/02\/robe-esprit-marin-768x1024.jpg 768w, https:\/\/voyagedelabaleine.fr\/wp-content\/uploads\/2025\/02\/robe-esprit-marin-1152x1536.jpg 1152w, https:\/\/voyagedelabaleine.fr\/wp-content\/uploads\/2025\/02\/robe-esprit-marin.jpg 1200w\" sizes=\"(max-width: 600px) 100vw, 600px\" \/><img decoding=\"async\" width=\"600\" height=\"800\" src=\"https:\/\/voyagedelabaleine.fr\/wp-content\/uploads\/2025\/01\/robe-bebe-col-marin-600x800.jpg\" class=\"woo-entry-image-secondary\" alt=\"Vestido de beb\u00e9 ni\u00f1a de rayas con cuello grande estilo marinero\" itemprop=\"image\" srcset=\"https:\/\/voyagedelabaleine.fr\/wp-content\/uploads\/2025\/01\/robe-bebe-col-marin-600x800.jpg 600w, https:\/\/voyagedelabaleine.fr\/wp-content\/uploads\/2025\/01\/robe-bebe-col-marin-225x300.jpg 225w, https:\/\/voyagedelabaleine.fr\/wp-content\/uploads\/2025\/01\/robe-bebe-col-marin-768x1024.jpg 768w, https:\/\/voyagedelabaleine.fr\/wp-content\/uploads\/2025\/01\/robe-bebe-col-marin.jpg 855w\" sizes=\"(max-width: 600px) 100vw, 600px\" \/><\/a>\t<\/div><!-- .woo-entry-image-swap -->\n\n<\/li><li class=\"title\"><h2><a href=\"https:\/\/voyagedelabaleine.fr\/es\/producto\/vestido-de-bebe-nina-de-rayas-con-cuello-grande-estilo-marinero\/\">Vestido de beb\u00e9 ni\u00f1a de rayas con cuello grande estilo marinero<\/a><\/h2><\/li><li class=\"price-wrap\">\n\t<span class=\"price\"><span class=\"woocommerce-Price-amount amount\"><bdi>60<span class=\"woocommerce-Price-currencySymbol\">&euro;<\/span><\/bdi><\/span><\/span>\n<\/li><\/ul><\/div><!-- .product-inner .clr --><\/li>\n<li class=\"entry has-media has-rating col span_1_of_2 owp-content-center owp-thumbs-layout-vertical owp-btn-big owp-tabs-layout-vertical circle-sale product type-product post-33397 status-publish last instock product_cat-zapatitos-nacimiento product_cat-zapatitos-nacimiento-nina product_cat-zapatitos-nacimiento-nino product_cat-zapatitos-bebe product_cat-zapatitos-bebe-nina product_cat-zapatitos-bebe-nino product_cat-ultima-oportunidad product_tag-zapatillas has-post-thumbnail taxable shipping-taxable purchasable product-type-variable has-default-attributes\">\n\t<div class=\"product-inner clr\">\n\t<div class=\"woo-entry-image-swap woo-entry-image clr\">\n\t\t<a href=\"https:\/\/voyagedelabaleine.fr\/es\/producto\/zapatillas-de-bebe-ligeras-de-piel-suave-topo\/\" class=\"woocommerce-LoopProduct-link\"><img decoding=\"async\" width=\"600\" height=\"800\" src=\"https:\/\/voyagedelabaleine.fr\/wp-content\/uploads\/2023\/10\/chaussons-bebe-cuir-taupe.jpg\" class=\"woo-entry-image-main\" alt=\"Zapatillas de beb\u00e9 ligeras de piel suave &#8211; Topo\" itemprop=\"image\" srcset=\"https:\/\/voyagedelabaleine.fr\/wp-content\/uploads\/2023\/10\/chaussons-bebe-cuir-taupe.jpg 600w, https:\/\/voyagedelabaleine.fr\/wp-content\/uploads\/2023\/10\/chaussons-bebe-cuir-taupe-225x300.jpg 225w\" sizes=\"(max-width: 600px) 100vw, 600px\" \/><img decoding=\"async\" width=\"600\" height=\"800\" src=\"https:\/\/voyagedelabaleine.fr\/wp-content\/uploads\/2023\/10\/chaussons-bebe-cuir-taupe-1.jpg\" class=\"woo-entry-image-secondary\" alt=\"Zapatillas de beb\u00e9 ligeras de piel suave &#8211; Topo\" itemprop=\"image\" srcset=\"https:\/\/voyagedelabaleine.fr\/wp-content\/uploads\/2023\/10\/chaussons-bebe-cuir-taupe-1.jpg 600w, https:\/\/voyagedelabaleine.fr\/wp-content\/uploads\/2023\/10\/chaussons-bebe-cuir-taupe-1-225x300.jpg 225w\" sizes=\"(max-width: 600px) 100vw, 600px\" \/><\/a>\t<\/div><!-- .woo-entry-image-swap -->\n\n<ul class=\"woo-entry-inner clr\"><li class=\"image-wrap\">\n\t<div class=\"woo-entry-image-swap woo-entry-image clr\">\n\t\t<a href=\"https:\/\/voyagedelabaleine.fr\/es\/producto\/zapatillas-de-bebe-ligeras-de-piel-suave-topo\/\" class=\"woocommerce-LoopProduct-link\"><img decoding=\"async\" width=\"600\" height=\"800\" src=\"https:\/\/voyagedelabaleine.fr\/wp-content\/uploads\/2023\/10\/chaussons-bebe-cuir-taupe.jpg\" class=\"woo-entry-image-main\" alt=\"Zapatillas de beb\u00e9 ligeras de piel suave &#8211; Topo\" itemprop=\"image\" srcset=\"https:\/\/voyagedelabaleine.fr\/wp-content\/uploads\/2023\/10\/chaussons-bebe-cuir-taupe.jpg 600w, https:\/\/voyagedelabaleine.fr\/wp-content\/uploads\/2023\/10\/chaussons-bebe-cuir-taupe-225x300.jpg 225w\" sizes=\"(max-width: 600px) 100vw, 600px\" \/><img decoding=\"async\" width=\"600\" height=\"800\" src=\"https:\/\/voyagedelabaleine.fr\/wp-content\/uploads\/2023\/10\/chaussons-bebe-cuir-taupe-1.jpg\" class=\"woo-entry-image-secondary\" alt=\"Zapatillas de beb\u00e9 ligeras de piel suave &#8211; Topo\" itemprop=\"image\" srcset=\"https:\/\/voyagedelabaleine.fr\/wp-content\/uploads\/2023\/10\/chaussons-bebe-cuir-taupe-1.jpg 600w, https:\/\/voyagedelabaleine.fr\/wp-content\/uploads\/2023\/10\/chaussons-bebe-cuir-taupe-1-225x300.jpg 225w\" sizes=\"(max-width: 600px) 100vw, 600px\" \/><\/a>\t<\/div><!-- .woo-entry-image-swap -->\n\n<\/li><li class=\"title\"><h2><a href=\"https:\/\/voyagedelabaleine.fr\/es\/producto\/zapatillas-de-bebe-ligeras-de-piel-suave-topo\/\">Zapatillas de beb\u00e9 ligeras de piel suave &#8211; Topo<\/a><\/h2><\/li><li class=\"price-wrap\">\n\t<span class=\"price\"><span class=\"woocommerce-Price-amount amount\"><bdi>32<span class=\"woocommerce-Price-currencySymbol\">&euro;<\/span><\/bdi><\/span><\/span>\n<\/li><\/ul><\/div><!-- .product-inner .clr --><\/li>\n<\/ul>\n<\/div><\/div>\n\t\t\t\t\t\t<\/div>\n\t\t\t\t<\/div>\n\t\t<div class=\"elementor-element elementor-element-25fee8f e-con-full e-flex e-con e-parent\" data-id=\"25fee8f\" data-element_type=\"container\" data-e-type=\"container\">\n\t\t\t\t<div class=\"elementor-element elementor-element-ff88e1c elementor-widget-divider--separator-type-pattern elementor-widget-divider--view-line elementor-widget elementor-widget-divider\" data-id=\"ff88e1c\" data-element_type=\"widget\" data-e-type=\"widget\" data-widget_type=\"divider.default\">\n\t\t\t\t\t\t\t<div class=\"elementor-divider\" style=\"--divider-pattern-url: url(&quot;data:image\/svg+xml,%3Csvg xmlns=&#039;http:\/\/www.w3.org\/2000\/svg&#039; preserveAspectRatio=&#039;none&#039; overflow=&#039;visible&#039; height=&#039;100%&#039; viewBox=&#039;0 0 24 24&#039; fill=&#039;black&#039; stroke=&#039;none&#039;%3E%3Cpath d=&#039;M12.7,2.3c-0.4-0.4-1.1-0.4-1.5,0l-8,9.1c-0.3,0.4-0.3,0.9,0,1.2l8,9.1c0.4,0.4,1.1,0.4,1.5,0l8-9.1c0.3-0.4,0.3-0.9,0-1.2L12.7,2.3z&#039;\/%3E%3C\/svg%3E&quot;);\">\n\t\t\t<span class=\"elementor-divider-separator\">\n\t\t\t\t\t\t<\/span>\n\t\t<\/div>\n\t\t\t\t\t\t<\/div>\n\t\t\t\t<div class=\"elementor-element elementor-element-30ce59d elementor-widget elementor-widget-heading\" data-id=\"30ce59d\" data-element_type=\"widget\" data-e-type=\"widget\" data-widget_type=\"heading.default\">\n\t\t\t\t\t<h2 class=\"elementor-heading-title elementor-size-default\">Fantas\u00eda chic<\/h2>\t\t\t\t<\/div>\n\t\t\t\t<div class=\"elementor-element elementor-element-a6cb36f elementor-widget__width-initial elementor-widget-mobile__width-inherit elementor-widget elementor-widget-shortcode\" data-id=\"a6cb36f\" data-element_type=\"widget\" data-e-type=\"widget\" data-widget_type=\"shortcode.default\">\n\t\t\t\t\t\t\t<div class=\"elementor-shortcode\"><div class=\"woocommerce columns-2 \">\r\n<ul class=\"products oceanwp-row clr grid tablet-col tablet-2-col mobile-col mobile-2-col\">\r\n<li class=\"entry has-media has-rating col span_1_of_2 owp-content-center owp-thumbs-layout-vertical owp-btn-big owp-tabs-layout-vertical circle-sale product type-product post-33798 status-publish first instock product_cat-body product_cat-body-nacimiento product_cat-body-nacimiento-nina product_cat-body-bebe product_cat-body-bebe-nina product_cat-ultima-oportunidad has-post-thumbnail taxable shipping-taxable purchasable product-type-variable has-default-attributes\">\n\t<div class=\"product-inner clr\">\n\t<div class=\"woo-entry-image-swap woo-entry-image clr\">\n\t\t<a href=\"https:\/\/voyagedelabaleine.fr\/es\/producto\/body-de-bebe-nina-con-cuello-redondo-fantasia-blanco\/\" class=\"woocommerce-LoopProduct-link\"><img decoding=\"async\" width=\"600\" height=\"800\" src=\"https:\/\/voyagedelabaleine.fr\/wp-content\/uploads\/2024\/05\/body-bebe-col-fantaisie-600x800.jpg\" class=\"woo-entry-image-main\" alt=\"Body de beb\u00e9 ni\u00f1a con cuello redondo fantas\u00eda &#8211; Blanco\" itemprop=\"image\" srcset=\"https:\/\/voyagedelabaleine.fr\/wp-content\/uploads\/2024\/05\/body-bebe-col-fantaisie-600x800.jpg 600w, https:\/\/voyagedelabaleine.fr\/wp-content\/uploads\/2024\/05\/body-bebe-col-fantaisie-225x300.jpg 225w, https:\/\/voyagedelabaleine.fr\/wp-content\/uploads\/2024\/05\/body-bebe-col-fantaisie-768x1024.jpg 768w, https:\/\/voyagedelabaleine.fr\/wp-content\/uploads\/2024\/05\/body-bebe-col-fantaisie.jpg 877w\" sizes=\"(max-width: 600px) 100vw, 600px\" \/><img decoding=\"async\" width=\"500\" height=\"667\" src=\"https:\/\/voyagedelabaleine.fr\/wp-content\/uploads\/2024\/05\/body-bebe-col-fantaisie-1.jpg\" class=\"woo-entry-image-secondary\" alt=\"Body de beb\u00e9 ni\u00f1a con cuello redondo fantas\u00eda &#8211; Blanco\" itemprop=\"image\" srcset=\"https:\/\/voyagedelabaleine.fr\/wp-content\/uploads\/2024\/05\/body-bebe-col-fantaisie-1.jpg 500w, https:\/\/voyagedelabaleine.fr\/wp-content\/uploads\/2024\/05\/body-bebe-col-fantaisie-1-225x300.jpg 225w\" sizes=\"(max-width: 500px) 100vw, 500px\" \/><\/a>\t<\/div><!-- .woo-entry-image-swap -->\n\n<ul class=\"woo-entry-inner clr\"><li class=\"image-wrap\">\n\t<div class=\"woo-entry-image-swap woo-entry-image clr\">\n\t\t<a href=\"https:\/\/voyagedelabaleine.fr\/es\/producto\/body-de-bebe-nina-con-cuello-redondo-fantasia-blanco\/\" class=\"woocommerce-LoopProduct-link\"><img decoding=\"async\" width=\"600\" height=\"800\" src=\"https:\/\/voyagedelabaleine.fr\/wp-content\/uploads\/2024\/05\/body-bebe-col-fantaisie-600x800.jpg\" class=\"woo-entry-image-main\" alt=\"Body de beb\u00e9 ni\u00f1a con cuello redondo fantas\u00eda &#8211; Blanco\" itemprop=\"image\" srcset=\"https:\/\/voyagedelabaleine.fr\/wp-content\/uploads\/2024\/05\/body-bebe-col-fantaisie-600x800.jpg 600w, https:\/\/voyagedelabaleine.fr\/wp-content\/uploads\/2024\/05\/body-bebe-col-fantaisie-225x300.jpg 225w, https:\/\/voyagedelabaleine.fr\/wp-content\/uploads\/2024\/05\/body-bebe-col-fantaisie-768x1024.jpg 768w, https:\/\/voyagedelabaleine.fr\/wp-content\/uploads\/2024\/05\/body-bebe-col-fantaisie.jpg 877w\" sizes=\"(max-width: 600px) 100vw, 600px\" \/><img decoding=\"async\" width=\"500\" height=\"667\" src=\"https:\/\/voyagedelabaleine.fr\/wp-content\/uploads\/2024\/05\/body-bebe-col-fantaisie-1.jpg\" class=\"woo-entry-image-secondary\" alt=\"Body de beb\u00e9 ni\u00f1a con cuello redondo fantas\u00eda &#8211; Blanco\" itemprop=\"image\" srcset=\"https:\/\/voyagedelabaleine.fr\/wp-content\/uploads\/2024\/05\/body-bebe-col-fantaisie-1.jpg 500w, https:\/\/voyagedelabaleine.fr\/wp-content\/uploads\/2024\/05\/body-bebe-col-fantaisie-1-225x300.jpg 225w\" sizes=\"(max-width: 500px) 100vw, 500px\" \/><\/a>\t<\/div><!-- .woo-entry-image-swap -->\n\n<\/li><li class=\"title\"><h2><a href=\"https:\/\/voyagedelabaleine.fr\/es\/producto\/body-de-bebe-nina-con-cuello-redondo-fantasia-blanco\/\">Body de beb\u00e9 ni\u00f1a con cuello redondo fantas\u00eda &#8211; Blanco<\/a><\/h2><\/li><li class=\"price-wrap\">\n\t<span class=\"price\"><span class=\"woocommerce-Price-amount amount\"><bdi>18<span class=\"woocommerce-Price-currencySymbol\">&euro;<\/span><\/bdi><\/span><\/span>\n<\/li><\/ul><\/div><!-- .product-inner .clr --><\/li>\n<li class=\"entry has-media has-rating col span_1_of_2 owp-content-center owp-thumbs-layout-vertical owp-btn-big owp-tabs-layout-vertical circle-sale product type-product post-33814 status-publish last instock product_cat-pelele-peto-ranita-nacimiento product_cat-pelele-peto-ranita-nacimiento-nina product_cat-pelele-peto-ranita-bebe product_cat-pelele-peto-ranita-bebe-nina product_cat-ropa has-post-thumbnail taxable shipping-taxable purchasable product-type-variable has-default-attributes\">\n\t<div class=\"product-inner clr\">\n\t<div class=\"woo-entry-image-swap woo-entry-image clr\">\n\t\t<a href=\"https:\/\/voyagedelabaleine.fr\/es\/producto\/ranita-de-bebe-nina-a-rayas-rosa-palido\/\" class=\"woocommerce-LoopProduct-link\"><img decoding=\"async\" width=\"600\" height=\"800\" src=\"https:\/\/voyagedelabaleine.fr\/wp-content\/uploads\/2025\/02\/barboteuse-rayee-rose-600x800.jpg\" class=\"woo-entry-image-main\" alt=\"Ranita de beb\u00e9 ni\u00f1a a rayas &#8211; Rosa p\u00e1lido\" itemprop=\"image\" srcset=\"https:\/\/voyagedelabaleine.fr\/wp-content\/uploads\/2025\/02\/barboteuse-rayee-rose-600x800.jpg 600w, https:\/\/voyagedelabaleine.fr\/wp-content\/uploads\/2025\/02\/barboteuse-rayee-rose-225x300.jpg 225w, https:\/\/voyagedelabaleine.fr\/wp-content\/uploads\/2025\/02\/barboteuse-rayee-rose-768x1024.jpg 768w, https:\/\/voyagedelabaleine.fr\/wp-content\/uploads\/2025\/02\/barboteuse-rayee-rose-1152x1536.jpg 1152w, https:\/\/voyagedelabaleine.fr\/wp-content\/uploads\/2025\/02\/barboteuse-rayee-rose.jpg 1200w\" sizes=\"(max-width: 600px) 100vw, 600px\" \/><img decoding=\"async\" width=\"600\" height=\"800\" src=\"https:\/\/voyagedelabaleine.fr\/wp-content\/uploads\/2024\/05\/barboteuse-bebe-rose-600x800.jpg\" class=\"woo-entry-image-secondary\" alt=\"Ranita de beb\u00e9 ni\u00f1a a rayas &#8211; Rosa p\u00e1lido\" itemprop=\"image\" srcset=\"https:\/\/voyagedelabaleine.fr\/wp-content\/uploads\/2024\/05\/barboteuse-bebe-rose-600x799.jpg 600w, https:\/\/voyagedelabaleine.fr\/wp-content\/uploads\/2024\/05\/barboteuse-bebe-rose-225x300.jpg 225w, https:\/\/voyagedelabaleine.fr\/wp-content\/uploads\/2024\/05\/barboteuse-bebe-rose.jpg 611w\" sizes=\"(max-width: 600px) 100vw, 600px\" \/><\/a>\t<\/div><!-- .woo-entry-image-swap -->\n\n<ul class=\"woo-entry-inner clr\"><li class=\"image-wrap\">\n\t<div class=\"woo-entry-image-swap woo-entry-image clr\">\n\t\t<a href=\"https:\/\/voyagedelabaleine.fr\/es\/producto\/ranita-de-bebe-nina-a-rayas-rosa-palido\/\" class=\"woocommerce-LoopProduct-link\"><img decoding=\"async\" width=\"600\" height=\"800\" src=\"https:\/\/voyagedelabaleine.fr\/wp-content\/uploads\/2025\/02\/barboteuse-rayee-rose-600x800.jpg\" class=\"woo-entry-image-main\" alt=\"Ranita de beb\u00e9 ni\u00f1a a rayas &#8211; Rosa p\u00e1lido\" itemprop=\"image\" srcset=\"https:\/\/voyagedelabaleine.fr\/wp-content\/uploads\/2025\/02\/barboteuse-rayee-rose-600x800.jpg 600w, https:\/\/voyagedelabaleine.fr\/wp-content\/uploads\/2025\/02\/barboteuse-rayee-rose-225x300.jpg 225w, https:\/\/voyagedelabaleine.fr\/wp-content\/uploads\/2025\/02\/barboteuse-rayee-rose-768x1024.jpg 768w, https:\/\/voyagedelabaleine.fr\/wp-content\/uploads\/2025\/02\/barboteuse-rayee-rose-1152x1536.jpg 1152w, https:\/\/voyagedelabaleine.fr\/wp-content\/uploads\/2025\/02\/barboteuse-rayee-rose.jpg 1200w\" sizes=\"(max-width: 600px) 100vw, 600px\" \/><img decoding=\"async\" width=\"600\" height=\"800\" src=\"https:\/\/voyagedelabaleine.fr\/wp-content\/uploads\/2024\/05\/barboteuse-bebe-rose-600x800.jpg\" class=\"woo-entry-image-secondary\" alt=\"Ranita de beb\u00e9 ni\u00f1a a rayas &#8211; Rosa p\u00e1lido\" itemprop=\"image\" srcset=\"https:\/\/voyagedelabaleine.fr\/wp-content\/uploads\/2024\/05\/barboteuse-bebe-rose-600x799.jpg 600w, https:\/\/voyagedelabaleine.fr\/wp-content\/uploads\/2024\/05\/barboteuse-bebe-rose-225x300.jpg 225w, https:\/\/voyagedelabaleine.fr\/wp-content\/uploads\/2024\/05\/barboteuse-bebe-rose.jpg 611w\" sizes=\"(max-width: 600px) 100vw, 600px\" \/><\/a>\t<\/div><!-- .woo-entry-image-swap -->\n\n<\/li><li class=\"title\"><h2><a href=\"https:\/\/voyagedelabaleine.fr\/es\/producto\/ranita-de-bebe-nina-a-rayas-rosa-palido\/\">Ranita de beb\u00e9 ni\u00f1a a rayas &#8211; Rosa p\u00e1lido<\/a><\/h2><\/li><li class=\"price-wrap\">\n\t<span class=\"price\"><span class=\"woocommerce-Price-amount amount\"><bdi>44<span class=\"woocommerce-Price-currencySymbol\">&euro;<\/span><\/bdi><\/span><\/span>\n<\/li><\/ul><\/div><!-- .product-inner .clr --><\/li>\n<\/ul>\n<\/div><\/div>\n\t\t\t\t\t\t<\/div>\n\t\t\t\t<\/div>\n\t\t<div class=\"elementor-element elementor-element-5226b9d e-con-full e-flex e-con e-parent\" data-id=\"5226b9d\" data-element_type=\"container\" data-e-type=\"container\">\n\t\t\t\t<div class=\"elementor-element elementor-element-126263e elementor-widget-divider--separator-type-pattern elementor-widget-divider--view-line elementor-widget elementor-widget-divider\" data-id=\"126263e\" data-element_type=\"widget\" data-e-type=\"widget\" data-widget_type=\"divider.default\">\n\t\t\t\t\t\t\t<div class=\"elementor-divider\" style=\"--divider-pattern-url: url(&quot;data:image\/svg+xml,%3Csvg xmlns=&#039;http:\/\/www.w3.org\/2000\/svg&#039; preserveAspectRatio=&#039;none&#039; overflow=&#039;visible&#039; height=&#039;100%&#039; viewBox=&#039;0 0 24 24&#039; fill=&#039;black&#039; stroke=&#039;none&#039;%3E%3Cpath d=&#039;M12.7,2.3c-0.4-0.4-1.1-0.4-1.5,0l-8,9.1c-0.3,0.4-0.3,0.9,0,1.2l8,9.1c0.4,0.4,1.1,0.4,1.5,0l8-9.1c0.3-0.4,0.3-0.9,0-1.2L12.7,2.3z&#039;\/%3E%3C\/svg%3E&quot;);\">\n\t\t\t<span class=\"elementor-divider-separator\">\n\t\t\t\t\t\t<\/span>\n\t\t<\/div>\n\t\t\t\t\t\t<\/div>\n\t\t\t\t<div class=\"elementor-element elementor-element-9780d3a elementor-widget elementor-widget-heading\" data-id=\"9780d3a\" data-element_type=\"widget\" data-e-type=\"widget\" data-widget_type=\"heading.default\">\n\t\t\t\t\t<h2 class=\"elementor-heading-title elementor-size-default\">Primeros d\u00edas rayados de ternura<\/h2>\t\t\t\t<\/div>\n\t\t\t\t<div class=\"elementor-element elementor-element-22bbc6b elementor-widget__width-initial elementor-widget-mobile__width-inherit elementor-widget elementor-widget-shortcode\" data-id=\"22bbc6b\" data-element_type=\"widget\" data-e-type=\"widget\" data-widget_type=\"shortcode.default\">\n\t\t\t\t\t\t\t<div class=\"elementor-shortcode\"><div class=\"woocommerce columns-2 \">\r\n<ul class=\"products oceanwp-row clr grid tablet-col tablet-2-col mobile-col mobile-2-col\">\r\n<li class=\"entry has-media col span_1_of_2 owp-content-center owp-thumbs-layout-vertical owp-btn-big owp-tabs-layout-vertical circle-sale product type-product post-33322 status-publish first instock product_cat-zapatitos-nacimiento product_cat-zapatitos-nacimiento-nina product_cat-zapatitos-nacimiento-nino product_cat-zapatitos-bebe product_cat-zapatitos-bebe-nina product_cat-zapatitos-bebe-nino product_cat-ultima-oportunidad product_tag-zapatillas has-post-thumbnail featured taxable shipping-taxable purchasable product-type-variable has-default-attributes\">\n\t<div class=\"product-inner clr\">\n\t<div class=\"woo-entry-image-swap woo-entry-image clr\">\n\t\t<a href=\"https:\/\/voyagedelabaleine.fr\/es\/producto\/patucos-altos-de-cuero-para-bebe-beige\/\" class=\"woocommerce-LoopProduct-link\"><img decoding=\"async\" width=\"600\" height=\"800\" src=\"https:\/\/voyagedelabaleine.fr\/wp-content\/uploads\/2023\/10\/chaussons-bebe-hauts-cuir-beige-1-600x800.jpg\" class=\"woo-entry-image-main\" alt=\"Patucos altos de cuero para beb\u00e9 &#8211; Beige\" itemprop=\"image\" srcset=\"https:\/\/voyagedelabaleine.fr\/wp-content\/uploads\/2023\/10\/chaussons-bebe-hauts-cuir-beige-1-600x800.jpg 600w, https:\/\/voyagedelabaleine.fr\/wp-content\/uploads\/2023\/10\/chaussons-bebe-hauts-cuir-beige-1-225x300.jpg 225w, https:\/\/voyagedelabaleine.fr\/wp-content\/uploads\/2023\/10\/chaussons-bebe-hauts-cuir-beige-1-768x1024.jpg 768w, https:\/\/voyagedelabaleine.fr\/wp-content\/uploads\/2023\/10\/chaussons-bebe-hauts-cuir-beige-1.jpg 855w\" sizes=\"(max-width: 600px) 100vw, 600px\" \/><img decoding=\"async\" width=\"600\" height=\"800\" src=\"https:\/\/voyagedelabaleine.fr\/wp-content\/uploads\/2023\/10\/chaussons-bebe-hauts-cuir-beige-2-600x800.jpg\" class=\"woo-entry-image-secondary\" alt=\"Patucos altos de cuero para beb\u00e9 &#8211; Beige\" itemprop=\"image\" srcset=\"https:\/\/voyagedelabaleine.fr\/wp-content\/uploads\/2023\/10\/chaussons-bebe-hauts-cuir-beige-2-600x800.jpg 600w, https:\/\/voyagedelabaleine.fr\/wp-content\/uploads\/2023\/10\/chaussons-bebe-hauts-cuir-beige-2-225x300.jpg 225w, https:\/\/voyagedelabaleine.fr\/wp-content\/uploads\/2023\/10\/chaussons-bebe-hauts-cuir-beige-2.jpg 679w\" sizes=\"(max-width: 600px) 100vw, 600px\" \/><\/a>\t<\/div><!-- .woo-entry-image-swap -->\n\n<ul class=\"woo-entry-inner clr\"><li class=\"image-wrap\">\n\t<div class=\"woo-entry-image-swap woo-entry-image clr\">\n\t\t<a href=\"https:\/\/voyagedelabaleine.fr\/es\/producto\/patucos-altos-de-cuero-para-bebe-beige\/\" class=\"woocommerce-LoopProduct-link\"><img decoding=\"async\" width=\"600\" height=\"800\" src=\"https:\/\/voyagedelabaleine.fr\/wp-content\/uploads\/2023\/10\/chaussons-bebe-hauts-cuir-beige-1-600x800.jpg\" class=\"woo-entry-image-main\" alt=\"Patucos altos de cuero para beb\u00e9 &#8211; Beige\" itemprop=\"image\" srcset=\"https:\/\/voyagedelabaleine.fr\/wp-content\/uploads\/2023\/10\/chaussons-bebe-hauts-cuir-beige-1-600x800.jpg 600w, https:\/\/voyagedelabaleine.fr\/wp-content\/uploads\/2023\/10\/chaussons-bebe-hauts-cuir-beige-1-225x300.jpg 225w, https:\/\/voyagedelabaleine.fr\/wp-content\/uploads\/2023\/10\/chaussons-bebe-hauts-cuir-beige-1-768x1024.jpg 768w, https:\/\/voyagedelabaleine.fr\/wp-content\/uploads\/2023\/10\/chaussons-bebe-hauts-cuir-beige-1.jpg 855w\" sizes=\"(max-width: 600px) 100vw, 600px\" \/><img decoding=\"async\" width=\"600\" height=\"800\" src=\"https:\/\/voyagedelabaleine.fr\/wp-content\/uploads\/2023\/10\/chaussons-bebe-hauts-cuir-beige-2-600x800.jpg\" class=\"woo-entry-image-secondary\" alt=\"Patucos altos de cuero para beb\u00e9 &#8211; Beige\" itemprop=\"image\" srcset=\"https:\/\/voyagedelabaleine.fr\/wp-content\/uploads\/2023\/10\/chaussons-bebe-hauts-cuir-beige-2-600x800.jpg 600w, https:\/\/voyagedelabaleine.fr\/wp-content\/uploads\/2023\/10\/chaussons-bebe-hauts-cuir-beige-2-225x300.jpg 225w, https:\/\/voyagedelabaleine.fr\/wp-content\/uploads\/2023\/10\/chaussons-bebe-hauts-cuir-beige-2.jpg 679w\" sizes=\"(max-width: 600px) 100vw, 600px\" \/><\/a>\t<\/div><!-- .woo-entry-image-swap -->\n\n<\/li><li class=\"title\"><h2><a href=\"https:\/\/voyagedelabaleine.fr\/es\/producto\/patucos-altos-de-cuero-para-bebe-beige\/\">Patucos altos de cuero para beb\u00e9 &#8211; Beige<\/a><\/h2><\/li><li class=\"price-wrap\">\n\t<span class=\"price\"><span class=\"woocommerce-Price-amount amount\"><bdi>36<span class=\"woocommerce-Price-currencySymbol\">&euro;<\/span><\/bdi><\/span><\/span>\n<\/li><\/ul><\/div><!-- .product-inner .clr --><\/li>\n<li class=\"entry has-media col span_1_of_2 owp-content-center owp-thumbs-layout-vertical owp-btn-big owp-tabs-layout-vertical circle-sale product type-product post-32631 status-publish last instock product_cat-pelele-peto-ranita-nacimiento product_cat-pelele-peto-ranita-nacimiento-nina product_cat-pelele-peto-ranita-bebe product_cat-pelele-peto-ranita-bebe-nina product_cat-ropa product_cat-ultima-oportunidad has-post-thumbnail taxable shipping-taxable purchasable product-type-variable has-default-attributes\">\n\t<div class=\"product-inner clr\">\n\t<div class=\"woo-entry-image-swap woo-entry-image clr\">\n\t\t<a href=\"https:\/\/voyagedelabaleine.fr\/es\/producto\/ranita-de-rayas-con-mangas-con-volantes-rosa-blanco\/\" class=\"woocommerce-LoopProduct-link\"><img decoding=\"async\" width=\"600\" height=\"800\" src=\"https:\/\/voyagedelabaleine.fr\/wp-content\/uploads\/2025\/03\/barboteuse-bebe-rayee-rose-600x800.jpg\" class=\"woo-entry-image-main\" alt=\"Ranita de rayas con mangas con volantes &#8211; Rosa\/blanco\" itemprop=\"image\" srcset=\"https:\/\/voyagedelabaleine.fr\/wp-content\/uploads\/2025\/03\/barboteuse-bebe-rayee-rose-600x800.jpg 600w, https:\/\/voyagedelabaleine.fr\/wp-content\/uploads\/2025\/03\/barboteuse-bebe-rayee-rose-225x300.jpg 225w, https:\/\/voyagedelabaleine.fr\/wp-content\/uploads\/2025\/03\/barboteuse-bebe-rayee-rose-768x1023.jpg 768w, https:\/\/voyagedelabaleine.fr\/wp-content\/uploads\/2025\/03\/barboteuse-bebe-rayee-rose-1153x1536.jpg 1153w, https:\/\/voyagedelabaleine.fr\/wp-content\/uploads\/2025\/03\/barboteuse-bebe-rayee-rose.jpg 1200w\" sizes=\"(max-width: 600px) 100vw, 600px\" \/><img decoding=\"async\" width=\"600\" height=\"800\" src=\"https:\/\/voyagedelabaleine.fr\/wp-content\/uploads\/2025\/03\/barboteuse-rayee-rose-3-1-600x800.jpg\" class=\"woo-entry-image-secondary\" alt=\"Ranita de rayas con mangas con volantes &#8211; Rosa\/blanco\" itemprop=\"image\" srcset=\"https:\/\/voyagedelabaleine.fr\/wp-content\/uploads\/2025\/03\/barboteuse-rayee-rose-3-1-600x800.jpg 600w, https:\/\/voyagedelabaleine.fr\/wp-content\/uploads\/2025\/03\/barboteuse-rayee-rose-3-1-225x300.jpg 225w, https:\/\/voyagedelabaleine.fr\/wp-content\/uploads\/2025\/03\/barboteuse-rayee-rose-3-1-768x1024.jpg 768w, https:\/\/voyagedelabaleine.fr\/wp-content\/uploads\/2025\/03\/barboteuse-rayee-rose-3-1.jpg 903w\" sizes=\"(max-width: 600px) 100vw, 600px\" \/><\/a>\t<\/div><!-- .woo-entry-image-swap -->\n\n<ul class=\"woo-entry-inner clr\"><li class=\"image-wrap\">\n\t<div class=\"woo-entry-image-swap woo-entry-image clr\">\n\t\t<a href=\"https:\/\/voyagedelabaleine.fr\/es\/producto\/ranita-de-rayas-con-mangas-con-volantes-rosa-blanco\/\" class=\"woocommerce-LoopProduct-link\"><img decoding=\"async\" width=\"600\" height=\"800\" src=\"https:\/\/voyagedelabaleine.fr\/wp-content\/uploads\/2025\/03\/barboteuse-bebe-rayee-rose-600x800.jpg\" class=\"woo-entry-image-main\" alt=\"Ranita de rayas con mangas con volantes &#8211; Rosa\/blanco\" itemprop=\"image\" srcset=\"https:\/\/voyagedelabaleine.fr\/wp-content\/uploads\/2025\/03\/barboteuse-bebe-rayee-rose-600x800.jpg 600w, https:\/\/voyagedelabaleine.fr\/wp-content\/uploads\/2025\/03\/barboteuse-bebe-rayee-rose-225x300.jpg 225w, https:\/\/voyagedelabaleine.fr\/wp-content\/uploads\/2025\/03\/barboteuse-bebe-rayee-rose-768x1023.jpg 768w, https:\/\/voyagedelabaleine.fr\/wp-content\/uploads\/2025\/03\/barboteuse-bebe-rayee-rose-1153x1536.jpg 1153w, https:\/\/voyagedelabaleine.fr\/wp-content\/uploads\/2025\/03\/barboteuse-bebe-rayee-rose.jpg 1200w\" sizes=\"(max-width: 600px) 100vw, 600px\" \/><img decoding=\"async\" width=\"600\" height=\"800\" src=\"https:\/\/voyagedelabaleine.fr\/wp-content\/uploads\/2025\/03\/barboteuse-rayee-rose-3-1-600x800.jpg\" class=\"woo-entry-image-secondary\" alt=\"Ranita de rayas con mangas con volantes &#8211; Rosa\/blanco\" itemprop=\"image\" srcset=\"https:\/\/voyagedelabaleine.fr\/wp-content\/uploads\/2025\/03\/barboteuse-rayee-rose-3-1-600x800.jpg 600w, https:\/\/voyagedelabaleine.fr\/wp-content\/uploads\/2025\/03\/barboteuse-rayee-rose-3-1-225x300.jpg 225w, https:\/\/voyagedelabaleine.fr\/wp-content\/uploads\/2025\/03\/barboteuse-rayee-rose-3-1-768x1024.jpg 768w, https:\/\/voyagedelabaleine.fr\/wp-content\/uploads\/2025\/03\/barboteuse-rayee-rose-3-1.jpg 903w\" sizes=\"(max-width: 600px) 100vw, 600px\" \/><\/a>\t<\/div><!-- .woo-entry-image-swap -->\n\n<\/li><li class=\"title\"><h2><a href=\"https:\/\/voyagedelabaleine.fr\/es\/producto\/ranita-de-rayas-con-mangas-con-volantes-rosa-blanco\/\">Ranita de rayas con mangas con volantes &#8211; Rosa\/blanco<\/a><\/h2><\/li><li class=\"price-wrap\">\n\t<span class=\"price\"><span class=\"woocommerce-Price-amount amount\"><bdi>52<span class=\"woocommerce-Price-currencySymbol\">&euro;<\/span><\/bdi><\/span><\/span>\n<\/li><\/ul><\/div><!-- .product-inner .clr --><\/li>\n<\/ul>\n<\/div><\/div>\n\t\t\t\t\t\t<\/div>\n\t\t\t\t<\/div>\n\t\t<div class=\"elementor-element elementor-element-0e33f7c e-con-full e-flex e-con e-parent\" data-id=\"0e33f7c\" data-element_type=\"container\" data-e-type=\"container\">\n\t\t\t\t<div class=\"elementor-element elementor-element-b729011 elementor-widget-divider--separator-type-pattern elementor-widget-divider--view-line elementor-widget elementor-widget-divider\" data-id=\"b729011\" data-element_type=\"widget\" data-e-type=\"widget\" data-widget_type=\"divider.default\">\n\t\t\t\t\t\t\t<div class=\"elementor-divider\" style=\"--divider-pattern-url: url(&quot;data:image\/svg+xml,%3Csvg xmlns=&#039;http:\/\/www.w3.org\/2000\/svg&#039; preserveAspectRatio=&#039;none&#039; overflow=&#039;visible&#039; height=&#039;100%&#039; viewBox=&#039;0 0 24 24&#039; fill=&#039;black&#039; stroke=&#039;none&#039;%3E%3Cpath d=&#039;M12.7,2.3c-0.4-0.4-1.1-0.4-1.5,0l-8,9.1c-0.3,0.4-0.3,0.9,0,1.2l8,9.1c0.4,0.4,1.1,0.4,1.5,0l8-9.1c0.3-0.4,0.3-0.9,0-1.2L12.7,2.3z&#039;\/%3E%3C\/svg%3E&quot;);\">\n\t\t\t<span class=\"elementor-divider-separator\">\n\t\t\t\t\t\t<\/span>\n\t\t<\/div>\n\t\t\t\t\t\t<\/div>\n\t\t\t\t<div class=\"elementor-element elementor-element-e9106aa elementor-widget elementor-widget-heading\" data-id=\"e9106aa\" data-element_type=\"widget\" data-e-type=\"widget\" data-widget_type=\"heading.default\">\n\t\t\t\t\t<h2 class=\"elementor-heading-title elementor-size-default\">Encanto atemporal<\/h2>\t\t\t\t<\/div>\n\t\t\t\t<div class=\"elementor-element elementor-element-8bf554f elementor-widget__width-initial elementor-widget-mobile__width-inherit elementor-widget elementor-widget-shortcode\" data-id=\"8bf554f\" data-element_type=\"widget\" data-e-type=\"widget\" data-widget_type=\"shortcode.default\">\n\t\t\t\t\t\t\t<div class=\"elementor-shortcode\"><div class=\"woocommerce columns-2 \">\r\n<ul class=\"products oceanwp-row clr grid tablet-col tablet-2-col mobile-col mobile-2-col\">\r\n<li class=\"entry has-media col span_1_of_2 owp-content-center owp-thumbs-layout-vertical owp-btn-big owp-tabs-layout-vertical circle-sale product type-product post-29083 status-publish first instock product_cat-bebe-nina product_cat-conjunto-peto-nina product_cat-conjunto-peto-ninos product_cat-conjuntos-nacimiento product_cat-conjuntos-nacimiento-nina product_cat-conjuntos-bebe product_cat-conjuntos-bebe-nina product_cat-nacimiento-nina product_cat-nina product_cat-pololo-short-pantalon-nacimiento product_cat-pololo-short-pantalon-nacimiento-nina product_cat-pololo-short-y-pantalon-bebe product_cat-pololo-short-pantalon-bebe-nina product_cat-ropa product_cat-vestido-nacimiento product_cat-vestido-bebe-nina product_cat-vestido-nina has-post-thumbnail taxable shipping-taxable purchasable product-type-variable has-default-attributes\">\n\t<div class=\"product-inner clr\">\n\t<div class=\"woo-entry-image-swap woo-entry-image clr\">\n\t\t<a href=\"https:\/\/voyagedelabaleine.fr\/es\/producto\/conjunto-para-bebe-nina-vestido-corto-de-vichy-y-braga-rosa\/\" class=\"woocommerce-LoopProduct-link\"><img decoding=\"async\" width=\"600\" height=\"800\" src=\"https:\/\/voyagedelabaleine.fr\/wp-content\/uploads\/2025\/04\/robe-vichy-rose-3-600x800.jpg\" class=\"woo-entry-image-main\" alt=\"Conjunto para beb\u00e9 ni\u00f1a, vestido corto de vichy y braga &#8211; Rosa\" itemprop=\"image\" srcset=\"https:\/\/voyagedelabaleine.fr\/wp-content\/uploads\/2025\/04\/robe-vichy-rose-3-600x800.jpg 600w, https:\/\/voyagedelabaleine.fr\/wp-content\/uploads\/2025\/04\/robe-vichy-rose-3-225x300.jpg 225w, https:\/\/voyagedelabaleine.fr\/wp-content\/uploads\/2025\/04\/robe-vichy-rose-3-768x1024.jpg 768w, https:\/\/voyagedelabaleine.fr\/wp-content\/uploads\/2025\/04\/robe-vichy-rose-3-1152x1536.jpg 1152w, https:\/\/voyagedelabaleine.fr\/wp-content\/uploads\/2025\/04\/robe-vichy-rose-3.jpg 1500w\" sizes=\"(max-width: 600px) 100vw, 600px\" \/><img decoding=\"async\" width=\"600\" height=\"800\" src=\"https:\/\/voyagedelabaleine.fr\/wp-content\/uploads\/2025\/04\/robe-vichy-rose-2-600x800.jpg\" class=\"woo-entry-image-secondary\" alt=\"Conjunto para beb\u00e9 ni\u00f1a, vestido corto de vichy y braga &#8211; Rosa\" itemprop=\"image\" srcset=\"https:\/\/voyagedelabaleine.fr\/wp-content\/uploads\/2025\/04\/robe-vichy-rose-2-600x800.jpg 600w, https:\/\/voyagedelabaleine.fr\/wp-content\/uploads\/2025\/04\/robe-vichy-rose-2-225x300.jpg 225w, https:\/\/voyagedelabaleine.fr\/wp-content\/uploads\/2025\/04\/robe-vichy-rose-2-768x1024.jpg 768w, https:\/\/voyagedelabaleine.fr\/wp-content\/uploads\/2025\/04\/robe-vichy-rose-2-1152x1536.jpg 1152w, https:\/\/voyagedelabaleine.fr\/wp-content\/uploads\/2025\/04\/robe-vichy-rose-2.jpg 1500w\" sizes=\"(max-width: 600px) 100vw, 600px\" \/><\/a>\t<\/div><!-- .woo-entry-image-swap -->\n\n<ul class=\"woo-entry-inner clr\"><li class=\"image-wrap\">\n\t<div class=\"woo-entry-image-swap woo-entry-image clr\">\n\t\t<a href=\"https:\/\/voyagedelabaleine.fr\/es\/producto\/conjunto-para-bebe-nina-vestido-corto-de-vichy-y-braga-rosa\/\" class=\"woocommerce-LoopProduct-link\"><img decoding=\"async\" width=\"600\" height=\"800\" src=\"https:\/\/voyagedelabaleine.fr\/wp-content\/uploads\/2025\/04\/robe-vichy-rose-3-600x800.jpg\" class=\"woo-entry-image-main\" alt=\"Conjunto para beb\u00e9 ni\u00f1a, vestido corto de vichy y braga &#8211; Rosa\" itemprop=\"image\" srcset=\"https:\/\/voyagedelabaleine.fr\/wp-content\/uploads\/2025\/04\/robe-vichy-rose-3-600x800.jpg 600w, https:\/\/voyagedelabaleine.fr\/wp-content\/uploads\/2025\/04\/robe-vichy-rose-3-225x300.jpg 225w, https:\/\/voyagedelabaleine.fr\/wp-content\/uploads\/2025\/04\/robe-vichy-rose-3-768x1024.jpg 768w, https:\/\/voyagedelabaleine.fr\/wp-content\/uploads\/2025\/04\/robe-vichy-rose-3-1152x1536.jpg 1152w, https:\/\/voyagedelabaleine.fr\/wp-content\/uploads\/2025\/04\/robe-vichy-rose-3.jpg 1500w\" sizes=\"(max-width: 600px) 100vw, 600px\" \/><img decoding=\"async\" width=\"600\" height=\"800\" src=\"https:\/\/voyagedelabaleine.fr\/wp-content\/uploads\/2025\/04\/robe-vichy-rose-2-600x800.jpg\" class=\"woo-entry-image-secondary\" alt=\"Conjunto para beb\u00e9 ni\u00f1a, vestido corto de vichy y braga &#8211; Rosa\" itemprop=\"image\" srcset=\"https:\/\/voyagedelabaleine.fr\/wp-content\/uploads\/2025\/04\/robe-vichy-rose-2-600x800.jpg 600w, https:\/\/voyagedelabaleine.fr\/wp-content\/uploads\/2025\/04\/robe-vichy-rose-2-225x300.jpg 225w, https:\/\/voyagedelabaleine.fr\/wp-content\/uploads\/2025\/04\/robe-vichy-rose-2-768x1024.jpg 768w, https:\/\/voyagedelabaleine.fr\/wp-content\/uploads\/2025\/04\/robe-vichy-rose-2-1152x1536.jpg 1152w, https:\/\/voyagedelabaleine.fr\/wp-content\/uploads\/2025\/04\/robe-vichy-rose-2.jpg 1500w\" sizes=\"(max-width: 600px) 100vw, 600px\" \/><\/a>\t<\/div><!-- .woo-entry-image-swap -->\n\n<\/li><li class=\"title\"><h2><a href=\"https:\/\/voyagedelabaleine.fr\/es\/producto\/conjunto-para-bebe-nina-vestido-corto-de-vichy-y-braga-rosa\/\">Conjunto para beb\u00e9 ni\u00f1a, vestido corto de vichy y braga &#8211; Rosa<\/a><\/h2><\/li><li class=\"price-wrap\">\n\t<span class=\"price\"><span class=\"woocommerce-Price-amount amount\"><bdi>64<span class=\"woocommerce-Price-currencySymbol\">&euro;<\/span><\/bdi><\/span><\/span>\n<\/li><\/ul><\/div><!-- .product-inner .clr --><\/li>\n<li class=\"entry has-media col span_1_of_2 owp-content-center owp-thumbs-layout-vertical owp-btn-big owp-tabs-layout-vertical circle-sale product type-product post-31587 status-publish last instock product_cat-calcetines-leotardos-nacimiento product_cat-calcetines-leotardos-nacimiento-nina product_cat-calcetines-leotardos-bebe-nina product_cat-calcetines-leotardos-bebes-ninos product_cat-ultima-oportunidad has-post-thumbnail sale taxable shipping-taxable purchasable product-type-variable has-default-attributes\">\n\t<div class=\"product-inner clr\">\n\t<div class=\"woo-entry-image-swap woo-entry-image clr\">\n\t\t<a href=\"https:\/\/voyagedelabaleine.fr\/es\/producto\/calcetines-cortos-calados-para-bebe-nina-blanco\/\" class=\"woocommerce-LoopProduct-link\"><img decoding=\"async\" width=\"600\" height=\"800\" src=\"https:\/\/voyagedelabaleine.fr\/wp-content\/uploads\/2024\/02\/chaussettes-bebe-coutes-blanches-ajourees-1-600x800.jpg\" class=\"woo-entry-image-main\" alt=\"Calcetines cortos calados para beb\u00e9 ni\u00f1a &#8211; Blanco\" itemprop=\"image\" srcset=\"https:\/\/voyagedelabaleine.fr\/wp-content\/uploads\/2024\/02\/chaussettes-bebe-coutes-blanches-ajourees-1-600x800.jpg 600w, https:\/\/voyagedelabaleine.fr\/wp-content\/uploads\/2024\/02\/chaussettes-bebe-coutes-blanches-ajourees-1-225x300.jpg 225w, https:\/\/voyagedelabaleine.fr\/wp-content\/uploads\/2024\/02\/chaussettes-bebe-coutes-blanches-ajourees-1-768x1024.jpg 768w, https:\/\/voyagedelabaleine.fr\/wp-content\/uploads\/2024\/02\/chaussettes-bebe-coutes-blanches-ajourees-1.jpg 855w\" sizes=\"(max-width: 600px) 100vw, 600px\" \/><img decoding=\"async\" width=\"590\" height=\"787\" src=\"https:\/\/voyagedelabaleine.fr\/wp-content\/uploads\/2024\/02\/chaussettes-bebe-coutes-blanches-ajourees-2.jpg\" class=\"woo-entry-image-secondary\" alt=\"Calcetines cortos calados para beb\u00e9 ni\u00f1a &#8211; Blanco\" itemprop=\"image\" srcset=\"https:\/\/voyagedelabaleine.fr\/wp-content\/uploads\/2024\/02\/chaussettes-bebe-coutes-blanches-ajourees-2.jpg 590w, https:\/\/voyagedelabaleine.fr\/wp-content\/uploads\/2024\/02\/chaussettes-bebe-coutes-blanches-ajourees-2-225x300.jpg 225w\" sizes=\"(max-width: 590px) 100vw, 590px\" \/><\/a>\t<\/div><!-- .woo-entry-image-swap -->\n\n<ul class=\"woo-entry-inner clr\"><li class=\"image-wrap\">\n\t<span class=\"onsale\">-20%<\/span>\n\t\n\t<div class=\"woo-entry-image-swap woo-entry-image clr\">\n\t\t<a href=\"https:\/\/voyagedelabaleine.fr\/es\/producto\/calcetines-cortos-calados-para-bebe-nina-blanco\/\" class=\"woocommerce-LoopProduct-link\"><img decoding=\"async\" width=\"600\" height=\"800\" src=\"https:\/\/voyagedelabaleine.fr\/wp-content\/uploads\/2024\/02\/chaussettes-bebe-coutes-blanches-ajourees-1-600x800.jpg\" class=\"woo-entry-image-main\" alt=\"Calcetines cortos calados para beb\u00e9 ni\u00f1a &#8211; Blanco\" itemprop=\"image\" srcset=\"https:\/\/voyagedelabaleine.fr\/wp-content\/uploads\/2024\/02\/chaussettes-bebe-coutes-blanches-ajourees-1-600x800.jpg 600w, https:\/\/voyagedelabaleine.fr\/wp-content\/uploads\/2024\/02\/chaussettes-bebe-coutes-blanches-ajourees-1-225x300.jpg 225w, https:\/\/voyagedelabaleine.fr\/wp-content\/uploads\/2024\/02\/chaussettes-bebe-coutes-blanches-ajourees-1-768x1024.jpg 768w, https:\/\/voyagedelabaleine.fr\/wp-content\/uploads\/2024\/02\/chaussettes-bebe-coutes-blanches-ajourees-1.jpg 855w\" sizes=\"(max-width: 600px) 100vw, 600px\" \/><img decoding=\"async\" width=\"590\" height=\"787\" src=\"https:\/\/voyagedelabaleine.fr\/wp-content\/uploads\/2024\/02\/chaussettes-bebe-coutes-blanches-ajourees-2.jpg\" class=\"woo-entry-image-secondary\" alt=\"Calcetines cortos calados para beb\u00e9 ni\u00f1a &#8211; Blanco\" itemprop=\"image\" srcset=\"https:\/\/voyagedelabaleine.fr\/wp-content\/uploads\/2024\/02\/chaussettes-bebe-coutes-blanches-ajourees-2.jpg 590w, https:\/\/voyagedelabaleine.fr\/wp-content\/uploads\/2024\/02\/chaussettes-bebe-coutes-blanches-ajourees-2-225x300.jpg 225w\" sizes=\"(max-width: 590px) 100vw, 590px\" \/><\/a>\t<\/div><!-- .woo-entry-image-swap -->\n\n<\/li><li class=\"title\"><h2><a href=\"https:\/\/voyagedelabaleine.fr\/es\/producto\/calcetines-cortos-calados-para-bebe-nina-blanco\/\">Calcetines cortos calados para beb\u00e9 ni\u00f1a &#8211; Blanco<\/a><\/h2><\/li><li class=\"price-wrap\">\n\t<span class=\"price\"><del aria-hidden=\"true\"><span class=\"woocommerce-Price-amount amount\"><bdi>7<span class=\"woocommerce-Price-currencySymbol\">&euro;<\/span><\/bdi><\/span><\/del> <span class=\"screen-reader-text\">El precio original era: 7&euro;.<\/span><ins aria-hidden=\"true\"><span class=\"woocommerce-Price-amount amount\"><bdi>5,60<span class=\"woocommerce-Price-currencySymbol\">&euro;<\/span><\/bdi><\/span><\/ins><span class=\"screen-reader-text\">El precio actual es: 5,60&euro;.<\/span><\/span>\n<\/li><\/ul><\/div><!-- .product-inner .clr --><\/li>\n<\/ul>\n<\/div><\/div>\n\t\t\t\t\t\t<\/div>\n\t\t\t\t<\/div>\n\t\t<div class=\"elementor-element elementor-element-d563c6b e-con-full e-flex e-con e-parent\" data-id=\"d563c6b\" data-element_type=\"container\" data-e-type=\"container\">\n\t\t\t\t<div class=\"elementor-element elementor-element-dc48903 elementor-widget-divider--separator-type-pattern elementor-widget-divider--view-line elementor-widget elementor-widget-divider\" data-id=\"dc48903\" data-element_type=\"widget\" data-e-type=\"widget\" data-widget_type=\"divider.default\">\n\t\t\t\t\t\t\t<div class=\"elementor-divider\" style=\"--divider-pattern-url: url(&quot;data:image\/svg+xml,%3Csvg xmlns=&#039;http:\/\/www.w3.org\/2000\/svg&#039; preserveAspectRatio=&#039;none&#039; overflow=&#039;visible&#039; height=&#039;100%&#039; viewBox=&#039;0 0 24 24&#039; fill=&#039;black&#039; stroke=&#039;none&#039;%3E%3Cpath d=&#039;M12.7,2.3c-0.4-0.4-1.1-0.4-1.5,0l-8,9.1c-0.3,0.4-0.3,0.9,0,1.2l8,9.1c0.4,0.4,1.1,0.4,1.5,0l8-9.1c0.3-0.4,0.3-0.9,0-1.2L12.7,2.3z&#039;\/%3E%3C\/svg%3E&quot;);\">\n\t\t\t<span class=\"elementor-divider-separator\">\n\t\t\t\t\t\t<\/span>\n\t\t<\/div>\n\t\t\t\t\t\t<\/div>\n\t\t\t\t<div class=\"elementor-element elementor-element-10c34c3 elementor-widget elementor-widget-heading\" data-id=\"10c34c3\" data-element_type=\"widget\" data-e-type=\"widget\" data-widget_type=\"heading.default\">\n\t\t\t\t\t<h2 class=\"elementor-heading-title elementor-size-default\">Merino y dulzura<\/h2>\t\t\t\t<\/div>\n\t\t\t\t<div class=\"elementor-element elementor-element-72cfc47 elementor-widget__width-initial elementor-widget-mobile__width-inherit elementor-widget elementor-widget-shortcode\" data-id=\"72cfc47\" data-element_type=\"widget\" data-e-type=\"widget\" data-widget_type=\"shortcode.default\">\n\t\t\t\t\t\t\t<div class=\"elementor-shortcode\"><div class=\"woocommerce columns-2 \">\r\n<ul class=\"products oceanwp-row clr grid tablet-col tablet-2-col mobile-col mobile-2-col\">\r\n<li class=\"entry has-media has-rating col span_1_of_2 owp-content-center owp-thumbs-layout-vertical owp-btn-big owp-tabs-layout-vertical circle-sale product type-product post-30520 status-publish first instock product_cat-zapatitos-nacimiento product_cat-zapatitos-nacimiento-nina product_cat-zapatitos-nacimiento-nino product_cat-zapatitos-bebe product_cat-zapatitos-bebe-nina product_cat-zapatitos-bebe-nino has-post-thumbnail taxable shipping-taxable purchasable product-type-variable has-default-attributes\">\n\t<div class=\"product-inner clr\">\n\t<div class=\"woo-entry-image-swap woo-entry-image clr\">\n\t\t<a href=\"https:\/\/voyagedelabaleine.fr\/es\/producto\/patucos-de-bebe-de-punto-bobo-en-lana-merino-crema\/\" class=\"woocommerce-LoopProduct-link\"><img decoding=\"async\" width=\"600\" height=\"800\" src=\"https:\/\/voyagedelabaleine.fr\/wp-content\/uploads\/2024\/10\/chaussons-point-mousse-1-scaled-600x800.jpg\" class=\"woo-entry-image-main\" alt=\"Patucos de beb\u00e9 de punto bobo en lana merino &#8211; Crema\" itemprop=\"image\" srcset=\"https:\/\/voyagedelabaleine.fr\/wp-content\/uploads\/2024\/10\/chaussons-point-mousse-1-scaled-600x800.jpg 600w, https:\/\/voyagedelabaleine.fr\/wp-content\/uploads\/2024\/10\/chaussons-point-mousse-1-scaled-225x300.jpg 225w, https:\/\/voyagedelabaleine.fr\/wp-content\/uploads\/2024\/10\/chaussons-point-mousse-1-scaled-768x1024.jpg 768w, https:\/\/voyagedelabaleine.fr\/wp-content\/uploads\/2024\/10\/chaussons-point-mousse-1-scaled-1152x1536.jpg 1152w, https:\/\/voyagedelabaleine.fr\/wp-content\/uploads\/2024\/10\/chaussons-point-mousse-1-scaled.jpg 1536w\" sizes=\"(max-width: 600px) 100vw, 600px\" \/><img decoding=\"async\" width=\"600\" height=\"800\" src=\"https:\/\/voyagedelabaleine.fr\/wp-content\/uploads\/2024\/10\/chaussons-point-mousse-600x800.jpg\" class=\"woo-entry-image-secondary\" alt=\"Patucos de beb\u00e9 de punto bobo en lana merino &#8211; Crema\" itemprop=\"image\" srcset=\"https:\/\/voyagedelabaleine.fr\/wp-content\/uploads\/2024\/10\/chaussons-point-mousse-600x800.jpg 600w, https:\/\/voyagedelabaleine.fr\/wp-content\/uploads\/2024\/10\/chaussons-point-mousse-225x300.jpg 225w, https:\/\/voyagedelabaleine.fr\/wp-content\/uploads\/2024\/10\/chaussons-point-mousse-768x1024.jpg 768w, https:\/\/voyagedelabaleine.fr\/wp-content\/uploads\/2024\/10\/chaussons-point-mousse.jpg 1100w\" sizes=\"(max-width: 600px) 100vw, 600px\" \/><\/a>\t<\/div><!-- .woo-entry-image-swap -->\n\n<ul class=\"woo-entry-inner clr\"><li class=\"image-wrap\">\n\t<div class=\"woo-entry-image-swap woo-entry-image clr\">\n\t\t<a href=\"https:\/\/voyagedelabaleine.fr\/es\/producto\/patucos-de-bebe-de-punto-bobo-en-lana-merino-crema\/\" class=\"woocommerce-LoopProduct-link\"><img decoding=\"async\" width=\"600\" height=\"800\" src=\"https:\/\/voyagedelabaleine.fr\/wp-content\/uploads\/2024\/10\/chaussons-point-mousse-1-scaled-600x800.jpg\" class=\"woo-entry-image-main\" alt=\"Patucos de beb\u00e9 de punto bobo en lana merino &#8211; Crema\" itemprop=\"image\" srcset=\"https:\/\/voyagedelabaleine.fr\/wp-content\/uploads\/2024\/10\/chaussons-point-mousse-1-scaled-600x800.jpg 600w, https:\/\/voyagedelabaleine.fr\/wp-content\/uploads\/2024\/10\/chaussons-point-mousse-1-scaled-225x300.jpg 225w, https:\/\/voyagedelabaleine.fr\/wp-content\/uploads\/2024\/10\/chaussons-point-mousse-1-scaled-768x1024.jpg 768w, https:\/\/voyagedelabaleine.fr\/wp-content\/uploads\/2024\/10\/chaussons-point-mousse-1-scaled-1152x1536.jpg 1152w, https:\/\/voyagedelabaleine.fr\/wp-content\/uploads\/2024\/10\/chaussons-point-mousse-1-scaled.jpg 1536w\" sizes=\"(max-width: 600px) 100vw, 600px\" \/><img decoding=\"async\" width=\"600\" height=\"800\" src=\"https:\/\/voyagedelabaleine.fr\/wp-content\/uploads\/2024\/10\/chaussons-point-mousse-600x800.jpg\" class=\"woo-entry-image-secondary\" alt=\"Patucos de beb\u00e9 de punto bobo en lana merino &#8211; Crema\" itemprop=\"image\" srcset=\"https:\/\/voyagedelabaleine.fr\/wp-content\/uploads\/2024\/10\/chaussons-point-mousse-600x800.jpg 600w, https:\/\/voyagedelabaleine.fr\/wp-content\/uploads\/2024\/10\/chaussons-point-mousse-225x300.jpg 225w, https:\/\/voyagedelabaleine.fr\/wp-content\/uploads\/2024\/10\/chaussons-point-mousse-768x1024.jpg 768w, https:\/\/voyagedelabaleine.fr\/wp-content\/uploads\/2024\/10\/chaussons-point-mousse.jpg 1100w\" sizes=\"(max-width: 600px) 100vw, 600px\" \/><\/a>\t<\/div><!-- .woo-entry-image-swap -->\n\n<\/li><li class=\"title\"><h2><a href=\"https:\/\/voyagedelabaleine.fr\/es\/producto\/patucos-de-bebe-de-punto-bobo-en-lana-merino-crema\/\">Patucos de beb\u00e9 de punto bobo en lana merino &#8211; Crema<\/a><\/h2><\/li><li class=\"price-wrap\">\n\t<span class=\"price\"><span class=\"woocommerce-Price-amount amount\"><bdi>28<span class=\"woocommerce-Price-currencySymbol\">&euro;<\/span><\/bdi><\/span><\/span>\n<\/li><\/ul><\/div><!-- .product-inner .clr --><\/li>\n<li class=\"entry has-media has-rating col span_1_of_2 owp-content-center owp-thumbs-layout-vertical owp-btn-big owp-tabs-layout-vertical circle-sale product type-product post-29565 status-publish last instock product_cat-jersey-irlandes-bebes-ninos product_cat-jersey-chaleco-cardigan-bebe product_cat-jersey-chaleco-cardigan-bebe-nina product_cat-jersey-chaleco-cardigan-nina product_cat-jersey-chaleco-cardigan-ninos product_cat-ropa has-post-thumbnail taxable shipping-taxable purchasable product-type-variable has-default-attributes\">\n\t<div class=\"product-inner clr\">\n\t<div class=\"woo-entry-image-swap woo-entry-image clr\">\n\t\t<a href=\"https:\/\/voyagedelabaleine.fr\/es\/producto\/chaleco-trenzado-para-bebe-nina-pura-lana-merina-crudo\/\" class=\"woocommerce-LoopProduct-link\"><img decoding=\"async\" width=\"600\" height=\"800\" src=\"https:\/\/voyagedelabaleine.fr\/wp-content\/uploads\/2024\/11\/IMG_2335-fotor-20241126143428-1-600x800.jpg\" class=\"woo-entry-image-main\" alt=\"Chaleco trenzado para beb\u00e9 ni\u00f1a &#8211; Pura lana merina &#8211; Crudo\" itemprop=\"image\" srcset=\"https:\/\/voyagedelabaleine.fr\/wp-content\/uploads\/2024\/11\/IMG_2335-fotor-20241126143428-1-600x800.jpg 600w, https:\/\/voyagedelabaleine.fr\/wp-content\/uploads\/2024\/11\/IMG_2335-fotor-20241126143428-1-225x300.jpg 225w, https:\/\/voyagedelabaleine.fr\/wp-content\/uploads\/2024\/11\/IMG_2335-fotor-20241126143428-1-768x1024.jpg 768w, https:\/\/voyagedelabaleine.fr\/wp-content\/uploads\/2024\/11\/IMG_2335-fotor-20241126143428-1.jpg 800w\" sizes=\"(max-width: 600px) 100vw, 600px\" \/><img decoding=\"async\" width=\"600\" height=\"800\" src=\"https:\/\/voyagedelabaleine.fr\/wp-content\/uploads\/2024\/11\/IMG_2335-fotor-20241126143553-1-600x800.jpg\" class=\"woo-entry-image-secondary\" alt=\"Chaleco trenzado para beb\u00e9 ni\u00f1a &#8211; Pura lana merina &#8211; Crudo\" itemprop=\"image\" srcset=\"https:\/\/voyagedelabaleine.fr\/wp-content\/uploads\/2024\/11\/IMG_2335-fotor-20241126143553-1-600x800.jpg 600w, https:\/\/voyagedelabaleine.fr\/wp-content\/uploads\/2024\/11\/IMG_2335-fotor-20241126143553-1-225x300.jpg 225w, https:\/\/voyagedelabaleine.fr\/wp-content\/uploads\/2024\/11\/IMG_2335-fotor-20241126143553-1-768x1024.jpg 768w, https:\/\/voyagedelabaleine.fr\/wp-content\/uploads\/2024\/11\/IMG_2335-fotor-20241126143553-1.jpg 800w\" sizes=\"(max-width: 600px) 100vw, 600px\" \/><\/a>\t<\/div><!-- .woo-entry-image-swap -->\n\n<ul class=\"woo-entry-inner clr\"><li class=\"image-wrap\">\n\t<div class=\"woo-entry-image-swap woo-entry-image clr\">\n\t\t<a href=\"https:\/\/voyagedelabaleine.fr\/es\/producto\/chaleco-trenzado-para-bebe-nina-pura-lana-merina-crudo\/\" class=\"woocommerce-LoopProduct-link\"><img decoding=\"async\" width=\"600\" height=\"800\" src=\"https:\/\/voyagedelabaleine.fr\/wp-content\/uploads\/2024\/11\/IMG_2335-fotor-20241126143428-1-600x800.jpg\" class=\"woo-entry-image-main\" alt=\"Chaleco trenzado para beb\u00e9 ni\u00f1a &#8211; Pura lana merina &#8211; Crudo\" itemprop=\"image\" srcset=\"https:\/\/voyagedelabaleine.fr\/wp-content\/uploads\/2024\/11\/IMG_2335-fotor-20241126143428-1-600x800.jpg 600w, https:\/\/voyagedelabaleine.fr\/wp-content\/uploads\/2024\/11\/IMG_2335-fotor-20241126143428-1-225x300.jpg 225w, https:\/\/voyagedelabaleine.fr\/wp-content\/uploads\/2024\/11\/IMG_2335-fotor-20241126143428-1-768x1024.jpg 768w, https:\/\/voyagedelabaleine.fr\/wp-content\/uploads\/2024\/11\/IMG_2335-fotor-20241126143428-1.jpg 800w\" sizes=\"(max-width: 600px) 100vw, 600px\" \/><img decoding=\"async\" width=\"600\" height=\"800\" src=\"https:\/\/voyagedelabaleine.fr\/wp-content\/uploads\/2024\/11\/IMG_2335-fotor-20241126143553-1-600x800.jpg\" class=\"woo-entry-image-secondary\" alt=\"Chaleco trenzado para beb\u00e9 ni\u00f1a &#8211; Pura lana merina &#8211; Crudo\" itemprop=\"image\" srcset=\"https:\/\/voyagedelabaleine.fr\/wp-content\/uploads\/2024\/11\/IMG_2335-fotor-20241126143553-1-600x800.jpg 600w, https:\/\/voyagedelabaleine.fr\/wp-content\/uploads\/2024\/11\/IMG_2335-fotor-20241126143553-1-225x300.jpg 225w, https:\/\/voyagedelabaleine.fr\/wp-content\/uploads\/2024\/11\/IMG_2335-fotor-20241126143553-1-768x1024.jpg 768w, https:\/\/voyagedelabaleine.fr\/wp-content\/uploads\/2024\/11\/IMG_2335-fotor-20241126143553-1.jpg 800w\" sizes=\"(max-width: 600px) 100vw, 600px\" \/><\/a>\t<\/div><!-- .woo-entry-image-swap -->\n\n<\/li><li class=\"title\"><h2><a href=\"https:\/\/voyagedelabaleine.fr\/es\/producto\/chaleco-trenzado-para-bebe-nina-pura-lana-merina-crudo\/\">Chaleco trenzado para beb\u00e9 ni\u00f1a &#8211; Pura lana merina &#8211; Crudo<\/a><\/h2><\/li><li class=\"price-wrap\">\n\t<span class=\"price\"><span class=\"woocommerce-Price-amount amount\"><bdi>60<span class=\"woocommerce-Price-currencySymbol\">&euro;<\/span><\/bdi><\/span><\/span>\n<\/li><\/ul><\/div><!-- .product-inner .clr --><\/li>\n<\/ul>\n<\/div><\/div>\n\t\t\t\t\t\t<\/div>\n\t\t<div class=\"elementor-element elementor-element-85821d5 e-flex e-con-boxed e-con e-child\" data-id=\"85821d5\" data-element_type=\"container\" data-e-type=\"container\">\n\t\t\t\t\t<div class=\"e-con-inner\">\n\t\t<div class=\"elementor-element elementor-element-c52978e e-con-full e-flex e-con e-child\" data-id=\"c52978e\" data-element_type=\"container\" data-e-type=\"container\">\n\t\t\t\t<div class=\"elementor-element elementor-element-edc94f5 elementor-align-center elementor-widget elementor-widget-button\" data-id=\"edc94f5\" data-element_type=\"widget\" data-e-type=\"widget\" data-widget_type=\"button.default\">\n\t\t\t\t\t\t\t\t\t\t<a class=\"elementor-button elementor-button-link elementor-size-sm\" href=\"https:\/\/voyagedelabaleine.fr\/it\/categorie-produit\/bebe\/bebe-fille\/\">\n\t\t\t\t\t\t<span class=\"elementor-button-content-wrapper\">\n\t\t\t\t\t\t\t\t\t<span class=\"elementor-button-text\">Explore toda la colecci\u00f3n beb\u00e9 ni\u00f1a (12-36 meses)<\/span>\n\t\t\t\t\t<\/span>\n\t\t\t\t\t<\/a>\n\t\t\t\t\t\t\t\t<\/div>\n\t\t\t\t<div class=\"elementor-element elementor-element-20823c1 elementor-widget elementor-widget-spacer\" data-id=\"20823c1\" data-element_type=\"widget\" data-e-type=\"widget\" data-widget_type=\"spacer.default\">\n\t\t\t\t\t\t\t<div class=\"elementor-spacer\">\n\t\t\t<div class=\"elementor-spacer-inner\"><\/div>\n\t\t<\/div>\n\t\t\t\t\t\t<\/div>\n\t\t\t\t<div class=\"elementor-element elementor-element-b8b57ee elementor-align-center elementor-widget elementor-widget-button\" data-id=\"b8b57ee\" data-element_type=\"widget\" data-e-type=\"widget\" data-widget_type=\"button.default\">\n\t\t\t\t\t\t\t\t\t\t<a class=\"elementor-button elementor-button-link elementor-size-sm\" href=\"https:\/\/voyagedelabaleine.fr\/it\/categorie-produit\/naissance\/naissance-fille\/\">\n\t\t\t\t\t\t<span class=\"elementor-button-content-wrapper\">\n\t\t\t\t\t\t\t\t\t<span class=\"elementor-button-text\">Explore toda la colecci\u00f3n nacimiento ni\u00f1a (0-6 meses)<\/span>\n\t\t\t\t\t<\/span>\n\t\t\t\t\t<\/a>\n\t\t\t\t\t\t\t\t<\/div>\n\t\t\t\t<div class=\"elementor-element elementor-element-b7aa265 elementor-widget elementor-widget-spacer\" data-id=\"b7aa265\" data-element_type=\"widget\" data-e-type=\"widget\" data-widget_type=\"spacer.default\">\n\t\t\t\t\t\t\t<div class=\"elementor-spacer\">\n\t\t\t<div class=\"elementor-spacer-inner\"><\/div>\n\t\t<\/div>\n\t\t\t\t\t\t<\/div>\n\t\t\t\t<div class=\"elementor-element elementor-element-ff229de elementor-align-center elementor-widget elementor-widget-button\" data-id=\"ff229de\" data-element_type=\"widget\" data-e-type=\"widget\" data-widget_type=\"button.default\">\n\t\t\t\t\t\t\t\t\t\t<a class=\"elementor-button elementor-button-link elementor-size-sm\" href=\"https:\/\/voyagedelabaleine.fr\/it\/categorie-produit\/enfant\/enfant-fille\/\">\n\t\t\t\t\t\t<span class=\"elementor-button-content-wrapper\">\n\t\t\t\t\t\t\t\t\t<span class=\"elementor-button-text\">Explore toda la colecci\u00f3n ni\u00f1a (2-3 a\u00f1os)<\/span>\n\t\t\t\t\t<\/span>\n\t\t\t\t\t<\/a>\n\t\t\t\t\t\t\t\t<\/div>\n\t\t\t\t<\/div>\n\t\t\t\t\t<\/div>\n\t\t\t\t<\/div>\n\t\t\t\t<\/div>\n\t\t<div class=\"elementor-element elementor-element-296dec1 e-con-full e-flex e-con e-parent\" data-id=\"296dec1\" data-element_type=\"container\" data-e-type=\"container\">\n\t\t\t\t<div class=\"elementor-element elementor-element-ad6ffbc elementor-widget elementor-widget-text-editor\" data-id=\"ad6ffbc\" data-element_type=\"widget\" data-e-type=\"widget\" data-widget_type=\"text-editor.default\">\n\t\t\t\t\t\t\t\t\t<h2 data-start=\"162\" data-end=\"214\">Un conjunto pensado para encantar a los reci\u00e9n nacidos.<\/h2><p data-start=\"215\" data-end=\"640\">Regala <strong data-start=\"225\" data-end=\"260\">un conjunto de regalo de nacimiento para ni\u00f1a <\/strong>\u00fanico, pensado como un elegante peque\u00f1o nido de ternura. En nuestra selecci\u00f3n refinada, encontrar\u00e1s combinaciones cuidadosamente elaboradas: b<strong data-start=\"389\" data-end=\"447\">ombacho de algod\u00f3n, body con cuello volante, zapatitos de lino<\/strong>, o bien<strong data-start=\"459\" data-end=\"509\"> vestido ligero, c\u00e1rdigan a juego y leotardos suaves<\/strong>. Cada prenda est\u00e1 elegida con esmero para armonizar con las dem\u00e1s, creando una silueta adorable desde los primeros d\u00edas.  <\/p><h2 data-start=\"642\" data-end=\"695\">La promesa de un vestuario po\u00e9tico y refinado<\/h2><p data-start=\"696\" data-end=\"1187\">En <em data-start=\"701\" data-end=\"726\">Voyage de la Baleine,<\/em> creemos que cada regalo de nacimiento para ni\u00f1a debe encarnar <strong data-start=\"792\" data-end=\"833\">dulzura, elegancia y autenticidad<\/strong>. Por ello, nuestros conjuntos combinan <strong data-start=\"872\" data-end=\"917\">motivos delicados (flores, vichy, plumeti),<\/strong> <strong data-start=\"919\" data-end=\"969\">acabados cuidados (smocks, volantes, encaje) <\/strong>y <strong data-start=\"973\" data-end=\"1025\">colores suaves (rosa empolvado, crudo, verde pastel)<\/strong> para crear un estilo a la vez moderno y atemporal. Detalles sutiles \u2014cuello, botones de n\u00e1car, smocks bordados\u2014 aportan un toque de poes\u00eda discreta.  <\/p><h2 data-start=\"1189\" data-end=\"1237\">Materiales nobles y fabricaci\u00f3n europea<\/h2><p data-start=\"1238\" data-end=\"1713\">Nuestros <strong data-start=\"1242\" data-end=\"1273\">art\u00edculos de nacimiento<\/strong> para ni\u00f1a se confeccionan principalmente en <strong data-start=\"1311\" data-end=\"1337\">Espa\u00f1a y Portugal<\/strong>, en talleres donde el saber hacer textil se transmite de generaci\u00f3n en generaci\u00f3n. Las materias naturales, como el<strong data-start=\"1454\" data-end=\"1467\"> algod\u00f3n org\u00e1nico,<\/strong> el <strong data-start=\"1472\" data-end=\"1483\">lino fino <\/strong>y la <strong data-start=\"1490\" data-end=\"1507\">lana merino,<\/strong> se seleccionan con rigor: ofrecen suavidad, transpirabilidad y respeto por la piel sensible del beb\u00e9. El resultado: un estuche de regalo c\u00e1lido, suave al tacto y respetuoso con el ni\u00f1o.  <\/p><h2 data-start=\"1715\" data-end=\"1767\">Conjuntos pr\u00e1cticos y bellamente presentados<\/h2><p data-start=\"1768\" data-end=\"2226\">M\u00e1s all\u00e1 del dise\u00f1o, nuestros cofres de regalo est\u00e1n pensados para simplificar la vida de los padres. Cada conjunto incluye art\u00edculos coordinados y complementarios: <strong data-start=\"1925\" data-end=\"1985\">body con broches, bombacho el\u00e1stico, zapatitos para atar,<\/strong> o <strong data-start=\"1997\" data-end=\"2056\">vestido con botones, c\u00e1rdigan abotonado y medias el\u00e1sticas<\/strong>. Todos son f\u00e1ciles de poner, de lavar y de volver a usar varias veces sin deformarse. Empaquetados con cuidado, estos conjuntos se convierten en un regalo elegante, listo para ofrecer.   <\/p><h2 data-start=\"2228\" data-end=\"2271\">Una idea de regalo para cada ocasi\u00f3n<\/h2><p data-start=\"2272\" data-end=\"2653\">Ya sea para un <strong data-start=\"2292\" data-end=\"2347\">regalo de nacimiento, un bautizo o una sesi\u00f3n de fotos,<\/strong> este conjunto para ni\u00f1a cumple con todas las expectativas: estilo, emociones y calidad. Regala un momento de felicidad a tus seres queridos con un conjunto completo y lleno de significado. Nuestros conjuntos de ni\u00f1a invitan a crear un armario armonioso.  <\/p><p data-start=\"2272\" data-end=\"2653\"><em>Tambi\u00e9n encontrar\u00e1s bonitos conjuntos para ni\u00f1o en nuestra p\u00e1gina de <a href=\"https:\/\/voyagedelabaleine.fr\/cadeau-naissance-garcon\/\">regalo de nacimiento para ni\u00f1o.<\/a><\/em><\/p>\t\t\t\t\t\t\t\t<\/div>\n\t\t\t\t<\/div>\n\t\t\t\t<\/div>\n\t\t","protected":false},"excerpt":{"rendered":"<p>Un vestuario elegante para vestir las primeras sonrisas, con conjuntos seleccionados con cuidado, pensados como una selecci\u00f3n de inspiraciones para vuestros regalos de nacimiento. Pompones de ternura Vichy y compa\u00f1\u00eda Enso\u00f1aciones azules Elegancia florida Encanto de anta\u00f1o Noche de terciopelo Cuadros y estilo Dulzura retro chic Tart\u00e1n chic El primer vestidito Estuche burdeos Terciopelo y [&hellip;]<\/p>\n","protected":false},"author":222595022,"featured_media":0,"parent":0,"menu_order":0,"comment_status":"closed","ping_status":"closed","template":"","meta":{"ocean_post_layout":"","ocean_both_sidebars_style":"","ocean_both_sidebars_content_width":0,"ocean_both_sidebars_sidebars_width":0,"ocean_sidebar":"","ocean_second_sidebar":"","ocean_disable_margins":"enable","ocean_add_body_class":"","ocean_shortcode_before_top_bar":"","ocean_shortcode_after_top_bar":"","ocean_shortcode_before_header":"","ocean_shortcode_after_header":"","ocean_has_shortcode":"","ocean_shortcode_after_title":"","ocean_shortcode_before_footer_widgets":"","ocean_shortcode_after_footer_widgets":"","ocean_shortcode_before_footer_bottom":"","ocean_shortcode_after_footer_bottom":"","ocean_display_top_bar":"default","ocean_display_header":"default","ocean_header_style":"","ocean_center_header_left_menu":"","ocean_custom_header_template":"","ocean_custom_logo":0,"ocean_custom_retina_logo":0,"ocean_custom_logo_max_width":0,"ocean_custom_logo_tablet_max_width":0,"ocean_custom_logo_mobile_max_width":0,"ocean_custom_logo_max_height":0,"ocean_custom_logo_tablet_max_height":0,"ocean_custom_logo_mobile_max_height":0,"ocean_header_custom_menu":"","ocean_menu_typo_font_family":"","ocean_menu_typo_font_subset":"","ocean_menu_typo_font_size":0,"ocean_menu_typo_font_size_tablet":0,"ocean_menu_typo_font_size_mobile":0,"ocean_menu_typo_font_size_unit":"px","ocean_menu_typo_font_weight":"","ocean_menu_typo_font_weight_tablet":"","ocean_menu_typo_font_weight_mobile":"","ocean_menu_typo_transform":"","ocean_menu_typo_transform_tablet":"","ocean_menu_typo_transform_mobile":"","ocean_menu_typo_line_height":0,"ocean_menu_typo_line_height_tablet":0,"ocean_menu_typo_line_height_mobile":0,"ocean_menu_typo_line_height_unit":"","ocean_menu_typo_spacing":0,"ocean_menu_typo_spacing_tablet":0,"ocean_menu_typo_spacing_mobile":0,"ocean_menu_typo_spacing_unit":"","ocean_menu_link_color":"","ocean_menu_link_color_hover":"","ocean_menu_link_color_active":"","ocean_menu_link_background":"","ocean_menu_link_hover_background":"","ocean_menu_link_active_background":"","ocean_menu_social_links_bg":"","ocean_menu_social_hover_links_bg":"","ocean_menu_social_links_color":"","ocean_menu_social_hover_links_color":"","ocean_disable_title":"default","ocean_disable_heading":"default","ocean_post_title":"","ocean_post_subheading":"","ocean_post_title_style":"","ocean_post_title_background_color":"","ocean_post_title_background":0,"ocean_post_title_bg_image_position":"","ocean_post_title_bg_image_attachment":"","ocean_post_title_bg_image_repeat":"","ocean_post_title_bg_image_size":"","ocean_post_title_height":0,"ocean_post_title_bg_overlay":0.5,"ocean_post_title_bg_overlay_color":"","ocean_disable_breadcrumbs":"default","ocean_breadcrumbs_color":"","ocean_breadcrumbs_separator_color":"","ocean_breadcrumbs_links_color":"","ocean_breadcrumbs_links_hover_color":"","ocean_display_footer_widgets":"default","ocean_display_footer_bottom":"default","ocean_custom_footer_template":"","osh_disable_topbar_sticky":"default","osh_disable_header_sticky":"default","osh_sticky_header_style":"default","osh_sticky_header_effect":"","osh_custom_sticky_logo":0,"osh_custom_retina_sticky_logo":0,"osh_custom_sticky_logo_height":0,"osh_background_color":"","osh_links_color":"","osh_links_hover_color":"","osh_links_active_color":"","osh_links_bg_color":"","osh_links_hover_bg_color":"","osh_links_active_bg_color":"","osh_menu_social_links_color":"","osh_menu_social_hover_links_color":"","footnotes":""},"class_list":["post-28122","page","type-page","status-publish","hentry","entry","owp-thumbs-layout-vertical","owp-btn-big","owp-tabs-layout-vertical","has-no-thumbnails","circle-sale"],"yoast_head":"<!-- This site is optimized with the Yoast SEO plugin v27.1.1 - https:\/\/yoast.com\/product\/yoast-seo-wordpress\/ -->\n<title>Regalo de nacimiento para ni\u00f1a - Voyage de la Baleine<\/title>\n<meta name=\"description\" content=\"Regala un regalo de nacimiento para ni\u00f1a \u00fanico y elegante, fabricado en Europa. Descubre las prendas seleccionadas con esmero.\" \/>\n<meta name=\"robots\" content=\"index, follow, max-snippet:-1, max-image-preview:large, max-video-preview:-1\" \/>\n<link rel=\"canonical\" href=\"https:\/\/voyagedelabaleine.fr\/es\/regalo-nacimiento-nina\/\" \/>\n<meta property=\"og:locale\" content=\"es_ES\" \/>\n<meta property=\"og:type\" content=\"article\" \/>\n<meta property=\"og:title\" content=\"Regalo de nacimiento para ni\u00f1a - Voyage de la Baleine\" \/>\n<meta property=\"og:description\" content=\"Regala un regalo de nacimiento para ni\u00f1a \u00fanico y elegante, fabricado en Europa. Descubre las prendas seleccionadas con esmero.\" \/>\n<meta property=\"og:url\" content=\"https:\/\/voyagedelabaleine.fr\/es\/regalo-nacimiento-nina\/\" \/>\n<meta property=\"og:site_name\" content=\"Voyage de la Baleine\" \/>\n<meta property=\"article:publisher\" content=\"https:\/\/www.facebook.com\/voyagedelabaleine\/\" \/>\n<meta property=\"article:modified_time\" content=\"2026-01-22T09:24:08+00:00\" \/>\n<meta name=\"twitter:card\" content=\"summary_large_image\" \/>\n<meta name=\"twitter:label1\" content=\"Tiempo de lectura\" \/>\n\t<meta name=\"twitter:data1\" content=\"4 minuto\" \/>\n<script type=\"application\/ld+json\" class=\"yoast-schema-graph\">{\"@context\":\"https:\/\/schema.org\",\"@graph\":[{\"@type\":\"WebPage\",\"@id\":\"https:\/\/voyagedelabaleine.fr\/es\/regalo-nacimiento-nina\/\",\"url\":\"https:\/\/voyagedelabaleine.fr\/es\/regalo-nacimiento-nina\/\",\"name\":\"Regalo de nacimiento para ni\u00f1a - Voyage de la Baleine\",\"isPartOf\":{\"@id\":\"https:\/\/voyagedelabaleine.fr\/es\/#website\"},\"datePublished\":\"2025-06-10T15:21:36+00:00\",\"dateModified\":\"2026-01-22T09:24:08+00:00\",\"description\":\"Regala un regalo de nacimiento para ni\u00f1a \u00fanico y elegante, fabricado en Europa. Descubre las prendas seleccionadas con esmero.\",\"breadcrumb\":{\"@id\":\"https:\/\/voyagedelabaleine.fr\/es\/regalo-nacimiento-nina\/#breadcrumb\"},\"inLanguage\":\"es\",\"potentialAction\":[{\"@type\":\"ReadAction\",\"target\":[\"https:\/\/voyagedelabaleine.fr\/es\/regalo-nacimiento-nina\/\"]}]},{\"@type\":\"BreadcrumbList\",\"@id\":\"https:\/\/voyagedelabaleine.fr\/es\/regalo-nacimiento-nina\/#breadcrumb\",\"itemListElement\":[{\"@type\":\"ListItem\",\"position\":1,\"name\":\"Accueil\",\"item\":\"https:\/\/voyagedelabaleine.fr\/es\/inicio\/\"},{\"@type\":\"ListItem\",\"position\":2,\"name\":\"Regalo de nacimiento para ni\u00f1a\"}]},{\"@type\":\"WebSite\",\"@id\":\"https:\/\/voyagedelabaleine.fr\/es\/#website\",\"url\":\"https:\/\/voyagedelabaleine.fr\/es\/\",\"name\":\"Voyage de la Baleine\",\"description\":\"V\u00eatements intemporels et raffin\u00e9s pour b\u00e9b\u00e9s et enfants\",\"publisher\":{\"@id\":\"https:\/\/voyagedelabaleine.fr\/es\/#organization\"},\"potentialAction\":[{\"@type\":\"SearchAction\",\"target\":{\"@type\":\"EntryPoint\",\"urlTemplate\":\"https:\/\/voyagedelabaleine.fr\/es\/?s={search_term_string}\"},\"query-input\":{\"@type\":\"PropertyValueSpecification\",\"valueRequired\":true,\"valueName\":\"search_term_string\"}}],\"inLanguage\":\"es\"},{\"@type\":\"Organization\",\"@id\":\"https:\/\/voyagedelabaleine.fr\/es\/#organization\",\"name\":\"Voyage de la Baleine\",\"url\":\"https:\/\/voyagedelabaleine.fr\/es\/\",\"logo\":{\"@type\":\"ImageObject\",\"inLanguage\":\"es\",\"@id\":\"https:\/\/voyagedelabaleine.fr\/es\/#\/schema\/logo\/image\/\",\"url\":\"https:\/\/voyagedelabaleine.fr\/wp-content\/uploads\/2025\/06\/logo.webp\",\"contentUrl\":\"https:\/\/voyagedelabaleine.fr\/wp-content\/uploads\/2025\/06\/logo.webp\",\"width\":153,\"height\":64,\"caption\":\"Voyage de la Baleine\"},\"image\":{\"@id\":\"https:\/\/voyagedelabaleine.fr\/es\/#\/schema\/logo\/image\/\"},\"sameAs\":[\"https:\/\/www.facebook.com\/voyagedelabaleine\/\",\"https:\/\/www.instagram.com\/voyagedelabaleine\/\",\"https:\/\/www.pinterest.fr\/Voyagedelabaleine\/\"]}]}<\/script>\n<!-- \/ Yoast SEO plugin. -->","yoast_head_json":{"title":"Regalo de nacimiento para ni\u00f1a - Voyage de la Baleine","description":"Regala un regalo de nacimiento para ni\u00f1a \u00fanico y elegante, fabricado en Europa. Descubre las prendas seleccionadas con esmero.","robots":{"index":"index","follow":"follow","max-snippet":"max-snippet:-1","max-image-preview":"max-image-preview:large","max-video-preview":"max-video-preview:-1"},"canonical":"https:\/\/voyagedelabaleine.fr\/es\/regalo-nacimiento-nina\/","og_locale":"es_ES","og_type":"article","og_title":"Regalo de nacimiento para ni\u00f1a - Voyage de la Baleine","og_description":"Regala un regalo de nacimiento para ni\u00f1a \u00fanico y elegante, fabricado en Europa. Descubre las prendas seleccionadas con esmero.","og_url":"https:\/\/voyagedelabaleine.fr\/es\/regalo-nacimiento-nina\/","og_site_name":"Voyage de la Baleine","article_publisher":"https:\/\/www.facebook.com\/voyagedelabaleine\/","article_modified_time":"2026-01-22T09:24:08+00:00","twitter_card":"summary_large_image","twitter_misc":{"Tiempo de lectura":"4 minuto"},"schema":{"@context":"https:\/\/schema.org","@graph":[{"@type":"WebPage","@id":"https:\/\/voyagedelabaleine.fr\/es\/regalo-nacimiento-nina\/","url":"https:\/\/voyagedelabaleine.fr\/es\/regalo-nacimiento-nina\/","name":"Regalo de nacimiento para ni\u00f1a - Voyage de la Baleine","isPartOf":{"@id":"https:\/\/voyagedelabaleine.fr\/es\/#website"},"datePublished":"2025-06-10T15:21:36+00:00","dateModified":"2026-01-22T09:24:08+00:00","description":"Regala un regalo de nacimiento para ni\u00f1a \u00fanico y elegante, fabricado en Europa. Descubre las prendas seleccionadas con esmero.","breadcrumb":{"@id":"https:\/\/voyagedelabaleine.fr\/es\/regalo-nacimiento-nina\/#breadcrumb"},"inLanguage":"es","potentialAction":[{"@type":"ReadAction","target":["https:\/\/voyagedelabaleine.fr\/es\/regalo-nacimiento-nina\/"]}]},{"@type":"BreadcrumbList","@id":"https:\/\/voyagedelabaleine.fr\/es\/regalo-nacimiento-nina\/#breadcrumb","itemListElement":[{"@type":"ListItem","position":1,"name":"Accueil","item":"https:\/\/voyagedelabaleine.fr\/es\/inicio\/"},{"@type":"ListItem","position":2,"name":"Regalo de nacimiento para ni\u00f1a"}]},{"@type":"WebSite","@id":"https:\/\/voyagedelabaleine.fr\/es\/#website","url":"https:\/\/voyagedelabaleine.fr\/es\/","name":"Voyage de la Baleine","description":"V\u00eatements intemporels et raffin\u00e9s pour b\u00e9b\u00e9s et enfants","publisher":{"@id":"https:\/\/voyagedelabaleine.fr\/es\/#organization"},"potentialAction":[{"@type":"SearchAction","target":{"@type":"EntryPoint","urlTemplate":"https:\/\/voyagedelabaleine.fr\/es\/?s={search_term_string}"},"query-input":{"@type":"PropertyValueSpecification","valueRequired":true,"valueName":"search_term_string"}}],"inLanguage":"es"},{"@type":"Organization","@id":"https:\/\/voyagedelabaleine.fr\/es\/#organization","name":"Voyage de la Baleine","url":"https:\/\/voyagedelabaleine.fr\/es\/","logo":{"@type":"ImageObject","inLanguage":"es","@id":"https:\/\/voyagedelabaleine.fr\/es\/#\/schema\/logo\/image\/","url":"https:\/\/voyagedelabaleine.fr\/wp-content\/uploads\/2025\/06\/logo.webp","contentUrl":"https:\/\/voyagedelabaleine.fr\/wp-content\/uploads\/2025\/06\/logo.webp","width":153,"height":64,"caption":"Voyage de la Baleine"},"image":{"@id":"https:\/\/voyagedelabaleine.fr\/es\/#\/schema\/logo\/image\/"},"sameAs":["https:\/\/www.facebook.com\/voyagedelabaleine\/","https:\/\/www.instagram.com\/voyagedelabaleine\/","https:\/\/www.pinterest.fr\/Voyagedelabaleine\/"]}]}},"_links":{"self":[{"href":"https:\/\/voyagedelabaleine.fr\/es\/wp-json\/wp\/v2\/pages\/28122","targetHints":{"allow":["GET"]}}],"collection":[{"href":"https:\/\/voyagedelabaleine.fr\/es\/wp-json\/wp\/v2\/pages"}],"about":[{"href":"https:\/\/voyagedelabaleine.fr\/es\/wp-json\/wp\/v2\/types\/page"}],"author":[{"embeddable":true,"href":"https:\/\/voyagedelabaleine.fr\/es\/wp-json\/wp\/v2\/users\/222595022"}],"replies":[{"embeddable":true,"href":"https:\/\/voyagedelabaleine.fr\/es\/wp-json\/wp\/v2\/comments?post=28122"}],"version-history":[{"count":3,"href":"https:\/\/voyagedelabaleine.fr\/es\/wp-json\/wp\/v2\/pages\/28122\/revisions"}],"predecessor-version":[{"id":28125,"href":"https:\/\/voyagedelabaleine.fr\/es\/wp-json\/wp\/v2\/pages\/28122\/revisions\/28125"}],"wp:attachment":[{"href":"https:\/\/voyagedelabaleine.fr\/es\/wp-json\/wp\/v2\/media?parent=28122"}],"curies":[{"name":"wp","href":"https:\/\/api.w.org\/{rel}","templated":true}]}}