{"id":28150,"date":"2024-10-10T13:34:54","date_gmt":"2024-10-10T11:34:54","guid":{"rendered":"https:\/\/voyagedelabaleine.fr\/tissus-rayures\/"},"modified":"2026-01-22T10:16:23","modified_gmt":"2026-01-22T09:16:23","slug":"las-rayas","status":"publish","type":"page","link":"https:\/\/voyagedelabaleine.fr\/es\/las-rayas\/","title":{"rendered":"Las rayas"},"content":{"rendered":"\t\t<div data-elementor-type=\"wp-page\" data-elementor-id=\"28150\" class=\"elementor elementor-28150 elementor-12795\">\n\t\t\t\t<div class=\"elementor-element elementor-element-13347c07 e-flex e-con-boxed e-con e-parent\" data-id=\"13347c07\" data-element_type=\"container\" data-e-type=\"container\">\n\t\t\t\t\t<div class=\"e-con-inner\">\n\t\t\t\t<div class=\"elementor-element elementor-element-12c1abac elementor-widget elementor-widget-heading\" data-id=\"12c1abac\" data-element_type=\"widget\" data-e-type=\"widget\" data-widget_type=\"heading.default\">\n\t\t\t\t\t<h2 class=\"elementor-heading-title elementor-size-default\">Rayas cl\u00e1sicas, estilo inigualable<\/h2>\t\t\t\t<\/div>\n\t\t\t\t\t<\/div>\n\t\t\t\t<\/div>\n\t\t<div class=\"elementor-element elementor-element-5426fff8 e-flex e-con-boxed e-con e-parent\" data-id=\"5426fff8\" data-element_type=\"container\" data-e-type=\"container\">\n\t\t\t\t\t<div class=\"e-con-inner\">\n\t\t\t\t<div class=\"elementor-element elementor-element-49c9a5a5 elementor-widget elementor-widget-text-editor\" data-id=\"49c9a5a5\" data-element_type=\"widget\" data-e-type=\"widget\" data-widget_type=\"text-editor.default\">\n\t\t\t\t\t\t\t\t\t<p>Los tejidos a rayas son sin\u00f3nimo de simplicidad refinada. Se adaptan a todas las estaciones y, ya sean finas o anchas, a\u00f1aden un toque de distinci\u00f3n a los conjuntos de sus hijos, ofreci\u00e9ndoles al mismo tiempo un confort \u00f3ptimo. <\/p>\t\t\t\t\t\t\t\t<\/div>\n\t\t\t\t\t<\/div>\n\t\t\t\t<\/div>\n\t\t<div class=\"elementor-element elementor-element-2d1782ea e-flex e-con-boxed e-con e-parent\" data-id=\"2d1782ea\" data-element_type=\"container\" data-e-type=\"container\">\n\t\t\t\t\t<div class=\"e-con-inner\">\n\t\t\t\t<div class=\"elementor-element elementor-element-79b98a84 elementor-widget elementor-widget-heading\" data-id=\"79b98a84\" data-element_type=\"widget\" data-e-type=\"widget\" data-widget_type=\"heading.default\">\n\t\t\t\t\t<h2 class=\"elementor-heading-title elementor-size-default\">Verticales u horizontales: las rayas atraviesan el tiempo<\/h2>\t\t\t\t<\/div>\n\t\t\t\t\t<\/div>\n\t\t\t\t<\/div>\n\t\t<div class=\"elementor-element elementor-element-34b40f33 e-flex e-con-boxed e-con e-parent\" data-id=\"34b40f33\" data-element_type=\"container\" data-e-type=\"container\">\n\t\t\t\t\t<div class=\"e-con-inner\">\n\t\t\t\t<div class=\"elementor-element elementor-element-62d85234 elementor-widget elementor-widget-text-editor\" data-id=\"62d85234\" data-element_type=\"widget\" data-e-type=\"widget\" data-widget_type=\"text-editor.default\">\n\t\t\t\t\t\t\t\t\t<p>Las rayas son un motivo ic\u00f3nico que atraviesa las \u00e9pocas sin perder nunca su encanto. Ya sean verticales para alargar la silueta u horizontales para un toque retro, aportan una elegancia discreta a cada conjunto. <\/p><p style=\"text-align: left;\">Los tejidos a rayas evocan la dulzura de los momentos pasados a la orilla del mar, las vacaciones en familia y una moda aut\u00e9ntica. Tradicionales pero modernas, nuestras prendas a rayas se inscriben en un legado atemporal a la vez que se adaptan perfectamente al d\u00eda a d\u00eda de los ni\u00f1os de hoy. <\/p>\t\t\t\t\t\t\t\t<\/div>\n\t\t\t\t\t<\/div>\n\t\t\t\t<\/div>\n\t\t<div class=\"elementor-element elementor-element-26ada8a4 e-con-full e-flex e-con e-parent\" data-id=\"26ada8a4\" data-element_type=\"container\" data-e-type=\"container\">\n\t\t\t\t<div class=\"elementor-element elementor-element-1b4935bc elementor-widget-divider--separator-type-pattern elementor-widget-divider--view-line elementor-widget elementor-widget-divider\" data-id=\"1b4935bc\" data-element_type=\"widget\" data-e-type=\"widget\" data-widget_type=\"divider.default\">\n\t\t\t\t\t\t\t<div class=\"elementor-divider\" style=\"--divider-pattern-url: url(&quot;data:image\/svg+xml,%3Csvg xmlns=&#039;http:\/\/www.w3.org\/2000\/svg&#039; preserveAspectRatio=&#039;none&#039; overflow=&#039;visible&#039; height=&#039;100%&#039; viewBox=&#039;0 0 24 24&#039; fill=&#039;black&#039; stroke=&#039;none&#039;%3E%3Cpath d=&#039;M12.7,2.3c-0.4-0.4-1.1-0.4-1.5,0l-8,9.1c-0.3,0.4-0.3,0.9,0,1.2l8,9.1c0.4,0.4,1.1,0.4,1.5,0l8-9.1c0.3-0.4,0.3-0.9,0-1.2L12.7,2.3z&#039;\/%3E%3C\/svg%3E&quot;);\">\n\t\t\t<span class=\"elementor-divider-separator\">\n\t\t\t\t\t\t<\/span>\n\t\t<\/div>\n\t\t\t\t\t\t<\/div>\n\t\t<div class=\"elementor-element elementor-element-25c7b284 e-grid e-con-full e-con e-child\" data-id=\"25c7b284\" data-element_type=\"container\" data-e-type=\"container\">\n\t\t<div class=\"elementor-element elementor-element-4ac437d5 e-con-full e-flex e-con e-child\" data-id=\"4ac437d5\" data-element_type=\"container\" data-e-type=\"container\">\n\t\t\t\t<div class=\"elementor-element elementor-element-32269a34 elementor-widget elementor-widget-heading\" data-id=\"32269a34\" data-element_type=\"widget\" data-e-type=\"widget\" data-widget_type=\"heading.default\">\n\t\t\t\t\t<h2 class=\"elementor-heading-title elementor-size-default\">Las rayas verticales<\/h2>\t\t\t\t<\/div>\n\t\t\t\t<div class=\"elementor-element elementor-element-605cdf9f elementor-widget elementor-widget-shortcode\" data-id=\"605cdf9f\" data-element_type=\"widget\" data-e-type=\"widget\" data-widget_type=\"shortcode.default\">\n\t\t\t\t\t\t\t<div class=\"elementor-shortcode\"><div class=\"woocommerce columns-3 \">\r\n<ul class=\"products oceanwp-row clr grid tablet-col tablet-2-col mobile-col mobile-2-col\">\r\n<li class=\"entry has-media col span_1_of_3 owp-content-center owp-thumbs-layout-vertical owp-btn-big owp-tabs-layout-vertical circle-sale product type-product post-32504 status-publish first instock product_cat-blusa-camiseta-nino product_cat-blusa-camiseta-ninos product_cat-ropa has-post-thumbnail taxable shipping-taxable purchasable product-type-variable has-default-attributes\">\n\t<div class=\"product-inner clr\">\n\t<div class=\"woo-entry-image-swap woo-entry-image clr\">\n\t\t<a href=\"https:\/\/voyagedelabaleine.fr\/es\/producto\/camisa-de-nino-de-manga-corta-a-rayas-azul-blanco\/\" class=\"woocommerce-LoopProduct-link\"><img decoding=\"async\" width=\"600\" height=\"800\" src=\"https:\/\/voyagedelabaleine.fr\/wp-content\/uploads\/2025\/01\/chemise-garcon-grosses-rayures-scaled-600x800.jpg\" class=\"woo-entry-image-main\" alt=\"Camisa de ni\u00f1o de manga corta a rayas &#8211; Azul\/blanco\" itemprop=\"image\" srcset=\"https:\/\/voyagedelabaleine.fr\/wp-content\/uploads\/2025\/01\/chemise-garcon-grosses-rayures-scaled-600x800.jpg 600w, https:\/\/voyagedelabaleine.fr\/wp-content\/uploads\/2025\/01\/chemise-garcon-grosses-rayures-scaled-225x300.jpg 225w, https:\/\/voyagedelabaleine.fr\/wp-content\/uploads\/2025\/01\/chemise-garcon-grosses-rayures-scaled-768x1024.jpg 768w, https:\/\/voyagedelabaleine.fr\/wp-content\/uploads\/2025\/01\/chemise-garcon-grosses-rayures-scaled-1152x1536.jpg 1152w, https:\/\/voyagedelabaleine.fr\/wp-content\/uploads\/2025\/01\/chemise-garcon-grosses-rayures-scaled.jpg 1536w\" sizes=\"(max-width: 600px) 100vw, 600px\" \/><img decoding=\"async\" width=\"600\" height=\"800\" src=\"https:\/\/voyagedelabaleine.fr\/wp-content\/uploads\/2025\/01\/chemise-garcon-grosses-rayures-1-600x800.jpg\" class=\"woo-entry-image-secondary\" alt=\"Camisa de ni\u00f1o de manga corta a rayas &#8211; Azul\/blanco\" itemprop=\"image\" srcset=\"https:\/\/voyagedelabaleine.fr\/wp-content\/uploads\/2025\/01\/chemise-garcon-grosses-rayures-1-600x800.jpg 600w, https:\/\/voyagedelabaleine.fr\/wp-content\/uploads\/2025\/01\/chemise-garcon-grosses-rayures-1-225x300.jpg 225w, https:\/\/voyagedelabaleine.fr\/wp-content\/uploads\/2025\/01\/chemise-garcon-grosses-rayures-1-768x1024.jpg 768w, https:\/\/voyagedelabaleine.fr\/wp-content\/uploads\/2025\/01\/chemise-garcon-grosses-rayures-1.jpg 1000w\" sizes=\"(max-width: 600px) 100vw, 600px\" \/><\/a>\t<\/div><!-- .woo-entry-image-swap -->\n\n<ul class=\"woo-entry-inner clr\"><li class=\"image-wrap\">\n\t<div class=\"woo-entry-image-swap woo-entry-image clr\">\n\t\t<a href=\"https:\/\/voyagedelabaleine.fr\/es\/producto\/camisa-de-nino-de-manga-corta-a-rayas-azul-blanco\/\" class=\"woocommerce-LoopProduct-link\"><img decoding=\"async\" width=\"600\" height=\"800\" src=\"https:\/\/voyagedelabaleine.fr\/wp-content\/uploads\/2025\/01\/chemise-garcon-grosses-rayures-scaled-600x800.jpg\" class=\"woo-entry-image-main\" alt=\"Camisa de ni\u00f1o de manga corta a rayas &#8211; Azul\/blanco\" itemprop=\"image\" srcset=\"https:\/\/voyagedelabaleine.fr\/wp-content\/uploads\/2025\/01\/chemise-garcon-grosses-rayures-scaled-600x800.jpg 600w, https:\/\/voyagedelabaleine.fr\/wp-content\/uploads\/2025\/01\/chemise-garcon-grosses-rayures-scaled-225x300.jpg 225w, https:\/\/voyagedelabaleine.fr\/wp-content\/uploads\/2025\/01\/chemise-garcon-grosses-rayures-scaled-768x1024.jpg 768w, https:\/\/voyagedelabaleine.fr\/wp-content\/uploads\/2025\/01\/chemise-garcon-grosses-rayures-scaled-1152x1536.jpg 1152w, https:\/\/voyagedelabaleine.fr\/wp-content\/uploads\/2025\/01\/chemise-garcon-grosses-rayures-scaled.jpg 1536w\" sizes=\"(max-width: 600px) 100vw, 600px\" \/><img decoding=\"async\" width=\"600\" height=\"800\" src=\"https:\/\/voyagedelabaleine.fr\/wp-content\/uploads\/2025\/01\/chemise-garcon-grosses-rayures-1-600x800.jpg\" class=\"woo-entry-image-secondary\" alt=\"Camisa de ni\u00f1o de manga corta a rayas &#8211; Azul\/blanco\" itemprop=\"image\" srcset=\"https:\/\/voyagedelabaleine.fr\/wp-content\/uploads\/2025\/01\/chemise-garcon-grosses-rayures-1-600x800.jpg 600w, https:\/\/voyagedelabaleine.fr\/wp-content\/uploads\/2025\/01\/chemise-garcon-grosses-rayures-1-225x300.jpg 225w, https:\/\/voyagedelabaleine.fr\/wp-content\/uploads\/2025\/01\/chemise-garcon-grosses-rayures-1-768x1024.jpg 768w, https:\/\/voyagedelabaleine.fr\/wp-content\/uploads\/2025\/01\/chemise-garcon-grosses-rayures-1.jpg 1000w\" sizes=\"(max-width: 600px) 100vw, 600px\" \/><\/a>\t<\/div><!-- .woo-entry-image-swap -->\n\n<\/li><li class=\"title\"><h2><a href=\"https:\/\/voyagedelabaleine.fr\/es\/producto\/camisa-de-nino-de-manga-corta-a-rayas-azul-blanco\/\">Camisa de ni\u00f1o de manga corta a rayas &#8211; Azul\/blanco<\/a><\/h2><\/li><li class=\"price-wrap\">\n\t<span class=\"price\"><span class=\"woocommerce-Price-amount amount\"><bdi>32<span class=\"woocommerce-Price-currencySymbol\">&euro;<\/span><\/bdi><\/span><\/span>\n<\/li><\/ul><\/div><!-- .product-inner .clr --><\/li>\n<li class=\"entry has-media has-rating col span_1_of_3 owp-content-center owp-thumbs-layout-vertical owp-btn-big owp-tabs-layout-vertical circle-sale product type-product post-31843 status-publish instock product_cat-blusa-camiseta-nino product_cat-blusa-camiseta-ninos product_cat-ropa has-post-thumbnail taxable shipping-taxable purchasable product-type-variable has-default-attributes\">\n\t<div class=\"product-inner clr\">\n\t<div class=\"woo-entry-image-swap woo-entry-image clr\">\n\t\t<a href=\"https:\/\/voyagedelabaleine.fr\/es\/producto\/camisa-de-nino-de-manga-corta-con-cuello-mao-a-rayas-azul-cielo-blanco\/\" class=\"woocommerce-LoopProduct-link\"><img decoding=\"async\" width=\"600\" height=\"800\" src=\"https:\/\/voyagedelabaleine.fr\/wp-content\/uploads\/2025\/11\/chemise-col-mao-fotor-20251119123229-600x800.jpg\" class=\"woo-entry-image-main\" alt=\"Camisa de ni\u00f1o de manga corta con cuello mao a rayas &#8211; Azul cielo\/blanco\" itemprop=\"image\" srcset=\"https:\/\/voyagedelabaleine.fr\/wp-content\/uploads\/2025\/11\/chemise-col-mao-fotor-20251119123229-600x800.jpg 600w, https:\/\/voyagedelabaleine.fr\/wp-content\/uploads\/2025\/11\/chemise-col-mao-fotor-20251119123229-225x300.jpg 225w, https:\/\/voyagedelabaleine.fr\/wp-content\/uploads\/2025\/11\/chemise-col-mao-fotor-20251119123229-768x1023.jpg 768w, https:\/\/voyagedelabaleine.fr\/wp-content\/uploads\/2025\/11\/chemise-col-mao-fotor-20251119123229-1153x1536.jpg 1153w, https:\/\/voyagedelabaleine.fr\/wp-content\/uploads\/2025\/11\/chemise-col-mao-fotor-20251119123229.jpg 1500w\" sizes=\"(max-width: 600px) 100vw, 600px\" \/><img decoding=\"async\" width=\"600\" height=\"800\" src=\"https:\/\/voyagedelabaleine.fr\/wp-content\/uploads\/2025\/11\/chemise-col-mao-3-fotor-2025111912324-600x800.jpg\" class=\"woo-entry-image-secondary\" alt=\"Camisa de ni\u00f1o de manga corta con cuello mao a rayas &#8211; Azul cielo\/blanco\" itemprop=\"image\" srcset=\"https:\/\/voyagedelabaleine.fr\/wp-content\/uploads\/2025\/11\/chemise-col-mao-3-fotor-2025111912324-600x800.jpg 600w, https:\/\/voyagedelabaleine.fr\/wp-content\/uploads\/2025\/11\/chemise-col-mao-3-fotor-2025111912324-225x300.jpg 225w, https:\/\/voyagedelabaleine.fr\/wp-content\/uploads\/2025\/11\/chemise-col-mao-3-fotor-2025111912324-768x1023.jpg 768w, https:\/\/voyagedelabaleine.fr\/wp-content\/uploads\/2025\/11\/chemise-col-mao-3-fotor-2025111912324-1153x1536.jpg 1153w, https:\/\/voyagedelabaleine.fr\/wp-content\/uploads\/2025\/11\/chemise-col-mao-3-fotor-2025111912324.jpg 1500w\" sizes=\"(max-width: 600px) 100vw, 600px\" \/><\/a>\t<\/div><!-- .woo-entry-image-swap -->\n\n<ul class=\"woo-entry-inner clr\"><li class=\"image-wrap\">\n\t<div class=\"woo-entry-image-swap woo-entry-image clr\">\n\t\t<a href=\"https:\/\/voyagedelabaleine.fr\/es\/producto\/camisa-de-nino-de-manga-corta-con-cuello-mao-a-rayas-azul-cielo-blanco\/\" class=\"woocommerce-LoopProduct-link\"><img decoding=\"async\" width=\"600\" height=\"800\" src=\"https:\/\/voyagedelabaleine.fr\/wp-content\/uploads\/2025\/11\/chemise-col-mao-fotor-20251119123229-600x800.jpg\" class=\"woo-entry-image-main\" alt=\"Camisa de ni\u00f1o de manga corta con cuello mao a rayas &#8211; Azul cielo\/blanco\" itemprop=\"image\" srcset=\"https:\/\/voyagedelabaleine.fr\/wp-content\/uploads\/2025\/11\/chemise-col-mao-fotor-20251119123229-600x800.jpg 600w, https:\/\/voyagedelabaleine.fr\/wp-content\/uploads\/2025\/11\/chemise-col-mao-fotor-20251119123229-225x300.jpg 225w, https:\/\/voyagedelabaleine.fr\/wp-content\/uploads\/2025\/11\/chemise-col-mao-fotor-20251119123229-768x1023.jpg 768w, https:\/\/voyagedelabaleine.fr\/wp-content\/uploads\/2025\/11\/chemise-col-mao-fotor-20251119123229-1153x1536.jpg 1153w, https:\/\/voyagedelabaleine.fr\/wp-content\/uploads\/2025\/11\/chemise-col-mao-fotor-20251119123229.jpg 1500w\" sizes=\"(max-width: 600px) 100vw, 600px\" \/><img decoding=\"async\" width=\"600\" height=\"800\" src=\"https:\/\/voyagedelabaleine.fr\/wp-content\/uploads\/2025\/11\/chemise-col-mao-3-fotor-2025111912324-600x800.jpg\" class=\"woo-entry-image-secondary\" alt=\"Camisa de ni\u00f1o de manga corta con cuello mao a rayas &#8211; Azul cielo\/blanco\" itemprop=\"image\" srcset=\"https:\/\/voyagedelabaleine.fr\/wp-content\/uploads\/2025\/11\/chemise-col-mao-3-fotor-2025111912324-600x800.jpg 600w, https:\/\/voyagedelabaleine.fr\/wp-content\/uploads\/2025\/11\/chemise-col-mao-3-fotor-2025111912324-225x300.jpg 225w, https:\/\/voyagedelabaleine.fr\/wp-content\/uploads\/2025\/11\/chemise-col-mao-3-fotor-2025111912324-768x1023.jpg 768w, https:\/\/voyagedelabaleine.fr\/wp-content\/uploads\/2025\/11\/chemise-col-mao-3-fotor-2025111912324-1153x1536.jpg 1153w, https:\/\/voyagedelabaleine.fr\/wp-content\/uploads\/2025\/11\/chemise-col-mao-3-fotor-2025111912324.jpg 1500w\" sizes=\"(max-width: 600px) 100vw, 600px\" \/><\/a>\t<\/div><!-- .woo-entry-image-swap -->\n\n<\/li><li class=\"title\"><h2><a href=\"https:\/\/voyagedelabaleine.fr\/es\/producto\/camisa-de-nino-de-manga-corta-con-cuello-mao-a-rayas-azul-cielo-blanco\/\">Camisa de ni\u00f1o de manga corta con cuello mao a rayas &#8211; Azul cielo\/blanco<\/a><\/h2><\/li><li class=\"price-wrap\">\n\t<span class=\"price\"><span class=\"woocommerce-Price-amount amount\"><bdi>32<span class=\"woocommerce-Price-currencySymbol\">&euro;<\/span><\/bdi><\/span><\/span>\n<\/li><\/ul><\/div><!-- .product-inner .clr --><\/li>\n<li class=\"entry has-media has-rating col span_1_of_3 owp-content-center owp-thumbs-layout-vertical owp-btn-big owp-tabs-layout-vertical circle-sale product type-product post-33761 status-publish last instock product_cat-pelele-peto-ranita-nacimiento product_cat-pelele-peto-ranita-nacimiento-nina product_cat-pelele-peto-ranita-nacimiento-nino product_cat-pelele-peto-ranita-bebe product_cat-pelele-peto-ranita-bebe-nina product_cat-pelele-peto-ranita-bebe-nino product_cat-ropa has-post-thumbnail taxable shipping-taxable purchasable product-type-variable has-default-attributes\">\n\t<div class=\"product-inner clr\">\n\t<div class=\"woo-entry-image-swap woo-entry-image clr\">\n\t\t<a href=\"https:\/\/voyagedelabaleine.fr\/es\/producto\/ranita-unisex-para-bebe-con-rayas-anchas-azul-blanco\/\" class=\"woocommerce-LoopProduct-link\"><img decoding=\"async\" width=\"600\" height=\"800\" src=\"https:\/\/voyagedelabaleine.fr\/wp-content\/uploads\/2025\/02\/barboteuse-grosses-rayures-600x800.jpg\" class=\"woo-entry-image-main\" alt=\"Ranita unisex para beb\u00e9 con rayas anchas &#8211; Azul\/blanco\" itemprop=\"image\" srcset=\"https:\/\/voyagedelabaleine.fr\/wp-content\/uploads\/2025\/02\/barboteuse-grosses-rayures-600x800.jpg 600w, https:\/\/voyagedelabaleine.fr\/wp-content\/uploads\/2025\/02\/barboteuse-grosses-rayures-225x300.jpg 225w, https:\/\/voyagedelabaleine.fr\/wp-content\/uploads\/2025\/02\/barboteuse-grosses-rayures-768x1024.jpg 768w, https:\/\/voyagedelabaleine.fr\/wp-content\/uploads\/2025\/02\/barboteuse-grosses-rayures-1152x1536.jpg 1152w, https:\/\/voyagedelabaleine.fr\/wp-content\/uploads\/2025\/02\/barboteuse-grosses-rayures.jpg 1200w\" sizes=\"(max-width: 600px) 100vw, 600px\" \/><img decoding=\"async\" width=\"600\" height=\"800\" src=\"https:\/\/voyagedelabaleine.fr\/wp-content\/uploads\/2024\/05\/barboteuse-grosses-rayures-600x800.jpg\" class=\"woo-entry-image-secondary\" alt=\"Ranita unisex para beb\u00e9 con rayas anchas &#8211; Azul\/blanco\" itemprop=\"image\" srcset=\"https:\/\/voyagedelabaleine.fr\/wp-content\/uploads\/2024\/05\/barboteuse-grosses-rayures-600x800.jpg 600w, https:\/\/voyagedelabaleine.fr\/wp-content\/uploads\/2024\/05\/barboteuse-grosses-rayures-225x300.jpg 225w, https:\/\/voyagedelabaleine.fr\/wp-content\/uploads\/2024\/05\/barboteuse-grosses-rayures.jpg 706w\" sizes=\"(max-width: 600px) 100vw, 600px\" \/><\/a>\t<\/div><!-- .woo-entry-image-swap -->\n\n<ul class=\"woo-entry-inner clr\"><li class=\"image-wrap\">\n\t<div class=\"woo-entry-image-swap woo-entry-image clr\">\n\t\t<a href=\"https:\/\/voyagedelabaleine.fr\/es\/producto\/ranita-unisex-para-bebe-con-rayas-anchas-azul-blanco\/\" class=\"woocommerce-LoopProduct-link\"><img decoding=\"async\" width=\"600\" height=\"800\" src=\"https:\/\/voyagedelabaleine.fr\/wp-content\/uploads\/2025\/02\/barboteuse-grosses-rayures-600x800.jpg\" class=\"woo-entry-image-main\" alt=\"Ranita unisex para beb\u00e9 con rayas anchas &#8211; Azul\/blanco\" itemprop=\"image\" srcset=\"https:\/\/voyagedelabaleine.fr\/wp-content\/uploads\/2025\/02\/barboteuse-grosses-rayures-600x800.jpg 600w, https:\/\/voyagedelabaleine.fr\/wp-content\/uploads\/2025\/02\/barboteuse-grosses-rayures-225x300.jpg 225w, https:\/\/voyagedelabaleine.fr\/wp-content\/uploads\/2025\/02\/barboteuse-grosses-rayures-768x1024.jpg 768w, https:\/\/voyagedelabaleine.fr\/wp-content\/uploads\/2025\/02\/barboteuse-grosses-rayures-1152x1536.jpg 1152w, https:\/\/voyagedelabaleine.fr\/wp-content\/uploads\/2025\/02\/barboteuse-grosses-rayures.jpg 1200w\" sizes=\"(max-width: 600px) 100vw, 600px\" \/><img decoding=\"async\" width=\"600\" height=\"800\" src=\"https:\/\/voyagedelabaleine.fr\/wp-content\/uploads\/2024\/05\/barboteuse-grosses-rayures-600x800.jpg\" class=\"woo-entry-image-secondary\" alt=\"Ranita unisex para beb\u00e9 con rayas anchas &#8211; Azul\/blanco\" itemprop=\"image\" srcset=\"https:\/\/voyagedelabaleine.fr\/wp-content\/uploads\/2024\/05\/barboteuse-grosses-rayures-600x800.jpg 600w, https:\/\/voyagedelabaleine.fr\/wp-content\/uploads\/2024\/05\/barboteuse-grosses-rayures-225x300.jpg 225w, https:\/\/voyagedelabaleine.fr\/wp-content\/uploads\/2024\/05\/barboteuse-grosses-rayures.jpg 706w\" sizes=\"(max-width: 600px) 100vw, 600px\" \/><\/a>\t<\/div><!-- .woo-entry-image-swap -->\n\n<\/li><li class=\"title\"><h2><a href=\"https:\/\/voyagedelabaleine.fr\/es\/producto\/ranita-unisex-para-bebe-con-rayas-anchas-azul-blanco\/\">Ranita unisex para beb\u00e9 con rayas anchas &#8211; Azul\/blanco<\/a><\/h2><\/li><li class=\"price-wrap\">\n\t<span class=\"price\"><span class=\"woocommerce-Price-amount amount\"><bdi>44<span class=\"woocommerce-Price-currencySymbol\">&euro;<\/span><\/bdi><\/span><\/span>\n<\/li><\/ul><\/div><!-- .product-inner .clr --><\/li>\n<li class=\"entry has-media col span_1_of_3 owp-content-center owp-thumbs-layout-vertical owp-btn-big owp-tabs-layout-vertical circle-sale product type-product post-29116 status-publish first instock product_cat-blusa-camiseta-nacimiento product_cat-blusa-camiseta-nacimiento-nino product_cat-blusa-camiseta-bebe product_cat-blusa-camiseta-bebe-nino product_cat-blusa-camiseta-nino product_cat-blusa-camiseta-ninos product_cat-conjunto-peto-nino product_cat-conjunto-peto-ninos product_cat-conjuntos-nacimiento product_cat-conjuntos-nacimiento-nino product_cat-conjuntos-bebe product_cat-conjuntos-bebe-nino product_cat-pantalon-short-nino product_cat-pantalon-short-ninos product_cat-pololo-short-pantalon-nacimiento product_cat-pololo-short-pantalon-nacimiento-nino product_cat-pololo-short-y-pantalon-bebe product_cat-pololo-short-pantalon-bebe-nino product_cat-ropa product_cat-ultima-oportunidad has-post-thumbnail taxable shipping-taxable purchasable product-type-variable has-default-attributes\">\n\t<div class=\"product-inner clr\">\n\t<div class=\"woo-entry-image-swap woo-entry-image clr\">\n\t\t<a href=\"https:\/\/voyagedelabaleine.fr\/es\/producto\/conjunto-de-camisa-y-pantalon-corto-con-tirantes-para-bebe-gris-palido\/\" class=\"woocommerce-LoopProduct-link\"><img decoding=\"async\" width=\"600\" height=\"800\" src=\"https:\/\/voyagedelabaleine.fr\/wp-content\/uploads\/2025\/04\/short-bretelles-gris-600x800.jpg\" class=\"woo-entry-image-main\" alt=\"Conjunto de camisa y pantal\u00f3n corto con tirantes para beb\u00e9 &#8211; Gris p\u00e1lido\" itemprop=\"image\" srcset=\"https:\/\/voyagedelabaleine.fr\/wp-content\/uploads\/2025\/04\/short-bretelles-gris-600x800.jpg 600w, https:\/\/voyagedelabaleine.fr\/wp-content\/uploads\/2025\/04\/short-bretelles-gris-225x300.jpg 225w, https:\/\/voyagedelabaleine.fr\/wp-content\/uploads\/2025\/04\/short-bretelles-gris-768x1024.jpg 768w, https:\/\/voyagedelabaleine.fr\/wp-content\/uploads\/2025\/04\/short-bretelles-gris-1152x1536.jpg 1152w, https:\/\/voyagedelabaleine.fr\/wp-content\/uploads\/2025\/04\/short-bretelles-gris.jpg 1200w\" sizes=\"(max-width: 600px) 100vw, 600px\" \/><img decoding=\"async\" width=\"600\" height=\"800\" src=\"https:\/\/voyagedelabaleine.fr\/wp-content\/uploads\/2025\/01\/bloomer-bretelles-chemise-gris-2-600x800.jpg\" class=\"woo-entry-image-secondary\" alt=\"Conjunto de camisa y pantal\u00f3n corto con tirantes para beb\u00e9 &#8211; Gris p\u00e1lido\" itemprop=\"image\" srcset=\"https:\/\/voyagedelabaleine.fr\/wp-content\/uploads\/2025\/01\/bloomer-bretelles-chemise-gris-2-600x800.jpg 600w, https:\/\/voyagedelabaleine.fr\/wp-content\/uploads\/2025\/01\/bloomer-bretelles-chemise-gris-2-225x300.jpg 225w, https:\/\/voyagedelabaleine.fr\/wp-content\/uploads\/2025\/01\/bloomer-bretelles-chemise-gris-2-768x1024.jpg 768w, https:\/\/voyagedelabaleine.fr\/wp-content\/uploads\/2025\/01\/bloomer-bretelles-chemise-gris-2.jpg 900w\" sizes=\"(max-width: 600px) 100vw, 600px\" \/><\/a>\t<\/div><!-- .woo-entry-image-swap -->\n\n<ul class=\"woo-entry-inner clr\"><li class=\"image-wrap\">\n\t<div class=\"woo-entry-image-swap woo-entry-image clr\">\n\t\t<a href=\"https:\/\/voyagedelabaleine.fr\/es\/producto\/conjunto-de-camisa-y-pantalon-corto-con-tirantes-para-bebe-gris-palido\/\" class=\"woocommerce-LoopProduct-link\"><img decoding=\"async\" width=\"600\" height=\"800\" src=\"https:\/\/voyagedelabaleine.fr\/wp-content\/uploads\/2025\/04\/short-bretelles-gris-600x800.jpg\" class=\"woo-entry-image-main\" alt=\"Conjunto de camisa y pantal\u00f3n corto con tirantes para beb\u00e9 &#8211; Gris p\u00e1lido\" itemprop=\"image\" srcset=\"https:\/\/voyagedelabaleine.fr\/wp-content\/uploads\/2025\/04\/short-bretelles-gris-600x800.jpg 600w, https:\/\/voyagedelabaleine.fr\/wp-content\/uploads\/2025\/04\/short-bretelles-gris-225x300.jpg 225w, https:\/\/voyagedelabaleine.fr\/wp-content\/uploads\/2025\/04\/short-bretelles-gris-768x1024.jpg 768w, https:\/\/voyagedelabaleine.fr\/wp-content\/uploads\/2025\/04\/short-bretelles-gris-1152x1536.jpg 1152w, https:\/\/voyagedelabaleine.fr\/wp-content\/uploads\/2025\/04\/short-bretelles-gris.jpg 1200w\" sizes=\"(max-width: 600px) 100vw, 600px\" \/><img decoding=\"async\" width=\"600\" height=\"800\" src=\"https:\/\/voyagedelabaleine.fr\/wp-content\/uploads\/2025\/01\/bloomer-bretelles-chemise-gris-2-600x800.jpg\" class=\"woo-entry-image-secondary\" alt=\"Conjunto de camisa y pantal\u00f3n corto con tirantes para beb\u00e9 &#8211; Gris p\u00e1lido\" itemprop=\"image\" srcset=\"https:\/\/voyagedelabaleine.fr\/wp-content\/uploads\/2025\/01\/bloomer-bretelles-chemise-gris-2-600x800.jpg 600w, https:\/\/voyagedelabaleine.fr\/wp-content\/uploads\/2025\/01\/bloomer-bretelles-chemise-gris-2-225x300.jpg 225w, https:\/\/voyagedelabaleine.fr\/wp-content\/uploads\/2025\/01\/bloomer-bretelles-chemise-gris-2-768x1024.jpg 768w, https:\/\/voyagedelabaleine.fr\/wp-content\/uploads\/2025\/01\/bloomer-bretelles-chemise-gris-2.jpg 900w\" sizes=\"(max-width: 600px) 100vw, 600px\" \/><\/a>\t<\/div><!-- .woo-entry-image-swap -->\n\n<\/li><li class=\"title\"><h2><a href=\"https:\/\/voyagedelabaleine.fr\/es\/producto\/conjunto-de-camisa-y-pantalon-corto-con-tirantes-para-bebe-gris-palido\/\">Conjunto de camisa y pantal\u00f3n corto con tirantes para beb\u00e9 &#8211; Gris p\u00e1lido<\/a><\/h2><\/li><li class=\"price-wrap\">\n\t<span class=\"price\"><span class=\"woocommerce-Price-amount amount\"><bdi>64<span class=\"woocommerce-Price-currencySymbol\">&euro;<\/span><\/bdi><\/span><\/span>\n<\/li><\/ul><\/div><!-- .product-inner .clr --><\/li>\n<li class=\"entry has-media col span_1_of_3 owp-content-center owp-thumbs-layout-vertical owp-btn-big owp-tabs-layout-vertical circle-sale product type-product post-29987 status-publish instock product_cat-blusa-camiseta-nacimiento product_cat-blusa-y-camiseta-nacimiento-nina product_cat-blusa-camiseta-bebe product_cat-blusa-camiseta-bebe-nina product_cat-conjuntos-nacimiento product_cat-conjuntos-nacimiento-nina product_cat-conjuntos-bebe product_cat-conjuntos-bebe-nina product_cat-pololo-short-pantalon-nacimiento product_cat-pololo-short-pantalon-nacimiento-nina product_cat-pololo-short-y-pantalon-bebe product_cat-pololo-short-pantalon-bebe-nina product_cat-ropa has-post-thumbnail taxable shipping-taxable purchasable product-type-variable has-default-attributes\">\n\t<div class=\"product-inner clr\">\n\t<div class=\"woo-entry-image-swap woo-entry-image clr\">\n\t\t<a href=\"https:\/\/voyagedelabaleine.fr\/es\/producto\/conjunto-para-bebe-nina-de-blusa-y-braga-rayas-azul-blanco\/\" class=\"woocommerce-LoopProduct-link\"><img decoding=\"async\" width=\"600\" height=\"800\" src=\"https:\/\/voyagedelabaleine.fr\/wp-content\/uploads\/2025\/01\/ensemble-bebe-blouse-bloomer-raye-600x800.jpg\" class=\"woo-entry-image-main\" alt=\"Conjunto para beb\u00e9 ni\u00f1a de blusa y braga rayas &#8211; Azul\/blanco\" itemprop=\"image\" srcset=\"https:\/\/voyagedelabaleine.fr\/wp-content\/uploads\/2025\/01\/ensemble-bebe-blouse-bloomer-raye-600x800.jpg 600w, https:\/\/voyagedelabaleine.fr\/wp-content\/uploads\/2025\/01\/ensemble-bebe-blouse-bloomer-raye-225x300.jpg 225w, https:\/\/voyagedelabaleine.fr\/wp-content\/uploads\/2025\/01\/ensemble-bebe-blouse-bloomer-raye-768x1024.jpg 768w, https:\/\/voyagedelabaleine.fr\/wp-content\/uploads\/2025\/01\/ensemble-bebe-blouse-bloomer-raye.jpg 855w\" sizes=\"(max-width: 600px) 100vw, 600px\" \/><img decoding=\"async\" width=\"600\" height=\"800\" src=\"https:\/\/voyagedelabaleine.fr\/wp-content\/uploads\/2025\/01\/ensemble-bebe-blouse-bloomer-raye-1-600x800.jpg\" class=\"woo-entry-image-secondary\" alt=\"Conjunto para beb\u00e9 ni\u00f1a de blusa y braga rayas &#8211; Azul\/blanco\" itemprop=\"image\" srcset=\"https:\/\/voyagedelabaleine.fr\/wp-content\/uploads\/2025\/01\/ensemble-bebe-blouse-bloomer-raye-1-600x800.jpg 600w, https:\/\/voyagedelabaleine.fr\/wp-content\/uploads\/2025\/01\/ensemble-bebe-blouse-bloomer-raye-1-225x300.jpg 225w, https:\/\/voyagedelabaleine.fr\/wp-content\/uploads\/2025\/01\/ensemble-bebe-blouse-bloomer-raye-1-768x1024.jpg 768w, https:\/\/voyagedelabaleine.fr\/wp-content\/uploads\/2025\/01\/ensemble-bebe-blouse-bloomer-raye-1.jpg 900w\" sizes=\"(max-width: 600px) 100vw, 600px\" \/><\/a>\t<\/div><!-- .woo-entry-image-swap -->\n\n<ul class=\"woo-entry-inner clr\"><li class=\"image-wrap\">\n\t<div class=\"woo-entry-image-swap woo-entry-image clr\">\n\t\t<a href=\"https:\/\/voyagedelabaleine.fr\/es\/producto\/conjunto-para-bebe-nina-de-blusa-y-braga-rayas-azul-blanco\/\" class=\"woocommerce-LoopProduct-link\"><img decoding=\"async\" width=\"600\" height=\"800\" src=\"https:\/\/voyagedelabaleine.fr\/wp-content\/uploads\/2025\/01\/ensemble-bebe-blouse-bloomer-raye-600x800.jpg\" class=\"woo-entry-image-main\" alt=\"Conjunto para beb\u00e9 ni\u00f1a de blusa y braga rayas &#8211; Azul\/blanco\" itemprop=\"image\" srcset=\"https:\/\/voyagedelabaleine.fr\/wp-content\/uploads\/2025\/01\/ensemble-bebe-blouse-bloomer-raye-600x800.jpg 600w, https:\/\/voyagedelabaleine.fr\/wp-content\/uploads\/2025\/01\/ensemble-bebe-blouse-bloomer-raye-225x300.jpg 225w, https:\/\/voyagedelabaleine.fr\/wp-content\/uploads\/2025\/01\/ensemble-bebe-blouse-bloomer-raye-768x1024.jpg 768w, https:\/\/voyagedelabaleine.fr\/wp-content\/uploads\/2025\/01\/ensemble-bebe-blouse-bloomer-raye.jpg 855w\" sizes=\"(max-width: 600px) 100vw, 600px\" \/><img decoding=\"async\" width=\"600\" height=\"800\" src=\"https:\/\/voyagedelabaleine.fr\/wp-content\/uploads\/2025\/01\/ensemble-bebe-blouse-bloomer-raye-1-600x800.jpg\" class=\"woo-entry-image-secondary\" alt=\"Conjunto para beb\u00e9 ni\u00f1a de blusa y braga rayas &#8211; Azul\/blanco\" itemprop=\"image\" srcset=\"https:\/\/voyagedelabaleine.fr\/wp-content\/uploads\/2025\/01\/ensemble-bebe-blouse-bloomer-raye-1-600x800.jpg 600w, https:\/\/voyagedelabaleine.fr\/wp-content\/uploads\/2025\/01\/ensemble-bebe-blouse-bloomer-raye-1-225x300.jpg 225w, https:\/\/voyagedelabaleine.fr\/wp-content\/uploads\/2025\/01\/ensemble-bebe-blouse-bloomer-raye-1-768x1024.jpg 768w, https:\/\/voyagedelabaleine.fr\/wp-content\/uploads\/2025\/01\/ensemble-bebe-blouse-bloomer-raye-1.jpg 900w\" sizes=\"(max-width: 600px) 100vw, 600px\" \/><\/a>\t<\/div><!-- .woo-entry-image-swap -->\n\n<\/li><li class=\"title\"><h2><a href=\"https:\/\/voyagedelabaleine.fr\/es\/producto\/conjunto-para-bebe-nina-de-blusa-y-braga-rayas-azul-blanco\/\">Conjunto para beb\u00e9 ni\u00f1a de blusa y braga rayas &#8211; Azul\/blanco<\/a><\/h2><\/li><li class=\"price-wrap\">\n\t<span class=\"price\"><span class=\"woocommerce-Price-amount amount\"><bdi>68<span class=\"woocommerce-Price-currencySymbol\">&euro;<\/span><\/bdi><\/span><\/span>\n<\/li><\/ul><\/div><!-- .product-inner .clr --><\/li>\n<li class=\"entry has-media col span_1_of_3 owp-content-center owp-thumbs-layout-vertical owp-btn-big owp-tabs-layout-vertical circle-sale product type-product post-32631 status-publish last instock product_cat-pelele-peto-ranita-nacimiento product_cat-pelele-peto-ranita-nacimiento-nina product_cat-pelele-peto-ranita-bebe product_cat-pelele-peto-ranita-bebe-nina product_cat-ropa product_cat-ultima-oportunidad has-post-thumbnail taxable shipping-taxable purchasable product-type-variable has-default-attributes\">\n\t<div class=\"product-inner clr\">\n\t<div class=\"woo-entry-image-swap woo-entry-image clr\">\n\t\t<a href=\"https:\/\/voyagedelabaleine.fr\/es\/producto\/ranita-de-rayas-con-mangas-con-volantes-rosa-blanco\/\" class=\"woocommerce-LoopProduct-link\"><img decoding=\"async\" width=\"600\" height=\"800\" src=\"https:\/\/voyagedelabaleine.fr\/wp-content\/uploads\/2025\/03\/barboteuse-bebe-rayee-rose-600x800.jpg\" class=\"woo-entry-image-main\" alt=\"Ranita de rayas con mangas con volantes &#8211; Rosa\/blanco\" itemprop=\"image\" srcset=\"https:\/\/voyagedelabaleine.fr\/wp-content\/uploads\/2025\/03\/barboteuse-bebe-rayee-rose-600x800.jpg 600w, https:\/\/voyagedelabaleine.fr\/wp-content\/uploads\/2025\/03\/barboteuse-bebe-rayee-rose-225x300.jpg 225w, https:\/\/voyagedelabaleine.fr\/wp-content\/uploads\/2025\/03\/barboteuse-bebe-rayee-rose-768x1023.jpg 768w, https:\/\/voyagedelabaleine.fr\/wp-content\/uploads\/2025\/03\/barboteuse-bebe-rayee-rose-1153x1536.jpg 1153w, https:\/\/voyagedelabaleine.fr\/wp-content\/uploads\/2025\/03\/barboteuse-bebe-rayee-rose.jpg 1200w\" sizes=\"(max-width: 600px) 100vw, 600px\" \/><img decoding=\"async\" width=\"600\" height=\"800\" src=\"https:\/\/voyagedelabaleine.fr\/wp-content\/uploads\/2025\/03\/barboteuse-rayee-rose-3-1-600x800.jpg\" class=\"woo-entry-image-secondary\" alt=\"Ranita de rayas con mangas con volantes &#8211; Rosa\/blanco\" itemprop=\"image\" srcset=\"https:\/\/voyagedelabaleine.fr\/wp-content\/uploads\/2025\/03\/barboteuse-rayee-rose-3-1-600x800.jpg 600w, https:\/\/voyagedelabaleine.fr\/wp-content\/uploads\/2025\/03\/barboteuse-rayee-rose-3-1-225x300.jpg 225w, https:\/\/voyagedelabaleine.fr\/wp-content\/uploads\/2025\/03\/barboteuse-rayee-rose-3-1-768x1024.jpg 768w, https:\/\/voyagedelabaleine.fr\/wp-content\/uploads\/2025\/03\/barboteuse-rayee-rose-3-1.jpg 903w\" sizes=\"(max-width: 600px) 100vw, 600px\" \/><\/a>\t<\/div><!-- .woo-entry-image-swap -->\n\n<ul class=\"woo-entry-inner clr\"><li class=\"image-wrap\">\n\t<div class=\"woo-entry-image-swap woo-entry-image clr\">\n\t\t<a href=\"https:\/\/voyagedelabaleine.fr\/es\/producto\/ranita-de-rayas-con-mangas-con-volantes-rosa-blanco\/\" class=\"woocommerce-LoopProduct-link\"><img decoding=\"async\" width=\"600\" height=\"800\" src=\"https:\/\/voyagedelabaleine.fr\/wp-content\/uploads\/2025\/03\/barboteuse-bebe-rayee-rose-600x800.jpg\" class=\"woo-entry-image-main\" alt=\"Ranita de rayas con mangas con volantes &#8211; Rosa\/blanco\" itemprop=\"image\" srcset=\"https:\/\/voyagedelabaleine.fr\/wp-content\/uploads\/2025\/03\/barboteuse-bebe-rayee-rose-600x800.jpg 600w, https:\/\/voyagedelabaleine.fr\/wp-content\/uploads\/2025\/03\/barboteuse-bebe-rayee-rose-225x300.jpg 225w, https:\/\/voyagedelabaleine.fr\/wp-content\/uploads\/2025\/03\/barboteuse-bebe-rayee-rose-768x1023.jpg 768w, https:\/\/voyagedelabaleine.fr\/wp-content\/uploads\/2025\/03\/barboteuse-bebe-rayee-rose-1153x1536.jpg 1153w, https:\/\/voyagedelabaleine.fr\/wp-content\/uploads\/2025\/03\/barboteuse-bebe-rayee-rose.jpg 1200w\" sizes=\"(max-width: 600px) 100vw, 600px\" \/><img decoding=\"async\" width=\"600\" height=\"800\" src=\"https:\/\/voyagedelabaleine.fr\/wp-content\/uploads\/2025\/03\/barboteuse-rayee-rose-3-1-600x800.jpg\" class=\"woo-entry-image-secondary\" alt=\"Ranita de rayas con mangas con volantes &#8211; Rosa\/blanco\" itemprop=\"image\" srcset=\"https:\/\/voyagedelabaleine.fr\/wp-content\/uploads\/2025\/03\/barboteuse-rayee-rose-3-1-600x800.jpg 600w, https:\/\/voyagedelabaleine.fr\/wp-content\/uploads\/2025\/03\/barboteuse-rayee-rose-3-1-225x300.jpg 225w, https:\/\/voyagedelabaleine.fr\/wp-content\/uploads\/2025\/03\/barboteuse-rayee-rose-3-1-768x1024.jpg 768w, https:\/\/voyagedelabaleine.fr\/wp-content\/uploads\/2025\/03\/barboteuse-rayee-rose-3-1.jpg 903w\" sizes=\"(max-width: 600px) 100vw, 600px\" \/><\/a>\t<\/div><!-- .woo-entry-image-swap -->\n\n<\/li><li class=\"title\"><h2><a href=\"https:\/\/voyagedelabaleine.fr\/es\/producto\/ranita-de-rayas-con-mangas-con-volantes-rosa-blanco\/\">Ranita de rayas con mangas con volantes &#8211; Rosa\/blanco<\/a><\/h2><\/li><li class=\"price-wrap\">\n\t<span class=\"price\"><span class=\"woocommerce-Price-amount amount\"><bdi>52<span class=\"woocommerce-Price-currencySymbol\">&euro;<\/span><\/bdi><\/span><\/span>\n<\/li><\/ul><\/div><!-- .product-inner .clr --><\/li>\n<li class=\"entry has-media col span_1_of_3 owp-content-center owp-thumbs-layout-vertical owp-btn-big owp-tabs-layout-vertical circle-sale product type-product post-31785 status-publish first instock product_cat-pelele-peto-ranita-nacimiento product_cat-pelele-peto-ranita-nacimiento-nina product_cat-pelele-peto-ranita-nacimiento-nino product_cat-pelele-peto-ranita-bebe product_cat-pelele-peto-ranita-bebe-nina product_cat-pelele-peto-ranita-bebe-nino product_cat-ropa product_cat-ultima-oportunidad has-post-thumbnail taxable shipping-taxable purchasable product-type-variable has-default-attributes\">\n\t<div class=\"product-inner clr\">\n\t<div class=\"woo-entry-image-swap woo-entry-image clr\">\n\t\t<a href=\"https:\/\/voyagedelabaleine.fr\/es\/producto\/ranita-unisex-tradicional-para-bebe-azul-blanco\/\" class=\"woocommerce-LoopProduct-link\"><img decoding=\"async\" width=\"600\" height=\"800\" src=\"https:\/\/voyagedelabaleine.fr\/wp-content\/uploads\/2025\/01\/barboteuse-traditionnelle-rayee-600x800.jpg\" class=\"woo-entry-image-main\" alt=\"Ranita unisex tradicional para beb\u00e9 &#8211; Azul\/blanco\" itemprop=\"image\" srcset=\"https:\/\/voyagedelabaleine.fr\/wp-content\/uploads\/2025\/01\/barboteuse-traditionnelle-rayee-600x800.jpg 600w, https:\/\/voyagedelabaleine.fr\/wp-content\/uploads\/2025\/01\/barboteuse-traditionnelle-rayee-225x300.jpg 225w, https:\/\/voyagedelabaleine.fr\/wp-content\/uploads\/2025\/01\/barboteuse-traditionnelle-rayee-768x1024.jpg 768w, https:\/\/voyagedelabaleine.fr\/wp-content\/uploads\/2025\/01\/barboteuse-traditionnelle-rayee.jpg 855w\" sizes=\"(max-width: 600px) 100vw, 600px\" \/><img decoding=\"async\" width=\"600\" height=\"800\" src=\"https:\/\/voyagedelabaleine.fr\/wp-content\/uploads\/2025\/01\/barboteuse-traditionnelle-bebe-smocks-1-600x800.jpg\" class=\"woo-entry-image-secondary\" alt=\"Ranita unisex tradicional para beb\u00e9 &#8211; Azul\/blanco\" itemprop=\"image\" srcset=\"https:\/\/voyagedelabaleine.fr\/wp-content\/uploads\/2025\/01\/barboteuse-traditionnelle-bebe-smocks-1-600x800.jpg 600w, https:\/\/voyagedelabaleine.fr\/wp-content\/uploads\/2025\/01\/barboteuse-traditionnelle-bebe-smocks-1-225x300.jpg 225w, https:\/\/voyagedelabaleine.fr\/wp-content\/uploads\/2025\/01\/barboteuse-traditionnelle-bebe-smocks-1-768x1024.jpg 768w, https:\/\/voyagedelabaleine.fr\/wp-content\/uploads\/2025\/01\/barboteuse-traditionnelle-bebe-smocks-1.jpg 900w\" sizes=\"(max-width: 600px) 100vw, 600px\" \/><\/a>\t<\/div><!-- .woo-entry-image-swap -->\n\n<ul class=\"woo-entry-inner clr\"><li class=\"image-wrap\">\n\t<div class=\"woo-entry-image-swap woo-entry-image clr\">\n\t\t<a href=\"https:\/\/voyagedelabaleine.fr\/es\/producto\/ranita-unisex-tradicional-para-bebe-azul-blanco\/\" class=\"woocommerce-LoopProduct-link\"><img decoding=\"async\" width=\"600\" height=\"800\" src=\"https:\/\/voyagedelabaleine.fr\/wp-content\/uploads\/2025\/01\/barboteuse-traditionnelle-rayee-600x800.jpg\" class=\"woo-entry-image-main\" alt=\"Ranita unisex tradicional para beb\u00e9 &#8211; Azul\/blanco\" itemprop=\"image\" srcset=\"https:\/\/voyagedelabaleine.fr\/wp-content\/uploads\/2025\/01\/barboteuse-traditionnelle-rayee-600x800.jpg 600w, https:\/\/voyagedelabaleine.fr\/wp-content\/uploads\/2025\/01\/barboteuse-traditionnelle-rayee-225x300.jpg 225w, https:\/\/voyagedelabaleine.fr\/wp-content\/uploads\/2025\/01\/barboteuse-traditionnelle-rayee-768x1024.jpg 768w, https:\/\/voyagedelabaleine.fr\/wp-content\/uploads\/2025\/01\/barboteuse-traditionnelle-rayee.jpg 855w\" sizes=\"(max-width: 600px) 100vw, 600px\" \/><img decoding=\"async\" width=\"600\" height=\"800\" src=\"https:\/\/voyagedelabaleine.fr\/wp-content\/uploads\/2025\/01\/barboteuse-traditionnelle-bebe-smocks-1-600x800.jpg\" class=\"woo-entry-image-secondary\" alt=\"Ranita unisex tradicional para beb\u00e9 &#8211; Azul\/blanco\" itemprop=\"image\" srcset=\"https:\/\/voyagedelabaleine.fr\/wp-content\/uploads\/2025\/01\/barboteuse-traditionnelle-bebe-smocks-1-600x800.jpg 600w, https:\/\/voyagedelabaleine.fr\/wp-content\/uploads\/2025\/01\/barboteuse-traditionnelle-bebe-smocks-1-225x300.jpg 225w, https:\/\/voyagedelabaleine.fr\/wp-content\/uploads\/2025\/01\/barboteuse-traditionnelle-bebe-smocks-1-768x1024.jpg 768w, https:\/\/voyagedelabaleine.fr\/wp-content\/uploads\/2025\/01\/barboteuse-traditionnelle-bebe-smocks-1.jpg 900w\" sizes=\"(max-width: 600px) 100vw, 600px\" \/><\/a>\t<\/div><!-- .woo-entry-image-swap -->\n\n<\/li><li class=\"title\"><h2><a href=\"https:\/\/voyagedelabaleine.fr\/es\/producto\/ranita-unisex-tradicional-para-bebe-azul-blanco\/\">Ranita unisex tradicional para beb\u00e9 &#8211; Azul\/blanco<\/a><\/h2><\/li><li class=\"price-wrap\">\n\t<span class=\"price\"><span class=\"woocommerce-Price-amount amount\"><bdi>58<span class=\"woocommerce-Price-currencySymbol\">&euro;<\/span><\/bdi><\/span><\/span>\n<\/li><\/ul><\/div><!-- .product-inner .clr --><\/li>\n<li class=\"entry has-media col span_1_of_3 owp-content-center owp-thumbs-layout-vertical owp-btn-big owp-tabs-layout-vertical circle-sale product type-product post-29931 status-publish instock product_cat-pelele-peto-ranita-nacimiento product_cat-pelele-peto-ranita-nacimiento-nino product_cat-pelele-peto-ranita-bebe product_cat-pelele-peto-ranita-bebe-nino product_cat-ropa product_cat-ultima-oportunidad has-post-thumbnail taxable shipping-taxable purchasable product-type-variable has-default-attributes\">\n\t<div class=\"product-inner clr\">\n\t<div class=\"woo-entry-image-swap woo-entry-image clr\">\n\t\t<a href=\"https:\/\/voyagedelabaleine.fr\/es\/producto\/ranita-de-bebe-nino-a-rayas-azul-mediterraneo-blanco\/\" class=\"woocommerce-LoopProduct-link\"><img decoding=\"async\" width=\"600\" height=\"800\" src=\"https:\/\/voyagedelabaleine.fr\/wp-content\/uploads\/2025\/01\/barboteuse-rayee-bleu-mediterrannee-600x800.jpg\" class=\"woo-entry-image-main\" alt=\"Ranita de beb\u00e9 ni\u00f1o a rayas &#8211; Azul Mediterr\u00e1neo\/blanco\" itemprop=\"image\" srcset=\"https:\/\/voyagedelabaleine.fr\/wp-content\/uploads\/2025\/01\/barboteuse-rayee-bleu-mediterrannee-600x800.jpg 600w, https:\/\/voyagedelabaleine.fr\/wp-content\/uploads\/2025\/01\/barboteuse-rayee-bleu-mediterrannee-225x300.jpg 225w, https:\/\/voyagedelabaleine.fr\/wp-content\/uploads\/2025\/01\/barboteuse-rayee-bleu-mediterrannee-768x1024.jpg 768w, https:\/\/voyagedelabaleine.fr\/wp-content\/uploads\/2025\/01\/barboteuse-rayee-bleu-mediterrannee-1152x1536.jpg 1152w, https:\/\/voyagedelabaleine.fr\/wp-content\/uploads\/2025\/01\/barboteuse-rayee-bleu-mediterrannee.jpg 1289w\" sizes=\"(max-width: 600px) 100vw, 600px\" \/><img decoding=\"async\" width=\"600\" height=\"800\" src=\"https:\/\/voyagedelabaleine.fr\/wp-content\/uploads\/2025\/01\/barboteuse-rayee-bleu-mediterrannee-2-600x800.jpg\" class=\"woo-entry-image-secondary\" alt=\"Ranita de beb\u00e9 ni\u00f1o a rayas &#8211; Azul Mediterr\u00e1neo\/blanco\" itemprop=\"image\" srcset=\"https:\/\/voyagedelabaleine.fr\/wp-content\/uploads\/2025\/01\/barboteuse-rayee-bleu-mediterrannee-2-600x800.jpg 600w, https:\/\/voyagedelabaleine.fr\/wp-content\/uploads\/2025\/01\/barboteuse-rayee-bleu-mediterrannee-2-225x300.jpg 225w, https:\/\/voyagedelabaleine.fr\/wp-content\/uploads\/2025\/01\/barboteuse-rayee-bleu-mediterrannee-2-768x1024.jpg 768w, https:\/\/voyagedelabaleine.fr\/wp-content\/uploads\/2025\/01\/barboteuse-rayee-bleu-mediterrannee-2.jpg 1000w\" sizes=\"(max-width: 600px) 100vw, 600px\" \/><\/a>\t<\/div><!-- .woo-entry-image-swap -->\n\n<ul class=\"woo-entry-inner clr\"><li class=\"image-wrap\">\n\t<div class=\"woo-entry-image-swap woo-entry-image clr\">\n\t\t<a href=\"https:\/\/voyagedelabaleine.fr\/es\/producto\/ranita-de-bebe-nino-a-rayas-azul-mediterraneo-blanco\/\" class=\"woocommerce-LoopProduct-link\"><img decoding=\"async\" width=\"600\" height=\"800\" src=\"https:\/\/voyagedelabaleine.fr\/wp-content\/uploads\/2025\/01\/barboteuse-rayee-bleu-mediterrannee-600x800.jpg\" class=\"woo-entry-image-main\" alt=\"Ranita de beb\u00e9 ni\u00f1o a rayas &#8211; Azul Mediterr\u00e1neo\/blanco\" itemprop=\"image\" srcset=\"https:\/\/voyagedelabaleine.fr\/wp-content\/uploads\/2025\/01\/barboteuse-rayee-bleu-mediterrannee-600x800.jpg 600w, https:\/\/voyagedelabaleine.fr\/wp-content\/uploads\/2025\/01\/barboteuse-rayee-bleu-mediterrannee-225x300.jpg 225w, https:\/\/voyagedelabaleine.fr\/wp-content\/uploads\/2025\/01\/barboteuse-rayee-bleu-mediterrannee-768x1024.jpg 768w, https:\/\/voyagedelabaleine.fr\/wp-content\/uploads\/2025\/01\/barboteuse-rayee-bleu-mediterrannee-1152x1536.jpg 1152w, https:\/\/voyagedelabaleine.fr\/wp-content\/uploads\/2025\/01\/barboteuse-rayee-bleu-mediterrannee.jpg 1289w\" sizes=\"(max-width: 600px) 100vw, 600px\" \/><img decoding=\"async\" width=\"600\" height=\"800\" src=\"https:\/\/voyagedelabaleine.fr\/wp-content\/uploads\/2025\/01\/barboteuse-rayee-bleu-mediterrannee-2-600x800.jpg\" class=\"woo-entry-image-secondary\" alt=\"Ranita de beb\u00e9 ni\u00f1o a rayas &#8211; Azul Mediterr\u00e1neo\/blanco\" itemprop=\"image\" srcset=\"https:\/\/voyagedelabaleine.fr\/wp-content\/uploads\/2025\/01\/barboteuse-rayee-bleu-mediterrannee-2-600x800.jpg 600w, https:\/\/voyagedelabaleine.fr\/wp-content\/uploads\/2025\/01\/barboteuse-rayee-bleu-mediterrannee-2-225x300.jpg 225w, https:\/\/voyagedelabaleine.fr\/wp-content\/uploads\/2025\/01\/barboteuse-rayee-bleu-mediterrannee-2-768x1024.jpg 768w, https:\/\/voyagedelabaleine.fr\/wp-content\/uploads\/2025\/01\/barboteuse-rayee-bleu-mediterrannee-2.jpg 1000w\" sizes=\"(max-width: 600px) 100vw, 600px\" \/><\/a>\t<\/div><!-- .woo-entry-image-swap -->\n\n<\/li><li class=\"title\"><h2><a href=\"https:\/\/voyagedelabaleine.fr\/es\/producto\/ranita-de-bebe-nino-a-rayas-azul-mediterraneo-blanco\/\">Ranita de beb\u00e9 ni\u00f1o a rayas &#8211; Azul Mediterr\u00e1neo\/blanco<\/a><\/h2><\/li><li class=\"price-wrap\">\n\t<span class=\"price\"><span class=\"woocommerce-Price-amount amount\"><bdi>48<span class=\"woocommerce-Price-currencySymbol\">&euro;<\/span><\/bdi><\/span><\/span>\n<\/li><\/ul><\/div><!-- .product-inner .clr --><\/li>\n<li class=\"entry has-media col span_1_of_3 owp-content-center owp-thumbs-layout-vertical owp-btn-big owp-tabs-layout-vertical circle-sale product type-product post-34358 status-publish last instock product_cat-bebe-nina product_cat-nina product_cat-ropa product_cat-vestido-bebe-nina product_cat-vestido-nina product_cat-ultima-oportunidad has-post-thumbnail taxable shipping-taxable purchasable product-type-variable has-default-attributes\">\n\t<div class=\"product-inner clr\">\n\t<div class=\"woo-entry-image-swap woo-entry-image clr\">\n\t\t<a href=\"https:\/\/voyagedelabaleine.fr\/es\/producto\/vestido-de-nina-de-rayas-arcilla-blanco\/\" class=\"woocommerce-LoopProduct-link\"><img decoding=\"async\" width=\"600\" height=\"800\" src=\"https:\/\/voyagedelabaleine.fr\/wp-content\/uploads\/2025\/01\/robe-rayee-argile-600x800.jpg\" class=\"woo-entry-image-main\" alt=\"Vestido de ni\u00f1a de rayas &#8211; Arcilla\/blanco\" itemprop=\"image\" srcset=\"https:\/\/voyagedelabaleine.fr\/wp-content\/uploads\/2025\/01\/robe-rayee-argile-600x800.jpg 600w, https:\/\/voyagedelabaleine.fr\/wp-content\/uploads\/2025\/01\/robe-rayee-argile-225x300.jpg 225w, https:\/\/voyagedelabaleine.fr\/wp-content\/uploads\/2025\/01\/robe-rayee-argile-768x1024.jpg 768w, https:\/\/voyagedelabaleine.fr\/wp-content\/uploads\/2025\/01\/robe-rayee-argile-1152x1536.jpg 1152w, https:\/\/voyagedelabaleine.fr\/wp-content\/uploads\/2025\/01\/robe-rayee-argile.jpg 1256w\" sizes=\"(max-width: 600px) 100vw, 600px\" \/><img decoding=\"async\" width=\"600\" height=\"800\" src=\"https:\/\/voyagedelabaleine.fr\/wp-content\/uploads\/2025\/01\/robe-rayee-argile-1-600x800.jpg\" class=\"woo-entry-image-secondary\" alt=\"Vestido de ni\u00f1a de rayas &#8211; Arcilla\/blanco\" itemprop=\"image\" srcset=\"https:\/\/voyagedelabaleine.fr\/wp-content\/uploads\/2025\/01\/robe-rayee-argile-1-600x800.jpg 600w, https:\/\/voyagedelabaleine.fr\/wp-content\/uploads\/2025\/01\/robe-rayee-argile-1-225x300.jpg 225w, https:\/\/voyagedelabaleine.fr\/wp-content\/uploads\/2025\/01\/robe-rayee-argile-1-768x1024.jpg 768w, https:\/\/voyagedelabaleine.fr\/wp-content\/uploads\/2025\/01\/robe-rayee-argile-1.jpg 951w\" sizes=\"(max-width: 600px) 100vw, 600px\" \/><\/a>\t<\/div><!-- .woo-entry-image-swap -->\n\n<ul class=\"woo-entry-inner clr\"><li class=\"image-wrap\">\n\t<div class=\"woo-entry-image-swap woo-entry-image clr\">\n\t\t<a href=\"https:\/\/voyagedelabaleine.fr\/es\/producto\/vestido-de-nina-de-rayas-arcilla-blanco\/\" class=\"woocommerce-LoopProduct-link\"><img decoding=\"async\" width=\"600\" height=\"800\" src=\"https:\/\/voyagedelabaleine.fr\/wp-content\/uploads\/2025\/01\/robe-rayee-argile-600x800.jpg\" class=\"woo-entry-image-main\" alt=\"Vestido de ni\u00f1a de rayas &#8211; Arcilla\/blanco\" itemprop=\"image\" srcset=\"https:\/\/voyagedelabaleine.fr\/wp-content\/uploads\/2025\/01\/robe-rayee-argile-600x800.jpg 600w, https:\/\/voyagedelabaleine.fr\/wp-content\/uploads\/2025\/01\/robe-rayee-argile-225x300.jpg 225w, https:\/\/voyagedelabaleine.fr\/wp-content\/uploads\/2025\/01\/robe-rayee-argile-768x1024.jpg 768w, https:\/\/voyagedelabaleine.fr\/wp-content\/uploads\/2025\/01\/robe-rayee-argile-1152x1536.jpg 1152w, https:\/\/voyagedelabaleine.fr\/wp-content\/uploads\/2025\/01\/robe-rayee-argile.jpg 1256w\" sizes=\"(max-width: 600px) 100vw, 600px\" \/><img decoding=\"async\" width=\"600\" height=\"800\" src=\"https:\/\/voyagedelabaleine.fr\/wp-content\/uploads\/2025\/01\/robe-rayee-argile-1-600x800.jpg\" class=\"woo-entry-image-secondary\" alt=\"Vestido de ni\u00f1a de rayas &#8211; Arcilla\/blanco\" itemprop=\"image\" srcset=\"https:\/\/voyagedelabaleine.fr\/wp-content\/uploads\/2025\/01\/robe-rayee-argile-1-600x800.jpg 600w, https:\/\/voyagedelabaleine.fr\/wp-content\/uploads\/2025\/01\/robe-rayee-argile-1-225x300.jpg 225w, https:\/\/voyagedelabaleine.fr\/wp-content\/uploads\/2025\/01\/robe-rayee-argile-1-768x1024.jpg 768w, https:\/\/voyagedelabaleine.fr\/wp-content\/uploads\/2025\/01\/robe-rayee-argile-1.jpg 951w\" sizes=\"(max-width: 600px) 100vw, 600px\" \/><\/a>\t<\/div><!-- .woo-entry-image-swap -->\n\n<\/li><li class=\"title\"><h2><a href=\"https:\/\/voyagedelabaleine.fr\/es\/producto\/vestido-de-nina-de-rayas-arcilla-blanco\/\">Vestido de ni\u00f1a de rayas &#8211; Arcilla\/blanco<\/a><\/h2><\/li><li class=\"price-wrap\">\n\t<span class=\"price\"><span class=\"woocommerce-Price-amount amount\"><bdi>52<span class=\"woocommerce-Price-currencySymbol\">&euro;<\/span><\/bdi><\/span><\/span>\n<\/li><\/ul><\/div><!-- .product-inner .clr --><\/li>\n<li class=\"entry has-media col span_1_of_3 owp-content-center owp-thumbs-layout-vertical owp-btn-big owp-tabs-layout-vertical circle-sale product type-product post-34593 status-publish first instock product_cat-bebe-nina product_cat-nina product_cat-ropa product_cat-vestido-bebe-nina product_cat-vestido-nina has-post-thumbnail taxable shipping-taxable purchasable product-type-variable has-default-attributes\">\n\t<div class=\"product-inner clr\">\n\t<div class=\"woo-entry-image-swap woo-entry-image clr\">\n\t\t<a href=\"https:\/\/voyagedelabaleine.fr\/es\/producto\/vestido-ligero-de-rayas-azul-mediterraneo-blanco\/\" class=\"woocommerce-LoopProduct-link\"><img decoding=\"async\" width=\"600\" height=\"800\" src=\"https:\/\/voyagedelabaleine.fr\/wp-content\/uploads\/2025\/03\/robe-raye-bleue-3-600x800.jpg\" class=\"woo-entry-image-main\" alt=\"Vestido ligero de rayas &#8211; Azul mediterr\u00e1neo\/blanco\" itemprop=\"image\" srcset=\"https:\/\/voyagedelabaleine.fr\/wp-content\/uploads\/2025\/03\/robe-raye-bleue-3-600x800.jpg 600w, https:\/\/voyagedelabaleine.fr\/wp-content\/uploads\/2025\/03\/robe-raye-bleue-3-225x300.jpg 225w, https:\/\/voyagedelabaleine.fr\/wp-content\/uploads\/2025\/03\/robe-raye-bleue-3-768x1023.jpg 768w, https:\/\/voyagedelabaleine.fr\/wp-content\/uploads\/2025\/03\/robe-raye-bleue-3-1153x1536.jpg 1153w, https:\/\/voyagedelabaleine.fr\/wp-content\/uploads\/2025\/03\/robe-raye-bleue-3.jpg 1500w\" sizes=\"(max-width: 600px) 100vw, 600px\" \/><img decoding=\"async\" width=\"600\" height=\"800\" src=\"https:\/\/voyagedelabaleine.fr\/wp-content\/uploads\/2025\/03\/robe-raye-bleue-600x800.jpg\" class=\"woo-entry-image-secondary\" alt=\"Vestido ligero de rayas &#8211; Azul mediterr\u00e1neo\/blanco\" itemprop=\"image\" srcset=\"https:\/\/voyagedelabaleine.fr\/wp-content\/uploads\/2025\/03\/robe-raye-bleue-600x800.jpg 600w, https:\/\/voyagedelabaleine.fr\/wp-content\/uploads\/2025\/03\/robe-raye-bleue-225x300.jpg 225w, https:\/\/voyagedelabaleine.fr\/wp-content\/uploads\/2025\/03\/robe-raye-bleue-768x1025.jpg 768w, https:\/\/voyagedelabaleine.fr\/wp-content\/uploads\/2025\/03\/robe-raye-bleue-1151x1536.jpg 1151w, https:\/\/voyagedelabaleine.fr\/wp-content\/uploads\/2025\/03\/robe-raye-bleue.jpg 1500w\" sizes=\"(max-width: 600px) 100vw, 600px\" \/><\/a>\t<\/div><!-- .woo-entry-image-swap -->\n\n<ul class=\"woo-entry-inner clr\"><li class=\"image-wrap\">\n\t<div class=\"woo-entry-image-swap woo-entry-image clr\">\n\t\t<a href=\"https:\/\/voyagedelabaleine.fr\/es\/producto\/vestido-ligero-de-rayas-azul-mediterraneo-blanco\/\" class=\"woocommerce-LoopProduct-link\"><img decoding=\"async\" width=\"600\" height=\"800\" src=\"https:\/\/voyagedelabaleine.fr\/wp-content\/uploads\/2025\/03\/robe-raye-bleue-3-600x800.jpg\" class=\"woo-entry-image-main\" alt=\"Vestido ligero de rayas &#8211; Azul mediterr\u00e1neo\/blanco\" itemprop=\"image\" srcset=\"https:\/\/voyagedelabaleine.fr\/wp-content\/uploads\/2025\/03\/robe-raye-bleue-3-600x800.jpg 600w, https:\/\/voyagedelabaleine.fr\/wp-content\/uploads\/2025\/03\/robe-raye-bleue-3-225x300.jpg 225w, https:\/\/voyagedelabaleine.fr\/wp-content\/uploads\/2025\/03\/robe-raye-bleue-3-768x1023.jpg 768w, https:\/\/voyagedelabaleine.fr\/wp-content\/uploads\/2025\/03\/robe-raye-bleue-3-1153x1536.jpg 1153w, https:\/\/voyagedelabaleine.fr\/wp-content\/uploads\/2025\/03\/robe-raye-bleue-3.jpg 1500w\" sizes=\"(max-width: 600px) 100vw, 600px\" \/><img decoding=\"async\" width=\"600\" height=\"800\" src=\"https:\/\/voyagedelabaleine.fr\/wp-content\/uploads\/2025\/03\/robe-raye-bleue-600x800.jpg\" class=\"woo-entry-image-secondary\" alt=\"Vestido ligero de rayas &#8211; Azul mediterr\u00e1neo\/blanco\" itemprop=\"image\" srcset=\"https:\/\/voyagedelabaleine.fr\/wp-content\/uploads\/2025\/03\/robe-raye-bleue-600x800.jpg 600w, https:\/\/voyagedelabaleine.fr\/wp-content\/uploads\/2025\/03\/robe-raye-bleue-225x300.jpg 225w, https:\/\/voyagedelabaleine.fr\/wp-content\/uploads\/2025\/03\/robe-raye-bleue-768x1025.jpg 768w, https:\/\/voyagedelabaleine.fr\/wp-content\/uploads\/2025\/03\/robe-raye-bleue-1151x1536.jpg 1151w, https:\/\/voyagedelabaleine.fr\/wp-content\/uploads\/2025\/03\/robe-raye-bleue.jpg 1500w\" sizes=\"(max-width: 600px) 100vw, 600px\" \/><\/a>\t<\/div><!-- .woo-entry-image-swap -->\n\n<\/li><li class=\"title\"><h2><a href=\"https:\/\/voyagedelabaleine.fr\/es\/producto\/vestido-ligero-de-rayas-azul-mediterraneo-blanco\/\">Vestido ligero de rayas &#8211; Azul mediterr\u00e1neo\/blanco<\/a><\/h2><\/li><li class=\"price-wrap\">\n\t<span class=\"price\"><span class=\"woocommerce-Price-amount amount\"><bdi>62<span class=\"woocommerce-Price-currencySymbol\">&euro;<\/span><\/bdi><\/span><\/span>\n<\/li><\/ul><\/div><!-- .product-inner .clr --><\/li>\n<li class=\"entry has-media col span_1_of_3 owp-content-center owp-thumbs-layout-vertical owp-btn-big owp-tabs-layout-vertical circle-sale product type-product post-33642 status-publish instock product_cat-bebe-nina product_cat-nacimiento-nina product_cat-ropa product_cat-vestido-nacimiento product_cat-vestido-bebe-nina product_cat-ultima-oportunidad has-post-thumbnail taxable shipping-taxable purchasable product-type-variable has-default-attributes\">\n\t<div class=\"product-inner clr\">\n\t<div class=\"woo-entry-image-swap woo-entry-image clr\">\n\t\t<a href=\"https:\/\/voyagedelabaleine.fr\/es\/producto\/vestido-de-bebe-nina-de-rayas-con-cuello-grande-estilo-marinero\/\" class=\"woocommerce-LoopProduct-link\"><img decoding=\"async\" width=\"600\" height=\"800\" src=\"https:\/\/voyagedelabaleine.fr\/wp-content\/uploads\/2025\/02\/robe-esprit-marin-600x800.jpg\" class=\"woo-entry-image-main\" alt=\"Vestido de beb\u00e9 ni\u00f1a de rayas con cuello grande estilo marinero\" itemprop=\"image\" srcset=\"https:\/\/voyagedelabaleine.fr\/wp-content\/uploads\/2025\/02\/robe-esprit-marin-600x800.jpg 600w, https:\/\/voyagedelabaleine.fr\/wp-content\/uploads\/2025\/02\/robe-esprit-marin-225x300.jpg 225w, https:\/\/voyagedelabaleine.fr\/wp-content\/uploads\/2025\/02\/robe-esprit-marin-768x1024.jpg 768w, https:\/\/voyagedelabaleine.fr\/wp-content\/uploads\/2025\/02\/robe-esprit-marin-1152x1536.jpg 1152w, https:\/\/voyagedelabaleine.fr\/wp-content\/uploads\/2025\/02\/robe-esprit-marin.jpg 1200w\" sizes=\"(max-width: 600px) 100vw, 600px\" \/><img decoding=\"async\" width=\"600\" height=\"800\" src=\"https:\/\/voyagedelabaleine.fr\/wp-content\/uploads\/2025\/01\/robe-bebe-col-marin-600x800.jpg\" class=\"woo-entry-image-secondary\" alt=\"Vestido de beb\u00e9 ni\u00f1a de rayas con cuello grande estilo marinero\" itemprop=\"image\" srcset=\"https:\/\/voyagedelabaleine.fr\/wp-content\/uploads\/2025\/01\/robe-bebe-col-marin-600x800.jpg 600w, https:\/\/voyagedelabaleine.fr\/wp-content\/uploads\/2025\/01\/robe-bebe-col-marin-225x300.jpg 225w, https:\/\/voyagedelabaleine.fr\/wp-content\/uploads\/2025\/01\/robe-bebe-col-marin-768x1024.jpg 768w, https:\/\/voyagedelabaleine.fr\/wp-content\/uploads\/2025\/01\/robe-bebe-col-marin.jpg 855w\" sizes=\"(max-width: 600px) 100vw, 600px\" \/><\/a>\t<\/div><!-- .woo-entry-image-swap -->\n\n<ul class=\"woo-entry-inner clr\"><li class=\"image-wrap\">\n\t<div class=\"woo-entry-image-swap woo-entry-image clr\">\n\t\t<a href=\"https:\/\/voyagedelabaleine.fr\/es\/producto\/vestido-de-bebe-nina-de-rayas-con-cuello-grande-estilo-marinero\/\" class=\"woocommerce-LoopProduct-link\"><img decoding=\"async\" width=\"600\" height=\"800\" src=\"https:\/\/voyagedelabaleine.fr\/wp-content\/uploads\/2025\/02\/robe-esprit-marin-600x800.jpg\" class=\"woo-entry-image-main\" alt=\"Vestido de beb\u00e9 ni\u00f1a de rayas con cuello grande estilo marinero\" itemprop=\"image\" srcset=\"https:\/\/voyagedelabaleine.fr\/wp-content\/uploads\/2025\/02\/robe-esprit-marin-600x800.jpg 600w, https:\/\/voyagedelabaleine.fr\/wp-content\/uploads\/2025\/02\/robe-esprit-marin-225x300.jpg 225w, https:\/\/voyagedelabaleine.fr\/wp-content\/uploads\/2025\/02\/robe-esprit-marin-768x1024.jpg 768w, https:\/\/voyagedelabaleine.fr\/wp-content\/uploads\/2025\/02\/robe-esprit-marin-1152x1536.jpg 1152w, https:\/\/voyagedelabaleine.fr\/wp-content\/uploads\/2025\/02\/robe-esprit-marin.jpg 1200w\" sizes=\"(max-width: 600px) 100vw, 600px\" \/><img decoding=\"async\" width=\"600\" height=\"800\" src=\"https:\/\/voyagedelabaleine.fr\/wp-content\/uploads\/2025\/01\/robe-bebe-col-marin-600x800.jpg\" class=\"woo-entry-image-secondary\" alt=\"Vestido de beb\u00e9 ni\u00f1a de rayas con cuello grande estilo marinero\" itemprop=\"image\" srcset=\"https:\/\/voyagedelabaleine.fr\/wp-content\/uploads\/2025\/01\/robe-bebe-col-marin-600x800.jpg 600w, https:\/\/voyagedelabaleine.fr\/wp-content\/uploads\/2025\/01\/robe-bebe-col-marin-225x300.jpg 225w, https:\/\/voyagedelabaleine.fr\/wp-content\/uploads\/2025\/01\/robe-bebe-col-marin-768x1024.jpg 768w, https:\/\/voyagedelabaleine.fr\/wp-content\/uploads\/2025\/01\/robe-bebe-col-marin.jpg 855w\" sizes=\"(max-width: 600px) 100vw, 600px\" \/><\/a>\t<\/div><!-- .woo-entry-image-swap -->\n\n<\/li><li class=\"title\"><h2><a href=\"https:\/\/voyagedelabaleine.fr\/es\/producto\/vestido-de-bebe-nina-de-rayas-con-cuello-grande-estilo-marinero\/\">Vestido de beb\u00e9 ni\u00f1a de rayas con cuello grande estilo marinero<\/a><\/h2><\/li><li class=\"price-wrap\">\n\t<span class=\"price\"><span class=\"woocommerce-Price-amount amount\"><bdi>60<span class=\"woocommerce-Price-currencySymbol\">&euro;<\/span><\/bdi><\/span><\/span>\n<\/li><\/ul><\/div><!-- .product-inner .clr --><\/li>\n<li class=\"entry has-media col span_1_of_3 owp-content-center owp-thumbs-layout-vertical owp-btn-big owp-tabs-layout-vertical circle-sale product type-product post-29127 status-publish last instock product_cat-blusa-camiseta-nacimiento product_cat-blusa-camiseta-nacimiento-nino product_cat-blusa-camiseta-bebe product_cat-blusa-camiseta-bebe-nino product_cat-conjuntos-nacimiento product_cat-conjuntos-nacimiento-nino product_cat-conjuntos-bebe product_cat-conjuntos-bebe-nino product_cat-pololo-short-pantalon-nacimiento product_cat-pololo-short-pantalon-nacimiento-nino product_cat-pololo-short-y-pantalon-bebe product_cat-pololo-short-pantalon-bebe-nino product_cat-ropa has-post-thumbnail taxable shipping-taxable purchasable product-type-variable has-default-attributes\">\n\t<div class=\"product-inner clr\">\n\t<div class=\"woo-entry-image-swap woo-entry-image clr\">\n\t\t<a href=\"https:\/\/voyagedelabaleine.fr\/es\/producto\/conjunto-de-blusa-y-braga-para-bebe-de-algodon-y-lino-gris-palido\/\" class=\"woocommerce-LoopProduct-link\"><img decoding=\"async\" width=\"600\" height=\"800\" src=\"https:\/\/voyagedelabaleine.fr\/wp-content\/uploads\/2025\/04\/ensemble-bebe-blouse-rayee-bloomer-gris-scaled-600x800.jpg\" class=\"woo-entry-image-main\" alt=\"Conjunto de blusa y braga para beb\u00e9 de algod\u00f3n y lino &#8211; Gris p\u00e1lido\" itemprop=\"image\" srcset=\"https:\/\/voyagedelabaleine.fr\/wp-content\/uploads\/2025\/04\/ensemble-bebe-blouse-rayee-bloomer-gris-scaled-600x800.jpg 600w, https:\/\/voyagedelabaleine.fr\/wp-content\/uploads\/2025\/04\/ensemble-bebe-blouse-rayee-bloomer-gris-scaled-225x300.jpg 225w, https:\/\/voyagedelabaleine.fr\/wp-content\/uploads\/2025\/04\/ensemble-bebe-blouse-rayee-bloomer-gris-scaled-768x1024.jpg 768w, https:\/\/voyagedelabaleine.fr\/wp-content\/uploads\/2025\/04\/ensemble-bebe-blouse-rayee-bloomer-gris-scaled-1152x1536.jpg 1152w, https:\/\/voyagedelabaleine.fr\/wp-content\/uploads\/2025\/04\/ensemble-bebe-blouse-rayee-bloomer-gris-scaled.jpg 1536w\" sizes=\"(max-width: 600px) 100vw, 600px\" \/><img decoding=\"async\" width=\"600\" height=\"800\" src=\"https:\/\/voyagedelabaleine.fr\/wp-content\/uploads\/2025\/04\/ensemble-bebe-bloomer-blouse-raye-gris-2-scaled-600x800.jpeg\" class=\"woo-entry-image-secondary\" alt=\"Conjunto de blusa y braga para beb\u00e9 de algod\u00f3n y lino &#8211; Gris p\u00e1lido\" itemprop=\"image\" srcset=\"https:\/\/voyagedelabaleine.fr\/wp-content\/uploads\/2025\/04\/ensemble-bebe-bloomer-blouse-raye-gris-2-scaled-600x800.jpeg 600w, https:\/\/voyagedelabaleine.fr\/wp-content\/uploads\/2025\/04\/ensemble-bebe-bloomer-blouse-raye-gris-2-scaled-225x300.jpeg 225w, https:\/\/voyagedelabaleine.fr\/wp-content\/uploads\/2025\/04\/ensemble-bebe-bloomer-blouse-raye-gris-2-scaled-768x1024.jpeg 768w, https:\/\/voyagedelabaleine.fr\/wp-content\/uploads\/2025\/04\/ensemble-bebe-bloomer-blouse-raye-gris-2-scaled-1152x1536.jpeg 1152w, https:\/\/voyagedelabaleine.fr\/wp-content\/uploads\/2025\/04\/ensemble-bebe-bloomer-blouse-raye-gris-2-scaled.jpeg 1536w\" sizes=\"(max-width: 600px) 100vw, 600px\" \/><\/a>\t<\/div><!-- .woo-entry-image-swap -->\n\n<ul class=\"woo-entry-inner clr\"><li class=\"image-wrap\">\n\t<div class=\"woo-entry-image-swap woo-entry-image clr\">\n\t\t<a href=\"https:\/\/voyagedelabaleine.fr\/es\/producto\/conjunto-de-blusa-y-braga-para-bebe-de-algodon-y-lino-gris-palido\/\" class=\"woocommerce-LoopProduct-link\"><img decoding=\"async\" width=\"600\" height=\"800\" src=\"https:\/\/voyagedelabaleine.fr\/wp-content\/uploads\/2025\/04\/ensemble-bebe-blouse-rayee-bloomer-gris-scaled-600x800.jpg\" class=\"woo-entry-image-main\" alt=\"Conjunto de blusa y braga para beb\u00e9 de algod\u00f3n y lino &#8211; Gris p\u00e1lido\" itemprop=\"image\" srcset=\"https:\/\/voyagedelabaleine.fr\/wp-content\/uploads\/2025\/04\/ensemble-bebe-blouse-rayee-bloomer-gris-scaled-600x800.jpg 600w, https:\/\/voyagedelabaleine.fr\/wp-content\/uploads\/2025\/04\/ensemble-bebe-blouse-rayee-bloomer-gris-scaled-225x300.jpg 225w, https:\/\/voyagedelabaleine.fr\/wp-content\/uploads\/2025\/04\/ensemble-bebe-blouse-rayee-bloomer-gris-scaled-768x1024.jpg 768w, https:\/\/voyagedelabaleine.fr\/wp-content\/uploads\/2025\/04\/ensemble-bebe-blouse-rayee-bloomer-gris-scaled-1152x1536.jpg 1152w, https:\/\/voyagedelabaleine.fr\/wp-content\/uploads\/2025\/04\/ensemble-bebe-blouse-rayee-bloomer-gris-scaled.jpg 1536w\" sizes=\"(max-width: 600px) 100vw, 600px\" \/><img decoding=\"async\" width=\"600\" height=\"800\" src=\"https:\/\/voyagedelabaleine.fr\/wp-content\/uploads\/2025\/04\/ensemble-bebe-bloomer-blouse-raye-gris-2-scaled-600x800.jpeg\" class=\"woo-entry-image-secondary\" alt=\"Conjunto de blusa y braga para beb\u00e9 de algod\u00f3n y lino &#8211; Gris p\u00e1lido\" itemprop=\"image\" srcset=\"https:\/\/voyagedelabaleine.fr\/wp-content\/uploads\/2025\/04\/ensemble-bebe-bloomer-blouse-raye-gris-2-scaled-600x800.jpeg 600w, https:\/\/voyagedelabaleine.fr\/wp-content\/uploads\/2025\/04\/ensemble-bebe-bloomer-blouse-raye-gris-2-scaled-225x300.jpeg 225w, https:\/\/voyagedelabaleine.fr\/wp-content\/uploads\/2025\/04\/ensemble-bebe-bloomer-blouse-raye-gris-2-scaled-768x1024.jpeg 768w, https:\/\/voyagedelabaleine.fr\/wp-content\/uploads\/2025\/04\/ensemble-bebe-bloomer-blouse-raye-gris-2-scaled-1152x1536.jpeg 1152w, https:\/\/voyagedelabaleine.fr\/wp-content\/uploads\/2025\/04\/ensemble-bebe-bloomer-blouse-raye-gris-2-scaled.jpeg 1536w\" sizes=\"(max-width: 600px) 100vw, 600px\" \/><\/a>\t<\/div><!-- .woo-entry-image-swap -->\n\n<\/li><li class=\"title\"><h2><a href=\"https:\/\/voyagedelabaleine.fr\/es\/producto\/conjunto-de-blusa-y-braga-para-bebe-de-algodon-y-lino-gris-palido\/\">Conjunto de blusa y braga para beb\u00e9 de algod\u00f3n y lino &#8211; Gris p\u00e1lido<\/a><\/h2><\/li><li class=\"price-wrap\">\n\t<span class=\"price\"><span class=\"woocommerce-Price-amount amount\"><bdi>62<span class=\"woocommerce-Price-currencySymbol\">&euro;<\/span><\/bdi><\/span><\/span>\n<\/li><\/ul><\/div><!-- .product-inner .clr --><\/li>\n<li class=\"entry has-media col span_1_of_3 owp-content-center owp-thumbs-layout-vertical owp-btn-big owp-tabs-layout-vertical circle-sale product type-product post-32518 status-publish first instock product_cat-blusa-camiseta-nino product_cat-blusa-camiseta-ninos product_cat-ropa has-post-thumbnail taxable shipping-taxable purchasable product-type-variable has-default-attributes\">\n\t<div class=\"product-inner clr\">\n\t<div class=\"woo-entry-image-swap woo-entry-image clr\">\n\t\t<a href=\"https:\/\/voyagedelabaleine.fr\/es\/producto\/camisa-de-nino-con-cuello-mao-a-rayas-azul-celeste-blanco\/\" class=\"woocommerce-LoopProduct-link\"><img decoding=\"async\" width=\"600\" height=\"800\" src=\"https:\/\/voyagedelabaleine.fr\/wp-content\/uploads\/2025\/01\/chemise-garcon-manches-retroussables-600x800.jpg\" class=\"woo-entry-image-main\" alt=\"Camisa de ni\u00f1o con cuello mao a rayas &#8211; Azul celeste\/blanco\" itemprop=\"image\" srcset=\"https:\/\/voyagedelabaleine.fr\/wp-content\/uploads\/2025\/01\/chemise-garcon-manches-retroussables-600x800.jpg 600w, https:\/\/voyagedelabaleine.fr\/wp-content\/uploads\/2025\/01\/chemise-garcon-manches-retroussables-225x300.jpg 225w, https:\/\/voyagedelabaleine.fr\/wp-content\/uploads\/2025\/01\/chemise-garcon-manches-retroussables-768x1024.jpg 768w, https:\/\/voyagedelabaleine.fr\/wp-content\/uploads\/2025\/01\/chemise-garcon-manches-retroussables.jpg 900w\" sizes=\"(max-width: 600px) 100vw, 600px\" \/><img decoding=\"async\" width=\"600\" height=\"800\" src=\"https:\/\/voyagedelabaleine.fr\/wp-content\/uploads\/2025\/01\/chemise-garcon-manches-retroussables-1-600x800.jpg\" class=\"woo-entry-image-secondary\" alt=\"Camisa de ni\u00f1o con cuello mao a rayas &#8211; Azul celeste\/blanco\" itemprop=\"image\" srcset=\"https:\/\/voyagedelabaleine.fr\/wp-content\/uploads\/2025\/01\/chemise-garcon-manches-retroussables-1-600x800.jpg 600w, https:\/\/voyagedelabaleine.fr\/wp-content\/uploads\/2025\/01\/chemise-garcon-manches-retroussables-1-225x300.jpg 225w, https:\/\/voyagedelabaleine.fr\/wp-content\/uploads\/2025\/01\/chemise-garcon-manches-retroussables-1-768x1024.jpg 768w, https:\/\/voyagedelabaleine.fr\/wp-content\/uploads\/2025\/01\/chemise-garcon-manches-retroussables-1.jpg 900w\" sizes=\"(max-width: 600px) 100vw, 600px\" \/><\/a>\t<\/div><!-- .woo-entry-image-swap -->\n\n<ul class=\"woo-entry-inner clr\"><li class=\"image-wrap\">\n\t<div class=\"woo-entry-image-swap woo-entry-image clr\">\n\t\t<a href=\"https:\/\/voyagedelabaleine.fr\/es\/producto\/camisa-de-nino-con-cuello-mao-a-rayas-azul-celeste-blanco\/\" class=\"woocommerce-LoopProduct-link\"><img decoding=\"async\" width=\"600\" height=\"800\" src=\"https:\/\/voyagedelabaleine.fr\/wp-content\/uploads\/2025\/01\/chemise-garcon-manches-retroussables-600x800.jpg\" class=\"woo-entry-image-main\" alt=\"Camisa de ni\u00f1o con cuello mao a rayas &#8211; Azul celeste\/blanco\" itemprop=\"image\" srcset=\"https:\/\/voyagedelabaleine.fr\/wp-content\/uploads\/2025\/01\/chemise-garcon-manches-retroussables-600x800.jpg 600w, https:\/\/voyagedelabaleine.fr\/wp-content\/uploads\/2025\/01\/chemise-garcon-manches-retroussables-225x300.jpg 225w, https:\/\/voyagedelabaleine.fr\/wp-content\/uploads\/2025\/01\/chemise-garcon-manches-retroussables-768x1024.jpg 768w, https:\/\/voyagedelabaleine.fr\/wp-content\/uploads\/2025\/01\/chemise-garcon-manches-retroussables.jpg 900w\" sizes=\"(max-width: 600px) 100vw, 600px\" \/><img decoding=\"async\" width=\"600\" height=\"800\" src=\"https:\/\/voyagedelabaleine.fr\/wp-content\/uploads\/2025\/01\/chemise-garcon-manches-retroussables-1-600x800.jpg\" class=\"woo-entry-image-secondary\" alt=\"Camisa de ni\u00f1o con cuello mao a rayas &#8211; Azul celeste\/blanco\" itemprop=\"image\" srcset=\"https:\/\/voyagedelabaleine.fr\/wp-content\/uploads\/2025\/01\/chemise-garcon-manches-retroussables-1-600x800.jpg 600w, https:\/\/voyagedelabaleine.fr\/wp-content\/uploads\/2025\/01\/chemise-garcon-manches-retroussables-1-225x300.jpg 225w, https:\/\/voyagedelabaleine.fr\/wp-content\/uploads\/2025\/01\/chemise-garcon-manches-retroussables-1-768x1024.jpg 768w, https:\/\/voyagedelabaleine.fr\/wp-content\/uploads\/2025\/01\/chemise-garcon-manches-retroussables-1.jpg 900w\" sizes=\"(max-width: 600px) 100vw, 600px\" \/><\/a>\t<\/div><!-- .woo-entry-image-swap -->\n\n<\/li><li class=\"title\"><h2><a href=\"https:\/\/voyagedelabaleine.fr\/es\/producto\/camisa-de-nino-con-cuello-mao-a-rayas-azul-celeste-blanco\/\">Camisa de ni\u00f1o con cuello mao a rayas &#8211; Azul celeste\/blanco<\/a><\/h2><\/li><li class=\"price-wrap\">\n\t<span class=\"price\"><span class=\"woocommerce-Price-amount amount\"><bdi>32<span class=\"woocommerce-Price-currencySymbol\">&euro;<\/span><\/bdi><\/span><\/span>\n<\/li><\/ul><\/div><!-- .product-inner .clr --><\/li>\n<li class=\"entry has-media col span_1_of_3 owp-content-center owp-thumbs-layout-vertical owp-btn-big owp-tabs-layout-vertical circle-sale product type-product post-29914 status-publish instock product_cat-blusa-camiseta-bebe product_cat-blusa-camiseta-bebe-nino product_cat-blusa-camiseta-nino product_cat-blusa-camiseta-ninos product_cat-conjunto-peto-nino product_cat-conjunto-peto-ninos product_cat-conjuntos-bebe product_cat-conjuntos-bebe-nino product_cat-pantalon-short-nino product_cat-pantalon-short-ninos product_cat-pololo-short-y-pantalon-bebe product_cat-pololo-short-pantalon-bebe-nino product_cat-ropa has-post-thumbnail taxable shipping-taxable purchasable product-type-variable has-default-attributes\">\n\t<div class=\"product-inner clr\">\n\t<div class=\"woo-entry-image-swap woo-entry-image clr\">\n\t\t<a href=\"https:\/\/voyagedelabaleine.fr\/es\/producto\/conjunto-de-polo-y-pantalon-corto-a-rayas-azul-mediterraneo-blanco\/\" class=\"woocommerce-LoopProduct-link\"><img decoding=\"async\" width=\"600\" height=\"800\" src=\"https:\/\/voyagedelabaleine.fr\/wp-content\/uploads\/2025\/01\/ensemble-polo-short-raye-bleu-scaled-600x800.jpg\" class=\"woo-entry-image-main\" alt=\"Conjunto de polo y pantal\u00f3n corto a rayas &#8211; Azul mediterr\u00e1neo\/blanco\" itemprop=\"image\" srcset=\"https:\/\/voyagedelabaleine.fr\/wp-content\/uploads\/2025\/01\/ensemble-polo-short-raye-bleu-scaled-600x799.jpg 600w, https:\/\/voyagedelabaleine.fr\/wp-content\/uploads\/2025\/01\/ensemble-polo-short-raye-bleu-scaled-225x300.jpg 225w, https:\/\/voyagedelabaleine.fr\/wp-content\/uploads\/2025\/01\/ensemble-polo-short-raye-bleu-scaled-769x1024.jpg 769w, https:\/\/voyagedelabaleine.fr\/wp-content\/uploads\/2025\/01\/ensemble-polo-short-raye-bleu-scaled-768x1023.jpg 768w, https:\/\/voyagedelabaleine.fr\/wp-content\/uploads\/2025\/01\/ensemble-polo-short-raye-bleu-scaled-1153x1536.jpg 1153w, https:\/\/voyagedelabaleine.fr\/wp-content\/uploads\/2025\/01\/ensemble-polo-short-raye-bleu-scaled.jpg 1537w\" sizes=\"(max-width: 600px) 100vw, 600px\" \/><img decoding=\"async\" width=\"600\" height=\"800\" src=\"https:\/\/voyagedelabaleine.fr\/wp-content\/uploads\/2025\/01\/ensemble-polo-short-raye-1-600x800.jpg\" class=\"woo-entry-image-secondary\" alt=\"Conjunto de polo y pantal\u00f3n corto a rayas &#8211; Azul mediterr\u00e1neo\/blanco\" itemprop=\"image\" srcset=\"https:\/\/voyagedelabaleine.fr\/wp-content\/uploads\/2025\/01\/ensemble-polo-short-raye-1-600x800.jpg 600w, https:\/\/voyagedelabaleine.fr\/wp-content\/uploads\/2025\/01\/ensemble-polo-short-raye-1-225x300.jpg 225w, https:\/\/voyagedelabaleine.fr\/wp-content\/uploads\/2025\/01\/ensemble-polo-short-raye-1-768x1024.jpg 768w, https:\/\/voyagedelabaleine.fr\/wp-content\/uploads\/2025\/01\/ensemble-polo-short-raye-1.jpg 1094w\" sizes=\"(max-width: 600px) 100vw, 600px\" \/><\/a>\t<\/div><!-- .woo-entry-image-swap -->\n\n<ul class=\"woo-entry-inner clr\"><li class=\"image-wrap\">\n\t<div class=\"woo-entry-image-swap woo-entry-image clr\">\n\t\t<a href=\"https:\/\/voyagedelabaleine.fr\/es\/producto\/conjunto-de-polo-y-pantalon-corto-a-rayas-azul-mediterraneo-blanco\/\" class=\"woocommerce-LoopProduct-link\"><img decoding=\"async\" width=\"600\" height=\"800\" src=\"https:\/\/voyagedelabaleine.fr\/wp-content\/uploads\/2025\/01\/ensemble-polo-short-raye-bleu-scaled-600x800.jpg\" class=\"woo-entry-image-main\" alt=\"Conjunto de polo y pantal\u00f3n corto a rayas &#8211; Azul mediterr\u00e1neo\/blanco\" itemprop=\"image\" srcset=\"https:\/\/voyagedelabaleine.fr\/wp-content\/uploads\/2025\/01\/ensemble-polo-short-raye-bleu-scaled-600x799.jpg 600w, https:\/\/voyagedelabaleine.fr\/wp-content\/uploads\/2025\/01\/ensemble-polo-short-raye-bleu-scaled-225x300.jpg 225w, https:\/\/voyagedelabaleine.fr\/wp-content\/uploads\/2025\/01\/ensemble-polo-short-raye-bleu-scaled-769x1024.jpg 769w, https:\/\/voyagedelabaleine.fr\/wp-content\/uploads\/2025\/01\/ensemble-polo-short-raye-bleu-scaled-768x1023.jpg 768w, https:\/\/voyagedelabaleine.fr\/wp-content\/uploads\/2025\/01\/ensemble-polo-short-raye-bleu-scaled-1153x1536.jpg 1153w, https:\/\/voyagedelabaleine.fr\/wp-content\/uploads\/2025\/01\/ensemble-polo-short-raye-bleu-scaled.jpg 1537w\" sizes=\"(max-width: 600px) 100vw, 600px\" \/><img decoding=\"async\" width=\"600\" height=\"800\" src=\"https:\/\/voyagedelabaleine.fr\/wp-content\/uploads\/2025\/01\/ensemble-polo-short-raye-1-600x800.jpg\" class=\"woo-entry-image-secondary\" alt=\"Conjunto de polo y pantal\u00f3n corto a rayas &#8211; Azul mediterr\u00e1neo\/blanco\" itemprop=\"image\" srcset=\"https:\/\/voyagedelabaleine.fr\/wp-content\/uploads\/2025\/01\/ensemble-polo-short-raye-1-600x800.jpg 600w, https:\/\/voyagedelabaleine.fr\/wp-content\/uploads\/2025\/01\/ensemble-polo-short-raye-1-225x300.jpg 225w, https:\/\/voyagedelabaleine.fr\/wp-content\/uploads\/2025\/01\/ensemble-polo-short-raye-1-768x1024.jpg 768w, https:\/\/voyagedelabaleine.fr\/wp-content\/uploads\/2025\/01\/ensemble-polo-short-raye-1.jpg 1094w\" sizes=\"(max-width: 600px) 100vw, 600px\" \/><\/a>\t<\/div><!-- .woo-entry-image-swap -->\n\n<\/li><li class=\"title\"><h2><a href=\"https:\/\/voyagedelabaleine.fr\/es\/producto\/conjunto-de-polo-y-pantalon-corto-a-rayas-azul-mediterraneo-blanco\/\">Conjunto de polo y pantal\u00f3n corto a rayas &#8211; Azul mediterr\u00e1neo\/blanco<\/a><\/h2><\/li><li class=\"price-wrap\">\n\t<span class=\"price\"><span class=\"woocommerce-Price-amount amount\"><bdi>60<span class=\"woocommerce-Price-currencySymbol\">&euro;<\/span><\/bdi><\/span><\/span>\n<\/li><\/ul><\/div><!-- .product-inner .clr --><\/li>\n<li class=\"entry has-media col span_1_of_3 owp-content-center owp-thumbs-layout-vertical owp-btn-big owp-tabs-layout-vertical circle-sale product type-product post-29170 status-publish last instock product_cat-blusa-camiseta-bebe product_cat-blusa-camiseta-bebe-nino product_cat-blusa-camiseta-nino product_cat-blusa-camiseta-ninos product_cat-conjunto-peto-nino product_cat-conjunto-peto-ninos product_cat-conjuntos-bebe product_cat-conjuntos-bebe-nino product_cat-pantalon-short-nino product_cat-pantalon-short-ninos product_cat-pololo-short-y-pantalon-bebe product_cat-pololo-short-pantalon-bebe-nino product_cat-ropa has-post-thumbnail taxable shipping-taxable purchasable product-type-variable has-default-attributes\">\n\t<div class=\"product-inner clr\">\n\t<div class=\"woo-entry-image-swap woo-entry-image clr\">\n\t\t<a href=\"https:\/\/voyagedelabaleine.fr\/es\/producto\/conjunto-de-camisa-y-pantalon-corto-de-algodon-y-lino-para-nino-gris-palido\/\" class=\"woocommerce-LoopProduct-link\"><img decoding=\"async\" width=\"600\" height=\"800\" src=\"https:\/\/voyagedelabaleine.fr\/wp-content\/uploads\/2025\/04\/chemise-rayee-short-gris-600x800.jpg\" class=\"woo-entry-image-main\" alt=\"Conjunto de camisa y pantal\u00f3n corto de algod\u00f3n y lino para ni\u00f1o &#8211; Gris p\u00e1lido\" itemprop=\"image\" srcset=\"https:\/\/voyagedelabaleine.fr\/wp-content\/uploads\/2025\/04\/chemise-rayee-short-gris-600x800.jpg 600w, https:\/\/voyagedelabaleine.fr\/wp-content\/uploads\/2025\/04\/chemise-rayee-short-gris-225x300.jpg 225w, https:\/\/voyagedelabaleine.fr\/wp-content\/uploads\/2025\/04\/chemise-rayee-short-gris-768x1024.jpg 768w, https:\/\/voyagedelabaleine.fr\/wp-content\/uploads\/2025\/04\/chemise-rayee-short-gris-1152x1536.jpg 1152w, https:\/\/voyagedelabaleine.fr\/wp-content\/uploads\/2025\/04\/chemise-rayee-short-gris.jpg 1229w\" sizes=\"(max-width: 600px) 100vw, 600px\" \/><img decoding=\"async\" width=\"600\" height=\"800\" src=\"https:\/\/voyagedelabaleine.fr\/wp-content\/uploads\/2025\/01\/ensemble-chemise-short-gris-2-600x800.jpg\" class=\"woo-entry-image-secondary\" alt=\"Conjunto de camisa y pantal\u00f3n corto de algod\u00f3n y lino para ni\u00f1o &#8211; Gris p\u00e1lido\" itemprop=\"image\" srcset=\"https:\/\/voyagedelabaleine.fr\/wp-content\/uploads\/2025\/01\/ensemble-chemise-short-gris-2-600x801.jpg 600w, https:\/\/voyagedelabaleine.fr\/wp-content\/uploads\/2025\/01\/ensemble-chemise-short-gris-2-225x300.jpg 225w, https:\/\/voyagedelabaleine.fr\/wp-content\/uploads\/2025\/01\/ensemble-chemise-short-gris-2-767x1024.jpg 767w, https:\/\/voyagedelabaleine.fr\/wp-content\/uploads\/2025\/01\/ensemble-chemise-short-gris-2-768x1025.jpg 768w, https:\/\/voyagedelabaleine.fr\/wp-content\/uploads\/2025\/01\/ensemble-chemise-short-gris-2.jpg 800w\" sizes=\"(max-width: 600px) 100vw, 600px\" \/><\/a>\t<\/div><!-- .woo-entry-image-swap -->\n\n<ul class=\"woo-entry-inner clr\"><li class=\"image-wrap\">\n\t<div class=\"woo-entry-image-swap woo-entry-image clr\">\n\t\t<a href=\"https:\/\/voyagedelabaleine.fr\/es\/producto\/conjunto-de-camisa-y-pantalon-corto-de-algodon-y-lino-para-nino-gris-palido\/\" class=\"woocommerce-LoopProduct-link\"><img decoding=\"async\" width=\"600\" height=\"800\" src=\"https:\/\/voyagedelabaleine.fr\/wp-content\/uploads\/2025\/04\/chemise-rayee-short-gris-600x800.jpg\" class=\"woo-entry-image-main\" alt=\"Conjunto de camisa y pantal\u00f3n corto de algod\u00f3n y lino para ni\u00f1o &#8211; Gris p\u00e1lido\" itemprop=\"image\" srcset=\"https:\/\/voyagedelabaleine.fr\/wp-content\/uploads\/2025\/04\/chemise-rayee-short-gris-600x800.jpg 600w, https:\/\/voyagedelabaleine.fr\/wp-content\/uploads\/2025\/04\/chemise-rayee-short-gris-225x300.jpg 225w, https:\/\/voyagedelabaleine.fr\/wp-content\/uploads\/2025\/04\/chemise-rayee-short-gris-768x1024.jpg 768w, https:\/\/voyagedelabaleine.fr\/wp-content\/uploads\/2025\/04\/chemise-rayee-short-gris-1152x1536.jpg 1152w, https:\/\/voyagedelabaleine.fr\/wp-content\/uploads\/2025\/04\/chemise-rayee-short-gris.jpg 1229w\" sizes=\"(max-width: 600px) 100vw, 600px\" \/><img decoding=\"async\" width=\"600\" height=\"800\" src=\"https:\/\/voyagedelabaleine.fr\/wp-content\/uploads\/2025\/01\/ensemble-chemise-short-gris-2-600x800.jpg\" class=\"woo-entry-image-secondary\" alt=\"Conjunto de camisa y pantal\u00f3n corto de algod\u00f3n y lino para ni\u00f1o &#8211; Gris p\u00e1lido\" itemprop=\"image\" srcset=\"https:\/\/voyagedelabaleine.fr\/wp-content\/uploads\/2025\/01\/ensemble-chemise-short-gris-2-600x801.jpg 600w, https:\/\/voyagedelabaleine.fr\/wp-content\/uploads\/2025\/01\/ensemble-chemise-short-gris-2-225x300.jpg 225w, https:\/\/voyagedelabaleine.fr\/wp-content\/uploads\/2025\/01\/ensemble-chemise-short-gris-2-767x1024.jpg 767w, https:\/\/voyagedelabaleine.fr\/wp-content\/uploads\/2025\/01\/ensemble-chemise-short-gris-2-768x1025.jpg 768w, https:\/\/voyagedelabaleine.fr\/wp-content\/uploads\/2025\/01\/ensemble-chemise-short-gris-2.jpg 800w\" sizes=\"(max-width: 600px) 100vw, 600px\" \/><\/a>\t<\/div><!-- .woo-entry-image-swap -->\n\n<\/li><li class=\"title\"><h2><a href=\"https:\/\/voyagedelabaleine.fr\/es\/producto\/conjunto-de-camisa-y-pantalon-corto-de-algodon-y-lino-para-nino-gris-palido\/\">Conjunto de camisa y pantal\u00f3n corto de algod\u00f3n y lino para ni\u00f1o &#8211; Gris p\u00e1lido<\/a><\/h2><\/li><li class=\"price-wrap\">\n\t<span class=\"price\"><span class=\"woocommerce-Price-amount amount\"><bdi>62<span class=\"woocommerce-Price-currencySymbol\">&euro;<\/span><\/bdi><\/span><\/span>\n<\/li><\/ul><\/div><!-- .product-inner .clr --><\/li>\n<li class=\"entry has-media col span_1_of_3 owp-content-center owp-thumbs-layout-vertical owp-btn-big owp-tabs-layout-vertical circle-sale product type-product post-30630 status-publish first instock product_cat-bebe-nina product_cat-nina product_cat-ropa product_cat-vestido-bebe-nina product_cat-vestido-nina has-post-thumbnail taxable shipping-taxable purchasable product-type-variable has-default-attributes\">\n\t<div class=\"product-inner clr\">\n\t<div class=\"woo-entry-image-swap woo-entry-image clr\">\n\t\t<a href=\"https:\/\/voyagedelabaleine.fr\/es\/producto\/vestido-de-bebe-nina-de-rayas-rosa-salmon-blanco\/\" class=\"woocommerce-LoopProduct-link\"><img decoding=\"async\" width=\"600\" height=\"800\" src=\"https:\/\/voyagedelabaleine.fr\/wp-content\/uploads\/2025\/06\/robe-bebe-fille-saumon-600x800.jpg\" class=\"woo-entry-image-main\" alt=\"Vestido de beb\u00e9 ni\u00f1a de rayas &#8211; Rosa salm\u00f3n\/blanco\" itemprop=\"image\" srcset=\"https:\/\/voyagedelabaleine.fr\/wp-content\/uploads\/2025\/06\/robe-bebe-fille-saumon-600x800.jpg 600w, https:\/\/voyagedelabaleine.fr\/wp-content\/uploads\/2025\/06\/robe-bebe-fille-saumon-225x300.jpg 225w, https:\/\/voyagedelabaleine.fr\/wp-content\/uploads\/2025\/06\/robe-bebe-fille-saumon-768x1024.jpg 768w, https:\/\/voyagedelabaleine.fr\/wp-content\/uploads\/2025\/06\/robe-bebe-fille-saumon.jpg 1000w\" sizes=\"(max-width: 600px) 100vw, 600px\" \/><img decoding=\"async\" width=\"600\" height=\"800\" src=\"https:\/\/voyagedelabaleine.fr\/wp-content\/uploads\/2025\/06\/robe-bebe-fille-saumon-1-600x800.jpg\" class=\"woo-entry-image-secondary\" alt=\"Vestido de beb\u00e9 ni\u00f1a de rayas &#8211; Rosa salm\u00f3n\/blanco\" itemprop=\"image\" srcset=\"https:\/\/voyagedelabaleine.fr\/wp-content\/uploads\/2025\/06\/robe-bebe-fille-saumon-1-600x800.jpg 600w, https:\/\/voyagedelabaleine.fr\/wp-content\/uploads\/2025\/06\/robe-bebe-fille-saumon-1-225x300.jpg 225w, https:\/\/voyagedelabaleine.fr\/wp-content\/uploads\/2025\/06\/robe-bebe-fille-saumon-1-768x1024.jpg 768w, https:\/\/voyagedelabaleine.fr\/wp-content\/uploads\/2025\/06\/robe-bebe-fille-saumon-1.jpg 1000w\" sizes=\"(max-width: 600px) 100vw, 600px\" \/><\/a>\t<\/div><!-- .woo-entry-image-swap -->\n\n<ul class=\"woo-entry-inner clr\"><li class=\"image-wrap\">\n\t<div class=\"woo-entry-image-swap woo-entry-image clr\">\n\t\t<a href=\"https:\/\/voyagedelabaleine.fr\/es\/producto\/vestido-de-bebe-nina-de-rayas-rosa-salmon-blanco\/\" class=\"woocommerce-LoopProduct-link\"><img decoding=\"async\" width=\"600\" height=\"800\" src=\"https:\/\/voyagedelabaleine.fr\/wp-content\/uploads\/2025\/06\/robe-bebe-fille-saumon-600x800.jpg\" class=\"woo-entry-image-main\" alt=\"Vestido de beb\u00e9 ni\u00f1a de rayas &#8211; Rosa salm\u00f3n\/blanco\" itemprop=\"image\" srcset=\"https:\/\/voyagedelabaleine.fr\/wp-content\/uploads\/2025\/06\/robe-bebe-fille-saumon-600x800.jpg 600w, https:\/\/voyagedelabaleine.fr\/wp-content\/uploads\/2025\/06\/robe-bebe-fille-saumon-225x300.jpg 225w, https:\/\/voyagedelabaleine.fr\/wp-content\/uploads\/2025\/06\/robe-bebe-fille-saumon-768x1024.jpg 768w, https:\/\/voyagedelabaleine.fr\/wp-content\/uploads\/2025\/06\/robe-bebe-fille-saumon.jpg 1000w\" sizes=\"(max-width: 600px) 100vw, 600px\" \/><img decoding=\"async\" width=\"600\" height=\"800\" src=\"https:\/\/voyagedelabaleine.fr\/wp-content\/uploads\/2025\/06\/robe-bebe-fille-saumon-1-600x800.jpg\" class=\"woo-entry-image-secondary\" alt=\"Vestido de beb\u00e9 ni\u00f1a de rayas &#8211; Rosa salm\u00f3n\/blanco\" itemprop=\"image\" srcset=\"https:\/\/voyagedelabaleine.fr\/wp-content\/uploads\/2025\/06\/robe-bebe-fille-saumon-1-600x800.jpg 600w, https:\/\/voyagedelabaleine.fr\/wp-content\/uploads\/2025\/06\/robe-bebe-fille-saumon-1-225x300.jpg 225w, https:\/\/voyagedelabaleine.fr\/wp-content\/uploads\/2025\/06\/robe-bebe-fille-saumon-1-768x1024.jpg 768w, https:\/\/voyagedelabaleine.fr\/wp-content\/uploads\/2025\/06\/robe-bebe-fille-saumon-1.jpg 1000w\" sizes=\"(max-width: 600px) 100vw, 600px\" \/><\/a>\t<\/div><!-- .woo-entry-image-swap -->\n\n<\/li><li class=\"title\"><h2><a href=\"https:\/\/voyagedelabaleine.fr\/es\/producto\/vestido-de-bebe-nina-de-rayas-rosa-salmon-blanco\/\">Vestido de beb\u00e9 ni\u00f1a de rayas &#8211; Rosa salm\u00f3n\/blanco<\/a><\/h2><\/li><li class=\"price-wrap\">\n\t<span class=\"price\"><span class=\"woocommerce-Price-amount amount\"><bdi>68<span class=\"woocommerce-Price-currencySymbol\">&euro;<\/span><\/bdi><\/span><\/span>\n<\/li><\/ul><\/div><!-- .product-inner .clr --><\/li>\n<li class=\"entry has-media col span_1_of_3 owp-content-center owp-thumbs-layout-vertical owp-btn-big owp-tabs-layout-vertical circle-sale product type-product post-30059 status-publish instock product_cat-nina product_cat-ropa product_cat-vestido-nina product_cat-ultima-oportunidad has-post-thumbnail taxable shipping-taxable purchasable product-type-variable has-default-attributes\">\n\t<div class=\"product-inner clr\">\n\t<div class=\"woo-entry-image-swap woo-entry-image clr\">\n\t\t<a href=\"https:\/\/voyagedelabaleine.fr\/es\/producto\/elegante-vestido-de-rayas-blanco-azul\/\" class=\"woocommerce-LoopProduct-link\"><img decoding=\"async\" width=\"600\" height=\"800\" src=\"https:\/\/voyagedelabaleine.fr\/wp-content\/uploads\/2025\/02\/robe-rayee-bebe-fille-600x800.jpg\" class=\"woo-entry-image-main\" alt=\"Elegante vestido de rayas &#8211; Blanco\/azul\" itemprop=\"image\" srcset=\"https:\/\/voyagedelabaleine.fr\/wp-content\/uploads\/2025\/02\/robe-rayee-bebe-fille-600x800.jpg 600w, https:\/\/voyagedelabaleine.fr\/wp-content\/uploads\/2025\/02\/robe-rayee-bebe-fille-225x300.jpg 225w, https:\/\/voyagedelabaleine.fr\/wp-content\/uploads\/2025\/02\/robe-rayee-bebe-fille-768x1024.jpg 768w, https:\/\/voyagedelabaleine.fr\/wp-content\/uploads\/2025\/02\/robe-rayee-bebe-fille-1152x1536.jpg 1152w, https:\/\/voyagedelabaleine.fr\/wp-content\/uploads\/2025\/02\/robe-rayee-bebe-fille.jpg 1200w\" sizes=\"(max-width: 600px) 100vw, 600px\" \/><img decoding=\"async\" width=\"600\" height=\"800\" src=\"https:\/\/voyagedelabaleine.fr\/wp-content\/uploads\/2025\/02\/robe-rayee-bebe-fille-2-600x800.jpg\" class=\"woo-entry-image-secondary\" alt=\"Elegante vestido de rayas &#8211; Blanco\/azul\" itemprop=\"image\" srcset=\"https:\/\/voyagedelabaleine.fr\/wp-content\/uploads\/2025\/02\/robe-rayee-bebe-fille-2-600x800.jpg 600w, https:\/\/voyagedelabaleine.fr\/wp-content\/uploads\/2025\/02\/robe-rayee-bebe-fille-2-225x300.jpg 225w, https:\/\/voyagedelabaleine.fr\/wp-content\/uploads\/2025\/02\/robe-rayee-bebe-fille-2-768x1024.jpg 768w, https:\/\/voyagedelabaleine.fr\/wp-content\/uploads\/2025\/02\/robe-rayee-bebe-fille-2.jpg 900w\" sizes=\"(max-width: 600px) 100vw, 600px\" \/><\/a>\t<\/div><!-- .woo-entry-image-swap -->\n\n<ul class=\"woo-entry-inner clr\"><li class=\"image-wrap\">\n\t<div class=\"woo-entry-image-swap woo-entry-image clr\">\n\t\t<a href=\"https:\/\/voyagedelabaleine.fr\/es\/producto\/elegante-vestido-de-rayas-blanco-azul\/\" class=\"woocommerce-LoopProduct-link\"><img decoding=\"async\" width=\"600\" height=\"800\" src=\"https:\/\/voyagedelabaleine.fr\/wp-content\/uploads\/2025\/02\/robe-rayee-bebe-fille-600x800.jpg\" class=\"woo-entry-image-main\" alt=\"Elegante vestido de rayas &#8211; Blanco\/azul\" itemprop=\"image\" srcset=\"https:\/\/voyagedelabaleine.fr\/wp-content\/uploads\/2025\/02\/robe-rayee-bebe-fille-600x800.jpg 600w, https:\/\/voyagedelabaleine.fr\/wp-content\/uploads\/2025\/02\/robe-rayee-bebe-fille-225x300.jpg 225w, https:\/\/voyagedelabaleine.fr\/wp-content\/uploads\/2025\/02\/robe-rayee-bebe-fille-768x1024.jpg 768w, https:\/\/voyagedelabaleine.fr\/wp-content\/uploads\/2025\/02\/robe-rayee-bebe-fille-1152x1536.jpg 1152w, https:\/\/voyagedelabaleine.fr\/wp-content\/uploads\/2025\/02\/robe-rayee-bebe-fille.jpg 1200w\" sizes=\"(max-width: 600px) 100vw, 600px\" \/><img decoding=\"async\" width=\"600\" height=\"800\" src=\"https:\/\/voyagedelabaleine.fr\/wp-content\/uploads\/2025\/02\/robe-rayee-bebe-fille-2-600x800.jpg\" class=\"woo-entry-image-secondary\" alt=\"Elegante vestido de rayas &#8211; Blanco\/azul\" itemprop=\"image\" srcset=\"https:\/\/voyagedelabaleine.fr\/wp-content\/uploads\/2025\/02\/robe-rayee-bebe-fille-2-600x800.jpg 600w, https:\/\/voyagedelabaleine.fr\/wp-content\/uploads\/2025\/02\/robe-rayee-bebe-fille-2-225x300.jpg 225w, https:\/\/voyagedelabaleine.fr\/wp-content\/uploads\/2025\/02\/robe-rayee-bebe-fille-2-768x1024.jpg 768w, https:\/\/voyagedelabaleine.fr\/wp-content\/uploads\/2025\/02\/robe-rayee-bebe-fille-2.jpg 900w\" sizes=\"(max-width: 600px) 100vw, 600px\" \/><\/a>\t<\/div><!-- .woo-entry-image-swap -->\n\n<\/li><li class=\"title\"><h2><a href=\"https:\/\/voyagedelabaleine.fr\/es\/producto\/elegante-vestido-de-rayas-blanco-azul\/\">Elegante vestido de rayas &#8211; Blanco\/azul<\/a><\/h2><\/li><li class=\"price-wrap\">\n\t<span class=\"price\"><span class=\"woocommerce-Price-amount amount\"><bdi>40<span class=\"woocommerce-Price-currencySymbol\">&euro;<\/span><\/bdi><\/span><\/span>\n<\/li><\/ul><\/div><!-- .product-inner .clr --><\/li>\n<li class=\"entry has-media col span_1_of_3 owp-content-center owp-thumbs-layout-vertical owp-btn-big owp-tabs-layout-vertical circle-sale product type-product post-30642 status-publish last instock product_cat-blusa-camiseta-nacimiento product_cat-blusa-camiseta-nacimiento-nino product_cat-blusa-camiseta-bebe product_cat-blusa-camiseta-bebe-nino product_cat-conjuntos-nacimiento product_cat-conjuntos-nacimiento-nino product_cat-conjuntos-bebe product_cat-conjuntos-bebe-nino product_cat-pelele-peto-ranita-nacimiento product_cat-pelele-peto-ranita-nacimiento-nino product_cat-pelele-peto-ranita-bebe product_cat-pelele-peto-ranita-bebe-nino product_cat-ropa has-post-thumbnail taxable shipping-taxable purchasable product-type-variable has-default-attributes\">\n\t<div class=\"product-inner clr\">\n\t<div class=\"woo-entry-image-swap woo-entry-image clr\">\n\t\t<a href=\"https:\/\/voyagedelabaleine.fr\/es\/producto\/conjunto-de-ranita-a-rayas-y-blusa-azul-blanco\/\" class=\"woocommerce-LoopProduct-link\"><img decoding=\"async\" width=\"600\" height=\"800\" src=\"https:\/\/voyagedelabaleine.fr\/wp-content\/uploads\/2025\/01\/ensemble-barboteuse-blouse-rayee-600x800.jpg\" class=\"woo-entry-image-main\" alt=\"Conjunto de ranita a rayas y blusa &#8211; Azul\/blanco\" itemprop=\"image\" srcset=\"https:\/\/voyagedelabaleine.fr\/wp-content\/uploads\/2025\/01\/ensemble-barboteuse-blouse-rayee-600x800.jpg 600w, https:\/\/voyagedelabaleine.fr\/wp-content\/uploads\/2025\/01\/ensemble-barboteuse-blouse-rayee-225x300.jpg 225w, https:\/\/voyagedelabaleine.fr\/wp-content\/uploads\/2025\/01\/ensemble-barboteuse-blouse-rayee-768x1023.jpg 768w, https:\/\/voyagedelabaleine.fr\/wp-content\/uploads\/2025\/01\/ensemble-barboteuse-blouse-rayee.jpg 839w\" sizes=\"(max-width: 600px) 100vw, 600px\" \/><img decoding=\"async\" width=\"600\" height=\"800\" src=\"https:\/\/voyagedelabaleine.fr\/wp-content\/uploads\/2025\/01\/ensemble-barboteuse-blouse-raye-2-600x800.jpg\" class=\"woo-entry-image-secondary\" alt=\"Conjunto de ranita a rayas y blusa &#8211; Azul\/blanco\" itemprop=\"image\" srcset=\"https:\/\/voyagedelabaleine.fr\/wp-content\/uploads\/2025\/01\/ensemble-barboteuse-blouse-raye-2-600x800.jpg 600w, https:\/\/voyagedelabaleine.fr\/wp-content\/uploads\/2025\/01\/ensemble-barboteuse-blouse-raye-2-225x300.jpg 225w, https:\/\/voyagedelabaleine.fr\/wp-content\/uploads\/2025\/01\/ensemble-barboteuse-blouse-raye-2-768x1024.jpg 768w, https:\/\/voyagedelabaleine.fr\/wp-content\/uploads\/2025\/01\/ensemble-barboteuse-blouse-raye-2.jpg 855w\" sizes=\"(max-width: 600px) 100vw, 600px\" \/><\/a>\t<\/div><!-- .woo-entry-image-swap -->\n\n<ul class=\"woo-entry-inner clr\"><li class=\"image-wrap\">\n\t<div class=\"woo-entry-image-swap woo-entry-image clr\">\n\t\t<a href=\"https:\/\/voyagedelabaleine.fr\/es\/producto\/conjunto-de-ranita-a-rayas-y-blusa-azul-blanco\/\" class=\"woocommerce-LoopProduct-link\"><img decoding=\"async\" width=\"600\" height=\"800\" src=\"https:\/\/voyagedelabaleine.fr\/wp-content\/uploads\/2025\/01\/ensemble-barboteuse-blouse-rayee-600x800.jpg\" class=\"woo-entry-image-main\" alt=\"Conjunto de ranita a rayas y blusa &#8211; Azul\/blanco\" itemprop=\"image\" srcset=\"https:\/\/voyagedelabaleine.fr\/wp-content\/uploads\/2025\/01\/ensemble-barboteuse-blouse-rayee-600x800.jpg 600w, https:\/\/voyagedelabaleine.fr\/wp-content\/uploads\/2025\/01\/ensemble-barboteuse-blouse-rayee-225x300.jpg 225w, https:\/\/voyagedelabaleine.fr\/wp-content\/uploads\/2025\/01\/ensemble-barboteuse-blouse-rayee-768x1023.jpg 768w, https:\/\/voyagedelabaleine.fr\/wp-content\/uploads\/2025\/01\/ensemble-barboteuse-blouse-rayee.jpg 839w\" sizes=\"(max-width: 600px) 100vw, 600px\" \/><img decoding=\"async\" width=\"600\" height=\"800\" src=\"https:\/\/voyagedelabaleine.fr\/wp-content\/uploads\/2025\/01\/ensemble-barboteuse-blouse-raye-2-600x800.jpg\" class=\"woo-entry-image-secondary\" alt=\"Conjunto de ranita a rayas y blusa &#8211; Azul\/blanco\" itemprop=\"image\" srcset=\"https:\/\/voyagedelabaleine.fr\/wp-content\/uploads\/2025\/01\/ensemble-barboteuse-blouse-raye-2-600x800.jpg 600w, https:\/\/voyagedelabaleine.fr\/wp-content\/uploads\/2025\/01\/ensemble-barboteuse-blouse-raye-2-225x300.jpg 225w, https:\/\/voyagedelabaleine.fr\/wp-content\/uploads\/2025\/01\/ensemble-barboteuse-blouse-raye-2-768x1024.jpg 768w, https:\/\/voyagedelabaleine.fr\/wp-content\/uploads\/2025\/01\/ensemble-barboteuse-blouse-raye-2.jpg 855w\" sizes=\"(max-width: 600px) 100vw, 600px\" \/><\/a>\t<\/div><!-- .woo-entry-image-swap -->\n\n<\/li><li class=\"title\"><h2><a href=\"https:\/\/voyagedelabaleine.fr\/es\/producto\/conjunto-de-ranita-a-rayas-y-blusa-azul-blanco\/\">Conjunto de ranita a rayas y blusa &#8211; Azul\/blanco<\/a><\/h2><\/li><li class=\"price-wrap\">\n\t<span class=\"price\"><span class=\"woocommerce-Price-amount amount\"><bdi>48<span class=\"woocommerce-Price-currencySymbol\">&euro;<\/span><\/bdi><\/span><\/span>\n<\/li><\/ul><\/div><!-- .product-inner .clr --><\/li>\n<li class=\"entry has-media has-rating col span_1_of_3 owp-content-center owp-thumbs-layout-vertical owp-btn-big owp-tabs-layout-vertical circle-sale product type-product post-33677 status-publish first instock product_cat-blusa-camiseta-nacimiento product_cat-blusa-camiseta-nacimiento-nino product_cat-blusa-camiseta-bebe product_cat-blusa-camiseta-bebe-nino product_cat-conjuntos-nacimiento product_cat-conjuntos-nacimiento-nino product_cat-conjuntos-bebe product_cat-conjuntos-bebe-nino product_cat-pelele-peto-ranita-nacimiento product_cat-pelele-peto-ranita-nacimiento-nino product_cat-pelele-peto-ranita-bebe product_cat-pelele-peto-ranita-bebe-nino product_cat-ropa has-post-thumbnail taxable shipping-taxable purchasable product-type-variable has-default-attributes\">\n\t<div class=\"product-inner clr\">\n\t<div class=\"woo-entry-image-swap woo-entry-image clr\">\n\t\t<a href=\"https:\/\/voyagedelabaleine.fr\/es\/producto\/conjunto-de-camisa-y-peto-de-rayas-estilo-marinero-para-bebe-nino\/\" class=\"woocommerce-LoopProduct-link\"><img decoding=\"async\" width=\"600\" height=\"800\" src=\"https:\/\/voyagedelabaleine.fr\/wp-content\/uploads\/2025\/02\/ensemble-bebe-garcon-barboteuse-esprit-marin-600x800.jpg\" class=\"woo-entry-image-main\" alt=\"Conjunto de camisa y peto de rayas estilo marinero para beb\u00e9 ni\u00f1o\" itemprop=\"image\" srcset=\"https:\/\/voyagedelabaleine.fr\/wp-content\/uploads\/2025\/02\/ensemble-bebe-garcon-barboteuse-esprit-marin-600x800.jpg 600w, https:\/\/voyagedelabaleine.fr\/wp-content\/uploads\/2025\/02\/ensemble-bebe-garcon-barboteuse-esprit-marin-225x300.jpg 225w, https:\/\/voyagedelabaleine.fr\/wp-content\/uploads\/2025\/02\/ensemble-bebe-garcon-barboteuse-esprit-marin-768x1024.jpg 768w, https:\/\/voyagedelabaleine.fr\/wp-content\/uploads\/2025\/02\/ensemble-bebe-garcon-barboteuse-esprit-marin-1152x1536.jpg 1152w, https:\/\/voyagedelabaleine.fr\/wp-content\/uploads\/2025\/02\/ensemble-bebe-garcon-barboteuse-esprit-marin.jpg 1200w\" sizes=\"(max-width: 600px) 100vw, 600px\" \/><img decoding=\"async\" width=\"600\" height=\"800\" src=\"https:\/\/voyagedelabaleine.fr\/wp-content\/uploads\/2025\/01\/ensemble-bebe-marin-2-600x800.jpg\" class=\"woo-entry-image-secondary\" alt=\"Conjunto de camisa y peto de rayas estilo marinero para beb\u00e9 ni\u00f1o\" itemprop=\"image\" srcset=\"https:\/\/voyagedelabaleine.fr\/wp-content\/uploads\/2025\/01\/ensemble-bebe-marin-2-600x800.jpg 600w, https:\/\/voyagedelabaleine.fr\/wp-content\/uploads\/2025\/01\/ensemble-bebe-marin-2-225x300.jpg 225w, https:\/\/voyagedelabaleine.fr\/wp-content\/uploads\/2025\/01\/ensemble-bebe-marin-2-768x1024.jpg 768w, https:\/\/voyagedelabaleine.fr\/wp-content\/uploads\/2025\/01\/ensemble-bebe-marin-2.jpg 855w\" sizes=\"(max-width: 600px) 100vw, 600px\" \/><\/a>\t<\/div><!-- .woo-entry-image-swap -->\n\n<ul class=\"woo-entry-inner clr\"><li class=\"image-wrap\">\n\t<div class=\"woo-entry-image-swap woo-entry-image clr\">\n\t\t<a href=\"https:\/\/voyagedelabaleine.fr\/es\/producto\/conjunto-de-camisa-y-peto-de-rayas-estilo-marinero-para-bebe-nino\/\" class=\"woocommerce-LoopProduct-link\"><img decoding=\"async\" width=\"600\" height=\"800\" src=\"https:\/\/voyagedelabaleine.fr\/wp-content\/uploads\/2025\/02\/ensemble-bebe-garcon-barboteuse-esprit-marin-600x800.jpg\" class=\"woo-entry-image-main\" alt=\"Conjunto de camisa y peto de rayas estilo marinero para beb\u00e9 ni\u00f1o\" itemprop=\"image\" srcset=\"https:\/\/voyagedelabaleine.fr\/wp-content\/uploads\/2025\/02\/ensemble-bebe-garcon-barboteuse-esprit-marin-600x800.jpg 600w, https:\/\/voyagedelabaleine.fr\/wp-content\/uploads\/2025\/02\/ensemble-bebe-garcon-barboteuse-esprit-marin-225x300.jpg 225w, https:\/\/voyagedelabaleine.fr\/wp-content\/uploads\/2025\/02\/ensemble-bebe-garcon-barboteuse-esprit-marin-768x1024.jpg 768w, https:\/\/voyagedelabaleine.fr\/wp-content\/uploads\/2025\/02\/ensemble-bebe-garcon-barboteuse-esprit-marin-1152x1536.jpg 1152w, https:\/\/voyagedelabaleine.fr\/wp-content\/uploads\/2025\/02\/ensemble-bebe-garcon-barboteuse-esprit-marin.jpg 1200w\" sizes=\"(max-width: 600px) 100vw, 600px\" \/><img decoding=\"async\" width=\"600\" height=\"800\" src=\"https:\/\/voyagedelabaleine.fr\/wp-content\/uploads\/2025\/01\/ensemble-bebe-marin-2-600x800.jpg\" class=\"woo-entry-image-secondary\" alt=\"Conjunto de camisa y peto de rayas estilo marinero para beb\u00e9 ni\u00f1o\" itemprop=\"image\" srcset=\"https:\/\/voyagedelabaleine.fr\/wp-content\/uploads\/2025\/01\/ensemble-bebe-marin-2-600x800.jpg 600w, https:\/\/voyagedelabaleine.fr\/wp-content\/uploads\/2025\/01\/ensemble-bebe-marin-2-225x300.jpg 225w, https:\/\/voyagedelabaleine.fr\/wp-content\/uploads\/2025\/01\/ensemble-bebe-marin-2-768x1024.jpg 768w, https:\/\/voyagedelabaleine.fr\/wp-content\/uploads\/2025\/01\/ensemble-bebe-marin-2.jpg 855w\" sizes=\"(max-width: 600px) 100vw, 600px\" \/><\/a>\t<\/div><!-- .woo-entry-image-swap -->\n\n<\/li><li class=\"title\"><h2><a href=\"https:\/\/voyagedelabaleine.fr\/es\/producto\/conjunto-de-camisa-y-peto-de-rayas-estilo-marinero-para-bebe-nino\/\">Conjunto de camisa y peto de rayas estilo marinero para beb\u00e9 ni\u00f1o<\/a><\/h2><\/li><li class=\"price-wrap\">\n\t<span class=\"price\"><span class=\"woocommerce-Price-amount amount\"><bdi>62<span class=\"woocommerce-Price-currencySymbol\">&euro;<\/span><\/bdi><\/span><\/span>\n<\/li><\/ul><\/div><!-- .product-inner .clr --><\/li>\n<li class=\"entry has-media has-rating col span_1_of_3 owp-content-center owp-thumbs-layout-vertical owp-btn-big owp-tabs-layout-vertical circle-sale product type-product post-33814 status-publish instock product_cat-pelele-peto-ranita-nacimiento product_cat-pelele-peto-ranita-nacimiento-nina product_cat-pelele-peto-ranita-bebe product_cat-pelele-peto-ranita-bebe-nina product_cat-ropa has-post-thumbnail taxable shipping-taxable purchasable product-type-variable has-default-attributes\">\n\t<div class=\"product-inner clr\">\n\t<div class=\"woo-entry-image-swap woo-entry-image clr\">\n\t\t<a href=\"https:\/\/voyagedelabaleine.fr\/es\/producto\/ranita-de-bebe-nina-a-rayas-rosa-palido\/\" class=\"woocommerce-LoopProduct-link\"><img decoding=\"async\" width=\"600\" height=\"800\" src=\"https:\/\/voyagedelabaleine.fr\/wp-content\/uploads\/2025\/02\/barboteuse-rayee-rose-600x800.jpg\" class=\"woo-entry-image-main\" alt=\"Ranita de beb\u00e9 ni\u00f1a a rayas &#8211; Rosa p\u00e1lido\" itemprop=\"image\" srcset=\"https:\/\/voyagedelabaleine.fr\/wp-content\/uploads\/2025\/02\/barboteuse-rayee-rose-600x800.jpg 600w, https:\/\/voyagedelabaleine.fr\/wp-content\/uploads\/2025\/02\/barboteuse-rayee-rose-225x300.jpg 225w, https:\/\/voyagedelabaleine.fr\/wp-content\/uploads\/2025\/02\/barboteuse-rayee-rose-768x1024.jpg 768w, https:\/\/voyagedelabaleine.fr\/wp-content\/uploads\/2025\/02\/barboteuse-rayee-rose-1152x1536.jpg 1152w, https:\/\/voyagedelabaleine.fr\/wp-content\/uploads\/2025\/02\/barboteuse-rayee-rose.jpg 1200w\" sizes=\"(max-width: 600px) 100vw, 600px\" \/><img decoding=\"async\" width=\"600\" height=\"800\" src=\"https:\/\/voyagedelabaleine.fr\/wp-content\/uploads\/2024\/05\/barboteuse-bebe-rose-600x800.jpg\" class=\"woo-entry-image-secondary\" alt=\"Ranita de beb\u00e9 ni\u00f1a a rayas &#8211; Rosa p\u00e1lido\" itemprop=\"image\" srcset=\"https:\/\/voyagedelabaleine.fr\/wp-content\/uploads\/2024\/05\/barboteuse-bebe-rose-600x799.jpg 600w, https:\/\/voyagedelabaleine.fr\/wp-content\/uploads\/2024\/05\/barboteuse-bebe-rose-225x300.jpg 225w, https:\/\/voyagedelabaleine.fr\/wp-content\/uploads\/2024\/05\/barboteuse-bebe-rose.jpg 611w\" sizes=\"(max-width: 600px) 100vw, 600px\" \/><\/a>\t<\/div><!-- .woo-entry-image-swap -->\n\n<ul class=\"woo-entry-inner clr\"><li class=\"image-wrap\">\n\t<div class=\"woo-entry-image-swap woo-entry-image clr\">\n\t\t<a href=\"https:\/\/voyagedelabaleine.fr\/es\/producto\/ranita-de-bebe-nina-a-rayas-rosa-palido\/\" class=\"woocommerce-LoopProduct-link\"><img decoding=\"async\" width=\"600\" height=\"800\" src=\"https:\/\/voyagedelabaleine.fr\/wp-content\/uploads\/2025\/02\/barboteuse-rayee-rose-600x800.jpg\" class=\"woo-entry-image-main\" alt=\"Ranita de beb\u00e9 ni\u00f1a a rayas &#8211; Rosa p\u00e1lido\" itemprop=\"image\" srcset=\"https:\/\/voyagedelabaleine.fr\/wp-content\/uploads\/2025\/02\/barboteuse-rayee-rose-600x800.jpg 600w, https:\/\/voyagedelabaleine.fr\/wp-content\/uploads\/2025\/02\/barboteuse-rayee-rose-225x300.jpg 225w, https:\/\/voyagedelabaleine.fr\/wp-content\/uploads\/2025\/02\/barboteuse-rayee-rose-768x1024.jpg 768w, https:\/\/voyagedelabaleine.fr\/wp-content\/uploads\/2025\/02\/barboteuse-rayee-rose-1152x1536.jpg 1152w, https:\/\/voyagedelabaleine.fr\/wp-content\/uploads\/2025\/02\/barboteuse-rayee-rose.jpg 1200w\" sizes=\"(max-width: 600px) 100vw, 600px\" \/><img decoding=\"async\" width=\"600\" height=\"800\" src=\"https:\/\/voyagedelabaleine.fr\/wp-content\/uploads\/2024\/05\/barboteuse-bebe-rose-600x800.jpg\" class=\"woo-entry-image-secondary\" alt=\"Ranita de beb\u00e9 ni\u00f1a a rayas &#8211; Rosa p\u00e1lido\" itemprop=\"image\" srcset=\"https:\/\/voyagedelabaleine.fr\/wp-content\/uploads\/2024\/05\/barboteuse-bebe-rose-600x799.jpg 600w, https:\/\/voyagedelabaleine.fr\/wp-content\/uploads\/2024\/05\/barboteuse-bebe-rose-225x300.jpg 225w, https:\/\/voyagedelabaleine.fr\/wp-content\/uploads\/2024\/05\/barboteuse-bebe-rose.jpg 611w\" sizes=\"(max-width: 600px) 100vw, 600px\" \/><\/a>\t<\/div><!-- .woo-entry-image-swap -->\n\n<\/li><li class=\"title\"><h2><a href=\"https:\/\/voyagedelabaleine.fr\/es\/producto\/ranita-de-bebe-nina-a-rayas-rosa-palido\/\">Ranita de beb\u00e9 ni\u00f1a a rayas &#8211; Rosa p\u00e1lido<\/a><\/h2><\/li><li class=\"price-wrap\">\n\t<span class=\"price\"><span class=\"woocommerce-Price-amount amount\"><bdi>44<span class=\"woocommerce-Price-currencySymbol\">&euro;<\/span><\/bdi><\/span><\/span>\n<\/li><\/ul><\/div><!-- .product-inner .clr --><\/li>\n<li class=\"entry has-media has-rating col span_1_of_3 owp-content-center owp-thumbs-layout-vertical owp-btn-big owp-tabs-layout-vertical circle-sale product type-product post-33570 status-publish last instock product_cat-banador-bebe product_cat-banador-bebe-nina product_cat-banador-bebe-nino product_cat-ropa product_cat-ultima-oportunidad has-post-thumbnail taxable shipping-taxable purchasable product-type-variable has-default-attributes\">\n\t<div class=\"product-inner clr\">\n\t<div class=\"woo-entry-image-swap woo-entry-image clr\">\n\t\t<a href=\"https:\/\/voyagedelabaleine.fr\/es\/producto\/banador-bloomer-de-rayas-azul-blanco\/\" class=\"woocommerce-LoopProduct-link\"><img decoding=\"async\" width=\"600\" height=\"800\" src=\"https:\/\/voyagedelabaleine.fr\/wp-content\/uploads\/2024\/02\/maillot-bain-raye-bebe-fille-1-600x800.jpg\" class=\"woo-entry-image-main\" alt=\"Ba\u00f1ador bloomer de rayas &#8211; Azul\/blanco\" itemprop=\"image\" srcset=\"https:\/\/voyagedelabaleine.fr\/wp-content\/uploads\/2024\/02\/maillot-bain-raye-bebe-fille-1-600x800.jpg 600w, https:\/\/voyagedelabaleine.fr\/wp-content\/uploads\/2024\/02\/maillot-bain-raye-bebe-fille-1-225x300.jpg 225w, https:\/\/voyagedelabaleine.fr\/wp-content\/uploads\/2024\/02\/maillot-bain-raye-bebe-fille-1-768x1024.jpg 768w, https:\/\/voyagedelabaleine.fr\/wp-content\/uploads\/2024\/02\/maillot-bain-raye-bebe-fille-1.jpg 855w\" sizes=\"(max-width: 600px) 100vw, 600px\" \/><img decoding=\"async\" width=\"600\" height=\"800\" src=\"https:\/\/voyagedelabaleine.fr\/wp-content\/uploads\/2024\/02\/maillot-bain-raye-bebe-fille-2-600x800.jpg\" class=\"woo-entry-image-secondary\" alt=\"Ba\u00f1ador bloomer de rayas &#8211; Azul\/blanco\" itemprop=\"image\" srcset=\"https:\/\/voyagedelabaleine.fr\/wp-content\/uploads\/2024\/02\/maillot-bain-raye-bebe-fille-2-600x800.jpg 600w, https:\/\/voyagedelabaleine.fr\/wp-content\/uploads\/2024\/02\/maillot-bain-raye-bebe-fille-2-225x300.jpg 225w, https:\/\/voyagedelabaleine.fr\/wp-content\/uploads\/2024\/02\/maillot-bain-raye-bebe-fille-2-768x1024.jpg 768w, https:\/\/voyagedelabaleine.fr\/wp-content\/uploads\/2024\/02\/maillot-bain-raye-bebe-fille-2.jpg 855w\" sizes=\"(max-width: 600px) 100vw, 600px\" \/><\/a>\t<\/div><!-- .woo-entry-image-swap -->\n\n<ul class=\"woo-entry-inner clr\"><li class=\"image-wrap\">\n\t<div class=\"woo-entry-image-swap woo-entry-image clr\">\n\t\t<a href=\"https:\/\/voyagedelabaleine.fr\/es\/producto\/banador-bloomer-de-rayas-azul-blanco\/\" class=\"woocommerce-LoopProduct-link\"><img decoding=\"async\" width=\"600\" height=\"800\" src=\"https:\/\/voyagedelabaleine.fr\/wp-content\/uploads\/2024\/02\/maillot-bain-raye-bebe-fille-1-600x800.jpg\" class=\"woo-entry-image-main\" alt=\"Ba\u00f1ador bloomer de rayas &#8211; Azul\/blanco\" itemprop=\"image\" srcset=\"https:\/\/voyagedelabaleine.fr\/wp-content\/uploads\/2024\/02\/maillot-bain-raye-bebe-fille-1-600x800.jpg 600w, https:\/\/voyagedelabaleine.fr\/wp-content\/uploads\/2024\/02\/maillot-bain-raye-bebe-fille-1-225x300.jpg 225w, https:\/\/voyagedelabaleine.fr\/wp-content\/uploads\/2024\/02\/maillot-bain-raye-bebe-fille-1-768x1024.jpg 768w, https:\/\/voyagedelabaleine.fr\/wp-content\/uploads\/2024\/02\/maillot-bain-raye-bebe-fille-1.jpg 855w\" sizes=\"(max-width: 600px) 100vw, 600px\" \/><img decoding=\"async\" width=\"600\" height=\"800\" src=\"https:\/\/voyagedelabaleine.fr\/wp-content\/uploads\/2024\/02\/maillot-bain-raye-bebe-fille-2-600x800.jpg\" class=\"woo-entry-image-secondary\" alt=\"Ba\u00f1ador bloomer de rayas &#8211; Azul\/blanco\" itemprop=\"image\" srcset=\"https:\/\/voyagedelabaleine.fr\/wp-content\/uploads\/2024\/02\/maillot-bain-raye-bebe-fille-2-600x800.jpg 600w, https:\/\/voyagedelabaleine.fr\/wp-content\/uploads\/2024\/02\/maillot-bain-raye-bebe-fille-2-225x300.jpg 225w, https:\/\/voyagedelabaleine.fr\/wp-content\/uploads\/2024\/02\/maillot-bain-raye-bebe-fille-2-768x1024.jpg 768w, https:\/\/voyagedelabaleine.fr\/wp-content\/uploads\/2024\/02\/maillot-bain-raye-bebe-fille-2.jpg 855w\" sizes=\"(max-width: 600px) 100vw, 600px\" \/><\/a>\t<\/div><!-- .woo-entry-image-swap -->\n\n<\/li><li class=\"title\"><h2><a href=\"https:\/\/voyagedelabaleine.fr\/es\/producto\/banador-bloomer-de-rayas-azul-blanco\/\">Ba\u00f1ador bloomer de rayas &#8211; Azul\/blanco<\/a><\/h2><\/li><li class=\"price-wrap\">\n\t<span class=\"price\"><span class=\"woocommerce-Price-amount amount\"><bdi>34<span class=\"woocommerce-Price-currencySymbol\">&euro;<\/span><\/bdi><\/span><\/span>\n<\/li><\/ul><\/div><!-- .product-inner .clr --><\/li>\n<li class=\"entry has-media has-rating col span_1_of_3 owp-content-center owp-thumbs-layout-vertical owp-btn-big owp-tabs-layout-vertical circle-sale product type-product post-33562 status-publish first instock product_cat-banador-bebe product_cat-banador-bebe-nino product_cat-banador-nino product_cat-banador-ninos product_cat-ropa product_cat-ultima-oportunidad has-post-thumbnail taxable shipping-taxable purchasable product-type-variable has-default-attributes\">\n\t<div class=\"product-inner clr\">\n\t<div class=\"woo-entry-image-swap woo-entry-image clr\">\n\t\t<a href=\"https:\/\/voyagedelabaleine.fr\/es\/producto\/banador-de-rayas-para-nino-azul-blanco\/\" class=\"woocommerce-LoopProduct-link\"><img decoding=\"async\" width=\"570\" height=\"760\" src=\"https:\/\/voyagedelabaleine.fr\/wp-content\/uploads\/2024\/02\/maillot-bain-raye-bebe-garcon-1-fotor-2025061920058.jpg\" class=\"woo-entry-image-main\" alt=\"Ba\u00f1ador de rayas para ni\u00f1o &#8211; Azul\/blanco\" itemprop=\"image\" srcset=\"https:\/\/voyagedelabaleine.fr\/wp-content\/uploads\/2024\/02\/maillot-bain-raye-bebe-garcon-1-fotor-2025061920058.jpg 570w, https:\/\/voyagedelabaleine.fr\/wp-content\/uploads\/2024\/02\/maillot-bain-raye-bebe-garcon-1-fotor-2025061920058-225x300.jpg 225w\" sizes=\"(max-width: 570px) 100vw, 570px\" \/><img decoding=\"async\" width=\"600\" height=\"800\" src=\"https:\/\/voyagedelabaleine.fr\/wp-content\/uploads\/2024\/02\/maillot-bain-raye-bebe-garcon-2.jpg\" class=\"woo-entry-image-secondary\" alt=\"Ba\u00f1ador de rayas para ni\u00f1o &#8211; Azul\/blanco\" itemprop=\"image\" srcset=\"https:\/\/voyagedelabaleine.fr\/wp-content\/uploads\/2024\/02\/maillot-bain-raye-bebe-garcon-2.jpg 600w, https:\/\/voyagedelabaleine.fr\/wp-content\/uploads\/2024\/02\/maillot-bain-raye-bebe-garcon-2-225x300.jpg 225w\" sizes=\"(max-width: 600px) 100vw, 600px\" \/><\/a>\t<\/div><!-- .woo-entry-image-swap -->\n\n<ul class=\"woo-entry-inner clr\"><li class=\"image-wrap\">\n\t<div class=\"woo-entry-image-swap woo-entry-image clr\">\n\t\t<a href=\"https:\/\/voyagedelabaleine.fr\/es\/producto\/banador-de-rayas-para-nino-azul-blanco\/\" class=\"woocommerce-LoopProduct-link\"><img decoding=\"async\" width=\"570\" height=\"760\" src=\"https:\/\/voyagedelabaleine.fr\/wp-content\/uploads\/2024\/02\/maillot-bain-raye-bebe-garcon-1-fotor-2025061920058.jpg\" class=\"woo-entry-image-main\" alt=\"Ba\u00f1ador de rayas para ni\u00f1o &#8211; Azul\/blanco\" itemprop=\"image\" srcset=\"https:\/\/voyagedelabaleine.fr\/wp-content\/uploads\/2024\/02\/maillot-bain-raye-bebe-garcon-1-fotor-2025061920058.jpg 570w, https:\/\/voyagedelabaleine.fr\/wp-content\/uploads\/2024\/02\/maillot-bain-raye-bebe-garcon-1-fotor-2025061920058-225x300.jpg 225w\" sizes=\"(max-width: 570px) 100vw, 570px\" \/><img decoding=\"async\" width=\"600\" height=\"800\" src=\"https:\/\/voyagedelabaleine.fr\/wp-content\/uploads\/2024\/02\/maillot-bain-raye-bebe-garcon-2.jpg\" class=\"woo-entry-image-secondary\" alt=\"Ba\u00f1ador de rayas para ni\u00f1o &#8211; Azul\/blanco\" itemprop=\"image\" srcset=\"https:\/\/voyagedelabaleine.fr\/wp-content\/uploads\/2024\/02\/maillot-bain-raye-bebe-garcon-2.jpg 600w, https:\/\/voyagedelabaleine.fr\/wp-content\/uploads\/2024\/02\/maillot-bain-raye-bebe-garcon-2-225x300.jpg 225w\" sizes=\"(max-width: 600px) 100vw, 600px\" \/><\/a>\t<\/div><!-- .woo-entry-image-swap -->\n\n<\/li><li class=\"title\"><h2><a href=\"https:\/\/voyagedelabaleine.fr\/es\/producto\/banador-de-rayas-para-nino-azul-blanco\/\">Ba\u00f1ador de rayas para ni\u00f1o &#8211; Azul\/blanco<\/a><\/h2><\/li><li class=\"price-wrap\">\n\t<span class=\"price\"><span class=\"woocommerce-Price-amount amount\"><bdi>38<span class=\"woocommerce-Price-currencySymbol\">&euro;<\/span><\/bdi><\/span><\/span>\n<\/li><\/ul><\/div><!-- .product-inner .clr --><\/li>\n<\/ul>\n<\/div><\/div>\n\t\t\t\t\t\t<\/div>\n\t\t\t\t<\/div>\n\t\t<div class=\"elementor-element elementor-element-2ad4bf8a e-con-full e-flex e-con e-child\" data-id=\"2ad4bf8a\" data-element_type=\"container\" data-e-type=\"container\">\n\t\t\t\t<div class=\"elementor-element elementor-element-65ad0cf elementor-widget-divider--separator-type-pattern elementor-widget-divider--view-line elementor-widget elementor-widget-divider\" data-id=\"65ad0cf\" data-element_type=\"widget\" data-e-type=\"widget\" data-widget_type=\"divider.default\">\n\t\t\t\t\t\t\t<div class=\"elementor-divider\" style=\"--divider-pattern-url: url(&quot;data:image\/svg+xml,%3Csvg xmlns=&#039;http:\/\/www.w3.org\/2000\/svg&#039; preserveAspectRatio=&#039;none&#039; overflow=&#039;visible&#039; height=&#039;100%&#039; viewBox=&#039;0 0 24 24&#039; fill=&#039;black&#039; stroke=&#039;none&#039;%3E%3Cpath d=&#039;M12.7,2.3c-0.4-0.4-1.1-0.4-1.5,0l-8,9.1c-0.3,0.4-0.3,0.9,0,1.2l8,9.1c0.4,0.4,1.1,0.4,1.5,0l8-9.1c0.3-0.4,0.3-0.9,0-1.2L12.7,2.3z&#039;\/%3E%3C\/svg%3E&quot;);\">\n\t\t\t<span class=\"elementor-divider-separator\">\n\t\t\t\t\t\t<\/span>\n\t\t<\/div>\n\t\t\t\t\t\t<\/div>\n\t\t\t\t<div class=\"elementor-element elementor-element-3d52be1f elementor-widget elementor-widget-heading\" data-id=\"3d52be1f\" data-element_type=\"widget\" data-e-type=\"widget\" data-widget_type=\"heading.default\">\n\t\t\t\t\t<h2 class=\"elementor-heading-title elementor-size-default\">Las rayas horizontales<\/h2>\t\t\t\t<\/div>\n\t\t\t\t<div class=\"elementor-element elementor-element-7dffc458 elementor-widget elementor-widget-shortcode\" data-id=\"7dffc458\" data-element_type=\"widget\" data-e-type=\"widget\" data-widget_type=\"shortcode.default\">\n\t\t\t\t\t\t\t<div class=\"elementor-shortcode\"><div class=\"woocommerce columns-3 \">\r\n<ul class=\"products oceanwp-row clr grid tablet-col tablet-2-col mobile-col mobile-2-col\">\r\n<li class=\"entry has-media col span_1_of_3 owp-content-center owp-thumbs-layout-vertical owp-btn-big owp-tabs-layout-vertical circle-sale product type-product post-34650 status-publish first instock product_cat-banador-bebe product_cat-banador-bebe-nina product_cat-banador-nina product_cat-banador-ninos product_cat-ropa product_cat-ultima-oportunidad has-post-thumbnail taxable shipping-taxable purchasable product-type-variable has-default-attributes\">\n\t<div class=\"product-inner clr\">\n\t<div class=\"woo-entry-image-swap woo-entry-image clr\">\n\t\t<a href=\"https:\/\/voyagedelabaleine.fr\/es\/producto\/banador-de-una-pieza-para-nina-rosa\/\" class=\"woocommerce-LoopProduct-link\"><img decoding=\"async\" width=\"600\" height=\"800\" src=\"https:\/\/voyagedelabaleine.fr\/wp-content\/uploads\/2025\/01\/maillot-fille-une-piece-rose-600x800.jpg\" class=\"woo-entry-image-main\" alt=\"Ba\u00f1ador de una pieza para ni\u00f1a &#8211; Rosa\" itemprop=\"image\" srcset=\"https:\/\/voyagedelabaleine.fr\/wp-content\/uploads\/2025\/01\/maillot-fille-une-piece-rose-600x800.jpg 600w, https:\/\/voyagedelabaleine.fr\/wp-content\/uploads\/2025\/01\/maillot-fille-une-piece-rose-225x300.jpg 225w, https:\/\/voyagedelabaleine.fr\/wp-content\/uploads\/2025\/01\/maillot-fille-une-piece-rose-768x1024.jpg 768w, https:\/\/voyagedelabaleine.fr\/wp-content\/uploads\/2025\/01\/maillot-fille-une-piece-rose.jpg 1116w\" sizes=\"(max-width: 600px) 100vw, 600px\" \/><img decoding=\"async\" width=\"600\" height=\"800\" src=\"https:\/\/voyagedelabaleine.fr\/wp-content\/uploads\/2025\/01\/maillot-fille-une-piece-rose-1-600x800.jpg\" class=\"woo-entry-image-secondary\" alt=\"Ba\u00f1ador de una pieza para ni\u00f1a &#8211; Rosa\" itemprop=\"image\" srcset=\"https:\/\/voyagedelabaleine.fr\/wp-content\/uploads\/2025\/01\/maillot-fille-une-piece-rose-1-600x801.jpg 600w, https:\/\/voyagedelabaleine.fr\/wp-content\/uploads\/2025\/01\/maillot-fille-une-piece-rose-1-225x300.jpg 225w, https:\/\/voyagedelabaleine.fr\/wp-content\/uploads\/2025\/01\/maillot-fille-une-piece-rose-1-767x1024.jpg 767w, https:\/\/voyagedelabaleine.fr\/wp-content\/uploads\/2025\/01\/maillot-fille-une-piece-rose-1-768x1025.jpg 768w, https:\/\/voyagedelabaleine.fr\/wp-content\/uploads\/2025\/01\/maillot-fille-une-piece-rose-1.jpg 900w\" sizes=\"(max-width: 600px) 100vw, 600px\" \/><\/a>\t<\/div><!-- .woo-entry-image-swap -->\n\n<ul class=\"woo-entry-inner clr\"><li class=\"image-wrap\">\n\t<div class=\"woo-entry-image-swap woo-entry-image clr\">\n\t\t<a href=\"https:\/\/voyagedelabaleine.fr\/es\/producto\/banador-de-una-pieza-para-nina-rosa\/\" class=\"woocommerce-LoopProduct-link\"><img decoding=\"async\" width=\"600\" height=\"800\" src=\"https:\/\/voyagedelabaleine.fr\/wp-content\/uploads\/2025\/01\/maillot-fille-une-piece-rose-600x800.jpg\" class=\"woo-entry-image-main\" alt=\"Ba\u00f1ador de una pieza para ni\u00f1a &#8211; Rosa\" itemprop=\"image\" srcset=\"https:\/\/voyagedelabaleine.fr\/wp-content\/uploads\/2025\/01\/maillot-fille-une-piece-rose-600x800.jpg 600w, https:\/\/voyagedelabaleine.fr\/wp-content\/uploads\/2025\/01\/maillot-fille-une-piece-rose-225x300.jpg 225w, https:\/\/voyagedelabaleine.fr\/wp-content\/uploads\/2025\/01\/maillot-fille-une-piece-rose-768x1024.jpg 768w, https:\/\/voyagedelabaleine.fr\/wp-content\/uploads\/2025\/01\/maillot-fille-une-piece-rose.jpg 1116w\" sizes=\"(max-width: 600px) 100vw, 600px\" \/><img decoding=\"async\" width=\"600\" height=\"800\" src=\"https:\/\/voyagedelabaleine.fr\/wp-content\/uploads\/2025\/01\/maillot-fille-une-piece-rose-1-600x800.jpg\" class=\"woo-entry-image-secondary\" alt=\"Ba\u00f1ador de una pieza para ni\u00f1a &#8211; Rosa\" itemprop=\"image\" srcset=\"https:\/\/voyagedelabaleine.fr\/wp-content\/uploads\/2025\/01\/maillot-fille-une-piece-rose-1-600x801.jpg 600w, https:\/\/voyagedelabaleine.fr\/wp-content\/uploads\/2025\/01\/maillot-fille-une-piece-rose-1-225x300.jpg 225w, https:\/\/voyagedelabaleine.fr\/wp-content\/uploads\/2025\/01\/maillot-fille-une-piece-rose-1-767x1024.jpg 767w, https:\/\/voyagedelabaleine.fr\/wp-content\/uploads\/2025\/01\/maillot-fille-une-piece-rose-1-768x1025.jpg 768w, https:\/\/voyagedelabaleine.fr\/wp-content\/uploads\/2025\/01\/maillot-fille-une-piece-rose-1.jpg 900w\" sizes=\"(max-width: 600px) 100vw, 600px\" \/><\/a>\t<\/div><!-- .woo-entry-image-swap -->\n\n<\/li><li class=\"title\"><h2><a href=\"https:\/\/voyagedelabaleine.fr\/es\/producto\/banador-de-una-pieza-para-nina-rosa\/\">Ba\u00f1ador de una pieza para ni\u00f1a &#8211; Rosa<\/a><\/h2><\/li><li class=\"price-wrap\">\n\t<span class=\"price\"><span class=\"woocommerce-Price-amount amount\"><bdi>26<span class=\"woocommerce-Price-currencySymbol\">&euro;<\/span><\/bdi><\/span><\/span>\n<\/li><\/ul><\/div><!-- .product-inner .clr --><\/li>\n<li class=\"entry has-media col span_1_of_3 owp-content-center owp-thumbs-layout-vertical owp-btn-big owp-tabs-layout-vertical circle-sale product type-product post-34628 status-publish outofstock product_cat-banador-bebe product_cat-banador-bebe-nina product_cat-banador-nina product_cat-banador-ninos product_cat-ropa product_cat-ultima-oportunidad has-post-thumbnail taxable shipping-taxable purchasable product-type-variable has-default-attributes\">\n\t<div class=\"product-inner clr\">\n\t<div class=\"woo-entry-image-swap woo-entry-image clr\">\n\t\t<a href=\"https:\/\/voyagedelabaleine.fr\/es\/producto\/banador-de-una-pieza-para-nina-azul-celeste\/\" class=\"woocommerce-LoopProduct-link\"><img decoding=\"async\" width=\"600\" height=\"800\" src=\"https:\/\/voyagedelabaleine.fr\/wp-content\/uploads\/2025\/01\/maillot-fille-une-piece-bleu-600x800.jpg\" class=\"woo-entry-image-main\" alt=\"Ba\u00f1ador de una pieza para ni\u00f1a &#8211; Azul celeste\" itemprop=\"image\" srcset=\"https:\/\/voyagedelabaleine.fr\/wp-content\/uploads\/2025\/01\/maillot-fille-une-piece-bleu-600x800.jpg 600w, https:\/\/voyagedelabaleine.fr\/wp-content\/uploads\/2025\/01\/maillot-fille-une-piece-bleu-225x300.jpg 225w, https:\/\/voyagedelabaleine.fr\/wp-content\/uploads\/2025\/01\/maillot-fille-une-piece-bleu-768x1024.jpg 768w, https:\/\/voyagedelabaleine.fr\/wp-content\/uploads\/2025\/01\/maillot-fille-une-piece-bleu.jpg 1140w\" sizes=\"(max-width: 600px) 100vw, 600px\" \/><img decoding=\"async\" width=\"600\" height=\"800\" src=\"https:\/\/voyagedelabaleine.fr\/wp-content\/uploads\/2025\/01\/maillot-fille-une-piece-bleu-1-600x800.jpg\" class=\"woo-entry-image-secondary\" alt=\"Ba\u00f1ador de una pieza para ni\u00f1a &#8211; Azul celeste\" itemprop=\"image\" srcset=\"https:\/\/voyagedelabaleine.fr\/wp-content\/uploads\/2025\/01\/maillot-fille-une-piece-bleu-1-600x800.jpg 600w, https:\/\/voyagedelabaleine.fr\/wp-content\/uploads\/2025\/01\/maillot-fille-une-piece-bleu-1-225x300.jpg 225w, https:\/\/voyagedelabaleine.fr\/wp-content\/uploads\/2025\/01\/maillot-fille-une-piece-bleu-1-768x1024.jpg 768w, https:\/\/voyagedelabaleine.fr\/wp-content\/uploads\/2025\/01\/maillot-fille-une-piece-bleu-1-1152x1536.jpg 1152w, https:\/\/voyagedelabaleine.fr\/wp-content\/uploads\/2025\/01\/maillot-fille-une-piece-bleu-1.jpg 1200w\" sizes=\"(max-width: 600px) 100vw, 600px\" \/><\/a>\t<\/div><!-- .woo-entry-image-swap -->\n\n<ul class=\"woo-entry-inner clr\"><li class=\"image-wrap\">\t\t\t\t<div class=\"outofstock-badge\">\n\t\t\t\t\tAgotado \u2013 muy solicitado\t\t\t\t<\/div><!-- .product-entry-out-of-stock-badge -->\n\t\t\t\t\n\t<div class=\"woo-entry-image-swap woo-entry-image clr\">\n\t\t<a href=\"https:\/\/voyagedelabaleine.fr\/es\/producto\/banador-de-una-pieza-para-nina-azul-celeste\/\" class=\"woocommerce-LoopProduct-link\"><img decoding=\"async\" width=\"600\" height=\"800\" src=\"https:\/\/voyagedelabaleine.fr\/wp-content\/uploads\/2025\/01\/maillot-fille-une-piece-bleu-600x800.jpg\" class=\"woo-entry-image-main\" alt=\"Ba\u00f1ador de una pieza para ni\u00f1a &#8211; Azul celeste\" itemprop=\"image\" srcset=\"https:\/\/voyagedelabaleine.fr\/wp-content\/uploads\/2025\/01\/maillot-fille-une-piece-bleu-600x800.jpg 600w, https:\/\/voyagedelabaleine.fr\/wp-content\/uploads\/2025\/01\/maillot-fille-une-piece-bleu-225x300.jpg 225w, https:\/\/voyagedelabaleine.fr\/wp-content\/uploads\/2025\/01\/maillot-fille-une-piece-bleu-768x1024.jpg 768w, https:\/\/voyagedelabaleine.fr\/wp-content\/uploads\/2025\/01\/maillot-fille-une-piece-bleu.jpg 1140w\" sizes=\"(max-width: 600px) 100vw, 600px\" \/><img decoding=\"async\" width=\"600\" height=\"800\" src=\"https:\/\/voyagedelabaleine.fr\/wp-content\/uploads\/2025\/01\/maillot-fille-une-piece-bleu-1-600x800.jpg\" class=\"woo-entry-image-secondary\" alt=\"Ba\u00f1ador de una pieza para ni\u00f1a &#8211; Azul celeste\" itemprop=\"image\" srcset=\"https:\/\/voyagedelabaleine.fr\/wp-content\/uploads\/2025\/01\/maillot-fille-une-piece-bleu-1-600x800.jpg 600w, https:\/\/voyagedelabaleine.fr\/wp-content\/uploads\/2025\/01\/maillot-fille-une-piece-bleu-1-225x300.jpg 225w, https:\/\/voyagedelabaleine.fr\/wp-content\/uploads\/2025\/01\/maillot-fille-une-piece-bleu-1-768x1024.jpg 768w, https:\/\/voyagedelabaleine.fr\/wp-content\/uploads\/2025\/01\/maillot-fille-une-piece-bleu-1-1152x1536.jpg 1152w, https:\/\/voyagedelabaleine.fr\/wp-content\/uploads\/2025\/01\/maillot-fille-une-piece-bleu-1.jpg 1200w\" sizes=\"(max-width: 600px) 100vw, 600px\" \/><\/a>\t<\/div><!-- .woo-entry-image-swap -->\n\n<\/li><li class=\"title\"><h2><a href=\"https:\/\/voyagedelabaleine.fr\/es\/producto\/banador-de-una-pieza-para-nina-azul-celeste\/\">Ba\u00f1ador de una pieza para ni\u00f1a &#8211; Azul celeste<\/a><\/h2><\/li><li class=\"price-wrap\">\n\t<span class=\"price\"><span class=\"woocommerce-Price-amount amount\"><bdi>26<span class=\"woocommerce-Price-currencySymbol\">&euro;<\/span><\/bdi><\/span><\/span>\n<\/li><\/ul><\/div><!-- .product-inner .clr --><\/li>\n<li class=\"entry has-media col span_1_of_3 owp-content-center owp-thumbs-layout-vertical owp-btn-big owp-tabs-layout-vertical circle-sale product type-product post-33768 status-publish last instock product_cat-pelele-peto-ranita-nacimiento product_cat-pelele-peto-ranita-nacimiento-nina product_cat-pelele-peto-ranita-nacimiento-nino product_cat-pelele-peto-ranita-bebe product_cat-pelele-peto-ranita-bebe-nina product_cat-pelele-peto-ranita-bebe-nino product_cat-ropa product_cat-ultima-oportunidad has-post-thumbnail taxable shipping-taxable purchasable product-type-variable has-default-attributes\">\n\t<div class=\"product-inner clr\">\n\t<div class=\"woo-entry-image-swap woo-entry-image clr\">\n\t\t<a href=\"https:\/\/voyagedelabaleine.fr\/es\/producto\/ranita-de-bebe-de-algodon-y-lino-con-cuello-redondo-beige\/\" class=\"woocommerce-LoopProduct-link\"><img decoding=\"async\" width=\"600\" height=\"800\" src=\"https:\/\/voyagedelabaleine.fr\/wp-content\/uploads\/2025\/02\/barboteuse-bebe-lin-beige-600x800.jpg\" class=\"woo-entry-image-main\" alt=\"Ranita de beb\u00e9 de algod\u00f3n y lino con cuello redondo &#8211; Beige\" itemprop=\"image\" srcset=\"https:\/\/voyagedelabaleine.fr\/wp-content\/uploads\/2025\/02\/barboteuse-bebe-lin-beige-600x800.jpg 600w, https:\/\/voyagedelabaleine.fr\/wp-content\/uploads\/2025\/02\/barboteuse-bebe-lin-beige-225x300.jpg 225w, https:\/\/voyagedelabaleine.fr\/wp-content\/uploads\/2025\/02\/barboteuse-bebe-lin-beige-768x1024.jpg 768w, https:\/\/voyagedelabaleine.fr\/wp-content\/uploads\/2025\/02\/barboteuse-bebe-lin-beige-1152x1536.jpg 1152w, https:\/\/voyagedelabaleine.fr\/wp-content\/uploads\/2025\/02\/barboteuse-bebe-lin-beige.jpg 1200w\" sizes=\"(max-width: 600px) 100vw, 600px\" \/><img decoding=\"async\" width=\"560\" height=\"746\" src=\"https:\/\/voyagedelabaleine.fr\/wp-content\/uploads\/2024\/05\/barboteuse-bebe-beige-rayee.jpg\" class=\"woo-entry-image-secondary\" alt=\"Ranita de beb\u00e9 de algod\u00f3n y lino con cuello redondo &#8211; Beige\" itemprop=\"image\" srcset=\"https:\/\/voyagedelabaleine.fr\/wp-content\/uploads\/2024\/05\/barboteuse-bebe-beige-rayee.jpg 560w, https:\/\/voyagedelabaleine.fr\/wp-content\/uploads\/2024\/05\/barboteuse-bebe-beige-rayee-225x300.jpg 225w\" sizes=\"(max-width: 560px) 100vw, 560px\" \/><\/a>\t<\/div><!-- .woo-entry-image-swap -->\n\n<ul class=\"woo-entry-inner clr\"><li class=\"image-wrap\">\n\t<div class=\"woo-entry-image-swap woo-entry-image clr\">\n\t\t<a href=\"https:\/\/voyagedelabaleine.fr\/es\/producto\/ranita-de-bebe-de-algodon-y-lino-con-cuello-redondo-beige\/\" class=\"woocommerce-LoopProduct-link\"><img decoding=\"async\" width=\"600\" height=\"800\" src=\"https:\/\/voyagedelabaleine.fr\/wp-content\/uploads\/2025\/02\/barboteuse-bebe-lin-beige-600x800.jpg\" class=\"woo-entry-image-main\" alt=\"Ranita de beb\u00e9 de algod\u00f3n y lino con cuello redondo &#8211; Beige\" itemprop=\"image\" srcset=\"https:\/\/voyagedelabaleine.fr\/wp-content\/uploads\/2025\/02\/barboteuse-bebe-lin-beige-600x800.jpg 600w, https:\/\/voyagedelabaleine.fr\/wp-content\/uploads\/2025\/02\/barboteuse-bebe-lin-beige-225x300.jpg 225w, https:\/\/voyagedelabaleine.fr\/wp-content\/uploads\/2025\/02\/barboteuse-bebe-lin-beige-768x1024.jpg 768w, https:\/\/voyagedelabaleine.fr\/wp-content\/uploads\/2025\/02\/barboteuse-bebe-lin-beige-1152x1536.jpg 1152w, https:\/\/voyagedelabaleine.fr\/wp-content\/uploads\/2025\/02\/barboteuse-bebe-lin-beige.jpg 1200w\" sizes=\"(max-width: 600px) 100vw, 600px\" \/><img decoding=\"async\" width=\"560\" height=\"746\" src=\"https:\/\/voyagedelabaleine.fr\/wp-content\/uploads\/2024\/05\/barboteuse-bebe-beige-rayee.jpg\" class=\"woo-entry-image-secondary\" alt=\"Ranita de beb\u00e9 de algod\u00f3n y lino con cuello redondo &#8211; Beige\" itemprop=\"image\" srcset=\"https:\/\/voyagedelabaleine.fr\/wp-content\/uploads\/2024\/05\/barboteuse-bebe-beige-rayee.jpg 560w, https:\/\/voyagedelabaleine.fr\/wp-content\/uploads\/2024\/05\/barboteuse-bebe-beige-rayee-225x300.jpg 225w\" sizes=\"(max-width: 560px) 100vw, 560px\" \/><\/a>\t<\/div><!-- .woo-entry-image-swap -->\n\n<\/li><li class=\"title\"><h2><a href=\"https:\/\/voyagedelabaleine.fr\/es\/producto\/ranita-de-bebe-de-algodon-y-lino-con-cuello-redondo-beige\/\">Ranita de beb\u00e9 de algod\u00f3n y lino con cuello redondo &#8211; Beige<\/a><\/h2><\/li><li class=\"price-wrap\">\n\t<span class=\"price\"><span class=\"woocommerce-Price-amount amount\"><bdi>48<span class=\"woocommerce-Price-currencySymbol\">&euro;<\/span><\/bdi><\/span><\/span>\n<\/li><\/ul><\/div><!-- .product-inner .clr --><\/li>\n<li class=\"entry has-media has-rating col span_1_of_3 owp-content-center owp-thumbs-layout-vertical owp-btn-big owp-tabs-layout-vertical circle-sale product type-product post-30374 status-publish first instock product_cat-blusa-camiseta-nacimiento product_cat-blusa-camiseta-nacimiento-nino product_cat-blusa-camiseta-bebe product_cat-blusa-camiseta-bebe-nino product_cat-blusa-camiseta-nino product_cat-blusa-camiseta-ninos product_cat-conjunto-peto-nino product_cat-conjunto-peto-ninos product_cat-conjuntos-nacimiento product_cat-conjuntos-nacimiento-nino product_cat-conjuntos-bebe product_cat-conjuntos-bebe-nino product_cat-pantalon-short-nino product_cat-pantalon-short-ninos product_cat-pololo-short-pantalon-nacimiento product_cat-pololo-short-pantalon-nacimiento-nino product_cat-pololo-short-y-pantalon-bebe product_cat-pololo-short-pantalon-bebe-nino product_cat-ropa has-post-thumbnail taxable shipping-taxable purchasable product-type-variable has-default-attributes\">\n\t<div class=\"product-inner clr\">\n\t<div class=\"woo-entry-image-swap woo-entry-image clr\">\n\t\t<a href=\"https:\/\/voyagedelabaleine.fr\/es\/producto\/conjunto-de-camisa-y-pantalon-corto-para-bebe-nino-azul-celeste-blanco\/\" class=\"woocommerce-LoopProduct-link\"><img decoding=\"async\" width=\"600\" height=\"800\" src=\"https:\/\/voyagedelabaleine.fr\/wp-content\/uploads\/2024\/02\/ensemble-bebe-chemise-short-bleu-1-600x800.jpg\" class=\"woo-entry-image-main\" alt=\"Conjunto de camisa y pantal\u00f3n corto para beb\u00e9 ni\u00f1o &#8211; Azul celeste\/blanco\" itemprop=\"image\" srcset=\"https:\/\/voyagedelabaleine.fr\/wp-content\/uploads\/2024\/02\/ensemble-bebe-chemise-short-bleu-1-600x800.jpg 600w, https:\/\/voyagedelabaleine.fr\/wp-content\/uploads\/2024\/02\/ensemble-bebe-chemise-short-bleu-1-225x300.jpg 225w, https:\/\/voyagedelabaleine.fr\/wp-content\/uploads\/2024\/02\/ensemble-bebe-chemise-short-bleu-1-768x1024.jpg 768w, https:\/\/voyagedelabaleine.fr\/wp-content\/uploads\/2024\/02\/ensemble-bebe-chemise-short-bleu-1.jpg 888w\" sizes=\"(max-width: 600px) 100vw, 600px\" \/><img decoding=\"async\" width=\"600\" height=\"800\" src=\"https:\/\/voyagedelabaleine.fr\/wp-content\/uploads\/2024\/02\/ensemble-bebe-chemise-short-bleu-600x800.jpg\" class=\"woo-entry-image-secondary\" alt=\"Conjunto de camisa y pantal\u00f3n corto para beb\u00e9 ni\u00f1o &#8211; Azul celeste\/blanco\" itemprop=\"image\" srcset=\"https:\/\/voyagedelabaleine.fr\/wp-content\/uploads\/2024\/02\/ensemble-bebe-chemise-short-bleu-600x800.jpg 600w, https:\/\/voyagedelabaleine.fr\/wp-content\/uploads\/2024\/02\/ensemble-bebe-chemise-short-bleu-225x300.jpg 225w, https:\/\/voyagedelabaleine.fr\/wp-content\/uploads\/2024\/02\/ensemble-bebe-chemise-short-bleu-768x1024.jpg 768w, https:\/\/voyagedelabaleine.fr\/wp-content\/uploads\/2024\/02\/ensemble-bebe-chemise-short-bleu.jpg 900w\" sizes=\"(max-width: 600px) 100vw, 600px\" \/><\/a>\t<\/div><!-- .woo-entry-image-swap -->\n\n<ul class=\"woo-entry-inner clr\"><li class=\"image-wrap\">\n\t<div class=\"woo-entry-image-swap woo-entry-image clr\">\n\t\t<a href=\"https:\/\/voyagedelabaleine.fr\/es\/producto\/conjunto-de-camisa-y-pantalon-corto-para-bebe-nino-azul-celeste-blanco\/\" class=\"woocommerce-LoopProduct-link\"><img decoding=\"async\" width=\"600\" height=\"800\" src=\"https:\/\/voyagedelabaleine.fr\/wp-content\/uploads\/2024\/02\/ensemble-bebe-chemise-short-bleu-1-600x800.jpg\" class=\"woo-entry-image-main\" alt=\"Conjunto de camisa y pantal\u00f3n corto para beb\u00e9 ni\u00f1o &#8211; Azul celeste\/blanco\" itemprop=\"image\" srcset=\"https:\/\/voyagedelabaleine.fr\/wp-content\/uploads\/2024\/02\/ensemble-bebe-chemise-short-bleu-1-600x800.jpg 600w, https:\/\/voyagedelabaleine.fr\/wp-content\/uploads\/2024\/02\/ensemble-bebe-chemise-short-bleu-1-225x300.jpg 225w, https:\/\/voyagedelabaleine.fr\/wp-content\/uploads\/2024\/02\/ensemble-bebe-chemise-short-bleu-1-768x1024.jpg 768w, https:\/\/voyagedelabaleine.fr\/wp-content\/uploads\/2024\/02\/ensemble-bebe-chemise-short-bleu-1.jpg 888w\" sizes=\"(max-width: 600px) 100vw, 600px\" \/><img decoding=\"async\" width=\"600\" height=\"800\" src=\"https:\/\/voyagedelabaleine.fr\/wp-content\/uploads\/2024\/02\/ensemble-bebe-chemise-short-bleu-600x800.jpg\" class=\"woo-entry-image-secondary\" alt=\"Conjunto de camisa y pantal\u00f3n corto para beb\u00e9 ni\u00f1o &#8211; Azul celeste\/blanco\" itemprop=\"image\" srcset=\"https:\/\/voyagedelabaleine.fr\/wp-content\/uploads\/2024\/02\/ensemble-bebe-chemise-short-bleu-600x800.jpg 600w, https:\/\/voyagedelabaleine.fr\/wp-content\/uploads\/2024\/02\/ensemble-bebe-chemise-short-bleu-225x300.jpg 225w, https:\/\/voyagedelabaleine.fr\/wp-content\/uploads\/2024\/02\/ensemble-bebe-chemise-short-bleu-768x1024.jpg 768w, https:\/\/voyagedelabaleine.fr\/wp-content\/uploads\/2024\/02\/ensemble-bebe-chemise-short-bleu.jpg 900w\" sizes=\"(max-width: 600px) 100vw, 600px\" \/><\/a>\t<\/div><!-- .woo-entry-image-swap -->\n\n<\/li><li class=\"title\"><h2><a href=\"https:\/\/voyagedelabaleine.fr\/es\/producto\/conjunto-de-camisa-y-pantalon-corto-para-bebe-nino-azul-celeste-blanco\/\">Conjunto de camisa y pantal\u00f3n corto para beb\u00e9 ni\u00f1o &#8211; Azul celeste\/blanco<\/a><\/h2><\/li><li class=\"price-wrap\">\n\t<span class=\"price\"><span class=\"woocommerce-Price-amount amount\"><bdi>58<span class=\"woocommerce-Price-currencySymbol\">&euro;<\/span><\/bdi><\/span><\/span>\n<\/li><\/ul><\/div><!-- .product-inner .clr --><\/li>\n<li class=\"entry has-media has-rating col span_1_of_3 owp-content-center owp-thumbs-layout-vertical owp-btn-big owp-tabs-layout-vertical circle-sale product type-product post-29328 status-publish instock product_cat-pelele-peto-ranita-nacimiento product_cat-pelele-peto-ranita-nacimiento-nina product_cat-ropa product_cat-ultima-oportunidad has-post-thumbnail taxable shipping-taxable purchasable product-type-variable has-default-attributes\">\n\t<div class=\"product-inner clr\">\n\t<div class=\"woo-entry-image-swap woo-entry-image clr\">\n\t\t<a href=\"https:\/\/voyagedelabaleine.fr\/es\/producto\/ranita-de-bebe-nina-de-rayas-rosa-blanco\/\" class=\"woocommerce-LoopProduct-link\"><img decoding=\"async\" width=\"600\" height=\"800\" src=\"https:\/\/voyagedelabaleine.fr\/wp-content\/uploads\/2024\/02\/barboteuse-naissance-rose-1-600x800.jpg\" class=\"woo-entry-image-main\" alt=\"Ranita de beb\u00e9 ni\u00f1a de rayas &#8211; Rosa\/blanco\" itemprop=\"image\" srcset=\"https:\/\/voyagedelabaleine.fr\/wp-content\/uploads\/2024\/02\/barboteuse-naissance-rose-1-600x800.jpg 600w, https:\/\/voyagedelabaleine.fr\/wp-content\/uploads\/2024\/02\/barboteuse-naissance-rose-1-225x300.jpg 225w, https:\/\/voyagedelabaleine.fr\/wp-content\/uploads\/2024\/02\/barboteuse-naissance-rose-1-768x1024.jpg 768w, https:\/\/voyagedelabaleine.fr\/wp-content\/uploads\/2024\/02\/barboteuse-naissance-rose-1.jpg 855w\" sizes=\"(max-width: 600px) 100vw, 600px\" \/><img decoding=\"async\" width=\"600\" height=\"800\" src=\"https:\/\/voyagedelabaleine.fr\/wp-content\/uploads\/2024\/02\/barboteuse-naissance-rose-600x800.jpg\" class=\"woo-entry-image-secondary\" alt=\"Ranita de beb\u00e9 ni\u00f1a de rayas &#8211; Rosa\/blanco\" itemprop=\"image\" srcset=\"https:\/\/voyagedelabaleine.fr\/wp-content\/uploads\/2024\/02\/barboteuse-naissance-rose-600x800.jpg 600w, https:\/\/voyagedelabaleine.fr\/wp-content\/uploads\/2024\/02\/barboteuse-naissance-rose-225x300.jpg 225w, https:\/\/voyagedelabaleine.fr\/wp-content\/uploads\/2024\/02\/barboteuse-naissance-rose.jpg 744w\" sizes=\"(max-width: 600px) 100vw, 600px\" \/><\/a>\t<\/div><!-- .woo-entry-image-swap -->\n\n<ul class=\"woo-entry-inner clr\"><li class=\"image-wrap\">\n\t<div class=\"woo-entry-image-swap woo-entry-image clr\">\n\t\t<a href=\"https:\/\/voyagedelabaleine.fr\/es\/producto\/ranita-de-bebe-nina-de-rayas-rosa-blanco\/\" class=\"woocommerce-LoopProduct-link\"><img decoding=\"async\" width=\"600\" height=\"800\" src=\"https:\/\/voyagedelabaleine.fr\/wp-content\/uploads\/2024\/02\/barboteuse-naissance-rose-1-600x800.jpg\" class=\"woo-entry-image-main\" alt=\"Ranita de beb\u00e9 ni\u00f1a de rayas &#8211; Rosa\/blanco\" itemprop=\"image\" srcset=\"https:\/\/voyagedelabaleine.fr\/wp-content\/uploads\/2024\/02\/barboteuse-naissance-rose-1-600x800.jpg 600w, https:\/\/voyagedelabaleine.fr\/wp-content\/uploads\/2024\/02\/barboteuse-naissance-rose-1-225x300.jpg 225w, https:\/\/voyagedelabaleine.fr\/wp-content\/uploads\/2024\/02\/barboteuse-naissance-rose-1-768x1024.jpg 768w, https:\/\/voyagedelabaleine.fr\/wp-content\/uploads\/2024\/02\/barboteuse-naissance-rose-1.jpg 855w\" sizes=\"(max-width: 600px) 100vw, 600px\" \/><img decoding=\"async\" width=\"600\" height=\"800\" src=\"https:\/\/voyagedelabaleine.fr\/wp-content\/uploads\/2024\/02\/barboteuse-naissance-rose-600x800.jpg\" class=\"woo-entry-image-secondary\" alt=\"Ranita de beb\u00e9 ni\u00f1a de rayas &#8211; Rosa\/blanco\" itemprop=\"image\" srcset=\"https:\/\/voyagedelabaleine.fr\/wp-content\/uploads\/2024\/02\/barboteuse-naissance-rose-600x800.jpg 600w, https:\/\/voyagedelabaleine.fr\/wp-content\/uploads\/2024\/02\/barboteuse-naissance-rose-225x300.jpg 225w, https:\/\/voyagedelabaleine.fr\/wp-content\/uploads\/2024\/02\/barboteuse-naissance-rose.jpg 744w\" sizes=\"(max-width: 600px) 100vw, 600px\" \/><\/a>\t<\/div><!-- .woo-entry-image-swap -->\n\n<\/li><li class=\"title\"><h2><a href=\"https:\/\/voyagedelabaleine.fr\/es\/producto\/ranita-de-bebe-nina-de-rayas-rosa-blanco\/\">Ranita de beb\u00e9 ni\u00f1a de rayas &#8211; Rosa\/blanco<\/a><\/h2><\/li><li class=\"price-wrap\">\n\t<span class=\"price\"><span class=\"woocommerce-Price-amount amount\"><bdi>28<span class=\"woocommerce-Price-currencySymbol\">&euro;<\/span><\/bdi><\/span><\/span>\n<\/li><\/ul><\/div><!-- .product-inner .clr --><\/li>\n<li class=\"entry has-media has-rating col span_1_of_3 owp-content-center owp-thumbs-layout-vertical owp-btn-big owp-tabs-layout-vertical circle-sale product type-product post-30442 status-publish last instock product_cat-conjuntos-nacimiento product_cat-conjuntos-nacimiento-nino product_cat-conjuntos-bebe product_cat-conjuntos-bebe-nino product_cat-pololo-short-pantalon-nacimiento product_cat-pololo-short-pantalon-nacimiento-nino product_cat-pololo-short-y-pantalon-bebe product_cat-pololo-short-pantalon-bebe-nino product_cat-ropa product_cat-ultima-oportunidad has-post-thumbnail taxable shipping-taxable purchasable product-type-variable has-default-attributes\">\n\t<div class=\"product-inner clr\">\n\t<div class=\"woo-entry-image-swap woo-entry-image clr\">\n\t\t<a href=\"https:\/\/voyagedelabaleine.fr\/es\/producto\/pelele-corto-de-recien-nacido-para-nino-con-cuello-azul-celeste-blanco\/\" class=\"woocommerce-LoopProduct-link\"><img decoding=\"async\" width=\"570\" height=\"760\" src=\"https:\/\/voyagedelabaleine.fr\/wp-content\/uploads\/2024\/02\/combishort-naissance-bebe-4.jpg\" class=\"woo-entry-image-main\" alt=\"Pelele corto de reci\u00e9n nacido para ni\u00f1o con cuello &#8211; Azul celeste\/blanco\" itemprop=\"image\" srcset=\"https:\/\/voyagedelabaleine.fr\/wp-content\/uploads\/2024\/02\/combishort-naissance-bebe-4.jpg 570w, https:\/\/voyagedelabaleine.fr\/wp-content\/uploads\/2024\/02\/combishort-naissance-bebe-4-225x300.jpg 225w\" sizes=\"(max-width: 570px) 100vw, 570px\" \/><img decoding=\"async\" width=\"570\" height=\"760\" src=\"https:\/\/voyagedelabaleine.fr\/wp-content\/uploads\/2024\/02\/combishort-naissance-bebe-2.jpg\" class=\"woo-entry-image-secondary\" alt=\"Pelele corto de reci\u00e9n nacido para ni\u00f1o con cuello &#8211; Azul celeste\/blanco\" itemprop=\"image\" srcset=\"https:\/\/voyagedelabaleine.fr\/wp-content\/uploads\/2024\/02\/combishort-naissance-bebe-2.jpg 570w, https:\/\/voyagedelabaleine.fr\/wp-content\/uploads\/2024\/02\/combishort-naissance-bebe-2-225x300.jpg 225w\" sizes=\"(max-width: 570px) 100vw, 570px\" \/><\/a>\t<\/div><!-- .woo-entry-image-swap -->\n\n<ul class=\"woo-entry-inner clr\"><li class=\"image-wrap\">\n\t<div class=\"woo-entry-image-swap woo-entry-image clr\">\n\t\t<a href=\"https:\/\/voyagedelabaleine.fr\/es\/producto\/pelele-corto-de-recien-nacido-para-nino-con-cuello-azul-celeste-blanco\/\" class=\"woocommerce-LoopProduct-link\"><img decoding=\"async\" width=\"570\" height=\"760\" src=\"https:\/\/voyagedelabaleine.fr\/wp-content\/uploads\/2024\/02\/combishort-naissance-bebe-4.jpg\" class=\"woo-entry-image-main\" alt=\"Pelele corto de reci\u00e9n nacido para ni\u00f1o con cuello &#8211; Azul celeste\/blanco\" itemprop=\"image\" srcset=\"https:\/\/voyagedelabaleine.fr\/wp-content\/uploads\/2024\/02\/combishort-naissance-bebe-4.jpg 570w, https:\/\/voyagedelabaleine.fr\/wp-content\/uploads\/2024\/02\/combishort-naissance-bebe-4-225x300.jpg 225w\" sizes=\"(max-width: 570px) 100vw, 570px\" \/><img decoding=\"async\" width=\"570\" height=\"760\" src=\"https:\/\/voyagedelabaleine.fr\/wp-content\/uploads\/2024\/02\/combishort-naissance-bebe-2.jpg\" class=\"woo-entry-image-secondary\" alt=\"Pelele corto de reci\u00e9n nacido para ni\u00f1o con cuello &#8211; Azul celeste\/blanco\" itemprop=\"image\" srcset=\"https:\/\/voyagedelabaleine.fr\/wp-content\/uploads\/2024\/02\/combishort-naissance-bebe-2.jpg 570w, https:\/\/voyagedelabaleine.fr\/wp-content\/uploads\/2024\/02\/combishort-naissance-bebe-2-225x300.jpg 225w\" sizes=\"(max-width: 570px) 100vw, 570px\" \/><\/a>\t<\/div><!-- .woo-entry-image-swap -->\n\n<\/li><li class=\"title\"><h2><a href=\"https:\/\/voyagedelabaleine.fr\/es\/producto\/pelele-corto-de-recien-nacido-para-nino-con-cuello-azul-celeste-blanco\/\">Pelele corto de reci\u00e9n nacido para ni\u00f1o con cuello &#8211; Azul celeste\/blanco<\/a><\/h2><\/li><li class=\"price-wrap\">\n\t<span class=\"price\"><span class=\"woocommerce-Price-amount amount\"><bdi>32<span class=\"woocommerce-Price-currencySymbol\">&euro;<\/span><\/bdi><\/span><\/span>\n<\/li><\/ul><\/div><!-- .product-inner .clr --><\/li>\n<\/ul>\n<\/div><\/div>\n\t\t\t\t\t\t<\/div>\n\t\t\t\t<\/div>\n\t\t\t\t<\/div>\n\t\t\t\t<\/div>\n\t\t<div class=\"elementor-element elementor-element-35f5891 e-flex e-con-boxed e-con e-parent\" data-id=\"35f5891\" data-element_type=\"container\" data-e-type=\"container\">\n\t\t\t\t\t<div class=\"e-con-inner\">\n\t\t<div class=\"elementor-element elementor-element-ef2bfbe e-con-full e-flex e-con e-child\" data-id=\"ef2bfbe\" data-element_type=\"container\" data-e-type=\"container\">\n\t\t\t\t<div class=\"elementor-element elementor-element-2ec8c64 elementor-align-center elementor-widget elementor-widget-button\" data-id=\"2ec8c64\" data-element_type=\"widget\" data-e-type=\"widget\" data-widget_type=\"button.default\">\n\t\t\t\t\t\t\t\t\t\t<a class=\"elementor-button elementor-button-link elementor-size-sm\" href=\"https:\/\/voyagedelabaleine.fr\/vetements-raffines-pour-bebes\/\">\n\t\t\t\t\t\t<span class=\"elementor-button-content-wrapper\">\n\t\t\t\t\t\t\t\t\t<span class=\"elementor-button-text\">Descubrir la colecci\u00f3n<\/span>\n\t\t\t\t\t<\/span>\n\t\t\t\t\t<\/a>\n\t\t\t\t\t\t\t\t<\/div>\n\t\t\t\t<\/div>\n\t\t\t\t\t<\/div>\n\t\t\t\t<\/div>\n\t\t\t\t<\/div>\n\t\t","protected":false},"excerpt":{"rendered":"<p>Rayas cl\u00e1sicas, estilo inigualable Los tejidos a rayas son sin\u00f3nimo de simplicidad refinada. Se adaptan a todas las estaciones y, ya sean finas o anchas, a\u00f1aden un toque de distinci\u00f3n a los conjuntos de sus hijos, ofreci\u00e9ndoles al mismo tiempo un confort \u00f3ptimo. Verticales u horizontales: las rayas atraviesan el tiempo Las rayas son un [&hellip;]<\/p>\n","protected":false},"author":222595022,"featured_media":0,"parent":0,"menu_order":0,"comment_status":"closed","ping_status":"closed","template":"","meta":{"ocean_post_layout":"","ocean_both_sidebars_style":"","ocean_both_sidebars_content_width":0,"ocean_both_sidebars_sidebars_width":0,"ocean_sidebar":"","ocean_second_sidebar":"","ocean_disable_margins":"enable","ocean_add_body_class":"","ocean_shortcode_before_top_bar":"","ocean_shortcode_after_top_bar":"","ocean_shortcode_before_header":"","ocean_shortcode_after_header":"","ocean_has_shortcode":"","ocean_shortcode_after_title":"","ocean_shortcode_before_footer_widgets":"","ocean_shortcode_after_footer_widgets":"","ocean_shortcode_before_footer_bottom":"","ocean_shortcode_after_footer_bottom":"","ocean_display_top_bar":"default","ocean_display_header":"default","ocean_header_style":"","ocean_center_header_left_menu":"","ocean_custom_header_template":"","ocean_custom_logo":0,"ocean_custom_retina_logo":0,"ocean_custom_logo_max_width":0,"ocean_custom_logo_tablet_max_width":0,"ocean_custom_logo_mobile_max_width":0,"ocean_custom_logo_max_height":0,"ocean_custom_logo_tablet_max_height":0,"ocean_custom_logo_mobile_max_height":0,"ocean_header_custom_menu":"","ocean_menu_typo_font_family":"","ocean_menu_typo_font_subset":"","ocean_menu_typo_font_size":0,"ocean_menu_typo_font_size_tablet":0,"ocean_menu_typo_font_size_mobile":0,"ocean_menu_typo_font_size_unit":"px","ocean_menu_typo_font_weight":"","ocean_menu_typo_font_weight_tablet":"","ocean_menu_typo_font_weight_mobile":"","ocean_menu_typo_transform":"","ocean_menu_typo_transform_tablet":"","ocean_menu_typo_transform_mobile":"","ocean_menu_typo_line_height":0,"ocean_menu_typo_line_height_tablet":0,"ocean_menu_typo_line_height_mobile":0,"ocean_menu_typo_line_height_unit":"","ocean_menu_typo_spacing":0,"ocean_menu_typo_spacing_tablet":0,"ocean_menu_typo_spacing_mobile":0,"ocean_menu_typo_spacing_unit":"","ocean_menu_link_color":"","ocean_menu_link_color_hover":"","ocean_menu_link_color_active":"","ocean_menu_link_background":"","ocean_menu_link_hover_background":"","ocean_menu_link_active_background":"","ocean_menu_social_links_bg":"","ocean_menu_social_hover_links_bg":"","ocean_menu_social_links_color":"","ocean_menu_social_hover_links_color":"","ocean_disable_title":"default","ocean_disable_heading":"default","ocean_post_title":"","ocean_post_subheading":"","ocean_post_title_style":"","ocean_post_title_background_color":"","ocean_post_title_background":0,"ocean_post_title_bg_image_position":"","ocean_post_title_bg_image_attachment":"","ocean_post_title_bg_image_repeat":"","ocean_post_title_bg_image_size":"","ocean_post_title_height":0,"ocean_post_title_bg_overlay":0.5,"ocean_post_title_bg_overlay_color":"","ocean_disable_breadcrumbs":"default","ocean_breadcrumbs_color":"","ocean_breadcrumbs_separator_color":"","ocean_breadcrumbs_links_color":"","ocean_breadcrumbs_links_hover_color":"","ocean_display_footer_widgets":"default","ocean_display_footer_bottom":"default","ocean_custom_footer_template":"","osh_disable_topbar_sticky":"default","osh_disable_header_sticky":"default","osh_sticky_header_style":"default","osh_sticky_header_effect":"","osh_custom_sticky_logo":0,"osh_custom_retina_sticky_logo":0,"osh_custom_sticky_logo_height":0,"osh_background_color":"","osh_links_color":"","osh_links_hover_color":"","osh_links_active_color":"","osh_links_bg_color":"","osh_links_hover_bg_color":"","osh_links_active_bg_color":"","osh_menu_social_links_color":"","osh_menu_social_hover_links_color":"","footnotes":""},"class_list":["post-28150","page","type-page","status-publish","hentry","entry","owp-thumbs-layout-vertical","owp-btn-big","owp-tabs-layout-vertical","has-no-thumbnails","circle-sale"],"yoast_head":"<!-- This site is optimized with the Yoast SEO plugin v27.1.1 - https:\/\/yoast.com\/product\/yoast-seo-wordpress\/ -->\n<title>Tejidos a rayas - ropa de beb\u00e9<\/title>\n<meta name=\"description\" content=\"Los tejidos a rayas son sin\u00f3nimo de simplicidad refinada. Aportan un toque de distinci\u00f3n a la ropa de sus beb\u00e9s.\" \/>\n<meta name=\"robots\" content=\"index, follow, max-snippet:-1, max-image-preview:large, max-video-preview:-1\" \/>\n<link rel=\"canonical\" href=\"https:\/\/voyagedelabaleine.fr\/es\/las-rayas\/\" \/>\n<meta property=\"og:locale\" content=\"es_ES\" \/>\n<meta property=\"og:type\" content=\"article\" \/>\n<meta property=\"og:title\" content=\"Tejidos a rayas - ropa de beb\u00e9\" \/>\n<meta property=\"og:description\" content=\"Los tejidos a rayas son sin\u00f3nimo de simplicidad refinada. Aportan un toque de distinci\u00f3n a la ropa de sus beb\u00e9s.\" \/>\n<meta property=\"og:url\" content=\"https:\/\/voyagedelabaleine.fr\/es\/las-rayas\/\" \/>\n<meta property=\"og:site_name\" content=\"Voyage de la Baleine\" \/>\n<meta property=\"article:publisher\" content=\"https:\/\/www.facebook.com\/voyagedelabaleine\/\" \/>\n<meta property=\"article:modified_time\" content=\"2026-01-22T09:16:23+00:00\" \/>\n<meta name=\"twitter:card\" content=\"summary_large_image\" \/>\n<meta name=\"twitter:label1\" content=\"Tiempo de lectura\" \/>\n\t<meta name=\"twitter:data1\" content=\"1 minuto\" \/>\n<script type=\"application\/ld+json\" class=\"yoast-schema-graph\">{\"@context\":\"https:\/\/schema.org\",\"@graph\":[{\"@type\":\"WebPage\",\"@id\":\"https:\/\/voyagedelabaleine.fr\/es\/las-rayas\/\",\"url\":\"https:\/\/voyagedelabaleine.fr\/es\/las-rayas\/\",\"name\":\"Tejidos a rayas - ropa de beb\u00e9\",\"isPartOf\":{\"@id\":\"https:\/\/voyagedelabaleine.fr\/es\/#website\"},\"datePublished\":\"2024-10-10T11:34:54+00:00\",\"dateModified\":\"2026-01-22T09:16:23+00:00\",\"description\":\"Los tejidos a rayas son sin\u00f3nimo de simplicidad refinada. Aportan un toque de distinci\u00f3n a la ropa de sus beb\u00e9s.\",\"breadcrumb\":{\"@id\":\"https:\/\/voyagedelabaleine.fr\/es\/las-rayas\/#breadcrumb\"},\"inLanguage\":\"es\",\"potentialAction\":[{\"@type\":\"ReadAction\",\"target\":[\"https:\/\/voyagedelabaleine.fr\/es\/las-rayas\/\"]}]},{\"@type\":\"BreadcrumbList\",\"@id\":\"https:\/\/voyagedelabaleine.fr\/es\/las-rayas\/#breadcrumb\",\"itemListElement\":[{\"@type\":\"ListItem\",\"position\":1,\"name\":\"Accueil\",\"item\":\"https:\/\/voyagedelabaleine.fr\/es\/inicio\/\"},{\"@type\":\"ListItem\",\"position\":2,\"name\":\"Las rayas\"}]},{\"@type\":\"WebSite\",\"@id\":\"https:\/\/voyagedelabaleine.fr\/es\/#website\",\"url\":\"https:\/\/voyagedelabaleine.fr\/es\/\",\"name\":\"Voyage de la Baleine\",\"description\":\"V\u00eatements intemporels et raffin\u00e9s pour b\u00e9b\u00e9s et enfants\",\"publisher\":{\"@id\":\"https:\/\/voyagedelabaleine.fr\/es\/#organization\"},\"potentialAction\":[{\"@type\":\"SearchAction\",\"target\":{\"@type\":\"EntryPoint\",\"urlTemplate\":\"https:\/\/voyagedelabaleine.fr\/es\/?s={search_term_string}\"},\"query-input\":{\"@type\":\"PropertyValueSpecification\",\"valueRequired\":true,\"valueName\":\"search_term_string\"}}],\"inLanguage\":\"es\"},{\"@type\":\"Organization\",\"@id\":\"https:\/\/voyagedelabaleine.fr\/es\/#organization\",\"name\":\"Voyage de la Baleine\",\"url\":\"https:\/\/voyagedelabaleine.fr\/es\/\",\"logo\":{\"@type\":\"ImageObject\",\"inLanguage\":\"es\",\"@id\":\"https:\/\/voyagedelabaleine.fr\/es\/#\/schema\/logo\/image\/\",\"url\":\"https:\/\/voyagedelabaleine.fr\/wp-content\/uploads\/2025\/06\/logo.webp\",\"contentUrl\":\"https:\/\/voyagedelabaleine.fr\/wp-content\/uploads\/2025\/06\/logo.webp\",\"width\":153,\"height\":64,\"caption\":\"Voyage de la Baleine\"},\"image\":{\"@id\":\"https:\/\/voyagedelabaleine.fr\/es\/#\/schema\/logo\/image\/\"},\"sameAs\":[\"https:\/\/www.facebook.com\/voyagedelabaleine\/\",\"https:\/\/www.instagram.com\/voyagedelabaleine\/\",\"https:\/\/www.pinterest.fr\/Voyagedelabaleine\/\"]}]}<\/script>\n<!-- \/ Yoast SEO plugin. -->","yoast_head_json":{"title":"Tejidos a rayas - ropa de beb\u00e9","description":"Los tejidos a rayas son sin\u00f3nimo de simplicidad refinada. Aportan un toque de distinci\u00f3n a la ropa de sus beb\u00e9s.","robots":{"index":"index","follow":"follow","max-snippet":"max-snippet:-1","max-image-preview":"max-image-preview:large","max-video-preview":"max-video-preview:-1"},"canonical":"https:\/\/voyagedelabaleine.fr\/es\/las-rayas\/","og_locale":"es_ES","og_type":"article","og_title":"Tejidos a rayas - ropa de beb\u00e9","og_description":"Los tejidos a rayas son sin\u00f3nimo de simplicidad refinada. Aportan un toque de distinci\u00f3n a la ropa de sus beb\u00e9s.","og_url":"https:\/\/voyagedelabaleine.fr\/es\/las-rayas\/","og_site_name":"Voyage de la Baleine","article_publisher":"https:\/\/www.facebook.com\/voyagedelabaleine\/","article_modified_time":"2026-01-22T09:16:23+00:00","twitter_card":"summary_large_image","twitter_misc":{"Tiempo de lectura":"1 minuto"},"schema":{"@context":"https:\/\/schema.org","@graph":[{"@type":"WebPage","@id":"https:\/\/voyagedelabaleine.fr\/es\/las-rayas\/","url":"https:\/\/voyagedelabaleine.fr\/es\/las-rayas\/","name":"Tejidos a rayas - ropa de beb\u00e9","isPartOf":{"@id":"https:\/\/voyagedelabaleine.fr\/es\/#website"},"datePublished":"2024-10-10T11:34:54+00:00","dateModified":"2026-01-22T09:16:23+00:00","description":"Los tejidos a rayas son sin\u00f3nimo de simplicidad refinada. Aportan un toque de distinci\u00f3n a la ropa de sus beb\u00e9s.","breadcrumb":{"@id":"https:\/\/voyagedelabaleine.fr\/es\/las-rayas\/#breadcrumb"},"inLanguage":"es","potentialAction":[{"@type":"ReadAction","target":["https:\/\/voyagedelabaleine.fr\/es\/las-rayas\/"]}]},{"@type":"BreadcrumbList","@id":"https:\/\/voyagedelabaleine.fr\/es\/las-rayas\/#breadcrumb","itemListElement":[{"@type":"ListItem","position":1,"name":"Accueil","item":"https:\/\/voyagedelabaleine.fr\/es\/inicio\/"},{"@type":"ListItem","position":2,"name":"Las rayas"}]},{"@type":"WebSite","@id":"https:\/\/voyagedelabaleine.fr\/es\/#website","url":"https:\/\/voyagedelabaleine.fr\/es\/","name":"Voyage de la Baleine","description":"V\u00eatements intemporels et raffin\u00e9s pour b\u00e9b\u00e9s et enfants","publisher":{"@id":"https:\/\/voyagedelabaleine.fr\/es\/#organization"},"potentialAction":[{"@type":"SearchAction","target":{"@type":"EntryPoint","urlTemplate":"https:\/\/voyagedelabaleine.fr\/es\/?s={search_term_string}"},"query-input":{"@type":"PropertyValueSpecification","valueRequired":true,"valueName":"search_term_string"}}],"inLanguage":"es"},{"@type":"Organization","@id":"https:\/\/voyagedelabaleine.fr\/es\/#organization","name":"Voyage de la Baleine","url":"https:\/\/voyagedelabaleine.fr\/es\/","logo":{"@type":"ImageObject","inLanguage":"es","@id":"https:\/\/voyagedelabaleine.fr\/es\/#\/schema\/logo\/image\/","url":"https:\/\/voyagedelabaleine.fr\/wp-content\/uploads\/2025\/06\/logo.webp","contentUrl":"https:\/\/voyagedelabaleine.fr\/wp-content\/uploads\/2025\/06\/logo.webp","width":153,"height":64,"caption":"Voyage de la Baleine"},"image":{"@id":"https:\/\/voyagedelabaleine.fr\/es\/#\/schema\/logo\/image\/"},"sameAs":["https:\/\/www.facebook.com\/voyagedelabaleine\/","https:\/\/www.instagram.com\/voyagedelabaleine\/","https:\/\/www.pinterest.fr\/Voyagedelabaleine\/"]}]}},"_links":{"self":[{"href":"https:\/\/voyagedelabaleine.fr\/es\/wp-json\/wp\/v2\/pages\/28150","targetHints":{"allow":["GET"]}}],"collection":[{"href":"https:\/\/voyagedelabaleine.fr\/es\/wp-json\/wp\/v2\/pages"}],"about":[{"href":"https:\/\/voyagedelabaleine.fr\/es\/wp-json\/wp\/v2\/types\/page"}],"author":[{"embeddable":true,"href":"https:\/\/voyagedelabaleine.fr\/es\/wp-json\/wp\/v2\/users\/222595022"}],"replies":[{"embeddable":true,"href":"https:\/\/voyagedelabaleine.fr\/es\/wp-json\/wp\/v2\/comments?post=28150"}],"version-history":[{"count":4,"href":"https:\/\/voyagedelabaleine.fr\/es\/wp-json\/wp\/v2\/pages\/28150\/revisions"}],"predecessor-version":[{"id":28155,"href":"https:\/\/voyagedelabaleine.fr\/es\/wp-json\/wp\/v2\/pages\/28150\/revisions\/28155"}],"wp:attachment":[{"href":"https:\/\/voyagedelabaleine.fr\/es\/wp-json\/wp\/v2\/media?parent=28150"}],"curies":[{"name":"wp","href":"https:\/\/api.w.org\/{rel}","templated":true}]}}