{"id":28198,"date":"2023-11-28T13:33:29","date_gmt":"2023-11-28T12:33:29","guid":{"rendered":"https:\/\/voyagedelabaleine.fr\/politique-de-confidentialite\/"},"modified":"2026-01-22T10:21:52","modified_gmt":"2026-01-22T09:21:52","slug":"politica-de-privacidad","status":"publish","type":"page","link":"https:\/\/voyagedelabaleine.fr\/es\/politica-de-privacidad\/","title":{"rendered":"Pol\u00edtica de privacidad"},"content":{"rendered":"\t\t<div data-elementor-type=\"wp-page\" data-elementor-id=\"28198\" class=\"elementor elementor-28198 elementor-2709\">\n\t\t\t\t<div class=\"elementor-element elementor-element-26694d5 e-flex e-con-boxed e-con e-parent\" data-id=\"26694d5\" data-element_type=\"container\" data-e-type=\"container\">\n\t\t\t\t\t<div class=\"e-con-inner\">\n\t\t\t\t<div class=\"elementor-element elementor-element-a250066 elementor-widget elementor-widget-text-editor\" data-id=\"a250066\" data-element_type=\"widget\" data-e-type=\"widget\" data-widget_type=\"text-editor.default\">\n\t\t\t\t\t\t\t\t\t<p>La empresa BIDAIA SAS (\u00abnosotros\u00bb, \u00abnuestro\u00bb, \u00abnuestros\u00bb) opera el sitio web VOYAGE DE LA BALEINE (en adelante denominado \u00abServicio\u00bb).<\/p><p>Esta p\u00e1gina explica nuestras pol\u00edticas sobre la recopilaci\u00f3n, el uso y la divulgaci\u00f3n de datos personales cuando utiliza nuestro Servicio, as\u00ed como las opciones disponibles para usted con respecto a dichos datos.<\/p><p>Utilizamos sus datos para proporcionar y mejorar el Servicio. Al utilizar el Servicio, usted acepta la recopilaci\u00f3n y el uso de la informaci\u00f3n de acuerdo con esta pol\u00edtica. Salvo que se indique lo contrario en esta Pol\u00edtica de privacidad, los t\u00e9rminos utilizados en esta Pol\u00edtica de privacidad tienen el mismo significado que en nuestros T\u00e9rminos y Condiciones, disponibles en VOYAGE DE LA BALEINE.  <\/p><p><strong>Definiciones <\/strong><\/p><p><strong>Servicio:<\/strong> Por Servicio se entiende el sitio web VOYAGE DE LA BALEINE operado por la empresa BIDAIA SAS.<\/p><p><strong>Datos personales: <\/strong>Por Datos Personales se entiende informaci\u00f3n relativa a una persona f\u00edsica viva que puede ser identificada a partir de dichos datos (o a partir de dichos datos y otra informaci\u00f3n en nuestra posesi\u00f3n o que podamos llegar a poseer).<\/p><p><strong>Datos de uso:<\/strong> Los Datos de Uso se recopilan autom\u00e1ticamente y son generados ya sea por el uso del Servicio o por la propia infraestructura del Servicio (por ejemplo, la duraci\u00f3n de la visita a una p\u00e1gina).<\/p><p><strong>Cookies: <\/strong>Las cookies son peque\u00f1os archivos almacenados en su dispositivo (ordenador o dispositivo m\u00f3vil).<\/p><p><strong>Responsable del tratamiento:<\/strong> El Responsable del Tratamiento se refiere a la persona f\u00edsica o jur\u00eddica (de manera individual, conjunta o compartida con otras personas) que determina los fines y los medios seg\u00fan los cuales todos los datos personales son o deben ser tratados.<\/p><p>A los efectos de esta Pol\u00edtica de privacidad, nosotros somos el Responsable del Tratamiento de sus datos personales.<\/p><p><strong>Subcontratistas (o Proveedores de Servicios):<\/strong> El t\u00e9rmino Subcontratista (o Proveedor de Servicios) se refiere a cualquier persona f\u00edsica o jur\u00eddica que trate los datos en nombre del Responsable del Tratamiento. Podemos recurrir a los servicios de varios Proveedores de Servicios para procesar sus datos de manera m\u00e1s eficiente. <\/p><p><strong>Persona interesada (o Usuario): <\/strong>Por Persona interesada se entiende cualquier persona viva que utilice nuestro Servicio y sea objeto de Datos Personales.<\/p><p><strong>Recopilaci\u00f3n y uso de datos <\/strong><\/p><p>Recopilamos varios tipos de datos con diferentes fines para proporcionarle nuestro Servicio y mejorarlo.<\/p><p><strong>Tipos de datos recopilados<\/strong><\/p><p>Datos Personales<\/p><p>Cuando utilice nuestro Servicio, es posible que le pidamos que nos proporcione ciertos datos personales identificativos que pueden utilizarse para contactarle o identificarle (\u00abDatos Personales\u00bb). Los datos personales identificativos pueden incluir, de manera no limitativa:<br>&#8211; Direcci\u00f3n de correo electr\u00f3nico<br>&#8211; Nombre y apellidos<br>&#8211; Cookies y Datos de Uso <\/p><p>Podemos utilizar sus Datos Personales para enviarle boletines informativos, comunicaciones comerciales o promociones y otra informaci\u00f3n que pueda ser de su inter\u00e9s. Puede optar por no recibir ninguna comunicaci\u00f3n de nuestra parte o solo recibir ciertas comunicaciones haciendo clic en el enlace de cancelaci\u00f3n de suscripci\u00f3n o siguiendo las instrucciones que aparecen en cada uno de los correos electr\u00f3nicos que enviamos. <\/p><p><strong>Donn\u00e9es d&#8217;Utilisation<\/strong><\/p><p>Tambi\u00e9n podemos recopilar informaci\u00f3n sobre c\u00f3mo accede y utiliza el Servicio (\u00abDatos de Uso\u00bb). Estos Datos de Uso pueden incluir informaci\u00f3n como la direcci\u00f3n del protocolo de Internet (es decir, la direcci\u00f3n IP) de su ordenador, el tipo de navegador, la versi\u00f3n del navegador, las p\u00e1ginas de nuestro Servicio que visita, la fecha y hora de su visita, el tiempo dedicado a estas p\u00e1ginas, los identificadores \u00fanicos de los dispositivos y otros datos de diagn\u00f3stico. <\/p><p><strong>Seguimiento y datos de cookies<\/strong><\/p><p>Utilizamos cookies y otras tecnolog\u00edas de seguimiento similares para rastrear las actividades realizadas en nuestro Servicio y conservamos cierta informaci\u00f3n.<\/p><p>Las cookies son archivos de peque\u00f1o volumen que pueden contener un identificador \u00fanico an\u00f3nimo. Las cookies se env\u00edan a su navegador desde un sitio web y se almacenan en su dispositivo. Tambi\u00e9n se utilizan otras tecnolog\u00edas de seguimiento, como p\u00edxeles, etiquetas y scripts, para recopilar y rastrear informaci\u00f3n y para mejorar y analizar nuestro Servicio.  <\/p><p>Puede configurar su navegador para rechazar todas las cookies o para que le avise cuando se env\u00ede una cookie. Sin embargo, si no acepta las cookies, es posible que no pueda utilizar algunas funciones de nuestro Servicio. <\/p><p>Ejemplos de cookies que utilizamos:<br>&#8211; Cookies de sesi\u00f3n: utilizamos cookies de sesi\u00f3n para que nuestro Servicio funcione. <br>&#8211; Cookies de preferencias: utilizamos cookies de preferencias para recordar sus preferencias y diferentes configuraciones. <br>&#8211; Cookies de seguridad: utilizamos cookies de seguridad por motivos de seguridad. <\/p><p><span style=\"font-variant-ligatures: normal; font-variant-caps: normal; font-family: Barlow, sans-serif; font-size: 16px; font-style: normal; font-weight: 600; letter-spacing: 0.4px;\">Gesti\u00f3n de cookies<\/span><strong><br><\/strong><\/p><p>De conformidad con la normativa \u201cInformatique et Libert\u00e9s\u201d, VOYAGE DE LA BALEINE recopila el consentimiento previo del usuario para el uso de cookies publicitarios, de medici\u00f3n de audiencia y de compartici\u00f3n en redes sociales.<br>Se ofrecen varias opciones para gestionar las cookies. Cualquier configuraci\u00f3n realizada podr\u00eda modificar la navegaci\u00f3n del usuario en Internet y sus condiciones de acceso a ciertos servicios que requieren el uso de cookies.<br>El usuario puede elegir en cualquier momento expresar y modificar sus preferencias sobre las cookies haciendo clic en el bot\u00f3n a continuaci\u00f3n.<\/p><p> <\/p>\t\t\t\t\t\t\t\t<\/div>\n\t\t\t\t\t<\/div>\n\t\t\t\t<\/div>\n\t\t<div class=\"elementor-element elementor-element-b523025 e-flex e-con-boxed e-con e-parent\" data-id=\"b523025\" data-element_type=\"container\" data-e-type=\"container\" data-settings=\"{&quot;background_background&quot;:&quot;classic&quot;}\">\n\t\t\t\t\t<div class=\"e-con-inner\">\n\t\t\t\t<div class=\"elementor-element elementor-element-229c238 elementor-widget elementor-widget-html\" data-id=\"229c238\" data-element_type=\"widget\" data-e-type=\"widget\" data-widget_type=\"html.default\">\n\t\t\t\t\t<button class=\"cky-banner-element\">Cambiar las preferencias de cookies<\/button>\t\t\t\t<\/div>\n\t\t\t\t\t<\/div>\n\t\t\t\t<\/div>\n\t\t<div class=\"elementor-element elementor-element-662521e e-flex e-con-boxed e-con e-parent\" data-id=\"662521e\" data-element_type=\"container\" data-e-type=\"container\">\n\t\t\t\t\t<div class=\"e-con-inner\">\n\t\t\t\t<div class=\"elementor-element elementor-element-7721ad0 elementor-widget elementor-widget-text-editor\" data-id=\"7721ad0\" data-element_type=\"widget\" data-e-type=\"widget\" data-widget_type=\"text-editor.default\">\n\t\t\t\t\t\t\t\t\t<p style=\"font-variant-ligatures: normal; font-variant-caps: normal; font-family: Barlow, sans-serif; font-size: 16px; font-style: normal; font-weight: 400; letter-spacing: 0.4px; text-align: justify;\"><span style=\"font-size: 16px; font-weight: 600;\">Uso de los datos&nbsp;<\/span><\/p>\n<p style=\"font-variant-ligatures: normal; font-variant-caps: normal; font-family: Barlow, sans-serif; font-size: 16px; font-style: normal; font-weight: 400; letter-spacing: 0.4px; text-align: justify;\">VOYAGE DE LA BALEINE utiliza los datos recopilados para diversos fines:<br>&#8211; Para proporcionar y garantizar nuestro Servicio<br>&#8211; Para informarle sobre los cambios realizados en nuestro Servicio<br>&#8211; Para permitirle utilizar las funciones interactivas de nuestro Servicio cuando lo desee<br>&#8211; Para garantizar la atenci\u00f3n al cliente<br>&#8211; Para recopilar datos valiosos o anal\u00edticos que nos permitan mejorar nuestro Servicio<br>&#8211; Para controlar el uso de nuestro Servicio<br>&#8211; Para detectar, prevenir y resolver problemas t\u00e9cnicos<br>&#8211; Para informarle sobre novedades, ofertas especiales e informaci\u00f3n general sobre otros productos, servicios y eventos que ofrecemos y que son similares a los que ya ha comprado o sobre los que ya se ha informado, salvo que ya haya indicado que no desea recibir informaci\u00f3n de este tipo.<\/p>\n<p style=\"font-variant-ligatures: normal; font-variant-caps: normal; font-family: Barlow, sans-serif; font-size: 16px; font-style: normal; font-weight: 400; letter-spacing: 0.4px; text-align: justify;\"><span style=\"font-size: 16px; font-weight: 600;\">Base legal para el tratamiento de datos personales de conformidad con el Reglamento General de Protecci\u00f3n de Datos (RGPD)&nbsp;&nbsp;<\/span><\/p>\n<p style=\"font-variant-ligatures: normal; font-variant-caps: normal; font-family: Barlow, sans-serif; font-size: 16px; font-style: normal; font-weight: 400; letter-spacing: 0.4px; text-align: justify;\">Si reside en el Espacio Econ\u00f3mico Europeo (EEE), la base legal de BIDAIA SAS respecto a la recopilaci\u00f3n y el uso de los datos personales descritos en esta Pol\u00edtica de privacidad depende de los Datos Personales que recopilamos y del contexto espec\u00edfico en que los recopilamos.<\/p>\n<p style=\"font-variant-ligatures: normal; font-variant-caps: normal; font-family: Barlow, sans-serif; font-size: 16px; font-style: normal; font-weight: 400; letter-spacing: 0.4px; text-align: justify;\">BIDAIA SAS puede tratar sus Datos Personales:<br>&#8211; Porque es necesario para ejecutar un contrato celebrado con usted<br>&#8211; Porque usted nos ha dado su consentimiento para hacerlo<br>&#8211; Porque tenemos un inter\u00e9s leg\u00edtimo en llevar a cabo este tratamiento y sus derechos no prevalecen sobre dicho inter\u00e9s leg\u00edtimo<br>&#8211; Con fines de procesamiento de pagos<br>&#8211; Para cumplir con la ley<\/p>\n<p style=\"font-variant-ligatures: normal; font-variant-caps: normal; font-family: Barlow, sans-serif; font-size: 16px; font-style: normal; font-weight: 400; letter-spacing: 0.4px; text-align: justify;\"><span style=\"font-size: 16px; font-weight: 600;\">Conservaci\u00f3n de los datos&nbsp;&nbsp;<\/span><\/p>\n<p style=\"font-variant-ligatures: normal; font-variant-caps: normal; font-family: Barlow, sans-serif; font-size: 16px; font-style: normal; font-weight: 400; letter-spacing: 0.4px; text-align: justify;\">BIDAIA SAS solo conservar\u00e1 sus Datos Personales mientras sea necesario para los fines establecidos en esta Pol\u00edtica de privacidad. Conservaremos y utilizaremos sus Datos Personales en la medida necesaria para poder cumplir con nuestras obligaciones legales (por ejemplo, para cumplir con la legislaci\u00f3n vigente), resolver disputas y aplicar nuestros acuerdos y pol\u00edticas. <\/p>\n<p style=\"font-variant-ligatures: normal; font-variant-caps: normal; font-family: Barlow, sans-serif; font-size: 16px; font-style: normal; font-weight: 400; letter-spacing: 0.4px; text-align: justify;\">BIDAIA SAS tambi\u00e9n conservar\u00e1 los Datos de Uso con fines de an\u00e1lisis internos. Los Datos de Uso generalmente se conservan por un per\u00edodo m\u00e1s corto, salvo que dichos datos se utilicen para reforzar la seguridad o mejorar las funcionalidades de nuestro Servicio, o si estamos legalmente obligados a conservar estos datos por m\u00e1s tiempo. <\/p>\n<p style=\"font-variant-ligatures: normal; font-variant-caps: normal; font-family: Barlow, sans-serif; font-size: 16px; font-style: normal; font-weight: 400; letter-spacing: 0.4px; text-align: justify;\"><span style=\"font-size: 16px; font-weight: 600;\">Transferencia de datos&nbsp;<\/span><\/p>\n<p style=\"font-variant-ligatures: normal; font-variant-caps: normal; font-family: Barlow, sans-serif; font-size: 16px; font-style: normal; font-weight: 400; letter-spacing: 0.4px; text-align: justify;\">La informaci\u00f3n que le concierne, incluidos sus Datos Personales, puede ser transferida desde su regi\u00f3n, provincia, pa\u00eds u otra divisi\u00f3n territorial a ordenadores \u2013 y almacenada en ellos \u2013 situados en un lugar donde la legislaci\u00f3n sobre protecci\u00f3n de datos difiere de la del territorio en el que reside.<\/p>\n<p style=\"font-variant-ligatures: normal; font-variant-caps: normal; font-family: Barlow, sans-serif; font-size: 16px; font-style: normal; font-weight: 400; letter-spacing: 0.4px; text-align: justify;\">Si reside fuera de Francia y decide proporcionarnos informaci\u00f3n, tenga en cuenta que transferimos los datos, incluidos los Datos Personales, a Francia y los procesamos all\u00ed.<\/p>\n<p style=\"font-variant-ligatures: normal; font-variant-caps: normal; font-family: Barlow, sans-serif; font-size: 16px; font-style: normal; font-weight: 400; letter-spacing: 0.4px; text-align: justify;\">Al aceptar esta Pol\u00edtica de privacidad y enviar esta informaci\u00f3n, usted consiente dicho traslado.<\/p>\n<p style=\"font-variant-ligatures: normal; font-variant-caps: normal; font-family: Barlow, sans-serif; font-size: 16px; font-style: normal; font-weight: 400; letter-spacing: 0.4px; text-align: justify;\">BIDAIA SAS tomar\u00e1 todas las medidas razonablemente necesarias para garantizar que sus datos se traten de manera segura y de conformidad con esta Pol\u00edtica de privacidad, y sus Datos Personales no se transferir\u00e1n a ninguna organizaci\u00f3n ni a ning\u00fan pa\u00eds a menos que existan controles adecuados, especialmente en lo que respecta a la seguridad de sus datos y otros datos personales.<\/p>\n<p style=\"font-variant-ligatures: normal; font-variant-caps: normal; font-family: Barlow, sans-serif; font-size: 16px; font-style: normal; font-weight: 400; letter-spacing: 0.4px; text-align: justify;\"><span style=\"font-size: 16px; font-weight: 600;\">Divulgaci\u00f3n de datos&nbsp;&nbsp;<\/span><\/p>\n<p style=\"font-variant-ligatures: normal; font-variant-caps: normal; font-family: Barlow, sans-serif; font-size: 16px; font-style: normal; font-weight: 400; letter-spacing: 0.4px; text-align: justify;\"><span style=\"font-size: 16px; font-weight: 600;\">Divulgaci\u00f3n de datos a las fuerzas del orden&nbsp;<\/span><\/p>\n<p style=\"font-variant-ligatures: normal; font-variant-caps: normal; font-family: Barlow, sans-serif; font-size: 16px; font-style: normal; font-weight: 400; letter-spacing: 0.4px; text-align: justify;\">En determinadas circunstancias, BIDAIA SAS puede verse obligada a divulgar sus Datos Personales si la ley lo requiere o en respuesta a solicitudes v\u00e1lidas de autoridades p\u00fablicas (por ejemplo, un tribunal o una entidad gubernamental).<\/p>\n<p style=\"font-variant-ligatures: normal; font-variant-caps: normal; font-family: Barlow, sans-serif; font-size: 16px; font-style: normal; font-weight: 400; letter-spacing: 0.4px; text-align: justify;\"><span style=\"font-size: 16px; font-weight: 600;\">Requisitos legales&nbsp;&nbsp;<\/span><\/p>\n<p style=\"font-variant-ligatures: normal; font-variant-caps: normal; font-family: Barlow, sans-serif; font-size: 16px; font-style: normal; font-weight: 400; letter-spacing: 0.4px; text-align: justify;\">BIDAIA SAS puede divulgar sus Datos Personales si de buena fe considera que es necesario para:<br>&#8211; Cumplir con una obligaci\u00f3n legal<br>&#8211; Proteger y defender los derechos o bienes de BIDAIA SAS<br>&#8211; Prevenir posibles actos il\u00edcitos o investigar dichos actos en el contexto del Servicio<br>&#8211; Garantizar la seguridad personal de los usuarios del Servicio o del p\u00fablico<br>&#8211; Protegerse contra responsabilidad civil<\/p>\n<p style=\"font-variant-ligatures: normal; font-variant-caps: normal; font-family: Barlow, sans-serif; font-size: 16px; font-style: normal; font-weight: 400; letter-spacing: 0.4px; text-align: justify;\"><span style=\"font-size: 16px; font-weight: 600;\">Seguridad de los datos&nbsp;&nbsp;<\/span><\/p>\n<p style=\"font-variant-ligatures: normal; font-variant-caps: normal; font-family: Barlow, sans-serif; font-size: 16px; font-style: normal; font-weight: 400; letter-spacing: 0.4px; text-align: justify;\">La seguridad de sus datos es importante para nosotros. Sin embargo, tenga en cuenta que ning\u00fan m\u00e9todo de transmisi\u00f3n de datos por Internet ni m\u00e9todo de almacenamiento electr\u00f3nico es 100% seguro. Aunque nos esforzamos por utilizar m\u00e9todos comercialmente aceptables para proteger sus Datos Personales, no podemos garantizar su seguridad absoluta.  <\/p>\n<p style=\"font-variant-ligatures: normal; font-variant-caps: normal; font-family: Barlow, sans-serif; font-size: 16px; font-style: normal; font-weight: 400; letter-spacing: 0.4px; text-align: justify;\"><span style=\"font-size: 16px; font-weight: 600;\">Derechos de protecci\u00f3n de datos que le otorga el Reglamento General de Protecci\u00f3n de Datos (RGPD)&nbsp;&nbsp;<\/span><\/p>\n<p style=\"font-variant-ligatures: normal; font-variant-caps: normal; font-family: Barlow, sans-serif; font-size: 16px; font-style: normal; font-weight: 400; letter-spacing: 0.4px; text-align: justify;\">Si reside en el Espacio Econ\u00f3mico Europeo (EEE), tiene ciertos derechos en materia de protecci\u00f3n de datos. VOYAGE DE LA BALEINE se compromete a tomar medidas razonables para permitirle corregir, modificar o eliminar sus Datos Personales o limitar su uso. <\/p>\n<p style=\"font-variant-ligatures: normal; font-variant-caps: normal; font-family: Barlow, sans-serif; font-size: 16px; font-style: normal; font-weight: 400; letter-spacing: 0.4px; text-align: justify;\">Si desea saber qu\u00e9 Datos Personales tenemos sobre usted y desea que se eliminen de nuestros sistemas, p\u00f3ngase en contacto con nosotros.<\/p>\n<p style=\"font-variant-ligatures: normal; font-variant-caps: normal; font-family: Barlow, sans-serif; font-size: 16px; font-style: normal; font-weight: 400; letter-spacing: 0.4px; text-align: justify;\">En determinadas circunstancias, usted tiene los siguientes derechos en materia de protecci\u00f3n de datos:<br>&#8211; El derecho a acceder a la informaci\u00f3n que tenemos sobre usted, actualizarla o eliminarla. Cuando esta opci\u00f3n est\u00e9 disponible, puede consultar o actualizar sus Datos Personales o solicitar su eliminaci\u00f3n en la secci\u00f3n de configuraci\u00f3n de su cuenta. Si no puede realizar estas acciones por s\u00ed mismo, p\u00f3ngase en contacto con nosotros para obtener ayuda.  <br>&#8211; Derecho de rectificaci\u00f3n: usted tiene derecho a que se corrijan sus datos si son inexactos o incompletos. <br>&#8211; Derecho de oposici\u00f3n: usted tiene derecho a oponerse al tratamiento de sus Datos Personales. <br>&#8211; Derecho de limitaci\u00f3n: usted tiene derecho a solicitarnos que limitemos el tratamiento de sus Datos Personales. <br>&#8211; Derecho a la portabilidad de los datos: usted tiene derecho a recibir una copia de la informaci\u00f3n que tenemos sobre usted en un formato de uso com\u00fan, estructurado y legible por m\u00e1quina. <br>&#8211; Derecho a retirar el consentimiento: tambi\u00e9n tiene derecho a retirar su consentimiento en cualquier momento si VOYAGE DE LA BALEINE se ha basado en su consentimiento para tratar sus Datos Personales. <\/p>\n<p style=\"font-variant-ligatures: normal; font-variant-caps: normal; font-family: Barlow, sans-serif; font-size: 16px; font-style: normal; font-weight: 400; letter-spacing: 0.4px; text-align: justify;\">Tenga en cuenta que podemos solicitarle que acredite su identidad antes de responder a solicitudes de este tipo.<\/p>\n<p style=\"font-variant-ligatures: normal; font-variant-caps: normal; font-family: Barlow, sans-serif; font-size: 16px; font-style: normal; font-weight: 400; letter-spacing: 0.4px; text-align: justify;\">Usted tiene derecho a presentar una reclamaci\u00f3n ante una autoridad de protecci\u00f3n de datos sobre nuestra recopilaci\u00f3n y uso de sus Datos Personales. Para m\u00e1s informaci\u00f3n, p\u00f3ngase en contacto con la autoridad de protecci\u00f3n de datos m\u00e1s cercana a usted en el Espacio Econ\u00f3mico Europeo (EEE). <\/p>\n<p style=\"font-variant-ligatures: normal; font-variant-caps: normal; font-family: Barlow, sans-serif; font-size: 16px; font-style: normal; font-weight: 400; letter-spacing: 0.4px; text-align: justify;\"><span style=\"font-size: 16px; font-weight: 600;\">Proveedores de servicios&nbsp;&nbsp;<\/span><\/p>\n<p style=\"font-variant-ligatures: normal; font-variant-caps: normal; font-family: Barlow, sans-serif; font-size: 16px; font-style: normal; font-weight: 400; letter-spacing: 0.4px; text-align: justify;\">Podemos recurrir a empresas y personas externas para facilitar la prestaci\u00f3n de nuestro Servicio (\u201cProveedores de servicios\u201d), para prestar el Servicio en nuestro nombre, para proporcionar servicios relacionados con el Servicio o para ayudarnos a analizar c\u00f3mo se utiliza nuestro Servicio.<\/p>\n<p style=\"font-variant-ligatures: normal; font-variant-caps: normal; font-family: Barlow, sans-serif; font-size: 16px; font-style: normal; font-weight: 400; letter-spacing: 0.4px; text-align: justify;\">Estos terceros solo tienen acceso a sus Datos Personales para realizar estas tareas en nuestro nombre y tienen prohibido divulgarlos o utilizarlos para otros fines.<\/p>\n<p style=\"font-variant-ligatures: normal; font-variant-caps: normal; font-family: Barlow, sans-serif; font-size: 16px; font-style: normal; font-weight: 400; letter-spacing: 0.4px; text-align: justify;\"><span style=\"font-size: 16px; font-weight: 600;\">An\u00e1lisis&nbsp;&nbsp;<\/span><\/p>\n<p style=\"font-variant-ligatures: normal; font-variant-caps: normal; font-family: Barlow, sans-serif; font-size: 16px; font-style: normal; font-weight: 400; letter-spacing: 0.4px; text-align: justify;\">Podemos recurrir a Proveedores de Servicios externos para supervisar y analizar el uso de nuestro Servicio.<\/p>\n<p style=\"font-variant-ligatures: normal; font-variant-caps: normal; font-family: Barlow, sans-serif; font-size: 16px; font-style: normal; font-weight: 400; letter-spacing: 0.4px; text-align: justify;\"><span style=\"font-size: 16px; font-weight: 600;\">Google Analytics&nbsp;<\/span><\/p>\n<p style=\"font-variant-ligatures: normal; font-variant-caps: normal; font-family: Barlow, sans-serif; font-size: 16px; font-style: normal; font-weight: 400; letter-spacing: 0.4px; text-align: justify;\">Google Analytics es un servicio de an\u00e1lisis web ofrecido por Google que realiza un seguimiento del tr\u00e1fico de un sitio web y genera informes sobre el mismo. Google utiliza los datos recopilados para supervisar y controlar el uso de nuestro Servicio. Estos datos se comparten con otros servicios de Google. Google puede usar los datos recopilados para contextualizar y personalizar los anuncios dentro de su propia red publicitaria.   <\/p>\n<p style=\"font-variant-ligatures: normal; font-variant-caps: normal; font-family: Barlow, sans-serif; font-size: 16px; font-style: normal; font-weight: 400; letter-spacing: 0.4px; text-align: justify;\">Puede evitar que sus actividades en el marco del Servicio se compartan con Google Analytics instalando el complemento para navegador Analytics Opt-out de Google Analytics. Este plugin impide que el c\u00f3digo JavaScript de Google Analytics (ga.js, analytics.js y dc.js) comparta informaci\u00f3n sobre las actividades relacionadas con las visitas con Google Analytics. <\/p>\n<p style=\"font-variant-ligatures: normal; font-variant-caps: normal; font-family: Barlow, sans-serif; font-size: 16px; font-style: normal; font-weight: 400; letter-spacing: 0.4px; text-align: justify;\">Para obtener m\u00e1s informaci\u00f3n sobre las pr\u00e1cticas de privacidad de Google, consulte la p\u00e1gina web Privacidad y condiciones de Google: &lt;https:\/\/policies.google.com\/privacy?hl=en&gt;.<\/p>\n<p style=\"font-variant-ligatures: normal; font-variant-caps: normal; font-family: Barlow, sans-serif; font-size: 16px; font-style: normal; font-weight: 400; letter-spacing: 0.4px; text-align: justify;\"><span style=\"font-size: 16px; font-weight: 600;\">Enlaces a otros sitios web&nbsp;&nbsp;<\/span><\/p>\n<p style=\"font-variant-ligatures: normal; font-variant-caps: normal; font-family: Barlow, sans-serif; font-size: 16px; font-style: normal; font-weight: 400; letter-spacing: 0.4px; text-align: justify;\">Es posible que nuestro Servicio contenga enlaces a otros sitios que no son operados por nosotros. Si hace clic en un enlace de terceros, ser\u00e1 redirigido al sitio de ese tercero. Le recomendamos encarecidamente que revise la pol\u00edtica de privacidad de cada sitio que visite.  <\/p>\n<p style=\"font-variant-ligatures: normal; font-variant-caps: normal; font-family: Barlow, sans-serif; font-size: 16px; font-style: normal; font-weight: 400; letter-spacing: 0.4px; text-align: justify;\">No tenemos ning\u00fan control sobre el contenido, las pol\u00edticas o las pr\u00e1cticas de privacidad de los sitios o servicios de terceros y renunciamos a toda responsabilidad al respecto.<\/p>\n<p style=\"font-variant-ligatures: normal; font-variant-caps: normal; font-family: Barlow, sans-serif; font-size: 16px; font-style: normal; font-weight: 400; letter-spacing: 0.4px; text-align: justify;\"><span style=\"font-size: 16px; font-weight: 600;\">Modificaciones de esta Pol\u00edtica de privacidad&nbsp;<\/span><\/p>\n<p style=\"font-variant-ligatures: normal; font-variant-caps: normal; font-family: Barlow, sans-serif; font-size: 16px; font-style: normal; font-weight: 400; letter-spacing: 0.4px; text-align: justify;\">Nos reservamos el derecho de actualizar nuestra Pol\u00edtica de privacidad de vez en cuando. Le informaremos sobre cualquier cambio publicando la nueva Pol\u00edtica de privacidad en esta p\u00e1gina. <\/p>\n<p style=\"font-variant-ligatures: normal; font-variant-caps: normal; font-family: Barlow, sans-serif; font-size: 16px; font-style: normal; font-weight: 400; letter-spacing: 0.4px; text-align: justify;\">Antes de que la modificaci\u00f3n entre en vigor, le informaremos por correo electr\u00f3nico y\/o colocando un aviso bien visible en nuestro Servicio, y actualizaremos la \u00abfecha de entrada en vigor\u00bb que aparece en la parte superior de esta Pol\u00edtica de privacidad.<\/p>\n<p style=\"font-variant-ligatures: normal; font-variant-caps: normal; font-family: Barlow, sans-serif; font-size: 16px; font-style: normal; font-weight: 400; letter-spacing: 0.4px; text-align: justify;\">Le recomendamos que consulte peri\u00f3dicamente esta Pol\u00edtica de privacidad para conocer cualquier cambio. Las modificaciones a esta Pol\u00edtica de privacidad entran en vigor cuando se publican en esta p\u00e1gina. <\/p>\n<p style=\"font-variant-ligatures: normal; font-variant-caps: normal; font-family: Barlow, sans-serif; font-size: 16px; font-style: normal; font-weight: 400; letter-spacing: 0.4px; text-align: justify;\"><span style=\"font-size: 16px; font-weight: 600;\">Cont\u00e1ctanos<\/span><\/p>\n<p>Para cualquier pregunta relacionada con esta Pol\u00edtica de privacidad, p\u00f3ngase en contacto con nosotros por correo electr\u00f3nico: contact@voyagedelabaleine.fr.<\/p>\t\t\t\t\t\t\t\t<\/div>\n\t\t\t\t\t<\/div>\n\t\t\t\t<\/div>\n\t\t\t\t<\/div>\n\t\t","protected":false},"excerpt":{"rendered":"<p>La empresa BIDAIA SAS (\u00abnosotros\u00bb, \u00abnuestro\u00bb, \u00abnuestros\u00bb) opera el sitio web VOYAGE DE LA BALEINE (en adelante denominado \u00abServicio\u00bb). Esta p\u00e1gina explica nuestras pol\u00edticas sobre la recopilaci\u00f3n, el uso y la divulgaci\u00f3n de datos personales cuando utiliza nuestro Servicio, as\u00ed como las opciones disponibles para usted con respecto a dichos datos. Utilizamos sus datos para [&hellip;]<\/p>\n","protected":false},"author":222595022,"featured_media":0,"parent":0,"menu_order":0,"comment_status":"closed","ping_status":"closed","template":"","meta":{"ocean_post_layout":"","ocean_both_sidebars_style":"","ocean_both_sidebars_content_width":0,"ocean_both_sidebars_sidebars_width":0,"ocean_sidebar":"","ocean_second_sidebar":"","ocean_disable_margins":"enable","ocean_add_body_class":"","ocean_shortcode_before_top_bar":"","ocean_shortcode_after_top_bar":"","ocean_shortcode_before_header":"","ocean_shortcode_after_header":"","ocean_has_shortcode":"","ocean_shortcode_after_title":"","ocean_shortcode_before_footer_widgets":"","ocean_shortcode_after_footer_widgets":"","ocean_shortcode_before_footer_bottom":"","ocean_shortcode_after_footer_bottom":"","ocean_display_top_bar":"default","ocean_display_header":"default","ocean_header_style":"","ocean_center_header_left_menu":"","ocean_custom_header_template":"","ocean_custom_logo":0,"ocean_custom_retina_logo":0,"ocean_custom_logo_max_width":0,"ocean_custom_logo_tablet_max_width":0,"ocean_custom_logo_mobile_max_width":0,"ocean_custom_logo_max_height":0,"ocean_custom_logo_tablet_max_height":0,"ocean_custom_logo_mobile_max_height":0,"ocean_header_custom_menu":"","ocean_menu_typo_font_family":"","ocean_menu_typo_font_subset":"","ocean_menu_typo_font_size":0,"ocean_menu_typo_font_size_tablet":0,"ocean_menu_typo_font_size_mobile":0,"ocean_menu_typo_font_size_unit":"px","ocean_menu_typo_font_weight":"","ocean_menu_typo_font_weight_tablet":"","ocean_menu_typo_font_weight_mobile":"","ocean_menu_typo_transform":"","ocean_menu_typo_transform_tablet":"","ocean_menu_typo_transform_mobile":"","ocean_menu_typo_line_height":0,"ocean_menu_typo_line_height_tablet":0,"ocean_menu_typo_line_height_mobile":0,"ocean_menu_typo_line_height_unit":"","ocean_menu_typo_spacing":0,"ocean_menu_typo_spacing_tablet":0,"ocean_menu_typo_spacing_mobile":0,"ocean_menu_typo_spacing_unit":"","ocean_menu_link_color":"","ocean_menu_link_color_hover":"","ocean_menu_link_color_active":"","ocean_menu_link_background":"","ocean_menu_link_hover_background":"","ocean_menu_link_active_background":"","ocean_menu_social_links_bg":"","ocean_menu_social_hover_links_bg":"","ocean_menu_social_links_color":"","ocean_menu_social_hover_links_color":"","ocean_disable_title":"default","ocean_disable_heading":"default","ocean_post_title":"","ocean_post_subheading":"","ocean_post_title_style":"","ocean_post_title_background_color":"","ocean_post_title_background":0,"ocean_post_title_bg_image_position":"","ocean_post_title_bg_image_attachment":"","ocean_post_title_bg_image_repeat":"","ocean_post_title_bg_image_size":"","ocean_post_title_height":0,"ocean_post_title_bg_overlay":0.5,"ocean_post_title_bg_overlay_color":"","ocean_disable_breadcrumbs":"default","ocean_breadcrumbs_color":"","ocean_breadcrumbs_separator_color":"","ocean_breadcrumbs_links_color":"","ocean_breadcrumbs_links_hover_color":"","ocean_display_footer_widgets":"default","ocean_display_footer_bottom":"default","ocean_custom_footer_template":"","osh_disable_topbar_sticky":"default","osh_disable_header_sticky":"default","osh_sticky_header_style":"default","osh_sticky_header_effect":"","osh_custom_sticky_logo":0,"osh_custom_retina_sticky_logo":0,"osh_custom_sticky_logo_height":0,"osh_background_color":"","osh_links_color":"","osh_links_hover_color":"","osh_links_active_color":"","osh_links_bg_color":"","osh_links_hover_bg_color":"","osh_links_active_bg_color":"","osh_menu_social_links_color":"","osh_menu_social_hover_links_color":"","footnotes":""},"class_list":["post-28198","page","type-page","status-publish","hentry","entry","owp-thumbs-layout-vertical","owp-btn-big","owp-tabs-layout-vertical","has-no-thumbnails","circle-sale"],"yoast_head":"<!-- This site is optimized with the Yoast SEO plugin v27.1.1 - https:\/\/yoast.com\/product\/yoast-seo-wordpress\/ -->\n<title>Pol\u00edtica de privacidad - Voyage de la Baleine<\/title>\n<meta name=\"robots\" content=\"noindex, nofollow\" \/>\n<meta property=\"og:locale\" content=\"es_ES\" \/>\n<meta property=\"og:type\" content=\"article\" \/>\n<meta property=\"og:title\" content=\"Pol\u00edtica de privacidad - Voyage de la Baleine\" \/>\n<meta property=\"og:description\" content=\"La empresa BIDAIA SAS (\u00abnosotros\u00bb, \u00abnuestro\u00bb, \u00abnuestros\u00bb) opera el sitio web VOYAGE DE LA BALEINE (en adelante denominado \u00abServicio\u00bb). Esta p\u00e1gina explica nuestras pol\u00edticas sobre la recopilaci\u00f3n, el uso y la divulgaci\u00f3n de datos personales cuando utiliza nuestro Servicio, as\u00ed como las opciones disponibles para usted con respecto a dichos datos. Utilizamos sus datos para [&hellip;]\" \/>\n<meta property=\"og:url\" content=\"https:\/\/voyagedelabaleine.fr\/es\/politica-de-privacidad\/\" \/>\n<meta property=\"og:site_name\" content=\"Voyage de la Baleine\" \/>\n<meta property=\"article:publisher\" content=\"https:\/\/www.facebook.com\/voyagedelabaleine\/\" \/>\n<meta property=\"article:modified_time\" content=\"2026-01-22T09:21:52+00:00\" \/>\n<meta name=\"twitter:card\" content=\"summary_large_image\" \/>\n<meta name=\"twitter:label1\" content=\"Tiempo de lectura\" \/>\n\t<meta name=\"twitter:data1\" content=\"12 minuto\" \/>\n<script type=\"application\/ld+json\" class=\"yoast-schema-graph\">{\"@context\":\"https:\/\/schema.org\",\"@graph\":[{\"@type\":\"WebPage\",\"@id\":\"https:\/\/voyagedelabaleine.fr\/es\/politica-de-privacidad\/\",\"url\":\"https:\/\/voyagedelabaleine.fr\/es\/politica-de-privacidad\/\",\"name\":\"Pol\u00edtica de privacidad - Voyage de la Baleine\",\"isPartOf\":{\"@id\":\"https:\/\/voyagedelabaleine.fr\/es\/#website\"},\"datePublished\":\"2023-11-28T12:33:29+00:00\",\"dateModified\":\"2026-01-22T09:21:52+00:00\",\"breadcrumb\":{\"@id\":\"https:\/\/voyagedelabaleine.fr\/es\/politica-de-privacidad\/#breadcrumb\"},\"inLanguage\":\"es\",\"potentialAction\":[{\"@type\":\"ReadAction\",\"target\":[\"https:\/\/voyagedelabaleine.fr\/es\/politica-de-privacidad\/\"]}]},{\"@type\":\"BreadcrumbList\",\"@id\":\"https:\/\/voyagedelabaleine.fr\/es\/politica-de-privacidad\/#breadcrumb\",\"itemListElement\":[{\"@type\":\"ListItem\",\"position\":1,\"name\":\"Accueil\",\"item\":\"https:\/\/voyagedelabaleine.fr\/es\/inicio\/\"},{\"@type\":\"ListItem\",\"position\":2,\"name\":\"Pol\u00edtica de privacidad\"}]},{\"@type\":\"WebSite\",\"@id\":\"https:\/\/voyagedelabaleine.fr\/es\/#website\",\"url\":\"https:\/\/voyagedelabaleine.fr\/es\/\",\"name\":\"Voyage de la Baleine\",\"description\":\"V\u00eatements intemporels et raffin\u00e9s pour b\u00e9b\u00e9s et enfants\",\"publisher\":{\"@id\":\"https:\/\/voyagedelabaleine.fr\/es\/#organization\"},\"potentialAction\":[{\"@type\":\"SearchAction\",\"target\":{\"@type\":\"EntryPoint\",\"urlTemplate\":\"https:\/\/voyagedelabaleine.fr\/es\/?s={search_term_string}\"},\"query-input\":{\"@type\":\"PropertyValueSpecification\",\"valueRequired\":true,\"valueName\":\"search_term_string\"}}],\"inLanguage\":\"es\"},{\"@type\":\"Organization\",\"@id\":\"https:\/\/voyagedelabaleine.fr\/es\/#organization\",\"name\":\"Voyage de la Baleine\",\"url\":\"https:\/\/voyagedelabaleine.fr\/es\/\",\"logo\":{\"@type\":\"ImageObject\",\"inLanguage\":\"es\",\"@id\":\"https:\/\/voyagedelabaleine.fr\/es\/#\/schema\/logo\/image\/\",\"url\":\"https:\/\/voyagedelabaleine.fr\/wp-content\/uploads\/2025\/06\/logo.webp\",\"contentUrl\":\"https:\/\/voyagedelabaleine.fr\/wp-content\/uploads\/2025\/06\/logo.webp\",\"width\":153,\"height\":64,\"caption\":\"Voyage de la Baleine\"},\"image\":{\"@id\":\"https:\/\/voyagedelabaleine.fr\/es\/#\/schema\/logo\/image\/\"},\"sameAs\":[\"https:\/\/www.facebook.com\/voyagedelabaleine\/\",\"https:\/\/www.instagram.com\/voyagedelabaleine\/\",\"https:\/\/www.pinterest.fr\/Voyagedelabaleine\/\"]}]}<\/script>\n<!-- \/ Yoast SEO plugin. -->","yoast_head_json":{"title":"Pol\u00edtica de privacidad - Voyage de la Baleine","robots":{"index":"noindex","follow":"nofollow"},"og_locale":"es_ES","og_type":"article","og_title":"Pol\u00edtica de privacidad - Voyage de la Baleine","og_description":"La empresa BIDAIA SAS (\u00abnosotros\u00bb, \u00abnuestro\u00bb, \u00abnuestros\u00bb) opera el sitio web VOYAGE DE LA BALEINE (en adelante denominado \u00abServicio\u00bb). Esta p\u00e1gina explica nuestras pol\u00edticas sobre la recopilaci\u00f3n, el uso y la divulgaci\u00f3n de datos personales cuando utiliza nuestro Servicio, as\u00ed como las opciones disponibles para usted con respecto a dichos datos. Utilizamos sus datos para [&hellip;]","og_url":"https:\/\/voyagedelabaleine.fr\/es\/politica-de-privacidad\/","og_site_name":"Voyage de la Baleine","article_publisher":"https:\/\/www.facebook.com\/voyagedelabaleine\/","article_modified_time":"2026-01-22T09:21:52+00:00","twitter_card":"summary_large_image","twitter_misc":{"Tiempo de lectura":"12 minuto"},"schema":{"@context":"https:\/\/schema.org","@graph":[{"@type":"WebPage","@id":"https:\/\/voyagedelabaleine.fr\/es\/politica-de-privacidad\/","url":"https:\/\/voyagedelabaleine.fr\/es\/politica-de-privacidad\/","name":"Pol\u00edtica de privacidad - Voyage de la Baleine","isPartOf":{"@id":"https:\/\/voyagedelabaleine.fr\/es\/#website"},"datePublished":"2023-11-28T12:33:29+00:00","dateModified":"2026-01-22T09:21:52+00:00","breadcrumb":{"@id":"https:\/\/voyagedelabaleine.fr\/es\/politica-de-privacidad\/#breadcrumb"},"inLanguage":"es","potentialAction":[{"@type":"ReadAction","target":["https:\/\/voyagedelabaleine.fr\/es\/politica-de-privacidad\/"]}]},{"@type":"BreadcrumbList","@id":"https:\/\/voyagedelabaleine.fr\/es\/politica-de-privacidad\/#breadcrumb","itemListElement":[{"@type":"ListItem","position":1,"name":"Accueil","item":"https:\/\/voyagedelabaleine.fr\/es\/inicio\/"},{"@type":"ListItem","position":2,"name":"Pol\u00edtica de privacidad"}]},{"@type":"WebSite","@id":"https:\/\/voyagedelabaleine.fr\/es\/#website","url":"https:\/\/voyagedelabaleine.fr\/es\/","name":"Voyage de la Baleine","description":"V\u00eatements intemporels et raffin\u00e9s pour b\u00e9b\u00e9s et enfants","publisher":{"@id":"https:\/\/voyagedelabaleine.fr\/es\/#organization"},"potentialAction":[{"@type":"SearchAction","target":{"@type":"EntryPoint","urlTemplate":"https:\/\/voyagedelabaleine.fr\/es\/?s={search_term_string}"},"query-input":{"@type":"PropertyValueSpecification","valueRequired":true,"valueName":"search_term_string"}}],"inLanguage":"es"},{"@type":"Organization","@id":"https:\/\/voyagedelabaleine.fr\/es\/#organization","name":"Voyage de la Baleine","url":"https:\/\/voyagedelabaleine.fr\/es\/","logo":{"@type":"ImageObject","inLanguage":"es","@id":"https:\/\/voyagedelabaleine.fr\/es\/#\/schema\/logo\/image\/","url":"https:\/\/voyagedelabaleine.fr\/wp-content\/uploads\/2025\/06\/logo.webp","contentUrl":"https:\/\/voyagedelabaleine.fr\/wp-content\/uploads\/2025\/06\/logo.webp","width":153,"height":64,"caption":"Voyage de la Baleine"},"image":{"@id":"https:\/\/voyagedelabaleine.fr\/es\/#\/schema\/logo\/image\/"},"sameAs":["https:\/\/www.facebook.com\/voyagedelabaleine\/","https:\/\/www.instagram.com\/voyagedelabaleine\/","https:\/\/www.pinterest.fr\/Voyagedelabaleine\/"]}]}},"_links":{"self":[{"href":"https:\/\/voyagedelabaleine.fr\/es\/wp-json\/wp\/v2\/pages\/28198","targetHints":{"allow":["GET"]}}],"collection":[{"href":"https:\/\/voyagedelabaleine.fr\/es\/wp-json\/wp\/v2\/pages"}],"about":[{"href":"https:\/\/voyagedelabaleine.fr\/es\/wp-json\/wp\/v2\/types\/page"}],"author":[{"embeddable":true,"href":"https:\/\/voyagedelabaleine.fr\/es\/wp-json\/wp\/v2\/users\/222595022"}],"replies":[{"embeddable":true,"href":"https:\/\/voyagedelabaleine.fr\/es\/wp-json\/wp\/v2\/comments?post=28198"}],"version-history":[{"count":1,"href":"https:\/\/voyagedelabaleine.fr\/es\/wp-json\/wp\/v2\/pages\/28198\/revisions"}],"predecessor-version":[{"id":28200,"href":"https:\/\/voyagedelabaleine.fr\/es\/wp-json\/wp\/v2\/pages\/28198\/revisions\/28200"}],"wp:attachment":[{"href":"https:\/\/voyagedelabaleine.fr\/es\/wp-json\/wp\/v2\/media?parent=28198"}],"curies":[{"name":"wp","href":"https:\/\/api.w.org\/{rel}","templated":true}]}}