{"id":29558,"date":"2024-10-11T11:12:48","date_gmt":"2024-10-11T09:12:48","guid":{"rendered":"https:\/\/voyagedelabaleine.fr\/product\/gorro-de-bebe-con-pompon-beige\/"},"modified":"2026-01-14T22:42:57","modified_gmt":"2026-01-14T21:42:57","slug":"gorro-de-bebe-con-pompon-beige","status":"publish","type":"product","link":"https:\/\/voyagedelabaleine.fr\/es\/producto\/gorro-de-bebe-con-pompon-beige\/","title":{"rendered":"Gorro de beb\u00e9 con pomp\u00f3n &#8211; Beige"},"content":{"rendered":"<p>A\u00f1ada un toque de suavidad y calidez al guardarropa de su beb\u00e9 con nuestro <strong>gorro de beb\u00e9 beige con pomp\u00f3n<\/strong>. Este adorable gorro, dise\u00f1ado para beb\u00e9s, a\u00fana practicidad y encanto. Fabricado con esmero, mantiene la cabeza de su <strong>beb\u00e9 bien abrigada<\/strong>, a la vez que le da un aspecto irresistible gracias a su tierno dise\u00f1o.  <\/p>\n<p>El gorro beige est\u00e1 adornado con un <strong>pomp\u00f3n<\/strong> alegre en la parte superior, que aporta un toque divertido al conjunto. El <strong>lazo bajo el cuello<\/strong> garantiza que el gorro permanezca en su sitio, incluso cuando su beb\u00e9 se mueve mucho. \u00a1Se acabaron los gorros que se caen o se deslizan! Este gorro permanece en su posici\u00f3n para ofrecer una <strong>protecci\u00f3n \u00f3ptima contra el fr\u00edo<\/strong>.   <\/p>\n<p>El <strong>tono beige<\/strong> neutro y cl\u00e1sico combina f\u00e1cilmente con diversos conjuntos. Este gorro es perfecto para los paseos al aire libre y las salidas en familia. <\/p>\n<p>Fabricado con <strong>materiales suaves<\/strong> y c\u00f3modos, este gorro garantiza que la delicada piel de su beb\u00e9 permanezca protegida y abrigada. Su esmerado acabado y su dise\u00f1o atemporal lo convierten en un imprescindible de la temporada oto\u00f1o-invierno. <\/p>\n<p>Para completar el look de su beb\u00e9, combine este gorro con las <a href=\"https:\/\/voyagedelabaleine.fr\/product\/moufles-beiges-pompons\/\">manoplas a juego con pompones<\/a>. Las manoplas beige, con sus peque\u00f1os pompones, a\u00f1aden un toque de fantas\u00eda y calidez adicional. Este <strong>conjunto de gorro y manoplas<\/strong> es ideal para mantener a su beb\u00e9 bien abrigado, a la vez que le ofrece un estilo adorable.  <\/p>\n<p>Este gorro de beb\u00e9 beige con pomp\u00f3n con lazo bajo el cuello y las manoplas a juego son perfectos para los padres que buscan estilo y comodidad para su hijo.<\/p>\n<p><em>A\u00f1ada este conjunto divertido y c\u00e1lido al guardarropa de su beb\u00e9 para disfrutar de momentos de ternura y sonrisas garantizadas.<\/em><\/p>\n<p>Fabricado en Espa\u00f1a.<\/p>\n","protected":false},"excerpt":{"rendered":"<ul>\n<li>Gorro con pomp\u00f3n<\/li>\n<li>Lazo bajo el cuello<\/li>\n<li>Para combinar con las <a href=\"https:\/\/voyagedelabaleine.fr\/product\/moufles-beiges-pompons\/\">manoplas a juego con pompones<\/a><\/li>\n<li>Fabricado en Espa\u00f1a<\/li>\n<\/ul>\n","protected":false},"featured_media":12871,"comment_status":"open","ping_status":"closed","template":"","meta":{"ocean_post_layout":"","ocean_both_sidebars_style":"","ocean_both_sidebars_content_width":0,"ocean_both_sidebars_sidebars_width":0,"ocean_sidebar":"0","ocean_second_sidebar":"0","ocean_disable_margins":"enable","ocean_add_body_class":"","ocean_shortcode_before_top_bar":"","ocean_shortcode_after_top_bar":"","ocean_shortcode_before_header":"","ocean_shortcode_after_header":"","ocean_has_shortcode":"","ocean_shortcode_after_title":"","ocean_shortcode_before_footer_widgets":"","ocean_shortcode_after_footer_widgets":"","ocean_shortcode_before_footer_bottom":"","ocean_shortcode_after_footer_bottom":"","ocean_display_top_bar":"default","ocean_display_header":"default","ocean_header_style":"","ocean_center_header_left_menu":"0","ocean_custom_header_template":"0","ocean_custom_logo":0,"ocean_custom_retina_logo":0,"ocean_custom_logo_max_width":0,"ocean_custom_logo_tablet_max_width":0,"ocean_custom_logo_mobile_max_width":0,"ocean_custom_logo_max_height":0,"ocean_custom_logo_tablet_max_height":0,"ocean_custom_logo_mobile_max_height":0,"ocean_header_custom_menu":"0","ocean_menu_typo_font_family":"0","ocean_menu_typo_font_subset":"","ocean_menu_typo_font_size":0,"ocean_menu_typo_font_size_tablet":0,"ocean_menu_typo_font_size_mobile":0,"ocean_menu_typo_font_size_unit":"px","ocean_menu_typo_font_weight":"","ocean_menu_typo_font_weight_tablet":"","ocean_menu_typo_font_weight_mobile":"","ocean_menu_typo_transform":"","ocean_menu_typo_transform_tablet":"","ocean_menu_typo_transform_mobile":"","ocean_menu_typo_line_height":0,"ocean_menu_typo_line_height_tablet":0,"ocean_menu_typo_line_height_mobile":0,"ocean_menu_typo_line_height_unit":"","ocean_menu_typo_spacing":0,"ocean_menu_typo_spacing_tablet":0,"ocean_menu_typo_spacing_mobile":0,"ocean_menu_typo_spacing_unit":"","ocean_menu_link_color":"","ocean_menu_link_color_hover":"","ocean_menu_link_color_active":"","ocean_menu_link_background":"","ocean_menu_link_hover_background":"","ocean_menu_link_active_background":"","ocean_menu_social_links_bg":"","ocean_menu_social_hover_links_bg":"","ocean_menu_social_links_color":"","ocean_menu_social_hover_links_color":"","ocean_disable_title":"default","ocean_disable_heading":"default","ocean_post_title":"","ocean_post_subheading":"","ocean_post_title_style":"","ocean_post_title_background_color":"","ocean_post_title_background":0,"ocean_post_title_bg_image_position":"","ocean_post_title_bg_image_attachment":"","ocean_post_title_bg_image_repeat":"","ocean_post_title_bg_image_size":"","ocean_post_title_height":0,"ocean_post_title_bg_overlay":0.5,"ocean_post_title_bg_overlay_color":"","ocean_disable_breadcrumbs":"default","ocean_breadcrumbs_color":"","ocean_breadcrumbs_separator_color":"","ocean_breadcrumbs_links_color":"","ocean_breadcrumbs_links_hover_color":"","ocean_display_footer_widgets":"default","ocean_display_footer_bottom":"default","ocean_custom_footer_template":"0","osh_disable_topbar_sticky":"default","osh_disable_header_sticky":"default","osh_sticky_header_style":"default","osh_sticky_header_effect":"","osh_custom_sticky_logo":0,"osh_custom_retina_sticky_logo":0,"osh_custom_sticky_logo_height":0,"osh_background_color":"","osh_links_color":"","osh_links_hover_color":"","osh_links_active_color":"","osh_links_bg_color":"","osh_links_hover_bg_color":"","osh_links_active_bg_color":"","osh_menu_social_links_color":"","osh_menu_social_hover_links_color":""},"product_brand":[],"product_cat":[6969,6991,6811,6817,6843,6959],"product_tag":[],"class_list":{"0":"post-29558","1":"product","2":"type-product","3":"status-publish","4":"has-post-thumbnail","6":"product_cat-accesorios-nacimiento-nina","7":"product_cat-accesorios-nacimiento-nino","8":"product_cat-accesorios-bebe","9":"product_cat-accesorios-bebe-nina","10":"product_cat-accesorios-bebe-nino","11":"product_cat-accesorios-nacimiento","13":"entry","14":"has-media","16":"first","17":"instock","18":"taxable","19":"shipping-taxable","20":"purchasable","21":"product-type-variable","22":"has-default-attributes","23":"has-rating","24":"col","25":"span_1_of_3","26":"owp-content-center","27":"owp-thumbs-layout-vertical","28":"owp-btn-big","29":"owp-tabs-layout-vertical","30":"circle-sale"},"yoast_head":"<!-- This site is optimized with the Yoast SEO plugin v27.1.1 - https:\/\/yoast.com\/product\/yoast-seo-wordpress\/ -->\n<title>Gorro de beb\u00e9 beige con pomp\u00f3n<\/title>\n<meta name=\"description\" content=\"A\u00f1ada un toque de suavidad y calidez al guardarropa de su beb\u00e9 con nuestro gorro de beb\u00e9 beige con pomp\u00f3n. Fabricado en Espa\u00f1a.\" \/>\n<meta name=\"robots\" content=\"index, follow, max-snippet:-1, max-image-preview:large, max-video-preview:-1\" \/>\n<link rel=\"canonical\" href=\"https:\/\/voyagedelabaleine.fr\/es\/producto\/gorro-de-bebe-con-pompon-beige\/\" \/>\n<meta property=\"og:locale\" content=\"es_ES\" \/>\n<meta property=\"og:type\" content=\"article\" \/>\n<meta property=\"og:title\" content=\"Gorro de beb\u00e9 beige con pomp\u00f3n\" \/>\n<meta property=\"og:description\" content=\"A\u00f1ada un toque de suavidad y calidez al guardarropa de su beb\u00e9 con nuestro gorro de beb\u00e9 beige con pomp\u00f3n. Fabricado en Espa\u00f1a.\" \/>\n<meta property=\"og:url\" content=\"https:\/\/voyagedelabaleine.fr\/es\/producto\/gorro-de-bebe-con-pompon-beige\/\" \/>\n<meta property=\"og:site_name\" content=\"Voyage de la Baleine\" \/>\n<meta property=\"article:publisher\" content=\"https:\/\/www.facebook.com\/voyagedelabaleine\/\" \/>\n<meta property=\"article:modified_time\" content=\"2026-01-14T21:42:57+00:00\" \/>\n<meta property=\"og:image\" content=\"https:\/\/voyagedelabaleine.fr\/wp-content\/uploads\/2024\/08\/bonnet-bebe-beige-pompon2-fotor-20241010174417.jpg\" \/>\n\t<meta property=\"og:image:width\" content=\"917\" \/>\n\t<meta property=\"og:image:height\" content=\"1222\" \/>\n\t<meta property=\"og:image:type\" content=\"image\/jpeg\" \/>\n<meta name=\"twitter:card\" content=\"summary_large_image\" \/>\n<meta name=\"twitter:label1\" content=\"Tiempo de lectura\" \/>\n\t<meta name=\"twitter:data1\" content=\"2 minuto\" \/>\n<script type=\"application\/ld+json\" class=\"yoast-schema-graph\">{\"@context\":\"https:\/\/schema.org\",\"@graph\":[{\"@type\":\"WebPage\",\"@id\":\"https:\/\/voyagedelabaleine.fr\/es\/producto\/gorro-de-bebe-con-pompon-beige\/\",\"url\":\"https:\/\/voyagedelabaleine.fr\/es\/producto\/gorro-de-bebe-con-pompon-beige\/\",\"name\":\"Gorro de beb\u00e9 beige con pomp\u00f3n\",\"isPartOf\":{\"@id\":\"https:\/\/voyagedelabaleine.fr\/es\/#website\"},\"primaryImageOfPage\":{\"@id\":\"https:\/\/voyagedelabaleine.fr\/es\/producto\/gorro-de-bebe-con-pompon-beige\/#primaryimage\"},\"image\":{\"@id\":\"https:\/\/voyagedelabaleine.fr\/es\/producto\/gorro-de-bebe-con-pompon-beige\/#primaryimage\"},\"thumbnailUrl\":\"https:\/\/voyagedelabaleine.fr\/wp-content\/uploads\/2024\/08\/bonnet-bebe-beige-pompon2-fotor-20241010174417.jpg\",\"datePublished\":\"2024-10-11T09:12:48+00:00\",\"dateModified\":\"2026-01-14T21:42:57+00:00\",\"description\":\"A\u00f1ada un toque de suavidad y calidez al guardarropa de su beb\u00e9 con nuestro gorro de beb\u00e9 beige con pomp\u00f3n. Fabricado en Espa\u00f1a.\",\"breadcrumb\":{\"@id\":\"https:\/\/voyagedelabaleine.fr\/es\/producto\/gorro-de-bebe-con-pompon-beige\/#breadcrumb\"},\"inLanguage\":\"es\",\"potentialAction\":[{\"@type\":\"ReadAction\",\"target\":[\"https:\/\/voyagedelabaleine.fr\/es\/producto\/gorro-de-bebe-con-pompon-beige\/\"]}]},{\"@type\":\"ImageObject\",\"inLanguage\":\"es\",\"@id\":\"https:\/\/voyagedelabaleine.fr\/es\/producto\/gorro-de-bebe-con-pompon-beige\/#primaryimage\",\"url\":\"https:\/\/voyagedelabaleine.fr\/wp-content\/uploads\/2024\/08\/bonnet-bebe-beige-pompon2-fotor-20241010174417.jpg\",\"contentUrl\":\"https:\/\/voyagedelabaleine.fr\/wp-content\/uploads\/2024\/08\/bonnet-bebe-beige-pompon2-fotor-20241010174417.jpg\",\"width\":917,\"height\":1222,\"caption\":\"bonnet bebe beige \u00e0 pompon\"},{\"@type\":\"BreadcrumbList\",\"@id\":\"https:\/\/voyagedelabaleine.fr\/es\/producto\/gorro-de-bebe-con-pompon-beige\/#breadcrumb\",\"itemListElement\":[{\"@type\":\"ListItem\",\"position\":1,\"name\":\"Accueil\",\"item\":\"https:\/\/voyagedelabaleine.fr\/es\/inicio\/\"},{\"@type\":\"ListItem\",\"position\":2,\"name\":\"Tienda\",\"item\":\"https:\/\/voyagedelabaleine.fr\/es\/tienda\/\"},{\"@type\":\"ListItem\",\"position\":3,\"name\":\"Gorro de beb\u00e9 con pomp\u00f3n &#8211; Beige\"}]},{\"@type\":\"WebSite\",\"@id\":\"https:\/\/voyagedelabaleine.fr\/es\/#website\",\"url\":\"https:\/\/voyagedelabaleine.fr\/es\/\",\"name\":\"Voyage de la Baleine\",\"description\":\"V\u00eatements intemporels et raffin\u00e9s pour b\u00e9b\u00e9s et enfants\",\"publisher\":{\"@id\":\"https:\/\/voyagedelabaleine.fr\/es\/#organization\"},\"potentialAction\":[{\"@type\":\"SearchAction\",\"target\":{\"@type\":\"EntryPoint\",\"urlTemplate\":\"https:\/\/voyagedelabaleine.fr\/es\/?s={search_term_string}\"},\"query-input\":{\"@type\":\"PropertyValueSpecification\",\"valueRequired\":true,\"valueName\":\"search_term_string\"}}],\"inLanguage\":\"es\"},{\"@type\":\"Organization\",\"@id\":\"https:\/\/voyagedelabaleine.fr\/es\/#organization\",\"name\":\"Voyage de la Baleine\",\"url\":\"https:\/\/voyagedelabaleine.fr\/es\/\",\"logo\":{\"@type\":\"ImageObject\",\"inLanguage\":\"es\",\"@id\":\"https:\/\/voyagedelabaleine.fr\/es\/#\/schema\/logo\/image\/\",\"url\":\"https:\/\/voyagedelabaleine.fr\/wp-content\/uploads\/2025\/06\/logo.webp\",\"contentUrl\":\"https:\/\/voyagedelabaleine.fr\/wp-content\/uploads\/2025\/06\/logo.webp\",\"width\":153,\"height\":64,\"caption\":\"Voyage de la Baleine\"},\"image\":{\"@id\":\"https:\/\/voyagedelabaleine.fr\/es\/#\/schema\/logo\/image\/\"},\"sameAs\":[\"https:\/\/www.facebook.com\/voyagedelabaleine\/\",\"https:\/\/www.instagram.com\/voyagedelabaleine\/\",\"https:\/\/www.pinterest.fr\/Voyagedelabaleine\/\"]}]}<\/script>\n<!-- \/ Yoast SEO plugin. -->","yoast_head_json":{"title":"Gorro de beb\u00e9 beige con pomp\u00f3n","description":"A\u00f1ada un toque de suavidad y calidez al guardarropa de su beb\u00e9 con nuestro gorro de beb\u00e9 beige con pomp\u00f3n. Fabricado en Espa\u00f1a.","robots":{"index":"index","follow":"follow","max-snippet":"max-snippet:-1","max-image-preview":"max-image-preview:large","max-video-preview":"max-video-preview:-1"},"canonical":"https:\/\/voyagedelabaleine.fr\/es\/producto\/gorro-de-bebe-con-pompon-beige\/","og_locale":"es_ES","og_type":"article","og_title":"Gorro de beb\u00e9 beige con pomp\u00f3n","og_description":"A\u00f1ada un toque de suavidad y calidez al guardarropa de su beb\u00e9 con nuestro gorro de beb\u00e9 beige con pomp\u00f3n. Fabricado en Espa\u00f1a.","og_url":"https:\/\/voyagedelabaleine.fr\/es\/producto\/gorro-de-bebe-con-pompon-beige\/","og_site_name":"Voyage de la Baleine","article_publisher":"https:\/\/www.facebook.com\/voyagedelabaleine\/","article_modified_time":"2026-01-14T21:42:57+00:00","og_image":[{"width":917,"height":1222,"url":"https:\/\/voyagedelabaleine.fr\/wp-content\/uploads\/2024\/08\/bonnet-bebe-beige-pompon2-fotor-20241010174417.jpg","type":"image\/jpeg"}],"twitter_card":"summary_large_image","twitter_misc":{"Tiempo de lectura":"2 minuto"},"schema":{"@context":"https:\/\/schema.org","@graph":[{"@type":"WebPage","@id":"https:\/\/voyagedelabaleine.fr\/es\/producto\/gorro-de-bebe-con-pompon-beige\/","url":"https:\/\/voyagedelabaleine.fr\/es\/producto\/gorro-de-bebe-con-pompon-beige\/","name":"Gorro de beb\u00e9 beige con pomp\u00f3n","isPartOf":{"@id":"https:\/\/voyagedelabaleine.fr\/es\/#website"},"primaryImageOfPage":{"@id":"https:\/\/voyagedelabaleine.fr\/es\/producto\/gorro-de-bebe-con-pompon-beige\/#primaryimage"},"image":{"@id":"https:\/\/voyagedelabaleine.fr\/es\/producto\/gorro-de-bebe-con-pompon-beige\/#primaryimage"},"thumbnailUrl":"https:\/\/voyagedelabaleine.fr\/wp-content\/uploads\/2024\/08\/bonnet-bebe-beige-pompon2-fotor-20241010174417.jpg","datePublished":"2024-10-11T09:12:48+00:00","dateModified":"2026-01-14T21:42:57+00:00","description":"A\u00f1ada un toque de suavidad y calidez al guardarropa de su beb\u00e9 con nuestro gorro de beb\u00e9 beige con pomp\u00f3n. Fabricado en Espa\u00f1a.","breadcrumb":{"@id":"https:\/\/voyagedelabaleine.fr\/es\/producto\/gorro-de-bebe-con-pompon-beige\/#breadcrumb"},"inLanguage":"es","potentialAction":[{"@type":"ReadAction","target":["https:\/\/voyagedelabaleine.fr\/es\/producto\/gorro-de-bebe-con-pompon-beige\/"]}]},{"@type":"ImageObject","inLanguage":"es","@id":"https:\/\/voyagedelabaleine.fr\/es\/producto\/gorro-de-bebe-con-pompon-beige\/#primaryimage","url":"https:\/\/voyagedelabaleine.fr\/wp-content\/uploads\/2024\/08\/bonnet-bebe-beige-pompon2-fotor-20241010174417.jpg","contentUrl":"https:\/\/voyagedelabaleine.fr\/wp-content\/uploads\/2024\/08\/bonnet-bebe-beige-pompon2-fotor-20241010174417.jpg","width":917,"height":1222,"caption":"bonnet bebe beige \u00e0 pompon"},{"@type":"BreadcrumbList","@id":"https:\/\/voyagedelabaleine.fr\/es\/producto\/gorro-de-bebe-con-pompon-beige\/#breadcrumb","itemListElement":[{"@type":"ListItem","position":1,"name":"Accueil","item":"https:\/\/voyagedelabaleine.fr\/es\/inicio\/"},{"@type":"ListItem","position":2,"name":"Tienda","item":"https:\/\/voyagedelabaleine.fr\/es\/tienda\/"},{"@type":"ListItem","position":3,"name":"Gorro de beb\u00e9 con pomp\u00f3n &#8211; Beige"}]},{"@type":"WebSite","@id":"https:\/\/voyagedelabaleine.fr\/es\/#website","url":"https:\/\/voyagedelabaleine.fr\/es\/","name":"Voyage de la Baleine","description":"V\u00eatements intemporels et raffin\u00e9s pour b\u00e9b\u00e9s et enfants","publisher":{"@id":"https:\/\/voyagedelabaleine.fr\/es\/#organization"},"potentialAction":[{"@type":"SearchAction","target":{"@type":"EntryPoint","urlTemplate":"https:\/\/voyagedelabaleine.fr\/es\/?s={search_term_string}"},"query-input":{"@type":"PropertyValueSpecification","valueRequired":true,"valueName":"search_term_string"}}],"inLanguage":"es"},{"@type":"Organization","@id":"https:\/\/voyagedelabaleine.fr\/es\/#organization","name":"Voyage de la Baleine","url":"https:\/\/voyagedelabaleine.fr\/es\/","logo":{"@type":"ImageObject","inLanguage":"es","@id":"https:\/\/voyagedelabaleine.fr\/es\/#\/schema\/logo\/image\/","url":"https:\/\/voyagedelabaleine.fr\/wp-content\/uploads\/2025\/06\/logo.webp","contentUrl":"https:\/\/voyagedelabaleine.fr\/wp-content\/uploads\/2025\/06\/logo.webp","width":153,"height":64,"caption":"Voyage de la Baleine"},"image":{"@id":"https:\/\/voyagedelabaleine.fr\/es\/#\/schema\/logo\/image\/"},"sameAs":["https:\/\/www.facebook.com\/voyagedelabaleine\/","https:\/\/www.instagram.com\/voyagedelabaleine\/","https:\/\/www.pinterest.fr\/Voyagedelabaleine\/"]}]}},"_links":{"self":[{"href":"https:\/\/voyagedelabaleine.fr\/es\/wp-json\/wp\/v2\/product\/29558","targetHints":{"allow":["GET"]}}],"collection":[{"href":"https:\/\/voyagedelabaleine.fr\/es\/wp-json\/wp\/v2\/product"}],"about":[{"href":"https:\/\/voyagedelabaleine.fr\/es\/wp-json\/wp\/v2\/types\/product"}],"replies":[{"embeddable":true,"href":"https:\/\/voyagedelabaleine.fr\/es\/wp-json\/wp\/v2\/comments?post=29558"}],"wp:featuredmedia":[{"embeddable":true,"href":"https:\/\/voyagedelabaleine.fr\/es\/wp-json\/wp\/v2\/media\/12871"}],"wp:attachment":[{"href":"https:\/\/voyagedelabaleine.fr\/es\/wp-json\/wp\/v2\/media?parent=29558"}],"wp:term":[{"taxonomy":"product_brand","embeddable":true,"href":"https:\/\/voyagedelabaleine.fr\/es\/wp-json\/wp\/v2\/product_brand?post=29558"},{"taxonomy":"product_cat","embeddable":true,"href":"https:\/\/voyagedelabaleine.fr\/es\/wp-json\/wp\/v2\/product_cat?post=29558"},{"taxonomy":"product_tag","embeddable":true,"href":"https:\/\/voyagedelabaleine.fr\/es\/wp-json\/wp\/v2\/product_tag?post=29558"}],"curies":[{"name":"wp","href":"https:\/\/api.w.org\/{rel}","templated":true}]}}