{"id":30016,"date":"2025-02-12T12:24:53","date_gmt":"2025-02-12T11:24:53","guid":{"rendered":"https:\/\/voyagedelabaleine.fr\/product\/conjunto-de-camisa-y-braga-para-bebe-nino-beige\/"},"modified":"2026-01-14T23:06:59","modified_gmt":"2026-01-14T22:06:59","slug":"conjunto-de-camisa-y-braga-para-bebe-nino-beige","status":"publish","type":"product","link":"https:\/\/voyagedelabaleine.fr\/es\/producto\/conjunto-de-camisa-y-braga-para-bebe-nino-beige\/","title":{"rendered":"Conjunto de camisa y braga para beb\u00e9 ni\u00f1o &#8211; Beige"},"content":{"rendered":"<p>Descubra nuestro adorable <strong>conjunto de camisa y braga para beb\u00e9 ni\u00f1o<\/strong>, pr\u00e1ctico para vestir a los m\u00e1s peque\u00f1os con estilo. Confeccionada en 100 % algod\u00f3n, la camisa seduce por su sencillez refinada. Se distingue por dos botones decorativos en la parte delantera que a\u00f1aden un toque de elegancia sutil, mientras que la tapeta de botones en la parte posterior facilita la colocaci\u00f3n. Su tejido ligero y suave garantiza la comodidad del beb\u00e9 durante todo el d\u00eda, ideal para los d\u00edas c\u00e1lidos o los eventos especiales.   <\/p>\n<p>La <strong>braga beige<\/strong>, fabricada a partir de una mezcla de algod\u00f3n y lino de calidad, ofrece una textura delicada y transpirable perfecta para la piel sensible de los beb\u00e9s. Su <strong>cintura el\u00e1stica<\/strong> asegura un ajuste \u00f3ptimo y permite una gran libertad de movimiento, lo que hace que este conjunto sea tan pr\u00e1ctico como est\u00e9tico. Con su color beige neutro, combina f\u00e1cilmente con otras prendas del vestuario del beb\u00e9, a la vez que realza la camisa blanca.  <\/p>\n<p>Este conjunto es una idea de <strong>regalo de nacimiento<\/strong> perfecta. Elegante y atemporal, es adecuado tanto para salidas como para momentos especiales en familia, a la vez que garantiza la comodidad necesaria para el beb\u00e9. Ofrecer este conjunto es elegir un <strong>conjunto completo<\/strong> que combina estilo, practicidad y calidad, dise\u00f1ado para acompa\u00f1ar al beb\u00e9 en sus primeros meses de vida con suavidad.  <\/p>\n<p>A\u00f1ada este <strong>conjunto de camisa y braga para beb\u00e9 ni\u00f1o<\/strong> a su cesta para un regalo inolvidable y lleno de encanto que har\u00e1 las delicias de los j\u00f3venes padres y de su peque\u00f1o.<\/p>\n<p><em>\u00a1\u00bfUna elecci\u00f3n ineludible para los primeros recuerdos de vestuario?!<\/em><\/p>\n<p>Fabricado en Espa\u00f1a.<\/p>\n","protected":false},"excerpt":{"rendered":"<ul>\n<li>Conjunto de camisa y braga elegante<\/li>\n<li>Ideal para un regalo de nacimiento<\/li>\n<li>Camisa: 100 % algod\u00f3n<\/li>\n<li>Braga: 52 % lino, 48 % algod\u00f3n<\/li>\n<li>Fabricado en Espa\u00f1a<br \/>\n<em>Este conjunto talla un poco peque\u00f1o. Si duda entre dos tallas, elija la talla superior.<\/em><\/li>\n<\/ul>\n","protected":false},"featured_media":16391,"comment_status":"open","ping_status":"closed","template":"","meta":{"ocean_post_layout":"","ocean_both_sidebars_style":"","ocean_both_sidebars_content_width":0,"ocean_both_sidebars_sidebars_width":0,"ocean_sidebar":"0","ocean_second_sidebar":"0","ocean_disable_margins":"enable","ocean_add_body_class":"","ocean_shortcode_before_top_bar":"","ocean_shortcode_after_top_bar":"","ocean_shortcode_before_header":"","ocean_shortcode_after_header":"","ocean_has_shortcode":"","ocean_shortcode_after_title":"","ocean_shortcode_before_footer_widgets":"","ocean_shortcode_after_footer_widgets":"","ocean_shortcode_before_footer_bottom":"","ocean_shortcode_after_footer_bottom":"","ocean_display_top_bar":"default","ocean_display_header":"default","ocean_header_style":"","ocean_center_header_left_menu":"0","ocean_custom_header_template":"0","ocean_custom_logo":0,"ocean_custom_retina_logo":0,"ocean_custom_logo_max_width":0,"ocean_custom_logo_tablet_max_width":0,"ocean_custom_logo_mobile_max_width":0,"ocean_custom_logo_max_height":0,"ocean_custom_logo_tablet_max_height":0,"ocean_custom_logo_mobile_max_height":0,"ocean_header_custom_menu":"0","ocean_menu_typo_font_family":"0","ocean_menu_typo_font_subset":"","ocean_menu_typo_font_size":0,"ocean_menu_typo_font_size_tablet":0,"ocean_menu_typo_font_size_mobile":0,"ocean_menu_typo_font_size_unit":"px","ocean_menu_typo_font_weight":"","ocean_menu_typo_font_weight_tablet":"","ocean_menu_typo_font_weight_mobile":"","ocean_menu_typo_transform":"","ocean_menu_typo_transform_tablet":"","ocean_menu_typo_transform_mobile":"","ocean_menu_typo_line_height":0,"ocean_menu_typo_line_height_tablet":0,"ocean_menu_typo_line_height_mobile":0,"ocean_menu_typo_line_height_unit":"","ocean_menu_typo_spacing":0,"ocean_menu_typo_spacing_tablet":0,"ocean_menu_typo_spacing_mobile":0,"ocean_menu_typo_spacing_unit":"","ocean_menu_link_color":"","ocean_menu_link_color_hover":"","ocean_menu_link_color_active":"","ocean_menu_link_background":"","ocean_menu_link_hover_background":"","ocean_menu_link_active_background":"","ocean_menu_social_links_bg":"","ocean_menu_social_hover_links_bg":"","ocean_menu_social_links_color":"","ocean_menu_social_hover_links_color":"","ocean_disable_title":"default","ocean_disable_heading":"default","ocean_post_title":"","ocean_post_subheading":"","ocean_post_title_style":"","ocean_post_title_background_color":"","ocean_post_title_background":0,"ocean_post_title_bg_image_position":"","ocean_post_title_bg_image_attachment":"","ocean_post_title_bg_image_repeat":"","ocean_post_title_bg_image_size":"","ocean_post_title_height":0,"ocean_post_title_bg_overlay":0.5,"ocean_post_title_bg_overlay_color":"","ocean_disable_breadcrumbs":"default","ocean_breadcrumbs_color":"","ocean_breadcrumbs_separator_color":"","ocean_breadcrumbs_links_color":"","ocean_breadcrumbs_links_hover_color":"","ocean_display_footer_widgets":"default","ocean_display_footer_bottom":"default","ocean_custom_footer_template":"0","osh_disable_topbar_sticky":"default","osh_disable_header_sticky":"default","osh_sticky_header_style":"default","osh_sticky_header_effect":"","osh_custom_sticky_logo":0,"osh_custom_retina_sticky_logo":0,"osh_custom_sticky_logo_height":0,"osh_background_color":"","osh_links_color":"","osh_links_hover_color":"","osh_links_active_color":"","osh_links_bg_color":"","osh_links_hover_bg_color":"","osh_links_active_bg_color":"","osh_menu_social_links_color":"","osh_menu_social_hover_links_color":""},"product_brand":[],"product_cat":[7017,6997,6877,6849,6925,6941,6923,6943,7019,7005,6879,6857,6929,6947,7015,6995,6875,6847,7031,6955],"product_tag":[],"class_list":{"0":"post-30016","1":"product","2":"type-product","3":"status-publish","4":"has-post-thumbnail","6":"product_cat-blusa-camiseta-nacimiento","7":"product_cat-blusa-camiseta-nacimiento-nino","8":"product_cat-blusa-camiseta-bebe","9":"product_cat-blusa-camiseta-bebe-nino","10":"product_cat-blusa-camiseta-nino","11":"product_cat-blusa-camiseta-ninos","12":"product_cat-conjunto-peto-nino","13":"product_cat-conjunto-peto-ninos","14":"product_cat-conjuntos-nacimiento","15":"product_cat-conjuntos-nacimiento-nino","16":"product_cat-conjuntos-bebe","17":"product_cat-conjuntos-bebe-nino","18":"product_cat-pantalon-short-nino","19":"product_cat-pantalon-short-ninos","20":"product_cat-pololo-short-pantalon-nacimiento","21":"product_cat-pololo-short-pantalon-nacimiento-nino","22":"product_cat-pololo-short-y-pantalon-bebe","23":"product_cat-pololo-short-pantalon-bebe-nino","24":"product_cat-ropa","25":"product_cat-ultima-oportunidad","27":"entry","28":"has-media","30":"first","31":"instock","32":"taxable","33":"shipping-taxable","34":"purchasable","35":"product-type-variable","36":"has-default-attributes","37":"has-rating","38":"col","39":"span_1_of_3","40":"owp-content-center","41":"owp-thumbs-layout-vertical","42":"owp-btn-big","43":"owp-tabs-layout-vertical","44":"circle-sale"},"yoast_head":"<!-- This site is optimized with the Yoast SEO plugin v27.1.1 - https:\/\/yoast.com\/product\/yoast-seo-wordpress\/ -->\n<title>Conjunto de camisa y braga para beb\u00e9 ni\u00f1o - Beige - Voyage de la Baleine<\/title>\n<meta name=\"description\" content=\"Descubra nuestro adorable conjunto de camisa y braga para beb\u00e9 ni\u00f1o, pr\u00e1ctico para vestir a los m\u00e1s peque\u00f1os con estilo. Fabricado en Espa\u00f1a.\" \/>\n<meta name=\"robots\" content=\"index, follow, max-snippet:-1, max-image-preview:large, max-video-preview:-1\" \/>\n<link rel=\"canonical\" href=\"https:\/\/voyagedelabaleine.fr\/es\/producto\/conjunto-de-camisa-y-braga-para-bebe-nino-beige\/\" \/>\n<meta property=\"og:locale\" content=\"es_ES\" \/>\n<meta property=\"og:type\" content=\"article\" \/>\n<meta property=\"og:title\" content=\"Conjunto de camisa y braga para beb\u00e9 ni\u00f1o - Beige - Voyage de la Baleine\" \/>\n<meta property=\"og:description\" content=\"Descubra nuestro adorable conjunto de camisa y braga para beb\u00e9 ni\u00f1o, pr\u00e1ctico para vestir a los m\u00e1s peque\u00f1os con estilo. Fabricado en Espa\u00f1a.\" \/>\n<meta property=\"og:url\" content=\"https:\/\/voyagedelabaleine.fr\/es\/producto\/conjunto-de-camisa-y-braga-para-bebe-nino-beige\/\" \/>\n<meta property=\"og:site_name\" content=\"Voyage de la Baleine\" \/>\n<meta property=\"article:publisher\" content=\"https:\/\/www.facebook.com\/voyagedelabaleine\/\" \/>\n<meta property=\"article:modified_time\" content=\"2026-01-14T22:06:59+00:00\" \/>\n<meta property=\"og:image\" content=\"https:\/\/voyagedelabaleine.fr\/wp-content\/uploads\/2025\/01\/ensemble-bebe-blouse-bloomer-lin.jpg\" \/>\n\t<meta property=\"og:image:width\" content=\"1105\" \/>\n\t<meta property=\"og:image:height\" content=\"1472\" \/>\n\t<meta property=\"og:image:type\" content=\"image\/jpeg\" \/>\n<meta name=\"twitter:card\" content=\"summary_large_image\" \/>\n<meta name=\"twitter:label1\" content=\"Tiempo de lectura\" \/>\n\t<meta name=\"twitter:data1\" content=\"1 minuto\" \/>\n<script type=\"application\/ld+json\" class=\"yoast-schema-graph\">{\"@context\":\"https:\/\/schema.org\",\"@graph\":[{\"@type\":\"WebPage\",\"@id\":\"https:\/\/voyagedelabaleine.fr\/es\/producto\/conjunto-de-camisa-y-braga-para-bebe-nino-beige\/\",\"url\":\"https:\/\/voyagedelabaleine.fr\/es\/producto\/conjunto-de-camisa-y-braga-para-bebe-nino-beige\/\",\"name\":\"Conjunto de camisa y braga para beb\u00e9 ni\u00f1o - Beige - Voyage de la Baleine\",\"isPartOf\":{\"@id\":\"https:\/\/voyagedelabaleine.fr\/es\/#website\"},\"primaryImageOfPage\":{\"@id\":\"https:\/\/voyagedelabaleine.fr\/es\/producto\/conjunto-de-camisa-y-braga-para-bebe-nino-beige\/#primaryimage\"},\"image\":{\"@id\":\"https:\/\/voyagedelabaleine.fr\/es\/producto\/conjunto-de-camisa-y-braga-para-bebe-nino-beige\/#primaryimage\"},\"thumbnailUrl\":\"https:\/\/voyagedelabaleine.fr\/wp-content\/uploads\/2025\/01\/ensemble-bebe-blouse-bloomer-lin.jpg\",\"datePublished\":\"2025-02-12T11:24:53+00:00\",\"dateModified\":\"2026-01-14T22:06:59+00:00\",\"description\":\"Descubra nuestro adorable conjunto de camisa y braga para beb\u00e9 ni\u00f1o, pr\u00e1ctico para vestir a los m\u00e1s peque\u00f1os con estilo. Fabricado en Espa\u00f1a.\",\"breadcrumb\":{\"@id\":\"https:\/\/voyagedelabaleine.fr\/es\/producto\/conjunto-de-camisa-y-braga-para-bebe-nino-beige\/#breadcrumb\"},\"inLanguage\":\"es\",\"potentialAction\":[{\"@type\":\"ReadAction\",\"target\":[\"https:\/\/voyagedelabaleine.fr\/es\/producto\/conjunto-de-camisa-y-braga-para-bebe-nino-beige\/\"]}]},{\"@type\":\"ImageObject\",\"inLanguage\":\"es\",\"@id\":\"https:\/\/voyagedelabaleine.fr\/es\/producto\/conjunto-de-camisa-y-braga-para-bebe-nino-beige\/#primaryimage\",\"url\":\"https:\/\/voyagedelabaleine.fr\/wp-content\/uploads\/2025\/01\/ensemble-bebe-blouse-bloomer-lin.jpg\",\"contentUrl\":\"https:\/\/voyagedelabaleine.fr\/wp-content\/uploads\/2025\/01\/ensemble-bebe-blouse-bloomer-lin.jpg\",\"width\":1105,\"height\":1472,\"caption\":\"Ensemble b\u00e9b\u00e9 gar\u00e7on chemise et bloomer beige coton et lin\"},{\"@type\":\"BreadcrumbList\",\"@id\":\"https:\/\/voyagedelabaleine.fr\/es\/producto\/conjunto-de-camisa-y-braga-para-bebe-nino-beige\/#breadcrumb\",\"itemListElement\":[{\"@type\":\"ListItem\",\"position\":1,\"name\":\"Accueil\",\"item\":\"https:\/\/voyagedelabaleine.fr\/es\/inicio\/\"},{\"@type\":\"ListItem\",\"position\":2,\"name\":\"Tienda\",\"item\":\"https:\/\/voyagedelabaleine.fr\/es\/tienda\/\"},{\"@type\":\"ListItem\",\"position\":3,\"name\":\"Conjunto de camisa y braga para beb\u00e9 ni\u00f1o &#8211; Beige\"}]},{\"@type\":\"WebSite\",\"@id\":\"https:\/\/voyagedelabaleine.fr\/es\/#website\",\"url\":\"https:\/\/voyagedelabaleine.fr\/es\/\",\"name\":\"Voyage de la Baleine\",\"description\":\"V\u00eatements intemporels et raffin\u00e9s pour b\u00e9b\u00e9s et enfants\",\"publisher\":{\"@id\":\"https:\/\/voyagedelabaleine.fr\/es\/#organization\"},\"potentialAction\":[{\"@type\":\"SearchAction\",\"target\":{\"@type\":\"EntryPoint\",\"urlTemplate\":\"https:\/\/voyagedelabaleine.fr\/es\/?s={search_term_string}\"},\"query-input\":{\"@type\":\"PropertyValueSpecification\",\"valueRequired\":true,\"valueName\":\"search_term_string\"}}],\"inLanguage\":\"es\"},{\"@type\":\"Organization\",\"@id\":\"https:\/\/voyagedelabaleine.fr\/es\/#organization\",\"name\":\"Voyage de la Baleine\",\"url\":\"https:\/\/voyagedelabaleine.fr\/es\/\",\"logo\":{\"@type\":\"ImageObject\",\"inLanguage\":\"es\",\"@id\":\"https:\/\/voyagedelabaleine.fr\/es\/#\/schema\/logo\/image\/\",\"url\":\"https:\/\/voyagedelabaleine.fr\/wp-content\/uploads\/2025\/06\/logo.webp\",\"contentUrl\":\"https:\/\/voyagedelabaleine.fr\/wp-content\/uploads\/2025\/06\/logo.webp\",\"width\":153,\"height\":64,\"caption\":\"Voyage de la Baleine\"},\"image\":{\"@id\":\"https:\/\/voyagedelabaleine.fr\/es\/#\/schema\/logo\/image\/\"},\"sameAs\":[\"https:\/\/www.facebook.com\/voyagedelabaleine\/\",\"https:\/\/www.instagram.com\/voyagedelabaleine\/\",\"https:\/\/www.pinterest.fr\/Voyagedelabaleine\/\"]}]}<\/script>\n<!-- \/ Yoast SEO plugin. -->","yoast_head_json":{"title":"Conjunto de camisa y braga para beb\u00e9 ni\u00f1o - Beige - Voyage de la Baleine","description":"Descubra nuestro adorable conjunto de camisa y braga para beb\u00e9 ni\u00f1o, pr\u00e1ctico para vestir a los m\u00e1s peque\u00f1os con estilo. Fabricado en Espa\u00f1a.","robots":{"index":"index","follow":"follow","max-snippet":"max-snippet:-1","max-image-preview":"max-image-preview:large","max-video-preview":"max-video-preview:-1"},"canonical":"https:\/\/voyagedelabaleine.fr\/es\/producto\/conjunto-de-camisa-y-braga-para-bebe-nino-beige\/","og_locale":"es_ES","og_type":"article","og_title":"Conjunto de camisa y braga para beb\u00e9 ni\u00f1o - Beige - Voyage de la Baleine","og_description":"Descubra nuestro adorable conjunto de camisa y braga para beb\u00e9 ni\u00f1o, pr\u00e1ctico para vestir a los m\u00e1s peque\u00f1os con estilo. Fabricado en Espa\u00f1a.","og_url":"https:\/\/voyagedelabaleine.fr\/es\/producto\/conjunto-de-camisa-y-braga-para-bebe-nino-beige\/","og_site_name":"Voyage de la Baleine","article_publisher":"https:\/\/www.facebook.com\/voyagedelabaleine\/","article_modified_time":"2026-01-14T22:06:59+00:00","og_image":[{"width":1105,"height":1472,"url":"https:\/\/voyagedelabaleine.fr\/wp-content\/uploads\/2025\/01\/ensemble-bebe-blouse-bloomer-lin.jpg","type":"image\/jpeg"}],"twitter_card":"summary_large_image","twitter_misc":{"Tiempo de lectura":"1 minuto"},"schema":{"@context":"https:\/\/schema.org","@graph":[{"@type":"WebPage","@id":"https:\/\/voyagedelabaleine.fr\/es\/producto\/conjunto-de-camisa-y-braga-para-bebe-nino-beige\/","url":"https:\/\/voyagedelabaleine.fr\/es\/producto\/conjunto-de-camisa-y-braga-para-bebe-nino-beige\/","name":"Conjunto de camisa y braga para beb\u00e9 ni\u00f1o - Beige - Voyage de la Baleine","isPartOf":{"@id":"https:\/\/voyagedelabaleine.fr\/es\/#website"},"primaryImageOfPage":{"@id":"https:\/\/voyagedelabaleine.fr\/es\/producto\/conjunto-de-camisa-y-braga-para-bebe-nino-beige\/#primaryimage"},"image":{"@id":"https:\/\/voyagedelabaleine.fr\/es\/producto\/conjunto-de-camisa-y-braga-para-bebe-nino-beige\/#primaryimage"},"thumbnailUrl":"https:\/\/voyagedelabaleine.fr\/wp-content\/uploads\/2025\/01\/ensemble-bebe-blouse-bloomer-lin.jpg","datePublished":"2025-02-12T11:24:53+00:00","dateModified":"2026-01-14T22:06:59+00:00","description":"Descubra nuestro adorable conjunto de camisa y braga para beb\u00e9 ni\u00f1o, pr\u00e1ctico para vestir a los m\u00e1s peque\u00f1os con estilo. Fabricado en Espa\u00f1a.","breadcrumb":{"@id":"https:\/\/voyagedelabaleine.fr\/es\/producto\/conjunto-de-camisa-y-braga-para-bebe-nino-beige\/#breadcrumb"},"inLanguage":"es","potentialAction":[{"@type":"ReadAction","target":["https:\/\/voyagedelabaleine.fr\/es\/producto\/conjunto-de-camisa-y-braga-para-bebe-nino-beige\/"]}]},{"@type":"ImageObject","inLanguage":"es","@id":"https:\/\/voyagedelabaleine.fr\/es\/producto\/conjunto-de-camisa-y-braga-para-bebe-nino-beige\/#primaryimage","url":"https:\/\/voyagedelabaleine.fr\/wp-content\/uploads\/2025\/01\/ensemble-bebe-blouse-bloomer-lin.jpg","contentUrl":"https:\/\/voyagedelabaleine.fr\/wp-content\/uploads\/2025\/01\/ensemble-bebe-blouse-bloomer-lin.jpg","width":1105,"height":1472,"caption":"Ensemble b\u00e9b\u00e9 gar\u00e7on chemise et bloomer beige coton et lin"},{"@type":"BreadcrumbList","@id":"https:\/\/voyagedelabaleine.fr\/es\/producto\/conjunto-de-camisa-y-braga-para-bebe-nino-beige\/#breadcrumb","itemListElement":[{"@type":"ListItem","position":1,"name":"Accueil","item":"https:\/\/voyagedelabaleine.fr\/es\/inicio\/"},{"@type":"ListItem","position":2,"name":"Tienda","item":"https:\/\/voyagedelabaleine.fr\/es\/tienda\/"},{"@type":"ListItem","position":3,"name":"Conjunto de camisa y braga para beb\u00e9 ni\u00f1o &#8211; Beige"}]},{"@type":"WebSite","@id":"https:\/\/voyagedelabaleine.fr\/es\/#website","url":"https:\/\/voyagedelabaleine.fr\/es\/","name":"Voyage de la Baleine","description":"V\u00eatements intemporels et raffin\u00e9s pour b\u00e9b\u00e9s et enfants","publisher":{"@id":"https:\/\/voyagedelabaleine.fr\/es\/#organization"},"potentialAction":[{"@type":"SearchAction","target":{"@type":"EntryPoint","urlTemplate":"https:\/\/voyagedelabaleine.fr\/es\/?s={search_term_string}"},"query-input":{"@type":"PropertyValueSpecification","valueRequired":true,"valueName":"search_term_string"}}],"inLanguage":"es"},{"@type":"Organization","@id":"https:\/\/voyagedelabaleine.fr\/es\/#organization","name":"Voyage de la Baleine","url":"https:\/\/voyagedelabaleine.fr\/es\/","logo":{"@type":"ImageObject","inLanguage":"es","@id":"https:\/\/voyagedelabaleine.fr\/es\/#\/schema\/logo\/image\/","url":"https:\/\/voyagedelabaleine.fr\/wp-content\/uploads\/2025\/06\/logo.webp","contentUrl":"https:\/\/voyagedelabaleine.fr\/wp-content\/uploads\/2025\/06\/logo.webp","width":153,"height":64,"caption":"Voyage de la Baleine"},"image":{"@id":"https:\/\/voyagedelabaleine.fr\/es\/#\/schema\/logo\/image\/"},"sameAs":["https:\/\/www.facebook.com\/voyagedelabaleine\/","https:\/\/www.instagram.com\/voyagedelabaleine\/","https:\/\/www.pinterest.fr\/Voyagedelabaleine\/"]}]}},"_links":{"self":[{"href":"https:\/\/voyagedelabaleine.fr\/es\/wp-json\/wp\/v2\/product\/30016","targetHints":{"allow":["GET"]}}],"collection":[{"href":"https:\/\/voyagedelabaleine.fr\/es\/wp-json\/wp\/v2\/product"}],"about":[{"href":"https:\/\/voyagedelabaleine.fr\/es\/wp-json\/wp\/v2\/types\/product"}],"replies":[{"embeddable":true,"href":"https:\/\/voyagedelabaleine.fr\/es\/wp-json\/wp\/v2\/comments?post=30016"}],"wp:featuredmedia":[{"embeddable":true,"href":"https:\/\/voyagedelabaleine.fr\/es\/wp-json\/wp\/v2\/media\/16391"}],"wp:attachment":[{"href":"https:\/\/voyagedelabaleine.fr\/es\/wp-json\/wp\/v2\/media?parent=30016"}],"wp:term":[{"taxonomy":"product_brand","embeddable":true,"href":"https:\/\/voyagedelabaleine.fr\/es\/wp-json\/wp\/v2\/product_brand?post=30016"},{"taxonomy":"product_cat","embeddable":true,"href":"https:\/\/voyagedelabaleine.fr\/es\/wp-json\/wp\/v2\/product_cat?post=30016"},{"taxonomy":"product_tag","embeddable":true,"href":"https:\/\/voyagedelabaleine.fr\/es\/wp-json\/wp\/v2\/product_tag?post=30016"}],"curies":[{"name":"wp","href":"https:\/\/api.w.org\/{rel}","templated":true}]}}