{"id":30225,"date":"2025-08-25T15:49:21","date_gmt":"2025-08-25T13:49:21","guid":{"rendered":"https:\/\/voyagedelabaleine.fr\/product\/pasador-con-lazo-de-otoman-burdeos\/"},"modified":"2026-01-31T07:37:58","modified_gmt":"2026-01-31T06:37:58","slug":"pasador-con-lazo-de-otoman-burdeos","status":"publish","type":"product","link":"https:\/\/voyagedelabaleine.fr\/es\/producto\/pasador-con-lazo-de-otoman-burdeos\/","title":{"rendered":"Pasador con lazo de otom\u00e1n &#8211; Burdeos"},"content":{"rendered":"<article class=\"text-token-text-primary w-full\" dir=\"auto\" data-testid=\"conversation-turn-232\" data-scroll-anchor=\"true\">\n<div class=\"text-base my-auto mx-auto py-5 [--thread-content-margin:--spacing(4)] @[37rem]:[--thread-content-margin:--spacing(6)] @[72rem]:[--thread-content-margin:--spacing(16)] px-(--thread-content-margin)\">\n<div class=\"[--thread-content-max-width:32rem] @[34rem]:[--thread-content-max-width:40rem] @[64rem]:[--thread-content-max-width:48rem] mx-auto flex max-w-(--thread-content-max-width) flex-1 text-base gap-4 md:gap-5 lg:gap-6 group\/turn-messages focus-visible:outline-hidden\" tabindex=\"-1\">\n<div class=\"group\/conversation-turn relative flex w-full min-w-0 flex-col agent-turn\">\n<div class=\"relative flex-col gap-1 md:gap-3\">\n<div class=\"flex max-w-full flex-col grow\">\n<div class=\"min-h-8 text-message relative flex w-full flex-col items-end gap-2 text-start break-words whitespace-normal [.text-message+&amp;]:mt-5\" dir=\"auto\" data-message-author-role=\"assistant\" data-message-id=\"f65c28a4-ee52-4951-810f-7179bdeafabf\" data-message-model-slug=\"gpt-4o\">\n<div class=\"flex w-full flex-col gap-1 empty:hidden first:pt-[3px]\">\n<div class=\"markdown prose dark:prose-invert w-full break-words light\">\n<h3 data-start=\"119\" data-end=\"171\">Un accesorio refinado para realzar cada conjunto<\/h3>\n<p data-start=\"173\" data-end=\"652\">Nuestro <strong data-start=\"179\" data-end=\"221\">pasador con lazo de otom\u00e1n burdeos<\/strong> es el accesorio indispensable para a\u00f1adir un toque elegante al peinado de su hija en un instante. Su tono burdeos profundo y c\u00e1lido combina a la perfecci\u00f3n con los colores de la temporada, sin dejar de ser atemporal y f\u00e1cil de combinar con todos los conjuntos del vestuario. Ya sea con un vestido de cuello festoneado, un bombacho de terciopelo o una blusa de algod\u00f3n, este pasador complementa el conjunto de forma elegante y sin esfuerzo.  <\/p>\n<h3 data-start=\"659\" data-end=\"704\">Un lazo de otom\u00e1n con una ca\u00edda impecable<\/h3>\n<p data-start=\"706\" data-end=\"1129\">El otom\u00e1n, un material noble y ligeramente texturizado, confiere a este pasador una <strong data-start=\"785\" data-end=\"815\">ca\u00edda estructurada y delicada<\/strong> que no se aplasta en el pelo. El lazo est\u00e1 confeccionado con esmero para ofrecer un volumen atractivo sin dejar de ser ligero. La pinza resistente garantiza una sujeci\u00f3n eficaz tanto en el pelo fino de los m\u00e1s peque\u00f1os como en el pelo m\u00e1s grueso, sin resbalar ni tirar, lo que permite mantener el peinado impecable durante todo el d\u00eda.  <\/p>\n<h3 data-start=\"1136\" data-end=\"1168\">F\u00e1cil de llevar a diario<\/h3>\n<p data-start=\"1170\" data-end=\"1637\">Este pasador se puede llevar tanto a diario como en ocasiones festivas: una comida familiar, una ceremonia o un paseo por la ciudad. Se coloca f\u00e1cilmente para sujetar un mech\u00f3n, adornar una coleta o rematar una trenza, a\u00f1adiendo un toque de coqueter\u00eda discreta al peinado de su hija. Su color burdeos aporta un toque suave y elegante, ideal para el oto\u00f1o y el invierno, sin dejar de ser atemporal el resto del a\u00f1o.  <\/p>\n<h3 data-start=\"1644\" data-end=\"1678\">Una elecci\u00f3n duradera y de calidad<\/h3>\n<p data-start=\"1680\" data-end=\"2009\">Fabricado en Espa\u00f1a en talleres especializados, nuestro pasador con lazo de otom\u00e1n est\u00e1 dise\u00f1ado para durar, resistiendo el uso diario sin perder su elegancia. Podr\u00e1 acompa\u00f1ar a su hija a lo largo de las estaciones, convertirse en un peque\u00f1o esencial de su vestuario y transmitirse f\u00e1cilmente entre hermanas o primas. <\/p>\n<p data-start=\"2016\" data-end=\"2142\"><em data-start=\"2016\" data-end=\"2142\">Un accesorio refinado, atemporal y pr\u00e1ctico para realzar cada peinado con un bonito lazo burdeos durante todo el a\u00f1o.<\/em><\/p>\n<p data-start=\"2144\" data-end=\"2168\" data-is-last-node=\"\" data-is-only-node=\"\">Fabricado en Espa\u00f1a.<\/p>\n<\/div>\n<\/div>\n<\/div>\n<\/div>\n<\/div>\n<\/div>\n<\/div>\n<\/div>\n<\/article>\n","protected":false},"excerpt":{"rendered":"<ul>\n<li>Fabricada en Espa\u00f1a<\/li>\n<\/ul>\n","protected":false},"featured_media":19922,"comment_status":"open","ping_status":"closed","template":"","meta":{"ocean_post_layout":"","ocean_both_sidebars_style":"","ocean_both_sidebars_content_width":0,"ocean_both_sidebars_sidebars_width":0,"ocean_sidebar":"0","ocean_second_sidebar":"0","ocean_disable_margins":"enable","ocean_add_body_class":"","ocean_shortcode_before_top_bar":"","ocean_shortcode_after_top_bar":"","ocean_shortcode_before_header":"","ocean_shortcode_after_header":"","ocean_has_shortcode":"","ocean_shortcode_after_title":"","ocean_shortcode_before_footer_widgets":"","ocean_shortcode_after_footer_widgets":"","ocean_shortcode_before_footer_bottom":"","ocean_shortcode_after_footer_bottom":"","ocean_display_top_bar":"default","ocean_display_header":"default","ocean_header_style":"","ocean_center_header_left_menu":"0","ocean_custom_header_template":"0","ocean_custom_logo":0,"ocean_custom_retina_logo":0,"ocean_custom_logo_max_width":0,"ocean_custom_logo_tablet_max_width":0,"ocean_custom_logo_mobile_max_width":0,"ocean_custom_logo_max_height":0,"ocean_custom_logo_tablet_max_height":0,"ocean_custom_logo_mobile_max_height":0,"ocean_header_custom_menu":"0","ocean_menu_typo_font_family":"0","ocean_menu_typo_font_subset":"","ocean_menu_typo_font_size":0,"ocean_menu_typo_font_size_tablet":0,"ocean_menu_typo_font_size_mobile":0,"ocean_menu_typo_font_size_unit":"px","ocean_menu_typo_font_weight":"","ocean_menu_typo_font_weight_tablet":"","ocean_menu_typo_font_weight_mobile":"","ocean_menu_typo_transform":"","ocean_menu_typo_transform_tablet":"","ocean_menu_typo_transform_mobile":"","ocean_menu_typo_line_height":0,"ocean_menu_typo_line_height_tablet":0,"ocean_menu_typo_line_height_mobile":0,"ocean_menu_typo_line_height_unit":"","ocean_menu_typo_spacing":0,"ocean_menu_typo_spacing_tablet":0,"ocean_menu_typo_spacing_mobile":0,"ocean_menu_typo_spacing_unit":"","ocean_menu_link_color":"","ocean_menu_link_color_hover":"","ocean_menu_link_color_active":"","ocean_menu_link_background":"","ocean_menu_link_hover_background":"","ocean_menu_link_active_background":"","ocean_menu_social_links_bg":"","ocean_menu_social_hover_links_bg":"","ocean_menu_social_links_color":"","ocean_menu_social_hover_links_color":"","ocean_disable_title":"default","ocean_disable_heading":"default","ocean_post_title":"","ocean_post_subheading":"","ocean_post_title_style":"","ocean_post_title_background_color":"","ocean_post_title_background":0,"ocean_post_title_bg_image_position":"","ocean_post_title_bg_image_attachment":"","ocean_post_title_bg_image_repeat":"","ocean_post_title_bg_image_size":"","ocean_post_title_height":0,"ocean_post_title_bg_overlay":0.5,"ocean_post_title_bg_overlay_color":"","ocean_disable_breadcrumbs":"default","ocean_breadcrumbs_color":"","ocean_breadcrumbs_separator_color":"","ocean_breadcrumbs_links_color":"","ocean_breadcrumbs_links_hover_color":"","ocean_display_footer_widgets":"default","ocean_display_footer_bottom":"default","ocean_custom_footer_template":"0","osh_disable_topbar_sticky":"default","osh_disable_header_sticky":"default","osh_sticky_header_style":"default","osh_sticky_header_effect":"","osh_custom_sticky_logo":0,"osh_custom_retina_sticky_logo":0,"osh_custom_sticky_logo_height":0,"osh_background_color":"","osh_links_color":"","osh_links_hover_color":"","osh_links_active_color":"","osh_links_bg_color":"","osh_links_hover_bg_color":"","osh_links_active_bg_color":"","osh_menu_social_links_color":"","osh_menu_social_hover_links_color":""},"product_brand":[],"product_cat":[6811,6817,6899,6893],"product_tag":[],"class_list":{"0":"post-30225","1":"product","2":"type-product","3":"status-publish","4":"has-post-thumbnail","6":"product_cat-accesorios-bebe","7":"product_cat-accesorios-bebe-nina","8":"product_cat-accesorios-nina","9":"product_cat-accesorios-ninos","11":"entry","12":"has-media","14":"first","15":"outofstock","16":"taxable","17":"shipping-taxable","18":"purchasable","19":"product-type-variable","20":"has-default-attributes","21":"has-rating","22":"col","23":"span_1_of_3","24":"owp-content-center","25":"owp-thumbs-layout-vertical","26":"owp-btn-big","27":"owp-tabs-layout-vertical","28":"circle-sale"},"yoast_head":"<!-- This site is optimized with the Yoast SEO plugin v27.1.1 - https:\/\/yoast.com\/product\/yoast-seo-wordpress\/ -->\n<title>Pasador con lazo de otom\u00e1n - Burdeos - Voyage de la Baleine<\/title>\n<meta name=\"description\" content=\"Nuestro pasador con lazo de otom\u00e1n burdeos es el accesorio indispensable para a\u00f1adir un toque elegante al peinado de su hija en un instante.\" \/>\n<meta name=\"robots\" content=\"index, follow, max-snippet:-1, max-image-preview:large, max-video-preview:-1\" \/>\n<link rel=\"canonical\" href=\"https:\/\/voyagedelabaleine.fr\/es\/producto\/pasador-con-lazo-de-otoman-burdeos\/\" \/>\n<meta property=\"og:locale\" content=\"es_ES\" \/>\n<meta property=\"og:type\" content=\"article\" \/>\n<meta property=\"og:title\" content=\"Pasador con lazo de otom\u00e1n - Burdeos - Voyage de la Baleine\" \/>\n<meta property=\"og:description\" content=\"Nuestro pasador con lazo de otom\u00e1n burdeos es el accesorio indispensable para a\u00f1adir un toque elegante al peinado de su hija en un instante.\" \/>\n<meta property=\"og:url\" content=\"https:\/\/voyagedelabaleine.fr\/es\/producto\/pasador-con-lazo-de-otoman-burdeos\/\" \/>\n<meta property=\"og:site_name\" content=\"Voyage de la Baleine\" \/>\n<meta property=\"article:publisher\" content=\"https:\/\/www.facebook.com\/voyagedelabaleine\/\" \/>\n<meta property=\"article:modified_time\" content=\"2026-01-31T06:37:58+00:00\" \/>\n<meta property=\"og:image\" content=\"https:\/\/voyagedelabaleine.fr\/wp-content\/uploads\/2025\/07\/barrette-fille-gros-grain-bordeaux-1.jpg\" \/>\n\t<meta property=\"og:image:width\" content=\"886\" \/>\n\t<meta property=\"og:image:height\" content=\"1181\" \/>\n\t<meta property=\"og:image:type\" content=\"image\/jpeg\" \/>\n<meta name=\"twitter:card\" content=\"summary_large_image\" \/>\n<meta name=\"twitter:label1\" content=\"Tiempo de lectura\" \/>\n\t<meta name=\"twitter:data1\" content=\"2 minuto\" \/>\n<script type=\"application\/ld+json\" class=\"yoast-schema-graph\">{\"@context\":\"https:\/\/schema.org\",\"@graph\":[{\"@type\":\"WebPage\",\"@id\":\"https:\/\/voyagedelabaleine.fr\/es\/producto\/pasador-con-lazo-de-otoman-burdeos\/\",\"url\":\"https:\/\/voyagedelabaleine.fr\/es\/producto\/pasador-con-lazo-de-otoman-burdeos\/\",\"name\":\"Pasador con lazo de otom\u00e1n - Burdeos - Voyage de la Baleine\",\"isPartOf\":{\"@id\":\"https:\/\/voyagedelabaleine.fr\/es\/#website\"},\"primaryImageOfPage\":{\"@id\":\"https:\/\/voyagedelabaleine.fr\/es\/producto\/pasador-con-lazo-de-otoman-burdeos\/#primaryimage\"},\"image\":{\"@id\":\"https:\/\/voyagedelabaleine.fr\/es\/producto\/pasador-con-lazo-de-otoman-burdeos\/#primaryimage\"},\"thumbnailUrl\":\"https:\/\/voyagedelabaleine.fr\/wp-content\/uploads\/2025\/07\/barrette-fille-gros-grain-bordeaux-1.jpg\",\"datePublished\":\"2025-08-25T13:49:21+00:00\",\"dateModified\":\"2026-01-31T06:37:58+00:00\",\"description\":\"Nuestro pasador con lazo de otom\u00e1n burdeos es el accesorio indispensable para a\u00f1adir un toque elegante al peinado de su hija en un instante.\",\"breadcrumb\":{\"@id\":\"https:\/\/voyagedelabaleine.fr\/es\/producto\/pasador-con-lazo-de-otoman-burdeos\/#breadcrumb\"},\"inLanguage\":\"es\",\"potentialAction\":[{\"@type\":\"ReadAction\",\"target\":[\"https:\/\/voyagedelabaleine.fr\/es\/producto\/pasador-con-lazo-de-otoman-burdeos\/\"]}]},{\"@type\":\"ImageObject\",\"inLanguage\":\"es\",\"@id\":\"https:\/\/voyagedelabaleine.fr\/es\/producto\/pasador-con-lazo-de-otoman-burdeos\/#primaryimage\",\"url\":\"https:\/\/voyagedelabaleine.fr\/wp-content\/uploads\/2025\/07\/barrette-fille-gros-grain-bordeaux-1.jpg\",\"contentUrl\":\"https:\/\/voyagedelabaleine.fr\/wp-content\/uploads\/2025\/07\/barrette-fille-gros-grain-bordeaux-1.jpg\",\"width\":886,\"height\":1181,\"caption\":\"Barrette \u00e0 noeud en gros grain bordeaux\"},{\"@type\":\"BreadcrumbList\",\"@id\":\"https:\/\/voyagedelabaleine.fr\/es\/producto\/pasador-con-lazo-de-otoman-burdeos\/#breadcrumb\",\"itemListElement\":[{\"@type\":\"ListItem\",\"position\":1,\"name\":\"Accueil\",\"item\":\"https:\/\/voyagedelabaleine.fr\/es\/inicio\/\"},{\"@type\":\"ListItem\",\"position\":2,\"name\":\"Tienda\",\"item\":\"https:\/\/voyagedelabaleine.fr\/es\/tienda\/\"},{\"@type\":\"ListItem\",\"position\":3,\"name\":\"Pasador con lazo de otom\u00e1n &#8211; Burdeos\"}]},{\"@type\":\"WebSite\",\"@id\":\"https:\/\/voyagedelabaleine.fr\/es\/#website\",\"url\":\"https:\/\/voyagedelabaleine.fr\/es\/\",\"name\":\"Voyage de la Baleine\",\"description\":\"V\u00eatements intemporels et raffin\u00e9s pour b\u00e9b\u00e9s et enfants\",\"publisher\":{\"@id\":\"https:\/\/voyagedelabaleine.fr\/es\/#organization\"},\"potentialAction\":[{\"@type\":\"SearchAction\",\"target\":{\"@type\":\"EntryPoint\",\"urlTemplate\":\"https:\/\/voyagedelabaleine.fr\/es\/?s={search_term_string}\"},\"query-input\":{\"@type\":\"PropertyValueSpecification\",\"valueRequired\":true,\"valueName\":\"search_term_string\"}}],\"inLanguage\":\"es\"},{\"@type\":\"Organization\",\"@id\":\"https:\/\/voyagedelabaleine.fr\/es\/#organization\",\"name\":\"Voyage de la Baleine\",\"url\":\"https:\/\/voyagedelabaleine.fr\/es\/\",\"logo\":{\"@type\":\"ImageObject\",\"inLanguage\":\"es\",\"@id\":\"https:\/\/voyagedelabaleine.fr\/es\/#\/schema\/logo\/image\/\",\"url\":\"https:\/\/voyagedelabaleine.fr\/wp-content\/uploads\/2025\/06\/logo.webp\",\"contentUrl\":\"https:\/\/voyagedelabaleine.fr\/wp-content\/uploads\/2025\/06\/logo.webp\",\"width\":153,\"height\":64,\"caption\":\"Voyage de la Baleine\"},\"image\":{\"@id\":\"https:\/\/voyagedelabaleine.fr\/es\/#\/schema\/logo\/image\/\"},\"sameAs\":[\"https:\/\/www.facebook.com\/voyagedelabaleine\/\",\"https:\/\/www.instagram.com\/voyagedelabaleine\/\",\"https:\/\/www.pinterest.fr\/Voyagedelabaleine\/\"]}]}<\/script>\n<!-- \/ Yoast SEO plugin. -->","yoast_head_json":{"title":"Pasador con lazo de otom\u00e1n - Burdeos - Voyage de la Baleine","description":"Nuestro pasador con lazo de otom\u00e1n burdeos es el accesorio indispensable para a\u00f1adir un toque elegante al peinado de su hija en un instante.","robots":{"index":"index","follow":"follow","max-snippet":"max-snippet:-1","max-image-preview":"max-image-preview:large","max-video-preview":"max-video-preview:-1"},"canonical":"https:\/\/voyagedelabaleine.fr\/es\/producto\/pasador-con-lazo-de-otoman-burdeos\/","og_locale":"es_ES","og_type":"article","og_title":"Pasador con lazo de otom\u00e1n - Burdeos - Voyage de la Baleine","og_description":"Nuestro pasador con lazo de otom\u00e1n burdeos es el accesorio indispensable para a\u00f1adir un toque elegante al peinado de su hija en un instante.","og_url":"https:\/\/voyagedelabaleine.fr\/es\/producto\/pasador-con-lazo-de-otoman-burdeos\/","og_site_name":"Voyage de la Baleine","article_publisher":"https:\/\/www.facebook.com\/voyagedelabaleine\/","article_modified_time":"2026-01-31T06:37:58+00:00","og_image":[{"width":886,"height":1181,"url":"https:\/\/voyagedelabaleine.fr\/wp-content\/uploads\/2025\/07\/barrette-fille-gros-grain-bordeaux-1.jpg","type":"image\/jpeg"}],"twitter_card":"summary_large_image","twitter_misc":{"Tiempo de lectura":"2 minuto"},"schema":{"@context":"https:\/\/schema.org","@graph":[{"@type":"WebPage","@id":"https:\/\/voyagedelabaleine.fr\/es\/producto\/pasador-con-lazo-de-otoman-burdeos\/","url":"https:\/\/voyagedelabaleine.fr\/es\/producto\/pasador-con-lazo-de-otoman-burdeos\/","name":"Pasador con lazo de otom\u00e1n - Burdeos - Voyage de la Baleine","isPartOf":{"@id":"https:\/\/voyagedelabaleine.fr\/es\/#website"},"primaryImageOfPage":{"@id":"https:\/\/voyagedelabaleine.fr\/es\/producto\/pasador-con-lazo-de-otoman-burdeos\/#primaryimage"},"image":{"@id":"https:\/\/voyagedelabaleine.fr\/es\/producto\/pasador-con-lazo-de-otoman-burdeos\/#primaryimage"},"thumbnailUrl":"https:\/\/voyagedelabaleine.fr\/wp-content\/uploads\/2025\/07\/barrette-fille-gros-grain-bordeaux-1.jpg","datePublished":"2025-08-25T13:49:21+00:00","dateModified":"2026-01-31T06:37:58+00:00","description":"Nuestro pasador con lazo de otom\u00e1n burdeos es el accesorio indispensable para a\u00f1adir un toque elegante al peinado de su hija en un instante.","breadcrumb":{"@id":"https:\/\/voyagedelabaleine.fr\/es\/producto\/pasador-con-lazo-de-otoman-burdeos\/#breadcrumb"},"inLanguage":"es","potentialAction":[{"@type":"ReadAction","target":["https:\/\/voyagedelabaleine.fr\/es\/producto\/pasador-con-lazo-de-otoman-burdeos\/"]}]},{"@type":"ImageObject","inLanguage":"es","@id":"https:\/\/voyagedelabaleine.fr\/es\/producto\/pasador-con-lazo-de-otoman-burdeos\/#primaryimage","url":"https:\/\/voyagedelabaleine.fr\/wp-content\/uploads\/2025\/07\/barrette-fille-gros-grain-bordeaux-1.jpg","contentUrl":"https:\/\/voyagedelabaleine.fr\/wp-content\/uploads\/2025\/07\/barrette-fille-gros-grain-bordeaux-1.jpg","width":886,"height":1181,"caption":"Barrette \u00e0 noeud en gros grain bordeaux"},{"@type":"BreadcrumbList","@id":"https:\/\/voyagedelabaleine.fr\/es\/producto\/pasador-con-lazo-de-otoman-burdeos\/#breadcrumb","itemListElement":[{"@type":"ListItem","position":1,"name":"Accueil","item":"https:\/\/voyagedelabaleine.fr\/es\/inicio\/"},{"@type":"ListItem","position":2,"name":"Tienda","item":"https:\/\/voyagedelabaleine.fr\/es\/tienda\/"},{"@type":"ListItem","position":3,"name":"Pasador con lazo de otom\u00e1n &#8211; Burdeos"}]},{"@type":"WebSite","@id":"https:\/\/voyagedelabaleine.fr\/es\/#website","url":"https:\/\/voyagedelabaleine.fr\/es\/","name":"Voyage de la Baleine","description":"V\u00eatements intemporels et raffin\u00e9s pour b\u00e9b\u00e9s et enfants","publisher":{"@id":"https:\/\/voyagedelabaleine.fr\/es\/#organization"},"potentialAction":[{"@type":"SearchAction","target":{"@type":"EntryPoint","urlTemplate":"https:\/\/voyagedelabaleine.fr\/es\/?s={search_term_string}"},"query-input":{"@type":"PropertyValueSpecification","valueRequired":true,"valueName":"search_term_string"}}],"inLanguage":"es"},{"@type":"Organization","@id":"https:\/\/voyagedelabaleine.fr\/es\/#organization","name":"Voyage de la Baleine","url":"https:\/\/voyagedelabaleine.fr\/es\/","logo":{"@type":"ImageObject","inLanguage":"es","@id":"https:\/\/voyagedelabaleine.fr\/es\/#\/schema\/logo\/image\/","url":"https:\/\/voyagedelabaleine.fr\/wp-content\/uploads\/2025\/06\/logo.webp","contentUrl":"https:\/\/voyagedelabaleine.fr\/wp-content\/uploads\/2025\/06\/logo.webp","width":153,"height":64,"caption":"Voyage de la Baleine"},"image":{"@id":"https:\/\/voyagedelabaleine.fr\/es\/#\/schema\/logo\/image\/"},"sameAs":["https:\/\/www.facebook.com\/voyagedelabaleine\/","https:\/\/www.instagram.com\/voyagedelabaleine\/","https:\/\/www.pinterest.fr\/Voyagedelabaleine\/"]}]}},"_links":{"self":[{"href":"https:\/\/voyagedelabaleine.fr\/es\/wp-json\/wp\/v2\/product\/30225","targetHints":{"allow":["GET"]}}],"collection":[{"href":"https:\/\/voyagedelabaleine.fr\/es\/wp-json\/wp\/v2\/product"}],"about":[{"href":"https:\/\/voyagedelabaleine.fr\/es\/wp-json\/wp\/v2\/types\/product"}],"replies":[{"embeddable":true,"href":"https:\/\/voyagedelabaleine.fr\/es\/wp-json\/wp\/v2\/comments?post=30225"}],"wp:featuredmedia":[{"embeddable":true,"href":"https:\/\/voyagedelabaleine.fr\/es\/wp-json\/wp\/v2\/media\/19922"}],"wp:attachment":[{"href":"https:\/\/voyagedelabaleine.fr\/es\/wp-json\/wp\/v2\/media?parent=30225"}],"wp:term":[{"taxonomy":"product_brand","embeddable":true,"href":"https:\/\/voyagedelabaleine.fr\/es\/wp-json\/wp\/v2\/product_brand?post=30225"},{"taxonomy":"product_cat","embeddable":true,"href":"https:\/\/voyagedelabaleine.fr\/es\/wp-json\/wp\/v2\/product_cat?post=30225"},{"taxonomy":"product_tag","embeddable":true,"href":"https:\/\/voyagedelabaleine.fr\/es\/wp-json\/wp\/v2\/product_tag?post=30225"}],"curies":[{"name":"wp","href":"https:\/\/api.w.org\/{rel}","templated":true}]}}