{"id":30520,"date":"2024-10-16T21:08:38","date_gmt":"2024-10-16T19:08:38","guid":{"rendered":"https:\/\/voyagedelabaleine.fr\/product\/patucos-de-bebe-de-punto-bobo-en-lana-merino-crema\/"},"modified":"2026-01-14T23:47:39","modified_gmt":"2026-01-14T22:47:39","slug":"patucos-de-bebe-de-punto-bobo-en-lana-merino-crema","status":"publish","type":"product","link":"https:\/\/voyagedelabaleine.fr\/es\/producto\/patucos-de-bebe-de-punto-bobo-en-lana-merino-crema\/","title":{"rendered":"Patucos de beb\u00e9 de punto bobo en lana merino &#8211; Crema"},"content":{"rendered":"<div class=\"flex flex-grow flex-col max-w-full\">\n<div class=\"min-h-[20px] text-message flex flex-col items-start whitespace-pre-wrap break-words [.text-message+&amp;]:mt-5 juice:w-full juice:items-end overflow-x-auto gap-2\" dir=\"auto\" data-message-author-role=\"assistant\" data-message-id=\"22e32fb2-5d85-4851-8180-b849a27962c5\">\n<div class=\"flex w-full flex-col gap-1 juice:empty:hidden juice:first:pt-[3px]\">\n<div class=\"markdown prose w-full break-words dark:prose-invert light\">\n<p>Ofrezca a su reci\u00e9n nacido la m\u00e1xima comodidad con nuestros <strong>patucos de beb\u00e9 de punto bobo<\/strong>. De color crema y adornados con un pr\u00e1ctico <strong>cord\u00f3n ajustable<\/strong>, estos patucos envuelven los peque\u00f1os pies de su beb\u00e9 en un capullo de suavidad y calor, ideal para los primeros meses de su vida. <\/p>\n<p>Confeccionados con esmero a partir de <strong>lana merino<\/strong>, estos patucos aportan una calidez suave y natural, perfecta para la piel sensible de los reci\u00e9n nacidos. La lana merino es famosa por sus propiedades termorreguladoras, que garantizan que los pies de su beb\u00e9 permanezcan a una temperatura confortable, tanto si hace fr\u00edo como calor. Adem\u00e1s, es incre\u00edblemente <strong>suave<\/strong> al tacto, ofreciendo una sensaci\u00f3n de ternura y bienestar en cada uso.  <\/p>\n<p>El <strong>punto bobo<\/strong> utilizado en la fabricaci\u00f3n de estos patucos a\u00f1ade una textura delicada y esponjosa, haciendo que cada par sea \u00fanico y lleno de encanto. El cord\u00f3n de ajuste garantiza un ajuste perfecto, manteniendo los patucos en su sitio sin comprimir los delicados pies de su beb\u00e9. Es el accesorio perfecto para garantizar una sujeci\u00f3n segura a la vez que ofrece una gran libertad de movimiento.  <\/p>\n<p>Estos <strong>patucos de punto<\/strong> son m\u00e1s que un simple accesorio; son un s\u00edmbolo de amor y cuidado. Perfectos como <strong>regalo de nacimiento<\/strong>, aportan un toque de refinamiento y elegancia al vestuario de su peque\u00f1o. Imagine a su beb\u00e9 arropado con estos adorables patucos, listo para explorar el mundo con una sensaci\u00f3n de confort absoluto.  <\/p>\n<p>El <strong>color crema<\/strong>, neutro y suave, combina a la perfecci\u00f3n con cualquier conjunto, lo que convierte a estos patucos en una opci\u00f3n vers\u00e1til para todas las ocasiones. Ya sea para un d\u00eda de mimos en casa o una salida en familia, est\u00e1n dise\u00f1ados para ofrecer una comodidad inigualable a la vez que a\u00f1aden un toque de elegancia discreta. <\/p>\n<p>Estos <strong>patucos de beb\u00e9 de punto bobo<\/strong> son el accesorio ideal para los <strong>reci\u00e9n nacidos<\/strong>. Combinan la calidez y la suavidad de la lana merino con un dise\u00f1o pr\u00e1ctico y seguro. Cada par es un verdadero abrazo de ternura, perfecto para acompa\u00f1ar los primeros momentos de vida de su beb\u00e9 en este mundo. Ofr\u00e9zcale la sensaci\u00f3n acogedora y protectora de estos patucos, y haga de cada instante un momento de puro amor y confort.   <\/p>\n<p><em>No deje de visitar nuestra categor\u00eda de <a href=\"https:\/\/voyagedelabaleine.fr\/es\/categorie-produit\/jersey-irlandes-bebes-ninos\/\">jers\u00e9is irlandeses<\/a> para crear conjuntos completos suaves y c\u00e1lidos.<\/em><\/p>\n<p>Fabricado en Espa\u00f1a.<\/p>\n<\/div>\n<\/div>\n<\/div>\n<\/div>\n","protected":false},"excerpt":{"rendered":"<ul>\n<li>Punto bobo<\/li>\n<li>Cord\u00f3n ajustable<\/li>\n<li>Ideales como regalo de nacimiento<\/li>\n<li>Fabricado en Espa\u00f1a<\/li>\n<\/ul>\n","protected":false},"featured_media":16680,"comment_status":"open","ping_status":"closed","template":"","meta":{"ocean_post_layout":"","ocean_both_sidebars_style":"","ocean_both_sidebars_content_width":0,"ocean_both_sidebars_sidebars_width":0,"ocean_sidebar":"0","ocean_second_sidebar":"0","ocean_disable_margins":"enable","ocean_add_body_class":"","ocean_shortcode_before_top_bar":"","ocean_shortcode_after_top_bar":"","ocean_shortcode_before_header":"","ocean_shortcode_after_header":"","ocean_has_shortcode":"","ocean_shortcode_after_title":"","ocean_shortcode_before_footer_widgets":"","ocean_shortcode_after_footer_widgets":"","ocean_shortcode_before_footer_bottom":"","ocean_shortcode_after_footer_bottom":"","ocean_display_top_bar":"default","ocean_display_header":"default","ocean_header_style":"","ocean_center_header_left_menu":"0","ocean_custom_header_template":"0","ocean_custom_logo":0,"ocean_custom_retina_logo":0,"ocean_custom_logo_max_width":0,"ocean_custom_logo_tablet_max_width":0,"ocean_custom_logo_mobile_max_width":0,"ocean_custom_logo_max_height":0,"ocean_custom_logo_tablet_max_height":0,"ocean_custom_logo_mobile_max_height":0,"ocean_header_custom_menu":"0","ocean_menu_typo_font_family":"0","ocean_menu_typo_font_subset":"","ocean_menu_typo_font_size":0,"ocean_menu_typo_font_size_tablet":0,"ocean_menu_typo_font_size_mobile":0,"ocean_menu_typo_font_size_unit":"px","ocean_menu_typo_font_weight":"","ocean_menu_typo_font_weight_tablet":"","ocean_menu_typo_font_weight_mobile":"","ocean_menu_typo_transform":"","ocean_menu_typo_transform_tablet":"","ocean_menu_typo_transform_mobile":"","ocean_menu_typo_line_height":0,"ocean_menu_typo_line_height_tablet":0,"ocean_menu_typo_line_height_mobile":0,"ocean_menu_typo_line_height_unit":"","ocean_menu_typo_spacing":0,"ocean_menu_typo_spacing_tablet":0,"ocean_menu_typo_spacing_mobile":0,"ocean_menu_typo_spacing_unit":"","ocean_menu_link_color":"","ocean_menu_link_color_hover":"","ocean_menu_link_color_active":"","ocean_menu_link_background":"","ocean_menu_link_hover_background":"","ocean_menu_link_active_background":"","ocean_menu_social_links_bg":"","ocean_menu_social_hover_links_bg":"","ocean_menu_social_links_color":"","ocean_menu_social_hover_links_color":"","ocean_disable_title":"default","ocean_disable_heading":"default","ocean_post_title":"","ocean_post_subheading":"","ocean_post_title_style":"","ocean_post_title_background_color":"","ocean_post_title_background":0,"ocean_post_title_bg_image_position":"","ocean_post_title_bg_image_attachment":"","ocean_post_title_bg_image_repeat":"","ocean_post_title_bg_image_size":"","ocean_post_title_height":0,"ocean_post_title_bg_overlay":0.5,"ocean_post_title_bg_overlay_color":"","ocean_disable_breadcrumbs":"default","ocean_breadcrumbs_color":"","ocean_breadcrumbs_separator_color":"","ocean_breadcrumbs_links_color":"","ocean_breadcrumbs_links_hover_color":"","ocean_display_footer_widgets":"default","ocean_display_footer_bottom":"default","ocean_custom_footer_template":"0","osh_disable_topbar_sticky":"default","osh_disable_header_sticky":"default","osh_sticky_header_style":"default","osh_sticky_header_effect":"","osh_custom_sticky_logo":0,"osh_custom_retina_sticky_logo":0,"osh_custom_sticky_logo_height":0,"osh_background_color":"","osh_links_color":"","osh_links_hover_color":"","osh_links_active_color":"","osh_links_bg_color":"","osh_links_hover_bg_color":"","osh_links_active_bg_color":"","osh_menu_social_links_color":"","osh_menu_social_hover_links_color":""},"product_brand":[],"product_cat":[6965,6981,7003,6867,6828,6855],"product_tag":[],"class_list":{"0":"post-30520","1":"product","2":"type-product","3":"status-publish","4":"has-post-thumbnail","6":"product_cat-zapatitos-nacimiento","7":"product_cat-zapatitos-nacimiento-nina","8":"product_cat-zapatitos-nacimiento-nino","9":"product_cat-zapatitos-bebe","10":"product_cat-zapatitos-bebe-nina","11":"product_cat-zapatitos-bebe-nino","13":"entry","14":"has-media","16":"first","17":"instock","18":"taxable","19":"shipping-taxable","20":"purchasable","21":"product-type-variable","22":"has-default-attributes","23":"has-rating","24":"col","25":"span_1_of_3","26":"owp-content-center","27":"owp-thumbs-layout-vertical","28":"owp-btn-big","29":"owp-tabs-layout-vertical","30":"circle-sale"},"yoast_head":"<!-- This site is optimized with the Yoast SEO plugin v27.1.1 - https:\/\/yoast.com\/product\/yoast-seo-wordpress\/ -->\n<title>Patucos de beb\u00e9 de punto bobo<\/title>\n<meta name=\"description\" content=\"Ofrezca a su reci\u00e9n nacido la m\u00e1xima comodidad con nuestros patucos de beb\u00e9 de punto bobo que contienen lana merino. Fabricados en Espa\u00f1a.\" \/>\n<meta name=\"robots\" content=\"index, follow, max-snippet:-1, max-image-preview:large, max-video-preview:-1\" \/>\n<link rel=\"canonical\" href=\"https:\/\/voyagedelabaleine.fr\/es\/producto\/patucos-de-bebe-de-punto-bobo-en-lana-merino-crema\/\" \/>\n<meta property=\"og:locale\" content=\"es_ES\" \/>\n<meta property=\"og:type\" content=\"article\" \/>\n<meta property=\"og:title\" content=\"Patucos de beb\u00e9 de punto bobo\" \/>\n<meta property=\"og:description\" content=\"Ofrezca a su reci\u00e9n nacido la m\u00e1xima comodidad con nuestros patucos de beb\u00e9 de punto bobo que contienen lana merino. Fabricados en Espa\u00f1a.\" \/>\n<meta property=\"og:url\" content=\"https:\/\/voyagedelabaleine.fr\/es\/producto\/patucos-de-bebe-de-punto-bobo-en-lana-merino-crema\/\" \/>\n<meta property=\"og:site_name\" content=\"Voyage de la Baleine\" \/>\n<meta property=\"article:publisher\" content=\"https:\/\/www.facebook.com\/voyagedelabaleine\/\" \/>\n<meta property=\"article:modified_time\" content=\"2026-01-14T22:47:39+00:00\" \/>\n<meta property=\"og:image\" content=\"https:\/\/voyagedelabaleine.fr\/wp-content\/uploads\/2024\/10\/chaussons-point-mousse-1-scaled.jpg\" \/>\n\t<meta property=\"og:image:width\" content=\"1536\" \/>\n\t<meta property=\"og:image:height\" content=\"2048\" \/>\n\t<meta property=\"og:image:type\" content=\"image\/jpeg\" \/>\n<meta name=\"twitter:card\" content=\"summary_large_image\" \/>\n<meta name=\"twitter:label1\" content=\"Tiempo de lectura\" \/>\n\t<meta name=\"twitter:data1\" content=\"2 minuto\" \/>\n<script type=\"application\/ld+json\" class=\"yoast-schema-graph\">{\"@context\":\"https:\/\/schema.org\",\"@graph\":[{\"@type\":\"WebPage\",\"@id\":\"https:\/\/voyagedelabaleine.fr\/es\/producto\/patucos-de-bebe-de-punto-bobo-en-lana-merino-crema\/\",\"url\":\"https:\/\/voyagedelabaleine.fr\/es\/producto\/patucos-de-bebe-de-punto-bobo-en-lana-merino-crema\/\",\"name\":\"Patucos de beb\u00e9 de punto bobo\",\"isPartOf\":{\"@id\":\"https:\/\/voyagedelabaleine.fr\/es\/#website\"},\"primaryImageOfPage\":{\"@id\":\"https:\/\/voyagedelabaleine.fr\/es\/producto\/patucos-de-bebe-de-punto-bobo-en-lana-merino-crema\/#primaryimage\"},\"image\":{\"@id\":\"https:\/\/voyagedelabaleine.fr\/es\/producto\/patucos-de-bebe-de-punto-bobo-en-lana-merino-crema\/#primaryimage\"},\"thumbnailUrl\":\"https:\/\/voyagedelabaleine.fr\/wp-content\/uploads\/2024\/10\/chaussons-point-mousse-1-scaled.jpg\",\"datePublished\":\"2024-10-16T19:08:38+00:00\",\"dateModified\":\"2026-01-14T22:47:39+00:00\",\"description\":\"Ofrezca a su reci\u00e9n nacido la m\u00e1xima comodidad con nuestros patucos de beb\u00e9 de punto bobo que contienen lana merino. Fabricados en Espa\u00f1a.\",\"breadcrumb\":{\"@id\":\"https:\/\/voyagedelabaleine.fr\/es\/producto\/patucos-de-bebe-de-punto-bobo-en-lana-merino-crema\/#breadcrumb\"},\"inLanguage\":\"es\",\"potentialAction\":[{\"@type\":\"ReadAction\",\"target\":[\"https:\/\/voyagedelabaleine.fr\/es\/producto\/patucos-de-bebe-de-punto-bobo-en-lana-merino-crema\/\"]}]},{\"@type\":\"ImageObject\",\"inLanguage\":\"es\",\"@id\":\"https:\/\/voyagedelabaleine.fr\/es\/producto\/patucos-de-bebe-de-punto-bobo-en-lana-merino-crema\/#primaryimage\",\"url\":\"https:\/\/voyagedelabaleine.fr\/wp-content\/uploads\/2024\/10\/chaussons-point-mousse-1-scaled.jpg\",\"contentUrl\":\"https:\/\/voyagedelabaleine.fr\/wp-content\/uploads\/2024\/10\/chaussons-point-mousse-1-scaled.jpg\",\"width\":1536,\"height\":2048,\"caption\":\"Chaussons b\u00e9b\u00e9 tricot\u00e9s en point mousse de couleur cr\u00e8me\"},{\"@type\":\"BreadcrumbList\",\"@id\":\"https:\/\/voyagedelabaleine.fr\/es\/producto\/patucos-de-bebe-de-punto-bobo-en-lana-merino-crema\/#breadcrumb\",\"itemListElement\":[{\"@type\":\"ListItem\",\"position\":1,\"name\":\"Accueil\",\"item\":\"https:\/\/voyagedelabaleine.fr\/es\/inicio\/\"},{\"@type\":\"ListItem\",\"position\":2,\"name\":\"Tienda\",\"item\":\"https:\/\/voyagedelabaleine.fr\/es\/tienda\/\"},{\"@type\":\"ListItem\",\"position\":3,\"name\":\"Patucos de beb\u00e9 de punto bobo en lana merino &#8211; Crema\"}]},{\"@type\":\"WebSite\",\"@id\":\"https:\/\/voyagedelabaleine.fr\/es\/#website\",\"url\":\"https:\/\/voyagedelabaleine.fr\/es\/\",\"name\":\"Voyage de la Baleine\",\"description\":\"V\u00eatements intemporels et raffin\u00e9s pour b\u00e9b\u00e9s et enfants\",\"publisher\":{\"@id\":\"https:\/\/voyagedelabaleine.fr\/es\/#organization\"},\"potentialAction\":[{\"@type\":\"SearchAction\",\"target\":{\"@type\":\"EntryPoint\",\"urlTemplate\":\"https:\/\/voyagedelabaleine.fr\/es\/?s={search_term_string}\"},\"query-input\":{\"@type\":\"PropertyValueSpecification\",\"valueRequired\":true,\"valueName\":\"search_term_string\"}}],\"inLanguage\":\"es\"},{\"@type\":\"Organization\",\"@id\":\"https:\/\/voyagedelabaleine.fr\/es\/#organization\",\"name\":\"Voyage de la Baleine\",\"url\":\"https:\/\/voyagedelabaleine.fr\/es\/\",\"logo\":{\"@type\":\"ImageObject\",\"inLanguage\":\"es\",\"@id\":\"https:\/\/voyagedelabaleine.fr\/es\/#\/schema\/logo\/image\/\",\"url\":\"https:\/\/voyagedelabaleine.fr\/wp-content\/uploads\/2025\/06\/logo.webp\",\"contentUrl\":\"https:\/\/voyagedelabaleine.fr\/wp-content\/uploads\/2025\/06\/logo.webp\",\"width\":153,\"height\":64,\"caption\":\"Voyage de la Baleine\"},\"image\":{\"@id\":\"https:\/\/voyagedelabaleine.fr\/es\/#\/schema\/logo\/image\/\"},\"sameAs\":[\"https:\/\/www.facebook.com\/voyagedelabaleine\/\",\"https:\/\/www.instagram.com\/voyagedelabaleine\/\",\"https:\/\/www.pinterest.fr\/Voyagedelabaleine\/\"]}]}<\/script>\n<!-- \/ Yoast SEO plugin. -->","yoast_head_json":{"title":"Patucos de beb\u00e9 de punto bobo","description":"Ofrezca a su reci\u00e9n nacido la m\u00e1xima comodidad con nuestros patucos de beb\u00e9 de punto bobo que contienen lana merino. Fabricados en Espa\u00f1a.","robots":{"index":"index","follow":"follow","max-snippet":"max-snippet:-1","max-image-preview":"max-image-preview:large","max-video-preview":"max-video-preview:-1"},"canonical":"https:\/\/voyagedelabaleine.fr\/es\/producto\/patucos-de-bebe-de-punto-bobo-en-lana-merino-crema\/","og_locale":"es_ES","og_type":"article","og_title":"Patucos de beb\u00e9 de punto bobo","og_description":"Ofrezca a su reci\u00e9n nacido la m\u00e1xima comodidad con nuestros patucos de beb\u00e9 de punto bobo que contienen lana merino. Fabricados en Espa\u00f1a.","og_url":"https:\/\/voyagedelabaleine.fr\/es\/producto\/patucos-de-bebe-de-punto-bobo-en-lana-merino-crema\/","og_site_name":"Voyage de la Baleine","article_publisher":"https:\/\/www.facebook.com\/voyagedelabaleine\/","article_modified_time":"2026-01-14T22:47:39+00:00","og_image":[{"width":1536,"height":2048,"url":"https:\/\/voyagedelabaleine.fr\/wp-content\/uploads\/2024\/10\/chaussons-point-mousse-1-scaled.jpg","type":"image\/jpeg"}],"twitter_card":"summary_large_image","twitter_misc":{"Tiempo de lectura":"2 minuto"},"schema":{"@context":"https:\/\/schema.org","@graph":[{"@type":"WebPage","@id":"https:\/\/voyagedelabaleine.fr\/es\/producto\/patucos-de-bebe-de-punto-bobo-en-lana-merino-crema\/","url":"https:\/\/voyagedelabaleine.fr\/es\/producto\/patucos-de-bebe-de-punto-bobo-en-lana-merino-crema\/","name":"Patucos de beb\u00e9 de punto bobo","isPartOf":{"@id":"https:\/\/voyagedelabaleine.fr\/es\/#website"},"primaryImageOfPage":{"@id":"https:\/\/voyagedelabaleine.fr\/es\/producto\/patucos-de-bebe-de-punto-bobo-en-lana-merino-crema\/#primaryimage"},"image":{"@id":"https:\/\/voyagedelabaleine.fr\/es\/producto\/patucos-de-bebe-de-punto-bobo-en-lana-merino-crema\/#primaryimage"},"thumbnailUrl":"https:\/\/voyagedelabaleine.fr\/wp-content\/uploads\/2024\/10\/chaussons-point-mousse-1-scaled.jpg","datePublished":"2024-10-16T19:08:38+00:00","dateModified":"2026-01-14T22:47:39+00:00","description":"Ofrezca a su reci\u00e9n nacido la m\u00e1xima comodidad con nuestros patucos de beb\u00e9 de punto bobo que contienen lana merino. Fabricados en Espa\u00f1a.","breadcrumb":{"@id":"https:\/\/voyagedelabaleine.fr\/es\/producto\/patucos-de-bebe-de-punto-bobo-en-lana-merino-crema\/#breadcrumb"},"inLanguage":"es","potentialAction":[{"@type":"ReadAction","target":["https:\/\/voyagedelabaleine.fr\/es\/producto\/patucos-de-bebe-de-punto-bobo-en-lana-merino-crema\/"]}]},{"@type":"ImageObject","inLanguage":"es","@id":"https:\/\/voyagedelabaleine.fr\/es\/producto\/patucos-de-bebe-de-punto-bobo-en-lana-merino-crema\/#primaryimage","url":"https:\/\/voyagedelabaleine.fr\/wp-content\/uploads\/2024\/10\/chaussons-point-mousse-1-scaled.jpg","contentUrl":"https:\/\/voyagedelabaleine.fr\/wp-content\/uploads\/2024\/10\/chaussons-point-mousse-1-scaled.jpg","width":1536,"height":2048,"caption":"Chaussons b\u00e9b\u00e9 tricot\u00e9s en point mousse de couleur cr\u00e8me"},{"@type":"BreadcrumbList","@id":"https:\/\/voyagedelabaleine.fr\/es\/producto\/patucos-de-bebe-de-punto-bobo-en-lana-merino-crema\/#breadcrumb","itemListElement":[{"@type":"ListItem","position":1,"name":"Accueil","item":"https:\/\/voyagedelabaleine.fr\/es\/inicio\/"},{"@type":"ListItem","position":2,"name":"Tienda","item":"https:\/\/voyagedelabaleine.fr\/es\/tienda\/"},{"@type":"ListItem","position":3,"name":"Patucos de beb\u00e9 de punto bobo en lana merino &#8211; Crema"}]},{"@type":"WebSite","@id":"https:\/\/voyagedelabaleine.fr\/es\/#website","url":"https:\/\/voyagedelabaleine.fr\/es\/","name":"Voyage de la Baleine","description":"V\u00eatements intemporels et raffin\u00e9s pour b\u00e9b\u00e9s et enfants","publisher":{"@id":"https:\/\/voyagedelabaleine.fr\/es\/#organization"},"potentialAction":[{"@type":"SearchAction","target":{"@type":"EntryPoint","urlTemplate":"https:\/\/voyagedelabaleine.fr\/es\/?s={search_term_string}"},"query-input":{"@type":"PropertyValueSpecification","valueRequired":true,"valueName":"search_term_string"}}],"inLanguage":"es"},{"@type":"Organization","@id":"https:\/\/voyagedelabaleine.fr\/es\/#organization","name":"Voyage de la Baleine","url":"https:\/\/voyagedelabaleine.fr\/es\/","logo":{"@type":"ImageObject","inLanguage":"es","@id":"https:\/\/voyagedelabaleine.fr\/es\/#\/schema\/logo\/image\/","url":"https:\/\/voyagedelabaleine.fr\/wp-content\/uploads\/2025\/06\/logo.webp","contentUrl":"https:\/\/voyagedelabaleine.fr\/wp-content\/uploads\/2025\/06\/logo.webp","width":153,"height":64,"caption":"Voyage de la Baleine"},"image":{"@id":"https:\/\/voyagedelabaleine.fr\/es\/#\/schema\/logo\/image\/"},"sameAs":["https:\/\/www.facebook.com\/voyagedelabaleine\/","https:\/\/www.instagram.com\/voyagedelabaleine\/","https:\/\/www.pinterest.fr\/Voyagedelabaleine\/"]}]}},"_links":{"self":[{"href":"https:\/\/voyagedelabaleine.fr\/es\/wp-json\/wp\/v2\/product\/30520","targetHints":{"allow":["GET"]}}],"collection":[{"href":"https:\/\/voyagedelabaleine.fr\/es\/wp-json\/wp\/v2\/product"}],"about":[{"href":"https:\/\/voyagedelabaleine.fr\/es\/wp-json\/wp\/v2\/types\/product"}],"replies":[{"embeddable":true,"href":"https:\/\/voyagedelabaleine.fr\/es\/wp-json\/wp\/v2\/comments?post=30520"}],"wp:featuredmedia":[{"embeddable":true,"href":"https:\/\/voyagedelabaleine.fr\/es\/wp-json\/wp\/v2\/media\/16680"}],"wp:attachment":[{"href":"https:\/\/voyagedelabaleine.fr\/es\/wp-json\/wp\/v2\/media?parent=30520"}],"wp:term":[{"taxonomy":"product_brand","embeddable":true,"href":"https:\/\/voyagedelabaleine.fr\/es\/wp-json\/wp\/v2\/product_brand?post=30520"},{"taxonomy":"product_cat","embeddable":true,"href":"https:\/\/voyagedelabaleine.fr\/es\/wp-json\/wp\/v2\/product_cat?post=30520"},{"taxonomy":"product_tag","embeddable":true,"href":"https:\/\/voyagedelabaleine.fr\/es\/wp-json\/wp\/v2\/product_tag?post=30520"}],"curies":[{"name":"wp","href":"https:\/\/api.w.org\/{rel}","templated":true}]}}