{"id":30577,"date":"2024-11-21T13:29:24","date_gmt":"2024-11-21T12:29:24","guid":{"rendered":"https:\/\/voyagedelabaleine.fr\/product\/jersey-de-bebe-nino-con-cuello-chal-pura-lana-merina-oatmeal\/"},"modified":"2026-01-14T23:08:26","modified_gmt":"2026-01-14T22:08:26","slug":"jersey-de-bebe-nino-con-cuello-chal-pura-lana-merina-oatmeal","status":"publish","type":"product","link":"https:\/\/voyagedelabaleine.fr\/es\/producto\/jersey-de-bebe-nino-con-cuello-chal-pura-lana-merina-oatmeal\/","title":{"rendered":"Jersey de beb\u00e9 ni\u00f1o con cuello chal \u2013 Pura lana merina \u2013 Oatmeal"},"content":{"rendered":"<p>Ofrezca a su beb\u00e9 una comodidad absoluta y un estilo atemporal con nuestro <strong>jersey de beb\u00e9 color avena con cuello chal de lana merina<\/strong>. Dise\u00f1ado para los d\u00edas frescos, este jersey combina calidez, suavidad y elegancia para satisfacer las necesidades de los m\u00e1s peque\u00f1os a la vez que seduce a los padres. Con su tono avena, a la vez suave y natural, combina f\u00e1cilmente con toda la ropa de su hijo, desde pantalones de pana hasta peque\u00f1as camisas cl\u00e1sicas.  <\/p>\n<p>Fabricado con <strong>lana merina de alta calidad<\/strong>, este jersey es perfecto para la piel sensible de los beb\u00e9s. La lana merina tambi\u00e9n ofrece una excelente regulaci\u00f3n t\u00e9rmica, manteniendo a su beb\u00e9 abrigado y evitando el sobrecalentamiento. El <strong>cuello chal<\/strong>, refinado y pr\u00e1ctico, a\u00f1ade un toque de sofisticaci\u00f3n a la vez que protege delicadamente el cuello de su hijo.  <\/p>\n<p>Cada prenda se confecciona minuciosamente en los talleres de West End Knitwear, una <strong>empresa familiar<\/strong> irlandesa fundada en 1957, que perpet\u00faa un saber hacer transmitido de generaci\u00f3n en generaci\u00f3n. Al elegir este jersey de beb\u00e9 con cuello chal de lana merina color avena, est\u00e1 eligiendo una prenda \u00fanica y artesanal, arraigada en la <strong>tradici\u00f3n irlandesa<\/strong>, donde cada detalle est\u00e1 dise\u00f1ado con pasi\u00f3n y experiencia. <\/p>\n<p>Fabricado en Irlanda.<\/p>\n<p><em>\u00a1Descubra los dem\u00e1s jerseys irlandeses de lana merina de nuestra colecci\u00f3n en nuestra <a href=\"https:\/\/voyagedelabaleine.fr\/es\/categorie-produit\/jersey-irlandes-bebes-ninos\/\">categor\u00eda dedicada<\/a>!<\/em><\/p>\n","protected":false},"excerpt":{"rendered":"<ul>\n<li>100 % pura lana merina<\/li>\n<li>Jersey suave<\/li>\n<li>Cuello chal que protege el cuello<\/li>\n<li>Fabricado en Irlanda, en el condado de Kildare<br \/>\n<em>Este jersey tiene un tallaje normal. Elija su talla habitual.<\/em><\/li>\n<\/ul>\n","protected":false},"featured_media":14689,"comment_status":"open","ping_status":"closed","template":"","meta":{"ocean_post_layout":"","ocean_both_sidebars_style":"","ocean_both_sidebars_content_width":0,"ocean_both_sidebars_sidebars_width":0,"ocean_sidebar":"0","ocean_second_sidebar":"0","ocean_disable_margins":"enable","ocean_add_body_class":"","ocean_shortcode_before_top_bar":"","ocean_shortcode_after_top_bar":"","ocean_shortcode_before_header":"","ocean_shortcode_after_header":"","ocean_has_shortcode":"","ocean_shortcode_after_title":"","ocean_shortcode_before_footer_widgets":"","ocean_shortcode_after_footer_widgets":"","ocean_shortcode_before_footer_bottom":"","ocean_shortcode_after_footer_bottom":"","ocean_display_top_bar":"default","ocean_display_header":"default","ocean_header_style":"","ocean_center_header_left_menu":"0","ocean_custom_header_template":"0","ocean_custom_logo":0,"ocean_custom_retina_logo":0,"ocean_custom_logo_max_width":0,"ocean_custom_logo_tablet_max_width":0,"ocean_custom_logo_mobile_max_width":0,"ocean_custom_logo_max_height":0,"ocean_custom_logo_tablet_max_height":0,"ocean_custom_logo_mobile_max_height":0,"ocean_header_custom_menu":"0","ocean_menu_typo_font_family":"0","ocean_menu_typo_font_subset":"","ocean_menu_typo_font_size":0,"ocean_menu_typo_font_size_tablet":0,"ocean_menu_typo_font_size_mobile":0,"ocean_menu_typo_font_size_unit":"px","ocean_menu_typo_font_weight":"","ocean_menu_typo_font_weight_tablet":"","ocean_menu_typo_font_weight_mobile":"","ocean_menu_typo_transform":"","ocean_menu_typo_transform_tablet":"","ocean_menu_typo_transform_mobile":"","ocean_menu_typo_line_height":0,"ocean_menu_typo_line_height_tablet":0,"ocean_menu_typo_line_height_mobile":0,"ocean_menu_typo_line_height_unit":"","ocean_menu_typo_spacing":0,"ocean_menu_typo_spacing_tablet":0,"ocean_menu_typo_spacing_mobile":0,"ocean_menu_typo_spacing_unit":"","ocean_menu_link_color":"","ocean_menu_link_color_hover":"","ocean_menu_link_color_active":"","ocean_menu_link_background":"","ocean_menu_link_hover_background":"","ocean_menu_link_active_background":"","ocean_menu_social_links_bg":"","ocean_menu_social_hover_links_bg":"","ocean_menu_social_links_color":"","ocean_menu_social_hover_links_color":"","ocean_disable_title":"default","ocean_disable_heading":"default","ocean_post_title":"","ocean_post_subheading":"","ocean_post_title_style":"","ocean_post_title_background_color":"","ocean_post_title_background":0,"ocean_post_title_bg_image_position":"","ocean_post_title_bg_image_attachment":"","ocean_post_title_bg_image_repeat":"","ocean_post_title_bg_image_size":"","ocean_post_title_height":0,"ocean_post_title_bg_overlay":0.5,"ocean_post_title_bg_overlay_color":"","ocean_disable_breadcrumbs":"default","ocean_breadcrumbs_color":"","ocean_breadcrumbs_separator_color":"","ocean_breadcrumbs_links_color":"","ocean_breadcrumbs_links_hover_color":"","ocean_display_footer_widgets":"default","ocean_display_footer_bottom":"default","ocean_custom_footer_template":"0","osh_disable_topbar_sticky":"default","osh_disable_header_sticky":"default","osh_sticky_header_style":"default","osh_sticky_header_effect":"","osh_custom_sticky_logo":0,"osh_custom_retina_sticky_logo":0,"osh_custom_sticky_logo_height":0,"osh_background_color":"","osh_links_color":"","osh_links_hover_color":"","osh_links_active_color":"","osh_links_bg_color":"","osh_links_hover_bg_color":"","osh_links_active_bg_color":"","osh_menu_social_links_color":"","osh_menu_social_hover_links_color":""},"product_brand":[],"product_cat":[7027,6883,6861,6931,6949,7031],"product_tag":[],"class_list":{"0":"post-30577","1":"product","2":"type-product","3":"status-publish","4":"has-post-thumbnail","6":"product_cat-jersey-irlandes-bebes-ninos","7":"product_cat-jersey-chaleco-cardigan-bebe","8":"product_cat-jersey-chaleco-cardigan-bebe-nino","9":"product_cat-jersey-chaleco-cardigan-nino","10":"product_cat-jersey-chaleco-cardigan-ninos","11":"product_cat-ropa","13":"entry","14":"has-media","16":"first","17":"instock","18":"taxable","19":"shipping-taxable","20":"purchasable","21":"product-type-variable","22":"has-default-attributes","23":"has-rating","24":"col","25":"span_1_of_3","26":"owp-content-center","27":"owp-thumbs-layout-vertical","28":"owp-btn-big","29":"owp-tabs-layout-vertical","30":"circle-sale"},"yoast_head":"<!-- This site is optimized with the Yoast SEO plugin v27.1.1 - https:\/\/yoast.com\/product\/yoast-seo-wordpress\/ -->\n<title>Jersey de beb\u00e9 color avena con cuello chal de lana merina<\/title>\n<meta name=\"description\" content=\"Descubra la autenticidad y la artesan\u00eda irlandesa con nuestro jersey de beb\u00e9 color avena con cuello chal de lana merina, una prenda elegante y c\u00f3moda a la vez.\" \/>\n<meta name=\"robots\" content=\"index, follow, max-snippet:-1, max-image-preview:large, max-video-preview:-1\" \/>\n<link rel=\"canonical\" href=\"https:\/\/voyagedelabaleine.fr\/es\/producto\/jersey-de-bebe-nino-con-cuello-chal-pura-lana-merina-oatmeal\/\" \/>\n<meta property=\"og:locale\" content=\"es_ES\" \/>\n<meta property=\"og:type\" content=\"article\" \/>\n<meta property=\"og:title\" content=\"Jersey de beb\u00e9 color avena con cuello chal de lana merina\" \/>\n<meta property=\"og:description\" content=\"Descubra la autenticidad y la artesan\u00eda irlandesa con nuestro jersey de beb\u00e9 color avena con cuello chal de lana merina, una prenda elegante y c\u00f3moda a la vez.\" \/>\n<meta property=\"og:url\" content=\"https:\/\/voyagedelabaleine.fr\/es\/producto\/jersey-de-bebe-nino-con-cuello-chal-pura-lana-merina-oatmeal\/\" \/>\n<meta property=\"og:site_name\" content=\"Voyage de la Baleine\" \/>\n<meta property=\"article:publisher\" content=\"https:\/\/www.facebook.com\/voyagedelabaleine\/\" \/>\n<meta property=\"article:modified_time\" content=\"2026-01-14T22:08:26+00:00\" \/>\n<meta property=\"og:image\" content=\"https:\/\/voyagedelabaleine.fr\/wp-content\/uploads\/2024\/11\/IMG_2270_VSCO-fotor-20241121132220.jpg\" \/>\n\t<meta property=\"og:image:width\" content=\"800\" \/>\n\t<meta property=\"og:image:height\" content=\"1066\" \/>\n\t<meta property=\"og:image:type\" content=\"image\/jpeg\" \/>\n<meta name=\"twitter:card\" content=\"summary_large_image\" \/>\n<meta name=\"twitter:label1\" content=\"Tiempo de lectura\" \/>\n\t<meta name=\"twitter:data1\" content=\"1 minuto\" \/>\n<script type=\"application\/ld+json\" class=\"yoast-schema-graph\">{\"@context\":\"https:\/\/schema.org\",\"@graph\":[{\"@type\":\"WebPage\",\"@id\":\"https:\/\/voyagedelabaleine.fr\/es\/producto\/jersey-de-bebe-nino-con-cuello-chal-pura-lana-merina-oatmeal\/\",\"url\":\"https:\/\/voyagedelabaleine.fr\/es\/producto\/jersey-de-bebe-nino-con-cuello-chal-pura-lana-merina-oatmeal\/\",\"name\":\"Jersey de beb\u00e9 color avena con cuello chal de lana merina\",\"isPartOf\":{\"@id\":\"https:\/\/voyagedelabaleine.fr\/es\/#website\"},\"primaryImageOfPage\":{\"@id\":\"https:\/\/voyagedelabaleine.fr\/es\/producto\/jersey-de-bebe-nino-con-cuello-chal-pura-lana-merina-oatmeal\/#primaryimage\"},\"image\":{\"@id\":\"https:\/\/voyagedelabaleine.fr\/es\/producto\/jersey-de-bebe-nino-con-cuello-chal-pura-lana-merina-oatmeal\/#primaryimage\"},\"thumbnailUrl\":\"https:\/\/voyagedelabaleine.fr\/wp-content\/uploads\/2024\/11\/IMG_2270_VSCO-fotor-20241121132220.jpg\",\"datePublished\":\"2024-11-21T12:29:24+00:00\",\"dateModified\":\"2026-01-14T22:08:26+00:00\",\"description\":\"Descubra la autenticidad y la artesan\u00eda irlandesa con nuestro jersey de beb\u00e9 color avena con cuello chal de lana merina, una prenda elegante y c\u00f3moda a la vez.\",\"breadcrumb\":{\"@id\":\"https:\/\/voyagedelabaleine.fr\/es\/producto\/jersey-de-bebe-nino-con-cuello-chal-pura-lana-merina-oatmeal\/#breadcrumb\"},\"inLanguage\":\"es\",\"potentialAction\":[{\"@type\":\"ReadAction\",\"target\":[\"https:\/\/voyagedelabaleine.fr\/es\/producto\/jersey-de-bebe-nino-con-cuello-chal-pura-lana-merina-oatmeal\/\"]}]},{\"@type\":\"ImageObject\",\"inLanguage\":\"es\",\"@id\":\"https:\/\/voyagedelabaleine.fr\/es\/producto\/jersey-de-bebe-nino-con-cuello-chal-pura-lana-merina-oatmeal\/#primaryimage\",\"url\":\"https:\/\/voyagedelabaleine.fr\/wp-content\/uploads\/2024\/11\/IMG_2270_VSCO-fotor-20241121132220.jpg\",\"contentUrl\":\"https:\/\/voyagedelabaleine.fr\/wp-content\/uploads\/2024\/11\/IMG_2270_VSCO-fotor-20241121132220.jpg\",\"width\":800,\"height\":1066,\"caption\":\"Pull b\u00e9b\u00e9 oatmeal col ch\u00e2le en laine m\u00e9rinos\"},{\"@type\":\"BreadcrumbList\",\"@id\":\"https:\/\/voyagedelabaleine.fr\/es\/producto\/jersey-de-bebe-nino-con-cuello-chal-pura-lana-merina-oatmeal\/#breadcrumb\",\"itemListElement\":[{\"@type\":\"ListItem\",\"position\":1,\"name\":\"Accueil\",\"item\":\"https:\/\/voyagedelabaleine.fr\/es\/inicio\/\"},{\"@type\":\"ListItem\",\"position\":2,\"name\":\"Tienda\",\"item\":\"https:\/\/voyagedelabaleine.fr\/es\/tienda\/\"},{\"@type\":\"ListItem\",\"position\":3,\"name\":\"Jersey de beb\u00e9 ni\u00f1o con cuello chal \u2013 Pura lana merina \u2013 Oatmeal\"}]},{\"@type\":\"WebSite\",\"@id\":\"https:\/\/voyagedelabaleine.fr\/es\/#website\",\"url\":\"https:\/\/voyagedelabaleine.fr\/es\/\",\"name\":\"Voyage de la Baleine\",\"description\":\"V\u00eatements intemporels et raffin\u00e9s pour b\u00e9b\u00e9s et enfants\",\"publisher\":{\"@id\":\"https:\/\/voyagedelabaleine.fr\/es\/#organization\"},\"potentialAction\":[{\"@type\":\"SearchAction\",\"target\":{\"@type\":\"EntryPoint\",\"urlTemplate\":\"https:\/\/voyagedelabaleine.fr\/es\/?s={search_term_string}\"},\"query-input\":{\"@type\":\"PropertyValueSpecification\",\"valueRequired\":true,\"valueName\":\"search_term_string\"}}],\"inLanguage\":\"es\"},{\"@type\":\"Organization\",\"@id\":\"https:\/\/voyagedelabaleine.fr\/es\/#organization\",\"name\":\"Voyage de la Baleine\",\"url\":\"https:\/\/voyagedelabaleine.fr\/es\/\",\"logo\":{\"@type\":\"ImageObject\",\"inLanguage\":\"es\",\"@id\":\"https:\/\/voyagedelabaleine.fr\/es\/#\/schema\/logo\/image\/\",\"url\":\"https:\/\/voyagedelabaleine.fr\/wp-content\/uploads\/2025\/06\/logo.webp\",\"contentUrl\":\"https:\/\/voyagedelabaleine.fr\/wp-content\/uploads\/2025\/06\/logo.webp\",\"width\":153,\"height\":64,\"caption\":\"Voyage de la Baleine\"},\"image\":{\"@id\":\"https:\/\/voyagedelabaleine.fr\/es\/#\/schema\/logo\/image\/\"},\"sameAs\":[\"https:\/\/www.facebook.com\/voyagedelabaleine\/\",\"https:\/\/www.instagram.com\/voyagedelabaleine\/\",\"https:\/\/www.pinterest.fr\/Voyagedelabaleine\/\"]}]}<\/script>\n<!-- \/ Yoast SEO plugin. -->","yoast_head_json":{"title":"Jersey de beb\u00e9 color avena con cuello chal de lana merina","description":"Descubra la autenticidad y la artesan\u00eda irlandesa con nuestro jersey de beb\u00e9 color avena con cuello chal de lana merina, una prenda elegante y c\u00f3moda a la vez.","robots":{"index":"index","follow":"follow","max-snippet":"max-snippet:-1","max-image-preview":"max-image-preview:large","max-video-preview":"max-video-preview:-1"},"canonical":"https:\/\/voyagedelabaleine.fr\/es\/producto\/jersey-de-bebe-nino-con-cuello-chal-pura-lana-merina-oatmeal\/","og_locale":"es_ES","og_type":"article","og_title":"Jersey de beb\u00e9 color avena con cuello chal de lana merina","og_description":"Descubra la autenticidad y la artesan\u00eda irlandesa con nuestro jersey de beb\u00e9 color avena con cuello chal de lana merina, una prenda elegante y c\u00f3moda a la vez.","og_url":"https:\/\/voyagedelabaleine.fr\/es\/producto\/jersey-de-bebe-nino-con-cuello-chal-pura-lana-merina-oatmeal\/","og_site_name":"Voyage de la Baleine","article_publisher":"https:\/\/www.facebook.com\/voyagedelabaleine\/","article_modified_time":"2026-01-14T22:08:26+00:00","og_image":[{"width":800,"height":1066,"url":"https:\/\/voyagedelabaleine.fr\/wp-content\/uploads\/2024\/11\/IMG_2270_VSCO-fotor-20241121132220.jpg","type":"image\/jpeg"}],"twitter_card":"summary_large_image","twitter_misc":{"Tiempo de lectura":"1 minuto"},"schema":{"@context":"https:\/\/schema.org","@graph":[{"@type":"WebPage","@id":"https:\/\/voyagedelabaleine.fr\/es\/producto\/jersey-de-bebe-nino-con-cuello-chal-pura-lana-merina-oatmeal\/","url":"https:\/\/voyagedelabaleine.fr\/es\/producto\/jersey-de-bebe-nino-con-cuello-chal-pura-lana-merina-oatmeal\/","name":"Jersey de beb\u00e9 color avena con cuello chal de lana merina","isPartOf":{"@id":"https:\/\/voyagedelabaleine.fr\/es\/#website"},"primaryImageOfPage":{"@id":"https:\/\/voyagedelabaleine.fr\/es\/producto\/jersey-de-bebe-nino-con-cuello-chal-pura-lana-merina-oatmeal\/#primaryimage"},"image":{"@id":"https:\/\/voyagedelabaleine.fr\/es\/producto\/jersey-de-bebe-nino-con-cuello-chal-pura-lana-merina-oatmeal\/#primaryimage"},"thumbnailUrl":"https:\/\/voyagedelabaleine.fr\/wp-content\/uploads\/2024\/11\/IMG_2270_VSCO-fotor-20241121132220.jpg","datePublished":"2024-11-21T12:29:24+00:00","dateModified":"2026-01-14T22:08:26+00:00","description":"Descubra la autenticidad y la artesan\u00eda irlandesa con nuestro jersey de beb\u00e9 color avena con cuello chal de lana merina, una prenda elegante y c\u00f3moda a la vez.","breadcrumb":{"@id":"https:\/\/voyagedelabaleine.fr\/es\/producto\/jersey-de-bebe-nino-con-cuello-chal-pura-lana-merina-oatmeal\/#breadcrumb"},"inLanguage":"es","potentialAction":[{"@type":"ReadAction","target":["https:\/\/voyagedelabaleine.fr\/es\/producto\/jersey-de-bebe-nino-con-cuello-chal-pura-lana-merina-oatmeal\/"]}]},{"@type":"ImageObject","inLanguage":"es","@id":"https:\/\/voyagedelabaleine.fr\/es\/producto\/jersey-de-bebe-nino-con-cuello-chal-pura-lana-merina-oatmeal\/#primaryimage","url":"https:\/\/voyagedelabaleine.fr\/wp-content\/uploads\/2024\/11\/IMG_2270_VSCO-fotor-20241121132220.jpg","contentUrl":"https:\/\/voyagedelabaleine.fr\/wp-content\/uploads\/2024\/11\/IMG_2270_VSCO-fotor-20241121132220.jpg","width":800,"height":1066,"caption":"Pull b\u00e9b\u00e9 oatmeal col ch\u00e2le en laine m\u00e9rinos"},{"@type":"BreadcrumbList","@id":"https:\/\/voyagedelabaleine.fr\/es\/producto\/jersey-de-bebe-nino-con-cuello-chal-pura-lana-merina-oatmeal\/#breadcrumb","itemListElement":[{"@type":"ListItem","position":1,"name":"Accueil","item":"https:\/\/voyagedelabaleine.fr\/es\/inicio\/"},{"@type":"ListItem","position":2,"name":"Tienda","item":"https:\/\/voyagedelabaleine.fr\/es\/tienda\/"},{"@type":"ListItem","position":3,"name":"Jersey de beb\u00e9 ni\u00f1o con cuello chal \u2013 Pura lana merina \u2013 Oatmeal"}]},{"@type":"WebSite","@id":"https:\/\/voyagedelabaleine.fr\/es\/#website","url":"https:\/\/voyagedelabaleine.fr\/es\/","name":"Voyage de la Baleine","description":"V\u00eatements intemporels et raffin\u00e9s pour b\u00e9b\u00e9s et enfants","publisher":{"@id":"https:\/\/voyagedelabaleine.fr\/es\/#organization"},"potentialAction":[{"@type":"SearchAction","target":{"@type":"EntryPoint","urlTemplate":"https:\/\/voyagedelabaleine.fr\/es\/?s={search_term_string}"},"query-input":{"@type":"PropertyValueSpecification","valueRequired":true,"valueName":"search_term_string"}}],"inLanguage":"es"},{"@type":"Organization","@id":"https:\/\/voyagedelabaleine.fr\/es\/#organization","name":"Voyage de la Baleine","url":"https:\/\/voyagedelabaleine.fr\/es\/","logo":{"@type":"ImageObject","inLanguage":"es","@id":"https:\/\/voyagedelabaleine.fr\/es\/#\/schema\/logo\/image\/","url":"https:\/\/voyagedelabaleine.fr\/wp-content\/uploads\/2025\/06\/logo.webp","contentUrl":"https:\/\/voyagedelabaleine.fr\/wp-content\/uploads\/2025\/06\/logo.webp","width":153,"height":64,"caption":"Voyage de la Baleine"},"image":{"@id":"https:\/\/voyagedelabaleine.fr\/es\/#\/schema\/logo\/image\/"},"sameAs":["https:\/\/www.facebook.com\/voyagedelabaleine\/","https:\/\/www.instagram.com\/voyagedelabaleine\/","https:\/\/www.pinterest.fr\/Voyagedelabaleine\/"]}]}},"_links":{"self":[{"href":"https:\/\/voyagedelabaleine.fr\/es\/wp-json\/wp\/v2\/product\/30577","targetHints":{"allow":["GET"]}}],"collection":[{"href":"https:\/\/voyagedelabaleine.fr\/es\/wp-json\/wp\/v2\/product"}],"about":[{"href":"https:\/\/voyagedelabaleine.fr\/es\/wp-json\/wp\/v2\/types\/product"}],"replies":[{"embeddable":true,"href":"https:\/\/voyagedelabaleine.fr\/es\/wp-json\/wp\/v2\/comments?post=30577"}],"wp:featuredmedia":[{"embeddable":true,"href":"https:\/\/voyagedelabaleine.fr\/es\/wp-json\/wp\/v2\/media\/14689"}],"wp:attachment":[{"href":"https:\/\/voyagedelabaleine.fr\/es\/wp-json\/wp\/v2\/media?parent=30577"}],"wp:term":[{"taxonomy":"product_brand","embeddable":true,"href":"https:\/\/voyagedelabaleine.fr\/es\/wp-json\/wp\/v2\/product_brand?post=30577"},{"taxonomy":"product_cat","embeddable":true,"href":"https:\/\/voyagedelabaleine.fr\/es\/wp-json\/wp\/v2\/product_cat?post=30577"},{"taxonomy":"product_tag","embeddable":true,"href":"https:\/\/voyagedelabaleine.fr\/es\/wp-json\/wp\/v2\/product_tag?post=30577"}],"curies":[{"name":"wp","href":"https:\/\/api.w.org\/{rel}","templated":true}]}}