{"id":31120,"date":"2024-09-13T13:14:35","date_gmt":"2024-09-13T11:14:35","guid":{"rendered":"https:\/\/voyagedelabaleine.fr\/product\/camisa-de-bebe-nino-con-cuello-redondo-y-botonadura-roja-blanco\/"},"modified":"2026-01-14T23:16:07","modified_gmt":"2026-01-14T22:16:07","slug":"camisa-de-bebe-nino-con-cuello-redondo-y-botonadura-roja-blanco","status":"publish","type":"product","link":"https:\/\/voyagedelabaleine.fr\/es\/producto\/camisa-de-bebe-nino-con-cuello-redondo-y-botonadura-roja-blanco\/","title":{"rendered":"Camisa de beb\u00e9 ni\u00f1o con cuello redondo y botonadura roja &#8211; Blanco"},"content":{"rendered":"<p>Sum\u00e9rjase en la elegancia simple y atemporal con esta encantadora <strong>camisa blanca con botonadura roja<\/strong> para beb\u00e9, especialmente dise\u00f1ada con un <strong>cuello redondo<\/strong> que a\u00f1ade un toque de delicadeza a su dise\u00f1o. Perfecta para ni\u00f1os y ni\u00f1as, esta camisa de algod\u00f3n de alta calidad ofrece no solo un confort excepcional, sino tambi\u00e9n un estilo que se combina perfectamente con diversos conjuntos. <\/p>\n<p>Fabricada con una atenci\u00f3n meticulosa a los detalles en Espa\u00f1a, esta camisa encarna la alianza perfecta entre artesan\u00eda tradicional y est\u00e9tica moderna. El cuello redondo, caracterizado por su simplicidad refinada, es ideal para crear un <strong>look cuidado<\/strong>, adaptado a todas las ocasiones, desde momentos de juego desenfadados hasta salidas en familia. <\/p>\n<p>Combine esta camisa de cuello redondo con nuestro <a href=\"https:\/\/voyagedelabaleine.fr\/product\/bloomer-grands-carreaux-marrons\/\">bloomer de cuadros grandes marrones<\/a> que posee dos botones decorativos <strong>a juego con los de esta camisa<\/strong> para componer un conjunto adorable y lleno de car\u00e1cter. Esta combinaci\u00f3n de blanco brillante y cuadros marrones ofrece un contraste sutil pero distintivo, ideal para captar la atenci\u00f3n a la vez que se conserva una elegancia discreta. <\/p>\n<p>Los padres apreciar\u00e1n no solo el <strong>estilo cl\u00e1sico<\/strong> y vers\u00e1til de esta camisa, sino tambi\u00e9n su gran durabilidad, que la convierte en una elecci\u00f3n juiciosa para el guardarropa de su hijo. Ya sea llevada sola en los d\u00edas m\u00e1s c\u00e1lidos o bajo un jersey o chaleco en las \u00e9pocas m\u00e1s frescas, esta camisa blanca sigue siendo una pieza clave para toda estaci\u00f3n. <\/p>\n<p>Al optar por esta <strong>camisa beb\u00e9 blanca con cuello redondo y botonadura roja<\/strong>, ofrece a su peque\u00f1o la comodidad y la elegancia del made in Spain.<\/p>\n<p><em>Cada aspecto de esta camisa, desde los acabados cuidados hasta el corte c\u00f3modo, testimonia el compromiso con la calidad y el estilo atemporal, haciendo de esta pieza una elecci\u00f3n privilegiada para crear recuerdos preciosos y momentos inolvidables.<\/em><\/p>\n<p>Fabricado en Espa\u00f1a.<\/p>\n","protected":false},"excerpt":{"rendered":"<ul>\n<li>Manga larga<\/li>\n<li>Cuello redondo<\/li>\n<li>Botonadura roja<\/li>\n<li>Para combinar con el <a href=\"https:\/\/voyagedelabaleine.fr\/product\/bloomer-grands-carreaux-marrons\/\">bloomer de cuadros marrones<\/a><\/li>\n<li>100% gasa de algod\u00f3n<\/li>\n<li>Fabricada en Espa\u00f1a<br \/>\n<em>Esta camisa tiene un tallaje normal. Elija su talla habitual.<\/em><\/li>\n<\/ul>\n","protected":false},"featured_media":16891,"comment_status":"open","ping_status":"closed","template":"","meta":{"ocean_post_layout":"","ocean_both_sidebars_style":"","ocean_both_sidebars_content_width":0,"ocean_both_sidebars_sidebars_width":0,"ocean_sidebar":"0","ocean_second_sidebar":"0","ocean_disable_margins":"enable","ocean_add_body_class":"","ocean_shortcode_before_top_bar":"","ocean_shortcode_after_top_bar":"","ocean_shortcode_before_header":"","ocean_shortcode_after_header":"","ocean_has_shortcode":"","ocean_shortcode_after_title":"","ocean_shortcode_before_footer_widgets":"","ocean_shortcode_after_footer_widgets":"","ocean_shortcode_before_footer_bottom":"","ocean_shortcode_after_footer_bottom":"","ocean_display_top_bar":"default","ocean_display_header":"default","ocean_header_style":"","ocean_center_header_left_menu":"0","ocean_custom_header_template":"0","ocean_custom_logo":0,"ocean_custom_retina_logo":0,"ocean_custom_logo_max_width":0,"ocean_custom_logo_tablet_max_width":0,"ocean_custom_logo_mobile_max_width":0,"ocean_custom_logo_max_height":0,"ocean_custom_logo_tablet_max_height":0,"ocean_custom_logo_mobile_max_height":0,"ocean_header_custom_menu":"0","ocean_menu_typo_font_family":"0","ocean_menu_typo_font_subset":"","ocean_menu_typo_font_size":0,"ocean_menu_typo_font_size_tablet":0,"ocean_menu_typo_font_size_mobile":0,"ocean_menu_typo_font_size_unit":"px","ocean_menu_typo_font_weight":"","ocean_menu_typo_font_weight_tablet":"","ocean_menu_typo_font_weight_mobile":"","ocean_menu_typo_transform":"","ocean_menu_typo_transform_tablet":"","ocean_menu_typo_transform_mobile":"","ocean_menu_typo_line_height":0,"ocean_menu_typo_line_height_tablet":0,"ocean_menu_typo_line_height_mobile":0,"ocean_menu_typo_line_height_unit":"","ocean_menu_typo_spacing":0,"ocean_menu_typo_spacing_tablet":0,"ocean_menu_typo_spacing_mobile":0,"ocean_menu_typo_spacing_unit":"","ocean_menu_link_color":"","ocean_menu_link_color_hover":"","ocean_menu_link_color_active":"","ocean_menu_link_background":"","ocean_menu_link_hover_background":"","ocean_menu_link_active_background":"","ocean_menu_social_links_bg":"","ocean_menu_social_hover_links_bg":"","ocean_menu_social_links_color":"","ocean_menu_social_hover_links_color":"","ocean_disable_title":"default","ocean_disable_heading":"default","ocean_post_title":"","ocean_post_subheading":"","ocean_post_title_style":"","ocean_post_title_background_color":"","ocean_post_title_background":0,"ocean_post_title_bg_image_position":"","ocean_post_title_bg_image_attachment":"","ocean_post_title_bg_image_repeat":"","ocean_post_title_bg_image_size":"","ocean_post_title_height":0,"ocean_post_title_bg_overlay":0.5,"ocean_post_title_bg_overlay_color":"","ocean_disable_breadcrumbs":"default","ocean_breadcrumbs_color":"","ocean_breadcrumbs_separator_color":"","ocean_breadcrumbs_links_color":"","ocean_breadcrumbs_links_hover_color":"","ocean_display_footer_widgets":"default","ocean_display_footer_bottom":"default","ocean_custom_footer_template":"0","osh_disable_topbar_sticky":"default","osh_disable_header_sticky":"default","osh_sticky_header_style":"default","osh_sticky_header_effect":"","osh_custom_sticky_logo":0,"osh_custom_retina_sticky_logo":0,"osh_custom_sticky_logo_height":0,"osh_background_color":"","osh_links_color":"","osh_links_hover_color":"","osh_links_active_color":"","osh_links_bg_color":"","osh_links_hover_bg_color":"","osh_links_active_bg_color":"","osh_menu_social_links_color":"","osh_menu_social_hover_links_color":""},"product_brand":[],"product_cat":[7017,6975,6997,6877,6821,6849,6901,6925,6941,7031],"product_tag":[],"class_list":{"0":"post-31120","1":"product","2":"type-product","3":"status-publish","4":"has-post-thumbnail","6":"product_cat-blusa-camiseta-nacimiento","7":"product_cat-blusa-y-camiseta-nacimiento-nina","8":"product_cat-blusa-camiseta-nacimiento-nino","9":"product_cat-blusa-camiseta-bebe","10":"product_cat-blusa-camiseta-bebe-nina","11":"product_cat-blusa-camiseta-bebe-nino","12":"product_cat-blusa-camiseta-nina","13":"product_cat-blusa-camiseta-nino","14":"product_cat-blusa-camiseta-ninos","15":"product_cat-ropa","17":"entry","18":"has-media","20":"first","21":"instock","22":"taxable","23":"shipping-taxable","24":"purchasable","25":"product-type-variable","26":"has-default-attributes","27":"has-rating","28":"col","29":"span_1_of_3","30":"owp-content-center","31":"owp-thumbs-layout-vertical","32":"owp-btn-big","33":"owp-tabs-layout-vertical","34":"circle-sale"},"yoast_head":"<!-- This site is optimized with the Yoast SEO plugin v27.1.1 - https:\/\/yoast.com\/product\/yoast-seo-wordpress\/ -->\n<title>Camisa de beb\u00e9 blanca con cuello redondo<\/title>\n<meta name=\"description\" content=\"Sum\u00e9rjase en la elegancia simple y atemporal con esta encantadora camisa de beb\u00e9 blanca con cuello redondo. Fabricada en Espa\u00f1a.\" \/>\n<meta name=\"robots\" content=\"index, follow, max-snippet:-1, max-image-preview:large, max-video-preview:-1\" \/>\n<link rel=\"canonical\" href=\"https:\/\/voyagedelabaleine.fr\/es\/producto\/camisa-de-bebe-nino-con-cuello-redondo-y-botonadura-roja-blanco\/\" \/>\n<meta property=\"og:locale\" content=\"es_ES\" \/>\n<meta property=\"og:type\" content=\"article\" \/>\n<meta property=\"og:title\" content=\"Camisa de beb\u00e9 blanca con cuello redondo\" \/>\n<meta property=\"og:description\" content=\"Sum\u00e9rjase en la elegancia simple y atemporal con esta encantadora camisa de beb\u00e9 blanca con cuello redondo. Fabricada en Espa\u00f1a.\" \/>\n<meta property=\"og:url\" content=\"https:\/\/voyagedelabaleine.fr\/es\/producto\/camisa-de-bebe-nino-con-cuello-redondo-y-botonadura-roja-blanco\/\" \/>\n<meta property=\"og:site_name\" content=\"Voyage de la Baleine\" \/>\n<meta property=\"article:publisher\" content=\"https:\/\/www.facebook.com\/voyagedelabaleine\/\" \/>\n<meta property=\"article:modified_time\" content=\"2026-01-14T22:16:07+00:00\" \/>\n<meta property=\"og:image\" content=\"https:\/\/voyagedelabaleine.fr\/wp-content\/uploads\/2025\/02\/chemise-bebe-boutonniere-rouge.jpg\" \/>\n\t<meta property=\"og:image:width\" content=\"1200\" \/>\n\t<meta property=\"og:image:height\" content=\"1600\" \/>\n\t<meta property=\"og:image:type\" content=\"image\/jpeg\" \/>\n<meta name=\"twitter:card\" content=\"summary_large_image\" \/>\n<meta name=\"twitter:label1\" content=\"Tiempo de lectura\" \/>\n\t<meta name=\"twitter:data1\" content=\"2 minuto\" \/>\n<script type=\"application\/ld+json\" class=\"yoast-schema-graph\">{\"@context\":\"https:\/\/schema.org\",\"@graph\":[{\"@type\":\"WebPage\",\"@id\":\"https:\/\/voyagedelabaleine.fr\/es\/producto\/camisa-de-bebe-nino-con-cuello-redondo-y-botonadura-roja-blanco\/\",\"url\":\"https:\/\/voyagedelabaleine.fr\/es\/producto\/camisa-de-bebe-nino-con-cuello-redondo-y-botonadura-roja-blanco\/\",\"name\":\"Camisa de beb\u00e9 blanca con cuello redondo\",\"isPartOf\":{\"@id\":\"https:\/\/voyagedelabaleine.fr\/es\/#website\"},\"primaryImageOfPage\":{\"@id\":\"https:\/\/voyagedelabaleine.fr\/es\/producto\/camisa-de-bebe-nino-con-cuello-redondo-y-botonadura-roja-blanco\/#primaryimage\"},\"image\":{\"@id\":\"https:\/\/voyagedelabaleine.fr\/es\/producto\/camisa-de-bebe-nino-con-cuello-redondo-y-botonadura-roja-blanco\/#primaryimage\"},\"thumbnailUrl\":\"https:\/\/voyagedelabaleine.fr\/wp-content\/uploads\/2025\/02\/chemise-bebe-boutonniere-rouge.jpg\",\"datePublished\":\"2024-09-13T11:14:35+00:00\",\"dateModified\":\"2026-01-14T22:16:07+00:00\",\"description\":\"Sum\u00e9rjase en la elegancia simple y atemporal con esta encantadora camisa de beb\u00e9 blanca con cuello redondo. Fabricada en Espa\u00f1a.\",\"breadcrumb\":{\"@id\":\"https:\/\/voyagedelabaleine.fr\/es\/producto\/camisa-de-bebe-nino-con-cuello-redondo-y-botonadura-roja-blanco\/#breadcrumb\"},\"inLanguage\":\"es\",\"potentialAction\":[{\"@type\":\"ReadAction\",\"target\":[\"https:\/\/voyagedelabaleine.fr\/es\/producto\/camisa-de-bebe-nino-con-cuello-redondo-y-botonadura-roja-blanco\/\"]}]},{\"@type\":\"ImageObject\",\"inLanguage\":\"es\",\"@id\":\"https:\/\/voyagedelabaleine.fr\/es\/producto\/camisa-de-bebe-nino-con-cuello-redondo-y-botonadura-roja-blanco\/#primaryimage\",\"url\":\"https:\/\/voyagedelabaleine.fr\/wp-content\/uploads\/2025\/02\/chemise-bebe-boutonniere-rouge.jpg\",\"contentUrl\":\"https:\/\/voyagedelabaleine.fr\/wp-content\/uploads\/2025\/02\/chemise-bebe-boutonniere-rouge.jpg\",\"width\":1200,\"height\":1600,\"caption\":\"Chemise b\u00e9b\u00e9 gar\u00e7on \u00e0 col rond en gaze de coton \u00e0 boutonni\u00e8re rouge port\u00e9e par un b\u00e9b\u00e9\"},{\"@type\":\"BreadcrumbList\",\"@id\":\"https:\/\/voyagedelabaleine.fr\/es\/producto\/camisa-de-bebe-nino-con-cuello-redondo-y-botonadura-roja-blanco\/#breadcrumb\",\"itemListElement\":[{\"@type\":\"ListItem\",\"position\":1,\"name\":\"Accueil\",\"item\":\"https:\/\/voyagedelabaleine.fr\/es\/inicio\/\"},{\"@type\":\"ListItem\",\"position\":2,\"name\":\"Tienda\",\"item\":\"https:\/\/voyagedelabaleine.fr\/es\/tienda\/\"},{\"@type\":\"ListItem\",\"position\":3,\"name\":\"Camisa de beb\u00e9 ni\u00f1o con cuello redondo y botonadura roja &#8211; Blanco\"}]},{\"@type\":\"WebSite\",\"@id\":\"https:\/\/voyagedelabaleine.fr\/es\/#website\",\"url\":\"https:\/\/voyagedelabaleine.fr\/es\/\",\"name\":\"Voyage de la Baleine\",\"description\":\"V\u00eatements intemporels et raffin\u00e9s pour b\u00e9b\u00e9s et enfants\",\"publisher\":{\"@id\":\"https:\/\/voyagedelabaleine.fr\/es\/#organization\"},\"potentialAction\":[{\"@type\":\"SearchAction\",\"target\":{\"@type\":\"EntryPoint\",\"urlTemplate\":\"https:\/\/voyagedelabaleine.fr\/es\/?s={search_term_string}\"},\"query-input\":{\"@type\":\"PropertyValueSpecification\",\"valueRequired\":true,\"valueName\":\"search_term_string\"}}],\"inLanguage\":\"es\"},{\"@type\":\"Organization\",\"@id\":\"https:\/\/voyagedelabaleine.fr\/es\/#organization\",\"name\":\"Voyage de la Baleine\",\"url\":\"https:\/\/voyagedelabaleine.fr\/es\/\",\"logo\":{\"@type\":\"ImageObject\",\"inLanguage\":\"es\",\"@id\":\"https:\/\/voyagedelabaleine.fr\/es\/#\/schema\/logo\/image\/\",\"url\":\"https:\/\/voyagedelabaleine.fr\/wp-content\/uploads\/2025\/06\/logo.webp\",\"contentUrl\":\"https:\/\/voyagedelabaleine.fr\/wp-content\/uploads\/2025\/06\/logo.webp\",\"width\":153,\"height\":64,\"caption\":\"Voyage de la Baleine\"},\"image\":{\"@id\":\"https:\/\/voyagedelabaleine.fr\/es\/#\/schema\/logo\/image\/\"},\"sameAs\":[\"https:\/\/www.facebook.com\/voyagedelabaleine\/\",\"https:\/\/www.instagram.com\/voyagedelabaleine\/\",\"https:\/\/www.pinterest.fr\/Voyagedelabaleine\/\"]}]}<\/script>\n<!-- \/ Yoast SEO plugin. -->","yoast_head_json":{"title":"Camisa de beb\u00e9 blanca con cuello redondo","description":"Sum\u00e9rjase en la elegancia simple y atemporal con esta encantadora camisa de beb\u00e9 blanca con cuello redondo. Fabricada en Espa\u00f1a.","robots":{"index":"index","follow":"follow","max-snippet":"max-snippet:-1","max-image-preview":"max-image-preview:large","max-video-preview":"max-video-preview:-1"},"canonical":"https:\/\/voyagedelabaleine.fr\/es\/producto\/camisa-de-bebe-nino-con-cuello-redondo-y-botonadura-roja-blanco\/","og_locale":"es_ES","og_type":"article","og_title":"Camisa de beb\u00e9 blanca con cuello redondo","og_description":"Sum\u00e9rjase en la elegancia simple y atemporal con esta encantadora camisa de beb\u00e9 blanca con cuello redondo. Fabricada en Espa\u00f1a.","og_url":"https:\/\/voyagedelabaleine.fr\/es\/producto\/camisa-de-bebe-nino-con-cuello-redondo-y-botonadura-roja-blanco\/","og_site_name":"Voyage de la Baleine","article_publisher":"https:\/\/www.facebook.com\/voyagedelabaleine\/","article_modified_time":"2026-01-14T22:16:07+00:00","og_image":[{"width":1200,"height":1600,"url":"https:\/\/voyagedelabaleine.fr\/wp-content\/uploads\/2025\/02\/chemise-bebe-boutonniere-rouge.jpg","type":"image\/jpeg"}],"twitter_card":"summary_large_image","twitter_misc":{"Tiempo de lectura":"2 minuto"},"schema":{"@context":"https:\/\/schema.org","@graph":[{"@type":"WebPage","@id":"https:\/\/voyagedelabaleine.fr\/es\/producto\/camisa-de-bebe-nino-con-cuello-redondo-y-botonadura-roja-blanco\/","url":"https:\/\/voyagedelabaleine.fr\/es\/producto\/camisa-de-bebe-nino-con-cuello-redondo-y-botonadura-roja-blanco\/","name":"Camisa de beb\u00e9 blanca con cuello redondo","isPartOf":{"@id":"https:\/\/voyagedelabaleine.fr\/es\/#website"},"primaryImageOfPage":{"@id":"https:\/\/voyagedelabaleine.fr\/es\/producto\/camisa-de-bebe-nino-con-cuello-redondo-y-botonadura-roja-blanco\/#primaryimage"},"image":{"@id":"https:\/\/voyagedelabaleine.fr\/es\/producto\/camisa-de-bebe-nino-con-cuello-redondo-y-botonadura-roja-blanco\/#primaryimage"},"thumbnailUrl":"https:\/\/voyagedelabaleine.fr\/wp-content\/uploads\/2025\/02\/chemise-bebe-boutonniere-rouge.jpg","datePublished":"2024-09-13T11:14:35+00:00","dateModified":"2026-01-14T22:16:07+00:00","description":"Sum\u00e9rjase en la elegancia simple y atemporal con esta encantadora camisa de beb\u00e9 blanca con cuello redondo. Fabricada en Espa\u00f1a.","breadcrumb":{"@id":"https:\/\/voyagedelabaleine.fr\/es\/producto\/camisa-de-bebe-nino-con-cuello-redondo-y-botonadura-roja-blanco\/#breadcrumb"},"inLanguage":"es","potentialAction":[{"@type":"ReadAction","target":["https:\/\/voyagedelabaleine.fr\/es\/producto\/camisa-de-bebe-nino-con-cuello-redondo-y-botonadura-roja-blanco\/"]}]},{"@type":"ImageObject","inLanguage":"es","@id":"https:\/\/voyagedelabaleine.fr\/es\/producto\/camisa-de-bebe-nino-con-cuello-redondo-y-botonadura-roja-blanco\/#primaryimage","url":"https:\/\/voyagedelabaleine.fr\/wp-content\/uploads\/2025\/02\/chemise-bebe-boutonniere-rouge.jpg","contentUrl":"https:\/\/voyagedelabaleine.fr\/wp-content\/uploads\/2025\/02\/chemise-bebe-boutonniere-rouge.jpg","width":1200,"height":1600,"caption":"Chemise b\u00e9b\u00e9 gar\u00e7on \u00e0 col rond en gaze de coton \u00e0 boutonni\u00e8re rouge port\u00e9e par un b\u00e9b\u00e9"},{"@type":"BreadcrumbList","@id":"https:\/\/voyagedelabaleine.fr\/es\/producto\/camisa-de-bebe-nino-con-cuello-redondo-y-botonadura-roja-blanco\/#breadcrumb","itemListElement":[{"@type":"ListItem","position":1,"name":"Accueil","item":"https:\/\/voyagedelabaleine.fr\/es\/inicio\/"},{"@type":"ListItem","position":2,"name":"Tienda","item":"https:\/\/voyagedelabaleine.fr\/es\/tienda\/"},{"@type":"ListItem","position":3,"name":"Camisa de beb\u00e9 ni\u00f1o con cuello redondo y botonadura roja &#8211; Blanco"}]},{"@type":"WebSite","@id":"https:\/\/voyagedelabaleine.fr\/es\/#website","url":"https:\/\/voyagedelabaleine.fr\/es\/","name":"Voyage de la Baleine","description":"V\u00eatements intemporels et raffin\u00e9s pour b\u00e9b\u00e9s et enfants","publisher":{"@id":"https:\/\/voyagedelabaleine.fr\/es\/#organization"},"potentialAction":[{"@type":"SearchAction","target":{"@type":"EntryPoint","urlTemplate":"https:\/\/voyagedelabaleine.fr\/es\/?s={search_term_string}"},"query-input":{"@type":"PropertyValueSpecification","valueRequired":true,"valueName":"search_term_string"}}],"inLanguage":"es"},{"@type":"Organization","@id":"https:\/\/voyagedelabaleine.fr\/es\/#organization","name":"Voyage de la Baleine","url":"https:\/\/voyagedelabaleine.fr\/es\/","logo":{"@type":"ImageObject","inLanguage":"es","@id":"https:\/\/voyagedelabaleine.fr\/es\/#\/schema\/logo\/image\/","url":"https:\/\/voyagedelabaleine.fr\/wp-content\/uploads\/2025\/06\/logo.webp","contentUrl":"https:\/\/voyagedelabaleine.fr\/wp-content\/uploads\/2025\/06\/logo.webp","width":153,"height":64,"caption":"Voyage de la Baleine"},"image":{"@id":"https:\/\/voyagedelabaleine.fr\/es\/#\/schema\/logo\/image\/"},"sameAs":["https:\/\/www.facebook.com\/voyagedelabaleine\/","https:\/\/www.instagram.com\/voyagedelabaleine\/","https:\/\/www.pinterest.fr\/Voyagedelabaleine\/"]}]}},"_links":{"self":[{"href":"https:\/\/voyagedelabaleine.fr\/es\/wp-json\/wp\/v2\/product\/31120","targetHints":{"allow":["GET"]}}],"collection":[{"href":"https:\/\/voyagedelabaleine.fr\/es\/wp-json\/wp\/v2\/product"}],"about":[{"href":"https:\/\/voyagedelabaleine.fr\/es\/wp-json\/wp\/v2\/types\/product"}],"replies":[{"embeddable":true,"href":"https:\/\/voyagedelabaleine.fr\/es\/wp-json\/wp\/v2\/comments?post=31120"}],"wp:featuredmedia":[{"embeddable":true,"href":"https:\/\/voyagedelabaleine.fr\/es\/wp-json\/wp\/v2\/media\/16891"}],"wp:attachment":[{"href":"https:\/\/voyagedelabaleine.fr\/es\/wp-json\/wp\/v2\/media?parent=31120"}],"wp:term":[{"taxonomy":"product_brand","embeddable":true,"href":"https:\/\/voyagedelabaleine.fr\/es\/wp-json\/wp\/v2\/product_brand?post=31120"},{"taxonomy":"product_cat","embeddable":true,"href":"https:\/\/voyagedelabaleine.fr\/es\/wp-json\/wp\/v2\/product_cat?post=31120"},{"taxonomy":"product_tag","embeddable":true,"href":"https:\/\/voyagedelabaleine.fr\/es\/wp-json\/wp\/v2\/product_tag?post=31120"}],"curies":[{"name":"wp","href":"https:\/\/api.w.org\/{rel}","templated":true}]}}