{"id":31128,"date":"2024-09-13T13:33:48","date_gmt":"2024-09-13T11:33:48","guid":{"rendered":"https:\/\/voyagedelabaleine.fr\/product\/zapatillas-altas-de-cuero-para-bebe-azul-marino\/"},"modified":"2026-01-14T23:16:22","modified_gmt":"2026-01-14T22:16:22","slug":"zapatillas-altas-de-cuero-para-bebe-azul-marino","status":"publish","type":"product","link":"https:\/\/voyagedelabaleine.fr\/es\/producto\/zapatillas-altas-de-cuero-para-bebe-azul-marino\/","title":{"rendered":"Zapatillas altas de cuero para beb\u00e9 &#8211; Azul marino"},"content":{"rendered":"<p>Deje que la delicadeza envuelva los piececitos de su tesoro con nuestras <strong>zapatillas de cuero azul marino para beb\u00e9<\/strong> con cordones. Dise\u00f1adas para combinar comodidad y refinamiento, estas zapatillas altas y mixtas a\u00f1aden un toque de elegancia a cada paso de su beb\u00e9. El <strong>cuero azul marino<\/strong>, de gran calidad, ofrece una sensaci\u00f3n de suavidad y ligereza, mientras que su tono cl\u00e1sico e intemporal armoniza perfectamente con todos los conjuntos, ya sean informales o elegantes.  <\/p>\n<p>Estas zapatillas se convertir\u00e1n r\u00e1pidamente en el compa\u00f1ero preferido de su peque\u00f1o explorador gracias a su <strong>comodidad inigualable<\/strong> y su dise\u00f1o cuidado. El cuero de alta calidad garantiza una gran durabilidad a la vez que permite que los pies respiren, evitando as\u00ed cualquier sensaci\u00f3n de incomodidad. Los <strong>cordones<\/strong> ofrecen un ajuste perfecto y seguro, garantizando que las zapatillas permanezcan en su sitio, incluso durante las aventuras m\u00e1s din\u00e1micas de su beb\u00e9.  <\/p>\n<p>Vers\u00e1tiles y elegantes, estas <strong>zapatillas de cuero azul marino con cordones<\/strong> son adecuadas para todas las ocasiones. Ya sea para un d\u00eda en casa, una salida en familia o una ocasi\u00f3n especial, a\u00f1aden un toque chic y sofisticado a cada conjunto. Imagine a su peque\u00f1o tesoro llevando estas zapatillas con un <a href=\"https:\/\/voyagedelabaleine.fr\/es\/categorie-produit\/bebe\/ropa-chic-bebe\/pelele-peto-ranita-bebe\/\">mono bonito<\/a>, un <a href=\"https:\/\/voyagedelabaleine.fr\/es\/categorie-produit\/bebe\/ropa-chic-bebe\/vestido-bebe-nina\/\">vestido elegante<\/a> o un pantal\u00f3n c\u00f3modo: el resultado siempre ser\u00e1 encantador.  <\/p>\n<p>Estas zapatillas tambi\u00e9n son un <strong>regalo de nacimiento ideal<\/strong>. Su dise\u00f1o refinado y su calidad superior las convierten en un regalo pr\u00e1ctico y elegante, apreciado por los nuevos padres. Ofrezca a su beb\u00e9 lo mejor en t\u00e9rminos de comodidad y estilo con estas zapatillas <strong>de alta gama<\/strong>, dise\u00f1adas para durar y para hacer brillar cada instante.  <\/p>\n<p>Fabricadas con esmero, estas <strong>zapatillas de cuero<\/strong> tambi\u00e9n son f\u00e1ciles de mantener. Basta con pasar un pa\u00f1o h\u00famedo para limpiarlas, lo que las hace perfectas para el uso diario. Su robustez garantiza que resistir\u00e1n las aventuras de su beb\u00e9 a la vez que conservan su aspecto elegante.  <\/p>\n<p>Nuestras <strong>zapatillas de cuero azul marino con cordones para beb\u00e9<\/strong> son una elecci\u00f3n ineludible para los padres preocupados por el bienestar y el estilo de su hijo. Combinando comodidad, sujeci\u00f3n y elegancia, son perfectas para acompa\u00f1ar las primeras exploraciones de su beb\u00e9. <\/p>\n<p><em>Ofrezca a su peque\u00f1o tesoro la suavidad, la seguridad y el chic que se merece con estas magn\u00edficas zapatillas de cuero.<\/em><\/p>\n<p>Fabricado en Espa\u00f1a.<\/p>\n","protected":false},"excerpt":{"rendered":"<ul>\n<li>Se cierran con cordones<\/li>\n<li>Composici\u00f3n:<br \/>\nExterior: 100 % cuero<br \/>\nForro: 75 % algod\u00f3n, 25 % poli\u00e9ster<br \/>\nSuela: 100 % cuero<\/li>\n<li>Fabricado en Espa\u00f1a<br \/>\n<em>Estas zapatillas tallan normal. Elija la talla habitual.<\/em><\/li>\n<\/ul>\n","protected":false},"featured_media":11730,"comment_status":"open","ping_status":"closed","template":"","meta":{"ocean_post_layout":"","ocean_both_sidebars_style":"","ocean_both_sidebars_content_width":0,"ocean_both_sidebars_sidebars_width":0,"ocean_sidebar":"0","ocean_second_sidebar":"0","ocean_disable_margins":"enable","ocean_add_body_class":"","ocean_shortcode_before_top_bar":"","ocean_shortcode_after_top_bar":"","ocean_shortcode_before_header":"","ocean_shortcode_after_header":"","ocean_has_shortcode":"","ocean_shortcode_after_title":"","ocean_shortcode_before_footer_widgets":"","ocean_shortcode_after_footer_widgets":"","ocean_shortcode_before_footer_bottom":"","ocean_shortcode_after_footer_bottom":"","ocean_display_top_bar":"default","ocean_display_header":"default","ocean_header_style":"","ocean_center_header_left_menu":"0","ocean_custom_header_template":"0","ocean_custom_logo":0,"ocean_custom_retina_logo":0,"ocean_custom_logo_max_width":0,"ocean_custom_logo_tablet_max_width":0,"ocean_custom_logo_mobile_max_width":0,"ocean_custom_logo_max_height":0,"ocean_custom_logo_tablet_max_height":0,"ocean_custom_logo_mobile_max_height":0,"ocean_header_custom_menu":"0","ocean_menu_typo_font_family":"0","ocean_menu_typo_font_subset":"","ocean_menu_typo_font_size":0,"ocean_menu_typo_font_size_tablet":0,"ocean_menu_typo_font_size_mobile":0,"ocean_menu_typo_font_size_unit":"px","ocean_menu_typo_font_weight":"","ocean_menu_typo_font_weight_tablet":"","ocean_menu_typo_font_weight_mobile":"","ocean_menu_typo_transform":"","ocean_menu_typo_transform_tablet":"","ocean_menu_typo_transform_mobile":"","ocean_menu_typo_line_height":0,"ocean_menu_typo_line_height_tablet":0,"ocean_menu_typo_line_height_mobile":0,"ocean_menu_typo_line_height_unit":"","ocean_menu_typo_spacing":0,"ocean_menu_typo_spacing_tablet":0,"ocean_menu_typo_spacing_mobile":0,"ocean_menu_typo_spacing_unit":"","ocean_menu_link_color":"","ocean_menu_link_color_hover":"","ocean_menu_link_color_active":"","ocean_menu_link_background":"","ocean_menu_link_hover_background":"","ocean_menu_link_active_background":"","ocean_menu_social_links_bg":"","ocean_menu_social_hover_links_bg":"","ocean_menu_social_links_color":"","ocean_menu_social_hover_links_color":"","ocean_disable_title":"default","ocean_disable_heading":"default","ocean_post_title":"","ocean_post_subheading":"","ocean_post_title_style":"","ocean_post_title_background_color":"","ocean_post_title_background":0,"ocean_post_title_bg_image_position":"","ocean_post_title_bg_image_attachment":"","ocean_post_title_bg_image_repeat":"","ocean_post_title_bg_image_size":"","ocean_post_title_height":0,"ocean_post_title_bg_overlay":0.5,"ocean_post_title_bg_overlay_color":"","ocean_disable_breadcrumbs":"default","ocean_breadcrumbs_color":"","ocean_breadcrumbs_separator_color":"","ocean_breadcrumbs_links_color":"","ocean_breadcrumbs_links_hover_color":"","ocean_display_footer_widgets":"default","ocean_display_footer_bottom":"default","ocean_custom_footer_template":"0","osh_disable_topbar_sticky":"default","osh_disable_header_sticky":"default","osh_sticky_header_style":"default","osh_sticky_header_effect":"","osh_custom_sticky_logo":0,"osh_custom_retina_sticky_logo":0,"osh_custom_sticky_logo_height":0,"osh_background_color":"","osh_links_color":"","osh_links_hover_color":"","osh_links_active_color":"","osh_links_bg_color":"","osh_links_hover_bg_color":"","osh_links_active_bg_color":"","osh_menu_social_links_color":"","osh_menu_social_hover_links_color":""},"product_brand":[],"product_cat":[6965,6981,7003,6867,6828,6855],"product_tag":[],"class_list":{"0":"post-31128","1":"product","2":"type-product","3":"status-publish","4":"has-post-thumbnail","6":"product_cat-zapatitos-nacimiento","7":"product_cat-zapatitos-nacimiento-nina","8":"product_cat-zapatitos-nacimiento-nino","9":"product_cat-zapatitos-bebe","10":"product_cat-zapatitos-bebe-nina","11":"product_cat-zapatitos-bebe-nino","13":"entry","14":"has-media","16":"first","17":"instock","18":"taxable","19":"shipping-taxable","20":"purchasable","21":"product-type-variable","22":"has-default-attributes","23":"has-rating","24":"col","25":"span_1_of_3","26":"owp-content-center","27":"owp-thumbs-layout-vertical","28":"owp-btn-big","29":"owp-tabs-layout-vertical","30":"circle-sale"},"yoast_head":"<!-- This site is optimized with the Yoast SEO plugin v27.1.1 - https:\/\/yoast.com\/product\/yoast-seo-wordpress\/ -->\n<title>Zapatillas de cuero azul marino con cordones para beb\u00e9 - Viaje de la Ballena<\/title>\n<meta name=\"description\" content=\"Deje que la delicadeza envuelva los piececitos de su tesoro con nuestras zapatillas de cuero azul marino con cordones para beb\u00e9. Fabricadas en Espa\u00f1a.\" \/>\n<meta name=\"robots\" content=\"index, follow, max-snippet:-1, max-image-preview:large, max-video-preview:-1\" \/>\n<link rel=\"canonical\" href=\"https:\/\/voyagedelabaleine.fr\/es\/producto\/zapatillas-altas-de-cuero-para-bebe-azul-marino\/\" \/>\n<meta property=\"og:locale\" content=\"es_ES\" \/>\n<meta property=\"og:type\" content=\"article\" \/>\n<meta property=\"og:title\" content=\"Zapatillas de cuero azul marino con cordones para beb\u00e9 - Viaje de la Ballena\" \/>\n<meta property=\"og:description\" content=\"Deje que la delicadeza envuelva los piececitos de su tesoro con nuestras zapatillas de cuero azul marino con cordones para beb\u00e9. Fabricadas en Espa\u00f1a.\" \/>\n<meta property=\"og:url\" content=\"https:\/\/voyagedelabaleine.fr\/es\/producto\/zapatillas-altas-de-cuero-para-bebe-azul-marino\/\" \/>\n<meta property=\"og:site_name\" content=\"Voyage de la Baleine\" \/>\n<meta property=\"article:publisher\" content=\"https:\/\/www.facebook.com\/voyagedelabaleine\/\" \/>\n<meta property=\"article:modified_time\" content=\"2026-01-14T22:16:22+00:00\" \/>\n<meta property=\"og:image\" content=\"https:\/\/voyagedelabaleine.fr\/wp-content\/uploads\/2024\/09\/chaussons-bebe-cuir-haut-bleu-marine-3.jpg\" \/>\n\t<meta property=\"og:image:width\" content=\"576\" \/>\n\t<meta property=\"og:image:height\" content=\"769\" \/>\n\t<meta property=\"og:image:type\" content=\"image\/jpeg\" \/>\n<meta name=\"twitter:card\" content=\"summary_large_image\" \/>\n<meta name=\"twitter:label1\" content=\"Tiempo de lectura\" \/>\n\t<meta name=\"twitter:data1\" content=\"2 minuto\" \/>\n<script type=\"application\/ld+json\" class=\"yoast-schema-graph\">{\"@context\":\"https:\/\/schema.org\",\"@graph\":[{\"@type\":\"WebPage\",\"@id\":\"https:\/\/voyagedelabaleine.fr\/es\/producto\/zapatillas-altas-de-cuero-para-bebe-azul-marino\/\",\"url\":\"https:\/\/voyagedelabaleine.fr\/es\/producto\/zapatillas-altas-de-cuero-para-bebe-azul-marino\/\",\"name\":\"Zapatillas de cuero azul marino con cordones para beb\u00e9 - Viaje de la Ballena\",\"isPartOf\":{\"@id\":\"https:\/\/voyagedelabaleine.fr\/es\/#website\"},\"primaryImageOfPage\":{\"@id\":\"https:\/\/voyagedelabaleine.fr\/es\/producto\/zapatillas-altas-de-cuero-para-bebe-azul-marino\/#primaryimage\"},\"image\":{\"@id\":\"https:\/\/voyagedelabaleine.fr\/es\/producto\/zapatillas-altas-de-cuero-para-bebe-azul-marino\/#primaryimage\"},\"thumbnailUrl\":\"https:\/\/voyagedelabaleine.fr\/wp-content\/uploads\/2024\/09\/chaussons-bebe-cuir-haut-bleu-marine-3.jpg\",\"datePublished\":\"2024-09-13T11:33:48+00:00\",\"dateModified\":\"2026-01-14T22:16:22+00:00\",\"description\":\"Deje que la delicadeza envuelva los piececitos de su tesoro con nuestras zapatillas de cuero azul marino con cordones para beb\u00e9. Fabricadas en Espa\u00f1a.\",\"breadcrumb\":{\"@id\":\"https:\/\/voyagedelabaleine.fr\/es\/producto\/zapatillas-altas-de-cuero-para-bebe-azul-marino\/#breadcrumb\"},\"inLanguage\":\"es\",\"potentialAction\":[{\"@type\":\"ReadAction\",\"target\":[\"https:\/\/voyagedelabaleine.fr\/es\/producto\/zapatillas-altas-de-cuero-para-bebe-azul-marino\/\"]}]},{\"@type\":\"ImageObject\",\"inLanguage\":\"es\",\"@id\":\"https:\/\/voyagedelabaleine.fr\/es\/producto\/zapatillas-altas-de-cuero-para-bebe-azul-marino\/#primaryimage\",\"url\":\"https:\/\/voyagedelabaleine.fr\/wp-content\/uploads\/2024\/09\/chaussons-bebe-cuir-haut-bleu-marine-3.jpg\",\"contentUrl\":\"https:\/\/voyagedelabaleine.fr\/wp-content\/uploads\/2024\/09\/chaussons-bebe-cuir-haut-bleu-marine-3.jpg\",\"width\":576,\"height\":769,\"caption\":\"Chaussons b\u00e9b\u00e9 hauts en cuir bleu marine\"},{\"@type\":\"BreadcrumbList\",\"@id\":\"https:\/\/voyagedelabaleine.fr\/es\/producto\/zapatillas-altas-de-cuero-para-bebe-azul-marino\/#breadcrumb\",\"itemListElement\":[{\"@type\":\"ListItem\",\"position\":1,\"name\":\"Accueil\",\"item\":\"https:\/\/voyagedelabaleine.fr\/es\/inicio\/\"},{\"@type\":\"ListItem\",\"position\":2,\"name\":\"Tienda\",\"item\":\"https:\/\/voyagedelabaleine.fr\/es\/tienda\/\"},{\"@type\":\"ListItem\",\"position\":3,\"name\":\"Zapatillas altas de cuero para beb\u00e9 &#8211; Azul marino\"}]},{\"@type\":\"WebSite\",\"@id\":\"https:\/\/voyagedelabaleine.fr\/es\/#website\",\"url\":\"https:\/\/voyagedelabaleine.fr\/es\/\",\"name\":\"Voyage de la Baleine\",\"description\":\"V\u00eatements intemporels et raffin\u00e9s pour b\u00e9b\u00e9s et enfants\",\"publisher\":{\"@id\":\"https:\/\/voyagedelabaleine.fr\/es\/#organization\"},\"potentialAction\":[{\"@type\":\"SearchAction\",\"target\":{\"@type\":\"EntryPoint\",\"urlTemplate\":\"https:\/\/voyagedelabaleine.fr\/es\/?s={search_term_string}\"},\"query-input\":{\"@type\":\"PropertyValueSpecification\",\"valueRequired\":true,\"valueName\":\"search_term_string\"}}],\"inLanguage\":\"es\"},{\"@type\":\"Organization\",\"@id\":\"https:\/\/voyagedelabaleine.fr\/es\/#organization\",\"name\":\"Voyage de la Baleine\",\"url\":\"https:\/\/voyagedelabaleine.fr\/es\/\",\"logo\":{\"@type\":\"ImageObject\",\"inLanguage\":\"es\",\"@id\":\"https:\/\/voyagedelabaleine.fr\/es\/#\/schema\/logo\/image\/\",\"url\":\"https:\/\/voyagedelabaleine.fr\/wp-content\/uploads\/2025\/06\/logo.webp\",\"contentUrl\":\"https:\/\/voyagedelabaleine.fr\/wp-content\/uploads\/2025\/06\/logo.webp\",\"width\":153,\"height\":64,\"caption\":\"Voyage de la Baleine\"},\"image\":{\"@id\":\"https:\/\/voyagedelabaleine.fr\/es\/#\/schema\/logo\/image\/\"},\"sameAs\":[\"https:\/\/www.facebook.com\/voyagedelabaleine\/\",\"https:\/\/www.instagram.com\/voyagedelabaleine\/\",\"https:\/\/www.pinterest.fr\/Voyagedelabaleine\/\"]}]}<\/script>\n<!-- \/ Yoast SEO plugin. -->","yoast_head_json":{"title":"Zapatillas de cuero azul marino con cordones para beb\u00e9 - Viaje de la Ballena","description":"Deje que la delicadeza envuelva los piececitos de su tesoro con nuestras zapatillas de cuero azul marino con cordones para beb\u00e9. Fabricadas en Espa\u00f1a.","robots":{"index":"index","follow":"follow","max-snippet":"max-snippet:-1","max-image-preview":"max-image-preview:large","max-video-preview":"max-video-preview:-1"},"canonical":"https:\/\/voyagedelabaleine.fr\/es\/producto\/zapatillas-altas-de-cuero-para-bebe-azul-marino\/","og_locale":"es_ES","og_type":"article","og_title":"Zapatillas de cuero azul marino con cordones para beb\u00e9 - Viaje de la Ballena","og_description":"Deje que la delicadeza envuelva los piececitos de su tesoro con nuestras zapatillas de cuero azul marino con cordones para beb\u00e9. Fabricadas en Espa\u00f1a.","og_url":"https:\/\/voyagedelabaleine.fr\/es\/producto\/zapatillas-altas-de-cuero-para-bebe-azul-marino\/","og_site_name":"Voyage de la Baleine","article_publisher":"https:\/\/www.facebook.com\/voyagedelabaleine\/","article_modified_time":"2026-01-14T22:16:22+00:00","og_image":[{"width":576,"height":769,"url":"https:\/\/voyagedelabaleine.fr\/wp-content\/uploads\/2024\/09\/chaussons-bebe-cuir-haut-bleu-marine-3.jpg","type":"image\/jpeg"}],"twitter_card":"summary_large_image","twitter_misc":{"Tiempo de lectura":"2 minuto"},"schema":{"@context":"https:\/\/schema.org","@graph":[{"@type":"WebPage","@id":"https:\/\/voyagedelabaleine.fr\/es\/producto\/zapatillas-altas-de-cuero-para-bebe-azul-marino\/","url":"https:\/\/voyagedelabaleine.fr\/es\/producto\/zapatillas-altas-de-cuero-para-bebe-azul-marino\/","name":"Zapatillas de cuero azul marino con cordones para beb\u00e9 - Viaje de la Ballena","isPartOf":{"@id":"https:\/\/voyagedelabaleine.fr\/es\/#website"},"primaryImageOfPage":{"@id":"https:\/\/voyagedelabaleine.fr\/es\/producto\/zapatillas-altas-de-cuero-para-bebe-azul-marino\/#primaryimage"},"image":{"@id":"https:\/\/voyagedelabaleine.fr\/es\/producto\/zapatillas-altas-de-cuero-para-bebe-azul-marino\/#primaryimage"},"thumbnailUrl":"https:\/\/voyagedelabaleine.fr\/wp-content\/uploads\/2024\/09\/chaussons-bebe-cuir-haut-bleu-marine-3.jpg","datePublished":"2024-09-13T11:33:48+00:00","dateModified":"2026-01-14T22:16:22+00:00","description":"Deje que la delicadeza envuelva los piececitos de su tesoro con nuestras zapatillas de cuero azul marino con cordones para beb\u00e9. Fabricadas en Espa\u00f1a.","breadcrumb":{"@id":"https:\/\/voyagedelabaleine.fr\/es\/producto\/zapatillas-altas-de-cuero-para-bebe-azul-marino\/#breadcrumb"},"inLanguage":"es","potentialAction":[{"@type":"ReadAction","target":["https:\/\/voyagedelabaleine.fr\/es\/producto\/zapatillas-altas-de-cuero-para-bebe-azul-marino\/"]}]},{"@type":"ImageObject","inLanguage":"es","@id":"https:\/\/voyagedelabaleine.fr\/es\/producto\/zapatillas-altas-de-cuero-para-bebe-azul-marino\/#primaryimage","url":"https:\/\/voyagedelabaleine.fr\/wp-content\/uploads\/2024\/09\/chaussons-bebe-cuir-haut-bleu-marine-3.jpg","contentUrl":"https:\/\/voyagedelabaleine.fr\/wp-content\/uploads\/2024\/09\/chaussons-bebe-cuir-haut-bleu-marine-3.jpg","width":576,"height":769,"caption":"Chaussons b\u00e9b\u00e9 hauts en cuir bleu marine"},{"@type":"BreadcrumbList","@id":"https:\/\/voyagedelabaleine.fr\/es\/producto\/zapatillas-altas-de-cuero-para-bebe-azul-marino\/#breadcrumb","itemListElement":[{"@type":"ListItem","position":1,"name":"Accueil","item":"https:\/\/voyagedelabaleine.fr\/es\/inicio\/"},{"@type":"ListItem","position":2,"name":"Tienda","item":"https:\/\/voyagedelabaleine.fr\/es\/tienda\/"},{"@type":"ListItem","position":3,"name":"Zapatillas altas de cuero para beb\u00e9 &#8211; Azul marino"}]},{"@type":"WebSite","@id":"https:\/\/voyagedelabaleine.fr\/es\/#website","url":"https:\/\/voyagedelabaleine.fr\/es\/","name":"Voyage de la Baleine","description":"V\u00eatements intemporels et raffin\u00e9s pour b\u00e9b\u00e9s et enfants","publisher":{"@id":"https:\/\/voyagedelabaleine.fr\/es\/#organization"},"potentialAction":[{"@type":"SearchAction","target":{"@type":"EntryPoint","urlTemplate":"https:\/\/voyagedelabaleine.fr\/es\/?s={search_term_string}"},"query-input":{"@type":"PropertyValueSpecification","valueRequired":true,"valueName":"search_term_string"}}],"inLanguage":"es"},{"@type":"Organization","@id":"https:\/\/voyagedelabaleine.fr\/es\/#organization","name":"Voyage de la Baleine","url":"https:\/\/voyagedelabaleine.fr\/es\/","logo":{"@type":"ImageObject","inLanguage":"es","@id":"https:\/\/voyagedelabaleine.fr\/es\/#\/schema\/logo\/image\/","url":"https:\/\/voyagedelabaleine.fr\/wp-content\/uploads\/2025\/06\/logo.webp","contentUrl":"https:\/\/voyagedelabaleine.fr\/wp-content\/uploads\/2025\/06\/logo.webp","width":153,"height":64,"caption":"Voyage de la Baleine"},"image":{"@id":"https:\/\/voyagedelabaleine.fr\/es\/#\/schema\/logo\/image\/"},"sameAs":["https:\/\/www.facebook.com\/voyagedelabaleine\/","https:\/\/www.instagram.com\/voyagedelabaleine\/","https:\/\/www.pinterest.fr\/Voyagedelabaleine\/"]}]}},"_links":{"self":[{"href":"https:\/\/voyagedelabaleine.fr\/es\/wp-json\/wp\/v2\/product\/31128","targetHints":{"allow":["GET"]}}],"collection":[{"href":"https:\/\/voyagedelabaleine.fr\/es\/wp-json\/wp\/v2\/product"}],"about":[{"href":"https:\/\/voyagedelabaleine.fr\/es\/wp-json\/wp\/v2\/types\/product"}],"replies":[{"embeddable":true,"href":"https:\/\/voyagedelabaleine.fr\/es\/wp-json\/wp\/v2\/comments?post=31128"}],"wp:featuredmedia":[{"embeddable":true,"href":"https:\/\/voyagedelabaleine.fr\/es\/wp-json\/wp\/v2\/media\/11730"}],"wp:attachment":[{"href":"https:\/\/voyagedelabaleine.fr\/es\/wp-json\/wp\/v2\/media?parent=31128"}],"wp:term":[{"taxonomy":"product_brand","embeddable":true,"href":"https:\/\/voyagedelabaleine.fr\/es\/wp-json\/wp\/v2\/product_brand?post=31128"},{"taxonomy":"product_cat","embeddable":true,"href":"https:\/\/voyagedelabaleine.fr\/es\/wp-json\/wp\/v2\/product_cat?post=31128"},{"taxonomy":"product_tag","embeddable":true,"href":"https:\/\/voyagedelabaleine.fr\/es\/wp-json\/wp\/v2\/product_tag?post=31128"}],"curies":[{"name":"wp","href":"https:\/\/api.w.org\/{rel}","templated":true}]}}