{"id":31361,"date":"2024-02-18T18:04:55","date_gmt":"2024-02-18T17:04:55","guid":{"rendered":"https:\/\/voyagedelabaleine.fr\/product\/body-de-bebe-de-manga-corta-con-cuello-redondo-blanco\/"},"modified":"2026-01-14T23:19:45","modified_gmt":"2026-01-14T22:19:45","slug":"body-de-bebe-de-manga-corta-con-cuello-redondo-blanco","status":"publish","type":"product","link":"https:\/\/voyagedelabaleine.fr\/es\/producto\/body-de-bebe-de-manga-corta-con-cuello-redondo-blanco\/","title":{"rendered":"Body de beb\u00e9 de manga corta con cuello redondo &#8211; Blanco"},"content":{"rendered":"<p>Sum\u00e9rjase en la atm\u00f3sfera dulce y relajante de la infancia con este exquisito <strong>body de beb\u00e9 blanco<\/strong> <strong>de algod\u00f3n<\/strong> de <strong>manga corta<\/strong> y <strong>cuello redondo<\/strong>, una prenda de belleza atemporal que iluminar\u00e1 el armario de su peque\u00f1o con una <strong>elegancia sencilla<\/strong> y refinada. Fabricado con especial atenci\u00f3n a la calidad en Espa\u00f1a, este body combina a la perfecci\u00f3n comodidad y sofisticaci\u00f3n para ofrecer a su beb\u00e9 una prenda tan pr\u00e1ctica como elegante. <\/p>\n<p>Las <strong>mangas cortas<\/strong> aportan una <strong>ligereza perfecta<\/strong>, permitiendo que su beb\u00e9 se mueva libremente mientras descubre el mundo que le rodea. El <strong>cuello redondo<\/strong>, con su encanto cl\u00e1sico y depurado, enmarca delicadamente el rostro de su beb\u00e9, a\u00f1adiendo una nota de dulzura y elegancia. Este body combina armoniosamente con otras prendas del armario de su peque\u00f1o, ofreciendo una <strong>infinidad de posibilidades<\/strong> para crear <a href=\"https:\/\/voyagedelabaleine.fr\/es\/categorie-produit\/bebe\/ropa-chic-bebe\/conjuntos-bebe\/\"><strong>conjuntos adorables<\/strong><\/a> y \u00fanicos, adaptados a cada ocasi\u00f3n.  <\/p>\n<p>Los <strong>botones a presi\u00f3n<\/strong> situados en la entrepierna garantizan una colocaci\u00f3n y una retirada sencillas, lo que hace que este body sea pr\u00e1ctico para los padres, a la vez que garantiza la comodidad y la facilidad de uso. Este detalle funcional es perfecto para los momentos de cambio r\u00e1pido, lo que hace que este body no s\u00f3lo sea <strong>chic<\/strong> sino tambi\u00e9n <strong>pr\u00e1ctico<\/strong> para la vida cotidiana. <\/p>\n<p>Ya sea para un d\u00eda de relax en casa, un paseo al aire libre o incluso como capa base bajo un jersey o una chaqueta, este body de beb\u00e9 blanco de algod\u00f3n se convierte r\u00e1pidamente en un imprescindible del armario de su beb\u00e9. Fabricado en Espa\u00f1a, este body es la combinaci\u00f3n perfecta de tradici\u00f3n y modernidad, garantizando una <strong>durabilidad excepcional<\/strong> para muchos momentos venideros. <\/p>\n<p><em>Elegante y atemporal, este body acompa\u00f1ar\u00e1 cada momento precioso del crecimiento de su peque\u00f1o, ofreciendo comodidad y elegancia a partes iguales.<\/em><\/p>\n<p>Fabricado en Espa\u00f1a.<\/p>\n","protected":false},"excerpt":{"rendered":"<ul>\n<li>Manga corta<\/li>\n<li>Cuello redondo<\/li>\n<li>Cierre con tapeta de botones a presi\u00f3n en la espalda<\/li>\n<li>Corchetes en la entrepierna<\/li>\n<li>100% algod\u00f3n<\/li>\n<li>Fabricado en Espa\u00f1a<br \/>\n<em>Este body tiene un tallaje normal. Elija la talla habitual.<\/em><\/li>\n<\/ul>\n","protected":false},"featured_media":31362,"comment_status":"open","ping_status":"closed","template":"","meta":{"ocean_post_layout":"","ocean_both_sidebars_style":"","ocean_both_sidebars_content_width":0,"ocean_both_sidebars_sidebars_width":0,"ocean_sidebar":"0","ocean_second_sidebar":"0","ocean_disable_margins":"enable","ocean_add_body_class":"","ocean_shortcode_before_top_bar":"","ocean_shortcode_after_top_bar":"","ocean_shortcode_before_header":"","ocean_shortcode_after_header":"","ocean_has_shortcode":"","ocean_shortcode_after_title":"","ocean_shortcode_before_footer_widgets":"","ocean_shortcode_after_footer_widgets":"","ocean_shortcode_before_footer_bottom":"","ocean_shortcode_after_footer_bottom":"","ocean_display_top_bar":"default","ocean_display_header":"default","ocean_header_style":"","ocean_center_header_left_menu":"0","ocean_custom_header_template":"0","ocean_custom_logo":0,"ocean_custom_retina_logo":0,"ocean_custom_logo_max_width":0,"ocean_custom_logo_tablet_max_width":0,"ocean_custom_logo_mobile_max_width":0,"ocean_custom_logo_max_height":0,"ocean_custom_logo_tablet_max_height":0,"ocean_custom_logo_mobile_max_height":0,"ocean_header_custom_menu":"0","ocean_menu_typo_font_family":"0","ocean_menu_typo_font_subset":"","ocean_menu_typo_font_size":0,"ocean_menu_typo_font_size_tablet":0,"ocean_menu_typo_font_size_mobile":0,"ocean_menu_typo_font_size_unit":"px","ocean_menu_typo_font_weight":"","ocean_menu_typo_font_weight_tablet":"","ocean_menu_typo_font_weight_mobile":"","ocean_menu_typo_transform":"","ocean_menu_typo_transform_tablet":"","ocean_menu_typo_transform_mobile":"","ocean_menu_typo_line_height":0,"ocean_menu_typo_line_height_tablet":0,"ocean_menu_typo_line_height_mobile":0,"ocean_menu_typo_line_height_unit":"","ocean_menu_typo_spacing":0,"ocean_menu_typo_spacing_tablet":0,"ocean_menu_typo_spacing_mobile":0,"ocean_menu_typo_spacing_unit":"","ocean_menu_link_color":"","ocean_menu_link_color_hover":"","ocean_menu_link_color_active":"","ocean_menu_link_background":"","ocean_menu_link_hover_background":"","ocean_menu_link_active_background":"","ocean_menu_social_links_bg":"","ocean_menu_social_hover_links_bg":"","ocean_menu_social_links_color":"","ocean_menu_social_hover_links_color":"","ocean_disable_title":"default","ocean_disable_heading":"default","ocean_post_title":"","ocean_post_subheading":"","ocean_post_title_style":"","ocean_post_title_background_color":"","ocean_post_title_background":0,"ocean_post_title_bg_image_position":"","ocean_post_title_bg_image_attachment":"","ocean_post_title_bg_image_repeat":"","ocean_post_title_bg_image_size":"","ocean_post_title_height":0,"ocean_post_title_bg_overlay":0.5,"ocean_post_title_bg_overlay_color":"","ocean_disable_breadcrumbs":"default","ocean_breadcrumbs_color":"","ocean_breadcrumbs_separator_color":"","ocean_breadcrumbs_links_color":"","ocean_breadcrumbs_links_hover_color":"","ocean_display_footer_widgets":"default","ocean_display_footer_bottom":"default","ocean_custom_footer_template":"0","osh_disable_topbar_sticky":"default","osh_disable_header_sticky":"default","osh_sticky_header_style":"default","osh_sticky_header_effect":"","osh_custom_sticky_logo":0,"osh_custom_retina_sticky_logo":0,"osh_custom_sticky_logo_height":0,"osh_background_color":"","osh_links_color":"","osh_links_hover_color":"","osh_links_active_color":"","osh_links_bg_color":"","osh_links_hover_bg_color":"","osh_links_active_bg_color":"","osh_menu_social_links_color":"","osh_menu_social_hover_links_color":""},"product_brand":[],"product_cat":[6807,6961,6977,6999,6813,6825,6851],"product_tag":[],"class_list":{"0":"post-31361","1":"product","2":"type-product","3":"status-publish","4":"has-post-thumbnail","6":"product_cat-body","7":"product_cat-body-nacimiento","8":"product_cat-body-nacimiento-nina","9":"product_cat-body-nacimiento-nino","10":"product_cat-body-bebe","11":"product_cat-body-bebe-nina","12":"product_cat-body-bebe-nino","14":"entry","15":"has-media","17":"first","18":"instock","19":"taxable","20":"shipping-taxable","21":"purchasable","22":"product-type-variable","23":"has-default-attributes","24":"has-rating","25":"col","26":"span_1_of_3","27":"owp-content-center","28":"owp-thumbs-layout-vertical","29":"owp-btn-big","30":"owp-tabs-layout-vertical","31":"circle-sale"},"yoast_head":"<!-- This site is optimized with the Yoast SEO plugin v27.1.1 - https:\/\/yoast.com\/product\/yoast-seo-wordpress\/ -->\n<title>Body de beb\u00e9 blanco de algod\u00f3n con cuello redondo<\/title>\n<meta name=\"description\" content=\"Un body de beb\u00e9 blanco de algod\u00f3n cl\u00e1sico de manga corta y cuello redondo. El imprescindible del armario de verano de tu beb\u00e9. Fabricado en Espa\u00f1a.\" \/>\n<meta name=\"robots\" content=\"index, follow, max-snippet:-1, max-image-preview:large, max-video-preview:-1\" \/>\n<link rel=\"canonical\" href=\"https:\/\/voyagedelabaleine.fr\/es\/producto\/body-de-bebe-de-manga-corta-con-cuello-redondo-blanco\/\" \/>\n<meta property=\"og:locale\" content=\"es_ES\" \/>\n<meta property=\"og:type\" content=\"article\" \/>\n<meta property=\"og:title\" content=\"Body de beb\u00e9 blanco de algod\u00f3n con cuello redondo\" \/>\n<meta property=\"og:description\" content=\"Un body de beb\u00e9 blanco de algod\u00f3n cl\u00e1sico de manga corta y cuello redondo. El imprescindible del armario de verano de tu beb\u00e9. Fabricado en Espa\u00f1a.\" \/>\n<meta property=\"og:url\" content=\"https:\/\/voyagedelabaleine.fr\/es\/producto\/body-de-bebe-de-manga-corta-con-cuello-redondo-blanco\/\" \/>\n<meta property=\"og:site_name\" content=\"Voyage de la Baleine\" \/>\n<meta property=\"article:publisher\" content=\"https:\/\/www.facebook.com\/voyagedelabaleine\/\" \/>\n<meta property=\"article:modified_time\" content=\"2026-01-14T22:19:45+00:00\" \/>\n<meta property=\"og:image\" content=\"https:\/\/voyagedelabaleine.fr\/wp-content\/uploads\/2024\/02\/body-bebe-col-rond-blanc.jpg\" \/>\n\t<meta property=\"og:image:width\" content=\"1328\" \/>\n\t<meta property=\"og:image:height\" content=\"1771\" \/>\n\t<meta property=\"og:image:type\" content=\"image\/jpeg\" \/>\n<meta name=\"twitter:card\" content=\"summary_large_image\" \/>\n<meta name=\"twitter:label1\" content=\"Tiempo de lectura\" \/>\n\t<meta name=\"twitter:data1\" content=\"2 minuto\" \/>\n<script type=\"application\/ld+json\" class=\"yoast-schema-graph\">{\"@context\":\"https:\/\/schema.org\",\"@graph\":[{\"@type\":\"WebPage\",\"@id\":\"https:\/\/voyagedelabaleine.fr\/es\/producto\/body-de-bebe-de-manga-corta-con-cuello-redondo-blanco\/\",\"url\":\"https:\/\/voyagedelabaleine.fr\/es\/producto\/body-de-bebe-de-manga-corta-con-cuello-redondo-blanco\/\",\"name\":\"Body de beb\u00e9 blanco de algod\u00f3n con cuello redondo\",\"isPartOf\":{\"@id\":\"https:\/\/voyagedelabaleine.fr\/es\/#website\"},\"primaryImageOfPage\":{\"@id\":\"https:\/\/voyagedelabaleine.fr\/es\/producto\/body-de-bebe-de-manga-corta-con-cuello-redondo-blanco\/#primaryimage\"},\"image\":{\"@id\":\"https:\/\/voyagedelabaleine.fr\/es\/producto\/body-de-bebe-de-manga-corta-con-cuello-redondo-blanco\/#primaryimage\"},\"thumbnailUrl\":\"https:\/\/voyagedelabaleine.fr\/wp-content\/uploads\/2024\/02\/body-bebe-col-rond-blanc.jpg\",\"datePublished\":\"2024-02-18T17:04:55+00:00\",\"dateModified\":\"2026-01-14T22:19:45+00:00\",\"description\":\"Un body de beb\u00e9 blanco de algod\u00f3n cl\u00e1sico de manga corta y cuello redondo. El imprescindible del armario de verano de tu beb\u00e9. Fabricado en Espa\u00f1a.\",\"breadcrumb\":{\"@id\":\"https:\/\/voyagedelabaleine.fr\/es\/producto\/body-de-bebe-de-manga-corta-con-cuello-redondo-blanco\/#breadcrumb\"},\"inLanguage\":\"es\",\"potentialAction\":[{\"@type\":\"ReadAction\",\"target\":[\"https:\/\/voyagedelabaleine.fr\/es\/producto\/body-de-bebe-de-manga-corta-con-cuello-redondo-blanco\/\"]}]},{\"@type\":\"ImageObject\",\"inLanguage\":\"es\",\"@id\":\"https:\/\/voyagedelabaleine.fr\/es\/producto\/body-de-bebe-de-manga-corta-con-cuello-redondo-blanco\/#primaryimage\",\"url\":\"https:\/\/voyagedelabaleine.fr\/wp-content\/uploads\/2024\/02\/body-bebe-col-rond-blanc.jpg\",\"contentUrl\":\"https:\/\/voyagedelabaleine.fr\/wp-content\/uploads\/2024\/02\/body-bebe-col-rond-blanc.jpg\",\"width\":1328,\"height\":1771,\"caption\":\"Body de beb\u00e9 de manga corta blanco con cuello redondo de algod\u00f3n usado por un beb\u00e9\"},{\"@type\":\"BreadcrumbList\",\"@id\":\"https:\/\/voyagedelabaleine.fr\/es\/producto\/body-de-bebe-de-manga-corta-con-cuello-redondo-blanco\/#breadcrumb\",\"itemListElement\":[{\"@type\":\"ListItem\",\"position\":1,\"name\":\"Accueil\",\"item\":\"https:\/\/voyagedelabaleine.fr\/es\/inicio\/\"},{\"@type\":\"ListItem\",\"position\":2,\"name\":\"Tienda\",\"item\":\"https:\/\/voyagedelabaleine.fr\/es\/tienda\/\"},{\"@type\":\"ListItem\",\"position\":3,\"name\":\"Body de beb\u00e9 de manga corta con cuello redondo &#8211; Blanco\"}]},{\"@type\":\"WebSite\",\"@id\":\"https:\/\/voyagedelabaleine.fr\/es\/#website\",\"url\":\"https:\/\/voyagedelabaleine.fr\/es\/\",\"name\":\"Voyage de la Baleine\",\"description\":\"V\u00eatements intemporels et raffin\u00e9s pour b\u00e9b\u00e9s et enfants\",\"publisher\":{\"@id\":\"https:\/\/voyagedelabaleine.fr\/es\/#organization\"},\"potentialAction\":[{\"@type\":\"SearchAction\",\"target\":{\"@type\":\"EntryPoint\",\"urlTemplate\":\"https:\/\/voyagedelabaleine.fr\/es\/?s={search_term_string}\"},\"query-input\":{\"@type\":\"PropertyValueSpecification\",\"valueRequired\":true,\"valueName\":\"search_term_string\"}}],\"inLanguage\":\"es\"},{\"@type\":\"Organization\",\"@id\":\"https:\/\/voyagedelabaleine.fr\/es\/#organization\",\"name\":\"Voyage de la Baleine\",\"url\":\"https:\/\/voyagedelabaleine.fr\/es\/\",\"logo\":{\"@type\":\"ImageObject\",\"inLanguage\":\"es\",\"@id\":\"https:\/\/voyagedelabaleine.fr\/es\/#\/schema\/logo\/image\/\",\"url\":\"https:\/\/voyagedelabaleine.fr\/wp-content\/uploads\/2025\/06\/logo.webp\",\"contentUrl\":\"https:\/\/voyagedelabaleine.fr\/wp-content\/uploads\/2025\/06\/logo.webp\",\"width\":153,\"height\":64,\"caption\":\"Voyage de la Baleine\"},\"image\":{\"@id\":\"https:\/\/voyagedelabaleine.fr\/es\/#\/schema\/logo\/image\/\"},\"sameAs\":[\"https:\/\/www.facebook.com\/voyagedelabaleine\/\",\"https:\/\/www.instagram.com\/voyagedelabaleine\/\",\"https:\/\/www.pinterest.fr\/Voyagedelabaleine\/\"]}]}<\/script>\n<!-- \/ Yoast SEO plugin. -->","yoast_head_json":{"title":"Body de beb\u00e9 blanco de algod\u00f3n con cuello redondo","description":"Un body de beb\u00e9 blanco de algod\u00f3n cl\u00e1sico de manga corta y cuello redondo. El imprescindible del armario de verano de tu beb\u00e9. Fabricado en Espa\u00f1a.","robots":{"index":"index","follow":"follow","max-snippet":"max-snippet:-1","max-image-preview":"max-image-preview:large","max-video-preview":"max-video-preview:-1"},"canonical":"https:\/\/voyagedelabaleine.fr\/es\/producto\/body-de-bebe-de-manga-corta-con-cuello-redondo-blanco\/","og_locale":"es_ES","og_type":"article","og_title":"Body de beb\u00e9 blanco de algod\u00f3n con cuello redondo","og_description":"Un body de beb\u00e9 blanco de algod\u00f3n cl\u00e1sico de manga corta y cuello redondo. El imprescindible del armario de verano de tu beb\u00e9. Fabricado en Espa\u00f1a.","og_url":"https:\/\/voyagedelabaleine.fr\/es\/producto\/body-de-bebe-de-manga-corta-con-cuello-redondo-blanco\/","og_site_name":"Voyage de la Baleine","article_publisher":"https:\/\/www.facebook.com\/voyagedelabaleine\/","article_modified_time":"2026-01-14T22:19:45+00:00","og_image":[{"width":1328,"height":1771,"url":"https:\/\/voyagedelabaleine.fr\/wp-content\/uploads\/2024\/02\/body-bebe-col-rond-blanc.jpg","type":"image\/jpeg"}],"twitter_card":"summary_large_image","twitter_misc":{"Tiempo de lectura":"2 minuto"},"schema":{"@context":"https:\/\/schema.org","@graph":[{"@type":"WebPage","@id":"https:\/\/voyagedelabaleine.fr\/es\/producto\/body-de-bebe-de-manga-corta-con-cuello-redondo-blanco\/","url":"https:\/\/voyagedelabaleine.fr\/es\/producto\/body-de-bebe-de-manga-corta-con-cuello-redondo-blanco\/","name":"Body de beb\u00e9 blanco de algod\u00f3n con cuello redondo","isPartOf":{"@id":"https:\/\/voyagedelabaleine.fr\/es\/#website"},"primaryImageOfPage":{"@id":"https:\/\/voyagedelabaleine.fr\/es\/producto\/body-de-bebe-de-manga-corta-con-cuello-redondo-blanco\/#primaryimage"},"image":{"@id":"https:\/\/voyagedelabaleine.fr\/es\/producto\/body-de-bebe-de-manga-corta-con-cuello-redondo-blanco\/#primaryimage"},"thumbnailUrl":"https:\/\/voyagedelabaleine.fr\/wp-content\/uploads\/2024\/02\/body-bebe-col-rond-blanc.jpg","datePublished":"2024-02-18T17:04:55+00:00","dateModified":"2026-01-14T22:19:45+00:00","description":"Un body de beb\u00e9 blanco de algod\u00f3n cl\u00e1sico de manga corta y cuello redondo. El imprescindible del armario de verano de tu beb\u00e9. Fabricado en Espa\u00f1a.","breadcrumb":{"@id":"https:\/\/voyagedelabaleine.fr\/es\/producto\/body-de-bebe-de-manga-corta-con-cuello-redondo-blanco\/#breadcrumb"},"inLanguage":"es","potentialAction":[{"@type":"ReadAction","target":["https:\/\/voyagedelabaleine.fr\/es\/producto\/body-de-bebe-de-manga-corta-con-cuello-redondo-blanco\/"]}]},{"@type":"ImageObject","inLanguage":"es","@id":"https:\/\/voyagedelabaleine.fr\/es\/producto\/body-de-bebe-de-manga-corta-con-cuello-redondo-blanco\/#primaryimage","url":"https:\/\/voyagedelabaleine.fr\/wp-content\/uploads\/2024\/02\/body-bebe-col-rond-blanc.jpg","contentUrl":"https:\/\/voyagedelabaleine.fr\/wp-content\/uploads\/2024\/02\/body-bebe-col-rond-blanc.jpg","width":1328,"height":1771,"caption":"Body de beb\u00e9 de manga corta blanco con cuello redondo de algod\u00f3n usado por un beb\u00e9"},{"@type":"BreadcrumbList","@id":"https:\/\/voyagedelabaleine.fr\/es\/producto\/body-de-bebe-de-manga-corta-con-cuello-redondo-blanco\/#breadcrumb","itemListElement":[{"@type":"ListItem","position":1,"name":"Accueil","item":"https:\/\/voyagedelabaleine.fr\/es\/inicio\/"},{"@type":"ListItem","position":2,"name":"Tienda","item":"https:\/\/voyagedelabaleine.fr\/es\/tienda\/"},{"@type":"ListItem","position":3,"name":"Body de beb\u00e9 de manga corta con cuello redondo &#8211; Blanco"}]},{"@type":"WebSite","@id":"https:\/\/voyagedelabaleine.fr\/es\/#website","url":"https:\/\/voyagedelabaleine.fr\/es\/","name":"Voyage de la Baleine","description":"V\u00eatements intemporels et raffin\u00e9s pour b\u00e9b\u00e9s et enfants","publisher":{"@id":"https:\/\/voyagedelabaleine.fr\/es\/#organization"},"potentialAction":[{"@type":"SearchAction","target":{"@type":"EntryPoint","urlTemplate":"https:\/\/voyagedelabaleine.fr\/es\/?s={search_term_string}"},"query-input":{"@type":"PropertyValueSpecification","valueRequired":true,"valueName":"search_term_string"}}],"inLanguage":"es"},{"@type":"Organization","@id":"https:\/\/voyagedelabaleine.fr\/es\/#organization","name":"Voyage de la Baleine","url":"https:\/\/voyagedelabaleine.fr\/es\/","logo":{"@type":"ImageObject","inLanguage":"es","@id":"https:\/\/voyagedelabaleine.fr\/es\/#\/schema\/logo\/image\/","url":"https:\/\/voyagedelabaleine.fr\/wp-content\/uploads\/2025\/06\/logo.webp","contentUrl":"https:\/\/voyagedelabaleine.fr\/wp-content\/uploads\/2025\/06\/logo.webp","width":153,"height":64,"caption":"Voyage de la Baleine"},"image":{"@id":"https:\/\/voyagedelabaleine.fr\/es\/#\/schema\/logo\/image\/"},"sameAs":["https:\/\/www.facebook.com\/voyagedelabaleine\/","https:\/\/www.instagram.com\/voyagedelabaleine\/","https:\/\/www.pinterest.fr\/Voyagedelabaleine\/"]}]}},"_links":{"self":[{"href":"https:\/\/voyagedelabaleine.fr\/es\/wp-json\/wp\/v2\/product\/31361","targetHints":{"allow":["GET"]}}],"collection":[{"href":"https:\/\/voyagedelabaleine.fr\/es\/wp-json\/wp\/v2\/product"}],"about":[{"href":"https:\/\/voyagedelabaleine.fr\/es\/wp-json\/wp\/v2\/types\/product"}],"replies":[{"embeddable":true,"href":"https:\/\/voyagedelabaleine.fr\/es\/wp-json\/wp\/v2\/comments?post=31361"}],"wp:featuredmedia":[{"embeddable":true,"href":"https:\/\/voyagedelabaleine.fr\/es\/wp-json\/wp\/v2\/media\/31362"}],"wp:attachment":[{"href":"https:\/\/voyagedelabaleine.fr\/es\/wp-json\/wp\/v2\/media?parent=31361"}],"wp:term":[{"taxonomy":"product_brand","embeddable":true,"href":"https:\/\/voyagedelabaleine.fr\/es\/wp-json\/wp\/v2\/product_brand?post=31361"},{"taxonomy":"product_cat","embeddable":true,"href":"https:\/\/voyagedelabaleine.fr\/es\/wp-json\/wp\/v2\/product_cat?post=31361"},{"taxonomy":"product_tag","embeddable":true,"href":"https:\/\/voyagedelabaleine.fr\/es\/wp-json\/wp\/v2\/product_tag?post=31361"}],"curies":[{"name":"wp","href":"https:\/\/api.w.org\/{rel}","templated":true}]}}