{"id":31568,"date":"2023-10-10T15:34:38","date_gmt":"2023-10-10T13:34:38","guid":{"rendered":"https:\/\/voyagedelabaleine.fr\/product\/body-de-bebe-con-cuello-redondo-texturizado-y-ribete-azul-blanco\/"},"modified":"2026-01-14T23:25:12","modified_gmt":"2026-01-14T22:25:12","slug":"body-de-bebe-con-cuello-redondo-texturizado-y-ribete-azul-blanco","status":"publish","type":"product","link":"https:\/\/voyagedelabaleine.fr\/es\/producto\/body-de-bebe-con-cuello-redondo-texturizado-y-ribete-azul-blanco\/","title":{"rendered":"Body de beb\u00e9 con cuello redondo texturizado y ribete azul &#8211; Blanco"},"content":{"rendered":"<p>Incorpore un toque de elegancia al guardarropa de su beb\u00e9 con este <strong>body de beb\u00e9 con cuello redondo texturizado<\/strong> y <strong>ribete azul celeste<\/strong>. Este <strong>body de beb\u00e9 unisex<\/strong> de manga larga se distingue por su color blanco brillante y su dise\u00f1o refinado, con un cuello redondo texturizado sutilmente acabado con un ribete azul celeste, aportando as\u00ed una <strong>nota de sofisticaci\u00f3n<\/strong> a esta prenda esencial. Este body, tan pr\u00e1ctico como elegante, ofrece a su beb\u00e9 una comodidad \u00f3ptima a la vez que conserva un look elegante y atemporal.  <\/p>\n<p>Confeccionado con esmero en <strong>Espa\u00f1a<\/strong>, este bonito body encarna la uni\u00f3n perfecta entre <strong>refinamiento y calidad<\/strong>. La <strong>textura delicada<\/strong> del cuello, asociada a la suavidad del algod\u00f3n, hace de este body una pieza \u00fanica que se distingue de otras prendas de beb\u00e9. Las mangas largas aportan una calidez agradable para los d\u00edas m\u00e1s frescos, a la vez que permiten una gran libertad de movimiento, esencial para la comodidad de su hijo. Este body, ideal para <strong>beb\u00e9s ni\u00f1os y ni\u00f1as<\/strong>, se adapta a todas las ocasiones y puede combinarse f\u00e1cilmente con otras prendas del guardarropa.   <\/p>\n<p>El dise\u00f1o depurado y los acabados cuidados dan fe de la <strong>pericia espa\u00f1ola<\/strong>, garantizando una <strong>est\u00e9tica irreprochable<\/strong> y una <strong>durabilidad excepcional<\/strong>. Este body unisex no es solo una prenda indispensable para los conjuntos diarios de su beb\u00e9, sino tambi\u00e9n una excelente opci\u00f3n para <strong>regalos de nacimiento<\/strong> elegantes. Su sencillez refinada lo convierte en una opci\u00f3n vers\u00e1til para diversas ocasiones, ya sea una salida en familia o un d\u00eda en la guarder\u00eda.  <\/p>\n<p>Ofrezca a su peque\u00f1o tesoro una prenda excepcional con este body de beb\u00e9 con <strong>cuello redondo texturizado<\/strong> y <strong>ribete azul celeste<\/strong>. Fabricado con amor en <strong>Espa\u00f1a<\/strong>, este body se convertir\u00e1 r\u00e1pidamente en una pieza clave de su guardarropa, aunando comodidad y <strong>elegancia atemporal<\/strong>. A\u00f1ada este body imprescindible a su cesta hoy mismo y ofrezca a su beb\u00e9 el lujo del <strong>made in Spain<\/strong>.  <\/p>\n<p><em>Este body existe con un cuello redondo texturizado bordeado con un <a href=\"https:\/\/voyagedelabaleine.fr\/es\/product\/body-de-bebe-con-cuello-redondo-texturizado-blanco\/\">ribete blanco<\/a> o bordeado con un <a href=\"https:\/\/voyagedelabaleine.fr\/product\/body-col-rond-lisere-gris\/\">ribete gris.<\/a><\/em><\/p>\n<p>Fabricado en Espa\u00f1a.<\/p>\n","protected":false},"excerpt":{"rendered":"<ul>\n<li>Manga larga<\/li>\n<li>Cuello redondo texturizado bordeado con un ribete azul<\/li>\n<li>Cierre con tapeta de botones a presi\u00f3n en la espalda<\/li>\n<li>Corchetes en la entrepierna<\/li>\n<li>100% algod\u00f3n<\/li>\n<li>Fabricado en Espa\u00f1a<br \/>\n<em>Este body tiene un tallaje normal. Elija la talla habitual.<\/em><\/li>\n<\/ul>\n","protected":false},"featured_media":16518,"comment_status":"open","ping_status":"closed","template":"","meta":{"ocean_post_layout":"","ocean_both_sidebars_style":"","ocean_both_sidebars_content_width":0,"ocean_both_sidebars_sidebars_width":0,"ocean_sidebar":"0","ocean_second_sidebar":"0","ocean_disable_margins":"enable","ocean_add_body_class":"","ocean_shortcode_before_top_bar":"","ocean_shortcode_after_top_bar":"","ocean_shortcode_before_header":"","ocean_shortcode_after_header":"","ocean_has_shortcode":"","ocean_shortcode_after_title":"","ocean_shortcode_before_footer_widgets":"","ocean_shortcode_after_footer_widgets":"","ocean_shortcode_before_footer_bottom":"","ocean_shortcode_after_footer_bottom":"","ocean_display_top_bar":"default","ocean_display_header":"default","ocean_header_style":"","ocean_center_header_left_menu":"0","ocean_custom_header_template":"0","ocean_custom_logo":0,"ocean_custom_retina_logo":0,"ocean_custom_logo_max_width":0,"ocean_custom_logo_tablet_max_width":0,"ocean_custom_logo_mobile_max_width":0,"ocean_custom_logo_max_height":0,"ocean_custom_logo_tablet_max_height":0,"ocean_custom_logo_mobile_max_height":0,"ocean_header_custom_menu":"0","ocean_menu_typo_font_family":"0","ocean_menu_typo_font_subset":"","ocean_menu_typo_font_size":0,"ocean_menu_typo_font_size_tablet":0,"ocean_menu_typo_font_size_mobile":0,"ocean_menu_typo_font_size_unit":"px","ocean_menu_typo_font_weight":"","ocean_menu_typo_font_weight_tablet":"","ocean_menu_typo_font_weight_mobile":"","ocean_menu_typo_transform":"","ocean_menu_typo_transform_tablet":"","ocean_menu_typo_transform_mobile":"","ocean_menu_typo_line_height":0,"ocean_menu_typo_line_height_tablet":0,"ocean_menu_typo_line_height_mobile":0,"ocean_menu_typo_line_height_unit":"","ocean_menu_typo_spacing":0,"ocean_menu_typo_spacing_tablet":0,"ocean_menu_typo_spacing_mobile":0,"ocean_menu_typo_spacing_unit":"","ocean_menu_link_color":"","ocean_menu_link_color_hover":"","ocean_menu_link_color_active":"","ocean_menu_link_background":"","ocean_menu_link_hover_background":"","ocean_menu_link_active_background":"","ocean_menu_social_links_bg":"","ocean_menu_social_hover_links_bg":"","ocean_menu_social_links_color":"","ocean_menu_social_hover_links_color":"","ocean_disable_title":"default","ocean_disable_heading":"default","ocean_post_title":"","ocean_post_subheading":"","ocean_post_title_style":"","ocean_post_title_background_color":"","ocean_post_title_background":0,"ocean_post_title_bg_image_position":"","ocean_post_title_bg_image_attachment":"","ocean_post_title_bg_image_repeat":"","ocean_post_title_bg_image_size":"","ocean_post_title_height":0,"ocean_post_title_bg_overlay":0.5,"ocean_post_title_bg_overlay_color":"","ocean_disable_breadcrumbs":"default","ocean_breadcrumbs_color":"","ocean_breadcrumbs_separator_color":"","ocean_breadcrumbs_links_color":"","ocean_breadcrumbs_links_hover_color":"","ocean_display_footer_widgets":"default","ocean_display_footer_bottom":"default","ocean_custom_footer_template":"0","osh_disable_topbar_sticky":"default","osh_disable_header_sticky":"default","osh_sticky_header_style":"default","osh_sticky_header_effect":"","osh_custom_sticky_logo":0,"osh_custom_retina_sticky_logo":0,"osh_custom_sticky_logo_height":0,"osh_background_color":"","osh_links_color":"","osh_links_hover_color":"","osh_links_active_color":"","osh_links_bg_color":"","osh_links_hover_bg_color":"","osh_links_active_bg_color":"","osh_menu_social_links_color":"","osh_menu_social_hover_links_color":""},"product_brand":[],"product_cat":[6807,6961,6977,6999,6813,6825,6851],"product_tag":[],"class_list":{"0":"post-31568","1":"product","2":"type-product","3":"status-publish","4":"has-post-thumbnail","6":"product_cat-body","7":"product_cat-body-nacimiento","8":"product_cat-body-nacimiento-nina","9":"product_cat-body-nacimiento-nino","10":"product_cat-body-bebe","11":"product_cat-body-bebe-nina","12":"product_cat-body-bebe-nino","14":"entry","15":"has-media","17":"first","18":"instock","19":"taxable","20":"shipping-taxable","21":"purchasable","22":"product-type-variable","23":"has-default-attributes","24":"has-rating","25":"col","26":"span_1_of_3","27":"owp-content-center","28":"owp-thumbs-layout-vertical","29":"owp-btn-big","30":"owp-tabs-layout-vertical","31":"circle-sale"},"yoast_head":"<!-- This site is optimized with the Yoast SEO plugin v27.1.1 - https:\/\/yoast.com\/product\/yoast-seo-wordpress\/ -->\n<title>Body de beb\u00e9 con cuello redondo texturizado y ribete azul<\/title>\n<meta name=\"description\" content=\"Un body de beb\u00e9 unisex de manga larga blanco y con cuello redondo texturizado con ribete azul celeste para perfeccionar el lado refinado de este body. Fabricado en Espa\u00f1a.\" \/>\n<meta name=\"robots\" content=\"index, follow, max-snippet:-1, max-image-preview:large, max-video-preview:-1\" \/>\n<link rel=\"canonical\" href=\"https:\/\/voyagedelabaleine.fr\/es\/producto\/body-de-bebe-con-cuello-redondo-texturizado-y-ribete-azul-blanco\/\" \/>\n<meta property=\"og:locale\" content=\"es_ES\" \/>\n<meta property=\"og:type\" content=\"article\" \/>\n<meta property=\"og:title\" content=\"Body de beb\u00e9 con cuello redondo texturizado y ribete azul\" \/>\n<meta property=\"og:description\" content=\"Un body de beb\u00e9 unisex de manga larga blanco y con cuello redondo texturizado con ribete azul celeste para perfeccionar el lado refinado de este body. Fabricado en Espa\u00f1a.\" \/>\n<meta property=\"og:url\" content=\"https:\/\/voyagedelabaleine.fr\/es\/producto\/body-de-bebe-con-cuello-redondo-texturizado-y-ribete-azul-blanco\/\" \/>\n<meta property=\"og:site_name\" content=\"Voyage de la Baleine\" \/>\n<meta property=\"article:publisher\" content=\"https:\/\/www.facebook.com\/voyagedelabaleine\/\" \/>\n<meta property=\"article:modified_time\" content=\"2026-01-14T22:25:12+00:00\" \/>\n<meta property=\"og:image\" content=\"https:\/\/voyagedelabaleine.fr\/wp-content\/uploads\/2023\/10\/body-bebe-col-texture-bleu.jpg\" \/>\n\t<meta property=\"og:image:width\" content=\"855\" \/>\n\t<meta property=\"og:image:height\" content=\"1140\" \/>\n\t<meta property=\"og:image:type\" content=\"image\/jpeg\" \/>\n<meta name=\"twitter:card\" content=\"summary_large_image\" \/>\n<meta name=\"twitter:label1\" content=\"Tiempo de lectura\" \/>\n\t<meta name=\"twitter:data1\" content=\"2 minuto\" \/>\n<script type=\"application\/ld+json\" class=\"yoast-schema-graph\">{\"@context\":\"https:\/\/schema.org\",\"@graph\":[{\"@type\":\"WebPage\",\"@id\":\"https:\/\/voyagedelabaleine.fr\/es\/producto\/body-de-bebe-con-cuello-redondo-texturizado-y-ribete-azul-blanco\/\",\"url\":\"https:\/\/voyagedelabaleine.fr\/es\/producto\/body-de-bebe-con-cuello-redondo-texturizado-y-ribete-azul-blanco\/\",\"name\":\"Body de beb\u00e9 con cuello redondo texturizado y ribete azul\",\"isPartOf\":{\"@id\":\"https:\/\/voyagedelabaleine.fr\/es\/#website\"},\"primaryImageOfPage\":{\"@id\":\"https:\/\/voyagedelabaleine.fr\/es\/producto\/body-de-bebe-con-cuello-redondo-texturizado-y-ribete-azul-blanco\/#primaryimage\"},\"image\":{\"@id\":\"https:\/\/voyagedelabaleine.fr\/es\/producto\/body-de-bebe-con-cuello-redondo-texturizado-y-ribete-azul-blanco\/#primaryimage\"},\"thumbnailUrl\":\"https:\/\/voyagedelabaleine.fr\/wp-content\/uploads\/2023\/10\/body-bebe-col-texture-bleu.jpg\",\"datePublished\":\"2023-10-10T13:34:38+00:00\",\"dateModified\":\"2026-01-14T22:25:12+00:00\",\"description\":\"Un body de beb\u00e9 unisex de manga larga blanco y con cuello redondo texturizado con ribete azul celeste para perfeccionar el lado refinado de este body. Fabricado en Espa\u00f1a.\",\"breadcrumb\":{\"@id\":\"https:\/\/voyagedelabaleine.fr\/es\/producto\/body-de-bebe-con-cuello-redondo-texturizado-y-ribete-azul-blanco\/#breadcrumb\"},\"inLanguage\":\"es\",\"potentialAction\":[{\"@type\":\"ReadAction\",\"target\":[\"https:\/\/voyagedelabaleine.fr\/es\/producto\/body-de-bebe-con-cuello-redondo-texturizado-y-ribete-azul-blanco\/\"]}]},{\"@type\":\"ImageObject\",\"inLanguage\":\"es\",\"@id\":\"https:\/\/voyagedelabaleine.fr\/es\/producto\/body-de-bebe-con-cuello-redondo-texturizado-y-ribete-azul-blanco\/#primaryimage\",\"url\":\"https:\/\/voyagedelabaleine.fr\/wp-content\/uploads\/2023\/10\/body-bebe-col-texture-bleu.jpg\",\"contentUrl\":\"https:\/\/voyagedelabaleine.fr\/wp-content\/uploads\/2023\/10\/body-bebe-col-texture-bleu.jpg\",\"width\":855,\"height\":1140,\"caption\":\"Body b\u00e9b\u00e9 manches longues \u00e0 col rond textur\u00e9 et liser\u00e9 bleu ciel\"},{\"@type\":\"BreadcrumbList\",\"@id\":\"https:\/\/voyagedelabaleine.fr\/es\/producto\/body-de-bebe-con-cuello-redondo-texturizado-y-ribete-azul-blanco\/#breadcrumb\",\"itemListElement\":[{\"@type\":\"ListItem\",\"position\":1,\"name\":\"Accueil\",\"item\":\"https:\/\/voyagedelabaleine.fr\/es\/inicio\/\"},{\"@type\":\"ListItem\",\"position\":2,\"name\":\"Tienda\",\"item\":\"https:\/\/voyagedelabaleine.fr\/es\/tienda\/\"},{\"@type\":\"ListItem\",\"position\":3,\"name\":\"Body de beb\u00e9 con cuello redondo texturizado y ribete azul &#8211; Blanco\"}]},{\"@type\":\"WebSite\",\"@id\":\"https:\/\/voyagedelabaleine.fr\/es\/#website\",\"url\":\"https:\/\/voyagedelabaleine.fr\/es\/\",\"name\":\"Voyage de la Baleine\",\"description\":\"V\u00eatements intemporels et raffin\u00e9s pour b\u00e9b\u00e9s et enfants\",\"publisher\":{\"@id\":\"https:\/\/voyagedelabaleine.fr\/es\/#organization\"},\"potentialAction\":[{\"@type\":\"SearchAction\",\"target\":{\"@type\":\"EntryPoint\",\"urlTemplate\":\"https:\/\/voyagedelabaleine.fr\/es\/?s={search_term_string}\"},\"query-input\":{\"@type\":\"PropertyValueSpecification\",\"valueRequired\":true,\"valueName\":\"search_term_string\"}}],\"inLanguage\":\"es\"},{\"@type\":\"Organization\",\"@id\":\"https:\/\/voyagedelabaleine.fr\/es\/#organization\",\"name\":\"Voyage de la Baleine\",\"url\":\"https:\/\/voyagedelabaleine.fr\/es\/\",\"logo\":{\"@type\":\"ImageObject\",\"inLanguage\":\"es\",\"@id\":\"https:\/\/voyagedelabaleine.fr\/es\/#\/schema\/logo\/image\/\",\"url\":\"https:\/\/voyagedelabaleine.fr\/wp-content\/uploads\/2025\/06\/logo.webp\",\"contentUrl\":\"https:\/\/voyagedelabaleine.fr\/wp-content\/uploads\/2025\/06\/logo.webp\",\"width\":153,\"height\":64,\"caption\":\"Voyage de la Baleine\"},\"image\":{\"@id\":\"https:\/\/voyagedelabaleine.fr\/es\/#\/schema\/logo\/image\/\"},\"sameAs\":[\"https:\/\/www.facebook.com\/voyagedelabaleine\/\",\"https:\/\/www.instagram.com\/voyagedelabaleine\/\",\"https:\/\/www.pinterest.fr\/Voyagedelabaleine\/\"]}]}<\/script>\n<!-- \/ Yoast SEO plugin. -->","yoast_head_json":{"title":"Body de beb\u00e9 con cuello redondo texturizado y ribete azul","description":"Un body de beb\u00e9 unisex de manga larga blanco y con cuello redondo texturizado con ribete azul celeste para perfeccionar el lado refinado de este body. Fabricado en Espa\u00f1a.","robots":{"index":"index","follow":"follow","max-snippet":"max-snippet:-1","max-image-preview":"max-image-preview:large","max-video-preview":"max-video-preview:-1"},"canonical":"https:\/\/voyagedelabaleine.fr\/es\/producto\/body-de-bebe-con-cuello-redondo-texturizado-y-ribete-azul-blanco\/","og_locale":"es_ES","og_type":"article","og_title":"Body de beb\u00e9 con cuello redondo texturizado y ribete azul","og_description":"Un body de beb\u00e9 unisex de manga larga blanco y con cuello redondo texturizado con ribete azul celeste para perfeccionar el lado refinado de este body. Fabricado en Espa\u00f1a.","og_url":"https:\/\/voyagedelabaleine.fr\/es\/producto\/body-de-bebe-con-cuello-redondo-texturizado-y-ribete-azul-blanco\/","og_site_name":"Voyage de la Baleine","article_publisher":"https:\/\/www.facebook.com\/voyagedelabaleine\/","article_modified_time":"2026-01-14T22:25:12+00:00","og_image":[{"width":855,"height":1140,"url":"https:\/\/voyagedelabaleine.fr\/wp-content\/uploads\/2023\/10\/body-bebe-col-texture-bleu.jpg","type":"image\/jpeg"}],"twitter_card":"summary_large_image","twitter_misc":{"Tiempo de lectura":"2 minuto"},"schema":{"@context":"https:\/\/schema.org","@graph":[{"@type":"WebPage","@id":"https:\/\/voyagedelabaleine.fr\/es\/producto\/body-de-bebe-con-cuello-redondo-texturizado-y-ribete-azul-blanco\/","url":"https:\/\/voyagedelabaleine.fr\/es\/producto\/body-de-bebe-con-cuello-redondo-texturizado-y-ribete-azul-blanco\/","name":"Body de beb\u00e9 con cuello redondo texturizado y ribete azul","isPartOf":{"@id":"https:\/\/voyagedelabaleine.fr\/es\/#website"},"primaryImageOfPage":{"@id":"https:\/\/voyagedelabaleine.fr\/es\/producto\/body-de-bebe-con-cuello-redondo-texturizado-y-ribete-azul-blanco\/#primaryimage"},"image":{"@id":"https:\/\/voyagedelabaleine.fr\/es\/producto\/body-de-bebe-con-cuello-redondo-texturizado-y-ribete-azul-blanco\/#primaryimage"},"thumbnailUrl":"https:\/\/voyagedelabaleine.fr\/wp-content\/uploads\/2023\/10\/body-bebe-col-texture-bleu.jpg","datePublished":"2023-10-10T13:34:38+00:00","dateModified":"2026-01-14T22:25:12+00:00","description":"Un body de beb\u00e9 unisex de manga larga blanco y con cuello redondo texturizado con ribete azul celeste para perfeccionar el lado refinado de este body. Fabricado en Espa\u00f1a.","breadcrumb":{"@id":"https:\/\/voyagedelabaleine.fr\/es\/producto\/body-de-bebe-con-cuello-redondo-texturizado-y-ribete-azul-blanco\/#breadcrumb"},"inLanguage":"es","potentialAction":[{"@type":"ReadAction","target":["https:\/\/voyagedelabaleine.fr\/es\/producto\/body-de-bebe-con-cuello-redondo-texturizado-y-ribete-azul-blanco\/"]}]},{"@type":"ImageObject","inLanguage":"es","@id":"https:\/\/voyagedelabaleine.fr\/es\/producto\/body-de-bebe-con-cuello-redondo-texturizado-y-ribete-azul-blanco\/#primaryimage","url":"https:\/\/voyagedelabaleine.fr\/wp-content\/uploads\/2023\/10\/body-bebe-col-texture-bleu.jpg","contentUrl":"https:\/\/voyagedelabaleine.fr\/wp-content\/uploads\/2023\/10\/body-bebe-col-texture-bleu.jpg","width":855,"height":1140,"caption":"Body b\u00e9b\u00e9 manches longues \u00e0 col rond textur\u00e9 et liser\u00e9 bleu ciel"},{"@type":"BreadcrumbList","@id":"https:\/\/voyagedelabaleine.fr\/es\/producto\/body-de-bebe-con-cuello-redondo-texturizado-y-ribete-azul-blanco\/#breadcrumb","itemListElement":[{"@type":"ListItem","position":1,"name":"Accueil","item":"https:\/\/voyagedelabaleine.fr\/es\/inicio\/"},{"@type":"ListItem","position":2,"name":"Tienda","item":"https:\/\/voyagedelabaleine.fr\/es\/tienda\/"},{"@type":"ListItem","position":3,"name":"Body de beb\u00e9 con cuello redondo texturizado y ribete azul &#8211; Blanco"}]},{"@type":"WebSite","@id":"https:\/\/voyagedelabaleine.fr\/es\/#website","url":"https:\/\/voyagedelabaleine.fr\/es\/","name":"Voyage de la Baleine","description":"V\u00eatements intemporels et raffin\u00e9s pour b\u00e9b\u00e9s et enfants","publisher":{"@id":"https:\/\/voyagedelabaleine.fr\/es\/#organization"},"potentialAction":[{"@type":"SearchAction","target":{"@type":"EntryPoint","urlTemplate":"https:\/\/voyagedelabaleine.fr\/es\/?s={search_term_string}"},"query-input":{"@type":"PropertyValueSpecification","valueRequired":true,"valueName":"search_term_string"}}],"inLanguage":"es"},{"@type":"Organization","@id":"https:\/\/voyagedelabaleine.fr\/es\/#organization","name":"Voyage de la Baleine","url":"https:\/\/voyagedelabaleine.fr\/es\/","logo":{"@type":"ImageObject","inLanguage":"es","@id":"https:\/\/voyagedelabaleine.fr\/es\/#\/schema\/logo\/image\/","url":"https:\/\/voyagedelabaleine.fr\/wp-content\/uploads\/2025\/06\/logo.webp","contentUrl":"https:\/\/voyagedelabaleine.fr\/wp-content\/uploads\/2025\/06\/logo.webp","width":153,"height":64,"caption":"Voyage de la Baleine"},"image":{"@id":"https:\/\/voyagedelabaleine.fr\/es\/#\/schema\/logo\/image\/"},"sameAs":["https:\/\/www.facebook.com\/voyagedelabaleine\/","https:\/\/www.instagram.com\/voyagedelabaleine\/","https:\/\/www.pinterest.fr\/Voyagedelabaleine\/"]}]}},"_links":{"self":[{"href":"https:\/\/voyagedelabaleine.fr\/es\/wp-json\/wp\/v2\/product\/31568","targetHints":{"allow":["GET"]}}],"collection":[{"href":"https:\/\/voyagedelabaleine.fr\/es\/wp-json\/wp\/v2\/product"}],"about":[{"href":"https:\/\/voyagedelabaleine.fr\/es\/wp-json\/wp\/v2\/types\/product"}],"replies":[{"embeddable":true,"href":"https:\/\/voyagedelabaleine.fr\/es\/wp-json\/wp\/v2\/comments?post=31568"}],"wp:featuredmedia":[{"embeddable":true,"href":"https:\/\/voyagedelabaleine.fr\/es\/wp-json\/wp\/v2\/media\/16518"}],"wp:attachment":[{"href":"https:\/\/voyagedelabaleine.fr\/es\/wp-json\/wp\/v2\/media?parent=31568"}],"wp:term":[{"taxonomy":"product_brand","embeddable":true,"href":"https:\/\/voyagedelabaleine.fr\/es\/wp-json\/wp\/v2\/product_brand?post=31568"},{"taxonomy":"product_cat","embeddable":true,"href":"https:\/\/voyagedelabaleine.fr\/es\/wp-json\/wp\/v2\/product_cat?post=31568"},{"taxonomy":"product_tag","embeddable":true,"href":"https:\/\/voyagedelabaleine.fr\/es\/wp-json\/wp\/v2\/product_tag?post=31568"}],"curies":[{"name":"wp","href":"https:\/\/api.w.org\/{rel}","templated":true}]}}