{"id":31683,"date":"2024-09-10T14:50:51","date_gmt":"2024-09-10T12:50:51","guid":{"rendered":"https:\/\/voyagedelabaleine.fr\/product\/ranita-de-bebe-de-cuadros-en-algodon-calido\/"},"modified":"2026-01-14T23:34:03","modified_gmt":"2026-01-14T22:34:03","slug":"ranita-de-bebe-de-cuadros-en-algodon-calido","status":"publish","type":"product","link":"https:\/\/voyagedelabaleine.fr\/es\/producto\/ranita-de-bebe-de-cuadros-en-algodon-calido\/","title":{"rendered":"Ranita de beb\u00e9 de cuadros en algod\u00f3n c\u00e1lido"},"content":{"rendered":"<p>Descubra la <strong>ranita de cuadros y manga larga<\/strong>, una prenda indispensable para los beb\u00e9s, que combina elegancia, estilo campestre y autenticidad. Dise\u00f1ada tanto para <strong>ni\u00f1as<\/strong> como para <strong>ni\u00f1os<\/strong>, esta ranita encarna una elegancia atemporal con detalles cuidadosamente pensados para ofrecer comodidad y refinamiento. Esta ranita ha sido confeccionada en algod\u00f3n c\u00e1lido y est\u00e1 forrada para mantener a su beb\u00e9 abrigado y c\u00f3modo.  <\/p>\n<p>La ranita se distingue por su <strong>cuello redondo plano<\/strong>, adornado con un delicado <strong>ribete con volantes<\/strong> que a\u00f1ade un toque de dulzura y sofisticaci\u00f3n. Este elegante detalle convierte a esta ranita en una pieza \u00fanica, perfecta para cualquier ocasi\u00f3n. <\/p>\n<p>En la parte delantera, el detalle de los <strong>nidos de abeja<\/strong> aporta un toque de autenticidad y encanto campestre, recordando la ropa tradicional a la vez que se mantiene decididamente moderna. Los nidos de abeja, minuciosamente bordados, a\u00f1aden una rica textura y un dise\u00f1o refinado a esta prenda. <\/p>\n<p>La ranita est\u00e1 equipada con <strong>botones en la parte trasera y en la entrepierna<\/strong>, lo que facilita el vestir y el cambio de pa\u00f1ales. Estos pr\u00e1cticos botones son tambi\u00e9n un elemento de dise\u00f1o que contribuye a la est\u00e9tica general de la ranita. Est\u00e1n colocados de forma que no molesten a la comodidad de su beb\u00e9, a la vez que permiten un uso f\u00e1cil.  <\/p>\n<p>Confeccionada con esmero en Espa\u00f1a, esta ranita refleja el compromiso con la <strong>calidad<\/strong>. El esp\u00edritu \u00abchic, campestre, aut\u00e9ntico\u00bb de esta ranita la convierte en una prenda vers\u00e1til, adecuada para todas las estaciones y ocasiones. Ya sea para un d\u00eda en el campo, una fiesta familiar o un simple paseo, esta ranita vestir\u00e1 a su beb\u00e9 con estilo y comodidad.  <\/p>\n<p>Opte por esta <strong>ranita de cuadros y manga larga<\/strong> para ofrecer a su hijo una prenda elegante y pr\u00e1ctica, marcada por un dise\u00f1o atemporal y detalles refinados. Fabricada en Espa\u00f1a con una atenci\u00f3n meticulosa a los detalles, esta ranita es una elecci\u00f3n perfecta para los padres preocupados por el estilo y el bienestar de su beb\u00e9. Deje que su beb\u00e9 disfrute de la comodidad y la elegancia con esta bonita prenda.  <\/p>\n<p><em>Complete la colecci\u00f3n para el resto de la familia con las piezas a juego: el <a href=\"https:\/\/voyagedelabaleine.fr\/es\/product\/pantalon-de-bebe-nino-de-pana-verde\/\">pantal\u00f3n de pana verde<\/a>, el <a href=\"https:\/\/voyagedelabaleine.fr\/es\/product\/peto-de-bebe-nino-de-pana-verde\/\">peto de pana verde<\/a>, la <a href=\"https:\/\/voyagedelabaleine.fr\/es\/product\/camisa-de-bebe-nino-de-cuadros-y-cuello-mao-en-algodon-calido\/\">camisa de beb\u00e9 con cuello mao<\/a>, as\u00ed como el <a href=\"https:\/\/voyagedelabaleine.fr\/es\/product\/peto-de-bebe-nino-de-pana-verde\/\">peto de pana verde<\/a>.<\/em><\/p>\n<p>Fabricado en Espa\u00f1a.<\/p>\n","protected":false},"excerpt":{"rendered":"<ul>\n<li>Forrado<\/li>\n<li>Se cierra con una tapeta de botones en la espalda<\/li>\n<li>Botones en la entrepierna<\/li>\n<li>Ideal para llevar debajo de nuestro <a href=\"https:\/\/voyagedelabaleine.fr\/es\/product\/chaleco-de-bebe-nina-con-flores-bordadas-ocre\/\">chaleco con flores bordadas<\/a><\/li>\n<li>100% algod\u00f3n<\/li>\n<li>Fabricado en Espa\u00f1a<br \/>\n<em>Esta ranita tiene un tallaje normal. Elija la talla habitual.<\/em><\/li>\n<\/ul>\n","protected":false},"featured_media":16898,"comment_status":"open","ping_status":"closed","template":"","meta":{"ocean_post_layout":"","ocean_both_sidebars_style":"","ocean_both_sidebars_content_width":0,"ocean_both_sidebars_sidebars_width":0,"ocean_sidebar":"0","ocean_second_sidebar":"0","ocean_disable_margins":"enable","ocean_add_body_class":"","ocean_shortcode_before_top_bar":"","ocean_shortcode_after_top_bar":"","ocean_shortcode_before_header":"","ocean_shortcode_after_header":"","ocean_has_shortcode":"","ocean_shortcode_after_title":"","ocean_shortcode_before_footer_widgets":"","ocean_shortcode_after_footer_widgets":"","ocean_shortcode_before_footer_bottom":"","ocean_shortcode_after_footer_bottom":"","ocean_display_top_bar":"default","ocean_display_header":"default","ocean_header_style":"","ocean_center_header_left_menu":"0","ocean_custom_header_template":"0","ocean_custom_logo":0,"ocean_custom_retina_logo":0,"ocean_custom_logo_max_width":0,"ocean_custom_logo_tablet_max_width":0,"ocean_custom_logo_mobile_max_width":0,"ocean_custom_logo_max_height":0,"ocean_custom_logo_tablet_max_height":0,"ocean_custom_logo_mobile_max_height":0,"ocean_header_custom_menu":"0","ocean_menu_typo_font_family":"0","ocean_menu_typo_font_subset":"","ocean_menu_typo_font_size":0,"ocean_menu_typo_font_size_tablet":0,"ocean_menu_typo_font_size_mobile":0,"ocean_menu_typo_font_size_unit":"px","ocean_menu_typo_font_weight":"","ocean_menu_typo_font_weight_tablet":"","ocean_menu_typo_font_weight_mobile":"","ocean_menu_typo_transform":"","ocean_menu_typo_transform_tablet":"","ocean_menu_typo_transform_mobile":"","ocean_menu_typo_line_height":0,"ocean_menu_typo_line_height_tablet":0,"ocean_menu_typo_line_height_mobile":0,"ocean_menu_typo_line_height_unit":"","ocean_menu_typo_spacing":0,"ocean_menu_typo_spacing_tablet":0,"ocean_menu_typo_spacing_mobile":0,"ocean_menu_typo_spacing_unit":"","ocean_menu_link_color":"","ocean_menu_link_color_hover":"","ocean_menu_link_color_active":"","ocean_menu_link_background":"","ocean_menu_link_hover_background":"","ocean_menu_link_active_background":"","ocean_menu_social_links_bg":"","ocean_menu_social_hover_links_bg":"","ocean_menu_social_links_color":"","ocean_menu_social_hover_links_color":"","ocean_disable_title":"default","ocean_disable_heading":"default","ocean_post_title":"","ocean_post_subheading":"","ocean_post_title_style":"","ocean_post_title_background_color":"","ocean_post_title_background":0,"ocean_post_title_bg_image_position":"","ocean_post_title_bg_image_attachment":"","ocean_post_title_bg_image_repeat":"","ocean_post_title_bg_image_size":"","ocean_post_title_height":0,"ocean_post_title_bg_overlay":0.5,"ocean_post_title_bg_overlay_color":"","ocean_disable_breadcrumbs":"default","ocean_breadcrumbs_color":"","ocean_breadcrumbs_separator_color":"","ocean_breadcrumbs_links_color":"","ocean_breadcrumbs_links_hover_color":"","ocean_display_footer_widgets":"default","ocean_display_footer_bottom":"default","ocean_custom_footer_template":"0","osh_disable_topbar_sticky":"default","osh_disable_header_sticky":"default","osh_sticky_header_style":"default","osh_sticky_header_effect":"","osh_custom_sticky_logo":0,"osh_custom_retina_sticky_logo":0,"osh_custom_sticky_logo_height":0,"osh_background_color":"","osh_links_color":"","osh_links_hover_color":"","osh_links_active_color":"","osh_links_bg_color":"","osh_links_hover_bg_color":"","osh_links_active_bg_color":"","osh_menu_social_links_color":"","osh_menu_social_hover_links_color":""},"product_brand":[],"product_cat":[7013,6971,6993,6873,6818,6845,7031],"product_tag":[],"class_list":{"0":"post-31683","1":"product","2":"type-product","3":"status-publish","4":"has-post-thumbnail","6":"product_cat-pelele-peto-ranita-nacimiento","7":"product_cat-pelele-peto-ranita-nacimiento-nina","8":"product_cat-pelele-peto-ranita-nacimiento-nino","9":"product_cat-pelele-peto-ranita-bebe","10":"product_cat-pelele-peto-ranita-bebe-nina","11":"product_cat-pelele-peto-ranita-bebe-nino","12":"product_cat-ropa","14":"entry","15":"has-media","17":"first","18":"instock","19":"taxable","20":"shipping-taxable","21":"purchasable","22":"product-type-variable","23":"has-default-attributes","24":"has-rating","25":"col","26":"span_1_of_3","27":"owp-content-center","28":"owp-thumbs-layout-vertical","29":"owp-btn-big","30":"owp-tabs-layout-vertical","31":"circle-sale"},"yoast_head":"<!-- This site is optimized with the Yoast SEO plugin v27.1.1 - https:\/\/yoast.com\/product\/yoast-seo-wordpress\/ -->\n<title>Ranita de cuadros y manga larga<\/title>\n<meta name=\"description\" content=\"Ranita de cuadros y manga larga, una prenda unisex indispensable para beb\u00e9s, que combina elegancia, estilo campestre y autenticidad. Fabricado en Espa\u00f1a.\" \/>\n<meta name=\"robots\" content=\"index, follow, max-snippet:-1, max-image-preview:large, max-video-preview:-1\" \/>\n<link rel=\"canonical\" href=\"https:\/\/voyagedelabaleine.fr\/es\/producto\/ranita-de-bebe-de-cuadros-en-algodon-calido\/\" \/>\n<meta property=\"og:locale\" content=\"es_ES\" \/>\n<meta property=\"og:type\" content=\"article\" \/>\n<meta property=\"og:title\" content=\"Ranita de cuadros y manga larga\" \/>\n<meta property=\"og:description\" content=\"Ranita de cuadros y manga larga, una prenda unisex indispensable para beb\u00e9s, que combina elegancia, estilo campestre y autenticidad. Fabricado en Espa\u00f1a.\" \/>\n<meta property=\"og:url\" content=\"https:\/\/voyagedelabaleine.fr\/es\/producto\/ranita-de-bebe-de-cuadros-en-algodon-calido\/\" \/>\n<meta property=\"og:site_name\" content=\"Voyage de la Baleine\" \/>\n<meta property=\"article:publisher\" content=\"https:\/\/www.facebook.com\/voyagedelabaleine\/\" \/>\n<meta property=\"article:modified_time\" content=\"2026-01-14T22:34:03+00:00\" \/>\n<meta property=\"og:image\" content=\"https:\/\/voyagedelabaleine.fr\/wp-content\/uploads\/2025\/02\/barboteuse-carreaux.jpg\" \/>\n\t<meta property=\"og:image:width\" content=\"1200\" \/>\n\t<meta property=\"og:image:height\" content=\"1600\" \/>\n\t<meta property=\"og:image:type\" content=\"image\/jpeg\" \/>\n<meta name=\"twitter:card\" content=\"summary_large_image\" \/>\n<meta name=\"twitter:label1\" content=\"Tiempo de lectura\" \/>\n\t<meta name=\"twitter:data1\" content=\"2 minuto\" \/>\n<script type=\"application\/ld+json\" class=\"yoast-schema-graph\">{\"@context\":\"https:\/\/schema.org\",\"@graph\":[{\"@type\":\"WebPage\",\"@id\":\"https:\/\/voyagedelabaleine.fr\/es\/producto\/ranita-de-bebe-de-cuadros-en-algodon-calido\/\",\"url\":\"https:\/\/voyagedelabaleine.fr\/es\/producto\/ranita-de-bebe-de-cuadros-en-algodon-calido\/\",\"name\":\"Ranita de cuadros y manga larga\",\"isPartOf\":{\"@id\":\"https:\/\/voyagedelabaleine.fr\/es\/#website\"},\"primaryImageOfPage\":{\"@id\":\"https:\/\/voyagedelabaleine.fr\/es\/producto\/ranita-de-bebe-de-cuadros-en-algodon-calido\/#primaryimage\"},\"image\":{\"@id\":\"https:\/\/voyagedelabaleine.fr\/es\/producto\/ranita-de-bebe-de-cuadros-en-algodon-calido\/#primaryimage\"},\"thumbnailUrl\":\"https:\/\/voyagedelabaleine.fr\/wp-content\/uploads\/2025\/02\/barboteuse-carreaux.jpg\",\"datePublished\":\"2024-09-10T12:50:51+00:00\",\"dateModified\":\"2026-01-14T22:34:03+00:00\",\"description\":\"Ranita de cuadros y manga larga, una prenda unisex indispensable para beb\u00e9s, que combina elegancia, estilo campestre y autenticidad. Fabricado en Espa\u00f1a.\",\"breadcrumb\":{\"@id\":\"https:\/\/voyagedelabaleine.fr\/es\/producto\/ranita-de-bebe-de-cuadros-en-algodon-calido\/#breadcrumb\"},\"inLanguage\":\"es\",\"potentialAction\":[{\"@type\":\"ReadAction\",\"target\":[\"https:\/\/voyagedelabaleine.fr\/es\/producto\/ranita-de-bebe-de-cuadros-en-algodon-calido\/\"]}]},{\"@type\":\"ImageObject\",\"inLanguage\":\"es\",\"@id\":\"https:\/\/voyagedelabaleine.fr\/es\/producto\/ranita-de-bebe-de-cuadros-en-algodon-calido\/#primaryimage\",\"url\":\"https:\/\/voyagedelabaleine.fr\/wp-content\/uploads\/2025\/02\/barboteuse-carreaux.jpg\",\"contentUrl\":\"https:\/\/voyagedelabaleine.fr\/wp-content\/uploads\/2025\/02\/barboteuse-carreaux.jpg\",\"width\":1200,\"height\":1600,\"caption\":\"Barboteuse manches longues \u00e0 carreaux en coton chaud port\u00e9e par un b\u00e9b\u00e9\"},{\"@type\":\"BreadcrumbList\",\"@id\":\"https:\/\/voyagedelabaleine.fr\/es\/producto\/ranita-de-bebe-de-cuadros-en-algodon-calido\/#breadcrumb\",\"itemListElement\":[{\"@type\":\"ListItem\",\"position\":1,\"name\":\"Accueil\",\"item\":\"https:\/\/voyagedelabaleine.fr\/es\/inicio\/\"},{\"@type\":\"ListItem\",\"position\":2,\"name\":\"Tienda\",\"item\":\"https:\/\/voyagedelabaleine.fr\/es\/tienda\/\"},{\"@type\":\"ListItem\",\"position\":3,\"name\":\"Ranita de beb\u00e9 de cuadros en algod\u00f3n c\u00e1lido\"}]},{\"@type\":\"WebSite\",\"@id\":\"https:\/\/voyagedelabaleine.fr\/es\/#website\",\"url\":\"https:\/\/voyagedelabaleine.fr\/es\/\",\"name\":\"Voyage de la Baleine\",\"description\":\"V\u00eatements intemporels et raffin\u00e9s pour b\u00e9b\u00e9s et enfants\",\"publisher\":{\"@id\":\"https:\/\/voyagedelabaleine.fr\/es\/#organization\"},\"potentialAction\":[{\"@type\":\"SearchAction\",\"target\":{\"@type\":\"EntryPoint\",\"urlTemplate\":\"https:\/\/voyagedelabaleine.fr\/es\/?s={search_term_string}\"},\"query-input\":{\"@type\":\"PropertyValueSpecification\",\"valueRequired\":true,\"valueName\":\"search_term_string\"}}],\"inLanguage\":\"es\"},{\"@type\":\"Organization\",\"@id\":\"https:\/\/voyagedelabaleine.fr\/es\/#organization\",\"name\":\"Voyage de la Baleine\",\"url\":\"https:\/\/voyagedelabaleine.fr\/es\/\",\"logo\":{\"@type\":\"ImageObject\",\"inLanguage\":\"es\",\"@id\":\"https:\/\/voyagedelabaleine.fr\/es\/#\/schema\/logo\/image\/\",\"url\":\"https:\/\/voyagedelabaleine.fr\/wp-content\/uploads\/2025\/06\/logo.webp\",\"contentUrl\":\"https:\/\/voyagedelabaleine.fr\/wp-content\/uploads\/2025\/06\/logo.webp\",\"width\":153,\"height\":64,\"caption\":\"Voyage de la Baleine\"},\"image\":{\"@id\":\"https:\/\/voyagedelabaleine.fr\/es\/#\/schema\/logo\/image\/\"},\"sameAs\":[\"https:\/\/www.facebook.com\/voyagedelabaleine\/\",\"https:\/\/www.instagram.com\/voyagedelabaleine\/\",\"https:\/\/www.pinterest.fr\/Voyagedelabaleine\/\"]}]}<\/script>\n<!-- \/ Yoast SEO plugin. -->","yoast_head_json":{"title":"Ranita de cuadros y manga larga","description":"Ranita de cuadros y manga larga, una prenda unisex indispensable para beb\u00e9s, que combina elegancia, estilo campestre y autenticidad. Fabricado en Espa\u00f1a.","robots":{"index":"index","follow":"follow","max-snippet":"max-snippet:-1","max-image-preview":"max-image-preview:large","max-video-preview":"max-video-preview:-1"},"canonical":"https:\/\/voyagedelabaleine.fr\/es\/producto\/ranita-de-bebe-de-cuadros-en-algodon-calido\/","og_locale":"es_ES","og_type":"article","og_title":"Ranita de cuadros y manga larga","og_description":"Ranita de cuadros y manga larga, una prenda unisex indispensable para beb\u00e9s, que combina elegancia, estilo campestre y autenticidad. Fabricado en Espa\u00f1a.","og_url":"https:\/\/voyagedelabaleine.fr\/es\/producto\/ranita-de-bebe-de-cuadros-en-algodon-calido\/","og_site_name":"Voyage de la Baleine","article_publisher":"https:\/\/www.facebook.com\/voyagedelabaleine\/","article_modified_time":"2026-01-14T22:34:03+00:00","og_image":[{"width":1200,"height":1600,"url":"https:\/\/voyagedelabaleine.fr\/wp-content\/uploads\/2025\/02\/barboteuse-carreaux.jpg","type":"image\/jpeg"}],"twitter_card":"summary_large_image","twitter_misc":{"Tiempo de lectura":"2 minuto"},"schema":{"@context":"https:\/\/schema.org","@graph":[{"@type":"WebPage","@id":"https:\/\/voyagedelabaleine.fr\/es\/producto\/ranita-de-bebe-de-cuadros-en-algodon-calido\/","url":"https:\/\/voyagedelabaleine.fr\/es\/producto\/ranita-de-bebe-de-cuadros-en-algodon-calido\/","name":"Ranita de cuadros y manga larga","isPartOf":{"@id":"https:\/\/voyagedelabaleine.fr\/es\/#website"},"primaryImageOfPage":{"@id":"https:\/\/voyagedelabaleine.fr\/es\/producto\/ranita-de-bebe-de-cuadros-en-algodon-calido\/#primaryimage"},"image":{"@id":"https:\/\/voyagedelabaleine.fr\/es\/producto\/ranita-de-bebe-de-cuadros-en-algodon-calido\/#primaryimage"},"thumbnailUrl":"https:\/\/voyagedelabaleine.fr\/wp-content\/uploads\/2025\/02\/barboteuse-carreaux.jpg","datePublished":"2024-09-10T12:50:51+00:00","dateModified":"2026-01-14T22:34:03+00:00","description":"Ranita de cuadros y manga larga, una prenda unisex indispensable para beb\u00e9s, que combina elegancia, estilo campestre y autenticidad. Fabricado en Espa\u00f1a.","breadcrumb":{"@id":"https:\/\/voyagedelabaleine.fr\/es\/producto\/ranita-de-bebe-de-cuadros-en-algodon-calido\/#breadcrumb"},"inLanguage":"es","potentialAction":[{"@type":"ReadAction","target":["https:\/\/voyagedelabaleine.fr\/es\/producto\/ranita-de-bebe-de-cuadros-en-algodon-calido\/"]}]},{"@type":"ImageObject","inLanguage":"es","@id":"https:\/\/voyagedelabaleine.fr\/es\/producto\/ranita-de-bebe-de-cuadros-en-algodon-calido\/#primaryimage","url":"https:\/\/voyagedelabaleine.fr\/wp-content\/uploads\/2025\/02\/barboteuse-carreaux.jpg","contentUrl":"https:\/\/voyagedelabaleine.fr\/wp-content\/uploads\/2025\/02\/barboteuse-carreaux.jpg","width":1200,"height":1600,"caption":"Barboteuse manches longues \u00e0 carreaux en coton chaud port\u00e9e par un b\u00e9b\u00e9"},{"@type":"BreadcrumbList","@id":"https:\/\/voyagedelabaleine.fr\/es\/producto\/ranita-de-bebe-de-cuadros-en-algodon-calido\/#breadcrumb","itemListElement":[{"@type":"ListItem","position":1,"name":"Accueil","item":"https:\/\/voyagedelabaleine.fr\/es\/inicio\/"},{"@type":"ListItem","position":2,"name":"Tienda","item":"https:\/\/voyagedelabaleine.fr\/es\/tienda\/"},{"@type":"ListItem","position":3,"name":"Ranita de beb\u00e9 de cuadros en algod\u00f3n c\u00e1lido"}]},{"@type":"WebSite","@id":"https:\/\/voyagedelabaleine.fr\/es\/#website","url":"https:\/\/voyagedelabaleine.fr\/es\/","name":"Voyage de la Baleine","description":"V\u00eatements intemporels et raffin\u00e9s pour b\u00e9b\u00e9s et enfants","publisher":{"@id":"https:\/\/voyagedelabaleine.fr\/es\/#organization"},"potentialAction":[{"@type":"SearchAction","target":{"@type":"EntryPoint","urlTemplate":"https:\/\/voyagedelabaleine.fr\/es\/?s={search_term_string}"},"query-input":{"@type":"PropertyValueSpecification","valueRequired":true,"valueName":"search_term_string"}}],"inLanguage":"es"},{"@type":"Organization","@id":"https:\/\/voyagedelabaleine.fr\/es\/#organization","name":"Voyage de la Baleine","url":"https:\/\/voyagedelabaleine.fr\/es\/","logo":{"@type":"ImageObject","inLanguage":"es","@id":"https:\/\/voyagedelabaleine.fr\/es\/#\/schema\/logo\/image\/","url":"https:\/\/voyagedelabaleine.fr\/wp-content\/uploads\/2025\/06\/logo.webp","contentUrl":"https:\/\/voyagedelabaleine.fr\/wp-content\/uploads\/2025\/06\/logo.webp","width":153,"height":64,"caption":"Voyage de la Baleine"},"image":{"@id":"https:\/\/voyagedelabaleine.fr\/es\/#\/schema\/logo\/image\/"},"sameAs":["https:\/\/www.facebook.com\/voyagedelabaleine\/","https:\/\/www.instagram.com\/voyagedelabaleine\/","https:\/\/www.pinterest.fr\/Voyagedelabaleine\/"]}]}},"_links":{"self":[{"href":"https:\/\/voyagedelabaleine.fr\/es\/wp-json\/wp\/v2\/product\/31683","targetHints":{"allow":["GET"]}}],"collection":[{"href":"https:\/\/voyagedelabaleine.fr\/es\/wp-json\/wp\/v2\/product"}],"about":[{"href":"https:\/\/voyagedelabaleine.fr\/es\/wp-json\/wp\/v2\/types\/product"}],"replies":[{"embeddable":true,"href":"https:\/\/voyagedelabaleine.fr\/es\/wp-json\/wp\/v2\/comments?post=31683"}],"wp:featuredmedia":[{"embeddable":true,"href":"https:\/\/voyagedelabaleine.fr\/es\/wp-json\/wp\/v2\/media\/16898"}],"wp:attachment":[{"href":"https:\/\/voyagedelabaleine.fr\/es\/wp-json\/wp\/v2\/media?parent=31683"}],"wp:term":[{"taxonomy":"product_brand","embeddable":true,"href":"https:\/\/voyagedelabaleine.fr\/es\/wp-json\/wp\/v2\/product_brand?post=31683"},{"taxonomy":"product_cat","embeddable":true,"href":"https:\/\/voyagedelabaleine.fr\/es\/wp-json\/wp\/v2\/product_cat?post=31683"},{"taxonomy":"product_tag","embeddable":true,"href":"https:\/\/voyagedelabaleine.fr\/es\/wp-json\/wp\/v2\/product_tag?post=31683"}],"curies":[{"name":"wp","href":"https:\/\/api.w.org\/{rel}","templated":true}]}}