{"id":31724,"date":"2024-09-16T15:43:25","date_gmt":"2024-09-16T13:43:25","guid":{"rendered":"https:\/\/voyagedelabaleine.fr\/product\/chaleco-bebe-nino-cuello-chal-pura-lana-merino-oatmeal\/"},"modified":"2026-01-14T23:34:04","modified_gmt":"2026-01-14T22:34:04","slug":"chaleco-bebe-nino-cuello-chal-pura-lana-merino-oatmeal","status":"publish","type":"product","link":"https:\/\/voyagedelabaleine.fr\/es\/producto\/chaleco-bebe-nino-cuello-chal-pura-lana-merino-oatmeal\/","title":{"rendered":"Chaleco beb\u00e9 ni\u00f1o cuello chal \u2013 Pura lana merino \u2013 Oatmeal"},"content":{"rendered":"<div class=\"flex max-w-full flex-col flex-grow\">\n<div class=\"min-h-[20px] text-message flex w-full flex-col items-end gap-2 whitespace-normal break-words [.text-message+&amp;]:mt-5\" dir=\"auto\" data-message-author-role=\"assistant\" data-message-id=\"7c070184-3d80-43db-8402-9883c252ca05\">\n<div class=\"flex w-full flex-col gap-1 empty:hidden first:pt-[3px]\">\n<div class=\"markdown prose w-full break-words dark:prose-invert light\">\n<p>Descubra la elegancia natural y la autenticidad de la artesan\u00eda irlandesa con nuestro <strong>chaleco beb\u00e9 con cuello chal de lana merino color avena<\/strong>, una prenda que a\u00fana comodidad y refinamiento, especialmente dise\u00f1ada para los m\u00e1s peque\u00f1os. Tejido con esmero en el condado de Kildare, en Irlanda, este chaleco encarna la <strong>tradici\u00f3n artesanal irlandesa<\/strong> a la vez que responde a las expectativas de los padres modernos. <\/p>\n<p>Fabricado con <strong>lana merino de calidad superior<\/strong>, este chaleco color avena es incre\u00edblemente <strong>suave<\/strong> y proporciona una calidez agradable sin sobrecalentar, gracias a sus propiedades termorreguladoras. Perfecta para los beb\u00e9s con piel delicada, la lana merino tambi\u00e9n es <strong>hipoalerg\u00e9nica<\/strong> y antibacteriana, ofreciendo as\u00ed una protecci\u00f3n natural contra las irritaciones. El color avena, neutro y c\u00e1lido, se adapta f\u00e1cilmente a todos los conjuntos, a\u00f1adiendo un toque sutil de sofisticaci\u00f3n y suavidad.  <\/p>\n<p>El <strong>cuello chal<\/strong>, dise\u00f1ado con precisi\u00f3n, aporta una elegancia atemporal a la vez que ofrece una protecci\u00f3n adicional contra el fr\u00edo para el cuello de su beb\u00e9. Este chaleco es perfecto para los d\u00edas frescos. <\/p>\n<p>Cada prenda se confecciona minuciosamente en los talleres de West End Knitwear, una empresa familiar irlandesa fundada en 1957, que perpet\u00faa un saber hacer transmitido de <strong>generaci\u00f3n en generaci\u00f3n<\/strong>. Al elegir este chaleco beb\u00e9 con cuello chal de lana merino color avena, elige una prenda \u00fanica y artesanal, arraigada en la tradici\u00f3n irlandesa, donde cada detalle est\u00e1 dise\u00f1ado con <strong>pasi\u00f3n y experiencia<\/strong>.<\/p>\n<p>Ofrezca a su beb\u00e9 un chaleco que combine la suavidad de la lana merino con la autenticidad de la artesan\u00eda irlandesa, en un tono avena a la vez moderno y atemporal.<\/p>\n<p><em>Este chaleco con cuello chal tambi\u00e9n est\u00e1 disponible en <a href=\"https:\/\/voyagedelabaleine.fr\/es\/product\/chaleco-de-bebe-nino-con-cuello-chal-pura-lana-merino-verde\/\">verde oscuro<\/a>.<\/em><\/p>\n<\/div>\n<\/div>\n<\/div>\n<\/div>\n","protected":false},"excerpt":{"rendered":"<ul>\n<li>100 % pura lana merina<\/li>\n<li>Chaleco suave<\/li>\n<li>Cuello chal<\/li>\n<li>Botones marrones elegantes<\/li>\n<li>Bolsillos en la parte delantera<\/li>\n<li>Fabricado en Irlanda, en el condado de Kildare<br \/>\n<em>Este jersey tiene un tallaje normal. Elija su talla habitual.<\/em><\/li>\n<\/ul>\n","protected":false},"featured_media":21460,"comment_status":"open","ping_status":"closed","template":"","meta":{"ocean_post_layout":"","ocean_both_sidebars_style":"","ocean_both_sidebars_content_width":0,"ocean_both_sidebars_sidebars_width":0,"ocean_sidebar":"0","ocean_second_sidebar":"0","ocean_disable_margins":"enable","ocean_add_body_class":"","ocean_shortcode_before_top_bar":"","ocean_shortcode_after_top_bar":"","ocean_shortcode_before_header":"","ocean_shortcode_after_header":"","ocean_has_shortcode":"","ocean_shortcode_after_title":"","ocean_shortcode_before_footer_widgets":"","ocean_shortcode_after_footer_widgets":"","ocean_shortcode_before_footer_bottom":"","ocean_shortcode_after_footer_bottom":"","ocean_display_top_bar":"default","ocean_display_header":"default","ocean_header_style":"","ocean_center_header_left_menu":"0","ocean_custom_header_template":"0","ocean_custom_logo":0,"ocean_custom_retina_logo":0,"ocean_custom_logo_max_width":0,"ocean_custom_logo_tablet_max_width":0,"ocean_custom_logo_mobile_max_width":0,"ocean_custom_logo_max_height":0,"ocean_custom_logo_tablet_max_height":0,"ocean_custom_logo_mobile_max_height":0,"ocean_header_custom_menu":"0","ocean_menu_typo_font_family":"0","ocean_menu_typo_font_subset":"","ocean_menu_typo_font_size":0,"ocean_menu_typo_font_size_tablet":0,"ocean_menu_typo_font_size_mobile":0,"ocean_menu_typo_font_size_unit":"px","ocean_menu_typo_font_weight":"","ocean_menu_typo_font_weight_tablet":"","ocean_menu_typo_font_weight_mobile":"","ocean_menu_typo_transform":"","ocean_menu_typo_transform_tablet":"","ocean_menu_typo_transform_mobile":"","ocean_menu_typo_line_height":0,"ocean_menu_typo_line_height_tablet":0,"ocean_menu_typo_line_height_mobile":0,"ocean_menu_typo_line_height_unit":"","ocean_menu_typo_spacing":0,"ocean_menu_typo_spacing_tablet":0,"ocean_menu_typo_spacing_mobile":0,"ocean_menu_typo_spacing_unit":"","ocean_menu_link_color":"","ocean_menu_link_color_hover":"","ocean_menu_link_color_active":"","ocean_menu_link_background":"","ocean_menu_link_hover_background":"","ocean_menu_link_active_background":"","ocean_menu_social_links_bg":"","ocean_menu_social_hover_links_bg":"","ocean_menu_social_links_color":"","ocean_menu_social_hover_links_color":"","ocean_disable_title":"default","ocean_disable_heading":"default","ocean_post_title":"","ocean_post_subheading":"","ocean_post_title_style":"","ocean_post_title_background_color":"","ocean_post_title_background":0,"ocean_post_title_bg_image_position":"","ocean_post_title_bg_image_attachment":"","ocean_post_title_bg_image_repeat":"","ocean_post_title_bg_image_size":"","ocean_post_title_height":0,"ocean_post_title_bg_overlay":0.5,"ocean_post_title_bg_overlay_color":"","ocean_disable_breadcrumbs":"default","ocean_breadcrumbs_color":"","ocean_breadcrumbs_separator_color":"","ocean_breadcrumbs_links_color":"","ocean_breadcrumbs_links_hover_color":"","ocean_display_footer_widgets":"default","ocean_display_footer_bottom":"default","ocean_custom_footer_template":"0","osh_disable_topbar_sticky":"default","osh_disable_header_sticky":"default","osh_sticky_header_style":"default","osh_sticky_header_effect":"","osh_custom_sticky_logo":0,"osh_custom_retina_sticky_logo":0,"osh_custom_sticky_logo_height":0,"osh_background_color":"","osh_links_color":"","osh_links_hover_color":"","osh_links_active_color":"","osh_links_bg_color":"","osh_links_hover_bg_color":"","osh_links_active_bg_color":"","osh_menu_social_links_color":"","osh_menu_social_hover_links_color":""},"product_brand":[],"product_cat":[7027,6883,6861,6931,6949,7031],"product_tag":[],"class_list":{"0":"post-31724","1":"product","2":"type-product","3":"status-publish","4":"has-post-thumbnail","6":"product_cat-jersey-irlandes-bebes-ninos","7":"product_cat-jersey-chaleco-cardigan-bebe","8":"product_cat-jersey-chaleco-cardigan-bebe-nino","9":"product_cat-jersey-chaleco-cardigan-nino","10":"product_cat-jersey-chaleco-cardigan-ninos","11":"product_cat-ropa","13":"entry","14":"has-media","16":"first","17":"instock","18":"taxable","19":"shipping-taxable","20":"purchasable","21":"product-type-variable","22":"has-default-attributes","23":"has-rating","24":"col","25":"span_1_of_3","26":"owp-content-center","27":"owp-thumbs-layout-vertical","28":"owp-btn-big","29":"owp-tabs-layout-vertical","30":"circle-sale"},"yoast_head":"<!-- This site is optimized with the Yoast SEO plugin v27.1.1 - https:\/\/yoast.com\/product\/yoast-seo-wordpress\/ -->\n<title>Chaleco beb\u00e9 color avena con cuello chal de lana merino<\/title>\n<meta name=\"description\" content=\"Descubra la autenticidad y la artesan\u00eda irlandesa con nuestro chaleco beb\u00e9 color avena con cuello chal de lana merino, una prenda elegante y c\u00f3moda a la vez.\" \/>\n<meta name=\"robots\" content=\"index, follow, max-snippet:-1, max-image-preview:large, max-video-preview:-1\" \/>\n<link rel=\"canonical\" href=\"https:\/\/voyagedelabaleine.fr\/es\/producto\/chaleco-bebe-nino-cuello-chal-pura-lana-merino-oatmeal\/\" \/>\n<meta property=\"og:locale\" content=\"es_ES\" \/>\n<meta property=\"og:type\" content=\"article\" \/>\n<meta property=\"og:title\" content=\"Chaleco beb\u00e9 color avena con cuello chal de lana merino\" \/>\n<meta property=\"og:description\" content=\"Descubra la autenticidad y la artesan\u00eda irlandesa con nuestro chaleco beb\u00e9 color avena con cuello chal de lana merino, una prenda elegante y c\u00f3moda a la vez.\" \/>\n<meta property=\"og:url\" content=\"https:\/\/voyagedelabaleine.fr\/es\/producto\/chaleco-bebe-nino-cuello-chal-pura-lana-merino-oatmeal\/\" \/>\n<meta property=\"og:site_name\" content=\"Voyage de la Baleine\" \/>\n<meta property=\"article:publisher\" content=\"https:\/\/www.facebook.com\/voyagedelabaleine\/\" \/>\n<meta property=\"article:modified_time\" content=\"2026-01-14T22:34:04+00:00\" \/>\n<meta property=\"og:image\" content=\"https:\/\/voyagedelabaleine.fr\/wp-content\/uploads\/2024\/09\/pull-col-chale-oatmeal-2.jpg\" \/>\n\t<meta property=\"og:image:width\" content=\"1200\" \/>\n\t<meta property=\"og:image:height\" content=\"1600\" \/>\n\t<meta property=\"og:image:type\" content=\"image\/jpeg\" \/>\n<meta name=\"twitter:card\" content=\"summary_large_image\" \/>\n<meta name=\"twitter:label1\" content=\"Tiempo de lectura\" \/>\n\t<meta name=\"twitter:data1\" content=\"2 minuto\" \/>\n<script type=\"application\/ld+json\" class=\"yoast-schema-graph\">{\"@context\":\"https:\/\/schema.org\",\"@graph\":[{\"@type\":\"WebPage\",\"@id\":\"https:\/\/voyagedelabaleine.fr\/es\/producto\/chaleco-bebe-nino-cuello-chal-pura-lana-merino-oatmeal\/\",\"url\":\"https:\/\/voyagedelabaleine.fr\/es\/producto\/chaleco-bebe-nino-cuello-chal-pura-lana-merino-oatmeal\/\",\"name\":\"Chaleco beb\u00e9 color avena con cuello chal de lana merino\",\"isPartOf\":{\"@id\":\"https:\/\/voyagedelabaleine.fr\/es\/#website\"},\"primaryImageOfPage\":{\"@id\":\"https:\/\/voyagedelabaleine.fr\/es\/producto\/chaleco-bebe-nino-cuello-chal-pura-lana-merino-oatmeal\/#primaryimage\"},\"image\":{\"@id\":\"https:\/\/voyagedelabaleine.fr\/es\/producto\/chaleco-bebe-nino-cuello-chal-pura-lana-merino-oatmeal\/#primaryimage\"},\"thumbnailUrl\":\"https:\/\/voyagedelabaleine.fr\/wp-content\/uploads\/2024\/09\/pull-col-chale-oatmeal-2.jpg\",\"datePublished\":\"2024-09-16T13:43:25+00:00\",\"dateModified\":\"2026-01-14T22:34:04+00:00\",\"description\":\"Descubra la autenticidad y la artesan\u00eda irlandesa con nuestro chaleco beb\u00e9 color avena con cuello chal de lana merino, una prenda elegante y c\u00f3moda a la vez.\",\"breadcrumb\":{\"@id\":\"https:\/\/voyagedelabaleine.fr\/es\/producto\/chaleco-bebe-nino-cuello-chal-pura-lana-merino-oatmeal\/#breadcrumb\"},\"inLanguage\":\"es\",\"potentialAction\":[{\"@type\":\"ReadAction\",\"target\":[\"https:\/\/voyagedelabaleine.fr\/es\/producto\/chaleco-bebe-nino-cuello-chal-pura-lana-merino-oatmeal\/\"]}]},{\"@type\":\"ImageObject\",\"inLanguage\":\"es\",\"@id\":\"https:\/\/voyagedelabaleine.fr\/es\/producto\/chaleco-bebe-nino-cuello-chal-pura-lana-merino-oatmeal\/#primaryimage\",\"url\":\"https:\/\/voyagedelabaleine.fr\/wp-content\/uploads\/2024\/09\/pull-col-chale-oatmeal-2.jpg\",\"contentUrl\":\"https:\/\/voyagedelabaleine.fr\/wp-content\/uploads\/2024\/09\/pull-col-chale-oatmeal-2.jpg\",\"width\":1200,\"height\":1600,\"caption\":\"D\u00e9tail du gilet b\u00e9b\u00e9 gar\u00e7on beige \u00e0 col ch\u00e2le en pure laine m\u00e9rinos\"},{\"@type\":\"BreadcrumbList\",\"@id\":\"https:\/\/voyagedelabaleine.fr\/es\/producto\/chaleco-bebe-nino-cuello-chal-pura-lana-merino-oatmeal\/#breadcrumb\",\"itemListElement\":[{\"@type\":\"ListItem\",\"position\":1,\"name\":\"Accueil\",\"item\":\"https:\/\/voyagedelabaleine.fr\/es\/inicio\/\"},{\"@type\":\"ListItem\",\"position\":2,\"name\":\"Tienda\",\"item\":\"https:\/\/voyagedelabaleine.fr\/es\/tienda\/\"},{\"@type\":\"ListItem\",\"position\":3,\"name\":\"Chaleco beb\u00e9 ni\u00f1o cuello chal \u2013 Pura lana merino \u2013 Oatmeal\"}]},{\"@type\":\"WebSite\",\"@id\":\"https:\/\/voyagedelabaleine.fr\/es\/#website\",\"url\":\"https:\/\/voyagedelabaleine.fr\/es\/\",\"name\":\"Voyage de la Baleine\",\"description\":\"V\u00eatements intemporels et raffin\u00e9s pour b\u00e9b\u00e9s et enfants\",\"publisher\":{\"@id\":\"https:\/\/voyagedelabaleine.fr\/es\/#organization\"},\"potentialAction\":[{\"@type\":\"SearchAction\",\"target\":{\"@type\":\"EntryPoint\",\"urlTemplate\":\"https:\/\/voyagedelabaleine.fr\/es\/?s={search_term_string}\"},\"query-input\":{\"@type\":\"PropertyValueSpecification\",\"valueRequired\":true,\"valueName\":\"search_term_string\"}}],\"inLanguage\":\"es\"},{\"@type\":\"Organization\",\"@id\":\"https:\/\/voyagedelabaleine.fr\/es\/#organization\",\"name\":\"Voyage de la Baleine\",\"url\":\"https:\/\/voyagedelabaleine.fr\/es\/\",\"logo\":{\"@type\":\"ImageObject\",\"inLanguage\":\"es\",\"@id\":\"https:\/\/voyagedelabaleine.fr\/es\/#\/schema\/logo\/image\/\",\"url\":\"https:\/\/voyagedelabaleine.fr\/wp-content\/uploads\/2025\/06\/logo.webp\",\"contentUrl\":\"https:\/\/voyagedelabaleine.fr\/wp-content\/uploads\/2025\/06\/logo.webp\",\"width\":153,\"height\":64,\"caption\":\"Voyage de la Baleine\"},\"image\":{\"@id\":\"https:\/\/voyagedelabaleine.fr\/es\/#\/schema\/logo\/image\/\"},\"sameAs\":[\"https:\/\/www.facebook.com\/voyagedelabaleine\/\",\"https:\/\/www.instagram.com\/voyagedelabaleine\/\",\"https:\/\/www.pinterest.fr\/Voyagedelabaleine\/\"]}]}<\/script>\n<!-- \/ Yoast SEO plugin. -->","yoast_head_json":{"title":"Chaleco beb\u00e9 color avena con cuello chal de lana merino","description":"Descubra la autenticidad y la artesan\u00eda irlandesa con nuestro chaleco beb\u00e9 color avena con cuello chal de lana merino, una prenda elegante y c\u00f3moda a la vez.","robots":{"index":"index","follow":"follow","max-snippet":"max-snippet:-1","max-image-preview":"max-image-preview:large","max-video-preview":"max-video-preview:-1"},"canonical":"https:\/\/voyagedelabaleine.fr\/es\/producto\/chaleco-bebe-nino-cuello-chal-pura-lana-merino-oatmeal\/","og_locale":"es_ES","og_type":"article","og_title":"Chaleco beb\u00e9 color avena con cuello chal de lana merino","og_description":"Descubra la autenticidad y la artesan\u00eda irlandesa con nuestro chaleco beb\u00e9 color avena con cuello chal de lana merino, una prenda elegante y c\u00f3moda a la vez.","og_url":"https:\/\/voyagedelabaleine.fr\/es\/producto\/chaleco-bebe-nino-cuello-chal-pura-lana-merino-oatmeal\/","og_site_name":"Voyage de la Baleine","article_publisher":"https:\/\/www.facebook.com\/voyagedelabaleine\/","article_modified_time":"2026-01-14T22:34:04+00:00","og_image":[{"width":1200,"height":1600,"url":"https:\/\/voyagedelabaleine.fr\/wp-content\/uploads\/2024\/09\/pull-col-chale-oatmeal-2.jpg","type":"image\/jpeg"}],"twitter_card":"summary_large_image","twitter_misc":{"Tiempo de lectura":"2 minuto"},"schema":{"@context":"https:\/\/schema.org","@graph":[{"@type":"WebPage","@id":"https:\/\/voyagedelabaleine.fr\/es\/producto\/chaleco-bebe-nino-cuello-chal-pura-lana-merino-oatmeal\/","url":"https:\/\/voyagedelabaleine.fr\/es\/producto\/chaleco-bebe-nino-cuello-chal-pura-lana-merino-oatmeal\/","name":"Chaleco beb\u00e9 color avena con cuello chal de lana merino","isPartOf":{"@id":"https:\/\/voyagedelabaleine.fr\/es\/#website"},"primaryImageOfPage":{"@id":"https:\/\/voyagedelabaleine.fr\/es\/producto\/chaleco-bebe-nino-cuello-chal-pura-lana-merino-oatmeal\/#primaryimage"},"image":{"@id":"https:\/\/voyagedelabaleine.fr\/es\/producto\/chaleco-bebe-nino-cuello-chal-pura-lana-merino-oatmeal\/#primaryimage"},"thumbnailUrl":"https:\/\/voyagedelabaleine.fr\/wp-content\/uploads\/2024\/09\/pull-col-chale-oatmeal-2.jpg","datePublished":"2024-09-16T13:43:25+00:00","dateModified":"2026-01-14T22:34:04+00:00","description":"Descubra la autenticidad y la artesan\u00eda irlandesa con nuestro chaleco beb\u00e9 color avena con cuello chal de lana merino, una prenda elegante y c\u00f3moda a la vez.","breadcrumb":{"@id":"https:\/\/voyagedelabaleine.fr\/es\/producto\/chaleco-bebe-nino-cuello-chal-pura-lana-merino-oatmeal\/#breadcrumb"},"inLanguage":"es","potentialAction":[{"@type":"ReadAction","target":["https:\/\/voyagedelabaleine.fr\/es\/producto\/chaleco-bebe-nino-cuello-chal-pura-lana-merino-oatmeal\/"]}]},{"@type":"ImageObject","inLanguage":"es","@id":"https:\/\/voyagedelabaleine.fr\/es\/producto\/chaleco-bebe-nino-cuello-chal-pura-lana-merino-oatmeal\/#primaryimage","url":"https:\/\/voyagedelabaleine.fr\/wp-content\/uploads\/2024\/09\/pull-col-chale-oatmeal-2.jpg","contentUrl":"https:\/\/voyagedelabaleine.fr\/wp-content\/uploads\/2024\/09\/pull-col-chale-oatmeal-2.jpg","width":1200,"height":1600,"caption":"D\u00e9tail du gilet b\u00e9b\u00e9 gar\u00e7on beige \u00e0 col ch\u00e2le en pure laine m\u00e9rinos"},{"@type":"BreadcrumbList","@id":"https:\/\/voyagedelabaleine.fr\/es\/producto\/chaleco-bebe-nino-cuello-chal-pura-lana-merino-oatmeal\/#breadcrumb","itemListElement":[{"@type":"ListItem","position":1,"name":"Accueil","item":"https:\/\/voyagedelabaleine.fr\/es\/inicio\/"},{"@type":"ListItem","position":2,"name":"Tienda","item":"https:\/\/voyagedelabaleine.fr\/es\/tienda\/"},{"@type":"ListItem","position":3,"name":"Chaleco beb\u00e9 ni\u00f1o cuello chal \u2013 Pura lana merino \u2013 Oatmeal"}]},{"@type":"WebSite","@id":"https:\/\/voyagedelabaleine.fr\/es\/#website","url":"https:\/\/voyagedelabaleine.fr\/es\/","name":"Voyage de la Baleine","description":"V\u00eatements intemporels et raffin\u00e9s pour b\u00e9b\u00e9s et enfants","publisher":{"@id":"https:\/\/voyagedelabaleine.fr\/es\/#organization"},"potentialAction":[{"@type":"SearchAction","target":{"@type":"EntryPoint","urlTemplate":"https:\/\/voyagedelabaleine.fr\/es\/?s={search_term_string}"},"query-input":{"@type":"PropertyValueSpecification","valueRequired":true,"valueName":"search_term_string"}}],"inLanguage":"es"},{"@type":"Organization","@id":"https:\/\/voyagedelabaleine.fr\/es\/#organization","name":"Voyage de la Baleine","url":"https:\/\/voyagedelabaleine.fr\/es\/","logo":{"@type":"ImageObject","inLanguage":"es","@id":"https:\/\/voyagedelabaleine.fr\/es\/#\/schema\/logo\/image\/","url":"https:\/\/voyagedelabaleine.fr\/wp-content\/uploads\/2025\/06\/logo.webp","contentUrl":"https:\/\/voyagedelabaleine.fr\/wp-content\/uploads\/2025\/06\/logo.webp","width":153,"height":64,"caption":"Voyage de la Baleine"},"image":{"@id":"https:\/\/voyagedelabaleine.fr\/es\/#\/schema\/logo\/image\/"},"sameAs":["https:\/\/www.facebook.com\/voyagedelabaleine\/","https:\/\/www.instagram.com\/voyagedelabaleine\/","https:\/\/www.pinterest.fr\/Voyagedelabaleine\/"]}]}},"_links":{"self":[{"href":"https:\/\/voyagedelabaleine.fr\/es\/wp-json\/wp\/v2\/product\/31724","targetHints":{"allow":["GET"]}}],"collection":[{"href":"https:\/\/voyagedelabaleine.fr\/es\/wp-json\/wp\/v2\/product"}],"about":[{"href":"https:\/\/voyagedelabaleine.fr\/es\/wp-json\/wp\/v2\/types\/product"}],"replies":[{"embeddable":true,"href":"https:\/\/voyagedelabaleine.fr\/es\/wp-json\/wp\/v2\/comments?post=31724"}],"wp:featuredmedia":[{"embeddable":true,"href":"https:\/\/voyagedelabaleine.fr\/es\/wp-json\/wp\/v2\/media\/21460"}],"wp:attachment":[{"href":"https:\/\/voyagedelabaleine.fr\/es\/wp-json\/wp\/v2\/media?parent=31724"}],"wp:term":[{"taxonomy":"product_brand","embeddable":true,"href":"https:\/\/voyagedelabaleine.fr\/es\/wp-json\/wp\/v2\/product_brand?post=31724"},{"taxonomy":"product_cat","embeddable":true,"href":"https:\/\/voyagedelabaleine.fr\/es\/wp-json\/wp\/v2\/product_cat?post=31724"},{"taxonomy":"product_tag","embeddable":true,"href":"https:\/\/voyagedelabaleine.fr\/es\/wp-json\/wp\/v2\/product_tag?post=31724"}],"curies":[{"name":"wp","href":"https:\/\/api.w.org\/{rel}","templated":true}]}}