{"id":31738,"date":"2024-09-10T15:09:43","date_gmt":"2024-09-10T13:09:43","guid":{"rendered":"https:\/\/voyagedelabaleine.fr\/product\/ranita-elegante-para-bebe-creme\/"},"modified":"2026-01-14T23:34:07","modified_gmt":"2026-01-14T22:34:07","slug":"ranita-elegante-para-bebe-creme","status":"publish","type":"product","link":"https:\/\/voyagedelabaleine.fr\/es\/producto\/ranita-elegante-para-bebe-creme\/","title":{"rendered":"Ranita elegante para beb\u00e9 &#8211; Cr\u00e8me"},"content":{"rendered":"<p>Esta preciosa ranita es un modelo de <strong>elegancia<\/strong> y <strong>refinamiento<\/strong>. Esta <strong>ranita de beb\u00e9 para bautizo<\/strong> u ocasiones especiales es ideal para los momentos importantes. De color cr\u00e8me suave, est\u00e1 adornada con un <strong>nido de abeja rojo<\/strong> delicado que aporta un toque de color y sofisticaci\u00f3n. Esta ranita est\u00e1 dise\u00f1ada con una atenci\u00f3n al detalle excepcional, garantizando no solo un aspecto est\u00e9tico impecable, sino tambi\u00e9n una comodidad \u00f3ptima para su beb\u00e9.   <\/p>\n<p>El <strong>cuello redondo<\/strong> a\u00f1ade un toque cl\u00e1sico a este conjunto, mientras que las mangas largas ofrecen una cobertura perfecta para las ceremonias en todas las estaciones. Fabricada con esmero en Espa\u00f1a, esta ranita refleja nuestro compromiso con la calidad y la <strong>artesan\u00eda<\/strong>. El algod\u00f3n utilizado es suave para la piel delicada de su beb\u00e9, asegurando que est\u00e9 c\u00f3modo o c\u00f3moda durante todo el d\u00eda.  <\/p>\n<p>Opte por esta <strong>ranita de beb\u00e9 para bautizo<\/strong> elegante para un look atemporal y refinado. Ya sea para una ceremonia religiosa, una fiesta familiar o una sesi\u00f3n de fotos especial, esta ranita cr\u00e8me con nido de abeja rojo ser\u00e1 la elecci\u00f3n perfecta. No solo es un conjunto de bautizo ideal, sino tambi\u00e9n una prenda de recuerdo que apreciar\u00e1 durante a\u00f1os.  <\/p>\n<p>Al pedir esta ranita, no solo elige una prenda excepcional, sino tambi\u00e9n una pieza que cuenta una historia, la de la <strong>calidad espa\u00f1ola<\/strong> y el cuidado dedicado a cada detalle. Haga de este d\u00eda especial un momento inolvidable con nuestra ranita de bautizo cr\u00e8me con nido de abeja rojo. <\/p>\n<p><em>Fabricada en Espa\u00f1a, esta ranita encarna la elegancia, la comodidad y la calidad superior que todo beb\u00e9 merece.<\/em><\/p>\n","protected":false},"excerpt":{"rendered":"<ul>\n<li>Forrado<\/li>\n<li>Se cierra con una tapeta de botones en la espalda<\/li>\n<li>Botones en la entrepierna<\/li>\n<li>100% algod\u00f3n<\/li>\n<li>Fabricado en Espa\u00f1a<br \/>\n<em>Esta ranita tiene un tallaje normal. Elija la talla habitual.<\/em><\/li>\n<\/ul>\n","protected":false},"featured_media":16553,"comment_status":"open","ping_status":"closed","template":"","meta":{"ocean_post_layout":"","ocean_both_sidebars_style":"","ocean_both_sidebars_content_width":0,"ocean_both_sidebars_sidebars_width":0,"ocean_sidebar":"0","ocean_second_sidebar":"0","ocean_disable_margins":"enable","ocean_add_body_class":"","ocean_shortcode_before_top_bar":"","ocean_shortcode_after_top_bar":"","ocean_shortcode_before_header":"","ocean_shortcode_after_header":"","ocean_has_shortcode":"","ocean_shortcode_after_title":"","ocean_shortcode_before_footer_widgets":"","ocean_shortcode_after_footer_widgets":"","ocean_shortcode_before_footer_bottom":"","ocean_shortcode_after_footer_bottom":"","ocean_display_top_bar":"default","ocean_display_header":"default","ocean_header_style":"","ocean_center_header_left_menu":"0","ocean_custom_header_template":"0","ocean_custom_logo":0,"ocean_custom_retina_logo":0,"ocean_custom_logo_max_width":0,"ocean_custom_logo_tablet_max_width":0,"ocean_custom_logo_mobile_max_width":0,"ocean_custom_logo_max_height":0,"ocean_custom_logo_tablet_max_height":0,"ocean_custom_logo_mobile_max_height":0,"ocean_header_custom_menu":"0","ocean_menu_typo_font_family":"0","ocean_menu_typo_font_subset":"","ocean_menu_typo_font_size":0,"ocean_menu_typo_font_size_tablet":0,"ocean_menu_typo_font_size_mobile":0,"ocean_menu_typo_font_size_unit":"px","ocean_menu_typo_font_weight":"","ocean_menu_typo_font_weight_tablet":"","ocean_menu_typo_font_weight_mobile":"","ocean_menu_typo_transform":"","ocean_menu_typo_transform_tablet":"","ocean_menu_typo_transform_mobile":"","ocean_menu_typo_line_height":0,"ocean_menu_typo_line_height_tablet":0,"ocean_menu_typo_line_height_mobile":0,"ocean_menu_typo_line_height_unit":"","ocean_menu_typo_spacing":0,"ocean_menu_typo_spacing_tablet":0,"ocean_menu_typo_spacing_mobile":0,"ocean_menu_typo_spacing_unit":"","ocean_menu_link_color":"","ocean_menu_link_color_hover":"","ocean_menu_link_color_active":"","ocean_menu_link_background":"","ocean_menu_link_hover_background":"","ocean_menu_link_active_background":"","ocean_menu_social_links_bg":"","ocean_menu_social_hover_links_bg":"","ocean_menu_social_links_color":"","ocean_menu_social_hover_links_color":"","ocean_disable_title":"default","ocean_disable_heading":"default","ocean_post_title":"","ocean_post_subheading":"","ocean_post_title_style":"","ocean_post_title_background_color":"","ocean_post_title_background":0,"ocean_post_title_bg_image_position":"","ocean_post_title_bg_image_attachment":"","ocean_post_title_bg_image_repeat":"","ocean_post_title_bg_image_size":"","ocean_post_title_height":0,"ocean_post_title_bg_overlay":0.5,"ocean_post_title_bg_overlay_color":"","ocean_disable_breadcrumbs":"default","ocean_breadcrumbs_color":"","ocean_breadcrumbs_separator_color":"","ocean_breadcrumbs_links_color":"","ocean_breadcrumbs_links_hover_color":"","ocean_display_footer_widgets":"default","ocean_display_footer_bottom":"default","ocean_custom_footer_template":"0","osh_disable_topbar_sticky":"default","osh_disable_header_sticky":"default","osh_sticky_header_style":"default","osh_sticky_header_effect":"","osh_custom_sticky_logo":0,"osh_custom_retina_sticky_logo":0,"osh_custom_sticky_logo_height":0,"osh_background_color":"","osh_links_color":"","osh_links_hover_color":"","osh_links_active_color":"","osh_links_bg_color":"","osh_links_hover_bg_color":"","osh_links_active_bg_color":"","osh_menu_social_links_color":"","osh_menu_social_hover_links_color":""},"product_brand":[],"product_cat":[7013,6971,6993,6873,6818,6845,7031],"product_tag":[],"class_list":{"0":"post-31738","1":"product","2":"type-product","3":"status-publish","4":"has-post-thumbnail","6":"product_cat-pelele-peto-ranita-nacimiento","7":"product_cat-pelele-peto-ranita-nacimiento-nina","8":"product_cat-pelele-peto-ranita-nacimiento-nino","9":"product_cat-pelele-peto-ranita-bebe","10":"product_cat-pelele-peto-ranita-bebe-nina","11":"product_cat-pelele-peto-ranita-bebe-nino","12":"product_cat-ropa","14":"entry","15":"has-media","17":"first","18":"instock","19":"taxable","20":"shipping-taxable","21":"purchasable","22":"product-type-variable","23":"has-default-attributes","24":"has-rating","25":"col","26":"span_1_of_3","27":"owp-content-center","28":"owp-thumbs-layout-vertical","29":"owp-btn-big","30":"owp-tabs-layout-vertical","31":"circle-sale"},"yoast_head":"<!-- This site is optimized with the Yoast SEO plugin v27.1.1 - https:\/\/yoast.com\/product\/yoast-seo-wordpress\/ -->\n<title>Ranita de beb\u00e9 para bautizo<\/title>\n<meta name=\"description\" content=\"Esta preciosa ranita de beb\u00e9 para bautizo es un modelo de elegancia y refinamiento, ideal para las ocasiones especiales. Fabricado en Espa\u00f1a.\" \/>\n<meta name=\"robots\" content=\"index, follow, max-snippet:-1, max-image-preview:large, max-video-preview:-1\" \/>\n<link rel=\"canonical\" href=\"https:\/\/voyagedelabaleine.fr\/es\/producto\/ranita-elegante-para-bebe-creme\/\" \/>\n<meta property=\"og:locale\" content=\"es_ES\" \/>\n<meta property=\"og:type\" content=\"article\" \/>\n<meta property=\"og:title\" content=\"Ranita de beb\u00e9 para bautizo\" \/>\n<meta property=\"og:description\" content=\"Esta preciosa ranita de beb\u00e9 para bautizo es un modelo de elegancia y refinamiento, ideal para las ocasiones especiales. Fabricado en Espa\u00f1a.\" \/>\n<meta property=\"og:url\" content=\"https:\/\/voyagedelabaleine.fr\/es\/producto\/ranita-elegante-para-bebe-creme\/\" \/>\n<meta property=\"og:site_name\" content=\"Voyage de la Baleine\" \/>\n<meta property=\"article:publisher\" content=\"https:\/\/www.facebook.com\/voyagedelabaleine\/\" \/>\n<meta property=\"article:modified_time\" content=\"2026-01-14T22:34:07+00:00\" \/>\n<meta property=\"og:image\" content=\"https:\/\/voyagedelabaleine.fr\/wp-content\/uploads\/2024\/09\/barboteuse-elegante-creme.jpg\" \/>\n\t<meta property=\"og:image:width\" content=\"1200\" \/>\n\t<meta property=\"og:image:height\" content=\"1600\" \/>\n\t<meta property=\"og:image:type\" content=\"image\/jpeg\" \/>\n<meta name=\"twitter:card\" content=\"summary_large_image\" \/>\n<meta name=\"twitter:label1\" content=\"Tiempo de lectura\" \/>\n\t<meta name=\"twitter:data1\" content=\"1 minuto\" \/>\n<script type=\"application\/ld+json\" class=\"yoast-schema-graph\">{\"@context\":\"https:\/\/schema.org\",\"@graph\":[{\"@type\":\"WebPage\",\"@id\":\"https:\/\/voyagedelabaleine.fr\/es\/producto\/ranita-elegante-para-bebe-creme\/\",\"url\":\"https:\/\/voyagedelabaleine.fr\/es\/producto\/ranita-elegante-para-bebe-creme\/\",\"name\":\"Ranita de beb\u00e9 para bautizo\",\"isPartOf\":{\"@id\":\"https:\/\/voyagedelabaleine.fr\/es\/#website\"},\"primaryImageOfPage\":{\"@id\":\"https:\/\/voyagedelabaleine.fr\/es\/producto\/ranita-elegante-para-bebe-creme\/#primaryimage\"},\"image\":{\"@id\":\"https:\/\/voyagedelabaleine.fr\/es\/producto\/ranita-elegante-para-bebe-creme\/#primaryimage\"},\"thumbnailUrl\":\"https:\/\/voyagedelabaleine.fr\/wp-content\/uploads\/2024\/09\/barboteuse-elegante-creme.jpg\",\"datePublished\":\"2024-09-10T13:09:43+00:00\",\"dateModified\":\"2026-01-14T22:34:07+00:00\",\"description\":\"Esta preciosa ranita de beb\u00e9 para bautizo es un modelo de elegancia y refinamiento, ideal para las ocasiones especiales. Fabricado en Espa\u00f1a.\",\"breadcrumb\":{\"@id\":\"https:\/\/voyagedelabaleine.fr\/es\/producto\/ranita-elegante-para-bebe-creme\/#breadcrumb\"},\"inLanguage\":\"es\",\"potentialAction\":[{\"@type\":\"ReadAction\",\"target\":[\"https:\/\/voyagedelabaleine.fr\/es\/producto\/ranita-elegante-para-bebe-creme\/\"]}]},{\"@type\":\"ImageObject\",\"inLanguage\":\"es\",\"@id\":\"https:\/\/voyagedelabaleine.fr\/es\/producto\/ranita-elegante-para-bebe-creme\/#primaryimage\",\"url\":\"https:\/\/voyagedelabaleine.fr\/wp-content\/uploads\/2024\/09\/barboteuse-elegante-creme.jpg\",\"contentUrl\":\"https:\/\/voyagedelabaleine.fr\/wp-content\/uploads\/2024\/09\/barboteuse-elegante-creme.jpg\",\"width\":1200,\"height\":1600,\"caption\":\"Barboteuse b\u00e9b\u00e9 de bapt\u00eame avec d\u00e9tail de smocks rouge sur le devant\"},{\"@type\":\"BreadcrumbList\",\"@id\":\"https:\/\/voyagedelabaleine.fr\/es\/producto\/ranita-elegante-para-bebe-creme\/#breadcrumb\",\"itemListElement\":[{\"@type\":\"ListItem\",\"position\":1,\"name\":\"Accueil\",\"item\":\"https:\/\/voyagedelabaleine.fr\/es\/inicio\/\"},{\"@type\":\"ListItem\",\"position\":2,\"name\":\"Tienda\",\"item\":\"https:\/\/voyagedelabaleine.fr\/es\/tienda\/\"},{\"@type\":\"ListItem\",\"position\":3,\"name\":\"Ranita elegante para beb\u00e9 &#8211; Cr\u00e8me\"}]},{\"@type\":\"WebSite\",\"@id\":\"https:\/\/voyagedelabaleine.fr\/es\/#website\",\"url\":\"https:\/\/voyagedelabaleine.fr\/es\/\",\"name\":\"Voyage de la Baleine\",\"description\":\"V\u00eatements intemporels et raffin\u00e9s pour b\u00e9b\u00e9s et enfants\",\"publisher\":{\"@id\":\"https:\/\/voyagedelabaleine.fr\/es\/#organization\"},\"potentialAction\":[{\"@type\":\"SearchAction\",\"target\":{\"@type\":\"EntryPoint\",\"urlTemplate\":\"https:\/\/voyagedelabaleine.fr\/es\/?s={search_term_string}\"},\"query-input\":{\"@type\":\"PropertyValueSpecification\",\"valueRequired\":true,\"valueName\":\"search_term_string\"}}],\"inLanguage\":\"es\"},{\"@type\":\"Organization\",\"@id\":\"https:\/\/voyagedelabaleine.fr\/es\/#organization\",\"name\":\"Voyage de la Baleine\",\"url\":\"https:\/\/voyagedelabaleine.fr\/es\/\",\"logo\":{\"@type\":\"ImageObject\",\"inLanguage\":\"es\",\"@id\":\"https:\/\/voyagedelabaleine.fr\/es\/#\/schema\/logo\/image\/\",\"url\":\"https:\/\/voyagedelabaleine.fr\/wp-content\/uploads\/2025\/06\/logo.webp\",\"contentUrl\":\"https:\/\/voyagedelabaleine.fr\/wp-content\/uploads\/2025\/06\/logo.webp\",\"width\":153,\"height\":64,\"caption\":\"Voyage de la Baleine\"},\"image\":{\"@id\":\"https:\/\/voyagedelabaleine.fr\/es\/#\/schema\/logo\/image\/\"},\"sameAs\":[\"https:\/\/www.facebook.com\/voyagedelabaleine\/\",\"https:\/\/www.instagram.com\/voyagedelabaleine\/\",\"https:\/\/www.pinterest.fr\/Voyagedelabaleine\/\"]}]}<\/script>\n<!-- \/ Yoast SEO plugin. -->","yoast_head_json":{"title":"Ranita de beb\u00e9 para bautizo","description":"Esta preciosa ranita de beb\u00e9 para bautizo es un modelo de elegancia y refinamiento, ideal para las ocasiones especiales. Fabricado en Espa\u00f1a.","robots":{"index":"index","follow":"follow","max-snippet":"max-snippet:-1","max-image-preview":"max-image-preview:large","max-video-preview":"max-video-preview:-1"},"canonical":"https:\/\/voyagedelabaleine.fr\/es\/producto\/ranita-elegante-para-bebe-creme\/","og_locale":"es_ES","og_type":"article","og_title":"Ranita de beb\u00e9 para bautizo","og_description":"Esta preciosa ranita de beb\u00e9 para bautizo es un modelo de elegancia y refinamiento, ideal para las ocasiones especiales. Fabricado en Espa\u00f1a.","og_url":"https:\/\/voyagedelabaleine.fr\/es\/producto\/ranita-elegante-para-bebe-creme\/","og_site_name":"Voyage de la Baleine","article_publisher":"https:\/\/www.facebook.com\/voyagedelabaleine\/","article_modified_time":"2026-01-14T22:34:07+00:00","og_image":[{"width":1200,"height":1600,"url":"https:\/\/voyagedelabaleine.fr\/wp-content\/uploads\/2024\/09\/barboteuse-elegante-creme.jpg","type":"image\/jpeg"}],"twitter_card":"summary_large_image","twitter_misc":{"Tiempo de lectura":"1 minuto"},"schema":{"@context":"https:\/\/schema.org","@graph":[{"@type":"WebPage","@id":"https:\/\/voyagedelabaleine.fr\/es\/producto\/ranita-elegante-para-bebe-creme\/","url":"https:\/\/voyagedelabaleine.fr\/es\/producto\/ranita-elegante-para-bebe-creme\/","name":"Ranita de beb\u00e9 para bautizo","isPartOf":{"@id":"https:\/\/voyagedelabaleine.fr\/es\/#website"},"primaryImageOfPage":{"@id":"https:\/\/voyagedelabaleine.fr\/es\/producto\/ranita-elegante-para-bebe-creme\/#primaryimage"},"image":{"@id":"https:\/\/voyagedelabaleine.fr\/es\/producto\/ranita-elegante-para-bebe-creme\/#primaryimage"},"thumbnailUrl":"https:\/\/voyagedelabaleine.fr\/wp-content\/uploads\/2024\/09\/barboteuse-elegante-creme.jpg","datePublished":"2024-09-10T13:09:43+00:00","dateModified":"2026-01-14T22:34:07+00:00","description":"Esta preciosa ranita de beb\u00e9 para bautizo es un modelo de elegancia y refinamiento, ideal para las ocasiones especiales. Fabricado en Espa\u00f1a.","breadcrumb":{"@id":"https:\/\/voyagedelabaleine.fr\/es\/producto\/ranita-elegante-para-bebe-creme\/#breadcrumb"},"inLanguage":"es","potentialAction":[{"@type":"ReadAction","target":["https:\/\/voyagedelabaleine.fr\/es\/producto\/ranita-elegante-para-bebe-creme\/"]}]},{"@type":"ImageObject","inLanguage":"es","@id":"https:\/\/voyagedelabaleine.fr\/es\/producto\/ranita-elegante-para-bebe-creme\/#primaryimage","url":"https:\/\/voyagedelabaleine.fr\/wp-content\/uploads\/2024\/09\/barboteuse-elegante-creme.jpg","contentUrl":"https:\/\/voyagedelabaleine.fr\/wp-content\/uploads\/2024\/09\/barboteuse-elegante-creme.jpg","width":1200,"height":1600,"caption":"Barboteuse b\u00e9b\u00e9 de bapt\u00eame avec d\u00e9tail de smocks rouge sur le devant"},{"@type":"BreadcrumbList","@id":"https:\/\/voyagedelabaleine.fr\/es\/producto\/ranita-elegante-para-bebe-creme\/#breadcrumb","itemListElement":[{"@type":"ListItem","position":1,"name":"Accueil","item":"https:\/\/voyagedelabaleine.fr\/es\/inicio\/"},{"@type":"ListItem","position":2,"name":"Tienda","item":"https:\/\/voyagedelabaleine.fr\/es\/tienda\/"},{"@type":"ListItem","position":3,"name":"Ranita elegante para beb\u00e9 &#8211; Cr\u00e8me"}]},{"@type":"WebSite","@id":"https:\/\/voyagedelabaleine.fr\/es\/#website","url":"https:\/\/voyagedelabaleine.fr\/es\/","name":"Voyage de la Baleine","description":"V\u00eatements intemporels et raffin\u00e9s pour b\u00e9b\u00e9s et enfants","publisher":{"@id":"https:\/\/voyagedelabaleine.fr\/es\/#organization"},"potentialAction":[{"@type":"SearchAction","target":{"@type":"EntryPoint","urlTemplate":"https:\/\/voyagedelabaleine.fr\/es\/?s={search_term_string}"},"query-input":{"@type":"PropertyValueSpecification","valueRequired":true,"valueName":"search_term_string"}}],"inLanguage":"es"},{"@type":"Organization","@id":"https:\/\/voyagedelabaleine.fr\/es\/#organization","name":"Voyage de la Baleine","url":"https:\/\/voyagedelabaleine.fr\/es\/","logo":{"@type":"ImageObject","inLanguage":"es","@id":"https:\/\/voyagedelabaleine.fr\/es\/#\/schema\/logo\/image\/","url":"https:\/\/voyagedelabaleine.fr\/wp-content\/uploads\/2025\/06\/logo.webp","contentUrl":"https:\/\/voyagedelabaleine.fr\/wp-content\/uploads\/2025\/06\/logo.webp","width":153,"height":64,"caption":"Voyage de la Baleine"},"image":{"@id":"https:\/\/voyagedelabaleine.fr\/es\/#\/schema\/logo\/image\/"},"sameAs":["https:\/\/www.facebook.com\/voyagedelabaleine\/","https:\/\/www.instagram.com\/voyagedelabaleine\/","https:\/\/www.pinterest.fr\/Voyagedelabaleine\/"]}]}},"_links":{"self":[{"href":"https:\/\/voyagedelabaleine.fr\/es\/wp-json\/wp\/v2\/product\/31738","targetHints":{"allow":["GET"]}}],"collection":[{"href":"https:\/\/voyagedelabaleine.fr\/es\/wp-json\/wp\/v2\/product"}],"about":[{"href":"https:\/\/voyagedelabaleine.fr\/es\/wp-json\/wp\/v2\/types\/product"}],"replies":[{"embeddable":true,"href":"https:\/\/voyagedelabaleine.fr\/es\/wp-json\/wp\/v2\/comments?post=31738"}],"wp:featuredmedia":[{"embeddable":true,"href":"https:\/\/voyagedelabaleine.fr\/es\/wp-json\/wp\/v2\/media\/16553"}],"wp:attachment":[{"href":"https:\/\/voyagedelabaleine.fr\/es\/wp-json\/wp\/v2\/media?parent=31738"}],"wp:term":[{"taxonomy":"product_brand","embeddable":true,"href":"https:\/\/voyagedelabaleine.fr\/es\/wp-json\/wp\/v2\/product_brand?post=31738"},{"taxonomy":"product_cat","embeddable":true,"href":"https:\/\/voyagedelabaleine.fr\/es\/wp-json\/wp\/v2\/product_cat?post=31738"},{"taxonomy":"product_tag","embeddable":true,"href":"https:\/\/voyagedelabaleine.fr\/es\/wp-json\/wp\/v2\/product_tag?post=31738"}],"curies":[{"name":"wp","href":"https:\/\/api.w.org\/{rel}","templated":true}]}}