{"id":31923,"date":"2025-08-23T14:59:47","date_gmt":"2025-08-23T12:59:47","guid":{"rendered":"https:\/\/voyagedelabaleine.fr\/product\/pijama-de-nina-de-cuadros-y-bordado-ingles-azul\/"},"modified":"2026-01-16T13:19:37","modified_gmt":"2026-01-16T12:19:37","slug":"pijama-de-nina-de-cuadros-y-bordado-ingles-azul","status":"publish","type":"product","link":"https:\/\/voyagedelabaleine.fr\/es\/producto\/pijama-de-nina-de-cuadros-y-bordado-ingles-azul\/","title":{"rendered":"Pijama de ni\u00f1a de cuadros y bordado ingl\u00e9s &#8211; Azul"},"content":{"rendered":"<h3 data-start=\"133\" data-end=\"179\">Un pijama refinado para noches tranquilas<\/h3>\n<p data-start=\"181\" data-end=\"673\">Regale a su ni\u00f1a un <strong data-start=\"212\" data-end=\"262\">pijama de cuadros azules con bordado ingl\u00e9s<\/strong>, dise\u00f1ado para acompa\u00f1ar sus noches con una dulzura reconfortante y una elegancia discreta. Confeccionado en <strong data-start=\"366\" data-end=\"386\">algod\u00f3n 100 % suave<\/strong>, este pijama asegura un confort \u00f3ptimo durante toda la noche, a la vez que se inscribe en el universo refinado e intemporal de Voyage de la Baleine. Sus delicados cuadros azules aportan un toque de elegancia a la vez que conservan un encanto infantil que hace que la hora de acostarse sea m\u00e1s dulce y reconfortante.  <\/p>\n<h3 data-start=\"675\" data-end=\"728\">Detalles delicados que marcan la diferencia<\/h3>\n<p data-start=\"730\" data-end=\"1361\">La parte superior de este pijama est\u00e1 adornada con un <strong data-start=\"765\" data-end=\"817\">cuello de tela bordado con un delicado bordado ingl\u00e9s.<\/strong> Este acabado refinado aporta un toque de poes\u00eda a esta prenda de noche, transformando el ritual de acostarse en un momento de excepci\u00f3n. El cierre con <strong data-start=\"1057\" data-end=\"1081\">bonitos botones nacarados<\/strong> en la parte delantera permite vestirse f\u00e1cil y r\u00e1pidamente, incluso cuando su hijo ya est\u00e1 cansado al final del d\u00eda. El pantal\u00f3n a juego, con <strong data-start=\"1220\" data-end=\"1248\">cintura el\u00e1stica suave<\/strong>, ofrece una sujeci\u00f3n perfecta a la vez que deja a su hijo la libertad de moverse c\u00f3modamente durante la noche.  <\/p>\n<h3 data-start=\"1363\" data-end=\"1400\">Practicidad y confort en el d\u00eda a d\u00eda<\/h3>\n<p data-start=\"1402\" data-end=\"1907\">Fabricado en Portugal con esmero, este pijama de algod\u00f3n se lava f\u00e1cilmente a la vez que conserva la suavidad de su tejido y el brillo de sus cuadros azules. Se adapta a todas las estaciones. Su corte estudiado y sus acabados cuidados lo convierten en una prenda de noche funcional que acompa\u00f1a los momentos importantes de la infancia: las historias de la noche, los abrazos antes de dormir y los despertares suaves.  <\/p>\n<h3 data-start=\"1909\" data-end=\"1955\">Un vestuario de noche elegante e intemporal<\/h3>\n<p data-start=\"1957\" data-end=\"2403\">Este <strong data-start=\"1960\" data-end=\"2010\">pijama de cuadros azules con bordado ingl\u00e9s<\/strong> encarna los valores de Voyage de la Baleine: proponer un vestuario para ni\u00f1os a la vez refinado, confortable y duradero, que respete su bienestar a la vez que aporta un toque de belleza al d\u00eda a d\u00eda. Cada detalle, desde la elecci\u00f3n del algod\u00f3n hasta el cuello bordado, ha sido pensado para vestir a los ni\u00f1os con esmero, a la vez que se preserva la elegancia simple e intemporal que da encanto a nuestras colecciones. <\/p>\n<p data-start=\"2410\" data-end=\"2585\"><em>Un pijama de cuadros azules, delicadamente bordado, que acompa\u00f1ar\u00e1 a su ni\u00f1a en sus noches dulces y tranquilas, fiel al universo delicado de Voyage de la Baleine.<\/em><\/p>\n<p data-start=\"2410\" data-end=\"2585\">Fabricado en Portugal.<\/p>\n","protected":false},"excerpt":{"rendered":"<ul>\n<li>Pijama infantil de ni\u00f1a de dos piezas<\/li>\n<li>Cierre con botones nacarados delante<\/li>\n<li>Cintura el\u00e1stica flexible<\/li>\n<li>Cuello con bordado ingl\u00e9s<\/li>\n<li>100 % algod\u00f3n<\/li>\n<li>Fabricado en Portugal<br \/>\n<em>Este pijama tiene un tallaje normal. Elija la talla habitual.<\/em><\/li>\n<\/ul>\n","protected":false},"featured_media":19878,"comment_status":"open","ping_status":"closed","template":"","meta":{"ocean_post_layout":"","ocean_both_sidebars_style":"","ocean_both_sidebars_content_width":0,"ocean_both_sidebars_sidebars_width":0,"ocean_sidebar":"0","ocean_second_sidebar":"0","ocean_disable_margins":"enable","ocean_add_body_class":"","ocean_shortcode_before_top_bar":"","ocean_shortcode_after_top_bar":"","ocean_shortcode_before_header":"","ocean_shortcode_after_header":"","ocean_has_shortcode":"","ocean_shortcode_after_title":"","ocean_shortcode_before_footer_widgets":"","ocean_shortcode_after_footer_widgets":"","ocean_shortcode_before_footer_bottom":"","ocean_shortcode_after_footer_bottom":"","ocean_display_top_bar":"default","ocean_display_header":"default","ocean_header_style":"","ocean_center_header_left_menu":"0","ocean_custom_header_template":"0","ocean_custom_logo":0,"ocean_custom_retina_logo":0,"ocean_custom_logo_max_width":0,"ocean_custom_logo_tablet_max_width":0,"ocean_custom_logo_mobile_max_width":0,"ocean_custom_logo_max_height":0,"ocean_custom_logo_tablet_max_height":0,"ocean_custom_logo_mobile_max_height":0,"ocean_header_custom_menu":"0","ocean_menu_typo_font_family":"0","ocean_menu_typo_font_subset":"","ocean_menu_typo_font_size":0,"ocean_menu_typo_font_size_tablet":0,"ocean_menu_typo_font_size_mobile":0,"ocean_menu_typo_font_size_unit":"px","ocean_menu_typo_font_weight":"","ocean_menu_typo_font_weight_tablet":"","ocean_menu_typo_font_weight_mobile":"","ocean_menu_typo_transform":"","ocean_menu_typo_transform_tablet":"","ocean_menu_typo_transform_mobile":"","ocean_menu_typo_line_height":0,"ocean_menu_typo_line_height_tablet":0,"ocean_menu_typo_line_height_mobile":0,"ocean_menu_typo_line_height_unit":"","ocean_menu_typo_spacing":0,"ocean_menu_typo_spacing_tablet":0,"ocean_menu_typo_spacing_mobile":0,"ocean_menu_typo_spacing_unit":"","ocean_menu_link_color":"","ocean_menu_link_color_hover":"","ocean_menu_link_color_active":"","ocean_menu_link_background":"","ocean_menu_link_hover_background":"","ocean_menu_link_active_background":"","ocean_menu_social_links_bg":"","ocean_menu_social_hover_links_bg":"","ocean_menu_social_links_color":"","ocean_menu_social_hover_links_color":"","ocean_disable_title":"default","ocean_disable_heading":"default","ocean_post_title":"","ocean_post_subheading":"","ocean_post_title_style":"","ocean_post_title_background_color":"","ocean_post_title_background":0,"ocean_post_title_bg_image_position":"","ocean_post_title_bg_image_attachment":"","ocean_post_title_bg_image_repeat":"","ocean_post_title_bg_image_size":"","ocean_post_title_height":0,"ocean_post_title_bg_overlay":0.5,"ocean_post_title_bg_overlay_color":"","ocean_disable_breadcrumbs":"default","ocean_breadcrumbs_color":"","ocean_breadcrumbs_separator_color":"","ocean_breadcrumbs_links_color":"","ocean_breadcrumbs_links_hover_color":"","ocean_display_footer_widgets":"default","ocean_display_footer_bottom":"default","ocean_custom_footer_template":"0","osh_disable_topbar_sticky":"default","osh_disable_header_sticky":"default","osh_sticky_header_style":"default","osh_sticky_header_effect":"","osh_custom_sticky_logo":0,"osh_custom_retina_sticky_logo":0,"osh_custom_sticky_logo_height":0,"osh_background_color":"","osh_links_color":"","osh_links_hover_color":"","osh_links_active_color":"","osh_links_bg_color":"","osh_links_hover_bg_color":"","osh_links_active_bg_color":"","osh_menu_social_links_color":"","osh_menu_social_hover_links_color":""},"product_brand":[],"product_cat":[7029,6869,6837,6913,6937],"product_tag":[],"class_list":{"0":"post-31923","1":"product","2":"type-product","3":"status-publish","4":"has-post-thumbnail","6":"product_cat-pijama","7":"product_cat-pijama-bebe","8":"product_cat-pijama-bebe-nina","9":"product_cat-pijama-nina","10":"product_cat-pijama-ninos","12":"entry","13":"has-media","15":"first","16":"instock","17":"taxable","18":"shipping-taxable","19":"purchasable","20":"product-type-variable","21":"has-default-attributes","22":"col","23":"span_1_of_3","24":"owp-content-center","25":"owp-thumbs-layout-vertical","26":"owp-btn-big","27":"owp-tabs-layout-vertical","28":"circle-sale"},"yoast_head":"<!-- This site is optimized with the Yoast SEO plugin v27.1.1 - https:\/\/yoast.com\/product\/yoast-seo-wordpress\/ -->\n<title>Pijama de ni\u00f1a de cuadros y bordado ingl\u00e9s - Azul - Voyage de la Baleine<\/title>\n<meta name=\"description\" content=\"Regale a su ni\u00f1a un pijama de cuadros azules con bordado ingl\u00e9s, dise\u00f1ado para acompa\u00f1ar sus noches con una dulzura reconfortante.\" \/>\n<meta name=\"robots\" content=\"index, follow, max-snippet:-1, max-image-preview:large, max-video-preview:-1\" \/>\n<link rel=\"canonical\" href=\"https:\/\/voyagedelabaleine.fr\/es\/producto\/pijama-de-nina-de-cuadros-y-bordado-ingles-azul\/\" \/>\n<meta property=\"og:locale\" content=\"es_ES\" \/>\n<meta property=\"og:type\" content=\"article\" \/>\n<meta property=\"og:title\" content=\"Pijama de ni\u00f1a de cuadros y bordado ingl\u00e9s - Azul - Voyage de la Baleine\" \/>\n<meta property=\"og:description\" content=\"Regale a su ni\u00f1a un pijama de cuadros azules con bordado ingl\u00e9s, dise\u00f1ado para acompa\u00f1ar sus noches con una dulzura reconfortante.\" \/>\n<meta property=\"og:url\" content=\"https:\/\/voyagedelabaleine.fr\/es\/producto\/pijama-de-nina-de-cuadros-y-bordado-ingles-azul\/\" \/>\n<meta property=\"og:site_name\" content=\"Voyage de la Baleine\" \/>\n<meta property=\"article:publisher\" content=\"https:\/\/www.facebook.com\/voyagedelabaleine\/\" \/>\n<meta property=\"article:modified_time\" content=\"2026-01-16T12:19:37+00:00\" \/>\n<meta property=\"og:image\" content=\"https:\/\/voyagedelabaleine.fr\/wp-content\/uploads\/2025\/07\/i5794_0037_01-fotor-20250715141736Pyjama-fille-carreaux-broderies-anglaises.jpg\" \/>\n\t<meta property=\"og:image:width\" content=\"1200\" \/>\n\t<meta property=\"og:image:height\" content=\"1600\" \/>\n\t<meta property=\"og:image:type\" content=\"image\/jpeg\" \/>\n<meta name=\"twitter:card\" content=\"summary_large_image\" \/>\n<meta name=\"twitter:label1\" content=\"Tiempo de lectura\" \/>\n\t<meta name=\"twitter:data1\" content=\"2 minuto\" \/>\n<script type=\"application\/ld+json\" class=\"yoast-schema-graph\">{\"@context\":\"https:\/\/schema.org\",\"@graph\":[{\"@type\":\"WebPage\",\"@id\":\"https:\/\/voyagedelabaleine.fr\/es\/producto\/pijama-de-nina-de-cuadros-y-bordado-ingles-azul\/\",\"url\":\"https:\/\/voyagedelabaleine.fr\/es\/producto\/pijama-de-nina-de-cuadros-y-bordado-ingles-azul\/\",\"name\":\"Pijama de ni\u00f1a de cuadros y bordado ingl\u00e9s - Azul - Voyage de la Baleine\",\"isPartOf\":{\"@id\":\"https:\/\/voyagedelabaleine.fr\/es\/#website\"},\"primaryImageOfPage\":{\"@id\":\"https:\/\/voyagedelabaleine.fr\/es\/producto\/pijama-de-nina-de-cuadros-y-bordado-ingles-azul\/#primaryimage\"},\"image\":{\"@id\":\"https:\/\/voyagedelabaleine.fr\/es\/producto\/pijama-de-nina-de-cuadros-y-bordado-ingles-azul\/#primaryimage\"},\"thumbnailUrl\":\"https:\/\/voyagedelabaleine.fr\/wp-content\/uploads\/2025\/07\/i5794_0037_01-fotor-20250715141736Pyjama-fille-carreaux-broderies-anglaises.jpg\",\"datePublished\":\"2025-08-23T12:59:47+00:00\",\"dateModified\":\"2026-01-16T12:19:37+00:00\",\"description\":\"Regale a su ni\u00f1a un pijama de cuadros azules con bordado ingl\u00e9s, dise\u00f1ado para acompa\u00f1ar sus noches con una dulzura reconfortante.\",\"breadcrumb\":{\"@id\":\"https:\/\/voyagedelabaleine.fr\/es\/producto\/pijama-de-nina-de-cuadros-y-bordado-ingles-azul\/#breadcrumb\"},\"inLanguage\":\"es\",\"potentialAction\":[{\"@type\":\"ReadAction\",\"target\":[\"https:\/\/voyagedelabaleine.fr\/es\/producto\/pijama-de-nina-de-cuadros-y-bordado-ingles-azul\/\"]}]},{\"@type\":\"ImageObject\",\"inLanguage\":\"es\",\"@id\":\"https:\/\/voyagedelabaleine.fr\/es\/producto\/pijama-de-nina-de-cuadros-y-bordado-ingles-azul\/#primaryimage\",\"url\":\"https:\/\/voyagedelabaleine.fr\/wp-content\/uploads\/2025\/07\/i5794_0037_01-fotor-20250715141736Pyjama-fille-carreaux-broderies-anglaises.jpg\",\"contentUrl\":\"https:\/\/voyagedelabaleine.fr\/wp-content\/uploads\/2025\/07\/i5794_0037_01-fotor-20250715141736Pyjama-fille-carreaux-broderies-anglaises.jpg\",\"width\":1200,\"height\":1600,\"caption\":\"Pyjama fille \u00e0 carreaux bleu indigo compos\u00e9 d'une chemise \u00e0 grand col \u00e0 broderies anglaises et d'un pantalon assorti\"},{\"@type\":\"BreadcrumbList\",\"@id\":\"https:\/\/voyagedelabaleine.fr\/es\/producto\/pijama-de-nina-de-cuadros-y-bordado-ingles-azul\/#breadcrumb\",\"itemListElement\":[{\"@type\":\"ListItem\",\"position\":1,\"name\":\"Accueil\",\"item\":\"https:\/\/voyagedelabaleine.fr\/es\/inicio\/\"},{\"@type\":\"ListItem\",\"position\":2,\"name\":\"Tienda\",\"item\":\"https:\/\/voyagedelabaleine.fr\/es\/tienda\/\"},{\"@type\":\"ListItem\",\"position\":3,\"name\":\"Pijama de ni\u00f1a de cuadros y bordado ingl\u00e9s &#8211; Azul\"}]},{\"@type\":\"WebSite\",\"@id\":\"https:\/\/voyagedelabaleine.fr\/es\/#website\",\"url\":\"https:\/\/voyagedelabaleine.fr\/es\/\",\"name\":\"Voyage de la Baleine\",\"description\":\"V\u00eatements intemporels et raffin\u00e9s pour b\u00e9b\u00e9s et enfants\",\"publisher\":{\"@id\":\"https:\/\/voyagedelabaleine.fr\/es\/#organization\"},\"potentialAction\":[{\"@type\":\"SearchAction\",\"target\":{\"@type\":\"EntryPoint\",\"urlTemplate\":\"https:\/\/voyagedelabaleine.fr\/es\/?s={search_term_string}\"},\"query-input\":{\"@type\":\"PropertyValueSpecification\",\"valueRequired\":true,\"valueName\":\"search_term_string\"}}],\"inLanguage\":\"es\"},{\"@type\":\"Organization\",\"@id\":\"https:\/\/voyagedelabaleine.fr\/es\/#organization\",\"name\":\"Voyage de la Baleine\",\"url\":\"https:\/\/voyagedelabaleine.fr\/es\/\",\"logo\":{\"@type\":\"ImageObject\",\"inLanguage\":\"es\",\"@id\":\"https:\/\/voyagedelabaleine.fr\/es\/#\/schema\/logo\/image\/\",\"url\":\"https:\/\/voyagedelabaleine.fr\/wp-content\/uploads\/2025\/06\/logo.webp\",\"contentUrl\":\"https:\/\/voyagedelabaleine.fr\/wp-content\/uploads\/2025\/06\/logo.webp\",\"width\":153,\"height\":64,\"caption\":\"Voyage de la Baleine\"},\"image\":{\"@id\":\"https:\/\/voyagedelabaleine.fr\/es\/#\/schema\/logo\/image\/\"},\"sameAs\":[\"https:\/\/www.facebook.com\/voyagedelabaleine\/\",\"https:\/\/www.instagram.com\/voyagedelabaleine\/\",\"https:\/\/www.pinterest.fr\/Voyagedelabaleine\/\"]}]}<\/script>\n<!-- \/ Yoast SEO plugin. -->","yoast_head_json":{"title":"Pijama de ni\u00f1a de cuadros y bordado ingl\u00e9s - Azul - Voyage de la Baleine","description":"Regale a su ni\u00f1a un pijama de cuadros azules con bordado ingl\u00e9s, dise\u00f1ado para acompa\u00f1ar sus noches con una dulzura reconfortante.","robots":{"index":"index","follow":"follow","max-snippet":"max-snippet:-1","max-image-preview":"max-image-preview:large","max-video-preview":"max-video-preview:-1"},"canonical":"https:\/\/voyagedelabaleine.fr\/es\/producto\/pijama-de-nina-de-cuadros-y-bordado-ingles-azul\/","og_locale":"es_ES","og_type":"article","og_title":"Pijama de ni\u00f1a de cuadros y bordado ingl\u00e9s - Azul - Voyage de la Baleine","og_description":"Regale a su ni\u00f1a un pijama de cuadros azules con bordado ingl\u00e9s, dise\u00f1ado para acompa\u00f1ar sus noches con una dulzura reconfortante.","og_url":"https:\/\/voyagedelabaleine.fr\/es\/producto\/pijama-de-nina-de-cuadros-y-bordado-ingles-azul\/","og_site_name":"Voyage de la Baleine","article_publisher":"https:\/\/www.facebook.com\/voyagedelabaleine\/","article_modified_time":"2026-01-16T12:19:37+00:00","og_image":[{"width":1200,"height":1600,"url":"https:\/\/voyagedelabaleine.fr\/wp-content\/uploads\/2025\/07\/i5794_0037_01-fotor-20250715141736Pyjama-fille-carreaux-broderies-anglaises.jpg","type":"image\/jpeg"}],"twitter_card":"summary_large_image","twitter_misc":{"Tiempo de lectura":"2 minuto"},"schema":{"@context":"https:\/\/schema.org","@graph":[{"@type":"WebPage","@id":"https:\/\/voyagedelabaleine.fr\/es\/producto\/pijama-de-nina-de-cuadros-y-bordado-ingles-azul\/","url":"https:\/\/voyagedelabaleine.fr\/es\/producto\/pijama-de-nina-de-cuadros-y-bordado-ingles-azul\/","name":"Pijama de ni\u00f1a de cuadros y bordado ingl\u00e9s - Azul - Voyage de la Baleine","isPartOf":{"@id":"https:\/\/voyagedelabaleine.fr\/es\/#website"},"primaryImageOfPage":{"@id":"https:\/\/voyagedelabaleine.fr\/es\/producto\/pijama-de-nina-de-cuadros-y-bordado-ingles-azul\/#primaryimage"},"image":{"@id":"https:\/\/voyagedelabaleine.fr\/es\/producto\/pijama-de-nina-de-cuadros-y-bordado-ingles-azul\/#primaryimage"},"thumbnailUrl":"https:\/\/voyagedelabaleine.fr\/wp-content\/uploads\/2025\/07\/i5794_0037_01-fotor-20250715141736Pyjama-fille-carreaux-broderies-anglaises.jpg","datePublished":"2025-08-23T12:59:47+00:00","dateModified":"2026-01-16T12:19:37+00:00","description":"Regale a su ni\u00f1a un pijama de cuadros azules con bordado ingl\u00e9s, dise\u00f1ado para acompa\u00f1ar sus noches con una dulzura reconfortante.","breadcrumb":{"@id":"https:\/\/voyagedelabaleine.fr\/es\/producto\/pijama-de-nina-de-cuadros-y-bordado-ingles-azul\/#breadcrumb"},"inLanguage":"es","potentialAction":[{"@type":"ReadAction","target":["https:\/\/voyagedelabaleine.fr\/es\/producto\/pijama-de-nina-de-cuadros-y-bordado-ingles-azul\/"]}]},{"@type":"ImageObject","inLanguage":"es","@id":"https:\/\/voyagedelabaleine.fr\/es\/producto\/pijama-de-nina-de-cuadros-y-bordado-ingles-azul\/#primaryimage","url":"https:\/\/voyagedelabaleine.fr\/wp-content\/uploads\/2025\/07\/i5794_0037_01-fotor-20250715141736Pyjama-fille-carreaux-broderies-anglaises.jpg","contentUrl":"https:\/\/voyagedelabaleine.fr\/wp-content\/uploads\/2025\/07\/i5794_0037_01-fotor-20250715141736Pyjama-fille-carreaux-broderies-anglaises.jpg","width":1200,"height":1600,"caption":"Pyjama fille \u00e0 carreaux bleu indigo compos\u00e9 d'une chemise \u00e0 grand col \u00e0 broderies anglaises et d'un pantalon assorti"},{"@type":"BreadcrumbList","@id":"https:\/\/voyagedelabaleine.fr\/es\/producto\/pijama-de-nina-de-cuadros-y-bordado-ingles-azul\/#breadcrumb","itemListElement":[{"@type":"ListItem","position":1,"name":"Accueil","item":"https:\/\/voyagedelabaleine.fr\/es\/inicio\/"},{"@type":"ListItem","position":2,"name":"Tienda","item":"https:\/\/voyagedelabaleine.fr\/es\/tienda\/"},{"@type":"ListItem","position":3,"name":"Pijama de ni\u00f1a de cuadros y bordado ingl\u00e9s &#8211; Azul"}]},{"@type":"WebSite","@id":"https:\/\/voyagedelabaleine.fr\/es\/#website","url":"https:\/\/voyagedelabaleine.fr\/es\/","name":"Voyage de la Baleine","description":"V\u00eatements intemporels et raffin\u00e9s pour b\u00e9b\u00e9s et enfants","publisher":{"@id":"https:\/\/voyagedelabaleine.fr\/es\/#organization"},"potentialAction":[{"@type":"SearchAction","target":{"@type":"EntryPoint","urlTemplate":"https:\/\/voyagedelabaleine.fr\/es\/?s={search_term_string}"},"query-input":{"@type":"PropertyValueSpecification","valueRequired":true,"valueName":"search_term_string"}}],"inLanguage":"es"},{"@type":"Organization","@id":"https:\/\/voyagedelabaleine.fr\/es\/#organization","name":"Voyage de la Baleine","url":"https:\/\/voyagedelabaleine.fr\/es\/","logo":{"@type":"ImageObject","inLanguage":"es","@id":"https:\/\/voyagedelabaleine.fr\/es\/#\/schema\/logo\/image\/","url":"https:\/\/voyagedelabaleine.fr\/wp-content\/uploads\/2025\/06\/logo.webp","contentUrl":"https:\/\/voyagedelabaleine.fr\/wp-content\/uploads\/2025\/06\/logo.webp","width":153,"height":64,"caption":"Voyage de la Baleine"},"image":{"@id":"https:\/\/voyagedelabaleine.fr\/es\/#\/schema\/logo\/image\/"},"sameAs":["https:\/\/www.facebook.com\/voyagedelabaleine\/","https:\/\/www.instagram.com\/voyagedelabaleine\/","https:\/\/www.pinterest.fr\/Voyagedelabaleine\/"]}]}},"_links":{"self":[{"href":"https:\/\/voyagedelabaleine.fr\/es\/wp-json\/wp\/v2\/product\/31923","targetHints":{"allow":["GET"]}}],"collection":[{"href":"https:\/\/voyagedelabaleine.fr\/es\/wp-json\/wp\/v2\/product"}],"about":[{"href":"https:\/\/voyagedelabaleine.fr\/es\/wp-json\/wp\/v2\/types\/product"}],"replies":[{"embeddable":true,"href":"https:\/\/voyagedelabaleine.fr\/es\/wp-json\/wp\/v2\/comments?post=31923"}],"wp:featuredmedia":[{"embeddable":true,"href":"https:\/\/voyagedelabaleine.fr\/es\/wp-json\/wp\/v2\/media\/19878"}],"wp:attachment":[{"href":"https:\/\/voyagedelabaleine.fr\/es\/wp-json\/wp\/v2\/media?parent=31923"}],"wp:term":[{"taxonomy":"product_brand","embeddable":true,"href":"https:\/\/voyagedelabaleine.fr\/es\/wp-json\/wp\/v2\/product_brand?post=31923"},{"taxonomy":"product_cat","embeddable":true,"href":"https:\/\/voyagedelabaleine.fr\/es\/wp-json\/wp\/v2\/product_cat?post=31923"},{"taxonomy":"product_tag","embeddable":true,"href":"https:\/\/voyagedelabaleine.fr\/es\/wp-json\/wp\/v2\/product_tag?post=31923"}],"curies":[{"name":"wp","href":"https:\/\/api.w.org\/{rel}","templated":true}]}}