{"id":32172,"date":"2024-09-05T10:42:34","date_gmt":"2024-09-05T08:42:34","guid":{"rendered":"https:\/\/voyagedelabaleine.fr\/product\/rebeca-de-punto-bobo-para-bebe-nina-rosa\/"},"modified":"2026-01-14T23:47:27","modified_gmt":"2026-01-14T22:47:27","slug":"rebeca-de-punto-bobo-para-bebe-nina-rosa","status":"publish","type":"product","link":"https:\/\/voyagedelabaleine.fr\/es\/producto\/rebeca-de-punto-bobo-para-bebe-nina-rosa\/","title":{"rendered":"Rebeca de punto bobo para beb\u00e9 ni\u00f1a &#8211; Rosa"},"content":{"rendered":"<p>Enam\u00f3rate de nuestra bonita <strong>rebeca rosa de punto bobo para beb\u00e9<\/strong>. Esta rebeca aporta un toque de feminidad y sofisticaci\u00f3n a todos los conjuntos. Con su dise\u00f1o delicado y su color rosa p\u00e1lido, es perfecta para vestir a tu beb\u00e9 con elegancia y comodidad desde sus primeros d\u00edas.  <\/p>\n<p>La <strong>rebeca rosa de punto bobo para beb\u00e9<\/strong> est\u00e1 confeccionada con un cuidado excepcional, utilizando t\u00e9cnicas de punto tradicionales para crear una <strong>textura suave y esponjosa<\/strong>. El punto bobo no solo ofrece una est\u00e9tica encantadora, sino tambi\u00e9n una durabilidad y un confort inigualables. Ideal para los d\u00edas m\u00e1s frescos, esta rebeca proporciona una calidez agradable a la vez que permite que tu beb\u00e9 se mueva libremente.  <\/p>\n<p>Los acabados cuidados y los detalles delicados la convierten en una pieza \u00fanica, aportando un toque de encanto a cada conjunto. El <strong>rosa p\u00e1lido<\/strong> es un color vers\u00e1til y atemporal, ideal para las ni\u00f1as peque\u00f1as a las que les gusta estar coquetas. <\/p>\n<p>Para un conjunto realmente armonioso, combina esta rebeca con el <a href=\"https:\/\/voyagedelabaleine.fr\/es\/product\/cuello-desmontable-de-punto-bobo-para-nina-para-chaleco-rosa\/\"><strong>cuello desmontable a juego<\/strong><\/a>. El cuello desmontable, con sus detalles calados delicadamente trabajados, a\u00f1ade una dimensi\u00f3n adicional de sofisticaci\u00f3n y versatilidad. Juntas, estas piezas crean un conjunto completo que captura la esencia de la moda infantil elegante y moderna.  <\/p>\n<p>Esta rebeca es tambi\u00e9n un excelente <strong>regalo<\/strong> para los nuevos padres. Su dise\u00f1o cl\u00e1sico y su color suave la convierten en una opci\u00f3n ideal para ocasiones especiales como bautizos o cumplea\u00f1os. Ofrece a tu beb\u00e9 lo mejor de la moda infantil con esta <strong>rebeca rosa de punto bobo<\/strong>, y d\u00e9jala brillar con un conjunto que combina tradici\u00f3n y modernidad.  <\/p>\n<p><em>Esta rebeca tambi\u00e9n est\u00e1 disponible en su versi\u00f3n <a href=\"https:\/\/voyagedelabaleine.fr\/es\/product\/chaleco-de-punto-bobo-para-bebe-nina-creme\/\">crema<\/a>, <a href=\"https:\/\/voyagedelabaleine.fr\/product\/gilet-vert-pale-point-mousse\/\">verde p\u00e1lido<\/a> y <a href=\"https:\/\/voyagedelabaleine.fr\/es\/product\/chaleco-de-punto-bobo-para-bebe-nina-verde-oscuro\/\">verde oscuro<\/a>.<\/em><\/p>\n<p>Fabricado en Espa\u00f1a.<\/p>\n","protected":false},"excerpt":{"rendered":"<ul>\n<li>Chaleco de punto bobo<\/li>\n<li>Para combinar con el <a href=\"https:\/\/voyagedelabaleine.fr\/es\/product\/cuello-desmontable-de-punto-bobo-para-nina-para-chaleco-rosa\/\">cuello desmontable a juego<\/a><\/li>\n<li>100% algod\u00f3n<\/li>\n<li>Fabricado en Espa\u00f1a<br \/>\n<em>Este chaleco tiene un tallaje normal. Elija la talla habitual.<\/em><\/li>\n<\/ul>\n","protected":false},"featured_media":16465,"comment_status":"open","ping_status":"closed","template":"","meta":{"ocean_post_layout":"","ocean_both_sidebars_style":"","ocean_both_sidebars_content_width":0,"ocean_both_sidebars_sidebars_width":0,"ocean_sidebar":"0","ocean_second_sidebar":"0","ocean_disable_margins":"enable","ocean_add_body_class":"","ocean_shortcode_before_top_bar":"","ocean_shortcode_after_top_bar":"","ocean_shortcode_before_header":"","ocean_shortcode_after_header":"","ocean_has_shortcode":"","ocean_shortcode_after_title":"","ocean_shortcode_before_footer_widgets":"","ocean_shortcode_after_footer_widgets":"","ocean_shortcode_before_footer_bottom":"","ocean_shortcode_after_footer_bottom":"","ocean_display_top_bar":"default","ocean_display_header":"default","ocean_header_style":"","ocean_center_header_left_menu":"0","ocean_custom_header_template":"0","ocean_custom_logo":0,"ocean_custom_retina_logo":0,"ocean_custom_logo_max_width":0,"ocean_custom_logo_tablet_max_width":0,"ocean_custom_logo_mobile_max_width":0,"ocean_custom_logo_max_height":0,"ocean_custom_logo_tablet_max_height":0,"ocean_custom_logo_mobile_max_height":0,"ocean_header_custom_menu":"0","ocean_menu_typo_font_family":"0","ocean_menu_typo_font_subset":"","ocean_menu_typo_font_size":0,"ocean_menu_typo_font_size_tablet":0,"ocean_menu_typo_font_size_mobile":0,"ocean_menu_typo_font_size_unit":"px","ocean_menu_typo_font_weight":"","ocean_menu_typo_font_weight_tablet":"","ocean_menu_typo_font_weight_mobile":"","ocean_menu_typo_transform":"","ocean_menu_typo_transform_tablet":"","ocean_menu_typo_transform_mobile":"","ocean_menu_typo_line_height":0,"ocean_menu_typo_line_height_tablet":0,"ocean_menu_typo_line_height_mobile":0,"ocean_menu_typo_line_height_unit":"","ocean_menu_typo_spacing":0,"ocean_menu_typo_spacing_tablet":0,"ocean_menu_typo_spacing_mobile":0,"ocean_menu_typo_spacing_unit":"","ocean_menu_link_color":"","ocean_menu_link_color_hover":"","ocean_menu_link_color_active":"","ocean_menu_link_background":"","ocean_menu_link_hover_background":"","ocean_menu_link_active_background":"","ocean_menu_social_links_bg":"","ocean_menu_social_hover_links_bg":"","ocean_menu_social_links_color":"","ocean_menu_social_hover_links_color":"","ocean_disable_title":"default","ocean_disable_heading":"default","ocean_post_title":"","ocean_post_subheading":"","ocean_post_title_style":"","ocean_post_title_background_color":"","ocean_post_title_background":0,"ocean_post_title_bg_image_position":"","ocean_post_title_bg_image_attachment":"","ocean_post_title_bg_image_repeat":"","ocean_post_title_bg_image_size":"","ocean_post_title_height":0,"ocean_post_title_bg_overlay":0.5,"ocean_post_title_bg_overlay_color":"","ocean_disable_breadcrumbs":"default","ocean_breadcrumbs_color":"","ocean_breadcrumbs_separator_color":"","ocean_breadcrumbs_links_color":"","ocean_breadcrumbs_links_hover_color":"","ocean_display_footer_widgets":"default","ocean_display_footer_bottom":"default","ocean_custom_footer_template":"0","osh_disable_topbar_sticky":"default","osh_disable_header_sticky":"default","osh_sticky_header_style":"default","osh_sticky_header_effect":"","osh_custom_sticky_logo":0,"osh_custom_retina_sticky_logo":0,"osh_custom_sticky_logo_height":0,"osh_background_color":"","osh_links_color":"","osh_links_hover_color":"","osh_links_active_color":"","osh_links_bg_color":"","osh_links_hover_bg_color":"","osh_links_active_bg_color":"","osh_menu_social_links_color":"","osh_menu_social_hover_links_color":""},"product_brand":[],"product_cat":[7021,6985,6883,6835,6911,6949,7031,6955],"product_tag":[],"class_list":{"0":"post-32172","1":"product","2":"type-product","3":"status-publish","4":"has-post-thumbnail","6":"product_cat-jersey-chaleco-cardigan-nacimiento","7":"product_cat-jersey-chaleco-cardigan-nacimiento-nina","8":"product_cat-jersey-chaleco-cardigan-bebe","9":"product_cat-jersey-chaleco-cardigan-bebe-nina","10":"product_cat-jersey-chaleco-cardigan-nina","11":"product_cat-jersey-chaleco-cardigan-ninos","12":"product_cat-ropa","13":"product_cat-ultima-oportunidad","15":"entry","16":"has-media","18":"first","19":"instock","20":"taxable","21":"shipping-taxable","22":"purchasable","23":"product-type-variable","24":"has-default-attributes","25":"has-rating","26":"col","27":"span_1_of_3","28":"owp-content-center","29":"owp-thumbs-layout-vertical","30":"owp-btn-big","31":"owp-tabs-layout-vertical","32":"circle-sale"},"yoast_head":"<!-- This site is optimized with the Yoast SEO plugin v27.1.1 - https:\/\/yoast.com\/product\/yoast-seo-wordpress\/ -->\n<title>Rebeca rosa de punto bobo para beb\u00e9 - Voyage de la Baleine<\/title>\n<meta name=\"description\" content=\"Enam\u00f3rate de nuestra bonita rebeca rosa de punto bobo para beb\u00e9. Esta rebeca aportar\u00e1 feminidad y sofisticaci\u00f3n a tu beb\u00e9. Fabricado en Espa\u00f1a.\" \/>\n<meta name=\"robots\" content=\"index, follow, max-snippet:-1, max-image-preview:large, max-video-preview:-1\" \/>\n<link rel=\"canonical\" href=\"https:\/\/voyagedelabaleine.fr\/es\/producto\/rebeca-de-punto-bobo-para-bebe-nina-rosa\/\" \/>\n<meta property=\"og:locale\" content=\"es_ES\" \/>\n<meta property=\"og:type\" content=\"article\" \/>\n<meta property=\"og:title\" content=\"Rebeca rosa de punto bobo para beb\u00e9 - Voyage de la Baleine\" \/>\n<meta property=\"og:description\" content=\"Enam\u00f3rate de nuestra bonita rebeca rosa de punto bobo para beb\u00e9. Esta rebeca aportar\u00e1 feminidad y sofisticaci\u00f3n a tu beb\u00e9. Fabricado en Espa\u00f1a.\" \/>\n<meta property=\"og:url\" content=\"https:\/\/voyagedelabaleine.fr\/es\/producto\/rebeca-de-punto-bobo-para-bebe-nina-rosa\/\" \/>\n<meta property=\"og:site_name\" content=\"Voyage de la Baleine\" \/>\n<meta property=\"article:publisher\" content=\"https:\/\/www.facebook.com\/voyagedelabaleine\/\" \/>\n<meta property=\"article:modified_time\" content=\"2026-01-14T22:47:27+00:00\" \/>\n<meta property=\"og:image\" content=\"https:\/\/voyagedelabaleine.fr\/wp-content\/uploads\/2025\/01\/giler-bebe-rose.jpg\" \/>\n\t<meta property=\"og:image:width\" content=\"1143\" \/>\n\t<meta property=\"og:image:height\" content=\"1524\" \/>\n\t<meta property=\"og:image:type\" content=\"image\/jpeg\" \/>\n<meta name=\"twitter:card\" content=\"summary_large_image\" \/>\n<meta name=\"twitter:label1\" content=\"Tiempo de lectura\" \/>\n\t<meta name=\"twitter:data1\" content=\"2 minuto\" \/>\n<script type=\"application\/ld+json\" class=\"yoast-schema-graph\">{\"@context\":\"https:\/\/schema.org\",\"@graph\":[{\"@type\":\"WebPage\",\"@id\":\"https:\/\/voyagedelabaleine.fr\/es\/producto\/rebeca-de-punto-bobo-para-bebe-nina-rosa\/\",\"url\":\"https:\/\/voyagedelabaleine.fr\/es\/producto\/rebeca-de-punto-bobo-para-bebe-nina-rosa\/\",\"name\":\"Rebeca rosa de punto bobo para beb\u00e9 - Voyage de la Baleine\",\"isPartOf\":{\"@id\":\"https:\/\/voyagedelabaleine.fr\/es\/#website\"},\"primaryImageOfPage\":{\"@id\":\"https:\/\/voyagedelabaleine.fr\/es\/producto\/rebeca-de-punto-bobo-para-bebe-nina-rosa\/#primaryimage\"},\"image\":{\"@id\":\"https:\/\/voyagedelabaleine.fr\/es\/producto\/rebeca-de-punto-bobo-para-bebe-nina-rosa\/#primaryimage\"},\"thumbnailUrl\":\"https:\/\/voyagedelabaleine.fr\/wp-content\/uploads\/2025\/01\/giler-bebe-rose.jpg\",\"datePublished\":\"2024-09-05T08:42:34+00:00\",\"dateModified\":\"2026-01-14T22:47:27+00:00\",\"description\":\"Enam\u00f3rate de nuestra bonita rebeca rosa de punto bobo para beb\u00e9. Esta rebeca aportar\u00e1 feminidad y sofisticaci\u00f3n a tu beb\u00e9. Fabricado en Espa\u00f1a.\",\"breadcrumb\":{\"@id\":\"https:\/\/voyagedelabaleine.fr\/es\/producto\/rebeca-de-punto-bobo-para-bebe-nina-rosa\/#breadcrumb\"},\"inLanguage\":\"es\",\"potentialAction\":[{\"@type\":\"ReadAction\",\"target\":[\"https:\/\/voyagedelabaleine.fr\/es\/producto\/rebeca-de-punto-bobo-para-bebe-nina-rosa\/\"]}]},{\"@type\":\"ImageObject\",\"inLanguage\":\"es\",\"@id\":\"https:\/\/voyagedelabaleine.fr\/es\/producto\/rebeca-de-punto-bobo-para-bebe-nina-rosa\/#primaryimage\",\"url\":\"https:\/\/voyagedelabaleine.fr\/wp-content\/uploads\/2025\/01\/giler-bebe-rose.jpg\",\"contentUrl\":\"https:\/\/voyagedelabaleine.fr\/wp-content\/uploads\/2025\/01\/giler-bebe-rose.jpg\",\"width\":1143,\"height\":1524,\"caption\":\"Gilet b\u00e9b\u00e9 rose en point mousse\"},{\"@type\":\"BreadcrumbList\",\"@id\":\"https:\/\/voyagedelabaleine.fr\/es\/producto\/rebeca-de-punto-bobo-para-bebe-nina-rosa\/#breadcrumb\",\"itemListElement\":[{\"@type\":\"ListItem\",\"position\":1,\"name\":\"Accueil\",\"item\":\"https:\/\/voyagedelabaleine.fr\/es\/inicio\/\"},{\"@type\":\"ListItem\",\"position\":2,\"name\":\"Tienda\",\"item\":\"https:\/\/voyagedelabaleine.fr\/es\/tienda\/\"},{\"@type\":\"ListItem\",\"position\":3,\"name\":\"Rebeca de punto bobo para beb\u00e9 ni\u00f1a &#8211; Rosa\"}]},{\"@type\":\"WebSite\",\"@id\":\"https:\/\/voyagedelabaleine.fr\/es\/#website\",\"url\":\"https:\/\/voyagedelabaleine.fr\/es\/\",\"name\":\"Voyage de la Baleine\",\"description\":\"V\u00eatements intemporels et raffin\u00e9s pour b\u00e9b\u00e9s et enfants\",\"publisher\":{\"@id\":\"https:\/\/voyagedelabaleine.fr\/es\/#organization\"},\"potentialAction\":[{\"@type\":\"SearchAction\",\"target\":{\"@type\":\"EntryPoint\",\"urlTemplate\":\"https:\/\/voyagedelabaleine.fr\/es\/?s={search_term_string}\"},\"query-input\":{\"@type\":\"PropertyValueSpecification\",\"valueRequired\":true,\"valueName\":\"search_term_string\"}}],\"inLanguage\":\"es\"},{\"@type\":\"Organization\",\"@id\":\"https:\/\/voyagedelabaleine.fr\/es\/#organization\",\"name\":\"Voyage de la Baleine\",\"url\":\"https:\/\/voyagedelabaleine.fr\/es\/\",\"logo\":{\"@type\":\"ImageObject\",\"inLanguage\":\"es\",\"@id\":\"https:\/\/voyagedelabaleine.fr\/es\/#\/schema\/logo\/image\/\",\"url\":\"https:\/\/voyagedelabaleine.fr\/wp-content\/uploads\/2025\/06\/logo.webp\",\"contentUrl\":\"https:\/\/voyagedelabaleine.fr\/wp-content\/uploads\/2025\/06\/logo.webp\",\"width\":153,\"height\":64,\"caption\":\"Voyage de la Baleine\"},\"image\":{\"@id\":\"https:\/\/voyagedelabaleine.fr\/es\/#\/schema\/logo\/image\/\"},\"sameAs\":[\"https:\/\/www.facebook.com\/voyagedelabaleine\/\",\"https:\/\/www.instagram.com\/voyagedelabaleine\/\",\"https:\/\/www.pinterest.fr\/Voyagedelabaleine\/\"]}]}<\/script>\n<!-- \/ Yoast SEO plugin. -->","yoast_head_json":{"title":"Rebeca rosa de punto bobo para beb\u00e9 - Voyage de la Baleine","description":"Enam\u00f3rate de nuestra bonita rebeca rosa de punto bobo para beb\u00e9. Esta rebeca aportar\u00e1 feminidad y sofisticaci\u00f3n a tu beb\u00e9. Fabricado en Espa\u00f1a.","robots":{"index":"index","follow":"follow","max-snippet":"max-snippet:-1","max-image-preview":"max-image-preview:large","max-video-preview":"max-video-preview:-1"},"canonical":"https:\/\/voyagedelabaleine.fr\/es\/producto\/rebeca-de-punto-bobo-para-bebe-nina-rosa\/","og_locale":"es_ES","og_type":"article","og_title":"Rebeca rosa de punto bobo para beb\u00e9 - Voyage de la Baleine","og_description":"Enam\u00f3rate de nuestra bonita rebeca rosa de punto bobo para beb\u00e9. Esta rebeca aportar\u00e1 feminidad y sofisticaci\u00f3n a tu beb\u00e9. Fabricado en Espa\u00f1a.","og_url":"https:\/\/voyagedelabaleine.fr\/es\/producto\/rebeca-de-punto-bobo-para-bebe-nina-rosa\/","og_site_name":"Voyage de la Baleine","article_publisher":"https:\/\/www.facebook.com\/voyagedelabaleine\/","article_modified_time":"2026-01-14T22:47:27+00:00","og_image":[{"width":1143,"height":1524,"url":"https:\/\/voyagedelabaleine.fr\/wp-content\/uploads\/2025\/01\/giler-bebe-rose.jpg","type":"image\/jpeg"}],"twitter_card":"summary_large_image","twitter_misc":{"Tiempo de lectura":"2 minuto"},"schema":{"@context":"https:\/\/schema.org","@graph":[{"@type":"WebPage","@id":"https:\/\/voyagedelabaleine.fr\/es\/producto\/rebeca-de-punto-bobo-para-bebe-nina-rosa\/","url":"https:\/\/voyagedelabaleine.fr\/es\/producto\/rebeca-de-punto-bobo-para-bebe-nina-rosa\/","name":"Rebeca rosa de punto bobo para beb\u00e9 - Voyage de la Baleine","isPartOf":{"@id":"https:\/\/voyagedelabaleine.fr\/es\/#website"},"primaryImageOfPage":{"@id":"https:\/\/voyagedelabaleine.fr\/es\/producto\/rebeca-de-punto-bobo-para-bebe-nina-rosa\/#primaryimage"},"image":{"@id":"https:\/\/voyagedelabaleine.fr\/es\/producto\/rebeca-de-punto-bobo-para-bebe-nina-rosa\/#primaryimage"},"thumbnailUrl":"https:\/\/voyagedelabaleine.fr\/wp-content\/uploads\/2025\/01\/giler-bebe-rose.jpg","datePublished":"2024-09-05T08:42:34+00:00","dateModified":"2026-01-14T22:47:27+00:00","description":"Enam\u00f3rate de nuestra bonita rebeca rosa de punto bobo para beb\u00e9. Esta rebeca aportar\u00e1 feminidad y sofisticaci\u00f3n a tu beb\u00e9. Fabricado en Espa\u00f1a.","breadcrumb":{"@id":"https:\/\/voyagedelabaleine.fr\/es\/producto\/rebeca-de-punto-bobo-para-bebe-nina-rosa\/#breadcrumb"},"inLanguage":"es","potentialAction":[{"@type":"ReadAction","target":["https:\/\/voyagedelabaleine.fr\/es\/producto\/rebeca-de-punto-bobo-para-bebe-nina-rosa\/"]}]},{"@type":"ImageObject","inLanguage":"es","@id":"https:\/\/voyagedelabaleine.fr\/es\/producto\/rebeca-de-punto-bobo-para-bebe-nina-rosa\/#primaryimage","url":"https:\/\/voyagedelabaleine.fr\/wp-content\/uploads\/2025\/01\/giler-bebe-rose.jpg","contentUrl":"https:\/\/voyagedelabaleine.fr\/wp-content\/uploads\/2025\/01\/giler-bebe-rose.jpg","width":1143,"height":1524,"caption":"Gilet b\u00e9b\u00e9 rose en point mousse"},{"@type":"BreadcrumbList","@id":"https:\/\/voyagedelabaleine.fr\/es\/producto\/rebeca-de-punto-bobo-para-bebe-nina-rosa\/#breadcrumb","itemListElement":[{"@type":"ListItem","position":1,"name":"Accueil","item":"https:\/\/voyagedelabaleine.fr\/es\/inicio\/"},{"@type":"ListItem","position":2,"name":"Tienda","item":"https:\/\/voyagedelabaleine.fr\/es\/tienda\/"},{"@type":"ListItem","position":3,"name":"Rebeca de punto bobo para beb\u00e9 ni\u00f1a &#8211; Rosa"}]},{"@type":"WebSite","@id":"https:\/\/voyagedelabaleine.fr\/es\/#website","url":"https:\/\/voyagedelabaleine.fr\/es\/","name":"Voyage de la Baleine","description":"V\u00eatements intemporels et raffin\u00e9s pour b\u00e9b\u00e9s et enfants","publisher":{"@id":"https:\/\/voyagedelabaleine.fr\/es\/#organization"},"potentialAction":[{"@type":"SearchAction","target":{"@type":"EntryPoint","urlTemplate":"https:\/\/voyagedelabaleine.fr\/es\/?s={search_term_string}"},"query-input":{"@type":"PropertyValueSpecification","valueRequired":true,"valueName":"search_term_string"}}],"inLanguage":"es"},{"@type":"Organization","@id":"https:\/\/voyagedelabaleine.fr\/es\/#organization","name":"Voyage de la Baleine","url":"https:\/\/voyagedelabaleine.fr\/es\/","logo":{"@type":"ImageObject","inLanguage":"es","@id":"https:\/\/voyagedelabaleine.fr\/es\/#\/schema\/logo\/image\/","url":"https:\/\/voyagedelabaleine.fr\/wp-content\/uploads\/2025\/06\/logo.webp","contentUrl":"https:\/\/voyagedelabaleine.fr\/wp-content\/uploads\/2025\/06\/logo.webp","width":153,"height":64,"caption":"Voyage de la Baleine"},"image":{"@id":"https:\/\/voyagedelabaleine.fr\/es\/#\/schema\/logo\/image\/"},"sameAs":["https:\/\/www.facebook.com\/voyagedelabaleine\/","https:\/\/www.instagram.com\/voyagedelabaleine\/","https:\/\/www.pinterest.fr\/Voyagedelabaleine\/"]}]}},"_links":{"self":[{"href":"https:\/\/voyagedelabaleine.fr\/es\/wp-json\/wp\/v2\/product\/32172","targetHints":{"allow":["GET"]}}],"collection":[{"href":"https:\/\/voyagedelabaleine.fr\/es\/wp-json\/wp\/v2\/product"}],"about":[{"href":"https:\/\/voyagedelabaleine.fr\/es\/wp-json\/wp\/v2\/types\/product"}],"replies":[{"embeddable":true,"href":"https:\/\/voyagedelabaleine.fr\/es\/wp-json\/wp\/v2\/comments?post=32172"}],"wp:featuredmedia":[{"embeddable":true,"href":"https:\/\/voyagedelabaleine.fr\/es\/wp-json\/wp\/v2\/media\/16465"}],"wp:attachment":[{"href":"https:\/\/voyagedelabaleine.fr\/es\/wp-json\/wp\/v2\/media?parent=32172"}],"wp:term":[{"taxonomy":"product_brand","embeddable":true,"href":"https:\/\/voyagedelabaleine.fr\/es\/wp-json\/wp\/v2\/product_brand?post=32172"},{"taxonomy":"product_cat","embeddable":true,"href":"https:\/\/voyagedelabaleine.fr\/es\/wp-json\/wp\/v2\/product_cat?post=32172"},{"taxonomy":"product_tag","embeddable":true,"href":"https:\/\/voyagedelabaleine.fr\/es\/wp-json\/wp\/v2\/product_tag?post=32172"}],"curies":[{"name":"wp","href":"https:\/\/api.w.org\/{rel}","templated":true}]}}