{"id":33227,"date":"2023-10-05T21:56:31","date_gmt":"2023-10-05T19:56:31","guid":{"rendered":"https:\/\/voyagedelabaleine.fr\/product\/pijama-de-bebe-nino-de-terciopelo-azul-celeste\/"},"modified":"2023-10-05T21:56:31","modified_gmt":"2023-10-05T19:56:31","slug":"pijama-de-bebe-nino-de-terciopelo-azul-celeste","status":"publish","type":"product","link":"https:\/\/voyagedelabaleine.fr\/es\/producto\/pijama-de-bebe-nino-de-terciopelo-azul-celeste\/","title":{"rendered":"Pijama de beb\u00e9 ni\u00f1o de terciopelo &#8211; Azul celeste"},"content":{"rendered":"<div class=\"flex max-w-full flex-col flex-grow\">\n<div class=\"min-h-8 text-message flex w-full flex-col items-end gap-2 whitespace-normal break-words text-start [.text-message+&amp;]:mt-5\" dir=\"auto\" data-message-author-role=\"assistant\" data-message-id=\"582f99e1-bde2-4540-a954-3de699e9ff24\" data-message-model-slug=\"gpt-4o\">\n<div class=\"flex w-full flex-col gap-1 empty:hidden first:pt-[3px]\">\n<div class=\"markdown prose w-full break-words dark:prose-invert light\">\n<p>Descubra la prenda imprescindible del armario para los m\u00e1s peque\u00f1os con nuestro <strong>pijama de beb\u00e9 de terciopelo azul celeste con cuello redondo<\/strong>, una pieza que conjuga comodidad absoluta y encanto atemporal. Dise\u00f1ado para noches tranquilas y momentos de relax, este pijama es una verdadera invitaci\u00f3n a la suavidad. <\/p>\n<p>Su material de <strong>terciopelo ultrasuave<\/strong> envuelve delicadamente la piel sensible de su beb\u00e9, ofreciendo una calidez reconfortante ideal para las noches frescas. El tono <strong>azul celeste relajante<\/strong> aporta un toque de serenidad y se adapta f\u00e1cilmente a todos los universos de la habitaci\u00f3n infantil. El <strong>cuello redondo cl\u00e1sico<\/strong>, adornado con dos botones decorativos en la parte delantera, a\u00f1ade una nota de elegancia discreta y cuidada, a la vez que conserva una practicidad esencial para los padres.  <\/p>\n<p>Los <strong>botones a presi\u00f3n, estrat\u00e9gicamente posicionados<\/strong> en la espalda y la entrepierna, facilitan el cambio de pa\u00f1al, haciendo que este pijama sea tan funcional como elegante. Su corte ergon\u00f3mico asegura una libertad de movimiento \u00f3ptima para su beb\u00e9, manteniendo al mismo tiempo una calidez envolvente gracias a los pies integrados. <\/p>\n<p>Este pijama de terciopelo est\u00e1 dise\u00f1ado para convertirse en un fiel aliado, atravesando las estaciones con estilo y comodidad. Ya sea para noches reparadoras, momentos de ternura en familia o escapadas a casa de familiares, sigue siendo una elecci\u00f3n ineludible. Fabricado con esmero en Espa\u00f1a, refleja un <strong>saber hacer artesanal<\/strong> y una atenci\u00f3n al detalle que seducir\u00e1n a los padres exigentes.  <\/p>\n<p>Perfecto para regalar como <strong>regalo de nacimiento<\/strong> o para enriquecer el armario de su hijo, este pijama de beb\u00e9 de terciopelo con cuello encarna una <strong>alianza perfecta entre tradici\u00f3n y modernidad<\/strong>.<\/p>\n<p><em>Ofrezca a su beb\u00e9 una prenda suave, pr\u00e1ctica y elegante, dise\u00f1ada para acompa\u00f1ar sus primeras aventuras con la mayor comodidad.<\/em><\/p>\n<\/div>\n<\/div>\n<\/div>\n<\/div>\n<p>Fabricado en Espa\u00f1a.<\/p>\n","protected":false},"excerpt":{"rendered":"<ul>\n<li>Pijama de beb\u00e9 de terciopelo<\/li>\n<li>Pijama de una pieza con pies<\/li>\n<li>Cuello redondo y nido de abeja en la parte delantera<\/li>\n<li>Cierre con botones a presi\u00f3n en la espalda y a lo largo de las piernas<\/li>\n<li>Fabricado en Espa\u00f1a<br \/>\n<em>Este pijama tiene un tallaje normal. Elija la talla habitual.<\/em><\/li>\n<\/ul>\n","protected":false},"featured_media":12086,"comment_status":"open","ping_status":"closed","template":"","meta":{"ocean_post_layout":"","ocean_both_sidebars_style":"","ocean_both_sidebars_content_width":0,"ocean_both_sidebars_sidebars_width":0,"ocean_sidebar":"0","ocean_second_sidebar":"0","ocean_disable_margins":"enable","ocean_add_body_class":"","ocean_shortcode_before_top_bar":"","ocean_shortcode_after_top_bar":"","ocean_shortcode_before_header":"","ocean_shortcode_after_header":"","ocean_has_shortcode":"","ocean_shortcode_after_title":"","ocean_shortcode_before_footer_widgets":"","ocean_shortcode_after_footer_widgets":"","ocean_shortcode_before_footer_bottom":"","ocean_shortcode_after_footer_bottom":"","ocean_display_top_bar":"default","ocean_display_header":"default","ocean_header_style":"","ocean_center_header_left_menu":"0","ocean_custom_header_template":"0","ocean_custom_logo":0,"ocean_custom_retina_logo":0,"ocean_custom_logo_max_width":0,"ocean_custom_logo_tablet_max_width":0,"ocean_custom_logo_mobile_max_width":0,"ocean_custom_logo_max_height":0,"ocean_custom_logo_tablet_max_height":0,"ocean_custom_logo_mobile_max_height":0,"ocean_header_custom_menu":"0","ocean_menu_typo_font_family":"0","ocean_menu_typo_font_subset":"","ocean_menu_typo_font_size":0,"ocean_menu_typo_font_size_tablet":0,"ocean_menu_typo_font_size_mobile":0,"ocean_menu_typo_font_size_unit":"px","ocean_menu_typo_font_weight":"","ocean_menu_typo_font_weight_tablet":"","ocean_menu_typo_font_weight_mobile":"","ocean_menu_typo_transform":"","ocean_menu_typo_transform_tablet":"","ocean_menu_typo_transform_mobile":"","ocean_menu_typo_line_height":0,"ocean_menu_typo_line_height_tablet":0,"ocean_menu_typo_line_height_mobile":0,"ocean_menu_typo_line_height_unit":"","ocean_menu_typo_spacing":0,"ocean_menu_typo_spacing_tablet":0,"ocean_menu_typo_spacing_mobile":0,"ocean_menu_typo_spacing_unit":"","ocean_menu_link_color":"","ocean_menu_link_color_hover":"","ocean_menu_link_color_active":"","ocean_menu_link_background":"","ocean_menu_link_hover_background":"","ocean_menu_link_active_background":"","ocean_menu_social_links_bg":"","ocean_menu_social_hover_links_bg":"","ocean_menu_social_links_color":"","ocean_menu_social_hover_links_color":"","ocean_disable_title":"default","ocean_disable_heading":"default","ocean_post_title":"","ocean_post_subheading":"","ocean_post_title_style":"","ocean_post_title_background_color":"","ocean_post_title_background":0,"ocean_post_title_bg_image_position":"","ocean_post_title_bg_image_attachment":"","ocean_post_title_bg_image_repeat":"","ocean_post_title_bg_image_size":"","ocean_post_title_height":0,"ocean_post_title_bg_overlay":0.5,"ocean_post_title_bg_overlay_color":"","ocean_disable_breadcrumbs":"default","ocean_breadcrumbs_color":"","ocean_breadcrumbs_separator_color":"","ocean_breadcrumbs_links_color":"","ocean_breadcrumbs_links_hover_color":"","ocean_display_footer_widgets":"default","ocean_display_footer_bottom":"default","ocean_custom_footer_template":"0","osh_disable_topbar_sticky":"default","osh_disable_header_sticky":"default","osh_sticky_header_style":"default","osh_sticky_header_effect":"","osh_custom_sticky_logo":0,"osh_custom_retina_sticky_logo":0,"osh_custom_sticky_logo_height":0,"osh_background_color":"","osh_links_color":"","osh_links_hover_color":"","osh_links_active_color":"","osh_links_bg_color":"","osh_links_hover_bg_color":"","osh_links_active_bg_color":"","osh_menu_social_links_color":"","osh_menu_social_hover_links_color":""},"product_brand":[],"product_cat":[7029,7011,7008,6869,6863],"product_tag":[7171],"class_list":{"0":"post-33227","1":"product","2":"type-product","3":"status-publish","4":"has-post-thumbnail","6":"product_cat-pijama","7":"product_cat-pijama-nacimiento","8":"product_cat-pijama-nacimiento-nino","9":"product_cat-pijama-bebe","10":"product_cat-pijama-bebe-nino","11":"product_tag-pijamas","13":"entry","14":"has-media","16":"first","17":"instock","18":"featured","19":"taxable","20":"shipping-taxable","21":"purchasable","22":"product-type-variable","23":"has-default-attributes","24":"col","25":"span_1_of_3","26":"owp-content-center","27":"owp-thumbs-layout-vertical","28":"owp-btn-big","29":"owp-tabs-layout-vertical","30":"circle-sale"},"yoast_head":"<!-- This site is optimized with the Yoast SEO plugin v27.1.1 - https:\/\/yoast.com\/product\/yoast-seo-wordpress\/ -->\n<title>Pijama de beb\u00e9 de terciopelo con cuello redondo<\/title>\n<meta name=\"description\" content=\"Un pijama de beb\u00e9 de terciopelo con cuello redondo adornado con dos botones decorativos en la parte delantera que combina a la perfecci\u00f3n comodidad y elegancia. Fabricado en Espa\u00f1a.\" \/>\n<meta name=\"robots\" content=\"index, follow, max-snippet:-1, max-image-preview:large, max-video-preview:-1\" \/>\n<link rel=\"canonical\" href=\"https:\/\/voyagedelabaleine.fr\/es\/producto\/pijama-de-bebe-nino-de-terciopelo-azul-celeste\/\" \/>\n<meta property=\"og:locale\" content=\"es_ES\" \/>\n<meta property=\"og:type\" content=\"article\" \/>\n<meta property=\"og:title\" content=\"Pijama de beb\u00e9 de terciopelo con cuello redondo\" \/>\n<meta property=\"og:description\" content=\"Un pijama de beb\u00e9 de terciopelo con cuello redondo adornado con dos botones decorativos en la parte delantera que combina a la perfecci\u00f3n comodidad y elegancia. Fabricado en Espa\u00f1a.\" \/>\n<meta property=\"og:url\" content=\"https:\/\/voyagedelabaleine.fr\/es\/producto\/pijama-de-bebe-nino-de-terciopelo-azul-celeste\/\" \/>\n<meta property=\"og:site_name\" content=\"Voyage de la Baleine\" \/>\n<meta property=\"article:publisher\" content=\"https:\/\/www.facebook.com\/voyagedelabaleine\/\" \/>\n<meta property=\"og:image\" content=\"https:\/\/voyagedelabaleine.fr\/wp-content\/uploads\/2023\/10\/pyjama-bebe-velours-bleu-5.jpg\" \/>\n\t<meta property=\"og:image:width\" content=\"860\" \/>\n\t<meta property=\"og:image:height\" content=\"1148\" \/>\n\t<meta property=\"og:image:type\" content=\"image\/jpeg\" \/>\n<meta name=\"twitter:card\" content=\"summary_large_image\" \/>\n<meta name=\"twitter:label1\" content=\"Tiempo de lectura\" \/>\n\t<meta name=\"twitter:data1\" content=\"2 minuto\" \/>\n<script type=\"application\/ld+json\" class=\"yoast-schema-graph\">{\"@context\":\"https:\/\/schema.org\",\"@graph\":[{\"@type\":\"WebPage\",\"@id\":\"https:\/\/voyagedelabaleine.fr\/es\/producto\/pijama-de-bebe-nino-de-terciopelo-azul-celeste\/\",\"url\":\"https:\/\/voyagedelabaleine.fr\/es\/producto\/pijama-de-bebe-nino-de-terciopelo-azul-celeste\/\",\"name\":\"Pijama de beb\u00e9 de terciopelo con cuello redondo\",\"isPartOf\":{\"@id\":\"https:\/\/voyagedelabaleine.fr\/es\/#website\"},\"primaryImageOfPage\":{\"@id\":\"https:\/\/voyagedelabaleine.fr\/es\/producto\/pijama-de-bebe-nino-de-terciopelo-azul-celeste\/#primaryimage\"},\"image\":{\"@id\":\"https:\/\/voyagedelabaleine.fr\/es\/producto\/pijama-de-bebe-nino-de-terciopelo-azul-celeste\/#primaryimage\"},\"thumbnailUrl\":\"https:\/\/voyagedelabaleine.fr\/wp-content\/uploads\/2023\/10\/pyjama-bebe-velours-bleu-5.jpg\",\"datePublished\":\"2023-10-05T19:56:31+00:00\",\"description\":\"Un pijama de beb\u00e9 de terciopelo con cuello redondo adornado con dos botones decorativos en la parte delantera que combina a la perfecci\u00f3n comodidad y elegancia. Fabricado en Espa\u00f1a.\",\"breadcrumb\":{\"@id\":\"https:\/\/voyagedelabaleine.fr\/es\/producto\/pijama-de-bebe-nino-de-terciopelo-azul-celeste\/#breadcrumb\"},\"inLanguage\":\"es\",\"potentialAction\":[{\"@type\":\"ReadAction\",\"target\":[\"https:\/\/voyagedelabaleine.fr\/es\/producto\/pijama-de-bebe-nino-de-terciopelo-azul-celeste\/\"]}]},{\"@type\":\"ImageObject\",\"inLanguage\":\"es\",\"@id\":\"https:\/\/voyagedelabaleine.fr\/es\/producto\/pijama-de-bebe-nino-de-terciopelo-azul-celeste\/#primaryimage\",\"url\":\"https:\/\/voyagedelabaleine.fr\/wp-content\/uploads\/2023\/10\/pyjama-bebe-velours-bleu-5.jpg\",\"contentUrl\":\"https:\/\/voyagedelabaleine.fr\/wp-content\/uploads\/2023\/10\/pyjama-bebe-velours-bleu-5.jpg\",\"width\":860,\"height\":1148,\"caption\":\"Pyjama b\u00e9b\u00e9 en velours bleu ciel \u00e0 col rond avec 2 boutons d\u00e9coratifs sur le devant et un d\u00e9tail de smocks\"},{\"@type\":\"BreadcrumbList\",\"@id\":\"https:\/\/voyagedelabaleine.fr\/es\/producto\/pijama-de-bebe-nino-de-terciopelo-azul-celeste\/#breadcrumb\",\"itemListElement\":[{\"@type\":\"ListItem\",\"position\":1,\"name\":\"Accueil\",\"item\":\"https:\/\/voyagedelabaleine.fr\/es\/inicio\/\"},{\"@type\":\"ListItem\",\"position\":2,\"name\":\"Tienda\",\"item\":\"https:\/\/voyagedelabaleine.fr\/es\/tienda\/\"},{\"@type\":\"ListItem\",\"position\":3,\"name\":\"Pijama de beb\u00e9 ni\u00f1o de terciopelo &#8211; Azul celeste\"}]},{\"@type\":\"WebSite\",\"@id\":\"https:\/\/voyagedelabaleine.fr\/es\/#website\",\"url\":\"https:\/\/voyagedelabaleine.fr\/es\/\",\"name\":\"Voyage de la Baleine\",\"description\":\"V\u00eatements intemporels et raffin\u00e9s pour b\u00e9b\u00e9s et enfants\",\"publisher\":{\"@id\":\"https:\/\/voyagedelabaleine.fr\/es\/#organization\"},\"potentialAction\":[{\"@type\":\"SearchAction\",\"target\":{\"@type\":\"EntryPoint\",\"urlTemplate\":\"https:\/\/voyagedelabaleine.fr\/es\/?s={search_term_string}\"},\"query-input\":{\"@type\":\"PropertyValueSpecification\",\"valueRequired\":true,\"valueName\":\"search_term_string\"}}],\"inLanguage\":\"es\"},{\"@type\":\"Organization\",\"@id\":\"https:\/\/voyagedelabaleine.fr\/es\/#organization\",\"name\":\"Voyage de la Baleine\",\"url\":\"https:\/\/voyagedelabaleine.fr\/es\/\",\"logo\":{\"@type\":\"ImageObject\",\"inLanguage\":\"es\",\"@id\":\"https:\/\/voyagedelabaleine.fr\/es\/#\/schema\/logo\/image\/\",\"url\":\"https:\/\/voyagedelabaleine.fr\/wp-content\/uploads\/2025\/06\/logo.webp\",\"contentUrl\":\"https:\/\/voyagedelabaleine.fr\/wp-content\/uploads\/2025\/06\/logo.webp\",\"width\":153,\"height\":64,\"caption\":\"Voyage de la Baleine\"},\"image\":{\"@id\":\"https:\/\/voyagedelabaleine.fr\/es\/#\/schema\/logo\/image\/\"},\"sameAs\":[\"https:\/\/www.facebook.com\/voyagedelabaleine\/\",\"https:\/\/www.instagram.com\/voyagedelabaleine\/\",\"https:\/\/www.pinterest.fr\/Voyagedelabaleine\/\"]}]}<\/script>\n<!-- \/ Yoast SEO plugin. -->","yoast_head_json":{"title":"Pijama de beb\u00e9 de terciopelo con cuello redondo","description":"Un pijama de beb\u00e9 de terciopelo con cuello redondo adornado con dos botones decorativos en la parte delantera que combina a la perfecci\u00f3n comodidad y elegancia. Fabricado en Espa\u00f1a.","robots":{"index":"index","follow":"follow","max-snippet":"max-snippet:-1","max-image-preview":"max-image-preview:large","max-video-preview":"max-video-preview:-1"},"canonical":"https:\/\/voyagedelabaleine.fr\/es\/producto\/pijama-de-bebe-nino-de-terciopelo-azul-celeste\/","og_locale":"es_ES","og_type":"article","og_title":"Pijama de beb\u00e9 de terciopelo con cuello redondo","og_description":"Un pijama de beb\u00e9 de terciopelo con cuello redondo adornado con dos botones decorativos en la parte delantera que combina a la perfecci\u00f3n comodidad y elegancia. Fabricado en Espa\u00f1a.","og_url":"https:\/\/voyagedelabaleine.fr\/es\/producto\/pijama-de-bebe-nino-de-terciopelo-azul-celeste\/","og_site_name":"Voyage de la Baleine","article_publisher":"https:\/\/www.facebook.com\/voyagedelabaleine\/","og_image":[{"width":860,"height":1148,"url":"https:\/\/voyagedelabaleine.fr\/wp-content\/uploads\/2023\/10\/pyjama-bebe-velours-bleu-5.jpg","type":"image\/jpeg"}],"twitter_card":"summary_large_image","twitter_misc":{"Tiempo de lectura":"2 minuto"},"schema":{"@context":"https:\/\/schema.org","@graph":[{"@type":"WebPage","@id":"https:\/\/voyagedelabaleine.fr\/es\/producto\/pijama-de-bebe-nino-de-terciopelo-azul-celeste\/","url":"https:\/\/voyagedelabaleine.fr\/es\/producto\/pijama-de-bebe-nino-de-terciopelo-azul-celeste\/","name":"Pijama de beb\u00e9 de terciopelo con cuello redondo","isPartOf":{"@id":"https:\/\/voyagedelabaleine.fr\/es\/#website"},"primaryImageOfPage":{"@id":"https:\/\/voyagedelabaleine.fr\/es\/producto\/pijama-de-bebe-nino-de-terciopelo-azul-celeste\/#primaryimage"},"image":{"@id":"https:\/\/voyagedelabaleine.fr\/es\/producto\/pijama-de-bebe-nino-de-terciopelo-azul-celeste\/#primaryimage"},"thumbnailUrl":"https:\/\/voyagedelabaleine.fr\/wp-content\/uploads\/2023\/10\/pyjama-bebe-velours-bleu-5.jpg","datePublished":"2023-10-05T19:56:31+00:00","description":"Un pijama de beb\u00e9 de terciopelo con cuello redondo adornado con dos botones decorativos en la parte delantera que combina a la perfecci\u00f3n comodidad y elegancia. Fabricado en Espa\u00f1a.","breadcrumb":{"@id":"https:\/\/voyagedelabaleine.fr\/es\/producto\/pijama-de-bebe-nino-de-terciopelo-azul-celeste\/#breadcrumb"},"inLanguage":"es","potentialAction":[{"@type":"ReadAction","target":["https:\/\/voyagedelabaleine.fr\/es\/producto\/pijama-de-bebe-nino-de-terciopelo-azul-celeste\/"]}]},{"@type":"ImageObject","inLanguage":"es","@id":"https:\/\/voyagedelabaleine.fr\/es\/producto\/pijama-de-bebe-nino-de-terciopelo-azul-celeste\/#primaryimage","url":"https:\/\/voyagedelabaleine.fr\/wp-content\/uploads\/2023\/10\/pyjama-bebe-velours-bleu-5.jpg","contentUrl":"https:\/\/voyagedelabaleine.fr\/wp-content\/uploads\/2023\/10\/pyjama-bebe-velours-bleu-5.jpg","width":860,"height":1148,"caption":"Pyjama b\u00e9b\u00e9 en velours bleu ciel \u00e0 col rond avec 2 boutons d\u00e9coratifs sur le devant et un d\u00e9tail de smocks"},{"@type":"BreadcrumbList","@id":"https:\/\/voyagedelabaleine.fr\/es\/producto\/pijama-de-bebe-nino-de-terciopelo-azul-celeste\/#breadcrumb","itemListElement":[{"@type":"ListItem","position":1,"name":"Accueil","item":"https:\/\/voyagedelabaleine.fr\/es\/inicio\/"},{"@type":"ListItem","position":2,"name":"Tienda","item":"https:\/\/voyagedelabaleine.fr\/es\/tienda\/"},{"@type":"ListItem","position":3,"name":"Pijama de beb\u00e9 ni\u00f1o de terciopelo &#8211; Azul celeste"}]},{"@type":"WebSite","@id":"https:\/\/voyagedelabaleine.fr\/es\/#website","url":"https:\/\/voyagedelabaleine.fr\/es\/","name":"Voyage de la Baleine","description":"V\u00eatements intemporels et raffin\u00e9s pour b\u00e9b\u00e9s et enfants","publisher":{"@id":"https:\/\/voyagedelabaleine.fr\/es\/#organization"},"potentialAction":[{"@type":"SearchAction","target":{"@type":"EntryPoint","urlTemplate":"https:\/\/voyagedelabaleine.fr\/es\/?s={search_term_string}"},"query-input":{"@type":"PropertyValueSpecification","valueRequired":true,"valueName":"search_term_string"}}],"inLanguage":"es"},{"@type":"Organization","@id":"https:\/\/voyagedelabaleine.fr\/es\/#organization","name":"Voyage de la Baleine","url":"https:\/\/voyagedelabaleine.fr\/es\/","logo":{"@type":"ImageObject","inLanguage":"es","@id":"https:\/\/voyagedelabaleine.fr\/es\/#\/schema\/logo\/image\/","url":"https:\/\/voyagedelabaleine.fr\/wp-content\/uploads\/2025\/06\/logo.webp","contentUrl":"https:\/\/voyagedelabaleine.fr\/wp-content\/uploads\/2025\/06\/logo.webp","width":153,"height":64,"caption":"Voyage de la Baleine"},"image":{"@id":"https:\/\/voyagedelabaleine.fr\/es\/#\/schema\/logo\/image\/"},"sameAs":["https:\/\/www.facebook.com\/voyagedelabaleine\/","https:\/\/www.instagram.com\/voyagedelabaleine\/","https:\/\/www.pinterest.fr\/Voyagedelabaleine\/"]}]}},"_links":{"self":[{"href":"https:\/\/voyagedelabaleine.fr\/es\/wp-json\/wp\/v2\/product\/33227","targetHints":{"allow":["GET"]}}],"collection":[{"href":"https:\/\/voyagedelabaleine.fr\/es\/wp-json\/wp\/v2\/product"}],"about":[{"href":"https:\/\/voyagedelabaleine.fr\/es\/wp-json\/wp\/v2\/types\/product"}],"replies":[{"embeddable":true,"href":"https:\/\/voyagedelabaleine.fr\/es\/wp-json\/wp\/v2\/comments?post=33227"}],"wp:featuredmedia":[{"embeddable":true,"href":"https:\/\/voyagedelabaleine.fr\/es\/wp-json\/wp\/v2\/media\/12086"}],"wp:attachment":[{"href":"https:\/\/voyagedelabaleine.fr\/es\/wp-json\/wp\/v2\/media?parent=33227"}],"wp:term":[{"taxonomy":"product_brand","embeddable":true,"href":"https:\/\/voyagedelabaleine.fr\/es\/wp-json\/wp\/v2\/product_brand?post=33227"},{"taxonomy":"product_cat","embeddable":true,"href":"https:\/\/voyagedelabaleine.fr\/es\/wp-json\/wp\/v2\/product_cat?post=33227"},{"taxonomy":"product_tag","embeddable":true,"href":"https:\/\/voyagedelabaleine.fr\/es\/wp-json\/wp\/v2\/product_tag?post=33227"}],"curies":[{"name":"wp","href":"https:\/\/api.w.org\/{rel}","templated":true}]}}