{"id":33295,"date":"2023-10-05T22:40:19","date_gmt":"2023-10-05T20:40:19","guid":{"rendered":"https:\/\/voyagedelabaleine.fr\/product\/body-de-bebe-nino-con-cuello-de-camisa-blanco\/"},"modified":"2023-10-05T22:40:19","modified_gmt":"2023-10-05T20:40:19","slug":"body-de-bebe-nino-con-cuello-de-camisa-blanco","status":"publish","type":"product","link":"https:\/\/voyagedelabaleine.fr\/es\/producto\/body-de-bebe-nino-con-cuello-de-camisa-blanco\/","title":{"rendered":"Body de beb\u00e9 ni\u00f1o con cuello de camisa &#8211; Blanco"},"content":{"rendered":"<p>Sum\u00e9rjase en el refinamiento con este <strong>body de beb\u00e9 ni\u00f1o cl\u00e1sico y atemporal<\/strong>, una prenda esencial que a\u00fana <strong>estilo<\/strong> y <strong>comodidad<\/strong>. Con mangas largas de un <strong>blanco radiante<\/strong> y un <strong>cuello de camisa<\/strong> delicadamente dise\u00f1ado, este body cl\u00e1sico encarna el <strong>estilo elegante<\/strong> y la <strong>comodidad \u00f3ptima<\/strong>. Perfecto para vestir a su peque\u00f1o, est\u00e1 dise\u00f1ado para llevarlo en los momentos m\u00e1s especiales de su vida, garantizando al mismo tiempo una total libertad de movimiento para sus momentos de juego.  <\/p>\n<p>El <strong>cuello de camisa<\/strong> de este body a\u00f1ade un toque de distinci\u00f3n, aportando una est\u00e9tica encantadora a esta prenda vers\u00e1til. Este body es <strong>ideal para cualquier ocasi\u00f3n<\/strong>, ya sea para eventos formales o d\u00edas m\u00e1s informales. Su corte cl\u00e1sico y sus acabados impecables lo convierten en una <strong>prenda imprescindible<\/strong> en el armario del beb\u00e9. De hecho, es el <strong>body realmente cl\u00e1sico<\/strong> que todos los padres deber\u00edan tener en varios ejemplares, para asegurarse de tener una prenda <strong>elegante<\/strong> y <strong>pr\u00e1ctica<\/strong> a mano en todo momento.   <\/p>\n<p>Fabricado en <strong>Espa\u00f1a<\/strong>, este body es una <strong>elecci\u00f3n privilegiada<\/strong> para los padres que buscan una prenda de alta calidad. Cada detalle ha sido cuidadosamente pensado para ofrecer a su beb\u00e9 lo mejor del <strong>made in Spain<\/strong>, garantizando una <strong>durabilidad excepcional<\/strong> y un <strong>confort duradero<\/strong>. Sin duda, se convertir\u00e1 en una <strong>pieza clave<\/strong> del armario de su peque\u00f1o, aportando refinamiento y practicidad a cada ocasi\u00f3n.  <\/p>\n<p><em> Pida este body de beb\u00e9 ni\u00f1o cl\u00e1sico y ofrezca a su tesoro un atuendo sofisticado, adaptado a todas las situaciones de su vida en crecimiento.<\/em><\/p>\n<p>Fabricado en Espa\u00f1a.<\/p>\n","protected":false},"excerpt":{"rendered":"<ul>\n<li>Manga larga<\/li>\n<li>Cuello de camisa<\/li>\n<li>Cierre con tapeta de botones a presi\u00f3n en la espalda<\/li>\n<li>Corchetes en la entrepierna<\/li>\n<li>100% algod\u00f3n<\/li>\n<li>Fabricado en Espa\u00f1a<br \/>\n<em>Este body tiene un tallaje normal. Elija la talla habitual.<\/em><\/li>\n<\/ul>\n","protected":false},"featured_media":16542,"comment_status":"open","ping_status":"closed","template":"","meta":{"ocean_post_layout":"","ocean_both_sidebars_style":"","ocean_both_sidebars_content_width":0,"ocean_both_sidebars_sidebars_width":0,"ocean_sidebar":"0","ocean_second_sidebar":"0","ocean_disable_margins":"enable","ocean_add_body_class":"","ocean_shortcode_before_top_bar":"","ocean_shortcode_after_top_bar":"","ocean_shortcode_before_header":"","ocean_shortcode_after_header":"","ocean_has_shortcode":"","ocean_shortcode_after_title":"","ocean_shortcode_before_footer_widgets":"","ocean_shortcode_after_footer_widgets":"","ocean_shortcode_before_footer_bottom":"","ocean_shortcode_after_footer_bottom":"","ocean_display_top_bar":"default","ocean_display_header":"default","ocean_header_style":"","ocean_center_header_left_menu":"0","ocean_custom_header_template":"0","ocean_custom_logo":0,"ocean_custom_retina_logo":0,"ocean_custom_logo_max_width":0,"ocean_custom_logo_tablet_max_width":0,"ocean_custom_logo_mobile_max_width":0,"ocean_custom_logo_max_height":0,"ocean_custom_logo_tablet_max_height":0,"ocean_custom_logo_mobile_max_height":0,"ocean_header_custom_menu":"0","ocean_menu_typo_font_family":"0","ocean_menu_typo_font_subset":"","ocean_menu_typo_font_size":0,"ocean_menu_typo_font_size_tablet":0,"ocean_menu_typo_font_size_mobile":0,"ocean_menu_typo_font_size_unit":"px","ocean_menu_typo_font_weight":"","ocean_menu_typo_font_weight_tablet":"","ocean_menu_typo_font_weight_mobile":"","ocean_menu_typo_transform":"","ocean_menu_typo_transform_tablet":"","ocean_menu_typo_transform_mobile":"","ocean_menu_typo_line_height":0,"ocean_menu_typo_line_height_tablet":0,"ocean_menu_typo_line_height_mobile":0,"ocean_menu_typo_line_height_unit":"","ocean_menu_typo_spacing":0,"ocean_menu_typo_spacing_tablet":0,"ocean_menu_typo_spacing_mobile":0,"ocean_menu_typo_spacing_unit":"","ocean_menu_link_color":"","ocean_menu_link_color_hover":"","ocean_menu_link_color_active":"","ocean_menu_link_background":"","ocean_menu_link_hover_background":"","ocean_menu_link_active_background":"","ocean_menu_social_links_bg":"","ocean_menu_social_hover_links_bg":"","ocean_menu_social_links_color":"","ocean_menu_social_hover_links_color":"","ocean_disable_title":"default","ocean_disable_heading":"default","ocean_post_title":"","ocean_post_subheading":"","ocean_post_title_style":"","ocean_post_title_background_color":"","ocean_post_title_background":0,"ocean_post_title_bg_image_position":"","ocean_post_title_bg_image_attachment":"","ocean_post_title_bg_image_repeat":"","ocean_post_title_bg_image_size":"","ocean_post_title_height":0,"ocean_post_title_bg_overlay":0.5,"ocean_post_title_bg_overlay_color":"","ocean_disable_breadcrumbs":"default","ocean_breadcrumbs_color":"","ocean_breadcrumbs_separator_color":"","ocean_breadcrumbs_links_color":"","ocean_breadcrumbs_links_hover_color":"","ocean_display_footer_widgets":"default","ocean_display_footer_bottom":"default","ocean_custom_footer_template":"0","osh_disable_topbar_sticky":"default","osh_disable_header_sticky":"default","osh_sticky_header_style":"default","osh_sticky_header_effect":"","osh_custom_sticky_logo":0,"osh_custom_retina_sticky_logo":0,"osh_custom_sticky_logo_height":0,"osh_background_color":"","osh_links_color":"","osh_links_hover_color":"","osh_links_active_color":"","osh_links_bg_color":"","osh_links_hover_bg_color":"","osh_links_active_bg_color":"","osh_menu_social_links_color":"","osh_menu_social_hover_links_color":""},"product_brand":[],"product_cat":[6807,6961,6999,6813,6851],"product_tag":[],"class_list":{"0":"post-33295","1":"product","2":"type-product","3":"status-publish","4":"has-post-thumbnail","6":"product_cat-body","7":"product_cat-body-nacimiento","8":"product_cat-body-nacimiento-nino","9":"product_cat-body-bebe","10":"product_cat-body-bebe-nino","12":"entry","13":"has-media","15":"first","16":"instock","17":"taxable","18":"shipping-taxable","19":"purchasable","20":"product-type-variable","21":"has-default-attributes","22":"col","23":"span_1_of_3","24":"owp-content-center","25":"owp-thumbs-layout-vertical","26":"owp-btn-big","27":"owp-tabs-layout-vertical","28":"circle-sale"},"yoast_head":"<!-- This site is optimized with the Yoast SEO plugin v27.1.1 - https:\/\/yoast.com\/product\/yoast-seo-wordpress\/ -->\n<title>Body de beb\u00e9 ni\u00f1o cl\u00e1sico de algod\u00f3n blanco con cuello de camisa<\/title>\n<meta name=\"description\" content=\"Un body de beb\u00e9 ni\u00f1o cl\u00e1sico, atemporal, elegante y c\u00f3modo, perfecto para su peque\u00f1o. Una prenda imprescindible fabricada en Espa\u00f1a.\" \/>\n<meta name=\"robots\" content=\"index, follow, max-snippet:-1, max-image-preview:large, max-video-preview:-1\" \/>\n<link rel=\"canonical\" href=\"https:\/\/voyagedelabaleine.fr\/es\/producto\/body-de-bebe-nino-con-cuello-de-camisa-blanco\/\" \/>\n<meta property=\"og:locale\" content=\"es_ES\" \/>\n<meta property=\"og:type\" content=\"article\" \/>\n<meta property=\"og:title\" content=\"Body de beb\u00e9 ni\u00f1o cl\u00e1sico de algod\u00f3n blanco con cuello de camisa\" \/>\n<meta property=\"og:description\" content=\"Un body de beb\u00e9 ni\u00f1o cl\u00e1sico, atemporal, elegante y c\u00f3modo, perfecto para su peque\u00f1o. Una prenda imprescindible fabricada en Espa\u00f1a.\" \/>\n<meta property=\"og:url\" content=\"https:\/\/voyagedelabaleine.fr\/es\/producto\/body-de-bebe-nino-con-cuello-de-camisa-blanco\/\" \/>\n<meta property=\"og:site_name\" content=\"Voyage de la Baleine\" \/>\n<meta property=\"article:publisher\" content=\"https:\/\/www.facebook.com\/voyagedelabaleine\/\" \/>\n<meta property=\"og:image\" content=\"https:\/\/voyagedelabaleine.fr\/wp-content\/uploads\/2023\/10\/body-chemise.jpg\" \/>\n\t<meta property=\"og:image:width\" content=\"977\" \/>\n\t<meta property=\"og:image:height\" content=\"1301\" \/>\n\t<meta property=\"og:image:type\" content=\"image\/jpeg\" \/>\n<meta name=\"twitter:card\" content=\"summary_large_image\" \/>\n<meta name=\"twitter:label1\" content=\"Tiempo de lectura\" \/>\n\t<meta name=\"twitter:data1\" content=\"1 minuto\" \/>\n<script type=\"application\/ld+json\" class=\"yoast-schema-graph\">{\"@context\":\"https:\/\/schema.org\",\"@graph\":[{\"@type\":\"WebPage\",\"@id\":\"https:\/\/voyagedelabaleine.fr\/es\/producto\/body-de-bebe-nino-con-cuello-de-camisa-blanco\/\",\"url\":\"https:\/\/voyagedelabaleine.fr\/es\/producto\/body-de-bebe-nino-con-cuello-de-camisa-blanco\/\",\"name\":\"Body de beb\u00e9 ni\u00f1o cl\u00e1sico de algod\u00f3n blanco con cuello de camisa\",\"isPartOf\":{\"@id\":\"https:\/\/voyagedelabaleine.fr\/es\/#website\"},\"primaryImageOfPage\":{\"@id\":\"https:\/\/voyagedelabaleine.fr\/es\/producto\/body-de-bebe-nino-con-cuello-de-camisa-blanco\/#primaryimage\"},\"image\":{\"@id\":\"https:\/\/voyagedelabaleine.fr\/es\/producto\/body-de-bebe-nino-con-cuello-de-camisa-blanco\/#primaryimage\"},\"thumbnailUrl\":\"https:\/\/voyagedelabaleine.fr\/wp-content\/uploads\/2023\/10\/body-chemise.jpg\",\"datePublished\":\"2023-10-05T20:40:19+00:00\",\"description\":\"Un body de beb\u00e9 ni\u00f1o cl\u00e1sico, atemporal, elegante y c\u00f3modo, perfecto para su peque\u00f1o. Una prenda imprescindible fabricada en Espa\u00f1a.\",\"breadcrumb\":{\"@id\":\"https:\/\/voyagedelabaleine.fr\/es\/producto\/body-de-bebe-nino-con-cuello-de-camisa-blanco\/#breadcrumb\"},\"inLanguage\":\"es\",\"potentialAction\":[{\"@type\":\"ReadAction\",\"target\":[\"https:\/\/voyagedelabaleine.fr\/es\/producto\/body-de-bebe-nino-con-cuello-de-camisa-blanco\/\"]}]},{\"@type\":\"ImageObject\",\"inLanguage\":\"es\",\"@id\":\"https:\/\/voyagedelabaleine.fr\/es\/producto\/body-de-bebe-nino-con-cuello-de-camisa-blanco\/#primaryimage\",\"url\":\"https:\/\/voyagedelabaleine.fr\/wp-content\/uploads\/2023\/10\/body-chemise.jpg\",\"contentUrl\":\"https:\/\/voyagedelabaleine.fr\/wp-content\/uploads\/2023\/10\/body-chemise.jpg\",\"width\":977,\"height\":1301,\"caption\":\"Body b\u00e9b\u00e9 gar\u00e7on classique \u00e0 col chemise manches longues\"},{\"@type\":\"BreadcrumbList\",\"@id\":\"https:\/\/voyagedelabaleine.fr\/es\/producto\/body-de-bebe-nino-con-cuello-de-camisa-blanco\/#breadcrumb\",\"itemListElement\":[{\"@type\":\"ListItem\",\"position\":1,\"name\":\"Accueil\",\"item\":\"https:\/\/voyagedelabaleine.fr\/es\/inicio\/\"},{\"@type\":\"ListItem\",\"position\":2,\"name\":\"Tienda\",\"item\":\"https:\/\/voyagedelabaleine.fr\/es\/tienda\/\"},{\"@type\":\"ListItem\",\"position\":3,\"name\":\"Body de beb\u00e9 ni\u00f1o con cuello de camisa &#8211; Blanco\"}]},{\"@type\":\"WebSite\",\"@id\":\"https:\/\/voyagedelabaleine.fr\/es\/#website\",\"url\":\"https:\/\/voyagedelabaleine.fr\/es\/\",\"name\":\"Voyage de la Baleine\",\"description\":\"V\u00eatements intemporels et raffin\u00e9s pour b\u00e9b\u00e9s et enfants\",\"publisher\":{\"@id\":\"https:\/\/voyagedelabaleine.fr\/es\/#organization\"},\"potentialAction\":[{\"@type\":\"SearchAction\",\"target\":{\"@type\":\"EntryPoint\",\"urlTemplate\":\"https:\/\/voyagedelabaleine.fr\/es\/?s={search_term_string}\"},\"query-input\":{\"@type\":\"PropertyValueSpecification\",\"valueRequired\":true,\"valueName\":\"search_term_string\"}}],\"inLanguage\":\"es\"},{\"@type\":\"Organization\",\"@id\":\"https:\/\/voyagedelabaleine.fr\/es\/#organization\",\"name\":\"Voyage de la Baleine\",\"url\":\"https:\/\/voyagedelabaleine.fr\/es\/\",\"logo\":{\"@type\":\"ImageObject\",\"inLanguage\":\"es\",\"@id\":\"https:\/\/voyagedelabaleine.fr\/es\/#\/schema\/logo\/image\/\",\"url\":\"https:\/\/voyagedelabaleine.fr\/wp-content\/uploads\/2025\/06\/logo.webp\",\"contentUrl\":\"https:\/\/voyagedelabaleine.fr\/wp-content\/uploads\/2025\/06\/logo.webp\",\"width\":153,\"height\":64,\"caption\":\"Voyage de la Baleine\"},\"image\":{\"@id\":\"https:\/\/voyagedelabaleine.fr\/es\/#\/schema\/logo\/image\/\"},\"sameAs\":[\"https:\/\/www.facebook.com\/voyagedelabaleine\/\",\"https:\/\/www.instagram.com\/voyagedelabaleine\/\",\"https:\/\/www.pinterest.fr\/Voyagedelabaleine\/\"]}]}<\/script>\n<!-- \/ Yoast SEO plugin. -->","yoast_head_json":{"title":"Body de beb\u00e9 ni\u00f1o cl\u00e1sico de algod\u00f3n blanco con cuello de camisa","description":"Un body de beb\u00e9 ni\u00f1o cl\u00e1sico, atemporal, elegante y c\u00f3modo, perfecto para su peque\u00f1o. Una prenda imprescindible fabricada en Espa\u00f1a.","robots":{"index":"index","follow":"follow","max-snippet":"max-snippet:-1","max-image-preview":"max-image-preview:large","max-video-preview":"max-video-preview:-1"},"canonical":"https:\/\/voyagedelabaleine.fr\/es\/producto\/body-de-bebe-nino-con-cuello-de-camisa-blanco\/","og_locale":"es_ES","og_type":"article","og_title":"Body de beb\u00e9 ni\u00f1o cl\u00e1sico de algod\u00f3n blanco con cuello de camisa","og_description":"Un body de beb\u00e9 ni\u00f1o cl\u00e1sico, atemporal, elegante y c\u00f3modo, perfecto para su peque\u00f1o. Una prenda imprescindible fabricada en Espa\u00f1a.","og_url":"https:\/\/voyagedelabaleine.fr\/es\/producto\/body-de-bebe-nino-con-cuello-de-camisa-blanco\/","og_site_name":"Voyage de la Baleine","article_publisher":"https:\/\/www.facebook.com\/voyagedelabaleine\/","og_image":[{"width":977,"height":1301,"url":"https:\/\/voyagedelabaleine.fr\/wp-content\/uploads\/2023\/10\/body-chemise.jpg","type":"image\/jpeg"}],"twitter_card":"summary_large_image","twitter_misc":{"Tiempo de lectura":"1 minuto"},"schema":{"@context":"https:\/\/schema.org","@graph":[{"@type":"WebPage","@id":"https:\/\/voyagedelabaleine.fr\/es\/producto\/body-de-bebe-nino-con-cuello-de-camisa-blanco\/","url":"https:\/\/voyagedelabaleine.fr\/es\/producto\/body-de-bebe-nino-con-cuello-de-camisa-blanco\/","name":"Body de beb\u00e9 ni\u00f1o cl\u00e1sico de algod\u00f3n blanco con cuello de camisa","isPartOf":{"@id":"https:\/\/voyagedelabaleine.fr\/es\/#website"},"primaryImageOfPage":{"@id":"https:\/\/voyagedelabaleine.fr\/es\/producto\/body-de-bebe-nino-con-cuello-de-camisa-blanco\/#primaryimage"},"image":{"@id":"https:\/\/voyagedelabaleine.fr\/es\/producto\/body-de-bebe-nino-con-cuello-de-camisa-blanco\/#primaryimage"},"thumbnailUrl":"https:\/\/voyagedelabaleine.fr\/wp-content\/uploads\/2023\/10\/body-chemise.jpg","datePublished":"2023-10-05T20:40:19+00:00","description":"Un body de beb\u00e9 ni\u00f1o cl\u00e1sico, atemporal, elegante y c\u00f3modo, perfecto para su peque\u00f1o. Una prenda imprescindible fabricada en Espa\u00f1a.","breadcrumb":{"@id":"https:\/\/voyagedelabaleine.fr\/es\/producto\/body-de-bebe-nino-con-cuello-de-camisa-blanco\/#breadcrumb"},"inLanguage":"es","potentialAction":[{"@type":"ReadAction","target":["https:\/\/voyagedelabaleine.fr\/es\/producto\/body-de-bebe-nino-con-cuello-de-camisa-blanco\/"]}]},{"@type":"ImageObject","inLanguage":"es","@id":"https:\/\/voyagedelabaleine.fr\/es\/producto\/body-de-bebe-nino-con-cuello-de-camisa-blanco\/#primaryimage","url":"https:\/\/voyagedelabaleine.fr\/wp-content\/uploads\/2023\/10\/body-chemise.jpg","contentUrl":"https:\/\/voyagedelabaleine.fr\/wp-content\/uploads\/2023\/10\/body-chemise.jpg","width":977,"height":1301,"caption":"Body b\u00e9b\u00e9 gar\u00e7on classique \u00e0 col chemise manches longues"},{"@type":"BreadcrumbList","@id":"https:\/\/voyagedelabaleine.fr\/es\/producto\/body-de-bebe-nino-con-cuello-de-camisa-blanco\/#breadcrumb","itemListElement":[{"@type":"ListItem","position":1,"name":"Accueil","item":"https:\/\/voyagedelabaleine.fr\/es\/inicio\/"},{"@type":"ListItem","position":2,"name":"Tienda","item":"https:\/\/voyagedelabaleine.fr\/es\/tienda\/"},{"@type":"ListItem","position":3,"name":"Body de beb\u00e9 ni\u00f1o con cuello de camisa &#8211; Blanco"}]},{"@type":"WebSite","@id":"https:\/\/voyagedelabaleine.fr\/es\/#website","url":"https:\/\/voyagedelabaleine.fr\/es\/","name":"Voyage de la Baleine","description":"V\u00eatements intemporels et raffin\u00e9s pour b\u00e9b\u00e9s et enfants","publisher":{"@id":"https:\/\/voyagedelabaleine.fr\/es\/#organization"},"potentialAction":[{"@type":"SearchAction","target":{"@type":"EntryPoint","urlTemplate":"https:\/\/voyagedelabaleine.fr\/es\/?s={search_term_string}"},"query-input":{"@type":"PropertyValueSpecification","valueRequired":true,"valueName":"search_term_string"}}],"inLanguage":"es"},{"@type":"Organization","@id":"https:\/\/voyagedelabaleine.fr\/es\/#organization","name":"Voyage de la Baleine","url":"https:\/\/voyagedelabaleine.fr\/es\/","logo":{"@type":"ImageObject","inLanguage":"es","@id":"https:\/\/voyagedelabaleine.fr\/es\/#\/schema\/logo\/image\/","url":"https:\/\/voyagedelabaleine.fr\/wp-content\/uploads\/2025\/06\/logo.webp","contentUrl":"https:\/\/voyagedelabaleine.fr\/wp-content\/uploads\/2025\/06\/logo.webp","width":153,"height":64,"caption":"Voyage de la Baleine"},"image":{"@id":"https:\/\/voyagedelabaleine.fr\/es\/#\/schema\/logo\/image\/"},"sameAs":["https:\/\/www.facebook.com\/voyagedelabaleine\/","https:\/\/www.instagram.com\/voyagedelabaleine\/","https:\/\/www.pinterest.fr\/Voyagedelabaleine\/"]}]}},"_links":{"self":[{"href":"https:\/\/voyagedelabaleine.fr\/es\/wp-json\/wp\/v2\/product\/33295","targetHints":{"allow":["GET"]}}],"collection":[{"href":"https:\/\/voyagedelabaleine.fr\/es\/wp-json\/wp\/v2\/product"}],"about":[{"href":"https:\/\/voyagedelabaleine.fr\/es\/wp-json\/wp\/v2\/types\/product"}],"replies":[{"embeddable":true,"href":"https:\/\/voyagedelabaleine.fr\/es\/wp-json\/wp\/v2\/comments?post=33295"}],"wp:featuredmedia":[{"embeddable":true,"href":"https:\/\/voyagedelabaleine.fr\/es\/wp-json\/wp\/v2\/media\/16542"}],"wp:attachment":[{"href":"https:\/\/voyagedelabaleine.fr\/es\/wp-json\/wp\/v2\/media?parent=33295"}],"wp:term":[{"taxonomy":"product_brand","embeddable":true,"href":"https:\/\/voyagedelabaleine.fr\/es\/wp-json\/wp\/v2\/product_brand?post=33295"},{"taxonomy":"product_cat","embeddable":true,"href":"https:\/\/voyagedelabaleine.fr\/es\/wp-json\/wp\/v2\/product_cat?post=33295"},{"taxonomy":"product_tag","embeddable":true,"href":"https:\/\/voyagedelabaleine.fr\/es\/wp-json\/wp\/v2\/product_tag?post=33295"}],"curies":[{"name":"wp","href":"https:\/\/api.w.org\/{rel}","templated":true}]}}