{"id":33357,"date":"2023-10-05T22:21:11","date_gmt":"2023-10-05T20:21:11","guid":{"rendered":"https:\/\/voyagedelabaleine.fr\/product\/body-de-bebe-con-cuello-redondo-texturizado-y-ribete-gris-blanco\/"},"modified":"2023-10-05T22:21:11","modified_gmt":"2023-10-05T20:21:11","slug":"body-de-bebe-con-cuello-redondo-texturizado-y-ribete-gris-blanco","status":"publish","type":"product","link":"https:\/\/voyagedelabaleine.fr\/es\/producto\/body-de-bebe-con-cuello-redondo-texturizado-y-ribete-gris-blanco\/","title":{"rendered":"Body de beb\u00e9 con cuello redondo texturizado y ribete gris &#8211; Blanco"},"content":{"rendered":"<div class=\"flex-shrink-0 flex flex-col relative items-end\">\n<div class=\"pt-0.5 juice:pt-0\">\n<div class=\"gizmo-bot-avatar flex h-6 w-6 items-center justify-center overflow-hidden rounded-full juice:h-8 juice:w-8\">\n<div class=\"relative p-1 rounded-sm flex items-center justify-center bg-token-main-surface-primary text-token-text-primary h-8 w-8\">\n<p>Incorpore un toque de elegancia atemporal al vestuario de su peque\u00f1o con nuestro <strong>body de beb\u00e9 con cuello redondo texturizado y ribete gris<\/strong>. Este <strong>body unisex<\/strong> de <strong>manga larga<\/strong> es un imprescindible para los ni\u00f1os peque\u00f1os, que a\u00fana estilo, confort y practicidad. Con un <strong>blanco radiante<\/strong> y un cuello redondo texturizado, este body est\u00e1 delicadamente rematado con un <strong>ribete gris p\u00e1lido<\/strong> que aporta una sofisticaci\u00f3n sutil. Se trata de una prenda esencial que combinar\u00e1 f\u00e1cilmente con muchos conjuntos a la vez que ofrece un look elegante.   <\/p>\n<p>Confeccionado con esmero en Espa\u00f1a, este body es un testimonio de la experiencia y la calidad excepcionales de los fabricantes europeos. La textura refinada del cuello redondo a\u00f1ade una dimensi\u00f3n \u00fanica a esta prenda, confiri\u00e9ndole un <strong>aspecto distinguido<\/strong>. Las mangas largas son ideales para los d\u00edas frescos, ofreciendo a su beb\u00e9 calidez y confort sin renunciar al estilo.  <\/p>\n<p>Este body de beb\u00e9 est\u00e1 dise\u00f1ado para adaptarse tanto a ni\u00f1as como a ni\u00f1os, gracias a su dise\u00f1o sencillo y depurado que se hace eco de la <strong>elegancia cl\u00e1sica<\/strong>. Ya sea para una salida en familia, un d\u00eda en la guarder\u00eda o incluso una ocasi\u00f3n especial, este body aportar\u00e1 a su peque\u00f1o tesoro un toque de clase y confort. Su fabricaci\u00f3n en <strong>algod\u00f3n de alta calidad<\/strong> garantiza una sensaci\u00f3n agradable sobre la piel delicada de su beb\u00e9, a la vez que asegura una durabilidad que resistir\u00e1 el desgaste diario.  <\/p>\n<p>Opte por este body de beb\u00e9 con cuello redondo texturizado y ribete gris para ofrecer a su hijo una prenda a la vez pr\u00e1ctica y refinada. Fabricado en Espa\u00f1a, se convertir\u00e1 r\u00e1pidamente en un imprescindible de su vestuario, perfecto para todas las ocasiones. <\/p>\n<p><em>Este body existe con un cuello redondo texturizado bordeado con un <a href=\"https:\/\/voyagedelabaleine.fr\/es\/product\/body-de-bebe-con-cuello-redondo-texturizado-blanco\/\">ribete blanco<\/a> o bordeado con un <a href=\"https:\/\/voyagedelabaleine.fr\/es\/product\/body-de-bebe-con-cuello-redondo-texturizado-y-ribete-azul-blanco\/\">ribete azul celeste<\/a>.<\/em><\/p>\n<\/div>\n<\/div>\n<\/div>\n<\/div>\n<p>Fabricado en Espa\u00f1a.<\/p>\n","protected":false},"excerpt":{"rendered":"<ul>\n<li>Manga larga<\/li>\n<li>Cuello redondo texturizado bordeado con un ribete gris<\/li>\n<li>Cierre con tapeta de botones a presi\u00f3n en la espalda<\/li>\n<li>Corchetes en la entrepierna<\/li>\n<li>100% algod\u00f3n<\/li>\n<li>Fabricado en Espa\u00f1a<br \/>\n<em>Este body tiene un tallaje normal. Elija la talla habitual.<\/em><\/li>\n<\/ul>\n","protected":false},"featured_media":16520,"comment_status":"open","ping_status":"closed","template":"","meta":{"ocean_post_layout":"","ocean_both_sidebars_style":"","ocean_both_sidebars_content_width":0,"ocean_both_sidebars_sidebars_width":0,"ocean_sidebar":"0","ocean_second_sidebar":"0","ocean_disable_margins":"enable","ocean_add_body_class":"","ocean_shortcode_before_top_bar":"","ocean_shortcode_after_top_bar":"","ocean_shortcode_before_header":"","ocean_shortcode_after_header":"","ocean_has_shortcode":"","ocean_shortcode_after_title":"","ocean_shortcode_before_footer_widgets":"","ocean_shortcode_after_footer_widgets":"","ocean_shortcode_before_footer_bottom":"","ocean_shortcode_after_footer_bottom":"","ocean_display_top_bar":"default","ocean_display_header":"default","ocean_header_style":"","ocean_center_header_left_menu":"0","ocean_custom_header_template":"0","ocean_custom_logo":0,"ocean_custom_retina_logo":0,"ocean_custom_logo_max_width":0,"ocean_custom_logo_tablet_max_width":0,"ocean_custom_logo_mobile_max_width":0,"ocean_custom_logo_max_height":0,"ocean_custom_logo_tablet_max_height":0,"ocean_custom_logo_mobile_max_height":0,"ocean_header_custom_menu":"0","ocean_menu_typo_font_family":"0","ocean_menu_typo_font_subset":"","ocean_menu_typo_font_size":0,"ocean_menu_typo_font_size_tablet":0,"ocean_menu_typo_font_size_mobile":0,"ocean_menu_typo_font_size_unit":"px","ocean_menu_typo_font_weight":"","ocean_menu_typo_font_weight_tablet":"","ocean_menu_typo_font_weight_mobile":"","ocean_menu_typo_transform":"","ocean_menu_typo_transform_tablet":"","ocean_menu_typo_transform_mobile":"","ocean_menu_typo_line_height":0,"ocean_menu_typo_line_height_tablet":0,"ocean_menu_typo_line_height_mobile":0,"ocean_menu_typo_line_height_unit":"","ocean_menu_typo_spacing":0,"ocean_menu_typo_spacing_tablet":0,"ocean_menu_typo_spacing_mobile":0,"ocean_menu_typo_spacing_unit":"","ocean_menu_link_color":"","ocean_menu_link_color_hover":"","ocean_menu_link_color_active":"","ocean_menu_link_background":"","ocean_menu_link_hover_background":"","ocean_menu_link_active_background":"","ocean_menu_social_links_bg":"","ocean_menu_social_hover_links_bg":"","ocean_menu_social_links_color":"","ocean_menu_social_hover_links_color":"","ocean_disable_title":"default","ocean_disable_heading":"default","ocean_post_title":"","ocean_post_subheading":"","ocean_post_title_style":"","ocean_post_title_background_color":"","ocean_post_title_background":0,"ocean_post_title_bg_image_position":"","ocean_post_title_bg_image_attachment":"","ocean_post_title_bg_image_repeat":"","ocean_post_title_bg_image_size":"","ocean_post_title_height":0,"ocean_post_title_bg_overlay":0.5,"ocean_post_title_bg_overlay_color":"","ocean_disable_breadcrumbs":"default","ocean_breadcrumbs_color":"","ocean_breadcrumbs_separator_color":"","ocean_breadcrumbs_links_color":"","ocean_breadcrumbs_links_hover_color":"","ocean_display_footer_widgets":"default","ocean_display_footer_bottom":"default","ocean_custom_footer_template":"0","osh_disable_topbar_sticky":"default","osh_disable_header_sticky":"default","osh_sticky_header_style":"default","osh_sticky_header_effect":"","osh_custom_sticky_logo":0,"osh_custom_retina_sticky_logo":0,"osh_custom_sticky_logo_height":0,"osh_background_color":"","osh_links_color":"","osh_links_hover_color":"","osh_links_active_color":"","osh_links_bg_color":"","osh_links_hover_bg_color":"","osh_links_active_bg_color":"","osh_menu_social_links_color":"","osh_menu_social_hover_links_color":""},"product_brand":[],"product_cat":[6807,6961,6977,6999,6813,6825,6851],"product_tag":[7154],"class_list":{"0":"post-33357","1":"product","2":"type-product","3":"status-publish","4":"has-post-thumbnail","6":"product_cat-body","7":"product_cat-body-nacimiento","8":"product_cat-body-nacimiento-nina","9":"product_cat-body-nacimiento-nino","10":"product_cat-body-bebe","11":"product_cat-body-bebe-nina","12":"product_cat-body-bebe-nino","13":"product_tag-body","15":"entry","16":"has-media","18":"first","19":"instock","20":"taxable","21":"shipping-taxable","22":"purchasable","23":"product-type-variable","24":"has-default-attributes","25":"col","26":"span_1_of_3","27":"owp-content-center","28":"owp-thumbs-layout-vertical","29":"owp-btn-big","30":"owp-tabs-layout-vertical","31":"circle-sale"},"yoast_head":"<!-- This site is optimized with the Yoast SEO plugin v27.1.1 - https:\/\/yoast.com\/product\/yoast-seo-wordpress\/ -->\n<title>Body de beb\u00e9 con cuello redondo texturizado y ribete gris<\/title>\n<meta name=\"description\" content=\"Un body de beb\u00e9 de manga larga con cuello redondo texturizado, rematado con un bonito ribete gris p\u00e1lido para realzar el lado refinado de este body. Fabricado en Espa\u00f1a.\" \/>\n<meta name=\"robots\" content=\"index, follow, max-snippet:-1, max-image-preview:large, max-video-preview:-1\" \/>\n<link rel=\"canonical\" href=\"https:\/\/voyagedelabaleine.fr\/es\/producto\/body-de-bebe-con-cuello-redondo-texturizado-y-ribete-gris-blanco\/\" \/>\n<meta property=\"og:locale\" content=\"es_ES\" \/>\n<meta property=\"og:type\" content=\"article\" \/>\n<meta property=\"og:title\" content=\"Body de beb\u00e9 con cuello redondo texturizado y ribete gris\" \/>\n<meta property=\"og:description\" content=\"Un body de beb\u00e9 de manga larga con cuello redondo texturizado, rematado con un bonito ribete gris p\u00e1lido para realzar el lado refinado de este body. Fabricado en Espa\u00f1a.\" \/>\n<meta property=\"og:url\" content=\"https:\/\/voyagedelabaleine.fr\/es\/producto\/body-de-bebe-con-cuello-redondo-texturizado-y-ribete-gris-blanco\/\" \/>\n<meta property=\"og:site_name\" content=\"Voyage de la Baleine\" \/>\n<meta property=\"article:publisher\" content=\"https:\/\/www.facebook.com\/voyagedelabaleine\/\" \/>\n<meta property=\"og:image\" content=\"https:\/\/voyagedelabaleine.fr\/wp-content\/uploads\/2023\/10\/body-bebe-col-texture-gris.jpg\" \/>\n\t<meta property=\"og:image:width\" content=\"855\" \/>\n\t<meta property=\"og:image:height\" content=\"1140\" \/>\n\t<meta property=\"og:image:type\" content=\"image\/jpeg\" \/>\n<meta name=\"twitter:card\" content=\"summary_large_image\" \/>\n<meta name=\"twitter:label1\" content=\"Tiempo de lectura\" \/>\n\t<meta name=\"twitter:data1\" content=\"2 minuto\" \/>\n<script type=\"application\/ld+json\" class=\"yoast-schema-graph\">{\"@context\":\"https:\/\/schema.org\",\"@graph\":[{\"@type\":\"WebPage\",\"@id\":\"https:\/\/voyagedelabaleine.fr\/es\/producto\/body-de-bebe-con-cuello-redondo-texturizado-y-ribete-gris-blanco\/\",\"url\":\"https:\/\/voyagedelabaleine.fr\/es\/producto\/body-de-bebe-con-cuello-redondo-texturizado-y-ribete-gris-blanco\/\",\"name\":\"Body de beb\u00e9 con cuello redondo texturizado y ribete gris\",\"isPartOf\":{\"@id\":\"https:\/\/voyagedelabaleine.fr\/es\/#website\"},\"primaryImageOfPage\":{\"@id\":\"https:\/\/voyagedelabaleine.fr\/es\/producto\/body-de-bebe-con-cuello-redondo-texturizado-y-ribete-gris-blanco\/#primaryimage\"},\"image\":{\"@id\":\"https:\/\/voyagedelabaleine.fr\/es\/producto\/body-de-bebe-con-cuello-redondo-texturizado-y-ribete-gris-blanco\/#primaryimage\"},\"thumbnailUrl\":\"https:\/\/voyagedelabaleine.fr\/wp-content\/uploads\/2023\/10\/body-bebe-col-texture-gris.jpg\",\"datePublished\":\"2023-10-05T20:21:11+00:00\",\"description\":\"Un body de beb\u00e9 de manga larga con cuello redondo texturizado, rematado con un bonito ribete gris p\u00e1lido para realzar el lado refinado de este body. Fabricado en Espa\u00f1a.\",\"breadcrumb\":{\"@id\":\"https:\/\/voyagedelabaleine.fr\/es\/producto\/body-de-bebe-con-cuello-redondo-texturizado-y-ribete-gris-blanco\/#breadcrumb\"},\"inLanguage\":\"es\",\"potentialAction\":[{\"@type\":\"ReadAction\",\"target\":[\"https:\/\/voyagedelabaleine.fr\/es\/producto\/body-de-bebe-con-cuello-redondo-texturizado-y-ribete-gris-blanco\/\"]}]},{\"@type\":\"ImageObject\",\"inLanguage\":\"es\",\"@id\":\"https:\/\/voyagedelabaleine.fr\/es\/producto\/body-de-bebe-con-cuello-redondo-texturizado-y-ribete-gris-blanco\/#primaryimage\",\"url\":\"https:\/\/voyagedelabaleine.fr\/wp-content\/uploads\/2023\/10\/body-bebe-col-texture-gris.jpg\",\"contentUrl\":\"https:\/\/voyagedelabaleine.fr\/wp-content\/uploads\/2023\/10\/body-bebe-col-texture-gris.jpg\",\"width\":855,\"height\":1140,\"caption\":\"Body b\u00e9b\u00e9 manches longues \u00e0 col rond textur\u00e9 et liser\u00e9 gris\"},{\"@type\":\"BreadcrumbList\",\"@id\":\"https:\/\/voyagedelabaleine.fr\/es\/producto\/body-de-bebe-con-cuello-redondo-texturizado-y-ribete-gris-blanco\/#breadcrumb\",\"itemListElement\":[{\"@type\":\"ListItem\",\"position\":1,\"name\":\"Accueil\",\"item\":\"https:\/\/voyagedelabaleine.fr\/es\/inicio\/\"},{\"@type\":\"ListItem\",\"position\":2,\"name\":\"Tienda\",\"item\":\"https:\/\/voyagedelabaleine.fr\/es\/tienda\/\"},{\"@type\":\"ListItem\",\"position\":3,\"name\":\"Body de beb\u00e9 con cuello redondo texturizado y ribete gris &#8211; Blanco\"}]},{\"@type\":\"WebSite\",\"@id\":\"https:\/\/voyagedelabaleine.fr\/es\/#website\",\"url\":\"https:\/\/voyagedelabaleine.fr\/es\/\",\"name\":\"Voyage de la Baleine\",\"description\":\"V\u00eatements intemporels et raffin\u00e9s pour b\u00e9b\u00e9s et enfants\",\"publisher\":{\"@id\":\"https:\/\/voyagedelabaleine.fr\/es\/#organization\"},\"potentialAction\":[{\"@type\":\"SearchAction\",\"target\":{\"@type\":\"EntryPoint\",\"urlTemplate\":\"https:\/\/voyagedelabaleine.fr\/es\/?s={search_term_string}\"},\"query-input\":{\"@type\":\"PropertyValueSpecification\",\"valueRequired\":true,\"valueName\":\"search_term_string\"}}],\"inLanguage\":\"es\"},{\"@type\":\"Organization\",\"@id\":\"https:\/\/voyagedelabaleine.fr\/es\/#organization\",\"name\":\"Voyage de la Baleine\",\"url\":\"https:\/\/voyagedelabaleine.fr\/es\/\",\"logo\":{\"@type\":\"ImageObject\",\"inLanguage\":\"es\",\"@id\":\"https:\/\/voyagedelabaleine.fr\/es\/#\/schema\/logo\/image\/\",\"url\":\"https:\/\/voyagedelabaleine.fr\/wp-content\/uploads\/2025\/06\/logo.webp\",\"contentUrl\":\"https:\/\/voyagedelabaleine.fr\/wp-content\/uploads\/2025\/06\/logo.webp\",\"width\":153,\"height\":64,\"caption\":\"Voyage de la Baleine\"},\"image\":{\"@id\":\"https:\/\/voyagedelabaleine.fr\/es\/#\/schema\/logo\/image\/\"},\"sameAs\":[\"https:\/\/www.facebook.com\/voyagedelabaleine\/\",\"https:\/\/www.instagram.com\/voyagedelabaleine\/\",\"https:\/\/www.pinterest.fr\/Voyagedelabaleine\/\"]}]}<\/script>\n<!-- \/ Yoast SEO plugin. -->","yoast_head_json":{"title":"Body de beb\u00e9 con cuello redondo texturizado y ribete gris","description":"Un body de beb\u00e9 de manga larga con cuello redondo texturizado, rematado con un bonito ribete gris p\u00e1lido para realzar el lado refinado de este body. Fabricado en Espa\u00f1a.","robots":{"index":"index","follow":"follow","max-snippet":"max-snippet:-1","max-image-preview":"max-image-preview:large","max-video-preview":"max-video-preview:-1"},"canonical":"https:\/\/voyagedelabaleine.fr\/es\/producto\/body-de-bebe-con-cuello-redondo-texturizado-y-ribete-gris-blanco\/","og_locale":"es_ES","og_type":"article","og_title":"Body de beb\u00e9 con cuello redondo texturizado y ribete gris","og_description":"Un body de beb\u00e9 de manga larga con cuello redondo texturizado, rematado con un bonito ribete gris p\u00e1lido para realzar el lado refinado de este body. Fabricado en Espa\u00f1a.","og_url":"https:\/\/voyagedelabaleine.fr\/es\/producto\/body-de-bebe-con-cuello-redondo-texturizado-y-ribete-gris-blanco\/","og_site_name":"Voyage de la Baleine","article_publisher":"https:\/\/www.facebook.com\/voyagedelabaleine\/","og_image":[{"width":855,"height":1140,"url":"https:\/\/voyagedelabaleine.fr\/wp-content\/uploads\/2023\/10\/body-bebe-col-texture-gris.jpg","type":"image\/jpeg"}],"twitter_card":"summary_large_image","twitter_misc":{"Tiempo de lectura":"2 minuto"},"schema":{"@context":"https:\/\/schema.org","@graph":[{"@type":"WebPage","@id":"https:\/\/voyagedelabaleine.fr\/es\/producto\/body-de-bebe-con-cuello-redondo-texturizado-y-ribete-gris-blanco\/","url":"https:\/\/voyagedelabaleine.fr\/es\/producto\/body-de-bebe-con-cuello-redondo-texturizado-y-ribete-gris-blanco\/","name":"Body de beb\u00e9 con cuello redondo texturizado y ribete gris","isPartOf":{"@id":"https:\/\/voyagedelabaleine.fr\/es\/#website"},"primaryImageOfPage":{"@id":"https:\/\/voyagedelabaleine.fr\/es\/producto\/body-de-bebe-con-cuello-redondo-texturizado-y-ribete-gris-blanco\/#primaryimage"},"image":{"@id":"https:\/\/voyagedelabaleine.fr\/es\/producto\/body-de-bebe-con-cuello-redondo-texturizado-y-ribete-gris-blanco\/#primaryimage"},"thumbnailUrl":"https:\/\/voyagedelabaleine.fr\/wp-content\/uploads\/2023\/10\/body-bebe-col-texture-gris.jpg","datePublished":"2023-10-05T20:21:11+00:00","description":"Un body de beb\u00e9 de manga larga con cuello redondo texturizado, rematado con un bonito ribete gris p\u00e1lido para realzar el lado refinado de este body. Fabricado en Espa\u00f1a.","breadcrumb":{"@id":"https:\/\/voyagedelabaleine.fr\/es\/producto\/body-de-bebe-con-cuello-redondo-texturizado-y-ribete-gris-blanco\/#breadcrumb"},"inLanguage":"es","potentialAction":[{"@type":"ReadAction","target":["https:\/\/voyagedelabaleine.fr\/es\/producto\/body-de-bebe-con-cuello-redondo-texturizado-y-ribete-gris-blanco\/"]}]},{"@type":"ImageObject","inLanguage":"es","@id":"https:\/\/voyagedelabaleine.fr\/es\/producto\/body-de-bebe-con-cuello-redondo-texturizado-y-ribete-gris-blanco\/#primaryimage","url":"https:\/\/voyagedelabaleine.fr\/wp-content\/uploads\/2023\/10\/body-bebe-col-texture-gris.jpg","contentUrl":"https:\/\/voyagedelabaleine.fr\/wp-content\/uploads\/2023\/10\/body-bebe-col-texture-gris.jpg","width":855,"height":1140,"caption":"Body b\u00e9b\u00e9 manches longues \u00e0 col rond textur\u00e9 et liser\u00e9 gris"},{"@type":"BreadcrumbList","@id":"https:\/\/voyagedelabaleine.fr\/es\/producto\/body-de-bebe-con-cuello-redondo-texturizado-y-ribete-gris-blanco\/#breadcrumb","itemListElement":[{"@type":"ListItem","position":1,"name":"Accueil","item":"https:\/\/voyagedelabaleine.fr\/es\/inicio\/"},{"@type":"ListItem","position":2,"name":"Tienda","item":"https:\/\/voyagedelabaleine.fr\/es\/tienda\/"},{"@type":"ListItem","position":3,"name":"Body de beb\u00e9 con cuello redondo texturizado y ribete gris &#8211; Blanco"}]},{"@type":"WebSite","@id":"https:\/\/voyagedelabaleine.fr\/es\/#website","url":"https:\/\/voyagedelabaleine.fr\/es\/","name":"Voyage de la Baleine","description":"V\u00eatements intemporels et raffin\u00e9s pour b\u00e9b\u00e9s et enfants","publisher":{"@id":"https:\/\/voyagedelabaleine.fr\/es\/#organization"},"potentialAction":[{"@type":"SearchAction","target":{"@type":"EntryPoint","urlTemplate":"https:\/\/voyagedelabaleine.fr\/es\/?s={search_term_string}"},"query-input":{"@type":"PropertyValueSpecification","valueRequired":true,"valueName":"search_term_string"}}],"inLanguage":"es"},{"@type":"Organization","@id":"https:\/\/voyagedelabaleine.fr\/es\/#organization","name":"Voyage de la Baleine","url":"https:\/\/voyagedelabaleine.fr\/es\/","logo":{"@type":"ImageObject","inLanguage":"es","@id":"https:\/\/voyagedelabaleine.fr\/es\/#\/schema\/logo\/image\/","url":"https:\/\/voyagedelabaleine.fr\/wp-content\/uploads\/2025\/06\/logo.webp","contentUrl":"https:\/\/voyagedelabaleine.fr\/wp-content\/uploads\/2025\/06\/logo.webp","width":153,"height":64,"caption":"Voyage de la Baleine"},"image":{"@id":"https:\/\/voyagedelabaleine.fr\/es\/#\/schema\/logo\/image\/"},"sameAs":["https:\/\/www.facebook.com\/voyagedelabaleine\/","https:\/\/www.instagram.com\/voyagedelabaleine\/","https:\/\/www.pinterest.fr\/Voyagedelabaleine\/"]}]}},"_links":{"self":[{"href":"https:\/\/voyagedelabaleine.fr\/es\/wp-json\/wp\/v2\/product\/33357","targetHints":{"allow":["GET"]}}],"collection":[{"href":"https:\/\/voyagedelabaleine.fr\/es\/wp-json\/wp\/v2\/product"}],"about":[{"href":"https:\/\/voyagedelabaleine.fr\/es\/wp-json\/wp\/v2\/types\/product"}],"replies":[{"embeddable":true,"href":"https:\/\/voyagedelabaleine.fr\/es\/wp-json\/wp\/v2\/comments?post=33357"}],"wp:featuredmedia":[{"embeddable":true,"href":"https:\/\/voyagedelabaleine.fr\/es\/wp-json\/wp\/v2\/media\/16520"}],"wp:attachment":[{"href":"https:\/\/voyagedelabaleine.fr\/es\/wp-json\/wp\/v2\/media?parent=33357"}],"wp:term":[{"taxonomy":"product_brand","embeddable":true,"href":"https:\/\/voyagedelabaleine.fr\/es\/wp-json\/wp\/v2\/product_brand?post=33357"},{"taxonomy":"product_cat","embeddable":true,"href":"https:\/\/voyagedelabaleine.fr\/es\/wp-json\/wp\/v2\/product_cat?post=33357"},{"taxonomy":"product_tag","embeddable":true,"href":"https:\/\/voyagedelabaleine.fr\/es\/wp-json\/wp\/v2\/product_tag?post=33357"}],"curies":[{"name":"wp","href":"https:\/\/api.w.org\/{rel}","templated":true}]}}