{"id":33366,"date":"2023-10-05T23:31:18","date_gmt":"2023-10-05T21:31:18","guid":{"rendered":"https:\/\/voyagedelabaleine.fr\/product\/patucos-altos-suaves-para-bebe-camel\/"},"modified":"2026-01-15T09:10:33","modified_gmt":"2026-01-15T08:10:33","slug":"patucos-altos-suaves-para-bebe-camel","status":"publish","type":"product","link":"https:\/\/voyagedelabaleine.fr\/es\/producto\/patucos-altos-suaves-para-bebe-camel\/","title":{"rendered":"Patucos altos suaves para beb\u00e9 &#8211; Camel"},"content":{"rendered":"<p>Regale a su peque\u00f1o tesoro unos <strong>patucos altos suaves para beb\u00e9<\/strong> con un encanto irresistible con estos adorables modelos camel, perfectos tanto para los primeros pasos como para los momentos de relax. Dise\u00f1ados con materiales delicadamente seleccionados, estos patucos garantizan una comodidad \u00f3ptima a la vez que envuelven los piececitos de <strong>calor<\/strong> y ternura. <\/p>\n<p>Con su <strong>tono camel<\/strong> atemporal, estos patucos aportan un toque de elegancia discreta a cada conjunto. Su corte cl\u00e1sico y depurado se adapta perfectamente a los pies de los m\u00e1s peque\u00f1os, garantizando una sujeci\u00f3n agradable y una libertad de movimiento esencial para los descubrimientos diarios. F\u00e1ciles de poner, se convierten r\u00e1pidamente en un imprescindible para los padres que buscan practicidad y estilo.  <\/p>\n<p>Estos patucos son ideales para acompa\u00f1ar las aventuras de su beb\u00e9, ya sea para un paseo en cochecito, una visita familiar o simplemente para jugar en casa. Su <strong>forro suave y mullido<\/strong> ofrece una sensaci\u00f3n de confort \u00fanica, permitiendo a su hijo disfrutar plenamente de cada momento. El acabado cuidado demuestra una experiencia pensada para el bienestar y el estilo de los m\u00e1s peque\u00f1os.  <\/p>\n<p>Perfectos para <strong>todas las estaciones<\/strong>, estos patucos camel son adecuados tanto para los beb\u00e9s que empiezan a explorar el mundo como para los que les gusta estar bien abrigados. Una excelente idea de regalo, que a\u00fana practicidad y refinamiento, ofreciendo a su peque\u00f1o una experiencia de vestuario tan suave como irresistible. <\/p>\n<p>Elija la sencillez y la elegancia con estos patucos camel cl\u00e1sicos con cordones, dise\u00f1ados para acompa\u00f1ar cada paso de su beb\u00e9 con total comodidad.<\/p>\n<p><em>A\u00f1ada ahora nuestros patucos altos suaves para beb\u00e9 a su cesta y descubra la combinaci\u00f3n perfecta entre estilo atemporal y confort diario.<\/em><\/p>\n<p>Fabricado en Espa\u00f1a.<\/p>\n","protected":false},"excerpt":{"rendered":"<ul>\n<li>Se cierran con cordones<\/li>\n<li>Patucos suaves<\/li>\n<li>Fabricado en Espa\u00f1a<br \/>\n<em>Estas zapatillas tallan normal. Elija la talla habitual.<\/em><\/li>\n<\/ul>\n","protected":false},"featured_media":11377,"comment_status":"open","ping_status":"closed","template":"","meta":{"ocean_post_layout":"","ocean_both_sidebars_style":"","ocean_both_sidebars_content_width":0,"ocean_both_sidebars_sidebars_width":0,"ocean_sidebar":"0","ocean_second_sidebar":"0","ocean_disable_margins":"enable","ocean_add_body_class":"","ocean_shortcode_before_top_bar":"","ocean_shortcode_after_top_bar":"","ocean_shortcode_before_header":"","ocean_shortcode_after_header":"","ocean_has_shortcode":"","ocean_shortcode_after_title":"","ocean_shortcode_before_footer_widgets":"","ocean_shortcode_after_footer_widgets":"","ocean_shortcode_before_footer_bottom":"","ocean_shortcode_after_footer_bottom":"","ocean_display_top_bar":"default","ocean_display_header":"default","ocean_header_style":"","ocean_center_header_left_menu":"0","ocean_custom_header_template":"0","ocean_custom_logo":0,"ocean_custom_retina_logo":0,"ocean_custom_logo_max_width":0,"ocean_custom_logo_tablet_max_width":0,"ocean_custom_logo_mobile_max_width":0,"ocean_custom_logo_max_height":0,"ocean_custom_logo_tablet_max_height":0,"ocean_custom_logo_mobile_max_height":0,"ocean_header_custom_menu":"0","ocean_menu_typo_font_family":"0","ocean_menu_typo_font_subset":"","ocean_menu_typo_font_size":0,"ocean_menu_typo_font_size_tablet":0,"ocean_menu_typo_font_size_mobile":0,"ocean_menu_typo_font_size_unit":"px","ocean_menu_typo_font_weight":"","ocean_menu_typo_font_weight_tablet":"","ocean_menu_typo_font_weight_mobile":"","ocean_menu_typo_transform":"","ocean_menu_typo_transform_tablet":"","ocean_menu_typo_transform_mobile":"","ocean_menu_typo_line_height":0,"ocean_menu_typo_line_height_tablet":0,"ocean_menu_typo_line_height_mobile":0,"ocean_menu_typo_line_height_unit":"","ocean_menu_typo_spacing":0,"ocean_menu_typo_spacing_tablet":0,"ocean_menu_typo_spacing_mobile":0,"ocean_menu_typo_spacing_unit":"","ocean_menu_link_color":"","ocean_menu_link_color_hover":"","ocean_menu_link_color_active":"","ocean_menu_link_background":"","ocean_menu_link_hover_background":"","ocean_menu_link_active_background":"","ocean_menu_social_links_bg":"","ocean_menu_social_hover_links_bg":"","ocean_menu_social_links_color":"","ocean_menu_social_hover_links_color":"","ocean_disable_title":"default","ocean_disable_heading":"default","ocean_post_title":"","ocean_post_subheading":"","ocean_post_title_style":"","ocean_post_title_background_color":"","ocean_post_title_background":0,"ocean_post_title_bg_image_position":"","ocean_post_title_bg_image_attachment":"","ocean_post_title_bg_image_repeat":"","ocean_post_title_bg_image_size":"","ocean_post_title_height":0,"ocean_post_title_bg_overlay":0.5,"ocean_post_title_bg_overlay_color":"","ocean_disable_breadcrumbs":"default","ocean_breadcrumbs_color":"","ocean_breadcrumbs_separator_color":"","ocean_breadcrumbs_links_color":"","ocean_breadcrumbs_links_hover_color":"","ocean_display_footer_widgets":"default","ocean_display_footer_bottom":"default","ocean_custom_footer_template":"0","osh_disable_topbar_sticky":"default","osh_disable_header_sticky":"default","osh_sticky_header_style":"default","osh_sticky_header_effect":"","osh_custom_sticky_logo":0,"osh_custom_retina_sticky_logo":0,"osh_custom_sticky_logo_height":0,"osh_background_color":"","osh_links_color":"","osh_links_hover_color":"","osh_links_active_color":"","osh_links_bg_color":"","osh_links_hover_bg_color":"","osh_links_active_bg_color":"","osh_menu_social_links_color":"","osh_menu_social_hover_links_color":""},"product_brand":[],"product_cat":[6965,6981,7003,6867,6828,6855],"product_tag":[7172],"class_list":{"0":"post-33366","1":"product","2":"type-product","3":"status-publish","4":"has-post-thumbnail","6":"product_cat-zapatitos-nacimiento","7":"product_cat-zapatitos-nacimiento-nina","8":"product_cat-zapatitos-nacimiento-nino","9":"product_cat-zapatitos-bebe","10":"product_cat-zapatitos-bebe-nina","11":"product_cat-zapatitos-bebe-nino","12":"product_tag-zapatillas","14":"entry","15":"has-media","17":"first","18":"instock","19":"taxable","20":"shipping-taxable","21":"purchasable","22":"product-type-variable","23":"has-default-attributes","24":"has-rating","25":"col","26":"span_1_of_3","27":"owp-content-center","28":"owp-thumbs-layout-vertical","29":"owp-btn-big","30":"owp-tabs-layout-vertical","31":"circle-sale"},"yoast_head":"<!-- This site is optimized with the Yoast SEO plugin v27.1.1 - https:\/\/yoast.com\/product\/yoast-seo-wordpress\/ -->\n<title>Patucos altos suaves camel con cordones - Viaje de la Ballena<\/title>\n<meta name=\"description\" content=\"Patucos altos con cordones cl\u00e1sicos camel para beb\u00e9, c\u00f3modos y elegantes, que combinan con toda la ropa de su beb\u00e9. Fabricados en Espa\u00f1a.\" \/>\n<meta name=\"robots\" content=\"index, follow, max-snippet:-1, max-image-preview:large, max-video-preview:-1\" \/>\n<link rel=\"canonical\" href=\"https:\/\/voyagedelabaleine.fr\/es\/producto\/patucos-altos-suaves-para-bebe-camel\/\" \/>\n<meta property=\"og:locale\" content=\"es_ES\" \/>\n<meta property=\"og:type\" content=\"article\" \/>\n<meta property=\"og:title\" content=\"Patucos altos suaves camel con cordones - Viaje de la Ballena\" \/>\n<meta property=\"og:description\" content=\"Patucos altos con cordones cl\u00e1sicos camel para beb\u00e9, c\u00f3modos y elegantes, que combinan con toda la ropa de su beb\u00e9. Fabricados en Espa\u00f1a.\" \/>\n<meta property=\"og:url\" content=\"https:\/\/voyagedelabaleine.fr\/es\/producto\/patucos-altos-suaves-para-bebe-camel\/\" \/>\n<meta property=\"og:site_name\" content=\"Voyage de la Baleine\" \/>\n<meta property=\"article:publisher\" content=\"https:\/\/www.facebook.com\/voyagedelabaleine\/\" \/>\n<meta property=\"article:modified_time\" content=\"2026-01-15T08:10:33+00:00\" \/>\n<meta property=\"og:image\" content=\"https:\/\/voyagedelabaleine.fr\/wp-content\/uploads\/2023\/10\/chaussons-bebe-hauts-doux-camel-1.jpg\" \/>\n\t<meta property=\"og:image:width\" content=\"855\" \/>\n\t<meta property=\"og:image:height\" content=\"1140\" \/>\n\t<meta property=\"og:image:type\" content=\"image\/jpeg\" \/>\n<meta name=\"twitter:card\" content=\"summary_large_image\" \/>\n<meta name=\"twitter:label1\" content=\"Tiempo de lectura\" \/>\n\t<meta name=\"twitter:data1\" content=\"2 minuto\" \/>\n<script type=\"application\/ld+json\" class=\"yoast-schema-graph\">{\"@context\":\"https:\/\/schema.org\",\"@graph\":[{\"@type\":\"WebPage\",\"@id\":\"https:\/\/voyagedelabaleine.fr\/es\/producto\/patucos-altos-suaves-para-bebe-camel\/\",\"url\":\"https:\/\/voyagedelabaleine.fr\/es\/producto\/patucos-altos-suaves-para-bebe-camel\/\",\"name\":\"Patucos altos suaves camel con cordones - Viaje de la Ballena\",\"isPartOf\":{\"@id\":\"https:\/\/voyagedelabaleine.fr\/es\/#website\"},\"primaryImageOfPage\":{\"@id\":\"https:\/\/voyagedelabaleine.fr\/es\/producto\/patucos-altos-suaves-para-bebe-camel\/#primaryimage\"},\"image\":{\"@id\":\"https:\/\/voyagedelabaleine.fr\/es\/producto\/patucos-altos-suaves-para-bebe-camel\/#primaryimage\"},\"thumbnailUrl\":\"https:\/\/voyagedelabaleine.fr\/wp-content\/uploads\/2023\/10\/chaussons-bebe-hauts-doux-camel-1.jpg\",\"datePublished\":\"2023-10-05T21:31:18+00:00\",\"dateModified\":\"2026-01-15T08:10:33+00:00\",\"description\":\"Patucos altos con cordones cl\u00e1sicos camel para beb\u00e9, c\u00f3modos y elegantes, que combinan con toda la ropa de su beb\u00e9. Fabricados en Espa\u00f1a.\",\"breadcrumb\":{\"@id\":\"https:\/\/voyagedelabaleine.fr\/es\/producto\/patucos-altos-suaves-para-bebe-camel\/#breadcrumb\"},\"inLanguage\":\"es\",\"potentialAction\":[{\"@type\":\"ReadAction\",\"target\":[\"https:\/\/voyagedelabaleine.fr\/es\/producto\/patucos-altos-suaves-para-bebe-camel\/\"]}]},{\"@type\":\"ImageObject\",\"inLanguage\":\"es\",\"@id\":\"https:\/\/voyagedelabaleine.fr\/es\/producto\/patucos-altos-suaves-para-bebe-camel\/#primaryimage\",\"url\":\"https:\/\/voyagedelabaleine.fr\/wp-content\/uploads\/2023\/10\/chaussons-bebe-hauts-doux-camel-1.jpg\",\"contentUrl\":\"https:\/\/voyagedelabaleine.fr\/wp-content\/uploads\/2023\/10\/chaussons-bebe-hauts-doux-camel-1.jpg\",\"width\":855,\"height\":1140,\"caption\":\"Chaussons b\u00e9b\u00e9 hauts \u00e0 lacets doux camel\"},{\"@type\":\"BreadcrumbList\",\"@id\":\"https:\/\/voyagedelabaleine.fr\/es\/producto\/patucos-altos-suaves-para-bebe-camel\/#breadcrumb\",\"itemListElement\":[{\"@type\":\"ListItem\",\"position\":1,\"name\":\"Accueil\",\"item\":\"https:\/\/voyagedelabaleine.fr\/es\/inicio\/\"},{\"@type\":\"ListItem\",\"position\":2,\"name\":\"Tienda\",\"item\":\"https:\/\/voyagedelabaleine.fr\/es\/tienda\/\"},{\"@type\":\"ListItem\",\"position\":3,\"name\":\"Patucos altos suaves para beb\u00e9 &#8211; Camel\"}]},{\"@type\":\"WebSite\",\"@id\":\"https:\/\/voyagedelabaleine.fr\/es\/#website\",\"url\":\"https:\/\/voyagedelabaleine.fr\/es\/\",\"name\":\"Voyage de la Baleine\",\"description\":\"V\u00eatements intemporels et raffin\u00e9s pour b\u00e9b\u00e9s et enfants\",\"publisher\":{\"@id\":\"https:\/\/voyagedelabaleine.fr\/es\/#organization\"},\"potentialAction\":[{\"@type\":\"SearchAction\",\"target\":{\"@type\":\"EntryPoint\",\"urlTemplate\":\"https:\/\/voyagedelabaleine.fr\/es\/?s={search_term_string}\"},\"query-input\":{\"@type\":\"PropertyValueSpecification\",\"valueRequired\":true,\"valueName\":\"search_term_string\"}}],\"inLanguage\":\"es\"},{\"@type\":\"Organization\",\"@id\":\"https:\/\/voyagedelabaleine.fr\/es\/#organization\",\"name\":\"Voyage de la Baleine\",\"url\":\"https:\/\/voyagedelabaleine.fr\/es\/\",\"logo\":{\"@type\":\"ImageObject\",\"inLanguage\":\"es\",\"@id\":\"https:\/\/voyagedelabaleine.fr\/es\/#\/schema\/logo\/image\/\",\"url\":\"https:\/\/voyagedelabaleine.fr\/wp-content\/uploads\/2025\/06\/logo.webp\",\"contentUrl\":\"https:\/\/voyagedelabaleine.fr\/wp-content\/uploads\/2025\/06\/logo.webp\",\"width\":153,\"height\":64,\"caption\":\"Voyage de la Baleine\"},\"image\":{\"@id\":\"https:\/\/voyagedelabaleine.fr\/es\/#\/schema\/logo\/image\/\"},\"sameAs\":[\"https:\/\/www.facebook.com\/voyagedelabaleine\/\",\"https:\/\/www.instagram.com\/voyagedelabaleine\/\",\"https:\/\/www.pinterest.fr\/Voyagedelabaleine\/\"]}]}<\/script>\n<!-- \/ Yoast SEO plugin. -->","yoast_head_json":{"title":"Patucos altos suaves camel con cordones - Viaje de la Ballena","description":"Patucos altos con cordones cl\u00e1sicos camel para beb\u00e9, c\u00f3modos y elegantes, que combinan con toda la ropa de su beb\u00e9. Fabricados en Espa\u00f1a.","robots":{"index":"index","follow":"follow","max-snippet":"max-snippet:-1","max-image-preview":"max-image-preview:large","max-video-preview":"max-video-preview:-1"},"canonical":"https:\/\/voyagedelabaleine.fr\/es\/producto\/patucos-altos-suaves-para-bebe-camel\/","og_locale":"es_ES","og_type":"article","og_title":"Patucos altos suaves camel con cordones - Viaje de la Ballena","og_description":"Patucos altos con cordones cl\u00e1sicos camel para beb\u00e9, c\u00f3modos y elegantes, que combinan con toda la ropa de su beb\u00e9. Fabricados en Espa\u00f1a.","og_url":"https:\/\/voyagedelabaleine.fr\/es\/producto\/patucos-altos-suaves-para-bebe-camel\/","og_site_name":"Voyage de la Baleine","article_publisher":"https:\/\/www.facebook.com\/voyagedelabaleine\/","article_modified_time":"2026-01-15T08:10:33+00:00","og_image":[{"width":855,"height":1140,"url":"https:\/\/voyagedelabaleine.fr\/wp-content\/uploads\/2023\/10\/chaussons-bebe-hauts-doux-camel-1.jpg","type":"image\/jpeg"}],"twitter_card":"summary_large_image","twitter_misc":{"Tiempo de lectura":"2 minuto"},"schema":{"@context":"https:\/\/schema.org","@graph":[{"@type":"WebPage","@id":"https:\/\/voyagedelabaleine.fr\/es\/producto\/patucos-altos-suaves-para-bebe-camel\/","url":"https:\/\/voyagedelabaleine.fr\/es\/producto\/patucos-altos-suaves-para-bebe-camel\/","name":"Patucos altos suaves camel con cordones - Viaje de la Ballena","isPartOf":{"@id":"https:\/\/voyagedelabaleine.fr\/es\/#website"},"primaryImageOfPage":{"@id":"https:\/\/voyagedelabaleine.fr\/es\/producto\/patucos-altos-suaves-para-bebe-camel\/#primaryimage"},"image":{"@id":"https:\/\/voyagedelabaleine.fr\/es\/producto\/patucos-altos-suaves-para-bebe-camel\/#primaryimage"},"thumbnailUrl":"https:\/\/voyagedelabaleine.fr\/wp-content\/uploads\/2023\/10\/chaussons-bebe-hauts-doux-camel-1.jpg","datePublished":"2023-10-05T21:31:18+00:00","dateModified":"2026-01-15T08:10:33+00:00","description":"Patucos altos con cordones cl\u00e1sicos camel para beb\u00e9, c\u00f3modos y elegantes, que combinan con toda la ropa de su beb\u00e9. Fabricados en Espa\u00f1a.","breadcrumb":{"@id":"https:\/\/voyagedelabaleine.fr\/es\/producto\/patucos-altos-suaves-para-bebe-camel\/#breadcrumb"},"inLanguage":"es","potentialAction":[{"@type":"ReadAction","target":["https:\/\/voyagedelabaleine.fr\/es\/producto\/patucos-altos-suaves-para-bebe-camel\/"]}]},{"@type":"ImageObject","inLanguage":"es","@id":"https:\/\/voyagedelabaleine.fr\/es\/producto\/patucos-altos-suaves-para-bebe-camel\/#primaryimage","url":"https:\/\/voyagedelabaleine.fr\/wp-content\/uploads\/2023\/10\/chaussons-bebe-hauts-doux-camel-1.jpg","contentUrl":"https:\/\/voyagedelabaleine.fr\/wp-content\/uploads\/2023\/10\/chaussons-bebe-hauts-doux-camel-1.jpg","width":855,"height":1140,"caption":"Chaussons b\u00e9b\u00e9 hauts \u00e0 lacets doux camel"},{"@type":"BreadcrumbList","@id":"https:\/\/voyagedelabaleine.fr\/es\/producto\/patucos-altos-suaves-para-bebe-camel\/#breadcrumb","itemListElement":[{"@type":"ListItem","position":1,"name":"Accueil","item":"https:\/\/voyagedelabaleine.fr\/es\/inicio\/"},{"@type":"ListItem","position":2,"name":"Tienda","item":"https:\/\/voyagedelabaleine.fr\/es\/tienda\/"},{"@type":"ListItem","position":3,"name":"Patucos altos suaves para beb\u00e9 &#8211; Camel"}]},{"@type":"WebSite","@id":"https:\/\/voyagedelabaleine.fr\/es\/#website","url":"https:\/\/voyagedelabaleine.fr\/es\/","name":"Voyage de la Baleine","description":"V\u00eatements intemporels et raffin\u00e9s pour b\u00e9b\u00e9s et enfants","publisher":{"@id":"https:\/\/voyagedelabaleine.fr\/es\/#organization"},"potentialAction":[{"@type":"SearchAction","target":{"@type":"EntryPoint","urlTemplate":"https:\/\/voyagedelabaleine.fr\/es\/?s={search_term_string}"},"query-input":{"@type":"PropertyValueSpecification","valueRequired":true,"valueName":"search_term_string"}}],"inLanguage":"es"},{"@type":"Organization","@id":"https:\/\/voyagedelabaleine.fr\/es\/#organization","name":"Voyage de la Baleine","url":"https:\/\/voyagedelabaleine.fr\/es\/","logo":{"@type":"ImageObject","inLanguage":"es","@id":"https:\/\/voyagedelabaleine.fr\/es\/#\/schema\/logo\/image\/","url":"https:\/\/voyagedelabaleine.fr\/wp-content\/uploads\/2025\/06\/logo.webp","contentUrl":"https:\/\/voyagedelabaleine.fr\/wp-content\/uploads\/2025\/06\/logo.webp","width":153,"height":64,"caption":"Voyage de la Baleine"},"image":{"@id":"https:\/\/voyagedelabaleine.fr\/es\/#\/schema\/logo\/image\/"},"sameAs":["https:\/\/www.facebook.com\/voyagedelabaleine\/","https:\/\/www.instagram.com\/voyagedelabaleine\/","https:\/\/www.pinterest.fr\/Voyagedelabaleine\/"]}]}},"_links":{"self":[{"href":"https:\/\/voyagedelabaleine.fr\/es\/wp-json\/wp\/v2\/product\/33366","targetHints":{"allow":["GET"]}}],"collection":[{"href":"https:\/\/voyagedelabaleine.fr\/es\/wp-json\/wp\/v2\/product"}],"about":[{"href":"https:\/\/voyagedelabaleine.fr\/es\/wp-json\/wp\/v2\/types\/product"}],"replies":[{"embeddable":true,"href":"https:\/\/voyagedelabaleine.fr\/es\/wp-json\/wp\/v2\/comments?post=33366"}],"wp:featuredmedia":[{"embeddable":true,"href":"https:\/\/voyagedelabaleine.fr\/es\/wp-json\/wp\/v2\/media\/11377"}],"wp:attachment":[{"href":"https:\/\/voyagedelabaleine.fr\/es\/wp-json\/wp\/v2\/media?parent=33366"}],"wp:term":[{"taxonomy":"product_brand","embeddable":true,"href":"https:\/\/voyagedelabaleine.fr\/es\/wp-json\/wp\/v2\/product_brand?post=33366"},{"taxonomy":"product_cat","embeddable":true,"href":"https:\/\/voyagedelabaleine.fr\/es\/wp-json\/wp\/v2\/product_cat?post=33366"},{"taxonomy":"product_tag","embeddable":true,"href":"https:\/\/voyagedelabaleine.fr\/es\/wp-json\/wp\/v2\/product_tag?post=33366"}],"curies":[{"name":"wp","href":"https:\/\/api.w.org\/{rel}","templated":true}]}}