{"id":33456,"date":"2023-10-06T10:44:42","date_gmt":"2023-10-06T08:44:42","guid":{"rendered":"https:\/\/voyagedelabaleine.fr\/product\/calcetines-cortos-de-bebe-de-canale-gris\/"},"modified":"2023-10-06T10:44:42","modified_gmt":"2023-10-06T08:44:42","slug":"calcetines-cortos-de-bebe-de-canale-gris","status":"publish","type":"product","link":"https:\/\/voyagedelabaleine.fr\/es\/producto\/calcetines-cortos-de-bebe-de-canale-gris\/","title":{"rendered":"Calcetines cortos de beb\u00e9 de canal\u00e9 &#8211; Gris"},"content":{"rendered":"<div class=\"product-information tvproduct-special-desc\">\n<div class=\"product-actions hiddenForm360\">\n<div class=\"product-additional-info\">\n<div class=\"logomanusupp\">\n<div class=\"hookTopMove\">\n<div class=\"product-information tvproduct-special-desc\">\n<div class=\"product-actions hiddenForm360\">\n<div class=\"product-additional-info\">\n<div class=\"logomanusupp\">\n<div class=\"hookTopMove\">\n<div class=\"product-information tvproduct-special-desc\">\n<div class=\"product-actions hiddenForm360\">\n<div class=\"product-additional-info\">\n<div class=\"logomanusupp\">\n<div class=\"hookTopMove\">\n<div class=\"product-information tvproduct-special-desc\">\n<div class=\"product-actions hiddenForm360\">\n<div class=\"product-additional-info\">\n<div class=\"logomanusupp\">\n<div class=\"product-information tvproduct-special-desc\">\n<div class=\"product-actions hiddenForm360\">\n<div class=\"product-additional-info\">\n<div class=\"logomanusupp\">\n<div class=\"hookTopMove\">\n<p>Adopte la elegancia informal con estos <strong>calcetines cortos de canal\u00e9 grises<\/strong>, que crean una armon\u00eda perfecta entre el estilo moderno y la comodidad \u00f3ptima para los m\u00e1s peque\u00f1os. Estos <strong>calcetines grises<\/strong> ofrecen una alternativa elegante a los <strong>colores cl\u00e1sicos<\/strong>, a\u00f1adiendo un toque de sofisticaci\u00f3n al guardarropa de su hijo. Fabricados con costuras delicadas y materiales de <strong>calidad superior<\/strong>, estos calcetines garantizan un ajuste seguro y una durabilidad excepcional.  <\/p>\n<p>Ya sea para un d\u00eda en la guarder\u00eda, un paseo por el parque o una ocasi\u00f3n especial, estos <strong>calcetines grises<\/strong> son la elecci\u00f3n ideal. Ofreciendo una versatilidad inigualable, se adaptan a todas las situaciones, ofreciendo a sus peque\u00f1os aventureros un estilo sin esfuerzo en cada paso. <\/p>\n<p>Fabricadas en Espa\u00f1a.<\/p>\n<\/div>\n<\/div>\n<\/div>\n<\/div>\n<\/div>\n<\/div>\n<\/div>\n<\/div>\n<\/div>\n<\/div>\n<\/div>\n<\/div>\n<\/div>\n<\/div>\n<\/div>\n<\/div>\n<\/div>\n<\/div>\n<\/div>\n<\/div>\n<\/div>\n<\/div>\n<\/div>\n<\/div>\n","protected":false},"excerpt":{"rendered":"<ul>\n<li>Calcetines cortos acanalados<\/li>\n<li>Algod\u00f3n Oexo-Tex Standard 100<\/li>\n<li>Fabricadas en Espa\u00f1a<\/li>\n<\/ul>\n","protected":false},"featured_media":11316,"comment_status":"open","ping_status":"closed","template":"","meta":{"ocean_post_layout":"","ocean_both_sidebars_style":"","ocean_both_sidebars_content_width":0,"ocean_both_sidebars_sidebars_width":0,"ocean_sidebar":"0","ocean_second_sidebar":"0","ocean_disable_margins":"enable","ocean_add_body_class":"","ocean_shortcode_before_top_bar":"","ocean_shortcode_after_top_bar":"","ocean_shortcode_before_header":"","ocean_shortcode_after_header":"","ocean_has_shortcode":"","ocean_shortcode_after_title":"","ocean_shortcode_before_footer_widgets":"","ocean_shortcode_after_footer_widgets":"","ocean_shortcode_before_footer_bottom":"","ocean_shortcode_after_footer_bottom":"","ocean_display_top_bar":"default","ocean_display_header":"default","ocean_header_style":"","ocean_center_header_left_menu":"0","ocean_custom_header_template":"0","ocean_custom_logo":0,"ocean_custom_retina_logo":0,"ocean_custom_logo_max_width":0,"ocean_custom_logo_tablet_max_width":0,"ocean_custom_logo_mobile_max_width":0,"ocean_custom_logo_max_height":0,"ocean_custom_logo_tablet_max_height":0,"ocean_custom_logo_mobile_max_height":0,"ocean_header_custom_menu":"0","ocean_menu_typo_font_family":"0","ocean_menu_typo_font_subset":"","ocean_menu_typo_font_size":0,"ocean_menu_typo_font_size_tablet":0,"ocean_menu_typo_font_size_mobile":0,"ocean_menu_typo_font_size_unit":"px","ocean_menu_typo_font_weight":"","ocean_menu_typo_font_weight_tablet":"","ocean_menu_typo_font_weight_mobile":"","ocean_menu_typo_transform":"","ocean_menu_typo_transform_tablet":"","ocean_menu_typo_transform_mobile":"","ocean_menu_typo_line_height":0,"ocean_menu_typo_line_height_tablet":0,"ocean_menu_typo_line_height_mobile":0,"ocean_menu_typo_line_height_unit":"","ocean_menu_typo_spacing":0,"ocean_menu_typo_spacing_tablet":0,"ocean_menu_typo_spacing_mobile":0,"ocean_menu_typo_spacing_unit":"","ocean_menu_link_color":"","ocean_menu_link_color_hover":"","ocean_menu_link_color_active":"","ocean_menu_link_background":"","ocean_menu_link_hover_background":"","ocean_menu_link_active_background":"","ocean_menu_social_links_bg":"","ocean_menu_social_hover_links_bg":"","ocean_menu_social_links_color":"","ocean_menu_social_hover_links_color":"","ocean_disable_title":"default","ocean_disable_heading":"default","ocean_post_title":"","ocean_post_subheading":"","ocean_post_title_style":"","ocean_post_title_background_color":"","ocean_post_title_background":0,"ocean_post_title_bg_image_position":"","ocean_post_title_bg_image_attachment":"","ocean_post_title_bg_image_repeat":"","ocean_post_title_bg_image_size":"","ocean_post_title_height":0,"ocean_post_title_bg_overlay":0.5,"ocean_post_title_bg_overlay_color":"","ocean_disable_breadcrumbs":"default","ocean_breadcrumbs_color":"","ocean_breadcrumbs_separator_color":"","ocean_breadcrumbs_links_color":"","ocean_breadcrumbs_links_hover_color":"","ocean_display_footer_widgets":"default","ocean_display_footer_bottom":"default","ocean_custom_footer_template":"0","osh_disable_topbar_sticky":"default","osh_disable_header_sticky":"default","osh_sticky_header_style":"default","osh_sticky_header_effect":"","osh_custom_sticky_logo":0,"osh_custom_retina_sticky_logo":0,"osh_custom_sticky_logo_height":0,"osh_background_color":"","osh_links_color":"","osh_links_hover_color":"","osh_links_active_color":"","osh_links_bg_color":"","osh_links_hover_bg_color":"","osh_links_active_bg_color":"","osh_menu_social_links_color":"","osh_menu_social_hover_links_color":""},"product_brand":[],"product_cat":[6963,6979,7001,6827,6853,6889,6903,6919,6895],"product_tag":[7159],"class_list":{"0":"post-33456","1":"product","2":"type-product","3":"status-publish","4":"has-post-thumbnail","6":"product_cat-calcetines-leotardos-nacimiento","7":"product_cat-calcetines-leotardos-nacimiento-nina","8":"product_cat-calcetines-leotardos-nacimiento-nino","9":"product_cat-calcetines-leotardos-bebe-nina","10":"product_cat-calcetines-leotardos-bebe-nino","11":"product_cat-calcetines-leotardos-bebes-ninos","12":"product_cat-calcetines-leotardos-nina","13":"product_cat-calcetines-leotardos-nino","14":"product_cat-calcetines-leotardos-ninos","15":"product_tag-calcetines","17":"entry","18":"has-media","20":"first","21":"instock","22":"taxable","23":"shipping-taxable","24":"purchasable","25":"product-type-variable","26":"has-default-attributes","27":"col","28":"span_1_of_3","29":"owp-content-center","30":"owp-thumbs-layout-vertical","31":"owp-btn-big","32":"owp-tabs-layout-vertical","33":"circle-sale"},"yoast_head":"<!-- This site is optimized with the Yoast SEO plugin v27.1.1 - https:\/\/yoast.com\/product\/yoast-seo-wordpress\/ -->\n<title>Calcetines cortos de beb\u00e9 de canal\u00e9 grises - Viaje de la Ballena<\/title>\n<meta name=\"description\" content=\"Calcetines cortos de beb\u00e9 de canal\u00e9 grises. Fabricados en Espa\u00f1a.\" \/>\n<meta name=\"robots\" content=\"index, follow, max-snippet:-1, max-image-preview:large, max-video-preview:-1\" \/>\n<link rel=\"canonical\" href=\"https:\/\/voyagedelabaleine.fr\/es\/producto\/calcetines-cortos-de-bebe-de-canale-gris\/\" \/>\n<meta property=\"og:locale\" content=\"es_ES\" \/>\n<meta property=\"og:type\" content=\"article\" \/>\n<meta property=\"og:title\" content=\"Calcetines cortos de beb\u00e9 de canal\u00e9 grises - Viaje de la Ballena\" \/>\n<meta property=\"og:description\" content=\"Calcetines cortos de beb\u00e9 de canal\u00e9 grises. Fabricados en Espa\u00f1a.\" \/>\n<meta property=\"og:url\" content=\"https:\/\/voyagedelabaleine.fr\/es\/producto\/calcetines-cortos-de-bebe-de-canale-gris\/\" \/>\n<meta property=\"og:site_name\" content=\"Voyage de la Baleine\" \/>\n<meta property=\"article:publisher\" content=\"https:\/\/www.facebook.com\/voyagedelabaleine\/\" \/>\n<meta property=\"og:image\" content=\"https:\/\/voyagedelabaleine.fr\/wp-content\/uploads\/2023\/10\/chaussettes-bebe-cotelees-grises-1.jpg\" \/>\n\t<meta property=\"og:image:width\" content=\"877\" \/>\n\t<meta property=\"og:image:height\" content=\"1170\" \/>\n\t<meta property=\"og:image:type\" content=\"image\/jpeg\" \/>\n<meta name=\"twitter:card\" content=\"summary_large_image\" \/>\n<meta name=\"twitter:label1\" content=\"Tiempo de lectura\" \/>\n\t<meta name=\"twitter:data1\" content=\"1 minuto\" \/>\n<script type=\"application\/ld+json\" class=\"yoast-schema-graph\">{\"@context\":\"https:\/\/schema.org\",\"@graph\":[{\"@type\":\"WebPage\",\"@id\":\"https:\/\/voyagedelabaleine.fr\/es\/producto\/calcetines-cortos-de-bebe-de-canale-gris\/\",\"url\":\"https:\/\/voyagedelabaleine.fr\/es\/producto\/calcetines-cortos-de-bebe-de-canale-gris\/\",\"name\":\"Calcetines cortos de beb\u00e9 de canal\u00e9 grises - Viaje de la Ballena\",\"isPartOf\":{\"@id\":\"https:\/\/voyagedelabaleine.fr\/es\/#website\"},\"primaryImageOfPage\":{\"@id\":\"https:\/\/voyagedelabaleine.fr\/es\/producto\/calcetines-cortos-de-bebe-de-canale-gris\/#primaryimage\"},\"image\":{\"@id\":\"https:\/\/voyagedelabaleine.fr\/es\/producto\/calcetines-cortos-de-bebe-de-canale-gris\/#primaryimage\"},\"thumbnailUrl\":\"https:\/\/voyagedelabaleine.fr\/wp-content\/uploads\/2023\/10\/chaussettes-bebe-cotelees-grises-1.jpg\",\"datePublished\":\"2023-10-06T08:44:42+00:00\",\"description\":\"Calcetines cortos de beb\u00e9 de canal\u00e9 grises. Fabricados en Espa\u00f1a.\",\"breadcrumb\":{\"@id\":\"https:\/\/voyagedelabaleine.fr\/es\/producto\/calcetines-cortos-de-bebe-de-canale-gris\/#breadcrumb\"},\"inLanguage\":\"es\",\"potentialAction\":[{\"@type\":\"ReadAction\",\"target\":[\"https:\/\/voyagedelabaleine.fr\/es\/producto\/calcetines-cortos-de-bebe-de-canale-gris\/\"]}]},{\"@type\":\"ImageObject\",\"inLanguage\":\"es\",\"@id\":\"https:\/\/voyagedelabaleine.fr\/es\/producto\/calcetines-cortos-de-bebe-de-canale-gris\/#primaryimage\",\"url\":\"https:\/\/voyagedelabaleine.fr\/wp-content\/uploads\/2023\/10\/chaussettes-bebe-cotelees-grises-1.jpg\",\"contentUrl\":\"https:\/\/voyagedelabaleine.fr\/wp-content\/uploads\/2023\/10\/chaussettes-bebe-cotelees-grises-1.jpg\",\"width\":877,\"height\":1170,\"caption\":\"Chaussettes b\u00e9b\u00e9 c\u00f4tel\u00e9es grises\"},{\"@type\":\"BreadcrumbList\",\"@id\":\"https:\/\/voyagedelabaleine.fr\/es\/producto\/calcetines-cortos-de-bebe-de-canale-gris\/#breadcrumb\",\"itemListElement\":[{\"@type\":\"ListItem\",\"position\":1,\"name\":\"Accueil\",\"item\":\"https:\/\/voyagedelabaleine.fr\/es\/inicio\/\"},{\"@type\":\"ListItem\",\"position\":2,\"name\":\"Tienda\",\"item\":\"https:\/\/voyagedelabaleine.fr\/es\/tienda\/\"},{\"@type\":\"ListItem\",\"position\":3,\"name\":\"Calcetines cortos de beb\u00e9 de canal\u00e9 &#8211; Gris\"}]},{\"@type\":\"WebSite\",\"@id\":\"https:\/\/voyagedelabaleine.fr\/es\/#website\",\"url\":\"https:\/\/voyagedelabaleine.fr\/es\/\",\"name\":\"Voyage de la Baleine\",\"description\":\"V\u00eatements intemporels et raffin\u00e9s pour b\u00e9b\u00e9s et enfants\",\"publisher\":{\"@id\":\"https:\/\/voyagedelabaleine.fr\/es\/#organization\"},\"potentialAction\":[{\"@type\":\"SearchAction\",\"target\":{\"@type\":\"EntryPoint\",\"urlTemplate\":\"https:\/\/voyagedelabaleine.fr\/es\/?s={search_term_string}\"},\"query-input\":{\"@type\":\"PropertyValueSpecification\",\"valueRequired\":true,\"valueName\":\"search_term_string\"}}],\"inLanguage\":\"es\"},{\"@type\":\"Organization\",\"@id\":\"https:\/\/voyagedelabaleine.fr\/es\/#organization\",\"name\":\"Voyage de la Baleine\",\"url\":\"https:\/\/voyagedelabaleine.fr\/es\/\",\"logo\":{\"@type\":\"ImageObject\",\"inLanguage\":\"es\",\"@id\":\"https:\/\/voyagedelabaleine.fr\/es\/#\/schema\/logo\/image\/\",\"url\":\"https:\/\/voyagedelabaleine.fr\/wp-content\/uploads\/2025\/06\/logo.webp\",\"contentUrl\":\"https:\/\/voyagedelabaleine.fr\/wp-content\/uploads\/2025\/06\/logo.webp\",\"width\":153,\"height\":64,\"caption\":\"Voyage de la Baleine\"},\"image\":{\"@id\":\"https:\/\/voyagedelabaleine.fr\/es\/#\/schema\/logo\/image\/\"},\"sameAs\":[\"https:\/\/www.facebook.com\/voyagedelabaleine\/\",\"https:\/\/www.instagram.com\/voyagedelabaleine\/\",\"https:\/\/www.pinterest.fr\/Voyagedelabaleine\/\"]}]}<\/script>\n<!-- \/ Yoast SEO plugin. -->","yoast_head_json":{"title":"Calcetines cortos de beb\u00e9 de canal\u00e9 grises - Viaje de la Ballena","description":"Calcetines cortos de beb\u00e9 de canal\u00e9 grises. Fabricados en Espa\u00f1a.","robots":{"index":"index","follow":"follow","max-snippet":"max-snippet:-1","max-image-preview":"max-image-preview:large","max-video-preview":"max-video-preview:-1"},"canonical":"https:\/\/voyagedelabaleine.fr\/es\/producto\/calcetines-cortos-de-bebe-de-canale-gris\/","og_locale":"es_ES","og_type":"article","og_title":"Calcetines cortos de beb\u00e9 de canal\u00e9 grises - Viaje de la Ballena","og_description":"Calcetines cortos de beb\u00e9 de canal\u00e9 grises. Fabricados en Espa\u00f1a.","og_url":"https:\/\/voyagedelabaleine.fr\/es\/producto\/calcetines-cortos-de-bebe-de-canale-gris\/","og_site_name":"Voyage de la Baleine","article_publisher":"https:\/\/www.facebook.com\/voyagedelabaleine\/","og_image":[{"width":877,"height":1170,"url":"https:\/\/voyagedelabaleine.fr\/wp-content\/uploads\/2023\/10\/chaussettes-bebe-cotelees-grises-1.jpg","type":"image\/jpeg"}],"twitter_card":"summary_large_image","twitter_misc":{"Tiempo de lectura":"1 minuto"},"schema":{"@context":"https:\/\/schema.org","@graph":[{"@type":"WebPage","@id":"https:\/\/voyagedelabaleine.fr\/es\/producto\/calcetines-cortos-de-bebe-de-canale-gris\/","url":"https:\/\/voyagedelabaleine.fr\/es\/producto\/calcetines-cortos-de-bebe-de-canale-gris\/","name":"Calcetines cortos de beb\u00e9 de canal\u00e9 grises - Viaje de la Ballena","isPartOf":{"@id":"https:\/\/voyagedelabaleine.fr\/es\/#website"},"primaryImageOfPage":{"@id":"https:\/\/voyagedelabaleine.fr\/es\/producto\/calcetines-cortos-de-bebe-de-canale-gris\/#primaryimage"},"image":{"@id":"https:\/\/voyagedelabaleine.fr\/es\/producto\/calcetines-cortos-de-bebe-de-canale-gris\/#primaryimage"},"thumbnailUrl":"https:\/\/voyagedelabaleine.fr\/wp-content\/uploads\/2023\/10\/chaussettes-bebe-cotelees-grises-1.jpg","datePublished":"2023-10-06T08:44:42+00:00","description":"Calcetines cortos de beb\u00e9 de canal\u00e9 grises. Fabricados en Espa\u00f1a.","breadcrumb":{"@id":"https:\/\/voyagedelabaleine.fr\/es\/producto\/calcetines-cortos-de-bebe-de-canale-gris\/#breadcrumb"},"inLanguage":"es","potentialAction":[{"@type":"ReadAction","target":["https:\/\/voyagedelabaleine.fr\/es\/producto\/calcetines-cortos-de-bebe-de-canale-gris\/"]}]},{"@type":"ImageObject","inLanguage":"es","@id":"https:\/\/voyagedelabaleine.fr\/es\/producto\/calcetines-cortos-de-bebe-de-canale-gris\/#primaryimage","url":"https:\/\/voyagedelabaleine.fr\/wp-content\/uploads\/2023\/10\/chaussettes-bebe-cotelees-grises-1.jpg","contentUrl":"https:\/\/voyagedelabaleine.fr\/wp-content\/uploads\/2023\/10\/chaussettes-bebe-cotelees-grises-1.jpg","width":877,"height":1170,"caption":"Chaussettes b\u00e9b\u00e9 c\u00f4tel\u00e9es grises"},{"@type":"BreadcrumbList","@id":"https:\/\/voyagedelabaleine.fr\/es\/producto\/calcetines-cortos-de-bebe-de-canale-gris\/#breadcrumb","itemListElement":[{"@type":"ListItem","position":1,"name":"Accueil","item":"https:\/\/voyagedelabaleine.fr\/es\/inicio\/"},{"@type":"ListItem","position":2,"name":"Tienda","item":"https:\/\/voyagedelabaleine.fr\/es\/tienda\/"},{"@type":"ListItem","position":3,"name":"Calcetines cortos de beb\u00e9 de canal\u00e9 &#8211; Gris"}]},{"@type":"WebSite","@id":"https:\/\/voyagedelabaleine.fr\/es\/#website","url":"https:\/\/voyagedelabaleine.fr\/es\/","name":"Voyage de la Baleine","description":"V\u00eatements intemporels et raffin\u00e9s pour b\u00e9b\u00e9s et enfants","publisher":{"@id":"https:\/\/voyagedelabaleine.fr\/es\/#organization"},"potentialAction":[{"@type":"SearchAction","target":{"@type":"EntryPoint","urlTemplate":"https:\/\/voyagedelabaleine.fr\/es\/?s={search_term_string}"},"query-input":{"@type":"PropertyValueSpecification","valueRequired":true,"valueName":"search_term_string"}}],"inLanguage":"es"},{"@type":"Organization","@id":"https:\/\/voyagedelabaleine.fr\/es\/#organization","name":"Voyage de la Baleine","url":"https:\/\/voyagedelabaleine.fr\/es\/","logo":{"@type":"ImageObject","inLanguage":"es","@id":"https:\/\/voyagedelabaleine.fr\/es\/#\/schema\/logo\/image\/","url":"https:\/\/voyagedelabaleine.fr\/wp-content\/uploads\/2025\/06\/logo.webp","contentUrl":"https:\/\/voyagedelabaleine.fr\/wp-content\/uploads\/2025\/06\/logo.webp","width":153,"height":64,"caption":"Voyage de la Baleine"},"image":{"@id":"https:\/\/voyagedelabaleine.fr\/es\/#\/schema\/logo\/image\/"},"sameAs":["https:\/\/www.facebook.com\/voyagedelabaleine\/","https:\/\/www.instagram.com\/voyagedelabaleine\/","https:\/\/www.pinterest.fr\/Voyagedelabaleine\/"]}]}},"_links":{"self":[{"href":"https:\/\/voyagedelabaleine.fr\/es\/wp-json\/wp\/v2\/product\/33456","targetHints":{"allow":["GET"]}}],"collection":[{"href":"https:\/\/voyagedelabaleine.fr\/es\/wp-json\/wp\/v2\/product"}],"about":[{"href":"https:\/\/voyagedelabaleine.fr\/es\/wp-json\/wp\/v2\/types\/product"}],"replies":[{"embeddable":true,"href":"https:\/\/voyagedelabaleine.fr\/es\/wp-json\/wp\/v2\/comments?post=33456"}],"wp:featuredmedia":[{"embeddable":true,"href":"https:\/\/voyagedelabaleine.fr\/es\/wp-json\/wp\/v2\/media\/11316"}],"wp:attachment":[{"href":"https:\/\/voyagedelabaleine.fr\/es\/wp-json\/wp\/v2\/media?parent=33456"}],"wp:term":[{"taxonomy":"product_brand","embeddable":true,"href":"https:\/\/voyagedelabaleine.fr\/es\/wp-json\/wp\/v2\/product_brand?post=33456"},{"taxonomy":"product_cat","embeddable":true,"href":"https:\/\/voyagedelabaleine.fr\/es\/wp-json\/wp\/v2\/product_cat?post=33456"},{"taxonomy":"product_tag","embeddable":true,"href":"https:\/\/voyagedelabaleine.fr\/es\/wp-json\/wp\/v2\/product_tag?post=33456"}],"curies":[{"name":"wp","href":"https:\/\/api.w.org\/{rel}","templated":true}]}}