{"id":33570,"date":"2024-02-18T20:30:36","date_gmt":"2024-02-18T19:30:36","guid":{"rendered":"https:\/\/voyagedelabaleine.fr\/product\/banador-bloomer-de-rayas-azul-blanco\/"},"modified":"2026-01-15T09:11:05","modified_gmt":"2026-01-15T08:11:05","slug":"banador-bloomer-de-rayas-azul-blanco","status":"publish","type":"product","link":"https:\/\/voyagedelabaleine.fr\/es\/producto\/banador-bloomer-de-rayas-azul-blanco\/","title":{"rendered":"Ba\u00f1ador bloomer de rayas &#8211; Azul\/blanco"},"content":{"rendered":"<p>Ilumine los d\u00edas de verano de sus peque\u00f1os aventureros con este <strong>ba\u00f1ador bloomer de rayas azul cielo y blanco<\/strong>, dise\u00f1ado para ni\u00f1as y ni\u00f1os. Con su estilo marinero cl\u00e1sico y sus detalles adorables, este ba\u00f1ador combina a la perfecci\u00f3n <strong>elegancia y confort<\/strong>. Las rayas azules y blancas, atemporales y refrescantes, se combinan con motivos alegres de faros para crear una prenda tan l\u00fadica como elegante, perfecta para los juegos bajo el sol.  <\/p>\n<p>Fabricado con esmero en Espa\u00f1a, este <strong>ba\u00f1ador infantil<\/strong> se distingue por su calidad excepcional y su dise\u00f1o minucioso. El tejido resistente garantiza una libertad de movimiento \u00f3ptima, permitiendo a su hijo jugar y nadar con total serenidad. Dise\u00f1ado para resistir al agua salada y clorada, permanece impecable incluso despu\u00e9s de muchos ba\u00f1os, ofreciendo una durabilidad ideal para las aventuras veraniegas.  <\/p>\n<p>El dise\u00f1o bloomer aporta un toque retro y encantador, a la vez que asegura una <strong>sujeci\u00f3n perfecta<\/strong> para un confort inigualable. Este ba\u00f1ador es el aliado ideal para los d\u00edas de playa, las tardes en la piscina o las escapadas a la orilla de un lago. Los detalles fantasiosos, como los <strong>motivos de faros<\/strong> y los colores vivos, a\u00f1aden una nota distintiva que refleja la despreocupaci\u00f3n y la alegr\u00eda de la infancia.  <\/p>\n<p>A\u00f1ada este <strong>ba\u00f1ador bloomer de rayas<\/strong> al vestuario de su peque\u00f1o explorador para un look veraniego a la vez moderno y pr\u00e1ctico. Haga su pedido hoy mismo para ofrecer a su hijo una prenda que a\u00fana estilo, calidad y confort. Este ba\u00f1ador se convertir\u00e1 r\u00e1pidamente en un imprescindible para unos recuerdos memorables bajo el sol.  <\/p>\n<p><em>Tambi\u00e9n existe en su versi\u00f3n <a href=\"https:\/\/voyagedelabaleine.fr\/es\/product\/banador-de-rayas-para-nino-azul-blanco\/\">Ba\u00f1ador de ni\u00f1o<\/a>.<\/em><\/p>\n<p>Fabricado en Espa\u00f1a.<\/p>\n","protected":false},"excerpt":{"rendered":"<ul>\n<li>Bloomer de ba\u00f1o<\/li>\n<li>Cintura y muslos el\u00e1sticos<\/li>\n<li>Motivos de faros<\/li>\n<li>Fabricado en Espa\u00f1a<br \/>\n<em>Este bloomer de ba\u00f1o talla ligeramente peque\u00f1o. Si duda entre dos tallas, elija la talla superior.<\/em><\/li>\n<\/ul>\n","protected":false},"featured_media":11429,"comment_status":"open","ping_status":"closed","template":"","meta":{"ocean_post_layout":"","ocean_both_sidebars_style":"","ocean_both_sidebars_content_width":0,"ocean_both_sidebars_sidebars_width":0,"ocean_sidebar":"0","ocean_second_sidebar":"0","ocean_disable_margins":"enable","ocean_add_body_class":"","ocean_shortcode_before_top_bar":"","ocean_shortcode_after_top_bar":"","ocean_shortcode_before_header":"","ocean_shortcode_after_header":"","ocean_has_shortcode":"","ocean_shortcode_after_title":"","ocean_shortcode_before_footer_widgets":"","ocean_shortcode_after_footer_widgets":"","ocean_shortcode_before_footer_bottom":"","ocean_shortcode_after_footer_bottom":"","ocean_display_top_bar":"default","ocean_display_header":"default","ocean_header_style":"","ocean_center_header_left_menu":"0","ocean_custom_header_template":"0","ocean_custom_logo":0,"ocean_custom_retina_logo":0,"ocean_custom_logo_max_width":0,"ocean_custom_logo_tablet_max_width":0,"ocean_custom_logo_mobile_max_width":0,"ocean_custom_logo_max_height":0,"ocean_custom_logo_tablet_max_height":0,"ocean_custom_logo_mobile_max_height":0,"ocean_header_custom_menu":"0","ocean_menu_typo_font_family":"0","ocean_menu_typo_font_subset":"","ocean_menu_typo_font_size":0,"ocean_menu_typo_font_size_tablet":0,"ocean_menu_typo_font_size_mobile":0,"ocean_menu_typo_font_size_unit":"px","ocean_menu_typo_font_weight":"","ocean_menu_typo_font_weight_tablet":"","ocean_menu_typo_font_weight_mobile":"","ocean_menu_typo_transform":"","ocean_menu_typo_transform_tablet":"","ocean_menu_typo_transform_mobile":"","ocean_menu_typo_line_height":0,"ocean_menu_typo_line_height_tablet":0,"ocean_menu_typo_line_height_mobile":0,"ocean_menu_typo_line_height_unit":"","ocean_menu_typo_spacing":0,"ocean_menu_typo_spacing_tablet":0,"ocean_menu_typo_spacing_mobile":0,"ocean_menu_typo_spacing_unit":"","ocean_menu_link_color":"","ocean_menu_link_color_hover":"","ocean_menu_link_color_active":"","ocean_menu_link_background":"","ocean_menu_link_hover_background":"","ocean_menu_link_active_background":"","ocean_menu_social_links_bg":"","ocean_menu_social_hover_links_bg":"","ocean_menu_social_links_color":"","ocean_menu_social_hover_links_color":"","ocean_disable_title":"default","ocean_disable_heading":"default","ocean_post_title":"","ocean_post_subheading":"","ocean_post_title_style":"","ocean_post_title_background_color":"","ocean_post_title_background":0,"ocean_post_title_bg_image_position":"","ocean_post_title_bg_image_attachment":"","ocean_post_title_bg_image_repeat":"","ocean_post_title_bg_image_size":"","ocean_post_title_height":0,"ocean_post_title_bg_overlay":0.5,"ocean_post_title_bg_overlay_color":"","ocean_disable_breadcrumbs":"default","ocean_breadcrumbs_color":"","ocean_breadcrumbs_separator_color":"","ocean_breadcrumbs_links_color":"","ocean_breadcrumbs_links_hover_color":"","ocean_display_footer_widgets":"default","ocean_display_footer_bottom":"default","ocean_custom_footer_template":"0","osh_disable_topbar_sticky":"default","osh_disable_header_sticky":"default","osh_sticky_header_style":"default","osh_sticky_header_effect":"","osh_custom_sticky_logo":0,"osh_custom_retina_sticky_logo":0,"osh_custom_sticky_logo_height":0,"osh_background_color":"","osh_links_color":"","osh_links_hover_color":"","osh_links_active_color":"","osh_links_bg_color":"","osh_links_hover_bg_color":"","osh_links_active_bg_color":"","osh_menu_social_links_color":"","osh_menu_social_hover_links_color":""},"product_brand":[],"product_cat":[6881,6833,6859,7031,6955],"product_tag":[],"class_list":{"0":"post-33570","1":"product","2":"type-product","3":"status-publish","4":"has-post-thumbnail","6":"product_cat-banador-bebe","7":"product_cat-banador-bebe-nina","8":"product_cat-banador-bebe-nino","9":"product_cat-ropa","10":"product_cat-ultima-oportunidad","12":"entry","13":"has-media","15":"first","16":"instock","17":"taxable","18":"shipping-taxable","19":"purchasable","20":"product-type-variable","21":"has-default-attributes","22":"has-rating","23":"col","24":"span_1_of_3","25":"owp-content-center","26":"owp-thumbs-layout-vertical","27":"owp-btn-big","28":"owp-tabs-layout-vertical","29":"circle-sale"},"yoast_head":"<!-- This site is optimized with the Yoast SEO plugin v27.1.1 - https:\/\/yoast.com\/product\/yoast-seo-wordpress\/ -->\n<title>Ba\u00f1ador bloomer de rayas azul cielo - Viaje de la Ballena<\/title>\n<meta name=\"description\" content=\"Un irresistible ba\u00f1ador bloomer de rayas mixto con motivos de faro. Para un look veraniego elegante y divertido. Fabricado en Espa\u00f1a.\" \/>\n<meta name=\"robots\" content=\"index, follow, max-snippet:-1, max-image-preview:large, max-video-preview:-1\" \/>\n<link rel=\"canonical\" href=\"https:\/\/voyagedelabaleine.fr\/es\/producto\/banador-bloomer-de-rayas-azul-blanco\/\" \/>\n<meta property=\"og:locale\" content=\"es_ES\" \/>\n<meta property=\"og:type\" content=\"article\" \/>\n<meta property=\"og:title\" content=\"Ba\u00f1ador bloomer de rayas azul cielo - Viaje de la Ballena\" \/>\n<meta property=\"og:description\" content=\"Un irresistible ba\u00f1ador bloomer de rayas mixto con motivos de faro. Para un look veraniego elegante y divertido. Fabricado en Espa\u00f1a.\" \/>\n<meta property=\"og:url\" content=\"https:\/\/voyagedelabaleine.fr\/es\/producto\/banador-bloomer-de-rayas-azul-blanco\/\" \/>\n<meta property=\"og:site_name\" content=\"Voyage de la Baleine\" \/>\n<meta property=\"article:publisher\" content=\"https:\/\/www.facebook.com\/voyagedelabaleine\/\" \/>\n<meta property=\"article:modified_time\" content=\"2026-01-15T08:11:05+00:00\" \/>\n<meta property=\"og:image\" content=\"https:\/\/voyagedelabaleine.fr\/wp-content\/uploads\/2024\/02\/maillot-bain-raye-bebe-fille-1.jpg\" \/>\n\t<meta property=\"og:image:width\" content=\"855\" \/>\n\t<meta property=\"og:image:height\" content=\"1140\" \/>\n\t<meta property=\"og:image:type\" content=\"image\/jpeg\" \/>\n<meta name=\"twitter:card\" content=\"summary_large_image\" \/>\n<meta name=\"twitter:label1\" content=\"Tiempo de lectura\" \/>\n\t<meta name=\"twitter:data1\" content=\"2 minuto\" \/>\n<script type=\"application\/ld+json\" class=\"yoast-schema-graph\">{\"@context\":\"https:\/\/schema.org\",\"@graph\":[{\"@type\":\"WebPage\",\"@id\":\"https:\/\/voyagedelabaleine.fr\/es\/producto\/banador-bloomer-de-rayas-azul-blanco\/\",\"url\":\"https:\/\/voyagedelabaleine.fr\/es\/producto\/banador-bloomer-de-rayas-azul-blanco\/\",\"name\":\"Ba\u00f1ador bloomer de rayas azul cielo - Viaje de la Ballena\",\"isPartOf\":{\"@id\":\"https:\/\/voyagedelabaleine.fr\/es\/#website\"},\"primaryImageOfPage\":{\"@id\":\"https:\/\/voyagedelabaleine.fr\/es\/producto\/banador-bloomer-de-rayas-azul-blanco\/#primaryimage\"},\"image\":{\"@id\":\"https:\/\/voyagedelabaleine.fr\/es\/producto\/banador-bloomer-de-rayas-azul-blanco\/#primaryimage\"},\"thumbnailUrl\":\"https:\/\/voyagedelabaleine.fr\/wp-content\/uploads\/2024\/02\/maillot-bain-raye-bebe-fille-1.jpg\",\"datePublished\":\"2024-02-18T19:30:36+00:00\",\"dateModified\":\"2026-01-15T08:11:05+00:00\",\"description\":\"Un irresistible ba\u00f1ador bloomer de rayas mixto con motivos de faro. Para un look veraniego elegante y divertido. Fabricado en Espa\u00f1a.\",\"breadcrumb\":{\"@id\":\"https:\/\/voyagedelabaleine.fr\/es\/producto\/banador-bloomer-de-rayas-azul-blanco\/#breadcrumb\"},\"inLanguage\":\"es\",\"potentialAction\":[{\"@type\":\"ReadAction\",\"target\":[\"https:\/\/voyagedelabaleine.fr\/es\/producto\/banador-bloomer-de-rayas-azul-blanco\/\"]}]},{\"@type\":\"ImageObject\",\"inLanguage\":\"es\",\"@id\":\"https:\/\/voyagedelabaleine.fr\/es\/producto\/banador-bloomer-de-rayas-azul-blanco\/#primaryimage\",\"url\":\"https:\/\/voyagedelabaleine.fr\/wp-content\/uploads\/2024\/02\/maillot-bain-raye-bebe-fille-1.jpg\",\"contentUrl\":\"https:\/\/voyagedelabaleine.fr\/wp-content\/uploads\/2024\/02\/maillot-bain-raye-bebe-fille-1.jpg\",\"width\":855,\"height\":1140,\"caption\":\"Maillot de bain b\u00e9b\u00e9 fille ray\u00e9 bleu ciel et blanc avec des motifs de phare rouge et blanc\"},{\"@type\":\"BreadcrumbList\",\"@id\":\"https:\/\/voyagedelabaleine.fr\/es\/producto\/banador-bloomer-de-rayas-azul-blanco\/#breadcrumb\",\"itemListElement\":[{\"@type\":\"ListItem\",\"position\":1,\"name\":\"Accueil\",\"item\":\"https:\/\/voyagedelabaleine.fr\/es\/inicio\/\"},{\"@type\":\"ListItem\",\"position\":2,\"name\":\"Tienda\",\"item\":\"https:\/\/voyagedelabaleine.fr\/es\/tienda\/\"},{\"@type\":\"ListItem\",\"position\":3,\"name\":\"Ba\u00f1ador bloomer de rayas &#8211; Azul\/blanco\"}]},{\"@type\":\"WebSite\",\"@id\":\"https:\/\/voyagedelabaleine.fr\/es\/#website\",\"url\":\"https:\/\/voyagedelabaleine.fr\/es\/\",\"name\":\"Voyage de la Baleine\",\"description\":\"V\u00eatements intemporels et raffin\u00e9s pour b\u00e9b\u00e9s et enfants\",\"publisher\":{\"@id\":\"https:\/\/voyagedelabaleine.fr\/es\/#organization\"},\"potentialAction\":[{\"@type\":\"SearchAction\",\"target\":{\"@type\":\"EntryPoint\",\"urlTemplate\":\"https:\/\/voyagedelabaleine.fr\/es\/?s={search_term_string}\"},\"query-input\":{\"@type\":\"PropertyValueSpecification\",\"valueRequired\":true,\"valueName\":\"search_term_string\"}}],\"inLanguage\":\"es\"},{\"@type\":\"Organization\",\"@id\":\"https:\/\/voyagedelabaleine.fr\/es\/#organization\",\"name\":\"Voyage de la Baleine\",\"url\":\"https:\/\/voyagedelabaleine.fr\/es\/\",\"logo\":{\"@type\":\"ImageObject\",\"inLanguage\":\"es\",\"@id\":\"https:\/\/voyagedelabaleine.fr\/es\/#\/schema\/logo\/image\/\",\"url\":\"https:\/\/voyagedelabaleine.fr\/wp-content\/uploads\/2025\/06\/logo.webp\",\"contentUrl\":\"https:\/\/voyagedelabaleine.fr\/wp-content\/uploads\/2025\/06\/logo.webp\",\"width\":153,\"height\":64,\"caption\":\"Voyage de la Baleine\"},\"image\":{\"@id\":\"https:\/\/voyagedelabaleine.fr\/es\/#\/schema\/logo\/image\/\"},\"sameAs\":[\"https:\/\/www.facebook.com\/voyagedelabaleine\/\",\"https:\/\/www.instagram.com\/voyagedelabaleine\/\",\"https:\/\/www.pinterest.fr\/Voyagedelabaleine\/\"]}]}<\/script>\n<!-- \/ Yoast SEO plugin. -->","yoast_head_json":{"title":"Ba\u00f1ador bloomer de rayas azul cielo - Viaje de la Ballena","description":"Un irresistible ba\u00f1ador bloomer de rayas mixto con motivos de faro. Para un look veraniego elegante y divertido. Fabricado en Espa\u00f1a.","robots":{"index":"index","follow":"follow","max-snippet":"max-snippet:-1","max-image-preview":"max-image-preview:large","max-video-preview":"max-video-preview:-1"},"canonical":"https:\/\/voyagedelabaleine.fr\/es\/producto\/banador-bloomer-de-rayas-azul-blanco\/","og_locale":"es_ES","og_type":"article","og_title":"Ba\u00f1ador bloomer de rayas azul cielo - Viaje de la Ballena","og_description":"Un irresistible ba\u00f1ador bloomer de rayas mixto con motivos de faro. Para un look veraniego elegante y divertido. Fabricado en Espa\u00f1a.","og_url":"https:\/\/voyagedelabaleine.fr\/es\/producto\/banador-bloomer-de-rayas-azul-blanco\/","og_site_name":"Voyage de la Baleine","article_publisher":"https:\/\/www.facebook.com\/voyagedelabaleine\/","article_modified_time":"2026-01-15T08:11:05+00:00","og_image":[{"width":855,"height":1140,"url":"https:\/\/voyagedelabaleine.fr\/wp-content\/uploads\/2024\/02\/maillot-bain-raye-bebe-fille-1.jpg","type":"image\/jpeg"}],"twitter_card":"summary_large_image","twitter_misc":{"Tiempo de lectura":"2 minuto"},"schema":{"@context":"https:\/\/schema.org","@graph":[{"@type":"WebPage","@id":"https:\/\/voyagedelabaleine.fr\/es\/producto\/banador-bloomer-de-rayas-azul-blanco\/","url":"https:\/\/voyagedelabaleine.fr\/es\/producto\/banador-bloomer-de-rayas-azul-blanco\/","name":"Ba\u00f1ador bloomer de rayas azul cielo - Viaje de la Ballena","isPartOf":{"@id":"https:\/\/voyagedelabaleine.fr\/es\/#website"},"primaryImageOfPage":{"@id":"https:\/\/voyagedelabaleine.fr\/es\/producto\/banador-bloomer-de-rayas-azul-blanco\/#primaryimage"},"image":{"@id":"https:\/\/voyagedelabaleine.fr\/es\/producto\/banador-bloomer-de-rayas-azul-blanco\/#primaryimage"},"thumbnailUrl":"https:\/\/voyagedelabaleine.fr\/wp-content\/uploads\/2024\/02\/maillot-bain-raye-bebe-fille-1.jpg","datePublished":"2024-02-18T19:30:36+00:00","dateModified":"2026-01-15T08:11:05+00:00","description":"Un irresistible ba\u00f1ador bloomer de rayas mixto con motivos de faro. Para un look veraniego elegante y divertido. Fabricado en Espa\u00f1a.","breadcrumb":{"@id":"https:\/\/voyagedelabaleine.fr\/es\/producto\/banador-bloomer-de-rayas-azul-blanco\/#breadcrumb"},"inLanguage":"es","potentialAction":[{"@type":"ReadAction","target":["https:\/\/voyagedelabaleine.fr\/es\/producto\/banador-bloomer-de-rayas-azul-blanco\/"]}]},{"@type":"ImageObject","inLanguage":"es","@id":"https:\/\/voyagedelabaleine.fr\/es\/producto\/banador-bloomer-de-rayas-azul-blanco\/#primaryimage","url":"https:\/\/voyagedelabaleine.fr\/wp-content\/uploads\/2024\/02\/maillot-bain-raye-bebe-fille-1.jpg","contentUrl":"https:\/\/voyagedelabaleine.fr\/wp-content\/uploads\/2024\/02\/maillot-bain-raye-bebe-fille-1.jpg","width":855,"height":1140,"caption":"Maillot de bain b\u00e9b\u00e9 fille ray\u00e9 bleu ciel et blanc avec des motifs de phare rouge et blanc"},{"@type":"BreadcrumbList","@id":"https:\/\/voyagedelabaleine.fr\/es\/producto\/banador-bloomer-de-rayas-azul-blanco\/#breadcrumb","itemListElement":[{"@type":"ListItem","position":1,"name":"Accueil","item":"https:\/\/voyagedelabaleine.fr\/es\/inicio\/"},{"@type":"ListItem","position":2,"name":"Tienda","item":"https:\/\/voyagedelabaleine.fr\/es\/tienda\/"},{"@type":"ListItem","position":3,"name":"Ba\u00f1ador bloomer de rayas &#8211; Azul\/blanco"}]},{"@type":"WebSite","@id":"https:\/\/voyagedelabaleine.fr\/es\/#website","url":"https:\/\/voyagedelabaleine.fr\/es\/","name":"Voyage de la Baleine","description":"V\u00eatements intemporels et raffin\u00e9s pour b\u00e9b\u00e9s et enfants","publisher":{"@id":"https:\/\/voyagedelabaleine.fr\/es\/#organization"},"potentialAction":[{"@type":"SearchAction","target":{"@type":"EntryPoint","urlTemplate":"https:\/\/voyagedelabaleine.fr\/es\/?s={search_term_string}"},"query-input":{"@type":"PropertyValueSpecification","valueRequired":true,"valueName":"search_term_string"}}],"inLanguage":"es"},{"@type":"Organization","@id":"https:\/\/voyagedelabaleine.fr\/es\/#organization","name":"Voyage de la Baleine","url":"https:\/\/voyagedelabaleine.fr\/es\/","logo":{"@type":"ImageObject","inLanguage":"es","@id":"https:\/\/voyagedelabaleine.fr\/es\/#\/schema\/logo\/image\/","url":"https:\/\/voyagedelabaleine.fr\/wp-content\/uploads\/2025\/06\/logo.webp","contentUrl":"https:\/\/voyagedelabaleine.fr\/wp-content\/uploads\/2025\/06\/logo.webp","width":153,"height":64,"caption":"Voyage de la Baleine"},"image":{"@id":"https:\/\/voyagedelabaleine.fr\/es\/#\/schema\/logo\/image\/"},"sameAs":["https:\/\/www.facebook.com\/voyagedelabaleine\/","https:\/\/www.instagram.com\/voyagedelabaleine\/","https:\/\/www.pinterest.fr\/Voyagedelabaleine\/"]}]}},"_links":{"self":[{"href":"https:\/\/voyagedelabaleine.fr\/es\/wp-json\/wp\/v2\/product\/33570","targetHints":{"allow":["GET"]}}],"collection":[{"href":"https:\/\/voyagedelabaleine.fr\/es\/wp-json\/wp\/v2\/product"}],"about":[{"href":"https:\/\/voyagedelabaleine.fr\/es\/wp-json\/wp\/v2\/types\/product"}],"replies":[{"embeddable":true,"href":"https:\/\/voyagedelabaleine.fr\/es\/wp-json\/wp\/v2\/comments?post=33570"}],"wp:featuredmedia":[{"embeddable":true,"href":"https:\/\/voyagedelabaleine.fr\/es\/wp-json\/wp\/v2\/media\/11429"}],"wp:attachment":[{"href":"https:\/\/voyagedelabaleine.fr\/es\/wp-json\/wp\/v2\/media?parent=33570"}],"wp:term":[{"taxonomy":"product_brand","embeddable":true,"href":"https:\/\/voyagedelabaleine.fr\/es\/wp-json\/wp\/v2\/product_brand?post=33570"},{"taxonomy":"product_cat","embeddable":true,"href":"https:\/\/voyagedelabaleine.fr\/es\/wp-json\/wp\/v2\/product_cat?post=33570"},{"taxonomy":"product_tag","embeddable":true,"href":"https:\/\/voyagedelabaleine.fr\/es\/wp-json\/wp\/v2\/product_tag?post=33570"}],"curies":[{"name":"wp","href":"https:\/\/api.w.org\/{rel}","templated":true}]}}