{"id":33580,"date":"2023-10-06T11:02:08","date_gmt":"2023-10-06T09:02:08","guid":{"rendered":"https:\/\/voyagedelabaleine.fr\/product\/calcetines-altos-de-bebe-con-pompones-en-algodon-calido-marron\/"},"modified":"2026-01-15T09:11:06","modified_gmt":"2026-01-15T08:11:06","slug":"calcetines-altos-de-bebe-con-pompones-en-algodon-calido-marron","status":"publish","type":"product","link":"https:\/\/voyagedelabaleine.fr\/es\/producto\/calcetines-altos-de-bebe-con-pompones-en-algodon-calido-marron\/","title":{"rendered":"Calcetines altos de beb\u00e9 con pompones en algod\u00f3n c\u00e1lido &#8211; Marr\u00f3n"},"content":{"rendered":"<div class=\"product-information tvproduct-special-desc\">\n<div class=\"product-actions hiddenForm360\">\n<form id=\"add-to-cart-or-refresh\" action=\"https:\/\/www.topbaby.es\/en\/cart\" method=\"post\">\n<div class=\"product-additional-info\">\n<div class=\"logomanusupp\">\n<div class=\"hookTopMove\">\n<div class=\"product-information tvproduct-special-desc\">\n<div class=\"product-actions hiddenForm360\">\n<div class=\"product-additional-info\">\n<div class=\"logomanusupp\">\n<div class=\"product-information tvproduct-special-desc\">\n<div class=\"product-actions hiddenForm360\">\n<div class=\"product-additional-info\">\n<div class=\"logomanusupp\">\n<div class=\"hookTopMove\">\n<p>Descubra la comodidad y la elegancia l\u00fadica con nuestros <strong>calcetines de beb\u00e9 marrones con pompones<\/strong>. Dise\u00f1ados para las temporadas de oto\u00f1o-invierno, estos calcetines est\u00e1n fabricados en <strong>algod\u00f3n c\u00e1lido<\/strong>, lo que garantiza una calidez natural a la vez que son <strong>suaves<\/strong> para la piel sensible del beb\u00e9. Los pompones a\u00f1aden un toque l\u00fadico y original a cada paso, transformando estos calcetines en un accesorio a la vez divertido y elegante. Su dise\u00f1o <strong>hasta la rodilla<\/strong> ofrece una protecci\u00f3n adicional contra el fr\u00edo, asegurando que el beb\u00e9 se mantenga c\u00f3modamente abrigado durante todo el d\u00eda.   <\/p>\n<p>Vers\u00e1tiles y <strong>unisex<\/strong>, estos calcetines combinan a la perfecci\u00f3n con un bloomer o un <a href=\"https:\/\/voyagedelabaleine.fr\/es\/categorie-produit\/bebe\/ropa-chic-bebe\/pelele-peto-ranita-bebe\/\">pelele<\/a>, complementando con elegancia cualquier conjunto para cualquier ocasi\u00f3n. Su <strong>color marr\u00f3n<\/strong> neutro permite una f\u00e1cil combinaci\u00f3n con diversas prendas, ofreciendo a su beb\u00e9 un look a la vez chic y pr\u00e1ctico. F\u00e1ciles de cuidar y resistentes, conservan su forma y su suavidad lavado tras lavado, asegurando una durabilidad notable para acompa\u00f1ar al beb\u00e9 en sus exploraciones diarias.  <\/p>\n<p>Ofrezca a su peque\u00f1o una dosis adicional de <strong>comodidad<\/strong> y <strong>estilo<\/strong> con nuestros calcetines de beb\u00e9 marrones con pompones. Perfectos para los momentos de juego en casa o las salidas en familia, son la opci\u00f3n ideal para mantener los pies del beb\u00e9 calientes a la vez que a\u00f1aden un toque de fantas\u00eda a su vestuario. <\/p>\n<p><em>Opte por la calidad y el encanto con estos calcetines que prometen comodidad y diversi\u00f3n para su hijo, haga el tiempo que haga.<\/em><\/p>\n<p>Fabricadas en Espa\u00f1a.<\/p>\n<\/div>\n<\/div>\n<\/div>\n<\/div>\n<\/div>\n<\/div>\n<\/div>\n<\/div>\n<\/div>\n<\/div>\n<\/div>\n<\/div>\n<\/form>\n<\/div>\n<\/div>\n","protected":false},"excerpt":{"rendered":"<ul>\n<li>Calcetines altos acanalados<\/li>\n<li>Calcetines de algod\u00f3n c\u00e1lido<\/li>\n<li>Pompones decorativos<\/li>\n<li>Fabricadas en Espa\u00f1a<\/li>\n<\/ul>\n","protected":false},"featured_media":11196,"comment_status":"open","ping_status":"closed","template":"","meta":{"ocean_post_layout":"","ocean_both_sidebars_style":"","ocean_both_sidebars_content_width":0,"ocean_both_sidebars_sidebars_width":0,"ocean_sidebar":"0","ocean_second_sidebar":"0","ocean_disable_margins":"enable","ocean_add_body_class":"","ocean_shortcode_before_top_bar":"","ocean_shortcode_after_top_bar":"","ocean_shortcode_before_header":"","ocean_shortcode_after_header":"","ocean_has_shortcode":"","ocean_shortcode_after_title":"","ocean_shortcode_before_footer_widgets":"","ocean_shortcode_after_footer_widgets":"","ocean_shortcode_before_footer_bottom":"","ocean_shortcode_after_footer_bottom":"","ocean_display_top_bar":"default","ocean_display_header":"default","ocean_header_style":"","ocean_center_header_left_menu":"0","ocean_custom_header_template":"0","ocean_custom_logo":0,"ocean_custom_retina_logo":0,"ocean_custom_logo_max_width":0,"ocean_custom_logo_tablet_max_width":0,"ocean_custom_logo_mobile_max_width":0,"ocean_custom_logo_max_height":0,"ocean_custom_logo_tablet_max_height":0,"ocean_custom_logo_mobile_max_height":0,"ocean_header_custom_menu":"0","ocean_menu_typo_font_family":"0","ocean_menu_typo_font_subset":"","ocean_menu_typo_font_size":0,"ocean_menu_typo_font_size_tablet":0,"ocean_menu_typo_font_size_mobile":0,"ocean_menu_typo_font_size_unit":"px","ocean_menu_typo_font_weight":"","ocean_menu_typo_font_weight_tablet":"","ocean_menu_typo_font_weight_mobile":"","ocean_menu_typo_transform":"","ocean_menu_typo_transform_tablet":"","ocean_menu_typo_transform_mobile":"","ocean_menu_typo_line_height":0,"ocean_menu_typo_line_height_tablet":0,"ocean_menu_typo_line_height_mobile":0,"ocean_menu_typo_line_height_unit":"","ocean_menu_typo_spacing":0,"ocean_menu_typo_spacing_tablet":0,"ocean_menu_typo_spacing_mobile":0,"ocean_menu_typo_spacing_unit":"","ocean_menu_link_color":"","ocean_menu_link_color_hover":"","ocean_menu_link_color_active":"","ocean_menu_link_background":"","ocean_menu_link_hover_background":"","ocean_menu_link_active_background":"","ocean_menu_social_links_bg":"","ocean_menu_social_hover_links_bg":"","ocean_menu_social_links_color":"","ocean_menu_social_hover_links_color":"","ocean_disable_title":"default","ocean_disable_heading":"default","ocean_post_title":"","ocean_post_subheading":"","ocean_post_title_style":"","ocean_post_title_background_color":"","ocean_post_title_background":0,"ocean_post_title_bg_image_position":"","ocean_post_title_bg_image_attachment":"","ocean_post_title_bg_image_repeat":"","ocean_post_title_bg_image_size":"","ocean_post_title_height":0,"ocean_post_title_bg_overlay":0.5,"ocean_post_title_bg_overlay_color":"","ocean_disable_breadcrumbs":"default","ocean_breadcrumbs_color":"","ocean_breadcrumbs_separator_color":"","ocean_breadcrumbs_links_color":"","ocean_breadcrumbs_links_hover_color":"","ocean_display_footer_widgets":"default","ocean_display_footer_bottom":"default","ocean_custom_footer_template":"0","osh_disable_topbar_sticky":"default","osh_disable_header_sticky":"default","osh_sticky_header_style":"default","osh_sticky_header_effect":"","osh_custom_sticky_logo":0,"osh_custom_retina_sticky_logo":0,"osh_custom_sticky_logo_height":0,"osh_background_color":"","osh_links_color":"","osh_links_hover_color":"","osh_links_active_color":"","osh_links_bg_color":"","osh_links_hover_bg_color":"","osh_links_active_bg_color":"","osh_menu_social_links_color":"","osh_menu_social_hover_links_color":""},"product_brand":[],"product_cat":[6963,6979,7001,6827,6853,6889],"product_tag":[7159],"class_list":{"0":"post-33580","1":"product","2":"type-product","3":"status-publish","4":"has-post-thumbnail","6":"product_cat-calcetines-leotardos-nacimiento","7":"product_cat-calcetines-leotardos-nacimiento-nina","8":"product_cat-calcetines-leotardos-nacimiento-nino","9":"product_cat-calcetines-leotardos-bebe-nina","10":"product_cat-calcetines-leotardos-bebe-nino","11":"product_cat-calcetines-leotardos-bebes-ninos","12":"product_tag-calcetines","14":"entry","15":"has-media","17":"first","18":"instock","19":"taxable","20":"shipping-taxable","21":"purchasable","22":"product-type-variable","23":"has-default-attributes","24":"has-rating","25":"col","26":"span_1_of_3","27":"owp-content-center","28":"owp-thumbs-layout-vertical","29":"owp-btn-big","30":"owp-tabs-layout-vertical","31":"circle-sale"},"yoast_head":"<!-- This site is optimized with the Yoast SEO plugin v27.1.1 - https:\/\/yoast.com\/product\/yoast-seo-wordpress\/ -->\n<title>Calcetines de beb\u00e9 marrones con pompones - Viaje de la Ballena<\/title>\n<meta name=\"description\" content=\"Calcetines de beb\u00e9 marrones con pompones, hasta la rodilla, con bonitos pompones a juego. C\u00f3modos y elegantes. Fabricadas en Espa\u00f1a.\" \/>\n<meta name=\"robots\" content=\"index, follow, max-snippet:-1, max-image-preview:large, max-video-preview:-1\" \/>\n<link rel=\"canonical\" href=\"https:\/\/voyagedelabaleine.fr\/es\/producto\/calcetines-altos-de-bebe-con-pompones-en-algodon-calido-marron\/\" \/>\n<meta property=\"og:locale\" content=\"es_ES\" \/>\n<meta property=\"og:type\" content=\"article\" \/>\n<meta property=\"og:title\" content=\"Calcetines de beb\u00e9 marrones con pompones - Viaje de la Ballena\" \/>\n<meta property=\"og:description\" content=\"Calcetines de beb\u00e9 marrones con pompones, hasta la rodilla, con bonitos pompones a juego. C\u00f3modos y elegantes. Fabricadas en Espa\u00f1a.\" \/>\n<meta property=\"og:url\" content=\"https:\/\/voyagedelabaleine.fr\/es\/producto\/calcetines-altos-de-bebe-con-pompones-en-algodon-calido-marron\/\" \/>\n<meta property=\"og:site_name\" content=\"Voyage de la Baleine\" \/>\n<meta property=\"article:publisher\" content=\"https:\/\/www.facebook.com\/voyagedelabaleine\/\" \/>\n<meta property=\"article:modified_time\" content=\"2026-01-15T08:11:06+00:00\" \/>\n<meta property=\"og:image\" content=\"https:\/\/voyagedelabaleine.fr\/wp-content\/uploads\/2023\/10\/chaussettes-bebe-marrons-pompon-1.jpg\" \/>\n\t<meta property=\"og:image:width\" content=\"855\" \/>\n\t<meta property=\"og:image:height\" content=\"1140\" \/>\n\t<meta property=\"og:image:type\" content=\"image\/jpeg\" \/>\n<meta name=\"twitter:card\" content=\"summary_large_image\" \/>\n<meta name=\"twitter:label1\" content=\"Tiempo de lectura\" \/>\n\t<meta name=\"twitter:data1\" content=\"1 minuto\" \/>\n<script type=\"application\/ld+json\" class=\"yoast-schema-graph\">{\"@context\":\"https:\/\/schema.org\",\"@graph\":[{\"@type\":\"WebPage\",\"@id\":\"https:\/\/voyagedelabaleine.fr\/es\/producto\/calcetines-altos-de-bebe-con-pompones-en-algodon-calido-marron\/\",\"url\":\"https:\/\/voyagedelabaleine.fr\/es\/producto\/calcetines-altos-de-bebe-con-pompones-en-algodon-calido-marron\/\",\"name\":\"Calcetines de beb\u00e9 marrones con pompones - Viaje de la Ballena\",\"isPartOf\":{\"@id\":\"https:\/\/voyagedelabaleine.fr\/es\/#website\"},\"primaryImageOfPage\":{\"@id\":\"https:\/\/voyagedelabaleine.fr\/es\/producto\/calcetines-altos-de-bebe-con-pompones-en-algodon-calido-marron\/#primaryimage\"},\"image\":{\"@id\":\"https:\/\/voyagedelabaleine.fr\/es\/producto\/calcetines-altos-de-bebe-con-pompones-en-algodon-calido-marron\/#primaryimage\"},\"thumbnailUrl\":\"https:\/\/voyagedelabaleine.fr\/wp-content\/uploads\/2023\/10\/chaussettes-bebe-marrons-pompon-1.jpg\",\"datePublished\":\"2023-10-06T09:02:08+00:00\",\"dateModified\":\"2026-01-15T08:11:06+00:00\",\"description\":\"Calcetines de beb\u00e9 marrones con pompones, hasta la rodilla, con bonitos pompones a juego. C\u00f3modos y elegantes. Fabricadas en Espa\u00f1a.\",\"breadcrumb\":{\"@id\":\"https:\/\/voyagedelabaleine.fr\/es\/producto\/calcetines-altos-de-bebe-con-pompones-en-algodon-calido-marron\/#breadcrumb\"},\"inLanguage\":\"es\",\"potentialAction\":[{\"@type\":\"ReadAction\",\"target\":[\"https:\/\/voyagedelabaleine.fr\/es\/producto\/calcetines-altos-de-bebe-con-pompones-en-algodon-calido-marron\/\"]}]},{\"@type\":\"ImageObject\",\"inLanguage\":\"es\",\"@id\":\"https:\/\/voyagedelabaleine.fr\/es\/producto\/calcetines-altos-de-bebe-con-pompones-en-algodon-calido-marron\/#primaryimage\",\"url\":\"https:\/\/voyagedelabaleine.fr\/wp-content\/uploads\/2023\/10\/chaussettes-bebe-marrons-pompon-1.jpg\",\"contentUrl\":\"https:\/\/voyagedelabaleine.fr\/wp-content\/uploads\/2023\/10\/chaussettes-bebe-marrons-pompon-1.jpg\",\"width\":855,\"height\":1140,\"caption\":\"Chaussettes b\u00e9b\u00e9 marrons hautes \u00e0 pompons en coton chaud\"},{\"@type\":\"BreadcrumbList\",\"@id\":\"https:\/\/voyagedelabaleine.fr\/es\/producto\/calcetines-altos-de-bebe-con-pompones-en-algodon-calido-marron\/#breadcrumb\",\"itemListElement\":[{\"@type\":\"ListItem\",\"position\":1,\"name\":\"Accueil\",\"item\":\"https:\/\/voyagedelabaleine.fr\/es\/inicio\/\"},{\"@type\":\"ListItem\",\"position\":2,\"name\":\"Tienda\",\"item\":\"https:\/\/voyagedelabaleine.fr\/es\/tienda\/\"},{\"@type\":\"ListItem\",\"position\":3,\"name\":\"Calcetines altos de beb\u00e9 con pompones en algod\u00f3n c\u00e1lido &#8211; Marr\u00f3n\"}]},{\"@type\":\"WebSite\",\"@id\":\"https:\/\/voyagedelabaleine.fr\/es\/#website\",\"url\":\"https:\/\/voyagedelabaleine.fr\/es\/\",\"name\":\"Voyage de la Baleine\",\"description\":\"V\u00eatements intemporels et raffin\u00e9s pour b\u00e9b\u00e9s et enfants\",\"publisher\":{\"@id\":\"https:\/\/voyagedelabaleine.fr\/es\/#organization\"},\"potentialAction\":[{\"@type\":\"SearchAction\",\"target\":{\"@type\":\"EntryPoint\",\"urlTemplate\":\"https:\/\/voyagedelabaleine.fr\/es\/?s={search_term_string}\"},\"query-input\":{\"@type\":\"PropertyValueSpecification\",\"valueRequired\":true,\"valueName\":\"search_term_string\"}}],\"inLanguage\":\"es\"},{\"@type\":\"Organization\",\"@id\":\"https:\/\/voyagedelabaleine.fr\/es\/#organization\",\"name\":\"Voyage de la Baleine\",\"url\":\"https:\/\/voyagedelabaleine.fr\/es\/\",\"logo\":{\"@type\":\"ImageObject\",\"inLanguage\":\"es\",\"@id\":\"https:\/\/voyagedelabaleine.fr\/es\/#\/schema\/logo\/image\/\",\"url\":\"https:\/\/voyagedelabaleine.fr\/wp-content\/uploads\/2025\/06\/logo.webp\",\"contentUrl\":\"https:\/\/voyagedelabaleine.fr\/wp-content\/uploads\/2025\/06\/logo.webp\",\"width\":153,\"height\":64,\"caption\":\"Voyage de la Baleine\"},\"image\":{\"@id\":\"https:\/\/voyagedelabaleine.fr\/es\/#\/schema\/logo\/image\/\"},\"sameAs\":[\"https:\/\/www.facebook.com\/voyagedelabaleine\/\",\"https:\/\/www.instagram.com\/voyagedelabaleine\/\",\"https:\/\/www.pinterest.fr\/Voyagedelabaleine\/\"]}]}<\/script>\n<!-- \/ Yoast SEO plugin. -->","yoast_head_json":{"title":"Calcetines de beb\u00e9 marrones con pompones - Viaje de la Ballena","description":"Calcetines de beb\u00e9 marrones con pompones, hasta la rodilla, con bonitos pompones a juego. C\u00f3modos y elegantes. Fabricadas en Espa\u00f1a.","robots":{"index":"index","follow":"follow","max-snippet":"max-snippet:-1","max-image-preview":"max-image-preview:large","max-video-preview":"max-video-preview:-1"},"canonical":"https:\/\/voyagedelabaleine.fr\/es\/producto\/calcetines-altos-de-bebe-con-pompones-en-algodon-calido-marron\/","og_locale":"es_ES","og_type":"article","og_title":"Calcetines de beb\u00e9 marrones con pompones - Viaje de la Ballena","og_description":"Calcetines de beb\u00e9 marrones con pompones, hasta la rodilla, con bonitos pompones a juego. C\u00f3modos y elegantes. Fabricadas en Espa\u00f1a.","og_url":"https:\/\/voyagedelabaleine.fr\/es\/producto\/calcetines-altos-de-bebe-con-pompones-en-algodon-calido-marron\/","og_site_name":"Voyage de la Baleine","article_publisher":"https:\/\/www.facebook.com\/voyagedelabaleine\/","article_modified_time":"2026-01-15T08:11:06+00:00","og_image":[{"width":855,"height":1140,"url":"https:\/\/voyagedelabaleine.fr\/wp-content\/uploads\/2023\/10\/chaussettes-bebe-marrons-pompon-1.jpg","type":"image\/jpeg"}],"twitter_card":"summary_large_image","twitter_misc":{"Tiempo de lectura":"1 minuto"},"schema":{"@context":"https:\/\/schema.org","@graph":[{"@type":"WebPage","@id":"https:\/\/voyagedelabaleine.fr\/es\/producto\/calcetines-altos-de-bebe-con-pompones-en-algodon-calido-marron\/","url":"https:\/\/voyagedelabaleine.fr\/es\/producto\/calcetines-altos-de-bebe-con-pompones-en-algodon-calido-marron\/","name":"Calcetines de beb\u00e9 marrones con pompones - Viaje de la Ballena","isPartOf":{"@id":"https:\/\/voyagedelabaleine.fr\/es\/#website"},"primaryImageOfPage":{"@id":"https:\/\/voyagedelabaleine.fr\/es\/producto\/calcetines-altos-de-bebe-con-pompones-en-algodon-calido-marron\/#primaryimage"},"image":{"@id":"https:\/\/voyagedelabaleine.fr\/es\/producto\/calcetines-altos-de-bebe-con-pompones-en-algodon-calido-marron\/#primaryimage"},"thumbnailUrl":"https:\/\/voyagedelabaleine.fr\/wp-content\/uploads\/2023\/10\/chaussettes-bebe-marrons-pompon-1.jpg","datePublished":"2023-10-06T09:02:08+00:00","dateModified":"2026-01-15T08:11:06+00:00","description":"Calcetines de beb\u00e9 marrones con pompones, hasta la rodilla, con bonitos pompones a juego. C\u00f3modos y elegantes. Fabricadas en Espa\u00f1a.","breadcrumb":{"@id":"https:\/\/voyagedelabaleine.fr\/es\/producto\/calcetines-altos-de-bebe-con-pompones-en-algodon-calido-marron\/#breadcrumb"},"inLanguage":"es","potentialAction":[{"@type":"ReadAction","target":["https:\/\/voyagedelabaleine.fr\/es\/producto\/calcetines-altos-de-bebe-con-pompones-en-algodon-calido-marron\/"]}]},{"@type":"ImageObject","inLanguage":"es","@id":"https:\/\/voyagedelabaleine.fr\/es\/producto\/calcetines-altos-de-bebe-con-pompones-en-algodon-calido-marron\/#primaryimage","url":"https:\/\/voyagedelabaleine.fr\/wp-content\/uploads\/2023\/10\/chaussettes-bebe-marrons-pompon-1.jpg","contentUrl":"https:\/\/voyagedelabaleine.fr\/wp-content\/uploads\/2023\/10\/chaussettes-bebe-marrons-pompon-1.jpg","width":855,"height":1140,"caption":"Chaussettes b\u00e9b\u00e9 marrons hautes \u00e0 pompons en coton chaud"},{"@type":"BreadcrumbList","@id":"https:\/\/voyagedelabaleine.fr\/es\/producto\/calcetines-altos-de-bebe-con-pompones-en-algodon-calido-marron\/#breadcrumb","itemListElement":[{"@type":"ListItem","position":1,"name":"Accueil","item":"https:\/\/voyagedelabaleine.fr\/es\/inicio\/"},{"@type":"ListItem","position":2,"name":"Tienda","item":"https:\/\/voyagedelabaleine.fr\/es\/tienda\/"},{"@type":"ListItem","position":3,"name":"Calcetines altos de beb\u00e9 con pompones en algod\u00f3n c\u00e1lido &#8211; Marr\u00f3n"}]},{"@type":"WebSite","@id":"https:\/\/voyagedelabaleine.fr\/es\/#website","url":"https:\/\/voyagedelabaleine.fr\/es\/","name":"Voyage de la Baleine","description":"V\u00eatements intemporels et raffin\u00e9s pour b\u00e9b\u00e9s et enfants","publisher":{"@id":"https:\/\/voyagedelabaleine.fr\/es\/#organization"},"potentialAction":[{"@type":"SearchAction","target":{"@type":"EntryPoint","urlTemplate":"https:\/\/voyagedelabaleine.fr\/es\/?s={search_term_string}"},"query-input":{"@type":"PropertyValueSpecification","valueRequired":true,"valueName":"search_term_string"}}],"inLanguage":"es"},{"@type":"Organization","@id":"https:\/\/voyagedelabaleine.fr\/es\/#organization","name":"Voyage de la Baleine","url":"https:\/\/voyagedelabaleine.fr\/es\/","logo":{"@type":"ImageObject","inLanguage":"es","@id":"https:\/\/voyagedelabaleine.fr\/es\/#\/schema\/logo\/image\/","url":"https:\/\/voyagedelabaleine.fr\/wp-content\/uploads\/2025\/06\/logo.webp","contentUrl":"https:\/\/voyagedelabaleine.fr\/wp-content\/uploads\/2025\/06\/logo.webp","width":153,"height":64,"caption":"Voyage de la Baleine"},"image":{"@id":"https:\/\/voyagedelabaleine.fr\/es\/#\/schema\/logo\/image\/"},"sameAs":["https:\/\/www.facebook.com\/voyagedelabaleine\/","https:\/\/www.instagram.com\/voyagedelabaleine\/","https:\/\/www.pinterest.fr\/Voyagedelabaleine\/"]}]}},"_links":{"self":[{"href":"https:\/\/voyagedelabaleine.fr\/es\/wp-json\/wp\/v2\/product\/33580","targetHints":{"allow":["GET"]}}],"collection":[{"href":"https:\/\/voyagedelabaleine.fr\/es\/wp-json\/wp\/v2\/product"}],"about":[{"href":"https:\/\/voyagedelabaleine.fr\/es\/wp-json\/wp\/v2\/types\/product"}],"replies":[{"embeddable":true,"href":"https:\/\/voyagedelabaleine.fr\/es\/wp-json\/wp\/v2\/comments?post=33580"}],"wp:featuredmedia":[{"embeddable":true,"href":"https:\/\/voyagedelabaleine.fr\/es\/wp-json\/wp\/v2\/media\/11196"}],"wp:attachment":[{"href":"https:\/\/voyagedelabaleine.fr\/es\/wp-json\/wp\/v2\/media?parent=33580"}],"wp:term":[{"taxonomy":"product_brand","embeddable":true,"href":"https:\/\/voyagedelabaleine.fr\/es\/wp-json\/wp\/v2\/product_brand?post=33580"},{"taxonomy":"product_cat","embeddable":true,"href":"https:\/\/voyagedelabaleine.fr\/es\/wp-json\/wp\/v2\/product_cat?post=33580"},{"taxonomy":"product_tag","embeddable":true,"href":"https:\/\/voyagedelabaleine.fr\/es\/wp-json\/wp\/v2\/product_tag?post=33580"}],"curies":[{"name":"wp","href":"https:\/\/api.w.org\/{rel}","templated":true}]}}