{"id":33677,"date":"2024-04-29T17:48:36","date_gmt":"2024-04-29T15:48:36","guid":{"rendered":"https:\/\/voyagedelabaleine.fr\/product\/conjunto-de-camisa-y-peto-de-rayas-estilo-marinero-para-bebe-nino\/"},"modified":"2026-01-15T09:11:19","modified_gmt":"2026-01-15T08:11:19","slug":"conjunto-de-camisa-y-peto-de-rayas-estilo-marinero-para-bebe-nino","status":"publish","type":"product","link":"https:\/\/voyagedelabaleine.fr\/es\/producto\/conjunto-de-camisa-y-peto-de-rayas-estilo-marinero-para-bebe-nino\/","title":{"rendered":"Conjunto de camisa y peto de rayas estilo marinero para beb\u00e9 ni\u00f1o"},"content":{"rendered":"<p>Sum\u00e9rjase en un universo de elegancia y aventura con nuestro <strong>conjunto de camisa y peto de rayas<\/strong>, una oda al encanto marinero y a los d\u00edas soleados junto al mar. Este conjunto refinado, perfecto para su peque\u00f1o grumete, combina estilo atemporal y confort absoluto, ideal para todas las exploraciones veraniegas. <\/p>\n<p>La <strong>camisa blanca<\/strong> de algod\u00f3n suave se distingue por su <strong>cuello redondo adornado con rayas azules y blancas<\/strong>, un toque sutil que evoca los horizontes marinos y el aire salino. El <strong>peto de rayas a juego<\/strong>, tambi\u00e9n de algod\u00f3n de alta calidad, ofrece un corte pr\u00e1ctico y c\u00f3modo, dise\u00f1ado para acompa\u00f1ar a su hijo en todos sus movimientos. <\/p>\n<p>Este conjunto es el compa\u00f1ero perfecto para multitud de ocasiones: imagine a su peque\u00f1o aventurero recorriendo las playas, jugando en la arena o embarcando para un paseo en barco. El dise\u00f1o vers\u00e1til y sofisticado se adapta tanto a los momentos informales como a las salidas m\u00e1s elegantes en familia. <\/p>\n<p>Este conjunto evoca la elegancia sin esfuerzo de las vacaciones junto al mar. Ofrezca a su hijo la comodidad de un algod\u00f3n transpirable y la belleza de un dise\u00f1o pensado para durar, con acabados cuidados y una confecci\u00f3n impecable. <\/p>\n<p>Transforme cada d\u00eda en una aventura \u00fanica con este <strong>conjunto de camisa y peto de rayas<\/strong>, una prenda que a\u00fana tradici\u00f3n y modernidad. <strong>Fabricado con esmero en Espa\u00f1a<\/strong>, encarna un saber hacer excepcional y se convertir\u00e1 r\u00e1pidamente en un favorito en el armario de su peque\u00f1o capit\u00e1n.<\/p>\n<p>Prep\u00e1rese para navegar con estilo y descubra el placer de un conjunto tan pr\u00e1ctico como elegante para todas las ocasiones especiales de la infancia.<\/p>\n<p><em>Para un look coordinado entre hermano y hermana, y para derretir corazones, elija nuestro <a href=\"https:\/\/voyagedelabaleine.fr\/es\/product\/vestido-de-bebe-nina-de-rayas-con-cuello-grande-estilo-marinero\/\">vestido de rayas con cuello grande estilo marinero<\/a> que combina a la perfecci\u00f3n con este conjunto.<\/em><\/p>\n<p>Fabricado en Espa\u00f1a.<\/p>\n","protected":false},"excerpt":{"rendered":"<ul>\n<li>Blusa de cuello redondo<\/li>\n<li>Peto forrado<\/li>\n<li>Tirantes cruzados en la espalda<\/li>\n<li>100% algod\u00f3n<\/li>\n<li>Fabricado en Espa\u00f1a<br \/>\n<em>Este conjunto tiene un tallaje normal. Elija la talla habitual.<\/em><\/li>\n<\/ul>\n","protected":false},"featured_media":16883,"comment_status":"open","ping_status":"closed","template":"","meta":{"ocean_post_layout":"","ocean_both_sidebars_style":"","ocean_both_sidebars_content_width":0,"ocean_both_sidebars_sidebars_width":0,"ocean_sidebar":"0","ocean_second_sidebar":"0","ocean_disable_margins":"enable","ocean_add_body_class":"","ocean_shortcode_before_top_bar":"","ocean_shortcode_after_top_bar":"","ocean_shortcode_before_header":"","ocean_shortcode_after_header":"","ocean_has_shortcode":"","ocean_shortcode_after_title":"","ocean_shortcode_before_footer_widgets":"","ocean_shortcode_after_footer_widgets":"","ocean_shortcode_before_footer_bottom":"","ocean_shortcode_after_footer_bottom":"","ocean_display_top_bar":"default","ocean_display_header":"default","ocean_header_style":"","ocean_center_header_left_menu":"0","ocean_custom_header_template":"0","ocean_custom_logo":0,"ocean_custom_retina_logo":0,"ocean_custom_logo_max_width":0,"ocean_custom_logo_tablet_max_width":0,"ocean_custom_logo_mobile_max_width":0,"ocean_custom_logo_max_height":0,"ocean_custom_logo_tablet_max_height":0,"ocean_custom_logo_mobile_max_height":0,"ocean_header_custom_menu":"0","ocean_menu_typo_font_family":"0","ocean_menu_typo_font_subset":"","ocean_menu_typo_font_size":0,"ocean_menu_typo_font_size_tablet":0,"ocean_menu_typo_font_size_mobile":0,"ocean_menu_typo_font_size_unit":"px","ocean_menu_typo_font_weight":"","ocean_menu_typo_font_weight_tablet":"","ocean_menu_typo_font_weight_mobile":"","ocean_menu_typo_transform":"","ocean_menu_typo_transform_tablet":"","ocean_menu_typo_transform_mobile":"","ocean_menu_typo_line_height":0,"ocean_menu_typo_line_height_tablet":0,"ocean_menu_typo_line_height_mobile":0,"ocean_menu_typo_line_height_unit":"","ocean_menu_typo_spacing":0,"ocean_menu_typo_spacing_tablet":0,"ocean_menu_typo_spacing_mobile":0,"ocean_menu_typo_spacing_unit":"","ocean_menu_link_color":"","ocean_menu_link_color_hover":"","ocean_menu_link_color_active":"","ocean_menu_link_background":"","ocean_menu_link_hover_background":"","ocean_menu_link_active_background":"","ocean_menu_social_links_bg":"","ocean_menu_social_hover_links_bg":"","ocean_menu_social_links_color":"","ocean_menu_social_hover_links_color":"","ocean_disable_title":"default","ocean_disable_heading":"default","ocean_post_title":"","ocean_post_subheading":"","ocean_post_title_style":"","ocean_post_title_background_color":"","ocean_post_title_background":0,"ocean_post_title_bg_image_position":"","ocean_post_title_bg_image_attachment":"","ocean_post_title_bg_image_repeat":"","ocean_post_title_bg_image_size":"","ocean_post_title_height":0,"ocean_post_title_bg_overlay":0.5,"ocean_post_title_bg_overlay_color":"","ocean_disable_breadcrumbs":"default","ocean_breadcrumbs_color":"","ocean_breadcrumbs_separator_color":"","ocean_breadcrumbs_links_color":"","ocean_breadcrumbs_links_hover_color":"","ocean_display_footer_widgets":"default","ocean_display_footer_bottom":"default","ocean_custom_footer_template":"0","osh_disable_topbar_sticky":"default","osh_disable_header_sticky":"default","osh_sticky_header_style":"default","osh_sticky_header_effect":"","osh_custom_sticky_logo":0,"osh_custom_retina_sticky_logo":0,"osh_custom_sticky_logo_height":0,"osh_background_color":"","osh_links_color":"","osh_links_hover_color":"","osh_links_active_color":"","osh_links_bg_color":"","osh_links_hover_bg_color":"","osh_links_active_bg_color":"","osh_menu_social_links_color":"","osh_menu_social_hover_links_color":""},"product_brand":[],"product_cat":[7017,6997,6877,6849,7019,7005,6879,6857,7013,6993,6873,6845,7031],"product_tag":[],"class_list":{"0":"post-33677","1":"product","2":"type-product","3":"status-publish","4":"has-post-thumbnail","6":"product_cat-blusa-camiseta-nacimiento","7":"product_cat-blusa-camiseta-nacimiento-nino","8":"product_cat-blusa-camiseta-bebe","9":"product_cat-blusa-camiseta-bebe-nino","10":"product_cat-conjuntos-nacimiento","11":"product_cat-conjuntos-nacimiento-nino","12":"product_cat-conjuntos-bebe","13":"product_cat-conjuntos-bebe-nino","14":"product_cat-pelele-peto-ranita-nacimiento","15":"product_cat-pelele-peto-ranita-nacimiento-nino","16":"product_cat-pelele-peto-ranita-bebe","17":"product_cat-pelele-peto-ranita-bebe-nino","18":"product_cat-ropa","20":"entry","21":"has-media","23":"first","24":"instock","25":"taxable","26":"shipping-taxable","27":"purchasable","28":"product-type-variable","29":"has-default-attributes","30":"has-rating","31":"col","32":"span_1_of_3","33":"owp-content-center","34":"owp-thumbs-layout-vertical","35":"owp-btn-big","36":"owp-tabs-layout-vertical","37":"circle-sale"},"yoast_head":"<!-- This site is optimized with the Yoast SEO plugin v27.1.1 - https:\/\/yoast.com\/product\/yoast-seo-wordpress\/ -->\n<title>Camisa y peto de rayas de algod\u00f3n estilo marinero para beb\u00e9<\/title>\n<meta name=\"description\" content=\"Conjunto de camisa y peto de rayas de algod\u00f3n, inspirado en el estilo marinero. Para acompa\u00f1ar a su peque\u00f1o grumete en sus exploraciones. Fabricado en Espa\u00f1a\" \/>\n<meta name=\"robots\" content=\"index, follow, max-snippet:-1, max-image-preview:large, max-video-preview:-1\" \/>\n<link rel=\"canonical\" href=\"https:\/\/voyagedelabaleine.fr\/es\/producto\/conjunto-de-camisa-y-peto-de-rayas-estilo-marinero-para-bebe-nino\/\" \/>\n<meta property=\"og:locale\" content=\"es_ES\" \/>\n<meta property=\"og:type\" content=\"article\" \/>\n<meta property=\"og:title\" content=\"Camisa y peto de rayas de algod\u00f3n estilo marinero para beb\u00e9\" \/>\n<meta property=\"og:description\" content=\"Conjunto de camisa y peto de rayas de algod\u00f3n, inspirado en el estilo marinero. Para acompa\u00f1ar a su peque\u00f1o grumete en sus exploraciones. Fabricado en Espa\u00f1a\" \/>\n<meta property=\"og:url\" content=\"https:\/\/voyagedelabaleine.fr\/es\/producto\/conjunto-de-camisa-y-peto-de-rayas-estilo-marinero-para-bebe-nino\/\" \/>\n<meta property=\"og:site_name\" content=\"Voyage de la Baleine\" \/>\n<meta property=\"article:publisher\" content=\"https:\/\/www.facebook.com\/voyagedelabaleine\/\" \/>\n<meta property=\"article:modified_time\" content=\"2026-01-15T08:11:19+00:00\" \/>\n<meta property=\"og:image\" content=\"https:\/\/voyagedelabaleine.fr\/wp-content\/uploads\/2025\/02\/ensemble-bebe-garcon-barboteuse-esprit-marin.jpg\" \/>\n\t<meta property=\"og:image:width\" content=\"1200\" \/>\n\t<meta property=\"og:image:height\" content=\"1600\" \/>\n\t<meta property=\"og:image:type\" content=\"image\/jpeg\" \/>\n<meta name=\"twitter:card\" content=\"summary_large_image\" \/>\n<meta name=\"twitter:label1\" content=\"Tiempo de lectura\" \/>\n\t<meta name=\"twitter:data1\" content=\"2 minuto\" \/>\n<script type=\"application\/ld+json\" class=\"yoast-schema-graph\">{\"@context\":\"https:\/\/schema.org\",\"@graph\":[{\"@type\":\"WebPage\",\"@id\":\"https:\/\/voyagedelabaleine.fr\/es\/producto\/conjunto-de-camisa-y-peto-de-rayas-estilo-marinero-para-bebe-nino\/\",\"url\":\"https:\/\/voyagedelabaleine.fr\/es\/producto\/conjunto-de-camisa-y-peto-de-rayas-estilo-marinero-para-bebe-nino\/\",\"name\":\"Camisa y peto de rayas de algod\u00f3n estilo marinero para beb\u00e9\",\"isPartOf\":{\"@id\":\"https:\/\/voyagedelabaleine.fr\/es\/#website\"},\"primaryImageOfPage\":{\"@id\":\"https:\/\/voyagedelabaleine.fr\/es\/producto\/conjunto-de-camisa-y-peto-de-rayas-estilo-marinero-para-bebe-nino\/#primaryimage\"},\"image\":{\"@id\":\"https:\/\/voyagedelabaleine.fr\/es\/producto\/conjunto-de-camisa-y-peto-de-rayas-estilo-marinero-para-bebe-nino\/#primaryimage\"},\"thumbnailUrl\":\"https:\/\/voyagedelabaleine.fr\/wp-content\/uploads\/2025\/02\/ensemble-bebe-garcon-barboteuse-esprit-marin.jpg\",\"datePublished\":\"2024-04-29T15:48:36+00:00\",\"dateModified\":\"2026-01-15T08:11:19+00:00\",\"description\":\"Conjunto de camisa y peto de rayas de algod\u00f3n, inspirado en el estilo marinero. Para acompa\u00f1ar a su peque\u00f1o grumete en sus exploraciones. Fabricado en Espa\u00f1a\",\"breadcrumb\":{\"@id\":\"https:\/\/voyagedelabaleine.fr\/es\/producto\/conjunto-de-camisa-y-peto-de-rayas-estilo-marinero-para-bebe-nino\/#breadcrumb\"},\"inLanguage\":\"es\",\"potentialAction\":[{\"@type\":\"ReadAction\",\"target\":[\"https:\/\/voyagedelabaleine.fr\/es\/producto\/conjunto-de-camisa-y-peto-de-rayas-estilo-marinero-para-bebe-nino\/\"]}]},{\"@type\":\"ImageObject\",\"inLanguage\":\"es\",\"@id\":\"https:\/\/voyagedelabaleine.fr\/es\/producto\/conjunto-de-camisa-y-peto-de-rayas-estilo-marinero-para-bebe-nino\/#primaryimage\",\"url\":\"https:\/\/voyagedelabaleine.fr\/wp-content\/uploads\/2025\/02\/ensemble-bebe-garcon-barboteuse-esprit-marin.jpg\",\"contentUrl\":\"https:\/\/voyagedelabaleine.fr\/wp-content\/uploads\/2025\/02\/ensemble-bebe-garcon-barboteuse-esprit-marin.jpg\",\"width\":1200,\"height\":1600,\"caption\":\"Ensemble chemise et salopette ray\u00e9e pour b\u00e9b\u00e9 gar\u00e7on port\u00e9 par un b\u00e9b\u00e9\"},{\"@type\":\"BreadcrumbList\",\"@id\":\"https:\/\/voyagedelabaleine.fr\/es\/producto\/conjunto-de-camisa-y-peto-de-rayas-estilo-marinero-para-bebe-nino\/#breadcrumb\",\"itemListElement\":[{\"@type\":\"ListItem\",\"position\":1,\"name\":\"Accueil\",\"item\":\"https:\/\/voyagedelabaleine.fr\/es\/inicio\/\"},{\"@type\":\"ListItem\",\"position\":2,\"name\":\"Tienda\",\"item\":\"https:\/\/voyagedelabaleine.fr\/es\/tienda\/\"},{\"@type\":\"ListItem\",\"position\":3,\"name\":\"Conjunto de camisa y peto de rayas estilo marinero para beb\u00e9 ni\u00f1o\"}]},{\"@type\":\"WebSite\",\"@id\":\"https:\/\/voyagedelabaleine.fr\/es\/#website\",\"url\":\"https:\/\/voyagedelabaleine.fr\/es\/\",\"name\":\"Voyage de la Baleine\",\"description\":\"V\u00eatements intemporels et raffin\u00e9s pour b\u00e9b\u00e9s et enfants\",\"publisher\":{\"@id\":\"https:\/\/voyagedelabaleine.fr\/es\/#organization\"},\"potentialAction\":[{\"@type\":\"SearchAction\",\"target\":{\"@type\":\"EntryPoint\",\"urlTemplate\":\"https:\/\/voyagedelabaleine.fr\/es\/?s={search_term_string}\"},\"query-input\":{\"@type\":\"PropertyValueSpecification\",\"valueRequired\":true,\"valueName\":\"search_term_string\"}}],\"inLanguage\":\"es\"},{\"@type\":\"Organization\",\"@id\":\"https:\/\/voyagedelabaleine.fr\/es\/#organization\",\"name\":\"Voyage de la Baleine\",\"url\":\"https:\/\/voyagedelabaleine.fr\/es\/\",\"logo\":{\"@type\":\"ImageObject\",\"inLanguage\":\"es\",\"@id\":\"https:\/\/voyagedelabaleine.fr\/es\/#\/schema\/logo\/image\/\",\"url\":\"https:\/\/voyagedelabaleine.fr\/wp-content\/uploads\/2025\/06\/logo.webp\",\"contentUrl\":\"https:\/\/voyagedelabaleine.fr\/wp-content\/uploads\/2025\/06\/logo.webp\",\"width\":153,\"height\":64,\"caption\":\"Voyage de la Baleine\"},\"image\":{\"@id\":\"https:\/\/voyagedelabaleine.fr\/es\/#\/schema\/logo\/image\/\"},\"sameAs\":[\"https:\/\/www.facebook.com\/voyagedelabaleine\/\",\"https:\/\/www.instagram.com\/voyagedelabaleine\/\",\"https:\/\/www.pinterest.fr\/Voyagedelabaleine\/\"]}]}<\/script>\n<!-- \/ Yoast SEO plugin. -->","yoast_head_json":{"title":"Camisa y peto de rayas de algod\u00f3n estilo marinero para beb\u00e9","description":"Conjunto de camisa y peto de rayas de algod\u00f3n, inspirado en el estilo marinero. Para acompa\u00f1ar a su peque\u00f1o grumete en sus exploraciones. Fabricado en Espa\u00f1a","robots":{"index":"index","follow":"follow","max-snippet":"max-snippet:-1","max-image-preview":"max-image-preview:large","max-video-preview":"max-video-preview:-1"},"canonical":"https:\/\/voyagedelabaleine.fr\/es\/producto\/conjunto-de-camisa-y-peto-de-rayas-estilo-marinero-para-bebe-nino\/","og_locale":"es_ES","og_type":"article","og_title":"Camisa y peto de rayas de algod\u00f3n estilo marinero para beb\u00e9","og_description":"Conjunto de camisa y peto de rayas de algod\u00f3n, inspirado en el estilo marinero. Para acompa\u00f1ar a su peque\u00f1o grumete en sus exploraciones. Fabricado en Espa\u00f1a","og_url":"https:\/\/voyagedelabaleine.fr\/es\/producto\/conjunto-de-camisa-y-peto-de-rayas-estilo-marinero-para-bebe-nino\/","og_site_name":"Voyage de la Baleine","article_publisher":"https:\/\/www.facebook.com\/voyagedelabaleine\/","article_modified_time":"2026-01-15T08:11:19+00:00","og_image":[{"width":1200,"height":1600,"url":"https:\/\/voyagedelabaleine.fr\/wp-content\/uploads\/2025\/02\/ensemble-bebe-garcon-barboteuse-esprit-marin.jpg","type":"image\/jpeg"}],"twitter_card":"summary_large_image","twitter_misc":{"Tiempo de lectura":"2 minuto"},"schema":{"@context":"https:\/\/schema.org","@graph":[{"@type":"WebPage","@id":"https:\/\/voyagedelabaleine.fr\/es\/producto\/conjunto-de-camisa-y-peto-de-rayas-estilo-marinero-para-bebe-nino\/","url":"https:\/\/voyagedelabaleine.fr\/es\/producto\/conjunto-de-camisa-y-peto-de-rayas-estilo-marinero-para-bebe-nino\/","name":"Camisa y peto de rayas de algod\u00f3n estilo marinero para beb\u00e9","isPartOf":{"@id":"https:\/\/voyagedelabaleine.fr\/es\/#website"},"primaryImageOfPage":{"@id":"https:\/\/voyagedelabaleine.fr\/es\/producto\/conjunto-de-camisa-y-peto-de-rayas-estilo-marinero-para-bebe-nino\/#primaryimage"},"image":{"@id":"https:\/\/voyagedelabaleine.fr\/es\/producto\/conjunto-de-camisa-y-peto-de-rayas-estilo-marinero-para-bebe-nino\/#primaryimage"},"thumbnailUrl":"https:\/\/voyagedelabaleine.fr\/wp-content\/uploads\/2025\/02\/ensemble-bebe-garcon-barboteuse-esprit-marin.jpg","datePublished":"2024-04-29T15:48:36+00:00","dateModified":"2026-01-15T08:11:19+00:00","description":"Conjunto de camisa y peto de rayas de algod\u00f3n, inspirado en el estilo marinero. Para acompa\u00f1ar a su peque\u00f1o grumete en sus exploraciones. Fabricado en Espa\u00f1a","breadcrumb":{"@id":"https:\/\/voyagedelabaleine.fr\/es\/producto\/conjunto-de-camisa-y-peto-de-rayas-estilo-marinero-para-bebe-nino\/#breadcrumb"},"inLanguage":"es","potentialAction":[{"@type":"ReadAction","target":["https:\/\/voyagedelabaleine.fr\/es\/producto\/conjunto-de-camisa-y-peto-de-rayas-estilo-marinero-para-bebe-nino\/"]}]},{"@type":"ImageObject","inLanguage":"es","@id":"https:\/\/voyagedelabaleine.fr\/es\/producto\/conjunto-de-camisa-y-peto-de-rayas-estilo-marinero-para-bebe-nino\/#primaryimage","url":"https:\/\/voyagedelabaleine.fr\/wp-content\/uploads\/2025\/02\/ensemble-bebe-garcon-barboteuse-esprit-marin.jpg","contentUrl":"https:\/\/voyagedelabaleine.fr\/wp-content\/uploads\/2025\/02\/ensemble-bebe-garcon-barboteuse-esprit-marin.jpg","width":1200,"height":1600,"caption":"Ensemble chemise et salopette ray\u00e9e pour b\u00e9b\u00e9 gar\u00e7on port\u00e9 par un b\u00e9b\u00e9"},{"@type":"BreadcrumbList","@id":"https:\/\/voyagedelabaleine.fr\/es\/producto\/conjunto-de-camisa-y-peto-de-rayas-estilo-marinero-para-bebe-nino\/#breadcrumb","itemListElement":[{"@type":"ListItem","position":1,"name":"Accueil","item":"https:\/\/voyagedelabaleine.fr\/es\/inicio\/"},{"@type":"ListItem","position":2,"name":"Tienda","item":"https:\/\/voyagedelabaleine.fr\/es\/tienda\/"},{"@type":"ListItem","position":3,"name":"Conjunto de camisa y peto de rayas estilo marinero para beb\u00e9 ni\u00f1o"}]},{"@type":"WebSite","@id":"https:\/\/voyagedelabaleine.fr\/es\/#website","url":"https:\/\/voyagedelabaleine.fr\/es\/","name":"Voyage de la Baleine","description":"V\u00eatements intemporels et raffin\u00e9s pour b\u00e9b\u00e9s et enfants","publisher":{"@id":"https:\/\/voyagedelabaleine.fr\/es\/#organization"},"potentialAction":[{"@type":"SearchAction","target":{"@type":"EntryPoint","urlTemplate":"https:\/\/voyagedelabaleine.fr\/es\/?s={search_term_string}"},"query-input":{"@type":"PropertyValueSpecification","valueRequired":true,"valueName":"search_term_string"}}],"inLanguage":"es"},{"@type":"Organization","@id":"https:\/\/voyagedelabaleine.fr\/es\/#organization","name":"Voyage de la Baleine","url":"https:\/\/voyagedelabaleine.fr\/es\/","logo":{"@type":"ImageObject","inLanguage":"es","@id":"https:\/\/voyagedelabaleine.fr\/es\/#\/schema\/logo\/image\/","url":"https:\/\/voyagedelabaleine.fr\/wp-content\/uploads\/2025\/06\/logo.webp","contentUrl":"https:\/\/voyagedelabaleine.fr\/wp-content\/uploads\/2025\/06\/logo.webp","width":153,"height":64,"caption":"Voyage de la Baleine"},"image":{"@id":"https:\/\/voyagedelabaleine.fr\/es\/#\/schema\/logo\/image\/"},"sameAs":["https:\/\/www.facebook.com\/voyagedelabaleine\/","https:\/\/www.instagram.com\/voyagedelabaleine\/","https:\/\/www.pinterest.fr\/Voyagedelabaleine\/"]}]}},"_links":{"self":[{"href":"https:\/\/voyagedelabaleine.fr\/es\/wp-json\/wp\/v2\/product\/33677","targetHints":{"allow":["GET"]}}],"collection":[{"href":"https:\/\/voyagedelabaleine.fr\/es\/wp-json\/wp\/v2\/product"}],"about":[{"href":"https:\/\/voyagedelabaleine.fr\/es\/wp-json\/wp\/v2\/types\/product"}],"replies":[{"embeddable":true,"href":"https:\/\/voyagedelabaleine.fr\/es\/wp-json\/wp\/v2\/comments?post=33677"}],"wp:featuredmedia":[{"embeddable":true,"href":"https:\/\/voyagedelabaleine.fr\/es\/wp-json\/wp\/v2\/media\/16883"}],"wp:attachment":[{"href":"https:\/\/voyagedelabaleine.fr\/es\/wp-json\/wp\/v2\/media?parent=33677"}],"wp:term":[{"taxonomy":"product_brand","embeddable":true,"href":"https:\/\/voyagedelabaleine.fr\/es\/wp-json\/wp\/v2\/product_brand?post=33677"},{"taxonomy":"product_cat","embeddable":true,"href":"https:\/\/voyagedelabaleine.fr\/es\/wp-json\/wp\/v2\/product_cat?post=33677"},{"taxonomy":"product_tag","embeddable":true,"href":"https:\/\/voyagedelabaleine.fr\/es\/wp-json\/wp\/v2\/product_tag?post=33677"}],"curies":[{"name":"wp","href":"https:\/\/api.w.org\/{rel}","templated":true}]}}