{"id":34276,"date":"2025-02-12T14:20:44","date_gmt":"2025-02-12T13:20:44","guid":{"rendered":"https:\/\/voyagedelabaleine.fr\/product\/ranita-con-tirantes-para-bebe-nino-verde\/"},"modified":"2026-01-15T09:13:03","modified_gmt":"2026-01-15T08:13:03","slug":"ranita-con-tirantes-para-bebe-nino-verde","status":"publish","type":"product","link":"https:\/\/voyagedelabaleine.fr\/es\/producto\/ranita-con-tirantes-para-bebe-nino-verde\/","title":{"rendered":"Ranita con tirantes para beb\u00e9 ni\u00f1o &#8211; Verde"},"content":{"rendered":"<p>Descubra nuestra <strong>ranita con tirantes para beb\u00e9 ni\u00f1o<\/strong> verde p\u00e1lido, elegante y pr\u00e1ctica a la vez. Dise\u00f1ada en un <strong>tejido de algod\u00f3n gofrado<\/strong> de alta calidad, esta ranita verde aportar\u00e1 a su beb\u00e9 comodidad y estilo. El material de algod\u00f3n gofrado asegura una sensaci\u00f3n de suavidad contra la piel de su hijo, a la vez que es ligero y transpirable, perfecto para el clima m\u00e1s c\u00e1lido.  <\/p>\n<p>El <strong>dise\u00f1o con tirantes cruzados en la espalda<\/strong> de esta ranita a\u00f1ade un toque encantador y atemporal a la silueta de su beb\u00e9. Estos tirantes aseguran un ajuste seguro a la vez que permiten una gran libertad de movimiento para explorar, jugar y divertirse. El verde de este modelo es un tono vers\u00e1til y cl\u00e1sico, que se combina f\u00e1cilmente con una variedad de colores y estampados, ya sea para un d\u00eda informal o un conjunto m\u00e1s elegante.  <\/p>\n<p>Esta ranita est\u00e1 dise\u00f1ada para ofrecer una <strong>comodidad \u00f3ptima<\/strong> al beb\u00e9 durante todo el d\u00eda. Dispone de una cintura el\u00e1stica que asegura un ajuste suave y c\u00f3modo sin comprimir, permitiendo a su beb\u00e9 moverse libremente. Gracias a su corte pr\u00e1ctico y sus tirantes cruzados, se puede poner y quitar f\u00e1cilmente, lo que la hace especialmente adecuada para el uso diario o para las salidas en familia.  <\/p>\n<p>La <strong>ranita con tirantes para beb\u00e9 ni\u00f1o<\/strong> es una prenda esencial para el armario de verano de su beb\u00e9. Es perfecta para complementar una <a href=\"https:\/\/voyagedelabaleine.fr\/es\/categorie-produit\/bebe\/ropa-chic-bebe\/blusa-camiseta-bebe\/\"><strong>camisa de manga corta<\/strong><\/a> o un <a href=\"https:\/\/voyagedelabaleine.fr\/es\/categorie-produit\/bebe\/body-bebe\/\"><strong>body<\/strong><\/a> para un look fresco y elegante. <\/p>\n<p>Fabricada con esmero, esta <strong>ranita con tirantes para beb\u00e9 ni\u00f1o<\/strong> a\u00fana comodidad, calidad y estilo. Su dise\u00f1o cl\u00e1sico y moderno la convierte en un imprescindible del armario del beb\u00e9, ofreciendo practicidad y elegancia para cada momento. <\/p>\n<p>Fabricado en Espa\u00f1a.<\/p>\n","protected":false},"excerpt":{"rendered":"<ul>\n<li>Tirantes cruzados en la espalda<\/li>\n<li>Cintura el\u00e1stica<\/li>\n<li>100 % algod\u00f3n gofrado<\/li>\n<li>Fabricado en Espa\u00f1a<br \/>\n<em>Este bloomer talla ligeramente peque\u00f1o. Si duda entre dos tallas, elija la talla superior.<\/em><\/li>\n<\/ul>\n","protected":false},"featured_media":17125,"comment_status":"open","ping_status":"closed","template":"","meta":{"ocean_post_layout":"","ocean_both_sidebars_style":"","ocean_both_sidebars_content_width":0,"ocean_both_sidebars_sidebars_width":0,"ocean_sidebar":"0","ocean_second_sidebar":"0","ocean_disable_margins":"enable","ocean_add_body_class":"","ocean_shortcode_before_top_bar":"","ocean_shortcode_after_top_bar":"","ocean_shortcode_before_header":"","ocean_shortcode_after_header":"","ocean_has_shortcode":"","ocean_shortcode_after_title":"","ocean_shortcode_before_footer_widgets":"","ocean_shortcode_after_footer_widgets":"","ocean_shortcode_before_footer_bottom":"","ocean_shortcode_after_footer_bottom":"","ocean_display_top_bar":"default","ocean_display_header":"default","ocean_header_style":"","ocean_center_header_left_menu":"0","ocean_custom_header_template":"0","ocean_custom_logo":0,"ocean_custom_retina_logo":0,"ocean_custom_logo_max_width":0,"ocean_custom_logo_tablet_max_width":0,"ocean_custom_logo_mobile_max_width":0,"ocean_custom_logo_max_height":0,"ocean_custom_logo_tablet_max_height":0,"ocean_custom_logo_mobile_max_height":0,"ocean_header_custom_menu":"0","ocean_menu_typo_font_family":"0","ocean_menu_typo_font_subset":"","ocean_menu_typo_font_size":0,"ocean_menu_typo_font_size_tablet":0,"ocean_menu_typo_font_size_mobile":0,"ocean_menu_typo_font_size_unit":"px","ocean_menu_typo_font_weight":"","ocean_menu_typo_font_weight_tablet":"","ocean_menu_typo_font_weight_mobile":"","ocean_menu_typo_transform":"","ocean_menu_typo_transform_tablet":"","ocean_menu_typo_transform_mobile":"","ocean_menu_typo_line_height":0,"ocean_menu_typo_line_height_tablet":0,"ocean_menu_typo_line_height_mobile":0,"ocean_menu_typo_line_height_unit":"","ocean_menu_typo_spacing":0,"ocean_menu_typo_spacing_tablet":0,"ocean_menu_typo_spacing_mobile":0,"ocean_menu_typo_spacing_unit":"","ocean_menu_link_color":"","ocean_menu_link_color_hover":"","ocean_menu_link_color_active":"","ocean_menu_link_background":"","ocean_menu_link_hover_background":"","ocean_menu_link_active_background":"","ocean_menu_social_links_bg":"","ocean_menu_social_hover_links_bg":"","ocean_menu_social_links_color":"","ocean_menu_social_hover_links_color":"","ocean_disable_title":"default","ocean_disable_heading":"default","ocean_post_title":"","ocean_post_subheading":"","ocean_post_title_style":"","ocean_post_title_background_color":"","ocean_post_title_background":0,"ocean_post_title_bg_image_position":"","ocean_post_title_bg_image_attachment":"","ocean_post_title_bg_image_repeat":"","ocean_post_title_bg_image_size":"","ocean_post_title_height":0,"ocean_post_title_bg_overlay":0.5,"ocean_post_title_bg_overlay_color":"","ocean_disable_breadcrumbs":"default","ocean_breadcrumbs_color":"","ocean_breadcrumbs_separator_color":"","ocean_breadcrumbs_links_color":"","ocean_breadcrumbs_links_hover_color":"","ocean_display_footer_widgets":"default","ocean_display_footer_bottom":"default","ocean_custom_footer_template":"0","osh_disable_topbar_sticky":"default","osh_disable_header_sticky":"default","osh_sticky_header_style":"default","osh_sticky_header_effect":"","osh_custom_sticky_logo":0,"osh_custom_retina_sticky_logo":0,"osh_custom_sticky_logo_height":0,"osh_background_color":"","osh_links_color":"","osh_links_hover_color":"","osh_links_active_color":"","osh_links_bg_color":"","osh_links_hover_bg_color":"","osh_links_active_bg_color":"","osh_menu_social_links_color":"","osh_menu_social_hover_links_color":""},"product_brand":[],"product_cat":[7015,6995,6875,6847,7031],"product_tag":[],"class_list":{"0":"post-34276","1":"product","2":"type-product","3":"status-publish","4":"has-post-thumbnail","6":"product_cat-pololo-short-pantalon-nacimiento","7":"product_cat-pololo-short-pantalon-nacimiento-nino","8":"product_cat-pololo-short-y-pantalon-bebe","9":"product_cat-pololo-short-pantalon-bebe-nino","10":"product_cat-ropa","12":"entry","13":"has-media","15":"first","16":"instock","17":"taxable","18":"shipping-taxable","19":"purchasable","20":"product-type-variable","21":"has-default-attributes","22":"has-rating","23":"col","24":"span_1_of_3","25":"owp-content-center","26":"owp-thumbs-layout-vertical","27":"owp-btn-big","28":"owp-tabs-layout-vertical","29":"circle-sale"},"yoast_head":"<!-- This site is optimized with the Yoast SEO plugin v27.1.1 - https:\/\/yoast.com\/product\/yoast-seo-wordpress\/ -->\n<title>Ranita con tirantes para beb\u00e9 ni\u00f1o - Verde - Voyage de la Baleine<\/title>\n<meta name=\"description\" content=\"Descubra nuestra ranita con tirantes para beb\u00e9 ni\u00f1o verde, elegante y pr\u00e1ctica a la vez. Fabricada con esmero en Espa\u00f1a. 100 % algod\u00f3n.\" \/>\n<meta name=\"robots\" content=\"index, follow, max-snippet:-1, max-image-preview:large, max-video-preview:-1\" \/>\n<link rel=\"canonical\" href=\"https:\/\/voyagedelabaleine.fr\/es\/producto\/ranita-con-tirantes-para-bebe-nino-verde\/\" \/>\n<meta property=\"og:locale\" content=\"es_ES\" \/>\n<meta property=\"og:type\" content=\"article\" \/>\n<meta property=\"og:title\" content=\"Ranita con tirantes para beb\u00e9 ni\u00f1o - Verde - Voyage de la Baleine\" \/>\n<meta property=\"og:description\" content=\"Descubra nuestra ranita con tirantes para beb\u00e9 ni\u00f1o verde, elegante y pr\u00e1ctica a la vez. Fabricada con esmero en Espa\u00f1a. 100 % algod\u00f3n.\" \/>\n<meta property=\"og:url\" content=\"https:\/\/voyagedelabaleine.fr\/es\/producto\/ranita-con-tirantes-para-bebe-nino-verde\/\" \/>\n<meta property=\"og:site_name\" content=\"Voyage de la Baleine\" \/>\n<meta property=\"article:publisher\" content=\"https:\/\/www.facebook.com\/voyagedelabaleine\/\" \/>\n<meta property=\"article:modified_time\" content=\"2026-01-15T08:13:03+00:00\" \/>\n<meta property=\"og:image\" content=\"https:\/\/voyagedelabaleine.fr\/wp-content\/uploads\/2025\/02\/bloomer-bretelles-vert.jpg\" \/>\n\t<meta property=\"og:image:width\" content=\"1200\" \/>\n\t<meta property=\"og:image:height\" content=\"1778\" \/>\n\t<meta property=\"og:image:type\" content=\"image\/jpeg\" \/>\n<meta name=\"twitter:card\" content=\"summary_large_image\" \/>\n<meta name=\"twitter:label1\" content=\"Tiempo de lectura\" \/>\n\t<meta name=\"twitter:data1\" content=\"2 minuto\" \/>\n<script type=\"application\/ld+json\" class=\"yoast-schema-graph\">{\"@context\":\"https:\/\/schema.org\",\"@graph\":[{\"@type\":\"WebPage\",\"@id\":\"https:\/\/voyagedelabaleine.fr\/es\/producto\/ranita-con-tirantes-para-bebe-nino-verde\/\",\"url\":\"https:\/\/voyagedelabaleine.fr\/es\/producto\/ranita-con-tirantes-para-bebe-nino-verde\/\",\"name\":\"Ranita con tirantes para beb\u00e9 ni\u00f1o - Verde - Voyage de la Baleine\",\"isPartOf\":{\"@id\":\"https:\/\/voyagedelabaleine.fr\/es\/#website\"},\"primaryImageOfPage\":{\"@id\":\"https:\/\/voyagedelabaleine.fr\/es\/producto\/ranita-con-tirantes-para-bebe-nino-verde\/#primaryimage\"},\"image\":{\"@id\":\"https:\/\/voyagedelabaleine.fr\/es\/producto\/ranita-con-tirantes-para-bebe-nino-verde\/#primaryimage\"},\"thumbnailUrl\":\"https:\/\/voyagedelabaleine.fr\/wp-content\/uploads\/2025\/02\/bloomer-bretelles-vert.jpg\",\"datePublished\":\"2025-02-12T13:20:44+00:00\",\"dateModified\":\"2026-01-15T08:13:03+00:00\",\"description\":\"Descubra nuestra ranita con tirantes para beb\u00e9 ni\u00f1o verde, elegante y pr\u00e1ctica a la vez. Fabricada con esmero en Espa\u00f1a. 100 % algod\u00f3n.\",\"breadcrumb\":{\"@id\":\"https:\/\/voyagedelabaleine.fr\/es\/producto\/ranita-con-tirantes-para-bebe-nino-verde\/#breadcrumb\"},\"inLanguage\":\"es\",\"potentialAction\":[{\"@type\":\"ReadAction\",\"target\":[\"https:\/\/voyagedelabaleine.fr\/es\/producto\/ranita-con-tirantes-para-bebe-nino-verde\/\"]}]},{\"@type\":\"ImageObject\",\"inLanguage\":\"es\",\"@id\":\"https:\/\/voyagedelabaleine.fr\/es\/producto\/ranita-con-tirantes-para-bebe-nino-verde\/#primaryimage\",\"url\":\"https:\/\/voyagedelabaleine.fr\/wp-content\/uploads\/2025\/02\/bloomer-bretelles-vert.jpg\",\"contentUrl\":\"https:\/\/voyagedelabaleine.fr\/wp-content\/uploads\/2025\/02\/bloomer-bretelles-vert.jpg\",\"width\":1200,\"height\":1778,\"caption\":\"Bloomer \u00e0 bretelles b\u00e9b\u00e9 gar\u00e7on vert\"},{\"@type\":\"BreadcrumbList\",\"@id\":\"https:\/\/voyagedelabaleine.fr\/es\/producto\/ranita-con-tirantes-para-bebe-nino-verde\/#breadcrumb\",\"itemListElement\":[{\"@type\":\"ListItem\",\"position\":1,\"name\":\"Accueil\",\"item\":\"https:\/\/voyagedelabaleine.fr\/es\/inicio\/\"},{\"@type\":\"ListItem\",\"position\":2,\"name\":\"Tienda\",\"item\":\"https:\/\/voyagedelabaleine.fr\/es\/tienda\/\"},{\"@type\":\"ListItem\",\"position\":3,\"name\":\"Ranita con tirantes para beb\u00e9 ni\u00f1o &#8211; Verde\"}]},{\"@type\":\"WebSite\",\"@id\":\"https:\/\/voyagedelabaleine.fr\/es\/#website\",\"url\":\"https:\/\/voyagedelabaleine.fr\/es\/\",\"name\":\"Voyage de la Baleine\",\"description\":\"V\u00eatements intemporels et raffin\u00e9s pour b\u00e9b\u00e9s et enfants\",\"publisher\":{\"@id\":\"https:\/\/voyagedelabaleine.fr\/es\/#organization\"},\"potentialAction\":[{\"@type\":\"SearchAction\",\"target\":{\"@type\":\"EntryPoint\",\"urlTemplate\":\"https:\/\/voyagedelabaleine.fr\/es\/?s={search_term_string}\"},\"query-input\":{\"@type\":\"PropertyValueSpecification\",\"valueRequired\":true,\"valueName\":\"search_term_string\"}}],\"inLanguage\":\"es\"},{\"@type\":\"Organization\",\"@id\":\"https:\/\/voyagedelabaleine.fr\/es\/#organization\",\"name\":\"Voyage de la Baleine\",\"url\":\"https:\/\/voyagedelabaleine.fr\/es\/\",\"logo\":{\"@type\":\"ImageObject\",\"inLanguage\":\"es\",\"@id\":\"https:\/\/voyagedelabaleine.fr\/es\/#\/schema\/logo\/image\/\",\"url\":\"https:\/\/voyagedelabaleine.fr\/wp-content\/uploads\/2025\/06\/logo.webp\",\"contentUrl\":\"https:\/\/voyagedelabaleine.fr\/wp-content\/uploads\/2025\/06\/logo.webp\",\"width\":153,\"height\":64,\"caption\":\"Voyage de la Baleine\"},\"image\":{\"@id\":\"https:\/\/voyagedelabaleine.fr\/es\/#\/schema\/logo\/image\/\"},\"sameAs\":[\"https:\/\/www.facebook.com\/voyagedelabaleine\/\",\"https:\/\/www.instagram.com\/voyagedelabaleine\/\",\"https:\/\/www.pinterest.fr\/Voyagedelabaleine\/\"]}]}<\/script>\n<!-- \/ Yoast SEO plugin. -->","yoast_head_json":{"title":"Ranita con tirantes para beb\u00e9 ni\u00f1o - Verde - Voyage de la Baleine","description":"Descubra nuestra ranita con tirantes para beb\u00e9 ni\u00f1o verde, elegante y pr\u00e1ctica a la vez. Fabricada con esmero en Espa\u00f1a. 100 % algod\u00f3n.","robots":{"index":"index","follow":"follow","max-snippet":"max-snippet:-1","max-image-preview":"max-image-preview:large","max-video-preview":"max-video-preview:-1"},"canonical":"https:\/\/voyagedelabaleine.fr\/es\/producto\/ranita-con-tirantes-para-bebe-nino-verde\/","og_locale":"es_ES","og_type":"article","og_title":"Ranita con tirantes para beb\u00e9 ni\u00f1o - Verde - Voyage de la Baleine","og_description":"Descubra nuestra ranita con tirantes para beb\u00e9 ni\u00f1o verde, elegante y pr\u00e1ctica a la vez. Fabricada con esmero en Espa\u00f1a. 100 % algod\u00f3n.","og_url":"https:\/\/voyagedelabaleine.fr\/es\/producto\/ranita-con-tirantes-para-bebe-nino-verde\/","og_site_name":"Voyage de la Baleine","article_publisher":"https:\/\/www.facebook.com\/voyagedelabaleine\/","article_modified_time":"2026-01-15T08:13:03+00:00","og_image":[{"width":1200,"height":1778,"url":"https:\/\/voyagedelabaleine.fr\/wp-content\/uploads\/2025\/02\/bloomer-bretelles-vert.jpg","type":"image\/jpeg"}],"twitter_card":"summary_large_image","twitter_misc":{"Tiempo de lectura":"2 minuto"},"schema":{"@context":"https:\/\/schema.org","@graph":[{"@type":"WebPage","@id":"https:\/\/voyagedelabaleine.fr\/es\/producto\/ranita-con-tirantes-para-bebe-nino-verde\/","url":"https:\/\/voyagedelabaleine.fr\/es\/producto\/ranita-con-tirantes-para-bebe-nino-verde\/","name":"Ranita con tirantes para beb\u00e9 ni\u00f1o - Verde - Voyage de la Baleine","isPartOf":{"@id":"https:\/\/voyagedelabaleine.fr\/es\/#website"},"primaryImageOfPage":{"@id":"https:\/\/voyagedelabaleine.fr\/es\/producto\/ranita-con-tirantes-para-bebe-nino-verde\/#primaryimage"},"image":{"@id":"https:\/\/voyagedelabaleine.fr\/es\/producto\/ranita-con-tirantes-para-bebe-nino-verde\/#primaryimage"},"thumbnailUrl":"https:\/\/voyagedelabaleine.fr\/wp-content\/uploads\/2025\/02\/bloomer-bretelles-vert.jpg","datePublished":"2025-02-12T13:20:44+00:00","dateModified":"2026-01-15T08:13:03+00:00","description":"Descubra nuestra ranita con tirantes para beb\u00e9 ni\u00f1o verde, elegante y pr\u00e1ctica a la vez. Fabricada con esmero en Espa\u00f1a. 100 % algod\u00f3n.","breadcrumb":{"@id":"https:\/\/voyagedelabaleine.fr\/es\/producto\/ranita-con-tirantes-para-bebe-nino-verde\/#breadcrumb"},"inLanguage":"es","potentialAction":[{"@type":"ReadAction","target":["https:\/\/voyagedelabaleine.fr\/es\/producto\/ranita-con-tirantes-para-bebe-nino-verde\/"]}]},{"@type":"ImageObject","inLanguage":"es","@id":"https:\/\/voyagedelabaleine.fr\/es\/producto\/ranita-con-tirantes-para-bebe-nino-verde\/#primaryimage","url":"https:\/\/voyagedelabaleine.fr\/wp-content\/uploads\/2025\/02\/bloomer-bretelles-vert.jpg","contentUrl":"https:\/\/voyagedelabaleine.fr\/wp-content\/uploads\/2025\/02\/bloomer-bretelles-vert.jpg","width":1200,"height":1778,"caption":"Bloomer \u00e0 bretelles b\u00e9b\u00e9 gar\u00e7on vert"},{"@type":"BreadcrumbList","@id":"https:\/\/voyagedelabaleine.fr\/es\/producto\/ranita-con-tirantes-para-bebe-nino-verde\/#breadcrumb","itemListElement":[{"@type":"ListItem","position":1,"name":"Accueil","item":"https:\/\/voyagedelabaleine.fr\/es\/inicio\/"},{"@type":"ListItem","position":2,"name":"Tienda","item":"https:\/\/voyagedelabaleine.fr\/es\/tienda\/"},{"@type":"ListItem","position":3,"name":"Ranita con tirantes para beb\u00e9 ni\u00f1o &#8211; Verde"}]},{"@type":"WebSite","@id":"https:\/\/voyagedelabaleine.fr\/es\/#website","url":"https:\/\/voyagedelabaleine.fr\/es\/","name":"Voyage de la Baleine","description":"V\u00eatements intemporels et raffin\u00e9s pour b\u00e9b\u00e9s et enfants","publisher":{"@id":"https:\/\/voyagedelabaleine.fr\/es\/#organization"},"potentialAction":[{"@type":"SearchAction","target":{"@type":"EntryPoint","urlTemplate":"https:\/\/voyagedelabaleine.fr\/es\/?s={search_term_string}"},"query-input":{"@type":"PropertyValueSpecification","valueRequired":true,"valueName":"search_term_string"}}],"inLanguage":"es"},{"@type":"Organization","@id":"https:\/\/voyagedelabaleine.fr\/es\/#organization","name":"Voyage de la Baleine","url":"https:\/\/voyagedelabaleine.fr\/es\/","logo":{"@type":"ImageObject","inLanguage":"es","@id":"https:\/\/voyagedelabaleine.fr\/es\/#\/schema\/logo\/image\/","url":"https:\/\/voyagedelabaleine.fr\/wp-content\/uploads\/2025\/06\/logo.webp","contentUrl":"https:\/\/voyagedelabaleine.fr\/wp-content\/uploads\/2025\/06\/logo.webp","width":153,"height":64,"caption":"Voyage de la Baleine"},"image":{"@id":"https:\/\/voyagedelabaleine.fr\/es\/#\/schema\/logo\/image\/"},"sameAs":["https:\/\/www.facebook.com\/voyagedelabaleine\/","https:\/\/www.instagram.com\/voyagedelabaleine\/","https:\/\/www.pinterest.fr\/Voyagedelabaleine\/"]}]}},"_links":{"self":[{"href":"https:\/\/voyagedelabaleine.fr\/es\/wp-json\/wp\/v2\/product\/34276","targetHints":{"allow":["GET"]}}],"collection":[{"href":"https:\/\/voyagedelabaleine.fr\/es\/wp-json\/wp\/v2\/product"}],"about":[{"href":"https:\/\/voyagedelabaleine.fr\/es\/wp-json\/wp\/v2\/types\/product"}],"replies":[{"embeddable":true,"href":"https:\/\/voyagedelabaleine.fr\/es\/wp-json\/wp\/v2\/comments?post=34276"}],"wp:featuredmedia":[{"embeddable":true,"href":"https:\/\/voyagedelabaleine.fr\/es\/wp-json\/wp\/v2\/media\/17125"}],"wp:attachment":[{"href":"https:\/\/voyagedelabaleine.fr\/es\/wp-json\/wp\/v2\/media?parent=34276"}],"wp:term":[{"taxonomy":"product_brand","embeddable":true,"href":"https:\/\/voyagedelabaleine.fr\/es\/wp-json\/wp\/v2\/product_brand?post=34276"},{"taxonomy":"product_cat","embeddable":true,"href":"https:\/\/voyagedelabaleine.fr\/es\/wp-json\/wp\/v2\/product_cat?post=34276"},{"taxonomy":"product_tag","embeddable":true,"href":"https:\/\/voyagedelabaleine.fr\/es\/wp-json\/wp\/v2\/product_tag?post=34276"}],"curies":[{"name":"wp","href":"https:\/\/api.w.org\/{rel}","templated":true}]}}