{"id":34363,"date":"2025-02-12T14:27:43","date_gmt":"2025-02-12T13:27:43","guid":{"rendered":"https:\/\/voyagedelabaleine.fr\/product\/braga-para-bebe-nina-de-cuadros-vichy-verde\/"},"modified":"2026-02-16T14:41:26","modified_gmt":"2026-02-16T13:41:26","slug":"braga-para-bebe-nina-de-cuadros-vichy-verde","status":"publish","type":"product","link":"https:\/\/voyagedelabaleine.fr\/es\/producto\/braga-para-bebe-nina-de-cuadros-vichy-verde\/","title":{"rendered":"Braga para beb\u00e9 ni\u00f1a de cuadros vichy &#8211; Verde"},"content":{"rendered":"<p>Aporte un toque de dulzura y ligereza al armario de su peque\u00f1a con nuestra <strong>braga para beb\u00e9 ni\u00f1a de cuadros vichy verde<\/strong>. Perfecta para los d\u00edas soleados y las ocasiones especiales, esta braga est\u00e1 dise\u00f1ada para ofrecer a su hija un look elegante y c\u00f3modo a la vez. Su corte con volantes y su <strong>efecto faldita<\/strong> le dan un aire coqueto y lleno de encanto, ideal para todas las ni\u00f1as que buscan ternura y estilo.  <\/p>\n<p>El <strong>cuadro vichy verde<\/strong>, delicado e intemporal, a\u00f1ade una dimensi\u00f3n a la vez chic y l\u00fadica a esta braga, mientras que su corte ligeramente abombado con un <strong>volante<\/strong> crea una silueta ligera y din\u00e1mica. El tejido de <strong>algod\u00f3n suave<\/strong> asegura una gran transpirabilidad y un confort \u00f3ptimo para su beb\u00e9, a la vez que es lo suficientemente resistente para acompa\u00f1ar sus movimientos durante todo el d\u00eda. <\/p>\n<p>Gracias a su <strong>cintura el\u00e1stica<\/strong>, esta braga es f\u00e1cil de poner y quitar, garantizando a su hija una gran libertad de movimiento a la vez que se mantiene bien ajustada. Se adapta perfectamente a la morfolog\u00eda de su peque\u00f1a, para una comodidad m\u00e1xima. Perfecta para llevar con una blusa bonita, una camiseta o un body, esta braga se presta a una multitud de conjuntos primaverales y veraniegos.  <\/p>\n<p>Ya sea para un picnic en familia, una salida al parque o una ocasi\u00f3n m\u00e1s elegante, la <strong>braga para beb\u00e9 ni\u00f1a de cuadros vichy verde<\/strong> es el elemento esencial para un vestuario refinado. Combina practicidad y elegancia, para ofrecer a su peque\u00f1a un conjunto elegante, c\u00f3modo y f\u00e1cil de llevar. <\/p>\n<p>\u00a1Una prenda imprescindible para los d\u00edas soleados y una elecci\u00f3n perfecta para que su hija brille con estilo!<\/p>\n<p>Esta braga tambi\u00e9n existe en su <a href=\"https:\/\/voyagedelabaleine.fr\/es\/product\/bloomer-de-bebe-nino-con-estampado-de-cuadros-vichy-verde\/\">versi\u00f3n para ni\u00f1o<\/a>.<\/p>\n<p>Fabricado en Espa\u00f1a.<\/p>\n","protected":false},"excerpt":{"rendered":"<ul>\n<li>Cintura el\u00e1stica<\/li>\n<li>Volante con efecto faldita<\/li>\n<li>100% algod\u00f3n<\/li>\n<li>Fabricado en Espa\u00f1a<br \/>\n<em>Este bloomer talla ligeramente peque\u00f1o. Si duda entre dos tallas, elija la talla superior.<\/em><\/li>\n<\/ul>\n","protected":false},"featured_media":16424,"comment_status":"open","ping_status":"closed","template":"","meta":{"ocean_post_layout":"","ocean_both_sidebars_style":"","ocean_both_sidebars_content_width":0,"ocean_both_sidebars_sidebars_width":0,"ocean_sidebar":"0","ocean_second_sidebar":"0","ocean_disable_margins":"enable","ocean_add_body_class":"","ocean_shortcode_before_top_bar":"","ocean_shortcode_after_top_bar":"","ocean_shortcode_before_header":"","ocean_shortcode_after_header":"","ocean_has_shortcode":"","ocean_shortcode_after_title":"","ocean_shortcode_before_footer_widgets":"","ocean_shortcode_after_footer_widgets":"","ocean_shortcode_before_footer_bottom":"","ocean_shortcode_after_footer_bottom":"","ocean_display_top_bar":"default","ocean_display_header":"default","ocean_header_style":"","ocean_center_header_left_menu":"0","ocean_custom_header_template":"0","ocean_custom_logo":0,"ocean_custom_retina_logo":0,"ocean_custom_logo_max_width":0,"ocean_custom_logo_tablet_max_width":0,"ocean_custom_logo_mobile_max_width":0,"ocean_custom_logo_max_height":0,"ocean_custom_logo_tablet_max_height":0,"ocean_custom_logo_mobile_max_height":0,"ocean_header_custom_menu":"0","ocean_menu_typo_font_family":"0","ocean_menu_typo_font_subset":"","ocean_menu_typo_font_size":0,"ocean_menu_typo_font_size_tablet":0,"ocean_menu_typo_font_size_mobile":0,"ocean_menu_typo_font_size_unit":"px","ocean_menu_typo_font_weight":"","ocean_menu_typo_font_weight_tablet":"","ocean_menu_typo_font_weight_mobile":"","ocean_menu_typo_transform":"","ocean_menu_typo_transform_tablet":"","ocean_menu_typo_transform_mobile":"","ocean_menu_typo_line_height":0,"ocean_menu_typo_line_height_tablet":0,"ocean_menu_typo_line_height_mobile":0,"ocean_menu_typo_line_height_unit":"","ocean_menu_typo_spacing":0,"ocean_menu_typo_spacing_tablet":0,"ocean_menu_typo_spacing_mobile":0,"ocean_menu_typo_spacing_unit":"","ocean_menu_link_color":"","ocean_menu_link_color_hover":"","ocean_menu_link_color_active":"","ocean_menu_link_background":"","ocean_menu_link_hover_background":"","ocean_menu_link_active_background":"","ocean_menu_social_links_bg":"","ocean_menu_social_hover_links_bg":"","ocean_menu_social_links_color":"","ocean_menu_social_hover_links_color":"","ocean_disable_title":"default","ocean_disable_heading":"default","ocean_post_title":"","ocean_post_subheading":"","ocean_post_title_style":"","ocean_post_title_background_color":"","ocean_post_title_background":0,"ocean_post_title_bg_image_position":"","ocean_post_title_bg_image_attachment":"","ocean_post_title_bg_image_repeat":"","ocean_post_title_bg_image_size":"","ocean_post_title_height":0,"ocean_post_title_bg_overlay":0.5,"ocean_post_title_bg_overlay_color":"","ocean_disable_breadcrumbs":"default","ocean_breadcrumbs_color":"","ocean_breadcrumbs_separator_color":"","ocean_breadcrumbs_links_color":"","ocean_breadcrumbs_links_hover_color":"","ocean_display_footer_widgets":"default","ocean_display_footer_bottom":"default","ocean_custom_footer_template":"0","osh_disable_topbar_sticky":"default","osh_disable_header_sticky":"default","osh_sticky_header_style":"default","osh_sticky_header_effect":"","osh_custom_sticky_logo":0,"osh_custom_retina_sticky_logo":0,"osh_custom_sticky_logo_height":0,"osh_background_color":"","osh_links_color":"","osh_links_hover_color":"","osh_links_active_color":"","osh_links_bg_color":"","osh_links_hover_bg_color":"","osh_links_active_bg_color":"","osh_menu_social_links_color":"","osh_menu_social_hover_links_color":""},"product_brand":[],"product_cat":[7015,6973,6875,6820,7031,6955],"product_tag":[],"class_list":{"0":"post-34363","1":"product","2":"type-product","3":"status-publish","4":"has-post-thumbnail","6":"product_cat-pololo-short-pantalon-nacimiento","7":"product_cat-pololo-short-pantalon-nacimiento-nina","8":"product_cat-pololo-short-y-pantalon-bebe","9":"product_cat-pololo-short-pantalon-bebe-nina","10":"product_cat-ropa","11":"product_cat-ultima-oportunidad","13":"entry","14":"has-media","16":"first","17":"outofstock","18":"taxable","19":"shipping-taxable","20":"purchasable","21":"product-type-variable","22":"has-default-attributes","23":"has-rating","24":"col","25":"span_1_of_3","26":"owp-content-center","27":"owp-thumbs-layout-vertical","28":"owp-btn-big","29":"owp-tabs-layout-vertical","30":"circle-sale"},"yoast_head":"<!-- This site is optimized with the Yoast SEO plugin v27.1.1 - https:\/\/yoast.com\/product\/yoast-seo-wordpress\/ -->\n<title>Braga para beb\u00e9 ni\u00f1a de cuadros vichy verde- Voyage de la Baleine<\/title>\n<meta name=\"description\" content=\"Aporte un toque de dulzura y ligereza al armario de su peque\u00f1a con nuestra braga para beb\u00e9 ni\u00f1a de cuadros vichy verde.\" \/>\n<meta name=\"robots\" content=\"index, follow, max-snippet:-1, max-image-preview:large, max-video-preview:-1\" \/>\n<link rel=\"canonical\" href=\"https:\/\/voyagedelabaleine.fr\/es\/producto\/braga-para-bebe-nina-de-cuadros-vichy-verde\/\" \/>\n<meta property=\"og:locale\" content=\"es_ES\" \/>\n<meta property=\"og:type\" content=\"article\" \/>\n<meta property=\"og:title\" content=\"Braga para beb\u00e9 ni\u00f1a de cuadros vichy verde- Voyage de la Baleine\" \/>\n<meta property=\"og:description\" content=\"Aporte un toque de dulzura y ligereza al armario de su peque\u00f1a con nuestra braga para beb\u00e9 ni\u00f1a de cuadros vichy verde.\" \/>\n<meta property=\"og:url\" content=\"https:\/\/voyagedelabaleine.fr\/es\/producto\/braga-para-bebe-nina-de-cuadros-vichy-verde\/\" \/>\n<meta property=\"og:site_name\" content=\"Voyage de la Baleine\" \/>\n<meta property=\"article:publisher\" content=\"https:\/\/www.facebook.com\/voyagedelabaleine\/\" \/>\n<meta property=\"article:modified_time\" content=\"2026-02-16T13:41:26+00:00\" \/>\n<meta property=\"og:image\" content=\"https:\/\/voyagedelabaleine.fr\/wp-content\/uploads\/2025\/01\/bloomer-bebe-fille-carreaux-verts.jpg\" \/>\n\t<meta property=\"og:image:width\" content=\"1350\" \/>\n\t<meta property=\"og:image:height\" content=\"1508\" \/>\n\t<meta property=\"og:image:type\" content=\"image\/jpeg\" \/>\n<meta name=\"twitter:card\" content=\"summary_large_image\" \/>\n<meta name=\"twitter:label1\" content=\"Tiempo de lectura\" \/>\n\t<meta name=\"twitter:data1\" content=\"2 minuto\" \/>\n<script type=\"application\/ld+json\" class=\"yoast-schema-graph\">{\"@context\":\"https:\/\/schema.org\",\"@graph\":[{\"@type\":\"WebPage\",\"@id\":\"https:\/\/voyagedelabaleine.fr\/es\/producto\/braga-para-bebe-nina-de-cuadros-vichy-verde\/\",\"url\":\"https:\/\/voyagedelabaleine.fr\/es\/producto\/braga-para-bebe-nina-de-cuadros-vichy-verde\/\",\"name\":\"Braga para beb\u00e9 ni\u00f1a de cuadros vichy verde- Voyage de la Baleine\",\"isPartOf\":{\"@id\":\"https:\/\/voyagedelabaleine.fr\/es\/#website\"},\"primaryImageOfPage\":{\"@id\":\"https:\/\/voyagedelabaleine.fr\/es\/producto\/braga-para-bebe-nina-de-cuadros-vichy-verde\/#primaryimage\"},\"image\":{\"@id\":\"https:\/\/voyagedelabaleine.fr\/es\/producto\/braga-para-bebe-nina-de-cuadros-vichy-verde\/#primaryimage\"},\"thumbnailUrl\":\"https:\/\/voyagedelabaleine.fr\/wp-content\/uploads\/2025\/01\/bloomer-bebe-fille-carreaux-verts.jpg\",\"datePublished\":\"2025-02-12T13:27:43+00:00\",\"dateModified\":\"2026-02-16T13:41:26+00:00\",\"description\":\"Aporte un toque de dulzura y ligereza al armario de su peque\u00f1a con nuestra braga para beb\u00e9 ni\u00f1a de cuadros vichy verde.\",\"breadcrumb\":{\"@id\":\"https:\/\/voyagedelabaleine.fr\/es\/producto\/braga-para-bebe-nina-de-cuadros-vichy-verde\/#breadcrumb\"},\"inLanguage\":\"es\",\"potentialAction\":[{\"@type\":\"ReadAction\",\"target\":[\"https:\/\/voyagedelabaleine.fr\/es\/producto\/braga-para-bebe-nina-de-cuadros-vichy-verde\/\"]}]},{\"@type\":\"ImageObject\",\"inLanguage\":\"es\",\"@id\":\"https:\/\/voyagedelabaleine.fr\/es\/producto\/braga-para-bebe-nina-de-cuadros-vichy-verde\/#primaryimage\",\"url\":\"https:\/\/voyagedelabaleine.fr\/wp-content\/uploads\/2025\/01\/bloomer-bebe-fille-carreaux-verts.jpg\",\"contentUrl\":\"https:\/\/voyagedelabaleine.fr\/wp-content\/uploads\/2025\/01\/bloomer-bebe-fille-carreaux-verts.jpg\",\"width\":1350,\"height\":1508,\"caption\":\"Bloomer b\u00e9b\u00e9 fille \u00e0 carreaux vichy vert\"},{\"@type\":\"BreadcrumbList\",\"@id\":\"https:\/\/voyagedelabaleine.fr\/es\/producto\/braga-para-bebe-nina-de-cuadros-vichy-verde\/#breadcrumb\",\"itemListElement\":[{\"@type\":\"ListItem\",\"position\":1,\"name\":\"Accueil\",\"item\":\"https:\/\/voyagedelabaleine.fr\/es\/inicio\/\"},{\"@type\":\"ListItem\",\"position\":2,\"name\":\"Tienda\",\"item\":\"https:\/\/voyagedelabaleine.fr\/es\/tienda\/\"},{\"@type\":\"ListItem\",\"position\":3,\"name\":\"Braga para beb\u00e9 ni\u00f1a de cuadros vichy &#8211; Verde\"}]},{\"@type\":\"WebSite\",\"@id\":\"https:\/\/voyagedelabaleine.fr\/es\/#website\",\"url\":\"https:\/\/voyagedelabaleine.fr\/es\/\",\"name\":\"Voyage de la Baleine\",\"description\":\"V\u00eatements intemporels et raffin\u00e9s pour b\u00e9b\u00e9s et enfants\",\"publisher\":{\"@id\":\"https:\/\/voyagedelabaleine.fr\/es\/#organization\"},\"potentialAction\":[{\"@type\":\"SearchAction\",\"target\":{\"@type\":\"EntryPoint\",\"urlTemplate\":\"https:\/\/voyagedelabaleine.fr\/es\/?s={search_term_string}\"},\"query-input\":{\"@type\":\"PropertyValueSpecification\",\"valueRequired\":true,\"valueName\":\"search_term_string\"}}],\"inLanguage\":\"es\"},{\"@type\":\"Organization\",\"@id\":\"https:\/\/voyagedelabaleine.fr\/es\/#organization\",\"name\":\"Voyage de la Baleine\",\"url\":\"https:\/\/voyagedelabaleine.fr\/es\/\",\"logo\":{\"@type\":\"ImageObject\",\"inLanguage\":\"es\",\"@id\":\"https:\/\/voyagedelabaleine.fr\/es\/#\/schema\/logo\/image\/\",\"url\":\"https:\/\/voyagedelabaleine.fr\/wp-content\/uploads\/2025\/06\/logo.webp\",\"contentUrl\":\"https:\/\/voyagedelabaleine.fr\/wp-content\/uploads\/2025\/06\/logo.webp\",\"width\":153,\"height\":64,\"caption\":\"Voyage de la Baleine\"},\"image\":{\"@id\":\"https:\/\/voyagedelabaleine.fr\/es\/#\/schema\/logo\/image\/\"},\"sameAs\":[\"https:\/\/www.facebook.com\/voyagedelabaleine\/\",\"https:\/\/www.instagram.com\/voyagedelabaleine\/\",\"https:\/\/www.pinterest.fr\/Voyagedelabaleine\/\"]}]}<\/script>\n<!-- \/ Yoast SEO plugin. -->","yoast_head_json":{"title":"Braga para beb\u00e9 ni\u00f1a de cuadros vichy verde- Voyage de la Baleine","description":"Aporte un toque de dulzura y ligereza al armario de su peque\u00f1a con nuestra braga para beb\u00e9 ni\u00f1a de cuadros vichy verde.","robots":{"index":"index","follow":"follow","max-snippet":"max-snippet:-1","max-image-preview":"max-image-preview:large","max-video-preview":"max-video-preview:-1"},"canonical":"https:\/\/voyagedelabaleine.fr\/es\/producto\/braga-para-bebe-nina-de-cuadros-vichy-verde\/","og_locale":"es_ES","og_type":"article","og_title":"Braga para beb\u00e9 ni\u00f1a de cuadros vichy verde- Voyage de la Baleine","og_description":"Aporte un toque de dulzura y ligereza al armario de su peque\u00f1a con nuestra braga para beb\u00e9 ni\u00f1a de cuadros vichy verde.","og_url":"https:\/\/voyagedelabaleine.fr\/es\/producto\/braga-para-bebe-nina-de-cuadros-vichy-verde\/","og_site_name":"Voyage de la Baleine","article_publisher":"https:\/\/www.facebook.com\/voyagedelabaleine\/","article_modified_time":"2026-02-16T13:41:26+00:00","og_image":[{"width":1350,"height":1508,"url":"https:\/\/voyagedelabaleine.fr\/wp-content\/uploads\/2025\/01\/bloomer-bebe-fille-carreaux-verts.jpg","type":"image\/jpeg"}],"twitter_card":"summary_large_image","twitter_misc":{"Tiempo de lectura":"2 minuto"},"schema":{"@context":"https:\/\/schema.org","@graph":[{"@type":"WebPage","@id":"https:\/\/voyagedelabaleine.fr\/es\/producto\/braga-para-bebe-nina-de-cuadros-vichy-verde\/","url":"https:\/\/voyagedelabaleine.fr\/es\/producto\/braga-para-bebe-nina-de-cuadros-vichy-verde\/","name":"Braga para beb\u00e9 ni\u00f1a de cuadros vichy verde- Voyage de la Baleine","isPartOf":{"@id":"https:\/\/voyagedelabaleine.fr\/es\/#website"},"primaryImageOfPage":{"@id":"https:\/\/voyagedelabaleine.fr\/es\/producto\/braga-para-bebe-nina-de-cuadros-vichy-verde\/#primaryimage"},"image":{"@id":"https:\/\/voyagedelabaleine.fr\/es\/producto\/braga-para-bebe-nina-de-cuadros-vichy-verde\/#primaryimage"},"thumbnailUrl":"https:\/\/voyagedelabaleine.fr\/wp-content\/uploads\/2025\/01\/bloomer-bebe-fille-carreaux-verts.jpg","datePublished":"2025-02-12T13:27:43+00:00","dateModified":"2026-02-16T13:41:26+00:00","description":"Aporte un toque de dulzura y ligereza al armario de su peque\u00f1a con nuestra braga para beb\u00e9 ni\u00f1a de cuadros vichy verde.","breadcrumb":{"@id":"https:\/\/voyagedelabaleine.fr\/es\/producto\/braga-para-bebe-nina-de-cuadros-vichy-verde\/#breadcrumb"},"inLanguage":"es","potentialAction":[{"@type":"ReadAction","target":["https:\/\/voyagedelabaleine.fr\/es\/producto\/braga-para-bebe-nina-de-cuadros-vichy-verde\/"]}]},{"@type":"ImageObject","inLanguage":"es","@id":"https:\/\/voyagedelabaleine.fr\/es\/producto\/braga-para-bebe-nina-de-cuadros-vichy-verde\/#primaryimage","url":"https:\/\/voyagedelabaleine.fr\/wp-content\/uploads\/2025\/01\/bloomer-bebe-fille-carreaux-verts.jpg","contentUrl":"https:\/\/voyagedelabaleine.fr\/wp-content\/uploads\/2025\/01\/bloomer-bebe-fille-carreaux-verts.jpg","width":1350,"height":1508,"caption":"Bloomer b\u00e9b\u00e9 fille \u00e0 carreaux vichy vert"},{"@type":"BreadcrumbList","@id":"https:\/\/voyagedelabaleine.fr\/es\/producto\/braga-para-bebe-nina-de-cuadros-vichy-verde\/#breadcrumb","itemListElement":[{"@type":"ListItem","position":1,"name":"Accueil","item":"https:\/\/voyagedelabaleine.fr\/es\/inicio\/"},{"@type":"ListItem","position":2,"name":"Tienda","item":"https:\/\/voyagedelabaleine.fr\/es\/tienda\/"},{"@type":"ListItem","position":3,"name":"Braga para beb\u00e9 ni\u00f1a de cuadros vichy &#8211; Verde"}]},{"@type":"WebSite","@id":"https:\/\/voyagedelabaleine.fr\/es\/#website","url":"https:\/\/voyagedelabaleine.fr\/es\/","name":"Voyage de la Baleine","description":"V\u00eatements intemporels et raffin\u00e9s pour b\u00e9b\u00e9s et enfants","publisher":{"@id":"https:\/\/voyagedelabaleine.fr\/es\/#organization"},"potentialAction":[{"@type":"SearchAction","target":{"@type":"EntryPoint","urlTemplate":"https:\/\/voyagedelabaleine.fr\/es\/?s={search_term_string}"},"query-input":{"@type":"PropertyValueSpecification","valueRequired":true,"valueName":"search_term_string"}}],"inLanguage":"es"},{"@type":"Organization","@id":"https:\/\/voyagedelabaleine.fr\/es\/#organization","name":"Voyage de la Baleine","url":"https:\/\/voyagedelabaleine.fr\/es\/","logo":{"@type":"ImageObject","inLanguage":"es","@id":"https:\/\/voyagedelabaleine.fr\/es\/#\/schema\/logo\/image\/","url":"https:\/\/voyagedelabaleine.fr\/wp-content\/uploads\/2025\/06\/logo.webp","contentUrl":"https:\/\/voyagedelabaleine.fr\/wp-content\/uploads\/2025\/06\/logo.webp","width":153,"height":64,"caption":"Voyage de la Baleine"},"image":{"@id":"https:\/\/voyagedelabaleine.fr\/es\/#\/schema\/logo\/image\/"},"sameAs":["https:\/\/www.facebook.com\/voyagedelabaleine\/","https:\/\/www.instagram.com\/voyagedelabaleine\/","https:\/\/www.pinterest.fr\/Voyagedelabaleine\/"]}]}},"_links":{"self":[{"href":"https:\/\/voyagedelabaleine.fr\/es\/wp-json\/wp\/v2\/product\/34363","targetHints":{"allow":["GET"]}}],"collection":[{"href":"https:\/\/voyagedelabaleine.fr\/es\/wp-json\/wp\/v2\/product"}],"about":[{"href":"https:\/\/voyagedelabaleine.fr\/es\/wp-json\/wp\/v2\/types\/product"}],"replies":[{"embeddable":true,"href":"https:\/\/voyagedelabaleine.fr\/es\/wp-json\/wp\/v2\/comments?post=34363"}],"wp:featuredmedia":[{"embeddable":true,"href":"https:\/\/voyagedelabaleine.fr\/es\/wp-json\/wp\/v2\/media\/16424"}],"wp:attachment":[{"href":"https:\/\/voyagedelabaleine.fr\/es\/wp-json\/wp\/v2\/media?parent=34363"}],"wp:term":[{"taxonomy":"product_brand","embeddable":true,"href":"https:\/\/voyagedelabaleine.fr\/es\/wp-json\/wp\/v2\/product_brand?post=34363"},{"taxonomy":"product_cat","embeddable":true,"href":"https:\/\/voyagedelabaleine.fr\/es\/wp-json\/wp\/v2\/product_cat?post=34363"},{"taxonomy":"product_tag","embeddable":true,"href":"https:\/\/voyagedelabaleine.fr\/es\/wp-json\/wp\/v2\/product_tag?post=34363"}],"curies":[{"name":"wp","href":"https:\/\/api.w.org\/{rel}","templated":true}]}}