{"id":34803,"date":"2025-08-23T10:59:39","date_gmt":"2025-08-23T08:59:39","guid":{"rendered":"https:\/\/voyagedelabaleine.fr\/product\/pijama-de-terciopelo-para-bebe-nina-beige\/"},"modified":"2026-01-15T09:14:22","modified_gmt":"2026-01-15T08:14:22","slug":"pijama-de-terciopelo-para-bebe-nina-beige","status":"publish","type":"product","link":"https:\/\/voyagedelabaleine.fr\/es\/producto\/pijama-de-terciopelo-para-bebe-nina-beige\/","title":{"rendered":"Pijama de terciopelo para beb\u00e9 ni\u00f1a &#8211; Beige"},"content":{"rendered":"<h3 data-start=\"348\" data-end=\"394\">Un pijama de terciopelo refinado para noches tranquilas<\/h3>\n<p data-start=\"396\" data-end=\"709\">Ofrezca a su beb\u00e9 noches dulces y serenas con este <strong data-start=\"453\" data-end=\"488\">pijama de terciopelo para beb\u00e9 ni\u00f1a beige<\/strong>, delicadamente adornado con un cuello y peque\u00f1as flores discretas. Su tono beige atemporal combina con todas las estaciones y se inscribe en un enfoque de vestuario duradero, para transmitir entre hermanas o primas. <\/p>\n<h3 data-start=\"711\" data-end=\"765\">Un cuello que marca la diferencia<\/h3>\n<p data-start=\"767\" data-end=\"1054\">Este pijama de terciopelo se distingue por su <strong data-start=\"805\" data-end=\"847\">cuello delicado<\/strong>, que aporta un toque de elegancia tierna, incluso a la hora de acostarse. Un detalle po\u00e9tico que despierta la emoci\u00f3n, recuerda los pijamas de la infancia y da ganas de inmortalizar las primeras sonrisas de la ma\u00f1ana. <\/p>\n<h3 data-start=\"1056\" data-end=\"1105\">Confort absoluto gracias a una abertura pr\u00e1ctica<\/h3>\n<p data-start=\"1107\" data-end=\"1382\">Debido a que las noches pueden estar interrumpidas por despertares, este pijama se abre en la parte delantera con broches discretos, lo que facilita el vestirse y el cambio, incluso cuando su beb\u00e9 duerme profundamente en sus brazos. Un confort de cada instante, para su beb\u00e9 como para usted. <\/p>\n<h3 data-start=\"1384\" data-end=\"1435\">Un material de terciopelo suave, c\u00e1lido y transpirable<\/h3>\n<p data-start=\"1437\" data-end=\"1716\">Fabricado en Portugal, este <strong data-start=\"1460\" data-end=\"1481\">pijama de terciopelo<\/strong> ofrece a su beb\u00e9 una calidez reconfortante al tiempo que permite que su piel fr\u00e1gil respire. Su suavidad envuelve delicadamente las noches de invierno y entretiempo, al tiempo que permite que su ni\u00f1a se mueva libremente mientras duerme. <\/p>\n<h3 data-start=\"1718\" data-end=\"1766\">Un pijama de terciopelo para beb\u00e9 pensado para durar y transmitirse<\/h3>\n<p data-start=\"1768\" data-end=\"2053\">En <strong data-start=\"1773\" data-end=\"1797\">Voyage de la Baleine<\/strong>, creemos en la ropa que tiene sentido. Este pijama de terciopelo para beb\u00e9 ni\u00f1a beige encarna esta visi\u00f3n: una prenda atemporal, refinada y duradera, que acompa\u00f1a los momentos preciosos de la primera infancia, desde los cuentos de la noche hasta los despertares tiernos de la ma\u00f1ana. <\/p>\n<p data-start=\"1768\" data-end=\"2053\"><em>\u00bfEst\u00e1 buscando una idea de <strong data-start=\"2460\" data-end=\"2513\">regalo de nacimiento refinado para una ni\u00f1a<\/strong>? Este pijama de terciopelo beige es una apuesta segura: combina confort, calidad y delicadeza, para envolver al beb\u00e9 en un capullo de suavidad desde sus primeras noches. <\/em><\/p>\n<p data-start=\"1768\" data-end=\"2053\">Fabricado en Portugal.<\/p>\n","protected":false},"excerpt":{"rendered":"<ul>\n<li>Pijama de beb\u00e9 de terciopelo<\/li>\n<li>Pijama de una pieza con pies<\/li>\n<li>Cuello<\/li>\n<li>Cerrado con botones de presi\u00f3n en la parte delantera y a lo largo de las piernas<\/li>\n<li>Fabricado en Portugal<br \/>\n<em>Este pijama tiene un tallaje normal. Elija la talla habitual.<\/em><\/li>\n<\/ul>\n","protected":false},"featured_media":18868,"comment_status":"open","ping_status":"closed","template":"","meta":{"ocean_post_layout":"","ocean_both_sidebars_style":"","ocean_both_sidebars_content_width":0,"ocean_both_sidebars_sidebars_width":0,"ocean_sidebar":"0","ocean_second_sidebar":"0","ocean_disable_margins":"enable","ocean_add_body_class":"","ocean_shortcode_before_top_bar":"","ocean_shortcode_after_top_bar":"","ocean_shortcode_before_header":"","ocean_shortcode_after_header":"","ocean_has_shortcode":"","ocean_shortcode_after_title":"","ocean_shortcode_before_footer_widgets":"","ocean_shortcode_after_footer_widgets":"","ocean_shortcode_before_footer_bottom":"","ocean_shortcode_after_footer_bottom":"","ocean_display_top_bar":"default","ocean_display_header":"default","ocean_header_style":"","ocean_center_header_left_menu":"0","ocean_custom_header_template":"0","ocean_custom_logo":0,"ocean_custom_retina_logo":0,"ocean_custom_logo_max_width":0,"ocean_custom_logo_tablet_max_width":0,"ocean_custom_logo_mobile_max_width":0,"ocean_custom_logo_max_height":0,"ocean_custom_logo_tablet_max_height":0,"ocean_custom_logo_mobile_max_height":0,"ocean_header_custom_menu":"0","ocean_menu_typo_font_family":"0","ocean_menu_typo_font_subset":"","ocean_menu_typo_font_size":0,"ocean_menu_typo_font_size_tablet":0,"ocean_menu_typo_font_size_mobile":0,"ocean_menu_typo_font_size_unit":"px","ocean_menu_typo_font_weight":"","ocean_menu_typo_font_weight_tablet":"","ocean_menu_typo_font_weight_mobile":"","ocean_menu_typo_transform":"","ocean_menu_typo_transform_tablet":"","ocean_menu_typo_transform_mobile":"","ocean_menu_typo_line_height":0,"ocean_menu_typo_line_height_tablet":0,"ocean_menu_typo_line_height_mobile":0,"ocean_menu_typo_line_height_unit":"","ocean_menu_typo_spacing":0,"ocean_menu_typo_spacing_tablet":0,"ocean_menu_typo_spacing_mobile":0,"ocean_menu_typo_spacing_unit":"","ocean_menu_link_color":"","ocean_menu_link_color_hover":"","ocean_menu_link_color_active":"","ocean_menu_link_background":"","ocean_menu_link_hover_background":"","ocean_menu_link_active_background":"","ocean_menu_social_links_bg":"","ocean_menu_social_hover_links_bg":"","ocean_menu_social_links_color":"","ocean_menu_social_hover_links_color":"","ocean_disable_title":"default","ocean_disable_heading":"default","ocean_post_title":"","ocean_post_subheading":"","ocean_post_title_style":"","ocean_post_title_background_color":"","ocean_post_title_background":0,"ocean_post_title_bg_image_position":"","ocean_post_title_bg_image_attachment":"","ocean_post_title_bg_image_repeat":"","ocean_post_title_bg_image_size":"","ocean_post_title_height":0,"ocean_post_title_bg_overlay":0.5,"ocean_post_title_bg_overlay_color":"","ocean_disable_breadcrumbs":"default","ocean_breadcrumbs_color":"","ocean_breadcrumbs_separator_color":"","ocean_breadcrumbs_links_color":"","ocean_breadcrumbs_links_hover_color":"","ocean_display_footer_widgets":"default","ocean_display_footer_bottom":"default","ocean_custom_footer_template":"0","osh_disable_topbar_sticky":"default","osh_disable_header_sticky":"default","osh_sticky_header_style":"default","osh_sticky_header_effect":"","osh_custom_sticky_logo":0,"osh_custom_retina_sticky_logo":0,"osh_custom_sticky_logo_height":0,"osh_background_color":"","osh_links_color":"","osh_links_hover_color":"","osh_links_active_color":"","osh_links_bg_color":"","osh_links_hover_bg_color":"","osh_links_active_bg_color":"","osh_menu_social_links_color":"","osh_menu_social_hover_links_color":""},"product_brand":[],"product_cat":[7029,7011,6987,6869,6837],"product_tag":[],"class_list":{"0":"post-34803","1":"product","2":"type-product","3":"status-publish","4":"has-post-thumbnail","6":"product_cat-pijama","7":"product_cat-pijama-nacimiento","8":"product_cat-pijama-nacimiento-nina","9":"product_cat-pijama-bebe","10":"product_cat-pijama-bebe-nina","12":"entry","13":"has-media","15":"first","16":"instock","17":"taxable","18":"shipping-taxable","19":"purchasable","20":"product-type-variable","21":"has-default-attributes","22":"has-rating","23":"col","24":"span_1_of_3","25":"owp-content-center","26":"owp-thumbs-layout-vertical","27":"owp-btn-big","28":"owp-tabs-layout-vertical","29":"circle-sale"},"yoast_head":"<!-- This site is optimized with the Yoast SEO plugin v27.1.1 - https:\/\/yoast.com\/product\/yoast-seo-wordpress\/ -->\n<title>Pijama de terciopelo para beb\u00e9 ni\u00f1a - Beige - Voyage de la Baleine<\/title>\n<meta name=\"description\" content=\"Ofrezca a su beb\u00e9 noches dulces y serenas con este pijama de terciopelo para beb\u00e9 ni\u00f1a beige, delicadamente adornado con un cuello y peque\u00f1as flores discretas.\" \/>\n<meta name=\"robots\" content=\"index, follow, max-snippet:-1, max-image-preview:large, max-video-preview:-1\" \/>\n<link rel=\"canonical\" href=\"https:\/\/voyagedelabaleine.fr\/es\/producto\/pijama-de-terciopelo-para-bebe-nina-beige\/\" \/>\n<meta property=\"og:locale\" content=\"es_ES\" \/>\n<meta property=\"og:type\" content=\"article\" \/>\n<meta property=\"og:title\" content=\"Pijama de terciopelo para beb\u00e9 ni\u00f1a - Beige - Voyage de la Baleine\" \/>\n<meta property=\"og:description\" content=\"Ofrezca a su beb\u00e9 noches dulces y serenas con este pijama de terciopelo para beb\u00e9 ni\u00f1a beige, delicadamente adornado con un cuello y peque\u00f1as flores discretas.\" \/>\n<meta property=\"og:url\" content=\"https:\/\/voyagedelabaleine.fr\/es\/producto\/pijama-de-terciopelo-para-bebe-nina-beige\/\" \/>\n<meta property=\"og:site_name\" content=\"Voyage de la Baleine\" \/>\n<meta property=\"article:publisher\" content=\"https:\/\/www.facebook.com\/voyagedelabaleine\/\" \/>\n<meta property=\"article:modified_time\" content=\"2026-01-15T08:14:22+00:00\" \/>\n<meta property=\"og:image\" content=\"https:\/\/voyagedelabaleine.fr\/wp-content\/uploads\/2025\/07\/pyjama-velours-bebe.jpg\" \/>\n\t<meta property=\"og:image:width\" content=\"1200\" \/>\n\t<meta property=\"og:image:height\" content=\"1600\" \/>\n\t<meta property=\"og:image:type\" content=\"image\/jpeg\" \/>\n<meta name=\"twitter:card\" content=\"summary_large_image\" \/>\n<meta name=\"twitter:label1\" content=\"Tiempo de lectura\" \/>\n\t<meta name=\"twitter:data1\" content=\"2 minuto\" \/>\n<script type=\"application\/ld+json\" class=\"yoast-schema-graph\">{\"@context\":\"https:\/\/schema.org\",\"@graph\":[{\"@type\":\"WebPage\",\"@id\":\"https:\/\/voyagedelabaleine.fr\/es\/producto\/pijama-de-terciopelo-para-bebe-nina-beige\/\",\"url\":\"https:\/\/voyagedelabaleine.fr\/es\/producto\/pijama-de-terciopelo-para-bebe-nina-beige\/\",\"name\":\"Pijama de terciopelo para beb\u00e9 ni\u00f1a - Beige - Voyage de la Baleine\",\"isPartOf\":{\"@id\":\"https:\/\/voyagedelabaleine.fr\/es\/#website\"},\"primaryImageOfPage\":{\"@id\":\"https:\/\/voyagedelabaleine.fr\/es\/producto\/pijama-de-terciopelo-para-bebe-nina-beige\/#primaryimage\"},\"image\":{\"@id\":\"https:\/\/voyagedelabaleine.fr\/es\/producto\/pijama-de-terciopelo-para-bebe-nina-beige\/#primaryimage\"},\"thumbnailUrl\":\"https:\/\/voyagedelabaleine.fr\/wp-content\/uploads\/2025\/07\/pyjama-velours-bebe.jpg\",\"datePublished\":\"2025-08-23T08:59:39+00:00\",\"dateModified\":\"2026-01-15T08:14:22+00:00\",\"description\":\"Ofrezca a su beb\u00e9 noches dulces y serenas con este pijama de terciopelo para beb\u00e9 ni\u00f1a beige, delicadamente adornado con un cuello y peque\u00f1as flores discretas.\",\"breadcrumb\":{\"@id\":\"https:\/\/voyagedelabaleine.fr\/es\/producto\/pijama-de-terciopelo-para-bebe-nina-beige\/#breadcrumb\"},\"inLanguage\":\"es\",\"potentialAction\":[{\"@type\":\"ReadAction\",\"target\":[\"https:\/\/voyagedelabaleine.fr\/es\/producto\/pijama-de-terciopelo-para-bebe-nina-beige\/\"]}]},{\"@type\":\"ImageObject\",\"inLanguage\":\"es\",\"@id\":\"https:\/\/voyagedelabaleine.fr\/es\/producto\/pijama-de-terciopelo-para-bebe-nina-beige\/#primaryimage\",\"url\":\"https:\/\/voyagedelabaleine.fr\/wp-content\/uploads\/2025\/07\/pyjama-velours-bebe.jpg\",\"contentUrl\":\"https:\/\/voyagedelabaleine.fr\/wp-content\/uploads\/2025\/07\/pyjama-velours-bebe.jpg\",\"width\":1200,\"height\":1600,\"caption\":\"Pyjama b\u00e9b\u00e9 \u00e0 pieds en velours \u00e0 collerette et motifs de fleurs\"},{\"@type\":\"BreadcrumbList\",\"@id\":\"https:\/\/voyagedelabaleine.fr\/es\/producto\/pijama-de-terciopelo-para-bebe-nina-beige\/#breadcrumb\",\"itemListElement\":[{\"@type\":\"ListItem\",\"position\":1,\"name\":\"Accueil\",\"item\":\"https:\/\/voyagedelabaleine.fr\/es\/inicio\/\"},{\"@type\":\"ListItem\",\"position\":2,\"name\":\"Tienda\",\"item\":\"https:\/\/voyagedelabaleine.fr\/es\/tienda\/\"},{\"@type\":\"ListItem\",\"position\":3,\"name\":\"Pijama de terciopelo para beb\u00e9 ni\u00f1a &#8211; Beige\"}]},{\"@type\":\"WebSite\",\"@id\":\"https:\/\/voyagedelabaleine.fr\/es\/#website\",\"url\":\"https:\/\/voyagedelabaleine.fr\/es\/\",\"name\":\"Voyage de la Baleine\",\"description\":\"V\u00eatements intemporels et raffin\u00e9s pour b\u00e9b\u00e9s et enfants\",\"publisher\":{\"@id\":\"https:\/\/voyagedelabaleine.fr\/es\/#organization\"},\"potentialAction\":[{\"@type\":\"SearchAction\",\"target\":{\"@type\":\"EntryPoint\",\"urlTemplate\":\"https:\/\/voyagedelabaleine.fr\/es\/?s={search_term_string}\"},\"query-input\":{\"@type\":\"PropertyValueSpecification\",\"valueRequired\":true,\"valueName\":\"search_term_string\"}}],\"inLanguage\":\"es\"},{\"@type\":\"Organization\",\"@id\":\"https:\/\/voyagedelabaleine.fr\/es\/#organization\",\"name\":\"Voyage de la Baleine\",\"url\":\"https:\/\/voyagedelabaleine.fr\/es\/\",\"logo\":{\"@type\":\"ImageObject\",\"inLanguage\":\"es\",\"@id\":\"https:\/\/voyagedelabaleine.fr\/es\/#\/schema\/logo\/image\/\",\"url\":\"https:\/\/voyagedelabaleine.fr\/wp-content\/uploads\/2025\/06\/logo.webp\",\"contentUrl\":\"https:\/\/voyagedelabaleine.fr\/wp-content\/uploads\/2025\/06\/logo.webp\",\"width\":153,\"height\":64,\"caption\":\"Voyage de la Baleine\"},\"image\":{\"@id\":\"https:\/\/voyagedelabaleine.fr\/es\/#\/schema\/logo\/image\/\"},\"sameAs\":[\"https:\/\/www.facebook.com\/voyagedelabaleine\/\",\"https:\/\/www.instagram.com\/voyagedelabaleine\/\",\"https:\/\/www.pinterest.fr\/Voyagedelabaleine\/\"]}]}<\/script>\n<!-- \/ Yoast SEO plugin. -->","yoast_head_json":{"title":"Pijama de terciopelo para beb\u00e9 ni\u00f1a - Beige - Voyage de la Baleine","description":"Ofrezca a su beb\u00e9 noches dulces y serenas con este pijama de terciopelo para beb\u00e9 ni\u00f1a beige, delicadamente adornado con un cuello y peque\u00f1as flores discretas.","robots":{"index":"index","follow":"follow","max-snippet":"max-snippet:-1","max-image-preview":"max-image-preview:large","max-video-preview":"max-video-preview:-1"},"canonical":"https:\/\/voyagedelabaleine.fr\/es\/producto\/pijama-de-terciopelo-para-bebe-nina-beige\/","og_locale":"es_ES","og_type":"article","og_title":"Pijama de terciopelo para beb\u00e9 ni\u00f1a - Beige - Voyage de la Baleine","og_description":"Ofrezca a su beb\u00e9 noches dulces y serenas con este pijama de terciopelo para beb\u00e9 ni\u00f1a beige, delicadamente adornado con un cuello y peque\u00f1as flores discretas.","og_url":"https:\/\/voyagedelabaleine.fr\/es\/producto\/pijama-de-terciopelo-para-bebe-nina-beige\/","og_site_name":"Voyage de la Baleine","article_publisher":"https:\/\/www.facebook.com\/voyagedelabaleine\/","article_modified_time":"2026-01-15T08:14:22+00:00","og_image":[{"width":1200,"height":1600,"url":"https:\/\/voyagedelabaleine.fr\/wp-content\/uploads\/2025\/07\/pyjama-velours-bebe.jpg","type":"image\/jpeg"}],"twitter_card":"summary_large_image","twitter_misc":{"Tiempo de lectura":"2 minuto"},"schema":{"@context":"https:\/\/schema.org","@graph":[{"@type":"WebPage","@id":"https:\/\/voyagedelabaleine.fr\/es\/producto\/pijama-de-terciopelo-para-bebe-nina-beige\/","url":"https:\/\/voyagedelabaleine.fr\/es\/producto\/pijama-de-terciopelo-para-bebe-nina-beige\/","name":"Pijama de terciopelo para beb\u00e9 ni\u00f1a - Beige - Voyage de la Baleine","isPartOf":{"@id":"https:\/\/voyagedelabaleine.fr\/es\/#website"},"primaryImageOfPage":{"@id":"https:\/\/voyagedelabaleine.fr\/es\/producto\/pijama-de-terciopelo-para-bebe-nina-beige\/#primaryimage"},"image":{"@id":"https:\/\/voyagedelabaleine.fr\/es\/producto\/pijama-de-terciopelo-para-bebe-nina-beige\/#primaryimage"},"thumbnailUrl":"https:\/\/voyagedelabaleine.fr\/wp-content\/uploads\/2025\/07\/pyjama-velours-bebe.jpg","datePublished":"2025-08-23T08:59:39+00:00","dateModified":"2026-01-15T08:14:22+00:00","description":"Ofrezca a su beb\u00e9 noches dulces y serenas con este pijama de terciopelo para beb\u00e9 ni\u00f1a beige, delicadamente adornado con un cuello y peque\u00f1as flores discretas.","breadcrumb":{"@id":"https:\/\/voyagedelabaleine.fr\/es\/producto\/pijama-de-terciopelo-para-bebe-nina-beige\/#breadcrumb"},"inLanguage":"es","potentialAction":[{"@type":"ReadAction","target":["https:\/\/voyagedelabaleine.fr\/es\/producto\/pijama-de-terciopelo-para-bebe-nina-beige\/"]}]},{"@type":"ImageObject","inLanguage":"es","@id":"https:\/\/voyagedelabaleine.fr\/es\/producto\/pijama-de-terciopelo-para-bebe-nina-beige\/#primaryimage","url":"https:\/\/voyagedelabaleine.fr\/wp-content\/uploads\/2025\/07\/pyjama-velours-bebe.jpg","contentUrl":"https:\/\/voyagedelabaleine.fr\/wp-content\/uploads\/2025\/07\/pyjama-velours-bebe.jpg","width":1200,"height":1600,"caption":"Pyjama b\u00e9b\u00e9 \u00e0 pieds en velours \u00e0 collerette et motifs de fleurs"},{"@type":"BreadcrumbList","@id":"https:\/\/voyagedelabaleine.fr\/es\/producto\/pijama-de-terciopelo-para-bebe-nina-beige\/#breadcrumb","itemListElement":[{"@type":"ListItem","position":1,"name":"Accueil","item":"https:\/\/voyagedelabaleine.fr\/es\/inicio\/"},{"@type":"ListItem","position":2,"name":"Tienda","item":"https:\/\/voyagedelabaleine.fr\/es\/tienda\/"},{"@type":"ListItem","position":3,"name":"Pijama de terciopelo para beb\u00e9 ni\u00f1a &#8211; Beige"}]},{"@type":"WebSite","@id":"https:\/\/voyagedelabaleine.fr\/es\/#website","url":"https:\/\/voyagedelabaleine.fr\/es\/","name":"Voyage de la Baleine","description":"V\u00eatements intemporels et raffin\u00e9s pour b\u00e9b\u00e9s et enfants","publisher":{"@id":"https:\/\/voyagedelabaleine.fr\/es\/#organization"},"potentialAction":[{"@type":"SearchAction","target":{"@type":"EntryPoint","urlTemplate":"https:\/\/voyagedelabaleine.fr\/es\/?s={search_term_string}"},"query-input":{"@type":"PropertyValueSpecification","valueRequired":true,"valueName":"search_term_string"}}],"inLanguage":"es"},{"@type":"Organization","@id":"https:\/\/voyagedelabaleine.fr\/es\/#organization","name":"Voyage de la Baleine","url":"https:\/\/voyagedelabaleine.fr\/es\/","logo":{"@type":"ImageObject","inLanguage":"es","@id":"https:\/\/voyagedelabaleine.fr\/es\/#\/schema\/logo\/image\/","url":"https:\/\/voyagedelabaleine.fr\/wp-content\/uploads\/2025\/06\/logo.webp","contentUrl":"https:\/\/voyagedelabaleine.fr\/wp-content\/uploads\/2025\/06\/logo.webp","width":153,"height":64,"caption":"Voyage de la Baleine"},"image":{"@id":"https:\/\/voyagedelabaleine.fr\/es\/#\/schema\/logo\/image\/"},"sameAs":["https:\/\/www.facebook.com\/voyagedelabaleine\/","https:\/\/www.instagram.com\/voyagedelabaleine\/","https:\/\/www.pinterest.fr\/Voyagedelabaleine\/"]}]}},"_links":{"self":[{"href":"https:\/\/voyagedelabaleine.fr\/es\/wp-json\/wp\/v2\/product\/34803","targetHints":{"allow":["GET"]}}],"collection":[{"href":"https:\/\/voyagedelabaleine.fr\/es\/wp-json\/wp\/v2\/product"}],"about":[{"href":"https:\/\/voyagedelabaleine.fr\/es\/wp-json\/wp\/v2\/types\/product"}],"replies":[{"embeddable":true,"href":"https:\/\/voyagedelabaleine.fr\/es\/wp-json\/wp\/v2\/comments?post=34803"}],"wp:featuredmedia":[{"embeddable":true,"href":"https:\/\/voyagedelabaleine.fr\/es\/wp-json\/wp\/v2\/media\/18868"}],"wp:attachment":[{"href":"https:\/\/voyagedelabaleine.fr\/es\/wp-json\/wp\/v2\/media?parent=34803"}],"wp:term":[{"taxonomy":"product_brand","embeddable":true,"href":"https:\/\/voyagedelabaleine.fr\/es\/wp-json\/wp\/v2\/product_brand?post=34803"},{"taxonomy":"product_cat","embeddable":true,"href":"https:\/\/voyagedelabaleine.fr\/es\/wp-json\/wp\/v2\/product_cat?post=34803"},{"taxonomy":"product_tag","embeddable":true,"href":"https:\/\/voyagedelabaleine.fr\/es\/wp-json\/wp\/v2\/product_tag?post=34803"}],"curies":[{"name":"wp","href":"https:\/\/api.w.org\/{rel}","templated":true}]}}