{"id":37335,"date":"2026-02-04T11:55:43","date_gmt":"2026-02-04T10:55:43","guid":{"rendered":"https:\/\/voyagedelabaleine.fr\/product\/conjunto-de-gorro-y-manoplas-de-algodon-organico-arena-a-rayas\/"},"modified":"2026-02-04T11:55:43","modified_gmt":"2026-02-04T10:55:43","slug":"conjunto-de-gorro-y-manoplas-de-algodon-organico-arena-a-rayas","status":"publish","type":"product","link":"https:\/\/voyagedelabaleine.fr\/es\/producto\/conjunto-de-gorro-y-manoplas-de-algodon-organico-arena-a-rayas\/","title":{"rendered":"Conjunto de gorro y manoplas de algod\u00f3n org\u00e1nico &#8211; Arena a rayas"},"content":{"rendered":"<h3 data-start=\"202\" data-end=\"250\">Un conjunto de gorro y manoplas a rayas para beb\u00e9<\/h3>\n<p data-start=\"252\" data-end=\"558\">Nuestro conjunto <strong data-start=\"267\" data-end=\"319\">de gorro y manoplas de algod\u00f3n org\u00e1nico arena a rayas<\/strong> est\u00e1 dise\u00f1ado para envolver al beb\u00e9 con suavidad y confort desde los primeros d\u00edas. El gorro protege delicadamente la cabeza del reci\u00e9n nacido, mientras que las manoplas mantienen sus peque\u00f1as manos cubiertas y evitan los ara\u00f1azos involuntarios. <\/p>\n<p data-start=\"560\" data-end=\"718\">El <strong data-start=\"563\" data-end=\"583\">motivo de rayas arena<\/strong>, sutil y luminoso, aporta un toque moderno y c\u00e1lido, a la vez que es f\u00e1cil de combinar con todos los conjuntos de reci\u00e9n nacido.<\/p>\n<h3 data-start=\"720\" data-end=\"768\">Un material suave y respetuoso con la piel<\/h3>\n<p data-start=\"770\" data-end=\"1004\">Confeccionado en <strong data-start=\"786\" data-end=\"806\">algod\u00f3n org\u00e1nico<\/strong>, este conjunto es particularmente adecuado para la piel sensible de los m\u00e1s peque\u00f1os. La fibra natural asegura un contacto suave y agradable, mientras que las <strong data-start=\"955\" data-end=\"976\">cuidadas costuras<\/strong> evitan cualquier irritaci\u00f3n. <\/p>\n<p data-start=\"1006\" data-end=\"1158\">El algod\u00f3n org\u00e1nico garantiza a la vez confort y calidad, ofreciendo una prenda fiable para un uso diario, respetando al mismo tiempo la piel fr\u00e1gil del beb\u00e9.<\/p>\n<h3 data-start=\"1160\" data-end=\"1197\">Un corte pr\u00e1ctico y c\u00f3modo<\/h3>\n<p data-start=\"1199\" data-end=\"1447\">El gorro ha sido pensado para <strong data-start=\"1226\" data-end=\"1270\">ajustarse perfectamente a la cabeza del beb\u00e9<\/strong> sin apretar, y permanecer bien en su sitio durante todo el d\u00eda. Las manoplas, f\u00e1ciles de poner, protegen las manos a la vez que permiten al beb\u00e9 mover libremente los dedos. <\/p>\n<p data-start=\"1449\" data-end=\"1560\">Cada detalle del corte ha sido estudiado para aunar practicidad para los padres y confort \u00f3ptimo para el ni\u00f1o.<\/p>\n<h3 data-start=\"1562\" data-end=\"1607\">Un conjunto coordinado y f\u00e1cil de combinar<\/h3>\n<p data-start=\"1609\" data-end=\"1963\">Este conjunto de gorro y manoplas puede complementar perfectamente el <a href=\"https:\/\/voyagedelabaleine.fr\/producto\/pyjama-naissance-coton-bio-creme\/\"><strong>Pijama de nacimiento cruzado de algod\u00f3n org\u00e1nico<\/strong> <strong>&#8211; Crema<\/strong><\/a> o el <strong data-start=\"1818\" data-end=\"1844\">lote de bodies a juego: <\/strong><a href=\"https:\/\/voyagedelabaleine.fr\/es\/producto\/lote-de-2-bodies-cruzados-para-recien-nacido-algodon-organico-extra-suave-crema-arena-a-rayas\/\">Lote de 2 bodies de nacimiento cruzados \u2013 Algod\u00f3n org\u00e1nico extrasuave \u2013 Crema\/arena rayado<\/a> o el <a href=\"https:\/\/voyagedelabaleine.fr\/es\/?attachment_id=34332\">Lote de 2 bodies de nacimiento cruzados \u2013 Algod\u00f3n org\u00e1nico extrasuave \u2013 C<\/a><a href=\"https:\/\/voyagedelabaleine.fr\/es\/?attachment_id=34332\">rema\/arena<\/a>. Combinado con estas piezas, permite crear un conjunto de nacimiento armonioso, elegante y c\u00f3modo, completamente dise\u00f1ado para el bienestar del beb\u00e9. <\/p>\n<h3 data-start=\"1965\" data-end=\"2016\">Una prenda esencial para el d\u00eda a d\u00eda del beb\u00e9<\/h3>\n<p data-start=\"2018\" data-end=\"2397\">El conjunto de gorro y manoplas de algod\u00f3n org\u00e1nico arena a rayas es un imprescindible para las primeras semanas del beb\u00e9. Pr\u00e1ctico, elegante y suave, ofrece calor y protecci\u00f3n para las salidas o en casa. Dise\u00f1ado para permanecer c\u00f3modo y bien ajustado, se convierte en un b\u00e1sico del vestuario de reci\u00e9n nacido, sencillo de llevar y f\u00e1cil de coordinar con el resto de la ropa del beb\u00e9.  <\/p>\n<p data-start=\"2018\" data-end=\"2397\">Fabricado en Espa\u00f1a.<\/p>\n","protected":false},"excerpt":{"rendered":"<ul>\n<li>Gorro y manoplas de nacimiento<\/li>\n<li>Costuras extrasuaves<\/li>\n<li>100 % algod\u00f3n org\u00e1nico<\/li>\n<li>Fabricado en Espa\u00f1a<\/li>\n<\/ul>\n","protected":false},"featured_media":36190,"comment_status":"open","ping_status":"closed","template":"","meta":{"ocean_post_layout":"","ocean_both_sidebars_style":"","ocean_both_sidebars_content_width":0,"ocean_both_sidebars_sidebars_width":0,"ocean_sidebar":"0","ocean_second_sidebar":"0","ocean_disable_margins":"enable","ocean_add_body_class":"","ocean_shortcode_before_top_bar":"","ocean_shortcode_after_top_bar":"","ocean_shortcode_before_header":"","ocean_shortcode_after_header":"","ocean_has_shortcode":"","ocean_shortcode_after_title":"","ocean_shortcode_before_footer_widgets":"","ocean_shortcode_after_footer_widgets":"","ocean_shortcode_before_footer_bottom":"","ocean_shortcode_after_footer_bottom":"","ocean_display_top_bar":"default","ocean_display_header":"default","ocean_header_style":"","ocean_center_header_left_menu":"0","ocean_custom_header_template":"0","ocean_custom_logo":0,"ocean_custom_retina_logo":0,"ocean_custom_logo_max_width":0,"ocean_custom_logo_tablet_max_width":0,"ocean_custom_logo_mobile_max_width":0,"ocean_custom_logo_max_height":0,"ocean_custom_logo_tablet_max_height":0,"ocean_custom_logo_mobile_max_height":0,"ocean_header_custom_menu":"0","ocean_menu_typo_font_family":"0","ocean_menu_typo_font_subset":"","ocean_menu_typo_font_size":0,"ocean_menu_typo_font_size_tablet":0,"ocean_menu_typo_font_size_mobile":0,"ocean_menu_typo_font_size_unit":"px","ocean_menu_typo_font_weight":"","ocean_menu_typo_font_weight_tablet":"","ocean_menu_typo_font_weight_mobile":"","ocean_menu_typo_transform":"","ocean_menu_typo_transform_tablet":"","ocean_menu_typo_transform_mobile":"","ocean_menu_typo_line_height":0,"ocean_menu_typo_line_height_tablet":0,"ocean_menu_typo_line_height_mobile":0,"ocean_menu_typo_line_height_unit":"","ocean_menu_typo_spacing":0,"ocean_menu_typo_spacing_tablet":0,"ocean_menu_typo_spacing_mobile":0,"ocean_menu_typo_spacing_unit":"","ocean_menu_link_color":"","ocean_menu_link_color_hover":"","ocean_menu_link_color_active":"","ocean_menu_link_background":"","ocean_menu_link_hover_background":"","ocean_menu_link_active_background":"","ocean_menu_social_links_bg":"","ocean_menu_social_hover_links_bg":"","ocean_menu_social_links_color":"","ocean_menu_social_hover_links_color":"","ocean_disable_title":"default","ocean_disable_heading":"default","ocean_post_title":"","ocean_post_subheading":"","ocean_post_title_style":"","ocean_post_title_background_color":"","ocean_post_title_background":0,"ocean_post_title_bg_image_position":"","ocean_post_title_bg_image_attachment":"","ocean_post_title_bg_image_repeat":"","ocean_post_title_bg_image_size":"","ocean_post_title_height":0,"ocean_post_title_bg_overlay":0.5,"ocean_post_title_bg_overlay_color":"","ocean_disable_breadcrumbs":"default","ocean_breadcrumbs_color":"","ocean_breadcrumbs_separator_color":"","ocean_breadcrumbs_links_color":"","ocean_breadcrumbs_links_hover_color":"","ocean_display_footer_widgets":"default","ocean_display_footer_bottom":"default","ocean_custom_footer_template":"0","osh_disable_topbar_sticky":"default","osh_disable_header_sticky":"default","osh_sticky_header_style":"default","osh_sticky_header_effect":"","osh_custom_sticky_logo":0,"osh_custom_retina_sticky_logo":0,"osh_custom_sticky_logo_height":0,"osh_background_color":"","osh_links_color":"","osh_links_hover_color":"","osh_links_active_color":"","osh_links_bg_color":"","osh_links_hover_bg_color":"","osh_links_active_bg_color":"","osh_menu_social_links_color":"","osh_menu_social_hover_links_color":""},"product_brand":[],"product_cat":[6969,6991,6959],"product_tag":[],"class_list":{"0":"post-37335","1":"product","2":"type-product","3":"status-publish","4":"has-post-thumbnail","6":"product_cat-accesorios-nacimiento-nina","7":"product_cat-accesorios-nacimiento-nino","8":"product_cat-accesorios-nacimiento","10":"entry","11":"has-media","13":"first","14":"instock","15":"taxable","16":"shipping-taxable","17":"purchasable","18":"product-type-variable","19":"has-default-attributes","20":"col","21":"span_1_of_3","22":"owp-content-center","23":"owp-thumbs-layout-vertical","24":"owp-btn-big","25":"owp-tabs-layout-vertical","26":"circle-sale"},"yoast_head":"<!-- This site is optimized with the Yoast SEO plugin v27.1.1 - https:\/\/yoast.com\/product\/yoast-seo-wordpress\/ -->\n<title>Conjunto de gorro y manoplas de algod\u00f3n org\u00e1nico - Arena a rayas - Voyage de la Baleine<\/title>\n<meta name=\"description\" content=\"Nuestro conjunto de gorro y manoplas de algod\u00f3n org\u00e1nico arena a rayas est\u00e1 dise\u00f1ado para envolver al beb\u00e9 con suavidad y confort desde los primeros d\u00edas.\" \/>\n<meta name=\"robots\" content=\"index, follow, max-snippet:-1, max-image-preview:large, max-video-preview:-1\" \/>\n<link rel=\"canonical\" href=\"https:\/\/voyagedelabaleine.fr\/es\/producto\/conjunto-de-gorro-y-manoplas-de-algodon-organico-arena-a-rayas\/\" \/>\n<meta property=\"og:locale\" content=\"es_ES\" \/>\n<meta property=\"og:type\" content=\"article\" \/>\n<meta property=\"og:title\" content=\"Conjunto de gorro y manoplas de algod\u00f3n org\u00e1nico - Arena a rayas - Voyage de la Baleine\" \/>\n<meta property=\"og:description\" content=\"Nuestro conjunto de gorro y manoplas de algod\u00f3n org\u00e1nico arena a rayas est\u00e1 dise\u00f1ado para envolver al beb\u00e9 con suavidad y confort desde los primeros d\u00edas.\" \/>\n<meta property=\"og:url\" content=\"https:\/\/voyagedelabaleine.fr\/es\/producto\/conjunto-de-gorro-y-manoplas-de-algodon-organico-arena-a-rayas\/\" \/>\n<meta property=\"og:site_name\" content=\"Voyage de la Baleine\" \/>\n<meta property=\"article:publisher\" content=\"https:\/\/www.facebook.com\/voyagedelabaleine\/\" \/>\n<meta property=\"og:image\" content=\"https:\/\/voyagedelabaleine.fr\/wp-content\/uploads\/2026\/01\/ensemble-bonnet-mouffles-naissance-raye.jpg\" \/>\n\t<meta property=\"og:image:width\" content=\"811\" \/>\n\t<meta property=\"og:image:height\" content=\"1081\" \/>\n\t<meta property=\"og:image:type\" content=\"image\/jpeg\" \/>\n<meta name=\"twitter:card\" content=\"summary_large_image\" \/>\n<meta name=\"twitter:label1\" content=\"Tiempo de lectura\" \/>\n\t<meta name=\"twitter:data1\" content=\"2 minuto\" \/>\n<script type=\"application\/ld+json\" class=\"yoast-schema-graph\">{\"@context\":\"https:\/\/schema.org\",\"@graph\":[{\"@type\":\"WebPage\",\"@id\":\"https:\/\/voyagedelabaleine.fr\/es\/producto\/conjunto-de-gorro-y-manoplas-de-algodon-organico-arena-a-rayas\/\",\"url\":\"https:\/\/voyagedelabaleine.fr\/es\/producto\/conjunto-de-gorro-y-manoplas-de-algodon-organico-arena-a-rayas\/\",\"name\":\"Conjunto de gorro y manoplas de algod\u00f3n org\u00e1nico - Arena a rayas - Voyage de la Baleine\",\"isPartOf\":{\"@id\":\"https:\/\/voyagedelabaleine.fr\/es\/#website\"},\"primaryImageOfPage\":{\"@id\":\"https:\/\/voyagedelabaleine.fr\/es\/producto\/conjunto-de-gorro-y-manoplas-de-algodon-organico-arena-a-rayas\/#primaryimage\"},\"image\":{\"@id\":\"https:\/\/voyagedelabaleine.fr\/es\/producto\/conjunto-de-gorro-y-manoplas-de-algodon-organico-arena-a-rayas\/#primaryimage\"},\"thumbnailUrl\":\"https:\/\/voyagedelabaleine.fr\/wp-content\/uploads\/2026\/01\/ensemble-bonnet-mouffles-naissance-raye.jpg\",\"datePublished\":\"2026-02-04T10:55:43+00:00\",\"description\":\"Nuestro conjunto de gorro y manoplas de algod\u00f3n org\u00e1nico arena a rayas est\u00e1 dise\u00f1ado para envolver al beb\u00e9 con suavidad y confort desde los primeros d\u00edas.\",\"breadcrumb\":{\"@id\":\"https:\/\/voyagedelabaleine.fr\/es\/producto\/conjunto-de-gorro-y-manoplas-de-algodon-organico-arena-a-rayas\/#breadcrumb\"},\"inLanguage\":\"es\",\"potentialAction\":[{\"@type\":\"ReadAction\",\"target\":[\"https:\/\/voyagedelabaleine.fr\/es\/producto\/conjunto-de-gorro-y-manoplas-de-algodon-organico-arena-a-rayas\/\"]}]},{\"@type\":\"ImageObject\",\"inLanguage\":\"es\",\"@id\":\"https:\/\/voyagedelabaleine.fr\/es\/producto\/conjunto-de-gorro-y-manoplas-de-algodon-organico-arena-a-rayas\/#primaryimage\",\"url\":\"https:\/\/voyagedelabaleine.fr\/wp-content\/uploads\/2026\/01\/ensemble-bonnet-mouffles-naissance-raye.jpg\",\"contentUrl\":\"https:\/\/voyagedelabaleine.fr\/wp-content\/uploads\/2026\/01\/ensemble-bonnet-mouffles-naissance-raye.jpg\",\"width\":811,\"height\":1081,\"caption\":\"Ensemble de naissance bonnet et moufles en coton bio ray\u00e9\"},{\"@type\":\"BreadcrumbList\",\"@id\":\"https:\/\/voyagedelabaleine.fr\/es\/producto\/conjunto-de-gorro-y-manoplas-de-algodon-organico-arena-a-rayas\/#breadcrumb\",\"itemListElement\":[{\"@type\":\"ListItem\",\"position\":1,\"name\":\"Accueil\",\"item\":\"https:\/\/voyagedelabaleine.fr\/es\/inicio\/\"},{\"@type\":\"ListItem\",\"position\":2,\"name\":\"Tienda\",\"item\":\"https:\/\/voyagedelabaleine.fr\/es\/tienda\/\"},{\"@type\":\"ListItem\",\"position\":3,\"name\":\"Conjunto de gorro y manoplas de algod\u00f3n org\u00e1nico &#8211; Arena a rayas\"}]},{\"@type\":\"WebSite\",\"@id\":\"https:\/\/voyagedelabaleine.fr\/es\/#website\",\"url\":\"https:\/\/voyagedelabaleine.fr\/es\/\",\"name\":\"Voyage de la Baleine\",\"description\":\"V\u00eatements intemporels et raffin\u00e9s pour b\u00e9b\u00e9s et enfants\",\"publisher\":{\"@id\":\"https:\/\/voyagedelabaleine.fr\/es\/#organization\"},\"potentialAction\":[{\"@type\":\"SearchAction\",\"target\":{\"@type\":\"EntryPoint\",\"urlTemplate\":\"https:\/\/voyagedelabaleine.fr\/es\/?s={search_term_string}\"},\"query-input\":{\"@type\":\"PropertyValueSpecification\",\"valueRequired\":true,\"valueName\":\"search_term_string\"}}],\"inLanguage\":\"es\"},{\"@type\":\"Organization\",\"@id\":\"https:\/\/voyagedelabaleine.fr\/es\/#organization\",\"name\":\"Voyage de la Baleine\",\"url\":\"https:\/\/voyagedelabaleine.fr\/es\/\",\"logo\":{\"@type\":\"ImageObject\",\"inLanguage\":\"es\",\"@id\":\"https:\/\/voyagedelabaleine.fr\/es\/#\/schema\/logo\/image\/\",\"url\":\"https:\/\/voyagedelabaleine.fr\/wp-content\/uploads\/2025\/06\/logo.webp\",\"contentUrl\":\"https:\/\/voyagedelabaleine.fr\/wp-content\/uploads\/2025\/06\/logo.webp\",\"width\":153,\"height\":64,\"caption\":\"Voyage de la Baleine\"},\"image\":{\"@id\":\"https:\/\/voyagedelabaleine.fr\/es\/#\/schema\/logo\/image\/\"},\"sameAs\":[\"https:\/\/www.facebook.com\/voyagedelabaleine\/\",\"https:\/\/www.instagram.com\/voyagedelabaleine\/\",\"https:\/\/www.pinterest.fr\/Voyagedelabaleine\/\"]}]}<\/script>\n<!-- \/ Yoast SEO plugin. -->","yoast_head_json":{"title":"Conjunto de gorro y manoplas de algod\u00f3n org\u00e1nico - Arena a rayas - Voyage de la Baleine","description":"Nuestro conjunto de gorro y manoplas de algod\u00f3n org\u00e1nico arena a rayas est\u00e1 dise\u00f1ado para envolver al beb\u00e9 con suavidad y confort desde los primeros d\u00edas.","robots":{"index":"index","follow":"follow","max-snippet":"max-snippet:-1","max-image-preview":"max-image-preview:large","max-video-preview":"max-video-preview:-1"},"canonical":"https:\/\/voyagedelabaleine.fr\/es\/producto\/conjunto-de-gorro-y-manoplas-de-algodon-organico-arena-a-rayas\/","og_locale":"es_ES","og_type":"article","og_title":"Conjunto de gorro y manoplas de algod\u00f3n org\u00e1nico - Arena a rayas - Voyage de la Baleine","og_description":"Nuestro conjunto de gorro y manoplas de algod\u00f3n org\u00e1nico arena a rayas est\u00e1 dise\u00f1ado para envolver al beb\u00e9 con suavidad y confort desde los primeros d\u00edas.","og_url":"https:\/\/voyagedelabaleine.fr\/es\/producto\/conjunto-de-gorro-y-manoplas-de-algodon-organico-arena-a-rayas\/","og_site_name":"Voyage de la Baleine","article_publisher":"https:\/\/www.facebook.com\/voyagedelabaleine\/","og_image":[{"width":811,"height":1081,"url":"https:\/\/voyagedelabaleine.fr\/wp-content\/uploads\/2026\/01\/ensemble-bonnet-mouffles-naissance-raye.jpg","type":"image\/jpeg"}],"twitter_card":"summary_large_image","twitter_misc":{"Tiempo de lectura":"2 minuto"},"schema":{"@context":"https:\/\/schema.org","@graph":[{"@type":"WebPage","@id":"https:\/\/voyagedelabaleine.fr\/es\/producto\/conjunto-de-gorro-y-manoplas-de-algodon-organico-arena-a-rayas\/","url":"https:\/\/voyagedelabaleine.fr\/es\/producto\/conjunto-de-gorro-y-manoplas-de-algodon-organico-arena-a-rayas\/","name":"Conjunto de gorro y manoplas de algod\u00f3n org\u00e1nico - Arena a rayas - Voyage de la Baleine","isPartOf":{"@id":"https:\/\/voyagedelabaleine.fr\/es\/#website"},"primaryImageOfPage":{"@id":"https:\/\/voyagedelabaleine.fr\/es\/producto\/conjunto-de-gorro-y-manoplas-de-algodon-organico-arena-a-rayas\/#primaryimage"},"image":{"@id":"https:\/\/voyagedelabaleine.fr\/es\/producto\/conjunto-de-gorro-y-manoplas-de-algodon-organico-arena-a-rayas\/#primaryimage"},"thumbnailUrl":"https:\/\/voyagedelabaleine.fr\/wp-content\/uploads\/2026\/01\/ensemble-bonnet-mouffles-naissance-raye.jpg","datePublished":"2026-02-04T10:55:43+00:00","description":"Nuestro conjunto de gorro y manoplas de algod\u00f3n org\u00e1nico arena a rayas est\u00e1 dise\u00f1ado para envolver al beb\u00e9 con suavidad y confort desde los primeros d\u00edas.","breadcrumb":{"@id":"https:\/\/voyagedelabaleine.fr\/es\/producto\/conjunto-de-gorro-y-manoplas-de-algodon-organico-arena-a-rayas\/#breadcrumb"},"inLanguage":"es","potentialAction":[{"@type":"ReadAction","target":["https:\/\/voyagedelabaleine.fr\/es\/producto\/conjunto-de-gorro-y-manoplas-de-algodon-organico-arena-a-rayas\/"]}]},{"@type":"ImageObject","inLanguage":"es","@id":"https:\/\/voyagedelabaleine.fr\/es\/producto\/conjunto-de-gorro-y-manoplas-de-algodon-organico-arena-a-rayas\/#primaryimage","url":"https:\/\/voyagedelabaleine.fr\/wp-content\/uploads\/2026\/01\/ensemble-bonnet-mouffles-naissance-raye.jpg","contentUrl":"https:\/\/voyagedelabaleine.fr\/wp-content\/uploads\/2026\/01\/ensemble-bonnet-mouffles-naissance-raye.jpg","width":811,"height":1081,"caption":"Ensemble de naissance bonnet et moufles en coton bio ray\u00e9"},{"@type":"BreadcrumbList","@id":"https:\/\/voyagedelabaleine.fr\/es\/producto\/conjunto-de-gorro-y-manoplas-de-algodon-organico-arena-a-rayas\/#breadcrumb","itemListElement":[{"@type":"ListItem","position":1,"name":"Accueil","item":"https:\/\/voyagedelabaleine.fr\/es\/inicio\/"},{"@type":"ListItem","position":2,"name":"Tienda","item":"https:\/\/voyagedelabaleine.fr\/es\/tienda\/"},{"@type":"ListItem","position":3,"name":"Conjunto de gorro y manoplas de algod\u00f3n org\u00e1nico &#8211; Arena a rayas"}]},{"@type":"WebSite","@id":"https:\/\/voyagedelabaleine.fr\/es\/#website","url":"https:\/\/voyagedelabaleine.fr\/es\/","name":"Voyage de la Baleine","description":"V\u00eatements intemporels et raffin\u00e9s pour b\u00e9b\u00e9s et enfants","publisher":{"@id":"https:\/\/voyagedelabaleine.fr\/es\/#organization"},"potentialAction":[{"@type":"SearchAction","target":{"@type":"EntryPoint","urlTemplate":"https:\/\/voyagedelabaleine.fr\/es\/?s={search_term_string}"},"query-input":{"@type":"PropertyValueSpecification","valueRequired":true,"valueName":"search_term_string"}}],"inLanguage":"es"},{"@type":"Organization","@id":"https:\/\/voyagedelabaleine.fr\/es\/#organization","name":"Voyage de la Baleine","url":"https:\/\/voyagedelabaleine.fr\/es\/","logo":{"@type":"ImageObject","inLanguage":"es","@id":"https:\/\/voyagedelabaleine.fr\/es\/#\/schema\/logo\/image\/","url":"https:\/\/voyagedelabaleine.fr\/wp-content\/uploads\/2025\/06\/logo.webp","contentUrl":"https:\/\/voyagedelabaleine.fr\/wp-content\/uploads\/2025\/06\/logo.webp","width":153,"height":64,"caption":"Voyage de la Baleine"},"image":{"@id":"https:\/\/voyagedelabaleine.fr\/es\/#\/schema\/logo\/image\/"},"sameAs":["https:\/\/www.facebook.com\/voyagedelabaleine\/","https:\/\/www.instagram.com\/voyagedelabaleine\/","https:\/\/www.pinterest.fr\/Voyagedelabaleine\/"]}]}},"_links":{"self":[{"href":"https:\/\/voyagedelabaleine.fr\/es\/wp-json\/wp\/v2\/product\/37335","targetHints":{"allow":["GET"]}}],"collection":[{"href":"https:\/\/voyagedelabaleine.fr\/es\/wp-json\/wp\/v2\/product"}],"about":[{"href":"https:\/\/voyagedelabaleine.fr\/es\/wp-json\/wp\/v2\/types\/product"}],"replies":[{"embeddable":true,"href":"https:\/\/voyagedelabaleine.fr\/es\/wp-json\/wp\/v2\/comments?post=37335"}],"wp:featuredmedia":[{"embeddable":true,"href":"https:\/\/voyagedelabaleine.fr\/es\/wp-json\/wp\/v2\/media\/36190"}],"wp:attachment":[{"href":"https:\/\/voyagedelabaleine.fr\/es\/wp-json\/wp\/v2\/media?parent=37335"}],"wp:term":[{"taxonomy":"product_brand","embeddable":true,"href":"https:\/\/voyagedelabaleine.fr\/es\/wp-json\/wp\/v2\/product_brand?post=37335"},{"taxonomy":"product_cat","embeddable":true,"href":"https:\/\/voyagedelabaleine.fr\/es\/wp-json\/wp\/v2\/product_cat?post=37335"},{"taxonomy":"product_tag","embeddable":true,"href":"https:\/\/voyagedelabaleine.fr\/es\/wp-json\/wp\/v2\/product_tag?post=37335"}],"curies":[{"name":"wp","href":"https:\/\/api.w.org\/{rel}","templated":true}]}}