{"id":42804,"date":"2026-04-22T10:12:46","date_gmt":"2026-04-22T08:12:46","guid":{"rendered":"https:\/\/voyagedelabaleine.fr\/product\/ranita-de-bebe-con-nido-de-abeja-y-motivo-de-ancla-marinera-azul-marino-blanco\/"},"modified":"2026-04-22T10:12:46","modified_gmt":"2026-04-22T08:12:46","slug":"ranita-de-bebe-con-nido-de-abeja-y-motivo-de-ancla-marinera-azul-marino-blanco","status":"publish","type":"product","link":"https:\/\/voyagedelabaleine.fr\/es\/producto\/ranita-de-bebe-con-nido-de-abeja-y-motivo-de-ancla-marinera-azul-marino-blanco\/","title":{"rendered":"Ranita de beb\u00e9 con nido de abeja y motivo de ancla marinera \u2013 Azul marino\/blanco"},"content":{"rendered":"<div class=\"flex flex-col text-sm pb-25\">\n<section class=\"text-token-text-primary w-full focus:outline-none [--shadow-height:45px] has-data-writing-block:pointer-events-none has-data-writing-block:-mt-(--shadow-height) has-data-writing-block:pt-(--shadow-height) [&amp;:has([data-writing-block])&gt;*]:pointer-events-auto scroll-mt-[calc(var(--header-height)+min(200px,max(70px,20svh)))]\" dir=\"auto\" data-turn-id=\"request-6970f0b2-bcb4-8329-8c33-a634cee04d04-119\" data-testid=\"conversation-turn-264\" data-scroll-anchor=\"true\" data-turn=\"assistant\">\n<div class=\"text-base my-auto mx-auto pb-10 [--thread-content-margin:var(--thread-content-margin-xs,calc(var(--spacing)*4))] @w-sm\/main:[--thread-content-margin:var(--thread-content-margin-sm,calc(var(--spacing)*6))] @w-lg\/main:[--thread-content-margin:var(--thread-content-margin-lg,calc(var(--spacing)*16))] px-(--thread-content-margin)\">\n<div class=\"[--thread-content-max-width:40rem] @w-lg\/main:[--thread-content-max-width:48rem] mx-auto max-w-(--thread-content-max-width) flex-1 group\/turn-messages focus-visible:outline-hidden relative flex w-full min-w-0 flex-col agent-turn\">\n<div class=\"flex max-w-full flex-col gap-4 grow\">\n<div class=\"min-h-8 text-message relative flex w-full flex-col items-end gap-2 text-start break-words whitespace-normal outline-none keyboard-focused:focus-ring [.text-message+&amp;]:mt-1\" dir=\"auto\" tabindex=\"0\" data-message-author-role=\"assistant\" data-message-id=\"2d5b2d69-7c8e-43e1-8b24-17869b5a485b\" data-message-model-slug=\"gpt-5-3\" data-turn-start-message=\"true\">\n<div class=\"flex w-full flex-col gap-1 empty:hidden\">\n<div class=\"markdown prose dark:prose-invert w-full wrap-break-word light markdown-new-styling\">\n<h2 data-section-id=\"mxehhu\" data-start=\"0\" data-end=\"69\">Ranita de beb\u00e9 con nido de abeja y motivo de ancla marinera \u2013 Azul marino\/blanco<\/h2>\n<h3 data-section-id=\"wu4buu\" data-start=\"71\" data-end=\"122\">Una ranita de beb\u00e9 elegante con aire marinero<\/h3>\n<p data-start=\"124\" data-end=\"395\">Nuestra <strong data-start=\"130\" data-end=\"200\">ranita de beb\u00e9 con nido de abeja y motivo de ancla marinera \u2013 azul marino\/blanco<\/strong> es una prenda refinada, inspirada en el universo marinero. Sus <strong data-start=\"264\" data-end=\"299\">rayas azul marino y blancas<\/strong> aportan un aire atemporal, ideal para vestir al beb\u00e9 con suavidad en los d\u00edas de buen tiempo. <\/p>\n<p data-start=\"397\" data-end=\"523\">Esta ranita ofrece una silueta cuidada y armoniosa, perfecta tanto para el d\u00eda a d\u00eda como para ocasiones m\u00e1s arregladas.<\/p>\n<h3 data-section-id=\"1wr3ua3\" data-start=\"525\" data-end=\"580\">Nido de abeja delicado y bordados de anclas marineras<\/h3>\n<p data-start=\"582\" data-end=\"803\">El delantero se realza con <strong data-start=\"611\" data-end=\"630\">un delicado nido de abeja<\/strong>, acompa\u00f1ado de <strong data-start=\"647\" data-end=\"677\">bordados de anclas marineras<\/strong> que aportan un toque sutil y elegante. Estos detalles dan relieve al conjunto, manteniendo una gran delicadeza. <\/p>\n<p data-start=\"805\" data-end=\"890\">Refuerzan el estilo marinero de la ranita, sin dejar de ser discretos y refinados.<\/p>\n<h3 data-section-id=\"q9te6u\" data-start=\"892\" data-end=\"942\">Un bonito cuello estructurado y mangas ligeras<\/h3>\n<p data-start=\"944\" data-end=\"1112\">La ranita se realza con un <strong data-start=\"984\" data-end=\"1003\">cuello azul marino<\/strong>, que contrasta delicadamente con las rayas. Este detalle estructura el conjunto y enmarca la parte superior con elegancia. <\/p>\n<p data-start=\"1114\" data-end=\"1242\">Las <strong data-start=\"1118\" data-end=\"1137\">mangas cortas<\/strong> ofrecen un corte sencillo y c\u00f3modo, perfectamente adaptado a los d\u00edas calurosos.<\/p>\n<h3 data-section-id=\"1vlhzd6\" data-start=\"1244\" data-end=\"1286\">Un corte pr\u00e1ctico para el d\u00eda a d\u00eda<\/h3>\n<p data-start=\"1288\" data-end=\"1476\">La ranita se cierra con una <strong data-start=\"1323\" data-end=\"1353\">tapeta de botones en la espalda<\/strong>, para vestir al beb\u00e9 con facilidad. Los <strong data-start=\"1391\" data-end=\"1417\">botones en la entrepierna<\/strong> facilitan el cambio, para un uso pr\u00e1ctico a diario. <\/p>\n<p data-start=\"1478\" data-end=\"1574\">Su corte est\u00e1 pensado para dejar al beb\u00e9 libre de movimientos, garantizando a la vez una buena sujeci\u00f3n.<\/p>\n<h3 data-section-id=\"1f1mlu0\" data-start=\"1576\" data-end=\"1614\">Un tejido suave de 100 % algod\u00f3n<\/h3>\n<p data-start=\"1616\" data-end=\"1811\">Confeccionada en <strong data-start=\"1633\" data-end=\"1648\">100 % algod\u00f3n<\/strong>, esta ranita es ligera, transpirable y agradable de llevar. Respeta la piel sensible de los beb\u00e9s y garantiza un confort \u00f3ptimo durante todo el d\u00eda. <\/p>\n<p data-start=\"1813\" data-end=\"1874\">El tejido conserva su suavidad y su forma lavado tras lavado.<\/p>\n<h3 data-section-id=\"1t4goq4\" data-start=\"1876\" data-end=\"1918\">Una confecci\u00f3n espa\u00f1ola de calidad<\/h3>\n<p data-start=\"1920\" data-end=\"2092\">Fabricada en Espa\u00f1a, esta ranita se beneficia de un saber hacer reconocido y de acabados cuidados. El nido de abeja, los bordados y las costuras se realizan con precisi\u00f3n. <\/p>\n<h3 data-section-id=\"1t6umac\" data-start=\"2094\" data-end=\"2130\">Un esencial del vestuario del beb\u00e9<\/h3>\n<p data-start=\"2132\" data-end=\"2275\">Nuestra <strong data-start=\"2138\" data-end=\"2192\">ranita de beb\u00e9 azul marino y blanca con motivo de ancla<\/strong> es una prenda elegante y atemporal, ideal para crear conjuntos refinados.<\/p>\n<p data-start=\"2277\" data-end=\"2399\" data-is-last-node=\"\" data-is-only-node=\"\">Refleja a la perfecci\u00f3n el universo delicado y aut\u00e9ntico de Voyage de la Baleine, entre suavidad, sencillez y elegancia.<\/p>\n<p data-start=\"2277\" data-end=\"2399\" data-is-last-node=\"\" data-is-only-node=\"\">Descubra las otras <strong>prendas a juego de la colecci\u00f3n<\/strong> para crear bonitos conjuntos coordinados para los hermanos: <a href=\"https:\/\/voyagedelabaleine.fr\/es\/producto\/conjunto-vestido-corto-bebe-con-nidos-de-abeja-y-braguita-a-juego-azul-marino-blanco\/\">Conjunto de vestido corto de beb\u00e9 con nido de abeja y cubrepa\u00f1al a juego \u2013 Azul marino\/blanco<\/a> y <a href=\"https:\/\/voyagedelabaleine.fr\/es\/producto\/vestido-de-rayas-con-nido-de-abeja-y-motivo-de-ancla-marinera-azul-marino-blanco\/\">Vestido de rayas con nido de abeja y motivo de ancla marinera \u2013 Azul marino\/blanco<\/a>.<\/p>\n<\/div>\n<\/div>\n<\/div>\n<\/div>\n<div class=\"z-0 flex min-h-[46px] justify-start\">Fabricado en Espa\u00f1a.<\/div>\n<\/div>\n<\/div>\n<\/section>\n<\/div>\n<div class=\"pointer-events-none h-px w-px absolute bottom-0\" aria-hidden=\"true\" data-edge=\"true\"><\/div>\n","protected":false},"excerpt":{"rendered":"<ul>\n<li>Detalles de nido de abeja y bordados de anclas marineras<\/li>\n<li>Se cierra con una tapeta de botones en la espalda<\/li>\n<li>Botones en la entrepierna<\/li>\n<li>100% algod\u00f3n<\/li>\n<li>Fabricado en Espa\u00f1a<br \/>\n<em>Esta ranita tiene un tallaje normal. Elija la talla habitual.<\/em><\/li>\n<\/ul>\n","protected":false},"featured_media":42651,"comment_status":"open","ping_status":"closed","template":"","meta":{"ocean_post_layout":"","ocean_both_sidebars_style":"","ocean_both_sidebars_content_width":0,"ocean_both_sidebars_sidebars_width":0,"ocean_sidebar":"0","ocean_second_sidebar":"0","ocean_disable_margins":"enable","ocean_add_body_class":"","ocean_shortcode_before_top_bar":"","ocean_shortcode_after_top_bar":"","ocean_shortcode_before_header":"","ocean_shortcode_after_header":"","ocean_has_shortcode":"","ocean_shortcode_after_title":"","ocean_shortcode_before_footer_widgets":"","ocean_shortcode_after_footer_widgets":"","ocean_shortcode_before_footer_bottom":"","ocean_shortcode_after_footer_bottom":"","ocean_display_top_bar":"default","ocean_display_header":"default","ocean_header_style":"","ocean_center_header_left_menu":"0","ocean_custom_header_template":"0","ocean_custom_logo":0,"ocean_custom_retina_logo":0,"ocean_custom_logo_max_width":0,"ocean_custom_logo_tablet_max_width":0,"ocean_custom_logo_mobile_max_width":0,"ocean_custom_logo_max_height":0,"ocean_custom_logo_tablet_max_height":0,"ocean_custom_logo_mobile_max_height":0,"ocean_header_custom_menu":"0","ocean_menu_typo_font_family":"0","ocean_menu_typo_font_subset":"","ocean_menu_typo_font_size":0,"ocean_menu_typo_font_size_tablet":0,"ocean_menu_typo_font_size_mobile":0,"ocean_menu_typo_font_size_unit":"px","ocean_menu_typo_font_weight":"","ocean_menu_typo_font_weight_tablet":"","ocean_menu_typo_font_weight_mobile":"","ocean_menu_typo_transform":"","ocean_menu_typo_transform_tablet":"","ocean_menu_typo_transform_mobile":"","ocean_menu_typo_line_height":0,"ocean_menu_typo_line_height_tablet":0,"ocean_menu_typo_line_height_mobile":0,"ocean_menu_typo_line_height_unit":"","ocean_menu_typo_spacing":0,"ocean_menu_typo_spacing_tablet":0,"ocean_menu_typo_spacing_mobile":0,"ocean_menu_typo_spacing_unit":"","ocean_menu_link_color":"","ocean_menu_link_color_hover":"","ocean_menu_link_color_active":"","ocean_menu_link_background":"","ocean_menu_link_hover_background":"","ocean_menu_link_active_background":"","ocean_menu_social_links_bg":"","ocean_menu_social_hover_links_bg":"","ocean_menu_social_links_color":"","ocean_menu_social_hover_links_color":"","ocean_disable_title":"default","ocean_disable_heading":"default","ocean_post_title":"","ocean_post_subheading":"","ocean_post_title_style":"","ocean_post_title_background_color":"","ocean_post_title_background":0,"ocean_post_title_bg_image_position":"","ocean_post_title_bg_image_attachment":"","ocean_post_title_bg_image_repeat":"","ocean_post_title_bg_image_size":"","ocean_post_title_height":0,"ocean_post_title_bg_overlay":0.5,"ocean_post_title_bg_overlay_color":"","ocean_disable_breadcrumbs":"default","ocean_breadcrumbs_color":"","ocean_breadcrumbs_separator_color":"","ocean_breadcrumbs_links_color":"","ocean_breadcrumbs_links_hover_color":"","ocean_display_footer_widgets":"default","ocean_display_footer_bottom":"default","ocean_custom_footer_template":"0","osh_disable_topbar_sticky":"default","osh_disable_header_sticky":"default","osh_sticky_header_style":"default","osh_sticky_header_effect":"","osh_custom_sticky_logo":0,"osh_custom_retina_sticky_logo":0,"osh_custom_sticky_logo_height":0,"osh_background_color":"","osh_links_color":"","osh_links_hover_color":"","osh_links_active_color":"","osh_links_bg_color":"","osh_links_hover_bg_color":"","osh_links_active_bg_color":"","osh_menu_social_links_color":"","osh_menu_social_hover_links_color":""},"product_brand":[],"product_cat":[7013,6971,6993,6873,6818,6845,7031],"product_tag":[],"class_list":{"0":"post-42804","1":"product","2":"type-product","3":"status-publish","4":"has-post-thumbnail","6":"product_cat-pelele-peto-ranita-nacimiento","7":"product_cat-pelele-peto-ranita-nacimiento-nina","8":"product_cat-pelele-peto-ranita-nacimiento-nino","9":"product_cat-pelele-peto-ranita-bebe","10":"product_cat-pelele-peto-ranita-bebe-nina","11":"product_cat-pelele-peto-ranita-bebe-nino","12":"product_cat-ropa","14":"entry","15":"has-media","17":"first","18":"instock","19":"taxable","20":"shipping-taxable","21":"purchasable","22":"product-type-variable","23":"has-default-attributes","24":"col","25":"span_1_of_3","26":"owp-content-center","27":"owp-thumbs-layout-vertical","28":"owp-btn-big","29":"owp-tabs-layout-vertical","30":"circle-sale"},"yoast_head":"<!-- This site is optimized with the Yoast SEO plugin v27.1.1 - https:\/\/yoast.com\/product\/yoast-seo-wordpress\/ -->\n<title>Ranita de beb\u00e9 con nido de abeja y motivo de ancla marinera \u2013 Azul marino\/blanco - Voyage de la Baleine<\/title>\n<meta name=\"description\" content=\"Nuestra ranita de beb\u00e9 con nido de abeja y motivo de ancla marinera \u2013 azul marino\/blanco es una prenda refinada, inspirada en el universo marinero.\" \/>\n<meta name=\"robots\" content=\"index, follow, max-snippet:-1, max-image-preview:large, max-video-preview:-1\" \/>\n<link rel=\"canonical\" href=\"https:\/\/voyagedelabaleine.fr\/es\/producto\/ranita-de-bebe-con-nido-de-abeja-y-motivo-de-ancla-marinera-azul-marino-blanco\/\" \/>\n<meta property=\"og:locale\" content=\"es_ES\" \/>\n<meta property=\"og:type\" content=\"article\" \/>\n<meta property=\"og:title\" content=\"Ranita de beb\u00e9 con nido de abeja y motivo de ancla marinera \u2013 Azul marino\/blanco - Voyage de la Baleine\" \/>\n<meta property=\"og:description\" content=\"Nuestra ranita de beb\u00e9 con nido de abeja y motivo de ancla marinera \u2013 azul marino\/blanco es una prenda refinada, inspirada en el universo marinero.\" \/>\n<meta property=\"og:url\" content=\"https:\/\/voyagedelabaleine.fr\/es\/producto\/ranita-de-bebe-con-nido-de-abeja-y-motivo-de-ancla-marinera-azul-marino-blanco\/\" \/>\n<meta property=\"og:site_name\" content=\"Voyage de la Baleine\" \/>\n<meta property=\"article:publisher\" content=\"https:\/\/www.facebook.com\/voyagedelabaleine\/\" \/>\n<meta property=\"og:image\" content=\"https:\/\/voyagedelabaleine.fr\/wp-content\/uploads\/2026\/04\/barboteuse-ancres-marines-smocks-1.jpg\" \/>\n\t<meta property=\"og:image:width\" content=\"900\" \/>\n\t<meta property=\"og:image:height\" content=\"1200\" \/>\n\t<meta property=\"og:image:type\" content=\"image\/jpeg\" \/>\n<meta name=\"twitter:card\" content=\"summary_large_image\" \/>\n<meta name=\"twitter:label1\" content=\"Tiempo de lectura\" \/>\n\t<meta name=\"twitter:data1\" content=\"2 minuto\" \/>\n<script type=\"application\/ld+json\" class=\"yoast-schema-graph\">{\"@context\":\"https:\/\/schema.org\",\"@graph\":[{\"@type\":\"WebPage\",\"@id\":\"https:\/\/voyagedelabaleine.fr\/es\/producto\/ranita-de-bebe-con-nido-de-abeja-y-motivo-de-ancla-marinera-azul-marino-blanco\/\",\"url\":\"https:\/\/voyagedelabaleine.fr\/es\/producto\/ranita-de-bebe-con-nido-de-abeja-y-motivo-de-ancla-marinera-azul-marino-blanco\/\",\"name\":\"Ranita de beb\u00e9 con nido de abeja y motivo de ancla marinera \u2013 Azul marino\/blanco - Voyage de la Baleine\",\"isPartOf\":{\"@id\":\"https:\/\/voyagedelabaleine.fr\/es\/#website\"},\"primaryImageOfPage\":{\"@id\":\"https:\/\/voyagedelabaleine.fr\/es\/producto\/ranita-de-bebe-con-nido-de-abeja-y-motivo-de-ancla-marinera-azul-marino-blanco\/#primaryimage\"},\"image\":{\"@id\":\"https:\/\/voyagedelabaleine.fr\/es\/producto\/ranita-de-bebe-con-nido-de-abeja-y-motivo-de-ancla-marinera-azul-marino-blanco\/#primaryimage\"},\"thumbnailUrl\":\"https:\/\/voyagedelabaleine.fr\/wp-content\/uploads\/2026\/04\/barboteuse-ancres-marines-smocks-1.jpg\",\"datePublished\":\"2026-04-22T08:12:46+00:00\",\"description\":\"Nuestra ranita de beb\u00e9 con nido de abeja y motivo de ancla marinera \u2013 azul marino\/blanco es una prenda refinada, inspirada en el universo marinero.\",\"breadcrumb\":{\"@id\":\"https:\/\/voyagedelabaleine.fr\/es\/producto\/ranita-de-bebe-con-nido-de-abeja-y-motivo-de-ancla-marinera-azul-marino-blanco\/#breadcrumb\"},\"inLanguage\":\"es\",\"potentialAction\":[{\"@type\":\"ReadAction\",\"target\":[\"https:\/\/voyagedelabaleine.fr\/es\/producto\/ranita-de-bebe-con-nido-de-abeja-y-motivo-de-ancla-marinera-azul-marino-blanco\/\"]}]},{\"@type\":\"ImageObject\",\"inLanguage\":\"es\",\"@id\":\"https:\/\/voyagedelabaleine.fr\/es\/producto\/ranita-de-bebe-con-nido-de-abeja-y-motivo-de-ancla-marinera-azul-marino-blanco\/#primaryimage\",\"url\":\"https:\/\/voyagedelabaleine.fr\/wp-content\/uploads\/2026\/04\/barboteuse-ancres-marines-smocks-1.jpg\",\"contentUrl\":\"https:\/\/voyagedelabaleine.fr\/wp-content\/uploads\/2026\/04\/barboteuse-ancres-marines-smocks-1.jpg\",\"width\":900,\"height\":1200},{\"@type\":\"BreadcrumbList\",\"@id\":\"https:\/\/voyagedelabaleine.fr\/es\/producto\/ranita-de-bebe-con-nido-de-abeja-y-motivo-de-ancla-marinera-azul-marino-blanco\/#breadcrumb\",\"itemListElement\":[{\"@type\":\"ListItem\",\"position\":1,\"name\":\"Accueil\",\"item\":\"https:\/\/voyagedelabaleine.fr\/es\/inicio\/\"},{\"@type\":\"ListItem\",\"position\":2,\"name\":\"Tienda\",\"item\":\"https:\/\/voyagedelabaleine.fr\/es\/tienda\/\"},{\"@type\":\"ListItem\",\"position\":3,\"name\":\"Ranita de beb\u00e9 con nido de abeja y motivo de ancla marinera \u2013 Azul marino\/blanco\"}]},{\"@type\":\"WebSite\",\"@id\":\"https:\/\/voyagedelabaleine.fr\/es\/#website\",\"url\":\"https:\/\/voyagedelabaleine.fr\/es\/\",\"name\":\"Voyage de la Baleine\",\"description\":\"V\u00eatements intemporels et raffin\u00e9s pour b\u00e9b\u00e9s et enfants\",\"publisher\":{\"@id\":\"https:\/\/voyagedelabaleine.fr\/es\/#organization\"},\"potentialAction\":[{\"@type\":\"SearchAction\",\"target\":{\"@type\":\"EntryPoint\",\"urlTemplate\":\"https:\/\/voyagedelabaleine.fr\/es\/?s={search_term_string}\"},\"query-input\":{\"@type\":\"PropertyValueSpecification\",\"valueRequired\":true,\"valueName\":\"search_term_string\"}}],\"inLanguage\":\"es\"},{\"@type\":\"Organization\",\"@id\":\"https:\/\/voyagedelabaleine.fr\/es\/#organization\",\"name\":\"Voyage de la Baleine\",\"url\":\"https:\/\/voyagedelabaleine.fr\/es\/\",\"logo\":{\"@type\":\"ImageObject\",\"inLanguage\":\"es\",\"@id\":\"https:\/\/voyagedelabaleine.fr\/es\/#\/schema\/logo\/image\/\",\"url\":\"https:\/\/voyagedelabaleine.fr\/wp-content\/uploads\/2025\/06\/logo.webp\",\"contentUrl\":\"https:\/\/voyagedelabaleine.fr\/wp-content\/uploads\/2025\/06\/logo.webp\",\"width\":153,\"height\":64,\"caption\":\"Voyage de la Baleine\"},\"image\":{\"@id\":\"https:\/\/voyagedelabaleine.fr\/es\/#\/schema\/logo\/image\/\"},\"sameAs\":[\"https:\/\/www.facebook.com\/voyagedelabaleine\/\",\"https:\/\/www.instagram.com\/voyagedelabaleine\/\",\"https:\/\/www.pinterest.fr\/Voyagedelabaleine\/\"]}]}<\/script>\n<!-- \/ Yoast SEO plugin. -->","yoast_head_json":{"title":"Ranita de beb\u00e9 con nido de abeja y motivo de ancla marinera \u2013 Azul marino\/blanco - Voyage de la Baleine","description":"Nuestra ranita de beb\u00e9 con nido de abeja y motivo de ancla marinera \u2013 azul marino\/blanco es una prenda refinada, inspirada en el universo marinero.","robots":{"index":"index","follow":"follow","max-snippet":"max-snippet:-1","max-image-preview":"max-image-preview:large","max-video-preview":"max-video-preview:-1"},"canonical":"https:\/\/voyagedelabaleine.fr\/es\/producto\/ranita-de-bebe-con-nido-de-abeja-y-motivo-de-ancla-marinera-azul-marino-blanco\/","og_locale":"es_ES","og_type":"article","og_title":"Ranita de beb\u00e9 con nido de abeja y motivo de ancla marinera \u2013 Azul marino\/blanco - Voyage de la Baleine","og_description":"Nuestra ranita de beb\u00e9 con nido de abeja y motivo de ancla marinera \u2013 azul marino\/blanco es una prenda refinada, inspirada en el universo marinero.","og_url":"https:\/\/voyagedelabaleine.fr\/es\/producto\/ranita-de-bebe-con-nido-de-abeja-y-motivo-de-ancla-marinera-azul-marino-blanco\/","og_site_name":"Voyage de la Baleine","article_publisher":"https:\/\/www.facebook.com\/voyagedelabaleine\/","og_image":[{"width":900,"height":1200,"url":"https:\/\/voyagedelabaleine.fr\/wp-content\/uploads\/2026\/04\/barboteuse-ancres-marines-smocks-1.jpg","type":"image\/jpeg"}],"twitter_card":"summary_large_image","twitter_misc":{"Tiempo de lectura":"2 minuto"},"schema":{"@context":"https:\/\/schema.org","@graph":[{"@type":"WebPage","@id":"https:\/\/voyagedelabaleine.fr\/es\/producto\/ranita-de-bebe-con-nido-de-abeja-y-motivo-de-ancla-marinera-azul-marino-blanco\/","url":"https:\/\/voyagedelabaleine.fr\/es\/producto\/ranita-de-bebe-con-nido-de-abeja-y-motivo-de-ancla-marinera-azul-marino-blanco\/","name":"Ranita de beb\u00e9 con nido de abeja y motivo de ancla marinera \u2013 Azul marino\/blanco - Voyage de la Baleine","isPartOf":{"@id":"https:\/\/voyagedelabaleine.fr\/es\/#website"},"primaryImageOfPage":{"@id":"https:\/\/voyagedelabaleine.fr\/es\/producto\/ranita-de-bebe-con-nido-de-abeja-y-motivo-de-ancla-marinera-azul-marino-blanco\/#primaryimage"},"image":{"@id":"https:\/\/voyagedelabaleine.fr\/es\/producto\/ranita-de-bebe-con-nido-de-abeja-y-motivo-de-ancla-marinera-azul-marino-blanco\/#primaryimage"},"thumbnailUrl":"https:\/\/voyagedelabaleine.fr\/wp-content\/uploads\/2026\/04\/barboteuse-ancres-marines-smocks-1.jpg","datePublished":"2026-04-22T08:12:46+00:00","description":"Nuestra ranita de beb\u00e9 con nido de abeja y motivo de ancla marinera \u2013 azul marino\/blanco es una prenda refinada, inspirada en el universo marinero.","breadcrumb":{"@id":"https:\/\/voyagedelabaleine.fr\/es\/producto\/ranita-de-bebe-con-nido-de-abeja-y-motivo-de-ancla-marinera-azul-marino-blanco\/#breadcrumb"},"inLanguage":"es","potentialAction":[{"@type":"ReadAction","target":["https:\/\/voyagedelabaleine.fr\/es\/producto\/ranita-de-bebe-con-nido-de-abeja-y-motivo-de-ancla-marinera-azul-marino-blanco\/"]}]},{"@type":"ImageObject","inLanguage":"es","@id":"https:\/\/voyagedelabaleine.fr\/es\/producto\/ranita-de-bebe-con-nido-de-abeja-y-motivo-de-ancla-marinera-azul-marino-blanco\/#primaryimage","url":"https:\/\/voyagedelabaleine.fr\/wp-content\/uploads\/2026\/04\/barboteuse-ancres-marines-smocks-1.jpg","contentUrl":"https:\/\/voyagedelabaleine.fr\/wp-content\/uploads\/2026\/04\/barboteuse-ancres-marines-smocks-1.jpg","width":900,"height":1200},{"@type":"BreadcrumbList","@id":"https:\/\/voyagedelabaleine.fr\/es\/producto\/ranita-de-bebe-con-nido-de-abeja-y-motivo-de-ancla-marinera-azul-marino-blanco\/#breadcrumb","itemListElement":[{"@type":"ListItem","position":1,"name":"Accueil","item":"https:\/\/voyagedelabaleine.fr\/es\/inicio\/"},{"@type":"ListItem","position":2,"name":"Tienda","item":"https:\/\/voyagedelabaleine.fr\/es\/tienda\/"},{"@type":"ListItem","position":3,"name":"Ranita de beb\u00e9 con nido de abeja y motivo de ancla marinera \u2013 Azul marino\/blanco"}]},{"@type":"WebSite","@id":"https:\/\/voyagedelabaleine.fr\/es\/#website","url":"https:\/\/voyagedelabaleine.fr\/es\/","name":"Voyage de la Baleine","description":"V\u00eatements intemporels et raffin\u00e9s pour b\u00e9b\u00e9s et enfants","publisher":{"@id":"https:\/\/voyagedelabaleine.fr\/es\/#organization"},"potentialAction":[{"@type":"SearchAction","target":{"@type":"EntryPoint","urlTemplate":"https:\/\/voyagedelabaleine.fr\/es\/?s={search_term_string}"},"query-input":{"@type":"PropertyValueSpecification","valueRequired":true,"valueName":"search_term_string"}}],"inLanguage":"es"},{"@type":"Organization","@id":"https:\/\/voyagedelabaleine.fr\/es\/#organization","name":"Voyage de la Baleine","url":"https:\/\/voyagedelabaleine.fr\/es\/","logo":{"@type":"ImageObject","inLanguage":"es","@id":"https:\/\/voyagedelabaleine.fr\/es\/#\/schema\/logo\/image\/","url":"https:\/\/voyagedelabaleine.fr\/wp-content\/uploads\/2025\/06\/logo.webp","contentUrl":"https:\/\/voyagedelabaleine.fr\/wp-content\/uploads\/2025\/06\/logo.webp","width":153,"height":64,"caption":"Voyage de la Baleine"},"image":{"@id":"https:\/\/voyagedelabaleine.fr\/es\/#\/schema\/logo\/image\/"},"sameAs":["https:\/\/www.facebook.com\/voyagedelabaleine\/","https:\/\/www.instagram.com\/voyagedelabaleine\/","https:\/\/www.pinterest.fr\/Voyagedelabaleine\/"]}]}},"_links":{"self":[{"href":"https:\/\/voyagedelabaleine.fr\/es\/wp-json\/wp\/v2\/product\/42804","targetHints":{"allow":["GET"]}}],"collection":[{"href":"https:\/\/voyagedelabaleine.fr\/es\/wp-json\/wp\/v2\/product"}],"about":[{"href":"https:\/\/voyagedelabaleine.fr\/es\/wp-json\/wp\/v2\/types\/product"}],"replies":[{"embeddable":true,"href":"https:\/\/voyagedelabaleine.fr\/es\/wp-json\/wp\/v2\/comments?post=42804"}],"wp:featuredmedia":[{"embeddable":true,"href":"https:\/\/voyagedelabaleine.fr\/es\/wp-json\/wp\/v2\/media\/42651"}],"wp:attachment":[{"href":"https:\/\/voyagedelabaleine.fr\/es\/wp-json\/wp\/v2\/media?parent=42804"}],"wp:term":[{"taxonomy":"product_brand","embeddable":true,"href":"https:\/\/voyagedelabaleine.fr\/es\/wp-json\/wp\/v2\/product_brand?post=42804"},{"taxonomy":"product_cat","embeddable":true,"href":"https:\/\/voyagedelabaleine.fr\/es\/wp-json\/wp\/v2\/product_cat?post=42804"},{"taxonomy":"product_tag","embeddable":true,"href":"https:\/\/voyagedelabaleine.fr\/es\/wp-json\/wp\/v2\/product_tag?post=42804"}],"curies":[{"name":"wp","href":"https:\/\/api.w.org\/{rel}","templated":true}]}}