{"id":42884,"date":"2026-04-22T10:10:16","date_gmt":"2026-04-22T08:10:16","guid":{"rendered":"https:\/\/voyagedelabaleine.fr\/product\/conjunto-bebe-nino-blusa-de-rayas-y-bloomer-denim-amarillo-azul\/"},"modified":"2026-04-22T10:10:16","modified_gmt":"2026-04-22T08:10:16","slug":"conjunto-bebe-nino-blusa-de-rayas-y-bloomer-denim-amarillo-azul","status":"publish","type":"product","link":"https:\/\/voyagedelabaleine.fr\/es\/producto\/conjunto-bebe-nino-blusa-de-rayas-y-bloomer-denim-amarillo-azul\/","title":{"rendered":"Conjunto beb\u00e9 ni\u00f1o blusa de rayas y bloomer denim &#8211; Amarillo\/azul"},"content":{"rendered":"<div class=\"flex flex-col text-sm pb-25\">\n<section class=\"text-token-text-primary w-full focus:outline-none [--shadow-height:45px] has-data-writing-block:pointer-events-none has-data-writing-block:-mt-(--shadow-height) has-data-writing-block:pt-(--shadow-height) [&amp;:has([data-writing-block])&gt;*]:pointer-events-auto scroll-mt-[calc(var(--header-height)+min(200px,max(70px,20svh)))]\" dir=\"auto\" data-turn-id=\"request-6970f0b2-bcb4-8329-8c33-a634cee04d04-126\" data-testid=\"conversation-turn-278\" data-scroll-anchor=\"true\" data-turn=\"assistant\">\n<div class=\"text-base my-auto mx-auto pb-10 [--thread-content-margin:var(--thread-content-margin-xs,calc(var(--spacing)*4))] @w-sm\/main:[--thread-content-margin:var(--thread-content-margin-sm,calc(var(--spacing)*6))] @w-lg\/main:[--thread-content-margin:var(--thread-content-margin-lg,calc(var(--spacing)*16))] px-(--thread-content-margin)\">\n<div class=\"[--thread-content-max-width:40rem] @w-lg\/main:[--thread-content-max-width:48rem] mx-auto max-w-(--thread-content-max-width) flex-1 group\/turn-messages focus-visible:outline-hidden relative flex w-full min-w-0 flex-col agent-turn\">\n<div class=\"flex max-w-full flex-col gap-4 grow\">\n<div class=\"min-h-8 text-message relative flex w-full flex-col items-end gap-2 text-start break-words whitespace-normal outline-none keyboard-focused:focus-ring [.text-message+&amp;]:mt-1\" dir=\"auto\" tabindex=\"0\" data-message-author-role=\"assistant\" data-message-id=\"f731ee97-fee2-49df-86df-35a7b7eba375\" data-message-model-slug=\"gpt-5-3\" data-turn-start-message=\"true\">\n<div class=\"flex w-full flex-col gap-1 empty:hidden\">\n<div class=\"markdown prose dark:prose-invert w-full wrap-break-word light markdown-new-styling\">\n<h3 data-section-id=\"1h3lmke\" data-start=\"225\" data-end=\"268\">Un conjunto estival suave y luminoso<\/h3>\n<p data-start=\"270\" data-end=\"559\">Con nuestro <strong data-start=\"281\" data-end=\"343\">conjunto beb\u00e9 ni\u00f1o blusa de rayas y bloomer amarillo y azul<\/strong>, componga una silueta a la vez fresca y elegante para los d\u00edas bonitos. La combinaci\u00f3n de las <strong data-start=\"439\" data-end=\"469\">rayas amarillas y blancas<\/strong> y del <strong data-start=\"476\" data-end=\"500\">azul suave del bloomer<\/strong> evoca un vestuario de verano luminoso, delicado y atemporal. <\/p>\n<p data-start=\"561\" data-end=\"682\">Un conjunto pensado para acompa\u00f1ar al beb\u00e9 durante las jornadas soleadas, entre momentos en casa y paseos estivales.<\/p>\n<h3 data-section-id=\"1fmy4m4\" data-start=\"684\" data-end=\"729\">Una blusa ligera de encanto aut\u00e9ntico<\/h3>\n<p data-start=\"731\" data-end=\"949\">La blusa se distingue por sus <strong data-start=\"762\" data-end=\"803\">rayas verticales amarillas y blancas<\/strong> y su <strong data-start=\"882\" data-end=\"897\">corte amplio<\/strong> que permite al beb\u00e9 moverse libremente, sin restricciones.<\/p>\n<p data-start=\"951\" data-end=\"1181\">Los <strong data-start=\"955\" data-end=\"988\">botones de madera en la parte delantera<\/strong> a\u00f1aden una nota natural y aut\u00e9ntica, fiel a un estilo sencillo y refinado. Las <strong data-start=\"1074\" data-end=\"1112\">mangas cortas ligeramente acampanadas<\/strong> aportan un toque de ligereza y movimiento, ideal para el verano. <\/p>\n<h3 data-section-id=\"jhu5ad\" data-start=\"1183\" data-end=\"1239\">Un bloomer c\u00f3modo de esp\u00edritu desenfadado chic<\/h3>\n<p data-start=\"1241\" data-end=\"1458\">El bloomer azul aporta un bonito contraste a la blusa. Su <strong data-start=\"1331\" data-end=\"1349\">forma ligeramente abombada<\/strong> y sus <strong data-start=\"1357\" data-end=\"1406\">el\u00e1sticos suaves en la cintura y los muslos<\/strong> aseguran un ajuste c\u00f3modo, sin comprimir. <\/p>\n<p data-start=\"1460\" data-end=\"1551\">F\u00e1cil de poner, acompa\u00f1a al beb\u00e9 en todos sus movimientos, desde el juego hasta los momentos de descanso.<\/p>\n<h3 data-section-id=\"q8t9xj\" data-start=\"1553\" data-end=\"1605\">Un conjunto de algod\u00f3n suave para la piel del beb\u00e9<\/h3>\n<p data-start=\"1607\" data-end=\"1770\">Confeccionado en <strong data-start=\"1623\" data-end=\"1638\">100 % algod\u00f3n<\/strong>, este conjunto respeta la piel delicada de los m\u00e1s peque\u00f1os. Ligero y transpirable, est\u00e1 perfectamente adaptado a las temperaturas estivales. <\/p>\n<p data-start=\"1772\" data-end=\"1914\">La calidad del algod\u00f3n permite conservar la suavidad del tejido tras los lavados, para una prenda duradera y agradable de llevar d\u00eda tras d\u00eda.<\/p>\n<h3 data-section-id=\"3a8w5r\" data-start=\"1916\" data-end=\"1981\">Una prenda ideal para el d\u00eda a d\u00eda como para las ocasiones<\/h3>\n<p data-start=\"1983\" data-end=\"2232\">Nuestro <strong data-start=\"1989\" data-end=\"2040\">conjunto beb\u00e9 ni\u00f1o de rayas amarillas y bloomer azul<\/strong> es perfecto para vestir al beb\u00e9 con gusto sin renunciar a la comodidad. Se basta por s\u00ed solo para un conjunto completo, o puede combinarse con una chaqueta ligera para los d\u00edas m\u00e1s frescos. <\/p>\n<p data-start=\"2234\" data-end=\"2362\">Una prenda f\u00e1cil de llevar, elegante sin resultar demasiado arreglada, que encuentra naturalmente su lugar en el vestuario de los m\u00e1s peque\u00f1os.<\/p>\n<p data-start=\"2364\" data-end=\"2384\" data-is-last-node=\"\" data-is-only-node=\"\">Fabricado en Espa\u00f1a.<\/p>\n<\/div>\n<\/div>\n<\/div>\n<\/div>\n<\/div>\n<\/div>\n<\/section>\n<\/div>\n","protected":false},"excerpt":{"rendered":"<ul>\n<li>Blusa de rayas con cuello redondo<\/li>\n<li>Braga con cintura y muslos el\u00e1sticos<\/li>\n<li>100% algod\u00f3n<\/li>\n<li>Fabricado en Espa\u00f1a<br \/>\n<em>Este conjunto tiene un tallaje normal. Elija la talla habitual.<\/em><\/li>\n<\/ul>\n","protected":false},"featured_media":42662,"comment_status":"open","ping_status":"closed","template":"","meta":{"ocean_post_layout":"","ocean_both_sidebars_style":"","ocean_both_sidebars_content_width":0,"ocean_both_sidebars_sidebars_width":0,"ocean_sidebar":"0","ocean_second_sidebar":"0","ocean_disable_margins":"enable","ocean_add_body_class":"","ocean_shortcode_before_top_bar":"","ocean_shortcode_after_top_bar":"","ocean_shortcode_before_header":"","ocean_shortcode_after_header":"","ocean_has_shortcode":"","ocean_shortcode_after_title":"","ocean_shortcode_before_footer_widgets":"","ocean_shortcode_after_footer_widgets":"","ocean_shortcode_before_footer_bottom":"","ocean_shortcode_after_footer_bottom":"","ocean_display_top_bar":"default","ocean_display_header":"default","ocean_header_style":"","ocean_center_header_left_menu":"0","ocean_custom_header_template":"0","ocean_custom_logo":0,"ocean_custom_retina_logo":0,"ocean_custom_logo_max_width":0,"ocean_custom_logo_tablet_max_width":0,"ocean_custom_logo_mobile_max_width":0,"ocean_custom_logo_max_height":0,"ocean_custom_logo_tablet_max_height":0,"ocean_custom_logo_mobile_max_height":0,"ocean_header_custom_menu":"0","ocean_menu_typo_font_family":"0","ocean_menu_typo_font_subset":"","ocean_menu_typo_font_size":0,"ocean_menu_typo_font_size_tablet":0,"ocean_menu_typo_font_size_mobile":0,"ocean_menu_typo_font_size_unit":"px","ocean_menu_typo_font_weight":"","ocean_menu_typo_font_weight_tablet":"","ocean_menu_typo_font_weight_mobile":"","ocean_menu_typo_transform":"","ocean_menu_typo_transform_tablet":"","ocean_menu_typo_transform_mobile":"","ocean_menu_typo_line_height":0,"ocean_menu_typo_line_height_tablet":0,"ocean_menu_typo_line_height_mobile":0,"ocean_menu_typo_line_height_unit":"","ocean_menu_typo_spacing":0,"ocean_menu_typo_spacing_tablet":0,"ocean_menu_typo_spacing_mobile":0,"ocean_menu_typo_spacing_unit":"","ocean_menu_link_color":"","ocean_menu_link_color_hover":"","ocean_menu_link_color_active":"","ocean_menu_link_background":"","ocean_menu_link_hover_background":"","ocean_menu_link_active_background":"","ocean_menu_social_links_bg":"","ocean_menu_social_hover_links_bg":"","ocean_menu_social_links_color":"","ocean_menu_social_hover_links_color":"","ocean_disable_title":"default","ocean_disable_heading":"default","ocean_post_title":"","ocean_post_subheading":"","ocean_post_title_style":"","ocean_post_title_background_color":"","ocean_post_title_background":0,"ocean_post_title_bg_image_position":"","ocean_post_title_bg_image_attachment":"","ocean_post_title_bg_image_repeat":"","ocean_post_title_bg_image_size":"","ocean_post_title_height":0,"ocean_post_title_bg_overlay":0.5,"ocean_post_title_bg_overlay_color":"","ocean_disable_breadcrumbs":"default","ocean_breadcrumbs_color":"","ocean_breadcrumbs_separator_color":"","ocean_breadcrumbs_links_color":"","ocean_breadcrumbs_links_hover_color":"","ocean_display_footer_widgets":"default","ocean_display_footer_bottom":"default","ocean_custom_footer_template":"0","osh_disable_topbar_sticky":"default","osh_disable_header_sticky":"default","osh_sticky_header_style":"default","osh_sticky_header_effect":"","osh_custom_sticky_logo":0,"osh_custom_retina_sticky_logo":0,"osh_custom_sticky_logo_height":0,"osh_background_color":"","osh_links_color":"","osh_links_hover_color":"","osh_links_active_color":"","osh_links_bg_color":"","osh_links_hover_bg_color":"","osh_links_active_bg_color":"","osh_menu_social_links_color":"","osh_menu_social_hover_links_color":""},"product_brand":[],"product_cat":[7017,6997,6877,6849,7019,7005,6879,6857,7015,6995,6875,6847,7031],"product_tag":[],"class_list":{"0":"post-42884","1":"product","2":"type-product","3":"status-publish","4":"has-post-thumbnail","6":"product_cat-blusa-camiseta-nacimiento","7":"product_cat-blusa-camiseta-nacimiento-nino","8":"product_cat-blusa-camiseta-bebe","9":"product_cat-blusa-camiseta-bebe-nino","10":"product_cat-conjuntos-nacimiento","11":"product_cat-conjuntos-nacimiento-nino","12":"product_cat-conjuntos-bebe","13":"product_cat-conjuntos-bebe-nino","14":"product_cat-pololo-short-pantalon-nacimiento","15":"product_cat-pololo-short-pantalon-nacimiento-nino","16":"product_cat-pololo-short-y-pantalon-bebe","17":"product_cat-pololo-short-pantalon-bebe-nino","18":"product_cat-ropa","20":"entry","21":"has-media","23":"first","24":"instock","25":"taxable","26":"shipping-taxable","27":"purchasable","28":"product-type-variable","29":"has-default-attributes","30":"col","31":"span_1_of_3","32":"owp-content-center","33":"owp-thumbs-layout-vertical","34":"owp-btn-big","35":"owp-tabs-layout-vertical","36":"circle-sale"},"yoast_head":"<!-- This site is optimized with the Yoast SEO plugin v27.1.1 - https:\/\/yoast.com\/product\/yoast-seo-wordpress\/ -->\n<title>Conjunto beb\u00e9 ni\u00f1o blusa de rayas y bloomer denim - Amarillo\/azul - Voyage de la Baleine<\/title>\n<meta name=\"description\" content=\"Con nuestro conjunto beb\u00e9 ni\u00f1o blusa de rayas y bloomer amarillo y azul, componga una silueta a la vez fresca y elegante para los d\u00edas bonitos.\" \/>\n<meta name=\"robots\" content=\"index, follow, max-snippet:-1, max-image-preview:large, max-video-preview:-1\" \/>\n<link rel=\"canonical\" href=\"https:\/\/voyagedelabaleine.fr\/es\/producto\/conjunto-bebe-nino-blusa-de-rayas-y-bloomer-denim-amarillo-azul\/\" \/>\n<meta property=\"og:locale\" content=\"es_ES\" \/>\n<meta property=\"og:type\" content=\"article\" \/>\n<meta property=\"og:title\" content=\"Conjunto beb\u00e9 ni\u00f1o blusa de rayas y bloomer denim - Amarillo\/azul - Voyage de la Baleine\" \/>\n<meta property=\"og:description\" content=\"Con nuestro conjunto beb\u00e9 ni\u00f1o blusa de rayas y bloomer amarillo y azul, componga una silueta a la vez fresca y elegante para los d\u00edas bonitos.\" \/>\n<meta property=\"og:url\" content=\"https:\/\/voyagedelabaleine.fr\/es\/producto\/conjunto-bebe-nino-blusa-de-rayas-y-bloomer-denim-amarillo-azul\/\" \/>\n<meta property=\"og:site_name\" content=\"Voyage de la Baleine\" \/>\n<meta property=\"article:publisher\" content=\"https:\/\/www.facebook.com\/voyagedelabaleine\/\" \/>\n<meta property=\"og:image\" content=\"https:\/\/voyagedelabaleine.fr\/wp-content\/uploads\/2026\/04\/ensemble-bebe-blouse-bloomer-denim.jpg\" \/>\n\t<meta property=\"og:image:width\" content=\"1200\" \/>\n\t<meta property=\"og:image:height\" content=\"1600\" \/>\n\t<meta property=\"og:image:type\" content=\"image\/jpeg\" \/>\n<meta name=\"twitter:card\" content=\"summary_large_image\" \/>\n<meta name=\"twitter:label1\" content=\"Tiempo de lectura\" \/>\n\t<meta name=\"twitter:data1\" content=\"2 minuto\" \/>\n<script type=\"application\/ld+json\" class=\"yoast-schema-graph\">{\"@context\":\"https:\/\/schema.org\",\"@graph\":[{\"@type\":\"WebPage\",\"@id\":\"https:\/\/voyagedelabaleine.fr\/es\/producto\/conjunto-bebe-nino-blusa-de-rayas-y-bloomer-denim-amarillo-azul\/\",\"url\":\"https:\/\/voyagedelabaleine.fr\/es\/producto\/conjunto-bebe-nino-blusa-de-rayas-y-bloomer-denim-amarillo-azul\/\",\"name\":\"Conjunto beb\u00e9 ni\u00f1o blusa de rayas y bloomer denim - Amarillo\/azul - Voyage de la Baleine\",\"isPartOf\":{\"@id\":\"https:\/\/voyagedelabaleine.fr\/es\/#website\"},\"primaryImageOfPage\":{\"@id\":\"https:\/\/voyagedelabaleine.fr\/es\/producto\/conjunto-bebe-nino-blusa-de-rayas-y-bloomer-denim-amarillo-azul\/#primaryimage\"},\"image\":{\"@id\":\"https:\/\/voyagedelabaleine.fr\/es\/producto\/conjunto-bebe-nino-blusa-de-rayas-y-bloomer-denim-amarillo-azul\/#primaryimage\"},\"thumbnailUrl\":\"https:\/\/voyagedelabaleine.fr\/wp-content\/uploads\/2026\/04\/ensemble-bebe-blouse-bloomer-denim.jpg\",\"datePublished\":\"2026-04-22T08:10:16+00:00\",\"description\":\"Con nuestro conjunto beb\u00e9 ni\u00f1o blusa de rayas y bloomer amarillo y azul, componga una silueta a la vez fresca y elegante para los d\u00edas bonitos.\",\"breadcrumb\":{\"@id\":\"https:\/\/voyagedelabaleine.fr\/es\/producto\/conjunto-bebe-nino-blusa-de-rayas-y-bloomer-denim-amarillo-azul\/#breadcrumb\"},\"inLanguage\":\"es\",\"potentialAction\":[{\"@type\":\"ReadAction\",\"target\":[\"https:\/\/voyagedelabaleine.fr\/es\/producto\/conjunto-bebe-nino-blusa-de-rayas-y-bloomer-denim-amarillo-azul\/\"]}]},{\"@type\":\"ImageObject\",\"inLanguage\":\"es\",\"@id\":\"https:\/\/voyagedelabaleine.fr\/es\/producto\/conjunto-bebe-nino-blusa-de-rayas-y-bloomer-denim-amarillo-azul\/#primaryimage\",\"url\":\"https:\/\/voyagedelabaleine.fr\/wp-content\/uploads\/2026\/04\/ensemble-bebe-blouse-bloomer-denim.jpg\",\"contentUrl\":\"https:\/\/voyagedelabaleine.fr\/wp-content\/uploads\/2026\/04\/ensemble-bebe-blouse-bloomer-denim.jpg\",\"width\":1200,\"height\":1600},{\"@type\":\"BreadcrumbList\",\"@id\":\"https:\/\/voyagedelabaleine.fr\/es\/producto\/conjunto-bebe-nino-blusa-de-rayas-y-bloomer-denim-amarillo-azul\/#breadcrumb\",\"itemListElement\":[{\"@type\":\"ListItem\",\"position\":1,\"name\":\"Accueil\",\"item\":\"https:\/\/voyagedelabaleine.fr\/es\/inicio\/\"},{\"@type\":\"ListItem\",\"position\":2,\"name\":\"Tienda\",\"item\":\"https:\/\/voyagedelabaleine.fr\/es\/tienda\/\"},{\"@type\":\"ListItem\",\"position\":3,\"name\":\"Conjunto beb\u00e9 ni\u00f1o blusa de rayas y bloomer denim &#8211; Amarillo\/azul\"}]},{\"@type\":\"WebSite\",\"@id\":\"https:\/\/voyagedelabaleine.fr\/es\/#website\",\"url\":\"https:\/\/voyagedelabaleine.fr\/es\/\",\"name\":\"Voyage de la Baleine\",\"description\":\"V\u00eatements intemporels et raffin\u00e9s pour b\u00e9b\u00e9s et enfants\",\"publisher\":{\"@id\":\"https:\/\/voyagedelabaleine.fr\/es\/#organization\"},\"potentialAction\":[{\"@type\":\"SearchAction\",\"target\":{\"@type\":\"EntryPoint\",\"urlTemplate\":\"https:\/\/voyagedelabaleine.fr\/es\/?s={search_term_string}\"},\"query-input\":{\"@type\":\"PropertyValueSpecification\",\"valueRequired\":true,\"valueName\":\"search_term_string\"}}],\"inLanguage\":\"es\"},{\"@type\":\"Organization\",\"@id\":\"https:\/\/voyagedelabaleine.fr\/es\/#organization\",\"name\":\"Voyage de la Baleine\",\"url\":\"https:\/\/voyagedelabaleine.fr\/es\/\",\"logo\":{\"@type\":\"ImageObject\",\"inLanguage\":\"es\",\"@id\":\"https:\/\/voyagedelabaleine.fr\/es\/#\/schema\/logo\/image\/\",\"url\":\"https:\/\/voyagedelabaleine.fr\/wp-content\/uploads\/2025\/06\/logo.webp\",\"contentUrl\":\"https:\/\/voyagedelabaleine.fr\/wp-content\/uploads\/2025\/06\/logo.webp\",\"width\":153,\"height\":64,\"caption\":\"Voyage de la Baleine\"},\"image\":{\"@id\":\"https:\/\/voyagedelabaleine.fr\/es\/#\/schema\/logo\/image\/\"},\"sameAs\":[\"https:\/\/www.facebook.com\/voyagedelabaleine\/\",\"https:\/\/www.instagram.com\/voyagedelabaleine\/\",\"https:\/\/www.pinterest.fr\/Voyagedelabaleine\/\"]}]}<\/script>\n<!-- \/ Yoast SEO plugin. -->","yoast_head_json":{"title":"Conjunto beb\u00e9 ni\u00f1o blusa de rayas y bloomer denim - Amarillo\/azul - Voyage de la Baleine","description":"Con nuestro conjunto beb\u00e9 ni\u00f1o blusa de rayas y bloomer amarillo y azul, componga una silueta a la vez fresca y elegante para los d\u00edas bonitos.","robots":{"index":"index","follow":"follow","max-snippet":"max-snippet:-1","max-image-preview":"max-image-preview:large","max-video-preview":"max-video-preview:-1"},"canonical":"https:\/\/voyagedelabaleine.fr\/es\/producto\/conjunto-bebe-nino-blusa-de-rayas-y-bloomer-denim-amarillo-azul\/","og_locale":"es_ES","og_type":"article","og_title":"Conjunto beb\u00e9 ni\u00f1o blusa de rayas y bloomer denim - Amarillo\/azul - Voyage de la Baleine","og_description":"Con nuestro conjunto beb\u00e9 ni\u00f1o blusa de rayas y bloomer amarillo y azul, componga una silueta a la vez fresca y elegante para los d\u00edas bonitos.","og_url":"https:\/\/voyagedelabaleine.fr\/es\/producto\/conjunto-bebe-nino-blusa-de-rayas-y-bloomer-denim-amarillo-azul\/","og_site_name":"Voyage de la Baleine","article_publisher":"https:\/\/www.facebook.com\/voyagedelabaleine\/","og_image":[{"width":1200,"height":1600,"url":"https:\/\/voyagedelabaleine.fr\/wp-content\/uploads\/2026\/04\/ensemble-bebe-blouse-bloomer-denim.jpg","type":"image\/jpeg"}],"twitter_card":"summary_large_image","twitter_misc":{"Tiempo de lectura":"2 minuto"},"schema":{"@context":"https:\/\/schema.org","@graph":[{"@type":"WebPage","@id":"https:\/\/voyagedelabaleine.fr\/es\/producto\/conjunto-bebe-nino-blusa-de-rayas-y-bloomer-denim-amarillo-azul\/","url":"https:\/\/voyagedelabaleine.fr\/es\/producto\/conjunto-bebe-nino-blusa-de-rayas-y-bloomer-denim-amarillo-azul\/","name":"Conjunto beb\u00e9 ni\u00f1o blusa de rayas y bloomer denim - Amarillo\/azul - Voyage de la Baleine","isPartOf":{"@id":"https:\/\/voyagedelabaleine.fr\/es\/#website"},"primaryImageOfPage":{"@id":"https:\/\/voyagedelabaleine.fr\/es\/producto\/conjunto-bebe-nino-blusa-de-rayas-y-bloomer-denim-amarillo-azul\/#primaryimage"},"image":{"@id":"https:\/\/voyagedelabaleine.fr\/es\/producto\/conjunto-bebe-nino-blusa-de-rayas-y-bloomer-denim-amarillo-azul\/#primaryimage"},"thumbnailUrl":"https:\/\/voyagedelabaleine.fr\/wp-content\/uploads\/2026\/04\/ensemble-bebe-blouse-bloomer-denim.jpg","datePublished":"2026-04-22T08:10:16+00:00","description":"Con nuestro conjunto beb\u00e9 ni\u00f1o blusa de rayas y bloomer amarillo y azul, componga una silueta a la vez fresca y elegante para los d\u00edas bonitos.","breadcrumb":{"@id":"https:\/\/voyagedelabaleine.fr\/es\/producto\/conjunto-bebe-nino-blusa-de-rayas-y-bloomer-denim-amarillo-azul\/#breadcrumb"},"inLanguage":"es","potentialAction":[{"@type":"ReadAction","target":["https:\/\/voyagedelabaleine.fr\/es\/producto\/conjunto-bebe-nino-blusa-de-rayas-y-bloomer-denim-amarillo-azul\/"]}]},{"@type":"ImageObject","inLanguage":"es","@id":"https:\/\/voyagedelabaleine.fr\/es\/producto\/conjunto-bebe-nino-blusa-de-rayas-y-bloomer-denim-amarillo-azul\/#primaryimage","url":"https:\/\/voyagedelabaleine.fr\/wp-content\/uploads\/2026\/04\/ensemble-bebe-blouse-bloomer-denim.jpg","contentUrl":"https:\/\/voyagedelabaleine.fr\/wp-content\/uploads\/2026\/04\/ensemble-bebe-blouse-bloomer-denim.jpg","width":1200,"height":1600},{"@type":"BreadcrumbList","@id":"https:\/\/voyagedelabaleine.fr\/es\/producto\/conjunto-bebe-nino-blusa-de-rayas-y-bloomer-denim-amarillo-azul\/#breadcrumb","itemListElement":[{"@type":"ListItem","position":1,"name":"Accueil","item":"https:\/\/voyagedelabaleine.fr\/es\/inicio\/"},{"@type":"ListItem","position":2,"name":"Tienda","item":"https:\/\/voyagedelabaleine.fr\/es\/tienda\/"},{"@type":"ListItem","position":3,"name":"Conjunto beb\u00e9 ni\u00f1o blusa de rayas y bloomer denim &#8211; Amarillo\/azul"}]},{"@type":"WebSite","@id":"https:\/\/voyagedelabaleine.fr\/es\/#website","url":"https:\/\/voyagedelabaleine.fr\/es\/","name":"Voyage de la Baleine","description":"V\u00eatements intemporels et raffin\u00e9s pour b\u00e9b\u00e9s et enfants","publisher":{"@id":"https:\/\/voyagedelabaleine.fr\/es\/#organization"},"potentialAction":[{"@type":"SearchAction","target":{"@type":"EntryPoint","urlTemplate":"https:\/\/voyagedelabaleine.fr\/es\/?s={search_term_string}"},"query-input":{"@type":"PropertyValueSpecification","valueRequired":true,"valueName":"search_term_string"}}],"inLanguage":"es"},{"@type":"Organization","@id":"https:\/\/voyagedelabaleine.fr\/es\/#organization","name":"Voyage de la Baleine","url":"https:\/\/voyagedelabaleine.fr\/es\/","logo":{"@type":"ImageObject","inLanguage":"es","@id":"https:\/\/voyagedelabaleine.fr\/es\/#\/schema\/logo\/image\/","url":"https:\/\/voyagedelabaleine.fr\/wp-content\/uploads\/2025\/06\/logo.webp","contentUrl":"https:\/\/voyagedelabaleine.fr\/wp-content\/uploads\/2025\/06\/logo.webp","width":153,"height":64,"caption":"Voyage de la Baleine"},"image":{"@id":"https:\/\/voyagedelabaleine.fr\/es\/#\/schema\/logo\/image\/"},"sameAs":["https:\/\/www.facebook.com\/voyagedelabaleine\/","https:\/\/www.instagram.com\/voyagedelabaleine\/","https:\/\/www.pinterest.fr\/Voyagedelabaleine\/"]}]}},"_links":{"self":[{"href":"https:\/\/voyagedelabaleine.fr\/es\/wp-json\/wp\/v2\/product\/42884","targetHints":{"allow":["GET"]}}],"collection":[{"href":"https:\/\/voyagedelabaleine.fr\/es\/wp-json\/wp\/v2\/product"}],"about":[{"href":"https:\/\/voyagedelabaleine.fr\/es\/wp-json\/wp\/v2\/types\/product"}],"replies":[{"embeddable":true,"href":"https:\/\/voyagedelabaleine.fr\/es\/wp-json\/wp\/v2\/comments?post=42884"}],"wp:featuredmedia":[{"embeddable":true,"href":"https:\/\/voyagedelabaleine.fr\/es\/wp-json\/wp\/v2\/media\/42662"}],"wp:attachment":[{"href":"https:\/\/voyagedelabaleine.fr\/es\/wp-json\/wp\/v2\/media?parent=42884"}],"wp:term":[{"taxonomy":"product_brand","embeddable":true,"href":"https:\/\/voyagedelabaleine.fr\/es\/wp-json\/wp\/v2\/product_brand?post=42884"},{"taxonomy":"product_cat","embeddable":true,"href":"https:\/\/voyagedelabaleine.fr\/es\/wp-json\/wp\/v2\/product_cat?post=42884"},{"taxonomy":"product_tag","embeddable":true,"href":"https:\/\/voyagedelabaleine.fr\/es\/wp-json\/wp\/v2\/product_tag?post=42884"}],"curies":[{"name":"wp","href":"https:\/\/api.w.org\/{rel}","templated":true}]}}