{"id":28049,"date":"2023-10-08T13:54:37","date_gmt":"2023-10-08T11:54:37","guid":{"rendered":"https:\/\/voyagedelabaleine.fr\/la-nostra-storia-la-nostra-visione\/"},"modified":"2026-01-12T10:01:24","modified_gmt":"2026-01-12T09:01:24","slug":"la-nostra-storia-la-nostra-visione","status":"publish","type":"page","link":"https:\/\/voyagedelabaleine.fr\/it\/la-nostra-storia-la-nostra-visione\/","title":{"rendered":"La nostra storia, La nostra visione"},"content":{"rendered":"\t\t<div data-elementor-type=\"wp-page\" data-elementor-id=\"28049\" class=\"elementor elementor-28049 elementor-828\">\n\t\t\t\t<div class=\"elementor-element elementor-element-ce3f3f4 e-flex e-con-boxed e-con e-parent\" data-id=\"ce3f3f4\" data-element_type=\"container\" data-e-type=\"container\">\n\t\t\t\t\t<div class=\"e-con-inner\">\n\t\t\t\t<div class=\"elementor-element elementor-element-157bbe2 elementor-widget elementor-widget-heading\" data-id=\"157bbe2\" data-element_type=\"widget\" data-e-type=\"widget\" data-widget_type=\"heading.default\">\n\t\t\t\t\t<h2 class=\"elementor-heading-title elementor-size-default\">La nostra storia<\/h2>\t\t\t\t<\/div>\n\t\t\t\t\t<\/div>\n\t\t\t\t<\/div>\n\t\t<div class=\"elementor-element elementor-element-d16c461 e-flex e-con-boxed e-con e-parent\" data-id=\"d16c461\" data-element_type=\"container\" data-e-type=\"container\">\n\t\t\t\t\t<div class=\"e-con-inner\">\n\t\t\t\t<div class=\"elementor-element elementor-element-79b0663 elementor-widget elementor-widget-text-editor\" data-id=\"79b0663\" data-element_type=\"widget\" data-e-type=\"widget\" data-widget_type=\"text-editor.default\">\n\t\t\t\t\t\t\t\t\t<p class=\"\" data-start=\"309\" data-end=\"603\">Per quasi dieci anni ho lavorato nel settore esigente della finanza aziendale. Un ambiente strutturato e rigoroso, dal quale ho imparato moltissimo. Eppure, dentro di me cresceva un bisogno profondo: creare qualcosa di pi\u00f9 <b>personale<\/b>, pi\u00f9 <b>dolce<\/b>, che rispecchiasse me stessa.  <\/p><p class=\"\" data-start=\"605\" data-end=\"896\">Diventando <strong>mamma di tre figli<\/strong>, ho naturalmente iniziato a cercare vestiti per loro: semplici, belli, ben fatti e a un prezzo ragionevole. Ma spesso sono rimasta delusa. I capi erano a volte incantevoli, ma troppo costosi\u2026 oppure accessibili, ma privi di fascino o di qualit\u00e0.  <\/p><p class=\"\" data-start=\"898\" data-end=\"1245\">Un giorno, mentre sistemavo una piccola pila di vestiti accuratamente tramandati tra i miei figli, ho avuto un\u2019<strong>intuizione<\/strong>. E se creassi io stessa quell\u2019armadio che cercavo tanto? Un guardaroba per bambini, senza tempo, ben pensato, bello senza esagerare e soprattutto realizzato con cura. Vestiti che attraversano le stagioni come i ricordi.   <\/p><p class=\"\" data-start=\"1247\" data-end=\"1393\">Quel giorno ho deciso di lasciare i numeri per dedicarmi ai tessuti. Di voltare pagina per scriverne una nuova: quella del Voyage de la Baleine. <\/p>\t\t\t\t\t\t\t\t<\/div>\n\t\t\t\t\t<\/div>\n\t\t\t\t<\/div>\n\t\t<div class=\"elementor-element elementor-element-39b06ab e-flex e-con-boxed e-con e-parent\" data-id=\"39b06ab\" data-element_type=\"container\" data-e-type=\"container\">\n\t\t\t\t\t<div class=\"e-con-inner\">\n\t\t\t\t<div class=\"elementor-element elementor-element-9c9757d elementor-widget elementor-widget-heading\" data-id=\"9c9757d\" data-element_type=\"widget\" data-e-type=\"widget\" data-widget_type=\"heading.default\">\n\t\t\t\t\t<h2 class=\"elementor-heading-title elementor-size-default\">Un desiderio di altrove, un radicamento solido<\/h2>\t\t\t\t<\/div>\n\t\t\t\t\t<\/div>\n\t\t\t\t<\/div>\n\t\t<div class=\"elementor-element elementor-element-e42269f e-flex e-con-boxed e-con e-parent\" data-id=\"e42269f\" data-element_type=\"container\" data-e-type=\"container\">\n\t\t\t\t\t<div class=\"e-con-inner\">\n\t\t\t\t<div class=\"elementor-element elementor-element-49d8d00 elementor-widget elementor-widget-text-editor\" data-id=\"49d8d00\" data-element_type=\"widget\" data-e-type=\"widget\" data-widget_type=\"text-editor.default\">\n\t\t\t\t\t\t\t\t\t<p data-start=\"1445\" data-end=\"1718\">Il <strong>Paese Basco<\/strong>, dove vivo, mi ispira ogni giorno con la sua semplicit\u00e0 e autenticit\u00e0. Ma \u00e8 viaggiando, soprattutto in Spagna e Portogallo, che ho scoperto uno stile a me caro: elegante, senza tempo, caloroso\u2026 e accessibile, senza compromessi sulla qualit\u00e0. <\/p><p data-start=\"1720\" data-end=\"2082\">\ud83c\uddea\ud83c\uddf8 In <span style=\"font-size: 16px; letter-spacing: 0.4px;\"><strong>Spagna<\/strong><\/span> ho incontrato artigiani appassionati, dal savoir-faire preciso e dai prezzi equi.<br data-start=\"1816\" data-end=\"1819\">\ud83c\uddf5\ud83c\uddf9 In <strong>Portogallo<\/strong> ho scoperto una cura del dettaglio rara, un vero amore per il lavoro ben fatto.<br data-start=\"1907\" data-end=\"1910\">\ud83c\uddee\ud83c\uddea In <strong>Irlanda<\/strong>, sono stati i maglioni in lana merinos, di qualit\u00e0 incomparabile, a conquistare il mio cuore \u2013 perfetti per avvolgere i pi\u00f9 piccoli in morbidezza e calore.<\/p><p data-start=\"2084\" data-end=\"2334\">Pezzo dopo pezzo, ho selezionato ogni modello con particolare attenzione. Sempre guidata dalla stessa idea: proporre capi che abbiano significato, stile, ma mai superflui. Vestiti che si <strong>amano<\/strong>, che si <strong>conservano<\/strong>, che si <strong>trasmettono<\/strong>.  <\/p>\t\t\t\t\t\t\t\t<\/div>\n\t\t\t\t\t<\/div>\n\t\t\t\t<\/div>\n\t\t<div class=\"elementor-element elementor-element-01583e5 e-flex e-con-boxed e-con e-parent\" data-id=\"01583e5\" data-element_type=\"container\" data-e-type=\"container\">\n\t\t\t\t\t<div class=\"e-con-inner\">\n\t\t\t\t<div class=\"elementor-element elementor-element-422fd5a elementor-widget elementor-widget-heading\" data-id=\"422fd5a\" data-element_type=\"widget\" data-e-type=\"widget\" data-widget_type=\"heading.default\">\n\t\t\t\t\t<h2 class=\"elementor-heading-title elementor-size-default\">Il cuore del Voyage, i nostri valori<\/h2>\t\t\t\t<\/div>\n\t\t\t\t\t<\/div>\n\t\t\t\t<\/div>\n\t\t<div class=\"elementor-element elementor-element-842f795 e-flex e-con-boxed e-con e-parent\" data-id=\"842f795\" data-element_type=\"container\" data-e-type=\"container\">\n\t\t\t\t\t<div class=\"e-con-inner\">\n\t\t\t\t<div class=\"elementor-element elementor-element-eb9a6a0 elementor-widget elementor-widget-text-editor\" data-id=\"eb9a6a0\" data-element_type=\"widget\" data-e-type=\"widget\" data-widget_type=\"text-editor.default\">\n\t\t\t\t\t\t\t\t\t<p class=\"\" data-start=\"2364\" data-end=\"2869\">Voyage de la Baleine \u00e8 nato cos\u00ec: dolcemente, ma con un desiderio chiaro. Offrire un guardaroba raffinato, sincero e accessibile. Ogni capo \u00e8 scelto con il <strong>cuore<\/strong>, in accordo con tre valori fondanti:  <br><br data-start=\"2572\" data-end=\"2575\">\ud83c\udf3f l\u2019<strong data-start=\"2575\" data-end=\"2593\">autenticit\u00e0<\/strong>, perch\u00e9 voglio restare fedele a ci\u00f2 che amo davvero;<br>\ud83d\udd70\ufe0f l\u2019<strong data-start=\"2656\" data-end=\"2675\">intemporalit\u00e0<\/strong>, perch\u00e9 credo negli abiti che attraversano le epoche senza mai passare di moda;<br>\ud83d\udc9b l\u2019<strong data-start=\"2754\" data-end=\"2770\">emozione<\/strong>, perch\u00e9 ci si ricorda sempre di una camicetta, di un bloomer o di un pigiama indossato in un giorno importante.<\/p><p class=\"\" data-start=\"2871\" data-end=\"3172\">Ho seguito un filo: quello dei miei desideri, dei miei figli e di un <strong>sogno<\/strong> che finalmente ho deciso di prendere sul serio. \u00c8 cos\u00ec che \u00e8 nato Voyage de la Baleine: un guardaroba per bambini, raffinato e sincero, pensato per accompagnare i piccoli momenti preziosi dell\u2019infanzia, con <strong>dolcezza e autenticit\u00e0<\/strong>. <\/p>\t\t\t\t\t\t\t\t<\/div>\n\t\t\t\t\t<\/div>\n\t\t\t\t<\/div>\n\t\t<div class=\"elementor-element elementor-element-0e4744f e-flex e-con-boxed e-con e-parent\" data-id=\"0e4744f\" data-element_type=\"container\" data-e-type=\"container\">\n\t\t\t\t\t<div class=\"e-con-inner\">\n\t\t\t\t<div class=\"elementor-element elementor-element-57aff45 elementor-widget elementor-widget-video\" data-id=\"57aff45\" data-element_type=\"widget\" data-e-type=\"widget\" data-settings=\"{&quot;youtube_url&quot;:&quot;https:\\\/\\\/www.youtube.com\\\/shorts\\\/pnKa0C1-ZO4&quot;,&quot;video_type&quot;:&quot;youtube&quot;,&quot;controls&quot;:&quot;yes&quot;}\" data-widget_type=\"video.default\">\n\t\t\t\t\t\t\t<div class=\"elementor-wrapper elementor-open-inline\">\n\t\t\t<div class=\"elementor-video\"><\/div>\t\t<\/div>\n\t\t\t\t\t\t<\/div>\n\t\t\t\t\t<\/div>\n\t\t\t\t<\/div>\n\t\t<div class=\"elementor-element elementor-element-2c0cc26 e-flex e-con-boxed e-con e-parent\" data-id=\"2c0cc26\" data-element_type=\"container\" data-e-type=\"container\">\n\t\t\t\t\t<div class=\"e-con-inner\">\n\t\t\t\t<div class=\"elementor-element elementor-element-b5b957e elementor-widget elementor-widget-text-editor\" data-id=\"b5b957e\" data-element_type=\"widget\" data-e-type=\"widget\" data-widget_type=\"text-editor.default\">\n\t\t\t\t\t\t\t\t\t<p class=\"\" data-start=\"2364\" data-end=\"2869\">Per dare vita a questo sogno, dovevo circondarmi dei partner giusti. \u00c8 cos\u00ec che \u00e8 nata una s<strong>tretta collaborazione<\/strong> con produttori europei locali\u2026 <\/p>\t\t\t\t\t\t\t\t<\/div>\n\t\t\t\t\t<\/div>\n\t\t\t\t<\/div>\n\t\t<div class=\"elementor-element elementor-element-7efe5c7 e-flex e-con-boxed e-con e-parent\" data-id=\"7efe5c7\" data-element_type=\"container\" data-e-type=\"container\">\n\t\t\t\t\t<div class=\"e-con-inner\">\n\t\t\t\t<div class=\"elementor-element elementor-element-69a379c elementor-widget elementor-widget-heading\" data-id=\"69a379c\" data-element_type=\"widget\" data-e-type=\"widget\" data-widget_type=\"heading.default\">\n\t\t\t\t\t<h2 class=\"elementor-heading-title elementor-size-default\">Produttori europei locali<\/h2>\t\t\t\t<\/div>\n\t\t\t\t\t<\/div>\n\t\t\t\t<\/div>\n\t\t<div class=\"elementor-element elementor-element-315310b e-flex e-con-boxed e-con e-parent\" data-id=\"315310b\" data-element_type=\"container\" data-e-type=\"container\">\n\t\t\t\t\t<div class=\"e-con-inner\">\n\t\t\t\t<div class=\"elementor-element elementor-element-48d35b7 elementor-widget elementor-widget-text-editor\" data-id=\"48d35b7\" data-element_type=\"widget\" data-e-type=\"widget\" data-widget_type=\"text-editor.default\">\n\t\t\t\t\t\t\t\t\t<p class=\"MsoNormal\" style=\"margin: 0cm; font-size: 12pt; font-family: Calibri, sans-serif; color: #000000; font-style: normal; font-variant-ligatures: normal; font-variant-caps: normal; font-weight: 400; letter-spacing: normal; text-align: justify;\"><span style=\"font-family: Barlow; color: #4a4a4a; letter-spacing: 0.3pt; background-image: initial; background-position: initial; background-size: initial; background-repeat: initial; background-attachment: initial; background-origin: initial; background-clip: initial;\">Ci approvvigioniamo esclusivamente da produttori <strong>europei<\/strong> locali (in Spagna, Portogallo e Irlanda), una scelta che riflette la nostra volont\u00e0 di offrire capi di alta <strong>qualit\u00e0<\/strong>, rispettosi dei pi\u00f9 elevati standard produttivi. Oltre a garantire una qualit\u00e0 impeccabile, questa collaborazione rafforza il nostro impegno per la<strong> sostenibilit\u00e0<\/strong> e l\u2019<strong>etica<\/strong>. <\/span><\/p>\t\t\t\t\t\t\t\t<\/div>\n\t\t\t\t\t<\/div>\n\t\t\t\t<\/div>\n\t\t<div class=\"elementor-element elementor-element-a6751e7 e-flex e-con-boxed e-con e-parent\" data-id=\"a6751e7\" data-element_type=\"container\" data-e-type=\"container\">\n\t\t\t\t\t<div class=\"e-con-inner\">\n\t\t\t\t<div class=\"elementor-element elementor-element-c6b7cbb elementor-widget elementor-widget-heading\" data-id=\"c6b7cbb\" data-element_type=\"widget\" data-e-type=\"widget\" data-widget_type=\"heading.default\">\n\t\t\t\t\t<h2 class=\"elementor-heading-title elementor-size-default\">Al centro di una visione condivisa<\/h2>\t\t\t\t<\/div>\n\t\t\t\t\t<\/div>\n\t\t\t\t<\/div>\n\t\t<div class=\"elementor-element elementor-element-8fab2dc e-flex e-con-boxed e-con e-parent\" data-id=\"8fab2dc\" data-element_type=\"container\" data-e-type=\"container\">\n\t\t\t\t\t<div class=\"e-con-inner\">\n\t\t\t\t<div class=\"elementor-element elementor-element-1d24ecc elementor-widget elementor-widget-text-editor\" data-id=\"1d24ecc\" data-element_type=\"widget\" data-e-type=\"widget\" data-widget_type=\"text-editor.default\">\n\t\t\t\t\t\t\t\t\t<p>Il nostro nome &#8220;Voyage de la Baleine&#8221; evoca sia l\u2019idea di un <strong>viaggio in mare<\/strong>, pieno di avventura e scoperta, sia la simbologia della balena, questo animale maestoso che incarna forza, <strong>tranquillit\u00e0<\/strong> e <strong>saggezza<\/strong>.<\/p><p>Volevamo che il nome del nostro negozio riflettesse l\u2019idea di un viaggio attraverso la vita dei nostri pi\u00f9 piccoli, dove ogni capo che proponiamo li accompagna nel loro <strong>personale viaggio<\/strong>, offrendo comfort, eleganza e dolcezza. Inoltre, la balena rappresenta per noi una connessione profonda con la natura e un promemoria dell\u2019importanza di prendersi cura del nostro <strong>ambiente<\/strong> per le generazioni future. <\/p><p>Scegliendo questo nome, speriamo di trasmettervi la stessa sensazione di <strong>calma<\/strong> e <strong>benessere<\/strong> che si prova osservando una balena scivolare pacificamente tra le acque, cos\u00ec come l\u2019idea di un viaggio pieno di avventure e <strong>meraviglie <\/strong>da scoprire.<\/p>\t\t\t\t\t\t\t\t<\/div>\n\t\t\t\t\t<\/div>\n\t\t\t\t<\/div>\n\t\t<div class=\"elementor-element elementor-element-8e496c7 e-flex e-con-boxed e-con e-parent\" data-id=\"8e496c7\" data-element_type=\"container\" data-e-type=\"container\">\n\t\t\t\t\t<div class=\"e-con-inner\">\n\t\t\t\t<div class=\"elementor-element elementor-element-20bdada elementor-widget elementor-widget-heading\" data-id=\"20bdada\" data-element_type=\"widget\" data-e-type=\"widget\" data-widget_type=\"heading.default\">\n\t\t\t\t\t<h2 class=\"elementor-heading-title elementor-size-default\">Far parte della nostra storia<\/h2>\t\t\t\t<\/div>\n\t\t\t\t\t<\/div>\n\t\t\t\t<\/div>\n\t\t<div class=\"elementor-element elementor-element-43bfc0d e-flex e-con-boxed e-con e-parent\" data-id=\"43bfc0d\" data-element_type=\"container\" data-e-type=\"container\">\n\t\t\t\t\t<div class=\"e-con-inner\">\n\t\t\t\t<div class=\"elementor-element elementor-element-b77d92c elementor-widget elementor-widget-text-editor\" data-id=\"b77d92c\" data-element_type=\"widget\" data-e-type=\"widget\" data-widget_type=\"text-editor.default\">\n\t\t\t\t\t\t\t\t\t<p class=\"MsoNormal\" style=\"margin: 0cm; font-size: 12pt; font-family: Calibri, sans-serif; color: #000000; font-style: normal; font-variant-ligatures: normal; font-variant-caps: normal; font-weight: 400; letter-spacing: normal; text-align: justify;\"><span style=\"font-family: Barlow; color: #4a4a4a; letter-spacing: 0.3pt; background-image: initial; background-position: initial; background-size: initial; background-repeat: initial; background-attachment: initial; background-origin: initial; background-clip: initial;\">Scegliendo Voyage de la Baleine, diventate una parte essenziale della nostra storia. Ogni outfit che selezionate per il vostro bambino contribuisce alla realizzazione di una <strong>visione condivisa<\/strong>: quella di creare ricordi duraturi e senza tempo. <\/span><\/p>\t\t\t\t\t\t\t\t<\/div>\n\t\t\t\t\t<\/div>\n\t\t\t\t<\/div>\n\t\t<div class=\"elementor-element elementor-element-82876d7 e-flex e-con-boxed e-con e-parent\" data-id=\"82876d7\" data-element_type=\"container\" data-e-type=\"container\">\n\t\t\t\t\t<div class=\"e-con-inner\">\n\t\t\t\t<div class=\"elementor-element elementor-element-b4710cf elementor-widget elementor-widget-heading\" data-id=\"b4710cf\" data-element_type=\"widget\" data-e-type=\"widget\" data-widget_type=\"heading.default\">\n\t\t\t\t\t<h2 class=\"elementor-heading-title elementor-size-default\">Esplorate il nostro negozio online e immergetevi in un mondo dove la qualit\u00e0 incontra l\u2019eleganza senza tempo.<\/h2>\t\t\t\t<\/div>\n\t\t\t\t\t<\/div>\n\t\t\t\t<\/div>\n\t\t<div class=\"elementor-element elementor-element-4c8bb0f e-flex e-con-boxed e-con e-parent\" data-id=\"4c8bb0f\" data-element_type=\"container\" data-e-type=\"container\">\n\t\t\t\t\t<div class=\"e-con-inner\">\n\t\t\t\t<div class=\"elementor-element elementor-element-6c16843 elementor-align-center elementor-widget elementor-widget-button\" data-id=\"6c16843\" data-element_type=\"widget\" data-e-type=\"widget\" data-widget_type=\"button.default\">\n\t\t\t\t\t\t\t\t\t\t<a class=\"elementor-button elementor-button-link elementor-size-sm\" href=\"https:\/\/voyagedelabaleine.fr\/vetements-raffines-pour-bebes\/\">\n\t\t\t\t\t\t<span class=\"elementor-button-content-wrapper\">\n\t\t\t\t\t\t\t\t\t<span class=\"elementor-button-text\">Scopri la collezione<\/span>\n\t\t\t\t\t<\/span>\n\t\t\t\t\t<\/a>\n\t\t\t\t\t\t\t\t<\/div>\n\t\t\t\t\t<\/div>\n\t\t\t\t<\/div>\n\t\t\t\t<\/div>\n\t\t","protected":false},"excerpt":{"rendered":"<p>La nostra storia Per quasi dieci anni ho lavorato nel settore esigente della finanza aziendale. Un ambiente strutturato e rigoroso, dal quale ho imparato moltissimo. Eppure, dentro di me cresceva un bisogno profondo: creare qualcosa di pi\u00f9 personale, pi\u00f9 dolce, che rispecchiasse me stessa. Diventando mamma di tre figli, ho naturalmente iniziato a cercare vestiti [&hellip;]<\/p>\n","protected":false},"author":222595022,"featured_media":0,"parent":0,"menu_order":0,"comment_status":"closed","ping_status":"closed","template":"","meta":{"ocean_post_layout":"","ocean_both_sidebars_style":"","ocean_both_sidebars_content_width":0,"ocean_both_sidebars_sidebars_width":0,"ocean_sidebar":"","ocean_second_sidebar":"","ocean_disable_margins":"enable","ocean_add_body_class":"","ocean_shortcode_before_top_bar":"","ocean_shortcode_after_top_bar":"","ocean_shortcode_before_header":"","ocean_shortcode_after_header":"","ocean_has_shortcode":"","ocean_shortcode_after_title":"","ocean_shortcode_before_footer_widgets":"","ocean_shortcode_after_footer_widgets":"","ocean_shortcode_before_footer_bottom":"","ocean_shortcode_after_footer_bottom":"","ocean_display_top_bar":"default","ocean_display_header":"default","ocean_header_style":"","ocean_center_header_left_menu":"","ocean_custom_header_template":"","ocean_custom_logo":0,"ocean_custom_retina_logo":0,"ocean_custom_logo_max_width":0,"ocean_custom_logo_tablet_max_width":0,"ocean_custom_logo_mobile_max_width":0,"ocean_custom_logo_max_height":0,"ocean_custom_logo_tablet_max_height":0,"ocean_custom_logo_mobile_max_height":0,"ocean_header_custom_menu":"","ocean_menu_typo_font_family":"","ocean_menu_typo_font_subset":"","ocean_menu_typo_font_size":0,"ocean_menu_typo_font_size_tablet":0,"ocean_menu_typo_font_size_mobile":0,"ocean_menu_typo_font_size_unit":"px","ocean_menu_typo_font_weight":"","ocean_menu_typo_font_weight_tablet":"","ocean_menu_typo_font_weight_mobile":"","ocean_menu_typo_transform":"","ocean_menu_typo_transform_tablet":"","ocean_menu_typo_transform_mobile":"","ocean_menu_typo_line_height":0,"ocean_menu_typo_line_height_tablet":0,"ocean_menu_typo_line_height_mobile":0,"ocean_menu_typo_line_height_unit":"","ocean_menu_typo_spacing":0,"ocean_menu_typo_spacing_tablet":0,"ocean_menu_typo_spacing_mobile":0,"ocean_menu_typo_spacing_unit":"","ocean_menu_link_color":"","ocean_menu_link_color_hover":"","ocean_menu_link_color_active":"","ocean_menu_link_background":"","ocean_menu_link_hover_background":"","ocean_menu_link_active_background":"","ocean_menu_social_links_bg":"","ocean_menu_social_hover_links_bg":"","ocean_menu_social_links_color":"","ocean_menu_social_hover_links_color":"","ocean_disable_title":"default","ocean_disable_heading":"default","ocean_post_title":"","ocean_post_subheading":"","ocean_post_title_style":"","ocean_post_title_background_color":"","ocean_post_title_background":0,"ocean_post_title_bg_image_position":"","ocean_post_title_bg_image_attachment":"","ocean_post_title_bg_image_repeat":"","ocean_post_title_bg_image_size":"","ocean_post_title_height":0,"ocean_post_title_bg_overlay":0.5,"ocean_post_title_bg_overlay_color":"","ocean_disable_breadcrumbs":"default","ocean_breadcrumbs_color":"","ocean_breadcrumbs_separator_color":"","ocean_breadcrumbs_links_color":"","ocean_breadcrumbs_links_hover_color":"","ocean_display_footer_widgets":"default","ocean_display_footer_bottom":"default","ocean_custom_footer_template":"","osh_disable_topbar_sticky":"default","osh_disable_header_sticky":"default","osh_sticky_header_style":"default","osh_sticky_header_effect":"","osh_custom_sticky_logo":0,"osh_custom_retina_sticky_logo":0,"osh_custom_sticky_logo_height":0,"osh_background_color":"","osh_links_color":"","osh_links_hover_color":"","osh_links_active_color":"","osh_links_bg_color":"","osh_links_hover_bg_color":"","osh_links_active_bg_color":"","osh_menu_social_links_color":"","osh_menu_social_hover_links_color":"","footnotes":""},"class_list":["post-28049","page","type-page","status-publish","hentry","entry","owp-thumbs-layout-vertical","owp-btn-big","owp-tabs-layout-vertical","has-no-thumbnails","circle-sale"],"yoast_head":"<!-- This site is optimized with the Yoast SEO plugin v27.1.1 - https:\/\/yoast.com\/product\/yoast-seo-wordpress\/ -->\n<title>La nostra storia, La nostra visione - Voyage de la Baleine<\/title>\n<meta name=\"description\" content=\"Scoprite la nostra storia e la nostra visione: produzione europea in Spagna per capi di qualit\u00e0 eccezionale e dal comfort assoluto.\" \/>\n<meta name=\"robots\" content=\"index, follow, max-snippet:-1, max-image-preview:large, max-video-preview:-1\" \/>\n<link rel=\"canonical\" href=\"https:\/\/voyagedelabaleine.fr\/it\/la-nostra-storia-la-nostra-visione\/\" \/>\n<meta property=\"og:locale\" content=\"it_IT\" \/>\n<meta property=\"og:type\" content=\"article\" \/>\n<meta property=\"og:title\" content=\"La nostra storia, La nostra visione - Voyage de la Baleine\" \/>\n<meta property=\"og:description\" content=\"Scoprite la nostra storia e la nostra visione: produzione europea in Spagna per capi di qualit\u00e0 eccezionale e dal comfort assoluto.\" \/>\n<meta property=\"og:url\" content=\"https:\/\/voyagedelabaleine.fr\/it\/la-nostra-storia-la-nostra-visione\/\" \/>\n<meta property=\"og:site_name\" content=\"Voyage de la Baleine\" \/>\n<meta property=\"article:publisher\" content=\"https:\/\/www.facebook.com\/voyagedelabaleine\/\" \/>\n<meta property=\"article:modified_time\" content=\"2026-01-12T09:01:24+00:00\" \/>\n<meta name=\"twitter:card\" content=\"summary_large_image\" \/>\n<meta name=\"twitter:label1\" content=\"Tempo di lettura stimato\" \/>\n\t<meta name=\"twitter:data1\" content=\"4 minuto\" \/>\n<script type=\"application\/ld+json\" class=\"yoast-schema-graph\">{\"@context\":\"https:\/\/schema.org\",\"@graph\":[{\"@type\":\"WebPage\",\"@id\":\"https:\/\/voyagedelabaleine.fr\/it\/la-nostra-storia-la-nostra-visione\/\",\"url\":\"https:\/\/voyagedelabaleine.fr\/it\/la-nostra-storia-la-nostra-visione\/\",\"name\":\"La nostra storia, La nostra visione - Voyage de la Baleine\",\"isPartOf\":{\"@id\":\"https:\/\/voyagedelabaleine.fr\/it\/#website\"},\"datePublished\":\"2023-10-08T11:54:37+00:00\",\"dateModified\":\"2026-01-12T09:01:24+00:00\",\"description\":\"Scoprite la nostra storia e la nostra visione: produzione europea in Spagna per capi di qualit\u00e0 eccezionale e dal comfort assoluto.\",\"breadcrumb\":{\"@id\":\"https:\/\/voyagedelabaleine.fr\/it\/la-nostra-storia-la-nostra-visione\/#breadcrumb\"},\"inLanguage\":\"it-IT\",\"potentialAction\":[{\"@type\":\"ReadAction\",\"target\":[\"https:\/\/voyagedelabaleine.fr\/it\/la-nostra-storia-la-nostra-visione\/\"]}]},{\"@type\":\"BreadcrumbList\",\"@id\":\"https:\/\/voyagedelabaleine.fr\/it\/la-nostra-storia-la-nostra-visione\/#breadcrumb\",\"itemListElement\":[{\"@type\":\"ListItem\",\"position\":1,\"name\":\"Accueil\",\"item\":\"https:\/\/voyagedelabaleine.fr\/it\/homepage\/\"},{\"@type\":\"ListItem\",\"position\":2,\"name\":\"La nostra storia, La nostra visione\"}]},{\"@type\":\"WebSite\",\"@id\":\"https:\/\/voyagedelabaleine.fr\/it\/#website\",\"url\":\"https:\/\/voyagedelabaleine.fr\/it\/\",\"name\":\"Voyage de la Baleine\",\"description\":\"V\u00eatements intemporels et raffin\u00e9s pour b\u00e9b\u00e9s et enfants\",\"publisher\":{\"@id\":\"https:\/\/voyagedelabaleine.fr\/it\/#organization\"},\"potentialAction\":[{\"@type\":\"SearchAction\",\"target\":{\"@type\":\"EntryPoint\",\"urlTemplate\":\"https:\/\/voyagedelabaleine.fr\/it\/?s={search_term_string}\"},\"query-input\":{\"@type\":\"PropertyValueSpecification\",\"valueRequired\":true,\"valueName\":\"search_term_string\"}}],\"inLanguage\":\"it-IT\"},{\"@type\":\"Organization\",\"@id\":\"https:\/\/voyagedelabaleine.fr\/it\/#organization\",\"name\":\"Voyage de la Baleine\",\"url\":\"https:\/\/voyagedelabaleine.fr\/it\/\",\"logo\":{\"@type\":\"ImageObject\",\"inLanguage\":\"it-IT\",\"@id\":\"https:\/\/voyagedelabaleine.fr\/it\/#\/schema\/logo\/image\/\",\"url\":\"https:\/\/voyagedelabaleine.fr\/wp-content\/uploads\/2025\/06\/logo.webp\",\"contentUrl\":\"https:\/\/voyagedelabaleine.fr\/wp-content\/uploads\/2025\/06\/logo.webp\",\"width\":153,\"height\":64,\"caption\":\"Voyage de la Baleine\"},\"image\":{\"@id\":\"https:\/\/voyagedelabaleine.fr\/it\/#\/schema\/logo\/image\/\"},\"sameAs\":[\"https:\/\/www.facebook.com\/voyagedelabaleine\/\",\"https:\/\/www.instagram.com\/voyagedelabaleine\/\",\"https:\/\/www.pinterest.fr\/Voyagedelabaleine\/\"]}]}<\/script>\n<!-- \/ Yoast SEO plugin. -->","yoast_head_json":{"title":"La nostra storia, La nostra visione - Voyage de la Baleine","description":"Scoprite la nostra storia e la nostra visione: produzione europea in Spagna per capi di qualit\u00e0 eccezionale e dal comfort assoluto.","robots":{"index":"index","follow":"follow","max-snippet":"max-snippet:-1","max-image-preview":"max-image-preview:large","max-video-preview":"max-video-preview:-1"},"canonical":"https:\/\/voyagedelabaleine.fr\/it\/la-nostra-storia-la-nostra-visione\/","og_locale":"it_IT","og_type":"article","og_title":"La nostra storia, La nostra visione - Voyage de la Baleine","og_description":"Scoprite la nostra storia e la nostra visione: produzione europea in Spagna per capi di qualit\u00e0 eccezionale e dal comfort assoluto.","og_url":"https:\/\/voyagedelabaleine.fr\/it\/la-nostra-storia-la-nostra-visione\/","og_site_name":"Voyage de la Baleine","article_publisher":"https:\/\/www.facebook.com\/voyagedelabaleine\/","article_modified_time":"2026-01-12T09:01:24+00:00","twitter_card":"summary_large_image","twitter_misc":{"Tempo di lettura stimato":"4 minuto"},"schema":{"@context":"https:\/\/schema.org","@graph":[{"@type":"WebPage","@id":"https:\/\/voyagedelabaleine.fr\/it\/la-nostra-storia-la-nostra-visione\/","url":"https:\/\/voyagedelabaleine.fr\/it\/la-nostra-storia-la-nostra-visione\/","name":"La nostra storia, La nostra visione - Voyage de la Baleine","isPartOf":{"@id":"https:\/\/voyagedelabaleine.fr\/it\/#website"},"datePublished":"2023-10-08T11:54:37+00:00","dateModified":"2026-01-12T09:01:24+00:00","description":"Scoprite la nostra storia e la nostra visione: produzione europea in Spagna per capi di qualit\u00e0 eccezionale e dal comfort assoluto.","breadcrumb":{"@id":"https:\/\/voyagedelabaleine.fr\/it\/la-nostra-storia-la-nostra-visione\/#breadcrumb"},"inLanguage":"it-IT","potentialAction":[{"@type":"ReadAction","target":["https:\/\/voyagedelabaleine.fr\/it\/la-nostra-storia-la-nostra-visione\/"]}]},{"@type":"BreadcrumbList","@id":"https:\/\/voyagedelabaleine.fr\/it\/la-nostra-storia-la-nostra-visione\/#breadcrumb","itemListElement":[{"@type":"ListItem","position":1,"name":"Accueil","item":"https:\/\/voyagedelabaleine.fr\/it\/homepage\/"},{"@type":"ListItem","position":2,"name":"La nostra storia, La nostra visione"}]},{"@type":"WebSite","@id":"https:\/\/voyagedelabaleine.fr\/it\/#website","url":"https:\/\/voyagedelabaleine.fr\/it\/","name":"Voyage de la Baleine","description":"V\u00eatements intemporels et raffin\u00e9s pour b\u00e9b\u00e9s et enfants","publisher":{"@id":"https:\/\/voyagedelabaleine.fr\/it\/#organization"},"potentialAction":[{"@type":"SearchAction","target":{"@type":"EntryPoint","urlTemplate":"https:\/\/voyagedelabaleine.fr\/it\/?s={search_term_string}"},"query-input":{"@type":"PropertyValueSpecification","valueRequired":true,"valueName":"search_term_string"}}],"inLanguage":"it-IT"},{"@type":"Organization","@id":"https:\/\/voyagedelabaleine.fr\/it\/#organization","name":"Voyage de la Baleine","url":"https:\/\/voyagedelabaleine.fr\/it\/","logo":{"@type":"ImageObject","inLanguage":"it-IT","@id":"https:\/\/voyagedelabaleine.fr\/it\/#\/schema\/logo\/image\/","url":"https:\/\/voyagedelabaleine.fr\/wp-content\/uploads\/2025\/06\/logo.webp","contentUrl":"https:\/\/voyagedelabaleine.fr\/wp-content\/uploads\/2025\/06\/logo.webp","width":153,"height":64,"caption":"Voyage de la Baleine"},"image":{"@id":"https:\/\/voyagedelabaleine.fr\/it\/#\/schema\/logo\/image\/"},"sameAs":["https:\/\/www.facebook.com\/voyagedelabaleine\/","https:\/\/www.instagram.com\/voyagedelabaleine\/","https:\/\/www.pinterest.fr\/Voyagedelabaleine\/"]}]}},"_links":{"self":[{"href":"https:\/\/voyagedelabaleine.fr\/it\/wp-json\/wp\/v2\/pages\/28049","targetHints":{"allow":["GET"]}}],"collection":[{"href":"https:\/\/voyagedelabaleine.fr\/it\/wp-json\/wp\/v2\/pages"}],"about":[{"href":"https:\/\/voyagedelabaleine.fr\/it\/wp-json\/wp\/v2\/types\/page"}],"author":[{"embeddable":true,"href":"https:\/\/voyagedelabaleine.fr\/it\/wp-json\/wp\/v2\/users\/222595022"}],"replies":[{"embeddable":true,"href":"https:\/\/voyagedelabaleine.fr\/it\/wp-json\/wp\/v2\/comments?post=28049"}],"version-history":[{"count":1,"href":"https:\/\/voyagedelabaleine.fr\/it\/wp-json\/wp\/v2\/pages\/28049\/revisions"}],"predecessor-version":[{"id":28050,"href":"https:\/\/voyagedelabaleine.fr\/it\/wp-json\/wp\/v2\/pages\/28049\/revisions\/28050"}],"wp:attachment":[{"href":"https:\/\/voyagedelabaleine.fr\/it\/wp-json\/wp\/v2\/media?parent=28049"}],"curies":[{"name":"wp","href":"https:\/\/api.w.org\/{rel}","templated":true}]}}