{"id":28079,"date":"2022-06-22T21:27:39","date_gmt":"2022-06-22T19:27:39","guid":{"rendered":"https:\/\/voyagedelabaleine.fr\/i-nostri-marchi\/"},"modified":"2026-01-12T10:54:05","modified_gmt":"2026-01-12T09:54:05","slug":"i-nostri-marchi","status":"publish","type":"page","link":"https:\/\/voyagedelabaleine.fr\/it\/i-nostri-marchi\/","title":{"rendered":"I nostri marchi"},"content":{"rendered":"\t\t<div data-elementor-type=\"wp-page\" data-elementor-id=\"28079\" class=\"elementor elementor-28079 elementor-273\">\n\t\t\t\t<div class=\"elementor-element elementor-element-cd56214 e-flex e-con-boxed e-con e-parent\" data-id=\"cd56214\" data-element_type=\"container\" data-e-type=\"container\">\n\t\t\t\t\t<div class=\"e-con-inner\">\n\t\t\t\t<div class=\"elementor-element elementor-element-89d77a9 elementor-widget elementor-widget-image\" data-id=\"89d77a9\" data-element_type=\"widget\" data-e-type=\"widget\" data-widget_type=\"image.default\">\n\t\t\t\t\t\t\t\t\t\t\t\t\t\t\t<img decoding=\"async\" width=\"1024\" height=\"198\" src=\"https:\/\/voyagedelabaleine.fr\/wp-content\/uploads\/2025\/03\/drapeaux.ordi_-scaled-1024x198.jpg\" class=\"attachment-large size-large wp-image-28066\" alt=\"\" srcset=\"https:\/\/voyagedelabaleine.fr\/wp-content\/uploads\/2025\/03\/drapeaux.ordi_-scaled-1024x198.jpg 1024w, https:\/\/voyagedelabaleine.fr\/wp-content\/uploads\/2025\/03\/drapeaux.ordi_-scaled-300x58.jpg 300w, https:\/\/voyagedelabaleine.fr\/wp-content\/uploads\/2025\/03\/drapeaux.ordi_-scaled-768x148.jpg 768w, https:\/\/voyagedelabaleine.fr\/wp-content\/uploads\/2025\/03\/drapeaux.ordi_-scaled-1536x296.jpg 1536w, https:\/\/voyagedelabaleine.fr\/wp-content\/uploads\/2025\/03\/drapeaux.ordi_-scaled-600x116.jpg 600w, https:\/\/voyagedelabaleine.fr\/wp-content\/uploads\/2025\/03\/drapeaux.ordi_-scaled.jpg 2048w\" sizes=\"(max-width: 1024px) 100vw, 1024px\" \/>\t\t\t\t\t\t\t\t\t\t\t\t\t\t\t<\/div>\n\t\t\t\t\t<\/div>\n\t\t\t\t<\/div>\n\t\t<div class=\"elementor-element elementor-element-24ea59b e-flex e-con-boxed e-con e-parent\" data-id=\"24ea59b\" data-element_type=\"container\" data-e-type=\"container\">\n\t\t\t\t\t<div class=\"e-con-inner\">\n\t\t<div class=\"elementor-element elementor-element-c6a021b e-con-full e-flex e-con e-child\" data-id=\"c6a021b\" data-element_type=\"container\" data-e-type=\"container\">\n\t\t\t\t<\/div>\n\t\t\t\t<div class=\"elementor-element elementor-element-ff93b56 elementor-widget elementor-widget-text-editor\" data-id=\"ff93b56\" data-element_type=\"widget\" data-e-type=\"widget\" data-widget_type=\"text-editor.default\">\n\t\t\t\t\t\t\t\t\t<p style=\"text-align: left;\">Ogni marchio ha la sua specialit\u00e0.<\/p><p style=\"text-align: left;\">Attribuiamo grande importanza a selezionare per voi i produttori pi\u00f9 adatti a ogni categoria di abbigliamento.<\/p><p>Tutti gli <strong>abiti per neonati e bambini <\/strong>presentati nel nostro negozio online <strong>sono realizzati con cura in Europa<\/strong>: in <strong>Spagna,<\/strong> <strong>Portogallo<\/strong> e <strong>Irlanda<\/strong>.<\/p>\t\t\t\t\t\t\t\t<\/div>\n\t\t\t\t\t<\/div>\n\t\t\t\t<\/div>\n\t\t<div class=\"elementor-element elementor-element-ab1a267 e-flex e-con-boxed e-con e-parent\" data-id=\"ab1a267\" data-element_type=\"container\" data-e-type=\"container\">\n\t\t\t\t\t<div class=\"e-con-inner\">\n\t\t<div class=\"elementor-element elementor-element-69ac56d e-con-full e-flex e-con e-child\" data-id=\"69ac56d\" data-element_type=\"container\" data-e-type=\"container\">\n\t\t\t\t<\/div>\n\t\t\t\t<div class=\"elementor-element elementor-element-56c3a52 elementor-widget__width-initial elementor-widget elementor-widget-text-editor\" data-id=\"56c3a52\" data-element_type=\"widget\" data-e-type=\"widget\" data-widget_type=\"text-editor.default\">\n\t\t\t\t\t\t\t\t\t<h2 data-start=\"34\" data-end=\"389\">Abbigliamento per bambini di alta gamma &#8211; Eleganza e qualit\u00e0 dal 1993<\/h2>\t\t\t\t\t\t\t\t<\/div>\n\t\t\t\t\t<\/div>\n\t\t\t\t<\/div>\n\t\t<div class=\"elementor-element elementor-element-e03006d e-flex e-con-boxed e-con e-parent\" data-id=\"e03006d\" data-element_type=\"container\" data-e-type=\"container\">\n\t\t\t\t\t<div class=\"e-con-inner\">\n\t\t<div class=\"elementor-element elementor-element-4aa3be9 e-con-full e-flex e-con e-child\" data-id=\"4aa3be9\" data-element_type=\"container\" data-e-type=\"container\">\n\t\t\t\t<div class=\"elementor-element elementor-element-c97e26c elementor-widget elementor-widget-image\" data-id=\"c97e26c\" data-element_type=\"widget\" data-e-type=\"widget\" data-widget_type=\"image.default\">\n\t\t\t\t\t\t\t\t\t\t\t\t\t\t\t<img decoding=\"async\" width=\"300\" height=\"99\" src=\"https:\/\/voyagedelabaleine.fr\/wp-content\/uploads\/2025\/03\/Logo-Fina-Ejerique-1-300x99.jpg\" class=\"attachment-medium size-medium wp-image-28067\" alt=\"\" srcset=\"https:\/\/voyagedelabaleine.fr\/wp-content\/uploads\/2025\/03\/Logo-Fina-Ejerique-1-300x99.jpg 300w, https:\/\/voyagedelabaleine.fr\/wp-content\/uploads\/2025\/03\/Logo-Fina-Ejerique-1.jpg 600w\" sizes=\"(max-width: 300px) 100vw, 300px\" \/>\t\t\t\t\t\t\t\t\t\t\t\t\t\t\t<\/div>\n\t\t\t\t<\/div>\n\t\t\t\t<div class=\"elementor-element elementor-element-dfbeaab elementor-widget elementor-widget-text-editor\" data-id=\"dfbeaab\" data-element_type=\"widget\" data-e-type=\"widget\" data-widget_type=\"text-editor.default\">\n\t\t\t\t\t\t\t\t\t<p data-start=\"63\" data-end=\"438\">Dal 1993, Fina Ejerique crea abiti per bambini che uniscono raffinatezza, comfort e qualit\u00e0 eccezionale. Diverse famiglie reali, tra cui quella britannica, scelgono di selezionare il marchio Fina Ejerique per vestire i loro bambini in varie occasioni. Le loro collezioni esclusive sono realizzate con materiali di <strong>alta gamma<\/strong> e con una <strong><strong>lavorazione artigianale<\/strong><\/strong>. Interamente prodotti in Spagna, i loro capi riflettono un forte impegno verso l\u2019eccellenza, il rispetto dell\u2019ambiente e pratiche sostenibili. Ogni pezzo \u00e8 studiato nei minimi dettagli per offrire uno <strong>stile senza tempo<\/strong>, fedele ai valori del marchio: onest\u00e0, rigore e passione.    <\/p>\t\t\t\t\t\t\t\t<\/div>\n\t\t\t\t\t<\/div>\n\t\t\t\t<\/div>\n\t\t<div class=\"elementor-element elementor-element-7904a33 e-flex e-con-boxed e-con e-parent\" data-id=\"7904a33\" data-element_type=\"container\" data-e-type=\"container\">\n\t\t\t\t\t<div class=\"e-con-inner\">\n\t\t<div class=\"elementor-element elementor-element-e5e1df7 e-con-full e-flex e-con e-child\" data-id=\"e5e1df7\" data-element_type=\"container\" data-e-type=\"container\">\n\t\t\t\t<\/div>\n\t\t\t\t<div class=\"elementor-element elementor-element-cd6ba14 elementor-widget__width-initial elementor-widget elementor-widget-text-editor\" data-id=\"cd6ba14\" data-element_type=\"widget\" data-e-type=\"widget\" data-widget_type=\"text-editor.default\">\n\t\t\t\t\t\t\t\t\t<h2 data-start=\"34\" data-end=\"389\">Moda infantile di lusso accessibile &#8211; Abbigliamento per neonati e bambini in Portogallo<\/h2>\t\t\t\t\t\t\t\t<\/div>\n\t\t\t\t\t<\/div>\n\t\t\t\t<\/div>\n\t\t<div class=\"elementor-element elementor-element-e7e1c5c e-flex e-con-boxed e-con e-parent\" data-id=\"e7e1c5c\" data-element_type=\"container\" data-e-type=\"container\">\n\t\t\t\t\t<div class=\"e-con-inner\">\n\t\t<div class=\"elementor-element elementor-element-afe7b34 e-con-full e-flex e-con e-child\" data-id=\"afe7b34\" data-element_type=\"container\" data-e-type=\"container\">\n\t\t\t\t<div class=\"elementor-element elementor-element-81813f9 elementor-widget elementor-widget-image\" data-id=\"81813f9\" data-element_type=\"widget\" data-e-type=\"widget\" data-widget_type=\"image.default\">\n\t\t\t\t\t\t\t\t\t\t\t\t\t\t\t<img decoding=\"async\" width=\"300\" height=\"76\" src=\"https:\/\/voyagedelabaleine.fr\/wp-content\/uploads\/2025\/03\/Logo-Patachou-300x76.jpg\" class=\"attachment-medium size-medium wp-image-28068\" alt=\"\" srcset=\"https:\/\/voyagedelabaleine.fr\/wp-content\/uploads\/2025\/03\/Logo-Patachou-300x76.jpg 300w, https:\/\/voyagedelabaleine.fr\/wp-content\/uploads\/2025\/03\/Logo-Patachou.jpg 446w\" sizes=\"(max-width: 300px) 100vw, 300px\" \/>\t\t\t\t\t\t\t\t\t\t\t\t\t\t\t<\/div>\n\t\t\t\t<\/div>\n\t\t\t\t<div class=\"elementor-element elementor-element-39e8042 elementor-widget elementor-widget-text-editor\" data-id=\"39e8042\" data-element_type=\"widget\" data-e-type=\"widget\" data-widget_type=\"text-editor.default\">\n\t\t\t\t\t\t\t\t\t<p data-start=\"57\" data-end=\"349\"><strong>Patachou <\/strong>\u00e8 un <strong>marchio di lusso accessibile per neonati e bambini<\/strong>, nato dalla visione di due appassionate di moda desiderose di creare un universo incantevole per i pi\u00f9 piccoli. La loro ambizione? Creare abiti che uniscano design esclusivo, <strong>materiali eccezionali <\/strong>e stile senza tempo, mescolando raffinatezza e fascino. Al cuore di Patachou c\u2019\u00e8 un impegno profondo: avere un <strong>impatto positivo nel mondo<\/strong>. Attraverso il progetto \u00abSpreading Smiles\u00bb, la loro iniziativa di responsabilit\u00e0 sociale, lavorano per illuminare il volto dei bambini e offrire loro un futuro pi\u00f9 radioso. Tutti i capi Patachou sono <strong>realizzati con cura in Portogallo<\/strong>.     <\/p>\t\t\t\t\t\t\t\t<\/div>\n\t\t\t\t\t<\/div>\n\t\t\t\t<\/div>\n\t\t<div class=\"elementor-element elementor-element-602783e e-flex e-con-boxed e-con e-parent\" data-id=\"602783e\" data-element_type=\"container\" data-e-type=\"container\">\n\t\t\t\t\t<div class=\"e-con-inner\">\n\t\t<div class=\"elementor-element elementor-element-f0519fb e-con-full e-flex e-con e-child\" data-id=\"f0519fb\" data-element_type=\"container\" data-e-type=\"container\">\n\t\t\t\t<\/div>\n\t\t\t\t<div class=\"elementor-element elementor-element-9182964 elementor-widget__width-initial elementor-widget elementor-widget-text-editor\" data-id=\"9182964\" data-element_type=\"widget\" data-e-type=\"widget\" data-widget_type=\"text-editor.default\">\n\t\t\t\t\t\t\t\t\t<h2 data-start=\"34\" data-end=\"389\">Moda infantile prodotta in Spagna &#8211; Tradizione e qualit\u00e0 dal 1965<\/h2>\t\t\t\t\t\t\t\t<\/div>\n\t\t\t\t\t<\/div>\n\t\t\t\t<\/div>\n\t\t<div class=\"elementor-element elementor-element-94d1887 e-flex e-con-boxed e-con e-parent\" data-id=\"94d1887\" data-element_type=\"container\" data-e-type=\"container\">\n\t\t\t\t\t<div class=\"e-con-inner\">\n\t\t<div class=\"elementor-element elementor-element-95c77fa e-con-full e-flex e-con e-child\" data-id=\"95c77fa\" data-element_type=\"container\" data-e-type=\"container\">\n\t\t\t\t<div class=\"elementor-element elementor-element-cadbe79 elementor-widget elementor-widget-image\" data-id=\"cadbe79\" data-element_type=\"widget\" data-e-type=\"widget\" data-widget_type=\"image.default\">\n\t\t\t\t\t\t\t\t\t\t\t\t\t\t\t<img decoding=\"async\" width=\"300\" height=\"77\" src=\"https:\/\/voyagedelabaleine.fr\/wp-content\/uploads\/2025\/03\/Logo-Martin-Aranda-300x77.jpg\" class=\"attachment-medium size-medium wp-image-28069\" alt=\"\" srcset=\"https:\/\/voyagedelabaleine.fr\/wp-content\/uploads\/2025\/03\/Logo-Martin-Aranda-300x77.jpg 300w, https:\/\/voyagedelabaleine.fr\/wp-content\/uploads\/2025\/03\/Logo-Martin-Aranda-768x197.jpg 768w, https:\/\/voyagedelabaleine.fr\/wp-content\/uploads\/2025\/03\/Logo-Martin-Aranda-600x154.jpg 600w, https:\/\/voyagedelabaleine.fr\/wp-content\/uploads\/2025\/03\/Logo-Martin-Aranda.jpg 858w\" sizes=\"(max-width: 300px) 100vw, 300px\" \/>\t\t\t\t\t\t\t\t\t\t\t\t\t\t\t<\/div>\n\t\t\t\t<\/div>\n\t\t\t\t<div class=\"elementor-element elementor-element-c6cbcb3 elementor-widget elementor-widget-text-editor\" data-id=\"c6cbcb3\" data-element_type=\"widget\" data-e-type=\"widget\" data-widget_type=\"text-editor.default\">\n\t\t\t\t\t\t\t\t\t<p data-start=\"34\" data-end=\"389\"><strong>Mart\u00edn Aranda <\/strong>\u00e8 un marchio di moda infantile con oltre cinquant\u2019anni di esperienza. Fondata nel 1965 con il nome Mart\u00edn Aranda e Hijos, si \u00e8 affermata come un punto di riferimento nel suo settore, unendo qualit\u00e0, design e innovazione. L\u2019intera produzione di Mart\u00edn Aranda viene realizzata a Rus, in <strong>Spagna<\/strong>, con materie prime di origine nazionale, permettendo cos\u00ec di vantare con orgoglio la dicitura &#8220;<strong>Made in Spain<\/strong>&#8220;.  <\/p>\t\t\t\t\t\t\t\t<\/div>\n\t\t\t\t\t<\/div>\n\t\t\t\t<\/div>\n\t\t<div class=\"elementor-element elementor-element-7c8d771 e-flex e-con-boxed e-con e-parent\" data-id=\"7c8d771\" data-element_type=\"container\" data-e-type=\"container\">\n\t\t\t\t\t<div class=\"e-con-inner\">\n\t\t<div class=\"elementor-element elementor-element-8ae4432 e-con-full e-flex e-con e-child\" data-id=\"8ae4432\" data-element_type=\"container\" data-e-type=\"container\">\n\t\t\t\t<\/div>\n\t\t\t\t<div class=\"elementor-element elementor-element-488c6aa elementor-widget__width-initial elementor-widget elementor-widget-text-editor\" data-id=\"488c6aa\" data-element_type=\"widget\" data-e-type=\"widget\" data-widget_type=\"text-editor.default\">\n\t\t\t\t\t\t\t\t\t<h2 data-start=\"34\" data-end=\"389\">Abbigliamento per neonati e bambini in Portogallo &#8211; Comfort e qualit\u00e0 dal 1981<\/h2>\t\t\t\t\t\t\t\t<\/div>\n\t\t\t\t\t<\/div>\n\t\t\t\t<\/div>\n\t\t<div class=\"elementor-element elementor-element-e9dd91a e-flex e-con-boxed e-con e-parent\" data-id=\"e9dd91a\" data-element_type=\"container\" data-e-type=\"container\">\n\t\t\t\t\t<div class=\"e-con-inner\">\n\t\t<div class=\"elementor-element elementor-element-ca64171 e-con-full e-flex e-con e-child\" data-id=\"ca64171\" data-element_type=\"container\" data-e-type=\"container\">\n\t\t\t\t<div class=\"elementor-element elementor-element-1322046 elementor-widget elementor-widget-image\" data-id=\"1322046\" data-element_type=\"widget\" data-e-type=\"widget\" data-widget_type=\"image.default\">\n\t\t\t\t\t\t\t\t\t\t\t\t\t\t\t<img decoding=\"async\" width=\"300\" height=\"181\" src=\"https:\/\/voyagedelabaleine.fr\/wp-content\/uploads\/2025\/03\/Logo-Laranjinha-300x181.jpg\" class=\"attachment-medium size-medium wp-image-28070\" alt=\"\" srcset=\"https:\/\/voyagedelabaleine.fr\/wp-content\/uploads\/2025\/03\/Logo-Laranjinha-300x181.jpg 300w, https:\/\/voyagedelabaleine.fr\/wp-content\/uploads\/2025\/03\/Logo-Laranjinha-768x463.jpg 768w, https:\/\/voyagedelabaleine.fr\/wp-content\/uploads\/2025\/03\/Logo-Laranjinha-600x361.jpg 600w, https:\/\/voyagedelabaleine.fr\/wp-content\/uploads\/2025\/03\/Logo-Laranjinha.jpg 807w\" sizes=\"(max-width: 300px) 100vw, 300px\" \/>\t\t\t\t\t\t\t\t\t\t\t\t\t\t\t<\/div>\n\t\t\t\t<\/div>\n\t\t\t\t<div class=\"elementor-element elementor-element-9b25268 elementor-widget elementor-widget-text-editor\" data-id=\"9b25268\" data-element_type=\"widget\" data-e-type=\"widget\" data-widget_type=\"text-editor.default\">\n\t\t\t\t\t\t\t\t\t<p data-start=\"34\" data-end=\"389\">Dal 1981, <strong>Laranjinha <\/strong>progetta e produce abiti per neonati e bambini, unendo <strong>alta qualit\u00e0<\/strong> e <strong>comfort assoluto.<\/strong> Le loro collezioni uniche e autentiche attraversano le generazioni, combinando <strong>materiali morbidi e naturali <\/strong>con l\u2019innovazione. Seguendo le norme di qualit\u00e0 pi\u00f9 rigorose, tutti i prodotti Laranjinha sono interamente <strong>realizzati in Portogallo<\/strong>. Un impegno che riflette la loro attenzione a ridurre l\u2019impatto ecologico e a sostenere i <strong>produttori locali<\/strong>.   <\/p>\t\t\t\t\t\t\t\t<\/div>\n\t\t\t\t\t<\/div>\n\t\t\t\t<\/div>\n\t\t<div class=\"elementor-element elementor-element-a2ad622 e-flex e-con-boxed e-con e-parent\" data-id=\"a2ad622\" data-element_type=\"container\" data-e-type=\"container\">\n\t\t\t\t\t<div class=\"e-con-inner\">\n\t\t<div class=\"elementor-element elementor-element-176bd4b e-con-full e-flex e-con e-child\" data-id=\"176bd4b\" data-element_type=\"container\" data-e-type=\"container\">\n\t\t\t\t<\/div>\n\t\t\t\t<div class=\"elementor-element elementor-element-e707bc6 elementor-widget__width-initial elementor-widget elementor-widget-text-editor\" data-id=\"e707bc6\" data-element_type=\"widget\" data-e-type=\"widget\" data-widget_type=\"text-editor.default\">\n\t\t\t\t\t\t\t\t\t<h2 data-start=\"34\" data-end=\"389\">Maglioni e cardigan irlandesi in lana merino &#8211; Eredit\u00e0 celtica e qualit\u00e0 dal 1957<\/h2>\t\t\t\t\t\t\t\t<\/div>\n\t\t\t\t\t<\/div>\n\t\t\t\t<\/div>\n\t\t<div class=\"elementor-element elementor-element-97dfcbb e-flex e-con-boxed e-con e-parent\" data-id=\"97dfcbb\" data-element_type=\"container\" data-e-type=\"container\">\n\t\t\t\t\t<div class=\"e-con-inner\">\n\t\t<div class=\"elementor-element elementor-element-2f0a776 e-con-full e-flex e-con e-child\" data-id=\"2f0a776\" data-element_type=\"container\" data-e-type=\"container\">\n\t\t\t\t<div class=\"elementor-element elementor-element-59e113c elementor-widget elementor-widget-image\" data-id=\"59e113c\" data-element_type=\"widget\" data-e-type=\"widget\" data-widget_type=\"image.default\">\n\t\t\t\t\t\t\t\t\t\t\t\t\t\t\t<img decoding=\"async\" width=\"300\" height=\"154\" src=\"https:\/\/voyagedelabaleine.fr\/wp-content\/uploads\/2024\/09\/Logo-Aran-Crafts-2-300x154.jpg\" class=\"attachment-medium size-medium wp-image-28071\" alt=\"\" srcset=\"https:\/\/voyagedelabaleine.fr\/wp-content\/uploads\/2024\/09\/Logo-Aran-Crafts-2-300x154.jpg 300w, https:\/\/voyagedelabaleine.fr\/wp-content\/uploads\/2024\/09\/Logo-Aran-Crafts-2.jpg 502w\" sizes=\"(max-width: 300px) 100vw, 300px\" \/>\t\t\t\t\t\t\t\t\t\t\t\t\t\t\t<\/div>\n\t\t\t\t<\/div>\n\t\t\t\t<div class=\"elementor-element elementor-element-2a1af2b elementor-widget elementor-widget-text-editor\" data-id=\"2a1af2b\" data-element_type=\"widget\" data-e-type=\"widget\" data-widget_type=\"text-editor.default\">\n\t\t\t\t\t\t\t\t\t<p><strong>West End Knitwear <\/strong>\u00e8 un\u2019<strong>azienda familiare<\/strong> fondata nel 1957 da Molly Cullen nella contea di Kildare, vicino a <strong>Dublino<\/strong>, in<strong> Irlanda<\/strong>. Ogni maglione Aran Crafts, giacca o cappotto \u00e8 lavorato a maglia ispirandosi all\u2019<strong>eredit\u00e0 celtica irlandese<\/strong>. La filatura seleziona le fibre pi\u00f9 pregiate delle migliori razze di pecore per produrre<strong> lana pettinata<\/strong>, <strong>merino<\/strong> e filati torsionati. L\u2019ispirazione proviene dalle isole Aran, dalla torre rotonda di Kildare, dalle croci celtiche, da Tara, Clonmacnoise, Glendalough, Blarney, Connemara, Claddagh e dalle scogliere di Moher. La bellezza selvaggia dei paesaggi irlandesi si riflette nei colori: i verdi dei prati e delle colline, i blu e grigi dei laghi e del mare, le tonalit\u00e0 calde del fuoco di torba\u2026<br>Le radici dell\u2019azienda affondano nella storia della nonna di Molly Cullen, Kate O\u2019Shea, una delle prime artigiane a vendere capi di lana nel 1856. Oggi, i figli di Molly, Jean e Paul, insieme ai nipoti Niall e Barry, continuano a perpetuare la tradizione della maglieria nella famiglia Cullen.     <\/p>\t\t\t\t\t\t\t\t<\/div>\n\t\t\t\t\t<\/div>\n\t\t\t\t<\/div>\n\t\t<div class=\"elementor-element elementor-element-4212adf e-flex e-con-boxed e-con e-parent\" data-id=\"4212adf\" data-element_type=\"container\" data-e-type=\"container\">\n\t\t\t\t\t<div class=\"e-con-inner\">\n\t\t<div class=\"elementor-element elementor-element-94f4391 e-con-full e-flex e-con e-child\" data-id=\"94f4391\" data-element_type=\"container\" data-e-type=\"container\">\n\t\t\t\t<\/div>\n\t\t\t\t<div class=\"elementor-element elementor-element-8e115f7 elementor-widget__width-initial elementor-widget elementor-widget-text-editor\" data-id=\"8e115f7\" data-element_type=\"widget\" data-e-type=\"widget\" data-widget_type=\"text-editor.default\">\n\t\t\t\t\t\t\t\t\t<h2 data-start=\"34\" data-end=\"389\">Abbigliamento per neonati in lana e cotone &#8211; Produzione 100% spagnola<\/h2>\t\t\t\t\t\t\t\t<\/div>\n\t\t\t\t\t<\/div>\n\t\t\t\t<\/div>\n\t\t<div class=\"elementor-element elementor-element-1e64162 e-flex e-con-boxed e-con e-parent\" data-id=\"1e64162\" data-element_type=\"container\" data-e-type=\"container\">\n\t\t\t\t\t<div class=\"e-con-inner\">\n\t\t<div class=\"elementor-element elementor-element-37a3ada e-con-full e-flex e-con e-child\" data-id=\"37a3ada\" data-element_type=\"container\" data-e-type=\"container\">\n\t\t\t\t<div class=\"elementor-element elementor-element-dab439e elementor-widget elementor-widget-image\" data-id=\"dab439e\" data-element_type=\"widget\" data-e-type=\"widget\" data-widget_type=\"image.default\">\n\t\t\t\t\t\t\t\t\t\t\t\t\t\t\t<img decoding=\"async\" width=\"300\" height=\"257\" src=\"https:\/\/voyagedelabaleine.fr\/wp-content\/uploads\/2023\/10\/Logo-Dulce-de-Fresa-1-300x257.jpg\" class=\"attachment-medium size-medium wp-image-28072\" alt=\"Logo Dulce de Fresa\" srcset=\"https:\/\/voyagedelabaleine.fr\/wp-content\/uploads\/2023\/10\/Logo-Dulce-de-Fresa-1-300x257.jpg 300w, https:\/\/voyagedelabaleine.fr\/wp-content\/uploads\/2023\/10\/Logo-Dulce-de-Fresa-1-600x513.jpg 600w, https:\/\/voyagedelabaleine.fr\/wp-content\/uploads\/2023\/10\/Logo-Dulce-de-Fresa-1.jpg 624w\" sizes=\"(max-width: 300px) 100vw, 300px\" \/>\t\t\t\t\t\t\t\t\t\t\t\t\t\t\t<\/div>\n\t\t\t\t<\/div>\n\t\t\t\t<div class=\"elementor-element elementor-element-736d9d3 elementor-widget elementor-widget-text-editor\" data-id=\"736d9d3\" data-element_type=\"widget\" data-e-type=\"widget\" data-widget_type=\"text-editor.default\">\n\t\t\t\t\t\t\t\t\t<p><strong>Dulce de Fresa<\/strong> incarna l\u2019eccellenza della moda per i pi\u00f9 piccoli con una produzione interamente <strong>spagnola<\/strong>. Specializzata nella progettazione e produzione di <strong>abbigliamento per neonati e bambini<\/strong>, questo marchio si distingue per l\u2019utilizzo di materiali di prima qualit\u00e0 come <strong>lana e cotone<\/strong>, tutti di origine spagnola. Questa cura meticolosa nella scelta dei tessuti garantisce non solo una qualit\u00e0 eccezionale, ma conferisce anche a ogni capo un carattere classico e un comfort senza pari, rendendo Dulce de Fresa una scelta privilegiata per i genitori attenti alla moda e al benessere dei loro bambini.  <\/p>\t\t\t\t\t\t\t\t<\/div>\n\t\t\t\t\t<\/div>\n\t\t\t\t<\/div>\n\t\t<div class=\"elementor-element elementor-element-96049cc e-flex e-con-boxed e-con e-parent\" data-id=\"96049cc\" data-element_type=\"container\" data-e-type=\"container\">\n\t\t\t\t\t<div class=\"e-con-inner\">\n\t\t<div class=\"elementor-element elementor-element-2fbfeb3 e-con-full e-flex e-con e-child\" data-id=\"2fbfeb3\" data-element_type=\"container\" data-e-type=\"container\">\n\t\t\t\t<\/div>\n\t\t\t\t<div class=\"elementor-element elementor-element-aaa2201 elementor-widget__width-initial elementor-widget elementor-widget-text-editor\" data-id=\"aaa2201\" data-element_type=\"widget\" data-e-type=\"widget\" data-widget_type=\"text-editor.default\">\n\t\t\t\t\t\t\t\t\t<h2 data-start=\"34\" data-end=\"389\">Moda infantile spagnola &#8211; Comfort ed eleganza per neonati e bambini<\/h2>\t\t\t\t\t\t\t\t<\/div>\n\t\t\t\t\t<\/div>\n\t\t\t\t<\/div>\n\t\t<div class=\"elementor-element elementor-element-c77fd67 e-flex e-con-boxed e-con e-parent\" data-id=\"c77fd67\" data-element_type=\"container\" data-e-type=\"container\">\n\t\t\t\t\t<div class=\"e-con-inner\">\n\t\t<div class=\"elementor-element elementor-element-4d7ff46 e-con-full e-flex e-con e-child\" data-id=\"4d7ff46\" data-element_type=\"container\" data-e-type=\"container\">\n\t\t\t\t<div class=\"elementor-element elementor-element-a95e315 elementor-widget elementor-widget-image\" data-id=\"a95e315\" data-element_type=\"widget\" data-e-type=\"widget\" data-widget_type=\"image.default\">\n\t\t\t\t\t\t\t\t\t\t\t\t\t\t\t<img decoding=\"async\" width=\"225\" height=\"225\" src=\"https:\/\/voyagedelabaleine.fr\/wp-content\/uploads\/2024\/01\/Logo-Calamaro.webp\" class=\"attachment-medium size-medium wp-image-28073\" alt=\"Logo Calamaro\" srcset=\"https:\/\/voyagedelabaleine.fr\/wp-content\/uploads\/2024\/01\/Logo-Calamaro.webp 225w, https:\/\/voyagedelabaleine.fr\/wp-content\/uploads\/2024\/01\/Logo-Calamaro-150x150.webp 150w, https:\/\/voyagedelabaleine.fr\/wp-content\/uploads\/2024\/01\/Logo-Calamaro-100x100.webp 100w\" sizes=\"(max-width: 225px) 100vw, 225px\" \/>\t\t\t\t\t\t\t\t\t\t\t\t\t\t\t<\/div>\n\t\t\t\t<\/div>\n\t\t\t\t<div class=\"elementor-element elementor-element-2290578 elementor-widget elementor-widget-text-editor\" data-id=\"2290578\" data-element_type=\"widget\" data-e-type=\"widget\" data-widget_type=\"text-editor.default\">\n\t\t\t\t\t\t\t\t\t<p><strong>Calamaro Baby<\/strong> \u00e8 stato creato con una visione chiara: introdurre sul mercato una collezione di <strong>moda infantile<\/strong> che offra la possibilit\u00e0 di <strong>vestire i pi\u00f9 piccoli <\/strong>con capi allo stesso tempo confortevoli e versatili, stabilendo al contempo standard di <strong>qualit\u00e0 eccezionali<\/strong>. I vestiti Calamaro sono accuratamente progettati e <strong>realizzati in Spagna<\/strong>, seguendo <strong>metodi artigianali <\/strong>che pongono grande attenzione ai minimi dettagli. <br><span style=\"font-size: 16px; text-align: var(--text-align); letter-spacing: 0.4px;\">Calamaro <strong>veste con eleganza<\/strong> i neonati, maschi e femmine, privilegiando uno stile classico, confortevole e contemporaneo. Le loro creazioni sono versatili, combinando design e morbidezza, realizzate con amore e dedizione. I <strong>tessuti di qualit\u00e0, morbidi e confortevoli<\/strong>, completano i capi, mentre i colori pastello, le fantasie e le combinazioni monocromatiche arricchiscono gli intramontabili capi tinta unita. Ogni pezzo \u00e8 caratterizzato da <strong>finiture impeccabili<\/strong>.   <\/span><\/p>\t\t\t\t\t\t\t\t<\/div>\n\t\t\t\t\t<\/div>\n\t\t\t\t<\/div>\n\t\t<div class=\"elementor-element elementor-element-b554fe5 e-flex e-con-boxed e-con e-parent\" data-id=\"b554fe5\" data-element_type=\"container\" data-e-type=\"container\">\n\t\t\t\t\t<div class=\"e-con-inner\">\n\t\t<div class=\"elementor-element elementor-element-0c29ec0 e-con-full e-flex e-con e-child\" data-id=\"0c29ec0\" data-element_type=\"container\" data-e-type=\"container\">\n\t\t\t\t<\/div>\n\t\t\t\t<div class=\"elementor-element elementor-element-a153e5c elementor-widget__width-initial elementor-widget elementor-widget-text-editor\" data-id=\"a153e5c\" data-element_type=\"widget\" data-e-type=\"widget\" data-widget_type=\"text-editor.default\">\n\t\t\t\t\t\t\t\t\t<h2 data-start=\"34\" data-end=\"389\">Abbigliamento per neonati in tessuti naturali &#8211; Comfort e qualit\u00e0 in Spagna<\/h2>\t\t\t\t\t\t\t\t<\/div>\n\t\t\t\t\t<\/div>\n\t\t\t\t<\/div>\n\t\t<div class=\"elementor-element elementor-element-e915d53 e-flex e-con-boxed e-con e-parent\" data-id=\"e915d53\" data-element_type=\"container\" data-e-type=\"container\">\n\t\t\t\t\t<div class=\"e-con-inner\">\n\t\t<div class=\"elementor-element elementor-element-65e4ca0 e-con-full e-flex e-con e-child\" data-id=\"65e4ca0\" data-element_type=\"container\" data-e-type=\"container\">\n\t\t\t\t<div class=\"elementor-element elementor-element-97da366 elementor-widget elementor-widget-image\" data-id=\"97da366\" data-element_type=\"widget\" data-e-type=\"widget\" data-widget_type=\"image.default\">\n\t\t\t\t\t\t\t\t\t\t\t\t\t\t\t<img decoding=\"async\" width=\"300\" height=\"123\" src=\"https:\/\/voyagedelabaleine.fr\/wp-content\/uploads\/2024\/01\/Logo-Babidu-300x123.webp\" class=\"attachment-medium size-medium wp-image-28074\" alt=\"Logo Babidu\" srcset=\"https:\/\/voyagedelabaleine.fr\/wp-content\/uploads\/2024\/01\/Logo-Babidu-300x123.webp 300w, https:\/\/voyagedelabaleine.fr\/wp-content\/uploads\/2024\/01\/Logo-Babidu.webp 350w\" sizes=\"(max-width: 300px) 100vw, 300px\" \/>\t\t\t\t\t\t\t\t\t\t\t\t\t\t\t<\/div>\n\t\t\t\t<\/div>\n\t\t\t\t<div class=\"elementor-element elementor-element-3976787 elementor-widget elementor-widget-text-editor\" data-id=\"3976787\" data-element_type=\"widget\" data-e-type=\"widget\" data-widget_type=\"text-editor.default\">\n\t\t\t\t\t\t\t\t\t<p>100% morbidezza e comfort, il marchio <strong>Babidu<\/strong> \u00e8 stato ideato dalla creatrice sivigliana Eva Rodriguez, forte di oltre 25 anni di esperienza nella progettazione di <strong>articoli per bambini<\/strong>. Dotata di uno spirito innovativo e all\u2019avanguardia, la designer realizza <strong>capi di alta qualit\u00e0<\/strong>, confortevoli e sicuri per i pi\u00f9 piccoli. Babidu incarna la sua passione per i tessuti naturali, i pezzi delicati e l\u2019eleganza.   <br><span style=\"font-family: Barlow, sans-serif; font-size: 16px; font-style: normal; font-variant-ligatures: normal; font-variant-caps: normal; font-weight: 400; letter-spacing: 0.4px; text-align: var(--text-align);\">Tutte le creazioni di Babidu sono realizzate in Spagna con tessuti della massima qualit\u00e0, curando ogni dettaglio: pizzi 100% cotone, bottoni in madreperla, <strong>ricami delicati<\/strong>, tessuti morbidi e finiture impeccabili.<\/span><\/p>\t\t\t\t\t\t\t\t<\/div>\n\t\t\t\t\t<\/div>\n\t\t\t\t<\/div>\n\t\t<div class=\"elementor-element elementor-element-d6fbe47 e-flex e-con-boxed e-con e-parent\" data-id=\"d6fbe47\" data-element_type=\"container\" data-e-type=\"container\">\n\t\t\t\t\t<div class=\"e-con-inner\">\n\t\t<div class=\"elementor-element elementor-element-0cc0a32 e-con-full e-flex e-con e-child\" data-id=\"0cc0a32\" data-element_type=\"container\" data-e-type=\"container\">\n\t\t\t\t<\/div>\n\t\t\t\t<div class=\"elementor-element elementor-element-27ffe90 elementor-widget__width-initial elementor-widget elementor-widget-text-editor\" data-id=\"27ffe90\" data-element_type=\"widget\" data-e-type=\"widget\" data-widget_type=\"text-editor.default\">\n\t\t\t\t\t\t\t\t\t<h2 data-start=\"34\" data-end=\"389\">Articoli per la prima infanzia spagnoli &#8211; Moda per neonati e comfort di qualit\u00e0<\/h2>\t\t\t\t\t\t\t\t<\/div>\n\t\t\t\t\t<\/div>\n\t\t\t\t<\/div>\n\t\t<div class=\"elementor-element elementor-element-92bf8f3 e-flex e-con-boxed e-con e-parent\" data-id=\"92bf8f3\" data-element_type=\"container\" data-e-type=\"container\">\n\t\t\t\t\t<div class=\"e-con-inner\">\n\t\t<div class=\"elementor-element elementor-element-5050f93 e-con-full e-flex e-con e-child\" data-id=\"5050f93\" data-element_type=\"container\" data-e-type=\"container\">\n\t\t\t\t<div class=\"elementor-element elementor-element-52453de elementor-widget elementor-widget-image\" data-id=\"52453de\" data-element_type=\"widget\" data-e-type=\"widget\" data-widget_type=\"image.default\">\n\t\t\t\t\t\t\t\t\t\t\t\t\t\t\t<img decoding=\"async\" width=\"276\" height=\"183\" src=\"https:\/\/voyagedelabaleine.fr\/wp-content\/uploads\/2024\/01\/Logo-Cambrass.webp\" class=\"attachment-medium size-medium wp-image-28075\" alt=\"Logo Cambrass\" \/>\t\t\t\t\t\t\t\t\t\t\t\t\t\t\t<\/div>\n\t\t\t\t<\/div>\n\t\t\t\t<div class=\"elementor-element elementor-element-83589cb elementor-widget elementor-widget-text-editor\" data-id=\"83589cb\" data-element_type=\"widget\" data-e-type=\"widget\" data-widget_type=\"text-editor.default\">\n\t\t\t\t\t\t\t\t\t<p>Con oltre 30 anni di impegno, <strong>Cambrass <\/strong>eccelle nella produzione di articoli tessili dedicati alla prima infanzia, dai <strong>body<\/strong> ai<strong> pigiami,<\/strong> passando per borse e mobili, tutti orgogliosamente realizzati in <strong>Spagna<\/strong>. Ogni pezzo riflette un savoir-faire eccezionale, armonizzando comfort ed estetica per rispondere alle esigenze dei pi\u00f9 piccoli. Cambrass celebra l\u2019arte di creare articoli di qualit\u00e0, plasmando cos\u00ec l\u2019universo dolce e sicuro dei neonati.  <\/p>\t\t\t\t\t\t\t\t<\/div>\n\t\t\t\t\t<\/div>\n\t\t\t\t<\/div>\n\t\t<div class=\"elementor-element elementor-element-621c914 e-flex e-con-boxed e-con e-parent\" data-id=\"621c914\" data-element_type=\"container\" data-e-type=\"container\">\n\t\t\t\t\t<div class=\"e-con-inner\">\n\t\t<div class=\"elementor-element elementor-element-b10ed6d e-con-full e-flex e-con e-child\" data-id=\"b10ed6d\" data-element_type=\"container\" data-e-type=\"container\">\n\t\t\t\t<\/div>\n\t\t\t\t<div class=\"elementor-element elementor-element-e3a56fa elementor-widget__width-initial elementor-widget elementor-widget-text-editor\" data-id=\"e3a56fa\" data-element_type=\"widget\" data-e-type=\"widget\" data-widget_type=\"text-editor.default\">\n\t\t\t\t\t\t\t\t\t<h2 data-start=\"34\" data-end=\"389\">Scarpe per neonati in Spagna \u2013 Qualit\u00e0 e comfort per i primi passi<\/h2>\t\t\t\t\t\t\t\t<\/div>\n\t\t\t\t\t<\/div>\n\t\t\t\t<\/div>\n\t\t<div class=\"elementor-element elementor-element-fe79b22 e-flex e-con-boxed e-con e-parent\" data-id=\"fe79b22\" data-element_type=\"container\" data-e-type=\"container\">\n\t\t\t\t\t<div class=\"e-con-inner\">\n\t\t<div class=\"elementor-element elementor-element-0af5fce e-con-full e-flex e-con e-child\" data-id=\"0af5fce\" data-element_type=\"container\" data-e-type=\"container\">\n\t\t\t\t<div class=\"elementor-element elementor-element-d8da47f elementor-widget elementor-widget-image\" data-id=\"d8da47f\" data-element_type=\"widget\" data-e-type=\"widget\" data-widget_type=\"image.default\">\n\t\t\t\t\t\t\t\t\t\t\t\t\t\t\t<img decoding=\"async\" width=\"300\" height=\"101\" src=\"https:\/\/voyagedelabaleine.fr\/wp-content\/uploads\/2024\/01\/Logo-Cuquito-300x101.webp\" class=\"attachment-medium size-medium wp-image-28076\" alt=\"Logo Cuquito\" srcset=\"https:\/\/voyagedelabaleine.fr\/wp-content\/uploads\/2024\/01\/Logo-Cuquito-300x101.webp 300w, https:\/\/voyagedelabaleine.fr\/wp-content\/uploads\/2024\/01\/Logo-Cuquito.webp 386w\" sizes=\"(max-width: 300px) 100vw, 300px\" \/>\t\t\t\t\t\t\t\t\t\t\t\t\t\t\t<\/div>\n\t\t\t\t<\/div>\n\t\t\t\t<div class=\"elementor-element elementor-element-fe2dd91 elementor-widget elementor-widget-text-editor\" data-id=\"fe2dd91\" data-element_type=\"widget\" data-e-type=\"widget\" data-widget_type=\"text-editor.default\">\n\t\t\t\t\t\t\t\t\t<p><strong>Cuquito <\/strong>rappresenta l\u2019eccellenza delle <strong>scarpe per neonati prodotte in Spagna.<\/strong> Questo rinomato marchio nel settore delle calzature per bambini si distingue per l\u2019impegno verso <strong>qualit\u00e0, comfort e stile<\/strong>. Ogni paio di scarpe Cuquito \u00e8 frutto di un savoir-faire eccezionale, offrendo ai pi\u00f9 piccoli un\u2019esperienza di camminata che coniuga <strong>stile e benessere<\/strong>. Per Cuquito, la produzione spagnola significa cura meticolosa dei dettagli, <strong>materiali di prima qualit\u00e0<\/strong> e design innovativi, rendendo ogni paio una perfetta fusione di praticit\u00e0 ed estetica per accompagnare i primi passi di ogni bambino.   <\/p>\t\t\t\t\t\t\t\t<\/div>\n\t\t\t\t\t<\/div>\n\t\t\t\t<\/div>\n\t\t<div class=\"elementor-element elementor-element-834186f e-flex e-con-boxed e-con e-parent\" data-id=\"834186f\" data-element_type=\"container\" data-e-type=\"container\">\n\t\t\t\t\t<div class=\"e-con-inner\">\n\t\t<div class=\"elementor-element elementor-element-8e42b6f e-con-full e-flex e-con e-child\" data-id=\"8e42b6f\" data-element_type=\"container\" data-e-type=\"container\">\n\t\t\t\t<\/div>\n\t\t\t\t<div class=\"elementor-element elementor-element-25a14a8 elementor-widget__width-initial elementor-widget elementor-widget-text-editor\" data-id=\"25a14a8\" data-element_type=\"widget\" data-e-type=\"widget\" data-widget_type=\"text-editor.default\">\n\t\t\t\t\t\t\t\t\t<h2 data-start=\"34\" data-end=\"389\">Calze e collant per bambini &#8211; Produzione spagnola dal 1898<\/h2>\t\t\t\t\t\t\t\t<\/div>\n\t\t\t\t\t<\/div>\n\t\t\t\t<\/div>\n\t\t<div class=\"elementor-element elementor-element-e288cbe e-flex e-con-boxed e-con e-parent\" data-id=\"e288cbe\" data-element_type=\"container\" data-e-type=\"container\">\n\t\t\t\t\t<div class=\"e-con-inner\">\n\t\t<div class=\"elementor-element elementor-element-216f7f9 e-con-full e-flex e-con e-child\" data-id=\"216f7f9\" data-element_type=\"container\" data-e-type=\"container\">\n\t\t\t\t<div class=\"elementor-element elementor-element-946fee4 elementor-widget elementor-widget-image\" data-id=\"946fee4\" data-element_type=\"widget\" data-e-type=\"widget\" data-widget_type=\"image.default\">\n\t\t\t\t\t\t\t\t\t\t\t\t\t\t\t<img decoding=\"async\" width=\"300\" height=\"99\" src=\"https:\/\/voyagedelabaleine.fr\/wp-content\/uploads\/2024\/01\/Logo-Condor-300x99.webp\" class=\"attachment-medium size-medium wp-image-28077\" alt=\"Logo Condor\" srcset=\"https:\/\/voyagedelabaleine.fr\/wp-content\/uploads\/2024\/01\/Logo-Condor-300x99.webp 300w, https:\/\/voyagedelabaleine.fr\/wp-content\/uploads\/2024\/01\/Logo-Condor.webp 391w\" sizes=\"(max-width: 300px) 100vw, 300px\" \/>\t\t\t\t\t\t\t\t\t\t\t\t\t\t\t<\/div>\n\t\t\t\t<\/div>\n\t\t\t\t<div class=\"elementor-element elementor-element-00b670f elementor-widget elementor-widget-text-editor\" data-id=\"00b670f\" data-element_type=\"widget\" data-e-type=\"widget\" data-widget_type=\"text-editor.default\">\n\t\t\t\t\t\t\t\t\t<p>Dal 1898, <strong>C\u00f3ndor<\/strong> eccelle nella produzione di <strong>calze e collant per neonati e bambini<\/strong>. Forte del suo patrimonio secolare, il marchio rappresenta una tradizione di eccellenza e innovazione nel settore tessile per i pi\u00f9 piccoli. Da C\u00f3ndor, ogni paio di calze e collant \u00e8 frutto di un <strong>savoir-faire eccezionale<\/strong>, offrendo <strong>qualit\u00e0, comfort e stile <\/strong>per accompagnare i bambini in ogni fase della loro crescita. Con un impegno costante verso la soddisfazione dei clienti, C\u00f3ndor continua a scrivere la sua storia nel mondo della <strong>moda infantile<\/strong>, proponendo prodotti senza tempo e di alta qualit\u00e0.   <\/p>\t\t\t\t\t\t\t\t<\/div>\n\t\t\t\t\t<\/div>\n\t\t\t\t<\/div>\n\t\t<div class=\"elementor-element elementor-element-f07be4d e-flex e-con-boxed e-con e-parent\" data-id=\"f07be4d\" data-element_type=\"container\" data-e-type=\"container\">\n\t\t\t\t\t<div class=\"e-con-inner\">\n\t\t<div class=\"elementor-element elementor-element-8620f05 e-con-full e-flex e-con e-child\" data-id=\"8620f05\" data-element_type=\"container\" data-e-type=\"container\">\n\t\t\t\t<\/div>\n\t\t\t\t<div class=\"elementor-element elementor-element-e7f7e46 elementor-widget__width-initial elementor-widget elementor-widget-text-editor\" data-id=\"e7f7e46\" data-element_type=\"widget\" data-e-type=\"widget\" data-widget_type=\"text-editor.default\">\n\t\t\t\t\t\t\t\t\t<h2 data-start=\"34\" data-end=\"389\">Abbigliamento elegante per bambini prodotto in Spagna \u2013 Moda senza tempo e artigianale dal 1970<\/h2>\t\t\t\t\t\t\t\t<\/div>\n\t\t\t\t\t<\/div>\n\t\t\t\t<\/div>\n\t\t<div class=\"elementor-element elementor-element-7658f23 e-flex e-con-boxed e-con e-parent\" data-id=\"7658f23\" data-element_type=\"container\" data-e-type=\"container\">\n\t\t\t\t\t<div class=\"e-con-inner\">\n\t\t<div class=\"elementor-element elementor-element-423733b e-con-full e-flex e-con e-child\" data-id=\"423733b\" data-element_type=\"container\" data-e-type=\"container\">\n\t\t\t\t<div class=\"elementor-element elementor-element-4933c6f elementor-widget elementor-widget-image\" data-id=\"4933c6f\" data-element_type=\"widget\" data-e-type=\"widget\" data-widget_type=\"image.default\">\n\t\t\t\t\t\t\t\t\t\t\t\t\t\t\t<img decoding=\"async\" width=\"300\" height=\"300\" src=\"https:\/\/voyagedelabaleine.fr\/wp-content\/uploads\/2025\/03\/Logo-Paz-Rodriguez-300x300.jpg\" class=\"attachment-medium size-medium wp-image-28078\" alt=\"\" srcset=\"https:\/\/voyagedelabaleine.fr\/wp-content\/uploads\/2025\/03\/Logo-Paz-Rodriguez-300x300.jpg 300w, https:\/\/voyagedelabaleine.fr\/wp-content\/uploads\/2025\/03\/Logo-Paz-Rodriguez-150x150.jpg 150w, https:\/\/voyagedelabaleine.fr\/wp-content\/uploads\/2025\/03\/Logo-Paz-Rodriguez-100x100.jpg 100w, https:\/\/voyagedelabaleine.fr\/wp-content\/uploads\/2025\/03\/Logo-Paz-Rodriguez.jpg 400w\" sizes=\"(max-width: 300px) 100vw, 300px\" \/>\t\t\t\t\t\t\t\t\t\t\t\t\t\t\t<\/div>\n\t\t\t\t<\/div>\n\t\t\t\t<div class=\"elementor-element elementor-element-c77d579 elementor-widget elementor-widget-text-editor\" data-id=\"c77d579\" data-element_type=\"widget\" data-e-type=\"widget\" data-widget_type=\"text-editor.default\">\n\t\t\t\t\t\t\t\t\t<p><strong>PAZ Rodr\u00edguez<\/strong> immagina e realizza <strong>abiti per bambini<\/strong> dallo stile delicato e senza tempo, unendo tradizione e innovazione. Da oltre 50 anni, il marchio si impegna a preservare l\u2019<strong>artigianato tradizionale<\/strong> integrando al contempo tecniche moderne per garantire creazioni di qualit\u00e0 impeccabile. <strong>Prodotte in Spagna<\/strong>, le sue collezioni si distinguono per materiali pregiati, dettagli raffinati e motivi esclusivi a maglia. Ogni capo riflette l\u2019impegno del marchio per una <strong>moda elegante e duratura<\/strong>, pensata con cura per il benessere dei pi\u00f9 piccoli.  <\/p>\t\t\t\t\t\t\t\t<\/div>\n\t\t\t\t\t<\/div>\n\t\t\t\t<\/div>\n\t\t<div class=\"elementor-element elementor-element-32b4786 e-flex e-con-boxed e-con e-parent\" data-id=\"32b4786\" data-element_type=\"container\" data-e-type=\"container\">\n\t\t\t\t\t<div class=\"e-con-inner\">\n\t\t<div class=\"elementor-element elementor-element-0756476 e-con-full e-flex e-con e-child\" data-id=\"0756476\" data-element_type=\"container\" data-e-type=\"container\">\n\t\t\t\t<div class=\"elementor-element elementor-element-bec25cf elementor-align-center elementor-widget elementor-widget-button\" data-id=\"bec25cf\" data-element_type=\"widget\" data-e-type=\"widget\" data-widget_type=\"button.default\">\n\t\t\t\t\t\t\t\t\t\t<a class=\"elementor-button elementor-button-link elementor-size-sm\" href=\"https:\/\/voyagedelabaleine.fr\/vetements-raffines-pour-bebes\/\">\n\t\t\t\t\t\t<span class=\"elementor-button-content-wrapper\">\n\t\t\t\t\t\t\t\t\t<span class=\"elementor-button-text\">Esplora le nostre collezioni<\/span>\n\t\t\t\t\t<\/span>\n\t\t\t\t\t<\/a>\n\t\t\t\t\t\t\t\t<\/div>\n\t\t\t\t<\/div>\n\t\t\t\t\t<\/div>\n\t\t\t\t<\/div>\n\t\t\t\t<\/div>\n\t\t","protected":false},"excerpt":{"rendered":"<p>Ogni marchio ha la sua specialit\u00e0. Attribuiamo grande importanza a selezionare per voi i produttori pi\u00f9 adatti a ogni categoria di abbigliamento. Tutti gli abiti per neonati e bambini presentati nel nostro negozio online sono realizzati con cura in Europa: in Spagna, Portogallo e Irlanda. Abbigliamento per bambini di alta gamma &#8211; Eleganza e qualit\u00e0 [&hellip;]<\/p>\n","protected":false},"author":222595022,"featured_media":0,"parent":0,"menu_order":0,"comment_status":"closed","ping_status":"closed","template":"","meta":{"ocean_post_layout":"","ocean_both_sidebars_style":"","ocean_both_sidebars_content_width":0,"ocean_both_sidebars_sidebars_width":0,"ocean_sidebar":"","ocean_second_sidebar":"","ocean_disable_margins":"enable","ocean_add_body_class":"","ocean_shortcode_before_top_bar":"","ocean_shortcode_after_top_bar":"","ocean_shortcode_before_header":"","ocean_shortcode_after_header":"","ocean_has_shortcode":"","ocean_shortcode_after_title":"","ocean_shortcode_before_footer_widgets":"","ocean_shortcode_after_footer_widgets":"","ocean_shortcode_before_footer_bottom":"","ocean_shortcode_after_footer_bottom":"","ocean_display_top_bar":"default","ocean_display_header":"default","ocean_header_style":"","ocean_center_header_left_menu":"","ocean_custom_header_template":"","ocean_custom_logo":0,"ocean_custom_retina_logo":0,"ocean_custom_logo_max_width":0,"ocean_custom_logo_tablet_max_width":0,"ocean_custom_logo_mobile_max_width":0,"ocean_custom_logo_max_height":0,"ocean_custom_logo_tablet_max_height":0,"ocean_custom_logo_mobile_max_height":0,"ocean_header_custom_menu":"","ocean_menu_typo_font_family":"","ocean_menu_typo_font_subset":"","ocean_menu_typo_font_size":0,"ocean_menu_typo_font_size_tablet":0,"ocean_menu_typo_font_size_mobile":0,"ocean_menu_typo_font_size_unit":"px","ocean_menu_typo_font_weight":"","ocean_menu_typo_font_weight_tablet":"","ocean_menu_typo_font_weight_mobile":"","ocean_menu_typo_transform":"","ocean_menu_typo_transform_tablet":"","ocean_menu_typo_transform_mobile":"","ocean_menu_typo_line_height":0,"ocean_menu_typo_line_height_tablet":0,"ocean_menu_typo_line_height_mobile":0,"ocean_menu_typo_line_height_unit":"","ocean_menu_typo_spacing":0,"ocean_menu_typo_spacing_tablet":0,"ocean_menu_typo_spacing_mobile":0,"ocean_menu_typo_spacing_unit":"","ocean_menu_link_color":"","ocean_menu_link_color_hover":"","ocean_menu_link_color_active":"","ocean_menu_link_background":"","ocean_menu_link_hover_background":"","ocean_menu_link_active_background":"","ocean_menu_social_links_bg":"","ocean_menu_social_hover_links_bg":"","ocean_menu_social_links_color":"","ocean_menu_social_hover_links_color":"","ocean_disable_title":"default","ocean_disable_heading":"default","ocean_post_title":"","ocean_post_subheading":"","ocean_post_title_style":"","ocean_post_title_background_color":"","ocean_post_title_background":0,"ocean_post_title_bg_image_position":"","ocean_post_title_bg_image_attachment":"","ocean_post_title_bg_image_repeat":"","ocean_post_title_bg_image_size":"","ocean_post_title_height":0,"ocean_post_title_bg_overlay":0.5,"ocean_post_title_bg_overlay_color":"","ocean_disable_breadcrumbs":"default","ocean_breadcrumbs_color":"","ocean_breadcrumbs_separator_color":"","ocean_breadcrumbs_links_color":"","ocean_breadcrumbs_links_hover_color":"","ocean_display_footer_widgets":"default","ocean_display_footer_bottom":"default","ocean_custom_footer_template":"","osh_disable_topbar_sticky":"default","osh_disable_header_sticky":"default","osh_sticky_header_style":"default","osh_sticky_header_effect":"","osh_custom_sticky_logo":0,"osh_custom_retina_sticky_logo":0,"osh_custom_sticky_logo_height":0,"osh_background_color":"","osh_links_color":"","osh_links_hover_color":"","osh_links_active_color":"","osh_links_bg_color":"","osh_links_hover_bg_color":"","osh_links_active_bg_color":"","osh_menu_social_links_color":"","osh_menu_social_hover_links_color":"","footnotes":""},"class_list":["post-28079","page","type-page","status-publish","hentry","entry","owp-thumbs-layout-vertical","owp-btn-big","owp-tabs-layout-vertical","has-no-thumbnails","circle-sale"],"yoast_head":"<!-- This site is optimized with the Yoast SEO plugin v27.1.1 - https:\/\/yoast.com\/product\/yoast-seo-wordpress\/ -->\n<title>I nostri marchi - Voyage de la Baleine<\/title>\n<meta name=\"description\" content=\"Scoprite i marchi che abbiamo selezionato con cura, poich\u00e9 riflettono l\u2019universo di &quot;Voyage de la Baleine&quot;.\" \/>\n<meta name=\"robots\" content=\"index, follow, max-snippet:-1, max-image-preview:large, max-video-preview:-1\" \/>\n<link rel=\"canonical\" href=\"https:\/\/voyagedelabaleine.fr\/it\/i-nostri-marchi\/\" \/>\n<meta property=\"og:locale\" content=\"it_IT\" \/>\n<meta property=\"og:type\" content=\"article\" \/>\n<meta property=\"og:title\" content=\"I nostri marchi - Voyage de la Baleine\" \/>\n<meta property=\"og:description\" content=\"Scoprite i marchi che abbiamo selezionato con cura, poich\u00e9 riflettono l\u2019universo di &quot;Voyage de la Baleine&quot;.\" \/>\n<meta property=\"og:url\" content=\"https:\/\/voyagedelabaleine.fr\/it\/i-nostri-marchi\/\" \/>\n<meta property=\"og:site_name\" content=\"Voyage de la Baleine\" \/>\n<meta property=\"article:publisher\" content=\"https:\/\/www.facebook.com\/voyagedelabaleine\/\" \/>\n<meta property=\"article:modified_time\" content=\"2026-01-12T09:54:05+00:00\" \/>\n<meta property=\"og:image\" content=\"https:\/\/voyagedelabaleine.fr\/wp-content\/uploads\/2025\/03\/drapeaux.ordi_-scaled.jpg\" \/>\n\t<meta property=\"og:image:width\" content=\"2048\" \/>\n\t<meta property=\"og:image:height\" content=\"395\" \/>\n\t<meta property=\"og:image:type\" content=\"image\/jpeg\" \/>\n<meta name=\"twitter:card\" content=\"summary_large_image\" \/>\n<meta name=\"twitter:label1\" content=\"Tempo di lettura stimato\" \/>\n\t<meta name=\"twitter:data1\" content=\"7 minuto\" \/>\n<script type=\"application\/ld+json\" class=\"yoast-schema-graph\">{\"@context\":\"https:\/\/schema.org\",\"@graph\":[{\"@type\":\"WebPage\",\"@id\":\"https:\/\/voyagedelabaleine.fr\/it\/i-nostri-marchi\/\",\"url\":\"https:\/\/voyagedelabaleine.fr\/it\/i-nostri-marchi\/\",\"name\":\"I nostri marchi - Voyage de la Baleine\",\"isPartOf\":{\"@id\":\"https:\/\/voyagedelabaleine.fr\/it\/#website\"},\"primaryImageOfPage\":{\"@id\":\"https:\/\/voyagedelabaleine.fr\/it\/i-nostri-marchi\/#primaryimage\"},\"image\":{\"@id\":\"https:\/\/voyagedelabaleine.fr\/it\/i-nostri-marchi\/#primaryimage\"},\"thumbnailUrl\":\"https:\/\/voyagedelabaleine.fr\/wp-content\/uploads\/2025\/03\/drapeaux.ordi_-scaled-1024x198.jpg\",\"datePublished\":\"2022-06-22T19:27:39+00:00\",\"dateModified\":\"2026-01-12T09:54:05+00:00\",\"description\":\"Scoprite i marchi che abbiamo selezionato con cura, poich\u00e9 riflettono l\u2019universo di \\\"Voyage de la Baleine\\\".\",\"breadcrumb\":{\"@id\":\"https:\/\/voyagedelabaleine.fr\/it\/i-nostri-marchi\/#breadcrumb\"},\"inLanguage\":\"it-IT\",\"potentialAction\":[{\"@type\":\"ReadAction\",\"target\":[\"https:\/\/voyagedelabaleine.fr\/it\/i-nostri-marchi\/\"]}]},{\"@type\":\"ImageObject\",\"inLanguage\":\"it-IT\",\"@id\":\"https:\/\/voyagedelabaleine.fr\/it\/i-nostri-marchi\/#primaryimage\",\"url\":\"https:\/\/voyagedelabaleine.fr\/wp-content\/uploads\/2025\/03\/drapeaux.ordi_-scaled-1024x198.jpg\",\"contentUrl\":\"https:\/\/voyagedelabaleine.fr\/wp-content\/uploads\/2025\/03\/drapeaux.ordi_-scaled-1024x198.jpg\"},{\"@type\":\"BreadcrumbList\",\"@id\":\"https:\/\/voyagedelabaleine.fr\/it\/i-nostri-marchi\/#breadcrumb\",\"itemListElement\":[{\"@type\":\"ListItem\",\"position\":1,\"name\":\"Accueil\",\"item\":\"https:\/\/voyagedelabaleine.fr\/it\/homepage\/\"},{\"@type\":\"ListItem\",\"position\":2,\"name\":\"I nostri marchi\"}]},{\"@type\":\"WebSite\",\"@id\":\"https:\/\/voyagedelabaleine.fr\/it\/#website\",\"url\":\"https:\/\/voyagedelabaleine.fr\/it\/\",\"name\":\"Voyage de la Baleine\",\"description\":\"V\u00eatements intemporels et raffin\u00e9s pour b\u00e9b\u00e9s et enfants\",\"publisher\":{\"@id\":\"https:\/\/voyagedelabaleine.fr\/it\/#organization\"},\"potentialAction\":[{\"@type\":\"SearchAction\",\"target\":{\"@type\":\"EntryPoint\",\"urlTemplate\":\"https:\/\/voyagedelabaleine.fr\/it\/?s={search_term_string}\"},\"query-input\":{\"@type\":\"PropertyValueSpecification\",\"valueRequired\":true,\"valueName\":\"search_term_string\"}}],\"inLanguage\":\"it-IT\"},{\"@type\":\"Organization\",\"@id\":\"https:\/\/voyagedelabaleine.fr\/it\/#organization\",\"name\":\"Voyage de la Baleine\",\"url\":\"https:\/\/voyagedelabaleine.fr\/it\/\",\"logo\":{\"@type\":\"ImageObject\",\"inLanguage\":\"it-IT\",\"@id\":\"https:\/\/voyagedelabaleine.fr\/it\/#\/schema\/logo\/image\/\",\"url\":\"https:\/\/voyagedelabaleine.fr\/wp-content\/uploads\/2025\/06\/logo.webp\",\"contentUrl\":\"https:\/\/voyagedelabaleine.fr\/wp-content\/uploads\/2025\/06\/logo.webp\",\"width\":153,\"height\":64,\"caption\":\"Voyage de la Baleine\"},\"image\":{\"@id\":\"https:\/\/voyagedelabaleine.fr\/it\/#\/schema\/logo\/image\/\"},\"sameAs\":[\"https:\/\/www.facebook.com\/voyagedelabaleine\/\",\"https:\/\/www.instagram.com\/voyagedelabaleine\/\",\"https:\/\/www.pinterest.fr\/Voyagedelabaleine\/\"]}]}<\/script>\n<!-- \/ Yoast SEO plugin. -->","yoast_head_json":{"title":"I nostri marchi - Voyage de la Baleine","description":"Scoprite i marchi che abbiamo selezionato con cura, poich\u00e9 riflettono l\u2019universo di \"Voyage de la Baleine\".","robots":{"index":"index","follow":"follow","max-snippet":"max-snippet:-1","max-image-preview":"max-image-preview:large","max-video-preview":"max-video-preview:-1"},"canonical":"https:\/\/voyagedelabaleine.fr\/it\/i-nostri-marchi\/","og_locale":"it_IT","og_type":"article","og_title":"I nostri marchi - Voyage de la Baleine","og_description":"Scoprite i marchi che abbiamo selezionato con cura, poich\u00e9 riflettono l\u2019universo di \"Voyage de la Baleine\".","og_url":"https:\/\/voyagedelabaleine.fr\/it\/i-nostri-marchi\/","og_site_name":"Voyage de la Baleine","article_publisher":"https:\/\/www.facebook.com\/voyagedelabaleine\/","article_modified_time":"2026-01-12T09:54:05+00:00","og_image":[{"width":2048,"height":395,"url":"https:\/\/voyagedelabaleine.fr\/wp-content\/uploads\/2025\/03\/drapeaux.ordi_-scaled.jpg","type":"image\/jpeg"}],"twitter_card":"summary_large_image","twitter_misc":{"Tempo di lettura stimato":"7 minuto"},"schema":{"@context":"https:\/\/schema.org","@graph":[{"@type":"WebPage","@id":"https:\/\/voyagedelabaleine.fr\/it\/i-nostri-marchi\/","url":"https:\/\/voyagedelabaleine.fr\/it\/i-nostri-marchi\/","name":"I nostri marchi - Voyage de la Baleine","isPartOf":{"@id":"https:\/\/voyagedelabaleine.fr\/it\/#website"},"primaryImageOfPage":{"@id":"https:\/\/voyagedelabaleine.fr\/it\/i-nostri-marchi\/#primaryimage"},"image":{"@id":"https:\/\/voyagedelabaleine.fr\/it\/i-nostri-marchi\/#primaryimage"},"thumbnailUrl":"https:\/\/voyagedelabaleine.fr\/wp-content\/uploads\/2025\/03\/drapeaux.ordi_-scaled-1024x198.jpg","datePublished":"2022-06-22T19:27:39+00:00","dateModified":"2026-01-12T09:54:05+00:00","description":"Scoprite i marchi che abbiamo selezionato con cura, poich\u00e9 riflettono l\u2019universo di \"Voyage de la Baleine\".","breadcrumb":{"@id":"https:\/\/voyagedelabaleine.fr\/it\/i-nostri-marchi\/#breadcrumb"},"inLanguage":"it-IT","potentialAction":[{"@type":"ReadAction","target":["https:\/\/voyagedelabaleine.fr\/it\/i-nostri-marchi\/"]}]},{"@type":"ImageObject","inLanguage":"it-IT","@id":"https:\/\/voyagedelabaleine.fr\/it\/i-nostri-marchi\/#primaryimage","url":"https:\/\/voyagedelabaleine.fr\/wp-content\/uploads\/2025\/03\/drapeaux.ordi_-scaled-1024x198.jpg","contentUrl":"https:\/\/voyagedelabaleine.fr\/wp-content\/uploads\/2025\/03\/drapeaux.ordi_-scaled-1024x198.jpg"},{"@type":"BreadcrumbList","@id":"https:\/\/voyagedelabaleine.fr\/it\/i-nostri-marchi\/#breadcrumb","itemListElement":[{"@type":"ListItem","position":1,"name":"Accueil","item":"https:\/\/voyagedelabaleine.fr\/it\/homepage\/"},{"@type":"ListItem","position":2,"name":"I nostri marchi"}]},{"@type":"WebSite","@id":"https:\/\/voyagedelabaleine.fr\/it\/#website","url":"https:\/\/voyagedelabaleine.fr\/it\/","name":"Voyage de la Baleine","description":"V\u00eatements intemporels et raffin\u00e9s pour b\u00e9b\u00e9s et enfants","publisher":{"@id":"https:\/\/voyagedelabaleine.fr\/it\/#organization"},"potentialAction":[{"@type":"SearchAction","target":{"@type":"EntryPoint","urlTemplate":"https:\/\/voyagedelabaleine.fr\/it\/?s={search_term_string}"},"query-input":{"@type":"PropertyValueSpecification","valueRequired":true,"valueName":"search_term_string"}}],"inLanguage":"it-IT"},{"@type":"Organization","@id":"https:\/\/voyagedelabaleine.fr\/it\/#organization","name":"Voyage de la Baleine","url":"https:\/\/voyagedelabaleine.fr\/it\/","logo":{"@type":"ImageObject","inLanguage":"it-IT","@id":"https:\/\/voyagedelabaleine.fr\/it\/#\/schema\/logo\/image\/","url":"https:\/\/voyagedelabaleine.fr\/wp-content\/uploads\/2025\/06\/logo.webp","contentUrl":"https:\/\/voyagedelabaleine.fr\/wp-content\/uploads\/2025\/06\/logo.webp","width":153,"height":64,"caption":"Voyage de la Baleine"},"image":{"@id":"https:\/\/voyagedelabaleine.fr\/it\/#\/schema\/logo\/image\/"},"sameAs":["https:\/\/www.facebook.com\/voyagedelabaleine\/","https:\/\/www.instagram.com\/voyagedelabaleine\/","https:\/\/www.pinterest.fr\/Voyagedelabaleine\/"]}]}},"_links":{"self":[{"href":"https:\/\/voyagedelabaleine.fr\/it\/wp-json\/wp\/v2\/pages\/28079","targetHints":{"allow":["GET"]}}],"collection":[{"href":"https:\/\/voyagedelabaleine.fr\/it\/wp-json\/wp\/v2\/pages"}],"about":[{"href":"https:\/\/voyagedelabaleine.fr\/it\/wp-json\/wp\/v2\/types\/page"}],"author":[{"embeddable":true,"href":"https:\/\/voyagedelabaleine.fr\/it\/wp-json\/wp\/v2\/users\/222595022"}],"replies":[{"embeddable":true,"href":"https:\/\/voyagedelabaleine.fr\/it\/wp-json\/wp\/v2\/comments?post=28079"}],"version-history":[{"count":1,"href":"https:\/\/voyagedelabaleine.fr\/it\/wp-json\/wp\/v2\/pages\/28079\/revisions"}],"predecessor-version":[{"id":28080,"href":"https:\/\/voyagedelabaleine.fr\/it\/wp-json\/wp\/v2\/pages\/28079\/revisions\/28080"}],"wp:attachment":[{"href":"https:\/\/voyagedelabaleine.fr\/it\/wp-json\/wp\/v2\/media?parent=28079"}],"curies":[{"name":"wp","href":"https:\/\/api.w.org\/{rel}","templated":true}]}}