{"id":28098,"date":"2024-10-10T13:34:12","date_gmt":"2024-10-10T11:34:12","guid":{"rendered":"https:\/\/voyagedelabaleine.fr\/gli-abbinati\/"},"modified":"2026-03-20T18:17:44","modified_gmt":"2026-03-20T17:17:44","slug":"gli-abbinati","status":"publish","type":"page","link":"https:\/\/voyagedelabaleine.fr\/it\/gli-abbinati\/","title":{"rendered":"Gli abbinati"},"content":{"rendered":"\t\t<div data-elementor-type=\"wp-page\" data-elementor-id=\"28098\" class=\"elementor elementor-28098 elementor-12809\">\n\t\t\t\t<div class=\"elementor-element elementor-element-7a60d5b0 e-flex e-con-boxed e-con e-parent\" data-id=\"7a60d5b0\" data-element_type=\"container\" data-e-type=\"container\">\n\t\t\t\t\t<div class=\"e-con-inner\">\n\t\t\t\t<div class=\"elementor-element elementor-element-70314f10 elementor-widget elementor-widget-heading\" data-id=\"70314f10\" data-element_type=\"widget\" data-e-type=\"widget\" data-widget_type=\"heading.default\">\n\t\t\t\t\t<h2 class=\"elementor-heading-title elementor-size-default\">Abiti fratelli e sorelle: eleganza in duo<\/h2>\t\t\t\t<\/div>\n\t\t\t\t\t<\/div>\n\t\t\t\t<\/div>\n\t\t<div class=\"elementor-element elementor-element-55d72132 e-flex e-con-boxed e-con e-parent\" data-id=\"55d72132\" data-element_type=\"container\" data-e-type=\"container\">\n\t\t\t\t\t<div class=\"e-con-inner\">\n\t\t\t\t<div class=\"elementor-element elementor-element-72c97235 elementor-widget elementor-widget-text-editor\" data-id=\"72c97235\" data-element_type=\"widget\" data-e-type=\"widget\" data-widget_type=\"text-editor.default\">\n\t\t\t\t\t\t\t\t\t<p>Vestire i propri bambini con abiti coordinati significa giocare con l\u2019armonia e creare ricordi senza tempo. Da Voyage de la Baleine, proponiamo coordinati per tutta la famiglia, selezionando outfit eleganti per fratellini e sorelline! <\/p>\t\t\t\t\t\t\t\t<\/div>\n\t\t\t\t\t<\/div>\n\t\t\t\t<\/div>\n\t\t<div class=\"elementor-element elementor-element-6208dbf8 e-flex e-con-boxed e-con e-parent\" data-id=\"6208dbf8\" data-element_type=\"container\" data-e-type=\"container\">\n\t\t\t\t\t<div class=\"e-con-inner\">\n\t\t\t\t<div class=\"elementor-element elementor-element-12347b44 elementor-widget elementor-widget-heading\" data-id=\"12347b44\" data-element_type=\"widget\" data-e-type=\"widget\" data-widget_type=\"heading.default\">\n\t\t\t\t\t<h2 class=\"elementor-heading-title elementor-size-default\">Armonia perfetta: outfit coordinati per ogni momento<\/h2>\t\t\t\t<\/div>\n\t\t\t\t\t<\/div>\n\t\t\t\t<\/div>\n\t\t<div class=\"elementor-element elementor-element-2dfe0760 e-flex e-con-boxed e-con e-parent\" data-id=\"2dfe0760\" data-element_type=\"container\" data-e-type=\"container\">\n\t\t\t\t\t<div class=\"e-con-inner\">\n\t\t\t\t<div class=\"elementor-element elementor-element-5e7b0cbe elementor-widget elementor-widget-text-editor\" data-id=\"5e7b0cbe\" data-element_type=\"widget\" data-e-type=\"widget\" data-widget_type=\"text-editor.default\">\n\t\t\t\t\t\t\t\t\t<p>Abbinate gli outfit dei vostri bambini per ogni occasione speciale. I coordinati che vi proponiamo sono pensati per riflettere un\u2019eleganza dolce e senza tempo, garantendo al contempo un comfort assoluto.<br> <\/p><p style=\"text-align: left;\">Da Voyage de la Baleine, ci piace giocare con l\u2019idea di armonia negli outfit tra fratelli e sorelle. I coordinati familiari richiamano l\u2019autenticit\u00e0 delle tradizioni familiari, dove l\u2019eleganza si vive insieme. Abiti, camicie, maglioni o salopette: ogni capo \u00e8 pensato per creare una bella unit\u00e0 visiva, rispettando al contempo il comfort e la libert\u00e0 di movimento di ciascun bambino.  <\/p>\t\t\t\t\t\t\t\t<\/div>\n\t\t\t\t\t<\/div>\n\t\t\t\t<\/div>\n\t\t<div class=\"elementor-element elementor-element-18bc46d e-con-full e-flex e-con e-parent\" data-id=\"18bc46d\" data-element_type=\"container\" data-e-type=\"container\">\n\t\t\t\t<div class=\"elementor-element elementor-element-832041b elementor-widget-divider--separator-type-pattern elementor-widget-divider--view-line elementor-widget elementor-widget-divider\" data-id=\"832041b\" data-element_type=\"widget\" data-e-type=\"widget\" data-widget_type=\"divider.default\">\n\t\t\t\t\t\t\t<div class=\"elementor-divider\" style=\"--divider-pattern-url: url(&quot;data:image\/svg+xml,%3Csvg xmlns=&#039;http:\/\/www.w3.org\/2000\/svg&#039; preserveAspectRatio=&#039;none&#039; overflow=&#039;visible&#039; height=&#039;100%&#039; viewBox=&#039;0 0 24 24&#039; fill=&#039;black&#039; stroke=&#039;none&#039;%3E%3Cpath d=&#039;M12.7,2.3c-0.4-0.4-1.1-0.4-1.5,0l-8,9.1c-0.3,0.4-0.3,0.9,0,1.2l8,9.1c0.4,0.4,1.1,0.4,1.5,0l8-9.1c0.3-0.4,0.3-0.9,0-1.2L12.7,2.3z&#039;\/%3E%3C\/svg%3E&quot;);\">\n\t\t\t<span class=\"elementor-divider-separator\">\n\t\t\t\t\t\t<\/span>\n\t\t<\/div>\n\t\t\t\t\t\t<\/div>\n\t\t<div class=\"elementor-element elementor-element-a14eb78 e-grid e-con-full e-con e-child\" data-id=\"a14eb78\" data-element_type=\"container\" data-e-type=\"container\">\n\t\t<div class=\"elementor-element elementor-element-485a572 e-con-full e-flex e-con e-child\" data-id=\"485a572\" data-element_type=\"container\" data-e-type=\"container\">\n\t\t\t\t<div class=\"elementor-element elementor-element-61eba36 elementor-widget elementor-widget-heading\" data-id=\"61eba36\" data-element_type=\"widget\" data-e-type=\"widget\" data-widget_type=\"heading.default\">\n\t\t\t\t\t<h2 class=\"elementor-heading-title elementor-size-default\">Brezza marina<\/h2>\t\t\t\t<\/div>\n\t\t\t\t<\/div>\n\t\t\t\t<\/div>\n\t\t\t\t<\/div>\n\t\t<div class=\"elementor-element elementor-element-195658a e-con-full e-flex e-con e-parent\" data-id=\"195658a\" data-element_type=\"container\" data-e-type=\"container\">\n\t\t\t\t<div class=\"elementor-element elementor-element-67c97c8 elementor-widget elementor-widget-shortcode\" data-id=\"67c97c8\" data-element_type=\"widget\" data-e-type=\"widget\" data-widget_type=\"shortcode.default\">\n\t\t\t\t\t\t\t<div class=\"elementor-shortcode\"><div class=\"woocommerce columns-2 \">\r\n<ul class=\"products oceanwp-row clr grid tablet-col tablet-2-col mobile-col mobile-2-col\">\r\n<li class=\"entry has-media col span_1_of_2 owp-content-center owp-thumbs-layout-vertical owp-btn-big owp-tabs-layout-vertical circle-sale product type-product post-41851 status-publish first instock product_cat-abbigliamento product_cat-pagliaccetto-salopette-nascita product_cat-pagliaccetto-salopette-nascita-ragazza product_cat-pagliaccetto-salopette-nascita-ragazzo product_cat-pagliaccetto-salopette-neonata product_cat-pagliaccetto-salopette-neonati product_cat-pagliaccetto-salopette-neonato has-post-thumbnail taxable shipping-taxable purchasable product-type-variable has-default-attributes\">\n\t<div class=\"product-inner clr\">\n\t<div class=\"woo-entry-image-swap woo-entry-image clr\">\n\t\t<a href=\"https:\/\/voyagedelabaleine.fr\/it\/prodotto\/pagliaccetto-bebe-con-smock-e-ricami-di-barche-blu-bianco\/\" class=\"woocommerce-LoopProduct-link\"><img decoding=\"async\" width=\"600\" height=\"800\" src=\"https:\/\/voyagedelabaleine.fr\/wp-content\/uploads\/2026\/03\/barboteuse-smocks-broderies-bateaux-2-600x800.jpg\" class=\"woo-entry-image-main\" alt=\"Pagliaccetto beb\u00e8 con smock e ricami di barche &#8211; Blu\/Bianco\" itemprop=\"image\" srcset=\"https:\/\/voyagedelabaleine.fr\/wp-content\/uploads\/2026\/03\/barboteuse-smocks-broderies-bateaux-2-600x800.jpg 600w, https:\/\/voyagedelabaleine.fr\/wp-content\/uploads\/2026\/03\/barboteuse-smocks-broderies-bateaux-2-225x300.jpg 225w, https:\/\/voyagedelabaleine.fr\/wp-content\/uploads\/2026\/03\/barboteuse-smocks-broderies-bateaux-2-768x1024.jpg 768w, https:\/\/voyagedelabaleine.fr\/wp-content\/uploads\/2026\/03\/barboteuse-smocks-broderies-bateaux-2.jpg 900w\" sizes=\"(max-width: 600px) 100vw, 600px\" \/><img decoding=\"async\" width=\"496\" height=\"661\" src=\"https:\/\/voyagedelabaleine.fr\/wp-content\/uploads\/2026\/03\/robe-smocks-broderies-bateaux-1.jpg\" class=\"woo-entry-image-secondary\" alt=\"Pagliaccetto beb\u00e8 con smock e ricami di barche &#8211; Blu\/Bianco\" itemprop=\"image\" srcset=\"https:\/\/voyagedelabaleine.fr\/wp-content\/uploads\/2026\/03\/robe-smocks-broderies-bateaux-1.jpg 496w, https:\/\/voyagedelabaleine.fr\/wp-content\/uploads\/2026\/03\/robe-smocks-broderies-bateaux-1-225x300.jpg 225w\" sizes=\"(max-width: 496px) 100vw, 496px\" \/><\/a>\t<\/div><!-- .woo-entry-image-swap -->\n\n<ul class=\"woo-entry-inner clr\"><li class=\"image-wrap\">\n\t<div class=\"woo-entry-image-swap woo-entry-image clr\">\n\t\t<a href=\"https:\/\/voyagedelabaleine.fr\/it\/prodotto\/pagliaccetto-bebe-con-smock-e-ricami-di-barche-blu-bianco\/\" class=\"woocommerce-LoopProduct-link\"><img decoding=\"async\" width=\"600\" height=\"800\" src=\"https:\/\/voyagedelabaleine.fr\/wp-content\/uploads\/2026\/03\/barboteuse-smocks-broderies-bateaux-2-600x800.jpg\" class=\"woo-entry-image-main\" alt=\"Pagliaccetto beb\u00e8 con smock e ricami di barche &#8211; Blu\/Bianco\" itemprop=\"image\" srcset=\"https:\/\/voyagedelabaleine.fr\/wp-content\/uploads\/2026\/03\/barboteuse-smocks-broderies-bateaux-2-600x800.jpg 600w, https:\/\/voyagedelabaleine.fr\/wp-content\/uploads\/2026\/03\/barboteuse-smocks-broderies-bateaux-2-225x300.jpg 225w, https:\/\/voyagedelabaleine.fr\/wp-content\/uploads\/2026\/03\/barboteuse-smocks-broderies-bateaux-2-768x1024.jpg 768w, https:\/\/voyagedelabaleine.fr\/wp-content\/uploads\/2026\/03\/barboteuse-smocks-broderies-bateaux-2.jpg 900w\" sizes=\"(max-width: 600px) 100vw, 600px\" \/><img decoding=\"async\" width=\"496\" height=\"661\" src=\"https:\/\/voyagedelabaleine.fr\/wp-content\/uploads\/2026\/03\/robe-smocks-broderies-bateaux-1.jpg\" class=\"woo-entry-image-secondary\" alt=\"Pagliaccetto beb\u00e8 con smock e ricami di barche &#8211; Blu\/Bianco\" itemprop=\"image\" srcset=\"https:\/\/voyagedelabaleine.fr\/wp-content\/uploads\/2026\/03\/robe-smocks-broderies-bateaux-1.jpg 496w, https:\/\/voyagedelabaleine.fr\/wp-content\/uploads\/2026\/03\/robe-smocks-broderies-bateaux-1-225x300.jpg 225w\" sizes=\"(max-width: 496px) 100vw, 496px\" \/><\/a>\t<\/div><!-- .woo-entry-image-swap -->\n\n<\/li><li class=\"title\"><h2><a href=\"https:\/\/voyagedelabaleine.fr\/it\/prodotto\/pagliaccetto-bebe-con-smock-e-ricami-di-barche-blu-bianco\/\">Pagliaccetto beb\u00e8 con smock e ricami di barche &#8211; Blu\/Bianco<\/a><\/h2><\/li><li class=\"price-wrap\">\n\t<span class=\"price\"><span class=\"woocommerce-Price-amount amount\"><bdi>56<span class=\"woocommerce-Price-currencySymbol\">&euro;<\/span><\/bdi><\/span><\/span>\n<\/li><\/ul><\/div><!-- .product-inner .clr --><\/li>\n<li class=\"entry has-media col span_1_of_2 owp-content-center owp-thumbs-layout-vertical owp-btn-big owp-tabs-layout-vertical circle-sale product type-product post-41889 status-publish last instock product_cat-abbigliamento product_cat-bambina product_cat-neonata product_cat-vestito-bambina product_cat-vestito-neonata has-post-thumbnail taxable shipping-taxable purchasable product-type-variable has-default-attributes\">\n\t<div class=\"product-inner clr\">\n\t<div class=\"woo-entry-image-swap woo-entry-image clr\">\n\t\t<a href=\"https:\/\/voyagedelabaleine.fr\/it\/prodotto\/vestito-smock-e-ricami-a-barche-con-culotte-abbinata-blu-bianco\/\" class=\"woocommerce-LoopProduct-link\"><img decoding=\"async\" width=\"600\" height=\"800\" src=\"https:\/\/voyagedelabaleine.fr\/wp-content\/uploads\/2026\/03\/robe-smocks-broderies-bateaux-600x800.jpg\" class=\"woo-entry-image-main\" alt=\"Vestito smock e ricami a barche con culotte abbinata &#8211; Blu\/Bianco\" itemprop=\"image\" srcset=\"https:\/\/voyagedelabaleine.fr\/wp-content\/uploads\/2026\/03\/robe-smocks-broderies-bateaux-600x800.jpg 600w, https:\/\/voyagedelabaleine.fr\/wp-content\/uploads\/2026\/03\/robe-smocks-broderies-bateaux-225x300.jpg 225w, https:\/\/voyagedelabaleine.fr\/wp-content\/uploads\/2026\/03\/robe-smocks-broderies-bateaux-768x1024.jpg 768w, https:\/\/voyagedelabaleine.fr\/wp-content\/uploads\/2026\/03\/robe-smocks-broderies-bateaux.jpg 900w\" sizes=\"(max-width: 600px) 100vw, 600px\" \/><img decoding=\"async\" width=\"496\" height=\"661\" src=\"https:\/\/voyagedelabaleine.fr\/wp-content\/uploads\/2026\/03\/robe-smocks-broderies-bateaux-1.jpg\" class=\"woo-entry-image-secondary\" alt=\"Vestito smock e ricami a barche con culotte abbinata &#8211; Blu\/Bianco\" itemprop=\"image\" srcset=\"https:\/\/voyagedelabaleine.fr\/wp-content\/uploads\/2026\/03\/robe-smocks-broderies-bateaux-1.jpg 496w, https:\/\/voyagedelabaleine.fr\/wp-content\/uploads\/2026\/03\/robe-smocks-broderies-bateaux-1-225x300.jpg 225w\" sizes=\"(max-width: 496px) 100vw, 496px\" \/><\/a>\t<\/div><!-- .woo-entry-image-swap -->\n\n<ul class=\"woo-entry-inner clr\"><li class=\"image-wrap\">\n\t<div class=\"woo-entry-image-swap woo-entry-image clr\">\n\t\t<a href=\"https:\/\/voyagedelabaleine.fr\/it\/prodotto\/vestito-smock-e-ricami-a-barche-con-culotte-abbinata-blu-bianco\/\" class=\"woocommerce-LoopProduct-link\"><img decoding=\"async\" width=\"600\" height=\"800\" src=\"https:\/\/voyagedelabaleine.fr\/wp-content\/uploads\/2026\/03\/robe-smocks-broderies-bateaux-600x800.jpg\" class=\"woo-entry-image-main\" alt=\"Vestito smock e ricami a barche con culotte abbinata &#8211; Blu\/Bianco\" itemprop=\"image\" srcset=\"https:\/\/voyagedelabaleine.fr\/wp-content\/uploads\/2026\/03\/robe-smocks-broderies-bateaux-600x800.jpg 600w, https:\/\/voyagedelabaleine.fr\/wp-content\/uploads\/2026\/03\/robe-smocks-broderies-bateaux-225x300.jpg 225w, https:\/\/voyagedelabaleine.fr\/wp-content\/uploads\/2026\/03\/robe-smocks-broderies-bateaux-768x1024.jpg 768w, https:\/\/voyagedelabaleine.fr\/wp-content\/uploads\/2026\/03\/robe-smocks-broderies-bateaux.jpg 900w\" sizes=\"(max-width: 600px) 100vw, 600px\" \/><img decoding=\"async\" width=\"496\" height=\"661\" src=\"https:\/\/voyagedelabaleine.fr\/wp-content\/uploads\/2026\/03\/robe-smocks-broderies-bateaux-1.jpg\" class=\"woo-entry-image-secondary\" alt=\"Vestito smock e ricami a barche con culotte abbinata &#8211; Blu\/Bianco\" itemprop=\"image\" srcset=\"https:\/\/voyagedelabaleine.fr\/wp-content\/uploads\/2026\/03\/robe-smocks-broderies-bateaux-1.jpg 496w, https:\/\/voyagedelabaleine.fr\/wp-content\/uploads\/2026\/03\/robe-smocks-broderies-bateaux-1-225x300.jpg 225w\" sizes=\"(max-width: 496px) 100vw, 496px\" \/><\/a>\t<\/div><!-- .woo-entry-image-swap -->\n\n<\/li><li class=\"title\"><h2><a href=\"https:\/\/voyagedelabaleine.fr\/it\/prodotto\/vestito-smock-e-ricami-a-barche-con-culotte-abbinata-blu-bianco\/\">Vestito smock e ricami a barche con culotte abbinata &#8211; Blu\/Bianco<\/a><\/h2><\/li><li class=\"price-wrap\">\n\t<span class=\"price\"><span class=\"woocommerce-Price-amount amount\"><bdi>72<span class=\"woocommerce-Price-currencySymbol\">&euro;<\/span><\/bdi><\/span><\/span>\n<\/li><\/ul><\/div><!-- .product-inner .clr --><\/li>\n<\/ul>\n<\/div><\/div>\n\t\t\t\t\t\t<\/div>\n\t\t\t\t<\/div>\n\t\t<div class=\"elementor-element elementor-element-3430649 e-con-full e-flex e-con e-parent\" data-id=\"3430649\" data-element_type=\"container\" data-e-type=\"container\">\n\t\t\t\t<div class=\"elementor-element elementor-element-2218f11 elementor-widget-divider--separator-type-pattern elementor-widget-divider--view-line elementor-widget elementor-widget-divider\" data-id=\"2218f11\" data-element_type=\"widget\" data-e-type=\"widget\" data-widget_type=\"divider.default\">\n\t\t\t\t\t\t\t<div class=\"elementor-divider\" style=\"--divider-pattern-url: url(&quot;data:image\/svg+xml,%3Csvg xmlns=&#039;http:\/\/www.w3.org\/2000\/svg&#039; preserveAspectRatio=&#039;none&#039; overflow=&#039;visible&#039; height=&#039;100%&#039; viewBox=&#039;0 0 24 24&#039; fill=&#039;black&#039; stroke=&#039;none&#039;%3E%3Cpath d=&#039;M12.7,2.3c-0.4-0.4-1.1-0.4-1.5,0l-8,9.1c-0.3,0.4-0.3,0.9,0,1.2l8,9.1c0.4,0.4,1.1,0.4,1.5,0l8-9.1c0.3-0.4,0.3-0.9,0-1.2L12.7,2.3z&#039;\/%3E%3C\/svg%3E&quot;);\">\n\t\t\t<span class=\"elementor-divider-separator\">\n\t\t\t\t\t\t<\/span>\n\t\t<\/div>\n\t\t\t\t\t\t<\/div>\n\t\t<div class=\"elementor-element elementor-element-9e52ae9 e-grid e-con-full e-con e-child\" data-id=\"9e52ae9\" data-element_type=\"container\" data-e-type=\"container\">\n\t\t<div class=\"elementor-element elementor-element-7594ce1 e-con-full e-flex e-con e-child\" data-id=\"7594ce1\" data-element_type=\"container\" data-e-type=\"container\">\n\t\t\t\t<div class=\"elementor-element elementor-element-d7ec760 elementor-widget elementor-widget-heading\" data-id=\"d7ec760\" data-element_type=\"widget\" data-e-type=\"widget\" data-widget_type=\"heading.default\">\n\t\t\t\t\t<h2 class=\"elementor-heading-title elementor-size-default\">Fratello e sorella<\/h2>\t\t\t\t<\/div>\n\t\t\t\t<\/div>\n\t\t\t\t<\/div>\n\t\t\t\t<\/div>\n\t\t<div class=\"elementor-element elementor-element-0aa5993 e-con-full e-flex e-con e-parent\" data-id=\"0aa5993\" data-element_type=\"container\" data-e-type=\"container\">\n\t\t\t\t<div class=\"elementor-element elementor-element-3c83e32 elementor-widget elementor-widget-shortcode\" data-id=\"3c83e32\" data-element_type=\"widget\" data-e-type=\"widget\" data-widget_type=\"shortcode.default\">\n\t\t\t\t\t\t\t<div class=\"elementor-shortcode\"><div class=\"woocommerce columns-2 \">\r\n<ul class=\"products oceanwp-row clr grid tablet-col tablet-2-col mobile-col mobile-2-col\">\r\n<li class=\"entry has-media col span_1_of_2 owp-content-center owp-thumbs-layout-vertical owp-btn-big owp-tabs-layout-vertical circle-sale product type-product post-40349 status-publish first instock product_cat-abbigliamento product_cat-bambina product_cat-vestito-bambina has-post-thumbnail taxable shipping-taxable purchasable product-type-variable has-default-attributes\">\n\t<div class=\"product-inner clr\">\n\t<div class=\"woo-entry-image-swap woo-entry-image clr\">\n\t\t<a href=\"https:\/\/voyagedelabaleine.fr\/it\/prodotto\/abito-a-righe-testurizzate-bianco-blu\/\" class=\"woocommerce-LoopProduct-link\"><img decoding=\"async\" width=\"600\" height=\"800\" src=\"https:\/\/voyagedelabaleine.fr\/wp-content\/uploads\/2026\/02\/robe-rayee-fille-1-600x800.jpg\" class=\"woo-entry-image-main\" alt=\"Abito a righe testurizzate &#8211; Bianco\/blu\" itemprop=\"image\" srcset=\"https:\/\/voyagedelabaleine.fr\/wp-content\/uploads\/2026\/02\/robe-rayee-fille-1-600x799.jpg 600w, https:\/\/voyagedelabaleine.fr\/wp-content\/uploads\/2026\/02\/robe-rayee-fille-1-225x300.jpg 225w, https:\/\/voyagedelabaleine.fr\/wp-content\/uploads\/2026\/02\/robe-rayee-fille-1-769x1024.jpg 769w, https:\/\/voyagedelabaleine.fr\/wp-content\/uploads\/2026\/02\/robe-rayee-fille-1-768x1023.jpg 768w, https:\/\/voyagedelabaleine.fr\/wp-content\/uploads\/2026\/02\/robe-rayee-fille-1.jpg 1108w\" sizes=\"(max-width: 600px) 100vw, 600px\" \/><img decoding=\"async\" width=\"600\" height=\"800\" src=\"https:\/\/voyagedelabaleine.fr\/wp-content\/uploads\/2026\/02\/robe-rayee-fille-600x800.jpg\" class=\"woo-entry-image-secondary\" alt=\"Abito a righe testurizzate &#8211; Bianco\/blu\" itemprop=\"image\" srcset=\"https:\/\/voyagedelabaleine.fr\/wp-content\/uploads\/2026\/02\/robe-rayee-fille-600x800.jpg 600w, https:\/\/voyagedelabaleine.fr\/wp-content\/uploads\/2026\/02\/robe-rayee-fille-225x300.jpg 225w, https:\/\/voyagedelabaleine.fr\/wp-content\/uploads\/2026\/02\/robe-rayee-fille-768x1024.jpg 768w, https:\/\/voyagedelabaleine.fr\/wp-content\/uploads\/2026\/02\/robe-rayee-fille.jpg 1106w\" sizes=\"(max-width: 600px) 100vw, 600px\" \/><\/a>\t<\/div><!-- .woo-entry-image-swap -->\n\n<ul class=\"woo-entry-inner clr\"><li class=\"image-wrap\">\n\t<div class=\"woo-entry-image-swap woo-entry-image clr\">\n\t\t<a href=\"https:\/\/voyagedelabaleine.fr\/it\/prodotto\/abito-a-righe-testurizzate-bianco-blu\/\" class=\"woocommerce-LoopProduct-link\"><img decoding=\"async\" width=\"600\" height=\"800\" src=\"https:\/\/voyagedelabaleine.fr\/wp-content\/uploads\/2026\/02\/robe-rayee-fille-1-600x800.jpg\" class=\"woo-entry-image-main\" alt=\"Abito a righe testurizzate &#8211; Bianco\/blu\" itemprop=\"image\" srcset=\"https:\/\/voyagedelabaleine.fr\/wp-content\/uploads\/2026\/02\/robe-rayee-fille-1-600x799.jpg 600w, https:\/\/voyagedelabaleine.fr\/wp-content\/uploads\/2026\/02\/robe-rayee-fille-1-225x300.jpg 225w, https:\/\/voyagedelabaleine.fr\/wp-content\/uploads\/2026\/02\/robe-rayee-fille-1-769x1024.jpg 769w, https:\/\/voyagedelabaleine.fr\/wp-content\/uploads\/2026\/02\/robe-rayee-fille-1-768x1023.jpg 768w, https:\/\/voyagedelabaleine.fr\/wp-content\/uploads\/2026\/02\/robe-rayee-fille-1.jpg 1108w\" sizes=\"(max-width: 600px) 100vw, 600px\" \/><img decoding=\"async\" width=\"600\" height=\"800\" src=\"https:\/\/voyagedelabaleine.fr\/wp-content\/uploads\/2026\/02\/robe-rayee-fille-600x800.jpg\" class=\"woo-entry-image-secondary\" alt=\"Abito a righe testurizzate &#8211; Bianco\/blu\" itemprop=\"image\" srcset=\"https:\/\/voyagedelabaleine.fr\/wp-content\/uploads\/2026\/02\/robe-rayee-fille-600x800.jpg 600w, https:\/\/voyagedelabaleine.fr\/wp-content\/uploads\/2026\/02\/robe-rayee-fille-225x300.jpg 225w, https:\/\/voyagedelabaleine.fr\/wp-content\/uploads\/2026\/02\/robe-rayee-fille-768x1024.jpg 768w, https:\/\/voyagedelabaleine.fr\/wp-content\/uploads\/2026\/02\/robe-rayee-fille.jpg 1106w\" sizes=\"(max-width: 600px) 100vw, 600px\" \/><\/a>\t<\/div><!-- .woo-entry-image-swap -->\n\n<\/li><li class=\"title\"><h2><a href=\"https:\/\/voyagedelabaleine.fr\/it\/prodotto\/abito-a-righe-testurizzate-bianco-blu\/\">Abito a righe testurizzate &#8211; Bianco\/blu<\/a><\/h2><\/li><li class=\"price-wrap\">\n\t<span class=\"price\"><span class=\"woocommerce-Price-amount amount\"><bdi>74<span class=\"woocommerce-Price-currencySymbol\">&euro;<\/span><\/bdi><\/span><\/span>\n<\/li><\/ul><\/div><!-- .product-inner .clr --><\/li>\n<li class=\"entry has-media col span_1_of_2 owp-content-center owp-thumbs-layout-vertical owp-btn-big owp-tabs-layout-vertical circle-sale product type-product post-38509 status-publish last instock product_cat-abbigliamento product_cat-blusa-camicia-bambini product_cat-blusa-camicia-bambino has-post-thumbnail taxable shipping-taxable purchasable product-type-variable has-default-attributes\">\n\t<div class=\"product-inner clr\">\n\t<div class=\"woo-entry-image-swap woo-entry-image clr\">\n\t\t<a href=\"https:\/\/voyagedelabaleine.fr\/it\/prodotto\/camicia-da-bambino-a-righe-testurizzate-bianco-blu\/\" class=\"woocommerce-LoopProduct-link\"><img decoding=\"async\" width=\"600\" height=\"800\" src=\"https:\/\/voyagedelabaleine.fr\/wp-content\/uploads\/2026\/02\/chemise-garcon-raye-bleu.jpg-600x800.jpg\" class=\"woo-entry-image-main\" alt=\"Camicia da bambino a righe testurizzate &#8211; Bianco\/blu\" itemprop=\"image\" srcset=\"https:\/\/voyagedelabaleine.fr\/wp-content\/uploads\/2026\/02\/chemise-garcon-raye-bleu.jpg-600x801.jpg 600w, https:\/\/voyagedelabaleine.fr\/wp-content\/uploads\/2026\/02\/chemise-garcon-raye-bleu.jpg-225x300.jpg 225w, https:\/\/voyagedelabaleine.fr\/wp-content\/uploads\/2026\/02\/chemise-garcon-raye-bleu.jpg-767x1024.jpg 767w, https:\/\/voyagedelabaleine.fr\/wp-content\/uploads\/2026\/02\/chemise-garcon-raye-bleu.jpg-768x1025.jpg 768w, https:\/\/voyagedelabaleine.fr\/wp-content\/uploads\/2026\/02\/chemise-garcon-raye-bleu.jpg.jpg 999w\" sizes=\"(max-width: 600px) 100vw, 600px\" \/><img decoding=\"async\" width=\"588\" height=\"784\" src=\"https:\/\/voyagedelabaleine.fr\/wp-content\/uploads\/2026\/02\/chemise-col-mandarin-raye-bleu-3.jpg\" class=\"woo-entry-image-secondary\" alt=\"Camicia da bambino a righe testurizzate &#8211; Bianco\/blu\" itemprop=\"image\" srcset=\"https:\/\/voyagedelabaleine.fr\/wp-content\/uploads\/2026\/02\/chemise-col-mandarin-raye-bleu-3.jpg 588w, https:\/\/voyagedelabaleine.fr\/wp-content\/uploads\/2026\/02\/chemise-col-mandarin-raye-bleu-3-225x300.jpg 225w\" sizes=\"(max-width: 588px) 100vw, 588px\" \/><\/a>\t<\/div><!-- .woo-entry-image-swap -->\n\n<ul class=\"woo-entry-inner clr\"><li class=\"image-wrap\">\n\t<div class=\"woo-entry-image-swap woo-entry-image clr\">\n\t\t<a href=\"https:\/\/voyagedelabaleine.fr\/it\/prodotto\/camicia-da-bambino-a-righe-testurizzate-bianco-blu\/\" class=\"woocommerce-LoopProduct-link\"><img decoding=\"async\" width=\"600\" height=\"800\" src=\"https:\/\/voyagedelabaleine.fr\/wp-content\/uploads\/2026\/02\/chemise-garcon-raye-bleu.jpg-600x800.jpg\" class=\"woo-entry-image-main\" alt=\"Camicia da bambino a righe testurizzate &#8211; Bianco\/blu\" itemprop=\"image\" srcset=\"https:\/\/voyagedelabaleine.fr\/wp-content\/uploads\/2026\/02\/chemise-garcon-raye-bleu.jpg-600x801.jpg 600w, https:\/\/voyagedelabaleine.fr\/wp-content\/uploads\/2026\/02\/chemise-garcon-raye-bleu.jpg-225x300.jpg 225w, https:\/\/voyagedelabaleine.fr\/wp-content\/uploads\/2026\/02\/chemise-garcon-raye-bleu.jpg-767x1024.jpg 767w, https:\/\/voyagedelabaleine.fr\/wp-content\/uploads\/2026\/02\/chemise-garcon-raye-bleu.jpg-768x1025.jpg 768w, https:\/\/voyagedelabaleine.fr\/wp-content\/uploads\/2026\/02\/chemise-garcon-raye-bleu.jpg.jpg 999w\" sizes=\"(max-width: 600px) 100vw, 600px\" \/><img decoding=\"async\" width=\"588\" height=\"784\" src=\"https:\/\/voyagedelabaleine.fr\/wp-content\/uploads\/2026\/02\/chemise-col-mandarin-raye-bleu-3.jpg\" class=\"woo-entry-image-secondary\" alt=\"Camicia da bambino a righe testurizzate &#8211; Bianco\/blu\" itemprop=\"image\" srcset=\"https:\/\/voyagedelabaleine.fr\/wp-content\/uploads\/2026\/02\/chemise-col-mandarin-raye-bleu-3.jpg 588w, https:\/\/voyagedelabaleine.fr\/wp-content\/uploads\/2026\/02\/chemise-col-mandarin-raye-bleu-3-225x300.jpg 225w\" sizes=\"(max-width: 588px) 100vw, 588px\" \/><\/a>\t<\/div><!-- .woo-entry-image-swap -->\n\n<\/li><li class=\"title\"><h2><a href=\"https:\/\/voyagedelabaleine.fr\/it\/prodotto\/camicia-da-bambino-a-righe-testurizzate-bianco-blu\/\">Camicia da bambino a righe testurizzate &#8211; Bianco\/blu<\/a><\/h2><\/li><li class=\"price-wrap\">\n\t<span class=\"price\"><span class=\"woocommerce-Price-amount amount\"><bdi>48<span class=\"woocommerce-Price-currencySymbol\">&euro;<\/span><\/bdi><\/span><\/span>\n<\/li><\/ul><\/div><!-- .product-inner .clr --><\/li>\n<\/ul>\n<\/div><\/div>\n\t\t\t\t\t\t<\/div>\n\t\t\t\t<\/div>\n\t\t<div class=\"elementor-element elementor-element-2e7e20a e-con-full e-flex e-con e-parent\" data-id=\"2e7e20a\" data-element_type=\"container\" data-e-type=\"container\">\n\t\t\t\t<div class=\"elementor-element elementor-element-68bfeb4 elementor-widget-divider--separator-type-pattern elementor-widget-divider--view-line elementor-widget elementor-widget-divider\" data-id=\"68bfeb4\" data-element_type=\"widget\" data-e-type=\"widget\" data-widget_type=\"divider.default\">\n\t\t\t\t\t\t\t<div class=\"elementor-divider\" style=\"--divider-pattern-url: url(&quot;data:image\/svg+xml,%3Csvg xmlns=&#039;http:\/\/www.w3.org\/2000\/svg&#039; preserveAspectRatio=&#039;none&#039; overflow=&#039;visible&#039; height=&#039;100%&#039; viewBox=&#039;0 0 24 24&#039; fill=&#039;black&#039; stroke=&#039;none&#039;%3E%3Cpath d=&#039;M12.7,2.3c-0.4-0.4-1.1-0.4-1.5,0l-8,9.1c-0.3,0.4-0.3,0.9,0,1.2l8,9.1c0.4,0.4,1.1,0.4,1.5,0l8-9.1c0.3-0.4,0.3-0.9,0-1.2L12.7,2.3z&#039;\/%3E%3C\/svg%3E&quot;);\">\n\t\t\t<span class=\"elementor-divider-separator\">\n\t\t\t\t\t\t<\/span>\n\t\t<\/div>\n\t\t\t\t\t\t<\/div>\n\t\t<div class=\"elementor-element elementor-element-87b2d52 e-grid e-con-full e-con e-child\" data-id=\"87b2d52\" data-element_type=\"container\" data-e-type=\"container\">\n\t\t<div class=\"elementor-element elementor-element-6649d69 e-con-full e-flex e-con e-child\" data-id=\"6649d69\" data-element_type=\"container\" data-e-type=\"container\">\n\t\t\t\t<div class=\"elementor-element elementor-element-72b51eb elementor-widget elementor-widget-heading\" data-id=\"72b51eb\" data-element_type=\"widget\" data-e-type=\"widget\" data-widget_type=\"heading.default\">\n\t\t\t\t\t<h2 class=\"elementor-heading-title elementor-size-default\">I piccoli vichy<\/h2>\t\t\t\t<\/div>\n\t\t\t\t<\/div>\n\t\t\t\t<\/div>\n\t\t\t\t<\/div>\n\t\t<div class=\"elementor-element elementor-element-446ae5d e-con-full e-flex e-con e-parent\" data-id=\"446ae5d\" data-element_type=\"container\" data-e-type=\"container\">\n\t\t\t\t<div class=\"elementor-element elementor-element-c203a3b elementor-widget elementor-widget-shortcode\" data-id=\"c203a3b\" data-element_type=\"widget\" data-e-type=\"widget\" data-widget_type=\"shortcode.default\">\n\t\t\t\t\t\t\t<div class=\"elementor-shortcode\"><div class=\"woocommerce columns-3 \">\r\n<ul class=\"products oceanwp-row clr grid tablet-col tablet-2-col mobile-col mobile-2-col\">\r\n<li class=\"entry has-media col span_1_of_3 owp-content-center owp-thumbs-layout-vertical owp-btn-big owp-tabs-layout-vertical circle-sale product type-product post-37514 status-publish first instock product_cat-abbigliamento product_cat-pagliaccetto-salopette-nascita product_cat-pagliaccetto-salopette-nascita-ragazza product_cat-pagliaccetto-salopette-nascita-ragazzo product_cat-pagliaccetto-salopette-neonata product_cat-pagliaccetto-salopette-neonati product_cat-pagliaccetto-salopette-neonato has-post-thumbnail taxable shipping-taxable purchasable product-type-variable has-default-attributes\">\n\t<div class=\"product-inner clr\">\n\t<div class=\"woo-entry-image-swap woo-entry-image clr\">\n\t\t<a href=\"https:\/\/voyagedelabaleine.fr\/it\/prodotto\/pagliaccetto-neonato-con-bretelle-incrociate-vichy-beige\/\" class=\"woocommerce-LoopProduct-link\"><img decoding=\"async\" width=\"600\" height=\"800\" src=\"https:\/\/voyagedelabaleine.fr\/wp-content\/uploads\/2026\/01\/barboteuse-vichy-beige-600x800.jpg\" class=\"woo-entry-image-main\" alt=\"Pagliaccetto neonato con bretelle incrociate vichy &#8211; Beige\" itemprop=\"image\" srcset=\"https:\/\/voyagedelabaleine.fr\/wp-content\/uploads\/2026\/01\/barboteuse-vichy-beige-600x800.jpg 600w, https:\/\/voyagedelabaleine.fr\/wp-content\/uploads\/2026\/01\/barboteuse-vichy-beige-225x300.jpg 225w, https:\/\/voyagedelabaleine.fr\/wp-content\/uploads\/2026\/01\/barboteuse-vichy-beige-768x1024.jpg 768w, https:\/\/voyagedelabaleine.fr\/wp-content\/uploads\/2026\/01\/barboteuse-vichy-beige-1152x1536.jpg 1152w, https:\/\/voyagedelabaleine.fr\/wp-content\/uploads\/2026\/01\/barboteuse-vichy-beige.jpg 1300w\" sizes=\"(max-width: 600px) 100vw, 600px\" \/><img decoding=\"async\" width=\"600\" height=\"800\" src=\"https:\/\/voyagedelabaleine.fr\/wp-content\/uploads\/2026\/01\/barboteuse-vichy-beige-1-600x800.jpg\" class=\"woo-entry-image-secondary\" alt=\"Pagliaccetto neonato con bretelle incrociate vichy &#8211; Beige\" itemprop=\"image\" srcset=\"https:\/\/voyagedelabaleine.fr\/wp-content\/uploads\/2026\/01\/barboteuse-vichy-beige-1-600x800.jpg 600w, https:\/\/voyagedelabaleine.fr\/wp-content\/uploads\/2026\/01\/barboteuse-vichy-beige-1-225x300.jpg 225w, https:\/\/voyagedelabaleine.fr\/wp-content\/uploads\/2026\/01\/barboteuse-vichy-beige-1.jpg 705w\" sizes=\"(max-width: 600px) 100vw, 600px\" \/><\/a>\t<\/div><!-- .woo-entry-image-swap -->\n\n<ul class=\"woo-entry-inner clr\"><li class=\"image-wrap\">\n\t<div class=\"woo-entry-image-swap woo-entry-image clr\">\n\t\t<a href=\"https:\/\/voyagedelabaleine.fr\/it\/prodotto\/pagliaccetto-neonato-con-bretelle-incrociate-vichy-beige\/\" class=\"woocommerce-LoopProduct-link\"><img decoding=\"async\" width=\"600\" height=\"800\" src=\"https:\/\/voyagedelabaleine.fr\/wp-content\/uploads\/2026\/01\/barboteuse-vichy-beige-600x800.jpg\" class=\"woo-entry-image-main\" alt=\"Pagliaccetto neonato con bretelle incrociate vichy &#8211; Beige\" itemprop=\"image\" srcset=\"https:\/\/voyagedelabaleine.fr\/wp-content\/uploads\/2026\/01\/barboteuse-vichy-beige-600x800.jpg 600w, https:\/\/voyagedelabaleine.fr\/wp-content\/uploads\/2026\/01\/barboteuse-vichy-beige-225x300.jpg 225w, https:\/\/voyagedelabaleine.fr\/wp-content\/uploads\/2026\/01\/barboteuse-vichy-beige-768x1024.jpg 768w, https:\/\/voyagedelabaleine.fr\/wp-content\/uploads\/2026\/01\/barboteuse-vichy-beige-1152x1536.jpg 1152w, https:\/\/voyagedelabaleine.fr\/wp-content\/uploads\/2026\/01\/barboteuse-vichy-beige.jpg 1300w\" sizes=\"(max-width: 600px) 100vw, 600px\" \/><img decoding=\"async\" width=\"600\" height=\"800\" src=\"https:\/\/voyagedelabaleine.fr\/wp-content\/uploads\/2026\/01\/barboteuse-vichy-beige-1-600x800.jpg\" class=\"woo-entry-image-secondary\" alt=\"Pagliaccetto neonato con bretelle incrociate vichy &#8211; Beige\" itemprop=\"image\" srcset=\"https:\/\/voyagedelabaleine.fr\/wp-content\/uploads\/2026\/01\/barboteuse-vichy-beige-1-600x800.jpg 600w, https:\/\/voyagedelabaleine.fr\/wp-content\/uploads\/2026\/01\/barboteuse-vichy-beige-1-225x300.jpg 225w, https:\/\/voyagedelabaleine.fr\/wp-content\/uploads\/2026\/01\/barboteuse-vichy-beige-1.jpg 705w\" sizes=\"(max-width: 600px) 100vw, 600px\" \/><\/a>\t<\/div><!-- .woo-entry-image-swap -->\n\n<\/li><li class=\"title\"><h2><a href=\"https:\/\/voyagedelabaleine.fr\/it\/prodotto\/pagliaccetto-neonato-con-bretelle-incrociate-vichy-beige\/\">Pagliaccetto neonato con bretelle incrociate vichy &#8211; Beige<\/a><\/h2><\/li><li class=\"price-wrap\">\n\t<span class=\"price\"><span class=\"woocommerce-Price-amount amount\"><bdi>30<span class=\"woocommerce-Price-currencySymbol\">&euro;<\/span><\/bdi><\/span><\/span>\n<\/li><\/ul><\/div><!-- .product-inner .clr --><\/li>\n<li class=\"entry has-media has-rating col span_1_of_3 owp-content-center owp-thumbs-layout-vertical owp-btn-big owp-tabs-layout-vertical circle-sale product type-product post-37372 status-publish instock product_cat-accessori-bambina product_cat-accessori-bambini product_cat-accessori-neonata product_cat-accessori-neonati has-post-thumbnail taxable shipping-taxable purchasable product-type-variable has-default-attributes\">\n\t<div class=\"product-inner clr\">\n\t<div class=\"woo-entry-image-swap woo-entry-image clr\">\n\t\t<a href=\"https:\/\/voyagedelabaleine.fr\/it\/prodotto\/fermaglio-a-fiocco-in-cotone-vichy-beige\/\" class=\"woocommerce-LoopProduct-link\"><img decoding=\"async\" width=\"600\" height=\"800\" src=\"https:\/\/voyagedelabaleine.fr\/wp-content\/uploads\/2026\/01\/barrette-noeud-vichy-beige-1-600x800.jpg\" class=\"woo-entry-image-main\" alt=\"Fermaglio a fiocco in cotone vichy &#8211; Beige\" itemprop=\"image\" srcset=\"https:\/\/voyagedelabaleine.fr\/wp-content\/uploads\/2026\/01\/barrette-noeud-vichy-beige-1-600x800.jpg 600w, https:\/\/voyagedelabaleine.fr\/wp-content\/uploads\/2026\/01\/barrette-noeud-vichy-beige-1-225x300.jpg 225w, https:\/\/voyagedelabaleine.fr\/wp-content\/uploads\/2026\/01\/barrette-noeud-vichy-beige-1-768x1023.jpg 768w, https:\/\/voyagedelabaleine.fr\/wp-content\/uploads\/2026\/01\/barrette-noeud-vichy-beige-1-1153x1536.jpg 1153w, https:\/\/voyagedelabaleine.fr\/wp-content\/uploads\/2026\/01\/barrette-noeud-vichy-beige-1.jpg 1200w\" sizes=\"(max-width: 600px) 100vw, 600px\" \/><img decoding=\"async\" width=\"600\" height=\"800\" src=\"https:\/\/voyagedelabaleine.fr\/wp-content\/uploads\/2026\/01\/barrette-noeud-vichy-beige-600x800.jpg\" class=\"woo-entry-image-secondary\" alt=\"Fermaglio a fiocco in cotone vichy &#8211; Beige\" itemprop=\"image\" srcset=\"https:\/\/voyagedelabaleine.fr\/wp-content\/uploads\/2026\/01\/barrette-noeud-vichy-beige-600x800.jpg 600w, https:\/\/voyagedelabaleine.fr\/wp-content\/uploads\/2026\/01\/barrette-noeud-vichy-beige-225x300.jpg 225w, https:\/\/voyagedelabaleine.fr\/wp-content\/uploads\/2026\/01\/barrette-noeud-vichy-beige-768x1025.jpg 768w, https:\/\/voyagedelabaleine.fr\/wp-content\/uploads\/2026\/01\/barrette-noeud-vichy-beige.jpg 1000w\" sizes=\"(max-width: 600px) 100vw, 600px\" \/><\/a>\t<\/div><!-- .woo-entry-image-swap -->\n\n<ul class=\"woo-entry-inner clr\"><li class=\"image-wrap\">\n\t<div class=\"woo-entry-image-swap woo-entry-image clr\">\n\t\t<a href=\"https:\/\/voyagedelabaleine.fr\/it\/prodotto\/fermaglio-a-fiocco-in-cotone-vichy-beige\/\" class=\"woocommerce-LoopProduct-link\"><img decoding=\"async\" width=\"600\" height=\"800\" src=\"https:\/\/voyagedelabaleine.fr\/wp-content\/uploads\/2026\/01\/barrette-noeud-vichy-beige-1-600x800.jpg\" class=\"woo-entry-image-main\" alt=\"Fermaglio a fiocco in cotone vichy &#8211; Beige\" itemprop=\"image\" srcset=\"https:\/\/voyagedelabaleine.fr\/wp-content\/uploads\/2026\/01\/barrette-noeud-vichy-beige-1-600x800.jpg 600w, https:\/\/voyagedelabaleine.fr\/wp-content\/uploads\/2026\/01\/barrette-noeud-vichy-beige-1-225x300.jpg 225w, https:\/\/voyagedelabaleine.fr\/wp-content\/uploads\/2026\/01\/barrette-noeud-vichy-beige-1-768x1023.jpg 768w, https:\/\/voyagedelabaleine.fr\/wp-content\/uploads\/2026\/01\/barrette-noeud-vichy-beige-1-1153x1536.jpg 1153w, https:\/\/voyagedelabaleine.fr\/wp-content\/uploads\/2026\/01\/barrette-noeud-vichy-beige-1.jpg 1200w\" sizes=\"(max-width: 600px) 100vw, 600px\" \/><img decoding=\"async\" width=\"600\" height=\"800\" src=\"https:\/\/voyagedelabaleine.fr\/wp-content\/uploads\/2026\/01\/barrette-noeud-vichy-beige-600x800.jpg\" class=\"woo-entry-image-secondary\" alt=\"Fermaglio a fiocco in cotone vichy &#8211; Beige\" itemprop=\"image\" srcset=\"https:\/\/voyagedelabaleine.fr\/wp-content\/uploads\/2026\/01\/barrette-noeud-vichy-beige-600x800.jpg 600w, https:\/\/voyagedelabaleine.fr\/wp-content\/uploads\/2026\/01\/barrette-noeud-vichy-beige-225x300.jpg 225w, https:\/\/voyagedelabaleine.fr\/wp-content\/uploads\/2026\/01\/barrette-noeud-vichy-beige-768x1025.jpg 768w, https:\/\/voyagedelabaleine.fr\/wp-content\/uploads\/2026\/01\/barrette-noeud-vichy-beige.jpg 1000w\" sizes=\"(max-width: 600px) 100vw, 600px\" \/><\/a>\t<\/div><!-- .woo-entry-image-swap -->\n\n<\/li><li class=\"title\"><h2><a href=\"https:\/\/voyagedelabaleine.fr\/it\/prodotto\/fermaglio-a-fiocco-in-cotone-vichy-beige\/\">Fermaglio a fiocco in cotone vichy &#8211; Beige<\/a><\/h2><\/li><li class=\"price-wrap\">\n\t<span class=\"price\"><span class=\"woocommerce-Price-amount amount\"><bdi>8<span class=\"woocommerce-Price-currencySymbol\">&euro;<\/span><\/bdi><\/span><\/span>\n<\/li><\/ul><\/div><!-- .product-inner .clr --><\/li>\n<li class=\"entry has-media has-rating col span_1_of_3 owp-content-center owp-thumbs-layout-vertical owp-btn-big owp-tabs-layout-vertical circle-sale product type-product post-37862 status-publish last instock product_cat-abbigliamento product_cat-bloomer-short-pantaloni-nascita product_cat-bloomer-short-pantaloni-nascita-ragazza product_cat-bloomer-short-pantaloni-nascita-ragazzo product_cat-bloomer-short-pantaloni-neonata product_cat-bloomer-short-pantaloni-neonati product_cat-bloomer-short-pantaloni-neonato has-post-thumbnail taxable shipping-taxable purchasable product-type-variable has-default-attributes\">\n\t<div class=\"product-inner clr\">\n\t<div class=\"woo-entry-image-swap woo-entry-image clr\">\n\t\t<a href=\"https:\/\/voyagedelabaleine.fr\/it\/prodotto\/bloomer-neonato-vichy-beige\/\" class=\"woocommerce-LoopProduct-link\"><img decoding=\"async\" width=\"600\" height=\"800\" src=\"https:\/\/voyagedelabaleine.fr\/wp-content\/uploads\/2026\/01\/bloomer-bebe-vichy-beige-1-600x800.jpg\" class=\"woo-entry-image-main\" alt=\"Bloomer neonato vichy &#8211; Beige\" itemprop=\"image\" srcset=\"https:\/\/voyagedelabaleine.fr\/wp-content\/uploads\/2026\/01\/bloomer-bebe-vichy-beige-1-600x800.jpg 600w, https:\/\/voyagedelabaleine.fr\/wp-content\/uploads\/2026\/01\/bloomer-bebe-vichy-beige-1-225x300.jpg 225w, https:\/\/voyagedelabaleine.fr\/wp-content\/uploads\/2026\/01\/bloomer-bebe-vichy-beige-1-768x1024.jpg 768w, https:\/\/voyagedelabaleine.fr\/wp-content\/uploads\/2026\/01\/bloomer-bebe-vichy-beige-1-1152x1536.jpg 1152w, https:\/\/voyagedelabaleine.fr\/wp-content\/uploads\/2026\/01\/bloomer-bebe-vichy-beige-1.jpg 1200w\" sizes=\"(max-width: 600px) 100vw, 600px\" \/><img decoding=\"async\" width=\"600\" height=\"800\" src=\"https:\/\/voyagedelabaleine.fr\/wp-content\/uploads\/2026\/01\/bloomer-bebe-vichy-beige-600x800.jpg\" class=\"woo-entry-image-secondary\" alt=\"Bloomer neonato vichy &#8211; Beige\" itemprop=\"image\" srcset=\"https:\/\/voyagedelabaleine.fr\/wp-content\/uploads\/2026\/01\/bloomer-bebe-vichy-beige-600x800.jpg 600w, https:\/\/voyagedelabaleine.fr\/wp-content\/uploads\/2026\/01\/bloomer-bebe-vichy-beige-225x300.jpg 225w, https:\/\/voyagedelabaleine.fr\/wp-content\/uploads\/2026\/01\/bloomer-bebe-vichy-beige-768x1024.jpg 768w, https:\/\/voyagedelabaleine.fr\/wp-content\/uploads\/2026\/01\/bloomer-bebe-vichy-beige.jpg 800w\" sizes=\"(max-width: 600px) 100vw, 600px\" \/><\/a>\t<\/div><!-- .woo-entry-image-swap -->\n\n<ul class=\"woo-entry-inner clr\"><li class=\"image-wrap\">\n\t<div class=\"woo-entry-image-swap woo-entry-image clr\">\n\t\t<a href=\"https:\/\/voyagedelabaleine.fr\/it\/prodotto\/bloomer-neonato-vichy-beige\/\" class=\"woocommerce-LoopProduct-link\"><img decoding=\"async\" width=\"600\" height=\"800\" src=\"https:\/\/voyagedelabaleine.fr\/wp-content\/uploads\/2026\/01\/bloomer-bebe-vichy-beige-1-600x800.jpg\" class=\"woo-entry-image-main\" alt=\"Bloomer neonato vichy &#8211; Beige\" itemprop=\"image\" srcset=\"https:\/\/voyagedelabaleine.fr\/wp-content\/uploads\/2026\/01\/bloomer-bebe-vichy-beige-1-600x800.jpg 600w, https:\/\/voyagedelabaleine.fr\/wp-content\/uploads\/2026\/01\/bloomer-bebe-vichy-beige-1-225x300.jpg 225w, https:\/\/voyagedelabaleine.fr\/wp-content\/uploads\/2026\/01\/bloomer-bebe-vichy-beige-1-768x1024.jpg 768w, https:\/\/voyagedelabaleine.fr\/wp-content\/uploads\/2026\/01\/bloomer-bebe-vichy-beige-1-1152x1536.jpg 1152w, https:\/\/voyagedelabaleine.fr\/wp-content\/uploads\/2026\/01\/bloomer-bebe-vichy-beige-1.jpg 1200w\" sizes=\"(max-width: 600px) 100vw, 600px\" \/><img decoding=\"async\" width=\"600\" height=\"800\" src=\"https:\/\/voyagedelabaleine.fr\/wp-content\/uploads\/2026\/01\/bloomer-bebe-vichy-beige-600x800.jpg\" class=\"woo-entry-image-secondary\" alt=\"Bloomer neonato vichy &#8211; Beige\" itemprop=\"image\" srcset=\"https:\/\/voyagedelabaleine.fr\/wp-content\/uploads\/2026\/01\/bloomer-bebe-vichy-beige-600x800.jpg 600w, https:\/\/voyagedelabaleine.fr\/wp-content\/uploads\/2026\/01\/bloomer-bebe-vichy-beige-225x300.jpg 225w, https:\/\/voyagedelabaleine.fr\/wp-content\/uploads\/2026\/01\/bloomer-bebe-vichy-beige-768x1024.jpg 768w, https:\/\/voyagedelabaleine.fr\/wp-content\/uploads\/2026\/01\/bloomer-bebe-vichy-beige.jpg 800w\" sizes=\"(max-width: 600px) 100vw, 600px\" \/><\/a>\t<\/div><!-- .woo-entry-image-swap -->\n\n<\/li><li class=\"title\"><h2><a href=\"https:\/\/voyagedelabaleine.fr\/it\/prodotto\/bloomer-neonato-vichy-beige\/\">Bloomer neonato vichy &#8211; Beige<\/a><\/h2><\/li><li class=\"price-wrap\">\n\t<span class=\"price\"><span class=\"woocommerce-Price-amount amount\"><bdi>18<span class=\"woocommerce-Price-currencySymbol\">&euro;<\/span><\/bdi><\/span><\/span>\n<\/li><\/ul><\/div><!-- .product-inner .clr --><\/li>\n<\/ul>\n<\/div><\/div>\n\t\t\t\t\t\t<\/div>\n\t\t\t\t<\/div>\n\t\t<div class=\"elementor-element elementor-element-4a3aaa5 e-con-full e-flex e-con e-parent\" data-id=\"4a3aaa5\" data-element_type=\"container\" data-e-type=\"container\">\n\t\t\t\t<div class=\"elementor-element elementor-element-74cbc5c elementor-widget-divider--separator-type-pattern elementor-widget-divider--view-line elementor-widget elementor-widget-divider\" data-id=\"74cbc5c\" data-element_type=\"widget\" data-e-type=\"widget\" data-widget_type=\"divider.default\">\n\t\t\t\t\t\t\t<div class=\"elementor-divider\" style=\"--divider-pattern-url: url(&quot;data:image\/svg+xml,%3Csvg xmlns=&#039;http:\/\/www.w3.org\/2000\/svg&#039; preserveAspectRatio=&#039;none&#039; overflow=&#039;visible&#039; height=&#039;100%&#039; viewBox=&#039;0 0 24 24&#039; fill=&#039;black&#039; stroke=&#039;none&#039;%3E%3Cpath d=&#039;M12.7,2.3c-0.4-0.4-1.1-0.4-1.5,0l-8,9.1c-0.3,0.4-0.3,0.9,0,1.2l8,9.1c0.4,0.4,1.1,0.4,1.5,0l8-9.1c0.3-0.4,0.3-0.9,0-1.2L12.7,2.3z&#039;\/%3E%3C\/svg%3E&quot;);\">\n\t\t\t<span class=\"elementor-divider-separator\">\n\t\t\t\t\t\t<\/span>\n\t\t<\/div>\n\t\t\t\t\t\t<\/div>\n\t\t<div class=\"elementor-element elementor-element-3c37a9d e-grid e-con-full e-con e-child\" data-id=\"3c37a9d\" data-element_type=\"container\" data-e-type=\"container\">\n\t\t<div class=\"elementor-element elementor-element-b3127a1 e-con-full e-flex e-con e-child\" data-id=\"b3127a1\" data-element_type=\"container\" data-e-type=\"container\">\n\t\t\t\t<div class=\"elementor-element elementor-element-2ee3216 elementor-widget elementor-widget-heading\" data-id=\"2ee3216\" data-element_type=\"widget\" data-e-type=\"widget\" data-widget_type=\"heading.default\">\n\t\t\t\t\t<h2 class=\"elementor-heading-title elementor-size-default\">Complicit\u00e0<\/h2>\t\t\t\t<\/div>\n\t\t\t\t<\/div>\n\t\t\t\t<\/div>\n\t\t\t\t<\/div>\n\t\t<div class=\"elementor-element elementor-element-c468abf e-con-full e-flex e-con e-parent\" data-id=\"c468abf\" data-element_type=\"container\" data-e-type=\"container\">\n\t\t\t\t<div class=\"elementor-element elementor-element-018daf4 elementor-widget elementor-widget-shortcode\" data-id=\"018daf4\" data-element_type=\"widget\" data-e-type=\"widget\" data-widget_type=\"shortcode.default\">\n\t\t\t\t\t\t\t<div class=\"elementor-shortcode\"><div class=\"woocommerce columns-2 \">\r\n<ul class=\"products oceanwp-row clr grid tablet-col tablet-2-col mobile-col mobile-2-col\">\r\n<li class=\"entry has-media col span_1_of_2 owp-content-center owp-thumbs-layout-vertical owp-btn-big owp-tabs-layout-vertical circle-sale product type-product post-42028 status-publish first instock product_cat-abbigliamento product_cat-bloomer-short-pantaloni-nascita product_cat-bloomer-short-pantaloni-nascita-ragazzo product_cat-bloomer-short-pantaloni-neonati product_cat-bloomer-short-pantaloni-neonato product_cat-blusa-camicia-nascita product_cat-blusa-camicia-nascita-ragazzo product_cat-blusa-camicia-neonati product_cat-blusa-camicia-neonato product_cat-completi-nascita product_cat-completi-nascita-ragazzo product_cat-completi-neonati product_cat-completi-neonato has-post-thumbnail taxable shipping-taxable purchasable product-type-variable has-default-attributes\">\n\t<div class=\"product-inner clr\">\n\t<div class=\"woo-entry-image-swap woo-entry-image clr\">\n\t\t<a href=\"https:\/\/voyagedelabaleine.fr\/it\/prodotto\/completo-bebe-elegante-camicetta-con-colletto-e-bloomer-blu\/\" class=\"woocommerce-LoopProduct-link\"><img decoding=\"async\" width=\"600\" height=\"800\" src=\"https:\/\/voyagedelabaleine.fr\/wp-content\/uploads\/2026\/02\/Capture-decran-2026-02-06-a-20.19.27-fotor-2026020620204-600x800.jpg\" class=\"woo-entry-image-main\" alt=\"Completo beb\u00e8 elegante camicetta con colletto e bloomer &#8211; Blu\" itemprop=\"image\" srcset=\"https:\/\/voyagedelabaleine.fr\/wp-content\/uploads\/2026\/02\/Capture-decran-2026-02-06-a-20.19.27-fotor-2026020620204-600x800.jpg 600w, https:\/\/voyagedelabaleine.fr\/wp-content\/uploads\/2026\/02\/Capture-decran-2026-02-06-a-20.19.27-fotor-2026020620204-225x300.jpg 225w, https:\/\/voyagedelabaleine.fr\/wp-content\/uploads\/2026\/02\/Capture-decran-2026-02-06-a-20.19.27-fotor-2026020620204-768x1024.jpg 768w, https:\/\/voyagedelabaleine.fr\/wp-content\/uploads\/2026\/02\/Capture-decran-2026-02-06-a-20.19.27-fotor-2026020620204.jpg 1101w\" sizes=\"(max-width: 600px) 100vw, 600px\" \/><img decoding=\"async\" width=\"600\" height=\"800\" src=\"https:\/\/voyagedelabaleine.fr\/wp-content\/uploads\/2026\/02\/MartinAranda_SS2612342-fotor-20260206201625-600x800.jpg\" class=\"woo-entry-image-secondary\" alt=\"Completo beb\u00e8 elegante camicetta con colletto e bloomer &#8211; Blu\" itemprop=\"image\" srcset=\"https:\/\/voyagedelabaleine.fr\/wp-content\/uploads\/2026\/02\/MartinAranda_SS2612342-fotor-20260206201625-600x800.jpg 600w, https:\/\/voyagedelabaleine.fr\/wp-content\/uploads\/2026\/02\/MartinAranda_SS2612342-fotor-20260206201625-225x300.jpg 225w, https:\/\/voyagedelabaleine.fr\/wp-content\/uploads\/2026\/02\/MartinAranda_SS2612342-fotor-20260206201625-768x1024.jpg 768w, https:\/\/voyagedelabaleine.fr\/wp-content\/uploads\/2026\/02\/MartinAranda_SS2612342-fotor-20260206201625-1152x1536.jpg 1152w, https:\/\/voyagedelabaleine.fr\/wp-content\/uploads\/2026\/02\/MartinAranda_SS2612342-fotor-20260206201625.jpg 1300w\" sizes=\"(max-width: 600px) 100vw, 600px\" \/><\/a>\t<\/div><!-- .woo-entry-image-swap -->\n\n<ul class=\"woo-entry-inner clr\"><li class=\"image-wrap\">\n\t<div class=\"woo-entry-image-swap woo-entry-image clr\">\n\t\t<a href=\"https:\/\/voyagedelabaleine.fr\/it\/prodotto\/completo-bebe-elegante-camicetta-con-colletto-e-bloomer-blu\/\" class=\"woocommerce-LoopProduct-link\"><img decoding=\"async\" width=\"600\" height=\"800\" src=\"https:\/\/voyagedelabaleine.fr\/wp-content\/uploads\/2026\/02\/Capture-decran-2026-02-06-a-20.19.27-fotor-2026020620204-600x800.jpg\" class=\"woo-entry-image-main\" alt=\"Completo beb\u00e8 elegante camicetta con colletto e bloomer &#8211; Blu\" itemprop=\"image\" srcset=\"https:\/\/voyagedelabaleine.fr\/wp-content\/uploads\/2026\/02\/Capture-decran-2026-02-06-a-20.19.27-fotor-2026020620204-600x800.jpg 600w, https:\/\/voyagedelabaleine.fr\/wp-content\/uploads\/2026\/02\/Capture-decran-2026-02-06-a-20.19.27-fotor-2026020620204-225x300.jpg 225w, https:\/\/voyagedelabaleine.fr\/wp-content\/uploads\/2026\/02\/Capture-decran-2026-02-06-a-20.19.27-fotor-2026020620204-768x1024.jpg 768w, https:\/\/voyagedelabaleine.fr\/wp-content\/uploads\/2026\/02\/Capture-decran-2026-02-06-a-20.19.27-fotor-2026020620204.jpg 1101w\" sizes=\"(max-width: 600px) 100vw, 600px\" \/><img decoding=\"async\" width=\"600\" height=\"800\" src=\"https:\/\/voyagedelabaleine.fr\/wp-content\/uploads\/2026\/02\/MartinAranda_SS2612342-fotor-20260206201625-600x800.jpg\" class=\"woo-entry-image-secondary\" alt=\"Completo beb\u00e8 elegante camicetta con colletto e bloomer &#8211; Blu\" itemprop=\"image\" srcset=\"https:\/\/voyagedelabaleine.fr\/wp-content\/uploads\/2026\/02\/MartinAranda_SS2612342-fotor-20260206201625-600x800.jpg 600w, https:\/\/voyagedelabaleine.fr\/wp-content\/uploads\/2026\/02\/MartinAranda_SS2612342-fotor-20260206201625-225x300.jpg 225w, https:\/\/voyagedelabaleine.fr\/wp-content\/uploads\/2026\/02\/MartinAranda_SS2612342-fotor-20260206201625-768x1024.jpg 768w, https:\/\/voyagedelabaleine.fr\/wp-content\/uploads\/2026\/02\/MartinAranda_SS2612342-fotor-20260206201625-1152x1536.jpg 1152w, https:\/\/voyagedelabaleine.fr\/wp-content\/uploads\/2026\/02\/MartinAranda_SS2612342-fotor-20260206201625.jpg 1300w\" sizes=\"(max-width: 600px) 100vw, 600px\" \/><\/a>\t<\/div><!-- .woo-entry-image-swap -->\n\n<\/li><li class=\"title\"><h2><a href=\"https:\/\/voyagedelabaleine.fr\/it\/prodotto\/completo-bebe-elegante-camicetta-con-colletto-e-bloomer-blu\/\">Completo beb\u00e8 elegante camicetta con colletto e bloomer &#8211; Blu<\/a><\/h2><\/li><li class=\"price-wrap\">\n\t<span class=\"price\"><span class=\"woocommerce-Price-amount amount\"><bdi>86<span class=\"woocommerce-Price-currencySymbol\">&euro;<\/span><\/bdi><\/span><\/span>\n<\/li><\/ul><\/div><!-- .product-inner .clr --><\/li>\n<li class=\"entry has-media col span_1_of_2 owp-content-center owp-thumbs-layout-vertical owp-btn-big owp-tabs-layout-vertical circle-sale product type-product post-41472 status-publish last instock product_cat-abbigliamento product_cat-bloomer-short-pantaloni-neonati product_cat-bloomer-short-pantaloni-neonato product_cat-blusa-camicia-bambini product_cat-blusa-camicia-bambino product_cat-blusa-camicia-neonati product_cat-blusa-camicia-neonato product_cat-completi-neonati product_cat-completi-neonato product_cat-completo-salopette-bambini product_cat-completo-salopette-bambino product_cat-pantaloni-short-bambini product_cat-pantaloni-short-bambino has-post-thumbnail taxable shipping-taxable purchasable product-type-variable has-default-attributes\">\n\t<div class=\"product-inner clr\">\n\t<div class=\"woo-entry-image-swap woo-entry-image clr\">\n\t\t<a href=\"https:\/\/voyagedelabaleine.fr\/it\/prodotto\/completo-elegante-da-bambino-camicia-e-shorts-blu\/\" class=\"woocommerce-LoopProduct-link\"><img decoding=\"async\" width=\"600\" height=\"800\" src=\"https:\/\/voyagedelabaleine.fr\/wp-content\/uploads\/2026\/02\/chemise-blanche-short-bleu-garcon-3-600x800.jpg\" class=\"woo-entry-image-main\" alt=\"Completo elegante da bambino camicia e shorts &#8211; Blu\" itemprop=\"image\" srcset=\"https:\/\/voyagedelabaleine.fr\/wp-content\/uploads\/2026\/02\/chemise-blanche-short-bleu-garcon-3-600x800.jpg 600w, https:\/\/voyagedelabaleine.fr\/wp-content\/uploads\/2026\/02\/chemise-blanche-short-bleu-garcon-3-225x300.jpg 225w, https:\/\/voyagedelabaleine.fr\/wp-content\/uploads\/2026\/02\/chemise-blanche-short-bleu-garcon-3-768x1024.jpg 768w, https:\/\/voyagedelabaleine.fr\/wp-content\/uploads\/2026\/02\/chemise-blanche-short-bleu-garcon-3-1152x1536.jpg 1152w, https:\/\/voyagedelabaleine.fr\/wp-content\/uploads\/2026\/02\/chemise-blanche-short-bleu-garcon-3.jpg 1500w\" sizes=\"(max-width: 600px) 100vw, 600px\" \/><img decoding=\"async\" width=\"600\" height=\"800\" src=\"https:\/\/voyagedelabaleine.fr\/wp-content\/uploads\/2026\/02\/chemise-blanche-short-bleu-garcon-600x800.jpg\" class=\"woo-entry-image-secondary\" alt=\"Completo elegante da bambino camicia e shorts &#8211; Blu\" itemprop=\"image\" srcset=\"https:\/\/voyagedelabaleine.fr\/wp-content\/uploads\/2026\/02\/chemise-blanche-short-bleu-garcon-600x800.jpg 600w, https:\/\/voyagedelabaleine.fr\/wp-content\/uploads\/2026\/02\/chemise-blanche-short-bleu-garcon-225x300.jpg 225w, https:\/\/voyagedelabaleine.fr\/wp-content\/uploads\/2026\/02\/chemise-blanche-short-bleu-garcon-768x1024.jpg 768w, https:\/\/voyagedelabaleine.fr\/wp-content\/uploads\/2026\/02\/chemise-blanche-short-bleu-garcon-1152x1536.jpg 1152w, https:\/\/voyagedelabaleine.fr\/wp-content\/uploads\/2026\/02\/chemise-blanche-short-bleu-garcon.jpg 1347w\" sizes=\"(max-width: 600px) 100vw, 600px\" \/><\/a>\t<\/div><!-- .woo-entry-image-swap -->\n\n<ul class=\"woo-entry-inner clr\"><li class=\"image-wrap\">\n\t<div class=\"woo-entry-image-swap woo-entry-image clr\">\n\t\t<a href=\"https:\/\/voyagedelabaleine.fr\/it\/prodotto\/completo-elegante-da-bambino-camicia-e-shorts-blu\/\" class=\"woocommerce-LoopProduct-link\"><img decoding=\"async\" width=\"600\" height=\"800\" src=\"https:\/\/voyagedelabaleine.fr\/wp-content\/uploads\/2026\/02\/chemise-blanche-short-bleu-garcon-3-600x800.jpg\" class=\"woo-entry-image-main\" alt=\"Completo elegante da bambino camicia e shorts &#8211; Blu\" itemprop=\"image\" srcset=\"https:\/\/voyagedelabaleine.fr\/wp-content\/uploads\/2026\/02\/chemise-blanche-short-bleu-garcon-3-600x800.jpg 600w, https:\/\/voyagedelabaleine.fr\/wp-content\/uploads\/2026\/02\/chemise-blanche-short-bleu-garcon-3-225x300.jpg 225w, https:\/\/voyagedelabaleine.fr\/wp-content\/uploads\/2026\/02\/chemise-blanche-short-bleu-garcon-3-768x1024.jpg 768w, https:\/\/voyagedelabaleine.fr\/wp-content\/uploads\/2026\/02\/chemise-blanche-short-bleu-garcon-3-1152x1536.jpg 1152w, https:\/\/voyagedelabaleine.fr\/wp-content\/uploads\/2026\/02\/chemise-blanche-short-bleu-garcon-3.jpg 1500w\" sizes=\"(max-width: 600px) 100vw, 600px\" \/><img decoding=\"async\" width=\"600\" height=\"800\" src=\"https:\/\/voyagedelabaleine.fr\/wp-content\/uploads\/2026\/02\/chemise-blanche-short-bleu-garcon-600x800.jpg\" class=\"woo-entry-image-secondary\" alt=\"Completo elegante da bambino camicia e shorts &#8211; Blu\" itemprop=\"image\" srcset=\"https:\/\/voyagedelabaleine.fr\/wp-content\/uploads\/2026\/02\/chemise-blanche-short-bleu-garcon-600x800.jpg 600w, https:\/\/voyagedelabaleine.fr\/wp-content\/uploads\/2026\/02\/chemise-blanche-short-bleu-garcon-225x300.jpg 225w, https:\/\/voyagedelabaleine.fr\/wp-content\/uploads\/2026\/02\/chemise-blanche-short-bleu-garcon-768x1024.jpg 768w, https:\/\/voyagedelabaleine.fr\/wp-content\/uploads\/2026\/02\/chemise-blanche-short-bleu-garcon-1152x1536.jpg 1152w, https:\/\/voyagedelabaleine.fr\/wp-content\/uploads\/2026\/02\/chemise-blanche-short-bleu-garcon.jpg 1347w\" sizes=\"(max-width: 600px) 100vw, 600px\" \/><\/a>\t<\/div><!-- .woo-entry-image-swap -->\n\n<\/li><li class=\"title\"><h2><a href=\"https:\/\/voyagedelabaleine.fr\/it\/prodotto\/completo-elegante-da-bambino-camicia-e-shorts-blu\/\">Completo elegante da bambino camicia e shorts &#8211; Blu<\/a><\/h2><\/li><li class=\"price-wrap\">\n\t<span class=\"price\"><span class=\"woocommerce-Price-amount amount\"><bdi>86<span class=\"woocommerce-Price-currencySymbol\">&euro;<\/span><\/bdi><\/span><\/span>\n<\/li><\/ul><\/div><!-- .product-inner .clr --><\/li>\n<\/ul>\n<\/div><\/div>\n\t\t\t\t\t\t<\/div>\n\t\t\t\t<\/div>\n\t\t<div class=\"elementor-element elementor-element-2bf2b99 e-con-full e-flex e-con e-parent\" data-id=\"2bf2b99\" data-element_type=\"container\" data-e-type=\"container\">\n\t\t\t\t<div class=\"elementor-element elementor-element-1ba15b5 elementor-widget-divider--separator-type-pattern elementor-widget-divider--view-line elementor-widget elementor-widget-divider\" data-id=\"1ba15b5\" data-element_type=\"widget\" data-e-type=\"widget\" data-widget_type=\"divider.default\">\n\t\t\t\t\t\t\t<div class=\"elementor-divider\" style=\"--divider-pattern-url: url(&quot;data:image\/svg+xml,%3Csvg xmlns=&#039;http:\/\/www.w3.org\/2000\/svg&#039; preserveAspectRatio=&#039;none&#039; overflow=&#039;visible&#039; height=&#039;100%&#039; viewBox=&#039;0 0 24 24&#039; fill=&#039;black&#039; stroke=&#039;none&#039;%3E%3Cpath d=&#039;M12.7,2.3c-0.4-0.4-1.1-0.4-1.5,0l-8,9.1c-0.3,0.4-0.3,0.9,0,1.2l8,9.1c0.4,0.4,1.1,0.4,1.5,0l8-9.1c0.3-0.4,0.3-0.9,0-1.2L12.7,2.3z&#039;\/%3E%3C\/svg%3E&quot;);\">\n\t\t\t<span class=\"elementor-divider-separator\">\n\t\t\t\t\t\t<\/span>\n\t\t<\/div>\n\t\t\t\t\t\t<\/div>\n\t\t<div class=\"elementor-element elementor-element-f640780 e-grid e-con-full e-con e-child\" data-id=\"f640780\" data-element_type=\"container\" data-e-type=\"container\">\n\t\t<div class=\"elementor-element elementor-element-f9f02fc e-con-full e-flex e-con e-child\" data-id=\"f9f02fc\" data-element_type=\"container\" data-e-type=\"container\">\n\t\t\t\t<div class=\"elementor-element elementor-element-5cc41f7 elementor-widget elementor-widget-heading\" data-id=\"5cc41f7\" data-element_type=\"widget\" data-e-type=\"widget\" data-widget_type=\"heading.default\">\n\t\t\t\t\t<h2 class=\"elementor-heading-title elementor-size-default\">Freschezza &amp; seersucker<\/h2>\t\t\t\t<\/div>\n\t\t\t\t<\/div>\n\t\t\t\t<\/div>\n\t\t\t\t<\/div>\n\t\t<div class=\"elementor-element elementor-element-6d2831f e-con-full e-flex e-con e-parent\" data-id=\"6d2831f\" data-element_type=\"container\" data-e-type=\"container\">\n\t\t\t\t<div class=\"elementor-element elementor-element-d9b9aa1 elementor-widget elementor-widget-shortcode\" data-id=\"d9b9aa1\" data-element_type=\"widget\" data-e-type=\"widget\" data-widget_type=\"shortcode.default\">\n\t\t\t\t\t\t\t<div class=\"elementor-shortcode\"><div class=\"woocommerce columns-3 \">\r\n<ul class=\"products oceanwp-row clr grid tablet-col tablet-2-col mobile-col mobile-2-col\">\r\n<li class=\"entry has-media col span_1_of_3 owp-content-center owp-thumbs-layout-vertical owp-btn-big owp-tabs-layout-vertical circle-sale product type-product post-41574 status-publish first instock product_cat-pigiama product_cat-pigiama-nascita product_cat-pigiama-nascita-ragazzo product_cat-pigiama-neonati product_cat-pigiama-neonato has-post-thumbnail taxable shipping-taxable purchasable product-type-variable has-default-attributes\">\n\t<div class=\"product-inner clr\">\n\t<div class=\"woo-entry-image-swap woo-entry-image clr\">\n\t\t<a href=\"https:\/\/voyagedelabaleine.fr\/it\/prodotto\/pigiama-neonato-bambino-seersucker-bianco-blu\/\" class=\"woocommerce-LoopProduct-link\"><img decoding=\"async\" width=\"600\" height=\"800\" src=\"https:\/\/voyagedelabaleine.fr\/wp-content\/uploads\/2026\/02\/pyjama-bebe-garcon-seersucker-600x800.jpg\" class=\"woo-entry-image-main\" alt=\"Pigiama neonato bambino seersucker &#8211; Bianco\/blu\" itemprop=\"image\" srcset=\"https:\/\/voyagedelabaleine.fr\/wp-content\/uploads\/2026\/02\/pyjama-bebe-garcon-seersucker-600x800.jpg 600w, https:\/\/voyagedelabaleine.fr\/wp-content\/uploads\/2026\/02\/pyjama-bebe-garcon-seersucker-225x300.jpg 225w, https:\/\/voyagedelabaleine.fr\/wp-content\/uploads\/2026\/02\/pyjama-bebe-garcon-seersucker-768x1024.jpg 768w, https:\/\/voyagedelabaleine.fr\/wp-content\/uploads\/2026\/02\/pyjama-bebe-garcon-seersucker-1152x1536.jpg 1152w, https:\/\/voyagedelabaleine.fr\/wp-content\/uploads\/2026\/02\/pyjama-bebe-garcon-seersucker.jpg 1300w\" sizes=\"(max-width: 600px) 100vw, 600px\" \/><img decoding=\"async\" width=\"600\" height=\"800\" src=\"https:\/\/voyagedelabaleine.fr\/wp-content\/uploads\/2026\/02\/pyjama-bebe-garcon-seersucker-2-600x800.jpg\" class=\"woo-entry-image-secondary\" alt=\"Pigiama neonato bambino seersucker &#8211; Bianco\/blu\" itemprop=\"image\" srcset=\"https:\/\/voyagedelabaleine.fr\/wp-content\/uploads\/2026\/02\/pyjama-bebe-garcon-seersucker-2-600x800.jpg 600w, https:\/\/voyagedelabaleine.fr\/wp-content\/uploads\/2026\/02\/pyjama-bebe-garcon-seersucker-2-225x300.jpg 225w, https:\/\/voyagedelabaleine.fr\/wp-content\/uploads\/2026\/02\/pyjama-bebe-garcon-seersucker-2-768x1024.jpg 768w, https:\/\/voyagedelabaleine.fr\/wp-content\/uploads\/2026\/02\/pyjama-bebe-garcon-seersucker-2.jpg 819w\" sizes=\"(max-width: 600px) 100vw, 600px\" \/><\/a>\t<\/div><!-- .woo-entry-image-swap -->\n\n<ul class=\"woo-entry-inner clr\"><li class=\"image-wrap\">\n\t<div class=\"woo-entry-image-swap woo-entry-image clr\">\n\t\t<a href=\"https:\/\/voyagedelabaleine.fr\/it\/prodotto\/pigiama-neonato-bambino-seersucker-bianco-blu\/\" class=\"woocommerce-LoopProduct-link\"><img decoding=\"async\" width=\"600\" height=\"800\" src=\"https:\/\/voyagedelabaleine.fr\/wp-content\/uploads\/2026\/02\/pyjama-bebe-garcon-seersucker-600x800.jpg\" class=\"woo-entry-image-main\" alt=\"Pigiama neonato bambino seersucker &#8211; Bianco\/blu\" itemprop=\"image\" srcset=\"https:\/\/voyagedelabaleine.fr\/wp-content\/uploads\/2026\/02\/pyjama-bebe-garcon-seersucker-600x800.jpg 600w, https:\/\/voyagedelabaleine.fr\/wp-content\/uploads\/2026\/02\/pyjama-bebe-garcon-seersucker-225x300.jpg 225w, https:\/\/voyagedelabaleine.fr\/wp-content\/uploads\/2026\/02\/pyjama-bebe-garcon-seersucker-768x1024.jpg 768w, https:\/\/voyagedelabaleine.fr\/wp-content\/uploads\/2026\/02\/pyjama-bebe-garcon-seersucker-1152x1536.jpg 1152w, https:\/\/voyagedelabaleine.fr\/wp-content\/uploads\/2026\/02\/pyjama-bebe-garcon-seersucker.jpg 1300w\" sizes=\"(max-width: 600px) 100vw, 600px\" \/><img decoding=\"async\" width=\"600\" height=\"800\" src=\"https:\/\/voyagedelabaleine.fr\/wp-content\/uploads\/2026\/02\/pyjama-bebe-garcon-seersucker-2-600x800.jpg\" class=\"woo-entry-image-secondary\" alt=\"Pigiama neonato bambino seersucker &#8211; Bianco\/blu\" itemprop=\"image\" srcset=\"https:\/\/voyagedelabaleine.fr\/wp-content\/uploads\/2026\/02\/pyjama-bebe-garcon-seersucker-2-600x800.jpg 600w, https:\/\/voyagedelabaleine.fr\/wp-content\/uploads\/2026\/02\/pyjama-bebe-garcon-seersucker-2-225x300.jpg 225w, https:\/\/voyagedelabaleine.fr\/wp-content\/uploads\/2026\/02\/pyjama-bebe-garcon-seersucker-2-768x1024.jpg 768w, https:\/\/voyagedelabaleine.fr\/wp-content\/uploads\/2026\/02\/pyjama-bebe-garcon-seersucker-2.jpg 819w\" sizes=\"(max-width: 600px) 100vw, 600px\" \/><\/a>\t<\/div><!-- .woo-entry-image-swap -->\n\n<\/li><li class=\"title\"><h2><a href=\"https:\/\/voyagedelabaleine.fr\/it\/prodotto\/pigiama-neonato-bambino-seersucker-bianco-blu\/\">Pigiama neonato bambino seersucker &#8211; Bianco\/blu<\/a><\/h2><\/li><li class=\"price-wrap\">\n\t<span class=\"price\"><span class=\"woocommerce-Price-amount amount\"><bdi>48<span class=\"woocommerce-Price-currencySymbol\">&euro;<\/span><\/bdi><\/span><\/span>\n<\/li><\/ul><\/div><!-- .product-inner .clr --><\/li>\n<li class=\"entry has-media col span_1_of_3 owp-content-center owp-thumbs-layout-vertical owp-btn-big owp-tabs-layout-vertical circle-sale product type-product post-41706 status-publish instock product_cat-abbigliamento product_cat-bambina product_cat-neonata product_cat-vestito-bambina product_cat-vestito-neonata has-post-thumbnail taxable shipping-taxable purchasable product-type-variable has-default-attributes\">\n\t<div class=\"product-inner clr\">\n\t<div class=\"woo-entry-image-swap woo-entry-image clr\">\n\t\t<a href=\"https:\/\/voyagedelabaleine.fr\/it\/prodotto\/abito-in-seersucker-a-righe-ricamato-blu\/\" class=\"woocommerce-LoopProduct-link\"><img decoding=\"async\" width=\"600\" height=\"800\" src=\"https:\/\/voyagedelabaleine.fr\/wp-content\/uploads\/2026\/02\/robe-fille-seersucker-raye-600x800.jpg\" class=\"woo-entry-image-main\" alt=\"Abito in seersucker a righe ricamato &#8211; Blu\" itemprop=\"image\" srcset=\"https:\/\/voyagedelabaleine.fr\/wp-content\/uploads\/2026\/02\/robe-fille-seersucker-raye-600x800.jpg 600w, https:\/\/voyagedelabaleine.fr\/wp-content\/uploads\/2026\/02\/robe-fille-seersucker-raye-225x300.jpg 225w, https:\/\/voyagedelabaleine.fr\/wp-content\/uploads\/2026\/02\/robe-fille-seersucker-raye-769x1024.jpg 769w, https:\/\/voyagedelabaleine.fr\/wp-content\/uploads\/2026\/02\/robe-fille-seersucker-raye-1154x1536.jpg 1154w\" sizes=\"(max-width: 600px) 100vw, 600px\" \/><img decoding=\"async\" width=\"600\" height=\"800\" src=\"https:\/\/voyagedelabaleine.fr\/wp-content\/uploads\/2026\/02\/robe-fille-seersucker-raye-4-600x800.jpg\" class=\"woo-entry-image-secondary\" alt=\"Abito in seersucker a righe ricamato &#8211; Blu\" itemprop=\"image\" srcset=\"https:\/\/voyagedelabaleine.fr\/wp-content\/uploads\/2026\/02\/robe-fille-seersucker-raye-4-600x799.jpg 600w, https:\/\/voyagedelabaleine.fr\/wp-content\/uploads\/2026\/02\/robe-fille-seersucker-raye-4-225x300.jpg 225w, https:\/\/voyagedelabaleine.fr\/wp-content\/uploads\/2026\/02\/robe-fille-seersucker-raye-4.jpg 704w\" sizes=\"(max-width: 600px) 100vw, 600px\" \/><\/a>\t<\/div><!-- .woo-entry-image-swap -->\n\n<ul class=\"woo-entry-inner clr\"><li class=\"image-wrap\">\n\t<div class=\"woo-entry-image-swap woo-entry-image clr\">\n\t\t<a href=\"https:\/\/voyagedelabaleine.fr\/it\/prodotto\/abito-in-seersucker-a-righe-ricamato-blu\/\" class=\"woocommerce-LoopProduct-link\"><img decoding=\"async\" width=\"600\" height=\"800\" src=\"https:\/\/voyagedelabaleine.fr\/wp-content\/uploads\/2026\/02\/robe-fille-seersucker-raye-600x800.jpg\" class=\"woo-entry-image-main\" alt=\"Abito in seersucker a righe ricamato &#8211; Blu\" itemprop=\"image\" srcset=\"https:\/\/voyagedelabaleine.fr\/wp-content\/uploads\/2026\/02\/robe-fille-seersucker-raye-600x800.jpg 600w, https:\/\/voyagedelabaleine.fr\/wp-content\/uploads\/2026\/02\/robe-fille-seersucker-raye-225x300.jpg 225w, https:\/\/voyagedelabaleine.fr\/wp-content\/uploads\/2026\/02\/robe-fille-seersucker-raye-769x1024.jpg 769w, https:\/\/voyagedelabaleine.fr\/wp-content\/uploads\/2026\/02\/robe-fille-seersucker-raye-1154x1536.jpg 1154w\" sizes=\"(max-width: 600px) 100vw, 600px\" \/><img decoding=\"async\" width=\"600\" height=\"800\" src=\"https:\/\/voyagedelabaleine.fr\/wp-content\/uploads\/2026\/02\/robe-fille-seersucker-raye-4-600x800.jpg\" class=\"woo-entry-image-secondary\" alt=\"Abito in seersucker a righe ricamato &#8211; Blu\" itemprop=\"image\" srcset=\"https:\/\/voyagedelabaleine.fr\/wp-content\/uploads\/2026\/02\/robe-fille-seersucker-raye-4-600x799.jpg 600w, https:\/\/voyagedelabaleine.fr\/wp-content\/uploads\/2026\/02\/robe-fille-seersucker-raye-4-225x300.jpg 225w, https:\/\/voyagedelabaleine.fr\/wp-content\/uploads\/2026\/02\/robe-fille-seersucker-raye-4.jpg 704w\" sizes=\"(max-width: 600px) 100vw, 600px\" \/><\/a>\t<\/div><!-- .woo-entry-image-swap -->\n\n<\/li><li class=\"title\"><h2><a href=\"https:\/\/voyagedelabaleine.fr\/it\/prodotto\/abito-in-seersucker-a-righe-ricamato-blu\/\">Abito in seersucker a righe ricamato &#8211; Blu<\/a><\/h2><\/li><li class=\"price-wrap\">\n\t<span class=\"price\"><span class=\"woocommerce-Price-amount amount\"><bdi>68<span class=\"woocommerce-Price-currencySymbol\">&euro;<\/span><\/bdi><\/span><\/span>\n<\/li><\/ul><\/div><!-- .product-inner .clr --><\/li>\n<li class=\"entry has-media col span_1_of_3 owp-content-center owp-thumbs-layout-vertical owp-btn-big owp-tabs-layout-vertical circle-sale product type-product post-41608 status-publish last instock product_cat-abbigliamento product_cat-pagliaccetto-salopette-nascita product_cat-pagliaccetto-salopette-nascita-ragazzo product_cat-pagliaccetto-salopette-neonati product_cat-pagliaccetto-salopette-neonato has-post-thumbnail taxable shipping-taxable purchasable product-type-variable has-default-attributes\">\n\t<div class=\"product-inner clr\">\n\t<div class=\"woo-entry-image-swap woo-entry-image clr\">\n\t\t<a href=\"https:\/\/voyagedelabaleine.fr\/it\/prodotto\/salopette-neonato-bambino-in-seersucker-a-righe-blu\/\" class=\"woocommerce-LoopProduct-link\"><img decoding=\"async\" width=\"600\" height=\"800\" src=\"https:\/\/voyagedelabaleine.fr\/wp-content\/uploads\/2026\/02\/salopette-bebe-garcon-seersucker-raye-600x800.jpg\" class=\"woo-entry-image-main\" alt=\"Salopette neonato bambino in seersucker a righe &#8211; Blu\" itemprop=\"image\" srcset=\"https:\/\/voyagedelabaleine.fr\/wp-content\/uploads\/2026\/02\/salopette-bebe-garcon-seersucker-raye-600x799.jpg 600w, https:\/\/voyagedelabaleine.fr\/wp-content\/uploads\/2026\/02\/salopette-bebe-garcon-seersucker-raye-225x300.jpg 225w, https:\/\/voyagedelabaleine.fr\/wp-content\/uploads\/2026\/02\/salopette-bebe-garcon-seersucker-raye-769x1024.jpg 769w, https:\/\/voyagedelabaleine.fr\/wp-content\/uploads\/2026\/02\/salopette-bebe-garcon-seersucker-raye-768x1023.jpg 768w, https:\/\/voyagedelabaleine.fr\/wp-content\/uploads\/2026\/02\/salopette-bebe-garcon-seersucker-raye-1153x1536.jpg 1153w, https:\/\/voyagedelabaleine.fr\/wp-content\/uploads\/2026\/02\/salopette-bebe-garcon-seersucker-raye.jpg 1300w\" sizes=\"(max-width: 600px) 100vw, 600px\" \/><img decoding=\"async\" width=\"600\" height=\"800\" src=\"https:\/\/voyagedelabaleine.fr\/wp-content\/uploads\/2026\/02\/salopette-bebe-garcon-seersucker-raye-2-600x800.jpg\" class=\"woo-entry-image-secondary\" alt=\"Salopette neonato bambino in seersucker a righe &#8211; Blu\" itemprop=\"image\" srcset=\"https:\/\/voyagedelabaleine.fr\/wp-content\/uploads\/2026\/02\/salopette-bebe-garcon-seersucker-raye-2-600x800.jpg 600w, https:\/\/voyagedelabaleine.fr\/wp-content\/uploads\/2026\/02\/salopette-bebe-garcon-seersucker-raye-2-225x300.jpg 225w, https:\/\/voyagedelabaleine.fr\/wp-content\/uploads\/2026\/02\/salopette-bebe-garcon-seersucker-raye-2-768x1024.jpg 768w, https:\/\/voyagedelabaleine.fr\/wp-content\/uploads\/2026\/02\/salopette-bebe-garcon-seersucker-raye-2.jpg 787w\" sizes=\"(max-width: 600px) 100vw, 600px\" \/><\/a>\t<\/div><!-- .woo-entry-image-swap -->\n\n<ul class=\"woo-entry-inner clr\"><li class=\"image-wrap\">\n\t<div class=\"woo-entry-image-swap woo-entry-image clr\">\n\t\t<a href=\"https:\/\/voyagedelabaleine.fr\/it\/prodotto\/salopette-neonato-bambino-in-seersucker-a-righe-blu\/\" class=\"woocommerce-LoopProduct-link\"><img decoding=\"async\" width=\"600\" height=\"800\" src=\"https:\/\/voyagedelabaleine.fr\/wp-content\/uploads\/2026\/02\/salopette-bebe-garcon-seersucker-raye-600x800.jpg\" class=\"woo-entry-image-main\" alt=\"Salopette neonato bambino in seersucker a righe &#8211; Blu\" itemprop=\"image\" srcset=\"https:\/\/voyagedelabaleine.fr\/wp-content\/uploads\/2026\/02\/salopette-bebe-garcon-seersucker-raye-600x799.jpg 600w, https:\/\/voyagedelabaleine.fr\/wp-content\/uploads\/2026\/02\/salopette-bebe-garcon-seersucker-raye-225x300.jpg 225w, https:\/\/voyagedelabaleine.fr\/wp-content\/uploads\/2026\/02\/salopette-bebe-garcon-seersucker-raye-769x1024.jpg 769w, https:\/\/voyagedelabaleine.fr\/wp-content\/uploads\/2026\/02\/salopette-bebe-garcon-seersucker-raye-768x1023.jpg 768w, https:\/\/voyagedelabaleine.fr\/wp-content\/uploads\/2026\/02\/salopette-bebe-garcon-seersucker-raye-1153x1536.jpg 1153w, https:\/\/voyagedelabaleine.fr\/wp-content\/uploads\/2026\/02\/salopette-bebe-garcon-seersucker-raye.jpg 1300w\" sizes=\"(max-width: 600px) 100vw, 600px\" \/><img decoding=\"async\" width=\"600\" height=\"800\" src=\"https:\/\/voyagedelabaleine.fr\/wp-content\/uploads\/2026\/02\/salopette-bebe-garcon-seersucker-raye-2-600x800.jpg\" class=\"woo-entry-image-secondary\" alt=\"Salopette neonato bambino in seersucker a righe &#8211; Blu\" itemprop=\"image\" srcset=\"https:\/\/voyagedelabaleine.fr\/wp-content\/uploads\/2026\/02\/salopette-bebe-garcon-seersucker-raye-2-600x800.jpg 600w, https:\/\/voyagedelabaleine.fr\/wp-content\/uploads\/2026\/02\/salopette-bebe-garcon-seersucker-raye-2-225x300.jpg 225w, https:\/\/voyagedelabaleine.fr\/wp-content\/uploads\/2026\/02\/salopette-bebe-garcon-seersucker-raye-2-768x1024.jpg 768w, https:\/\/voyagedelabaleine.fr\/wp-content\/uploads\/2026\/02\/salopette-bebe-garcon-seersucker-raye-2.jpg 787w\" sizes=\"(max-width: 600px) 100vw, 600px\" \/><\/a>\t<\/div><!-- .woo-entry-image-swap -->\n\n<\/li><li class=\"title\"><h2><a href=\"https:\/\/voyagedelabaleine.fr\/it\/prodotto\/salopette-neonato-bambino-in-seersucker-a-righe-blu\/\">Salopette neonato bambino in seersucker a righe &#8211; Blu<\/a><\/h2><\/li><li class=\"price-wrap\">\n\t<span class=\"price\"><span class=\"woocommerce-Price-amount amount\"><bdi>54<span class=\"woocommerce-Price-currencySymbol\">&euro;<\/span><\/bdi><\/span><\/span>\n<\/li><\/ul><\/div><!-- .product-inner .clr --><\/li>\n<\/ul>\n<\/div><\/div>\n\t\t\t\t\t\t<\/div>\n\t\t\t\t<\/div>\n\t\t<div class=\"elementor-element elementor-element-1d66f9a e-con-full e-flex e-con e-parent\" data-id=\"1d66f9a\" data-element_type=\"container\" data-e-type=\"container\">\n\t\t\t\t<div class=\"elementor-element elementor-element-0fa475f elementor-widget-divider--separator-type-pattern elementor-widget-divider--view-line elementor-widget elementor-widget-divider\" data-id=\"0fa475f\" data-element_type=\"widget\" data-e-type=\"widget\" data-widget_type=\"divider.default\">\n\t\t\t\t\t\t\t<div class=\"elementor-divider\" style=\"--divider-pattern-url: url(&quot;data:image\/svg+xml,%3Csvg xmlns=&#039;http:\/\/www.w3.org\/2000\/svg&#039; preserveAspectRatio=&#039;none&#039; overflow=&#039;visible&#039; height=&#039;100%&#039; viewBox=&#039;0 0 24 24&#039; fill=&#039;black&#039; stroke=&#039;none&#039;%3E%3Cpath d=&#039;M12.7,2.3c-0.4-0.4-1.1-0.4-1.5,0l-8,9.1c-0.3,0.4-0.3,0.9,0,1.2l8,9.1c0.4,0.4,1.1,0.4,1.5,0l8-9.1c0.3-0.4,0.3-0.9,0-1.2L12.7,2.3z&#039;\/%3E%3C\/svg%3E&quot;);\">\n\t\t\t<span class=\"elementor-divider-separator\">\n\t\t\t\t\t\t<\/span>\n\t\t<\/div>\n\t\t\t\t\t\t<\/div>\n\t\t<div class=\"elementor-element elementor-element-5e9638d e-grid e-con-full e-con e-child\" data-id=\"5e9638d\" data-element_type=\"container\" data-e-type=\"container\">\n\t\t<div class=\"elementor-element elementor-element-86a18c2 e-con-full e-flex e-con e-child\" data-id=\"86a18c2\" data-element_type=\"container\" data-e-type=\"container\">\n\t\t\t\t<div class=\"elementor-element elementor-element-c41f36d elementor-widget elementor-widget-heading\" data-id=\"c41f36d\" data-element_type=\"widget\" data-e-type=\"widget\" data-widget_type=\"heading.default\">\n\t\t\t\t\t<h2 class=\"elementor-heading-title elementor-size-default\">Leggerezza estiva<\/h2>\t\t\t\t<\/div>\n\t\t\t\t<\/div>\n\t\t\t\t<\/div>\n\t\t\t\t<\/div>\n\t\t<div class=\"elementor-element elementor-element-4057bac e-con-full e-flex e-con e-parent\" data-id=\"4057bac\" data-element_type=\"container\" data-e-type=\"container\">\n\t\t\t\t<div class=\"elementor-element elementor-element-64d9695 elementor-widget elementor-widget-shortcode\" data-id=\"64d9695\" data-element_type=\"widget\" data-e-type=\"widget\" data-widget_type=\"shortcode.default\">\n\t\t\t\t\t\t\t<div class=\"elementor-shortcode\"><div class=\"woocommerce columns-4 \">\r\n<ul class=\"products oceanwp-row clr grid tablet-col tablet-2-col mobile-col mobile-2-col\">\r\n<li class=\"entry has-media has-rating col span_1_of_4 owp-content-center owp-thumbs-layout-vertical owp-btn-big owp-tabs-layout-vertical circle-sale product type-product post-37576 status-publish first instock product_cat-abbigliamento product_cat-blusa-camicia-bambina product_cat-blusa-camicia-bambini product_cat-completo-salopette-bambina product_cat-completo-salopette-bambini product_cat-pantaloni-short-bambina product_cat-pantaloni-short-bambini has-post-thumbnail taxable shipping-taxable purchasable product-type-variable has-default-attributes\">\n\t<div class=\"product-inner clr\">\n\t<div class=\"woo-entry-image-swap woo-entry-image clr\">\n\t\t<a href=\"https:\/\/voyagedelabaleine.fr\/it\/prodotto\/completo-bambina-short-a-righe-e-camicetta-con-volant-blu-bianco\/\" class=\"woocommerce-LoopProduct-link\"><img decoding=\"async\" width=\"600\" height=\"800\" src=\"https:\/\/voyagedelabaleine.fr\/wp-content\/uploads\/2026\/01\/ensemble-fille-short-blouse-600x800.jpg\" class=\"woo-entry-image-main\" alt=\"Completo bambina short a righe e camicetta con volant \u2013 Blu\/bianco\" itemprop=\"image\" srcset=\"https:\/\/voyagedelabaleine.fr\/wp-content\/uploads\/2026\/01\/ensemble-fille-short-blouse-600x800.jpg 600w, https:\/\/voyagedelabaleine.fr\/wp-content\/uploads\/2026\/01\/ensemble-fille-short-blouse-225x300.jpg 225w, https:\/\/voyagedelabaleine.fr\/wp-content\/uploads\/2026\/01\/ensemble-fille-short-blouse-768x1024.jpg 768w, https:\/\/voyagedelabaleine.fr\/wp-content\/uploads\/2026\/01\/ensemble-fille-short-blouse-1152x1536.jpg 1152w, https:\/\/voyagedelabaleine.fr\/wp-content\/uploads\/2026\/01\/ensemble-fille-short-blouse.jpg 1200w\" sizes=\"(max-width: 600px) 100vw, 600px\" \/><img decoding=\"async\" width=\"600\" height=\"800\" src=\"https:\/\/voyagedelabaleine.fr\/wp-content\/uploads\/2026\/01\/ensemble-fille-short-blouse-1-600x800.jpg\" class=\"woo-entry-image-secondary\" alt=\"Completo bambina short a righe e camicetta con volant \u2013 Blu\/bianco\" itemprop=\"image\" srcset=\"https:\/\/voyagedelabaleine.fr\/wp-content\/uploads\/2026\/01\/ensemble-fille-short-blouse-1-600x799.jpg 600w, https:\/\/voyagedelabaleine.fr\/wp-content\/uploads\/2026\/01\/ensemble-fille-short-blouse-1-225x300.jpg 225w, https:\/\/voyagedelabaleine.fr\/wp-content\/uploads\/2026\/01\/ensemble-fille-short-blouse-1-769x1024.jpg 769w, https:\/\/voyagedelabaleine.fr\/wp-content\/uploads\/2026\/01\/ensemble-fille-short-blouse-1-768x1023.jpg 768w, https:\/\/voyagedelabaleine.fr\/wp-content\/uploads\/2026\/01\/ensemble-fille-short-blouse-1-1153x1536.jpg 1153w, https:\/\/voyagedelabaleine.fr\/wp-content\/uploads\/2026\/01\/ensemble-fille-short-blouse-1.jpg 1300w\" sizes=\"(max-width: 600px) 100vw, 600px\" \/><\/a>\t<\/div><!-- .woo-entry-image-swap -->\n\n<ul class=\"woo-entry-inner clr\"><li class=\"image-wrap\">\n\t<div class=\"woo-entry-image-swap woo-entry-image clr\">\n\t\t<a href=\"https:\/\/voyagedelabaleine.fr\/it\/prodotto\/completo-bambina-short-a-righe-e-camicetta-con-volant-blu-bianco\/\" class=\"woocommerce-LoopProduct-link\"><img decoding=\"async\" width=\"600\" height=\"800\" src=\"https:\/\/voyagedelabaleine.fr\/wp-content\/uploads\/2026\/01\/ensemble-fille-short-blouse-600x800.jpg\" class=\"woo-entry-image-main\" alt=\"Completo bambina short a righe e camicetta con volant \u2013 Blu\/bianco\" itemprop=\"image\" srcset=\"https:\/\/voyagedelabaleine.fr\/wp-content\/uploads\/2026\/01\/ensemble-fille-short-blouse-600x800.jpg 600w, https:\/\/voyagedelabaleine.fr\/wp-content\/uploads\/2026\/01\/ensemble-fille-short-blouse-225x300.jpg 225w, https:\/\/voyagedelabaleine.fr\/wp-content\/uploads\/2026\/01\/ensemble-fille-short-blouse-768x1024.jpg 768w, https:\/\/voyagedelabaleine.fr\/wp-content\/uploads\/2026\/01\/ensemble-fille-short-blouse-1152x1536.jpg 1152w, https:\/\/voyagedelabaleine.fr\/wp-content\/uploads\/2026\/01\/ensemble-fille-short-blouse.jpg 1200w\" sizes=\"(max-width: 600px) 100vw, 600px\" \/><img decoding=\"async\" width=\"600\" height=\"800\" src=\"https:\/\/voyagedelabaleine.fr\/wp-content\/uploads\/2026\/01\/ensemble-fille-short-blouse-1-600x800.jpg\" class=\"woo-entry-image-secondary\" alt=\"Completo bambina short a righe e camicetta con volant \u2013 Blu\/bianco\" itemprop=\"image\" srcset=\"https:\/\/voyagedelabaleine.fr\/wp-content\/uploads\/2026\/01\/ensemble-fille-short-blouse-1-600x799.jpg 600w, https:\/\/voyagedelabaleine.fr\/wp-content\/uploads\/2026\/01\/ensemble-fille-short-blouse-1-225x300.jpg 225w, https:\/\/voyagedelabaleine.fr\/wp-content\/uploads\/2026\/01\/ensemble-fille-short-blouse-1-769x1024.jpg 769w, https:\/\/voyagedelabaleine.fr\/wp-content\/uploads\/2026\/01\/ensemble-fille-short-blouse-1-768x1023.jpg 768w, https:\/\/voyagedelabaleine.fr\/wp-content\/uploads\/2026\/01\/ensemble-fille-short-blouse-1-1153x1536.jpg 1153w, https:\/\/voyagedelabaleine.fr\/wp-content\/uploads\/2026\/01\/ensemble-fille-short-blouse-1.jpg 1300w\" sizes=\"(max-width: 600px) 100vw, 600px\" \/><\/a>\t<\/div><!-- .woo-entry-image-swap -->\n\n<\/li><li class=\"title\"><h2><a href=\"https:\/\/voyagedelabaleine.fr\/it\/prodotto\/completo-bambina-short-a-righe-e-camicetta-con-volant-blu-bianco\/\">Completo bambina short a righe e camicetta con volant \u2013 Blu\/bianco<\/a><\/h2><\/li><li class=\"price-wrap\">\n\t<span class=\"price\"><span class=\"woocommerce-Price-amount amount\"><bdi>48<span class=\"woocommerce-Price-currencySymbol\">&euro;<\/span><\/bdi><\/span><\/span>\n<\/li><\/ul><\/div><!-- .product-inner .clr --><\/li>\n<li class=\"entry has-media has-rating col span_1_of_4 owp-content-center owp-thumbs-layout-vertical owp-btn-big owp-tabs-layout-vertical circle-sale product type-product post-37494 status-publish instock product_cat-abbigliamento product_cat-pagliaccetto-salopette-nascita product_cat-pagliaccetto-salopette-nascita-ragazza product_cat-pagliaccetto-salopette-nascita-ragazzo product_cat-pagliaccetto-salopette-neonata product_cat-pagliaccetto-salopette-neonati product_cat-pagliaccetto-salopette-neonato has-post-thumbnail taxable shipping-taxable purchasable product-type-variable has-default-attributes\">\n\t<div class=\"product-inner clr\">\n\t<div class=\"woo-entry-image-swap woo-entry-image clr\">\n\t\t<a href=\"https:\/\/voyagedelabaleine.fr\/it\/prodotto\/pagliaccetto-neonato-a-bretelle-incrociate-a-righe-blu-bianco\/\" class=\"woocommerce-LoopProduct-link\"><img decoding=\"async\" width=\"600\" height=\"800\" src=\"https:\/\/voyagedelabaleine.fr\/wp-content\/uploads\/2026\/01\/barboteuse-fine-rayures-bleu-600x800.jpg\" class=\"woo-entry-image-main\" alt=\"Pagliaccetto neonato a bretelle incrociate a righe &#8211; Blu\/bianco\" itemprop=\"image\" srcset=\"https:\/\/voyagedelabaleine.fr\/wp-content\/uploads\/2026\/01\/barboteuse-fine-rayures-bleu-600x800.jpg 600w, https:\/\/voyagedelabaleine.fr\/wp-content\/uploads\/2026\/01\/barboteuse-fine-rayures-bleu-225x300.jpg 225w, https:\/\/voyagedelabaleine.fr\/wp-content\/uploads\/2026\/01\/barboteuse-fine-rayures-bleu-768x1024.jpg 768w, https:\/\/voyagedelabaleine.fr\/wp-content\/uploads\/2026\/01\/barboteuse-fine-rayures-bleu-1152x1536.jpg 1152w, https:\/\/voyagedelabaleine.fr\/wp-content\/uploads\/2026\/01\/barboteuse-fine-rayures-bleu.jpg 1300w\" sizes=\"(max-width: 600px) 100vw, 600px\" \/><img decoding=\"async\" width=\"600\" height=\"800\" src=\"https:\/\/voyagedelabaleine.fr\/wp-content\/uploads\/2026\/01\/barboteuse-fine-rayures-bleu-1-600x800.jpg\" class=\"woo-entry-image-secondary\" alt=\"Pagliaccetto neonato a bretelle incrociate a righe &#8211; Blu\/bianco\" itemprop=\"image\" srcset=\"https:\/\/voyagedelabaleine.fr\/wp-content\/uploads\/2026\/01\/barboteuse-fine-rayures-bleu-1-600x800.jpg 600w, https:\/\/voyagedelabaleine.fr\/wp-content\/uploads\/2026\/01\/barboteuse-fine-rayures-bleu-1-225x300.jpg 225w, https:\/\/voyagedelabaleine.fr\/wp-content\/uploads\/2026\/01\/barboteuse-fine-rayures-bleu-1-768x1024.jpg 768w, https:\/\/voyagedelabaleine.fr\/wp-content\/uploads\/2026\/01\/barboteuse-fine-rayures-bleu-1.jpg 771w\" sizes=\"(max-width: 600px) 100vw, 600px\" \/><\/a>\t<\/div><!-- .woo-entry-image-swap -->\n\n<ul class=\"woo-entry-inner clr\"><li class=\"image-wrap\">\n\t<div class=\"woo-entry-image-swap woo-entry-image clr\">\n\t\t<a href=\"https:\/\/voyagedelabaleine.fr\/it\/prodotto\/pagliaccetto-neonato-a-bretelle-incrociate-a-righe-blu-bianco\/\" class=\"woocommerce-LoopProduct-link\"><img decoding=\"async\" width=\"600\" height=\"800\" src=\"https:\/\/voyagedelabaleine.fr\/wp-content\/uploads\/2026\/01\/barboteuse-fine-rayures-bleu-600x800.jpg\" class=\"woo-entry-image-main\" alt=\"Pagliaccetto neonato a bretelle incrociate a righe &#8211; Blu\/bianco\" itemprop=\"image\" srcset=\"https:\/\/voyagedelabaleine.fr\/wp-content\/uploads\/2026\/01\/barboteuse-fine-rayures-bleu-600x800.jpg 600w, https:\/\/voyagedelabaleine.fr\/wp-content\/uploads\/2026\/01\/barboteuse-fine-rayures-bleu-225x300.jpg 225w, https:\/\/voyagedelabaleine.fr\/wp-content\/uploads\/2026\/01\/barboteuse-fine-rayures-bleu-768x1024.jpg 768w, https:\/\/voyagedelabaleine.fr\/wp-content\/uploads\/2026\/01\/barboteuse-fine-rayures-bleu-1152x1536.jpg 1152w, https:\/\/voyagedelabaleine.fr\/wp-content\/uploads\/2026\/01\/barboteuse-fine-rayures-bleu.jpg 1300w\" sizes=\"(max-width: 600px) 100vw, 600px\" \/><img decoding=\"async\" width=\"600\" height=\"800\" src=\"https:\/\/voyagedelabaleine.fr\/wp-content\/uploads\/2026\/01\/barboteuse-fine-rayures-bleu-1-600x800.jpg\" class=\"woo-entry-image-secondary\" alt=\"Pagliaccetto neonato a bretelle incrociate a righe &#8211; Blu\/bianco\" itemprop=\"image\" srcset=\"https:\/\/voyagedelabaleine.fr\/wp-content\/uploads\/2026\/01\/barboteuse-fine-rayures-bleu-1-600x800.jpg 600w, https:\/\/voyagedelabaleine.fr\/wp-content\/uploads\/2026\/01\/barboteuse-fine-rayures-bleu-1-225x300.jpg 225w, https:\/\/voyagedelabaleine.fr\/wp-content\/uploads\/2026\/01\/barboteuse-fine-rayures-bleu-1-768x1024.jpg 768w, https:\/\/voyagedelabaleine.fr\/wp-content\/uploads\/2026\/01\/barboteuse-fine-rayures-bleu-1.jpg 771w\" sizes=\"(max-width: 600px) 100vw, 600px\" \/><\/a>\t<\/div><!-- .woo-entry-image-swap -->\n\n<\/li><li class=\"title\"><h2><a href=\"https:\/\/voyagedelabaleine.fr\/it\/prodotto\/pagliaccetto-neonato-a-bretelle-incrociate-a-righe-blu-bianco\/\">Pagliaccetto neonato a bretelle incrociate a righe &#8211; Blu\/bianco<\/a><\/h2><\/li><li class=\"price-wrap\">\n\t<span class=\"price\"><span class=\"woocommerce-Price-amount amount\"><bdi>30<span class=\"woocommerce-Price-currencySymbol\">&euro;<\/span><\/bdi><\/span><\/span>\n<\/li><\/ul><\/div><!-- .product-inner .clr --><\/li>\n<li class=\"entry has-media col span_1_of_4 owp-content-center owp-thumbs-layout-vertical owp-btn-big owp-tabs-layout-vertical circle-sale product type-product post-37354 status-publish instock product_cat-accessori-bambina product_cat-accessori-bambini product_cat-accessori-neonata product_cat-accessori-neonati has-post-thumbnail taxable shipping-taxable purchasable product-type-variable has-default-attributes\">\n\t<div class=\"product-inner clr\">\n\t<div class=\"woo-entry-image-swap woo-entry-image clr\">\n\t\t<a href=\"https:\/\/voyagedelabaleine.fr\/it\/prodotto\/fermaglio-a-fiocco-in-cotone-a-righe-blu-bianco\/\" class=\"woocommerce-LoopProduct-link\"><img decoding=\"async\" width=\"600\" height=\"800\" src=\"https:\/\/voyagedelabaleine.fr\/wp-content\/uploads\/2026\/01\/barrette-noeud-vichy-raye-bleu-1-600x800.jpg\" class=\"woo-entry-image-main\" alt=\"Fermaglio a fiocco in cotone a righe &#8211; Blu\/bianco\" itemprop=\"image\" srcset=\"https:\/\/voyagedelabaleine.fr\/wp-content\/uploads\/2026\/01\/barrette-noeud-vichy-raye-bleu-1-600x800.jpg 600w, https:\/\/voyagedelabaleine.fr\/wp-content\/uploads\/2026\/01\/barrette-noeud-vichy-raye-bleu-1-225x300.jpg 225w, https:\/\/voyagedelabaleine.fr\/wp-content\/uploads\/2026\/01\/barrette-noeud-vichy-raye-bleu-1-768x1024.jpg 768w, https:\/\/voyagedelabaleine.fr\/wp-content\/uploads\/2026\/01\/barrette-noeud-vichy-raye-bleu-1-1152x1536.jpg 1152w, https:\/\/voyagedelabaleine.fr\/wp-content\/uploads\/2026\/01\/barrette-noeud-vichy-raye-bleu-1.jpg 1200w\" sizes=\"(max-width: 600px) 100vw, 600px\" \/><img decoding=\"async\" width=\"600\" height=\"800\" src=\"https:\/\/voyagedelabaleine.fr\/wp-content\/uploads\/2026\/01\/barrette-noeud-vichy-raye-bleu-600x800.jpg\" class=\"woo-entry-image-secondary\" alt=\"Fermaglio a fiocco in cotone a righe &#8211; Blu\/bianco\" itemprop=\"image\" srcset=\"https:\/\/voyagedelabaleine.fr\/wp-content\/uploads\/2026\/01\/barrette-noeud-vichy-raye-bleu-600x800.jpg 600w, https:\/\/voyagedelabaleine.fr\/wp-content\/uploads\/2026\/01\/barrette-noeud-vichy-raye-bleu-225x300.jpg 225w, https:\/\/voyagedelabaleine.fr\/wp-content\/uploads\/2026\/01\/barrette-noeud-vichy-raye-bleu-768x1024.jpg 768w, https:\/\/voyagedelabaleine.fr\/wp-content\/uploads\/2026\/01\/barrette-noeud-vichy-raye-bleu-1152x1536.jpg 1152w, https:\/\/voyagedelabaleine.fr\/wp-content\/uploads\/2026\/01\/barrette-noeud-vichy-raye-bleu.jpg 1203w\" sizes=\"(max-width: 600px) 100vw, 600px\" \/><\/a>\t<\/div><!-- .woo-entry-image-swap -->\n\n<ul class=\"woo-entry-inner clr\"><li class=\"image-wrap\">\n\t<div class=\"woo-entry-image-swap woo-entry-image clr\">\n\t\t<a href=\"https:\/\/voyagedelabaleine.fr\/it\/prodotto\/fermaglio-a-fiocco-in-cotone-a-righe-blu-bianco\/\" class=\"woocommerce-LoopProduct-link\"><img decoding=\"async\" width=\"600\" height=\"800\" src=\"https:\/\/voyagedelabaleine.fr\/wp-content\/uploads\/2026\/01\/barrette-noeud-vichy-raye-bleu-1-600x800.jpg\" class=\"woo-entry-image-main\" alt=\"Fermaglio a fiocco in cotone a righe &#8211; Blu\/bianco\" itemprop=\"image\" srcset=\"https:\/\/voyagedelabaleine.fr\/wp-content\/uploads\/2026\/01\/barrette-noeud-vichy-raye-bleu-1-600x800.jpg 600w, https:\/\/voyagedelabaleine.fr\/wp-content\/uploads\/2026\/01\/barrette-noeud-vichy-raye-bleu-1-225x300.jpg 225w, https:\/\/voyagedelabaleine.fr\/wp-content\/uploads\/2026\/01\/barrette-noeud-vichy-raye-bleu-1-768x1024.jpg 768w, https:\/\/voyagedelabaleine.fr\/wp-content\/uploads\/2026\/01\/barrette-noeud-vichy-raye-bleu-1-1152x1536.jpg 1152w, https:\/\/voyagedelabaleine.fr\/wp-content\/uploads\/2026\/01\/barrette-noeud-vichy-raye-bleu-1.jpg 1200w\" sizes=\"(max-width: 600px) 100vw, 600px\" \/><img decoding=\"async\" width=\"600\" height=\"800\" src=\"https:\/\/voyagedelabaleine.fr\/wp-content\/uploads\/2026\/01\/barrette-noeud-vichy-raye-bleu-600x800.jpg\" class=\"woo-entry-image-secondary\" alt=\"Fermaglio a fiocco in cotone a righe &#8211; Blu\/bianco\" itemprop=\"image\" srcset=\"https:\/\/voyagedelabaleine.fr\/wp-content\/uploads\/2026\/01\/barrette-noeud-vichy-raye-bleu-600x800.jpg 600w, https:\/\/voyagedelabaleine.fr\/wp-content\/uploads\/2026\/01\/barrette-noeud-vichy-raye-bleu-225x300.jpg 225w, https:\/\/voyagedelabaleine.fr\/wp-content\/uploads\/2026\/01\/barrette-noeud-vichy-raye-bleu-768x1024.jpg 768w, https:\/\/voyagedelabaleine.fr\/wp-content\/uploads\/2026\/01\/barrette-noeud-vichy-raye-bleu-1152x1536.jpg 1152w, https:\/\/voyagedelabaleine.fr\/wp-content\/uploads\/2026\/01\/barrette-noeud-vichy-raye-bleu.jpg 1203w\" sizes=\"(max-width: 600px) 100vw, 600px\" \/><\/a>\t<\/div><!-- .woo-entry-image-swap -->\n\n<\/li><li class=\"title\"><h2><a href=\"https:\/\/voyagedelabaleine.fr\/it\/prodotto\/fermaglio-a-fiocco-in-cotone-a-righe-blu-bianco\/\">Fermaglio a fiocco in cotone a righe &#8211; Blu\/bianco<\/a><\/h2><\/li><li class=\"price-wrap\">\n\t<span class=\"price\"><span class=\"woocommerce-Price-amount amount\"><bdi>8<span class=\"woocommerce-Price-currencySymbol\">&euro;<\/span><\/bdi><\/span><\/span>\n<\/li><\/ul><\/div><!-- .product-inner .clr --><\/li>\n<li class=\"entry has-media col span_1_of_4 owp-content-center owp-thumbs-layout-vertical owp-btn-big owp-tabs-layout-vertical circle-sale product type-product post-38092 status-publish last instock product_cat-abbigliamento product_cat-bloomer-short-pantaloni-nascita product_cat-bloomer-short-pantaloni-nascita-ragazza product_cat-bloomer-short-pantaloni-nascita-ragazzo product_cat-bloomer-short-pantaloni-neonata product_cat-bloomer-short-pantaloni-neonati product_cat-bloomer-short-pantaloni-neonato has-post-thumbnail taxable shipping-taxable purchasable product-type-variable has-default-attributes\">\n\t<div class=\"product-inner clr\">\n\t<div class=\"woo-entry-image-swap woo-entry-image clr\">\n\t\t<a href=\"https:\/\/voyagedelabaleine.fr\/it\/prodotto\/bloomer-neonato-a-righe-sottili-blu-bianco\/\" class=\"woocommerce-LoopProduct-link\"><img decoding=\"async\" width=\"600\" height=\"800\" src=\"https:\/\/voyagedelabaleine.fr\/wp-content\/uploads\/2026\/01\/bloomer-bebe-fines-rayures-1-600x800.jpg\" class=\"woo-entry-image-main\" alt=\"Bloomer neonato a righe sottili &#8211; Blu\/Bianco\" itemprop=\"image\" srcset=\"https:\/\/voyagedelabaleine.fr\/wp-content\/uploads\/2026\/01\/bloomer-bebe-fines-rayures-1-600x800.jpg 600w, https:\/\/voyagedelabaleine.fr\/wp-content\/uploads\/2026\/01\/bloomer-bebe-fines-rayures-1-225x300.jpg 225w, https:\/\/voyagedelabaleine.fr\/wp-content\/uploads\/2026\/01\/bloomer-bebe-fines-rayures-1-768x1023.jpg 768w, https:\/\/voyagedelabaleine.fr\/wp-content\/uploads\/2026\/01\/bloomer-bebe-fines-rayures-1-1153x1536.jpg 1153w, https:\/\/voyagedelabaleine.fr\/wp-content\/uploads\/2026\/01\/bloomer-bebe-fines-rayures-1.jpg 1200w\" sizes=\"(max-width: 600px) 100vw, 600px\" \/><img decoding=\"async\" width=\"600\" height=\"800\" src=\"https:\/\/voyagedelabaleine.fr\/wp-content\/uploads\/2026\/01\/bloomer-bebe-fines-rayures-600x800.jpg\" class=\"woo-entry-image-secondary\" alt=\"Bloomer neonato a righe sottili &#8211; Blu\/Bianco\" itemprop=\"image\" srcset=\"https:\/\/voyagedelabaleine.fr\/wp-content\/uploads\/2026\/01\/bloomer-bebe-fines-rayures-600x800.jpg 600w, https:\/\/voyagedelabaleine.fr\/wp-content\/uploads\/2026\/01\/bloomer-bebe-fines-rayures-225x300.jpg 225w, https:\/\/voyagedelabaleine.fr\/wp-content\/uploads\/2026\/01\/bloomer-bebe-fines-rayures-768x1023.jpg 768w, https:\/\/voyagedelabaleine.fr\/wp-content\/uploads\/2026\/01\/bloomer-bebe-fines-rayures.jpg 800w\" sizes=\"(max-width: 600px) 100vw, 600px\" \/><\/a>\t<\/div><!-- .woo-entry-image-swap -->\n\n<ul class=\"woo-entry-inner clr\"><li class=\"image-wrap\">\n\t<div class=\"woo-entry-image-swap woo-entry-image clr\">\n\t\t<a href=\"https:\/\/voyagedelabaleine.fr\/it\/prodotto\/bloomer-neonato-a-righe-sottili-blu-bianco\/\" class=\"woocommerce-LoopProduct-link\"><img decoding=\"async\" width=\"600\" height=\"800\" src=\"https:\/\/voyagedelabaleine.fr\/wp-content\/uploads\/2026\/01\/bloomer-bebe-fines-rayures-1-600x800.jpg\" class=\"woo-entry-image-main\" alt=\"Bloomer neonato a righe sottili &#8211; Blu\/Bianco\" itemprop=\"image\" srcset=\"https:\/\/voyagedelabaleine.fr\/wp-content\/uploads\/2026\/01\/bloomer-bebe-fines-rayures-1-600x800.jpg 600w, https:\/\/voyagedelabaleine.fr\/wp-content\/uploads\/2026\/01\/bloomer-bebe-fines-rayures-1-225x300.jpg 225w, https:\/\/voyagedelabaleine.fr\/wp-content\/uploads\/2026\/01\/bloomer-bebe-fines-rayures-1-768x1023.jpg 768w, https:\/\/voyagedelabaleine.fr\/wp-content\/uploads\/2026\/01\/bloomer-bebe-fines-rayures-1-1153x1536.jpg 1153w, https:\/\/voyagedelabaleine.fr\/wp-content\/uploads\/2026\/01\/bloomer-bebe-fines-rayures-1.jpg 1200w\" sizes=\"(max-width: 600px) 100vw, 600px\" \/><img decoding=\"async\" width=\"600\" height=\"800\" src=\"https:\/\/voyagedelabaleine.fr\/wp-content\/uploads\/2026\/01\/bloomer-bebe-fines-rayures-600x800.jpg\" class=\"woo-entry-image-secondary\" alt=\"Bloomer neonato a righe sottili &#8211; Blu\/Bianco\" itemprop=\"image\" srcset=\"https:\/\/voyagedelabaleine.fr\/wp-content\/uploads\/2026\/01\/bloomer-bebe-fines-rayures-600x800.jpg 600w, https:\/\/voyagedelabaleine.fr\/wp-content\/uploads\/2026\/01\/bloomer-bebe-fines-rayures-225x300.jpg 225w, https:\/\/voyagedelabaleine.fr\/wp-content\/uploads\/2026\/01\/bloomer-bebe-fines-rayures-768x1023.jpg 768w, https:\/\/voyagedelabaleine.fr\/wp-content\/uploads\/2026\/01\/bloomer-bebe-fines-rayures.jpg 800w\" sizes=\"(max-width: 600px) 100vw, 600px\" \/><\/a>\t<\/div><!-- .woo-entry-image-swap -->\n\n<\/li><li class=\"title\"><h2><a href=\"https:\/\/voyagedelabaleine.fr\/it\/prodotto\/bloomer-neonato-a-righe-sottili-blu-bianco\/\">Bloomer neonato a righe sottili &#8211; Blu\/Bianco<\/a><\/h2><\/li><li class=\"price-wrap\">\n\t<span class=\"price\"><span class=\"woocommerce-Price-amount amount\"><bdi>24<span class=\"woocommerce-Price-currencySymbol\">&euro;<\/span><\/bdi><\/span><\/span>\n<\/li><\/ul><\/div><!-- .product-inner .clr --><\/li>\n<\/ul>\n<\/div><\/div>\n\t\t\t\t\t\t<\/div>\n\t\t\t\t<\/div>\n\t\t<div class=\"elementor-element elementor-element-9b15731 e-con-full e-flex e-con e-parent\" data-id=\"9b15731\" data-element_type=\"container\" data-e-type=\"container\">\n\t\t\t\t<div class=\"elementor-element elementor-element-47d5701 elementor-widget-divider--separator-type-pattern elementor-widget-divider--view-line elementor-widget elementor-widget-divider\" data-id=\"47d5701\" data-element_type=\"widget\" data-e-type=\"widget\" data-widget_type=\"divider.default\">\n\t\t\t\t\t\t\t<div class=\"elementor-divider\" style=\"--divider-pattern-url: url(&quot;data:image\/svg+xml,%3Csvg xmlns=&#039;http:\/\/www.w3.org\/2000\/svg&#039; preserveAspectRatio=&#039;none&#039; overflow=&#039;visible&#039; height=&#039;100%&#039; viewBox=&#039;0 0 24 24&#039; fill=&#039;black&#039; stroke=&#039;none&#039;%3E%3Cpath d=&#039;M12.7,2.3c-0.4-0.4-1.1-0.4-1.5,0l-8,9.1c-0.3,0.4-0.3,0.9,0,1.2l8,9.1c0.4,0.4,1.1,0.4,1.5,0l8-9.1c0.3-0.4,0.3-0.9,0-1.2L12.7,2.3z&#039;\/%3E%3C\/svg%3E&quot;);\">\n\t\t\t<span class=\"elementor-divider-separator\">\n\t\t\t\t\t\t<\/span>\n\t\t<\/div>\n\t\t\t\t\t\t<\/div>\n\t\t<div class=\"elementor-element elementor-element-f3b9759 e-grid e-con-full e-con e-child\" data-id=\"f3b9759\" data-element_type=\"container\" data-e-type=\"container\">\n\t\t<div class=\"elementor-element elementor-element-028b775 e-con-full e-flex e-con e-child\" data-id=\"028b775\" data-element_type=\"container\" data-e-type=\"container\">\n\t\t\t\t<div class=\"elementor-element elementor-element-7e1d492 elementor-widget elementor-widget-heading\" data-id=\"7e1d492\" data-element_type=\"widget\" data-e-type=\"widget\" data-widget_type=\"heading.default\">\n\t\t\t\t\t<h2 class=\"elementor-heading-title elementor-size-default\">Gli avventurieri<\/h2>\t\t\t\t<\/div>\n\t\t\t\t<\/div>\n\t\t\t\t<\/div>\n\t\t\t\t<\/div>\n\t\t<div class=\"elementor-element elementor-element-57eb458 e-con-full e-flex e-con e-parent\" data-id=\"57eb458\" data-element_type=\"container\" data-e-type=\"container\">\n\t\t\t\t<div class=\"elementor-element elementor-element-5b975c8 elementor-widget elementor-widget-shortcode\" data-id=\"5b975c8\" data-element_type=\"widget\" data-e-type=\"widget\" data-widget_type=\"shortcode.default\">\n\t\t\t\t\t\t\t<div class=\"elementor-shortcode\"><div class=\"woocommerce columns-3 \">\r\n<ul class=\"products oceanwp-row clr grid tablet-col tablet-2-col mobile-col mobile-2-col\">\r\n<li class=\"entry has-media has-rating col span_1_of_3 owp-content-center owp-thumbs-layout-vertical owp-btn-big owp-tabs-layout-vertical circle-sale product type-product post-37413 status-publish first instock product_cat-abbigliamento product_cat-bambina product_cat-completi-nascita product_cat-completi-nascita-ragazza product_cat-completi-neonata product_cat-completi-neonati product_cat-completo-salopette-bambina product_cat-completo-salopette-bambini product_cat-nascita-ragazza product_cat-neonata product_cat-vestito-nascita product_cat-vestito-bambina product_cat-vestito-neonata has-post-thumbnail taxable shipping-taxable purchasable product-type-variable has-default-attributes\">\n\t<div class=\"product-inner clr\">\n\t<div class=\"woo-entry-image-swap woo-entry-image clr\">\n\t\t<a href=\"https:\/\/voyagedelabaleine.fr\/it\/prodotto\/completo-bambina-abito-corto-a-righe-e-bloomer-blu-bianco\/\" class=\"woocommerce-LoopProduct-link\"><img decoding=\"async\" width=\"600\" height=\"800\" src=\"https:\/\/voyagedelabaleine.fr\/wp-content\/uploads\/2026\/02\/ensemble-fille-robe-bloomer-raye-600x800.jpg\" class=\"woo-entry-image-main\" alt=\"Completo bambina abito corto a righe e bloomer &#8211; Blu\/bianco\" itemprop=\"image\" srcset=\"https:\/\/voyagedelabaleine.fr\/wp-content\/uploads\/2026\/02\/ensemble-fille-robe-bloomer-raye-600x800.jpg 600w, https:\/\/voyagedelabaleine.fr\/wp-content\/uploads\/2026\/02\/ensemble-fille-robe-bloomer-raye-225x300.jpg 225w, https:\/\/voyagedelabaleine.fr\/wp-content\/uploads\/2026\/02\/ensemble-fille-robe-bloomer-raye-768x1024.jpg 768w, https:\/\/voyagedelabaleine.fr\/wp-content\/uploads\/2026\/02\/ensemble-fille-robe-bloomer-raye.jpg 1140w\" sizes=\"(max-width: 600px) 100vw, 600px\" \/><img decoding=\"async\" width=\"595\" height=\"800\" src=\"https:\/\/voyagedelabaleine.fr\/wp-content\/uploads\/2026\/02\/ensemble-robe-bloomer-raye-marine-2-595x800.jpg\" class=\"woo-entry-image-secondary\" alt=\"Completo bambina abito corto a righe e bloomer &#8211; Blu\/bianco\" itemprop=\"image\" \/><\/a>\t<\/div><!-- .woo-entry-image-swap -->\n\n<ul class=\"woo-entry-inner clr\"><li class=\"image-wrap\">\n\t<div class=\"woo-entry-image-swap woo-entry-image clr\">\n\t\t<a href=\"https:\/\/voyagedelabaleine.fr\/it\/prodotto\/completo-bambina-abito-corto-a-righe-e-bloomer-blu-bianco\/\" class=\"woocommerce-LoopProduct-link\"><img decoding=\"async\" width=\"600\" height=\"800\" src=\"https:\/\/voyagedelabaleine.fr\/wp-content\/uploads\/2026\/02\/ensemble-fille-robe-bloomer-raye-600x800.jpg\" class=\"woo-entry-image-main\" alt=\"Completo bambina abito corto a righe e bloomer &#8211; Blu\/bianco\" itemprop=\"image\" srcset=\"https:\/\/voyagedelabaleine.fr\/wp-content\/uploads\/2026\/02\/ensemble-fille-robe-bloomer-raye-600x800.jpg 600w, https:\/\/voyagedelabaleine.fr\/wp-content\/uploads\/2026\/02\/ensemble-fille-robe-bloomer-raye-225x300.jpg 225w, https:\/\/voyagedelabaleine.fr\/wp-content\/uploads\/2026\/02\/ensemble-fille-robe-bloomer-raye-768x1024.jpg 768w, https:\/\/voyagedelabaleine.fr\/wp-content\/uploads\/2026\/02\/ensemble-fille-robe-bloomer-raye.jpg 1140w\" sizes=\"(max-width: 600px) 100vw, 600px\" \/><img decoding=\"async\" width=\"595\" height=\"800\" src=\"https:\/\/voyagedelabaleine.fr\/wp-content\/uploads\/2026\/02\/ensemble-robe-bloomer-raye-marine-2-595x800.jpg\" class=\"woo-entry-image-secondary\" alt=\"Completo bambina abito corto a righe e bloomer &#8211; Blu\/bianco\" itemprop=\"image\" \/><\/a>\t<\/div><!-- .woo-entry-image-swap -->\n\n<\/li><li class=\"title\"><h2><a href=\"https:\/\/voyagedelabaleine.fr\/it\/prodotto\/completo-bambina-abito-corto-a-righe-e-bloomer-blu-bianco\/\">Completo bambina abito corto a righe e bloomer &#8211; Blu\/bianco<\/a><\/h2><\/li><li class=\"price-wrap\">\n\t<span class=\"price\"><span class=\"woocommerce-Price-amount amount\"><bdi>78<span class=\"woocommerce-Price-currencySymbol\">&euro;<\/span><\/bdi><\/span><\/span>\n<\/li><\/ul><\/div><!-- .product-inner .clr --><\/li>\n<li class=\"entry has-media col span_1_of_3 owp-content-center owp-thumbs-layout-vertical owp-btn-big owp-tabs-layout-vertical circle-sale product type-product post-37777 status-publish instock product_cat-accessori-nascita-ragazza product_cat-accessori-nascita-ragazzo product_cat-accessori-bambina product_cat-accessori-bambini product_cat-accessori-bambino product_cat-accessori-nascita product_cat-accessori-neonata product_cat-accessori-neonati product_cat-accessori-neonato has-post-thumbnail taxable shipping-taxable purchasable product-type-variable has-default-attributes\">\n\t<div class=\"product-inner clr\">\n\t<div class=\"woo-entry-image-swap woo-entry-image clr\">\n\t\t<a href=\"https:\/\/voyagedelabaleine.fr\/it\/prodotto\/cappello-da-sole-con-laccetto-da-annodare-bianco\/\" class=\"woocommerce-LoopProduct-link\"><img decoding=\"async\" width=\"600\" height=\"800\" src=\"https:\/\/voyagedelabaleine.fr\/wp-content\/uploads\/2026\/01\/chapeau-soleil-bebe-lien-cou-600x800.jpg\" class=\"woo-entry-image-main\" alt=\"Cappello da sole con laccetto da annodare &#8211; Bianco\" itemprop=\"image\" srcset=\"https:\/\/voyagedelabaleine.fr\/wp-content\/uploads\/2026\/01\/chapeau-soleil-bebe-lien-cou-600x800.jpg 600w, https:\/\/voyagedelabaleine.fr\/wp-content\/uploads\/2026\/01\/chapeau-soleil-bebe-lien-cou-225x300.jpg 225w, https:\/\/voyagedelabaleine.fr\/wp-content\/uploads\/2026\/01\/chapeau-soleil-bebe-lien-cou.jpg 641w\" sizes=\"(max-width: 600px) 100vw, 600px\" \/><img decoding=\"async\" width=\"600\" height=\"800\" src=\"https:\/\/voyagedelabaleine.fr\/wp-content\/uploads\/2026\/01\/chapeau-soleil-bebe-lien-cou-1-600x800.jpg\" class=\"woo-entry-image-secondary\" alt=\"Cappello da sole con laccetto da annodare &#8211; Bianco\" itemprop=\"image\" srcset=\"https:\/\/voyagedelabaleine.fr\/wp-content\/uploads\/2026\/01\/chapeau-soleil-bebe-lien-cou-1-600x800.jpg 600w, https:\/\/voyagedelabaleine.fr\/wp-content\/uploads\/2026\/01\/chapeau-soleil-bebe-lien-cou-1-225x300.jpg 225w, https:\/\/voyagedelabaleine.fr\/wp-content\/uploads\/2026\/01\/chapeau-soleil-bebe-lien-cou-1.jpg 656w\" sizes=\"(max-width: 600px) 100vw, 600px\" \/><\/a>\t<\/div><!-- .woo-entry-image-swap -->\n\n<ul class=\"woo-entry-inner clr\"><li class=\"image-wrap\">\n\t<div class=\"woo-entry-image-swap woo-entry-image clr\">\n\t\t<a href=\"https:\/\/voyagedelabaleine.fr\/it\/prodotto\/cappello-da-sole-con-laccetto-da-annodare-bianco\/\" class=\"woocommerce-LoopProduct-link\"><img decoding=\"async\" width=\"600\" height=\"800\" src=\"https:\/\/voyagedelabaleine.fr\/wp-content\/uploads\/2026\/01\/chapeau-soleil-bebe-lien-cou-600x800.jpg\" class=\"woo-entry-image-main\" alt=\"Cappello da sole con laccetto da annodare &#8211; Bianco\" itemprop=\"image\" srcset=\"https:\/\/voyagedelabaleine.fr\/wp-content\/uploads\/2026\/01\/chapeau-soleil-bebe-lien-cou-600x800.jpg 600w, https:\/\/voyagedelabaleine.fr\/wp-content\/uploads\/2026\/01\/chapeau-soleil-bebe-lien-cou-225x300.jpg 225w, https:\/\/voyagedelabaleine.fr\/wp-content\/uploads\/2026\/01\/chapeau-soleil-bebe-lien-cou.jpg 641w\" sizes=\"(max-width: 600px) 100vw, 600px\" \/><img decoding=\"async\" width=\"600\" height=\"800\" src=\"https:\/\/voyagedelabaleine.fr\/wp-content\/uploads\/2026\/01\/chapeau-soleil-bebe-lien-cou-1-600x800.jpg\" class=\"woo-entry-image-secondary\" alt=\"Cappello da sole con laccetto da annodare &#8211; Bianco\" itemprop=\"image\" srcset=\"https:\/\/voyagedelabaleine.fr\/wp-content\/uploads\/2026\/01\/chapeau-soleil-bebe-lien-cou-1-600x800.jpg 600w, https:\/\/voyagedelabaleine.fr\/wp-content\/uploads\/2026\/01\/chapeau-soleil-bebe-lien-cou-1-225x300.jpg 225w, https:\/\/voyagedelabaleine.fr\/wp-content\/uploads\/2026\/01\/chapeau-soleil-bebe-lien-cou-1.jpg 656w\" sizes=\"(max-width: 600px) 100vw, 600px\" \/><\/a>\t<\/div><!-- .woo-entry-image-swap -->\n\n<\/li><li class=\"title\"><h2><a href=\"https:\/\/voyagedelabaleine.fr\/it\/prodotto\/cappello-da-sole-con-laccetto-da-annodare-bianco\/\">Cappello da sole con laccetto da annodare &#8211; Bianco<\/a><\/h2><\/li><li class=\"price-wrap\">\n\t<span class=\"price\"><span class=\"woocommerce-Price-amount amount\"><bdi>38<span class=\"woocommerce-Price-currencySymbol\">&euro;<\/span><\/bdi><\/span><\/span>\n<\/li><\/ul><\/div><!-- .product-inner .clr --><\/li>\n<li class=\"entry has-media col span_1_of_3 owp-content-center owp-thumbs-layout-vertical owp-btn-big owp-tabs-layout-vertical circle-sale product type-product post-37694 status-publish last instock product_cat-abbigliamento product_cat-bloomer-short-pantaloni-nascita product_cat-bloomer-short-pantaloni-nascita-ragazzo product_cat-bloomer-short-pantaloni-neonati product_cat-bloomer-short-pantaloni-neonato product_cat-blusa-camicia-nascita product_cat-blusa-camicia-nascita-ragazzo product_cat-blusa-camicia-bambini product_cat-blusa-camicia-bambino product_cat-blusa-camicia-neonati product_cat-blusa-camicia-neonato product_cat-completi-nascita product_cat-completi-nascita-ragazzo product_cat-completi-neonati product_cat-completi-neonato product_cat-completo-salopette-bambini product_cat-completo-salopette-bambino product_cat-pantaloni-short-bambini product_cat-pantaloni-short-bambino has-post-thumbnail taxable shipping-taxable purchasable product-type-variable has-default-attributes\">\n\t<div class=\"product-inner clr\">\n\t<div class=\"woo-entry-image-swap woo-entry-image clr\">\n\t\t<a href=\"https:\/\/voyagedelabaleine.fr\/it\/prodotto\/completo-bambino-t-shirt-e-pantaloncini-a-righe-blu-bianco\/\" class=\"woocommerce-LoopProduct-link\"><img decoding=\"async\" width=\"600\" height=\"800\" src=\"https:\/\/voyagedelabaleine.fr\/wp-content\/uploads\/2026\/02\/ensemble-garcon-short-t-shirt-raye-marine-600x800.jpg\" class=\"woo-entry-image-main\" alt=\"Completo bambino t-shirt e pantaloncini a righe &#8211; Blu\/bianco\" itemprop=\"image\" srcset=\"https:\/\/voyagedelabaleine.fr\/wp-content\/uploads\/2026\/02\/ensemble-garcon-short-t-shirt-raye-marine-600x800.jpg 600w, https:\/\/voyagedelabaleine.fr\/wp-content\/uploads\/2026\/02\/ensemble-garcon-short-t-shirt-raye-marine-225x300.jpg 225w, https:\/\/voyagedelabaleine.fr\/wp-content\/uploads\/2026\/02\/ensemble-garcon-short-t-shirt-raye-marine-768x1024.jpg 768w, https:\/\/voyagedelabaleine.fr\/wp-content\/uploads\/2026\/02\/ensemble-garcon-short-t-shirt-raye-marine-1152x1536.jpg 1152w, https:\/\/voyagedelabaleine.fr\/wp-content\/uploads\/2026\/02\/ensemble-garcon-short-t-shirt-raye-marine.jpg 1200w\" sizes=\"(max-width: 600px) 100vw, 600px\" \/><img decoding=\"async\" width=\"540\" height=\"720\" src=\"https:\/\/voyagedelabaleine.fr\/wp-content\/uploads\/2026\/02\/short-garcon-raye-marine-1.jpg\" class=\"woo-entry-image-secondary\" alt=\"Completo bambino t-shirt e pantaloncini a righe &#8211; Blu\/bianco\" itemprop=\"image\" srcset=\"https:\/\/voyagedelabaleine.fr\/wp-content\/uploads\/2026\/02\/short-garcon-raye-marine-1.jpg 540w, https:\/\/voyagedelabaleine.fr\/wp-content\/uploads\/2026\/02\/short-garcon-raye-marine-1-225x300.jpg 225w\" sizes=\"(max-width: 540px) 100vw, 540px\" \/><\/a>\t<\/div><!-- .woo-entry-image-swap -->\n\n<ul class=\"woo-entry-inner clr\"><li class=\"image-wrap\">\n\t<div class=\"woo-entry-image-swap woo-entry-image clr\">\n\t\t<a href=\"https:\/\/voyagedelabaleine.fr\/it\/prodotto\/completo-bambino-t-shirt-e-pantaloncini-a-righe-blu-bianco\/\" class=\"woocommerce-LoopProduct-link\"><img decoding=\"async\" width=\"600\" height=\"800\" src=\"https:\/\/voyagedelabaleine.fr\/wp-content\/uploads\/2026\/02\/ensemble-garcon-short-t-shirt-raye-marine-600x800.jpg\" class=\"woo-entry-image-main\" alt=\"Completo bambino t-shirt e pantaloncini a righe &#8211; Blu\/bianco\" itemprop=\"image\" srcset=\"https:\/\/voyagedelabaleine.fr\/wp-content\/uploads\/2026\/02\/ensemble-garcon-short-t-shirt-raye-marine-600x800.jpg 600w, https:\/\/voyagedelabaleine.fr\/wp-content\/uploads\/2026\/02\/ensemble-garcon-short-t-shirt-raye-marine-225x300.jpg 225w, https:\/\/voyagedelabaleine.fr\/wp-content\/uploads\/2026\/02\/ensemble-garcon-short-t-shirt-raye-marine-768x1024.jpg 768w, https:\/\/voyagedelabaleine.fr\/wp-content\/uploads\/2026\/02\/ensemble-garcon-short-t-shirt-raye-marine-1152x1536.jpg 1152w, https:\/\/voyagedelabaleine.fr\/wp-content\/uploads\/2026\/02\/ensemble-garcon-short-t-shirt-raye-marine.jpg 1200w\" sizes=\"(max-width: 600px) 100vw, 600px\" \/><img decoding=\"async\" width=\"540\" height=\"720\" src=\"https:\/\/voyagedelabaleine.fr\/wp-content\/uploads\/2026\/02\/short-garcon-raye-marine-1.jpg\" class=\"woo-entry-image-secondary\" alt=\"Completo bambino t-shirt e pantaloncini a righe &#8211; Blu\/bianco\" itemprop=\"image\" srcset=\"https:\/\/voyagedelabaleine.fr\/wp-content\/uploads\/2026\/02\/short-garcon-raye-marine-1.jpg 540w, https:\/\/voyagedelabaleine.fr\/wp-content\/uploads\/2026\/02\/short-garcon-raye-marine-1-225x300.jpg 225w\" sizes=\"(max-width: 540px) 100vw, 540px\" \/><\/a>\t<\/div><!-- .woo-entry-image-swap -->\n\n<\/li><li class=\"title\"><h2><a href=\"https:\/\/voyagedelabaleine.fr\/it\/prodotto\/completo-bambino-t-shirt-e-pantaloncini-a-righe-blu-bianco\/\">Completo bambino t-shirt e pantaloncini a righe &#8211; Blu\/bianco<\/a><\/h2><\/li><li class=\"price-wrap\">\n\t<span class=\"price\"><span class=\"woocommerce-Price-amount amount\"><bdi>76<span class=\"woocommerce-Price-currencySymbol\">&euro;<\/span><\/bdi><\/span><\/span>\n<\/li><\/ul><\/div><!-- .product-inner .clr --><\/li>\n<\/ul>\n<\/div><\/div>\n\t\t\t\t\t\t<\/div>\n\t\t\t\t<\/div>\n\t\t<div class=\"elementor-element elementor-element-d616332 e-con-full e-flex e-con e-parent\" data-id=\"d616332\" data-element_type=\"container\" data-e-type=\"container\">\n\t\t\t\t<div class=\"elementor-element elementor-element-668b871 elementor-widget-divider--separator-type-pattern elementor-widget-divider--view-line elementor-widget elementor-widget-divider\" data-id=\"668b871\" data-element_type=\"widget\" data-e-type=\"widget\" data-widget_type=\"divider.default\">\n\t\t\t\t\t\t\t<div class=\"elementor-divider\" style=\"--divider-pattern-url: url(&quot;data:image\/svg+xml,%3Csvg xmlns=&#039;http:\/\/www.w3.org\/2000\/svg&#039; preserveAspectRatio=&#039;none&#039; overflow=&#039;visible&#039; height=&#039;100%&#039; viewBox=&#039;0 0 24 24&#039; fill=&#039;black&#039; stroke=&#039;none&#039;%3E%3Cpath d=&#039;M12.7,2.3c-0.4-0.4-1.1-0.4-1.5,0l-8,9.1c-0.3,0.4-0.3,0.9,0,1.2l8,9.1c0.4,0.4,1.1,0.4,1.5,0l8-9.1c0.3-0.4,0.3-0.9,0-1.2L12.7,2.3z&#039;\/%3E%3C\/svg%3E&quot;);\">\n\t\t\t<span class=\"elementor-divider-separator\">\n\t\t\t\t\t\t<\/span>\n\t\t<\/div>\n\t\t\t\t\t\t<\/div>\n\t\t<div class=\"elementor-element elementor-element-fa74df2 e-grid e-con-full e-con e-child\" data-id=\"fa74df2\" data-element_type=\"container\" data-e-type=\"container\">\n\t\t<div class=\"elementor-element elementor-element-cb25ab9 e-con-full e-flex e-con e-child\" data-id=\"cb25ab9\" data-element_type=\"container\" data-e-type=\"container\">\n\t\t\t\t<div class=\"elementor-element elementor-element-b8e62fb elementor-widget elementor-widget-heading\" data-id=\"b8e62fb\" data-element_type=\"widget\" data-e-type=\"widget\" data-widget_type=\"heading.default\">\n\t\t\t\t\t<h2 class=\"elementor-heading-title elementor-size-default\">Seersucker &amp; stile<\/h2>\t\t\t\t<\/div>\n\t\t\t\t<\/div>\n\t\t\t\t<\/div>\n\t\t\t\t<\/div>\n\t\t<div class=\"elementor-element elementor-element-ccbf1bb e-con-full e-flex e-con e-parent\" data-id=\"ccbf1bb\" data-element_type=\"container\" data-e-type=\"container\">\n\t\t\t\t<div class=\"elementor-element elementor-element-78e3771 elementor-widget elementor-widget-shortcode\" data-id=\"78e3771\" data-element_type=\"widget\" data-e-type=\"widget\" data-widget_type=\"shortcode.default\">\n\t\t\t\t\t\t\t<div class=\"elementor-shortcode\"><div class=\"woocommerce columns-2 \">\r\n<ul class=\"products oceanwp-row clr grid tablet-col tablet-2-col mobile-col mobile-2-col\">\r\n<li class=\"entry has-media col span_1_of_2 owp-content-center owp-thumbs-layout-vertical owp-btn-big owp-tabs-layout-vertical circle-sale product type-product post-37255 status-publish first instock product_cat-abbigliamento product_cat-bloomer-short-pantaloni-neonata product_cat-bloomer-short-pantaloni-neonati product_cat-pantaloni-short-bambina product_cat-pantaloni-short-bambini has-post-thumbnail taxable shipping-taxable purchasable product-type-variable has-default-attributes\">\n\t<div class=\"product-inner clr\">\n\t<div class=\"woo-entry-image-swap woo-entry-image clr\">\n\t\t<a href=\"https:\/\/voyagedelabaleine.fr\/it\/prodotto\/short-seersucker-a-righe-per-bambina-blu-bianco\/\" class=\"woocommerce-LoopProduct-link\"><img decoding=\"async\" width=\"600\" height=\"800\" src=\"https:\/\/voyagedelabaleine.fr\/wp-content\/uploads\/2026\/01\/short-fille-raye-marine-1-600x800.jpg\" class=\"woo-entry-image-main\" alt=\"Short seersucker a righe per bambina &#8211; Blu\/bianco\" itemprop=\"image\" srcset=\"https:\/\/voyagedelabaleine.fr\/wp-content\/uploads\/2026\/01\/short-fille-raye-marine-1-600x800.jpg 600w, https:\/\/voyagedelabaleine.fr\/wp-content\/uploads\/2026\/01\/short-fille-raye-marine-1-225x300.jpg 225w, https:\/\/voyagedelabaleine.fr\/wp-content\/uploads\/2026\/01\/short-fille-raye-marine-1-768x1024.jpg 768w, https:\/\/voyagedelabaleine.fr\/wp-content\/uploads\/2026\/01\/short-fille-raye-marine-1.jpg 988w\" sizes=\"(max-width: 600px) 100vw, 600px\" \/><img decoding=\"async\" width=\"600\" height=\"800\" src=\"https:\/\/voyagedelabaleine.fr\/wp-content\/uploads\/2026\/01\/short-fille-raye-marine-600x800.jpg\" class=\"woo-entry-image-secondary\" alt=\"Short seersucker a righe per bambina &#8211; Blu\/bianco\" itemprop=\"image\" srcset=\"https:\/\/voyagedelabaleine.fr\/wp-content\/uploads\/2026\/01\/short-fille-raye-marine-600x800.jpg 600w, https:\/\/voyagedelabaleine.fr\/wp-content\/uploads\/2026\/01\/short-fille-raye-marine-225x300.jpg 225w, https:\/\/voyagedelabaleine.fr\/wp-content\/uploads\/2026\/01\/short-fille-raye-marine-768x1024.jpg 768w, https:\/\/voyagedelabaleine.fr\/wp-content\/uploads\/2026\/01\/short-fille-raye-marine-1152x1536.jpg 1152w, https:\/\/voyagedelabaleine.fr\/wp-content\/uploads\/2026\/01\/short-fille-raye-marine.jpg 1200w\" sizes=\"(max-width: 600px) 100vw, 600px\" \/><\/a>\t<\/div><!-- .woo-entry-image-swap -->\n\n<ul class=\"woo-entry-inner clr\"><li class=\"image-wrap\">\n\t<div class=\"woo-entry-image-swap woo-entry-image clr\">\n\t\t<a href=\"https:\/\/voyagedelabaleine.fr\/it\/prodotto\/short-seersucker-a-righe-per-bambina-blu-bianco\/\" class=\"woocommerce-LoopProduct-link\"><img decoding=\"async\" width=\"600\" height=\"800\" src=\"https:\/\/voyagedelabaleine.fr\/wp-content\/uploads\/2026\/01\/short-fille-raye-marine-1-600x800.jpg\" class=\"woo-entry-image-main\" alt=\"Short seersucker a righe per bambina &#8211; Blu\/bianco\" itemprop=\"image\" srcset=\"https:\/\/voyagedelabaleine.fr\/wp-content\/uploads\/2026\/01\/short-fille-raye-marine-1-600x800.jpg 600w, https:\/\/voyagedelabaleine.fr\/wp-content\/uploads\/2026\/01\/short-fille-raye-marine-1-225x300.jpg 225w, https:\/\/voyagedelabaleine.fr\/wp-content\/uploads\/2026\/01\/short-fille-raye-marine-1-768x1024.jpg 768w, https:\/\/voyagedelabaleine.fr\/wp-content\/uploads\/2026\/01\/short-fille-raye-marine-1.jpg 988w\" sizes=\"(max-width: 600px) 100vw, 600px\" \/><img decoding=\"async\" width=\"600\" height=\"800\" src=\"https:\/\/voyagedelabaleine.fr\/wp-content\/uploads\/2026\/01\/short-fille-raye-marine-600x800.jpg\" class=\"woo-entry-image-secondary\" alt=\"Short seersucker a righe per bambina &#8211; Blu\/bianco\" itemprop=\"image\" srcset=\"https:\/\/voyagedelabaleine.fr\/wp-content\/uploads\/2026\/01\/short-fille-raye-marine-600x800.jpg 600w, https:\/\/voyagedelabaleine.fr\/wp-content\/uploads\/2026\/01\/short-fille-raye-marine-225x300.jpg 225w, https:\/\/voyagedelabaleine.fr\/wp-content\/uploads\/2026\/01\/short-fille-raye-marine-768x1024.jpg 768w, https:\/\/voyagedelabaleine.fr\/wp-content\/uploads\/2026\/01\/short-fille-raye-marine-1152x1536.jpg 1152w, https:\/\/voyagedelabaleine.fr\/wp-content\/uploads\/2026\/01\/short-fille-raye-marine.jpg 1200w\" sizes=\"(max-width: 600px) 100vw, 600px\" \/><\/a>\t<\/div><!-- .woo-entry-image-swap -->\n\n<\/li><li class=\"title\"><h2><a href=\"https:\/\/voyagedelabaleine.fr\/it\/prodotto\/short-seersucker-a-righe-per-bambina-blu-bianco\/\">Short seersucker a righe per bambina &#8211; Blu\/bianco<\/a><\/h2><\/li><li class=\"price-wrap\">\n\t<span class=\"price\"><span class=\"woocommerce-Price-amount amount\"><bdi>42<span class=\"woocommerce-Price-currencySymbol\">&euro;<\/span><\/bdi><\/span><\/span>\n<\/li><\/ul><\/div><!-- .product-inner .clr --><\/li>\n<li class=\"entry has-media col span_1_of_2 owp-content-center owp-thumbs-layout-vertical owp-btn-big owp-tabs-layout-vertical circle-sale product type-product post-37634 status-publish last instock product_cat-abbigliamento product_cat-bloomer-short-pantaloni-neonati product_cat-bloomer-short-pantaloni-neonato product_cat-pantaloni-short-bambini product_cat-pantaloni-short-bambino has-post-thumbnail taxable shipping-taxable purchasable product-type-variable has-default-attributes\">\n\t<div class=\"product-inner clr\">\n\t<div class=\"woo-entry-image-swap woo-entry-image clr\">\n\t\t<a href=\"https:\/\/voyagedelabaleine.fr\/it\/prodotto\/short-seersucker-a-righe-da-bambino-blu-bianco\/\" class=\"woocommerce-LoopProduct-link\"><img decoding=\"async\" width=\"600\" height=\"800\" src=\"https:\/\/voyagedelabaleine.fr\/wp-content\/uploads\/2026\/01\/short-garcon-raye-marine-3-600x800.jpg\" class=\"woo-entry-image-main\" alt=\"Short seersucker a righe da bambino &#8211; Blu\/bianco\" itemprop=\"image\" srcset=\"https:\/\/voyagedelabaleine.fr\/wp-content\/uploads\/2026\/01\/short-garcon-raye-marine-3-600x800.jpg 600w, https:\/\/voyagedelabaleine.fr\/wp-content\/uploads\/2026\/01\/short-garcon-raye-marine-3-225x300.jpg 225w, https:\/\/voyagedelabaleine.fr\/wp-content\/uploads\/2026\/01\/short-garcon-raye-marine-3-768x1024.jpg 768w, https:\/\/voyagedelabaleine.fr\/wp-content\/uploads\/2026\/01\/short-garcon-raye-marine-3-1152x1536.jpg 1152w, https:\/\/voyagedelabaleine.fr\/wp-content\/uploads\/2026\/01\/short-garcon-raye-marine-3.jpg 1200w\" sizes=\"(max-width: 600px) 100vw, 600px\" \/><img decoding=\"async\" width=\"600\" height=\"800\" src=\"https:\/\/voyagedelabaleine.fr\/wp-content\/uploads\/2026\/01\/short-garcon-raye-marine-4-600x800.jpg\" class=\"woo-entry-image-secondary\" alt=\"Short seersucker a righe da bambino &#8211; Blu\/bianco\" itemprop=\"image\" srcset=\"https:\/\/voyagedelabaleine.fr\/wp-content\/uploads\/2026\/01\/short-garcon-raye-marine-4-600x800.jpg 600w, https:\/\/voyagedelabaleine.fr\/wp-content\/uploads\/2026\/01\/short-garcon-raye-marine-4-225x300.jpg 225w, https:\/\/voyagedelabaleine.fr\/wp-content\/uploads\/2026\/01\/short-garcon-raye-marine-4-768x1024.jpg 768w, https:\/\/voyagedelabaleine.fr\/wp-content\/uploads\/2026\/01\/short-garcon-raye-marine-4-1152x1536.jpg 1152w, https:\/\/voyagedelabaleine.fr\/wp-content\/uploads\/2026\/01\/short-garcon-raye-marine-4.jpg 1200w\" sizes=\"(max-width: 600px) 100vw, 600px\" \/><\/a>\t<\/div><!-- .woo-entry-image-swap -->\n\n<ul class=\"woo-entry-inner clr\"><li class=\"image-wrap\">\n\t<div class=\"woo-entry-image-swap woo-entry-image clr\">\n\t\t<a href=\"https:\/\/voyagedelabaleine.fr\/it\/prodotto\/short-seersucker-a-righe-da-bambino-blu-bianco\/\" class=\"woocommerce-LoopProduct-link\"><img decoding=\"async\" width=\"600\" height=\"800\" src=\"https:\/\/voyagedelabaleine.fr\/wp-content\/uploads\/2026\/01\/short-garcon-raye-marine-3-600x800.jpg\" class=\"woo-entry-image-main\" alt=\"Short seersucker a righe da bambino &#8211; Blu\/bianco\" itemprop=\"image\" srcset=\"https:\/\/voyagedelabaleine.fr\/wp-content\/uploads\/2026\/01\/short-garcon-raye-marine-3-600x800.jpg 600w, https:\/\/voyagedelabaleine.fr\/wp-content\/uploads\/2026\/01\/short-garcon-raye-marine-3-225x300.jpg 225w, https:\/\/voyagedelabaleine.fr\/wp-content\/uploads\/2026\/01\/short-garcon-raye-marine-3-768x1024.jpg 768w, https:\/\/voyagedelabaleine.fr\/wp-content\/uploads\/2026\/01\/short-garcon-raye-marine-3-1152x1536.jpg 1152w, https:\/\/voyagedelabaleine.fr\/wp-content\/uploads\/2026\/01\/short-garcon-raye-marine-3.jpg 1200w\" sizes=\"(max-width: 600px) 100vw, 600px\" \/><img decoding=\"async\" width=\"600\" height=\"800\" src=\"https:\/\/voyagedelabaleine.fr\/wp-content\/uploads\/2026\/01\/short-garcon-raye-marine-4-600x800.jpg\" class=\"woo-entry-image-secondary\" alt=\"Short seersucker a righe da bambino &#8211; Blu\/bianco\" itemprop=\"image\" srcset=\"https:\/\/voyagedelabaleine.fr\/wp-content\/uploads\/2026\/01\/short-garcon-raye-marine-4-600x800.jpg 600w, https:\/\/voyagedelabaleine.fr\/wp-content\/uploads\/2026\/01\/short-garcon-raye-marine-4-225x300.jpg 225w, https:\/\/voyagedelabaleine.fr\/wp-content\/uploads\/2026\/01\/short-garcon-raye-marine-4-768x1024.jpg 768w, https:\/\/voyagedelabaleine.fr\/wp-content\/uploads\/2026\/01\/short-garcon-raye-marine-4-1152x1536.jpg 1152w, https:\/\/voyagedelabaleine.fr\/wp-content\/uploads\/2026\/01\/short-garcon-raye-marine-4.jpg 1200w\" sizes=\"(max-width: 600px) 100vw, 600px\" \/><\/a>\t<\/div><!-- .woo-entry-image-swap -->\n\n<\/li><li class=\"title\"><h2><a href=\"https:\/\/voyagedelabaleine.fr\/it\/prodotto\/short-seersucker-a-righe-da-bambino-blu-bianco\/\">Short seersucker a righe da bambino &#8211; Blu\/bianco<\/a><\/h2><\/li><li class=\"price-wrap\">\n\t<span class=\"price\"><span class=\"woocommerce-Price-amount amount\"><bdi>42<span class=\"woocommerce-Price-currencySymbol\">&euro;<\/span><\/bdi><\/span><\/span>\n<\/li><\/ul><\/div><!-- .product-inner .clr --><\/li>\n<\/ul>\n<\/div><\/div>\n\t\t\t\t\t\t<\/div>\n\t\t\t\t<\/div>\n\t\t<div class=\"elementor-element elementor-element-d2175d5 e-con-full e-flex e-con e-parent\" data-id=\"d2175d5\" data-element_type=\"container\" data-e-type=\"container\">\n\t\t\t\t<div class=\"elementor-element elementor-element-f4ba97c elementor-widget-divider--separator-type-pattern elementor-widget-divider--view-line elementor-widget elementor-widget-divider\" data-id=\"f4ba97c\" data-element_type=\"widget\" data-e-type=\"widget\" data-widget_type=\"divider.default\">\n\t\t\t\t\t\t\t<div class=\"elementor-divider\" style=\"--divider-pattern-url: url(&quot;data:image\/svg+xml,%3Csvg xmlns=&#039;http:\/\/www.w3.org\/2000\/svg&#039; preserveAspectRatio=&#039;none&#039; overflow=&#039;visible&#039; height=&#039;100%&#039; viewBox=&#039;0 0 24 24&#039; fill=&#039;black&#039; stroke=&#039;none&#039;%3E%3Cpath d=&#039;M12.7,2.3c-0.4-0.4-1.1-0.4-1.5,0l-8,9.1c-0.3,0.4-0.3,0.9,0,1.2l8,9.1c0.4,0.4,1.1,0.4,1.5,0l8-9.1c0.3-0.4,0.3-0.9,0-1.2L12.7,2.3z&#039;\/%3E%3C\/svg%3E&quot;);\">\n\t\t\t<span class=\"elementor-divider-separator\">\n\t\t\t\t\t\t<\/span>\n\t\t<\/div>\n\t\t\t\t\t\t<\/div>\n\t\t<div class=\"elementor-element elementor-element-f5b9f83 e-grid e-con-full e-con e-child\" data-id=\"f5b9f83\" data-element_type=\"container\" data-e-type=\"container\">\n\t\t<div class=\"elementor-element elementor-element-725448f e-con-full e-flex e-con e-child\" data-id=\"725448f\" data-element_type=\"container\" data-e-type=\"container\">\n\t\t\t\t<div class=\"elementor-element elementor-element-797b45f elementor-widget elementor-widget-heading\" data-id=\"797b45f\" data-element_type=\"widget\" data-e-type=\"widget\" data-widget_type=\"heading.default\">\n\t\t\t\t\t<h2 class=\"elementor-heading-title elementor-size-default\">Dolce complicit\u00e0<\/h2>\t\t\t\t<\/div>\n\t\t\t\t<\/div>\n\t\t\t\t<\/div>\n\t\t\t\t<\/div>\n\t\t<div class=\"elementor-element elementor-element-5a2e763 e-con-full e-flex e-con e-parent\" data-id=\"5a2e763\" data-element_type=\"container\" data-e-type=\"container\">\n\t\t\t\t<div class=\"elementor-element elementor-element-043652d elementor-widget elementor-widget-shortcode\" data-id=\"043652d\" data-element_type=\"widget\" data-e-type=\"widget\" data-widget_type=\"shortcode.default\">\n\t\t\t\t\t\t\t<div class=\"elementor-shortcode\"><div class=\"woocommerce columns-3 \">\r\n<ul class=\"products oceanwp-row clr grid tablet-col tablet-2-col mobile-col mobile-2-col\">\r\n<li class=\"entry has-media col span_1_of_3 owp-content-center owp-thumbs-layout-vertical owp-btn-big owp-tabs-layout-vertical circle-sale product type-product post-39050 status-publish first instock product_cat-abbigliamento product_cat-blusa-camicia-bambini product_cat-blusa-camicia-bambino product_cat-blusa-camicia-neonati product_cat-blusa-camicia-neonato has-post-thumbnail taxable shipping-taxable purchasable product-type-variable has-default-attributes\">\n\t<div class=\"product-inner clr\">\n\t<div class=\"woo-entry-image-swap woo-entry-image clr\">\n\t\t<a href=\"https:\/\/voyagedelabaleine.fr\/it\/prodotto\/camicia-bambino-a-quadri-blu-bianco\/\" class=\"woocommerce-LoopProduct-link\"><img decoding=\"async\" width=\"600\" height=\"800\" src=\"https:\/\/voyagedelabaleine.fr\/wp-content\/uploads\/2026\/02\/chemise-carreaux-garcon-3-600x800.jpg\" class=\"woo-entry-image-main\" alt=\"Camicia bambino a quadri &#8211; Blu\/bianco\" itemprop=\"image\" srcset=\"https:\/\/voyagedelabaleine.fr\/wp-content\/uploads\/2026\/02\/chemise-carreaux-garcon-3-600x800.jpg 600w, https:\/\/voyagedelabaleine.fr\/wp-content\/uploads\/2026\/02\/chemise-carreaux-garcon-3-225x300.jpg 225w, https:\/\/voyagedelabaleine.fr\/wp-content\/uploads\/2026\/02\/chemise-carreaux-garcon-3-768x1024.jpg 768w, https:\/\/voyagedelabaleine.fr\/wp-content\/uploads\/2026\/02\/chemise-carreaux-garcon-3-1152x1536.jpg 1152w, https:\/\/voyagedelabaleine.fr\/wp-content\/uploads\/2026\/02\/chemise-carreaux-garcon-3.jpg 1425w\" sizes=\"(max-width: 600px) 100vw, 600px\" \/><img decoding=\"async\" width=\"600\" height=\"800\" src=\"https:\/\/voyagedelabaleine.fr\/wp-content\/uploads\/2026\/02\/chemise-carreaux-garcon-600x800.jpg\" class=\"woo-entry-image-secondary\" alt=\"Camicia bambino a quadri &#8211; Blu\/bianco\" itemprop=\"image\" srcset=\"https:\/\/voyagedelabaleine.fr\/wp-content\/uploads\/2026\/02\/chemise-carreaux-garcon-600x800.jpg 600w, https:\/\/voyagedelabaleine.fr\/wp-content\/uploads\/2026\/02\/chemise-carreaux-garcon-225x300.jpg 225w, https:\/\/voyagedelabaleine.fr\/wp-content\/uploads\/2026\/02\/chemise-carreaux-garcon-768x1024.jpg 768w, https:\/\/voyagedelabaleine.fr\/wp-content\/uploads\/2026\/02\/chemise-carreaux-garcon-1152x1536.jpg 1152w, https:\/\/voyagedelabaleine.fr\/wp-content\/uploads\/2026\/02\/chemise-carreaux-garcon.jpg 1374w\" sizes=\"(max-width: 600px) 100vw, 600px\" \/><\/a>\t<\/div><!-- .woo-entry-image-swap -->\n\n<ul class=\"woo-entry-inner clr\"><li class=\"image-wrap\">\n\t<div class=\"woo-entry-image-swap woo-entry-image clr\">\n\t\t<a href=\"https:\/\/voyagedelabaleine.fr\/it\/prodotto\/camicia-bambino-a-quadri-blu-bianco\/\" class=\"woocommerce-LoopProduct-link\"><img decoding=\"async\" width=\"600\" height=\"800\" src=\"https:\/\/voyagedelabaleine.fr\/wp-content\/uploads\/2026\/02\/chemise-carreaux-garcon-3-600x800.jpg\" class=\"woo-entry-image-main\" alt=\"Camicia bambino a quadri &#8211; Blu\/bianco\" itemprop=\"image\" srcset=\"https:\/\/voyagedelabaleine.fr\/wp-content\/uploads\/2026\/02\/chemise-carreaux-garcon-3-600x800.jpg 600w, https:\/\/voyagedelabaleine.fr\/wp-content\/uploads\/2026\/02\/chemise-carreaux-garcon-3-225x300.jpg 225w, https:\/\/voyagedelabaleine.fr\/wp-content\/uploads\/2026\/02\/chemise-carreaux-garcon-3-768x1024.jpg 768w, https:\/\/voyagedelabaleine.fr\/wp-content\/uploads\/2026\/02\/chemise-carreaux-garcon-3-1152x1536.jpg 1152w, https:\/\/voyagedelabaleine.fr\/wp-content\/uploads\/2026\/02\/chemise-carreaux-garcon-3.jpg 1425w\" sizes=\"(max-width: 600px) 100vw, 600px\" \/><img decoding=\"async\" width=\"600\" height=\"800\" src=\"https:\/\/voyagedelabaleine.fr\/wp-content\/uploads\/2026\/02\/chemise-carreaux-garcon-600x800.jpg\" class=\"woo-entry-image-secondary\" alt=\"Camicia bambino a quadri &#8211; Blu\/bianco\" itemprop=\"image\" srcset=\"https:\/\/voyagedelabaleine.fr\/wp-content\/uploads\/2026\/02\/chemise-carreaux-garcon-600x800.jpg 600w, https:\/\/voyagedelabaleine.fr\/wp-content\/uploads\/2026\/02\/chemise-carreaux-garcon-225x300.jpg 225w, https:\/\/voyagedelabaleine.fr\/wp-content\/uploads\/2026\/02\/chemise-carreaux-garcon-768x1024.jpg 768w, https:\/\/voyagedelabaleine.fr\/wp-content\/uploads\/2026\/02\/chemise-carreaux-garcon-1152x1536.jpg 1152w, https:\/\/voyagedelabaleine.fr\/wp-content\/uploads\/2026\/02\/chemise-carreaux-garcon.jpg 1374w\" sizes=\"(max-width: 600px) 100vw, 600px\" \/><\/a>\t<\/div><!-- .woo-entry-image-swap -->\n\n<\/li><li class=\"title\"><h2><a href=\"https:\/\/voyagedelabaleine.fr\/it\/prodotto\/camicia-bambino-a-quadri-blu-bianco\/\">Camicia bambino a quadri &#8211; Blu\/bianco<\/a><\/h2><\/li><li class=\"price-wrap\">\n\t<span class=\"price\"><span class=\"woocommerce-Price-amount amount\"><bdi>42<span class=\"woocommerce-Price-currencySymbol\">&euro;<\/span><\/bdi><\/span><\/span>\n<\/li><\/ul><\/div><!-- .product-inner .clr --><\/li>\n<li class=\"entry has-media has-rating col span_1_of_3 owp-content-center owp-thumbs-layout-vertical owp-btn-big owp-tabs-layout-vertical circle-sale product type-product post-39060 status-publish instock product_cat-abbigliamento product_cat-completo-salopette-bambini product_cat-completo-salopette-bambino product_cat-pagliaccetto-salopette-nascita product_cat-pagliaccetto-salopette-nascita-ragazzo product_cat-pagliaccetto-salopette-neonati product_cat-pagliaccetto-salopette-neonato has-post-thumbnail taxable shipping-taxable purchasable product-type-variable has-default-attributes\">\n\t<div class=\"product-inner clr\">\n\t<div class=\"woo-entry-image-swap woo-entry-image clr\">\n\t\t<a href=\"https:\/\/voyagedelabaleine.fr\/it\/prodotto\/salopette-corta-a-quadri-da-bambino-blu-bianco\/\" class=\"woocommerce-LoopProduct-link\"><img decoding=\"async\" width=\"600\" height=\"800\" src=\"https:\/\/voyagedelabaleine.fr\/wp-content\/uploads\/2026\/02\/salopette-bebe-carreaux-600x800.jpg\" class=\"woo-entry-image-main\" alt=\"Salopette corta a quadri da bambino &#8211; Blu\/bianco\" itemprop=\"image\" srcset=\"https:\/\/voyagedelabaleine.fr\/wp-content\/uploads\/2026\/02\/salopette-bebe-carreaux-600x800.jpg 600w, https:\/\/voyagedelabaleine.fr\/wp-content\/uploads\/2026\/02\/salopette-bebe-carreaux-225x300.jpg 225w, https:\/\/voyagedelabaleine.fr\/wp-content\/uploads\/2026\/02\/salopette-bebe-carreaux-768x1024.jpg 768w, https:\/\/voyagedelabaleine.fr\/wp-content\/uploads\/2026\/02\/salopette-bebe-carreaux-1152x1536.jpg 1152w, https:\/\/voyagedelabaleine.fr\/wp-content\/uploads\/2026\/02\/salopette-bebe-carreaux.jpg 1496w\" sizes=\"(max-width: 600px) 100vw, 600px\" \/><img decoding=\"async\" width=\"600\" height=\"800\" src=\"https:\/\/voyagedelabaleine.fr\/wp-content\/uploads\/2026\/02\/salopette-bebe-carreaux-2-600x800.jpg\" class=\"woo-entry-image-secondary\" alt=\"Salopette corta a quadri da bambino &#8211; Blu\/bianco\" itemprop=\"image\" srcset=\"https:\/\/voyagedelabaleine.fr\/wp-content\/uploads\/2026\/02\/salopette-bebe-carreaux-2-600x800.jpg 600w, https:\/\/voyagedelabaleine.fr\/wp-content\/uploads\/2026\/02\/salopette-bebe-carreaux-2-225x300.jpg 225w, https:\/\/voyagedelabaleine.fr\/wp-content\/uploads\/2026\/02\/salopette-bebe-carreaux-2-768x1024.jpg 768w, https:\/\/voyagedelabaleine.fr\/wp-content\/uploads\/2026\/02\/salopette-bebe-carreaux-2-1152x1536.jpg 1152w, https:\/\/voyagedelabaleine.fr\/wp-content\/uploads\/2026\/02\/salopette-bebe-carreaux-2.jpg 1293w\" sizes=\"(max-width: 600px) 100vw, 600px\" \/><\/a>\t<\/div><!-- .woo-entry-image-swap -->\n\n<ul class=\"woo-entry-inner clr\"><li class=\"image-wrap\">\n\t<div class=\"woo-entry-image-swap woo-entry-image clr\">\n\t\t<a href=\"https:\/\/voyagedelabaleine.fr\/it\/prodotto\/salopette-corta-a-quadri-da-bambino-blu-bianco\/\" class=\"woocommerce-LoopProduct-link\"><img decoding=\"async\" width=\"600\" height=\"800\" src=\"https:\/\/voyagedelabaleine.fr\/wp-content\/uploads\/2026\/02\/salopette-bebe-carreaux-600x800.jpg\" class=\"woo-entry-image-main\" alt=\"Salopette corta a quadri da bambino &#8211; Blu\/bianco\" itemprop=\"image\" srcset=\"https:\/\/voyagedelabaleine.fr\/wp-content\/uploads\/2026\/02\/salopette-bebe-carreaux-600x800.jpg 600w, https:\/\/voyagedelabaleine.fr\/wp-content\/uploads\/2026\/02\/salopette-bebe-carreaux-225x300.jpg 225w, https:\/\/voyagedelabaleine.fr\/wp-content\/uploads\/2026\/02\/salopette-bebe-carreaux-768x1024.jpg 768w, https:\/\/voyagedelabaleine.fr\/wp-content\/uploads\/2026\/02\/salopette-bebe-carreaux-1152x1536.jpg 1152w, https:\/\/voyagedelabaleine.fr\/wp-content\/uploads\/2026\/02\/salopette-bebe-carreaux.jpg 1496w\" sizes=\"(max-width: 600px) 100vw, 600px\" \/><img decoding=\"async\" width=\"600\" height=\"800\" src=\"https:\/\/voyagedelabaleine.fr\/wp-content\/uploads\/2026\/02\/salopette-bebe-carreaux-2-600x800.jpg\" class=\"woo-entry-image-secondary\" alt=\"Salopette corta a quadri da bambino &#8211; Blu\/bianco\" itemprop=\"image\" srcset=\"https:\/\/voyagedelabaleine.fr\/wp-content\/uploads\/2026\/02\/salopette-bebe-carreaux-2-600x800.jpg 600w, https:\/\/voyagedelabaleine.fr\/wp-content\/uploads\/2026\/02\/salopette-bebe-carreaux-2-225x300.jpg 225w, https:\/\/voyagedelabaleine.fr\/wp-content\/uploads\/2026\/02\/salopette-bebe-carreaux-2-768x1024.jpg 768w, https:\/\/voyagedelabaleine.fr\/wp-content\/uploads\/2026\/02\/salopette-bebe-carreaux-2-1152x1536.jpg 1152w, https:\/\/voyagedelabaleine.fr\/wp-content\/uploads\/2026\/02\/salopette-bebe-carreaux-2.jpg 1293w\" sizes=\"(max-width: 600px) 100vw, 600px\" \/><\/a>\t<\/div><!-- .woo-entry-image-swap -->\n\n<\/li><li class=\"title\"><h2><a href=\"https:\/\/voyagedelabaleine.fr\/it\/prodotto\/salopette-corta-a-quadri-da-bambino-blu-bianco\/\">Salopette corta a quadri da bambino &#8211; Blu\/bianco<\/a><\/h2><\/li><li class=\"price-wrap\">\n\t<span class=\"price\"><span class=\"woocommerce-Price-amount amount\"><bdi>56<span class=\"woocommerce-Price-currencySymbol\">&euro;<\/span><\/bdi><\/span><\/span>\n<\/li><\/ul><\/div><!-- .product-inner .clr --><\/li>\n<li class=\"entry has-media col span_1_of_3 owp-content-center owp-thumbs-layout-vertical owp-btn-big owp-tabs-layout-vertical circle-sale product type-product post-39033 status-publish last instock product_cat-abbigliamento product_cat-bambina product_cat-neonata product_cat-vestito-bambina product_cat-vestito-neonata has-post-thumbnail taxable shipping-taxable purchasable product-type-variable has-default-attributes\">\n\t<div class=\"product-inner clr\">\n\t<div class=\"woo-entry-image-swap woo-entry-image clr\">\n\t\t<a href=\"https:\/\/voyagedelabaleine.fr\/it\/prodotto\/vestito-bambina-a-quadri-blu-bianco-2\/\" class=\"woocommerce-LoopProduct-link\"><img decoding=\"async\" width=\"600\" height=\"800\" src=\"https:\/\/voyagedelabaleine.fr\/wp-content\/uploads\/2026\/02\/robe-carreaux-fille-3-600x800.jpg\" class=\"woo-entry-image-main\" alt=\"Vestito bambina a quadri &#8211; Blu\/bianco\" itemprop=\"image\" srcset=\"https:\/\/voyagedelabaleine.fr\/wp-content\/uploads\/2026\/02\/robe-carreaux-fille-3-600x800.jpg 600w, https:\/\/voyagedelabaleine.fr\/wp-content\/uploads\/2026\/02\/robe-carreaux-fille-3-225x300.jpg 225w, https:\/\/voyagedelabaleine.fr\/wp-content\/uploads\/2026\/02\/robe-carreaux-fille-3-768x1024.jpg 768w, https:\/\/voyagedelabaleine.fr\/wp-content\/uploads\/2026\/02\/robe-carreaux-fille-3-1152x1536.jpg 1152w, https:\/\/voyagedelabaleine.fr\/wp-content\/uploads\/2026\/02\/robe-carreaux-fille-3.jpg 1500w\" sizes=\"(max-width: 600px) 100vw, 600px\" \/><img decoding=\"async\" width=\"600\" height=\"800\" src=\"https:\/\/voyagedelabaleine.fr\/wp-content\/uploads\/2026\/02\/robe-carreaux-fille-2-600x800.jpg\" class=\"woo-entry-image-secondary\" alt=\"Vestito bambina a quadri &#8211; Blu\/bianco\" itemprop=\"image\" srcset=\"https:\/\/voyagedelabaleine.fr\/wp-content\/uploads\/2026\/02\/robe-carreaux-fille-2-600x800.jpg 600w, https:\/\/voyagedelabaleine.fr\/wp-content\/uploads\/2026\/02\/robe-carreaux-fille-2-225x300.jpg 225w, https:\/\/voyagedelabaleine.fr\/wp-content\/uploads\/2026\/02\/robe-carreaux-fille-2.jpg 604w\" sizes=\"(max-width: 600px) 100vw, 600px\" \/><\/a>\t<\/div><!-- .woo-entry-image-swap -->\n\n<ul class=\"woo-entry-inner clr\"><li class=\"image-wrap\">\n\t<div class=\"woo-entry-image-swap woo-entry-image clr\">\n\t\t<a href=\"https:\/\/voyagedelabaleine.fr\/it\/prodotto\/vestito-bambina-a-quadri-blu-bianco-2\/\" class=\"woocommerce-LoopProduct-link\"><img decoding=\"async\" width=\"600\" height=\"800\" src=\"https:\/\/voyagedelabaleine.fr\/wp-content\/uploads\/2026\/02\/robe-carreaux-fille-3-600x800.jpg\" class=\"woo-entry-image-main\" alt=\"Vestito bambina a quadri &#8211; Blu\/bianco\" itemprop=\"image\" srcset=\"https:\/\/voyagedelabaleine.fr\/wp-content\/uploads\/2026\/02\/robe-carreaux-fille-3-600x800.jpg 600w, https:\/\/voyagedelabaleine.fr\/wp-content\/uploads\/2026\/02\/robe-carreaux-fille-3-225x300.jpg 225w, https:\/\/voyagedelabaleine.fr\/wp-content\/uploads\/2026\/02\/robe-carreaux-fille-3-768x1024.jpg 768w, https:\/\/voyagedelabaleine.fr\/wp-content\/uploads\/2026\/02\/robe-carreaux-fille-3-1152x1536.jpg 1152w, https:\/\/voyagedelabaleine.fr\/wp-content\/uploads\/2026\/02\/robe-carreaux-fille-3.jpg 1500w\" sizes=\"(max-width: 600px) 100vw, 600px\" \/><img decoding=\"async\" width=\"600\" height=\"800\" src=\"https:\/\/voyagedelabaleine.fr\/wp-content\/uploads\/2026\/02\/robe-carreaux-fille-2-600x800.jpg\" class=\"woo-entry-image-secondary\" alt=\"Vestito bambina a quadri &#8211; Blu\/bianco\" itemprop=\"image\" srcset=\"https:\/\/voyagedelabaleine.fr\/wp-content\/uploads\/2026\/02\/robe-carreaux-fille-2-600x800.jpg 600w, https:\/\/voyagedelabaleine.fr\/wp-content\/uploads\/2026\/02\/robe-carreaux-fille-2-225x300.jpg 225w, https:\/\/voyagedelabaleine.fr\/wp-content\/uploads\/2026\/02\/robe-carreaux-fille-2.jpg 604w\" sizes=\"(max-width: 600px) 100vw, 600px\" \/><\/a>\t<\/div><!-- .woo-entry-image-swap -->\n\n<\/li><li class=\"title\"><h2><a href=\"https:\/\/voyagedelabaleine.fr\/it\/prodotto\/vestito-bambina-a-quadri-blu-bianco-2\/\">Vestito bambina a quadri &#8211; Blu\/bianco<\/a><\/h2><\/li><li class=\"price-wrap\">\n\t<span class=\"price\"><span class=\"woocommerce-Price-amount amount\"><bdi>78<span class=\"woocommerce-Price-currencySymbol\">&euro;<\/span><\/bdi><\/span><\/span>\n<\/li><\/ul><\/div><!-- .product-inner .clr --><\/li>\n<\/ul>\n<\/div><\/div>\n\t\t\t\t\t\t<\/div>\n\t\t\t\t<\/div>\n\t\t<div class=\"elementor-element elementor-element-c8f7ba0 e-con-full e-flex e-con e-parent\" data-id=\"c8f7ba0\" data-element_type=\"container\" data-e-type=\"container\">\n\t\t\t\t<div class=\"elementor-element elementor-element-937d342 elementor-widget-divider--separator-type-pattern elementor-widget-divider--view-line elementor-widget elementor-widget-divider\" data-id=\"937d342\" data-element_type=\"widget\" data-e-type=\"widget\" data-widget_type=\"divider.default\">\n\t\t\t\t\t\t\t<div class=\"elementor-divider\" style=\"--divider-pattern-url: url(&quot;data:image\/svg+xml,%3Csvg xmlns=&#039;http:\/\/www.w3.org\/2000\/svg&#039; preserveAspectRatio=&#039;none&#039; overflow=&#039;visible&#039; height=&#039;100%&#039; viewBox=&#039;0 0 24 24&#039; fill=&#039;black&#039; stroke=&#039;none&#039;%3E%3Cpath d=&#039;M12.7,2.3c-0.4-0.4-1.1-0.4-1.5,0l-8,9.1c-0.3,0.4-0.3,0.9,0,1.2l8,9.1c0.4,0.4,1.1,0.4,1.5,0l8-9.1c0.3-0.4,0.3-0.9,0-1.2L12.7,2.3z&#039;\/%3E%3C\/svg%3E&quot;);\">\n\t\t\t<span class=\"elementor-divider-separator\">\n\t\t\t\t\t\t<\/span>\n\t\t<\/div>\n\t\t\t\t\t\t<\/div>\n\t\t<div class=\"elementor-element elementor-element-cee24a0 e-grid e-con-full e-con e-child\" data-id=\"cee24a0\" data-element_type=\"container\" data-e-type=\"container\">\n\t\t<div class=\"elementor-element elementor-element-fd85fdb e-con-full e-flex e-con e-child\" data-id=\"fd85fdb\" data-element_type=\"container\" data-e-type=\"container\">\n\t\t\t\t<div class=\"elementor-element elementor-element-407645d elementor-widget elementor-widget-heading\" data-id=\"407645d\" data-element_type=\"widget\" data-e-type=\"widget\" data-widget_type=\"heading.default\">\n\t\t\t\t\t<h2 class=\"elementor-heading-title elementor-size-default\">Vichy acquatico<\/h2>\t\t\t\t<\/div>\n\t\t\t\t<\/div>\n\t\t\t\t<\/div>\n\t\t\t\t<\/div>\n\t\t<div class=\"elementor-element elementor-element-a96de77 e-con-full e-flex e-con e-parent\" data-id=\"a96de77\" data-element_type=\"container\" data-e-type=\"container\">\n\t\t\t\t<div class=\"elementor-element elementor-element-5519d76 elementor-widget elementor-widget-shortcode\" data-id=\"5519d76\" data-element_type=\"widget\" data-e-type=\"widget\" data-widget_type=\"shortcode.default\">\n\t\t\t\t\t\t\t<div class=\"elementor-shortcode\"><div class=\"woocommerce columns-2 \">\r\n<ul class=\"products oceanwp-row clr grid tablet-col tablet-2-col mobile-col mobile-2-col\">\r\n<li class=\"entry has-media col span_1_of_2 owp-content-center owp-thumbs-layout-vertical owp-btn-big owp-tabs-layout-vertical circle-sale product type-product post-39329 status-publish first instock product_cat-abbigliamento product_cat-costume-da-bagno-bambina product_cat-costume-da-bagno-bambini product_cat-costume-da-bagno-neonata product_cat-costume-da-bagno-neonati has-post-thumbnail taxable shipping-taxable purchasable product-type-variable has-default-attributes\">\n\t<div class=\"product-inner clr\">\n\t<div class=\"woo-entry-image-swap woo-entry-image clr\">\n\t\t<a href=\"https:\/\/voyagedelabaleine.fr\/it\/prodotto\/costume-da-bagno-bambina-vichy-turchese\/\" class=\"woocommerce-LoopProduct-link\"><img decoding=\"async\" width=\"600\" height=\"800\" src=\"https:\/\/voyagedelabaleine.fr\/wp-content\/uploads\/2026\/02\/maillot-bain-fille-turquoise-600x800.jpg\" class=\"woo-entry-image-main\" alt=\"Costume da bagno bambina vichy &#8211; Turchese\" itemprop=\"image\" srcset=\"https:\/\/voyagedelabaleine.fr\/wp-content\/uploads\/2026\/02\/maillot-bain-fille-turquoise-600x800.jpg 600w, https:\/\/voyagedelabaleine.fr\/wp-content\/uploads\/2026\/02\/maillot-bain-fille-turquoise-225x300.jpg 225w, https:\/\/voyagedelabaleine.fr\/wp-content\/uploads\/2026\/02\/maillot-bain-fille-turquoise-768x1024.jpg 768w, https:\/\/voyagedelabaleine.fr\/wp-content\/uploads\/2026\/02\/maillot-bain-fille-turquoise-1152x1536.jpg 1152w, https:\/\/voyagedelabaleine.fr\/wp-content\/uploads\/2026\/02\/maillot-bain-fille-turquoise.jpg 1500w\" sizes=\"(max-width: 600px) 100vw, 600px\" \/><img decoding=\"async\" width=\"600\" height=\"800\" src=\"https:\/\/voyagedelabaleine.fr\/wp-content\/uploads\/2026\/02\/maillot-bain-fille-turquoise-2-600x800.jpg\" class=\"woo-entry-image-secondary\" alt=\"Costume da bagno bambina vichy &#8211; Turchese\" itemprop=\"image\" srcset=\"https:\/\/voyagedelabaleine.fr\/wp-content\/uploads\/2026\/02\/maillot-bain-fille-turquoise-2-600x800.jpg 600w, https:\/\/voyagedelabaleine.fr\/wp-content\/uploads\/2026\/02\/maillot-bain-fille-turquoise-2-225x300.jpg 225w, https:\/\/voyagedelabaleine.fr\/wp-content\/uploads\/2026\/02\/maillot-bain-fille-turquoise-2-768x1024.jpg 768w, https:\/\/voyagedelabaleine.fr\/wp-content\/uploads\/2026\/02\/maillot-bain-fille-turquoise-2-1152x1536.jpg 1152w, https:\/\/voyagedelabaleine.fr\/wp-content\/uploads\/2026\/02\/maillot-bain-fille-turquoise-2.jpg 1463w\" sizes=\"(max-width: 600px) 100vw, 600px\" \/><\/a>\t<\/div><!-- .woo-entry-image-swap -->\n\n<ul class=\"woo-entry-inner clr\"><li class=\"image-wrap\">\n\t<div class=\"woo-entry-image-swap woo-entry-image clr\">\n\t\t<a href=\"https:\/\/voyagedelabaleine.fr\/it\/prodotto\/costume-da-bagno-bambina-vichy-turchese\/\" class=\"woocommerce-LoopProduct-link\"><img decoding=\"async\" width=\"600\" height=\"800\" src=\"https:\/\/voyagedelabaleine.fr\/wp-content\/uploads\/2026\/02\/maillot-bain-fille-turquoise-600x800.jpg\" class=\"woo-entry-image-main\" alt=\"Costume da bagno bambina vichy &#8211; Turchese\" itemprop=\"image\" srcset=\"https:\/\/voyagedelabaleine.fr\/wp-content\/uploads\/2026\/02\/maillot-bain-fille-turquoise-600x800.jpg 600w, https:\/\/voyagedelabaleine.fr\/wp-content\/uploads\/2026\/02\/maillot-bain-fille-turquoise-225x300.jpg 225w, https:\/\/voyagedelabaleine.fr\/wp-content\/uploads\/2026\/02\/maillot-bain-fille-turquoise-768x1024.jpg 768w, https:\/\/voyagedelabaleine.fr\/wp-content\/uploads\/2026\/02\/maillot-bain-fille-turquoise-1152x1536.jpg 1152w, https:\/\/voyagedelabaleine.fr\/wp-content\/uploads\/2026\/02\/maillot-bain-fille-turquoise.jpg 1500w\" sizes=\"(max-width: 600px) 100vw, 600px\" \/><img decoding=\"async\" width=\"600\" height=\"800\" src=\"https:\/\/voyagedelabaleine.fr\/wp-content\/uploads\/2026\/02\/maillot-bain-fille-turquoise-2-600x800.jpg\" class=\"woo-entry-image-secondary\" alt=\"Costume da bagno bambina vichy &#8211; Turchese\" itemprop=\"image\" srcset=\"https:\/\/voyagedelabaleine.fr\/wp-content\/uploads\/2026\/02\/maillot-bain-fille-turquoise-2-600x800.jpg 600w, https:\/\/voyagedelabaleine.fr\/wp-content\/uploads\/2026\/02\/maillot-bain-fille-turquoise-2-225x300.jpg 225w, https:\/\/voyagedelabaleine.fr\/wp-content\/uploads\/2026\/02\/maillot-bain-fille-turquoise-2-768x1024.jpg 768w, https:\/\/voyagedelabaleine.fr\/wp-content\/uploads\/2026\/02\/maillot-bain-fille-turquoise-2-1152x1536.jpg 1152w, https:\/\/voyagedelabaleine.fr\/wp-content\/uploads\/2026\/02\/maillot-bain-fille-turquoise-2.jpg 1463w\" sizes=\"(max-width: 600px) 100vw, 600px\" \/><\/a>\t<\/div><!-- .woo-entry-image-swap -->\n\n<\/li><li class=\"title\"><h2><a href=\"https:\/\/voyagedelabaleine.fr\/it\/prodotto\/costume-da-bagno-bambina-vichy-turchese\/\">Costume da bagno bambina vichy &#8211; Turchese<\/a><\/h2><\/li><li class=\"price-wrap\">\n\t<span class=\"price\"><span class=\"woocommerce-Price-amount amount\"><bdi>42<span class=\"woocommerce-Price-currencySymbol\">&euro;<\/span><\/bdi><\/span><\/span>\n<\/li><\/ul><\/div><!-- .product-inner .clr --><\/li>\n<li class=\"entry has-media col span_1_of_2 owp-content-center owp-thumbs-layout-vertical owp-btn-big owp-tabs-layout-vertical circle-sale product type-product post-39287 status-publish last instock product_cat-abbigliamento product_cat-costume-da-bagno-bambini product_cat-costume-da-bagno-bambino product_cat-costume-da-bagno-neonati product_cat-costume-da-bagno-neonato has-post-thumbnail taxable shipping-taxable purchasable product-type-variable has-default-attributes\">\n\t<div class=\"product-inner clr\">\n\t<div class=\"woo-entry-image-swap woo-entry-image clr\">\n\t\t<a href=\"https:\/\/voyagedelabaleine.fr\/it\/prodotto\/costume-da-bagno-bambino-vichy-turchese\/\" class=\"woocommerce-LoopProduct-link\"><img decoding=\"async\" width=\"600\" height=\"800\" src=\"https:\/\/voyagedelabaleine.fr\/wp-content\/uploads\/2026\/02\/Maillot-de-bain-garcon-vichy-turquoise-600x800.jpg\" class=\"woo-entry-image-main\" alt=\"Costume da bagno bambino vichy &#8211; Turchese\" itemprop=\"image\" srcset=\"https:\/\/voyagedelabaleine.fr\/wp-content\/uploads\/2026\/02\/Maillot-de-bain-garcon-vichy-turquoise-600x800.jpg 600w, https:\/\/voyagedelabaleine.fr\/wp-content\/uploads\/2026\/02\/Maillot-de-bain-garcon-vichy-turquoise-225x300.jpg 225w, https:\/\/voyagedelabaleine.fr\/wp-content\/uploads\/2026\/02\/Maillot-de-bain-garcon-vichy-turquoise-768x1024.jpg 768w, https:\/\/voyagedelabaleine.fr\/wp-content\/uploads\/2026\/02\/Maillot-de-bain-garcon-vichy-turquoise-1152x1536.jpg 1152w, https:\/\/voyagedelabaleine.fr\/wp-content\/uploads\/2026\/02\/Maillot-de-bain-garcon-vichy-turquoise.jpg 1327w\" sizes=\"(max-width: 600px) 100vw, 600px\" \/><img decoding=\"async\" width=\"600\" height=\"800\" src=\"https:\/\/voyagedelabaleine.fr\/wp-content\/uploads\/2026\/02\/Maillot-de-bain-garcon-vichy-turquoise-2-600x800.jpg\" class=\"woo-entry-image-secondary\" alt=\"Costume da bagno bambino vichy &#8211; Turchese\" itemprop=\"image\" srcset=\"https:\/\/voyagedelabaleine.fr\/wp-content\/uploads\/2026\/02\/Maillot-de-bain-garcon-vichy-turquoise-2-600x800.jpg 600w, https:\/\/voyagedelabaleine.fr\/wp-content\/uploads\/2026\/02\/Maillot-de-bain-garcon-vichy-turquoise-2-225x300.jpg 225w, https:\/\/voyagedelabaleine.fr\/wp-content\/uploads\/2026\/02\/Maillot-de-bain-garcon-vichy-turquoise-2-768x1024.jpg 768w, https:\/\/voyagedelabaleine.fr\/wp-content\/uploads\/2026\/02\/Maillot-de-bain-garcon-vichy-turquoise-2-1152x1536.jpg 1152w, https:\/\/voyagedelabaleine.fr\/wp-content\/uploads\/2026\/02\/Maillot-de-bain-garcon-vichy-turquoise-2.jpg 1300w\" sizes=\"(max-width: 600px) 100vw, 600px\" \/><\/a>\t<\/div><!-- .woo-entry-image-swap -->\n\n<ul class=\"woo-entry-inner clr\"><li class=\"image-wrap\">\n\t<div class=\"woo-entry-image-swap woo-entry-image clr\">\n\t\t<a href=\"https:\/\/voyagedelabaleine.fr\/it\/prodotto\/costume-da-bagno-bambino-vichy-turchese\/\" class=\"woocommerce-LoopProduct-link\"><img decoding=\"async\" width=\"600\" height=\"800\" src=\"https:\/\/voyagedelabaleine.fr\/wp-content\/uploads\/2026\/02\/Maillot-de-bain-garcon-vichy-turquoise-600x800.jpg\" class=\"woo-entry-image-main\" alt=\"Costume da bagno bambino vichy &#8211; Turchese\" itemprop=\"image\" srcset=\"https:\/\/voyagedelabaleine.fr\/wp-content\/uploads\/2026\/02\/Maillot-de-bain-garcon-vichy-turquoise-600x800.jpg 600w, https:\/\/voyagedelabaleine.fr\/wp-content\/uploads\/2026\/02\/Maillot-de-bain-garcon-vichy-turquoise-225x300.jpg 225w, https:\/\/voyagedelabaleine.fr\/wp-content\/uploads\/2026\/02\/Maillot-de-bain-garcon-vichy-turquoise-768x1024.jpg 768w, https:\/\/voyagedelabaleine.fr\/wp-content\/uploads\/2026\/02\/Maillot-de-bain-garcon-vichy-turquoise-1152x1536.jpg 1152w, https:\/\/voyagedelabaleine.fr\/wp-content\/uploads\/2026\/02\/Maillot-de-bain-garcon-vichy-turquoise.jpg 1327w\" sizes=\"(max-width: 600px) 100vw, 600px\" \/><img decoding=\"async\" width=\"600\" height=\"800\" src=\"https:\/\/voyagedelabaleine.fr\/wp-content\/uploads\/2026\/02\/Maillot-de-bain-garcon-vichy-turquoise-2-600x800.jpg\" class=\"woo-entry-image-secondary\" alt=\"Costume da bagno bambino vichy &#8211; Turchese\" itemprop=\"image\" srcset=\"https:\/\/voyagedelabaleine.fr\/wp-content\/uploads\/2026\/02\/Maillot-de-bain-garcon-vichy-turquoise-2-600x800.jpg 600w, https:\/\/voyagedelabaleine.fr\/wp-content\/uploads\/2026\/02\/Maillot-de-bain-garcon-vichy-turquoise-2-225x300.jpg 225w, https:\/\/voyagedelabaleine.fr\/wp-content\/uploads\/2026\/02\/Maillot-de-bain-garcon-vichy-turquoise-2-768x1024.jpg 768w, https:\/\/voyagedelabaleine.fr\/wp-content\/uploads\/2026\/02\/Maillot-de-bain-garcon-vichy-turquoise-2-1152x1536.jpg 1152w, https:\/\/voyagedelabaleine.fr\/wp-content\/uploads\/2026\/02\/Maillot-de-bain-garcon-vichy-turquoise-2.jpg 1300w\" sizes=\"(max-width: 600px) 100vw, 600px\" \/><\/a>\t<\/div><!-- .woo-entry-image-swap -->\n\n<\/li><li class=\"title\"><h2><a href=\"https:\/\/voyagedelabaleine.fr\/it\/prodotto\/costume-da-bagno-bambino-vichy-turchese\/\">Costume da bagno bambino vichy &#8211; Turchese<\/a><\/h2><\/li><li class=\"price-wrap\">\n\t<span class=\"price\"><span class=\"woocommerce-Price-amount amount\"><bdi>38<span class=\"woocommerce-Price-currencySymbol\">&euro;<\/span><\/bdi><\/span><\/span>\n<\/li><\/ul><\/div><!-- .product-inner .clr --><\/li>\n<\/ul>\n<\/div><\/div>\n\t\t\t\t\t\t<\/div>\n\t\t\t\t<\/div>\n\t\t<div class=\"elementor-element elementor-element-344eb41 e-con-full e-flex e-con e-parent\" data-id=\"344eb41\" data-element_type=\"container\" data-e-type=\"container\">\n\t\t\t\t<div class=\"elementor-element elementor-element-664a5f9 elementor-widget-divider--separator-type-pattern elementor-widget-divider--view-line elementor-widget elementor-widget-divider\" data-id=\"664a5f9\" data-element_type=\"widget\" data-e-type=\"widget\" data-widget_type=\"divider.default\">\n\t\t\t\t\t\t\t<div class=\"elementor-divider\" style=\"--divider-pattern-url: url(&quot;data:image\/svg+xml,%3Csvg xmlns=&#039;http:\/\/www.w3.org\/2000\/svg&#039; preserveAspectRatio=&#039;none&#039; overflow=&#039;visible&#039; height=&#039;100%&#039; viewBox=&#039;0 0 24 24&#039; fill=&#039;black&#039; stroke=&#039;none&#039;%3E%3Cpath d=&#039;M12.7,2.3c-0.4-0.4-1.1-0.4-1.5,0l-8,9.1c-0.3,0.4-0.3,0.9,0,1.2l8,9.1c0.4,0.4,1.1,0.4,1.5,0l8-9.1c0.3-0.4,0.3-0.9,0-1.2L12.7,2.3z&#039;\/%3E%3C\/svg%3E&quot;);\">\n\t\t\t<span class=\"elementor-divider-separator\">\n\t\t\t\t\t\t<\/span>\n\t\t<\/div>\n\t\t\t\t\t\t<\/div>\n\t\t<div class=\"elementor-element elementor-element-aa754d0 e-grid e-con-full e-con e-child\" data-id=\"aa754d0\" data-element_type=\"container\" data-e-type=\"container\">\n\t\t<div class=\"elementor-element elementor-element-47eeabf e-con-full e-flex e-con e-child\" data-id=\"47eeabf\" data-element_type=\"container\" data-e-type=\"container\">\n\t\t\t\t<div class=\"elementor-element elementor-element-28547b0 elementor-widget elementor-widget-heading\" data-id=\"28547b0\" data-element_type=\"widget\" data-e-type=\"widget\" data-widget_type=\"heading.default\">\n\t\t\t\t\t<h2 class=\"elementor-heading-title elementor-size-default\">Eleganza e tradizione<\/h2>\t\t\t\t<\/div>\n\t\t\t\t<\/div>\n\t\t\t\t<\/div>\n\t\t\t\t<\/div>\n\t\t<div class=\"elementor-element elementor-element-f1ba1d7 e-con-full e-flex e-con e-parent\" data-id=\"f1ba1d7\" data-element_type=\"container\" data-e-type=\"container\">\n\t\t\t\t<div class=\"elementor-element elementor-element-351a637 elementor-widget elementor-widget-shortcode\" data-id=\"351a637\" data-element_type=\"widget\" data-e-type=\"widget\" data-widget_type=\"shortcode.default\">\n\t\t\t\t\t\t\t<div class=\"elementor-shortcode\"><div class=\"woocommerce columns-3 \">\r\n<ul class=\"products oceanwp-row clr grid tablet-col tablet-2-col mobile-col mobile-2-col\">\r\n<li class=\"entry has-media col span_1_of_3 owp-content-center owp-thumbs-layout-vertical owp-btn-big owp-tabs-layout-vertical circle-sale product type-product post-39356 status-publish first instock product_cat-abbigliamento product_cat-completi-nascita product_cat-completi-nascita-ragazza product_cat-completi-neonata product_cat-completi-neonati product_cat-nascita-ragazza product_cat-neonata product_cat-vestito-nascita product_cat-vestito-neonata has-post-thumbnail taxable shipping-taxable purchasable product-type-variable has-default-attributes\">\n\t<div class=\"product-inner clr\">\n\t<div class=\"woo-entry-image-swap woo-entry-image clr\">\n\t\t<a href=\"https:\/\/voyagedelabaleine.fr\/it\/prodotto\/completo-neonata-con-smock-blu-bianco\/\" class=\"woocommerce-LoopProduct-link\"><img decoding=\"async\" width=\"600\" height=\"800\" src=\"https:\/\/voyagedelabaleine.fr\/wp-content\/uploads\/2026\/02\/Capture-decran-2026-02-06-a-22.26.03-fotor-20260206222752-600x800.jpg\" class=\"woo-entry-image-main\" alt=\"Completo neonata con smock &#8211; Blu\/bianco\" itemprop=\"image\" srcset=\"https:\/\/voyagedelabaleine.fr\/wp-content\/uploads\/2026\/02\/Capture-decran-2026-02-06-a-22.26.03-fotor-20260206222752-600x800.jpg 600w, https:\/\/voyagedelabaleine.fr\/wp-content\/uploads\/2026\/02\/Capture-decran-2026-02-06-a-22.26.03-fotor-20260206222752-225x300.jpg 225w, https:\/\/voyagedelabaleine.fr\/wp-content\/uploads\/2026\/02\/Capture-decran-2026-02-06-a-22.26.03-fotor-20260206222752-768x1024.jpg 768w, https:\/\/voyagedelabaleine.fr\/wp-content\/uploads\/2026\/02\/Capture-decran-2026-02-06-a-22.26.03-fotor-20260206222752-1152x1536.jpg 1152w, https:\/\/voyagedelabaleine.fr\/wp-content\/uploads\/2026\/02\/Capture-decran-2026-02-06-a-22.26.03-fotor-20260206222752.jpg 1245w\" sizes=\"(max-width: 600px) 100vw, 600px\" \/><img decoding=\"async\" width=\"600\" height=\"800\" src=\"https:\/\/voyagedelabaleine.fr\/wp-content\/uploads\/2026\/02\/robe-courte-bebe-bloomer-assorti-600x800.jpg\" class=\"woo-entry-image-secondary\" alt=\"Completo neonata con smock &#8211; Blu\/bianco\" itemprop=\"image\" srcset=\"https:\/\/voyagedelabaleine.fr\/wp-content\/uploads\/2026\/02\/robe-courte-bebe-bloomer-assorti-600x800.jpg 600w, https:\/\/voyagedelabaleine.fr\/wp-content\/uploads\/2026\/02\/robe-courte-bebe-bloomer-assorti-225x300.jpg 225w, https:\/\/voyagedelabaleine.fr\/wp-content\/uploads\/2026\/02\/robe-courte-bebe-bloomer-assorti-768x1024.jpg 768w, https:\/\/voyagedelabaleine.fr\/wp-content\/uploads\/2026\/02\/robe-courte-bebe-bloomer-assorti-1152x1536.jpg 1152w, https:\/\/voyagedelabaleine.fr\/wp-content\/uploads\/2026\/02\/robe-courte-bebe-bloomer-assorti.jpg 1391w\" sizes=\"(max-width: 600px) 100vw, 600px\" \/><\/a>\t<\/div><!-- .woo-entry-image-swap -->\n\n<ul class=\"woo-entry-inner clr\"><li class=\"image-wrap\">\n\t<div class=\"woo-entry-image-swap woo-entry-image clr\">\n\t\t<a href=\"https:\/\/voyagedelabaleine.fr\/it\/prodotto\/completo-neonata-con-smock-blu-bianco\/\" class=\"woocommerce-LoopProduct-link\"><img decoding=\"async\" width=\"600\" height=\"800\" src=\"https:\/\/voyagedelabaleine.fr\/wp-content\/uploads\/2026\/02\/Capture-decran-2026-02-06-a-22.26.03-fotor-20260206222752-600x800.jpg\" class=\"woo-entry-image-main\" alt=\"Completo neonata con smock &#8211; Blu\/bianco\" itemprop=\"image\" srcset=\"https:\/\/voyagedelabaleine.fr\/wp-content\/uploads\/2026\/02\/Capture-decran-2026-02-06-a-22.26.03-fotor-20260206222752-600x800.jpg 600w, https:\/\/voyagedelabaleine.fr\/wp-content\/uploads\/2026\/02\/Capture-decran-2026-02-06-a-22.26.03-fotor-20260206222752-225x300.jpg 225w, https:\/\/voyagedelabaleine.fr\/wp-content\/uploads\/2026\/02\/Capture-decran-2026-02-06-a-22.26.03-fotor-20260206222752-768x1024.jpg 768w, https:\/\/voyagedelabaleine.fr\/wp-content\/uploads\/2026\/02\/Capture-decran-2026-02-06-a-22.26.03-fotor-20260206222752-1152x1536.jpg 1152w, https:\/\/voyagedelabaleine.fr\/wp-content\/uploads\/2026\/02\/Capture-decran-2026-02-06-a-22.26.03-fotor-20260206222752.jpg 1245w\" sizes=\"(max-width: 600px) 100vw, 600px\" \/><img decoding=\"async\" width=\"600\" height=\"800\" src=\"https:\/\/voyagedelabaleine.fr\/wp-content\/uploads\/2026\/02\/robe-courte-bebe-bloomer-assorti-600x800.jpg\" class=\"woo-entry-image-secondary\" alt=\"Completo neonata con smock &#8211; Blu\/bianco\" itemprop=\"image\" srcset=\"https:\/\/voyagedelabaleine.fr\/wp-content\/uploads\/2026\/02\/robe-courte-bebe-bloomer-assorti-600x800.jpg 600w, https:\/\/voyagedelabaleine.fr\/wp-content\/uploads\/2026\/02\/robe-courte-bebe-bloomer-assorti-225x300.jpg 225w, https:\/\/voyagedelabaleine.fr\/wp-content\/uploads\/2026\/02\/robe-courte-bebe-bloomer-assorti-768x1024.jpg 768w, https:\/\/voyagedelabaleine.fr\/wp-content\/uploads\/2026\/02\/robe-courte-bebe-bloomer-assorti-1152x1536.jpg 1152w, https:\/\/voyagedelabaleine.fr\/wp-content\/uploads\/2026\/02\/robe-courte-bebe-bloomer-assorti.jpg 1391w\" sizes=\"(max-width: 600px) 100vw, 600px\" \/><\/a>\t<\/div><!-- .woo-entry-image-swap -->\n\n<\/li><li class=\"title\"><h2><a href=\"https:\/\/voyagedelabaleine.fr\/it\/prodotto\/completo-neonata-con-smock-blu-bianco\/\">Completo neonata con smock &#8211; Blu\/bianco<\/a><\/h2><\/li><li class=\"price-wrap\">\n\t<span class=\"price\"><span class=\"woocommerce-Price-amount amount\"><bdi>68<span class=\"woocommerce-Price-currencySymbol\">&euro;<\/span><\/bdi><\/span><\/span>\n<\/li><\/ul><\/div><!-- .product-inner .clr --><\/li>\n<li class=\"entry has-media col span_1_of_3 owp-content-center owp-thumbs-layout-vertical owp-btn-big owp-tabs-layout-vertical circle-sale product type-product post-39207 status-publish instock product_cat-abbigliamento product_cat-pagliaccetto-salopette-nascita product_cat-pagliaccetto-salopette-nascita-ragazza product_cat-pagliaccetto-salopette-nascita-ragazzo product_cat-pagliaccetto-salopette-neonata product_cat-pagliaccetto-salopette-neonati product_cat-pagliaccetto-salopette-neonato has-post-thumbnail taxable shipping-taxable purchasable product-type-variable has-default-attributes\">\n\t<div class=\"product-inner clr\">\n\t<div class=\"woo-entry-image-swap woo-entry-image clr\">\n\t\t<a href=\"https:\/\/voyagedelabaleine.fr\/it\/prodotto\/pagliaccetto-neonato-con-smock-blu-bianco\/\" class=\"woocommerce-LoopProduct-link\"><img decoding=\"async\" width=\"600\" height=\"800\" src=\"https:\/\/voyagedelabaleine.fr\/wp-content\/uploads\/2026\/02\/barboteuse-bebe-smocks-600x800.jpg\" class=\"woo-entry-image-main\" alt=\"Pagliaccetto neonato con smock &#8211; Blu\/bianco\" itemprop=\"image\" srcset=\"https:\/\/voyagedelabaleine.fr\/wp-content\/uploads\/2026\/02\/barboteuse-bebe-smocks-600x800.jpg 600w, https:\/\/voyagedelabaleine.fr\/wp-content\/uploads\/2026\/02\/barboteuse-bebe-smocks-225x300.jpg 225w, https:\/\/voyagedelabaleine.fr\/wp-content\/uploads\/2026\/02\/barboteuse-bebe-smocks-768x1024.jpg 768w, https:\/\/voyagedelabaleine.fr\/wp-content\/uploads\/2026\/02\/barboteuse-bebe-smocks-1152x1536.jpg 1152w, https:\/\/voyagedelabaleine.fr\/wp-content\/uploads\/2026\/02\/barboteuse-bebe-smocks.jpg 1476w\" sizes=\"(max-width: 600px) 100vw, 600px\" \/><img decoding=\"async\" width=\"600\" height=\"800\" src=\"https:\/\/voyagedelabaleine.fr\/wp-content\/uploads\/2026\/02\/barboteuse-bebe-smocks-2-600x800.jpg\" class=\"woo-entry-image-secondary\" alt=\"Pagliaccetto neonato con smock &#8211; Blu\/bianco\" itemprop=\"image\" srcset=\"https:\/\/voyagedelabaleine.fr\/wp-content\/uploads\/2026\/02\/barboteuse-bebe-smocks-2-600x800.jpg 600w, https:\/\/voyagedelabaleine.fr\/wp-content\/uploads\/2026\/02\/barboteuse-bebe-smocks-2-225x300.jpg 225w, https:\/\/voyagedelabaleine.fr\/wp-content\/uploads\/2026\/02\/barboteuse-bebe-smocks-2-768x1024.jpg 768w, https:\/\/voyagedelabaleine.fr\/wp-content\/uploads\/2026\/02\/barboteuse-bebe-smocks-2-1152x1536.jpg 1152w, https:\/\/voyagedelabaleine.fr\/wp-content\/uploads\/2026\/02\/barboteuse-bebe-smocks-2.jpg 1432w\" sizes=\"(max-width: 600px) 100vw, 600px\" \/><\/a>\t<\/div><!-- .woo-entry-image-swap -->\n\n<ul class=\"woo-entry-inner clr\"><li class=\"image-wrap\">\n\t<div class=\"woo-entry-image-swap woo-entry-image clr\">\n\t\t<a href=\"https:\/\/voyagedelabaleine.fr\/it\/prodotto\/pagliaccetto-neonato-con-smock-blu-bianco\/\" class=\"woocommerce-LoopProduct-link\"><img decoding=\"async\" width=\"600\" height=\"800\" src=\"https:\/\/voyagedelabaleine.fr\/wp-content\/uploads\/2026\/02\/barboteuse-bebe-smocks-600x800.jpg\" class=\"woo-entry-image-main\" alt=\"Pagliaccetto neonato con smock &#8211; Blu\/bianco\" itemprop=\"image\" srcset=\"https:\/\/voyagedelabaleine.fr\/wp-content\/uploads\/2026\/02\/barboteuse-bebe-smocks-600x800.jpg 600w, https:\/\/voyagedelabaleine.fr\/wp-content\/uploads\/2026\/02\/barboteuse-bebe-smocks-225x300.jpg 225w, https:\/\/voyagedelabaleine.fr\/wp-content\/uploads\/2026\/02\/barboteuse-bebe-smocks-768x1024.jpg 768w, https:\/\/voyagedelabaleine.fr\/wp-content\/uploads\/2026\/02\/barboteuse-bebe-smocks-1152x1536.jpg 1152w, https:\/\/voyagedelabaleine.fr\/wp-content\/uploads\/2026\/02\/barboteuse-bebe-smocks.jpg 1476w\" sizes=\"(max-width: 600px) 100vw, 600px\" \/><img decoding=\"async\" width=\"600\" height=\"800\" src=\"https:\/\/voyagedelabaleine.fr\/wp-content\/uploads\/2026\/02\/barboteuse-bebe-smocks-2-600x800.jpg\" class=\"woo-entry-image-secondary\" alt=\"Pagliaccetto neonato con smock &#8211; Blu\/bianco\" itemprop=\"image\" srcset=\"https:\/\/voyagedelabaleine.fr\/wp-content\/uploads\/2026\/02\/barboteuse-bebe-smocks-2-600x800.jpg 600w, https:\/\/voyagedelabaleine.fr\/wp-content\/uploads\/2026\/02\/barboteuse-bebe-smocks-2-225x300.jpg 225w, https:\/\/voyagedelabaleine.fr\/wp-content\/uploads\/2026\/02\/barboteuse-bebe-smocks-2-768x1024.jpg 768w, https:\/\/voyagedelabaleine.fr\/wp-content\/uploads\/2026\/02\/barboteuse-bebe-smocks-2-1152x1536.jpg 1152w, https:\/\/voyagedelabaleine.fr\/wp-content\/uploads\/2026\/02\/barboteuse-bebe-smocks-2.jpg 1432w\" sizes=\"(max-width: 600px) 100vw, 600px\" \/><\/a>\t<\/div><!-- .woo-entry-image-swap -->\n\n<\/li><li class=\"title\"><h2><a href=\"https:\/\/voyagedelabaleine.fr\/it\/prodotto\/pagliaccetto-neonato-con-smock-blu-bianco\/\">Pagliaccetto neonato con smock &#8211; Blu\/bianco<\/a><\/h2><\/li><li class=\"price-wrap\">\n\t<span class=\"price\"><span class=\"woocommerce-Price-amount amount\"><bdi>58<span class=\"woocommerce-Price-currencySymbol\">&euro;<\/span><\/bdi><\/span><\/span>\n<\/li><\/ul><\/div><!-- .product-inner .clr --><\/li>\n<li class=\"entry has-media col span_1_of_3 owp-content-center owp-thumbs-layout-vertical owp-btn-big owp-tabs-layout-vertical circle-sale product type-product post-39366 status-publish last instock product_cat-abbigliamento product_cat-bloomer-short-pantaloni-nascita product_cat-bloomer-short-pantaloni-nascita-ragazzo product_cat-bloomer-short-pantaloni-neonati product_cat-bloomer-short-pantaloni-neonato product_cat-blusa-camicia-nascita product_cat-blusa-camicia-nascita-ragazzo product_cat-blusa-camicia-neonati product_cat-blusa-camicia-neonato product_cat-completi-nascita product_cat-completi-nascita-ragazzo product_cat-completi-neonati product_cat-completi-neonato has-post-thumbnail taxable shipping-taxable purchasable product-type-variable has-default-attributes\">\n\t<div class=\"product-inner clr\">\n\t<div class=\"woo-entry-image-swap woo-entry-image clr\">\n\t\t<a href=\"https:\/\/voyagedelabaleine.fr\/it\/prodotto\/completo-neonato-con-smock-blu-bianco\/\" class=\"woocommerce-LoopProduct-link\"><img decoding=\"async\" width=\"600\" height=\"800\" src=\"https:\/\/voyagedelabaleine.fr\/wp-content\/uploads\/2026\/02\/MartinAranda_SS2611698-fotor-20260206201410-600x800.jpg\" class=\"woo-entry-image-main\" alt=\"Completo neonato con smock &#8211; Blu\/bianco\" itemprop=\"image\" srcset=\"https:\/\/voyagedelabaleine.fr\/wp-content\/uploads\/2026\/02\/MartinAranda_SS2611698-fotor-20260206201410-600x800.jpg 600w, https:\/\/voyagedelabaleine.fr\/wp-content\/uploads\/2026\/02\/MartinAranda_SS2611698-fotor-20260206201410-225x300.jpg 225w, https:\/\/voyagedelabaleine.fr\/wp-content\/uploads\/2026\/02\/MartinAranda_SS2611698-fotor-20260206201410-768x1024.jpg 768w, https:\/\/voyagedelabaleine.fr\/wp-content\/uploads\/2026\/02\/MartinAranda_SS2611698-fotor-20260206201410-1152x1536.jpg 1152w, https:\/\/voyagedelabaleine.fr\/wp-content\/uploads\/2026\/02\/MartinAranda_SS2611698-fotor-20260206201410.jpg 1300w\" sizes=\"(max-width: 600px) 100vw, 600px\" \/><img decoding=\"async\" width=\"600\" height=\"800\" src=\"https:\/\/voyagedelabaleine.fr\/wp-content\/uploads\/2026\/02\/ensemble-bebe-garcon-smocks-2-600x800.jpg\" class=\"woo-entry-image-secondary\" alt=\"Completo neonato con smock &#8211; Blu\/bianco\" itemprop=\"image\" srcset=\"https:\/\/voyagedelabaleine.fr\/wp-content\/uploads\/2026\/02\/ensemble-bebe-garcon-smocks-2-600x800.jpg 600w, https:\/\/voyagedelabaleine.fr\/wp-content\/uploads\/2026\/02\/ensemble-bebe-garcon-smocks-2-225x300.jpg 225w, https:\/\/voyagedelabaleine.fr\/wp-content\/uploads\/2026\/02\/ensemble-bebe-garcon-smocks-2-768x1024.jpg 768w, https:\/\/voyagedelabaleine.fr\/wp-content\/uploads\/2026\/02\/ensemble-bebe-garcon-smocks-2-1152x1536.jpg 1152w, https:\/\/voyagedelabaleine.fr\/wp-content\/uploads\/2026\/02\/ensemble-bebe-garcon-smocks-2.jpg 1500w\" sizes=\"(max-width: 600px) 100vw, 600px\" \/><\/a>\t<\/div><!-- .woo-entry-image-swap -->\n\n<ul class=\"woo-entry-inner clr\"><li class=\"image-wrap\">\n\t<div class=\"woo-entry-image-swap woo-entry-image clr\">\n\t\t<a href=\"https:\/\/voyagedelabaleine.fr\/it\/prodotto\/completo-neonato-con-smock-blu-bianco\/\" class=\"woocommerce-LoopProduct-link\"><img decoding=\"async\" width=\"600\" height=\"800\" src=\"https:\/\/voyagedelabaleine.fr\/wp-content\/uploads\/2026\/02\/MartinAranda_SS2611698-fotor-20260206201410-600x800.jpg\" class=\"woo-entry-image-main\" alt=\"Completo neonato con smock &#8211; Blu\/bianco\" itemprop=\"image\" srcset=\"https:\/\/voyagedelabaleine.fr\/wp-content\/uploads\/2026\/02\/MartinAranda_SS2611698-fotor-20260206201410-600x800.jpg 600w, https:\/\/voyagedelabaleine.fr\/wp-content\/uploads\/2026\/02\/MartinAranda_SS2611698-fotor-20260206201410-225x300.jpg 225w, https:\/\/voyagedelabaleine.fr\/wp-content\/uploads\/2026\/02\/MartinAranda_SS2611698-fotor-20260206201410-768x1024.jpg 768w, https:\/\/voyagedelabaleine.fr\/wp-content\/uploads\/2026\/02\/MartinAranda_SS2611698-fotor-20260206201410-1152x1536.jpg 1152w, https:\/\/voyagedelabaleine.fr\/wp-content\/uploads\/2026\/02\/MartinAranda_SS2611698-fotor-20260206201410.jpg 1300w\" sizes=\"(max-width: 600px) 100vw, 600px\" \/><img decoding=\"async\" width=\"600\" height=\"800\" src=\"https:\/\/voyagedelabaleine.fr\/wp-content\/uploads\/2026\/02\/ensemble-bebe-garcon-smocks-2-600x800.jpg\" class=\"woo-entry-image-secondary\" alt=\"Completo neonato con smock &#8211; Blu\/bianco\" itemprop=\"image\" srcset=\"https:\/\/voyagedelabaleine.fr\/wp-content\/uploads\/2026\/02\/ensemble-bebe-garcon-smocks-2-600x800.jpg 600w, https:\/\/voyagedelabaleine.fr\/wp-content\/uploads\/2026\/02\/ensemble-bebe-garcon-smocks-2-225x300.jpg 225w, https:\/\/voyagedelabaleine.fr\/wp-content\/uploads\/2026\/02\/ensemble-bebe-garcon-smocks-2-768x1024.jpg 768w, https:\/\/voyagedelabaleine.fr\/wp-content\/uploads\/2026\/02\/ensemble-bebe-garcon-smocks-2-1152x1536.jpg 1152w, https:\/\/voyagedelabaleine.fr\/wp-content\/uploads\/2026\/02\/ensemble-bebe-garcon-smocks-2.jpg 1500w\" sizes=\"(max-width: 600px) 100vw, 600px\" \/><\/a>\t<\/div><!-- .woo-entry-image-swap -->\n\n<\/li><li class=\"title\"><h2><a href=\"https:\/\/voyagedelabaleine.fr\/it\/prodotto\/completo-neonato-con-smock-blu-bianco\/\">Completo neonato con smock &#8211; Blu\/bianco<\/a><\/h2><\/li><li class=\"price-wrap\">\n\t<span class=\"price\"><span class=\"woocommerce-Price-amount amount\"><bdi>68<span class=\"woocommerce-Price-currencySymbol\">&euro;<\/span><\/bdi><\/span><\/span>\n<\/li><\/ul><\/div><!-- .product-inner .clr --><\/li>\n<\/ul>\n<\/div><\/div>\n\t\t\t\t\t\t<\/div>\n\t\t\t\t<\/div>\n\t\t<div class=\"elementor-element elementor-element-8d8036a e-con-full e-flex e-con e-parent\" data-id=\"8d8036a\" data-element_type=\"container\" data-e-type=\"container\">\n\t\t\t\t<div class=\"elementor-element elementor-element-313f63b elementor-widget-divider--separator-type-pattern elementor-widget-divider--view-line elementor-widget elementor-widget-divider\" data-id=\"313f63b\" data-element_type=\"widget\" data-e-type=\"widget\" data-widget_type=\"divider.default\">\n\t\t\t\t\t\t\t<div class=\"elementor-divider\" style=\"--divider-pattern-url: url(&quot;data:image\/svg+xml,%3Csvg xmlns=&#039;http:\/\/www.w3.org\/2000\/svg&#039; preserveAspectRatio=&#039;none&#039; overflow=&#039;visible&#039; height=&#039;100%&#039; viewBox=&#039;0 0 24 24&#039; fill=&#039;black&#039; stroke=&#039;none&#039;%3E%3Cpath d=&#039;M12.7,2.3c-0.4-0.4-1.1-0.4-1.5,0l-8,9.1c-0.3,0.4-0.3,0.9,0,1.2l8,9.1c0.4,0.4,1.1,0.4,1.5,0l8-9.1c0.3-0.4,0.3-0.9,0-1.2L12.7,2.3z&#039;\/%3E%3C\/svg%3E&quot;);\">\n\t\t\t<span class=\"elementor-divider-separator\">\n\t\t\t\t\t\t<\/span>\n\t\t<\/div>\n\t\t\t\t\t\t<\/div>\n\t\t<div class=\"elementor-element elementor-element-33dac91 e-grid e-con-full e-con e-child\" data-id=\"33dac91\" data-element_type=\"container\" data-e-type=\"container\">\n\t\t<div class=\"elementor-element elementor-element-0e8dec1 e-con-full e-flex e-con e-child\" data-id=\"0e8dec1\" data-element_type=\"container\" data-e-type=\"container\">\n\t\t\t\t<div class=\"elementor-element elementor-element-5d50a30 elementor-widget elementor-widget-heading\" data-id=\"5d50a30\" data-element_type=\"widget\" data-e-type=\"widget\" data-widget_type=\"heading.default\">\n\t\t\t\t\t<h2 class=\"elementor-heading-title elementor-size-default\">Righe poetiche<\/h2>\t\t\t\t<\/div>\n\t\t\t\t<\/div>\n\t\t\t\t<\/div>\n\t\t\t\t<\/div>\n\t\t<div class=\"elementor-element elementor-element-063b89f e-con-full e-flex e-con e-parent\" data-id=\"063b89f\" data-element_type=\"container\" data-e-type=\"container\">\n\t\t\t\t<div class=\"elementor-element elementor-element-03ab926 elementor-widget elementor-widget-shortcode\" data-id=\"03ab926\" data-element_type=\"widget\" data-e-type=\"widget\" data-widget_type=\"shortcode.default\">\n\t\t\t\t\t\t\t<div class=\"elementor-shortcode\"><div class=\"woocommerce columns-2 \">\r\n<ul class=\"products oceanwp-row clr grid tablet-col tablet-2-col mobile-col mobile-2-col\">\r\n<li class=\"entry has-media col span_1_of_2 owp-content-center owp-thumbs-layout-vertical owp-btn-big owp-tabs-layout-vertical circle-sale product type-product post-39124 status-publish first instock product_cat-abbigliamento product_cat-bloomer-short-pantaloni-nascita product_cat-bloomer-short-pantaloni-nascita-ragazza product_cat-bloomer-short-pantaloni-neonata product_cat-bloomer-short-pantaloni-neonati has-post-thumbnail taxable shipping-taxable purchasable product-type-variable has-default-attributes\">\n\t<div class=\"product-inner clr\">\n\t<div class=\"woo-entry-image-swap woo-entry-image clr\">\n\t\t<a href=\"https:\/\/voyagedelabaleine.fr\/it\/prodotto\/bloomer-bambina-righe-poesia-blu-bianco\/\" class=\"woocommerce-LoopProduct-link\"><img decoding=\"async\" width=\"600\" height=\"800\" src=\"https:\/\/voyagedelabaleine.fr\/wp-content\/uploads\/2026\/02\/bloomer-bebe-fille-raye-bleu-600x800.jpg\" class=\"woo-entry-image-main\" alt=\"Bloomer bambina righe poesia &#8211; Blu\/bianco\" itemprop=\"image\" srcset=\"https:\/\/voyagedelabaleine.fr\/wp-content\/uploads\/2026\/02\/bloomer-bebe-fille-raye-bleu-600x800.jpg 600w, https:\/\/voyagedelabaleine.fr\/wp-content\/uploads\/2026\/02\/bloomer-bebe-fille-raye-bleu-225x300.jpg 225w, https:\/\/voyagedelabaleine.fr\/wp-content\/uploads\/2026\/02\/bloomer-bebe-fille-raye-bleu-768x1024.jpg 768w, https:\/\/voyagedelabaleine.fr\/wp-content\/uploads\/2026\/02\/bloomer-bebe-fille-raye-bleu-1152x1536.jpg 1152w, https:\/\/voyagedelabaleine.fr\/wp-content\/uploads\/2026\/02\/bloomer-bebe-fille-raye-bleu.jpg 1493w\" sizes=\"(max-width: 600px) 100vw, 600px\" \/><img decoding=\"async\" width=\"600\" height=\"800\" src=\"https:\/\/voyagedelabaleine.fr\/wp-content\/uploads\/2026\/02\/bloomer-bebe-fille-raye-bleu-2-600x800.jpg\" class=\"woo-entry-image-secondary\" alt=\"Bloomer bambina righe poesia &#8211; Blu\/bianco\" itemprop=\"image\" srcset=\"https:\/\/voyagedelabaleine.fr\/wp-content\/uploads\/2026\/02\/bloomer-bebe-fille-raye-bleu-2-600x800.jpg 600w, https:\/\/voyagedelabaleine.fr\/wp-content\/uploads\/2026\/02\/bloomer-bebe-fille-raye-bleu-2-225x300.jpg 225w, https:\/\/voyagedelabaleine.fr\/wp-content\/uploads\/2026\/02\/bloomer-bebe-fille-raye-bleu-2-768x1024.jpg 768w, https:\/\/voyagedelabaleine.fr\/wp-content\/uploads\/2026\/02\/bloomer-bebe-fille-raye-bleu-2.jpg 950w\" sizes=\"(max-width: 600px) 100vw, 600px\" \/><\/a>\t<\/div><!-- .woo-entry-image-swap -->\n\n<ul class=\"woo-entry-inner clr\"><li class=\"image-wrap\">\n\t<div class=\"woo-entry-image-swap woo-entry-image clr\">\n\t\t<a href=\"https:\/\/voyagedelabaleine.fr\/it\/prodotto\/bloomer-bambina-righe-poesia-blu-bianco\/\" class=\"woocommerce-LoopProduct-link\"><img decoding=\"async\" width=\"600\" height=\"800\" src=\"https:\/\/voyagedelabaleine.fr\/wp-content\/uploads\/2026\/02\/bloomer-bebe-fille-raye-bleu-600x800.jpg\" class=\"woo-entry-image-main\" alt=\"Bloomer bambina righe poesia &#8211; Blu\/bianco\" itemprop=\"image\" srcset=\"https:\/\/voyagedelabaleine.fr\/wp-content\/uploads\/2026\/02\/bloomer-bebe-fille-raye-bleu-600x800.jpg 600w, https:\/\/voyagedelabaleine.fr\/wp-content\/uploads\/2026\/02\/bloomer-bebe-fille-raye-bleu-225x300.jpg 225w, https:\/\/voyagedelabaleine.fr\/wp-content\/uploads\/2026\/02\/bloomer-bebe-fille-raye-bleu-768x1024.jpg 768w, https:\/\/voyagedelabaleine.fr\/wp-content\/uploads\/2026\/02\/bloomer-bebe-fille-raye-bleu-1152x1536.jpg 1152w, https:\/\/voyagedelabaleine.fr\/wp-content\/uploads\/2026\/02\/bloomer-bebe-fille-raye-bleu.jpg 1493w\" sizes=\"(max-width: 600px) 100vw, 600px\" \/><img decoding=\"async\" width=\"600\" height=\"800\" src=\"https:\/\/voyagedelabaleine.fr\/wp-content\/uploads\/2026\/02\/bloomer-bebe-fille-raye-bleu-2-600x800.jpg\" class=\"woo-entry-image-secondary\" alt=\"Bloomer bambina righe poesia &#8211; Blu\/bianco\" itemprop=\"image\" srcset=\"https:\/\/voyagedelabaleine.fr\/wp-content\/uploads\/2026\/02\/bloomer-bebe-fille-raye-bleu-2-600x800.jpg 600w, https:\/\/voyagedelabaleine.fr\/wp-content\/uploads\/2026\/02\/bloomer-bebe-fille-raye-bleu-2-225x300.jpg 225w, https:\/\/voyagedelabaleine.fr\/wp-content\/uploads\/2026\/02\/bloomer-bebe-fille-raye-bleu-2-768x1024.jpg 768w, https:\/\/voyagedelabaleine.fr\/wp-content\/uploads\/2026\/02\/bloomer-bebe-fille-raye-bleu-2.jpg 950w\" sizes=\"(max-width: 600px) 100vw, 600px\" \/><\/a>\t<\/div><!-- .woo-entry-image-swap -->\n\n<\/li><li class=\"title\"><h2><a href=\"https:\/\/voyagedelabaleine.fr\/it\/prodotto\/bloomer-bambina-righe-poesia-blu-bianco\/\">Bloomer bambina righe poesia &#8211; Blu\/bianco<\/a><\/h2><\/li><li class=\"price-wrap\">\n\t<span class=\"price\"><span class=\"woocommerce-Price-amount amount\"><bdi>32<span class=\"woocommerce-Price-currencySymbol\">&euro;<\/span><\/bdi><\/span><\/span>\n<\/li><\/ul><\/div><!-- .product-inner .clr --><\/li>\n<li class=\"entry has-media col span_1_of_2 owp-content-center owp-thumbs-layout-vertical owp-btn-big owp-tabs-layout-vertical circle-sale product type-product post-38931 status-publish last instock product_cat-abbigliamento product_cat-bloomer-short-pantaloni-nascita product_cat-bloomer-short-pantaloni-nascita-ragazzo product_cat-bloomer-short-pantaloni-neonati product_cat-bloomer-short-pantaloni-neonato has-post-thumbnail taxable shipping-taxable purchasable product-type-variable has-default-attributes\">\n\t<div class=\"product-inner clr\">\n\t<div class=\"woo-entry-image-swap woo-entry-image clr\">\n\t\t<a href=\"https:\/\/voyagedelabaleine.fr\/it\/prodotto\/bloomer-neonato-a-righe-poetiche-blu-bianco\/\" class=\"woocommerce-LoopProduct-link\"><img decoding=\"async\" width=\"600\" height=\"800\" src=\"https:\/\/voyagedelabaleine.fr\/wp-content\/uploads\/2026\/02\/bloomer-bebe-garcon-rayures-bleu-2-600x800.jpg\" class=\"woo-entry-image-main\" alt=\"Bloomer neonato a righe poetiche &#8211; Blu\/bianco\" itemprop=\"image\" srcset=\"https:\/\/voyagedelabaleine.fr\/wp-content\/uploads\/2026\/02\/bloomer-bebe-garcon-rayures-bleu-2-600x800.jpg 600w, https:\/\/voyagedelabaleine.fr\/wp-content\/uploads\/2026\/02\/bloomer-bebe-garcon-rayures-bleu-2-225x300.jpg 225w, https:\/\/voyagedelabaleine.fr\/wp-content\/uploads\/2026\/02\/bloomer-bebe-garcon-rayures-bleu-2-768x1024.jpg 768w, https:\/\/voyagedelabaleine.fr\/wp-content\/uploads\/2026\/02\/bloomer-bebe-garcon-rayures-bleu-2-1152x1536.jpg 1152w, https:\/\/voyagedelabaleine.fr\/wp-content\/uploads\/2026\/02\/bloomer-bebe-garcon-rayures-bleu-2.jpg 1500w\" sizes=\"(max-width: 600px) 100vw, 600px\" \/><img decoding=\"async\" width=\"600\" height=\"800\" src=\"https:\/\/voyagedelabaleine.fr\/wp-content\/uploads\/2026\/02\/bloomer-bebe-garcon-rayures-bleu-3-600x800.jpg\" class=\"woo-entry-image-secondary\" alt=\"Bloomer neonato a righe poetiche &#8211; Blu\/bianco\" itemprop=\"image\" srcset=\"https:\/\/voyagedelabaleine.fr\/wp-content\/uploads\/2026\/02\/bloomer-bebe-garcon-rayures-bleu-3-600x800.jpg 600w, https:\/\/voyagedelabaleine.fr\/wp-content\/uploads\/2026\/02\/bloomer-bebe-garcon-rayures-bleu-3-225x300.jpg 225w, https:\/\/voyagedelabaleine.fr\/wp-content\/uploads\/2026\/02\/bloomer-bebe-garcon-rayures-bleu-3-768x1024.jpg 768w, https:\/\/voyagedelabaleine.fr\/wp-content\/uploads\/2026\/02\/bloomer-bebe-garcon-rayures-bleu-3-1152x1536.jpg 1152w, https:\/\/voyagedelabaleine.fr\/wp-content\/uploads\/2026\/02\/bloomer-bebe-garcon-rayures-bleu-3.jpg 1425w\" sizes=\"(max-width: 600px) 100vw, 600px\" \/><\/a>\t<\/div><!-- .woo-entry-image-swap -->\n\n<ul class=\"woo-entry-inner clr\"><li class=\"image-wrap\">\n\t<div class=\"woo-entry-image-swap woo-entry-image clr\">\n\t\t<a href=\"https:\/\/voyagedelabaleine.fr\/it\/prodotto\/bloomer-neonato-a-righe-poetiche-blu-bianco\/\" class=\"woocommerce-LoopProduct-link\"><img decoding=\"async\" width=\"600\" height=\"800\" src=\"https:\/\/voyagedelabaleine.fr\/wp-content\/uploads\/2026\/02\/bloomer-bebe-garcon-rayures-bleu-2-600x800.jpg\" class=\"woo-entry-image-main\" alt=\"Bloomer neonato a righe poetiche &#8211; Blu\/bianco\" itemprop=\"image\" srcset=\"https:\/\/voyagedelabaleine.fr\/wp-content\/uploads\/2026\/02\/bloomer-bebe-garcon-rayures-bleu-2-600x800.jpg 600w, https:\/\/voyagedelabaleine.fr\/wp-content\/uploads\/2026\/02\/bloomer-bebe-garcon-rayures-bleu-2-225x300.jpg 225w, https:\/\/voyagedelabaleine.fr\/wp-content\/uploads\/2026\/02\/bloomer-bebe-garcon-rayures-bleu-2-768x1024.jpg 768w, https:\/\/voyagedelabaleine.fr\/wp-content\/uploads\/2026\/02\/bloomer-bebe-garcon-rayures-bleu-2-1152x1536.jpg 1152w, https:\/\/voyagedelabaleine.fr\/wp-content\/uploads\/2026\/02\/bloomer-bebe-garcon-rayures-bleu-2.jpg 1500w\" sizes=\"(max-width: 600px) 100vw, 600px\" \/><img decoding=\"async\" width=\"600\" height=\"800\" src=\"https:\/\/voyagedelabaleine.fr\/wp-content\/uploads\/2026\/02\/bloomer-bebe-garcon-rayures-bleu-3-600x800.jpg\" class=\"woo-entry-image-secondary\" alt=\"Bloomer neonato a righe poetiche &#8211; Blu\/bianco\" itemprop=\"image\" srcset=\"https:\/\/voyagedelabaleine.fr\/wp-content\/uploads\/2026\/02\/bloomer-bebe-garcon-rayures-bleu-3-600x800.jpg 600w, https:\/\/voyagedelabaleine.fr\/wp-content\/uploads\/2026\/02\/bloomer-bebe-garcon-rayures-bleu-3-225x300.jpg 225w, https:\/\/voyagedelabaleine.fr\/wp-content\/uploads\/2026\/02\/bloomer-bebe-garcon-rayures-bleu-3-768x1024.jpg 768w, https:\/\/voyagedelabaleine.fr\/wp-content\/uploads\/2026\/02\/bloomer-bebe-garcon-rayures-bleu-3-1152x1536.jpg 1152w, https:\/\/voyagedelabaleine.fr\/wp-content\/uploads\/2026\/02\/bloomer-bebe-garcon-rayures-bleu-3.jpg 1425w\" sizes=\"(max-width: 600px) 100vw, 600px\" \/><\/a>\t<\/div><!-- .woo-entry-image-swap -->\n\n<\/li><li class=\"title\"><h2><a href=\"https:\/\/voyagedelabaleine.fr\/it\/prodotto\/bloomer-neonato-a-righe-poetiche-blu-bianco\/\">Bloomer neonato a righe poetiche &#8211; Blu\/bianco<\/a><\/h2><\/li><li class=\"price-wrap\">\n\t<span class=\"price\"><span class=\"woocommerce-Price-amount amount\"><bdi>32<span class=\"woocommerce-Price-currencySymbol\">&euro;<\/span><\/bdi><\/span><\/span>\n<\/li><\/ul><\/div><!-- .product-inner .clr --><\/li>\n<\/ul>\n<\/div><\/div>\n\t\t\t\t\t\t<\/div>\n\t\t\t\t<\/div>\n\t\t<div class=\"elementor-element elementor-element-afdbfd5 e-con-full e-flex e-con e-parent\" data-id=\"afdbfd5\" data-element_type=\"container\" data-e-type=\"container\">\n\t\t\t\t<div class=\"elementor-element elementor-element-b75b214 elementor-widget-divider--separator-type-pattern elementor-widget-divider--view-line elementor-widget elementor-widget-divider\" data-id=\"b75b214\" data-element_type=\"widget\" data-e-type=\"widget\" data-widget_type=\"divider.default\">\n\t\t\t\t\t\t\t<div class=\"elementor-divider\" style=\"--divider-pattern-url: url(&quot;data:image\/svg+xml,%3Csvg xmlns=&#039;http:\/\/www.w3.org\/2000\/svg&#039; preserveAspectRatio=&#039;none&#039; overflow=&#039;visible&#039; height=&#039;100%&#039; viewBox=&#039;0 0 24 24&#039; fill=&#039;black&#039; stroke=&#039;none&#039;%3E%3Cpath d=&#039;M12.7,2.3c-0.4-0.4-1.1-0.4-1.5,0l-8,9.1c-0.3,0.4-0.3,0.9,0,1.2l8,9.1c0.4,0.4,1.1,0.4,1.5,0l8-9.1c0.3-0.4,0.3-0.9,0-1.2L12.7,2.3z&#039;\/%3E%3C\/svg%3E&quot;);\">\n\t\t\t<span class=\"elementor-divider-separator\">\n\t\t\t\t\t\t<\/span>\n\t\t<\/div>\n\t\t\t\t\t\t<\/div>\n\t\t<div class=\"elementor-element elementor-element-d158ec9 e-grid e-con-full e-con e-child\" data-id=\"d158ec9\" data-element_type=\"container\" data-e-type=\"container\">\n\t\t<div class=\"elementor-element elementor-element-1aa0ac0 e-con-full e-flex e-con e-child\" data-id=\"1aa0ac0\" data-element_type=\"container\" data-e-type=\"container\">\n\t\t\t\t<div class=\"elementor-element elementor-element-4ec7600 elementor-widget elementor-widget-heading\" data-id=\"4ec7600\" data-element_type=\"widget\" data-e-type=\"widget\" data-widget_type=\"heading.default\">\n\t\t\t\t\t<h2 class=\"elementor-heading-title elementor-size-default\">Righe estive<\/h2>\t\t\t\t<\/div>\n\t\t\t\t<\/div>\n\t\t\t\t<\/div>\n\t\t\t\t<\/div>\n\t\t<div class=\"elementor-element elementor-element-5b2cb24 e-con-full e-flex e-con e-parent\" data-id=\"5b2cb24\" data-element_type=\"container\" data-e-type=\"container\">\n\t\t\t\t<div class=\"elementor-element elementor-element-49d250e elementor-widget elementor-widget-shortcode\" data-id=\"49d250e\" data-element_type=\"widget\" data-e-type=\"widget\" data-widget_type=\"shortcode.default\">\n\t\t\t\t\t\t\t<div class=\"elementor-shortcode\"><div class=\"woocommerce columns-3 \">\r\n<ul class=\"products oceanwp-row clr grid tablet-col tablet-2-col mobile-col mobile-2-col\">\r\n<li class=\"entry has-media has-rating col span_1_of_3 owp-content-center owp-thumbs-layout-vertical owp-btn-big owp-tabs-layout-vertical circle-sale product type-product post-40052 status-publish first instock product_cat-abbigliamento product_cat-pagliaccetto-salopette-nascita product_cat-pagliaccetto-salopette-nascita-ragazza product_cat-pagliaccetto-salopette-nascita-ragazzo product_cat-pagliaccetto-salopette-neonata product_cat-pagliaccetto-salopette-neonati product_cat-pagliaccetto-salopette-neonato has-post-thumbnail taxable shipping-taxable purchasable product-type-variable has-default-attributes\">\n\t<div class=\"product-inner clr\">\n\t<div class=\"woo-entry-image-swap woo-entry-image clr\">\n\t\t<a href=\"https:\/\/voyagedelabaleine.fr\/it\/prodotto\/pagliaccetto-a-righe-con-dettagli-arricciati-blu-bianco\/\" class=\"woocommerce-LoopProduct-link\"><img decoding=\"async\" width=\"600\" height=\"800\" src=\"https:\/\/voyagedelabaleine.fr\/wp-content\/uploads\/2026\/02\/barboteuse-raye-detail-fronce-600x800.jpg\" class=\"woo-entry-image-main\" alt=\"Pagliaccetto a righe con dettagli arricciati &#8211; Blu\/bianco\" itemprop=\"image\" srcset=\"https:\/\/voyagedelabaleine.fr\/wp-content\/uploads\/2026\/02\/barboteuse-raye-detail-fronce-600x800.jpg 600w, https:\/\/voyagedelabaleine.fr\/wp-content\/uploads\/2026\/02\/barboteuse-raye-detail-fronce-225x300.jpg 225w, https:\/\/voyagedelabaleine.fr\/wp-content\/uploads\/2026\/02\/barboteuse-raye-detail-fronce-768x1024.jpg 768w, https:\/\/voyagedelabaleine.fr\/wp-content\/uploads\/2026\/02\/barboteuse-raye-detail-fronce-1152x1536.jpg 1152w, https:\/\/voyagedelabaleine.fr\/wp-content\/uploads\/2026\/02\/barboteuse-raye-detail-fronce.jpg 1300w\" sizes=\"(max-width: 600px) 100vw, 600px\" \/><img decoding=\"async\" width=\"600\" height=\"800\" src=\"https:\/\/voyagedelabaleine.fr\/wp-content\/uploads\/2026\/02\/barboteuse-raye-detail-fronce-2-600x800.jpg\" class=\"woo-entry-image-secondary\" alt=\"Pagliaccetto a righe con dettagli arricciati &#8211; Blu\/bianco\" itemprop=\"image\" srcset=\"https:\/\/voyagedelabaleine.fr\/wp-content\/uploads\/2026\/02\/barboteuse-raye-detail-fronce-2-600x800.jpg 600w, https:\/\/voyagedelabaleine.fr\/wp-content\/uploads\/2026\/02\/barboteuse-raye-detail-fronce-2-225x300.jpg 225w, https:\/\/voyagedelabaleine.fr\/wp-content\/uploads\/2026\/02\/barboteuse-raye-detail-fronce-2-768x1024.jpg 768w, https:\/\/voyagedelabaleine.fr\/wp-content\/uploads\/2026\/02\/barboteuse-raye-detail-fronce-2.jpg 1114w\" sizes=\"(max-width: 600px) 100vw, 600px\" \/><\/a>\t<\/div><!-- .woo-entry-image-swap -->\n\n<ul class=\"woo-entry-inner clr\"><li class=\"image-wrap\">\n\t<div class=\"woo-entry-image-swap woo-entry-image clr\">\n\t\t<a href=\"https:\/\/voyagedelabaleine.fr\/it\/prodotto\/pagliaccetto-a-righe-con-dettagli-arricciati-blu-bianco\/\" class=\"woocommerce-LoopProduct-link\"><img decoding=\"async\" width=\"600\" height=\"800\" src=\"https:\/\/voyagedelabaleine.fr\/wp-content\/uploads\/2026\/02\/barboteuse-raye-detail-fronce-600x800.jpg\" class=\"woo-entry-image-main\" alt=\"Pagliaccetto a righe con dettagli arricciati &#8211; Blu\/bianco\" itemprop=\"image\" srcset=\"https:\/\/voyagedelabaleine.fr\/wp-content\/uploads\/2026\/02\/barboteuse-raye-detail-fronce-600x800.jpg 600w, https:\/\/voyagedelabaleine.fr\/wp-content\/uploads\/2026\/02\/barboteuse-raye-detail-fronce-225x300.jpg 225w, https:\/\/voyagedelabaleine.fr\/wp-content\/uploads\/2026\/02\/barboteuse-raye-detail-fronce-768x1024.jpg 768w, https:\/\/voyagedelabaleine.fr\/wp-content\/uploads\/2026\/02\/barboteuse-raye-detail-fronce-1152x1536.jpg 1152w, https:\/\/voyagedelabaleine.fr\/wp-content\/uploads\/2026\/02\/barboteuse-raye-detail-fronce.jpg 1300w\" sizes=\"(max-width: 600px) 100vw, 600px\" \/><img decoding=\"async\" width=\"600\" height=\"800\" src=\"https:\/\/voyagedelabaleine.fr\/wp-content\/uploads\/2026\/02\/barboteuse-raye-detail-fronce-2-600x800.jpg\" class=\"woo-entry-image-secondary\" alt=\"Pagliaccetto a righe con dettagli arricciati &#8211; Blu\/bianco\" itemprop=\"image\" srcset=\"https:\/\/voyagedelabaleine.fr\/wp-content\/uploads\/2026\/02\/barboteuse-raye-detail-fronce-2-600x800.jpg 600w, https:\/\/voyagedelabaleine.fr\/wp-content\/uploads\/2026\/02\/barboteuse-raye-detail-fronce-2-225x300.jpg 225w, https:\/\/voyagedelabaleine.fr\/wp-content\/uploads\/2026\/02\/barboteuse-raye-detail-fronce-2-768x1024.jpg 768w, https:\/\/voyagedelabaleine.fr\/wp-content\/uploads\/2026\/02\/barboteuse-raye-detail-fronce-2.jpg 1114w\" sizes=\"(max-width: 600px) 100vw, 600px\" \/><\/a>\t<\/div><!-- .woo-entry-image-swap -->\n\n<\/li><li class=\"title\"><h2><a href=\"https:\/\/voyagedelabaleine.fr\/it\/prodotto\/pagliaccetto-a-righe-con-dettagli-arricciati-blu-bianco\/\">Pagliaccetto a righe con dettagli arricciati &#8211; Blu\/bianco<\/a><\/h2><\/li><li class=\"price-wrap\">\n\t<span class=\"price\"><span class=\"woocommerce-Price-amount amount\"><bdi>54<span class=\"woocommerce-Price-currencySymbol\">&euro;<\/span><\/bdi><\/span><\/span>\n<\/li><\/ul><\/div><!-- .product-inner .clr --><\/li>\n<li class=\"entry has-media has-rating col span_1_of_3 owp-content-center owp-thumbs-layout-vertical owp-btn-big owp-tabs-layout-vertical circle-sale product type-product post-40109 status-publish instock product_cat-abbigliamento product_cat-pagliaccetto-salopette-nascita product_cat-pagliaccetto-salopette-nascita-ragazza product_cat-pagliaccetto-salopette-nascita-ragazzo product_cat-pagliaccetto-salopette-neonata product_cat-pagliaccetto-salopette-neonati product_cat-pagliaccetto-salopette-neonato has-post-thumbnail taxable shipping-taxable purchasable product-type-variable has-default-attributes\">\n\t<div class=\"product-inner clr\">\n\t<div class=\"woo-entry-image-swap woo-entry-image clr\">\n\t\t<a href=\"https:\/\/voyagedelabaleine.fr\/it\/prodotto\/pagliaccetto-neonato-con-ancora-blu-bianco\/\" class=\"woocommerce-LoopProduct-link\"><img decoding=\"async\" width=\"600\" height=\"800\" src=\"https:\/\/voyagedelabaleine.fr\/wp-content\/uploads\/2026\/02\/barboteuse-ancre-marine-1-600x800.jpg\" class=\"woo-entry-image-main\" alt=\"Pagliaccetto neonato con ancora &#8211; Blu\/bianco\" itemprop=\"image\" srcset=\"https:\/\/voyagedelabaleine.fr\/wp-content\/uploads\/2026\/02\/barboteuse-ancre-marine-1-600x800.jpg 600w, https:\/\/voyagedelabaleine.fr\/wp-content\/uploads\/2026\/02\/barboteuse-ancre-marine-1-225x300.jpg 225w, https:\/\/voyagedelabaleine.fr\/wp-content\/uploads\/2026\/02\/barboteuse-ancre-marine-1-769x1024.jpg 769w, https:\/\/voyagedelabaleine.fr\/wp-content\/uploads\/2026\/02\/barboteuse-ancre-marine-1-1154x1536.jpg 1154w\" sizes=\"(max-width: 600px) 100vw, 600px\" \/><img decoding=\"async\" width=\"600\" height=\"800\" src=\"https:\/\/voyagedelabaleine.fr\/wp-content\/uploads\/2026\/02\/barboteuse-ancre-marine-2-600x800.jpg\" class=\"woo-entry-image-secondary\" alt=\"Pagliaccetto neonato con ancora &#8211; Blu\/bianco\" itemprop=\"image\" srcset=\"https:\/\/voyagedelabaleine.fr\/wp-content\/uploads\/2026\/02\/barboteuse-ancre-marine-2-600x800.jpg 600w, https:\/\/voyagedelabaleine.fr\/wp-content\/uploads\/2026\/02\/barboteuse-ancre-marine-2-225x300.jpg 225w, https:\/\/voyagedelabaleine.fr\/wp-content\/uploads\/2026\/02\/barboteuse-ancre-marine-2-768x1024.jpg 768w, https:\/\/voyagedelabaleine.fr\/wp-content\/uploads\/2026\/02\/barboteuse-ancre-marine-2.jpg 1111w\" sizes=\"(max-width: 600px) 100vw, 600px\" \/><\/a>\t<\/div><!-- .woo-entry-image-swap -->\n\n<ul class=\"woo-entry-inner clr\"><li class=\"image-wrap\">\n\t<div class=\"woo-entry-image-swap woo-entry-image clr\">\n\t\t<a href=\"https:\/\/voyagedelabaleine.fr\/it\/prodotto\/pagliaccetto-neonato-con-ancora-blu-bianco\/\" class=\"woocommerce-LoopProduct-link\"><img decoding=\"async\" width=\"600\" height=\"800\" src=\"https:\/\/voyagedelabaleine.fr\/wp-content\/uploads\/2026\/02\/barboteuse-ancre-marine-1-600x800.jpg\" class=\"woo-entry-image-main\" alt=\"Pagliaccetto neonato con ancora &#8211; Blu\/bianco\" itemprop=\"image\" srcset=\"https:\/\/voyagedelabaleine.fr\/wp-content\/uploads\/2026\/02\/barboteuse-ancre-marine-1-600x800.jpg 600w, https:\/\/voyagedelabaleine.fr\/wp-content\/uploads\/2026\/02\/barboteuse-ancre-marine-1-225x300.jpg 225w, https:\/\/voyagedelabaleine.fr\/wp-content\/uploads\/2026\/02\/barboteuse-ancre-marine-1-769x1024.jpg 769w, https:\/\/voyagedelabaleine.fr\/wp-content\/uploads\/2026\/02\/barboteuse-ancre-marine-1-1154x1536.jpg 1154w\" sizes=\"(max-width: 600px) 100vw, 600px\" \/><img decoding=\"async\" width=\"600\" height=\"800\" src=\"https:\/\/voyagedelabaleine.fr\/wp-content\/uploads\/2026\/02\/barboteuse-ancre-marine-2-600x800.jpg\" class=\"woo-entry-image-secondary\" alt=\"Pagliaccetto neonato con ancora &#8211; Blu\/bianco\" itemprop=\"image\" srcset=\"https:\/\/voyagedelabaleine.fr\/wp-content\/uploads\/2026\/02\/barboteuse-ancre-marine-2-600x800.jpg 600w, https:\/\/voyagedelabaleine.fr\/wp-content\/uploads\/2026\/02\/barboteuse-ancre-marine-2-225x300.jpg 225w, https:\/\/voyagedelabaleine.fr\/wp-content\/uploads\/2026\/02\/barboteuse-ancre-marine-2-768x1024.jpg 768w, https:\/\/voyagedelabaleine.fr\/wp-content\/uploads\/2026\/02\/barboteuse-ancre-marine-2.jpg 1111w\" sizes=\"(max-width: 600px) 100vw, 600px\" \/><\/a>\t<\/div><!-- .woo-entry-image-swap -->\n\n<\/li><li class=\"title\"><h2><a href=\"https:\/\/voyagedelabaleine.fr\/it\/prodotto\/pagliaccetto-neonato-con-ancora-blu-bianco\/\">Pagliaccetto neonato con ancora &#8211; Blu\/bianco<\/a><\/h2><\/li><li class=\"price-wrap\">\n\t<span class=\"price\"><span class=\"woocommerce-Price-amount amount\"><bdi>58<span class=\"woocommerce-Price-currencySymbol\">&euro;<\/span><\/bdi><\/span><\/span>\n<\/li><\/ul><\/div><!-- .product-inner .clr --><\/li>\n<li class=\"entry has-media col span_1_of_3 owp-content-center owp-thumbs-layout-vertical owp-btn-big owp-tabs-layout-vertical circle-sale product type-product post-40091 status-publish last instock product_cat-abbigliamento product_cat-completi-nascita product_cat-completi-nascita-ragazza product_cat-completi-neonata product_cat-completi-neonati product_cat-nascita-ragazza product_cat-neonata product_cat-vestito-nascita product_cat-vestito-neonata has-post-thumbnail taxable shipping-taxable purchasable product-type-variable has-default-attributes\">\n\t<div class=\"product-inner clr\">\n\t<div class=\"woo-entry-image-swap woo-entry-image clr\">\n\t\t<a href=\"https:\/\/voyagedelabaleine.fr\/it\/prodotto\/completo-vestito-a-righe-con-smock-e-culotte-blu-bianco\/\" class=\"woocommerce-LoopProduct-link\"><img decoding=\"async\" width=\"600\" height=\"800\" src=\"https:\/\/voyagedelabaleine.fr\/wp-content\/uploads\/2026\/02\/ensemble-robe-smocks-bloomer-1-600x800.jpg\" class=\"woo-entry-image-main\" alt=\"Completo vestito a righe con smock e culotte &#8211; Blu\/bianco\" itemprop=\"image\" srcset=\"https:\/\/voyagedelabaleine.fr\/wp-content\/uploads\/2026\/02\/ensemble-robe-smocks-bloomer-1-600x800.jpg 600w, https:\/\/voyagedelabaleine.fr\/wp-content\/uploads\/2026\/02\/ensemble-robe-smocks-bloomer-1-225x300.jpg 225w, https:\/\/voyagedelabaleine.fr\/wp-content\/uploads\/2026\/02\/ensemble-robe-smocks-bloomer-1-768x1024.jpg 768w, https:\/\/voyagedelabaleine.fr\/wp-content\/uploads\/2026\/02\/ensemble-robe-smocks-bloomer-1-1152x1536.jpg 1152w, https:\/\/voyagedelabaleine.fr\/wp-content\/uploads\/2026\/02\/ensemble-robe-smocks-bloomer-1.jpg 1300w\" sizes=\"(max-width: 600px) 100vw, 600px\" \/><img decoding=\"async\" width=\"600\" height=\"800\" src=\"https:\/\/voyagedelabaleine.fr\/wp-content\/uploads\/2026\/02\/ensemble-robe-smocks-bloomer-2-600x800.jpg\" class=\"woo-entry-image-secondary\" alt=\"Completo vestito a righe con smock e culotte &#8211; Blu\/bianco\" itemprop=\"image\" srcset=\"https:\/\/voyagedelabaleine.fr\/wp-content\/uploads\/2026\/02\/ensemble-robe-smocks-bloomer-2-600x800.jpg 600w, https:\/\/voyagedelabaleine.fr\/wp-content\/uploads\/2026\/02\/ensemble-robe-smocks-bloomer-2-225x300.jpg 225w, https:\/\/voyagedelabaleine.fr\/wp-content\/uploads\/2026\/02\/ensemble-robe-smocks-bloomer-2-768x1024.jpg 768w, https:\/\/voyagedelabaleine.fr\/wp-content\/uploads\/2026\/02\/ensemble-robe-smocks-bloomer-2-1152x1536.jpg 1152w, https:\/\/voyagedelabaleine.fr\/wp-content\/uploads\/2026\/02\/ensemble-robe-smocks-bloomer-2.jpg 1241w\" sizes=\"(max-width: 600px) 100vw, 600px\" \/><\/a>\t<\/div><!-- .woo-entry-image-swap -->\n\n<ul class=\"woo-entry-inner clr\"><li class=\"image-wrap\">\n\t<div class=\"woo-entry-image-swap woo-entry-image clr\">\n\t\t<a href=\"https:\/\/voyagedelabaleine.fr\/it\/prodotto\/completo-vestito-a-righe-con-smock-e-culotte-blu-bianco\/\" class=\"woocommerce-LoopProduct-link\"><img decoding=\"async\" width=\"600\" height=\"800\" src=\"https:\/\/voyagedelabaleine.fr\/wp-content\/uploads\/2026\/02\/ensemble-robe-smocks-bloomer-1-600x800.jpg\" class=\"woo-entry-image-main\" alt=\"Completo vestito a righe con smock e culotte &#8211; Blu\/bianco\" itemprop=\"image\" srcset=\"https:\/\/voyagedelabaleine.fr\/wp-content\/uploads\/2026\/02\/ensemble-robe-smocks-bloomer-1-600x800.jpg 600w, https:\/\/voyagedelabaleine.fr\/wp-content\/uploads\/2026\/02\/ensemble-robe-smocks-bloomer-1-225x300.jpg 225w, https:\/\/voyagedelabaleine.fr\/wp-content\/uploads\/2026\/02\/ensemble-robe-smocks-bloomer-1-768x1024.jpg 768w, https:\/\/voyagedelabaleine.fr\/wp-content\/uploads\/2026\/02\/ensemble-robe-smocks-bloomer-1-1152x1536.jpg 1152w, https:\/\/voyagedelabaleine.fr\/wp-content\/uploads\/2026\/02\/ensemble-robe-smocks-bloomer-1.jpg 1300w\" sizes=\"(max-width: 600px) 100vw, 600px\" \/><img decoding=\"async\" width=\"600\" height=\"800\" src=\"https:\/\/voyagedelabaleine.fr\/wp-content\/uploads\/2026\/02\/ensemble-robe-smocks-bloomer-2-600x800.jpg\" class=\"woo-entry-image-secondary\" alt=\"Completo vestito a righe con smock e culotte &#8211; Blu\/bianco\" itemprop=\"image\" srcset=\"https:\/\/voyagedelabaleine.fr\/wp-content\/uploads\/2026\/02\/ensemble-robe-smocks-bloomer-2-600x800.jpg 600w, https:\/\/voyagedelabaleine.fr\/wp-content\/uploads\/2026\/02\/ensemble-robe-smocks-bloomer-2-225x300.jpg 225w, https:\/\/voyagedelabaleine.fr\/wp-content\/uploads\/2026\/02\/ensemble-robe-smocks-bloomer-2-768x1024.jpg 768w, https:\/\/voyagedelabaleine.fr\/wp-content\/uploads\/2026\/02\/ensemble-robe-smocks-bloomer-2-1152x1536.jpg 1152w, https:\/\/voyagedelabaleine.fr\/wp-content\/uploads\/2026\/02\/ensemble-robe-smocks-bloomer-2.jpg 1241w\" sizes=\"(max-width: 600px) 100vw, 600px\" \/><\/a>\t<\/div><!-- .woo-entry-image-swap -->\n\n<\/li><li class=\"title\"><h2><a href=\"https:\/\/voyagedelabaleine.fr\/it\/prodotto\/completo-vestito-a-righe-con-smock-e-culotte-blu-bianco\/\">Completo vestito a righe con smock e culotte &#8211; Blu\/bianco<\/a><\/h2><\/li><li class=\"price-wrap\">\n\t<span class=\"price\"><span class=\"woocommerce-Price-amount amount\"><bdi>72<span class=\"woocommerce-Price-currencySymbol\">&euro;<\/span><\/bdi><\/span><\/span>\n<\/li><\/ul><\/div><!-- .product-inner .clr --><\/li>\n<\/ul>\n<\/div><\/div>\n\t\t\t\t\t\t<\/div>\n\t\t\t\t<\/div>\n\t\t<div class=\"elementor-element elementor-element-a30d91f e-con-full e-flex e-con e-parent\" data-id=\"a30d91f\" data-element_type=\"container\" data-e-type=\"container\">\n\t\t\t\t<div class=\"elementor-element elementor-element-9a728d9 elementor-widget-divider--separator-type-pattern elementor-widget-divider--view-line elementor-widget elementor-widget-divider\" data-id=\"9a728d9\" data-element_type=\"widget\" data-e-type=\"widget\" data-widget_type=\"divider.default\">\n\t\t\t\t\t\t\t<div class=\"elementor-divider\" style=\"--divider-pattern-url: url(&quot;data:image\/svg+xml,%3Csvg xmlns=&#039;http:\/\/www.w3.org\/2000\/svg&#039; preserveAspectRatio=&#039;none&#039; overflow=&#039;visible&#039; height=&#039;100%&#039; viewBox=&#039;0 0 24 24&#039; fill=&#039;black&#039; stroke=&#039;none&#039;%3E%3Cpath d=&#039;M12.7,2.3c-0.4-0.4-1.1-0.4-1.5,0l-8,9.1c-0.3,0.4-0.3,0.9,0,1.2l8,9.1c0.4,0.4,1.1,0.4,1.5,0l8-9.1c0.3-0.4,0.3-0.9,0-1.2L12.7,2.3z&#039;\/%3E%3C\/svg%3E&quot;);\">\n\t\t\t<span class=\"elementor-divider-separator\">\n\t\t\t\t\t\t<\/span>\n\t\t<\/div>\n\t\t\t\t\t\t<\/div>\n\t\t<div class=\"elementor-element elementor-element-a20d955 e-grid e-con-full e-con e-child\" data-id=\"a20d955\" data-element_type=\"container\" data-e-type=\"container\">\n\t\t<div class=\"elementor-element elementor-element-a52cf14 e-con-full e-flex e-con e-child\" data-id=\"a52cf14\" data-element_type=\"container\" data-e-type=\"container\">\n\t\t\t\t<div class=\"elementor-element elementor-element-28bcb04 elementor-widget elementor-widget-heading\" data-id=\"28bcb04\" data-element_type=\"widget\" data-e-type=\"widget\" data-widget_type=\"heading.default\">\n\t\t\t\t\t<h2 class=\"elementor-heading-title elementor-size-default\">Gli smock<\/h2>\t\t\t\t<\/div>\n\t\t\t\t<\/div>\n\t\t\t\t<\/div>\n\t\t\t\t<\/div>\n\t\t<div class=\"elementor-element elementor-element-d58e1b7 e-con-full e-flex e-con e-parent\" data-id=\"d58e1b7\" data-element_type=\"container\" data-e-type=\"container\">\n\t\t\t\t<div class=\"elementor-element elementor-element-fe7aaff elementor-widget elementor-widget-shortcode\" data-id=\"fe7aaff\" data-element_type=\"widget\" data-e-type=\"widget\" data-widget_type=\"shortcode.default\">\n\t\t\t\t\t\t\t<div class=\"elementor-shortcode\"><div class=\"woocommerce columns-2 \">\r\n<ul class=\"products oceanwp-row clr grid tablet-col tablet-2-col mobile-col mobile-2-col\">\r\n<li class=\"entry has-media col span_1_of_2 owp-content-center owp-thumbs-layout-vertical owp-btn-big owp-tabs-layout-vertical circle-sale product type-product post-40009 status-publish first instock product_cat-abbigliamento product_cat-pagliaccetto-salopette-nascita product_cat-pagliaccetto-salopette-nascita-ragazza product_cat-pagliaccetto-salopette-nascita-ragazzo product_cat-pagliaccetto-salopette-neonata product_cat-pagliaccetto-salopette-neonati product_cat-pagliaccetto-salopette-neonato has-post-thumbnail taxable shipping-taxable purchasable product-type-variable has-default-attributes\">\n\t<div class=\"product-inner clr\">\n\t<div class=\"woo-entry-image-swap woo-entry-image clr\">\n\t\t<a href=\"https:\/\/voyagedelabaleine.fr\/it\/prodotto\/pagliaccetto-estivo-unisex-con-smock-bianco\/\" class=\"woocommerce-LoopProduct-link\"><img decoding=\"async\" width=\"600\" height=\"800\" src=\"https:\/\/voyagedelabaleine.fr\/wp-content\/uploads\/2026\/02\/barboteuse-ete-mixte-600x800.jpg\" class=\"woo-entry-image-main\" alt=\"Pagliaccetto estivo unisex con smock &#8211; Bianco\" itemprop=\"image\" srcset=\"https:\/\/voyagedelabaleine.fr\/wp-content\/uploads\/2026\/02\/barboteuse-ete-mixte-600x800.jpg 600w, https:\/\/voyagedelabaleine.fr\/wp-content\/uploads\/2026\/02\/barboteuse-ete-mixte-225x300.jpg 225w, https:\/\/voyagedelabaleine.fr\/wp-content\/uploads\/2026\/02\/barboteuse-ete-mixte-768x1024.jpg 768w, https:\/\/voyagedelabaleine.fr\/wp-content\/uploads\/2026\/02\/barboteuse-ete-mixte-1152x1536.jpg 1152w, https:\/\/voyagedelabaleine.fr\/wp-content\/uploads\/2026\/02\/barboteuse-ete-mixte.jpg 1300w\" sizes=\"(max-width: 600px) 100vw, 600px\" \/><img decoding=\"async\" width=\"600\" height=\"800\" src=\"https:\/\/voyagedelabaleine.fr\/wp-content\/uploads\/2026\/02\/barboteuse-ete-mixte-1-600x800.jpg\" class=\"woo-entry-image-secondary\" alt=\"Pagliaccetto estivo unisex con smock &#8211; Bianco\" itemprop=\"image\" srcset=\"https:\/\/voyagedelabaleine.fr\/wp-content\/uploads\/2026\/02\/barboteuse-ete-mixte-1-600x800.jpg 600w, https:\/\/voyagedelabaleine.fr\/wp-content\/uploads\/2026\/02\/barboteuse-ete-mixte-1-225x300.jpg 225w, https:\/\/voyagedelabaleine.fr\/wp-content\/uploads\/2026\/02\/barboteuse-ete-mixte-1-768x1024.jpg 768w, https:\/\/voyagedelabaleine.fr\/wp-content\/uploads\/2026\/02\/barboteuse-ete-mixte-1.jpg 833w\" sizes=\"(max-width: 600px) 100vw, 600px\" \/><\/a>\t<\/div><!-- .woo-entry-image-swap -->\n\n<ul class=\"woo-entry-inner clr\"><li class=\"image-wrap\">\n\t<div class=\"woo-entry-image-swap woo-entry-image clr\">\n\t\t<a href=\"https:\/\/voyagedelabaleine.fr\/it\/prodotto\/pagliaccetto-estivo-unisex-con-smock-bianco\/\" class=\"woocommerce-LoopProduct-link\"><img decoding=\"async\" width=\"600\" height=\"800\" src=\"https:\/\/voyagedelabaleine.fr\/wp-content\/uploads\/2026\/02\/barboteuse-ete-mixte-600x800.jpg\" class=\"woo-entry-image-main\" alt=\"Pagliaccetto estivo unisex con smock &#8211; Bianco\" itemprop=\"image\" srcset=\"https:\/\/voyagedelabaleine.fr\/wp-content\/uploads\/2026\/02\/barboteuse-ete-mixte-600x800.jpg 600w, https:\/\/voyagedelabaleine.fr\/wp-content\/uploads\/2026\/02\/barboteuse-ete-mixte-225x300.jpg 225w, https:\/\/voyagedelabaleine.fr\/wp-content\/uploads\/2026\/02\/barboteuse-ete-mixte-768x1024.jpg 768w, https:\/\/voyagedelabaleine.fr\/wp-content\/uploads\/2026\/02\/barboteuse-ete-mixte-1152x1536.jpg 1152w, https:\/\/voyagedelabaleine.fr\/wp-content\/uploads\/2026\/02\/barboteuse-ete-mixte.jpg 1300w\" sizes=\"(max-width: 600px) 100vw, 600px\" \/><img decoding=\"async\" width=\"600\" height=\"800\" src=\"https:\/\/voyagedelabaleine.fr\/wp-content\/uploads\/2026\/02\/barboteuse-ete-mixte-1-600x800.jpg\" class=\"woo-entry-image-secondary\" alt=\"Pagliaccetto estivo unisex con smock &#8211; Bianco\" itemprop=\"image\" srcset=\"https:\/\/voyagedelabaleine.fr\/wp-content\/uploads\/2026\/02\/barboteuse-ete-mixte-1-600x800.jpg 600w, https:\/\/voyagedelabaleine.fr\/wp-content\/uploads\/2026\/02\/barboteuse-ete-mixte-1-225x300.jpg 225w, https:\/\/voyagedelabaleine.fr\/wp-content\/uploads\/2026\/02\/barboteuse-ete-mixte-1-768x1024.jpg 768w, https:\/\/voyagedelabaleine.fr\/wp-content\/uploads\/2026\/02\/barboteuse-ete-mixte-1.jpg 833w\" sizes=\"(max-width: 600px) 100vw, 600px\" \/><\/a>\t<\/div><!-- .woo-entry-image-swap -->\n\n<\/li><li class=\"title\"><h2><a href=\"https:\/\/voyagedelabaleine.fr\/it\/prodotto\/pagliaccetto-estivo-unisex-con-smock-bianco\/\">Pagliaccetto estivo unisex con smock &#8211; Bianco<\/a><\/h2><\/li><li class=\"price-wrap\">\n\t<span class=\"price\"><span class=\"woocommerce-Price-amount amount\"><bdi>56<span class=\"woocommerce-Price-currencySymbol\">&euro;<\/span><\/bdi><\/span><\/span>\n<\/li><\/ul><\/div><!-- .product-inner .clr --><\/li>\n<li class=\"entry has-media has-rating col span_1_of_2 owp-content-center owp-thumbs-layout-vertical owp-btn-big owp-tabs-layout-vertical circle-sale product type-product post-40433 status-publish last instock product_cat-abbigliamento product_cat-bloomer-short-pantaloni-nascita product_cat-bloomer-short-pantaloni-nascita-ragazzo product_cat-bloomer-short-pantaloni-neonati product_cat-bloomer-short-pantaloni-neonato product_cat-blusa-camicia-nascita product_cat-blusa-camicia-nascita-ragazzo product_cat-blusa-camicia-bambini product_cat-blusa-camicia-bambino product_cat-blusa-camicia-neonati product_cat-blusa-camicia-neonato product_cat-completi-nascita product_cat-completi-nascita-ragazzo product_cat-completi-neonati product_cat-completi-neonato product_cat-completo-salopette-bambini product_cat-completo-salopette-bambino product_cat-pantaloni-short-bambini product_cat-pantaloni-short-bambino has-post-thumbnail taxable shipping-taxable purchasable product-type-variable has-default-attributes\">\n\t<div class=\"product-inner clr\">\n\t<div class=\"woo-entry-image-swap woo-entry-image clr\">\n\t\t<a href=\"https:\/\/voyagedelabaleine.fr\/it\/prodotto\/completo-bimbo-con-shorts-con-bretelle-e-camicetta-con-smock-blu-bianco\/\" class=\"woocommerce-LoopProduct-link\"><img decoding=\"async\" width=\"600\" height=\"800\" src=\"https:\/\/voyagedelabaleine.fr\/wp-content\/uploads\/2026\/02\/ensemble-garcon-blouse-short-bretelles-2-600x800.jpg\" class=\"woo-entry-image-main\" alt=\"Completo bimbo con shorts con bretelle e camicetta con smock &#8211; Blu\/bianco\" itemprop=\"image\" srcset=\"https:\/\/voyagedelabaleine.fr\/wp-content\/uploads\/2026\/02\/ensemble-garcon-blouse-short-bretelles-2-600x800.jpg 600w, https:\/\/voyagedelabaleine.fr\/wp-content\/uploads\/2026\/02\/ensemble-garcon-blouse-short-bretelles-2-225x300.jpg 225w, https:\/\/voyagedelabaleine.fr\/wp-content\/uploads\/2026\/02\/ensemble-garcon-blouse-short-bretelles-2-768x1024.jpg 768w, https:\/\/voyagedelabaleine.fr\/wp-content\/uploads\/2026\/02\/ensemble-garcon-blouse-short-bretelles-2-1152x1536.jpg 1152w, https:\/\/voyagedelabaleine.fr\/wp-content\/uploads\/2026\/02\/ensemble-garcon-blouse-short-bretelles-2.jpg 1300w\" sizes=\"(max-width: 600px) 100vw, 600px\" \/><img decoding=\"async\" width=\"600\" height=\"800\" src=\"https:\/\/voyagedelabaleine.fr\/wp-content\/uploads\/2026\/02\/ensemble-garcon-blouse-short-bretelles-1-600x800.jpg\" class=\"woo-entry-image-secondary\" alt=\"Completo bimbo con shorts con bretelle e camicetta con smock &#8211; Blu\/bianco\" itemprop=\"image\" srcset=\"https:\/\/voyagedelabaleine.fr\/wp-content\/uploads\/2026\/02\/ensemble-garcon-blouse-short-bretelles-1-600x800.jpg 600w, https:\/\/voyagedelabaleine.fr\/wp-content\/uploads\/2026\/02\/ensemble-garcon-blouse-short-bretelles-1-225x300.jpg 225w, https:\/\/voyagedelabaleine.fr\/wp-content\/uploads\/2026\/02\/ensemble-garcon-blouse-short-bretelles-1-768x1024.jpg 768w, https:\/\/voyagedelabaleine.fr\/wp-content\/uploads\/2026\/02\/ensemble-garcon-blouse-short-bretelles-1-1152x1536.jpg 1152w, https:\/\/voyagedelabaleine.fr\/wp-content\/uploads\/2026\/02\/ensemble-garcon-blouse-short-bretelles-1.jpg 1166w\" sizes=\"(max-width: 600px) 100vw, 600px\" \/><\/a>\t<\/div><!-- .woo-entry-image-swap -->\n\n<ul class=\"woo-entry-inner clr\"><li class=\"image-wrap\">\n\t<div class=\"woo-entry-image-swap woo-entry-image clr\">\n\t\t<a href=\"https:\/\/voyagedelabaleine.fr\/it\/prodotto\/completo-bimbo-con-shorts-con-bretelle-e-camicetta-con-smock-blu-bianco\/\" class=\"woocommerce-LoopProduct-link\"><img decoding=\"async\" width=\"600\" height=\"800\" src=\"https:\/\/voyagedelabaleine.fr\/wp-content\/uploads\/2026\/02\/ensemble-garcon-blouse-short-bretelles-2-600x800.jpg\" class=\"woo-entry-image-main\" alt=\"Completo bimbo con shorts con bretelle e camicetta con smock &#8211; Blu\/bianco\" itemprop=\"image\" srcset=\"https:\/\/voyagedelabaleine.fr\/wp-content\/uploads\/2026\/02\/ensemble-garcon-blouse-short-bretelles-2-600x800.jpg 600w, https:\/\/voyagedelabaleine.fr\/wp-content\/uploads\/2026\/02\/ensemble-garcon-blouse-short-bretelles-2-225x300.jpg 225w, https:\/\/voyagedelabaleine.fr\/wp-content\/uploads\/2026\/02\/ensemble-garcon-blouse-short-bretelles-2-768x1024.jpg 768w, https:\/\/voyagedelabaleine.fr\/wp-content\/uploads\/2026\/02\/ensemble-garcon-blouse-short-bretelles-2-1152x1536.jpg 1152w, https:\/\/voyagedelabaleine.fr\/wp-content\/uploads\/2026\/02\/ensemble-garcon-blouse-short-bretelles-2.jpg 1300w\" sizes=\"(max-width: 600px) 100vw, 600px\" \/><img decoding=\"async\" width=\"600\" height=\"800\" src=\"https:\/\/voyagedelabaleine.fr\/wp-content\/uploads\/2026\/02\/ensemble-garcon-blouse-short-bretelles-1-600x800.jpg\" class=\"woo-entry-image-secondary\" alt=\"Completo bimbo con shorts con bretelle e camicetta con smock &#8211; Blu\/bianco\" itemprop=\"image\" srcset=\"https:\/\/voyagedelabaleine.fr\/wp-content\/uploads\/2026\/02\/ensemble-garcon-blouse-short-bretelles-1-600x800.jpg 600w, https:\/\/voyagedelabaleine.fr\/wp-content\/uploads\/2026\/02\/ensemble-garcon-blouse-short-bretelles-1-225x300.jpg 225w, https:\/\/voyagedelabaleine.fr\/wp-content\/uploads\/2026\/02\/ensemble-garcon-blouse-short-bretelles-1-768x1024.jpg 768w, https:\/\/voyagedelabaleine.fr\/wp-content\/uploads\/2026\/02\/ensemble-garcon-blouse-short-bretelles-1-1152x1536.jpg 1152w, https:\/\/voyagedelabaleine.fr\/wp-content\/uploads\/2026\/02\/ensemble-garcon-blouse-short-bretelles-1.jpg 1166w\" sizes=\"(max-width: 600px) 100vw, 600px\" \/><\/a>\t<\/div><!-- .woo-entry-image-swap -->\n\n<\/li><li class=\"title\"><h2><a href=\"https:\/\/voyagedelabaleine.fr\/it\/prodotto\/completo-bimbo-con-shorts-con-bretelle-e-camicetta-con-smock-blu-bianco\/\">Completo bimbo con shorts con bretelle e camicetta con smock &#8211; Blu\/bianco<\/a><\/h2><\/li><li class=\"price-wrap\">\n\t<span class=\"price\"><span class=\"woocommerce-Price-amount amount\"><bdi>68<span class=\"woocommerce-Price-currencySymbol\">&euro;<\/span><\/bdi><\/span><\/span>\n<\/li><\/ul><\/div><!-- .product-inner .clr --><\/li>\n<\/ul>\n<\/div><\/div>\n\t\t\t\t\t\t<\/div>\n\t\t\t\t<\/div>\n\t\t<div class=\"elementor-element elementor-element-efab389 e-con-full e-flex e-con e-parent\" data-id=\"efab389\" data-element_type=\"container\" data-e-type=\"container\">\n\t\t\t\t<div class=\"elementor-element elementor-element-f113fcf elementor-widget-divider--separator-type-pattern elementor-widget-divider--view-line elementor-widget elementor-widget-divider\" data-id=\"f113fcf\" data-element_type=\"widget\" data-e-type=\"widget\" data-widget_type=\"divider.default\">\n\t\t\t\t\t\t\t<div class=\"elementor-divider\" style=\"--divider-pattern-url: url(&quot;data:image\/svg+xml,%3Csvg xmlns=&#039;http:\/\/www.w3.org\/2000\/svg&#039; preserveAspectRatio=&#039;none&#039; overflow=&#039;visible&#039; height=&#039;100%&#039; viewBox=&#039;0 0 24 24&#039; fill=&#039;black&#039; stroke=&#039;none&#039;%3E%3Cpath d=&#039;M12.7,2.3c-0.4-0.4-1.1-0.4-1.5,0l-8,9.1c-0.3,0.4-0.3,0.9,0,1.2l8,9.1c0.4,0.4,1.1,0.4,1.5,0l8-9.1c0.3-0.4,0.3-0.9,0-1.2L12.7,2.3z&#039;\/%3E%3C\/svg%3E&quot;);\">\n\t\t\t<span class=\"elementor-divider-separator\">\n\t\t\t\t\t\t<\/span>\n\t\t<\/div>\n\t\t\t\t\t\t<\/div>\n\t\t<div class=\"elementor-element elementor-element-2435b47 e-grid e-con-full e-con e-child\" data-id=\"2435b47\" data-element_type=\"container\" data-e-type=\"container\">\n\t\t<div class=\"elementor-element elementor-element-2624e3e e-con-full e-flex e-con e-child\" data-id=\"2624e3e\" data-element_type=\"container\" data-e-type=\"container\">\n\t\t\t\t<div class=\"elementor-element elementor-element-76b1d0e elementor-widget elementor-widget-heading\" data-id=\"76b1d0e\" data-element_type=\"widget\" data-e-type=\"widget\" data-widget_type=\"heading.default\">\n\t\t\t\t\t<h2 class=\"elementor-heading-title elementor-size-default\">Serata pigiama<\/h2>\t\t\t\t<\/div>\n\t\t\t\t<\/div>\n\t\t\t\t<\/div>\n\t\t\t\t<\/div>\n\t\t<div class=\"elementor-element elementor-element-cb3a2e0 e-con-full e-flex e-con e-parent\" data-id=\"cb3a2e0\" data-element_type=\"container\" data-e-type=\"container\">\n\t\t\t\t<div class=\"elementor-element elementor-element-331afab elementor-widget elementor-widget-shortcode\" data-id=\"331afab\" data-element_type=\"widget\" data-e-type=\"widget\" data-widget_type=\"shortcode.default\">\n\t\t\t\t\t\t\t<div class=\"elementor-shortcode\"><div class=\"woocommerce columns-3 \">\r\n<ul class=\"products oceanwp-row clr grid tablet-col tablet-2-col mobile-col mobile-2-col\">\r\n<li class=\"entry has-media has-rating col span_1_of_3 owp-content-center owp-thumbs-layout-vertical owp-btn-big owp-tabs-layout-vertical circle-sale product type-product post-32817 status-publish first instock product_cat-pigiama product_cat-pigiama-bambina product_cat-pigiama-bambini product_cat-pigiama-neonata product_cat-pigiama-neonati has-post-thumbnail taxable shipping-taxable purchasable product-type-variable has-default-attributes\">\n\t<div class=\"product-inner clr\">\n\t<div class=\"woo-entry-image-swap woo-entry-image clr\">\n\t\t<a href=\"https:\/\/voyagedelabaleine.fr\/it\/prodotto\/pigiama-bambina-a-quadri-rosa\/\" class=\"woocommerce-LoopProduct-link\"><img decoding=\"async\" width=\"600\" height=\"800\" src=\"https:\/\/voyagedelabaleine.fr\/wp-content\/uploads\/2025\/07\/pyjama-enfant-fille-carreaux-rose-2-600x800.jpg\" class=\"woo-entry-image-main\" alt=\"Pigiama bambina a quadri &#8211; Rosa\" itemprop=\"image\" srcset=\"https:\/\/voyagedelabaleine.fr\/wp-content\/uploads\/2025\/07\/pyjama-enfant-fille-carreaux-rose-2-600x800.jpg 600w, https:\/\/voyagedelabaleine.fr\/wp-content\/uploads\/2025\/07\/pyjama-enfant-fille-carreaux-rose-2-225x300.jpg 225w, https:\/\/voyagedelabaleine.fr\/wp-content\/uploads\/2025\/07\/pyjama-enfant-fille-carreaux-rose-2-768x1024.jpg 768w, https:\/\/voyagedelabaleine.fr\/wp-content\/uploads\/2025\/07\/pyjama-enfant-fille-carreaux-rose-2-1152x1536.jpg 1152w, https:\/\/voyagedelabaleine.fr\/wp-content\/uploads\/2025\/07\/pyjama-enfant-fille-carreaux-rose-2.jpg 1200w\" sizes=\"(max-width: 600px) 100vw, 600px\" \/><img decoding=\"async\" width=\"600\" height=\"800\" src=\"https:\/\/voyagedelabaleine.fr\/wp-content\/uploads\/2025\/07\/pyjama-enfant-fille-carreaux-rose-600x800.jpg\" class=\"woo-entry-image-secondary\" alt=\"Pigiama bambina a quadri &#8211; Rosa\" itemprop=\"image\" srcset=\"https:\/\/voyagedelabaleine.fr\/wp-content\/uploads\/2025\/07\/pyjama-enfant-fille-carreaux-rose-600x800.jpg 600w, https:\/\/voyagedelabaleine.fr\/wp-content\/uploads\/2025\/07\/pyjama-enfant-fille-carreaux-rose-225x300.jpg 225w, https:\/\/voyagedelabaleine.fr\/wp-content\/uploads\/2025\/07\/pyjama-enfant-fille-carreaux-rose-768x1024.jpg 768w, https:\/\/voyagedelabaleine.fr\/wp-content\/uploads\/2025\/07\/pyjama-enfant-fille-carreaux-rose.jpg 900w\" sizes=\"(max-width: 600px) 100vw, 600px\" \/><\/a>\t<\/div><!-- .woo-entry-image-swap -->\n\n<ul class=\"woo-entry-inner clr\"><li class=\"image-wrap\">\n\t<div class=\"woo-entry-image-swap woo-entry-image clr\">\n\t\t<a href=\"https:\/\/voyagedelabaleine.fr\/it\/prodotto\/pigiama-bambina-a-quadri-rosa\/\" class=\"woocommerce-LoopProduct-link\"><img decoding=\"async\" width=\"600\" height=\"800\" src=\"https:\/\/voyagedelabaleine.fr\/wp-content\/uploads\/2025\/07\/pyjama-enfant-fille-carreaux-rose-2-600x800.jpg\" class=\"woo-entry-image-main\" alt=\"Pigiama bambina a quadri &#8211; Rosa\" itemprop=\"image\" srcset=\"https:\/\/voyagedelabaleine.fr\/wp-content\/uploads\/2025\/07\/pyjama-enfant-fille-carreaux-rose-2-600x800.jpg 600w, https:\/\/voyagedelabaleine.fr\/wp-content\/uploads\/2025\/07\/pyjama-enfant-fille-carreaux-rose-2-225x300.jpg 225w, https:\/\/voyagedelabaleine.fr\/wp-content\/uploads\/2025\/07\/pyjama-enfant-fille-carreaux-rose-2-768x1024.jpg 768w, https:\/\/voyagedelabaleine.fr\/wp-content\/uploads\/2025\/07\/pyjama-enfant-fille-carreaux-rose-2-1152x1536.jpg 1152w, https:\/\/voyagedelabaleine.fr\/wp-content\/uploads\/2025\/07\/pyjama-enfant-fille-carreaux-rose-2.jpg 1200w\" sizes=\"(max-width: 600px) 100vw, 600px\" \/><img decoding=\"async\" width=\"600\" height=\"800\" src=\"https:\/\/voyagedelabaleine.fr\/wp-content\/uploads\/2025\/07\/pyjama-enfant-fille-carreaux-rose-600x800.jpg\" class=\"woo-entry-image-secondary\" alt=\"Pigiama bambina a quadri &#8211; Rosa\" itemprop=\"image\" srcset=\"https:\/\/voyagedelabaleine.fr\/wp-content\/uploads\/2025\/07\/pyjama-enfant-fille-carreaux-rose-600x800.jpg 600w, https:\/\/voyagedelabaleine.fr\/wp-content\/uploads\/2025\/07\/pyjama-enfant-fille-carreaux-rose-225x300.jpg 225w, https:\/\/voyagedelabaleine.fr\/wp-content\/uploads\/2025\/07\/pyjama-enfant-fille-carreaux-rose-768x1024.jpg 768w, https:\/\/voyagedelabaleine.fr\/wp-content\/uploads\/2025\/07\/pyjama-enfant-fille-carreaux-rose.jpg 900w\" sizes=\"(max-width: 600px) 100vw, 600px\" \/><\/a>\t<\/div><!-- .woo-entry-image-swap -->\n\n<\/li><li class=\"title\"><h2><a href=\"https:\/\/voyagedelabaleine.fr\/it\/prodotto\/pigiama-bambina-a-quadri-rosa\/\">Pigiama bambina a quadri &#8211; Rosa<\/a><\/h2><\/li><li class=\"price-wrap\">\n\t<span class=\"price\"><span class=\"woocommerce-Price-amount amount\"><bdi>54<span class=\"woocommerce-Price-currencySymbol\">&euro;<\/span><\/bdi><\/span><\/span>\n<\/li><\/ul><\/div><!-- .product-inner .clr --><\/li>\n<li class=\"entry has-media col span_1_of_3 owp-content-center owp-thumbs-layout-vertical owp-btn-big owp-tabs-layout-vertical circle-sale product type-product post-32852 status-publish instock product_cat-pigiama product_cat-pigiama-bambina product_cat-pigiama-bambini product_cat-pigiama-bambino product_cat-pigiama-neonata product_cat-pigiama-neonati product_cat-pigiama-neonato has-post-thumbnail taxable shipping-taxable purchasable product-type-variable has-default-attributes\">\n\t<div class=\"product-inner clr\">\n\t<div class=\"woo-entry-image-swap woo-entry-image clr\">\n\t\t<a href=\"https:\/\/voyagedelabaleine.fr\/it\/prodotto\/pigiama-per-bambini-unisex-a-quadri-blu\/\" class=\"woocommerce-LoopProduct-link\"><img decoding=\"async\" width=\"600\" height=\"800\" src=\"https:\/\/voyagedelabaleine.fr\/wp-content\/uploads\/2025\/07\/pyjama-enfant-fille-carreaux-bleu-600x800.jpg\" class=\"woo-entry-image-main\" alt=\"Pigiama per bambini unisex a quadri &#8211; Blu\" itemprop=\"image\" srcset=\"https:\/\/voyagedelabaleine.fr\/wp-content\/uploads\/2025\/07\/pyjama-enfant-fille-carreaux-bleu-600x800.jpg 600w, https:\/\/voyagedelabaleine.fr\/wp-content\/uploads\/2025\/07\/pyjama-enfant-fille-carreaux-bleu-225x300.jpg 225w, https:\/\/voyagedelabaleine.fr\/wp-content\/uploads\/2025\/07\/pyjama-enfant-fille-carreaux-bleu-768x1024.jpg 768w, https:\/\/voyagedelabaleine.fr\/wp-content\/uploads\/2025\/07\/pyjama-enfant-fille-carreaux-bleu-1152x1536.jpg 1152w, https:\/\/voyagedelabaleine.fr\/wp-content\/uploads\/2025\/07\/pyjama-enfant-fille-carreaux-bleu.jpg 1200w\" sizes=\"(max-width: 600px) 100vw, 600px\" \/><img decoding=\"async\" width=\"600\" height=\"800\" src=\"https:\/\/voyagedelabaleine.fr\/wp-content\/uploads\/2025\/07\/pyjama-enfant-fille-carreaux-bleu-2-600x800.jpg\" class=\"woo-entry-image-secondary\" alt=\"Pigiama per bambini unisex a quadri &#8211; Blu\" itemprop=\"image\" srcset=\"https:\/\/voyagedelabaleine.fr\/wp-content\/uploads\/2025\/07\/pyjama-enfant-fille-carreaux-bleu-2-600x800.jpg 600w, https:\/\/voyagedelabaleine.fr\/wp-content\/uploads\/2025\/07\/pyjama-enfant-fille-carreaux-bleu-2-225x300.jpg 225w, https:\/\/voyagedelabaleine.fr\/wp-content\/uploads\/2025\/07\/pyjama-enfant-fille-carreaux-bleu-2-768x1024.jpg 768w, https:\/\/voyagedelabaleine.fr\/wp-content\/uploads\/2025\/07\/pyjama-enfant-fille-carreaux-bleu-2.jpg 900w\" sizes=\"(max-width: 600px) 100vw, 600px\" \/><\/a>\t<\/div><!-- .woo-entry-image-swap -->\n\n<ul class=\"woo-entry-inner clr\"><li class=\"image-wrap\">\n\t<div class=\"woo-entry-image-swap woo-entry-image clr\">\n\t\t<a href=\"https:\/\/voyagedelabaleine.fr\/it\/prodotto\/pigiama-per-bambini-unisex-a-quadri-blu\/\" class=\"woocommerce-LoopProduct-link\"><img decoding=\"async\" width=\"600\" height=\"800\" src=\"https:\/\/voyagedelabaleine.fr\/wp-content\/uploads\/2025\/07\/pyjama-enfant-fille-carreaux-bleu-600x800.jpg\" class=\"woo-entry-image-main\" alt=\"Pigiama per bambini unisex a quadri &#8211; Blu\" itemprop=\"image\" srcset=\"https:\/\/voyagedelabaleine.fr\/wp-content\/uploads\/2025\/07\/pyjama-enfant-fille-carreaux-bleu-600x800.jpg 600w, https:\/\/voyagedelabaleine.fr\/wp-content\/uploads\/2025\/07\/pyjama-enfant-fille-carreaux-bleu-225x300.jpg 225w, https:\/\/voyagedelabaleine.fr\/wp-content\/uploads\/2025\/07\/pyjama-enfant-fille-carreaux-bleu-768x1024.jpg 768w, https:\/\/voyagedelabaleine.fr\/wp-content\/uploads\/2025\/07\/pyjama-enfant-fille-carreaux-bleu-1152x1536.jpg 1152w, https:\/\/voyagedelabaleine.fr\/wp-content\/uploads\/2025\/07\/pyjama-enfant-fille-carreaux-bleu.jpg 1200w\" sizes=\"(max-width: 600px) 100vw, 600px\" \/><img decoding=\"async\" width=\"600\" height=\"800\" src=\"https:\/\/voyagedelabaleine.fr\/wp-content\/uploads\/2025\/07\/pyjama-enfant-fille-carreaux-bleu-2-600x800.jpg\" class=\"woo-entry-image-secondary\" alt=\"Pigiama per bambini unisex a quadri &#8211; Blu\" itemprop=\"image\" srcset=\"https:\/\/voyagedelabaleine.fr\/wp-content\/uploads\/2025\/07\/pyjama-enfant-fille-carreaux-bleu-2-600x800.jpg 600w, https:\/\/voyagedelabaleine.fr\/wp-content\/uploads\/2025\/07\/pyjama-enfant-fille-carreaux-bleu-2-225x300.jpg 225w, https:\/\/voyagedelabaleine.fr\/wp-content\/uploads\/2025\/07\/pyjama-enfant-fille-carreaux-bleu-2-768x1024.jpg 768w, https:\/\/voyagedelabaleine.fr\/wp-content\/uploads\/2025\/07\/pyjama-enfant-fille-carreaux-bleu-2.jpg 900w\" sizes=\"(max-width: 600px) 100vw, 600px\" \/><\/a>\t<\/div><!-- .woo-entry-image-swap -->\n\n<\/li><li class=\"title\"><h2><a href=\"https:\/\/voyagedelabaleine.fr\/it\/prodotto\/pigiama-per-bambini-unisex-a-quadri-blu\/\">Pigiama per bambini unisex a quadri &#8211; Blu<\/a><\/h2><\/li><li class=\"price-wrap\">\n\t<span class=\"price\"><span class=\"woocommerce-Price-amount amount\"><bdi>54<span class=\"woocommerce-Price-currencySymbol\">&euro;<\/span><\/bdi><\/span><\/span>\n<\/li><\/ul><\/div><!-- .product-inner .clr --><\/li>\n<li class=\"entry has-media col span_1_of_3 owp-content-center owp-thumbs-layout-vertical owp-btn-big owp-tabs-layout-vertical circle-sale product type-product post-31934 status-publish last instock product_cat-pigiama product_cat-pigiama-bambina product_cat-pigiama-bambini product_cat-pigiama-neonata product_cat-pigiama-neonati has-post-thumbnail taxable shipping-taxable purchasable product-type-variable has-default-attributes\">\n\t<div class=\"product-inner clr\">\n\t<div class=\"woo-entry-image-swap woo-entry-image clr\">\n\t\t<a href=\"https:\/\/voyagedelabaleine.fr\/it\/prodotto\/pigiama-bambina-a-quadretti-e-ricami-inglesi-blu\/\" class=\"woocommerce-LoopProduct-link\"><img decoding=\"async\" width=\"600\" height=\"800\" src=\"https:\/\/voyagedelabaleine.fr\/wp-content\/uploads\/2025\/07\/i5794_0037_01-fotor-20250715141736Pyjama-fille-carreaux-broderies-anglaises-600x800.jpg\" class=\"woo-entry-image-main\" alt=\"Pigiama bambina a quadretti e ricami inglesi &#8211; Blu\" itemprop=\"image\" srcset=\"https:\/\/voyagedelabaleine.fr\/wp-content\/uploads\/2025\/07\/i5794_0037_01-fotor-20250715141736Pyjama-fille-carreaux-broderies-anglaises-600x800.jpg 600w, https:\/\/voyagedelabaleine.fr\/wp-content\/uploads\/2025\/07\/i5794_0037_01-fotor-20250715141736Pyjama-fille-carreaux-broderies-anglaises-225x300.jpg 225w, https:\/\/voyagedelabaleine.fr\/wp-content\/uploads\/2025\/07\/i5794_0037_01-fotor-20250715141736Pyjama-fille-carreaux-broderies-anglaises-768x1024.jpg 768w, https:\/\/voyagedelabaleine.fr\/wp-content\/uploads\/2025\/07\/i5794_0037_01-fotor-20250715141736Pyjama-fille-carreaux-broderies-anglaises-1152x1536.jpg 1152w, https:\/\/voyagedelabaleine.fr\/wp-content\/uploads\/2025\/07\/i5794_0037_01-fotor-20250715141736Pyjama-fille-carreaux-broderies-anglaises.jpg 1200w\" sizes=\"(max-width: 600px) 100vw, 600px\" \/><img decoding=\"async\" width=\"600\" height=\"800\" src=\"https:\/\/voyagedelabaleine.fr\/wp-content\/uploads\/2025\/07\/Pyjama-fille-carreaux-broderies-anglaises-1-600x800.jpg\" class=\"woo-entry-image-secondary\" alt=\"Pigiama bambina a quadretti e ricami inglesi &#8211; Blu\" itemprop=\"image\" srcset=\"https:\/\/voyagedelabaleine.fr\/wp-content\/uploads\/2025\/07\/Pyjama-fille-carreaux-broderies-anglaises-1-600x800.jpg 600w, https:\/\/voyagedelabaleine.fr\/wp-content\/uploads\/2025\/07\/Pyjama-fille-carreaux-broderies-anglaises-1-225x300.jpg 225w, https:\/\/voyagedelabaleine.fr\/wp-content\/uploads\/2025\/07\/Pyjama-fille-carreaux-broderies-anglaises-1-768x1024.jpg 768w, https:\/\/voyagedelabaleine.fr\/wp-content\/uploads\/2025\/07\/Pyjama-fille-carreaux-broderies-anglaises-1.jpg 1000w\" sizes=\"(max-width: 600px) 100vw, 600px\" \/><\/a>\t<\/div><!-- .woo-entry-image-swap -->\n\n<ul class=\"woo-entry-inner clr\"><li class=\"image-wrap\">\n\t<div class=\"woo-entry-image-swap woo-entry-image clr\">\n\t\t<a href=\"https:\/\/voyagedelabaleine.fr\/it\/prodotto\/pigiama-bambina-a-quadretti-e-ricami-inglesi-blu\/\" class=\"woocommerce-LoopProduct-link\"><img decoding=\"async\" width=\"600\" height=\"800\" src=\"https:\/\/voyagedelabaleine.fr\/wp-content\/uploads\/2025\/07\/i5794_0037_01-fotor-20250715141736Pyjama-fille-carreaux-broderies-anglaises-600x800.jpg\" class=\"woo-entry-image-main\" alt=\"Pigiama bambina a quadretti e ricami inglesi &#8211; Blu\" itemprop=\"image\" srcset=\"https:\/\/voyagedelabaleine.fr\/wp-content\/uploads\/2025\/07\/i5794_0037_01-fotor-20250715141736Pyjama-fille-carreaux-broderies-anglaises-600x800.jpg 600w, https:\/\/voyagedelabaleine.fr\/wp-content\/uploads\/2025\/07\/i5794_0037_01-fotor-20250715141736Pyjama-fille-carreaux-broderies-anglaises-225x300.jpg 225w, https:\/\/voyagedelabaleine.fr\/wp-content\/uploads\/2025\/07\/i5794_0037_01-fotor-20250715141736Pyjama-fille-carreaux-broderies-anglaises-768x1024.jpg 768w, https:\/\/voyagedelabaleine.fr\/wp-content\/uploads\/2025\/07\/i5794_0037_01-fotor-20250715141736Pyjama-fille-carreaux-broderies-anglaises-1152x1536.jpg 1152w, https:\/\/voyagedelabaleine.fr\/wp-content\/uploads\/2025\/07\/i5794_0037_01-fotor-20250715141736Pyjama-fille-carreaux-broderies-anglaises.jpg 1200w\" sizes=\"(max-width: 600px) 100vw, 600px\" \/><img decoding=\"async\" width=\"600\" height=\"800\" src=\"https:\/\/voyagedelabaleine.fr\/wp-content\/uploads\/2025\/07\/Pyjama-fille-carreaux-broderies-anglaises-1-600x800.jpg\" class=\"woo-entry-image-secondary\" alt=\"Pigiama bambina a quadretti e ricami inglesi &#8211; Blu\" itemprop=\"image\" srcset=\"https:\/\/voyagedelabaleine.fr\/wp-content\/uploads\/2025\/07\/Pyjama-fille-carreaux-broderies-anglaises-1-600x800.jpg 600w, https:\/\/voyagedelabaleine.fr\/wp-content\/uploads\/2025\/07\/Pyjama-fille-carreaux-broderies-anglaises-1-225x300.jpg 225w, https:\/\/voyagedelabaleine.fr\/wp-content\/uploads\/2025\/07\/Pyjama-fille-carreaux-broderies-anglaises-1-768x1024.jpg 768w, https:\/\/voyagedelabaleine.fr\/wp-content\/uploads\/2025\/07\/Pyjama-fille-carreaux-broderies-anglaises-1.jpg 1000w\" sizes=\"(max-width: 600px) 100vw, 600px\" \/><\/a>\t<\/div><!-- .woo-entry-image-swap -->\n\n<\/li><li class=\"title\"><h2><a href=\"https:\/\/voyagedelabaleine.fr\/it\/prodotto\/pigiama-bambina-a-quadretti-e-ricami-inglesi-blu\/\">Pigiama bambina a quadretti e ricami inglesi &#8211; Blu<\/a><\/h2><\/li><li class=\"price-wrap\">\n\t<span class=\"price\"><span class=\"woocommerce-Price-amount amount\"><bdi>56<span class=\"woocommerce-Price-currencySymbol\">&euro;<\/span><\/bdi><\/span><\/span>\n<\/li><\/ul><\/div><!-- .product-inner .clr --><\/li>\n<\/ul>\n<\/div><\/div>\n\t\t\t\t\t\t<\/div>\n\t\t\t\t<\/div>\n\t\t<div class=\"elementor-element elementor-element-3f5a49a e-con-full e-flex e-con e-parent\" data-id=\"3f5a49a\" data-element_type=\"container\" data-e-type=\"container\">\n\t\t\t\t<div class=\"elementor-element elementor-element-6040574 elementor-widget-divider--separator-type-pattern elementor-widget-divider--view-line elementor-widget elementor-widget-divider\" data-id=\"6040574\" data-element_type=\"widget\" data-e-type=\"widget\" data-widget_type=\"divider.default\">\n\t\t\t\t\t\t\t<div class=\"elementor-divider\" style=\"--divider-pattern-url: url(&quot;data:image\/svg+xml,%3Csvg xmlns=&#039;http:\/\/www.w3.org\/2000\/svg&#039; preserveAspectRatio=&#039;none&#039; overflow=&#039;visible&#039; height=&#039;100%&#039; viewBox=&#039;0 0 24 24&#039; fill=&#039;black&#039; stroke=&#039;none&#039;%3E%3Cpath d=&#039;M12.7,2.3c-0.4-0.4-1.1-0.4-1.5,0l-8,9.1c-0.3,0.4-0.3,0.9,0,1.2l8,9.1c0.4,0.4,1.1,0.4,1.5,0l8-9.1c0.3-0.4,0.3-0.9,0-1.2L12.7,2.3z&#039;\/%3E%3C\/svg%3E&quot;);\">\n\t\t\t<span class=\"elementor-divider-separator\">\n\t\t\t\t\t\t<\/span>\n\t\t<\/div>\n\t\t\t\t\t\t<\/div>\n\t\t<div class=\"elementor-element elementor-element-f17b655 e-grid e-con-full e-con e-child\" data-id=\"f17b655\" data-element_type=\"container\" data-e-type=\"container\">\n\t\t<div class=\"elementor-element elementor-element-d990489 e-con-full e-flex e-con e-child\" data-id=\"d990489\" data-element_type=\"container\" data-e-type=\"container\">\n\t\t\t\t<div class=\"elementor-element elementor-element-ab20f50 elementor-widget elementor-widget-heading\" data-id=\"ab20f50\" data-element_type=\"widget\" data-e-type=\"widget\" data-widget_type=\"heading.default\">\n\t\t\t\t\t<h2 class=\"elementor-heading-title elementor-size-default\">Le chiacchierine<\/h2>\t\t\t\t<\/div>\n\t\t\t\t<\/div>\n\t\t\t\t<\/div>\n\t\t\t\t<\/div>\n\t\t<div class=\"elementor-element elementor-element-85caad5 e-con-full e-flex e-con e-parent\" data-id=\"85caad5\" data-element_type=\"container\" data-e-type=\"container\">\n\t\t\t\t<div class=\"elementor-element elementor-element-49ed9d3 elementor-widget elementor-widget-shortcode\" data-id=\"49ed9d3\" data-element_type=\"widget\" data-e-type=\"widget\" data-widget_type=\"shortcode.default\">\n\t\t\t\t\t\t\t<div class=\"elementor-shortcode\"><div class=\"woocommerce columns-2 \">\r\n<ul class=\"products oceanwp-row clr grid tablet-col tablet-2-col mobile-col mobile-2-col\">\r\n<li class=\"entry has-media col span_1_of_2 owp-content-center owp-thumbs-layout-vertical owp-btn-big owp-tabs-layout-vertical circle-sale product type-product post-29544 status-publish first instock product_cat-abbigliamento product_cat-bambina product_cat-neonata product_cat-vestito-bambina product_cat-vestito-neonata has-post-thumbnail taxable shipping-taxable purchasable product-type-variable has-default-attributes\">\n\t<div class=\"product-inner clr\">\n\t<div class=\"woo-entry-image-swap woo-entry-image clr\">\n\t\t<a href=\"https:\/\/voyagedelabaleine.fr\/it\/prodotto\/vestito-a-salopette-da-bambina-in-maglia-a-spina-di-pesce-beige\/\" class=\"woocommerce-LoopProduct-link\"><img decoding=\"async\" width=\"600\" height=\"800\" src=\"https:\/\/voyagedelabaleine.fr\/wp-content\/uploads\/2025\/07\/robe-chasuble-maille-1-600x800.jpg\" class=\"woo-entry-image-main\" alt=\"Vestito a salopette da bambina in maglia a spina di pesce &#8211; Beige\" itemprop=\"image\" srcset=\"https:\/\/voyagedelabaleine.fr\/wp-content\/uploads\/2025\/07\/robe-chasuble-maille-1-600x800.jpg 600w, https:\/\/voyagedelabaleine.fr\/wp-content\/uploads\/2025\/07\/robe-chasuble-maille-1-225x300.jpg 225w, https:\/\/voyagedelabaleine.fr\/wp-content\/uploads\/2025\/07\/robe-chasuble-maille-1-768x1024.jpg 768w, https:\/\/voyagedelabaleine.fr\/wp-content\/uploads\/2025\/07\/robe-chasuble-maille-1.jpg 1000w\" sizes=\"(max-width: 600px) 100vw, 600px\" \/><img decoding=\"async\" width=\"600\" height=\"800\" src=\"https:\/\/voyagedelabaleine.fr\/wp-content\/uploads\/2025\/07\/robe-chasuble-enfant-fille-maille-chevrons-1-600x800.jpg\" class=\"woo-entry-image-secondary\" alt=\"Vestito a salopette da bambina in maglia a spina di pesce &#8211; Beige\" itemprop=\"image\" srcset=\"https:\/\/voyagedelabaleine.fr\/wp-content\/uploads\/2025\/07\/robe-chasuble-enfant-fille-maille-chevrons-1-600x800.jpg 600w, https:\/\/voyagedelabaleine.fr\/wp-content\/uploads\/2025\/07\/robe-chasuble-enfant-fille-maille-chevrons-1-224x300.jpg 224w\" sizes=\"(max-width: 600px) 100vw, 600px\" \/><\/a>\t<\/div><!-- .woo-entry-image-swap -->\n\n<ul class=\"woo-entry-inner clr\"><li class=\"image-wrap\">\n\t<div class=\"woo-entry-image-swap woo-entry-image clr\">\n\t\t<a href=\"https:\/\/voyagedelabaleine.fr\/it\/prodotto\/vestito-a-salopette-da-bambina-in-maglia-a-spina-di-pesce-beige\/\" class=\"woocommerce-LoopProduct-link\"><img decoding=\"async\" width=\"600\" height=\"800\" src=\"https:\/\/voyagedelabaleine.fr\/wp-content\/uploads\/2025\/07\/robe-chasuble-maille-1-600x800.jpg\" class=\"woo-entry-image-main\" alt=\"Vestito a salopette da bambina in maglia a spina di pesce &#8211; Beige\" itemprop=\"image\" srcset=\"https:\/\/voyagedelabaleine.fr\/wp-content\/uploads\/2025\/07\/robe-chasuble-maille-1-600x800.jpg 600w, https:\/\/voyagedelabaleine.fr\/wp-content\/uploads\/2025\/07\/robe-chasuble-maille-1-225x300.jpg 225w, https:\/\/voyagedelabaleine.fr\/wp-content\/uploads\/2025\/07\/robe-chasuble-maille-1-768x1024.jpg 768w, https:\/\/voyagedelabaleine.fr\/wp-content\/uploads\/2025\/07\/robe-chasuble-maille-1.jpg 1000w\" sizes=\"(max-width: 600px) 100vw, 600px\" \/><img decoding=\"async\" width=\"600\" height=\"800\" src=\"https:\/\/voyagedelabaleine.fr\/wp-content\/uploads\/2025\/07\/robe-chasuble-enfant-fille-maille-chevrons-1-600x800.jpg\" class=\"woo-entry-image-secondary\" alt=\"Vestito a salopette da bambina in maglia a spina di pesce &#8211; Beige\" itemprop=\"image\" srcset=\"https:\/\/voyagedelabaleine.fr\/wp-content\/uploads\/2025\/07\/robe-chasuble-enfant-fille-maille-chevrons-1-600x800.jpg 600w, https:\/\/voyagedelabaleine.fr\/wp-content\/uploads\/2025\/07\/robe-chasuble-enfant-fille-maille-chevrons-1-224x300.jpg 224w\" sizes=\"(max-width: 600px) 100vw, 600px\" \/><\/a>\t<\/div><!-- .woo-entry-image-swap -->\n\n<\/li><li class=\"title\"><h2><a href=\"https:\/\/voyagedelabaleine.fr\/it\/prodotto\/vestito-a-salopette-da-bambina-in-maglia-a-spina-di-pesce-beige\/\">Vestito a salopette da bambina in maglia a spina di pesce &#8211; Beige<\/a><\/h2><\/li><li class=\"price-wrap\">\n\t<span class=\"price\"><span class=\"woocommerce-Price-amount amount\"><bdi>62<span class=\"woocommerce-Price-currencySymbol\">&euro;<\/span><\/bdi><\/span><\/span>\n<\/li><\/ul><\/div><!-- .product-inner .clr --><\/li>\n<li class=\"entry has-media col span_1_of_2 owp-content-center owp-thumbs-layout-vertical owp-btn-big owp-tabs-layout-vertical circle-sale product type-product post-32787 status-publish last instock product_cat-abbigliamento product_cat-bambina product_cat-vestito-bambina has-post-thumbnail taxable shipping-taxable purchasable product-type-variable has-default-attributes\">\n\t<div class=\"product-inner clr\">\n\t<div class=\"woo-entry-image-swap woo-entry-image clr\">\n\t\t<a href=\"https:\/\/voyagedelabaleine.fr\/it\/prodotto\/vestito-bambina-in-maglia-a-spina-di-pesce-blu\/\" class=\"woocommerce-LoopProduct-link\"><img decoding=\"async\" width=\"600\" height=\"800\" src=\"https:\/\/voyagedelabaleine.fr\/wp-content\/uploads\/2025\/12\/robe-chevron-bleu-600x800.jpg\" class=\"woo-entry-image-main\" alt=\"Vestito bambina in maglia a spina di pesce &#8211; Blu\" itemprop=\"image\" srcset=\"https:\/\/voyagedelabaleine.fr\/wp-content\/uploads\/2025\/12\/robe-chevron-bleu-600x800.jpg 600w, https:\/\/voyagedelabaleine.fr\/wp-content\/uploads\/2025\/12\/robe-chevron-bleu-225x300.jpg 225w, https:\/\/voyagedelabaleine.fr\/wp-content\/uploads\/2025\/12\/robe-chevron-bleu-768x1024.jpg 768w, https:\/\/voyagedelabaleine.fr\/wp-content\/uploads\/2025\/12\/robe-chevron-bleu-1152x1536.jpg 1152w, https:\/\/voyagedelabaleine.fr\/wp-content\/uploads\/2025\/12\/robe-chevron-bleu.jpg 1300w\" sizes=\"(max-width: 600px) 100vw, 600px\" \/><img decoding=\"async\" width=\"600\" height=\"800\" src=\"https:\/\/voyagedelabaleine.fr\/wp-content\/uploads\/2025\/12\/robe-chevron-bleu-2-600x800.jpg\" class=\"woo-entry-image-secondary\" alt=\"Vestito bambina in maglia a spina di pesce &#8211; Blu\" itemprop=\"image\" srcset=\"https:\/\/voyagedelabaleine.fr\/wp-content\/uploads\/2025\/12\/robe-chevron-bleu-2-600x800.jpg 600w, https:\/\/voyagedelabaleine.fr\/wp-content\/uploads\/2025\/12\/robe-chevron-bleu-2-225x300.jpg 225w, https:\/\/voyagedelabaleine.fr\/wp-content\/uploads\/2025\/12\/robe-chevron-bleu-2-768x1025.jpg 768w, https:\/\/voyagedelabaleine.fr\/wp-content\/uploads\/2025\/12\/robe-chevron-bleu-2.jpg 868w\" sizes=\"(max-width: 600px) 100vw, 600px\" \/><\/a>\t<\/div><!-- .woo-entry-image-swap -->\n\n<ul class=\"woo-entry-inner clr\"><li class=\"image-wrap\">\n\t<div class=\"woo-entry-image-swap woo-entry-image clr\">\n\t\t<a href=\"https:\/\/voyagedelabaleine.fr\/it\/prodotto\/vestito-bambina-in-maglia-a-spina-di-pesce-blu\/\" class=\"woocommerce-LoopProduct-link\"><img decoding=\"async\" width=\"600\" height=\"800\" src=\"https:\/\/voyagedelabaleine.fr\/wp-content\/uploads\/2025\/12\/robe-chevron-bleu-600x800.jpg\" class=\"woo-entry-image-main\" alt=\"Vestito bambina in maglia a spina di pesce &#8211; Blu\" itemprop=\"image\" srcset=\"https:\/\/voyagedelabaleine.fr\/wp-content\/uploads\/2025\/12\/robe-chevron-bleu-600x800.jpg 600w, https:\/\/voyagedelabaleine.fr\/wp-content\/uploads\/2025\/12\/robe-chevron-bleu-225x300.jpg 225w, https:\/\/voyagedelabaleine.fr\/wp-content\/uploads\/2025\/12\/robe-chevron-bleu-768x1024.jpg 768w, https:\/\/voyagedelabaleine.fr\/wp-content\/uploads\/2025\/12\/robe-chevron-bleu-1152x1536.jpg 1152w, https:\/\/voyagedelabaleine.fr\/wp-content\/uploads\/2025\/12\/robe-chevron-bleu.jpg 1300w\" sizes=\"(max-width: 600px) 100vw, 600px\" \/><img decoding=\"async\" width=\"600\" height=\"800\" src=\"https:\/\/voyagedelabaleine.fr\/wp-content\/uploads\/2025\/12\/robe-chevron-bleu-2-600x800.jpg\" class=\"woo-entry-image-secondary\" alt=\"Vestito bambina in maglia a spina di pesce &#8211; Blu\" itemprop=\"image\" srcset=\"https:\/\/voyagedelabaleine.fr\/wp-content\/uploads\/2025\/12\/robe-chevron-bleu-2-600x800.jpg 600w, https:\/\/voyagedelabaleine.fr\/wp-content\/uploads\/2025\/12\/robe-chevron-bleu-2-225x300.jpg 225w, https:\/\/voyagedelabaleine.fr\/wp-content\/uploads\/2025\/12\/robe-chevron-bleu-2-768x1025.jpg 768w, https:\/\/voyagedelabaleine.fr\/wp-content\/uploads\/2025\/12\/robe-chevron-bleu-2.jpg 868w\" sizes=\"(max-width: 600px) 100vw, 600px\" \/><\/a>\t<\/div><!-- .woo-entry-image-swap -->\n\n<\/li><li class=\"title\"><h2><a href=\"https:\/\/voyagedelabaleine.fr\/it\/prodotto\/vestito-bambina-in-maglia-a-spina-di-pesce-blu\/\">Vestito bambina in maglia a spina di pesce &#8211; Blu<\/a><\/h2><\/li><li class=\"price-wrap\">\n\t<span class=\"price\"><span class=\"woocommerce-Price-amount amount\"><bdi>68<span class=\"woocommerce-Price-currencySymbol\">&euro;<\/span><\/bdi><\/span><\/span>\n<\/li><\/ul><\/div><!-- .product-inner .clr --><\/li>\n<\/ul>\n<\/div><\/div>\n\t\t\t\t\t\t<\/div>\n\t\t\t\t<\/div>\n\t\t<div class=\"elementor-element elementor-element-9e145ce e-con-full e-flex e-con e-parent\" data-id=\"9e145ce\" data-element_type=\"container\" data-e-type=\"container\">\n\t\t\t\t<div class=\"elementor-element elementor-element-f29b66f elementor-widget-divider--separator-type-pattern elementor-widget-divider--view-line elementor-widget elementor-widget-divider\" data-id=\"f29b66f\" data-element_type=\"widget\" data-e-type=\"widget\" data-widget_type=\"divider.default\">\n\t\t\t\t\t\t\t<div class=\"elementor-divider\" style=\"--divider-pattern-url: url(&quot;data:image\/svg+xml,%3Csvg xmlns=&#039;http:\/\/www.w3.org\/2000\/svg&#039; preserveAspectRatio=&#039;none&#039; overflow=&#039;visible&#039; height=&#039;100%&#039; viewBox=&#039;0 0 24 24&#039; fill=&#039;black&#039; stroke=&#039;none&#039;%3E%3Cpath d=&#039;M12.7,2.3c-0.4-0.4-1.1-0.4-1.5,0l-8,9.1c-0.3,0.4-0.3,0.9,0,1.2l8,9.1c0.4,0.4,1.1,0.4,1.5,0l8-9.1c0.3-0.4,0.3-0.9,0-1.2L12.7,2.3z&#039;\/%3E%3C\/svg%3E&quot;);\">\n\t\t\t<span class=\"elementor-divider-separator\">\n\t\t\t\t\t\t<\/span>\n\t\t<\/div>\n\t\t\t\t\t\t<\/div>\n\t\t<div class=\"elementor-element elementor-element-e2e14b1 e-grid e-con-full e-con e-child\" data-id=\"e2e14b1\" data-element_type=\"container\" data-e-type=\"container\">\n\t\t<div class=\"elementor-element elementor-element-802f272 e-con-full e-flex e-con e-child\" data-id=\"802f272\" data-element_type=\"container\" data-e-type=\"container\">\n\t\t\t\t<div class=\"elementor-element elementor-element-1eb862f elementor-widget elementor-widget-heading\" data-id=\"1eb862f\" data-element_type=\"widget\" data-e-type=\"widget\" data-widget_type=\"heading.default\">\n\t\t\t\t\t<h2 class=\"elementor-heading-title elementor-size-default\">Armonia perfetta in velluto<\/h2>\t\t\t\t<\/div>\n\t\t\t\t<\/div>\n\t\t\t\t<\/div>\n\t\t\t\t<\/div>\n\t\t<div class=\"elementor-element elementor-element-aece38c e-con-full e-flex e-con e-parent\" data-id=\"aece38c\" data-element_type=\"container\" data-e-type=\"container\">\n\t\t\t\t<div class=\"elementor-element elementor-element-efcd952 elementor-widget elementor-widget-shortcode\" data-id=\"efcd952\" data-element_type=\"widget\" data-e-type=\"widget\" data-widget_type=\"shortcode.default\">\n\t\t\t\t\t\t\t<div class=\"elementor-shortcode\"><div class=\"woocommerce columns-2 \">\r\n<ul class=\"products oceanwp-row clr grid tablet-col tablet-2-col mobile-col mobile-2-col\">\r\n<li class=\"entry has-media has-rating col span_1_of_2 owp-content-center owp-thumbs-layout-vertical owp-btn-big owp-tabs-layout-vertical circle-sale product type-product post-30121 status-publish first instock product_cat-abbigliamento product_cat-bloomer-short-pantaloni-nascita product_cat-bloomer-short-pantaloni-nascita-ragazza product_cat-bloomer-short-pantaloni-neonata product_cat-bloomer-short-pantaloni-neonati has-post-thumbnail taxable shipping-taxable purchasable product-type-variable has-default-attributes\">\n\t<div class=\"product-inner clr\">\n\t<div class=\"woo-entry-image-swap woo-entry-image clr\">\n\t\t<a href=\"https:\/\/voyagedelabaleine.fr\/it\/prodotto\/bloomer-bambina-con-fiocco-in-velluto-verde-scuro\/\" class=\"woocommerce-LoopProduct-link\"><img decoding=\"async\" width=\"600\" height=\"800\" src=\"https:\/\/voyagedelabaleine.fr\/wp-content\/uploads\/2025\/07\/bloomer-bebe-fille-noeud-velours-vert-600x800.jpg\" class=\"woo-entry-image-main\" alt=\"Bloomer bambina con fiocco in velluto &#8211; Verde scuro\" itemprop=\"image\" srcset=\"https:\/\/voyagedelabaleine.fr\/wp-content\/uploads\/2025\/07\/bloomer-bebe-fille-noeud-velours-vert-600x800.jpg 600w, https:\/\/voyagedelabaleine.fr\/wp-content\/uploads\/2025\/07\/bloomer-bebe-fille-noeud-velours-vert-225x300.jpg 225w, https:\/\/voyagedelabaleine.fr\/wp-content\/uploads\/2025\/07\/bloomer-bebe-fille-noeud-velours-vert-768x1024.jpg 768w, https:\/\/voyagedelabaleine.fr\/wp-content\/uploads\/2025\/07\/bloomer-bebe-fille-noeud-velours-vert.jpg 886w\" sizes=\"(max-width: 600px) 100vw, 600px\" \/><img decoding=\"async\" width=\"600\" height=\"800\" src=\"https:\/\/voyagedelabaleine.fr\/wp-content\/uploads\/2025\/07\/bloomer-bebe-fille-noeud-velours-vert-1-600x800.jpg\" class=\"woo-entry-image-secondary\" alt=\"Bloomer bambina con fiocco in velluto &#8211; Verde scuro\" itemprop=\"image\" srcset=\"https:\/\/voyagedelabaleine.fr\/wp-content\/uploads\/2025\/07\/bloomer-bebe-fille-noeud-velours-vert-1-600x800.jpg 600w, https:\/\/voyagedelabaleine.fr\/wp-content\/uploads\/2025\/07\/bloomer-bebe-fille-noeud-velours-vert-1-225x300.jpg 225w, https:\/\/voyagedelabaleine.fr\/wp-content\/uploads\/2025\/07\/bloomer-bebe-fille-noeud-velours-vert-1-768x1024.jpg 768w, https:\/\/voyagedelabaleine.fr\/wp-content\/uploads\/2025\/07\/bloomer-bebe-fille-noeud-velours-vert-1.jpg 864w\" sizes=\"(max-width: 600px) 100vw, 600px\" \/><\/a>\t<\/div><!-- .woo-entry-image-swap -->\n\n<ul class=\"woo-entry-inner clr\"><li class=\"image-wrap\">\n\t<div class=\"woo-entry-image-swap woo-entry-image clr\">\n\t\t<a href=\"https:\/\/voyagedelabaleine.fr\/it\/prodotto\/bloomer-bambina-con-fiocco-in-velluto-verde-scuro\/\" class=\"woocommerce-LoopProduct-link\"><img decoding=\"async\" width=\"600\" height=\"800\" src=\"https:\/\/voyagedelabaleine.fr\/wp-content\/uploads\/2025\/07\/bloomer-bebe-fille-noeud-velours-vert-600x800.jpg\" class=\"woo-entry-image-main\" alt=\"Bloomer bambina con fiocco in velluto &#8211; Verde scuro\" itemprop=\"image\" srcset=\"https:\/\/voyagedelabaleine.fr\/wp-content\/uploads\/2025\/07\/bloomer-bebe-fille-noeud-velours-vert-600x800.jpg 600w, https:\/\/voyagedelabaleine.fr\/wp-content\/uploads\/2025\/07\/bloomer-bebe-fille-noeud-velours-vert-225x300.jpg 225w, https:\/\/voyagedelabaleine.fr\/wp-content\/uploads\/2025\/07\/bloomer-bebe-fille-noeud-velours-vert-768x1024.jpg 768w, https:\/\/voyagedelabaleine.fr\/wp-content\/uploads\/2025\/07\/bloomer-bebe-fille-noeud-velours-vert.jpg 886w\" sizes=\"(max-width: 600px) 100vw, 600px\" \/><img decoding=\"async\" width=\"600\" height=\"800\" src=\"https:\/\/voyagedelabaleine.fr\/wp-content\/uploads\/2025\/07\/bloomer-bebe-fille-noeud-velours-vert-1-600x800.jpg\" class=\"woo-entry-image-secondary\" alt=\"Bloomer bambina con fiocco in velluto &#8211; Verde scuro\" itemprop=\"image\" srcset=\"https:\/\/voyagedelabaleine.fr\/wp-content\/uploads\/2025\/07\/bloomer-bebe-fille-noeud-velours-vert-1-600x800.jpg 600w, https:\/\/voyagedelabaleine.fr\/wp-content\/uploads\/2025\/07\/bloomer-bebe-fille-noeud-velours-vert-1-225x300.jpg 225w, https:\/\/voyagedelabaleine.fr\/wp-content\/uploads\/2025\/07\/bloomer-bebe-fille-noeud-velours-vert-1-768x1024.jpg 768w, https:\/\/voyagedelabaleine.fr\/wp-content\/uploads\/2025\/07\/bloomer-bebe-fille-noeud-velours-vert-1.jpg 864w\" sizes=\"(max-width: 600px) 100vw, 600px\" \/><\/a>\t<\/div><!-- .woo-entry-image-swap -->\n\n<\/li><li class=\"title\"><h2><a href=\"https:\/\/voyagedelabaleine.fr\/it\/prodotto\/bloomer-bambina-con-fiocco-in-velluto-verde-scuro\/\">Bloomer bambina con fiocco in velluto &#8211; Verde scuro<\/a><\/h2><\/li><li class=\"price-wrap\">\n\t<span class=\"price\"><span class=\"woocommerce-Price-amount amount\"><bdi>24<span class=\"woocommerce-Price-currencySymbol\">&euro;<\/span><\/bdi><\/span><\/span>\n<\/li><\/ul><\/div><!-- .product-inner .clr --><\/li>\n<li class=\"entry has-media col span_1_of_2 owp-content-center owp-thumbs-layout-vertical owp-btn-big owp-tabs-layout-vertical circle-sale product type-product post-32089 status-publish last instock product_cat-abbigliamento product_cat-bloomer-short-pantaloni-nascita product_cat-bloomer-short-pantaloni-nascita-ragazzo product_cat-bloomer-short-pantaloni-neonati product_cat-bloomer-short-pantaloni-neonato has-post-thumbnail taxable shipping-taxable purchasable product-type-variable has-default-attributes\">\n\t<div class=\"product-inner clr\">\n\t<div class=\"woo-entry-image-swap woo-entry-image clr\">\n\t\t<a href=\"https:\/\/voyagedelabaleine.fr\/it\/prodotto\/bloomer-neonato-in-velluto-a-coste-verde-scuro\/\" class=\"woocommerce-LoopProduct-link\"><img decoding=\"async\" width=\"600\" height=\"800\" src=\"https:\/\/voyagedelabaleine.fr\/wp-content\/uploads\/2025\/07\/bloomer-bebe-garcon-velours-vert-600x800.jpg\" class=\"woo-entry-image-main\" alt=\"Bloomer neonato in velluto a coste &#8211; Verde scuro\" itemprop=\"image\" srcset=\"https:\/\/voyagedelabaleine.fr\/wp-content\/uploads\/2025\/07\/bloomer-bebe-garcon-velours-vert-600x800.jpg 600w, https:\/\/voyagedelabaleine.fr\/wp-content\/uploads\/2025\/07\/bloomer-bebe-garcon-velours-vert-225x300.jpg 225w, https:\/\/voyagedelabaleine.fr\/wp-content\/uploads\/2025\/07\/bloomer-bebe-garcon-velours-vert-768x1024.jpg 768w, https:\/\/voyagedelabaleine.fr\/wp-content\/uploads\/2025\/07\/bloomer-bebe-garcon-velours-vert.jpg 817w\" sizes=\"(max-width: 600px) 100vw, 600px\" \/><img decoding=\"async\" width=\"528\" height=\"704\" src=\"https:\/\/voyagedelabaleine.fr\/wp-content\/uploads\/2025\/07\/bloomer-bebe-garcon-velours-vert-1.jpg\" class=\"woo-entry-image-secondary\" alt=\"Bloomer neonato in velluto a coste &#8211; Verde scuro\" itemprop=\"image\" srcset=\"https:\/\/voyagedelabaleine.fr\/wp-content\/uploads\/2025\/07\/bloomer-bebe-garcon-velours-vert-1.jpg 528w, https:\/\/voyagedelabaleine.fr\/wp-content\/uploads\/2025\/07\/bloomer-bebe-garcon-velours-vert-1-225x300.jpg 225w\" sizes=\"(max-width: 528px) 100vw, 528px\" \/><\/a>\t<\/div><!-- .woo-entry-image-swap -->\n\n<ul class=\"woo-entry-inner clr\"><li class=\"image-wrap\">\n\t<div class=\"woo-entry-image-swap woo-entry-image clr\">\n\t\t<a href=\"https:\/\/voyagedelabaleine.fr\/it\/prodotto\/bloomer-neonato-in-velluto-a-coste-verde-scuro\/\" class=\"woocommerce-LoopProduct-link\"><img decoding=\"async\" width=\"600\" height=\"800\" src=\"https:\/\/voyagedelabaleine.fr\/wp-content\/uploads\/2025\/07\/bloomer-bebe-garcon-velours-vert-600x800.jpg\" class=\"woo-entry-image-main\" alt=\"Bloomer neonato in velluto a coste &#8211; Verde scuro\" itemprop=\"image\" srcset=\"https:\/\/voyagedelabaleine.fr\/wp-content\/uploads\/2025\/07\/bloomer-bebe-garcon-velours-vert-600x800.jpg 600w, https:\/\/voyagedelabaleine.fr\/wp-content\/uploads\/2025\/07\/bloomer-bebe-garcon-velours-vert-225x300.jpg 225w, https:\/\/voyagedelabaleine.fr\/wp-content\/uploads\/2025\/07\/bloomer-bebe-garcon-velours-vert-768x1024.jpg 768w, https:\/\/voyagedelabaleine.fr\/wp-content\/uploads\/2025\/07\/bloomer-bebe-garcon-velours-vert.jpg 817w\" sizes=\"(max-width: 600px) 100vw, 600px\" \/><img decoding=\"async\" width=\"528\" height=\"704\" src=\"https:\/\/voyagedelabaleine.fr\/wp-content\/uploads\/2025\/07\/bloomer-bebe-garcon-velours-vert-1.jpg\" class=\"woo-entry-image-secondary\" alt=\"Bloomer neonato in velluto a coste &#8211; Verde scuro\" itemprop=\"image\" srcset=\"https:\/\/voyagedelabaleine.fr\/wp-content\/uploads\/2025\/07\/bloomer-bebe-garcon-velours-vert-1.jpg 528w, https:\/\/voyagedelabaleine.fr\/wp-content\/uploads\/2025\/07\/bloomer-bebe-garcon-velours-vert-1-225x300.jpg 225w\" sizes=\"(max-width: 528px) 100vw, 528px\" \/><\/a>\t<\/div><!-- .woo-entry-image-swap -->\n\n<\/li><li class=\"title\"><h2><a href=\"https:\/\/voyagedelabaleine.fr\/it\/prodotto\/bloomer-neonato-in-velluto-a-coste-verde-scuro\/\">Bloomer neonato in velluto a coste &#8211; Verde scuro<\/a><\/h2><\/li><li class=\"price-wrap\">\n\t<span class=\"price\"><span class=\"woocommerce-Price-amount amount\"><bdi>24<span class=\"woocommerce-Price-currencySymbol\">&euro;<\/span><\/bdi><\/span><\/span>\n<\/li><\/ul><\/div><!-- .product-inner .clr --><\/li>\n<\/ul>\n<\/div><\/div>\n\t\t\t\t\t\t<\/div>\n\t\t\t\t<\/div>\n\t\t<div class=\"elementor-element elementor-element-a7d58a9 e-con-full e-flex e-con e-parent\" data-id=\"a7d58a9\" data-element_type=\"container\" data-e-type=\"container\">\n\t\t\t\t<div class=\"elementor-element elementor-element-e358a15 elementor-widget-divider--separator-type-pattern elementor-widget-divider--view-line elementor-widget elementor-widget-divider\" data-id=\"e358a15\" data-element_type=\"widget\" data-e-type=\"widget\" data-widget_type=\"divider.default\">\n\t\t\t\t\t\t\t<div class=\"elementor-divider\" style=\"--divider-pattern-url: url(&quot;data:image\/svg+xml,%3Csvg xmlns=&#039;http:\/\/www.w3.org\/2000\/svg&#039; preserveAspectRatio=&#039;none&#039; overflow=&#039;visible&#039; height=&#039;100%&#039; viewBox=&#039;0 0 24 24&#039; fill=&#039;black&#039; stroke=&#039;none&#039;%3E%3Cpath d=&#039;M12.7,2.3c-0.4-0.4-1.1-0.4-1.5,0l-8,9.1c-0.3,0.4-0.3,0.9,0,1.2l8,9.1c0.4,0.4,1.1,0.4,1.5,0l8-9.1c0.3-0.4,0.3-0.9,0-1.2L12.7,2.3z&#039;\/%3E%3C\/svg%3E&quot;);\">\n\t\t\t<span class=\"elementor-divider-separator\">\n\t\t\t\t\t\t<\/span>\n\t\t<\/div>\n\t\t\t\t\t\t<\/div>\n\t\t<div class=\"elementor-element elementor-element-88c8f79 e-grid e-con-full e-con e-child\" data-id=\"88c8f79\" data-element_type=\"container\" data-e-type=\"container\">\n\t\t<div class=\"elementor-element elementor-element-abbf958 e-con-full e-flex e-con e-child\" data-id=\"abbf958\" data-element_type=\"container\" data-e-type=\"container\">\n\t\t\t\t<div class=\"elementor-element elementor-element-c84b2bd elementor-widget elementor-widget-heading\" data-id=\"c84b2bd\" data-element_type=\"widget\" data-e-type=\"widget\" data-widget_type=\"heading.default\">\n\t\t\t\t\t<h2 class=\"elementor-heading-title elementor-size-default\">Campagna &amp; eleganza<\/h2>\t\t\t\t<\/div>\n\t\t\t\t<\/div>\n\t\t\t\t<\/div>\n\t\t\t\t<\/div>\n\t\t<div class=\"elementor-element elementor-element-ef70ad7 e-con-full e-flex e-con e-parent\" data-id=\"ef70ad7\" data-element_type=\"container\" data-e-type=\"container\">\n\t\t\t\t<div class=\"elementor-element elementor-element-a196945 elementor-widget elementor-widget-shortcode\" data-id=\"a196945\" data-element_type=\"widget\" data-e-type=\"widget\" data-widget_type=\"shortcode.default\">\n\t\t\t\t\t\t\t<div class=\"elementor-shortcode\"><div class=\"woocommerce columns-3 \">\r\n<ul class=\"products oceanwp-row clr grid tablet-col tablet-2-col mobile-col mobile-2-col\">\r\n<li class=\"entry has-media col span_1_of_3 owp-content-center owp-thumbs-layout-vertical owp-btn-big owp-tabs-layout-vertical circle-sale product type-product post-32026 status-publish first instock product_cat-abbigliamento product_cat-pagliaccetto-salopette-nascita product_cat-pagliaccetto-salopette-nascita-ragazza product_cat-pagliaccetto-salopette-nascita-ragazzo product_cat-pagliaccetto-salopette-neonata product_cat-pagliaccetto-salopette-neonati product_cat-pagliaccetto-salopette-neonato has-post-thumbnail taxable shipping-taxable purchasable product-type-variable has-default-attributes\">\n\t<div class=\"product-inner clr\">\n\t<div class=\"woo-entry-image-swap woo-entry-image clr\">\n\t\t<a href=\"https:\/\/voyagedelabaleine.fr\/it\/prodotto\/pagliaccetto-a-quadretti-unisex-per-neonato-verde-cammello\/\" class=\"woocommerce-LoopProduct-link\"><img decoding=\"async\" width=\"600\" height=\"800\" src=\"https:\/\/voyagedelabaleine.fr\/wp-content\/uploads\/2025\/07\/barboteuse-bebe-mixte-carreaux-1-600x800.jpg\" class=\"woo-entry-image-main\" alt=\"Pagliaccetto a quadretti unisex per neonato &#8211; Verde\/cammello\" itemprop=\"image\" srcset=\"https:\/\/voyagedelabaleine.fr\/wp-content\/uploads\/2025\/07\/barboteuse-bebe-mixte-carreaux-1-600x800.jpg 600w, https:\/\/voyagedelabaleine.fr\/wp-content\/uploads\/2025\/07\/barboteuse-bebe-mixte-carreaux-1-225x300.jpg 225w, https:\/\/voyagedelabaleine.fr\/wp-content\/uploads\/2025\/07\/barboteuse-bebe-mixte-carreaux-1-768x1023.jpg 768w, https:\/\/voyagedelabaleine.fr\/wp-content\/uploads\/2025\/07\/barboteuse-bebe-mixte-carreaux-1-1153x1536.jpg 1153w, https:\/\/voyagedelabaleine.fr\/wp-content\/uploads\/2025\/07\/barboteuse-bebe-mixte-carreaux-1.jpg 1200w\" sizes=\"(max-width: 600px) 100vw, 600px\" \/><img decoding=\"async\" width=\"600\" height=\"800\" src=\"https:\/\/voyagedelabaleine.fr\/wp-content\/uploads\/2025\/07\/barboteuse-bebe-mixte-carreaux-2-600x800.jpg\" class=\"woo-entry-image-secondary\" alt=\"Pagliaccetto a quadretti unisex per neonato &#8211; Verde\/cammello\" itemprop=\"image\" srcset=\"https:\/\/voyagedelabaleine.fr\/wp-content\/uploads\/2025\/07\/barboteuse-bebe-mixte-carreaux-2-600x800.jpg 600w, https:\/\/voyagedelabaleine.fr\/wp-content\/uploads\/2025\/07\/barboteuse-bebe-mixte-carreaux-2-225x300.jpg 225w, https:\/\/voyagedelabaleine.fr\/wp-content\/uploads\/2025\/07\/barboteuse-bebe-mixte-carreaux-2-768x1024.jpg 768w, https:\/\/voyagedelabaleine.fr\/wp-content\/uploads\/2025\/07\/barboteuse-bebe-mixte-carreaux-2.jpg 900w\" sizes=\"(max-width: 600px) 100vw, 600px\" \/><\/a>\t<\/div><!-- .woo-entry-image-swap -->\n\n<ul class=\"woo-entry-inner clr\"><li class=\"image-wrap\">\n\t<div class=\"woo-entry-image-swap woo-entry-image clr\">\n\t\t<a href=\"https:\/\/voyagedelabaleine.fr\/it\/prodotto\/pagliaccetto-a-quadretti-unisex-per-neonato-verde-cammello\/\" class=\"woocommerce-LoopProduct-link\"><img decoding=\"async\" width=\"600\" height=\"800\" src=\"https:\/\/voyagedelabaleine.fr\/wp-content\/uploads\/2025\/07\/barboteuse-bebe-mixte-carreaux-1-600x800.jpg\" class=\"woo-entry-image-main\" alt=\"Pagliaccetto a quadretti unisex per neonato &#8211; Verde\/cammello\" itemprop=\"image\" srcset=\"https:\/\/voyagedelabaleine.fr\/wp-content\/uploads\/2025\/07\/barboteuse-bebe-mixte-carreaux-1-600x800.jpg 600w, https:\/\/voyagedelabaleine.fr\/wp-content\/uploads\/2025\/07\/barboteuse-bebe-mixte-carreaux-1-225x300.jpg 225w, https:\/\/voyagedelabaleine.fr\/wp-content\/uploads\/2025\/07\/barboteuse-bebe-mixte-carreaux-1-768x1023.jpg 768w, https:\/\/voyagedelabaleine.fr\/wp-content\/uploads\/2025\/07\/barboteuse-bebe-mixte-carreaux-1-1153x1536.jpg 1153w, https:\/\/voyagedelabaleine.fr\/wp-content\/uploads\/2025\/07\/barboteuse-bebe-mixte-carreaux-1.jpg 1200w\" sizes=\"(max-width: 600px) 100vw, 600px\" \/><img decoding=\"async\" width=\"600\" height=\"800\" src=\"https:\/\/voyagedelabaleine.fr\/wp-content\/uploads\/2025\/07\/barboteuse-bebe-mixte-carreaux-2-600x800.jpg\" class=\"woo-entry-image-secondary\" alt=\"Pagliaccetto a quadretti unisex per neonato &#8211; Verde\/cammello\" itemprop=\"image\" srcset=\"https:\/\/voyagedelabaleine.fr\/wp-content\/uploads\/2025\/07\/barboteuse-bebe-mixte-carreaux-2-600x800.jpg 600w, https:\/\/voyagedelabaleine.fr\/wp-content\/uploads\/2025\/07\/barboteuse-bebe-mixte-carreaux-2-225x300.jpg 225w, https:\/\/voyagedelabaleine.fr\/wp-content\/uploads\/2025\/07\/barboteuse-bebe-mixte-carreaux-2-768x1024.jpg 768w, https:\/\/voyagedelabaleine.fr\/wp-content\/uploads\/2025\/07\/barboteuse-bebe-mixte-carreaux-2.jpg 900w\" sizes=\"(max-width: 600px) 100vw, 600px\" \/><\/a>\t<\/div><!-- .woo-entry-image-swap -->\n\n<\/li><li class=\"title\"><h2><a href=\"https:\/\/voyagedelabaleine.fr\/it\/prodotto\/pagliaccetto-a-quadretti-unisex-per-neonato-verde-cammello\/\">Pagliaccetto a quadretti unisex per neonato &#8211; Verde\/cammello<\/a><\/h2><\/li><li class=\"price-wrap\">\n\t<span class=\"price\"><span class=\"woocommerce-Price-amount amount\"><bdi>62<span class=\"woocommerce-Price-currencySymbol\">&euro;<\/span><\/bdi><\/span><\/span>\n<\/li><\/ul><\/div><!-- .product-inner .clr --><\/li>\n<li class=\"entry has-media col span_1_of_3 owp-content-center owp-thumbs-layout-vertical owp-btn-big owp-tabs-layout-vertical circle-sale product type-product post-29851 status-publish instock product_cat-abbigliamento product_cat-bloomer-short-pantaloni-neonati product_cat-bloomer-short-pantaloni-neonato product_cat-blusa-camicia-bambini product_cat-blusa-camicia-bambino product_cat-blusa-camicia-neonati product_cat-blusa-camicia-neonato product_cat-completi-neonati product_cat-completi-neonato product_cat-completo-salopette-bambini product_cat-completo-salopette-bambino product_cat-pantaloni-short-bambini product_cat-pantaloni-short-bambino has-post-thumbnail taxable shipping-taxable purchasable product-type-variable has-default-attributes\">\n\t<div class=\"product-inner clr\">\n\t<div class=\"woo-entry-image-swap woo-entry-image clr\">\n\t\t<a href=\"https:\/\/voyagedelabaleine.fr\/it\/prodotto\/completo-bambino-camicia-a-quadri-e-pantaloni-verde-cammello\/\" class=\"woocommerce-LoopProduct-link\"><img decoding=\"async\" width=\"600\" height=\"800\" src=\"https:\/\/voyagedelabaleine.fr\/wp-content\/uploads\/2025\/07\/ensemble-garcon-chemise-carreaux-pantalon-4-600x800.jpg\" class=\"woo-entry-image-main\" alt=\"Completo bambino camicia a quadri e pantaloni &#8211; Verde\/cammello\" itemprop=\"image\" srcset=\"https:\/\/voyagedelabaleine.fr\/wp-content\/uploads\/2025\/07\/ensemble-garcon-chemise-carreaux-pantalon-4-600x800.jpg 600w, https:\/\/voyagedelabaleine.fr\/wp-content\/uploads\/2025\/07\/ensemble-garcon-chemise-carreaux-pantalon-4-225x300.jpg 225w, https:\/\/voyagedelabaleine.fr\/wp-content\/uploads\/2025\/07\/ensemble-garcon-chemise-carreaux-pantalon-4-768x1024.jpg 768w, https:\/\/voyagedelabaleine.fr\/wp-content\/uploads\/2025\/07\/ensemble-garcon-chemise-carreaux-pantalon-4.jpg 1000w\" sizes=\"(max-width: 600px) 100vw, 600px\" \/><img decoding=\"async\" width=\"600\" height=\"800\" src=\"https:\/\/voyagedelabaleine.fr\/wp-content\/uploads\/2025\/07\/ensemble-garcon-chemise-carreaux-pantalon-600x800.jpg\" class=\"woo-entry-image-secondary\" alt=\"Completo bambino camicia a quadri e pantaloni &#8211; Verde\/cammello\" itemprop=\"image\" srcset=\"https:\/\/voyagedelabaleine.fr\/wp-content\/uploads\/2025\/07\/ensemble-garcon-chemise-carreaux-pantalon-600x800.jpg 600w, https:\/\/voyagedelabaleine.fr\/wp-content\/uploads\/2025\/07\/ensemble-garcon-chemise-carreaux-pantalon-225x300.jpg 225w, https:\/\/voyagedelabaleine.fr\/wp-content\/uploads\/2025\/07\/ensemble-garcon-chemise-carreaux-pantalon-768x1024.jpg 768w, https:\/\/voyagedelabaleine.fr\/wp-content\/uploads\/2025\/07\/ensemble-garcon-chemise-carreaux-pantalon-1152x1536.jpg 1152w, https:\/\/voyagedelabaleine.fr\/wp-content\/uploads\/2025\/07\/ensemble-garcon-chemise-carreaux-pantalon.jpg 1223w\" sizes=\"(max-width: 600px) 100vw, 600px\" \/><\/a>\t<\/div><!-- .woo-entry-image-swap -->\n\n<ul class=\"woo-entry-inner clr\"><li class=\"image-wrap\">\n\t<div class=\"woo-entry-image-swap woo-entry-image clr\">\n\t\t<a href=\"https:\/\/voyagedelabaleine.fr\/it\/prodotto\/completo-bambino-camicia-a-quadri-e-pantaloni-verde-cammello\/\" class=\"woocommerce-LoopProduct-link\"><img decoding=\"async\" width=\"600\" height=\"800\" src=\"https:\/\/voyagedelabaleine.fr\/wp-content\/uploads\/2025\/07\/ensemble-garcon-chemise-carreaux-pantalon-4-600x800.jpg\" class=\"woo-entry-image-main\" alt=\"Completo bambino camicia a quadri e pantaloni &#8211; Verde\/cammello\" itemprop=\"image\" srcset=\"https:\/\/voyagedelabaleine.fr\/wp-content\/uploads\/2025\/07\/ensemble-garcon-chemise-carreaux-pantalon-4-600x800.jpg 600w, https:\/\/voyagedelabaleine.fr\/wp-content\/uploads\/2025\/07\/ensemble-garcon-chemise-carreaux-pantalon-4-225x300.jpg 225w, https:\/\/voyagedelabaleine.fr\/wp-content\/uploads\/2025\/07\/ensemble-garcon-chemise-carreaux-pantalon-4-768x1024.jpg 768w, https:\/\/voyagedelabaleine.fr\/wp-content\/uploads\/2025\/07\/ensemble-garcon-chemise-carreaux-pantalon-4.jpg 1000w\" sizes=\"(max-width: 600px) 100vw, 600px\" \/><img decoding=\"async\" width=\"600\" height=\"800\" src=\"https:\/\/voyagedelabaleine.fr\/wp-content\/uploads\/2025\/07\/ensemble-garcon-chemise-carreaux-pantalon-600x800.jpg\" class=\"woo-entry-image-secondary\" alt=\"Completo bambino camicia a quadri e pantaloni &#8211; Verde\/cammello\" itemprop=\"image\" srcset=\"https:\/\/voyagedelabaleine.fr\/wp-content\/uploads\/2025\/07\/ensemble-garcon-chemise-carreaux-pantalon-600x800.jpg 600w, https:\/\/voyagedelabaleine.fr\/wp-content\/uploads\/2025\/07\/ensemble-garcon-chemise-carreaux-pantalon-225x300.jpg 225w, https:\/\/voyagedelabaleine.fr\/wp-content\/uploads\/2025\/07\/ensemble-garcon-chemise-carreaux-pantalon-768x1024.jpg 768w, https:\/\/voyagedelabaleine.fr\/wp-content\/uploads\/2025\/07\/ensemble-garcon-chemise-carreaux-pantalon-1152x1536.jpg 1152w, https:\/\/voyagedelabaleine.fr\/wp-content\/uploads\/2025\/07\/ensemble-garcon-chemise-carreaux-pantalon.jpg 1223w\" sizes=\"(max-width: 600px) 100vw, 600px\" \/><\/a>\t<\/div><!-- .woo-entry-image-swap -->\n\n<\/li><li class=\"title\"><h2><a href=\"https:\/\/voyagedelabaleine.fr\/it\/prodotto\/completo-bambino-camicia-a-quadri-e-pantaloni-verde-cammello\/\">Completo bambino camicia a quadri e pantaloni &#8211; Verde\/cammello<\/a><\/h2><\/li><li class=\"price-wrap\">\n\t<span class=\"price\"><span class=\"woocommerce-Price-amount amount\"><bdi>68<span class=\"woocommerce-Price-currencySymbol\">&euro;<\/span><\/bdi><\/span><\/span>\n<\/li><\/ul><\/div><!-- .product-inner .clr --><\/li>\n<li class=\"entry has-media col span_1_of_3 owp-content-center owp-thumbs-layout-vertical owp-btn-big owp-tabs-layout-vertical circle-sale product type-product post-33012 status-publish last instock product_cat-blusa-camicia-bambini product_cat-blusa-camicia-bambino product_cat-blusa-camicia-neonati product_cat-blusa-camicia-neonato product_cat-completi-neonati product_cat-completi-neonato product_cat-completo-salopette-bambini product_cat-completo-salopette-bambino product_cat-pagliaccetto-salopette-neonati product_cat-pagliaccetto-salopette-neonato has-post-thumbnail taxable shipping-taxable purchasable product-type-variable has-default-attributes\">\n\t<div class=\"product-inner clr\">\n\t<div class=\"woo-entry-image-swap woo-entry-image clr\">\n\t\t<a href=\"https:\/\/voyagedelabaleine.fr\/it\/prodotto\/completo-salopette-e-blusa-a-quadri-verde-cammello\/\" class=\"woocommerce-LoopProduct-link\"><img decoding=\"async\" width=\"600\" height=\"800\" src=\"https:\/\/voyagedelabaleine.fr\/wp-content\/uploads\/2025\/07\/ensemble-salopette-blouse-carreaux-2-600x800.jpg\" class=\"woo-entry-image-main\" alt=\"Completo salopette e blusa a quadri &#8211; Verde\/cammello\" itemprop=\"image\" srcset=\"https:\/\/voyagedelabaleine.fr\/wp-content\/uploads\/2025\/07\/ensemble-salopette-blouse-carreaux-2-600x800.jpg 600w, https:\/\/voyagedelabaleine.fr\/wp-content\/uploads\/2025\/07\/ensemble-salopette-blouse-carreaux-2-225x300.jpg 225w, https:\/\/voyagedelabaleine.fr\/wp-content\/uploads\/2025\/07\/ensemble-salopette-blouse-carreaux-2-768x1024.jpg 768w, https:\/\/voyagedelabaleine.fr\/wp-content\/uploads\/2025\/07\/ensemble-salopette-blouse-carreaux-2-1152x1536.jpg 1152w, https:\/\/voyagedelabaleine.fr\/wp-content\/uploads\/2025\/07\/ensemble-salopette-blouse-carreaux-2.jpg 1200w\" sizes=\"(max-width: 600px) 100vw, 600px\" \/><img decoding=\"async\" width=\"600\" height=\"800\" src=\"https:\/\/voyagedelabaleine.fr\/wp-content\/uploads\/2025\/07\/ensemble-salopette-blouse-carreaux-1-600x800.jpg\" class=\"woo-entry-image-secondary\" alt=\"Completo salopette e blusa a quadri &#8211; Verde\/cammello\" itemprop=\"image\" srcset=\"https:\/\/voyagedelabaleine.fr\/wp-content\/uploads\/2025\/07\/ensemble-salopette-blouse-carreaux-1-600x801.jpg 600w, https:\/\/voyagedelabaleine.fr\/wp-content\/uploads\/2025\/07\/ensemble-salopette-blouse-carreaux-1-225x300.jpg 225w, https:\/\/voyagedelabaleine.fr\/wp-content\/uploads\/2025\/07\/ensemble-salopette-blouse-carreaux-1-767x1024.jpg 767w, https:\/\/voyagedelabaleine.fr\/wp-content\/uploads\/2025\/07\/ensemble-salopette-blouse-carreaux-1-768x1025.jpg 768w, https:\/\/voyagedelabaleine.fr\/wp-content\/uploads\/2025\/07\/ensemble-salopette-blouse-carreaux-1.jpg 900w\" sizes=\"(max-width: 600px) 100vw, 600px\" \/><\/a>\t<\/div><!-- .woo-entry-image-swap -->\n\n<ul class=\"woo-entry-inner clr\"><li class=\"image-wrap\">\n\t<div class=\"woo-entry-image-swap woo-entry-image clr\">\n\t\t<a href=\"https:\/\/voyagedelabaleine.fr\/it\/prodotto\/completo-salopette-e-blusa-a-quadri-verde-cammello\/\" class=\"woocommerce-LoopProduct-link\"><img decoding=\"async\" width=\"600\" height=\"800\" src=\"https:\/\/voyagedelabaleine.fr\/wp-content\/uploads\/2025\/07\/ensemble-salopette-blouse-carreaux-2-600x800.jpg\" class=\"woo-entry-image-main\" alt=\"Completo salopette e blusa a quadri &#8211; Verde\/cammello\" itemprop=\"image\" srcset=\"https:\/\/voyagedelabaleine.fr\/wp-content\/uploads\/2025\/07\/ensemble-salopette-blouse-carreaux-2-600x800.jpg 600w, https:\/\/voyagedelabaleine.fr\/wp-content\/uploads\/2025\/07\/ensemble-salopette-blouse-carreaux-2-225x300.jpg 225w, https:\/\/voyagedelabaleine.fr\/wp-content\/uploads\/2025\/07\/ensemble-salopette-blouse-carreaux-2-768x1024.jpg 768w, https:\/\/voyagedelabaleine.fr\/wp-content\/uploads\/2025\/07\/ensemble-salopette-blouse-carreaux-2-1152x1536.jpg 1152w, https:\/\/voyagedelabaleine.fr\/wp-content\/uploads\/2025\/07\/ensemble-salopette-blouse-carreaux-2.jpg 1200w\" sizes=\"(max-width: 600px) 100vw, 600px\" \/><img decoding=\"async\" width=\"600\" height=\"800\" src=\"https:\/\/voyagedelabaleine.fr\/wp-content\/uploads\/2025\/07\/ensemble-salopette-blouse-carreaux-1-600x800.jpg\" class=\"woo-entry-image-secondary\" alt=\"Completo salopette e blusa a quadri &#8211; Verde\/cammello\" itemprop=\"image\" srcset=\"https:\/\/voyagedelabaleine.fr\/wp-content\/uploads\/2025\/07\/ensemble-salopette-blouse-carreaux-1-600x801.jpg 600w, https:\/\/voyagedelabaleine.fr\/wp-content\/uploads\/2025\/07\/ensemble-salopette-blouse-carreaux-1-225x300.jpg 225w, https:\/\/voyagedelabaleine.fr\/wp-content\/uploads\/2025\/07\/ensemble-salopette-blouse-carreaux-1-767x1024.jpg 767w, https:\/\/voyagedelabaleine.fr\/wp-content\/uploads\/2025\/07\/ensemble-salopette-blouse-carreaux-1-768x1025.jpg 768w, https:\/\/voyagedelabaleine.fr\/wp-content\/uploads\/2025\/07\/ensemble-salopette-blouse-carreaux-1.jpg 900w\" sizes=\"(max-width: 600px) 100vw, 600px\" \/><\/a>\t<\/div><!-- .woo-entry-image-swap -->\n\n<\/li><li class=\"title\"><h2><a href=\"https:\/\/voyagedelabaleine.fr\/it\/prodotto\/completo-salopette-e-blusa-a-quadri-verde-cammello\/\">Completo salopette e blusa a quadri &#8211; Verde\/cammello<\/a><\/h2><\/li><li class=\"price-wrap\">\n\t<span class=\"price\"><span class=\"woocommerce-Price-amount amount\"><bdi>68<span class=\"woocommerce-Price-currencySymbol\">&euro;<\/span><\/bdi><\/span><\/span>\n<\/li><\/ul><\/div><!-- .product-inner .clr --><\/li>\n<\/ul>\n<\/div><\/div>\n\t\t\t\t\t\t<\/div>\n\t\t\t\t<\/div>\n\t\t<div class=\"elementor-element elementor-element-d5e461b e-con-full e-flex e-con e-parent\" data-id=\"d5e461b\" data-element_type=\"container\" data-e-type=\"container\">\n\t\t\t\t<div class=\"elementor-element elementor-element-c409968 elementor-widget-divider--separator-type-pattern elementor-widget-divider--view-line elementor-widget elementor-widget-divider\" data-id=\"c409968\" data-element_type=\"widget\" data-e-type=\"widget\" data-widget_type=\"divider.default\">\n\t\t\t\t\t\t\t<div class=\"elementor-divider\" style=\"--divider-pattern-url: url(&quot;data:image\/svg+xml,%3Csvg xmlns=&#039;http:\/\/www.w3.org\/2000\/svg&#039; preserveAspectRatio=&#039;none&#039; overflow=&#039;visible&#039; height=&#039;100%&#039; viewBox=&#039;0 0 24 24&#039; fill=&#039;black&#039; stroke=&#039;none&#039;%3E%3Cpath d=&#039;M12.7,2.3c-0.4-0.4-1.1-0.4-1.5,0l-8,9.1c-0.3,0.4-0.3,0.9,0,1.2l8,9.1c0.4,0.4,1.1,0.4,1.5,0l8-9.1c0.3-0.4,0.3-0.9,0-1.2L12.7,2.3z&#039;\/%3E%3C\/svg%3E&quot;);\">\n\t\t\t<span class=\"elementor-divider-separator\">\n\t\t\t\t\t\t<\/span>\n\t\t<\/div>\n\t\t\t\t\t\t<\/div>\n\t\t<div class=\"elementor-element elementor-element-4b8624b e-grid e-con-full e-con e-child\" data-id=\"4b8624b\" data-element_type=\"container\" data-e-type=\"container\">\n\t\t<div class=\"elementor-element elementor-element-cca67e8 e-con-full e-flex e-con e-child\" data-id=\"cca67e8\" data-element_type=\"container\" data-e-type=\"container\">\n\t\t\t\t<div class=\"elementor-element elementor-element-835f220 elementor-widget elementor-widget-heading\" data-id=\"835f220\" data-element_type=\"widget\" data-e-type=\"widget\" data-widget_type=\"heading.default\">\n\t\t\t\t\t<h2 class=\"elementor-heading-title elementor-size-default\">Dolcezza e carattere<\/h2>\t\t\t\t<\/div>\n\t\t\t\t<\/div>\n\t\t\t\t<\/div>\n\t\t\t\t<\/div>\n\t\t<div class=\"elementor-element elementor-element-34ad6ca e-con-full e-flex e-con e-parent\" data-id=\"34ad6ca\" data-element_type=\"container\" data-e-type=\"container\">\n\t\t\t\t<div class=\"elementor-element elementor-element-dedc961 elementor-widget elementor-widget-shortcode\" data-id=\"dedc961\" data-element_type=\"widget\" data-e-type=\"widget\" data-widget_type=\"shortcode.default\">\n\t\t\t\t\t\t\t<div class=\"elementor-shortcode\"><div class=\"woocommerce columns-2 \">\r\n<ul class=\"products oceanwp-row clr grid tablet-col tablet-2-col mobile-col mobile-2-col\">\r\n<li class=\"entry has-media col span_1_of_2 owp-content-center owp-thumbs-layout-vertical owp-btn-big owp-tabs-layout-vertical circle-sale product type-product post-30179 status-publish first instock product_cat-abbigliamento product_cat-pagliaccetto-salopette-nascita product_cat-pagliaccetto-salopette-nascita-ragazzo product_cat-pagliaccetto-salopette-neonati product_cat-pagliaccetto-salopette-neonato has-post-thumbnail taxable shipping-taxable purchasable product-type-variable has-default-attributes\">\n\t<div class=\"product-inner clr\">\n\t<div class=\"woo-entry-image-swap woo-entry-image clr\">\n\t\t<a href=\"https:\/\/voyagedelabaleine.fr\/it\/prodotto\/pagliaccetto-neonato-a-quadri-grigio\/\" class=\"woocommerce-LoopProduct-link\"><img decoding=\"async\" width=\"600\" height=\"800\" src=\"https:\/\/voyagedelabaleine.fr\/wp-content\/uploads\/2025\/07\/barboteuse-grise-beige-600x800.jpg\" class=\"woo-entry-image-main\" alt=\"Pagliaccetto neonato a quadri &#8211; Grigio\" itemprop=\"image\" srcset=\"https:\/\/voyagedelabaleine.fr\/wp-content\/uploads\/2025\/07\/barboteuse-grise-beige-600x800.jpg 600w, https:\/\/voyagedelabaleine.fr\/wp-content\/uploads\/2025\/07\/barboteuse-grise-beige-225x300.jpg 225w, https:\/\/voyagedelabaleine.fr\/wp-content\/uploads\/2025\/07\/barboteuse-grise-beige-768x1024.jpg 768w, https:\/\/voyagedelabaleine.fr\/wp-content\/uploads\/2025\/07\/barboteuse-grise-beige.jpg 1000w\" sizes=\"(max-width: 600px) 100vw, 600px\" \/><img decoding=\"async\" width=\"600\" height=\"800\" src=\"https:\/\/voyagedelabaleine.fr\/wp-content\/uploads\/2025\/07\/barboteuse-bebe-garcon-carreaux-gris-600x800.jpg\" class=\"woo-entry-image-secondary\" alt=\"Pagliaccetto neonato a quadri &#8211; Grigio\" itemprop=\"image\" srcset=\"https:\/\/voyagedelabaleine.fr\/wp-content\/uploads\/2025\/07\/barboteuse-bebe-garcon-carreaux-gris-600x799.jpg 600w, https:\/\/voyagedelabaleine.fr\/wp-content\/uploads\/2025\/07\/barboteuse-bebe-garcon-carreaux-gris-225x300.jpg 225w, https:\/\/voyagedelabaleine.fr\/wp-content\/uploads\/2025\/07\/barboteuse-bebe-garcon-carreaux-gris.jpg 723w\" sizes=\"(max-width: 600px) 100vw, 600px\" \/><\/a>\t<\/div><!-- .woo-entry-image-swap -->\n\n<ul class=\"woo-entry-inner clr\"><li class=\"image-wrap\">\n\t<div class=\"woo-entry-image-swap woo-entry-image clr\">\n\t\t<a href=\"https:\/\/voyagedelabaleine.fr\/it\/prodotto\/pagliaccetto-neonato-a-quadri-grigio\/\" class=\"woocommerce-LoopProduct-link\"><img decoding=\"async\" width=\"600\" height=\"800\" src=\"https:\/\/voyagedelabaleine.fr\/wp-content\/uploads\/2025\/07\/barboteuse-grise-beige-600x800.jpg\" class=\"woo-entry-image-main\" alt=\"Pagliaccetto neonato a quadri &#8211; Grigio\" itemprop=\"image\" srcset=\"https:\/\/voyagedelabaleine.fr\/wp-content\/uploads\/2025\/07\/barboteuse-grise-beige-600x800.jpg 600w, https:\/\/voyagedelabaleine.fr\/wp-content\/uploads\/2025\/07\/barboteuse-grise-beige-225x300.jpg 225w, https:\/\/voyagedelabaleine.fr\/wp-content\/uploads\/2025\/07\/barboteuse-grise-beige-768x1024.jpg 768w, https:\/\/voyagedelabaleine.fr\/wp-content\/uploads\/2025\/07\/barboteuse-grise-beige.jpg 1000w\" sizes=\"(max-width: 600px) 100vw, 600px\" \/><img decoding=\"async\" width=\"600\" height=\"800\" src=\"https:\/\/voyagedelabaleine.fr\/wp-content\/uploads\/2025\/07\/barboteuse-bebe-garcon-carreaux-gris-600x800.jpg\" class=\"woo-entry-image-secondary\" alt=\"Pagliaccetto neonato a quadri &#8211; Grigio\" itemprop=\"image\" srcset=\"https:\/\/voyagedelabaleine.fr\/wp-content\/uploads\/2025\/07\/barboteuse-bebe-garcon-carreaux-gris-600x799.jpg 600w, https:\/\/voyagedelabaleine.fr\/wp-content\/uploads\/2025\/07\/barboteuse-bebe-garcon-carreaux-gris-225x300.jpg 225w, https:\/\/voyagedelabaleine.fr\/wp-content\/uploads\/2025\/07\/barboteuse-bebe-garcon-carreaux-gris.jpg 723w\" sizes=\"(max-width: 600px) 100vw, 600px\" \/><\/a>\t<\/div><!-- .woo-entry-image-swap -->\n\n<\/li><li class=\"title\"><h2><a href=\"https:\/\/voyagedelabaleine.fr\/it\/prodotto\/pagliaccetto-neonato-a-quadri-grigio\/\">Pagliaccetto neonato a quadri &#8211; Grigio<\/a><\/h2><\/li><li class=\"price-wrap\">\n\t<span class=\"price\"><span class=\"woocommerce-Price-amount amount\"><bdi>32<span class=\"woocommerce-Price-currencySymbol\">&euro;<\/span><\/bdi><\/span><\/span>\n<\/li><\/ul><\/div><!-- .product-inner .clr --><\/li>\n<li class=\"entry has-media col span_1_of_2 owp-content-center owp-thumbs-layout-vertical owp-btn-big owp-tabs-layout-vertical circle-sale product type-product post-32042 status-publish last instock product_cat-abbigliamento product_cat-pagliaccetto-salopette-nascita product_cat-pagliaccetto-salopette-nascita-ragazza product_cat-pagliaccetto-salopette-neonata product_cat-pagliaccetto-salopette-neonati has-post-thumbnail taxable shipping-taxable purchasable product-type-variable has-default-attributes\">\n\t<div class=\"product-inner clr\">\n\t<div class=\"woo-entry-image-swap woo-entry-image clr\">\n\t\t<a href=\"https:\/\/voyagedelabaleine.fr\/it\/prodotto\/pagliaccetto-neonata-a-quadri-e-colletto-ricamato-grigio\/\" class=\"woocommerce-LoopProduct-link\"><img decoding=\"async\" width=\"600\" height=\"800\" src=\"https:\/\/voyagedelabaleine.fr\/wp-content\/uploads\/2025\/07\/barboteuse-bebe-fille-carreaux-collerette-gris-1-600x800.jpg\" class=\"woo-entry-image-main\" alt=\"Pagliaccetto neonata a quadri e colletto ricamato &#8211; Grigio\" itemprop=\"image\" srcset=\"https:\/\/voyagedelabaleine.fr\/wp-content\/uploads\/2025\/07\/barboteuse-bebe-fille-carreaux-collerette-gris-1-600x801.jpg 600w, https:\/\/voyagedelabaleine.fr\/wp-content\/uploads\/2025\/07\/barboteuse-bebe-fille-carreaux-collerette-gris-1-225x300.jpg 225w, https:\/\/voyagedelabaleine.fr\/wp-content\/uploads\/2025\/07\/barboteuse-bebe-fille-carreaux-collerette-gris-1-767x1024.jpg 767w, https:\/\/voyagedelabaleine.fr\/wp-content\/uploads\/2025\/07\/barboteuse-bebe-fille-carreaux-collerette-gris-1-768x1025.jpg 768w, https:\/\/voyagedelabaleine.fr\/wp-content\/uploads\/2025\/07\/barboteuse-bebe-fille-carreaux-collerette-gris-1.jpg 834w\" sizes=\"(max-width: 600px) 100vw, 600px\" \/><img decoding=\"async\" width=\"600\" height=\"800\" src=\"https:\/\/voyagedelabaleine.fr\/wp-content\/uploads\/2025\/07\/barboteuse-bebe-fille-carreaux-collerette-gris-2-600x800.jpg\" class=\"woo-entry-image-secondary\" alt=\"Pagliaccetto neonata a quadri e colletto ricamato &#8211; Grigio\" itemprop=\"image\" srcset=\"https:\/\/voyagedelabaleine.fr\/wp-content\/uploads\/2025\/07\/barboteuse-bebe-fille-carreaux-collerette-gris-2-600x800.jpg 600w, https:\/\/voyagedelabaleine.fr\/wp-content\/uploads\/2025\/07\/barboteuse-bebe-fille-carreaux-collerette-gris-2-225x300.jpg 225w, https:\/\/voyagedelabaleine.fr\/wp-content\/uploads\/2025\/07\/barboteuse-bebe-fille-carreaux-collerette-gris-2.jpg 682w\" sizes=\"(max-width: 600px) 100vw, 600px\" \/><\/a>\t<\/div><!-- .woo-entry-image-swap -->\n\n<ul class=\"woo-entry-inner clr\"><li class=\"image-wrap\">\n\t<div class=\"woo-entry-image-swap woo-entry-image clr\">\n\t\t<a href=\"https:\/\/voyagedelabaleine.fr\/it\/prodotto\/pagliaccetto-neonata-a-quadri-e-colletto-ricamato-grigio\/\" class=\"woocommerce-LoopProduct-link\"><img decoding=\"async\" width=\"600\" height=\"800\" src=\"https:\/\/voyagedelabaleine.fr\/wp-content\/uploads\/2025\/07\/barboteuse-bebe-fille-carreaux-collerette-gris-1-600x800.jpg\" class=\"woo-entry-image-main\" alt=\"Pagliaccetto neonata a quadri e colletto ricamato &#8211; Grigio\" itemprop=\"image\" srcset=\"https:\/\/voyagedelabaleine.fr\/wp-content\/uploads\/2025\/07\/barboteuse-bebe-fille-carreaux-collerette-gris-1-600x801.jpg 600w, https:\/\/voyagedelabaleine.fr\/wp-content\/uploads\/2025\/07\/barboteuse-bebe-fille-carreaux-collerette-gris-1-225x300.jpg 225w, https:\/\/voyagedelabaleine.fr\/wp-content\/uploads\/2025\/07\/barboteuse-bebe-fille-carreaux-collerette-gris-1-767x1024.jpg 767w, https:\/\/voyagedelabaleine.fr\/wp-content\/uploads\/2025\/07\/barboteuse-bebe-fille-carreaux-collerette-gris-1-768x1025.jpg 768w, https:\/\/voyagedelabaleine.fr\/wp-content\/uploads\/2025\/07\/barboteuse-bebe-fille-carreaux-collerette-gris-1.jpg 834w\" sizes=\"(max-width: 600px) 100vw, 600px\" \/><img decoding=\"async\" width=\"600\" height=\"800\" src=\"https:\/\/voyagedelabaleine.fr\/wp-content\/uploads\/2025\/07\/barboteuse-bebe-fille-carreaux-collerette-gris-2-600x800.jpg\" class=\"woo-entry-image-secondary\" alt=\"Pagliaccetto neonata a quadri e colletto ricamato &#8211; Grigio\" itemprop=\"image\" srcset=\"https:\/\/voyagedelabaleine.fr\/wp-content\/uploads\/2025\/07\/barboteuse-bebe-fille-carreaux-collerette-gris-2-600x800.jpg 600w, https:\/\/voyagedelabaleine.fr\/wp-content\/uploads\/2025\/07\/barboteuse-bebe-fille-carreaux-collerette-gris-2-225x300.jpg 225w, https:\/\/voyagedelabaleine.fr\/wp-content\/uploads\/2025\/07\/barboteuse-bebe-fille-carreaux-collerette-gris-2.jpg 682w\" sizes=\"(max-width: 600px) 100vw, 600px\" \/><\/a>\t<\/div><!-- .woo-entry-image-swap -->\n\n<\/li><li class=\"title\"><h2><a href=\"https:\/\/voyagedelabaleine.fr\/it\/prodotto\/pagliaccetto-neonata-a-quadri-e-colletto-ricamato-grigio\/\">Pagliaccetto neonata a quadri e colletto ricamato &#8211; Grigio<\/a><\/h2><\/li><li class=\"price-wrap\">\n\t<span class=\"price\"><span class=\"woocommerce-Price-amount amount\"><bdi>48<span class=\"woocommerce-Price-currencySymbol\">&euro;<\/span><\/bdi><\/span><\/span>\n<\/li><\/ul><\/div><!-- .product-inner .clr --><\/li>\n<\/ul>\n<\/div><\/div>\n\t\t\t\t\t\t<\/div>\n\t\t\t\t<\/div>\n\t\t<div class=\"elementor-element elementor-element-b7832b1 e-con-full e-flex e-con e-parent\" data-id=\"b7832b1\" data-element_type=\"container\" data-e-type=\"container\">\n\t\t\t\t<div class=\"elementor-element elementor-element-6ff0771 elementor-widget-divider--separator-type-pattern elementor-widget-divider--view-line elementor-widget elementor-widget-divider\" data-id=\"6ff0771\" data-element_type=\"widget\" data-e-type=\"widget\" data-widget_type=\"divider.default\">\n\t\t\t\t\t\t\t<div class=\"elementor-divider\" style=\"--divider-pattern-url: url(&quot;data:image\/svg+xml,%3Csvg xmlns=&#039;http:\/\/www.w3.org\/2000\/svg&#039; preserveAspectRatio=&#039;none&#039; overflow=&#039;visible&#039; height=&#039;100%&#039; viewBox=&#039;0 0 24 24&#039; fill=&#039;black&#039; stroke=&#039;none&#039;%3E%3Cpath d=&#039;M12.7,2.3c-0.4-0.4-1.1-0.4-1.5,0l-8,9.1c-0.3,0.4-0.3,0.9,0,1.2l8,9.1c0.4,0.4,1.1,0.4,1.5,0l8-9.1c0.3-0.4,0.3-0.9,0-1.2L12.7,2.3z&#039;\/%3E%3C\/svg%3E&quot;);\">\n\t\t\t<span class=\"elementor-divider-separator\">\n\t\t\t\t\t\t<\/span>\n\t\t<\/div>\n\t\t\t\t\t\t<\/div>\n\t\t<div class=\"elementor-element elementor-element-344c51d e-grid e-con-full e-con e-child\" data-id=\"344c51d\" data-element_type=\"container\" data-e-type=\"container\">\n\t\t<div class=\"elementor-element elementor-element-5baa060 e-con-full e-flex e-con e-child\" data-id=\"5baa060\" data-element_type=\"container\" data-e-type=\"container\">\n\t\t\t\t<div class=\"elementor-element elementor-element-d135037 elementor-widget elementor-widget-heading\" data-id=\"d135037\" data-element_type=\"widget\" data-e-type=\"widget\" data-widget_type=\"heading.default\">\n\t\t\t\t\t<h2 class=\"elementor-heading-title elementor-size-default\">Fuga all\u2019aria aperta<\/h2>\t\t\t\t<\/div>\n\t\t\t\t<\/div>\n\t\t\t\t<\/div>\n\t\t\t\t<\/div>\n\t\t<div class=\"elementor-element elementor-element-5f5171a e-con-full e-flex e-con e-parent\" data-id=\"5f5171a\" data-element_type=\"container\" data-e-type=\"container\">\n\t\t\t\t<div class=\"elementor-element elementor-element-fcba81f elementor-widget elementor-widget-shortcode\" data-id=\"fcba81f\" data-element_type=\"widget\" data-e-type=\"widget\" data-widget_type=\"shortcode.default\">\n\t\t\t\t\t\t\t<div class=\"elementor-shortcode\"><div class=\"woocommerce columns-2 \">\r\n<ul class=\"products oceanwp-row clr grid tablet-col tablet-2-col mobile-col mobile-2-col\">\r\n<li class=\"entry has-media col span_1_of_2 owp-content-center owp-thumbs-layout-vertical owp-btn-big owp-tabs-layout-vertical circle-sale product type-product post-32720 status-publish first instock product_cat-abbigliamento product_cat-maglione-gilet-cardigan-bambini product_cat-maglione-gilet-cardigan-bambino product_cat-maglione-gilet-cardigan-neonati product_cat-maglione-gilet-cardigan-neonato has-post-thumbnail taxable shipping-taxable purchasable product-type-variable has-default-attributes\">\n\t<div class=\"product-inner clr\">\n\t<div class=\"woo-entry-image-swap woo-entry-image clr\">\n\t\t<a href=\"https:\/\/voyagedelabaleine.fr\/it\/prodotto\/maglione-bambino-blu-beige\/\" class=\"woocommerce-LoopProduct-link\"><img decoding=\"async\" width=\"600\" height=\"800\" src=\"https:\/\/voyagedelabaleine.fr\/wp-content\/uploads\/2025\/11\/pull-bicolore-bleu-beige-600x800.jpg\" class=\"woo-entry-image-main\" alt=\"Maglione bambino &#8211; Blu\/beige\" itemprop=\"image\" srcset=\"https:\/\/voyagedelabaleine.fr\/wp-content\/uploads\/2025\/11\/pull-bicolore-bleu-beige-600x800.jpg 600w, https:\/\/voyagedelabaleine.fr\/wp-content\/uploads\/2025\/11\/pull-bicolore-bleu-beige-225x300.jpg 225w, https:\/\/voyagedelabaleine.fr\/wp-content\/uploads\/2025\/11\/pull-bicolore-bleu-beige-768x1024.jpg 768w, https:\/\/voyagedelabaleine.fr\/wp-content\/uploads\/2025\/11\/pull-bicolore-bleu-beige-1152x1536.jpg 1152w, https:\/\/voyagedelabaleine.fr\/wp-content\/uploads\/2025\/11\/pull-bicolore-bleu-beige.jpg 1398w\" sizes=\"(max-width: 600px) 100vw, 600px\" \/><img decoding=\"async\" width=\"600\" height=\"800\" src=\"https:\/\/voyagedelabaleine.fr\/wp-content\/uploads\/2025\/11\/pull-bicolore-bleu-beige-2-600x800.jpg\" class=\"woo-entry-image-secondary\" alt=\"Maglione bambino &#8211; Blu\/beige\" itemprop=\"image\" srcset=\"https:\/\/voyagedelabaleine.fr\/wp-content\/uploads\/2025\/11\/pull-bicolore-bleu-beige-2-600x800.jpg 600w, https:\/\/voyagedelabaleine.fr\/wp-content\/uploads\/2025\/11\/pull-bicolore-bleu-beige-2-225x300.jpg 225w, https:\/\/voyagedelabaleine.fr\/wp-content\/uploads\/2025\/11\/pull-bicolore-bleu-beige-2-768x1024.jpg 768w, https:\/\/voyagedelabaleine.fr\/wp-content\/uploads\/2025\/11\/pull-bicolore-bleu-beige-2-1152x1536.jpg 1152w, https:\/\/voyagedelabaleine.fr\/wp-content\/uploads\/2025\/11\/pull-bicolore-bleu-beige-2.jpg 1196w\" sizes=\"(max-width: 600px) 100vw, 600px\" \/><\/a>\t<\/div><!-- .woo-entry-image-swap -->\n\n<ul class=\"woo-entry-inner clr\"><li class=\"image-wrap\">\n\t<div class=\"woo-entry-image-swap woo-entry-image clr\">\n\t\t<a href=\"https:\/\/voyagedelabaleine.fr\/it\/prodotto\/maglione-bambino-blu-beige\/\" class=\"woocommerce-LoopProduct-link\"><img decoding=\"async\" width=\"600\" height=\"800\" src=\"https:\/\/voyagedelabaleine.fr\/wp-content\/uploads\/2025\/11\/pull-bicolore-bleu-beige-600x800.jpg\" class=\"woo-entry-image-main\" alt=\"Maglione bambino &#8211; Blu\/beige\" itemprop=\"image\" srcset=\"https:\/\/voyagedelabaleine.fr\/wp-content\/uploads\/2025\/11\/pull-bicolore-bleu-beige-600x800.jpg 600w, https:\/\/voyagedelabaleine.fr\/wp-content\/uploads\/2025\/11\/pull-bicolore-bleu-beige-225x300.jpg 225w, https:\/\/voyagedelabaleine.fr\/wp-content\/uploads\/2025\/11\/pull-bicolore-bleu-beige-768x1024.jpg 768w, https:\/\/voyagedelabaleine.fr\/wp-content\/uploads\/2025\/11\/pull-bicolore-bleu-beige-1152x1536.jpg 1152w, https:\/\/voyagedelabaleine.fr\/wp-content\/uploads\/2025\/11\/pull-bicolore-bleu-beige.jpg 1398w\" sizes=\"(max-width: 600px) 100vw, 600px\" \/><img decoding=\"async\" width=\"600\" height=\"800\" src=\"https:\/\/voyagedelabaleine.fr\/wp-content\/uploads\/2025\/11\/pull-bicolore-bleu-beige-2-600x800.jpg\" class=\"woo-entry-image-secondary\" alt=\"Maglione bambino &#8211; Blu\/beige\" itemprop=\"image\" srcset=\"https:\/\/voyagedelabaleine.fr\/wp-content\/uploads\/2025\/11\/pull-bicolore-bleu-beige-2-600x800.jpg 600w, https:\/\/voyagedelabaleine.fr\/wp-content\/uploads\/2025\/11\/pull-bicolore-bleu-beige-2-225x300.jpg 225w, https:\/\/voyagedelabaleine.fr\/wp-content\/uploads\/2025\/11\/pull-bicolore-bleu-beige-2-768x1024.jpg 768w, https:\/\/voyagedelabaleine.fr\/wp-content\/uploads\/2025\/11\/pull-bicolore-bleu-beige-2-1152x1536.jpg 1152w, https:\/\/voyagedelabaleine.fr\/wp-content\/uploads\/2025\/11\/pull-bicolore-bleu-beige-2.jpg 1196w\" sizes=\"(max-width: 600px) 100vw, 600px\" \/><\/a>\t<\/div><!-- .woo-entry-image-swap -->\n\n<\/li><li class=\"title\"><h2><a href=\"https:\/\/voyagedelabaleine.fr\/it\/prodotto\/maglione-bambino-blu-beige\/\">Maglione bambino &#8211; Blu\/beige<\/a><\/h2><\/li><li class=\"price-wrap\">\n\t<span class=\"price\"><span class=\"woocommerce-Price-amount amount\"><bdi>68<span class=\"woocommerce-Price-currencySymbol\">&euro;<\/span><\/bdi><\/span><\/span>\n<\/li><\/ul><\/div><!-- .product-inner .clr --><\/li>\n<li class=\"entry has-media col span_1_of_2 owp-content-center owp-thumbs-layout-vertical owp-btn-big owp-tabs-layout-vertical circle-sale product type-product post-32771 status-publish last instock product_cat-abbigliamento product_cat-maglione-gilet-cardigan-bambini product_cat-maglione-gilet-cardigan-bambino product_cat-maglione-gilet-cardigan-neonati product_cat-maglione-gilet-cardigan-neonato has-post-thumbnail taxable shipping-taxable purchasable product-type-variable has-default-attributes\">\n\t<div class=\"product-inner clr\">\n\t<div class=\"woo-entry-image-swap woo-entry-image clr\">\n\t\t<a href=\"https:\/\/voyagedelabaleine.fr\/it\/prodotto\/maglioncino-bambino-verde-beige\/\" class=\"woocommerce-LoopProduct-link\"><img decoding=\"async\" width=\"600\" height=\"800\" src=\"https:\/\/voyagedelabaleine.fr\/wp-content\/uploads\/2025\/07\/pull-garcon-bicolore-vert-beige-600x800.jpg\" class=\"woo-entry-image-main\" alt=\"Maglioncino bambino &#8211; Verde\/beige\" itemprop=\"image\" srcset=\"https:\/\/voyagedelabaleine.fr\/wp-content\/uploads\/2025\/07\/pull-garcon-bicolore-vert-beige-600x800.jpg 600w, https:\/\/voyagedelabaleine.fr\/wp-content\/uploads\/2025\/07\/pull-garcon-bicolore-vert-beige-225x300.jpg 225w, https:\/\/voyagedelabaleine.fr\/wp-content\/uploads\/2025\/07\/pull-garcon-bicolore-vert-beige-768x1025.jpg 768w, https:\/\/voyagedelabaleine.fr\/wp-content\/uploads\/2025\/07\/pull-garcon-bicolore-vert-beige.jpg 1000w\" sizes=\"(max-width: 600px) 100vw, 600px\" \/><img decoding=\"async\" width=\"600\" height=\"800\" src=\"https:\/\/voyagedelabaleine.fr\/wp-content\/uploads\/2025\/07\/pull-enfant-garcon-vert-beige-3-600x800.jpg\" class=\"woo-entry-image-secondary\" alt=\"Maglioncino bambino &#8211; Verde\/beige\" itemprop=\"image\" srcset=\"https:\/\/voyagedelabaleine.fr\/wp-content\/uploads\/2025\/07\/pull-enfant-garcon-vert-beige-3-600x800.jpg 600w, https:\/\/voyagedelabaleine.fr\/wp-content\/uploads\/2025\/07\/pull-enfant-garcon-vert-beige-3-225x300.jpg 225w, https:\/\/voyagedelabaleine.fr\/wp-content\/uploads\/2025\/07\/pull-enfant-garcon-vert-beige-3-768x1024.jpg 768w, https:\/\/voyagedelabaleine.fr\/wp-content\/uploads\/2025\/07\/pull-enfant-garcon-vert-beige-3.jpg 1100w\" sizes=\"(max-width: 600px) 100vw, 600px\" \/><\/a>\t<\/div><!-- .woo-entry-image-swap -->\n\n<ul class=\"woo-entry-inner clr\"><li class=\"image-wrap\">\n\t<div class=\"woo-entry-image-swap woo-entry-image clr\">\n\t\t<a href=\"https:\/\/voyagedelabaleine.fr\/it\/prodotto\/maglioncino-bambino-verde-beige\/\" class=\"woocommerce-LoopProduct-link\"><img decoding=\"async\" width=\"600\" height=\"800\" src=\"https:\/\/voyagedelabaleine.fr\/wp-content\/uploads\/2025\/07\/pull-garcon-bicolore-vert-beige-600x800.jpg\" class=\"woo-entry-image-main\" alt=\"Maglioncino bambino &#8211; Verde\/beige\" itemprop=\"image\" srcset=\"https:\/\/voyagedelabaleine.fr\/wp-content\/uploads\/2025\/07\/pull-garcon-bicolore-vert-beige-600x800.jpg 600w, https:\/\/voyagedelabaleine.fr\/wp-content\/uploads\/2025\/07\/pull-garcon-bicolore-vert-beige-225x300.jpg 225w, https:\/\/voyagedelabaleine.fr\/wp-content\/uploads\/2025\/07\/pull-garcon-bicolore-vert-beige-768x1025.jpg 768w, https:\/\/voyagedelabaleine.fr\/wp-content\/uploads\/2025\/07\/pull-garcon-bicolore-vert-beige.jpg 1000w\" sizes=\"(max-width: 600px) 100vw, 600px\" \/><img decoding=\"async\" width=\"600\" height=\"800\" src=\"https:\/\/voyagedelabaleine.fr\/wp-content\/uploads\/2025\/07\/pull-enfant-garcon-vert-beige-3-600x800.jpg\" class=\"woo-entry-image-secondary\" alt=\"Maglioncino bambino &#8211; Verde\/beige\" itemprop=\"image\" srcset=\"https:\/\/voyagedelabaleine.fr\/wp-content\/uploads\/2025\/07\/pull-enfant-garcon-vert-beige-3-600x800.jpg 600w, https:\/\/voyagedelabaleine.fr\/wp-content\/uploads\/2025\/07\/pull-enfant-garcon-vert-beige-3-225x300.jpg 225w, https:\/\/voyagedelabaleine.fr\/wp-content\/uploads\/2025\/07\/pull-enfant-garcon-vert-beige-3-768x1024.jpg 768w, https:\/\/voyagedelabaleine.fr\/wp-content\/uploads\/2025\/07\/pull-enfant-garcon-vert-beige-3.jpg 1100w\" sizes=\"(max-width: 600px) 100vw, 600px\" \/><\/a>\t<\/div><!-- .woo-entry-image-swap -->\n\n<\/li><li class=\"title\"><h2><a href=\"https:\/\/voyagedelabaleine.fr\/it\/prodotto\/maglioncino-bambino-verde-beige\/\">Maglioncino bambino &#8211; Verde\/beige<\/a><\/h2><\/li><li class=\"price-wrap\">\n\t<span class=\"price\"><span class=\"woocommerce-Price-amount amount\"><bdi>68<span class=\"woocommerce-Price-currencySymbol\">&euro;<\/span><\/bdi><\/span><\/span>\n<\/li><\/ul><\/div><!-- .product-inner .clr --><\/li>\n<\/ul>\n<\/div><\/div>\n\t\t\t\t\t\t<\/div>\n\t\t\t\t<\/div>\n\t\t<div class=\"elementor-element elementor-element-77ff8df e-con-full e-flex e-con e-parent\" data-id=\"77ff8df\" data-element_type=\"container\" data-e-type=\"container\">\n\t\t\t\t<div class=\"elementor-element elementor-element-f0e8973 elementor-widget-divider--separator-type-pattern elementor-widget-divider--view-line elementor-widget elementor-widget-divider\" data-id=\"f0e8973\" data-element_type=\"widget\" data-e-type=\"widget\" data-widget_type=\"divider.default\">\n\t\t\t\t\t\t\t<div class=\"elementor-divider\" style=\"--divider-pattern-url: url(&quot;data:image\/svg+xml,%3Csvg xmlns=&#039;http:\/\/www.w3.org\/2000\/svg&#039; preserveAspectRatio=&#039;none&#039; overflow=&#039;visible&#039; height=&#039;100%&#039; viewBox=&#039;0 0 24 24&#039; fill=&#039;black&#039; stroke=&#039;none&#039;%3E%3Cpath d=&#039;M12.7,2.3c-0.4-0.4-1.1-0.4-1.5,0l-8,9.1c-0.3,0.4-0.3,0.9,0,1.2l8,9.1c0.4,0.4,1.1,0.4,1.5,0l8-9.1c0.3-0.4,0.3-0.9,0-1.2L12.7,2.3z&#039;\/%3E%3C\/svg%3E&quot;);\">\n\t\t\t<span class=\"elementor-divider-separator\">\n\t\t\t\t\t\t<\/span>\n\t\t<\/div>\n\t\t\t\t\t\t<\/div>\n\t\t<div class=\"elementor-element elementor-element-b96ed27 e-grid e-con-full e-con e-child\" data-id=\"b96ed27\" data-element_type=\"container\" data-e-type=\"container\">\n\t\t<div class=\"elementor-element elementor-element-5f3d5c2 e-con-full e-flex e-con e-child\" data-id=\"5f3d5c2\" data-element_type=\"container\" data-e-type=\"container\">\n\t\t\t\t<div class=\"elementor-element elementor-element-26723b8 elementor-widget elementor-widget-heading\" data-id=\"26723b8\" data-element_type=\"widget\" data-e-type=\"widget\" data-widget_type=\"heading.default\">\n\t\t\t\t\t<h2 class=\"elementor-heading-title elementor-size-default\">Fratellanza femminile<\/h2>\t\t\t\t<\/div>\n\t\t\t\t<\/div>\n\t\t\t\t<\/div>\n\t\t\t\t<\/div>\n\t\t<div class=\"elementor-element elementor-element-a0f61e2 e-con-full e-flex e-con e-parent\" data-id=\"a0f61e2\" data-element_type=\"container\" data-e-type=\"container\">\n\t\t\t\t<div class=\"elementor-element elementor-element-6aa358b elementor-widget elementor-widget-shortcode\" data-id=\"6aa358b\" data-element_type=\"widget\" data-e-type=\"widget\" data-widget_type=\"shortcode.default\">\n\t\t\t\t\t\t\t<div class=\"elementor-shortcode\"><div class=\"woocommerce columns-2 \">\r\n<ul class=\"products oceanwp-row clr grid tablet-col tablet-2-col mobile-col mobile-2-col\">\r\n<li class=\"entry has-media has-rating col span_1_of_2 owp-content-center owp-thumbs-layout-vertical owp-btn-big owp-tabs-layout-vertical circle-sale product type-product post-28942 status-publish first instock product_cat-abbigliamento product_cat-completo-salopette-bambina product_cat-completo-salopette-bambini product_cat-pagliaccetto-salopette-nascita product_cat-pagliaccetto-salopette-nascita-ragazza product_cat-pagliaccetto-salopette-neonata product_cat-pagliaccetto-salopette-neonati has-post-thumbnail taxable shipping-taxable purchasable product-type-variable has-default-attributes\">\n\t<div class=\"product-inner clr\">\n\t<div class=\"woo-entry-image-swap woo-entry-image clr\">\n\t\t<a href=\"https:\/\/voyagedelabaleine.fr\/it\/prodotto\/salopette-da-bambina-in-velluto-a-costine-rosa-bianco\/\" class=\"woocommerce-LoopProduct-link\"><img decoding=\"async\" width=\"600\" height=\"800\" src=\"https:\/\/voyagedelabaleine.fr\/wp-content\/uploads\/2025\/07\/salopette-fille-velours-cotele-rose-600x800.jpg\" class=\"woo-entry-image-main\" alt=\"Salopette da bambina in velluto a costine &#8211; Rosa\/bianco\" itemprop=\"image\" srcset=\"https:\/\/voyagedelabaleine.fr\/wp-content\/uploads\/2025\/07\/salopette-fille-velours-cotele-rose-600x800.jpg 600w, https:\/\/voyagedelabaleine.fr\/wp-content\/uploads\/2025\/07\/salopette-fille-velours-cotele-rose-225x300.jpg 225w, https:\/\/voyagedelabaleine.fr\/wp-content\/uploads\/2025\/07\/salopette-fille-velours-cotele-rose-768x1024.jpg 768w, https:\/\/voyagedelabaleine.fr\/wp-content\/uploads\/2025\/07\/salopette-fille-velours-cotele-rose.jpg 1100w\" sizes=\"(max-width: 600px) 100vw, 600px\" \/><img decoding=\"async\" width=\"600\" height=\"800\" src=\"https:\/\/voyagedelabaleine.fr\/wp-content\/uploads\/2025\/07\/salopette-fille-velours-cotele-rose-2-600x800.jpg\" class=\"woo-entry-image-secondary\" alt=\"Salopette da bambina in velluto a costine &#8211; Rosa\/bianco\" itemprop=\"image\" srcset=\"https:\/\/voyagedelabaleine.fr\/wp-content\/uploads\/2025\/07\/salopette-fille-velours-cotele-rose-2-600x800.jpg 600w, https:\/\/voyagedelabaleine.fr\/wp-content\/uploads\/2025\/07\/salopette-fille-velours-cotele-rose-2-225x300.jpg 225w, https:\/\/voyagedelabaleine.fr\/wp-content\/uploads\/2025\/07\/salopette-fille-velours-cotele-rose-2-768x1024.jpg 768w, https:\/\/voyagedelabaleine.fr\/wp-content\/uploads\/2025\/07\/salopette-fille-velours-cotele-rose-2.jpg 867w\" sizes=\"(max-width: 600px) 100vw, 600px\" \/><\/a>\t<\/div><!-- .woo-entry-image-swap -->\n\n<ul class=\"woo-entry-inner clr\"><li class=\"image-wrap\">\n\t<div class=\"woo-entry-image-swap woo-entry-image clr\">\n\t\t<a href=\"https:\/\/voyagedelabaleine.fr\/it\/prodotto\/salopette-da-bambina-in-velluto-a-costine-rosa-bianco\/\" class=\"woocommerce-LoopProduct-link\"><img decoding=\"async\" width=\"600\" height=\"800\" src=\"https:\/\/voyagedelabaleine.fr\/wp-content\/uploads\/2025\/07\/salopette-fille-velours-cotele-rose-600x800.jpg\" class=\"woo-entry-image-main\" alt=\"Salopette da bambina in velluto a costine &#8211; Rosa\/bianco\" itemprop=\"image\" srcset=\"https:\/\/voyagedelabaleine.fr\/wp-content\/uploads\/2025\/07\/salopette-fille-velours-cotele-rose-600x800.jpg 600w, https:\/\/voyagedelabaleine.fr\/wp-content\/uploads\/2025\/07\/salopette-fille-velours-cotele-rose-225x300.jpg 225w, https:\/\/voyagedelabaleine.fr\/wp-content\/uploads\/2025\/07\/salopette-fille-velours-cotele-rose-768x1024.jpg 768w, https:\/\/voyagedelabaleine.fr\/wp-content\/uploads\/2025\/07\/salopette-fille-velours-cotele-rose.jpg 1100w\" sizes=\"(max-width: 600px) 100vw, 600px\" \/><img decoding=\"async\" width=\"600\" height=\"800\" src=\"https:\/\/voyagedelabaleine.fr\/wp-content\/uploads\/2025\/07\/salopette-fille-velours-cotele-rose-2-600x800.jpg\" class=\"woo-entry-image-secondary\" alt=\"Salopette da bambina in velluto a costine &#8211; Rosa\/bianco\" itemprop=\"image\" srcset=\"https:\/\/voyagedelabaleine.fr\/wp-content\/uploads\/2025\/07\/salopette-fille-velours-cotele-rose-2-600x800.jpg 600w, https:\/\/voyagedelabaleine.fr\/wp-content\/uploads\/2025\/07\/salopette-fille-velours-cotele-rose-2-225x300.jpg 225w, https:\/\/voyagedelabaleine.fr\/wp-content\/uploads\/2025\/07\/salopette-fille-velours-cotele-rose-2-768x1024.jpg 768w, https:\/\/voyagedelabaleine.fr\/wp-content\/uploads\/2025\/07\/salopette-fille-velours-cotele-rose-2.jpg 867w\" sizes=\"(max-width: 600px) 100vw, 600px\" \/><\/a>\t<\/div><!-- .woo-entry-image-swap -->\n\n<\/li><li class=\"title\"><h2><a href=\"https:\/\/voyagedelabaleine.fr\/it\/prodotto\/salopette-da-bambina-in-velluto-a-costine-rosa-bianco\/\">Salopette da bambina in velluto a costine &#8211; Rosa\/bianco<\/a><\/h2><\/li><li class=\"price-wrap\">\n\t<span class=\"price\"><span class=\"woocommerce-Price-amount amount\"><bdi>54<span class=\"woocommerce-Price-currencySymbol\">&euro;<\/span><\/bdi><\/span><\/span>\n<\/li><\/ul><\/div><!-- .product-inner .clr --><\/li>\n<li class=\"entry has-media col span_1_of_2 owp-content-center owp-thumbs-layout-vertical owp-btn-big owp-tabs-layout-vertical circle-sale product type-product post-31910 status-publish last instock product_cat-abbigliamento product_cat-bambina product_cat-vestito-bambina has-post-thumbnail taxable shipping-taxable purchasable product-type-variable has-default-attributes\">\n\t<div class=\"product-inner clr\">\n\t<div class=\"woo-entry-image-swap woo-entry-image clr\">\n\t\t<a href=\"https:\/\/voyagedelabaleine.fr\/it\/prodotto\/gonna-reversibile-bambina-a-quadri-vichy-e-fiori-rosa-crema\/\" class=\"woocommerce-LoopProduct-link\"><img decoding=\"async\" width=\"600\" height=\"800\" src=\"https:\/\/voyagedelabaleine.fr\/wp-content\/uploads\/2025\/07\/jupe-reversible-enfant-fille-vichy-fleurs-3-600x800.jpg\" class=\"woo-entry-image-main\" alt=\"Gonna reversibile bambina a quadri vichy e fiori &#8211; Rosa\/crema\" itemprop=\"image\" srcset=\"https:\/\/voyagedelabaleine.fr\/wp-content\/uploads\/2025\/07\/jupe-reversible-enfant-fille-vichy-fleurs-3-600x800.jpg 600w, https:\/\/voyagedelabaleine.fr\/wp-content\/uploads\/2025\/07\/jupe-reversible-enfant-fille-vichy-fleurs-3-225x300.jpg 225w, https:\/\/voyagedelabaleine.fr\/wp-content\/uploads\/2025\/07\/jupe-reversible-enfant-fille-vichy-fleurs-3-768x1024.jpg 768w, https:\/\/voyagedelabaleine.fr\/wp-content\/uploads\/2025\/07\/jupe-reversible-enfant-fille-vichy-fleurs-3.jpg 1100w\" sizes=\"(max-width: 600px) 100vw, 600px\" \/><img decoding=\"async\" width=\"600\" height=\"800\" src=\"https:\/\/voyagedelabaleine.fr\/wp-content\/uploads\/2025\/07\/jupe-reversible-enfant-fille-vichy-fleurs-600x800.jpg\" class=\"woo-entry-image-secondary\" alt=\"Gonna reversibile bambina a quadri vichy e fiori &#8211; Rosa\/crema\" itemprop=\"image\" srcset=\"https:\/\/voyagedelabaleine.fr\/wp-content\/uploads\/2025\/07\/jupe-reversible-enfant-fille-vichy-fleurs-600x800.jpg 600w, https:\/\/voyagedelabaleine.fr\/wp-content\/uploads\/2025\/07\/jupe-reversible-enfant-fille-vichy-fleurs-225x300.jpg 225w, https:\/\/voyagedelabaleine.fr\/wp-content\/uploads\/2025\/07\/jupe-reversible-enfant-fille-vichy-fleurs-768x1024.jpg 768w, https:\/\/voyagedelabaleine.fr\/wp-content\/uploads\/2025\/07\/jupe-reversible-enfant-fille-vichy-fleurs.jpg 1100w\" sizes=\"(max-width: 600px) 100vw, 600px\" \/><\/a>\t<\/div><!-- .woo-entry-image-swap -->\n\n<ul class=\"woo-entry-inner clr\"><li class=\"image-wrap\">\n\t<div class=\"woo-entry-image-swap woo-entry-image clr\">\n\t\t<a href=\"https:\/\/voyagedelabaleine.fr\/it\/prodotto\/gonna-reversibile-bambina-a-quadri-vichy-e-fiori-rosa-crema\/\" class=\"woocommerce-LoopProduct-link\"><img decoding=\"async\" width=\"600\" height=\"800\" src=\"https:\/\/voyagedelabaleine.fr\/wp-content\/uploads\/2025\/07\/jupe-reversible-enfant-fille-vichy-fleurs-3-600x800.jpg\" class=\"woo-entry-image-main\" alt=\"Gonna reversibile bambina a quadri vichy e fiori &#8211; Rosa\/crema\" itemprop=\"image\" srcset=\"https:\/\/voyagedelabaleine.fr\/wp-content\/uploads\/2025\/07\/jupe-reversible-enfant-fille-vichy-fleurs-3-600x800.jpg 600w, https:\/\/voyagedelabaleine.fr\/wp-content\/uploads\/2025\/07\/jupe-reversible-enfant-fille-vichy-fleurs-3-225x300.jpg 225w, https:\/\/voyagedelabaleine.fr\/wp-content\/uploads\/2025\/07\/jupe-reversible-enfant-fille-vichy-fleurs-3-768x1024.jpg 768w, https:\/\/voyagedelabaleine.fr\/wp-content\/uploads\/2025\/07\/jupe-reversible-enfant-fille-vichy-fleurs-3.jpg 1100w\" sizes=\"(max-width: 600px) 100vw, 600px\" \/><img decoding=\"async\" width=\"600\" height=\"800\" src=\"https:\/\/voyagedelabaleine.fr\/wp-content\/uploads\/2025\/07\/jupe-reversible-enfant-fille-vichy-fleurs-600x800.jpg\" class=\"woo-entry-image-secondary\" alt=\"Gonna reversibile bambina a quadri vichy e fiori &#8211; Rosa\/crema\" itemprop=\"image\" srcset=\"https:\/\/voyagedelabaleine.fr\/wp-content\/uploads\/2025\/07\/jupe-reversible-enfant-fille-vichy-fleurs-600x800.jpg 600w, https:\/\/voyagedelabaleine.fr\/wp-content\/uploads\/2025\/07\/jupe-reversible-enfant-fille-vichy-fleurs-225x300.jpg 225w, https:\/\/voyagedelabaleine.fr\/wp-content\/uploads\/2025\/07\/jupe-reversible-enfant-fille-vichy-fleurs-768x1024.jpg 768w, https:\/\/voyagedelabaleine.fr\/wp-content\/uploads\/2025\/07\/jupe-reversible-enfant-fille-vichy-fleurs.jpg 1100w\" sizes=\"(max-width: 600px) 100vw, 600px\" \/><\/a>\t<\/div><!-- .woo-entry-image-swap -->\n\n<\/li><li class=\"title\"><h2><a href=\"https:\/\/voyagedelabaleine.fr\/it\/prodotto\/gonna-reversibile-bambina-a-quadri-vichy-e-fiori-rosa-crema\/\">Gonna reversibile bambina a quadri vichy e fiori &#8211; Rosa\/crema<\/a><\/h2><\/li><li class=\"price-wrap\">\n\t<span class=\"price\"><span class=\"woocommerce-Price-amount amount\"><bdi>54<span class=\"woocommerce-Price-currencySymbol\">&euro;<\/span><\/bdi><\/span><\/span>\n<\/li><\/ul><\/div><!-- .product-inner .clr --><\/li>\n<\/ul>\n<\/div><\/div>\n\t\t\t\t\t\t<\/div>\n\t\t\t\t<\/div>\n\t\t<div class=\"elementor-element elementor-element-58f7022 e-con-full e-flex e-con e-parent\" data-id=\"58f7022\" data-element_type=\"container\" data-e-type=\"container\">\n\t\t\t\t<div class=\"elementor-element elementor-element-0d8d432 elementor-widget-divider--separator-type-pattern elementor-widget-divider--view-line elementor-widget elementor-widget-divider\" data-id=\"0d8d432\" data-element_type=\"widget\" data-e-type=\"widget\" data-widget_type=\"divider.default\">\n\t\t\t\t\t\t\t<div class=\"elementor-divider\" style=\"--divider-pattern-url: url(&quot;data:image\/svg+xml,%3Csvg xmlns=&#039;http:\/\/www.w3.org\/2000\/svg&#039; preserveAspectRatio=&#039;none&#039; overflow=&#039;visible&#039; height=&#039;100%&#039; viewBox=&#039;0 0 24 24&#039; fill=&#039;black&#039; stroke=&#039;none&#039;%3E%3Cpath d=&#039;M12.7,2.3c-0.4-0.4-1.1-0.4-1.5,0l-8,9.1c-0.3,0.4-0.3,0.9,0,1.2l8,9.1c0.4,0.4,1.1,0.4,1.5,0l8-9.1c0.3-0.4,0.3-0.9,0-1.2L12.7,2.3z&#039;\/%3E%3C\/svg%3E&quot;);\">\n\t\t\t<span class=\"elementor-divider-separator\">\n\t\t\t\t\t\t<\/span>\n\t\t<\/div>\n\t\t\t\t\t\t<\/div>\n\t\t<div class=\"elementor-element elementor-element-0310b0a e-grid e-con-full e-con e-child\" data-id=\"0310b0a\" data-element_type=\"container\" data-e-type=\"container\">\n\t\t<div class=\"elementor-element elementor-element-763b8ef e-con-full e-flex e-con e-child\" data-id=\"763b8ef\" data-element_type=\"container\" data-e-type=\"container\">\n\t\t\t\t<div class=\"elementor-element elementor-element-d42ce14 elementor-widget elementor-widget-heading\" data-id=\"d42ce14\" data-element_type=\"widget\" data-e-type=\"widget\" data-widget_type=\"heading.default\">\n\t\t\t\t\t<h2 class=\"elementor-heading-title elementor-size-default\">Nido di dolcezza<\/h2>\t\t\t\t<\/div>\n\t\t\t\t<\/div>\n\t\t\t\t<\/div>\n\t\t\t\t<\/div>\n\t\t<div class=\"elementor-element elementor-element-90d7d58 e-con-full e-flex e-con e-parent\" data-id=\"90d7d58\" data-element_type=\"container\" data-e-type=\"container\">\n\t\t\t\t<div class=\"elementor-element elementor-element-df805ee elementor-widget elementor-widget-shortcode\" data-id=\"df805ee\" data-element_type=\"widget\" data-e-type=\"widget\" data-widget_type=\"shortcode.default\">\n\t\t\t\t\t\t\t<div class=\"elementor-shortcode\"><div class=\"woocommerce columns-2 \">\r\n<ul class=\"products oceanwp-row clr grid tablet-col tablet-2-col mobile-col mobile-2-col\">\r\n<li class=\"entry has-media col span_1_of_2 owp-content-center owp-thumbs-layout-vertical owp-btn-big owp-tabs-layout-vertical circle-sale product type-product post-35041 status-publish first instock product_cat-abbigliamento product_cat-bloomer-short-pantaloni-nascita product_cat-bloomer-short-pantaloni-nascita-ragazza product_cat-bloomer-short-pantaloni-nascita-ragazzo product_cat-bloomer-short-pantaloni-neonata product_cat-bloomer-short-pantaloni-neonati product_cat-bloomer-short-pantaloni-neonato product_cat-completi-nascita product_cat-completi-nascita-ragazza product_cat-completi-nascita-ragazzo product_cat-completi-neonata product_cat-completi-neonati product_cat-completi-neonato product_cat-maglione-gilet-cardigan-nascita product_cat-maglione-gilet-cardigan-nascita-ragazza product_cat-maglione-gilet-cardigan-nascita-ragazzo product_cat-maglione-gilet-cardigan-neonata product_cat-maglione-gilet-cardigan-neonati product_cat-maglione-gilet-cardigan-neonato has-post-thumbnail taxable shipping-taxable purchasable product-type-variable has-default-attributes\">\n\t<div class=\"product-inner clr\">\n\t<div class=\"woo-entry-image-swap woo-entry-image clr\">\n\t\t<a href=\"https:\/\/voyagedelabaleine.fr\/it\/prodotto\/set-neonato-maglioncino-in-lana-e-pantalone-con-piedini-punto-legaccio-blu\/\" class=\"woocommerce-LoopProduct-link\"><img decoding=\"async\" width=\"600\" height=\"800\" src=\"https:\/\/voyagedelabaleine.fr\/wp-content\/uploads\/2025\/07\/ensemble-bebe-bleu-ciel-2-600x800.jpg\" class=\"woo-entry-image-main\" alt=\"Set neonato maglioncino in lana e pantalone con piedini punto legaccio \u2013 Blu\" itemprop=\"image\" srcset=\"https:\/\/voyagedelabaleine.fr\/wp-content\/uploads\/2025\/07\/ensemble-bebe-bleu-ciel-2-600x801.jpg 600w, https:\/\/voyagedelabaleine.fr\/wp-content\/uploads\/2025\/07\/ensemble-bebe-bleu-ciel-2-225x300.jpg 225w, https:\/\/voyagedelabaleine.fr\/wp-content\/uploads\/2025\/07\/ensemble-bebe-bleu-ciel-2-767x1024.jpg 767w, https:\/\/voyagedelabaleine.fr\/wp-content\/uploads\/2025\/07\/ensemble-bebe-bleu-ciel-2-768x1025.jpg 768w, https:\/\/voyagedelabaleine.fr\/wp-content\/uploads\/2025\/07\/ensemble-bebe-bleu-ciel-2.jpg 1100w\" sizes=\"(max-width: 600px) 100vw, 600px\" \/><img decoding=\"async\" width=\"600\" height=\"800\" src=\"https:\/\/voyagedelabaleine.fr\/wp-content\/uploads\/2025\/07\/ensemble-bebe-pull-laine-pantalon-pieds-bleu-600x800.jpg\" class=\"woo-entry-image-secondary\" alt=\"Set neonato maglioncino in lana e pantalone con piedini punto legaccio \u2013 Blu\" itemprop=\"image\" srcset=\"https:\/\/voyagedelabaleine.fr\/wp-content\/uploads\/2025\/07\/ensemble-bebe-pull-laine-pantalon-pieds-bleu-600x800.jpg 600w, https:\/\/voyagedelabaleine.fr\/wp-content\/uploads\/2025\/07\/ensemble-bebe-pull-laine-pantalon-pieds-bleu-225x300.jpg 225w, https:\/\/voyagedelabaleine.fr\/wp-content\/uploads\/2025\/07\/ensemble-bebe-pull-laine-pantalon-pieds-bleu.jpg 649w\" sizes=\"(max-width: 600px) 100vw, 600px\" \/><\/a>\t<\/div><!-- .woo-entry-image-swap -->\n\n<ul class=\"woo-entry-inner clr\"><li class=\"image-wrap\">\n\t<div class=\"woo-entry-image-swap woo-entry-image clr\">\n\t\t<a href=\"https:\/\/voyagedelabaleine.fr\/it\/prodotto\/set-neonato-maglioncino-in-lana-e-pantalone-con-piedini-punto-legaccio-blu\/\" class=\"woocommerce-LoopProduct-link\"><img decoding=\"async\" width=\"600\" height=\"800\" src=\"https:\/\/voyagedelabaleine.fr\/wp-content\/uploads\/2025\/07\/ensemble-bebe-bleu-ciel-2-600x800.jpg\" class=\"woo-entry-image-main\" alt=\"Set neonato maglioncino in lana e pantalone con piedini punto legaccio \u2013 Blu\" itemprop=\"image\" srcset=\"https:\/\/voyagedelabaleine.fr\/wp-content\/uploads\/2025\/07\/ensemble-bebe-bleu-ciel-2-600x801.jpg 600w, https:\/\/voyagedelabaleine.fr\/wp-content\/uploads\/2025\/07\/ensemble-bebe-bleu-ciel-2-225x300.jpg 225w, https:\/\/voyagedelabaleine.fr\/wp-content\/uploads\/2025\/07\/ensemble-bebe-bleu-ciel-2-767x1024.jpg 767w, https:\/\/voyagedelabaleine.fr\/wp-content\/uploads\/2025\/07\/ensemble-bebe-bleu-ciel-2-768x1025.jpg 768w, https:\/\/voyagedelabaleine.fr\/wp-content\/uploads\/2025\/07\/ensemble-bebe-bleu-ciel-2.jpg 1100w\" sizes=\"(max-width: 600px) 100vw, 600px\" \/><img decoding=\"async\" width=\"600\" height=\"800\" src=\"https:\/\/voyagedelabaleine.fr\/wp-content\/uploads\/2025\/07\/ensemble-bebe-pull-laine-pantalon-pieds-bleu-600x800.jpg\" class=\"woo-entry-image-secondary\" alt=\"Set neonato maglioncino in lana e pantalone con piedini punto legaccio \u2013 Blu\" itemprop=\"image\" srcset=\"https:\/\/voyagedelabaleine.fr\/wp-content\/uploads\/2025\/07\/ensemble-bebe-pull-laine-pantalon-pieds-bleu-600x800.jpg 600w, https:\/\/voyagedelabaleine.fr\/wp-content\/uploads\/2025\/07\/ensemble-bebe-pull-laine-pantalon-pieds-bleu-225x300.jpg 225w, https:\/\/voyagedelabaleine.fr\/wp-content\/uploads\/2025\/07\/ensemble-bebe-pull-laine-pantalon-pieds-bleu.jpg 649w\" sizes=\"(max-width: 600px) 100vw, 600px\" \/><\/a>\t<\/div><!-- .woo-entry-image-swap -->\n\n<\/li><li class=\"title\"><h2><a href=\"https:\/\/voyagedelabaleine.fr\/it\/prodotto\/set-neonato-maglioncino-in-lana-e-pantalone-con-piedini-punto-legaccio-blu\/\">Set neonato maglioncino in lana e pantalone con piedini punto legaccio \u2013 Blu<\/a><\/h2><\/li><li class=\"price-wrap\">\n\t<span class=\"price\"><span class=\"woocommerce-Price-amount amount\"><bdi>88<span class=\"woocommerce-Price-currencySymbol\">&euro;<\/span><\/bdi><\/span><\/span>\n<\/li><\/ul><\/div><!-- .product-inner .clr --><\/li>\n<li class=\"entry has-media has-rating col span_1_of_2 owp-content-center owp-thumbs-layout-vertical owp-btn-big owp-tabs-layout-vertical circle-sale product type-product post-35056 status-publish last instock product_cat-abbigliamento product_cat-bloomer-short-pantaloni-nascita product_cat-bloomer-short-pantaloni-nascita-ragazza product_cat-bloomer-short-pantaloni-nascita-ragazzo product_cat-bloomer-short-pantaloni-neonata product_cat-bloomer-short-pantaloni-neonati product_cat-bloomer-short-pantaloni-neonato product_cat-completi-nascita product_cat-completi-nascita-ragazza product_cat-completi-nascita-ragazzo product_cat-completi-neonata product_cat-completi-neonati product_cat-completi-neonato product_cat-maglione-gilet-cardigan-nascita product_cat-maglione-gilet-cardigan-nascita-ragazza product_cat-maglione-gilet-cardigan-nascita-ragazzo product_cat-maglione-gilet-cardigan-neonata product_cat-maglione-gilet-cardigan-neonati product_cat-maglione-gilet-cardigan-neonato has-post-thumbnail taxable shipping-taxable purchasable product-type-variable has-default-attributes\">\n\t<div class=\"product-inner clr\">\n\t<div class=\"woo-entry-image-swap woo-entry-image clr\">\n\t\t<a href=\"https:\/\/voyagedelabaleine.fr\/it\/prodotto\/completo-neonato-maglioncino-in-lana-e-pantalone-con-piedini-a-punto-legaccio-crema\/\" class=\"woocommerce-LoopProduct-link\"><img decoding=\"async\" width=\"600\" height=\"800\" src=\"https:\/\/voyagedelabaleine.fr\/wp-content\/uploads\/2025\/07\/ensemble-bebe-pull-laine-pantalon-pieds-creme-600x800.jpg\" class=\"woo-entry-image-main\" alt=\"Completo neonato maglioncino in lana e pantalone con piedini a punto legaccio \u2013 Crema\" itemprop=\"image\" srcset=\"https:\/\/voyagedelabaleine.fr\/wp-content\/uploads\/2025\/07\/ensemble-bebe-pull-laine-pantalon-pieds-creme-600x801.jpg 600w, https:\/\/voyagedelabaleine.fr\/wp-content\/uploads\/2025\/07\/ensemble-bebe-pull-laine-pantalon-pieds-creme-225x300.jpg 225w, https:\/\/voyagedelabaleine.fr\/wp-content\/uploads\/2025\/07\/ensemble-bebe-pull-laine-pantalon-pieds-creme-768x1025.jpg 768w, https:\/\/voyagedelabaleine.fr\/wp-content\/uploads\/2025\/07\/ensemble-bebe-pull-laine-pantalon-pieds-creme-1151x1536.jpg 1151w, https:\/\/voyagedelabaleine.fr\/wp-content\/uploads\/2025\/07\/ensemble-bebe-pull-laine-pantalon-pieds-creme.jpg 1200w\" sizes=\"(max-width: 600px) 100vw, 600px\" \/><img decoding=\"async\" width=\"600\" height=\"800\" src=\"https:\/\/voyagedelabaleine.fr\/wp-content\/uploads\/2025\/07\/ensemble-bebe-pull-laine-pantalon-pieds-creme-2-600x800.jpg\" class=\"woo-entry-image-secondary\" alt=\"Completo neonato maglioncino in lana e pantalone con piedini a punto legaccio \u2013 Crema\" itemprop=\"image\" srcset=\"https:\/\/voyagedelabaleine.fr\/wp-content\/uploads\/2025\/07\/ensemble-bebe-pull-laine-pantalon-pieds-creme-2-600x801.jpg 600w, https:\/\/voyagedelabaleine.fr\/wp-content\/uploads\/2025\/07\/ensemble-bebe-pull-laine-pantalon-pieds-creme-2-225x300.jpg 225w, https:\/\/voyagedelabaleine.fr\/wp-content\/uploads\/2025\/07\/ensemble-bebe-pull-laine-pantalon-pieds-creme-2.jpg 619w\" sizes=\"(max-width: 600px) 100vw, 600px\" \/><\/a>\t<\/div><!-- .woo-entry-image-swap -->\n\n<ul class=\"woo-entry-inner clr\"><li class=\"image-wrap\">\n\t<div class=\"woo-entry-image-swap woo-entry-image clr\">\n\t\t<a href=\"https:\/\/voyagedelabaleine.fr\/it\/prodotto\/completo-neonato-maglioncino-in-lana-e-pantalone-con-piedini-a-punto-legaccio-crema\/\" class=\"woocommerce-LoopProduct-link\"><img decoding=\"async\" width=\"600\" height=\"800\" src=\"https:\/\/voyagedelabaleine.fr\/wp-content\/uploads\/2025\/07\/ensemble-bebe-pull-laine-pantalon-pieds-creme-600x800.jpg\" class=\"woo-entry-image-main\" alt=\"Completo neonato maglioncino in lana e pantalone con piedini a punto legaccio \u2013 Crema\" itemprop=\"image\" srcset=\"https:\/\/voyagedelabaleine.fr\/wp-content\/uploads\/2025\/07\/ensemble-bebe-pull-laine-pantalon-pieds-creme-600x801.jpg 600w, https:\/\/voyagedelabaleine.fr\/wp-content\/uploads\/2025\/07\/ensemble-bebe-pull-laine-pantalon-pieds-creme-225x300.jpg 225w, https:\/\/voyagedelabaleine.fr\/wp-content\/uploads\/2025\/07\/ensemble-bebe-pull-laine-pantalon-pieds-creme-768x1025.jpg 768w, https:\/\/voyagedelabaleine.fr\/wp-content\/uploads\/2025\/07\/ensemble-bebe-pull-laine-pantalon-pieds-creme-1151x1536.jpg 1151w, https:\/\/voyagedelabaleine.fr\/wp-content\/uploads\/2025\/07\/ensemble-bebe-pull-laine-pantalon-pieds-creme.jpg 1200w\" sizes=\"(max-width: 600px) 100vw, 600px\" \/><img decoding=\"async\" width=\"600\" height=\"800\" src=\"https:\/\/voyagedelabaleine.fr\/wp-content\/uploads\/2025\/07\/ensemble-bebe-pull-laine-pantalon-pieds-creme-2-600x800.jpg\" class=\"woo-entry-image-secondary\" alt=\"Completo neonato maglioncino in lana e pantalone con piedini a punto legaccio \u2013 Crema\" itemprop=\"image\" srcset=\"https:\/\/voyagedelabaleine.fr\/wp-content\/uploads\/2025\/07\/ensemble-bebe-pull-laine-pantalon-pieds-creme-2-600x801.jpg 600w, https:\/\/voyagedelabaleine.fr\/wp-content\/uploads\/2025\/07\/ensemble-bebe-pull-laine-pantalon-pieds-creme-2-225x300.jpg 225w, https:\/\/voyagedelabaleine.fr\/wp-content\/uploads\/2025\/07\/ensemble-bebe-pull-laine-pantalon-pieds-creme-2.jpg 619w\" sizes=\"(max-width: 600px) 100vw, 600px\" \/><\/a>\t<\/div><!-- .woo-entry-image-swap -->\n\n<\/li><li class=\"title\"><h2><a href=\"https:\/\/voyagedelabaleine.fr\/it\/prodotto\/completo-neonato-maglioncino-in-lana-e-pantalone-con-piedini-a-punto-legaccio-crema\/\">Completo neonato maglioncino in lana e pantalone con piedini a punto legaccio \u2013 Crema<\/a><\/h2><\/li><li class=\"price-wrap\">\n\t<span class=\"price\"><span class=\"woocommerce-Price-amount amount\"><bdi>88<span class=\"woocommerce-Price-currencySymbol\">&euro;<\/span><\/bdi><\/span><\/span>\n<\/li><\/ul><\/div><!-- .product-inner .clr --><\/li>\n<\/ul>\n<\/div><\/div>\n\t\t\t\t\t\t<\/div>\n\t\t\t\t<\/div>\n\t\t<div class=\"elementor-element elementor-element-32a97f2 e-con-full e-flex e-con e-parent\" data-id=\"32a97f2\" data-element_type=\"container\" data-e-type=\"container\">\n\t\t\t\t<div class=\"elementor-element elementor-element-2697685 elementor-widget-divider--separator-type-pattern elementor-widget-divider--view-line elementor-widget elementor-widget-divider\" data-id=\"2697685\" data-element_type=\"widget\" data-e-type=\"widget\" data-widget_type=\"divider.default\">\n\t\t\t\t\t\t\t<div class=\"elementor-divider\" style=\"--divider-pattern-url: url(&quot;data:image\/svg+xml,%3Csvg xmlns=&#039;http:\/\/www.w3.org\/2000\/svg&#039; preserveAspectRatio=&#039;none&#039; overflow=&#039;visible&#039; height=&#039;100%&#039; viewBox=&#039;0 0 24 24&#039; fill=&#039;black&#039; stroke=&#039;none&#039;%3E%3Cpath d=&#039;M12.7,2.3c-0.4-0.4-1.1-0.4-1.5,0l-8,9.1c-0.3,0.4-0.3,0.9,0,1.2l8,9.1c0.4,0.4,1.1,0.4,1.5,0l8-9.1c0.3-0.4,0.3-0.9,0-1.2L12.7,2.3z&#039;\/%3E%3C\/svg%3E&quot;);\">\n\t\t\t<span class=\"elementor-divider-separator\">\n\t\t\t\t\t\t<\/span>\n\t\t<\/div>\n\t\t\t\t\t\t<\/div>\n\t\t<div class=\"elementor-element elementor-element-8318d52 e-grid e-con-full e-con e-child\" data-id=\"8318d52\" data-element_type=\"container\" data-e-type=\"container\">\n\t\t<div class=\"elementor-element elementor-element-e752148 e-con-full e-flex e-con e-child\" data-id=\"e752148\" data-element_type=\"container\" data-e-type=\"container\">\n\t\t\t\t<div class=\"elementor-element elementor-element-b4bc2fa elementor-widget elementor-widget-heading\" data-id=\"b4bc2fa\" data-element_type=\"widget\" data-e-type=\"widget\" data-widget_type=\"heading.default\">\n\t\t\t\t\t<h2 class=\"elementor-heading-title elementor-size-default\">Fratello e sorella<\/h2>\t\t\t\t<\/div>\n\t\t\t\t<\/div>\n\t\t\t\t<\/div>\n\t\t\t\t<\/div>\n\t\t<div class=\"elementor-element elementor-element-f3aaf57 e-con-full e-flex e-con e-parent\" data-id=\"f3aaf57\" data-element_type=\"container\" data-e-type=\"container\">\n\t\t\t\t<div class=\"elementor-element elementor-element-d583077 elementor-widget elementor-widget-shortcode\" data-id=\"d583077\" data-element_type=\"widget\" data-e-type=\"widget\" data-widget_type=\"shortcode.default\">\n\t\t\t\t\t\t\t<div class=\"elementor-shortcode\"><div class=\"woocommerce columns-2 \">\r\n<ul class=\"products oceanwp-row clr grid tablet-col tablet-2-col mobile-col mobile-2-col\">\r\n<li class=\"entry has-media col span_1_of_2 owp-content-center owp-thumbs-layout-vertical owp-btn-big owp-tabs-layout-vertical circle-sale product type-product post-31561 status-publish first instock product_cat-giacca-cappotto-bambina product_cat-giacca-cappotto-bambini product_cat-giacca-cappotto-neonata product_cat-giacca-cappotto-neonati has-post-thumbnail taxable shipping-taxable purchasable product-type-variable has-default-attributes\">\n\t<div class=\"product-inner clr\">\n\t<div class=\"woo-entry-image-swap woo-entry-image clr\">\n\t\t<a href=\"https:\/\/voyagedelabaleine.fr\/it\/prodotto\/cappotto-bambina-effetto-trench-beige\/\" class=\"woocommerce-LoopProduct-link\"><img decoding=\"async\" width=\"600\" height=\"800\" src=\"https:\/\/voyagedelabaleine.fr\/wp-content\/uploads\/2025\/07\/manteau-bebe-fille-trench-coat-600x800.jpg\" class=\"woo-entry-image-main\" alt=\"Cappotto bambina effetto &#8220;trench&#8221; &#8211; Beige\" itemprop=\"image\" srcset=\"https:\/\/voyagedelabaleine.fr\/wp-content\/uploads\/2025\/07\/manteau-bebe-fille-trench-coat-600x800.jpg 600w, https:\/\/voyagedelabaleine.fr\/wp-content\/uploads\/2025\/07\/manteau-bebe-fille-trench-coat-225x300.jpg 225w, https:\/\/voyagedelabaleine.fr\/wp-content\/uploads\/2025\/07\/manteau-bebe-fille-trench-coat-768x1024.jpg 768w, https:\/\/voyagedelabaleine.fr\/wp-content\/uploads\/2025\/07\/manteau-bebe-fille-trench-coat-1152x1536.jpg 1152w, https:\/\/voyagedelabaleine.fr\/wp-content\/uploads\/2025\/07\/manteau-bebe-fille-trench-coat.jpg 1186w\" sizes=\"(max-width: 600px) 100vw, 600px\" \/><img decoding=\"async\" width=\"600\" height=\"800\" src=\"https:\/\/voyagedelabaleine.fr\/wp-content\/uploads\/2025\/07\/manteau-bebe-fille-trench-coat-2-600x800.jpg\" class=\"woo-entry-image-secondary\" alt=\"Cappotto bambina effetto &#8220;trench&#8221; &#8211; Beige\" itemprop=\"image\" srcset=\"https:\/\/voyagedelabaleine.fr\/wp-content\/uploads\/2025\/07\/manteau-bebe-fille-trench-coat-2-600x801.jpg 600w, https:\/\/voyagedelabaleine.fr\/wp-content\/uploads\/2025\/07\/manteau-bebe-fille-trench-coat-2-225x300.jpg 225w, https:\/\/voyagedelabaleine.fr\/wp-content\/uploads\/2025\/07\/manteau-bebe-fille-trench-coat-2.jpg 654w\" sizes=\"(max-width: 600px) 100vw, 600px\" \/><\/a>\t<\/div><!-- .woo-entry-image-swap -->\n\n<ul class=\"woo-entry-inner clr\"><li class=\"image-wrap\">\n\t<div class=\"woo-entry-image-swap woo-entry-image clr\">\n\t\t<a href=\"https:\/\/voyagedelabaleine.fr\/it\/prodotto\/cappotto-bambina-effetto-trench-beige\/\" class=\"woocommerce-LoopProduct-link\"><img decoding=\"async\" width=\"600\" height=\"800\" src=\"https:\/\/voyagedelabaleine.fr\/wp-content\/uploads\/2025\/07\/manteau-bebe-fille-trench-coat-600x800.jpg\" class=\"woo-entry-image-main\" alt=\"Cappotto bambina effetto &#8220;trench&#8221; &#8211; Beige\" itemprop=\"image\" srcset=\"https:\/\/voyagedelabaleine.fr\/wp-content\/uploads\/2025\/07\/manteau-bebe-fille-trench-coat-600x800.jpg 600w, https:\/\/voyagedelabaleine.fr\/wp-content\/uploads\/2025\/07\/manteau-bebe-fille-trench-coat-225x300.jpg 225w, https:\/\/voyagedelabaleine.fr\/wp-content\/uploads\/2025\/07\/manteau-bebe-fille-trench-coat-768x1024.jpg 768w, https:\/\/voyagedelabaleine.fr\/wp-content\/uploads\/2025\/07\/manteau-bebe-fille-trench-coat-1152x1536.jpg 1152w, https:\/\/voyagedelabaleine.fr\/wp-content\/uploads\/2025\/07\/manteau-bebe-fille-trench-coat.jpg 1186w\" sizes=\"(max-width: 600px) 100vw, 600px\" \/><img decoding=\"async\" width=\"600\" height=\"800\" src=\"https:\/\/voyagedelabaleine.fr\/wp-content\/uploads\/2025\/07\/manteau-bebe-fille-trench-coat-2-600x800.jpg\" class=\"woo-entry-image-secondary\" alt=\"Cappotto bambina effetto &#8220;trench&#8221; &#8211; Beige\" itemprop=\"image\" srcset=\"https:\/\/voyagedelabaleine.fr\/wp-content\/uploads\/2025\/07\/manteau-bebe-fille-trench-coat-2-600x801.jpg 600w, https:\/\/voyagedelabaleine.fr\/wp-content\/uploads\/2025\/07\/manteau-bebe-fille-trench-coat-2-225x300.jpg 225w, https:\/\/voyagedelabaleine.fr\/wp-content\/uploads\/2025\/07\/manteau-bebe-fille-trench-coat-2.jpg 654w\" sizes=\"(max-width: 600px) 100vw, 600px\" \/><\/a>\t<\/div><!-- .woo-entry-image-swap -->\n\n<\/li><li class=\"title\"><h2><a href=\"https:\/\/voyagedelabaleine.fr\/it\/prodotto\/cappotto-bambina-effetto-trench-beige\/\">Cappotto bambina effetto &#8220;trench&#8221; &#8211; Beige<\/a><\/h2><\/li><li class=\"price-wrap\">\n\t<span class=\"price\"><span class=\"woocommerce-Price-amount amount\"><bdi>86<span class=\"woocommerce-Price-currencySymbol\">&euro;<\/span><\/bdi><\/span><\/span>\n<\/li><\/ul><\/div><!-- .product-inner .clr --><\/li>\n<li class=\"entry has-media col span_1_of_2 owp-content-center owp-thumbs-layout-vertical owp-btn-big owp-tabs-layout-vertical circle-sale product type-product post-31554 status-publish last instock product_cat-abbigliamento product_cat-giacca-cappotto-bambini product_cat-giacca-cappotto-bambino product_cat-giacca-cappotto-neonati product_cat-giacca-cappotto-neonato has-post-thumbnail taxable shipping-taxable purchasable product-type-variable has-default-attributes\">\n\t<div class=\"product-inner clr\">\n\t<div class=\"woo-entry-image-swap woo-entry-image clr\">\n\t\t<a href=\"https:\/\/voyagedelabaleine.fr\/it\/prodotto\/giacca-bambino-effetto-trench-coat-beige\/\" class=\"woocommerce-LoopProduct-link\"><img decoding=\"async\" width=\"600\" height=\"800\" src=\"https:\/\/voyagedelabaleine.fr\/wp-content\/uploads\/2025\/07\/veste-bebe-garcon-trench-beige-600x800.jpg\" class=\"woo-entry-image-main\" alt=\"Giacca bambino effetto &#8220;trench-coat&#8221; &#8211; Beige\" itemprop=\"image\" srcset=\"https:\/\/voyagedelabaleine.fr\/wp-content\/uploads\/2025\/07\/veste-bebe-garcon-trench-beige-600x800.jpg 600w, https:\/\/voyagedelabaleine.fr\/wp-content\/uploads\/2025\/07\/veste-bebe-garcon-trench-beige-225x300.jpg 225w, https:\/\/voyagedelabaleine.fr\/wp-content\/uploads\/2025\/07\/veste-bebe-garcon-trench-beige-768x1024.jpg 768w, https:\/\/voyagedelabaleine.fr\/wp-content\/uploads\/2025\/07\/veste-bebe-garcon-trench-beige-1152x1536.jpg 1152w, https:\/\/voyagedelabaleine.fr\/wp-content\/uploads\/2025\/07\/veste-bebe-garcon-trench-beige.jpg 1200w\" sizes=\"(max-width: 600px) 100vw, 600px\" \/><img decoding=\"async\" width=\"600\" height=\"800\" src=\"https:\/\/voyagedelabaleine.fr\/wp-content\/uploads\/2025\/07\/manteau-bebe-garcon-trench-coat-600x800.jpg\" class=\"woo-entry-image-secondary\" alt=\"Giacca bambino effetto &#8220;trench-coat&#8221; &#8211; Beige\" itemprop=\"image\" srcset=\"https:\/\/voyagedelabaleine.fr\/wp-content\/uploads\/2025\/07\/manteau-bebe-garcon-trench-coat-600x800.jpg 600w, https:\/\/voyagedelabaleine.fr\/wp-content\/uploads\/2025\/07\/manteau-bebe-garcon-trench-coat-225x300.jpg 225w, https:\/\/voyagedelabaleine.fr\/wp-content\/uploads\/2025\/07\/manteau-bebe-garcon-trench-coat-768x1024.jpg 768w, https:\/\/voyagedelabaleine.fr\/wp-content\/uploads\/2025\/07\/manteau-bebe-garcon-trench-coat-1152x1536.jpg 1152w, https:\/\/voyagedelabaleine.fr\/wp-content\/uploads\/2025\/07\/manteau-bebe-garcon-trench-coat.jpg 1200w\" sizes=\"(max-width: 600px) 100vw, 600px\" \/><\/a>\t<\/div><!-- .woo-entry-image-swap -->\n\n<ul class=\"woo-entry-inner clr\"><li class=\"image-wrap\">\n\t<div class=\"woo-entry-image-swap woo-entry-image clr\">\n\t\t<a href=\"https:\/\/voyagedelabaleine.fr\/it\/prodotto\/giacca-bambino-effetto-trench-coat-beige\/\" class=\"woocommerce-LoopProduct-link\"><img decoding=\"async\" width=\"600\" height=\"800\" src=\"https:\/\/voyagedelabaleine.fr\/wp-content\/uploads\/2025\/07\/veste-bebe-garcon-trench-beige-600x800.jpg\" class=\"woo-entry-image-main\" alt=\"Giacca bambino effetto &#8220;trench-coat&#8221; &#8211; Beige\" itemprop=\"image\" srcset=\"https:\/\/voyagedelabaleine.fr\/wp-content\/uploads\/2025\/07\/veste-bebe-garcon-trench-beige-600x800.jpg 600w, https:\/\/voyagedelabaleine.fr\/wp-content\/uploads\/2025\/07\/veste-bebe-garcon-trench-beige-225x300.jpg 225w, https:\/\/voyagedelabaleine.fr\/wp-content\/uploads\/2025\/07\/veste-bebe-garcon-trench-beige-768x1024.jpg 768w, https:\/\/voyagedelabaleine.fr\/wp-content\/uploads\/2025\/07\/veste-bebe-garcon-trench-beige-1152x1536.jpg 1152w, https:\/\/voyagedelabaleine.fr\/wp-content\/uploads\/2025\/07\/veste-bebe-garcon-trench-beige.jpg 1200w\" sizes=\"(max-width: 600px) 100vw, 600px\" \/><img decoding=\"async\" width=\"600\" height=\"800\" src=\"https:\/\/voyagedelabaleine.fr\/wp-content\/uploads\/2025\/07\/manteau-bebe-garcon-trench-coat-600x800.jpg\" class=\"woo-entry-image-secondary\" alt=\"Giacca bambino effetto &#8220;trench-coat&#8221; &#8211; Beige\" itemprop=\"image\" srcset=\"https:\/\/voyagedelabaleine.fr\/wp-content\/uploads\/2025\/07\/manteau-bebe-garcon-trench-coat-600x800.jpg 600w, https:\/\/voyagedelabaleine.fr\/wp-content\/uploads\/2025\/07\/manteau-bebe-garcon-trench-coat-225x300.jpg 225w, https:\/\/voyagedelabaleine.fr\/wp-content\/uploads\/2025\/07\/manteau-bebe-garcon-trench-coat-768x1024.jpg 768w, https:\/\/voyagedelabaleine.fr\/wp-content\/uploads\/2025\/07\/manteau-bebe-garcon-trench-coat-1152x1536.jpg 1152w, https:\/\/voyagedelabaleine.fr\/wp-content\/uploads\/2025\/07\/manteau-bebe-garcon-trench-coat.jpg 1200w\" sizes=\"(max-width: 600px) 100vw, 600px\" \/><\/a>\t<\/div><!-- .woo-entry-image-swap -->\n\n<\/li><li class=\"title\"><h2><a href=\"https:\/\/voyagedelabaleine.fr\/it\/prodotto\/giacca-bambino-effetto-trench-coat-beige\/\">Giacca bambino effetto &#8220;trench-coat&#8221; &#8211; Beige<\/a><\/h2><\/li><li class=\"price-wrap\">\n\t<span class=\"price\"><span class=\"woocommerce-Price-amount amount\"><bdi>86<span class=\"woocommerce-Price-currencySymbol\">&euro;<\/span><\/bdi><\/span><\/span>\n<\/li><\/ul><\/div><!-- .product-inner .clr --><\/li>\n<\/ul>\n<\/div><\/div>\n\t\t\t\t\t\t<\/div>\n\t\t\t\t<\/div>\n\t\t<div class=\"elementor-element elementor-element-ad861de e-con-full e-flex e-con e-parent\" data-id=\"ad861de\" data-element_type=\"container\" data-e-type=\"container\">\n\t\t\t\t<div class=\"elementor-element elementor-element-764242c elementor-widget-divider--separator-type-pattern elementor-widget-divider--view-line elementor-widget elementor-widget-divider\" data-id=\"764242c\" data-element_type=\"widget\" data-e-type=\"widget\" data-widget_type=\"divider.default\">\n\t\t\t\t\t\t\t<div class=\"elementor-divider\" style=\"--divider-pattern-url: url(&quot;data:image\/svg+xml,%3Csvg xmlns=&#039;http:\/\/www.w3.org\/2000\/svg&#039; preserveAspectRatio=&#039;none&#039; overflow=&#039;visible&#039; height=&#039;100%&#039; viewBox=&#039;0 0 24 24&#039; fill=&#039;black&#039; stroke=&#039;none&#039;%3E%3Cpath d=&#039;M12.7,2.3c-0.4-0.4-1.1-0.4-1.5,0l-8,9.1c-0.3,0.4-0.3,0.9,0,1.2l8,9.1c0.4,0.4,1.1,0.4,1.5,0l8-9.1c0.3-0.4,0.3-0.9,0-1.2L12.7,2.3z&#039;\/%3E%3C\/svg%3E&quot;);\">\n\t\t\t<span class=\"elementor-divider-separator\">\n\t\t\t\t\t\t<\/span>\n\t\t<\/div>\n\t\t\t\t\t\t<\/div>\n\t\t<div class=\"elementor-element elementor-element-ef532a6 e-grid e-con-full e-con e-child\" data-id=\"ef532a6\" data-element_type=\"container\" data-e-type=\"container\">\n\t\t<div class=\"elementor-element elementor-element-430c97b e-con-full e-flex e-con e-child\" data-id=\"430c97b\" data-element_type=\"container\" data-e-type=\"container\">\n\t\t\t\t<div class=\"elementor-element elementor-element-e9bd2a8 elementor-widget elementor-widget-heading\" data-id=\"e9bd2a8\" data-element_type=\"widget\" data-e-type=\"widget\" data-widget_type=\"heading.default\">\n\t\t\t\t\t<h2 class=\"elementor-heading-title elementor-size-default\">Piccoli quadretti<\/h2>\t\t\t\t<\/div>\n\t\t\t\t<\/div>\n\t\t\t\t<\/div>\n\t\t\t\t<\/div>\n\t\t<div class=\"elementor-element elementor-element-d619f3b e-con-full e-flex e-con e-parent\" data-id=\"d619f3b\" data-element_type=\"container\" data-e-type=\"container\">\n\t\t\t\t<div class=\"elementor-element elementor-element-7a56a09 elementor-widget elementor-widget-shortcode\" data-id=\"7a56a09\" data-element_type=\"widget\" data-e-type=\"widget\" data-widget_type=\"shortcode.default\">\n\t\t\t\t\t\t\t<div class=\"elementor-shortcode\"><div class=\"woocommerce columns-2 \">\r\n<ul class=\"products oceanwp-row clr grid tablet-col tablet-2-col mobile-col mobile-2-col\">\r\n<li class=\"entry has-media col span_1_of_2 owp-content-center owp-thumbs-layout-vertical owp-btn-big owp-tabs-layout-vertical circle-sale product type-product post-30226 status-publish first instock product_cat-abbigliamento product_cat-pagliaccetto-salopette-nascita product_cat-pagliaccetto-salopette-nascita-ragazza product_cat-pagliaccetto-salopette-nascita-ragazzo product_cat-pagliaccetto-salopette-neonata product_cat-pagliaccetto-salopette-neonati product_cat-pagliaccetto-salopette-neonato has-post-thumbnail taxable shipping-taxable purchasable product-type-variable has-default-attributes\">\n\t<div class=\"product-inner clr\">\n\t<div class=\"woo-entry-image-swap woo-entry-image clr\">\n\t\t<a href=\"https:\/\/voyagedelabaleine.fr\/it\/prodotto\/tutina-neonato-a-quadri-con-bretelle-blu-verde\/\" class=\"woocommerce-LoopProduct-link\"><img decoding=\"async\" width=\"600\" height=\"800\" src=\"https:\/\/voyagedelabaleine.fr\/wp-content\/uploads\/2025\/07\/barboteuse-bebe-bretelles-petits-carreaux-600x800.jpg\" class=\"woo-entry-image-main\" alt=\"Tutina neonato a quadri con bretelle &#8211; Blu\/verde\" itemprop=\"image\" srcset=\"https:\/\/voyagedelabaleine.fr\/wp-content\/uploads\/2025\/07\/barboteuse-bebe-bretelles-petits-carreaux-600x800.jpg 600w, https:\/\/voyagedelabaleine.fr\/wp-content\/uploads\/2025\/07\/barboteuse-bebe-bretelles-petits-carreaux-225x300.jpg 225w, https:\/\/voyagedelabaleine.fr\/wp-content\/uploads\/2025\/07\/barboteuse-bebe-bretelles-petits-carreaux.jpg 704w\" sizes=\"(max-width: 600px) 100vw, 600px\" \/><img decoding=\"async\" width=\"477\" height=\"636\" src=\"https:\/\/voyagedelabaleine.fr\/wp-content\/uploads\/2025\/07\/barboteuse-bebe-bretelles-petits-carreaux-1.jpg\" class=\"woo-entry-image-secondary\" alt=\"Tutina neonato a quadri con bretelle &#8211; Blu\/verde\" itemprop=\"image\" srcset=\"https:\/\/voyagedelabaleine.fr\/wp-content\/uploads\/2025\/07\/barboteuse-bebe-bretelles-petits-carreaux-1.jpg 477w, https:\/\/voyagedelabaleine.fr\/wp-content\/uploads\/2025\/07\/barboteuse-bebe-bretelles-petits-carreaux-1-225x300.jpg 225w\" sizes=\"(max-width: 477px) 100vw, 477px\" \/><\/a>\t<\/div><!-- .woo-entry-image-swap -->\n\n<ul class=\"woo-entry-inner clr\"><li class=\"image-wrap\">\n\t<div class=\"woo-entry-image-swap woo-entry-image clr\">\n\t\t<a href=\"https:\/\/voyagedelabaleine.fr\/it\/prodotto\/tutina-neonato-a-quadri-con-bretelle-blu-verde\/\" class=\"woocommerce-LoopProduct-link\"><img decoding=\"async\" width=\"600\" height=\"800\" src=\"https:\/\/voyagedelabaleine.fr\/wp-content\/uploads\/2025\/07\/barboteuse-bebe-bretelles-petits-carreaux-600x800.jpg\" class=\"woo-entry-image-main\" alt=\"Tutina neonato a quadri con bretelle &#8211; Blu\/verde\" itemprop=\"image\" srcset=\"https:\/\/voyagedelabaleine.fr\/wp-content\/uploads\/2025\/07\/barboteuse-bebe-bretelles-petits-carreaux-600x800.jpg 600w, https:\/\/voyagedelabaleine.fr\/wp-content\/uploads\/2025\/07\/barboteuse-bebe-bretelles-petits-carreaux-225x300.jpg 225w, https:\/\/voyagedelabaleine.fr\/wp-content\/uploads\/2025\/07\/barboteuse-bebe-bretelles-petits-carreaux.jpg 704w\" sizes=\"(max-width: 600px) 100vw, 600px\" \/><img decoding=\"async\" width=\"477\" height=\"636\" src=\"https:\/\/voyagedelabaleine.fr\/wp-content\/uploads\/2025\/07\/barboteuse-bebe-bretelles-petits-carreaux-1.jpg\" class=\"woo-entry-image-secondary\" alt=\"Tutina neonato a quadri con bretelle &#8211; Blu\/verde\" itemprop=\"image\" srcset=\"https:\/\/voyagedelabaleine.fr\/wp-content\/uploads\/2025\/07\/barboteuse-bebe-bretelles-petits-carreaux-1.jpg 477w, https:\/\/voyagedelabaleine.fr\/wp-content\/uploads\/2025\/07\/barboteuse-bebe-bretelles-petits-carreaux-1-225x300.jpg 225w\" sizes=\"(max-width: 477px) 100vw, 477px\" \/><\/a>\t<\/div><!-- .woo-entry-image-swap -->\n\n<\/li><li class=\"title\"><h2><a href=\"https:\/\/voyagedelabaleine.fr\/it\/prodotto\/tutina-neonato-a-quadri-con-bretelle-blu-verde\/\">Tutina neonato a quadri con bretelle &#8211; Blu\/verde<\/a><\/h2><\/li><li class=\"price-wrap\">\n\t<span class=\"price\"><span class=\"woocommerce-Price-amount amount\"><bdi>30<span class=\"woocommerce-Price-currencySymbol\">&euro;<\/span><\/bdi><\/span><\/span>\n<\/li><\/ul><\/div><!-- .product-inner .clr --><\/li>\n<li class=\"entry has-media col span_1_of_2 owp-content-center owp-thumbs-layout-vertical owp-btn-big owp-tabs-layout-vertical circle-sale product type-product post-30790 status-publish last instock product_cat-abbigliamento product_cat-bloomer-short-pantaloni-neonati product_cat-bloomer-short-pantaloni-neonato product_cat-blusa-camicia-bambini product_cat-blusa-camicia-bambino product_cat-blusa-camicia-neonati product_cat-blusa-camicia-neonato product_cat-completi-neonati product_cat-completi-neonato product_cat-completo-salopette-bambini product_cat-completo-salopette-bambino product_cat-pantaloni-short-bambini product_cat-pantaloni-short-bambino has-post-thumbnail taxable shipping-taxable purchasable product-type-variable has-default-attributes\">\n\t<div class=\"product-inner clr\">\n\t<div class=\"woo-entry-image-swap woo-entry-image clr\">\n\t\t<a href=\"https:\/\/voyagedelabaleine.fr\/it\/prodotto\/completo-neonato-camicia-a-quadri-e-bloomer-marrone\/\" class=\"woocommerce-LoopProduct-link\"><img decoding=\"async\" width=\"600\" height=\"800\" src=\"https:\/\/voyagedelabaleine.fr\/wp-content\/uploads\/2025\/07\/ensemble-bebe-garcon-chemise-bloomer-marron-3-600x800.jpg\" class=\"woo-entry-image-main\" alt=\"Completo neonato camicia a quadri e bloomer &#8211; Marrone\" itemprop=\"image\" \/><img decoding=\"async\" width=\"600\" height=\"800\" src=\"https:\/\/voyagedelabaleine.fr\/wp-content\/uploads\/2025\/07\/ensemble-bebe-garcon-chemise-bloomer-marron-600x800.jpg\" class=\"woo-entry-image-secondary\" alt=\"Completo neonato camicia a quadri e bloomer &#8211; Marrone\" itemprop=\"image\" srcset=\"https:\/\/voyagedelabaleine.fr\/wp-content\/uploads\/2025\/07\/ensemble-bebe-garcon-chemise-bloomer-marron-600x800.jpg 600w, https:\/\/voyagedelabaleine.fr\/wp-content\/uploads\/2025\/07\/ensemble-bebe-garcon-chemise-bloomer-marron-225x300.jpg 225w, https:\/\/voyagedelabaleine.fr\/wp-content\/uploads\/2025\/07\/ensemble-bebe-garcon-chemise-bloomer-marron-768x1024.jpg 768w, https:\/\/voyagedelabaleine.fr\/wp-content\/uploads\/2025\/07\/ensemble-bebe-garcon-chemise-bloomer-marron.jpg 886w\" sizes=\"(max-width: 600px) 100vw, 600px\" \/><\/a>\t<\/div><!-- .woo-entry-image-swap -->\n\n<ul class=\"woo-entry-inner clr\"><li class=\"image-wrap\">\n\t<div class=\"woo-entry-image-swap woo-entry-image clr\">\n\t\t<a href=\"https:\/\/voyagedelabaleine.fr\/it\/prodotto\/completo-neonato-camicia-a-quadri-e-bloomer-marrone\/\" class=\"woocommerce-LoopProduct-link\"><img decoding=\"async\" width=\"600\" height=\"800\" src=\"https:\/\/voyagedelabaleine.fr\/wp-content\/uploads\/2025\/07\/ensemble-bebe-garcon-chemise-bloomer-marron-3-600x800.jpg\" class=\"woo-entry-image-main\" alt=\"Completo neonato camicia a quadri e bloomer &#8211; Marrone\" itemprop=\"image\" \/><img decoding=\"async\" width=\"600\" height=\"800\" src=\"https:\/\/voyagedelabaleine.fr\/wp-content\/uploads\/2025\/07\/ensemble-bebe-garcon-chemise-bloomer-marron-600x800.jpg\" class=\"woo-entry-image-secondary\" alt=\"Completo neonato camicia a quadri e bloomer &#8211; Marrone\" itemprop=\"image\" srcset=\"https:\/\/voyagedelabaleine.fr\/wp-content\/uploads\/2025\/07\/ensemble-bebe-garcon-chemise-bloomer-marron-600x800.jpg 600w, https:\/\/voyagedelabaleine.fr\/wp-content\/uploads\/2025\/07\/ensemble-bebe-garcon-chemise-bloomer-marron-225x300.jpg 225w, https:\/\/voyagedelabaleine.fr\/wp-content\/uploads\/2025\/07\/ensemble-bebe-garcon-chemise-bloomer-marron-768x1024.jpg 768w, https:\/\/voyagedelabaleine.fr\/wp-content\/uploads\/2025\/07\/ensemble-bebe-garcon-chemise-bloomer-marron.jpg 886w\" sizes=\"(max-width: 600px) 100vw, 600px\" \/><\/a>\t<\/div><!-- .woo-entry-image-swap -->\n\n<\/li><li class=\"title\"><h2><a href=\"https:\/\/voyagedelabaleine.fr\/it\/prodotto\/completo-neonato-camicia-a-quadri-e-bloomer-marrone\/\">Completo neonato camicia a quadri e bloomer &#8211; Marrone<\/a><\/h2><\/li><li class=\"price-wrap\">\n\t<span class=\"price\"><span class=\"woocommerce-Price-amount amount\"><bdi>62<span class=\"woocommerce-Price-currencySymbol\">&euro;<\/span><\/bdi><\/span><\/span>\n<\/li><\/ul><\/div><!-- .product-inner .clr --><\/li>\n<\/ul>\n<\/div><\/div>\n\t\t\t\t\t\t<\/div>\n\t\t\t\t<\/div>\n\t\t<div class=\"elementor-element elementor-element-e46d54e e-con-full e-flex e-con e-parent\" data-id=\"e46d54e\" data-element_type=\"container\" data-e-type=\"container\">\n\t\t\t\t<div class=\"elementor-element elementor-element-13030f0 elementor-widget-divider--separator-type-pattern elementor-widget-divider--view-line elementor-widget elementor-widget-divider\" data-id=\"13030f0\" data-element_type=\"widget\" data-e-type=\"widget\" data-widget_type=\"divider.default\">\n\t\t\t\t\t\t\t<div class=\"elementor-divider\" style=\"--divider-pattern-url: url(&quot;data:image\/svg+xml,%3Csvg xmlns=&#039;http:\/\/www.w3.org\/2000\/svg&#039; preserveAspectRatio=&#039;none&#039; overflow=&#039;visible&#039; height=&#039;100%&#039; viewBox=&#039;0 0 24 24&#039; fill=&#039;black&#039; stroke=&#039;none&#039;%3E%3Cpath d=&#039;M12.7,2.3c-0.4-0.4-1.1-0.4-1.5,0l-8,9.1c-0.3,0.4-0.3,0.9,0,1.2l8,9.1c0.4,0.4,1.1,0.4,1.5,0l8-9.1c0.3-0.4,0.3-0.9,0-1.2L12.7,2.3z&#039;\/%3E%3C\/svg%3E&quot;);\">\n\t\t\t<span class=\"elementor-divider-separator\">\n\t\t\t\t\t\t<\/span>\n\t\t<\/div>\n\t\t\t\t\t\t<\/div>\n\t\t<div class=\"elementor-element elementor-element-90beacc e-grid e-con-full e-con e-child\" data-id=\"90beacc\" data-element_type=\"container\" data-e-type=\"container\">\n\t\t<div class=\"elementor-element elementor-element-2ee35b5 e-con-full e-flex e-con e-child\" data-id=\"2ee35b5\" data-element_type=\"container\" data-e-type=\"container\">\n\t\t\t\t<div class=\"elementor-element elementor-element-a3381a3 elementor-widget elementor-widget-heading\" data-id=\"a3381a3\" data-element_type=\"widget\" data-e-type=\"widget\" data-widget_type=\"heading.default\">\n\t\t\t\t\t<h2 class=\"elementor-heading-title elementor-size-default\">Weekend in campagna<\/h2>\t\t\t\t<\/div>\n\t\t\t\t<\/div>\n\t\t\t\t<\/div>\n\t\t\t\t<\/div>\n\t\t<div class=\"elementor-element elementor-element-694e82c e-con-full e-flex e-con e-parent\" data-id=\"694e82c\" data-element_type=\"container\" data-e-type=\"container\">\n\t\t\t\t<div class=\"elementor-element elementor-element-43d5c70 elementor-widget elementor-widget-shortcode\" data-id=\"43d5c70\" data-element_type=\"widget\" data-e-type=\"widget\" data-widget_type=\"shortcode.default\">\n\t\t\t\t\t\t\t<div class=\"elementor-shortcode\"><div class=\"woocommerce columns-2 \">\r\n<ul class=\"products oceanwp-row clr grid tablet-col tablet-2-col mobile-col mobile-2-col\">\r\n<li class=\"entry has-media col span_1_of_2 owp-content-center owp-thumbs-layout-vertical owp-btn-big owp-tabs-layout-vertical circle-sale product type-product post-30252 status-publish first instock product_cat-abbigliamento product_cat-pagliaccetto-salopette-nascita product_cat-pagliaccetto-salopette-nascita-ragazza product_cat-pagliaccetto-salopette-nascita-ragazzo product_cat-pagliaccetto-salopette-neonata product_cat-pagliaccetto-salopette-neonati product_cat-pagliaccetto-salopette-neonato has-post-thumbnail taxable shipping-taxable purchasable product-type-variable has-default-attributes\">\n\t<div class=\"product-inner clr\">\n\t<div class=\"woo-entry-image-swap woo-entry-image clr\">\n\t\t<a href=\"https:\/\/voyagedelabaleine.fr\/it\/prodotto\/tutina-neonato-a-quadretti-verde-rosso\/\" class=\"woocommerce-LoopProduct-link\"><img decoding=\"async\" width=\"600\" height=\"800\" src=\"https:\/\/voyagedelabaleine.fr\/wp-content\/uploads\/2025\/07\/Barboteuse-bebe-petits-carreaux-600x800.jpg\" class=\"woo-entry-image-main\" alt=\"Tutina neonato a quadretti &#8211; Verde\/rosso\" itemprop=\"image\" srcset=\"https:\/\/voyagedelabaleine.fr\/wp-content\/uploads\/2025\/07\/Barboteuse-bebe-petits-carreaux-600x800.jpg 600w, https:\/\/voyagedelabaleine.fr\/wp-content\/uploads\/2025\/07\/Barboteuse-bebe-petits-carreaux-225x300.jpg 225w, https:\/\/voyagedelabaleine.fr\/wp-content\/uploads\/2025\/07\/Barboteuse-bebe-petits-carreaux-768x1024.jpg 768w, https:\/\/voyagedelabaleine.fr\/wp-content\/uploads\/2025\/07\/Barboteuse-bebe-petits-carreaux.jpg 855w\" sizes=\"(max-width: 600px) 100vw, 600px\" \/><img decoding=\"async\" width=\"600\" height=\"800\" src=\"https:\/\/voyagedelabaleine.fr\/wp-content\/uploads\/2025\/07\/Barboteuse-bebe-petits-carreaux-1-600x800.jpg\" class=\"woo-entry-image-secondary\" alt=\"Tutina neonato a quadretti &#8211; Verde\/rosso\" itemprop=\"image\" srcset=\"https:\/\/voyagedelabaleine.fr\/wp-content\/uploads\/2025\/07\/Barboteuse-bebe-petits-carreaux-1-600x800.jpg 600w, https:\/\/voyagedelabaleine.fr\/wp-content\/uploads\/2025\/07\/Barboteuse-bebe-petits-carreaux-1-225x300.jpg 225w, https:\/\/voyagedelabaleine.fr\/wp-content\/uploads\/2025\/07\/Barboteuse-bebe-petits-carreaux-1-768x1024.jpg 768w, https:\/\/voyagedelabaleine.fr\/wp-content\/uploads\/2025\/07\/Barboteuse-bebe-petits-carreaux-1.jpg 900w\" sizes=\"(max-width: 600px) 100vw, 600px\" \/><\/a>\t<\/div><!-- .woo-entry-image-swap -->\n\n<ul class=\"woo-entry-inner clr\"><li class=\"image-wrap\">\n\t<div class=\"woo-entry-image-swap woo-entry-image clr\">\n\t\t<a href=\"https:\/\/voyagedelabaleine.fr\/it\/prodotto\/tutina-neonato-a-quadretti-verde-rosso\/\" class=\"woocommerce-LoopProduct-link\"><img decoding=\"async\" width=\"600\" height=\"800\" src=\"https:\/\/voyagedelabaleine.fr\/wp-content\/uploads\/2025\/07\/Barboteuse-bebe-petits-carreaux-600x800.jpg\" class=\"woo-entry-image-main\" alt=\"Tutina neonato a quadretti &#8211; Verde\/rosso\" itemprop=\"image\" srcset=\"https:\/\/voyagedelabaleine.fr\/wp-content\/uploads\/2025\/07\/Barboteuse-bebe-petits-carreaux-600x800.jpg 600w, https:\/\/voyagedelabaleine.fr\/wp-content\/uploads\/2025\/07\/Barboteuse-bebe-petits-carreaux-225x300.jpg 225w, https:\/\/voyagedelabaleine.fr\/wp-content\/uploads\/2025\/07\/Barboteuse-bebe-petits-carreaux-768x1024.jpg 768w, https:\/\/voyagedelabaleine.fr\/wp-content\/uploads\/2025\/07\/Barboteuse-bebe-petits-carreaux.jpg 855w\" sizes=\"(max-width: 600px) 100vw, 600px\" \/><img decoding=\"async\" width=\"600\" height=\"800\" src=\"https:\/\/voyagedelabaleine.fr\/wp-content\/uploads\/2025\/07\/Barboteuse-bebe-petits-carreaux-1-600x800.jpg\" class=\"woo-entry-image-secondary\" alt=\"Tutina neonato a quadretti &#8211; Verde\/rosso\" itemprop=\"image\" srcset=\"https:\/\/voyagedelabaleine.fr\/wp-content\/uploads\/2025\/07\/Barboteuse-bebe-petits-carreaux-1-600x800.jpg 600w, https:\/\/voyagedelabaleine.fr\/wp-content\/uploads\/2025\/07\/Barboteuse-bebe-petits-carreaux-1-225x300.jpg 225w, https:\/\/voyagedelabaleine.fr\/wp-content\/uploads\/2025\/07\/Barboteuse-bebe-petits-carreaux-1-768x1024.jpg 768w, https:\/\/voyagedelabaleine.fr\/wp-content\/uploads\/2025\/07\/Barboteuse-bebe-petits-carreaux-1.jpg 900w\" sizes=\"(max-width: 600px) 100vw, 600px\" \/><\/a>\t<\/div><!-- .woo-entry-image-swap -->\n\n<\/li><li class=\"title\"><h2><a href=\"https:\/\/voyagedelabaleine.fr\/it\/prodotto\/tutina-neonato-a-quadretti-verde-rosso\/\">Tutina neonato a quadretti &#8211; Verde\/rosso<\/a><\/h2><\/li><li class=\"price-wrap\">\n\t<span class=\"price\"><span class=\"woocommerce-Price-amount amount\"><bdi>48<span class=\"woocommerce-Price-currencySymbol\">&euro;<\/span><\/bdi><\/span><\/span>\n<\/li><\/ul><\/div><!-- .product-inner .clr --><\/li>\n<li class=\"entry has-media col span_1_of_2 owp-content-center owp-thumbs-layout-vertical owp-btn-big owp-tabs-layout-vertical circle-sale product type-product post-31991 status-publish last instock product_cat-abbigliamento product_cat-completi-nascita product_cat-completi-nascita-ragazzo product_cat-completi-neonati product_cat-completi-neonato product_cat-completo-salopette-bambini product_cat-completo-salopette-bambino product_cat-pagliaccetto-salopette-nascita product_cat-pagliaccetto-salopette-nascita-ragazzo product_cat-pagliaccetto-salopette-neonati product_cat-pagliaccetto-salopette-neonato has-post-thumbnail taxable shipping-taxable purchasable product-type-variable has-default-attributes\">\n\t<div class=\"product-inner clr\">\n\t<div class=\"woo-entry-image-swap woo-entry-image clr\">\n\t\t<a href=\"https:\/\/voyagedelabaleine.fr\/it\/prodotto\/completo-camicia-e-salopette-neonato-a-quadretti-verde-rosso\/\" class=\"woocommerce-LoopProduct-link\"><img decoding=\"async\" width=\"600\" height=\"800\" src=\"https:\/\/voyagedelabaleine.fr\/wp-content\/uploads\/2025\/07\/Ensemble-chemise-salopette-bebe-petits-carreaux-1-600x800.jpg\" class=\"woo-entry-image-main\" alt=\"Completo camicia e salopette neonato a quadretti &#8211; Verde\/rosso\" itemprop=\"image\" srcset=\"https:\/\/voyagedelabaleine.fr\/wp-content\/uploads\/2025\/07\/Ensemble-chemise-salopette-bebe-petits-carreaux-1-600x800.jpg 600w, https:\/\/voyagedelabaleine.fr\/wp-content\/uploads\/2025\/07\/Ensemble-chemise-salopette-bebe-petits-carreaux-1-225x300.jpg 225w, https:\/\/voyagedelabaleine.fr\/wp-content\/uploads\/2025\/07\/Ensemble-chemise-salopette-bebe-petits-carreaux-1-768x1024.jpg 768w, https:\/\/voyagedelabaleine.fr\/wp-content\/uploads\/2025\/07\/Ensemble-chemise-salopette-bebe-petits-carreaux-1.jpg 855w\" sizes=\"(max-width: 600px) 100vw, 600px\" \/><img decoding=\"async\" width=\"600\" height=\"800\" src=\"https:\/\/voyagedelabaleine.fr\/wp-content\/uploads\/2025\/07\/Ensemble-chemise-salopette-bebe-petits-carreaux-2-600x800.jpg\" class=\"woo-entry-image-secondary\" alt=\"Completo camicia e salopette neonato a quadretti &#8211; Verde\/rosso\" itemprop=\"image\" srcset=\"https:\/\/voyagedelabaleine.fr\/wp-content\/uploads\/2025\/07\/Ensemble-chemise-salopette-bebe-petits-carreaux-2-600x800.jpg 600w, https:\/\/voyagedelabaleine.fr\/wp-content\/uploads\/2025\/07\/Ensemble-chemise-salopette-bebe-petits-carreaux-2-225x300.jpg 225w, https:\/\/voyagedelabaleine.fr\/wp-content\/uploads\/2025\/07\/Ensemble-chemise-salopette-bebe-petits-carreaux-2-768x1024.jpg 768w, https:\/\/voyagedelabaleine.fr\/wp-content\/uploads\/2025\/07\/Ensemble-chemise-salopette-bebe-petits-carreaux-2.jpg 900w\" sizes=\"(max-width: 600px) 100vw, 600px\" \/><\/a>\t<\/div><!-- .woo-entry-image-swap -->\n\n<ul class=\"woo-entry-inner clr\"><li class=\"image-wrap\">\n\t<div class=\"woo-entry-image-swap woo-entry-image clr\">\n\t\t<a href=\"https:\/\/voyagedelabaleine.fr\/it\/prodotto\/completo-camicia-e-salopette-neonato-a-quadretti-verde-rosso\/\" class=\"woocommerce-LoopProduct-link\"><img decoding=\"async\" width=\"600\" height=\"800\" src=\"https:\/\/voyagedelabaleine.fr\/wp-content\/uploads\/2025\/07\/Ensemble-chemise-salopette-bebe-petits-carreaux-1-600x800.jpg\" class=\"woo-entry-image-main\" alt=\"Completo camicia e salopette neonato a quadretti &#8211; Verde\/rosso\" itemprop=\"image\" srcset=\"https:\/\/voyagedelabaleine.fr\/wp-content\/uploads\/2025\/07\/Ensemble-chemise-salopette-bebe-petits-carreaux-1-600x800.jpg 600w, https:\/\/voyagedelabaleine.fr\/wp-content\/uploads\/2025\/07\/Ensemble-chemise-salopette-bebe-petits-carreaux-1-225x300.jpg 225w, https:\/\/voyagedelabaleine.fr\/wp-content\/uploads\/2025\/07\/Ensemble-chemise-salopette-bebe-petits-carreaux-1-768x1024.jpg 768w, https:\/\/voyagedelabaleine.fr\/wp-content\/uploads\/2025\/07\/Ensemble-chemise-salopette-bebe-petits-carreaux-1.jpg 855w\" sizes=\"(max-width: 600px) 100vw, 600px\" \/><img decoding=\"async\" width=\"600\" height=\"800\" src=\"https:\/\/voyagedelabaleine.fr\/wp-content\/uploads\/2025\/07\/Ensemble-chemise-salopette-bebe-petits-carreaux-2-600x800.jpg\" class=\"woo-entry-image-secondary\" alt=\"Completo camicia e salopette neonato a quadretti &#8211; Verde\/rosso\" itemprop=\"image\" srcset=\"https:\/\/voyagedelabaleine.fr\/wp-content\/uploads\/2025\/07\/Ensemble-chemise-salopette-bebe-petits-carreaux-2-600x800.jpg 600w, https:\/\/voyagedelabaleine.fr\/wp-content\/uploads\/2025\/07\/Ensemble-chemise-salopette-bebe-petits-carreaux-2-225x300.jpg 225w, https:\/\/voyagedelabaleine.fr\/wp-content\/uploads\/2025\/07\/Ensemble-chemise-salopette-bebe-petits-carreaux-2-768x1024.jpg 768w, https:\/\/voyagedelabaleine.fr\/wp-content\/uploads\/2025\/07\/Ensemble-chemise-salopette-bebe-petits-carreaux-2.jpg 900w\" sizes=\"(max-width: 600px) 100vw, 600px\" \/><\/a>\t<\/div><!-- .woo-entry-image-swap -->\n\n<\/li><li class=\"title\"><h2><a href=\"https:\/\/voyagedelabaleine.fr\/it\/prodotto\/completo-camicia-e-salopette-neonato-a-quadretti-verde-rosso\/\">Completo camicia e salopette neonato a quadretti &#8211; Verde\/rosso<\/a><\/h2><\/li><li class=\"price-wrap\">\n\t<span class=\"price\"><span class=\"woocommerce-Price-amount amount\"><bdi>64<span class=\"woocommerce-Price-currencySymbol\">&euro;<\/span><\/bdi><\/span><\/span>\n<\/li><\/ul><\/div><!-- .product-inner .clr --><\/li>\n<\/ul>\n<\/div><\/div>\n\t\t\t\t\t\t<\/div>\n\t\t\t\t<\/div>\n\t\t<div class=\"elementor-element elementor-element-d486137 e-con-full e-flex e-con e-parent\" data-id=\"d486137\" data-element_type=\"container\" data-e-type=\"container\">\n\t\t\t\t<div class=\"elementor-element elementor-element-dacce7a elementor-widget-divider--separator-type-pattern elementor-widget-divider--view-line elementor-widget elementor-widget-divider\" data-id=\"dacce7a\" data-element_type=\"widget\" data-e-type=\"widget\" data-widget_type=\"divider.default\">\n\t\t\t\t\t\t\t<div class=\"elementor-divider\" style=\"--divider-pattern-url: url(&quot;data:image\/svg+xml,%3Csvg xmlns=&#039;http:\/\/www.w3.org\/2000\/svg&#039; preserveAspectRatio=&#039;none&#039; overflow=&#039;visible&#039; height=&#039;100%&#039; viewBox=&#039;0 0 24 24&#039; fill=&#039;black&#039; stroke=&#039;none&#039;%3E%3Cpath d=&#039;M12.7,2.3c-0.4-0.4-1.1-0.4-1.5,0l-8,9.1c-0.3,0.4-0.3,0.9,0,1.2l8,9.1c0.4,0.4,1.1,0.4,1.5,0l8-9.1c0.3-0.4,0.3-0.9,0-1.2L12.7,2.3z&#039;\/%3E%3C\/svg%3E&quot;);\">\n\t\t\t<span class=\"elementor-divider-separator\">\n\t\t\t\t\t\t<\/span>\n\t\t<\/div>\n\t\t\t\t\t\t<\/div>\n\t\t\t\t<div class=\"elementor-element elementor-element-bac6d8c elementor-widget elementor-widget-heading\" data-id=\"bac6d8c\" data-element_type=\"widget\" data-e-type=\"widget\" data-widget_type=\"heading.default\">\n\t\t\t\t\t<h2 class=\"elementor-heading-title elementor-size-default\">Tartan e Tradizione<\/h2>\t\t\t\t<\/div>\n\t\t\t\t<\/div>\n\t\t<div class=\"elementor-element elementor-element-7d5b15f e-con-full e-flex e-con e-parent\" data-id=\"7d5b15f\" data-element_type=\"container\" data-e-type=\"container\">\n\t\t\t\t<div class=\"elementor-element elementor-element-b917abe elementor-widget elementor-widget-shortcode\" data-id=\"b917abe\" data-element_type=\"widget\" data-e-type=\"widget\" data-widget_type=\"shortcode.default\">\n\t\t\t\t\t\t\t<div class=\"elementor-shortcode\"><div class=\"woocommerce columns-3 \">\r\n<ul class=\"products oceanwp-row clr grid tablet-col tablet-2-col mobile-col mobile-2-col\">\r\n<li class=\"entry has-media has-rating col span_1_of_3 owp-content-center owp-thumbs-layout-vertical owp-btn-big owp-tabs-layout-vertical circle-sale product type-product post-33029 status-publish first instock product_cat-abbigliamento product_cat-pagliaccetto-salopette-nascita product_cat-pagliaccetto-salopette-nascita-ragazza product_cat-pagliaccetto-salopette-nascita-ragazzo product_cat-pagliaccetto-salopette-neonata product_cat-pagliaccetto-salopette-neonati product_cat-pagliaccetto-salopette-neonato has-post-thumbnail taxable shipping-taxable purchasable product-type-variable has-default-attributes\">\n\t<div class=\"product-inner clr\">\n\t<div class=\"woo-entry-image-swap woo-entry-image clr\">\n\t\t<a href=\"https:\/\/voyagedelabaleine.fr\/it\/prodotto\/pagliaccetto-scozzese-bambino-rosso\/\" class=\"woocommerce-LoopProduct-link\"><img decoding=\"async\" width=\"600\" height=\"800\" src=\"https:\/\/voyagedelabaleine.fr\/wp-content\/uploads\/2025\/08\/barboteuse-bebe-ecossaise-600x800.jpg\" class=\"woo-entry-image-main\" alt=\"Pagliaccetto scozzese bambino &#8211; Rosso\" itemprop=\"image\" srcset=\"https:\/\/voyagedelabaleine.fr\/wp-content\/uploads\/2025\/08\/barboteuse-bebe-ecossaise-600x800.jpg 600w, https:\/\/voyagedelabaleine.fr\/wp-content\/uploads\/2025\/08\/barboteuse-bebe-ecossaise-225x300.jpg 225w, https:\/\/voyagedelabaleine.fr\/wp-content\/uploads\/2025\/08\/barboteuse-bebe-ecossaise-768x1024.jpg 768w, https:\/\/voyagedelabaleine.fr\/wp-content\/uploads\/2025\/08\/barboteuse-bebe-ecossaise-1152x1536.jpg 1152w, https:\/\/voyagedelabaleine.fr\/wp-content\/uploads\/2025\/08\/barboteuse-bebe-ecossaise.jpg 1300w\" sizes=\"(max-width: 600px) 100vw, 600px\" \/><img decoding=\"async\" width=\"600\" height=\"800\" src=\"https:\/\/voyagedelabaleine.fr\/wp-content\/uploads\/2025\/07\/barboteuse-bebe-ecossaise-2-600x800.jpg\" class=\"woo-entry-image-secondary\" alt=\"Pagliaccetto scozzese bambino &#8211; Rosso\" itemprop=\"image\" srcset=\"https:\/\/voyagedelabaleine.fr\/wp-content\/uploads\/2025\/07\/barboteuse-bebe-ecossaise-2-600x799.jpg 600w, https:\/\/voyagedelabaleine.fr\/wp-content\/uploads\/2025\/07\/barboteuse-bebe-ecossaise-2-225x300.jpg 225w, https:\/\/voyagedelabaleine.fr\/wp-content\/uploads\/2025\/07\/barboteuse-bebe-ecossaise-2-769x1024.jpg 769w, https:\/\/voyagedelabaleine.fr\/wp-content\/uploads\/2025\/07\/barboteuse-bebe-ecossaise-2-768x1023.jpg 768w, https:\/\/voyagedelabaleine.fr\/wp-content\/uploads\/2025\/07\/barboteuse-bebe-ecossaise-2.jpg 849w\" sizes=\"(max-width: 600px) 100vw, 600px\" \/><\/a>\t<\/div><!-- .woo-entry-image-swap -->\n\n<ul class=\"woo-entry-inner clr\"><li class=\"image-wrap\">\n\t<div class=\"woo-entry-image-swap woo-entry-image clr\">\n\t\t<a href=\"https:\/\/voyagedelabaleine.fr\/it\/prodotto\/pagliaccetto-scozzese-bambino-rosso\/\" class=\"woocommerce-LoopProduct-link\"><img decoding=\"async\" width=\"600\" height=\"800\" src=\"https:\/\/voyagedelabaleine.fr\/wp-content\/uploads\/2025\/08\/barboteuse-bebe-ecossaise-600x800.jpg\" class=\"woo-entry-image-main\" alt=\"Pagliaccetto scozzese bambino &#8211; Rosso\" itemprop=\"image\" srcset=\"https:\/\/voyagedelabaleine.fr\/wp-content\/uploads\/2025\/08\/barboteuse-bebe-ecossaise-600x800.jpg 600w, https:\/\/voyagedelabaleine.fr\/wp-content\/uploads\/2025\/08\/barboteuse-bebe-ecossaise-225x300.jpg 225w, https:\/\/voyagedelabaleine.fr\/wp-content\/uploads\/2025\/08\/barboteuse-bebe-ecossaise-768x1024.jpg 768w, https:\/\/voyagedelabaleine.fr\/wp-content\/uploads\/2025\/08\/barboteuse-bebe-ecossaise-1152x1536.jpg 1152w, https:\/\/voyagedelabaleine.fr\/wp-content\/uploads\/2025\/08\/barboteuse-bebe-ecossaise.jpg 1300w\" sizes=\"(max-width: 600px) 100vw, 600px\" \/><img decoding=\"async\" width=\"600\" height=\"800\" src=\"https:\/\/voyagedelabaleine.fr\/wp-content\/uploads\/2025\/07\/barboteuse-bebe-ecossaise-2-600x800.jpg\" class=\"woo-entry-image-secondary\" alt=\"Pagliaccetto scozzese bambino &#8211; Rosso\" itemprop=\"image\" srcset=\"https:\/\/voyagedelabaleine.fr\/wp-content\/uploads\/2025\/07\/barboteuse-bebe-ecossaise-2-600x799.jpg 600w, https:\/\/voyagedelabaleine.fr\/wp-content\/uploads\/2025\/07\/barboteuse-bebe-ecossaise-2-225x300.jpg 225w, https:\/\/voyagedelabaleine.fr\/wp-content\/uploads\/2025\/07\/barboteuse-bebe-ecossaise-2-769x1024.jpg 769w, https:\/\/voyagedelabaleine.fr\/wp-content\/uploads\/2025\/07\/barboteuse-bebe-ecossaise-2-768x1023.jpg 768w, https:\/\/voyagedelabaleine.fr\/wp-content\/uploads\/2025\/07\/barboteuse-bebe-ecossaise-2.jpg 849w\" sizes=\"(max-width: 600px) 100vw, 600px\" \/><\/a>\t<\/div><!-- .woo-entry-image-swap -->\n\n<\/li><li class=\"title\"><h2><a href=\"https:\/\/voyagedelabaleine.fr\/it\/prodotto\/pagliaccetto-scozzese-bambino-rosso\/\">Pagliaccetto scozzese bambino &#8211; Rosso<\/a><\/h2><\/li><li class=\"price-wrap\">\n\t<span class=\"price\"><span class=\"woocommerce-Price-amount amount\"><bdi>68<span class=\"woocommerce-Price-currencySymbol\">&euro;<\/span><\/bdi><\/span><\/span>\n<\/li><\/ul><\/div><!-- .product-inner .clr --><\/li>\n<li class=\"entry has-media col span_1_of_3 owp-content-center owp-thumbs-layout-vertical owp-btn-big owp-tabs-layout-vertical circle-sale product type-product post-32993 status-publish instock product_cat-abbigliamento product_cat-bloomer-short-pantaloni-nascita product_cat-bloomer-short-pantaloni-nascita-ragazza product_cat-bloomer-short-pantaloni-neonata product_cat-bloomer-short-pantaloni-neonati product_cat-completi-nascita product_cat-completi-nascita-ragazza product_cat-completi-neonata product_cat-completi-neonati product_cat-nascita-ragazza product_cat-neonata product_cat-vestito-nascita product_cat-vestito-neonata has-post-thumbnail taxable shipping-taxable purchasable product-type-variable has-default-attributes\">\n\t<div class=\"product-inner clr\">\n\t<div class=\"woo-entry-image-swap woo-entry-image clr\">\n\t\t<a href=\"https:\/\/voyagedelabaleine.fr\/it\/prodotto\/completo-vestito-e-bloomer-scozzese-rosso\/\" class=\"woocommerce-LoopProduct-link\"><img decoding=\"async\" width=\"600\" height=\"800\" src=\"https:\/\/voyagedelabaleine.fr\/wp-content\/uploads\/2025\/07\/ensemble-robe-bloomer-ecossais-600x800.jpg\" class=\"woo-entry-image-main\" alt=\"Completo vestito e bloomer scozzese &#8211; Rosso\" itemprop=\"image\" srcset=\"https:\/\/voyagedelabaleine.fr\/wp-content\/uploads\/2025\/07\/ensemble-robe-bloomer-ecossais-600x800.jpg 600w, https:\/\/voyagedelabaleine.fr\/wp-content\/uploads\/2025\/07\/ensemble-robe-bloomer-ecossais-225x300.jpg 225w, https:\/\/voyagedelabaleine.fr\/wp-content\/uploads\/2025\/07\/ensemble-robe-bloomer-ecossais-768x1024.jpg 768w, https:\/\/voyagedelabaleine.fr\/wp-content\/uploads\/2025\/07\/ensemble-robe-bloomer-ecossais.jpg 1100w\" sizes=\"(max-width: 600px) 100vw, 600px\" \/><img decoding=\"async\" width=\"600\" height=\"800\" src=\"https:\/\/voyagedelabaleine.fr\/wp-content\/uploads\/2025\/07\/ensemble-robe-bloomer-ecossais-2-600x800.jpg\" class=\"woo-entry-image-secondary\" alt=\"Completo vestito e bloomer scozzese &#8211; Rosso\" itemprop=\"image\" srcset=\"https:\/\/voyagedelabaleine.fr\/wp-content\/uploads\/2025\/07\/ensemble-robe-bloomer-ecossais-2-600x800.jpg 600w, https:\/\/voyagedelabaleine.fr\/wp-content\/uploads\/2025\/07\/ensemble-robe-bloomer-ecossais-2-225x300.jpg 225w, https:\/\/voyagedelabaleine.fr\/wp-content\/uploads\/2025\/07\/ensemble-robe-bloomer-ecossais-2-768x1024.jpg 768w, https:\/\/voyagedelabaleine.fr\/wp-content\/uploads\/2025\/07\/ensemble-robe-bloomer-ecossais-2.jpg 850w\" sizes=\"(max-width: 600px) 100vw, 600px\" \/><\/a>\t<\/div><!-- .woo-entry-image-swap -->\n\n<ul class=\"woo-entry-inner clr\"><li class=\"image-wrap\">\n\t<div class=\"woo-entry-image-swap woo-entry-image clr\">\n\t\t<a href=\"https:\/\/voyagedelabaleine.fr\/it\/prodotto\/completo-vestito-e-bloomer-scozzese-rosso\/\" class=\"woocommerce-LoopProduct-link\"><img decoding=\"async\" width=\"600\" height=\"800\" src=\"https:\/\/voyagedelabaleine.fr\/wp-content\/uploads\/2025\/07\/ensemble-robe-bloomer-ecossais-600x800.jpg\" class=\"woo-entry-image-main\" alt=\"Completo vestito e bloomer scozzese &#8211; Rosso\" itemprop=\"image\" srcset=\"https:\/\/voyagedelabaleine.fr\/wp-content\/uploads\/2025\/07\/ensemble-robe-bloomer-ecossais-600x800.jpg 600w, https:\/\/voyagedelabaleine.fr\/wp-content\/uploads\/2025\/07\/ensemble-robe-bloomer-ecossais-225x300.jpg 225w, https:\/\/voyagedelabaleine.fr\/wp-content\/uploads\/2025\/07\/ensemble-robe-bloomer-ecossais-768x1024.jpg 768w, https:\/\/voyagedelabaleine.fr\/wp-content\/uploads\/2025\/07\/ensemble-robe-bloomer-ecossais.jpg 1100w\" sizes=\"(max-width: 600px) 100vw, 600px\" \/><img decoding=\"async\" width=\"600\" height=\"800\" src=\"https:\/\/voyagedelabaleine.fr\/wp-content\/uploads\/2025\/07\/ensemble-robe-bloomer-ecossais-2-600x800.jpg\" class=\"woo-entry-image-secondary\" alt=\"Completo vestito e bloomer scozzese &#8211; Rosso\" itemprop=\"image\" srcset=\"https:\/\/voyagedelabaleine.fr\/wp-content\/uploads\/2025\/07\/ensemble-robe-bloomer-ecossais-2-600x800.jpg 600w, https:\/\/voyagedelabaleine.fr\/wp-content\/uploads\/2025\/07\/ensemble-robe-bloomer-ecossais-2-225x300.jpg 225w, https:\/\/voyagedelabaleine.fr\/wp-content\/uploads\/2025\/07\/ensemble-robe-bloomer-ecossais-2-768x1024.jpg 768w, https:\/\/voyagedelabaleine.fr\/wp-content\/uploads\/2025\/07\/ensemble-robe-bloomer-ecossais-2.jpg 850w\" sizes=\"(max-width: 600px) 100vw, 600px\" \/><\/a>\t<\/div><!-- .woo-entry-image-swap -->\n\n<\/li><li class=\"title\"><h2><a href=\"https:\/\/voyagedelabaleine.fr\/it\/prodotto\/completo-vestito-e-bloomer-scozzese-rosso\/\">Completo vestito e bloomer scozzese &#8211; Rosso<\/a><\/h2><\/li><li class=\"price-wrap\">\n\t<span class=\"price\"><span class=\"woocommerce-Price-amount amount\"><bdi>82<span class=\"woocommerce-Price-currencySymbol\">&euro;<\/span><\/bdi><\/span><\/span>\n<\/li><\/ul><\/div><!-- .product-inner .clr --><\/li>\n<li class=\"entry has-media has-rating col span_1_of_3 owp-content-center owp-thumbs-layout-vertical owp-btn-big owp-tabs-layout-vertical circle-sale product type-product post-32964 status-publish last instock product_cat-abbigliamento product_cat-bloomer-short-pantaloni-nascita product_cat-bloomer-short-pantaloni-nascita-ragazzo product_cat-bloomer-short-pantaloni-neonati product_cat-bloomer-short-pantaloni-neonato has-post-thumbnail taxable shipping-taxable purchasable product-type-variable has-default-attributes\">\n\t<div class=\"product-inner clr\">\n\t<div class=\"woo-entry-image-swap woo-entry-image clr\">\n\t\t<a href=\"https:\/\/voyagedelabaleine.fr\/it\/prodotto\/bloomer-neonato-scozzese-con-bretelle-rosso\/\" class=\"woocommerce-LoopProduct-link\"><img decoding=\"async\" width=\"600\" height=\"800\" src=\"https:\/\/voyagedelabaleine.fr\/wp-content\/uploads\/2025\/07\/bloomer-bebe-garcon-ecossais-bretelles-600x800.jpg\" class=\"woo-entry-image-main\" alt=\"Bloomer neonato scozzese con bretelle &#8211; Rosso\" itemprop=\"image\" srcset=\"https:\/\/voyagedelabaleine.fr\/wp-content\/uploads\/2025\/07\/bloomer-bebe-garcon-ecossais-bretelles-600x800.jpg 600w, https:\/\/voyagedelabaleine.fr\/wp-content\/uploads\/2025\/07\/bloomer-bebe-garcon-ecossais-bretelles-225x300.jpg 225w, https:\/\/voyagedelabaleine.fr\/wp-content\/uploads\/2025\/07\/bloomer-bebe-garcon-ecossais-bretelles-768x1024.jpg 768w, https:\/\/voyagedelabaleine.fr\/wp-content\/uploads\/2025\/07\/bloomer-bebe-garcon-ecossais-bretelles.jpg 1100w\" sizes=\"(max-width: 600px) 100vw, 600px\" \/><img decoding=\"async\" width=\"600\" height=\"800\" src=\"https:\/\/voyagedelabaleine.fr\/wp-content\/uploads\/2025\/07\/bloomer-bebe-garcon-ecossais-bretelles-1-600x800.jpg\" class=\"woo-entry-image-secondary\" alt=\"Bloomer neonato scozzese con bretelle &#8211; Rosso\" itemprop=\"image\" srcset=\"https:\/\/voyagedelabaleine.fr\/wp-content\/uploads\/2025\/07\/bloomer-bebe-garcon-ecossais-bretelles-1-600x800.jpg 600w, https:\/\/voyagedelabaleine.fr\/wp-content\/uploads\/2025\/07\/bloomer-bebe-garcon-ecossais-bretelles-1-225x300.jpg 225w, https:\/\/voyagedelabaleine.fr\/wp-content\/uploads\/2025\/07\/bloomer-bebe-garcon-ecossais-bretelles-1-768x1024.jpg 768w, https:\/\/voyagedelabaleine.fr\/wp-content\/uploads\/2025\/07\/bloomer-bebe-garcon-ecossais-bretelles-1.jpg 900w\" sizes=\"(max-width: 600px) 100vw, 600px\" \/><\/a>\t<\/div><!-- .woo-entry-image-swap -->\n\n<ul class=\"woo-entry-inner clr\"><li class=\"image-wrap\">\n\t<div class=\"woo-entry-image-swap woo-entry-image clr\">\n\t\t<a href=\"https:\/\/voyagedelabaleine.fr\/it\/prodotto\/bloomer-neonato-scozzese-con-bretelle-rosso\/\" class=\"woocommerce-LoopProduct-link\"><img decoding=\"async\" width=\"600\" height=\"800\" src=\"https:\/\/voyagedelabaleine.fr\/wp-content\/uploads\/2025\/07\/bloomer-bebe-garcon-ecossais-bretelles-600x800.jpg\" class=\"woo-entry-image-main\" alt=\"Bloomer neonato scozzese con bretelle &#8211; Rosso\" itemprop=\"image\" srcset=\"https:\/\/voyagedelabaleine.fr\/wp-content\/uploads\/2025\/07\/bloomer-bebe-garcon-ecossais-bretelles-600x800.jpg 600w, https:\/\/voyagedelabaleine.fr\/wp-content\/uploads\/2025\/07\/bloomer-bebe-garcon-ecossais-bretelles-225x300.jpg 225w, https:\/\/voyagedelabaleine.fr\/wp-content\/uploads\/2025\/07\/bloomer-bebe-garcon-ecossais-bretelles-768x1024.jpg 768w, https:\/\/voyagedelabaleine.fr\/wp-content\/uploads\/2025\/07\/bloomer-bebe-garcon-ecossais-bretelles.jpg 1100w\" sizes=\"(max-width: 600px) 100vw, 600px\" \/><img decoding=\"async\" width=\"600\" height=\"800\" src=\"https:\/\/voyagedelabaleine.fr\/wp-content\/uploads\/2025\/07\/bloomer-bebe-garcon-ecossais-bretelles-1-600x800.jpg\" class=\"woo-entry-image-secondary\" alt=\"Bloomer neonato scozzese con bretelle &#8211; Rosso\" itemprop=\"image\" srcset=\"https:\/\/voyagedelabaleine.fr\/wp-content\/uploads\/2025\/07\/bloomer-bebe-garcon-ecossais-bretelles-1-600x800.jpg 600w, https:\/\/voyagedelabaleine.fr\/wp-content\/uploads\/2025\/07\/bloomer-bebe-garcon-ecossais-bretelles-1-225x300.jpg 225w, https:\/\/voyagedelabaleine.fr\/wp-content\/uploads\/2025\/07\/bloomer-bebe-garcon-ecossais-bretelles-1-768x1024.jpg 768w, https:\/\/voyagedelabaleine.fr\/wp-content\/uploads\/2025\/07\/bloomer-bebe-garcon-ecossais-bretelles-1.jpg 900w\" sizes=\"(max-width: 600px) 100vw, 600px\" \/><\/a>\t<\/div><!-- .woo-entry-image-swap -->\n\n<\/li><li class=\"title\"><h2><a href=\"https:\/\/voyagedelabaleine.fr\/it\/prodotto\/bloomer-neonato-scozzese-con-bretelle-rosso\/\">Bloomer neonato scozzese con bretelle &#8211; Rosso<\/a><\/h2><\/li><li class=\"price-wrap\">\n\t<span class=\"price\"><span class=\"woocommerce-Price-amount amount\"><bdi>48<span class=\"woocommerce-Price-currencySymbol\">&euro;<\/span><\/bdi><\/span><\/span>\n<\/li><\/ul><\/div><!-- .product-inner .clr --><\/li>\n<\/ul>\n<\/div><\/div>\n\t\t\t\t\t\t<\/div>\n\t\t\t\t<\/div>\n\t\t<div class=\"elementor-element elementor-element-0228e93 e-con-full e-flex e-con e-parent\" data-id=\"0228e93\" data-element_type=\"container\" data-e-type=\"container\">\n\t\t\t\t<div class=\"elementor-element elementor-element-3feaee2 elementor-widget-divider--separator-type-pattern elementor-widget-divider--view-line elementor-widget elementor-widget-divider\" data-id=\"3feaee2\" data-element_type=\"widget\" data-e-type=\"widget\" data-widget_type=\"divider.default\">\n\t\t\t\t\t\t\t<div class=\"elementor-divider\" style=\"--divider-pattern-url: url(&quot;data:image\/svg+xml,%3Csvg xmlns=&#039;http:\/\/www.w3.org\/2000\/svg&#039; preserveAspectRatio=&#039;none&#039; overflow=&#039;visible&#039; height=&#039;100%&#039; viewBox=&#039;0 0 24 24&#039; fill=&#039;black&#039; stroke=&#039;none&#039;%3E%3Cpath d=&#039;M12.7,2.3c-0.4-0.4-1.1-0.4-1.5,0l-8,9.1c-0.3,0.4-0.3,0.9,0,1.2l8,9.1c0.4,0.4,1.1,0.4,1.5,0l8-9.1c0.3-0.4,0.3-0.9,0-1.2L12.7,2.3z&#039;\/%3E%3C\/svg%3E&quot;);\">\n\t\t\t<span class=\"elementor-divider-separator\">\n\t\t\t\t\t\t<\/span>\n\t\t<\/div>\n\t\t\t\t\t\t<\/div>\n\t\t<div class=\"elementor-element elementor-element-266a163 e-grid e-con-full e-con e-child\" data-id=\"266a163\" data-element_type=\"container\" data-e-type=\"container\">\n\t\t<div class=\"elementor-element elementor-element-da85718 e-con-full e-flex e-con e-child\" data-id=\"da85718\" data-element_type=\"container\" data-e-type=\"container\">\n\t\t\t\t<div class=\"elementor-element elementor-element-5f4e814 elementor-widget elementor-widget-heading\" data-id=\"5f4e814\" data-element_type=\"widget\" data-e-type=\"widget\" data-widget_type=\"heading.default\">\n\t\t\t\t\t<h2 class=\"elementor-heading-title elementor-size-default\">Vichy in festa<\/h2>\t\t\t\t<\/div>\n\t\t\t\t<\/div>\n\t\t\t\t<\/div>\n\t\t\t\t<\/div>\n\t\t<div class=\"elementor-element elementor-element-717a6a7 e-con-full e-flex e-con e-parent\" data-id=\"717a6a7\" data-element_type=\"container\" data-e-type=\"container\">\n\t\t\t\t<div class=\"elementor-element elementor-element-6ae8d41 elementor-widget elementor-widget-shortcode\" data-id=\"6ae8d41\" data-element_type=\"widget\" data-e-type=\"widget\" data-widget_type=\"shortcode.default\">\n\t\t\t\t\t\t\t<div class=\"elementor-shortcode\"><div class=\"woocommerce columns-2 \">\r\n<ul class=\"products oceanwp-row clr grid tablet-col tablet-2-col mobile-col mobile-2-col\">\r\n<li class=\"entry has-media col span_1_of_2 owp-content-center owp-thumbs-layout-vertical owp-btn-big owp-tabs-layout-vertical circle-sale product type-product post-32693 status-publish first instock product_cat-abbigliamento product_cat-bloomer-short-pantaloni-nascita product_cat-bloomer-short-pantaloni-nascita-ragazzo product_cat-bloomer-short-pantaloni-neonati product_cat-bloomer-short-pantaloni-neonato has-post-thumbnail taxable shipping-taxable purchasable product-type-variable has-default-attributes\">\n\t<div class=\"product-inner clr\">\n\t<div class=\"woo-entry-image-swap woo-entry-image clr\">\n\t\t<a href=\"https:\/\/voyagedelabaleine.fr\/it\/prodotto\/bloomer-neonato-vichy-bordeaux\/\" class=\"woocommerce-LoopProduct-link\"><img decoding=\"async\" width=\"600\" height=\"800\" src=\"https:\/\/voyagedelabaleine.fr\/wp-content\/uploads\/2025\/03\/bloomer-bebe-garcon-vichy-bordeaux-600x800.jpg\" class=\"woo-entry-image-main\" alt=\"Bloomer neonato vichy &#8211; Bordeaux\" itemprop=\"image\" srcset=\"https:\/\/voyagedelabaleine.fr\/wp-content\/uploads\/2025\/03\/bloomer-bebe-garcon-vichy-bordeaux-600x800.jpg 600w, https:\/\/voyagedelabaleine.fr\/wp-content\/uploads\/2025\/03\/bloomer-bebe-garcon-vichy-bordeaux-225x300.jpg 225w, https:\/\/voyagedelabaleine.fr\/wp-content\/uploads\/2025\/03\/bloomer-bebe-garcon-vichy-bordeaux-768x1024.jpg 768w, https:\/\/voyagedelabaleine.fr\/wp-content\/uploads\/2025\/03\/bloomer-bebe-garcon-vichy-bordeaux.jpg 931w\" sizes=\"(max-width: 600px) 100vw, 600px\" \/><img decoding=\"async\" width=\"600\" height=\"800\" src=\"https:\/\/voyagedelabaleine.fr\/wp-content\/uploads\/2025\/03\/bloomer-bebe-garcon-vichy-bordeaux-2-600x800.jpg\" class=\"woo-entry-image-secondary\" alt=\"Bloomer neonato vichy &#8211; Bordeaux\" itemprop=\"image\" srcset=\"https:\/\/voyagedelabaleine.fr\/wp-content\/uploads\/2025\/03\/bloomer-bebe-garcon-vichy-bordeaux-2-600x800.jpg 600w, https:\/\/voyagedelabaleine.fr\/wp-content\/uploads\/2025\/03\/bloomer-bebe-garcon-vichy-bordeaux-2-225x300.jpg 225w, https:\/\/voyagedelabaleine.fr\/wp-content\/uploads\/2025\/03\/bloomer-bebe-garcon-vichy-bordeaux-2-768x1024.jpg 768w, https:\/\/voyagedelabaleine.fr\/wp-content\/uploads\/2025\/03\/bloomer-bebe-garcon-vichy-bordeaux-2.jpg 1140w\" sizes=\"(max-width: 600px) 100vw, 600px\" \/><\/a>\t<\/div><!-- .woo-entry-image-swap -->\n\n<ul class=\"woo-entry-inner clr\"><li class=\"image-wrap\">\n\t<div class=\"woo-entry-image-swap woo-entry-image clr\">\n\t\t<a href=\"https:\/\/voyagedelabaleine.fr\/it\/prodotto\/bloomer-neonato-vichy-bordeaux\/\" class=\"woocommerce-LoopProduct-link\"><img decoding=\"async\" width=\"600\" height=\"800\" src=\"https:\/\/voyagedelabaleine.fr\/wp-content\/uploads\/2025\/03\/bloomer-bebe-garcon-vichy-bordeaux-600x800.jpg\" class=\"woo-entry-image-main\" alt=\"Bloomer neonato vichy &#8211; Bordeaux\" itemprop=\"image\" srcset=\"https:\/\/voyagedelabaleine.fr\/wp-content\/uploads\/2025\/03\/bloomer-bebe-garcon-vichy-bordeaux-600x800.jpg 600w, https:\/\/voyagedelabaleine.fr\/wp-content\/uploads\/2025\/03\/bloomer-bebe-garcon-vichy-bordeaux-225x300.jpg 225w, https:\/\/voyagedelabaleine.fr\/wp-content\/uploads\/2025\/03\/bloomer-bebe-garcon-vichy-bordeaux-768x1024.jpg 768w, https:\/\/voyagedelabaleine.fr\/wp-content\/uploads\/2025\/03\/bloomer-bebe-garcon-vichy-bordeaux.jpg 931w\" sizes=\"(max-width: 600px) 100vw, 600px\" \/><img decoding=\"async\" width=\"600\" height=\"800\" src=\"https:\/\/voyagedelabaleine.fr\/wp-content\/uploads\/2025\/03\/bloomer-bebe-garcon-vichy-bordeaux-2-600x800.jpg\" class=\"woo-entry-image-secondary\" alt=\"Bloomer neonato vichy &#8211; Bordeaux\" itemprop=\"image\" srcset=\"https:\/\/voyagedelabaleine.fr\/wp-content\/uploads\/2025\/03\/bloomer-bebe-garcon-vichy-bordeaux-2-600x800.jpg 600w, https:\/\/voyagedelabaleine.fr\/wp-content\/uploads\/2025\/03\/bloomer-bebe-garcon-vichy-bordeaux-2-225x300.jpg 225w, https:\/\/voyagedelabaleine.fr\/wp-content\/uploads\/2025\/03\/bloomer-bebe-garcon-vichy-bordeaux-2-768x1024.jpg 768w, https:\/\/voyagedelabaleine.fr\/wp-content\/uploads\/2025\/03\/bloomer-bebe-garcon-vichy-bordeaux-2.jpg 1140w\" sizes=\"(max-width: 600px) 100vw, 600px\" \/><\/a>\t<\/div><!-- .woo-entry-image-swap -->\n\n<\/li><li class=\"title\"><h2><a href=\"https:\/\/voyagedelabaleine.fr\/it\/prodotto\/bloomer-neonato-vichy-bordeaux\/\">Bloomer neonato vichy &#8211; Bordeaux<\/a><\/h2><\/li><li class=\"price-wrap\">\n\t<span class=\"price\"><span class=\"woocommerce-Price-amount amount\"><bdi>28<span class=\"woocommerce-Price-currencySymbol\">&euro;<\/span><\/bdi><\/span><\/span>\n<\/li><\/ul><\/div><!-- .product-inner .clr --><\/li>\n<li class=\"entry has-media col span_1_of_2 owp-content-center owp-thumbs-layout-vertical owp-btn-big owp-tabs-layout-vertical circle-sale product type-product post-34440 status-publish last instock product_cat-abbigliamento product_cat-bambina product_cat-vestito-bambina has-post-thumbnail taxable shipping-taxable purchasable product-type-variable has-default-attributes\">\n\t<div class=\"product-inner clr\">\n\t<div class=\"woo-entry-image-swap woo-entry-image clr\">\n\t\t<a href=\"https:\/\/voyagedelabaleine.fr\/it\/prodotto\/vestito-bambina-vichy-bordeaux\/\" class=\"woocommerce-LoopProduct-link\"><img decoding=\"async\" width=\"600\" height=\"800\" src=\"https:\/\/voyagedelabaleine.fr\/wp-content\/uploads\/2025\/03\/robe-vichy-rouge-5-600x800.jpg\" class=\"woo-entry-image-main\" alt=\"Vestito bambina vichy &#8211; Bordeaux\" itemprop=\"image\" srcset=\"https:\/\/voyagedelabaleine.fr\/wp-content\/uploads\/2025\/03\/robe-vichy-rouge-5-600x800.jpg 600w, https:\/\/voyagedelabaleine.fr\/wp-content\/uploads\/2025\/03\/robe-vichy-rouge-5-225x300.jpg 225w, https:\/\/voyagedelabaleine.fr\/wp-content\/uploads\/2025\/03\/robe-vichy-rouge-5-768x1024.jpg 768w, https:\/\/voyagedelabaleine.fr\/wp-content\/uploads\/2025\/03\/robe-vichy-rouge-5-1152x1536.jpg 1152w, https:\/\/voyagedelabaleine.fr\/wp-content\/uploads\/2025\/03\/robe-vichy-rouge-5-scaled.jpg 1536w\" sizes=\"(max-width: 600px) 100vw, 600px\" \/><img decoding=\"async\" width=\"600\" height=\"800\" src=\"https:\/\/voyagedelabaleine.fr\/wp-content\/uploads\/2025\/03\/robe-vichy-rouge-4-600x800.jpg\" class=\"woo-entry-image-secondary\" alt=\"Vestito bambina vichy &#8211; Bordeaux\" itemprop=\"image\" srcset=\"https:\/\/voyagedelabaleine.fr\/wp-content\/uploads\/2025\/03\/robe-vichy-rouge-4-600x800.jpg 600w, https:\/\/voyagedelabaleine.fr\/wp-content\/uploads\/2025\/03\/robe-vichy-rouge-4-225x300.jpg 225w, https:\/\/voyagedelabaleine.fr\/wp-content\/uploads\/2025\/03\/robe-vichy-rouge-4-768x1024.jpg 768w, https:\/\/voyagedelabaleine.fr\/wp-content\/uploads\/2025\/03\/robe-vichy-rouge-4-1152x1536.jpg 1152w, https:\/\/voyagedelabaleine.fr\/wp-content\/uploads\/2025\/03\/robe-vichy-rouge-4-scaled.jpg 1536w\" sizes=\"(max-width: 600px) 100vw, 600px\" \/><\/a>\t<\/div><!-- .woo-entry-image-swap -->\n\n<ul class=\"woo-entry-inner clr\"><li class=\"image-wrap\">\n\t<div class=\"woo-entry-image-swap woo-entry-image clr\">\n\t\t<a href=\"https:\/\/voyagedelabaleine.fr\/it\/prodotto\/vestito-bambina-vichy-bordeaux\/\" class=\"woocommerce-LoopProduct-link\"><img decoding=\"async\" width=\"600\" height=\"800\" src=\"https:\/\/voyagedelabaleine.fr\/wp-content\/uploads\/2025\/03\/robe-vichy-rouge-5-600x800.jpg\" class=\"woo-entry-image-main\" alt=\"Vestito bambina vichy &#8211; Bordeaux\" itemprop=\"image\" srcset=\"https:\/\/voyagedelabaleine.fr\/wp-content\/uploads\/2025\/03\/robe-vichy-rouge-5-600x800.jpg 600w, https:\/\/voyagedelabaleine.fr\/wp-content\/uploads\/2025\/03\/robe-vichy-rouge-5-225x300.jpg 225w, https:\/\/voyagedelabaleine.fr\/wp-content\/uploads\/2025\/03\/robe-vichy-rouge-5-768x1024.jpg 768w, https:\/\/voyagedelabaleine.fr\/wp-content\/uploads\/2025\/03\/robe-vichy-rouge-5-1152x1536.jpg 1152w, https:\/\/voyagedelabaleine.fr\/wp-content\/uploads\/2025\/03\/robe-vichy-rouge-5-scaled.jpg 1536w\" sizes=\"(max-width: 600px) 100vw, 600px\" \/><img decoding=\"async\" width=\"600\" height=\"800\" src=\"https:\/\/voyagedelabaleine.fr\/wp-content\/uploads\/2025\/03\/robe-vichy-rouge-4-600x800.jpg\" class=\"woo-entry-image-secondary\" alt=\"Vestito bambina vichy &#8211; Bordeaux\" itemprop=\"image\" srcset=\"https:\/\/voyagedelabaleine.fr\/wp-content\/uploads\/2025\/03\/robe-vichy-rouge-4-600x800.jpg 600w, https:\/\/voyagedelabaleine.fr\/wp-content\/uploads\/2025\/03\/robe-vichy-rouge-4-225x300.jpg 225w, https:\/\/voyagedelabaleine.fr\/wp-content\/uploads\/2025\/03\/robe-vichy-rouge-4-768x1024.jpg 768w, https:\/\/voyagedelabaleine.fr\/wp-content\/uploads\/2025\/03\/robe-vichy-rouge-4-1152x1536.jpg 1152w, https:\/\/voyagedelabaleine.fr\/wp-content\/uploads\/2025\/03\/robe-vichy-rouge-4-scaled.jpg 1536w\" sizes=\"(max-width: 600px) 100vw, 600px\" \/><\/a>\t<\/div><!-- .woo-entry-image-swap -->\n\n<\/li><li class=\"title\"><h2><a href=\"https:\/\/voyagedelabaleine.fr\/it\/prodotto\/vestito-bambina-vichy-bordeaux\/\">Vestito bambina vichy &#8211; Bordeaux<\/a><\/h2><\/li><li class=\"price-wrap\">\n\t<span class=\"price\"><span class=\"woocommerce-Price-amount amount\"><bdi>62<span class=\"woocommerce-Price-currencySymbol\">&euro;<\/span><\/bdi><\/span><\/span>\n<\/li><\/ul><\/div><!-- .product-inner .clr --><\/li>\n<\/ul>\n<\/div><\/div>\n\t\t\t\t\t\t<\/div>\n\t\t\t\t<\/div>\n\t\t<div class=\"elementor-element elementor-element-99cd0bb e-con-full e-flex e-con e-parent\" data-id=\"99cd0bb\" data-element_type=\"container\" data-e-type=\"container\">\n\t\t\t\t<div class=\"elementor-element elementor-element-95b8b76 elementor-widget-divider--separator-type-pattern elementor-widget-divider--view-line elementor-widget elementor-widget-divider\" data-id=\"95b8b76\" data-element_type=\"widget\" data-e-type=\"widget\" data-widget_type=\"divider.default\">\n\t\t\t\t\t\t\t<div class=\"elementor-divider\" style=\"--divider-pattern-url: url(&quot;data:image\/svg+xml,%3Csvg xmlns=&#039;http:\/\/www.w3.org\/2000\/svg&#039; preserveAspectRatio=&#039;none&#039; overflow=&#039;visible&#039; height=&#039;100%&#039; viewBox=&#039;0 0 24 24&#039; fill=&#039;black&#039; stroke=&#039;none&#039;%3E%3Cpath d=&#039;M12.7,2.3c-0.4-0.4-1.1-0.4-1.5,0l-8,9.1c-0.3,0.4-0.3,0.9,0,1.2l8,9.1c0.4,0.4,1.1,0.4,1.5,0l8-9.1c0.3-0.4,0.3-0.9,0-1.2L12.7,2.3z&#039;\/%3E%3C\/svg%3E&quot;);\">\n\t\t\t<span class=\"elementor-divider-separator\">\n\t\t\t\t\t\t<\/span>\n\t\t<\/div>\n\t\t\t\t\t\t<\/div>\n\t\t<div class=\"elementor-element elementor-element-e09341d e-grid e-con-full e-con e-child\" data-id=\"e09341d\" data-element_type=\"container\" data-e-type=\"container\">\n\t\t<div class=\"elementor-element elementor-element-6e65003 e-con-full e-flex e-con e-child\" data-id=\"6e65003\" data-element_type=\"container\" data-e-type=\"container\">\n\t\t\t\t<div class=\"elementor-element elementor-element-af34f24 elementor-widget elementor-widget-heading\" data-id=\"af34f24\" data-element_type=\"widget\" data-e-type=\"widget\" data-widget_type=\"heading.default\">\n\t\t\t\t\t<h2 class=\"elementor-heading-title elementor-size-default\">Notti tranquille<\/h2>\t\t\t\t<\/div>\n\t\t\t\t<\/div>\n\t\t\t\t<\/div>\n\t\t\t\t<\/div>\n\t\t<div class=\"elementor-element elementor-element-4985a18 e-con-full e-flex e-con e-parent\" data-id=\"4985a18\" data-element_type=\"container\" data-e-type=\"container\">\n\t\t\t\t<div class=\"elementor-element elementor-element-31228d0 elementor-widget elementor-widget-shortcode\" data-id=\"31228d0\" data-element_type=\"widget\" data-e-type=\"widget\" data-widget_type=\"shortcode.default\">\n\t\t\t\t\t\t\t<div class=\"elementor-shortcode\"><div class=\"woocommerce columns-2 \">\r\n<ul class=\"products oceanwp-row clr grid tablet-col tablet-2-col mobile-col mobile-2-col\">\r\n<li class=\"entry has-media col span_1_of_2 owp-content-center owp-thumbs-layout-vertical owp-btn-big owp-tabs-layout-vertical circle-sale product type-product post-34525 status-publish first instock product_cat-pigiama product_cat-pigiama-nascita product_cat-pigiama-nascita-ragazza product_cat-pigiama-neonata product_cat-pigiama-neonati has-post-thumbnail taxable shipping-taxable purchasable product-type-variable has-default-attributes\">\n\t<div class=\"product-inner clr\">\n\t<div class=\"woo-entry-image-swap woo-entry-image clr\">\n\t\t<a href=\"https:\/\/voyagedelabaleine.fr\/it\/prodotto\/tutina-neonata-con-colletto-fantasia-rosa-pallido\/\" class=\"woocommerce-LoopProduct-link\"><img decoding=\"async\" width=\"600\" height=\"800\" src=\"https:\/\/voyagedelabaleine.fr\/wp-content\/uploads\/2025\/01\/pyjama-bebe-fillr-rose-600x800.jpg\" class=\"woo-entry-image-main\" alt=\"Tutina neonata con colletto fantasia &#8211; Rosa pallido\" itemprop=\"image\" srcset=\"https:\/\/voyagedelabaleine.fr\/wp-content\/uploads\/2025\/01\/pyjama-bebe-fillr-rose-600x800.jpg 600w, https:\/\/voyagedelabaleine.fr\/wp-content\/uploads\/2025\/01\/pyjama-bebe-fillr-rose-225x300.jpg 225w, https:\/\/voyagedelabaleine.fr\/wp-content\/uploads\/2025\/01\/pyjama-bebe-fillr-rose-768x1023.jpg 768w, https:\/\/voyagedelabaleine.fr\/wp-content\/uploads\/2025\/01\/pyjama-bebe-fillr-rose-1153x1536.jpg 1153w, https:\/\/voyagedelabaleine.fr\/wp-content\/uploads\/2025\/01\/pyjama-bebe-fillr-rose.jpg 1500w\" sizes=\"(max-width: 600px) 100vw, 600px\" \/><img decoding=\"async\" width=\"600\" height=\"800\" src=\"https:\/\/voyagedelabaleine.fr\/wp-content\/uploads\/2025\/01\/pyjama-bebe-fillr-rose-2-600x800.jpg\" class=\"woo-entry-image-secondary\" alt=\"Tutina neonata con colletto fantasia &#8211; Rosa pallido\" itemprop=\"image\" srcset=\"https:\/\/voyagedelabaleine.fr\/wp-content\/uploads\/2025\/01\/pyjama-bebe-fillr-rose-2-600x799.jpg 600w, https:\/\/voyagedelabaleine.fr\/wp-content\/uploads\/2025\/01\/pyjama-bebe-fillr-rose-2-225x300.jpg 225w, https:\/\/voyagedelabaleine.fr\/wp-content\/uploads\/2025\/01\/pyjama-bebe-fillr-rose-2-769x1024.jpg 769w, https:\/\/voyagedelabaleine.fr\/wp-content\/uploads\/2025\/01\/pyjama-bebe-fillr-rose-2-768x1023.jpg 768w, https:\/\/voyagedelabaleine.fr\/wp-content\/uploads\/2025\/01\/pyjama-bebe-fillr-rose-2.jpg 1032w\" sizes=\"(max-width: 600px) 100vw, 600px\" \/><\/a>\t<\/div><!-- .woo-entry-image-swap -->\n\n<ul class=\"woo-entry-inner clr\"><li class=\"image-wrap\">\n\t<div class=\"woo-entry-image-swap woo-entry-image clr\">\n\t\t<a href=\"https:\/\/voyagedelabaleine.fr\/it\/prodotto\/tutina-neonata-con-colletto-fantasia-rosa-pallido\/\" class=\"woocommerce-LoopProduct-link\"><img decoding=\"async\" width=\"600\" height=\"800\" src=\"https:\/\/voyagedelabaleine.fr\/wp-content\/uploads\/2025\/01\/pyjama-bebe-fillr-rose-600x800.jpg\" class=\"woo-entry-image-main\" alt=\"Tutina neonata con colletto fantasia &#8211; Rosa pallido\" itemprop=\"image\" srcset=\"https:\/\/voyagedelabaleine.fr\/wp-content\/uploads\/2025\/01\/pyjama-bebe-fillr-rose-600x800.jpg 600w, https:\/\/voyagedelabaleine.fr\/wp-content\/uploads\/2025\/01\/pyjama-bebe-fillr-rose-225x300.jpg 225w, https:\/\/voyagedelabaleine.fr\/wp-content\/uploads\/2025\/01\/pyjama-bebe-fillr-rose-768x1023.jpg 768w, https:\/\/voyagedelabaleine.fr\/wp-content\/uploads\/2025\/01\/pyjama-bebe-fillr-rose-1153x1536.jpg 1153w, https:\/\/voyagedelabaleine.fr\/wp-content\/uploads\/2025\/01\/pyjama-bebe-fillr-rose.jpg 1500w\" sizes=\"(max-width: 600px) 100vw, 600px\" \/><img decoding=\"async\" width=\"600\" height=\"800\" src=\"https:\/\/voyagedelabaleine.fr\/wp-content\/uploads\/2025\/01\/pyjama-bebe-fillr-rose-2-600x800.jpg\" class=\"woo-entry-image-secondary\" alt=\"Tutina neonata con colletto fantasia &#8211; Rosa pallido\" itemprop=\"image\" srcset=\"https:\/\/voyagedelabaleine.fr\/wp-content\/uploads\/2025\/01\/pyjama-bebe-fillr-rose-2-600x799.jpg 600w, https:\/\/voyagedelabaleine.fr\/wp-content\/uploads\/2025\/01\/pyjama-bebe-fillr-rose-2-225x300.jpg 225w, https:\/\/voyagedelabaleine.fr\/wp-content\/uploads\/2025\/01\/pyjama-bebe-fillr-rose-2-769x1024.jpg 769w, https:\/\/voyagedelabaleine.fr\/wp-content\/uploads\/2025\/01\/pyjama-bebe-fillr-rose-2-768x1023.jpg 768w, https:\/\/voyagedelabaleine.fr\/wp-content\/uploads\/2025\/01\/pyjama-bebe-fillr-rose-2.jpg 1032w\" sizes=\"(max-width: 600px) 100vw, 600px\" \/><\/a>\t<\/div><!-- .woo-entry-image-swap -->\n\n<\/li><li class=\"title\"><h2><a href=\"https:\/\/voyagedelabaleine.fr\/it\/prodotto\/tutina-neonata-con-colletto-fantasia-rosa-pallido\/\">Tutina neonata con colletto fantasia &#8211; Rosa pallido<\/a><\/h2><\/li><li class=\"price-wrap\">\n\t<span class=\"price\"><span class=\"woocommerce-Price-amount amount\"><bdi>40<span class=\"woocommerce-Price-currencySymbol\">&euro;<\/span><\/bdi><\/span><\/span>\n<\/li><\/ul><\/div><!-- .product-inner .clr --><\/li>\n<li class=\"entry has-media col span_1_of_2 owp-content-center owp-thumbs-layout-vertical owp-btn-big owp-tabs-layout-vertical circle-sale product type-product post-34551 status-publish last instock product_cat-pigiama product_cat-pigiama-nascita product_cat-pigiama-nascita-ragazzo product_cat-pigiama-neonati product_cat-pigiama-neonato has-post-thumbnail taxable shipping-taxable purchasable product-type-variable has-default-attributes\">\n\t<div class=\"product-inner clr\">\n\t<div class=\"woo-entry-image-swap woo-entry-image clr\">\n\t\t<a href=\"https:\/\/voyagedelabaleine.fr\/it\/prodotto\/pigiama-neonato-bambino-con-colletto-fantasia-azzurro-chiaro\/\" class=\"woocommerce-LoopProduct-link\"><img decoding=\"async\" width=\"600\" height=\"800\" src=\"https:\/\/voyagedelabaleine.fr\/wp-content\/uploads\/2025\/03\/15371-fotor-2025061920181-600x800.jpg\" class=\"woo-entry-image-main\" alt=\"Pigiama neonato bambino con colletto fantasia \u2013 Azzurro chiaro\" itemprop=\"image\" srcset=\"https:\/\/voyagedelabaleine.fr\/wp-content\/uploads\/2025\/03\/15371-fotor-2025061920181-600x800.jpg 600w, https:\/\/voyagedelabaleine.fr\/wp-content\/uploads\/2025\/03\/15371-fotor-2025061920181-225x300.jpg 225w, https:\/\/voyagedelabaleine.fr\/wp-content\/uploads\/2025\/03\/15371-fotor-2025061920181-768x1024.jpg 768w, https:\/\/voyagedelabaleine.fr\/wp-content\/uploads\/2025\/03\/15371-fotor-2025061920181-1152x1536.jpg 1152w, https:\/\/voyagedelabaleine.fr\/wp-content\/uploads\/2025\/03\/15371-fotor-2025061920181.jpg 1200w\" sizes=\"(max-width: 600px) 100vw, 600px\" \/><img decoding=\"async\" width=\"600\" height=\"800\" src=\"https:\/\/voyagedelabaleine.fr\/wp-content\/uploads\/2025\/03\/15371-fotor-20250619201830-600x800.jpg\" class=\"woo-entry-image-secondary\" alt=\"Pigiama neonato bambino con colletto fantasia \u2013 Azzurro chiaro\" itemprop=\"image\" srcset=\"https:\/\/voyagedelabaleine.fr\/wp-content\/uploads\/2025\/03\/15371-fotor-20250619201830-600x799.jpg 600w, https:\/\/voyagedelabaleine.fr\/wp-content\/uploads\/2025\/03\/15371-fotor-20250619201830-225x300.jpg 225w, https:\/\/voyagedelabaleine.fr\/wp-content\/uploads\/2025\/03\/15371-fotor-20250619201830-769x1024.jpg 769w, https:\/\/voyagedelabaleine.fr\/wp-content\/uploads\/2025\/03\/15371-fotor-20250619201830-768x1023.jpg 768w, https:\/\/voyagedelabaleine.fr\/wp-content\/uploads\/2025\/03\/15371-fotor-20250619201830.jpg 978w\" sizes=\"(max-width: 600px) 100vw, 600px\" \/><\/a>\t<\/div><!-- .woo-entry-image-swap -->\n\n<ul class=\"woo-entry-inner clr\"><li class=\"image-wrap\">\n\t<div class=\"woo-entry-image-swap woo-entry-image clr\">\n\t\t<a href=\"https:\/\/voyagedelabaleine.fr\/it\/prodotto\/pigiama-neonato-bambino-con-colletto-fantasia-azzurro-chiaro\/\" class=\"woocommerce-LoopProduct-link\"><img decoding=\"async\" width=\"600\" height=\"800\" src=\"https:\/\/voyagedelabaleine.fr\/wp-content\/uploads\/2025\/03\/15371-fotor-2025061920181-600x800.jpg\" class=\"woo-entry-image-main\" alt=\"Pigiama neonato bambino con colletto fantasia \u2013 Azzurro chiaro\" itemprop=\"image\" srcset=\"https:\/\/voyagedelabaleine.fr\/wp-content\/uploads\/2025\/03\/15371-fotor-2025061920181-600x800.jpg 600w, https:\/\/voyagedelabaleine.fr\/wp-content\/uploads\/2025\/03\/15371-fotor-2025061920181-225x300.jpg 225w, https:\/\/voyagedelabaleine.fr\/wp-content\/uploads\/2025\/03\/15371-fotor-2025061920181-768x1024.jpg 768w, https:\/\/voyagedelabaleine.fr\/wp-content\/uploads\/2025\/03\/15371-fotor-2025061920181-1152x1536.jpg 1152w, https:\/\/voyagedelabaleine.fr\/wp-content\/uploads\/2025\/03\/15371-fotor-2025061920181.jpg 1200w\" sizes=\"(max-width: 600px) 100vw, 600px\" \/><img decoding=\"async\" width=\"600\" height=\"800\" src=\"https:\/\/voyagedelabaleine.fr\/wp-content\/uploads\/2025\/03\/15371-fotor-20250619201830-600x800.jpg\" class=\"woo-entry-image-secondary\" alt=\"Pigiama neonato bambino con colletto fantasia \u2013 Azzurro chiaro\" itemprop=\"image\" srcset=\"https:\/\/voyagedelabaleine.fr\/wp-content\/uploads\/2025\/03\/15371-fotor-20250619201830-600x799.jpg 600w, https:\/\/voyagedelabaleine.fr\/wp-content\/uploads\/2025\/03\/15371-fotor-20250619201830-225x300.jpg 225w, https:\/\/voyagedelabaleine.fr\/wp-content\/uploads\/2025\/03\/15371-fotor-20250619201830-769x1024.jpg 769w, https:\/\/voyagedelabaleine.fr\/wp-content\/uploads\/2025\/03\/15371-fotor-20250619201830-768x1023.jpg 768w, https:\/\/voyagedelabaleine.fr\/wp-content\/uploads\/2025\/03\/15371-fotor-20250619201830.jpg 978w\" sizes=\"(max-width: 600px) 100vw, 600px\" \/><\/a>\t<\/div><!-- .woo-entry-image-swap -->\n\n<\/li><li class=\"title\"><h2><a href=\"https:\/\/voyagedelabaleine.fr\/it\/prodotto\/pigiama-neonato-bambino-con-colletto-fantasia-azzurro-chiaro\/\">Pigiama neonato bambino con colletto fantasia \u2013 Azzurro chiaro<\/a><\/h2><\/li><li class=\"price-wrap\">\n\t<span class=\"price\"><span class=\"woocommerce-Price-amount amount\"><bdi>40<span class=\"woocommerce-Price-currencySymbol\">&euro;<\/span><\/bdi><\/span><\/span>\n<\/li><\/ul><\/div><!-- .product-inner .clr --><\/li>\n<\/ul>\n<\/div><\/div>\n\t\t\t\t\t\t<\/div>\n\t\t\t\t<\/div>\n\t\t<div class=\"elementor-element elementor-element-eca27ca e-con-full e-flex e-con e-parent\" data-id=\"eca27ca\" data-element_type=\"container\" data-e-type=\"container\">\n\t\t\t\t<div class=\"elementor-element elementor-element-fbd6a02 elementor-widget-divider--separator-type-pattern elementor-widget-divider--view-line elementor-widget elementor-widget-divider\" data-id=\"fbd6a02\" data-element_type=\"widget\" data-e-type=\"widget\" data-widget_type=\"divider.default\">\n\t\t\t\t\t\t\t<div class=\"elementor-divider\" style=\"--divider-pattern-url: url(&quot;data:image\/svg+xml,%3Csvg xmlns=&#039;http:\/\/www.w3.org\/2000\/svg&#039; preserveAspectRatio=&#039;none&#039; overflow=&#039;visible&#039; height=&#039;100%&#039; viewBox=&#039;0 0 24 24&#039; fill=&#039;black&#039; stroke=&#039;none&#039;%3E%3Cpath d=&#039;M12.7,2.3c-0.4-0.4-1.1-0.4-1.5,0l-8,9.1c-0.3,0.4-0.3,0.9,0,1.2l8,9.1c0.4,0.4,1.1,0.4,1.5,0l8-9.1c0.3-0.4,0.3-0.9,0-1.2L12.7,2.3z&#039;\/%3E%3C\/svg%3E&quot;);\">\n\t\t\t<span class=\"elementor-divider-separator\">\n\t\t\t\t\t\t<\/span>\n\t\t<\/div>\n\t\t\t\t\t\t<\/div>\n\t\t\t\t<div class=\"elementor-element elementor-element-72670cc elementor-widget elementor-widget-heading\" data-id=\"72670cc\" data-element_type=\"widget\" data-e-type=\"widget\" data-widget_type=\"heading.default\">\n\t\t\t\t\t<h2 class=\"elementor-heading-title elementor-size-default\">Futuri scolari<\/h2>\t\t\t\t<\/div>\n\t\t\t\t<\/div>\n\t\t<div class=\"elementor-element elementor-element-c422662 e-con-full e-flex e-con e-parent\" data-id=\"c422662\" data-element_type=\"container\" data-e-type=\"container\">\n\t\t\t\t<div class=\"elementor-element elementor-element-d3b8d98 elementor-widget elementor-widget-shortcode\" data-id=\"d3b8d98\" data-element_type=\"widget\" data-e-type=\"widget\" data-widget_type=\"shortcode.default\">\n\t\t\t\t\t\t\t<div class=\"elementor-shortcode\"><div class=\"woocommerce columns-3 \">\r\n<ul class=\"products oceanwp-row clr grid tablet-col tablet-2-col mobile-col mobile-2-col\">\r\n<li class=\"entry has-media col span_1_of_3 owp-content-center owp-thumbs-layout-vertical owp-btn-big owp-tabs-layout-vertical circle-sale product type-product post-34011 status-publish first instock product_cat-abbigliamento product_cat-blusa-camicia-nascita product_cat-blusa-camicia-nascita-ragazza product_cat-blusa-camicia-bambina product_cat-blusa-camicia-bambini product_cat-blusa-e-camicia-per-neonata product_cat-blusa-camicia-neonati has-post-thumbnail taxable shipping-taxable purchasable product-type-variable has-default-attributes\">\n\t<div class=\"product-inner clr\">\n\t<div class=\"woo-entry-image-swap woo-entry-image clr\">\n\t\t<a href=\"https:\/\/voyagedelabaleine.fr\/it\/prodotto\/blusa-bambina-vichy-rosso\/\" class=\"woocommerce-LoopProduct-link\"><img decoding=\"async\" width=\"600\" height=\"800\" src=\"https:\/\/voyagedelabaleine.fr\/wp-content\/uploads\/2024\/07\/blouse-bebe-vichy-rouge-5-600x800.jpg\" class=\"woo-entry-image-main\" alt=\"Blusa bambina vichy &#8211; Rosso\" itemprop=\"image\" srcset=\"https:\/\/voyagedelabaleine.fr\/wp-content\/uploads\/2024\/07\/blouse-bebe-vichy-rouge-5-600x800.jpg 600w, https:\/\/voyagedelabaleine.fr\/wp-content\/uploads\/2024\/07\/blouse-bebe-vichy-rouge-5-225x300.jpg 225w, https:\/\/voyagedelabaleine.fr\/wp-content\/uploads\/2024\/07\/blouse-bebe-vichy-rouge-5-768x1024.jpg 768w, https:\/\/voyagedelabaleine.fr\/wp-content\/uploads\/2024\/07\/blouse-bebe-vichy-rouge-5-1152x1536.jpg 1152w, https:\/\/voyagedelabaleine.fr\/wp-content\/uploads\/2024\/07\/blouse-bebe-vichy-rouge-5.jpg 1350w\" sizes=\"(max-width: 600px) 100vw, 600px\" \/><img decoding=\"async\" width=\"600\" height=\"800\" src=\"https:\/\/voyagedelabaleine.fr\/wp-content\/uploads\/2024\/07\/blouse-bebe-vichy-rouge-3-1-600x800.jpg\" class=\"woo-entry-image-secondary\" alt=\"Blusa bambina vichy &#8211; Rosso\" itemprop=\"image\" srcset=\"https:\/\/voyagedelabaleine.fr\/wp-content\/uploads\/2024\/07\/blouse-bebe-vichy-rouge-3-1-600x800.jpg 600w, https:\/\/voyagedelabaleine.fr\/wp-content\/uploads\/2024\/07\/blouse-bebe-vichy-rouge-3-1-225x300.jpg 225w, https:\/\/voyagedelabaleine.fr\/wp-content\/uploads\/2024\/07\/blouse-bebe-vichy-rouge-3-1-768x1024.jpg 768w, https:\/\/voyagedelabaleine.fr\/wp-content\/uploads\/2024\/07\/blouse-bebe-vichy-rouge-3-1.jpg 850w\" sizes=\"(max-width: 600px) 100vw, 600px\" \/><\/a>\t<\/div><!-- .woo-entry-image-swap -->\n\n<ul class=\"woo-entry-inner clr\"><li class=\"image-wrap\">\n\t<div class=\"woo-entry-image-swap woo-entry-image clr\">\n\t\t<a href=\"https:\/\/voyagedelabaleine.fr\/it\/prodotto\/blusa-bambina-vichy-rosso\/\" class=\"woocommerce-LoopProduct-link\"><img decoding=\"async\" width=\"600\" height=\"800\" src=\"https:\/\/voyagedelabaleine.fr\/wp-content\/uploads\/2024\/07\/blouse-bebe-vichy-rouge-5-600x800.jpg\" class=\"woo-entry-image-main\" alt=\"Blusa bambina vichy &#8211; Rosso\" itemprop=\"image\" srcset=\"https:\/\/voyagedelabaleine.fr\/wp-content\/uploads\/2024\/07\/blouse-bebe-vichy-rouge-5-600x800.jpg 600w, https:\/\/voyagedelabaleine.fr\/wp-content\/uploads\/2024\/07\/blouse-bebe-vichy-rouge-5-225x300.jpg 225w, https:\/\/voyagedelabaleine.fr\/wp-content\/uploads\/2024\/07\/blouse-bebe-vichy-rouge-5-768x1024.jpg 768w, https:\/\/voyagedelabaleine.fr\/wp-content\/uploads\/2024\/07\/blouse-bebe-vichy-rouge-5-1152x1536.jpg 1152w, https:\/\/voyagedelabaleine.fr\/wp-content\/uploads\/2024\/07\/blouse-bebe-vichy-rouge-5.jpg 1350w\" sizes=\"(max-width: 600px) 100vw, 600px\" \/><img decoding=\"async\" width=\"600\" height=\"800\" src=\"https:\/\/voyagedelabaleine.fr\/wp-content\/uploads\/2024\/07\/blouse-bebe-vichy-rouge-3-1-600x800.jpg\" class=\"woo-entry-image-secondary\" alt=\"Blusa bambina vichy &#8211; Rosso\" itemprop=\"image\" srcset=\"https:\/\/voyagedelabaleine.fr\/wp-content\/uploads\/2024\/07\/blouse-bebe-vichy-rouge-3-1-600x800.jpg 600w, https:\/\/voyagedelabaleine.fr\/wp-content\/uploads\/2024\/07\/blouse-bebe-vichy-rouge-3-1-225x300.jpg 225w, https:\/\/voyagedelabaleine.fr\/wp-content\/uploads\/2024\/07\/blouse-bebe-vichy-rouge-3-1-768x1024.jpg 768w, https:\/\/voyagedelabaleine.fr\/wp-content\/uploads\/2024\/07\/blouse-bebe-vichy-rouge-3-1.jpg 850w\" sizes=\"(max-width: 600px) 100vw, 600px\" \/><\/a>\t<\/div><!-- .woo-entry-image-swap -->\n\n<\/li><li class=\"title\"><h2><a href=\"https:\/\/voyagedelabaleine.fr\/it\/prodotto\/blusa-bambina-vichy-rosso\/\">Blusa bambina vichy &#8211; Rosso<\/a><\/h2><\/li><li class=\"price-wrap\">\n\t<span class=\"price\"><span class=\"woocommerce-Price-amount amount\"><bdi>32<span class=\"woocommerce-Price-currencySymbol\">&euro;<\/span><\/bdi><\/span><\/span>\n<\/li><\/ul><\/div><!-- .product-inner .clr --><\/li>\n<li class=\"entry has-media has-rating col span_1_of_3 owp-content-center owp-thumbs-layout-vertical owp-btn-big owp-tabs-layout-vertical circle-sale product type-product post-31315 status-publish instock product_cat-abbigliamento product_cat-blusa-camicia-nascita product_cat-blusa-camicia-nascita-ragazzo product_cat-blusa-camicia-bambini product_cat-blusa-camicia-bambino product_cat-blusa-camicia-neonati product_cat-blusa-camicia-neonato has-post-thumbnail taxable shipping-taxable purchasable product-type-variable has-default-attributes\">\n\t<div class=\"product-inner clr\">\n\t<div class=\"woo-entry-image-swap woo-entry-image clr\">\n\t\t<a href=\"https:\/\/voyagedelabaleine.fr\/it\/prodotto\/camicia-bambino-vichy-con-collo-alla-coreana-rosso\/\" class=\"woocommerce-LoopProduct-link\"><img decoding=\"async\" width=\"600\" height=\"800\" src=\"https:\/\/voyagedelabaleine.fr\/wp-content\/uploads\/2025\/02\/chemise-bebe-vichy-600x800.jpg\" class=\"woo-entry-image-main\" alt=\"Camicia bambino vichy con collo alla coreana &#8211; Rosso\" itemprop=\"image\" srcset=\"https:\/\/voyagedelabaleine.fr\/wp-content\/uploads\/2025\/02\/chemise-bebe-vichy-600x800.jpg 600w, https:\/\/voyagedelabaleine.fr\/wp-content\/uploads\/2025\/02\/chemise-bebe-vichy-225x300.jpg 225w, https:\/\/voyagedelabaleine.fr\/wp-content\/uploads\/2025\/02\/chemise-bebe-vichy-768x1024.jpg 768w, https:\/\/voyagedelabaleine.fr\/wp-content\/uploads\/2025\/02\/chemise-bebe-vichy-1152x1536.jpg 1152w, https:\/\/voyagedelabaleine.fr\/wp-content\/uploads\/2025\/02\/chemise-bebe-vichy.jpg 1200w\" sizes=\"(max-width: 600px) 100vw, 600px\" \/><img decoding=\"async\" width=\"600\" height=\"800\" src=\"https:\/\/voyagedelabaleine.fr\/wp-content\/uploads\/2024\/09\/chemise-bebe-vichy-rouge-3-600x800.jpg\" class=\"woo-entry-image-secondary\" alt=\"Camicia bambino vichy con collo alla coreana &#8211; Rosso\" itemprop=\"image\" srcset=\"https:\/\/voyagedelabaleine.fr\/wp-content\/uploads\/2024\/09\/chemise-bebe-vichy-rouge-3-600x799.jpg 600w, https:\/\/voyagedelabaleine.fr\/wp-content\/uploads\/2024\/09\/chemise-bebe-vichy-rouge-3-225x300.jpg 225w, https:\/\/voyagedelabaleine.fr\/wp-content\/uploads\/2024\/09\/chemise-bebe-vichy-rouge-3-769x1024.jpg 769w, https:\/\/voyagedelabaleine.fr\/wp-content\/uploads\/2024\/09\/chemise-bebe-vichy-rouge-3-768x1023.jpg 768w, https:\/\/voyagedelabaleine.fr\/wp-content\/uploads\/2024\/09\/chemise-bebe-vichy-rouge-3-1153x1536.jpg 1153w, https:\/\/voyagedelabaleine.fr\/wp-content\/uploads\/2024\/09\/chemise-bebe-vichy-rouge-3.jpg 1300w\" sizes=\"(max-width: 600px) 100vw, 600px\" \/><\/a>\t<\/div><!-- .woo-entry-image-swap -->\n\n<ul class=\"woo-entry-inner clr\"><li class=\"image-wrap\">\n\t<div class=\"woo-entry-image-swap woo-entry-image clr\">\n\t\t<a href=\"https:\/\/voyagedelabaleine.fr\/it\/prodotto\/camicia-bambino-vichy-con-collo-alla-coreana-rosso\/\" class=\"woocommerce-LoopProduct-link\"><img decoding=\"async\" width=\"600\" height=\"800\" src=\"https:\/\/voyagedelabaleine.fr\/wp-content\/uploads\/2025\/02\/chemise-bebe-vichy-600x800.jpg\" class=\"woo-entry-image-main\" alt=\"Camicia bambino vichy con collo alla coreana &#8211; Rosso\" itemprop=\"image\" srcset=\"https:\/\/voyagedelabaleine.fr\/wp-content\/uploads\/2025\/02\/chemise-bebe-vichy-600x800.jpg 600w, https:\/\/voyagedelabaleine.fr\/wp-content\/uploads\/2025\/02\/chemise-bebe-vichy-225x300.jpg 225w, https:\/\/voyagedelabaleine.fr\/wp-content\/uploads\/2025\/02\/chemise-bebe-vichy-768x1024.jpg 768w, https:\/\/voyagedelabaleine.fr\/wp-content\/uploads\/2025\/02\/chemise-bebe-vichy-1152x1536.jpg 1152w, https:\/\/voyagedelabaleine.fr\/wp-content\/uploads\/2025\/02\/chemise-bebe-vichy.jpg 1200w\" sizes=\"(max-width: 600px) 100vw, 600px\" \/><img decoding=\"async\" width=\"600\" height=\"800\" src=\"https:\/\/voyagedelabaleine.fr\/wp-content\/uploads\/2024\/09\/chemise-bebe-vichy-rouge-3-600x800.jpg\" class=\"woo-entry-image-secondary\" alt=\"Camicia bambino vichy con collo alla coreana &#8211; Rosso\" itemprop=\"image\" srcset=\"https:\/\/voyagedelabaleine.fr\/wp-content\/uploads\/2024\/09\/chemise-bebe-vichy-rouge-3-600x799.jpg 600w, https:\/\/voyagedelabaleine.fr\/wp-content\/uploads\/2024\/09\/chemise-bebe-vichy-rouge-3-225x300.jpg 225w, https:\/\/voyagedelabaleine.fr\/wp-content\/uploads\/2024\/09\/chemise-bebe-vichy-rouge-3-769x1024.jpg 769w, https:\/\/voyagedelabaleine.fr\/wp-content\/uploads\/2024\/09\/chemise-bebe-vichy-rouge-3-768x1023.jpg 768w, https:\/\/voyagedelabaleine.fr\/wp-content\/uploads\/2024\/09\/chemise-bebe-vichy-rouge-3-1153x1536.jpg 1153w, https:\/\/voyagedelabaleine.fr\/wp-content\/uploads\/2024\/09\/chemise-bebe-vichy-rouge-3.jpg 1300w\" sizes=\"(max-width: 600px) 100vw, 600px\" \/><\/a>\t<\/div><!-- .woo-entry-image-swap -->\n\n<\/li><li class=\"title\"><h2><a href=\"https:\/\/voyagedelabaleine.fr\/it\/prodotto\/camicia-bambino-vichy-con-collo-alla-coreana-rosso\/\">Camicia bambino vichy con collo alla coreana &#8211; Rosso<\/a><\/h2><\/li><li class=\"price-wrap\">\n\t<span class=\"price\"><span class=\"woocommerce-Price-amount amount\"><bdi>32<span class=\"woocommerce-Price-currencySymbol\">&euro;<\/span><\/bdi><\/span><\/span>\n<\/li><\/ul><\/div><!-- .product-inner .clr --><\/li>\n<li class=\"entry has-media col span_1_of_3 owp-content-center owp-thumbs-layout-vertical owp-btn-big owp-tabs-layout-vertical circle-sale product type-product post-29478 status-publish last instock product_cat-abbigliamento product_cat-blusa-camicia-nascita-ragazza product_cat-pagliaccetto-salopette-nascita product_cat-pagliaccetto-salopette-neonata product_cat-pagliaccetto-salopette-neonati has-post-thumbnail taxable shipping-taxable purchasable product-type-variable has-default-attributes\">\n\t<div class=\"product-inner clr\">\n\t<div class=\"woo-entry-image-swap woo-entry-image clr\">\n\t\t<a href=\"https:\/\/voyagedelabaleine.fr\/it\/prodotto\/salopette-neonata-vichy-con-volant-rosso\/\" class=\"woocommerce-LoopProduct-link\"><img decoding=\"async\" width=\"600\" height=\"800\" src=\"https:\/\/voyagedelabaleine.fr\/wp-content\/uploads\/2024\/09\/salopette-bebe-vichy-rouge-3-600x800.jpg\" class=\"woo-entry-image-main\" alt=\"Salopette neonata vichy con volant &#8211; Rosso\" itemprop=\"image\" srcset=\"https:\/\/voyagedelabaleine.fr\/wp-content\/uploads\/2024\/09\/salopette-bebe-vichy-rouge-3-600x800.jpg 600w, https:\/\/voyagedelabaleine.fr\/wp-content\/uploads\/2024\/09\/salopette-bebe-vichy-rouge-3-225x300.jpg 225w, https:\/\/voyagedelabaleine.fr\/wp-content\/uploads\/2024\/09\/salopette-bebe-vichy-rouge-3-768x1024.jpg 768w, https:\/\/voyagedelabaleine.fr\/wp-content\/uploads\/2024\/09\/salopette-bebe-vichy-rouge-3-1152x1536.jpg 1152w, https:\/\/voyagedelabaleine.fr\/wp-content\/uploads\/2024\/09\/salopette-bebe-vichy-rouge-3.jpg 1200w\" sizes=\"(max-width: 600px) 100vw, 600px\" \/><img decoding=\"async\" width=\"600\" height=\"800\" src=\"https:\/\/voyagedelabaleine.fr\/wp-content\/uploads\/2024\/09\/salopette-bebe-vichy-rouge-2-600x800.jpg\" class=\"woo-entry-image-secondary\" alt=\"Salopette neonata vichy con volant &#8211; Rosso\" itemprop=\"image\" srcset=\"https:\/\/voyagedelabaleine.fr\/wp-content\/uploads\/2024\/09\/salopette-bebe-vichy-rouge-2-600x800.jpg 600w, https:\/\/voyagedelabaleine.fr\/wp-content\/uploads\/2024\/09\/salopette-bebe-vichy-rouge-2-225x300.jpg 225w, https:\/\/voyagedelabaleine.fr\/wp-content\/uploads\/2024\/09\/salopette-bebe-vichy-rouge-2-768x1024.jpg 768w, https:\/\/voyagedelabaleine.fr\/wp-content\/uploads\/2024\/09\/salopette-bebe-vichy-rouge-2.jpg 800w\" sizes=\"(max-width: 600px) 100vw, 600px\" \/><\/a>\t<\/div><!-- .woo-entry-image-swap -->\n\n<ul class=\"woo-entry-inner clr\"><li class=\"image-wrap\">\n\t<div class=\"woo-entry-image-swap woo-entry-image clr\">\n\t\t<a href=\"https:\/\/voyagedelabaleine.fr\/it\/prodotto\/salopette-neonata-vichy-con-volant-rosso\/\" class=\"woocommerce-LoopProduct-link\"><img decoding=\"async\" width=\"600\" height=\"800\" src=\"https:\/\/voyagedelabaleine.fr\/wp-content\/uploads\/2024\/09\/salopette-bebe-vichy-rouge-3-600x800.jpg\" class=\"woo-entry-image-main\" alt=\"Salopette neonata vichy con volant &#8211; Rosso\" itemprop=\"image\" srcset=\"https:\/\/voyagedelabaleine.fr\/wp-content\/uploads\/2024\/09\/salopette-bebe-vichy-rouge-3-600x800.jpg 600w, https:\/\/voyagedelabaleine.fr\/wp-content\/uploads\/2024\/09\/salopette-bebe-vichy-rouge-3-225x300.jpg 225w, https:\/\/voyagedelabaleine.fr\/wp-content\/uploads\/2024\/09\/salopette-bebe-vichy-rouge-3-768x1024.jpg 768w, https:\/\/voyagedelabaleine.fr\/wp-content\/uploads\/2024\/09\/salopette-bebe-vichy-rouge-3-1152x1536.jpg 1152w, https:\/\/voyagedelabaleine.fr\/wp-content\/uploads\/2024\/09\/salopette-bebe-vichy-rouge-3.jpg 1200w\" sizes=\"(max-width: 600px) 100vw, 600px\" \/><img decoding=\"async\" width=\"600\" height=\"800\" src=\"https:\/\/voyagedelabaleine.fr\/wp-content\/uploads\/2024\/09\/salopette-bebe-vichy-rouge-2-600x800.jpg\" class=\"woo-entry-image-secondary\" alt=\"Salopette neonata vichy con volant &#8211; Rosso\" itemprop=\"image\" srcset=\"https:\/\/voyagedelabaleine.fr\/wp-content\/uploads\/2024\/09\/salopette-bebe-vichy-rouge-2-600x800.jpg 600w, https:\/\/voyagedelabaleine.fr\/wp-content\/uploads\/2024\/09\/salopette-bebe-vichy-rouge-2-225x300.jpg 225w, https:\/\/voyagedelabaleine.fr\/wp-content\/uploads\/2024\/09\/salopette-bebe-vichy-rouge-2-768x1024.jpg 768w, https:\/\/voyagedelabaleine.fr\/wp-content\/uploads\/2024\/09\/salopette-bebe-vichy-rouge-2.jpg 800w\" sizes=\"(max-width: 600px) 100vw, 600px\" \/><\/a>\t<\/div><!-- .woo-entry-image-swap -->\n\n<\/li><li class=\"title\"><h2><a href=\"https:\/\/voyagedelabaleine.fr\/it\/prodotto\/salopette-neonata-vichy-con-volant-rosso\/\">Salopette neonata vichy con volant &#8211; Rosso<\/a><\/h2><\/li><li class=\"price-wrap\">\n\t<span class=\"price\"><span class=\"woocommerce-Price-amount amount\"><bdi>42<span class=\"woocommerce-Price-currencySymbol\">&euro;<\/span><\/bdi><\/span><\/span>\n<\/li><\/ul><\/div><!-- .product-inner .clr --><\/li>\n<\/ul>\n<\/div><\/div>\n\t\t\t\t\t\t<\/div>\n\t\t\t\t<\/div>\n\t\t<div class=\"elementor-element elementor-element-0829c5c e-con-full e-flex e-con e-parent\" data-id=\"0829c5c\" data-element_type=\"container\" data-e-type=\"container\">\n\t\t\t\t<div class=\"elementor-element elementor-element-2d71c46 elementor-widget-divider--separator-type-pattern elementor-widget-divider--view-line elementor-widget elementor-widget-divider\" data-id=\"2d71c46\" data-element_type=\"widget\" data-e-type=\"widget\" data-widget_type=\"divider.default\">\n\t\t\t\t\t\t\t<div class=\"elementor-divider\" style=\"--divider-pattern-url: url(&quot;data:image\/svg+xml,%3Csvg xmlns=&#039;http:\/\/www.w3.org\/2000\/svg&#039; preserveAspectRatio=&#039;none&#039; overflow=&#039;visible&#039; height=&#039;100%&#039; viewBox=&#039;0 0 24 24&#039; fill=&#039;black&#039; stroke=&#039;none&#039;%3E%3Cpath d=&#039;M12.7,2.3c-0.4-0.4-1.1-0.4-1.5,0l-8,9.1c-0.3,0.4-0.3,0.9,0,1.2l8,9.1c0.4,0.4,1.1,0.4,1.5,0l8-9.1c0.3-0.4,0.3-0.9,0-1.2L12.7,2.3z&#039;\/%3E%3C\/svg%3E&quot;);\">\n\t\t\t<span class=\"elementor-divider-separator\">\n\t\t\t\t\t\t<\/span>\n\t\t<\/div>\n\t\t\t\t\t\t<\/div>\n\t\t<div class=\"elementor-element elementor-element-9701256 e-grid e-con-full e-con e-child\" data-id=\"9701256\" data-element_type=\"container\" data-e-type=\"container\">\n\t\t<div class=\"elementor-element elementor-element-a94b6a2 e-con-full e-flex e-con e-child\" data-id=\"a94b6a2\" data-element_type=\"container\" data-e-type=\"container\">\n\t\t\t\t<div class=\"elementor-element elementor-element-20a90e3 elementor-widget elementor-widget-heading\" data-id=\"20a90e3\" data-element_type=\"widget\" data-e-type=\"widget\" data-widget_type=\"heading.default\">\n\t\t\t\t\t<h2 class=\"elementor-heading-title elementor-size-default\">Partenza per il weekend<\/h2>\t\t\t\t<\/div>\n\t\t\t\t<\/div>\n\t\t\t\t<\/div>\n\t\t\t\t<\/div>\n\t\t<div class=\"elementor-element elementor-element-a0dc8ec e-con-full e-flex e-con e-parent\" data-id=\"a0dc8ec\" data-element_type=\"container\" data-e-type=\"container\">\n\t\t\t\t<div class=\"elementor-element elementor-element-a25e7f2 elementor-widget elementor-widget-shortcode\" data-id=\"a25e7f2\" data-element_type=\"widget\" data-e-type=\"widget\" data-widget_type=\"shortcode.default\">\n\t\t\t\t\t\t\t<div class=\"elementor-shortcode\"><div class=\"woocommerce columns-3 \">\r\n<ul class=\"products oceanwp-row clr grid tablet-col tablet-2-col mobile-col mobile-2-col\">\r\n<li class=\"entry has-media col span_1_of_3 owp-content-center owp-thumbs-layout-vertical owp-btn-big owp-tabs-layout-vertical circle-sale product type-product post-31344 status-publish first instock product_cat-abbigliamento product_cat-blusa-camicia-bambini product_cat-blusa-camicia-bambino product_cat-blusa-camicia-neonati product_cat-blusa-camicia-neonato has-post-thumbnail taxable shipping-taxable purchasable product-type-variable has-default-attributes\">\n\t<div class=\"product-inner clr\">\n\t<div class=\"woo-entry-image-swap woo-entry-image clr\">\n\t\t<a href=\"https:\/\/voyagedelabaleine.fr\/it\/prodotto\/camicia-bambino-a-quadri-in-cotone-caldo\/\" class=\"woocommerce-LoopProduct-link\"><img decoding=\"async\" width=\"600\" height=\"800\" src=\"https:\/\/voyagedelabaleine.fr\/wp-content\/uploads\/2024\/09\/chemise-carreaux-bebe-600x800.jpg\" class=\"woo-entry-image-main\" alt=\"Camicia bambino a quadri in cotone caldo\" itemprop=\"image\" srcset=\"https:\/\/voyagedelabaleine.fr\/wp-content\/uploads\/2024\/09\/chemise-carreaux-bebe-600x800.jpg 600w, https:\/\/voyagedelabaleine.fr\/wp-content\/uploads\/2024\/09\/chemise-carreaux-bebe-225x300.jpg 225w, https:\/\/voyagedelabaleine.fr\/wp-content\/uploads\/2024\/09\/chemise-carreaux-bebe-768x1024.jpg 768w, https:\/\/voyagedelabaleine.fr\/wp-content\/uploads\/2024\/09\/chemise-carreaux-bebe-1152x1536.jpg 1152w, https:\/\/voyagedelabaleine.fr\/wp-content\/uploads\/2024\/09\/chemise-carreaux-bebe.jpg 1200w\" sizes=\"(max-width: 600px) 100vw, 600px\" \/><img decoding=\"async\" width=\"600\" height=\"800\" src=\"https:\/\/voyagedelabaleine.fr\/wp-content\/uploads\/2024\/09\/chemise-carreaux-bebe-1-600x800.jpg\" class=\"woo-entry-image-secondary\" alt=\"Camicia bambino a quadri in cotone caldo\" itemprop=\"image\" srcset=\"https:\/\/voyagedelabaleine.fr\/wp-content\/uploads\/2024\/09\/chemise-carreaux-bebe-1-600x799.jpg 600w, https:\/\/voyagedelabaleine.fr\/wp-content\/uploads\/2024\/09\/chemise-carreaux-bebe-1-225x300.jpg 225w, https:\/\/voyagedelabaleine.fr\/wp-content\/uploads\/2024\/09\/chemise-carreaux-bebe-1-769x1024.jpg 769w, https:\/\/voyagedelabaleine.fr\/wp-content\/uploads\/2024\/09\/chemise-carreaux-bebe-1-768x1023.jpg 768w, https:\/\/voyagedelabaleine.fr\/wp-content\/uploads\/2024\/09\/chemise-carreaux-bebe-1.jpg 979w\" sizes=\"(max-width: 600px) 100vw, 600px\" \/><\/a>\t<\/div><!-- .woo-entry-image-swap -->\n\n<ul class=\"woo-entry-inner clr\"><li class=\"image-wrap\">\n\t<div class=\"woo-entry-image-swap woo-entry-image clr\">\n\t\t<a href=\"https:\/\/voyagedelabaleine.fr\/it\/prodotto\/camicia-bambino-a-quadri-in-cotone-caldo\/\" class=\"woocommerce-LoopProduct-link\"><img decoding=\"async\" width=\"600\" height=\"800\" src=\"https:\/\/voyagedelabaleine.fr\/wp-content\/uploads\/2024\/09\/chemise-carreaux-bebe-600x800.jpg\" class=\"woo-entry-image-main\" alt=\"Camicia bambino a quadri in cotone caldo\" itemprop=\"image\" srcset=\"https:\/\/voyagedelabaleine.fr\/wp-content\/uploads\/2024\/09\/chemise-carreaux-bebe-600x800.jpg 600w, https:\/\/voyagedelabaleine.fr\/wp-content\/uploads\/2024\/09\/chemise-carreaux-bebe-225x300.jpg 225w, https:\/\/voyagedelabaleine.fr\/wp-content\/uploads\/2024\/09\/chemise-carreaux-bebe-768x1024.jpg 768w, https:\/\/voyagedelabaleine.fr\/wp-content\/uploads\/2024\/09\/chemise-carreaux-bebe-1152x1536.jpg 1152w, https:\/\/voyagedelabaleine.fr\/wp-content\/uploads\/2024\/09\/chemise-carreaux-bebe.jpg 1200w\" sizes=\"(max-width: 600px) 100vw, 600px\" \/><img decoding=\"async\" width=\"600\" height=\"800\" src=\"https:\/\/voyagedelabaleine.fr\/wp-content\/uploads\/2024\/09\/chemise-carreaux-bebe-1-600x800.jpg\" class=\"woo-entry-image-secondary\" alt=\"Camicia bambino a quadri in cotone caldo\" itemprop=\"image\" srcset=\"https:\/\/voyagedelabaleine.fr\/wp-content\/uploads\/2024\/09\/chemise-carreaux-bebe-1-600x799.jpg 600w, https:\/\/voyagedelabaleine.fr\/wp-content\/uploads\/2024\/09\/chemise-carreaux-bebe-1-225x300.jpg 225w, https:\/\/voyagedelabaleine.fr\/wp-content\/uploads\/2024\/09\/chemise-carreaux-bebe-1-769x1024.jpg 769w, https:\/\/voyagedelabaleine.fr\/wp-content\/uploads\/2024\/09\/chemise-carreaux-bebe-1-768x1023.jpg 768w, https:\/\/voyagedelabaleine.fr\/wp-content\/uploads\/2024\/09\/chemise-carreaux-bebe-1.jpg 979w\" sizes=\"(max-width: 600px) 100vw, 600px\" \/><\/a>\t<\/div><!-- .woo-entry-image-swap -->\n\n<\/li><li class=\"title\"><h2><a href=\"https:\/\/voyagedelabaleine.fr\/it\/prodotto\/camicia-bambino-a-quadri-in-cotone-caldo\/\">Camicia bambino a quadri in cotone caldo<\/a><\/h2><\/li><li class=\"price-wrap\">\n\t<span class=\"price\"><span class=\"woocommerce-Price-amount amount\"><bdi>32<span class=\"woocommerce-Price-currencySymbol\">&euro;<\/span><\/bdi><\/span><\/span>\n<\/li><\/ul><\/div><!-- .product-inner .clr --><\/li>\n<li class=\"entry has-media col span_1_of_3 owp-content-center owp-thumbs-layout-vertical owp-btn-big owp-tabs-layout-vertical circle-sale product type-product post-31287 status-publish instock product_cat-abbigliamento product_cat-blusa-camicia-nascita product_cat-blusa-camicia-nascita-ragazzo product_cat-blusa-camicia-bambini product_cat-blusa-camicia-bambino product_cat-blusa-camicia-neonati product_cat-blusa-camicia-neonato has-post-thumbnail taxable shipping-taxable purchasable product-type-variable has-default-attributes\">\n\t<div class=\"product-inner clr\">\n\t<div class=\"woo-entry-image-swap woo-entry-image clr\">\n\t\t<a href=\"https:\/\/voyagedelabaleine.fr\/it\/prodotto\/camicia-bambino-a-quadri-e-collo-alla-coreana-in-caldo-cotone\/\" class=\"woocommerce-LoopProduct-link\"><img decoding=\"async\" width=\"600\" height=\"800\" src=\"https:\/\/voyagedelabaleine.fr\/wp-content\/uploads\/2024\/09\/salopette-bebe-velours-verte-600x800.jpg\" class=\"woo-entry-image-main\" alt=\"Camicia bambino a quadri e collo alla coreana in caldo cotone\" itemprop=\"image\" srcset=\"https:\/\/voyagedelabaleine.fr\/wp-content\/uploads\/2024\/09\/salopette-bebe-velours-verte-600x800.jpg 600w, https:\/\/voyagedelabaleine.fr\/wp-content\/uploads\/2024\/09\/salopette-bebe-velours-verte-225x300.jpg 225w, https:\/\/voyagedelabaleine.fr\/wp-content\/uploads\/2024\/09\/salopette-bebe-velours-verte-768x1024.jpg 768w, https:\/\/voyagedelabaleine.fr\/wp-content\/uploads\/2024\/09\/salopette-bebe-velours-verte-1152x1536.jpg 1152w, https:\/\/voyagedelabaleine.fr\/wp-content\/uploads\/2024\/09\/salopette-bebe-velours-verte.jpg 1200w\" sizes=\"(max-width: 600px) 100vw, 600px\" \/><img decoding=\"async\" width=\"600\" height=\"800\" src=\"https:\/\/voyagedelabaleine.fr\/wp-content\/uploads\/2024\/09\/chemise-bebe-carreaux-col-mao-5-600x800.jpg\" class=\"woo-entry-image-secondary\" alt=\"Camicia bambino a quadri e collo alla coreana in caldo cotone\" itemprop=\"image\" srcset=\"https:\/\/voyagedelabaleine.fr\/wp-content\/uploads\/2024\/09\/chemise-bebe-carreaux-col-mao-5-600x800.jpg 600w, https:\/\/voyagedelabaleine.fr\/wp-content\/uploads\/2024\/09\/chemise-bebe-carreaux-col-mao-5-225x300.jpg 225w, https:\/\/voyagedelabaleine.fr\/wp-content\/uploads\/2024\/09\/chemise-bebe-carreaux-col-mao-5-768x1023.jpg 768w, https:\/\/voyagedelabaleine.fr\/wp-content\/uploads\/2024\/09\/chemise-bebe-carreaux-col-mao-5.jpg 866w\" sizes=\"(max-width: 600px) 100vw, 600px\" \/><\/a>\t<\/div><!-- .woo-entry-image-swap -->\n\n<ul class=\"woo-entry-inner clr\"><li class=\"image-wrap\">\n\t<div class=\"woo-entry-image-swap woo-entry-image clr\">\n\t\t<a href=\"https:\/\/voyagedelabaleine.fr\/it\/prodotto\/camicia-bambino-a-quadri-e-collo-alla-coreana-in-caldo-cotone\/\" class=\"woocommerce-LoopProduct-link\"><img decoding=\"async\" width=\"600\" height=\"800\" src=\"https:\/\/voyagedelabaleine.fr\/wp-content\/uploads\/2024\/09\/salopette-bebe-velours-verte-600x800.jpg\" class=\"woo-entry-image-main\" alt=\"Camicia bambino a quadri e collo alla coreana in caldo cotone\" itemprop=\"image\" srcset=\"https:\/\/voyagedelabaleine.fr\/wp-content\/uploads\/2024\/09\/salopette-bebe-velours-verte-600x800.jpg 600w, https:\/\/voyagedelabaleine.fr\/wp-content\/uploads\/2024\/09\/salopette-bebe-velours-verte-225x300.jpg 225w, https:\/\/voyagedelabaleine.fr\/wp-content\/uploads\/2024\/09\/salopette-bebe-velours-verte-768x1024.jpg 768w, https:\/\/voyagedelabaleine.fr\/wp-content\/uploads\/2024\/09\/salopette-bebe-velours-verte-1152x1536.jpg 1152w, https:\/\/voyagedelabaleine.fr\/wp-content\/uploads\/2024\/09\/salopette-bebe-velours-verte.jpg 1200w\" sizes=\"(max-width: 600px) 100vw, 600px\" \/><img decoding=\"async\" width=\"600\" height=\"800\" src=\"https:\/\/voyagedelabaleine.fr\/wp-content\/uploads\/2024\/09\/chemise-bebe-carreaux-col-mao-5-600x800.jpg\" class=\"woo-entry-image-secondary\" alt=\"Camicia bambino a quadri e collo alla coreana in caldo cotone\" itemprop=\"image\" srcset=\"https:\/\/voyagedelabaleine.fr\/wp-content\/uploads\/2024\/09\/chemise-bebe-carreaux-col-mao-5-600x800.jpg 600w, https:\/\/voyagedelabaleine.fr\/wp-content\/uploads\/2024\/09\/chemise-bebe-carreaux-col-mao-5-225x300.jpg 225w, https:\/\/voyagedelabaleine.fr\/wp-content\/uploads\/2024\/09\/chemise-bebe-carreaux-col-mao-5-768x1023.jpg 768w, https:\/\/voyagedelabaleine.fr\/wp-content\/uploads\/2024\/09\/chemise-bebe-carreaux-col-mao-5.jpg 866w\" sizes=\"(max-width: 600px) 100vw, 600px\" \/><\/a>\t<\/div><!-- .woo-entry-image-swap -->\n\n<\/li><li class=\"title\"><h2><a href=\"https:\/\/voyagedelabaleine.fr\/it\/prodotto\/camicia-bambino-a-quadri-e-collo-alla-coreana-in-caldo-cotone\/\">Camicia bambino a quadri e collo alla coreana in caldo cotone<\/a><\/h2><\/li><li class=\"price-wrap\">\n\t<span class=\"price\"><span class=\"woocommerce-Price-amount amount\"><bdi>32<span class=\"woocommerce-Price-currencySymbol\">&euro;<\/span><\/bdi><\/span><\/span>\n<\/li><\/ul><\/div><!-- .product-inner .clr --><\/li>\n<li class=\"entry has-media has-rating col span_1_of_3 owp-content-center owp-thumbs-layout-vertical owp-btn-big owp-tabs-layout-vertical circle-sale product type-product post-31715 status-publish last instock product_cat-abbigliamento product_cat-pagliaccetto-salopette-nascita product_cat-pagliaccetto-salopette-nascita-ragazza product_cat-pagliaccetto-salopette-nascita-ragazzo product_cat-pagliaccetto-salopette-neonata product_cat-pagliaccetto-salopette-neonati product_cat-pagliaccetto-salopette-neonato has-post-thumbnail taxable shipping-taxable purchasable product-type-variable has-default-attributes\">\n\t<div class=\"product-inner clr\">\n\t<div class=\"woo-entry-image-swap woo-entry-image clr\">\n\t\t<a href=\"https:\/\/voyagedelabaleine.fr\/it\/prodotto\/pagliaccetto-neonato-a-quadri-in-cotone-caldo\/\" class=\"woocommerce-LoopProduct-link\"><img decoding=\"async\" width=\"600\" height=\"800\" src=\"https:\/\/voyagedelabaleine.fr\/wp-content\/uploads\/2025\/02\/barboteuse-carreaux-600x800.jpg\" class=\"woo-entry-image-main\" alt=\"Pagliaccetto neonato a quadri in cotone caldo\" itemprop=\"image\" srcset=\"https:\/\/voyagedelabaleine.fr\/wp-content\/uploads\/2025\/02\/barboteuse-carreaux-600x800.jpg 600w, https:\/\/voyagedelabaleine.fr\/wp-content\/uploads\/2025\/02\/barboteuse-carreaux-225x300.jpg 225w, https:\/\/voyagedelabaleine.fr\/wp-content\/uploads\/2025\/02\/barboteuse-carreaux-768x1024.jpg 768w, https:\/\/voyagedelabaleine.fr\/wp-content\/uploads\/2025\/02\/barboteuse-carreaux-1152x1536.jpg 1152w, https:\/\/voyagedelabaleine.fr\/wp-content\/uploads\/2025\/02\/barboteuse-carreaux.jpg 1200w\" sizes=\"(max-width: 600px) 100vw, 600px\" \/><img decoding=\"async\" width=\"600\" height=\"800\" src=\"https:\/\/voyagedelabaleine.fr\/wp-content\/uploads\/2024\/09\/barboteuse-carreaux-3-600x800.jpg\" class=\"woo-entry-image-secondary\" alt=\"Pagliaccetto neonato a quadri in cotone caldo\" itemprop=\"image\" srcset=\"https:\/\/voyagedelabaleine.fr\/wp-content\/uploads\/2024\/09\/barboteuse-carreaux-3-600x800.jpg 600w, https:\/\/voyagedelabaleine.fr\/wp-content\/uploads\/2024\/09\/barboteuse-carreaux-3-225x300.jpg 225w, https:\/\/voyagedelabaleine.fr\/wp-content\/uploads\/2024\/09\/barboteuse-carreaux-3-768x1024.jpg 768w, https:\/\/voyagedelabaleine.fr\/wp-content\/uploads\/2024\/09\/barboteuse-carreaux-3-1152x1536.jpg 1152w, https:\/\/voyagedelabaleine.fr\/wp-content\/uploads\/2024\/09\/barboteuse-carreaux-3.jpg 1200w\" sizes=\"(max-width: 600px) 100vw, 600px\" \/><\/a>\t<\/div><!-- .woo-entry-image-swap -->\n\n<ul class=\"woo-entry-inner clr\"><li class=\"image-wrap\">\n\t<div class=\"woo-entry-image-swap woo-entry-image clr\">\n\t\t<a href=\"https:\/\/voyagedelabaleine.fr\/it\/prodotto\/pagliaccetto-neonato-a-quadri-in-cotone-caldo\/\" class=\"woocommerce-LoopProduct-link\"><img decoding=\"async\" width=\"600\" height=\"800\" src=\"https:\/\/voyagedelabaleine.fr\/wp-content\/uploads\/2025\/02\/barboteuse-carreaux-600x800.jpg\" class=\"woo-entry-image-main\" alt=\"Pagliaccetto neonato a quadri in cotone caldo\" itemprop=\"image\" srcset=\"https:\/\/voyagedelabaleine.fr\/wp-content\/uploads\/2025\/02\/barboteuse-carreaux-600x800.jpg 600w, https:\/\/voyagedelabaleine.fr\/wp-content\/uploads\/2025\/02\/barboteuse-carreaux-225x300.jpg 225w, https:\/\/voyagedelabaleine.fr\/wp-content\/uploads\/2025\/02\/barboteuse-carreaux-768x1024.jpg 768w, https:\/\/voyagedelabaleine.fr\/wp-content\/uploads\/2025\/02\/barboteuse-carreaux-1152x1536.jpg 1152w, https:\/\/voyagedelabaleine.fr\/wp-content\/uploads\/2025\/02\/barboteuse-carreaux.jpg 1200w\" sizes=\"(max-width: 600px) 100vw, 600px\" \/><img decoding=\"async\" width=\"600\" height=\"800\" src=\"https:\/\/voyagedelabaleine.fr\/wp-content\/uploads\/2024\/09\/barboteuse-carreaux-3-600x800.jpg\" class=\"woo-entry-image-secondary\" alt=\"Pagliaccetto neonato a quadri in cotone caldo\" itemprop=\"image\" srcset=\"https:\/\/voyagedelabaleine.fr\/wp-content\/uploads\/2024\/09\/barboteuse-carreaux-3-600x800.jpg 600w, https:\/\/voyagedelabaleine.fr\/wp-content\/uploads\/2024\/09\/barboteuse-carreaux-3-225x300.jpg 225w, https:\/\/voyagedelabaleine.fr\/wp-content\/uploads\/2024\/09\/barboteuse-carreaux-3-768x1024.jpg 768w, https:\/\/voyagedelabaleine.fr\/wp-content\/uploads\/2024\/09\/barboteuse-carreaux-3-1152x1536.jpg 1152w, https:\/\/voyagedelabaleine.fr\/wp-content\/uploads\/2024\/09\/barboteuse-carreaux-3.jpg 1200w\" sizes=\"(max-width: 600px) 100vw, 600px\" \/><\/a>\t<\/div><!-- .woo-entry-image-swap -->\n\n<\/li><li class=\"title\"><h2><a href=\"https:\/\/voyagedelabaleine.fr\/it\/prodotto\/pagliaccetto-neonato-a-quadri-in-cotone-caldo\/\">Pagliaccetto neonato a quadri in cotone caldo<\/a><\/h2><\/li><li class=\"price-wrap\">\n\t<span class=\"price\"><span class=\"woocommerce-Price-amount amount\"><bdi>56<span class=\"woocommerce-Price-currencySymbol\">&euro;<\/span><\/bdi><\/span><\/span>\n<\/li><\/ul><\/div><!-- .product-inner .clr --><\/li>\n<\/ul>\n<\/div><\/div>\n\t\t\t\t\t\t<\/div>\n\t\t\t\t<\/div>\n\t\t<div class=\"elementor-element elementor-element-3f4bdcb e-con-full e-flex e-con e-parent\" data-id=\"3f4bdcb\" data-element_type=\"container\" data-e-type=\"container\">\n\t\t\t\t<div class=\"elementor-element elementor-element-72341ba elementor-widget-divider--separator-type-pattern elementor-widget-divider--view-line elementor-widget elementor-widget-divider\" data-id=\"72341ba\" data-element_type=\"widget\" data-e-type=\"widget\" data-widget_type=\"divider.default\">\n\t\t\t\t\t\t\t<div class=\"elementor-divider\" style=\"--divider-pattern-url: url(&quot;data:image\/svg+xml,%3Csvg xmlns=&#039;http:\/\/www.w3.org\/2000\/svg&#039; preserveAspectRatio=&#039;none&#039; overflow=&#039;visible&#039; height=&#039;100%&#039; viewBox=&#039;0 0 24 24&#039; fill=&#039;black&#039; stroke=&#039;none&#039;%3E%3Cpath d=&#039;M12.7,2.3c-0.4-0.4-1.1-0.4-1.5,0l-8,9.1c-0.3,0.4-0.3,0.9,0,1.2l8,9.1c0.4,0.4,1.1,0.4,1.5,0l8-9.1c0.3-0.4,0.3-0.9,0-1.2L12.7,2.3z&#039;\/%3E%3C\/svg%3E&quot;);\">\n\t\t\t<span class=\"elementor-divider-separator\">\n\t\t\t\t\t\t<\/span>\n\t\t<\/div>\n\t\t\t\t\t\t<\/div>\n\t\t<div class=\"elementor-element elementor-element-3a9e92e e-grid e-con-full e-con e-child\" data-id=\"3a9e92e\" data-element_type=\"container\" data-e-type=\"container\">\n\t\t<div class=\"elementor-element elementor-element-008b9c9 e-con-full e-flex e-con e-child\" data-id=\"008b9c9\" data-element_type=\"container\" data-e-type=\"container\">\n\t\t\t\t<div class=\"elementor-element elementor-element-8473bf7 elementor-widget elementor-widget-heading\" data-id=\"8473bf7\" data-element_type=\"widget\" data-e-type=\"widget\" data-widget_type=\"heading.default\">\n\t\t\t\t\t<h2 class=\"elementor-heading-title elementor-size-default\">Saggezza invernale<\/h2>\t\t\t\t<\/div>\n\t\t\t\t<\/div>\n\t\t\t\t<\/div>\n\t\t\t\t<\/div>\n\t\t<div class=\"elementor-element elementor-element-5c8c12e e-con-full e-flex e-con e-parent\" data-id=\"5c8c12e\" data-element_type=\"container\" data-e-type=\"container\">\n\t\t\t\t<div class=\"elementor-element elementor-element-822e628 elementor-widget elementor-widget-shortcode\" data-id=\"822e628\" data-element_type=\"widget\" data-e-type=\"widget\" data-widget_type=\"shortcode.default\">\n\t\t\t\t\t\t\t<div class=\"elementor-shortcode\"><div class=\"woocommerce columns-4 \">\r\n<ul class=\"products oceanwp-row clr grid tablet-col tablet-2-col mobile-col mobile-2-col\">\r\n<li class=\"entry has-media has-rating col span_1_of_4 owp-content-center owp-thumbs-layout-vertical owp-btn-big owp-tabs-layout-vertical circle-sale product type-product post-30535 status-publish first instock product_cat-abbigliamento product_cat-bambina product_cat-neonata product_cat-vestito-bambina product_cat-vestito-neonata has-post-thumbnail taxable shipping-taxable purchasable product-type-variable has-default-attributes\">\n\t<div class=\"product-inner clr\">\n\t<div class=\"woo-entry-image-swap woo-entry-image clr\">\n\t\t<a href=\"https:\/\/voyagedelabaleine.fr\/it\/prodotto\/vestito-bambina-tartan-con-colletto-ricamato-bordeaux\/\" class=\"woocommerce-LoopProduct-link\"><img decoding=\"async\" width=\"600\" height=\"800\" src=\"https:\/\/voyagedelabaleine.fr\/wp-content\/uploads\/2025\/02\/robe-bebe-tartan-1-600x800.jpg\" class=\"woo-entry-image-main\" alt=\"Vestito bambina tartan con colletto ricamato &#8211; Bordeaux\" itemprop=\"image\" srcset=\"https:\/\/voyagedelabaleine.fr\/wp-content\/uploads\/2025\/02\/robe-bebe-tartan-1-600x800.jpg 600w, https:\/\/voyagedelabaleine.fr\/wp-content\/uploads\/2025\/02\/robe-bebe-tartan-1-225x300.jpg 225w, https:\/\/voyagedelabaleine.fr\/wp-content\/uploads\/2025\/02\/robe-bebe-tartan-1-768x1024.jpg 768w, https:\/\/voyagedelabaleine.fr\/wp-content\/uploads\/2025\/02\/robe-bebe-tartan-1-1152x1536.jpg 1152w, https:\/\/voyagedelabaleine.fr\/wp-content\/uploads\/2025\/02\/robe-bebe-tartan-1.jpg 1200w\" sizes=\"(max-width: 600px) 100vw, 600px\" \/><img decoding=\"async\" width=\"600\" height=\"800\" src=\"https:\/\/voyagedelabaleine.fr\/wp-content\/uploads\/2024\/10\/robe-bebe-tartan-600x800.jpg\" class=\"woo-entry-image-secondary\" alt=\"Vestito bambina tartan con colletto ricamato &#8211; Bordeaux\" itemprop=\"image\" srcset=\"https:\/\/voyagedelabaleine.fr\/wp-content\/uploads\/2024\/10\/robe-bebe-tartan-600x800.jpg 600w, https:\/\/voyagedelabaleine.fr\/wp-content\/uploads\/2024\/10\/robe-bebe-tartan-225x300.jpg 225w, https:\/\/voyagedelabaleine.fr\/wp-content\/uploads\/2024\/10\/robe-bebe-tartan-768x1024.jpg 768w, https:\/\/voyagedelabaleine.fr\/wp-content\/uploads\/2024\/10\/robe-bebe-tartan.jpg 800w\" sizes=\"(max-width: 600px) 100vw, 600px\" \/><\/a>\t<\/div><!-- .woo-entry-image-swap -->\n\n<ul class=\"woo-entry-inner clr\"><li class=\"image-wrap\">\n\t<div class=\"woo-entry-image-swap woo-entry-image clr\">\n\t\t<a href=\"https:\/\/voyagedelabaleine.fr\/it\/prodotto\/vestito-bambina-tartan-con-colletto-ricamato-bordeaux\/\" class=\"woocommerce-LoopProduct-link\"><img decoding=\"async\" width=\"600\" height=\"800\" src=\"https:\/\/voyagedelabaleine.fr\/wp-content\/uploads\/2025\/02\/robe-bebe-tartan-1-600x800.jpg\" class=\"woo-entry-image-main\" alt=\"Vestito bambina tartan con colletto ricamato &#8211; Bordeaux\" itemprop=\"image\" srcset=\"https:\/\/voyagedelabaleine.fr\/wp-content\/uploads\/2025\/02\/robe-bebe-tartan-1-600x800.jpg 600w, https:\/\/voyagedelabaleine.fr\/wp-content\/uploads\/2025\/02\/robe-bebe-tartan-1-225x300.jpg 225w, https:\/\/voyagedelabaleine.fr\/wp-content\/uploads\/2025\/02\/robe-bebe-tartan-1-768x1024.jpg 768w, https:\/\/voyagedelabaleine.fr\/wp-content\/uploads\/2025\/02\/robe-bebe-tartan-1-1152x1536.jpg 1152w, https:\/\/voyagedelabaleine.fr\/wp-content\/uploads\/2025\/02\/robe-bebe-tartan-1.jpg 1200w\" sizes=\"(max-width: 600px) 100vw, 600px\" \/><img decoding=\"async\" width=\"600\" height=\"800\" src=\"https:\/\/voyagedelabaleine.fr\/wp-content\/uploads\/2024\/10\/robe-bebe-tartan-600x800.jpg\" class=\"woo-entry-image-secondary\" alt=\"Vestito bambina tartan con colletto ricamato &#8211; Bordeaux\" itemprop=\"image\" srcset=\"https:\/\/voyagedelabaleine.fr\/wp-content\/uploads\/2024\/10\/robe-bebe-tartan-600x800.jpg 600w, https:\/\/voyagedelabaleine.fr\/wp-content\/uploads\/2024\/10\/robe-bebe-tartan-225x300.jpg 225w, https:\/\/voyagedelabaleine.fr\/wp-content\/uploads\/2024\/10\/robe-bebe-tartan-768x1024.jpg 768w, https:\/\/voyagedelabaleine.fr\/wp-content\/uploads\/2024\/10\/robe-bebe-tartan.jpg 800w\" sizes=\"(max-width: 600px) 100vw, 600px\" \/><\/a>\t<\/div><!-- .woo-entry-image-swap -->\n\n<\/li><li class=\"title\"><h2><a href=\"https:\/\/voyagedelabaleine.fr\/it\/prodotto\/vestito-bambina-tartan-con-colletto-ricamato-bordeaux\/\">Vestito bambina tartan con colletto ricamato &#8211; Bordeaux<\/a><\/h2><\/li><li class=\"price-wrap\">\n\t<span class=\"price\"><span class=\"woocommerce-Price-amount amount\"><bdi>68<span class=\"woocommerce-Price-currencySymbol\">&euro;<\/span><\/bdi><\/span><\/span>\n<\/li><\/ul><\/div><!-- .product-inner .clr --><\/li>\n<li class=\"entry has-media has-rating col span_1_of_4 owp-content-center owp-thumbs-layout-vertical owp-btn-big owp-tabs-layout-vertical circle-sale product type-product post-30496 status-publish instock product_cat-abbigliamento product_cat-pagliaccetto-salopette-nascita product_cat-pagliaccetto-salopette-nascita-ragazza product_cat-pagliaccetto-salopette-nascita-ragazzo product_cat-pagliaccetto-salopette-neonata product_cat-pagliaccetto-salopette-neonati product_cat-pagliaccetto-salopette-neonato has-post-thumbnail taxable shipping-taxable purchasable product-type-variable has-default-attributes\">\n\t<div class=\"product-inner clr\">\n\t<div class=\"woo-entry-image-swap woo-entry-image clr\">\n\t\t<a href=\"https:\/\/voyagedelabaleine.fr\/it\/prodotto\/pagliaccetto-neonato-tartan-bordeaux\/\" class=\"woocommerce-LoopProduct-link\"><img decoding=\"async\" width=\"600\" height=\"800\" src=\"https:\/\/voyagedelabaleine.fr\/wp-content\/uploads\/2024\/10\/Capture-decran-2024-10-11-a-11.37.56-fotor-2024101111382-600x800.jpg\" class=\"woo-entry-image-main\" alt=\"Pagliaccetto neonato tartan &#8211; Bordeaux\" itemprop=\"image\" srcset=\"https:\/\/voyagedelabaleine.fr\/wp-content\/uploads\/2024\/10\/Capture-decran-2024-10-11-a-11.37.56-fotor-2024101111382-600x800.jpg 600w, https:\/\/voyagedelabaleine.fr\/wp-content\/uploads\/2024\/10\/Capture-decran-2024-10-11-a-11.37.56-fotor-2024101111382-225x300.jpg 225w, https:\/\/voyagedelabaleine.fr\/wp-content\/uploads\/2024\/10\/Capture-decran-2024-10-11-a-11.37.56-fotor-2024101111382-768x1024.jpg 768w, https:\/\/voyagedelabaleine.fr\/wp-content\/uploads\/2024\/10\/Capture-decran-2024-10-11-a-11.37.56-fotor-2024101111382.jpg 864w\" sizes=\"(max-width: 600px) 100vw, 600px\" \/><img decoding=\"async\" width=\"600\" height=\"800\" src=\"https:\/\/voyagedelabaleine.fr\/wp-content\/uploads\/2024\/10\/30660-fotor-20250127145724-600x800.jpg\" class=\"woo-entry-image-secondary\" alt=\"Pagliaccetto neonato tartan &#8211; Bordeaux\" itemprop=\"image\" srcset=\"https:\/\/voyagedelabaleine.fr\/wp-content\/uploads\/2024\/10\/30660-fotor-20250127145724-600x801.jpg 600w, https:\/\/voyagedelabaleine.fr\/wp-content\/uploads\/2024\/10\/30660-fotor-20250127145724-225x300.jpg 225w, https:\/\/voyagedelabaleine.fr\/wp-content\/uploads\/2024\/10\/30660-fotor-20250127145724-767x1024.jpg 767w, https:\/\/voyagedelabaleine.fr\/wp-content\/uploads\/2024\/10\/30660-fotor-20250127145724-768x1025.jpg 768w, https:\/\/voyagedelabaleine.fr\/wp-content\/uploads\/2024\/10\/30660-fotor-20250127145724.jpg 900w\" sizes=\"(max-width: 600px) 100vw, 600px\" \/><\/a>\t<\/div><!-- .woo-entry-image-swap -->\n\n<ul class=\"woo-entry-inner clr\"><li class=\"image-wrap\">\n\t<div class=\"woo-entry-image-swap woo-entry-image clr\">\n\t\t<a href=\"https:\/\/voyagedelabaleine.fr\/it\/prodotto\/pagliaccetto-neonato-tartan-bordeaux\/\" class=\"woocommerce-LoopProduct-link\"><img decoding=\"async\" width=\"600\" height=\"800\" src=\"https:\/\/voyagedelabaleine.fr\/wp-content\/uploads\/2024\/10\/Capture-decran-2024-10-11-a-11.37.56-fotor-2024101111382-600x800.jpg\" class=\"woo-entry-image-main\" alt=\"Pagliaccetto neonato tartan &#8211; Bordeaux\" itemprop=\"image\" srcset=\"https:\/\/voyagedelabaleine.fr\/wp-content\/uploads\/2024\/10\/Capture-decran-2024-10-11-a-11.37.56-fotor-2024101111382-600x800.jpg 600w, https:\/\/voyagedelabaleine.fr\/wp-content\/uploads\/2024\/10\/Capture-decran-2024-10-11-a-11.37.56-fotor-2024101111382-225x300.jpg 225w, https:\/\/voyagedelabaleine.fr\/wp-content\/uploads\/2024\/10\/Capture-decran-2024-10-11-a-11.37.56-fotor-2024101111382-768x1024.jpg 768w, https:\/\/voyagedelabaleine.fr\/wp-content\/uploads\/2024\/10\/Capture-decran-2024-10-11-a-11.37.56-fotor-2024101111382.jpg 864w\" sizes=\"(max-width: 600px) 100vw, 600px\" \/><img decoding=\"async\" width=\"600\" height=\"800\" src=\"https:\/\/voyagedelabaleine.fr\/wp-content\/uploads\/2024\/10\/30660-fotor-20250127145724-600x800.jpg\" class=\"woo-entry-image-secondary\" alt=\"Pagliaccetto neonato tartan &#8211; Bordeaux\" itemprop=\"image\" srcset=\"https:\/\/voyagedelabaleine.fr\/wp-content\/uploads\/2024\/10\/30660-fotor-20250127145724-600x801.jpg 600w, https:\/\/voyagedelabaleine.fr\/wp-content\/uploads\/2024\/10\/30660-fotor-20250127145724-225x300.jpg 225w, https:\/\/voyagedelabaleine.fr\/wp-content\/uploads\/2024\/10\/30660-fotor-20250127145724-767x1024.jpg 767w, https:\/\/voyagedelabaleine.fr\/wp-content\/uploads\/2024\/10\/30660-fotor-20250127145724-768x1025.jpg 768w, https:\/\/voyagedelabaleine.fr\/wp-content\/uploads\/2024\/10\/30660-fotor-20250127145724.jpg 900w\" sizes=\"(max-width: 600px) 100vw, 600px\" \/><\/a>\t<\/div><!-- .woo-entry-image-swap -->\n\n<\/li><li class=\"title\"><h2><a href=\"https:\/\/voyagedelabaleine.fr\/it\/prodotto\/pagliaccetto-neonato-tartan-bordeaux\/\">Pagliaccetto neonato tartan &#8211; Bordeaux<\/a><\/h2><\/li><li class=\"price-wrap\">\n\t<span class=\"price\"><span class=\"woocommerce-Price-amount amount\"><bdi>58<span class=\"woocommerce-Price-currencySymbol\">&euro;<\/span><\/bdi><\/span><\/span>\n<\/li><\/ul><\/div><!-- .product-inner .clr --><\/li>\n<li class=\"entry has-media has-rating col span_1_of_4 owp-content-center owp-thumbs-layout-vertical owp-btn-big owp-tabs-layout-vertical circle-sale product type-product post-31666 status-publish instock product_cat-abbigliamento product_cat-completi-nascita product_cat-completi-nascita-ragazza product_cat-completi-neonata product_cat-completi-neonati product_cat-nascita-ragazza product_cat-neonata product_cat-vestito-nascita product_cat-vestito-neonata has-post-thumbnail taxable shipping-taxable purchasable product-type-variable has-default-attributes\">\n\t<div class=\"product-inner clr\">\n\t<div class=\"woo-entry-image-swap woo-entry-image clr\">\n\t\t<a href=\"https:\/\/voyagedelabaleine.fr\/it\/prodotto\/completo-bambina-vestito-corto-e-culotte-tartan-bordeaux\/\" class=\"woocommerce-LoopProduct-link\"><img decoding=\"async\" width=\"600\" height=\"800\" src=\"https:\/\/voyagedelabaleine.fr\/wp-content\/uploads\/2024\/09\/Capture-decran-2024-10-11-a-11.45.55-fotor-20241011114645-600x800.jpg\" class=\"woo-entry-image-main\" alt=\"Completo bambina vestito corto e culotte tartan &#8211; Bordeaux\" itemprop=\"image\" srcset=\"https:\/\/voyagedelabaleine.fr\/wp-content\/uploads\/2024\/09\/Capture-decran-2024-10-11-a-11.45.55-fotor-20241011114645-600x799.jpg 600w, https:\/\/voyagedelabaleine.fr\/wp-content\/uploads\/2024\/09\/Capture-decran-2024-10-11-a-11.45.55-fotor-20241011114645-225x300.jpg 225w, https:\/\/voyagedelabaleine.fr\/wp-content\/uploads\/2024\/09\/Capture-decran-2024-10-11-a-11.45.55-fotor-20241011114645-769x1024.jpg 769w, https:\/\/voyagedelabaleine.fr\/wp-content\/uploads\/2024\/09\/Capture-decran-2024-10-11-a-11.45.55-fotor-20241011114645-768x1023.jpg 768w, https:\/\/voyagedelabaleine.fr\/wp-content\/uploads\/2024\/09\/Capture-decran-2024-10-11-a-11.45.55-fotor-20241011114645.jpg 868w\" sizes=\"(max-width: 600px) 100vw, 600px\" \/><img decoding=\"async\" width=\"600\" height=\"800\" src=\"https:\/\/voyagedelabaleine.fr\/wp-content\/uploads\/2024\/09\/ensemble-blouse-bloomer-tartan-bebe-1-600x800.jpg\" class=\"woo-entry-image-secondary\" alt=\"Completo bambina vestito corto e culotte tartan &#8211; Bordeaux\" itemprop=\"image\" srcset=\"https:\/\/voyagedelabaleine.fr\/wp-content\/uploads\/2024\/09\/ensemble-blouse-bloomer-tartan-bebe-1-600x800.jpg 600w, https:\/\/voyagedelabaleine.fr\/wp-content\/uploads\/2024\/09\/ensemble-blouse-bloomer-tartan-bebe-1-225x300.jpg 225w, https:\/\/voyagedelabaleine.fr\/wp-content\/uploads\/2024\/09\/ensemble-blouse-bloomer-tartan-bebe-1-768x1024.jpg 768w, https:\/\/voyagedelabaleine.fr\/wp-content\/uploads\/2024\/09\/ensemble-blouse-bloomer-tartan-bebe-1.jpg 800w\" sizes=\"(max-width: 600px) 100vw, 600px\" \/><\/a>\t<\/div><!-- .woo-entry-image-swap -->\n\n<ul class=\"woo-entry-inner clr\"><li class=\"image-wrap\">\n\t<div class=\"woo-entry-image-swap woo-entry-image clr\">\n\t\t<a href=\"https:\/\/voyagedelabaleine.fr\/it\/prodotto\/completo-bambina-vestito-corto-e-culotte-tartan-bordeaux\/\" class=\"woocommerce-LoopProduct-link\"><img decoding=\"async\" width=\"600\" height=\"800\" src=\"https:\/\/voyagedelabaleine.fr\/wp-content\/uploads\/2024\/09\/Capture-decran-2024-10-11-a-11.45.55-fotor-20241011114645-600x800.jpg\" class=\"woo-entry-image-main\" alt=\"Completo bambina vestito corto e culotte tartan &#8211; Bordeaux\" itemprop=\"image\" srcset=\"https:\/\/voyagedelabaleine.fr\/wp-content\/uploads\/2024\/09\/Capture-decran-2024-10-11-a-11.45.55-fotor-20241011114645-600x799.jpg 600w, https:\/\/voyagedelabaleine.fr\/wp-content\/uploads\/2024\/09\/Capture-decran-2024-10-11-a-11.45.55-fotor-20241011114645-225x300.jpg 225w, https:\/\/voyagedelabaleine.fr\/wp-content\/uploads\/2024\/09\/Capture-decran-2024-10-11-a-11.45.55-fotor-20241011114645-769x1024.jpg 769w, https:\/\/voyagedelabaleine.fr\/wp-content\/uploads\/2024\/09\/Capture-decran-2024-10-11-a-11.45.55-fotor-20241011114645-768x1023.jpg 768w, https:\/\/voyagedelabaleine.fr\/wp-content\/uploads\/2024\/09\/Capture-decran-2024-10-11-a-11.45.55-fotor-20241011114645.jpg 868w\" sizes=\"(max-width: 600px) 100vw, 600px\" \/><img decoding=\"async\" width=\"600\" height=\"800\" src=\"https:\/\/voyagedelabaleine.fr\/wp-content\/uploads\/2024\/09\/ensemble-blouse-bloomer-tartan-bebe-1-600x800.jpg\" class=\"woo-entry-image-secondary\" alt=\"Completo bambina vestito corto e culotte tartan &#8211; Bordeaux\" itemprop=\"image\" srcset=\"https:\/\/voyagedelabaleine.fr\/wp-content\/uploads\/2024\/09\/ensemble-blouse-bloomer-tartan-bebe-1-600x800.jpg 600w, https:\/\/voyagedelabaleine.fr\/wp-content\/uploads\/2024\/09\/ensemble-blouse-bloomer-tartan-bebe-1-225x300.jpg 225w, https:\/\/voyagedelabaleine.fr\/wp-content\/uploads\/2024\/09\/ensemble-blouse-bloomer-tartan-bebe-1-768x1024.jpg 768w, https:\/\/voyagedelabaleine.fr\/wp-content\/uploads\/2024\/09\/ensemble-blouse-bloomer-tartan-bebe-1.jpg 800w\" sizes=\"(max-width: 600px) 100vw, 600px\" \/><\/a>\t<\/div><!-- .woo-entry-image-swap -->\n\n<\/li><li class=\"title\"><h2><a href=\"https:\/\/voyagedelabaleine.fr\/it\/prodotto\/completo-bambina-vestito-corto-e-culotte-tartan-bordeaux\/\">Completo bambina vestito corto e culotte tartan &#8211; Bordeaux<\/a><\/h2><\/li><li class=\"price-wrap\">\n\t<span class=\"price\"><span class=\"woocommerce-Price-amount amount\"><bdi>68<span class=\"woocommerce-Price-currencySymbol\">&euro;<\/span><\/bdi><\/span><\/span>\n<\/li><\/ul><\/div><!-- .product-inner .clr --><\/li>\n<li class=\"entry has-media col span_1_of_4 owp-content-center owp-thumbs-layout-vertical owp-btn-big owp-tabs-layout-vertical circle-sale product type-product post-30503 status-publish last instock product_cat-abbigliamento product_cat-bloomer-short-pantaloni-neonati product_cat-bloomer-short-pantaloni-neonato product_cat-pantaloni-short-bambini product_cat-pantaloni-short-bambino has-post-thumbnail taxable shipping-taxable purchasable product-type-variable has-default-attributes\">\n\t<div class=\"product-inner clr\">\n\t<div class=\"woo-entry-image-swap woo-entry-image clr\">\n\t\t<a href=\"https:\/\/voyagedelabaleine.fr\/it\/prodotto\/pantaloni-bambino-tartan-bordeaux\/\" class=\"woocommerce-LoopProduct-link\"><img decoding=\"async\" width=\"600\" height=\"800\" src=\"https:\/\/voyagedelabaleine.fr\/wp-content\/uploads\/2024\/10\/pantalon-tartan-1-600x800.jpg\" class=\"woo-entry-image-main\" alt=\"Pantaloni bambino tartan &#8211; Bordeaux\" itemprop=\"image\" srcset=\"https:\/\/voyagedelabaleine.fr\/wp-content\/uploads\/2024\/10\/pantalon-tartan-1-600x800.jpg 600w, https:\/\/voyagedelabaleine.fr\/wp-content\/uploads\/2024\/10\/pantalon-tartan-1-225x300.jpg 225w, https:\/\/voyagedelabaleine.fr\/wp-content\/uploads\/2024\/10\/pantalon-tartan-1.jpg 768w\" sizes=\"(max-width: 600px) 100vw, 600px\" \/><img decoding=\"async\" width=\"600\" height=\"800\" src=\"https:\/\/voyagedelabaleine.fr\/wp-content\/uploads\/2024\/10\/pantalon-bebe-tartan-600x800.jpg\" class=\"woo-entry-image-secondary\" alt=\"Pantaloni bambino tartan &#8211; Bordeaux\" itemprop=\"image\" srcset=\"https:\/\/voyagedelabaleine.fr\/wp-content\/uploads\/2024\/10\/pantalon-bebe-tartan-600x800.jpg 600w, https:\/\/voyagedelabaleine.fr\/wp-content\/uploads\/2024\/10\/pantalon-bebe-tartan-225x300.jpg 225w, https:\/\/voyagedelabaleine.fr\/wp-content\/uploads\/2024\/10\/pantalon-bebe-tartan-768x1025.jpg 768w, https:\/\/voyagedelabaleine.fr\/wp-content\/uploads\/2024\/10\/pantalon-bebe-tartan.jpg 856w\" sizes=\"(max-width: 600px) 100vw, 600px\" \/><\/a>\t<\/div><!-- .woo-entry-image-swap -->\n\n<ul class=\"woo-entry-inner clr\"><li class=\"image-wrap\">\n\t<div class=\"woo-entry-image-swap woo-entry-image clr\">\n\t\t<a href=\"https:\/\/voyagedelabaleine.fr\/it\/prodotto\/pantaloni-bambino-tartan-bordeaux\/\" class=\"woocommerce-LoopProduct-link\"><img decoding=\"async\" width=\"600\" height=\"800\" src=\"https:\/\/voyagedelabaleine.fr\/wp-content\/uploads\/2024\/10\/pantalon-tartan-1-600x800.jpg\" class=\"woo-entry-image-main\" alt=\"Pantaloni bambino tartan &#8211; Bordeaux\" itemprop=\"image\" srcset=\"https:\/\/voyagedelabaleine.fr\/wp-content\/uploads\/2024\/10\/pantalon-tartan-1-600x800.jpg 600w, https:\/\/voyagedelabaleine.fr\/wp-content\/uploads\/2024\/10\/pantalon-tartan-1-225x300.jpg 225w, https:\/\/voyagedelabaleine.fr\/wp-content\/uploads\/2024\/10\/pantalon-tartan-1.jpg 768w\" sizes=\"(max-width: 600px) 100vw, 600px\" \/><img decoding=\"async\" width=\"600\" height=\"800\" src=\"https:\/\/voyagedelabaleine.fr\/wp-content\/uploads\/2024\/10\/pantalon-bebe-tartan-600x800.jpg\" class=\"woo-entry-image-secondary\" alt=\"Pantaloni bambino tartan &#8211; Bordeaux\" itemprop=\"image\" srcset=\"https:\/\/voyagedelabaleine.fr\/wp-content\/uploads\/2024\/10\/pantalon-bebe-tartan-600x800.jpg 600w, https:\/\/voyagedelabaleine.fr\/wp-content\/uploads\/2024\/10\/pantalon-bebe-tartan-225x300.jpg 225w, https:\/\/voyagedelabaleine.fr\/wp-content\/uploads\/2024\/10\/pantalon-bebe-tartan-768x1025.jpg 768w, https:\/\/voyagedelabaleine.fr\/wp-content\/uploads\/2024\/10\/pantalon-bebe-tartan.jpg 856w\" sizes=\"(max-width: 600px) 100vw, 600px\" \/><\/a>\t<\/div><!-- .woo-entry-image-swap -->\n\n<\/li><li class=\"title\"><h2><a href=\"https:\/\/voyagedelabaleine.fr\/it\/prodotto\/pantaloni-bambino-tartan-bordeaux\/\">Pantaloni bambino tartan &#8211; Bordeaux<\/a><\/h2><\/li><li class=\"price-wrap\">\n\t<span class=\"price\"><span class=\"woocommerce-Price-amount amount\"><bdi>36<span class=\"woocommerce-Price-currencySymbol\">&euro;<\/span><\/bdi><\/span><\/span>\n<\/li><\/ul><\/div><!-- .product-inner .clr --><\/li>\n<\/ul>\n<\/div><\/div>\n\t\t\t\t\t\t<\/div>\n\t\t\t\t<\/div>\n\t\t<div class=\"elementor-element elementor-element-d180348 e-con-full e-flex e-con e-parent\" data-id=\"d180348\" data-element_type=\"container\" data-e-type=\"container\">\n\t\t\t\t<div class=\"elementor-element elementor-element-baf1510 elementor-widget-divider--separator-type-pattern elementor-widget-divider--view-line elementor-widget elementor-widget-divider\" data-id=\"baf1510\" data-element_type=\"widget\" data-e-type=\"widget\" data-widget_type=\"divider.default\">\n\t\t\t\t\t\t\t<div class=\"elementor-divider\" style=\"--divider-pattern-url: url(&quot;data:image\/svg+xml,%3Csvg xmlns=&#039;http:\/\/www.w3.org\/2000\/svg&#039; preserveAspectRatio=&#039;none&#039; overflow=&#039;visible&#039; height=&#039;100%&#039; viewBox=&#039;0 0 24 24&#039; fill=&#039;black&#039; stroke=&#039;none&#039;%3E%3Cpath d=&#039;M12.7,2.3c-0.4-0.4-1.1-0.4-1.5,0l-8,9.1c-0.3,0.4-0.3,0.9,0,1.2l8,9.1c0.4,0.4,1.1,0.4,1.5,0l8-9.1c0.3-0.4,0.3-0.9,0-1.2L12.7,2.3z&#039;\/%3E%3C\/svg%3E&quot;);\">\n\t\t\t<span class=\"elementor-divider-separator\">\n\t\t\t\t\t\t<\/span>\n\t\t<\/div>\n\t\t\t\t\t\t<\/div>\n\t\t<div class=\"elementor-element elementor-element-6f49e80 e-grid e-con-full e-con e-child\" data-id=\"6f49e80\" data-element_type=\"container\" data-e-type=\"container\">\n\t\t<div class=\"elementor-element elementor-element-ea87fa7 e-con-full e-flex e-con e-child\" data-id=\"ea87fa7\" data-element_type=\"container\" data-e-type=\"container\">\n\t\t\t\t<div class=\"elementor-element elementor-element-d270d4a elementor-widget elementor-widget-heading\" data-id=\"d270d4a\" data-element_type=\"widget\" data-e-type=\"widget\" data-widget_type=\"heading.default\">\n\t\t\t\t\t<h2 class=\"elementor-heading-title elementor-size-default\">Calore accogliente<\/h2>\t\t\t\t<\/div>\n\t\t\t\t<\/div>\n\t\t\t\t<\/div>\n\t\t\t\t<\/div>\n\t\t<div class=\"elementor-element elementor-element-c051232 e-con-full e-flex e-con e-parent\" data-id=\"c051232\" data-element_type=\"container\" data-e-type=\"container\">\n\t\t\t\t<div class=\"elementor-element elementor-element-52d5f10 elementor-widget elementor-widget-shortcode\" data-id=\"52d5f10\" data-element_type=\"widget\" data-e-type=\"widget\" data-widget_type=\"shortcode.default\">\n\t\t\t\t\t\t\t<div class=\"elementor-shortcode\"><div class=\"woocommerce columns-2 \">\r\n<ul class=\"products oceanwp-row clr grid tablet-col tablet-2-col mobile-col mobile-2-col\">\r\n<li class=\"entry has-media col span_1_of_2 owp-content-center owp-thumbs-layout-vertical owp-btn-big owp-tabs-layout-vertical circle-sale product type-product post-32181 status-publish first instock product_cat-abbigliamento product_cat-bloomer-short-pantaloni-nascita product_cat-bloomer-short-pantaloni-nascita-ragazza product_cat-bloomer-short-pantaloni-neonata product_cat-bloomer-short-pantaloni-neonati product_cat-bloomer-short-pantaloni-neonato product_cat-completi-nascita product_cat-completi-nascita-ragazza product_cat-completi-nascita-ragazzo product_cat-completi-neonata product_cat-completi-neonati product_cat-completi-neonato product_cat-maglione-gilet-cardigan-nascita product_cat-maglione-gilet-cardigan-nascita-ragazza product_cat-maglione-gilet-cardigan-nascita-ragazzo product_cat-maglione-gilet-cardigan-neonata product_cat-maglione-gilet-cardigan-neonati product_cat-maglione-gilet-cardigan-neonato product_cat-ultima-occasione has-post-thumbnail taxable shipping-taxable purchasable product-type-variable has-default-attributes\">\n\t<div class=\"product-inner clr\">\n\t<div class=\"woo-entry-image-swap woo-entry-image clr\">\n\t\t<a href=\"https:\/\/voyagedelabaleine.fr\/it\/prodotto\/completo-nascita-lavorato-a-maglia-in-lana-merino-grigio\/\" class=\"woocommerce-LoopProduct-link\"><img decoding=\"async\" width=\"600\" height=\"800\" src=\"https:\/\/voyagedelabaleine.fr\/wp-content\/uploads\/2024\/09\/ensemble-naissance-laine-merinos-gris-2-600x800.jpg\" class=\"woo-entry-image-main\" alt=\"Completo nascita lavorato a maglia in lana merino &#8211; Grigio\" itemprop=\"image\" srcset=\"https:\/\/voyagedelabaleine.fr\/wp-content\/uploads\/2024\/09\/ensemble-naissance-laine-merinos-gris-2-600x799.jpg 600w, https:\/\/voyagedelabaleine.fr\/wp-content\/uploads\/2024\/09\/ensemble-naissance-laine-merinos-gris-2-225x300.jpg 225w, https:\/\/voyagedelabaleine.fr\/wp-content\/uploads\/2024\/09\/ensemble-naissance-laine-merinos-gris-2-768x1023.jpg 768w, https:\/\/voyagedelabaleine.fr\/wp-content\/uploads\/2024\/09\/ensemble-naissance-laine-merinos-gris-2-769x1024.jpg 769w, https:\/\/voyagedelabaleine.fr\/wp-content\/uploads\/2024\/09\/ensemble-naissance-laine-merinos-gris-2-1153x1536.jpg 1153w, https:\/\/voyagedelabaleine.fr\/wp-content\/uploads\/2024\/09\/ensemble-naissance-laine-merinos-gris-2.jpg 1166w\" sizes=\"(max-width: 600px) 100vw, 600px\" \/><img decoding=\"async\" width=\"600\" height=\"800\" src=\"https:\/\/voyagedelabaleine.fr\/wp-content\/uploads\/2024\/09\/ensemble-naissance-laine-merinos-gris-1-600x800.jpg\" class=\"woo-entry-image-secondary\" alt=\"Completo nascita lavorato a maglia in lana merino &#8211; Grigio\" itemprop=\"image\" \/><\/a>\t<\/div><!-- .woo-entry-image-swap -->\n\n<ul class=\"woo-entry-inner clr\"><li class=\"image-wrap\">\n\t<div class=\"woo-entry-image-swap woo-entry-image clr\">\n\t\t<a href=\"https:\/\/voyagedelabaleine.fr\/it\/prodotto\/completo-nascita-lavorato-a-maglia-in-lana-merino-grigio\/\" class=\"woocommerce-LoopProduct-link\"><img decoding=\"async\" width=\"600\" height=\"800\" src=\"https:\/\/voyagedelabaleine.fr\/wp-content\/uploads\/2024\/09\/ensemble-naissance-laine-merinos-gris-2-600x800.jpg\" class=\"woo-entry-image-main\" alt=\"Completo nascita lavorato a maglia in lana merino &#8211; Grigio\" itemprop=\"image\" srcset=\"https:\/\/voyagedelabaleine.fr\/wp-content\/uploads\/2024\/09\/ensemble-naissance-laine-merinos-gris-2-600x799.jpg 600w, https:\/\/voyagedelabaleine.fr\/wp-content\/uploads\/2024\/09\/ensemble-naissance-laine-merinos-gris-2-225x300.jpg 225w, https:\/\/voyagedelabaleine.fr\/wp-content\/uploads\/2024\/09\/ensemble-naissance-laine-merinos-gris-2-768x1023.jpg 768w, https:\/\/voyagedelabaleine.fr\/wp-content\/uploads\/2024\/09\/ensemble-naissance-laine-merinos-gris-2-769x1024.jpg 769w, https:\/\/voyagedelabaleine.fr\/wp-content\/uploads\/2024\/09\/ensemble-naissance-laine-merinos-gris-2-1153x1536.jpg 1153w, https:\/\/voyagedelabaleine.fr\/wp-content\/uploads\/2024\/09\/ensemble-naissance-laine-merinos-gris-2.jpg 1166w\" sizes=\"(max-width: 600px) 100vw, 600px\" \/><img decoding=\"async\" width=\"600\" height=\"800\" src=\"https:\/\/voyagedelabaleine.fr\/wp-content\/uploads\/2024\/09\/ensemble-naissance-laine-merinos-gris-1-600x800.jpg\" class=\"woo-entry-image-secondary\" alt=\"Completo nascita lavorato a maglia in lana merino &#8211; Grigio\" itemprop=\"image\" \/><\/a>\t<\/div><!-- .woo-entry-image-swap -->\n\n<\/li><li class=\"title\"><h2><a href=\"https:\/\/voyagedelabaleine.fr\/it\/prodotto\/completo-nascita-lavorato-a-maglia-in-lana-merino-grigio\/\">Completo nascita lavorato a maglia in lana merino &#8211; Grigio<\/a><\/h2><\/li><li class=\"price-wrap\">\n\t<span class=\"price\"><span class=\"woocommerce-Price-amount amount\"><bdi>66<span class=\"woocommerce-Price-currencySymbol\">&euro;<\/span><\/bdi><\/span><\/span>\n<\/li><\/ul><\/div><!-- .product-inner .clr --><\/li>\n<li class=\"entry has-media col span_1_of_2 owp-content-center owp-thumbs-layout-vertical owp-btn-big owp-tabs-layout-vertical circle-sale product type-product post-32147 status-publish last instock product_cat-abbigliamento product_cat-bloomer-short-pantaloni-nascita product_cat-bloomer-short-pantaloni-nascita-ragazza product_cat-bloomer-short-pantaloni-neonata product_cat-bloomer-short-pantaloni-neonati product_cat-completi-nascita product_cat-completi-nascita-ragazza product_cat-completi-neonata product_cat-completi-neonati product_cat-maglione-gilet-cardigan-nascita product_cat-maglione-gilet-cardigan-nascita-ragazza product_cat-maglione-gilet-cardigan-neonata product_cat-maglione-gilet-cardigan-neonati has-post-thumbnail taxable shipping-taxable purchasable product-type-variable has-default-attributes\">\n\t<div class=\"product-inner clr\">\n\t<div class=\"woo-entry-image-swap woo-entry-image clr\">\n\t\t<a href=\"https:\/\/voyagedelabaleine.fr\/it\/prodotto\/completo-nascita-in-lana-merino-lavorato-a-maglia-rosa\/\" class=\"woocommerce-LoopProduct-link\"><img decoding=\"async\" width=\"600\" height=\"800\" src=\"https:\/\/voyagedelabaleine.fr\/wp-content\/uploads\/2024\/09\/ensemble-naissance-laine-merinos-rose-2-600x800.jpg\" class=\"woo-entry-image-main\" alt=\"Completo nascita in lana merino lavorato a maglia &#8211; Rosa\" itemprop=\"image\" srcset=\"https:\/\/voyagedelabaleine.fr\/wp-content\/uploads\/2024\/09\/ensemble-naissance-laine-merinos-rose-2-600x800.jpg 600w, https:\/\/voyagedelabaleine.fr\/wp-content\/uploads\/2024\/09\/ensemble-naissance-laine-merinos-rose-2-225x300.jpg 225w, https:\/\/voyagedelabaleine.fr\/wp-content\/uploads\/2024\/09\/ensemble-naissance-laine-merinos-rose-2-768x1024.jpg 768w, https:\/\/voyagedelabaleine.fr\/wp-content\/uploads\/2024\/09\/ensemble-naissance-laine-merinos-rose-2-1152x1536.jpg 1152w, https:\/\/voyagedelabaleine.fr\/wp-content\/uploads\/2024\/09\/ensemble-naissance-laine-merinos-rose-2.jpg 1162w\" sizes=\"(max-width: 600px) 100vw, 600px\" \/><img decoding=\"async\" width=\"600\" height=\"800\" src=\"https:\/\/voyagedelabaleine.fr\/wp-content\/uploads\/2024\/09\/ensemble-naissance-laine-merinos-rose-1-600x800.jpg\" class=\"woo-entry-image-secondary\" alt=\"Completo nascita in lana merino lavorato a maglia &#8211; Rosa\" itemprop=\"image\" srcset=\"https:\/\/voyagedelabaleine.fr\/wp-content\/uploads\/2024\/09\/ensemble-naissance-laine-merinos-rose-1-600x800.jpg 600w, https:\/\/voyagedelabaleine.fr\/wp-content\/uploads\/2024\/09\/ensemble-naissance-laine-merinos-rose-1-225x300.jpg 225w, https:\/\/voyagedelabaleine.fr\/wp-content\/uploads\/2024\/09\/ensemble-naissance-laine-merinos-rose-1-768x1024.jpg 768w, https:\/\/voyagedelabaleine.fr\/wp-content\/uploads\/2024\/09\/ensemble-naissance-laine-merinos-rose-1.jpg 1100w\" sizes=\"(max-width: 600px) 100vw, 600px\" \/><\/a>\t<\/div><!-- .woo-entry-image-swap -->\n\n<ul class=\"woo-entry-inner clr\"><li class=\"image-wrap\">\n\t<div class=\"woo-entry-image-swap woo-entry-image clr\">\n\t\t<a href=\"https:\/\/voyagedelabaleine.fr\/it\/prodotto\/completo-nascita-in-lana-merino-lavorato-a-maglia-rosa\/\" class=\"woocommerce-LoopProduct-link\"><img decoding=\"async\" width=\"600\" height=\"800\" src=\"https:\/\/voyagedelabaleine.fr\/wp-content\/uploads\/2024\/09\/ensemble-naissance-laine-merinos-rose-2-600x800.jpg\" class=\"woo-entry-image-main\" alt=\"Completo nascita in lana merino lavorato a maglia &#8211; Rosa\" itemprop=\"image\" srcset=\"https:\/\/voyagedelabaleine.fr\/wp-content\/uploads\/2024\/09\/ensemble-naissance-laine-merinos-rose-2-600x800.jpg 600w, https:\/\/voyagedelabaleine.fr\/wp-content\/uploads\/2024\/09\/ensemble-naissance-laine-merinos-rose-2-225x300.jpg 225w, https:\/\/voyagedelabaleine.fr\/wp-content\/uploads\/2024\/09\/ensemble-naissance-laine-merinos-rose-2-768x1024.jpg 768w, https:\/\/voyagedelabaleine.fr\/wp-content\/uploads\/2024\/09\/ensemble-naissance-laine-merinos-rose-2-1152x1536.jpg 1152w, https:\/\/voyagedelabaleine.fr\/wp-content\/uploads\/2024\/09\/ensemble-naissance-laine-merinos-rose-2.jpg 1162w\" sizes=\"(max-width: 600px) 100vw, 600px\" \/><img decoding=\"async\" width=\"600\" height=\"800\" src=\"https:\/\/voyagedelabaleine.fr\/wp-content\/uploads\/2024\/09\/ensemble-naissance-laine-merinos-rose-1-600x800.jpg\" class=\"woo-entry-image-secondary\" alt=\"Completo nascita in lana merino lavorato a maglia &#8211; Rosa\" itemprop=\"image\" srcset=\"https:\/\/voyagedelabaleine.fr\/wp-content\/uploads\/2024\/09\/ensemble-naissance-laine-merinos-rose-1-600x800.jpg 600w, https:\/\/voyagedelabaleine.fr\/wp-content\/uploads\/2024\/09\/ensemble-naissance-laine-merinos-rose-1-225x300.jpg 225w, https:\/\/voyagedelabaleine.fr\/wp-content\/uploads\/2024\/09\/ensemble-naissance-laine-merinos-rose-1-768x1024.jpg 768w, https:\/\/voyagedelabaleine.fr\/wp-content\/uploads\/2024\/09\/ensemble-naissance-laine-merinos-rose-1.jpg 1100w\" sizes=\"(max-width: 600px) 100vw, 600px\" \/><\/a>\t<\/div><!-- .woo-entry-image-swap -->\n\n<\/li><li class=\"title\"><h2><a href=\"https:\/\/voyagedelabaleine.fr\/it\/prodotto\/completo-nascita-in-lana-merino-lavorato-a-maglia-rosa\/\">Completo nascita in lana merino lavorato a maglia &#8211; Rosa<\/a><\/h2><\/li><li class=\"price-wrap\">\n\t<span class=\"price\"><span class=\"woocommerce-Price-amount amount\"><bdi>66<span class=\"woocommerce-Price-currencySymbol\">&euro;<\/span><\/bdi><\/span><\/span>\n<\/li><\/ul><\/div><!-- .product-inner .clr --><\/li>\n<\/ul>\n<\/div><\/div>\n\t\t\t\t\t\t<\/div>\n\t\t\t\t<\/div>\n\t\t<div class=\"elementor-element elementor-element-826a190 e-con-full e-flex e-con e-parent\" data-id=\"826a190\" data-element_type=\"container\" data-e-type=\"container\">\n\t\t\t\t<div class=\"elementor-element elementor-element-a6d2a47 elementor-widget-divider--separator-type-pattern elementor-widget-divider--view-line elementor-widget elementor-widget-divider\" data-id=\"a6d2a47\" data-element_type=\"widget\" data-e-type=\"widget\" data-widget_type=\"divider.default\">\n\t\t\t\t\t\t\t<div class=\"elementor-divider\" style=\"--divider-pattern-url: url(&quot;data:image\/svg+xml,%3Csvg xmlns=&#039;http:\/\/www.w3.org\/2000\/svg&#039; preserveAspectRatio=&#039;none&#039; overflow=&#039;visible&#039; height=&#039;100%&#039; viewBox=&#039;0 0 24 24&#039; fill=&#039;black&#039; stroke=&#039;none&#039;%3E%3Cpath d=&#039;M12.7,2.3c-0.4-0.4-1.1-0.4-1.5,0l-8,9.1c-0.3,0.4-0.3,0.9,0,1.2l8,9.1c0.4,0.4,1.1,0.4,1.5,0l8-9.1c0.3-0.4,0.3-0.9,0-1.2L12.7,2.3z&#039;\/%3E%3C\/svg%3E&quot;);\">\n\t\t\t<span class=\"elementor-divider-separator\">\n\t\t\t\t\t\t<\/span>\n\t\t<\/div>\n\t\t\t\t\t\t<\/div>\n\t\t<div class=\"elementor-element elementor-element-d0d869e e-grid e-con-full e-con e-child\" data-id=\"d0d869e\" data-element_type=\"container\" data-e-type=\"container\">\n\t\t<div class=\"elementor-element elementor-element-4836027 e-con-full e-flex e-con e-child\" data-id=\"4836027\" data-element_type=\"container\" data-e-type=\"container\">\n\t\t\t\t<div class=\"elementor-element elementor-element-685169e elementor-widget elementor-widget-heading\" data-id=\"685169e\" data-element_type=\"widget\" data-e-type=\"widget\" data-widget_type=\"heading.default\">\n\t\t\t\t\t<h2 class=\"elementor-heading-title elementor-size-default\">Vacanze irlandesi<\/h2>\t\t\t\t<\/div>\n\t\t\t\t<\/div>\n\t\t\t\t<\/div>\n\t\t\t\t<\/div>\n\t\t<div class=\"elementor-element elementor-element-4a624b1 e-con-full e-flex e-con e-parent\" data-id=\"4a624b1\" data-element_type=\"container\" data-e-type=\"container\">\n\t\t\t\t<div class=\"elementor-element elementor-element-1ad8770 elementor-widget elementor-widget-shortcode\" data-id=\"1ad8770\" data-element_type=\"widget\" data-e-type=\"widget\" data-widget_type=\"shortcode.default\">\n\t\t\t\t\t\t\t<div class=\"elementor-shortcode\"><div class=\"woocommerce columns-2 \">\r\n<ul class=\"products oceanwp-row clr grid tablet-col tablet-2-col mobile-col mobile-2-col\">\r\n<li class=\"entry has-media has-rating col span_1_of_2 owp-content-center owp-thumbs-layout-vertical owp-btn-big owp-tabs-layout-vertical circle-sale product type-product post-29579 status-publish first instock product_cat-abbigliamento product_cat-maglione-irlandese-neonati-bambini product_cat-maglione-gilet-cardigan-bambina product_cat-maglione-gilet-cardigan-bambini product_cat-maglione-gilet-cardigan-neonata product_cat-maglione-gilet-cardigan-neonati has-post-thumbnail taxable shipping-taxable purchasable product-type-variable has-default-attributes\">\n\t<div class=\"product-inner clr\">\n\t<div class=\"woo-entry-image-swap woo-entry-image clr\">\n\t\t<a href=\"https:\/\/voyagedelabaleine.fr\/it\/prodotto\/cardigan-per-neonata-a-trecce-pura-lana-merino-ecru\/\" class=\"woocommerce-LoopProduct-link\"><img decoding=\"async\" width=\"600\" height=\"800\" src=\"https:\/\/voyagedelabaleine.fr\/wp-content\/uploads\/2024\/11\/IMG_2335-fotor-20241126143428-1-600x800.jpg\" class=\"woo-entry-image-main\" alt=\"Cardigan per neonata a trecce &#8211; Pura lana merino &#8211; Ecru\" itemprop=\"image\" srcset=\"https:\/\/voyagedelabaleine.fr\/wp-content\/uploads\/2024\/11\/IMG_2335-fotor-20241126143428-1-600x800.jpg 600w, https:\/\/voyagedelabaleine.fr\/wp-content\/uploads\/2024\/11\/IMG_2335-fotor-20241126143428-1-225x300.jpg 225w, https:\/\/voyagedelabaleine.fr\/wp-content\/uploads\/2024\/11\/IMG_2335-fotor-20241126143428-1-768x1024.jpg 768w, https:\/\/voyagedelabaleine.fr\/wp-content\/uploads\/2024\/11\/IMG_2335-fotor-20241126143428-1.jpg 800w\" sizes=\"(max-width: 600px) 100vw, 600px\" \/><img decoding=\"async\" width=\"600\" height=\"800\" src=\"https:\/\/voyagedelabaleine.fr\/wp-content\/uploads\/2024\/11\/IMG_2335-fotor-20241126143553-1-600x800.jpg\" class=\"woo-entry-image-secondary\" alt=\"Cardigan per neonata a trecce &#8211; Pura lana merino &#8211; Ecru\" itemprop=\"image\" srcset=\"https:\/\/voyagedelabaleine.fr\/wp-content\/uploads\/2024\/11\/IMG_2335-fotor-20241126143553-1-600x800.jpg 600w, https:\/\/voyagedelabaleine.fr\/wp-content\/uploads\/2024\/11\/IMG_2335-fotor-20241126143553-1-225x300.jpg 225w, https:\/\/voyagedelabaleine.fr\/wp-content\/uploads\/2024\/11\/IMG_2335-fotor-20241126143553-1-768x1024.jpg 768w, https:\/\/voyagedelabaleine.fr\/wp-content\/uploads\/2024\/11\/IMG_2335-fotor-20241126143553-1.jpg 800w\" sizes=\"(max-width: 600px) 100vw, 600px\" \/><\/a>\t<\/div><!-- .woo-entry-image-swap -->\n\n<ul class=\"woo-entry-inner clr\"><li class=\"image-wrap\">\n\t<div class=\"woo-entry-image-swap woo-entry-image clr\">\n\t\t<a href=\"https:\/\/voyagedelabaleine.fr\/it\/prodotto\/cardigan-per-neonata-a-trecce-pura-lana-merino-ecru\/\" class=\"woocommerce-LoopProduct-link\"><img decoding=\"async\" width=\"600\" height=\"800\" src=\"https:\/\/voyagedelabaleine.fr\/wp-content\/uploads\/2024\/11\/IMG_2335-fotor-20241126143428-1-600x800.jpg\" class=\"woo-entry-image-main\" alt=\"Cardigan per neonata a trecce &#8211; Pura lana merino &#8211; Ecru\" itemprop=\"image\" srcset=\"https:\/\/voyagedelabaleine.fr\/wp-content\/uploads\/2024\/11\/IMG_2335-fotor-20241126143428-1-600x800.jpg 600w, https:\/\/voyagedelabaleine.fr\/wp-content\/uploads\/2024\/11\/IMG_2335-fotor-20241126143428-1-225x300.jpg 225w, https:\/\/voyagedelabaleine.fr\/wp-content\/uploads\/2024\/11\/IMG_2335-fotor-20241126143428-1-768x1024.jpg 768w, https:\/\/voyagedelabaleine.fr\/wp-content\/uploads\/2024\/11\/IMG_2335-fotor-20241126143428-1.jpg 800w\" sizes=\"(max-width: 600px) 100vw, 600px\" \/><img decoding=\"async\" width=\"600\" height=\"800\" src=\"https:\/\/voyagedelabaleine.fr\/wp-content\/uploads\/2024\/11\/IMG_2335-fotor-20241126143553-1-600x800.jpg\" class=\"woo-entry-image-secondary\" alt=\"Cardigan per neonata a trecce &#8211; Pura lana merino &#8211; Ecru\" itemprop=\"image\" srcset=\"https:\/\/voyagedelabaleine.fr\/wp-content\/uploads\/2024\/11\/IMG_2335-fotor-20241126143553-1-600x800.jpg 600w, https:\/\/voyagedelabaleine.fr\/wp-content\/uploads\/2024\/11\/IMG_2335-fotor-20241126143553-1-225x300.jpg 225w, https:\/\/voyagedelabaleine.fr\/wp-content\/uploads\/2024\/11\/IMG_2335-fotor-20241126143553-1-768x1024.jpg 768w, https:\/\/voyagedelabaleine.fr\/wp-content\/uploads\/2024\/11\/IMG_2335-fotor-20241126143553-1.jpg 800w\" sizes=\"(max-width: 600px) 100vw, 600px\" \/><\/a>\t<\/div><!-- .woo-entry-image-swap -->\n\n<\/li><li class=\"title\"><h2><a href=\"https:\/\/voyagedelabaleine.fr\/it\/prodotto\/cardigan-per-neonata-a-trecce-pura-lana-merino-ecru\/\">Cardigan per neonata a trecce &#8211; Pura lana merino &#8211; Ecru<\/a><\/h2><\/li><li class=\"price-wrap\">\n\t<span class=\"price\"><span class=\"woocommerce-Price-amount amount\"><bdi>60<span class=\"woocommerce-Price-currencySymbol\">&euro;<\/span><\/bdi><\/span><\/span>\n<\/li><\/ul><\/div><!-- .product-inner .clr --><\/li>\n<li class=\"entry has-media col span_1_of_2 owp-content-center owp-thumbs-layout-vertical owp-btn-big owp-tabs-layout-vertical circle-sale product type-product post-31088 status-publish last instock product_cat-abbigliamento product_cat-maglione-irlandese-neonati-bambini product_cat-maglione-gilet-cardigan-bambini product_cat-maglione-gilet-cardigan-bambino product_cat-maglione-gilet-cardigan-neonati product_cat-maglione-gilet-cardigan-neonato has-post-thumbnail taxable shipping-taxable purchasable product-type-variable has-default-attributes\">\n\t<div class=\"product-inner clr\">\n\t<div class=\"woo-entry-image-swap woo-entry-image clr\">\n\t\t<a href=\"https:\/\/voyagedelabaleine.fr\/it\/prodotto\/maglioncino-tradizionale-per-neonato-pura-lana-merino-ecru\/\" class=\"woocommerce-LoopProduct-link\"><img decoding=\"async\" width=\"600\" height=\"800\" src=\"https:\/\/voyagedelabaleine.fr\/wp-content\/uploads\/2024\/11\/IMG_2341-fotor-20241126144650-600x800.jpg\" class=\"woo-entry-image-main\" alt=\"Maglioncino tradizionale per neonato &#8211; Pura lana merino &#8211; Ecru\" itemprop=\"image\" srcset=\"https:\/\/voyagedelabaleine.fr\/wp-content\/uploads\/2024\/11\/IMG_2341-fotor-20241126144650-600x800.jpg 600w, https:\/\/voyagedelabaleine.fr\/wp-content\/uploads\/2024\/11\/IMG_2341-fotor-20241126144650-225x300.jpg 225w, https:\/\/voyagedelabaleine.fr\/wp-content\/uploads\/2024\/11\/IMG_2341-fotor-20241126144650-768x1024.jpg 768w, https:\/\/voyagedelabaleine.fr\/wp-content\/uploads\/2024\/11\/IMG_2341-fotor-20241126144650.jpg 800w\" sizes=\"(max-width: 600px) 100vw, 600px\" \/><img decoding=\"async\" width=\"600\" height=\"800\" src=\"https:\/\/voyagedelabaleine.fr\/wp-content\/uploads\/2025\/02\/pull-irlandais-bebe-traditionnel-600x800.jpg\" class=\"woo-entry-image-secondary\" alt=\"Maglioncino tradizionale per neonato &#8211; Pura lana merino &#8211; Ecru\" itemprop=\"image\" srcset=\"https:\/\/voyagedelabaleine.fr\/wp-content\/uploads\/2025\/02\/pull-irlandais-bebe-traditionnel-600x800.jpg 600w, https:\/\/voyagedelabaleine.fr\/wp-content\/uploads\/2025\/02\/pull-irlandais-bebe-traditionnel-225x300.jpg 225w, https:\/\/voyagedelabaleine.fr\/wp-content\/uploads\/2025\/02\/pull-irlandais-bebe-traditionnel-768x1024.jpg 768w, https:\/\/voyagedelabaleine.fr\/wp-content\/uploads\/2025\/02\/pull-irlandais-bebe-traditionnel-1152x1536.jpg 1152w, https:\/\/voyagedelabaleine.fr\/wp-content\/uploads\/2025\/02\/pull-irlandais-bebe-traditionnel.jpg 1200w\" sizes=\"(max-width: 600px) 100vw, 600px\" \/><\/a>\t<\/div><!-- .woo-entry-image-swap -->\n\n<ul class=\"woo-entry-inner clr\"><li class=\"image-wrap\">\n\t<div class=\"woo-entry-image-swap woo-entry-image clr\">\n\t\t<a href=\"https:\/\/voyagedelabaleine.fr\/it\/prodotto\/maglioncino-tradizionale-per-neonato-pura-lana-merino-ecru\/\" class=\"woocommerce-LoopProduct-link\"><img decoding=\"async\" width=\"600\" height=\"800\" src=\"https:\/\/voyagedelabaleine.fr\/wp-content\/uploads\/2024\/11\/IMG_2341-fotor-20241126144650-600x800.jpg\" class=\"woo-entry-image-main\" alt=\"Maglioncino tradizionale per neonato &#8211; Pura lana merino &#8211; Ecru\" itemprop=\"image\" srcset=\"https:\/\/voyagedelabaleine.fr\/wp-content\/uploads\/2024\/11\/IMG_2341-fotor-20241126144650-600x800.jpg 600w, https:\/\/voyagedelabaleine.fr\/wp-content\/uploads\/2024\/11\/IMG_2341-fotor-20241126144650-225x300.jpg 225w, https:\/\/voyagedelabaleine.fr\/wp-content\/uploads\/2024\/11\/IMG_2341-fotor-20241126144650-768x1024.jpg 768w, https:\/\/voyagedelabaleine.fr\/wp-content\/uploads\/2024\/11\/IMG_2341-fotor-20241126144650.jpg 800w\" sizes=\"(max-width: 600px) 100vw, 600px\" \/><img decoding=\"async\" width=\"600\" height=\"800\" src=\"https:\/\/voyagedelabaleine.fr\/wp-content\/uploads\/2025\/02\/pull-irlandais-bebe-traditionnel-600x800.jpg\" class=\"woo-entry-image-secondary\" alt=\"Maglioncino tradizionale per neonato &#8211; Pura lana merino &#8211; Ecru\" itemprop=\"image\" srcset=\"https:\/\/voyagedelabaleine.fr\/wp-content\/uploads\/2025\/02\/pull-irlandais-bebe-traditionnel-600x800.jpg 600w, https:\/\/voyagedelabaleine.fr\/wp-content\/uploads\/2025\/02\/pull-irlandais-bebe-traditionnel-225x300.jpg 225w, https:\/\/voyagedelabaleine.fr\/wp-content\/uploads\/2025\/02\/pull-irlandais-bebe-traditionnel-768x1024.jpg 768w, https:\/\/voyagedelabaleine.fr\/wp-content\/uploads\/2025\/02\/pull-irlandais-bebe-traditionnel-1152x1536.jpg 1152w, https:\/\/voyagedelabaleine.fr\/wp-content\/uploads\/2025\/02\/pull-irlandais-bebe-traditionnel.jpg 1200w\" sizes=\"(max-width: 600px) 100vw, 600px\" \/><\/a>\t<\/div><!-- .woo-entry-image-swap -->\n\n<\/li><li class=\"title\"><h2><a href=\"https:\/\/voyagedelabaleine.fr\/it\/prodotto\/maglioncino-tradizionale-per-neonato-pura-lana-merino-ecru\/\">Maglioncino tradizionale per neonato &#8211; Pura lana merino &#8211; Ecru<\/a><\/h2><\/li><li class=\"price-wrap\">\n\t<span class=\"price\"><span class=\"woocommerce-Price-amount amount\"><bdi>52<span class=\"woocommerce-Price-currencySymbol\">&euro;<\/span><\/bdi><\/span><\/span>\n<\/li><\/ul><\/div><!-- .product-inner .clr --><\/li>\n<\/ul>\n<\/div><\/div>\n\t\t\t\t\t\t<\/div>\n\t\t\t\t<\/div>\n\t\t<div class=\"elementor-element elementor-element-b8d84d1 e-con-full e-flex e-con e-parent\" data-id=\"b8d84d1\" data-element_type=\"container\" data-e-type=\"container\">\n\t\t\t\t<div class=\"elementor-element elementor-element-6ceb7ad elementor-widget-divider--separator-type-pattern elementor-widget-divider--view-line elementor-widget elementor-widget-divider\" data-id=\"6ceb7ad\" data-element_type=\"widget\" data-e-type=\"widget\" data-widget_type=\"divider.default\">\n\t\t\t\t\t\t\t<div class=\"elementor-divider\" style=\"--divider-pattern-url: url(&quot;data:image\/svg+xml,%3Csvg xmlns=&#039;http:\/\/www.w3.org\/2000\/svg&#039; preserveAspectRatio=&#039;none&#039; overflow=&#039;visible&#039; height=&#039;100%&#039; viewBox=&#039;0 0 24 24&#039; fill=&#039;black&#039; stroke=&#039;none&#039;%3E%3Cpath d=&#039;M12.7,2.3c-0.4-0.4-1.1-0.4-1.5,0l-8,9.1c-0.3,0.4-0.3,0.9,0,1.2l8,9.1c0.4,0.4,1.1,0.4,1.5,0l8-9.1c0.3-0.4,0.3-0.9,0-1.2L12.7,2.3z&#039;\/%3E%3C\/svg%3E&quot;);\">\n\t\t\t<span class=\"elementor-divider-separator\">\n\t\t\t\t\t\t<\/span>\n\t\t<\/div>\n\t\t\t\t\t\t<\/div>\n\t\t<div class=\"elementor-element elementor-element-f22a184 e-grid e-con-full e-con e-child\" data-id=\"f22a184\" data-element_type=\"container\" data-e-type=\"container\">\n\t\t<div class=\"elementor-element elementor-element-812ca03 e-con-full e-flex e-con e-child\" data-id=\"812ca03\" data-element_type=\"container\" data-e-type=\"container\">\n\t\t\t\t<div class=\"elementor-element elementor-element-b892a99 elementor-widget elementor-widget-heading\" data-id=\"b892a99\" data-element_type=\"widget\" data-e-type=\"widget\" data-widget_type=\"heading.default\">\n\t\t\t\t\t<h2 class=\"elementor-heading-title elementor-size-default\">Notti dolci<\/h2>\t\t\t\t<\/div>\n\t\t\t\t<\/div>\n\t\t\t\t<\/div>\n\t\t\t\t<\/div>\n\t\t<div class=\"elementor-element elementor-element-d130983 e-con-full e-flex e-con e-parent\" data-id=\"d130983\" data-element_type=\"container\" data-e-type=\"container\">\n\t\t\t\t<div class=\"elementor-element elementor-element-61a4dc6 elementor-widget elementor-widget-shortcode\" data-id=\"61a4dc6\" data-element_type=\"widget\" data-e-type=\"widget\" data-widget_type=\"shortcode.default\">\n\t\t\t\t\t\t\t<div class=\"elementor-shortcode\"><div class=\"woocommerce columns-2 \">\r\n<ul class=\"products oceanwp-row clr grid tablet-col tablet-2-col mobile-col mobile-2-col\">\r\n<li class=\"entry has-media col span_1_of_2 owp-content-center owp-thumbs-layout-vertical owp-btn-big owp-tabs-layout-vertical circle-sale product type-product post-31615 status-publish first instock product_cat-pigiama product_cat-pigiama-nascita product_cat-pigiama-nascita-ragazza product_cat-ultima-occasione has-post-thumbnail taxable shipping-taxable purchasable product-type-variable has-default-attributes\">\n\t<div class=\"product-inner clr\">\n\t<div class=\"woo-entry-image-swap woo-entry-image clr\">\n\t\t<a href=\"https:\/\/voyagedelabaleine.fr\/it\/prodotto\/pigiama-neonata-con-smock-e-collo-rotondo-rosa\/\" class=\"woocommerce-LoopProduct-link\"><img decoding=\"async\" width=\"600\" height=\"800\" src=\"https:\/\/voyagedelabaleine.fr\/wp-content\/uploads\/2024\/09\/pyjama-naissance-rose-2-600x800.jpg\" class=\"woo-entry-image-main\" alt=\"Pigiama neonata con smock e collo rotondo &#8211; Rosa\" itemprop=\"image\" srcset=\"https:\/\/voyagedelabaleine.fr\/wp-content\/uploads\/2024\/09\/pyjama-naissance-rose-2-600x801.jpg 600w, https:\/\/voyagedelabaleine.fr\/wp-content\/uploads\/2024\/09\/pyjama-naissance-rose-2-225x300.jpg 225w, https:\/\/voyagedelabaleine.fr\/wp-content\/uploads\/2024\/09\/pyjama-naissance-rose-2-768x1024.jpg 768w, https:\/\/voyagedelabaleine.fr\/wp-content\/uploads\/2024\/09\/pyjama-naissance-rose-2-1151x1536.jpg 1151w, https:\/\/voyagedelabaleine.fr\/wp-content\/uploads\/2024\/09\/pyjama-naissance-rose-2.jpg 1200w\" sizes=\"(max-width: 600px) 100vw, 600px\" \/><img decoding=\"async\" width=\"600\" height=\"800\" src=\"https:\/\/voyagedelabaleine.fr\/wp-content\/uploads\/2024\/09\/pyjama-naissance-rose-1-600x800.jpg\" class=\"woo-entry-image-secondary\" alt=\"Pigiama neonata con smock e collo rotondo &#8211; Rosa\" itemprop=\"image\" srcset=\"https:\/\/voyagedelabaleine.fr\/wp-content\/uploads\/2024\/09\/pyjama-naissance-rose-1-600x800.jpg 600w, https:\/\/voyagedelabaleine.fr\/wp-content\/uploads\/2024\/09\/pyjama-naissance-rose-1-225x300.jpg 225w, https:\/\/voyagedelabaleine.fr\/wp-content\/uploads\/2024\/09\/pyjama-naissance-rose-1-768x1025.jpg 768w, https:\/\/voyagedelabaleine.fr\/wp-content\/uploads\/2024\/09\/pyjama-naissance-rose-1.jpg 850w\" sizes=\"(max-width: 600px) 100vw, 600px\" \/><\/a>\t<\/div><!-- .woo-entry-image-swap -->\n\n<ul class=\"woo-entry-inner clr\"><li class=\"image-wrap\">\n\t<div class=\"woo-entry-image-swap woo-entry-image clr\">\n\t\t<a href=\"https:\/\/voyagedelabaleine.fr\/it\/prodotto\/pigiama-neonata-con-smock-e-collo-rotondo-rosa\/\" class=\"woocommerce-LoopProduct-link\"><img decoding=\"async\" width=\"600\" height=\"800\" src=\"https:\/\/voyagedelabaleine.fr\/wp-content\/uploads\/2024\/09\/pyjama-naissance-rose-2-600x800.jpg\" class=\"woo-entry-image-main\" alt=\"Pigiama neonata con smock e collo rotondo &#8211; Rosa\" itemprop=\"image\" srcset=\"https:\/\/voyagedelabaleine.fr\/wp-content\/uploads\/2024\/09\/pyjama-naissance-rose-2-600x801.jpg 600w, https:\/\/voyagedelabaleine.fr\/wp-content\/uploads\/2024\/09\/pyjama-naissance-rose-2-225x300.jpg 225w, https:\/\/voyagedelabaleine.fr\/wp-content\/uploads\/2024\/09\/pyjama-naissance-rose-2-768x1024.jpg 768w, https:\/\/voyagedelabaleine.fr\/wp-content\/uploads\/2024\/09\/pyjama-naissance-rose-2-1151x1536.jpg 1151w, https:\/\/voyagedelabaleine.fr\/wp-content\/uploads\/2024\/09\/pyjama-naissance-rose-2.jpg 1200w\" sizes=\"(max-width: 600px) 100vw, 600px\" \/><img decoding=\"async\" width=\"600\" height=\"800\" src=\"https:\/\/voyagedelabaleine.fr\/wp-content\/uploads\/2024\/09\/pyjama-naissance-rose-1-600x800.jpg\" class=\"woo-entry-image-secondary\" alt=\"Pigiama neonata con smock e collo rotondo &#8211; Rosa\" itemprop=\"image\" srcset=\"https:\/\/voyagedelabaleine.fr\/wp-content\/uploads\/2024\/09\/pyjama-naissance-rose-1-600x800.jpg 600w, https:\/\/voyagedelabaleine.fr\/wp-content\/uploads\/2024\/09\/pyjama-naissance-rose-1-225x300.jpg 225w, https:\/\/voyagedelabaleine.fr\/wp-content\/uploads\/2024\/09\/pyjama-naissance-rose-1-768x1025.jpg 768w, https:\/\/voyagedelabaleine.fr\/wp-content\/uploads\/2024\/09\/pyjama-naissance-rose-1.jpg 850w\" sizes=\"(max-width: 600px) 100vw, 600px\" \/><\/a>\t<\/div><!-- .woo-entry-image-swap -->\n\n<\/li><li class=\"title\"><h2><a href=\"https:\/\/voyagedelabaleine.fr\/it\/prodotto\/pigiama-neonata-con-smock-e-collo-rotondo-rosa\/\">Pigiama neonata con smock e collo rotondo &#8211; Rosa<\/a><\/h2><\/li><li class=\"price-wrap\">\n\t<span class=\"price\"><span class=\"woocommerce-Price-amount amount\"><bdi>38<span class=\"woocommerce-Price-currencySymbol\">&euro;<\/span><\/bdi><\/span><\/span>\n<\/li><\/ul><\/div><!-- .product-inner .clr --><\/li>\n<li class=\"entry has-media col span_1_of_2 owp-content-center owp-thumbs-layout-vertical owp-btn-big owp-tabs-layout-vertical circle-sale product type-product post-32199 status-publish last instock product_cat-pigiama product_cat-pigiama-nascita product_cat-pigiama-nascita-ragazzo product_cat-ultima-occasione has-post-thumbnail taxable shipping-taxable purchasable product-type-variable has-default-attributes\">\n\t<div class=\"product-inner clr\">\n\t<div class=\"woo-entry-image-swap woo-entry-image clr\">\n\t\t<a href=\"https:\/\/voyagedelabaleine.fr\/it\/prodotto\/pigiama-neonato-maschietto-due-pezzi-celeste\/\" class=\"woocommerce-LoopProduct-link\"><img decoding=\"async\" width=\"600\" height=\"800\" src=\"https:\/\/voyagedelabaleine.fr\/wp-content\/uploads\/2024\/09\/pyjama-naissance-bleu-1-600x800.jpg\" class=\"woo-entry-image-main\" alt=\"Pigiama neonato maschietto due pezzi &#8211; Celeste\" itemprop=\"image\" srcset=\"https:\/\/voyagedelabaleine.fr\/wp-content\/uploads\/2024\/09\/pyjama-naissance-bleu-1-600x800.jpg 600w, https:\/\/voyagedelabaleine.fr\/wp-content\/uploads\/2024\/09\/pyjama-naissance-bleu-1-225x300.jpg 225w, https:\/\/voyagedelabaleine.fr\/wp-content\/uploads\/2024\/09\/pyjama-naissance-bleu-1-768x1024.jpg 768w, https:\/\/voyagedelabaleine.fr\/wp-content\/uploads\/2024\/09\/pyjama-naissance-bleu-1-1152x1536.jpg 1152w, https:\/\/voyagedelabaleine.fr\/wp-content\/uploads\/2024\/09\/pyjama-naissance-bleu-1.jpg 1300w\" sizes=\"(max-width: 600px) 100vw, 600px\" \/><img decoding=\"async\" width=\"600\" height=\"800\" src=\"https:\/\/voyagedelabaleine.fr\/wp-content\/uploads\/2024\/09\/pyjama-naissance-bleu-2-600x800.jpg\" class=\"woo-entry-image-secondary\" alt=\"Pigiama neonato maschietto due pezzi &#8211; Celeste\" itemprop=\"image\" srcset=\"https:\/\/voyagedelabaleine.fr\/wp-content\/uploads\/2024\/09\/pyjama-naissance-bleu-2-600x800.jpg 600w, https:\/\/voyagedelabaleine.fr\/wp-content\/uploads\/2024\/09\/pyjama-naissance-bleu-2-225x300.jpg 225w, https:\/\/voyagedelabaleine.fr\/wp-content\/uploads\/2024\/09\/pyjama-naissance-bleu-2-768x1025.jpg 768w, https:\/\/voyagedelabaleine.fr\/wp-content\/uploads\/2024\/09\/pyjama-naissance-bleu-2.jpg 850w\" sizes=\"(max-width: 600px) 100vw, 600px\" \/><\/a>\t<\/div><!-- .woo-entry-image-swap -->\n\n<ul class=\"woo-entry-inner clr\"><li class=\"image-wrap\">\n\t<div class=\"woo-entry-image-swap woo-entry-image clr\">\n\t\t<a href=\"https:\/\/voyagedelabaleine.fr\/it\/prodotto\/pigiama-neonato-maschietto-due-pezzi-celeste\/\" class=\"woocommerce-LoopProduct-link\"><img decoding=\"async\" width=\"600\" height=\"800\" src=\"https:\/\/voyagedelabaleine.fr\/wp-content\/uploads\/2024\/09\/pyjama-naissance-bleu-1-600x800.jpg\" class=\"woo-entry-image-main\" alt=\"Pigiama neonato maschietto due pezzi &#8211; Celeste\" itemprop=\"image\" srcset=\"https:\/\/voyagedelabaleine.fr\/wp-content\/uploads\/2024\/09\/pyjama-naissance-bleu-1-600x800.jpg 600w, https:\/\/voyagedelabaleine.fr\/wp-content\/uploads\/2024\/09\/pyjama-naissance-bleu-1-225x300.jpg 225w, https:\/\/voyagedelabaleine.fr\/wp-content\/uploads\/2024\/09\/pyjama-naissance-bleu-1-768x1024.jpg 768w, https:\/\/voyagedelabaleine.fr\/wp-content\/uploads\/2024\/09\/pyjama-naissance-bleu-1-1152x1536.jpg 1152w, https:\/\/voyagedelabaleine.fr\/wp-content\/uploads\/2024\/09\/pyjama-naissance-bleu-1.jpg 1300w\" sizes=\"(max-width: 600px) 100vw, 600px\" \/><img decoding=\"async\" width=\"600\" height=\"800\" src=\"https:\/\/voyagedelabaleine.fr\/wp-content\/uploads\/2024\/09\/pyjama-naissance-bleu-2-600x800.jpg\" class=\"woo-entry-image-secondary\" alt=\"Pigiama neonato maschietto due pezzi &#8211; Celeste\" itemprop=\"image\" srcset=\"https:\/\/voyagedelabaleine.fr\/wp-content\/uploads\/2024\/09\/pyjama-naissance-bleu-2-600x800.jpg 600w, https:\/\/voyagedelabaleine.fr\/wp-content\/uploads\/2024\/09\/pyjama-naissance-bleu-2-225x300.jpg 225w, https:\/\/voyagedelabaleine.fr\/wp-content\/uploads\/2024\/09\/pyjama-naissance-bleu-2-768x1025.jpg 768w, https:\/\/voyagedelabaleine.fr\/wp-content\/uploads\/2024\/09\/pyjama-naissance-bleu-2.jpg 850w\" sizes=\"(max-width: 600px) 100vw, 600px\" \/><\/a>\t<\/div><!-- .woo-entry-image-swap -->\n\n<\/li><li class=\"title\"><h2><a href=\"https:\/\/voyagedelabaleine.fr\/it\/prodotto\/pigiama-neonato-maschietto-due-pezzi-celeste\/\">Pigiama neonato maschietto due pezzi &#8211; Celeste<\/a><\/h2><\/li><li class=\"price-wrap\">\n\t<span class=\"price\"><span class=\"woocommerce-Price-amount amount\"><bdi>38<span class=\"woocommerce-Price-currencySymbol\">&euro;<\/span><\/bdi><\/span><\/span>\n<\/li><\/ul><\/div><!-- .product-inner .clr --><\/li>\n<\/ul>\n<\/div><\/div>\n\t\t\t\t\t\t<\/div>\n\t\t\t\t<\/div>\n\t\t<div class=\"elementor-element elementor-element-e423c37 e-con-full e-flex e-con e-parent\" data-id=\"e423c37\" data-element_type=\"container\" data-e-type=\"container\">\n\t\t\t\t<div class=\"elementor-element elementor-element-a1080c5 elementor-widget-divider--separator-type-pattern elementor-widget-divider--view-line elementor-widget elementor-widget-divider\" data-id=\"a1080c5\" data-element_type=\"widget\" data-e-type=\"widget\" data-widget_type=\"divider.default\">\n\t\t\t\t\t\t\t<div class=\"elementor-divider\" style=\"--divider-pattern-url: url(&quot;data:image\/svg+xml,%3Csvg xmlns=&#039;http:\/\/www.w3.org\/2000\/svg&#039; preserveAspectRatio=&#039;none&#039; overflow=&#039;visible&#039; height=&#039;100%&#039; viewBox=&#039;0 0 24 24&#039; fill=&#039;black&#039; stroke=&#039;none&#039;%3E%3Cpath d=&#039;M12.7,2.3c-0.4-0.4-1.1-0.4-1.5,0l-8,9.1c-0.3,0.4-0.3,0.9,0,1.2l8,9.1c0.4,0.4,1.1,0.4,1.5,0l8-9.1c0.3-0.4,0.3-0.9,0-1.2L12.7,2.3z&#039;\/%3E%3C\/svg%3E&quot;);\">\n\t\t\t<span class=\"elementor-divider-separator\">\n\t\t\t\t\t\t<\/span>\n\t\t<\/div>\n\t\t\t\t\t\t<\/div>\n\t\t<div class=\"elementor-element elementor-element-049e9e8 e-grid e-con-full e-con e-child\" data-id=\"049e9e8\" data-element_type=\"container\" data-e-type=\"container\">\n\t\t<div class=\"elementor-element elementor-element-bdaa883 e-con-full e-flex e-con e-child\" data-id=\"bdaa883\" data-element_type=\"container\" data-e-type=\"container\">\n\t\t\t\t<div class=\"elementor-element elementor-element-6a30a1a elementor-widget elementor-widget-heading\" data-id=\"6a30a1a\" data-element_type=\"widget\" data-e-type=\"widget\" data-widget_type=\"heading.default\">\n\t\t\t\t\t<h2 class=\"elementor-heading-title elementor-size-default\">Complicit\u00e0<\/h2>\t\t\t\t<\/div>\n\t\t\t\t<\/div>\n\t\t\t\t<\/div>\n\t\t\t\t<\/div>\n\t\t<div class=\"elementor-element elementor-element-d88a30b e-con-full e-flex e-con e-parent\" data-id=\"d88a30b\" data-element_type=\"container\" data-e-type=\"container\">\n\t\t\t\t<div class=\"elementor-element elementor-element-5aee455 elementor-widget elementor-widget-shortcode\" data-id=\"5aee455\" data-element_type=\"widget\" data-e-type=\"widget\" data-widget_type=\"shortcode.default\">\n\t\t\t\t\t\t\t<div class=\"elementor-shortcode\"><div class=\"woocommerce columns-2 \">\r\n<ul class=\"products oceanwp-row clr grid tablet-col tablet-2-col mobile-col mobile-2-col\">\r\n<li class=\"entry has-media col span_1_of_2 owp-content-center owp-thumbs-layout-vertical owp-btn-big owp-tabs-layout-vertical circle-sale product type-product post-29139 status-publish first instock product_cat-abbigliamento product_cat-bambina product_cat-neonata product_cat-vestito-bambina product_cat-vestito-neonata has-post-thumbnail taxable shipping-taxable purchasable product-type-variable has-default-attributes\">\n\t<div class=\"product-inner clr\">\n\t<div class=\"woo-entry-image-swap woo-entry-image clr\">\n\t\t<a href=\"https:\/\/voyagedelabaleine.fr\/it\/prodotto\/abito-vichy-stile-campagnolo-verde-pallido\/\" class=\"woocommerce-LoopProduct-link\"><img decoding=\"async\" width=\"600\" height=\"800\" src=\"https:\/\/voyagedelabaleine.fr\/wp-content\/uploads\/2025\/04\/robe-vichy-vert-600x800.jpg\" class=\"woo-entry-image-main\" alt=\"Abito vichy stile campagnolo &#8211; Verde pallido\" itemprop=\"image\" srcset=\"https:\/\/voyagedelabaleine.fr\/wp-content\/uploads\/2025\/04\/robe-vichy-vert-600x800.jpg 600w, https:\/\/voyagedelabaleine.fr\/wp-content\/uploads\/2025\/04\/robe-vichy-vert-225x300.jpg 225w, https:\/\/voyagedelabaleine.fr\/wp-content\/uploads\/2025\/04\/robe-vichy-vert-768x1024.jpg 768w, https:\/\/voyagedelabaleine.fr\/wp-content\/uploads\/2025\/04\/robe-vichy-vert-1152x1536.jpg 1152w, https:\/\/voyagedelabaleine.fr\/wp-content\/uploads\/2025\/04\/robe-vichy-vert.jpg 1300w\" sizes=\"(max-width: 600px) 100vw, 600px\" \/><img decoding=\"async\" width=\"600\" height=\"800\" src=\"https:\/\/voyagedelabaleine.fr\/wp-content\/uploads\/2025\/01\/robe-fille-vichy-vert-2-600x800.jpg\" class=\"woo-entry-image-secondary\" alt=\"Abito vichy stile campagnolo &#8211; Verde pallido\" itemprop=\"image\" srcset=\"https:\/\/voyagedelabaleine.fr\/wp-content\/uploads\/2025\/01\/robe-fille-vichy-vert-2-600x800.jpg 600w, https:\/\/voyagedelabaleine.fr\/wp-content\/uploads\/2025\/01\/robe-fille-vichy-vert-2-225x300.jpg 225w, https:\/\/voyagedelabaleine.fr\/wp-content\/uploads\/2025\/01\/robe-fille-vichy-vert-2-768x1024.jpg 768w, https:\/\/voyagedelabaleine.fr\/wp-content\/uploads\/2025\/01\/robe-fille-vichy-vert-2.jpg 950w\" sizes=\"(max-width: 600px) 100vw, 600px\" \/><\/a>\t<\/div><!-- .woo-entry-image-swap -->\n\n<ul class=\"woo-entry-inner clr\"><li class=\"image-wrap\">\n\t<div class=\"woo-entry-image-swap woo-entry-image clr\">\n\t\t<a href=\"https:\/\/voyagedelabaleine.fr\/it\/prodotto\/abito-vichy-stile-campagnolo-verde-pallido\/\" class=\"woocommerce-LoopProduct-link\"><img decoding=\"async\" width=\"600\" height=\"800\" src=\"https:\/\/voyagedelabaleine.fr\/wp-content\/uploads\/2025\/04\/robe-vichy-vert-600x800.jpg\" class=\"woo-entry-image-main\" alt=\"Abito vichy stile campagnolo &#8211; Verde pallido\" itemprop=\"image\" srcset=\"https:\/\/voyagedelabaleine.fr\/wp-content\/uploads\/2025\/04\/robe-vichy-vert-600x800.jpg 600w, https:\/\/voyagedelabaleine.fr\/wp-content\/uploads\/2025\/04\/robe-vichy-vert-225x300.jpg 225w, https:\/\/voyagedelabaleine.fr\/wp-content\/uploads\/2025\/04\/robe-vichy-vert-768x1024.jpg 768w, https:\/\/voyagedelabaleine.fr\/wp-content\/uploads\/2025\/04\/robe-vichy-vert-1152x1536.jpg 1152w, https:\/\/voyagedelabaleine.fr\/wp-content\/uploads\/2025\/04\/robe-vichy-vert.jpg 1300w\" sizes=\"(max-width: 600px) 100vw, 600px\" \/><img decoding=\"async\" width=\"600\" height=\"800\" src=\"https:\/\/voyagedelabaleine.fr\/wp-content\/uploads\/2025\/01\/robe-fille-vichy-vert-2-600x800.jpg\" class=\"woo-entry-image-secondary\" alt=\"Abito vichy stile campagnolo &#8211; Verde pallido\" itemprop=\"image\" srcset=\"https:\/\/voyagedelabaleine.fr\/wp-content\/uploads\/2025\/01\/robe-fille-vichy-vert-2-600x800.jpg 600w, https:\/\/voyagedelabaleine.fr\/wp-content\/uploads\/2025\/01\/robe-fille-vichy-vert-2-225x300.jpg 225w, https:\/\/voyagedelabaleine.fr\/wp-content\/uploads\/2025\/01\/robe-fille-vichy-vert-2-768x1024.jpg 768w, https:\/\/voyagedelabaleine.fr\/wp-content\/uploads\/2025\/01\/robe-fille-vichy-vert-2.jpg 950w\" sizes=\"(max-width: 600px) 100vw, 600px\" \/><\/a>\t<\/div><!-- .woo-entry-image-swap -->\n\n<\/li><li class=\"title\"><h2><a href=\"https:\/\/voyagedelabaleine.fr\/it\/prodotto\/abito-vichy-stile-campagnolo-verde-pallido\/\">Abito vichy stile campagnolo &#8211; Verde pallido<\/a><\/h2><\/li><li class=\"price-wrap\">\n\t<span class=\"price\"><span class=\"woocommerce-Price-amount amount\"><bdi>62<span class=\"woocommerce-Price-currencySymbol\">&euro;<\/span><\/bdi><\/span><\/span>\n<\/li><\/ul><\/div><!-- .product-inner .clr --><\/li>\n<li class=\"entry has-media col span_1_of_2 owp-content-center owp-thumbs-layout-vertical owp-btn-big owp-tabs-layout-vertical circle-sale product type-product post-29082 status-publish last instock product_cat-abbigliamento product_cat-bambina product_cat-bloomer-short-pantaloni-nascita product_cat-bloomer-short-pantaloni-nascita-ragazza product_cat-bloomer-short-pantaloni-neonata product_cat-bloomer-short-pantaloni-neonati product_cat-completi-nascita product_cat-completi-nascita-ragazza product_cat-completi-neonata product_cat-completi-neonati product_cat-completo-salopette-bambina product_cat-completo-salopette-bambini product_cat-nascita-ragazza product_cat-neonata product_cat-vestito-nascita product_cat-vestito-bambina product_cat-vestito-neonata has-post-thumbnail taxable shipping-taxable purchasable product-type-variable has-default-attributes\">\n\t<div class=\"product-inner clr\">\n\t<div class=\"woo-entry-image-swap woo-entry-image clr\">\n\t\t<a href=\"https:\/\/voyagedelabaleine.fr\/it\/prodotto\/completo-bambina-abito-corto-vichy-e-bloomer-rosa\/\" class=\"woocommerce-LoopProduct-link\"><img decoding=\"async\" width=\"600\" height=\"800\" src=\"https:\/\/voyagedelabaleine.fr\/wp-content\/uploads\/2025\/04\/robe-vichy-rose-3-600x800.jpg\" class=\"woo-entry-image-main\" alt=\"Completo bambina abito corto vichy e bloomer &#8211; Rosa\" itemprop=\"image\" srcset=\"https:\/\/voyagedelabaleine.fr\/wp-content\/uploads\/2025\/04\/robe-vichy-rose-3-600x800.jpg 600w, https:\/\/voyagedelabaleine.fr\/wp-content\/uploads\/2025\/04\/robe-vichy-rose-3-225x300.jpg 225w, https:\/\/voyagedelabaleine.fr\/wp-content\/uploads\/2025\/04\/robe-vichy-rose-3-768x1024.jpg 768w, https:\/\/voyagedelabaleine.fr\/wp-content\/uploads\/2025\/04\/robe-vichy-rose-3-1152x1536.jpg 1152w, https:\/\/voyagedelabaleine.fr\/wp-content\/uploads\/2025\/04\/robe-vichy-rose-3.jpg 1500w\" sizes=\"(max-width: 600px) 100vw, 600px\" \/><img decoding=\"async\" width=\"600\" height=\"800\" src=\"https:\/\/voyagedelabaleine.fr\/wp-content\/uploads\/2025\/04\/robe-vichy-rose-2-600x800.jpg\" class=\"woo-entry-image-secondary\" alt=\"Completo bambina abito corto vichy e bloomer &#8211; Rosa\" itemprop=\"image\" srcset=\"https:\/\/voyagedelabaleine.fr\/wp-content\/uploads\/2025\/04\/robe-vichy-rose-2-600x800.jpg 600w, https:\/\/voyagedelabaleine.fr\/wp-content\/uploads\/2025\/04\/robe-vichy-rose-2-225x300.jpg 225w, https:\/\/voyagedelabaleine.fr\/wp-content\/uploads\/2025\/04\/robe-vichy-rose-2-768x1024.jpg 768w, https:\/\/voyagedelabaleine.fr\/wp-content\/uploads\/2025\/04\/robe-vichy-rose-2-1152x1536.jpg 1152w, https:\/\/voyagedelabaleine.fr\/wp-content\/uploads\/2025\/04\/robe-vichy-rose-2.jpg 1500w\" sizes=\"(max-width: 600px) 100vw, 600px\" \/><\/a>\t<\/div><!-- .woo-entry-image-swap -->\n\n<ul class=\"woo-entry-inner clr\"><li class=\"image-wrap\">\n\t<div class=\"woo-entry-image-swap woo-entry-image clr\">\n\t\t<a href=\"https:\/\/voyagedelabaleine.fr\/it\/prodotto\/completo-bambina-abito-corto-vichy-e-bloomer-rosa\/\" class=\"woocommerce-LoopProduct-link\"><img decoding=\"async\" width=\"600\" height=\"800\" src=\"https:\/\/voyagedelabaleine.fr\/wp-content\/uploads\/2025\/04\/robe-vichy-rose-3-600x800.jpg\" class=\"woo-entry-image-main\" alt=\"Completo bambina abito corto vichy e bloomer &#8211; Rosa\" itemprop=\"image\" srcset=\"https:\/\/voyagedelabaleine.fr\/wp-content\/uploads\/2025\/04\/robe-vichy-rose-3-600x800.jpg 600w, https:\/\/voyagedelabaleine.fr\/wp-content\/uploads\/2025\/04\/robe-vichy-rose-3-225x300.jpg 225w, https:\/\/voyagedelabaleine.fr\/wp-content\/uploads\/2025\/04\/robe-vichy-rose-3-768x1024.jpg 768w, https:\/\/voyagedelabaleine.fr\/wp-content\/uploads\/2025\/04\/robe-vichy-rose-3-1152x1536.jpg 1152w, https:\/\/voyagedelabaleine.fr\/wp-content\/uploads\/2025\/04\/robe-vichy-rose-3.jpg 1500w\" sizes=\"(max-width: 600px) 100vw, 600px\" \/><img decoding=\"async\" width=\"600\" height=\"800\" src=\"https:\/\/voyagedelabaleine.fr\/wp-content\/uploads\/2025\/04\/robe-vichy-rose-2-600x800.jpg\" class=\"woo-entry-image-secondary\" alt=\"Completo bambina abito corto vichy e bloomer &#8211; Rosa\" itemprop=\"image\" srcset=\"https:\/\/voyagedelabaleine.fr\/wp-content\/uploads\/2025\/04\/robe-vichy-rose-2-600x800.jpg 600w, https:\/\/voyagedelabaleine.fr\/wp-content\/uploads\/2025\/04\/robe-vichy-rose-2-225x300.jpg 225w, https:\/\/voyagedelabaleine.fr\/wp-content\/uploads\/2025\/04\/robe-vichy-rose-2-768x1024.jpg 768w, https:\/\/voyagedelabaleine.fr\/wp-content\/uploads\/2025\/04\/robe-vichy-rose-2-1152x1536.jpg 1152w, https:\/\/voyagedelabaleine.fr\/wp-content\/uploads\/2025\/04\/robe-vichy-rose-2.jpg 1500w\" sizes=\"(max-width: 600px) 100vw, 600px\" \/><\/a>\t<\/div><!-- .woo-entry-image-swap -->\n\n<\/li><li class=\"title\"><h2><a href=\"https:\/\/voyagedelabaleine.fr\/it\/prodotto\/completo-bambina-abito-corto-vichy-e-bloomer-rosa\/\">Completo bambina abito corto vichy e bloomer &#8211; Rosa<\/a><\/h2><\/li><li class=\"price-wrap\">\n\t<span class=\"price\"><span class=\"woocommerce-Price-amount amount\"><bdi>64<span class=\"woocommerce-Price-currencySymbol\">&euro;<\/span><\/bdi><\/span><\/span>\n<\/li><\/ul><\/div><!-- .product-inner .clr --><\/li>\n<\/ul>\n<\/div><\/div>\n\t\t\t\t\t\t<\/div>\n\t\t\t\t<\/div>\n\t\t<div class=\"elementor-element elementor-element-92846aa e-con-full e-flex e-con e-parent\" data-id=\"92846aa\" data-element_type=\"container\" data-e-type=\"container\">\n\t\t\t\t<div class=\"elementor-element elementor-element-675f8b4 elementor-widget-divider--separator-type-pattern elementor-widget-divider--view-line elementor-widget elementor-widget-divider\" data-id=\"675f8b4\" data-element_type=\"widget\" data-e-type=\"widget\" data-widget_type=\"divider.default\">\n\t\t\t\t\t\t\t<div class=\"elementor-divider\" style=\"--divider-pattern-url: url(&quot;data:image\/svg+xml,%3Csvg xmlns=&#039;http:\/\/www.w3.org\/2000\/svg&#039; preserveAspectRatio=&#039;none&#039; overflow=&#039;visible&#039; height=&#039;100%&#039; viewBox=&#039;0 0 24 24&#039; fill=&#039;black&#039; stroke=&#039;none&#039;%3E%3Cpath d=&#039;M12.7,2.3c-0.4-0.4-1.1-0.4-1.5,0l-8,9.1c-0.3,0.4-0.3,0.9,0,1.2l8,9.1c0.4,0.4,1.1,0.4,1.5,0l8-9.1c0.3-0.4,0.3-0.9,0-1.2L12.7,2.3z&#039;\/%3E%3C\/svg%3E&quot;);\">\n\t\t\t<span class=\"elementor-divider-separator\">\n\t\t\t\t\t\t<\/span>\n\t\t<\/div>\n\t\t\t\t\t\t<\/div>\n\t\t<div class=\"elementor-element elementor-element-3822079 e-grid e-con-full e-con e-child\" data-id=\"3822079\" data-element_type=\"container\" data-e-type=\"container\">\n\t\t<div class=\"elementor-element elementor-element-7b19b24 e-con-full e-flex e-con e-child\" data-id=\"7b19b24\" data-element_type=\"container\" data-e-type=\"container\">\n\t\t\t\t<div class=\"elementor-element elementor-element-9a43bbb elementor-widget elementor-widget-heading\" data-id=\"9a43bbb\" data-element_type=\"widget\" data-e-type=\"widget\" data-widget_type=\"heading.default\">\n\t\t\t\t\t<h2 class=\"elementor-heading-title elementor-size-default\">Dolcezza estiva<\/h2>\t\t\t\t<\/div>\n\t\t\t\t<\/div>\n\t\t\t\t<\/div>\n\t\t\t\t<\/div>\n\t\t<div class=\"elementor-element elementor-element-641b114 e-con-full e-flex e-con e-parent\" data-id=\"641b114\" data-element_type=\"container\" data-e-type=\"container\">\n\t\t\t\t<div class=\"elementor-element elementor-element-b7c0e18 elementor-widget elementor-widget-shortcode\" data-id=\"b7c0e18\" data-element_type=\"widget\" data-e-type=\"widget\" data-widget_type=\"shortcode.default\">\n\t\t\t\t\t\t\t<div class=\"elementor-shortcode\"><div class=\"woocommerce columns-4 \">\r\n<ul class=\"products oceanwp-row clr grid tablet-col tablet-2-col mobile-col mobile-2-col\">\r\n<li class=\"entry has-media col span_1_of_4 owp-content-center owp-thumbs-layout-vertical owp-btn-big owp-tabs-layout-vertical circle-sale product type-product post-29148 status-publish first instock product_cat-abbigliamento product_cat-bloomer-short-pantaloni-nascita product_cat-bloomer-short-pantaloni-nascita-ragazzo product_cat-bloomer-short-pantaloni-neonati product_cat-bloomer-short-pantaloni-neonato product_cat-blusa-camicia-nascita product_cat-blusa-camicia-nascita-ragazzo product_cat-blusa-camicia-bambini product_cat-blusa-camicia-bambino product_cat-blusa-camicia-neonati product_cat-blusa-camicia-neonato product_cat-completi-nascita product_cat-completi-nascita-ragazzo product_cat-completi-neonati product_cat-completi-neonato product_cat-completo-salopette-bambini product_cat-completo-salopette-bambino product_cat-pantaloni-short-bambini product_cat-pantaloni-short-bambino product_cat-ultima-occasione has-post-thumbnail taxable shipping-taxable purchasable product-type-variable has-default-attributes\">\n\t<div class=\"product-inner clr\">\n\t<div class=\"woo-entry-image-swap woo-entry-image clr\">\n\t\t<a href=\"https:\/\/voyagedelabaleine.fr\/it\/prodotto\/completo-neonato-camicia-e-pantaloncini-con-bretelle-grigio-chiaro\/\" class=\"woocommerce-LoopProduct-link\"><img decoding=\"async\" width=\"600\" height=\"800\" src=\"https:\/\/voyagedelabaleine.fr\/wp-content\/uploads\/2025\/04\/short-bretelles-gris-600x800.jpg\" class=\"woo-entry-image-main\" alt=\"Completo neonato camicia e pantaloncini con bretelle &#8211; Grigio chiaro\" itemprop=\"image\" srcset=\"https:\/\/voyagedelabaleine.fr\/wp-content\/uploads\/2025\/04\/short-bretelles-gris-600x800.jpg 600w, https:\/\/voyagedelabaleine.fr\/wp-content\/uploads\/2025\/04\/short-bretelles-gris-225x300.jpg 225w, https:\/\/voyagedelabaleine.fr\/wp-content\/uploads\/2025\/04\/short-bretelles-gris-768x1024.jpg 768w, https:\/\/voyagedelabaleine.fr\/wp-content\/uploads\/2025\/04\/short-bretelles-gris-1152x1536.jpg 1152w, https:\/\/voyagedelabaleine.fr\/wp-content\/uploads\/2025\/04\/short-bretelles-gris.jpg 1200w\" sizes=\"(max-width: 600px) 100vw, 600px\" \/><img decoding=\"async\" width=\"600\" height=\"800\" src=\"https:\/\/voyagedelabaleine.fr\/wp-content\/uploads\/2025\/01\/bloomer-bretelles-chemise-gris-2-600x800.jpg\" class=\"woo-entry-image-secondary\" alt=\"Completo neonato camicia e pantaloncini con bretelle &#8211; Grigio chiaro\" itemprop=\"image\" srcset=\"https:\/\/voyagedelabaleine.fr\/wp-content\/uploads\/2025\/01\/bloomer-bretelles-chemise-gris-2-600x800.jpg 600w, https:\/\/voyagedelabaleine.fr\/wp-content\/uploads\/2025\/01\/bloomer-bretelles-chemise-gris-2-225x300.jpg 225w, https:\/\/voyagedelabaleine.fr\/wp-content\/uploads\/2025\/01\/bloomer-bretelles-chemise-gris-2-768x1024.jpg 768w, https:\/\/voyagedelabaleine.fr\/wp-content\/uploads\/2025\/01\/bloomer-bretelles-chemise-gris-2.jpg 900w\" sizes=\"(max-width: 600px) 100vw, 600px\" \/><\/a>\t<\/div><!-- .woo-entry-image-swap -->\n\n<ul class=\"woo-entry-inner clr\"><li class=\"image-wrap\">\n\t<div class=\"woo-entry-image-swap woo-entry-image clr\">\n\t\t<a href=\"https:\/\/voyagedelabaleine.fr\/it\/prodotto\/completo-neonato-camicia-e-pantaloncini-con-bretelle-grigio-chiaro\/\" class=\"woocommerce-LoopProduct-link\"><img decoding=\"async\" width=\"600\" height=\"800\" src=\"https:\/\/voyagedelabaleine.fr\/wp-content\/uploads\/2025\/04\/short-bretelles-gris-600x800.jpg\" class=\"woo-entry-image-main\" alt=\"Completo neonato camicia e pantaloncini con bretelle &#8211; Grigio chiaro\" itemprop=\"image\" srcset=\"https:\/\/voyagedelabaleine.fr\/wp-content\/uploads\/2025\/04\/short-bretelles-gris-600x800.jpg 600w, https:\/\/voyagedelabaleine.fr\/wp-content\/uploads\/2025\/04\/short-bretelles-gris-225x300.jpg 225w, https:\/\/voyagedelabaleine.fr\/wp-content\/uploads\/2025\/04\/short-bretelles-gris-768x1024.jpg 768w, https:\/\/voyagedelabaleine.fr\/wp-content\/uploads\/2025\/04\/short-bretelles-gris-1152x1536.jpg 1152w, https:\/\/voyagedelabaleine.fr\/wp-content\/uploads\/2025\/04\/short-bretelles-gris.jpg 1200w\" sizes=\"(max-width: 600px) 100vw, 600px\" \/><img decoding=\"async\" width=\"600\" height=\"800\" src=\"https:\/\/voyagedelabaleine.fr\/wp-content\/uploads\/2025\/01\/bloomer-bretelles-chemise-gris-2-600x800.jpg\" class=\"woo-entry-image-secondary\" alt=\"Completo neonato camicia e pantaloncini con bretelle &#8211; Grigio chiaro\" itemprop=\"image\" srcset=\"https:\/\/voyagedelabaleine.fr\/wp-content\/uploads\/2025\/01\/bloomer-bretelles-chemise-gris-2-600x800.jpg 600w, https:\/\/voyagedelabaleine.fr\/wp-content\/uploads\/2025\/01\/bloomer-bretelles-chemise-gris-2-225x300.jpg 225w, https:\/\/voyagedelabaleine.fr\/wp-content\/uploads\/2025\/01\/bloomer-bretelles-chemise-gris-2-768x1024.jpg 768w, https:\/\/voyagedelabaleine.fr\/wp-content\/uploads\/2025\/01\/bloomer-bretelles-chemise-gris-2.jpg 900w\" sizes=\"(max-width: 600px) 100vw, 600px\" \/><\/a>\t<\/div><!-- .woo-entry-image-swap -->\n\n<\/li><li class=\"title\"><h2><a href=\"https:\/\/voyagedelabaleine.fr\/it\/prodotto\/completo-neonato-camicia-e-pantaloncini-con-bretelle-grigio-chiaro\/\">Completo neonato camicia e pantaloncini con bretelle &#8211; Grigio chiaro<\/a><\/h2><\/li><li class=\"price-wrap\">\n\t<span class=\"price\"><span class=\"woocommerce-Price-amount amount\"><bdi>64<span class=\"woocommerce-Price-currencySymbol\">&euro;<\/span><\/bdi><\/span><\/span>\n<\/li><\/ul><\/div><!-- .product-inner .clr --><\/li>\n<li class=\"entry has-media col span_1_of_4 owp-content-center owp-thumbs-layout-vertical owp-btn-big owp-tabs-layout-vertical circle-sale product type-product post-29158 status-publish instock product_cat-abbigliamento product_cat-bloomer-short-pantaloni-nascita product_cat-bloomer-short-pantaloni-nascita-ragazzo product_cat-bloomer-short-pantaloni-neonati product_cat-bloomer-short-pantaloni-neonato product_cat-blusa-camicia-nascita product_cat-blusa-camicia-nascita-ragazzo product_cat-blusa-camicia-neonati product_cat-blusa-camicia-neonato product_cat-completi-nascita product_cat-completi-nascita-ragazzo product_cat-completi-neonati product_cat-completi-neonato has-post-thumbnail taxable shipping-taxable purchasable product-type-variable has-default-attributes\">\n\t<div class=\"product-inner clr\">\n\t<div class=\"woo-entry-image-swap woo-entry-image clr\">\n\t\t<a href=\"https:\/\/voyagedelabaleine.fr\/it\/prodotto\/completo-neonato-blusa-e-bloomer-in-cotone-e-lino-grigio-chiaro\/\" class=\"woocommerce-LoopProduct-link\"><img decoding=\"async\" width=\"600\" height=\"800\" src=\"https:\/\/voyagedelabaleine.fr\/wp-content\/uploads\/2025\/04\/ensemble-bebe-blouse-rayee-bloomer-gris-scaled-600x800.jpg\" class=\"woo-entry-image-main\" alt=\"Completo neonato blusa e bloomer in cotone e lino &#8211; Grigio chiaro\" itemprop=\"image\" srcset=\"https:\/\/voyagedelabaleine.fr\/wp-content\/uploads\/2025\/04\/ensemble-bebe-blouse-rayee-bloomer-gris-scaled-600x800.jpg 600w, https:\/\/voyagedelabaleine.fr\/wp-content\/uploads\/2025\/04\/ensemble-bebe-blouse-rayee-bloomer-gris-scaled-225x300.jpg 225w, https:\/\/voyagedelabaleine.fr\/wp-content\/uploads\/2025\/04\/ensemble-bebe-blouse-rayee-bloomer-gris-scaled-768x1024.jpg 768w, https:\/\/voyagedelabaleine.fr\/wp-content\/uploads\/2025\/04\/ensemble-bebe-blouse-rayee-bloomer-gris-scaled-1152x1536.jpg 1152w, https:\/\/voyagedelabaleine.fr\/wp-content\/uploads\/2025\/04\/ensemble-bebe-blouse-rayee-bloomer-gris-scaled.jpg 1536w\" sizes=\"(max-width: 600px) 100vw, 600px\" \/><img decoding=\"async\" width=\"600\" height=\"800\" src=\"https:\/\/voyagedelabaleine.fr\/wp-content\/uploads\/2025\/04\/ensemble-bebe-bloomer-blouse-raye-gris-2-scaled-600x800.jpeg\" class=\"woo-entry-image-secondary\" alt=\"Completo neonato blusa e bloomer in cotone e lino &#8211; Grigio chiaro\" itemprop=\"image\" srcset=\"https:\/\/voyagedelabaleine.fr\/wp-content\/uploads\/2025\/04\/ensemble-bebe-bloomer-blouse-raye-gris-2-scaled-600x800.jpeg 600w, https:\/\/voyagedelabaleine.fr\/wp-content\/uploads\/2025\/04\/ensemble-bebe-bloomer-blouse-raye-gris-2-scaled-225x300.jpeg 225w, https:\/\/voyagedelabaleine.fr\/wp-content\/uploads\/2025\/04\/ensemble-bebe-bloomer-blouse-raye-gris-2-scaled-768x1024.jpeg 768w, https:\/\/voyagedelabaleine.fr\/wp-content\/uploads\/2025\/04\/ensemble-bebe-bloomer-blouse-raye-gris-2-scaled-1152x1536.jpeg 1152w, https:\/\/voyagedelabaleine.fr\/wp-content\/uploads\/2025\/04\/ensemble-bebe-bloomer-blouse-raye-gris-2-scaled.jpeg 1536w\" sizes=\"(max-width: 600px) 100vw, 600px\" \/><\/a>\t<\/div><!-- .woo-entry-image-swap -->\n\n<ul class=\"woo-entry-inner clr\"><li class=\"image-wrap\">\n\t<div class=\"woo-entry-image-swap woo-entry-image clr\">\n\t\t<a href=\"https:\/\/voyagedelabaleine.fr\/it\/prodotto\/completo-neonato-blusa-e-bloomer-in-cotone-e-lino-grigio-chiaro\/\" class=\"woocommerce-LoopProduct-link\"><img decoding=\"async\" width=\"600\" height=\"800\" src=\"https:\/\/voyagedelabaleine.fr\/wp-content\/uploads\/2025\/04\/ensemble-bebe-blouse-rayee-bloomer-gris-scaled-600x800.jpg\" class=\"woo-entry-image-main\" alt=\"Completo neonato blusa e bloomer in cotone e lino &#8211; Grigio chiaro\" itemprop=\"image\" srcset=\"https:\/\/voyagedelabaleine.fr\/wp-content\/uploads\/2025\/04\/ensemble-bebe-blouse-rayee-bloomer-gris-scaled-600x800.jpg 600w, https:\/\/voyagedelabaleine.fr\/wp-content\/uploads\/2025\/04\/ensemble-bebe-blouse-rayee-bloomer-gris-scaled-225x300.jpg 225w, https:\/\/voyagedelabaleine.fr\/wp-content\/uploads\/2025\/04\/ensemble-bebe-blouse-rayee-bloomer-gris-scaled-768x1024.jpg 768w, https:\/\/voyagedelabaleine.fr\/wp-content\/uploads\/2025\/04\/ensemble-bebe-blouse-rayee-bloomer-gris-scaled-1152x1536.jpg 1152w, https:\/\/voyagedelabaleine.fr\/wp-content\/uploads\/2025\/04\/ensemble-bebe-blouse-rayee-bloomer-gris-scaled.jpg 1536w\" sizes=\"(max-width: 600px) 100vw, 600px\" \/><img decoding=\"async\" width=\"600\" height=\"800\" src=\"https:\/\/voyagedelabaleine.fr\/wp-content\/uploads\/2025\/04\/ensemble-bebe-bloomer-blouse-raye-gris-2-scaled-600x800.jpeg\" class=\"woo-entry-image-secondary\" alt=\"Completo neonato blusa e bloomer in cotone e lino &#8211; Grigio chiaro\" itemprop=\"image\" srcset=\"https:\/\/voyagedelabaleine.fr\/wp-content\/uploads\/2025\/04\/ensemble-bebe-bloomer-blouse-raye-gris-2-scaled-600x800.jpeg 600w, https:\/\/voyagedelabaleine.fr\/wp-content\/uploads\/2025\/04\/ensemble-bebe-bloomer-blouse-raye-gris-2-scaled-225x300.jpeg 225w, https:\/\/voyagedelabaleine.fr\/wp-content\/uploads\/2025\/04\/ensemble-bebe-bloomer-blouse-raye-gris-2-scaled-768x1024.jpeg 768w, https:\/\/voyagedelabaleine.fr\/wp-content\/uploads\/2025\/04\/ensemble-bebe-bloomer-blouse-raye-gris-2-scaled-1152x1536.jpeg 1152w, https:\/\/voyagedelabaleine.fr\/wp-content\/uploads\/2025\/04\/ensemble-bebe-bloomer-blouse-raye-gris-2-scaled.jpeg 1536w\" sizes=\"(max-width: 600px) 100vw, 600px\" \/><\/a>\t<\/div><!-- .woo-entry-image-swap -->\n\n<\/li><li class=\"title\"><h2><a href=\"https:\/\/voyagedelabaleine.fr\/it\/prodotto\/completo-neonato-blusa-e-bloomer-in-cotone-e-lino-grigio-chiaro\/\">Completo neonato blusa e bloomer in cotone e lino &#8211; Grigio chiaro<\/a><\/h2><\/li><li class=\"price-wrap\">\n\t<span class=\"price\"><span class=\"woocommerce-Price-amount amount\"><bdi>62<span class=\"woocommerce-Price-currencySymbol\">&euro;<\/span><\/bdi><\/span><\/span>\n<\/li><\/ul><\/div><!-- .product-inner .clr --><\/li>\n<li class=\"entry has-media col span_1_of_4 owp-content-center owp-thumbs-layout-vertical owp-btn-big owp-tabs-layout-vertical circle-sale product type-product post-29179 status-publish instock product_cat-abbigliamento product_cat-bloomer-short-pantaloni-neonati product_cat-bloomer-short-pantaloni-neonato product_cat-blusa-camicia-bambini product_cat-blusa-camicia-bambino product_cat-blusa-camicia-neonati product_cat-blusa-camicia-neonato product_cat-completi-neonati product_cat-completi-neonato product_cat-completo-salopette-bambini product_cat-completo-salopette-bambino product_cat-pantaloni-short-bambini product_cat-pantaloni-short-bambino has-post-thumbnail taxable shipping-taxable purchasable product-type-variable has-default-attributes\">\n\t<div class=\"product-inner clr\">\n\t<div class=\"woo-entry-image-swap woo-entry-image clr\">\n\t\t<a href=\"https:\/\/voyagedelabaleine.fr\/it\/prodotto\/completo-bambino-camicia-e-pantaloncini-in-cotone-e-lino-grigio-chiaro\/\" class=\"woocommerce-LoopProduct-link\"><img decoding=\"async\" width=\"600\" height=\"800\" src=\"https:\/\/voyagedelabaleine.fr\/wp-content\/uploads\/2025\/04\/chemise-rayee-short-gris-600x800.jpg\" class=\"woo-entry-image-main\" alt=\"Completo bambino camicia e pantaloncini in cotone e lino &#8211; Grigio chiaro\" itemprop=\"image\" srcset=\"https:\/\/voyagedelabaleine.fr\/wp-content\/uploads\/2025\/04\/chemise-rayee-short-gris-600x800.jpg 600w, https:\/\/voyagedelabaleine.fr\/wp-content\/uploads\/2025\/04\/chemise-rayee-short-gris-225x300.jpg 225w, https:\/\/voyagedelabaleine.fr\/wp-content\/uploads\/2025\/04\/chemise-rayee-short-gris-768x1024.jpg 768w, https:\/\/voyagedelabaleine.fr\/wp-content\/uploads\/2025\/04\/chemise-rayee-short-gris-1152x1536.jpg 1152w, https:\/\/voyagedelabaleine.fr\/wp-content\/uploads\/2025\/04\/chemise-rayee-short-gris.jpg 1229w\" sizes=\"(max-width: 600px) 100vw, 600px\" \/><img decoding=\"async\" width=\"600\" height=\"800\" src=\"https:\/\/voyagedelabaleine.fr\/wp-content\/uploads\/2025\/01\/ensemble-chemise-short-gris-2-600x800.jpg\" class=\"woo-entry-image-secondary\" alt=\"Completo bambino camicia e pantaloncini in cotone e lino &#8211; Grigio chiaro\" itemprop=\"image\" srcset=\"https:\/\/voyagedelabaleine.fr\/wp-content\/uploads\/2025\/01\/ensemble-chemise-short-gris-2-600x801.jpg 600w, https:\/\/voyagedelabaleine.fr\/wp-content\/uploads\/2025\/01\/ensemble-chemise-short-gris-2-225x300.jpg 225w, https:\/\/voyagedelabaleine.fr\/wp-content\/uploads\/2025\/01\/ensemble-chemise-short-gris-2-767x1024.jpg 767w, https:\/\/voyagedelabaleine.fr\/wp-content\/uploads\/2025\/01\/ensemble-chemise-short-gris-2-768x1025.jpg 768w, https:\/\/voyagedelabaleine.fr\/wp-content\/uploads\/2025\/01\/ensemble-chemise-short-gris-2.jpg 800w\" sizes=\"(max-width: 600px) 100vw, 600px\" \/><\/a>\t<\/div><!-- .woo-entry-image-swap -->\n\n<ul class=\"woo-entry-inner clr\"><li class=\"image-wrap\">\n\t<div class=\"woo-entry-image-swap woo-entry-image clr\">\n\t\t<a href=\"https:\/\/voyagedelabaleine.fr\/it\/prodotto\/completo-bambino-camicia-e-pantaloncini-in-cotone-e-lino-grigio-chiaro\/\" class=\"woocommerce-LoopProduct-link\"><img decoding=\"async\" width=\"600\" height=\"800\" src=\"https:\/\/voyagedelabaleine.fr\/wp-content\/uploads\/2025\/04\/chemise-rayee-short-gris-600x800.jpg\" class=\"woo-entry-image-main\" alt=\"Completo bambino camicia e pantaloncini in cotone e lino &#8211; Grigio chiaro\" itemprop=\"image\" srcset=\"https:\/\/voyagedelabaleine.fr\/wp-content\/uploads\/2025\/04\/chemise-rayee-short-gris-600x800.jpg 600w, https:\/\/voyagedelabaleine.fr\/wp-content\/uploads\/2025\/04\/chemise-rayee-short-gris-225x300.jpg 225w, https:\/\/voyagedelabaleine.fr\/wp-content\/uploads\/2025\/04\/chemise-rayee-short-gris-768x1024.jpg 768w, https:\/\/voyagedelabaleine.fr\/wp-content\/uploads\/2025\/04\/chemise-rayee-short-gris-1152x1536.jpg 1152w, https:\/\/voyagedelabaleine.fr\/wp-content\/uploads\/2025\/04\/chemise-rayee-short-gris.jpg 1229w\" sizes=\"(max-width: 600px) 100vw, 600px\" \/><img decoding=\"async\" width=\"600\" height=\"800\" src=\"https:\/\/voyagedelabaleine.fr\/wp-content\/uploads\/2025\/01\/ensemble-chemise-short-gris-2-600x800.jpg\" class=\"woo-entry-image-secondary\" alt=\"Completo bambino camicia e pantaloncini in cotone e lino &#8211; Grigio chiaro\" itemprop=\"image\" srcset=\"https:\/\/voyagedelabaleine.fr\/wp-content\/uploads\/2025\/01\/ensemble-chemise-short-gris-2-600x801.jpg 600w, https:\/\/voyagedelabaleine.fr\/wp-content\/uploads\/2025\/01\/ensemble-chemise-short-gris-2-225x300.jpg 225w, https:\/\/voyagedelabaleine.fr\/wp-content\/uploads\/2025\/01\/ensemble-chemise-short-gris-2-767x1024.jpg 767w, https:\/\/voyagedelabaleine.fr\/wp-content\/uploads\/2025\/01\/ensemble-chemise-short-gris-2-768x1025.jpg 768w, https:\/\/voyagedelabaleine.fr\/wp-content\/uploads\/2025\/01\/ensemble-chemise-short-gris-2.jpg 800w\" sizes=\"(max-width: 600px) 100vw, 600px\" \/><\/a>\t<\/div><!-- .woo-entry-image-swap -->\n\n<\/li><li class=\"title\"><h2><a href=\"https:\/\/voyagedelabaleine.fr\/it\/prodotto\/completo-bambino-camicia-e-pantaloncini-in-cotone-e-lino-grigio-chiaro\/\">Completo bambino camicia e pantaloncini in cotone e lino &#8211; Grigio chiaro<\/a><\/h2><\/li><li class=\"price-wrap\">\n\t<span class=\"price\"><span class=\"woocommerce-Price-amount amount\"><bdi>62<span class=\"woocommerce-Price-currencySymbol\">&euro;<\/span><\/bdi><\/span><\/span>\n<\/li><\/ul><\/div><!-- .product-inner .clr --><\/li>\n<li class=\"entry has-media col span_1_of_4 owp-content-center owp-thumbs-layout-vertical owp-btn-big owp-tabs-layout-vertical circle-sale product type-product post-30643 status-publish last instock product_cat-abbigliamento product_cat-bambina product_cat-neonata product_cat-vestito-bambina product_cat-vestito-neonata has-post-thumbnail taxable shipping-taxable purchasable product-type-variable has-default-attributes\">\n\t<div class=\"product-inner clr\">\n\t<div class=\"woo-entry-image-swap woo-entry-image clr\">\n\t\t<a href=\"https:\/\/voyagedelabaleine.fr\/it\/prodotto\/vestito-bambina-a-righe-rosa-salmone-bianco\/\" class=\"woocommerce-LoopProduct-link\"><img decoding=\"async\" width=\"600\" height=\"800\" src=\"https:\/\/voyagedelabaleine.fr\/wp-content\/uploads\/2025\/06\/robe-bebe-fille-saumon-600x800.jpg\" class=\"woo-entry-image-main\" alt=\"Vestito bambina a righe &#8211; Rosa salmone\/bianco\" itemprop=\"image\" srcset=\"https:\/\/voyagedelabaleine.fr\/wp-content\/uploads\/2025\/06\/robe-bebe-fille-saumon-600x800.jpg 600w, https:\/\/voyagedelabaleine.fr\/wp-content\/uploads\/2025\/06\/robe-bebe-fille-saumon-225x300.jpg 225w, https:\/\/voyagedelabaleine.fr\/wp-content\/uploads\/2025\/06\/robe-bebe-fille-saumon-768x1024.jpg 768w, https:\/\/voyagedelabaleine.fr\/wp-content\/uploads\/2025\/06\/robe-bebe-fille-saumon.jpg 1000w\" sizes=\"(max-width: 600px) 100vw, 600px\" \/><img decoding=\"async\" width=\"600\" height=\"800\" src=\"https:\/\/voyagedelabaleine.fr\/wp-content\/uploads\/2025\/06\/robe-bebe-fille-saumon-1-600x800.jpg\" class=\"woo-entry-image-secondary\" alt=\"Vestito bambina a righe &#8211; Rosa salmone\/bianco\" itemprop=\"image\" srcset=\"https:\/\/voyagedelabaleine.fr\/wp-content\/uploads\/2025\/06\/robe-bebe-fille-saumon-1-600x800.jpg 600w, https:\/\/voyagedelabaleine.fr\/wp-content\/uploads\/2025\/06\/robe-bebe-fille-saumon-1-225x300.jpg 225w, https:\/\/voyagedelabaleine.fr\/wp-content\/uploads\/2025\/06\/robe-bebe-fille-saumon-1-768x1024.jpg 768w, https:\/\/voyagedelabaleine.fr\/wp-content\/uploads\/2025\/06\/robe-bebe-fille-saumon-1.jpg 1000w\" sizes=\"(max-width: 600px) 100vw, 600px\" \/><\/a>\t<\/div><!-- .woo-entry-image-swap -->\n\n<ul class=\"woo-entry-inner clr\"><li class=\"image-wrap\">\n\t<div class=\"woo-entry-image-swap woo-entry-image clr\">\n\t\t<a href=\"https:\/\/voyagedelabaleine.fr\/it\/prodotto\/vestito-bambina-a-righe-rosa-salmone-bianco\/\" class=\"woocommerce-LoopProduct-link\"><img decoding=\"async\" width=\"600\" height=\"800\" src=\"https:\/\/voyagedelabaleine.fr\/wp-content\/uploads\/2025\/06\/robe-bebe-fille-saumon-600x800.jpg\" class=\"woo-entry-image-main\" alt=\"Vestito bambina a righe &#8211; Rosa salmone\/bianco\" itemprop=\"image\" srcset=\"https:\/\/voyagedelabaleine.fr\/wp-content\/uploads\/2025\/06\/robe-bebe-fille-saumon-600x800.jpg 600w, https:\/\/voyagedelabaleine.fr\/wp-content\/uploads\/2025\/06\/robe-bebe-fille-saumon-225x300.jpg 225w, https:\/\/voyagedelabaleine.fr\/wp-content\/uploads\/2025\/06\/robe-bebe-fille-saumon-768x1024.jpg 768w, https:\/\/voyagedelabaleine.fr\/wp-content\/uploads\/2025\/06\/robe-bebe-fille-saumon.jpg 1000w\" sizes=\"(max-width: 600px) 100vw, 600px\" \/><img decoding=\"async\" width=\"600\" height=\"800\" src=\"https:\/\/voyagedelabaleine.fr\/wp-content\/uploads\/2025\/06\/robe-bebe-fille-saumon-1-600x800.jpg\" class=\"woo-entry-image-secondary\" alt=\"Vestito bambina a righe &#8211; Rosa salmone\/bianco\" itemprop=\"image\" srcset=\"https:\/\/voyagedelabaleine.fr\/wp-content\/uploads\/2025\/06\/robe-bebe-fille-saumon-1-600x800.jpg 600w, https:\/\/voyagedelabaleine.fr\/wp-content\/uploads\/2025\/06\/robe-bebe-fille-saumon-1-225x300.jpg 225w, https:\/\/voyagedelabaleine.fr\/wp-content\/uploads\/2025\/06\/robe-bebe-fille-saumon-1-768x1024.jpg 768w, https:\/\/voyagedelabaleine.fr\/wp-content\/uploads\/2025\/06\/robe-bebe-fille-saumon-1.jpg 1000w\" sizes=\"(max-width: 600px) 100vw, 600px\" \/><\/a>\t<\/div><!-- .woo-entry-image-swap -->\n\n<\/li><li class=\"title\"><h2><a href=\"https:\/\/voyagedelabaleine.fr\/it\/prodotto\/vestito-bambina-a-righe-rosa-salmone-bianco\/\">Vestito bambina a righe &#8211; Rosa salmone\/bianco<\/a><\/h2><\/li><li class=\"price-wrap\">\n\t<span class=\"price\"><span class=\"woocommerce-Price-amount amount\"><bdi>68<span class=\"woocommerce-Price-currencySymbol\">&euro;<\/span><\/bdi><\/span><\/span>\n<\/li><\/ul><\/div><!-- .product-inner .clr --><\/li>\n<\/ul>\n<\/div><\/div>\n\t\t\t\t\t\t<\/div>\n\t\t\t\t<\/div>\n\t\t<div class=\"elementor-element elementor-element-cdc62dc e-con-full e-flex e-con e-parent\" data-id=\"cdc62dc\" data-element_type=\"container\" data-e-type=\"container\">\n\t\t\t\t<div class=\"elementor-element elementor-element-603d27b elementor-widget-divider--separator-type-pattern elementor-widget-divider--view-line elementor-widget elementor-widget-divider\" data-id=\"603d27b\" data-element_type=\"widget\" data-e-type=\"widget\" data-widget_type=\"divider.default\">\n\t\t\t\t\t\t\t<div class=\"elementor-divider\" style=\"--divider-pattern-url: url(&quot;data:image\/svg+xml,%3Csvg xmlns=&#039;http:\/\/www.w3.org\/2000\/svg&#039; preserveAspectRatio=&#039;none&#039; overflow=&#039;visible&#039; height=&#039;100%&#039; viewBox=&#039;0 0 24 24&#039; fill=&#039;black&#039; stroke=&#039;none&#039;%3E%3Cpath d=&#039;M12.7,2.3c-0.4-0.4-1.1-0.4-1.5,0l-8,9.1c-0.3,0.4-0.3,0.9,0,1.2l8,9.1c0.4,0.4,1.1,0.4,1.5,0l8-9.1c0.3-0.4,0.3-0.9,0-1.2L12.7,2.3z&#039;\/%3E%3C\/svg%3E&quot;);\">\n\t\t\t<span class=\"elementor-divider-separator\">\n\t\t\t\t\t\t<\/span>\n\t\t<\/div>\n\t\t\t\t\t\t<\/div>\n\t\t<div class=\"elementor-element elementor-element-7f7249a e-grid e-con-full e-con e-child\" data-id=\"7f7249a\" data-element_type=\"container\" data-e-type=\"container\">\n\t\t<div class=\"elementor-element elementor-element-a142cf7 e-con-full e-flex e-con e-child\" data-id=\"a142cf7\" data-element_type=\"container\" data-e-type=\"container\">\n\t\t\t\t<div class=\"elementor-element elementor-element-0a5db1a elementor-widget elementor-widget-heading\" data-id=\"0a5db1a\" data-element_type=\"widget\" data-e-type=\"widget\" data-widget_type=\"heading.default\">\n\t\t\t\t\t<h2 class=\"elementor-heading-title elementor-size-default\">Righe estive<\/h2>\t\t\t\t<\/div>\n\t\t\t\t<\/div>\n\t\t\t\t<\/div>\n\t\t\t\t<\/div>\n\t\t<div class=\"elementor-element elementor-element-b0ec131 e-con-full e-flex e-con e-parent\" data-id=\"b0ec131\" data-element_type=\"container\" data-e-type=\"container\">\n\t\t\t\t<div class=\"elementor-element elementor-element-3fa3f48 elementor-widget elementor-widget-shortcode\" data-id=\"3fa3f48\" data-element_type=\"widget\" data-e-type=\"widget\" data-widget_type=\"shortcode.default\">\n\t\t\t\t\t\t\t<div class=\"elementor-shortcode\"><div class=\"woocommerce columns-3 \">\r\n<ul class=\"products oceanwp-row clr grid tablet-col tablet-2-col mobile-col mobile-2-col\">\r\n<li class=\"entry has-media has-rating col span_1_of_3 owp-content-center owp-thumbs-layout-vertical owp-btn-big owp-tabs-layout-vertical circle-sale product type-product post-31862 status-publish first instock product_cat-abbigliamento product_cat-blusa-camicia-bambini product_cat-blusa-camicia-bambino has-post-thumbnail taxable shipping-taxable purchasable product-type-variable has-default-attributes\">\n\t<div class=\"product-inner clr\">\n\t<div class=\"woo-entry-image-swap woo-entry-image clr\">\n\t\t<a href=\"https:\/\/voyagedelabaleine.fr\/it\/prodotto\/camicia-da-bambino-a-maniche-corte-con-collo-alla-coreana-a-righe-azzurro-bianco\/\" class=\"woocommerce-LoopProduct-link\"><img decoding=\"async\" width=\"600\" height=\"800\" src=\"https:\/\/voyagedelabaleine.fr\/wp-content\/uploads\/2025\/11\/chemise-col-mao-fotor-20251119123229-600x800.jpg\" class=\"woo-entry-image-main\" alt=\"Camicia da bambino a maniche corte con collo alla coreana a righe &#8211; Azzurro\/bianco\" itemprop=\"image\" srcset=\"https:\/\/voyagedelabaleine.fr\/wp-content\/uploads\/2025\/11\/chemise-col-mao-fotor-20251119123229-600x800.jpg 600w, https:\/\/voyagedelabaleine.fr\/wp-content\/uploads\/2025\/11\/chemise-col-mao-fotor-20251119123229-225x300.jpg 225w, https:\/\/voyagedelabaleine.fr\/wp-content\/uploads\/2025\/11\/chemise-col-mao-fotor-20251119123229-768x1023.jpg 768w, https:\/\/voyagedelabaleine.fr\/wp-content\/uploads\/2025\/11\/chemise-col-mao-fotor-20251119123229-1153x1536.jpg 1153w, https:\/\/voyagedelabaleine.fr\/wp-content\/uploads\/2025\/11\/chemise-col-mao-fotor-20251119123229.jpg 1500w\" sizes=\"(max-width: 600px) 100vw, 600px\" \/><img decoding=\"async\" width=\"600\" height=\"800\" src=\"https:\/\/voyagedelabaleine.fr\/wp-content\/uploads\/2025\/11\/chemise-col-mao-3-fotor-2025111912324-600x800.jpg\" class=\"woo-entry-image-secondary\" alt=\"Camicia da bambino a maniche corte con collo alla coreana a righe &#8211; Azzurro\/bianco\" itemprop=\"image\" srcset=\"https:\/\/voyagedelabaleine.fr\/wp-content\/uploads\/2025\/11\/chemise-col-mao-3-fotor-2025111912324-600x800.jpg 600w, https:\/\/voyagedelabaleine.fr\/wp-content\/uploads\/2025\/11\/chemise-col-mao-3-fotor-2025111912324-225x300.jpg 225w, https:\/\/voyagedelabaleine.fr\/wp-content\/uploads\/2025\/11\/chemise-col-mao-3-fotor-2025111912324-768x1023.jpg 768w, https:\/\/voyagedelabaleine.fr\/wp-content\/uploads\/2025\/11\/chemise-col-mao-3-fotor-2025111912324-1153x1536.jpg 1153w, https:\/\/voyagedelabaleine.fr\/wp-content\/uploads\/2025\/11\/chemise-col-mao-3-fotor-2025111912324.jpg 1500w\" sizes=\"(max-width: 600px) 100vw, 600px\" \/><\/a>\t<\/div><!-- .woo-entry-image-swap -->\n\n<ul class=\"woo-entry-inner clr\"><li class=\"image-wrap\">\n\t<div class=\"woo-entry-image-swap woo-entry-image clr\">\n\t\t<a href=\"https:\/\/voyagedelabaleine.fr\/it\/prodotto\/camicia-da-bambino-a-maniche-corte-con-collo-alla-coreana-a-righe-azzurro-bianco\/\" class=\"woocommerce-LoopProduct-link\"><img decoding=\"async\" width=\"600\" height=\"800\" src=\"https:\/\/voyagedelabaleine.fr\/wp-content\/uploads\/2025\/11\/chemise-col-mao-fotor-20251119123229-600x800.jpg\" class=\"woo-entry-image-main\" alt=\"Camicia da bambino a maniche corte con collo alla coreana a righe &#8211; Azzurro\/bianco\" itemprop=\"image\" srcset=\"https:\/\/voyagedelabaleine.fr\/wp-content\/uploads\/2025\/11\/chemise-col-mao-fotor-20251119123229-600x800.jpg 600w, https:\/\/voyagedelabaleine.fr\/wp-content\/uploads\/2025\/11\/chemise-col-mao-fotor-20251119123229-225x300.jpg 225w, https:\/\/voyagedelabaleine.fr\/wp-content\/uploads\/2025\/11\/chemise-col-mao-fotor-20251119123229-768x1023.jpg 768w, https:\/\/voyagedelabaleine.fr\/wp-content\/uploads\/2025\/11\/chemise-col-mao-fotor-20251119123229-1153x1536.jpg 1153w, https:\/\/voyagedelabaleine.fr\/wp-content\/uploads\/2025\/11\/chemise-col-mao-fotor-20251119123229.jpg 1500w\" sizes=\"(max-width: 600px) 100vw, 600px\" \/><img decoding=\"async\" width=\"600\" height=\"800\" src=\"https:\/\/voyagedelabaleine.fr\/wp-content\/uploads\/2025\/11\/chemise-col-mao-3-fotor-2025111912324-600x800.jpg\" class=\"woo-entry-image-secondary\" alt=\"Camicia da bambino a maniche corte con collo alla coreana a righe &#8211; Azzurro\/bianco\" itemprop=\"image\" srcset=\"https:\/\/voyagedelabaleine.fr\/wp-content\/uploads\/2025\/11\/chemise-col-mao-3-fotor-2025111912324-600x800.jpg 600w, https:\/\/voyagedelabaleine.fr\/wp-content\/uploads\/2025\/11\/chemise-col-mao-3-fotor-2025111912324-225x300.jpg 225w, https:\/\/voyagedelabaleine.fr\/wp-content\/uploads\/2025\/11\/chemise-col-mao-3-fotor-2025111912324-768x1023.jpg 768w, https:\/\/voyagedelabaleine.fr\/wp-content\/uploads\/2025\/11\/chemise-col-mao-3-fotor-2025111912324-1153x1536.jpg 1153w, https:\/\/voyagedelabaleine.fr\/wp-content\/uploads\/2025\/11\/chemise-col-mao-3-fotor-2025111912324.jpg 1500w\" sizes=\"(max-width: 600px) 100vw, 600px\" \/><\/a>\t<\/div><!-- .woo-entry-image-swap -->\n\n<\/li><li class=\"title\"><h2><a href=\"https:\/\/voyagedelabaleine.fr\/it\/prodotto\/camicia-da-bambino-a-maniche-corte-con-collo-alla-coreana-a-righe-azzurro-bianco\/\">Camicia da bambino a maniche corte con collo alla coreana a righe &#8211; Azzurro\/bianco<\/a><\/h2><\/li><li class=\"price-wrap\">\n\t<span class=\"price\"><span class=\"woocommerce-Price-amount amount\"><bdi>32<span class=\"woocommerce-Price-currencySymbol\">&euro;<\/span><\/bdi><\/span><\/span>\n<\/li><\/ul><\/div><!-- .product-inner .clr --><\/li>\n<li class=\"entry has-media col span_1_of_3 owp-content-center owp-thumbs-layout-vertical owp-btn-big owp-tabs-layout-vertical circle-sale product type-product post-31763 status-publish instock product_cat-abbigliamento product_cat-bloomer-short-pantaloni-nascita product_cat-bloomer-short-pantaloni-nascita-ragazza product_cat-bloomer-short-pantaloni-neonata product_cat-bloomer-short-pantaloni-neonati product_cat-blusa-camicia-nascita product_cat-blusa-camicia-nascita-ragazza product_cat-blusa-e-camicia-per-neonata product_cat-blusa-camicia-neonati product_cat-completi-nascita product_cat-completi-nascita-ragazza product_cat-completi-neonata product_cat-completi-neonati has-post-thumbnail taxable shipping-taxable purchasable product-type-variable has-default-attributes\">\n\t<div class=\"product-inner clr\">\n\t<div class=\"woo-entry-image-swap woo-entry-image clr\">\n\t\t<a href=\"https:\/\/voyagedelabaleine.fr\/it\/prodotto\/completo-bambina-blusa-e-culotte-a-righe-blu-bianco\/\" class=\"woocommerce-LoopProduct-link\"><img decoding=\"async\" width=\"600\" height=\"800\" src=\"https:\/\/voyagedelabaleine.fr\/wp-content\/uploads\/2025\/01\/ensemble-bebe-blouse-bloomer-raye-600x800.jpg\" class=\"woo-entry-image-main\" alt=\"Completo bambina blusa e culotte a righe &#8211; Blu\/bianco\" itemprop=\"image\" srcset=\"https:\/\/voyagedelabaleine.fr\/wp-content\/uploads\/2025\/01\/ensemble-bebe-blouse-bloomer-raye-600x800.jpg 600w, https:\/\/voyagedelabaleine.fr\/wp-content\/uploads\/2025\/01\/ensemble-bebe-blouse-bloomer-raye-225x300.jpg 225w, https:\/\/voyagedelabaleine.fr\/wp-content\/uploads\/2025\/01\/ensemble-bebe-blouse-bloomer-raye-768x1024.jpg 768w, https:\/\/voyagedelabaleine.fr\/wp-content\/uploads\/2025\/01\/ensemble-bebe-blouse-bloomer-raye.jpg 855w\" sizes=\"(max-width: 600px) 100vw, 600px\" \/><img decoding=\"async\" width=\"600\" height=\"800\" src=\"https:\/\/voyagedelabaleine.fr\/wp-content\/uploads\/2025\/01\/ensemble-bebe-blouse-bloomer-raye-1-600x800.jpg\" class=\"woo-entry-image-secondary\" alt=\"Completo bambina blusa e culotte a righe &#8211; Blu\/bianco\" itemprop=\"image\" srcset=\"https:\/\/voyagedelabaleine.fr\/wp-content\/uploads\/2025\/01\/ensemble-bebe-blouse-bloomer-raye-1-600x800.jpg 600w, https:\/\/voyagedelabaleine.fr\/wp-content\/uploads\/2025\/01\/ensemble-bebe-blouse-bloomer-raye-1-225x300.jpg 225w, https:\/\/voyagedelabaleine.fr\/wp-content\/uploads\/2025\/01\/ensemble-bebe-blouse-bloomer-raye-1-768x1024.jpg 768w, https:\/\/voyagedelabaleine.fr\/wp-content\/uploads\/2025\/01\/ensemble-bebe-blouse-bloomer-raye-1.jpg 900w\" sizes=\"(max-width: 600px) 100vw, 600px\" \/><\/a>\t<\/div><!-- .woo-entry-image-swap -->\n\n<ul class=\"woo-entry-inner clr\"><li class=\"image-wrap\">\n\t<div class=\"woo-entry-image-swap woo-entry-image clr\">\n\t\t<a href=\"https:\/\/voyagedelabaleine.fr\/it\/prodotto\/completo-bambina-blusa-e-culotte-a-righe-blu-bianco\/\" class=\"woocommerce-LoopProduct-link\"><img decoding=\"async\" width=\"600\" height=\"800\" src=\"https:\/\/voyagedelabaleine.fr\/wp-content\/uploads\/2025\/01\/ensemble-bebe-blouse-bloomer-raye-600x800.jpg\" class=\"woo-entry-image-main\" alt=\"Completo bambina blusa e culotte a righe &#8211; Blu\/bianco\" itemprop=\"image\" srcset=\"https:\/\/voyagedelabaleine.fr\/wp-content\/uploads\/2025\/01\/ensemble-bebe-blouse-bloomer-raye-600x800.jpg 600w, https:\/\/voyagedelabaleine.fr\/wp-content\/uploads\/2025\/01\/ensemble-bebe-blouse-bloomer-raye-225x300.jpg 225w, https:\/\/voyagedelabaleine.fr\/wp-content\/uploads\/2025\/01\/ensemble-bebe-blouse-bloomer-raye-768x1024.jpg 768w, https:\/\/voyagedelabaleine.fr\/wp-content\/uploads\/2025\/01\/ensemble-bebe-blouse-bloomer-raye.jpg 855w\" sizes=\"(max-width: 600px) 100vw, 600px\" \/><img decoding=\"async\" width=\"600\" height=\"800\" src=\"https:\/\/voyagedelabaleine.fr\/wp-content\/uploads\/2025\/01\/ensemble-bebe-blouse-bloomer-raye-1-600x800.jpg\" class=\"woo-entry-image-secondary\" alt=\"Completo bambina blusa e culotte a righe &#8211; Blu\/bianco\" itemprop=\"image\" srcset=\"https:\/\/voyagedelabaleine.fr\/wp-content\/uploads\/2025\/01\/ensemble-bebe-blouse-bloomer-raye-1-600x800.jpg 600w, https:\/\/voyagedelabaleine.fr\/wp-content\/uploads\/2025\/01\/ensemble-bebe-blouse-bloomer-raye-1-225x300.jpg 225w, https:\/\/voyagedelabaleine.fr\/wp-content\/uploads\/2025\/01\/ensemble-bebe-blouse-bloomer-raye-1-768x1024.jpg 768w, https:\/\/voyagedelabaleine.fr\/wp-content\/uploads\/2025\/01\/ensemble-bebe-blouse-bloomer-raye-1.jpg 900w\" sizes=\"(max-width: 600px) 100vw, 600px\" \/><\/a>\t<\/div><!-- .woo-entry-image-swap -->\n\n<\/li><li class=\"title\"><h2><a href=\"https:\/\/voyagedelabaleine.fr\/it\/prodotto\/completo-bambina-blusa-e-culotte-a-righe-blu-bianco\/\">Completo bambina blusa e culotte a righe &#8211; Blu\/bianco<\/a><\/h2><\/li><li class=\"price-wrap\">\n\t<span class=\"price\"><span class=\"woocommerce-Price-amount amount\"><bdi>68<span class=\"woocommerce-Price-currencySymbol\">&euro;<\/span><\/bdi><\/span><\/span>\n<\/li><\/ul><\/div><!-- .product-inner .clr --><\/li>\n<li class=\"entry has-media col span_1_of_3 owp-content-center owp-thumbs-layout-vertical owp-btn-big owp-tabs-layout-vertical circle-sale product type-product post-31823 status-publish last instock product_cat-abbigliamento product_cat-pagliaccetto-salopette-nascita product_cat-pagliaccetto-salopette-nascita-ragazza product_cat-pagliaccetto-salopette-nascita-ragazzo product_cat-pagliaccetto-salopette-neonata product_cat-pagliaccetto-salopette-neonati product_cat-pagliaccetto-salopette-neonato product_cat-ultima-occasione has-post-thumbnail taxable shipping-taxable purchasable product-type-variable has-default-attributes\">\n\t<div class=\"product-inner clr\">\n\t<div class=\"woo-entry-image-swap woo-entry-image clr\">\n\t\t<a href=\"https:\/\/voyagedelabaleine.fr\/it\/prodotto\/pagliaccetto-neonato-unisex-tradizionale-blu-bianco\/\" class=\"woocommerce-LoopProduct-link\"><img decoding=\"async\" width=\"600\" height=\"800\" src=\"https:\/\/voyagedelabaleine.fr\/wp-content\/uploads\/2025\/01\/barboteuse-traditionnelle-rayee-600x800.jpg\" class=\"woo-entry-image-main\" alt=\"Pagliaccetto neonato unisex tradizionale &#8211; Blu\/bianco\" itemprop=\"image\" srcset=\"https:\/\/voyagedelabaleine.fr\/wp-content\/uploads\/2025\/01\/barboteuse-traditionnelle-rayee-600x800.jpg 600w, https:\/\/voyagedelabaleine.fr\/wp-content\/uploads\/2025\/01\/barboteuse-traditionnelle-rayee-225x300.jpg 225w, https:\/\/voyagedelabaleine.fr\/wp-content\/uploads\/2025\/01\/barboteuse-traditionnelle-rayee-768x1024.jpg 768w, https:\/\/voyagedelabaleine.fr\/wp-content\/uploads\/2025\/01\/barboteuse-traditionnelle-rayee.jpg 855w\" sizes=\"(max-width: 600px) 100vw, 600px\" \/><img decoding=\"async\" width=\"600\" height=\"800\" src=\"https:\/\/voyagedelabaleine.fr\/wp-content\/uploads\/2025\/01\/barboteuse-traditionnelle-bebe-smocks-1-600x800.jpg\" class=\"woo-entry-image-secondary\" alt=\"Pagliaccetto neonato unisex tradizionale &#8211; Blu\/bianco\" itemprop=\"image\" srcset=\"https:\/\/voyagedelabaleine.fr\/wp-content\/uploads\/2025\/01\/barboteuse-traditionnelle-bebe-smocks-1-600x800.jpg 600w, https:\/\/voyagedelabaleine.fr\/wp-content\/uploads\/2025\/01\/barboteuse-traditionnelle-bebe-smocks-1-225x300.jpg 225w, https:\/\/voyagedelabaleine.fr\/wp-content\/uploads\/2025\/01\/barboteuse-traditionnelle-bebe-smocks-1-768x1024.jpg 768w, https:\/\/voyagedelabaleine.fr\/wp-content\/uploads\/2025\/01\/barboteuse-traditionnelle-bebe-smocks-1.jpg 900w\" sizes=\"(max-width: 600px) 100vw, 600px\" \/><\/a>\t<\/div><!-- .woo-entry-image-swap -->\n\n<ul class=\"woo-entry-inner clr\"><li class=\"image-wrap\">\n\t<div class=\"woo-entry-image-swap woo-entry-image clr\">\n\t\t<a href=\"https:\/\/voyagedelabaleine.fr\/it\/prodotto\/pagliaccetto-neonato-unisex-tradizionale-blu-bianco\/\" class=\"woocommerce-LoopProduct-link\"><img decoding=\"async\" width=\"600\" height=\"800\" src=\"https:\/\/voyagedelabaleine.fr\/wp-content\/uploads\/2025\/01\/barboteuse-traditionnelle-rayee-600x800.jpg\" class=\"woo-entry-image-main\" alt=\"Pagliaccetto neonato unisex tradizionale &#8211; Blu\/bianco\" itemprop=\"image\" srcset=\"https:\/\/voyagedelabaleine.fr\/wp-content\/uploads\/2025\/01\/barboteuse-traditionnelle-rayee-600x800.jpg 600w, https:\/\/voyagedelabaleine.fr\/wp-content\/uploads\/2025\/01\/barboteuse-traditionnelle-rayee-225x300.jpg 225w, https:\/\/voyagedelabaleine.fr\/wp-content\/uploads\/2025\/01\/barboteuse-traditionnelle-rayee-768x1024.jpg 768w, https:\/\/voyagedelabaleine.fr\/wp-content\/uploads\/2025\/01\/barboteuse-traditionnelle-rayee.jpg 855w\" sizes=\"(max-width: 600px) 100vw, 600px\" \/><img decoding=\"async\" width=\"600\" height=\"800\" src=\"https:\/\/voyagedelabaleine.fr\/wp-content\/uploads\/2025\/01\/barboteuse-traditionnelle-bebe-smocks-1-600x800.jpg\" class=\"woo-entry-image-secondary\" alt=\"Pagliaccetto neonato unisex tradizionale &#8211; Blu\/bianco\" itemprop=\"image\" srcset=\"https:\/\/voyagedelabaleine.fr\/wp-content\/uploads\/2025\/01\/barboteuse-traditionnelle-bebe-smocks-1-600x800.jpg 600w, https:\/\/voyagedelabaleine.fr\/wp-content\/uploads\/2025\/01\/barboteuse-traditionnelle-bebe-smocks-1-225x300.jpg 225w, https:\/\/voyagedelabaleine.fr\/wp-content\/uploads\/2025\/01\/barboteuse-traditionnelle-bebe-smocks-1-768x1024.jpg 768w, https:\/\/voyagedelabaleine.fr\/wp-content\/uploads\/2025\/01\/barboteuse-traditionnelle-bebe-smocks-1.jpg 900w\" sizes=\"(max-width: 600px) 100vw, 600px\" \/><\/a>\t<\/div><!-- .woo-entry-image-swap -->\n\n<\/li><li class=\"title\"><h2><a href=\"https:\/\/voyagedelabaleine.fr\/it\/prodotto\/pagliaccetto-neonato-unisex-tradizionale-blu-bianco\/\">Pagliaccetto neonato unisex tradizionale &#8211; Blu\/bianco<\/a><\/h2><\/li><li class=\"price-wrap\">\n\t<span class=\"price\"><span class=\"woocommerce-Price-amount amount\"><bdi>58<span class=\"woocommerce-Price-currencySymbol\">&euro;<\/span><\/bdi><\/span><\/span>\n<\/li><\/ul><\/div><!-- .product-inner .clr --><\/li>\n<\/ul>\n<\/div><\/div>\n\t\t\t\t\t\t<\/div>\n\t\t\t\t<\/div>\n\t\t<div class=\"elementor-element elementor-element-848b063 e-con-full e-flex e-con e-parent\" data-id=\"848b063\" data-element_type=\"container\" data-e-type=\"container\">\n\t\t\t\t<div class=\"elementor-element elementor-element-449878c elementor-widget-divider--separator-type-pattern elementor-widget-divider--view-line elementor-widget elementor-widget-divider\" data-id=\"449878c\" data-element_type=\"widget\" data-e-type=\"widget\" data-widget_type=\"divider.default\">\n\t\t\t\t\t\t\t<div class=\"elementor-divider\" style=\"--divider-pattern-url: url(&quot;data:image\/svg+xml,%3Csvg xmlns=&#039;http:\/\/www.w3.org\/2000\/svg&#039; preserveAspectRatio=&#039;none&#039; overflow=&#039;visible&#039; height=&#039;100%&#039; viewBox=&#039;0 0 24 24&#039; fill=&#039;black&#039; stroke=&#039;none&#039;%3E%3Cpath d=&#039;M12.7,2.3c-0.4-0.4-1.1-0.4-1.5,0l-8,9.1c-0.3,0.4-0.3,0.9,0,1.2l8,9.1c0.4,0.4,1.1,0.4,1.5,0l8-9.1c0.3-0.4,0.3-0.9,0-1.2L12.7,2.3z&#039;\/%3E%3C\/svg%3E&quot;);\">\n\t\t\t<span class=\"elementor-divider-separator\">\n\t\t\t\t\t\t<\/span>\n\t\t<\/div>\n\t\t\t\t\t\t<\/div>\n\t\t<div class=\"elementor-element elementor-element-62880d4 e-grid e-con-full e-con e-child\" data-id=\"62880d4\" data-element_type=\"container\" data-e-type=\"container\">\n\t\t<div class=\"elementor-element elementor-element-9d167b7 e-con-full e-flex e-con e-child\" data-id=\"9d167b7\" data-element_type=\"container\" data-e-type=\"container\">\n\t\t\t\t<div class=\"elementor-element elementor-element-e8223e2 elementor-widget elementor-widget-heading\" data-id=\"e8223e2\" data-element_type=\"widget\" data-e-type=\"widget\" data-widget_type=\"heading.default\">\n\t\t\t\t\t<h2 class=\"elementor-heading-title elementor-size-default\">Completi in lino<\/h2>\t\t\t\t<\/div>\n\t\t\t\t<\/div>\n\t\t\t\t<\/div>\n\t\t\t\t<\/div>\n\t\t<div class=\"elementor-element elementor-element-6090300 e-con-full e-flex e-con e-parent\" data-id=\"6090300\" data-element_type=\"container\" data-e-type=\"container\">\n\t\t\t\t<div class=\"elementor-element elementor-element-25958a5 elementor-widget elementor-widget-shortcode\" data-id=\"25958a5\" data-element_type=\"widget\" data-e-type=\"widget\" data-widget_type=\"shortcode.default\">\n\t\t\t\t\t\t\t<div class=\"elementor-shortcode\"><div class=\"woocommerce columns-2 \">\r\n<ul class=\"products oceanwp-row clr grid tablet-col tablet-2-col mobile-col mobile-2-col\">\r\n<li class=\"entry has-media has-rating col span_1_of_2 owp-content-center owp-thumbs-layout-vertical owp-btn-big owp-tabs-layout-vertical circle-sale product type-product post-29396 status-publish first instock product_cat-abbigliamento product_cat-bloomer-short-pantaloni-nascita product_cat-bloomer-short-pantaloni-nascita-ragazzo product_cat-bloomer-short-pantaloni-neonati product_cat-bloomer-short-pantaloni-neonato product_cat-blusa-camicia-nascita product_cat-blusa-camicia-nascita-ragazzo product_cat-blusa-camicia-neonati product_cat-blusa-camicia-neonato product_cat-completi-nascita product_cat-completi-nascita-ragazzo product_cat-completi-neonati product_cat-completi-neonato has-post-thumbnail taxable shipping-taxable purchasable product-type-variable has-default-attributes\">\n\t<div class=\"product-inner clr\">\n\t<div class=\"woo-entry-image-swap woo-entry-image clr\">\n\t\t<a href=\"https:\/\/voyagedelabaleine.fr\/it\/prodotto\/completo-blusa-e-bloomer-neonato-in-lino-e-cotone-beige\/\" class=\"woocommerce-LoopProduct-link\"><img decoding=\"async\" width=\"600\" height=\"800\" src=\"https:\/\/voyagedelabaleine.fr\/wp-content\/uploads\/2025\/04\/ensemble-blouse-bloomer-bebe-lin-600x800.jpg\" class=\"woo-entry-image-main\" alt=\"Completo blusa e bloomer neonato in lino e cotone &#8211; Beige\" itemprop=\"image\" srcset=\"https:\/\/voyagedelabaleine.fr\/wp-content\/uploads\/2025\/04\/ensemble-blouse-bloomer-bebe-lin-600x800.jpg 600w, https:\/\/voyagedelabaleine.fr\/wp-content\/uploads\/2025\/04\/ensemble-blouse-bloomer-bebe-lin-225x300.jpg 225w, https:\/\/voyagedelabaleine.fr\/wp-content\/uploads\/2025\/04\/ensemble-blouse-bloomer-bebe-lin-768x1024.jpg 768w, https:\/\/voyagedelabaleine.fr\/wp-content\/uploads\/2025\/04\/ensemble-blouse-bloomer-bebe-lin-1152x1536.jpg 1152w, https:\/\/voyagedelabaleine.fr\/wp-content\/uploads\/2025\/04\/ensemble-blouse-bloomer-bebe-lin.jpg 1400w\" sizes=\"(max-width: 600px) 100vw, 600px\" \/><img decoding=\"async\" width=\"600\" height=\"800\" src=\"https:\/\/voyagedelabaleine.fr\/wp-content\/uploads\/2025\/04\/ensemble-blouse-bloomer-bebe-lin-2-600x800.jpg\" class=\"woo-entry-image-secondary\" alt=\"Completo blusa e bloomer neonato in lino e cotone &#8211; Beige\" itemprop=\"image\" srcset=\"https:\/\/voyagedelabaleine.fr\/wp-content\/uploads\/2025\/04\/ensemble-blouse-bloomer-bebe-lin-2-600x800.jpg 600w, https:\/\/voyagedelabaleine.fr\/wp-content\/uploads\/2025\/04\/ensemble-blouse-bloomer-bebe-lin-2-225x300.jpg 225w, https:\/\/voyagedelabaleine.fr\/wp-content\/uploads\/2025\/04\/ensemble-blouse-bloomer-bebe-lin-2-768x1024.jpg 768w, https:\/\/voyagedelabaleine.fr\/wp-content\/uploads\/2025\/04\/ensemble-blouse-bloomer-bebe-lin-2.jpg 900w\" sizes=\"(max-width: 600px) 100vw, 600px\" \/><\/a>\t<\/div><!-- .woo-entry-image-swap -->\n\n<ul class=\"woo-entry-inner clr\"><li class=\"image-wrap\">\n\t<div class=\"woo-entry-image-swap woo-entry-image clr\">\n\t\t<a href=\"https:\/\/voyagedelabaleine.fr\/it\/prodotto\/completo-blusa-e-bloomer-neonato-in-lino-e-cotone-beige\/\" class=\"woocommerce-LoopProduct-link\"><img decoding=\"async\" width=\"600\" height=\"800\" src=\"https:\/\/voyagedelabaleine.fr\/wp-content\/uploads\/2025\/04\/ensemble-blouse-bloomer-bebe-lin-600x800.jpg\" class=\"woo-entry-image-main\" alt=\"Completo blusa e bloomer neonato in lino e cotone &#8211; Beige\" itemprop=\"image\" srcset=\"https:\/\/voyagedelabaleine.fr\/wp-content\/uploads\/2025\/04\/ensemble-blouse-bloomer-bebe-lin-600x800.jpg 600w, https:\/\/voyagedelabaleine.fr\/wp-content\/uploads\/2025\/04\/ensemble-blouse-bloomer-bebe-lin-225x300.jpg 225w, https:\/\/voyagedelabaleine.fr\/wp-content\/uploads\/2025\/04\/ensemble-blouse-bloomer-bebe-lin-768x1024.jpg 768w, https:\/\/voyagedelabaleine.fr\/wp-content\/uploads\/2025\/04\/ensemble-blouse-bloomer-bebe-lin-1152x1536.jpg 1152w, https:\/\/voyagedelabaleine.fr\/wp-content\/uploads\/2025\/04\/ensemble-blouse-bloomer-bebe-lin.jpg 1400w\" sizes=\"(max-width: 600px) 100vw, 600px\" \/><img decoding=\"async\" width=\"600\" height=\"800\" src=\"https:\/\/voyagedelabaleine.fr\/wp-content\/uploads\/2025\/04\/ensemble-blouse-bloomer-bebe-lin-2-600x800.jpg\" class=\"woo-entry-image-secondary\" alt=\"Completo blusa e bloomer neonato in lino e cotone &#8211; Beige\" itemprop=\"image\" srcset=\"https:\/\/voyagedelabaleine.fr\/wp-content\/uploads\/2025\/04\/ensemble-blouse-bloomer-bebe-lin-2-600x800.jpg 600w, https:\/\/voyagedelabaleine.fr\/wp-content\/uploads\/2025\/04\/ensemble-blouse-bloomer-bebe-lin-2-225x300.jpg 225w, https:\/\/voyagedelabaleine.fr\/wp-content\/uploads\/2025\/04\/ensemble-blouse-bloomer-bebe-lin-2-768x1024.jpg 768w, https:\/\/voyagedelabaleine.fr\/wp-content\/uploads\/2025\/04\/ensemble-blouse-bloomer-bebe-lin-2.jpg 900w\" sizes=\"(max-width: 600px) 100vw, 600px\" \/><\/a>\t<\/div><!-- .woo-entry-image-swap -->\n\n<\/li><li class=\"title\"><h2><a href=\"https:\/\/voyagedelabaleine.fr\/it\/prodotto\/completo-blusa-e-bloomer-neonato-in-lino-e-cotone-beige\/\">Completo blusa e bloomer neonato in lino e cotone &#8211; Beige<\/a><\/h2><\/li><li class=\"price-wrap\">\n\t<span class=\"price\"><span class=\"woocommerce-Price-amount amount\"><bdi>60<span class=\"woocommerce-Price-currencySymbol\">&euro;<\/span><\/bdi><\/span><\/span>\n<\/li><\/ul><\/div><!-- .product-inner .clr --><\/li>\n<li class=\"entry has-media col span_1_of_2 owp-content-center owp-thumbs-layout-vertical owp-btn-big owp-tabs-layout-vertical circle-sale product type-product post-29052 status-publish last instock product_cat-abbigliamento product_cat-bloomer-short-pantaloni-neonati product_cat-bloomer-short-pantaloni-neonato product_cat-blusa-camicia-bambini product_cat-blusa-camicia-bambino product_cat-blusa-camicia-neonato product_cat-completi-neonati product_cat-completi-neonato product_cat-completo-salopette-bambini product_cat-completo-salopette-bambino product_cat-pantaloni-short-bambini product_cat-pantaloni-short-bambino has-post-thumbnail taxable shipping-taxable purchasable product-type-variable has-default-attributes\">\n\t<div class=\"product-inner clr\">\n\t<div class=\"woo-entry-image-swap woo-entry-image clr\">\n\t\t<a href=\"https:\/\/voyagedelabaleine.fr\/it\/prodotto\/camicia-e-pantaloncini-da-bambino-in-lino-e-cotone-beige\/\" class=\"woocommerce-LoopProduct-link\"><img decoding=\"async\" width=\"600\" height=\"800\" src=\"https:\/\/voyagedelabaleine.fr\/wp-content\/uploads\/2025\/04\/short-chemise-lin-beige-600x800.jpg\" class=\"woo-entry-image-main\" alt=\"Camicia e pantaloncini da bambino in lino e cotone &#8211; Beige\" itemprop=\"image\" srcset=\"https:\/\/voyagedelabaleine.fr\/wp-content\/uploads\/2025\/04\/short-chemise-lin-beige-600x800.jpg 600w, https:\/\/voyagedelabaleine.fr\/wp-content\/uploads\/2025\/04\/short-chemise-lin-beige-225x300.jpg 225w, https:\/\/voyagedelabaleine.fr\/wp-content\/uploads\/2025\/04\/short-chemise-lin-beige-768x1024.jpg 768w, https:\/\/voyagedelabaleine.fr\/wp-content\/uploads\/2025\/04\/short-chemise-lin-beige-1152x1536.jpg 1152w, https:\/\/voyagedelabaleine.fr\/wp-content\/uploads\/2025\/04\/short-chemise-lin-beige.jpg 1300w\" sizes=\"(max-width: 600px) 100vw, 600px\" \/><img decoding=\"async\" width=\"600\" height=\"800\" src=\"https:\/\/voyagedelabaleine.fr\/wp-content\/uploads\/2025\/04\/chemise-short-beige-2-600x800.jpg\" class=\"woo-entry-image-secondary\" alt=\"Camicia e pantaloncini da bambino in lino e cotone &#8211; Beige\" itemprop=\"image\" srcset=\"https:\/\/voyagedelabaleine.fr\/wp-content\/uploads\/2025\/04\/chemise-short-beige-2-600x799.jpg 600w, https:\/\/voyagedelabaleine.fr\/wp-content\/uploads\/2025\/04\/chemise-short-beige-2-225x300.jpg 225w, https:\/\/voyagedelabaleine.fr\/wp-content\/uploads\/2025\/04\/chemise-short-beige-2-769x1024.jpg 769w, https:\/\/voyagedelabaleine.fr\/wp-content\/uploads\/2025\/04\/chemise-short-beige-2-768x1023.jpg 768w, https:\/\/voyagedelabaleine.fr\/wp-content\/uploads\/2025\/04\/chemise-short-beige-2.jpg 1000w\" sizes=\"(max-width: 600px) 100vw, 600px\" \/><\/a>\t<\/div><!-- .woo-entry-image-swap -->\n\n<ul class=\"woo-entry-inner clr\"><li class=\"image-wrap\">\n\t<div class=\"woo-entry-image-swap woo-entry-image clr\">\n\t\t<a href=\"https:\/\/voyagedelabaleine.fr\/it\/prodotto\/camicia-e-pantaloncini-da-bambino-in-lino-e-cotone-beige\/\" class=\"woocommerce-LoopProduct-link\"><img decoding=\"async\" width=\"600\" height=\"800\" src=\"https:\/\/voyagedelabaleine.fr\/wp-content\/uploads\/2025\/04\/short-chemise-lin-beige-600x800.jpg\" class=\"woo-entry-image-main\" alt=\"Camicia e pantaloncini da bambino in lino e cotone &#8211; Beige\" itemprop=\"image\" srcset=\"https:\/\/voyagedelabaleine.fr\/wp-content\/uploads\/2025\/04\/short-chemise-lin-beige-600x800.jpg 600w, https:\/\/voyagedelabaleine.fr\/wp-content\/uploads\/2025\/04\/short-chemise-lin-beige-225x300.jpg 225w, https:\/\/voyagedelabaleine.fr\/wp-content\/uploads\/2025\/04\/short-chemise-lin-beige-768x1024.jpg 768w, https:\/\/voyagedelabaleine.fr\/wp-content\/uploads\/2025\/04\/short-chemise-lin-beige-1152x1536.jpg 1152w, https:\/\/voyagedelabaleine.fr\/wp-content\/uploads\/2025\/04\/short-chemise-lin-beige.jpg 1300w\" sizes=\"(max-width: 600px) 100vw, 600px\" \/><img decoding=\"async\" width=\"600\" height=\"800\" src=\"https:\/\/voyagedelabaleine.fr\/wp-content\/uploads\/2025\/04\/chemise-short-beige-2-600x800.jpg\" class=\"woo-entry-image-secondary\" alt=\"Camicia e pantaloncini da bambino in lino e cotone &#8211; Beige\" itemprop=\"image\" srcset=\"https:\/\/voyagedelabaleine.fr\/wp-content\/uploads\/2025\/04\/chemise-short-beige-2-600x799.jpg 600w, https:\/\/voyagedelabaleine.fr\/wp-content\/uploads\/2025\/04\/chemise-short-beige-2-225x300.jpg 225w, https:\/\/voyagedelabaleine.fr\/wp-content\/uploads\/2025\/04\/chemise-short-beige-2-769x1024.jpg 769w, https:\/\/voyagedelabaleine.fr\/wp-content\/uploads\/2025\/04\/chemise-short-beige-2-768x1023.jpg 768w, https:\/\/voyagedelabaleine.fr\/wp-content\/uploads\/2025\/04\/chemise-short-beige-2.jpg 1000w\" sizes=\"(max-width: 600px) 100vw, 600px\" \/><\/a>\t<\/div><!-- .woo-entry-image-swap -->\n\n<\/li><li class=\"title\"><h2><a href=\"https:\/\/voyagedelabaleine.fr\/it\/prodotto\/camicia-e-pantaloncini-da-bambino-in-lino-e-cotone-beige\/\">Camicia e pantaloncini da bambino in lino e cotone &#8211; Beige<\/a><\/h2><\/li><li class=\"price-wrap\">\n\t<span class=\"price\"><span class=\"woocommerce-Price-amount amount\"><bdi>64<span class=\"woocommerce-Price-currencySymbol\">&euro;<\/span><\/bdi><\/span><\/span>\n<\/li><\/ul><\/div><!-- .product-inner .clr --><\/li>\n<\/ul>\n<\/div><\/div>\n\t\t\t\t\t\t<\/div>\n\t\t\t\t<\/div>\n\t\t<div class=\"elementor-element elementor-element-018ac6d e-con-full e-flex e-con e-parent\" data-id=\"018ac6d\" data-element_type=\"container\" data-e-type=\"container\">\n\t\t\t\t<div class=\"elementor-element elementor-element-e48bf12 elementor-widget-divider--separator-type-pattern elementor-widget-divider--view-line elementor-widget elementor-widget-divider\" data-id=\"e48bf12\" data-element_type=\"widget\" data-e-type=\"widget\" data-widget_type=\"divider.default\">\n\t\t\t\t\t\t\t<div class=\"elementor-divider\" style=\"--divider-pattern-url: url(&quot;data:image\/svg+xml,%3Csvg xmlns=&#039;http:\/\/www.w3.org\/2000\/svg&#039; preserveAspectRatio=&#039;none&#039; overflow=&#039;visible&#039; height=&#039;100%&#039; viewBox=&#039;0 0 24 24&#039; fill=&#039;black&#039; stroke=&#039;none&#039;%3E%3Cpath d=&#039;M12.7,2.3c-0.4-0.4-1.1-0.4-1.5,0l-8,9.1c-0.3,0.4-0.3,0.9,0,1.2l8,9.1c0.4,0.4,1.1,0.4,1.5,0l8-9.1c0.3-0.4,0.3-0.9,0-1.2L12.7,2.3z&#039;\/%3E%3C\/svg%3E&quot;);\">\n\t\t\t<span class=\"elementor-divider-separator\">\n\t\t\t\t\t\t<\/span>\n\t\t<\/div>\n\t\t\t\t\t\t<\/div>\n\t\t<div class=\"elementor-element elementor-element-d0cd5c6 e-grid e-con-full e-con e-child\" data-id=\"d0cd5c6\" data-element_type=\"container\" data-e-type=\"container\">\n\t\t<div class=\"elementor-element elementor-element-b7f47b0 e-con-full e-flex e-con e-child\" data-id=\"b7f47b0\" data-element_type=\"container\" data-e-type=\"container\">\n\t\t\t\t<div class=\"elementor-element elementor-element-741f913 elementor-widget elementor-widget-heading\" data-id=\"741f913\" data-element_type=\"widget\" data-e-type=\"widget\" data-widget_type=\"heading.default\">\n\t\t\t\t\t<h2 class=\"elementor-heading-title elementor-size-default\">Poesia<\/h2>\t\t\t\t<\/div>\n\t\t\t\t<\/div>\n\t\t\t\t<\/div>\n\t\t\t\t<\/div>\n\t\t<div class=\"elementor-element elementor-element-5395ec2 e-con-full e-flex e-con e-parent\" data-id=\"5395ec2\" data-element_type=\"container\" data-e-type=\"container\">\n\t\t\t\t<div class=\"elementor-element elementor-element-183f8ad elementor-widget elementor-widget-shortcode\" data-id=\"183f8ad\" data-element_type=\"widget\" data-e-type=\"widget\" data-widget_type=\"shortcode.default\">\n\t\t\t\t\t\t\t<div class=\"elementor-shortcode\"><div class=\"woocommerce columns-2 \">\r\n<ul class=\"products oceanwp-row clr grid tablet-col tablet-2-col mobile-col mobile-2-col\">\r\n<li class=\"entry has-media has-rating col span_1_of_2 owp-content-center owp-thumbs-layout-vertical owp-btn-big owp-tabs-layout-vertical circle-sale product type-product post-34376 status-publish first outofstock product_cat-abbigliamento product_cat-bloomer-short-pantaloni-nascita product_cat-bloomer-short-pantaloni-nascita-ragazza product_cat-bloomer-short-pantaloni-neonata product_cat-bloomer-short-pantaloni-neonati product_cat-ultima-occasione has-post-thumbnail taxable shipping-taxable purchasable product-type-variable has-default-attributes\">\n\t<div class=\"product-inner clr\">\n\t<div class=\"woo-entry-image-swap woo-entry-image clr\">\n\t\t<a href=\"https:\/\/voyagedelabaleine.fr\/it\/prodotto\/bloomer-bambina-a-quadretti-vichy-verde\/\" class=\"woocommerce-LoopProduct-link\"><img decoding=\"async\" width=\"600\" height=\"800\" src=\"https:\/\/voyagedelabaleine.fr\/wp-content\/uploads\/2025\/01\/bloomer-bebe-fille-carreaux-verts-600x800.jpg\" class=\"woo-entry-image-main\" alt=\"Bloomer bambina a quadretti vichy &#8211; Verde\" itemprop=\"image\" \/><img decoding=\"async\" width=\"600\" height=\"800\" src=\"https:\/\/voyagedelabaleine.fr\/wp-content\/uploads\/2025\/01\/bloomer-bebe-fille-carreaux-verts-1-600x800.jpg\" class=\"woo-entry-image-secondary\" alt=\"Bloomer bambina a quadretti vichy &#8211; Verde\" itemprop=\"image\" srcset=\"https:\/\/voyagedelabaleine.fr\/wp-content\/uploads\/2025\/01\/bloomer-bebe-fille-carreaux-verts-1-600x800.jpg 600w, https:\/\/voyagedelabaleine.fr\/wp-content\/uploads\/2025\/01\/bloomer-bebe-fille-carreaux-verts-1-225x300.jpg 225w, https:\/\/voyagedelabaleine.fr\/wp-content\/uploads\/2025\/01\/bloomer-bebe-fille-carreaux-verts-1-768x1023.jpg 768w, https:\/\/voyagedelabaleine.fr\/wp-content\/uploads\/2025\/01\/bloomer-bebe-fille-carreaux-verts-1.jpg 800w\" sizes=\"(max-width: 600px) 100vw, 600px\" \/><\/a>\t<\/div><!-- .woo-entry-image-swap -->\n\n<ul class=\"woo-entry-inner clr\"><li class=\"image-wrap\">\t\t\t\t<div class=\"outofstock-badge\">\n\t\t\t\t\tNon disponibile \u2013 molto richiesto\t\t\t\t<\/div><!-- .product-entry-out-of-stock-badge -->\n\t\t\t\t\n\t<div class=\"woo-entry-image-swap woo-entry-image clr\">\n\t\t<a href=\"https:\/\/voyagedelabaleine.fr\/it\/prodotto\/bloomer-bambina-a-quadretti-vichy-verde\/\" class=\"woocommerce-LoopProduct-link\"><img decoding=\"async\" width=\"600\" height=\"800\" src=\"https:\/\/voyagedelabaleine.fr\/wp-content\/uploads\/2025\/01\/bloomer-bebe-fille-carreaux-verts-600x800.jpg\" class=\"woo-entry-image-main\" alt=\"Bloomer bambina a quadretti vichy &#8211; Verde\" itemprop=\"image\" \/><img decoding=\"async\" width=\"600\" height=\"800\" src=\"https:\/\/voyagedelabaleine.fr\/wp-content\/uploads\/2025\/01\/bloomer-bebe-fille-carreaux-verts-1-600x800.jpg\" class=\"woo-entry-image-secondary\" alt=\"Bloomer bambina a quadretti vichy &#8211; Verde\" itemprop=\"image\" srcset=\"https:\/\/voyagedelabaleine.fr\/wp-content\/uploads\/2025\/01\/bloomer-bebe-fille-carreaux-verts-1-600x800.jpg 600w, https:\/\/voyagedelabaleine.fr\/wp-content\/uploads\/2025\/01\/bloomer-bebe-fille-carreaux-verts-1-225x300.jpg 225w, https:\/\/voyagedelabaleine.fr\/wp-content\/uploads\/2025\/01\/bloomer-bebe-fille-carreaux-verts-1-768x1023.jpg 768w, https:\/\/voyagedelabaleine.fr\/wp-content\/uploads\/2025\/01\/bloomer-bebe-fille-carreaux-verts-1.jpg 800w\" sizes=\"(max-width: 600px) 100vw, 600px\" \/><\/a>\t<\/div><!-- .woo-entry-image-swap -->\n\n<\/li><li class=\"title\"><h2><a href=\"https:\/\/voyagedelabaleine.fr\/it\/prodotto\/bloomer-bambina-a-quadretti-vichy-verde\/\">Bloomer bambina a quadretti vichy &#8211; Verde<\/a><\/h2><\/li><li class=\"price-wrap\">\n\t<span class=\"price\"><span class=\"woocommerce-Price-amount amount\"><bdi>18<span class=\"woocommerce-Price-currencySymbol\">&euro;<\/span><\/bdi><\/span><\/span>\n<\/li><\/ul><\/div><!-- .product-inner .clr --><\/li>\n<li class=\"entry has-media col span_1_of_2 owp-content-center owp-thumbs-layout-vertical owp-btn-big owp-tabs-layout-vertical circle-sale product type-product post-34307 status-publish last instock product_cat-abbigliamento product_cat-bloomer-short-pantaloni-nascita product_cat-bloomer-short-pantaloni-nascita-ragazzo product_cat-bloomer-short-pantaloni-neonati product_cat-bloomer-short-pantaloni-neonato has-post-thumbnail taxable shipping-taxable purchasable product-type-variable has-default-attributes\">\n\t<div class=\"product-inner clr\">\n\t<div class=\"woo-entry-image-swap woo-entry-image clr\">\n\t\t<a href=\"https:\/\/voyagedelabaleine.fr\/it\/prodotto\/bloomer-neonato-a-quadri-vichy-verde\/\" class=\"woocommerce-LoopProduct-link\"><img decoding=\"async\" width=\"600\" height=\"800\" src=\"https:\/\/voyagedelabaleine.fr\/wp-content\/uploads\/2025\/01\/bloomer-bebe-garcon-carreaux-verts-600x800.jpg\" class=\"woo-entry-image-main\" alt=\"Bloomer neonato a quadri vichy &#8211; Verde\" itemprop=\"image\" srcset=\"https:\/\/voyagedelabaleine.fr\/wp-content\/uploads\/2025\/01\/bloomer-bebe-garcon-carreaux-verts-600x800.jpg 600w, https:\/\/voyagedelabaleine.fr\/wp-content\/uploads\/2025\/01\/bloomer-bebe-garcon-carreaux-verts-225x300.jpg 225w, https:\/\/voyagedelabaleine.fr\/wp-content\/uploads\/2025\/01\/bloomer-bebe-garcon-carreaux-verts-768x1024.jpg 768w, https:\/\/voyagedelabaleine.fr\/wp-content\/uploads\/2025\/01\/bloomer-bebe-garcon-carreaux-verts.jpg 927w\" sizes=\"(max-width: 600px) 100vw, 600px\" \/><img decoding=\"async\" width=\"600\" height=\"800\" src=\"https:\/\/voyagedelabaleine.fr\/wp-content\/uploads\/2025\/01\/bloomer-bebe-garcon-carreaux-verts-1-600x800.jpg\" class=\"woo-entry-image-secondary\" alt=\"Bloomer neonato a quadri vichy &#8211; Verde\" itemprop=\"image\" srcset=\"https:\/\/voyagedelabaleine.fr\/wp-content\/uploads\/2025\/01\/bloomer-bebe-garcon-carreaux-verts-1-600x800.jpg 600w, https:\/\/voyagedelabaleine.fr\/wp-content\/uploads\/2025\/01\/bloomer-bebe-garcon-carreaux-verts-1-225x300.jpg 225w, https:\/\/voyagedelabaleine.fr\/wp-content\/uploads\/2025\/01\/bloomer-bebe-garcon-carreaux-verts-1-768x1024.jpg 768w, https:\/\/voyagedelabaleine.fr\/wp-content\/uploads\/2025\/01\/bloomer-bebe-garcon-carreaux-verts-1.jpg 850w\" sizes=\"(max-width: 600px) 100vw, 600px\" \/><\/a>\t<\/div><!-- .woo-entry-image-swap -->\n\n<ul class=\"woo-entry-inner clr\"><li class=\"image-wrap\">\n\t<div class=\"woo-entry-image-swap woo-entry-image clr\">\n\t\t<a href=\"https:\/\/voyagedelabaleine.fr\/it\/prodotto\/bloomer-neonato-a-quadri-vichy-verde\/\" class=\"woocommerce-LoopProduct-link\"><img decoding=\"async\" width=\"600\" height=\"800\" src=\"https:\/\/voyagedelabaleine.fr\/wp-content\/uploads\/2025\/01\/bloomer-bebe-garcon-carreaux-verts-600x800.jpg\" class=\"woo-entry-image-main\" alt=\"Bloomer neonato a quadri vichy &#8211; Verde\" itemprop=\"image\" srcset=\"https:\/\/voyagedelabaleine.fr\/wp-content\/uploads\/2025\/01\/bloomer-bebe-garcon-carreaux-verts-600x800.jpg 600w, https:\/\/voyagedelabaleine.fr\/wp-content\/uploads\/2025\/01\/bloomer-bebe-garcon-carreaux-verts-225x300.jpg 225w, https:\/\/voyagedelabaleine.fr\/wp-content\/uploads\/2025\/01\/bloomer-bebe-garcon-carreaux-verts-768x1024.jpg 768w, https:\/\/voyagedelabaleine.fr\/wp-content\/uploads\/2025\/01\/bloomer-bebe-garcon-carreaux-verts.jpg 927w\" sizes=\"(max-width: 600px) 100vw, 600px\" \/><img decoding=\"async\" width=\"600\" height=\"800\" src=\"https:\/\/voyagedelabaleine.fr\/wp-content\/uploads\/2025\/01\/bloomer-bebe-garcon-carreaux-verts-1-600x800.jpg\" class=\"woo-entry-image-secondary\" alt=\"Bloomer neonato a quadri vichy &#8211; Verde\" itemprop=\"image\" srcset=\"https:\/\/voyagedelabaleine.fr\/wp-content\/uploads\/2025\/01\/bloomer-bebe-garcon-carreaux-verts-1-600x800.jpg 600w, https:\/\/voyagedelabaleine.fr\/wp-content\/uploads\/2025\/01\/bloomer-bebe-garcon-carreaux-verts-1-225x300.jpg 225w, https:\/\/voyagedelabaleine.fr\/wp-content\/uploads\/2025\/01\/bloomer-bebe-garcon-carreaux-verts-1-768x1024.jpg 768w, https:\/\/voyagedelabaleine.fr\/wp-content\/uploads\/2025\/01\/bloomer-bebe-garcon-carreaux-verts-1.jpg 850w\" sizes=\"(max-width: 600px) 100vw, 600px\" \/><\/a>\t<\/div><!-- .woo-entry-image-swap -->\n\n<\/li><li class=\"title\"><h2><a href=\"https:\/\/voyagedelabaleine.fr\/it\/prodotto\/bloomer-neonato-a-quadri-vichy-verde\/\">Bloomer neonato a quadri vichy &#8211; Verde<\/a><\/h2><\/li><li class=\"price-wrap\">\n\t<span class=\"price\"><span class=\"woocommerce-Price-amount amount\"><bdi>18<span class=\"woocommerce-Price-currencySymbol\">&euro;<\/span><\/bdi><\/span><\/span>\n<\/li><\/ul><\/div><!-- .product-inner .clr --><\/li>\n<\/ul>\n<\/div><\/div>\n\t\t\t\t\t\t<\/div>\n\t\t\t\t<\/div>\n\t\t<div class=\"elementor-element elementor-element-42c6e57 e-con-full e-flex e-con e-parent\" data-id=\"42c6e57\" data-element_type=\"container\" data-e-type=\"container\">\n\t\t\t\t<div class=\"elementor-element elementor-element-a39ebd4 elementor-widget-divider--separator-type-pattern elementor-widget-divider--view-line elementor-widget elementor-widget-divider\" data-id=\"a39ebd4\" data-element_type=\"widget\" data-e-type=\"widget\" data-widget_type=\"divider.default\">\n\t\t\t\t\t\t\t<div class=\"elementor-divider\" style=\"--divider-pattern-url: url(&quot;data:image\/svg+xml,%3Csvg xmlns=&#039;http:\/\/www.w3.org\/2000\/svg&#039; preserveAspectRatio=&#039;none&#039; overflow=&#039;visible&#039; height=&#039;100%&#039; viewBox=&#039;0 0 24 24&#039; fill=&#039;black&#039; stroke=&#039;none&#039;%3E%3Cpath d=&#039;M12.7,2.3c-0.4-0.4-1.1-0.4-1.5,0l-8,9.1c-0.3,0.4-0.3,0.9,0,1.2l8,9.1c0.4,0.4,1.1,0.4,1.5,0l8-9.1c0.3-0.4,0.3-0.9,0-1.2L12.7,2.3z&#039;\/%3E%3C\/svg%3E&quot;);\">\n\t\t\t<span class=\"elementor-divider-separator\">\n\t\t\t\t\t\t<\/span>\n\t\t<\/div>\n\t\t\t\t\t\t<\/div>\n\t\t<div class=\"elementor-element elementor-element-b27e28a e-grid e-con-full e-con e-child\" data-id=\"b27e28a\" data-element_type=\"container\" data-e-type=\"container\">\n\t\t<div class=\"elementor-element elementor-element-af77157 e-con-full e-flex e-con e-child\" data-id=\"af77157\" data-element_type=\"container\" data-e-type=\"container\">\n\t\t\t\t<div class=\"elementor-element elementor-element-5974c48 elementor-widget elementor-widget-heading\" data-id=\"5974c48\" data-element_type=\"widget\" data-e-type=\"widget\" data-widget_type=\"heading.default\">\n\t\t\t\t\t<h2 class=\"elementor-heading-title elementor-size-default\">Grandi vacanze<\/h2>\t\t\t\t<\/div>\n\t\t\t\t<\/div>\n\t\t\t\t<\/div>\n\t\t\t\t<\/div>\n\t\t<div class=\"elementor-element elementor-element-7ab65cf e-con-full e-flex e-con e-parent\" data-id=\"7ab65cf\" data-element_type=\"container\" data-e-type=\"container\">\n\t\t\t\t<div class=\"elementor-element elementor-element-c03de7c elementor-widget elementor-widget-shortcode\" data-id=\"c03de7c\" data-element_type=\"widget\" data-e-type=\"widget\" data-widget_type=\"shortcode.default\">\n\t\t\t\t\t\t\t<div class=\"elementor-shortcode\"><div class=\"woocommerce columns-2 \">\r\n<ul class=\"products oceanwp-row clr grid tablet-col tablet-2-col mobile-col mobile-2-col\">\r\n<li class=\"entry has-media col span_1_of_2 owp-content-center owp-thumbs-layout-vertical owp-btn-big owp-tabs-layout-vertical circle-sale product type-product post-34543 status-publish first instock product_cat-abbigliamento product_cat-bloomer-short-pantaloni-neonati product_cat-bloomer-short-pantaloni-neonato product_cat-blusa-camicia-bambini product_cat-blusa-camicia-bambino product_cat-blusa-camicia-neonati product_cat-blusa-camicia-neonato product_cat-completi-neonati product_cat-completi-neonato product_cat-completo-salopette-bambini product_cat-completo-salopette-bambino product_cat-pantaloni-short-bambini product_cat-pantaloni-short-bambino has-post-thumbnail taxable shipping-taxable purchasable product-type-variable has-default-attributes\">\n\t<div class=\"product-inner clr\">\n\t<div class=\"woo-entry-image-swap woo-entry-image clr\">\n\t\t<a href=\"https:\/\/voyagedelabaleine.fr\/it\/prodotto\/completo-bambino-camicia-vichy-e-pantaloncini-verde-bianco\/\" class=\"woocommerce-LoopProduct-link\"><img decoding=\"async\" width=\"600\" height=\"800\" src=\"https:\/\/voyagedelabaleine.fr\/wp-content\/uploads\/2025\/01\/chemise-vichy-short-blanc-4-scaled-600x800.jpg\" class=\"woo-entry-image-main\" alt=\"Completo bambino camicia vichy e pantaloncini &#8211; Verde\/bianco\" itemprop=\"image\" srcset=\"https:\/\/voyagedelabaleine.fr\/wp-content\/uploads\/2025\/01\/chemise-vichy-short-blanc-4-scaled-600x800.jpg 600w, https:\/\/voyagedelabaleine.fr\/wp-content\/uploads\/2025\/01\/chemise-vichy-short-blanc-4-scaled-225x300.jpg 225w, https:\/\/voyagedelabaleine.fr\/wp-content\/uploads\/2025\/01\/chemise-vichy-short-blanc-4-scaled-768x1024.jpg 768w, https:\/\/voyagedelabaleine.fr\/wp-content\/uploads\/2025\/01\/chemise-vichy-short-blanc-4-scaled-1152x1536.jpg 1152w, https:\/\/voyagedelabaleine.fr\/wp-content\/uploads\/2025\/01\/chemise-vichy-short-blanc-4-scaled.jpg 1536w\" sizes=\"(max-width: 600px) 100vw, 600px\" \/><img decoding=\"async\" width=\"600\" height=\"800\" src=\"https:\/\/voyagedelabaleine.fr\/wp-content\/uploads\/2025\/01\/chemise-vichy-short-blanc-2-600x800.jpg\" class=\"woo-entry-image-secondary\" alt=\"Completo bambino camicia vichy e pantaloncini &#8211; Verde\/bianco\" itemprop=\"image\" srcset=\"https:\/\/voyagedelabaleine.fr\/wp-content\/uploads\/2025\/01\/chemise-vichy-short-blanc-2-600x800.jpg 600w, https:\/\/voyagedelabaleine.fr\/wp-content\/uploads\/2025\/01\/chemise-vichy-short-blanc-2-225x300.jpg 225w, https:\/\/voyagedelabaleine.fr\/wp-content\/uploads\/2025\/01\/chemise-vichy-short-blanc-2.jpg 694w\" sizes=\"(max-width: 600px) 100vw, 600px\" \/><\/a>\t<\/div><!-- .woo-entry-image-swap -->\n\n<ul class=\"woo-entry-inner clr\"><li class=\"image-wrap\">\n\t<div class=\"woo-entry-image-swap woo-entry-image clr\">\n\t\t<a href=\"https:\/\/voyagedelabaleine.fr\/it\/prodotto\/completo-bambino-camicia-vichy-e-pantaloncini-verde-bianco\/\" class=\"woocommerce-LoopProduct-link\"><img decoding=\"async\" width=\"600\" height=\"800\" src=\"https:\/\/voyagedelabaleine.fr\/wp-content\/uploads\/2025\/01\/chemise-vichy-short-blanc-4-scaled-600x800.jpg\" class=\"woo-entry-image-main\" alt=\"Completo bambino camicia vichy e pantaloncini &#8211; Verde\/bianco\" itemprop=\"image\" srcset=\"https:\/\/voyagedelabaleine.fr\/wp-content\/uploads\/2025\/01\/chemise-vichy-short-blanc-4-scaled-600x800.jpg 600w, https:\/\/voyagedelabaleine.fr\/wp-content\/uploads\/2025\/01\/chemise-vichy-short-blanc-4-scaled-225x300.jpg 225w, https:\/\/voyagedelabaleine.fr\/wp-content\/uploads\/2025\/01\/chemise-vichy-short-blanc-4-scaled-768x1024.jpg 768w, https:\/\/voyagedelabaleine.fr\/wp-content\/uploads\/2025\/01\/chemise-vichy-short-blanc-4-scaled-1152x1536.jpg 1152w, https:\/\/voyagedelabaleine.fr\/wp-content\/uploads\/2025\/01\/chemise-vichy-short-blanc-4-scaled.jpg 1536w\" sizes=\"(max-width: 600px) 100vw, 600px\" \/><img decoding=\"async\" width=\"600\" height=\"800\" src=\"https:\/\/voyagedelabaleine.fr\/wp-content\/uploads\/2025\/01\/chemise-vichy-short-blanc-2-600x800.jpg\" class=\"woo-entry-image-secondary\" alt=\"Completo bambino camicia vichy e pantaloncini &#8211; Verde\/bianco\" itemprop=\"image\" srcset=\"https:\/\/voyagedelabaleine.fr\/wp-content\/uploads\/2025\/01\/chemise-vichy-short-blanc-2-600x800.jpg 600w, https:\/\/voyagedelabaleine.fr\/wp-content\/uploads\/2025\/01\/chemise-vichy-short-blanc-2-225x300.jpg 225w, https:\/\/voyagedelabaleine.fr\/wp-content\/uploads\/2025\/01\/chemise-vichy-short-blanc-2.jpg 694w\" sizes=\"(max-width: 600px) 100vw, 600px\" \/><\/a>\t<\/div><!-- .woo-entry-image-swap -->\n\n<\/li><li class=\"title\"><h2><a href=\"https:\/\/voyagedelabaleine.fr\/it\/prodotto\/completo-bambino-camicia-vichy-e-pantaloncini-verde-bianco\/\">Completo bambino camicia vichy e pantaloncini &#8211; Verde\/bianco<\/a><\/h2><\/li><li class=\"price-wrap\">\n\t<span class=\"price\"><span class=\"woocommerce-Price-amount amount\"><bdi>58<span class=\"woocommerce-Price-currencySymbol\">&euro;<\/span><\/bdi><\/span><\/span>\n<\/li><\/ul><\/div><!-- .product-inner .clr --><\/li>\n<li class=\"entry has-media col span_1_of_2 owp-content-center owp-thumbs-layout-vertical owp-btn-big owp-tabs-layout-vertical circle-sale product type-product post-34504 status-publish last instock product_cat-abbigliamento product_cat-pagliaccetto-salopette-nascita product_cat-pagliaccetto-salopette-nascita-ragazza product_cat-pagliaccetto-salopette-nascita-ragazzo product_cat-pagliaccetto-salopette-neonata product_cat-pagliaccetto-salopette-neonati product_cat-pagliaccetto-salopette-neonato has-post-thumbnail taxable shipping-taxable purchasable product-type-variable has-default-attributes\">\n\t<div class=\"product-inner clr\">\n\t<div class=\"woo-entry-image-swap woo-entry-image clr\">\n\t\t<a href=\"https:\/\/voyagedelabaleine.fr\/it\/prodotto\/pagliaccetto-neonato-vichy-con-maniche-a-palloncino-verde\/\" class=\"woocommerce-LoopProduct-link\"><img decoding=\"async\" width=\"600\" height=\"800\" src=\"https:\/\/voyagedelabaleine.fr\/wp-content\/uploads\/2025\/01\/barboteuse-vichy-vert-jaune-600x800.jpg\" class=\"woo-entry-image-main\" alt=\"Pagliaccetto neonato vichy con maniche a palloncino &#8211; Verde\" itemprop=\"image\" srcset=\"https:\/\/voyagedelabaleine.fr\/wp-content\/uploads\/2025\/01\/barboteuse-vichy-vert-jaune-600x800.jpg 600w, https:\/\/voyagedelabaleine.fr\/wp-content\/uploads\/2025\/01\/barboteuse-vichy-vert-jaune-225x300.jpg 225w, https:\/\/voyagedelabaleine.fr\/wp-content\/uploads\/2025\/01\/barboteuse-vichy-vert-jaune-768x1024.jpg 768w, https:\/\/voyagedelabaleine.fr\/wp-content\/uploads\/2025\/01\/barboteuse-vichy-vert-jaune-1152x1536.jpg 1152w, https:\/\/voyagedelabaleine.fr\/wp-content\/uploads\/2025\/01\/barboteuse-vichy-vert-jaune.jpg 1206w\" sizes=\"(max-width: 600px) 100vw, 600px\" \/><img decoding=\"async\" width=\"600\" height=\"800\" src=\"https:\/\/voyagedelabaleine.fr\/wp-content\/uploads\/2025\/01\/barboteuse-vichy-vert-jaune-2-600x800.jpg\" class=\"woo-entry-image-secondary\" alt=\"Pagliaccetto neonato vichy con maniche a palloncino &#8211; Verde\" itemprop=\"image\" srcset=\"https:\/\/voyagedelabaleine.fr\/wp-content\/uploads\/2025\/01\/barboteuse-vichy-vert-jaune-2-600x800.jpg 600w, https:\/\/voyagedelabaleine.fr\/wp-content\/uploads\/2025\/01\/barboteuse-vichy-vert-jaune-2-225x300.jpg 225w, https:\/\/voyagedelabaleine.fr\/wp-content\/uploads\/2025\/01\/barboteuse-vichy-vert-jaune-2-768x1025.jpg 768w, https:\/\/voyagedelabaleine.fr\/wp-content\/uploads\/2025\/01\/barboteuse-vichy-vert-jaune-2.jpg 1000w\" sizes=\"(max-width: 600px) 100vw, 600px\" \/><\/a>\t<\/div><!-- .woo-entry-image-swap -->\n\n<ul class=\"woo-entry-inner clr\"><li class=\"image-wrap\">\n\t<div class=\"woo-entry-image-swap woo-entry-image clr\">\n\t\t<a href=\"https:\/\/voyagedelabaleine.fr\/it\/prodotto\/pagliaccetto-neonato-vichy-con-maniche-a-palloncino-verde\/\" class=\"woocommerce-LoopProduct-link\"><img decoding=\"async\" width=\"600\" height=\"800\" src=\"https:\/\/voyagedelabaleine.fr\/wp-content\/uploads\/2025\/01\/barboteuse-vichy-vert-jaune-600x800.jpg\" class=\"woo-entry-image-main\" alt=\"Pagliaccetto neonato vichy con maniche a palloncino &#8211; Verde\" itemprop=\"image\" srcset=\"https:\/\/voyagedelabaleine.fr\/wp-content\/uploads\/2025\/01\/barboteuse-vichy-vert-jaune-600x800.jpg 600w, https:\/\/voyagedelabaleine.fr\/wp-content\/uploads\/2025\/01\/barboteuse-vichy-vert-jaune-225x300.jpg 225w, https:\/\/voyagedelabaleine.fr\/wp-content\/uploads\/2025\/01\/barboteuse-vichy-vert-jaune-768x1024.jpg 768w, https:\/\/voyagedelabaleine.fr\/wp-content\/uploads\/2025\/01\/barboteuse-vichy-vert-jaune-1152x1536.jpg 1152w, https:\/\/voyagedelabaleine.fr\/wp-content\/uploads\/2025\/01\/barboteuse-vichy-vert-jaune.jpg 1206w\" sizes=\"(max-width: 600px) 100vw, 600px\" \/><img decoding=\"async\" width=\"600\" height=\"800\" src=\"https:\/\/voyagedelabaleine.fr\/wp-content\/uploads\/2025\/01\/barboteuse-vichy-vert-jaune-2-600x800.jpg\" class=\"woo-entry-image-secondary\" alt=\"Pagliaccetto neonato vichy con maniche a palloncino &#8211; Verde\" itemprop=\"image\" srcset=\"https:\/\/voyagedelabaleine.fr\/wp-content\/uploads\/2025\/01\/barboteuse-vichy-vert-jaune-2-600x800.jpg 600w, https:\/\/voyagedelabaleine.fr\/wp-content\/uploads\/2025\/01\/barboteuse-vichy-vert-jaune-2-225x300.jpg 225w, https:\/\/voyagedelabaleine.fr\/wp-content\/uploads\/2025\/01\/barboteuse-vichy-vert-jaune-2-768x1025.jpg 768w, https:\/\/voyagedelabaleine.fr\/wp-content\/uploads\/2025\/01\/barboteuse-vichy-vert-jaune-2.jpg 1000w\" sizes=\"(max-width: 600px) 100vw, 600px\" \/><\/a>\t<\/div><!-- .woo-entry-image-swap -->\n\n<\/li><li class=\"title\"><h2><a href=\"https:\/\/voyagedelabaleine.fr\/it\/prodotto\/pagliaccetto-neonato-vichy-con-maniche-a-palloncino-verde\/\">Pagliaccetto neonato vichy con maniche a palloncino &#8211; Verde<\/a><\/h2><\/li><li class=\"price-wrap\">\n\t<span class=\"price\"><span class=\"woocommerce-Price-amount amount\"><bdi>48<span class=\"woocommerce-Price-currencySymbol\">&euro;<\/span><\/bdi><\/span><\/span>\n<\/li><\/ul><\/div><!-- .product-inner .clr --><\/li>\n<\/ul>\n<\/div><\/div>\n\t\t\t\t\t\t<\/div>\n\t\t\t\t<\/div>\n\t\t<div class=\"elementor-element elementor-element-38dbf81 e-con-full e-flex e-con e-parent\" data-id=\"38dbf81\" data-element_type=\"container\" data-e-type=\"container\">\n\t\t\t\t<div class=\"elementor-element elementor-element-ecfd24d elementor-widget-divider--separator-type-pattern elementor-widget-divider--view-line elementor-widget elementor-widget-divider\" data-id=\"ecfd24d\" data-element_type=\"widget\" data-e-type=\"widget\" data-widget_type=\"divider.default\">\n\t\t\t\t\t\t\t<div class=\"elementor-divider\" style=\"--divider-pattern-url: url(&quot;data:image\/svg+xml,%3Csvg xmlns=&#039;http:\/\/www.w3.org\/2000\/svg&#039; preserveAspectRatio=&#039;none&#039; overflow=&#039;visible&#039; height=&#039;100%&#039; viewBox=&#039;0 0 24 24&#039; fill=&#039;black&#039; stroke=&#039;none&#039;%3E%3Cpath d=&#039;M12.7,2.3c-0.4-0.4-1.1-0.4-1.5,0l-8,9.1c-0.3,0.4-0.3,0.9,0,1.2l8,9.1c0.4,0.4,1.1,0.4,1.5,0l8-9.1c0.3-0.4,0.3-0.9,0-1.2L12.7,2.3z&#039;\/%3E%3C\/svg%3E&quot;);\">\n\t\t\t<span class=\"elementor-divider-separator\">\n\t\t\t\t\t\t<\/span>\n\t\t<\/div>\n\t\t\t\t\t\t<\/div>\n\t\t<div class=\"elementor-element elementor-element-da0dda1 e-grid e-con-full e-con e-child\" data-id=\"da0dda1\" data-element_type=\"container\" data-e-type=\"container\">\n\t\t<div class=\"elementor-element elementor-element-a323bd2 e-con-full e-flex e-con e-child\" data-id=\"a323bd2\" data-element_type=\"container\" data-e-type=\"container\">\n\t\t\t\t<div class=\"elementor-element elementor-element-475efa7 elementor-widget elementor-widget-heading\" data-id=\"475efa7\" data-element_type=\"widget\" data-e-type=\"widget\" data-widget_type=\"heading.default\">\n\t\t\t\t\t<h2 class=\"elementor-heading-title elementor-size-default\">Vacanze al mare<\/h2>\t\t\t\t<\/div>\n\t\t\t\t<\/div>\n\t\t\t\t<\/div>\n\t\t\t\t<\/div>\n\t\t<div class=\"elementor-element elementor-element-4ce8866 e-con-full e-flex e-con e-parent\" data-id=\"4ce8866\" data-element_type=\"container\" data-e-type=\"container\">\n\t\t\t\t<div class=\"elementor-element elementor-element-c1c0fcc elementor-widget elementor-widget-shortcode\" data-id=\"c1c0fcc\" data-element_type=\"widget\" data-e-type=\"widget\" data-widget_type=\"shortcode.default\">\n\t\t\t\t\t\t\t<div class=\"elementor-shortcode\"><div class=\"woocommerce columns-3 \">\r\n<ul class=\"products oceanwp-row clr grid tablet-col tablet-2-col mobile-col mobile-2-col\">\r\n<li class=\"entry has-media col span_1_of_3 owp-content-center owp-thumbs-layout-vertical owp-btn-big owp-tabs-layout-vertical circle-sale product type-product post-29949 status-publish first instock product_cat-abbigliamento product_cat-pagliaccetto-salopette-nascita product_cat-pagliaccetto-salopette-nascita-ragazzo product_cat-pagliaccetto-salopette-neonati product_cat-pagliaccetto-salopette-neonato product_cat-ultima-occasione has-post-thumbnail taxable shipping-taxable purchasable product-type-variable has-default-attributes\">\n\t<div class=\"product-inner clr\">\n\t<div class=\"woo-entry-image-swap woo-entry-image clr\">\n\t\t<a href=\"https:\/\/voyagedelabaleine.fr\/it\/prodotto\/pagliaccetto-neonato-a-righe-blu-mediterraneo-bianco\/\" class=\"woocommerce-LoopProduct-link\"><img decoding=\"async\" width=\"600\" height=\"800\" src=\"https:\/\/voyagedelabaleine.fr\/wp-content\/uploads\/2025\/01\/barboteuse-rayee-bleu-mediterrannee-600x800.jpg\" class=\"woo-entry-image-main\" alt=\"Pagliaccetto neonato a righe &#8211; Blu Mediterraneo\/bianco\" itemprop=\"image\" srcset=\"https:\/\/voyagedelabaleine.fr\/wp-content\/uploads\/2025\/01\/barboteuse-rayee-bleu-mediterrannee-600x800.jpg 600w, https:\/\/voyagedelabaleine.fr\/wp-content\/uploads\/2025\/01\/barboteuse-rayee-bleu-mediterrannee-225x300.jpg 225w, https:\/\/voyagedelabaleine.fr\/wp-content\/uploads\/2025\/01\/barboteuse-rayee-bleu-mediterrannee-768x1024.jpg 768w, https:\/\/voyagedelabaleine.fr\/wp-content\/uploads\/2025\/01\/barboteuse-rayee-bleu-mediterrannee-1152x1536.jpg 1152w, https:\/\/voyagedelabaleine.fr\/wp-content\/uploads\/2025\/01\/barboteuse-rayee-bleu-mediterrannee.jpg 1289w\" sizes=\"(max-width: 600px) 100vw, 600px\" \/><img decoding=\"async\" width=\"600\" height=\"800\" src=\"https:\/\/voyagedelabaleine.fr\/wp-content\/uploads\/2025\/01\/barboteuse-rayee-bleu-mediterrannee-2-600x800.jpg\" class=\"woo-entry-image-secondary\" alt=\"Pagliaccetto neonato a righe &#8211; Blu Mediterraneo\/bianco\" itemprop=\"image\" srcset=\"https:\/\/voyagedelabaleine.fr\/wp-content\/uploads\/2025\/01\/barboteuse-rayee-bleu-mediterrannee-2-600x800.jpg 600w, https:\/\/voyagedelabaleine.fr\/wp-content\/uploads\/2025\/01\/barboteuse-rayee-bleu-mediterrannee-2-225x300.jpg 225w, https:\/\/voyagedelabaleine.fr\/wp-content\/uploads\/2025\/01\/barboteuse-rayee-bleu-mediterrannee-2-768x1024.jpg 768w, https:\/\/voyagedelabaleine.fr\/wp-content\/uploads\/2025\/01\/barboteuse-rayee-bleu-mediterrannee-2.jpg 1000w\" sizes=\"(max-width: 600px) 100vw, 600px\" \/><\/a>\t<\/div><!-- .woo-entry-image-swap -->\n\n<ul class=\"woo-entry-inner clr\"><li class=\"image-wrap\">\n\t<div class=\"woo-entry-image-swap woo-entry-image clr\">\n\t\t<a href=\"https:\/\/voyagedelabaleine.fr\/it\/prodotto\/pagliaccetto-neonato-a-righe-blu-mediterraneo-bianco\/\" class=\"woocommerce-LoopProduct-link\"><img decoding=\"async\" width=\"600\" height=\"800\" src=\"https:\/\/voyagedelabaleine.fr\/wp-content\/uploads\/2025\/01\/barboteuse-rayee-bleu-mediterrannee-600x800.jpg\" class=\"woo-entry-image-main\" alt=\"Pagliaccetto neonato a righe &#8211; Blu Mediterraneo\/bianco\" itemprop=\"image\" srcset=\"https:\/\/voyagedelabaleine.fr\/wp-content\/uploads\/2025\/01\/barboteuse-rayee-bleu-mediterrannee-600x800.jpg 600w, https:\/\/voyagedelabaleine.fr\/wp-content\/uploads\/2025\/01\/barboteuse-rayee-bleu-mediterrannee-225x300.jpg 225w, https:\/\/voyagedelabaleine.fr\/wp-content\/uploads\/2025\/01\/barboteuse-rayee-bleu-mediterrannee-768x1024.jpg 768w, https:\/\/voyagedelabaleine.fr\/wp-content\/uploads\/2025\/01\/barboteuse-rayee-bleu-mediterrannee-1152x1536.jpg 1152w, https:\/\/voyagedelabaleine.fr\/wp-content\/uploads\/2025\/01\/barboteuse-rayee-bleu-mediterrannee.jpg 1289w\" sizes=\"(max-width: 600px) 100vw, 600px\" \/><img decoding=\"async\" width=\"600\" height=\"800\" src=\"https:\/\/voyagedelabaleine.fr\/wp-content\/uploads\/2025\/01\/barboteuse-rayee-bleu-mediterrannee-2-600x800.jpg\" class=\"woo-entry-image-secondary\" alt=\"Pagliaccetto neonato a righe &#8211; Blu Mediterraneo\/bianco\" itemprop=\"image\" srcset=\"https:\/\/voyagedelabaleine.fr\/wp-content\/uploads\/2025\/01\/barboteuse-rayee-bleu-mediterrannee-2-600x800.jpg 600w, https:\/\/voyagedelabaleine.fr\/wp-content\/uploads\/2025\/01\/barboteuse-rayee-bleu-mediterrannee-2-225x300.jpg 225w, https:\/\/voyagedelabaleine.fr\/wp-content\/uploads\/2025\/01\/barboteuse-rayee-bleu-mediterrannee-2-768x1024.jpg 768w, https:\/\/voyagedelabaleine.fr\/wp-content\/uploads\/2025\/01\/barboteuse-rayee-bleu-mediterrannee-2.jpg 1000w\" sizes=\"(max-width: 600px) 100vw, 600px\" \/><\/a>\t<\/div><!-- .woo-entry-image-swap -->\n\n<\/li><li class=\"title\"><h2><a href=\"https:\/\/voyagedelabaleine.fr\/it\/prodotto\/pagliaccetto-neonato-a-righe-blu-mediterraneo-bianco\/\">Pagliaccetto neonato a righe &#8211; Blu Mediterraneo\/bianco<\/a><\/h2><\/li><li class=\"price-wrap\">\n\t<span class=\"price\"><span class=\"woocommerce-Price-amount amount\"><bdi>48<span class=\"woocommerce-Price-currencySymbol\">&euro;<\/span><\/bdi><\/span><\/span>\n<\/li><\/ul><\/div><!-- .product-inner .clr --><\/li>\n<li class=\"entry has-media col span_1_of_3 owp-content-center owp-thumbs-layout-vertical owp-btn-big owp-tabs-layout-vertical circle-sale product type-product post-34605 status-publish instock product_cat-abbigliamento product_cat-bambina product_cat-neonata product_cat-vestito-bambina product_cat-vestito-neonata has-post-thumbnail taxable shipping-taxable purchasable product-type-variable has-default-attributes\">\n\t<div class=\"product-inner clr\">\n\t<div class=\"woo-entry-image-swap woo-entry-image clr\">\n\t\t<a href=\"https:\/\/voyagedelabaleine.fr\/it\/prodotto\/vestito-leggero-a-righe-blu-mediterraneo-bianco\/\" class=\"woocommerce-LoopProduct-link\"><img decoding=\"async\" width=\"600\" height=\"800\" src=\"https:\/\/voyagedelabaleine.fr\/wp-content\/uploads\/2025\/03\/robe-raye-bleue-3-600x800.jpg\" class=\"woo-entry-image-main\" alt=\"Vestito leggero a righe &#8211; Blu Mediterraneo\/bianco\" itemprop=\"image\" srcset=\"https:\/\/voyagedelabaleine.fr\/wp-content\/uploads\/2025\/03\/robe-raye-bleue-3-600x800.jpg 600w, https:\/\/voyagedelabaleine.fr\/wp-content\/uploads\/2025\/03\/robe-raye-bleue-3-225x300.jpg 225w, https:\/\/voyagedelabaleine.fr\/wp-content\/uploads\/2025\/03\/robe-raye-bleue-3-768x1023.jpg 768w, https:\/\/voyagedelabaleine.fr\/wp-content\/uploads\/2025\/03\/robe-raye-bleue-3-1153x1536.jpg 1153w, https:\/\/voyagedelabaleine.fr\/wp-content\/uploads\/2025\/03\/robe-raye-bleue-3.jpg 1500w\" sizes=\"(max-width: 600px) 100vw, 600px\" \/><img decoding=\"async\" width=\"600\" height=\"800\" src=\"https:\/\/voyagedelabaleine.fr\/wp-content\/uploads\/2025\/03\/robe-raye-bleue-600x800.jpg\" class=\"woo-entry-image-secondary\" alt=\"Vestito leggero a righe &#8211; Blu Mediterraneo\/bianco\" itemprop=\"image\" srcset=\"https:\/\/voyagedelabaleine.fr\/wp-content\/uploads\/2025\/03\/robe-raye-bleue-600x800.jpg 600w, https:\/\/voyagedelabaleine.fr\/wp-content\/uploads\/2025\/03\/robe-raye-bleue-225x300.jpg 225w, https:\/\/voyagedelabaleine.fr\/wp-content\/uploads\/2025\/03\/robe-raye-bleue-768x1025.jpg 768w, https:\/\/voyagedelabaleine.fr\/wp-content\/uploads\/2025\/03\/robe-raye-bleue-1151x1536.jpg 1151w, https:\/\/voyagedelabaleine.fr\/wp-content\/uploads\/2025\/03\/robe-raye-bleue.jpg 1500w\" sizes=\"(max-width: 600px) 100vw, 600px\" \/><\/a>\t<\/div><!-- .woo-entry-image-swap -->\n\n<ul class=\"woo-entry-inner clr\"><li class=\"image-wrap\">\n\t<div class=\"woo-entry-image-swap woo-entry-image clr\">\n\t\t<a href=\"https:\/\/voyagedelabaleine.fr\/it\/prodotto\/vestito-leggero-a-righe-blu-mediterraneo-bianco\/\" class=\"woocommerce-LoopProduct-link\"><img decoding=\"async\" width=\"600\" height=\"800\" src=\"https:\/\/voyagedelabaleine.fr\/wp-content\/uploads\/2025\/03\/robe-raye-bleue-3-600x800.jpg\" class=\"woo-entry-image-main\" alt=\"Vestito leggero a righe &#8211; Blu Mediterraneo\/bianco\" itemprop=\"image\" srcset=\"https:\/\/voyagedelabaleine.fr\/wp-content\/uploads\/2025\/03\/robe-raye-bleue-3-600x800.jpg 600w, https:\/\/voyagedelabaleine.fr\/wp-content\/uploads\/2025\/03\/robe-raye-bleue-3-225x300.jpg 225w, https:\/\/voyagedelabaleine.fr\/wp-content\/uploads\/2025\/03\/robe-raye-bleue-3-768x1023.jpg 768w, https:\/\/voyagedelabaleine.fr\/wp-content\/uploads\/2025\/03\/robe-raye-bleue-3-1153x1536.jpg 1153w, https:\/\/voyagedelabaleine.fr\/wp-content\/uploads\/2025\/03\/robe-raye-bleue-3.jpg 1500w\" sizes=\"(max-width: 600px) 100vw, 600px\" \/><img decoding=\"async\" width=\"600\" height=\"800\" src=\"https:\/\/voyagedelabaleine.fr\/wp-content\/uploads\/2025\/03\/robe-raye-bleue-600x800.jpg\" class=\"woo-entry-image-secondary\" alt=\"Vestito leggero a righe &#8211; Blu Mediterraneo\/bianco\" itemprop=\"image\" srcset=\"https:\/\/voyagedelabaleine.fr\/wp-content\/uploads\/2025\/03\/robe-raye-bleue-600x800.jpg 600w, https:\/\/voyagedelabaleine.fr\/wp-content\/uploads\/2025\/03\/robe-raye-bleue-225x300.jpg 225w, https:\/\/voyagedelabaleine.fr\/wp-content\/uploads\/2025\/03\/robe-raye-bleue-768x1025.jpg 768w, https:\/\/voyagedelabaleine.fr\/wp-content\/uploads\/2025\/03\/robe-raye-bleue-1151x1536.jpg 1151w, https:\/\/voyagedelabaleine.fr\/wp-content\/uploads\/2025\/03\/robe-raye-bleue.jpg 1500w\" sizes=\"(max-width: 600px) 100vw, 600px\" \/><\/a>\t<\/div><!-- .woo-entry-image-swap -->\n\n<\/li><li class=\"title\"><h2><a href=\"https:\/\/voyagedelabaleine.fr\/it\/prodotto\/vestito-leggero-a-righe-blu-mediterraneo-bianco\/\">Vestito leggero a righe &#8211; Blu Mediterraneo\/bianco<\/a><\/h2><\/li><li class=\"price-wrap\">\n\t<span class=\"price\"><span class=\"woocommerce-Price-amount amount\"><bdi>62<span class=\"woocommerce-Price-currencySymbol\">&euro;<\/span><\/bdi><\/span><\/span>\n<\/li><\/ul><\/div><!-- .product-inner .clr --><\/li>\n<li class=\"entry has-media col span_1_of_3 owp-content-center owp-thumbs-layout-vertical owp-btn-big owp-tabs-layout-vertical circle-sale product type-product post-29941 status-publish last instock product_cat-abbigliamento product_cat-bloomer-short-pantaloni-neonati product_cat-bloomer-short-pantaloni-neonato product_cat-blusa-camicia-bambini product_cat-blusa-camicia-bambino product_cat-blusa-camicia-neonati product_cat-blusa-camicia-neonato product_cat-completi-neonati product_cat-completi-neonato product_cat-completo-salopette-bambini product_cat-completo-salopette-bambino product_cat-pantaloni-short-bambini product_cat-pantaloni-short-bambino has-post-thumbnail taxable shipping-taxable purchasable product-type-variable has-default-attributes\">\n\t<div class=\"product-inner clr\">\n\t<div class=\"woo-entry-image-swap woo-entry-image clr\">\n\t\t<a href=\"https:\/\/voyagedelabaleine.fr\/it\/prodotto\/set-polo-e-shorts-a-righe-blu-mediterraneo-bianco\/\" class=\"woocommerce-LoopProduct-link\"><img decoding=\"async\" width=\"600\" height=\"800\" src=\"https:\/\/voyagedelabaleine.fr\/wp-content\/uploads\/2025\/01\/ensemble-polo-short-raye-bleu-scaled-600x800.jpg\" class=\"woo-entry-image-main\" alt=\"Set polo e shorts a righe &#8211; Blu Mediterraneo\/bianco\" itemprop=\"image\" srcset=\"https:\/\/voyagedelabaleine.fr\/wp-content\/uploads\/2025\/01\/ensemble-polo-short-raye-bleu-scaled-600x799.jpg 600w, https:\/\/voyagedelabaleine.fr\/wp-content\/uploads\/2025\/01\/ensemble-polo-short-raye-bleu-scaled-225x300.jpg 225w, https:\/\/voyagedelabaleine.fr\/wp-content\/uploads\/2025\/01\/ensemble-polo-short-raye-bleu-scaled-769x1024.jpg 769w, https:\/\/voyagedelabaleine.fr\/wp-content\/uploads\/2025\/01\/ensemble-polo-short-raye-bleu-scaled-768x1023.jpg 768w, https:\/\/voyagedelabaleine.fr\/wp-content\/uploads\/2025\/01\/ensemble-polo-short-raye-bleu-scaled-1153x1536.jpg 1153w, https:\/\/voyagedelabaleine.fr\/wp-content\/uploads\/2025\/01\/ensemble-polo-short-raye-bleu-scaled.jpg 1537w\" sizes=\"(max-width: 600px) 100vw, 600px\" \/><img decoding=\"async\" width=\"600\" height=\"800\" src=\"https:\/\/voyagedelabaleine.fr\/wp-content\/uploads\/2025\/01\/ensemble-polo-short-raye-1-600x800.jpg\" class=\"woo-entry-image-secondary\" alt=\"Set polo e shorts a righe &#8211; Blu Mediterraneo\/bianco\" itemprop=\"image\" srcset=\"https:\/\/voyagedelabaleine.fr\/wp-content\/uploads\/2025\/01\/ensemble-polo-short-raye-1-600x800.jpg 600w, https:\/\/voyagedelabaleine.fr\/wp-content\/uploads\/2025\/01\/ensemble-polo-short-raye-1-225x300.jpg 225w, https:\/\/voyagedelabaleine.fr\/wp-content\/uploads\/2025\/01\/ensemble-polo-short-raye-1-768x1024.jpg 768w, https:\/\/voyagedelabaleine.fr\/wp-content\/uploads\/2025\/01\/ensemble-polo-short-raye-1.jpg 1094w\" sizes=\"(max-width: 600px) 100vw, 600px\" \/><\/a>\t<\/div><!-- .woo-entry-image-swap -->\n\n<ul class=\"woo-entry-inner clr\"><li class=\"image-wrap\">\n\t<div class=\"woo-entry-image-swap woo-entry-image clr\">\n\t\t<a href=\"https:\/\/voyagedelabaleine.fr\/it\/prodotto\/set-polo-e-shorts-a-righe-blu-mediterraneo-bianco\/\" class=\"woocommerce-LoopProduct-link\"><img decoding=\"async\" width=\"600\" height=\"800\" src=\"https:\/\/voyagedelabaleine.fr\/wp-content\/uploads\/2025\/01\/ensemble-polo-short-raye-bleu-scaled-600x800.jpg\" class=\"woo-entry-image-main\" alt=\"Set polo e shorts a righe &#8211; Blu Mediterraneo\/bianco\" itemprop=\"image\" srcset=\"https:\/\/voyagedelabaleine.fr\/wp-content\/uploads\/2025\/01\/ensemble-polo-short-raye-bleu-scaled-600x799.jpg 600w, https:\/\/voyagedelabaleine.fr\/wp-content\/uploads\/2025\/01\/ensemble-polo-short-raye-bleu-scaled-225x300.jpg 225w, https:\/\/voyagedelabaleine.fr\/wp-content\/uploads\/2025\/01\/ensemble-polo-short-raye-bleu-scaled-769x1024.jpg 769w, https:\/\/voyagedelabaleine.fr\/wp-content\/uploads\/2025\/01\/ensemble-polo-short-raye-bleu-scaled-768x1023.jpg 768w, https:\/\/voyagedelabaleine.fr\/wp-content\/uploads\/2025\/01\/ensemble-polo-short-raye-bleu-scaled-1153x1536.jpg 1153w, https:\/\/voyagedelabaleine.fr\/wp-content\/uploads\/2025\/01\/ensemble-polo-short-raye-bleu-scaled.jpg 1537w\" sizes=\"(max-width: 600px) 100vw, 600px\" \/><img decoding=\"async\" width=\"600\" height=\"800\" src=\"https:\/\/voyagedelabaleine.fr\/wp-content\/uploads\/2025\/01\/ensemble-polo-short-raye-1-600x800.jpg\" class=\"woo-entry-image-secondary\" alt=\"Set polo e shorts a righe &#8211; Blu Mediterraneo\/bianco\" itemprop=\"image\" srcset=\"https:\/\/voyagedelabaleine.fr\/wp-content\/uploads\/2025\/01\/ensemble-polo-short-raye-1-600x800.jpg 600w, https:\/\/voyagedelabaleine.fr\/wp-content\/uploads\/2025\/01\/ensemble-polo-short-raye-1-225x300.jpg 225w, https:\/\/voyagedelabaleine.fr\/wp-content\/uploads\/2025\/01\/ensemble-polo-short-raye-1-768x1024.jpg 768w, https:\/\/voyagedelabaleine.fr\/wp-content\/uploads\/2025\/01\/ensemble-polo-short-raye-1.jpg 1094w\" sizes=\"(max-width: 600px) 100vw, 600px\" \/><\/a>\t<\/div><!-- .woo-entry-image-swap -->\n\n<\/li><li class=\"title\"><h2><a href=\"https:\/\/voyagedelabaleine.fr\/it\/prodotto\/set-polo-e-shorts-a-righe-blu-mediterraneo-bianco\/\">Set polo e shorts a righe &#8211; Blu Mediterraneo\/bianco<\/a><\/h2><\/li><li class=\"price-wrap\">\n\t<span class=\"price\"><span class=\"woocommerce-Price-amount amount\"><bdi>60<span class=\"woocommerce-Price-currencySymbol\">&euro;<\/span><\/bdi><\/span><\/span>\n<\/li><\/ul><\/div><!-- .product-inner .clr --><\/li>\n<\/ul>\n<\/div><\/div>\n\t\t\t\t\t\t<\/div>\n\t\t\t\t<\/div>\n\t\t<div class=\"elementor-element elementor-element-57c91a3 e-con-full e-flex e-con e-parent\" data-id=\"57c91a3\" data-element_type=\"container\" data-e-type=\"container\">\n\t\t\t\t<div class=\"elementor-element elementor-element-4793098 elementor-widget-divider--separator-type-pattern elementor-widget-divider--view-line elementor-widget elementor-widget-divider\" data-id=\"4793098\" data-element_type=\"widget\" data-e-type=\"widget\" data-widget_type=\"divider.default\">\n\t\t\t\t\t\t\t<div class=\"elementor-divider\" style=\"--divider-pattern-url: url(&quot;data:image\/svg+xml,%3Csvg xmlns=&#039;http:\/\/www.w3.org\/2000\/svg&#039; preserveAspectRatio=&#039;none&#039; overflow=&#039;visible&#039; height=&#039;100%&#039; viewBox=&#039;0 0 24 24&#039; fill=&#039;black&#039; stroke=&#039;none&#039;%3E%3Cpath d=&#039;M12.7,2.3c-0.4-0.4-1.1-0.4-1.5,0l-8,9.1c-0.3,0.4-0.3,0.9,0,1.2l8,9.1c0.4,0.4,1.1,0.4,1.5,0l8-9.1c0.3-0.4,0.3-0.9,0-1.2L12.7,2.3z&#039;\/%3E%3C\/svg%3E&quot;);\">\n\t\t\t<span class=\"elementor-divider-separator\">\n\t\t\t\t\t\t<\/span>\n\t\t<\/div>\n\t\t\t\t\t\t<\/div>\n\t\t<div class=\"elementor-element elementor-element-6eb8c2f e-grid e-con-full e-con e-child\" data-id=\"6eb8c2f\" data-element_type=\"container\" data-e-type=\"container\">\n\t\t<div class=\"elementor-element elementor-element-98d7af6 e-con-full e-flex e-con e-child\" data-id=\"98d7af6\" data-element_type=\"container\" data-e-type=\"container\">\n\t\t\t\t<div class=\"elementor-element elementor-element-4102a96 elementor-widget elementor-widget-heading\" data-id=\"4102a96\" data-element_type=\"widget\" data-e-type=\"widget\" data-widget_type=\"heading.default\">\n\t\t\t\t\t<h2 class=\"elementor-heading-title elementor-size-default\">Avventure acquatiche<\/h2>\t\t\t\t<\/div>\n\t\t\t\t<\/div>\n\t\t\t\t<\/div>\n\t\t\t\t<\/div>\n\t\t<div class=\"elementor-element elementor-element-bed4d01 e-con-full e-flex e-con e-parent\" data-id=\"bed4d01\" data-element_type=\"container\" data-e-type=\"container\">\n\t\t\t\t<div class=\"elementor-element elementor-element-251ea82 elementor-widget elementor-widget-shortcode\" data-id=\"251ea82\" data-element_type=\"widget\" data-e-type=\"widget\" data-widget_type=\"shortcode.default\">\n\t\t\t\t\t\t\t<div class=\"elementor-shortcode\"><div class=\"woocommerce columns-2 \">\r\n<ul class=\"products oceanwp-row clr grid tablet-col tablet-2-col mobile-col mobile-2-col\">\r\n<li class=\"entry has-media has-rating col span_1_of_2 owp-content-center owp-thumbs-layout-vertical owp-btn-big owp-tabs-layout-vertical circle-sale product type-product post-33596 status-publish first instock product_cat-abbigliamento product_cat-costume-da-bagno-neonata product_cat-costume-da-bagno-neonati product_cat-costume-da-bagno-neonato product_cat-ultima-occasione has-post-thumbnail taxable shipping-taxable purchasable product-type-variable has-default-attributes\">\n\t<div class=\"product-inner clr\">\n\t<div class=\"woo-entry-image-swap woo-entry-image clr\">\n\t\t<a href=\"https:\/\/voyagedelabaleine.fr\/it\/prodotto\/costume-da-bagno-bloomer-a-righe-blu-bianco\/\" class=\"woocommerce-LoopProduct-link\"><img decoding=\"async\" width=\"600\" height=\"800\" src=\"https:\/\/voyagedelabaleine.fr\/wp-content\/uploads\/2024\/02\/maillot-bain-raye-bebe-fille-1-600x800.jpg\" class=\"woo-entry-image-main\" alt=\"Costume da bagno bloomer a righe &#8211; Blu\/bianco\" itemprop=\"image\" srcset=\"https:\/\/voyagedelabaleine.fr\/wp-content\/uploads\/2024\/02\/maillot-bain-raye-bebe-fille-1-600x800.jpg 600w, https:\/\/voyagedelabaleine.fr\/wp-content\/uploads\/2024\/02\/maillot-bain-raye-bebe-fille-1-225x300.jpg 225w, https:\/\/voyagedelabaleine.fr\/wp-content\/uploads\/2024\/02\/maillot-bain-raye-bebe-fille-1-768x1024.jpg 768w, https:\/\/voyagedelabaleine.fr\/wp-content\/uploads\/2024\/02\/maillot-bain-raye-bebe-fille-1.jpg 855w\" sizes=\"(max-width: 600px) 100vw, 600px\" \/><img decoding=\"async\" width=\"600\" height=\"800\" src=\"https:\/\/voyagedelabaleine.fr\/wp-content\/uploads\/2024\/02\/maillot-bain-raye-bebe-fille-2-600x800.jpg\" class=\"woo-entry-image-secondary\" alt=\"Costume da bagno bloomer a righe &#8211; Blu\/bianco\" itemprop=\"image\" srcset=\"https:\/\/voyagedelabaleine.fr\/wp-content\/uploads\/2024\/02\/maillot-bain-raye-bebe-fille-2-600x800.jpg 600w, https:\/\/voyagedelabaleine.fr\/wp-content\/uploads\/2024\/02\/maillot-bain-raye-bebe-fille-2-225x300.jpg 225w, https:\/\/voyagedelabaleine.fr\/wp-content\/uploads\/2024\/02\/maillot-bain-raye-bebe-fille-2-768x1024.jpg 768w, https:\/\/voyagedelabaleine.fr\/wp-content\/uploads\/2024\/02\/maillot-bain-raye-bebe-fille-2.jpg 855w\" sizes=\"(max-width: 600px) 100vw, 600px\" \/><\/a>\t<\/div><!-- .woo-entry-image-swap -->\n\n<ul class=\"woo-entry-inner clr\"><li class=\"image-wrap\">\n\t<div class=\"woo-entry-image-swap woo-entry-image clr\">\n\t\t<a href=\"https:\/\/voyagedelabaleine.fr\/it\/prodotto\/costume-da-bagno-bloomer-a-righe-blu-bianco\/\" class=\"woocommerce-LoopProduct-link\"><img decoding=\"async\" width=\"600\" height=\"800\" src=\"https:\/\/voyagedelabaleine.fr\/wp-content\/uploads\/2024\/02\/maillot-bain-raye-bebe-fille-1-600x800.jpg\" class=\"woo-entry-image-main\" alt=\"Costume da bagno bloomer a righe &#8211; Blu\/bianco\" itemprop=\"image\" srcset=\"https:\/\/voyagedelabaleine.fr\/wp-content\/uploads\/2024\/02\/maillot-bain-raye-bebe-fille-1-600x800.jpg 600w, https:\/\/voyagedelabaleine.fr\/wp-content\/uploads\/2024\/02\/maillot-bain-raye-bebe-fille-1-225x300.jpg 225w, https:\/\/voyagedelabaleine.fr\/wp-content\/uploads\/2024\/02\/maillot-bain-raye-bebe-fille-1-768x1024.jpg 768w, https:\/\/voyagedelabaleine.fr\/wp-content\/uploads\/2024\/02\/maillot-bain-raye-bebe-fille-1.jpg 855w\" sizes=\"(max-width: 600px) 100vw, 600px\" \/><img decoding=\"async\" width=\"600\" height=\"800\" src=\"https:\/\/voyagedelabaleine.fr\/wp-content\/uploads\/2024\/02\/maillot-bain-raye-bebe-fille-2-600x800.jpg\" class=\"woo-entry-image-secondary\" alt=\"Costume da bagno bloomer a righe &#8211; Blu\/bianco\" itemprop=\"image\" srcset=\"https:\/\/voyagedelabaleine.fr\/wp-content\/uploads\/2024\/02\/maillot-bain-raye-bebe-fille-2-600x800.jpg 600w, https:\/\/voyagedelabaleine.fr\/wp-content\/uploads\/2024\/02\/maillot-bain-raye-bebe-fille-2-225x300.jpg 225w, https:\/\/voyagedelabaleine.fr\/wp-content\/uploads\/2024\/02\/maillot-bain-raye-bebe-fille-2-768x1024.jpg 768w, https:\/\/voyagedelabaleine.fr\/wp-content\/uploads\/2024\/02\/maillot-bain-raye-bebe-fille-2.jpg 855w\" sizes=\"(max-width: 600px) 100vw, 600px\" \/><\/a>\t<\/div><!-- .woo-entry-image-swap -->\n\n<\/li><li class=\"title\"><h2><a href=\"https:\/\/voyagedelabaleine.fr\/it\/prodotto\/costume-da-bagno-bloomer-a-righe-blu-bianco\/\">Costume da bagno bloomer a righe &#8211; Blu\/bianco<\/a><\/h2><\/li><li class=\"price-wrap\">\n\t<span class=\"price\"><span class=\"woocommerce-Price-amount amount\"><bdi>34<span class=\"woocommerce-Price-currencySymbol\">&euro;<\/span><\/bdi><\/span><\/span>\n<\/li><\/ul><\/div><!-- .product-inner .clr --><\/li>\n<li class=\"entry has-media has-rating col span_1_of_2 owp-content-center owp-thumbs-layout-vertical owp-btn-big owp-tabs-layout-vertical circle-sale product type-product post-29462 status-publish last instock product_cat-abbigliamento product_cat-costume-da-bagno-bambini product_cat-costume-da-bagno-bambino product_cat-costume-da-bagno-neonati product_cat-costume-da-bagno-neonato product_cat-ultima-occasione has-post-thumbnail taxable shipping-taxable purchasable product-type-variable has-default-attributes\">\n\t<div class=\"product-inner clr\">\n\t<div class=\"woo-entry-image-swap woo-entry-image clr\">\n\t\t<a href=\"https:\/\/voyagedelabaleine.fr\/it\/prodotto\/costume-da-bagno-a-righe-per-bambino-blu-bianco\/\" class=\"woocommerce-LoopProduct-link\"><img decoding=\"async\" width=\"570\" height=\"760\" src=\"https:\/\/voyagedelabaleine.fr\/wp-content\/uploads\/2024\/02\/maillot-bain-raye-bebe-garcon-1-fotor-2025061920058.jpg\" class=\"woo-entry-image-main\" alt=\"Costume da bagno a righe per bambino &#8211; Blu\/bianco\" itemprop=\"image\" srcset=\"https:\/\/voyagedelabaleine.fr\/wp-content\/uploads\/2024\/02\/maillot-bain-raye-bebe-garcon-1-fotor-2025061920058.jpg 570w, https:\/\/voyagedelabaleine.fr\/wp-content\/uploads\/2024\/02\/maillot-bain-raye-bebe-garcon-1-fotor-2025061920058-225x300.jpg 225w\" sizes=\"(max-width: 570px) 100vw, 570px\" \/><img decoding=\"async\" width=\"600\" height=\"800\" src=\"https:\/\/voyagedelabaleine.fr\/wp-content\/uploads\/2024\/02\/maillot-bain-raye-bebe-garcon-2.jpg\" class=\"woo-entry-image-secondary\" alt=\"Costume da bagno a righe per bambino &#8211; Blu\/bianco\" itemprop=\"image\" srcset=\"https:\/\/voyagedelabaleine.fr\/wp-content\/uploads\/2024\/02\/maillot-bain-raye-bebe-garcon-2.jpg 600w, https:\/\/voyagedelabaleine.fr\/wp-content\/uploads\/2024\/02\/maillot-bain-raye-bebe-garcon-2-225x300.jpg 225w\" sizes=\"(max-width: 600px) 100vw, 600px\" \/><\/a>\t<\/div><!-- .woo-entry-image-swap -->\n\n<ul class=\"woo-entry-inner clr\"><li class=\"image-wrap\">\n\t<div class=\"woo-entry-image-swap woo-entry-image clr\">\n\t\t<a href=\"https:\/\/voyagedelabaleine.fr\/it\/prodotto\/costume-da-bagno-a-righe-per-bambino-blu-bianco\/\" class=\"woocommerce-LoopProduct-link\"><img decoding=\"async\" width=\"570\" height=\"760\" src=\"https:\/\/voyagedelabaleine.fr\/wp-content\/uploads\/2024\/02\/maillot-bain-raye-bebe-garcon-1-fotor-2025061920058.jpg\" class=\"woo-entry-image-main\" alt=\"Costume da bagno a righe per bambino &#8211; Blu\/bianco\" itemprop=\"image\" srcset=\"https:\/\/voyagedelabaleine.fr\/wp-content\/uploads\/2024\/02\/maillot-bain-raye-bebe-garcon-1-fotor-2025061920058.jpg 570w, https:\/\/voyagedelabaleine.fr\/wp-content\/uploads\/2024\/02\/maillot-bain-raye-bebe-garcon-1-fotor-2025061920058-225x300.jpg 225w\" sizes=\"(max-width: 570px) 100vw, 570px\" \/><img decoding=\"async\" width=\"600\" height=\"800\" src=\"https:\/\/voyagedelabaleine.fr\/wp-content\/uploads\/2024\/02\/maillot-bain-raye-bebe-garcon-2.jpg\" class=\"woo-entry-image-secondary\" alt=\"Costume da bagno a righe per bambino &#8211; Blu\/bianco\" itemprop=\"image\" srcset=\"https:\/\/voyagedelabaleine.fr\/wp-content\/uploads\/2024\/02\/maillot-bain-raye-bebe-garcon-2.jpg 600w, https:\/\/voyagedelabaleine.fr\/wp-content\/uploads\/2024\/02\/maillot-bain-raye-bebe-garcon-2-225x300.jpg 225w\" sizes=\"(max-width: 600px) 100vw, 600px\" \/><\/a>\t<\/div><!-- .woo-entry-image-swap -->\n\n<\/li><li class=\"title\"><h2><a href=\"https:\/\/voyagedelabaleine.fr\/it\/prodotto\/costume-da-bagno-a-righe-per-bambino-blu-bianco\/\">Costume da bagno a righe per bambino &#8211; Blu\/bianco<\/a><\/h2><\/li><li class=\"price-wrap\">\n\t<span class=\"price\"><span class=\"woocommerce-Price-amount amount\"><bdi>38<span class=\"woocommerce-Price-currencySymbol\">&euro;<\/span><\/bdi><\/span><\/span>\n<\/li><\/ul><\/div><!-- .product-inner .clr --><\/li>\n<\/ul>\n<\/div><\/div>\n\t\t\t\t\t\t<\/div>\n\t\t\t\t<\/div>\n\t\t<div class=\"elementor-element elementor-element-5b12476 e-con-full e-flex e-con e-parent\" data-id=\"5b12476\" data-element_type=\"container\" data-e-type=\"container\">\n\t\t\t\t<div class=\"elementor-element elementor-element-5eb06ac elementor-widget-divider--separator-type-pattern elementor-widget-divider--view-line elementor-widget elementor-widget-divider\" data-id=\"5eb06ac\" data-element_type=\"widget\" data-e-type=\"widget\" data-widget_type=\"divider.default\">\n\t\t\t\t\t\t\t<div class=\"elementor-divider\" style=\"--divider-pattern-url: url(&quot;data:image\/svg+xml,%3Csvg xmlns=&#039;http:\/\/www.w3.org\/2000\/svg&#039; preserveAspectRatio=&#039;none&#039; overflow=&#039;visible&#039; height=&#039;100%&#039; viewBox=&#039;0 0 24 24&#039; fill=&#039;black&#039; stroke=&#039;none&#039;%3E%3Cpath d=&#039;M12.7,2.3c-0.4-0.4-1.1-0.4-1.5,0l-8,9.1c-0.3,0.4-0.3,0.9,0,1.2l8,9.1c0.4,0.4,1.1,0.4,1.5,0l8-9.1c0.3-0.4,0.3-0.9,0-1.2L12.7,2.3z&#039;\/%3E%3C\/svg%3E&quot;);\">\n\t\t\t<span class=\"elementor-divider-separator\">\n\t\t\t\t\t\t<\/span>\n\t\t<\/div>\n\t\t\t\t\t\t<\/div>\n\t\t<div class=\"elementor-element elementor-element-ebd515d e-grid e-con-full e-con e-child\" data-id=\"ebd515d\" data-element_type=\"container\" data-e-type=\"container\">\n\t\t<div class=\"elementor-element elementor-element-37d89b0 e-con-full e-flex e-con e-child\" data-id=\"37d89b0\" data-element_type=\"container\" data-e-type=\"container\">\n\t\t\t\t<div class=\"elementor-element elementor-element-442d033 elementor-widget elementor-widget-heading\" data-id=\"442d033\" data-element_type=\"widget\" data-e-type=\"widget\" data-widget_type=\"heading.default\">\n\t\t\t\t\t<h2 class=\"elementor-heading-title elementor-size-default\">I nostri piccoli marinai<\/h2>\t\t\t\t<\/div>\n\t\t\t\t<\/div>\n\t\t\t\t<\/div>\n\t\t\t\t<\/div>\n\t\t<div class=\"elementor-element elementor-element-4b3d36a e-con-full e-flex e-con e-parent\" data-id=\"4b3d36a\" data-element_type=\"container\" data-e-type=\"container\">\n\t\t\t\t<div class=\"elementor-element elementor-element-cfce2d1 elementor-widget elementor-widget-shortcode\" data-id=\"cfce2d1\" data-element_type=\"widget\" data-e-type=\"widget\" data-widget_type=\"shortcode.default\">\n\t\t\t\t\t\t\t<div class=\"elementor-shortcode\"><div class=\"woocommerce columns-2 \">\r\n<ul class=\"products oceanwp-row clr grid tablet-col tablet-2-col mobile-col mobile-2-col\">\r\n<li class=\"entry has-media col span_1_of_2 owp-content-center owp-thumbs-layout-vertical owp-btn-big owp-tabs-layout-vertical circle-sale product type-product post-33660 status-publish first instock product_cat-abbigliamento product_cat-nascita-ragazza product_cat-neonata product_cat-ultima-occasione product_cat-vestito-nascita product_cat-vestito-neonata has-post-thumbnail taxable shipping-taxable purchasable product-type-variable has-default-attributes\">\n\t<div class=\"product-inner clr\">\n\t<div class=\"woo-entry-image-swap woo-entry-image clr\">\n\t\t<a href=\"https:\/\/voyagedelabaleine.fr\/it\/prodotto\/vestito-bambina-a-righe-con-ampio-colletto-stile-marinaro\/\" class=\"woocommerce-LoopProduct-link\"><img decoding=\"async\" width=\"600\" height=\"800\" src=\"https:\/\/voyagedelabaleine.fr\/wp-content\/uploads\/2025\/02\/robe-esprit-marin-600x800.jpg\" class=\"woo-entry-image-main\" alt=\"Vestito bambina a righe con ampio colletto stile marinaro\" itemprop=\"image\" srcset=\"https:\/\/voyagedelabaleine.fr\/wp-content\/uploads\/2025\/02\/robe-esprit-marin-600x800.jpg 600w, https:\/\/voyagedelabaleine.fr\/wp-content\/uploads\/2025\/02\/robe-esprit-marin-225x300.jpg 225w, https:\/\/voyagedelabaleine.fr\/wp-content\/uploads\/2025\/02\/robe-esprit-marin-768x1024.jpg 768w, https:\/\/voyagedelabaleine.fr\/wp-content\/uploads\/2025\/02\/robe-esprit-marin-1152x1536.jpg 1152w, https:\/\/voyagedelabaleine.fr\/wp-content\/uploads\/2025\/02\/robe-esprit-marin.jpg 1200w\" sizes=\"(max-width: 600px) 100vw, 600px\" \/><img decoding=\"async\" width=\"600\" height=\"800\" src=\"https:\/\/voyagedelabaleine.fr\/wp-content\/uploads\/2025\/01\/robe-bebe-col-marin-600x800.jpg\" class=\"woo-entry-image-secondary\" alt=\"Vestito bambina a righe con ampio colletto stile marinaro\" itemprop=\"image\" srcset=\"https:\/\/voyagedelabaleine.fr\/wp-content\/uploads\/2025\/01\/robe-bebe-col-marin-600x800.jpg 600w, https:\/\/voyagedelabaleine.fr\/wp-content\/uploads\/2025\/01\/robe-bebe-col-marin-225x300.jpg 225w, https:\/\/voyagedelabaleine.fr\/wp-content\/uploads\/2025\/01\/robe-bebe-col-marin-768x1024.jpg 768w, https:\/\/voyagedelabaleine.fr\/wp-content\/uploads\/2025\/01\/robe-bebe-col-marin.jpg 855w\" sizes=\"(max-width: 600px) 100vw, 600px\" \/><\/a>\t<\/div><!-- .woo-entry-image-swap -->\n\n<ul class=\"woo-entry-inner clr\"><li class=\"image-wrap\">\n\t<div class=\"woo-entry-image-swap woo-entry-image clr\">\n\t\t<a href=\"https:\/\/voyagedelabaleine.fr\/it\/prodotto\/vestito-bambina-a-righe-con-ampio-colletto-stile-marinaro\/\" class=\"woocommerce-LoopProduct-link\"><img decoding=\"async\" width=\"600\" height=\"800\" src=\"https:\/\/voyagedelabaleine.fr\/wp-content\/uploads\/2025\/02\/robe-esprit-marin-600x800.jpg\" class=\"woo-entry-image-main\" alt=\"Vestito bambina a righe con ampio colletto stile marinaro\" itemprop=\"image\" srcset=\"https:\/\/voyagedelabaleine.fr\/wp-content\/uploads\/2025\/02\/robe-esprit-marin-600x800.jpg 600w, https:\/\/voyagedelabaleine.fr\/wp-content\/uploads\/2025\/02\/robe-esprit-marin-225x300.jpg 225w, https:\/\/voyagedelabaleine.fr\/wp-content\/uploads\/2025\/02\/robe-esprit-marin-768x1024.jpg 768w, https:\/\/voyagedelabaleine.fr\/wp-content\/uploads\/2025\/02\/robe-esprit-marin-1152x1536.jpg 1152w, https:\/\/voyagedelabaleine.fr\/wp-content\/uploads\/2025\/02\/robe-esprit-marin.jpg 1200w\" sizes=\"(max-width: 600px) 100vw, 600px\" \/><img decoding=\"async\" width=\"600\" height=\"800\" src=\"https:\/\/voyagedelabaleine.fr\/wp-content\/uploads\/2025\/01\/robe-bebe-col-marin-600x800.jpg\" class=\"woo-entry-image-secondary\" alt=\"Vestito bambina a righe con ampio colletto stile marinaro\" itemprop=\"image\" srcset=\"https:\/\/voyagedelabaleine.fr\/wp-content\/uploads\/2025\/01\/robe-bebe-col-marin-600x800.jpg 600w, https:\/\/voyagedelabaleine.fr\/wp-content\/uploads\/2025\/01\/robe-bebe-col-marin-225x300.jpg 225w, https:\/\/voyagedelabaleine.fr\/wp-content\/uploads\/2025\/01\/robe-bebe-col-marin-768x1024.jpg 768w, https:\/\/voyagedelabaleine.fr\/wp-content\/uploads\/2025\/01\/robe-bebe-col-marin.jpg 855w\" sizes=\"(max-width: 600px) 100vw, 600px\" \/><\/a>\t<\/div><!-- .woo-entry-image-swap -->\n\n<\/li><li class=\"title\"><h2><a href=\"https:\/\/voyagedelabaleine.fr\/it\/prodotto\/vestito-bambina-a-righe-con-ampio-colletto-stile-marinaro\/\">Vestito bambina a righe con ampio colletto stile marinaro<\/a><\/h2><\/li><li class=\"price-wrap\">\n\t<span class=\"price\"><span class=\"woocommerce-Price-amount amount\"><bdi>60<span class=\"woocommerce-Price-currencySymbol\">&euro;<\/span><\/bdi><\/span><\/span>\n<\/li><\/ul><\/div><!-- .product-inner .clr --><\/li>\n<li class=\"entry has-media has-rating col span_1_of_2 owp-content-center owp-thumbs-layout-vertical owp-btn-big owp-tabs-layout-vertical circle-sale product type-product post-33614 status-publish last instock product_cat-abbigliamento product_cat-blusa-camicia-nascita product_cat-blusa-camicia-nascita-ragazzo product_cat-blusa-camicia-neonati product_cat-blusa-camicia-neonato product_cat-completi-nascita product_cat-completi-nascita-ragazzo product_cat-completi-neonati product_cat-completi-neonato product_cat-pagliaccetto-salopette-nascita product_cat-pagliaccetto-salopette-nascita-ragazzo product_cat-pagliaccetto-salopette-neonati product_cat-pagliaccetto-salopette-neonato has-post-thumbnail taxable shipping-taxable purchasable product-type-variable has-default-attributes\">\n\t<div class=\"product-inner clr\">\n\t<div class=\"woo-entry-image-swap woo-entry-image clr\">\n\t\t<a href=\"https:\/\/voyagedelabaleine.fr\/it\/prodotto\/completo-neonato-camicia-e-salopette-a-righe-stile-marinaro\/\" class=\"woocommerce-LoopProduct-link\"><img decoding=\"async\" width=\"600\" height=\"800\" src=\"https:\/\/voyagedelabaleine.fr\/wp-content\/uploads\/2025\/02\/ensemble-bebe-garcon-barboteuse-esprit-marin-600x800.jpg\" class=\"woo-entry-image-main\" alt=\"Completo neonato camicia e salopette a righe stile marinaro\" itemprop=\"image\" srcset=\"https:\/\/voyagedelabaleine.fr\/wp-content\/uploads\/2025\/02\/ensemble-bebe-garcon-barboteuse-esprit-marin-600x800.jpg 600w, https:\/\/voyagedelabaleine.fr\/wp-content\/uploads\/2025\/02\/ensemble-bebe-garcon-barboteuse-esprit-marin-225x300.jpg 225w, https:\/\/voyagedelabaleine.fr\/wp-content\/uploads\/2025\/02\/ensemble-bebe-garcon-barboteuse-esprit-marin-768x1024.jpg 768w, https:\/\/voyagedelabaleine.fr\/wp-content\/uploads\/2025\/02\/ensemble-bebe-garcon-barboteuse-esprit-marin-1152x1536.jpg 1152w, https:\/\/voyagedelabaleine.fr\/wp-content\/uploads\/2025\/02\/ensemble-bebe-garcon-barboteuse-esprit-marin.jpg 1200w\" sizes=\"(max-width: 600px) 100vw, 600px\" \/><img decoding=\"async\" width=\"600\" height=\"800\" src=\"https:\/\/voyagedelabaleine.fr\/wp-content\/uploads\/2025\/01\/ensemble-bebe-marin-2-600x800.jpg\" class=\"woo-entry-image-secondary\" alt=\"Completo neonato camicia e salopette a righe stile marinaro\" itemprop=\"image\" srcset=\"https:\/\/voyagedelabaleine.fr\/wp-content\/uploads\/2025\/01\/ensemble-bebe-marin-2-600x800.jpg 600w, https:\/\/voyagedelabaleine.fr\/wp-content\/uploads\/2025\/01\/ensemble-bebe-marin-2-225x300.jpg 225w, https:\/\/voyagedelabaleine.fr\/wp-content\/uploads\/2025\/01\/ensemble-bebe-marin-2-768x1024.jpg 768w, https:\/\/voyagedelabaleine.fr\/wp-content\/uploads\/2025\/01\/ensemble-bebe-marin-2.jpg 855w\" sizes=\"(max-width: 600px) 100vw, 600px\" \/><\/a>\t<\/div><!-- .woo-entry-image-swap -->\n\n<ul class=\"woo-entry-inner clr\"><li class=\"image-wrap\">\n\t<div class=\"woo-entry-image-swap woo-entry-image clr\">\n\t\t<a href=\"https:\/\/voyagedelabaleine.fr\/it\/prodotto\/completo-neonato-camicia-e-salopette-a-righe-stile-marinaro\/\" class=\"woocommerce-LoopProduct-link\"><img decoding=\"async\" width=\"600\" height=\"800\" src=\"https:\/\/voyagedelabaleine.fr\/wp-content\/uploads\/2025\/02\/ensemble-bebe-garcon-barboteuse-esprit-marin-600x800.jpg\" class=\"woo-entry-image-main\" alt=\"Completo neonato camicia e salopette a righe stile marinaro\" itemprop=\"image\" srcset=\"https:\/\/voyagedelabaleine.fr\/wp-content\/uploads\/2025\/02\/ensemble-bebe-garcon-barboteuse-esprit-marin-600x800.jpg 600w, https:\/\/voyagedelabaleine.fr\/wp-content\/uploads\/2025\/02\/ensemble-bebe-garcon-barboteuse-esprit-marin-225x300.jpg 225w, https:\/\/voyagedelabaleine.fr\/wp-content\/uploads\/2025\/02\/ensemble-bebe-garcon-barboteuse-esprit-marin-768x1024.jpg 768w, https:\/\/voyagedelabaleine.fr\/wp-content\/uploads\/2025\/02\/ensemble-bebe-garcon-barboteuse-esprit-marin-1152x1536.jpg 1152w, https:\/\/voyagedelabaleine.fr\/wp-content\/uploads\/2025\/02\/ensemble-bebe-garcon-barboteuse-esprit-marin.jpg 1200w\" sizes=\"(max-width: 600px) 100vw, 600px\" \/><img decoding=\"async\" width=\"600\" height=\"800\" src=\"https:\/\/voyagedelabaleine.fr\/wp-content\/uploads\/2025\/01\/ensemble-bebe-marin-2-600x800.jpg\" class=\"woo-entry-image-secondary\" alt=\"Completo neonato camicia e salopette a righe stile marinaro\" itemprop=\"image\" srcset=\"https:\/\/voyagedelabaleine.fr\/wp-content\/uploads\/2025\/01\/ensemble-bebe-marin-2-600x800.jpg 600w, https:\/\/voyagedelabaleine.fr\/wp-content\/uploads\/2025\/01\/ensemble-bebe-marin-2-225x300.jpg 225w, https:\/\/voyagedelabaleine.fr\/wp-content\/uploads\/2025\/01\/ensemble-bebe-marin-2-768x1024.jpg 768w, https:\/\/voyagedelabaleine.fr\/wp-content\/uploads\/2025\/01\/ensemble-bebe-marin-2.jpg 855w\" sizes=\"(max-width: 600px) 100vw, 600px\" \/><\/a>\t<\/div><!-- .woo-entry-image-swap -->\n\n<\/li><li class=\"title\"><h2><a href=\"https:\/\/voyagedelabaleine.fr\/it\/prodotto\/completo-neonato-camicia-e-salopette-a-righe-stile-marinaro\/\">Completo neonato camicia e salopette a righe stile marinaro<\/a><\/h2><\/li><li class=\"price-wrap\">\n\t<span class=\"price\"><span class=\"woocommerce-Price-amount amount\"><bdi>62<span class=\"woocommerce-Price-currencySymbol\">&euro;<\/span><\/bdi><\/span><\/span>\n<\/li><\/ul><\/div><!-- .product-inner .clr --><\/li>\n<\/ul>\n<\/div><\/div>\n\t\t\t\t\t\t<\/div>\n\t\t\t\t<\/div>\n\t\t<div class=\"elementor-element elementor-element-6dd1470 e-con-full e-flex e-con e-parent\" data-id=\"6dd1470\" data-element_type=\"container\" data-e-type=\"container\">\n\t\t\t\t<div class=\"elementor-element elementor-element-730f86c elementor-widget-divider--separator-type-pattern elementor-widget-divider--view-line elementor-widget elementor-widget-divider\" data-id=\"730f86c\" data-element_type=\"widget\" data-e-type=\"widget\" data-widget_type=\"divider.default\">\n\t\t\t\t\t\t\t<div class=\"elementor-divider\" style=\"--divider-pattern-url: url(&quot;data:image\/svg+xml,%3Csvg xmlns=&#039;http:\/\/www.w3.org\/2000\/svg&#039; preserveAspectRatio=&#039;none&#039; overflow=&#039;visible&#039; height=&#039;100%&#039; viewBox=&#039;0 0 24 24&#039; fill=&#039;black&#039; stroke=&#039;none&#039;%3E%3Cpath d=&#039;M12.7,2.3c-0.4-0.4-1.1-0.4-1.5,0l-8,9.1c-0.3,0.4-0.3,0.9,0,1.2l8,9.1c0.4,0.4,1.1,0.4,1.5,0l8-9.1c0.3-0.4,0.3-0.9,0-1.2L12.7,2.3z&#039;\/%3E%3C\/svg%3E&quot;);\">\n\t\t\t<span class=\"elementor-divider-separator\">\n\t\t\t\t\t\t<\/span>\n\t\t<\/div>\n\t\t\t\t\t\t<\/div>\n\t\t<div class=\"elementor-element elementor-element-fc6737c e-grid e-con-full e-con e-child\" data-id=\"fc6737c\" data-element_type=\"container\" data-e-type=\"container\">\n\t\t<div class=\"elementor-element elementor-element-bed9fc6 e-con-full e-flex e-con e-child\" data-id=\"bed9fc6\" data-element_type=\"container\" data-e-type=\"container\">\n\t\t\t\t<div class=\"elementor-element elementor-element-fb42137 elementor-widget elementor-widget-heading\" data-id=\"fb42137\" data-element_type=\"widget\" data-e-type=\"widget\" data-widget_type=\"heading.default\">\n\t\t\t\t\t<h2 class=\"elementor-heading-title elementor-size-default\">Ricordi fraterni<\/h2>\t\t\t\t<\/div>\n\t\t\t\t<\/div>\n\t\t\t\t<\/div>\n\t\t\t\t<\/div>\n\t\t<div class=\"elementor-element elementor-element-5538ccf e-con-full e-flex e-con e-parent\" data-id=\"5538ccf\" data-element_type=\"container\" data-e-type=\"container\">\n\t\t\t\t<div class=\"elementor-element elementor-element-72917db elementor-widget elementor-widget-shortcode\" data-id=\"72917db\" data-element_type=\"widget\" data-e-type=\"widget\" data-widget_type=\"shortcode.default\">\n\t\t\t\t\t\t\t<div class=\"elementor-shortcode\"><div class=\"woocommerce columns-2 \">\r\n<ul class=\"products oceanwp-row clr grid tablet-col tablet-2-col mobile-col mobile-2-col\">\r\n<li class=\"entry has-media has-rating col span_1_of_2 owp-content-center owp-thumbs-layout-vertical owp-btn-big owp-tabs-layout-vertical circle-sale product type-product post-33182 status-publish first instock product_cat-pigiama product_cat-pigiama-bambina product_cat-pigiama-bambini product_cat-pigiama-neonata product_cat-pigiama-neonati product_tag-pigiami has-post-thumbnail featured taxable shipping-taxable purchasable product-type-variable has-default-attributes\">\n\t<div class=\"product-inner clr\">\n\t<div class=\"woo-entry-image-swap woo-entry-image clr\">\n\t\t<a href=\"https:\/\/voyagedelabaleine.fr\/it\/prodotto\/pigiama-bambina-due-pezzi-con-colletto-a-volant-rosa\/\" class=\"woocommerce-LoopProduct-link\"><img decoding=\"async\" width=\"600\" height=\"800\" src=\"https:\/\/voyagedelabaleine.fr\/wp-content\/uploads\/2025\/02\/pyjama-bebe-fille-froufrous-600x800.jpg\" class=\"woo-entry-image-main\" alt=\"Pigiama bambina due pezzi con colletto a volant &#8211; Rosa\" itemprop=\"image\" srcset=\"https:\/\/voyagedelabaleine.fr\/wp-content\/uploads\/2025\/02\/pyjama-bebe-fille-froufrous-600x800.jpg 600w, https:\/\/voyagedelabaleine.fr\/wp-content\/uploads\/2025\/02\/pyjama-bebe-fille-froufrous-225x300.jpg 225w, https:\/\/voyagedelabaleine.fr\/wp-content\/uploads\/2025\/02\/pyjama-bebe-fille-froufrous-768x1024.jpg 768w, https:\/\/voyagedelabaleine.fr\/wp-content\/uploads\/2025\/02\/pyjama-bebe-fille-froufrous-1152x1536.jpg 1152w, https:\/\/voyagedelabaleine.fr\/wp-content\/uploads\/2025\/02\/pyjama-bebe-fille-froufrous.jpg 1200w\" sizes=\"(max-width: 600px) 100vw, 600px\" \/><img decoding=\"async\" width=\"600\" height=\"800\" src=\"https:\/\/voyagedelabaleine.fr\/wp-content\/uploads\/2025\/02\/pyjama-bebe-fille-froufrous-1-600x800.jpg\" class=\"woo-entry-image-secondary\" alt=\"Pigiama bambina due pezzi con colletto a volant &#8211; Rosa\" itemprop=\"image\" srcset=\"https:\/\/voyagedelabaleine.fr\/wp-content\/uploads\/2025\/02\/pyjama-bebe-fille-froufrous-1-600x800.jpg 600w, https:\/\/voyagedelabaleine.fr\/wp-content\/uploads\/2025\/02\/pyjama-bebe-fille-froufrous-1-225x300.jpg 225w, https:\/\/voyagedelabaleine.fr\/wp-content\/uploads\/2025\/02\/pyjama-bebe-fille-froufrous-1-768x1024.jpg 768w, https:\/\/voyagedelabaleine.fr\/wp-content\/uploads\/2025\/02\/pyjama-bebe-fille-froufrous-1-1152x1536.jpg 1152w, https:\/\/voyagedelabaleine.fr\/wp-content\/uploads\/2025\/02\/pyjama-bebe-fille-froufrous-1.jpg 1200w\" sizes=\"(max-width: 600px) 100vw, 600px\" \/><\/a>\t<\/div><!-- .woo-entry-image-swap -->\n\n<ul class=\"woo-entry-inner clr\"><li class=\"image-wrap\">\n\t<div class=\"woo-entry-image-swap woo-entry-image clr\">\n\t\t<a href=\"https:\/\/voyagedelabaleine.fr\/it\/prodotto\/pigiama-bambina-due-pezzi-con-colletto-a-volant-rosa\/\" class=\"woocommerce-LoopProduct-link\"><img decoding=\"async\" width=\"600\" height=\"800\" src=\"https:\/\/voyagedelabaleine.fr\/wp-content\/uploads\/2025\/02\/pyjama-bebe-fille-froufrous-600x800.jpg\" class=\"woo-entry-image-main\" alt=\"Pigiama bambina due pezzi con colletto a volant &#8211; Rosa\" itemprop=\"image\" srcset=\"https:\/\/voyagedelabaleine.fr\/wp-content\/uploads\/2025\/02\/pyjama-bebe-fille-froufrous-600x800.jpg 600w, https:\/\/voyagedelabaleine.fr\/wp-content\/uploads\/2025\/02\/pyjama-bebe-fille-froufrous-225x300.jpg 225w, https:\/\/voyagedelabaleine.fr\/wp-content\/uploads\/2025\/02\/pyjama-bebe-fille-froufrous-768x1024.jpg 768w, https:\/\/voyagedelabaleine.fr\/wp-content\/uploads\/2025\/02\/pyjama-bebe-fille-froufrous-1152x1536.jpg 1152w, https:\/\/voyagedelabaleine.fr\/wp-content\/uploads\/2025\/02\/pyjama-bebe-fille-froufrous.jpg 1200w\" sizes=\"(max-width: 600px) 100vw, 600px\" \/><img decoding=\"async\" width=\"600\" height=\"800\" src=\"https:\/\/voyagedelabaleine.fr\/wp-content\/uploads\/2025\/02\/pyjama-bebe-fille-froufrous-1-600x800.jpg\" class=\"woo-entry-image-secondary\" alt=\"Pigiama bambina due pezzi con colletto a volant &#8211; Rosa\" itemprop=\"image\" srcset=\"https:\/\/voyagedelabaleine.fr\/wp-content\/uploads\/2025\/02\/pyjama-bebe-fille-froufrous-1-600x800.jpg 600w, https:\/\/voyagedelabaleine.fr\/wp-content\/uploads\/2025\/02\/pyjama-bebe-fille-froufrous-1-225x300.jpg 225w, https:\/\/voyagedelabaleine.fr\/wp-content\/uploads\/2025\/02\/pyjama-bebe-fille-froufrous-1-768x1024.jpg 768w, https:\/\/voyagedelabaleine.fr\/wp-content\/uploads\/2025\/02\/pyjama-bebe-fille-froufrous-1-1152x1536.jpg 1152w, https:\/\/voyagedelabaleine.fr\/wp-content\/uploads\/2025\/02\/pyjama-bebe-fille-froufrous-1.jpg 1200w\" sizes=\"(max-width: 600px) 100vw, 600px\" \/><\/a>\t<\/div><!-- .woo-entry-image-swap -->\n\n<\/li><li class=\"title\"><h2><a href=\"https:\/\/voyagedelabaleine.fr\/it\/prodotto\/pigiama-bambina-due-pezzi-con-colletto-a-volant-rosa\/\">Pigiama bambina due pezzi con colletto a volant &#8211; Rosa<\/a><\/h2><\/li><li class=\"price-wrap\">\n\t<span class=\"price\"><span class=\"woocommerce-Price-amount amount\"><bdi>42<span class=\"woocommerce-Price-currencySymbol\">&euro;<\/span><\/bdi><\/span><\/span>\n<\/li><\/ul><\/div><!-- .product-inner .clr --><\/li>\n<li class=\"entry has-media col span_1_of_2 owp-content-center owp-thumbs-layout-vertical owp-btn-big owp-tabs-layout-vertical circle-sale product type-product post-33219 status-publish last instock product_cat-pigiama product_cat-pigiama-bambini product_cat-pigiama-bambino product_cat-pigiama-neonati product_cat-pigiama-neonato product_tag-pigiami has-post-thumbnail taxable shipping-taxable purchasable product-type-variable has-default-attributes\">\n\t<div class=\"product-inner clr\">\n\t<div class=\"woo-entry-image-swap woo-entry-image clr\">\n\t\t<a href=\"https:\/\/voyagedelabaleine.fr\/it\/prodotto\/pigiama-due-pezzi-da-neonato-con-colletto-a-camicia-azzurro-cielo\/\" class=\"woocommerce-LoopProduct-link\"><img decoding=\"async\" width=\"600\" height=\"800\" src=\"https:\/\/voyagedelabaleine.fr\/wp-content\/uploads\/2025\/02\/pyjame-bebe-2-pieces-bleu-600x800.jpg\" class=\"woo-entry-image-main\" alt=\"Pigiama due pezzi da neonato con colletto a camicia &#8211; Azzurro cielo\" itemprop=\"image\" srcset=\"https:\/\/voyagedelabaleine.fr\/wp-content\/uploads\/2025\/02\/pyjame-bebe-2-pieces-bleu-600x800.jpg 600w, https:\/\/voyagedelabaleine.fr\/wp-content\/uploads\/2025\/02\/pyjame-bebe-2-pieces-bleu-225x300.jpg 225w, https:\/\/voyagedelabaleine.fr\/wp-content\/uploads\/2025\/02\/pyjame-bebe-2-pieces-bleu-768x1024.jpg 768w, https:\/\/voyagedelabaleine.fr\/wp-content\/uploads\/2025\/02\/pyjame-bebe-2-pieces-bleu-1152x1536.jpg 1152w, https:\/\/voyagedelabaleine.fr\/wp-content\/uploads\/2025\/02\/pyjame-bebe-2-pieces-bleu.jpg 1200w\" sizes=\"(max-width: 600px) 100vw, 600px\" \/><img decoding=\"async\" width=\"600\" height=\"800\" src=\"https:\/\/voyagedelabaleine.fr\/wp-content\/uploads\/2023\/10\/pyjama-bebe-2-pieces-col-chemise-2-600x800.jpg\" class=\"woo-entry-image-secondary\" alt=\"Pigiama due pezzi da neonato con colletto a camicia &#8211; Azzurro cielo\" itemprop=\"image\" srcset=\"https:\/\/voyagedelabaleine.fr\/wp-content\/uploads\/2023\/10\/pyjama-bebe-2-pieces-col-chemise-2-600x800.jpg 600w, https:\/\/voyagedelabaleine.fr\/wp-content\/uploads\/2023\/10\/pyjama-bebe-2-pieces-col-chemise-2-225x300.jpg 225w, https:\/\/voyagedelabaleine.fr\/wp-content\/uploads\/2023\/10\/pyjama-bebe-2-pieces-col-chemise-2-768x1023.jpg 768w, https:\/\/voyagedelabaleine.fr\/wp-content\/uploads\/2023\/10\/pyjama-bebe-2-pieces-col-chemise-2.jpg 848w\" sizes=\"(max-width: 600px) 100vw, 600px\" \/><\/a>\t<\/div><!-- .woo-entry-image-swap -->\n\n<ul class=\"woo-entry-inner clr\"><li class=\"image-wrap\">\n\t<div class=\"woo-entry-image-swap woo-entry-image clr\">\n\t\t<a href=\"https:\/\/voyagedelabaleine.fr\/it\/prodotto\/pigiama-due-pezzi-da-neonato-con-colletto-a-camicia-azzurro-cielo\/\" class=\"woocommerce-LoopProduct-link\"><img decoding=\"async\" width=\"600\" height=\"800\" src=\"https:\/\/voyagedelabaleine.fr\/wp-content\/uploads\/2025\/02\/pyjame-bebe-2-pieces-bleu-600x800.jpg\" class=\"woo-entry-image-main\" alt=\"Pigiama due pezzi da neonato con colletto a camicia &#8211; Azzurro cielo\" itemprop=\"image\" srcset=\"https:\/\/voyagedelabaleine.fr\/wp-content\/uploads\/2025\/02\/pyjame-bebe-2-pieces-bleu-600x800.jpg 600w, https:\/\/voyagedelabaleine.fr\/wp-content\/uploads\/2025\/02\/pyjame-bebe-2-pieces-bleu-225x300.jpg 225w, https:\/\/voyagedelabaleine.fr\/wp-content\/uploads\/2025\/02\/pyjame-bebe-2-pieces-bleu-768x1024.jpg 768w, https:\/\/voyagedelabaleine.fr\/wp-content\/uploads\/2025\/02\/pyjame-bebe-2-pieces-bleu-1152x1536.jpg 1152w, https:\/\/voyagedelabaleine.fr\/wp-content\/uploads\/2025\/02\/pyjame-bebe-2-pieces-bleu.jpg 1200w\" sizes=\"(max-width: 600px) 100vw, 600px\" \/><img decoding=\"async\" width=\"600\" height=\"800\" src=\"https:\/\/voyagedelabaleine.fr\/wp-content\/uploads\/2023\/10\/pyjama-bebe-2-pieces-col-chemise-2-600x800.jpg\" class=\"woo-entry-image-secondary\" alt=\"Pigiama due pezzi da neonato con colletto a camicia &#8211; Azzurro cielo\" itemprop=\"image\" srcset=\"https:\/\/voyagedelabaleine.fr\/wp-content\/uploads\/2023\/10\/pyjama-bebe-2-pieces-col-chemise-2-600x800.jpg 600w, https:\/\/voyagedelabaleine.fr\/wp-content\/uploads\/2023\/10\/pyjama-bebe-2-pieces-col-chemise-2-225x300.jpg 225w, https:\/\/voyagedelabaleine.fr\/wp-content\/uploads\/2023\/10\/pyjama-bebe-2-pieces-col-chemise-2-768x1023.jpg 768w, https:\/\/voyagedelabaleine.fr\/wp-content\/uploads\/2023\/10\/pyjama-bebe-2-pieces-col-chemise-2.jpg 848w\" sizes=\"(max-width: 600px) 100vw, 600px\" \/><\/a>\t<\/div><!-- .woo-entry-image-swap -->\n\n<\/li><li class=\"title\"><h2><a href=\"https:\/\/voyagedelabaleine.fr\/it\/prodotto\/pigiama-due-pezzi-da-neonato-con-colletto-a-camicia-azzurro-cielo\/\">Pigiama due pezzi da neonato con colletto a camicia &#8211; Azzurro cielo<\/a><\/h2><\/li><li class=\"price-wrap\">\n\t<span class=\"price\"><span class=\"woocommerce-Price-amount amount\"><bdi>42<span class=\"woocommerce-Price-currencySymbol\">&euro;<\/span><\/bdi><\/span><\/span>\n<\/li><\/ul><\/div><!-- .product-inner .clr --><\/li>\n<\/ul>\n<\/div><\/div>\n\t\t\t\t\t\t<\/div>\n\t\t\t\t<\/div>\n\t\t<div class=\"elementor-element elementor-element-de7fc5b e-con-full e-flex e-con e-parent\" data-id=\"de7fc5b\" data-element_type=\"container\" data-e-type=\"container\">\n\t\t\t\t<div class=\"elementor-element elementor-element-711feaf elementor-widget-divider--separator-type-pattern elementor-widget-divider--view-line elementor-widget elementor-widget-divider\" data-id=\"711feaf\" data-element_type=\"widget\" data-e-type=\"widget\" data-widget_type=\"divider.default\">\n\t\t\t\t\t\t\t<div class=\"elementor-divider\" style=\"--divider-pattern-url: url(&quot;data:image\/svg+xml,%3Csvg xmlns=&#039;http:\/\/www.w3.org\/2000\/svg&#039; preserveAspectRatio=&#039;none&#039; overflow=&#039;visible&#039; height=&#039;100%&#039; viewBox=&#039;0 0 24 24&#039; fill=&#039;black&#039; stroke=&#039;none&#039;%3E%3Cpath d=&#039;M12.7,2.3c-0.4-0.4-1.1-0.4-1.5,0l-8,9.1c-0.3,0.4-0.3,0.9,0,1.2l8,9.1c0.4,0.4,1.1,0.4,1.5,0l8-9.1c0.3-0.4,0.3-0.9,0-1.2L12.7,2.3z&#039;\/%3E%3C\/svg%3E&quot;);\">\n\t\t\t<span class=\"elementor-divider-separator\">\n\t\t\t\t\t\t<\/span>\n\t\t<\/div>\n\t\t\t\t\t\t<\/div>\n\t\t<div class=\"elementor-element elementor-element-33530d3 e-grid e-con-full e-con e-child\" data-id=\"33530d3\" data-element_type=\"container\" data-e-type=\"container\">\n\t\t<div class=\"elementor-element elementor-element-4cd5961 e-con-full e-flex e-con e-child\" data-id=\"4cd5961\" data-element_type=\"container\" data-e-type=\"container\">\n\t\t\t\t<div class=\"elementor-element elementor-element-530a8e5 elementor-widget elementor-widget-heading\" data-id=\"530a8e5\" data-element_type=\"widget\" data-e-type=\"widget\" data-widget_type=\"heading.default\">\n\t\t\t\t\t<h2 class=\"elementor-heading-title elementor-size-default\">Giornate di tenerezza<\/h2>\t\t\t\t<\/div>\n\t\t\t\t<\/div>\n\t\t\t\t<\/div>\n\t\t\t\t<\/div>\n\t\t<div class=\"elementor-element elementor-element-7927638 e-con-full e-flex e-con e-parent\" data-id=\"7927638\" data-element_type=\"container\" data-e-type=\"container\">\n\t\t\t\t<div class=\"elementor-element elementor-element-7ea348f elementor-widget elementor-widget-shortcode\" data-id=\"7ea348f\" data-element_type=\"widget\" data-e-type=\"widget\" data-widget_type=\"shortcode.default\">\n\t\t\t\t\t\t\t<div class=\"elementor-shortcode\"><div class=\"woocommerce columns-2 \">\r\n<ul class=\"products oceanwp-row clr grid tablet-col tablet-2-col mobile-col mobile-2-col\">\r\n<li class=\"entry has-media has-rating col span_1_of_2 owp-content-center owp-thumbs-layout-vertical owp-btn-big owp-tabs-layout-vertical circle-sale product type-product post-34126 status-publish first instock product_cat-abbigliamento product_cat-blusa-camicia-nascita product_cat-blusa-camicia-nascita-ragazza product_cat-blusa-camicia-bambina product_cat-blusa-camicia-bambini product_cat-blusa-e-camicia-per-neonata product_cat-blusa-camicia-neonati has-post-thumbnail taxable shipping-taxable purchasable product-type-variable has-default-attributes\">\n\t<div class=\"product-inner clr\">\n\t<div class=\"woo-entry-image-swap woo-entry-image clr\">\n\t\t<a href=\"https:\/\/voyagedelabaleine.fr\/it\/prodotto\/blusa-neonata-con-colletto-a-balze-bianco\/\" class=\"woocommerce-LoopProduct-link\"><img decoding=\"async\" width=\"600\" height=\"800\" src=\"https:\/\/voyagedelabaleine.fr\/wp-content\/uploads\/2024\/09\/blouse-bebe-gaze-coton-blanche-600x800.jpg\" class=\"woo-entry-image-main\" alt=\"Blusa neonata con colletto a balze &#8211; Bianco\" itemprop=\"image\" srcset=\"https:\/\/voyagedelabaleine.fr\/wp-content\/uploads\/2024\/09\/blouse-bebe-gaze-coton-blanche-600x800.jpg 600w, https:\/\/voyagedelabaleine.fr\/wp-content\/uploads\/2024\/09\/blouse-bebe-gaze-coton-blanche-225x300.jpg 225w, https:\/\/voyagedelabaleine.fr\/wp-content\/uploads\/2024\/09\/blouse-bebe-gaze-coton-blanche-768x1024.jpg 768w, https:\/\/voyagedelabaleine.fr\/wp-content\/uploads\/2024\/09\/blouse-bebe-gaze-coton-blanche-1153x1536.jpg 1153w, https:\/\/voyagedelabaleine.fr\/wp-content\/uploads\/2024\/09\/blouse-bebe-gaze-coton-blanche.jpg 1500w\" sizes=\"(max-width: 600px) 100vw, 600px\" \/><img decoding=\"async\" width=\"600\" height=\"800\" src=\"https:\/\/voyagedelabaleine.fr\/wp-content\/uploads\/2024\/09\/blouse-bebe-gaze-coton-blanche-1-600x800.jpg\" class=\"woo-entry-image-secondary\" alt=\"Blusa neonata con colletto a balze &#8211; Bianco\" itemprop=\"image\" srcset=\"https:\/\/voyagedelabaleine.fr\/wp-content\/uploads\/2024\/09\/blouse-bebe-gaze-coton-blanche-1-600x800.jpg 600w, https:\/\/voyagedelabaleine.fr\/wp-content\/uploads\/2024\/09\/blouse-bebe-gaze-coton-blanche-1-225x300.jpg 225w, https:\/\/voyagedelabaleine.fr\/wp-content\/uploads\/2024\/09\/blouse-bebe-gaze-coton-blanche-1-768x1024.jpg 768w, https:\/\/voyagedelabaleine.fr\/wp-content\/uploads\/2024\/09\/blouse-bebe-gaze-coton-blanche-1-1152x1536.jpg 1152w, https:\/\/voyagedelabaleine.fr\/wp-content\/uploads\/2024\/09\/blouse-bebe-gaze-coton-blanche-1.jpg 1265w\" sizes=\"(max-width: 600px) 100vw, 600px\" \/><\/a>\t<\/div><!-- .woo-entry-image-swap -->\n\n<ul class=\"woo-entry-inner clr\"><li class=\"image-wrap\">\n\t<div class=\"woo-entry-image-swap woo-entry-image clr\">\n\t\t<a href=\"https:\/\/voyagedelabaleine.fr\/it\/prodotto\/blusa-neonata-con-colletto-a-balze-bianco\/\" class=\"woocommerce-LoopProduct-link\"><img decoding=\"async\" width=\"600\" height=\"800\" src=\"https:\/\/voyagedelabaleine.fr\/wp-content\/uploads\/2024\/09\/blouse-bebe-gaze-coton-blanche-600x800.jpg\" class=\"woo-entry-image-main\" alt=\"Blusa neonata con colletto a balze &#8211; Bianco\" itemprop=\"image\" srcset=\"https:\/\/voyagedelabaleine.fr\/wp-content\/uploads\/2024\/09\/blouse-bebe-gaze-coton-blanche-600x800.jpg 600w, https:\/\/voyagedelabaleine.fr\/wp-content\/uploads\/2024\/09\/blouse-bebe-gaze-coton-blanche-225x300.jpg 225w, https:\/\/voyagedelabaleine.fr\/wp-content\/uploads\/2024\/09\/blouse-bebe-gaze-coton-blanche-768x1024.jpg 768w, https:\/\/voyagedelabaleine.fr\/wp-content\/uploads\/2024\/09\/blouse-bebe-gaze-coton-blanche-1153x1536.jpg 1153w, https:\/\/voyagedelabaleine.fr\/wp-content\/uploads\/2024\/09\/blouse-bebe-gaze-coton-blanche.jpg 1500w\" sizes=\"(max-width: 600px) 100vw, 600px\" \/><img decoding=\"async\" width=\"600\" height=\"800\" src=\"https:\/\/voyagedelabaleine.fr\/wp-content\/uploads\/2024\/09\/blouse-bebe-gaze-coton-blanche-1-600x800.jpg\" class=\"woo-entry-image-secondary\" alt=\"Blusa neonata con colletto a balze &#8211; Bianco\" itemprop=\"image\" srcset=\"https:\/\/voyagedelabaleine.fr\/wp-content\/uploads\/2024\/09\/blouse-bebe-gaze-coton-blanche-1-600x800.jpg 600w, https:\/\/voyagedelabaleine.fr\/wp-content\/uploads\/2024\/09\/blouse-bebe-gaze-coton-blanche-1-225x300.jpg 225w, https:\/\/voyagedelabaleine.fr\/wp-content\/uploads\/2024\/09\/blouse-bebe-gaze-coton-blanche-1-768x1024.jpg 768w, https:\/\/voyagedelabaleine.fr\/wp-content\/uploads\/2024\/09\/blouse-bebe-gaze-coton-blanche-1-1152x1536.jpg 1152w, https:\/\/voyagedelabaleine.fr\/wp-content\/uploads\/2024\/09\/blouse-bebe-gaze-coton-blanche-1.jpg 1265w\" sizes=\"(max-width: 600px) 100vw, 600px\" \/><\/a>\t<\/div><!-- .woo-entry-image-swap -->\n\n<\/li><li class=\"title\"><h2><a href=\"https:\/\/voyagedelabaleine.fr\/it\/prodotto\/blusa-neonata-con-colletto-a-balze-bianco\/\">Blusa neonata con colletto a balze &#8211; Bianco<\/a><\/h2><\/li><li class=\"price-wrap\">\n\t<span class=\"price\"><span class=\"woocommerce-Price-amount amount\"><bdi>24<span class=\"woocommerce-Price-currencySymbol\">&euro;<\/span><\/bdi><\/span><\/span>\n<\/li><\/ul><\/div><!-- .product-inner .clr --><\/li>\n<li class=\"entry has-media col span_1_of_2 owp-content-center owp-thumbs-layout-vertical owp-btn-big owp-tabs-layout-vertical circle-sale product type-product post-34106 status-publish last instock product_cat-abbigliamento product_cat-blusa-camicia-nascita product_cat-blusa-camicia-nascita-ragazzo product_cat-blusa-camicia-bambini product_cat-blusa-camicia-bambino product_cat-blusa-camicia-neonati product_cat-blusa-camicia-neonato has-post-thumbnail taxable shipping-taxable purchasable product-type-variable has-default-attributes\">\n\t<div class=\"product-inner clr\">\n\t<div class=\"woo-entry-image-swap woo-entry-image clr\">\n\t\t<a href=\"https:\/\/voyagedelabaleine.fr\/it\/prodotto\/camicia-neonato-collo-alla-coreana-bianca\/\" class=\"woocommerce-LoopProduct-link\"><img decoding=\"async\" width=\"600\" height=\"800\" src=\"https:\/\/voyagedelabaleine.fr\/wp-content\/uploads\/2024\/09\/chemise-bebe-gaze-coton-600x800.jpg\" class=\"woo-entry-image-main\" alt=\"Camicia neonato collo alla coreana &#8211; Bianca\" itemprop=\"image\" srcset=\"https:\/\/voyagedelabaleine.fr\/wp-content\/uploads\/2024\/09\/chemise-bebe-gaze-coton-600x800.jpg 600w, https:\/\/voyagedelabaleine.fr\/wp-content\/uploads\/2024\/09\/chemise-bebe-gaze-coton-225x300.jpg 225w, https:\/\/voyagedelabaleine.fr\/wp-content\/uploads\/2024\/09\/chemise-bebe-gaze-coton-768x1024.jpg 768w, https:\/\/voyagedelabaleine.fr\/wp-content\/uploads\/2024\/09\/chemise-bebe-gaze-coton-1152x1536.jpg 1152w, https:\/\/voyagedelabaleine.fr\/wp-content\/uploads\/2024\/09\/chemise-bebe-gaze-coton.jpg 1500w\" sizes=\"(max-width: 600px) 100vw, 600px\" \/><img decoding=\"async\" width=\"600\" height=\"800\" src=\"https:\/\/voyagedelabaleine.fr\/wp-content\/uploads\/2024\/09\/chemise-bebe-gaze-coton-2-600x800.jpg\" class=\"woo-entry-image-secondary\" alt=\"Camicia neonato collo alla coreana &#8211; Bianca\" itemprop=\"image\" srcset=\"https:\/\/voyagedelabaleine.fr\/wp-content\/uploads\/2024\/09\/chemise-bebe-gaze-coton-2-600x800.jpg 600w, https:\/\/voyagedelabaleine.fr\/wp-content\/uploads\/2024\/09\/chemise-bebe-gaze-coton-2-225x300.jpg 225w, https:\/\/voyagedelabaleine.fr\/wp-content\/uploads\/2024\/09\/chemise-bebe-gaze-coton-2-768x1024.jpg 768w, https:\/\/voyagedelabaleine.fr\/wp-content\/uploads\/2024\/09\/chemise-bebe-gaze-coton-2.jpg 1037w\" sizes=\"(max-width: 600px) 100vw, 600px\" \/><\/a>\t<\/div><!-- .woo-entry-image-swap -->\n\n<ul class=\"woo-entry-inner clr\"><li class=\"image-wrap\">\n\t<div class=\"woo-entry-image-swap woo-entry-image clr\">\n\t\t<a href=\"https:\/\/voyagedelabaleine.fr\/it\/prodotto\/camicia-neonato-collo-alla-coreana-bianca\/\" class=\"woocommerce-LoopProduct-link\"><img decoding=\"async\" width=\"600\" height=\"800\" src=\"https:\/\/voyagedelabaleine.fr\/wp-content\/uploads\/2024\/09\/chemise-bebe-gaze-coton-600x800.jpg\" class=\"woo-entry-image-main\" alt=\"Camicia neonato collo alla coreana &#8211; Bianca\" itemprop=\"image\" srcset=\"https:\/\/voyagedelabaleine.fr\/wp-content\/uploads\/2024\/09\/chemise-bebe-gaze-coton-600x800.jpg 600w, https:\/\/voyagedelabaleine.fr\/wp-content\/uploads\/2024\/09\/chemise-bebe-gaze-coton-225x300.jpg 225w, https:\/\/voyagedelabaleine.fr\/wp-content\/uploads\/2024\/09\/chemise-bebe-gaze-coton-768x1024.jpg 768w, https:\/\/voyagedelabaleine.fr\/wp-content\/uploads\/2024\/09\/chemise-bebe-gaze-coton-1152x1536.jpg 1152w, https:\/\/voyagedelabaleine.fr\/wp-content\/uploads\/2024\/09\/chemise-bebe-gaze-coton.jpg 1500w\" sizes=\"(max-width: 600px) 100vw, 600px\" \/><img decoding=\"async\" width=\"600\" height=\"800\" src=\"https:\/\/voyagedelabaleine.fr\/wp-content\/uploads\/2024\/09\/chemise-bebe-gaze-coton-2-600x800.jpg\" class=\"woo-entry-image-secondary\" alt=\"Camicia neonato collo alla coreana &#8211; Bianca\" itemprop=\"image\" srcset=\"https:\/\/voyagedelabaleine.fr\/wp-content\/uploads\/2024\/09\/chemise-bebe-gaze-coton-2-600x800.jpg 600w, https:\/\/voyagedelabaleine.fr\/wp-content\/uploads\/2024\/09\/chemise-bebe-gaze-coton-2-225x300.jpg 225w, https:\/\/voyagedelabaleine.fr\/wp-content\/uploads\/2024\/09\/chemise-bebe-gaze-coton-2-768x1024.jpg 768w, https:\/\/voyagedelabaleine.fr\/wp-content\/uploads\/2024\/09\/chemise-bebe-gaze-coton-2.jpg 1037w\" sizes=\"(max-width: 600px) 100vw, 600px\" \/><\/a>\t<\/div><!-- .woo-entry-image-swap -->\n\n<\/li><li class=\"title\"><h2><a href=\"https:\/\/voyagedelabaleine.fr\/it\/prodotto\/camicia-neonato-collo-alla-coreana-bianca\/\">Camicia neonato collo alla coreana &#8211; Bianca<\/a><\/h2><\/li><li class=\"price-wrap\">\n\t<span class=\"price\"><span class=\"woocommerce-Price-amount amount\"><bdi>24<span class=\"woocommerce-Price-currencySymbol\">&euro;<\/span><\/bdi><\/span><\/span>\n<\/li><\/ul><\/div><!-- .product-inner .clr --><\/li>\n<\/ul>\n<\/div><\/div>\n\t\t\t\t\t\t<\/div>\n\t\t\t\t<\/div>\n\t\t<div class=\"elementor-element elementor-element-0b3eee4 e-flex e-con-boxed e-con e-parent\" data-id=\"0b3eee4\" data-element_type=\"container\" data-e-type=\"container\">\n\t\t\t\t\t<div class=\"e-con-inner\">\n\t\t<div class=\"elementor-element elementor-element-9866e0c e-con-full e-flex e-con e-child\" data-id=\"9866e0c\" data-element_type=\"container\" data-e-type=\"container\">\n\t\t\t\t<div class=\"elementor-element elementor-element-60de73a elementor-align-center elementor-widget elementor-widget-button\" data-id=\"60de73a\" data-element_type=\"widget\" data-e-type=\"widget\" data-widget_type=\"button.default\">\n\t\t\t\t\t\t\t\t\t\t<a class=\"elementor-button elementor-button-link elementor-size-sm\" href=\"https:\/\/voyagedelabaleine.fr\/vetements-raffines-pour-bebes\/\">\n\t\t\t\t\t\t<span class=\"elementor-button-content-wrapper\">\n\t\t\t\t\t\t\t\t\t<span class=\"elementor-button-text\">Scopri la collezione<\/span>\n\t\t\t\t\t<\/span>\n\t\t\t\t\t<\/a>\n\t\t\t\t\t\t\t\t<\/div>\n\t\t\t\t<\/div>\n\t\t\t\t\t<\/div>\n\t\t\t\t<\/div>\n\t\t\t\t<\/div>\n\t\t","protected":false},"excerpt":{"rendered":"<p>Abiti fratelli e sorelle: eleganza in duo Vestire i propri bambini con abiti coordinati significa giocare con l\u2019armonia e creare ricordi senza tempo. Da Voyage de la Baleine, proponiamo coordinati per tutta la famiglia, selezionando outfit eleganti per fratellini e sorelline! Armonia perfetta: outfit coordinati per ogni momento Abbinate gli outfit dei vostri bambini per [&hellip;]<\/p>\n","protected":false},"author":222595022,"featured_media":0,"parent":0,"menu_order":0,"comment_status":"closed","ping_status":"closed","template":"","meta":{"ocean_post_layout":"","ocean_both_sidebars_style":"","ocean_both_sidebars_content_width":0,"ocean_both_sidebars_sidebars_width":0,"ocean_sidebar":"","ocean_second_sidebar":"","ocean_disable_margins":"enable","ocean_add_body_class":"","ocean_shortcode_before_top_bar":"","ocean_shortcode_after_top_bar":"","ocean_shortcode_before_header":"","ocean_shortcode_after_header":"","ocean_has_shortcode":"","ocean_shortcode_after_title":"","ocean_shortcode_before_footer_widgets":"","ocean_shortcode_after_footer_widgets":"","ocean_shortcode_before_footer_bottom":"","ocean_shortcode_after_footer_bottom":"","ocean_display_top_bar":"default","ocean_display_header":"default","ocean_header_style":"","ocean_center_header_left_menu":"","ocean_custom_header_template":"","ocean_custom_logo":0,"ocean_custom_retina_logo":0,"ocean_custom_logo_max_width":0,"ocean_custom_logo_tablet_max_width":0,"ocean_custom_logo_mobile_max_width":0,"ocean_custom_logo_max_height":0,"ocean_custom_logo_tablet_max_height":0,"ocean_custom_logo_mobile_max_height":0,"ocean_header_custom_menu":"","ocean_menu_typo_font_family":"","ocean_menu_typo_font_subset":"","ocean_menu_typo_font_size":0,"ocean_menu_typo_font_size_tablet":0,"ocean_menu_typo_font_size_mobile":0,"ocean_menu_typo_font_size_unit":"px","ocean_menu_typo_font_weight":"","ocean_menu_typo_font_weight_tablet":"","ocean_menu_typo_font_weight_mobile":"","ocean_menu_typo_transform":"","ocean_menu_typo_transform_tablet":"","ocean_menu_typo_transform_mobile":"","ocean_menu_typo_line_height":0,"ocean_menu_typo_line_height_tablet":0,"ocean_menu_typo_line_height_mobile":0,"ocean_menu_typo_line_height_unit":"","ocean_menu_typo_spacing":0,"ocean_menu_typo_spacing_tablet":0,"ocean_menu_typo_spacing_mobile":0,"ocean_menu_typo_spacing_unit":"","ocean_menu_link_color":"","ocean_menu_link_color_hover":"","ocean_menu_link_color_active":"","ocean_menu_link_background":"","ocean_menu_link_hover_background":"","ocean_menu_link_active_background":"","ocean_menu_social_links_bg":"","ocean_menu_social_hover_links_bg":"","ocean_menu_social_links_color":"","ocean_menu_social_hover_links_color":"","ocean_disable_title":"default","ocean_disable_heading":"default","ocean_post_title":"","ocean_post_subheading":"","ocean_post_title_style":"","ocean_post_title_background_color":"","ocean_post_title_background":0,"ocean_post_title_bg_image_position":"","ocean_post_title_bg_image_attachment":"","ocean_post_title_bg_image_repeat":"","ocean_post_title_bg_image_size":"","ocean_post_title_height":0,"ocean_post_title_bg_overlay":0.5,"ocean_post_title_bg_overlay_color":"","ocean_disable_breadcrumbs":"default","ocean_breadcrumbs_color":"","ocean_breadcrumbs_separator_color":"","ocean_breadcrumbs_links_color":"","ocean_breadcrumbs_links_hover_color":"","ocean_display_footer_widgets":"default","ocean_display_footer_bottom":"default","ocean_custom_footer_template":"","osh_disable_topbar_sticky":"default","osh_disable_header_sticky":"default","osh_sticky_header_style":"default","osh_sticky_header_effect":"","osh_custom_sticky_logo":0,"osh_custom_retina_sticky_logo":0,"osh_custom_sticky_logo_height":0,"osh_background_color":"","osh_links_color":"","osh_links_hover_color":"","osh_links_active_color":"","osh_links_bg_color":"","osh_links_hover_bg_color":"","osh_links_active_bg_color":"","osh_menu_social_links_color":"","osh_menu_social_hover_links_color":"","footnotes":""},"class_list":["post-28098","page","type-page","status-publish","hentry","entry","owp-thumbs-layout-vertical","owp-btn-big","owp-tabs-layout-vertical","has-no-thumbnails","circle-sale"],"yoast_head":"<!-- This site is optimized with the Yoast SEO plugin v27.1.1 - https:\/\/yoast.com\/product\/yoast-seo-wordpress\/ -->\n<title>Coordinati famiglia<\/title>\n<meta name=\"description\" content=\"I coordinati per la famiglia richiamano l\u2019autenticit\u00e0 delle tradizioni familiari, dove l\u2019eleganza si vive insieme.\" \/>\n<meta name=\"robots\" content=\"index, follow, max-snippet:-1, max-image-preview:large, max-video-preview:-1\" \/>\n<link rel=\"canonical\" href=\"https:\/\/voyagedelabaleine.fr\/it\/gli-abbinati\/\" \/>\n<meta property=\"og:locale\" content=\"it_IT\" \/>\n<meta property=\"og:type\" content=\"article\" \/>\n<meta property=\"og:title\" content=\"Coordinati famiglia\" \/>\n<meta property=\"og:description\" content=\"I coordinati per la famiglia richiamano l\u2019autenticit\u00e0 delle tradizioni familiari, dove l\u2019eleganza si vive insieme.\" \/>\n<meta property=\"og:url\" content=\"https:\/\/voyagedelabaleine.fr\/it\/gli-abbinati\/\" \/>\n<meta property=\"og:site_name\" content=\"Voyage de la Baleine\" \/>\n<meta property=\"article:publisher\" content=\"https:\/\/www.facebook.com\/voyagedelabaleine\/\" \/>\n<meta property=\"article:modified_time\" content=\"2026-03-20T17:17:44+00:00\" \/>\n<meta name=\"twitter:card\" content=\"summary_large_image\" \/>\n<meta name=\"twitter:label1\" content=\"Tempo di lettura stimato\" \/>\n\t<meta name=\"twitter:data1\" content=\"2 minuto\" \/>\n<script type=\"application\/ld+json\" class=\"yoast-schema-graph\">{\"@context\":\"https:\/\/schema.org\",\"@graph\":[{\"@type\":\"WebPage\",\"@id\":\"https:\/\/voyagedelabaleine.fr\/it\/gli-abbinati\/\",\"url\":\"https:\/\/voyagedelabaleine.fr\/it\/gli-abbinati\/\",\"name\":\"Coordinati famiglia\",\"isPartOf\":{\"@id\":\"https:\/\/voyagedelabaleine.fr\/it\/#website\"},\"datePublished\":\"2024-10-10T11:34:12+00:00\",\"dateModified\":\"2026-03-20T17:17:44+00:00\",\"description\":\"I coordinati per la famiglia richiamano l\u2019autenticit\u00e0 delle tradizioni familiari, dove l\u2019eleganza si vive insieme.\",\"breadcrumb\":{\"@id\":\"https:\/\/voyagedelabaleine.fr\/it\/gli-abbinati\/#breadcrumb\"},\"inLanguage\":\"it-IT\",\"potentialAction\":[{\"@type\":\"ReadAction\",\"target\":[\"https:\/\/voyagedelabaleine.fr\/it\/gli-abbinati\/\"]}]},{\"@type\":\"BreadcrumbList\",\"@id\":\"https:\/\/voyagedelabaleine.fr\/it\/gli-abbinati\/#breadcrumb\",\"itemListElement\":[{\"@type\":\"ListItem\",\"position\":1,\"name\":\"Accueil\",\"item\":\"https:\/\/voyagedelabaleine.fr\/it\/homepage\/\"},{\"@type\":\"ListItem\",\"position\":2,\"name\":\"Gli abbinati\"}]},{\"@type\":\"WebSite\",\"@id\":\"https:\/\/voyagedelabaleine.fr\/it\/#website\",\"url\":\"https:\/\/voyagedelabaleine.fr\/it\/\",\"name\":\"Voyage de la Baleine\",\"description\":\"V\u00eatements intemporels et raffin\u00e9s pour b\u00e9b\u00e9s et enfants\",\"publisher\":{\"@id\":\"https:\/\/voyagedelabaleine.fr\/it\/#organization\"},\"potentialAction\":[{\"@type\":\"SearchAction\",\"target\":{\"@type\":\"EntryPoint\",\"urlTemplate\":\"https:\/\/voyagedelabaleine.fr\/it\/?s={search_term_string}\"},\"query-input\":{\"@type\":\"PropertyValueSpecification\",\"valueRequired\":true,\"valueName\":\"search_term_string\"}}],\"inLanguage\":\"it-IT\"},{\"@type\":\"Organization\",\"@id\":\"https:\/\/voyagedelabaleine.fr\/it\/#organization\",\"name\":\"Voyage de la Baleine\",\"url\":\"https:\/\/voyagedelabaleine.fr\/it\/\",\"logo\":{\"@type\":\"ImageObject\",\"inLanguage\":\"it-IT\",\"@id\":\"https:\/\/voyagedelabaleine.fr\/it\/#\/schema\/logo\/image\/\",\"url\":\"https:\/\/voyagedelabaleine.fr\/wp-content\/uploads\/2025\/06\/logo.webp\",\"contentUrl\":\"https:\/\/voyagedelabaleine.fr\/wp-content\/uploads\/2025\/06\/logo.webp\",\"width\":153,\"height\":64,\"caption\":\"Voyage de la Baleine\"},\"image\":{\"@id\":\"https:\/\/voyagedelabaleine.fr\/it\/#\/schema\/logo\/image\/\"},\"sameAs\":[\"https:\/\/www.facebook.com\/voyagedelabaleine\/\",\"https:\/\/www.instagram.com\/voyagedelabaleine\/\",\"https:\/\/www.pinterest.fr\/Voyagedelabaleine\/\"]}]}<\/script>\n<!-- \/ Yoast SEO plugin. -->","yoast_head_json":{"title":"Coordinati famiglia","description":"I coordinati per la famiglia richiamano l\u2019autenticit\u00e0 delle tradizioni familiari, dove l\u2019eleganza si vive insieme.","robots":{"index":"index","follow":"follow","max-snippet":"max-snippet:-1","max-image-preview":"max-image-preview:large","max-video-preview":"max-video-preview:-1"},"canonical":"https:\/\/voyagedelabaleine.fr\/it\/gli-abbinati\/","og_locale":"it_IT","og_type":"article","og_title":"Coordinati famiglia","og_description":"I coordinati per la famiglia richiamano l\u2019autenticit\u00e0 delle tradizioni familiari, dove l\u2019eleganza si vive insieme.","og_url":"https:\/\/voyagedelabaleine.fr\/it\/gli-abbinati\/","og_site_name":"Voyage de la Baleine","article_publisher":"https:\/\/www.facebook.com\/voyagedelabaleine\/","article_modified_time":"2026-03-20T17:17:44+00:00","twitter_card":"summary_large_image","twitter_misc":{"Tempo di lettura stimato":"2 minuto"},"schema":{"@context":"https:\/\/schema.org","@graph":[{"@type":"WebPage","@id":"https:\/\/voyagedelabaleine.fr\/it\/gli-abbinati\/","url":"https:\/\/voyagedelabaleine.fr\/it\/gli-abbinati\/","name":"Coordinati famiglia","isPartOf":{"@id":"https:\/\/voyagedelabaleine.fr\/it\/#website"},"datePublished":"2024-10-10T11:34:12+00:00","dateModified":"2026-03-20T17:17:44+00:00","description":"I coordinati per la famiglia richiamano l\u2019autenticit\u00e0 delle tradizioni familiari, dove l\u2019eleganza si vive insieme.","breadcrumb":{"@id":"https:\/\/voyagedelabaleine.fr\/it\/gli-abbinati\/#breadcrumb"},"inLanguage":"it-IT","potentialAction":[{"@type":"ReadAction","target":["https:\/\/voyagedelabaleine.fr\/it\/gli-abbinati\/"]}]},{"@type":"BreadcrumbList","@id":"https:\/\/voyagedelabaleine.fr\/it\/gli-abbinati\/#breadcrumb","itemListElement":[{"@type":"ListItem","position":1,"name":"Accueil","item":"https:\/\/voyagedelabaleine.fr\/it\/homepage\/"},{"@type":"ListItem","position":2,"name":"Gli abbinati"}]},{"@type":"WebSite","@id":"https:\/\/voyagedelabaleine.fr\/it\/#website","url":"https:\/\/voyagedelabaleine.fr\/it\/","name":"Voyage de la Baleine","description":"V\u00eatements intemporels et raffin\u00e9s pour b\u00e9b\u00e9s et enfants","publisher":{"@id":"https:\/\/voyagedelabaleine.fr\/it\/#organization"},"potentialAction":[{"@type":"SearchAction","target":{"@type":"EntryPoint","urlTemplate":"https:\/\/voyagedelabaleine.fr\/it\/?s={search_term_string}"},"query-input":{"@type":"PropertyValueSpecification","valueRequired":true,"valueName":"search_term_string"}}],"inLanguage":"it-IT"},{"@type":"Organization","@id":"https:\/\/voyagedelabaleine.fr\/it\/#organization","name":"Voyage de la Baleine","url":"https:\/\/voyagedelabaleine.fr\/it\/","logo":{"@type":"ImageObject","inLanguage":"it-IT","@id":"https:\/\/voyagedelabaleine.fr\/it\/#\/schema\/logo\/image\/","url":"https:\/\/voyagedelabaleine.fr\/wp-content\/uploads\/2025\/06\/logo.webp","contentUrl":"https:\/\/voyagedelabaleine.fr\/wp-content\/uploads\/2025\/06\/logo.webp","width":153,"height":64,"caption":"Voyage de la Baleine"},"image":{"@id":"https:\/\/voyagedelabaleine.fr\/it\/#\/schema\/logo\/image\/"},"sameAs":["https:\/\/www.facebook.com\/voyagedelabaleine\/","https:\/\/www.instagram.com\/voyagedelabaleine\/","https:\/\/www.pinterest.fr\/Voyagedelabaleine\/"]}]}},"_links":{"self":[{"href":"https:\/\/voyagedelabaleine.fr\/it\/wp-json\/wp\/v2\/pages\/28098","targetHints":{"allow":["GET"]}}],"collection":[{"href":"https:\/\/voyagedelabaleine.fr\/it\/wp-json\/wp\/v2\/pages"}],"about":[{"href":"https:\/\/voyagedelabaleine.fr\/it\/wp-json\/wp\/v2\/types\/page"}],"author":[{"embeddable":true,"href":"https:\/\/voyagedelabaleine.fr\/it\/wp-json\/wp\/v2\/users\/222595022"}],"replies":[{"embeddable":true,"href":"https:\/\/voyagedelabaleine.fr\/it\/wp-json\/wp\/v2\/comments?post=28098"}],"version-history":[{"count":5,"href":"https:\/\/voyagedelabaleine.fr\/it\/wp-json\/wp\/v2\/pages\/28098\/revisions"}],"predecessor-version":[{"id":42360,"href":"https:\/\/voyagedelabaleine.fr\/it\/wp-json\/wp\/v2\/pages\/28098\/revisions\/42360"}],"wp:attachment":[{"href":"https:\/\/voyagedelabaleine.fr\/it\/wp-json\/wp\/v2\/media?parent=28098"}],"curies":[{"name":"wp","href":"https:\/\/api.w.org\/{rel}","templated":true}]}}