{"id":28116,"date":"2025-06-10T17:21:36","date_gmt":"2025-06-10T15:21:36","guid":{"rendered":"https:\/\/voyagedelabaleine.fr\/regalo-di-nascita-bambina\/"},"modified":"2026-01-12T11:58:51","modified_gmt":"2026-01-12T10:58:51","slug":"regalo-di-nascita-bambina","status":"publish","type":"page","link":"https:\/\/voyagedelabaleine.fr\/it\/regalo-di-nascita-bambina\/","title":{"rendered":"Regalo di nascita bambina"},"content":{"rendered":"\t\t<div data-elementor-type=\"wp-page\" data-elementor-id=\"28116\" class=\"elementor elementor-28116 elementor-18432\">\n\t\t\t\t<div class=\"elementor-element elementor-element-c7cf767 e-flex e-con-boxed e-con e-parent\" data-id=\"c7cf767\" data-element_type=\"container\" data-e-type=\"container\">\n\t\t\t\t\t<div class=\"e-con-inner\">\n\t\t\t\t<div class=\"elementor-element elementor-element-8839a36 elementor-widget elementor-widget-text-editor\" data-id=\"8839a36\" data-element_type=\"widget\" data-e-type=\"widget\" data-widget_type=\"text-editor.default\">\n\t\t\t\t\t\t\t\t\t<p>Un guardaroba elegante per vestire i primi sorrisi, con completi scelti con cura, pensati come una selezione di ispirazioni per i vostri regali di nascita.<\/p>\t\t\t\t\t\t\t\t<\/div>\n\t\t\t\t\t<\/div>\n\t\t\t\t<\/div>\n\t\t<div class=\"elementor-element elementor-element-8a7619e e-con-full e-flex e-con e-parent\" data-id=\"8a7619e\" data-element_type=\"container\" data-e-type=\"container\">\n\t\t\t\t<div class=\"elementor-element elementor-element-9250cbd elementor-widget-divider--separator-type-pattern elementor-widget-divider--view-line elementor-widget elementor-widget-divider\" data-id=\"9250cbd\" data-element_type=\"widget\" data-e-type=\"widget\" data-widget_type=\"divider.default\">\n\t\t\t\t\t\t\t<div class=\"elementor-divider\" style=\"--divider-pattern-url: url(&quot;data:image\/svg+xml,%3Csvg xmlns=&#039;http:\/\/www.w3.org\/2000\/svg&#039; preserveAspectRatio=&#039;none&#039; overflow=&#039;visible&#039; height=&#039;100%&#039; viewBox=&#039;0 0 24 24&#039; fill=&#039;black&#039; stroke=&#039;none&#039;%3E%3Cpath d=&#039;M12.7,2.3c-0.4-0.4-1.1-0.4-1.5,0l-8,9.1c-0.3,0.4-0.3,0.9,0,1.2l8,9.1c0.4,0.4,1.1,0.4,1.5,0l8-9.1c0.3-0.4,0.3-0.9,0-1.2L12.7,2.3z&#039;\/%3E%3C\/svg%3E&quot;);\">\n\t\t\t<span class=\"elementor-divider-separator\">\n\t\t\t\t\t\t<\/span>\n\t\t<\/div>\n\t\t\t\t\t\t<\/div>\n\t\t\t\t<div class=\"elementor-element elementor-element-c84511a elementor-widget elementor-widget-shortcode\" data-id=\"c84511a\" data-element_type=\"widget\" data-e-type=\"widget\" data-widget_type=\"shortcode.default\">\n\t\t\t\t\t\t\t<div class=\"elementor-shortcode\"><div class=\"woocommerce columns-3 \">\r\n<ul class=\"products oceanwp-row clr grid tablet-col tablet-2-col mobile-col mobile-2-col\">\r\n<li class=\"entry has-media col span_1_of_3 owp-content-center owp-thumbs-layout-vertical owp-btn-big owp-tabs-layout-vertical circle-sale product type-product post-30369 status-publish first instock product_cat-accessori-nascita-ragazza product_cat-accessori-nascita product_cat-accessori-neonata product_cat-accessori-neonati has-post-thumbnail taxable shipping-taxable purchasable product-type-variable has-default-attributes\">\n\t<div class=\"product-inner clr\">\n\t<div class=\"woo-entry-image-swap woo-entry-image clr\">\n\t\t<a href=\"https:\/\/voyagedelabaleine.fr\/it\/prodotto\/catenella-portaciuccio-vichy-rosa\/\" class=\"woocommerce-LoopProduct-link\"><img decoding=\"async\" width=\"600\" height=\"800\" src=\"https:\/\/voyagedelabaleine.fr\/wp-content\/uploads\/2025\/11\/attache-tetine-rose-600x800.jpg\" class=\"woo-entry-image-main\" alt=\"Catenella portaciuccio vichy &#8211; Rosa\" itemprop=\"image\" srcset=\"https:\/\/voyagedelabaleine.fr\/wp-content\/uploads\/2025\/11\/attache-tetine-rose-600x799.jpg 600w, https:\/\/voyagedelabaleine.fr\/wp-content\/uploads\/2025\/11\/attache-tetine-rose-225x300.jpg 225w, https:\/\/voyagedelabaleine.fr\/wp-content\/uploads\/2025\/11\/attache-tetine-rose-769x1024.jpg 769w, https:\/\/voyagedelabaleine.fr\/wp-content\/uploads\/2025\/11\/attache-tetine-rose-768x1023.jpg 768w, https:\/\/voyagedelabaleine.fr\/wp-content\/uploads\/2025\/11\/attache-tetine-rose.jpg 1065w\" sizes=\"(max-width: 600px) 100vw, 600px\" \/><img decoding=\"async\" width=\"600\" height=\"800\" src=\"https:\/\/voyagedelabaleine.fr\/wp-content\/uploads\/2025\/11\/attache-tetine-rose-1-600x800.jpg\" class=\"woo-entry-image-secondary\" alt=\"Catenella portaciuccio vichy &#8211; Rosa\" itemprop=\"image\" srcset=\"https:\/\/voyagedelabaleine.fr\/wp-content\/uploads\/2025\/11\/attache-tetine-rose-1-600x800.jpg 600w, https:\/\/voyagedelabaleine.fr\/wp-content\/uploads\/2025\/11\/attache-tetine-rose-1-225x300.jpg 225w, https:\/\/voyagedelabaleine.fr\/wp-content\/uploads\/2025\/11\/attache-tetine-rose-1.jpg 748w\" sizes=\"(max-width: 600px) 100vw, 600px\" \/><\/a>\t<\/div><!-- .woo-entry-image-swap -->\n\n<ul class=\"woo-entry-inner clr\"><li class=\"image-wrap\">\n\t<div class=\"woo-entry-image-swap woo-entry-image clr\">\n\t\t<a href=\"https:\/\/voyagedelabaleine.fr\/it\/prodotto\/catenella-portaciuccio-vichy-rosa\/\" class=\"woocommerce-LoopProduct-link\"><img decoding=\"async\" width=\"600\" height=\"800\" src=\"https:\/\/voyagedelabaleine.fr\/wp-content\/uploads\/2025\/11\/attache-tetine-rose-600x800.jpg\" class=\"woo-entry-image-main\" alt=\"Catenella portaciuccio vichy &#8211; Rosa\" itemprop=\"image\" srcset=\"https:\/\/voyagedelabaleine.fr\/wp-content\/uploads\/2025\/11\/attache-tetine-rose-600x799.jpg 600w, https:\/\/voyagedelabaleine.fr\/wp-content\/uploads\/2025\/11\/attache-tetine-rose-225x300.jpg 225w, https:\/\/voyagedelabaleine.fr\/wp-content\/uploads\/2025\/11\/attache-tetine-rose-769x1024.jpg 769w, https:\/\/voyagedelabaleine.fr\/wp-content\/uploads\/2025\/11\/attache-tetine-rose-768x1023.jpg 768w, https:\/\/voyagedelabaleine.fr\/wp-content\/uploads\/2025\/11\/attache-tetine-rose.jpg 1065w\" sizes=\"(max-width: 600px) 100vw, 600px\" \/><img decoding=\"async\" width=\"600\" height=\"800\" src=\"https:\/\/voyagedelabaleine.fr\/wp-content\/uploads\/2025\/11\/attache-tetine-rose-1-600x800.jpg\" class=\"woo-entry-image-secondary\" alt=\"Catenella portaciuccio vichy &#8211; Rosa\" itemprop=\"image\" srcset=\"https:\/\/voyagedelabaleine.fr\/wp-content\/uploads\/2025\/11\/attache-tetine-rose-1-600x800.jpg 600w, https:\/\/voyagedelabaleine.fr\/wp-content\/uploads\/2025\/11\/attache-tetine-rose-1-225x300.jpg 225w, https:\/\/voyagedelabaleine.fr\/wp-content\/uploads\/2025\/11\/attache-tetine-rose-1.jpg 748w\" sizes=\"(max-width: 600px) 100vw, 600px\" \/><\/a>\t<\/div><!-- .woo-entry-image-swap -->\n\n<\/li><li class=\"title\"><h2><a href=\"https:\/\/voyagedelabaleine.fr\/it\/prodotto\/catenella-portaciuccio-vichy-rosa\/\">Catenella portaciuccio vichy &#8211; Rosa<\/a><\/h2><\/li><li class=\"price-wrap\">\n\t<span class=\"price\"><span class=\"woocommerce-Price-amount amount\"><bdi>12<span class=\"woocommerce-Price-currencySymbol\">&euro;<\/span><\/bdi><\/span><\/span>\n<\/li><\/ul><\/div><!-- .product-inner .clr --><\/li>\n<li class=\"entry has-media col span_1_of_3 owp-content-center owp-thumbs-layout-vertical owp-btn-big owp-tabs-layout-vertical circle-sale product type-product post-28910 status-publish instock product_cat-accessori-nascita-ragazza product_cat-accessori-nascita product_cat-accessori-neonata product_cat-accessori-neonati has-post-thumbnail taxable shipping-taxable purchasable product-type-variable has-default-attributes\">\n\t<div class=\"product-inner clr\">\n\t<div class=\"woo-entry-image-swap woo-entry-image clr\">\n\t\t<a href=\"https:\/\/voyagedelabaleine.fr\/it\/prodotto\/bavaglino-bandana-set-da-2-rosa-personalizzabile\/\" class=\"woocommerce-LoopProduct-link\"><img decoding=\"async\" width=\"600\" height=\"800\" src=\"https:\/\/voyagedelabaleine.fr\/wp-content\/uploads\/2025\/11\/bavoir-bandana-personnalise-3-600x800.jpg\" class=\"woo-entry-image-main\" alt=\"Bavaglino bandana (set da 2) &#8211; Rosa &#8211; Personalizzabile\" itemprop=\"image\" srcset=\"https:\/\/voyagedelabaleine.fr\/wp-content\/uploads\/2025\/11\/bavoir-bandana-personnalise-3-600x800.jpg 600w, https:\/\/voyagedelabaleine.fr\/wp-content\/uploads\/2025\/11\/bavoir-bandana-personnalise-3-225x300.jpg 225w, https:\/\/voyagedelabaleine.fr\/wp-content\/uploads\/2025\/11\/bavoir-bandana-personnalise-3-768x1024.jpg 768w, https:\/\/voyagedelabaleine.fr\/wp-content\/uploads\/2025\/11\/bavoir-bandana-personnalise-3-1152x1536.jpg 1152w, https:\/\/voyagedelabaleine.fr\/wp-content\/uploads\/2025\/11\/bavoir-bandana-personnalise-3.jpg 1200w\" sizes=\"(max-width: 600px) 100vw, 600px\" \/><img decoding=\"async\" width=\"600\" height=\"800\" src=\"https:\/\/voyagedelabaleine.fr\/wp-content\/uploads\/2025\/11\/bavoir-bandana-rose-600x800.jpg\" class=\"woo-entry-image-secondary\" alt=\"Bavaglino bandana (set da 2) &#8211; Rosa &#8211; Personalizzabile\" itemprop=\"image\" srcset=\"https:\/\/voyagedelabaleine.fr\/wp-content\/uploads\/2025\/11\/bavoir-bandana-rose-600x800.jpg 600w, https:\/\/voyagedelabaleine.fr\/wp-content\/uploads\/2025\/11\/bavoir-bandana-rose-225x300.jpg 225w, https:\/\/voyagedelabaleine.fr\/wp-content\/uploads\/2025\/11\/bavoir-bandana-rose-768x1024.jpg 768w, https:\/\/voyagedelabaleine.fr\/wp-content\/uploads\/2025\/11\/bavoir-bandana-rose.jpg 855w\" sizes=\"(max-width: 600px) 100vw, 600px\" \/><\/a>\t<\/div><!-- .woo-entry-image-swap -->\n\n<ul class=\"woo-entry-inner clr\"><li class=\"image-wrap\">\n\t<div class=\"woo-entry-image-swap woo-entry-image clr\">\n\t\t<a href=\"https:\/\/voyagedelabaleine.fr\/it\/prodotto\/bavaglino-bandana-set-da-2-rosa-personalizzabile\/\" class=\"woocommerce-LoopProduct-link\"><img decoding=\"async\" width=\"600\" height=\"800\" src=\"https:\/\/voyagedelabaleine.fr\/wp-content\/uploads\/2025\/11\/bavoir-bandana-personnalise-3-600x800.jpg\" class=\"woo-entry-image-main\" alt=\"Bavaglino bandana (set da 2) &#8211; Rosa &#8211; Personalizzabile\" itemprop=\"image\" srcset=\"https:\/\/voyagedelabaleine.fr\/wp-content\/uploads\/2025\/11\/bavoir-bandana-personnalise-3-600x800.jpg 600w, https:\/\/voyagedelabaleine.fr\/wp-content\/uploads\/2025\/11\/bavoir-bandana-personnalise-3-225x300.jpg 225w, https:\/\/voyagedelabaleine.fr\/wp-content\/uploads\/2025\/11\/bavoir-bandana-personnalise-3-768x1024.jpg 768w, https:\/\/voyagedelabaleine.fr\/wp-content\/uploads\/2025\/11\/bavoir-bandana-personnalise-3-1152x1536.jpg 1152w, https:\/\/voyagedelabaleine.fr\/wp-content\/uploads\/2025\/11\/bavoir-bandana-personnalise-3.jpg 1200w\" sizes=\"(max-width: 600px) 100vw, 600px\" \/><img decoding=\"async\" width=\"600\" height=\"800\" src=\"https:\/\/voyagedelabaleine.fr\/wp-content\/uploads\/2025\/11\/bavoir-bandana-rose-600x800.jpg\" class=\"woo-entry-image-secondary\" alt=\"Bavaglino bandana (set da 2) &#8211; Rosa &#8211; Personalizzabile\" itemprop=\"image\" srcset=\"https:\/\/voyagedelabaleine.fr\/wp-content\/uploads\/2025\/11\/bavoir-bandana-rose-600x800.jpg 600w, https:\/\/voyagedelabaleine.fr\/wp-content\/uploads\/2025\/11\/bavoir-bandana-rose-225x300.jpg 225w, https:\/\/voyagedelabaleine.fr\/wp-content\/uploads\/2025\/11\/bavoir-bandana-rose-768x1024.jpg 768w, https:\/\/voyagedelabaleine.fr\/wp-content\/uploads\/2025\/11\/bavoir-bandana-rose.jpg 855w\" sizes=\"(max-width: 600px) 100vw, 600px\" \/><\/a>\t<\/div><!-- .woo-entry-image-swap -->\n\n<\/li><li class=\"title\"><h2><a href=\"https:\/\/voyagedelabaleine.fr\/it\/prodotto\/bavaglino-bandana-set-da-2-rosa-personalizzabile\/\">Bavaglino bandana (set da 2) &#8211; Rosa &#8211; Personalizzabile<\/a><\/h2><\/li><li class=\"price-wrap\">\n\t<span class=\"price\"><span class=\"woocommerce-Price-amount amount\" aria-hidden=\"true\"><bdi>14<span class=\"woocommerce-Price-currencySymbol\">&euro;<\/span><\/bdi><\/span> <span aria-hidden=\"true\">-<\/span> <span class=\"woocommerce-Price-amount amount\" aria-hidden=\"true\"><bdi>28<span class=\"woocommerce-Price-currencySymbol\">&euro;<\/span><\/bdi><\/span><span class=\"screen-reader-text\">Fascia di prezzo: da 14&euro; a 28&euro;<\/span><\/span>\n<\/li><\/ul><\/div><!-- .product-inner .clr --><\/li>\n<li class=\"entry has-media col span_1_of_3 owp-content-center owp-thumbs-layout-vertical owp-btn-big owp-tabs-layout-vertical circle-sale product type-product post-28861 status-publish last instock product_cat-accessori-nascita-ragazza product_cat-accessori-nascita product_cat-accessori-neonata product_cat-accessori-neonati has-post-thumbnail taxable shipping-taxable purchasable product-type-variable has-default-attributes\">\n\t<div class=\"product-inner clr\">\n\t<div class=\"woo-entry-image-swap woo-entry-image clr\">\n\t\t<a href=\"https:\/\/voyagedelabaleine.fr\/it\/prodotto\/poncho-da-bagno-per-neonati-bambini-e-manopola-rosa-personalizzabile\/\" class=\"woocommerce-LoopProduct-link\"><img decoding=\"async\" width=\"600\" height=\"800\" src=\"https:\/\/voyagedelabaleine.fr\/wp-content\/uploads\/2025\/11\/cape-bain-bebe-rose-1-600x800.jpg\" class=\"woo-entry-image-main\" alt=\"Poncho da bagno per neonati\/bambini e manopola &#8211; Rosa &#8211; Personalizzabile\" itemprop=\"image\" srcset=\"https:\/\/voyagedelabaleine.fr\/wp-content\/uploads\/2025\/11\/cape-bain-bebe-rose-1-600x800.jpg 600w, https:\/\/voyagedelabaleine.fr\/wp-content\/uploads\/2025\/11\/cape-bain-bebe-rose-1-225x300.jpg 225w, https:\/\/voyagedelabaleine.fr\/wp-content\/uploads\/2025\/11\/cape-bain-bebe-rose-1-768x1024.jpg 768w, https:\/\/voyagedelabaleine.fr\/wp-content\/uploads\/2025\/11\/cape-bain-bebe-rose-1-1152x1536.jpg 1152w, https:\/\/voyagedelabaleine.fr\/wp-content\/uploads\/2025\/11\/cape-bain-bebe-rose-1.jpg 1202w\" sizes=\"(max-width: 600px) 100vw, 600px\" \/><img decoding=\"async\" width=\"600\" height=\"800\" src=\"https:\/\/voyagedelabaleine.fr\/wp-content\/uploads\/2025\/11\/cape-bain-bebe-rose-600x800.jpg\" class=\"woo-entry-image-secondary\" alt=\"Poncho da bagno per neonati\/bambini e manopola &#8211; Rosa &#8211; Personalizzabile\" itemprop=\"image\" srcset=\"https:\/\/voyagedelabaleine.fr\/wp-content\/uploads\/2025\/11\/cape-bain-bebe-rose-600x799.jpg 600w, https:\/\/voyagedelabaleine.fr\/wp-content\/uploads\/2025\/11\/cape-bain-bebe-rose-225x300.jpg 225w, https:\/\/voyagedelabaleine.fr\/wp-content\/uploads\/2025\/11\/cape-bain-bebe-rose.jpg 766w\" sizes=\"(max-width: 600px) 100vw, 600px\" \/><\/a>\t<\/div><!-- .woo-entry-image-swap -->\n\n<ul class=\"woo-entry-inner clr\"><li class=\"image-wrap\">\n\t<div class=\"woo-entry-image-swap woo-entry-image clr\">\n\t\t<a href=\"https:\/\/voyagedelabaleine.fr\/it\/prodotto\/poncho-da-bagno-per-neonati-bambini-e-manopola-rosa-personalizzabile\/\" class=\"woocommerce-LoopProduct-link\"><img decoding=\"async\" width=\"600\" height=\"800\" src=\"https:\/\/voyagedelabaleine.fr\/wp-content\/uploads\/2025\/11\/cape-bain-bebe-rose-1-600x800.jpg\" class=\"woo-entry-image-main\" alt=\"Poncho da bagno per neonati\/bambini e manopola &#8211; Rosa &#8211; Personalizzabile\" itemprop=\"image\" srcset=\"https:\/\/voyagedelabaleine.fr\/wp-content\/uploads\/2025\/11\/cape-bain-bebe-rose-1-600x800.jpg 600w, https:\/\/voyagedelabaleine.fr\/wp-content\/uploads\/2025\/11\/cape-bain-bebe-rose-1-225x300.jpg 225w, https:\/\/voyagedelabaleine.fr\/wp-content\/uploads\/2025\/11\/cape-bain-bebe-rose-1-768x1024.jpg 768w, https:\/\/voyagedelabaleine.fr\/wp-content\/uploads\/2025\/11\/cape-bain-bebe-rose-1-1152x1536.jpg 1152w, https:\/\/voyagedelabaleine.fr\/wp-content\/uploads\/2025\/11\/cape-bain-bebe-rose-1.jpg 1202w\" sizes=\"(max-width: 600px) 100vw, 600px\" \/><img decoding=\"async\" width=\"600\" height=\"800\" src=\"https:\/\/voyagedelabaleine.fr\/wp-content\/uploads\/2025\/11\/cape-bain-bebe-rose-600x800.jpg\" class=\"woo-entry-image-secondary\" alt=\"Poncho da bagno per neonati\/bambini e manopola &#8211; Rosa &#8211; Personalizzabile\" itemprop=\"image\" srcset=\"https:\/\/voyagedelabaleine.fr\/wp-content\/uploads\/2025\/11\/cape-bain-bebe-rose-600x799.jpg 600w, https:\/\/voyagedelabaleine.fr\/wp-content\/uploads\/2025\/11\/cape-bain-bebe-rose-225x300.jpg 225w, https:\/\/voyagedelabaleine.fr\/wp-content\/uploads\/2025\/11\/cape-bain-bebe-rose.jpg 766w\" sizes=\"(max-width: 600px) 100vw, 600px\" \/><\/a>\t<\/div><!-- .woo-entry-image-swap -->\n\n<\/li><li class=\"title\"><h2><a href=\"https:\/\/voyagedelabaleine.fr\/it\/prodotto\/poncho-da-bagno-per-neonati-bambini-e-manopola-rosa-personalizzabile\/\">Poncho da bagno per neonati\/bambini e manopola &#8211; Rosa &#8211; Personalizzabile<\/a><\/h2><\/li><li class=\"price-wrap\">\n\t<span class=\"price\"><span class=\"woocommerce-Price-amount amount\" aria-hidden=\"true\"><bdi>36<span class=\"woocommerce-Price-currencySymbol\">&euro;<\/span><\/bdi><\/span> <span aria-hidden=\"true\">-<\/span> <span class=\"woocommerce-Price-amount amount\" aria-hidden=\"true\"><bdi>52<span class=\"woocommerce-Price-currencySymbol\">&euro;<\/span><\/bdi><\/span><span class=\"screen-reader-text\">Fascia di prezzo: da 36&euro; a 52&euro;<\/span><\/span>\n<\/li><\/ul><\/div><!-- .product-inner .clr --><\/li>\n<\/ul>\n<\/div><\/div>\n\t\t\t\t\t\t<\/div>\n\t\t\t\t<\/div>\n\t\t<div class=\"elementor-element elementor-element-3ac86f4 e-con-full e-flex e-con e-parent\" data-id=\"3ac86f4\" data-element_type=\"container\" data-e-type=\"container\">\n\t\t\t\t<div class=\"elementor-element elementor-element-67667f5 elementor-widget-divider--separator-type-pattern elementor-widget-divider--view-line elementor-widget elementor-widget-divider\" data-id=\"67667f5\" data-element_type=\"widget\" data-e-type=\"widget\" data-widget_type=\"divider.default\">\n\t\t\t\t\t\t\t<div class=\"elementor-divider\" style=\"--divider-pattern-url: url(&quot;data:image\/svg+xml,%3Csvg xmlns=&#039;http:\/\/www.w3.org\/2000\/svg&#039; preserveAspectRatio=&#039;none&#039; overflow=&#039;visible&#039; height=&#039;100%&#039; viewBox=&#039;0 0 24 24&#039; fill=&#039;black&#039; stroke=&#039;none&#039;%3E%3Cpath d=&#039;M12.7,2.3c-0.4-0.4-1.1-0.4-1.5,0l-8,9.1c-0.3,0.4-0.3,0.9,0,1.2l8,9.1c0.4,0.4,1.1,0.4,1.5,0l8-9.1c0.3-0.4,0.3-0.9,0-1.2L12.7,2.3z&#039;\/%3E%3C\/svg%3E&quot;);\">\n\t\t\t<span class=\"elementor-divider-separator\">\n\t\t\t\t\t\t<\/span>\n\t\t<\/div>\n\t\t\t\t\t\t<\/div>\n\t\t\t\t<div class=\"elementor-element elementor-element-70faec5 elementor-widget elementor-widget-shortcode\" data-id=\"70faec5\" data-element_type=\"widget\" data-e-type=\"widget\" data-widget_type=\"shortcode.default\">\n\t\t\t\t\t\t\t<div class=\"elementor-shortcode\"><div class=\"woocommerce columns-3 \">\r\n<ul class=\"products oceanwp-row clr grid tablet-col tablet-2-col mobile-col mobile-2-col\">\r\n<li class=\"entry has-media col span_1_of_3 owp-content-center owp-thumbs-layout-vertical owp-btn-big owp-tabs-layout-vertical circle-sale product type-product post-30351 status-publish first instock product_cat-accessori-nascita-ragazza product_cat-accessori-nascita-ragazzo product_cat-accessori-nascita product_cat-accessori-neonata product_cat-accessori-neonati product_cat-accessori-neonato has-post-thumbnail taxable shipping-taxable purchasable product-type-variable has-default-attributes\">\n\t<div class=\"product-inner clr\">\n\t<div class=\"woo-entry-image-swap woo-entry-image clr\">\n\t\t<a href=\"https:\/\/voyagedelabaleine.fr\/it\/prodotto\/fermaciuccio-vichy-verde\/\" class=\"woocommerce-LoopProduct-link\"><img decoding=\"async\" width=\"600\" height=\"800\" src=\"https:\/\/voyagedelabaleine.fr\/wp-content\/uploads\/2025\/11\/attache-tetine-vert-600x800.jpg\" class=\"woo-entry-image-main\" alt=\"Fermaciuccio vichy &#8211; Verde\" itemprop=\"image\" srcset=\"https:\/\/voyagedelabaleine.fr\/wp-content\/uploads\/2025\/11\/attache-tetine-vert-600x800.jpg 600w, https:\/\/voyagedelabaleine.fr\/wp-content\/uploads\/2025\/11\/attache-tetine-vert-225x300.jpg 225w, https:\/\/voyagedelabaleine.fr\/wp-content\/uploads\/2025\/11\/attache-tetine-vert-768x1024.jpg 768w, https:\/\/voyagedelabaleine.fr\/wp-content\/uploads\/2025\/11\/attache-tetine-vert-1152x1536.jpg 1152w, https:\/\/voyagedelabaleine.fr\/wp-content\/uploads\/2025\/11\/attache-tetine-vert-scaled.jpg 1536w\" sizes=\"(max-width: 600px) 100vw, 600px\" \/><img decoding=\"async\" width=\"600\" height=\"800\" src=\"https:\/\/voyagedelabaleine.fr\/wp-content\/uploads\/2025\/11\/attache-tetine-vert-1-600x800.jpg\" class=\"woo-entry-image-secondary\" alt=\"Fermaciuccio vichy &#8211; Verde\" itemprop=\"image\" srcset=\"https:\/\/voyagedelabaleine.fr\/wp-content\/uploads\/2025\/11\/attache-tetine-vert-1-600x800.jpg 600w, https:\/\/voyagedelabaleine.fr\/wp-content\/uploads\/2025\/11\/attache-tetine-vert-1-225x300.jpg 225w, https:\/\/voyagedelabaleine.fr\/wp-content\/uploads\/2025\/11\/attache-tetine-vert-1-768x1023.jpg 768w, https:\/\/voyagedelabaleine.fr\/wp-content\/uploads\/2025\/11\/attache-tetine-vert-1-1153x1536.jpg 1153w, https:\/\/voyagedelabaleine.fr\/wp-content\/uploads\/2025\/11\/attache-tetine-vert-1-scaled.jpg 1537w\" sizes=\"(max-width: 600px) 100vw, 600px\" \/><\/a>\t<\/div><!-- .woo-entry-image-swap -->\n\n<ul class=\"woo-entry-inner clr\"><li class=\"image-wrap\">\n\t<div class=\"woo-entry-image-swap woo-entry-image clr\">\n\t\t<a href=\"https:\/\/voyagedelabaleine.fr\/it\/prodotto\/fermaciuccio-vichy-verde\/\" class=\"woocommerce-LoopProduct-link\"><img decoding=\"async\" width=\"600\" height=\"800\" src=\"https:\/\/voyagedelabaleine.fr\/wp-content\/uploads\/2025\/11\/attache-tetine-vert-600x800.jpg\" class=\"woo-entry-image-main\" alt=\"Fermaciuccio vichy &#8211; Verde\" itemprop=\"image\" srcset=\"https:\/\/voyagedelabaleine.fr\/wp-content\/uploads\/2025\/11\/attache-tetine-vert-600x800.jpg 600w, https:\/\/voyagedelabaleine.fr\/wp-content\/uploads\/2025\/11\/attache-tetine-vert-225x300.jpg 225w, https:\/\/voyagedelabaleine.fr\/wp-content\/uploads\/2025\/11\/attache-tetine-vert-768x1024.jpg 768w, https:\/\/voyagedelabaleine.fr\/wp-content\/uploads\/2025\/11\/attache-tetine-vert-1152x1536.jpg 1152w, https:\/\/voyagedelabaleine.fr\/wp-content\/uploads\/2025\/11\/attache-tetine-vert-scaled.jpg 1536w\" sizes=\"(max-width: 600px) 100vw, 600px\" \/><img decoding=\"async\" width=\"600\" height=\"800\" src=\"https:\/\/voyagedelabaleine.fr\/wp-content\/uploads\/2025\/11\/attache-tetine-vert-1-600x800.jpg\" class=\"woo-entry-image-secondary\" alt=\"Fermaciuccio vichy &#8211; Verde\" itemprop=\"image\" srcset=\"https:\/\/voyagedelabaleine.fr\/wp-content\/uploads\/2025\/11\/attache-tetine-vert-1-600x800.jpg 600w, https:\/\/voyagedelabaleine.fr\/wp-content\/uploads\/2025\/11\/attache-tetine-vert-1-225x300.jpg 225w, https:\/\/voyagedelabaleine.fr\/wp-content\/uploads\/2025\/11\/attache-tetine-vert-1-768x1023.jpg 768w, https:\/\/voyagedelabaleine.fr\/wp-content\/uploads\/2025\/11\/attache-tetine-vert-1-1153x1536.jpg 1153w, https:\/\/voyagedelabaleine.fr\/wp-content\/uploads\/2025\/11\/attache-tetine-vert-1-scaled.jpg 1537w\" sizes=\"(max-width: 600px) 100vw, 600px\" \/><\/a>\t<\/div><!-- .woo-entry-image-swap -->\n\n<\/li><li class=\"title\"><h2><a href=\"https:\/\/voyagedelabaleine.fr\/it\/prodotto\/fermaciuccio-vichy-verde\/\">Fermaciuccio vichy &#8211; Verde<\/a><\/h2><\/li><li class=\"price-wrap\">\n\t<span class=\"price\"><span class=\"woocommerce-Price-amount amount\"><bdi>12<span class=\"woocommerce-Price-currencySymbol\">&euro;<\/span><\/bdi><\/span><\/span>\n<\/li><\/ul><\/div><!-- .product-inner .clr --><\/li>\n<li class=\"entry has-media col span_1_of_3 owp-content-center owp-thumbs-layout-vertical owp-btn-big owp-tabs-layout-vertical circle-sale product type-product post-33172 status-publish instock product_cat-accessori-nascita-ragazza product_cat-accessori-nascita-ragazzo product_cat-accessori-nascita product_cat-accessori-neonata product_cat-accessori-neonati product_cat-accessori-neonato has-post-thumbnail taxable shipping-taxable purchasable product-type-variable has-default-attributes\">\n\t<div class=\"product-inner clr\">\n\t<div class=\"woo-entry-image-swap woo-entry-image clr\">\n\t\t<a href=\"https:\/\/voyagedelabaleine.fr\/it\/prodotto\/bavaglino-bandana-set-da-2-verde-personalizzabile\/\" class=\"woocommerce-LoopProduct-link\"><img decoding=\"async\" width=\"600\" height=\"800\" src=\"https:\/\/voyagedelabaleine.fr\/wp-content\/uploads\/2025\/11\/bavoir-bandana-vert-600x800.jpg\" class=\"woo-entry-image-main\" alt=\"Bavaglino bandana (set da 2) &#8211; Verde &#8211; Personalizzabile\" itemprop=\"image\" srcset=\"https:\/\/voyagedelabaleine.fr\/wp-content\/uploads\/2025\/11\/bavoir-bandana-vert-600x800.jpg 600w, https:\/\/voyagedelabaleine.fr\/wp-content\/uploads\/2025\/11\/bavoir-bandana-vert-225x300.jpg 225w, https:\/\/voyagedelabaleine.fr\/wp-content\/uploads\/2025\/11\/bavoir-bandana-vert-768x1024.jpg 768w, https:\/\/voyagedelabaleine.fr\/wp-content\/uploads\/2025\/11\/bavoir-bandana-vert-1152x1536.jpg 1152w, https:\/\/voyagedelabaleine.fr\/wp-content\/uploads\/2025\/11\/bavoir-bandana-vert-scaled.jpg 1536w\" sizes=\"(max-width: 600px) 100vw, 600px\" \/><img decoding=\"async\" width=\"600\" height=\"800\" src=\"https:\/\/voyagedelabaleine.fr\/wp-content\/uploads\/2025\/11\/bavoir-bandana-vert-1-600x800.jpg\" class=\"woo-entry-image-secondary\" alt=\"Bavaglino bandana (set da 2) &#8211; Verde &#8211; Personalizzabile\" itemprop=\"image\" srcset=\"https:\/\/voyagedelabaleine.fr\/wp-content\/uploads\/2025\/11\/bavoir-bandana-vert-1-600x800.jpg 600w, https:\/\/voyagedelabaleine.fr\/wp-content\/uploads\/2025\/11\/bavoir-bandana-vert-1-225x300.jpg 225w, https:\/\/voyagedelabaleine.fr\/wp-content\/uploads\/2025\/11\/bavoir-bandana-vert-1-768x1024.jpg 768w, https:\/\/voyagedelabaleine.fr\/wp-content\/uploads\/2025\/11\/bavoir-bandana-vert-1-1152x1536.jpg 1152w, https:\/\/voyagedelabaleine.fr\/wp-content\/uploads\/2025\/11\/bavoir-bandana-vert-1-scaled.jpg 1536w\" sizes=\"(max-width: 600px) 100vw, 600px\" \/><\/a>\t<\/div><!-- .woo-entry-image-swap -->\n\n<ul class=\"woo-entry-inner clr\"><li class=\"image-wrap\">\n\t<div class=\"woo-entry-image-swap woo-entry-image clr\">\n\t\t<a href=\"https:\/\/voyagedelabaleine.fr\/it\/prodotto\/bavaglino-bandana-set-da-2-verde-personalizzabile\/\" class=\"woocommerce-LoopProduct-link\"><img decoding=\"async\" width=\"600\" height=\"800\" src=\"https:\/\/voyagedelabaleine.fr\/wp-content\/uploads\/2025\/11\/bavoir-bandana-vert-600x800.jpg\" class=\"woo-entry-image-main\" alt=\"Bavaglino bandana (set da 2) &#8211; Verde &#8211; Personalizzabile\" itemprop=\"image\" srcset=\"https:\/\/voyagedelabaleine.fr\/wp-content\/uploads\/2025\/11\/bavoir-bandana-vert-600x800.jpg 600w, https:\/\/voyagedelabaleine.fr\/wp-content\/uploads\/2025\/11\/bavoir-bandana-vert-225x300.jpg 225w, https:\/\/voyagedelabaleine.fr\/wp-content\/uploads\/2025\/11\/bavoir-bandana-vert-768x1024.jpg 768w, https:\/\/voyagedelabaleine.fr\/wp-content\/uploads\/2025\/11\/bavoir-bandana-vert-1152x1536.jpg 1152w, https:\/\/voyagedelabaleine.fr\/wp-content\/uploads\/2025\/11\/bavoir-bandana-vert-scaled.jpg 1536w\" sizes=\"(max-width: 600px) 100vw, 600px\" \/><img decoding=\"async\" width=\"600\" height=\"800\" src=\"https:\/\/voyagedelabaleine.fr\/wp-content\/uploads\/2025\/11\/bavoir-bandana-vert-1-600x800.jpg\" class=\"woo-entry-image-secondary\" alt=\"Bavaglino bandana (set da 2) &#8211; Verde &#8211; Personalizzabile\" itemprop=\"image\" srcset=\"https:\/\/voyagedelabaleine.fr\/wp-content\/uploads\/2025\/11\/bavoir-bandana-vert-1-600x800.jpg 600w, https:\/\/voyagedelabaleine.fr\/wp-content\/uploads\/2025\/11\/bavoir-bandana-vert-1-225x300.jpg 225w, https:\/\/voyagedelabaleine.fr\/wp-content\/uploads\/2025\/11\/bavoir-bandana-vert-1-768x1024.jpg 768w, https:\/\/voyagedelabaleine.fr\/wp-content\/uploads\/2025\/11\/bavoir-bandana-vert-1-1152x1536.jpg 1152w, https:\/\/voyagedelabaleine.fr\/wp-content\/uploads\/2025\/11\/bavoir-bandana-vert-1-scaled.jpg 1536w\" sizes=\"(max-width: 600px) 100vw, 600px\" \/><\/a>\t<\/div><!-- .woo-entry-image-swap -->\n\n<\/li><li class=\"title\"><h2><a href=\"https:\/\/voyagedelabaleine.fr\/it\/prodotto\/bavaglino-bandana-set-da-2-verde-personalizzabile\/\">Bavaglino bandana (set da 2) &#8211; Verde &#8211; Personalizzabile<\/a><\/h2><\/li><li class=\"price-wrap\">\n\t<span class=\"price\"><span class=\"woocommerce-Price-amount amount\" aria-hidden=\"true\"><bdi>14<span class=\"woocommerce-Price-currencySymbol\">&euro;<\/span><\/bdi><\/span> <span aria-hidden=\"true\">-<\/span> <span class=\"woocommerce-Price-amount amount\" aria-hidden=\"true\"><bdi>28<span class=\"woocommerce-Price-currencySymbol\">&euro;<\/span><\/bdi><\/span><span class=\"screen-reader-text\">Fascia di prezzo: da 14&euro; a 28&euro;<\/span><\/span>\n<\/li><\/ul><\/div><!-- .product-inner .clr --><\/li>\n<li class=\"entry has-media col span_1_of_3 owp-content-center owp-thumbs-layout-vertical owp-btn-big owp-tabs-layout-vertical circle-sale product type-product post-28893 status-publish last instock product_cat-accessori-nascita-ragazza product_cat-accessori-nascita-ragazzo product_cat-accessori-nascita product_cat-accessori-neonata product_cat-accessori-neonati product_cat-accessori-neonato has-post-thumbnail taxable shipping-taxable purchasable product-type-variable has-default-attributes\">\n\t<div class=\"product-inner clr\">\n\t<div class=\"woo-entry-image-swap woo-entry-image clr\">\n\t\t<a href=\"https:\/\/voyagedelabaleine.fr\/it\/prodotto\/accappatoio-per-neonati-bambini-e-guanto-da-bagno-verde-personalizzabile\/\" class=\"woocommerce-LoopProduct-link\"><img decoding=\"async\" width=\"600\" height=\"800\" src=\"https:\/\/voyagedelabaleine.fr\/wp-content\/uploads\/2025\/11\/cape-bain-personnalise-2-600x800.jpg\" class=\"woo-entry-image-main\" alt=\"Accappatoio per neonati\/bambini e guanto da bagno &#8211; Verde &#8211; Personalizzabile\" itemprop=\"image\" srcset=\"https:\/\/voyagedelabaleine.fr\/wp-content\/uploads\/2025\/11\/cape-bain-personnalise-2-600x800.jpg 600w, https:\/\/voyagedelabaleine.fr\/wp-content\/uploads\/2025\/11\/cape-bain-personnalise-2-225x300.jpg 225w, https:\/\/voyagedelabaleine.fr\/wp-content\/uploads\/2025\/11\/cape-bain-personnalise-2-768x1024.jpg 768w, https:\/\/voyagedelabaleine.fr\/wp-content\/uploads\/2025\/11\/cape-bain-personnalise-2.jpg 1000w\" sizes=\"(max-width: 600px) 100vw, 600px\" \/><img decoding=\"async\" width=\"600\" height=\"800\" src=\"https:\/\/voyagedelabaleine.fr\/wp-content\/uploads\/2025\/11\/cape-bain-bebe-vert-600x800.jpg\" class=\"woo-entry-image-secondary\" alt=\"Accappatoio per neonati\/bambini e guanto da bagno &#8211; Verde &#8211; Personalizzabile\" itemprop=\"image\" srcset=\"https:\/\/voyagedelabaleine.fr\/wp-content\/uploads\/2025\/11\/cape-bain-bebe-vert-600x800.jpg 600w, https:\/\/voyagedelabaleine.fr\/wp-content\/uploads\/2025\/11\/cape-bain-bebe-vert-225x300.jpg 225w, https:\/\/voyagedelabaleine.fr\/wp-content\/uploads\/2025\/11\/cape-bain-bebe-vert-768x1024.jpg 768w, https:\/\/voyagedelabaleine.fr\/wp-content\/uploads\/2025\/11\/cape-bain-bebe-vert.jpg 900w\" sizes=\"(max-width: 600px) 100vw, 600px\" \/><\/a>\t<\/div><!-- .woo-entry-image-swap -->\n\n<ul class=\"woo-entry-inner clr\"><li class=\"image-wrap\">\n\t<div class=\"woo-entry-image-swap woo-entry-image clr\">\n\t\t<a href=\"https:\/\/voyagedelabaleine.fr\/it\/prodotto\/accappatoio-per-neonati-bambini-e-guanto-da-bagno-verde-personalizzabile\/\" class=\"woocommerce-LoopProduct-link\"><img decoding=\"async\" width=\"600\" height=\"800\" src=\"https:\/\/voyagedelabaleine.fr\/wp-content\/uploads\/2025\/11\/cape-bain-personnalise-2-600x800.jpg\" class=\"woo-entry-image-main\" alt=\"Accappatoio per neonati\/bambini e guanto da bagno &#8211; Verde &#8211; Personalizzabile\" itemprop=\"image\" srcset=\"https:\/\/voyagedelabaleine.fr\/wp-content\/uploads\/2025\/11\/cape-bain-personnalise-2-600x800.jpg 600w, https:\/\/voyagedelabaleine.fr\/wp-content\/uploads\/2025\/11\/cape-bain-personnalise-2-225x300.jpg 225w, https:\/\/voyagedelabaleine.fr\/wp-content\/uploads\/2025\/11\/cape-bain-personnalise-2-768x1024.jpg 768w, https:\/\/voyagedelabaleine.fr\/wp-content\/uploads\/2025\/11\/cape-bain-personnalise-2.jpg 1000w\" sizes=\"(max-width: 600px) 100vw, 600px\" \/><img decoding=\"async\" width=\"600\" height=\"800\" src=\"https:\/\/voyagedelabaleine.fr\/wp-content\/uploads\/2025\/11\/cape-bain-bebe-vert-600x800.jpg\" class=\"woo-entry-image-secondary\" alt=\"Accappatoio per neonati\/bambini e guanto da bagno &#8211; Verde &#8211; Personalizzabile\" itemprop=\"image\" srcset=\"https:\/\/voyagedelabaleine.fr\/wp-content\/uploads\/2025\/11\/cape-bain-bebe-vert-600x800.jpg 600w, https:\/\/voyagedelabaleine.fr\/wp-content\/uploads\/2025\/11\/cape-bain-bebe-vert-225x300.jpg 225w, https:\/\/voyagedelabaleine.fr\/wp-content\/uploads\/2025\/11\/cape-bain-bebe-vert-768x1024.jpg 768w, https:\/\/voyagedelabaleine.fr\/wp-content\/uploads\/2025\/11\/cape-bain-bebe-vert.jpg 900w\" sizes=\"(max-width: 600px) 100vw, 600px\" \/><\/a>\t<\/div><!-- .woo-entry-image-swap -->\n\n<\/li><li class=\"title\"><h2><a href=\"https:\/\/voyagedelabaleine.fr\/it\/prodotto\/accappatoio-per-neonati-bambini-e-guanto-da-bagno-verde-personalizzabile\/\">Accappatoio per neonati\/bambini e guanto da bagno &#8211; Verde &#8211; Personalizzabile<\/a><\/h2><\/li><li class=\"price-wrap\">\n\t<span class=\"price\"><span class=\"woocommerce-Price-amount amount\" aria-hidden=\"true\"><bdi>36<span class=\"woocommerce-Price-currencySymbol\">&euro;<\/span><\/bdi><\/span> <span aria-hidden=\"true\">-<\/span> <span class=\"woocommerce-Price-amount amount\" aria-hidden=\"true\"><bdi>52<span class=\"woocommerce-Price-currencySymbol\">&euro;<\/span><\/bdi><\/span><span class=\"screen-reader-text\">Fascia di prezzo: da 36&euro; a 52&euro;<\/span><\/span>\n<\/li><\/ul><\/div><!-- .product-inner .clr --><\/li>\n<\/ul>\n<\/div><\/div>\n\t\t\t\t\t\t<\/div>\n\t\t\t\t<\/div>\n\t\t<div class=\"elementor-element elementor-element-4462232 e-con-full e-flex e-con e-parent\" data-id=\"4462232\" data-element_type=\"container\" data-e-type=\"container\">\n\t\t\t\t<div class=\"elementor-element elementor-element-94e7d03 elementor-widget-divider--separator-type-pattern elementor-widget-divider--view-line elementor-widget elementor-widget-divider\" data-id=\"94e7d03\" data-element_type=\"widget\" data-e-type=\"widget\" data-widget_type=\"divider.default\">\n\t\t\t\t\t\t\t<div class=\"elementor-divider\" style=\"--divider-pattern-url: url(&quot;data:image\/svg+xml,%3Csvg xmlns=&#039;http:\/\/www.w3.org\/2000\/svg&#039; preserveAspectRatio=&#039;none&#039; overflow=&#039;visible&#039; height=&#039;100%&#039; viewBox=&#039;0 0 24 24&#039; fill=&#039;black&#039; stroke=&#039;none&#039;%3E%3Cpath d=&#039;M12.7,2.3c-0.4-0.4-1.1-0.4-1.5,0l-8,9.1c-0.3,0.4-0.3,0.9,0,1.2l8,9.1c0.4,0.4,1.1,0.4,1.5,0l8-9.1c0.3-0.4,0.3-0.9,0-1.2L12.7,2.3z&#039;\/%3E%3C\/svg%3E&quot;);\">\n\t\t\t<span class=\"elementor-divider-separator\">\n\t\t\t\t\t\t<\/span>\n\t\t<\/div>\n\t\t\t\t\t\t<\/div>\n\t\t\t\t<div class=\"elementor-element elementor-element-f30da84 elementor-widget__width-initial elementor-widget-mobile__width-inherit elementor-widget elementor-widget-shortcode\" data-id=\"f30da84\" data-element_type=\"widget\" data-e-type=\"widget\" data-widget_type=\"shortcode.default\">\n\t\t\t\t\t\t\t<div class=\"elementor-shortcode\"><div class=\"woocommerce columns-2 \">\r\n<ul class=\"products oceanwp-row clr grid tablet-col tablet-2-col mobile-col mobile-2-col\">\r\n<li class=\"entry has-media col span_1_of_2 owp-content-center owp-thumbs-layout-vertical owp-btn-big owp-tabs-layout-vertical circle-sale product type-product post-30280 status-publish first instock product_cat-abbigliamento product_cat-pagliaccetto-salopette-nascita product_cat-pagliaccetto-salopette-nascita-ragazza product_cat-pagliaccetto-salopette-neonata product_cat-pagliaccetto-salopette-neonati has-post-thumbnail taxable shipping-taxable purchasable product-type-variable has-default-attributes\">\n\t<div class=\"product-inner clr\">\n\t<div class=\"woo-entry-image-swap woo-entry-image clr\">\n\t\t<a href=\"https:\/\/voyagedelabaleine.fr\/it\/prodotto\/pagliaccetto-vichy-in-cotone-caldo-rosa\/\" class=\"woocommerce-LoopProduct-link\"><img decoding=\"async\" width=\"600\" height=\"800\" src=\"https:\/\/voyagedelabaleine.fr\/wp-content\/uploads\/2025\/09\/barboteuse-bebe-vichy-rose-2-600x800.jpg\" class=\"woo-entry-image-main\" alt=\"Pagliaccetto vichy in cotone caldo &#8211; Rosa\" itemprop=\"image\" srcset=\"https:\/\/voyagedelabaleine.fr\/wp-content\/uploads\/2025\/09\/barboteuse-bebe-vichy-rose-2-600x800.jpg 600w, https:\/\/voyagedelabaleine.fr\/wp-content\/uploads\/2025\/09\/barboteuse-bebe-vichy-rose-2-225x300.jpg 225w, https:\/\/voyagedelabaleine.fr\/wp-content\/uploads\/2025\/09\/barboteuse-bebe-vichy-rose-2-768x1024.jpg 768w, https:\/\/voyagedelabaleine.fr\/wp-content\/uploads\/2025\/09\/barboteuse-bebe-vichy-rose-2.jpg 1008w\" sizes=\"(max-width: 600px) 100vw, 600px\" \/><img decoding=\"async\" width=\"600\" height=\"800\" src=\"https:\/\/voyagedelabaleine.fr\/wp-content\/uploads\/2025\/09\/barboteuse-bebe-vichy-rose-1-600x800.jpg\" class=\"woo-entry-image-secondary\" alt=\"Pagliaccetto vichy in cotone caldo &#8211; Rosa\" itemprop=\"image\" srcset=\"https:\/\/voyagedelabaleine.fr\/wp-content\/uploads\/2025\/09\/barboteuse-bebe-vichy-rose-1-600x800.jpg 600w, https:\/\/voyagedelabaleine.fr\/wp-content\/uploads\/2025\/09\/barboteuse-bebe-vichy-rose-1-225x300.jpg 225w, https:\/\/voyagedelabaleine.fr\/wp-content\/uploads\/2025\/09\/barboteuse-bebe-vichy-rose-1.jpg 680w\" sizes=\"(max-width: 600px) 100vw, 600px\" \/><\/a>\t<\/div><!-- .woo-entry-image-swap -->\n\n<ul class=\"woo-entry-inner clr\"><li class=\"image-wrap\">\n\t<div class=\"woo-entry-image-swap woo-entry-image clr\">\n\t\t<a href=\"https:\/\/voyagedelabaleine.fr\/it\/prodotto\/pagliaccetto-vichy-in-cotone-caldo-rosa\/\" class=\"woocommerce-LoopProduct-link\"><img decoding=\"async\" width=\"600\" height=\"800\" src=\"https:\/\/voyagedelabaleine.fr\/wp-content\/uploads\/2025\/09\/barboteuse-bebe-vichy-rose-2-600x800.jpg\" class=\"woo-entry-image-main\" alt=\"Pagliaccetto vichy in cotone caldo &#8211; Rosa\" itemprop=\"image\" srcset=\"https:\/\/voyagedelabaleine.fr\/wp-content\/uploads\/2025\/09\/barboteuse-bebe-vichy-rose-2-600x800.jpg 600w, https:\/\/voyagedelabaleine.fr\/wp-content\/uploads\/2025\/09\/barboteuse-bebe-vichy-rose-2-225x300.jpg 225w, https:\/\/voyagedelabaleine.fr\/wp-content\/uploads\/2025\/09\/barboteuse-bebe-vichy-rose-2-768x1024.jpg 768w, https:\/\/voyagedelabaleine.fr\/wp-content\/uploads\/2025\/09\/barboteuse-bebe-vichy-rose-2.jpg 1008w\" sizes=\"(max-width: 600px) 100vw, 600px\" \/><img decoding=\"async\" width=\"600\" height=\"800\" src=\"https:\/\/voyagedelabaleine.fr\/wp-content\/uploads\/2025\/09\/barboteuse-bebe-vichy-rose-1-600x800.jpg\" class=\"woo-entry-image-secondary\" alt=\"Pagliaccetto vichy in cotone caldo &#8211; Rosa\" itemprop=\"image\" srcset=\"https:\/\/voyagedelabaleine.fr\/wp-content\/uploads\/2025\/09\/barboteuse-bebe-vichy-rose-1-600x800.jpg 600w, https:\/\/voyagedelabaleine.fr\/wp-content\/uploads\/2025\/09\/barboteuse-bebe-vichy-rose-1-225x300.jpg 225w, https:\/\/voyagedelabaleine.fr\/wp-content\/uploads\/2025\/09\/barboteuse-bebe-vichy-rose-1.jpg 680w\" sizes=\"(max-width: 600px) 100vw, 600px\" \/><\/a>\t<\/div><!-- .woo-entry-image-swap -->\n\n<\/li><li class=\"title\"><h2><a href=\"https:\/\/voyagedelabaleine.fr\/it\/prodotto\/pagliaccetto-vichy-in-cotone-caldo-rosa\/\">Pagliaccetto vichy in cotone caldo &#8211; Rosa<\/a><\/h2><\/li><li class=\"price-wrap\">\n\t<span class=\"price\"><span class=\"woocommerce-Price-amount amount\"><bdi>58<span class=\"woocommerce-Price-currencySymbol\">&euro;<\/span><\/bdi><\/span><\/span>\n<\/li><\/ul><\/div><!-- .product-inner .clr --><\/li>\n<li class=\"entry has-media has-rating col span_1_of_2 owp-content-center owp-thumbs-layout-vertical owp-btn-big owp-tabs-layout-vertical circle-sale product type-product post-29810 status-publish last instock product_cat-abbigliamento product_cat-maglione-gilet-cardigan-nascita product_cat-maglione-gilet-cardigan-nascita-ragazza product_cat-maglione-gilet-cardigan-bambina product_cat-maglione-gilet-cardigan-bambini product_cat-maglione-gilet-cardigan-neonata product_cat-maglione-gilet-cardigan-neonati has-post-thumbnail taxable shipping-taxable purchasable product-type-variable has-default-attributes\">\n\t<div class=\"product-inner clr\">\n\t<div class=\"woo-entry-image-swap woo-entry-image clr\">\n\t\t<a href=\"https:\/\/voyagedelabaleine.fr\/it\/prodotto\/cardigan-neonato-rosa\/\" class=\"woocommerce-LoopProduct-link\"><img decoding=\"async\" width=\"600\" height=\"800\" src=\"https:\/\/voyagedelabaleine.fr\/wp-content\/uploads\/2026\/02\/gilet-rose-point-mousse-600x800.jpg\" class=\"woo-entry-image-main\" alt=\"Cardigan neonato &#8211; Rosa\" itemprop=\"image\" srcset=\"https:\/\/voyagedelabaleine.fr\/wp-content\/uploads\/2026\/02\/gilet-rose-point-mousse-600x799.jpg 600w, https:\/\/voyagedelabaleine.fr\/wp-content\/uploads\/2026\/02\/gilet-rose-point-mousse-225x300.jpg 225w, https:\/\/voyagedelabaleine.fr\/wp-content\/uploads\/2026\/02\/gilet-rose-point-mousse-769x1024.jpg 769w, https:\/\/voyagedelabaleine.fr\/wp-content\/uploads\/2026\/02\/gilet-rose-point-mousse-768x1023.jpg 768w, https:\/\/voyagedelabaleine.fr\/wp-content\/uploads\/2026\/02\/gilet-rose-point-mousse.jpg 1051w\" sizes=\"(max-width: 600px) 100vw, 600px\" \/><img decoding=\"async\" width=\"600\" height=\"800\" src=\"https:\/\/voyagedelabaleine.fr\/wp-content\/uploads\/2026\/02\/gilet-rose-point-mousse-2-600x800.jpg\" class=\"woo-entry-image-secondary\" alt=\"Cardigan neonato &#8211; Rosa\" itemprop=\"image\" srcset=\"https:\/\/voyagedelabaleine.fr\/wp-content\/uploads\/2026\/02\/gilet-rose-point-mousse-2-600x799.jpg 600w, https:\/\/voyagedelabaleine.fr\/wp-content\/uploads\/2026\/02\/gilet-rose-point-mousse-2-225x300.jpg 225w, https:\/\/voyagedelabaleine.fr\/wp-content\/uploads\/2026\/02\/gilet-rose-point-mousse-2-769x1024.jpg 769w, https:\/\/voyagedelabaleine.fr\/wp-content\/uploads\/2026\/02\/gilet-rose-point-mousse-2-768x1023.jpg 768w, https:\/\/voyagedelabaleine.fr\/wp-content\/uploads\/2026\/02\/gilet-rose-point-mousse-2.jpg 1011w\" sizes=\"(max-width: 600px) 100vw, 600px\" \/><\/a>\t<\/div><!-- .woo-entry-image-swap -->\n\n<ul class=\"woo-entry-inner clr\"><li class=\"image-wrap\">\n\t<div class=\"woo-entry-image-swap woo-entry-image clr\">\n\t\t<a href=\"https:\/\/voyagedelabaleine.fr\/it\/prodotto\/cardigan-neonato-rosa\/\" class=\"woocommerce-LoopProduct-link\"><img decoding=\"async\" width=\"600\" height=\"800\" src=\"https:\/\/voyagedelabaleine.fr\/wp-content\/uploads\/2026\/02\/gilet-rose-point-mousse-600x800.jpg\" class=\"woo-entry-image-main\" alt=\"Cardigan neonato &#8211; Rosa\" itemprop=\"image\" srcset=\"https:\/\/voyagedelabaleine.fr\/wp-content\/uploads\/2026\/02\/gilet-rose-point-mousse-600x799.jpg 600w, https:\/\/voyagedelabaleine.fr\/wp-content\/uploads\/2026\/02\/gilet-rose-point-mousse-225x300.jpg 225w, https:\/\/voyagedelabaleine.fr\/wp-content\/uploads\/2026\/02\/gilet-rose-point-mousse-769x1024.jpg 769w, https:\/\/voyagedelabaleine.fr\/wp-content\/uploads\/2026\/02\/gilet-rose-point-mousse-768x1023.jpg 768w, https:\/\/voyagedelabaleine.fr\/wp-content\/uploads\/2026\/02\/gilet-rose-point-mousse.jpg 1051w\" sizes=\"(max-width: 600px) 100vw, 600px\" \/><img decoding=\"async\" width=\"600\" height=\"800\" src=\"https:\/\/voyagedelabaleine.fr\/wp-content\/uploads\/2026\/02\/gilet-rose-point-mousse-2-600x800.jpg\" class=\"woo-entry-image-secondary\" alt=\"Cardigan neonato &#8211; Rosa\" itemprop=\"image\" srcset=\"https:\/\/voyagedelabaleine.fr\/wp-content\/uploads\/2026\/02\/gilet-rose-point-mousse-2-600x799.jpg 600w, https:\/\/voyagedelabaleine.fr\/wp-content\/uploads\/2026\/02\/gilet-rose-point-mousse-2-225x300.jpg 225w, https:\/\/voyagedelabaleine.fr\/wp-content\/uploads\/2026\/02\/gilet-rose-point-mousse-2-769x1024.jpg 769w, https:\/\/voyagedelabaleine.fr\/wp-content\/uploads\/2026\/02\/gilet-rose-point-mousse-2-768x1023.jpg 768w, https:\/\/voyagedelabaleine.fr\/wp-content\/uploads\/2026\/02\/gilet-rose-point-mousse-2.jpg 1011w\" sizes=\"(max-width: 600px) 100vw, 600px\" \/><\/a>\t<\/div><!-- .woo-entry-image-swap -->\n\n<\/li><li class=\"title\"><h2><a href=\"https:\/\/voyagedelabaleine.fr\/it\/prodotto\/cardigan-neonato-rosa\/\">Cardigan neonato &#8211; Rosa<\/a><\/h2><\/li><li class=\"price-wrap\">\n\t<span class=\"price\"><span class=\"woocommerce-Price-amount amount\"><bdi>38<span class=\"woocommerce-Price-currencySymbol\">&euro;<\/span><\/bdi><\/span><\/span>\n<\/li><\/ul><\/div><!-- .product-inner .clr --><\/li>\n<\/ul>\n<\/div><\/div>\n\t\t\t\t\t\t<\/div>\n\t\t\t\t<\/div>\n\t\t<div class=\"elementor-element elementor-element-197e2df e-con-full e-flex e-con e-parent\" data-id=\"197e2df\" data-element_type=\"container\" data-e-type=\"container\">\n\t\t\t\t<div class=\"elementor-element elementor-element-dba87ce elementor-widget-divider--separator-type-pattern elementor-widget-divider--view-line elementor-widget elementor-widget-divider\" data-id=\"dba87ce\" data-element_type=\"widget\" data-e-type=\"widget\" data-widget_type=\"divider.default\">\n\t\t\t\t\t\t\t<div class=\"elementor-divider\" style=\"--divider-pattern-url: url(&quot;data:image\/svg+xml,%3Csvg xmlns=&#039;http:\/\/www.w3.org\/2000\/svg&#039; preserveAspectRatio=&#039;none&#039; overflow=&#039;visible&#039; height=&#039;100%&#039; viewBox=&#039;0 0 24 24&#039; fill=&#039;black&#039; stroke=&#039;none&#039;%3E%3Cpath d=&#039;M12.7,2.3c-0.4-0.4-1.1-0.4-1.5,0l-8,9.1c-0.3,0.4-0.3,0.9,0,1.2l8,9.1c0.4,0.4,1.1,0.4,1.5,0l8-9.1c0.3-0.4,0.3-0.9,0-1.2L12.7,2.3z&#039;\/%3E%3C\/svg%3E&quot;);\">\n\t\t\t<span class=\"elementor-divider-separator\">\n\t\t\t\t\t\t<\/span>\n\t\t<\/div>\n\t\t\t\t\t\t<\/div>\n\t\t\t\t<div class=\"elementor-element elementor-element-6d63f95 elementor-widget elementor-widget-shortcode\" data-id=\"6d63f95\" data-element_type=\"widget\" data-e-type=\"widget\" data-widget_type=\"shortcode.default\">\n\t\t\t\t\t\t\t<div class=\"elementor-shortcode\"><div class=\"woocommerce columns-3 \">\r\n<ul class=\"products oceanwp-row clr grid tablet-col tablet-2-col mobile-col mobile-2-col\">\r\n<li class=\"entry has-media has-rating col span_1_of_3 owp-content-center owp-thumbs-layout-vertical owp-btn-big owp-tabs-layout-vertical circle-sale product type-product post-30914 status-publish first instock product_cat-body product_cat-body-nascita product_cat-body-nascita-ragazza product_cat-body-neonati product_cat-body-neonata has-post-thumbnail taxable shipping-taxable purchasable product-type-variable has-default-attributes\">\n\t<div class=\"product-inner clr\">\n\t<div class=\"woo-entry-image-swap woo-entry-image clr\">\n\t\t<a href=\"https:\/\/voyagedelabaleine.fr\/it\/prodotto\/body-neonata-con-colletto-ricamato-bianco\/\" class=\"woocommerce-LoopProduct-link\"><img decoding=\"async\" width=\"600\" height=\"800\" src=\"https:\/\/voyagedelabaleine.fr\/wp-content\/uploads\/2025\/07\/body-bebe-fille-col-brode-fleurs-600x800.jpg\" class=\"woo-entry-image-main\" alt=\"Body neonata con colletto ricamato &#8211; Bianco\" itemprop=\"image\" srcset=\"https:\/\/voyagedelabaleine.fr\/wp-content\/uploads\/2025\/07\/body-bebe-fille-col-brode-fleurs-600x800.jpg 600w, https:\/\/voyagedelabaleine.fr\/wp-content\/uploads\/2025\/07\/body-bebe-fille-col-brode-fleurs-225x300.jpg 225w, https:\/\/voyagedelabaleine.fr\/wp-content\/uploads\/2025\/07\/body-bebe-fille-col-brode-fleurs-768x1024.jpg 768w, https:\/\/voyagedelabaleine.fr\/wp-content\/uploads\/2025\/07\/body-bebe-fille-col-brode-fleurs.jpg 1100w\" sizes=\"(max-width: 600px) 100vw, 600px\" \/><img decoding=\"async\" width=\"600\" height=\"800\" src=\"https:\/\/voyagedelabaleine.fr\/wp-content\/uploads\/2025\/07\/body-bebe-fille-col-brode-fleurs-2-600x800.jpg\" class=\"woo-entry-image-secondary\" alt=\"Body neonata con colletto ricamato &#8211; Bianco\" itemprop=\"image\" srcset=\"https:\/\/voyagedelabaleine.fr\/wp-content\/uploads\/2025\/07\/body-bebe-fille-col-brode-fleurs-2-600x800.jpg 600w, https:\/\/voyagedelabaleine.fr\/wp-content\/uploads\/2025\/07\/body-bebe-fille-col-brode-fleurs-2-225x300.jpg 225w, https:\/\/voyagedelabaleine.fr\/wp-content\/uploads\/2025\/07\/body-bebe-fille-col-brode-fleurs-2-768x1024.jpg 768w, https:\/\/voyagedelabaleine.fr\/wp-content\/uploads\/2025\/07\/body-bebe-fille-col-brode-fleurs-2.jpg 1144w\" sizes=\"(max-width: 600px) 100vw, 600px\" \/><\/a>\t<\/div><!-- .woo-entry-image-swap -->\n\n<ul class=\"woo-entry-inner clr\"><li class=\"image-wrap\">\n\t<div class=\"woo-entry-image-swap woo-entry-image clr\">\n\t\t<a href=\"https:\/\/voyagedelabaleine.fr\/it\/prodotto\/body-neonata-con-colletto-ricamato-bianco\/\" class=\"woocommerce-LoopProduct-link\"><img decoding=\"async\" width=\"600\" height=\"800\" src=\"https:\/\/voyagedelabaleine.fr\/wp-content\/uploads\/2025\/07\/body-bebe-fille-col-brode-fleurs-600x800.jpg\" class=\"woo-entry-image-main\" alt=\"Body neonata con colletto ricamato &#8211; Bianco\" itemprop=\"image\" srcset=\"https:\/\/voyagedelabaleine.fr\/wp-content\/uploads\/2025\/07\/body-bebe-fille-col-brode-fleurs-600x800.jpg 600w, https:\/\/voyagedelabaleine.fr\/wp-content\/uploads\/2025\/07\/body-bebe-fille-col-brode-fleurs-225x300.jpg 225w, https:\/\/voyagedelabaleine.fr\/wp-content\/uploads\/2025\/07\/body-bebe-fille-col-brode-fleurs-768x1024.jpg 768w, https:\/\/voyagedelabaleine.fr\/wp-content\/uploads\/2025\/07\/body-bebe-fille-col-brode-fleurs.jpg 1100w\" sizes=\"(max-width: 600px) 100vw, 600px\" \/><img decoding=\"async\" width=\"600\" height=\"800\" src=\"https:\/\/voyagedelabaleine.fr\/wp-content\/uploads\/2025\/07\/body-bebe-fille-col-brode-fleurs-2-600x800.jpg\" class=\"woo-entry-image-secondary\" alt=\"Body neonata con colletto ricamato &#8211; Bianco\" itemprop=\"image\" srcset=\"https:\/\/voyagedelabaleine.fr\/wp-content\/uploads\/2025\/07\/body-bebe-fille-col-brode-fleurs-2-600x800.jpg 600w, https:\/\/voyagedelabaleine.fr\/wp-content\/uploads\/2025\/07\/body-bebe-fille-col-brode-fleurs-2-225x300.jpg 225w, https:\/\/voyagedelabaleine.fr\/wp-content\/uploads\/2025\/07\/body-bebe-fille-col-brode-fleurs-2-768x1024.jpg 768w, https:\/\/voyagedelabaleine.fr\/wp-content\/uploads\/2025\/07\/body-bebe-fille-col-brode-fleurs-2.jpg 1144w\" sizes=\"(max-width: 600px) 100vw, 600px\" \/><\/a>\t<\/div><!-- .woo-entry-image-swap -->\n\n<\/li><li class=\"title\"><h2><a href=\"https:\/\/voyagedelabaleine.fr\/it\/prodotto\/body-neonata-con-colletto-ricamato-bianco\/\">Body neonata con colletto ricamato &#8211; Bianco<\/a><\/h2><\/li><li class=\"price-wrap\">\n\t<span class=\"price\"><span class=\"woocommerce-Price-amount amount\"><bdi>32<span class=\"woocommerce-Price-currencySymbol\">&euro;<\/span><\/bdi><\/span><\/span>\n<\/li><\/ul><\/div><!-- .product-inner .clr --><\/li>\n<li class=\"entry has-media has-rating col span_1_of_3 owp-content-center owp-thumbs-layout-vertical owp-btn-big owp-tabs-layout-vertical circle-sale product type-product post-31157 status-publish instock product_cat-scarpine-nascita product_cat-scarpine-nascita-ragazza product_cat-scarpine-nascita-ragazzo product_cat-scarpine-neonata product_cat-scarpine-neonati product_cat-scarpine-neonato has-post-thumbnail taxable shipping-taxable purchasable product-type-variable has-default-attributes\">\n\t<div class=\"product-inner clr\">\n\t<div class=\"woo-entry-image-swap woo-entry-image clr\">\n\t\t<a href=\"https:\/\/voyagedelabaleine.fr\/it\/prodotto\/scarpine-neonato-alte-in-pelle-blu-navy\/\" class=\"woocommerce-LoopProduct-link\"><img decoding=\"async\" width=\"576\" height=\"769\" src=\"https:\/\/voyagedelabaleine.fr\/wp-content\/uploads\/2024\/09\/chaussons-bebe-cuir-haut-bleu-marine-3.jpg\" class=\"woo-entry-image-main\" alt=\"Scarpine neonato alte in pelle &#8211; Blu navy\" itemprop=\"image\" srcset=\"https:\/\/voyagedelabaleine.fr\/wp-content\/uploads\/2024\/09\/chaussons-bebe-cuir-haut-bleu-marine-3.jpg 576w, https:\/\/voyagedelabaleine.fr\/wp-content\/uploads\/2024\/09\/chaussons-bebe-cuir-haut-bleu-marine-3-225x300.jpg 225w\" sizes=\"(max-width: 576px) 100vw, 576px\" \/><img decoding=\"async\" width=\"576\" height=\"769\" src=\"https:\/\/voyagedelabaleine.fr\/wp-content\/uploads\/2024\/09\/chaussons-bebe-cuir-haut-bleu-marine-5.jpg\" class=\"woo-entry-image-secondary\" alt=\"Scarpine neonato alte in pelle &#8211; Blu navy\" itemprop=\"image\" srcset=\"https:\/\/voyagedelabaleine.fr\/wp-content\/uploads\/2024\/09\/chaussons-bebe-cuir-haut-bleu-marine-5.jpg 576w, https:\/\/voyagedelabaleine.fr\/wp-content\/uploads\/2024\/09\/chaussons-bebe-cuir-haut-bleu-marine-5-225x300.jpg 225w\" sizes=\"(max-width: 576px) 100vw, 576px\" \/><\/a>\t<\/div><!-- .woo-entry-image-swap -->\n\n<ul class=\"woo-entry-inner clr\"><li class=\"image-wrap\">\n\t<div class=\"woo-entry-image-swap woo-entry-image clr\">\n\t\t<a href=\"https:\/\/voyagedelabaleine.fr\/it\/prodotto\/scarpine-neonato-alte-in-pelle-blu-navy\/\" class=\"woocommerce-LoopProduct-link\"><img decoding=\"async\" width=\"576\" height=\"769\" src=\"https:\/\/voyagedelabaleine.fr\/wp-content\/uploads\/2024\/09\/chaussons-bebe-cuir-haut-bleu-marine-3.jpg\" class=\"woo-entry-image-main\" alt=\"Scarpine neonato alte in pelle &#8211; Blu navy\" itemprop=\"image\" srcset=\"https:\/\/voyagedelabaleine.fr\/wp-content\/uploads\/2024\/09\/chaussons-bebe-cuir-haut-bleu-marine-3.jpg 576w, https:\/\/voyagedelabaleine.fr\/wp-content\/uploads\/2024\/09\/chaussons-bebe-cuir-haut-bleu-marine-3-225x300.jpg 225w\" sizes=\"(max-width: 576px) 100vw, 576px\" \/><img decoding=\"async\" width=\"576\" height=\"769\" src=\"https:\/\/voyagedelabaleine.fr\/wp-content\/uploads\/2024\/09\/chaussons-bebe-cuir-haut-bleu-marine-5.jpg\" class=\"woo-entry-image-secondary\" alt=\"Scarpine neonato alte in pelle &#8211; Blu navy\" itemprop=\"image\" srcset=\"https:\/\/voyagedelabaleine.fr\/wp-content\/uploads\/2024\/09\/chaussons-bebe-cuir-haut-bleu-marine-5.jpg 576w, https:\/\/voyagedelabaleine.fr\/wp-content\/uploads\/2024\/09\/chaussons-bebe-cuir-haut-bleu-marine-5-225x300.jpg 225w\" sizes=\"(max-width: 576px) 100vw, 576px\" \/><\/a>\t<\/div><!-- .woo-entry-image-swap -->\n\n<\/li><li class=\"title\"><h2><a href=\"https:\/\/voyagedelabaleine.fr\/it\/prodotto\/scarpine-neonato-alte-in-pelle-blu-navy\/\">Scarpine neonato alte in pelle &#8211; Blu navy<\/a><\/h2><\/li><li class=\"price-wrap\">\n\t<span class=\"price\"><span class=\"woocommerce-Price-amount amount\"><bdi>36<span class=\"woocommerce-Price-currencySymbol\">&euro;<\/span><\/bdi><\/span><\/span>\n<\/li><\/ul><\/div><!-- .product-inner .clr --><\/li>\n<li class=\"entry has-media has-rating col span_1_of_3 owp-content-center owp-thumbs-layout-vertical owp-btn-big owp-tabs-layout-vertical circle-sale product type-product post-33029 status-publish last instock product_cat-abbigliamento product_cat-pagliaccetto-salopette-nascita product_cat-pagliaccetto-salopette-nascita-ragazza product_cat-pagliaccetto-salopette-nascita-ragazzo product_cat-pagliaccetto-salopette-neonata product_cat-pagliaccetto-salopette-neonati product_cat-pagliaccetto-salopette-neonato has-post-thumbnail taxable shipping-taxable purchasable product-type-variable has-default-attributes\">\n\t<div class=\"product-inner clr\">\n\t<div class=\"woo-entry-image-swap woo-entry-image clr\">\n\t\t<a href=\"https:\/\/voyagedelabaleine.fr\/it\/prodotto\/pagliaccetto-scozzese-bambino-rosso\/\" class=\"woocommerce-LoopProduct-link\"><img decoding=\"async\" width=\"600\" height=\"800\" src=\"https:\/\/voyagedelabaleine.fr\/wp-content\/uploads\/2025\/08\/barboteuse-bebe-ecossaise-600x800.jpg\" class=\"woo-entry-image-main\" alt=\"Pagliaccetto scozzese bambino &#8211; Rosso\" itemprop=\"image\" srcset=\"https:\/\/voyagedelabaleine.fr\/wp-content\/uploads\/2025\/08\/barboteuse-bebe-ecossaise-600x800.jpg 600w, https:\/\/voyagedelabaleine.fr\/wp-content\/uploads\/2025\/08\/barboteuse-bebe-ecossaise-225x300.jpg 225w, https:\/\/voyagedelabaleine.fr\/wp-content\/uploads\/2025\/08\/barboteuse-bebe-ecossaise-768x1024.jpg 768w, https:\/\/voyagedelabaleine.fr\/wp-content\/uploads\/2025\/08\/barboteuse-bebe-ecossaise-1152x1536.jpg 1152w, https:\/\/voyagedelabaleine.fr\/wp-content\/uploads\/2025\/08\/barboteuse-bebe-ecossaise.jpg 1300w\" sizes=\"(max-width: 600px) 100vw, 600px\" \/><img decoding=\"async\" width=\"600\" height=\"800\" src=\"https:\/\/voyagedelabaleine.fr\/wp-content\/uploads\/2025\/07\/barboteuse-bebe-ecossaise-2-600x800.jpg\" class=\"woo-entry-image-secondary\" alt=\"Pagliaccetto scozzese bambino &#8211; Rosso\" itemprop=\"image\" srcset=\"https:\/\/voyagedelabaleine.fr\/wp-content\/uploads\/2025\/07\/barboteuse-bebe-ecossaise-2-600x799.jpg 600w, https:\/\/voyagedelabaleine.fr\/wp-content\/uploads\/2025\/07\/barboteuse-bebe-ecossaise-2-225x300.jpg 225w, https:\/\/voyagedelabaleine.fr\/wp-content\/uploads\/2025\/07\/barboteuse-bebe-ecossaise-2-769x1024.jpg 769w, https:\/\/voyagedelabaleine.fr\/wp-content\/uploads\/2025\/07\/barboteuse-bebe-ecossaise-2-768x1023.jpg 768w, https:\/\/voyagedelabaleine.fr\/wp-content\/uploads\/2025\/07\/barboteuse-bebe-ecossaise-2.jpg 849w\" sizes=\"(max-width: 600px) 100vw, 600px\" \/><\/a>\t<\/div><!-- .woo-entry-image-swap -->\n\n<ul class=\"woo-entry-inner clr\"><li class=\"image-wrap\">\n\t<div class=\"woo-entry-image-swap woo-entry-image clr\">\n\t\t<a href=\"https:\/\/voyagedelabaleine.fr\/it\/prodotto\/pagliaccetto-scozzese-bambino-rosso\/\" class=\"woocommerce-LoopProduct-link\"><img decoding=\"async\" width=\"600\" height=\"800\" src=\"https:\/\/voyagedelabaleine.fr\/wp-content\/uploads\/2025\/08\/barboteuse-bebe-ecossaise-600x800.jpg\" class=\"woo-entry-image-main\" alt=\"Pagliaccetto scozzese bambino &#8211; Rosso\" itemprop=\"image\" srcset=\"https:\/\/voyagedelabaleine.fr\/wp-content\/uploads\/2025\/08\/barboteuse-bebe-ecossaise-600x800.jpg 600w, https:\/\/voyagedelabaleine.fr\/wp-content\/uploads\/2025\/08\/barboteuse-bebe-ecossaise-225x300.jpg 225w, https:\/\/voyagedelabaleine.fr\/wp-content\/uploads\/2025\/08\/barboteuse-bebe-ecossaise-768x1024.jpg 768w, https:\/\/voyagedelabaleine.fr\/wp-content\/uploads\/2025\/08\/barboteuse-bebe-ecossaise-1152x1536.jpg 1152w, https:\/\/voyagedelabaleine.fr\/wp-content\/uploads\/2025\/08\/barboteuse-bebe-ecossaise.jpg 1300w\" sizes=\"(max-width: 600px) 100vw, 600px\" \/><img decoding=\"async\" width=\"600\" height=\"800\" src=\"https:\/\/voyagedelabaleine.fr\/wp-content\/uploads\/2025\/07\/barboteuse-bebe-ecossaise-2-600x800.jpg\" class=\"woo-entry-image-secondary\" alt=\"Pagliaccetto scozzese bambino &#8211; Rosso\" itemprop=\"image\" srcset=\"https:\/\/voyagedelabaleine.fr\/wp-content\/uploads\/2025\/07\/barboteuse-bebe-ecossaise-2-600x799.jpg 600w, https:\/\/voyagedelabaleine.fr\/wp-content\/uploads\/2025\/07\/barboteuse-bebe-ecossaise-2-225x300.jpg 225w, https:\/\/voyagedelabaleine.fr\/wp-content\/uploads\/2025\/07\/barboteuse-bebe-ecossaise-2-769x1024.jpg 769w, https:\/\/voyagedelabaleine.fr\/wp-content\/uploads\/2025\/07\/barboteuse-bebe-ecossaise-2-768x1023.jpg 768w, https:\/\/voyagedelabaleine.fr\/wp-content\/uploads\/2025\/07\/barboteuse-bebe-ecossaise-2.jpg 849w\" sizes=\"(max-width: 600px) 100vw, 600px\" \/><\/a>\t<\/div><!-- .woo-entry-image-swap -->\n\n<\/li><li class=\"title\"><h2><a href=\"https:\/\/voyagedelabaleine.fr\/it\/prodotto\/pagliaccetto-scozzese-bambino-rosso\/\">Pagliaccetto scozzese bambino &#8211; Rosso<\/a><\/h2><\/li><li class=\"price-wrap\">\n\t<span class=\"price\"><span class=\"woocommerce-Price-amount amount\"><bdi>68<span class=\"woocommerce-Price-currencySymbol\">&euro;<\/span><\/bdi><\/span><\/span>\n<\/li><\/ul><\/div><!-- .product-inner .clr --><\/li>\n<\/ul>\n<\/div><\/div>\n\t\t\t\t\t\t<\/div>\n\t\t\t\t<\/div>\n\t\t<div class=\"elementor-element elementor-element-877e8ab e-con-full e-flex e-con e-parent\" data-id=\"877e8ab\" data-element_type=\"container\" data-e-type=\"container\">\n\t\t\t\t<div class=\"elementor-element elementor-element-7811e1f elementor-widget-divider--separator-type-pattern elementor-widget-divider--view-line elementor-widget elementor-widget-divider\" data-id=\"7811e1f\" data-element_type=\"widget\" data-e-type=\"widget\" data-widget_type=\"divider.default\">\n\t\t\t\t\t\t\t<div class=\"elementor-divider\" style=\"--divider-pattern-url: url(&quot;data:image\/svg+xml,%3Csvg xmlns=&#039;http:\/\/www.w3.org\/2000\/svg&#039; preserveAspectRatio=&#039;none&#039; overflow=&#039;visible&#039; height=&#039;100%&#039; viewBox=&#039;0 0 24 24&#039; fill=&#039;black&#039; stroke=&#039;none&#039;%3E%3Cpath d=&#039;M12.7,2.3c-0.4-0.4-1.1-0.4-1.5,0l-8,9.1c-0.3,0.4-0.3,0.9,0,1.2l8,9.1c0.4,0.4,1.1,0.4,1.5,0l8-9.1c0.3-0.4,0.3-0.9,0-1.2L12.7,2.3z&#039;\/%3E%3C\/svg%3E&quot;);\">\n\t\t\t<span class=\"elementor-divider-separator\">\n\t\t\t\t\t\t<\/span>\n\t\t<\/div>\n\t\t\t\t\t\t<\/div>\n\t\t\t\t<div class=\"elementor-element elementor-element-1ef7ddc elementor-widget__width-initial elementor-widget-mobile__width-inherit elementor-widget elementor-widget-shortcode\" data-id=\"1ef7ddc\" data-element_type=\"widget\" data-e-type=\"widget\" data-widget_type=\"shortcode.default\">\n\t\t\t\t\t\t\t<div class=\"elementor-shortcode\"><div class=\"woocommerce columns-2 \">\r\n<ul class=\"products oceanwp-row clr grid tablet-col tablet-2-col mobile-col mobile-2-col\">\r\n<li class=\"entry has-media col span_1_of_2 owp-content-center owp-thumbs-layout-vertical owp-btn-big owp-tabs-layout-vertical circle-sale product type-product post-35030 status-publish first instock product_cat-body product_cat-body-nascita product_cat-body-nascita-ragazza product_cat-body-neonati product_cat-body-neonata has-post-thumbnail taxable shipping-taxable purchasable product-type-variable has-default-attributes\">\n\t<div class=\"product-inner clr\">\n\t<div class=\"woo-entry-image-swap woo-entry-image clr\">\n\t\t<a href=\"https:\/\/voyagedelabaleine.fr\/it\/prodotto\/body-neonata-con-colletto-arricciato-e-pizzo-bianco\/\" class=\"woocommerce-LoopProduct-link\"><img decoding=\"async\" width=\"600\" height=\"800\" src=\"https:\/\/voyagedelabaleine.fr\/wp-content\/uploads\/2025\/07\/body-bebe-fille-col-fronce-dentelle-1-600x800.jpg\" class=\"woo-entry-image-main\" alt=\"Body neonata con colletto arricciato e pizzo &#8211; Bianco\" itemprop=\"image\" srcset=\"https:\/\/voyagedelabaleine.fr\/wp-content\/uploads\/2025\/07\/body-bebe-fille-col-fronce-dentelle-1-600x800.jpg 600w, https:\/\/voyagedelabaleine.fr\/wp-content\/uploads\/2025\/07\/body-bebe-fille-col-fronce-dentelle-1-225x300.jpg 225w, https:\/\/voyagedelabaleine.fr\/wp-content\/uploads\/2025\/07\/body-bebe-fille-col-fronce-dentelle-1-768x1024.jpg 768w, https:\/\/voyagedelabaleine.fr\/wp-content\/uploads\/2025\/07\/body-bebe-fille-col-fronce-dentelle-1-1152x1536.jpg 1152w, https:\/\/voyagedelabaleine.fr\/wp-content\/uploads\/2025\/07\/body-bebe-fille-col-fronce-dentelle-1.jpg 1425w\" sizes=\"(max-width: 600px) 100vw, 600px\" \/><img decoding=\"async\" width=\"600\" height=\"800\" src=\"https:\/\/voyagedelabaleine.fr\/wp-content\/uploads\/2025\/07\/body-bebe-fille-col-fronce-dentelle-600x800.jpg\" class=\"woo-entry-image-secondary\" alt=\"Body neonata con colletto arricciato e pizzo &#8211; Bianco\" itemprop=\"image\" srcset=\"https:\/\/voyagedelabaleine.fr\/wp-content\/uploads\/2025\/07\/body-bebe-fille-col-fronce-dentelle-600x800.jpg 600w, https:\/\/voyagedelabaleine.fr\/wp-content\/uploads\/2025\/07\/body-bebe-fille-col-fronce-dentelle-225x300.jpg 225w, https:\/\/voyagedelabaleine.fr\/wp-content\/uploads\/2025\/07\/body-bebe-fille-col-fronce-dentelle-768x1024.jpg 768w, https:\/\/voyagedelabaleine.fr\/wp-content\/uploads\/2025\/07\/body-bebe-fille-col-fronce-dentelle-1152x1536.jpg 1152w, https:\/\/voyagedelabaleine.fr\/wp-content\/uploads\/2025\/07\/body-bebe-fille-col-fronce-dentelle.jpg 1425w\" sizes=\"(max-width: 600px) 100vw, 600px\" \/><\/a>\t<\/div><!-- .woo-entry-image-swap -->\n\n<ul class=\"woo-entry-inner clr\"><li class=\"image-wrap\">\n\t<div class=\"woo-entry-image-swap woo-entry-image clr\">\n\t\t<a href=\"https:\/\/voyagedelabaleine.fr\/it\/prodotto\/body-neonata-con-colletto-arricciato-e-pizzo-bianco\/\" class=\"woocommerce-LoopProduct-link\"><img decoding=\"async\" width=\"600\" height=\"800\" src=\"https:\/\/voyagedelabaleine.fr\/wp-content\/uploads\/2025\/07\/body-bebe-fille-col-fronce-dentelle-1-600x800.jpg\" class=\"woo-entry-image-main\" alt=\"Body neonata con colletto arricciato e pizzo &#8211; Bianco\" itemprop=\"image\" srcset=\"https:\/\/voyagedelabaleine.fr\/wp-content\/uploads\/2025\/07\/body-bebe-fille-col-fronce-dentelle-1-600x800.jpg 600w, https:\/\/voyagedelabaleine.fr\/wp-content\/uploads\/2025\/07\/body-bebe-fille-col-fronce-dentelle-1-225x300.jpg 225w, https:\/\/voyagedelabaleine.fr\/wp-content\/uploads\/2025\/07\/body-bebe-fille-col-fronce-dentelle-1-768x1024.jpg 768w, https:\/\/voyagedelabaleine.fr\/wp-content\/uploads\/2025\/07\/body-bebe-fille-col-fronce-dentelle-1-1152x1536.jpg 1152w, https:\/\/voyagedelabaleine.fr\/wp-content\/uploads\/2025\/07\/body-bebe-fille-col-fronce-dentelle-1.jpg 1425w\" sizes=\"(max-width: 600px) 100vw, 600px\" \/><img decoding=\"async\" width=\"600\" height=\"800\" src=\"https:\/\/voyagedelabaleine.fr\/wp-content\/uploads\/2025\/07\/body-bebe-fille-col-fronce-dentelle-600x800.jpg\" class=\"woo-entry-image-secondary\" alt=\"Body neonata con colletto arricciato e pizzo &#8211; Bianco\" itemprop=\"image\" srcset=\"https:\/\/voyagedelabaleine.fr\/wp-content\/uploads\/2025\/07\/body-bebe-fille-col-fronce-dentelle-600x800.jpg 600w, https:\/\/voyagedelabaleine.fr\/wp-content\/uploads\/2025\/07\/body-bebe-fille-col-fronce-dentelle-225x300.jpg 225w, https:\/\/voyagedelabaleine.fr\/wp-content\/uploads\/2025\/07\/body-bebe-fille-col-fronce-dentelle-768x1024.jpg 768w, https:\/\/voyagedelabaleine.fr\/wp-content\/uploads\/2025\/07\/body-bebe-fille-col-fronce-dentelle-1152x1536.jpg 1152w, https:\/\/voyagedelabaleine.fr\/wp-content\/uploads\/2025\/07\/body-bebe-fille-col-fronce-dentelle.jpg 1425w\" sizes=\"(max-width: 600px) 100vw, 600px\" \/><\/a>\t<\/div><!-- .woo-entry-image-swap -->\n\n<\/li><li class=\"title\"><h2><a href=\"https:\/\/voyagedelabaleine.fr\/it\/prodotto\/body-neonata-con-colletto-arricciato-e-pizzo-bianco\/\">Body neonata con colletto arricciato e pizzo &#8211; Bianco<\/a><\/h2><\/li><li class=\"price-wrap\">\n\t<span class=\"price\"><span class=\"woocommerce-Price-amount amount\"><bdi>32<span class=\"woocommerce-Price-currencySymbol\">&euro;<\/span><\/bdi><\/span><\/span>\n<\/li><\/ul><\/div><!-- .product-inner .clr --><\/li>\n<li class=\"entry has-media has-rating col span_1_of_2 owp-content-center owp-thumbs-layout-vertical owp-btn-big owp-tabs-layout-vertical circle-sale product type-product post-30178 status-publish last instock product_cat-abbigliamento product_cat-bloomer-short-pantaloni-nascita product_cat-bloomer-short-pantaloni-nascita-ragazza product_cat-bloomer-short-pantaloni-neonata product_cat-bloomer-short-pantaloni-neonati has-post-thumbnail taxable shipping-taxable purchasable product-type-variable has-default-attributes\">\n\t<div class=\"product-inner clr\">\n\t<div class=\"woo-entry-image-swap woo-entry-image clr\">\n\t\t<a href=\"https:\/\/voyagedelabaleine.fr\/it\/prodotto\/bloomer-bambina-con-fiocco-in-velluto-nude\/\" class=\"woocommerce-LoopProduct-link\"><img decoding=\"async\" width=\"600\" height=\"800\" src=\"https:\/\/voyagedelabaleine.fr\/wp-content\/uploads\/2025\/07\/bloomer-bebe-fille-noeud-velours-nude-600x800.jpg\" class=\"woo-entry-image-main\" alt=\"Bloomer bambina con fiocco in velluto &#8211; Nude\" itemprop=\"image\" srcset=\"https:\/\/voyagedelabaleine.fr\/wp-content\/uploads\/2025\/07\/bloomer-bebe-fille-noeud-velours-nude-600x800.jpg 600w, https:\/\/voyagedelabaleine.fr\/wp-content\/uploads\/2025\/07\/bloomer-bebe-fille-noeud-velours-nude-225x300.jpg 225w, https:\/\/voyagedelabaleine.fr\/wp-content\/uploads\/2025\/07\/bloomer-bebe-fille-noeud-velours-nude-768x1024.jpg 768w, https:\/\/voyagedelabaleine.fr\/wp-content\/uploads\/2025\/07\/bloomer-bebe-fille-noeud-velours-nude.jpg 886w\" sizes=\"(max-width: 600px) 100vw, 600px\" \/><img decoding=\"async\" width=\"600\" height=\"800\" src=\"https:\/\/voyagedelabaleine.fr\/wp-content\/uploads\/2025\/07\/bloomer-bebe-fille-noeud-velours-nude-1-600x800.jpg\" class=\"woo-entry-image-secondary\" alt=\"Bloomer bambina con fiocco in velluto &#8211; Nude\" itemprop=\"image\" srcset=\"https:\/\/voyagedelabaleine.fr\/wp-content\/uploads\/2025\/07\/bloomer-bebe-fille-noeud-velours-nude-1-600x800.jpg 600w, https:\/\/voyagedelabaleine.fr\/wp-content\/uploads\/2025\/07\/bloomer-bebe-fille-noeud-velours-nude-1-225x300.jpg 225w, https:\/\/voyagedelabaleine.fr\/wp-content\/uploads\/2025\/07\/bloomer-bebe-fille-noeud-velours-nude-1-768x1023.jpg 768w, https:\/\/voyagedelabaleine.fr\/wp-content\/uploads\/2025\/07\/bloomer-bebe-fille-noeud-velours-nude-1.jpg 842w\" sizes=\"(max-width: 600px) 100vw, 600px\" \/><\/a>\t<\/div><!-- .woo-entry-image-swap -->\n\n<ul class=\"woo-entry-inner clr\"><li class=\"image-wrap\">\n\t<div class=\"woo-entry-image-swap woo-entry-image clr\">\n\t\t<a href=\"https:\/\/voyagedelabaleine.fr\/it\/prodotto\/bloomer-bambina-con-fiocco-in-velluto-nude\/\" class=\"woocommerce-LoopProduct-link\"><img decoding=\"async\" width=\"600\" height=\"800\" src=\"https:\/\/voyagedelabaleine.fr\/wp-content\/uploads\/2025\/07\/bloomer-bebe-fille-noeud-velours-nude-600x800.jpg\" class=\"woo-entry-image-main\" alt=\"Bloomer bambina con fiocco in velluto &#8211; Nude\" itemprop=\"image\" srcset=\"https:\/\/voyagedelabaleine.fr\/wp-content\/uploads\/2025\/07\/bloomer-bebe-fille-noeud-velours-nude-600x800.jpg 600w, https:\/\/voyagedelabaleine.fr\/wp-content\/uploads\/2025\/07\/bloomer-bebe-fille-noeud-velours-nude-225x300.jpg 225w, https:\/\/voyagedelabaleine.fr\/wp-content\/uploads\/2025\/07\/bloomer-bebe-fille-noeud-velours-nude-768x1024.jpg 768w, https:\/\/voyagedelabaleine.fr\/wp-content\/uploads\/2025\/07\/bloomer-bebe-fille-noeud-velours-nude.jpg 886w\" sizes=\"(max-width: 600px) 100vw, 600px\" \/><img decoding=\"async\" width=\"600\" height=\"800\" src=\"https:\/\/voyagedelabaleine.fr\/wp-content\/uploads\/2025\/07\/bloomer-bebe-fille-noeud-velours-nude-1-600x800.jpg\" class=\"woo-entry-image-secondary\" alt=\"Bloomer bambina con fiocco in velluto &#8211; Nude\" itemprop=\"image\" srcset=\"https:\/\/voyagedelabaleine.fr\/wp-content\/uploads\/2025\/07\/bloomer-bebe-fille-noeud-velours-nude-1-600x800.jpg 600w, https:\/\/voyagedelabaleine.fr\/wp-content\/uploads\/2025\/07\/bloomer-bebe-fille-noeud-velours-nude-1-225x300.jpg 225w, https:\/\/voyagedelabaleine.fr\/wp-content\/uploads\/2025\/07\/bloomer-bebe-fille-noeud-velours-nude-1-768x1023.jpg 768w, https:\/\/voyagedelabaleine.fr\/wp-content\/uploads\/2025\/07\/bloomer-bebe-fille-noeud-velours-nude-1.jpg 842w\" sizes=\"(max-width: 600px) 100vw, 600px\" \/><\/a>\t<\/div><!-- .woo-entry-image-swap -->\n\n<\/li><li class=\"title\"><h2><a href=\"https:\/\/voyagedelabaleine.fr\/it\/prodotto\/bloomer-bambina-con-fiocco-in-velluto-nude\/\">Bloomer bambina con fiocco in velluto &#8211; Nude<\/a><\/h2><\/li><li class=\"price-wrap\">\n\t<span class=\"price\"><span class=\"woocommerce-Price-amount amount\"><bdi>24<span class=\"woocommerce-Price-currencySymbol\">&euro;<\/span><\/bdi><\/span><\/span>\n<\/li><\/ul><\/div><!-- .product-inner .clr --><\/li>\n<\/ul>\n<\/div><\/div>\n\t\t\t\t\t\t<\/div>\n\t\t\t\t<\/div>\n\t\t<div class=\"elementor-element elementor-element-519f533 e-con-full e-flex e-con e-parent\" data-id=\"519f533\" data-element_type=\"container\" data-e-type=\"container\">\n\t\t\t\t<div class=\"elementor-element elementor-element-828f84c elementor-widget-divider--separator-type-pattern elementor-widget-divider--view-line elementor-widget elementor-widget-divider\" data-id=\"828f84c\" data-element_type=\"widget\" data-e-type=\"widget\" data-widget_type=\"divider.default\">\n\t\t\t\t\t\t\t<div class=\"elementor-divider\" style=\"--divider-pattern-url: url(&quot;data:image\/svg+xml,%3Csvg xmlns=&#039;http:\/\/www.w3.org\/2000\/svg&#039; preserveAspectRatio=&#039;none&#039; overflow=&#039;visible&#039; height=&#039;100%&#039; viewBox=&#039;0 0 24 24&#039; fill=&#039;black&#039; stroke=&#039;none&#039;%3E%3Cpath d=&#039;M12.7,2.3c-0.4-0.4-1.1-0.4-1.5,0l-8,9.1c-0.3,0.4-0.3,0.9,0,1.2l8,9.1c0.4,0.4,1.1,0.4,1.5,0l8-9.1c0.3-0.4,0.3-0.9,0-1.2L12.7,2.3z&#039;\/%3E%3C\/svg%3E&quot;);\">\n\t\t\t<span class=\"elementor-divider-separator\">\n\t\t\t\t\t\t<\/span>\n\t\t<\/div>\n\t\t\t\t\t\t<\/div>\n\t\t\t\t<div class=\"elementor-element elementor-element-5cc3851 elementor-widget elementor-widget-shortcode\" data-id=\"5cc3851\" data-element_type=\"widget\" data-e-type=\"widget\" data-widget_type=\"shortcode.default\">\n\t\t\t\t\t\t\t<div class=\"elementor-shortcode\"><div class=\"woocommerce columns-3 \">\r\n<ul class=\"products oceanwp-row clr grid tablet-col tablet-2-col mobile-col mobile-2-col\">\r\n<li class=\"entry has-media has-rating col span_1_of_3 owp-content-center owp-thumbs-layout-vertical owp-btn-big owp-tabs-layout-vertical circle-sale product type-product post-32000 status-publish first instock product_cat-abbigliamento product_cat-maglione-gilet-cardigan-nascita product_cat-maglione-gilet-cardigan-nascita-ragazza product_cat-maglione-gilet-cardigan-nascita-ragazzo product_cat-maglione-gilet-cardigan-bambina product_cat-maglione-gilet-cardigan-bambini product_cat-maglione-gilet-cardigan-bambino product_cat-maglione-gilet-cardigan-neonata product_cat-maglione-gilet-cardigan-neonati product_cat-maglione-gilet-cardigan-neonato has-post-thumbnail taxable shipping-taxable purchasable product-type-variable has-default-attributes\">\n\t<div class=\"product-inner clr\">\n\t<div class=\"woo-entry-image-swap woo-entry-image clr\">\n\t\t<a href=\"https:\/\/voyagedelabaleine.fr\/it\/prodotto\/cardigan-unisex-per-neonati-grigio\/\" class=\"woocommerce-LoopProduct-link\"><img decoding=\"async\" width=\"600\" height=\"800\" src=\"https:\/\/voyagedelabaleine.fr\/wp-content\/uploads\/2025\/08\/pull-enfant-laine-motif-hiver-600x800.jpg\" class=\"woo-entry-image-main\" alt=\"Cardigan unisex per neonati &#8211; Grigio\" itemprop=\"image\" srcset=\"https:\/\/voyagedelabaleine.fr\/wp-content\/uploads\/2025\/08\/pull-enfant-laine-motif-hiver-600x800.jpg 600w, https:\/\/voyagedelabaleine.fr\/wp-content\/uploads\/2025\/08\/pull-enfant-laine-motif-hiver-225x300.jpg 225w, https:\/\/voyagedelabaleine.fr\/wp-content\/uploads\/2025\/08\/pull-enfant-laine-motif-hiver-768x1023.jpg 768w, https:\/\/voyagedelabaleine.fr\/wp-content\/uploads\/2025\/08\/pull-enfant-laine-motif-hiver-1153x1536.jpg 1153w, https:\/\/voyagedelabaleine.fr\/wp-content\/uploads\/2025\/08\/pull-enfant-laine-motif-hiver.jpg 1500w\" sizes=\"(max-width: 600px) 100vw, 600px\" \/><img decoding=\"async\" width=\"600\" height=\"800\" src=\"https:\/\/voyagedelabaleine.fr\/wp-content\/uploads\/2025\/08\/pull-enfant-laine-motif-hiver-1-600x800.jpg\" class=\"woo-entry-image-secondary\" alt=\"Cardigan unisex per neonati &#8211; Grigio\" itemprop=\"image\" srcset=\"https:\/\/voyagedelabaleine.fr\/wp-content\/uploads\/2025\/08\/pull-enfant-laine-motif-hiver-1-600x800.jpg 600w, https:\/\/voyagedelabaleine.fr\/wp-content\/uploads\/2025\/08\/pull-enfant-laine-motif-hiver-1-225x300.jpg 225w, https:\/\/voyagedelabaleine.fr\/wp-content\/uploads\/2025\/08\/pull-enfant-laine-motif-hiver-1-768x1024.jpg 768w, https:\/\/voyagedelabaleine.fr\/wp-content\/uploads\/2025\/08\/pull-enfant-laine-motif-hiver-1-1152x1536.jpg 1152w, https:\/\/voyagedelabaleine.fr\/wp-content\/uploads\/2025\/08\/pull-enfant-laine-motif-hiver-1.jpg 1400w\" sizes=\"(max-width: 600px) 100vw, 600px\" \/><\/a>\t<\/div><!-- .woo-entry-image-swap -->\n\n<ul class=\"woo-entry-inner clr\"><li class=\"image-wrap\">\n\t<div class=\"woo-entry-image-swap woo-entry-image clr\">\n\t\t<a href=\"https:\/\/voyagedelabaleine.fr\/it\/prodotto\/cardigan-unisex-per-neonati-grigio\/\" class=\"woocommerce-LoopProduct-link\"><img decoding=\"async\" width=\"600\" height=\"800\" src=\"https:\/\/voyagedelabaleine.fr\/wp-content\/uploads\/2025\/08\/pull-enfant-laine-motif-hiver-600x800.jpg\" class=\"woo-entry-image-main\" alt=\"Cardigan unisex per neonati &#8211; Grigio\" itemprop=\"image\" srcset=\"https:\/\/voyagedelabaleine.fr\/wp-content\/uploads\/2025\/08\/pull-enfant-laine-motif-hiver-600x800.jpg 600w, https:\/\/voyagedelabaleine.fr\/wp-content\/uploads\/2025\/08\/pull-enfant-laine-motif-hiver-225x300.jpg 225w, https:\/\/voyagedelabaleine.fr\/wp-content\/uploads\/2025\/08\/pull-enfant-laine-motif-hiver-768x1023.jpg 768w, https:\/\/voyagedelabaleine.fr\/wp-content\/uploads\/2025\/08\/pull-enfant-laine-motif-hiver-1153x1536.jpg 1153w, https:\/\/voyagedelabaleine.fr\/wp-content\/uploads\/2025\/08\/pull-enfant-laine-motif-hiver.jpg 1500w\" sizes=\"(max-width: 600px) 100vw, 600px\" \/><img decoding=\"async\" width=\"600\" height=\"800\" src=\"https:\/\/voyagedelabaleine.fr\/wp-content\/uploads\/2025\/08\/pull-enfant-laine-motif-hiver-1-600x800.jpg\" class=\"woo-entry-image-secondary\" alt=\"Cardigan unisex per neonati &#8211; Grigio\" itemprop=\"image\" srcset=\"https:\/\/voyagedelabaleine.fr\/wp-content\/uploads\/2025\/08\/pull-enfant-laine-motif-hiver-1-600x800.jpg 600w, https:\/\/voyagedelabaleine.fr\/wp-content\/uploads\/2025\/08\/pull-enfant-laine-motif-hiver-1-225x300.jpg 225w, https:\/\/voyagedelabaleine.fr\/wp-content\/uploads\/2025\/08\/pull-enfant-laine-motif-hiver-1-768x1024.jpg 768w, https:\/\/voyagedelabaleine.fr\/wp-content\/uploads\/2025\/08\/pull-enfant-laine-motif-hiver-1-1152x1536.jpg 1152w, https:\/\/voyagedelabaleine.fr\/wp-content\/uploads\/2025\/08\/pull-enfant-laine-motif-hiver-1.jpg 1400w\" sizes=\"(max-width: 600px) 100vw, 600px\" \/><\/a>\t<\/div><!-- .woo-entry-image-swap -->\n\n<\/li><li class=\"title\"><h2><a href=\"https:\/\/voyagedelabaleine.fr\/it\/prodotto\/cardigan-unisex-per-neonati-grigio\/\">Cardigan unisex per neonati &#8211; Grigio<\/a><\/h2><\/li><li class=\"price-wrap\">\n\t<span class=\"price\"><span class=\"woocommerce-Price-amount amount\"><bdi>64<span class=\"woocommerce-Price-currencySymbol\">&euro;<\/span><\/bdi><\/span><\/span>\n<\/li><\/ul><\/div><!-- .product-inner .clr --><\/li>\n<li class=\"entry has-media col span_1_of_3 owp-content-center owp-thumbs-layout-vertical owp-btn-big owp-tabs-layout-vertical circle-sale product type-product post-33149 status-publish instock product_cat-abbigliamento product_cat-bloomer-short-pantaloni-nascita product_cat-bloomer-short-pantaloni-nascita-ragazza product_cat-bloomer-short-pantaloni-nascita-ragazzo product_cat-bloomer-short-pantaloni-neonata product_cat-bloomer-short-pantaloni-neonati product_cat-bloomer-short-pantaloni-neonato has-post-thumbnail taxable shipping-taxable purchasable product-type-variable has-default-attributes\">\n\t<div class=\"product-inner clr\">\n\t<div class=\"woo-entry-image-swap woo-entry-image clr\">\n\t\t<a href=\"https:\/\/voyagedelabaleine.fr\/it\/prodotto\/bloomer-scozzese-bebe-blu\/\" class=\"woocommerce-LoopProduct-link\"><img decoding=\"async\" width=\"600\" height=\"800\" src=\"https:\/\/voyagedelabaleine.fr\/wp-content\/uploads\/2025\/11\/bloomer-bebe-ecossais-vert-2-600x800.jpg\" class=\"woo-entry-image-main\" alt=\"Bloomer scozzese beb\u00e8 &#8211; Blu\" itemprop=\"image\" srcset=\"https:\/\/voyagedelabaleine.fr\/wp-content\/uploads\/2025\/11\/bloomer-bebe-ecossais-vert-2-600x800.jpg 600w, https:\/\/voyagedelabaleine.fr\/wp-content\/uploads\/2025\/11\/bloomer-bebe-ecossais-vert-2-225x300.jpg 225w, https:\/\/voyagedelabaleine.fr\/wp-content\/uploads\/2025\/11\/bloomer-bebe-ecossais-vert-2-768x1024.jpg 768w, https:\/\/voyagedelabaleine.fr\/wp-content\/uploads\/2025\/11\/bloomer-bebe-ecossais-vert-2-1152x1536.jpg 1152w, https:\/\/voyagedelabaleine.fr\/wp-content\/uploads\/2025\/11\/bloomer-bebe-ecossais-vert-2-scaled.jpg 1537w\" sizes=\"(max-width: 600px) 100vw, 600px\" \/><img decoding=\"async\" width=\"600\" height=\"800\" src=\"https:\/\/voyagedelabaleine.fr\/wp-content\/uploads\/2025\/11\/bloomer-bebe-ecossais-vert-600x800.jpg\" class=\"woo-entry-image-secondary\" alt=\"Bloomer scozzese beb\u00e8 &#8211; Blu\" itemprop=\"image\" srcset=\"https:\/\/voyagedelabaleine.fr\/wp-content\/uploads\/2025\/11\/bloomer-bebe-ecossais-vert-600x800.jpg 600w, https:\/\/voyagedelabaleine.fr\/wp-content\/uploads\/2025\/11\/bloomer-bebe-ecossais-vert-225x300.jpg 225w, https:\/\/voyagedelabaleine.fr\/wp-content\/uploads\/2025\/11\/bloomer-bebe-ecossais-vert-768x1023.jpg 768w, https:\/\/voyagedelabaleine.fr\/wp-content\/uploads\/2025\/11\/bloomer-bebe-ecossais-vert-1153x1536.jpg 1153w, https:\/\/voyagedelabaleine.fr\/wp-content\/uploads\/2025\/11\/bloomer-bebe-ecossais-vert.jpg 1500w\" sizes=\"(max-width: 600px) 100vw, 600px\" \/><\/a>\t<\/div><!-- .woo-entry-image-swap -->\n\n<ul class=\"woo-entry-inner clr\"><li class=\"image-wrap\">\n\t<div class=\"woo-entry-image-swap woo-entry-image clr\">\n\t\t<a href=\"https:\/\/voyagedelabaleine.fr\/it\/prodotto\/bloomer-scozzese-bebe-blu\/\" class=\"woocommerce-LoopProduct-link\"><img decoding=\"async\" width=\"600\" height=\"800\" src=\"https:\/\/voyagedelabaleine.fr\/wp-content\/uploads\/2025\/11\/bloomer-bebe-ecossais-vert-2-600x800.jpg\" class=\"woo-entry-image-main\" alt=\"Bloomer scozzese beb\u00e8 &#8211; Blu\" itemprop=\"image\" srcset=\"https:\/\/voyagedelabaleine.fr\/wp-content\/uploads\/2025\/11\/bloomer-bebe-ecossais-vert-2-600x800.jpg 600w, https:\/\/voyagedelabaleine.fr\/wp-content\/uploads\/2025\/11\/bloomer-bebe-ecossais-vert-2-225x300.jpg 225w, https:\/\/voyagedelabaleine.fr\/wp-content\/uploads\/2025\/11\/bloomer-bebe-ecossais-vert-2-768x1024.jpg 768w, https:\/\/voyagedelabaleine.fr\/wp-content\/uploads\/2025\/11\/bloomer-bebe-ecossais-vert-2-1152x1536.jpg 1152w, https:\/\/voyagedelabaleine.fr\/wp-content\/uploads\/2025\/11\/bloomer-bebe-ecossais-vert-2-scaled.jpg 1537w\" sizes=\"(max-width: 600px) 100vw, 600px\" \/><img decoding=\"async\" width=\"600\" height=\"800\" src=\"https:\/\/voyagedelabaleine.fr\/wp-content\/uploads\/2025\/11\/bloomer-bebe-ecossais-vert-600x800.jpg\" class=\"woo-entry-image-secondary\" alt=\"Bloomer scozzese beb\u00e8 &#8211; Blu\" itemprop=\"image\" srcset=\"https:\/\/voyagedelabaleine.fr\/wp-content\/uploads\/2025\/11\/bloomer-bebe-ecossais-vert-600x800.jpg 600w, https:\/\/voyagedelabaleine.fr\/wp-content\/uploads\/2025\/11\/bloomer-bebe-ecossais-vert-225x300.jpg 225w, https:\/\/voyagedelabaleine.fr\/wp-content\/uploads\/2025\/11\/bloomer-bebe-ecossais-vert-768x1023.jpg 768w, https:\/\/voyagedelabaleine.fr\/wp-content\/uploads\/2025\/11\/bloomer-bebe-ecossais-vert-1153x1536.jpg 1153w, https:\/\/voyagedelabaleine.fr\/wp-content\/uploads\/2025\/11\/bloomer-bebe-ecossais-vert.jpg 1500w\" sizes=\"(max-width: 600px) 100vw, 600px\" \/><\/a>\t<\/div><!-- .woo-entry-image-swap -->\n\n<\/li><li class=\"title\"><h2><a href=\"https:\/\/voyagedelabaleine.fr\/it\/prodotto\/bloomer-scozzese-bebe-blu\/\">Bloomer scozzese beb\u00e8 &#8211; Blu<\/a><\/h2><\/li><li class=\"price-wrap\">\n\t<span class=\"price\"><span class=\"woocommerce-Price-amount amount\"><bdi>28<span class=\"woocommerce-Price-currencySymbol\">&euro;<\/span><\/bdi><\/span><\/span>\n<\/li><\/ul><\/div><!-- .product-inner .clr --><\/li>\n<li class=\"entry has-media has-rating col span_1_of_3 owp-content-center owp-thumbs-layout-vertical owp-btn-big owp-tabs-layout-vertical circle-sale product type-product post-30617 status-publish last instock product_cat-calze-collant-neonati-bambini product_cat-calzini-collant-nascita product_cat-calzini-collant-nascita-ragazza product_cat-calzini-collant-nascita-ragazzo-2 product_cat-calzini-collant-bambina product_cat-calzini-collant-bambini product_cat-calzini-collant-bambino product_cat-calzini-collant-neonata product_cat-calzini-collant-neonato has-post-thumbnail taxable shipping-taxable purchasable product-type-variable has-default-attributes\">\n\t<div class=\"product-inner clr\">\n\t<div class=\"woo-entry-image-swap woo-entry-image clr\">\n\t\t<a href=\"https:\/\/voyagedelabaleine.fr\/it\/prodotto\/collant-neonato-a-costine-blu-navy\/\" class=\"woocommerce-LoopProduct-link\"><img decoding=\"async\" width=\"600\" height=\"800\" src=\"https:\/\/voyagedelabaleine.fr\/wp-content\/uploads\/2024\/11\/92357-thickbox_default-fotor-20241121232344-600x800.jpg\" class=\"woo-entry-image-main\" alt=\"Collant neonato a costine &#8211; Blu navy\" itemprop=\"image\" srcset=\"https:\/\/voyagedelabaleine.fr\/wp-content\/uploads\/2024\/11\/92357-thickbox_default-fotor-20241121232344-600x800.jpg 600w, https:\/\/voyagedelabaleine.fr\/wp-content\/uploads\/2024\/11\/92357-thickbox_default-fotor-20241121232344-225x300.jpg 225w, https:\/\/voyagedelabaleine.fr\/wp-content\/uploads\/2024\/11\/92357-thickbox_default-fotor-20241121232344-768x1024.jpg 768w, https:\/\/voyagedelabaleine.fr\/wp-content\/uploads\/2024\/11\/92357-thickbox_default-fotor-20241121232344.jpg 800w\" sizes=\"(max-width: 600px) 100vw, 600px\" \/><img decoding=\"async\" width=\"600\" height=\"800\" src=\"https:\/\/voyagedelabaleine.fr\/wp-content\/uploads\/2024\/11\/92357-thickbox_default-fotor-20241121232440-600x800.jpg\" class=\"woo-entry-image-secondary\" alt=\"Collant neonato a costine &#8211; Blu navy\" itemprop=\"image\" srcset=\"https:\/\/voyagedelabaleine.fr\/wp-content\/uploads\/2024\/11\/92357-thickbox_default-fotor-20241121232440-600x800.jpg 600w, https:\/\/voyagedelabaleine.fr\/wp-content\/uploads\/2024\/11\/92357-thickbox_default-fotor-20241121232440-225x300.jpg 225w, https:\/\/voyagedelabaleine.fr\/wp-content\/uploads\/2024\/11\/92357-thickbox_default-fotor-20241121232440-768x1024.jpg 768w, https:\/\/voyagedelabaleine.fr\/wp-content\/uploads\/2024\/11\/92357-thickbox_default-fotor-20241121232440.jpg 800w\" sizes=\"(max-width: 600px) 100vw, 600px\" \/><\/a>\t<\/div><!-- .woo-entry-image-swap -->\n\n<ul class=\"woo-entry-inner clr\"><li class=\"image-wrap\">\n\t<div class=\"woo-entry-image-swap woo-entry-image clr\">\n\t\t<a href=\"https:\/\/voyagedelabaleine.fr\/it\/prodotto\/collant-neonato-a-costine-blu-navy\/\" class=\"woocommerce-LoopProduct-link\"><img decoding=\"async\" width=\"600\" height=\"800\" src=\"https:\/\/voyagedelabaleine.fr\/wp-content\/uploads\/2024\/11\/92357-thickbox_default-fotor-20241121232344-600x800.jpg\" class=\"woo-entry-image-main\" alt=\"Collant neonato a costine &#8211; Blu navy\" itemprop=\"image\" srcset=\"https:\/\/voyagedelabaleine.fr\/wp-content\/uploads\/2024\/11\/92357-thickbox_default-fotor-20241121232344-600x800.jpg 600w, https:\/\/voyagedelabaleine.fr\/wp-content\/uploads\/2024\/11\/92357-thickbox_default-fotor-20241121232344-225x300.jpg 225w, https:\/\/voyagedelabaleine.fr\/wp-content\/uploads\/2024\/11\/92357-thickbox_default-fotor-20241121232344-768x1024.jpg 768w, https:\/\/voyagedelabaleine.fr\/wp-content\/uploads\/2024\/11\/92357-thickbox_default-fotor-20241121232344.jpg 800w\" sizes=\"(max-width: 600px) 100vw, 600px\" \/><img decoding=\"async\" width=\"600\" height=\"800\" src=\"https:\/\/voyagedelabaleine.fr\/wp-content\/uploads\/2024\/11\/92357-thickbox_default-fotor-20241121232440-600x800.jpg\" class=\"woo-entry-image-secondary\" alt=\"Collant neonato a costine &#8211; Blu navy\" itemprop=\"image\" srcset=\"https:\/\/voyagedelabaleine.fr\/wp-content\/uploads\/2024\/11\/92357-thickbox_default-fotor-20241121232440-600x800.jpg 600w, https:\/\/voyagedelabaleine.fr\/wp-content\/uploads\/2024\/11\/92357-thickbox_default-fotor-20241121232440-225x300.jpg 225w, https:\/\/voyagedelabaleine.fr\/wp-content\/uploads\/2024\/11\/92357-thickbox_default-fotor-20241121232440-768x1024.jpg 768w, https:\/\/voyagedelabaleine.fr\/wp-content\/uploads\/2024\/11\/92357-thickbox_default-fotor-20241121232440.jpg 800w\" sizes=\"(max-width: 600px) 100vw, 600px\" \/><\/a>\t<\/div><!-- .woo-entry-image-swap -->\n\n<\/li><li class=\"title\"><h2><a href=\"https:\/\/voyagedelabaleine.fr\/it\/prodotto\/collant-neonato-a-costine-blu-navy\/\">Collant neonato a costine &#8211; Blu navy<\/a><\/h2><\/li><li class=\"price-wrap\">\n\t<span class=\"price\"><span class=\"woocommerce-Price-amount amount\"><bdi>14<span class=\"woocommerce-Price-currencySymbol\">&euro;<\/span><\/bdi><\/span><\/span>\n<\/li><\/ul><\/div><!-- .product-inner .clr --><\/li>\n<\/ul>\n<\/div><\/div>\n\t\t\t\t\t\t<\/div>\n\t\t\t\t<\/div>\n\t\t<div class=\"elementor-element elementor-element-f1a61b6 e-con-full e-flex e-con e-parent\" data-id=\"f1a61b6\" data-element_type=\"container\" data-e-type=\"container\">\n\t\t\t\t<div class=\"elementor-element elementor-element-810676e elementor-widget-divider--separator-type-pattern elementor-widget-divider--view-line elementor-widget elementor-widget-divider\" data-id=\"810676e\" data-element_type=\"widget\" data-e-type=\"widget\" data-widget_type=\"divider.default\">\n\t\t\t\t\t\t\t<div class=\"elementor-divider\" style=\"--divider-pattern-url: url(&quot;data:image\/svg+xml,%3Csvg xmlns=&#039;http:\/\/www.w3.org\/2000\/svg&#039; preserveAspectRatio=&#039;none&#039; overflow=&#039;visible&#039; height=&#039;100%&#039; viewBox=&#039;0 0 24 24&#039; fill=&#039;black&#039; stroke=&#039;none&#039;%3E%3Cpath d=&#039;M12.7,2.3c-0.4-0.4-1.1-0.4-1.5,0l-8,9.1c-0.3,0.4-0.3,0.9,0,1.2l8,9.1c0.4,0.4,1.1,0.4,1.5,0l8-9.1c0.3-0.4,0.3-0.9,0-1.2L12.7,2.3z&#039;\/%3E%3C\/svg%3E&quot;);\">\n\t\t\t<span class=\"elementor-divider-separator\">\n\t\t\t\t\t\t<\/span>\n\t\t<\/div>\n\t\t\t\t\t\t<\/div>\n\t\t\t\t<div class=\"elementor-element elementor-element-0e5a00f elementor-widget__width-initial elementor-widget-mobile__width-inherit elementor-widget elementor-widget-shortcode\" data-id=\"0e5a00f\" data-element_type=\"widget\" data-e-type=\"widget\" data-widget_type=\"shortcode.default\">\n\t\t\t\t\t\t\t<div class=\"elementor-shortcode\"><div class=\"woocommerce columns-2 \">\r\n<ul class=\"products oceanwp-row clr grid tablet-col tablet-2-col mobile-col mobile-2-col\">\r\n<li class=\"entry has-media has-rating col span_1_of_2 owp-content-center owp-thumbs-layout-vertical owp-btn-big owp-tabs-layout-vertical circle-sale product type-product post-33064 status-publish first instock product_cat-calze-collant-neonati-bambini product_cat-calzini-collant-nascita product_cat-calzini-collant-nascita-ragazza product_cat-calzini-collant-nascita-ragazzo-2 product_cat-calzini-collant-bambina product_cat-calzini-collant-bambini product_cat-calzini-collant-bambino product_cat-calzini-collant-neonata product_cat-calzini-collant-neonato has-post-thumbnail taxable shipping-taxable purchasable product-type-variable has-default-attributes\">\n\t<div class=\"product-inner clr\">\n\t<div class=\"woo-entry-image-swap woo-entry-image clr\">\n\t\t<a href=\"https:\/\/voyagedelabaleine.fr\/it\/prodotto\/collant-neonato-con-treccia-laterale-crema\/\" class=\"woocommerce-LoopProduct-link\"><img decoding=\"async\" width=\"600\" height=\"800\" src=\"https:\/\/voyagedelabaleine.fr\/wp-content\/uploads\/2025\/07\/collant-bebe-torsade-creme-600x800.jpg\" class=\"woo-entry-image-main\" alt=\"Collant neonato con treccia laterale &#8211; Crema\" itemprop=\"image\" srcset=\"https:\/\/voyagedelabaleine.fr\/wp-content\/uploads\/2025\/07\/collant-bebe-torsade-creme-600x799.jpg 600w, https:\/\/voyagedelabaleine.fr\/wp-content\/uploads\/2025\/07\/collant-bebe-torsade-creme-225x300.jpg 225w, https:\/\/voyagedelabaleine.fr\/wp-content\/uploads\/2025\/07\/collant-bebe-torsade-creme-769x1024.jpg 769w, https:\/\/voyagedelabaleine.fr\/wp-content\/uploads\/2025\/07\/collant-bebe-torsade-creme-768x1023.jpg 768w, https:\/\/voyagedelabaleine.fr\/wp-content\/uploads\/2025\/07\/collant-bebe-torsade-creme.jpg 900w\" sizes=\"(max-width: 600px) 100vw, 600px\" \/><img decoding=\"async\" width=\"600\" height=\"800\" src=\"https:\/\/voyagedelabaleine.fr\/wp-content\/uploads\/2025\/10\/collant-bebe-torsade-creme-2-600x800.jpg\" class=\"woo-entry-image-secondary\" alt=\"Collant neonato con treccia laterale &#8211; Crema\" itemprop=\"image\" srcset=\"https:\/\/voyagedelabaleine.fr\/wp-content\/uploads\/2025\/10\/collant-bebe-torsade-creme-2-600x800.jpg 600w, https:\/\/voyagedelabaleine.fr\/wp-content\/uploads\/2025\/10\/collant-bebe-torsade-creme-2-225x300.jpg 225w, https:\/\/voyagedelabaleine.fr\/wp-content\/uploads\/2025\/10\/collant-bebe-torsade-creme-2-768x1025.jpg 768w, https:\/\/voyagedelabaleine.fr\/wp-content\/uploads\/2025\/10\/collant-bebe-torsade-creme-2.jpg 922w\" sizes=\"(max-width: 600px) 100vw, 600px\" \/><\/a>\t<\/div><!-- .woo-entry-image-swap -->\n\n<ul class=\"woo-entry-inner clr\"><li class=\"image-wrap\">\n\t<div class=\"woo-entry-image-swap woo-entry-image clr\">\n\t\t<a href=\"https:\/\/voyagedelabaleine.fr\/it\/prodotto\/collant-neonato-con-treccia-laterale-crema\/\" class=\"woocommerce-LoopProduct-link\"><img decoding=\"async\" width=\"600\" height=\"800\" src=\"https:\/\/voyagedelabaleine.fr\/wp-content\/uploads\/2025\/07\/collant-bebe-torsade-creme-600x800.jpg\" class=\"woo-entry-image-main\" alt=\"Collant neonato con treccia laterale &#8211; Crema\" itemprop=\"image\" srcset=\"https:\/\/voyagedelabaleine.fr\/wp-content\/uploads\/2025\/07\/collant-bebe-torsade-creme-600x799.jpg 600w, https:\/\/voyagedelabaleine.fr\/wp-content\/uploads\/2025\/07\/collant-bebe-torsade-creme-225x300.jpg 225w, https:\/\/voyagedelabaleine.fr\/wp-content\/uploads\/2025\/07\/collant-bebe-torsade-creme-769x1024.jpg 769w, https:\/\/voyagedelabaleine.fr\/wp-content\/uploads\/2025\/07\/collant-bebe-torsade-creme-768x1023.jpg 768w, https:\/\/voyagedelabaleine.fr\/wp-content\/uploads\/2025\/07\/collant-bebe-torsade-creme.jpg 900w\" sizes=\"(max-width: 600px) 100vw, 600px\" \/><img decoding=\"async\" width=\"600\" height=\"800\" src=\"https:\/\/voyagedelabaleine.fr\/wp-content\/uploads\/2025\/10\/collant-bebe-torsade-creme-2-600x800.jpg\" class=\"woo-entry-image-secondary\" alt=\"Collant neonato con treccia laterale &#8211; Crema\" itemprop=\"image\" srcset=\"https:\/\/voyagedelabaleine.fr\/wp-content\/uploads\/2025\/10\/collant-bebe-torsade-creme-2-600x800.jpg 600w, https:\/\/voyagedelabaleine.fr\/wp-content\/uploads\/2025\/10\/collant-bebe-torsade-creme-2-225x300.jpg 225w, https:\/\/voyagedelabaleine.fr\/wp-content\/uploads\/2025\/10\/collant-bebe-torsade-creme-2-768x1025.jpg 768w, https:\/\/voyagedelabaleine.fr\/wp-content\/uploads\/2025\/10\/collant-bebe-torsade-creme-2.jpg 922w\" sizes=\"(max-width: 600px) 100vw, 600px\" \/><\/a>\t<\/div><!-- .woo-entry-image-swap -->\n\n<\/li><li class=\"title\"><h2><a href=\"https:\/\/voyagedelabaleine.fr\/it\/prodotto\/collant-neonato-con-treccia-laterale-crema\/\">Collant neonato con treccia laterale &#8211; Crema<\/a><\/h2><\/li><li class=\"price-wrap\">\n\t<span class=\"price\"><span class=\"woocommerce-Price-amount amount\"><bdi>16<span class=\"woocommerce-Price-currencySymbol\">&euro;<\/span><\/bdi><\/span><\/span>\n<\/li><\/ul><\/div><!-- .product-inner .clr --><\/li>\n<li class=\"entry has-media col span_1_of_2 owp-content-center owp-thumbs-layout-vertical owp-btn-big owp-tabs-layout-vertical circle-sale product type-product post-33099 status-publish last instock product_cat-abbigliamento product_cat-bambina product_cat-neonata product_cat-vestito-bambina product_cat-vestito-neonata has-post-thumbnail taxable shipping-taxable purchasable product-type-variable has-default-attributes\">\n\t<div class=\"product-inner clr\">\n\t<div class=\"woo-entry-image-swap woo-entry-image clr\">\n\t\t<a href=\"https:\/\/voyagedelabaleine.fr\/it\/prodotto\/vestito-di-natale-bambina-in-velluto-rosso\/\" class=\"woocommerce-LoopProduct-link\"><img decoding=\"async\" width=\"600\" height=\"800\" src=\"https:\/\/voyagedelabaleine.fr\/wp-content\/uploads\/2025\/07\/robe-noel-velours-rouge-2-600x800.jpg\" class=\"woo-entry-image-main\" alt=\"Vestito di Natale bambina in velluto &#8211; Rosso\" itemprop=\"image\" srcset=\"https:\/\/voyagedelabaleine.fr\/wp-content\/uploads\/2025\/07\/robe-noel-velours-rouge-2-600x800.jpg 600w, https:\/\/voyagedelabaleine.fr\/wp-content\/uploads\/2025\/07\/robe-noel-velours-rouge-2-225x300.jpg 225w, https:\/\/voyagedelabaleine.fr\/wp-content\/uploads\/2025\/07\/robe-noel-velours-rouge-2-768x1024.jpg 768w, https:\/\/voyagedelabaleine.fr\/wp-content\/uploads\/2025\/07\/robe-noel-velours-rouge-2-1152x1536.jpg 1152w, https:\/\/voyagedelabaleine.fr\/wp-content\/uploads\/2025\/07\/robe-noel-velours-rouge-2.jpg 1400w\" sizes=\"(max-width: 600px) 100vw, 600px\" \/><img decoding=\"async\" width=\"600\" height=\"800\" src=\"https:\/\/voyagedelabaleine.fr\/wp-content\/uploads\/2025\/07\/robe-noel-velours-rouge-1-600x800.jpg\" class=\"woo-entry-image-secondary\" alt=\"Vestito di Natale bambina in velluto &#8211; Rosso\" itemprop=\"image\" srcset=\"https:\/\/voyagedelabaleine.fr\/wp-content\/uploads\/2025\/07\/robe-noel-velours-rouge-1-600x800.jpg 600w, https:\/\/voyagedelabaleine.fr\/wp-content\/uploads\/2025\/07\/robe-noel-velours-rouge-1-225x300.jpg 225w, https:\/\/voyagedelabaleine.fr\/wp-content\/uploads\/2025\/07\/robe-noel-velours-rouge-1-768x1023.jpg 768w, https:\/\/voyagedelabaleine.fr\/wp-content\/uploads\/2025\/07\/robe-noel-velours-rouge-1-1153x1536.jpg 1153w, https:\/\/voyagedelabaleine.fr\/wp-content\/uploads\/2025\/07\/robe-noel-velours-rouge-1.jpg 1200w\" sizes=\"(max-width: 600px) 100vw, 600px\" \/><\/a>\t<\/div><!-- .woo-entry-image-swap -->\n\n<ul class=\"woo-entry-inner clr\"><li class=\"image-wrap\">\n\t<div class=\"woo-entry-image-swap woo-entry-image clr\">\n\t\t<a href=\"https:\/\/voyagedelabaleine.fr\/it\/prodotto\/vestito-di-natale-bambina-in-velluto-rosso\/\" class=\"woocommerce-LoopProduct-link\"><img decoding=\"async\" width=\"600\" height=\"800\" src=\"https:\/\/voyagedelabaleine.fr\/wp-content\/uploads\/2025\/07\/robe-noel-velours-rouge-2-600x800.jpg\" class=\"woo-entry-image-main\" alt=\"Vestito di Natale bambina in velluto &#8211; Rosso\" itemprop=\"image\" srcset=\"https:\/\/voyagedelabaleine.fr\/wp-content\/uploads\/2025\/07\/robe-noel-velours-rouge-2-600x800.jpg 600w, https:\/\/voyagedelabaleine.fr\/wp-content\/uploads\/2025\/07\/robe-noel-velours-rouge-2-225x300.jpg 225w, https:\/\/voyagedelabaleine.fr\/wp-content\/uploads\/2025\/07\/robe-noel-velours-rouge-2-768x1024.jpg 768w, https:\/\/voyagedelabaleine.fr\/wp-content\/uploads\/2025\/07\/robe-noel-velours-rouge-2-1152x1536.jpg 1152w, https:\/\/voyagedelabaleine.fr\/wp-content\/uploads\/2025\/07\/robe-noel-velours-rouge-2.jpg 1400w\" sizes=\"(max-width: 600px) 100vw, 600px\" \/><img decoding=\"async\" width=\"600\" height=\"800\" src=\"https:\/\/voyagedelabaleine.fr\/wp-content\/uploads\/2025\/07\/robe-noel-velours-rouge-1-600x800.jpg\" class=\"woo-entry-image-secondary\" alt=\"Vestito di Natale bambina in velluto &#8211; Rosso\" itemprop=\"image\" srcset=\"https:\/\/voyagedelabaleine.fr\/wp-content\/uploads\/2025\/07\/robe-noel-velours-rouge-1-600x800.jpg 600w, https:\/\/voyagedelabaleine.fr\/wp-content\/uploads\/2025\/07\/robe-noel-velours-rouge-1-225x300.jpg 225w, https:\/\/voyagedelabaleine.fr\/wp-content\/uploads\/2025\/07\/robe-noel-velours-rouge-1-768x1023.jpg 768w, https:\/\/voyagedelabaleine.fr\/wp-content\/uploads\/2025\/07\/robe-noel-velours-rouge-1-1153x1536.jpg 1153w, https:\/\/voyagedelabaleine.fr\/wp-content\/uploads\/2025\/07\/robe-noel-velours-rouge-1.jpg 1200w\" sizes=\"(max-width: 600px) 100vw, 600px\" \/><\/a>\t<\/div><!-- .woo-entry-image-swap -->\n\n<\/li><li class=\"title\"><h2><a href=\"https:\/\/voyagedelabaleine.fr\/it\/prodotto\/vestito-di-natale-bambina-in-velluto-rosso\/\">Vestito di Natale bambina in velluto &#8211; Rosso<\/a><\/h2><\/li><li class=\"price-wrap\">\n\t<span class=\"price\"><span class=\"woocommerce-Price-amount amount\"><bdi>86<span class=\"woocommerce-Price-currencySymbol\">&euro;<\/span><\/bdi><\/span><\/span>\n<\/li><\/ul><\/div><!-- .product-inner .clr --><\/li>\n<\/ul>\n<\/div><\/div>\n\t\t\t\t\t\t<\/div>\n\t\t\t\t<\/div>\n\t\t<div class=\"elementor-element elementor-element-bf79a42 e-con-full e-flex e-con e-parent\" data-id=\"bf79a42\" data-element_type=\"container\" data-e-type=\"container\">\n\t\t\t\t<div class=\"elementor-element elementor-element-6cae3e4 elementor-widget-divider--separator-type-pattern elementor-widget-divider--view-line elementor-widget elementor-widget-divider\" data-id=\"6cae3e4\" data-element_type=\"widget\" data-e-type=\"widget\" data-widget_type=\"divider.default\">\n\t\t\t\t\t\t\t<div class=\"elementor-divider\" style=\"--divider-pattern-url: url(&quot;data:image\/svg+xml,%3Csvg xmlns=&#039;http:\/\/www.w3.org\/2000\/svg&#039; preserveAspectRatio=&#039;none&#039; overflow=&#039;visible&#039; height=&#039;100%&#039; viewBox=&#039;0 0 24 24&#039; fill=&#039;black&#039; stroke=&#039;none&#039;%3E%3Cpath d=&#039;M12.7,2.3c-0.4-0.4-1.1-0.4-1.5,0l-8,9.1c-0.3,0.4-0.3,0.9,0,1.2l8,9.1c0.4,0.4,1.1,0.4,1.5,0l8-9.1c0.3-0.4,0.3-0.9,0-1.2L12.7,2.3z&#039;\/%3E%3C\/svg%3E&quot;);\">\n\t\t\t<span class=\"elementor-divider-separator\">\n\t\t\t\t\t\t<\/span>\n\t\t<\/div>\n\t\t\t\t\t\t<\/div>\n\t\t\t\t<div class=\"elementor-element elementor-element-076527a elementor-widget__width-initial elementor-widget-mobile__width-inherit elementor-widget elementor-widget-shortcode\" data-id=\"076527a\" data-element_type=\"widget\" data-e-type=\"widget\" data-widget_type=\"shortcode.default\">\n\t\t\t\t\t\t\t<div class=\"elementor-shortcode\"><div class=\"woocommerce columns-1 \">\r\n<ul class=\"products oceanwp-row clr grid tablet-col tablet-2-col mobile-col mobile-2-col\">\r\n<li class=\"entry has-media col span_1_of_1 owp-content-center owp-thumbs-layout-vertical owp-btn-big owp-tabs-layout-vertical circle-sale product type-product post-33115 status-publish first instock product_cat-abbigliamento product_cat-bloomer-short-pantaloni-nascita product_cat-bloomer-short-pantaloni-nascita-ragazza product_cat-bloomer-short-pantaloni-neonata product_cat-bloomer-short-pantaloni-neonati product_cat-completi-nascita product_cat-completi-nascita-ragazza product_cat-completi-neonata product_cat-completi-neonati product_cat-maglione-gilet-cardigan-nascita product_cat-maglione-gilet-cardigan-nascita-ragazza product_cat-maglione-gilet-cardigan-neonata product_cat-maglione-gilet-cardigan-neonati has-post-thumbnail taxable shipping-taxable purchasable product-type-variable has-default-attributes\">\n\t<div class=\"product-inner clr\">\n\t<div class=\"woo-entry-image-swap woo-entry-image clr\">\n\t\t<a href=\"https:\/\/voyagedelabaleine.fr\/it\/prodotto\/completo-neonata-con-cappellino-rosa-pallido\/\" class=\"woocommerce-LoopProduct-link\"><img decoding=\"async\" width=\"600\" height=\"800\" src=\"https:\/\/voyagedelabaleine.fr\/wp-content\/uploads\/2025\/11\/ensemble-bebe-rose-1-600x800.jpg\" class=\"woo-entry-image-main\" alt=\"Completo neonata con cappellino &#8211; Rosa pallido\" itemprop=\"image\" srcset=\"https:\/\/voyagedelabaleine.fr\/wp-content\/uploads\/2025\/11\/ensemble-bebe-rose-1-600x800.jpg 600w, https:\/\/voyagedelabaleine.fr\/wp-content\/uploads\/2025\/11\/ensemble-bebe-rose-1-225x300.jpg 225w, https:\/\/voyagedelabaleine.fr\/wp-content\/uploads\/2025\/11\/ensemble-bebe-rose-1-768x1024.jpg 768w, https:\/\/voyagedelabaleine.fr\/wp-content\/uploads\/2025\/11\/ensemble-bebe-rose-1-1152x1536.jpg 1152w, https:\/\/voyagedelabaleine.fr\/wp-content\/uploads\/2025\/11\/ensemble-bebe-rose-1-scaled.jpg 1537w\" sizes=\"(max-width: 600px) 100vw, 600px\" \/><img decoding=\"async\" width=\"600\" height=\"800\" src=\"https:\/\/voyagedelabaleine.fr\/wp-content\/uploads\/2025\/11\/ensemble-bebe-rose-2-600x800.jpg\" class=\"woo-entry-image-secondary\" alt=\"Completo neonata con cappellino &#8211; Rosa pallido\" itemprop=\"image\" srcset=\"https:\/\/voyagedelabaleine.fr\/wp-content\/uploads\/2025\/11\/ensemble-bebe-rose-2-600x800.jpg 600w, https:\/\/voyagedelabaleine.fr\/wp-content\/uploads\/2025\/11\/ensemble-bebe-rose-2-225x300.jpg 225w, https:\/\/voyagedelabaleine.fr\/wp-content\/uploads\/2025\/11\/ensemble-bebe-rose-2-768x1023.jpg 768w, https:\/\/voyagedelabaleine.fr\/wp-content\/uploads\/2025\/11\/ensemble-bebe-rose-2.jpg 953w\" sizes=\"(max-width: 600px) 100vw, 600px\" \/><\/a>\t<\/div><!-- .woo-entry-image-swap -->\n\n<ul class=\"woo-entry-inner clr\"><li class=\"image-wrap\">\n\t<div class=\"woo-entry-image-swap woo-entry-image clr\">\n\t\t<a href=\"https:\/\/voyagedelabaleine.fr\/it\/prodotto\/completo-neonata-con-cappellino-rosa-pallido\/\" class=\"woocommerce-LoopProduct-link\"><img decoding=\"async\" width=\"600\" height=\"800\" src=\"https:\/\/voyagedelabaleine.fr\/wp-content\/uploads\/2025\/11\/ensemble-bebe-rose-1-600x800.jpg\" class=\"woo-entry-image-main\" alt=\"Completo neonata con cappellino &#8211; Rosa pallido\" itemprop=\"image\" srcset=\"https:\/\/voyagedelabaleine.fr\/wp-content\/uploads\/2025\/11\/ensemble-bebe-rose-1-600x800.jpg 600w, https:\/\/voyagedelabaleine.fr\/wp-content\/uploads\/2025\/11\/ensemble-bebe-rose-1-225x300.jpg 225w, https:\/\/voyagedelabaleine.fr\/wp-content\/uploads\/2025\/11\/ensemble-bebe-rose-1-768x1024.jpg 768w, https:\/\/voyagedelabaleine.fr\/wp-content\/uploads\/2025\/11\/ensemble-bebe-rose-1-1152x1536.jpg 1152w, https:\/\/voyagedelabaleine.fr\/wp-content\/uploads\/2025\/11\/ensemble-bebe-rose-1-scaled.jpg 1537w\" sizes=\"(max-width: 600px) 100vw, 600px\" \/><img decoding=\"async\" width=\"600\" height=\"800\" src=\"https:\/\/voyagedelabaleine.fr\/wp-content\/uploads\/2025\/11\/ensemble-bebe-rose-2-600x800.jpg\" class=\"woo-entry-image-secondary\" alt=\"Completo neonata con cappellino &#8211; Rosa pallido\" itemprop=\"image\" srcset=\"https:\/\/voyagedelabaleine.fr\/wp-content\/uploads\/2025\/11\/ensemble-bebe-rose-2-600x800.jpg 600w, https:\/\/voyagedelabaleine.fr\/wp-content\/uploads\/2025\/11\/ensemble-bebe-rose-2-225x300.jpg 225w, https:\/\/voyagedelabaleine.fr\/wp-content\/uploads\/2025\/11\/ensemble-bebe-rose-2-768x1023.jpg 768w, https:\/\/voyagedelabaleine.fr\/wp-content\/uploads\/2025\/11\/ensemble-bebe-rose-2.jpg 953w\" sizes=\"(max-width: 600px) 100vw, 600px\" \/><\/a>\t<\/div><!-- .woo-entry-image-swap -->\n\n<\/li><li class=\"title\"><h2><a href=\"https:\/\/voyagedelabaleine.fr\/it\/prodotto\/completo-neonata-con-cappellino-rosa-pallido\/\">Completo neonata con cappellino &#8211; Rosa pallido<\/a><\/h2><\/li><li class=\"price-wrap\">\n\t<span class=\"price\"><span class=\"woocommerce-Price-amount amount\"><bdi>68<span class=\"woocommerce-Price-currencySymbol\">&euro;<\/span><\/bdi><\/span><\/span>\n<\/li><\/ul><\/div><!-- .product-inner .clr --><\/li>\n<\/ul>\n<\/div><\/div>\n\t\t\t\t\t\t<\/div>\n\t\t\t\t<\/div>\n\t\t<div class=\"elementor-element elementor-element-ba7ce11 e-con-full e-flex e-con e-parent\" data-id=\"ba7ce11\" data-element_type=\"container\" data-e-type=\"container\">\n\t\t\t\t<div class=\"elementor-element elementor-element-4c0929d elementor-widget-divider--separator-type-pattern elementor-widget-divider--view-line elementor-widget elementor-widget-divider\" data-id=\"4c0929d\" data-element_type=\"widget\" data-e-type=\"widget\" data-widget_type=\"divider.default\">\n\t\t\t\t\t\t\t<div class=\"elementor-divider\" style=\"--divider-pattern-url: url(&quot;data:image\/svg+xml,%3Csvg xmlns=&#039;http:\/\/www.w3.org\/2000\/svg&#039; preserveAspectRatio=&#039;none&#039; overflow=&#039;visible&#039; height=&#039;100%&#039; viewBox=&#039;0 0 24 24&#039; fill=&#039;black&#039; stroke=&#039;none&#039;%3E%3Cpath d=&#039;M12.7,2.3c-0.4-0.4-1.1-0.4-1.5,0l-8,9.1c-0.3,0.4-0.3,0.9,0,1.2l8,9.1c0.4,0.4,1.1,0.4,1.5,0l8-9.1c0.3-0.4,0.3-0.9,0-1.2L12.7,2.3z&#039;\/%3E%3C\/svg%3E&quot;);\">\n\t\t\t<span class=\"elementor-divider-separator\">\n\t\t\t\t\t\t<\/span>\n\t\t<\/div>\n\t\t\t\t\t\t<\/div>\n\t\t\t\t<div class=\"elementor-element elementor-element-209e4a4 elementor-widget elementor-widget-shortcode\" data-id=\"209e4a4\" data-element_type=\"widget\" data-e-type=\"widget\" data-widget_type=\"shortcode.default\">\n\t\t\t\t\t\t\t<div class=\"elementor-shortcode\"><div class=\"woocommerce columns-3 \">\r\n<ul class=\"products oceanwp-row clr grid tablet-col tablet-2-col mobile-col mobile-2-col\">\r\n<li class=\"entry has-media col span_1_of_3 owp-content-center owp-thumbs-layout-vertical owp-btn-big owp-tabs-layout-vertical circle-sale product type-product post-32738 status-publish first instock product_cat-abbigliamento product_cat-blusa-camicia-nascita product_cat-blusa-camicia-nascita-ragazza product_cat-blusa-camicia-bambina product_cat-blusa-camicia-bambini product_cat-blusa-e-camicia-per-neonata product_cat-blusa-camicia-neonati has-post-thumbnail taxable shipping-taxable purchasable product-type-variable has-default-attributes\">\n\t<div class=\"product-inner clr\">\n\t<div class=\"woo-entry-image-swap woo-entry-image clr\">\n\t\t<a href=\"https:\/\/voyagedelabaleine.fr\/it\/prodotto\/blusa-bambina-a-maniche-lunghe-in-cotone-crema\/\" class=\"woocommerce-LoopProduct-link\"><img decoding=\"async\" width=\"600\" height=\"800\" src=\"https:\/\/voyagedelabaleine.fr\/wp-content\/uploads\/2025\/07\/blouse-bebe-fille-manches-longues-creme-1-600x800.jpg\" class=\"woo-entry-image-main\" alt=\"Blusa bambina a maniche lunghe in cotone &#8211; Crema\" itemprop=\"image\" srcset=\"https:\/\/voyagedelabaleine.fr\/wp-content\/uploads\/2025\/07\/blouse-bebe-fille-manches-longues-creme-1-600x800.jpg 600w, https:\/\/voyagedelabaleine.fr\/wp-content\/uploads\/2025\/07\/blouse-bebe-fille-manches-longues-creme-1-225x300.jpg 225w, https:\/\/voyagedelabaleine.fr\/wp-content\/uploads\/2025\/07\/blouse-bebe-fille-manches-longues-creme-1-768x1024.jpg 768w, https:\/\/voyagedelabaleine.fr\/wp-content\/uploads\/2025\/07\/blouse-bebe-fille-manches-longues-creme-1.jpg 1100w\" sizes=\"(max-width: 600px) 100vw, 600px\" \/><img decoding=\"async\" width=\"600\" height=\"800\" src=\"https:\/\/voyagedelabaleine.fr\/wp-content\/uploads\/2025\/07\/blouse-bebe-fille-manches-longues-creme-2-600x800.jpg\" class=\"woo-entry-image-secondary\" alt=\"Blusa bambina a maniche lunghe in cotone &#8211; Crema\" itemprop=\"image\" srcset=\"https:\/\/voyagedelabaleine.fr\/wp-content\/uploads\/2025\/07\/blouse-bebe-fille-manches-longues-creme-2-600x800.jpg 600w, https:\/\/voyagedelabaleine.fr\/wp-content\/uploads\/2025\/07\/blouse-bebe-fille-manches-longues-creme-2-225x300.jpg 225w, https:\/\/voyagedelabaleine.fr\/wp-content\/uploads\/2025\/07\/blouse-bebe-fille-manches-longues-creme-2-768x1024.jpg 768w, https:\/\/voyagedelabaleine.fr\/wp-content\/uploads\/2025\/07\/blouse-bebe-fille-manches-longues-creme-2-1152x1536.jpg 1152w, https:\/\/voyagedelabaleine.fr\/wp-content\/uploads\/2025\/07\/blouse-bebe-fille-manches-longues-creme-2.jpg 1273w\" sizes=\"(max-width: 600px) 100vw, 600px\" \/><\/a>\t<\/div><!-- .woo-entry-image-swap -->\n\n<ul class=\"woo-entry-inner clr\"><li class=\"image-wrap\">\n\t<div class=\"woo-entry-image-swap woo-entry-image clr\">\n\t\t<a href=\"https:\/\/voyagedelabaleine.fr\/it\/prodotto\/blusa-bambina-a-maniche-lunghe-in-cotone-crema\/\" class=\"woocommerce-LoopProduct-link\"><img decoding=\"async\" width=\"600\" height=\"800\" src=\"https:\/\/voyagedelabaleine.fr\/wp-content\/uploads\/2025\/07\/blouse-bebe-fille-manches-longues-creme-1-600x800.jpg\" class=\"woo-entry-image-main\" alt=\"Blusa bambina a maniche lunghe in cotone &#8211; Crema\" itemprop=\"image\" srcset=\"https:\/\/voyagedelabaleine.fr\/wp-content\/uploads\/2025\/07\/blouse-bebe-fille-manches-longues-creme-1-600x800.jpg 600w, https:\/\/voyagedelabaleine.fr\/wp-content\/uploads\/2025\/07\/blouse-bebe-fille-manches-longues-creme-1-225x300.jpg 225w, https:\/\/voyagedelabaleine.fr\/wp-content\/uploads\/2025\/07\/blouse-bebe-fille-manches-longues-creme-1-768x1024.jpg 768w, https:\/\/voyagedelabaleine.fr\/wp-content\/uploads\/2025\/07\/blouse-bebe-fille-manches-longues-creme-1.jpg 1100w\" sizes=\"(max-width: 600px) 100vw, 600px\" \/><img decoding=\"async\" width=\"600\" height=\"800\" src=\"https:\/\/voyagedelabaleine.fr\/wp-content\/uploads\/2025\/07\/blouse-bebe-fille-manches-longues-creme-2-600x800.jpg\" class=\"woo-entry-image-secondary\" alt=\"Blusa bambina a maniche lunghe in cotone &#8211; Crema\" itemprop=\"image\" srcset=\"https:\/\/voyagedelabaleine.fr\/wp-content\/uploads\/2025\/07\/blouse-bebe-fille-manches-longues-creme-2-600x800.jpg 600w, https:\/\/voyagedelabaleine.fr\/wp-content\/uploads\/2025\/07\/blouse-bebe-fille-manches-longues-creme-2-225x300.jpg 225w, https:\/\/voyagedelabaleine.fr\/wp-content\/uploads\/2025\/07\/blouse-bebe-fille-manches-longues-creme-2-768x1024.jpg 768w, https:\/\/voyagedelabaleine.fr\/wp-content\/uploads\/2025\/07\/blouse-bebe-fille-manches-longues-creme-2-1152x1536.jpg 1152w, https:\/\/voyagedelabaleine.fr\/wp-content\/uploads\/2025\/07\/blouse-bebe-fille-manches-longues-creme-2.jpg 1273w\" sizes=\"(max-width: 600px) 100vw, 600px\" \/><\/a>\t<\/div><!-- .woo-entry-image-swap -->\n\n<\/li><li class=\"title\"><h2><a href=\"https:\/\/voyagedelabaleine.fr\/it\/prodotto\/blusa-bambina-a-maniche-lunghe-in-cotone-crema\/\">Blusa bambina a maniche lunghe in cotone &#8211; Crema<\/a><\/h2><\/li><li class=\"price-wrap\">\n\t<span class=\"price\"><span class=\"woocommerce-Price-amount amount\"><bdi>36<span class=\"woocommerce-Price-currencySymbol\">&euro;<\/span><\/bdi><\/span><\/span>\n<\/li><\/ul><\/div><!-- .product-inner .clr --><\/li>\n<li class=\"entry has-media col span_1_of_3 owp-content-center owp-thumbs-layout-vertical owp-btn-big owp-tabs-layout-vertical circle-sale product type-product post-32654 status-publish instock product_cat-abbigliamento product_cat-maglione-gilet-cardigan-bambina product_cat-maglione-gilet-cardigan-bambini product_cat-maglione-gilet-cardigan-neonata product_cat-maglione-gilet-cardigan-neonati has-post-thumbnail taxable shipping-taxable purchasable product-type-variable has-default-attributes\">\n\t<div class=\"product-inner clr\">\n\t<div class=\"woo-entry-image-swap woo-entry-image clr\">\n\t\t<a href=\"https:\/\/voyagedelabaleine.fr\/it\/prodotto\/cardigan-bambina-in-maglia-beige\/\" class=\"woocommerce-LoopProduct-link\"><img decoding=\"async\" width=\"600\" height=\"800\" src=\"https:\/\/voyagedelabaleine.fr\/wp-content\/uploads\/2025\/07\/gilet-enfant-fille-maille-beige-600x800.jpg\" class=\"woo-entry-image-main\" alt=\"Cardigan bambina in maglia &#8211; Beige\" itemprop=\"image\" srcset=\"https:\/\/voyagedelabaleine.fr\/wp-content\/uploads\/2025\/07\/gilet-enfant-fille-maille-beige-600x800.jpg 600w, https:\/\/voyagedelabaleine.fr\/wp-content\/uploads\/2025\/07\/gilet-enfant-fille-maille-beige-225x300.jpg 225w, https:\/\/voyagedelabaleine.fr\/wp-content\/uploads\/2025\/07\/gilet-enfant-fille-maille-beige-768x1024.jpg 768w, https:\/\/voyagedelabaleine.fr\/wp-content\/uploads\/2025\/07\/gilet-enfant-fille-maille-beige-1152x1536.jpg 1152w, https:\/\/voyagedelabaleine.fr\/wp-content\/uploads\/2025\/07\/gilet-enfant-fille-maille-beige.jpg 1200w\" sizes=\"(max-width: 600px) 100vw, 600px\" \/><img decoding=\"async\" width=\"600\" height=\"800\" src=\"https:\/\/voyagedelabaleine.fr\/wp-content\/uploads\/2025\/07\/gilet-fille-maille-beige-600x800.jpg\" class=\"woo-entry-image-secondary\" alt=\"Cardigan bambina in maglia &#8211; Beige\" itemprop=\"image\" srcset=\"https:\/\/voyagedelabaleine.fr\/wp-content\/uploads\/2025\/07\/gilet-fille-maille-beige-600x800.jpg 600w, https:\/\/voyagedelabaleine.fr\/wp-content\/uploads\/2025\/07\/gilet-fille-maille-beige-225x300.jpg 225w, https:\/\/voyagedelabaleine.fr\/wp-content\/uploads\/2025\/07\/gilet-fille-maille-beige-768x1024.jpg 768w, https:\/\/voyagedelabaleine.fr\/wp-content\/uploads\/2025\/07\/gilet-fille-maille-beige.jpg 1100w\" sizes=\"(max-width: 600px) 100vw, 600px\" \/><\/a>\t<\/div><!-- .woo-entry-image-swap -->\n\n<ul class=\"woo-entry-inner clr\"><li class=\"image-wrap\">\n\t<div class=\"woo-entry-image-swap woo-entry-image clr\">\n\t\t<a href=\"https:\/\/voyagedelabaleine.fr\/it\/prodotto\/cardigan-bambina-in-maglia-beige\/\" class=\"woocommerce-LoopProduct-link\"><img decoding=\"async\" width=\"600\" height=\"800\" src=\"https:\/\/voyagedelabaleine.fr\/wp-content\/uploads\/2025\/07\/gilet-enfant-fille-maille-beige-600x800.jpg\" class=\"woo-entry-image-main\" alt=\"Cardigan bambina in maglia &#8211; Beige\" itemprop=\"image\" srcset=\"https:\/\/voyagedelabaleine.fr\/wp-content\/uploads\/2025\/07\/gilet-enfant-fille-maille-beige-600x800.jpg 600w, https:\/\/voyagedelabaleine.fr\/wp-content\/uploads\/2025\/07\/gilet-enfant-fille-maille-beige-225x300.jpg 225w, https:\/\/voyagedelabaleine.fr\/wp-content\/uploads\/2025\/07\/gilet-enfant-fille-maille-beige-768x1024.jpg 768w, https:\/\/voyagedelabaleine.fr\/wp-content\/uploads\/2025\/07\/gilet-enfant-fille-maille-beige-1152x1536.jpg 1152w, https:\/\/voyagedelabaleine.fr\/wp-content\/uploads\/2025\/07\/gilet-enfant-fille-maille-beige.jpg 1200w\" sizes=\"(max-width: 600px) 100vw, 600px\" \/><img decoding=\"async\" width=\"600\" height=\"800\" src=\"https:\/\/voyagedelabaleine.fr\/wp-content\/uploads\/2025\/07\/gilet-fille-maille-beige-600x800.jpg\" class=\"woo-entry-image-secondary\" alt=\"Cardigan bambina in maglia &#8211; Beige\" itemprop=\"image\" srcset=\"https:\/\/voyagedelabaleine.fr\/wp-content\/uploads\/2025\/07\/gilet-fille-maille-beige-600x800.jpg 600w, https:\/\/voyagedelabaleine.fr\/wp-content\/uploads\/2025\/07\/gilet-fille-maille-beige-225x300.jpg 225w, https:\/\/voyagedelabaleine.fr\/wp-content\/uploads\/2025\/07\/gilet-fille-maille-beige-768x1024.jpg 768w, https:\/\/voyagedelabaleine.fr\/wp-content\/uploads\/2025\/07\/gilet-fille-maille-beige.jpg 1100w\" sizes=\"(max-width: 600px) 100vw, 600px\" \/><\/a>\t<\/div><!-- .woo-entry-image-swap -->\n\n<\/li><li class=\"title\"><h2><a href=\"https:\/\/voyagedelabaleine.fr\/it\/prodotto\/cardigan-bambina-in-maglia-beige\/\">Cardigan bambina in maglia &#8211; Beige<\/a><\/h2><\/li><li class=\"price-wrap\">\n\t<span class=\"price\"><span class=\"woocommerce-Price-amount amount\"><bdi>66<span class=\"woocommerce-Price-currencySymbol\">&euro;<\/span><\/bdi><\/span><\/span>\n<\/li><\/ul><\/div><!-- .product-inner .clr --><\/li>\n<li class=\"entry has-media col span_1_of_3 owp-content-center owp-thumbs-layout-vertical owp-btn-big owp-tabs-layout-vertical circle-sale product type-product post-31910 status-publish last instock product_cat-abbigliamento product_cat-bambina product_cat-vestito-bambina has-post-thumbnail taxable shipping-taxable purchasable product-type-variable has-default-attributes\">\n\t<div class=\"product-inner clr\">\n\t<div class=\"woo-entry-image-swap woo-entry-image clr\">\n\t\t<a href=\"https:\/\/voyagedelabaleine.fr\/it\/prodotto\/gonna-reversibile-bambina-a-quadri-vichy-e-fiori-rosa-crema\/\" class=\"woocommerce-LoopProduct-link\"><img decoding=\"async\" width=\"600\" height=\"800\" src=\"https:\/\/voyagedelabaleine.fr\/wp-content\/uploads\/2025\/07\/jupe-reversible-enfant-fille-vichy-fleurs-3-600x800.jpg\" class=\"woo-entry-image-main\" alt=\"Gonna reversibile bambina a quadri vichy e fiori &#8211; Rosa\/crema\" itemprop=\"image\" srcset=\"https:\/\/voyagedelabaleine.fr\/wp-content\/uploads\/2025\/07\/jupe-reversible-enfant-fille-vichy-fleurs-3-600x800.jpg 600w, https:\/\/voyagedelabaleine.fr\/wp-content\/uploads\/2025\/07\/jupe-reversible-enfant-fille-vichy-fleurs-3-225x300.jpg 225w, https:\/\/voyagedelabaleine.fr\/wp-content\/uploads\/2025\/07\/jupe-reversible-enfant-fille-vichy-fleurs-3-768x1024.jpg 768w, https:\/\/voyagedelabaleine.fr\/wp-content\/uploads\/2025\/07\/jupe-reversible-enfant-fille-vichy-fleurs-3.jpg 1100w\" sizes=\"(max-width: 600px) 100vw, 600px\" \/><img decoding=\"async\" width=\"600\" height=\"800\" src=\"https:\/\/voyagedelabaleine.fr\/wp-content\/uploads\/2025\/07\/jupe-reversible-enfant-fille-vichy-fleurs-600x800.jpg\" class=\"woo-entry-image-secondary\" alt=\"Gonna reversibile bambina a quadri vichy e fiori &#8211; Rosa\/crema\" itemprop=\"image\" srcset=\"https:\/\/voyagedelabaleine.fr\/wp-content\/uploads\/2025\/07\/jupe-reversible-enfant-fille-vichy-fleurs-600x800.jpg 600w, https:\/\/voyagedelabaleine.fr\/wp-content\/uploads\/2025\/07\/jupe-reversible-enfant-fille-vichy-fleurs-225x300.jpg 225w, https:\/\/voyagedelabaleine.fr\/wp-content\/uploads\/2025\/07\/jupe-reversible-enfant-fille-vichy-fleurs-768x1024.jpg 768w, https:\/\/voyagedelabaleine.fr\/wp-content\/uploads\/2025\/07\/jupe-reversible-enfant-fille-vichy-fleurs.jpg 1100w\" sizes=\"(max-width: 600px) 100vw, 600px\" \/><\/a>\t<\/div><!-- .woo-entry-image-swap -->\n\n<ul class=\"woo-entry-inner clr\"><li class=\"image-wrap\">\n\t<div class=\"woo-entry-image-swap woo-entry-image clr\">\n\t\t<a href=\"https:\/\/voyagedelabaleine.fr\/it\/prodotto\/gonna-reversibile-bambina-a-quadri-vichy-e-fiori-rosa-crema\/\" class=\"woocommerce-LoopProduct-link\"><img decoding=\"async\" width=\"600\" height=\"800\" src=\"https:\/\/voyagedelabaleine.fr\/wp-content\/uploads\/2025\/07\/jupe-reversible-enfant-fille-vichy-fleurs-3-600x800.jpg\" class=\"woo-entry-image-main\" alt=\"Gonna reversibile bambina a quadri vichy e fiori &#8211; Rosa\/crema\" itemprop=\"image\" srcset=\"https:\/\/voyagedelabaleine.fr\/wp-content\/uploads\/2025\/07\/jupe-reversible-enfant-fille-vichy-fleurs-3-600x800.jpg 600w, https:\/\/voyagedelabaleine.fr\/wp-content\/uploads\/2025\/07\/jupe-reversible-enfant-fille-vichy-fleurs-3-225x300.jpg 225w, https:\/\/voyagedelabaleine.fr\/wp-content\/uploads\/2025\/07\/jupe-reversible-enfant-fille-vichy-fleurs-3-768x1024.jpg 768w, https:\/\/voyagedelabaleine.fr\/wp-content\/uploads\/2025\/07\/jupe-reversible-enfant-fille-vichy-fleurs-3.jpg 1100w\" sizes=\"(max-width: 600px) 100vw, 600px\" \/><img decoding=\"async\" width=\"600\" height=\"800\" src=\"https:\/\/voyagedelabaleine.fr\/wp-content\/uploads\/2025\/07\/jupe-reversible-enfant-fille-vichy-fleurs-600x800.jpg\" class=\"woo-entry-image-secondary\" alt=\"Gonna reversibile bambina a quadri vichy e fiori &#8211; Rosa\/crema\" itemprop=\"image\" srcset=\"https:\/\/voyagedelabaleine.fr\/wp-content\/uploads\/2025\/07\/jupe-reversible-enfant-fille-vichy-fleurs-600x800.jpg 600w, https:\/\/voyagedelabaleine.fr\/wp-content\/uploads\/2025\/07\/jupe-reversible-enfant-fille-vichy-fleurs-225x300.jpg 225w, https:\/\/voyagedelabaleine.fr\/wp-content\/uploads\/2025\/07\/jupe-reversible-enfant-fille-vichy-fleurs-768x1024.jpg 768w, https:\/\/voyagedelabaleine.fr\/wp-content\/uploads\/2025\/07\/jupe-reversible-enfant-fille-vichy-fleurs.jpg 1100w\" sizes=\"(max-width: 600px) 100vw, 600px\" \/><\/a>\t<\/div><!-- .woo-entry-image-swap -->\n\n<\/li><li class=\"title\"><h2><a href=\"https:\/\/voyagedelabaleine.fr\/it\/prodotto\/gonna-reversibile-bambina-a-quadri-vichy-e-fiori-rosa-crema\/\">Gonna reversibile bambina a quadri vichy e fiori &#8211; Rosa\/crema<\/a><\/h2><\/li><li class=\"price-wrap\">\n\t<span class=\"price\"><span class=\"woocommerce-Price-amount amount\"><bdi>54<span class=\"woocommerce-Price-currencySymbol\">&euro;<\/span><\/bdi><\/span><\/span>\n<\/li><\/ul><\/div><!-- .product-inner .clr --><\/li>\n<\/ul>\n<\/div><\/div>\n\t\t\t\t\t\t<\/div>\n\t\t\t\t<\/div>\n\t\t<div class=\"elementor-element elementor-element-56ceb90 e-con-full e-flex e-con e-parent\" data-id=\"56ceb90\" data-element_type=\"container\" data-e-type=\"container\">\n\t\t\t\t<div class=\"elementor-element elementor-element-953559d elementor-widget-divider--separator-type-pattern elementor-widget-divider--view-line elementor-widget elementor-widget-divider\" data-id=\"953559d\" data-element_type=\"widget\" data-e-type=\"widget\" data-widget_type=\"divider.default\">\n\t\t\t\t\t\t\t<div class=\"elementor-divider\" style=\"--divider-pattern-url: url(&quot;data:image\/svg+xml,%3Csvg xmlns=&#039;http:\/\/www.w3.org\/2000\/svg&#039; preserveAspectRatio=&#039;none&#039; overflow=&#039;visible&#039; height=&#039;100%&#039; viewBox=&#039;0 0 24 24&#039; fill=&#039;black&#039; stroke=&#039;none&#039;%3E%3Cpath d=&#039;M12.7,2.3c-0.4-0.4-1.1-0.4-1.5,0l-8,9.1c-0.3,0.4-0.3,0.9,0,1.2l8,9.1c0.4,0.4,1.1,0.4,1.5,0l8-9.1c0.3-0.4,0.3-0.9,0-1.2L12.7,2.3z&#039;\/%3E%3C\/svg%3E&quot;);\">\n\t\t\t<span class=\"elementor-divider-separator\">\n\t\t\t\t\t\t<\/span>\n\t\t<\/div>\n\t\t\t\t\t\t<\/div>\n\t\t\t\t<div class=\"elementor-element elementor-element-709aa56 elementor-widget elementor-widget-shortcode\" data-id=\"709aa56\" data-element_type=\"widget\" data-e-type=\"widget\" data-widget_type=\"shortcode.default\">\n\t\t\t\t\t\t\t<div class=\"elementor-shortcode\"><div class=\"woocommerce columns-3 \">\r\n<ul class=\"products oceanwp-row clr grid tablet-col tablet-2-col mobile-col mobile-2-col\">\r\n<li class=\"entry has-media col span_1_of_3 owp-content-center owp-thumbs-layout-vertical owp-btn-big owp-tabs-layout-vertical circle-sale product type-product post-19275 status-publish first outofstock product_cat-accessoires-bebes product_cat-accessoires-bebe-fille product_cat-accessoires-naissance product_cat-accessoires-naissance-fille has-post-thumbnail taxable shipping-taxable purchasable product-type-variable has-default-attributes\">\n\t<div class=\"product-inner clr\">\n\t<div class=\"woo-entry-image-swap woo-entry-image clr\">\n\t\t<a href=\"https:\/\/voyagedelabaleine.fr\/it\/prodotto\/beguin-bebe-ecossais-rouge\/\" class=\"woocommerce-LoopProduct-link\"><img decoding=\"async\" width=\"600\" height=\"800\" src=\"https:\/\/voyagedelabaleine.fr\/wp-content\/uploads\/2025\/07\/beguin-bebe-ecossais-rouge-600x800.jpg\" class=\"woo-entry-image-main\" alt=\"B\u00e9guin b\u00e9b\u00e9 \u00e9cossais &#8211; Rouge\" itemprop=\"image\" srcset=\"https:\/\/voyagedelabaleine.fr\/wp-content\/uploads\/2025\/07\/beguin-bebe-ecossais-rouge-600x800.jpg 600w, https:\/\/voyagedelabaleine.fr\/wp-content\/uploads\/2025\/07\/beguin-bebe-ecossais-rouge-225x300.jpg 225w, https:\/\/voyagedelabaleine.fr\/wp-content\/uploads\/2025\/07\/beguin-bebe-ecossais-rouge-768x1024.jpg 768w, https:\/\/voyagedelabaleine.fr\/wp-content\/uploads\/2025\/07\/beguin-bebe-ecossais-rouge.jpg 838w\" sizes=\"(max-width: 600px) 100vw, 600px\" \/><img decoding=\"async\" width=\"428\" height=\"571\" src=\"https:\/\/voyagedelabaleine.fr\/wp-content\/uploads\/2025\/07\/beguin-bebe-ecossais-rouge-1.jpg\" class=\"woo-entry-image-secondary\" alt=\"B\u00e9guin b\u00e9b\u00e9 \u00e9cossais &#8211; Rouge\" itemprop=\"image\" srcset=\"https:\/\/voyagedelabaleine.fr\/wp-content\/uploads\/2025\/07\/beguin-bebe-ecossais-rouge-1.jpg 428w, https:\/\/voyagedelabaleine.fr\/wp-content\/uploads\/2025\/07\/beguin-bebe-ecossais-rouge-1-225x300.jpg 225w\" sizes=\"(max-width: 428px) 100vw, 428px\" \/><\/a>\t<\/div><!-- .woo-entry-image-swap -->\n\n<ul class=\"woo-entry-inner clr\"><li class=\"image-wrap\">\t\t\t\t<div class=\"outofstock-badge\">\n\t\t\t\t\tNon disponibile \u2013 molto richiesto\t\t\t\t<\/div><!-- .product-entry-out-of-stock-badge -->\n\t\t\t\t\n\t<div class=\"woo-entry-image-swap woo-entry-image clr\">\n\t\t<a href=\"https:\/\/voyagedelabaleine.fr\/it\/prodotto\/beguin-bebe-ecossais-rouge\/\" class=\"woocommerce-LoopProduct-link\"><img decoding=\"async\" width=\"600\" height=\"800\" src=\"https:\/\/voyagedelabaleine.fr\/wp-content\/uploads\/2025\/07\/beguin-bebe-ecossais-rouge-600x800.jpg\" class=\"woo-entry-image-main\" alt=\"B\u00e9guin b\u00e9b\u00e9 \u00e9cossais &#8211; Rouge\" itemprop=\"image\" srcset=\"https:\/\/voyagedelabaleine.fr\/wp-content\/uploads\/2025\/07\/beguin-bebe-ecossais-rouge-600x800.jpg 600w, https:\/\/voyagedelabaleine.fr\/wp-content\/uploads\/2025\/07\/beguin-bebe-ecossais-rouge-225x300.jpg 225w, https:\/\/voyagedelabaleine.fr\/wp-content\/uploads\/2025\/07\/beguin-bebe-ecossais-rouge-768x1024.jpg 768w, https:\/\/voyagedelabaleine.fr\/wp-content\/uploads\/2025\/07\/beguin-bebe-ecossais-rouge.jpg 838w\" sizes=\"(max-width: 600px) 100vw, 600px\" \/><img decoding=\"async\" width=\"428\" height=\"571\" src=\"https:\/\/voyagedelabaleine.fr\/wp-content\/uploads\/2025\/07\/beguin-bebe-ecossais-rouge-1.jpg\" class=\"woo-entry-image-secondary\" alt=\"B\u00e9guin b\u00e9b\u00e9 \u00e9cossais &#8211; Rouge\" itemprop=\"image\" srcset=\"https:\/\/voyagedelabaleine.fr\/wp-content\/uploads\/2025\/07\/beguin-bebe-ecossais-rouge-1.jpg 428w, https:\/\/voyagedelabaleine.fr\/wp-content\/uploads\/2025\/07\/beguin-bebe-ecossais-rouge-1-225x300.jpg 225w\" sizes=\"(max-width: 428px) 100vw, 428px\" \/><\/a>\t<\/div><!-- .woo-entry-image-swap -->\n\n<\/li><li class=\"title\"><h2><a href=\"https:\/\/voyagedelabaleine.fr\/it\/prodotto\/beguin-bebe-ecossais-rouge\/\">B\u00e9guin b\u00e9b\u00e9 \u00e9cossais &#8211; Rouge<\/a><\/h2><\/li><li class=\"price-wrap\">\n\t<span class=\"price\"><span class=\"woocommerce-Price-amount amount\"><bdi>12<span class=\"woocommerce-Price-currencySymbol\">&euro;<\/span><\/bdi><\/span><\/span>\n<\/li><\/ul><\/div><!-- .product-inner .clr --><\/li>\n<li class=\"entry has-media col span_1_of_3 owp-content-center owp-thumbs-layout-vertical owp-btn-big owp-tabs-layout-vertical circle-sale product type-product post-32973 status-publish instock product_cat-abbigliamento product_cat-pagliaccetto-salopette-nascita product_cat-pagliaccetto-salopette-nascita-ragazza product_cat-pagliaccetto-salopette-nascita-ragazzo product_cat-pagliaccetto-salopette-neonata product_cat-pagliaccetto-salopette-neonati product_cat-pagliaccetto-salopette-neonato has-post-thumbnail taxable shipping-taxable purchasable product-type-variable has-default-attributes\">\n\t<div class=\"product-inner clr\">\n\t<div class=\"woo-entry-image-swap woo-entry-image clr\">\n\t\t<a href=\"https:\/\/voyagedelabaleine.fr\/it\/prodotto\/pagliaccetto-neonato-scozzese-con-ampio-colletto-rosso\/\" class=\"woocommerce-LoopProduct-link\"><img decoding=\"async\" width=\"600\" height=\"800\" src=\"https:\/\/voyagedelabaleine.fr\/wp-content\/uploads\/2025\/09\/barboteuse-bebe-ecossaise-rouge-collerette-600x800.jpg\" class=\"woo-entry-image-main\" alt=\"Pagliaccetto neonato scozzese con ampio colletto &#8211; Rosso\" itemprop=\"image\" srcset=\"https:\/\/voyagedelabaleine.fr\/wp-content\/uploads\/2025\/09\/barboteuse-bebe-ecossaise-rouge-collerette-600x800.jpg 600w, https:\/\/voyagedelabaleine.fr\/wp-content\/uploads\/2025\/09\/barboteuse-bebe-ecossaise-rouge-collerette-225x300.jpg 225w, https:\/\/voyagedelabaleine.fr\/wp-content\/uploads\/2025\/09\/barboteuse-bebe-ecossaise-rouge-collerette-768x1024.jpg 768w, https:\/\/voyagedelabaleine.fr\/wp-content\/uploads\/2025\/09\/barboteuse-bebe-ecossaise-rouge-collerette-1152x1536.jpg 1152w, https:\/\/voyagedelabaleine.fr\/wp-content\/uploads\/2025\/09\/barboteuse-bebe-ecossaise-rouge-collerette.jpg 1300w\" sizes=\"(max-width: 600px) 100vw, 600px\" \/><img decoding=\"async\" width=\"600\" height=\"800\" src=\"https:\/\/voyagedelabaleine.fr\/wp-content\/uploads\/2025\/07\/barboteuse-ecossaise-bebe-rouge-600x800.jpg\" class=\"woo-entry-image-secondary\" alt=\"Pagliaccetto neonato scozzese con ampio colletto &#8211; Rosso\" itemprop=\"image\" srcset=\"https:\/\/voyagedelabaleine.fr\/wp-content\/uploads\/2025\/07\/barboteuse-ecossaise-bebe-rouge-600x800.jpg 600w, https:\/\/voyagedelabaleine.fr\/wp-content\/uploads\/2025\/07\/barboteuse-ecossaise-bebe-rouge-225x300.jpg 225w, https:\/\/voyagedelabaleine.fr\/wp-content\/uploads\/2025\/07\/barboteuse-ecossaise-bebe-rouge-768x1025.jpg 768w, https:\/\/voyagedelabaleine.fr\/wp-content\/uploads\/2025\/07\/barboteuse-ecossaise-bebe-rouge.jpg 1000w\" sizes=\"(max-width: 600px) 100vw, 600px\" \/><\/a>\t<\/div><!-- .woo-entry-image-swap -->\n\n<ul class=\"woo-entry-inner clr\"><li class=\"image-wrap\">\n\t<div class=\"woo-entry-image-swap woo-entry-image clr\">\n\t\t<a href=\"https:\/\/voyagedelabaleine.fr\/it\/prodotto\/pagliaccetto-neonato-scozzese-con-ampio-colletto-rosso\/\" class=\"woocommerce-LoopProduct-link\"><img decoding=\"async\" width=\"600\" height=\"800\" src=\"https:\/\/voyagedelabaleine.fr\/wp-content\/uploads\/2025\/09\/barboteuse-bebe-ecossaise-rouge-collerette-600x800.jpg\" class=\"woo-entry-image-main\" alt=\"Pagliaccetto neonato scozzese con ampio colletto &#8211; Rosso\" itemprop=\"image\" srcset=\"https:\/\/voyagedelabaleine.fr\/wp-content\/uploads\/2025\/09\/barboteuse-bebe-ecossaise-rouge-collerette-600x800.jpg 600w, https:\/\/voyagedelabaleine.fr\/wp-content\/uploads\/2025\/09\/barboteuse-bebe-ecossaise-rouge-collerette-225x300.jpg 225w, https:\/\/voyagedelabaleine.fr\/wp-content\/uploads\/2025\/09\/barboteuse-bebe-ecossaise-rouge-collerette-768x1024.jpg 768w, https:\/\/voyagedelabaleine.fr\/wp-content\/uploads\/2025\/09\/barboteuse-bebe-ecossaise-rouge-collerette-1152x1536.jpg 1152w, https:\/\/voyagedelabaleine.fr\/wp-content\/uploads\/2025\/09\/barboteuse-bebe-ecossaise-rouge-collerette.jpg 1300w\" sizes=\"(max-width: 600px) 100vw, 600px\" \/><img decoding=\"async\" width=\"600\" height=\"800\" src=\"https:\/\/voyagedelabaleine.fr\/wp-content\/uploads\/2025\/07\/barboteuse-ecossaise-bebe-rouge-600x800.jpg\" class=\"woo-entry-image-secondary\" alt=\"Pagliaccetto neonato scozzese con ampio colletto &#8211; Rosso\" itemprop=\"image\" srcset=\"https:\/\/voyagedelabaleine.fr\/wp-content\/uploads\/2025\/07\/barboteuse-ecossaise-bebe-rouge-600x800.jpg 600w, https:\/\/voyagedelabaleine.fr\/wp-content\/uploads\/2025\/07\/barboteuse-ecossaise-bebe-rouge-225x300.jpg 225w, https:\/\/voyagedelabaleine.fr\/wp-content\/uploads\/2025\/07\/barboteuse-ecossaise-bebe-rouge-768x1025.jpg 768w, https:\/\/voyagedelabaleine.fr\/wp-content\/uploads\/2025\/07\/barboteuse-ecossaise-bebe-rouge.jpg 1000w\" sizes=\"(max-width: 600px) 100vw, 600px\" \/><\/a>\t<\/div><!-- .woo-entry-image-swap -->\n\n<\/li><li class=\"title\"><h2><a href=\"https:\/\/voyagedelabaleine.fr\/it\/prodotto\/pagliaccetto-neonato-scozzese-con-ampio-colletto-rosso\/\">Pagliaccetto neonato scozzese con ampio colletto &#8211; Rosso<\/a><\/h2><\/li><li class=\"price-wrap\">\n\t<span class=\"price\"><span class=\"woocommerce-Price-amount amount\"><bdi>48<span class=\"woocommerce-Price-currencySymbol\">&euro;<\/span><\/bdi><\/span><\/span>\n<\/li><\/ul><\/div><!-- .product-inner .clr --><\/li>\n<li class=\"entry has-media has-rating col span_1_of_3 owp-content-center owp-thumbs-layout-vertical owp-btn-big owp-tabs-layout-vertical circle-sale product type-product post-33899 status-publish last instock product_cat-calze-collant-neonati-bambini product_cat-calzini-collant-nascita product_cat-calzini-collant-nascita-ragazza product_cat-calzini-collant-nascita-ragazzo-2 product_cat-calzini-collant-bambina product_cat-calzini-collant-bambini product_cat-calzini-collant-bambino product_cat-calzini-collant-neonata product_cat-calzini-collant-neonato has-post-thumbnail taxable shipping-taxable purchasable product-type-variable has-default-attributes\">\n\t<div class=\"product-inner clr\">\n\t<div class=\"woo-entry-image-swap woo-entry-image clr\">\n\t\t<a href=\"https:\/\/voyagedelabaleine.fr\/it\/prodotto\/collant-neonato-tinta-unita-rosso\/\" class=\"woocommerce-LoopProduct-link\"><img decoding=\"async\" width=\"600\" height=\"800\" src=\"https:\/\/voyagedelabaleine.fr\/wp-content\/uploads\/2024\/09\/collant-bebe-uni-rouge-1-1-600x800.jpg\" class=\"woo-entry-image-main\" alt=\"Collant neonato tinta unita &#8211; Rosso\" itemprop=\"image\" srcset=\"https:\/\/voyagedelabaleine.fr\/wp-content\/uploads\/2024\/09\/collant-bebe-uni-rouge-1-1-600x800.jpg 600w, https:\/\/voyagedelabaleine.fr\/wp-content\/uploads\/2024\/09\/collant-bebe-uni-rouge-1-1-225x300.jpg 225w, https:\/\/voyagedelabaleine.fr\/wp-content\/uploads\/2024\/09\/collant-bebe-uni-rouge-1-1-768x1024.jpg 768w, https:\/\/voyagedelabaleine.fr\/wp-content\/uploads\/2024\/09\/collant-bebe-uni-rouge-1-1.jpg 855w\" sizes=\"(max-width: 600px) 100vw, 600px\" \/><img decoding=\"async\" width=\"600\" height=\"800\" src=\"https:\/\/voyagedelabaleine.fr\/wp-content\/uploads\/2024\/09\/collant-bebe-uni-rouge-2-1-600x800.jpg\" class=\"woo-entry-image-secondary\" alt=\"Collant neonato tinta unita &#8211; Rosso\" itemprop=\"image\" srcset=\"https:\/\/voyagedelabaleine.fr\/wp-content\/uploads\/2024\/09\/collant-bebe-uni-rouge-2-1-600x800.jpg 600w, https:\/\/voyagedelabaleine.fr\/wp-content\/uploads\/2024\/09\/collant-bebe-uni-rouge-2-1-225x300.jpg 225w, https:\/\/voyagedelabaleine.fr\/wp-content\/uploads\/2024\/09\/collant-bebe-uni-rouge-2-1-768x1024.jpg 768w, https:\/\/voyagedelabaleine.fr\/wp-content\/uploads\/2024\/09\/collant-bebe-uni-rouge-2-1.jpg 855w\" sizes=\"(max-width: 600px) 100vw, 600px\" \/><\/a>\t<\/div><!-- .woo-entry-image-swap -->\n\n<ul class=\"woo-entry-inner clr\"><li class=\"image-wrap\">\n\t<div class=\"woo-entry-image-swap woo-entry-image clr\">\n\t\t<a href=\"https:\/\/voyagedelabaleine.fr\/it\/prodotto\/collant-neonato-tinta-unita-rosso\/\" class=\"woocommerce-LoopProduct-link\"><img decoding=\"async\" width=\"600\" height=\"800\" src=\"https:\/\/voyagedelabaleine.fr\/wp-content\/uploads\/2024\/09\/collant-bebe-uni-rouge-1-1-600x800.jpg\" class=\"woo-entry-image-main\" alt=\"Collant neonato tinta unita &#8211; Rosso\" itemprop=\"image\" srcset=\"https:\/\/voyagedelabaleine.fr\/wp-content\/uploads\/2024\/09\/collant-bebe-uni-rouge-1-1-600x800.jpg 600w, https:\/\/voyagedelabaleine.fr\/wp-content\/uploads\/2024\/09\/collant-bebe-uni-rouge-1-1-225x300.jpg 225w, https:\/\/voyagedelabaleine.fr\/wp-content\/uploads\/2024\/09\/collant-bebe-uni-rouge-1-1-768x1024.jpg 768w, https:\/\/voyagedelabaleine.fr\/wp-content\/uploads\/2024\/09\/collant-bebe-uni-rouge-1-1.jpg 855w\" sizes=\"(max-width: 600px) 100vw, 600px\" \/><img decoding=\"async\" width=\"600\" height=\"800\" src=\"https:\/\/voyagedelabaleine.fr\/wp-content\/uploads\/2024\/09\/collant-bebe-uni-rouge-2-1-600x800.jpg\" class=\"woo-entry-image-secondary\" alt=\"Collant neonato tinta unita &#8211; Rosso\" itemprop=\"image\" srcset=\"https:\/\/voyagedelabaleine.fr\/wp-content\/uploads\/2024\/09\/collant-bebe-uni-rouge-2-1-600x800.jpg 600w, https:\/\/voyagedelabaleine.fr\/wp-content\/uploads\/2024\/09\/collant-bebe-uni-rouge-2-1-225x300.jpg 225w, https:\/\/voyagedelabaleine.fr\/wp-content\/uploads\/2024\/09\/collant-bebe-uni-rouge-2-1-768x1024.jpg 768w, https:\/\/voyagedelabaleine.fr\/wp-content\/uploads\/2024\/09\/collant-bebe-uni-rouge-2-1.jpg 855w\" sizes=\"(max-width: 600px) 100vw, 600px\" \/><\/a>\t<\/div><!-- .woo-entry-image-swap -->\n\n<\/li><li class=\"title\"><h2><a href=\"https:\/\/voyagedelabaleine.fr\/it\/prodotto\/collant-neonato-tinta-unita-rosso\/\">Collant neonato tinta unita &#8211; Rosso<\/a><\/h2><\/li><li class=\"price-wrap\">\n\t<span class=\"price\"><span class=\"woocommerce-Price-amount amount\"><bdi>14<span class=\"woocommerce-Price-currencySymbol\">&euro;<\/span><\/bdi><\/span><\/span>\n<\/li><\/ul><\/div><!-- .product-inner .clr --><\/li>\n<\/ul>\n<\/div><\/div>\n\t\t\t\t\t\t<\/div>\n\t\t\t\t<\/div>\n\t\t<div class=\"elementor-element elementor-element-9db85f0 e-con-full e-flex e-con e-parent\" data-id=\"9db85f0\" data-element_type=\"container\" data-e-type=\"container\">\n\t\t\t\t<div class=\"elementor-element elementor-element-84c4d92 elementor-widget-divider--separator-type-pattern elementor-widget-divider--view-line elementor-widget elementor-widget-divider\" data-id=\"84c4d92\" data-element_type=\"widget\" data-e-type=\"widget\" data-widget_type=\"divider.default\">\n\t\t\t\t\t\t\t<div class=\"elementor-divider\" style=\"--divider-pattern-url: url(&quot;data:image\/svg+xml,%3Csvg xmlns=&#039;http:\/\/www.w3.org\/2000\/svg&#039; preserveAspectRatio=&#039;none&#039; overflow=&#039;visible&#039; height=&#039;100%&#039; viewBox=&#039;0 0 24 24&#039; fill=&#039;black&#039; stroke=&#039;none&#039;%3E%3Cpath d=&#039;M12.7,2.3c-0.4-0.4-1.1-0.4-1.5,0l-8,9.1c-0.3,0.4-0.3,0.9,0,1.2l8,9.1c0.4,0.4,1.1,0.4,1.5,0l8-9.1c0.3-0.4,0.3-0.9,0-1.2L12.7,2.3z&#039;\/%3E%3C\/svg%3E&quot;);\">\n\t\t\t<span class=\"elementor-divider-separator\">\n\t\t\t\t\t\t<\/span>\n\t\t<\/div>\n\t\t\t\t\t\t<\/div>\n\t\t\t\t<div class=\"elementor-element elementor-element-1aa7c60 elementor-widget__width-initial elementor-widget-mobile__width-inherit elementor-widget elementor-widget-shortcode\" data-id=\"1aa7c60\" data-element_type=\"widget\" data-e-type=\"widget\" data-widget_type=\"shortcode.default\">\n\t\t\t\t\t\t\t<div class=\"elementor-shortcode\"><div class=\"woocommerce columns-2 \">\r\n<ul class=\"products oceanwp-row clr grid tablet-col tablet-2-col mobile-col mobile-2-col\">\r\n<li class=\"entry has-media has-rating col span_1_of_2 owp-content-center owp-thumbs-layout-vertical owp-btn-big owp-tabs-layout-vertical circle-sale product type-product post-33047 status-publish first instock product_cat-abbigliamento product_cat-bloomer-short-pantaloni-nascita product_cat-bloomer-short-pantaloni-nascita-ragazza product_cat-bloomer-short-pantaloni-neonata product_cat-bloomer-short-pantaloni-neonati product_cat-pantaloni-short-bambina product_cat-pantaloni-short-bambini has-post-thumbnail taxable shipping-taxable purchasable product-type-variable has-default-attributes\">\n\t<div class=\"product-inner clr\">\n\t<div class=\"woo-entry-image-swap woo-entry-image clr\">\n\t\t<a href=\"https:\/\/voyagedelabaleine.fr\/it\/prodotto\/pantaloni-bambina-in-velluto-a-coste-azzurro-cielo\/\" class=\"woocommerce-LoopProduct-link\"><img decoding=\"async\" width=\"600\" height=\"800\" src=\"https:\/\/voyagedelabaleine.fr\/wp-content\/uploads\/2025\/07\/Pantalon-fille-velours-cotele-bleu-ciel-600x800.jpg\" class=\"woo-entry-image-main\" alt=\"Pantaloni bambina in velluto a coste &#8211; Azzurro cielo\" itemprop=\"image\" srcset=\"https:\/\/voyagedelabaleine.fr\/wp-content\/uploads\/2025\/07\/Pantalon-fille-velours-cotele-bleu-ciel-600x801.jpg 600w, https:\/\/voyagedelabaleine.fr\/wp-content\/uploads\/2025\/07\/Pantalon-fille-velours-cotele-bleu-ciel-225x300.jpg 225w, https:\/\/voyagedelabaleine.fr\/wp-content\/uploads\/2025\/07\/Pantalon-fille-velours-cotele-bleu-ciel.jpg 718w\" sizes=\"(max-width: 600px) 100vw, 600px\" \/><img decoding=\"async\" width=\"394\" height=\"525\" src=\"https:\/\/voyagedelabaleine.fr\/wp-content\/uploads\/2025\/07\/Pantalon-fille-velours-cotele-bleu-ciel-1.jpg\" class=\"woo-entry-image-secondary\" alt=\"Pantaloni bambina in velluto a coste &#8211; Azzurro cielo\" itemprop=\"image\" srcset=\"https:\/\/voyagedelabaleine.fr\/wp-content\/uploads\/2025\/07\/Pantalon-fille-velours-cotele-bleu-ciel-1.jpg 394w, https:\/\/voyagedelabaleine.fr\/wp-content\/uploads\/2025\/07\/Pantalon-fille-velours-cotele-bleu-ciel-1-225x300.jpg 225w\" sizes=\"(max-width: 394px) 100vw, 394px\" \/><\/a>\t<\/div><!-- .woo-entry-image-swap -->\n\n<ul class=\"woo-entry-inner clr\"><li class=\"image-wrap\">\n\t<div class=\"woo-entry-image-swap woo-entry-image clr\">\n\t\t<a href=\"https:\/\/voyagedelabaleine.fr\/it\/prodotto\/pantaloni-bambina-in-velluto-a-coste-azzurro-cielo\/\" class=\"woocommerce-LoopProduct-link\"><img decoding=\"async\" width=\"600\" height=\"800\" src=\"https:\/\/voyagedelabaleine.fr\/wp-content\/uploads\/2025\/07\/Pantalon-fille-velours-cotele-bleu-ciel-600x800.jpg\" class=\"woo-entry-image-main\" alt=\"Pantaloni bambina in velluto a coste &#8211; Azzurro cielo\" itemprop=\"image\" srcset=\"https:\/\/voyagedelabaleine.fr\/wp-content\/uploads\/2025\/07\/Pantalon-fille-velours-cotele-bleu-ciel-600x801.jpg 600w, https:\/\/voyagedelabaleine.fr\/wp-content\/uploads\/2025\/07\/Pantalon-fille-velours-cotele-bleu-ciel-225x300.jpg 225w, https:\/\/voyagedelabaleine.fr\/wp-content\/uploads\/2025\/07\/Pantalon-fille-velours-cotele-bleu-ciel.jpg 718w\" sizes=\"(max-width: 600px) 100vw, 600px\" \/><img decoding=\"async\" width=\"394\" height=\"525\" src=\"https:\/\/voyagedelabaleine.fr\/wp-content\/uploads\/2025\/07\/Pantalon-fille-velours-cotele-bleu-ciel-1.jpg\" class=\"woo-entry-image-secondary\" alt=\"Pantaloni bambina in velluto a coste &#8211; Azzurro cielo\" itemprop=\"image\" srcset=\"https:\/\/voyagedelabaleine.fr\/wp-content\/uploads\/2025\/07\/Pantalon-fille-velours-cotele-bleu-ciel-1.jpg 394w, https:\/\/voyagedelabaleine.fr\/wp-content\/uploads\/2025\/07\/Pantalon-fille-velours-cotele-bleu-ciel-1-225x300.jpg 225w\" sizes=\"(max-width: 394px) 100vw, 394px\" \/><\/a>\t<\/div><!-- .woo-entry-image-swap -->\n\n<\/li><li class=\"title\"><h2><a href=\"https:\/\/voyagedelabaleine.fr\/it\/prodotto\/pantaloni-bambina-in-velluto-a-coste-azzurro-cielo\/\">Pantaloni bambina in velluto a coste &#8211; Azzurro cielo<\/a><\/h2><\/li><li class=\"price-wrap\">\n\t<span class=\"price\"><span class=\"woocommerce-Price-amount amount\"><bdi>38<span class=\"woocommerce-Price-currencySymbol\">&euro;<\/span><\/bdi><\/span><\/span>\n<\/li><\/ul><\/div><!-- .product-inner .clr --><\/li>\n<li class=\"entry has-media has-rating col span_1_of_2 owp-content-center owp-thumbs-layout-vertical owp-btn-big owp-tabs-layout-vertical circle-sale product type-product post-32000 status-publish last instock product_cat-abbigliamento product_cat-maglione-gilet-cardigan-nascita product_cat-maglione-gilet-cardigan-nascita-ragazza product_cat-maglione-gilet-cardigan-nascita-ragazzo product_cat-maglione-gilet-cardigan-bambina product_cat-maglione-gilet-cardigan-bambini product_cat-maglione-gilet-cardigan-bambino product_cat-maglione-gilet-cardigan-neonata product_cat-maglione-gilet-cardigan-neonati product_cat-maglione-gilet-cardigan-neonato has-post-thumbnail taxable shipping-taxable purchasable product-type-variable has-default-attributes\">\n\t<div class=\"product-inner clr\">\n\t<div class=\"woo-entry-image-swap woo-entry-image clr\">\n\t\t<a href=\"https:\/\/voyagedelabaleine.fr\/it\/prodotto\/cardigan-unisex-per-neonati-grigio\/\" class=\"woocommerce-LoopProduct-link\"><img decoding=\"async\" width=\"600\" height=\"800\" src=\"https:\/\/voyagedelabaleine.fr\/wp-content\/uploads\/2025\/08\/pull-enfant-laine-motif-hiver-600x800.jpg\" class=\"woo-entry-image-main\" alt=\"Cardigan unisex per neonati &#8211; Grigio\" itemprop=\"image\" srcset=\"https:\/\/voyagedelabaleine.fr\/wp-content\/uploads\/2025\/08\/pull-enfant-laine-motif-hiver-600x800.jpg 600w, https:\/\/voyagedelabaleine.fr\/wp-content\/uploads\/2025\/08\/pull-enfant-laine-motif-hiver-225x300.jpg 225w, https:\/\/voyagedelabaleine.fr\/wp-content\/uploads\/2025\/08\/pull-enfant-laine-motif-hiver-768x1023.jpg 768w, https:\/\/voyagedelabaleine.fr\/wp-content\/uploads\/2025\/08\/pull-enfant-laine-motif-hiver-1153x1536.jpg 1153w, https:\/\/voyagedelabaleine.fr\/wp-content\/uploads\/2025\/08\/pull-enfant-laine-motif-hiver.jpg 1500w\" sizes=\"(max-width: 600px) 100vw, 600px\" \/><img decoding=\"async\" width=\"600\" height=\"800\" src=\"https:\/\/voyagedelabaleine.fr\/wp-content\/uploads\/2025\/08\/pull-enfant-laine-motif-hiver-1-600x800.jpg\" class=\"woo-entry-image-secondary\" alt=\"Cardigan unisex per neonati &#8211; Grigio\" itemprop=\"image\" srcset=\"https:\/\/voyagedelabaleine.fr\/wp-content\/uploads\/2025\/08\/pull-enfant-laine-motif-hiver-1-600x800.jpg 600w, https:\/\/voyagedelabaleine.fr\/wp-content\/uploads\/2025\/08\/pull-enfant-laine-motif-hiver-1-225x300.jpg 225w, https:\/\/voyagedelabaleine.fr\/wp-content\/uploads\/2025\/08\/pull-enfant-laine-motif-hiver-1-768x1024.jpg 768w, https:\/\/voyagedelabaleine.fr\/wp-content\/uploads\/2025\/08\/pull-enfant-laine-motif-hiver-1-1152x1536.jpg 1152w, https:\/\/voyagedelabaleine.fr\/wp-content\/uploads\/2025\/08\/pull-enfant-laine-motif-hiver-1.jpg 1400w\" sizes=\"(max-width: 600px) 100vw, 600px\" \/><\/a>\t<\/div><!-- .woo-entry-image-swap -->\n\n<ul class=\"woo-entry-inner clr\"><li class=\"image-wrap\">\n\t<div class=\"woo-entry-image-swap woo-entry-image clr\">\n\t\t<a href=\"https:\/\/voyagedelabaleine.fr\/it\/prodotto\/cardigan-unisex-per-neonati-grigio\/\" class=\"woocommerce-LoopProduct-link\"><img decoding=\"async\" width=\"600\" height=\"800\" src=\"https:\/\/voyagedelabaleine.fr\/wp-content\/uploads\/2025\/08\/pull-enfant-laine-motif-hiver-600x800.jpg\" class=\"woo-entry-image-main\" alt=\"Cardigan unisex per neonati &#8211; Grigio\" itemprop=\"image\" srcset=\"https:\/\/voyagedelabaleine.fr\/wp-content\/uploads\/2025\/08\/pull-enfant-laine-motif-hiver-600x800.jpg 600w, https:\/\/voyagedelabaleine.fr\/wp-content\/uploads\/2025\/08\/pull-enfant-laine-motif-hiver-225x300.jpg 225w, https:\/\/voyagedelabaleine.fr\/wp-content\/uploads\/2025\/08\/pull-enfant-laine-motif-hiver-768x1023.jpg 768w, https:\/\/voyagedelabaleine.fr\/wp-content\/uploads\/2025\/08\/pull-enfant-laine-motif-hiver-1153x1536.jpg 1153w, https:\/\/voyagedelabaleine.fr\/wp-content\/uploads\/2025\/08\/pull-enfant-laine-motif-hiver.jpg 1500w\" sizes=\"(max-width: 600px) 100vw, 600px\" \/><img decoding=\"async\" width=\"600\" height=\"800\" src=\"https:\/\/voyagedelabaleine.fr\/wp-content\/uploads\/2025\/08\/pull-enfant-laine-motif-hiver-1-600x800.jpg\" class=\"woo-entry-image-secondary\" alt=\"Cardigan unisex per neonati &#8211; Grigio\" itemprop=\"image\" srcset=\"https:\/\/voyagedelabaleine.fr\/wp-content\/uploads\/2025\/08\/pull-enfant-laine-motif-hiver-1-600x800.jpg 600w, https:\/\/voyagedelabaleine.fr\/wp-content\/uploads\/2025\/08\/pull-enfant-laine-motif-hiver-1-225x300.jpg 225w, https:\/\/voyagedelabaleine.fr\/wp-content\/uploads\/2025\/08\/pull-enfant-laine-motif-hiver-1-768x1024.jpg 768w, https:\/\/voyagedelabaleine.fr\/wp-content\/uploads\/2025\/08\/pull-enfant-laine-motif-hiver-1-1152x1536.jpg 1152w, https:\/\/voyagedelabaleine.fr\/wp-content\/uploads\/2025\/08\/pull-enfant-laine-motif-hiver-1.jpg 1400w\" sizes=\"(max-width: 600px) 100vw, 600px\" \/><\/a>\t<\/div><!-- .woo-entry-image-swap -->\n\n<\/li><li class=\"title\"><h2><a href=\"https:\/\/voyagedelabaleine.fr\/it\/prodotto\/cardigan-unisex-per-neonati-grigio\/\">Cardigan unisex per neonati &#8211; Grigio<\/a><\/h2><\/li><li class=\"price-wrap\">\n\t<span class=\"price\"><span class=\"woocommerce-Price-amount amount\"><bdi>64<span class=\"woocommerce-Price-currencySymbol\">&euro;<\/span><\/bdi><\/span><\/span>\n<\/li><\/ul><\/div><!-- .product-inner .clr --><\/li>\n<\/ul>\n<\/div><\/div>\n\t\t\t\t\t\t<\/div>\n\t\t\t\t<\/div>\n\t\t<div class=\"elementor-element elementor-element-ebea05f e-con-full e-flex e-con e-parent\" data-id=\"ebea05f\" data-element_type=\"container\" data-e-type=\"container\">\n\t\t\t\t<div class=\"elementor-element elementor-element-d222655 elementor-widget-divider--separator-type-pattern elementor-widget-divider--view-line elementor-widget elementor-widget-divider\" data-id=\"d222655\" data-element_type=\"widget\" data-e-type=\"widget\" data-widget_type=\"divider.default\">\n\t\t\t\t\t\t\t<div class=\"elementor-divider\" style=\"--divider-pattern-url: url(&quot;data:image\/svg+xml,%3Csvg xmlns=&#039;http:\/\/www.w3.org\/2000\/svg&#039; preserveAspectRatio=&#039;none&#039; overflow=&#039;visible&#039; height=&#039;100%&#039; viewBox=&#039;0 0 24 24&#039; fill=&#039;black&#039; stroke=&#039;none&#039;%3E%3Cpath d=&#039;M12.7,2.3c-0.4-0.4-1.1-0.4-1.5,0l-8,9.1c-0.3,0.4-0.3,0.9,0,1.2l8,9.1c0.4,0.4,1.1,0.4,1.5,0l8-9.1c0.3-0.4,0.3-0.9,0-1.2L12.7,2.3z&#039;\/%3E%3C\/svg%3E&quot;);\">\n\t\t\t<span class=\"elementor-divider-separator\">\n\t\t\t\t\t\t<\/span>\n\t\t<\/div>\n\t\t\t\t\t\t<\/div>\n\t\t\t\t<div class=\"elementor-element elementor-element-7c579c8 elementor-widget elementor-widget-shortcode\" data-id=\"7c579c8\" data-element_type=\"widget\" data-e-type=\"widget\" data-widget_type=\"shortcode.default\">\n\t\t\t\t\t\t\t<div class=\"elementor-shortcode\"><div class=\"woocommerce columns-3 \">\r\n<ul class=\"products oceanwp-row clr grid tablet-col tablet-2-col mobile-col mobile-2-col\">\r\n<li class=\"entry has-media col span_1_of_3 owp-content-center owp-thumbs-layout-vertical owp-btn-big owp-tabs-layout-vertical circle-sale product type-product post-32627 status-publish first instock product_cat-abbigliamento product_cat-blusa-camicia-bambina product_cat-blusa-camicia-bambini product_cat-blusa-e-camicia-per-neonata product_cat-blusa-camicia-neonati has-post-thumbnail taxable shipping-taxable purchasable product-type-variable has-default-attributes\">\n\t<div class=\"product-inner clr\">\n\t<div class=\"woo-entry-image-swap woo-entry-image clr\">\n\t\t<a href=\"https:\/\/voyagedelabaleine.fr\/it\/prodotto\/blusa-bambina-con-colletto-ricamato-color-corallo-crema\/\" class=\"woocommerce-LoopProduct-link\"><img decoding=\"async\" width=\"600\" height=\"800\" src=\"https:\/\/voyagedelabaleine.fr\/wp-content\/uploads\/2025\/07\/blouse-bebe-fille-col-brode-corail-1-600x800.jpg\" class=\"woo-entry-image-main\" alt=\"Blusa bambina con colletto ricamato color corallo &#8211; Crema\" itemprop=\"image\" srcset=\"https:\/\/voyagedelabaleine.fr\/wp-content\/uploads\/2025\/07\/blouse-bebe-fille-col-brode-corail-1-600x800.jpg 600w, https:\/\/voyagedelabaleine.fr\/wp-content\/uploads\/2025\/07\/blouse-bebe-fille-col-brode-corail-1-225x300.jpg 225w, https:\/\/voyagedelabaleine.fr\/wp-content\/uploads\/2025\/07\/blouse-bebe-fille-col-brode-corail-1-768x1024.jpg 768w, https:\/\/voyagedelabaleine.fr\/wp-content\/uploads\/2025\/07\/blouse-bebe-fille-col-brode-corail-1.jpg 1100w\" sizes=\"(max-width: 600px) 100vw, 600px\" \/><img decoding=\"async\" width=\"600\" height=\"800\" src=\"https:\/\/voyagedelabaleine.fr\/wp-content\/uploads\/2025\/07\/col-blouse-enfant-fille-600x800.jpg\" class=\"woo-entry-image-secondary\" alt=\"Blusa bambina con colletto ricamato color corallo &#8211; Crema\" itemprop=\"image\" srcset=\"https:\/\/voyagedelabaleine.fr\/wp-content\/uploads\/2025\/07\/col-blouse-enfant-fille-600x800.jpg 600w, https:\/\/voyagedelabaleine.fr\/wp-content\/uploads\/2025\/07\/col-blouse-enfant-fille-225x300.jpg 225w, https:\/\/voyagedelabaleine.fr\/wp-content\/uploads\/2025\/07\/col-blouse-enfant-fille-768x1024.jpg 768w, https:\/\/voyagedelabaleine.fr\/wp-content\/uploads\/2025\/07\/col-blouse-enfant-fille.jpg 1000w\" sizes=\"(max-width: 600px) 100vw, 600px\" \/><\/a>\t<\/div><!-- .woo-entry-image-swap -->\n\n<ul class=\"woo-entry-inner clr\"><li class=\"image-wrap\">\n\t<div class=\"woo-entry-image-swap woo-entry-image clr\">\n\t\t<a href=\"https:\/\/voyagedelabaleine.fr\/it\/prodotto\/blusa-bambina-con-colletto-ricamato-color-corallo-crema\/\" class=\"woocommerce-LoopProduct-link\"><img decoding=\"async\" width=\"600\" height=\"800\" src=\"https:\/\/voyagedelabaleine.fr\/wp-content\/uploads\/2025\/07\/blouse-bebe-fille-col-brode-corail-1-600x800.jpg\" class=\"woo-entry-image-main\" alt=\"Blusa bambina con colletto ricamato color corallo &#8211; Crema\" itemprop=\"image\" srcset=\"https:\/\/voyagedelabaleine.fr\/wp-content\/uploads\/2025\/07\/blouse-bebe-fille-col-brode-corail-1-600x800.jpg 600w, https:\/\/voyagedelabaleine.fr\/wp-content\/uploads\/2025\/07\/blouse-bebe-fille-col-brode-corail-1-225x300.jpg 225w, https:\/\/voyagedelabaleine.fr\/wp-content\/uploads\/2025\/07\/blouse-bebe-fille-col-brode-corail-1-768x1024.jpg 768w, https:\/\/voyagedelabaleine.fr\/wp-content\/uploads\/2025\/07\/blouse-bebe-fille-col-brode-corail-1.jpg 1100w\" sizes=\"(max-width: 600px) 100vw, 600px\" \/><img decoding=\"async\" width=\"600\" height=\"800\" src=\"https:\/\/voyagedelabaleine.fr\/wp-content\/uploads\/2025\/07\/col-blouse-enfant-fille-600x800.jpg\" class=\"woo-entry-image-secondary\" alt=\"Blusa bambina con colletto ricamato color corallo &#8211; Crema\" itemprop=\"image\" srcset=\"https:\/\/voyagedelabaleine.fr\/wp-content\/uploads\/2025\/07\/col-blouse-enfant-fille-600x800.jpg 600w, https:\/\/voyagedelabaleine.fr\/wp-content\/uploads\/2025\/07\/col-blouse-enfant-fille-225x300.jpg 225w, https:\/\/voyagedelabaleine.fr\/wp-content\/uploads\/2025\/07\/col-blouse-enfant-fille-768x1024.jpg 768w, https:\/\/voyagedelabaleine.fr\/wp-content\/uploads\/2025\/07\/col-blouse-enfant-fille.jpg 1000w\" sizes=\"(max-width: 600px) 100vw, 600px\" \/><\/a>\t<\/div><!-- .woo-entry-image-swap -->\n\n<\/li><li class=\"title\"><h2><a href=\"https:\/\/voyagedelabaleine.fr\/it\/prodotto\/blusa-bambina-con-colletto-ricamato-color-corallo-crema\/\">Blusa bambina con colletto ricamato color corallo &#8211; Crema<\/a><\/h2><\/li><li class=\"price-wrap\">\n\t<span class=\"price\"><span class=\"woocommerce-Price-amount amount\"><bdi>42<span class=\"woocommerce-Price-currencySymbol\">&euro;<\/span><\/bdi><\/span><\/span>\n<\/li><\/ul><\/div><!-- .product-inner .clr --><\/li>\n<li class=\"entry has-media col span_1_of_3 owp-content-center owp-thumbs-layout-vertical owp-btn-big owp-tabs-layout-vertical circle-sale product type-product post-30848 status-publish instock product_cat-abbigliamento product_cat-maglione-gilet-cardigan-nascita product_cat-maglione-gilet-cardigan-nascita-ragazza product_cat-maglione-gilet-cardigan-bambina product_cat-maglione-gilet-cardigan-bambini product_cat-maglione-gilet-cardigan-neonata product_cat-maglione-gilet-cardigan-neonati has-post-thumbnail taxable shipping-taxable purchasable product-type-variable has-default-attributes\">\n\t<div class=\"product-inner clr\">\n\t<div class=\"woo-entry-image-swap woo-entry-image clr\">\n\t\t<a href=\"https:\/\/voyagedelabaleine.fr\/it\/prodotto\/cardigan-bambina-con-collo-arricciato-rosa-antico\/\" class=\"woocommerce-LoopProduct-link\"><img decoding=\"async\" width=\"600\" height=\"800\" src=\"https:\/\/voyagedelabaleine.fr\/wp-content\/uploads\/2025\/07\/gilet-bebe-fille-col-fronce-rose-600x800.jpg\" class=\"woo-entry-image-main\" alt=\"Cardigan bambina con collo arricciato &#8211; Rosa antico\" itemprop=\"image\" \/><img decoding=\"async\" width=\"600\" height=\"800\" src=\"https:\/\/voyagedelabaleine.fr\/wp-content\/uploads\/2025\/07\/gilet-bebe-fille-col-fronce-rose-2-600x800.jpg\" class=\"woo-entry-image-secondary\" alt=\"Cardigan bambina con collo arricciato &#8211; Rosa antico\" itemprop=\"image\" srcset=\"https:\/\/voyagedelabaleine.fr\/wp-content\/uploads\/2025\/07\/gilet-bebe-fille-col-fronce-rose-2-600x799.jpg 600w, https:\/\/voyagedelabaleine.fr\/wp-content\/uploads\/2025\/07\/gilet-bebe-fille-col-fronce-rose-2-225x300.jpg 225w, https:\/\/voyagedelabaleine.fr\/wp-content\/uploads\/2025\/07\/gilet-bebe-fille-col-fronce-rose-2-769x1024.jpg 769w, https:\/\/voyagedelabaleine.fr\/wp-content\/uploads\/2025\/07\/gilet-bebe-fille-col-fronce-rose-2-768x1023.jpg 768w, https:\/\/voyagedelabaleine.fr\/wp-content\/uploads\/2025\/07\/gilet-bebe-fille-col-fronce-rose-2.jpg 1000w\" sizes=\"(max-width: 600px) 100vw, 600px\" \/><\/a>\t<\/div><!-- .woo-entry-image-swap -->\n\n<ul class=\"woo-entry-inner clr\"><li class=\"image-wrap\">\n\t<div class=\"woo-entry-image-swap woo-entry-image clr\">\n\t\t<a href=\"https:\/\/voyagedelabaleine.fr\/it\/prodotto\/cardigan-bambina-con-collo-arricciato-rosa-antico\/\" class=\"woocommerce-LoopProduct-link\"><img decoding=\"async\" width=\"600\" height=\"800\" src=\"https:\/\/voyagedelabaleine.fr\/wp-content\/uploads\/2025\/07\/gilet-bebe-fille-col-fronce-rose-600x800.jpg\" class=\"woo-entry-image-main\" alt=\"Cardigan bambina con collo arricciato &#8211; Rosa antico\" itemprop=\"image\" \/><img decoding=\"async\" width=\"600\" height=\"800\" src=\"https:\/\/voyagedelabaleine.fr\/wp-content\/uploads\/2025\/07\/gilet-bebe-fille-col-fronce-rose-2-600x800.jpg\" class=\"woo-entry-image-secondary\" alt=\"Cardigan bambina con collo arricciato &#8211; Rosa antico\" itemprop=\"image\" srcset=\"https:\/\/voyagedelabaleine.fr\/wp-content\/uploads\/2025\/07\/gilet-bebe-fille-col-fronce-rose-2-600x799.jpg 600w, https:\/\/voyagedelabaleine.fr\/wp-content\/uploads\/2025\/07\/gilet-bebe-fille-col-fronce-rose-2-225x300.jpg 225w, https:\/\/voyagedelabaleine.fr\/wp-content\/uploads\/2025\/07\/gilet-bebe-fille-col-fronce-rose-2-769x1024.jpg 769w, https:\/\/voyagedelabaleine.fr\/wp-content\/uploads\/2025\/07\/gilet-bebe-fille-col-fronce-rose-2-768x1023.jpg 768w, https:\/\/voyagedelabaleine.fr\/wp-content\/uploads\/2025\/07\/gilet-bebe-fille-col-fronce-rose-2.jpg 1000w\" sizes=\"(max-width: 600px) 100vw, 600px\" \/><\/a>\t<\/div><!-- .woo-entry-image-swap -->\n\n<\/li><li class=\"title\"><h2><a href=\"https:\/\/voyagedelabaleine.fr\/it\/prodotto\/cardigan-bambina-con-collo-arricciato-rosa-antico\/\">Cardigan bambina con collo arricciato &#8211; Rosa antico<\/a><\/h2><\/li><li class=\"price-wrap\">\n\t<span class=\"price\"><span class=\"woocommerce-Price-amount amount\"><bdi>66<span class=\"woocommerce-Price-currencySymbol\">&euro;<\/span><\/bdi><\/span><\/span>\n<\/li><\/ul><\/div><!-- .product-inner .clr --><\/li>\n<li class=\"entry has-media has-rating col span_1_of_3 owp-content-center owp-thumbs-layout-vertical owp-btn-big owp-tabs-layout-vertical circle-sale product type-product post-28942 status-publish last instock product_cat-abbigliamento product_cat-completo-salopette-bambina product_cat-completo-salopette-bambini product_cat-pagliaccetto-salopette-nascita product_cat-pagliaccetto-salopette-nascita-ragazza product_cat-pagliaccetto-salopette-neonata product_cat-pagliaccetto-salopette-neonati has-post-thumbnail taxable shipping-taxable purchasable product-type-variable has-default-attributes\">\n\t<div class=\"product-inner clr\">\n\t<div class=\"woo-entry-image-swap woo-entry-image clr\">\n\t\t<a href=\"https:\/\/voyagedelabaleine.fr\/it\/prodotto\/salopette-da-bambina-in-velluto-a-costine-rosa-bianco\/\" class=\"woocommerce-LoopProduct-link\"><img decoding=\"async\" width=\"600\" height=\"800\" src=\"https:\/\/voyagedelabaleine.fr\/wp-content\/uploads\/2025\/07\/salopette-fille-velours-cotele-rose-600x800.jpg\" class=\"woo-entry-image-main\" alt=\"Salopette da bambina in velluto a costine &#8211; Rosa\/bianco\" itemprop=\"image\" srcset=\"https:\/\/voyagedelabaleine.fr\/wp-content\/uploads\/2025\/07\/salopette-fille-velours-cotele-rose-600x800.jpg 600w, https:\/\/voyagedelabaleine.fr\/wp-content\/uploads\/2025\/07\/salopette-fille-velours-cotele-rose-225x300.jpg 225w, https:\/\/voyagedelabaleine.fr\/wp-content\/uploads\/2025\/07\/salopette-fille-velours-cotele-rose-768x1024.jpg 768w, https:\/\/voyagedelabaleine.fr\/wp-content\/uploads\/2025\/07\/salopette-fille-velours-cotele-rose.jpg 1100w\" sizes=\"(max-width: 600px) 100vw, 600px\" \/><img decoding=\"async\" width=\"600\" height=\"800\" src=\"https:\/\/voyagedelabaleine.fr\/wp-content\/uploads\/2025\/07\/salopette-fille-velours-cotele-rose-2-600x800.jpg\" class=\"woo-entry-image-secondary\" alt=\"Salopette da bambina in velluto a costine &#8211; Rosa\/bianco\" itemprop=\"image\" srcset=\"https:\/\/voyagedelabaleine.fr\/wp-content\/uploads\/2025\/07\/salopette-fille-velours-cotele-rose-2-600x800.jpg 600w, https:\/\/voyagedelabaleine.fr\/wp-content\/uploads\/2025\/07\/salopette-fille-velours-cotele-rose-2-225x300.jpg 225w, https:\/\/voyagedelabaleine.fr\/wp-content\/uploads\/2025\/07\/salopette-fille-velours-cotele-rose-2-768x1024.jpg 768w, https:\/\/voyagedelabaleine.fr\/wp-content\/uploads\/2025\/07\/salopette-fille-velours-cotele-rose-2.jpg 867w\" sizes=\"(max-width: 600px) 100vw, 600px\" \/><\/a>\t<\/div><!-- .woo-entry-image-swap -->\n\n<ul class=\"woo-entry-inner clr\"><li class=\"image-wrap\">\n\t<div class=\"woo-entry-image-swap woo-entry-image clr\">\n\t\t<a href=\"https:\/\/voyagedelabaleine.fr\/it\/prodotto\/salopette-da-bambina-in-velluto-a-costine-rosa-bianco\/\" class=\"woocommerce-LoopProduct-link\"><img decoding=\"async\" width=\"600\" height=\"800\" src=\"https:\/\/voyagedelabaleine.fr\/wp-content\/uploads\/2025\/07\/salopette-fille-velours-cotele-rose-600x800.jpg\" class=\"woo-entry-image-main\" alt=\"Salopette da bambina in velluto a costine &#8211; Rosa\/bianco\" itemprop=\"image\" srcset=\"https:\/\/voyagedelabaleine.fr\/wp-content\/uploads\/2025\/07\/salopette-fille-velours-cotele-rose-600x800.jpg 600w, https:\/\/voyagedelabaleine.fr\/wp-content\/uploads\/2025\/07\/salopette-fille-velours-cotele-rose-225x300.jpg 225w, https:\/\/voyagedelabaleine.fr\/wp-content\/uploads\/2025\/07\/salopette-fille-velours-cotele-rose-768x1024.jpg 768w, https:\/\/voyagedelabaleine.fr\/wp-content\/uploads\/2025\/07\/salopette-fille-velours-cotele-rose.jpg 1100w\" sizes=\"(max-width: 600px) 100vw, 600px\" \/><img decoding=\"async\" width=\"600\" height=\"800\" src=\"https:\/\/voyagedelabaleine.fr\/wp-content\/uploads\/2025\/07\/salopette-fille-velours-cotele-rose-2-600x800.jpg\" class=\"woo-entry-image-secondary\" alt=\"Salopette da bambina in velluto a costine &#8211; Rosa\/bianco\" itemprop=\"image\" srcset=\"https:\/\/voyagedelabaleine.fr\/wp-content\/uploads\/2025\/07\/salopette-fille-velours-cotele-rose-2-600x800.jpg 600w, https:\/\/voyagedelabaleine.fr\/wp-content\/uploads\/2025\/07\/salopette-fille-velours-cotele-rose-2-225x300.jpg 225w, https:\/\/voyagedelabaleine.fr\/wp-content\/uploads\/2025\/07\/salopette-fille-velours-cotele-rose-2-768x1024.jpg 768w, https:\/\/voyagedelabaleine.fr\/wp-content\/uploads\/2025\/07\/salopette-fille-velours-cotele-rose-2.jpg 867w\" sizes=\"(max-width: 600px) 100vw, 600px\" \/><\/a>\t<\/div><!-- .woo-entry-image-swap -->\n\n<\/li><li class=\"title\"><h2><a href=\"https:\/\/voyagedelabaleine.fr\/it\/prodotto\/salopette-da-bambina-in-velluto-a-costine-rosa-bianco\/\">Salopette da bambina in velluto a costine &#8211; Rosa\/bianco<\/a><\/h2><\/li><li class=\"price-wrap\">\n\t<span class=\"price\"><span class=\"woocommerce-Price-amount amount\"><bdi>54<span class=\"woocommerce-Price-currencySymbol\">&euro;<\/span><\/bdi><\/span><\/span>\n<\/li><\/ul><\/div><!-- .product-inner .clr --><\/li>\n<\/ul>\n<\/div><\/div>\n\t\t\t\t\t\t<\/div>\n\t\t\t\t<\/div>\n\t\t<div class=\"elementor-element elementor-element-3468461 e-con-full e-flex e-con e-parent\" data-id=\"3468461\" data-element_type=\"container\" data-e-type=\"container\">\n\t\t\t\t<div class=\"elementor-element elementor-element-3e4dd62 elementor-widget-divider--separator-type-pattern elementor-widget-divider--view-line elementor-widget elementor-widget-divider\" data-id=\"3e4dd62\" data-element_type=\"widget\" data-e-type=\"widget\" data-widget_type=\"divider.default\">\n\t\t\t\t\t\t\t<div class=\"elementor-divider\" style=\"--divider-pattern-url: url(&quot;data:image\/svg+xml,%3Csvg xmlns=&#039;http:\/\/www.w3.org\/2000\/svg&#039; preserveAspectRatio=&#039;none&#039; overflow=&#039;visible&#039; height=&#039;100%&#039; viewBox=&#039;0 0 24 24&#039; fill=&#039;black&#039; stroke=&#039;none&#039;%3E%3Cpath d=&#039;M12.7,2.3c-0.4-0.4-1.1-0.4-1.5,0l-8,9.1c-0.3,0.4-0.3,0.9,0,1.2l8,9.1c0.4,0.4,1.1,0.4,1.5,0l8-9.1c0.3-0.4,0.3-0.9,0-1.2L12.7,2.3z&#039;\/%3E%3C\/svg%3E&quot;);\">\n\t\t\t<span class=\"elementor-divider-separator\">\n\t\t\t\t\t\t<\/span>\n\t\t<\/div>\n\t\t\t\t\t\t<\/div>\n\t\t\t\t<div class=\"elementor-element elementor-element-25f12e5 elementor-widget elementor-widget-shortcode\" data-id=\"25f12e5\" data-element_type=\"widget\" data-e-type=\"widget\" data-widget_type=\"shortcode.default\">\n\t\t\t\t\t\t\t<div class=\"elementor-shortcode\"><div class=\"woocommerce columns-3 \">\r\n<ul class=\"products oceanwp-row clr grid tablet-col tablet-2-col mobile-col mobile-2-col\">\r\n<li class=\"entry has-media has-rating col span_1_of_3 owp-content-center owp-thumbs-layout-vertical owp-btn-big owp-tabs-layout-vertical circle-sale product type-product post-31157 status-publish first instock product_cat-scarpine-nascita product_cat-scarpine-nascita-ragazza product_cat-scarpine-nascita-ragazzo product_cat-scarpine-neonata product_cat-scarpine-neonati product_cat-scarpine-neonato has-post-thumbnail taxable shipping-taxable purchasable product-type-variable has-default-attributes\">\n\t<div class=\"product-inner clr\">\n\t<div class=\"woo-entry-image-swap woo-entry-image clr\">\n\t\t<a href=\"https:\/\/voyagedelabaleine.fr\/it\/prodotto\/scarpine-neonato-alte-in-pelle-blu-navy\/\" class=\"woocommerce-LoopProduct-link\"><img decoding=\"async\" width=\"576\" height=\"769\" src=\"https:\/\/voyagedelabaleine.fr\/wp-content\/uploads\/2024\/09\/chaussons-bebe-cuir-haut-bleu-marine-3.jpg\" class=\"woo-entry-image-main\" alt=\"Scarpine neonato alte in pelle &#8211; Blu navy\" itemprop=\"image\" srcset=\"https:\/\/voyagedelabaleine.fr\/wp-content\/uploads\/2024\/09\/chaussons-bebe-cuir-haut-bleu-marine-3.jpg 576w, https:\/\/voyagedelabaleine.fr\/wp-content\/uploads\/2024\/09\/chaussons-bebe-cuir-haut-bleu-marine-3-225x300.jpg 225w\" sizes=\"(max-width: 576px) 100vw, 576px\" \/><img decoding=\"async\" width=\"576\" height=\"769\" src=\"https:\/\/voyagedelabaleine.fr\/wp-content\/uploads\/2024\/09\/chaussons-bebe-cuir-haut-bleu-marine-5.jpg\" class=\"woo-entry-image-secondary\" alt=\"Scarpine neonato alte in pelle &#8211; Blu navy\" itemprop=\"image\" srcset=\"https:\/\/voyagedelabaleine.fr\/wp-content\/uploads\/2024\/09\/chaussons-bebe-cuir-haut-bleu-marine-5.jpg 576w, https:\/\/voyagedelabaleine.fr\/wp-content\/uploads\/2024\/09\/chaussons-bebe-cuir-haut-bleu-marine-5-225x300.jpg 225w\" sizes=\"(max-width: 576px) 100vw, 576px\" \/><\/a>\t<\/div><!-- .woo-entry-image-swap -->\n\n<ul class=\"woo-entry-inner clr\"><li class=\"image-wrap\">\n\t<div class=\"woo-entry-image-swap woo-entry-image clr\">\n\t\t<a href=\"https:\/\/voyagedelabaleine.fr\/it\/prodotto\/scarpine-neonato-alte-in-pelle-blu-navy\/\" class=\"woocommerce-LoopProduct-link\"><img decoding=\"async\" width=\"576\" height=\"769\" src=\"https:\/\/voyagedelabaleine.fr\/wp-content\/uploads\/2024\/09\/chaussons-bebe-cuir-haut-bleu-marine-3.jpg\" class=\"woo-entry-image-main\" alt=\"Scarpine neonato alte in pelle &#8211; Blu navy\" itemprop=\"image\" srcset=\"https:\/\/voyagedelabaleine.fr\/wp-content\/uploads\/2024\/09\/chaussons-bebe-cuir-haut-bleu-marine-3.jpg 576w, https:\/\/voyagedelabaleine.fr\/wp-content\/uploads\/2024\/09\/chaussons-bebe-cuir-haut-bleu-marine-3-225x300.jpg 225w\" sizes=\"(max-width: 576px) 100vw, 576px\" \/><img decoding=\"async\" width=\"576\" height=\"769\" src=\"https:\/\/voyagedelabaleine.fr\/wp-content\/uploads\/2024\/09\/chaussons-bebe-cuir-haut-bleu-marine-5.jpg\" class=\"woo-entry-image-secondary\" alt=\"Scarpine neonato alte in pelle &#8211; Blu navy\" itemprop=\"image\" srcset=\"https:\/\/voyagedelabaleine.fr\/wp-content\/uploads\/2024\/09\/chaussons-bebe-cuir-haut-bleu-marine-5.jpg 576w, https:\/\/voyagedelabaleine.fr\/wp-content\/uploads\/2024\/09\/chaussons-bebe-cuir-haut-bleu-marine-5-225x300.jpg 225w\" sizes=\"(max-width: 576px) 100vw, 576px\" \/><\/a>\t<\/div><!-- .woo-entry-image-swap -->\n\n<\/li><li class=\"title\"><h2><a href=\"https:\/\/voyagedelabaleine.fr\/it\/prodotto\/scarpine-neonato-alte-in-pelle-blu-navy\/\">Scarpine neonato alte in pelle &#8211; Blu navy<\/a><\/h2><\/li><li class=\"price-wrap\">\n\t<span class=\"price\"><span class=\"woocommerce-Price-amount amount\"><bdi>36<span class=\"woocommerce-Price-currencySymbol\">&euro;<\/span><\/bdi><\/span><\/span>\n<\/li><\/ul><\/div><!-- .product-inner .clr --><\/li>\n<li class=\"entry has-media col span_1_of_3 owp-content-center owp-thumbs-layout-vertical owp-btn-big owp-tabs-layout-vertical circle-sale product type-product post-30878 status-publish instock product_cat-abbigliamento product_cat-bambina product_cat-neonata product_cat-vestito-bambina product_cat-vestito-neonata has-post-thumbnail taxable shipping-taxable purchasable product-type-variable has-default-attributes\">\n\t<div class=\"product-inner clr\">\n\t<div class=\"woo-entry-image-swap woo-entry-image clr\">\n\t\t<a href=\"https:\/\/voyagedelabaleine.fr\/it\/prodotto\/vestito-bambina-a-quadri-blu-bianco\/\" class=\"woocommerce-LoopProduct-link\"><img decoding=\"async\" width=\"600\" height=\"800\" src=\"https:\/\/voyagedelabaleine.fr\/wp-content\/uploads\/2025\/07\/robe-bebe-fille-carreaux-bleu-blanc-1-600x800.jpg\" class=\"woo-entry-image-main\" alt=\"Vestito bambina a quadri &#8211; Blu\/bianco\" itemprop=\"image\" srcset=\"https:\/\/voyagedelabaleine.fr\/wp-content\/uploads\/2025\/07\/robe-bebe-fille-carreaux-bleu-blanc-1-600x801.jpg 600w, https:\/\/voyagedelabaleine.fr\/wp-content\/uploads\/2025\/07\/robe-bebe-fille-carreaux-bleu-blanc-1-225x300.jpg 225w, https:\/\/voyagedelabaleine.fr\/wp-content\/uploads\/2025\/07\/robe-bebe-fille-carreaux-bleu-blanc-1-767x1024.jpg 767w, https:\/\/voyagedelabaleine.fr\/wp-content\/uploads\/2025\/07\/robe-bebe-fille-carreaux-bleu-blanc-1-768x1025.jpg 768w, https:\/\/voyagedelabaleine.fr\/wp-content\/uploads\/2025\/07\/robe-bebe-fille-carreaux-bleu-blanc-1.jpg 1100w\" sizes=\"(max-width: 600px) 100vw, 600px\" \/><img decoding=\"async\" width=\"600\" height=\"800\" src=\"https:\/\/voyagedelabaleine.fr\/wp-content\/uploads\/2025\/07\/robe-bebe-fille-carreaux-bleu-blanc-2-600x800.jpg\" class=\"woo-entry-image-secondary\" alt=\"Vestito bambina a quadri &#8211; Blu\/bianco\" itemprop=\"image\" srcset=\"https:\/\/voyagedelabaleine.fr\/wp-content\/uploads\/2025\/07\/robe-bebe-fille-carreaux-bleu-blanc-2-600x799.jpg 600w, https:\/\/voyagedelabaleine.fr\/wp-content\/uploads\/2025\/07\/robe-bebe-fille-carreaux-bleu-blanc-2-225x300.jpg 225w, https:\/\/voyagedelabaleine.fr\/wp-content\/uploads\/2025\/07\/robe-bebe-fille-carreaux-bleu-blanc-2-769x1024.jpg 769w, https:\/\/voyagedelabaleine.fr\/wp-content\/uploads\/2025\/07\/robe-bebe-fille-carreaux-bleu-blanc-2-768x1023.jpg 768w, https:\/\/voyagedelabaleine.fr\/wp-content\/uploads\/2025\/07\/robe-bebe-fille-carreaux-bleu-blanc-2.jpg 900w\" sizes=\"(max-width: 600px) 100vw, 600px\" \/><\/a>\t<\/div><!-- .woo-entry-image-swap -->\n\n<ul class=\"woo-entry-inner clr\"><li class=\"image-wrap\">\n\t<div class=\"woo-entry-image-swap woo-entry-image clr\">\n\t\t<a href=\"https:\/\/voyagedelabaleine.fr\/it\/prodotto\/vestito-bambina-a-quadri-blu-bianco\/\" class=\"woocommerce-LoopProduct-link\"><img decoding=\"async\" width=\"600\" height=\"800\" src=\"https:\/\/voyagedelabaleine.fr\/wp-content\/uploads\/2025\/07\/robe-bebe-fille-carreaux-bleu-blanc-1-600x800.jpg\" class=\"woo-entry-image-main\" alt=\"Vestito bambina a quadri &#8211; Blu\/bianco\" itemprop=\"image\" srcset=\"https:\/\/voyagedelabaleine.fr\/wp-content\/uploads\/2025\/07\/robe-bebe-fille-carreaux-bleu-blanc-1-600x801.jpg 600w, https:\/\/voyagedelabaleine.fr\/wp-content\/uploads\/2025\/07\/robe-bebe-fille-carreaux-bleu-blanc-1-225x300.jpg 225w, https:\/\/voyagedelabaleine.fr\/wp-content\/uploads\/2025\/07\/robe-bebe-fille-carreaux-bleu-blanc-1-767x1024.jpg 767w, https:\/\/voyagedelabaleine.fr\/wp-content\/uploads\/2025\/07\/robe-bebe-fille-carreaux-bleu-blanc-1-768x1025.jpg 768w, https:\/\/voyagedelabaleine.fr\/wp-content\/uploads\/2025\/07\/robe-bebe-fille-carreaux-bleu-blanc-1.jpg 1100w\" sizes=\"(max-width: 600px) 100vw, 600px\" \/><img decoding=\"async\" width=\"600\" height=\"800\" src=\"https:\/\/voyagedelabaleine.fr\/wp-content\/uploads\/2025\/07\/robe-bebe-fille-carreaux-bleu-blanc-2-600x800.jpg\" class=\"woo-entry-image-secondary\" alt=\"Vestito bambina a quadri &#8211; Blu\/bianco\" itemprop=\"image\" srcset=\"https:\/\/voyagedelabaleine.fr\/wp-content\/uploads\/2025\/07\/robe-bebe-fille-carreaux-bleu-blanc-2-600x799.jpg 600w, https:\/\/voyagedelabaleine.fr\/wp-content\/uploads\/2025\/07\/robe-bebe-fille-carreaux-bleu-blanc-2-225x300.jpg 225w, https:\/\/voyagedelabaleine.fr\/wp-content\/uploads\/2025\/07\/robe-bebe-fille-carreaux-bleu-blanc-2-769x1024.jpg 769w, https:\/\/voyagedelabaleine.fr\/wp-content\/uploads\/2025\/07\/robe-bebe-fille-carreaux-bleu-blanc-2-768x1023.jpg 768w, https:\/\/voyagedelabaleine.fr\/wp-content\/uploads\/2025\/07\/robe-bebe-fille-carreaux-bleu-blanc-2.jpg 900w\" sizes=\"(max-width: 600px) 100vw, 600px\" \/><\/a>\t<\/div><!-- .woo-entry-image-swap -->\n\n<\/li><li class=\"title\"><h2><a href=\"https:\/\/voyagedelabaleine.fr\/it\/prodotto\/vestito-bambina-a-quadri-blu-bianco\/\">Vestito bambina a quadri &#8211; Blu\/bianco<\/a><\/h2><\/li><li class=\"price-wrap\">\n\t<span class=\"price\"><span class=\"woocommerce-Price-amount amount\"><bdi>68<span class=\"woocommerce-Price-currencySymbol\">&euro;<\/span><\/bdi><\/span><\/span>\n<\/li><\/ul><\/div><!-- .product-inner .clr --><\/li>\n<li class=\"entry has-media col span_1_of_3 owp-content-center owp-thumbs-layout-vertical owp-btn-big owp-tabs-layout-vertical circle-sale product type-product post-29657 status-publish last instock product_cat-calze-collant-neonati-bambini product_cat-calzini-collant-nascita product_cat-calzini-collant-nascita-ragazza product_cat-calzini-collant-nascita-ragazzo-2 product_cat-calzini-collant-bambina product_cat-calzini-collant-bambini product_cat-calzini-collant-bambino product_cat-calzini-collant-neonata product_cat-calzini-collant-neonato product_tag-collant has-post-thumbnail taxable shipping-taxable purchasable product-type-variable has-default-attributes\">\n\t<div class=\"product-inner clr\">\n\t<div class=\"woo-entry-image-swap woo-entry-image clr\">\n\t\t<a href=\"https:\/\/voyagedelabaleine.fr\/it\/prodotto\/collant-neonato-tinta-unita-blu-marino\/\" class=\"woocommerce-LoopProduct-link\"><img decoding=\"async\" width=\"600\" height=\"800\" src=\"https:\/\/voyagedelabaleine.fr\/wp-content\/uploads\/2024\/09\/collant-bebe-uni-bleu-marine-1-1-600x800.jpg\" class=\"woo-entry-image-main\" alt=\"Collant neonato tinta unita &#8211; Blu marino\" itemprop=\"image\" srcset=\"https:\/\/voyagedelabaleine.fr\/wp-content\/uploads\/2024\/09\/collant-bebe-uni-bleu-marine-1-1-600x800.jpg 600w, https:\/\/voyagedelabaleine.fr\/wp-content\/uploads\/2024\/09\/collant-bebe-uni-bleu-marine-1-1-225x300.jpg 225w, https:\/\/voyagedelabaleine.fr\/wp-content\/uploads\/2024\/09\/collant-bebe-uni-bleu-marine-1-1-768x1024.jpg 768w, https:\/\/voyagedelabaleine.fr\/wp-content\/uploads\/2024\/09\/collant-bebe-uni-bleu-marine-1-1.jpg 855w\" sizes=\"(max-width: 600px) 100vw, 600px\" \/><img decoding=\"async\" width=\"600\" height=\"800\" src=\"https:\/\/voyagedelabaleine.fr\/wp-content\/uploads\/2024\/09\/collant-bebe-uni-bleu-marine-2-1-600x800.jpg\" class=\"woo-entry-image-secondary\" alt=\"Collant neonato tinta unita &#8211; Blu marino\" itemprop=\"image\" srcset=\"https:\/\/voyagedelabaleine.fr\/wp-content\/uploads\/2024\/09\/collant-bebe-uni-bleu-marine-2-1-600x800.jpg 600w, https:\/\/voyagedelabaleine.fr\/wp-content\/uploads\/2024\/09\/collant-bebe-uni-bleu-marine-2-1-225x300.jpg 225w, https:\/\/voyagedelabaleine.fr\/wp-content\/uploads\/2024\/09\/collant-bebe-uni-bleu-marine-2-1-768x1024.jpg 768w, https:\/\/voyagedelabaleine.fr\/wp-content\/uploads\/2024\/09\/collant-bebe-uni-bleu-marine-2-1.jpg 855w\" sizes=\"(max-width: 600px) 100vw, 600px\" \/><\/a>\t<\/div><!-- .woo-entry-image-swap -->\n\n<ul class=\"woo-entry-inner clr\"><li class=\"image-wrap\">\n\t<div class=\"woo-entry-image-swap woo-entry-image clr\">\n\t\t<a href=\"https:\/\/voyagedelabaleine.fr\/it\/prodotto\/collant-neonato-tinta-unita-blu-marino\/\" class=\"woocommerce-LoopProduct-link\"><img decoding=\"async\" width=\"600\" height=\"800\" src=\"https:\/\/voyagedelabaleine.fr\/wp-content\/uploads\/2024\/09\/collant-bebe-uni-bleu-marine-1-1-600x800.jpg\" class=\"woo-entry-image-main\" alt=\"Collant neonato tinta unita &#8211; Blu marino\" itemprop=\"image\" srcset=\"https:\/\/voyagedelabaleine.fr\/wp-content\/uploads\/2024\/09\/collant-bebe-uni-bleu-marine-1-1-600x800.jpg 600w, https:\/\/voyagedelabaleine.fr\/wp-content\/uploads\/2024\/09\/collant-bebe-uni-bleu-marine-1-1-225x300.jpg 225w, https:\/\/voyagedelabaleine.fr\/wp-content\/uploads\/2024\/09\/collant-bebe-uni-bleu-marine-1-1-768x1024.jpg 768w, https:\/\/voyagedelabaleine.fr\/wp-content\/uploads\/2024\/09\/collant-bebe-uni-bleu-marine-1-1.jpg 855w\" sizes=\"(max-width: 600px) 100vw, 600px\" \/><img decoding=\"async\" width=\"600\" height=\"800\" src=\"https:\/\/voyagedelabaleine.fr\/wp-content\/uploads\/2024\/09\/collant-bebe-uni-bleu-marine-2-1-600x800.jpg\" class=\"woo-entry-image-secondary\" alt=\"Collant neonato tinta unita &#8211; Blu marino\" itemprop=\"image\" srcset=\"https:\/\/voyagedelabaleine.fr\/wp-content\/uploads\/2024\/09\/collant-bebe-uni-bleu-marine-2-1-600x800.jpg 600w, https:\/\/voyagedelabaleine.fr\/wp-content\/uploads\/2024\/09\/collant-bebe-uni-bleu-marine-2-1-225x300.jpg 225w, https:\/\/voyagedelabaleine.fr\/wp-content\/uploads\/2024\/09\/collant-bebe-uni-bleu-marine-2-1-768x1024.jpg 768w, https:\/\/voyagedelabaleine.fr\/wp-content\/uploads\/2024\/09\/collant-bebe-uni-bleu-marine-2-1.jpg 855w\" sizes=\"(max-width: 600px) 100vw, 600px\" \/><\/a>\t<\/div><!-- .woo-entry-image-swap -->\n\n<\/li><li class=\"title\"><h2><a href=\"https:\/\/voyagedelabaleine.fr\/it\/prodotto\/collant-neonato-tinta-unita-blu-marino\/\">Collant neonato tinta unita &#8211; Blu marino<\/a><\/h2><\/li><li class=\"price-wrap\">\n\t<span class=\"price\"><span class=\"woocommerce-Price-amount amount\"><bdi>14<span class=\"woocommerce-Price-currencySymbol\">&euro;<\/span><\/bdi><\/span><\/span>\n<\/li><\/ul><\/div><!-- .product-inner .clr --><\/li>\n<\/ul>\n<\/div><\/div>\n\t\t\t\t\t\t<\/div>\n\t\t\t\t<\/div>\n\t\t<div class=\"elementor-element elementor-element-0ec1702 e-con-full e-flex e-con e-parent\" data-id=\"0ec1702\" data-element_type=\"container\" data-e-type=\"container\">\n\t\t\t\t<div class=\"elementor-element elementor-element-a18e903 elementor-widget-divider--separator-type-pattern elementor-widget-divider--view-line elementor-widget elementor-widget-divider\" data-id=\"a18e903\" data-element_type=\"widget\" data-e-type=\"widget\" data-widget_type=\"divider.default\">\n\t\t\t\t\t\t\t<div class=\"elementor-divider\" style=\"--divider-pattern-url: url(&quot;data:image\/svg+xml,%3Csvg xmlns=&#039;http:\/\/www.w3.org\/2000\/svg&#039; preserveAspectRatio=&#039;none&#039; overflow=&#039;visible&#039; height=&#039;100%&#039; viewBox=&#039;0 0 24 24&#039; fill=&#039;black&#039; stroke=&#039;none&#039;%3E%3Cpath d=&#039;M12.7,2.3c-0.4-0.4-1.1-0.4-1.5,0l-8,9.1c-0.3,0.4-0.3,0.9,0,1.2l8,9.1c0.4,0.4,1.1,0.4,1.5,0l8-9.1c0.3-0.4,0.3-0.9,0-1.2L12.7,2.3z&#039;\/%3E%3C\/svg%3E&quot;);\">\n\t\t\t<span class=\"elementor-divider-separator\">\n\t\t\t\t\t\t<\/span>\n\t\t<\/div>\n\t\t\t\t\t\t<\/div>\n\t\t\t\t<div class=\"elementor-element elementor-element-fbccf4a elementor-widget__width-initial elementor-widget-mobile__width-inherit elementor-widget elementor-widget-shortcode\" data-id=\"fbccf4a\" data-element_type=\"widget\" data-e-type=\"widget\" data-widget_type=\"shortcode.default\">\n\t\t\t\t\t\t\t<div class=\"elementor-shortcode\"><div class=\"woocommerce columns-2 \">\r\n<ul class=\"products oceanwp-row clr grid tablet-col tablet-2-col mobile-col mobile-2-col\">\r\n<li class=\"entry has-media col span_1_of_2 owp-content-center owp-thumbs-layout-vertical owp-btn-big owp-tabs-layout-vertical circle-sale product type-product post-35013 status-publish first instock product_cat-accessori-nascita-ragazza product_cat-accessori-nascita-ragazzo product_cat-accessori-nascita product_cat-accessori-neonata product_cat-accessori-neonati product_cat-accessori-neonato has-post-thumbnail taxable shipping-taxable purchasable product-type-variable has-default-attributes\">\n\t<div class=\"product-inner clr\">\n\t<div class=\"woo-entry-image-swap woo-entry-image clr\">\n\t\t<a href=\"https:\/\/voyagedelabaleine.fr\/it\/prodotto\/cappellino-nascita-con-pompon-in-lana-crema\/\" class=\"woocommerce-LoopProduct-link\"><img decoding=\"async\" width=\"600\" height=\"800\" src=\"https:\/\/voyagedelabaleine.fr\/wp-content\/uploads\/2025\/07\/bonnet-naissance-laine-pompon-creme-600x800.jpg\" class=\"woo-entry-image-main\" alt=\"Cappellino nascita con pompon in lana &#8211; Crema\" itemprop=\"image\" \/><img decoding=\"async\" width=\"600\" height=\"800\" src=\"https:\/\/voyagedelabaleine.fr\/wp-content\/uploads\/2025\/07\/bonnet-naissance-laine-pompon-creme-1-600x800.jpg\" class=\"woo-entry-image-secondary\" alt=\"Cappellino nascita con pompon in lana &#8211; Crema\" itemprop=\"image\" \/><\/a>\t<\/div><!-- .woo-entry-image-swap -->\n\n<ul class=\"woo-entry-inner clr\"><li class=\"image-wrap\">\n\t<div class=\"woo-entry-image-swap woo-entry-image clr\">\n\t\t<a href=\"https:\/\/voyagedelabaleine.fr\/it\/prodotto\/cappellino-nascita-con-pompon-in-lana-crema\/\" class=\"woocommerce-LoopProduct-link\"><img decoding=\"async\" width=\"600\" height=\"800\" src=\"https:\/\/voyagedelabaleine.fr\/wp-content\/uploads\/2025\/07\/bonnet-naissance-laine-pompon-creme-600x800.jpg\" class=\"woo-entry-image-main\" alt=\"Cappellino nascita con pompon in lana &#8211; Crema\" itemprop=\"image\" \/><img decoding=\"async\" width=\"600\" height=\"800\" src=\"https:\/\/voyagedelabaleine.fr\/wp-content\/uploads\/2025\/07\/bonnet-naissance-laine-pompon-creme-1-600x800.jpg\" class=\"woo-entry-image-secondary\" alt=\"Cappellino nascita con pompon in lana &#8211; Crema\" itemprop=\"image\" \/><\/a>\t<\/div><!-- .woo-entry-image-swap -->\n\n<\/li><li class=\"title\"><h2><a href=\"https:\/\/voyagedelabaleine.fr\/it\/prodotto\/cappellino-nascita-con-pompon-in-lana-crema\/\">Cappellino nascita con pompon in lana &#8211; Crema<\/a><\/h2><\/li><li class=\"price-wrap\">\n\t<span class=\"price\"><span class=\"woocommerce-Price-amount amount\"><bdi>30<span class=\"woocommerce-Price-currencySymbol\">&euro;<\/span><\/bdi><\/span><\/span>\n<\/li><\/ul><\/div><!-- .product-inner .clr --><\/li>\n<li class=\"entry has-media has-rating col span_1_of_2 owp-content-center owp-thumbs-layout-vertical owp-btn-big owp-tabs-layout-vertical circle-sale product type-product post-35056 status-publish last instock product_cat-abbigliamento product_cat-bloomer-short-pantaloni-nascita product_cat-bloomer-short-pantaloni-nascita-ragazza product_cat-bloomer-short-pantaloni-nascita-ragazzo product_cat-bloomer-short-pantaloni-neonata product_cat-bloomer-short-pantaloni-neonati product_cat-bloomer-short-pantaloni-neonato product_cat-completi-nascita product_cat-completi-nascita-ragazza product_cat-completi-nascita-ragazzo product_cat-completi-neonata product_cat-completi-neonati product_cat-completi-neonato product_cat-maglione-gilet-cardigan-nascita product_cat-maglione-gilet-cardigan-nascita-ragazza product_cat-maglione-gilet-cardigan-nascita-ragazzo product_cat-maglione-gilet-cardigan-neonata product_cat-maglione-gilet-cardigan-neonati product_cat-maglione-gilet-cardigan-neonato has-post-thumbnail taxable shipping-taxable purchasable product-type-variable has-default-attributes\">\n\t<div class=\"product-inner clr\">\n\t<div class=\"woo-entry-image-swap woo-entry-image clr\">\n\t\t<a href=\"https:\/\/voyagedelabaleine.fr\/it\/prodotto\/completo-neonato-maglioncino-in-lana-e-pantalone-con-piedini-a-punto-legaccio-crema\/\" class=\"woocommerce-LoopProduct-link\"><img decoding=\"async\" width=\"600\" height=\"800\" src=\"https:\/\/voyagedelabaleine.fr\/wp-content\/uploads\/2025\/07\/ensemble-bebe-pull-laine-pantalon-pieds-creme-600x800.jpg\" class=\"woo-entry-image-main\" alt=\"Completo neonato maglioncino in lana e pantalone con piedini a punto legaccio \u2013 Crema\" itemprop=\"image\" srcset=\"https:\/\/voyagedelabaleine.fr\/wp-content\/uploads\/2025\/07\/ensemble-bebe-pull-laine-pantalon-pieds-creme-600x801.jpg 600w, https:\/\/voyagedelabaleine.fr\/wp-content\/uploads\/2025\/07\/ensemble-bebe-pull-laine-pantalon-pieds-creme-225x300.jpg 225w, https:\/\/voyagedelabaleine.fr\/wp-content\/uploads\/2025\/07\/ensemble-bebe-pull-laine-pantalon-pieds-creme-768x1025.jpg 768w, https:\/\/voyagedelabaleine.fr\/wp-content\/uploads\/2025\/07\/ensemble-bebe-pull-laine-pantalon-pieds-creme-1151x1536.jpg 1151w, https:\/\/voyagedelabaleine.fr\/wp-content\/uploads\/2025\/07\/ensemble-bebe-pull-laine-pantalon-pieds-creme.jpg 1200w\" sizes=\"(max-width: 600px) 100vw, 600px\" \/><img decoding=\"async\" width=\"600\" height=\"800\" src=\"https:\/\/voyagedelabaleine.fr\/wp-content\/uploads\/2025\/07\/ensemble-bebe-pull-laine-pantalon-pieds-creme-2-600x800.jpg\" class=\"woo-entry-image-secondary\" alt=\"Completo neonato maglioncino in lana e pantalone con piedini a punto legaccio \u2013 Crema\" itemprop=\"image\" srcset=\"https:\/\/voyagedelabaleine.fr\/wp-content\/uploads\/2025\/07\/ensemble-bebe-pull-laine-pantalon-pieds-creme-2-600x801.jpg 600w, https:\/\/voyagedelabaleine.fr\/wp-content\/uploads\/2025\/07\/ensemble-bebe-pull-laine-pantalon-pieds-creme-2-225x300.jpg 225w, https:\/\/voyagedelabaleine.fr\/wp-content\/uploads\/2025\/07\/ensemble-bebe-pull-laine-pantalon-pieds-creme-2.jpg 619w\" sizes=\"(max-width: 600px) 100vw, 600px\" \/><\/a>\t<\/div><!-- .woo-entry-image-swap -->\n\n<ul class=\"woo-entry-inner clr\"><li class=\"image-wrap\">\n\t<div class=\"woo-entry-image-swap woo-entry-image clr\">\n\t\t<a href=\"https:\/\/voyagedelabaleine.fr\/it\/prodotto\/completo-neonato-maglioncino-in-lana-e-pantalone-con-piedini-a-punto-legaccio-crema\/\" class=\"woocommerce-LoopProduct-link\"><img decoding=\"async\" width=\"600\" height=\"800\" src=\"https:\/\/voyagedelabaleine.fr\/wp-content\/uploads\/2025\/07\/ensemble-bebe-pull-laine-pantalon-pieds-creme-600x800.jpg\" class=\"woo-entry-image-main\" alt=\"Completo neonato maglioncino in lana e pantalone con piedini a punto legaccio \u2013 Crema\" itemprop=\"image\" srcset=\"https:\/\/voyagedelabaleine.fr\/wp-content\/uploads\/2025\/07\/ensemble-bebe-pull-laine-pantalon-pieds-creme-600x801.jpg 600w, https:\/\/voyagedelabaleine.fr\/wp-content\/uploads\/2025\/07\/ensemble-bebe-pull-laine-pantalon-pieds-creme-225x300.jpg 225w, https:\/\/voyagedelabaleine.fr\/wp-content\/uploads\/2025\/07\/ensemble-bebe-pull-laine-pantalon-pieds-creme-768x1025.jpg 768w, https:\/\/voyagedelabaleine.fr\/wp-content\/uploads\/2025\/07\/ensemble-bebe-pull-laine-pantalon-pieds-creme-1151x1536.jpg 1151w, https:\/\/voyagedelabaleine.fr\/wp-content\/uploads\/2025\/07\/ensemble-bebe-pull-laine-pantalon-pieds-creme.jpg 1200w\" sizes=\"(max-width: 600px) 100vw, 600px\" \/><img decoding=\"async\" width=\"600\" height=\"800\" src=\"https:\/\/voyagedelabaleine.fr\/wp-content\/uploads\/2025\/07\/ensemble-bebe-pull-laine-pantalon-pieds-creme-2-600x800.jpg\" class=\"woo-entry-image-secondary\" alt=\"Completo neonato maglioncino in lana e pantalone con piedini a punto legaccio \u2013 Crema\" itemprop=\"image\" srcset=\"https:\/\/voyagedelabaleine.fr\/wp-content\/uploads\/2025\/07\/ensemble-bebe-pull-laine-pantalon-pieds-creme-2-600x801.jpg 600w, https:\/\/voyagedelabaleine.fr\/wp-content\/uploads\/2025\/07\/ensemble-bebe-pull-laine-pantalon-pieds-creme-2-225x300.jpg 225w, https:\/\/voyagedelabaleine.fr\/wp-content\/uploads\/2025\/07\/ensemble-bebe-pull-laine-pantalon-pieds-creme-2.jpg 619w\" sizes=\"(max-width: 600px) 100vw, 600px\" \/><\/a>\t<\/div><!-- .woo-entry-image-swap -->\n\n<\/li><li class=\"title\"><h2><a href=\"https:\/\/voyagedelabaleine.fr\/it\/prodotto\/completo-neonato-maglioncino-in-lana-e-pantalone-con-piedini-a-punto-legaccio-crema\/\">Completo neonato maglioncino in lana e pantalone con piedini a punto legaccio \u2013 Crema<\/a><\/h2><\/li><li class=\"price-wrap\">\n\t<span class=\"price\"><span class=\"woocommerce-Price-amount amount\"><bdi>88<span class=\"woocommerce-Price-currencySymbol\">&euro;<\/span><\/bdi><\/span><\/span>\n<\/li><\/ul><\/div><!-- .product-inner .clr --><\/li>\n<\/ul>\n<\/div><\/div>\n\t\t\t\t\t\t<\/div>\n\t\t\t\t<\/div>\n\t\t<div class=\"elementor-element elementor-element-52df48d e-con-full e-flex e-con e-parent\" data-id=\"52df48d\" data-element_type=\"container\" data-e-type=\"container\">\n\t\t\t\t<div class=\"elementor-element elementor-element-bfc27da elementor-widget-divider--separator-type-pattern elementor-widget-divider--view-line elementor-widget elementor-widget-divider\" data-id=\"bfc27da\" data-element_type=\"widget\" data-e-type=\"widget\" data-widget_type=\"divider.default\">\n\t\t\t\t\t\t\t<div class=\"elementor-divider\" style=\"--divider-pattern-url: url(&quot;data:image\/svg+xml,%3Csvg xmlns=&#039;http:\/\/www.w3.org\/2000\/svg&#039; preserveAspectRatio=&#039;none&#039; overflow=&#039;visible&#039; height=&#039;100%&#039; viewBox=&#039;0 0 24 24&#039; fill=&#039;black&#039; stroke=&#039;none&#039;%3E%3Cpath d=&#039;M12.7,2.3c-0.4-0.4-1.1-0.4-1.5,0l-8,9.1c-0.3,0.4-0.3,0.9,0,1.2l8,9.1c0.4,0.4,1.1,0.4,1.5,0l8-9.1c0.3-0.4,0.3-0.9,0-1.2L12.7,2.3z&#039;\/%3E%3C\/svg%3E&quot;);\">\n\t\t\t<span class=\"elementor-divider-separator\">\n\t\t\t\t\t\t<\/span>\n\t\t<\/div>\n\t\t\t\t\t\t<\/div>\n\t\t\t\t<div class=\"elementor-element elementor-element-826e0ad elementor-widget elementor-widget-shortcode\" data-id=\"826e0ad\" data-element_type=\"widget\" data-e-type=\"widget\" data-widget_type=\"shortcode.default\">\n\t\t\t\t\t\t\t<div class=\"elementor-shortcode\"><div class=\"woocommerce columns-3 \">\r\n<ul class=\"products oceanwp-row clr grid tablet-col tablet-2-col mobile-col mobile-2-col\">\r\n<li class=\"entry has-media col span_1_of_3 owp-content-center owp-thumbs-layout-vertical owp-btn-big owp-tabs-layout-vertical circle-sale product type-product post-35030 status-publish first instock product_cat-body product_cat-body-nascita product_cat-body-nascita-ragazza product_cat-body-neonati product_cat-body-neonata has-post-thumbnail taxable shipping-taxable purchasable product-type-variable has-default-attributes\">\n\t<div class=\"product-inner clr\">\n\t<div class=\"woo-entry-image-swap woo-entry-image clr\">\n\t\t<a href=\"https:\/\/voyagedelabaleine.fr\/it\/prodotto\/body-neonata-con-colletto-arricciato-e-pizzo-bianco\/\" class=\"woocommerce-LoopProduct-link\"><img decoding=\"async\" width=\"600\" height=\"800\" src=\"https:\/\/voyagedelabaleine.fr\/wp-content\/uploads\/2025\/07\/body-bebe-fille-col-fronce-dentelle-1-600x800.jpg\" class=\"woo-entry-image-main\" alt=\"Body neonata con colletto arricciato e pizzo &#8211; Bianco\" itemprop=\"image\" srcset=\"https:\/\/voyagedelabaleine.fr\/wp-content\/uploads\/2025\/07\/body-bebe-fille-col-fronce-dentelle-1-600x800.jpg 600w, https:\/\/voyagedelabaleine.fr\/wp-content\/uploads\/2025\/07\/body-bebe-fille-col-fronce-dentelle-1-225x300.jpg 225w, https:\/\/voyagedelabaleine.fr\/wp-content\/uploads\/2025\/07\/body-bebe-fille-col-fronce-dentelle-1-768x1024.jpg 768w, https:\/\/voyagedelabaleine.fr\/wp-content\/uploads\/2025\/07\/body-bebe-fille-col-fronce-dentelle-1-1152x1536.jpg 1152w, https:\/\/voyagedelabaleine.fr\/wp-content\/uploads\/2025\/07\/body-bebe-fille-col-fronce-dentelle-1.jpg 1425w\" sizes=\"(max-width: 600px) 100vw, 600px\" \/><img decoding=\"async\" width=\"600\" height=\"800\" src=\"https:\/\/voyagedelabaleine.fr\/wp-content\/uploads\/2025\/07\/body-bebe-fille-col-fronce-dentelle-600x800.jpg\" class=\"woo-entry-image-secondary\" alt=\"Body neonata con colletto arricciato e pizzo &#8211; Bianco\" itemprop=\"image\" srcset=\"https:\/\/voyagedelabaleine.fr\/wp-content\/uploads\/2025\/07\/body-bebe-fille-col-fronce-dentelle-600x800.jpg 600w, https:\/\/voyagedelabaleine.fr\/wp-content\/uploads\/2025\/07\/body-bebe-fille-col-fronce-dentelle-225x300.jpg 225w, https:\/\/voyagedelabaleine.fr\/wp-content\/uploads\/2025\/07\/body-bebe-fille-col-fronce-dentelle-768x1024.jpg 768w, https:\/\/voyagedelabaleine.fr\/wp-content\/uploads\/2025\/07\/body-bebe-fille-col-fronce-dentelle-1152x1536.jpg 1152w, https:\/\/voyagedelabaleine.fr\/wp-content\/uploads\/2025\/07\/body-bebe-fille-col-fronce-dentelle.jpg 1425w\" sizes=\"(max-width: 600px) 100vw, 600px\" \/><\/a>\t<\/div><!-- .woo-entry-image-swap -->\n\n<ul class=\"woo-entry-inner clr\"><li class=\"image-wrap\">\n\t<div class=\"woo-entry-image-swap woo-entry-image clr\">\n\t\t<a href=\"https:\/\/voyagedelabaleine.fr\/it\/prodotto\/body-neonata-con-colletto-arricciato-e-pizzo-bianco\/\" class=\"woocommerce-LoopProduct-link\"><img decoding=\"async\" width=\"600\" height=\"800\" src=\"https:\/\/voyagedelabaleine.fr\/wp-content\/uploads\/2025\/07\/body-bebe-fille-col-fronce-dentelle-1-600x800.jpg\" class=\"woo-entry-image-main\" alt=\"Body neonata con colletto arricciato e pizzo &#8211; Bianco\" itemprop=\"image\" srcset=\"https:\/\/voyagedelabaleine.fr\/wp-content\/uploads\/2025\/07\/body-bebe-fille-col-fronce-dentelle-1-600x800.jpg 600w, https:\/\/voyagedelabaleine.fr\/wp-content\/uploads\/2025\/07\/body-bebe-fille-col-fronce-dentelle-1-225x300.jpg 225w, https:\/\/voyagedelabaleine.fr\/wp-content\/uploads\/2025\/07\/body-bebe-fille-col-fronce-dentelle-1-768x1024.jpg 768w, https:\/\/voyagedelabaleine.fr\/wp-content\/uploads\/2025\/07\/body-bebe-fille-col-fronce-dentelle-1-1152x1536.jpg 1152w, https:\/\/voyagedelabaleine.fr\/wp-content\/uploads\/2025\/07\/body-bebe-fille-col-fronce-dentelle-1.jpg 1425w\" sizes=\"(max-width: 600px) 100vw, 600px\" \/><img decoding=\"async\" width=\"600\" height=\"800\" src=\"https:\/\/voyagedelabaleine.fr\/wp-content\/uploads\/2025\/07\/body-bebe-fille-col-fronce-dentelle-600x800.jpg\" class=\"woo-entry-image-secondary\" alt=\"Body neonata con colletto arricciato e pizzo &#8211; Bianco\" itemprop=\"image\" srcset=\"https:\/\/voyagedelabaleine.fr\/wp-content\/uploads\/2025\/07\/body-bebe-fille-col-fronce-dentelle-600x800.jpg 600w, https:\/\/voyagedelabaleine.fr\/wp-content\/uploads\/2025\/07\/body-bebe-fille-col-fronce-dentelle-225x300.jpg 225w, https:\/\/voyagedelabaleine.fr\/wp-content\/uploads\/2025\/07\/body-bebe-fille-col-fronce-dentelle-768x1024.jpg 768w, https:\/\/voyagedelabaleine.fr\/wp-content\/uploads\/2025\/07\/body-bebe-fille-col-fronce-dentelle-1152x1536.jpg 1152w, https:\/\/voyagedelabaleine.fr\/wp-content\/uploads\/2025\/07\/body-bebe-fille-col-fronce-dentelle.jpg 1425w\" sizes=\"(max-width: 600px) 100vw, 600px\" \/><\/a>\t<\/div><!-- .woo-entry-image-swap -->\n\n<\/li><li class=\"title\"><h2><a href=\"https:\/\/voyagedelabaleine.fr\/it\/prodotto\/body-neonata-con-colletto-arricciato-e-pizzo-bianco\/\">Body neonata con colletto arricciato e pizzo &#8211; Bianco<\/a><\/h2><\/li><li class=\"price-wrap\">\n\t<span class=\"price\"><span class=\"woocommerce-Price-amount amount\"><bdi>32<span class=\"woocommerce-Price-currencySymbol\">&euro;<\/span><\/bdi><\/span><\/span>\n<\/li><\/ul><\/div><!-- .product-inner .clr --><\/li>\n<li class=\"entry has-media has-rating col span_1_of_3 owp-content-center owp-thumbs-layout-vertical owp-btn-big owp-tabs-layout-vertical circle-sale product type-product post-32886 status-publish instock product_cat-abbigliamento product_cat-maglione-gilet-cardigan-nascita product_cat-maglione-gilet-cardigan-nascita-ragazza product_cat-maglione-gilet-cardigan-nascita-ragazzo product_cat-maglione-gilet-cardigan-bambina product_cat-maglione-gilet-cardigan-bambini product_cat-maglione-gilet-cardigan-bambino product_cat-maglione-gilet-cardigan-neonata product_cat-maglione-gilet-cardigan-neonati product_cat-maglione-gilet-cardigan-neonato has-post-thumbnail taxable shipping-taxable purchasable product-type-variable has-default-attributes\">\n\t<div class=\"product-inner clr\">\n\t<div class=\"woo-entry-image-swap woo-entry-image clr\">\n\t\t<a href=\"https:\/\/voyagedelabaleine.fr\/it\/prodotto\/cardigan-neonato-grigio-chiaro\/\" class=\"woocommerce-LoopProduct-link\"><img decoding=\"async\" width=\"600\" height=\"800\" src=\"https:\/\/voyagedelabaleine.fr\/wp-content\/uploads\/2025\/09\/gilet-gris-laine-coton-2-600x800.jpg\" class=\"woo-entry-image-main\" alt=\"Cardigan neonato &#8211; Grigio chiaro\" itemprop=\"image\" srcset=\"https:\/\/voyagedelabaleine.fr\/wp-content\/uploads\/2025\/09\/gilet-gris-laine-coton-2-600x800.jpg 600w, https:\/\/voyagedelabaleine.fr\/wp-content\/uploads\/2025\/09\/gilet-gris-laine-coton-2-225x300.jpg 225w, https:\/\/voyagedelabaleine.fr\/wp-content\/uploads\/2025\/09\/gilet-gris-laine-coton-2-768x1024.jpg 768w, https:\/\/voyagedelabaleine.fr\/wp-content\/uploads\/2025\/09\/gilet-gris-laine-coton-2.jpg 962w\" sizes=\"(max-width: 600px) 100vw, 600px\" \/><img decoding=\"async\" width=\"600\" height=\"800\" src=\"https:\/\/voyagedelabaleine.fr\/wp-content\/uploads\/2025\/09\/gilet-gris-laine-coton-1-600x800.jpg\" class=\"woo-entry-image-secondary\" alt=\"Cardigan neonato &#8211; Grigio chiaro\" itemprop=\"image\" srcset=\"https:\/\/voyagedelabaleine.fr\/wp-content\/uploads\/2025\/09\/gilet-gris-laine-coton-1-600x801.jpg 600w, https:\/\/voyagedelabaleine.fr\/wp-content\/uploads\/2025\/09\/gilet-gris-laine-coton-1-225x300.jpg 225w, https:\/\/voyagedelabaleine.fr\/wp-content\/uploads\/2025\/09\/gilet-gris-laine-coton-1-768x1025.jpg 768w, https:\/\/voyagedelabaleine.fr\/wp-content\/uploads\/2025\/09\/gilet-gris-laine-coton-1.jpg 790w\" sizes=\"(max-width: 600px) 100vw, 600px\" \/><\/a>\t<\/div><!-- .woo-entry-image-swap -->\n\n<ul class=\"woo-entry-inner clr\"><li class=\"image-wrap\">\n\t<div class=\"woo-entry-image-swap woo-entry-image clr\">\n\t\t<a href=\"https:\/\/voyagedelabaleine.fr\/it\/prodotto\/cardigan-neonato-grigio-chiaro\/\" class=\"woocommerce-LoopProduct-link\"><img decoding=\"async\" width=\"600\" height=\"800\" src=\"https:\/\/voyagedelabaleine.fr\/wp-content\/uploads\/2025\/09\/gilet-gris-laine-coton-2-600x800.jpg\" class=\"woo-entry-image-main\" alt=\"Cardigan neonato &#8211; Grigio chiaro\" itemprop=\"image\" srcset=\"https:\/\/voyagedelabaleine.fr\/wp-content\/uploads\/2025\/09\/gilet-gris-laine-coton-2-600x800.jpg 600w, https:\/\/voyagedelabaleine.fr\/wp-content\/uploads\/2025\/09\/gilet-gris-laine-coton-2-225x300.jpg 225w, https:\/\/voyagedelabaleine.fr\/wp-content\/uploads\/2025\/09\/gilet-gris-laine-coton-2-768x1024.jpg 768w, https:\/\/voyagedelabaleine.fr\/wp-content\/uploads\/2025\/09\/gilet-gris-laine-coton-2.jpg 962w\" sizes=\"(max-width: 600px) 100vw, 600px\" \/><img decoding=\"async\" width=\"600\" height=\"800\" src=\"https:\/\/voyagedelabaleine.fr\/wp-content\/uploads\/2025\/09\/gilet-gris-laine-coton-1-600x800.jpg\" class=\"woo-entry-image-secondary\" alt=\"Cardigan neonato &#8211; Grigio chiaro\" itemprop=\"image\" srcset=\"https:\/\/voyagedelabaleine.fr\/wp-content\/uploads\/2025\/09\/gilet-gris-laine-coton-1-600x801.jpg 600w, https:\/\/voyagedelabaleine.fr\/wp-content\/uploads\/2025\/09\/gilet-gris-laine-coton-1-225x300.jpg 225w, https:\/\/voyagedelabaleine.fr\/wp-content\/uploads\/2025\/09\/gilet-gris-laine-coton-1-768x1025.jpg 768w, https:\/\/voyagedelabaleine.fr\/wp-content\/uploads\/2025\/09\/gilet-gris-laine-coton-1.jpg 790w\" sizes=\"(max-width: 600px) 100vw, 600px\" \/><\/a>\t<\/div><!-- .woo-entry-image-swap -->\n\n<\/li><li class=\"title\"><h2><a href=\"https:\/\/voyagedelabaleine.fr\/it\/prodotto\/cardigan-neonato-grigio-chiaro\/\">Cardigan neonato &#8211; Grigio chiaro<\/a><\/h2><\/li><li class=\"price-wrap\">\n\t<span class=\"price\"><span class=\"woocommerce-Price-amount amount\"><bdi>38<span class=\"woocommerce-Price-currencySymbol\">&euro;<\/span><\/bdi><\/span><\/span>\n<\/li><\/ul><\/div><!-- .product-inner .clr --><\/li>\n<li class=\"entry has-media col span_1_of_3 owp-content-center owp-thumbs-layout-vertical owp-btn-big owp-tabs-layout-vertical circle-sale product type-product post-30337 status-publish last instock product_cat-abbigliamento product_cat-bloomer-short-pantaloni-nascita product_cat-bloomer-short-pantaloni-nascita-ragazza product_cat-bloomer-short-pantaloni-nascita-ragazzo product_cat-bloomer-short-pantaloni-neonata product_cat-bloomer-short-pantaloni-neonati product_cat-bloomer-short-pantaloni-neonato has-post-thumbnail taxable shipping-taxable purchasable product-type-variable has-default-attributes\">\n\t<div class=\"product-inner clr\">\n\t<div class=\"woo-entry-image-swap woo-entry-image clr\">\n\t\t<a href=\"https:\/\/voyagedelabaleine.fr\/it\/prodotto\/bloomer-neonato-scozzese-rosso\/\" class=\"woocommerce-LoopProduct-link\"><img decoding=\"async\" width=\"600\" height=\"800\" src=\"https:\/\/voyagedelabaleine.fr\/wp-content\/uploads\/2025\/07\/bloomer-bebe-ecossais-rouge-600x800.jpg\" class=\"woo-entry-image-main\" alt=\"Bloomer neonato scozzese &#8211; Rosso\" itemprop=\"image\" srcset=\"https:\/\/voyagedelabaleine.fr\/wp-content\/uploads\/2025\/07\/bloomer-bebe-ecossais-rouge-600x800.jpg 600w, https:\/\/voyagedelabaleine.fr\/wp-content\/uploads\/2025\/07\/bloomer-bebe-ecossais-rouge-225x300.jpg 225w, https:\/\/voyagedelabaleine.fr\/wp-content\/uploads\/2025\/07\/bloomer-bebe-ecossais-rouge-768x1024.jpg 768w, https:\/\/voyagedelabaleine.fr\/wp-content\/uploads\/2025\/07\/bloomer-bebe-ecossais-rouge-1152x1536.jpg 1152w, https:\/\/voyagedelabaleine.fr\/wp-content\/uploads\/2025\/07\/bloomer-bebe-ecossais-rouge.jpg 1200w\" sizes=\"(max-width: 600px) 100vw, 600px\" \/><img decoding=\"async\" width=\"600\" height=\"800\" src=\"https:\/\/voyagedelabaleine.fr\/wp-content\/uploads\/2025\/07\/bloomer-bebe-ecossais-rouge-2-600x800.jpg\" class=\"woo-entry-image-secondary\" alt=\"Bloomer neonato scozzese &#8211; Rosso\" itemprop=\"image\" srcset=\"https:\/\/voyagedelabaleine.fr\/wp-content\/uploads\/2025\/07\/bloomer-bebe-ecossais-rouge-2-600x800.jpg 600w, https:\/\/voyagedelabaleine.fr\/wp-content\/uploads\/2025\/07\/bloomer-bebe-ecossais-rouge-2-225x300.jpg 225w, https:\/\/voyagedelabaleine.fr\/wp-content\/uploads\/2025\/07\/bloomer-bebe-ecossais-rouge-2-768x1024.jpg 768w, https:\/\/voyagedelabaleine.fr\/wp-content\/uploads\/2025\/07\/bloomer-bebe-ecossais-rouge-2-1152x1536.jpg 1152w, https:\/\/voyagedelabaleine.fr\/wp-content\/uploads\/2025\/07\/bloomer-bebe-ecossais-rouge-2.jpg 1200w\" sizes=\"(max-width: 600px) 100vw, 600px\" \/><\/a>\t<\/div><!-- .woo-entry-image-swap -->\n\n<ul class=\"woo-entry-inner clr\"><li class=\"image-wrap\">\n\t<div class=\"woo-entry-image-swap woo-entry-image clr\">\n\t\t<a href=\"https:\/\/voyagedelabaleine.fr\/it\/prodotto\/bloomer-neonato-scozzese-rosso\/\" class=\"woocommerce-LoopProduct-link\"><img decoding=\"async\" width=\"600\" height=\"800\" src=\"https:\/\/voyagedelabaleine.fr\/wp-content\/uploads\/2025\/07\/bloomer-bebe-ecossais-rouge-600x800.jpg\" class=\"woo-entry-image-main\" alt=\"Bloomer neonato scozzese &#8211; Rosso\" itemprop=\"image\" srcset=\"https:\/\/voyagedelabaleine.fr\/wp-content\/uploads\/2025\/07\/bloomer-bebe-ecossais-rouge-600x800.jpg 600w, https:\/\/voyagedelabaleine.fr\/wp-content\/uploads\/2025\/07\/bloomer-bebe-ecossais-rouge-225x300.jpg 225w, https:\/\/voyagedelabaleine.fr\/wp-content\/uploads\/2025\/07\/bloomer-bebe-ecossais-rouge-768x1024.jpg 768w, https:\/\/voyagedelabaleine.fr\/wp-content\/uploads\/2025\/07\/bloomer-bebe-ecossais-rouge-1152x1536.jpg 1152w, https:\/\/voyagedelabaleine.fr\/wp-content\/uploads\/2025\/07\/bloomer-bebe-ecossais-rouge.jpg 1200w\" sizes=\"(max-width: 600px) 100vw, 600px\" \/><img decoding=\"async\" width=\"600\" height=\"800\" src=\"https:\/\/voyagedelabaleine.fr\/wp-content\/uploads\/2025\/07\/bloomer-bebe-ecossais-rouge-2-600x800.jpg\" class=\"woo-entry-image-secondary\" alt=\"Bloomer neonato scozzese &#8211; Rosso\" itemprop=\"image\" srcset=\"https:\/\/voyagedelabaleine.fr\/wp-content\/uploads\/2025\/07\/bloomer-bebe-ecossais-rouge-2-600x800.jpg 600w, https:\/\/voyagedelabaleine.fr\/wp-content\/uploads\/2025\/07\/bloomer-bebe-ecossais-rouge-2-225x300.jpg 225w, https:\/\/voyagedelabaleine.fr\/wp-content\/uploads\/2025\/07\/bloomer-bebe-ecossais-rouge-2-768x1024.jpg 768w, https:\/\/voyagedelabaleine.fr\/wp-content\/uploads\/2025\/07\/bloomer-bebe-ecossais-rouge-2-1152x1536.jpg 1152w, https:\/\/voyagedelabaleine.fr\/wp-content\/uploads\/2025\/07\/bloomer-bebe-ecossais-rouge-2.jpg 1200w\" sizes=\"(max-width: 600px) 100vw, 600px\" \/><\/a>\t<\/div><!-- .woo-entry-image-swap -->\n\n<\/li><li class=\"title\"><h2><a href=\"https:\/\/voyagedelabaleine.fr\/it\/prodotto\/bloomer-neonato-scozzese-rosso\/\">Bloomer neonato scozzese &#8211; Rosso<\/a><\/h2><\/li><li class=\"price-wrap\">\n\t<span class=\"price\"><span class=\"woocommerce-Price-amount amount\"><bdi>28<span class=\"woocommerce-Price-currencySymbol\">&euro;<\/span><\/bdi><\/span><\/span>\n<\/li><\/ul><\/div><!-- .product-inner .clr --><\/li>\n<\/ul>\n<\/div><\/div>\n\t\t\t\t\t\t<\/div>\n\t\t\t\t<\/div>\n\t\t<div class=\"elementor-element elementor-element-602545b e-con-full e-flex e-con e-parent\" data-id=\"602545b\" data-element_type=\"container\" data-e-type=\"container\">\n\t\t\t\t<div class=\"elementor-element elementor-element-670d7dc elementor-widget-divider--separator-type-pattern elementor-widget-divider--view-line elementor-widget elementor-widget-divider\" data-id=\"670d7dc\" data-element_type=\"widget\" data-e-type=\"widget\" data-widget_type=\"divider.default\">\n\t\t\t\t\t\t\t<div class=\"elementor-divider\" style=\"--divider-pattern-url: url(&quot;data:image\/svg+xml,%3Csvg xmlns=&#039;http:\/\/www.w3.org\/2000\/svg&#039; preserveAspectRatio=&#039;none&#039; overflow=&#039;visible&#039; height=&#039;100%&#039; viewBox=&#039;0 0 24 24&#039; fill=&#039;black&#039; stroke=&#039;none&#039;%3E%3Cpath d=&#039;M12.7,2.3c-0.4-0.4-1.1-0.4-1.5,0l-8,9.1c-0.3,0.4-0.3,0.9,0,1.2l8,9.1c0.4,0.4,1.1,0.4,1.5,0l8-9.1c0.3-0.4,0.3-0.9,0-1.2L12.7,2.3z&#039;\/%3E%3C\/svg%3E&quot;);\">\n\t\t\t<span class=\"elementor-divider-separator\">\n\t\t\t\t\t\t<\/span>\n\t\t<\/div>\n\t\t\t\t\t\t<\/div>\n\t\t\t\t<div class=\"elementor-element elementor-element-0cf54c1 elementor-widget__width-initial elementor-widget-mobile__width-inherit elementor-widget elementor-widget-shortcode\" data-id=\"0cf54c1\" data-element_type=\"widget\" data-e-type=\"widget\" data-widget_type=\"shortcode.default\">\n\t\t\t\t\t\t\t<div class=\"elementor-shortcode\"><div class=\"woocommerce columns-2 \">\r\n<ul class=\"products oceanwp-row clr grid tablet-col tablet-2-col mobile-col mobile-2-col\">\r\n<li class=\"entry has-media has-rating col span_1_of_2 owp-content-center owp-thumbs-layout-vertical owp-btn-big owp-tabs-layout-vertical circle-sale product type-product post-30914 status-publish first instock product_cat-body product_cat-body-nascita product_cat-body-nascita-ragazza product_cat-body-neonati product_cat-body-neonata has-post-thumbnail taxable shipping-taxable purchasable product-type-variable has-default-attributes\">\n\t<div class=\"product-inner clr\">\n\t<div class=\"woo-entry-image-swap woo-entry-image clr\">\n\t\t<a href=\"https:\/\/voyagedelabaleine.fr\/it\/prodotto\/body-neonata-con-colletto-ricamato-bianco\/\" class=\"woocommerce-LoopProduct-link\"><img decoding=\"async\" width=\"600\" height=\"800\" src=\"https:\/\/voyagedelabaleine.fr\/wp-content\/uploads\/2025\/07\/body-bebe-fille-col-brode-fleurs-600x800.jpg\" class=\"woo-entry-image-main\" alt=\"Body neonata con colletto ricamato &#8211; Bianco\" itemprop=\"image\" srcset=\"https:\/\/voyagedelabaleine.fr\/wp-content\/uploads\/2025\/07\/body-bebe-fille-col-brode-fleurs-600x800.jpg 600w, https:\/\/voyagedelabaleine.fr\/wp-content\/uploads\/2025\/07\/body-bebe-fille-col-brode-fleurs-225x300.jpg 225w, https:\/\/voyagedelabaleine.fr\/wp-content\/uploads\/2025\/07\/body-bebe-fille-col-brode-fleurs-768x1024.jpg 768w, https:\/\/voyagedelabaleine.fr\/wp-content\/uploads\/2025\/07\/body-bebe-fille-col-brode-fleurs.jpg 1100w\" sizes=\"(max-width: 600px) 100vw, 600px\" \/><img decoding=\"async\" width=\"600\" height=\"800\" src=\"https:\/\/voyagedelabaleine.fr\/wp-content\/uploads\/2025\/07\/body-bebe-fille-col-brode-fleurs-2-600x800.jpg\" class=\"woo-entry-image-secondary\" alt=\"Body neonata con colletto ricamato &#8211; Bianco\" itemprop=\"image\" srcset=\"https:\/\/voyagedelabaleine.fr\/wp-content\/uploads\/2025\/07\/body-bebe-fille-col-brode-fleurs-2-600x800.jpg 600w, https:\/\/voyagedelabaleine.fr\/wp-content\/uploads\/2025\/07\/body-bebe-fille-col-brode-fleurs-2-225x300.jpg 225w, https:\/\/voyagedelabaleine.fr\/wp-content\/uploads\/2025\/07\/body-bebe-fille-col-brode-fleurs-2-768x1024.jpg 768w, https:\/\/voyagedelabaleine.fr\/wp-content\/uploads\/2025\/07\/body-bebe-fille-col-brode-fleurs-2.jpg 1144w\" sizes=\"(max-width: 600px) 100vw, 600px\" \/><\/a>\t<\/div><!-- .woo-entry-image-swap -->\n\n<ul class=\"woo-entry-inner clr\"><li class=\"image-wrap\">\n\t<div class=\"woo-entry-image-swap woo-entry-image clr\">\n\t\t<a href=\"https:\/\/voyagedelabaleine.fr\/it\/prodotto\/body-neonata-con-colletto-ricamato-bianco\/\" class=\"woocommerce-LoopProduct-link\"><img decoding=\"async\" width=\"600\" height=\"800\" src=\"https:\/\/voyagedelabaleine.fr\/wp-content\/uploads\/2025\/07\/body-bebe-fille-col-brode-fleurs-600x800.jpg\" class=\"woo-entry-image-main\" alt=\"Body neonata con colletto ricamato &#8211; Bianco\" itemprop=\"image\" srcset=\"https:\/\/voyagedelabaleine.fr\/wp-content\/uploads\/2025\/07\/body-bebe-fille-col-brode-fleurs-600x800.jpg 600w, https:\/\/voyagedelabaleine.fr\/wp-content\/uploads\/2025\/07\/body-bebe-fille-col-brode-fleurs-225x300.jpg 225w, https:\/\/voyagedelabaleine.fr\/wp-content\/uploads\/2025\/07\/body-bebe-fille-col-brode-fleurs-768x1024.jpg 768w, https:\/\/voyagedelabaleine.fr\/wp-content\/uploads\/2025\/07\/body-bebe-fille-col-brode-fleurs.jpg 1100w\" sizes=\"(max-width: 600px) 100vw, 600px\" \/><img decoding=\"async\" width=\"600\" height=\"800\" src=\"https:\/\/voyagedelabaleine.fr\/wp-content\/uploads\/2025\/07\/body-bebe-fille-col-brode-fleurs-2-600x800.jpg\" class=\"woo-entry-image-secondary\" alt=\"Body neonata con colletto ricamato &#8211; Bianco\" itemprop=\"image\" srcset=\"https:\/\/voyagedelabaleine.fr\/wp-content\/uploads\/2025\/07\/body-bebe-fille-col-brode-fleurs-2-600x800.jpg 600w, https:\/\/voyagedelabaleine.fr\/wp-content\/uploads\/2025\/07\/body-bebe-fille-col-brode-fleurs-2-225x300.jpg 225w, https:\/\/voyagedelabaleine.fr\/wp-content\/uploads\/2025\/07\/body-bebe-fille-col-brode-fleurs-2-768x1024.jpg 768w, https:\/\/voyagedelabaleine.fr\/wp-content\/uploads\/2025\/07\/body-bebe-fille-col-brode-fleurs-2.jpg 1144w\" sizes=\"(max-width: 600px) 100vw, 600px\" \/><\/a>\t<\/div><!-- .woo-entry-image-swap -->\n\n<\/li><li class=\"title\"><h2><a href=\"https:\/\/voyagedelabaleine.fr\/it\/prodotto\/body-neonata-con-colletto-ricamato-bianco\/\">Body neonata con colletto ricamato &#8211; Bianco<\/a><\/h2><\/li><li class=\"price-wrap\">\n\t<span class=\"price\"><span class=\"woocommerce-Price-amount amount\"><bdi>32<span class=\"woocommerce-Price-currencySymbol\">&euro;<\/span><\/bdi><\/span><\/span>\n<\/li><\/ul><\/div><!-- .product-inner .clr --><\/li>\n<li class=\"entry has-media col span_1_of_2 owp-content-center owp-thumbs-layout-vertical owp-btn-big owp-tabs-layout-vertical circle-sale product type-product post-34866 status-publish last instock product_cat-abbigliamento product_cat-completi-nascita product_cat-completi-nascita-ragazza product_cat-completi-nascita-ragazzo product_cat-completi-neonata product_cat-completi-neonati product_cat-completi-neonato has-post-thumbnail taxable shipping-taxable purchasable product-type-variable has-default-attributes\">\n\t<div class=\"product-inner clr\">\n\t<div class=\"woo-entry-image-swap woo-entry-image clr\">\n\t\t<a href=\"https:\/\/voyagedelabaleine.fr\/it\/prodotto\/tutina-neonato-in-lana-grigio\/\" class=\"woocommerce-LoopProduct-link\"><img decoding=\"async\" width=\"600\" height=\"800\" src=\"https:\/\/voyagedelabaleine.fr\/wp-content\/uploads\/2025\/07\/combinaison-bebe-laine-gris-600x800.jpg\" class=\"woo-entry-image-main\" alt=\"Tutina neonato in lana &#8211; Grigio\" itemprop=\"image\" srcset=\"https:\/\/voyagedelabaleine.fr\/wp-content\/uploads\/2025\/07\/combinaison-bebe-laine-gris-600x800.jpg 600w, https:\/\/voyagedelabaleine.fr\/wp-content\/uploads\/2025\/07\/combinaison-bebe-laine-gris-225x300.jpg 225w, https:\/\/voyagedelabaleine.fr\/wp-content\/uploads\/2025\/07\/combinaison-bebe-laine-gris-768x1024.jpg 768w, https:\/\/voyagedelabaleine.fr\/wp-content\/uploads\/2025\/07\/combinaison-bebe-laine-gris.jpg 1140w\" sizes=\"(max-width: 600px) 100vw, 600px\" \/><img decoding=\"async\" width=\"549\" height=\"732\" src=\"https:\/\/voyagedelabaleine.fr\/wp-content\/uploads\/2025\/07\/combinaison-bebe-laine-gris-2.jpg\" class=\"woo-entry-image-secondary\" alt=\"Tutina neonato in lana &#8211; Grigio\" itemprop=\"image\" srcset=\"https:\/\/voyagedelabaleine.fr\/wp-content\/uploads\/2025\/07\/combinaison-bebe-laine-gris-2.jpg 549w, https:\/\/voyagedelabaleine.fr\/wp-content\/uploads\/2025\/07\/combinaison-bebe-laine-gris-2-225x300.jpg 225w\" sizes=\"(max-width: 549px) 100vw, 549px\" \/><\/a>\t<\/div><!-- .woo-entry-image-swap -->\n\n<ul class=\"woo-entry-inner clr\"><li class=\"image-wrap\">\n\t<div class=\"woo-entry-image-swap woo-entry-image clr\">\n\t\t<a href=\"https:\/\/voyagedelabaleine.fr\/it\/prodotto\/tutina-neonato-in-lana-grigio\/\" class=\"woocommerce-LoopProduct-link\"><img decoding=\"async\" width=\"600\" height=\"800\" src=\"https:\/\/voyagedelabaleine.fr\/wp-content\/uploads\/2025\/07\/combinaison-bebe-laine-gris-600x800.jpg\" class=\"woo-entry-image-main\" alt=\"Tutina neonato in lana &#8211; Grigio\" itemprop=\"image\" srcset=\"https:\/\/voyagedelabaleine.fr\/wp-content\/uploads\/2025\/07\/combinaison-bebe-laine-gris-600x800.jpg 600w, https:\/\/voyagedelabaleine.fr\/wp-content\/uploads\/2025\/07\/combinaison-bebe-laine-gris-225x300.jpg 225w, https:\/\/voyagedelabaleine.fr\/wp-content\/uploads\/2025\/07\/combinaison-bebe-laine-gris-768x1024.jpg 768w, https:\/\/voyagedelabaleine.fr\/wp-content\/uploads\/2025\/07\/combinaison-bebe-laine-gris.jpg 1140w\" sizes=\"(max-width: 600px) 100vw, 600px\" \/><img decoding=\"async\" width=\"549\" height=\"732\" src=\"https:\/\/voyagedelabaleine.fr\/wp-content\/uploads\/2025\/07\/combinaison-bebe-laine-gris-2.jpg\" class=\"woo-entry-image-secondary\" alt=\"Tutina neonato in lana &#8211; Grigio\" itemprop=\"image\" srcset=\"https:\/\/voyagedelabaleine.fr\/wp-content\/uploads\/2025\/07\/combinaison-bebe-laine-gris-2.jpg 549w, https:\/\/voyagedelabaleine.fr\/wp-content\/uploads\/2025\/07\/combinaison-bebe-laine-gris-2-225x300.jpg 225w\" sizes=\"(max-width: 549px) 100vw, 549px\" \/><\/a>\t<\/div><!-- .woo-entry-image-swap -->\n\n<\/li><li class=\"title\"><h2><a href=\"https:\/\/voyagedelabaleine.fr\/it\/prodotto\/tutina-neonato-in-lana-grigio\/\">Tutina neonato in lana &#8211; Grigio<\/a><\/h2><\/li><li class=\"price-wrap\">\n\t<span class=\"price\"><span class=\"woocommerce-Price-amount amount\"><bdi>84<span class=\"woocommerce-Price-currencySymbol\">&euro;<\/span><\/bdi><\/span><\/span>\n<\/li><\/ul><\/div><!-- .product-inner .clr --><\/li>\n<\/ul>\n<\/div><\/div>\n\t\t\t\t\t\t<\/div>\n\t\t\t\t<\/div>\n\t\t<div class=\"elementor-element elementor-element-dcfca41 e-con-full e-flex e-con e-parent\" data-id=\"dcfca41\" data-element_type=\"container\" data-e-type=\"container\">\n\t\t\t\t<div class=\"elementor-element elementor-element-f6b0f61 elementor-widget-divider--separator-type-pattern elementor-widget-divider--view-line elementor-widget elementor-widget-divider\" data-id=\"f6b0f61\" data-element_type=\"widget\" data-e-type=\"widget\" data-widget_type=\"divider.default\">\n\t\t\t\t\t\t\t<div class=\"elementor-divider\" style=\"--divider-pattern-url: url(&quot;data:image\/svg+xml,%3Csvg xmlns=&#039;http:\/\/www.w3.org\/2000\/svg&#039; preserveAspectRatio=&#039;none&#039; overflow=&#039;visible&#039; height=&#039;100%&#039; viewBox=&#039;0 0 24 24&#039; fill=&#039;black&#039; stroke=&#039;none&#039;%3E%3Cpath d=&#039;M12.7,2.3c-0.4-0.4-1.1-0.4-1.5,0l-8,9.1c-0.3,0.4-0.3,0.9,0,1.2l8,9.1c0.4,0.4,1.1,0.4,1.5,0l8-9.1c0.3-0.4,0.3-0.9,0-1.2L12.7,2.3z&#039;\/%3E%3C\/svg%3E&quot;);\">\n\t\t\t<span class=\"elementor-divider-separator\">\n\t\t\t\t\t\t<\/span>\n\t\t<\/div>\n\t\t\t\t\t\t<\/div>\n\t\t\t\t<div class=\"elementor-element elementor-element-31c71ba elementor-widget elementor-widget-shortcode\" data-id=\"31c71ba\" data-element_type=\"widget\" data-e-type=\"widget\" data-widget_type=\"shortcode.default\">\n\t\t\t\t\t\t\t<div class=\"elementor-shortcode\"><div class=\"woocommerce columns-3 \">\r\n<ul class=\"products oceanwp-row clr grid tablet-col tablet-2-col mobile-col mobile-2-col\">\r\n<li class=\"entry has-media col span_1_of_3 owp-content-center owp-thumbs-layout-vertical owp-btn-big owp-tabs-layout-vertical circle-sale product type-product post-34789 status-publish first instock product_cat-abbigliamento product_cat-bloomer-short-pantaloni-nascita product_cat-bloomer-short-pantaloni-nascita-ragazza product_cat-bloomer-short-pantaloni-neonata product_cat-bloomer-short-pantaloni-neonati has-post-thumbnail taxable shipping-taxable purchasable product-type-variable has-default-attributes\">\n\t<div class=\"product-inner clr\">\n\t<div class=\"woo-entry-image-swap woo-entry-image clr\">\n\t\t<a href=\"https:\/\/voyagedelabaleine.fr\/it\/prodotto\/pantaloni-bambina-in-velluto-a-coste-rosa\/\" class=\"woocommerce-LoopProduct-link\"><img decoding=\"async\" width=\"600\" height=\"800\" src=\"https:\/\/voyagedelabaleine.fr\/wp-content\/uploads\/2025\/07\/pantalon-bebe-fille-velours-rose-600x800.jpg\" class=\"woo-entry-image-main\" alt=\"Pantaloni bambina in velluto a coste \u2013 Rosa\" itemprop=\"image\" srcset=\"https:\/\/voyagedelabaleine.fr\/wp-content\/uploads\/2025\/07\/pantalon-bebe-fille-velours-rose-600x800.jpg 600w, https:\/\/voyagedelabaleine.fr\/wp-content\/uploads\/2025\/07\/pantalon-bebe-fille-velours-rose-225x300.jpg 225w, https:\/\/voyagedelabaleine.fr\/wp-content\/uploads\/2025\/07\/pantalon-bebe-fille-velours-rose-768x1024.jpg 768w, https:\/\/voyagedelabaleine.fr\/wp-content\/uploads\/2025\/07\/pantalon-bebe-fille-velours-rose-1152x1536.jpg 1152w, https:\/\/voyagedelabaleine.fr\/wp-content\/uploads\/2025\/07\/pantalon-bebe-fille-velours-rose.jpg 1200w\" sizes=\"(max-width: 600px) 100vw, 600px\" \/><img decoding=\"async\" width=\"600\" height=\"800\" src=\"https:\/\/voyagedelabaleine.fr\/wp-content\/uploads\/2025\/07\/pantalon-bebe-fille-velours-rose-1-600x800.jpg\" class=\"woo-entry-image-secondary\" alt=\"Pantaloni bambina in velluto a coste \u2013 Rosa\" itemprop=\"image\" srcset=\"https:\/\/voyagedelabaleine.fr\/wp-content\/uploads\/2025\/07\/pantalon-bebe-fille-velours-rose-1-600x800.jpg 600w, https:\/\/voyagedelabaleine.fr\/wp-content\/uploads\/2025\/07\/pantalon-bebe-fille-velours-rose-1-225x300.jpg 225w, https:\/\/voyagedelabaleine.fr\/wp-content\/uploads\/2025\/07\/pantalon-bebe-fille-velours-rose-1-768x1024.jpg 768w, https:\/\/voyagedelabaleine.fr\/wp-content\/uploads\/2025\/07\/pantalon-bebe-fille-velours-rose-1.jpg 939w\" sizes=\"(max-width: 600px) 100vw, 600px\" \/><\/a>\t<\/div><!-- .woo-entry-image-swap -->\n\n<ul class=\"woo-entry-inner clr\"><li class=\"image-wrap\">\n\t<div class=\"woo-entry-image-swap woo-entry-image clr\">\n\t\t<a href=\"https:\/\/voyagedelabaleine.fr\/it\/prodotto\/pantaloni-bambina-in-velluto-a-coste-rosa\/\" class=\"woocommerce-LoopProduct-link\"><img decoding=\"async\" width=\"600\" height=\"800\" src=\"https:\/\/voyagedelabaleine.fr\/wp-content\/uploads\/2025\/07\/pantalon-bebe-fille-velours-rose-600x800.jpg\" class=\"woo-entry-image-main\" alt=\"Pantaloni bambina in velluto a coste \u2013 Rosa\" itemprop=\"image\" srcset=\"https:\/\/voyagedelabaleine.fr\/wp-content\/uploads\/2025\/07\/pantalon-bebe-fille-velours-rose-600x800.jpg 600w, https:\/\/voyagedelabaleine.fr\/wp-content\/uploads\/2025\/07\/pantalon-bebe-fille-velours-rose-225x300.jpg 225w, https:\/\/voyagedelabaleine.fr\/wp-content\/uploads\/2025\/07\/pantalon-bebe-fille-velours-rose-768x1024.jpg 768w, https:\/\/voyagedelabaleine.fr\/wp-content\/uploads\/2025\/07\/pantalon-bebe-fille-velours-rose-1152x1536.jpg 1152w, https:\/\/voyagedelabaleine.fr\/wp-content\/uploads\/2025\/07\/pantalon-bebe-fille-velours-rose.jpg 1200w\" sizes=\"(max-width: 600px) 100vw, 600px\" \/><img decoding=\"async\" width=\"600\" height=\"800\" src=\"https:\/\/voyagedelabaleine.fr\/wp-content\/uploads\/2025\/07\/pantalon-bebe-fille-velours-rose-1-600x800.jpg\" class=\"woo-entry-image-secondary\" alt=\"Pantaloni bambina in velluto a coste \u2013 Rosa\" itemprop=\"image\" srcset=\"https:\/\/voyagedelabaleine.fr\/wp-content\/uploads\/2025\/07\/pantalon-bebe-fille-velours-rose-1-600x800.jpg 600w, https:\/\/voyagedelabaleine.fr\/wp-content\/uploads\/2025\/07\/pantalon-bebe-fille-velours-rose-1-225x300.jpg 225w, https:\/\/voyagedelabaleine.fr\/wp-content\/uploads\/2025\/07\/pantalon-bebe-fille-velours-rose-1-768x1024.jpg 768w, https:\/\/voyagedelabaleine.fr\/wp-content\/uploads\/2025\/07\/pantalon-bebe-fille-velours-rose-1.jpg 939w\" sizes=\"(max-width: 600px) 100vw, 600px\" \/><\/a>\t<\/div><!-- .woo-entry-image-swap -->\n\n<\/li><li class=\"title\"><h2><a href=\"https:\/\/voyagedelabaleine.fr\/it\/prodotto\/pantaloni-bambina-in-velluto-a-coste-rosa\/\">Pantaloni bambina in velluto a coste \u2013 Rosa<\/a><\/h2><\/li><li class=\"price-wrap\">\n\t<span class=\"price\"><span class=\"woocommerce-Price-amount amount\"><bdi>42<span class=\"woocommerce-Price-currencySymbol\">&euro;<\/span><\/bdi><\/span><\/span>\n<\/li><\/ul><\/div><!-- .product-inner .clr --><\/li>\n<li class=\"entry has-media col span_1_of_3 owp-content-center owp-thumbs-layout-vertical owp-btn-big owp-tabs-layout-vertical circle-sale product type-product post-34849 status-publish instock product_cat-abbigliamento product_cat-maglione-gilet-cardigan-nascita product_cat-maglione-gilet-cardigan-nascita-ragazza product_cat-maglione-gilet-cardigan-nascita-ragazzo product_cat-maglione-gilet-cardigan-bambina product_cat-maglione-gilet-cardigan-bambini product_cat-maglione-gilet-cardigan-bambino product_cat-maglione-gilet-cardigan-neonata product_cat-maglione-gilet-cardigan-neonati product_cat-maglione-gilet-cardigan-neonato has-post-thumbnail taxable shipping-taxable purchasable product-type-variable has-default-attributes\">\n\t<div class=\"product-inner clr\">\n\t<div class=\"woo-entry-image-swap woo-entry-image clr\">\n\t\t<a href=\"https:\/\/voyagedelabaleine.fr\/it\/prodotto\/cardigan-neonato-in-lana-grigio-perla\/\" class=\"woocommerce-LoopProduct-link\"><img decoding=\"async\" width=\"600\" height=\"800\" src=\"https:\/\/voyagedelabaleine.fr\/wp-content\/uploads\/2025\/07\/cardigan-bebe-laine-gris-perle-600x800.jpg\" class=\"woo-entry-image-main\" alt=\"Cardigan neonato in lana &#8211; Grigio perla\" itemprop=\"image\" srcset=\"https:\/\/voyagedelabaleine.fr\/wp-content\/uploads\/2025\/07\/cardigan-bebe-laine-gris-perle-600x800.jpg 600w, https:\/\/voyagedelabaleine.fr\/wp-content\/uploads\/2025\/07\/cardigan-bebe-laine-gris-perle-225x300.jpg 225w, https:\/\/voyagedelabaleine.fr\/wp-content\/uploads\/2025\/07\/cardigan-bebe-laine-gris-perle-768x1024.jpg 768w, https:\/\/voyagedelabaleine.fr\/wp-content\/uploads\/2025\/07\/cardigan-bebe-laine-gris-perle.jpg 998w\" sizes=\"(max-width: 600px) 100vw, 600px\" \/><img decoding=\"async\" width=\"600\" height=\"800\" src=\"https:\/\/voyagedelabaleine.fr\/wp-content\/uploads\/2025\/07\/cardigan-bebe-laine-gris-perle-2-600x800.jpg\" class=\"woo-entry-image-secondary\" alt=\"Cardigan neonato in lana &#8211; Grigio perla\" itemprop=\"image\" \/><\/a>\t<\/div><!-- .woo-entry-image-swap -->\n\n<ul class=\"woo-entry-inner clr\"><li class=\"image-wrap\">\n\t<div class=\"woo-entry-image-swap woo-entry-image clr\">\n\t\t<a href=\"https:\/\/voyagedelabaleine.fr\/it\/prodotto\/cardigan-neonato-in-lana-grigio-perla\/\" class=\"woocommerce-LoopProduct-link\"><img decoding=\"async\" width=\"600\" height=\"800\" src=\"https:\/\/voyagedelabaleine.fr\/wp-content\/uploads\/2025\/07\/cardigan-bebe-laine-gris-perle-600x800.jpg\" class=\"woo-entry-image-main\" alt=\"Cardigan neonato in lana &#8211; Grigio perla\" itemprop=\"image\" srcset=\"https:\/\/voyagedelabaleine.fr\/wp-content\/uploads\/2025\/07\/cardigan-bebe-laine-gris-perle-600x800.jpg 600w, https:\/\/voyagedelabaleine.fr\/wp-content\/uploads\/2025\/07\/cardigan-bebe-laine-gris-perle-225x300.jpg 225w, https:\/\/voyagedelabaleine.fr\/wp-content\/uploads\/2025\/07\/cardigan-bebe-laine-gris-perle-768x1024.jpg 768w, https:\/\/voyagedelabaleine.fr\/wp-content\/uploads\/2025\/07\/cardigan-bebe-laine-gris-perle.jpg 998w\" sizes=\"(max-width: 600px) 100vw, 600px\" \/><img decoding=\"async\" width=\"600\" height=\"800\" src=\"https:\/\/voyagedelabaleine.fr\/wp-content\/uploads\/2025\/07\/cardigan-bebe-laine-gris-perle-2-600x800.jpg\" class=\"woo-entry-image-secondary\" alt=\"Cardigan neonato in lana &#8211; Grigio perla\" itemprop=\"image\" \/><\/a>\t<\/div><!-- .woo-entry-image-swap -->\n\n<\/li><li class=\"title\"><h2><a href=\"https:\/\/voyagedelabaleine.fr\/it\/prodotto\/cardigan-neonato-in-lana-grigio-perla\/\">Cardigan neonato in lana &#8211; Grigio perla<\/a><\/h2><\/li><li class=\"price-wrap\">\n\t<span class=\"price\"><span class=\"woocommerce-Price-amount amount\"><bdi>58<span class=\"woocommerce-Price-currencySymbol\">&euro;<\/span><\/bdi><\/span><\/span>\n<\/li><\/ul><\/div><!-- .product-inner .clr --><\/li>\n<li class=\"entry has-media col span_1_of_3 owp-content-center owp-thumbs-layout-vertical owp-btn-big owp-tabs-layout-vertical circle-sale product type-product post-31501 status-publish last instock product_cat-calze-collant-neonati-bambini product_cat-calzini-collant-nascita product_cat-calzini-collant-nascita-ragazza product_cat-calzini-collant-nascita-ragazzo-2 product_cat-calzini-collant-bambina product_cat-calzini-collant-bambini product_cat-calzini-collant-bambino product_cat-calzini-collant-neonata product_cat-calzini-collant-neonato product_tag-calzini has-post-thumbnail taxable shipping-taxable purchasable product-type-variable has-default-attributes\">\n\t<div class=\"product-inner clr\">\n\t<div class=\"woo-entry-image-swap woo-entry-image clr\">\n\t\t<a href=\"https:\/\/voyagedelabaleine.fr\/it\/prodotto\/calzini-corti-uniti-neonato-bianco\/\" class=\"woocommerce-LoopProduct-link\"><img decoding=\"async\" width=\"600\" height=\"800\" src=\"https:\/\/voyagedelabaleine.fr\/wp-content\/uploads\/2025\/02\/chaussettes-bebe-unies-blanches-600x800.jpg\" class=\"woo-entry-image-main\" alt=\"Calzini corti uniti neonato &#8211; Bianco\" itemprop=\"image\" srcset=\"https:\/\/voyagedelabaleine.fr\/wp-content\/uploads\/2025\/02\/chaussettes-bebe-unies-blanches-600x800.jpg 600w, https:\/\/voyagedelabaleine.fr\/wp-content\/uploads\/2025\/02\/chaussettes-bebe-unies-blanches-225x300.jpg 225w, https:\/\/voyagedelabaleine.fr\/wp-content\/uploads\/2025\/02\/chaussettes-bebe-unies-blanches-768x1024.jpg 768w, https:\/\/voyagedelabaleine.fr\/wp-content\/uploads\/2025\/02\/chaussettes-bebe-unies-blanches.jpg 900w\" sizes=\"(max-width: 600px) 100vw, 600px\" \/><img decoding=\"async\" width=\"600\" height=\"800\" src=\"https:\/\/voyagedelabaleine.fr\/wp-content\/uploads\/2025\/02\/chaussettes-bebe-unies-blanches-1-600x800.jpg\" class=\"woo-entry-image-secondary\" alt=\"Calzini corti uniti neonato &#8211; Bianco\" itemprop=\"image\" srcset=\"https:\/\/voyagedelabaleine.fr\/wp-content\/uploads\/2025\/02\/chaussettes-bebe-unies-blanches-1-600x800.jpg 600w, https:\/\/voyagedelabaleine.fr\/wp-content\/uploads\/2025\/02\/chaussettes-bebe-unies-blanches-1-225x300.jpg 225w, https:\/\/voyagedelabaleine.fr\/wp-content\/uploads\/2025\/02\/chaussettes-bebe-unies-blanches-1-768x1024.jpg 768w, https:\/\/voyagedelabaleine.fr\/wp-content\/uploads\/2025\/02\/chaussettes-bebe-unies-blanches-1.jpg 900w\" sizes=\"(max-width: 600px) 100vw, 600px\" \/><\/a>\t<\/div><!-- .woo-entry-image-swap -->\n\n<ul class=\"woo-entry-inner clr\"><li class=\"image-wrap\">\n\t<div class=\"woo-entry-image-swap woo-entry-image clr\">\n\t\t<a href=\"https:\/\/voyagedelabaleine.fr\/it\/prodotto\/calzini-corti-uniti-neonato-bianco\/\" class=\"woocommerce-LoopProduct-link\"><img decoding=\"async\" width=\"600\" height=\"800\" src=\"https:\/\/voyagedelabaleine.fr\/wp-content\/uploads\/2025\/02\/chaussettes-bebe-unies-blanches-600x800.jpg\" class=\"woo-entry-image-main\" alt=\"Calzini corti uniti neonato &#8211; Bianco\" itemprop=\"image\" srcset=\"https:\/\/voyagedelabaleine.fr\/wp-content\/uploads\/2025\/02\/chaussettes-bebe-unies-blanches-600x800.jpg 600w, https:\/\/voyagedelabaleine.fr\/wp-content\/uploads\/2025\/02\/chaussettes-bebe-unies-blanches-225x300.jpg 225w, https:\/\/voyagedelabaleine.fr\/wp-content\/uploads\/2025\/02\/chaussettes-bebe-unies-blanches-768x1024.jpg 768w, https:\/\/voyagedelabaleine.fr\/wp-content\/uploads\/2025\/02\/chaussettes-bebe-unies-blanches.jpg 900w\" sizes=\"(max-width: 600px) 100vw, 600px\" \/><img decoding=\"async\" width=\"600\" height=\"800\" src=\"https:\/\/voyagedelabaleine.fr\/wp-content\/uploads\/2025\/02\/chaussettes-bebe-unies-blanches-1-600x800.jpg\" class=\"woo-entry-image-secondary\" alt=\"Calzini corti uniti neonato &#8211; Bianco\" itemprop=\"image\" srcset=\"https:\/\/voyagedelabaleine.fr\/wp-content\/uploads\/2025\/02\/chaussettes-bebe-unies-blanches-1-600x800.jpg 600w, https:\/\/voyagedelabaleine.fr\/wp-content\/uploads\/2025\/02\/chaussettes-bebe-unies-blanches-1-225x300.jpg 225w, https:\/\/voyagedelabaleine.fr\/wp-content\/uploads\/2025\/02\/chaussettes-bebe-unies-blanches-1-768x1024.jpg 768w, https:\/\/voyagedelabaleine.fr\/wp-content\/uploads\/2025\/02\/chaussettes-bebe-unies-blanches-1.jpg 900w\" sizes=\"(max-width: 600px) 100vw, 600px\" \/><\/a>\t<\/div><!-- .woo-entry-image-swap -->\n\n<\/li><li class=\"title\"><h2><a href=\"https:\/\/voyagedelabaleine.fr\/it\/prodotto\/calzini-corti-uniti-neonato-bianco\/\">Calzini corti uniti neonato &#8211; Bianco<\/a><\/h2><\/li><li class=\"price-wrap\">\n\t<span class=\"price\"><span class=\"woocommerce-Price-amount amount\"><bdi>7<span class=\"woocommerce-Price-currencySymbol\">&euro;<\/span><\/bdi><\/span><\/span>\n<\/li><\/ul><\/div><!-- .product-inner .clr --><\/li>\n<\/ul>\n<\/div><\/div>\n\t\t\t\t\t\t<\/div>\n\t\t\t\t<\/div>\n\t\t<div class=\"elementor-element elementor-element-5b0efee e-con-full e-flex e-con e-parent\" data-id=\"5b0efee\" data-element_type=\"container\" data-e-type=\"container\">\n\t\t\t\t<div class=\"elementor-element elementor-element-d1a460f elementor-widget-divider--separator-type-pattern elementor-widget-divider--view-line elementor-widget elementor-widget-divider\" data-id=\"d1a460f\" data-element_type=\"widget\" data-e-type=\"widget\" data-widget_type=\"divider.default\">\n\t\t\t\t\t\t\t<div class=\"elementor-divider\" style=\"--divider-pattern-url: url(&quot;data:image\/svg+xml,%3Csvg xmlns=&#039;http:\/\/www.w3.org\/2000\/svg&#039; preserveAspectRatio=&#039;none&#039; overflow=&#039;visible&#039; height=&#039;100%&#039; viewBox=&#039;0 0 24 24&#039; fill=&#039;black&#039; stroke=&#039;none&#039;%3E%3Cpath d=&#039;M12.7,2.3c-0.4-0.4-1.1-0.4-1.5,0l-8,9.1c-0.3,0.4-0.3,0.9,0,1.2l8,9.1c0.4,0.4,1.1,0.4,1.5,0l8-9.1c0.3-0.4,0.3-0.9,0-1.2L12.7,2.3z&#039;\/%3E%3C\/svg%3E&quot;);\">\n\t\t\t<span class=\"elementor-divider-separator\">\n\t\t\t\t\t\t<\/span>\n\t\t<\/div>\n\t\t\t\t\t\t<\/div>\n\t\t\t\t<div class=\"elementor-element elementor-element-5adf87a elementor-widget__width-initial elementor-widget-mobile__width-inherit elementor-widget elementor-widget-shortcode\" data-id=\"5adf87a\" data-element_type=\"widget\" data-e-type=\"widget\" data-widget_type=\"shortcode.default\">\n\t\t\t\t\t\t\t<div class=\"elementor-shortcode\"><div class=\"woocommerce columns-2 \">\r\n<ul class=\"products oceanwp-row clr grid tablet-col tablet-2-col mobile-col mobile-2-col\">\r\n<li class=\"entry has-media col span_1_of_2 owp-content-center owp-thumbs-layout-vertical owp-btn-big owp-tabs-layout-vertical circle-sale product type-product post-32901 status-publish first instock product_cat-abbigliamento product_cat-blusa-camicia-nascita product_cat-blusa-camicia-nascita-ragazza product_cat-blusa-camicia-bambina product_cat-blusa-camicia-bambini product_cat-blusa-e-camicia-per-neonata product_cat-blusa-camicia-neonati has-post-thumbnail taxable shipping-taxable purchasable product-type-variable has-default-attributes\">\n\t<div class=\"product-inner clr\">\n\t<div class=\"woo-entry-image-swap woo-entry-image clr\">\n\t\t<a href=\"https:\/\/voyagedelabaleine.fr\/it\/prodotto\/blusa-bambina-con-collo-arricciato-e-pizzo-bianco\/\" class=\"woocommerce-LoopProduct-link\"><img decoding=\"async\" width=\"600\" height=\"800\" src=\"https:\/\/voyagedelabaleine.fr\/wp-content\/uploads\/2025\/07\/blouse-fille-col-fronce-dentelle-3-600x800.jpg\" class=\"woo-entry-image-main\" alt=\"Blusa bambina con collo arricciato e pizzo &#8211; Bianco\" itemprop=\"image\" srcset=\"https:\/\/voyagedelabaleine.fr\/wp-content\/uploads\/2025\/07\/blouse-fille-col-fronce-dentelle-3-600x800.jpg 600w, https:\/\/voyagedelabaleine.fr\/wp-content\/uploads\/2025\/07\/blouse-fille-col-fronce-dentelle-3-225x300.jpg 225w, https:\/\/voyagedelabaleine.fr\/wp-content\/uploads\/2025\/07\/blouse-fille-col-fronce-dentelle-3-768x1024.jpg 768w, https:\/\/voyagedelabaleine.fr\/wp-content\/uploads\/2025\/07\/blouse-fille-col-fronce-dentelle-3-1152x1536.jpg 1152w, https:\/\/voyagedelabaleine.fr\/wp-content\/uploads\/2025\/07\/blouse-fille-col-fronce-dentelle-3.jpg 1425w\" sizes=\"(max-width: 600px) 100vw, 600px\" \/><img decoding=\"async\" width=\"600\" height=\"800\" src=\"https:\/\/voyagedelabaleine.fr\/wp-content\/uploads\/2025\/07\/blouse-fille-col-fronce-dentelle-600x800.jpg\" class=\"woo-entry-image-secondary\" alt=\"Blusa bambina con collo arricciato e pizzo &#8211; Bianco\" itemprop=\"image\" srcset=\"https:\/\/voyagedelabaleine.fr\/wp-content\/uploads\/2025\/07\/blouse-fille-col-fronce-dentelle-600x800.jpg 600w, https:\/\/voyagedelabaleine.fr\/wp-content\/uploads\/2025\/07\/blouse-fille-col-fronce-dentelle-225x300.jpg 225w, https:\/\/voyagedelabaleine.fr\/wp-content\/uploads\/2025\/07\/blouse-fille-col-fronce-dentelle-768x1024.jpg 768w, https:\/\/voyagedelabaleine.fr\/wp-content\/uploads\/2025\/07\/blouse-fille-col-fronce-dentelle-1152x1536.jpg 1152w, https:\/\/voyagedelabaleine.fr\/wp-content\/uploads\/2025\/07\/blouse-fille-col-fronce-dentelle.jpg 1325w\" sizes=\"(max-width: 600px) 100vw, 600px\" \/><\/a>\t<\/div><!-- .woo-entry-image-swap -->\n\n<ul class=\"woo-entry-inner clr\"><li class=\"image-wrap\">\n\t<div class=\"woo-entry-image-swap woo-entry-image clr\">\n\t\t<a href=\"https:\/\/voyagedelabaleine.fr\/it\/prodotto\/blusa-bambina-con-collo-arricciato-e-pizzo-bianco\/\" class=\"woocommerce-LoopProduct-link\"><img decoding=\"async\" width=\"600\" height=\"800\" src=\"https:\/\/voyagedelabaleine.fr\/wp-content\/uploads\/2025\/07\/blouse-fille-col-fronce-dentelle-3-600x800.jpg\" class=\"woo-entry-image-main\" alt=\"Blusa bambina con collo arricciato e pizzo &#8211; Bianco\" itemprop=\"image\" srcset=\"https:\/\/voyagedelabaleine.fr\/wp-content\/uploads\/2025\/07\/blouse-fille-col-fronce-dentelle-3-600x800.jpg 600w, https:\/\/voyagedelabaleine.fr\/wp-content\/uploads\/2025\/07\/blouse-fille-col-fronce-dentelle-3-225x300.jpg 225w, https:\/\/voyagedelabaleine.fr\/wp-content\/uploads\/2025\/07\/blouse-fille-col-fronce-dentelle-3-768x1024.jpg 768w, https:\/\/voyagedelabaleine.fr\/wp-content\/uploads\/2025\/07\/blouse-fille-col-fronce-dentelle-3-1152x1536.jpg 1152w, https:\/\/voyagedelabaleine.fr\/wp-content\/uploads\/2025\/07\/blouse-fille-col-fronce-dentelle-3.jpg 1425w\" sizes=\"(max-width: 600px) 100vw, 600px\" \/><img decoding=\"async\" width=\"600\" height=\"800\" src=\"https:\/\/voyagedelabaleine.fr\/wp-content\/uploads\/2025\/07\/blouse-fille-col-fronce-dentelle-600x800.jpg\" class=\"woo-entry-image-secondary\" alt=\"Blusa bambina con collo arricciato e pizzo &#8211; Bianco\" itemprop=\"image\" srcset=\"https:\/\/voyagedelabaleine.fr\/wp-content\/uploads\/2025\/07\/blouse-fille-col-fronce-dentelle-600x800.jpg 600w, https:\/\/voyagedelabaleine.fr\/wp-content\/uploads\/2025\/07\/blouse-fille-col-fronce-dentelle-225x300.jpg 225w, https:\/\/voyagedelabaleine.fr\/wp-content\/uploads\/2025\/07\/blouse-fille-col-fronce-dentelle-768x1024.jpg 768w, https:\/\/voyagedelabaleine.fr\/wp-content\/uploads\/2025\/07\/blouse-fille-col-fronce-dentelle-1152x1536.jpg 1152w, https:\/\/voyagedelabaleine.fr\/wp-content\/uploads\/2025\/07\/blouse-fille-col-fronce-dentelle.jpg 1325w\" sizes=\"(max-width: 600px) 100vw, 600px\" \/><\/a>\t<\/div><!-- .woo-entry-image-swap -->\n\n<\/li><li class=\"title\"><h2><a href=\"https:\/\/voyagedelabaleine.fr\/it\/prodotto\/blusa-bambina-con-collo-arricciato-e-pizzo-bianco\/\">Blusa bambina con collo arricciato e pizzo &#8211; Bianco<\/a><\/h2><\/li><li class=\"price-wrap\">\n\t<span class=\"price\"><span class=\"woocommerce-Price-amount amount\"><bdi>36<span class=\"woocommerce-Price-currencySymbol\">&euro;<\/span><\/bdi><\/span><\/span>\n<\/li><\/ul><\/div><!-- .product-inner .clr --><\/li>\n<li class=\"entry has-media col span_1_of_2 owp-content-center owp-thumbs-layout-vertical owp-btn-big owp-tabs-layout-vertical circle-sale product type-product post-29544 status-publish last instock product_cat-abbigliamento product_cat-bambina product_cat-neonata product_cat-vestito-bambina product_cat-vestito-neonata has-post-thumbnail taxable shipping-taxable purchasable product-type-variable has-default-attributes\">\n\t<div class=\"product-inner clr\">\n\t<div class=\"woo-entry-image-swap woo-entry-image clr\">\n\t\t<a href=\"https:\/\/voyagedelabaleine.fr\/it\/prodotto\/vestito-a-salopette-da-bambina-in-maglia-a-spina-di-pesce-beige\/\" class=\"woocommerce-LoopProduct-link\"><img decoding=\"async\" width=\"600\" height=\"800\" src=\"https:\/\/voyagedelabaleine.fr\/wp-content\/uploads\/2025\/07\/robe-chasuble-maille-1-600x800.jpg\" class=\"woo-entry-image-main\" alt=\"Vestito a salopette da bambina in maglia a spina di pesce &#8211; Beige\" itemprop=\"image\" srcset=\"https:\/\/voyagedelabaleine.fr\/wp-content\/uploads\/2025\/07\/robe-chasuble-maille-1-600x800.jpg 600w, https:\/\/voyagedelabaleine.fr\/wp-content\/uploads\/2025\/07\/robe-chasuble-maille-1-225x300.jpg 225w, https:\/\/voyagedelabaleine.fr\/wp-content\/uploads\/2025\/07\/robe-chasuble-maille-1-768x1024.jpg 768w, https:\/\/voyagedelabaleine.fr\/wp-content\/uploads\/2025\/07\/robe-chasuble-maille-1.jpg 1000w\" sizes=\"(max-width: 600px) 100vw, 600px\" \/><img decoding=\"async\" width=\"600\" height=\"800\" src=\"https:\/\/voyagedelabaleine.fr\/wp-content\/uploads\/2025\/07\/robe-chasuble-enfant-fille-maille-chevrons-1-600x800.jpg\" class=\"woo-entry-image-secondary\" alt=\"Vestito a salopette da bambina in maglia a spina di pesce &#8211; Beige\" itemprop=\"image\" srcset=\"https:\/\/voyagedelabaleine.fr\/wp-content\/uploads\/2025\/07\/robe-chasuble-enfant-fille-maille-chevrons-1-600x800.jpg 600w, https:\/\/voyagedelabaleine.fr\/wp-content\/uploads\/2025\/07\/robe-chasuble-enfant-fille-maille-chevrons-1-224x300.jpg 224w\" sizes=\"(max-width: 600px) 100vw, 600px\" \/><\/a>\t<\/div><!-- .woo-entry-image-swap -->\n\n<ul class=\"woo-entry-inner clr\"><li class=\"image-wrap\">\n\t<div class=\"woo-entry-image-swap woo-entry-image clr\">\n\t\t<a href=\"https:\/\/voyagedelabaleine.fr\/it\/prodotto\/vestito-a-salopette-da-bambina-in-maglia-a-spina-di-pesce-beige\/\" class=\"woocommerce-LoopProduct-link\"><img decoding=\"async\" width=\"600\" height=\"800\" src=\"https:\/\/voyagedelabaleine.fr\/wp-content\/uploads\/2025\/07\/robe-chasuble-maille-1-600x800.jpg\" class=\"woo-entry-image-main\" alt=\"Vestito a salopette da bambina in maglia a spina di pesce &#8211; Beige\" itemprop=\"image\" srcset=\"https:\/\/voyagedelabaleine.fr\/wp-content\/uploads\/2025\/07\/robe-chasuble-maille-1-600x800.jpg 600w, https:\/\/voyagedelabaleine.fr\/wp-content\/uploads\/2025\/07\/robe-chasuble-maille-1-225x300.jpg 225w, https:\/\/voyagedelabaleine.fr\/wp-content\/uploads\/2025\/07\/robe-chasuble-maille-1-768x1024.jpg 768w, https:\/\/voyagedelabaleine.fr\/wp-content\/uploads\/2025\/07\/robe-chasuble-maille-1.jpg 1000w\" sizes=\"(max-width: 600px) 100vw, 600px\" \/><img decoding=\"async\" width=\"600\" height=\"800\" src=\"https:\/\/voyagedelabaleine.fr\/wp-content\/uploads\/2025\/07\/robe-chasuble-enfant-fille-maille-chevrons-1-600x800.jpg\" class=\"woo-entry-image-secondary\" alt=\"Vestito a salopette da bambina in maglia a spina di pesce &#8211; Beige\" itemprop=\"image\" srcset=\"https:\/\/voyagedelabaleine.fr\/wp-content\/uploads\/2025\/07\/robe-chasuble-enfant-fille-maille-chevrons-1-600x800.jpg 600w, https:\/\/voyagedelabaleine.fr\/wp-content\/uploads\/2025\/07\/robe-chasuble-enfant-fille-maille-chevrons-1-224x300.jpg 224w\" sizes=\"(max-width: 600px) 100vw, 600px\" \/><\/a>\t<\/div><!-- .woo-entry-image-swap -->\n\n<\/li><li class=\"title\"><h2><a href=\"https:\/\/voyagedelabaleine.fr\/it\/prodotto\/vestito-a-salopette-da-bambina-in-maglia-a-spina-di-pesce-beige\/\">Vestito a salopette da bambina in maglia a spina di pesce &#8211; Beige<\/a><\/h2><\/li><li class=\"price-wrap\">\n\t<span class=\"price\"><span class=\"woocommerce-Price-amount amount\"><bdi>62<span class=\"woocommerce-Price-currencySymbol\">&euro;<\/span><\/bdi><\/span><\/span>\n<\/li><\/ul><\/div><!-- .product-inner .clr --><\/li>\n<\/ul>\n<\/div><\/div>\n\t\t\t\t\t\t<\/div>\n\t\t\t\t<\/div>\n\t\t<div class=\"elementor-element elementor-element-c1b93ae e-con-full e-flex e-con e-parent\" data-id=\"c1b93ae\" data-element_type=\"container\" data-e-type=\"container\">\n\t\t\t\t<div class=\"elementor-element elementor-element-a9602fd elementor-widget-divider--separator-type-pattern elementor-widget-divider--view-line elementor-widget elementor-widget-divider\" data-id=\"a9602fd\" data-element_type=\"widget\" data-e-type=\"widget\" data-widget_type=\"divider.default\">\n\t\t\t\t\t\t\t<div class=\"elementor-divider\" style=\"--divider-pattern-url: url(&quot;data:image\/svg+xml,%3Csvg xmlns=&#039;http:\/\/www.w3.org\/2000\/svg&#039; preserveAspectRatio=&#039;none&#039; overflow=&#039;visible&#039; height=&#039;100%&#039; viewBox=&#039;0 0 24 24&#039; fill=&#039;black&#039; stroke=&#039;none&#039;%3E%3Cpath d=&#039;M12.7,2.3c-0.4-0.4-1.1-0.4-1.5,0l-8,9.1c-0.3,0.4-0.3,0.9,0,1.2l8,9.1c0.4,0.4,1.1,0.4,1.5,0l8-9.1c0.3-0.4,0.3-0.9,0-1.2L12.7,2.3z&#039;\/%3E%3C\/svg%3E&quot;);\">\n\t\t\t<span class=\"elementor-divider-separator\">\n\t\t\t\t\t\t<\/span>\n\t\t<\/div>\n\t\t\t\t\t\t<\/div>\n\t\t\t\t<div class=\"elementor-element elementor-element-755b883 elementor-widget-mobile__width-inherit elementor-widget elementor-widget-shortcode\" data-id=\"755b883\" data-element_type=\"widget\" data-e-type=\"widget\" data-widget_type=\"shortcode.default\">\n\t\t\t\t\t\t\t<div class=\"elementor-shortcode\"><div class=\"woocommerce columns-3 \">\r\n<ul class=\"products oceanwp-row clr grid tablet-col tablet-2-col mobile-col mobile-2-col\">\r\n<li class=\"entry has-media col span_1_of_3 owp-content-center owp-thumbs-layout-vertical owp-btn-big owp-tabs-layout-vertical circle-sale product type-product post-34710 status-publish first instock product_cat-calze-collant-neonati-bambini product_cat-calzini-collant-nascita product_cat-calzini-collant-nascita-ragazza product_cat-calzini-collant-bambina product_cat-calzini-collant-bambini product_cat-calzini-collant-neonata has-post-thumbnail taxable shipping-taxable purchasable product-type-variable has-default-attributes\">\n\t<div class=\"product-inner clr\">\n\t<div class=\"woo-entry-image-swap woo-entry-image clr\">\n\t\t<a href=\"https:\/\/voyagedelabaleine.fr\/it\/prodotto\/calze-alte-neonata-con-fiocco-in-velluto-blu-navy\/\" class=\"woocommerce-LoopProduct-link\"><img decoding=\"async\" width=\"589\" height=\"785\" src=\"https:\/\/voyagedelabaleine.fr\/wp-content\/uploads\/2025\/07\/chaussettes-bebe-noeud-velours-marine.jpg\" class=\"woo-entry-image-main\" alt=\"Calze alte neonata con fiocco in velluto &#8211; Blu navy\" itemprop=\"image\" srcset=\"https:\/\/voyagedelabaleine.fr\/wp-content\/uploads\/2025\/07\/chaussettes-bebe-noeud-velours-marine.jpg 589w, https:\/\/voyagedelabaleine.fr\/wp-content\/uploads\/2025\/07\/chaussettes-bebe-noeud-velours-marine-225x300.jpg 225w\" sizes=\"(max-width: 589px) 100vw, 589px\" \/><img decoding=\"async\" width=\"367\" height=\"489\" src=\"https:\/\/voyagedelabaleine.fr\/wp-content\/uploads\/2025\/07\/chaussettes-bebe-noeud-velours-marine-1.jpg\" class=\"woo-entry-image-secondary\" alt=\"Calze alte neonata con fiocco in velluto &#8211; Blu navy\" itemprop=\"image\" srcset=\"https:\/\/voyagedelabaleine.fr\/wp-content\/uploads\/2025\/07\/chaussettes-bebe-noeud-velours-marine-1.jpg 367w, https:\/\/voyagedelabaleine.fr\/wp-content\/uploads\/2025\/07\/chaussettes-bebe-noeud-velours-marine-1-225x300.jpg 225w\" sizes=\"(max-width: 367px) 100vw, 367px\" \/><\/a>\t<\/div><!-- .woo-entry-image-swap -->\n\n<ul class=\"woo-entry-inner clr\"><li class=\"image-wrap\">\n\t<div class=\"woo-entry-image-swap woo-entry-image clr\">\n\t\t<a href=\"https:\/\/voyagedelabaleine.fr\/it\/prodotto\/calze-alte-neonata-con-fiocco-in-velluto-blu-navy\/\" class=\"woocommerce-LoopProduct-link\"><img decoding=\"async\" width=\"589\" height=\"785\" src=\"https:\/\/voyagedelabaleine.fr\/wp-content\/uploads\/2025\/07\/chaussettes-bebe-noeud-velours-marine.jpg\" class=\"woo-entry-image-main\" alt=\"Calze alte neonata con fiocco in velluto &#8211; Blu navy\" itemprop=\"image\" srcset=\"https:\/\/voyagedelabaleine.fr\/wp-content\/uploads\/2025\/07\/chaussettes-bebe-noeud-velours-marine.jpg 589w, https:\/\/voyagedelabaleine.fr\/wp-content\/uploads\/2025\/07\/chaussettes-bebe-noeud-velours-marine-225x300.jpg 225w\" sizes=\"(max-width: 589px) 100vw, 589px\" \/><img decoding=\"async\" width=\"367\" height=\"489\" src=\"https:\/\/voyagedelabaleine.fr\/wp-content\/uploads\/2025\/07\/chaussettes-bebe-noeud-velours-marine-1.jpg\" class=\"woo-entry-image-secondary\" alt=\"Calze alte neonata con fiocco in velluto &#8211; Blu navy\" itemprop=\"image\" srcset=\"https:\/\/voyagedelabaleine.fr\/wp-content\/uploads\/2025\/07\/chaussettes-bebe-noeud-velours-marine-1.jpg 367w, https:\/\/voyagedelabaleine.fr\/wp-content\/uploads\/2025\/07\/chaussettes-bebe-noeud-velours-marine-1-225x300.jpg 225w\" sizes=\"(max-width: 367px) 100vw, 367px\" \/><\/a>\t<\/div><!-- .woo-entry-image-swap -->\n\n<\/li><li class=\"title\"><h2><a href=\"https:\/\/voyagedelabaleine.fr\/it\/prodotto\/calze-alte-neonata-con-fiocco-in-velluto-blu-navy\/\">Calze alte neonata con fiocco in velluto &#8211; Blu navy<\/a><\/h2><\/li><li class=\"price-wrap\">\n\t<span class=\"price\"><span class=\"woocommerce-Price-amount amount\"><bdi>13<span class=\"woocommerce-Price-currencySymbol\">&euro;<\/span><\/bdi><\/span><\/span>\n<\/li><\/ul><\/div><!-- .product-inner .clr --><\/li>\n<li class=\"entry has-media col span_1_of_3 owp-content-center owp-thumbs-layout-vertical owp-btn-big owp-tabs-layout-vertical circle-sale product type-product post-34741 status-publish instock product_cat-calze-collant-neonati-bambini product_cat-calzini-collant-nascita product_cat-calzini-collant-nascita-ragazza product_cat-calzini-collant-bambina product_cat-calzini-collant-bambini product_cat-calzini-collant-neonata has-post-thumbnail taxable shipping-taxable purchasable product-type-variable has-default-attributes\">\n\t<div class=\"product-inner clr\">\n\t<div class=\"woo-entry-image-swap woo-entry-image clr\">\n\t\t<a href=\"https:\/\/voyagedelabaleine.fr\/it\/prodotto\/calze-alte-per-bambina-con-fiocco-in-velluto-bordeaux\/\" class=\"woocommerce-LoopProduct-link\"><img decoding=\"async\" width=\"570\" height=\"760\" src=\"https:\/\/voyagedelabaleine.fr\/wp-content\/uploads\/2025\/07\/chaussettes-bebe-noeud-velours-bordeaux.jpg\" class=\"woo-entry-image-main\" alt=\"Calze alte per bambina con fiocco in velluto &#8211; Bordeaux\" itemprop=\"image\" srcset=\"https:\/\/voyagedelabaleine.fr\/wp-content\/uploads\/2025\/07\/chaussettes-bebe-noeud-velours-bordeaux.jpg 570w, https:\/\/voyagedelabaleine.fr\/wp-content\/uploads\/2025\/07\/chaussettes-bebe-noeud-velours-bordeaux-225x300.jpg 225w\" sizes=\"(max-width: 570px) 100vw, 570px\" \/><img decoding=\"async\" width=\"404\" height=\"539\" src=\"https:\/\/voyagedelabaleine.fr\/wp-content\/uploads\/2025\/07\/chaussettes-bebe-noeud-velours-marine-2.jpg\" class=\"woo-entry-image-secondary\" alt=\"Calze alte per bambina con fiocco in velluto &#8211; Bordeaux\" itemprop=\"image\" srcset=\"https:\/\/voyagedelabaleine.fr\/wp-content\/uploads\/2025\/07\/chaussettes-bebe-noeud-velours-marine-2.jpg 404w, https:\/\/voyagedelabaleine.fr\/wp-content\/uploads\/2025\/07\/chaussettes-bebe-noeud-velours-marine-2-225x300.jpg 225w\" sizes=\"(max-width: 404px) 100vw, 404px\" \/><\/a>\t<\/div><!-- .woo-entry-image-swap -->\n\n<ul class=\"woo-entry-inner clr\"><li class=\"image-wrap\">\n\t<div class=\"woo-entry-image-swap woo-entry-image clr\">\n\t\t<a href=\"https:\/\/voyagedelabaleine.fr\/it\/prodotto\/calze-alte-per-bambina-con-fiocco-in-velluto-bordeaux\/\" class=\"woocommerce-LoopProduct-link\"><img decoding=\"async\" width=\"570\" height=\"760\" src=\"https:\/\/voyagedelabaleine.fr\/wp-content\/uploads\/2025\/07\/chaussettes-bebe-noeud-velours-bordeaux.jpg\" class=\"woo-entry-image-main\" alt=\"Calze alte per bambina con fiocco in velluto &#8211; Bordeaux\" itemprop=\"image\" srcset=\"https:\/\/voyagedelabaleine.fr\/wp-content\/uploads\/2025\/07\/chaussettes-bebe-noeud-velours-bordeaux.jpg 570w, https:\/\/voyagedelabaleine.fr\/wp-content\/uploads\/2025\/07\/chaussettes-bebe-noeud-velours-bordeaux-225x300.jpg 225w\" sizes=\"(max-width: 570px) 100vw, 570px\" \/><img decoding=\"async\" width=\"404\" height=\"539\" src=\"https:\/\/voyagedelabaleine.fr\/wp-content\/uploads\/2025\/07\/chaussettes-bebe-noeud-velours-marine-2.jpg\" class=\"woo-entry-image-secondary\" alt=\"Calze alte per bambina con fiocco in velluto &#8211; Bordeaux\" itemprop=\"image\" srcset=\"https:\/\/voyagedelabaleine.fr\/wp-content\/uploads\/2025\/07\/chaussettes-bebe-noeud-velours-marine-2.jpg 404w, https:\/\/voyagedelabaleine.fr\/wp-content\/uploads\/2025\/07\/chaussettes-bebe-noeud-velours-marine-2-225x300.jpg 225w\" sizes=\"(max-width: 404px) 100vw, 404px\" \/><\/a>\t<\/div><!-- .woo-entry-image-swap -->\n\n<\/li><li class=\"title\"><h2><a href=\"https:\/\/voyagedelabaleine.fr\/it\/prodotto\/calze-alte-per-bambina-con-fiocco-in-velluto-bordeaux\/\">Calze alte per bambina con fiocco in velluto &#8211; Bordeaux<\/a><\/h2><\/li><li class=\"price-wrap\">\n\t<span class=\"price\"><span class=\"woocommerce-Price-amount amount\"><bdi>13<span class=\"woocommerce-Price-currencySymbol\">&euro;<\/span><\/bdi><\/span><\/span>\n<\/li><\/ul><\/div><!-- .product-inner .clr --><\/li>\n<li class=\"entry has-media col span_1_of_3 owp-content-center owp-thumbs-layout-vertical owp-btn-big owp-tabs-layout-vertical circle-sale product type-product post-32973 status-publish last instock product_cat-abbigliamento product_cat-pagliaccetto-salopette-nascita product_cat-pagliaccetto-salopette-nascita-ragazza product_cat-pagliaccetto-salopette-nascita-ragazzo product_cat-pagliaccetto-salopette-neonata product_cat-pagliaccetto-salopette-neonati product_cat-pagliaccetto-salopette-neonato has-post-thumbnail taxable shipping-taxable purchasable product-type-variable has-default-attributes\">\n\t<div class=\"product-inner clr\">\n\t<div class=\"woo-entry-image-swap woo-entry-image clr\">\n\t\t<a href=\"https:\/\/voyagedelabaleine.fr\/it\/prodotto\/pagliaccetto-neonato-scozzese-con-ampio-colletto-rosso\/\" class=\"woocommerce-LoopProduct-link\"><img decoding=\"async\" width=\"600\" height=\"800\" src=\"https:\/\/voyagedelabaleine.fr\/wp-content\/uploads\/2025\/09\/barboteuse-bebe-ecossaise-rouge-collerette-600x800.jpg\" class=\"woo-entry-image-main\" alt=\"Pagliaccetto neonato scozzese con ampio colletto &#8211; Rosso\" itemprop=\"image\" srcset=\"https:\/\/voyagedelabaleine.fr\/wp-content\/uploads\/2025\/09\/barboteuse-bebe-ecossaise-rouge-collerette-600x800.jpg 600w, https:\/\/voyagedelabaleine.fr\/wp-content\/uploads\/2025\/09\/barboteuse-bebe-ecossaise-rouge-collerette-225x300.jpg 225w, https:\/\/voyagedelabaleine.fr\/wp-content\/uploads\/2025\/09\/barboteuse-bebe-ecossaise-rouge-collerette-768x1024.jpg 768w, https:\/\/voyagedelabaleine.fr\/wp-content\/uploads\/2025\/09\/barboteuse-bebe-ecossaise-rouge-collerette-1152x1536.jpg 1152w, https:\/\/voyagedelabaleine.fr\/wp-content\/uploads\/2025\/09\/barboteuse-bebe-ecossaise-rouge-collerette.jpg 1300w\" sizes=\"(max-width: 600px) 100vw, 600px\" \/><img decoding=\"async\" width=\"600\" height=\"800\" src=\"https:\/\/voyagedelabaleine.fr\/wp-content\/uploads\/2025\/07\/barboteuse-ecossaise-bebe-rouge-600x800.jpg\" class=\"woo-entry-image-secondary\" alt=\"Pagliaccetto neonato scozzese con ampio colletto &#8211; Rosso\" itemprop=\"image\" srcset=\"https:\/\/voyagedelabaleine.fr\/wp-content\/uploads\/2025\/07\/barboteuse-ecossaise-bebe-rouge-600x800.jpg 600w, https:\/\/voyagedelabaleine.fr\/wp-content\/uploads\/2025\/07\/barboteuse-ecossaise-bebe-rouge-225x300.jpg 225w, https:\/\/voyagedelabaleine.fr\/wp-content\/uploads\/2025\/07\/barboteuse-ecossaise-bebe-rouge-768x1025.jpg 768w, https:\/\/voyagedelabaleine.fr\/wp-content\/uploads\/2025\/07\/barboteuse-ecossaise-bebe-rouge.jpg 1000w\" sizes=\"(max-width: 600px) 100vw, 600px\" \/><\/a>\t<\/div><!-- .woo-entry-image-swap -->\n\n<ul class=\"woo-entry-inner clr\"><li class=\"image-wrap\">\n\t<div class=\"woo-entry-image-swap woo-entry-image clr\">\n\t\t<a href=\"https:\/\/voyagedelabaleine.fr\/it\/prodotto\/pagliaccetto-neonato-scozzese-con-ampio-colletto-rosso\/\" class=\"woocommerce-LoopProduct-link\"><img decoding=\"async\" width=\"600\" height=\"800\" src=\"https:\/\/voyagedelabaleine.fr\/wp-content\/uploads\/2025\/09\/barboteuse-bebe-ecossaise-rouge-collerette-600x800.jpg\" class=\"woo-entry-image-main\" alt=\"Pagliaccetto neonato scozzese con ampio colletto &#8211; Rosso\" itemprop=\"image\" srcset=\"https:\/\/voyagedelabaleine.fr\/wp-content\/uploads\/2025\/09\/barboteuse-bebe-ecossaise-rouge-collerette-600x800.jpg 600w, https:\/\/voyagedelabaleine.fr\/wp-content\/uploads\/2025\/09\/barboteuse-bebe-ecossaise-rouge-collerette-225x300.jpg 225w, https:\/\/voyagedelabaleine.fr\/wp-content\/uploads\/2025\/09\/barboteuse-bebe-ecossaise-rouge-collerette-768x1024.jpg 768w, https:\/\/voyagedelabaleine.fr\/wp-content\/uploads\/2025\/09\/barboteuse-bebe-ecossaise-rouge-collerette-1152x1536.jpg 1152w, https:\/\/voyagedelabaleine.fr\/wp-content\/uploads\/2025\/09\/barboteuse-bebe-ecossaise-rouge-collerette.jpg 1300w\" sizes=\"(max-width: 600px) 100vw, 600px\" \/><img decoding=\"async\" width=\"600\" height=\"800\" src=\"https:\/\/voyagedelabaleine.fr\/wp-content\/uploads\/2025\/07\/barboteuse-ecossaise-bebe-rouge-600x800.jpg\" class=\"woo-entry-image-secondary\" alt=\"Pagliaccetto neonato scozzese con ampio colletto &#8211; Rosso\" itemprop=\"image\" srcset=\"https:\/\/voyagedelabaleine.fr\/wp-content\/uploads\/2025\/07\/barboteuse-ecossaise-bebe-rouge-600x800.jpg 600w, https:\/\/voyagedelabaleine.fr\/wp-content\/uploads\/2025\/07\/barboteuse-ecossaise-bebe-rouge-225x300.jpg 225w, https:\/\/voyagedelabaleine.fr\/wp-content\/uploads\/2025\/07\/barboteuse-ecossaise-bebe-rouge-768x1025.jpg 768w, https:\/\/voyagedelabaleine.fr\/wp-content\/uploads\/2025\/07\/barboteuse-ecossaise-bebe-rouge.jpg 1000w\" sizes=\"(max-width: 600px) 100vw, 600px\" \/><\/a>\t<\/div><!-- .woo-entry-image-swap -->\n\n<\/li><li class=\"title\"><h2><a href=\"https:\/\/voyagedelabaleine.fr\/it\/prodotto\/pagliaccetto-neonato-scozzese-con-ampio-colletto-rosso\/\">Pagliaccetto neonato scozzese con ampio colletto &#8211; Rosso<\/a><\/h2><\/li><li class=\"price-wrap\">\n\t<span class=\"price\"><span class=\"woocommerce-Price-amount amount\"><bdi>48<span class=\"woocommerce-Price-currencySymbol\">&euro;<\/span><\/bdi><\/span><\/span>\n<\/li><\/ul><\/div><!-- .product-inner .clr --><\/li>\n<\/ul>\n<\/div><\/div>\n\t\t\t\t\t\t<\/div>\n\t\t\t\t<\/div>\n\t\t<div class=\"elementor-element elementor-element-7af92bb e-con-full e-flex e-con e-parent\" data-id=\"7af92bb\" data-element_type=\"container\" data-e-type=\"container\">\n\t\t\t\t<div class=\"elementor-element elementor-element-03cfa8c elementor-widget-divider--separator-type-pattern elementor-widget-divider--view-line elementor-widget elementor-widget-divider\" data-id=\"03cfa8c\" data-element_type=\"widget\" data-e-type=\"widget\" data-widget_type=\"divider.default\">\n\t\t\t\t\t\t\t<div class=\"elementor-divider\" style=\"--divider-pattern-url: url(&quot;data:image\/svg+xml,%3Csvg xmlns=&#039;http:\/\/www.w3.org\/2000\/svg&#039; preserveAspectRatio=&#039;none&#039; overflow=&#039;visible&#039; height=&#039;100%&#039; viewBox=&#039;0 0 24 24&#039; fill=&#039;black&#039; stroke=&#039;none&#039;%3E%3Cpath d=&#039;M12.7,2.3c-0.4-0.4-1.1-0.4-1.5,0l-8,9.1c-0.3,0.4-0.3,0.9,0,1.2l8,9.1c0.4,0.4,1.1,0.4,1.5,0l8-9.1c0.3-0.4,0.3-0.9,0-1.2L12.7,2.3z&#039;\/%3E%3C\/svg%3E&quot;);\">\n\t\t\t<span class=\"elementor-divider-separator\">\n\t\t\t\t\t\t<\/span>\n\t\t<\/div>\n\t\t\t\t\t\t<\/div>\n\t\t\t\t<div class=\"elementor-element elementor-element-6b2f022 elementor-widget elementor-widget-heading\" data-id=\"6b2f022\" data-element_type=\"widget\" data-e-type=\"widget\" data-widget_type=\"heading.default\">\n\t\t\t\t\t<h2 class=\"elementor-heading-title elementor-size-default\">Pompons tendresse<\/h2>\t\t\t\t<\/div>\n\t\t\t\t<div class=\"elementor-element elementor-element-7ce0dbb elementor-widget__width-initial elementor-widget-mobile__width-inherit elementor-widget elementor-widget-shortcode\" data-id=\"7ce0dbb\" data-element_type=\"widget\" data-e-type=\"widget\" data-widget_type=\"shortcode.default\">\n\t\t\t\t\t\t\t<div class=\"elementor-shortcode\"><div class=\"woocommerce columns-2 \">\r\n<ul class=\"products oceanwp-row clr grid tablet-col tablet-2-col mobile-col mobile-2-col\">\r\n<li class=\"entry has-media has-rating col span_1_of_2 owp-content-center owp-thumbs-layout-vertical owp-btn-big owp-tabs-layout-vertical circle-sale product type-product post-29536 status-publish first instock product_cat-accessori-nascita-ragazza product_cat-accessori-nascita-ragazzo product_cat-accessori-nascita product_cat-accessori-neonata product_cat-accessori-neonati product_cat-accessori-neonato has-post-thumbnail taxable shipping-taxable purchasable product-type-variable has-default-attributes\">\n\t<div class=\"product-inner clr\">\n\t<div class=\"woo-entry-image-swap woo-entry-image clr\">\n\t\t<a href=\"https:\/\/voyagedelabaleine.fr\/it\/prodotto\/cappellino-neonato-con-pompon-beige\/\" class=\"woocommerce-LoopProduct-link\"><img decoding=\"async\" width=\"600\" height=\"800\" src=\"https:\/\/voyagedelabaleine.fr\/wp-content\/uploads\/2024\/08\/bonnet-bebe-beige-pompon2-fotor-20241010174417-600x800.jpg\" class=\"woo-entry-image-main\" alt=\"Cappellino neonato con pompon &#8211; Beige\" itemprop=\"image\" srcset=\"https:\/\/voyagedelabaleine.fr\/wp-content\/uploads\/2024\/08\/bonnet-bebe-beige-pompon2-fotor-20241010174417-600x800.jpg 600w, https:\/\/voyagedelabaleine.fr\/wp-content\/uploads\/2024\/08\/bonnet-bebe-beige-pompon2-fotor-20241010174417-225x300.jpg 225w, https:\/\/voyagedelabaleine.fr\/wp-content\/uploads\/2024\/08\/bonnet-bebe-beige-pompon2-fotor-20241010174417-768x1024.jpg 768w, https:\/\/voyagedelabaleine.fr\/wp-content\/uploads\/2024\/08\/bonnet-bebe-beige-pompon2-fotor-20241010174417.jpg 917w\" sizes=\"(max-width: 600px) 100vw, 600px\" \/><img decoding=\"async\" width=\"600\" height=\"800\" src=\"https:\/\/voyagedelabaleine.fr\/wp-content\/uploads\/2024\/08\/bonnet-bebe-beige-pompon2-fotor-2024101017457-600x800.jpg\" class=\"woo-entry-image-secondary\" alt=\"Cappellino neonato con pompon &#8211; Beige\" itemprop=\"image\" srcset=\"https:\/\/voyagedelabaleine.fr\/wp-content\/uploads\/2024\/08\/bonnet-bebe-beige-pompon2-fotor-2024101017457-600x800.jpg 600w, https:\/\/voyagedelabaleine.fr\/wp-content\/uploads\/2024\/08\/bonnet-bebe-beige-pompon2-fotor-2024101017457-225x300.jpg 225w, https:\/\/voyagedelabaleine.fr\/wp-content\/uploads\/2024\/08\/bonnet-bebe-beige-pompon2-fotor-2024101017457-768x1023.jpg 768w, https:\/\/voyagedelabaleine.fr\/wp-content\/uploads\/2024\/08\/bonnet-bebe-beige-pompon2-fotor-2024101017457.jpg 917w\" sizes=\"(max-width: 600px) 100vw, 600px\" \/><\/a>\t<\/div><!-- .woo-entry-image-swap -->\n\n<ul class=\"woo-entry-inner clr\"><li class=\"image-wrap\">\n\t<div class=\"woo-entry-image-swap woo-entry-image clr\">\n\t\t<a href=\"https:\/\/voyagedelabaleine.fr\/it\/prodotto\/cappellino-neonato-con-pompon-beige\/\" class=\"woocommerce-LoopProduct-link\"><img decoding=\"async\" width=\"600\" height=\"800\" src=\"https:\/\/voyagedelabaleine.fr\/wp-content\/uploads\/2024\/08\/bonnet-bebe-beige-pompon2-fotor-20241010174417-600x800.jpg\" class=\"woo-entry-image-main\" alt=\"Cappellino neonato con pompon &#8211; Beige\" itemprop=\"image\" srcset=\"https:\/\/voyagedelabaleine.fr\/wp-content\/uploads\/2024\/08\/bonnet-bebe-beige-pompon2-fotor-20241010174417-600x800.jpg 600w, https:\/\/voyagedelabaleine.fr\/wp-content\/uploads\/2024\/08\/bonnet-bebe-beige-pompon2-fotor-20241010174417-225x300.jpg 225w, https:\/\/voyagedelabaleine.fr\/wp-content\/uploads\/2024\/08\/bonnet-bebe-beige-pompon2-fotor-20241010174417-768x1024.jpg 768w, https:\/\/voyagedelabaleine.fr\/wp-content\/uploads\/2024\/08\/bonnet-bebe-beige-pompon2-fotor-20241010174417.jpg 917w\" sizes=\"(max-width: 600px) 100vw, 600px\" \/><img decoding=\"async\" width=\"600\" height=\"800\" src=\"https:\/\/voyagedelabaleine.fr\/wp-content\/uploads\/2024\/08\/bonnet-bebe-beige-pompon2-fotor-2024101017457-600x800.jpg\" class=\"woo-entry-image-secondary\" alt=\"Cappellino neonato con pompon &#8211; Beige\" itemprop=\"image\" srcset=\"https:\/\/voyagedelabaleine.fr\/wp-content\/uploads\/2024\/08\/bonnet-bebe-beige-pompon2-fotor-2024101017457-600x800.jpg 600w, https:\/\/voyagedelabaleine.fr\/wp-content\/uploads\/2024\/08\/bonnet-bebe-beige-pompon2-fotor-2024101017457-225x300.jpg 225w, https:\/\/voyagedelabaleine.fr\/wp-content\/uploads\/2024\/08\/bonnet-bebe-beige-pompon2-fotor-2024101017457-768x1023.jpg 768w, https:\/\/voyagedelabaleine.fr\/wp-content\/uploads\/2024\/08\/bonnet-bebe-beige-pompon2-fotor-2024101017457.jpg 917w\" sizes=\"(max-width: 600px) 100vw, 600px\" \/><\/a>\t<\/div><!-- .woo-entry-image-swap -->\n\n<\/li><li class=\"title\"><h2><a href=\"https:\/\/voyagedelabaleine.fr\/it\/prodotto\/cappellino-neonato-con-pompon-beige\/\">Cappellino neonato con pompon &#8211; Beige<\/a><\/h2><\/li><li class=\"price-wrap\">\n\t<span class=\"price\"><span class=\"woocommerce-Price-amount amount\"><bdi>26<span class=\"woocommerce-Price-currencySymbol\">&euro;<\/span><\/bdi><\/span><\/span>\n<\/li><\/ul><\/div><!-- .product-inner .clr --><\/li>\n<li class=\"entry has-media has-rating col span_1_of_2 owp-content-center owp-thumbs-layout-vertical owp-btn-big owp-tabs-layout-vertical circle-sale product type-product post-34238 status-publish last instock product_cat-accessori-nascita-ragazza product_cat-accessori-nascita-ragazzo product_cat-accessori-nascita product_cat-accessori-neonata product_cat-accessori-neonati product_cat-accessori-neonato has-post-thumbnail taxable shipping-taxable purchasable product-type-variable has-default-attributes\">\n\t<div class=\"product-inner clr\">\n\t<div class=\"woo-entry-image-swap woo-entry-image clr\">\n\t\t<a href=\"https:\/\/voyagedelabaleine.fr\/it\/prodotto\/muffole-neonato-con-pompon-beige\/\" class=\"woocommerce-LoopProduct-link\"><img decoding=\"async\" width=\"600\" height=\"800\" src=\"https:\/\/voyagedelabaleine.fr\/wp-content\/uploads\/2024\/09\/moufles-bebe-beiges-pompons-1-1-600x800.jpg\" class=\"woo-entry-image-main\" alt=\"Muffole neonato con pompon &#8211; Beige\" itemprop=\"image\" srcset=\"https:\/\/voyagedelabaleine.fr\/wp-content\/uploads\/2024\/09\/moufles-bebe-beiges-pompons-1-1-600x800.jpg 600w, https:\/\/voyagedelabaleine.fr\/wp-content\/uploads\/2024\/09\/moufles-bebe-beiges-pompons-1-1-225x300.jpg 225w, https:\/\/voyagedelabaleine.fr\/wp-content\/uploads\/2024\/09\/moufles-bebe-beiges-pompons-1-1-768x1024.jpg 768w, https:\/\/voyagedelabaleine.fr\/wp-content\/uploads\/2024\/09\/moufles-bebe-beiges-pompons-1-1.jpg 908w\" sizes=\"(max-width: 600px) 100vw, 600px\" \/><img decoding=\"async\" width=\"600\" height=\"800\" src=\"https:\/\/voyagedelabaleine.fr\/wp-content\/uploads\/2024\/09\/moufles-bebe-beiges-pompons-2-1-600x800.jpg\" class=\"woo-entry-image-secondary\" alt=\"Muffole neonato con pompon &#8211; Beige\" itemprop=\"image\" srcset=\"https:\/\/voyagedelabaleine.fr\/wp-content\/uploads\/2024\/09\/moufles-bebe-beiges-pompons-2-1-600x800.jpg 600w, https:\/\/voyagedelabaleine.fr\/wp-content\/uploads\/2024\/09\/moufles-bebe-beiges-pompons-2-1-225x300.jpg 225w, https:\/\/voyagedelabaleine.fr\/wp-content\/uploads\/2024\/09\/moufles-bebe-beiges-pompons-2-1.jpg 768w\" sizes=\"(max-width: 600px) 100vw, 600px\" \/><\/a>\t<\/div><!-- .woo-entry-image-swap -->\n\n<ul class=\"woo-entry-inner clr\"><li class=\"image-wrap\">\n\t<div class=\"woo-entry-image-swap woo-entry-image clr\">\n\t\t<a href=\"https:\/\/voyagedelabaleine.fr\/it\/prodotto\/muffole-neonato-con-pompon-beige\/\" class=\"woocommerce-LoopProduct-link\"><img decoding=\"async\" width=\"600\" height=\"800\" src=\"https:\/\/voyagedelabaleine.fr\/wp-content\/uploads\/2024\/09\/moufles-bebe-beiges-pompons-1-1-600x800.jpg\" class=\"woo-entry-image-main\" alt=\"Muffole neonato con pompon &#8211; Beige\" itemprop=\"image\" srcset=\"https:\/\/voyagedelabaleine.fr\/wp-content\/uploads\/2024\/09\/moufles-bebe-beiges-pompons-1-1-600x800.jpg 600w, https:\/\/voyagedelabaleine.fr\/wp-content\/uploads\/2024\/09\/moufles-bebe-beiges-pompons-1-1-225x300.jpg 225w, https:\/\/voyagedelabaleine.fr\/wp-content\/uploads\/2024\/09\/moufles-bebe-beiges-pompons-1-1-768x1024.jpg 768w, https:\/\/voyagedelabaleine.fr\/wp-content\/uploads\/2024\/09\/moufles-bebe-beiges-pompons-1-1.jpg 908w\" sizes=\"(max-width: 600px) 100vw, 600px\" \/><img decoding=\"async\" width=\"600\" height=\"800\" src=\"https:\/\/voyagedelabaleine.fr\/wp-content\/uploads\/2024\/09\/moufles-bebe-beiges-pompons-2-1-600x800.jpg\" class=\"woo-entry-image-secondary\" alt=\"Muffole neonato con pompon &#8211; Beige\" itemprop=\"image\" srcset=\"https:\/\/voyagedelabaleine.fr\/wp-content\/uploads\/2024\/09\/moufles-bebe-beiges-pompons-2-1-600x800.jpg 600w, https:\/\/voyagedelabaleine.fr\/wp-content\/uploads\/2024\/09\/moufles-bebe-beiges-pompons-2-1-225x300.jpg 225w, https:\/\/voyagedelabaleine.fr\/wp-content\/uploads\/2024\/09\/moufles-bebe-beiges-pompons-2-1.jpg 768w\" sizes=\"(max-width: 600px) 100vw, 600px\" \/><\/a>\t<\/div><!-- .woo-entry-image-swap -->\n\n<\/li><li class=\"title\"><h2><a href=\"https:\/\/voyagedelabaleine.fr\/it\/prodotto\/muffole-neonato-con-pompon-beige\/\">Muffole neonato con pompon &#8211; Beige<\/a><\/h2><\/li><li class=\"price-wrap\">\n\t<span class=\"price\"><span class=\"woocommerce-Price-amount amount\"><bdi>14<span class=\"woocommerce-Price-currencySymbol\">&euro;<\/span><\/bdi><\/span><\/span>\n<\/li><\/ul><\/div><!-- .product-inner .clr --><\/li>\n<\/ul>\n<\/div><\/div>\n\t\t\t\t\t\t<\/div>\n\t\t\t\t<\/div>\n\t\t<div class=\"elementor-element elementor-element-ec19a0b e-con-full e-flex e-con e-parent\" data-id=\"ec19a0b\" data-element_type=\"container\" data-e-type=\"container\">\n\t\t\t\t<div class=\"elementor-element elementor-element-9184fba elementor-widget-divider--separator-type-pattern elementor-widget-divider--view-line elementor-widget elementor-widget-divider\" data-id=\"9184fba\" data-element_type=\"widget\" data-e-type=\"widget\" data-widget_type=\"divider.default\">\n\t\t\t\t\t\t\t<div class=\"elementor-divider\" style=\"--divider-pattern-url: url(&quot;data:image\/svg+xml,%3Csvg xmlns=&#039;http:\/\/www.w3.org\/2000\/svg&#039; preserveAspectRatio=&#039;none&#039; overflow=&#039;visible&#039; height=&#039;100%&#039; viewBox=&#039;0 0 24 24&#039; fill=&#039;black&#039; stroke=&#039;none&#039;%3E%3Cpath d=&#039;M12.7,2.3c-0.4-0.4-1.1-0.4-1.5,0l-8,9.1c-0.3,0.4-0.3,0.9,0,1.2l8,9.1c0.4,0.4,1.1,0.4,1.5,0l8-9.1c0.3-0.4,0.3-0.9,0-1.2L12.7,2.3z&#039;\/%3E%3C\/svg%3E&quot;);\">\n\t\t\t<span class=\"elementor-divider-separator\">\n\t\t\t\t\t\t<\/span>\n\t\t<\/div>\n\t\t\t\t\t\t<\/div>\n\t\t\t\t<div class=\"elementor-element elementor-element-7f4afc0 elementor-widget elementor-widget-heading\" data-id=\"7f4afc0\" data-element_type=\"widget\" data-e-type=\"widget\" data-widget_type=\"heading.default\">\n\t\t\t\t\t<h2 class=\"elementor-heading-title elementor-size-default\">Vichy et compagnie<\/h2>\t\t\t\t<\/div>\n\t\t\t\t<div class=\"elementor-element elementor-element-e822d80 elementor-widget elementor-widget-shortcode\" data-id=\"e822d80\" data-element_type=\"widget\" data-e-type=\"widget\" data-widget_type=\"shortcode.default\">\n\t\t\t\t\t\t\t<div class=\"elementor-shortcode\"><div class=\"woocommerce columns-3 \">\r\n<ul class=\"products oceanwp-row clr grid tablet-col tablet-2-col mobile-col mobile-2-col\">\r\n<li class=\"entry has-media col span_1_of_3 owp-content-center owp-thumbs-layout-vertical owp-btn-big owp-tabs-layout-vertical circle-sale product type-product post-31240 status-publish first instock product_cat-abbigliamento product_cat-blusa-camicia-nascita product_cat-blusa-camicia-nascita-ragazza product_cat-blusa-camicia-bambina product_cat-blusa-camicia-bambini product_cat-blusa-e-camicia-per-neonata product_cat-blusa-camicia-neonati has-post-thumbnail taxable shipping-taxable purchasable product-type-variable has-default-attributes\">\n\t<div class=\"product-inner clr\">\n\t<div class=\"woo-entry-image-swap woo-entry-image clr\">\n\t\t<a href=\"https:\/\/voyagedelabaleine.fr\/it\/prodotto\/camicia-bambina-con-colletto-e-bordo-rosso-fantasia-ecru\/\" class=\"woocommerce-LoopProduct-link\"><img decoding=\"async\" width=\"600\" height=\"800\" src=\"https:\/\/voyagedelabaleine.fr\/wp-content\/uploads\/2025\/02\/blouse-bebe-col-fantaisie-600x800.jpg\" class=\"woo-entry-image-main\" alt=\"Camicia bambina con colletto e bordo rosso fantasia &#8211; Ecru\" itemprop=\"image\" srcset=\"https:\/\/voyagedelabaleine.fr\/wp-content\/uploads\/2025\/02\/blouse-bebe-col-fantaisie-600x800.jpg 600w, https:\/\/voyagedelabaleine.fr\/wp-content\/uploads\/2025\/02\/blouse-bebe-col-fantaisie-224x300.jpg 224w\" sizes=\"(max-width: 600px) 100vw, 600px\" \/><img decoding=\"async\" width=\"600\" height=\"800\" src=\"https:\/\/voyagedelabaleine.fr\/wp-content\/uploads\/2025\/02\/blouse-bebe-col-fantaisie-2-600x800.jpg\" class=\"woo-entry-image-secondary\" alt=\"Camicia bambina con colletto e bordo rosso fantasia &#8211; Ecru\" itemprop=\"image\" srcset=\"https:\/\/voyagedelabaleine.fr\/wp-content\/uploads\/2025\/02\/blouse-bebe-col-fantaisie-2-600x800.jpg 600w, https:\/\/voyagedelabaleine.fr\/wp-content\/uploads\/2025\/02\/blouse-bebe-col-fantaisie-2-225x300.jpg 225w, https:\/\/voyagedelabaleine.fr\/wp-content\/uploads\/2025\/02\/blouse-bebe-col-fantaisie-2-768x1024.jpg 768w, https:\/\/voyagedelabaleine.fr\/wp-content\/uploads\/2025\/02\/blouse-bebe-col-fantaisie-2.jpg 1018w\" sizes=\"(max-width: 600px) 100vw, 600px\" \/><\/a>\t<\/div><!-- .woo-entry-image-swap -->\n\n<ul class=\"woo-entry-inner clr\"><li class=\"image-wrap\">\n\t<div class=\"woo-entry-image-swap woo-entry-image clr\">\n\t\t<a href=\"https:\/\/voyagedelabaleine.fr\/it\/prodotto\/camicia-bambina-con-colletto-e-bordo-rosso-fantasia-ecru\/\" class=\"woocommerce-LoopProduct-link\"><img decoding=\"async\" width=\"600\" height=\"800\" src=\"https:\/\/voyagedelabaleine.fr\/wp-content\/uploads\/2025\/02\/blouse-bebe-col-fantaisie-600x800.jpg\" class=\"woo-entry-image-main\" alt=\"Camicia bambina con colletto e bordo rosso fantasia &#8211; Ecru\" itemprop=\"image\" srcset=\"https:\/\/voyagedelabaleine.fr\/wp-content\/uploads\/2025\/02\/blouse-bebe-col-fantaisie-600x800.jpg 600w, https:\/\/voyagedelabaleine.fr\/wp-content\/uploads\/2025\/02\/blouse-bebe-col-fantaisie-224x300.jpg 224w\" sizes=\"(max-width: 600px) 100vw, 600px\" \/><img decoding=\"async\" width=\"600\" height=\"800\" src=\"https:\/\/voyagedelabaleine.fr\/wp-content\/uploads\/2025\/02\/blouse-bebe-col-fantaisie-2-600x800.jpg\" class=\"woo-entry-image-secondary\" alt=\"Camicia bambina con colletto e bordo rosso fantasia &#8211; Ecru\" itemprop=\"image\" srcset=\"https:\/\/voyagedelabaleine.fr\/wp-content\/uploads\/2025\/02\/blouse-bebe-col-fantaisie-2-600x800.jpg 600w, https:\/\/voyagedelabaleine.fr\/wp-content\/uploads\/2025\/02\/blouse-bebe-col-fantaisie-2-225x300.jpg 225w, https:\/\/voyagedelabaleine.fr\/wp-content\/uploads\/2025\/02\/blouse-bebe-col-fantaisie-2-768x1024.jpg 768w, https:\/\/voyagedelabaleine.fr\/wp-content\/uploads\/2025\/02\/blouse-bebe-col-fantaisie-2.jpg 1018w\" sizes=\"(max-width: 600px) 100vw, 600px\" \/><\/a>\t<\/div><!-- .woo-entry-image-swap -->\n\n<\/li><li class=\"title\"><h2><a href=\"https:\/\/voyagedelabaleine.fr\/it\/prodotto\/camicia-bambina-con-colletto-e-bordo-rosso-fantasia-ecru\/\">Camicia bambina con colletto e bordo rosso fantasia &#8211; Ecru<\/a><\/h2><\/li><li class=\"price-wrap\">\n\t<span class=\"price\"><span class=\"woocommerce-Price-amount amount\"><bdi>32<span class=\"woocommerce-Price-currencySymbol\">&euro;<\/span><\/bdi><\/span><\/span>\n<\/li><\/ul><\/div><!-- .product-inner .clr --><\/li>\n<li class=\"entry has-media col span_1_of_3 owp-content-center owp-thumbs-layout-vertical owp-btn-big owp-tabs-layout-vertical circle-sale product type-product post-29478 status-publish instock product_cat-abbigliamento product_cat-blusa-camicia-nascita-ragazza product_cat-pagliaccetto-salopette-nascita product_cat-pagliaccetto-salopette-neonata product_cat-pagliaccetto-salopette-neonati has-post-thumbnail taxable shipping-taxable purchasable product-type-variable has-default-attributes\">\n\t<div class=\"product-inner clr\">\n\t<div class=\"woo-entry-image-swap woo-entry-image clr\">\n\t\t<a href=\"https:\/\/voyagedelabaleine.fr\/it\/prodotto\/salopette-neonata-vichy-con-volant-rosso\/\" class=\"woocommerce-LoopProduct-link\"><img decoding=\"async\" width=\"600\" height=\"800\" src=\"https:\/\/voyagedelabaleine.fr\/wp-content\/uploads\/2024\/09\/salopette-bebe-vichy-rouge-3-600x800.jpg\" class=\"woo-entry-image-main\" alt=\"Salopette neonata vichy con volant &#8211; Rosso\" itemprop=\"image\" srcset=\"https:\/\/voyagedelabaleine.fr\/wp-content\/uploads\/2024\/09\/salopette-bebe-vichy-rouge-3-600x800.jpg 600w, https:\/\/voyagedelabaleine.fr\/wp-content\/uploads\/2024\/09\/salopette-bebe-vichy-rouge-3-225x300.jpg 225w, https:\/\/voyagedelabaleine.fr\/wp-content\/uploads\/2024\/09\/salopette-bebe-vichy-rouge-3-768x1024.jpg 768w, https:\/\/voyagedelabaleine.fr\/wp-content\/uploads\/2024\/09\/salopette-bebe-vichy-rouge-3-1152x1536.jpg 1152w, https:\/\/voyagedelabaleine.fr\/wp-content\/uploads\/2024\/09\/salopette-bebe-vichy-rouge-3.jpg 1200w\" sizes=\"(max-width: 600px) 100vw, 600px\" \/><img decoding=\"async\" width=\"600\" height=\"800\" src=\"https:\/\/voyagedelabaleine.fr\/wp-content\/uploads\/2024\/09\/salopette-bebe-vichy-rouge-2-600x800.jpg\" class=\"woo-entry-image-secondary\" alt=\"Salopette neonata vichy con volant &#8211; Rosso\" itemprop=\"image\" srcset=\"https:\/\/voyagedelabaleine.fr\/wp-content\/uploads\/2024\/09\/salopette-bebe-vichy-rouge-2-600x800.jpg 600w, https:\/\/voyagedelabaleine.fr\/wp-content\/uploads\/2024\/09\/salopette-bebe-vichy-rouge-2-225x300.jpg 225w, https:\/\/voyagedelabaleine.fr\/wp-content\/uploads\/2024\/09\/salopette-bebe-vichy-rouge-2-768x1024.jpg 768w, https:\/\/voyagedelabaleine.fr\/wp-content\/uploads\/2024\/09\/salopette-bebe-vichy-rouge-2.jpg 800w\" sizes=\"(max-width: 600px) 100vw, 600px\" \/><\/a>\t<\/div><!-- .woo-entry-image-swap -->\n\n<ul class=\"woo-entry-inner clr\"><li class=\"image-wrap\">\n\t<div class=\"woo-entry-image-swap woo-entry-image clr\">\n\t\t<a href=\"https:\/\/voyagedelabaleine.fr\/it\/prodotto\/salopette-neonata-vichy-con-volant-rosso\/\" class=\"woocommerce-LoopProduct-link\"><img decoding=\"async\" width=\"600\" height=\"800\" src=\"https:\/\/voyagedelabaleine.fr\/wp-content\/uploads\/2024\/09\/salopette-bebe-vichy-rouge-3-600x800.jpg\" class=\"woo-entry-image-main\" alt=\"Salopette neonata vichy con volant &#8211; Rosso\" itemprop=\"image\" srcset=\"https:\/\/voyagedelabaleine.fr\/wp-content\/uploads\/2024\/09\/salopette-bebe-vichy-rouge-3-600x800.jpg 600w, https:\/\/voyagedelabaleine.fr\/wp-content\/uploads\/2024\/09\/salopette-bebe-vichy-rouge-3-225x300.jpg 225w, https:\/\/voyagedelabaleine.fr\/wp-content\/uploads\/2024\/09\/salopette-bebe-vichy-rouge-3-768x1024.jpg 768w, https:\/\/voyagedelabaleine.fr\/wp-content\/uploads\/2024\/09\/salopette-bebe-vichy-rouge-3-1152x1536.jpg 1152w, https:\/\/voyagedelabaleine.fr\/wp-content\/uploads\/2024\/09\/salopette-bebe-vichy-rouge-3.jpg 1200w\" sizes=\"(max-width: 600px) 100vw, 600px\" \/><img decoding=\"async\" width=\"600\" height=\"800\" src=\"https:\/\/voyagedelabaleine.fr\/wp-content\/uploads\/2024\/09\/salopette-bebe-vichy-rouge-2-600x800.jpg\" class=\"woo-entry-image-secondary\" alt=\"Salopette neonata vichy con volant &#8211; Rosso\" itemprop=\"image\" srcset=\"https:\/\/voyagedelabaleine.fr\/wp-content\/uploads\/2024\/09\/salopette-bebe-vichy-rouge-2-600x800.jpg 600w, https:\/\/voyagedelabaleine.fr\/wp-content\/uploads\/2024\/09\/salopette-bebe-vichy-rouge-2-225x300.jpg 225w, https:\/\/voyagedelabaleine.fr\/wp-content\/uploads\/2024\/09\/salopette-bebe-vichy-rouge-2-768x1024.jpg 768w, https:\/\/voyagedelabaleine.fr\/wp-content\/uploads\/2024\/09\/salopette-bebe-vichy-rouge-2.jpg 800w\" sizes=\"(max-width: 600px) 100vw, 600px\" \/><\/a>\t<\/div><!-- .woo-entry-image-swap -->\n\n<\/li><li class=\"title\"><h2><a href=\"https:\/\/voyagedelabaleine.fr\/it\/prodotto\/salopette-neonata-vichy-con-volant-rosso\/\">Salopette neonata vichy con volant &#8211; Rosso<\/a><\/h2><\/li><li class=\"price-wrap\">\n\t<span class=\"price\"><span class=\"woocommerce-Price-amount amount\"><bdi>42<span class=\"woocommerce-Price-currencySymbol\">&euro;<\/span><\/bdi><\/span><\/span>\n<\/li><\/ul><\/div><!-- .product-inner .clr --><\/li>\n<li class=\"entry has-media col span_1_of_3 owp-content-center owp-thumbs-layout-vertical owp-btn-big owp-tabs-layout-vertical circle-sale product type-product post-34200 status-publish last instock product_cat-calze-collant-neonati-bambini product_cat-calzini-collant-nascita product_cat-calzini-collant-nascita-ragazza product_cat-calzini-collant-nascita-ragazzo-2 product_cat-calzini-collant-bambina product_cat-calzini-collant-bambini product_cat-calzini-collant-bambino product_cat-calzini-collant-neonata product_cat-calzini-collant-neonato has-post-thumbnail taxable shipping-taxable purchasable product-type-variable has-default-attributes\">\n\t<div class=\"product-inner clr\">\n\t<div class=\"woo-entry-image-swap woo-entry-image clr\">\n\t\t<a href=\"https:\/\/voyagedelabaleine.fr\/it\/prodotto\/set-di-2-collant-neonato-a-tinta-unita-crema-rosso\/\" class=\"woocommerce-LoopProduct-link\"><img decoding=\"async\" width=\"600\" height=\"800\" src=\"https:\/\/voyagedelabaleine.fr\/wp-content\/uploads\/2024\/08\/lot-2-collants-unis-creme-rouge-2-600x800.jpg\" class=\"woo-entry-image-main\" alt=\"Set di 2 collant neonato a tinta unita &#8211; Crema\/rosso\" itemprop=\"image\" srcset=\"https:\/\/voyagedelabaleine.fr\/wp-content\/uploads\/2024\/08\/lot-2-collants-unis-creme-rouge-2-600x799.jpg 600w, https:\/\/voyagedelabaleine.fr\/wp-content\/uploads\/2024\/08\/lot-2-collants-unis-creme-rouge-2-225x300.jpg 225w, https:\/\/voyagedelabaleine.fr\/wp-content\/uploads\/2024\/08\/lot-2-collants-unis-creme-rouge-2-768x1023.jpg 768w, https:\/\/voyagedelabaleine.fr\/wp-content\/uploads\/2024\/08\/lot-2-collants-unis-creme-rouge-2-769x1024.jpg 769w, https:\/\/voyagedelabaleine.fr\/wp-content\/uploads\/2024\/08\/lot-2-collants-unis-creme-rouge-2.jpg 864w\" sizes=\"(max-width: 600px) 100vw, 600px\" \/><img decoding=\"async\" width=\"600\" height=\"800\" src=\"https:\/\/voyagedelabaleine.fr\/wp-content\/uploads\/2024\/08\/lot-2-collants-unis-creme-rouge-1-600x800.jpg\" class=\"woo-entry-image-secondary\" alt=\"Set di 2 collant neonato a tinta unita &#8211; Crema\/rosso\" itemprop=\"image\" srcset=\"https:\/\/voyagedelabaleine.fr\/wp-content\/uploads\/2024\/08\/lot-2-collants-unis-creme-rouge-1-600x800.jpg 600w, https:\/\/voyagedelabaleine.fr\/wp-content\/uploads\/2024\/08\/lot-2-collants-unis-creme-rouge-1-225x300.jpg 225w, https:\/\/voyagedelabaleine.fr\/wp-content\/uploads\/2024\/08\/lot-2-collants-unis-creme-rouge-1.jpg 620w\" sizes=\"(max-width: 600px) 100vw, 600px\" \/><\/a>\t<\/div><!-- .woo-entry-image-swap -->\n\n<ul class=\"woo-entry-inner clr\"><li class=\"image-wrap\">\n\t<div class=\"woo-entry-image-swap woo-entry-image clr\">\n\t\t<a href=\"https:\/\/voyagedelabaleine.fr\/it\/prodotto\/set-di-2-collant-neonato-a-tinta-unita-crema-rosso\/\" class=\"woocommerce-LoopProduct-link\"><img decoding=\"async\" width=\"600\" height=\"800\" src=\"https:\/\/voyagedelabaleine.fr\/wp-content\/uploads\/2024\/08\/lot-2-collants-unis-creme-rouge-2-600x800.jpg\" class=\"woo-entry-image-main\" alt=\"Set di 2 collant neonato a tinta unita &#8211; Crema\/rosso\" itemprop=\"image\" srcset=\"https:\/\/voyagedelabaleine.fr\/wp-content\/uploads\/2024\/08\/lot-2-collants-unis-creme-rouge-2-600x799.jpg 600w, https:\/\/voyagedelabaleine.fr\/wp-content\/uploads\/2024\/08\/lot-2-collants-unis-creme-rouge-2-225x300.jpg 225w, https:\/\/voyagedelabaleine.fr\/wp-content\/uploads\/2024\/08\/lot-2-collants-unis-creme-rouge-2-768x1023.jpg 768w, https:\/\/voyagedelabaleine.fr\/wp-content\/uploads\/2024\/08\/lot-2-collants-unis-creme-rouge-2-769x1024.jpg 769w, https:\/\/voyagedelabaleine.fr\/wp-content\/uploads\/2024\/08\/lot-2-collants-unis-creme-rouge-2.jpg 864w\" sizes=\"(max-width: 600px) 100vw, 600px\" \/><img decoding=\"async\" width=\"600\" height=\"800\" src=\"https:\/\/voyagedelabaleine.fr\/wp-content\/uploads\/2024\/08\/lot-2-collants-unis-creme-rouge-1-600x800.jpg\" class=\"woo-entry-image-secondary\" alt=\"Set di 2 collant neonato a tinta unita &#8211; Crema\/rosso\" itemprop=\"image\" srcset=\"https:\/\/voyagedelabaleine.fr\/wp-content\/uploads\/2024\/08\/lot-2-collants-unis-creme-rouge-1-600x800.jpg 600w, https:\/\/voyagedelabaleine.fr\/wp-content\/uploads\/2024\/08\/lot-2-collants-unis-creme-rouge-1-225x300.jpg 225w, https:\/\/voyagedelabaleine.fr\/wp-content\/uploads\/2024\/08\/lot-2-collants-unis-creme-rouge-1.jpg 620w\" sizes=\"(max-width: 600px) 100vw, 600px\" \/><\/a>\t<\/div><!-- .woo-entry-image-swap -->\n\n<\/li><li class=\"title\"><h2><a href=\"https:\/\/voyagedelabaleine.fr\/it\/prodotto\/set-di-2-collant-neonato-a-tinta-unita-crema-rosso\/\">Set di 2 collant neonato a tinta unita &#8211; Crema\/rosso<\/a><\/h2><\/li><li class=\"price-wrap\">\n\t<span class=\"price\"><span class=\"woocommerce-Price-amount amount\"><bdi>27<span class=\"woocommerce-Price-currencySymbol\">&euro;<\/span><\/bdi><\/span><\/span>\n<\/li><\/ul><\/div><!-- .product-inner .clr --><\/li>\n<\/ul>\n<\/div><\/div>\n\t\t\t\t\t\t<\/div>\n\t\t\t\t<\/div>\n\t\t<div class=\"elementor-element elementor-element-7c77f7a e-con-full e-flex e-con e-parent\" data-id=\"7c77f7a\" data-element_type=\"container\" data-e-type=\"container\">\n\t\t\t\t<div class=\"elementor-element elementor-element-19db8ce elementor-widget-divider--separator-type-pattern elementor-widget-divider--view-line elementor-widget elementor-widget-divider\" data-id=\"19db8ce\" data-element_type=\"widget\" data-e-type=\"widget\" data-widget_type=\"divider.default\">\n\t\t\t\t\t\t\t<div class=\"elementor-divider\" style=\"--divider-pattern-url: url(&quot;data:image\/svg+xml,%3Csvg xmlns=&#039;http:\/\/www.w3.org\/2000\/svg&#039; preserveAspectRatio=&#039;none&#039; overflow=&#039;visible&#039; height=&#039;100%&#039; viewBox=&#039;0 0 24 24&#039; fill=&#039;black&#039; stroke=&#039;none&#039;%3E%3Cpath d=&#039;M12.7,2.3c-0.4-0.4-1.1-0.4-1.5,0l-8,9.1c-0.3,0.4-0.3,0.9,0,1.2l8,9.1c0.4,0.4,1.1,0.4,1.5,0l8-9.1c0.3-0.4,0.3-0.9,0-1.2L12.7,2.3z&#039;\/%3E%3C\/svg%3E&quot;);\">\n\t\t\t<span class=\"elementor-divider-separator\">\n\t\t\t\t\t\t<\/span>\n\t\t<\/div>\n\t\t\t\t\t\t<\/div>\n\t\t\t\t<div class=\"elementor-element elementor-element-09dbecd elementor-widget elementor-widget-heading\" data-id=\"09dbecd\" data-element_type=\"widget\" data-e-type=\"widget\" data-widget_type=\"heading.default\">\n\t\t\t\t\t<h2 class=\"elementor-heading-title elementor-size-default\">Sogni blu<\/h2>\t\t\t\t<\/div>\n\t\t\t\t<div class=\"elementor-element elementor-element-e7e3211 elementor-widget elementor-widget-shortcode\" data-id=\"e7e3211\" data-element_type=\"widget\" data-e-type=\"widget\" data-widget_type=\"shortcode.default\">\n\t\t\t\t\t\t\t<div class=\"elementor-shortcode\"><div class=\"woocommerce columns-3 \">\r\n<ul class=\"products oceanwp-row clr grid tablet-col tablet-2-col mobile-col mobile-2-col\">\r\n<li class=\"entry has-media has-rating col span_1_of_3 owp-content-center owp-thumbs-layout-vertical owp-btn-big owp-tabs-layout-vertical circle-sale product type-product post-31229 status-publish first instock product_cat-abbigliamento product_cat-blusa-camicia-nascita product_cat-blusa-camicia-nascita-ragazzo product_cat-blusa-camicia-bambini product_cat-blusa-camicia-bambino product_cat-blusa-camicia-neonati product_cat-blusa-camicia-neonato has-post-thumbnail taxable shipping-taxable purchasable product-type-variable has-default-attributes\">\n\t<div class=\"product-inner clr\">\n\t<div class=\"woo-entry-image-swap woo-entry-image clr\">\n\t\t<a href=\"https:\/\/voyagedelabaleine.fr\/it\/prodotto\/camicia-neonato-a-girocollo-in-garza-di-cotone-bianco\/\" class=\"woocommerce-LoopProduct-link\"><img decoding=\"async\" width=\"600\" height=\"800\" src=\"https:\/\/voyagedelabaleine.fr\/wp-content\/uploads\/2024\/09\/chemise-bebe-col-rond-gaze-de-coton-3-600x800.jpg\" class=\"woo-entry-image-main\" alt=\"Camicia neonato a girocollo in garza di cotone &#8211; Bianco\" itemprop=\"image\" srcset=\"https:\/\/voyagedelabaleine.fr\/wp-content\/uploads\/2024\/09\/chemise-bebe-col-rond-gaze-de-coton-3-600x800.jpg 600w, https:\/\/voyagedelabaleine.fr\/wp-content\/uploads\/2024\/09\/chemise-bebe-col-rond-gaze-de-coton-3-225x300.jpg 225w, https:\/\/voyagedelabaleine.fr\/wp-content\/uploads\/2024\/09\/chemise-bebe-col-rond-gaze-de-coton-3-768x1024.jpg 768w, https:\/\/voyagedelabaleine.fr\/wp-content\/uploads\/2024\/09\/chemise-bebe-col-rond-gaze-de-coton-3.jpg 866w\" sizes=\"(max-width: 600px) 100vw, 600px\" \/><img decoding=\"async\" width=\"600\" height=\"800\" src=\"https:\/\/voyagedelabaleine.fr\/wp-content\/uploads\/2024\/09\/chemise-bebe-col-rond-gaze-de-coton-2-600x800.jpg\" class=\"woo-entry-image-secondary\" alt=\"Camicia neonato a girocollo in garza di cotone &#8211; Bianco\" itemprop=\"image\" srcset=\"https:\/\/voyagedelabaleine.fr\/wp-content\/uploads\/2024\/09\/chemise-bebe-col-rond-gaze-de-coton-2-600x800.jpg 600w, https:\/\/voyagedelabaleine.fr\/wp-content\/uploads\/2024\/09\/chemise-bebe-col-rond-gaze-de-coton-2-224x300.jpg 224w\" sizes=\"(max-width: 600px) 100vw, 600px\" \/><\/a>\t<\/div><!-- .woo-entry-image-swap -->\n\n<ul class=\"woo-entry-inner clr\"><li class=\"image-wrap\">\n\t<div class=\"woo-entry-image-swap woo-entry-image clr\">\n\t\t<a href=\"https:\/\/voyagedelabaleine.fr\/it\/prodotto\/camicia-neonato-a-girocollo-in-garza-di-cotone-bianco\/\" class=\"woocommerce-LoopProduct-link\"><img decoding=\"async\" width=\"600\" height=\"800\" src=\"https:\/\/voyagedelabaleine.fr\/wp-content\/uploads\/2024\/09\/chemise-bebe-col-rond-gaze-de-coton-3-600x800.jpg\" class=\"woo-entry-image-main\" alt=\"Camicia neonato a girocollo in garza di cotone &#8211; Bianco\" itemprop=\"image\" srcset=\"https:\/\/voyagedelabaleine.fr\/wp-content\/uploads\/2024\/09\/chemise-bebe-col-rond-gaze-de-coton-3-600x800.jpg 600w, https:\/\/voyagedelabaleine.fr\/wp-content\/uploads\/2024\/09\/chemise-bebe-col-rond-gaze-de-coton-3-225x300.jpg 225w, https:\/\/voyagedelabaleine.fr\/wp-content\/uploads\/2024\/09\/chemise-bebe-col-rond-gaze-de-coton-3-768x1024.jpg 768w, https:\/\/voyagedelabaleine.fr\/wp-content\/uploads\/2024\/09\/chemise-bebe-col-rond-gaze-de-coton-3.jpg 866w\" sizes=\"(max-width: 600px) 100vw, 600px\" \/><img decoding=\"async\" width=\"600\" height=\"800\" src=\"https:\/\/voyagedelabaleine.fr\/wp-content\/uploads\/2024\/09\/chemise-bebe-col-rond-gaze-de-coton-2-600x800.jpg\" class=\"woo-entry-image-secondary\" alt=\"Camicia neonato a girocollo in garza di cotone &#8211; Bianco\" itemprop=\"image\" srcset=\"https:\/\/voyagedelabaleine.fr\/wp-content\/uploads\/2024\/09\/chemise-bebe-col-rond-gaze-de-coton-2-600x800.jpg 600w, https:\/\/voyagedelabaleine.fr\/wp-content\/uploads\/2024\/09\/chemise-bebe-col-rond-gaze-de-coton-2-224x300.jpg 224w\" sizes=\"(max-width: 600px) 100vw, 600px\" \/><\/a>\t<\/div><!-- .woo-entry-image-swap -->\n\n<\/li><li class=\"title\"><h2><a href=\"https:\/\/voyagedelabaleine.fr\/it\/prodotto\/camicia-neonato-a-girocollo-in-garza-di-cotone-bianco\/\">Camicia neonato a girocollo in garza di cotone &#8211; Bianco<\/a><\/h2><\/li><li class=\"price-wrap\">\n\t<span class=\"price\"><span class=\"woocommerce-Price-amount amount\"><bdi>24<span class=\"woocommerce-Price-currencySymbol\">&euro;<\/span><\/bdi><\/span><\/span>\n<\/li><\/ul><\/div><!-- .product-inner .clr --><\/li>\n<li class=\"entry has-media has-rating col span_1_of_3 owp-content-center owp-thumbs-layout-vertical owp-btn-big owp-tabs-layout-vertical circle-sale product type-product post-29319 status-publish instock product_cat-abbigliamento product_cat-pagliaccetto-salopette-nascita product_cat-pagliaccetto-salopette-nascita-ragazza product_cat-pagliaccetto-salopette-nascita-ragazzo product_cat-pagliaccetto-salopette-neonata product_cat-pagliaccetto-salopette-neonati product_cat-pagliaccetto-salopette-neonato has-post-thumbnail taxable shipping-taxable purchasable product-type-variable has-default-attributes\">\n\t<div class=\"product-inner clr\">\n\t<div class=\"woo-entry-image-swap woo-entry-image clr\">\n\t\t<a href=\"https:\/\/voyagedelabaleine.fr\/it\/prodotto\/salopette-calda-unisex-azzurro-cielo\/\" class=\"woocommerce-LoopProduct-link\"><img decoding=\"async\" width=\"600\" height=\"800\" src=\"https:\/\/voyagedelabaleine.fr\/wp-content\/uploads\/2024\/09\/salopette-bebe-chaude-2-600x800.jpg\" class=\"woo-entry-image-main\" alt=\"Salopette calda unisex &#8211; Azzurro cielo\" itemprop=\"image\" srcset=\"https:\/\/voyagedelabaleine.fr\/wp-content\/uploads\/2024\/09\/salopette-bebe-chaude-2-600x801.jpg 600w, https:\/\/voyagedelabaleine.fr\/wp-content\/uploads\/2024\/09\/salopette-bebe-chaude-2-225x300.jpg 225w, https:\/\/voyagedelabaleine.fr\/wp-content\/uploads\/2024\/09\/salopette-bebe-chaude-2-768x1025.jpg 768w, https:\/\/voyagedelabaleine.fr\/wp-content\/uploads\/2024\/09\/salopette-bebe-chaude-2-1151x1536.jpg 1151w, https:\/\/voyagedelabaleine.fr\/wp-content\/uploads\/2024\/09\/salopette-bebe-chaude-2.jpg 1200w\" sizes=\"(max-width: 600px) 100vw, 600px\" \/><img decoding=\"async\" width=\"600\" height=\"800\" src=\"https:\/\/voyagedelabaleine.fr\/wp-content\/uploads\/2024\/09\/salopette-bebe-chaude-1-600x800.jpg\" class=\"woo-entry-image-secondary\" alt=\"Salopette calda unisex &#8211; Azzurro cielo\" itemprop=\"image\" srcset=\"https:\/\/voyagedelabaleine.fr\/wp-content\/uploads\/2024\/09\/salopette-bebe-chaude-1-600x800.jpg 600w, https:\/\/voyagedelabaleine.fr\/wp-content\/uploads\/2024\/09\/salopette-bebe-chaude-1-225x300.jpg 225w, https:\/\/voyagedelabaleine.fr\/wp-content\/uploads\/2024\/09\/salopette-bebe-chaude-1-768x1023.jpg 768w, https:\/\/voyagedelabaleine.fr\/wp-content\/uploads\/2024\/09\/salopette-bebe-chaude-1-1153x1536.jpg 1153w, https:\/\/voyagedelabaleine.fr\/wp-content\/uploads\/2024\/09\/salopette-bebe-chaude-1.jpg 1215w\" sizes=\"(max-width: 600px) 100vw, 600px\" \/><\/a>\t<\/div><!-- .woo-entry-image-swap -->\n\n<ul class=\"woo-entry-inner clr\"><li class=\"image-wrap\">\n\t<div class=\"woo-entry-image-swap woo-entry-image clr\">\n\t\t<a href=\"https:\/\/voyagedelabaleine.fr\/it\/prodotto\/salopette-calda-unisex-azzurro-cielo\/\" class=\"woocommerce-LoopProduct-link\"><img decoding=\"async\" width=\"600\" height=\"800\" src=\"https:\/\/voyagedelabaleine.fr\/wp-content\/uploads\/2024\/09\/salopette-bebe-chaude-2-600x800.jpg\" class=\"woo-entry-image-main\" alt=\"Salopette calda unisex &#8211; Azzurro cielo\" itemprop=\"image\" srcset=\"https:\/\/voyagedelabaleine.fr\/wp-content\/uploads\/2024\/09\/salopette-bebe-chaude-2-600x801.jpg 600w, https:\/\/voyagedelabaleine.fr\/wp-content\/uploads\/2024\/09\/salopette-bebe-chaude-2-225x300.jpg 225w, https:\/\/voyagedelabaleine.fr\/wp-content\/uploads\/2024\/09\/salopette-bebe-chaude-2-768x1025.jpg 768w, https:\/\/voyagedelabaleine.fr\/wp-content\/uploads\/2024\/09\/salopette-bebe-chaude-2-1151x1536.jpg 1151w, https:\/\/voyagedelabaleine.fr\/wp-content\/uploads\/2024\/09\/salopette-bebe-chaude-2.jpg 1200w\" sizes=\"(max-width: 600px) 100vw, 600px\" \/><img decoding=\"async\" width=\"600\" height=\"800\" src=\"https:\/\/voyagedelabaleine.fr\/wp-content\/uploads\/2024\/09\/salopette-bebe-chaude-1-600x800.jpg\" class=\"woo-entry-image-secondary\" alt=\"Salopette calda unisex &#8211; Azzurro cielo\" itemprop=\"image\" srcset=\"https:\/\/voyagedelabaleine.fr\/wp-content\/uploads\/2024\/09\/salopette-bebe-chaude-1-600x800.jpg 600w, https:\/\/voyagedelabaleine.fr\/wp-content\/uploads\/2024\/09\/salopette-bebe-chaude-1-225x300.jpg 225w, https:\/\/voyagedelabaleine.fr\/wp-content\/uploads\/2024\/09\/salopette-bebe-chaude-1-768x1023.jpg 768w, https:\/\/voyagedelabaleine.fr\/wp-content\/uploads\/2024\/09\/salopette-bebe-chaude-1-1153x1536.jpg 1153w, https:\/\/voyagedelabaleine.fr\/wp-content\/uploads\/2024\/09\/salopette-bebe-chaude-1.jpg 1215w\" sizes=\"(max-width: 600px) 100vw, 600px\" \/><\/a>\t<\/div><!-- .woo-entry-image-swap -->\n\n<\/li><li class=\"title\"><h2><a href=\"https:\/\/voyagedelabaleine.fr\/it\/prodotto\/salopette-calda-unisex-azzurro-cielo\/\">Salopette calda unisex &#8211; Azzurro cielo<\/a><\/h2><\/li><li class=\"price-wrap\">\n\t<span class=\"price\"><span class=\"woocommerce-Price-amount amount\"><bdi>44<span class=\"woocommerce-Price-currencySymbol\">&euro;<\/span><\/bdi><\/span><\/span>\n<\/li><\/ul><\/div><!-- .product-inner .clr --><\/li>\n<li class=\"entry has-media has-rating col span_1_of_3 owp-content-center owp-thumbs-layout-vertical owp-btn-big owp-tabs-layout-vertical circle-sale product type-product post-33949 status-publish last instock product_cat-calze-collant-neonati-bambini product_cat-calzini-collant-nascita product_cat-calzini-collant-nascita-ragazza product_cat-calzini-collant-nascita-ragazzo-2 product_cat-calzini-collant-bambina product_cat-calzini-collant-bambini product_cat-calzini-collant-bambino product_cat-calzini-collant-neonata product_cat-calzini-collant-neonato has-post-thumbnail taxable shipping-taxable purchasable product-type-variable has-default-attributes\">\n\t<div class=\"product-inner clr\">\n\t<div class=\"woo-entry-image-swap woo-entry-image clr\">\n\t\t<a href=\"https:\/\/voyagedelabaleine.fr\/it\/prodotto\/collant-in-lana-merino-grigio\/\" class=\"woocommerce-LoopProduct-link\"><img decoding=\"async\" width=\"600\" height=\"800\" src=\"https:\/\/voyagedelabaleine.fr\/wp-content\/uploads\/2024\/07\/collant-bebe-laine-merinos-gris-1-600x800.jpg\" class=\"woo-entry-image-main\" alt=\"Collant in lana merino &#8211; Grigio\" itemprop=\"image\" srcset=\"https:\/\/voyagedelabaleine.fr\/wp-content\/uploads\/2024\/07\/collant-bebe-laine-merinos-gris-1-600x800.jpg 600w, https:\/\/voyagedelabaleine.fr\/wp-content\/uploads\/2024\/07\/collant-bebe-laine-merinos-gris-1-225x300.jpg 225w, https:\/\/voyagedelabaleine.fr\/wp-content\/uploads\/2024\/07\/collant-bebe-laine-merinos-gris-1-768x1024.jpg 768w, https:\/\/voyagedelabaleine.fr\/wp-content\/uploads\/2024\/07\/collant-bebe-laine-merinos-gris-1.jpg 812w\" sizes=\"(max-width: 600px) 100vw, 600px\" \/><img decoding=\"async\" width=\"409\" height=\"545\" src=\"https:\/\/voyagedelabaleine.fr\/wp-content\/uploads\/2024\/07\/collant-bebe-laine-merinos-gris-2.jpg\" class=\"woo-entry-image-secondary\" alt=\"Collant in lana merino &#8211; Grigio\" itemprop=\"image\" srcset=\"https:\/\/voyagedelabaleine.fr\/wp-content\/uploads\/2024\/07\/collant-bebe-laine-merinos-gris-2.jpg 409w, https:\/\/voyagedelabaleine.fr\/wp-content\/uploads\/2024\/07\/collant-bebe-laine-merinos-gris-2-225x300.jpg 225w\" sizes=\"(max-width: 409px) 100vw, 409px\" \/><\/a>\t<\/div><!-- .woo-entry-image-swap -->\n\n<ul class=\"woo-entry-inner clr\"><li class=\"image-wrap\">\n\t<div class=\"woo-entry-image-swap woo-entry-image clr\">\n\t\t<a href=\"https:\/\/voyagedelabaleine.fr\/it\/prodotto\/collant-in-lana-merino-grigio\/\" class=\"woocommerce-LoopProduct-link\"><img decoding=\"async\" width=\"600\" height=\"800\" src=\"https:\/\/voyagedelabaleine.fr\/wp-content\/uploads\/2024\/07\/collant-bebe-laine-merinos-gris-1-600x800.jpg\" class=\"woo-entry-image-main\" alt=\"Collant in lana merino &#8211; Grigio\" itemprop=\"image\" srcset=\"https:\/\/voyagedelabaleine.fr\/wp-content\/uploads\/2024\/07\/collant-bebe-laine-merinos-gris-1-600x800.jpg 600w, https:\/\/voyagedelabaleine.fr\/wp-content\/uploads\/2024\/07\/collant-bebe-laine-merinos-gris-1-225x300.jpg 225w, https:\/\/voyagedelabaleine.fr\/wp-content\/uploads\/2024\/07\/collant-bebe-laine-merinos-gris-1-768x1024.jpg 768w, https:\/\/voyagedelabaleine.fr\/wp-content\/uploads\/2024\/07\/collant-bebe-laine-merinos-gris-1.jpg 812w\" sizes=\"(max-width: 600px) 100vw, 600px\" \/><img decoding=\"async\" width=\"409\" height=\"545\" src=\"https:\/\/voyagedelabaleine.fr\/wp-content\/uploads\/2024\/07\/collant-bebe-laine-merinos-gris-2.jpg\" class=\"woo-entry-image-secondary\" alt=\"Collant in lana merino &#8211; Grigio\" itemprop=\"image\" srcset=\"https:\/\/voyagedelabaleine.fr\/wp-content\/uploads\/2024\/07\/collant-bebe-laine-merinos-gris-2.jpg 409w, https:\/\/voyagedelabaleine.fr\/wp-content\/uploads\/2024\/07\/collant-bebe-laine-merinos-gris-2-225x300.jpg 225w\" sizes=\"(max-width: 409px) 100vw, 409px\" \/><\/a>\t<\/div><!-- .woo-entry-image-swap -->\n\n<\/li><li class=\"title\"><h2><a href=\"https:\/\/voyagedelabaleine.fr\/it\/prodotto\/collant-in-lana-merino-grigio\/\">Collant in lana merino &#8211; Grigio<\/a><\/h2><\/li><li class=\"price-wrap\">\n\t<span class=\"price\"><span class=\"woocommerce-Price-amount amount\"><bdi>16<span class=\"woocommerce-Price-currencySymbol\">&euro;<\/span><\/bdi><\/span><\/span>\n<\/li><\/ul><\/div><!-- .product-inner .clr --><\/li>\n<\/ul>\n<\/div><\/div>\n\t\t\t\t\t\t<\/div>\n\t\t\t\t<\/div>\n\t\t<div class=\"elementor-element elementor-element-76c8625 e-con-full e-flex e-con e-parent\" data-id=\"76c8625\" data-element_type=\"container\" data-e-type=\"container\">\n\t\t\t\t<div class=\"elementor-element elementor-element-afa951f elementor-widget-divider--separator-type-pattern elementor-widget-divider--view-line elementor-widget elementor-widget-divider\" data-id=\"afa951f\" data-element_type=\"widget\" data-e-type=\"widget\" data-widget_type=\"divider.default\">\n\t\t\t\t\t\t\t<div class=\"elementor-divider\" style=\"--divider-pattern-url: url(&quot;data:image\/svg+xml,%3Csvg xmlns=&#039;http:\/\/www.w3.org\/2000\/svg&#039; preserveAspectRatio=&#039;none&#039; overflow=&#039;visible&#039; height=&#039;100%&#039; viewBox=&#039;0 0 24 24&#039; fill=&#039;black&#039; stroke=&#039;none&#039;%3E%3Cpath d=&#039;M12.7,2.3c-0.4-0.4-1.1-0.4-1.5,0l-8,9.1c-0.3,0.4-0.3,0.9,0,1.2l8,9.1c0.4,0.4,1.1,0.4,1.5,0l8-9.1c0.3-0.4,0.3-0.9,0-1.2L12.7,2.3z&#039;\/%3E%3C\/svg%3E&quot;);\">\n\t\t\t<span class=\"elementor-divider-separator\">\n\t\t\t\t\t\t<\/span>\n\t\t<\/div>\n\t\t\t\t\t\t<\/div>\n\t\t\t\t<div class=\"elementor-element elementor-element-ba526ec elementor-widget elementor-widget-heading\" data-id=\"ba526ec\" data-element_type=\"widget\" data-e-type=\"widget\" data-widget_type=\"heading.default\">\n\t\t\t\t\t<h2 class=\"elementor-heading-title elementor-size-default\">Eleganza fiorita<\/h2>\t\t\t\t<\/div>\n\t\t\t\t<div class=\"elementor-element elementor-element-a657158 elementor-widget elementor-widget-shortcode\" data-id=\"a657158\" data-element_type=\"widget\" data-e-type=\"widget\" data-widget_type=\"shortcode.default\">\n\t\t\t\t\t\t\t<div class=\"elementor-shortcode\"><div class=\"woocommerce columns-3 \">\r\n<ul class=\"products oceanwp-row clr grid tablet-col tablet-2-col mobile-col mobile-2-col\">\r\n<li class=\"entry has-media has-rating col span_1_of_3 owp-content-center owp-thumbs-layout-vertical owp-btn-big owp-tabs-layout-vertical circle-sale product type-product post-33623 status-publish first instock product_cat-abbigliamento product_cat-bambina product_cat-neonata product_cat-vestito-bambina product_cat-vestito-neonata has-post-thumbnail taxable shipping-taxable purchasable product-type-variable has-default-attributes\">\n\t<div class=\"product-inner clr\">\n\t<div class=\"woo-entry-image-swap woo-entry-image clr\">\n\t\t<a href=\"https:\/\/voyagedelabaleine.fr\/it\/prodotto\/vestito-bambina-a-fiori-in-cotone-caldo-e-bloomer-abbinato\/\" class=\"woocommerce-LoopProduct-link\"><img decoding=\"async\" width=\"600\" height=\"800\" src=\"https:\/\/voyagedelabaleine.fr\/wp-content\/uploads\/2025\/02\/robe-bebe-fleurs-1-600x800.jpg\" class=\"woo-entry-image-main\" alt=\"Vestito bambina a fiori in cotone caldo e bloomer abbinato\" itemprop=\"image\" srcset=\"https:\/\/voyagedelabaleine.fr\/wp-content\/uploads\/2025\/02\/robe-bebe-fleurs-1-600x800.jpg 600w, https:\/\/voyagedelabaleine.fr\/wp-content\/uploads\/2025\/02\/robe-bebe-fleurs-1-225x300.jpg 225w, https:\/\/voyagedelabaleine.fr\/wp-content\/uploads\/2025\/02\/robe-bebe-fleurs-1-768x1024.jpg 768w, https:\/\/voyagedelabaleine.fr\/wp-content\/uploads\/2025\/02\/robe-bebe-fleurs-1-1152x1536.jpg 1152w, https:\/\/voyagedelabaleine.fr\/wp-content\/uploads\/2025\/02\/robe-bebe-fleurs-1.jpg 1200w\" sizes=\"(max-width: 600px) 100vw, 600px\" \/><img decoding=\"async\" width=\"600\" height=\"800\" src=\"https:\/\/voyagedelabaleine.fr\/wp-content\/uploads\/2024\/04\/robe-bebe-fleurs-2-600x800.jpg\" class=\"woo-entry-image-secondary\" alt=\"Vestito bambina a fiori in cotone caldo e bloomer abbinato\" itemprop=\"image\" srcset=\"https:\/\/voyagedelabaleine.fr\/wp-content\/uploads\/2024\/04\/robe-bebe-fleurs-2-600x800.jpg 600w, https:\/\/voyagedelabaleine.fr\/wp-content\/uploads\/2024\/04\/robe-bebe-fleurs-2-225x300.jpg 225w, https:\/\/voyagedelabaleine.fr\/wp-content\/uploads\/2024\/04\/robe-bebe-fleurs-2-768x1024.jpg 768w, https:\/\/voyagedelabaleine.fr\/wp-content\/uploads\/2024\/04\/robe-bebe-fleurs-2.jpg 902w\" sizes=\"(max-width: 600px) 100vw, 600px\" \/><\/a>\t<\/div><!-- .woo-entry-image-swap -->\n\n<ul class=\"woo-entry-inner clr\"><li class=\"image-wrap\">\n\t<div class=\"woo-entry-image-swap woo-entry-image clr\">\n\t\t<a href=\"https:\/\/voyagedelabaleine.fr\/it\/prodotto\/vestito-bambina-a-fiori-in-cotone-caldo-e-bloomer-abbinato\/\" class=\"woocommerce-LoopProduct-link\"><img decoding=\"async\" width=\"600\" height=\"800\" src=\"https:\/\/voyagedelabaleine.fr\/wp-content\/uploads\/2025\/02\/robe-bebe-fleurs-1-600x800.jpg\" class=\"woo-entry-image-main\" alt=\"Vestito bambina a fiori in cotone caldo e bloomer abbinato\" itemprop=\"image\" srcset=\"https:\/\/voyagedelabaleine.fr\/wp-content\/uploads\/2025\/02\/robe-bebe-fleurs-1-600x800.jpg 600w, https:\/\/voyagedelabaleine.fr\/wp-content\/uploads\/2025\/02\/robe-bebe-fleurs-1-225x300.jpg 225w, https:\/\/voyagedelabaleine.fr\/wp-content\/uploads\/2025\/02\/robe-bebe-fleurs-1-768x1024.jpg 768w, https:\/\/voyagedelabaleine.fr\/wp-content\/uploads\/2025\/02\/robe-bebe-fleurs-1-1152x1536.jpg 1152w, https:\/\/voyagedelabaleine.fr\/wp-content\/uploads\/2025\/02\/robe-bebe-fleurs-1.jpg 1200w\" sizes=\"(max-width: 600px) 100vw, 600px\" \/><img decoding=\"async\" width=\"600\" height=\"800\" src=\"https:\/\/voyagedelabaleine.fr\/wp-content\/uploads\/2024\/04\/robe-bebe-fleurs-2-600x800.jpg\" class=\"woo-entry-image-secondary\" alt=\"Vestito bambina a fiori in cotone caldo e bloomer abbinato\" itemprop=\"image\" srcset=\"https:\/\/voyagedelabaleine.fr\/wp-content\/uploads\/2024\/04\/robe-bebe-fleurs-2-600x800.jpg 600w, https:\/\/voyagedelabaleine.fr\/wp-content\/uploads\/2024\/04\/robe-bebe-fleurs-2-225x300.jpg 225w, https:\/\/voyagedelabaleine.fr\/wp-content\/uploads\/2024\/04\/robe-bebe-fleurs-2-768x1024.jpg 768w, https:\/\/voyagedelabaleine.fr\/wp-content\/uploads\/2024\/04\/robe-bebe-fleurs-2.jpg 902w\" sizes=\"(max-width: 600px) 100vw, 600px\" \/><\/a>\t<\/div><!-- .woo-entry-image-swap -->\n\n<\/li><li class=\"title\"><h2><a href=\"https:\/\/voyagedelabaleine.fr\/it\/prodotto\/vestito-bambina-a-fiori-in-cotone-caldo-e-bloomer-abbinato\/\">Vestito bambina a fiori in cotone caldo e bloomer abbinato<\/a><\/h2><\/li><li class=\"price-wrap\">\n\t<span class=\"price\"><span class=\"woocommerce-Price-amount amount\"><bdi>62<span class=\"woocommerce-Price-currencySymbol\">&euro;<\/span><\/bdi><\/span><\/span>\n<\/li><\/ul><\/div><!-- .product-inner .clr --><\/li>\n<li class=\"entry has-media has-rating col span_1_of_3 owp-content-center owp-thumbs-layout-vertical owp-btn-big owp-tabs-layout-vertical circle-sale product type-product post-32118 status-publish instock product_cat-abbigliamento product_cat-maglione-gilet-cardigan-nascita product_cat-maglione-gilet-cardigan-nascita-ragazza product_cat-maglione-gilet-cardigan-bambina product_cat-maglione-gilet-cardigan-bambini product_cat-maglione-gilet-cardigan-neonata product_cat-maglione-gilet-cardigan-neonati product_cat-ultima-occasione has-post-thumbnail taxable shipping-taxable purchasable product-type-variable has-default-attributes\">\n\t<div class=\"product-inner clr\">\n\t<div class=\"woo-entry-image-swap woo-entry-image clr\">\n\t\t<a href=\"https:\/\/voyagedelabaleine.fr\/it\/prodotto\/cardigan-bambina-a-punto-legaccio-rosa\/\" class=\"woocommerce-LoopProduct-link\"><img decoding=\"async\" width=\"600\" height=\"800\" src=\"https:\/\/voyagedelabaleine.fr\/wp-content\/uploads\/2025\/01\/giler-bebe-rose-600x800.jpg\" class=\"woo-entry-image-main\" alt=\"Cardigan bambina a punto legaccio &#8211; Rosa\" itemprop=\"image\" srcset=\"https:\/\/voyagedelabaleine.fr\/wp-content\/uploads\/2025\/01\/giler-bebe-rose-600x800.jpg 600w, https:\/\/voyagedelabaleine.fr\/wp-content\/uploads\/2025\/01\/giler-bebe-rose-225x300.jpg 225w, https:\/\/voyagedelabaleine.fr\/wp-content\/uploads\/2025\/01\/giler-bebe-rose-768x1024.jpg 768w, https:\/\/voyagedelabaleine.fr\/wp-content\/uploads\/2025\/01\/giler-bebe-rose.jpg 1143w\" sizes=\"(max-width: 600px) 100vw, 600px\" \/><img decoding=\"async\" width=\"600\" height=\"800\" src=\"https:\/\/voyagedelabaleine.fr\/wp-content\/uploads\/2024\/09\/gilet-bebe-rose-1-600x800.jpg\" class=\"woo-entry-image-secondary\" alt=\"Cardigan bambina a punto legaccio &#8211; Rosa\" itemprop=\"image\" srcset=\"https:\/\/voyagedelabaleine.fr\/wp-content\/uploads\/2024\/09\/gilet-bebe-rose-1-600x800.jpg 600w, https:\/\/voyagedelabaleine.fr\/wp-content\/uploads\/2024\/09\/gilet-bebe-rose-1-225x300.jpg 225w, https:\/\/voyagedelabaleine.fr\/wp-content\/uploads\/2024\/09\/gilet-bebe-rose-1-768x1024.jpg 768w, https:\/\/voyagedelabaleine.fr\/wp-content\/uploads\/2024\/09\/gilet-bebe-rose-1.jpg 1000w\" sizes=\"(max-width: 600px) 100vw, 600px\" \/><\/a>\t<\/div><!-- .woo-entry-image-swap -->\n\n<ul class=\"woo-entry-inner clr\"><li class=\"image-wrap\">\n\t<div class=\"woo-entry-image-swap woo-entry-image clr\">\n\t\t<a href=\"https:\/\/voyagedelabaleine.fr\/it\/prodotto\/cardigan-bambina-a-punto-legaccio-rosa\/\" class=\"woocommerce-LoopProduct-link\"><img decoding=\"async\" width=\"600\" height=\"800\" src=\"https:\/\/voyagedelabaleine.fr\/wp-content\/uploads\/2025\/01\/giler-bebe-rose-600x800.jpg\" class=\"woo-entry-image-main\" alt=\"Cardigan bambina a punto legaccio &#8211; Rosa\" itemprop=\"image\" srcset=\"https:\/\/voyagedelabaleine.fr\/wp-content\/uploads\/2025\/01\/giler-bebe-rose-600x800.jpg 600w, https:\/\/voyagedelabaleine.fr\/wp-content\/uploads\/2025\/01\/giler-bebe-rose-225x300.jpg 225w, https:\/\/voyagedelabaleine.fr\/wp-content\/uploads\/2025\/01\/giler-bebe-rose-768x1024.jpg 768w, https:\/\/voyagedelabaleine.fr\/wp-content\/uploads\/2025\/01\/giler-bebe-rose.jpg 1143w\" sizes=\"(max-width: 600px) 100vw, 600px\" \/><img decoding=\"async\" width=\"600\" height=\"800\" src=\"https:\/\/voyagedelabaleine.fr\/wp-content\/uploads\/2024\/09\/gilet-bebe-rose-1-600x800.jpg\" class=\"woo-entry-image-secondary\" alt=\"Cardigan bambina a punto legaccio &#8211; Rosa\" itemprop=\"image\" srcset=\"https:\/\/voyagedelabaleine.fr\/wp-content\/uploads\/2024\/09\/gilet-bebe-rose-1-600x800.jpg 600w, https:\/\/voyagedelabaleine.fr\/wp-content\/uploads\/2024\/09\/gilet-bebe-rose-1-225x300.jpg 225w, https:\/\/voyagedelabaleine.fr\/wp-content\/uploads\/2024\/09\/gilet-bebe-rose-1-768x1024.jpg 768w, https:\/\/voyagedelabaleine.fr\/wp-content\/uploads\/2024\/09\/gilet-bebe-rose-1.jpg 1000w\" sizes=\"(max-width: 600px) 100vw, 600px\" \/><\/a>\t<\/div><!-- .woo-entry-image-swap -->\n\n<\/li><li class=\"title\"><h2><a href=\"https:\/\/voyagedelabaleine.fr\/it\/prodotto\/cardigan-bambina-a-punto-legaccio-rosa\/\">Cardigan bambina a punto legaccio &#8211; Rosa<\/a><\/h2><\/li><li class=\"price-wrap\">\n\t<span class=\"price\"><span class=\"woocommerce-Price-amount amount\"><bdi>38<span class=\"woocommerce-Price-currencySymbol\">&euro;<\/span><\/bdi><\/span><\/span>\n<\/li><\/ul><\/div><!-- .product-inner .clr --><\/li>\n<li class=\"entry has-media has-rating col span_1_of_3 owp-content-center owp-thumbs-layout-vertical owp-btn-big owp-tabs-layout-vertical circle-sale product type-product post-33457 status-publish last instock product_cat-calze-collant-neonati-bambini product_cat-calzini-collant-nascita product_cat-calzini-collant-nascita-ragazza product_cat-calzini-collant-nascita-ragazzo-2 product_cat-calzini-collant-bambina product_cat-calzini-collant-bambini product_cat-calzini-collant-bambino product_cat-calzini-collant-neonata product_cat-calzini-collant-neonato product_tag-collant has-post-thumbnail taxable shipping-taxable purchasable product-type-variable has-default-attributes\">\n\t<div class=\"product-inner clr\">\n\t<div class=\"woo-entry-image-swap woo-entry-image clr\">\n\t\t<a href=\"https:\/\/voyagedelabaleine.fr\/it\/prodotto\/collant-neonato-tinta-unita-crema\/\" class=\"woocommerce-LoopProduct-link\"><img decoding=\"async\" width=\"600\" height=\"800\" src=\"https:\/\/voyagedelabaleine.fr\/wp-content\/uploads\/2024\/09\/collant-bebe-uni-creme-1-1-600x800.jpg\" class=\"woo-entry-image-main\" alt=\"Collant neonato tinta unita &#8211; Crema\" itemprop=\"image\" srcset=\"https:\/\/voyagedelabaleine.fr\/wp-content\/uploads\/2024\/09\/collant-bebe-uni-creme-1-1-600x800.jpg 600w, https:\/\/voyagedelabaleine.fr\/wp-content\/uploads\/2024\/09\/collant-bebe-uni-creme-1-1-225x300.jpg 225w, https:\/\/voyagedelabaleine.fr\/wp-content\/uploads\/2024\/09\/collant-bebe-uni-creme-1-1-768x1024.jpg 768w, https:\/\/voyagedelabaleine.fr\/wp-content\/uploads\/2024\/09\/collant-bebe-uni-creme-1-1.jpg 855w\" sizes=\"(max-width: 600px) 100vw, 600px\" \/><img decoding=\"async\" width=\"600\" height=\"800\" src=\"https:\/\/voyagedelabaleine.fr\/wp-content\/uploads\/2024\/09\/collant-bebe-uni-creme-2-1-600x800.jpg\" class=\"woo-entry-image-secondary\" alt=\"Collant neonato tinta unita &#8211; Crema\" itemprop=\"image\" srcset=\"https:\/\/voyagedelabaleine.fr\/wp-content\/uploads\/2024\/09\/collant-bebe-uni-creme-2-1-600x800.jpg 600w, https:\/\/voyagedelabaleine.fr\/wp-content\/uploads\/2024\/09\/collant-bebe-uni-creme-2-1-225x300.jpg 225w, https:\/\/voyagedelabaleine.fr\/wp-content\/uploads\/2024\/09\/collant-bebe-uni-creme-2-1-768x1024.jpg 768w, https:\/\/voyagedelabaleine.fr\/wp-content\/uploads\/2024\/09\/collant-bebe-uni-creme-2-1.jpg 855w\" sizes=\"(max-width: 600px) 100vw, 600px\" \/><\/a>\t<\/div><!-- .woo-entry-image-swap -->\n\n<ul class=\"woo-entry-inner clr\"><li class=\"image-wrap\">\n\t<div class=\"woo-entry-image-swap woo-entry-image clr\">\n\t\t<a href=\"https:\/\/voyagedelabaleine.fr\/it\/prodotto\/collant-neonato-tinta-unita-crema\/\" class=\"woocommerce-LoopProduct-link\"><img decoding=\"async\" width=\"600\" height=\"800\" src=\"https:\/\/voyagedelabaleine.fr\/wp-content\/uploads\/2024\/09\/collant-bebe-uni-creme-1-1-600x800.jpg\" class=\"woo-entry-image-main\" alt=\"Collant neonato tinta unita &#8211; Crema\" itemprop=\"image\" srcset=\"https:\/\/voyagedelabaleine.fr\/wp-content\/uploads\/2024\/09\/collant-bebe-uni-creme-1-1-600x800.jpg 600w, https:\/\/voyagedelabaleine.fr\/wp-content\/uploads\/2024\/09\/collant-bebe-uni-creme-1-1-225x300.jpg 225w, https:\/\/voyagedelabaleine.fr\/wp-content\/uploads\/2024\/09\/collant-bebe-uni-creme-1-1-768x1024.jpg 768w, https:\/\/voyagedelabaleine.fr\/wp-content\/uploads\/2024\/09\/collant-bebe-uni-creme-1-1.jpg 855w\" sizes=\"(max-width: 600px) 100vw, 600px\" \/><img decoding=\"async\" width=\"600\" height=\"800\" src=\"https:\/\/voyagedelabaleine.fr\/wp-content\/uploads\/2024\/09\/collant-bebe-uni-creme-2-1-600x800.jpg\" class=\"woo-entry-image-secondary\" alt=\"Collant neonato tinta unita &#8211; Crema\" itemprop=\"image\" srcset=\"https:\/\/voyagedelabaleine.fr\/wp-content\/uploads\/2024\/09\/collant-bebe-uni-creme-2-1-600x800.jpg 600w, https:\/\/voyagedelabaleine.fr\/wp-content\/uploads\/2024\/09\/collant-bebe-uni-creme-2-1-225x300.jpg 225w, https:\/\/voyagedelabaleine.fr\/wp-content\/uploads\/2024\/09\/collant-bebe-uni-creme-2-1-768x1024.jpg 768w, https:\/\/voyagedelabaleine.fr\/wp-content\/uploads\/2024\/09\/collant-bebe-uni-creme-2-1.jpg 855w\" sizes=\"(max-width: 600px) 100vw, 600px\" \/><\/a>\t<\/div><!-- .woo-entry-image-swap -->\n\n<\/li><li class=\"title\"><h2><a href=\"https:\/\/voyagedelabaleine.fr\/it\/prodotto\/collant-neonato-tinta-unita-crema\/\">Collant neonato tinta unita &#8211; Crema<\/a><\/h2><\/li><li class=\"price-wrap\">\n\t<span class=\"price\"><span class=\"woocommerce-Price-amount amount\"><bdi>14<span class=\"woocommerce-Price-currencySymbol\">&euro;<\/span><\/bdi><\/span><\/span>\n<\/li><\/ul><\/div><!-- .product-inner .clr --><\/li>\n<\/ul>\n<\/div><\/div>\n\t\t\t\t\t\t<\/div>\n\t\t\t\t<\/div>\n\t\t<div class=\"elementor-element elementor-element-bbd588e e-con-full e-flex e-con e-parent\" data-id=\"bbd588e\" data-element_type=\"container\" data-e-type=\"container\">\n\t\t\t\t<div class=\"elementor-element elementor-element-faf9077 elementor-widget-divider--separator-type-pattern elementor-widget-divider--view-line elementor-widget elementor-widget-divider\" data-id=\"faf9077\" data-element_type=\"widget\" data-e-type=\"widget\" data-widget_type=\"divider.default\">\n\t\t\t\t\t\t\t<div class=\"elementor-divider\" style=\"--divider-pattern-url: url(&quot;data:image\/svg+xml,%3Csvg xmlns=&#039;http:\/\/www.w3.org\/2000\/svg&#039; preserveAspectRatio=&#039;none&#039; overflow=&#039;visible&#039; height=&#039;100%&#039; viewBox=&#039;0 0 24 24&#039; fill=&#039;black&#039; stroke=&#039;none&#039;%3E%3Cpath d=&#039;M12.7,2.3c-0.4-0.4-1.1-0.4-1.5,0l-8,9.1c-0.3,0.4-0.3,0.9,0,1.2l8,9.1c0.4,0.4,1.1,0.4,1.5,0l8-9.1c0.3-0.4,0.3-0.9,0-1.2L12.7,2.3z&#039;\/%3E%3C\/svg%3E&quot;);\">\n\t\t\t<span class=\"elementor-divider-separator\">\n\t\t\t\t\t\t<\/span>\n\t\t<\/div>\n\t\t\t\t\t\t<\/div>\n\t\t\t\t<div class=\"elementor-element elementor-element-603b2e4 elementor-widget elementor-widget-heading\" data-id=\"603b2e4\" data-element_type=\"widget\" data-e-type=\"widget\" data-widget_type=\"heading.default\">\n\t\t\t\t\t<h2 class=\"elementor-heading-title elementor-size-default\">Fascino d'altri tempi<\/h2>\t\t\t\t<\/div>\n\t\t\t\t<div class=\"elementor-element elementor-element-d4b46f3 elementor-widget elementor-widget-shortcode\" data-id=\"d4b46f3\" data-element_type=\"widget\" data-e-type=\"widget\" data-widget_type=\"shortcode.default\">\n\t\t\t\t\t\t\t<div class=\"elementor-shortcode\"><div class=\"woocommerce columns-3 \">\r\n<ul class=\"products oceanwp-row clr grid tablet-col tablet-2-col mobile-col mobile-2-col\">\r\n<li class=\"entry has-media col span_1_of_3 owp-content-center owp-thumbs-layout-vertical owp-btn-big owp-tabs-layout-vertical circle-sale product type-product post-32403 status-publish first instock product_cat-abbigliamento product_cat-maglione-gilet-cardigan-nascita product_cat-maglione-gilet-cardigan-nascita-ragazza product_cat-maglione-gilet-cardigan-nascita-ragazzo product_cat-maglione-gilet-cardigan-bambina product_cat-maglione-gilet-cardigan-bambini product_cat-maglione-gilet-cardigan-bambino product_cat-maglione-gilet-cardigan-neonata product_cat-maglione-gilet-cardigan-neonati product_cat-maglione-gilet-cardigan-neonato product_cat-ultima-occasione has-post-thumbnail taxable shipping-taxable purchasable product-type-variable has-default-attributes\">\n\t<div class=\"product-inner clr\">\n\t<div class=\"woo-entry-image-swap woo-entry-image clr\">\n\t\t<a href=\"https:\/\/voyagedelabaleine.fr\/it\/prodotto\/cardigan-per-neonata-a-punto-legaccio-verde-pallido\/\" class=\"woocommerce-LoopProduct-link\"><img decoding=\"async\" width=\"600\" height=\"800\" src=\"https:\/\/voyagedelabaleine.fr\/wp-content\/uploads\/2025\/01\/gilet-bebe-vert-clair-600x800.jpg\" class=\"woo-entry-image-main\" alt=\"Cardigan per neonata a punto legaccio &#8211; Verde pallido\" itemprop=\"image\" srcset=\"https:\/\/voyagedelabaleine.fr\/wp-content\/uploads\/2025\/01\/gilet-bebe-vert-clair-600x800.jpg 600w, https:\/\/voyagedelabaleine.fr\/wp-content\/uploads\/2025\/01\/gilet-bebe-vert-clair-225x300.jpg 225w, https:\/\/voyagedelabaleine.fr\/wp-content\/uploads\/2025\/01\/gilet-bebe-vert-clair-768x1024.jpg 768w, https:\/\/voyagedelabaleine.fr\/wp-content\/uploads\/2025\/01\/gilet-bebe-vert-clair.jpg 855w\" sizes=\"(max-width: 600px) 100vw, 600px\" \/><img decoding=\"async\" width=\"600\" height=\"800\" src=\"https:\/\/voyagedelabaleine.fr\/wp-content\/uploads\/2025\/01\/gilet-bebe-vert-pale-2-600x800.jpg\" class=\"woo-entry-image-secondary\" alt=\"Cardigan per neonata a punto legaccio &#8211; Verde pallido\" itemprop=\"image\" srcset=\"https:\/\/voyagedelabaleine.fr\/wp-content\/uploads\/2025\/01\/gilet-bebe-vert-pale-2-600x799.jpg 600w, https:\/\/voyagedelabaleine.fr\/wp-content\/uploads\/2025\/01\/gilet-bebe-vert-pale-2-225x300.jpg 225w, https:\/\/voyagedelabaleine.fr\/wp-content\/uploads\/2025\/01\/gilet-bebe-vert-pale-2-769x1024.jpg 769w, https:\/\/voyagedelabaleine.fr\/wp-content\/uploads\/2025\/01\/gilet-bebe-vert-pale-2-768x1023.jpg 768w, https:\/\/voyagedelabaleine.fr\/wp-content\/uploads\/2025\/01\/gilet-bebe-vert-pale-2.jpg 900w\" sizes=\"(max-width: 600px) 100vw, 600px\" \/><\/a>\t<\/div><!-- .woo-entry-image-swap -->\n\n<ul class=\"woo-entry-inner clr\"><li class=\"image-wrap\">\n\t<div class=\"woo-entry-image-swap woo-entry-image clr\">\n\t\t<a href=\"https:\/\/voyagedelabaleine.fr\/it\/prodotto\/cardigan-per-neonata-a-punto-legaccio-verde-pallido\/\" class=\"woocommerce-LoopProduct-link\"><img decoding=\"async\" width=\"600\" height=\"800\" src=\"https:\/\/voyagedelabaleine.fr\/wp-content\/uploads\/2025\/01\/gilet-bebe-vert-clair-600x800.jpg\" class=\"woo-entry-image-main\" alt=\"Cardigan per neonata a punto legaccio &#8211; Verde pallido\" itemprop=\"image\" srcset=\"https:\/\/voyagedelabaleine.fr\/wp-content\/uploads\/2025\/01\/gilet-bebe-vert-clair-600x800.jpg 600w, https:\/\/voyagedelabaleine.fr\/wp-content\/uploads\/2025\/01\/gilet-bebe-vert-clair-225x300.jpg 225w, https:\/\/voyagedelabaleine.fr\/wp-content\/uploads\/2025\/01\/gilet-bebe-vert-clair-768x1024.jpg 768w, https:\/\/voyagedelabaleine.fr\/wp-content\/uploads\/2025\/01\/gilet-bebe-vert-clair.jpg 855w\" sizes=\"(max-width: 600px) 100vw, 600px\" \/><img decoding=\"async\" width=\"600\" height=\"800\" src=\"https:\/\/voyagedelabaleine.fr\/wp-content\/uploads\/2025\/01\/gilet-bebe-vert-pale-2-600x800.jpg\" class=\"woo-entry-image-secondary\" alt=\"Cardigan per neonata a punto legaccio &#8211; Verde pallido\" itemprop=\"image\" srcset=\"https:\/\/voyagedelabaleine.fr\/wp-content\/uploads\/2025\/01\/gilet-bebe-vert-pale-2-600x799.jpg 600w, https:\/\/voyagedelabaleine.fr\/wp-content\/uploads\/2025\/01\/gilet-bebe-vert-pale-2-225x300.jpg 225w, https:\/\/voyagedelabaleine.fr\/wp-content\/uploads\/2025\/01\/gilet-bebe-vert-pale-2-769x1024.jpg 769w, https:\/\/voyagedelabaleine.fr\/wp-content\/uploads\/2025\/01\/gilet-bebe-vert-pale-2-768x1023.jpg 768w, https:\/\/voyagedelabaleine.fr\/wp-content\/uploads\/2025\/01\/gilet-bebe-vert-pale-2.jpg 900w\" sizes=\"(max-width: 600px) 100vw, 600px\" \/><\/a>\t<\/div><!-- .woo-entry-image-swap -->\n\n<\/li><li class=\"title\"><h2><a href=\"https:\/\/voyagedelabaleine.fr\/it\/prodotto\/cardigan-per-neonata-a-punto-legaccio-verde-pallido\/\">Cardigan per neonata a punto legaccio &#8211; Verde pallido<\/a><\/h2><\/li><li class=\"price-wrap\">\n\t<span class=\"price\"><span class=\"woocommerce-Price-amount amount\"><bdi>38<span class=\"woocommerce-Price-currencySymbol\">&euro;<\/span><\/bdi><\/span><\/span>\n<\/li><\/ul><\/div><!-- .product-inner .clr --><\/li>\n<li class=\"entry has-media col span_1_of_3 owp-content-center owp-thumbs-layout-vertical owp-btn-big owp-tabs-layout-vertical circle-sale product type-product post-32389 status-publish outofstock product_cat-accessori-nascita-ragazza product_cat-accessori-bambina product_cat-accessori-bambini product_cat-accessori-nascita product_cat-accessori-neonata product_cat-accessori-neonati product_cat-ultima-occasione has-post-thumbnail taxable shipping-taxable purchasable product-type-variable has-default-attributes\">\n\t<div class=\"product-inner clr\">\n\t<div class=\"woo-entry-image-swap woo-entry-image clr\">\n\t\t<a href=\"https:\/\/voyagedelabaleine.fr\/it\/prodotto\/colletto-staccabile-bambina-a-punto-legaccio-per-gilet-verde-pallido\/\" class=\"woocommerce-LoopProduct-link\"><img decoding=\"async\" width=\"600\" height=\"800\" src=\"https:\/\/voyagedelabaleine.fr\/wp-content\/uploads\/2024\/09\/col-amovible-bebe-vert-600x800.jpg\" class=\"woo-entry-image-main\" alt=\"Colletto staccabile bambina a punto legaccio per gilet &#8211; Verde pallido\" itemprop=\"image\" srcset=\"https:\/\/voyagedelabaleine.fr\/wp-content\/uploads\/2024\/09\/col-amovible-bebe-vert-600x800.jpg 600w, https:\/\/voyagedelabaleine.fr\/wp-content\/uploads\/2024\/09\/col-amovible-bebe-vert-225x300.jpg 225w, https:\/\/voyagedelabaleine.fr\/wp-content\/uploads\/2024\/09\/col-amovible-bebe-vert-768x1024.jpg 768w, https:\/\/voyagedelabaleine.fr\/wp-content\/uploads\/2024\/09\/col-amovible-bebe-vert.jpg 1059w\" sizes=\"(max-width: 600px) 100vw, 600px\" \/><img decoding=\"async\" width=\"600\" height=\"800\" src=\"https:\/\/voyagedelabaleine.fr\/wp-content\/uploads\/2025\/01\/gilet-bebe-vert-pale-2-600x800.jpg\" class=\"woo-entry-image-secondary\" alt=\"Colletto staccabile bambina a punto legaccio per gilet &#8211; Verde pallido\" itemprop=\"image\" srcset=\"https:\/\/voyagedelabaleine.fr\/wp-content\/uploads\/2025\/01\/gilet-bebe-vert-pale-2-600x799.jpg 600w, https:\/\/voyagedelabaleine.fr\/wp-content\/uploads\/2025\/01\/gilet-bebe-vert-pale-2-225x300.jpg 225w, https:\/\/voyagedelabaleine.fr\/wp-content\/uploads\/2025\/01\/gilet-bebe-vert-pale-2-769x1024.jpg 769w, https:\/\/voyagedelabaleine.fr\/wp-content\/uploads\/2025\/01\/gilet-bebe-vert-pale-2-768x1023.jpg 768w, https:\/\/voyagedelabaleine.fr\/wp-content\/uploads\/2025\/01\/gilet-bebe-vert-pale-2.jpg 900w\" sizes=\"(max-width: 600px) 100vw, 600px\" \/><\/a>\t<\/div><!-- .woo-entry-image-swap -->\n\n<ul class=\"woo-entry-inner clr\"><li class=\"image-wrap\">\t\t\t\t<div class=\"outofstock-badge\">\n\t\t\t\t\tNon disponibile \u2013 molto richiesto\t\t\t\t<\/div><!-- .product-entry-out-of-stock-badge -->\n\t\t\t\t\n\t<div class=\"woo-entry-image-swap woo-entry-image clr\">\n\t\t<a href=\"https:\/\/voyagedelabaleine.fr\/it\/prodotto\/colletto-staccabile-bambina-a-punto-legaccio-per-gilet-verde-pallido\/\" class=\"woocommerce-LoopProduct-link\"><img decoding=\"async\" width=\"600\" height=\"800\" src=\"https:\/\/voyagedelabaleine.fr\/wp-content\/uploads\/2024\/09\/col-amovible-bebe-vert-600x800.jpg\" class=\"woo-entry-image-main\" alt=\"Colletto staccabile bambina a punto legaccio per gilet &#8211; Verde pallido\" itemprop=\"image\" srcset=\"https:\/\/voyagedelabaleine.fr\/wp-content\/uploads\/2024\/09\/col-amovible-bebe-vert-600x800.jpg 600w, https:\/\/voyagedelabaleine.fr\/wp-content\/uploads\/2024\/09\/col-amovible-bebe-vert-225x300.jpg 225w, https:\/\/voyagedelabaleine.fr\/wp-content\/uploads\/2024\/09\/col-amovible-bebe-vert-768x1024.jpg 768w, https:\/\/voyagedelabaleine.fr\/wp-content\/uploads\/2024\/09\/col-amovible-bebe-vert.jpg 1059w\" sizes=\"(max-width: 600px) 100vw, 600px\" \/><img decoding=\"async\" width=\"600\" height=\"800\" src=\"https:\/\/voyagedelabaleine.fr\/wp-content\/uploads\/2025\/01\/gilet-bebe-vert-pale-2-600x800.jpg\" class=\"woo-entry-image-secondary\" alt=\"Colletto staccabile bambina a punto legaccio per gilet &#8211; Verde pallido\" itemprop=\"image\" srcset=\"https:\/\/voyagedelabaleine.fr\/wp-content\/uploads\/2025\/01\/gilet-bebe-vert-pale-2-600x799.jpg 600w, https:\/\/voyagedelabaleine.fr\/wp-content\/uploads\/2025\/01\/gilet-bebe-vert-pale-2-225x300.jpg 225w, https:\/\/voyagedelabaleine.fr\/wp-content\/uploads\/2025\/01\/gilet-bebe-vert-pale-2-769x1024.jpg 769w, https:\/\/voyagedelabaleine.fr\/wp-content\/uploads\/2025\/01\/gilet-bebe-vert-pale-2-768x1023.jpg 768w, https:\/\/voyagedelabaleine.fr\/wp-content\/uploads\/2025\/01\/gilet-bebe-vert-pale-2.jpg 900w\" sizes=\"(max-width: 600px) 100vw, 600px\" \/><\/a>\t<\/div><!-- .woo-entry-image-swap -->\n\n<\/li><li class=\"title\"><h2><a href=\"https:\/\/voyagedelabaleine.fr\/it\/prodotto\/colletto-staccabile-bambina-a-punto-legaccio-per-gilet-verde-pallido\/\">Colletto staccabile bambina a punto legaccio per gilet &#8211; Verde pallido<\/a><\/h2><\/li><li class=\"price-wrap\">\n\t<span class=\"price\"><span class=\"woocommerce-Price-amount amount\"><bdi>10<span class=\"woocommerce-Price-currencySymbol\">&euro;<\/span><\/bdi><\/span><\/span>\n<\/li><\/ul><\/div><!-- .product-inner .clr --><\/li>\n<li class=\"entry has-media has-rating col span_1_of_3 owp-content-center owp-thumbs-layout-vertical owp-btn-big owp-tabs-layout-vertical circle-sale product type-product post-33520 status-publish last instock product_cat-calze-collant-neonati-bambini product_cat-calzini-collant-nascita product_cat-calzini-collant-nascita-ragazza product_cat-calzini-collant-nascita-ragazzo-2 product_cat-calzini-collant-bambina product_cat-calzini-collant-bambini product_cat-calzini-collant-bambino product_cat-calzini-collant-neonata product_cat-calzini-collant-neonato product_tag-collant has-post-thumbnail featured taxable shipping-taxable purchasable product-type-variable has-default-attributes\">\n\t<div class=\"product-inner clr\">\n\t<div class=\"woo-entry-image-swap woo-entry-image clr\">\n\t\t<a href=\"https:\/\/voyagedelabaleine.fr\/it\/prodotto\/collant-neonato-a-costine-verde-chiaro\/\" class=\"woocommerce-LoopProduct-link\"><img decoding=\"async\" width=\"600\" height=\"800\" src=\"https:\/\/voyagedelabaleine.fr\/wp-content\/uploads\/2024\/09\/collant-bebe-cotele-vert-pale-1-1-600x800.jpg\" class=\"woo-entry-image-main\" alt=\"Collant neonato a costine &#8211; Verde chiaro\" itemprop=\"image\" srcset=\"https:\/\/voyagedelabaleine.fr\/wp-content\/uploads\/2024\/09\/collant-bebe-cotele-vert-pale-1-1-600x800.jpg 600w, https:\/\/voyagedelabaleine.fr\/wp-content\/uploads\/2024\/09\/collant-bebe-cotele-vert-pale-1-1-225x300.jpg 225w, https:\/\/voyagedelabaleine.fr\/wp-content\/uploads\/2024\/09\/collant-bebe-cotele-vert-pale-1-1-768x1024.jpg 768w, https:\/\/voyagedelabaleine.fr\/wp-content\/uploads\/2024\/09\/collant-bebe-cotele-vert-pale-1-1.jpg 855w\" sizes=\"(max-width: 600px) 100vw, 600px\" \/><img decoding=\"async\" width=\"600\" height=\"800\" src=\"https:\/\/voyagedelabaleine.fr\/wp-content\/uploads\/2024\/09\/collant-bebe-cotele-vert-pale-2-1-600x800.jpg\" class=\"woo-entry-image-secondary\" alt=\"Collant neonato a costine &#8211; Verde chiaro\" itemprop=\"image\" srcset=\"https:\/\/voyagedelabaleine.fr\/wp-content\/uploads\/2024\/09\/collant-bebe-cotele-vert-pale-2-1-600x800.jpg 600w, https:\/\/voyagedelabaleine.fr\/wp-content\/uploads\/2024\/09\/collant-bebe-cotele-vert-pale-2-1-225x300.jpg 225w, https:\/\/voyagedelabaleine.fr\/wp-content\/uploads\/2024\/09\/collant-bebe-cotele-vert-pale-2-1-768x1024.jpg 768w, https:\/\/voyagedelabaleine.fr\/wp-content\/uploads\/2024\/09\/collant-bebe-cotele-vert-pale-2-1.jpg 855w\" sizes=\"(max-width: 600px) 100vw, 600px\" \/><\/a>\t<\/div><!-- .woo-entry-image-swap -->\n\n<ul class=\"woo-entry-inner clr\"><li class=\"image-wrap\">\n\t<div class=\"woo-entry-image-swap woo-entry-image clr\">\n\t\t<a href=\"https:\/\/voyagedelabaleine.fr\/it\/prodotto\/collant-neonato-a-costine-verde-chiaro\/\" class=\"woocommerce-LoopProduct-link\"><img decoding=\"async\" width=\"600\" height=\"800\" src=\"https:\/\/voyagedelabaleine.fr\/wp-content\/uploads\/2024\/09\/collant-bebe-cotele-vert-pale-1-1-600x800.jpg\" class=\"woo-entry-image-main\" alt=\"Collant neonato a costine &#8211; Verde chiaro\" itemprop=\"image\" srcset=\"https:\/\/voyagedelabaleine.fr\/wp-content\/uploads\/2024\/09\/collant-bebe-cotele-vert-pale-1-1-600x800.jpg 600w, https:\/\/voyagedelabaleine.fr\/wp-content\/uploads\/2024\/09\/collant-bebe-cotele-vert-pale-1-1-225x300.jpg 225w, https:\/\/voyagedelabaleine.fr\/wp-content\/uploads\/2024\/09\/collant-bebe-cotele-vert-pale-1-1-768x1024.jpg 768w, https:\/\/voyagedelabaleine.fr\/wp-content\/uploads\/2024\/09\/collant-bebe-cotele-vert-pale-1-1.jpg 855w\" sizes=\"(max-width: 600px) 100vw, 600px\" \/><img decoding=\"async\" width=\"600\" height=\"800\" src=\"https:\/\/voyagedelabaleine.fr\/wp-content\/uploads\/2024\/09\/collant-bebe-cotele-vert-pale-2-1-600x800.jpg\" class=\"woo-entry-image-secondary\" alt=\"Collant neonato a costine &#8211; Verde chiaro\" itemprop=\"image\" srcset=\"https:\/\/voyagedelabaleine.fr\/wp-content\/uploads\/2024\/09\/collant-bebe-cotele-vert-pale-2-1-600x800.jpg 600w, https:\/\/voyagedelabaleine.fr\/wp-content\/uploads\/2024\/09\/collant-bebe-cotele-vert-pale-2-1-225x300.jpg 225w, https:\/\/voyagedelabaleine.fr\/wp-content\/uploads\/2024\/09\/collant-bebe-cotele-vert-pale-2-1-768x1024.jpg 768w, https:\/\/voyagedelabaleine.fr\/wp-content\/uploads\/2024\/09\/collant-bebe-cotele-vert-pale-2-1.jpg 855w\" sizes=\"(max-width: 600px) 100vw, 600px\" \/><\/a>\t<\/div><!-- .woo-entry-image-swap -->\n\n<\/li><li class=\"title\"><h2><a href=\"https:\/\/voyagedelabaleine.fr\/it\/prodotto\/collant-neonato-a-costine-verde-chiaro\/\">Collant neonato a costine &#8211; Verde chiaro<\/a><\/h2><\/li><li class=\"price-wrap\">\n\t<span class=\"price\"><span class=\"woocommerce-Price-amount amount\"><bdi>14<span class=\"woocommerce-Price-currencySymbol\">&euro;<\/span><\/bdi><\/span><\/span>\n<\/li><\/ul><\/div><!-- .product-inner .clr --><\/li>\n<\/ul>\n<\/div><\/div>\n\t\t\t\t\t\t<\/div>\n\t\t\t\t<\/div>\n\t\t<div class=\"elementor-element elementor-element-b501c9a e-con-full e-flex e-con e-parent\" data-id=\"b501c9a\" data-element_type=\"container\" data-e-type=\"container\">\n\t\t\t\t<div class=\"elementor-element elementor-element-b6a84bd elementor-widget-divider--separator-type-pattern elementor-widget-divider--view-line elementor-widget elementor-widget-divider\" data-id=\"b6a84bd\" data-element_type=\"widget\" data-e-type=\"widget\" data-widget_type=\"divider.default\">\n\t\t\t\t\t\t\t<div class=\"elementor-divider\" style=\"--divider-pattern-url: url(&quot;data:image\/svg+xml,%3Csvg xmlns=&#039;http:\/\/www.w3.org\/2000\/svg&#039; preserveAspectRatio=&#039;none&#039; overflow=&#039;visible&#039; height=&#039;100%&#039; viewBox=&#039;0 0 24 24&#039; fill=&#039;black&#039; stroke=&#039;none&#039;%3E%3Cpath d=&#039;M12.7,2.3c-0.4-0.4-1.1-0.4-1.5,0l-8,9.1c-0.3,0.4-0.3,0.9,0,1.2l8,9.1c0.4,0.4,1.1,0.4,1.5,0l8-9.1c0.3-0.4,0.3-0.9,0-1.2L12.7,2.3z&#039;\/%3E%3C\/svg%3E&quot;);\">\n\t\t\t<span class=\"elementor-divider-separator\">\n\t\t\t\t\t\t<\/span>\n\t\t<\/div>\n\t\t\t\t\t\t<\/div>\n\t\t\t\t<div class=\"elementor-element elementor-element-faeeb7f elementor-widget elementor-widget-heading\" data-id=\"faeeb7f\" data-element_type=\"widget\" data-e-type=\"widget\" data-widget_type=\"heading.default\">\n\t\t\t\t\t<h2 class=\"elementor-heading-title elementor-size-default\">Notte di velluto<\/h2>\t\t\t\t<\/div>\n\t\t\t\t<div class=\"elementor-element elementor-element-b2cd082 elementor-widget__width-initial elementor-widget-mobile__width-inherit elementor-widget elementor-widget-shortcode\" data-id=\"b2cd082\" data-element_type=\"widget\" data-e-type=\"widget\" data-widget_type=\"shortcode.default\">\n\t\t\t\t\t\t\t<div class=\"elementor-shortcode\"><div class=\"woocommerce columns-2 \">\r\n<ul class=\"products oceanwp-row clr grid tablet-col tablet-2-col mobile-col mobile-2-col\">\r\n<li class=\"entry has-media col span_1_of_2 owp-content-center owp-thumbs-layout-vertical owp-btn-big owp-tabs-layout-vertical circle-sale product type-product post-30576 status-publish first outofstock product_cat-accessori-nascita-ragazza product_cat-accessori-nascita-ragazzo product_cat-accessori-bambina product_cat-accessori-bambini product_cat-accessori-bambino product_cat-accessori-nascita product_cat-accessori-neonata product_cat-accessori-neonati product_cat-accessori-neonato has-post-thumbnail taxable shipping-taxable purchasable product-type-variable has-default-attributes\">\n\t<div class=\"product-inner clr\">\n\t<div class=\"woo-entry-image-swap woo-entry-image clr\">\n\t\t<a href=\"https:\/\/voyagedelabaleine.fr\/it\/prodotto\/copertina-per-neonato-pura-lana-merino-extra-morbida\/\" class=\"woocommerce-LoopProduct-link\"><img decoding=\"async\" width=\"600\" height=\"800\" src=\"https:\/\/voyagedelabaleine.fr\/wp-content\/uploads\/2024\/11\/couverture-bebe-laine-merinos-2-1-1-600x800.jpg\" class=\"woo-entry-image-main\" alt=\"Copertina per neonato &#8211; Pura lana merino extra-morbida\" itemprop=\"image\" \/><img decoding=\"async\" width=\"600\" height=\"800\" src=\"https:\/\/voyagedelabaleine.fr\/wp-content\/uploads\/2024\/11\/couverture-bebe-laine-merinos-1-1-1-600x800.jpg\" class=\"woo-entry-image-secondary\" alt=\"Copertina per neonato &#8211; Pura lana merino extra-morbida\" itemprop=\"image\" \/><\/a>\t<\/div><!-- .woo-entry-image-swap -->\n\n<ul class=\"woo-entry-inner clr\"><li class=\"image-wrap\">\t\t\t\t<div class=\"outofstock-badge\">\n\t\t\t\t\tNon disponibile \u2013 molto richiesto\t\t\t\t<\/div><!-- .product-entry-out-of-stock-badge -->\n\t\t\t\t\n\t<div class=\"woo-entry-image-swap woo-entry-image clr\">\n\t\t<a href=\"https:\/\/voyagedelabaleine.fr\/it\/prodotto\/copertina-per-neonato-pura-lana-merino-extra-morbida\/\" class=\"woocommerce-LoopProduct-link\"><img decoding=\"async\" width=\"600\" height=\"800\" src=\"https:\/\/voyagedelabaleine.fr\/wp-content\/uploads\/2024\/11\/couverture-bebe-laine-merinos-2-1-1-600x800.jpg\" class=\"woo-entry-image-main\" alt=\"Copertina per neonato &#8211; Pura lana merino extra-morbida\" itemprop=\"image\" \/><img decoding=\"async\" width=\"600\" height=\"800\" src=\"https:\/\/voyagedelabaleine.fr\/wp-content\/uploads\/2024\/11\/couverture-bebe-laine-merinos-1-1-1-600x800.jpg\" class=\"woo-entry-image-secondary\" alt=\"Copertina per neonato &#8211; Pura lana merino extra-morbida\" itemprop=\"image\" \/><\/a>\t<\/div><!-- .woo-entry-image-swap -->\n\n<\/li><li class=\"title\"><h2><a href=\"https:\/\/voyagedelabaleine.fr\/it\/prodotto\/copertina-per-neonato-pura-lana-merino-extra-morbida\/\">Copertina per neonato &#8211; Pura lana merino extra-morbida<\/a><\/h2><\/li><li class=\"price-wrap\">\n\t<span class=\"price\"><span class=\"woocommerce-Price-amount amount\"><bdi>78<span class=\"woocommerce-Price-currencySymbol\">&euro;<\/span><\/bdi><\/span><\/span>\n<\/li><\/ul><\/div><!-- .product-inner .clr --><\/li>\n<li class=\"entry has-media has-rating col span_1_of_2 owp-content-center owp-thumbs-layout-vertical owp-btn-big owp-tabs-layout-vertical circle-sale product type-product post-31470 status-publish last instock product_cat-pigiama product_cat-pigiama-nascita product_cat-pigiama-nascita-ragazza product_cat-pigiama-neonata product_cat-pigiama-neonati has-post-thumbnail taxable shipping-taxable purchasable product-type-variable has-default-attributes\">\n\t<div class=\"product-inner clr\">\n\t<div class=\"woo-entry-image-swap woo-entry-image clr\">\n\t\t<a href=\"https:\/\/voyagedelabaleine.fr\/it\/prodotto\/pigiama-neonata-in-velluto-con-colletto-piatto-rosa\/\" class=\"woocommerce-LoopProduct-link\"><img decoding=\"async\" width=\"600\" height=\"800\" src=\"https:\/\/voyagedelabaleine.fr\/wp-content\/uploads\/2024\/02\/pyjama-bebe-rose-collerette-plate-600x800.jpg\" class=\"woo-entry-image-main\" alt=\"Pigiama neonata in velluto con colletto piatto &#8211; Rosa\" itemprop=\"image\" srcset=\"https:\/\/voyagedelabaleine.fr\/wp-content\/uploads\/2024\/02\/pyjama-bebe-rose-collerette-plate-600x800.jpg 600w, https:\/\/voyagedelabaleine.fr\/wp-content\/uploads\/2024\/02\/pyjama-bebe-rose-collerette-plate-225x300.jpg 225w, https:\/\/voyagedelabaleine.fr\/wp-content\/uploads\/2024\/02\/pyjama-bebe-rose-collerette-plate-768x1024.jpg 768w, https:\/\/voyagedelabaleine.fr\/wp-content\/uploads\/2024\/02\/pyjama-bebe-rose-collerette-plate.jpg 894w\" sizes=\"(max-width: 600px) 100vw, 600px\" \/><img decoding=\"async\" width=\"600\" height=\"800\" src=\"https:\/\/voyagedelabaleine.fr\/wp-content\/uploads\/2024\/02\/pyjama-bebe-rose-collerette-plate-1-600x800.jpg\" class=\"woo-entry-image-secondary\" alt=\"Pigiama neonata in velluto con colletto piatto &#8211; Rosa\" itemprop=\"image\" srcset=\"https:\/\/voyagedelabaleine.fr\/wp-content\/uploads\/2024\/02\/pyjama-bebe-rose-collerette-plate-1-600x800.jpg 600w, https:\/\/voyagedelabaleine.fr\/wp-content\/uploads\/2024\/02\/pyjama-bebe-rose-collerette-plate-1-225x300.jpg 225w, https:\/\/voyagedelabaleine.fr\/wp-content\/uploads\/2024\/02\/pyjama-bebe-rose-collerette-plate-1-768x1025.jpg 768w, https:\/\/voyagedelabaleine.fr\/wp-content\/uploads\/2024\/02\/pyjama-bebe-rose-collerette-plate-1.jpg 817w\" sizes=\"(max-width: 600px) 100vw, 600px\" \/><\/a>\t<\/div><!-- .woo-entry-image-swap -->\n\n<ul class=\"woo-entry-inner clr\"><li class=\"image-wrap\">\n\t<div class=\"woo-entry-image-swap woo-entry-image clr\">\n\t\t<a href=\"https:\/\/voyagedelabaleine.fr\/it\/prodotto\/pigiama-neonata-in-velluto-con-colletto-piatto-rosa\/\" class=\"woocommerce-LoopProduct-link\"><img decoding=\"async\" width=\"600\" height=\"800\" src=\"https:\/\/voyagedelabaleine.fr\/wp-content\/uploads\/2024\/02\/pyjama-bebe-rose-collerette-plate-600x800.jpg\" class=\"woo-entry-image-main\" alt=\"Pigiama neonata in velluto con colletto piatto &#8211; Rosa\" itemprop=\"image\" srcset=\"https:\/\/voyagedelabaleine.fr\/wp-content\/uploads\/2024\/02\/pyjama-bebe-rose-collerette-plate-600x800.jpg 600w, https:\/\/voyagedelabaleine.fr\/wp-content\/uploads\/2024\/02\/pyjama-bebe-rose-collerette-plate-225x300.jpg 225w, https:\/\/voyagedelabaleine.fr\/wp-content\/uploads\/2024\/02\/pyjama-bebe-rose-collerette-plate-768x1024.jpg 768w, https:\/\/voyagedelabaleine.fr\/wp-content\/uploads\/2024\/02\/pyjama-bebe-rose-collerette-plate.jpg 894w\" sizes=\"(max-width: 600px) 100vw, 600px\" \/><img decoding=\"async\" width=\"600\" height=\"800\" src=\"https:\/\/voyagedelabaleine.fr\/wp-content\/uploads\/2024\/02\/pyjama-bebe-rose-collerette-plate-1-600x800.jpg\" class=\"woo-entry-image-secondary\" alt=\"Pigiama neonata in velluto con colletto piatto &#8211; Rosa\" itemprop=\"image\" srcset=\"https:\/\/voyagedelabaleine.fr\/wp-content\/uploads\/2024\/02\/pyjama-bebe-rose-collerette-plate-1-600x800.jpg 600w, https:\/\/voyagedelabaleine.fr\/wp-content\/uploads\/2024\/02\/pyjama-bebe-rose-collerette-plate-1-225x300.jpg 225w, https:\/\/voyagedelabaleine.fr\/wp-content\/uploads\/2024\/02\/pyjama-bebe-rose-collerette-plate-1-768x1025.jpg 768w, https:\/\/voyagedelabaleine.fr\/wp-content\/uploads\/2024\/02\/pyjama-bebe-rose-collerette-plate-1.jpg 817w\" sizes=\"(max-width: 600px) 100vw, 600px\" \/><\/a>\t<\/div><!-- .woo-entry-image-swap -->\n\n<\/li><li class=\"title\"><h2><a href=\"https:\/\/voyagedelabaleine.fr\/it\/prodotto\/pigiama-neonata-in-velluto-con-colletto-piatto-rosa\/\">Pigiama neonata in velluto con colletto piatto &#8211; Rosa<\/a><\/h2><\/li><li class=\"price-wrap\">\n\t<span class=\"price\"><span class=\"woocommerce-Price-amount amount\"><bdi>38<span class=\"woocommerce-Price-currencySymbol\">&euro;<\/span><\/bdi><\/span><\/span>\n<\/li><\/ul><\/div><!-- .product-inner .clr --><\/li>\n<\/ul>\n<\/div><\/div>\n\t\t\t\t\t\t<\/div>\n\t\t\t\t<\/div>\n\t\t<div class=\"elementor-element elementor-element-47ddb15 e-con-full e-flex e-con e-parent\" data-id=\"47ddb15\" data-element_type=\"container\" data-e-type=\"container\">\n\t\t\t\t<div class=\"elementor-element elementor-element-086ec0c elementor-widget-divider--separator-type-pattern elementor-widget-divider--view-line elementor-widget elementor-widget-divider\" data-id=\"086ec0c\" data-element_type=\"widget\" data-e-type=\"widget\" data-widget_type=\"divider.default\">\n\t\t\t\t\t\t\t<div class=\"elementor-divider\" style=\"--divider-pattern-url: url(&quot;data:image\/svg+xml,%3Csvg xmlns=&#039;http:\/\/www.w3.org\/2000\/svg&#039; preserveAspectRatio=&#039;none&#039; overflow=&#039;visible&#039; height=&#039;100%&#039; viewBox=&#039;0 0 24 24&#039; fill=&#039;black&#039; stroke=&#039;none&#039;%3E%3Cpath d=&#039;M12.7,2.3c-0.4-0.4-1.1-0.4-1.5,0l-8,9.1c-0.3,0.4-0.3,0.9,0,1.2l8,9.1c0.4,0.4,1.1,0.4,1.5,0l8-9.1c0.3-0.4,0.3-0.9,0-1.2L12.7,2.3z&#039;\/%3E%3C\/svg%3E&quot;);\">\n\t\t\t<span class=\"elementor-divider-separator\">\n\t\t\t\t\t\t<\/span>\n\t\t<\/div>\n\t\t\t\t\t\t<\/div>\n\t\t\t\t<div class=\"elementor-element elementor-element-b29343f elementor-widget elementor-widget-heading\" data-id=\"b29343f\" data-element_type=\"widget\" data-e-type=\"widget\" data-widget_type=\"heading.default\">\n\t\t\t\t\t<h2 class=\"elementor-heading-title elementor-size-default\">Quadri e stile<\/h2>\t\t\t\t<\/div>\n\t\t\t\t<div class=\"elementor-element elementor-element-701fe62 elementor-widget elementor-widget-shortcode\" data-id=\"701fe62\" data-element_type=\"widget\" data-e-type=\"widget\" data-widget_type=\"shortcode.default\">\n\t\t\t\t\t\t\t<div class=\"elementor-shortcode\"><div class=\"woocommerce columns-3 \">\r\n<ul class=\"products oceanwp-row clr grid tablet-col tablet-2-col mobile-col mobile-2-col\">\r\n<li class=\"entry has-media col span_1_of_3 owp-content-center owp-thumbs-layout-vertical owp-btn-big owp-tabs-layout-vertical circle-sale product type-product post-29302 status-publish first instock product_cat-abbigliamento product_cat-maglione-gilet-cardigan-nascita product_cat-maglione-gilet-cardigan-nascita-ragazza product_cat-maglione-gilet-cardigan-bambina product_cat-maglione-gilet-cardigan-bambini product_cat-maglione-gilet-cardigan-neonata product_cat-maglione-gilet-cardigan-neonati has-post-thumbnail taxable shipping-taxable purchasable product-type-variable has-default-attributes\">\n\t<div class=\"product-inner clr\">\n\t<div class=\"woo-entry-image-swap woo-entry-image clr\">\n\t\t<a href=\"https:\/\/voyagedelabaleine.fr\/it\/prodotto\/cardigan-da-bambina-con-fiori-ricamati-ocra\/\" class=\"woocommerce-LoopProduct-link\"><img decoding=\"async\" width=\"600\" height=\"800\" src=\"https:\/\/voyagedelabaleine.fr\/wp-content\/uploads\/2024\/09\/gilet-bebe-fille-ocre-600x800.jpg\" class=\"woo-entry-image-main\" alt=\"Cardigan da bambina con fiori ricamati &#8211; Ocra\" itemprop=\"image\" srcset=\"https:\/\/voyagedelabaleine.fr\/wp-content\/uploads\/2024\/09\/gilet-bebe-fille-ocre-600x799.jpg 600w, https:\/\/voyagedelabaleine.fr\/wp-content\/uploads\/2024\/09\/gilet-bebe-fille-ocre-225x300.jpg 225w, https:\/\/voyagedelabaleine.fr\/wp-content\/uploads\/2024\/09\/gilet-bebe-fille-ocre-768x1023.jpg 768w, https:\/\/voyagedelabaleine.fr\/wp-content\/uploads\/2024\/09\/gilet-bebe-fille-ocre-769x1024.jpg 769w, https:\/\/voyagedelabaleine.fr\/wp-content\/uploads\/2024\/09\/gilet-bebe-fille-ocre-1153x1536.jpg 1153w, https:\/\/voyagedelabaleine.fr\/wp-content\/uploads\/2024\/09\/gilet-bebe-fille-ocre.jpg 1200w\" sizes=\"(max-width: 600px) 100vw, 600px\" \/><img decoding=\"async\" width=\"600\" height=\"800\" src=\"https:\/\/voyagedelabaleine.fr\/wp-content\/uploads\/2024\/09\/gilet-bebe-fille-ocre-2-600x800.jpg\" class=\"woo-entry-image-secondary\" alt=\"Cardigan da bambina con fiori ricamati &#8211; Ocra\" itemprop=\"image\" srcset=\"https:\/\/voyagedelabaleine.fr\/wp-content\/uploads\/2024\/09\/gilet-bebe-fille-ocre-2-600x801.jpg 600w, https:\/\/voyagedelabaleine.fr\/wp-content\/uploads\/2024\/09\/gilet-bebe-fille-ocre-2-225x300.jpg 225w, https:\/\/voyagedelabaleine.fr\/wp-content\/uploads\/2024\/09\/gilet-bebe-fille-ocre-2-767x1024.jpg 767w, https:\/\/voyagedelabaleine.fr\/wp-content\/uploads\/2024\/09\/gilet-bebe-fille-ocre-2-768x1025.jpg 768w, https:\/\/voyagedelabaleine.fr\/wp-content\/uploads\/2024\/09\/gilet-bebe-fille-ocre-2.jpg 800w\" sizes=\"(max-width: 600px) 100vw, 600px\" \/><\/a>\t<\/div><!-- .woo-entry-image-swap -->\n\n<ul class=\"woo-entry-inner clr\"><li class=\"image-wrap\">\n\t<div class=\"woo-entry-image-swap woo-entry-image clr\">\n\t\t<a href=\"https:\/\/voyagedelabaleine.fr\/it\/prodotto\/cardigan-da-bambina-con-fiori-ricamati-ocra\/\" class=\"woocommerce-LoopProduct-link\"><img decoding=\"async\" width=\"600\" height=\"800\" src=\"https:\/\/voyagedelabaleine.fr\/wp-content\/uploads\/2024\/09\/gilet-bebe-fille-ocre-600x800.jpg\" class=\"woo-entry-image-main\" alt=\"Cardigan da bambina con fiori ricamati &#8211; Ocra\" itemprop=\"image\" srcset=\"https:\/\/voyagedelabaleine.fr\/wp-content\/uploads\/2024\/09\/gilet-bebe-fille-ocre-600x799.jpg 600w, https:\/\/voyagedelabaleine.fr\/wp-content\/uploads\/2024\/09\/gilet-bebe-fille-ocre-225x300.jpg 225w, https:\/\/voyagedelabaleine.fr\/wp-content\/uploads\/2024\/09\/gilet-bebe-fille-ocre-768x1023.jpg 768w, https:\/\/voyagedelabaleine.fr\/wp-content\/uploads\/2024\/09\/gilet-bebe-fille-ocre-769x1024.jpg 769w, https:\/\/voyagedelabaleine.fr\/wp-content\/uploads\/2024\/09\/gilet-bebe-fille-ocre-1153x1536.jpg 1153w, https:\/\/voyagedelabaleine.fr\/wp-content\/uploads\/2024\/09\/gilet-bebe-fille-ocre.jpg 1200w\" sizes=\"(max-width: 600px) 100vw, 600px\" \/><img decoding=\"async\" width=\"600\" height=\"800\" src=\"https:\/\/voyagedelabaleine.fr\/wp-content\/uploads\/2024\/09\/gilet-bebe-fille-ocre-2-600x800.jpg\" class=\"woo-entry-image-secondary\" alt=\"Cardigan da bambina con fiori ricamati &#8211; Ocra\" itemprop=\"image\" srcset=\"https:\/\/voyagedelabaleine.fr\/wp-content\/uploads\/2024\/09\/gilet-bebe-fille-ocre-2-600x801.jpg 600w, https:\/\/voyagedelabaleine.fr\/wp-content\/uploads\/2024\/09\/gilet-bebe-fille-ocre-2-225x300.jpg 225w, https:\/\/voyagedelabaleine.fr\/wp-content\/uploads\/2024\/09\/gilet-bebe-fille-ocre-2-767x1024.jpg 767w, https:\/\/voyagedelabaleine.fr\/wp-content\/uploads\/2024\/09\/gilet-bebe-fille-ocre-2-768x1025.jpg 768w, https:\/\/voyagedelabaleine.fr\/wp-content\/uploads\/2024\/09\/gilet-bebe-fille-ocre-2.jpg 800w\" sizes=\"(max-width: 600px) 100vw, 600px\" \/><\/a>\t<\/div><!-- .woo-entry-image-swap -->\n\n<\/li><li class=\"title\"><h2><a href=\"https:\/\/voyagedelabaleine.fr\/it\/prodotto\/cardigan-da-bambina-con-fiori-ricamati-ocra\/\">Cardigan da bambina con fiori ricamati &#8211; Ocra<\/a><\/h2><\/li><li class=\"price-wrap\">\n\t<span class=\"price\"><span class=\"woocommerce-Price-amount amount\"><bdi>50<span class=\"woocommerce-Price-currencySymbol\">&euro;<\/span><\/bdi><\/span><\/span>\n<\/li><\/ul><\/div><!-- .product-inner .clr --><\/li>\n<li class=\"entry has-media has-rating col span_1_of_3 owp-content-center owp-thumbs-layout-vertical owp-btn-big owp-tabs-layout-vertical circle-sale product type-product post-31715 status-publish instock product_cat-abbigliamento product_cat-pagliaccetto-salopette-nascita product_cat-pagliaccetto-salopette-nascita-ragazza product_cat-pagliaccetto-salopette-nascita-ragazzo product_cat-pagliaccetto-salopette-neonata product_cat-pagliaccetto-salopette-neonati product_cat-pagliaccetto-salopette-neonato has-post-thumbnail taxable shipping-taxable purchasable product-type-variable has-default-attributes\">\n\t<div class=\"product-inner clr\">\n\t<div class=\"woo-entry-image-swap woo-entry-image clr\">\n\t\t<a href=\"https:\/\/voyagedelabaleine.fr\/it\/prodotto\/pagliaccetto-neonato-a-quadri-in-cotone-caldo\/\" class=\"woocommerce-LoopProduct-link\"><img decoding=\"async\" width=\"600\" height=\"800\" src=\"https:\/\/voyagedelabaleine.fr\/wp-content\/uploads\/2025\/02\/barboteuse-carreaux-600x800.jpg\" class=\"woo-entry-image-main\" alt=\"Pagliaccetto neonato a quadri in cotone caldo\" itemprop=\"image\" srcset=\"https:\/\/voyagedelabaleine.fr\/wp-content\/uploads\/2025\/02\/barboteuse-carreaux-600x800.jpg 600w, https:\/\/voyagedelabaleine.fr\/wp-content\/uploads\/2025\/02\/barboteuse-carreaux-225x300.jpg 225w, https:\/\/voyagedelabaleine.fr\/wp-content\/uploads\/2025\/02\/barboteuse-carreaux-768x1024.jpg 768w, https:\/\/voyagedelabaleine.fr\/wp-content\/uploads\/2025\/02\/barboteuse-carreaux-1152x1536.jpg 1152w, https:\/\/voyagedelabaleine.fr\/wp-content\/uploads\/2025\/02\/barboteuse-carreaux.jpg 1200w\" sizes=\"(max-width: 600px) 100vw, 600px\" \/><img decoding=\"async\" width=\"600\" height=\"800\" src=\"https:\/\/voyagedelabaleine.fr\/wp-content\/uploads\/2024\/09\/barboteuse-carreaux-3-600x800.jpg\" class=\"woo-entry-image-secondary\" alt=\"Pagliaccetto neonato a quadri in cotone caldo\" itemprop=\"image\" srcset=\"https:\/\/voyagedelabaleine.fr\/wp-content\/uploads\/2024\/09\/barboteuse-carreaux-3-600x800.jpg 600w, https:\/\/voyagedelabaleine.fr\/wp-content\/uploads\/2024\/09\/barboteuse-carreaux-3-225x300.jpg 225w, https:\/\/voyagedelabaleine.fr\/wp-content\/uploads\/2024\/09\/barboteuse-carreaux-3-768x1024.jpg 768w, https:\/\/voyagedelabaleine.fr\/wp-content\/uploads\/2024\/09\/barboteuse-carreaux-3-1152x1536.jpg 1152w, https:\/\/voyagedelabaleine.fr\/wp-content\/uploads\/2024\/09\/barboteuse-carreaux-3.jpg 1200w\" sizes=\"(max-width: 600px) 100vw, 600px\" \/><\/a>\t<\/div><!-- .woo-entry-image-swap -->\n\n<ul class=\"woo-entry-inner clr\"><li class=\"image-wrap\">\n\t<div class=\"woo-entry-image-swap woo-entry-image clr\">\n\t\t<a href=\"https:\/\/voyagedelabaleine.fr\/it\/prodotto\/pagliaccetto-neonato-a-quadri-in-cotone-caldo\/\" class=\"woocommerce-LoopProduct-link\"><img decoding=\"async\" width=\"600\" height=\"800\" src=\"https:\/\/voyagedelabaleine.fr\/wp-content\/uploads\/2025\/02\/barboteuse-carreaux-600x800.jpg\" class=\"woo-entry-image-main\" alt=\"Pagliaccetto neonato a quadri in cotone caldo\" itemprop=\"image\" srcset=\"https:\/\/voyagedelabaleine.fr\/wp-content\/uploads\/2025\/02\/barboteuse-carreaux-600x800.jpg 600w, https:\/\/voyagedelabaleine.fr\/wp-content\/uploads\/2025\/02\/barboteuse-carreaux-225x300.jpg 225w, https:\/\/voyagedelabaleine.fr\/wp-content\/uploads\/2025\/02\/barboteuse-carreaux-768x1024.jpg 768w, https:\/\/voyagedelabaleine.fr\/wp-content\/uploads\/2025\/02\/barboteuse-carreaux-1152x1536.jpg 1152w, https:\/\/voyagedelabaleine.fr\/wp-content\/uploads\/2025\/02\/barboteuse-carreaux.jpg 1200w\" sizes=\"(max-width: 600px) 100vw, 600px\" \/><img decoding=\"async\" width=\"600\" height=\"800\" src=\"https:\/\/voyagedelabaleine.fr\/wp-content\/uploads\/2024\/09\/barboteuse-carreaux-3-600x800.jpg\" class=\"woo-entry-image-secondary\" alt=\"Pagliaccetto neonato a quadri in cotone caldo\" itemprop=\"image\" srcset=\"https:\/\/voyagedelabaleine.fr\/wp-content\/uploads\/2024\/09\/barboteuse-carreaux-3-600x800.jpg 600w, https:\/\/voyagedelabaleine.fr\/wp-content\/uploads\/2024\/09\/barboteuse-carreaux-3-225x300.jpg 225w, https:\/\/voyagedelabaleine.fr\/wp-content\/uploads\/2024\/09\/barboteuse-carreaux-3-768x1024.jpg 768w, https:\/\/voyagedelabaleine.fr\/wp-content\/uploads\/2024\/09\/barboteuse-carreaux-3-1152x1536.jpg 1152w, https:\/\/voyagedelabaleine.fr\/wp-content\/uploads\/2024\/09\/barboteuse-carreaux-3.jpg 1200w\" sizes=\"(max-width: 600px) 100vw, 600px\" \/><\/a>\t<\/div><!-- .woo-entry-image-swap -->\n\n<\/li><li class=\"title\"><h2><a href=\"https:\/\/voyagedelabaleine.fr\/it\/prodotto\/pagliaccetto-neonato-a-quadri-in-cotone-caldo\/\">Pagliaccetto neonato a quadri in cotone caldo<\/a><\/h2><\/li><li class=\"price-wrap\">\n\t<span class=\"price\"><span class=\"woocommerce-Price-amount amount\"><bdi>56<span class=\"woocommerce-Price-currencySymbol\">&euro;<\/span><\/bdi><\/span><\/span>\n<\/li><\/ul><\/div><!-- .product-inner .clr --><\/li>\n<li class=\"entry has-media col span_1_of_3 owp-content-center owp-thumbs-layout-vertical owp-btn-big owp-tabs-layout-vertical circle-sale product type-product post-29774 status-publish last instock product_cat-calze-collant-neonati-bambini product_cat-calzini-collant-nascita product_cat-calzini-collant-nascita-ragazza product_cat-calzini-collant-nascita-ragazzo-2 product_cat-calzini-collant-bambina product_cat-calzini-collant-bambini product_cat-calzini-collant-bambino product_cat-calzini-collant-neonata product_cat-calzini-collant-neonato product_tag-collant has-post-thumbnail taxable shipping-taxable purchasable product-type-variable has-default-attributes\">\n\t<div class=\"product-inner clr\">\n\t<div class=\"woo-entry-image-swap woo-entry-image clr\">\n\t\t<a href=\"https:\/\/voyagedelabaleine.fr\/it\/prodotto\/collant-neonato-tinta-unita-grigio\/\" class=\"woocommerce-LoopProduct-link\"><img decoding=\"async\" width=\"600\" height=\"800\" src=\"https:\/\/voyagedelabaleine.fr\/wp-content\/uploads\/2024\/09\/collant-bebe-uni-gris-1-1-600x800.jpg\" class=\"woo-entry-image-main\" alt=\"Collant neonato tinta unita &#8211; Grigio\" itemprop=\"image\" srcset=\"https:\/\/voyagedelabaleine.fr\/wp-content\/uploads\/2024\/09\/collant-bebe-uni-gris-1-1-600x800.jpg 600w, https:\/\/voyagedelabaleine.fr\/wp-content\/uploads\/2024\/09\/collant-bebe-uni-gris-1-1-225x300.jpg 225w, https:\/\/voyagedelabaleine.fr\/wp-content\/uploads\/2024\/09\/collant-bebe-uni-gris-1-1-768x1024.jpg 768w, https:\/\/voyagedelabaleine.fr\/wp-content\/uploads\/2024\/09\/collant-bebe-uni-gris-1-1.jpg 855w\" sizes=\"(max-width: 600px) 100vw, 600px\" \/><img decoding=\"async\" width=\"600\" height=\"800\" src=\"https:\/\/voyagedelabaleine.fr\/wp-content\/uploads\/2024\/09\/collant-bebe-uni-gris-2-1-600x800.jpg\" class=\"woo-entry-image-secondary\" alt=\"Collant neonato tinta unita &#8211; Grigio\" itemprop=\"image\" srcset=\"https:\/\/voyagedelabaleine.fr\/wp-content\/uploads\/2024\/09\/collant-bebe-uni-gris-2-1-600x800.jpg 600w, https:\/\/voyagedelabaleine.fr\/wp-content\/uploads\/2024\/09\/collant-bebe-uni-gris-2-1-225x300.jpg 225w, https:\/\/voyagedelabaleine.fr\/wp-content\/uploads\/2024\/09\/collant-bebe-uni-gris-2-1-768x1024.jpg 768w, https:\/\/voyagedelabaleine.fr\/wp-content\/uploads\/2024\/09\/collant-bebe-uni-gris-2-1.jpg 855w\" sizes=\"(max-width: 600px) 100vw, 600px\" \/><\/a>\t<\/div><!-- .woo-entry-image-swap -->\n\n<ul class=\"woo-entry-inner clr\"><li class=\"image-wrap\">\n\t<div class=\"woo-entry-image-swap woo-entry-image clr\">\n\t\t<a href=\"https:\/\/voyagedelabaleine.fr\/it\/prodotto\/collant-neonato-tinta-unita-grigio\/\" class=\"woocommerce-LoopProduct-link\"><img decoding=\"async\" width=\"600\" height=\"800\" src=\"https:\/\/voyagedelabaleine.fr\/wp-content\/uploads\/2024\/09\/collant-bebe-uni-gris-1-1-600x800.jpg\" class=\"woo-entry-image-main\" alt=\"Collant neonato tinta unita &#8211; Grigio\" itemprop=\"image\" srcset=\"https:\/\/voyagedelabaleine.fr\/wp-content\/uploads\/2024\/09\/collant-bebe-uni-gris-1-1-600x800.jpg 600w, https:\/\/voyagedelabaleine.fr\/wp-content\/uploads\/2024\/09\/collant-bebe-uni-gris-1-1-225x300.jpg 225w, https:\/\/voyagedelabaleine.fr\/wp-content\/uploads\/2024\/09\/collant-bebe-uni-gris-1-1-768x1024.jpg 768w, https:\/\/voyagedelabaleine.fr\/wp-content\/uploads\/2024\/09\/collant-bebe-uni-gris-1-1.jpg 855w\" sizes=\"(max-width: 600px) 100vw, 600px\" \/><img decoding=\"async\" width=\"600\" height=\"800\" src=\"https:\/\/voyagedelabaleine.fr\/wp-content\/uploads\/2024\/09\/collant-bebe-uni-gris-2-1-600x800.jpg\" class=\"woo-entry-image-secondary\" alt=\"Collant neonato tinta unita &#8211; Grigio\" itemprop=\"image\" srcset=\"https:\/\/voyagedelabaleine.fr\/wp-content\/uploads\/2024\/09\/collant-bebe-uni-gris-2-1-600x800.jpg 600w, https:\/\/voyagedelabaleine.fr\/wp-content\/uploads\/2024\/09\/collant-bebe-uni-gris-2-1-225x300.jpg 225w, https:\/\/voyagedelabaleine.fr\/wp-content\/uploads\/2024\/09\/collant-bebe-uni-gris-2-1-768x1024.jpg 768w, https:\/\/voyagedelabaleine.fr\/wp-content\/uploads\/2024\/09\/collant-bebe-uni-gris-2-1.jpg 855w\" sizes=\"(max-width: 600px) 100vw, 600px\" \/><\/a>\t<\/div><!-- .woo-entry-image-swap -->\n\n<\/li><li class=\"title\"><h2><a href=\"https:\/\/voyagedelabaleine.fr\/it\/prodotto\/collant-neonato-tinta-unita-grigio\/\">Collant neonato tinta unita &#8211; Grigio<\/a><\/h2><\/li><li class=\"price-wrap\">\n\t<span class=\"price\"><span class=\"woocommerce-Price-amount amount\"><bdi>14<span class=\"woocommerce-Price-currencySymbol\">&euro;<\/span><\/bdi><\/span><\/span>\n<\/li><\/ul><\/div><!-- .product-inner .clr --><\/li>\n<\/ul>\n<\/div><\/div>\n\t\t\t\t\t\t<\/div>\n\t\t\t\t<\/div>\n\t\t<div class=\"elementor-element elementor-element-a999b4e e-con-full e-flex e-con e-parent\" data-id=\"a999b4e\" data-element_type=\"container\" data-e-type=\"container\">\n\t\t\t\t<div class=\"elementor-element elementor-element-4720dcf elementor-widget-divider--separator-type-pattern elementor-widget-divider--view-line elementor-widget elementor-widget-divider\" data-id=\"4720dcf\" data-element_type=\"widget\" data-e-type=\"widget\" data-widget_type=\"divider.default\">\n\t\t\t\t\t\t\t<div class=\"elementor-divider\" style=\"--divider-pattern-url: url(&quot;data:image\/svg+xml,%3Csvg xmlns=&#039;http:\/\/www.w3.org\/2000\/svg&#039; preserveAspectRatio=&#039;none&#039; overflow=&#039;visible&#039; height=&#039;100%&#039; viewBox=&#039;0 0 24 24&#039; fill=&#039;black&#039; stroke=&#039;none&#039;%3E%3Cpath d=&#039;M12.7,2.3c-0.4-0.4-1.1-0.4-1.5,0l-8,9.1c-0.3,0.4-0.3,0.9,0,1.2l8,9.1c0.4,0.4,1.1,0.4,1.5,0l8-9.1c0.3-0.4,0.3-0.9,0-1.2L12.7,2.3z&#039;\/%3E%3C\/svg%3E&quot;);\">\n\t\t\t<span class=\"elementor-divider-separator\">\n\t\t\t\t\t\t<\/span>\n\t\t<\/div>\n\t\t\t\t\t\t<\/div>\n\t\t\t\t<div class=\"elementor-element elementor-element-39fb5fa elementor-widget elementor-widget-heading\" data-id=\"39fb5fa\" data-element_type=\"widget\" data-e-type=\"widget\" data-widget_type=\"heading.default\">\n\t\t\t\t\t<h2 class=\"elementor-heading-title elementor-size-default\">Dolcezza retr\u00f2 chic<\/h2>\t\t\t\t<\/div>\n\t\t\t\t<div class=\"elementor-element elementor-element-77ca4dc elementor-widget elementor-widget-shortcode\" data-id=\"77ca4dc\" data-element_type=\"widget\" data-e-type=\"widget\" data-widget_type=\"shortcode.default\">\n\t\t\t\t\t\t\t<div class=\"elementor-shortcode\"><div class=\"woocommerce columns-3 \">\r\n<ul class=\"products oceanwp-row clr grid tablet-col tablet-2-col mobile-col mobile-2-col\">\r\n<li class=\"entry has-media has-rating col span_1_of_3 owp-content-center owp-thumbs-layout-vertical owp-btn-big owp-tabs-layout-vertical circle-sale product type-product post-32118 status-publish first instock product_cat-abbigliamento product_cat-maglione-gilet-cardigan-nascita product_cat-maglione-gilet-cardigan-nascita-ragazza product_cat-maglione-gilet-cardigan-bambina product_cat-maglione-gilet-cardigan-bambini product_cat-maglione-gilet-cardigan-neonata product_cat-maglione-gilet-cardigan-neonati product_cat-ultima-occasione has-post-thumbnail taxable shipping-taxable purchasable product-type-variable has-default-attributes\">\n\t<div class=\"product-inner clr\">\n\t<div class=\"woo-entry-image-swap woo-entry-image clr\">\n\t\t<a href=\"https:\/\/voyagedelabaleine.fr\/it\/prodotto\/cardigan-bambina-a-punto-legaccio-rosa\/\" class=\"woocommerce-LoopProduct-link\"><img decoding=\"async\" width=\"600\" height=\"800\" src=\"https:\/\/voyagedelabaleine.fr\/wp-content\/uploads\/2025\/01\/giler-bebe-rose-600x800.jpg\" class=\"woo-entry-image-main\" alt=\"Cardigan bambina a punto legaccio &#8211; Rosa\" itemprop=\"image\" srcset=\"https:\/\/voyagedelabaleine.fr\/wp-content\/uploads\/2025\/01\/giler-bebe-rose-600x800.jpg 600w, https:\/\/voyagedelabaleine.fr\/wp-content\/uploads\/2025\/01\/giler-bebe-rose-225x300.jpg 225w, https:\/\/voyagedelabaleine.fr\/wp-content\/uploads\/2025\/01\/giler-bebe-rose-768x1024.jpg 768w, https:\/\/voyagedelabaleine.fr\/wp-content\/uploads\/2025\/01\/giler-bebe-rose.jpg 1143w\" sizes=\"(max-width: 600px) 100vw, 600px\" \/><img decoding=\"async\" width=\"600\" height=\"800\" src=\"https:\/\/voyagedelabaleine.fr\/wp-content\/uploads\/2024\/09\/gilet-bebe-rose-1-600x800.jpg\" class=\"woo-entry-image-secondary\" alt=\"Cardigan bambina a punto legaccio &#8211; Rosa\" itemprop=\"image\" srcset=\"https:\/\/voyagedelabaleine.fr\/wp-content\/uploads\/2024\/09\/gilet-bebe-rose-1-600x800.jpg 600w, https:\/\/voyagedelabaleine.fr\/wp-content\/uploads\/2024\/09\/gilet-bebe-rose-1-225x300.jpg 225w, https:\/\/voyagedelabaleine.fr\/wp-content\/uploads\/2024\/09\/gilet-bebe-rose-1-768x1024.jpg 768w, https:\/\/voyagedelabaleine.fr\/wp-content\/uploads\/2024\/09\/gilet-bebe-rose-1.jpg 1000w\" sizes=\"(max-width: 600px) 100vw, 600px\" \/><\/a>\t<\/div><!-- .woo-entry-image-swap -->\n\n<ul class=\"woo-entry-inner clr\"><li class=\"image-wrap\">\n\t<div class=\"woo-entry-image-swap woo-entry-image clr\">\n\t\t<a href=\"https:\/\/voyagedelabaleine.fr\/it\/prodotto\/cardigan-bambina-a-punto-legaccio-rosa\/\" class=\"woocommerce-LoopProduct-link\"><img decoding=\"async\" width=\"600\" height=\"800\" src=\"https:\/\/voyagedelabaleine.fr\/wp-content\/uploads\/2025\/01\/giler-bebe-rose-600x800.jpg\" class=\"woo-entry-image-main\" alt=\"Cardigan bambina a punto legaccio &#8211; Rosa\" itemprop=\"image\" srcset=\"https:\/\/voyagedelabaleine.fr\/wp-content\/uploads\/2025\/01\/giler-bebe-rose-600x800.jpg 600w, https:\/\/voyagedelabaleine.fr\/wp-content\/uploads\/2025\/01\/giler-bebe-rose-225x300.jpg 225w, https:\/\/voyagedelabaleine.fr\/wp-content\/uploads\/2025\/01\/giler-bebe-rose-768x1024.jpg 768w, https:\/\/voyagedelabaleine.fr\/wp-content\/uploads\/2025\/01\/giler-bebe-rose.jpg 1143w\" sizes=\"(max-width: 600px) 100vw, 600px\" \/><img decoding=\"async\" width=\"600\" height=\"800\" src=\"https:\/\/voyagedelabaleine.fr\/wp-content\/uploads\/2024\/09\/gilet-bebe-rose-1-600x800.jpg\" class=\"woo-entry-image-secondary\" alt=\"Cardigan bambina a punto legaccio &#8211; Rosa\" itemprop=\"image\" srcset=\"https:\/\/voyagedelabaleine.fr\/wp-content\/uploads\/2024\/09\/gilet-bebe-rose-1-600x800.jpg 600w, https:\/\/voyagedelabaleine.fr\/wp-content\/uploads\/2024\/09\/gilet-bebe-rose-1-225x300.jpg 225w, https:\/\/voyagedelabaleine.fr\/wp-content\/uploads\/2024\/09\/gilet-bebe-rose-1-768x1024.jpg 768w, https:\/\/voyagedelabaleine.fr\/wp-content\/uploads\/2024\/09\/gilet-bebe-rose-1.jpg 1000w\" sizes=\"(max-width: 600px) 100vw, 600px\" \/><\/a>\t<\/div><!-- .woo-entry-image-swap -->\n\n<\/li><li class=\"title\"><h2><a href=\"https:\/\/voyagedelabaleine.fr\/it\/prodotto\/cardigan-bambina-a-punto-legaccio-rosa\/\">Cardigan bambina a punto legaccio &#8211; Rosa<\/a><\/h2><\/li><li class=\"price-wrap\">\n\t<span class=\"price\"><span class=\"woocommerce-Price-amount amount\"><bdi>38<span class=\"woocommerce-Price-currencySymbol\">&euro;<\/span><\/bdi><\/span><\/span>\n<\/li><\/ul><\/div><!-- .product-inner .clr --><\/li>\n<li class=\"entry has-media has-rating col span_1_of_3 owp-content-center owp-thumbs-layout-vertical owp-btn-big owp-tabs-layout-vertical circle-sale product type-product post-32124 status-publish instock product_cat-accessori-nascita-ragazza product_cat-accessori-nascita product_cat-accessori-neonata product_cat-accessori-neonati product_cat-ultima-occasione has-post-thumbnail taxable shipping-taxable purchasable product-type-variable has-default-attributes\">\n\t<div class=\"product-inner clr\">\n\t<div class=\"woo-entry-image-swap woo-entry-image clr\">\n\t\t<a href=\"https:\/\/voyagedelabaleine.fr\/it\/prodotto\/colletto-rimovibile-da-bambina-a-punto-legaccio-per-gilet-rosa\/\" class=\"woocommerce-LoopProduct-link\"><img decoding=\"async\" width=\"600\" height=\"800\" src=\"https:\/\/voyagedelabaleine.fr\/wp-content\/uploads\/2024\/09\/col-amovible-bebe-rose-600x800.jpg\" class=\"woo-entry-image-main\" alt=\"Colletto rimovibile da bambina a punto legaccio per gilet &#8211; Rosa\" itemprop=\"image\" srcset=\"https:\/\/voyagedelabaleine.fr\/wp-content\/uploads\/2024\/09\/col-amovible-bebe-rose-600x800.jpg 600w, https:\/\/voyagedelabaleine.fr\/wp-content\/uploads\/2024\/09\/col-amovible-bebe-rose-225x300.jpg 225w, https:\/\/voyagedelabaleine.fr\/wp-content\/uploads\/2024\/09\/col-amovible-bebe-rose-768x1024.jpg 768w, https:\/\/voyagedelabaleine.fr\/wp-content\/uploads\/2024\/09\/col-amovible-bebe-rose.jpg 988w\" sizes=\"(max-width: 600px) 100vw, 600px\" \/><img decoding=\"async\" width=\"600\" height=\"800\" src=\"https:\/\/voyagedelabaleine.fr\/wp-content\/uploads\/2024\/09\/gilet-bebe-rose-1-600x800.jpg\" class=\"woo-entry-image-secondary\" alt=\"Colletto rimovibile da bambina a punto legaccio per gilet &#8211; Rosa\" itemprop=\"image\" srcset=\"https:\/\/voyagedelabaleine.fr\/wp-content\/uploads\/2024\/09\/gilet-bebe-rose-1-600x800.jpg 600w, https:\/\/voyagedelabaleine.fr\/wp-content\/uploads\/2024\/09\/gilet-bebe-rose-1-225x300.jpg 225w, https:\/\/voyagedelabaleine.fr\/wp-content\/uploads\/2024\/09\/gilet-bebe-rose-1-768x1024.jpg 768w, https:\/\/voyagedelabaleine.fr\/wp-content\/uploads\/2024\/09\/gilet-bebe-rose-1.jpg 1000w\" sizes=\"(max-width: 600px) 100vw, 600px\" \/><\/a>\t<\/div><!-- .woo-entry-image-swap -->\n\n<ul class=\"woo-entry-inner clr\"><li class=\"image-wrap\">\n\t<div class=\"woo-entry-image-swap woo-entry-image clr\">\n\t\t<a href=\"https:\/\/voyagedelabaleine.fr\/it\/prodotto\/colletto-rimovibile-da-bambina-a-punto-legaccio-per-gilet-rosa\/\" class=\"woocommerce-LoopProduct-link\"><img decoding=\"async\" width=\"600\" height=\"800\" src=\"https:\/\/voyagedelabaleine.fr\/wp-content\/uploads\/2024\/09\/col-amovible-bebe-rose-600x800.jpg\" class=\"woo-entry-image-main\" alt=\"Colletto rimovibile da bambina a punto legaccio per gilet &#8211; Rosa\" itemprop=\"image\" srcset=\"https:\/\/voyagedelabaleine.fr\/wp-content\/uploads\/2024\/09\/col-amovible-bebe-rose-600x800.jpg 600w, https:\/\/voyagedelabaleine.fr\/wp-content\/uploads\/2024\/09\/col-amovible-bebe-rose-225x300.jpg 225w, https:\/\/voyagedelabaleine.fr\/wp-content\/uploads\/2024\/09\/col-amovible-bebe-rose-768x1024.jpg 768w, https:\/\/voyagedelabaleine.fr\/wp-content\/uploads\/2024\/09\/col-amovible-bebe-rose.jpg 988w\" sizes=\"(max-width: 600px) 100vw, 600px\" \/><img decoding=\"async\" width=\"600\" height=\"800\" src=\"https:\/\/voyagedelabaleine.fr\/wp-content\/uploads\/2024\/09\/gilet-bebe-rose-1-600x800.jpg\" class=\"woo-entry-image-secondary\" alt=\"Colletto rimovibile da bambina a punto legaccio per gilet &#8211; Rosa\" itemprop=\"image\" srcset=\"https:\/\/voyagedelabaleine.fr\/wp-content\/uploads\/2024\/09\/gilet-bebe-rose-1-600x800.jpg 600w, https:\/\/voyagedelabaleine.fr\/wp-content\/uploads\/2024\/09\/gilet-bebe-rose-1-225x300.jpg 225w, https:\/\/voyagedelabaleine.fr\/wp-content\/uploads\/2024\/09\/gilet-bebe-rose-1-768x1024.jpg 768w, https:\/\/voyagedelabaleine.fr\/wp-content\/uploads\/2024\/09\/gilet-bebe-rose-1.jpg 1000w\" sizes=\"(max-width: 600px) 100vw, 600px\" \/><\/a>\t<\/div><!-- .woo-entry-image-swap -->\n\n<\/li><li class=\"title\"><h2><a href=\"https:\/\/voyagedelabaleine.fr\/it\/prodotto\/colletto-rimovibile-da-bambina-a-punto-legaccio-per-gilet-rosa\/\">Colletto rimovibile da bambina a punto legaccio per gilet &#8211; Rosa<\/a><\/h2><\/li><li class=\"price-wrap\">\n\t<span class=\"price\"><span class=\"woocommerce-Price-amount amount\"><bdi>10<span class=\"woocommerce-Price-currencySymbol\">&euro;<\/span><\/bdi><\/span><\/span>\n<\/li><\/ul><\/div><!-- .product-inner .clr --><\/li>\n<li class=\"entry has-media has-rating col span_1_of_3 owp-content-center owp-thumbs-layout-vertical owp-btn-big owp-tabs-layout-vertical circle-sale product type-product post-33493 status-publish last instock product_cat-calze-collant-neonati-bambini product_cat-calzini-collant-nascita product_cat-calzini-collant-nascita-ragazza product_cat-calzini-collant-bambina product_cat-calzini-collant-bambini product_cat-calzini-collant-neonata product_tag-collant has-post-thumbnail taxable shipping-taxable purchasable product-type-variable has-default-attributes\">\n\t<div class=\"product-inner clr\">\n\t<div class=\"woo-entry-image-swap woo-entry-image clr\">\n\t\t<a href=\"https:\/\/voyagedelabaleine.fr\/it\/prodotto\/collant-neonata-a-costine-nude\/\" class=\"woocommerce-LoopProduct-link\"><img decoding=\"async\" width=\"600\" height=\"800\" src=\"https:\/\/voyagedelabaleine.fr\/wp-content\/uploads\/2024\/09\/collant-bebe-cotele-nude-1-1-600x800.jpg\" class=\"woo-entry-image-main\" alt=\"Collant neonata a costine &#8211; Nude\" itemprop=\"image\" srcset=\"https:\/\/voyagedelabaleine.fr\/wp-content\/uploads\/2024\/09\/collant-bebe-cotele-nude-1-1-600x800.jpg 600w, https:\/\/voyagedelabaleine.fr\/wp-content\/uploads\/2024\/09\/collant-bebe-cotele-nude-1-1-225x300.jpg 225w, https:\/\/voyagedelabaleine.fr\/wp-content\/uploads\/2024\/09\/collant-bebe-cotele-nude-1-1-768x1024.jpg 768w, https:\/\/voyagedelabaleine.fr\/wp-content\/uploads\/2024\/09\/collant-bebe-cotele-nude-1-1.jpg 855w\" sizes=\"(max-width: 600px) 100vw, 600px\" \/><img decoding=\"async\" width=\"600\" height=\"800\" src=\"https:\/\/voyagedelabaleine.fr\/wp-content\/uploads\/2024\/09\/collant-bebe-cotele-nude-2-1-600x800.jpg\" class=\"woo-entry-image-secondary\" alt=\"Collant neonata a costine &#8211; Nude\" itemprop=\"image\" srcset=\"https:\/\/voyagedelabaleine.fr\/wp-content\/uploads\/2024\/09\/collant-bebe-cotele-nude-2-1-600x800.jpg 600w, https:\/\/voyagedelabaleine.fr\/wp-content\/uploads\/2024\/09\/collant-bebe-cotele-nude-2-1-225x300.jpg 225w, https:\/\/voyagedelabaleine.fr\/wp-content\/uploads\/2024\/09\/collant-bebe-cotele-nude-2-1-768x1024.jpg 768w, https:\/\/voyagedelabaleine.fr\/wp-content\/uploads\/2024\/09\/collant-bebe-cotele-nude-2-1.jpg 855w\" sizes=\"(max-width: 600px) 100vw, 600px\" \/><\/a>\t<\/div><!-- .woo-entry-image-swap -->\n\n<ul class=\"woo-entry-inner clr\"><li class=\"image-wrap\">\n\t<div class=\"woo-entry-image-swap woo-entry-image clr\">\n\t\t<a href=\"https:\/\/voyagedelabaleine.fr\/it\/prodotto\/collant-neonata-a-costine-nude\/\" class=\"woocommerce-LoopProduct-link\"><img decoding=\"async\" width=\"600\" height=\"800\" src=\"https:\/\/voyagedelabaleine.fr\/wp-content\/uploads\/2024\/09\/collant-bebe-cotele-nude-1-1-600x800.jpg\" class=\"woo-entry-image-main\" alt=\"Collant neonata a costine &#8211; Nude\" itemprop=\"image\" srcset=\"https:\/\/voyagedelabaleine.fr\/wp-content\/uploads\/2024\/09\/collant-bebe-cotele-nude-1-1-600x800.jpg 600w, https:\/\/voyagedelabaleine.fr\/wp-content\/uploads\/2024\/09\/collant-bebe-cotele-nude-1-1-225x300.jpg 225w, https:\/\/voyagedelabaleine.fr\/wp-content\/uploads\/2024\/09\/collant-bebe-cotele-nude-1-1-768x1024.jpg 768w, https:\/\/voyagedelabaleine.fr\/wp-content\/uploads\/2024\/09\/collant-bebe-cotele-nude-1-1.jpg 855w\" sizes=\"(max-width: 600px) 100vw, 600px\" \/><img decoding=\"async\" width=\"600\" height=\"800\" src=\"https:\/\/voyagedelabaleine.fr\/wp-content\/uploads\/2024\/09\/collant-bebe-cotele-nude-2-1-600x800.jpg\" class=\"woo-entry-image-secondary\" alt=\"Collant neonata a costine &#8211; Nude\" itemprop=\"image\" srcset=\"https:\/\/voyagedelabaleine.fr\/wp-content\/uploads\/2024\/09\/collant-bebe-cotele-nude-2-1-600x800.jpg 600w, https:\/\/voyagedelabaleine.fr\/wp-content\/uploads\/2024\/09\/collant-bebe-cotele-nude-2-1-225x300.jpg 225w, https:\/\/voyagedelabaleine.fr\/wp-content\/uploads\/2024\/09\/collant-bebe-cotele-nude-2-1-768x1024.jpg 768w, https:\/\/voyagedelabaleine.fr\/wp-content\/uploads\/2024\/09\/collant-bebe-cotele-nude-2-1.jpg 855w\" sizes=\"(max-width: 600px) 100vw, 600px\" \/><\/a>\t<\/div><!-- .woo-entry-image-swap -->\n\n<\/li><li class=\"title\"><h2><a href=\"https:\/\/voyagedelabaleine.fr\/it\/prodotto\/collant-neonata-a-costine-nude\/\">Collant neonata a costine &#8211; Nude<\/a><\/h2><\/li><li class=\"price-wrap\">\n\t<span class=\"price\"><span class=\"woocommerce-Price-amount amount\"><bdi>14<span class=\"woocommerce-Price-currencySymbol\">&euro;<\/span><\/bdi><\/span><\/span>\n<\/li><\/ul><\/div><!-- .product-inner .clr --><\/li>\n<\/ul>\n<\/div><\/div>\n\t\t\t\t\t\t<\/div>\n\t\t\t\t<\/div>\n\t\t<div class=\"elementor-element elementor-element-2f46533 e-con-full e-flex e-con e-parent\" data-id=\"2f46533\" data-element_type=\"container\" data-e-type=\"container\">\n\t\t\t\t<div class=\"elementor-element elementor-element-3b2b2de elementor-widget-divider--separator-type-pattern elementor-widget-divider--view-line elementor-widget elementor-widget-divider\" data-id=\"3b2b2de\" data-element_type=\"widget\" data-e-type=\"widget\" data-widget_type=\"divider.default\">\n\t\t\t\t\t\t\t<div class=\"elementor-divider\" style=\"--divider-pattern-url: url(&quot;data:image\/svg+xml,%3Csvg xmlns=&#039;http:\/\/www.w3.org\/2000\/svg&#039; preserveAspectRatio=&#039;none&#039; overflow=&#039;visible&#039; height=&#039;100%&#039; viewBox=&#039;0 0 24 24&#039; fill=&#039;black&#039; stroke=&#039;none&#039;%3E%3Cpath d=&#039;M12.7,2.3c-0.4-0.4-1.1-0.4-1.5,0l-8,9.1c-0.3,0.4-0.3,0.9,0,1.2l8,9.1c0.4,0.4,1.1,0.4,1.5,0l8-9.1c0.3-0.4,0.3-0.9,0-1.2L12.7,2.3z&#039;\/%3E%3C\/svg%3E&quot;);\">\n\t\t\t<span class=\"elementor-divider-separator\">\n\t\t\t\t\t\t<\/span>\n\t\t<\/div>\n\t\t\t\t\t\t<\/div>\n\t\t\t\t<div class=\"elementor-element elementor-element-001fa62 elementor-widget elementor-widget-heading\" data-id=\"001fa62\" data-element_type=\"widget\" data-e-type=\"widget\" data-widget_type=\"heading.default\">\n\t\t\t\t\t<h2 class=\"elementor-heading-title elementor-size-default\">Tartan chic<\/h2>\t\t\t\t<\/div>\n\t\t\t\t<div class=\"elementor-element elementor-element-aeced04 elementor-widget elementor-widget-shortcode\" data-id=\"aeced04\" data-element_type=\"widget\" data-e-type=\"widget\" data-widget_type=\"shortcode.default\">\n\t\t\t\t\t\t\t<div class=\"elementor-shortcode\"><div class=\"woocommerce columns-3 \">\r\n<ul class=\"products oceanwp-row clr grid tablet-col tablet-2-col mobile-col mobile-2-col\">\r\n<li class=\"entry has-media has-rating col span_1_of_3 owp-content-center owp-thumbs-layout-vertical owp-btn-big owp-tabs-layout-vertical circle-sale product type-product post-30535 status-publish first instock product_cat-abbigliamento product_cat-bambina product_cat-neonata product_cat-vestito-bambina product_cat-vestito-neonata has-post-thumbnail taxable shipping-taxable purchasable product-type-variable has-default-attributes\">\n\t<div class=\"product-inner clr\">\n\t<div class=\"woo-entry-image-swap woo-entry-image clr\">\n\t\t<a href=\"https:\/\/voyagedelabaleine.fr\/it\/prodotto\/vestito-bambina-tartan-con-colletto-ricamato-bordeaux\/\" class=\"woocommerce-LoopProduct-link\"><img decoding=\"async\" width=\"600\" height=\"800\" src=\"https:\/\/voyagedelabaleine.fr\/wp-content\/uploads\/2025\/02\/robe-bebe-tartan-1-600x800.jpg\" class=\"woo-entry-image-main\" alt=\"Vestito bambina tartan con colletto ricamato &#8211; Bordeaux\" itemprop=\"image\" srcset=\"https:\/\/voyagedelabaleine.fr\/wp-content\/uploads\/2025\/02\/robe-bebe-tartan-1-600x800.jpg 600w, https:\/\/voyagedelabaleine.fr\/wp-content\/uploads\/2025\/02\/robe-bebe-tartan-1-225x300.jpg 225w, https:\/\/voyagedelabaleine.fr\/wp-content\/uploads\/2025\/02\/robe-bebe-tartan-1-768x1024.jpg 768w, https:\/\/voyagedelabaleine.fr\/wp-content\/uploads\/2025\/02\/robe-bebe-tartan-1-1152x1536.jpg 1152w, https:\/\/voyagedelabaleine.fr\/wp-content\/uploads\/2025\/02\/robe-bebe-tartan-1.jpg 1200w\" sizes=\"(max-width: 600px) 100vw, 600px\" \/><img decoding=\"async\" width=\"600\" height=\"800\" src=\"https:\/\/voyagedelabaleine.fr\/wp-content\/uploads\/2024\/10\/robe-bebe-tartan-600x800.jpg\" class=\"woo-entry-image-secondary\" alt=\"Vestito bambina tartan con colletto ricamato &#8211; Bordeaux\" itemprop=\"image\" srcset=\"https:\/\/voyagedelabaleine.fr\/wp-content\/uploads\/2024\/10\/robe-bebe-tartan-600x800.jpg 600w, https:\/\/voyagedelabaleine.fr\/wp-content\/uploads\/2024\/10\/robe-bebe-tartan-225x300.jpg 225w, https:\/\/voyagedelabaleine.fr\/wp-content\/uploads\/2024\/10\/robe-bebe-tartan-768x1024.jpg 768w, https:\/\/voyagedelabaleine.fr\/wp-content\/uploads\/2024\/10\/robe-bebe-tartan.jpg 800w\" sizes=\"(max-width: 600px) 100vw, 600px\" \/><\/a>\t<\/div><!-- .woo-entry-image-swap -->\n\n<ul class=\"woo-entry-inner clr\"><li class=\"image-wrap\">\n\t<div class=\"woo-entry-image-swap woo-entry-image clr\">\n\t\t<a href=\"https:\/\/voyagedelabaleine.fr\/it\/prodotto\/vestito-bambina-tartan-con-colletto-ricamato-bordeaux\/\" class=\"woocommerce-LoopProduct-link\"><img decoding=\"async\" width=\"600\" height=\"800\" src=\"https:\/\/voyagedelabaleine.fr\/wp-content\/uploads\/2025\/02\/robe-bebe-tartan-1-600x800.jpg\" class=\"woo-entry-image-main\" alt=\"Vestito bambina tartan con colletto ricamato &#8211; Bordeaux\" itemprop=\"image\" srcset=\"https:\/\/voyagedelabaleine.fr\/wp-content\/uploads\/2025\/02\/robe-bebe-tartan-1-600x800.jpg 600w, https:\/\/voyagedelabaleine.fr\/wp-content\/uploads\/2025\/02\/robe-bebe-tartan-1-225x300.jpg 225w, https:\/\/voyagedelabaleine.fr\/wp-content\/uploads\/2025\/02\/robe-bebe-tartan-1-768x1024.jpg 768w, https:\/\/voyagedelabaleine.fr\/wp-content\/uploads\/2025\/02\/robe-bebe-tartan-1-1152x1536.jpg 1152w, https:\/\/voyagedelabaleine.fr\/wp-content\/uploads\/2025\/02\/robe-bebe-tartan-1.jpg 1200w\" sizes=\"(max-width: 600px) 100vw, 600px\" \/><img decoding=\"async\" width=\"600\" height=\"800\" src=\"https:\/\/voyagedelabaleine.fr\/wp-content\/uploads\/2024\/10\/robe-bebe-tartan-600x800.jpg\" class=\"woo-entry-image-secondary\" alt=\"Vestito bambina tartan con colletto ricamato &#8211; Bordeaux\" itemprop=\"image\" srcset=\"https:\/\/voyagedelabaleine.fr\/wp-content\/uploads\/2024\/10\/robe-bebe-tartan-600x800.jpg 600w, https:\/\/voyagedelabaleine.fr\/wp-content\/uploads\/2024\/10\/robe-bebe-tartan-225x300.jpg 225w, https:\/\/voyagedelabaleine.fr\/wp-content\/uploads\/2024\/10\/robe-bebe-tartan-768x1024.jpg 768w, https:\/\/voyagedelabaleine.fr\/wp-content\/uploads\/2024\/10\/robe-bebe-tartan.jpg 800w\" sizes=\"(max-width: 600px) 100vw, 600px\" \/><\/a>\t<\/div><!-- .woo-entry-image-swap -->\n\n<\/li><li class=\"title\"><h2><a href=\"https:\/\/voyagedelabaleine.fr\/it\/prodotto\/vestito-bambina-tartan-con-colletto-ricamato-bordeaux\/\">Vestito bambina tartan con colletto ricamato &#8211; Bordeaux<\/a><\/h2><\/li><li class=\"price-wrap\">\n\t<span class=\"price\"><span class=\"woocommerce-Price-amount amount\"><bdi>68<span class=\"woocommerce-Price-currencySymbol\">&euro;<\/span><\/bdi><\/span><\/span>\n<\/li><\/ul><\/div><!-- .product-inner .clr --><\/li>\n<li class=\"entry has-media has-rating col span_1_of_3 owp-content-center owp-thumbs-layout-vertical owp-btn-big owp-tabs-layout-vertical circle-sale product type-product post-29579 status-publish instock product_cat-abbigliamento product_cat-maglione-irlandese-neonati-bambini product_cat-maglione-gilet-cardigan-bambina product_cat-maglione-gilet-cardigan-bambini product_cat-maglione-gilet-cardigan-neonata product_cat-maglione-gilet-cardigan-neonati has-post-thumbnail taxable shipping-taxable purchasable product-type-variable has-default-attributes\">\n\t<div class=\"product-inner clr\">\n\t<div class=\"woo-entry-image-swap woo-entry-image clr\">\n\t\t<a href=\"https:\/\/voyagedelabaleine.fr\/it\/prodotto\/cardigan-per-neonata-a-trecce-pura-lana-merino-ecru\/\" class=\"woocommerce-LoopProduct-link\"><img decoding=\"async\" width=\"600\" height=\"800\" src=\"https:\/\/voyagedelabaleine.fr\/wp-content\/uploads\/2024\/11\/IMG_2335-fotor-20241126143428-1-600x800.jpg\" class=\"woo-entry-image-main\" alt=\"Cardigan per neonata a trecce &#8211; Pura lana merino &#8211; Ecru\" itemprop=\"image\" srcset=\"https:\/\/voyagedelabaleine.fr\/wp-content\/uploads\/2024\/11\/IMG_2335-fotor-20241126143428-1-600x800.jpg 600w, https:\/\/voyagedelabaleine.fr\/wp-content\/uploads\/2024\/11\/IMG_2335-fotor-20241126143428-1-225x300.jpg 225w, https:\/\/voyagedelabaleine.fr\/wp-content\/uploads\/2024\/11\/IMG_2335-fotor-20241126143428-1-768x1024.jpg 768w, https:\/\/voyagedelabaleine.fr\/wp-content\/uploads\/2024\/11\/IMG_2335-fotor-20241126143428-1.jpg 800w\" sizes=\"(max-width: 600px) 100vw, 600px\" \/><img decoding=\"async\" width=\"600\" height=\"800\" src=\"https:\/\/voyagedelabaleine.fr\/wp-content\/uploads\/2024\/11\/IMG_2335-fotor-20241126143553-1-600x800.jpg\" class=\"woo-entry-image-secondary\" alt=\"Cardigan per neonata a trecce &#8211; Pura lana merino &#8211; Ecru\" itemprop=\"image\" srcset=\"https:\/\/voyagedelabaleine.fr\/wp-content\/uploads\/2024\/11\/IMG_2335-fotor-20241126143553-1-600x800.jpg 600w, https:\/\/voyagedelabaleine.fr\/wp-content\/uploads\/2024\/11\/IMG_2335-fotor-20241126143553-1-225x300.jpg 225w, https:\/\/voyagedelabaleine.fr\/wp-content\/uploads\/2024\/11\/IMG_2335-fotor-20241126143553-1-768x1024.jpg 768w, https:\/\/voyagedelabaleine.fr\/wp-content\/uploads\/2024\/11\/IMG_2335-fotor-20241126143553-1.jpg 800w\" sizes=\"(max-width: 600px) 100vw, 600px\" \/><\/a>\t<\/div><!-- .woo-entry-image-swap -->\n\n<ul class=\"woo-entry-inner clr\"><li class=\"image-wrap\">\n\t<div class=\"woo-entry-image-swap woo-entry-image clr\">\n\t\t<a href=\"https:\/\/voyagedelabaleine.fr\/it\/prodotto\/cardigan-per-neonata-a-trecce-pura-lana-merino-ecru\/\" class=\"woocommerce-LoopProduct-link\"><img decoding=\"async\" width=\"600\" height=\"800\" src=\"https:\/\/voyagedelabaleine.fr\/wp-content\/uploads\/2024\/11\/IMG_2335-fotor-20241126143428-1-600x800.jpg\" class=\"woo-entry-image-main\" alt=\"Cardigan per neonata a trecce &#8211; Pura lana merino &#8211; Ecru\" itemprop=\"image\" srcset=\"https:\/\/voyagedelabaleine.fr\/wp-content\/uploads\/2024\/11\/IMG_2335-fotor-20241126143428-1-600x800.jpg 600w, https:\/\/voyagedelabaleine.fr\/wp-content\/uploads\/2024\/11\/IMG_2335-fotor-20241126143428-1-225x300.jpg 225w, https:\/\/voyagedelabaleine.fr\/wp-content\/uploads\/2024\/11\/IMG_2335-fotor-20241126143428-1-768x1024.jpg 768w, https:\/\/voyagedelabaleine.fr\/wp-content\/uploads\/2024\/11\/IMG_2335-fotor-20241126143428-1.jpg 800w\" sizes=\"(max-width: 600px) 100vw, 600px\" \/><img decoding=\"async\" width=\"600\" height=\"800\" src=\"https:\/\/voyagedelabaleine.fr\/wp-content\/uploads\/2024\/11\/IMG_2335-fotor-20241126143553-1-600x800.jpg\" class=\"woo-entry-image-secondary\" alt=\"Cardigan per neonata a trecce &#8211; Pura lana merino &#8211; Ecru\" itemprop=\"image\" srcset=\"https:\/\/voyagedelabaleine.fr\/wp-content\/uploads\/2024\/11\/IMG_2335-fotor-20241126143553-1-600x800.jpg 600w, https:\/\/voyagedelabaleine.fr\/wp-content\/uploads\/2024\/11\/IMG_2335-fotor-20241126143553-1-225x300.jpg 225w, https:\/\/voyagedelabaleine.fr\/wp-content\/uploads\/2024\/11\/IMG_2335-fotor-20241126143553-1-768x1024.jpg 768w, https:\/\/voyagedelabaleine.fr\/wp-content\/uploads\/2024\/11\/IMG_2335-fotor-20241126143553-1.jpg 800w\" sizes=\"(max-width: 600px) 100vw, 600px\" \/><\/a>\t<\/div><!-- .woo-entry-image-swap -->\n\n<\/li><li class=\"title\"><h2><a href=\"https:\/\/voyagedelabaleine.fr\/it\/prodotto\/cardigan-per-neonata-a-trecce-pura-lana-merino-ecru\/\">Cardigan per neonata a trecce &#8211; Pura lana merino &#8211; Ecru<\/a><\/h2><\/li><li class=\"price-wrap\">\n\t<span class=\"price\"><span class=\"woocommerce-Price-amount amount\"><bdi>60<span class=\"woocommerce-Price-currencySymbol\">&euro;<\/span><\/bdi><\/span><\/span>\n<\/li><\/ul><\/div><!-- .product-inner .clr --><\/li>\n<li class=\"entry has-media has-rating col span_1_of_3 owp-content-center owp-thumbs-layout-vertical owp-btn-big owp-tabs-layout-vertical circle-sale product type-product post-33963 status-publish last instock product_cat-calze-collant-neonati-bambini product_cat-calzini-collant-nascita product_cat-calzini-collant-nascita-ragazza product_cat-calzini-collant-nascita-ragazzo-2 product_cat-calzini-collant-neonata product_cat-calzini-collant-neonato has-post-thumbnail taxable shipping-taxable purchasable product-type-variable has-default-attributes\">\n\t<div class=\"product-inner clr\">\n\t<div class=\"woo-entry-image-swap woo-entry-image clr\">\n\t\t<a href=\"https:\/\/voyagedelabaleine.fr\/it\/prodotto\/collant-neonato-a-costine-bordeaux\/\" class=\"woocommerce-LoopProduct-link\"><img decoding=\"async\" width=\"600\" height=\"800\" src=\"https:\/\/voyagedelabaleine.fr\/wp-content\/uploads\/2024\/09\/collant-bebe-cotele-bordeaux-600x800.jpg\" class=\"woo-entry-image-main\" alt=\"Collant neonato a costine &#8211; Bordeaux\" itemprop=\"image\" srcset=\"https:\/\/voyagedelabaleine.fr\/wp-content\/uploads\/2024\/09\/collant-bebe-cotele-bordeaux-600x800.jpg 600w, https:\/\/voyagedelabaleine.fr\/wp-content\/uploads\/2024\/09\/collant-bebe-cotele-bordeaux-225x300.jpg 225w, https:\/\/voyagedelabaleine.fr\/wp-content\/uploads\/2024\/09\/collant-bebe-cotele-bordeaux-768x1024.jpg 768w, https:\/\/voyagedelabaleine.fr\/wp-content\/uploads\/2024\/09\/collant-bebe-cotele-bordeaux.jpg 855w\" sizes=\"(max-width: 600px) 100vw, 600px\" \/><img decoding=\"async\" width=\"600\" height=\"800\" src=\"https:\/\/voyagedelabaleine.fr\/wp-content\/uploads\/2024\/09\/collant-bebe-cotele-bordeaux-2-1-600x800.jpg\" class=\"woo-entry-image-secondary\" alt=\"Collant neonato a costine &#8211; Bordeaux\" itemprop=\"image\" srcset=\"https:\/\/voyagedelabaleine.fr\/wp-content\/uploads\/2024\/09\/collant-bebe-cotele-bordeaux-2-1-600x800.jpg 600w, https:\/\/voyagedelabaleine.fr\/wp-content\/uploads\/2024\/09\/collant-bebe-cotele-bordeaux-2-1-225x300.jpg 225w, https:\/\/voyagedelabaleine.fr\/wp-content\/uploads\/2024\/09\/collant-bebe-cotele-bordeaux-2-1-768x1024.jpg 768w, https:\/\/voyagedelabaleine.fr\/wp-content\/uploads\/2024\/09\/collant-bebe-cotele-bordeaux-2-1.jpg 855w\" sizes=\"(max-width: 600px) 100vw, 600px\" \/><\/a>\t<\/div><!-- .woo-entry-image-swap -->\n\n<ul class=\"woo-entry-inner clr\"><li class=\"image-wrap\">\n\t<div class=\"woo-entry-image-swap woo-entry-image clr\">\n\t\t<a href=\"https:\/\/voyagedelabaleine.fr\/it\/prodotto\/collant-neonato-a-costine-bordeaux\/\" class=\"woocommerce-LoopProduct-link\"><img decoding=\"async\" width=\"600\" height=\"800\" src=\"https:\/\/voyagedelabaleine.fr\/wp-content\/uploads\/2024\/09\/collant-bebe-cotele-bordeaux-600x800.jpg\" class=\"woo-entry-image-main\" alt=\"Collant neonato a costine &#8211; Bordeaux\" itemprop=\"image\" srcset=\"https:\/\/voyagedelabaleine.fr\/wp-content\/uploads\/2024\/09\/collant-bebe-cotele-bordeaux-600x800.jpg 600w, https:\/\/voyagedelabaleine.fr\/wp-content\/uploads\/2024\/09\/collant-bebe-cotele-bordeaux-225x300.jpg 225w, https:\/\/voyagedelabaleine.fr\/wp-content\/uploads\/2024\/09\/collant-bebe-cotele-bordeaux-768x1024.jpg 768w, https:\/\/voyagedelabaleine.fr\/wp-content\/uploads\/2024\/09\/collant-bebe-cotele-bordeaux.jpg 855w\" sizes=\"(max-width: 600px) 100vw, 600px\" \/><img decoding=\"async\" width=\"600\" height=\"800\" src=\"https:\/\/voyagedelabaleine.fr\/wp-content\/uploads\/2024\/09\/collant-bebe-cotele-bordeaux-2-1-600x800.jpg\" class=\"woo-entry-image-secondary\" alt=\"Collant neonato a costine &#8211; Bordeaux\" itemprop=\"image\" srcset=\"https:\/\/voyagedelabaleine.fr\/wp-content\/uploads\/2024\/09\/collant-bebe-cotele-bordeaux-2-1-600x800.jpg 600w, https:\/\/voyagedelabaleine.fr\/wp-content\/uploads\/2024\/09\/collant-bebe-cotele-bordeaux-2-1-225x300.jpg 225w, https:\/\/voyagedelabaleine.fr\/wp-content\/uploads\/2024\/09\/collant-bebe-cotele-bordeaux-2-1-768x1024.jpg 768w, https:\/\/voyagedelabaleine.fr\/wp-content\/uploads\/2024\/09\/collant-bebe-cotele-bordeaux-2-1.jpg 855w\" sizes=\"(max-width: 600px) 100vw, 600px\" \/><\/a>\t<\/div><!-- .woo-entry-image-swap -->\n\n<\/li><li class=\"title\"><h2><a href=\"https:\/\/voyagedelabaleine.fr\/it\/prodotto\/collant-neonato-a-costine-bordeaux\/\">Collant neonato a costine &#8211; Bordeaux<\/a><\/h2><\/li><li class=\"price-wrap\">\n\t<span class=\"price\"><span class=\"woocommerce-Price-amount amount\"><bdi>14<span class=\"woocommerce-Price-currencySymbol\">&euro;<\/span><\/bdi><\/span><\/span>\n<\/li><\/ul><\/div><!-- .product-inner .clr --><\/li>\n<\/ul>\n<\/div><\/div>\n\t\t\t\t\t\t<\/div>\n\t\t\t\t<\/div>\n\t\t<div class=\"elementor-element elementor-element-98d2e77 e-con-full e-flex e-con e-parent\" data-id=\"98d2e77\" data-element_type=\"container\" data-e-type=\"container\">\n\t\t\t\t<div class=\"elementor-element elementor-element-f9c2b83 elementor-widget-divider--separator-type-pattern elementor-widget-divider--view-line elementor-widget elementor-widget-divider\" data-id=\"f9c2b83\" data-element_type=\"widget\" data-e-type=\"widget\" data-widget_type=\"divider.default\">\n\t\t\t\t\t\t\t<div class=\"elementor-divider\" style=\"--divider-pattern-url: url(&quot;data:image\/svg+xml,%3Csvg xmlns=&#039;http:\/\/www.w3.org\/2000\/svg&#039; preserveAspectRatio=&#039;none&#039; overflow=&#039;visible&#039; height=&#039;100%&#039; viewBox=&#039;0 0 24 24&#039; fill=&#039;black&#039; stroke=&#039;none&#039;%3E%3Cpath d=&#039;M12.7,2.3c-0.4-0.4-1.1-0.4-1.5,0l-8,9.1c-0.3,0.4-0.3,0.9,0,1.2l8,9.1c0.4,0.4,1.1,0.4,1.5,0l8-9.1c0.3-0.4,0.3-0.9,0-1.2L12.7,2.3z&#039;\/%3E%3C\/svg%3E&quot;);\">\n\t\t\t<span class=\"elementor-divider-separator\">\n\t\t\t\t\t\t<\/span>\n\t\t<\/div>\n\t\t\t\t\t\t<\/div>\n\t\t\t\t<div class=\"elementor-element elementor-element-f23a272 elementor-widget elementor-widget-heading\" data-id=\"f23a272\" data-element_type=\"widget\" data-e-type=\"widget\" data-widget_type=\"heading.default\">\n\t\t\t\t\t<h2 class=\"elementor-heading-title elementor-size-default\">Il primo vestitino<\/h2>\t\t\t\t<\/div>\n\t\t\t\t<div class=\"elementor-element elementor-element-cc11092 elementor-widget elementor-widget-shortcode\" data-id=\"cc11092\" data-element_type=\"widget\" data-e-type=\"widget\" data-widget_type=\"shortcode.default\">\n\t\t\t\t\t\t\t<div class=\"elementor-shortcode\"><div class=\"woocommerce columns-3 \">\r\n<ul class=\"products oceanwp-row clr grid tablet-col tablet-2-col mobile-col mobile-2-col\">\r\n<li class=\"entry has-media col span_1_of_3 owp-content-center owp-thumbs-layout-vertical owp-btn-big owp-tabs-layout-vertical circle-sale product type-product post-32155 status-publish first instock product_cat-abbigliamento product_cat-maglione-gilet-cardigan-nascita product_cat-maglione-gilet-cardigan-nascita-ragazza product_cat-maglione-gilet-cardigan-nascita-ragazzo product_cat-maglione-gilet-cardigan-bambina product_cat-maglione-gilet-cardigan-bambini product_cat-maglione-gilet-cardigan-bambino product_cat-maglione-gilet-cardigan-neonata product_cat-maglione-gilet-cardigan-neonati product_cat-maglione-gilet-cardigan-neonato has-post-thumbnail taxable shipping-taxable purchasable product-type-variable has-default-attributes\">\n\t<div class=\"product-inner clr\">\n\t<div class=\"woo-entry-image-swap woo-entry-image clr\">\n\t\t<a href=\"https:\/\/voyagedelabaleine.fr\/it\/prodotto\/cardigan-neonata-a-punto-legaccio-verde-scuro\/\" class=\"woocommerce-LoopProduct-link\"><img decoding=\"async\" width=\"600\" height=\"800\" src=\"https:\/\/voyagedelabaleine.fr\/wp-content\/uploads\/2025\/01\/gilet-bebe-vert-fonce-600x800.jpg\" class=\"woo-entry-image-main\" alt=\"Cardigan neonata a punto legaccio &#8211; Verde scuro\" itemprop=\"image\" srcset=\"https:\/\/voyagedelabaleine.fr\/wp-content\/uploads\/2025\/01\/gilet-bebe-vert-fonce-600x800.jpg 600w, https:\/\/voyagedelabaleine.fr\/wp-content\/uploads\/2025\/01\/gilet-bebe-vert-fonce-225x300.jpg 225w, https:\/\/voyagedelabaleine.fr\/wp-content\/uploads\/2025\/01\/gilet-bebe-vert-fonce-768x1024.jpg 768w, https:\/\/voyagedelabaleine.fr\/wp-content\/uploads\/2025\/01\/gilet-bebe-vert-fonce.jpg 855w\" sizes=\"(max-width: 600px) 100vw, 600px\" \/><img decoding=\"async\" width=\"600\" height=\"800\" src=\"https:\/\/voyagedelabaleine.fr\/wp-content\/uploads\/2025\/01\/gilet-bebe-vert-fonce-1-600x800.jpg\" class=\"woo-entry-image-secondary\" alt=\"Cardigan neonata a punto legaccio &#8211; Verde scuro\" itemprop=\"image\" srcset=\"https:\/\/voyagedelabaleine.fr\/wp-content\/uploads\/2025\/01\/gilet-bebe-vert-fonce-1-600x800.jpg 600w, https:\/\/voyagedelabaleine.fr\/wp-content\/uploads\/2025\/01\/gilet-bebe-vert-fonce-1-225x300.jpg 225w, https:\/\/voyagedelabaleine.fr\/wp-content\/uploads\/2025\/01\/gilet-bebe-vert-fonce-1-768x1024.jpg 768w, https:\/\/voyagedelabaleine.fr\/wp-content\/uploads\/2025\/01\/gilet-bebe-vert-fonce-1.jpg 855w\" sizes=\"(max-width: 600px) 100vw, 600px\" \/><\/a>\t<\/div><!-- .woo-entry-image-swap -->\n\n<ul class=\"woo-entry-inner clr\"><li class=\"image-wrap\">\n\t<div class=\"woo-entry-image-swap woo-entry-image clr\">\n\t\t<a href=\"https:\/\/voyagedelabaleine.fr\/it\/prodotto\/cardigan-neonata-a-punto-legaccio-verde-scuro\/\" class=\"woocommerce-LoopProduct-link\"><img decoding=\"async\" width=\"600\" height=\"800\" src=\"https:\/\/voyagedelabaleine.fr\/wp-content\/uploads\/2025\/01\/gilet-bebe-vert-fonce-600x800.jpg\" class=\"woo-entry-image-main\" alt=\"Cardigan neonata a punto legaccio &#8211; Verde scuro\" itemprop=\"image\" srcset=\"https:\/\/voyagedelabaleine.fr\/wp-content\/uploads\/2025\/01\/gilet-bebe-vert-fonce-600x800.jpg 600w, https:\/\/voyagedelabaleine.fr\/wp-content\/uploads\/2025\/01\/gilet-bebe-vert-fonce-225x300.jpg 225w, https:\/\/voyagedelabaleine.fr\/wp-content\/uploads\/2025\/01\/gilet-bebe-vert-fonce-768x1024.jpg 768w, https:\/\/voyagedelabaleine.fr\/wp-content\/uploads\/2025\/01\/gilet-bebe-vert-fonce.jpg 855w\" sizes=\"(max-width: 600px) 100vw, 600px\" \/><img decoding=\"async\" width=\"600\" height=\"800\" src=\"https:\/\/voyagedelabaleine.fr\/wp-content\/uploads\/2025\/01\/gilet-bebe-vert-fonce-1-600x800.jpg\" class=\"woo-entry-image-secondary\" alt=\"Cardigan neonata a punto legaccio &#8211; Verde scuro\" itemprop=\"image\" srcset=\"https:\/\/voyagedelabaleine.fr\/wp-content\/uploads\/2025\/01\/gilet-bebe-vert-fonce-1-600x800.jpg 600w, https:\/\/voyagedelabaleine.fr\/wp-content\/uploads\/2025\/01\/gilet-bebe-vert-fonce-1-225x300.jpg 225w, https:\/\/voyagedelabaleine.fr\/wp-content\/uploads\/2025\/01\/gilet-bebe-vert-fonce-1-768x1024.jpg 768w, https:\/\/voyagedelabaleine.fr\/wp-content\/uploads\/2025\/01\/gilet-bebe-vert-fonce-1.jpg 855w\" sizes=\"(max-width: 600px) 100vw, 600px\" \/><\/a>\t<\/div><!-- .woo-entry-image-swap -->\n\n<\/li><li class=\"title\"><h2><a href=\"https:\/\/voyagedelabaleine.fr\/it\/prodotto\/cardigan-neonata-a-punto-legaccio-verde-scuro\/\">Cardigan neonata a punto legaccio &#8211; Verde scuro<\/a><\/h2><\/li><li class=\"price-wrap\">\n\t<span class=\"price\"><span class=\"woocommerce-Price-amount amount\"><bdi>38<span class=\"woocommerce-Price-currencySymbol\">&euro;<\/span><\/bdi><\/span><\/span>\n<\/li><\/ul><\/div><!-- .product-inner .clr --><\/li>\n<li class=\"entry has-media has-rating col span_1_of_3 owp-content-center owp-thumbs-layout-vertical owp-btn-big owp-tabs-layout-vertical circle-sale product type-product post-31166 status-publish instock product_cat-abbigliamento product_cat-nascita-ragazza product_cat-neonata product_cat-vestito-nascita product_cat-vestito-neonata has-post-thumbnail taxable shipping-taxable purchasable product-type-variable has-default-attributes\">\n\t<div class=\"product-inner clr\">\n\t<div class=\"woo-entry-image-swap woo-entry-image clr\">\n\t\t<a href=\"https:\/\/voyagedelabaleine.fr\/it\/prodotto\/vestito-bambina-punto-mousse-e-fiocco-in-velluto-verde\/\" class=\"woocommerce-LoopProduct-link\"><img decoding=\"async\" width=\"600\" height=\"800\" src=\"https:\/\/voyagedelabaleine.fr\/wp-content\/uploads\/2024\/08\/robe-bebe-verte-noeud-velours-2-600x800.jpg\" class=\"woo-entry-image-main\" alt=\"Vestito bambina punto mousse e fiocco in velluto &#8211; Verde\" itemprop=\"image\" \/><img decoding=\"async\" width=\"600\" height=\"800\" src=\"https:\/\/voyagedelabaleine.fr\/wp-content\/uploads\/2024\/08\/robe-bebe-verte-noeud-velours-3-600x800.jpg\" class=\"woo-entry-image-secondary\" alt=\"Vestito bambina punto mousse e fiocco in velluto &#8211; Verde\" itemprop=\"image\" \/><\/a>\t<\/div><!-- .woo-entry-image-swap -->\n\n<ul class=\"woo-entry-inner clr\"><li class=\"image-wrap\">\n\t<div class=\"woo-entry-image-swap woo-entry-image clr\">\n\t\t<a href=\"https:\/\/voyagedelabaleine.fr\/it\/prodotto\/vestito-bambina-punto-mousse-e-fiocco-in-velluto-verde\/\" class=\"woocommerce-LoopProduct-link\"><img decoding=\"async\" width=\"600\" height=\"800\" src=\"https:\/\/voyagedelabaleine.fr\/wp-content\/uploads\/2024\/08\/robe-bebe-verte-noeud-velours-2-600x800.jpg\" class=\"woo-entry-image-main\" alt=\"Vestito bambina punto mousse e fiocco in velluto &#8211; Verde\" itemprop=\"image\" \/><img decoding=\"async\" width=\"600\" height=\"800\" src=\"https:\/\/voyagedelabaleine.fr\/wp-content\/uploads\/2024\/08\/robe-bebe-verte-noeud-velours-3-600x800.jpg\" class=\"woo-entry-image-secondary\" alt=\"Vestito bambina punto mousse e fiocco in velluto &#8211; Verde\" itemprop=\"image\" \/><\/a>\t<\/div><!-- .woo-entry-image-swap -->\n\n<\/li><li class=\"title\"><h2><a href=\"https:\/\/voyagedelabaleine.fr\/it\/prodotto\/vestito-bambina-punto-mousse-e-fiocco-in-velluto-verde\/\">Vestito bambina punto mousse e fiocco in velluto &#8211; Verde<\/a><\/h2><\/li><li class=\"price-wrap\">\n\t<span class=\"price\"><span class=\"woocommerce-Price-amount amount\"><bdi>56<span class=\"woocommerce-Price-currencySymbol\">&euro;<\/span><\/bdi><\/span><\/span>\n<\/li><\/ul><\/div><!-- .product-inner .clr --><\/li>\n<li class=\"entry has-media has-rating col span_1_of_3 owp-content-center owp-thumbs-layout-vertical owp-btn-big owp-tabs-layout-vertical circle-sale product type-product post-34058 status-publish last instock product_cat-calze-collant-neonati-bambini product_cat-calzini-collant-nascita product_cat-calzini-collant-nascita-ragazza product_cat-calzini-collant-nascita-ragazzo-2 product_cat-calzini-collant-bambina product_cat-calzini-collant-bambini product_cat-calzini-collant-bambino product_cat-calzini-collant-neonata product_cat-calzini-collant-neonato has-post-thumbnail taxable shipping-taxable purchasable product-type-variable has-default-attributes\">\n\t<div class=\"product-inner clr\">\n\t<div class=\"woo-entry-image-swap woo-entry-image clr\">\n\t\t<a href=\"https:\/\/voyagedelabaleine.fr\/it\/prodotto\/set-2-collant-neonato-tinta-unita-grigio-blu-marino\/\" class=\"woocommerce-LoopProduct-link\"><img decoding=\"async\" width=\"600\" height=\"800\" src=\"https:\/\/voyagedelabaleine.fr\/wp-content\/uploads\/2024\/08\/lot-2-collants-unis-gris-bleu-2-600x800.jpg\" class=\"woo-entry-image-main\" alt=\"Set 2 collant neonato tinta unita &#8211; Grigio\/blu marino\" itemprop=\"image\" srcset=\"https:\/\/voyagedelabaleine.fr\/wp-content\/uploads\/2024\/08\/lot-2-collants-unis-gris-bleu-2-600x800.jpg 600w, https:\/\/voyagedelabaleine.fr\/wp-content\/uploads\/2024\/08\/lot-2-collants-unis-gris-bleu-2-225x300.jpg 225w, https:\/\/voyagedelabaleine.fr\/wp-content\/uploads\/2024\/08\/lot-2-collants-unis-gris-bleu-2-768x1024.jpg 768w, https:\/\/voyagedelabaleine.fr\/wp-content\/uploads\/2024\/08\/lot-2-collants-unis-gris-bleu-2.jpg 824w\" sizes=\"(max-width: 600px) 100vw, 600px\" \/><img decoding=\"async\" width=\"600\" height=\"800\" src=\"https:\/\/voyagedelabaleine.fr\/wp-content\/uploads\/2024\/08\/lot-2-collants-unis-bleu-gris-1-600x800.jpg\" class=\"woo-entry-image-secondary\" alt=\"Set 2 collant neonato tinta unita &#8211; Grigio\/blu marino\" itemprop=\"image\" srcset=\"https:\/\/voyagedelabaleine.fr\/wp-content\/uploads\/2024\/08\/lot-2-collants-unis-bleu-gris-1-600x799.jpg 600w, https:\/\/voyagedelabaleine.fr\/wp-content\/uploads\/2024\/08\/lot-2-collants-unis-bleu-gris-1-225x300.jpg 225w, https:\/\/voyagedelabaleine.fr\/wp-content\/uploads\/2024\/08\/lot-2-collants-unis-bleu-gris-1.jpg 689w\" sizes=\"(max-width: 600px) 100vw, 600px\" \/><\/a>\t<\/div><!-- .woo-entry-image-swap -->\n\n<ul class=\"woo-entry-inner clr\"><li class=\"image-wrap\">\n\t<div class=\"woo-entry-image-swap woo-entry-image clr\">\n\t\t<a href=\"https:\/\/voyagedelabaleine.fr\/it\/prodotto\/set-2-collant-neonato-tinta-unita-grigio-blu-marino\/\" class=\"woocommerce-LoopProduct-link\"><img decoding=\"async\" width=\"600\" height=\"800\" src=\"https:\/\/voyagedelabaleine.fr\/wp-content\/uploads\/2024\/08\/lot-2-collants-unis-gris-bleu-2-600x800.jpg\" class=\"woo-entry-image-main\" alt=\"Set 2 collant neonato tinta unita &#8211; Grigio\/blu marino\" itemprop=\"image\" srcset=\"https:\/\/voyagedelabaleine.fr\/wp-content\/uploads\/2024\/08\/lot-2-collants-unis-gris-bleu-2-600x800.jpg 600w, https:\/\/voyagedelabaleine.fr\/wp-content\/uploads\/2024\/08\/lot-2-collants-unis-gris-bleu-2-225x300.jpg 225w, https:\/\/voyagedelabaleine.fr\/wp-content\/uploads\/2024\/08\/lot-2-collants-unis-gris-bleu-2-768x1024.jpg 768w, https:\/\/voyagedelabaleine.fr\/wp-content\/uploads\/2024\/08\/lot-2-collants-unis-gris-bleu-2.jpg 824w\" sizes=\"(max-width: 600px) 100vw, 600px\" \/><img decoding=\"async\" width=\"600\" height=\"800\" src=\"https:\/\/voyagedelabaleine.fr\/wp-content\/uploads\/2024\/08\/lot-2-collants-unis-bleu-gris-1-600x800.jpg\" class=\"woo-entry-image-secondary\" alt=\"Set 2 collant neonato tinta unita &#8211; Grigio\/blu marino\" itemprop=\"image\" srcset=\"https:\/\/voyagedelabaleine.fr\/wp-content\/uploads\/2024\/08\/lot-2-collants-unis-bleu-gris-1-600x799.jpg 600w, https:\/\/voyagedelabaleine.fr\/wp-content\/uploads\/2024\/08\/lot-2-collants-unis-bleu-gris-1-225x300.jpg 225w, https:\/\/voyagedelabaleine.fr\/wp-content\/uploads\/2024\/08\/lot-2-collants-unis-bleu-gris-1.jpg 689w\" sizes=\"(max-width: 600px) 100vw, 600px\" \/><\/a>\t<\/div><!-- .woo-entry-image-swap -->\n\n<\/li><li class=\"title\"><h2><a href=\"https:\/\/voyagedelabaleine.fr\/it\/prodotto\/set-2-collant-neonato-tinta-unita-grigio-blu-marino\/\">Set 2 collant neonato tinta unita &#8211; Grigio\/blu marino<\/a><\/h2><\/li><li class=\"price-wrap\">\n\t<span class=\"price\"><span class=\"woocommerce-Price-amount amount\"><bdi>27<span class=\"woocommerce-Price-currencySymbol\">&euro;<\/span><\/bdi><\/span><\/span>\n<\/li><\/ul><\/div><!-- .product-inner .clr --><\/li>\n<\/ul>\n<\/div><\/div>\n\t\t\t\t\t\t<\/div>\n\t\t\t\t<\/div>\n\t\t<div class=\"elementor-element elementor-element-b5c88f4 e-con-full e-flex e-con e-parent\" data-id=\"b5c88f4\" data-element_type=\"container\" data-e-type=\"container\">\n\t\t\t\t<div class=\"elementor-element elementor-element-e092bc1 elementor-widget-divider--separator-type-pattern elementor-widget-divider--view-line elementor-widget elementor-widget-divider\" data-id=\"e092bc1\" data-element_type=\"widget\" data-e-type=\"widget\" data-widget_type=\"divider.default\">\n\t\t\t\t\t\t\t<div class=\"elementor-divider\" style=\"--divider-pattern-url: url(&quot;data:image\/svg+xml,%3Csvg xmlns=&#039;http:\/\/www.w3.org\/2000\/svg&#039; preserveAspectRatio=&#039;none&#039; overflow=&#039;visible&#039; height=&#039;100%&#039; viewBox=&#039;0 0 24 24&#039; fill=&#039;black&#039; stroke=&#039;none&#039;%3E%3Cpath d=&#039;M12.7,2.3c-0.4-0.4-1.1-0.4-1.5,0l-8,9.1c-0.3,0.4-0.3,0.9,0,1.2l8,9.1c0.4,0.4,1.1,0.4,1.5,0l8-9.1c0.3-0.4,0.3-0.9,0-1.2L12.7,2.3z&#039;\/%3E%3C\/svg%3E&quot;);\">\n\t\t\t<span class=\"elementor-divider-separator\">\n\t\t\t\t\t\t<\/span>\n\t\t<\/div>\n\t\t\t\t\t\t<\/div>\n\t\t\t\t<div class=\"elementor-element elementor-element-6555ca6 elementor-widget elementor-widget-heading\" data-id=\"6555ca6\" data-element_type=\"widget\" data-e-type=\"widget\" data-widget_type=\"heading.default\">\n\t\t\t\t\t<h2 class=\"elementor-heading-title elementor-size-default\">Scrigno bordeaux<\/h2>\t\t\t\t<\/div>\n\t\t\t\t<div class=\"elementor-element elementor-element-e8cfd80 elementor-widget elementor-widget-shortcode\" data-id=\"e8cfd80\" data-element_type=\"widget\" data-e-type=\"widget\" data-widget_type=\"shortcode.default\">\n\t\t\t\t\t\t\t<div class=\"elementor-shortcode\"><div class=\"woocommerce columns-3 \">\r\n<ul class=\"products oceanwp-row clr grid tablet-col tablet-2-col mobile-col mobile-2-col\">\r\n<li class=\"entry has-media col span_1_of_3 owp-content-center owp-thumbs-layout-vertical owp-btn-big owp-tabs-layout-vertical circle-sale product type-product post-34741 status-publish first instock product_cat-calze-collant-neonati-bambini product_cat-calzini-collant-nascita product_cat-calzini-collant-nascita-ragazza product_cat-calzini-collant-bambina product_cat-calzini-collant-bambini product_cat-calzini-collant-neonata has-post-thumbnail taxable shipping-taxable purchasable product-type-variable has-default-attributes\">\n\t<div class=\"product-inner clr\">\n\t<div class=\"woo-entry-image-swap woo-entry-image clr\">\n\t\t<a href=\"https:\/\/voyagedelabaleine.fr\/it\/prodotto\/calze-alte-per-bambina-con-fiocco-in-velluto-bordeaux\/\" class=\"woocommerce-LoopProduct-link\"><img decoding=\"async\" width=\"570\" height=\"760\" src=\"https:\/\/voyagedelabaleine.fr\/wp-content\/uploads\/2025\/07\/chaussettes-bebe-noeud-velours-bordeaux.jpg\" class=\"woo-entry-image-main\" alt=\"Calze alte per bambina con fiocco in velluto &#8211; Bordeaux\" itemprop=\"image\" srcset=\"https:\/\/voyagedelabaleine.fr\/wp-content\/uploads\/2025\/07\/chaussettes-bebe-noeud-velours-bordeaux.jpg 570w, https:\/\/voyagedelabaleine.fr\/wp-content\/uploads\/2025\/07\/chaussettes-bebe-noeud-velours-bordeaux-225x300.jpg 225w\" sizes=\"(max-width: 570px) 100vw, 570px\" \/><img decoding=\"async\" width=\"404\" height=\"539\" src=\"https:\/\/voyagedelabaleine.fr\/wp-content\/uploads\/2025\/07\/chaussettes-bebe-noeud-velours-marine-2.jpg\" class=\"woo-entry-image-secondary\" alt=\"Calze alte per bambina con fiocco in velluto &#8211; Bordeaux\" itemprop=\"image\" srcset=\"https:\/\/voyagedelabaleine.fr\/wp-content\/uploads\/2025\/07\/chaussettes-bebe-noeud-velours-marine-2.jpg 404w, https:\/\/voyagedelabaleine.fr\/wp-content\/uploads\/2025\/07\/chaussettes-bebe-noeud-velours-marine-2-225x300.jpg 225w\" sizes=\"(max-width: 404px) 100vw, 404px\" \/><\/a>\t<\/div><!-- .woo-entry-image-swap -->\n\n<ul class=\"woo-entry-inner clr\"><li class=\"image-wrap\">\n\t<div class=\"woo-entry-image-swap woo-entry-image clr\">\n\t\t<a href=\"https:\/\/voyagedelabaleine.fr\/it\/prodotto\/calze-alte-per-bambina-con-fiocco-in-velluto-bordeaux\/\" class=\"woocommerce-LoopProduct-link\"><img decoding=\"async\" width=\"570\" height=\"760\" src=\"https:\/\/voyagedelabaleine.fr\/wp-content\/uploads\/2025\/07\/chaussettes-bebe-noeud-velours-bordeaux.jpg\" class=\"woo-entry-image-main\" alt=\"Calze alte per bambina con fiocco in velluto &#8211; Bordeaux\" itemprop=\"image\" srcset=\"https:\/\/voyagedelabaleine.fr\/wp-content\/uploads\/2025\/07\/chaussettes-bebe-noeud-velours-bordeaux.jpg 570w, https:\/\/voyagedelabaleine.fr\/wp-content\/uploads\/2025\/07\/chaussettes-bebe-noeud-velours-bordeaux-225x300.jpg 225w\" sizes=\"(max-width: 570px) 100vw, 570px\" \/><img decoding=\"async\" width=\"404\" height=\"539\" src=\"https:\/\/voyagedelabaleine.fr\/wp-content\/uploads\/2025\/07\/chaussettes-bebe-noeud-velours-marine-2.jpg\" class=\"woo-entry-image-secondary\" alt=\"Calze alte per bambina con fiocco in velluto &#8211; Bordeaux\" itemprop=\"image\" srcset=\"https:\/\/voyagedelabaleine.fr\/wp-content\/uploads\/2025\/07\/chaussettes-bebe-noeud-velours-marine-2.jpg 404w, https:\/\/voyagedelabaleine.fr\/wp-content\/uploads\/2025\/07\/chaussettes-bebe-noeud-velours-marine-2-225x300.jpg 225w\" sizes=\"(max-width: 404px) 100vw, 404px\" \/><\/a>\t<\/div><!-- .woo-entry-image-swap -->\n\n<\/li><li class=\"title\"><h2><a href=\"https:\/\/voyagedelabaleine.fr\/it\/prodotto\/calze-alte-per-bambina-con-fiocco-in-velluto-bordeaux\/\">Calze alte per bambina con fiocco in velluto &#8211; Bordeaux<\/a><\/h2><\/li><li class=\"price-wrap\">\n\t<span class=\"price\"><span class=\"woocommerce-Price-amount amount\"><bdi>13<span class=\"woocommerce-Price-currencySymbol\">&euro;<\/span><\/bdi><\/span><\/span>\n<\/li><\/ul><\/div><!-- .product-inner .clr --><\/li>\n<li class=\"entry has-media has-rating col span_1_of_3 owp-content-center owp-thumbs-layout-vertical owp-btn-big owp-tabs-layout-vertical circle-sale product type-product post-31665 status-publish instock product_cat-abbigliamento product_cat-bloomer-short-pantaloni-nascita product_cat-bloomer-short-pantaloni-nascita-ragazza product_cat-bloomer-short-pantaloni-neonata product_cat-bloomer-short-pantaloni-neonati has-post-thumbnail taxable shipping-taxable purchasable product-type-variable has-default-attributes\">\n\t<div class=\"product-inner clr\">\n\t<div class=\"woo-entry-image-swap woo-entry-image clr\">\n\t\t<a href=\"https:\/\/voyagedelabaleine.fr\/it\/prodotto\/bloomer-per-bambina-in-velluto-a-coste-bordeaux\/\" class=\"woocommerce-LoopProduct-link\"><img decoding=\"async\" width=\"600\" height=\"800\" src=\"https:\/\/voyagedelabaleine.fr\/wp-content\/uploads\/2024\/09\/bloomer-velours-bordeaux-1-600x800.jpg\" class=\"woo-entry-image-main\" alt=\"Bloomer per bambina in velluto a coste &#8211; Bordeaux\" itemprop=\"image\" srcset=\"https:\/\/voyagedelabaleine.fr\/wp-content\/uploads\/2024\/09\/bloomer-velours-bordeaux-1-600x800.jpg 600w, https:\/\/voyagedelabaleine.fr\/wp-content\/uploads\/2024\/09\/bloomer-velours-bordeaux-1-225x300.jpg 225w, https:\/\/voyagedelabaleine.fr\/wp-content\/uploads\/2024\/09\/bloomer-velours-bordeaux-1-768x1024.jpg 768w, https:\/\/voyagedelabaleine.fr\/wp-content\/uploads\/2024\/09\/bloomer-velours-bordeaux-1-1152x1536.jpg 1152w, https:\/\/voyagedelabaleine.fr\/wp-content\/uploads\/2024\/09\/bloomer-velours-bordeaux-1.jpg 1500w\" sizes=\"(max-width: 600px) 100vw, 600px\" \/><img decoding=\"async\" width=\"600\" height=\"800\" src=\"https:\/\/voyagedelabaleine.fr\/wp-content\/uploads\/2024\/09\/bloomer-velours-bordeaux-600x800.jpg\" class=\"woo-entry-image-secondary\" alt=\"Bloomer per bambina in velluto a coste &#8211; Bordeaux\" itemprop=\"image\" srcset=\"https:\/\/voyagedelabaleine.fr\/wp-content\/uploads\/2024\/09\/bloomer-velours-bordeaux-600x800.jpg 600w, https:\/\/voyagedelabaleine.fr\/wp-content\/uploads\/2024\/09\/bloomer-velours-bordeaux-225x300.jpg 225w, https:\/\/voyagedelabaleine.fr\/wp-content\/uploads\/2024\/09\/bloomer-velours-bordeaux-768x1024.jpg 768w, https:\/\/voyagedelabaleine.fr\/wp-content\/uploads\/2024\/09\/bloomer-velours-bordeaux.jpg 900w\" sizes=\"(max-width: 600px) 100vw, 600px\" \/><\/a>\t<\/div><!-- .woo-entry-image-swap -->\n\n<ul class=\"woo-entry-inner clr\"><li class=\"image-wrap\">\n\t<div class=\"woo-entry-image-swap woo-entry-image clr\">\n\t\t<a href=\"https:\/\/voyagedelabaleine.fr\/it\/prodotto\/bloomer-per-bambina-in-velluto-a-coste-bordeaux\/\" class=\"woocommerce-LoopProduct-link\"><img decoding=\"async\" width=\"600\" height=\"800\" src=\"https:\/\/voyagedelabaleine.fr\/wp-content\/uploads\/2024\/09\/bloomer-velours-bordeaux-1-600x800.jpg\" class=\"woo-entry-image-main\" alt=\"Bloomer per bambina in velluto a coste &#8211; Bordeaux\" itemprop=\"image\" srcset=\"https:\/\/voyagedelabaleine.fr\/wp-content\/uploads\/2024\/09\/bloomer-velours-bordeaux-1-600x800.jpg 600w, https:\/\/voyagedelabaleine.fr\/wp-content\/uploads\/2024\/09\/bloomer-velours-bordeaux-1-225x300.jpg 225w, https:\/\/voyagedelabaleine.fr\/wp-content\/uploads\/2024\/09\/bloomer-velours-bordeaux-1-768x1024.jpg 768w, https:\/\/voyagedelabaleine.fr\/wp-content\/uploads\/2024\/09\/bloomer-velours-bordeaux-1-1152x1536.jpg 1152w, https:\/\/voyagedelabaleine.fr\/wp-content\/uploads\/2024\/09\/bloomer-velours-bordeaux-1.jpg 1500w\" sizes=\"(max-width: 600px) 100vw, 600px\" \/><img decoding=\"async\" width=\"600\" height=\"800\" src=\"https:\/\/voyagedelabaleine.fr\/wp-content\/uploads\/2024\/09\/bloomer-velours-bordeaux-600x800.jpg\" class=\"woo-entry-image-secondary\" alt=\"Bloomer per bambina in velluto a coste &#8211; Bordeaux\" itemprop=\"image\" srcset=\"https:\/\/voyagedelabaleine.fr\/wp-content\/uploads\/2024\/09\/bloomer-velours-bordeaux-600x800.jpg 600w, https:\/\/voyagedelabaleine.fr\/wp-content\/uploads\/2024\/09\/bloomer-velours-bordeaux-225x300.jpg 225w, https:\/\/voyagedelabaleine.fr\/wp-content\/uploads\/2024\/09\/bloomer-velours-bordeaux-768x1024.jpg 768w, https:\/\/voyagedelabaleine.fr\/wp-content\/uploads\/2024\/09\/bloomer-velours-bordeaux.jpg 900w\" sizes=\"(max-width: 600px) 100vw, 600px\" \/><\/a>\t<\/div><!-- .woo-entry-image-swap -->\n\n<\/li><li class=\"title\"><h2><a href=\"https:\/\/voyagedelabaleine.fr\/it\/prodotto\/bloomer-per-bambina-in-velluto-a-coste-bordeaux\/\">Bloomer per bambina in velluto a coste &#8211; Bordeaux<\/a><\/h2><\/li><li class=\"price-wrap\">\n\t<span class=\"price\"><span class=\"woocommerce-Price-amount amount\"><bdi>22<span class=\"woocommerce-Price-currencySymbol\">&euro;<\/span><\/bdi><\/span><\/span>\n<\/li><\/ul><\/div><!-- .product-inner .clr --><\/li>\n<li class=\"entry has-media col span_1_of_3 owp-content-center owp-thumbs-layout-vertical owp-btn-big owp-tabs-layout-vertical circle-sale product type-product post-31634 status-publish last instock product_cat-abbigliamento product_cat-blusa-camicia-nascita product_cat-blusa-camicia-nascita-ragazza product_cat-blusa-camicia-bambina product_cat-blusa-camicia-bambini product_cat-blusa-e-camicia-per-neonata product_cat-blusa-camicia-neonati has-post-thumbnail taxable shipping-taxable purchasable product-type-variable has-default-attributes\">\n\t<div class=\"product-inner clr\">\n\t<div class=\"woo-entry-image-swap woo-entry-image clr\">\n\t\t<a href=\"https:\/\/voyagedelabaleine.fr\/it\/prodotto\/blusa-bambina-a-quadri-bordeaux\/\" class=\"woocommerce-LoopProduct-link\"><img decoding=\"async\" width=\"600\" height=\"800\" src=\"https:\/\/voyagedelabaleine.fr\/wp-content\/uploads\/2025\/02\/blouse-bebe-carreaux-bordeaux-600x800.jpg\" class=\"woo-entry-image-main\" alt=\"Blusa bambina a quadri &#8211; Bordeaux\" itemprop=\"image\" srcset=\"https:\/\/voyagedelabaleine.fr\/wp-content\/uploads\/2025\/02\/blouse-bebe-carreaux-bordeaux-600x800.jpg 600w, https:\/\/voyagedelabaleine.fr\/wp-content\/uploads\/2025\/02\/blouse-bebe-carreaux-bordeaux-225x300.jpg 225w, https:\/\/voyagedelabaleine.fr\/wp-content\/uploads\/2025\/02\/blouse-bebe-carreaux-bordeaux-768x1024.jpg 768w, https:\/\/voyagedelabaleine.fr\/wp-content\/uploads\/2025\/02\/blouse-bebe-carreaux-bordeaux.jpg 943w\" sizes=\"(max-width: 600px) 100vw, 600px\" \/><img decoding=\"async\" width=\"600\" height=\"800\" src=\"https:\/\/voyagedelabaleine.fr\/wp-content\/uploads\/2025\/01\/blouse-bebe-carreaux-bordeaux-1-600x800.jpg\" class=\"woo-entry-image-secondary\" alt=\"Blusa bambina a quadri &#8211; Bordeaux\" itemprop=\"image\" srcset=\"https:\/\/voyagedelabaleine.fr\/wp-content\/uploads\/2025\/01\/blouse-bebe-carreaux-bordeaux-1-600x800.jpg 600w, https:\/\/voyagedelabaleine.fr\/wp-content\/uploads\/2025\/01\/blouse-bebe-carreaux-bordeaux-1-225x300.jpg 225w, https:\/\/voyagedelabaleine.fr\/wp-content\/uploads\/2025\/01\/blouse-bebe-carreaux-bordeaux-1-768x1024.jpg 768w, https:\/\/voyagedelabaleine.fr\/wp-content\/uploads\/2025\/01\/blouse-bebe-carreaux-bordeaux-1.jpg 900w\" sizes=\"(max-width: 600px) 100vw, 600px\" \/><\/a>\t<\/div><!-- .woo-entry-image-swap -->\n\n<ul class=\"woo-entry-inner clr\"><li class=\"image-wrap\">\n\t<div class=\"woo-entry-image-swap woo-entry-image clr\">\n\t\t<a href=\"https:\/\/voyagedelabaleine.fr\/it\/prodotto\/blusa-bambina-a-quadri-bordeaux\/\" class=\"woocommerce-LoopProduct-link\"><img decoding=\"async\" width=\"600\" height=\"800\" src=\"https:\/\/voyagedelabaleine.fr\/wp-content\/uploads\/2025\/02\/blouse-bebe-carreaux-bordeaux-600x800.jpg\" class=\"woo-entry-image-main\" alt=\"Blusa bambina a quadri &#8211; Bordeaux\" itemprop=\"image\" srcset=\"https:\/\/voyagedelabaleine.fr\/wp-content\/uploads\/2025\/02\/blouse-bebe-carreaux-bordeaux-600x800.jpg 600w, https:\/\/voyagedelabaleine.fr\/wp-content\/uploads\/2025\/02\/blouse-bebe-carreaux-bordeaux-225x300.jpg 225w, https:\/\/voyagedelabaleine.fr\/wp-content\/uploads\/2025\/02\/blouse-bebe-carreaux-bordeaux-768x1024.jpg 768w, https:\/\/voyagedelabaleine.fr\/wp-content\/uploads\/2025\/02\/blouse-bebe-carreaux-bordeaux.jpg 943w\" sizes=\"(max-width: 600px) 100vw, 600px\" \/><img decoding=\"async\" width=\"600\" height=\"800\" src=\"https:\/\/voyagedelabaleine.fr\/wp-content\/uploads\/2025\/01\/blouse-bebe-carreaux-bordeaux-1-600x800.jpg\" class=\"woo-entry-image-secondary\" alt=\"Blusa bambina a quadri &#8211; Bordeaux\" itemprop=\"image\" srcset=\"https:\/\/voyagedelabaleine.fr\/wp-content\/uploads\/2025\/01\/blouse-bebe-carreaux-bordeaux-1-600x800.jpg 600w, https:\/\/voyagedelabaleine.fr\/wp-content\/uploads\/2025\/01\/blouse-bebe-carreaux-bordeaux-1-225x300.jpg 225w, https:\/\/voyagedelabaleine.fr\/wp-content\/uploads\/2025\/01\/blouse-bebe-carreaux-bordeaux-1-768x1024.jpg 768w, https:\/\/voyagedelabaleine.fr\/wp-content\/uploads\/2025\/01\/blouse-bebe-carreaux-bordeaux-1.jpg 900w\" sizes=\"(max-width: 600px) 100vw, 600px\" \/><\/a>\t<\/div><!-- .woo-entry-image-swap -->\n\n<\/li><li class=\"title\"><h2><a href=\"https:\/\/voyagedelabaleine.fr\/it\/prodotto\/blusa-bambina-a-quadri-bordeaux\/\">Blusa bambina a quadri &#8211; Bordeaux<\/a><\/h2><\/li><li class=\"price-wrap\">\n\t<span class=\"price\"><span class=\"woocommerce-Price-amount amount\"><bdi>32<span class=\"woocommerce-Price-currencySymbol\">&euro;<\/span><\/bdi><\/span><\/span>\n<\/li><\/ul><\/div><!-- .product-inner .clr --><\/li>\n<\/ul>\n<\/div><\/div>\n\t\t\t\t\t\t<\/div>\n\t\t\t\t<\/div>\n\t\t<div class=\"elementor-element elementor-element-51f229d e-con-full e-flex e-con e-parent\" data-id=\"51f229d\" data-element_type=\"container\" data-e-type=\"container\">\n\t\t\t\t<div class=\"elementor-element elementor-element-1ac513e elementor-widget-divider--separator-type-pattern elementor-widget-divider--view-line elementor-widget elementor-widget-divider\" data-id=\"1ac513e\" data-element_type=\"widget\" data-e-type=\"widget\" data-widget_type=\"divider.default\">\n\t\t\t\t\t\t\t<div class=\"elementor-divider\" style=\"--divider-pattern-url: url(&quot;data:image\/svg+xml,%3Csvg xmlns=&#039;http:\/\/www.w3.org\/2000\/svg&#039; preserveAspectRatio=&#039;none&#039; overflow=&#039;visible&#039; height=&#039;100%&#039; viewBox=&#039;0 0 24 24&#039; fill=&#039;black&#039; stroke=&#039;none&#039;%3E%3Cpath d=&#039;M12.7,2.3c-0.4-0.4-1.1-0.4-1.5,0l-8,9.1c-0.3,0.4-0.3,0.9,0,1.2l8,9.1c0.4,0.4,1.1,0.4,1.5,0l8-9.1c0.3-0.4,0.3-0.9,0-1.2L12.7,2.3z&#039;\/%3E%3C\/svg%3E&quot;);\">\n\t\t\t<span class=\"elementor-divider-separator\">\n\t\t\t\t\t\t<\/span>\n\t\t<\/div>\n\t\t\t\t\t\t<\/div>\n\t\t\t\t<div class=\"elementor-element elementor-element-c749cf1 elementor-widget elementor-widget-heading\" data-id=\"c749cf1\" data-element_type=\"widget\" data-e-type=\"widget\" data-widget_type=\"heading.default\">\n\t\t\t\t\t<h2 class=\"elementor-heading-title elementor-size-default\">Velluto e pompon<\/h2>\t\t\t\t<\/div>\n\t\t\t\t<div class=\"elementor-element elementor-element-f84d16a elementor-widget__width-initial elementor-widget-mobile__width-inherit elementor-widget elementor-widget-shortcode\" data-id=\"f84d16a\" data-element_type=\"widget\" data-e-type=\"widget\" data-widget_type=\"shortcode.default\">\n\t\t\t\t\t\t\t<div class=\"elementor-shortcode\"><div class=\"woocommerce columns-2 \">\r\n<ul class=\"products oceanwp-row clr grid tablet-col tablet-2-col mobile-col mobile-2-col\">\r\n<li class=\"entry has-media col span_1_of_2 owp-content-center owp-thumbs-layout-vertical owp-btn-big owp-tabs-layout-vertical circle-sale product type-product post-34265 status-publish first instock product_cat-accessori-nascita-ragazza product_cat-accessori-nascita product_cat-accessori-neonata product_cat-accessori-neonati has-post-thumbnail taxable shipping-taxable purchasable product-type-variable has-default-attributes\">\n\t<div class=\"product-inner clr\">\n\t<div class=\"woo-entry-image-swap woo-entry-image clr\">\n\t\t<a href=\"https:\/\/voyagedelabaleine.fr\/it\/prodotto\/muffole-per-neonata-con-fiocco-in-velluto-blu-navy\/\" class=\"woocommerce-LoopProduct-link\"><img decoding=\"async\" width=\"600\" height=\"800\" src=\"https:\/\/voyagedelabaleine.fr\/wp-content\/uploads\/2024\/09\/moufles-bebe-bleues-noeud-velours-1-1-600x800.jpg\" class=\"woo-entry-image-main\" alt=\"Muffole per neonata con fiocco in velluto &#8211; Blu navy\" itemprop=\"image\" srcset=\"https:\/\/voyagedelabaleine.fr\/wp-content\/uploads\/2024\/09\/moufles-bebe-bleues-noeud-velours-1-1-600x800.jpg 600w, https:\/\/voyagedelabaleine.fr\/wp-content\/uploads\/2024\/09\/moufles-bebe-bleues-noeud-velours-1-1-225x300.jpg 225w, https:\/\/voyagedelabaleine.fr\/wp-content\/uploads\/2024\/09\/moufles-bebe-bleues-noeud-velours-1-1-768x1024.jpg 768w, https:\/\/voyagedelabaleine.fr\/wp-content\/uploads\/2024\/09\/moufles-bebe-bleues-noeud-velours-1-1.jpg 858w\" sizes=\"(max-width: 600px) 100vw, 600px\" \/><img decoding=\"async\" width=\"600\" height=\"800\" src=\"https:\/\/voyagedelabaleine.fr\/wp-content\/uploads\/2024\/09\/moufles-bebe-bleues-noeud-velours-2-1-600x800.jpg\" class=\"woo-entry-image-secondary\" alt=\"Muffole per neonata con fiocco in velluto &#8211; Blu navy\" itemprop=\"image\" srcset=\"https:\/\/voyagedelabaleine.fr\/wp-content\/uploads\/2024\/09\/moufles-bebe-bleues-noeud-velours-2-1-600x801.jpg 600w, https:\/\/voyagedelabaleine.fr\/wp-content\/uploads\/2024\/09\/moufles-bebe-bleues-noeud-velours-2-1-225x300.jpg 225w, https:\/\/voyagedelabaleine.fr\/wp-content\/uploads\/2024\/09\/moufles-bebe-bleues-noeud-velours-2-1.jpg 712w\" sizes=\"(max-width: 600px) 100vw, 600px\" \/><\/a>\t<\/div><!-- .woo-entry-image-swap -->\n\n<ul class=\"woo-entry-inner clr\"><li class=\"image-wrap\">\n\t<div class=\"woo-entry-image-swap woo-entry-image clr\">\n\t\t<a href=\"https:\/\/voyagedelabaleine.fr\/it\/prodotto\/muffole-per-neonata-con-fiocco-in-velluto-blu-navy\/\" class=\"woocommerce-LoopProduct-link\"><img decoding=\"async\" width=\"600\" height=\"800\" src=\"https:\/\/voyagedelabaleine.fr\/wp-content\/uploads\/2024\/09\/moufles-bebe-bleues-noeud-velours-1-1-600x800.jpg\" class=\"woo-entry-image-main\" alt=\"Muffole per neonata con fiocco in velluto &#8211; Blu navy\" itemprop=\"image\" srcset=\"https:\/\/voyagedelabaleine.fr\/wp-content\/uploads\/2024\/09\/moufles-bebe-bleues-noeud-velours-1-1-600x800.jpg 600w, https:\/\/voyagedelabaleine.fr\/wp-content\/uploads\/2024\/09\/moufles-bebe-bleues-noeud-velours-1-1-225x300.jpg 225w, https:\/\/voyagedelabaleine.fr\/wp-content\/uploads\/2024\/09\/moufles-bebe-bleues-noeud-velours-1-1-768x1024.jpg 768w, https:\/\/voyagedelabaleine.fr\/wp-content\/uploads\/2024\/09\/moufles-bebe-bleues-noeud-velours-1-1.jpg 858w\" sizes=\"(max-width: 600px) 100vw, 600px\" \/><img decoding=\"async\" width=\"600\" height=\"800\" src=\"https:\/\/voyagedelabaleine.fr\/wp-content\/uploads\/2024\/09\/moufles-bebe-bleues-noeud-velours-2-1-600x800.jpg\" class=\"woo-entry-image-secondary\" alt=\"Muffole per neonata con fiocco in velluto &#8211; Blu navy\" itemprop=\"image\" srcset=\"https:\/\/voyagedelabaleine.fr\/wp-content\/uploads\/2024\/09\/moufles-bebe-bleues-noeud-velours-2-1-600x801.jpg 600w, https:\/\/voyagedelabaleine.fr\/wp-content\/uploads\/2024\/09\/moufles-bebe-bleues-noeud-velours-2-1-225x300.jpg 225w, https:\/\/voyagedelabaleine.fr\/wp-content\/uploads\/2024\/09\/moufles-bebe-bleues-noeud-velours-2-1.jpg 712w\" sizes=\"(max-width: 600px) 100vw, 600px\" \/><\/a>\t<\/div><!-- .woo-entry-image-swap -->\n\n<\/li><li class=\"title\"><h2><a href=\"https:\/\/voyagedelabaleine.fr\/it\/prodotto\/muffole-per-neonata-con-fiocco-in-velluto-blu-navy\/\">Muffole per neonata con fiocco in velluto &#8211; Blu navy<\/a><\/h2><\/li><li class=\"price-wrap\">\n\t<span class=\"price\"><span class=\"woocommerce-Price-amount amount\"><bdi>14<span class=\"woocommerce-Price-currencySymbol\">&euro;<\/span><\/bdi><\/span><\/span>\n<\/li><\/ul><\/div><!-- .product-inner .clr --><\/li>\n<li class=\"entry has-media col span_1_of_2 owp-content-center owp-thumbs-layout-vertical owp-btn-big owp-tabs-layout-vertical circle-sale product type-product post-30490 status-publish last instock product_cat-accessori-nascita-ragazza product_cat-accessori-nascita-ragazzo product_cat-accessori-nascita product_cat-accessori-neonata product_cat-accessori-neonati product_cat-accessori-neonato has-post-thumbnail taxable shipping-taxable purchasable product-type-variable has-default-attributes\">\n\t<div class=\"product-inner clr\">\n\t<div class=\"woo-entry-image-swap woo-entry-image clr\">\n\t\t<a href=\"https:\/\/voyagedelabaleine.fr\/it\/prodotto\/cappellino-neonato-con-pompon-blu-navy\/\" class=\"woocommerce-LoopProduct-link\"><img decoding=\"async\" width=\"600\" height=\"800\" src=\"https:\/\/voyagedelabaleine.fr\/wp-content\/uploads\/2024\/08\/bonnet-bebe-bleu-pompon-1-fotor-20241010173859-600x800.jpg\" class=\"woo-entry-image-main\" alt=\"Cappellino neonato con pompon &#8211; Blu navy\" itemprop=\"image\" srcset=\"https:\/\/voyagedelabaleine.fr\/wp-content\/uploads\/2024\/08\/bonnet-bebe-bleu-pompon-1-fotor-20241010173859-600x800.jpg 600w, https:\/\/voyagedelabaleine.fr\/wp-content\/uploads\/2024\/08\/bonnet-bebe-bleu-pompon-1-fotor-20241010173859-225x300.jpg 225w, https:\/\/voyagedelabaleine.fr\/wp-content\/uploads\/2024\/08\/bonnet-bebe-bleu-pompon-1-fotor-20241010173859-768x1024.jpg 768w, https:\/\/voyagedelabaleine.fr\/wp-content\/uploads\/2024\/08\/bonnet-bebe-bleu-pompon-1-fotor-20241010173859.jpg 915w\" sizes=\"(max-width: 600px) 100vw, 600px\" \/><img decoding=\"async\" width=\"600\" height=\"800\" src=\"https:\/\/voyagedelabaleine.fr\/wp-content\/uploads\/2024\/08\/bonnet-bebe-bleu-pompon-1-fotor-20241010173930-600x800.jpg\" class=\"woo-entry-image-secondary\" alt=\"Cappellino neonato con pompon &#8211; Blu navy\" itemprop=\"image\" srcset=\"https:\/\/voyagedelabaleine.fr\/wp-content\/uploads\/2024\/08\/bonnet-bebe-bleu-pompon-1-fotor-20241010173930-600x800.jpg 600w, https:\/\/voyagedelabaleine.fr\/wp-content\/uploads\/2024\/08\/bonnet-bebe-bleu-pompon-1-fotor-20241010173930-225x300.jpg 225w, https:\/\/voyagedelabaleine.fr\/wp-content\/uploads\/2024\/08\/bonnet-bebe-bleu-pompon-1-fotor-20241010173930-768x1024.jpg 768w, https:\/\/voyagedelabaleine.fr\/wp-content\/uploads\/2024\/08\/bonnet-bebe-bleu-pompon-1-fotor-20241010173930.jpg 915w\" sizes=\"(max-width: 600px) 100vw, 600px\" \/><\/a>\t<\/div><!-- .woo-entry-image-swap -->\n\n<ul class=\"woo-entry-inner clr\"><li class=\"image-wrap\">\n\t<div class=\"woo-entry-image-swap woo-entry-image clr\">\n\t\t<a href=\"https:\/\/voyagedelabaleine.fr\/it\/prodotto\/cappellino-neonato-con-pompon-blu-navy\/\" class=\"woocommerce-LoopProduct-link\"><img decoding=\"async\" width=\"600\" height=\"800\" src=\"https:\/\/voyagedelabaleine.fr\/wp-content\/uploads\/2024\/08\/bonnet-bebe-bleu-pompon-1-fotor-20241010173859-600x800.jpg\" class=\"woo-entry-image-main\" alt=\"Cappellino neonato con pompon &#8211; Blu navy\" itemprop=\"image\" srcset=\"https:\/\/voyagedelabaleine.fr\/wp-content\/uploads\/2024\/08\/bonnet-bebe-bleu-pompon-1-fotor-20241010173859-600x800.jpg 600w, https:\/\/voyagedelabaleine.fr\/wp-content\/uploads\/2024\/08\/bonnet-bebe-bleu-pompon-1-fotor-20241010173859-225x300.jpg 225w, https:\/\/voyagedelabaleine.fr\/wp-content\/uploads\/2024\/08\/bonnet-bebe-bleu-pompon-1-fotor-20241010173859-768x1024.jpg 768w, https:\/\/voyagedelabaleine.fr\/wp-content\/uploads\/2024\/08\/bonnet-bebe-bleu-pompon-1-fotor-20241010173859.jpg 915w\" sizes=\"(max-width: 600px) 100vw, 600px\" \/><img decoding=\"async\" width=\"600\" height=\"800\" src=\"https:\/\/voyagedelabaleine.fr\/wp-content\/uploads\/2024\/08\/bonnet-bebe-bleu-pompon-1-fotor-20241010173930-600x800.jpg\" class=\"woo-entry-image-secondary\" alt=\"Cappellino neonato con pompon &#8211; Blu navy\" itemprop=\"image\" srcset=\"https:\/\/voyagedelabaleine.fr\/wp-content\/uploads\/2024\/08\/bonnet-bebe-bleu-pompon-1-fotor-20241010173930-600x800.jpg 600w, https:\/\/voyagedelabaleine.fr\/wp-content\/uploads\/2024\/08\/bonnet-bebe-bleu-pompon-1-fotor-20241010173930-225x300.jpg 225w, https:\/\/voyagedelabaleine.fr\/wp-content\/uploads\/2024\/08\/bonnet-bebe-bleu-pompon-1-fotor-20241010173930-768x1024.jpg 768w, https:\/\/voyagedelabaleine.fr\/wp-content\/uploads\/2024\/08\/bonnet-bebe-bleu-pompon-1-fotor-20241010173930.jpg 915w\" sizes=\"(max-width: 600px) 100vw, 600px\" \/><\/a>\t<\/div><!-- .woo-entry-image-swap -->\n\n<\/li><li class=\"title\"><h2><a href=\"https:\/\/voyagedelabaleine.fr\/it\/prodotto\/cappellino-neonato-con-pompon-blu-navy\/\">Cappellino neonato con pompon &#8211; Blu navy<\/a><\/h2><\/li><li class=\"price-wrap\">\n\t<span class=\"price\"><span class=\"woocommerce-Price-amount amount\"><bdi>26<span class=\"woocommerce-Price-currencySymbol\">&euro;<\/span><\/bdi><\/span><\/span>\n<\/li><\/ul><\/div><!-- .product-inner .clr --><\/li>\n<\/ul>\n<\/div><\/div>\n\t\t\t\t\t\t<\/div>\n\t\t\t\t<\/div>\n\t\t<div class=\"elementor-element elementor-element-675b11a e-con-full e-flex e-con e-parent\" data-id=\"675b11a\" data-element_type=\"container\" data-e-type=\"container\">\n\t\t\t\t<div class=\"elementor-element elementor-element-96d564d elementor-widget-divider--separator-type-pattern elementor-widget-divider--view-line elementor-widget elementor-widget-divider\" data-id=\"96d564d\" data-element_type=\"widget\" data-e-type=\"widget\" data-widget_type=\"divider.default\">\n\t\t\t\t\t\t\t<div class=\"elementor-divider\" style=\"--divider-pattern-url: url(&quot;data:image\/svg+xml,%3Csvg xmlns=&#039;http:\/\/www.w3.org\/2000\/svg&#039; preserveAspectRatio=&#039;none&#039; overflow=&#039;visible&#039; height=&#039;100%&#039; viewBox=&#039;0 0 24 24&#039; fill=&#039;black&#039; stroke=&#039;none&#039;%3E%3Cpath d=&#039;M12.7,2.3c-0.4-0.4-1.1-0.4-1.5,0l-8,9.1c-0.3,0.4-0.3,0.9,0,1.2l8,9.1c0.4,0.4,1.1,0.4,1.5,0l8-9.1c0.3-0.4,0.3-0.9,0-1.2L12.7,2.3z&#039;\/%3E%3C\/svg%3E&quot;);\">\n\t\t\t<span class=\"elementor-divider-separator\">\n\t\t\t\t\t\t<\/span>\n\t\t<\/div>\n\t\t\t\t\t\t<\/div>\n\t\t\t\t<div class=\"elementor-element elementor-element-737bc30 elementor-widget elementor-widget-heading\" data-id=\"737bc30\" data-element_type=\"widget\" data-e-type=\"widget\" data-widget_type=\"heading.default\">\n\t\t\t\t\t<h2 class=\"elementor-heading-title elementor-size-default\">Saggezza in tartan<\/h2>\t\t\t\t<\/div>\n\t\t\t\t<div class=\"elementor-element elementor-element-00805b3 elementor-widget__width-initial elementor-widget-mobile__width-inherit elementor-widget elementor-widget-shortcode\" data-id=\"00805b3\" data-element_type=\"widget\" data-e-type=\"widget\" data-widget_type=\"shortcode.default\">\n\t\t\t\t\t\t\t<div class=\"elementor-shortcode\"><div class=\"woocommerce columns-2 \">\r\n<ul class=\"products oceanwp-row clr grid tablet-col tablet-2-col mobile-col mobile-2-col\">\r\n<li class=\"entry has-media has-rating col span_1_of_2 owp-content-center owp-thumbs-layout-vertical owp-btn-big owp-tabs-layout-vertical circle-sale product type-product post-31666 status-publish first instock product_cat-abbigliamento product_cat-completi-nascita product_cat-completi-nascita-ragazza product_cat-completi-neonata product_cat-completi-neonati product_cat-nascita-ragazza product_cat-neonata product_cat-vestito-nascita product_cat-vestito-neonata has-post-thumbnail taxable shipping-taxable purchasable product-type-variable has-default-attributes\">\n\t<div class=\"product-inner clr\">\n\t<div class=\"woo-entry-image-swap woo-entry-image clr\">\n\t\t<a href=\"https:\/\/voyagedelabaleine.fr\/it\/prodotto\/completo-bambina-vestito-corto-e-culotte-tartan-bordeaux\/\" class=\"woocommerce-LoopProduct-link\"><img decoding=\"async\" width=\"600\" height=\"800\" src=\"https:\/\/voyagedelabaleine.fr\/wp-content\/uploads\/2024\/09\/Capture-decran-2024-10-11-a-11.45.55-fotor-20241011114645-600x800.jpg\" class=\"woo-entry-image-main\" alt=\"Completo bambina vestito corto e culotte tartan &#8211; Bordeaux\" itemprop=\"image\" srcset=\"https:\/\/voyagedelabaleine.fr\/wp-content\/uploads\/2024\/09\/Capture-decran-2024-10-11-a-11.45.55-fotor-20241011114645-600x799.jpg 600w, https:\/\/voyagedelabaleine.fr\/wp-content\/uploads\/2024\/09\/Capture-decran-2024-10-11-a-11.45.55-fotor-20241011114645-225x300.jpg 225w, https:\/\/voyagedelabaleine.fr\/wp-content\/uploads\/2024\/09\/Capture-decran-2024-10-11-a-11.45.55-fotor-20241011114645-769x1024.jpg 769w, https:\/\/voyagedelabaleine.fr\/wp-content\/uploads\/2024\/09\/Capture-decran-2024-10-11-a-11.45.55-fotor-20241011114645-768x1023.jpg 768w, https:\/\/voyagedelabaleine.fr\/wp-content\/uploads\/2024\/09\/Capture-decran-2024-10-11-a-11.45.55-fotor-20241011114645.jpg 868w\" sizes=\"(max-width: 600px) 100vw, 600px\" \/><img decoding=\"async\" width=\"600\" height=\"800\" src=\"https:\/\/voyagedelabaleine.fr\/wp-content\/uploads\/2024\/09\/ensemble-blouse-bloomer-tartan-bebe-1-600x800.jpg\" class=\"woo-entry-image-secondary\" alt=\"Completo bambina vestito corto e culotte tartan &#8211; Bordeaux\" itemprop=\"image\" srcset=\"https:\/\/voyagedelabaleine.fr\/wp-content\/uploads\/2024\/09\/ensemble-blouse-bloomer-tartan-bebe-1-600x800.jpg 600w, https:\/\/voyagedelabaleine.fr\/wp-content\/uploads\/2024\/09\/ensemble-blouse-bloomer-tartan-bebe-1-225x300.jpg 225w, https:\/\/voyagedelabaleine.fr\/wp-content\/uploads\/2024\/09\/ensemble-blouse-bloomer-tartan-bebe-1-768x1024.jpg 768w, https:\/\/voyagedelabaleine.fr\/wp-content\/uploads\/2024\/09\/ensemble-blouse-bloomer-tartan-bebe-1.jpg 800w\" sizes=\"(max-width: 600px) 100vw, 600px\" \/><\/a>\t<\/div><!-- .woo-entry-image-swap -->\n\n<ul class=\"woo-entry-inner clr\"><li class=\"image-wrap\">\n\t<div class=\"woo-entry-image-swap woo-entry-image clr\">\n\t\t<a href=\"https:\/\/voyagedelabaleine.fr\/it\/prodotto\/completo-bambina-vestito-corto-e-culotte-tartan-bordeaux\/\" class=\"woocommerce-LoopProduct-link\"><img decoding=\"async\" width=\"600\" height=\"800\" src=\"https:\/\/voyagedelabaleine.fr\/wp-content\/uploads\/2024\/09\/Capture-decran-2024-10-11-a-11.45.55-fotor-20241011114645-600x800.jpg\" class=\"woo-entry-image-main\" alt=\"Completo bambina vestito corto e culotte tartan &#8211; Bordeaux\" itemprop=\"image\" srcset=\"https:\/\/voyagedelabaleine.fr\/wp-content\/uploads\/2024\/09\/Capture-decran-2024-10-11-a-11.45.55-fotor-20241011114645-600x799.jpg 600w, https:\/\/voyagedelabaleine.fr\/wp-content\/uploads\/2024\/09\/Capture-decran-2024-10-11-a-11.45.55-fotor-20241011114645-225x300.jpg 225w, https:\/\/voyagedelabaleine.fr\/wp-content\/uploads\/2024\/09\/Capture-decran-2024-10-11-a-11.45.55-fotor-20241011114645-769x1024.jpg 769w, https:\/\/voyagedelabaleine.fr\/wp-content\/uploads\/2024\/09\/Capture-decran-2024-10-11-a-11.45.55-fotor-20241011114645-768x1023.jpg 768w, https:\/\/voyagedelabaleine.fr\/wp-content\/uploads\/2024\/09\/Capture-decran-2024-10-11-a-11.45.55-fotor-20241011114645.jpg 868w\" sizes=\"(max-width: 600px) 100vw, 600px\" \/><img decoding=\"async\" width=\"600\" height=\"800\" src=\"https:\/\/voyagedelabaleine.fr\/wp-content\/uploads\/2024\/09\/ensemble-blouse-bloomer-tartan-bebe-1-600x800.jpg\" class=\"woo-entry-image-secondary\" alt=\"Completo bambina vestito corto e culotte tartan &#8211; Bordeaux\" itemprop=\"image\" srcset=\"https:\/\/voyagedelabaleine.fr\/wp-content\/uploads\/2024\/09\/ensemble-blouse-bloomer-tartan-bebe-1-600x800.jpg 600w, https:\/\/voyagedelabaleine.fr\/wp-content\/uploads\/2024\/09\/ensemble-blouse-bloomer-tartan-bebe-1-225x300.jpg 225w, https:\/\/voyagedelabaleine.fr\/wp-content\/uploads\/2024\/09\/ensemble-blouse-bloomer-tartan-bebe-1-768x1024.jpg 768w, https:\/\/voyagedelabaleine.fr\/wp-content\/uploads\/2024\/09\/ensemble-blouse-bloomer-tartan-bebe-1.jpg 800w\" sizes=\"(max-width: 600px) 100vw, 600px\" \/><\/a>\t<\/div><!-- .woo-entry-image-swap -->\n\n<\/li><li class=\"title\"><h2><a href=\"https:\/\/voyagedelabaleine.fr\/it\/prodotto\/completo-bambina-vestito-corto-e-culotte-tartan-bordeaux\/\">Completo bambina vestito corto e culotte tartan &#8211; Bordeaux<\/a><\/h2><\/li><li class=\"price-wrap\">\n\t<span class=\"price\"><span class=\"woocommerce-Price-amount amount\"><bdi>68<span class=\"woocommerce-Price-currencySymbol\">&euro;<\/span><\/bdi><\/span><\/span>\n<\/li><\/ul><\/div><!-- .product-inner .clr --><\/li>\n<li class=\"entry has-media has-rating col span_1_of_2 owp-content-center owp-thumbs-layout-vertical owp-btn-big owp-tabs-layout-vertical circle-sale product type-product post-33963 status-publish last instock product_cat-calze-collant-neonati-bambini product_cat-calzini-collant-nascita product_cat-calzini-collant-nascita-ragazza product_cat-calzini-collant-nascita-ragazzo-2 product_cat-calzini-collant-neonata product_cat-calzini-collant-neonato has-post-thumbnail taxable shipping-taxable purchasable product-type-variable has-default-attributes\">\n\t<div class=\"product-inner clr\">\n\t<div class=\"woo-entry-image-swap woo-entry-image clr\">\n\t\t<a href=\"https:\/\/voyagedelabaleine.fr\/it\/prodotto\/collant-neonato-a-costine-bordeaux\/\" class=\"woocommerce-LoopProduct-link\"><img decoding=\"async\" width=\"600\" height=\"800\" src=\"https:\/\/voyagedelabaleine.fr\/wp-content\/uploads\/2024\/09\/collant-bebe-cotele-bordeaux-600x800.jpg\" class=\"woo-entry-image-main\" alt=\"Collant neonato a costine &#8211; Bordeaux\" itemprop=\"image\" srcset=\"https:\/\/voyagedelabaleine.fr\/wp-content\/uploads\/2024\/09\/collant-bebe-cotele-bordeaux-600x800.jpg 600w, https:\/\/voyagedelabaleine.fr\/wp-content\/uploads\/2024\/09\/collant-bebe-cotele-bordeaux-225x300.jpg 225w, https:\/\/voyagedelabaleine.fr\/wp-content\/uploads\/2024\/09\/collant-bebe-cotele-bordeaux-768x1024.jpg 768w, https:\/\/voyagedelabaleine.fr\/wp-content\/uploads\/2024\/09\/collant-bebe-cotele-bordeaux.jpg 855w\" sizes=\"(max-width: 600px) 100vw, 600px\" \/><img decoding=\"async\" width=\"600\" height=\"800\" src=\"https:\/\/voyagedelabaleine.fr\/wp-content\/uploads\/2024\/09\/collant-bebe-cotele-bordeaux-2-1-600x800.jpg\" class=\"woo-entry-image-secondary\" alt=\"Collant neonato a costine &#8211; Bordeaux\" itemprop=\"image\" srcset=\"https:\/\/voyagedelabaleine.fr\/wp-content\/uploads\/2024\/09\/collant-bebe-cotele-bordeaux-2-1-600x800.jpg 600w, https:\/\/voyagedelabaleine.fr\/wp-content\/uploads\/2024\/09\/collant-bebe-cotele-bordeaux-2-1-225x300.jpg 225w, https:\/\/voyagedelabaleine.fr\/wp-content\/uploads\/2024\/09\/collant-bebe-cotele-bordeaux-2-1-768x1024.jpg 768w, https:\/\/voyagedelabaleine.fr\/wp-content\/uploads\/2024\/09\/collant-bebe-cotele-bordeaux-2-1.jpg 855w\" sizes=\"(max-width: 600px) 100vw, 600px\" \/><\/a>\t<\/div><!-- .woo-entry-image-swap -->\n\n<ul class=\"woo-entry-inner clr\"><li class=\"image-wrap\">\n\t<div class=\"woo-entry-image-swap woo-entry-image clr\">\n\t\t<a href=\"https:\/\/voyagedelabaleine.fr\/it\/prodotto\/collant-neonato-a-costine-bordeaux\/\" class=\"woocommerce-LoopProduct-link\"><img decoding=\"async\" width=\"600\" height=\"800\" src=\"https:\/\/voyagedelabaleine.fr\/wp-content\/uploads\/2024\/09\/collant-bebe-cotele-bordeaux-600x800.jpg\" class=\"woo-entry-image-main\" alt=\"Collant neonato a costine &#8211; Bordeaux\" itemprop=\"image\" srcset=\"https:\/\/voyagedelabaleine.fr\/wp-content\/uploads\/2024\/09\/collant-bebe-cotele-bordeaux-600x800.jpg 600w, https:\/\/voyagedelabaleine.fr\/wp-content\/uploads\/2024\/09\/collant-bebe-cotele-bordeaux-225x300.jpg 225w, https:\/\/voyagedelabaleine.fr\/wp-content\/uploads\/2024\/09\/collant-bebe-cotele-bordeaux-768x1024.jpg 768w, https:\/\/voyagedelabaleine.fr\/wp-content\/uploads\/2024\/09\/collant-bebe-cotele-bordeaux.jpg 855w\" sizes=\"(max-width: 600px) 100vw, 600px\" \/><img decoding=\"async\" width=\"600\" height=\"800\" src=\"https:\/\/voyagedelabaleine.fr\/wp-content\/uploads\/2024\/09\/collant-bebe-cotele-bordeaux-2-1-600x800.jpg\" class=\"woo-entry-image-secondary\" alt=\"Collant neonato a costine &#8211; Bordeaux\" itemprop=\"image\" srcset=\"https:\/\/voyagedelabaleine.fr\/wp-content\/uploads\/2024\/09\/collant-bebe-cotele-bordeaux-2-1-600x800.jpg 600w, https:\/\/voyagedelabaleine.fr\/wp-content\/uploads\/2024\/09\/collant-bebe-cotele-bordeaux-2-1-225x300.jpg 225w, https:\/\/voyagedelabaleine.fr\/wp-content\/uploads\/2024\/09\/collant-bebe-cotele-bordeaux-2-1-768x1024.jpg 768w, https:\/\/voyagedelabaleine.fr\/wp-content\/uploads\/2024\/09\/collant-bebe-cotele-bordeaux-2-1.jpg 855w\" sizes=\"(max-width: 600px) 100vw, 600px\" \/><\/a>\t<\/div><!-- .woo-entry-image-swap -->\n\n<\/li><li class=\"title\"><h2><a href=\"https:\/\/voyagedelabaleine.fr\/it\/prodotto\/collant-neonato-a-costine-bordeaux\/\">Collant neonato a costine &#8211; Bordeaux<\/a><\/h2><\/li><li class=\"price-wrap\">\n\t<span class=\"price\"><span class=\"woocommerce-Price-amount amount\"><bdi>14<span class=\"woocommerce-Price-currencySymbol\">&euro;<\/span><\/bdi><\/span><\/span>\n<\/li><\/ul><\/div><!-- .product-inner .clr --><\/li>\n<\/ul>\n<\/div><\/div>\n\t\t\t\t\t\t<\/div>\n\t\t\t\t<\/div>\n\t\t<div class=\"elementor-element elementor-element-62e5fb8 e-con-full e-flex e-con e-parent\" data-id=\"62e5fb8\" data-element_type=\"container\" data-e-type=\"container\">\n\t\t\t\t<div class=\"elementor-element elementor-element-2575802 elementor-widget-divider--separator-type-pattern elementor-widget-divider--view-line elementor-widget elementor-widget-divider\" data-id=\"2575802\" data-element_type=\"widget\" data-e-type=\"widget\" data-widget_type=\"divider.default\">\n\t\t\t\t\t\t\t<div class=\"elementor-divider\" style=\"--divider-pattern-url: url(&quot;data:image\/svg+xml,%3Csvg xmlns=&#039;http:\/\/www.w3.org\/2000\/svg&#039; preserveAspectRatio=&#039;none&#039; overflow=&#039;visible&#039; height=&#039;100%&#039; viewBox=&#039;0 0 24 24&#039; fill=&#039;black&#039; stroke=&#039;none&#039;%3E%3Cpath d=&#039;M12.7,2.3c-0.4-0.4-1.1-0.4-1.5,0l-8,9.1c-0.3,0.4-0.3,0.9,0,1.2l8,9.1c0.4,0.4,1.1,0.4,1.5,0l8-9.1c0.3-0.4,0.3-0.9,0-1.2L12.7,2.3z&#039;\/%3E%3C\/svg%3E&quot;);\">\n\t\t\t<span class=\"elementor-divider-separator\">\n\t\t\t\t\t\t<\/span>\n\t\t<\/div>\n\t\t\t\t\t\t<\/div>\n\t\t\t\t<div class=\"elementor-element elementor-element-81fabd8 elementor-widget elementor-widget-heading\" data-id=\"81fabd8\" data-element_type=\"widget\" data-e-type=\"widget\" data-widget_type=\"heading.default\">\n\t\t\t\t\t<h2 class=\"elementor-heading-title elementor-size-default\">Giardino dei bambini<\/h2>\t\t\t\t<\/div>\n\t\t\t\t<div class=\"elementor-element elementor-element-877cdf5 elementor-widget elementor-widget-shortcode\" data-id=\"877cdf5\" data-element_type=\"widget\" data-e-type=\"widget\" data-widget_type=\"shortcode.default\">\n\t\t\t\t\t\t\t<div class=\"elementor-shortcode\"><div class=\"woocommerce columns-3 \">\r\n<ul class=\"products oceanwp-row clr grid tablet-col tablet-2-col mobile-col mobile-2-col\">\r\n<li class=\"entry has-media col span_1_of_3 owp-content-center owp-thumbs-layout-vertical owp-btn-big owp-tabs-layout-vertical circle-sale product type-product post-30710 status-publish first instock product_cat-accessori-bambina product_cat-accessori-bambini product_cat-accessori-neonata product_cat-accessori-neonati has-post-thumbnail taxable shipping-taxable purchasable product-type-variable has-default-attributes\">\n\t<div class=\"product-inner clr\">\n\t<div class=\"woo-entry-image-swap woo-entry-image clr\">\n\t\t<a href=\"https:\/\/voyagedelabaleine.fr\/it\/prodotto\/barretta-con-fiocco-in-grosgrain-verde-scuro\/\" class=\"woocommerce-LoopProduct-link\"><img decoding=\"async\" width=\"600\" height=\"800\" src=\"https:\/\/voyagedelabaleine.fr\/wp-content\/uploads\/2025\/01\/barrette-noeud-vert-fonce-gros-grain-600x800.jpg\" class=\"woo-entry-image-main\" alt=\"Barretta con fiocco in grosgrain &#8211; Verde scuro\" itemprop=\"image\" srcset=\"https:\/\/voyagedelabaleine.fr\/wp-content\/uploads\/2025\/01\/barrette-noeud-vert-fonce-gros-grain-600x800.jpg 600w, https:\/\/voyagedelabaleine.fr\/wp-content\/uploads\/2025\/01\/barrette-noeud-vert-fonce-gros-grain-225x300.jpg 225w, https:\/\/voyagedelabaleine.fr\/wp-content\/uploads\/2025\/01\/barrette-noeud-vert-fonce-gros-grain-768x1024.jpg 768w, https:\/\/voyagedelabaleine.fr\/wp-content\/uploads\/2025\/01\/barrette-noeud-vert-fonce-gros-grain-1152x1536.jpg 1152w, https:\/\/voyagedelabaleine.fr\/wp-content\/uploads\/2025\/01\/barrette-noeud-vert-fonce-gros-grain.jpg 1275w\" sizes=\"(max-width: 600px) 100vw, 600px\" \/><img decoding=\"async\" width=\"600\" height=\"800\" src=\"https:\/\/voyagedelabaleine.fr\/wp-content\/uploads\/2025\/01\/barrette-noeud-vert-fonce-gros-grain-1-600x800.jpg\" class=\"woo-entry-image-secondary\" alt=\"Barretta con fiocco in grosgrain &#8211; Verde scuro\" itemprop=\"image\" srcset=\"https:\/\/voyagedelabaleine.fr\/wp-content\/uploads\/2025\/01\/barrette-noeud-vert-fonce-gros-grain-1-600x800.jpg 600w, https:\/\/voyagedelabaleine.fr\/wp-content\/uploads\/2025\/01\/barrette-noeud-vert-fonce-gros-grain-1-225x300.jpg 225w, https:\/\/voyagedelabaleine.fr\/wp-content\/uploads\/2025\/01\/barrette-noeud-vert-fonce-gros-grain-1-768x1024.jpg 768w, https:\/\/voyagedelabaleine.fr\/wp-content\/uploads\/2025\/01\/barrette-noeud-vert-fonce-gros-grain-1.jpg 900w\" sizes=\"(max-width: 600px) 100vw, 600px\" \/><\/a>\t<\/div><!-- .woo-entry-image-swap -->\n\n<ul class=\"woo-entry-inner clr\"><li class=\"image-wrap\">\n\t<div class=\"woo-entry-image-swap woo-entry-image clr\">\n\t\t<a href=\"https:\/\/voyagedelabaleine.fr\/it\/prodotto\/barretta-con-fiocco-in-grosgrain-verde-scuro\/\" class=\"woocommerce-LoopProduct-link\"><img decoding=\"async\" width=\"600\" height=\"800\" src=\"https:\/\/voyagedelabaleine.fr\/wp-content\/uploads\/2025\/01\/barrette-noeud-vert-fonce-gros-grain-600x800.jpg\" class=\"woo-entry-image-main\" alt=\"Barretta con fiocco in grosgrain &#8211; Verde scuro\" itemprop=\"image\" srcset=\"https:\/\/voyagedelabaleine.fr\/wp-content\/uploads\/2025\/01\/barrette-noeud-vert-fonce-gros-grain-600x800.jpg 600w, https:\/\/voyagedelabaleine.fr\/wp-content\/uploads\/2025\/01\/barrette-noeud-vert-fonce-gros-grain-225x300.jpg 225w, https:\/\/voyagedelabaleine.fr\/wp-content\/uploads\/2025\/01\/barrette-noeud-vert-fonce-gros-grain-768x1024.jpg 768w, https:\/\/voyagedelabaleine.fr\/wp-content\/uploads\/2025\/01\/barrette-noeud-vert-fonce-gros-grain-1152x1536.jpg 1152w, https:\/\/voyagedelabaleine.fr\/wp-content\/uploads\/2025\/01\/barrette-noeud-vert-fonce-gros-grain.jpg 1275w\" sizes=\"(max-width: 600px) 100vw, 600px\" \/><img decoding=\"async\" width=\"600\" height=\"800\" src=\"https:\/\/voyagedelabaleine.fr\/wp-content\/uploads\/2025\/01\/barrette-noeud-vert-fonce-gros-grain-1-600x800.jpg\" class=\"woo-entry-image-secondary\" alt=\"Barretta con fiocco in grosgrain &#8211; Verde scuro\" itemprop=\"image\" srcset=\"https:\/\/voyagedelabaleine.fr\/wp-content\/uploads\/2025\/01\/barrette-noeud-vert-fonce-gros-grain-1-600x800.jpg 600w, https:\/\/voyagedelabaleine.fr\/wp-content\/uploads\/2025\/01\/barrette-noeud-vert-fonce-gros-grain-1-225x300.jpg 225w, https:\/\/voyagedelabaleine.fr\/wp-content\/uploads\/2025\/01\/barrette-noeud-vert-fonce-gros-grain-1-768x1024.jpg 768w, https:\/\/voyagedelabaleine.fr\/wp-content\/uploads\/2025\/01\/barrette-noeud-vert-fonce-gros-grain-1.jpg 900w\" sizes=\"(max-width: 600px) 100vw, 600px\" \/><\/a>\t<\/div><!-- .woo-entry-image-swap -->\n\n<\/li><li class=\"title\"><h2><a href=\"https:\/\/voyagedelabaleine.fr\/it\/prodotto\/barretta-con-fiocco-in-grosgrain-verde-scuro\/\">Barretta con fiocco in grosgrain &#8211; Verde scuro<\/a><\/h2><\/li><li class=\"price-wrap\">\n\t<span class=\"price\"><span class=\"woocommerce-Price-amount amount\"><bdi>6<span class=\"woocommerce-Price-currencySymbol\">&euro;<\/span><\/bdi><\/span><\/span>\n<\/li><\/ul><\/div><!-- .product-inner .clr --><\/li>\n<li class=\"entry has-media col span_1_of_3 owp-content-center owp-thumbs-layout-vertical owp-btn-big owp-tabs-layout-vertical circle-sale product type-product post-32155 status-publish instock product_cat-abbigliamento product_cat-maglione-gilet-cardigan-nascita product_cat-maglione-gilet-cardigan-nascita-ragazza product_cat-maglione-gilet-cardigan-nascita-ragazzo product_cat-maglione-gilet-cardigan-bambina product_cat-maglione-gilet-cardigan-bambini product_cat-maglione-gilet-cardigan-bambino product_cat-maglione-gilet-cardigan-neonata product_cat-maglione-gilet-cardigan-neonati product_cat-maglione-gilet-cardigan-neonato has-post-thumbnail taxable shipping-taxable purchasable product-type-variable has-default-attributes\">\n\t<div class=\"product-inner clr\">\n\t<div class=\"woo-entry-image-swap woo-entry-image clr\">\n\t\t<a href=\"https:\/\/voyagedelabaleine.fr\/it\/prodotto\/cardigan-neonata-a-punto-legaccio-verde-scuro\/\" class=\"woocommerce-LoopProduct-link\"><img decoding=\"async\" width=\"600\" height=\"800\" src=\"https:\/\/voyagedelabaleine.fr\/wp-content\/uploads\/2025\/01\/gilet-bebe-vert-fonce-600x800.jpg\" class=\"woo-entry-image-main\" alt=\"Cardigan neonata a punto legaccio &#8211; Verde scuro\" itemprop=\"image\" srcset=\"https:\/\/voyagedelabaleine.fr\/wp-content\/uploads\/2025\/01\/gilet-bebe-vert-fonce-600x800.jpg 600w, https:\/\/voyagedelabaleine.fr\/wp-content\/uploads\/2025\/01\/gilet-bebe-vert-fonce-225x300.jpg 225w, https:\/\/voyagedelabaleine.fr\/wp-content\/uploads\/2025\/01\/gilet-bebe-vert-fonce-768x1024.jpg 768w, https:\/\/voyagedelabaleine.fr\/wp-content\/uploads\/2025\/01\/gilet-bebe-vert-fonce.jpg 855w\" sizes=\"(max-width: 600px) 100vw, 600px\" \/><img decoding=\"async\" width=\"600\" height=\"800\" src=\"https:\/\/voyagedelabaleine.fr\/wp-content\/uploads\/2025\/01\/gilet-bebe-vert-fonce-1-600x800.jpg\" class=\"woo-entry-image-secondary\" alt=\"Cardigan neonata a punto legaccio &#8211; Verde scuro\" itemprop=\"image\" srcset=\"https:\/\/voyagedelabaleine.fr\/wp-content\/uploads\/2025\/01\/gilet-bebe-vert-fonce-1-600x800.jpg 600w, https:\/\/voyagedelabaleine.fr\/wp-content\/uploads\/2025\/01\/gilet-bebe-vert-fonce-1-225x300.jpg 225w, https:\/\/voyagedelabaleine.fr\/wp-content\/uploads\/2025\/01\/gilet-bebe-vert-fonce-1-768x1024.jpg 768w, https:\/\/voyagedelabaleine.fr\/wp-content\/uploads\/2025\/01\/gilet-bebe-vert-fonce-1.jpg 855w\" sizes=\"(max-width: 600px) 100vw, 600px\" \/><\/a>\t<\/div><!-- .woo-entry-image-swap -->\n\n<ul class=\"woo-entry-inner clr\"><li class=\"image-wrap\">\n\t<div class=\"woo-entry-image-swap woo-entry-image clr\">\n\t\t<a href=\"https:\/\/voyagedelabaleine.fr\/it\/prodotto\/cardigan-neonata-a-punto-legaccio-verde-scuro\/\" class=\"woocommerce-LoopProduct-link\"><img decoding=\"async\" width=\"600\" height=\"800\" src=\"https:\/\/voyagedelabaleine.fr\/wp-content\/uploads\/2025\/01\/gilet-bebe-vert-fonce-600x800.jpg\" class=\"woo-entry-image-main\" alt=\"Cardigan neonata a punto legaccio &#8211; Verde scuro\" itemprop=\"image\" srcset=\"https:\/\/voyagedelabaleine.fr\/wp-content\/uploads\/2025\/01\/gilet-bebe-vert-fonce-600x800.jpg 600w, https:\/\/voyagedelabaleine.fr\/wp-content\/uploads\/2025\/01\/gilet-bebe-vert-fonce-225x300.jpg 225w, https:\/\/voyagedelabaleine.fr\/wp-content\/uploads\/2025\/01\/gilet-bebe-vert-fonce-768x1024.jpg 768w, https:\/\/voyagedelabaleine.fr\/wp-content\/uploads\/2025\/01\/gilet-bebe-vert-fonce.jpg 855w\" sizes=\"(max-width: 600px) 100vw, 600px\" \/><img decoding=\"async\" width=\"600\" height=\"800\" src=\"https:\/\/voyagedelabaleine.fr\/wp-content\/uploads\/2025\/01\/gilet-bebe-vert-fonce-1-600x800.jpg\" class=\"woo-entry-image-secondary\" alt=\"Cardigan neonata a punto legaccio &#8211; Verde scuro\" itemprop=\"image\" srcset=\"https:\/\/voyagedelabaleine.fr\/wp-content\/uploads\/2025\/01\/gilet-bebe-vert-fonce-1-600x800.jpg 600w, https:\/\/voyagedelabaleine.fr\/wp-content\/uploads\/2025\/01\/gilet-bebe-vert-fonce-1-225x300.jpg 225w, https:\/\/voyagedelabaleine.fr\/wp-content\/uploads\/2025\/01\/gilet-bebe-vert-fonce-1-768x1024.jpg 768w, https:\/\/voyagedelabaleine.fr\/wp-content\/uploads\/2025\/01\/gilet-bebe-vert-fonce-1.jpg 855w\" sizes=\"(max-width: 600px) 100vw, 600px\" \/><\/a>\t<\/div><!-- .woo-entry-image-swap -->\n\n<\/li><li class=\"title\"><h2><a href=\"https:\/\/voyagedelabaleine.fr\/it\/prodotto\/cardigan-neonata-a-punto-legaccio-verde-scuro\/\">Cardigan neonata a punto legaccio &#8211; Verde scuro<\/a><\/h2><\/li><li class=\"price-wrap\">\n\t<span class=\"price\"><span class=\"woocommerce-Price-amount amount\"><bdi>38<span class=\"woocommerce-Price-currencySymbol\">&euro;<\/span><\/bdi><\/span><\/span>\n<\/li><\/ul><\/div><!-- .product-inner .clr --><\/li>\n<li class=\"entry has-media col span_1_of_3 owp-content-center owp-thumbs-layout-vertical owp-btn-big owp-tabs-layout-vertical circle-sale product type-product post-30555 status-publish last instock product_cat-calze-collant-neonati-bambini product_cat-calzini-collant-nascita product_cat-calzini-collant-nascita-ragazza product_cat-calzini-collant-nascita-ragazzo-2 product_cat-calzini-collant-bambina product_cat-calzini-collant-bambini product_cat-calzini-collant-bambino product_cat-calzini-collant-neonata product_cat-calzini-collant-neonato has-post-thumbnail taxable shipping-taxable purchasable product-type-variable has-default-attributes\">\n\t<div class=\"product-inner clr\">\n\t<div class=\"woo-entry-image-swap woo-entry-image clr\">\n\t\t<a href=\"https:\/\/voyagedelabaleine.fr\/it\/prodotto\/collant-neonato-a-costine-verde-abete\/\" class=\"woocommerce-LoopProduct-link\"><img decoding=\"async\" width=\"600\" height=\"800\" src=\"https:\/\/voyagedelabaleine.fr\/wp-content\/uploads\/2024\/11\/collants-bebe-vert-sapin-fotor-20241121121542-600x800.jpg\" class=\"woo-entry-image-main\" alt=\"Collant neonato a costine &#8211; Verde abete\" itemprop=\"image\" srcset=\"https:\/\/voyagedelabaleine.fr\/wp-content\/uploads\/2024\/11\/collants-bebe-vert-sapin-fotor-20241121121542-600x800.jpg 600w, https:\/\/voyagedelabaleine.fr\/wp-content\/uploads\/2024\/11\/collants-bebe-vert-sapin-fotor-20241121121542-225x300.jpg 225w, https:\/\/voyagedelabaleine.fr\/wp-content\/uploads\/2024\/11\/collants-bebe-vert-sapin-fotor-20241121121542-768x1024.jpg 768w, https:\/\/voyagedelabaleine.fr\/wp-content\/uploads\/2024\/11\/collants-bebe-vert-sapin-fotor-20241121121542.jpg 855w\" sizes=\"(max-width: 600px) 100vw, 600px\" \/><img decoding=\"async\" width=\"600\" height=\"800\" src=\"https:\/\/voyagedelabaleine.fr\/wp-content\/uploads\/2024\/11\/92370-thickbox_default-fotor-2024112112161-600x800.jpg\" class=\"woo-entry-image-secondary\" alt=\"Collant neonato a costine &#8211; Verde abete\" itemprop=\"image\" srcset=\"https:\/\/voyagedelabaleine.fr\/wp-content\/uploads\/2024\/11\/92370-thickbox_default-fotor-2024112112161-600x800.jpg 600w, https:\/\/voyagedelabaleine.fr\/wp-content\/uploads\/2024\/11\/92370-thickbox_default-fotor-2024112112161-225x300.jpg 225w, https:\/\/voyagedelabaleine.fr\/wp-content\/uploads\/2024\/11\/92370-thickbox_default-fotor-2024112112161-768x1024.jpg 768w, https:\/\/voyagedelabaleine.fr\/wp-content\/uploads\/2024\/11\/92370-thickbox_default-fotor-2024112112161.jpg 855w\" sizes=\"(max-width: 600px) 100vw, 600px\" \/><\/a>\t<\/div><!-- .woo-entry-image-swap -->\n\n<ul class=\"woo-entry-inner clr\"><li class=\"image-wrap\">\n\t<div class=\"woo-entry-image-swap woo-entry-image clr\">\n\t\t<a href=\"https:\/\/voyagedelabaleine.fr\/it\/prodotto\/collant-neonato-a-costine-verde-abete\/\" class=\"woocommerce-LoopProduct-link\"><img decoding=\"async\" width=\"600\" height=\"800\" src=\"https:\/\/voyagedelabaleine.fr\/wp-content\/uploads\/2024\/11\/collants-bebe-vert-sapin-fotor-20241121121542-600x800.jpg\" class=\"woo-entry-image-main\" alt=\"Collant neonato a costine &#8211; Verde abete\" itemprop=\"image\" srcset=\"https:\/\/voyagedelabaleine.fr\/wp-content\/uploads\/2024\/11\/collants-bebe-vert-sapin-fotor-20241121121542-600x800.jpg 600w, https:\/\/voyagedelabaleine.fr\/wp-content\/uploads\/2024\/11\/collants-bebe-vert-sapin-fotor-20241121121542-225x300.jpg 225w, https:\/\/voyagedelabaleine.fr\/wp-content\/uploads\/2024\/11\/collants-bebe-vert-sapin-fotor-20241121121542-768x1024.jpg 768w, https:\/\/voyagedelabaleine.fr\/wp-content\/uploads\/2024\/11\/collants-bebe-vert-sapin-fotor-20241121121542.jpg 855w\" sizes=\"(max-width: 600px) 100vw, 600px\" \/><img decoding=\"async\" width=\"600\" height=\"800\" src=\"https:\/\/voyagedelabaleine.fr\/wp-content\/uploads\/2024\/11\/92370-thickbox_default-fotor-2024112112161-600x800.jpg\" class=\"woo-entry-image-secondary\" alt=\"Collant neonato a costine &#8211; Verde abete\" itemprop=\"image\" srcset=\"https:\/\/voyagedelabaleine.fr\/wp-content\/uploads\/2024\/11\/92370-thickbox_default-fotor-2024112112161-600x800.jpg 600w, https:\/\/voyagedelabaleine.fr\/wp-content\/uploads\/2024\/11\/92370-thickbox_default-fotor-2024112112161-225x300.jpg 225w, https:\/\/voyagedelabaleine.fr\/wp-content\/uploads\/2024\/11\/92370-thickbox_default-fotor-2024112112161-768x1024.jpg 768w, https:\/\/voyagedelabaleine.fr\/wp-content\/uploads\/2024\/11\/92370-thickbox_default-fotor-2024112112161.jpg 855w\" sizes=\"(max-width: 600px) 100vw, 600px\" \/><\/a>\t<\/div><!-- .woo-entry-image-swap -->\n\n<\/li><li class=\"title\"><h2><a href=\"https:\/\/voyagedelabaleine.fr\/it\/prodotto\/collant-neonato-a-costine-verde-abete\/\">Collant neonato a costine &#8211; Verde abete<\/a><\/h2><\/li><li class=\"price-wrap\">\n\t<span class=\"price\"><span class=\"woocommerce-Price-amount amount\"><bdi>14<span class=\"woocommerce-Price-currencySymbol\">&euro;<\/span><\/bdi><\/span><\/span>\n<\/li><\/ul><\/div><!-- .product-inner .clr --><\/li>\n<\/ul>\n<\/div><\/div>\n\t\t\t\t\t\t<\/div>\n\t\t\t\t<\/div>\n\t\t<div class=\"elementor-element elementor-element-06d940f e-con-full e-flex e-con e-parent\" data-id=\"06d940f\" data-element_type=\"container\" data-e-type=\"container\">\n\t\t\t\t<div class=\"elementor-element elementor-element-f240df0 elementor-widget-divider--separator-type-pattern elementor-widget-divider--view-line elementor-widget elementor-widget-divider\" data-id=\"f240df0\" data-element_type=\"widget\" data-e-type=\"widget\" data-widget_type=\"divider.default\">\n\t\t\t\t\t\t\t<div class=\"elementor-divider\" style=\"--divider-pattern-url: url(&quot;data:image\/svg+xml,%3Csvg xmlns=&#039;http:\/\/www.w3.org\/2000\/svg&#039; preserveAspectRatio=&#039;none&#039; overflow=&#039;visible&#039; height=&#039;100%&#039; viewBox=&#039;0 0 24 24&#039; fill=&#039;black&#039; stroke=&#039;none&#039;%3E%3Cpath d=&#039;M12.7,2.3c-0.4-0.4-1.1-0.4-1.5,0l-8,9.1c-0.3,0.4-0.3,0.9,0,1.2l8,9.1c0.4,0.4,1.1,0.4,1.5,0l8-9.1c0.3-0.4,0.3-0.9,0-1.2L12.7,2.3z&#039;\/%3E%3C\/svg%3E&quot;);\">\n\t\t\t<span class=\"elementor-divider-separator\">\n\t\t\t\t\t\t<\/span>\n\t\t<\/div>\n\t\t\t\t\t\t<\/div>\n\t\t\t\t<div class=\"elementor-element elementor-element-17bf21c elementor-widget elementor-widget-heading\" data-id=\"17bf21c\" data-element_type=\"widget\" data-e-type=\"widget\" data-widget_type=\"heading.default\">\n\t\t\t\t\t<h2 class=\"elementor-heading-title elementor-size-default\">Eleganza e tradizione<\/h2>\t\t\t\t<\/div>\n\t\t\t\t<div class=\"elementor-element elementor-element-6028c4c elementor-widget elementor-widget-shortcode\" data-id=\"6028c4c\" data-element_type=\"widget\" data-e-type=\"widget\" data-widget_type=\"shortcode.default\">\n\t\t\t\t\t\t\t<div class=\"elementor-shortcode\"><div class=\"woocommerce columns-3 \">\r\n<ul class=\"products oceanwp-row clr grid tablet-col tablet-2-col mobile-col mobile-2-col\">\r\n<li class=\"entry has-media col span_1_of_3 owp-content-center owp-thumbs-layout-vertical owp-btn-big owp-tabs-layout-vertical circle-sale product type-product post-34776 status-publish first instock product_cat-accessori-nascita-ragazza product_cat-accessori-nascita-ragazzo product_cat-accessori-nascita product_cat-accessori-neonata product_cat-accessori-neonati product_cat-accessori-neonato has-post-thumbnail taxable shipping-taxable purchasable product-type-variable has-default-attributes\">\n\t<div class=\"product-inner clr\">\n\t<div class=\"woo-entry-image-swap woo-entry-image clr\">\n\t\t<a href=\"https:\/\/voyagedelabaleine.fr\/it\/prodotto\/cuffia-neonato-bordeaux\/\" class=\"woocommerce-LoopProduct-link\"><img decoding=\"async\" width=\"600\" height=\"800\" src=\"https:\/\/voyagedelabaleine.fr\/wp-content\/uploads\/2025\/07\/beguin-bebe-bordeaux-600x800.jpg\" class=\"woo-entry-image-main\" alt=\"Cuffia neonato &#8211; Bordeaux\" itemprop=\"image\" srcset=\"https:\/\/voyagedelabaleine.fr\/wp-content\/uploads\/2025\/07\/beguin-bebe-bordeaux-600x799.jpg 600w, https:\/\/voyagedelabaleine.fr\/wp-content\/uploads\/2025\/07\/beguin-bebe-bordeaux-225x300.jpg 225w, https:\/\/voyagedelabaleine.fr\/wp-content\/uploads\/2025\/07\/beguin-bebe-bordeaux.jpg 713w\" sizes=\"(max-width: 600px) 100vw, 600px\" \/><img decoding=\"async\" width=\"528\" height=\"705\" src=\"https:\/\/voyagedelabaleine.fr\/wp-content\/uploads\/2025\/07\/beguin-bebe-bordeaux-1.jpg\" class=\"woo-entry-image-secondary\" alt=\"Cuffia neonato &#8211; Bordeaux\" itemprop=\"image\" srcset=\"https:\/\/voyagedelabaleine.fr\/wp-content\/uploads\/2025\/07\/beguin-bebe-bordeaux-1.jpg 528w, https:\/\/voyagedelabaleine.fr\/wp-content\/uploads\/2025\/07\/beguin-bebe-bordeaux-1-225x300.jpg 225w\" sizes=\"(max-width: 528px) 100vw, 528px\" \/><\/a>\t<\/div><!-- .woo-entry-image-swap -->\n\n<ul class=\"woo-entry-inner clr\"><li class=\"image-wrap\">\n\t<div class=\"woo-entry-image-swap woo-entry-image clr\">\n\t\t<a href=\"https:\/\/voyagedelabaleine.fr\/it\/prodotto\/cuffia-neonato-bordeaux\/\" class=\"woocommerce-LoopProduct-link\"><img decoding=\"async\" width=\"600\" height=\"800\" src=\"https:\/\/voyagedelabaleine.fr\/wp-content\/uploads\/2025\/07\/beguin-bebe-bordeaux-600x800.jpg\" class=\"woo-entry-image-main\" alt=\"Cuffia neonato &#8211; Bordeaux\" itemprop=\"image\" srcset=\"https:\/\/voyagedelabaleine.fr\/wp-content\/uploads\/2025\/07\/beguin-bebe-bordeaux-600x799.jpg 600w, https:\/\/voyagedelabaleine.fr\/wp-content\/uploads\/2025\/07\/beguin-bebe-bordeaux-225x300.jpg 225w, https:\/\/voyagedelabaleine.fr\/wp-content\/uploads\/2025\/07\/beguin-bebe-bordeaux.jpg 713w\" sizes=\"(max-width: 600px) 100vw, 600px\" \/><img decoding=\"async\" width=\"528\" height=\"705\" src=\"https:\/\/voyagedelabaleine.fr\/wp-content\/uploads\/2025\/07\/beguin-bebe-bordeaux-1.jpg\" class=\"woo-entry-image-secondary\" alt=\"Cuffia neonato &#8211; Bordeaux\" itemprop=\"image\" srcset=\"https:\/\/voyagedelabaleine.fr\/wp-content\/uploads\/2025\/07\/beguin-bebe-bordeaux-1.jpg 528w, https:\/\/voyagedelabaleine.fr\/wp-content\/uploads\/2025\/07\/beguin-bebe-bordeaux-1-225x300.jpg 225w\" sizes=\"(max-width: 528px) 100vw, 528px\" \/><\/a>\t<\/div><!-- .woo-entry-image-swap -->\n\n<\/li><li class=\"title\"><h2><a href=\"https:\/\/voyagedelabaleine.fr\/it\/prodotto\/cuffia-neonato-bordeaux\/\">Cuffia neonato &#8211; Bordeaux<\/a><\/h2><\/li><li class=\"price-wrap\">\n\t<span class=\"price\"><span class=\"woocommerce-Price-amount amount\"><bdi>24<span class=\"woocommerce-Price-currencySymbol\">&euro;<\/span><\/bdi><\/span><\/span>\n<\/li><\/ul><\/div><!-- .product-inner .clr --><\/li>\n<li class=\"entry has-media has-rating col span_1_of_3 owp-content-center owp-thumbs-layout-vertical owp-btn-big owp-tabs-layout-vertical circle-sale product type-product post-30496 status-publish instock product_cat-abbigliamento product_cat-pagliaccetto-salopette-nascita product_cat-pagliaccetto-salopette-nascita-ragazza product_cat-pagliaccetto-salopette-nascita-ragazzo product_cat-pagliaccetto-salopette-neonata product_cat-pagliaccetto-salopette-neonati product_cat-pagliaccetto-salopette-neonato has-post-thumbnail taxable shipping-taxable purchasable product-type-variable has-default-attributes\">\n\t<div class=\"product-inner clr\">\n\t<div class=\"woo-entry-image-swap woo-entry-image clr\">\n\t\t<a href=\"https:\/\/voyagedelabaleine.fr\/it\/prodotto\/pagliaccetto-neonato-tartan-bordeaux\/\" class=\"woocommerce-LoopProduct-link\"><img decoding=\"async\" width=\"600\" height=\"800\" src=\"https:\/\/voyagedelabaleine.fr\/wp-content\/uploads\/2024\/10\/Capture-decran-2024-10-11-a-11.37.56-fotor-2024101111382-600x800.jpg\" class=\"woo-entry-image-main\" alt=\"Pagliaccetto neonato tartan &#8211; Bordeaux\" itemprop=\"image\" srcset=\"https:\/\/voyagedelabaleine.fr\/wp-content\/uploads\/2024\/10\/Capture-decran-2024-10-11-a-11.37.56-fotor-2024101111382-600x800.jpg 600w, https:\/\/voyagedelabaleine.fr\/wp-content\/uploads\/2024\/10\/Capture-decran-2024-10-11-a-11.37.56-fotor-2024101111382-225x300.jpg 225w, https:\/\/voyagedelabaleine.fr\/wp-content\/uploads\/2024\/10\/Capture-decran-2024-10-11-a-11.37.56-fotor-2024101111382-768x1024.jpg 768w, https:\/\/voyagedelabaleine.fr\/wp-content\/uploads\/2024\/10\/Capture-decran-2024-10-11-a-11.37.56-fotor-2024101111382.jpg 864w\" sizes=\"(max-width: 600px) 100vw, 600px\" \/><img decoding=\"async\" width=\"600\" height=\"800\" src=\"https:\/\/voyagedelabaleine.fr\/wp-content\/uploads\/2024\/10\/30660-fotor-20250127145724-600x800.jpg\" class=\"woo-entry-image-secondary\" alt=\"Pagliaccetto neonato tartan &#8211; Bordeaux\" itemprop=\"image\" srcset=\"https:\/\/voyagedelabaleine.fr\/wp-content\/uploads\/2024\/10\/30660-fotor-20250127145724-600x801.jpg 600w, https:\/\/voyagedelabaleine.fr\/wp-content\/uploads\/2024\/10\/30660-fotor-20250127145724-225x300.jpg 225w, https:\/\/voyagedelabaleine.fr\/wp-content\/uploads\/2024\/10\/30660-fotor-20250127145724-767x1024.jpg 767w, https:\/\/voyagedelabaleine.fr\/wp-content\/uploads\/2024\/10\/30660-fotor-20250127145724-768x1025.jpg 768w, https:\/\/voyagedelabaleine.fr\/wp-content\/uploads\/2024\/10\/30660-fotor-20250127145724.jpg 900w\" sizes=\"(max-width: 600px) 100vw, 600px\" \/><\/a>\t<\/div><!-- .woo-entry-image-swap -->\n\n<ul class=\"woo-entry-inner clr\"><li class=\"image-wrap\">\n\t<div class=\"woo-entry-image-swap woo-entry-image clr\">\n\t\t<a href=\"https:\/\/voyagedelabaleine.fr\/it\/prodotto\/pagliaccetto-neonato-tartan-bordeaux\/\" class=\"woocommerce-LoopProduct-link\"><img decoding=\"async\" width=\"600\" height=\"800\" src=\"https:\/\/voyagedelabaleine.fr\/wp-content\/uploads\/2024\/10\/Capture-decran-2024-10-11-a-11.37.56-fotor-2024101111382-600x800.jpg\" class=\"woo-entry-image-main\" alt=\"Pagliaccetto neonato tartan &#8211; Bordeaux\" itemprop=\"image\" srcset=\"https:\/\/voyagedelabaleine.fr\/wp-content\/uploads\/2024\/10\/Capture-decran-2024-10-11-a-11.37.56-fotor-2024101111382-600x800.jpg 600w, https:\/\/voyagedelabaleine.fr\/wp-content\/uploads\/2024\/10\/Capture-decran-2024-10-11-a-11.37.56-fotor-2024101111382-225x300.jpg 225w, https:\/\/voyagedelabaleine.fr\/wp-content\/uploads\/2024\/10\/Capture-decran-2024-10-11-a-11.37.56-fotor-2024101111382-768x1024.jpg 768w, https:\/\/voyagedelabaleine.fr\/wp-content\/uploads\/2024\/10\/Capture-decran-2024-10-11-a-11.37.56-fotor-2024101111382.jpg 864w\" sizes=\"(max-width: 600px) 100vw, 600px\" \/><img decoding=\"async\" width=\"600\" height=\"800\" src=\"https:\/\/voyagedelabaleine.fr\/wp-content\/uploads\/2024\/10\/30660-fotor-20250127145724-600x800.jpg\" class=\"woo-entry-image-secondary\" alt=\"Pagliaccetto neonato tartan &#8211; Bordeaux\" itemprop=\"image\" srcset=\"https:\/\/voyagedelabaleine.fr\/wp-content\/uploads\/2024\/10\/30660-fotor-20250127145724-600x801.jpg 600w, https:\/\/voyagedelabaleine.fr\/wp-content\/uploads\/2024\/10\/30660-fotor-20250127145724-225x300.jpg 225w, https:\/\/voyagedelabaleine.fr\/wp-content\/uploads\/2024\/10\/30660-fotor-20250127145724-767x1024.jpg 767w, https:\/\/voyagedelabaleine.fr\/wp-content\/uploads\/2024\/10\/30660-fotor-20250127145724-768x1025.jpg 768w, https:\/\/voyagedelabaleine.fr\/wp-content\/uploads\/2024\/10\/30660-fotor-20250127145724.jpg 900w\" sizes=\"(max-width: 600px) 100vw, 600px\" \/><\/a>\t<\/div><!-- .woo-entry-image-swap -->\n\n<\/li><li class=\"title\"><h2><a href=\"https:\/\/voyagedelabaleine.fr\/it\/prodotto\/pagliaccetto-neonato-tartan-bordeaux\/\">Pagliaccetto neonato tartan &#8211; Bordeaux<\/a><\/h2><\/li><li class=\"price-wrap\">\n\t<span class=\"price\"><span class=\"woocommerce-Price-amount amount\"><bdi>58<span class=\"woocommerce-Price-currencySymbol\">&euro;<\/span><\/bdi><\/span><\/span>\n<\/li><\/ul><\/div><!-- .product-inner .clr --><\/li>\n<li class=\"entry has-media has-rating col span_1_of_3 owp-content-center owp-thumbs-layout-vertical owp-btn-big owp-tabs-layout-vertical circle-sale product type-product post-33963 status-publish last instock product_cat-calze-collant-neonati-bambini product_cat-calzini-collant-nascita product_cat-calzini-collant-nascita-ragazza product_cat-calzini-collant-nascita-ragazzo-2 product_cat-calzini-collant-neonata product_cat-calzini-collant-neonato has-post-thumbnail taxable shipping-taxable purchasable product-type-variable has-default-attributes\">\n\t<div class=\"product-inner clr\">\n\t<div class=\"woo-entry-image-swap woo-entry-image clr\">\n\t\t<a href=\"https:\/\/voyagedelabaleine.fr\/it\/prodotto\/collant-neonato-a-costine-bordeaux\/\" class=\"woocommerce-LoopProduct-link\"><img decoding=\"async\" width=\"600\" height=\"800\" src=\"https:\/\/voyagedelabaleine.fr\/wp-content\/uploads\/2024\/09\/collant-bebe-cotele-bordeaux-600x800.jpg\" class=\"woo-entry-image-main\" alt=\"Collant neonato a costine &#8211; Bordeaux\" itemprop=\"image\" srcset=\"https:\/\/voyagedelabaleine.fr\/wp-content\/uploads\/2024\/09\/collant-bebe-cotele-bordeaux-600x800.jpg 600w, https:\/\/voyagedelabaleine.fr\/wp-content\/uploads\/2024\/09\/collant-bebe-cotele-bordeaux-225x300.jpg 225w, https:\/\/voyagedelabaleine.fr\/wp-content\/uploads\/2024\/09\/collant-bebe-cotele-bordeaux-768x1024.jpg 768w, https:\/\/voyagedelabaleine.fr\/wp-content\/uploads\/2024\/09\/collant-bebe-cotele-bordeaux.jpg 855w\" sizes=\"(max-width: 600px) 100vw, 600px\" \/><img decoding=\"async\" width=\"600\" height=\"800\" src=\"https:\/\/voyagedelabaleine.fr\/wp-content\/uploads\/2024\/09\/collant-bebe-cotele-bordeaux-2-1-600x800.jpg\" class=\"woo-entry-image-secondary\" alt=\"Collant neonato a costine &#8211; Bordeaux\" itemprop=\"image\" srcset=\"https:\/\/voyagedelabaleine.fr\/wp-content\/uploads\/2024\/09\/collant-bebe-cotele-bordeaux-2-1-600x800.jpg 600w, https:\/\/voyagedelabaleine.fr\/wp-content\/uploads\/2024\/09\/collant-bebe-cotele-bordeaux-2-1-225x300.jpg 225w, https:\/\/voyagedelabaleine.fr\/wp-content\/uploads\/2024\/09\/collant-bebe-cotele-bordeaux-2-1-768x1024.jpg 768w, https:\/\/voyagedelabaleine.fr\/wp-content\/uploads\/2024\/09\/collant-bebe-cotele-bordeaux-2-1.jpg 855w\" sizes=\"(max-width: 600px) 100vw, 600px\" \/><\/a>\t<\/div><!-- .woo-entry-image-swap -->\n\n<ul class=\"woo-entry-inner clr\"><li class=\"image-wrap\">\n\t<div class=\"woo-entry-image-swap woo-entry-image clr\">\n\t\t<a href=\"https:\/\/voyagedelabaleine.fr\/it\/prodotto\/collant-neonato-a-costine-bordeaux\/\" class=\"woocommerce-LoopProduct-link\"><img decoding=\"async\" width=\"600\" height=\"800\" src=\"https:\/\/voyagedelabaleine.fr\/wp-content\/uploads\/2024\/09\/collant-bebe-cotele-bordeaux-600x800.jpg\" class=\"woo-entry-image-main\" alt=\"Collant neonato a costine &#8211; Bordeaux\" itemprop=\"image\" srcset=\"https:\/\/voyagedelabaleine.fr\/wp-content\/uploads\/2024\/09\/collant-bebe-cotele-bordeaux-600x800.jpg 600w, https:\/\/voyagedelabaleine.fr\/wp-content\/uploads\/2024\/09\/collant-bebe-cotele-bordeaux-225x300.jpg 225w, https:\/\/voyagedelabaleine.fr\/wp-content\/uploads\/2024\/09\/collant-bebe-cotele-bordeaux-768x1024.jpg 768w, https:\/\/voyagedelabaleine.fr\/wp-content\/uploads\/2024\/09\/collant-bebe-cotele-bordeaux.jpg 855w\" sizes=\"(max-width: 600px) 100vw, 600px\" \/><img decoding=\"async\" width=\"600\" height=\"800\" src=\"https:\/\/voyagedelabaleine.fr\/wp-content\/uploads\/2024\/09\/collant-bebe-cotele-bordeaux-2-1-600x800.jpg\" class=\"woo-entry-image-secondary\" alt=\"Collant neonato a costine &#8211; Bordeaux\" itemprop=\"image\" srcset=\"https:\/\/voyagedelabaleine.fr\/wp-content\/uploads\/2024\/09\/collant-bebe-cotele-bordeaux-2-1-600x800.jpg 600w, https:\/\/voyagedelabaleine.fr\/wp-content\/uploads\/2024\/09\/collant-bebe-cotele-bordeaux-2-1-225x300.jpg 225w, https:\/\/voyagedelabaleine.fr\/wp-content\/uploads\/2024\/09\/collant-bebe-cotele-bordeaux-2-1-768x1024.jpg 768w, https:\/\/voyagedelabaleine.fr\/wp-content\/uploads\/2024\/09\/collant-bebe-cotele-bordeaux-2-1.jpg 855w\" sizes=\"(max-width: 600px) 100vw, 600px\" \/><\/a>\t<\/div><!-- .woo-entry-image-swap -->\n\n<\/li><li class=\"title\"><h2><a href=\"https:\/\/voyagedelabaleine.fr\/it\/prodotto\/collant-neonato-a-costine-bordeaux\/\">Collant neonato a costine &#8211; Bordeaux<\/a><\/h2><\/li><li class=\"price-wrap\">\n\t<span class=\"price\"><span class=\"woocommerce-Price-amount amount\"><bdi>14<span class=\"woocommerce-Price-currencySymbol\">&euro;<\/span><\/bdi><\/span><\/span>\n<\/li><\/ul><\/div><!-- .product-inner .clr --><\/li>\n<\/ul>\n<\/div><\/div>\n\t\t\t\t\t\t<\/div>\n\t\t\t\t<\/div>\n\t\t<div class=\"elementor-element elementor-element-9ebbaca e-con-full e-flex e-con e-parent\" data-id=\"9ebbaca\" data-element_type=\"container\" data-e-type=\"container\">\n\t\t\t\t<div class=\"elementor-element elementor-element-5cdac4e elementor-widget-divider--separator-type-pattern elementor-widget-divider--view-line elementor-widget elementor-widget-divider\" data-id=\"5cdac4e\" data-element_type=\"widget\" data-e-type=\"widget\" data-widget_type=\"divider.default\">\n\t\t\t\t\t\t\t<div class=\"elementor-divider\" style=\"--divider-pattern-url: url(&quot;data:image\/svg+xml,%3Csvg xmlns=&#039;http:\/\/www.w3.org\/2000\/svg&#039; preserveAspectRatio=&#039;none&#039; overflow=&#039;visible&#039; height=&#039;100%&#039; viewBox=&#039;0 0 24 24&#039; fill=&#039;black&#039; stroke=&#039;none&#039;%3E%3Cpath d=&#039;M12.7,2.3c-0.4-0.4-1.1-0.4-1.5,0l-8,9.1c-0.3,0.4-0.3,0.9,0,1.2l8,9.1c0.4,0.4,1.1,0.4,1.5,0l8-9.1c0.3-0.4,0.3-0.9,0-1.2L12.7,2.3z&#039;\/%3E%3C\/svg%3E&quot;);\">\n\t\t\t<span class=\"elementor-divider-separator\">\n\t\t\t\t\t\t<\/span>\n\t\t<\/div>\n\t\t\t\t\t\t<\/div>\n\t\t\t\t<div class=\"elementor-element elementor-element-baf6810 elementor-widget elementor-widget-heading\" data-id=\"baf6810\" data-element_type=\"widget\" data-e-type=\"widget\" data-widget_type=\"heading.default\">\n\t\t\t\t\t<h2 class=\"elementor-heading-title elementor-size-default\">Nido di dolcezza<\/h2>\t\t\t\t<\/div>\n\t\t\t\t<div class=\"elementor-element elementor-element-c1efceb elementor-widget__width-initial elementor-widget-mobile__width-inherit elementor-widget elementor-widget-shortcode\" data-id=\"c1efceb\" data-element_type=\"widget\" data-e-type=\"widget\" data-widget_type=\"shortcode.default\">\n\t\t\t\t\t\t\t<div class=\"elementor-shortcode\"><div class=\"woocommerce columns-2 \">\r\n<ul class=\"products oceanwp-row clr grid tablet-col tablet-2-col mobile-col mobile-2-col\">\r\n<li class=\"entry has-media col span_1_of_2 owp-content-center owp-thumbs-layout-vertical owp-btn-big owp-tabs-layout-vertical circle-sale product type-product post-32147 status-publish first instock product_cat-abbigliamento product_cat-bloomer-short-pantaloni-nascita product_cat-bloomer-short-pantaloni-nascita-ragazza product_cat-bloomer-short-pantaloni-neonata product_cat-bloomer-short-pantaloni-neonati product_cat-completi-nascita product_cat-completi-nascita-ragazza product_cat-completi-neonata product_cat-completi-neonati product_cat-maglione-gilet-cardigan-nascita product_cat-maglione-gilet-cardigan-nascita-ragazza product_cat-maglione-gilet-cardigan-neonata product_cat-maglione-gilet-cardigan-neonati has-post-thumbnail taxable shipping-taxable purchasable product-type-variable has-default-attributes\">\n\t<div class=\"product-inner clr\">\n\t<div class=\"woo-entry-image-swap woo-entry-image clr\">\n\t\t<a href=\"https:\/\/voyagedelabaleine.fr\/it\/prodotto\/completo-nascita-in-lana-merino-lavorato-a-maglia-rosa\/\" class=\"woocommerce-LoopProduct-link\"><img decoding=\"async\" width=\"600\" height=\"800\" src=\"https:\/\/voyagedelabaleine.fr\/wp-content\/uploads\/2024\/09\/ensemble-naissance-laine-merinos-rose-2-600x800.jpg\" class=\"woo-entry-image-main\" alt=\"Completo nascita in lana merino lavorato a maglia &#8211; Rosa\" itemprop=\"image\" srcset=\"https:\/\/voyagedelabaleine.fr\/wp-content\/uploads\/2024\/09\/ensemble-naissance-laine-merinos-rose-2-600x800.jpg 600w, https:\/\/voyagedelabaleine.fr\/wp-content\/uploads\/2024\/09\/ensemble-naissance-laine-merinos-rose-2-225x300.jpg 225w, https:\/\/voyagedelabaleine.fr\/wp-content\/uploads\/2024\/09\/ensemble-naissance-laine-merinos-rose-2-768x1024.jpg 768w, https:\/\/voyagedelabaleine.fr\/wp-content\/uploads\/2024\/09\/ensemble-naissance-laine-merinos-rose-2-1152x1536.jpg 1152w, https:\/\/voyagedelabaleine.fr\/wp-content\/uploads\/2024\/09\/ensemble-naissance-laine-merinos-rose-2.jpg 1162w\" sizes=\"(max-width: 600px) 100vw, 600px\" \/><img decoding=\"async\" width=\"600\" height=\"800\" src=\"https:\/\/voyagedelabaleine.fr\/wp-content\/uploads\/2024\/09\/ensemble-naissance-laine-merinos-rose-1-600x800.jpg\" class=\"woo-entry-image-secondary\" alt=\"Completo nascita in lana merino lavorato a maglia &#8211; Rosa\" itemprop=\"image\" srcset=\"https:\/\/voyagedelabaleine.fr\/wp-content\/uploads\/2024\/09\/ensemble-naissance-laine-merinos-rose-1-600x800.jpg 600w, https:\/\/voyagedelabaleine.fr\/wp-content\/uploads\/2024\/09\/ensemble-naissance-laine-merinos-rose-1-225x300.jpg 225w, https:\/\/voyagedelabaleine.fr\/wp-content\/uploads\/2024\/09\/ensemble-naissance-laine-merinos-rose-1-768x1024.jpg 768w, https:\/\/voyagedelabaleine.fr\/wp-content\/uploads\/2024\/09\/ensemble-naissance-laine-merinos-rose-1.jpg 1100w\" sizes=\"(max-width: 600px) 100vw, 600px\" \/><\/a>\t<\/div><!-- .woo-entry-image-swap -->\n\n<ul class=\"woo-entry-inner clr\"><li class=\"image-wrap\">\n\t<div class=\"woo-entry-image-swap woo-entry-image clr\">\n\t\t<a href=\"https:\/\/voyagedelabaleine.fr\/it\/prodotto\/completo-nascita-in-lana-merino-lavorato-a-maglia-rosa\/\" class=\"woocommerce-LoopProduct-link\"><img decoding=\"async\" width=\"600\" height=\"800\" src=\"https:\/\/voyagedelabaleine.fr\/wp-content\/uploads\/2024\/09\/ensemble-naissance-laine-merinos-rose-2-600x800.jpg\" class=\"woo-entry-image-main\" alt=\"Completo nascita in lana merino lavorato a maglia &#8211; Rosa\" itemprop=\"image\" srcset=\"https:\/\/voyagedelabaleine.fr\/wp-content\/uploads\/2024\/09\/ensemble-naissance-laine-merinos-rose-2-600x800.jpg 600w, https:\/\/voyagedelabaleine.fr\/wp-content\/uploads\/2024\/09\/ensemble-naissance-laine-merinos-rose-2-225x300.jpg 225w, https:\/\/voyagedelabaleine.fr\/wp-content\/uploads\/2024\/09\/ensemble-naissance-laine-merinos-rose-2-768x1024.jpg 768w, https:\/\/voyagedelabaleine.fr\/wp-content\/uploads\/2024\/09\/ensemble-naissance-laine-merinos-rose-2-1152x1536.jpg 1152w, https:\/\/voyagedelabaleine.fr\/wp-content\/uploads\/2024\/09\/ensemble-naissance-laine-merinos-rose-2.jpg 1162w\" sizes=\"(max-width: 600px) 100vw, 600px\" \/><img decoding=\"async\" width=\"600\" height=\"800\" src=\"https:\/\/voyagedelabaleine.fr\/wp-content\/uploads\/2024\/09\/ensemble-naissance-laine-merinos-rose-1-600x800.jpg\" class=\"woo-entry-image-secondary\" alt=\"Completo nascita in lana merino lavorato a maglia &#8211; Rosa\" itemprop=\"image\" srcset=\"https:\/\/voyagedelabaleine.fr\/wp-content\/uploads\/2024\/09\/ensemble-naissance-laine-merinos-rose-1-600x800.jpg 600w, https:\/\/voyagedelabaleine.fr\/wp-content\/uploads\/2024\/09\/ensemble-naissance-laine-merinos-rose-1-225x300.jpg 225w, https:\/\/voyagedelabaleine.fr\/wp-content\/uploads\/2024\/09\/ensemble-naissance-laine-merinos-rose-1-768x1024.jpg 768w, https:\/\/voyagedelabaleine.fr\/wp-content\/uploads\/2024\/09\/ensemble-naissance-laine-merinos-rose-1.jpg 1100w\" sizes=\"(max-width: 600px) 100vw, 600px\" \/><\/a>\t<\/div><!-- .woo-entry-image-swap -->\n\n<\/li><li class=\"title\"><h2><a href=\"https:\/\/voyagedelabaleine.fr\/it\/prodotto\/completo-nascita-in-lana-merino-lavorato-a-maglia-rosa\/\">Completo nascita in lana merino lavorato a maglia &#8211; Rosa<\/a><\/h2><\/li><li class=\"price-wrap\">\n\t<span class=\"price\"><span class=\"woocommerce-Price-amount amount\"><bdi>66<span class=\"woocommerce-Price-currencySymbol\">&euro;<\/span><\/bdi><\/span><\/span>\n<\/li><\/ul><\/div><!-- .product-inner .clr --><\/li>\n<li class=\"entry has-media col span_1_of_2 owp-content-center owp-thumbs-layout-vertical owp-btn-big owp-tabs-layout-vertical circle-sale product type-product post-34029 status-publish last instock product_cat-body product_cat-body-nascita product_cat-body-nascita-ragazza product_cat-body-nascita-ragazzo product_cat-body-neonati product_cat-body-neonata product_cat-body-neonato has-post-thumbnail taxable shipping-taxable purchasable product-type-variable has-default-attributes\">\n\t<div class=\"product-inner clr\">\n\t<div class=\"woo-entry-image-swap woo-entry-image clr\">\n\t\t<a href=\"https:\/\/voyagedelabaleine.fr\/it\/prodotto\/body-neonato-a-maniche-lunghe-girocollo-e-profilo-bianco-bianco\/\" class=\"woocommerce-LoopProduct-link\"><img decoding=\"async\" width=\"600\" height=\"800\" src=\"https:\/\/voyagedelabaleine.fr\/wp-content\/uploads\/2024\/07\/body-bebe-col-lisere-blanc-1-600x800.jpg\" class=\"woo-entry-image-main\" alt=\"Body neonato a maniche lunghe, girocollo e profilo bianco &#8211; Bianco\" itemprop=\"image\" srcset=\"https:\/\/voyagedelabaleine.fr\/wp-content\/uploads\/2024\/07\/body-bebe-col-lisere-blanc-1-600x800.jpg 600w, https:\/\/voyagedelabaleine.fr\/wp-content\/uploads\/2024\/07\/body-bebe-col-lisere-blanc-1-225x300.jpg 225w, https:\/\/voyagedelabaleine.fr\/wp-content\/uploads\/2024\/07\/body-bebe-col-lisere-blanc-1-768x1024.jpg 768w, https:\/\/voyagedelabaleine.fr\/wp-content\/uploads\/2024\/07\/body-bebe-col-lisere-blanc-1.jpg 1148w\" sizes=\"(max-width: 600px) 100vw, 600px\" \/><img decoding=\"async\" width=\"600\" height=\"800\" src=\"https:\/\/voyagedelabaleine.fr\/wp-content\/uploads\/2024\/07\/body-col-lisere-blanc-1-600x800.jpg\" class=\"woo-entry-image-secondary\" alt=\"Body neonato a maniche lunghe, girocollo e profilo bianco &#8211; Bianco\" itemprop=\"image\" srcset=\"https:\/\/voyagedelabaleine.fr\/wp-content\/uploads\/2024\/07\/body-col-lisere-blanc-1-600x799.jpg 600w, https:\/\/voyagedelabaleine.fr\/wp-content\/uploads\/2024\/07\/body-col-lisere-blanc-1-225x300.jpg 225w, https:\/\/voyagedelabaleine.fr\/wp-content\/uploads\/2024\/07\/body-col-lisere-blanc-1-769x1024.jpg 769w, https:\/\/voyagedelabaleine.fr\/wp-content\/uploads\/2024\/07\/body-col-lisere-blanc-1-768x1023.jpg 768w, https:\/\/voyagedelabaleine.fr\/wp-content\/uploads\/2024\/07\/body-col-lisere-blanc-1.jpg 1020w\" sizes=\"(max-width: 600px) 100vw, 600px\" \/><\/a>\t<\/div><!-- .woo-entry-image-swap -->\n\n<ul class=\"woo-entry-inner clr\"><li class=\"image-wrap\">\n\t<div class=\"woo-entry-image-swap woo-entry-image clr\">\n\t\t<a href=\"https:\/\/voyagedelabaleine.fr\/it\/prodotto\/body-neonato-a-maniche-lunghe-girocollo-e-profilo-bianco-bianco\/\" class=\"woocommerce-LoopProduct-link\"><img decoding=\"async\" width=\"600\" height=\"800\" src=\"https:\/\/voyagedelabaleine.fr\/wp-content\/uploads\/2024\/07\/body-bebe-col-lisere-blanc-1-600x800.jpg\" class=\"woo-entry-image-main\" alt=\"Body neonato a maniche lunghe, girocollo e profilo bianco &#8211; Bianco\" itemprop=\"image\" srcset=\"https:\/\/voyagedelabaleine.fr\/wp-content\/uploads\/2024\/07\/body-bebe-col-lisere-blanc-1-600x800.jpg 600w, https:\/\/voyagedelabaleine.fr\/wp-content\/uploads\/2024\/07\/body-bebe-col-lisere-blanc-1-225x300.jpg 225w, https:\/\/voyagedelabaleine.fr\/wp-content\/uploads\/2024\/07\/body-bebe-col-lisere-blanc-1-768x1024.jpg 768w, https:\/\/voyagedelabaleine.fr\/wp-content\/uploads\/2024\/07\/body-bebe-col-lisere-blanc-1.jpg 1148w\" sizes=\"(max-width: 600px) 100vw, 600px\" \/><img decoding=\"async\" width=\"600\" height=\"800\" src=\"https:\/\/voyagedelabaleine.fr\/wp-content\/uploads\/2024\/07\/body-col-lisere-blanc-1-600x800.jpg\" class=\"woo-entry-image-secondary\" alt=\"Body neonato a maniche lunghe, girocollo e profilo bianco &#8211; Bianco\" itemprop=\"image\" srcset=\"https:\/\/voyagedelabaleine.fr\/wp-content\/uploads\/2024\/07\/body-col-lisere-blanc-1-600x799.jpg 600w, https:\/\/voyagedelabaleine.fr\/wp-content\/uploads\/2024\/07\/body-col-lisere-blanc-1-225x300.jpg 225w, https:\/\/voyagedelabaleine.fr\/wp-content\/uploads\/2024\/07\/body-col-lisere-blanc-1-769x1024.jpg 769w, https:\/\/voyagedelabaleine.fr\/wp-content\/uploads\/2024\/07\/body-col-lisere-blanc-1-768x1023.jpg 768w, https:\/\/voyagedelabaleine.fr\/wp-content\/uploads\/2024\/07\/body-col-lisere-blanc-1.jpg 1020w\" sizes=\"(max-width: 600px) 100vw, 600px\" \/><\/a>\t<\/div><!-- .woo-entry-image-swap -->\n\n<\/li><li class=\"title\"><h2><a href=\"https:\/\/voyagedelabaleine.fr\/it\/prodotto\/body-neonato-a-maniche-lunghe-girocollo-e-profilo-bianco-bianco\/\">Body neonato a maniche lunghe, girocollo e profilo bianco &#8211; Bianco<\/a><\/h2><\/li><li class=\"price-wrap\">\n\t<span class=\"price\"><span class=\"woocommerce-Price-amount amount\"><bdi>20<span class=\"woocommerce-Price-currencySymbol\">&euro;<\/span><\/bdi><\/span><\/span>\n<\/li><\/ul><\/div><!-- .product-inner .clr --><\/li>\n<\/ul>\n<\/div><\/div>\n\t\t\t\t\t\t<\/div>\n\t\t\t\t<\/div>\n\t\t<div class=\"elementor-element elementor-element-a16e60b e-con-full e-flex e-con e-parent\" data-id=\"a16e60b\" data-element_type=\"container\" data-e-type=\"container\">\n\t\t\t\t<div class=\"elementor-element elementor-element-03b1844 elementor-widget-divider--separator-type-pattern elementor-widget-divider--view-line elementor-widget elementor-widget-divider\" data-id=\"03b1844\" data-element_type=\"widget\" data-e-type=\"widget\" data-widget_type=\"divider.default\">\n\t\t\t\t\t\t\t<div class=\"elementor-divider\" style=\"--divider-pattern-url: url(&quot;data:image\/svg+xml,%3Csvg xmlns=&#039;http:\/\/www.w3.org\/2000\/svg&#039; preserveAspectRatio=&#039;none&#039; overflow=&#039;visible&#039; height=&#039;100%&#039; viewBox=&#039;0 0 24 24&#039; fill=&#039;black&#039; stroke=&#039;none&#039;%3E%3Cpath d=&#039;M12.7,2.3c-0.4-0.4-1.1-0.4-1.5,0l-8,9.1c-0.3,0.4-0.3,0.9,0,1.2l8,9.1c0.4,0.4,1.1,0.4,1.5,0l8-9.1c0.3-0.4,0.3-0.9,0-1.2L12.7,2.3z&#039;\/%3E%3C\/svg%3E&quot;);\">\n\t\t\t<span class=\"elementor-divider-separator\">\n\t\t\t\t\t\t<\/span>\n\t\t<\/div>\n\t\t\t\t\t\t<\/div>\n\t\t\t\t<div class=\"elementor-element elementor-element-e9b6a89 elementor-widget elementor-widget-heading\" data-id=\"e9b6a89\" data-element_type=\"widget\" data-e-type=\"widget\" data-widget_type=\"heading.default\">\n\t\t\t\t\t<h2 class=\"elementor-heading-title elementor-size-default\">Primi giorni in rosa tenue<\/h2>\t\t\t\t<\/div>\n\t\t\t\t<div class=\"elementor-element elementor-element-c45f002 elementor-widget elementor-widget-shortcode\" data-id=\"c45f002\" data-element_type=\"widget\" data-e-type=\"widget\" data-widget_type=\"shortcode.default\">\n\t\t\t\t\t\t\t<div class=\"elementor-shortcode\"><div class=\"woocommerce columns-3 \">\r\n<ul class=\"products oceanwp-row clr grid tablet-col tablet-2-col mobile-col mobile-2-col\">\r\n<li class=\"entry has-media col span_1_of_3 owp-content-center owp-thumbs-layout-vertical owp-btn-big owp-tabs-layout-vertical circle-sale product type-product post-29005 status-publish first instock product_cat-body product_cat-body-nascita product_cat-body-nascita-ragazza product_cat-body-neonati product_cat-body-neonata has-post-thumbnail taxable shipping-taxable purchasable product-type-variable has-default-attributes\">\n\t<div class=\"product-inner clr\">\n\t<div class=\"woo-entry-image-swap woo-entry-image clr\">\n\t\t<a href=\"https:\/\/voyagedelabaleine.fr\/it\/prodotto\/body-neonata-a-maniche-corte-con-colletto-smock-bianco\/\" class=\"woocommerce-LoopProduct-link\"><img decoding=\"async\" width=\"600\" height=\"800\" src=\"https:\/\/voyagedelabaleine.fr\/wp-content\/uploads\/2025\/06\/body-colerette-smocks-2-2-600x800.jpg\" class=\"woo-entry-image-main\" alt=\"Body neonata a maniche corte con colletto smock &#8211; Bianco\" itemprop=\"image\" srcset=\"https:\/\/voyagedelabaleine.fr\/wp-content\/uploads\/2025\/06\/body-colerette-smocks-2-2-600x800.jpg 600w, https:\/\/voyagedelabaleine.fr\/wp-content\/uploads\/2025\/06\/body-colerette-smocks-2-2-225x300.jpg 225w, https:\/\/voyagedelabaleine.fr\/wp-content\/uploads\/2025\/06\/body-colerette-smocks-2-2-768x1024.jpg 768w, https:\/\/voyagedelabaleine.fr\/wp-content\/uploads\/2025\/06\/body-colerette-smocks-2-2-1152x1536.jpg 1152w, https:\/\/voyagedelabaleine.fr\/wp-content\/uploads\/2025\/06\/body-colerette-smocks-2-2.jpg 1425w\" sizes=\"(max-width: 600px) 100vw, 600px\" \/><img decoding=\"async\" width=\"600\" height=\"800\" src=\"https:\/\/voyagedelabaleine.fr\/wp-content\/uploads\/2025\/06\/body-colerette-smocks-1-600x800.jpg\" class=\"woo-entry-image-secondary\" alt=\"Body neonata a maniche corte con colletto smock &#8211; Bianco\" itemprop=\"image\" srcset=\"https:\/\/voyagedelabaleine.fr\/wp-content\/uploads\/2025\/06\/body-colerette-smocks-1-600x800.jpg 600w, https:\/\/voyagedelabaleine.fr\/wp-content\/uploads\/2025\/06\/body-colerette-smocks-1-225x300.jpg 225w, https:\/\/voyagedelabaleine.fr\/wp-content\/uploads\/2025\/06\/body-colerette-smocks-1-768x1024.jpg 768w, https:\/\/voyagedelabaleine.fr\/wp-content\/uploads\/2025\/06\/body-colerette-smocks-1.jpg 928w\" sizes=\"(max-width: 600px) 100vw, 600px\" \/><\/a>\t<\/div><!-- .woo-entry-image-swap -->\n\n<ul class=\"woo-entry-inner clr\"><li class=\"image-wrap\">\n\t<div class=\"woo-entry-image-swap woo-entry-image clr\">\n\t\t<a href=\"https:\/\/voyagedelabaleine.fr\/it\/prodotto\/body-neonata-a-maniche-corte-con-colletto-smock-bianco\/\" class=\"woocommerce-LoopProduct-link\"><img decoding=\"async\" width=\"600\" height=\"800\" src=\"https:\/\/voyagedelabaleine.fr\/wp-content\/uploads\/2025\/06\/body-colerette-smocks-2-2-600x800.jpg\" class=\"woo-entry-image-main\" alt=\"Body neonata a maniche corte con colletto smock &#8211; Bianco\" itemprop=\"image\" srcset=\"https:\/\/voyagedelabaleine.fr\/wp-content\/uploads\/2025\/06\/body-colerette-smocks-2-2-600x800.jpg 600w, https:\/\/voyagedelabaleine.fr\/wp-content\/uploads\/2025\/06\/body-colerette-smocks-2-2-225x300.jpg 225w, https:\/\/voyagedelabaleine.fr\/wp-content\/uploads\/2025\/06\/body-colerette-smocks-2-2-768x1024.jpg 768w, https:\/\/voyagedelabaleine.fr\/wp-content\/uploads\/2025\/06\/body-colerette-smocks-2-2-1152x1536.jpg 1152w, https:\/\/voyagedelabaleine.fr\/wp-content\/uploads\/2025\/06\/body-colerette-smocks-2-2.jpg 1425w\" sizes=\"(max-width: 600px) 100vw, 600px\" \/><img decoding=\"async\" width=\"600\" height=\"800\" src=\"https:\/\/voyagedelabaleine.fr\/wp-content\/uploads\/2025\/06\/body-colerette-smocks-1-600x800.jpg\" class=\"woo-entry-image-secondary\" alt=\"Body neonata a maniche corte con colletto smock &#8211; Bianco\" itemprop=\"image\" srcset=\"https:\/\/voyagedelabaleine.fr\/wp-content\/uploads\/2025\/06\/body-colerette-smocks-1-600x800.jpg 600w, https:\/\/voyagedelabaleine.fr\/wp-content\/uploads\/2025\/06\/body-colerette-smocks-1-225x300.jpg 225w, https:\/\/voyagedelabaleine.fr\/wp-content\/uploads\/2025\/06\/body-colerette-smocks-1-768x1024.jpg 768w, https:\/\/voyagedelabaleine.fr\/wp-content\/uploads\/2025\/06\/body-colerette-smocks-1.jpg 928w\" sizes=\"(max-width: 600px) 100vw, 600px\" \/><\/a>\t<\/div><!-- .woo-entry-image-swap -->\n\n<\/li><li class=\"title\"><h2><a href=\"https:\/\/voyagedelabaleine.fr\/it\/prodotto\/body-neonata-a-maniche-corte-con-colletto-smock-bianco\/\">Body neonata a maniche corte con colletto smock &#8211; Bianco<\/a><\/h2><\/li><li class=\"price-wrap\">\n\t<span class=\"price\"><span class=\"woocommerce-Price-amount amount\"><bdi>28<span class=\"woocommerce-Price-currencySymbol\">&euro;<\/span><\/bdi><\/span><\/span>\n<\/li><\/ul><\/div><!-- .product-inner .clr --><\/li>\n<li class=\"entry has-media col span_1_of_3 owp-content-center owp-thumbs-layout-vertical owp-btn-big owp-tabs-layout-vertical circle-sale product type-product post-29905 status-publish instock product_cat-scarpine-nascita product_cat-scarpine-nascita-ragazza product_cat-scarpine-nascita-ragazzo product_cat-scarpine-neonata product_cat-scarpine-neonati product_cat-scarpine-neonato has-post-thumbnail taxable shipping-taxable purchasable product-type-variable has-default-attributes\">\n\t<div class=\"product-inner clr\">\n\t<div class=\"woo-entry-image-swap woo-entry-image clr\">\n\t\t<a href=\"https:\/\/voyagedelabaleine.fr\/it\/prodotto\/babbucce-per-neonato-leggere-in-lino-naturale\/\" class=\"woocommerce-LoopProduct-link\"><img decoding=\"async\" width=\"600\" height=\"800\" src=\"https:\/\/voyagedelabaleine.fr\/wp-content\/uploads\/2025\/06\/chaussons-lin-beige-1-600x800.jpg\" class=\"woo-entry-image-main\" alt=\"Babbucce per neonato leggere in lino &#8211; Naturale\" itemprop=\"image\" srcset=\"https:\/\/voyagedelabaleine.fr\/wp-content\/uploads\/2025\/06\/chaussons-lin-beige-1-600x801.jpg 600w, https:\/\/voyagedelabaleine.fr\/wp-content\/uploads\/2025\/06\/chaussons-lin-beige-1-225x300.jpg 225w, https:\/\/voyagedelabaleine.fr\/wp-content\/uploads\/2025\/06\/chaussons-lin-beige-1-768x1025.jpg 768w, https:\/\/voyagedelabaleine.fr\/wp-content\/uploads\/2025\/06\/chaussons-lin-beige-1-1151x1536.jpg 1151w, https:\/\/voyagedelabaleine.fr\/wp-content\/uploads\/2025\/06\/chaussons-lin-beige-1.jpg 1200w\" sizes=\"(max-width: 600px) 100vw, 600px\" \/><img decoding=\"async\" width=\"600\" height=\"800\" src=\"https:\/\/voyagedelabaleine.fr\/wp-content\/uploads\/2025\/06\/chaussons-lin-beige-4-600x800.jpg\" class=\"woo-entry-image-secondary\" alt=\"Babbucce per neonato leggere in lino &#8211; Naturale\" itemprop=\"image\" srcset=\"https:\/\/voyagedelabaleine.fr\/wp-content\/uploads\/2025\/06\/chaussons-lin-beige-4-600x800.jpg 600w, https:\/\/voyagedelabaleine.fr\/wp-content\/uploads\/2025\/06\/chaussons-lin-beige-4-225x300.jpg 225w, https:\/\/voyagedelabaleine.fr\/wp-content\/uploads\/2025\/06\/chaussons-lin-beige-4-768x1024.jpg 768w, https:\/\/voyagedelabaleine.fr\/wp-content\/uploads\/2025\/06\/chaussons-lin-beige-4-1152x1536.jpg 1152w, https:\/\/voyagedelabaleine.fr\/wp-content\/uploads\/2025\/06\/chaussons-lin-beige-4.jpg 1200w\" sizes=\"(max-width: 600px) 100vw, 600px\" \/><\/a>\t<\/div><!-- .woo-entry-image-swap -->\n\n<ul class=\"woo-entry-inner clr\"><li class=\"image-wrap\">\n\t<div class=\"woo-entry-image-swap woo-entry-image clr\">\n\t\t<a href=\"https:\/\/voyagedelabaleine.fr\/it\/prodotto\/babbucce-per-neonato-leggere-in-lino-naturale\/\" class=\"woocommerce-LoopProduct-link\"><img decoding=\"async\" width=\"600\" height=\"800\" src=\"https:\/\/voyagedelabaleine.fr\/wp-content\/uploads\/2025\/06\/chaussons-lin-beige-1-600x800.jpg\" class=\"woo-entry-image-main\" alt=\"Babbucce per neonato leggere in lino &#8211; Naturale\" itemprop=\"image\" srcset=\"https:\/\/voyagedelabaleine.fr\/wp-content\/uploads\/2025\/06\/chaussons-lin-beige-1-600x801.jpg 600w, https:\/\/voyagedelabaleine.fr\/wp-content\/uploads\/2025\/06\/chaussons-lin-beige-1-225x300.jpg 225w, https:\/\/voyagedelabaleine.fr\/wp-content\/uploads\/2025\/06\/chaussons-lin-beige-1-768x1025.jpg 768w, https:\/\/voyagedelabaleine.fr\/wp-content\/uploads\/2025\/06\/chaussons-lin-beige-1-1151x1536.jpg 1151w, https:\/\/voyagedelabaleine.fr\/wp-content\/uploads\/2025\/06\/chaussons-lin-beige-1.jpg 1200w\" sizes=\"(max-width: 600px) 100vw, 600px\" \/><img decoding=\"async\" width=\"600\" height=\"800\" src=\"https:\/\/voyagedelabaleine.fr\/wp-content\/uploads\/2025\/06\/chaussons-lin-beige-4-600x800.jpg\" class=\"woo-entry-image-secondary\" alt=\"Babbucce per neonato leggere in lino &#8211; Naturale\" itemprop=\"image\" srcset=\"https:\/\/voyagedelabaleine.fr\/wp-content\/uploads\/2025\/06\/chaussons-lin-beige-4-600x800.jpg 600w, https:\/\/voyagedelabaleine.fr\/wp-content\/uploads\/2025\/06\/chaussons-lin-beige-4-225x300.jpg 225w, https:\/\/voyagedelabaleine.fr\/wp-content\/uploads\/2025\/06\/chaussons-lin-beige-4-768x1024.jpg 768w, https:\/\/voyagedelabaleine.fr\/wp-content\/uploads\/2025\/06\/chaussons-lin-beige-4-1152x1536.jpg 1152w, https:\/\/voyagedelabaleine.fr\/wp-content\/uploads\/2025\/06\/chaussons-lin-beige-4.jpg 1200w\" sizes=\"(max-width: 600px) 100vw, 600px\" \/><\/a>\t<\/div><!-- .woo-entry-image-swap -->\n\n<\/li><li class=\"title\"><h2><a href=\"https:\/\/voyagedelabaleine.fr\/it\/prodotto\/babbucce-per-neonato-leggere-in-lino-naturale\/\">Babbucce per neonato leggere in lino &#8211; Naturale<\/a><\/h2><\/li><li class=\"price-wrap\">\n\t<span class=\"price\"><span class=\"woocommerce-Price-amount amount\"><bdi>34<span class=\"woocommerce-Price-currencySymbol\">&euro;<\/span><\/bdi><\/span><\/span>\n<\/li><\/ul><\/div><!-- .product-inner .clr --><\/li>\n<li class=\"entry has-media has-rating col span_1_of_3 owp-content-center owp-thumbs-layout-vertical owp-btn-big owp-tabs-layout-vertical circle-sale product type-product post-29922 status-publish last instock product_cat-abbigliamento product_cat-bloomer-short-pantaloni-nascita product_cat-bloomer-short-pantaloni-nascita-ragazza product_cat-bloomer-short-pantaloni-neonata product_cat-bloomer-short-pantaloni-neonati has-post-thumbnail taxable shipping-taxable purchasable product-type-variable has-default-attributes\">\n\t<div class=\"product-inner clr\">\n\t<div class=\"woo-entry-image-swap woo-entry-image clr\">\n\t\t<a href=\"https:\/\/voyagedelabaleine.fr\/it\/prodotto\/bloomer-neonata-con-fiocco-nude\/\" class=\"woocommerce-LoopProduct-link\"><img decoding=\"async\" width=\"600\" height=\"800\" src=\"https:\/\/voyagedelabaleine.fr\/wp-content\/uploads\/2025\/01\/bloomer-noeud-point-mousse-2-600x800.jpg\" class=\"woo-entry-image-main\" alt=\"Bloomer neonata con fiocco &#8211; Nude\" itemprop=\"image\" srcset=\"https:\/\/voyagedelabaleine.fr\/wp-content\/uploads\/2025\/01\/bloomer-noeud-point-mousse-2-600x800.jpg 600w, https:\/\/voyagedelabaleine.fr\/wp-content\/uploads\/2025\/01\/bloomer-noeud-point-mousse-2-225x300.jpg 225w, https:\/\/voyagedelabaleine.fr\/wp-content\/uploads\/2025\/01\/bloomer-noeud-point-mousse-2-768x1024.jpg 768w, https:\/\/voyagedelabaleine.fr\/wp-content\/uploads\/2025\/01\/bloomer-noeud-point-mousse-2.jpg 1152w\" sizes=\"(max-width: 600px) 100vw, 600px\" \/><img decoding=\"async\" width=\"600\" height=\"800\" src=\"https:\/\/voyagedelabaleine.fr\/wp-content\/uploads\/2025\/01\/bloomer-noeud-point-mousse-1-600x800.jpg\" class=\"woo-entry-image-secondary\" alt=\"Bloomer neonata con fiocco &#8211; Nude\" itemprop=\"image\" srcset=\"https:\/\/voyagedelabaleine.fr\/wp-content\/uploads\/2025\/01\/bloomer-noeud-point-mousse-1-600x800.jpg 600w, https:\/\/voyagedelabaleine.fr\/wp-content\/uploads\/2025\/01\/bloomer-noeud-point-mousse-1-225x300.jpg 225w, https:\/\/voyagedelabaleine.fr\/wp-content\/uploads\/2025\/01\/bloomer-noeud-point-mousse-1-768x1024.jpg 768w, https:\/\/voyagedelabaleine.fr\/wp-content\/uploads\/2025\/01\/bloomer-noeud-point-mousse-1.jpg 900w\" sizes=\"(max-width: 600px) 100vw, 600px\" \/><\/a>\t<\/div><!-- .woo-entry-image-swap -->\n\n<ul class=\"woo-entry-inner clr\"><li class=\"image-wrap\">\n\t<div class=\"woo-entry-image-swap woo-entry-image clr\">\n\t\t<a href=\"https:\/\/voyagedelabaleine.fr\/it\/prodotto\/bloomer-neonata-con-fiocco-nude\/\" class=\"woocommerce-LoopProduct-link\"><img decoding=\"async\" width=\"600\" height=\"800\" src=\"https:\/\/voyagedelabaleine.fr\/wp-content\/uploads\/2025\/01\/bloomer-noeud-point-mousse-2-600x800.jpg\" class=\"woo-entry-image-main\" alt=\"Bloomer neonata con fiocco &#8211; Nude\" itemprop=\"image\" srcset=\"https:\/\/voyagedelabaleine.fr\/wp-content\/uploads\/2025\/01\/bloomer-noeud-point-mousse-2-600x800.jpg 600w, https:\/\/voyagedelabaleine.fr\/wp-content\/uploads\/2025\/01\/bloomer-noeud-point-mousse-2-225x300.jpg 225w, https:\/\/voyagedelabaleine.fr\/wp-content\/uploads\/2025\/01\/bloomer-noeud-point-mousse-2-768x1024.jpg 768w, https:\/\/voyagedelabaleine.fr\/wp-content\/uploads\/2025\/01\/bloomer-noeud-point-mousse-2.jpg 1152w\" sizes=\"(max-width: 600px) 100vw, 600px\" \/><img decoding=\"async\" width=\"600\" height=\"800\" src=\"https:\/\/voyagedelabaleine.fr\/wp-content\/uploads\/2025\/01\/bloomer-noeud-point-mousse-1-600x800.jpg\" class=\"woo-entry-image-secondary\" alt=\"Bloomer neonata con fiocco &#8211; Nude\" itemprop=\"image\" srcset=\"https:\/\/voyagedelabaleine.fr\/wp-content\/uploads\/2025\/01\/bloomer-noeud-point-mousse-1-600x800.jpg 600w, https:\/\/voyagedelabaleine.fr\/wp-content\/uploads\/2025\/01\/bloomer-noeud-point-mousse-1-225x300.jpg 225w, https:\/\/voyagedelabaleine.fr\/wp-content\/uploads\/2025\/01\/bloomer-noeud-point-mousse-1-768x1024.jpg 768w, https:\/\/voyagedelabaleine.fr\/wp-content\/uploads\/2025\/01\/bloomer-noeud-point-mousse-1.jpg 900w\" sizes=\"(max-width: 600px) 100vw, 600px\" \/><\/a>\t<\/div><!-- .woo-entry-image-swap -->\n\n<\/li><li class=\"title\"><h2><a href=\"https:\/\/voyagedelabaleine.fr\/it\/prodotto\/bloomer-neonata-con-fiocco-nude\/\">Bloomer neonata con fiocco &#8211; Nude<\/a><\/h2><\/li><li class=\"price-wrap\">\n\t<span class=\"price\"><span class=\"woocommerce-Price-amount amount\"><bdi>32<span class=\"woocommerce-Price-currencySymbol\">&euro;<\/span><\/bdi><\/span><\/span>\n<\/li><\/ul><\/div><!-- .product-inner .clr --><\/li>\n<\/ul>\n<\/div><\/div>\n\t\t\t\t\t\t<\/div>\n\t\t\t\t<\/div>\n\t\t<div class=\"elementor-element elementor-element-1e02ee0 e-con-full e-flex e-con e-parent\" data-id=\"1e02ee0\" data-element_type=\"container\" data-e-type=\"container\">\n\t\t\t\t<div class=\"elementor-element elementor-element-23730f9 elementor-widget-divider--separator-type-pattern elementor-widget-divider--view-line elementor-widget elementor-widget-divider\" data-id=\"23730f9\" data-element_type=\"widget\" data-e-type=\"widget\" data-widget_type=\"divider.default\">\n\t\t\t\t\t\t\t<div class=\"elementor-divider\" style=\"--divider-pattern-url: url(&quot;data:image\/svg+xml,%3Csvg xmlns=&#039;http:\/\/www.w3.org\/2000\/svg&#039; preserveAspectRatio=&#039;none&#039; overflow=&#039;visible&#039; height=&#039;100%&#039; viewBox=&#039;0 0 24 24&#039; fill=&#039;black&#039; stroke=&#039;none&#039;%3E%3Cpath d=&#039;M12.7,2.3c-0.4-0.4-1.1-0.4-1.5,0l-8,9.1c-0.3,0.4-0.3,0.9,0,1.2l8,9.1c0.4,0.4,1.1,0.4,1.5,0l8-9.1c0.3-0.4,0.3-0.9,0-1.2L12.7,2.3z&#039;\/%3E%3C\/svg%3E&quot;);\">\n\t\t\t<span class=\"elementor-divider-separator\">\n\t\t\t\t\t\t<\/span>\n\t\t<\/div>\n\t\t\t\t\t\t<\/div>\n\t\t\t\t<div class=\"elementor-element elementor-element-9351cb5 elementor-widget elementor-widget-heading\" data-id=\"9351cb5\" data-element_type=\"widget\" data-e-type=\"widget\" data-widget_type=\"heading.default\">\n\t\t\t\t\t<h2 class=\"elementor-heading-title elementor-size-default\">Un soffio di lino e cotone<\/h2>\t\t\t\t<\/div>\n\t\t\t\t<div class=\"elementor-element elementor-element-a070f8c elementor-widget__width-initial elementor-widget-mobile__width-inherit elementor-widget elementor-widget-shortcode\" data-id=\"a070f8c\" data-element_type=\"widget\" data-e-type=\"widget\" data-widget_type=\"shortcode.default\">\n\t\t\t\t\t\t\t<div class=\"elementor-shortcode\"><div class=\"woocommerce columns-2 \">\r\n<ul class=\"products oceanwp-row clr grid tablet-col tablet-2-col mobile-col mobile-2-col\">\r\n<li class=\"entry has-media col span_1_of_2 owp-content-center owp-thumbs-layout-vertical owp-btn-big owp-tabs-layout-vertical circle-sale product type-product post-28968 status-publish first instock product_cat-scarpine-nascita product_cat-scarpine-nascita-ragazza product_cat-scarpine-nascita-ragazzo product_cat-scarpine-neonata product_cat-scarpine-neonati product_cat-scarpine-neonato has-post-thumbnail taxable shipping-taxable purchasable product-type-variable has-default-attributes\">\n\t<div class=\"product-inner clr\">\n\t<div class=\"woo-entry-image-swap woo-entry-image clr\">\n\t\t<a href=\"https:\/\/voyagedelabaleine.fr\/it\/prodotto\/scarpine-per-neonato-leggere-in-lino-bianche\/\" class=\"woocommerce-LoopProduct-link\"><img decoding=\"async\" width=\"600\" height=\"800\" src=\"https:\/\/voyagedelabaleine.fr\/wp-content\/uploads\/2025\/06\/chaussons-bebe-lin-blanc-4-600x800.jpg\" class=\"woo-entry-image-main\" alt=\"Scarpine per neonato leggere in lino &#8211; Bianche\" itemprop=\"image\" srcset=\"https:\/\/voyagedelabaleine.fr\/wp-content\/uploads\/2025\/06\/chaussons-bebe-lin-blanc-4-600x800.jpg 600w, https:\/\/voyagedelabaleine.fr\/wp-content\/uploads\/2025\/06\/chaussons-bebe-lin-blanc-4-225x300.jpg 225w, https:\/\/voyagedelabaleine.fr\/wp-content\/uploads\/2025\/06\/chaussons-bebe-lin-blanc-4-768x1024.jpg 768w, https:\/\/voyagedelabaleine.fr\/wp-content\/uploads\/2025\/06\/chaussons-bebe-lin-blanc-4-1152x1536.jpg 1152w, https:\/\/voyagedelabaleine.fr\/wp-content\/uploads\/2025\/06\/chaussons-bebe-lin-blanc-4.jpg 1400w\" sizes=\"(max-width: 600px) 100vw, 600px\" \/><img decoding=\"async\" width=\"600\" height=\"800\" src=\"https:\/\/voyagedelabaleine.fr\/wp-content\/uploads\/2025\/06\/chaussons-bebe-lin-blanc-3-1-600x800.jpg\" class=\"woo-entry-image-secondary\" alt=\"Scarpine per neonato leggere in lino &#8211; Bianche\" itemprop=\"image\" srcset=\"https:\/\/voyagedelabaleine.fr\/wp-content\/uploads\/2025\/06\/chaussons-bebe-lin-blanc-3-1-600x800.jpg 600w, https:\/\/voyagedelabaleine.fr\/wp-content\/uploads\/2025\/06\/chaussons-bebe-lin-blanc-3-1-225x300.jpg 225w, https:\/\/voyagedelabaleine.fr\/wp-content\/uploads\/2025\/06\/chaussons-bebe-lin-blanc-3-1-768x1024.jpg 768w, https:\/\/voyagedelabaleine.fr\/wp-content\/uploads\/2025\/06\/chaussons-bebe-lin-blanc-3-1-1152x1536.jpg 1152w, https:\/\/voyagedelabaleine.fr\/wp-content\/uploads\/2025\/06\/chaussons-bebe-lin-blanc-3-1.jpg 1300w\" sizes=\"(max-width: 600px) 100vw, 600px\" \/><\/a>\t<\/div><!-- .woo-entry-image-swap -->\n\n<ul class=\"woo-entry-inner clr\"><li class=\"image-wrap\">\n\t<div class=\"woo-entry-image-swap woo-entry-image clr\">\n\t\t<a href=\"https:\/\/voyagedelabaleine.fr\/it\/prodotto\/scarpine-per-neonato-leggere-in-lino-bianche\/\" class=\"woocommerce-LoopProduct-link\"><img decoding=\"async\" width=\"600\" height=\"800\" src=\"https:\/\/voyagedelabaleine.fr\/wp-content\/uploads\/2025\/06\/chaussons-bebe-lin-blanc-4-600x800.jpg\" class=\"woo-entry-image-main\" alt=\"Scarpine per neonato leggere in lino &#8211; Bianche\" itemprop=\"image\" srcset=\"https:\/\/voyagedelabaleine.fr\/wp-content\/uploads\/2025\/06\/chaussons-bebe-lin-blanc-4-600x800.jpg 600w, https:\/\/voyagedelabaleine.fr\/wp-content\/uploads\/2025\/06\/chaussons-bebe-lin-blanc-4-225x300.jpg 225w, https:\/\/voyagedelabaleine.fr\/wp-content\/uploads\/2025\/06\/chaussons-bebe-lin-blanc-4-768x1024.jpg 768w, https:\/\/voyagedelabaleine.fr\/wp-content\/uploads\/2025\/06\/chaussons-bebe-lin-blanc-4-1152x1536.jpg 1152w, https:\/\/voyagedelabaleine.fr\/wp-content\/uploads\/2025\/06\/chaussons-bebe-lin-blanc-4.jpg 1400w\" sizes=\"(max-width: 600px) 100vw, 600px\" \/><img decoding=\"async\" width=\"600\" height=\"800\" src=\"https:\/\/voyagedelabaleine.fr\/wp-content\/uploads\/2025\/06\/chaussons-bebe-lin-blanc-3-1-600x800.jpg\" class=\"woo-entry-image-secondary\" alt=\"Scarpine per neonato leggere in lino &#8211; Bianche\" itemprop=\"image\" srcset=\"https:\/\/voyagedelabaleine.fr\/wp-content\/uploads\/2025\/06\/chaussons-bebe-lin-blanc-3-1-600x800.jpg 600w, https:\/\/voyagedelabaleine.fr\/wp-content\/uploads\/2025\/06\/chaussons-bebe-lin-blanc-3-1-225x300.jpg 225w, https:\/\/voyagedelabaleine.fr\/wp-content\/uploads\/2025\/06\/chaussons-bebe-lin-blanc-3-1-768x1024.jpg 768w, https:\/\/voyagedelabaleine.fr\/wp-content\/uploads\/2025\/06\/chaussons-bebe-lin-blanc-3-1-1152x1536.jpg 1152w, https:\/\/voyagedelabaleine.fr\/wp-content\/uploads\/2025\/06\/chaussons-bebe-lin-blanc-3-1.jpg 1300w\" sizes=\"(max-width: 600px) 100vw, 600px\" \/><\/a>\t<\/div><!-- .woo-entry-image-swap -->\n\n<\/li><li class=\"title\"><h2><a href=\"https:\/\/voyagedelabaleine.fr\/it\/prodotto\/scarpine-per-neonato-leggere-in-lino-bianche\/\">Scarpine per neonato leggere in lino &#8211; Bianche<\/a><\/h2><\/li><li class=\"price-wrap\">\n\t<span class=\"price\"><span class=\"woocommerce-Price-amount amount\"><bdi>34<span class=\"woocommerce-Price-currencySymbol\">&euro;<\/span><\/bdi><\/span><\/span>\n<\/li><\/ul><\/div><!-- .product-inner .clr --><\/li>\n<li class=\"entry has-media has-rating col span_1_of_2 owp-content-center owp-thumbs-layout-vertical owp-btn-big owp-tabs-layout-vertical circle-sale product type-product post-34700 status-publish last instock product_cat-abbigliamento product_cat-pagliaccetto-salopette-nascita product_cat-pagliaccetto-salopette-nascita-ragazza product_cat-pagliaccetto-salopette-neonata product_cat-pagliaccetto-salopette-neonati has-post-thumbnail taxable shipping-taxable purchasable product-type-variable has-default-attributes\">\n\t<div class=\"product-inner clr\">\n\t<div class=\"woo-entry-image-swap woo-entry-image clr\">\n\t\t<a href=\"https:\/\/voyagedelabaleine.fr\/it\/prodotto\/pagliaccetto-neonata-in-cotone-e-lino-blu\/\" class=\"woocommerce-LoopProduct-link\"><img decoding=\"async\" width=\"600\" height=\"800\" src=\"https:\/\/voyagedelabaleine.fr\/wp-content\/uploads\/2025\/01\/barboteuse-bebe-bleu-collerette-600x800.jpg\" class=\"woo-entry-image-main\" alt=\"Pagliaccetto neonata in cotone e lino &#8211; Blu\" itemprop=\"image\" srcset=\"https:\/\/voyagedelabaleine.fr\/wp-content\/uploads\/2025\/01\/barboteuse-bebe-bleu-collerette-600x800.jpg 600w, https:\/\/voyagedelabaleine.fr\/wp-content\/uploads\/2025\/01\/barboteuse-bebe-bleu-collerette-225x300.jpg 225w, https:\/\/voyagedelabaleine.fr\/wp-content\/uploads\/2025\/01\/barboteuse-bebe-bleu-collerette-768x1024.jpg 768w, https:\/\/voyagedelabaleine.fr\/wp-content\/uploads\/2025\/01\/barboteuse-bebe-bleu-collerette.jpg 1003w\" sizes=\"(max-width: 600px) 100vw, 600px\" \/><img decoding=\"async\" width=\"600\" height=\"800\" src=\"https:\/\/voyagedelabaleine.fr\/wp-content\/uploads\/2025\/01\/barboteuse-bebe-bleu-collerette-2-600x800.jpg\" class=\"woo-entry-image-secondary\" alt=\"Pagliaccetto neonata in cotone e lino &#8211; Blu\" itemprop=\"image\" srcset=\"https:\/\/voyagedelabaleine.fr\/wp-content\/uploads\/2025\/01\/barboteuse-bebe-bleu-collerette-2-600x800.jpg 600w, https:\/\/voyagedelabaleine.fr\/wp-content\/uploads\/2025\/01\/barboteuse-bebe-bleu-collerette-2-225x300.jpg 225w, https:\/\/voyagedelabaleine.fr\/wp-content\/uploads\/2025\/01\/barboteuse-bebe-bleu-collerette-2-768x1023.jpg 768w, https:\/\/voyagedelabaleine.fr\/wp-content\/uploads\/2025\/01\/barboteuse-bebe-bleu-collerette-2.jpg 800w\" sizes=\"(max-width: 600px) 100vw, 600px\" \/><\/a>\t<\/div><!-- .woo-entry-image-swap -->\n\n<ul class=\"woo-entry-inner clr\"><li class=\"image-wrap\">\n\t<div class=\"woo-entry-image-swap woo-entry-image clr\">\n\t\t<a href=\"https:\/\/voyagedelabaleine.fr\/it\/prodotto\/pagliaccetto-neonata-in-cotone-e-lino-blu\/\" class=\"woocommerce-LoopProduct-link\"><img decoding=\"async\" width=\"600\" height=\"800\" src=\"https:\/\/voyagedelabaleine.fr\/wp-content\/uploads\/2025\/01\/barboteuse-bebe-bleu-collerette-600x800.jpg\" class=\"woo-entry-image-main\" alt=\"Pagliaccetto neonata in cotone e lino &#8211; Blu\" itemprop=\"image\" srcset=\"https:\/\/voyagedelabaleine.fr\/wp-content\/uploads\/2025\/01\/barboteuse-bebe-bleu-collerette-600x800.jpg 600w, https:\/\/voyagedelabaleine.fr\/wp-content\/uploads\/2025\/01\/barboteuse-bebe-bleu-collerette-225x300.jpg 225w, https:\/\/voyagedelabaleine.fr\/wp-content\/uploads\/2025\/01\/barboteuse-bebe-bleu-collerette-768x1024.jpg 768w, https:\/\/voyagedelabaleine.fr\/wp-content\/uploads\/2025\/01\/barboteuse-bebe-bleu-collerette.jpg 1003w\" sizes=\"(max-width: 600px) 100vw, 600px\" \/><img decoding=\"async\" width=\"600\" height=\"800\" src=\"https:\/\/voyagedelabaleine.fr\/wp-content\/uploads\/2025\/01\/barboteuse-bebe-bleu-collerette-2-600x800.jpg\" class=\"woo-entry-image-secondary\" alt=\"Pagliaccetto neonata in cotone e lino &#8211; Blu\" itemprop=\"image\" srcset=\"https:\/\/voyagedelabaleine.fr\/wp-content\/uploads\/2025\/01\/barboteuse-bebe-bleu-collerette-2-600x800.jpg 600w, https:\/\/voyagedelabaleine.fr\/wp-content\/uploads\/2025\/01\/barboteuse-bebe-bleu-collerette-2-225x300.jpg 225w, https:\/\/voyagedelabaleine.fr\/wp-content\/uploads\/2025\/01\/barboteuse-bebe-bleu-collerette-2-768x1023.jpg 768w, https:\/\/voyagedelabaleine.fr\/wp-content\/uploads\/2025\/01\/barboteuse-bebe-bleu-collerette-2.jpg 800w\" sizes=\"(max-width: 600px) 100vw, 600px\" \/><\/a>\t<\/div><!-- .woo-entry-image-swap -->\n\n<\/li><li class=\"title\"><h2><a href=\"https:\/\/voyagedelabaleine.fr\/it\/prodotto\/pagliaccetto-neonata-in-cotone-e-lino-blu\/\">Pagliaccetto neonata in cotone e lino &#8211; Blu<\/a><\/h2><\/li><li class=\"price-wrap\">\n\t<span class=\"price\"><span class=\"woocommerce-Price-amount amount\"><bdi>48<span class=\"woocommerce-Price-currencySymbol\">&euro;<\/span><\/bdi><\/span><\/span>\n<\/li><\/ul><\/div><!-- .product-inner .clr --><\/li>\n<\/ul>\n<\/div><\/div>\n\t\t\t\t\t\t<\/div>\n\t\t\t\t<\/div>\n\t\t<div class=\"elementor-element elementor-element-825d1bc e-con-full e-flex e-con e-parent\" data-id=\"825d1bc\" data-element_type=\"container\" data-e-type=\"container\">\n\t\t\t\t<div class=\"elementor-element elementor-element-215f5c5 elementor-widget-divider--separator-type-pattern elementor-widget-divider--view-line elementor-widget elementor-widget-divider\" data-id=\"215f5c5\" data-element_type=\"widget\" data-e-type=\"widget\" data-widget_type=\"divider.default\">\n\t\t\t\t\t\t\t<div class=\"elementor-divider\" style=\"--divider-pattern-url: url(&quot;data:image\/svg+xml,%3Csvg xmlns=&#039;http:\/\/www.w3.org\/2000\/svg&#039; preserveAspectRatio=&#039;none&#039; overflow=&#039;visible&#039; height=&#039;100%&#039; viewBox=&#039;0 0 24 24&#039; fill=&#039;black&#039; stroke=&#039;none&#039;%3E%3Cpath d=&#039;M12.7,2.3c-0.4-0.4-1.1-0.4-1.5,0l-8,9.1c-0.3,0.4-0.3,0.9,0,1.2l8,9.1c0.4,0.4,1.1,0.4,1.5,0l8-9.1c0.3-0.4,0.3-0.9,0-1.2L12.7,2.3z&#039;\/%3E%3C\/svg%3E&quot;);\">\n\t\t\t<span class=\"elementor-divider-separator\">\n\t\t\t\t\t\t<\/span>\n\t\t<\/div>\n\t\t\t\t\t\t<\/div>\n\t\t\t\t<div class=\"elementor-element elementor-element-f4937aa elementor-widget elementor-widget-heading\" data-id=\"f4937aa\" data-element_type=\"widget\" data-e-type=\"widget\" data-widget_type=\"heading.default\">\n\t\t\t\t\t<h2 class=\"elementor-heading-title elementor-size-default\">L'eleganza in linee morbide<\/h2>\t\t\t\t<\/div>\n\t\t\t\t<div class=\"elementor-element elementor-element-ce9f080 elementor-widget__width-initial elementor-widget-mobile__width-inherit elementor-widget elementor-widget-shortcode\" data-id=\"ce9f080\" data-element_type=\"widget\" data-e-type=\"widget\" data-widget_type=\"shortcode.default\">\n\t\t\t\t\t\t\t<div class=\"elementor-shortcode\"><div class=\"woocommerce columns-2 \">\r\n<ul class=\"products oceanwp-row clr grid tablet-col tablet-2-col mobile-col mobile-2-col\">\r\n<li class=\"entry has-media col span_1_of_2 owp-content-center owp-thumbs-layout-vertical owp-btn-big owp-tabs-layout-vertical circle-sale product type-product post-29968 status-publish first instock product_cat-abbigliamento product_cat-maglione-gilet-cardigan-nascita product_cat-maglione-gilet-cardigan-nascita-ragazza product_cat-maglione-gilet-cardigan-nascita-ragazzo product_cat-maglione-gilet-cardigan-bambina product_cat-maglione-gilet-cardigan-bambini product_cat-maglione-gilet-cardigan-bambino product_cat-maglione-gilet-cardigan-neonata product_cat-maglione-gilet-cardigan-neonati product_cat-maglione-gilet-cardigan-neonato product_cat-ultima-occasione has-post-thumbnail taxable shipping-taxable purchasable product-type-variable has-default-attributes\">\n\t<div class=\"product-inner clr\">\n\t<div class=\"woo-entry-image-swap woo-entry-image clr\">\n\t\t<a href=\"https:\/\/voyagedelabaleine.fr\/it\/prodotto\/cardigan-neonata-a-punto-legaccio-crema\/\" class=\"woocommerce-LoopProduct-link\"><img decoding=\"async\" width=\"600\" height=\"800\" src=\"https:\/\/voyagedelabaleine.fr\/wp-content\/uploads\/2025\/01\/gilet-bebe-creme-600x800.jpg\" class=\"woo-entry-image-main\" alt=\"Cardigan neonata a punto legaccio &#8211; Crema\" itemprop=\"image\" srcset=\"https:\/\/voyagedelabaleine.fr\/wp-content\/uploads\/2025\/01\/gilet-bebe-creme-600x800.jpg 600w, https:\/\/voyagedelabaleine.fr\/wp-content\/uploads\/2025\/01\/gilet-bebe-creme-225x300.jpg 225w, https:\/\/voyagedelabaleine.fr\/wp-content\/uploads\/2025\/01\/gilet-bebe-creme-768x1024.jpg 768w, https:\/\/voyagedelabaleine.fr\/wp-content\/uploads\/2025\/01\/gilet-bebe-creme.jpg 855w\" sizes=\"(max-width: 600px) 100vw, 600px\" \/><img decoding=\"async\" width=\"600\" height=\"800\" src=\"https:\/\/voyagedelabaleine.fr\/wp-content\/uploads\/2025\/01\/gilet-bebe-creme-1-600x800.jpg\" class=\"woo-entry-image-secondary\" alt=\"Cardigan neonata a punto legaccio &#8211; Crema\" itemprop=\"image\" srcset=\"https:\/\/voyagedelabaleine.fr\/wp-content\/uploads\/2025\/01\/gilet-bebe-creme-1-600x800.jpg 600w, https:\/\/voyagedelabaleine.fr\/wp-content\/uploads\/2025\/01\/gilet-bebe-creme-1-225x300.jpg 225w, https:\/\/voyagedelabaleine.fr\/wp-content\/uploads\/2025\/01\/gilet-bebe-creme-1-768x1024.jpg 768w, https:\/\/voyagedelabaleine.fr\/wp-content\/uploads\/2025\/01\/gilet-bebe-creme-1.jpg 855w\" sizes=\"(max-width: 600px) 100vw, 600px\" \/><\/a>\t<\/div><!-- .woo-entry-image-swap -->\n\n<ul class=\"woo-entry-inner clr\"><li class=\"image-wrap\">\n\t<div class=\"woo-entry-image-swap woo-entry-image clr\">\n\t\t<a href=\"https:\/\/voyagedelabaleine.fr\/it\/prodotto\/cardigan-neonata-a-punto-legaccio-crema\/\" class=\"woocommerce-LoopProduct-link\"><img decoding=\"async\" width=\"600\" height=\"800\" src=\"https:\/\/voyagedelabaleine.fr\/wp-content\/uploads\/2025\/01\/gilet-bebe-creme-600x800.jpg\" class=\"woo-entry-image-main\" alt=\"Cardigan neonata a punto legaccio &#8211; Crema\" itemprop=\"image\" srcset=\"https:\/\/voyagedelabaleine.fr\/wp-content\/uploads\/2025\/01\/gilet-bebe-creme-600x800.jpg 600w, https:\/\/voyagedelabaleine.fr\/wp-content\/uploads\/2025\/01\/gilet-bebe-creme-225x300.jpg 225w, https:\/\/voyagedelabaleine.fr\/wp-content\/uploads\/2025\/01\/gilet-bebe-creme-768x1024.jpg 768w, https:\/\/voyagedelabaleine.fr\/wp-content\/uploads\/2025\/01\/gilet-bebe-creme.jpg 855w\" sizes=\"(max-width: 600px) 100vw, 600px\" \/><img decoding=\"async\" width=\"600\" height=\"800\" src=\"https:\/\/voyagedelabaleine.fr\/wp-content\/uploads\/2025\/01\/gilet-bebe-creme-1-600x800.jpg\" class=\"woo-entry-image-secondary\" alt=\"Cardigan neonata a punto legaccio &#8211; Crema\" itemprop=\"image\" srcset=\"https:\/\/voyagedelabaleine.fr\/wp-content\/uploads\/2025\/01\/gilet-bebe-creme-1-600x800.jpg 600w, https:\/\/voyagedelabaleine.fr\/wp-content\/uploads\/2025\/01\/gilet-bebe-creme-1-225x300.jpg 225w, https:\/\/voyagedelabaleine.fr\/wp-content\/uploads\/2025\/01\/gilet-bebe-creme-1-768x1024.jpg 768w, https:\/\/voyagedelabaleine.fr\/wp-content\/uploads\/2025\/01\/gilet-bebe-creme-1.jpg 855w\" sizes=\"(max-width: 600px) 100vw, 600px\" \/><\/a>\t<\/div><!-- .woo-entry-image-swap -->\n\n<\/li><li class=\"title\"><h2><a href=\"https:\/\/voyagedelabaleine.fr\/it\/prodotto\/cardigan-neonata-a-punto-legaccio-crema\/\">Cardigan neonata a punto legaccio &#8211; Crema<\/a><\/h2><\/li><li class=\"price-wrap\">\n\t<span class=\"price\"><span class=\"woocommerce-Price-amount amount\"><bdi>38<span class=\"woocommerce-Price-currencySymbol\">&euro;<\/span><\/bdi><\/span><\/span>\n<\/li><\/ul><\/div><!-- .product-inner .clr --><\/li>\n<li class=\"entry has-media col span_1_of_2 owp-content-center owp-thumbs-layout-vertical owp-btn-big owp-tabs-layout-vertical circle-sale product type-product post-30643 status-publish last instock product_cat-abbigliamento product_cat-bambina product_cat-neonata product_cat-vestito-bambina product_cat-vestito-neonata has-post-thumbnail taxable shipping-taxable purchasable product-type-variable has-default-attributes\">\n\t<div class=\"product-inner clr\">\n\t<div class=\"woo-entry-image-swap woo-entry-image clr\">\n\t\t<a href=\"https:\/\/voyagedelabaleine.fr\/it\/prodotto\/vestito-bambina-a-righe-rosa-salmone-bianco\/\" class=\"woocommerce-LoopProduct-link\"><img decoding=\"async\" width=\"600\" height=\"800\" src=\"https:\/\/voyagedelabaleine.fr\/wp-content\/uploads\/2025\/06\/robe-bebe-fille-saumon-600x800.jpg\" class=\"woo-entry-image-main\" alt=\"Vestito bambina a righe &#8211; Rosa salmone\/bianco\" itemprop=\"image\" srcset=\"https:\/\/voyagedelabaleine.fr\/wp-content\/uploads\/2025\/06\/robe-bebe-fille-saumon-600x800.jpg 600w, https:\/\/voyagedelabaleine.fr\/wp-content\/uploads\/2025\/06\/robe-bebe-fille-saumon-225x300.jpg 225w, https:\/\/voyagedelabaleine.fr\/wp-content\/uploads\/2025\/06\/robe-bebe-fille-saumon-768x1024.jpg 768w, https:\/\/voyagedelabaleine.fr\/wp-content\/uploads\/2025\/06\/robe-bebe-fille-saumon.jpg 1000w\" sizes=\"(max-width: 600px) 100vw, 600px\" \/><img decoding=\"async\" width=\"600\" height=\"800\" src=\"https:\/\/voyagedelabaleine.fr\/wp-content\/uploads\/2025\/06\/robe-bebe-fille-saumon-1-600x800.jpg\" class=\"woo-entry-image-secondary\" alt=\"Vestito bambina a righe &#8211; Rosa salmone\/bianco\" itemprop=\"image\" srcset=\"https:\/\/voyagedelabaleine.fr\/wp-content\/uploads\/2025\/06\/robe-bebe-fille-saumon-1-600x800.jpg 600w, https:\/\/voyagedelabaleine.fr\/wp-content\/uploads\/2025\/06\/robe-bebe-fille-saumon-1-225x300.jpg 225w, https:\/\/voyagedelabaleine.fr\/wp-content\/uploads\/2025\/06\/robe-bebe-fille-saumon-1-768x1024.jpg 768w, https:\/\/voyagedelabaleine.fr\/wp-content\/uploads\/2025\/06\/robe-bebe-fille-saumon-1.jpg 1000w\" sizes=\"(max-width: 600px) 100vw, 600px\" \/><\/a>\t<\/div><!-- .woo-entry-image-swap -->\n\n<ul class=\"woo-entry-inner clr\"><li class=\"image-wrap\">\n\t<div class=\"woo-entry-image-swap woo-entry-image clr\">\n\t\t<a href=\"https:\/\/voyagedelabaleine.fr\/it\/prodotto\/vestito-bambina-a-righe-rosa-salmone-bianco\/\" class=\"woocommerce-LoopProduct-link\"><img decoding=\"async\" width=\"600\" height=\"800\" src=\"https:\/\/voyagedelabaleine.fr\/wp-content\/uploads\/2025\/06\/robe-bebe-fille-saumon-600x800.jpg\" class=\"woo-entry-image-main\" alt=\"Vestito bambina a righe &#8211; Rosa salmone\/bianco\" itemprop=\"image\" srcset=\"https:\/\/voyagedelabaleine.fr\/wp-content\/uploads\/2025\/06\/robe-bebe-fille-saumon-600x800.jpg 600w, https:\/\/voyagedelabaleine.fr\/wp-content\/uploads\/2025\/06\/robe-bebe-fille-saumon-225x300.jpg 225w, https:\/\/voyagedelabaleine.fr\/wp-content\/uploads\/2025\/06\/robe-bebe-fille-saumon-768x1024.jpg 768w, https:\/\/voyagedelabaleine.fr\/wp-content\/uploads\/2025\/06\/robe-bebe-fille-saumon.jpg 1000w\" sizes=\"(max-width: 600px) 100vw, 600px\" \/><img decoding=\"async\" width=\"600\" height=\"800\" src=\"https:\/\/voyagedelabaleine.fr\/wp-content\/uploads\/2025\/06\/robe-bebe-fille-saumon-1-600x800.jpg\" class=\"woo-entry-image-secondary\" alt=\"Vestito bambina a righe &#8211; Rosa salmone\/bianco\" itemprop=\"image\" srcset=\"https:\/\/voyagedelabaleine.fr\/wp-content\/uploads\/2025\/06\/robe-bebe-fille-saumon-1-600x800.jpg 600w, https:\/\/voyagedelabaleine.fr\/wp-content\/uploads\/2025\/06\/robe-bebe-fille-saumon-1-225x300.jpg 225w, https:\/\/voyagedelabaleine.fr\/wp-content\/uploads\/2025\/06\/robe-bebe-fille-saumon-1-768x1024.jpg 768w, https:\/\/voyagedelabaleine.fr\/wp-content\/uploads\/2025\/06\/robe-bebe-fille-saumon-1.jpg 1000w\" sizes=\"(max-width: 600px) 100vw, 600px\" \/><\/a>\t<\/div><!-- .woo-entry-image-swap -->\n\n<\/li><li class=\"title\"><h2><a href=\"https:\/\/voyagedelabaleine.fr\/it\/prodotto\/vestito-bambina-a-righe-rosa-salmone-bianco\/\">Vestito bambina a righe &#8211; Rosa salmone\/bianco<\/a><\/h2><\/li><li class=\"price-wrap\">\n\t<span class=\"price\"><span class=\"woocommerce-Price-amount amount\"><bdi>68<span class=\"woocommerce-Price-currencySymbol\">&euro;<\/span><\/bdi><\/span><\/span>\n<\/li><\/ul><\/div><!-- .product-inner .clr --><\/li>\n<\/ul>\n<\/div><\/div>\n\t\t\t\t\t\t<\/div>\n\t\t\t\t<\/div>\n\t\t<div class=\"elementor-element elementor-element-707d2e1 e-con-full e-flex e-con e-parent\" data-id=\"707d2e1\" data-element_type=\"container\" data-e-type=\"container\">\n\t\t\t\t<div class=\"elementor-element elementor-element-aed2632 elementor-widget-divider--separator-type-pattern elementor-widget-divider--view-line elementor-widget elementor-widget-divider\" data-id=\"aed2632\" data-element_type=\"widget\" data-e-type=\"widget\" data-widget_type=\"divider.default\">\n\t\t\t\t\t\t\t<div class=\"elementor-divider\" style=\"--divider-pattern-url: url(&quot;data:image\/svg+xml,%3Csvg xmlns=&#039;http:\/\/www.w3.org\/2000\/svg&#039; preserveAspectRatio=&#039;none&#039; overflow=&#039;visible&#039; height=&#039;100%&#039; viewBox=&#039;0 0 24 24&#039; fill=&#039;black&#039; stroke=&#039;none&#039;%3E%3Cpath d=&#039;M12.7,2.3c-0.4-0.4-1.1-0.4-1.5,0l-8,9.1c-0.3,0.4-0.3,0.9,0,1.2l8,9.1c0.4,0.4,1.1,0.4,1.5,0l8-9.1c0.3-0.4,0.3-0.9,0-1.2L12.7,2.3z&#039;\/%3E%3C\/svg%3E&quot;);\">\n\t\t\t<span class=\"elementor-divider-separator\">\n\t\t\t\t\t\t<\/span>\n\t\t<\/div>\n\t\t\t\t\t\t<\/div>\n\t\t\t\t<div class=\"elementor-element elementor-element-81f8fab elementor-widget elementor-widget-heading\" data-id=\"81f8fab\" data-element_type=\"widget\" data-e-type=\"widget\" data-widget_type=\"heading.default\">\n\t\t\t\t\t<h2 class=\"elementor-heading-title elementor-size-default\">Primi istanti in fantasia liberty<\/h2>\t\t\t\t<\/div>\n\t\t\t\t<div class=\"elementor-element elementor-element-15d4a97 elementor-widget elementor-widget-shortcode\" data-id=\"15d4a97\" data-element_type=\"widget\" data-e-type=\"widget\" data-widget_type=\"shortcode.default\">\n\t\t\t\t\t\t\t<div class=\"elementor-shortcode\"><div class=\"woocommerce columns-4 \">\r\n<ul class=\"products oceanwp-row clr grid tablet-col tablet-2-col mobile-col mobile-2-col\">\r\n<li class=\"entry has-media has-rating col span_1_of_4 owp-content-center owp-thumbs-layout-vertical owp-btn-big owp-tabs-layout-vertical circle-sale product type-product post-33819 status-publish first instock product_cat-body product_cat-body-nascita product_cat-body-nascita-ragazza product_cat-body-neonati product_cat-body-neonata product_cat-ultima-occasione has-post-thumbnail taxable shipping-taxable purchasable product-type-variable has-default-attributes\">\n\t<div class=\"product-inner clr\">\n\t<div class=\"woo-entry-image-swap woo-entry-image clr\">\n\t\t<a href=\"https:\/\/voyagedelabaleine.fr\/it\/prodotto\/body-neonata-con-colletto-smerlato-bianco\/\" class=\"woocommerce-LoopProduct-link\"><img decoding=\"async\" width=\"600\" height=\"800\" src=\"https:\/\/voyagedelabaleine.fr\/wp-content\/uploads\/2024\/05\/body-bebe-col-fantaisie-600x800.jpg\" class=\"woo-entry-image-main\" alt=\"Body neonata con colletto smerlato &#8211; Bianco\" itemprop=\"image\" srcset=\"https:\/\/voyagedelabaleine.fr\/wp-content\/uploads\/2024\/05\/body-bebe-col-fantaisie-600x800.jpg 600w, https:\/\/voyagedelabaleine.fr\/wp-content\/uploads\/2024\/05\/body-bebe-col-fantaisie-225x300.jpg 225w, https:\/\/voyagedelabaleine.fr\/wp-content\/uploads\/2024\/05\/body-bebe-col-fantaisie-768x1024.jpg 768w, https:\/\/voyagedelabaleine.fr\/wp-content\/uploads\/2024\/05\/body-bebe-col-fantaisie.jpg 877w\" sizes=\"(max-width: 600px) 100vw, 600px\" \/><img decoding=\"async\" width=\"500\" height=\"667\" src=\"https:\/\/voyagedelabaleine.fr\/wp-content\/uploads\/2024\/05\/body-bebe-col-fantaisie-1.jpg\" class=\"woo-entry-image-secondary\" alt=\"Body neonata con colletto smerlato &#8211; Bianco\" itemprop=\"image\" srcset=\"https:\/\/voyagedelabaleine.fr\/wp-content\/uploads\/2024\/05\/body-bebe-col-fantaisie-1.jpg 500w, https:\/\/voyagedelabaleine.fr\/wp-content\/uploads\/2024\/05\/body-bebe-col-fantaisie-1-225x300.jpg 225w\" sizes=\"(max-width: 500px) 100vw, 500px\" \/><\/a>\t<\/div><!-- .woo-entry-image-swap -->\n\n<ul class=\"woo-entry-inner clr\"><li class=\"image-wrap\">\n\t<div class=\"woo-entry-image-swap woo-entry-image clr\">\n\t\t<a href=\"https:\/\/voyagedelabaleine.fr\/it\/prodotto\/body-neonata-con-colletto-smerlato-bianco\/\" class=\"woocommerce-LoopProduct-link\"><img decoding=\"async\" width=\"600\" height=\"800\" src=\"https:\/\/voyagedelabaleine.fr\/wp-content\/uploads\/2024\/05\/body-bebe-col-fantaisie-600x800.jpg\" class=\"woo-entry-image-main\" alt=\"Body neonata con colletto smerlato &#8211; Bianco\" itemprop=\"image\" srcset=\"https:\/\/voyagedelabaleine.fr\/wp-content\/uploads\/2024\/05\/body-bebe-col-fantaisie-600x800.jpg 600w, https:\/\/voyagedelabaleine.fr\/wp-content\/uploads\/2024\/05\/body-bebe-col-fantaisie-225x300.jpg 225w, https:\/\/voyagedelabaleine.fr\/wp-content\/uploads\/2024\/05\/body-bebe-col-fantaisie-768x1024.jpg 768w, https:\/\/voyagedelabaleine.fr\/wp-content\/uploads\/2024\/05\/body-bebe-col-fantaisie.jpg 877w\" sizes=\"(max-width: 600px) 100vw, 600px\" \/><img decoding=\"async\" width=\"500\" height=\"667\" src=\"https:\/\/voyagedelabaleine.fr\/wp-content\/uploads\/2024\/05\/body-bebe-col-fantaisie-1.jpg\" class=\"woo-entry-image-secondary\" alt=\"Body neonata con colletto smerlato &#8211; Bianco\" itemprop=\"image\" srcset=\"https:\/\/voyagedelabaleine.fr\/wp-content\/uploads\/2024\/05\/body-bebe-col-fantaisie-1.jpg 500w, https:\/\/voyagedelabaleine.fr\/wp-content\/uploads\/2024\/05\/body-bebe-col-fantaisie-1-225x300.jpg 225w\" sizes=\"(max-width: 500px) 100vw, 500px\" \/><\/a>\t<\/div><!-- .woo-entry-image-swap -->\n\n<\/li><li class=\"title\"><h2><a href=\"https:\/\/voyagedelabaleine.fr\/it\/prodotto\/body-neonata-con-colletto-smerlato-bianco\/\">Body neonata con colletto smerlato &#8211; Bianco<\/a><\/h2><\/li><li class=\"price-wrap\">\n\t<span class=\"price\"><span class=\"woocommerce-Price-amount amount\"><bdi>18<span class=\"woocommerce-Price-currencySymbol\">&euro;<\/span><\/bdi><\/span><\/span>\n<\/li><\/ul><\/div><!-- .product-inner .clr --><\/li>\n<li class=\"entry has-media has-rating col span_1_of_4 owp-content-center owp-thumbs-layout-vertical owp-btn-big owp-tabs-layout-vertical circle-sale product type-product post-32616 status-publish instock product_cat-abbigliamento product_cat-bloomer-short-pantaloni-nascita product_cat-bloomer-short-pantaloni-nascita-ragazza product_cat-bloomer-short-pantaloni-neonata product_cat-bloomer-short-pantaloni-neonati has-post-thumbnail taxable shipping-taxable purchasable product-type-variable has-default-attributes\">\n\t<div class=\"product-inner clr\">\n\t<div class=\"woo-entry-image-swap woo-entry-image clr\">\n\t\t<a href=\"https:\/\/voyagedelabaleine.fr\/it\/prodotto\/bloomer-neonata-fantasia-liberty-azzurro-cielo\/\" class=\"woocommerce-LoopProduct-link\"><img decoding=\"async\" width=\"600\" height=\"800\" src=\"https:\/\/voyagedelabaleine.fr\/wp-content\/uploads\/2025\/03\/bloomer-liberty-bleu-600x800.jpg\" class=\"woo-entry-image-main\" alt=\"Bloomer neonata fantasia liberty &#8211; Azzurro cielo\" itemprop=\"image\" srcset=\"https:\/\/voyagedelabaleine.fr\/wp-content\/uploads\/2025\/03\/bloomer-liberty-bleu-600x800.jpg 600w, https:\/\/voyagedelabaleine.fr\/wp-content\/uploads\/2025\/03\/bloomer-liberty-bleu-225x300.jpg 225w, https:\/\/voyagedelabaleine.fr\/wp-content\/uploads\/2025\/03\/bloomer-liberty-bleu-768x1024.jpg 768w, https:\/\/voyagedelabaleine.fr\/wp-content\/uploads\/2025\/03\/bloomer-liberty-bleu-1152x1536.jpg 1152w, https:\/\/voyagedelabaleine.fr\/wp-content\/uploads\/2025\/03\/bloomer-liberty-bleu.jpg 1533w\" sizes=\"(max-width: 600px) 100vw, 600px\" \/><img decoding=\"async\" width=\"600\" height=\"800\" src=\"https:\/\/voyagedelabaleine.fr\/wp-content\/uploads\/2025\/03\/bloomer-liberty-bleu-2-600x800.jpg\" class=\"woo-entry-image-secondary\" alt=\"Bloomer neonata fantasia liberty &#8211; Azzurro cielo\" itemprop=\"image\" srcset=\"https:\/\/voyagedelabaleine.fr\/wp-content\/uploads\/2025\/03\/bloomer-liberty-bleu-2-600x801.jpg 600w, https:\/\/voyagedelabaleine.fr\/wp-content\/uploads\/2025\/03\/bloomer-liberty-bleu-2-225x300.jpg 225w, https:\/\/voyagedelabaleine.fr\/wp-content\/uploads\/2025\/03\/bloomer-liberty-bleu-2.jpg 625w\" sizes=\"(max-width: 600px) 100vw, 600px\" \/><\/a>\t<\/div><!-- .woo-entry-image-swap -->\n\n<ul class=\"woo-entry-inner clr\"><li class=\"image-wrap\">\n\t<div class=\"woo-entry-image-swap woo-entry-image clr\">\n\t\t<a href=\"https:\/\/voyagedelabaleine.fr\/it\/prodotto\/bloomer-neonata-fantasia-liberty-azzurro-cielo\/\" class=\"woocommerce-LoopProduct-link\"><img decoding=\"async\" width=\"600\" height=\"800\" src=\"https:\/\/voyagedelabaleine.fr\/wp-content\/uploads\/2025\/03\/bloomer-liberty-bleu-600x800.jpg\" class=\"woo-entry-image-main\" alt=\"Bloomer neonata fantasia liberty &#8211; Azzurro cielo\" itemprop=\"image\" srcset=\"https:\/\/voyagedelabaleine.fr\/wp-content\/uploads\/2025\/03\/bloomer-liberty-bleu-600x800.jpg 600w, https:\/\/voyagedelabaleine.fr\/wp-content\/uploads\/2025\/03\/bloomer-liberty-bleu-225x300.jpg 225w, https:\/\/voyagedelabaleine.fr\/wp-content\/uploads\/2025\/03\/bloomer-liberty-bleu-768x1024.jpg 768w, https:\/\/voyagedelabaleine.fr\/wp-content\/uploads\/2025\/03\/bloomer-liberty-bleu-1152x1536.jpg 1152w, https:\/\/voyagedelabaleine.fr\/wp-content\/uploads\/2025\/03\/bloomer-liberty-bleu.jpg 1533w\" sizes=\"(max-width: 600px) 100vw, 600px\" \/><img decoding=\"async\" width=\"600\" height=\"800\" src=\"https:\/\/voyagedelabaleine.fr\/wp-content\/uploads\/2025\/03\/bloomer-liberty-bleu-2-600x800.jpg\" class=\"woo-entry-image-secondary\" alt=\"Bloomer neonata fantasia liberty &#8211; Azzurro cielo\" itemprop=\"image\" srcset=\"https:\/\/voyagedelabaleine.fr\/wp-content\/uploads\/2025\/03\/bloomer-liberty-bleu-2-600x801.jpg 600w, https:\/\/voyagedelabaleine.fr\/wp-content\/uploads\/2025\/03\/bloomer-liberty-bleu-2-225x300.jpg 225w, https:\/\/voyagedelabaleine.fr\/wp-content\/uploads\/2025\/03\/bloomer-liberty-bleu-2.jpg 625w\" sizes=\"(max-width: 600px) 100vw, 600px\" \/><\/a>\t<\/div><!-- .woo-entry-image-swap -->\n\n<\/li><li class=\"title\"><h2><a href=\"https:\/\/voyagedelabaleine.fr\/it\/prodotto\/bloomer-neonata-fantasia-liberty-azzurro-cielo\/\">Bloomer neonata fantasia liberty &#8211; Azzurro cielo<\/a><\/h2><\/li><li class=\"price-wrap\">\n\t<span class=\"price\"><span class=\"woocommerce-Price-amount amount\"><bdi>28<span class=\"woocommerce-Price-currencySymbol\">&euro;<\/span><\/bdi><\/span><\/span>\n<\/li><\/ul><\/div><!-- .product-inner .clr --><\/li>\n<li class=\"entry has-media has-rating col span_1_of_4 owp-content-center owp-thumbs-layout-vertical owp-btn-big owp-tabs-layout-vertical circle-sale product type-product post-29449 status-publish instock product_cat-abbigliamento product_cat-maglione-gilet-cardigan-nascita product_cat-maglione-gilet-cardigan-nascita-ragazza product_cat-maglione-gilet-cardigan-bambina product_cat-maglione-gilet-cardigan-bambini product_cat-maglione-gilet-cardigan-neonata product_cat-maglione-gilet-cardigan-neonati has-post-thumbnail taxable shipping-taxable purchasable product-type-variable has-default-attributes\">\n\t<div class=\"product-inner clr\">\n\t<div class=\"woo-entry-image-swap woo-entry-image clr\">\n\t\t<a href=\"https:\/\/voyagedelabaleine.fr\/it\/prodotto\/cardigan-bambina-con-dettagli-traforati-beige\/\" class=\"woocommerce-LoopProduct-link\"><img decoding=\"async\" width=\"600\" height=\"800\" src=\"https:\/\/voyagedelabaleine.fr\/wp-content\/uploads\/2024\/09\/gilet-bebe-fille-beige-1-600x800.jpg\" class=\"woo-entry-image-main\" alt=\"Cardigan bambina con dettagli traforati &#8211; Beige\" itemprop=\"image\" srcset=\"https:\/\/voyagedelabaleine.fr\/wp-content\/uploads\/2024\/09\/gilet-bebe-fille-beige-1-600x800.jpg 600w, https:\/\/voyagedelabaleine.fr\/wp-content\/uploads\/2024\/09\/gilet-bebe-fille-beige-1-225x300.jpg 225w, https:\/\/voyagedelabaleine.fr\/wp-content\/uploads\/2024\/09\/gilet-bebe-fille-beige-1-768x1024.jpg 768w, https:\/\/voyagedelabaleine.fr\/wp-content\/uploads\/2024\/09\/gilet-bebe-fille-beige-1-1152x1536.jpg 1152w, https:\/\/voyagedelabaleine.fr\/wp-content\/uploads\/2024\/09\/gilet-bebe-fille-beige-1.jpg 1300w\" sizes=\"(max-width: 600px) 100vw, 600px\" \/><img decoding=\"async\" width=\"600\" height=\"800\" src=\"https:\/\/voyagedelabaleine.fr\/wp-content\/uploads\/2024\/09\/gilet-bebe-fille-beige-3-600x800.jpg\" class=\"woo-entry-image-secondary\" alt=\"Cardigan bambina con dettagli traforati &#8211; Beige\" itemprop=\"image\" srcset=\"https:\/\/voyagedelabaleine.fr\/wp-content\/uploads\/2024\/09\/gilet-bebe-fille-beige-3-600x800.jpg 600w, https:\/\/voyagedelabaleine.fr\/wp-content\/uploads\/2024\/09\/gilet-bebe-fille-beige-3-225x300.jpg 225w, https:\/\/voyagedelabaleine.fr\/wp-content\/uploads\/2024\/09\/gilet-bebe-fille-beige-3-768x1024.jpg 768w, https:\/\/voyagedelabaleine.fr\/wp-content\/uploads\/2024\/09\/gilet-bebe-fille-beige-3.jpg 1036w\" sizes=\"(max-width: 600px) 100vw, 600px\" \/><\/a>\t<\/div><!-- .woo-entry-image-swap -->\n\n<ul class=\"woo-entry-inner clr\"><li class=\"image-wrap\">\n\t<div class=\"woo-entry-image-swap woo-entry-image clr\">\n\t\t<a href=\"https:\/\/voyagedelabaleine.fr\/it\/prodotto\/cardigan-bambina-con-dettagli-traforati-beige\/\" class=\"woocommerce-LoopProduct-link\"><img decoding=\"async\" width=\"600\" height=\"800\" src=\"https:\/\/voyagedelabaleine.fr\/wp-content\/uploads\/2024\/09\/gilet-bebe-fille-beige-1-600x800.jpg\" class=\"woo-entry-image-main\" alt=\"Cardigan bambina con dettagli traforati &#8211; Beige\" itemprop=\"image\" srcset=\"https:\/\/voyagedelabaleine.fr\/wp-content\/uploads\/2024\/09\/gilet-bebe-fille-beige-1-600x800.jpg 600w, https:\/\/voyagedelabaleine.fr\/wp-content\/uploads\/2024\/09\/gilet-bebe-fille-beige-1-225x300.jpg 225w, https:\/\/voyagedelabaleine.fr\/wp-content\/uploads\/2024\/09\/gilet-bebe-fille-beige-1-768x1024.jpg 768w, https:\/\/voyagedelabaleine.fr\/wp-content\/uploads\/2024\/09\/gilet-bebe-fille-beige-1-1152x1536.jpg 1152w, https:\/\/voyagedelabaleine.fr\/wp-content\/uploads\/2024\/09\/gilet-bebe-fille-beige-1.jpg 1300w\" sizes=\"(max-width: 600px) 100vw, 600px\" \/><img decoding=\"async\" width=\"600\" height=\"800\" src=\"https:\/\/voyagedelabaleine.fr\/wp-content\/uploads\/2024\/09\/gilet-bebe-fille-beige-3-600x800.jpg\" class=\"woo-entry-image-secondary\" alt=\"Cardigan bambina con dettagli traforati &#8211; Beige\" itemprop=\"image\" srcset=\"https:\/\/voyagedelabaleine.fr\/wp-content\/uploads\/2024\/09\/gilet-bebe-fille-beige-3-600x800.jpg 600w, https:\/\/voyagedelabaleine.fr\/wp-content\/uploads\/2024\/09\/gilet-bebe-fille-beige-3-225x300.jpg 225w, https:\/\/voyagedelabaleine.fr\/wp-content\/uploads\/2024\/09\/gilet-bebe-fille-beige-3-768x1024.jpg 768w, https:\/\/voyagedelabaleine.fr\/wp-content\/uploads\/2024\/09\/gilet-bebe-fille-beige-3.jpg 1036w\" sizes=\"(max-width: 600px) 100vw, 600px\" \/><\/a>\t<\/div><!-- .woo-entry-image-swap -->\n\n<\/li><li class=\"title\"><h2><a href=\"https:\/\/voyagedelabaleine.fr\/it\/prodotto\/cardigan-bambina-con-dettagli-traforati-beige\/\">Cardigan bambina con dettagli traforati &#8211; Beige<\/a><\/h2><\/li><li class=\"price-wrap\">\n\t<span class=\"price\"><span class=\"woocommerce-Price-amount amount\"><bdi>48<span class=\"woocommerce-Price-currencySymbol\">&euro;<\/span><\/bdi><\/span><\/span>\n<\/li><\/ul><\/div><!-- .product-inner .clr --><\/li>\n<li class=\"entry has-media has-rating col span_1_of_4 owp-content-center owp-thumbs-layout-vertical owp-btn-big owp-tabs-layout-vertical circle-sale product type-product post-33412 status-publish last instock product_cat-scarpine-nascita product_cat-scarpine-nascita-ragazza product_cat-scarpine-nascita-ragazzo product_cat-scarpine-neonata product_cat-scarpine-neonati product_cat-scarpine-neonato product_cat-ultima-occasione product_tag-scarpine has-post-thumbnail taxable shipping-taxable purchasable product-type-variable has-default-attributes\">\n\t<div class=\"product-inner clr\">\n\t<div class=\"woo-entry-image-swap woo-entry-image clr\">\n\t\t<a href=\"https:\/\/voyagedelabaleine.fr\/it\/prodotto\/scarpine-per-neonati-leggere-in-morbida-pelle-tortora\/\" class=\"woocommerce-LoopProduct-link\"><img decoding=\"async\" width=\"600\" height=\"800\" src=\"https:\/\/voyagedelabaleine.fr\/wp-content\/uploads\/2023\/10\/chaussons-bebe-cuir-taupe.jpg\" class=\"woo-entry-image-main\" alt=\"Scarpine per neonati leggere in morbida pelle &#8211; Tortora\" itemprop=\"image\" srcset=\"https:\/\/voyagedelabaleine.fr\/wp-content\/uploads\/2023\/10\/chaussons-bebe-cuir-taupe.jpg 600w, https:\/\/voyagedelabaleine.fr\/wp-content\/uploads\/2023\/10\/chaussons-bebe-cuir-taupe-225x300.jpg 225w\" sizes=\"(max-width: 600px) 100vw, 600px\" \/><img decoding=\"async\" width=\"600\" height=\"800\" src=\"https:\/\/voyagedelabaleine.fr\/wp-content\/uploads\/2023\/10\/chaussons-bebe-cuir-taupe-1.jpg\" class=\"woo-entry-image-secondary\" alt=\"Scarpine per neonati leggere in morbida pelle &#8211; Tortora\" itemprop=\"image\" srcset=\"https:\/\/voyagedelabaleine.fr\/wp-content\/uploads\/2023\/10\/chaussons-bebe-cuir-taupe-1.jpg 600w, https:\/\/voyagedelabaleine.fr\/wp-content\/uploads\/2023\/10\/chaussons-bebe-cuir-taupe-1-225x300.jpg 225w\" sizes=\"(max-width: 600px) 100vw, 600px\" \/><\/a>\t<\/div><!-- .woo-entry-image-swap -->\n\n<ul class=\"woo-entry-inner clr\"><li class=\"image-wrap\">\n\t<div class=\"woo-entry-image-swap woo-entry-image clr\">\n\t\t<a href=\"https:\/\/voyagedelabaleine.fr\/it\/prodotto\/scarpine-per-neonati-leggere-in-morbida-pelle-tortora\/\" class=\"woocommerce-LoopProduct-link\"><img decoding=\"async\" width=\"600\" height=\"800\" src=\"https:\/\/voyagedelabaleine.fr\/wp-content\/uploads\/2023\/10\/chaussons-bebe-cuir-taupe.jpg\" class=\"woo-entry-image-main\" alt=\"Scarpine per neonati leggere in morbida pelle &#8211; Tortora\" itemprop=\"image\" srcset=\"https:\/\/voyagedelabaleine.fr\/wp-content\/uploads\/2023\/10\/chaussons-bebe-cuir-taupe.jpg 600w, https:\/\/voyagedelabaleine.fr\/wp-content\/uploads\/2023\/10\/chaussons-bebe-cuir-taupe-225x300.jpg 225w\" sizes=\"(max-width: 600px) 100vw, 600px\" \/><img decoding=\"async\" width=\"600\" height=\"800\" src=\"https:\/\/voyagedelabaleine.fr\/wp-content\/uploads\/2023\/10\/chaussons-bebe-cuir-taupe-1.jpg\" class=\"woo-entry-image-secondary\" alt=\"Scarpine per neonati leggere in morbida pelle &#8211; Tortora\" itemprop=\"image\" srcset=\"https:\/\/voyagedelabaleine.fr\/wp-content\/uploads\/2023\/10\/chaussons-bebe-cuir-taupe-1.jpg 600w, https:\/\/voyagedelabaleine.fr\/wp-content\/uploads\/2023\/10\/chaussons-bebe-cuir-taupe-1-225x300.jpg 225w\" sizes=\"(max-width: 600px) 100vw, 600px\" \/><\/a>\t<\/div><!-- .woo-entry-image-swap -->\n\n<\/li><li class=\"title\"><h2><a href=\"https:\/\/voyagedelabaleine.fr\/it\/prodotto\/scarpine-per-neonati-leggere-in-morbida-pelle-tortora\/\">Scarpine per neonati leggere in morbida pelle &#8211; Tortora<\/a><\/h2><\/li><li class=\"price-wrap\">\n\t<span class=\"price\"><span class=\"woocommerce-Price-amount amount\"><bdi>32<span class=\"woocommerce-Price-currencySymbol\">&euro;<\/span><\/bdi><\/span><\/span>\n<\/li><\/ul><\/div><!-- .product-inner .clr --><\/li>\n<\/ul>\n<\/div><\/div>\n\t\t\t\t\t\t<\/div>\n\t\t\t\t<\/div>\n\t\t<div class=\"elementor-element elementor-element-8229491 e-con-full e-flex e-con e-parent\" data-id=\"8229491\" data-element_type=\"container\" data-e-type=\"container\">\n\t\t\t\t<div class=\"elementor-element elementor-element-abba9b7 elementor-widget-divider--separator-type-pattern elementor-widget-divider--view-line elementor-widget elementor-widget-divider\" data-id=\"abba9b7\" data-element_type=\"widget\" data-e-type=\"widget\" data-widget_type=\"divider.default\">\n\t\t\t\t\t\t\t<div class=\"elementor-divider\" style=\"--divider-pattern-url: url(&quot;data:image\/svg+xml,%3Csvg xmlns=&#039;http:\/\/www.w3.org\/2000\/svg&#039; preserveAspectRatio=&#039;none&#039; overflow=&#039;visible&#039; height=&#039;100%&#039; viewBox=&#039;0 0 24 24&#039; fill=&#039;black&#039; stroke=&#039;none&#039;%3E%3Cpath d=&#039;M12.7,2.3c-0.4-0.4-1.1-0.4-1.5,0l-8,9.1c-0.3,0.4-0.3,0.9,0,1.2l8,9.1c0.4,0.4,1.1,0.4,1.5,0l8-9.1c0.3-0.4,0.3-0.9,0-1.2L12.7,2.3z&#039;\/%3E%3C\/svg%3E&quot;);\">\n\t\t\t<span class=\"elementor-divider-separator\">\n\t\t\t\t\t\t<\/span>\n\t\t<\/div>\n\t\t\t\t\t\t<\/div>\n\t\t\t\t<div class=\"elementor-element elementor-element-b57e593 elementor-widget elementor-widget-heading\" data-id=\"b57e593\" data-element_type=\"widget\" data-e-type=\"widget\" data-widget_type=\"heading.default\">\n\t\t\t\t\t<h2 class=\"elementor-heading-title elementor-size-default\">Risveglio pastello <\/h2>\t\t\t\t<\/div>\n\t\t\t\t<div class=\"elementor-element elementor-element-6820a58 elementor-widget__width-initial elementor-widget-mobile__width-inherit elementor-widget elementor-widget-shortcode\" data-id=\"6820a58\" data-element_type=\"widget\" data-e-type=\"widget\" data-widget_type=\"shortcode.default\">\n\t\t\t\t\t\t\t<div class=\"elementor-shortcode\"><div class=\"woocommerce columns-2 \">\r\n<ul class=\"products oceanwp-row clr grid tablet-col tablet-2-col mobile-col mobile-2-col\">\r\n<li class=\"entry has-media has-rating col span_1_of_2 owp-content-center owp-thumbs-layout-vertical owp-btn-big owp-tabs-layout-vertical circle-sale product type-product post-29249 status-publish first instock product_cat-body product_cat-body-nascita product_cat-body-nascita-ragazza product_cat-body-neonati product_cat-body-neonata has-post-thumbnail taxable shipping-taxable purchasable product-type-variable has-default-attributes\">\n\t<div class=\"product-inner clr\">\n\t<div class=\"woo-entry-image-swap woo-entry-image clr\">\n\t\t<a href=\"https:\/\/voyagedelabaleine.fr\/it\/prodotto\/body-neonata-con-colletto-a-volant-sottile-a-pois-bianco\/\" class=\"woocommerce-LoopProduct-link\"><img decoding=\"async\" width=\"600\" height=\"800\" src=\"https:\/\/voyagedelabaleine.fr\/wp-content\/uploads\/2025\/04\/body-collerette-600x800.jpg\" class=\"woo-entry-image-main\" alt=\"Body neonata con colletto a volant sottile a pois &#8211; Bianco\" itemprop=\"image\" srcset=\"https:\/\/voyagedelabaleine.fr\/wp-content\/uploads\/2025\/04\/body-collerette-600x799.jpg 600w, https:\/\/voyagedelabaleine.fr\/wp-content\/uploads\/2025\/04\/body-collerette-225x300.jpg 225w, https:\/\/voyagedelabaleine.fr\/wp-content\/uploads\/2025\/04\/body-collerette-769x1024.jpg 769w, https:\/\/voyagedelabaleine.fr\/wp-content\/uploads\/2025\/04\/body-collerette-768x1023.jpg 768w, https:\/\/voyagedelabaleine.fr\/wp-content\/uploads\/2025\/04\/body-collerette.jpg 1076w\" sizes=\"(max-width: 600px) 100vw, 600px\" \/><img decoding=\"async\" width=\"335\" height=\"447\" src=\"https:\/\/voyagedelabaleine.fr\/wp-content\/uploads\/2025\/04\/body-collerette-1.jpg\" class=\"woo-entry-image-secondary\" alt=\"Body neonata con colletto a volant sottile a pois &#8211; Bianco\" itemprop=\"image\" srcset=\"https:\/\/voyagedelabaleine.fr\/wp-content\/uploads\/2025\/04\/body-collerette-1.jpg 335w, https:\/\/voyagedelabaleine.fr\/wp-content\/uploads\/2025\/04\/body-collerette-1-225x300.jpg 225w\" sizes=\"(max-width: 335px) 100vw, 335px\" \/><\/a>\t<\/div><!-- .woo-entry-image-swap -->\n\n<ul class=\"woo-entry-inner clr\"><li class=\"image-wrap\">\n\t<div class=\"woo-entry-image-swap woo-entry-image clr\">\n\t\t<a href=\"https:\/\/voyagedelabaleine.fr\/it\/prodotto\/body-neonata-con-colletto-a-volant-sottile-a-pois-bianco\/\" class=\"woocommerce-LoopProduct-link\"><img decoding=\"async\" width=\"600\" height=\"800\" src=\"https:\/\/voyagedelabaleine.fr\/wp-content\/uploads\/2025\/04\/body-collerette-600x800.jpg\" class=\"woo-entry-image-main\" alt=\"Body neonata con colletto a volant sottile a pois &#8211; Bianco\" itemprop=\"image\" srcset=\"https:\/\/voyagedelabaleine.fr\/wp-content\/uploads\/2025\/04\/body-collerette-600x799.jpg 600w, https:\/\/voyagedelabaleine.fr\/wp-content\/uploads\/2025\/04\/body-collerette-225x300.jpg 225w, https:\/\/voyagedelabaleine.fr\/wp-content\/uploads\/2025\/04\/body-collerette-769x1024.jpg 769w, https:\/\/voyagedelabaleine.fr\/wp-content\/uploads\/2025\/04\/body-collerette-768x1023.jpg 768w, https:\/\/voyagedelabaleine.fr\/wp-content\/uploads\/2025\/04\/body-collerette.jpg 1076w\" sizes=\"(max-width: 600px) 100vw, 600px\" \/><img decoding=\"async\" width=\"335\" height=\"447\" src=\"https:\/\/voyagedelabaleine.fr\/wp-content\/uploads\/2025\/04\/body-collerette-1.jpg\" class=\"woo-entry-image-secondary\" alt=\"Body neonata con colletto a volant sottile a pois &#8211; Bianco\" itemprop=\"image\" srcset=\"https:\/\/voyagedelabaleine.fr\/wp-content\/uploads\/2025\/04\/body-collerette-1.jpg 335w, https:\/\/voyagedelabaleine.fr\/wp-content\/uploads\/2025\/04\/body-collerette-1-225x300.jpg 225w\" sizes=\"(max-width: 335px) 100vw, 335px\" \/><\/a>\t<\/div><!-- .woo-entry-image-swap -->\n\n<\/li><li class=\"title\"><h2><a href=\"https:\/\/voyagedelabaleine.fr\/it\/prodotto\/body-neonata-con-colletto-a-volant-sottile-a-pois-bianco\/\">Body neonata con colletto a volant sottile a pois &#8211; Bianco<\/a><\/h2><\/li><li class=\"price-wrap\">\n\t<span class=\"price\"><span class=\"woocommerce-Price-amount amount\"><bdi>24<span class=\"woocommerce-Price-currencySymbol\">&euro;<\/span><\/bdi><\/span><\/span>\n<\/li><\/ul><\/div><!-- .product-inner .clr --><\/li>\n<li class=\"entry has-media col span_1_of_2 owp-content-center owp-thumbs-layout-vertical owp-btn-big owp-tabs-layout-vertical circle-sale product type-product post-29014 status-publish last instock product_cat-abbigliamento product_cat-bloomer-short-pantaloni-nascita product_cat-bloomer-short-pantaloni-nascita-ragazza product_cat-bloomer-short-pantaloni-neonata product_cat-bloomer-short-pantaloni-neonati has-post-thumbnail taxable shipping-taxable purchasable product-type-variable has-default-attributes\">\n\t<div class=\"product-inner clr\">\n\t<div class=\"woo-entry-image-swap woo-entry-image clr\">\n\t\t<a href=\"https:\/\/voyagedelabaleine.fr\/it\/prodotto\/bloomer-per-neonata-a-fiorellini-bianco\/\" class=\"woocommerce-LoopProduct-link\"><img decoding=\"async\" width=\"600\" height=\"800\" src=\"https:\/\/voyagedelabaleine.fr\/wp-content\/uploads\/2025\/06\/bloomer-bebe-fille-fleurs-3-600x800.jpg\" class=\"woo-entry-image-main\" alt=\"Bloomer per neonata a fiorellini &#8211; Bianco\" itemprop=\"image\" srcset=\"https:\/\/voyagedelabaleine.fr\/wp-content\/uploads\/2025\/06\/bloomer-bebe-fille-fleurs-3-600x800.jpg 600w, https:\/\/voyagedelabaleine.fr\/wp-content\/uploads\/2025\/06\/bloomer-bebe-fille-fleurs-3-225x300.jpg 225w, https:\/\/voyagedelabaleine.fr\/wp-content\/uploads\/2025\/06\/bloomer-bebe-fille-fleurs-3-768x1024.jpg 768w, https:\/\/voyagedelabaleine.fr\/wp-content\/uploads\/2025\/06\/bloomer-bebe-fille-fleurs-3-1152x1536.jpg 1152w, https:\/\/voyagedelabaleine.fr\/wp-content\/uploads\/2025\/06\/bloomer-bebe-fille-fleurs-3.jpg 1387w\" sizes=\"(max-width: 600px) 100vw, 600px\" \/><img decoding=\"async\" width=\"600\" height=\"800\" src=\"https:\/\/voyagedelabaleine.fr\/wp-content\/uploads\/2025\/06\/bloomer-bebe-fille-fleurs-1-600x800.jpg\" class=\"woo-entry-image-secondary\" alt=\"Bloomer per neonata a fiorellini &#8211; Bianco\" itemprop=\"image\" srcset=\"https:\/\/voyagedelabaleine.fr\/wp-content\/uploads\/2025\/06\/bloomer-bebe-fille-fleurs-1-600x800.jpg 600w, https:\/\/voyagedelabaleine.fr\/wp-content\/uploads\/2025\/06\/bloomer-bebe-fille-fleurs-1-225x300.jpg 225w, https:\/\/voyagedelabaleine.fr\/wp-content\/uploads\/2025\/06\/bloomer-bebe-fille-fleurs-1-768x1024.jpg 768w, https:\/\/voyagedelabaleine.fr\/wp-content\/uploads\/2025\/06\/bloomer-bebe-fille-fleurs-1.jpg 1100w\" sizes=\"(max-width: 600px) 100vw, 600px\" \/><\/a>\t<\/div><!-- .woo-entry-image-swap -->\n\n<ul class=\"woo-entry-inner clr\"><li class=\"image-wrap\">\n\t<div class=\"woo-entry-image-swap woo-entry-image clr\">\n\t\t<a href=\"https:\/\/voyagedelabaleine.fr\/it\/prodotto\/bloomer-per-neonata-a-fiorellini-bianco\/\" class=\"woocommerce-LoopProduct-link\"><img decoding=\"async\" width=\"600\" height=\"800\" src=\"https:\/\/voyagedelabaleine.fr\/wp-content\/uploads\/2025\/06\/bloomer-bebe-fille-fleurs-3-600x800.jpg\" class=\"woo-entry-image-main\" alt=\"Bloomer per neonata a fiorellini &#8211; Bianco\" itemprop=\"image\" srcset=\"https:\/\/voyagedelabaleine.fr\/wp-content\/uploads\/2025\/06\/bloomer-bebe-fille-fleurs-3-600x800.jpg 600w, https:\/\/voyagedelabaleine.fr\/wp-content\/uploads\/2025\/06\/bloomer-bebe-fille-fleurs-3-225x300.jpg 225w, https:\/\/voyagedelabaleine.fr\/wp-content\/uploads\/2025\/06\/bloomer-bebe-fille-fleurs-3-768x1024.jpg 768w, https:\/\/voyagedelabaleine.fr\/wp-content\/uploads\/2025\/06\/bloomer-bebe-fille-fleurs-3-1152x1536.jpg 1152w, https:\/\/voyagedelabaleine.fr\/wp-content\/uploads\/2025\/06\/bloomer-bebe-fille-fleurs-3.jpg 1387w\" sizes=\"(max-width: 600px) 100vw, 600px\" \/><img decoding=\"async\" width=\"600\" height=\"800\" src=\"https:\/\/voyagedelabaleine.fr\/wp-content\/uploads\/2025\/06\/bloomer-bebe-fille-fleurs-1-600x800.jpg\" class=\"woo-entry-image-secondary\" alt=\"Bloomer per neonata a fiorellini &#8211; Bianco\" itemprop=\"image\" srcset=\"https:\/\/voyagedelabaleine.fr\/wp-content\/uploads\/2025\/06\/bloomer-bebe-fille-fleurs-1-600x800.jpg 600w, https:\/\/voyagedelabaleine.fr\/wp-content\/uploads\/2025\/06\/bloomer-bebe-fille-fleurs-1-225x300.jpg 225w, https:\/\/voyagedelabaleine.fr\/wp-content\/uploads\/2025\/06\/bloomer-bebe-fille-fleurs-1-768x1024.jpg 768w, https:\/\/voyagedelabaleine.fr\/wp-content\/uploads\/2025\/06\/bloomer-bebe-fille-fleurs-1.jpg 1100w\" sizes=\"(max-width: 600px) 100vw, 600px\" \/><\/a>\t<\/div><!-- .woo-entry-image-swap -->\n\n<\/li><li class=\"title\"><h2><a href=\"https:\/\/voyagedelabaleine.fr\/it\/prodotto\/bloomer-per-neonata-a-fiorellini-bianco\/\">Bloomer per neonata a fiorellini &#8211; Bianco<\/a><\/h2><\/li><li class=\"price-wrap\">\n\t<span class=\"price\"><span class=\"woocommerce-Price-amount amount\"><bdi>24<span class=\"woocommerce-Price-currencySymbol\">&euro;<\/span><\/bdi><\/span><\/span>\n<\/li><\/ul><\/div><!-- .product-inner .clr --><\/li>\n<\/ul>\n<\/div><\/div>\n\t\t\t\t\t\t<\/div>\n\t\t\t\t<\/div>\n\t\t<div class=\"elementor-element elementor-element-d062b01 e-con-full e-flex e-con e-parent\" data-id=\"d062b01\" data-element_type=\"container\" data-e-type=\"container\">\n\t\t\t\t<div class=\"elementor-element elementor-element-35aa5f1 elementor-widget-divider--separator-type-pattern elementor-widget-divider--view-line elementor-widget elementor-widget-divider\" data-id=\"35aa5f1\" data-element_type=\"widget\" data-e-type=\"widget\" data-widget_type=\"divider.default\">\n\t\t\t\t\t\t\t<div class=\"elementor-divider\" style=\"--divider-pattern-url: url(&quot;data:image\/svg+xml,%3Csvg xmlns=&#039;http:\/\/www.w3.org\/2000\/svg&#039; preserveAspectRatio=&#039;none&#039; overflow=&#039;visible&#039; height=&#039;100%&#039; viewBox=&#039;0 0 24 24&#039; fill=&#039;black&#039; stroke=&#039;none&#039;%3E%3Cpath d=&#039;M12.7,2.3c-0.4-0.4-1.1-0.4-1.5,0l-8,9.1c-0.3,0.4-0.3,0.9,0,1.2l8,9.1c0.4,0.4,1.1,0.4,1.5,0l8-9.1c0.3-0.4,0.3-0.9,0-1.2L12.7,2.3z&#039;\/%3E%3C\/svg%3E&quot;);\">\n\t\t\t<span class=\"elementor-divider-separator\">\n\t\t\t\t\t\t<\/span>\n\t\t<\/div>\n\t\t\t\t\t\t<\/div>\n\t\t\t\t<div class=\"elementor-element elementor-element-1e5b25f elementor-widget elementor-widget-heading\" data-id=\"1e5b25f\" data-element_type=\"widget\" data-e-type=\"widget\" data-widget_type=\"heading.default\">\n\t\t\t\t\t<h2 class=\"elementor-heading-title elementor-size-default\">Pagliaccetto e tenerezza<\/h2>\t\t\t\t<\/div>\n\t\t\t\t<div class=\"elementor-element elementor-element-7e16497 elementor-widget elementor-widget-shortcode\" data-id=\"7e16497\" data-element_type=\"widget\" data-e-type=\"widget\" data-widget_type=\"shortcode.default\">\n\t\t\t\t\t\t\t<div class=\"elementor-shortcode\"><div class=\"woocommerce columns-3 \">\r\n<ul class=\"products oceanwp-row clr grid tablet-col tablet-2-col mobile-col mobile-2-col\">\r\n<li class=\"entry has-media col span_1_of_3 owp-content-center owp-thumbs-layout-vertical owp-btn-big owp-tabs-layout-vertical circle-sale product type-product post-34649 status-publish first instock product_cat-body product_cat-body-nascita product_cat-body-nascita-ragazza product_cat-body-nascita-ragazzo product_cat-body-neonati product_cat-body-neonata product_cat-body-neonato has-post-thumbnail taxable shipping-taxable purchasable product-type-variable has-default-attributes\">\n\t<div class=\"product-inner clr\">\n\t<div class=\"woo-entry-image-swap woo-entry-image clr\">\n\t\t<a href=\"https:\/\/voyagedelabaleine.fr\/it\/prodotto\/body-neonato-maniche-corte-plumetis-bianco\/\" class=\"woocommerce-LoopProduct-link\"><img decoding=\"async\" width=\"600\" height=\"800\" src=\"https:\/\/voyagedelabaleine.fr\/wp-content\/uploads\/2026\/02\/body-plumeti-manches-courtes-600x800.jpg\" class=\"woo-entry-image-main\" alt=\"Body neonato maniche corte plumetis &#8211; Bianco\" itemprop=\"image\" srcset=\"https:\/\/voyagedelabaleine.fr\/wp-content\/uploads\/2026\/02\/body-plumeti-manches-courtes-600x800.jpg 600w, https:\/\/voyagedelabaleine.fr\/wp-content\/uploads\/2026\/02\/body-plumeti-manches-courtes-225x300.jpg 225w, https:\/\/voyagedelabaleine.fr\/wp-content\/uploads\/2026\/02\/body-plumeti-manches-courtes-768x1024.jpg 768w, https:\/\/voyagedelabaleine.fr\/wp-content\/uploads\/2026\/02\/body-plumeti-manches-courtes-1152x1536.jpg 1152w, https:\/\/voyagedelabaleine.fr\/wp-content\/uploads\/2026\/02\/body-plumeti-manches-courtes.jpg 1400w\" sizes=\"(max-width: 600px) 100vw, 600px\" \/><img decoding=\"async\" width=\"600\" height=\"800\" src=\"https:\/\/voyagedelabaleine.fr\/wp-content\/uploads\/2026\/02\/body-plumeti-manches-courtes-2-600x800.jpg\" class=\"woo-entry-image-secondary\" alt=\"Body neonato maniche corte plumetis &#8211; Bianco\" itemprop=\"image\" srcset=\"https:\/\/voyagedelabaleine.fr\/wp-content\/uploads\/2026\/02\/body-plumeti-manches-courtes-2-600x800.jpg 600w, https:\/\/voyagedelabaleine.fr\/wp-content\/uploads\/2026\/02\/body-plumeti-manches-courtes-2-225x300.jpg 225w, https:\/\/voyagedelabaleine.fr\/wp-content\/uploads\/2026\/02\/body-plumeti-manches-courtes-2-768x1024.jpg 768w, https:\/\/voyagedelabaleine.fr\/wp-content\/uploads\/2026\/02\/body-plumeti-manches-courtes-2-1152x1536.jpg 1152w, https:\/\/voyagedelabaleine.fr\/wp-content\/uploads\/2026\/02\/body-plumeti-manches-courtes-2.jpg 1432w\" sizes=\"(max-width: 600px) 100vw, 600px\" \/><\/a>\t<\/div><!-- .woo-entry-image-swap -->\n\n<ul class=\"woo-entry-inner clr\"><li class=\"image-wrap\">\n\t<div class=\"woo-entry-image-swap woo-entry-image clr\">\n\t\t<a href=\"https:\/\/voyagedelabaleine.fr\/it\/prodotto\/body-neonato-maniche-corte-plumetis-bianco\/\" class=\"woocommerce-LoopProduct-link\"><img decoding=\"async\" width=\"600\" height=\"800\" src=\"https:\/\/voyagedelabaleine.fr\/wp-content\/uploads\/2026\/02\/body-plumeti-manches-courtes-600x800.jpg\" class=\"woo-entry-image-main\" alt=\"Body neonato maniche corte plumetis &#8211; Bianco\" itemprop=\"image\" srcset=\"https:\/\/voyagedelabaleine.fr\/wp-content\/uploads\/2026\/02\/body-plumeti-manches-courtes-600x800.jpg 600w, https:\/\/voyagedelabaleine.fr\/wp-content\/uploads\/2026\/02\/body-plumeti-manches-courtes-225x300.jpg 225w, https:\/\/voyagedelabaleine.fr\/wp-content\/uploads\/2026\/02\/body-plumeti-manches-courtes-768x1024.jpg 768w, https:\/\/voyagedelabaleine.fr\/wp-content\/uploads\/2026\/02\/body-plumeti-manches-courtes-1152x1536.jpg 1152w, https:\/\/voyagedelabaleine.fr\/wp-content\/uploads\/2026\/02\/body-plumeti-manches-courtes.jpg 1400w\" sizes=\"(max-width: 600px) 100vw, 600px\" \/><img decoding=\"async\" width=\"600\" height=\"800\" src=\"https:\/\/voyagedelabaleine.fr\/wp-content\/uploads\/2026\/02\/body-plumeti-manches-courtes-2-600x800.jpg\" class=\"woo-entry-image-secondary\" alt=\"Body neonato maniche corte plumetis &#8211; Bianco\" itemprop=\"image\" srcset=\"https:\/\/voyagedelabaleine.fr\/wp-content\/uploads\/2026\/02\/body-plumeti-manches-courtes-2-600x800.jpg 600w, https:\/\/voyagedelabaleine.fr\/wp-content\/uploads\/2026\/02\/body-plumeti-manches-courtes-2-225x300.jpg 225w, https:\/\/voyagedelabaleine.fr\/wp-content\/uploads\/2026\/02\/body-plumeti-manches-courtes-2-768x1024.jpg 768w, https:\/\/voyagedelabaleine.fr\/wp-content\/uploads\/2026\/02\/body-plumeti-manches-courtes-2-1152x1536.jpg 1152w, https:\/\/voyagedelabaleine.fr\/wp-content\/uploads\/2026\/02\/body-plumeti-manches-courtes-2.jpg 1432w\" sizes=\"(max-width: 600px) 100vw, 600px\" \/><\/a>\t<\/div><!-- .woo-entry-image-swap -->\n\n<\/li><li class=\"title\"><h2><a href=\"https:\/\/voyagedelabaleine.fr\/it\/prodotto\/body-neonato-maniche-corte-plumetis-bianco\/\">Body neonato maniche corte plumetis &#8211; Bianco<\/a><\/h2><\/li><li class=\"price-wrap\">\n\t<span class=\"price\"><span class=\"woocommerce-Price-amount amount\"><bdi>24<span class=\"woocommerce-Price-currencySymbol\">&euro;<\/span><\/bdi><\/span><\/span>\n<\/li><\/ul><\/div><!-- .product-inner .clr --><\/li>\n<li class=\"entry has-media col span_1_of_3 owp-content-center owp-thumbs-layout-vertical owp-btn-big owp-tabs-layout-vertical circle-sale product type-product post-29977 status-publish instock product_cat-abbigliamento product_cat-pagliaccetto-salopette-nascita product_cat-pagliaccetto-salopette-nascita-ragazza product_cat-pagliaccetto-salopette-neonata product_cat-pagliaccetto-salopette-neonati product_cat-ultima-occasione has-post-thumbnail taxable shipping-taxable purchasable product-type-variable has-default-attributes\">\n\t<div class=\"product-inner clr\">\n\t<div class=\"woo-entry-image-swap woo-entry-image clr\">\n\t\t<a href=\"https:\/\/voyagedelabaleine.fr\/it\/prodotto\/pagliaccetto-bambina-plumetis-rosa-pallido\/\" class=\"woocommerce-LoopProduct-link\"><img decoding=\"async\" width=\"600\" height=\"800\" src=\"https:\/\/voyagedelabaleine.fr\/wp-content\/uploads\/2025\/01\/barboteuse-plumetis-nude-3-600x800.jpg\" class=\"woo-entry-image-main\" alt=\"Pagliaccetto bambina plumetis &#8211; Rosa pallido\" itemprop=\"image\" srcset=\"https:\/\/voyagedelabaleine.fr\/wp-content\/uploads\/2025\/01\/barboteuse-plumetis-nude-3-600x800.jpg 600w, https:\/\/voyagedelabaleine.fr\/wp-content\/uploads\/2025\/01\/barboteuse-plumetis-nude-3-225x300.jpg 225w, https:\/\/voyagedelabaleine.fr\/wp-content\/uploads\/2025\/01\/barboteuse-plumetis-nude-3-768x1023.jpg 768w, https:\/\/voyagedelabaleine.fr\/wp-content\/uploads\/2025\/01\/barboteuse-plumetis-nude-3.jpg 980w\" sizes=\"(max-width: 600px) 100vw, 600px\" \/><img decoding=\"async\" width=\"600\" height=\"800\" src=\"https:\/\/voyagedelabaleine.fr\/wp-content\/uploads\/2025\/01\/barboteuse-plumetis-nude-2-600x800.jpg\" class=\"woo-entry-image-secondary\" alt=\"Pagliaccetto bambina plumetis &#8211; Rosa pallido\" itemprop=\"image\" srcset=\"https:\/\/voyagedelabaleine.fr\/wp-content\/uploads\/2025\/01\/barboteuse-plumetis-nude-2-600x800.jpg 600w, https:\/\/voyagedelabaleine.fr\/wp-content\/uploads\/2025\/01\/barboteuse-plumetis-nude-2-225x300.jpg 225w, https:\/\/voyagedelabaleine.fr\/wp-content\/uploads\/2025\/01\/barboteuse-plumetis-nude-2-768x1025.jpg 768w, https:\/\/voyagedelabaleine.fr\/wp-content\/uploads\/2025\/01\/barboteuse-plumetis-nude-2.jpg 1000w\" sizes=\"(max-width: 600px) 100vw, 600px\" \/><\/a>\t<\/div><!-- .woo-entry-image-swap -->\n\n<ul class=\"woo-entry-inner clr\"><li class=\"image-wrap\">\n\t<div class=\"woo-entry-image-swap woo-entry-image clr\">\n\t\t<a href=\"https:\/\/voyagedelabaleine.fr\/it\/prodotto\/pagliaccetto-bambina-plumetis-rosa-pallido\/\" class=\"woocommerce-LoopProduct-link\"><img decoding=\"async\" width=\"600\" height=\"800\" src=\"https:\/\/voyagedelabaleine.fr\/wp-content\/uploads\/2025\/01\/barboteuse-plumetis-nude-3-600x800.jpg\" class=\"woo-entry-image-main\" alt=\"Pagliaccetto bambina plumetis &#8211; Rosa pallido\" itemprop=\"image\" srcset=\"https:\/\/voyagedelabaleine.fr\/wp-content\/uploads\/2025\/01\/barboteuse-plumetis-nude-3-600x800.jpg 600w, https:\/\/voyagedelabaleine.fr\/wp-content\/uploads\/2025\/01\/barboteuse-plumetis-nude-3-225x300.jpg 225w, https:\/\/voyagedelabaleine.fr\/wp-content\/uploads\/2025\/01\/barboteuse-plumetis-nude-3-768x1023.jpg 768w, https:\/\/voyagedelabaleine.fr\/wp-content\/uploads\/2025\/01\/barboteuse-plumetis-nude-3.jpg 980w\" sizes=\"(max-width: 600px) 100vw, 600px\" \/><img decoding=\"async\" width=\"600\" height=\"800\" src=\"https:\/\/voyagedelabaleine.fr\/wp-content\/uploads\/2025\/01\/barboteuse-plumetis-nude-2-600x800.jpg\" class=\"woo-entry-image-secondary\" alt=\"Pagliaccetto bambina plumetis &#8211; Rosa pallido\" itemprop=\"image\" srcset=\"https:\/\/voyagedelabaleine.fr\/wp-content\/uploads\/2025\/01\/barboteuse-plumetis-nude-2-600x800.jpg 600w, https:\/\/voyagedelabaleine.fr\/wp-content\/uploads\/2025\/01\/barboteuse-plumetis-nude-2-225x300.jpg 225w, https:\/\/voyagedelabaleine.fr\/wp-content\/uploads\/2025\/01\/barboteuse-plumetis-nude-2-768x1025.jpg 768w, https:\/\/voyagedelabaleine.fr\/wp-content\/uploads\/2025\/01\/barboteuse-plumetis-nude-2.jpg 1000w\" sizes=\"(max-width: 600px) 100vw, 600px\" \/><\/a>\t<\/div><!-- .woo-entry-image-swap -->\n\n<\/li><li class=\"title\"><h2><a href=\"https:\/\/voyagedelabaleine.fr\/it\/prodotto\/pagliaccetto-bambina-plumetis-rosa-pallido\/\">Pagliaccetto bambina plumetis &#8211; Rosa pallido<\/a><\/h2><\/li><li class=\"price-wrap\">\n\t<span class=\"price\"><span class=\"woocommerce-Price-amount amount\"><bdi>48<span class=\"woocommerce-Price-currencySymbol\">&euro;<\/span><\/bdi><\/span><\/span>\n<\/li><\/ul><\/div><!-- .product-inner .clr --><\/li>\n<li class=\"entry has-media has-rating col span_1_of_3 owp-content-center owp-thumbs-layout-vertical owp-btn-big owp-tabs-layout-vertical circle-sale product type-product post-33493 status-publish last instock product_cat-calze-collant-neonati-bambini product_cat-calzini-collant-nascita product_cat-calzini-collant-nascita-ragazza product_cat-calzini-collant-bambina product_cat-calzini-collant-bambini product_cat-calzini-collant-neonata product_tag-collant has-post-thumbnail taxable shipping-taxable purchasable product-type-variable has-default-attributes\">\n\t<div class=\"product-inner clr\">\n\t<div class=\"woo-entry-image-swap woo-entry-image clr\">\n\t\t<a href=\"https:\/\/voyagedelabaleine.fr\/it\/prodotto\/collant-neonata-a-costine-nude\/\" class=\"woocommerce-LoopProduct-link\"><img decoding=\"async\" width=\"600\" height=\"800\" src=\"https:\/\/voyagedelabaleine.fr\/wp-content\/uploads\/2024\/09\/collant-bebe-cotele-nude-1-1-600x800.jpg\" class=\"woo-entry-image-main\" alt=\"Collant neonata a costine &#8211; Nude\" itemprop=\"image\" srcset=\"https:\/\/voyagedelabaleine.fr\/wp-content\/uploads\/2024\/09\/collant-bebe-cotele-nude-1-1-600x800.jpg 600w, https:\/\/voyagedelabaleine.fr\/wp-content\/uploads\/2024\/09\/collant-bebe-cotele-nude-1-1-225x300.jpg 225w, https:\/\/voyagedelabaleine.fr\/wp-content\/uploads\/2024\/09\/collant-bebe-cotele-nude-1-1-768x1024.jpg 768w, https:\/\/voyagedelabaleine.fr\/wp-content\/uploads\/2024\/09\/collant-bebe-cotele-nude-1-1.jpg 855w\" sizes=\"(max-width: 600px) 100vw, 600px\" \/><img decoding=\"async\" width=\"600\" height=\"800\" src=\"https:\/\/voyagedelabaleine.fr\/wp-content\/uploads\/2024\/09\/collant-bebe-cotele-nude-2-1-600x800.jpg\" class=\"woo-entry-image-secondary\" alt=\"Collant neonata a costine &#8211; Nude\" itemprop=\"image\" srcset=\"https:\/\/voyagedelabaleine.fr\/wp-content\/uploads\/2024\/09\/collant-bebe-cotele-nude-2-1-600x800.jpg 600w, https:\/\/voyagedelabaleine.fr\/wp-content\/uploads\/2024\/09\/collant-bebe-cotele-nude-2-1-225x300.jpg 225w, https:\/\/voyagedelabaleine.fr\/wp-content\/uploads\/2024\/09\/collant-bebe-cotele-nude-2-1-768x1024.jpg 768w, https:\/\/voyagedelabaleine.fr\/wp-content\/uploads\/2024\/09\/collant-bebe-cotele-nude-2-1.jpg 855w\" sizes=\"(max-width: 600px) 100vw, 600px\" \/><\/a>\t<\/div><!-- .woo-entry-image-swap -->\n\n<ul class=\"woo-entry-inner clr\"><li class=\"image-wrap\">\n\t<div class=\"woo-entry-image-swap woo-entry-image clr\">\n\t\t<a href=\"https:\/\/voyagedelabaleine.fr\/it\/prodotto\/collant-neonata-a-costine-nude\/\" class=\"woocommerce-LoopProduct-link\"><img decoding=\"async\" width=\"600\" height=\"800\" src=\"https:\/\/voyagedelabaleine.fr\/wp-content\/uploads\/2024\/09\/collant-bebe-cotele-nude-1-1-600x800.jpg\" class=\"woo-entry-image-main\" alt=\"Collant neonata a costine &#8211; Nude\" itemprop=\"image\" srcset=\"https:\/\/voyagedelabaleine.fr\/wp-content\/uploads\/2024\/09\/collant-bebe-cotele-nude-1-1-600x800.jpg 600w, https:\/\/voyagedelabaleine.fr\/wp-content\/uploads\/2024\/09\/collant-bebe-cotele-nude-1-1-225x300.jpg 225w, https:\/\/voyagedelabaleine.fr\/wp-content\/uploads\/2024\/09\/collant-bebe-cotele-nude-1-1-768x1024.jpg 768w, https:\/\/voyagedelabaleine.fr\/wp-content\/uploads\/2024\/09\/collant-bebe-cotele-nude-1-1.jpg 855w\" sizes=\"(max-width: 600px) 100vw, 600px\" \/><img decoding=\"async\" width=\"600\" height=\"800\" src=\"https:\/\/voyagedelabaleine.fr\/wp-content\/uploads\/2024\/09\/collant-bebe-cotele-nude-2-1-600x800.jpg\" class=\"woo-entry-image-secondary\" alt=\"Collant neonata a costine &#8211; Nude\" itemprop=\"image\" srcset=\"https:\/\/voyagedelabaleine.fr\/wp-content\/uploads\/2024\/09\/collant-bebe-cotele-nude-2-1-600x800.jpg 600w, https:\/\/voyagedelabaleine.fr\/wp-content\/uploads\/2024\/09\/collant-bebe-cotele-nude-2-1-225x300.jpg 225w, https:\/\/voyagedelabaleine.fr\/wp-content\/uploads\/2024\/09\/collant-bebe-cotele-nude-2-1-768x1024.jpg 768w, https:\/\/voyagedelabaleine.fr\/wp-content\/uploads\/2024\/09\/collant-bebe-cotele-nude-2-1.jpg 855w\" sizes=\"(max-width: 600px) 100vw, 600px\" \/><\/a>\t<\/div><!-- .woo-entry-image-swap -->\n\n<\/li><li class=\"title\"><h2><a href=\"https:\/\/voyagedelabaleine.fr\/it\/prodotto\/collant-neonata-a-costine-nude\/\">Collant neonata a costine &#8211; Nude<\/a><\/h2><\/li><li class=\"price-wrap\">\n\t<span class=\"price\"><span class=\"woocommerce-Price-amount amount\"><bdi>14<span class=\"woocommerce-Price-currencySymbol\">&euro;<\/span><\/bdi><\/span><\/span>\n<\/li><\/ul><\/div><!-- .product-inner .clr --><\/li>\n<\/ul>\n<\/div><\/div>\n\t\t\t\t\t\t<\/div>\n\t\t\t\t<\/div>\n\t\t<div class=\"elementor-element elementor-element-4b077b2 e-con-full e-flex e-con e-parent\" data-id=\"4b077b2\" data-element_type=\"container\" data-e-type=\"container\">\n\t\t\t\t<div class=\"elementor-element elementor-element-7c3a25c elementor-widget-divider--separator-type-pattern elementor-widget-divider--view-line elementor-widget elementor-widget-divider\" data-id=\"7c3a25c\" data-element_type=\"widget\" data-e-type=\"widget\" data-widget_type=\"divider.default\">\n\t\t\t\t\t\t\t<div class=\"elementor-divider\" style=\"--divider-pattern-url: url(&quot;data:image\/svg+xml,%3Csvg xmlns=&#039;http:\/\/www.w3.org\/2000\/svg&#039; preserveAspectRatio=&#039;none&#039; overflow=&#039;visible&#039; height=&#039;100%&#039; viewBox=&#039;0 0 24 24&#039; fill=&#039;black&#039; stroke=&#039;none&#039;%3E%3Cpath d=&#039;M12.7,2.3c-0.4-0.4-1.1-0.4-1.5,0l-8,9.1c-0.3,0.4-0.3,0.9,0,1.2l8,9.1c0.4,0.4,1.1,0.4,1.5,0l8-9.1c0.3-0.4,0.3-0.9,0-1.2L12.7,2.3z&#039;\/%3E%3C\/svg%3E&quot;);\">\n\t\t\t<span class=\"elementor-divider-separator\">\n\t\t\t\t\t\t<\/span>\n\t\t<\/div>\n\t\t\t\t\t\t<\/div>\n\t\t\t\t<div class=\"elementor-element elementor-element-f5efe38 elementor-widget elementor-widget-heading\" data-id=\"f5efe38\" data-element_type=\"widget\" data-e-type=\"widget\" data-widget_type=\"heading.default\">\n\t\t\t\t\t<h2 class=\"elementor-heading-title elementor-size-default\">Passeggiata in riva al mare<\/h2>\t\t\t\t<\/div>\n\t\t\t\t<div class=\"elementor-element elementor-element-2dd912f elementor-widget__width-initial elementor-widget-mobile__width-inherit elementor-widget elementor-widget-shortcode\" data-id=\"2dd912f\" data-element_type=\"widget\" data-e-type=\"widget\" data-widget_type=\"shortcode.default\">\n\t\t\t\t\t\t\t<div class=\"elementor-shortcode\"><div class=\"woocommerce columns-2 \">\r\n<ul class=\"products oceanwp-row clr grid tablet-col tablet-2-col mobile-col mobile-2-col\">\r\n<li class=\"entry has-media col span_1_of_2 owp-content-center owp-thumbs-layout-vertical owp-btn-big owp-tabs-layout-vertical circle-sale product type-product post-28968 status-publish first instock product_cat-scarpine-nascita product_cat-scarpine-nascita-ragazza product_cat-scarpine-nascita-ragazzo product_cat-scarpine-neonata product_cat-scarpine-neonati product_cat-scarpine-neonato has-post-thumbnail taxable shipping-taxable purchasable product-type-variable has-default-attributes\">\n\t<div class=\"product-inner clr\">\n\t<div class=\"woo-entry-image-swap woo-entry-image clr\">\n\t\t<a href=\"https:\/\/voyagedelabaleine.fr\/it\/prodotto\/scarpine-per-neonato-leggere-in-lino-bianche\/\" class=\"woocommerce-LoopProduct-link\"><img decoding=\"async\" width=\"600\" height=\"800\" src=\"https:\/\/voyagedelabaleine.fr\/wp-content\/uploads\/2025\/06\/chaussons-bebe-lin-blanc-4-600x800.jpg\" class=\"woo-entry-image-main\" alt=\"Scarpine per neonato leggere in lino &#8211; Bianche\" itemprop=\"image\" srcset=\"https:\/\/voyagedelabaleine.fr\/wp-content\/uploads\/2025\/06\/chaussons-bebe-lin-blanc-4-600x800.jpg 600w, https:\/\/voyagedelabaleine.fr\/wp-content\/uploads\/2025\/06\/chaussons-bebe-lin-blanc-4-225x300.jpg 225w, https:\/\/voyagedelabaleine.fr\/wp-content\/uploads\/2025\/06\/chaussons-bebe-lin-blanc-4-768x1024.jpg 768w, https:\/\/voyagedelabaleine.fr\/wp-content\/uploads\/2025\/06\/chaussons-bebe-lin-blanc-4-1152x1536.jpg 1152w, https:\/\/voyagedelabaleine.fr\/wp-content\/uploads\/2025\/06\/chaussons-bebe-lin-blanc-4.jpg 1400w\" sizes=\"(max-width: 600px) 100vw, 600px\" \/><img decoding=\"async\" width=\"600\" height=\"800\" src=\"https:\/\/voyagedelabaleine.fr\/wp-content\/uploads\/2025\/06\/chaussons-bebe-lin-blanc-3-1-600x800.jpg\" class=\"woo-entry-image-secondary\" alt=\"Scarpine per neonato leggere in lino &#8211; Bianche\" itemprop=\"image\" srcset=\"https:\/\/voyagedelabaleine.fr\/wp-content\/uploads\/2025\/06\/chaussons-bebe-lin-blanc-3-1-600x800.jpg 600w, https:\/\/voyagedelabaleine.fr\/wp-content\/uploads\/2025\/06\/chaussons-bebe-lin-blanc-3-1-225x300.jpg 225w, https:\/\/voyagedelabaleine.fr\/wp-content\/uploads\/2025\/06\/chaussons-bebe-lin-blanc-3-1-768x1024.jpg 768w, https:\/\/voyagedelabaleine.fr\/wp-content\/uploads\/2025\/06\/chaussons-bebe-lin-blanc-3-1-1152x1536.jpg 1152w, https:\/\/voyagedelabaleine.fr\/wp-content\/uploads\/2025\/06\/chaussons-bebe-lin-blanc-3-1.jpg 1300w\" sizes=\"(max-width: 600px) 100vw, 600px\" \/><\/a>\t<\/div><!-- .woo-entry-image-swap -->\n\n<ul class=\"woo-entry-inner clr\"><li class=\"image-wrap\">\n\t<div class=\"woo-entry-image-swap woo-entry-image clr\">\n\t\t<a href=\"https:\/\/voyagedelabaleine.fr\/it\/prodotto\/scarpine-per-neonato-leggere-in-lino-bianche\/\" class=\"woocommerce-LoopProduct-link\"><img decoding=\"async\" width=\"600\" height=\"800\" src=\"https:\/\/voyagedelabaleine.fr\/wp-content\/uploads\/2025\/06\/chaussons-bebe-lin-blanc-4-600x800.jpg\" class=\"woo-entry-image-main\" alt=\"Scarpine per neonato leggere in lino &#8211; Bianche\" itemprop=\"image\" srcset=\"https:\/\/voyagedelabaleine.fr\/wp-content\/uploads\/2025\/06\/chaussons-bebe-lin-blanc-4-600x800.jpg 600w, https:\/\/voyagedelabaleine.fr\/wp-content\/uploads\/2025\/06\/chaussons-bebe-lin-blanc-4-225x300.jpg 225w, https:\/\/voyagedelabaleine.fr\/wp-content\/uploads\/2025\/06\/chaussons-bebe-lin-blanc-4-768x1024.jpg 768w, https:\/\/voyagedelabaleine.fr\/wp-content\/uploads\/2025\/06\/chaussons-bebe-lin-blanc-4-1152x1536.jpg 1152w, https:\/\/voyagedelabaleine.fr\/wp-content\/uploads\/2025\/06\/chaussons-bebe-lin-blanc-4.jpg 1400w\" sizes=\"(max-width: 600px) 100vw, 600px\" \/><img decoding=\"async\" width=\"600\" height=\"800\" src=\"https:\/\/voyagedelabaleine.fr\/wp-content\/uploads\/2025\/06\/chaussons-bebe-lin-blanc-3-1-600x800.jpg\" class=\"woo-entry-image-secondary\" alt=\"Scarpine per neonato leggere in lino &#8211; Bianche\" itemprop=\"image\" srcset=\"https:\/\/voyagedelabaleine.fr\/wp-content\/uploads\/2025\/06\/chaussons-bebe-lin-blanc-3-1-600x800.jpg 600w, https:\/\/voyagedelabaleine.fr\/wp-content\/uploads\/2025\/06\/chaussons-bebe-lin-blanc-3-1-225x300.jpg 225w, https:\/\/voyagedelabaleine.fr\/wp-content\/uploads\/2025\/06\/chaussons-bebe-lin-blanc-3-1-768x1024.jpg 768w, https:\/\/voyagedelabaleine.fr\/wp-content\/uploads\/2025\/06\/chaussons-bebe-lin-blanc-3-1-1152x1536.jpg 1152w, https:\/\/voyagedelabaleine.fr\/wp-content\/uploads\/2025\/06\/chaussons-bebe-lin-blanc-3-1.jpg 1300w\" sizes=\"(max-width: 600px) 100vw, 600px\" \/><\/a>\t<\/div><!-- .woo-entry-image-swap -->\n\n<\/li><li class=\"title\"><h2><a href=\"https:\/\/voyagedelabaleine.fr\/it\/prodotto\/scarpine-per-neonato-leggere-in-lino-bianche\/\">Scarpine per neonato leggere in lino &#8211; Bianche<\/a><\/h2><\/li><li class=\"price-wrap\">\n\t<span class=\"price\"><span class=\"woocommerce-Price-amount amount\"><bdi>34<span class=\"woocommerce-Price-currencySymbol\">&euro;<\/span><\/bdi><\/span><\/span>\n<\/li><\/ul><\/div><!-- .product-inner .clr --><\/li>\n<li class=\"entry has-media col span_1_of_2 owp-content-center owp-thumbs-layout-vertical owp-btn-big owp-tabs-layout-vertical circle-sale product type-product post-31763 status-publish last instock product_cat-abbigliamento product_cat-bloomer-short-pantaloni-nascita product_cat-bloomer-short-pantaloni-nascita-ragazza product_cat-bloomer-short-pantaloni-neonata product_cat-bloomer-short-pantaloni-neonati product_cat-blusa-camicia-nascita product_cat-blusa-camicia-nascita-ragazza product_cat-blusa-e-camicia-per-neonata product_cat-blusa-camicia-neonati product_cat-completi-nascita product_cat-completi-nascita-ragazza product_cat-completi-neonata product_cat-completi-neonati has-post-thumbnail taxable shipping-taxable purchasable product-type-variable has-default-attributes\">\n\t<div class=\"product-inner clr\">\n\t<div class=\"woo-entry-image-swap woo-entry-image clr\">\n\t\t<a href=\"https:\/\/voyagedelabaleine.fr\/it\/prodotto\/completo-bambina-blusa-e-culotte-a-righe-blu-bianco\/\" class=\"woocommerce-LoopProduct-link\"><img decoding=\"async\" width=\"600\" height=\"800\" src=\"https:\/\/voyagedelabaleine.fr\/wp-content\/uploads\/2025\/01\/ensemble-bebe-blouse-bloomer-raye-600x800.jpg\" class=\"woo-entry-image-main\" alt=\"Completo bambina blusa e culotte a righe &#8211; Blu\/bianco\" itemprop=\"image\" srcset=\"https:\/\/voyagedelabaleine.fr\/wp-content\/uploads\/2025\/01\/ensemble-bebe-blouse-bloomer-raye-600x800.jpg 600w, https:\/\/voyagedelabaleine.fr\/wp-content\/uploads\/2025\/01\/ensemble-bebe-blouse-bloomer-raye-225x300.jpg 225w, https:\/\/voyagedelabaleine.fr\/wp-content\/uploads\/2025\/01\/ensemble-bebe-blouse-bloomer-raye-768x1024.jpg 768w, https:\/\/voyagedelabaleine.fr\/wp-content\/uploads\/2025\/01\/ensemble-bebe-blouse-bloomer-raye.jpg 855w\" sizes=\"(max-width: 600px) 100vw, 600px\" \/><img decoding=\"async\" width=\"600\" height=\"800\" src=\"https:\/\/voyagedelabaleine.fr\/wp-content\/uploads\/2025\/01\/ensemble-bebe-blouse-bloomer-raye-1-600x800.jpg\" class=\"woo-entry-image-secondary\" alt=\"Completo bambina blusa e culotte a righe &#8211; Blu\/bianco\" itemprop=\"image\" srcset=\"https:\/\/voyagedelabaleine.fr\/wp-content\/uploads\/2025\/01\/ensemble-bebe-blouse-bloomer-raye-1-600x800.jpg 600w, https:\/\/voyagedelabaleine.fr\/wp-content\/uploads\/2025\/01\/ensemble-bebe-blouse-bloomer-raye-1-225x300.jpg 225w, https:\/\/voyagedelabaleine.fr\/wp-content\/uploads\/2025\/01\/ensemble-bebe-blouse-bloomer-raye-1-768x1024.jpg 768w, https:\/\/voyagedelabaleine.fr\/wp-content\/uploads\/2025\/01\/ensemble-bebe-blouse-bloomer-raye-1.jpg 900w\" sizes=\"(max-width: 600px) 100vw, 600px\" \/><\/a>\t<\/div><!-- .woo-entry-image-swap -->\n\n<ul class=\"woo-entry-inner clr\"><li class=\"image-wrap\">\n\t<div class=\"woo-entry-image-swap woo-entry-image clr\">\n\t\t<a href=\"https:\/\/voyagedelabaleine.fr\/it\/prodotto\/completo-bambina-blusa-e-culotte-a-righe-blu-bianco\/\" class=\"woocommerce-LoopProduct-link\"><img decoding=\"async\" width=\"600\" height=\"800\" src=\"https:\/\/voyagedelabaleine.fr\/wp-content\/uploads\/2025\/01\/ensemble-bebe-blouse-bloomer-raye-600x800.jpg\" class=\"woo-entry-image-main\" alt=\"Completo bambina blusa e culotte a righe &#8211; Blu\/bianco\" itemprop=\"image\" srcset=\"https:\/\/voyagedelabaleine.fr\/wp-content\/uploads\/2025\/01\/ensemble-bebe-blouse-bloomer-raye-600x800.jpg 600w, https:\/\/voyagedelabaleine.fr\/wp-content\/uploads\/2025\/01\/ensemble-bebe-blouse-bloomer-raye-225x300.jpg 225w, https:\/\/voyagedelabaleine.fr\/wp-content\/uploads\/2025\/01\/ensemble-bebe-blouse-bloomer-raye-768x1024.jpg 768w, https:\/\/voyagedelabaleine.fr\/wp-content\/uploads\/2025\/01\/ensemble-bebe-blouse-bloomer-raye.jpg 855w\" sizes=\"(max-width: 600px) 100vw, 600px\" \/><img decoding=\"async\" width=\"600\" height=\"800\" src=\"https:\/\/voyagedelabaleine.fr\/wp-content\/uploads\/2025\/01\/ensemble-bebe-blouse-bloomer-raye-1-600x800.jpg\" class=\"woo-entry-image-secondary\" alt=\"Completo bambina blusa e culotte a righe &#8211; Blu\/bianco\" itemprop=\"image\" srcset=\"https:\/\/voyagedelabaleine.fr\/wp-content\/uploads\/2025\/01\/ensemble-bebe-blouse-bloomer-raye-1-600x800.jpg 600w, https:\/\/voyagedelabaleine.fr\/wp-content\/uploads\/2025\/01\/ensemble-bebe-blouse-bloomer-raye-1-225x300.jpg 225w, https:\/\/voyagedelabaleine.fr\/wp-content\/uploads\/2025\/01\/ensemble-bebe-blouse-bloomer-raye-1-768x1024.jpg 768w, https:\/\/voyagedelabaleine.fr\/wp-content\/uploads\/2025\/01\/ensemble-bebe-blouse-bloomer-raye-1.jpg 900w\" sizes=\"(max-width: 600px) 100vw, 600px\" \/><\/a>\t<\/div><!-- .woo-entry-image-swap -->\n\n<\/li><li class=\"title\"><h2><a href=\"https:\/\/voyagedelabaleine.fr\/it\/prodotto\/completo-bambina-blusa-e-culotte-a-righe-blu-bianco\/\">Completo bambina blusa e culotte a righe &#8211; Blu\/bianco<\/a><\/h2><\/li><li class=\"price-wrap\">\n\t<span class=\"price\"><span class=\"woocommerce-Price-amount amount\"><bdi>68<span class=\"woocommerce-Price-currencySymbol\">&euro;<\/span><\/bdi><\/span><\/span>\n<\/li><\/ul><\/div><!-- .product-inner .clr --><\/li>\n<\/ul>\n<\/div><\/div>\n\t\t\t\t\t\t<\/div>\n\t\t\t\t<\/div>\n\t\t<div class=\"elementor-element elementor-element-379fd30 e-con-full e-flex e-con e-parent\" data-id=\"379fd30\" data-element_type=\"container\" data-e-type=\"container\">\n\t\t\t\t<div class=\"elementor-element elementor-element-7a5abc2 elementor-widget-divider--separator-type-pattern elementor-widget-divider--view-line elementor-widget elementor-widget-divider\" data-id=\"7a5abc2\" data-element_type=\"widget\" data-e-type=\"widget\" data-widget_type=\"divider.default\">\n\t\t\t\t\t\t\t<div class=\"elementor-divider\" style=\"--divider-pattern-url: url(&quot;data:image\/svg+xml,%3Csvg xmlns=&#039;http:\/\/www.w3.org\/2000\/svg&#039; preserveAspectRatio=&#039;none&#039; overflow=&#039;visible&#039; height=&#039;100%&#039; viewBox=&#039;0 0 24 24&#039; fill=&#039;black&#039; stroke=&#039;none&#039;%3E%3Cpath d=&#039;M12.7,2.3c-0.4-0.4-1.1-0.4-1.5,0l-8,9.1c-0.3,0.4-0.3,0.9,0,1.2l8,9.1c0.4,0.4,1.1,0.4,1.5,0l8-9.1c0.3-0.4,0.3-0.9,0-1.2L12.7,2.3z&#039;\/%3E%3C\/svg%3E&quot;);\">\n\t\t\t<span class=\"elementor-divider-separator\">\n\t\t\t\t\t\t<\/span>\n\t\t<\/div>\n\t\t\t\t\t\t<\/div>\n\t\t\t\t<div class=\"elementor-element elementor-element-173828b elementor-widget elementor-widget-heading\" data-id=\"173828b\" data-element_type=\"widget\" data-e-type=\"widget\" data-widget_type=\"heading.default\">\n\t\t\t\t\t<h2 class=\"elementor-heading-title elementor-size-default\">Piccole righe, grande raffinatezza<\/h2>\t\t\t\t<\/div>\n\t\t\t\t<div class=\"elementor-element elementor-element-318adc7 elementor-widget__width-initial elementor-widget-mobile__width-inherit elementor-widget elementor-widget-shortcode\" data-id=\"318adc7\" data-element_type=\"widget\" data-e-type=\"widget\" data-widget_type=\"shortcode.default\">\n\t\t\t\t\t\t\t<div class=\"elementor-shortcode\"><div class=\"woocommerce columns-2 \">\r\n<ul class=\"products oceanwp-row clr grid tablet-col tablet-2-col mobile-col mobile-2-col\">\r\n<li class=\"entry has-media col span_1_of_2 owp-content-center owp-thumbs-layout-vertical owp-btn-big owp-tabs-layout-vertical circle-sale product type-product post-33660 status-publish first instock product_cat-abbigliamento product_cat-nascita-ragazza product_cat-neonata product_cat-ultima-occasione product_cat-vestito-nascita product_cat-vestito-neonata has-post-thumbnail taxable shipping-taxable purchasable product-type-variable has-default-attributes\">\n\t<div class=\"product-inner clr\">\n\t<div class=\"woo-entry-image-swap woo-entry-image clr\">\n\t\t<a href=\"https:\/\/voyagedelabaleine.fr\/it\/prodotto\/vestito-bambina-a-righe-con-ampio-colletto-stile-marinaro\/\" class=\"woocommerce-LoopProduct-link\"><img decoding=\"async\" width=\"600\" height=\"800\" src=\"https:\/\/voyagedelabaleine.fr\/wp-content\/uploads\/2025\/02\/robe-esprit-marin-600x800.jpg\" class=\"woo-entry-image-main\" alt=\"Vestito bambina a righe con ampio colletto stile marinaro\" itemprop=\"image\" srcset=\"https:\/\/voyagedelabaleine.fr\/wp-content\/uploads\/2025\/02\/robe-esprit-marin-600x800.jpg 600w, https:\/\/voyagedelabaleine.fr\/wp-content\/uploads\/2025\/02\/robe-esprit-marin-225x300.jpg 225w, https:\/\/voyagedelabaleine.fr\/wp-content\/uploads\/2025\/02\/robe-esprit-marin-768x1024.jpg 768w, https:\/\/voyagedelabaleine.fr\/wp-content\/uploads\/2025\/02\/robe-esprit-marin-1152x1536.jpg 1152w, https:\/\/voyagedelabaleine.fr\/wp-content\/uploads\/2025\/02\/robe-esprit-marin.jpg 1200w\" sizes=\"(max-width: 600px) 100vw, 600px\" \/><img decoding=\"async\" width=\"600\" height=\"800\" src=\"https:\/\/voyagedelabaleine.fr\/wp-content\/uploads\/2025\/01\/robe-bebe-col-marin-600x800.jpg\" class=\"woo-entry-image-secondary\" alt=\"Vestito bambina a righe con ampio colletto stile marinaro\" itemprop=\"image\" srcset=\"https:\/\/voyagedelabaleine.fr\/wp-content\/uploads\/2025\/01\/robe-bebe-col-marin-600x800.jpg 600w, https:\/\/voyagedelabaleine.fr\/wp-content\/uploads\/2025\/01\/robe-bebe-col-marin-225x300.jpg 225w, https:\/\/voyagedelabaleine.fr\/wp-content\/uploads\/2025\/01\/robe-bebe-col-marin-768x1024.jpg 768w, https:\/\/voyagedelabaleine.fr\/wp-content\/uploads\/2025\/01\/robe-bebe-col-marin.jpg 855w\" sizes=\"(max-width: 600px) 100vw, 600px\" \/><\/a>\t<\/div><!-- .woo-entry-image-swap -->\n\n<ul class=\"woo-entry-inner clr\"><li class=\"image-wrap\">\n\t<div class=\"woo-entry-image-swap woo-entry-image clr\">\n\t\t<a href=\"https:\/\/voyagedelabaleine.fr\/it\/prodotto\/vestito-bambina-a-righe-con-ampio-colletto-stile-marinaro\/\" class=\"woocommerce-LoopProduct-link\"><img decoding=\"async\" width=\"600\" height=\"800\" src=\"https:\/\/voyagedelabaleine.fr\/wp-content\/uploads\/2025\/02\/robe-esprit-marin-600x800.jpg\" class=\"woo-entry-image-main\" alt=\"Vestito bambina a righe con ampio colletto stile marinaro\" itemprop=\"image\" srcset=\"https:\/\/voyagedelabaleine.fr\/wp-content\/uploads\/2025\/02\/robe-esprit-marin-600x800.jpg 600w, https:\/\/voyagedelabaleine.fr\/wp-content\/uploads\/2025\/02\/robe-esprit-marin-225x300.jpg 225w, https:\/\/voyagedelabaleine.fr\/wp-content\/uploads\/2025\/02\/robe-esprit-marin-768x1024.jpg 768w, https:\/\/voyagedelabaleine.fr\/wp-content\/uploads\/2025\/02\/robe-esprit-marin-1152x1536.jpg 1152w, https:\/\/voyagedelabaleine.fr\/wp-content\/uploads\/2025\/02\/robe-esprit-marin.jpg 1200w\" sizes=\"(max-width: 600px) 100vw, 600px\" \/><img decoding=\"async\" width=\"600\" height=\"800\" src=\"https:\/\/voyagedelabaleine.fr\/wp-content\/uploads\/2025\/01\/robe-bebe-col-marin-600x800.jpg\" class=\"woo-entry-image-secondary\" alt=\"Vestito bambina a righe con ampio colletto stile marinaro\" itemprop=\"image\" srcset=\"https:\/\/voyagedelabaleine.fr\/wp-content\/uploads\/2025\/01\/robe-bebe-col-marin-600x800.jpg 600w, https:\/\/voyagedelabaleine.fr\/wp-content\/uploads\/2025\/01\/robe-bebe-col-marin-225x300.jpg 225w, https:\/\/voyagedelabaleine.fr\/wp-content\/uploads\/2025\/01\/robe-bebe-col-marin-768x1024.jpg 768w, https:\/\/voyagedelabaleine.fr\/wp-content\/uploads\/2025\/01\/robe-bebe-col-marin.jpg 855w\" sizes=\"(max-width: 600px) 100vw, 600px\" \/><\/a>\t<\/div><!-- .woo-entry-image-swap -->\n\n<\/li><li class=\"title\"><h2><a href=\"https:\/\/voyagedelabaleine.fr\/it\/prodotto\/vestito-bambina-a-righe-con-ampio-colletto-stile-marinaro\/\">Vestito bambina a righe con ampio colletto stile marinaro<\/a><\/h2><\/li><li class=\"price-wrap\">\n\t<span class=\"price\"><span class=\"woocommerce-Price-amount amount\"><bdi>60<span class=\"woocommerce-Price-currencySymbol\">&euro;<\/span><\/bdi><\/span><\/span>\n<\/li><\/ul><\/div><!-- .product-inner .clr --><\/li>\n<li class=\"entry has-media has-rating col span_1_of_2 owp-content-center owp-thumbs-layout-vertical owp-btn-big owp-tabs-layout-vertical circle-sale product type-product post-33412 status-publish last instock product_cat-scarpine-nascita product_cat-scarpine-nascita-ragazza product_cat-scarpine-nascita-ragazzo product_cat-scarpine-neonata product_cat-scarpine-neonati product_cat-scarpine-neonato product_cat-ultima-occasione product_tag-scarpine has-post-thumbnail taxable shipping-taxable purchasable product-type-variable has-default-attributes\">\n\t<div class=\"product-inner clr\">\n\t<div class=\"woo-entry-image-swap woo-entry-image clr\">\n\t\t<a href=\"https:\/\/voyagedelabaleine.fr\/it\/prodotto\/scarpine-per-neonati-leggere-in-morbida-pelle-tortora\/\" class=\"woocommerce-LoopProduct-link\"><img decoding=\"async\" width=\"600\" height=\"800\" src=\"https:\/\/voyagedelabaleine.fr\/wp-content\/uploads\/2023\/10\/chaussons-bebe-cuir-taupe.jpg\" class=\"woo-entry-image-main\" alt=\"Scarpine per neonati leggere in morbida pelle &#8211; Tortora\" itemprop=\"image\" srcset=\"https:\/\/voyagedelabaleine.fr\/wp-content\/uploads\/2023\/10\/chaussons-bebe-cuir-taupe.jpg 600w, https:\/\/voyagedelabaleine.fr\/wp-content\/uploads\/2023\/10\/chaussons-bebe-cuir-taupe-225x300.jpg 225w\" sizes=\"(max-width: 600px) 100vw, 600px\" \/><img decoding=\"async\" width=\"600\" height=\"800\" src=\"https:\/\/voyagedelabaleine.fr\/wp-content\/uploads\/2023\/10\/chaussons-bebe-cuir-taupe-1.jpg\" class=\"woo-entry-image-secondary\" alt=\"Scarpine per neonati leggere in morbida pelle &#8211; Tortora\" itemprop=\"image\" srcset=\"https:\/\/voyagedelabaleine.fr\/wp-content\/uploads\/2023\/10\/chaussons-bebe-cuir-taupe-1.jpg 600w, https:\/\/voyagedelabaleine.fr\/wp-content\/uploads\/2023\/10\/chaussons-bebe-cuir-taupe-1-225x300.jpg 225w\" sizes=\"(max-width: 600px) 100vw, 600px\" \/><\/a>\t<\/div><!-- .woo-entry-image-swap -->\n\n<ul class=\"woo-entry-inner clr\"><li class=\"image-wrap\">\n\t<div class=\"woo-entry-image-swap woo-entry-image clr\">\n\t\t<a href=\"https:\/\/voyagedelabaleine.fr\/it\/prodotto\/scarpine-per-neonati-leggere-in-morbida-pelle-tortora\/\" class=\"woocommerce-LoopProduct-link\"><img decoding=\"async\" width=\"600\" height=\"800\" src=\"https:\/\/voyagedelabaleine.fr\/wp-content\/uploads\/2023\/10\/chaussons-bebe-cuir-taupe.jpg\" class=\"woo-entry-image-main\" alt=\"Scarpine per neonati leggere in morbida pelle &#8211; Tortora\" itemprop=\"image\" srcset=\"https:\/\/voyagedelabaleine.fr\/wp-content\/uploads\/2023\/10\/chaussons-bebe-cuir-taupe.jpg 600w, https:\/\/voyagedelabaleine.fr\/wp-content\/uploads\/2023\/10\/chaussons-bebe-cuir-taupe-225x300.jpg 225w\" sizes=\"(max-width: 600px) 100vw, 600px\" \/><img decoding=\"async\" width=\"600\" height=\"800\" src=\"https:\/\/voyagedelabaleine.fr\/wp-content\/uploads\/2023\/10\/chaussons-bebe-cuir-taupe-1.jpg\" class=\"woo-entry-image-secondary\" alt=\"Scarpine per neonati leggere in morbida pelle &#8211; Tortora\" itemprop=\"image\" srcset=\"https:\/\/voyagedelabaleine.fr\/wp-content\/uploads\/2023\/10\/chaussons-bebe-cuir-taupe-1.jpg 600w, https:\/\/voyagedelabaleine.fr\/wp-content\/uploads\/2023\/10\/chaussons-bebe-cuir-taupe-1-225x300.jpg 225w\" sizes=\"(max-width: 600px) 100vw, 600px\" \/><\/a>\t<\/div><!-- .woo-entry-image-swap -->\n\n<\/li><li class=\"title\"><h2><a href=\"https:\/\/voyagedelabaleine.fr\/it\/prodotto\/scarpine-per-neonati-leggere-in-morbida-pelle-tortora\/\">Scarpine per neonati leggere in morbida pelle &#8211; Tortora<\/a><\/h2><\/li><li class=\"price-wrap\">\n\t<span class=\"price\"><span class=\"woocommerce-Price-amount amount\"><bdi>32<span class=\"woocommerce-Price-currencySymbol\">&euro;<\/span><\/bdi><\/span><\/span>\n<\/li><\/ul><\/div><!-- .product-inner .clr --><\/li>\n<\/ul>\n<\/div><\/div>\n\t\t\t\t\t\t<\/div>\n\t\t\t\t<\/div>\n\t\t<div class=\"elementor-element elementor-element-25fee8f e-con-full e-flex e-con e-parent\" data-id=\"25fee8f\" data-element_type=\"container\" data-e-type=\"container\">\n\t\t\t\t<div class=\"elementor-element elementor-element-ff88e1c elementor-widget-divider--separator-type-pattern elementor-widget-divider--view-line elementor-widget elementor-widget-divider\" data-id=\"ff88e1c\" data-element_type=\"widget\" data-e-type=\"widget\" data-widget_type=\"divider.default\">\n\t\t\t\t\t\t\t<div class=\"elementor-divider\" style=\"--divider-pattern-url: url(&quot;data:image\/svg+xml,%3Csvg xmlns=&#039;http:\/\/www.w3.org\/2000\/svg&#039; preserveAspectRatio=&#039;none&#039; overflow=&#039;visible&#039; height=&#039;100%&#039; viewBox=&#039;0 0 24 24&#039; fill=&#039;black&#039; stroke=&#039;none&#039;%3E%3Cpath d=&#039;M12.7,2.3c-0.4-0.4-1.1-0.4-1.5,0l-8,9.1c-0.3,0.4-0.3,0.9,0,1.2l8,9.1c0.4,0.4,1.1,0.4,1.5,0l8-9.1c0.3-0.4,0.3-0.9,0-1.2L12.7,2.3z&#039;\/%3E%3C\/svg%3E&quot;);\">\n\t\t\t<span class=\"elementor-divider-separator\">\n\t\t\t\t\t\t<\/span>\n\t\t<\/div>\n\t\t\t\t\t\t<\/div>\n\t\t\t\t<div class=\"elementor-element elementor-element-30ce59d elementor-widget elementor-widget-heading\" data-id=\"30ce59d\" data-element_type=\"widget\" data-e-type=\"widget\" data-widget_type=\"heading.default\">\n\t\t\t\t\t<h2 class=\"elementor-heading-title elementor-size-default\">Fantasia chic<\/h2>\t\t\t\t<\/div>\n\t\t\t\t<div class=\"elementor-element elementor-element-a6cb36f elementor-widget__width-initial elementor-widget-mobile__width-inherit elementor-widget elementor-widget-shortcode\" data-id=\"a6cb36f\" data-element_type=\"widget\" data-e-type=\"widget\" data-widget_type=\"shortcode.default\">\n\t\t\t\t\t\t\t<div class=\"elementor-shortcode\"><div class=\"woocommerce columns-2 \">\r\n<ul class=\"products oceanwp-row clr grid tablet-col tablet-2-col mobile-col mobile-2-col\">\r\n<li class=\"entry has-media has-rating col span_1_of_2 owp-content-center owp-thumbs-layout-vertical owp-btn-big owp-tabs-layout-vertical circle-sale product type-product post-33819 status-publish first instock product_cat-body product_cat-body-nascita product_cat-body-nascita-ragazza product_cat-body-neonati product_cat-body-neonata product_cat-ultima-occasione has-post-thumbnail taxable shipping-taxable purchasable product-type-variable has-default-attributes\">\n\t<div class=\"product-inner clr\">\n\t<div class=\"woo-entry-image-swap woo-entry-image clr\">\n\t\t<a href=\"https:\/\/voyagedelabaleine.fr\/it\/prodotto\/body-neonata-con-colletto-smerlato-bianco\/\" class=\"woocommerce-LoopProduct-link\"><img decoding=\"async\" width=\"600\" height=\"800\" src=\"https:\/\/voyagedelabaleine.fr\/wp-content\/uploads\/2024\/05\/body-bebe-col-fantaisie-600x800.jpg\" class=\"woo-entry-image-main\" alt=\"Body neonata con colletto smerlato &#8211; Bianco\" itemprop=\"image\" srcset=\"https:\/\/voyagedelabaleine.fr\/wp-content\/uploads\/2024\/05\/body-bebe-col-fantaisie-600x800.jpg 600w, https:\/\/voyagedelabaleine.fr\/wp-content\/uploads\/2024\/05\/body-bebe-col-fantaisie-225x300.jpg 225w, https:\/\/voyagedelabaleine.fr\/wp-content\/uploads\/2024\/05\/body-bebe-col-fantaisie-768x1024.jpg 768w, https:\/\/voyagedelabaleine.fr\/wp-content\/uploads\/2024\/05\/body-bebe-col-fantaisie.jpg 877w\" sizes=\"(max-width: 600px) 100vw, 600px\" \/><img decoding=\"async\" width=\"500\" height=\"667\" src=\"https:\/\/voyagedelabaleine.fr\/wp-content\/uploads\/2024\/05\/body-bebe-col-fantaisie-1.jpg\" class=\"woo-entry-image-secondary\" alt=\"Body neonata con colletto smerlato &#8211; Bianco\" itemprop=\"image\" srcset=\"https:\/\/voyagedelabaleine.fr\/wp-content\/uploads\/2024\/05\/body-bebe-col-fantaisie-1.jpg 500w, https:\/\/voyagedelabaleine.fr\/wp-content\/uploads\/2024\/05\/body-bebe-col-fantaisie-1-225x300.jpg 225w\" sizes=\"(max-width: 500px) 100vw, 500px\" \/><\/a>\t<\/div><!-- .woo-entry-image-swap -->\n\n<ul class=\"woo-entry-inner clr\"><li class=\"image-wrap\">\n\t<div class=\"woo-entry-image-swap woo-entry-image clr\">\n\t\t<a href=\"https:\/\/voyagedelabaleine.fr\/it\/prodotto\/body-neonata-con-colletto-smerlato-bianco\/\" class=\"woocommerce-LoopProduct-link\"><img decoding=\"async\" width=\"600\" height=\"800\" src=\"https:\/\/voyagedelabaleine.fr\/wp-content\/uploads\/2024\/05\/body-bebe-col-fantaisie-600x800.jpg\" class=\"woo-entry-image-main\" alt=\"Body neonata con colletto smerlato &#8211; Bianco\" itemprop=\"image\" srcset=\"https:\/\/voyagedelabaleine.fr\/wp-content\/uploads\/2024\/05\/body-bebe-col-fantaisie-600x800.jpg 600w, https:\/\/voyagedelabaleine.fr\/wp-content\/uploads\/2024\/05\/body-bebe-col-fantaisie-225x300.jpg 225w, https:\/\/voyagedelabaleine.fr\/wp-content\/uploads\/2024\/05\/body-bebe-col-fantaisie-768x1024.jpg 768w, https:\/\/voyagedelabaleine.fr\/wp-content\/uploads\/2024\/05\/body-bebe-col-fantaisie.jpg 877w\" sizes=\"(max-width: 600px) 100vw, 600px\" \/><img decoding=\"async\" width=\"500\" height=\"667\" src=\"https:\/\/voyagedelabaleine.fr\/wp-content\/uploads\/2024\/05\/body-bebe-col-fantaisie-1.jpg\" class=\"woo-entry-image-secondary\" alt=\"Body neonata con colletto smerlato &#8211; Bianco\" itemprop=\"image\" srcset=\"https:\/\/voyagedelabaleine.fr\/wp-content\/uploads\/2024\/05\/body-bebe-col-fantaisie-1.jpg 500w, https:\/\/voyagedelabaleine.fr\/wp-content\/uploads\/2024\/05\/body-bebe-col-fantaisie-1-225x300.jpg 225w\" sizes=\"(max-width: 500px) 100vw, 500px\" \/><\/a>\t<\/div><!-- .woo-entry-image-swap -->\n\n<\/li><li class=\"title\"><h2><a href=\"https:\/\/voyagedelabaleine.fr\/it\/prodotto\/body-neonata-con-colletto-smerlato-bianco\/\">Body neonata con colletto smerlato &#8211; Bianco<\/a><\/h2><\/li><li class=\"price-wrap\">\n\t<span class=\"price\"><span class=\"woocommerce-Price-amount amount\"><bdi>18<span class=\"woocommerce-Price-currencySymbol\">&euro;<\/span><\/bdi><\/span><\/span>\n<\/li><\/ul><\/div><!-- .product-inner .clr --><\/li>\n<li class=\"entry has-media has-rating col span_1_of_2 owp-content-center owp-thumbs-layout-vertical owp-btn-big owp-tabs-layout-vertical circle-sale product type-product post-33842 status-publish last instock product_cat-abbigliamento product_cat-pagliaccetto-salopette-nascita product_cat-pagliaccetto-salopette-nascita-ragazza product_cat-pagliaccetto-salopette-neonata product_cat-pagliaccetto-salopette-neonati has-post-thumbnail taxable shipping-taxable purchasable product-type-variable has-default-attributes\">\n\t<div class=\"product-inner clr\">\n\t<div class=\"woo-entry-image-swap woo-entry-image clr\">\n\t\t<a href=\"https:\/\/voyagedelabaleine.fr\/it\/prodotto\/pagliaccetto-bambina-a-righe-rosa-pallido\/\" class=\"woocommerce-LoopProduct-link\"><img decoding=\"async\" width=\"600\" height=\"800\" src=\"https:\/\/voyagedelabaleine.fr\/wp-content\/uploads\/2025\/02\/barboteuse-rayee-rose-600x800.jpg\" class=\"woo-entry-image-main\" alt=\"Pagliaccetto bambina a righe &#8211; Rosa pallido\" itemprop=\"image\" srcset=\"https:\/\/voyagedelabaleine.fr\/wp-content\/uploads\/2025\/02\/barboteuse-rayee-rose-600x800.jpg 600w, https:\/\/voyagedelabaleine.fr\/wp-content\/uploads\/2025\/02\/barboteuse-rayee-rose-225x300.jpg 225w, https:\/\/voyagedelabaleine.fr\/wp-content\/uploads\/2025\/02\/barboteuse-rayee-rose-768x1024.jpg 768w, https:\/\/voyagedelabaleine.fr\/wp-content\/uploads\/2025\/02\/barboteuse-rayee-rose-1152x1536.jpg 1152w, https:\/\/voyagedelabaleine.fr\/wp-content\/uploads\/2025\/02\/barboteuse-rayee-rose.jpg 1200w\" sizes=\"(max-width: 600px) 100vw, 600px\" \/><img decoding=\"async\" width=\"600\" height=\"800\" src=\"https:\/\/voyagedelabaleine.fr\/wp-content\/uploads\/2024\/05\/barboteuse-bebe-rose-600x800.jpg\" class=\"woo-entry-image-secondary\" alt=\"Pagliaccetto bambina a righe &#8211; Rosa pallido\" itemprop=\"image\" srcset=\"https:\/\/voyagedelabaleine.fr\/wp-content\/uploads\/2024\/05\/barboteuse-bebe-rose-600x799.jpg 600w, https:\/\/voyagedelabaleine.fr\/wp-content\/uploads\/2024\/05\/barboteuse-bebe-rose-225x300.jpg 225w, https:\/\/voyagedelabaleine.fr\/wp-content\/uploads\/2024\/05\/barboteuse-bebe-rose.jpg 611w\" sizes=\"(max-width: 600px) 100vw, 600px\" \/><\/a>\t<\/div><!-- .woo-entry-image-swap -->\n\n<ul class=\"woo-entry-inner clr\"><li class=\"image-wrap\">\n\t<div class=\"woo-entry-image-swap woo-entry-image clr\">\n\t\t<a href=\"https:\/\/voyagedelabaleine.fr\/it\/prodotto\/pagliaccetto-bambina-a-righe-rosa-pallido\/\" class=\"woocommerce-LoopProduct-link\"><img decoding=\"async\" width=\"600\" height=\"800\" src=\"https:\/\/voyagedelabaleine.fr\/wp-content\/uploads\/2025\/02\/barboteuse-rayee-rose-600x800.jpg\" class=\"woo-entry-image-main\" alt=\"Pagliaccetto bambina a righe &#8211; Rosa pallido\" itemprop=\"image\" srcset=\"https:\/\/voyagedelabaleine.fr\/wp-content\/uploads\/2025\/02\/barboteuse-rayee-rose-600x800.jpg 600w, https:\/\/voyagedelabaleine.fr\/wp-content\/uploads\/2025\/02\/barboteuse-rayee-rose-225x300.jpg 225w, https:\/\/voyagedelabaleine.fr\/wp-content\/uploads\/2025\/02\/barboteuse-rayee-rose-768x1024.jpg 768w, https:\/\/voyagedelabaleine.fr\/wp-content\/uploads\/2025\/02\/barboteuse-rayee-rose-1152x1536.jpg 1152w, https:\/\/voyagedelabaleine.fr\/wp-content\/uploads\/2025\/02\/barboteuse-rayee-rose.jpg 1200w\" sizes=\"(max-width: 600px) 100vw, 600px\" \/><img decoding=\"async\" width=\"600\" height=\"800\" src=\"https:\/\/voyagedelabaleine.fr\/wp-content\/uploads\/2024\/05\/barboteuse-bebe-rose-600x800.jpg\" class=\"woo-entry-image-secondary\" alt=\"Pagliaccetto bambina a righe &#8211; Rosa pallido\" itemprop=\"image\" srcset=\"https:\/\/voyagedelabaleine.fr\/wp-content\/uploads\/2024\/05\/barboteuse-bebe-rose-600x799.jpg 600w, https:\/\/voyagedelabaleine.fr\/wp-content\/uploads\/2024\/05\/barboteuse-bebe-rose-225x300.jpg 225w, https:\/\/voyagedelabaleine.fr\/wp-content\/uploads\/2024\/05\/barboteuse-bebe-rose.jpg 611w\" sizes=\"(max-width: 600px) 100vw, 600px\" \/><\/a>\t<\/div><!-- .woo-entry-image-swap -->\n\n<\/li><li class=\"title\"><h2><a href=\"https:\/\/voyagedelabaleine.fr\/it\/prodotto\/pagliaccetto-bambina-a-righe-rosa-pallido\/\">Pagliaccetto bambina a righe &#8211; Rosa pallido<\/a><\/h2><\/li><li class=\"price-wrap\">\n\t<span class=\"price\"><span class=\"woocommerce-Price-amount amount\"><bdi>44<span class=\"woocommerce-Price-currencySymbol\">&euro;<\/span><\/bdi><\/span><\/span>\n<\/li><\/ul><\/div><!-- .product-inner .clr --><\/li>\n<\/ul>\n<\/div><\/div>\n\t\t\t\t\t\t<\/div>\n\t\t\t\t<\/div>\n\t\t<div class=\"elementor-element elementor-element-5226b9d e-con-full e-flex e-con e-parent\" data-id=\"5226b9d\" data-element_type=\"container\" data-e-type=\"container\">\n\t\t\t\t<div class=\"elementor-element elementor-element-126263e elementor-widget-divider--separator-type-pattern elementor-widget-divider--view-line elementor-widget elementor-widget-divider\" data-id=\"126263e\" data-element_type=\"widget\" data-e-type=\"widget\" data-widget_type=\"divider.default\">\n\t\t\t\t\t\t\t<div class=\"elementor-divider\" style=\"--divider-pattern-url: url(&quot;data:image\/svg+xml,%3Csvg xmlns=&#039;http:\/\/www.w3.org\/2000\/svg&#039; preserveAspectRatio=&#039;none&#039; overflow=&#039;visible&#039; height=&#039;100%&#039; viewBox=&#039;0 0 24 24&#039; fill=&#039;black&#039; stroke=&#039;none&#039;%3E%3Cpath d=&#039;M12.7,2.3c-0.4-0.4-1.1-0.4-1.5,0l-8,9.1c-0.3,0.4-0.3,0.9,0,1.2l8,9.1c0.4,0.4,1.1,0.4,1.5,0l8-9.1c0.3-0.4,0.3-0.9,0-1.2L12.7,2.3z&#039;\/%3E%3C\/svg%3E&quot;);\">\n\t\t\t<span class=\"elementor-divider-separator\">\n\t\t\t\t\t\t<\/span>\n\t\t<\/div>\n\t\t\t\t\t\t<\/div>\n\t\t\t\t<div class=\"elementor-element elementor-element-9780d3a elementor-widget elementor-widget-heading\" data-id=\"9780d3a\" data-element_type=\"widget\" data-e-type=\"widget\" data-widget_type=\"heading.default\">\n\t\t\t\t\t<h2 class=\"elementor-heading-title elementor-size-default\">Primi giorni a righe di tenerezza<\/h2>\t\t\t\t<\/div>\n\t\t\t\t<div class=\"elementor-element elementor-element-22bbc6b elementor-widget__width-initial elementor-widget-mobile__width-inherit elementor-widget elementor-widget-shortcode\" data-id=\"22bbc6b\" data-element_type=\"widget\" data-e-type=\"widget\" data-widget_type=\"shortcode.default\">\n\t\t\t\t\t\t\t<div class=\"elementor-shortcode\"><div class=\"woocommerce columns-2 \">\r\n<ul class=\"products oceanwp-row clr grid tablet-col tablet-2-col mobile-col mobile-2-col\">\r\n<li class=\"entry has-media col span_1_of_2 owp-content-center owp-thumbs-layout-vertical owp-btn-big owp-tabs-layout-vertical circle-sale product type-product post-33340 status-publish first instock product_cat-scarpine-nascita product_cat-scarpine-nascita-ragazza product_cat-scarpine-nascita-ragazzo product_cat-scarpine-neonata product_cat-scarpine-neonati product_cat-scarpine-neonato product_cat-ultima-occasione product_tag-scarpine has-post-thumbnail featured taxable shipping-taxable purchasable product-type-variable has-default-attributes\">\n\t<div class=\"product-inner clr\">\n\t<div class=\"woo-entry-image-swap woo-entry-image clr\">\n\t\t<a href=\"https:\/\/voyagedelabaleine.fr\/it\/prodotto\/scarpine-neonato-alte-in-pelle-beige\/\" class=\"woocommerce-LoopProduct-link\"><img decoding=\"async\" width=\"600\" height=\"800\" src=\"https:\/\/voyagedelabaleine.fr\/wp-content\/uploads\/2023\/10\/chaussons-bebe-hauts-cuir-beige-1-600x800.jpg\" class=\"woo-entry-image-main\" alt=\"Scarpine neonato alte in pelle &#8211; Beige\" itemprop=\"image\" srcset=\"https:\/\/voyagedelabaleine.fr\/wp-content\/uploads\/2023\/10\/chaussons-bebe-hauts-cuir-beige-1-600x800.jpg 600w, https:\/\/voyagedelabaleine.fr\/wp-content\/uploads\/2023\/10\/chaussons-bebe-hauts-cuir-beige-1-225x300.jpg 225w, https:\/\/voyagedelabaleine.fr\/wp-content\/uploads\/2023\/10\/chaussons-bebe-hauts-cuir-beige-1-768x1024.jpg 768w, https:\/\/voyagedelabaleine.fr\/wp-content\/uploads\/2023\/10\/chaussons-bebe-hauts-cuir-beige-1.jpg 855w\" sizes=\"(max-width: 600px) 100vw, 600px\" \/><img decoding=\"async\" width=\"600\" height=\"800\" src=\"https:\/\/voyagedelabaleine.fr\/wp-content\/uploads\/2023\/10\/chaussons-bebe-hauts-cuir-beige-2-600x800.jpg\" class=\"woo-entry-image-secondary\" alt=\"Scarpine neonato alte in pelle &#8211; Beige\" itemprop=\"image\" srcset=\"https:\/\/voyagedelabaleine.fr\/wp-content\/uploads\/2023\/10\/chaussons-bebe-hauts-cuir-beige-2-600x800.jpg 600w, https:\/\/voyagedelabaleine.fr\/wp-content\/uploads\/2023\/10\/chaussons-bebe-hauts-cuir-beige-2-225x300.jpg 225w, https:\/\/voyagedelabaleine.fr\/wp-content\/uploads\/2023\/10\/chaussons-bebe-hauts-cuir-beige-2.jpg 679w\" sizes=\"(max-width: 600px) 100vw, 600px\" \/><\/a>\t<\/div><!-- .woo-entry-image-swap -->\n\n<ul class=\"woo-entry-inner clr\"><li class=\"image-wrap\">\n\t<div class=\"woo-entry-image-swap woo-entry-image clr\">\n\t\t<a href=\"https:\/\/voyagedelabaleine.fr\/it\/prodotto\/scarpine-neonato-alte-in-pelle-beige\/\" class=\"woocommerce-LoopProduct-link\"><img decoding=\"async\" width=\"600\" height=\"800\" src=\"https:\/\/voyagedelabaleine.fr\/wp-content\/uploads\/2023\/10\/chaussons-bebe-hauts-cuir-beige-1-600x800.jpg\" class=\"woo-entry-image-main\" alt=\"Scarpine neonato alte in pelle &#8211; Beige\" itemprop=\"image\" srcset=\"https:\/\/voyagedelabaleine.fr\/wp-content\/uploads\/2023\/10\/chaussons-bebe-hauts-cuir-beige-1-600x800.jpg 600w, https:\/\/voyagedelabaleine.fr\/wp-content\/uploads\/2023\/10\/chaussons-bebe-hauts-cuir-beige-1-225x300.jpg 225w, https:\/\/voyagedelabaleine.fr\/wp-content\/uploads\/2023\/10\/chaussons-bebe-hauts-cuir-beige-1-768x1024.jpg 768w, https:\/\/voyagedelabaleine.fr\/wp-content\/uploads\/2023\/10\/chaussons-bebe-hauts-cuir-beige-1.jpg 855w\" sizes=\"(max-width: 600px) 100vw, 600px\" \/><img decoding=\"async\" width=\"600\" height=\"800\" src=\"https:\/\/voyagedelabaleine.fr\/wp-content\/uploads\/2023\/10\/chaussons-bebe-hauts-cuir-beige-2-600x800.jpg\" class=\"woo-entry-image-secondary\" alt=\"Scarpine neonato alte in pelle &#8211; Beige\" itemprop=\"image\" srcset=\"https:\/\/voyagedelabaleine.fr\/wp-content\/uploads\/2023\/10\/chaussons-bebe-hauts-cuir-beige-2-600x800.jpg 600w, https:\/\/voyagedelabaleine.fr\/wp-content\/uploads\/2023\/10\/chaussons-bebe-hauts-cuir-beige-2-225x300.jpg 225w, https:\/\/voyagedelabaleine.fr\/wp-content\/uploads\/2023\/10\/chaussons-bebe-hauts-cuir-beige-2.jpg 679w\" sizes=\"(max-width: 600px) 100vw, 600px\" \/><\/a>\t<\/div><!-- .woo-entry-image-swap -->\n\n<\/li><li class=\"title\"><h2><a href=\"https:\/\/voyagedelabaleine.fr\/it\/prodotto\/scarpine-neonato-alte-in-pelle-beige\/\">Scarpine neonato alte in pelle &#8211; Beige<\/a><\/h2><\/li><li class=\"price-wrap\">\n\t<span class=\"price\"><span class=\"woocommerce-Price-amount amount\"><bdi>36<span class=\"woocommerce-Price-currencySymbol\">&euro;<\/span><\/bdi><\/span><\/span>\n<\/li><\/ul><\/div><!-- .product-inner .clr --><\/li>\n<li class=\"entry has-media col span_1_of_2 owp-content-center owp-thumbs-layout-vertical owp-btn-big owp-tabs-layout-vertical circle-sale product type-product post-32653 status-publish last instock product_cat-abbigliamento product_cat-pagliaccetto-salopette-nascita product_cat-pagliaccetto-salopette-nascita-ragazza product_cat-pagliaccetto-salopette-neonata product_cat-pagliaccetto-salopette-neonati product_cat-ultima-occasione has-post-thumbnail taxable shipping-taxable purchasable product-type-variable has-default-attributes\">\n\t<div class=\"product-inner clr\">\n\t<div class=\"woo-entry-image-swap woo-entry-image clr\">\n\t\t<a href=\"https:\/\/voyagedelabaleine.fr\/it\/prodotto\/pagliaccetto-a-righe-con-maniche-a-volant-rosa-bianco\/\" class=\"woocommerce-LoopProduct-link\"><img decoding=\"async\" width=\"600\" height=\"800\" src=\"https:\/\/voyagedelabaleine.fr\/wp-content\/uploads\/2025\/03\/barboteuse-bebe-rayee-rose-600x800.jpg\" class=\"woo-entry-image-main\" alt=\"Pagliaccetto a righe con maniche a volant &#8211; Rosa\/bianco\" itemprop=\"image\" srcset=\"https:\/\/voyagedelabaleine.fr\/wp-content\/uploads\/2025\/03\/barboteuse-bebe-rayee-rose-600x800.jpg 600w, https:\/\/voyagedelabaleine.fr\/wp-content\/uploads\/2025\/03\/barboteuse-bebe-rayee-rose-225x300.jpg 225w, https:\/\/voyagedelabaleine.fr\/wp-content\/uploads\/2025\/03\/barboteuse-bebe-rayee-rose-768x1023.jpg 768w, https:\/\/voyagedelabaleine.fr\/wp-content\/uploads\/2025\/03\/barboteuse-bebe-rayee-rose-1153x1536.jpg 1153w, https:\/\/voyagedelabaleine.fr\/wp-content\/uploads\/2025\/03\/barboteuse-bebe-rayee-rose.jpg 1200w\" sizes=\"(max-width: 600px) 100vw, 600px\" \/><img decoding=\"async\" width=\"600\" height=\"800\" src=\"https:\/\/voyagedelabaleine.fr\/wp-content\/uploads\/2025\/03\/barboteuse-rayee-rose-3-1-600x800.jpg\" class=\"woo-entry-image-secondary\" alt=\"Pagliaccetto a righe con maniche a volant &#8211; Rosa\/bianco\" itemprop=\"image\" srcset=\"https:\/\/voyagedelabaleine.fr\/wp-content\/uploads\/2025\/03\/barboteuse-rayee-rose-3-1-600x800.jpg 600w, https:\/\/voyagedelabaleine.fr\/wp-content\/uploads\/2025\/03\/barboteuse-rayee-rose-3-1-225x300.jpg 225w, https:\/\/voyagedelabaleine.fr\/wp-content\/uploads\/2025\/03\/barboteuse-rayee-rose-3-1-768x1024.jpg 768w, https:\/\/voyagedelabaleine.fr\/wp-content\/uploads\/2025\/03\/barboteuse-rayee-rose-3-1.jpg 903w\" sizes=\"(max-width: 600px) 100vw, 600px\" \/><\/a>\t<\/div><!-- .woo-entry-image-swap -->\n\n<ul class=\"woo-entry-inner clr\"><li class=\"image-wrap\">\n\t<div class=\"woo-entry-image-swap woo-entry-image clr\">\n\t\t<a href=\"https:\/\/voyagedelabaleine.fr\/it\/prodotto\/pagliaccetto-a-righe-con-maniche-a-volant-rosa-bianco\/\" class=\"woocommerce-LoopProduct-link\"><img decoding=\"async\" width=\"600\" height=\"800\" src=\"https:\/\/voyagedelabaleine.fr\/wp-content\/uploads\/2025\/03\/barboteuse-bebe-rayee-rose-600x800.jpg\" class=\"woo-entry-image-main\" alt=\"Pagliaccetto a righe con maniche a volant &#8211; Rosa\/bianco\" itemprop=\"image\" srcset=\"https:\/\/voyagedelabaleine.fr\/wp-content\/uploads\/2025\/03\/barboteuse-bebe-rayee-rose-600x800.jpg 600w, https:\/\/voyagedelabaleine.fr\/wp-content\/uploads\/2025\/03\/barboteuse-bebe-rayee-rose-225x300.jpg 225w, https:\/\/voyagedelabaleine.fr\/wp-content\/uploads\/2025\/03\/barboteuse-bebe-rayee-rose-768x1023.jpg 768w, https:\/\/voyagedelabaleine.fr\/wp-content\/uploads\/2025\/03\/barboteuse-bebe-rayee-rose-1153x1536.jpg 1153w, https:\/\/voyagedelabaleine.fr\/wp-content\/uploads\/2025\/03\/barboteuse-bebe-rayee-rose.jpg 1200w\" sizes=\"(max-width: 600px) 100vw, 600px\" \/><img decoding=\"async\" width=\"600\" height=\"800\" src=\"https:\/\/voyagedelabaleine.fr\/wp-content\/uploads\/2025\/03\/barboteuse-rayee-rose-3-1-600x800.jpg\" class=\"woo-entry-image-secondary\" alt=\"Pagliaccetto a righe con maniche a volant &#8211; Rosa\/bianco\" itemprop=\"image\" srcset=\"https:\/\/voyagedelabaleine.fr\/wp-content\/uploads\/2025\/03\/barboteuse-rayee-rose-3-1-600x800.jpg 600w, https:\/\/voyagedelabaleine.fr\/wp-content\/uploads\/2025\/03\/barboteuse-rayee-rose-3-1-225x300.jpg 225w, https:\/\/voyagedelabaleine.fr\/wp-content\/uploads\/2025\/03\/barboteuse-rayee-rose-3-1-768x1024.jpg 768w, https:\/\/voyagedelabaleine.fr\/wp-content\/uploads\/2025\/03\/barboteuse-rayee-rose-3-1.jpg 903w\" sizes=\"(max-width: 600px) 100vw, 600px\" \/><\/a>\t<\/div><!-- .woo-entry-image-swap -->\n\n<\/li><li class=\"title\"><h2><a href=\"https:\/\/voyagedelabaleine.fr\/it\/prodotto\/pagliaccetto-a-righe-con-maniche-a-volant-rosa-bianco\/\">Pagliaccetto a righe con maniche a volant &#8211; Rosa\/bianco<\/a><\/h2><\/li><li class=\"price-wrap\">\n\t<span class=\"price\"><span class=\"woocommerce-Price-amount amount\"><bdi>52<span class=\"woocommerce-Price-currencySymbol\">&euro;<\/span><\/bdi><\/span><\/span>\n<\/li><\/ul><\/div><!-- .product-inner .clr --><\/li>\n<\/ul>\n<\/div><\/div>\n\t\t\t\t\t\t<\/div>\n\t\t\t\t<\/div>\n\t\t<div class=\"elementor-element elementor-element-0e33f7c e-con-full e-flex e-con e-parent\" data-id=\"0e33f7c\" data-element_type=\"container\" data-e-type=\"container\">\n\t\t\t\t<div class=\"elementor-element elementor-element-b729011 elementor-widget-divider--separator-type-pattern elementor-widget-divider--view-line elementor-widget elementor-widget-divider\" data-id=\"b729011\" data-element_type=\"widget\" data-e-type=\"widget\" data-widget_type=\"divider.default\">\n\t\t\t\t\t\t\t<div class=\"elementor-divider\" style=\"--divider-pattern-url: url(&quot;data:image\/svg+xml,%3Csvg xmlns=&#039;http:\/\/www.w3.org\/2000\/svg&#039; preserveAspectRatio=&#039;none&#039; overflow=&#039;visible&#039; height=&#039;100%&#039; viewBox=&#039;0 0 24 24&#039; fill=&#039;black&#039; stroke=&#039;none&#039;%3E%3Cpath d=&#039;M12.7,2.3c-0.4-0.4-1.1-0.4-1.5,0l-8,9.1c-0.3,0.4-0.3,0.9,0,1.2l8,9.1c0.4,0.4,1.1,0.4,1.5,0l8-9.1c0.3-0.4,0.3-0.9,0-1.2L12.7,2.3z&#039;\/%3E%3C\/svg%3E&quot;);\">\n\t\t\t<span class=\"elementor-divider-separator\">\n\t\t\t\t\t\t<\/span>\n\t\t<\/div>\n\t\t\t\t\t\t<\/div>\n\t\t\t\t<div class=\"elementor-element elementor-element-e9106aa elementor-widget elementor-widget-heading\" data-id=\"e9106aa\" data-element_type=\"widget\" data-e-type=\"widget\" data-widget_type=\"heading.default\">\n\t\t\t\t\t<h2 class=\"elementor-heading-title elementor-size-default\">Fascino intramontabile<\/h2>\t\t\t\t<\/div>\n\t\t\t\t<div class=\"elementor-element elementor-element-8bf554f elementor-widget__width-initial elementor-widget-mobile__width-inherit elementor-widget elementor-widget-shortcode\" data-id=\"8bf554f\" data-element_type=\"widget\" data-e-type=\"widget\" data-widget_type=\"shortcode.default\">\n\t\t\t\t\t\t\t<div class=\"elementor-shortcode\"><div class=\"woocommerce columns-2 \">\r\n<ul class=\"products oceanwp-row clr grid tablet-col tablet-2-col mobile-col mobile-2-col\">\r\n<li class=\"entry has-media col span_1_of_2 owp-content-center owp-thumbs-layout-vertical owp-btn-big owp-tabs-layout-vertical circle-sale product type-product post-29082 status-publish first instock product_cat-abbigliamento product_cat-bambina product_cat-bloomer-short-pantaloni-nascita product_cat-bloomer-short-pantaloni-nascita-ragazza product_cat-bloomer-short-pantaloni-neonata product_cat-bloomer-short-pantaloni-neonati product_cat-completi-nascita product_cat-completi-nascita-ragazza product_cat-completi-neonata product_cat-completi-neonati product_cat-completo-salopette-bambina product_cat-completo-salopette-bambini product_cat-nascita-ragazza product_cat-neonata product_cat-vestito-nascita product_cat-vestito-bambina product_cat-vestito-neonata has-post-thumbnail taxable shipping-taxable purchasable product-type-variable has-default-attributes\">\n\t<div class=\"product-inner clr\">\n\t<div class=\"woo-entry-image-swap woo-entry-image clr\">\n\t\t<a href=\"https:\/\/voyagedelabaleine.fr\/it\/prodotto\/completo-bambina-abito-corto-vichy-e-bloomer-rosa\/\" class=\"woocommerce-LoopProduct-link\"><img decoding=\"async\" width=\"600\" height=\"800\" src=\"https:\/\/voyagedelabaleine.fr\/wp-content\/uploads\/2025\/04\/robe-vichy-rose-3-600x800.jpg\" class=\"woo-entry-image-main\" alt=\"Completo bambina abito corto vichy e bloomer &#8211; Rosa\" itemprop=\"image\" srcset=\"https:\/\/voyagedelabaleine.fr\/wp-content\/uploads\/2025\/04\/robe-vichy-rose-3-600x800.jpg 600w, https:\/\/voyagedelabaleine.fr\/wp-content\/uploads\/2025\/04\/robe-vichy-rose-3-225x300.jpg 225w, https:\/\/voyagedelabaleine.fr\/wp-content\/uploads\/2025\/04\/robe-vichy-rose-3-768x1024.jpg 768w, https:\/\/voyagedelabaleine.fr\/wp-content\/uploads\/2025\/04\/robe-vichy-rose-3-1152x1536.jpg 1152w, https:\/\/voyagedelabaleine.fr\/wp-content\/uploads\/2025\/04\/robe-vichy-rose-3.jpg 1500w\" sizes=\"(max-width: 600px) 100vw, 600px\" \/><img decoding=\"async\" width=\"600\" height=\"800\" src=\"https:\/\/voyagedelabaleine.fr\/wp-content\/uploads\/2025\/04\/robe-vichy-rose-2-600x800.jpg\" class=\"woo-entry-image-secondary\" alt=\"Completo bambina abito corto vichy e bloomer &#8211; Rosa\" itemprop=\"image\" srcset=\"https:\/\/voyagedelabaleine.fr\/wp-content\/uploads\/2025\/04\/robe-vichy-rose-2-600x800.jpg 600w, https:\/\/voyagedelabaleine.fr\/wp-content\/uploads\/2025\/04\/robe-vichy-rose-2-225x300.jpg 225w, https:\/\/voyagedelabaleine.fr\/wp-content\/uploads\/2025\/04\/robe-vichy-rose-2-768x1024.jpg 768w, https:\/\/voyagedelabaleine.fr\/wp-content\/uploads\/2025\/04\/robe-vichy-rose-2-1152x1536.jpg 1152w, https:\/\/voyagedelabaleine.fr\/wp-content\/uploads\/2025\/04\/robe-vichy-rose-2.jpg 1500w\" sizes=\"(max-width: 600px) 100vw, 600px\" \/><\/a>\t<\/div><!-- .woo-entry-image-swap -->\n\n<ul class=\"woo-entry-inner clr\"><li class=\"image-wrap\">\n\t<div class=\"woo-entry-image-swap woo-entry-image clr\">\n\t\t<a href=\"https:\/\/voyagedelabaleine.fr\/it\/prodotto\/completo-bambina-abito-corto-vichy-e-bloomer-rosa\/\" class=\"woocommerce-LoopProduct-link\"><img decoding=\"async\" width=\"600\" height=\"800\" src=\"https:\/\/voyagedelabaleine.fr\/wp-content\/uploads\/2025\/04\/robe-vichy-rose-3-600x800.jpg\" class=\"woo-entry-image-main\" alt=\"Completo bambina abito corto vichy e bloomer &#8211; Rosa\" itemprop=\"image\" srcset=\"https:\/\/voyagedelabaleine.fr\/wp-content\/uploads\/2025\/04\/robe-vichy-rose-3-600x800.jpg 600w, https:\/\/voyagedelabaleine.fr\/wp-content\/uploads\/2025\/04\/robe-vichy-rose-3-225x300.jpg 225w, https:\/\/voyagedelabaleine.fr\/wp-content\/uploads\/2025\/04\/robe-vichy-rose-3-768x1024.jpg 768w, https:\/\/voyagedelabaleine.fr\/wp-content\/uploads\/2025\/04\/robe-vichy-rose-3-1152x1536.jpg 1152w, https:\/\/voyagedelabaleine.fr\/wp-content\/uploads\/2025\/04\/robe-vichy-rose-3.jpg 1500w\" sizes=\"(max-width: 600px) 100vw, 600px\" \/><img decoding=\"async\" width=\"600\" height=\"800\" src=\"https:\/\/voyagedelabaleine.fr\/wp-content\/uploads\/2025\/04\/robe-vichy-rose-2-600x800.jpg\" class=\"woo-entry-image-secondary\" alt=\"Completo bambina abito corto vichy e bloomer &#8211; Rosa\" itemprop=\"image\" srcset=\"https:\/\/voyagedelabaleine.fr\/wp-content\/uploads\/2025\/04\/robe-vichy-rose-2-600x800.jpg 600w, https:\/\/voyagedelabaleine.fr\/wp-content\/uploads\/2025\/04\/robe-vichy-rose-2-225x300.jpg 225w, https:\/\/voyagedelabaleine.fr\/wp-content\/uploads\/2025\/04\/robe-vichy-rose-2-768x1024.jpg 768w, https:\/\/voyagedelabaleine.fr\/wp-content\/uploads\/2025\/04\/robe-vichy-rose-2-1152x1536.jpg 1152w, https:\/\/voyagedelabaleine.fr\/wp-content\/uploads\/2025\/04\/robe-vichy-rose-2.jpg 1500w\" sizes=\"(max-width: 600px) 100vw, 600px\" \/><\/a>\t<\/div><!-- .woo-entry-image-swap -->\n\n<\/li><li class=\"title\"><h2><a href=\"https:\/\/voyagedelabaleine.fr\/it\/prodotto\/completo-bambina-abito-corto-vichy-e-bloomer-rosa\/\">Completo bambina abito corto vichy e bloomer &#8211; Rosa<\/a><\/h2><\/li><li class=\"price-wrap\">\n\t<span class=\"price\"><span class=\"woocommerce-Price-amount amount\"><bdi>64<span class=\"woocommerce-Price-currencySymbol\">&euro;<\/span><\/bdi><\/span><\/span>\n<\/li><\/ul><\/div><!-- .product-inner .clr --><\/li>\n<li class=\"entry has-media col span_1_of_2 owp-content-center owp-thumbs-layout-vertical owp-btn-big owp-tabs-layout-vertical circle-sale product type-product post-31594 status-publish last instock product_cat-calze-collant-neonati-bambini product_cat-calzini-collant-nascita product_cat-calzini-collant-nascita-ragazza product_cat-calzini-collant-neonata product_cat-ultima-occasione has-post-thumbnail sale taxable shipping-taxable purchasable product-type-variable has-default-attributes\">\n\t<div class=\"product-inner clr\">\n\t<div class=\"woo-entry-image-swap woo-entry-image clr\">\n\t\t<a href=\"https:\/\/voyagedelabaleine.fr\/it\/prodotto\/calzini-bambina-corti-traforati-bianchi\/\" class=\"woocommerce-LoopProduct-link\"><img decoding=\"async\" width=\"600\" height=\"800\" src=\"https:\/\/voyagedelabaleine.fr\/wp-content\/uploads\/2024\/02\/chaussettes-bebe-coutes-blanches-ajourees-1-600x800.jpg\" class=\"woo-entry-image-main\" alt=\"Calzini bambina corti traforati &#8211; Bianchi\" itemprop=\"image\" srcset=\"https:\/\/voyagedelabaleine.fr\/wp-content\/uploads\/2024\/02\/chaussettes-bebe-coutes-blanches-ajourees-1-600x800.jpg 600w, https:\/\/voyagedelabaleine.fr\/wp-content\/uploads\/2024\/02\/chaussettes-bebe-coutes-blanches-ajourees-1-225x300.jpg 225w, https:\/\/voyagedelabaleine.fr\/wp-content\/uploads\/2024\/02\/chaussettes-bebe-coutes-blanches-ajourees-1-768x1024.jpg 768w, https:\/\/voyagedelabaleine.fr\/wp-content\/uploads\/2024\/02\/chaussettes-bebe-coutes-blanches-ajourees-1.jpg 855w\" sizes=\"(max-width: 600px) 100vw, 600px\" \/><img decoding=\"async\" width=\"590\" height=\"787\" src=\"https:\/\/voyagedelabaleine.fr\/wp-content\/uploads\/2024\/02\/chaussettes-bebe-coutes-blanches-ajourees-2.jpg\" class=\"woo-entry-image-secondary\" alt=\"Calzini bambina corti traforati &#8211; Bianchi\" itemprop=\"image\" srcset=\"https:\/\/voyagedelabaleine.fr\/wp-content\/uploads\/2024\/02\/chaussettes-bebe-coutes-blanches-ajourees-2.jpg 590w, https:\/\/voyagedelabaleine.fr\/wp-content\/uploads\/2024\/02\/chaussettes-bebe-coutes-blanches-ajourees-2-225x300.jpg 225w\" sizes=\"(max-width: 590px) 100vw, 590px\" \/><\/a>\t<\/div><!-- .woo-entry-image-swap -->\n\n<ul class=\"woo-entry-inner clr\"><li class=\"image-wrap\">\n\t<span class=\"onsale\">-20%<\/span>\n\t\n\t<div class=\"woo-entry-image-swap woo-entry-image clr\">\n\t\t<a href=\"https:\/\/voyagedelabaleine.fr\/it\/prodotto\/calzini-bambina-corti-traforati-bianchi\/\" class=\"woocommerce-LoopProduct-link\"><img decoding=\"async\" width=\"600\" height=\"800\" src=\"https:\/\/voyagedelabaleine.fr\/wp-content\/uploads\/2024\/02\/chaussettes-bebe-coutes-blanches-ajourees-1-600x800.jpg\" class=\"woo-entry-image-main\" alt=\"Calzini bambina corti traforati &#8211; Bianchi\" itemprop=\"image\" srcset=\"https:\/\/voyagedelabaleine.fr\/wp-content\/uploads\/2024\/02\/chaussettes-bebe-coutes-blanches-ajourees-1-600x800.jpg 600w, https:\/\/voyagedelabaleine.fr\/wp-content\/uploads\/2024\/02\/chaussettes-bebe-coutes-blanches-ajourees-1-225x300.jpg 225w, https:\/\/voyagedelabaleine.fr\/wp-content\/uploads\/2024\/02\/chaussettes-bebe-coutes-blanches-ajourees-1-768x1024.jpg 768w, https:\/\/voyagedelabaleine.fr\/wp-content\/uploads\/2024\/02\/chaussettes-bebe-coutes-blanches-ajourees-1.jpg 855w\" sizes=\"(max-width: 600px) 100vw, 600px\" \/><img decoding=\"async\" width=\"590\" height=\"787\" src=\"https:\/\/voyagedelabaleine.fr\/wp-content\/uploads\/2024\/02\/chaussettes-bebe-coutes-blanches-ajourees-2.jpg\" class=\"woo-entry-image-secondary\" alt=\"Calzini bambina corti traforati &#8211; Bianchi\" itemprop=\"image\" srcset=\"https:\/\/voyagedelabaleine.fr\/wp-content\/uploads\/2024\/02\/chaussettes-bebe-coutes-blanches-ajourees-2.jpg 590w, https:\/\/voyagedelabaleine.fr\/wp-content\/uploads\/2024\/02\/chaussettes-bebe-coutes-blanches-ajourees-2-225x300.jpg 225w\" sizes=\"(max-width: 590px) 100vw, 590px\" \/><\/a>\t<\/div><!-- .woo-entry-image-swap -->\n\n<\/li><li class=\"title\"><h2><a href=\"https:\/\/voyagedelabaleine.fr\/it\/prodotto\/calzini-bambina-corti-traforati-bianchi\/\">Calzini bambina corti traforati &#8211; Bianchi<\/a><\/h2><\/li><li class=\"price-wrap\">\n\t<span class=\"price\"><del aria-hidden=\"true\"><span class=\"woocommerce-Price-amount amount\"><bdi>7<span class=\"woocommerce-Price-currencySymbol\">&euro;<\/span><\/bdi><\/span><\/del> <span class=\"screen-reader-text\">Il prezzo originale era: 7&euro;.<\/span><ins aria-hidden=\"true\"><span class=\"woocommerce-Price-amount amount\"><bdi>5,60<span class=\"woocommerce-Price-currencySymbol\">&euro;<\/span><\/bdi><\/span><\/ins><span class=\"screen-reader-text\">Il prezzo attuale \u00e8: 5,60&euro;.<\/span><\/span>\n<\/li><\/ul><\/div><!-- .product-inner .clr --><\/li>\n<\/ul>\n<\/div><\/div>\n\t\t\t\t\t\t<\/div>\n\t\t\t\t<\/div>\n\t\t<div class=\"elementor-element elementor-element-d563c6b e-con-full e-flex e-con e-parent\" data-id=\"d563c6b\" data-element_type=\"container\" data-e-type=\"container\">\n\t\t\t\t<div class=\"elementor-element elementor-element-dc48903 elementor-widget-divider--separator-type-pattern elementor-widget-divider--view-line elementor-widget elementor-widget-divider\" data-id=\"dc48903\" data-element_type=\"widget\" data-e-type=\"widget\" data-widget_type=\"divider.default\">\n\t\t\t\t\t\t\t<div class=\"elementor-divider\" style=\"--divider-pattern-url: url(&quot;data:image\/svg+xml,%3Csvg xmlns=&#039;http:\/\/www.w3.org\/2000\/svg&#039; preserveAspectRatio=&#039;none&#039; overflow=&#039;visible&#039; height=&#039;100%&#039; viewBox=&#039;0 0 24 24&#039; fill=&#039;black&#039; stroke=&#039;none&#039;%3E%3Cpath d=&#039;M12.7,2.3c-0.4-0.4-1.1-0.4-1.5,0l-8,9.1c-0.3,0.4-0.3,0.9,0,1.2l8,9.1c0.4,0.4,1.1,0.4,1.5,0l8-9.1c0.3-0.4,0.3-0.9,0-1.2L12.7,2.3z&#039;\/%3E%3C\/svg%3E&quot;);\">\n\t\t\t<span class=\"elementor-divider-separator\">\n\t\t\t\t\t\t<\/span>\n\t\t<\/div>\n\t\t\t\t\t\t<\/div>\n\t\t\t\t<div class=\"elementor-element elementor-element-10c34c3 elementor-widget elementor-widget-heading\" data-id=\"10c34c3\" data-element_type=\"widget\" data-e-type=\"widget\" data-widget_type=\"heading.default\">\n\t\t\t\t\t<h2 class=\"elementor-heading-title elementor-size-default\">Merino e morbidezza<\/h2>\t\t\t\t<\/div>\n\t\t\t\t<div class=\"elementor-element elementor-element-72cfc47 elementor-widget__width-initial elementor-widget-mobile__width-inherit elementor-widget elementor-widget-shortcode\" data-id=\"72cfc47\" data-element_type=\"widget\" data-e-type=\"widget\" data-widget_type=\"shortcode.default\">\n\t\t\t\t\t\t\t<div class=\"elementor-shortcode\"><div class=\"woocommerce columns-2 \">\r\n<ul class=\"products oceanwp-row clr grid tablet-col tablet-2-col mobile-col mobile-2-col\">\r\n<li class=\"entry has-media has-rating col span_1_of_2 owp-content-center owp-thumbs-layout-vertical owp-btn-big owp-tabs-layout-vertical circle-sale product type-product post-32269 status-publish first instock product_cat-scarpine-nascita product_cat-scarpine-nascita-ragazza product_cat-scarpine-nascita-ragazzo product_cat-scarpine-neonata product_cat-scarpine-neonati product_cat-scarpine-neonato has-post-thumbnail taxable shipping-taxable purchasable product-type-variable has-default-attributes\">\n\t<div class=\"product-inner clr\">\n\t<div class=\"woo-entry-image-swap woo-entry-image clr\">\n\t\t<a href=\"https:\/\/voyagedelabaleine.fr\/it\/prodotto\/scarpine-neonato-a-punto-legaccio-in-lana-merino-crema\/\" class=\"woocommerce-LoopProduct-link\"><img decoding=\"async\" width=\"600\" height=\"800\" src=\"https:\/\/voyagedelabaleine.fr\/wp-content\/uploads\/2024\/10\/chaussons-point-mousse-1-scaled-600x800.jpg\" class=\"woo-entry-image-main\" alt=\"Scarpine neonato a punto legaccio in lana merino &#8211; Crema\" itemprop=\"image\" srcset=\"https:\/\/voyagedelabaleine.fr\/wp-content\/uploads\/2024\/10\/chaussons-point-mousse-1-scaled-600x800.jpg 600w, https:\/\/voyagedelabaleine.fr\/wp-content\/uploads\/2024\/10\/chaussons-point-mousse-1-scaled-225x300.jpg 225w, https:\/\/voyagedelabaleine.fr\/wp-content\/uploads\/2024\/10\/chaussons-point-mousse-1-scaled-768x1024.jpg 768w, https:\/\/voyagedelabaleine.fr\/wp-content\/uploads\/2024\/10\/chaussons-point-mousse-1-scaled-1152x1536.jpg 1152w, https:\/\/voyagedelabaleine.fr\/wp-content\/uploads\/2024\/10\/chaussons-point-mousse-1-scaled.jpg 1536w\" sizes=\"(max-width: 600px) 100vw, 600px\" \/><img decoding=\"async\" width=\"600\" height=\"800\" src=\"https:\/\/voyagedelabaleine.fr\/wp-content\/uploads\/2024\/10\/chaussons-point-mousse-600x800.jpg\" class=\"woo-entry-image-secondary\" alt=\"Scarpine neonato a punto legaccio in lana merino &#8211; Crema\" itemprop=\"image\" srcset=\"https:\/\/voyagedelabaleine.fr\/wp-content\/uploads\/2024\/10\/chaussons-point-mousse-600x800.jpg 600w, https:\/\/voyagedelabaleine.fr\/wp-content\/uploads\/2024\/10\/chaussons-point-mousse-225x300.jpg 225w, https:\/\/voyagedelabaleine.fr\/wp-content\/uploads\/2024\/10\/chaussons-point-mousse-768x1024.jpg 768w, https:\/\/voyagedelabaleine.fr\/wp-content\/uploads\/2024\/10\/chaussons-point-mousse.jpg 1100w\" sizes=\"(max-width: 600px) 100vw, 600px\" \/><\/a>\t<\/div><!-- .woo-entry-image-swap -->\n\n<ul class=\"woo-entry-inner clr\"><li class=\"image-wrap\">\n\t<div class=\"woo-entry-image-swap woo-entry-image clr\">\n\t\t<a href=\"https:\/\/voyagedelabaleine.fr\/it\/prodotto\/scarpine-neonato-a-punto-legaccio-in-lana-merino-crema\/\" class=\"woocommerce-LoopProduct-link\"><img decoding=\"async\" width=\"600\" height=\"800\" src=\"https:\/\/voyagedelabaleine.fr\/wp-content\/uploads\/2024\/10\/chaussons-point-mousse-1-scaled-600x800.jpg\" class=\"woo-entry-image-main\" alt=\"Scarpine neonato a punto legaccio in lana merino &#8211; Crema\" itemprop=\"image\" srcset=\"https:\/\/voyagedelabaleine.fr\/wp-content\/uploads\/2024\/10\/chaussons-point-mousse-1-scaled-600x800.jpg 600w, https:\/\/voyagedelabaleine.fr\/wp-content\/uploads\/2024\/10\/chaussons-point-mousse-1-scaled-225x300.jpg 225w, https:\/\/voyagedelabaleine.fr\/wp-content\/uploads\/2024\/10\/chaussons-point-mousse-1-scaled-768x1024.jpg 768w, https:\/\/voyagedelabaleine.fr\/wp-content\/uploads\/2024\/10\/chaussons-point-mousse-1-scaled-1152x1536.jpg 1152w, https:\/\/voyagedelabaleine.fr\/wp-content\/uploads\/2024\/10\/chaussons-point-mousse-1-scaled.jpg 1536w\" sizes=\"(max-width: 600px) 100vw, 600px\" \/><img decoding=\"async\" width=\"600\" height=\"800\" src=\"https:\/\/voyagedelabaleine.fr\/wp-content\/uploads\/2024\/10\/chaussons-point-mousse-600x800.jpg\" class=\"woo-entry-image-secondary\" alt=\"Scarpine neonato a punto legaccio in lana merino &#8211; Crema\" itemprop=\"image\" srcset=\"https:\/\/voyagedelabaleine.fr\/wp-content\/uploads\/2024\/10\/chaussons-point-mousse-600x800.jpg 600w, https:\/\/voyagedelabaleine.fr\/wp-content\/uploads\/2024\/10\/chaussons-point-mousse-225x300.jpg 225w, https:\/\/voyagedelabaleine.fr\/wp-content\/uploads\/2024\/10\/chaussons-point-mousse-768x1024.jpg 768w, https:\/\/voyagedelabaleine.fr\/wp-content\/uploads\/2024\/10\/chaussons-point-mousse.jpg 1100w\" sizes=\"(max-width: 600px) 100vw, 600px\" \/><\/a>\t<\/div><!-- .woo-entry-image-swap -->\n\n<\/li><li class=\"title\"><h2><a href=\"https:\/\/voyagedelabaleine.fr\/it\/prodotto\/scarpine-neonato-a-punto-legaccio-in-lana-merino-crema\/\">Scarpine neonato a punto legaccio in lana merino &#8211; Crema<\/a><\/h2><\/li><li class=\"price-wrap\">\n\t<span class=\"price\"><span class=\"woocommerce-Price-amount amount\"><bdi>28<span class=\"woocommerce-Price-currencySymbol\">&euro;<\/span><\/bdi><\/span><\/span>\n<\/li><\/ul><\/div><!-- .product-inner .clr --><\/li>\n<li class=\"entry has-media has-rating col span_1_of_2 owp-content-center owp-thumbs-layout-vertical owp-btn-big owp-tabs-layout-vertical circle-sale product type-product post-29579 status-publish last instock product_cat-abbigliamento product_cat-maglione-irlandese-neonati-bambini product_cat-maglione-gilet-cardigan-bambina product_cat-maglione-gilet-cardigan-bambini product_cat-maglione-gilet-cardigan-neonata product_cat-maglione-gilet-cardigan-neonati has-post-thumbnail taxable shipping-taxable purchasable product-type-variable has-default-attributes\">\n\t<div class=\"product-inner clr\">\n\t<div class=\"woo-entry-image-swap woo-entry-image clr\">\n\t\t<a href=\"https:\/\/voyagedelabaleine.fr\/it\/prodotto\/cardigan-per-neonata-a-trecce-pura-lana-merino-ecru\/\" class=\"woocommerce-LoopProduct-link\"><img decoding=\"async\" width=\"600\" height=\"800\" src=\"https:\/\/voyagedelabaleine.fr\/wp-content\/uploads\/2024\/11\/IMG_2335-fotor-20241126143428-1-600x800.jpg\" class=\"woo-entry-image-main\" alt=\"Cardigan per neonata a trecce &#8211; Pura lana merino &#8211; Ecru\" itemprop=\"image\" srcset=\"https:\/\/voyagedelabaleine.fr\/wp-content\/uploads\/2024\/11\/IMG_2335-fotor-20241126143428-1-600x800.jpg 600w, https:\/\/voyagedelabaleine.fr\/wp-content\/uploads\/2024\/11\/IMG_2335-fotor-20241126143428-1-225x300.jpg 225w, https:\/\/voyagedelabaleine.fr\/wp-content\/uploads\/2024\/11\/IMG_2335-fotor-20241126143428-1-768x1024.jpg 768w, https:\/\/voyagedelabaleine.fr\/wp-content\/uploads\/2024\/11\/IMG_2335-fotor-20241126143428-1.jpg 800w\" sizes=\"(max-width: 600px) 100vw, 600px\" \/><img decoding=\"async\" width=\"600\" height=\"800\" src=\"https:\/\/voyagedelabaleine.fr\/wp-content\/uploads\/2024\/11\/IMG_2335-fotor-20241126143553-1-600x800.jpg\" class=\"woo-entry-image-secondary\" alt=\"Cardigan per neonata a trecce &#8211; Pura lana merino &#8211; Ecru\" itemprop=\"image\" srcset=\"https:\/\/voyagedelabaleine.fr\/wp-content\/uploads\/2024\/11\/IMG_2335-fotor-20241126143553-1-600x800.jpg 600w, https:\/\/voyagedelabaleine.fr\/wp-content\/uploads\/2024\/11\/IMG_2335-fotor-20241126143553-1-225x300.jpg 225w, https:\/\/voyagedelabaleine.fr\/wp-content\/uploads\/2024\/11\/IMG_2335-fotor-20241126143553-1-768x1024.jpg 768w, https:\/\/voyagedelabaleine.fr\/wp-content\/uploads\/2024\/11\/IMG_2335-fotor-20241126143553-1.jpg 800w\" sizes=\"(max-width: 600px) 100vw, 600px\" \/><\/a>\t<\/div><!-- .woo-entry-image-swap -->\n\n<ul class=\"woo-entry-inner clr\"><li class=\"image-wrap\">\n\t<div class=\"woo-entry-image-swap woo-entry-image clr\">\n\t\t<a href=\"https:\/\/voyagedelabaleine.fr\/it\/prodotto\/cardigan-per-neonata-a-trecce-pura-lana-merino-ecru\/\" class=\"woocommerce-LoopProduct-link\"><img decoding=\"async\" width=\"600\" height=\"800\" src=\"https:\/\/voyagedelabaleine.fr\/wp-content\/uploads\/2024\/11\/IMG_2335-fotor-20241126143428-1-600x800.jpg\" class=\"woo-entry-image-main\" alt=\"Cardigan per neonata a trecce &#8211; Pura lana merino &#8211; Ecru\" itemprop=\"image\" srcset=\"https:\/\/voyagedelabaleine.fr\/wp-content\/uploads\/2024\/11\/IMG_2335-fotor-20241126143428-1-600x800.jpg 600w, https:\/\/voyagedelabaleine.fr\/wp-content\/uploads\/2024\/11\/IMG_2335-fotor-20241126143428-1-225x300.jpg 225w, https:\/\/voyagedelabaleine.fr\/wp-content\/uploads\/2024\/11\/IMG_2335-fotor-20241126143428-1-768x1024.jpg 768w, https:\/\/voyagedelabaleine.fr\/wp-content\/uploads\/2024\/11\/IMG_2335-fotor-20241126143428-1.jpg 800w\" sizes=\"(max-width: 600px) 100vw, 600px\" \/><img decoding=\"async\" width=\"600\" height=\"800\" src=\"https:\/\/voyagedelabaleine.fr\/wp-content\/uploads\/2024\/11\/IMG_2335-fotor-20241126143553-1-600x800.jpg\" class=\"woo-entry-image-secondary\" alt=\"Cardigan per neonata a trecce &#8211; Pura lana merino &#8211; Ecru\" itemprop=\"image\" srcset=\"https:\/\/voyagedelabaleine.fr\/wp-content\/uploads\/2024\/11\/IMG_2335-fotor-20241126143553-1-600x800.jpg 600w, https:\/\/voyagedelabaleine.fr\/wp-content\/uploads\/2024\/11\/IMG_2335-fotor-20241126143553-1-225x300.jpg 225w, https:\/\/voyagedelabaleine.fr\/wp-content\/uploads\/2024\/11\/IMG_2335-fotor-20241126143553-1-768x1024.jpg 768w, https:\/\/voyagedelabaleine.fr\/wp-content\/uploads\/2024\/11\/IMG_2335-fotor-20241126143553-1.jpg 800w\" sizes=\"(max-width: 600px) 100vw, 600px\" \/><\/a>\t<\/div><!-- .woo-entry-image-swap -->\n\n<\/li><li class=\"title\"><h2><a href=\"https:\/\/voyagedelabaleine.fr\/it\/prodotto\/cardigan-per-neonata-a-trecce-pura-lana-merino-ecru\/\">Cardigan per neonata a trecce &#8211; Pura lana merino &#8211; Ecru<\/a><\/h2><\/li><li class=\"price-wrap\">\n\t<span class=\"price\"><span class=\"woocommerce-Price-amount amount\"><bdi>60<span class=\"woocommerce-Price-currencySymbol\">&euro;<\/span><\/bdi><\/span><\/span>\n<\/li><\/ul><\/div><!-- .product-inner .clr --><\/li>\n<\/ul>\n<\/div><\/div>\n\t\t\t\t\t\t<\/div>\n\t\t<div class=\"elementor-element elementor-element-85821d5 e-flex e-con-boxed e-con e-child\" data-id=\"85821d5\" data-element_type=\"container\" data-e-type=\"container\">\n\t\t\t\t\t<div class=\"e-con-inner\">\n\t\t<div class=\"elementor-element elementor-element-c52978e e-con-full e-flex e-con e-child\" data-id=\"c52978e\" data-element_type=\"container\" data-e-type=\"container\">\n\t\t\t\t<div class=\"elementor-element elementor-element-edc94f5 elementor-align-center elementor-widget elementor-widget-button\" data-id=\"edc94f5\" data-element_type=\"widget\" data-e-type=\"widget\" data-widget_type=\"button.default\">\n\t\t\t\t\t\t\t\t\t\t<a class=\"elementor-button elementor-button-link elementor-size-sm\" href=\"https:\/\/voyagedelabaleine.fr\/it\/categorie-produit\/bebe\/bebe-fille\/\">\n\t\t\t\t\t\t<span class=\"elementor-button-content-wrapper\">\n\t\t\t\t\t\t\t\t\t<span class=\"elementor-button-text\">Sfoglia tutta la collezione bambina (12-36 mesi)<\/span>\n\t\t\t\t\t<\/span>\n\t\t\t\t\t<\/a>\n\t\t\t\t\t\t\t\t<\/div>\n\t\t\t\t<div class=\"elementor-element elementor-element-20823c1 elementor-widget elementor-widget-spacer\" data-id=\"20823c1\" data-element_type=\"widget\" data-e-type=\"widget\" data-widget_type=\"spacer.default\">\n\t\t\t\t\t\t\t<div class=\"elementor-spacer\">\n\t\t\t<div class=\"elementor-spacer-inner\"><\/div>\n\t\t<\/div>\n\t\t\t\t\t\t<\/div>\n\t\t\t\t<div class=\"elementor-element elementor-element-b8b57ee elementor-align-center elementor-widget elementor-widget-button\" data-id=\"b8b57ee\" data-element_type=\"widget\" data-e-type=\"widget\" data-widget_type=\"button.default\">\n\t\t\t\t\t\t\t\t\t\t<a class=\"elementor-button elementor-button-link elementor-size-sm\" href=\"https:\/\/voyagedelabaleine.fr\/it\/categorie-produit\/naissance\/naissance-fille\/\">\n\t\t\t\t\t\t<span class=\"elementor-button-content-wrapper\">\n\t\t\t\t\t\t\t\t\t<span class=\"elementor-button-text\">Sfoglia tutta la collezione neonata (0-6 mesi)<\/span>\n\t\t\t\t\t<\/span>\n\t\t\t\t\t<\/a>\n\t\t\t\t\t\t\t\t<\/div>\n\t\t\t\t<div class=\"elementor-element elementor-element-b7aa265 elementor-widget elementor-widget-spacer\" data-id=\"b7aa265\" data-element_type=\"widget\" data-e-type=\"widget\" data-widget_type=\"spacer.default\">\n\t\t\t\t\t\t\t<div class=\"elementor-spacer\">\n\t\t\t<div class=\"elementor-spacer-inner\"><\/div>\n\t\t<\/div>\n\t\t\t\t\t\t<\/div>\n\t\t\t\t<div class=\"elementor-element elementor-element-ff229de elementor-align-center elementor-widget elementor-widget-button\" data-id=\"ff229de\" data-element_type=\"widget\" data-e-type=\"widget\" data-widget_type=\"button.default\">\n\t\t\t\t\t\t\t\t\t\t<a class=\"elementor-button elementor-button-link elementor-size-sm\" href=\"https:\/\/voyagedelabaleine.fr\/it\/categorie-produit\/enfant\/enfant-fille\/\">\n\t\t\t\t\t\t<span class=\"elementor-button-content-wrapper\">\n\t\t\t\t\t\t\t\t\t<span class=\"elementor-button-text\">Sfoglia tutta la collezione bambina (2-3 anni)<\/span>\n\t\t\t\t\t<\/span>\n\t\t\t\t\t<\/a>\n\t\t\t\t\t\t\t\t<\/div>\n\t\t\t\t<\/div>\n\t\t\t\t\t<\/div>\n\t\t\t\t<\/div>\n\t\t\t\t<\/div>\n\t\t<div class=\"elementor-element elementor-element-296dec1 e-con-full e-flex e-con e-parent\" data-id=\"296dec1\" data-element_type=\"container\" data-e-type=\"container\">\n\t\t\t\t<div class=\"elementor-element elementor-element-ad6ffbc elementor-widget elementor-widget-text-editor\" data-id=\"ad6ffbc\" data-element_type=\"widget\" data-e-type=\"widget\" data-widget_type=\"text-editor.default\">\n\t\t\t\t\t\t\t\t\t<h2 data-start=\"162\" data-end=\"214\">Un conjunto pensado para encantar a los reci\u00e9n nacidos.<\/h2><p data-start=\"215\" data-end=\"640\">Regalate un <strong data-start=\"225\" data-end=\"260\">set regalo nascita per bambina<\/strong> unico, pensato come un elegante piccolo nido di dolcezza. Nella nostra selezione raffinata, troverete combinazioni sapientemente orchestrate: <strong data-start=\"389\" data-end=\"447\">culotte in cotone, body con colletto arricciato, scarpine in lino<\/strong>, oppure <strong data-start=\"459\" data-end=\"509\">vestitino leggero, cardigan abbinato e calzamaglia morbida<\/strong>. Ogni capo \u00e8 scelto con cura per armonizzarsi con gli altri, creando una silhouette adorabile fin dai primi giorni.  <\/p><h2 data-start=\"642\" data-end=\"695\">La promessa di un guardaroba poetico e raffinato<\/h2><p data-start=\"696\" data-end=\"1187\">Da <em data-start=\"701\" data-end=\"726\">Voyage de la Baleine,<\/em> crediamo che ogni regalo di nascita per bambina debba incarnare <strong data-start=\"792\" data-end=\"833\">dolcezza, eleganza e autenticit\u00e0<\/strong>. Per questo, i nostri completi combinano <strong data-start=\"872\" data-end=\"917\">motivi delicati (fiori, vichy, plumetis)<\/strong>, <strong data-start=\"919\" data-end=\"969\">rifiniture curate (smock, volant, pizzo)<\/strong> e <strong data-start=\"973\" data-end=\"1025\">tonalit\u00e0 tenui (rosa cipria, \u00e9cru, verde pastello) <\/strong>per creare uno stile al contempo moderno e senza tempo. Dettagli raffinati \u2014 colletto, bottoni in madreperla, smock ricamati \u2014 aggiungono un tocco di poesia discreta.  <\/p><h2 data-start=\"1189\" data-end=\"1237\">Materiali pregiati e produzione europea<\/h2><p data-start=\"1238\" data-end=\"1713\">I nostri <strong data-start=\"1242\" data-end=\"1273\">articoli per neonate<\/strong> sono realizzati principalmente in<strong data-start=\"1311\" data-end=\"1337\"> Spagna e in Portogallo<\/strong>, in laboratori dove l\u2019arte tessile si tramanda da generazioni. I materiali naturali come il <strong data-start=\"1454\" data-end=\"1467\">cotone biologico<\/strong>, il <strong data-start=\"1472\" data-end=\"1483\">lino fine<\/strong> e la l<strong data-start=\"1490\" data-end=\"1507\">ana merino<\/strong> sono selezionati con cura: garantiscono morbidezza, traspirabilit\u00e0 e rispetto della pelle delicata dei neonati. Il risultato: un cofanetto regalo caldo, soffice al tatto e rispettoso del bambino.  <\/p><h2 data-start=\"1715\" data-end=\"1767\">Set pratici e presentati con gusto<\/h2><p data-start=\"1768\" data-end=\"2226\">Oltre al design, i nostri cofanetti regalo sono pensati per semplificare la vita dei genitori. Ogni set comprende articoli coordinati e complementari: <strong data-start=\"1925\" data-end=\"1985\">body con bottoni a pressione, culotte elasticizzata, scarpine da allacciare<\/strong>, oppure <strong data-start=\"1997\" data-end=\"2056\">vestitino con bottoni, cardigan abbottonato, calzamaglia elastica<\/strong>. Tutti gli articoli sono facili da indossare, da lavare e da rimettere pi\u00f9 volte senza deformarsi. Confezionati con cura, questi set diventano un regalo elegante, pronto da offrire.   <\/p><h2 data-start=\"2228\" data-end=\"2271\">Un\u2019idea regalo per ogni occasione<\/h2><p data-start=\"2272\" data-end=\"2653\">Che sia per un <strong data-start=\"2292\" data-end=\"2347\">regalo di nascita,<\/strong> un battesimo o una sessione fotografica, questo completo da bambina soddisfa tutte le aspettative: stile, emozioni e qualit\u00e0. Regala un momento di felicit\u00e0 a chi ami, con un outfit completo e significativo. I nostri completi da bambina sono un invito a creare un guardaroba armonioso.  <\/p><p data-start=\"2272\" data-end=\"2653\"><em>Troverete anche dei bei completi per bambino nella nostra pagina r<a href=\"https:\/\/voyagedelabaleine.fr\/cadeau-naissance-garcon\/\">egalo di nascita maschilenaissance<\/a>.<\/em><\/p>\t\t\t\t\t\t\t\t<\/div>\n\t\t\t\t<\/div>\n\t\t\t\t<\/div>\n\t\t","protected":false},"excerpt":{"rendered":"<p>Un guardaroba elegante per vestire i primi sorrisi, con completi scelti con cura, pensati come una selezione di ispirazioni per i vostri regali di nascita. Pompons tendresse Vichy et compagnie Sogni blu Eleganza fiorita Fascino d&#8217;altri tempi Notte di velluto Quadri e stile Dolcezza retr\u00f2 chic Tartan chic Il primo vestitino Scrigno bordeaux Velluto e [&hellip;]<\/p>\n","protected":false},"author":222595022,"featured_media":0,"parent":0,"menu_order":0,"comment_status":"closed","ping_status":"closed","template":"","meta":{"ocean_post_layout":"","ocean_both_sidebars_style":"","ocean_both_sidebars_content_width":0,"ocean_both_sidebars_sidebars_width":0,"ocean_sidebar":"","ocean_second_sidebar":"","ocean_disable_margins":"enable","ocean_add_body_class":"","ocean_shortcode_before_top_bar":"","ocean_shortcode_after_top_bar":"","ocean_shortcode_before_header":"","ocean_shortcode_after_header":"","ocean_has_shortcode":"","ocean_shortcode_after_title":"","ocean_shortcode_before_footer_widgets":"","ocean_shortcode_after_footer_widgets":"","ocean_shortcode_before_footer_bottom":"","ocean_shortcode_after_footer_bottom":"","ocean_display_top_bar":"default","ocean_display_header":"default","ocean_header_style":"","ocean_center_header_left_menu":"","ocean_custom_header_template":"","ocean_custom_logo":0,"ocean_custom_retina_logo":0,"ocean_custom_logo_max_width":0,"ocean_custom_logo_tablet_max_width":0,"ocean_custom_logo_mobile_max_width":0,"ocean_custom_logo_max_height":0,"ocean_custom_logo_tablet_max_height":0,"ocean_custom_logo_mobile_max_height":0,"ocean_header_custom_menu":"","ocean_menu_typo_font_family":"","ocean_menu_typo_font_subset":"","ocean_menu_typo_font_size":0,"ocean_menu_typo_font_size_tablet":0,"ocean_menu_typo_font_size_mobile":0,"ocean_menu_typo_font_size_unit":"px","ocean_menu_typo_font_weight":"","ocean_menu_typo_font_weight_tablet":"","ocean_menu_typo_font_weight_mobile":"","ocean_menu_typo_transform":"","ocean_menu_typo_transform_tablet":"","ocean_menu_typo_transform_mobile":"","ocean_menu_typo_line_height":0,"ocean_menu_typo_line_height_tablet":0,"ocean_menu_typo_line_height_mobile":0,"ocean_menu_typo_line_height_unit":"","ocean_menu_typo_spacing":0,"ocean_menu_typo_spacing_tablet":0,"ocean_menu_typo_spacing_mobile":0,"ocean_menu_typo_spacing_unit":"","ocean_menu_link_color":"","ocean_menu_link_color_hover":"","ocean_menu_link_color_active":"","ocean_menu_link_background":"","ocean_menu_link_hover_background":"","ocean_menu_link_active_background":"","ocean_menu_social_links_bg":"","ocean_menu_social_hover_links_bg":"","ocean_menu_social_links_color":"","ocean_menu_social_hover_links_color":"","ocean_disable_title":"default","ocean_disable_heading":"default","ocean_post_title":"","ocean_post_subheading":"","ocean_post_title_style":"","ocean_post_title_background_color":"","ocean_post_title_background":0,"ocean_post_title_bg_image_position":"","ocean_post_title_bg_image_attachment":"","ocean_post_title_bg_image_repeat":"","ocean_post_title_bg_image_size":"","ocean_post_title_height":0,"ocean_post_title_bg_overlay":0.5,"ocean_post_title_bg_overlay_color":"","ocean_disable_breadcrumbs":"default","ocean_breadcrumbs_color":"","ocean_breadcrumbs_separator_color":"","ocean_breadcrumbs_links_color":"","ocean_breadcrumbs_links_hover_color":"","ocean_display_footer_widgets":"default","ocean_display_footer_bottom":"default","ocean_custom_footer_template":"","osh_disable_topbar_sticky":"default","osh_disable_header_sticky":"default","osh_sticky_header_style":"default","osh_sticky_header_effect":"","osh_custom_sticky_logo":0,"osh_custom_retina_sticky_logo":0,"osh_custom_sticky_logo_height":0,"osh_background_color":"","osh_links_color":"","osh_links_hover_color":"","osh_links_active_color":"","osh_links_bg_color":"","osh_links_hover_bg_color":"","osh_links_active_bg_color":"","osh_menu_social_links_color":"","osh_menu_social_hover_links_color":"","footnotes":""},"class_list":["post-28116","page","type-page","status-publish","hentry","entry","owp-thumbs-layout-vertical","owp-btn-big","owp-tabs-layout-vertical","has-no-thumbnails","circle-sale"],"yoast_head":"<!-- This site is optimized with the Yoast SEO plugin v27.1.1 - https:\/\/yoast.com\/product\/yoast-seo-wordpress\/ -->\n<title>Regalo di nascita bambina - Voyage de la Baleine<\/title>\n<meta name=\"description\" content=\"Regala un regalo di nascita per bambina unico ed elegante, realizzato in Europa. Scopri i capi selezionati con cura.\" \/>\n<meta name=\"robots\" content=\"index, follow, max-snippet:-1, max-image-preview:large, max-video-preview:-1\" \/>\n<link rel=\"canonical\" href=\"https:\/\/voyagedelabaleine.fr\/it\/regalo-di-nascita-bambina\/\" \/>\n<meta property=\"og:locale\" content=\"it_IT\" \/>\n<meta property=\"og:type\" content=\"article\" \/>\n<meta property=\"og:title\" content=\"Regalo di nascita bambina - Voyage de la Baleine\" \/>\n<meta property=\"og:description\" content=\"Regala un regalo di nascita per bambina unico ed elegante, realizzato in Europa. Scopri i capi selezionati con cura.\" \/>\n<meta property=\"og:url\" content=\"https:\/\/voyagedelabaleine.fr\/it\/regalo-di-nascita-bambina\/\" \/>\n<meta property=\"og:site_name\" content=\"Voyage de la Baleine\" \/>\n<meta property=\"article:publisher\" content=\"https:\/\/www.facebook.com\/voyagedelabaleine\/\" \/>\n<meta property=\"article:modified_time\" content=\"2026-01-12T10:58:51+00:00\" \/>\n<meta name=\"twitter:card\" content=\"summary_large_image\" \/>\n<meta name=\"twitter:label1\" content=\"Tempo di lettura stimato\" \/>\n\t<meta name=\"twitter:data1\" content=\"3 minuto\" \/>\n<script type=\"application\/ld+json\" class=\"yoast-schema-graph\">{\"@context\":\"https:\/\/schema.org\",\"@graph\":[{\"@type\":\"WebPage\",\"@id\":\"https:\/\/voyagedelabaleine.fr\/it\/regalo-di-nascita-bambina\/\",\"url\":\"https:\/\/voyagedelabaleine.fr\/it\/regalo-di-nascita-bambina\/\",\"name\":\"Regalo di nascita bambina - Voyage de la Baleine\",\"isPartOf\":{\"@id\":\"https:\/\/voyagedelabaleine.fr\/it\/#website\"},\"datePublished\":\"2025-06-10T15:21:36+00:00\",\"dateModified\":\"2026-01-12T10:58:51+00:00\",\"description\":\"Regala un regalo di nascita per bambina unico ed elegante, realizzato in Europa. Scopri i capi selezionati con cura.\",\"breadcrumb\":{\"@id\":\"https:\/\/voyagedelabaleine.fr\/it\/regalo-di-nascita-bambina\/#breadcrumb\"},\"inLanguage\":\"it-IT\",\"potentialAction\":[{\"@type\":\"ReadAction\",\"target\":[\"https:\/\/voyagedelabaleine.fr\/it\/regalo-di-nascita-bambina\/\"]}]},{\"@type\":\"BreadcrumbList\",\"@id\":\"https:\/\/voyagedelabaleine.fr\/it\/regalo-di-nascita-bambina\/#breadcrumb\",\"itemListElement\":[{\"@type\":\"ListItem\",\"position\":1,\"name\":\"Accueil\",\"item\":\"https:\/\/voyagedelabaleine.fr\/it\/homepage\/\"},{\"@type\":\"ListItem\",\"position\":2,\"name\":\"Regalo di nascita bambina\"}]},{\"@type\":\"WebSite\",\"@id\":\"https:\/\/voyagedelabaleine.fr\/it\/#website\",\"url\":\"https:\/\/voyagedelabaleine.fr\/it\/\",\"name\":\"Voyage de la Baleine\",\"description\":\"V\u00eatements intemporels et raffin\u00e9s pour b\u00e9b\u00e9s et enfants\",\"publisher\":{\"@id\":\"https:\/\/voyagedelabaleine.fr\/it\/#organization\"},\"potentialAction\":[{\"@type\":\"SearchAction\",\"target\":{\"@type\":\"EntryPoint\",\"urlTemplate\":\"https:\/\/voyagedelabaleine.fr\/it\/?s={search_term_string}\"},\"query-input\":{\"@type\":\"PropertyValueSpecification\",\"valueRequired\":true,\"valueName\":\"search_term_string\"}}],\"inLanguage\":\"it-IT\"},{\"@type\":\"Organization\",\"@id\":\"https:\/\/voyagedelabaleine.fr\/it\/#organization\",\"name\":\"Voyage de la Baleine\",\"url\":\"https:\/\/voyagedelabaleine.fr\/it\/\",\"logo\":{\"@type\":\"ImageObject\",\"inLanguage\":\"it-IT\",\"@id\":\"https:\/\/voyagedelabaleine.fr\/it\/#\/schema\/logo\/image\/\",\"url\":\"https:\/\/voyagedelabaleine.fr\/wp-content\/uploads\/2025\/06\/logo.webp\",\"contentUrl\":\"https:\/\/voyagedelabaleine.fr\/wp-content\/uploads\/2025\/06\/logo.webp\",\"width\":153,\"height\":64,\"caption\":\"Voyage de la Baleine\"},\"image\":{\"@id\":\"https:\/\/voyagedelabaleine.fr\/it\/#\/schema\/logo\/image\/\"},\"sameAs\":[\"https:\/\/www.facebook.com\/voyagedelabaleine\/\",\"https:\/\/www.instagram.com\/voyagedelabaleine\/\",\"https:\/\/www.pinterest.fr\/Voyagedelabaleine\/\"]}]}<\/script>\n<!-- \/ Yoast SEO plugin. -->","yoast_head_json":{"title":"Regalo di nascita bambina - Voyage de la Baleine","description":"Regala un regalo di nascita per bambina unico ed elegante, realizzato in Europa. Scopri i capi selezionati con cura.","robots":{"index":"index","follow":"follow","max-snippet":"max-snippet:-1","max-image-preview":"max-image-preview:large","max-video-preview":"max-video-preview:-1"},"canonical":"https:\/\/voyagedelabaleine.fr\/it\/regalo-di-nascita-bambina\/","og_locale":"it_IT","og_type":"article","og_title":"Regalo di nascita bambina - Voyage de la Baleine","og_description":"Regala un regalo di nascita per bambina unico ed elegante, realizzato in Europa. Scopri i capi selezionati con cura.","og_url":"https:\/\/voyagedelabaleine.fr\/it\/regalo-di-nascita-bambina\/","og_site_name":"Voyage de la Baleine","article_publisher":"https:\/\/www.facebook.com\/voyagedelabaleine\/","article_modified_time":"2026-01-12T10:58:51+00:00","twitter_card":"summary_large_image","twitter_misc":{"Tempo di lettura stimato":"3 minuto"},"schema":{"@context":"https:\/\/schema.org","@graph":[{"@type":"WebPage","@id":"https:\/\/voyagedelabaleine.fr\/it\/regalo-di-nascita-bambina\/","url":"https:\/\/voyagedelabaleine.fr\/it\/regalo-di-nascita-bambina\/","name":"Regalo di nascita bambina - Voyage de la Baleine","isPartOf":{"@id":"https:\/\/voyagedelabaleine.fr\/it\/#website"},"datePublished":"2025-06-10T15:21:36+00:00","dateModified":"2026-01-12T10:58:51+00:00","description":"Regala un regalo di nascita per bambina unico ed elegante, realizzato in Europa. Scopri i capi selezionati con cura.","breadcrumb":{"@id":"https:\/\/voyagedelabaleine.fr\/it\/regalo-di-nascita-bambina\/#breadcrumb"},"inLanguage":"it-IT","potentialAction":[{"@type":"ReadAction","target":["https:\/\/voyagedelabaleine.fr\/it\/regalo-di-nascita-bambina\/"]}]},{"@type":"BreadcrumbList","@id":"https:\/\/voyagedelabaleine.fr\/it\/regalo-di-nascita-bambina\/#breadcrumb","itemListElement":[{"@type":"ListItem","position":1,"name":"Accueil","item":"https:\/\/voyagedelabaleine.fr\/it\/homepage\/"},{"@type":"ListItem","position":2,"name":"Regalo di nascita bambina"}]},{"@type":"WebSite","@id":"https:\/\/voyagedelabaleine.fr\/it\/#website","url":"https:\/\/voyagedelabaleine.fr\/it\/","name":"Voyage de la Baleine","description":"V\u00eatements intemporels et raffin\u00e9s pour b\u00e9b\u00e9s et enfants","publisher":{"@id":"https:\/\/voyagedelabaleine.fr\/it\/#organization"},"potentialAction":[{"@type":"SearchAction","target":{"@type":"EntryPoint","urlTemplate":"https:\/\/voyagedelabaleine.fr\/it\/?s={search_term_string}"},"query-input":{"@type":"PropertyValueSpecification","valueRequired":true,"valueName":"search_term_string"}}],"inLanguage":"it-IT"},{"@type":"Organization","@id":"https:\/\/voyagedelabaleine.fr\/it\/#organization","name":"Voyage de la Baleine","url":"https:\/\/voyagedelabaleine.fr\/it\/","logo":{"@type":"ImageObject","inLanguage":"it-IT","@id":"https:\/\/voyagedelabaleine.fr\/it\/#\/schema\/logo\/image\/","url":"https:\/\/voyagedelabaleine.fr\/wp-content\/uploads\/2025\/06\/logo.webp","contentUrl":"https:\/\/voyagedelabaleine.fr\/wp-content\/uploads\/2025\/06\/logo.webp","width":153,"height":64,"caption":"Voyage de la Baleine"},"image":{"@id":"https:\/\/voyagedelabaleine.fr\/it\/#\/schema\/logo\/image\/"},"sameAs":["https:\/\/www.facebook.com\/voyagedelabaleine\/","https:\/\/www.instagram.com\/voyagedelabaleine\/","https:\/\/www.pinterest.fr\/Voyagedelabaleine\/"]}]}},"_links":{"self":[{"href":"https:\/\/voyagedelabaleine.fr\/it\/wp-json\/wp\/v2\/pages\/28116","targetHints":{"allow":["GET"]}}],"collection":[{"href":"https:\/\/voyagedelabaleine.fr\/it\/wp-json\/wp\/v2\/pages"}],"about":[{"href":"https:\/\/voyagedelabaleine.fr\/it\/wp-json\/wp\/v2\/types\/page"}],"author":[{"embeddable":true,"href":"https:\/\/voyagedelabaleine.fr\/it\/wp-json\/wp\/v2\/users\/222595022"}],"replies":[{"embeddable":true,"href":"https:\/\/voyagedelabaleine.fr\/it\/wp-json\/wp\/v2\/comments?post=28116"}],"version-history":[{"count":3,"href":"https:\/\/voyagedelabaleine.fr\/it\/wp-json\/wp\/v2\/pages\/28116\/revisions"}],"predecessor-version":[{"id":28119,"href":"https:\/\/voyagedelabaleine.fr\/it\/wp-json\/wp\/v2\/pages\/28116\/revisions\/28119"}],"wp:attachment":[{"href":"https:\/\/voyagedelabaleine.fr\/it\/wp-json\/wp\/v2\/media?parent=28116"}],"curies":[{"name":"wp","href":"https:\/\/api.w.org\/{rel}","templated":true}]}}