{"id":28146,"date":"2024-10-10T13:34:54","date_gmt":"2024-10-10T11:34:54","guid":{"rendered":"https:\/\/voyagedelabaleine.fr\/le-righe\/"},"modified":"2026-01-12T15:01:42","modified_gmt":"2026-01-12T14:01:42","slug":"le-righe","status":"publish","type":"page","link":"https:\/\/voyagedelabaleine.fr\/it\/le-righe\/","title":{"rendered":"Le righe"},"content":{"rendered":"\t\t<div data-elementor-type=\"wp-page\" data-elementor-id=\"28146\" class=\"elementor elementor-28146 elementor-12795\">\n\t\t\t\t<div class=\"elementor-element elementor-element-13347c07 e-flex e-con-boxed e-con e-parent\" data-id=\"13347c07\" data-element_type=\"container\" data-e-type=\"container\">\n\t\t\t\t\t<div class=\"e-con-inner\">\n\t\t\t\t<div class=\"elementor-element elementor-element-12c1abac elementor-widget elementor-widget-heading\" data-id=\"12c1abac\" data-element_type=\"widget\" data-e-type=\"widget\" data-widget_type=\"heading.default\">\n\t\t\t\t\t<h2 class=\"elementor-heading-title elementor-size-default\">Righe classiche, stile ineguagliabile<\/h2>\t\t\t\t<\/div>\n\t\t\t\t\t<\/div>\n\t\t\t\t<\/div>\n\t\t<div class=\"elementor-element elementor-element-5426fff8 e-flex e-con-boxed e-con e-parent\" data-id=\"5426fff8\" data-element_type=\"container\" data-e-type=\"container\">\n\t\t\t\t\t<div class=\"e-con-inner\">\n\t\t\t\t<div class=\"elementor-element elementor-element-49c9a5a5 elementor-widget elementor-widget-text-editor\" data-id=\"49c9a5a5\" data-element_type=\"widget\" data-e-type=\"widget\" data-widget_type=\"text-editor.default\">\n\t\t\t\t\t\t\t\t\t<p>I tessuti a righe sono sinonimo di raffinata semplicit\u00e0. Si adattano a tutte le stagioni e, che siano sottili o larghe, aggiungono un tocco di distinzione agli abiti dei vostri bambini, offrendo loro un comfort ottimale. <\/p>\t\t\t\t\t\t\t\t<\/div>\n\t\t\t\t\t<\/div>\n\t\t\t\t<\/div>\n\t\t<div class=\"elementor-element elementor-element-2d1782ea e-flex e-con-boxed e-con e-parent\" data-id=\"2d1782ea\" data-element_type=\"container\" data-e-type=\"container\">\n\t\t\t\t\t<div class=\"e-con-inner\">\n\t\t\t\t<div class=\"elementor-element elementor-element-79b98a84 elementor-widget elementor-widget-heading\" data-id=\"79b98a84\" data-element_type=\"widget\" data-e-type=\"widget\" data-widget_type=\"heading.default\">\n\t\t\t\t\t<h2 class=\"elementor-heading-title elementor-size-default\">Verticali o orizzontali: le righe attraversano il tempo<\/h2>\t\t\t\t<\/div>\n\t\t\t\t\t<\/div>\n\t\t\t\t<\/div>\n\t\t<div class=\"elementor-element elementor-element-34b40f33 e-flex e-con-boxed e-con e-parent\" data-id=\"34b40f33\" data-element_type=\"container\" data-e-type=\"container\">\n\t\t\t\t\t<div class=\"e-con-inner\">\n\t\t\t\t<div class=\"elementor-element elementor-element-62d85234 elementor-widget elementor-widget-text-editor\" data-id=\"62d85234\" data-element_type=\"widget\" data-e-type=\"widget\" data-widget_type=\"text-editor.default\">\n\t\t\t\t\t\t\t\t\t<p>Le righe sono un motivo iconico che attraversa le epoche senza mai perdere il loro fascino. Che siano verticali per allungare la silhouette o orizzontali per un tocco retr\u00f2, apportano un&#8217;eleganza discreta a ogni outfit. <\/p><p style=\"text-align: left;\">I tessuti a righe evocano la dolcezza dei momenti trascorsi in riva al mare, le vacanze in famiglia e una moda autentica. Tradizionali ma moderne, i nostri capi a righe si inseriscono in un&#8217;eredit\u00e0 senza tempo pur rimanendo perfettamente adatti alla quotidianit\u00e0 dei bambini di oggi. <\/p>\t\t\t\t\t\t\t\t<\/div>\n\t\t\t\t\t<\/div>\n\t\t\t\t<\/div>\n\t\t<div class=\"elementor-element elementor-element-26ada8a4 e-con-full e-flex e-con e-parent\" data-id=\"26ada8a4\" data-element_type=\"container\" data-e-type=\"container\">\n\t\t\t\t<div class=\"elementor-element elementor-element-1b4935bc elementor-widget-divider--separator-type-pattern elementor-widget-divider--view-line elementor-widget elementor-widget-divider\" data-id=\"1b4935bc\" data-element_type=\"widget\" data-e-type=\"widget\" data-widget_type=\"divider.default\">\n\t\t\t\t\t\t\t<div class=\"elementor-divider\" style=\"--divider-pattern-url: url(&quot;data:image\/svg+xml,%3Csvg xmlns=&#039;http:\/\/www.w3.org\/2000\/svg&#039; preserveAspectRatio=&#039;none&#039; overflow=&#039;visible&#039; height=&#039;100%&#039; viewBox=&#039;0 0 24 24&#039; fill=&#039;black&#039; stroke=&#039;none&#039;%3E%3Cpath d=&#039;M12.7,2.3c-0.4-0.4-1.1-0.4-1.5,0l-8,9.1c-0.3,0.4-0.3,0.9,0,1.2l8,9.1c0.4,0.4,1.1,0.4,1.5,0l8-9.1c0.3-0.4,0.3-0.9,0-1.2L12.7,2.3z&#039;\/%3E%3C\/svg%3E&quot;);\">\n\t\t\t<span class=\"elementor-divider-separator\">\n\t\t\t\t\t\t<\/span>\n\t\t<\/div>\n\t\t\t\t\t\t<\/div>\n\t\t<div class=\"elementor-element elementor-element-25c7b284 e-grid e-con-full e-con e-child\" data-id=\"25c7b284\" data-element_type=\"container\" data-e-type=\"container\">\n\t\t<div class=\"elementor-element elementor-element-4ac437d5 e-con-full e-flex e-con e-child\" data-id=\"4ac437d5\" data-element_type=\"container\" data-e-type=\"container\">\n\t\t\t\t<div class=\"elementor-element elementor-element-32269a34 elementor-widget elementor-widget-heading\" data-id=\"32269a34\" data-element_type=\"widget\" data-e-type=\"widget\" data-widget_type=\"heading.default\">\n\t\t\t\t\t<h2 class=\"elementor-heading-title elementor-size-default\">Le righe verticali<\/h2>\t\t\t\t<\/div>\n\t\t\t\t<div class=\"elementor-element elementor-element-605cdf9f elementor-widget elementor-widget-shortcode\" data-id=\"605cdf9f\" data-element_type=\"widget\" data-e-type=\"widget\" data-widget_type=\"shortcode.default\">\n\t\t\t\t\t\t\t<div class=\"elementor-shortcode\"><div class=\"woocommerce columns-3 \">\r\n<ul class=\"products oceanwp-row clr grid tablet-col tablet-2-col mobile-col mobile-2-col\">\r\n<li class=\"entry has-media col span_1_of_3 owp-content-center owp-thumbs-layout-vertical owp-btn-big owp-tabs-layout-vertical circle-sale product type-product post-32519 status-publish first instock product_cat-abbigliamento product_cat-blusa-camicia-bambini product_cat-blusa-camicia-bambino has-post-thumbnail taxable shipping-taxable purchasable product-type-variable has-default-attributes\">\n\t<div class=\"product-inner clr\">\n\t<div class=\"woo-entry-image-swap woo-entry-image clr\">\n\t\t<a href=\"https:\/\/voyagedelabaleine.fr\/it\/prodotto\/camicia-bambino-a-maniche-corte-a-righe-blu-bianco\/\" class=\"woocommerce-LoopProduct-link\"><img decoding=\"async\" width=\"600\" height=\"800\" src=\"https:\/\/voyagedelabaleine.fr\/wp-content\/uploads\/2025\/01\/chemise-garcon-grosses-rayures-scaled-600x800.jpg\" class=\"woo-entry-image-main\" alt=\"Camicia bambino a maniche corte a righe &#8211; Blu\/bianco\" itemprop=\"image\" srcset=\"https:\/\/voyagedelabaleine.fr\/wp-content\/uploads\/2025\/01\/chemise-garcon-grosses-rayures-scaled-600x800.jpg 600w, https:\/\/voyagedelabaleine.fr\/wp-content\/uploads\/2025\/01\/chemise-garcon-grosses-rayures-scaled-225x300.jpg 225w, https:\/\/voyagedelabaleine.fr\/wp-content\/uploads\/2025\/01\/chemise-garcon-grosses-rayures-scaled-768x1024.jpg 768w, https:\/\/voyagedelabaleine.fr\/wp-content\/uploads\/2025\/01\/chemise-garcon-grosses-rayures-scaled-1152x1536.jpg 1152w, https:\/\/voyagedelabaleine.fr\/wp-content\/uploads\/2025\/01\/chemise-garcon-grosses-rayures-scaled.jpg 1536w\" sizes=\"(max-width: 600px) 100vw, 600px\" \/><img decoding=\"async\" width=\"600\" height=\"800\" src=\"https:\/\/voyagedelabaleine.fr\/wp-content\/uploads\/2025\/01\/chemise-garcon-grosses-rayures-1-600x800.jpg\" class=\"woo-entry-image-secondary\" alt=\"Camicia bambino a maniche corte a righe &#8211; Blu\/bianco\" itemprop=\"image\" srcset=\"https:\/\/voyagedelabaleine.fr\/wp-content\/uploads\/2025\/01\/chemise-garcon-grosses-rayures-1-600x800.jpg 600w, https:\/\/voyagedelabaleine.fr\/wp-content\/uploads\/2025\/01\/chemise-garcon-grosses-rayures-1-225x300.jpg 225w, https:\/\/voyagedelabaleine.fr\/wp-content\/uploads\/2025\/01\/chemise-garcon-grosses-rayures-1-768x1024.jpg 768w, https:\/\/voyagedelabaleine.fr\/wp-content\/uploads\/2025\/01\/chemise-garcon-grosses-rayures-1.jpg 1000w\" sizes=\"(max-width: 600px) 100vw, 600px\" \/><\/a>\t<\/div><!-- .woo-entry-image-swap -->\n\n<ul class=\"woo-entry-inner clr\"><li class=\"image-wrap\">\n\t<div class=\"woo-entry-image-swap woo-entry-image clr\">\n\t\t<a href=\"https:\/\/voyagedelabaleine.fr\/it\/prodotto\/camicia-bambino-a-maniche-corte-a-righe-blu-bianco\/\" class=\"woocommerce-LoopProduct-link\"><img decoding=\"async\" width=\"600\" height=\"800\" src=\"https:\/\/voyagedelabaleine.fr\/wp-content\/uploads\/2025\/01\/chemise-garcon-grosses-rayures-scaled-600x800.jpg\" class=\"woo-entry-image-main\" alt=\"Camicia bambino a maniche corte a righe &#8211; Blu\/bianco\" itemprop=\"image\" srcset=\"https:\/\/voyagedelabaleine.fr\/wp-content\/uploads\/2025\/01\/chemise-garcon-grosses-rayures-scaled-600x800.jpg 600w, https:\/\/voyagedelabaleine.fr\/wp-content\/uploads\/2025\/01\/chemise-garcon-grosses-rayures-scaled-225x300.jpg 225w, https:\/\/voyagedelabaleine.fr\/wp-content\/uploads\/2025\/01\/chemise-garcon-grosses-rayures-scaled-768x1024.jpg 768w, https:\/\/voyagedelabaleine.fr\/wp-content\/uploads\/2025\/01\/chemise-garcon-grosses-rayures-scaled-1152x1536.jpg 1152w, https:\/\/voyagedelabaleine.fr\/wp-content\/uploads\/2025\/01\/chemise-garcon-grosses-rayures-scaled.jpg 1536w\" sizes=\"(max-width: 600px) 100vw, 600px\" \/><img decoding=\"async\" width=\"600\" height=\"800\" src=\"https:\/\/voyagedelabaleine.fr\/wp-content\/uploads\/2025\/01\/chemise-garcon-grosses-rayures-1-600x800.jpg\" class=\"woo-entry-image-secondary\" alt=\"Camicia bambino a maniche corte a righe &#8211; Blu\/bianco\" itemprop=\"image\" srcset=\"https:\/\/voyagedelabaleine.fr\/wp-content\/uploads\/2025\/01\/chemise-garcon-grosses-rayures-1-600x800.jpg 600w, https:\/\/voyagedelabaleine.fr\/wp-content\/uploads\/2025\/01\/chemise-garcon-grosses-rayures-1-225x300.jpg 225w, https:\/\/voyagedelabaleine.fr\/wp-content\/uploads\/2025\/01\/chemise-garcon-grosses-rayures-1-768x1024.jpg 768w, https:\/\/voyagedelabaleine.fr\/wp-content\/uploads\/2025\/01\/chemise-garcon-grosses-rayures-1.jpg 1000w\" sizes=\"(max-width: 600px) 100vw, 600px\" \/><\/a>\t<\/div><!-- .woo-entry-image-swap -->\n\n<\/li><li class=\"title\"><h2><a href=\"https:\/\/voyagedelabaleine.fr\/it\/prodotto\/camicia-bambino-a-maniche-corte-a-righe-blu-bianco\/\">Camicia bambino a maniche corte a righe &#8211; Blu\/bianco<\/a><\/h2><\/li><li class=\"price-wrap\">\n\t<span class=\"price\"><span class=\"woocommerce-Price-amount amount\"><bdi>32<span class=\"woocommerce-Price-currencySymbol\">&euro;<\/span><\/bdi><\/span><\/span>\n<\/li><\/ul><\/div><!-- .product-inner .clr --><\/li>\n<li class=\"entry has-media has-rating col span_1_of_3 owp-content-center owp-thumbs-layout-vertical owp-btn-big owp-tabs-layout-vertical circle-sale product type-product post-31862 status-publish instock product_cat-abbigliamento product_cat-blusa-camicia-bambini product_cat-blusa-camicia-bambino has-post-thumbnail taxable shipping-taxable purchasable product-type-variable has-default-attributes\">\n\t<div class=\"product-inner clr\">\n\t<div class=\"woo-entry-image-swap woo-entry-image clr\">\n\t\t<a href=\"https:\/\/voyagedelabaleine.fr\/it\/prodotto\/camicia-da-bambino-a-maniche-corte-con-collo-alla-coreana-a-righe-azzurro-bianco\/\" class=\"woocommerce-LoopProduct-link\"><img decoding=\"async\" width=\"600\" height=\"800\" src=\"https:\/\/voyagedelabaleine.fr\/wp-content\/uploads\/2025\/11\/chemise-col-mao-fotor-20251119123229-600x800.jpg\" class=\"woo-entry-image-main\" alt=\"Camicia da bambino a maniche corte con collo alla coreana a righe &#8211; Azzurro\/bianco\" itemprop=\"image\" srcset=\"https:\/\/voyagedelabaleine.fr\/wp-content\/uploads\/2025\/11\/chemise-col-mao-fotor-20251119123229-600x800.jpg 600w, https:\/\/voyagedelabaleine.fr\/wp-content\/uploads\/2025\/11\/chemise-col-mao-fotor-20251119123229-225x300.jpg 225w, https:\/\/voyagedelabaleine.fr\/wp-content\/uploads\/2025\/11\/chemise-col-mao-fotor-20251119123229-768x1023.jpg 768w, https:\/\/voyagedelabaleine.fr\/wp-content\/uploads\/2025\/11\/chemise-col-mao-fotor-20251119123229-1153x1536.jpg 1153w, https:\/\/voyagedelabaleine.fr\/wp-content\/uploads\/2025\/11\/chemise-col-mao-fotor-20251119123229.jpg 1500w\" sizes=\"(max-width: 600px) 100vw, 600px\" \/><img decoding=\"async\" width=\"600\" height=\"800\" src=\"https:\/\/voyagedelabaleine.fr\/wp-content\/uploads\/2025\/11\/chemise-col-mao-3-fotor-2025111912324-600x800.jpg\" class=\"woo-entry-image-secondary\" alt=\"Camicia da bambino a maniche corte con collo alla coreana a righe &#8211; Azzurro\/bianco\" itemprop=\"image\" srcset=\"https:\/\/voyagedelabaleine.fr\/wp-content\/uploads\/2025\/11\/chemise-col-mao-3-fotor-2025111912324-600x800.jpg 600w, https:\/\/voyagedelabaleine.fr\/wp-content\/uploads\/2025\/11\/chemise-col-mao-3-fotor-2025111912324-225x300.jpg 225w, https:\/\/voyagedelabaleine.fr\/wp-content\/uploads\/2025\/11\/chemise-col-mao-3-fotor-2025111912324-768x1023.jpg 768w, https:\/\/voyagedelabaleine.fr\/wp-content\/uploads\/2025\/11\/chemise-col-mao-3-fotor-2025111912324-1153x1536.jpg 1153w, https:\/\/voyagedelabaleine.fr\/wp-content\/uploads\/2025\/11\/chemise-col-mao-3-fotor-2025111912324.jpg 1500w\" sizes=\"(max-width: 600px) 100vw, 600px\" \/><\/a>\t<\/div><!-- .woo-entry-image-swap -->\n\n<ul class=\"woo-entry-inner clr\"><li class=\"image-wrap\">\n\t<div class=\"woo-entry-image-swap woo-entry-image clr\">\n\t\t<a href=\"https:\/\/voyagedelabaleine.fr\/it\/prodotto\/camicia-da-bambino-a-maniche-corte-con-collo-alla-coreana-a-righe-azzurro-bianco\/\" class=\"woocommerce-LoopProduct-link\"><img decoding=\"async\" width=\"600\" height=\"800\" src=\"https:\/\/voyagedelabaleine.fr\/wp-content\/uploads\/2025\/11\/chemise-col-mao-fotor-20251119123229-600x800.jpg\" class=\"woo-entry-image-main\" alt=\"Camicia da bambino a maniche corte con collo alla coreana a righe &#8211; Azzurro\/bianco\" itemprop=\"image\" srcset=\"https:\/\/voyagedelabaleine.fr\/wp-content\/uploads\/2025\/11\/chemise-col-mao-fotor-20251119123229-600x800.jpg 600w, https:\/\/voyagedelabaleine.fr\/wp-content\/uploads\/2025\/11\/chemise-col-mao-fotor-20251119123229-225x300.jpg 225w, https:\/\/voyagedelabaleine.fr\/wp-content\/uploads\/2025\/11\/chemise-col-mao-fotor-20251119123229-768x1023.jpg 768w, https:\/\/voyagedelabaleine.fr\/wp-content\/uploads\/2025\/11\/chemise-col-mao-fotor-20251119123229-1153x1536.jpg 1153w, https:\/\/voyagedelabaleine.fr\/wp-content\/uploads\/2025\/11\/chemise-col-mao-fotor-20251119123229.jpg 1500w\" sizes=\"(max-width: 600px) 100vw, 600px\" \/><img decoding=\"async\" width=\"600\" height=\"800\" src=\"https:\/\/voyagedelabaleine.fr\/wp-content\/uploads\/2025\/11\/chemise-col-mao-3-fotor-2025111912324-600x800.jpg\" class=\"woo-entry-image-secondary\" alt=\"Camicia da bambino a maniche corte con collo alla coreana a righe &#8211; Azzurro\/bianco\" itemprop=\"image\" srcset=\"https:\/\/voyagedelabaleine.fr\/wp-content\/uploads\/2025\/11\/chemise-col-mao-3-fotor-2025111912324-600x800.jpg 600w, https:\/\/voyagedelabaleine.fr\/wp-content\/uploads\/2025\/11\/chemise-col-mao-3-fotor-2025111912324-225x300.jpg 225w, https:\/\/voyagedelabaleine.fr\/wp-content\/uploads\/2025\/11\/chemise-col-mao-3-fotor-2025111912324-768x1023.jpg 768w, https:\/\/voyagedelabaleine.fr\/wp-content\/uploads\/2025\/11\/chemise-col-mao-3-fotor-2025111912324-1153x1536.jpg 1153w, https:\/\/voyagedelabaleine.fr\/wp-content\/uploads\/2025\/11\/chemise-col-mao-3-fotor-2025111912324.jpg 1500w\" sizes=\"(max-width: 600px) 100vw, 600px\" \/><\/a>\t<\/div><!-- .woo-entry-image-swap -->\n\n<\/li><li class=\"title\"><h2><a href=\"https:\/\/voyagedelabaleine.fr\/it\/prodotto\/camicia-da-bambino-a-maniche-corte-con-collo-alla-coreana-a-righe-azzurro-bianco\/\">Camicia da bambino a maniche corte con collo alla coreana a righe &#8211; Azzurro\/bianco<\/a><\/h2><\/li><li class=\"price-wrap\">\n\t<span class=\"price\"><span class=\"woocommerce-Price-amount amount\"><bdi>32<span class=\"woocommerce-Price-currencySymbol\">&euro;<\/span><\/bdi><\/span><\/span>\n<\/li><\/ul><\/div><!-- .product-inner .clr --><\/li>\n<li class=\"entry has-media has-rating col span_1_of_3 owp-content-center owp-thumbs-layout-vertical owp-btn-big owp-tabs-layout-vertical circle-sale product type-product post-33787 status-publish last instock product_cat-abbigliamento product_cat-pagliaccetto-salopette-nascita product_cat-pagliaccetto-salopette-nascita-ragazza product_cat-pagliaccetto-salopette-nascita-ragazzo product_cat-pagliaccetto-salopette-neonata product_cat-pagliaccetto-salopette-neonati product_cat-pagliaccetto-salopette-neonato has-post-thumbnail taxable shipping-taxable purchasable product-type-variable has-default-attributes\">\n\t<div class=\"product-inner clr\">\n\t<div class=\"woo-entry-image-swap woo-entry-image clr\">\n\t\t<a href=\"https:\/\/voyagedelabaleine.fr\/it\/prodotto\/pagliaccetto-neonato-unisex-a-righe-larghe-blu-bianco\/\" class=\"woocommerce-LoopProduct-link\"><img decoding=\"async\" width=\"600\" height=\"800\" src=\"https:\/\/voyagedelabaleine.fr\/wp-content\/uploads\/2025\/02\/barboteuse-grosses-rayures-600x800.jpg\" class=\"woo-entry-image-main\" alt=\"Pagliaccetto neonato unisex a righe larghe &#8211; Blu\/bianco\" itemprop=\"image\" srcset=\"https:\/\/voyagedelabaleine.fr\/wp-content\/uploads\/2025\/02\/barboteuse-grosses-rayures-600x800.jpg 600w, https:\/\/voyagedelabaleine.fr\/wp-content\/uploads\/2025\/02\/barboteuse-grosses-rayures-225x300.jpg 225w, https:\/\/voyagedelabaleine.fr\/wp-content\/uploads\/2025\/02\/barboteuse-grosses-rayures-768x1024.jpg 768w, https:\/\/voyagedelabaleine.fr\/wp-content\/uploads\/2025\/02\/barboteuse-grosses-rayures-1152x1536.jpg 1152w, https:\/\/voyagedelabaleine.fr\/wp-content\/uploads\/2025\/02\/barboteuse-grosses-rayures.jpg 1200w\" sizes=\"(max-width: 600px) 100vw, 600px\" \/><img decoding=\"async\" width=\"600\" height=\"800\" src=\"https:\/\/voyagedelabaleine.fr\/wp-content\/uploads\/2024\/05\/barboteuse-grosses-rayures-600x800.jpg\" class=\"woo-entry-image-secondary\" alt=\"Pagliaccetto neonato unisex a righe larghe &#8211; Blu\/bianco\" itemprop=\"image\" srcset=\"https:\/\/voyagedelabaleine.fr\/wp-content\/uploads\/2024\/05\/barboteuse-grosses-rayures-600x800.jpg 600w, https:\/\/voyagedelabaleine.fr\/wp-content\/uploads\/2024\/05\/barboteuse-grosses-rayures-225x300.jpg 225w, https:\/\/voyagedelabaleine.fr\/wp-content\/uploads\/2024\/05\/barboteuse-grosses-rayures.jpg 706w\" sizes=\"(max-width: 600px) 100vw, 600px\" \/><\/a>\t<\/div><!-- .woo-entry-image-swap -->\n\n<ul class=\"woo-entry-inner clr\"><li class=\"image-wrap\">\n\t<div class=\"woo-entry-image-swap woo-entry-image clr\">\n\t\t<a href=\"https:\/\/voyagedelabaleine.fr\/it\/prodotto\/pagliaccetto-neonato-unisex-a-righe-larghe-blu-bianco\/\" class=\"woocommerce-LoopProduct-link\"><img decoding=\"async\" width=\"600\" height=\"800\" src=\"https:\/\/voyagedelabaleine.fr\/wp-content\/uploads\/2025\/02\/barboteuse-grosses-rayures-600x800.jpg\" class=\"woo-entry-image-main\" alt=\"Pagliaccetto neonato unisex a righe larghe &#8211; Blu\/bianco\" itemprop=\"image\" srcset=\"https:\/\/voyagedelabaleine.fr\/wp-content\/uploads\/2025\/02\/barboteuse-grosses-rayures-600x800.jpg 600w, https:\/\/voyagedelabaleine.fr\/wp-content\/uploads\/2025\/02\/barboteuse-grosses-rayures-225x300.jpg 225w, https:\/\/voyagedelabaleine.fr\/wp-content\/uploads\/2025\/02\/barboteuse-grosses-rayures-768x1024.jpg 768w, https:\/\/voyagedelabaleine.fr\/wp-content\/uploads\/2025\/02\/barboteuse-grosses-rayures-1152x1536.jpg 1152w, https:\/\/voyagedelabaleine.fr\/wp-content\/uploads\/2025\/02\/barboteuse-grosses-rayures.jpg 1200w\" sizes=\"(max-width: 600px) 100vw, 600px\" \/><img decoding=\"async\" width=\"600\" height=\"800\" src=\"https:\/\/voyagedelabaleine.fr\/wp-content\/uploads\/2024\/05\/barboteuse-grosses-rayures-600x800.jpg\" class=\"woo-entry-image-secondary\" alt=\"Pagliaccetto neonato unisex a righe larghe &#8211; Blu\/bianco\" itemprop=\"image\" srcset=\"https:\/\/voyagedelabaleine.fr\/wp-content\/uploads\/2024\/05\/barboteuse-grosses-rayures-600x800.jpg 600w, https:\/\/voyagedelabaleine.fr\/wp-content\/uploads\/2024\/05\/barboteuse-grosses-rayures-225x300.jpg 225w, https:\/\/voyagedelabaleine.fr\/wp-content\/uploads\/2024\/05\/barboteuse-grosses-rayures.jpg 706w\" sizes=\"(max-width: 600px) 100vw, 600px\" \/><\/a>\t<\/div><!-- .woo-entry-image-swap -->\n\n<\/li><li class=\"title\"><h2><a href=\"https:\/\/voyagedelabaleine.fr\/it\/prodotto\/pagliaccetto-neonato-unisex-a-righe-larghe-blu-bianco\/\">Pagliaccetto neonato unisex a righe larghe &#8211; Blu\/bianco<\/a><\/h2><\/li><li class=\"price-wrap\">\n\t<span class=\"price\"><span class=\"woocommerce-Price-amount amount\"><bdi>44<span class=\"woocommerce-Price-currencySymbol\">&euro;<\/span><\/bdi><\/span><\/span>\n<\/li><\/ul><\/div><!-- .product-inner .clr --><\/li>\n<li class=\"entry has-media col span_1_of_3 owp-content-center owp-thumbs-layout-vertical owp-btn-big owp-tabs-layout-vertical circle-sale product type-product post-29148 status-publish first instock product_cat-abbigliamento product_cat-bloomer-short-pantaloni-nascita product_cat-bloomer-short-pantaloni-nascita-ragazzo product_cat-bloomer-short-pantaloni-neonati product_cat-bloomer-short-pantaloni-neonato product_cat-blusa-camicia-nascita product_cat-blusa-camicia-nascita-ragazzo product_cat-blusa-camicia-bambini product_cat-blusa-camicia-bambino product_cat-blusa-camicia-neonati product_cat-blusa-camicia-neonato product_cat-completi-nascita product_cat-completi-nascita-ragazzo product_cat-completi-neonati product_cat-completi-neonato product_cat-completo-salopette-bambini product_cat-completo-salopette-bambino product_cat-pantaloni-short-bambini product_cat-pantaloni-short-bambino product_cat-ultima-occasione has-post-thumbnail taxable shipping-taxable purchasable product-type-variable has-default-attributes\">\n\t<div class=\"product-inner clr\">\n\t<div class=\"woo-entry-image-swap woo-entry-image clr\">\n\t\t<a href=\"https:\/\/voyagedelabaleine.fr\/it\/prodotto\/completo-neonato-camicia-e-pantaloncini-con-bretelle-grigio-chiaro\/\" class=\"woocommerce-LoopProduct-link\"><img decoding=\"async\" width=\"600\" height=\"800\" src=\"https:\/\/voyagedelabaleine.fr\/wp-content\/uploads\/2025\/04\/short-bretelles-gris-600x800.jpg\" class=\"woo-entry-image-main\" alt=\"Completo neonato camicia e pantaloncini con bretelle &#8211; Grigio chiaro\" itemprop=\"image\" srcset=\"https:\/\/voyagedelabaleine.fr\/wp-content\/uploads\/2025\/04\/short-bretelles-gris-600x800.jpg 600w, https:\/\/voyagedelabaleine.fr\/wp-content\/uploads\/2025\/04\/short-bretelles-gris-225x300.jpg 225w, https:\/\/voyagedelabaleine.fr\/wp-content\/uploads\/2025\/04\/short-bretelles-gris-768x1024.jpg 768w, https:\/\/voyagedelabaleine.fr\/wp-content\/uploads\/2025\/04\/short-bretelles-gris-1152x1536.jpg 1152w, https:\/\/voyagedelabaleine.fr\/wp-content\/uploads\/2025\/04\/short-bretelles-gris.jpg 1200w\" sizes=\"(max-width: 600px) 100vw, 600px\" \/><img decoding=\"async\" width=\"600\" height=\"800\" src=\"https:\/\/voyagedelabaleine.fr\/wp-content\/uploads\/2025\/01\/bloomer-bretelles-chemise-gris-2-600x800.jpg\" class=\"woo-entry-image-secondary\" alt=\"Completo neonato camicia e pantaloncini con bretelle &#8211; Grigio chiaro\" itemprop=\"image\" srcset=\"https:\/\/voyagedelabaleine.fr\/wp-content\/uploads\/2025\/01\/bloomer-bretelles-chemise-gris-2-600x800.jpg 600w, https:\/\/voyagedelabaleine.fr\/wp-content\/uploads\/2025\/01\/bloomer-bretelles-chemise-gris-2-225x300.jpg 225w, https:\/\/voyagedelabaleine.fr\/wp-content\/uploads\/2025\/01\/bloomer-bretelles-chemise-gris-2-768x1024.jpg 768w, https:\/\/voyagedelabaleine.fr\/wp-content\/uploads\/2025\/01\/bloomer-bretelles-chemise-gris-2.jpg 900w\" sizes=\"(max-width: 600px) 100vw, 600px\" \/><\/a>\t<\/div><!-- .woo-entry-image-swap -->\n\n<ul class=\"woo-entry-inner clr\"><li class=\"image-wrap\">\n\t<div class=\"woo-entry-image-swap woo-entry-image clr\">\n\t\t<a href=\"https:\/\/voyagedelabaleine.fr\/it\/prodotto\/completo-neonato-camicia-e-pantaloncini-con-bretelle-grigio-chiaro\/\" class=\"woocommerce-LoopProduct-link\"><img decoding=\"async\" width=\"600\" height=\"800\" src=\"https:\/\/voyagedelabaleine.fr\/wp-content\/uploads\/2025\/04\/short-bretelles-gris-600x800.jpg\" class=\"woo-entry-image-main\" alt=\"Completo neonato camicia e pantaloncini con bretelle &#8211; Grigio chiaro\" itemprop=\"image\" srcset=\"https:\/\/voyagedelabaleine.fr\/wp-content\/uploads\/2025\/04\/short-bretelles-gris-600x800.jpg 600w, https:\/\/voyagedelabaleine.fr\/wp-content\/uploads\/2025\/04\/short-bretelles-gris-225x300.jpg 225w, https:\/\/voyagedelabaleine.fr\/wp-content\/uploads\/2025\/04\/short-bretelles-gris-768x1024.jpg 768w, https:\/\/voyagedelabaleine.fr\/wp-content\/uploads\/2025\/04\/short-bretelles-gris-1152x1536.jpg 1152w, https:\/\/voyagedelabaleine.fr\/wp-content\/uploads\/2025\/04\/short-bretelles-gris.jpg 1200w\" sizes=\"(max-width: 600px) 100vw, 600px\" \/><img decoding=\"async\" width=\"600\" height=\"800\" src=\"https:\/\/voyagedelabaleine.fr\/wp-content\/uploads\/2025\/01\/bloomer-bretelles-chemise-gris-2-600x800.jpg\" class=\"woo-entry-image-secondary\" alt=\"Completo neonato camicia e pantaloncini con bretelle &#8211; Grigio chiaro\" itemprop=\"image\" srcset=\"https:\/\/voyagedelabaleine.fr\/wp-content\/uploads\/2025\/01\/bloomer-bretelles-chemise-gris-2-600x800.jpg 600w, https:\/\/voyagedelabaleine.fr\/wp-content\/uploads\/2025\/01\/bloomer-bretelles-chemise-gris-2-225x300.jpg 225w, https:\/\/voyagedelabaleine.fr\/wp-content\/uploads\/2025\/01\/bloomer-bretelles-chemise-gris-2-768x1024.jpg 768w, https:\/\/voyagedelabaleine.fr\/wp-content\/uploads\/2025\/01\/bloomer-bretelles-chemise-gris-2.jpg 900w\" sizes=\"(max-width: 600px) 100vw, 600px\" \/><\/a>\t<\/div><!-- .woo-entry-image-swap -->\n\n<\/li><li class=\"title\"><h2><a href=\"https:\/\/voyagedelabaleine.fr\/it\/prodotto\/completo-neonato-camicia-e-pantaloncini-con-bretelle-grigio-chiaro\/\">Completo neonato camicia e pantaloncini con bretelle &#8211; Grigio chiaro<\/a><\/h2><\/li><li class=\"price-wrap\">\n\t<span class=\"price\"><span class=\"woocommerce-Price-amount amount\"><bdi>64<span class=\"woocommerce-Price-currencySymbol\">&euro;<\/span><\/bdi><\/span><\/span>\n<\/li><\/ul><\/div><!-- .product-inner .clr --><\/li>\n<li class=\"entry has-media col span_1_of_3 owp-content-center owp-thumbs-layout-vertical owp-btn-big owp-tabs-layout-vertical circle-sale product type-product post-31763 status-publish instock product_cat-abbigliamento product_cat-bloomer-short-pantaloni-nascita product_cat-bloomer-short-pantaloni-nascita-ragazza product_cat-bloomer-short-pantaloni-neonata product_cat-bloomer-short-pantaloni-neonati product_cat-blusa-camicia-nascita product_cat-blusa-camicia-nascita-ragazza product_cat-blusa-e-camicia-per-neonata product_cat-blusa-camicia-neonati product_cat-completi-nascita product_cat-completi-nascita-ragazza product_cat-completi-neonata product_cat-completi-neonati has-post-thumbnail taxable shipping-taxable purchasable product-type-variable has-default-attributes\">\n\t<div class=\"product-inner clr\">\n\t<div class=\"woo-entry-image-swap woo-entry-image clr\">\n\t\t<a href=\"https:\/\/voyagedelabaleine.fr\/it\/prodotto\/completo-bambina-blusa-e-culotte-a-righe-blu-bianco\/\" class=\"woocommerce-LoopProduct-link\"><img decoding=\"async\" width=\"600\" height=\"800\" src=\"https:\/\/voyagedelabaleine.fr\/wp-content\/uploads\/2025\/01\/ensemble-bebe-blouse-bloomer-raye-600x800.jpg\" class=\"woo-entry-image-main\" alt=\"Completo bambina blusa e culotte a righe &#8211; Blu\/bianco\" itemprop=\"image\" srcset=\"https:\/\/voyagedelabaleine.fr\/wp-content\/uploads\/2025\/01\/ensemble-bebe-blouse-bloomer-raye-600x800.jpg 600w, https:\/\/voyagedelabaleine.fr\/wp-content\/uploads\/2025\/01\/ensemble-bebe-blouse-bloomer-raye-225x300.jpg 225w, https:\/\/voyagedelabaleine.fr\/wp-content\/uploads\/2025\/01\/ensemble-bebe-blouse-bloomer-raye-768x1024.jpg 768w, https:\/\/voyagedelabaleine.fr\/wp-content\/uploads\/2025\/01\/ensemble-bebe-blouse-bloomer-raye.jpg 855w\" sizes=\"(max-width: 600px) 100vw, 600px\" \/><img decoding=\"async\" width=\"600\" height=\"800\" src=\"https:\/\/voyagedelabaleine.fr\/wp-content\/uploads\/2025\/01\/ensemble-bebe-blouse-bloomer-raye-1-600x800.jpg\" class=\"woo-entry-image-secondary\" alt=\"Completo bambina blusa e culotte a righe &#8211; Blu\/bianco\" itemprop=\"image\" srcset=\"https:\/\/voyagedelabaleine.fr\/wp-content\/uploads\/2025\/01\/ensemble-bebe-blouse-bloomer-raye-1-600x800.jpg 600w, https:\/\/voyagedelabaleine.fr\/wp-content\/uploads\/2025\/01\/ensemble-bebe-blouse-bloomer-raye-1-225x300.jpg 225w, https:\/\/voyagedelabaleine.fr\/wp-content\/uploads\/2025\/01\/ensemble-bebe-blouse-bloomer-raye-1-768x1024.jpg 768w, https:\/\/voyagedelabaleine.fr\/wp-content\/uploads\/2025\/01\/ensemble-bebe-blouse-bloomer-raye-1.jpg 900w\" sizes=\"(max-width: 600px) 100vw, 600px\" \/><\/a>\t<\/div><!-- .woo-entry-image-swap -->\n\n<ul class=\"woo-entry-inner clr\"><li class=\"image-wrap\">\n\t<div class=\"woo-entry-image-swap woo-entry-image clr\">\n\t\t<a href=\"https:\/\/voyagedelabaleine.fr\/it\/prodotto\/completo-bambina-blusa-e-culotte-a-righe-blu-bianco\/\" class=\"woocommerce-LoopProduct-link\"><img decoding=\"async\" width=\"600\" height=\"800\" src=\"https:\/\/voyagedelabaleine.fr\/wp-content\/uploads\/2025\/01\/ensemble-bebe-blouse-bloomer-raye-600x800.jpg\" class=\"woo-entry-image-main\" alt=\"Completo bambina blusa e culotte a righe &#8211; Blu\/bianco\" itemprop=\"image\" srcset=\"https:\/\/voyagedelabaleine.fr\/wp-content\/uploads\/2025\/01\/ensemble-bebe-blouse-bloomer-raye-600x800.jpg 600w, https:\/\/voyagedelabaleine.fr\/wp-content\/uploads\/2025\/01\/ensemble-bebe-blouse-bloomer-raye-225x300.jpg 225w, https:\/\/voyagedelabaleine.fr\/wp-content\/uploads\/2025\/01\/ensemble-bebe-blouse-bloomer-raye-768x1024.jpg 768w, https:\/\/voyagedelabaleine.fr\/wp-content\/uploads\/2025\/01\/ensemble-bebe-blouse-bloomer-raye.jpg 855w\" sizes=\"(max-width: 600px) 100vw, 600px\" \/><img decoding=\"async\" width=\"600\" height=\"800\" src=\"https:\/\/voyagedelabaleine.fr\/wp-content\/uploads\/2025\/01\/ensemble-bebe-blouse-bloomer-raye-1-600x800.jpg\" class=\"woo-entry-image-secondary\" alt=\"Completo bambina blusa e culotte a righe &#8211; Blu\/bianco\" itemprop=\"image\" srcset=\"https:\/\/voyagedelabaleine.fr\/wp-content\/uploads\/2025\/01\/ensemble-bebe-blouse-bloomer-raye-1-600x800.jpg 600w, https:\/\/voyagedelabaleine.fr\/wp-content\/uploads\/2025\/01\/ensemble-bebe-blouse-bloomer-raye-1-225x300.jpg 225w, https:\/\/voyagedelabaleine.fr\/wp-content\/uploads\/2025\/01\/ensemble-bebe-blouse-bloomer-raye-1-768x1024.jpg 768w, https:\/\/voyagedelabaleine.fr\/wp-content\/uploads\/2025\/01\/ensemble-bebe-blouse-bloomer-raye-1.jpg 900w\" sizes=\"(max-width: 600px) 100vw, 600px\" \/><\/a>\t<\/div><!-- .woo-entry-image-swap -->\n\n<\/li><li class=\"title\"><h2><a href=\"https:\/\/voyagedelabaleine.fr\/it\/prodotto\/completo-bambina-blusa-e-culotte-a-righe-blu-bianco\/\">Completo bambina blusa e culotte a righe &#8211; Blu\/bianco<\/a><\/h2><\/li><li class=\"price-wrap\">\n\t<span class=\"price\"><span class=\"woocommerce-Price-amount amount\"><bdi>68<span class=\"woocommerce-Price-currencySymbol\">&euro;<\/span><\/bdi><\/span><\/span>\n<\/li><\/ul><\/div><!-- .product-inner .clr --><\/li>\n<li class=\"entry has-media col span_1_of_3 owp-content-center owp-thumbs-layout-vertical owp-btn-big owp-tabs-layout-vertical circle-sale product type-product post-32653 status-publish last instock product_cat-abbigliamento product_cat-pagliaccetto-salopette-nascita product_cat-pagliaccetto-salopette-nascita-ragazza product_cat-pagliaccetto-salopette-neonata product_cat-pagliaccetto-salopette-neonati product_cat-ultima-occasione has-post-thumbnail taxable shipping-taxable purchasable product-type-variable has-default-attributes\">\n\t<div class=\"product-inner clr\">\n\t<div class=\"woo-entry-image-swap woo-entry-image clr\">\n\t\t<a href=\"https:\/\/voyagedelabaleine.fr\/it\/prodotto\/pagliaccetto-a-righe-con-maniche-a-volant-rosa-bianco\/\" class=\"woocommerce-LoopProduct-link\"><img decoding=\"async\" width=\"600\" height=\"800\" src=\"https:\/\/voyagedelabaleine.fr\/wp-content\/uploads\/2025\/03\/barboteuse-bebe-rayee-rose-600x800.jpg\" class=\"woo-entry-image-main\" alt=\"Pagliaccetto a righe con maniche a volant &#8211; Rosa\/bianco\" itemprop=\"image\" srcset=\"https:\/\/voyagedelabaleine.fr\/wp-content\/uploads\/2025\/03\/barboteuse-bebe-rayee-rose-600x800.jpg 600w, https:\/\/voyagedelabaleine.fr\/wp-content\/uploads\/2025\/03\/barboteuse-bebe-rayee-rose-225x300.jpg 225w, https:\/\/voyagedelabaleine.fr\/wp-content\/uploads\/2025\/03\/barboteuse-bebe-rayee-rose-768x1023.jpg 768w, https:\/\/voyagedelabaleine.fr\/wp-content\/uploads\/2025\/03\/barboteuse-bebe-rayee-rose-1153x1536.jpg 1153w, https:\/\/voyagedelabaleine.fr\/wp-content\/uploads\/2025\/03\/barboteuse-bebe-rayee-rose.jpg 1200w\" sizes=\"(max-width: 600px) 100vw, 600px\" \/><img decoding=\"async\" width=\"600\" height=\"800\" src=\"https:\/\/voyagedelabaleine.fr\/wp-content\/uploads\/2025\/03\/barboteuse-rayee-rose-3-1-600x800.jpg\" class=\"woo-entry-image-secondary\" alt=\"Pagliaccetto a righe con maniche a volant &#8211; Rosa\/bianco\" itemprop=\"image\" srcset=\"https:\/\/voyagedelabaleine.fr\/wp-content\/uploads\/2025\/03\/barboteuse-rayee-rose-3-1-600x800.jpg 600w, https:\/\/voyagedelabaleine.fr\/wp-content\/uploads\/2025\/03\/barboteuse-rayee-rose-3-1-225x300.jpg 225w, https:\/\/voyagedelabaleine.fr\/wp-content\/uploads\/2025\/03\/barboteuse-rayee-rose-3-1-768x1024.jpg 768w, https:\/\/voyagedelabaleine.fr\/wp-content\/uploads\/2025\/03\/barboteuse-rayee-rose-3-1.jpg 903w\" sizes=\"(max-width: 600px) 100vw, 600px\" \/><\/a>\t<\/div><!-- .woo-entry-image-swap -->\n\n<ul class=\"woo-entry-inner clr\"><li class=\"image-wrap\">\n\t<div class=\"woo-entry-image-swap woo-entry-image clr\">\n\t\t<a href=\"https:\/\/voyagedelabaleine.fr\/it\/prodotto\/pagliaccetto-a-righe-con-maniche-a-volant-rosa-bianco\/\" class=\"woocommerce-LoopProduct-link\"><img decoding=\"async\" width=\"600\" height=\"800\" src=\"https:\/\/voyagedelabaleine.fr\/wp-content\/uploads\/2025\/03\/barboteuse-bebe-rayee-rose-600x800.jpg\" class=\"woo-entry-image-main\" alt=\"Pagliaccetto a righe con maniche a volant &#8211; Rosa\/bianco\" itemprop=\"image\" srcset=\"https:\/\/voyagedelabaleine.fr\/wp-content\/uploads\/2025\/03\/barboteuse-bebe-rayee-rose-600x800.jpg 600w, https:\/\/voyagedelabaleine.fr\/wp-content\/uploads\/2025\/03\/barboteuse-bebe-rayee-rose-225x300.jpg 225w, https:\/\/voyagedelabaleine.fr\/wp-content\/uploads\/2025\/03\/barboteuse-bebe-rayee-rose-768x1023.jpg 768w, https:\/\/voyagedelabaleine.fr\/wp-content\/uploads\/2025\/03\/barboteuse-bebe-rayee-rose-1153x1536.jpg 1153w, https:\/\/voyagedelabaleine.fr\/wp-content\/uploads\/2025\/03\/barboteuse-bebe-rayee-rose.jpg 1200w\" sizes=\"(max-width: 600px) 100vw, 600px\" \/><img decoding=\"async\" width=\"600\" height=\"800\" src=\"https:\/\/voyagedelabaleine.fr\/wp-content\/uploads\/2025\/03\/barboteuse-rayee-rose-3-1-600x800.jpg\" class=\"woo-entry-image-secondary\" alt=\"Pagliaccetto a righe con maniche a volant &#8211; Rosa\/bianco\" itemprop=\"image\" srcset=\"https:\/\/voyagedelabaleine.fr\/wp-content\/uploads\/2025\/03\/barboteuse-rayee-rose-3-1-600x800.jpg 600w, https:\/\/voyagedelabaleine.fr\/wp-content\/uploads\/2025\/03\/barboteuse-rayee-rose-3-1-225x300.jpg 225w, https:\/\/voyagedelabaleine.fr\/wp-content\/uploads\/2025\/03\/barboteuse-rayee-rose-3-1-768x1024.jpg 768w, https:\/\/voyagedelabaleine.fr\/wp-content\/uploads\/2025\/03\/barboteuse-rayee-rose-3-1.jpg 903w\" sizes=\"(max-width: 600px) 100vw, 600px\" \/><\/a>\t<\/div><!-- .woo-entry-image-swap -->\n\n<\/li><li class=\"title\"><h2><a href=\"https:\/\/voyagedelabaleine.fr\/it\/prodotto\/pagliaccetto-a-righe-con-maniche-a-volant-rosa-bianco\/\">Pagliaccetto a righe con maniche a volant &#8211; Rosa\/bianco<\/a><\/h2><\/li><li class=\"price-wrap\">\n\t<span class=\"price\"><span class=\"woocommerce-Price-amount amount\"><bdi>52<span class=\"woocommerce-Price-currencySymbol\">&euro;<\/span><\/bdi><\/span><\/span>\n<\/li><\/ul><\/div><!-- .product-inner .clr --><\/li>\n<li class=\"entry has-media col span_1_of_3 owp-content-center owp-thumbs-layout-vertical owp-btn-big owp-tabs-layout-vertical circle-sale product type-product post-31823 status-publish first instock product_cat-abbigliamento product_cat-pagliaccetto-salopette-nascita product_cat-pagliaccetto-salopette-nascita-ragazza product_cat-pagliaccetto-salopette-nascita-ragazzo product_cat-pagliaccetto-salopette-neonata product_cat-pagliaccetto-salopette-neonati product_cat-pagliaccetto-salopette-neonato product_cat-ultima-occasione has-post-thumbnail taxable shipping-taxable purchasable product-type-variable has-default-attributes\">\n\t<div class=\"product-inner clr\">\n\t<div class=\"woo-entry-image-swap woo-entry-image clr\">\n\t\t<a href=\"https:\/\/voyagedelabaleine.fr\/it\/prodotto\/pagliaccetto-neonato-unisex-tradizionale-blu-bianco\/\" class=\"woocommerce-LoopProduct-link\"><img decoding=\"async\" width=\"600\" height=\"800\" src=\"https:\/\/voyagedelabaleine.fr\/wp-content\/uploads\/2025\/01\/barboteuse-traditionnelle-rayee-600x800.jpg\" class=\"woo-entry-image-main\" alt=\"Pagliaccetto neonato unisex tradizionale &#8211; Blu\/bianco\" itemprop=\"image\" srcset=\"https:\/\/voyagedelabaleine.fr\/wp-content\/uploads\/2025\/01\/barboteuse-traditionnelle-rayee-600x800.jpg 600w, https:\/\/voyagedelabaleine.fr\/wp-content\/uploads\/2025\/01\/barboteuse-traditionnelle-rayee-225x300.jpg 225w, https:\/\/voyagedelabaleine.fr\/wp-content\/uploads\/2025\/01\/barboteuse-traditionnelle-rayee-768x1024.jpg 768w, https:\/\/voyagedelabaleine.fr\/wp-content\/uploads\/2025\/01\/barboteuse-traditionnelle-rayee.jpg 855w\" sizes=\"(max-width: 600px) 100vw, 600px\" \/><img decoding=\"async\" width=\"600\" height=\"800\" src=\"https:\/\/voyagedelabaleine.fr\/wp-content\/uploads\/2025\/01\/barboteuse-traditionnelle-bebe-smocks-1-600x800.jpg\" class=\"woo-entry-image-secondary\" alt=\"Pagliaccetto neonato unisex tradizionale &#8211; Blu\/bianco\" itemprop=\"image\" srcset=\"https:\/\/voyagedelabaleine.fr\/wp-content\/uploads\/2025\/01\/barboteuse-traditionnelle-bebe-smocks-1-600x800.jpg 600w, https:\/\/voyagedelabaleine.fr\/wp-content\/uploads\/2025\/01\/barboteuse-traditionnelle-bebe-smocks-1-225x300.jpg 225w, https:\/\/voyagedelabaleine.fr\/wp-content\/uploads\/2025\/01\/barboteuse-traditionnelle-bebe-smocks-1-768x1024.jpg 768w, https:\/\/voyagedelabaleine.fr\/wp-content\/uploads\/2025\/01\/barboteuse-traditionnelle-bebe-smocks-1.jpg 900w\" sizes=\"(max-width: 600px) 100vw, 600px\" \/><\/a>\t<\/div><!-- .woo-entry-image-swap -->\n\n<ul class=\"woo-entry-inner clr\"><li class=\"image-wrap\">\n\t<div class=\"woo-entry-image-swap woo-entry-image clr\">\n\t\t<a href=\"https:\/\/voyagedelabaleine.fr\/it\/prodotto\/pagliaccetto-neonato-unisex-tradizionale-blu-bianco\/\" class=\"woocommerce-LoopProduct-link\"><img decoding=\"async\" width=\"600\" height=\"800\" src=\"https:\/\/voyagedelabaleine.fr\/wp-content\/uploads\/2025\/01\/barboteuse-traditionnelle-rayee-600x800.jpg\" class=\"woo-entry-image-main\" alt=\"Pagliaccetto neonato unisex tradizionale &#8211; Blu\/bianco\" itemprop=\"image\" srcset=\"https:\/\/voyagedelabaleine.fr\/wp-content\/uploads\/2025\/01\/barboteuse-traditionnelle-rayee-600x800.jpg 600w, https:\/\/voyagedelabaleine.fr\/wp-content\/uploads\/2025\/01\/barboteuse-traditionnelle-rayee-225x300.jpg 225w, https:\/\/voyagedelabaleine.fr\/wp-content\/uploads\/2025\/01\/barboteuse-traditionnelle-rayee-768x1024.jpg 768w, https:\/\/voyagedelabaleine.fr\/wp-content\/uploads\/2025\/01\/barboteuse-traditionnelle-rayee.jpg 855w\" sizes=\"(max-width: 600px) 100vw, 600px\" \/><img decoding=\"async\" width=\"600\" height=\"800\" src=\"https:\/\/voyagedelabaleine.fr\/wp-content\/uploads\/2025\/01\/barboteuse-traditionnelle-bebe-smocks-1-600x800.jpg\" class=\"woo-entry-image-secondary\" alt=\"Pagliaccetto neonato unisex tradizionale &#8211; Blu\/bianco\" itemprop=\"image\" srcset=\"https:\/\/voyagedelabaleine.fr\/wp-content\/uploads\/2025\/01\/barboteuse-traditionnelle-bebe-smocks-1-600x800.jpg 600w, https:\/\/voyagedelabaleine.fr\/wp-content\/uploads\/2025\/01\/barboteuse-traditionnelle-bebe-smocks-1-225x300.jpg 225w, https:\/\/voyagedelabaleine.fr\/wp-content\/uploads\/2025\/01\/barboteuse-traditionnelle-bebe-smocks-1-768x1024.jpg 768w, https:\/\/voyagedelabaleine.fr\/wp-content\/uploads\/2025\/01\/barboteuse-traditionnelle-bebe-smocks-1.jpg 900w\" sizes=\"(max-width: 600px) 100vw, 600px\" \/><\/a>\t<\/div><!-- .woo-entry-image-swap -->\n\n<\/li><li class=\"title\"><h2><a href=\"https:\/\/voyagedelabaleine.fr\/it\/prodotto\/pagliaccetto-neonato-unisex-tradizionale-blu-bianco\/\">Pagliaccetto neonato unisex tradizionale &#8211; Blu\/bianco<\/a><\/h2><\/li><li class=\"price-wrap\">\n\t<span class=\"price\"><span class=\"woocommerce-Price-amount amount\"><bdi>58<span class=\"woocommerce-Price-currencySymbol\">&euro;<\/span><\/bdi><\/span><\/span>\n<\/li><\/ul><\/div><!-- .product-inner .clr --><\/li>\n<li class=\"entry has-media col span_1_of_3 owp-content-center owp-thumbs-layout-vertical owp-btn-big owp-tabs-layout-vertical circle-sale product type-product post-29949 status-publish instock product_cat-abbigliamento product_cat-pagliaccetto-salopette-nascita product_cat-pagliaccetto-salopette-nascita-ragazzo product_cat-pagliaccetto-salopette-neonati product_cat-pagliaccetto-salopette-neonato product_cat-ultima-occasione has-post-thumbnail taxable shipping-taxable purchasable product-type-variable has-default-attributes\">\n\t<div class=\"product-inner clr\">\n\t<div class=\"woo-entry-image-swap woo-entry-image clr\">\n\t\t<a href=\"https:\/\/voyagedelabaleine.fr\/it\/prodotto\/pagliaccetto-neonato-a-righe-blu-mediterraneo-bianco\/\" class=\"woocommerce-LoopProduct-link\"><img decoding=\"async\" width=\"600\" height=\"800\" src=\"https:\/\/voyagedelabaleine.fr\/wp-content\/uploads\/2025\/01\/barboteuse-rayee-bleu-mediterrannee-600x800.jpg\" class=\"woo-entry-image-main\" alt=\"Pagliaccetto neonato a righe &#8211; Blu Mediterraneo\/bianco\" itemprop=\"image\" srcset=\"https:\/\/voyagedelabaleine.fr\/wp-content\/uploads\/2025\/01\/barboteuse-rayee-bleu-mediterrannee-600x800.jpg 600w, https:\/\/voyagedelabaleine.fr\/wp-content\/uploads\/2025\/01\/barboteuse-rayee-bleu-mediterrannee-225x300.jpg 225w, https:\/\/voyagedelabaleine.fr\/wp-content\/uploads\/2025\/01\/barboteuse-rayee-bleu-mediterrannee-768x1024.jpg 768w, https:\/\/voyagedelabaleine.fr\/wp-content\/uploads\/2025\/01\/barboteuse-rayee-bleu-mediterrannee-1152x1536.jpg 1152w, https:\/\/voyagedelabaleine.fr\/wp-content\/uploads\/2025\/01\/barboteuse-rayee-bleu-mediterrannee.jpg 1289w\" sizes=\"(max-width: 600px) 100vw, 600px\" \/><img decoding=\"async\" width=\"600\" height=\"800\" src=\"https:\/\/voyagedelabaleine.fr\/wp-content\/uploads\/2025\/01\/barboteuse-rayee-bleu-mediterrannee-2-600x800.jpg\" class=\"woo-entry-image-secondary\" alt=\"Pagliaccetto neonato a righe &#8211; Blu Mediterraneo\/bianco\" itemprop=\"image\" srcset=\"https:\/\/voyagedelabaleine.fr\/wp-content\/uploads\/2025\/01\/barboteuse-rayee-bleu-mediterrannee-2-600x800.jpg 600w, https:\/\/voyagedelabaleine.fr\/wp-content\/uploads\/2025\/01\/barboteuse-rayee-bleu-mediterrannee-2-225x300.jpg 225w, https:\/\/voyagedelabaleine.fr\/wp-content\/uploads\/2025\/01\/barboteuse-rayee-bleu-mediterrannee-2-768x1024.jpg 768w, https:\/\/voyagedelabaleine.fr\/wp-content\/uploads\/2025\/01\/barboteuse-rayee-bleu-mediterrannee-2.jpg 1000w\" sizes=\"(max-width: 600px) 100vw, 600px\" \/><\/a>\t<\/div><!-- .woo-entry-image-swap -->\n\n<ul class=\"woo-entry-inner clr\"><li class=\"image-wrap\">\n\t<div class=\"woo-entry-image-swap woo-entry-image clr\">\n\t\t<a href=\"https:\/\/voyagedelabaleine.fr\/it\/prodotto\/pagliaccetto-neonato-a-righe-blu-mediterraneo-bianco\/\" class=\"woocommerce-LoopProduct-link\"><img decoding=\"async\" width=\"600\" height=\"800\" src=\"https:\/\/voyagedelabaleine.fr\/wp-content\/uploads\/2025\/01\/barboteuse-rayee-bleu-mediterrannee-600x800.jpg\" class=\"woo-entry-image-main\" alt=\"Pagliaccetto neonato a righe &#8211; Blu Mediterraneo\/bianco\" itemprop=\"image\" srcset=\"https:\/\/voyagedelabaleine.fr\/wp-content\/uploads\/2025\/01\/barboteuse-rayee-bleu-mediterrannee-600x800.jpg 600w, https:\/\/voyagedelabaleine.fr\/wp-content\/uploads\/2025\/01\/barboteuse-rayee-bleu-mediterrannee-225x300.jpg 225w, https:\/\/voyagedelabaleine.fr\/wp-content\/uploads\/2025\/01\/barboteuse-rayee-bleu-mediterrannee-768x1024.jpg 768w, https:\/\/voyagedelabaleine.fr\/wp-content\/uploads\/2025\/01\/barboteuse-rayee-bleu-mediterrannee-1152x1536.jpg 1152w, https:\/\/voyagedelabaleine.fr\/wp-content\/uploads\/2025\/01\/barboteuse-rayee-bleu-mediterrannee.jpg 1289w\" sizes=\"(max-width: 600px) 100vw, 600px\" \/><img decoding=\"async\" width=\"600\" height=\"800\" src=\"https:\/\/voyagedelabaleine.fr\/wp-content\/uploads\/2025\/01\/barboteuse-rayee-bleu-mediterrannee-2-600x800.jpg\" class=\"woo-entry-image-secondary\" alt=\"Pagliaccetto neonato a righe &#8211; Blu Mediterraneo\/bianco\" itemprop=\"image\" srcset=\"https:\/\/voyagedelabaleine.fr\/wp-content\/uploads\/2025\/01\/barboteuse-rayee-bleu-mediterrannee-2-600x800.jpg 600w, https:\/\/voyagedelabaleine.fr\/wp-content\/uploads\/2025\/01\/barboteuse-rayee-bleu-mediterrannee-2-225x300.jpg 225w, https:\/\/voyagedelabaleine.fr\/wp-content\/uploads\/2025\/01\/barboteuse-rayee-bleu-mediterrannee-2-768x1024.jpg 768w, https:\/\/voyagedelabaleine.fr\/wp-content\/uploads\/2025\/01\/barboteuse-rayee-bleu-mediterrannee-2.jpg 1000w\" sizes=\"(max-width: 600px) 100vw, 600px\" \/><\/a>\t<\/div><!-- .woo-entry-image-swap -->\n\n<\/li><li class=\"title\"><h2><a href=\"https:\/\/voyagedelabaleine.fr\/it\/prodotto\/pagliaccetto-neonato-a-righe-blu-mediterraneo-bianco\/\">Pagliaccetto neonato a righe &#8211; Blu Mediterraneo\/bianco<\/a><\/h2><\/li><li class=\"price-wrap\">\n\t<span class=\"price\"><span class=\"woocommerce-Price-amount amount\"><bdi>48<span class=\"woocommerce-Price-currencySymbol\">&euro;<\/span><\/bdi><\/span><\/span>\n<\/li><\/ul><\/div><!-- .product-inner .clr --><\/li>\n<li class=\"entry has-media col span_1_of_3 owp-content-center owp-thumbs-layout-vertical owp-btn-big owp-tabs-layout-vertical circle-sale product type-product post-34384 status-publish last instock product_cat-abbigliamento product_cat-bambina product_cat-neonata product_cat-ultima-occasione product_cat-vestito-bambina product_cat-vestito-neonata has-post-thumbnail taxable shipping-taxable purchasable product-type-variable has-default-attributes\">\n\t<div class=\"product-inner clr\">\n\t<div class=\"woo-entry-image-swap woo-entry-image clr\">\n\t\t<a href=\"https:\/\/voyagedelabaleine.fr\/it\/prodotto\/vestito-bambina-a-righe-argilla-bianco\/\" class=\"woocommerce-LoopProduct-link\"><img decoding=\"async\" width=\"600\" height=\"800\" src=\"https:\/\/voyagedelabaleine.fr\/wp-content\/uploads\/2025\/01\/robe-rayee-argile-600x800.jpg\" class=\"woo-entry-image-main\" alt=\"Vestito bambina a righe &#8211; Argilla\/bianco\" itemprop=\"image\" srcset=\"https:\/\/voyagedelabaleine.fr\/wp-content\/uploads\/2025\/01\/robe-rayee-argile-600x800.jpg 600w, https:\/\/voyagedelabaleine.fr\/wp-content\/uploads\/2025\/01\/robe-rayee-argile-225x300.jpg 225w, https:\/\/voyagedelabaleine.fr\/wp-content\/uploads\/2025\/01\/robe-rayee-argile-768x1024.jpg 768w, https:\/\/voyagedelabaleine.fr\/wp-content\/uploads\/2025\/01\/robe-rayee-argile-1152x1536.jpg 1152w, https:\/\/voyagedelabaleine.fr\/wp-content\/uploads\/2025\/01\/robe-rayee-argile.jpg 1256w\" sizes=\"(max-width: 600px) 100vw, 600px\" \/><img decoding=\"async\" width=\"600\" height=\"800\" src=\"https:\/\/voyagedelabaleine.fr\/wp-content\/uploads\/2025\/01\/robe-rayee-argile-1-600x800.jpg\" class=\"woo-entry-image-secondary\" alt=\"Vestito bambina a righe &#8211; Argilla\/bianco\" itemprop=\"image\" srcset=\"https:\/\/voyagedelabaleine.fr\/wp-content\/uploads\/2025\/01\/robe-rayee-argile-1-600x800.jpg 600w, https:\/\/voyagedelabaleine.fr\/wp-content\/uploads\/2025\/01\/robe-rayee-argile-1-225x300.jpg 225w, https:\/\/voyagedelabaleine.fr\/wp-content\/uploads\/2025\/01\/robe-rayee-argile-1-768x1024.jpg 768w, https:\/\/voyagedelabaleine.fr\/wp-content\/uploads\/2025\/01\/robe-rayee-argile-1.jpg 951w\" sizes=\"(max-width: 600px) 100vw, 600px\" \/><\/a>\t<\/div><!-- .woo-entry-image-swap -->\n\n<ul class=\"woo-entry-inner clr\"><li class=\"image-wrap\">\n\t<div class=\"woo-entry-image-swap woo-entry-image clr\">\n\t\t<a href=\"https:\/\/voyagedelabaleine.fr\/it\/prodotto\/vestito-bambina-a-righe-argilla-bianco\/\" class=\"woocommerce-LoopProduct-link\"><img decoding=\"async\" width=\"600\" height=\"800\" src=\"https:\/\/voyagedelabaleine.fr\/wp-content\/uploads\/2025\/01\/robe-rayee-argile-600x800.jpg\" class=\"woo-entry-image-main\" alt=\"Vestito bambina a righe &#8211; Argilla\/bianco\" itemprop=\"image\" srcset=\"https:\/\/voyagedelabaleine.fr\/wp-content\/uploads\/2025\/01\/robe-rayee-argile-600x800.jpg 600w, https:\/\/voyagedelabaleine.fr\/wp-content\/uploads\/2025\/01\/robe-rayee-argile-225x300.jpg 225w, https:\/\/voyagedelabaleine.fr\/wp-content\/uploads\/2025\/01\/robe-rayee-argile-768x1024.jpg 768w, https:\/\/voyagedelabaleine.fr\/wp-content\/uploads\/2025\/01\/robe-rayee-argile-1152x1536.jpg 1152w, https:\/\/voyagedelabaleine.fr\/wp-content\/uploads\/2025\/01\/robe-rayee-argile.jpg 1256w\" sizes=\"(max-width: 600px) 100vw, 600px\" \/><img decoding=\"async\" width=\"600\" height=\"800\" src=\"https:\/\/voyagedelabaleine.fr\/wp-content\/uploads\/2025\/01\/robe-rayee-argile-1-600x800.jpg\" class=\"woo-entry-image-secondary\" alt=\"Vestito bambina a righe &#8211; Argilla\/bianco\" itemprop=\"image\" srcset=\"https:\/\/voyagedelabaleine.fr\/wp-content\/uploads\/2025\/01\/robe-rayee-argile-1-600x800.jpg 600w, https:\/\/voyagedelabaleine.fr\/wp-content\/uploads\/2025\/01\/robe-rayee-argile-1-225x300.jpg 225w, https:\/\/voyagedelabaleine.fr\/wp-content\/uploads\/2025\/01\/robe-rayee-argile-1-768x1024.jpg 768w, https:\/\/voyagedelabaleine.fr\/wp-content\/uploads\/2025\/01\/robe-rayee-argile-1.jpg 951w\" sizes=\"(max-width: 600px) 100vw, 600px\" \/><\/a>\t<\/div><!-- .woo-entry-image-swap -->\n\n<\/li><li class=\"title\"><h2><a href=\"https:\/\/voyagedelabaleine.fr\/it\/prodotto\/vestito-bambina-a-righe-argilla-bianco\/\">Vestito bambina a righe &#8211; Argilla\/bianco<\/a><\/h2><\/li><li class=\"price-wrap\">\n\t<span class=\"price\"><span class=\"woocommerce-Price-amount amount\"><bdi>52<span class=\"woocommerce-Price-currencySymbol\">&euro;<\/span><\/bdi><\/span><\/span>\n<\/li><\/ul><\/div><!-- .product-inner .clr --><\/li>\n<li class=\"entry has-media col span_1_of_3 owp-content-center owp-thumbs-layout-vertical owp-btn-big owp-tabs-layout-vertical circle-sale product type-product post-34605 status-publish first instock product_cat-abbigliamento product_cat-bambina product_cat-neonata product_cat-vestito-bambina product_cat-vestito-neonata has-post-thumbnail taxable shipping-taxable purchasable product-type-variable has-default-attributes\">\n\t<div class=\"product-inner clr\">\n\t<div class=\"woo-entry-image-swap woo-entry-image clr\">\n\t\t<a href=\"https:\/\/voyagedelabaleine.fr\/it\/prodotto\/vestito-leggero-a-righe-blu-mediterraneo-bianco\/\" class=\"woocommerce-LoopProduct-link\"><img decoding=\"async\" width=\"600\" height=\"800\" src=\"https:\/\/voyagedelabaleine.fr\/wp-content\/uploads\/2025\/03\/robe-raye-bleue-3-600x800.jpg\" class=\"woo-entry-image-main\" alt=\"Vestito leggero a righe &#8211; Blu Mediterraneo\/bianco\" itemprop=\"image\" srcset=\"https:\/\/voyagedelabaleine.fr\/wp-content\/uploads\/2025\/03\/robe-raye-bleue-3-600x800.jpg 600w, https:\/\/voyagedelabaleine.fr\/wp-content\/uploads\/2025\/03\/robe-raye-bleue-3-225x300.jpg 225w, https:\/\/voyagedelabaleine.fr\/wp-content\/uploads\/2025\/03\/robe-raye-bleue-3-768x1023.jpg 768w, https:\/\/voyagedelabaleine.fr\/wp-content\/uploads\/2025\/03\/robe-raye-bleue-3-1153x1536.jpg 1153w, https:\/\/voyagedelabaleine.fr\/wp-content\/uploads\/2025\/03\/robe-raye-bleue-3.jpg 1500w\" sizes=\"(max-width: 600px) 100vw, 600px\" \/><img decoding=\"async\" width=\"600\" height=\"800\" src=\"https:\/\/voyagedelabaleine.fr\/wp-content\/uploads\/2025\/03\/robe-raye-bleue-600x800.jpg\" class=\"woo-entry-image-secondary\" alt=\"Vestito leggero a righe &#8211; Blu Mediterraneo\/bianco\" itemprop=\"image\" srcset=\"https:\/\/voyagedelabaleine.fr\/wp-content\/uploads\/2025\/03\/robe-raye-bleue-600x800.jpg 600w, https:\/\/voyagedelabaleine.fr\/wp-content\/uploads\/2025\/03\/robe-raye-bleue-225x300.jpg 225w, https:\/\/voyagedelabaleine.fr\/wp-content\/uploads\/2025\/03\/robe-raye-bleue-768x1025.jpg 768w, https:\/\/voyagedelabaleine.fr\/wp-content\/uploads\/2025\/03\/robe-raye-bleue-1151x1536.jpg 1151w, https:\/\/voyagedelabaleine.fr\/wp-content\/uploads\/2025\/03\/robe-raye-bleue.jpg 1500w\" sizes=\"(max-width: 600px) 100vw, 600px\" \/><\/a>\t<\/div><!-- .woo-entry-image-swap -->\n\n<ul class=\"woo-entry-inner clr\"><li class=\"image-wrap\">\n\t<div class=\"woo-entry-image-swap woo-entry-image clr\">\n\t\t<a href=\"https:\/\/voyagedelabaleine.fr\/it\/prodotto\/vestito-leggero-a-righe-blu-mediterraneo-bianco\/\" class=\"woocommerce-LoopProduct-link\"><img decoding=\"async\" width=\"600\" height=\"800\" src=\"https:\/\/voyagedelabaleine.fr\/wp-content\/uploads\/2025\/03\/robe-raye-bleue-3-600x800.jpg\" class=\"woo-entry-image-main\" alt=\"Vestito leggero a righe &#8211; Blu Mediterraneo\/bianco\" itemprop=\"image\" srcset=\"https:\/\/voyagedelabaleine.fr\/wp-content\/uploads\/2025\/03\/robe-raye-bleue-3-600x800.jpg 600w, https:\/\/voyagedelabaleine.fr\/wp-content\/uploads\/2025\/03\/robe-raye-bleue-3-225x300.jpg 225w, https:\/\/voyagedelabaleine.fr\/wp-content\/uploads\/2025\/03\/robe-raye-bleue-3-768x1023.jpg 768w, https:\/\/voyagedelabaleine.fr\/wp-content\/uploads\/2025\/03\/robe-raye-bleue-3-1153x1536.jpg 1153w, https:\/\/voyagedelabaleine.fr\/wp-content\/uploads\/2025\/03\/robe-raye-bleue-3.jpg 1500w\" sizes=\"(max-width: 600px) 100vw, 600px\" \/><img decoding=\"async\" width=\"600\" height=\"800\" src=\"https:\/\/voyagedelabaleine.fr\/wp-content\/uploads\/2025\/03\/robe-raye-bleue-600x800.jpg\" class=\"woo-entry-image-secondary\" alt=\"Vestito leggero a righe &#8211; Blu Mediterraneo\/bianco\" itemprop=\"image\" srcset=\"https:\/\/voyagedelabaleine.fr\/wp-content\/uploads\/2025\/03\/robe-raye-bleue-600x800.jpg 600w, https:\/\/voyagedelabaleine.fr\/wp-content\/uploads\/2025\/03\/robe-raye-bleue-225x300.jpg 225w, https:\/\/voyagedelabaleine.fr\/wp-content\/uploads\/2025\/03\/robe-raye-bleue-768x1025.jpg 768w, https:\/\/voyagedelabaleine.fr\/wp-content\/uploads\/2025\/03\/robe-raye-bleue-1151x1536.jpg 1151w, https:\/\/voyagedelabaleine.fr\/wp-content\/uploads\/2025\/03\/robe-raye-bleue.jpg 1500w\" sizes=\"(max-width: 600px) 100vw, 600px\" \/><\/a>\t<\/div><!-- .woo-entry-image-swap -->\n\n<\/li><li class=\"title\"><h2><a href=\"https:\/\/voyagedelabaleine.fr\/it\/prodotto\/vestito-leggero-a-righe-blu-mediterraneo-bianco\/\">Vestito leggero a righe &#8211; Blu Mediterraneo\/bianco<\/a><\/h2><\/li><li class=\"price-wrap\">\n\t<span class=\"price\"><span class=\"woocommerce-Price-amount amount\"><bdi>62<span class=\"woocommerce-Price-currencySymbol\">&euro;<\/span><\/bdi><\/span><\/span>\n<\/li><\/ul><\/div><!-- .product-inner .clr --><\/li>\n<li class=\"entry has-media col span_1_of_3 owp-content-center owp-thumbs-layout-vertical owp-btn-big owp-tabs-layout-vertical circle-sale product type-product post-33660 status-publish instock product_cat-abbigliamento product_cat-nascita-ragazza product_cat-neonata product_cat-ultima-occasione product_cat-vestito-nascita product_cat-vestito-neonata has-post-thumbnail taxable shipping-taxable purchasable product-type-variable has-default-attributes\">\n\t<div class=\"product-inner clr\">\n\t<div class=\"woo-entry-image-swap woo-entry-image clr\">\n\t\t<a href=\"https:\/\/voyagedelabaleine.fr\/it\/prodotto\/vestito-bambina-a-righe-con-ampio-colletto-stile-marinaro\/\" class=\"woocommerce-LoopProduct-link\"><img decoding=\"async\" width=\"600\" height=\"800\" src=\"https:\/\/voyagedelabaleine.fr\/wp-content\/uploads\/2025\/02\/robe-esprit-marin-600x800.jpg\" class=\"woo-entry-image-main\" alt=\"Vestito bambina a righe con ampio colletto stile marinaro\" itemprop=\"image\" srcset=\"https:\/\/voyagedelabaleine.fr\/wp-content\/uploads\/2025\/02\/robe-esprit-marin-600x800.jpg 600w, https:\/\/voyagedelabaleine.fr\/wp-content\/uploads\/2025\/02\/robe-esprit-marin-225x300.jpg 225w, https:\/\/voyagedelabaleine.fr\/wp-content\/uploads\/2025\/02\/robe-esprit-marin-768x1024.jpg 768w, https:\/\/voyagedelabaleine.fr\/wp-content\/uploads\/2025\/02\/robe-esprit-marin-1152x1536.jpg 1152w, https:\/\/voyagedelabaleine.fr\/wp-content\/uploads\/2025\/02\/robe-esprit-marin.jpg 1200w\" sizes=\"(max-width: 600px) 100vw, 600px\" \/><img decoding=\"async\" width=\"600\" height=\"800\" src=\"https:\/\/voyagedelabaleine.fr\/wp-content\/uploads\/2025\/01\/robe-bebe-col-marin-600x800.jpg\" class=\"woo-entry-image-secondary\" alt=\"Vestito bambina a righe con ampio colletto stile marinaro\" itemprop=\"image\" srcset=\"https:\/\/voyagedelabaleine.fr\/wp-content\/uploads\/2025\/01\/robe-bebe-col-marin-600x800.jpg 600w, https:\/\/voyagedelabaleine.fr\/wp-content\/uploads\/2025\/01\/robe-bebe-col-marin-225x300.jpg 225w, https:\/\/voyagedelabaleine.fr\/wp-content\/uploads\/2025\/01\/robe-bebe-col-marin-768x1024.jpg 768w, https:\/\/voyagedelabaleine.fr\/wp-content\/uploads\/2025\/01\/robe-bebe-col-marin.jpg 855w\" sizes=\"(max-width: 600px) 100vw, 600px\" \/><\/a>\t<\/div><!-- .woo-entry-image-swap -->\n\n<ul class=\"woo-entry-inner clr\"><li class=\"image-wrap\">\n\t<div class=\"woo-entry-image-swap woo-entry-image clr\">\n\t\t<a href=\"https:\/\/voyagedelabaleine.fr\/it\/prodotto\/vestito-bambina-a-righe-con-ampio-colletto-stile-marinaro\/\" class=\"woocommerce-LoopProduct-link\"><img decoding=\"async\" width=\"600\" height=\"800\" src=\"https:\/\/voyagedelabaleine.fr\/wp-content\/uploads\/2025\/02\/robe-esprit-marin-600x800.jpg\" class=\"woo-entry-image-main\" alt=\"Vestito bambina a righe con ampio colletto stile marinaro\" itemprop=\"image\" srcset=\"https:\/\/voyagedelabaleine.fr\/wp-content\/uploads\/2025\/02\/robe-esprit-marin-600x800.jpg 600w, https:\/\/voyagedelabaleine.fr\/wp-content\/uploads\/2025\/02\/robe-esprit-marin-225x300.jpg 225w, https:\/\/voyagedelabaleine.fr\/wp-content\/uploads\/2025\/02\/robe-esprit-marin-768x1024.jpg 768w, https:\/\/voyagedelabaleine.fr\/wp-content\/uploads\/2025\/02\/robe-esprit-marin-1152x1536.jpg 1152w, https:\/\/voyagedelabaleine.fr\/wp-content\/uploads\/2025\/02\/robe-esprit-marin.jpg 1200w\" sizes=\"(max-width: 600px) 100vw, 600px\" \/><img decoding=\"async\" width=\"600\" height=\"800\" src=\"https:\/\/voyagedelabaleine.fr\/wp-content\/uploads\/2025\/01\/robe-bebe-col-marin-600x800.jpg\" class=\"woo-entry-image-secondary\" alt=\"Vestito bambina a righe con ampio colletto stile marinaro\" itemprop=\"image\" srcset=\"https:\/\/voyagedelabaleine.fr\/wp-content\/uploads\/2025\/01\/robe-bebe-col-marin-600x800.jpg 600w, https:\/\/voyagedelabaleine.fr\/wp-content\/uploads\/2025\/01\/robe-bebe-col-marin-225x300.jpg 225w, https:\/\/voyagedelabaleine.fr\/wp-content\/uploads\/2025\/01\/robe-bebe-col-marin-768x1024.jpg 768w, https:\/\/voyagedelabaleine.fr\/wp-content\/uploads\/2025\/01\/robe-bebe-col-marin.jpg 855w\" sizes=\"(max-width: 600px) 100vw, 600px\" \/><\/a>\t<\/div><!-- .woo-entry-image-swap -->\n\n<\/li><li class=\"title\"><h2><a href=\"https:\/\/voyagedelabaleine.fr\/it\/prodotto\/vestito-bambina-a-righe-con-ampio-colletto-stile-marinaro\/\">Vestito bambina a righe con ampio colletto stile marinaro<\/a><\/h2><\/li><li class=\"price-wrap\">\n\t<span class=\"price\"><span class=\"woocommerce-Price-amount amount\"><bdi>60<span class=\"woocommerce-Price-currencySymbol\">&euro;<\/span><\/bdi><\/span><\/span>\n<\/li><\/ul><\/div><!-- .product-inner .clr --><\/li>\n<li class=\"entry has-media col span_1_of_3 owp-content-center owp-thumbs-layout-vertical owp-btn-big owp-tabs-layout-vertical circle-sale product type-product post-29158 status-publish last instock product_cat-abbigliamento product_cat-bloomer-short-pantaloni-nascita product_cat-bloomer-short-pantaloni-nascita-ragazzo product_cat-bloomer-short-pantaloni-neonati product_cat-bloomer-short-pantaloni-neonato product_cat-blusa-camicia-nascita product_cat-blusa-camicia-nascita-ragazzo product_cat-blusa-camicia-neonati product_cat-blusa-camicia-neonato product_cat-completi-nascita product_cat-completi-nascita-ragazzo product_cat-completi-neonati product_cat-completi-neonato has-post-thumbnail taxable shipping-taxable purchasable product-type-variable has-default-attributes\">\n\t<div class=\"product-inner clr\">\n\t<div class=\"woo-entry-image-swap woo-entry-image clr\">\n\t\t<a href=\"https:\/\/voyagedelabaleine.fr\/it\/prodotto\/completo-neonato-blusa-e-bloomer-in-cotone-e-lino-grigio-chiaro\/\" class=\"woocommerce-LoopProduct-link\"><img decoding=\"async\" width=\"600\" height=\"800\" src=\"https:\/\/voyagedelabaleine.fr\/wp-content\/uploads\/2025\/04\/ensemble-bebe-blouse-rayee-bloomer-gris-scaled-600x800.jpg\" class=\"woo-entry-image-main\" alt=\"Completo neonato blusa e bloomer in cotone e lino &#8211; Grigio chiaro\" itemprop=\"image\" srcset=\"https:\/\/voyagedelabaleine.fr\/wp-content\/uploads\/2025\/04\/ensemble-bebe-blouse-rayee-bloomer-gris-scaled-600x800.jpg 600w, https:\/\/voyagedelabaleine.fr\/wp-content\/uploads\/2025\/04\/ensemble-bebe-blouse-rayee-bloomer-gris-scaled-225x300.jpg 225w, https:\/\/voyagedelabaleine.fr\/wp-content\/uploads\/2025\/04\/ensemble-bebe-blouse-rayee-bloomer-gris-scaled-768x1024.jpg 768w, https:\/\/voyagedelabaleine.fr\/wp-content\/uploads\/2025\/04\/ensemble-bebe-blouse-rayee-bloomer-gris-scaled-1152x1536.jpg 1152w, https:\/\/voyagedelabaleine.fr\/wp-content\/uploads\/2025\/04\/ensemble-bebe-blouse-rayee-bloomer-gris-scaled.jpg 1536w\" sizes=\"(max-width: 600px) 100vw, 600px\" \/><img decoding=\"async\" width=\"600\" height=\"800\" src=\"https:\/\/voyagedelabaleine.fr\/wp-content\/uploads\/2025\/04\/ensemble-bebe-bloomer-blouse-raye-gris-2-scaled-600x800.jpeg\" class=\"woo-entry-image-secondary\" alt=\"Completo neonato blusa e bloomer in cotone e lino &#8211; Grigio chiaro\" itemprop=\"image\" srcset=\"https:\/\/voyagedelabaleine.fr\/wp-content\/uploads\/2025\/04\/ensemble-bebe-bloomer-blouse-raye-gris-2-scaled-600x800.jpeg 600w, https:\/\/voyagedelabaleine.fr\/wp-content\/uploads\/2025\/04\/ensemble-bebe-bloomer-blouse-raye-gris-2-scaled-225x300.jpeg 225w, https:\/\/voyagedelabaleine.fr\/wp-content\/uploads\/2025\/04\/ensemble-bebe-bloomer-blouse-raye-gris-2-scaled-768x1024.jpeg 768w, https:\/\/voyagedelabaleine.fr\/wp-content\/uploads\/2025\/04\/ensemble-bebe-bloomer-blouse-raye-gris-2-scaled-1152x1536.jpeg 1152w, https:\/\/voyagedelabaleine.fr\/wp-content\/uploads\/2025\/04\/ensemble-bebe-bloomer-blouse-raye-gris-2-scaled.jpeg 1536w\" sizes=\"(max-width: 600px) 100vw, 600px\" \/><\/a>\t<\/div><!-- .woo-entry-image-swap -->\n\n<ul class=\"woo-entry-inner clr\"><li class=\"image-wrap\">\n\t<div class=\"woo-entry-image-swap woo-entry-image clr\">\n\t\t<a href=\"https:\/\/voyagedelabaleine.fr\/it\/prodotto\/completo-neonato-blusa-e-bloomer-in-cotone-e-lino-grigio-chiaro\/\" class=\"woocommerce-LoopProduct-link\"><img decoding=\"async\" width=\"600\" height=\"800\" src=\"https:\/\/voyagedelabaleine.fr\/wp-content\/uploads\/2025\/04\/ensemble-bebe-blouse-rayee-bloomer-gris-scaled-600x800.jpg\" class=\"woo-entry-image-main\" alt=\"Completo neonato blusa e bloomer in cotone e lino &#8211; Grigio chiaro\" itemprop=\"image\" srcset=\"https:\/\/voyagedelabaleine.fr\/wp-content\/uploads\/2025\/04\/ensemble-bebe-blouse-rayee-bloomer-gris-scaled-600x800.jpg 600w, https:\/\/voyagedelabaleine.fr\/wp-content\/uploads\/2025\/04\/ensemble-bebe-blouse-rayee-bloomer-gris-scaled-225x300.jpg 225w, https:\/\/voyagedelabaleine.fr\/wp-content\/uploads\/2025\/04\/ensemble-bebe-blouse-rayee-bloomer-gris-scaled-768x1024.jpg 768w, https:\/\/voyagedelabaleine.fr\/wp-content\/uploads\/2025\/04\/ensemble-bebe-blouse-rayee-bloomer-gris-scaled-1152x1536.jpg 1152w, https:\/\/voyagedelabaleine.fr\/wp-content\/uploads\/2025\/04\/ensemble-bebe-blouse-rayee-bloomer-gris-scaled.jpg 1536w\" sizes=\"(max-width: 600px) 100vw, 600px\" \/><img decoding=\"async\" width=\"600\" height=\"800\" src=\"https:\/\/voyagedelabaleine.fr\/wp-content\/uploads\/2025\/04\/ensemble-bebe-bloomer-blouse-raye-gris-2-scaled-600x800.jpeg\" class=\"woo-entry-image-secondary\" alt=\"Completo neonato blusa e bloomer in cotone e lino &#8211; Grigio chiaro\" itemprop=\"image\" srcset=\"https:\/\/voyagedelabaleine.fr\/wp-content\/uploads\/2025\/04\/ensemble-bebe-bloomer-blouse-raye-gris-2-scaled-600x800.jpeg 600w, https:\/\/voyagedelabaleine.fr\/wp-content\/uploads\/2025\/04\/ensemble-bebe-bloomer-blouse-raye-gris-2-scaled-225x300.jpeg 225w, https:\/\/voyagedelabaleine.fr\/wp-content\/uploads\/2025\/04\/ensemble-bebe-bloomer-blouse-raye-gris-2-scaled-768x1024.jpeg 768w, https:\/\/voyagedelabaleine.fr\/wp-content\/uploads\/2025\/04\/ensemble-bebe-bloomer-blouse-raye-gris-2-scaled-1152x1536.jpeg 1152w, https:\/\/voyagedelabaleine.fr\/wp-content\/uploads\/2025\/04\/ensemble-bebe-bloomer-blouse-raye-gris-2-scaled.jpeg 1536w\" sizes=\"(max-width: 600px) 100vw, 600px\" \/><\/a>\t<\/div><!-- .woo-entry-image-swap -->\n\n<\/li><li class=\"title\"><h2><a href=\"https:\/\/voyagedelabaleine.fr\/it\/prodotto\/completo-neonato-blusa-e-bloomer-in-cotone-e-lino-grigio-chiaro\/\">Completo neonato blusa e bloomer in cotone e lino &#8211; Grigio chiaro<\/a><\/h2><\/li><li class=\"price-wrap\">\n\t<span class=\"price\"><span class=\"woocommerce-Price-amount amount\"><bdi>62<span class=\"woocommerce-Price-currencySymbol\">&euro;<\/span><\/bdi><\/span><\/span>\n<\/li><\/ul><\/div><!-- .product-inner .clr --><\/li>\n<li class=\"entry has-media col span_1_of_3 owp-content-center owp-thumbs-layout-vertical owp-btn-big owp-tabs-layout-vertical circle-sale product type-product post-32529 status-publish first instock product_cat-abbigliamento product_cat-blusa-camicia-bambini product_cat-blusa-camicia-bambino has-post-thumbnail taxable shipping-taxable purchasable product-type-variable has-default-attributes\">\n\t<div class=\"product-inner clr\">\n\t<div class=\"woo-entry-image-swap woo-entry-image clr\">\n\t\t<a href=\"https:\/\/voyagedelabaleine.fr\/it\/prodotto\/camicia-bambino-collo-alla-coreana-a-righe-azzurro-bianco\/\" class=\"woocommerce-LoopProduct-link\"><img decoding=\"async\" width=\"600\" height=\"800\" src=\"https:\/\/voyagedelabaleine.fr\/wp-content\/uploads\/2025\/01\/chemise-garcon-manches-retroussables-600x800.jpg\" class=\"woo-entry-image-main\" alt=\"Camicia bambino collo alla coreana a righe &#8211; Azzurro\/bianco\" itemprop=\"image\" srcset=\"https:\/\/voyagedelabaleine.fr\/wp-content\/uploads\/2025\/01\/chemise-garcon-manches-retroussables-600x800.jpg 600w, https:\/\/voyagedelabaleine.fr\/wp-content\/uploads\/2025\/01\/chemise-garcon-manches-retroussables-225x300.jpg 225w, https:\/\/voyagedelabaleine.fr\/wp-content\/uploads\/2025\/01\/chemise-garcon-manches-retroussables-768x1024.jpg 768w, https:\/\/voyagedelabaleine.fr\/wp-content\/uploads\/2025\/01\/chemise-garcon-manches-retroussables.jpg 900w\" sizes=\"(max-width: 600px) 100vw, 600px\" \/><img decoding=\"async\" width=\"600\" height=\"800\" src=\"https:\/\/voyagedelabaleine.fr\/wp-content\/uploads\/2025\/01\/chemise-garcon-manches-retroussables-1-600x800.jpg\" class=\"woo-entry-image-secondary\" alt=\"Camicia bambino collo alla coreana a righe &#8211; Azzurro\/bianco\" itemprop=\"image\" srcset=\"https:\/\/voyagedelabaleine.fr\/wp-content\/uploads\/2025\/01\/chemise-garcon-manches-retroussables-1-600x800.jpg 600w, https:\/\/voyagedelabaleine.fr\/wp-content\/uploads\/2025\/01\/chemise-garcon-manches-retroussables-1-225x300.jpg 225w, https:\/\/voyagedelabaleine.fr\/wp-content\/uploads\/2025\/01\/chemise-garcon-manches-retroussables-1-768x1024.jpg 768w, https:\/\/voyagedelabaleine.fr\/wp-content\/uploads\/2025\/01\/chemise-garcon-manches-retroussables-1.jpg 900w\" sizes=\"(max-width: 600px) 100vw, 600px\" \/><\/a>\t<\/div><!-- .woo-entry-image-swap -->\n\n<ul class=\"woo-entry-inner clr\"><li class=\"image-wrap\">\n\t<div class=\"woo-entry-image-swap woo-entry-image clr\">\n\t\t<a href=\"https:\/\/voyagedelabaleine.fr\/it\/prodotto\/camicia-bambino-collo-alla-coreana-a-righe-azzurro-bianco\/\" class=\"woocommerce-LoopProduct-link\"><img decoding=\"async\" width=\"600\" height=\"800\" src=\"https:\/\/voyagedelabaleine.fr\/wp-content\/uploads\/2025\/01\/chemise-garcon-manches-retroussables-600x800.jpg\" class=\"woo-entry-image-main\" alt=\"Camicia bambino collo alla coreana a righe &#8211; Azzurro\/bianco\" itemprop=\"image\" srcset=\"https:\/\/voyagedelabaleine.fr\/wp-content\/uploads\/2025\/01\/chemise-garcon-manches-retroussables-600x800.jpg 600w, https:\/\/voyagedelabaleine.fr\/wp-content\/uploads\/2025\/01\/chemise-garcon-manches-retroussables-225x300.jpg 225w, https:\/\/voyagedelabaleine.fr\/wp-content\/uploads\/2025\/01\/chemise-garcon-manches-retroussables-768x1024.jpg 768w, https:\/\/voyagedelabaleine.fr\/wp-content\/uploads\/2025\/01\/chemise-garcon-manches-retroussables.jpg 900w\" sizes=\"(max-width: 600px) 100vw, 600px\" \/><img decoding=\"async\" width=\"600\" height=\"800\" src=\"https:\/\/voyagedelabaleine.fr\/wp-content\/uploads\/2025\/01\/chemise-garcon-manches-retroussables-1-600x800.jpg\" class=\"woo-entry-image-secondary\" alt=\"Camicia bambino collo alla coreana a righe &#8211; Azzurro\/bianco\" itemprop=\"image\" srcset=\"https:\/\/voyagedelabaleine.fr\/wp-content\/uploads\/2025\/01\/chemise-garcon-manches-retroussables-1-600x800.jpg 600w, https:\/\/voyagedelabaleine.fr\/wp-content\/uploads\/2025\/01\/chemise-garcon-manches-retroussables-1-225x300.jpg 225w, https:\/\/voyagedelabaleine.fr\/wp-content\/uploads\/2025\/01\/chemise-garcon-manches-retroussables-1-768x1024.jpg 768w, https:\/\/voyagedelabaleine.fr\/wp-content\/uploads\/2025\/01\/chemise-garcon-manches-retroussables-1.jpg 900w\" sizes=\"(max-width: 600px) 100vw, 600px\" \/><\/a>\t<\/div><!-- .woo-entry-image-swap -->\n\n<\/li><li class=\"title\"><h2><a href=\"https:\/\/voyagedelabaleine.fr\/it\/prodotto\/camicia-bambino-collo-alla-coreana-a-righe-azzurro-bianco\/\">Camicia bambino collo alla coreana a righe &#8211; Azzurro\/bianco<\/a><\/h2><\/li><li class=\"price-wrap\">\n\t<span class=\"price\"><span class=\"woocommerce-Price-amount amount\"><bdi>32<span class=\"woocommerce-Price-currencySymbol\">&euro;<\/span><\/bdi><\/span><\/span>\n<\/li><\/ul><\/div><!-- .product-inner .clr --><\/li>\n<li class=\"entry has-media col span_1_of_3 owp-content-center owp-thumbs-layout-vertical owp-btn-big owp-tabs-layout-vertical circle-sale product type-product post-29941 status-publish instock product_cat-abbigliamento product_cat-bloomer-short-pantaloni-neonati product_cat-bloomer-short-pantaloni-neonato product_cat-blusa-camicia-bambini product_cat-blusa-camicia-bambino product_cat-blusa-camicia-neonati product_cat-blusa-camicia-neonato product_cat-completi-neonati product_cat-completi-neonato product_cat-completo-salopette-bambini product_cat-completo-salopette-bambino product_cat-pantaloni-short-bambini product_cat-pantaloni-short-bambino has-post-thumbnail taxable shipping-taxable purchasable product-type-variable has-default-attributes\">\n\t<div class=\"product-inner clr\">\n\t<div class=\"woo-entry-image-swap woo-entry-image clr\">\n\t\t<a href=\"https:\/\/voyagedelabaleine.fr\/it\/prodotto\/set-polo-e-shorts-a-righe-blu-mediterraneo-bianco\/\" class=\"woocommerce-LoopProduct-link\"><img decoding=\"async\" width=\"600\" height=\"800\" src=\"https:\/\/voyagedelabaleine.fr\/wp-content\/uploads\/2025\/01\/ensemble-polo-short-raye-bleu-scaled-600x800.jpg\" class=\"woo-entry-image-main\" alt=\"Set polo e shorts a righe &#8211; Blu Mediterraneo\/bianco\" itemprop=\"image\" srcset=\"https:\/\/voyagedelabaleine.fr\/wp-content\/uploads\/2025\/01\/ensemble-polo-short-raye-bleu-scaled-600x799.jpg 600w, https:\/\/voyagedelabaleine.fr\/wp-content\/uploads\/2025\/01\/ensemble-polo-short-raye-bleu-scaled-225x300.jpg 225w, https:\/\/voyagedelabaleine.fr\/wp-content\/uploads\/2025\/01\/ensemble-polo-short-raye-bleu-scaled-769x1024.jpg 769w, https:\/\/voyagedelabaleine.fr\/wp-content\/uploads\/2025\/01\/ensemble-polo-short-raye-bleu-scaled-768x1023.jpg 768w, https:\/\/voyagedelabaleine.fr\/wp-content\/uploads\/2025\/01\/ensemble-polo-short-raye-bleu-scaled-1153x1536.jpg 1153w, https:\/\/voyagedelabaleine.fr\/wp-content\/uploads\/2025\/01\/ensemble-polo-short-raye-bleu-scaled.jpg 1537w\" sizes=\"(max-width: 600px) 100vw, 600px\" \/><img decoding=\"async\" width=\"600\" height=\"800\" src=\"https:\/\/voyagedelabaleine.fr\/wp-content\/uploads\/2025\/01\/ensemble-polo-short-raye-1-600x800.jpg\" class=\"woo-entry-image-secondary\" alt=\"Set polo e shorts a righe &#8211; Blu Mediterraneo\/bianco\" itemprop=\"image\" srcset=\"https:\/\/voyagedelabaleine.fr\/wp-content\/uploads\/2025\/01\/ensemble-polo-short-raye-1-600x800.jpg 600w, https:\/\/voyagedelabaleine.fr\/wp-content\/uploads\/2025\/01\/ensemble-polo-short-raye-1-225x300.jpg 225w, https:\/\/voyagedelabaleine.fr\/wp-content\/uploads\/2025\/01\/ensemble-polo-short-raye-1-768x1024.jpg 768w, https:\/\/voyagedelabaleine.fr\/wp-content\/uploads\/2025\/01\/ensemble-polo-short-raye-1.jpg 1094w\" sizes=\"(max-width: 600px) 100vw, 600px\" \/><\/a>\t<\/div><!-- .woo-entry-image-swap -->\n\n<ul class=\"woo-entry-inner clr\"><li class=\"image-wrap\">\n\t<div class=\"woo-entry-image-swap woo-entry-image clr\">\n\t\t<a href=\"https:\/\/voyagedelabaleine.fr\/it\/prodotto\/set-polo-e-shorts-a-righe-blu-mediterraneo-bianco\/\" class=\"woocommerce-LoopProduct-link\"><img decoding=\"async\" width=\"600\" height=\"800\" src=\"https:\/\/voyagedelabaleine.fr\/wp-content\/uploads\/2025\/01\/ensemble-polo-short-raye-bleu-scaled-600x800.jpg\" class=\"woo-entry-image-main\" alt=\"Set polo e shorts a righe &#8211; Blu Mediterraneo\/bianco\" itemprop=\"image\" srcset=\"https:\/\/voyagedelabaleine.fr\/wp-content\/uploads\/2025\/01\/ensemble-polo-short-raye-bleu-scaled-600x799.jpg 600w, https:\/\/voyagedelabaleine.fr\/wp-content\/uploads\/2025\/01\/ensemble-polo-short-raye-bleu-scaled-225x300.jpg 225w, https:\/\/voyagedelabaleine.fr\/wp-content\/uploads\/2025\/01\/ensemble-polo-short-raye-bleu-scaled-769x1024.jpg 769w, https:\/\/voyagedelabaleine.fr\/wp-content\/uploads\/2025\/01\/ensemble-polo-short-raye-bleu-scaled-768x1023.jpg 768w, https:\/\/voyagedelabaleine.fr\/wp-content\/uploads\/2025\/01\/ensemble-polo-short-raye-bleu-scaled-1153x1536.jpg 1153w, https:\/\/voyagedelabaleine.fr\/wp-content\/uploads\/2025\/01\/ensemble-polo-short-raye-bleu-scaled.jpg 1537w\" sizes=\"(max-width: 600px) 100vw, 600px\" \/><img decoding=\"async\" width=\"600\" height=\"800\" src=\"https:\/\/voyagedelabaleine.fr\/wp-content\/uploads\/2025\/01\/ensemble-polo-short-raye-1-600x800.jpg\" class=\"woo-entry-image-secondary\" alt=\"Set polo e shorts a righe &#8211; Blu Mediterraneo\/bianco\" itemprop=\"image\" srcset=\"https:\/\/voyagedelabaleine.fr\/wp-content\/uploads\/2025\/01\/ensemble-polo-short-raye-1-600x800.jpg 600w, https:\/\/voyagedelabaleine.fr\/wp-content\/uploads\/2025\/01\/ensemble-polo-short-raye-1-225x300.jpg 225w, https:\/\/voyagedelabaleine.fr\/wp-content\/uploads\/2025\/01\/ensemble-polo-short-raye-1-768x1024.jpg 768w, https:\/\/voyagedelabaleine.fr\/wp-content\/uploads\/2025\/01\/ensemble-polo-short-raye-1.jpg 1094w\" sizes=\"(max-width: 600px) 100vw, 600px\" \/><\/a>\t<\/div><!-- .woo-entry-image-swap -->\n\n<\/li><li class=\"title\"><h2><a href=\"https:\/\/voyagedelabaleine.fr\/it\/prodotto\/set-polo-e-shorts-a-righe-blu-mediterraneo-bianco\/\">Set polo e shorts a righe &#8211; Blu Mediterraneo\/bianco<\/a><\/h2><\/li><li class=\"price-wrap\">\n\t<span class=\"price\"><span class=\"woocommerce-Price-amount amount\"><bdi>60<span class=\"woocommerce-Price-currencySymbol\">&euro;<\/span><\/bdi><\/span><\/span>\n<\/li><\/ul><\/div><!-- .product-inner .clr --><\/li>\n<li class=\"entry has-media col span_1_of_3 owp-content-center owp-thumbs-layout-vertical owp-btn-big owp-tabs-layout-vertical circle-sale product type-product post-29179 status-publish last instock product_cat-abbigliamento product_cat-bloomer-short-pantaloni-neonati product_cat-bloomer-short-pantaloni-neonato product_cat-blusa-camicia-bambini product_cat-blusa-camicia-bambino product_cat-blusa-camicia-neonati product_cat-blusa-camicia-neonato product_cat-completi-neonati product_cat-completi-neonato product_cat-completo-salopette-bambini product_cat-completo-salopette-bambino product_cat-pantaloni-short-bambini product_cat-pantaloni-short-bambino has-post-thumbnail taxable shipping-taxable purchasable product-type-variable has-default-attributes\">\n\t<div class=\"product-inner clr\">\n\t<div class=\"woo-entry-image-swap woo-entry-image clr\">\n\t\t<a href=\"https:\/\/voyagedelabaleine.fr\/it\/prodotto\/completo-bambino-camicia-e-pantaloncini-in-cotone-e-lino-grigio-chiaro\/\" class=\"woocommerce-LoopProduct-link\"><img decoding=\"async\" width=\"600\" height=\"800\" src=\"https:\/\/voyagedelabaleine.fr\/wp-content\/uploads\/2025\/04\/chemise-rayee-short-gris-600x800.jpg\" class=\"woo-entry-image-main\" alt=\"Completo bambino camicia e pantaloncini in cotone e lino &#8211; Grigio chiaro\" itemprop=\"image\" srcset=\"https:\/\/voyagedelabaleine.fr\/wp-content\/uploads\/2025\/04\/chemise-rayee-short-gris-600x800.jpg 600w, https:\/\/voyagedelabaleine.fr\/wp-content\/uploads\/2025\/04\/chemise-rayee-short-gris-225x300.jpg 225w, https:\/\/voyagedelabaleine.fr\/wp-content\/uploads\/2025\/04\/chemise-rayee-short-gris-768x1024.jpg 768w, https:\/\/voyagedelabaleine.fr\/wp-content\/uploads\/2025\/04\/chemise-rayee-short-gris-1152x1536.jpg 1152w, https:\/\/voyagedelabaleine.fr\/wp-content\/uploads\/2025\/04\/chemise-rayee-short-gris.jpg 1229w\" sizes=\"(max-width: 600px) 100vw, 600px\" \/><img decoding=\"async\" width=\"600\" height=\"800\" src=\"https:\/\/voyagedelabaleine.fr\/wp-content\/uploads\/2025\/01\/ensemble-chemise-short-gris-2-600x800.jpg\" class=\"woo-entry-image-secondary\" alt=\"Completo bambino camicia e pantaloncini in cotone e lino &#8211; Grigio chiaro\" itemprop=\"image\" srcset=\"https:\/\/voyagedelabaleine.fr\/wp-content\/uploads\/2025\/01\/ensemble-chemise-short-gris-2-600x801.jpg 600w, https:\/\/voyagedelabaleine.fr\/wp-content\/uploads\/2025\/01\/ensemble-chemise-short-gris-2-225x300.jpg 225w, https:\/\/voyagedelabaleine.fr\/wp-content\/uploads\/2025\/01\/ensemble-chemise-short-gris-2-767x1024.jpg 767w, https:\/\/voyagedelabaleine.fr\/wp-content\/uploads\/2025\/01\/ensemble-chemise-short-gris-2-768x1025.jpg 768w, https:\/\/voyagedelabaleine.fr\/wp-content\/uploads\/2025\/01\/ensemble-chemise-short-gris-2.jpg 800w\" sizes=\"(max-width: 600px) 100vw, 600px\" \/><\/a>\t<\/div><!-- .woo-entry-image-swap -->\n\n<ul class=\"woo-entry-inner clr\"><li class=\"image-wrap\">\n\t<div class=\"woo-entry-image-swap woo-entry-image clr\">\n\t\t<a href=\"https:\/\/voyagedelabaleine.fr\/it\/prodotto\/completo-bambino-camicia-e-pantaloncini-in-cotone-e-lino-grigio-chiaro\/\" class=\"woocommerce-LoopProduct-link\"><img decoding=\"async\" width=\"600\" height=\"800\" src=\"https:\/\/voyagedelabaleine.fr\/wp-content\/uploads\/2025\/04\/chemise-rayee-short-gris-600x800.jpg\" class=\"woo-entry-image-main\" alt=\"Completo bambino camicia e pantaloncini in cotone e lino &#8211; Grigio chiaro\" itemprop=\"image\" srcset=\"https:\/\/voyagedelabaleine.fr\/wp-content\/uploads\/2025\/04\/chemise-rayee-short-gris-600x800.jpg 600w, https:\/\/voyagedelabaleine.fr\/wp-content\/uploads\/2025\/04\/chemise-rayee-short-gris-225x300.jpg 225w, https:\/\/voyagedelabaleine.fr\/wp-content\/uploads\/2025\/04\/chemise-rayee-short-gris-768x1024.jpg 768w, https:\/\/voyagedelabaleine.fr\/wp-content\/uploads\/2025\/04\/chemise-rayee-short-gris-1152x1536.jpg 1152w, https:\/\/voyagedelabaleine.fr\/wp-content\/uploads\/2025\/04\/chemise-rayee-short-gris.jpg 1229w\" sizes=\"(max-width: 600px) 100vw, 600px\" \/><img decoding=\"async\" width=\"600\" height=\"800\" src=\"https:\/\/voyagedelabaleine.fr\/wp-content\/uploads\/2025\/01\/ensemble-chemise-short-gris-2-600x800.jpg\" class=\"woo-entry-image-secondary\" alt=\"Completo bambino camicia e pantaloncini in cotone e lino &#8211; Grigio chiaro\" itemprop=\"image\" srcset=\"https:\/\/voyagedelabaleine.fr\/wp-content\/uploads\/2025\/01\/ensemble-chemise-short-gris-2-600x801.jpg 600w, https:\/\/voyagedelabaleine.fr\/wp-content\/uploads\/2025\/01\/ensemble-chemise-short-gris-2-225x300.jpg 225w, https:\/\/voyagedelabaleine.fr\/wp-content\/uploads\/2025\/01\/ensemble-chemise-short-gris-2-767x1024.jpg 767w, https:\/\/voyagedelabaleine.fr\/wp-content\/uploads\/2025\/01\/ensemble-chemise-short-gris-2-768x1025.jpg 768w, https:\/\/voyagedelabaleine.fr\/wp-content\/uploads\/2025\/01\/ensemble-chemise-short-gris-2.jpg 800w\" sizes=\"(max-width: 600px) 100vw, 600px\" \/><\/a>\t<\/div><!-- .woo-entry-image-swap -->\n\n<\/li><li class=\"title\"><h2><a href=\"https:\/\/voyagedelabaleine.fr\/it\/prodotto\/completo-bambino-camicia-e-pantaloncini-in-cotone-e-lino-grigio-chiaro\/\">Completo bambino camicia e pantaloncini in cotone e lino &#8211; Grigio chiaro<\/a><\/h2><\/li><li class=\"price-wrap\">\n\t<span class=\"price\"><span class=\"woocommerce-Price-amount amount\"><bdi>62<span class=\"woocommerce-Price-currencySymbol\">&euro;<\/span><\/bdi><\/span><\/span>\n<\/li><\/ul><\/div><!-- .product-inner .clr --><\/li>\n<li class=\"entry has-media col span_1_of_3 owp-content-center owp-thumbs-layout-vertical owp-btn-big owp-tabs-layout-vertical circle-sale product type-product post-30643 status-publish first instock product_cat-abbigliamento product_cat-bambina product_cat-neonata product_cat-vestito-bambina product_cat-vestito-neonata has-post-thumbnail taxable shipping-taxable purchasable product-type-variable has-default-attributes\">\n\t<div class=\"product-inner clr\">\n\t<div class=\"woo-entry-image-swap woo-entry-image clr\">\n\t\t<a href=\"https:\/\/voyagedelabaleine.fr\/it\/prodotto\/vestito-bambina-a-righe-rosa-salmone-bianco\/\" class=\"woocommerce-LoopProduct-link\"><img decoding=\"async\" width=\"600\" height=\"800\" src=\"https:\/\/voyagedelabaleine.fr\/wp-content\/uploads\/2025\/06\/robe-bebe-fille-saumon-600x800.jpg\" class=\"woo-entry-image-main\" alt=\"Vestito bambina a righe &#8211; Rosa salmone\/bianco\" itemprop=\"image\" srcset=\"https:\/\/voyagedelabaleine.fr\/wp-content\/uploads\/2025\/06\/robe-bebe-fille-saumon-600x800.jpg 600w, https:\/\/voyagedelabaleine.fr\/wp-content\/uploads\/2025\/06\/robe-bebe-fille-saumon-225x300.jpg 225w, https:\/\/voyagedelabaleine.fr\/wp-content\/uploads\/2025\/06\/robe-bebe-fille-saumon-768x1024.jpg 768w, https:\/\/voyagedelabaleine.fr\/wp-content\/uploads\/2025\/06\/robe-bebe-fille-saumon.jpg 1000w\" sizes=\"(max-width: 600px) 100vw, 600px\" \/><img decoding=\"async\" width=\"600\" height=\"800\" src=\"https:\/\/voyagedelabaleine.fr\/wp-content\/uploads\/2025\/06\/robe-bebe-fille-saumon-1-600x800.jpg\" class=\"woo-entry-image-secondary\" alt=\"Vestito bambina a righe &#8211; Rosa salmone\/bianco\" itemprop=\"image\" srcset=\"https:\/\/voyagedelabaleine.fr\/wp-content\/uploads\/2025\/06\/robe-bebe-fille-saumon-1-600x800.jpg 600w, https:\/\/voyagedelabaleine.fr\/wp-content\/uploads\/2025\/06\/robe-bebe-fille-saumon-1-225x300.jpg 225w, https:\/\/voyagedelabaleine.fr\/wp-content\/uploads\/2025\/06\/robe-bebe-fille-saumon-1-768x1024.jpg 768w, https:\/\/voyagedelabaleine.fr\/wp-content\/uploads\/2025\/06\/robe-bebe-fille-saumon-1.jpg 1000w\" sizes=\"(max-width: 600px) 100vw, 600px\" \/><\/a>\t<\/div><!-- .woo-entry-image-swap -->\n\n<ul class=\"woo-entry-inner clr\"><li class=\"image-wrap\">\n\t<div class=\"woo-entry-image-swap woo-entry-image clr\">\n\t\t<a href=\"https:\/\/voyagedelabaleine.fr\/it\/prodotto\/vestito-bambina-a-righe-rosa-salmone-bianco\/\" class=\"woocommerce-LoopProduct-link\"><img decoding=\"async\" width=\"600\" height=\"800\" src=\"https:\/\/voyagedelabaleine.fr\/wp-content\/uploads\/2025\/06\/robe-bebe-fille-saumon-600x800.jpg\" class=\"woo-entry-image-main\" alt=\"Vestito bambina a righe &#8211; Rosa salmone\/bianco\" itemprop=\"image\" srcset=\"https:\/\/voyagedelabaleine.fr\/wp-content\/uploads\/2025\/06\/robe-bebe-fille-saumon-600x800.jpg 600w, https:\/\/voyagedelabaleine.fr\/wp-content\/uploads\/2025\/06\/robe-bebe-fille-saumon-225x300.jpg 225w, https:\/\/voyagedelabaleine.fr\/wp-content\/uploads\/2025\/06\/robe-bebe-fille-saumon-768x1024.jpg 768w, https:\/\/voyagedelabaleine.fr\/wp-content\/uploads\/2025\/06\/robe-bebe-fille-saumon.jpg 1000w\" sizes=\"(max-width: 600px) 100vw, 600px\" \/><img decoding=\"async\" width=\"600\" height=\"800\" src=\"https:\/\/voyagedelabaleine.fr\/wp-content\/uploads\/2025\/06\/robe-bebe-fille-saumon-1-600x800.jpg\" class=\"woo-entry-image-secondary\" alt=\"Vestito bambina a righe &#8211; Rosa salmone\/bianco\" itemprop=\"image\" srcset=\"https:\/\/voyagedelabaleine.fr\/wp-content\/uploads\/2025\/06\/robe-bebe-fille-saumon-1-600x800.jpg 600w, https:\/\/voyagedelabaleine.fr\/wp-content\/uploads\/2025\/06\/robe-bebe-fille-saumon-1-225x300.jpg 225w, https:\/\/voyagedelabaleine.fr\/wp-content\/uploads\/2025\/06\/robe-bebe-fille-saumon-1-768x1024.jpg 768w, https:\/\/voyagedelabaleine.fr\/wp-content\/uploads\/2025\/06\/robe-bebe-fille-saumon-1.jpg 1000w\" sizes=\"(max-width: 600px) 100vw, 600px\" \/><\/a>\t<\/div><!-- .woo-entry-image-swap -->\n\n<\/li><li class=\"title\"><h2><a href=\"https:\/\/voyagedelabaleine.fr\/it\/prodotto\/vestito-bambina-a-righe-rosa-salmone-bianco\/\">Vestito bambina a righe &#8211; Rosa salmone\/bianco<\/a><\/h2><\/li><li class=\"price-wrap\">\n\t<span class=\"price\"><span class=\"woocommerce-Price-amount amount\"><bdi>68<span class=\"woocommerce-Price-currencySymbol\">&euro;<\/span><\/bdi><\/span><\/span>\n<\/li><\/ul><\/div><!-- .product-inner .clr --><\/li>\n<li class=\"entry has-media col span_1_of_3 owp-content-center owp-thumbs-layout-vertical owp-btn-big owp-tabs-layout-vertical circle-sale product type-product post-30002 status-publish instock product_cat-abbigliamento product_cat-bambina product_cat-ultima-occasione product_cat-vestito-bambina has-post-thumbnail taxable shipping-taxable purchasable product-type-variable has-default-attributes\">\n\t<div class=\"product-inner clr\">\n\t<div class=\"woo-entry-image-swap woo-entry-image clr\">\n\t\t<a href=\"https:\/\/voyagedelabaleine.fr\/it\/prodotto\/vestito-elegante-a-righe-bianco-blu\/\" class=\"woocommerce-LoopProduct-link\"><img decoding=\"async\" width=\"600\" height=\"800\" src=\"https:\/\/voyagedelabaleine.fr\/wp-content\/uploads\/2025\/02\/robe-rayee-bebe-fille-600x800.jpg\" class=\"woo-entry-image-main\" alt=\"Vestito elegante a righe &#8211; Bianco\/blu\" itemprop=\"image\" srcset=\"https:\/\/voyagedelabaleine.fr\/wp-content\/uploads\/2025\/02\/robe-rayee-bebe-fille-600x800.jpg 600w, https:\/\/voyagedelabaleine.fr\/wp-content\/uploads\/2025\/02\/robe-rayee-bebe-fille-225x300.jpg 225w, https:\/\/voyagedelabaleine.fr\/wp-content\/uploads\/2025\/02\/robe-rayee-bebe-fille-768x1024.jpg 768w, https:\/\/voyagedelabaleine.fr\/wp-content\/uploads\/2025\/02\/robe-rayee-bebe-fille-1152x1536.jpg 1152w, https:\/\/voyagedelabaleine.fr\/wp-content\/uploads\/2025\/02\/robe-rayee-bebe-fille.jpg 1200w\" sizes=\"(max-width: 600px) 100vw, 600px\" \/><img decoding=\"async\" width=\"600\" height=\"800\" src=\"https:\/\/voyagedelabaleine.fr\/wp-content\/uploads\/2025\/02\/robe-rayee-bebe-fille-2-600x800.jpg\" class=\"woo-entry-image-secondary\" alt=\"Vestito elegante a righe &#8211; Bianco\/blu\" itemprop=\"image\" srcset=\"https:\/\/voyagedelabaleine.fr\/wp-content\/uploads\/2025\/02\/robe-rayee-bebe-fille-2-600x800.jpg 600w, https:\/\/voyagedelabaleine.fr\/wp-content\/uploads\/2025\/02\/robe-rayee-bebe-fille-2-225x300.jpg 225w, https:\/\/voyagedelabaleine.fr\/wp-content\/uploads\/2025\/02\/robe-rayee-bebe-fille-2-768x1024.jpg 768w, https:\/\/voyagedelabaleine.fr\/wp-content\/uploads\/2025\/02\/robe-rayee-bebe-fille-2.jpg 900w\" sizes=\"(max-width: 600px) 100vw, 600px\" \/><\/a>\t<\/div><!-- .woo-entry-image-swap -->\n\n<ul class=\"woo-entry-inner clr\"><li class=\"image-wrap\">\n\t<div class=\"woo-entry-image-swap woo-entry-image clr\">\n\t\t<a href=\"https:\/\/voyagedelabaleine.fr\/it\/prodotto\/vestito-elegante-a-righe-bianco-blu\/\" class=\"woocommerce-LoopProduct-link\"><img decoding=\"async\" width=\"600\" height=\"800\" src=\"https:\/\/voyagedelabaleine.fr\/wp-content\/uploads\/2025\/02\/robe-rayee-bebe-fille-600x800.jpg\" class=\"woo-entry-image-main\" alt=\"Vestito elegante a righe &#8211; Bianco\/blu\" itemprop=\"image\" srcset=\"https:\/\/voyagedelabaleine.fr\/wp-content\/uploads\/2025\/02\/robe-rayee-bebe-fille-600x800.jpg 600w, https:\/\/voyagedelabaleine.fr\/wp-content\/uploads\/2025\/02\/robe-rayee-bebe-fille-225x300.jpg 225w, https:\/\/voyagedelabaleine.fr\/wp-content\/uploads\/2025\/02\/robe-rayee-bebe-fille-768x1024.jpg 768w, https:\/\/voyagedelabaleine.fr\/wp-content\/uploads\/2025\/02\/robe-rayee-bebe-fille-1152x1536.jpg 1152w, https:\/\/voyagedelabaleine.fr\/wp-content\/uploads\/2025\/02\/robe-rayee-bebe-fille.jpg 1200w\" sizes=\"(max-width: 600px) 100vw, 600px\" \/><img decoding=\"async\" width=\"600\" height=\"800\" src=\"https:\/\/voyagedelabaleine.fr\/wp-content\/uploads\/2025\/02\/robe-rayee-bebe-fille-2-600x800.jpg\" class=\"woo-entry-image-secondary\" alt=\"Vestito elegante a righe &#8211; Bianco\/blu\" itemprop=\"image\" srcset=\"https:\/\/voyagedelabaleine.fr\/wp-content\/uploads\/2025\/02\/robe-rayee-bebe-fille-2-600x800.jpg 600w, https:\/\/voyagedelabaleine.fr\/wp-content\/uploads\/2025\/02\/robe-rayee-bebe-fille-2-225x300.jpg 225w, https:\/\/voyagedelabaleine.fr\/wp-content\/uploads\/2025\/02\/robe-rayee-bebe-fille-2-768x1024.jpg 768w, https:\/\/voyagedelabaleine.fr\/wp-content\/uploads\/2025\/02\/robe-rayee-bebe-fille-2.jpg 900w\" sizes=\"(max-width: 600px) 100vw, 600px\" \/><\/a>\t<\/div><!-- .woo-entry-image-swap -->\n\n<\/li><li class=\"title\"><h2><a href=\"https:\/\/voyagedelabaleine.fr\/it\/prodotto\/vestito-elegante-a-righe-bianco-blu\/\">Vestito elegante a righe &#8211; Bianco\/blu<\/a><\/h2><\/li><li class=\"price-wrap\">\n\t<span class=\"price\"><span class=\"woocommerce-Price-amount amount\"><bdi>40<span class=\"woocommerce-Price-currencySymbol\">&euro;<\/span><\/bdi><\/span><\/span>\n<\/li><\/ul><\/div><!-- .product-inner .clr --><\/li>\n<li class=\"entry has-media col span_1_of_3 owp-content-center owp-thumbs-layout-vertical owp-btn-big owp-tabs-layout-vertical circle-sale product type-product post-30660 status-publish last instock product_cat-abbigliamento product_cat-blusa-camicia-nascita product_cat-blusa-camicia-nascita-ragazzo product_cat-blusa-camicia-neonati product_cat-blusa-camicia-neonato product_cat-completi-nascita product_cat-completi-nascita-ragazzo product_cat-completi-neonati product_cat-completi-neonato product_cat-pagliaccetto-salopette-nascita product_cat-pagliaccetto-salopette-nascita-ragazzo product_cat-pagliaccetto-salopette-neonati product_cat-pagliaccetto-salopette-neonato has-post-thumbnail taxable shipping-taxable purchasable product-type-variable has-default-attributes\">\n\t<div class=\"product-inner clr\">\n\t<div class=\"woo-entry-image-swap woo-entry-image clr\">\n\t\t<a href=\"https:\/\/voyagedelabaleine.fr\/it\/prodotto\/completo-pagliaccetto-a-righe-e-camicia-blu-bianco\/\" class=\"woocommerce-LoopProduct-link\"><img decoding=\"async\" width=\"600\" height=\"800\" src=\"https:\/\/voyagedelabaleine.fr\/wp-content\/uploads\/2025\/01\/ensemble-barboteuse-blouse-rayee-600x800.jpg\" class=\"woo-entry-image-main\" alt=\"Completo pagliaccetto a righe e camicia &#8211; Blu\/bianco\" itemprop=\"image\" srcset=\"https:\/\/voyagedelabaleine.fr\/wp-content\/uploads\/2025\/01\/ensemble-barboteuse-blouse-rayee-600x800.jpg 600w, https:\/\/voyagedelabaleine.fr\/wp-content\/uploads\/2025\/01\/ensemble-barboteuse-blouse-rayee-225x300.jpg 225w, https:\/\/voyagedelabaleine.fr\/wp-content\/uploads\/2025\/01\/ensemble-barboteuse-blouse-rayee-768x1023.jpg 768w, https:\/\/voyagedelabaleine.fr\/wp-content\/uploads\/2025\/01\/ensemble-barboteuse-blouse-rayee.jpg 839w\" sizes=\"(max-width: 600px) 100vw, 600px\" \/><img decoding=\"async\" width=\"600\" height=\"800\" src=\"https:\/\/voyagedelabaleine.fr\/wp-content\/uploads\/2025\/01\/ensemble-barboteuse-blouse-raye-2-600x800.jpg\" class=\"woo-entry-image-secondary\" alt=\"Completo pagliaccetto a righe e camicia &#8211; Blu\/bianco\" itemprop=\"image\" srcset=\"https:\/\/voyagedelabaleine.fr\/wp-content\/uploads\/2025\/01\/ensemble-barboteuse-blouse-raye-2-600x800.jpg 600w, https:\/\/voyagedelabaleine.fr\/wp-content\/uploads\/2025\/01\/ensemble-barboteuse-blouse-raye-2-225x300.jpg 225w, https:\/\/voyagedelabaleine.fr\/wp-content\/uploads\/2025\/01\/ensemble-barboteuse-blouse-raye-2-768x1024.jpg 768w, https:\/\/voyagedelabaleine.fr\/wp-content\/uploads\/2025\/01\/ensemble-barboteuse-blouse-raye-2.jpg 855w\" sizes=\"(max-width: 600px) 100vw, 600px\" \/><\/a>\t<\/div><!-- .woo-entry-image-swap -->\n\n<ul class=\"woo-entry-inner clr\"><li class=\"image-wrap\">\n\t<div class=\"woo-entry-image-swap woo-entry-image clr\">\n\t\t<a href=\"https:\/\/voyagedelabaleine.fr\/it\/prodotto\/completo-pagliaccetto-a-righe-e-camicia-blu-bianco\/\" class=\"woocommerce-LoopProduct-link\"><img decoding=\"async\" width=\"600\" height=\"800\" src=\"https:\/\/voyagedelabaleine.fr\/wp-content\/uploads\/2025\/01\/ensemble-barboteuse-blouse-rayee-600x800.jpg\" class=\"woo-entry-image-main\" alt=\"Completo pagliaccetto a righe e camicia &#8211; Blu\/bianco\" itemprop=\"image\" srcset=\"https:\/\/voyagedelabaleine.fr\/wp-content\/uploads\/2025\/01\/ensemble-barboteuse-blouse-rayee-600x800.jpg 600w, https:\/\/voyagedelabaleine.fr\/wp-content\/uploads\/2025\/01\/ensemble-barboteuse-blouse-rayee-225x300.jpg 225w, https:\/\/voyagedelabaleine.fr\/wp-content\/uploads\/2025\/01\/ensemble-barboteuse-blouse-rayee-768x1023.jpg 768w, https:\/\/voyagedelabaleine.fr\/wp-content\/uploads\/2025\/01\/ensemble-barboteuse-blouse-rayee.jpg 839w\" sizes=\"(max-width: 600px) 100vw, 600px\" \/><img decoding=\"async\" width=\"600\" height=\"800\" src=\"https:\/\/voyagedelabaleine.fr\/wp-content\/uploads\/2025\/01\/ensemble-barboteuse-blouse-raye-2-600x800.jpg\" class=\"woo-entry-image-secondary\" alt=\"Completo pagliaccetto a righe e camicia &#8211; Blu\/bianco\" itemprop=\"image\" srcset=\"https:\/\/voyagedelabaleine.fr\/wp-content\/uploads\/2025\/01\/ensemble-barboteuse-blouse-raye-2-600x800.jpg 600w, https:\/\/voyagedelabaleine.fr\/wp-content\/uploads\/2025\/01\/ensemble-barboteuse-blouse-raye-2-225x300.jpg 225w, https:\/\/voyagedelabaleine.fr\/wp-content\/uploads\/2025\/01\/ensemble-barboteuse-blouse-raye-2-768x1024.jpg 768w, https:\/\/voyagedelabaleine.fr\/wp-content\/uploads\/2025\/01\/ensemble-barboteuse-blouse-raye-2.jpg 855w\" sizes=\"(max-width: 600px) 100vw, 600px\" \/><\/a>\t<\/div><!-- .woo-entry-image-swap -->\n\n<\/li><li class=\"title\"><h2><a href=\"https:\/\/voyagedelabaleine.fr\/it\/prodotto\/completo-pagliaccetto-a-righe-e-camicia-blu-bianco\/\">Completo pagliaccetto a righe e camicia &#8211; Blu\/bianco<\/a><\/h2><\/li><li class=\"price-wrap\">\n\t<span class=\"price\"><span class=\"woocommerce-Price-amount amount\"><bdi>48<span class=\"woocommerce-Price-currencySymbol\">&euro;<\/span><\/bdi><\/span><\/span>\n<\/li><\/ul><\/div><!-- .product-inner .clr --><\/li>\n<li class=\"entry has-media has-rating col span_1_of_3 owp-content-center owp-thumbs-layout-vertical owp-btn-big owp-tabs-layout-vertical circle-sale product type-product post-33614 status-publish first instock product_cat-abbigliamento product_cat-blusa-camicia-nascita product_cat-blusa-camicia-nascita-ragazzo product_cat-blusa-camicia-neonati product_cat-blusa-camicia-neonato product_cat-completi-nascita product_cat-completi-nascita-ragazzo product_cat-completi-neonati product_cat-completi-neonato product_cat-pagliaccetto-salopette-nascita product_cat-pagliaccetto-salopette-nascita-ragazzo product_cat-pagliaccetto-salopette-neonati product_cat-pagliaccetto-salopette-neonato has-post-thumbnail taxable shipping-taxable purchasable product-type-variable has-default-attributes\">\n\t<div class=\"product-inner clr\">\n\t<div class=\"woo-entry-image-swap woo-entry-image clr\">\n\t\t<a href=\"https:\/\/voyagedelabaleine.fr\/it\/prodotto\/completo-neonato-camicia-e-salopette-a-righe-stile-marinaro\/\" class=\"woocommerce-LoopProduct-link\"><img decoding=\"async\" width=\"600\" height=\"800\" src=\"https:\/\/voyagedelabaleine.fr\/wp-content\/uploads\/2025\/02\/ensemble-bebe-garcon-barboteuse-esprit-marin-600x800.jpg\" class=\"woo-entry-image-main\" alt=\"Completo neonato camicia e salopette a righe stile marinaro\" itemprop=\"image\" srcset=\"https:\/\/voyagedelabaleine.fr\/wp-content\/uploads\/2025\/02\/ensemble-bebe-garcon-barboteuse-esprit-marin-600x800.jpg 600w, https:\/\/voyagedelabaleine.fr\/wp-content\/uploads\/2025\/02\/ensemble-bebe-garcon-barboteuse-esprit-marin-225x300.jpg 225w, https:\/\/voyagedelabaleine.fr\/wp-content\/uploads\/2025\/02\/ensemble-bebe-garcon-barboteuse-esprit-marin-768x1024.jpg 768w, https:\/\/voyagedelabaleine.fr\/wp-content\/uploads\/2025\/02\/ensemble-bebe-garcon-barboteuse-esprit-marin-1152x1536.jpg 1152w, https:\/\/voyagedelabaleine.fr\/wp-content\/uploads\/2025\/02\/ensemble-bebe-garcon-barboteuse-esprit-marin.jpg 1200w\" sizes=\"(max-width: 600px) 100vw, 600px\" \/><img decoding=\"async\" width=\"600\" height=\"800\" src=\"https:\/\/voyagedelabaleine.fr\/wp-content\/uploads\/2025\/01\/ensemble-bebe-marin-2-600x800.jpg\" class=\"woo-entry-image-secondary\" alt=\"Completo neonato camicia e salopette a righe stile marinaro\" itemprop=\"image\" srcset=\"https:\/\/voyagedelabaleine.fr\/wp-content\/uploads\/2025\/01\/ensemble-bebe-marin-2-600x800.jpg 600w, https:\/\/voyagedelabaleine.fr\/wp-content\/uploads\/2025\/01\/ensemble-bebe-marin-2-225x300.jpg 225w, https:\/\/voyagedelabaleine.fr\/wp-content\/uploads\/2025\/01\/ensemble-bebe-marin-2-768x1024.jpg 768w, https:\/\/voyagedelabaleine.fr\/wp-content\/uploads\/2025\/01\/ensemble-bebe-marin-2.jpg 855w\" sizes=\"(max-width: 600px) 100vw, 600px\" \/><\/a>\t<\/div><!-- .woo-entry-image-swap -->\n\n<ul class=\"woo-entry-inner clr\"><li class=\"image-wrap\">\n\t<div class=\"woo-entry-image-swap woo-entry-image clr\">\n\t\t<a href=\"https:\/\/voyagedelabaleine.fr\/it\/prodotto\/completo-neonato-camicia-e-salopette-a-righe-stile-marinaro\/\" class=\"woocommerce-LoopProduct-link\"><img decoding=\"async\" width=\"600\" height=\"800\" src=\"https:\/\/voyagedelabaleine.fr\/wp-content\/uploads\/2025\/02\/ensemble-bebe-garcon-barboteuse-esprit-marin-600x800.jpg\" class=\"woo-entry-image-main\" alt=\"Completo neonato camicia e salopette a righe stile marinaro\" itemprop=\"image\" srcset=\"https:\/\/voyagedelabaleine.fr\/wp-content\/uploads\/2025\/02\/ensemble-bebe-garcon-barboteuse-esprit-marin-600x800.jpg 600w, https:\/\/voyagedelabaleine.fr\/wp-content\/uploads\/2025\/02\/ensemble-bebe-garcon-barboteuse-esprit-marin-225x300.jpg 225w, https:\/\/voyagedelabaleine.fr\/wp-content\/uploads\/2025\/02\/ensemble-bebe-garcon-barboteuse-esprit-marin-768x1024.jpg 768w, https:\/\/voyagedelabaleine.fr\/wp-content\/uploads\/2025\/02\/ensemble-bebe-garcon-barboteuse-esprit-marin-1152x1536.jpg 1152w, https:\/\/voyagedelabaleine.fr\/wp-content\/uploads\/2025\/02\/ensemble-bebe-garcon-barboteuse-esprit-marin.jpg 1200w\" sizes=\"(max-width: 600px) 100vw, 600px\" \/><img decoding=\"async\" width=\"600\" height=\"800\" src=\"https:\/\/voyagedelabaleine.fr\/wp-content\/uploads\/2025\/01\/ensemble-bebe-marin-2-600x800.jpg\" class=\"woo-entry-image-secondary\" alt=\"Completo neonato camicia e salopette a righe stile marinaro\" itemprop=\"image\" srcset=\"https:\/\/voyagedelabaleine.fr\/wp-content\/uploads\/2025\/01\/ensemble-bebe-marin-2-600x800.jpg 600w, https:\/\/voyagedelabaleine.fr\/wp-content\/uploads\/2025\/01\/ensemble-bebe-marin-2-225x300.jpg 225w, https:\/\/voyagedelabaleine.fr\/wp-content\/uploads\/2025\/01\/ensemble-bebe-marin-2-768x1024.jpg 768w, https:\/\/voyagedelabaleine.fr\/wp-content\/uploads\/2025\/01\/ensemble-bebe-marin-2.jpg 855w\" sizes=\"(max-width: 600px) 100vw, 600px\" \/><\/a>\t<\/div><!-- .woo-entry-image-swap -->\n\n<\/li><li class=\"title\"><h2><a href=\"https:\/\/voyagedelabaleine.fr\/it\/prodotto\/completo-neonato-camicia-e-salopette-a-righe-stile-marinaro\/\">Completo neonato camicia e salopette a righe stile marinaro<\/a><\/h2><\/li><li class=\"price-wrap\">\n\t<span class=\"price\"><span class=\"woocommerce-Price-amount amount\"><bdi>62<span class=\"woocommerce-Price-currencySymbol\">&euro;<\/span><\/bdi><\/span><\/span>\n<\/li><\/ul><\/div><!-- .product-inner .clr --><\/li>\n<li class=\"entry has-media has-rating col span_1_of_3 owp-content-center owp-thumbs-layout-vertical owp-btn-big owp-tabs-layout-vertical circle-sale product type-product post-33842 status-publish instock product_cat-abbigliamento product_cat-pagliaccetto-salopette-nascita product_cat-pagliaccetto-salopette-nascita-ragazza product_cat-pagliaccetto-salopette-neonata product_cat-pagliaccetto-salopette-neonati has-post-thumbnail taxable shipping-taxable purchasable product-type-variable has-default-attributes\">\n\t<div class=\"product-inner clr\">\n\t<div class=\"woo-entry-image-swap woo-entry-image clr\">\n\t\t<a href=\"https:\/\/voyagedelabaleine.fr\/it\/prodotto\/pagliaccetto-bambina-a-righe-rosa-pallido\/\" class=\"woocommerce-LoopProduct-link\"><img decoding=\"async\" width=\"600\" height=\"800\" src=\"https:\/\/voyagedelabaleine.fr\/wp-content\/uploads\/2025\/02\/barboteuse-rayee-rose-600x800.jpg\" class=\"woo-entry-image-main\" alt=\"Pagliaccetto bambina a righe &#8211; Rosa pallido\" itemprop=\"image\" srcset=\"https:\/\/voyagedelabaleine.fr\/wp-content\/uploads\/2025\/02\/barboteuse-rayee-rose-600x800.jpg 600w, https:\/\/voyagedelabaleine.fr\/wp-content\/uploads\/2025\/02\/barboteuse-rayee-rose-225x300.jpg 225w, https:\/\/voyagedelabaleine.fr\/wp-content\/uploads\/2025\/02\/barboteuse-rayee-rose-768x1024.jpg 768w, https:\/\/voyagedelabaleine.fr\/wp-content\/uploads\/2025\/02\/barboteuse-rayee-rose-1152x1536.jpg 1152w, https:\/\/voyagedelabaleine.fr\/wp-content\/uploads\/2025\/02\/barboteuse-rayee-rose.jpg 1200w\" sizes=\"(max-width: 600px) 100vw, 600px\" \/><img decoding=\"async\" width=\"600\" height=\"800\" src=\"https:\/\/voyagedelabaleine.fr\/wp-content\/uploads\/2024\/05\/barboteuse-bebe-rose-600x800.jpg\" class=\"woo-entry-image-secondary\" alt=\"Pagliaccetto bambina a righe &#8211; Rosa pallido\" itemprop=\"image\" srcset=\"https:\/\/voyagedelabaleine.fr\/wp-content\/uploads\/2024\/05\/barboteuse-bebe-rose-600x799.jpg 600w, https:\/\/voyagedelabaleine.fr\/wp-content\/uploads\/2024\/05\/barboteuse-bebe-rose-225x300.jpg 225w, https:\/\/voyagedelabaleine.fr\/wp-content\/uploads\/2024\/05\/barboteuse-bebe-rose.jpg 611w\" sizes=\"(max-width: 600px) 100vw, 600px\" \/><\/a>\t<\/div><!-- .woo-entry-image-swap -->\n\n<ul class=\"woo-entry-inner clr\"><li class=\"image-wrap\">\n\t<div class=\"woo-entry-image-swap woo-entry-image clr\">\n\t\t<a href=\"https:\/\/voyagedelabaleine.fr\/it\/prodotto\/pagliaccetto-bambina-a-righe-rosa-pallido\/\" class=\"woocommerce-LoopProduct-link\"><img decoding=\"async\" width=\"600\" height=\"800\" src=\"https:\/\/voyagedelabaleine.fr\/wp-content\/uploads\/2025\/02\/barboteuse-rayee-rose-600x800.jpg\" class=\"woo-entry-image-main\" alt=\"Pagliaccetto bambina a righe &#8211; Rosa pallido\" itemprop=\"image\" srcset=\"https:\/\/voyagedelabaleine.fr\/wp-content\/uploads\/2025\/02\/barboteuse-rayee-rose-600x800.jpg 600w, https:\/\/voyagedelabaleine.fr\/wp-content\/uploads\/2025\/02\/barboteuse-rayee-rose-225x300.jpg 225w, https:\/\/voyagedelabaleine.fr\/wp-content\/uploads\/2025\/02\/barboteuse-rayee-rose-768x1024.jpg 768w, https:\/\/voyagedelabaleine.fr\/wp-content\/uploads\/2025\/02\/barboteuse-rayee-rose-1152x1536.jpg 1152w, https:\/\/voyagedelabaleine.fr\/wp-content\/uploads\/2025\/02\/barboteuse-rayee-rose.jpg 1200w\" sizes=\"(max-width: 600px) 100vw, 600px\" \/><img decoding=\"async\" width=\"600\" height=\"800\" src=\"https:\/\/voyagedelabaleine.fr\/wp-content\/uploads\/2024\/05\/barboteuse-bebe-rose-600x800.jpg\" class=\"woo-entry-image-secondary\" alt=\"Pagliaccetto bambina a righe &#8211; Rosa pallido\" itemprop=\"image\" srcset=\"https:\/\/voyagedelabaleine.fr\/wp-content\/uploads\/2024\/05\/barboteuse-bebe-rose-600x799.jpg 600w, https:\/\/voyagedelabaleine.fr\/wp-content\/uploads\/2024\/05\/barboteuse-bebe-rose-225x300.jpg 225w, https:\/\/voyagedelabaleine.fr\/wp-content\/uploads\/2024\/05\/barboteuse-bebe-rose.jpg 611w\" sizes=\"(max-width: 600px) 100vw, 600px\" \/><\/a>\t<\/div><!-- .woo-entry-image-swap -->\n\n<\/li><li class=\"title\"><h2><a href=\"https:\/\/voyagedelabaleine.fr\/it\/prodotto\/pagliaccetto-bambina-a-righe-rosa-pallido\/\">Pagliaccetto bambina a righe &#8211; Rosa pallido<\/a><\/h2><\/li><li class=\"price-wrap\">\n\t<span class=\"price\"><span class=\"woocommerce-Price-amount amount\"><bdi>44<span class=\"woocommerce-Price-currencySymbol\">&euro;<\/span><\/bdi><\/span><\/span>\n<\/li><\/ul><\/div><!-- .product-inner .clr --><\/li>\n<li class=\"entry has-media has-rating col span_1_of_3 owp-content-center owp-thumbs-layout-vertical owp-btn-big owp-tabs-layout-vertical circle-sale product type-product post-33596 status-publish last instock product_cat-abbigliamento product_cat-costume-da-bagno-neonata product_cat-costume-da-bagno-neonati product_cat-costume-da-bagno-neonato product_cat-ultima-occasione has-post-thumbnail taxable shipping-taxable purchasable product-type-variable has-default-attributes\">\n\t<div class=\"product-inner clr\">\n\t<div class=\"woo-entry-image-swap woo-entry-image clr\">\n\t\t<a href=\"https:\/\/voyagedelabaleine.fr\/it\/prodotto\/costume-da-bagno-bloomer-a-righe-blu-bianco\/\" class=\"woocommerce-LoopProduct-link\"><img decoding=\"async\" width=\"600\" height=\"800\" src=\"https:\/\/voyagedelabaleine.fr\/wp-content\/uploads\/2024\/02\/maillot-bain-raye-bebe-fille-1-600x800.jpg\" class=\"woo-entry-image-main\" alt=\"Costume da bagno bloomer a righe &#8211; Blu\/bianco\" itemprop=\"image\" srcset=\"https:\/\/voyagedelabaleine.fr\/wp-content\/uploads\/2024\/02\/maillot-bain-raye-bebe-fille-1-600x800.jpg 600w, https:\/\/voyagedelabaleine.fr\/wp-content\/uploads\/2024\/02\/maillot-bain-raye-bebe-fille-1-225x300.jpg 225w, https:\/\/voyagedelabaleine.fr\/wp-content\/uploads\/2024\/02\/maillot-bain-raye-bebe-fille-1-768x1024.jpg 768w, https:\/\/voyagedelabaleine.fr\/wp-content\/uploads\/2024\/02\/maillot-bain-raye-bebe-fille-1.jpg 855w\" sizes=\"(max-width: 600px) 100vw, 600px\" \/><img decoding=\"async\" width=\"600\" height=\"800\" src=\"https:\/\/voyagedelabaleine.fr\/wp-content\/uploads\/2024\/02\/maillot-bain-raye-bebe-fille-2-600x800.jpg\" class=\"woo-entry-image-secondary\" alt=\"Costume da bagno bloomer a righe &#8211; Blu\/bianco\" itemprop=\"image\" srcset=\"https:\/\/voyagedelabaleine.fr\/wp-content\/uploads\/2024\/02\/maillot-bain-raye-bebe-fille-2-600x800.jpg 600w, https:\/\/voyagedelabaleine.fr\/wp-content\/uploads\/2024\/02\/maillot-bain-raye-bebe-fille-2-225x300.jpg 225w, https:\/\/voyagedelabaleine.fr\/wp-content\/uploads\/2024\/02\/maillot-bain-raye-bebe-fille-2-768x1024.jpg 768w, https:\/\/voyagedelabaleine.fr\/wp-content\/uploads\/2024\/02\/maillot-bain-raye-bebe-fille-2.jpg 855w\" sizes=\"(max-width: 600px) 100vw, 600px\" \/><\/a>\t<\/div><!-- .woo-entry-image-swap -->\n\n<ul class=\"woo-entry-inner clr\"><li class=\"image-wrap\">\n\t<div class=\"woo-entry-image-swap woo-entry-image clr\">\n\t\t<a href=\"https:\/\/voyagedelabaleine.fr\/it\/prodotto\/costume-da-bagno-bloomer-a-righe-blu-bianco\/\" class=\"woocommerce-LoopProduct-link\"><img decoding=\"async\" width=\"600\" height=\"800\" src=\"https:\/\/voyagedelabaleine.fr\/wp-content\/uploads\/2024\/02\/maillot-bain-raye-bebe-fille-1-600x800.jpg\" class=\"woo-entry-image-main\" alt=\"Costume da bagno bloomer a righe &#8211; Blu\/bianco\" itemprop=\"image\" srcset=\"https:\/\/voyagedelabaleine.fr\/wp-content\/uploads\/2024\/02\/maillot-bain-raye-bebe-fille-1-600x800.jpg 600w, https:\/\/voyagedelabaleine.fr\/wp-content\/uploads\/2024\/02\/maillot-bain-raye-bebe-fille-1-225x300.jpg 225w, https:\/\/voyagedelabaleine.fr\/wp-content\/uploads\/2024\/02\/maillot-bain-raye-bebe-fille-1-768x1024.jpg 768w, https:\/\/voyagedelabaleine.fr\/wp-content\/uploads\/2024\/02\/maillot-bain-raye-bebe-fille-1.jpg 855w\" sizes=\"(max-width: 600px) 100vw, 600px\" \/><img decoding=\"async\" width=\"600\" height=\"800\" src=\"https:\/\/voyagedelabaleine.fr\/wp-content\/uploads\/2024\/02\/maillot-bain-raye-bebe-fille-2-600x800.jpg\" class=\"woo-entry-image-secondary\" alt=\"Costume da bagno bloomer a righe &#8211; Blu\/bianco\" itemprop=\"image\" srcset=\"https:\/\/voyagedelabaleine.fr\/wp-content\/uploads\/2024\/02\/maillot-bain-raye-bebe-fille-2-600x800.jpg 600w, https:\/\/voyagedelabaleine.fr\/wp-content\/uploads\/2024\/02\/maillot-bain-raye-bebe-fille-2-225x300.jpg 225w, https:\/\/voyagedelabaleine.fr\/wp-content\/uploads\/2024\/02\/maillot-bain-raye-bebe-fille-2-768x1024.jpg 768w, https:\/\/voyagedelabaleine.fr\/wp-content\/uploads\/2024\/02\/maillot-bain-raye-bebe-fille-2.jpg 855w\" sizes=\"(max-width: 600px) 100vw, 600px\" \/><\/a>\t<\/div><!-- .woo-entry-image-swap -->\n\n<\/li><li class=\"title\"><h2><a href=\"https:\/\/voyagedelabaleine.fr\/it\/prodotto\/costume-da-bagno-bloomer-a-righe-blu-bianco\/\">Costume da bagno bloomer a righe &#8211; Blu\/bianco<\/a><\/h2><\/li><li class=\"price-wrap\">\n\t<span class=\"price\"><span class=\"woocommerce-Price-amount amount\"><bdi>34<span class=\"woocommerce-Price-currencySymbol\">&euro;<\/span><\/bdi><\/span><\/span>\n<\/li><\/ul><\/div><!-- .product-inner .clr --><\/li>\n<li class=\"entry has-media has-rating col span_1_of_3 owp-content-center owp-thumbs-layout-vertical owp-btn-big owp-tabs-layout-vertical circle-sale product type-product post-29462 status-publish first instock product_cat-abbigliamento product_cat-costume-da-bagno-bambini product_cat-costume-da-bagno-bambino product_cat-costume-da-bagno-neonati product_cat-costume-da-bagno-neonato product_cat-ultima-occasione has-post-thumbnail taxable shipping-taxable purchasable product-type-variable has-default-attributes\">\n\t<div class=\"product-inner clr\">\n\t<div class=\"woo-entry-image-swap woo-entry-image clr\">\n\t\t<a href=\"https:\/\/voyagedelabaleine.fr\/it\/prodotto\/costume-da-bagno-a-righe-per-bambino-blu-bianco\/\" class=\"woocommerce-LoopProduct-link\"><img decoding=\"async\" width=\"570\" height=\"760\" src=\"https:\/\/voyagedelabaleine.fr\/wp-content\/uploads\/2024\/02\/maillot-bain-raye-bebe-garcon-1-fotor-2025061920058.jpg\" class=\"woo-entry-image-main\" alt=\"Costume da bagno a righe per bambino &#8211; Blu\/bianco\" itemprop=\"image\" srcset=\"https:\/\/voyagedelabaleine.fr\/wp-content\/uploads\/2024\/02\/maillot-bain-raye-bebe-garcon-1-fotor-2025061920058.jpg 570w, https:\/\/voyagedelabaleine.fr\/wp-content\/uploads\/2024\/02\/maillot-bain-raye-bebe-garcon-1-fotor-2025061920058-225x300.jpg 225w\" sizes=\"(max-width: 570px) 100vw, 570px\" \/><img decoding=\"async\" width=\"600\" height=\"800\" src=\"https:\/\/voyagedelabaleine.fr\/wp-content\/uploads\/2024\/02\/maillot-bain-raye-bebe-garcon-2.jpg\" class=\"woo-entry-image-secondary\" alt=\"Costume da bagno a righe per bambino &#8211; Blu\/bianco\" itemprop=\"image\" srcset=\"https:\/\/voyagedelabaleine.fr\/wp-content\/uploads\/2024\/02\/maillot-bain-raye-bebe-garcon-2.jpg 600w, https:\/\/voyagedelabaleine.fr\/wp-content\/uploads\/2024\/02\/maillot-bain-raye-bebe-garcon-2-225x300.jpg 225w\" sizes=\"(max-width: 600px) 100vw, 600px\" \/><\/a>\t<\/div><!-- .woo-entry-image-swap -->\n\n<ul class=\"woo-entry-inner clr\"><li class=\"image-wrap\">\n\t<div class=\"woo-entry-image-swap woo-entry-image clr\">\n\t\t<a href=\"https:\/\/voyagedelabaleine.fr\/it\/prodotto\/costume-da-bagno-a-righe-per-bambino-blu-bianco\/\" class=\"woocommerce-LoopProduct-link\"><img decoding=\"async\" width=\"570\" height=\"760\" src=\"https:\/\/voyagedelabaleine.fr\/wp-content\/uploads\/2024\/02\/maillot-bain-raye-bebe-garcon-1-fotor-2025061920058.jpg\" class=\"woo-entry-image-main\" alt=\"Costume da bagno a righe per bambino &#8211; Blu\/bianco\" itemprop=\"image\" srcset=\"https:\/\/voyagedelabaleine.fr\/wp-content\/uploads\/2024\/02\/maillot-bain-raye-bebe-garcon-1-fotor-2025061920058.jpg 570w, https:\/\/voyagedelabaleine.fr\/wp-content\/uploads\/2024\/02\/maillot-bain-raye-bebe-garcon-1-fotor-2025061920058-225x300.jpg 225w\" sizes=\"(max-width: 570px) 100vw, 570px\" \/><img decoding=\"async\" width=\"600\" height=\"800\" src=\"https:\/\/voyagedelabaleine.fr\/wp-content\/uploads\/2024\/02\/maillot-bain-raye-bebe-garcon-2.jpg\" class=\"woo-entry-image-secondary\" alt=\"Costume da bagno a righe per bambino &#8211; Blu\/bianco\" itemprop=\"image\" srcset=\"https:\/\/voyagedelabaleine.fr\/wp-content\/uploads\/2024\/02\/maillot-bain-raye-bebe-garcon-2.jpg 600w, https:\/\/voyagedelabaleine.fr\/wp-content\/uploads\/2024\/02\/maillot-bain-raye-bebe-garcon-2-225x300.jpg 225w\" sizes=\"(max-width: 600px) 100vw, 600px\" \/><\/a>\t<\/div><!-- .woo-entry-image-swap -->\n\n<\/li><li class=\"title\"><h2><a href=\"https:\/\/voyagedelabaleine.fr\/it\/prodotto\/costume-da-bagno-a-righe-per-bambino-blu-bianco\/\">Costume da bagno a righe per bambino &#8211; Blu\/bianco<\/a><\/h2><\/li><li class=\"price-wrap\">\n\t<span class=\"price\"><span class=\"woocommerce-Price-amount amount\"><bdi>38<span class=\"woocommerce-Price-currencySymbol\">&euro;<\/span><\/bdi><\/span><\/span>\n<\/li><\/ul><\/div><!-- .product-inner .clr --><\/li>\n<\/ul>\n<\/div><\/div>\n\t\t\t\t\t\t<\/div>\n\t\t\t\t<\/div>\n\t\t<div class=\"elementor-element elementor-element-2ad4bf8a e-con-full e-flex e-con e-child\" data-id=\"2ad4bf8a\" data-element_type=\"container\" data-e-type=\"container\">\n\t\t\t\t<div class=\"elementor-element elementor-element-65ad0cf elementor-widget-divider--separator-type-pattern elementor-widget-divider--view-line elementor-widget elementor-widget-divider\" data-id=\"65ad0cf\" data-element_type=\"widget\" data-e-type=\"widget\" data-widget_type=\"divider.default\">\n\t\t\t\t\t\t\t<div class=\"elementor-divider\" style=\"--divider-pattern-url: url(&quot;data:image\/svg+xml,%3Csvg xmlns=&#039;http:\/\/www.w3.org\/2000\/svg&#039; preserveAspectRatio=&#039;none&#039; overflow=&#039;visible&#039; height=&#039;100%&#039; viewBox=&#039;0 0 24 24&#039; fill=&#039;black&#039; stroke=&#039;none&#039;%3E%3Cpath d=&#039;M12.7,2.3c-0.4-0.4-1.1-0.4-1.5,0l-8,9.1c-0.3,0.4-0.3,0.9,0,1.2l8,9.1c0.4,0.4,1.1,0.4,1.5,0l8-9.1c0.3-0.4,0.3-0.9,0-1.2L12.7,2.3z&#039;\/%3E%3C\/svg%3E&quot;);\">\n\t\t\t<span class=\"elementor-divider-separator\">\n\t\t\t\t\t\t<\/span>\n\t\t<\/div>\n\t\t\t\t\t\t<\/div>\n\t\t\t\t<div class=\"elementor-element elementor-element-3d52be1f elementor-widget elementor-widget-heading\" data-id=\"3d52be1f\" data-element_type=\"widget\" data-e-type=\"widget\" data-widget_type=\"heading.default\">\n\t\t\t\t\t<h2 class=\"elementor-heading-title elementor-size-default\">Le righe orizzontali<\/h2>\t\t\t\t<\/div>\n\t\t\t\t<div class=\"elementor-element elementor-element-7dffc458 elementor-widget elementor-widget-shortcode\" data-id=\"7dffc458\" data-element_type=\"widget\" data-e-type=\"widget\" data-widget_type=\"shortcode.default\">\n\t\t\t\t\t\t\t<div class=\"elementor-shortcode\"><div class=\"woocommerce columns-3 \">\r\n<ul class=\"products oceanwp-row clr grid tablet-col tablet-2-col mobile-col mobile-2-col\">\r\n<li class=\"entry has-media col span_1_of_3 owp-content-center owp-thumbs-layout-vertical owp-btn-big owp-tabs-layout-vertical circle-sale product type-product post-34665 status-publish first instock product_cat-abbigliamento product_cat-costume-da-bagno-bambina product_cat-costume-da-bagno-bambini product_cat-costume-da-bagno-neonata product_cat-costume-da-bagno-neonati product_cat-ultima-occasione has-post-thumbnail taxable shipping-taxable purchasable product-type-variable has-default-attributes\">\n\t<div class=\"product-inner clr\">\n\t<div class=\"woo-entry-image-swap woo-entry-image clr\">\n\t\t<a href=\"https:\/\/voyagedelabaleine.fr\/it\/prodotto\/costume-da-bagno-intero-bambina-rosa\/\" class=\"woocommerce-LoopProduct-link\"><img decoding=\"async\" width=\"600\" height=\"800\" src=\"https:\/\/voyagedelabaleine.fr\/wp-content\/uploads\/2025\/01\/maillot-fille-une-piece-rose-600x800.jpg\" class=\"woo-entry-image-main\" alt=\"Costume da bagno intero bambina &#8211; Rosa\" itemprop=\"image\" srcset=\"https:\/\/voyagedelabaleine.fr\/wp-content\/uploads\/2025\/01\/maillot-fille-une-piece-rose-600x800.jpg 600w, https:\/\/voyagedelabaleine.fr\/wp-content\/uploads\/2025\/01\/maillot-fille-une-piece-rose-225x300.jpg 225w, https:\/\/voyagedelabaleine.fr\/wp-content\/uploads\/2025\/01\/maillot-fille-une-piece-rose-768x1024.jpg 768w, https:\/\/voyagedelabaleine.fr\/wp-content\/uploads\/2025\/01\/maillot-fille-une-piece-rose.jpg 1116w\" sizes=\"(max-width: 600px) 100vw, 600px\" \/><img decoding=\"async\" width=\"600\" height=\"800\" src=\"https:\/\/voyagedelabaleine.fr\/wp-content\/uploads\/2025\/01\/maillot-fille-une-piece-rose-1-600x800.jpg\" class=\"woo-entry-image-secondary\" alt=\"Costume da bagno intero bambina &#8211; Rosa\" itemprop=\"image\" srcset=\"https:\/\/voyagedelabaleine.fr\/wp-content\/uploads\/2025\/01\/maillot-fille-une-piece-rose-1-600x801.jpg 600w, https:\/\/voyagedelabaleine.fr\/wp-content\/uploads\/2025\/01\/maillot-fille-une-piece-rose-1-225x300.jpg 225w, https:\/\/voyagedelabaleine.fr\/wp-content\/uploads\/2025\/01\/maillot-fille-une-piece-rose-1-767x1024.jpg 767w, https:\/\/voyagedelabaleine.fr\/wp-content\/uploads\/2025\/01\/maillot-fille-une-piece-rose-1-768x1025.jpg 768w, https:\/\/voyagedelabaleine.fr\/wp-content\/uploads\/2025\/01\/maillot-fille-une-piece-rose-1.jpg 900w\" sizes=\"(max-width: 600px) 100vw, 600px\" \/><\/a>\t<\/div><!-- .woo-entry-image-swap -->\n\n<ul class=\"woo-entry-inner clr\"><li class=\"image-wrap\">\n\t<div class=\"woo-entry-image-swap woo-entry-image clr\">\n\t\t<a href=\"https:\/\/voyagedelabaleine.fr\/it\/prodotto\/costume-da-bagno-intero-bambina-rosa\/\" class=\"woocommerce-LoopProduct-link\"><img decoding=\"async\" width=\"600\" height=\"800\" src=\"https:\/\/voyagedelabaleine.fr\/wp-content\/uploads\/2025\/01\/maillot-fille-une-piece-rose-600x800.jpg\" class=\"woo-entry-image-main\" alt=\"Costume da bagno intero bambina &#8211; Rosa\" itemprop=\"image\" srcset=\"https:\/\/voyagedelabaleine.fr\/wp-content\/uploads\/2025\/01\/maillot-fille-une-piece-rose-600x800.jpg 600w, https:\/\/voyagedelabaleine.fr\/wp-content\/uploads\/2025\/01\/maillot-fille-une-piece-rose-225x300.jpg 225w, https:\/\/voyagedelabaleine.fr\/wp-content\/uploads\/2025\/01\/maillot-fille-une-piece-rose-768x1024.jpg 768w, https:\/\/voyagedelabaleine.fr\/wp-content\/uploads\/2025\/01\/maillot-fille-une-piece-rose.jpg 1116w\" sizes=\"(max-width: 600px) 100vw, 600px\" \/><img decoding=\"async\" width=\"600\" height=\"800\" src=\"https:\/\/voyagedelabaleine.fr\/wp-content\/uploads\/2025\/01\/maillot-fille-une-piece-rose-1-600x800.jpg\" class=\"woo-entry-image-secondary\" alt=\"Costume da bagno intero bambina &#8211; Rosa\" itemprop=\"image\" srcset=\"https:\/\/voyagedelabaleine.fr\/wp-content\/uploads\/2025\/01\/maillot-fille-une-piece-rose-1-600x801.jpg 600w, https:\/\/voyagedelabaleine.fr\/wp-content\/uploads\/2025\/01\/maillot-fille-une-piece-rose-1-225x300.jpg 225w, https:\/\/voyagedelabaleine.fr\/wp-content\/uploads\/2025\/01\/maillot-fille-une-piece-rose-1-767x1024.jpg 767w, https:\/\/voyagedelabaleine.fr\/wp-content\/uploads\/2025\/01\/maillot-fille-une-piece-rose-1-768x1025.jpg 768w, https:\/\/voyagedelabaleine.fr\/wp-content\/uploads\/2025\/01\/maillot-fille-une-piece-rose-1.jpg 900w\" sizes=\"(max-width: 600px) 100vw, 600px\" \/><\/a>\t<\/div><!-- .woo-entry-image-swap -->\n\n<\/li><li class=\"title\"><h2><a href=\"https:\/\/voyagedelabaleine.fr\/it\/prodotto\/costume-da-bagno-intero-bambina-rosa\/\">Costume da bagno intero bambina &#8211; Rosa<\/a><\/h2><\/li><li class=\"price-wrap\">\n\t<span class=\"price\"><span class=\"woocommerce-Price-amount amount\"><bdi>26<span class=\"woocommerce-Price-currencySymbol\">&euro;<\/span><\/bdi><\/span><\/span>\n<\/li><\/ul><\/div><!-- .product-inner .clr --><\/li>\n<li class=\"entry has-media col span_1_of_3 owp-content-center owp-thumbs-layout-vertical owp-btn-big owp-tabs-layout-vertical circle-sale product type-product post-34634 status-publish outofstock product_cat-abbigliamento product_cat-costume-da-bagno-bambina product_cat-costume-da-bagno-bambini product_cat-costume-da-bagno-neonata product_cat-costume-da-bagno-neonati product_cat-ultima-occasione has-post-thumbnail taxable shipping-taxable purchasable product-type-variable has-default-attributes\">\n\t<div class=\"product-inner clr\">\n\t<div class=\"woo-entry-image-swap woo-entry-image clr\">\n\t\t<a href=\"https:\/\/voyagedelabaleine.fr\/it\/prodotto\/costume-da-bagno-intero-bambina-azzurro-cielo\/\" class=\"woocommerce-LoopProduct-link\"><img decoding=\"async\" width=\"600\" height=\"800\" src=\"https:\/\/voyagedelabaleine.fr\/wp-content\/uploads\/2025\/01\/maillot-fille-une-piece-bleu-600x800.jpg\" class=\"woo-entry-image-main\" alt=\"Costume da bagno intero bambina &#8211; Azzurro cielo\" itemprop=\"image\" srcset=\"https:\/\/voyagedelabaleine.fr\/wp-content\/uploads\/2025\/01\/maillot-fille-une-piece-bleu-600x800.jpg 600w, https:\/\/voyagedelabaleine.fr\/wp-content\/uploads\/2025\/01\/maillot-fille-une-piece-bleu-225x300.jpg 225w, https:\/\/voyagedelabaleine.fr\/wp-content\/uploads\/2025\/01\/maillot-fille-une-piece-bleu-768x1024.jpg 768w, https:\/\/voyagedelabaleine.fr\/wp-content\/uploads\/2025\/01\/maillot-fille-une-piece-bleu.jpg 1140w\" sizes=\"(max-width: 600px) 100vw, 600px\" \/><img decoding=\"async\" width=\"600\" height=\"800\" src=\"https:\/\/voyagedelabaleine.fr\/wp-content\/uploads\/2025\/01\/maillot-fille-une-piece-bleu-1-600x800.jpg\" class=\"woo-entry-image-secondary\" alt=\"Costume da bagno intero bambina &#8211; Azzurro cielo\" itemprop=\"image\" srcset=\"https:\/\/voyagedelabaleine.fr\/wp-content\/uploads\/2025\/01\/maillot-fille-une-piece-bleu-1-600x800.jpg 600w, https:\/\/voyagedelabaleine.fr\/wp-content\/uploads\/2025\/01\/maillot-fille-une-piece-bleu-1-225x300.jpg 225w, https:\/\/voyagedelabaleine.fr\/wp-content\/uploads\/2025\/01\/maillot-fille-une-piece-bleu-1-768x1024.jpg 768w, https:\/\/voyagedelabaleine.fr\/wp-content\/uploads\/2025\/01\/maillot-fille-une-piece-bleu-1-1152x1536.jpg 1152w, https:\/\/voyagedelabaleine.fr\/wp-content\/uploads\/2025\/01\/maillot-fille-une-piece-bleu-1.jpg 1200w\" sizes=\"(max-width: 600px) 100vw, 600px\" \/><\/a>\t<\/div><!-- .woo-entry-image-swap -->\n\n<ul class=\"woo-entry-inner clr\"><li class=\"image-wrap\">\t\t\t\t<div class=\"outofstock-badge\">\n\t\t\t\t\tNon disponibile \u2013 molto richiesto\t\t\t\t<\/div><!-- .product-entry-out-of-stock-badge -->\n\t\t\t\t\n\t<div class=\"woo-entry-image-swap woo-entry-image clr\">\n\t\t<a href=\"https:\/\/voyagedelabaleine.fr\/it\/prodotto\/costume-da-bagno-intero-bambina-azzurro-cielo\/\" class=\"woocommerce-LoopProduct-link\"><img decoding=\"async\" width=\"600\" height=\"800\" src=\"https:\/\/voyagedelabaleine.fr\/wp-content\/uploads\/2025\/01\/maillot-fille-une-piece-bleu-600x800.jpg\" class=\"woo-entry-image-main\" alt=\"Costume da bagno intero bambina &#8211; Azzurro cielo\" itemprop=\"image\" srcset=\"https:\/\/voyagedelabaleine.fr\/wp-content\/uploads\/2025\/01\/maillot-fille-une-piece-bleu-600x800.jpg 600w, https:\/\/voyagedelabaleine.fr\/wp-content\/uploads\/2025\/01\/maillot-fille-une-piece-bleu-225x300.jpg 225w, https:\/\/voyagedelabaleine.fr\/wp-content\/uploads\/2025\/01\/maillot-fille-une-piece-bleu-768x1024.jpg 768w, https:\/\/voyagedelabaleine.fr\/wp-content\/uploads\/2025\/01\/maillot-fille-une-piece-bleu.jpg 1140w\" sizes=\"(max-width: 600px) 100vw, 600px\" \/><img decoding=\"async\" width=\"600\" height=\"800\" src=\"https:\/\/voyagedelabaleine.fr\/wp-content\/uploads\/2025\/01\/maillot-fille-une-piece-bleu-1-600x800.jpg\" class=\"woo-entry-image-secondary\" alt=\"Costume da bagno intero bambina &#8211; Azzurro cielo\" itemprop=\"image\" srcset=\"https:\/\/voyagedelabaleine.fr\/wp-content\/uploads\/2025\/01\/maillot-fille-une-piece-bleu-1-600x800.jpg 600w, https:\/\/voyagedelabaleine.fr\/wp-content\/uploads\/2025\/01\/maillot-fille-une-piece-bleu-1-225x300.jpg 225w, https:\/\/voyagedelabaleine.fr\/wp-content\/uploads\/2025\/01\/maillot-fille-une-piece-bleu-1-768x1024.jpg 768w, https:\/\/voyagedelabaleine.fr\/wp-content\/uploads\/2025\/01\/maillot-fille-une-piece-bleu-1-1152x1536.jpg 1152w, https:\/\/voyagedelabaleine.fr\/wp-content\/uploads\/2025\/01\/maillot-fille-une-piece-bleu-1.jpg 1200w\" sizes=\"(max-width: 600px) 100vw, 600px\" \/><\/a>\t<\/div><!-- .woo-entry-image-swap -->\n\n<\/li><li class=\"title\"><h2><a href=\"https:\/\/voyagedelabaleine.fr\/it\/prodotto\/costume-da-bagno-intero-bambina-azzurro-cielo\/\">Costume da bagno intero bambina &#8211; Azzurro cielo<\/a><\/h2><\/li><li class=\"price-wrap\">\n\t<span class=\"price\"><span class=\"woocommerce-Price-amount amount\"><bdi>26<span class=\"woocommerce-Price-currencySymbol\">&euro;<\/span><\/bdi><\/span><\/span>\n<\/li><\/ul><\/div><!-- .product-inner .clr --><\/li>\n<li class=\"entry has-media col span_1_of_3 owp-content-center owp-thumbs-layout-vertical owp-btn-big owp-tabs-layout-vertical circle-sale product type-product post-33705 status-publish last instock product_cat-abbigliamento product_cat-pagliaccetto-salopette-nascita product_cat-pagliaccetto-salopette-nascita-ragazza product_cat-pagliaccetto-salopette-nascita-ragazzo product_cat-pagliaccetto-salopette-neonata product_cat-pagliaccetto-salopette-neonati product_cat-pagliaccetto-salopette-neonato product_cat-ultima-occasione has-post-thumbnail taxable shipping-taxable purchasable product-type-variable has-default-attributes\">\n\t<div class=\"product-inner clr\">\n\t<div class=\"woo-entry-image-swap woo-entry-image clr\">\n\t\t<a href=\"https:\/\/voyagedelabaleine.fr\/it\/prodotto\/pagliaccetto-neonato-in-cotone-e-lino-a-girocollo-beige\/\" class=\"woocommerce-LoopProduct-link\"><img decoding=\"async\" width=\"600\" height=\"800\" src=\"https:\/\/voyagedelabaleine.fr\/wp-content\/uploads\/2025\/02\/barboteuse-bebe-lin-beige-600x800.jpg\" class=\"woo-entry-image-main\" alt=\"Pagliaccetto neonato in cotone e lino a girocollo &#8211; Beige\" itemprop=\"image\" srcset=\"https:\/\/voyagedelabaleine.fr\/wp-content\/uploads\/2025\/02\/barboteuse-bebe-lin-beige-600x800.jpg 600w, https:\/\/voyagedelabaleine.fr\/wp-content\/uploads\/2025\/02\/barboteuse-bebe-lin-beige-225x300.jpg 225w, https:\/\/voyagedelabaleine.fr\/wp-content\/uploads\/2025\/02\/barboteuse-bebe-lin-beige-768x1024.jpg 768w, https:\/\/voyagedelabaleine.fr\/wp-content\/uploads\/2025\/02\/barboteuse-bebe-lin-beige-1152x1536.jpg 1152w, https:\/\/voyagedelabaleine.fr\/wp-content\/uploads\/2025\/02\/barboteuse-bebe-lin-beige.jpg 1200w\" sizes=\"(max-width: 600px) 100vw, 600px\" \/><img decoding=\"async\" width=\"560\" height=\"746\" src=\"https:\/\/voyagedelabaleine.fr\/wp-content\/uploads\/2024\/05\/barboteuse-bebe-beige-rayee.jpg\" class=\"woo-entry-image-secondary\" alt=\"Pagliaccetto neonato in cotone e lino a girocollo &#8211; Beige\" itemprop=\"image\" srcset=\"https:\/\/voyagedelabaleine.fr\/wp-content\/uploads\/2024\/05\/barboteuse-bebe-beige-rayee.jpg 560w, https:\/\/voyagedelabaleine.fr\/wp-content\/uploads\/2024\/05\/barboteuse-bebe-beige-rayee-225x300.jpg 225w\" sizes=\"(max-width: 560px) 100vw, 560px\" \/><\/a>\t<\/div><!-- .woo-entry-image-swap -->\n\n<ul class=\"woo-entry-inner clr\"><li class=\"image-wrap\">\n\t<div class=\"woo-entry-image-swap woo-entry-image clr\">\n\t\t<a href=\"https:\/\/voyagedelabaleine.fr\/it\/prodotto\/pagliaccetto-neonato-in-cotone-e-lino-a-girocollo-beige\/\" class=\"woocommerce-LoopProduct-link\"><img decoding=\"async\" width=\"600\" height=\"800\" src=\"https:\/\/voyagedelabaleine.fr\/wp-content\/uploads\/2025\/02\/barboteuse-bebe-lin-beige-600x800.jpg\" class=\"woo-entry-image-main\" alt=\"Pagliaccetto neonato in cotone e lino a girocollo &#8211; Beige\" itemprop=\"image\" srcset=\"https:\/\/voyagedelabaleine.fr\/wp-content\/uploads\/2025\/02\/barboteuse-bebe-lin-beige-600x800.jpg 600w, https:\/\/voyagedelabaleine.fr\/wp-content\/uploads\/2025\/02\/barboteuse-bebe-lin-beige-225x300.jpg 225w, https:\/\/voyagedelabaleine.fr\/wp-content\/uploads\/2025\/02\/barboteuse-bebe-lin-beige-768x1024.jpg 768w, https:\/\/voyagedelabaleine.fr\/wp-content\/uploads\/2025\/02\/barboteuse-bebe-lin-beige-1152x1536.jpg 1152w, https:\/\/voyagedelabaleine.fr\/wp-content\/uploads\/2025\/02\/barboteuse-bebe-lin-beige.jpg 1200w\" sizes=\"(max-width: 600px) 100vw, 600px\" \/><img decoding=\"async\" width=\"560\" height=\"746\" src=\"https:\/\/voyagedelabaleine.fr\/wp-content\/uploads\/2024\/05\/barboteuse-bebe-beige-rayee.jpg\" class=\"woo-entry-image-secondary\" alt=\"Pagliaccetto neonato in cotone e lino a girocollo &#8211; Beige\" itemprop=\"image\" srcset=\"https:\/\/voyagedelabaleine.fr\/wp-content\/uploads\/2024\/05\/barboteuse-bebe-beige-rayee.jpg 560w, https:\/\/voyagedelabaleine.fr\/wp-content\/uploads\/2024\/05\/barboteuse-bebe-beige-rayee-225x300.jpg 225w\" sizes=\"(max-width: 560px) 100vw, 560px\" \/><\/a>\t<\/div><!-- .woo-entry-image-swap -->\n\n<\/li><li class=\"title\"><h2><a href=\"https:\/\/voyagedelabaleine.fr\/it\/prodotto\/pagliaccetto-neonato-in-cotone-e-lino-a-girocollo-beige\/\">Pagliaccetto neonato in cotone e lino a girocollo &#8211; Beige<\/a><\/h2><\/li><li class=\"price-wrap\">\n\t<span class=\"price\"><span class=\"woocommerce-Price-amount amount\"><bdi>48<span class=\"woocommerce-Price-currencySymbol\">&euro;<\/span><\/bdi><\/span><\/span>\n<\/li><\/ul><\/div><!-- .product-inner .clr --><\/li>\n<li class=\"entry has-media has-rating col span_1_of_3 owp-content-center owp-thumbs-layout-vertical owp-btn-big owp-tabs-layout-vertical circle-sale product type-product post-30414 status-publish first instock product_cat-abbigliamento product_cat-bloomer-short-pantaloni-nascita product_cat-bloomer-short-pantaloni-nascita-ragazzo product_cat-bloomer-short-pantaloni-neonati product_cat-bloomer-short-pantaloni-neonato product_cat-blusa-camicia-nascita product_cat-blusa-camicia-nascita-ragazzo product_cat-blusa-camicia-bambini product_cat-blusa-camicia-bambino product_cat-blusa-camicia-neonati product_cat-blusa-camicia-neonato product_cat-completi-nascita product_cat-completi-nascita-ragazzo product_cat-completi-neonati product_cat-completi-neonato product_cat-completo-salopette-bambini product_cat-completo-salopette-bambino product_cat-pantaloni-short-bambini product_cat-pantaloni-short-bambino has-post-thumbnail taxable shipping-taxable purchasable product-type-variable has-default-attributes\">\n\t<div class=\"product-inner clr\">\n\t<div class=\"woo-entry-image-swap woo-entry-image clr\">\n\t\t<a href=\"https:\/\/voyagedelabaleine.fr\/it\/prodotto\/completo-neonato-camicia-e-pantaloncini-azzurro-bianco\/\" class=\"woocommerce-LoopProduct-link\"><img decoding=\"async\" width=\"600\" height=\"800\" src=\"https:\/\/voyagedelabaleine.fr\/wp-content\/uploads\/2024\/02\/ensemble-bebe-chemise-short-bleu-1-600x800.jpg\" class=\"woo-entry-image-main\" alt=\"Completo neonato camicia e pantaloncini &#8211; Azzurro\/bianco\" itemprop=\"image\" srcset=\"https:\/\/voyagedelabaleine.fr\/wp-content\/uploads\/2024\/02\/ensemble-bebe-chemise-short-bleu-1-600x800.jpg 600w, https:\/\/voyagedelabaleine.fr\/wp-content\/uploads\/2024\/02\/ensemble-bebe-chemise-short-bleu-1-225x300.jpg 225w, https:\/\/voyagedelabaleine.fr\/wp-content\/uploads\/2024\/02\/ensemble-bebe-chemise-short-bleu-1-768x1024.jpg 768w, https:\/\/voyagedelabaleine.fr\/wp-content\/uploads\/2024\/02\/ensemble-bebe-chemise-short-bleu-1.jpg 888w\" sizes=\"(max-width: 600px) 100vw, 600px\" \/><img decoding=\"async\" width=\"600\" height=\"800\" src=\"https:\/\/voyagedelabaleine.fr\/wp-content\/uploads\/2024\/02\/ensemble-bebe-chemise-short-bleu-600x800.jpg\" class=\"woo-entry-image-secondary\" alt=\"Completo neonato camicia e pantaloncini &#8211; Azzurro\/bianco\" itemprop=\"image\" srcset=\"https:\/\/voyagedelabaleine.fr\/wp-content\/uploads\/2024\/02\/ensemble-bebe-chemise-short-bleu-600x800.jpg 600w, https:\/\/voyagedelabaleine.fr\/wp-content\/uploads\/2024\/02\/ensemble-bebe-chemise-short-bleu-225x300.jpg 225w, https:\/\/voyagedelabaleine.fr\/wp-content\/uploads\/2024\/02\/ensemble-bebe-chemise-short-bleu-768x1024.jpg 768w, https:\/\/voyagedelabaleine.fr\/wp-content\/uploads\/2024\/02\/ensemble-bebe-chemise-short-bleu.jpg 900w\" sizes=\"(max-width: 600px) 100vw, 600px\" \/><\/a>\t<\/div><!-- .woo-entry-image-swap -->\n\n<ul class=\"woo-entry-inner clr\"><li class=\"image-wrap\">\n\t<div class=\"woo-entry-image-swap woo-entry-image clr\">\n\t\t<a href=\"https:\/\/voyagedelabaleine.fr\/it\/prodotto\/completo-neonato-camicia-e-pantaloncini-azzurro-bianco\/\" class=\"woocommerce-LoopProduct-link\"><img decoding=\"async\" width=\"600\" height=\"800\" src=\"https:\/\/voyagedelabaleine.fr\/wp-content\/uploads\/2024\/02\/ensemble-bebe-chemise-short-bleu-1-600x800.jpg\" class=\"woo-entry-image-main\" alt=\"Completo neonato camicia e pantaloncini &#8211; Azzurro\/bianco\" itemprop=\"image\" srcset=\"https:\/\/voyagedelabaleine.fr\/wp-content\/uploads\/2024\/02\/ensemble-bebe-chemise-short-bleu-1-600x800.jpg 600w, https:\/\/voyagedelabaleine.fr\/wp-content\/uploads\/2024\/02\/ensemble-bebe-chemise-short-bleu-1-225x300.jpg 225w, https:\/\/voyagedelabaleine.fr\/wp-content\/uploads\/2024\/02\/ensemble-bebe-chemise-short-bleu-1-768x1024.jpg 768w, https:\/\/voyagedelabaleine.fr\/wp-content\/uploads\/2024\/02\/ensemble-bebe-chemise-short-bleu-1.jpg 888w\" sizes=\"(max-width: 600px) 100vw, 600px\" \/><img decoding=\"async\" width=\"600\" height=\"800\" src=\"https:\/\/voyagedelabaleine.fr\/wp-content\/uploads\/2024\/02\/ensemble-bebe-chemise-short-bleu-600x800.jpg\" class=\"woo-entry-image-secondary\" alt=\"Completo neonato camicia e pantaloncini &#8211; Azzurro\/bianco\" itemprop=\"image\" srcset=\"https:\/\/voyagedelabaleine.fr\/wp-content\/uploads\/2024\/02\/ensemble-bebe-chemise-short-bleu-600x800.jpg 600w, https:\/\/voyagedelabaleine.fr\/wp-content\/uploads\/2024\/02\/ensemble-bebe-chemise-short-bleu-225x300.jpg 225w, https:\/\/voyagedelabaleine.fr\/wp-content\/uploads\/2024\/02\/ensemble-bebe-chemise-short-bleu-768x1024.jpg 768w, https:\/\/voyagedelabaleine.fr\/wp-content\/uploads\/2024\/02\/ensemble-bebe-chemise-short-bleu.jpg 900w\" sizes=\"(max-width: 600px) 100vw, 600px\" \/><\/a>\t<\/div><!-- .woo-entry-image-swap -->\n\n<\/li><li class=\"title\"><h2><a href=\"https:\/\/voyagedelabaleine.fr\/it\/prodotto\/completo-neonato-camicia-e-pantaloncini-azzurro-bianco\/\">Completo neonato camicia e pantaloncini &#8211; Azzurro\/bianco<\/a><\/h2><\/li><li class=\"price-wrap\">\n\t<span class=\"price\"><span class=\"woocommerce-Price-amount amount\"><bdi>58<span class=\"woocommerce-Price-currencySymbol\">&euro;<\/span><\/bdi><\/span><\/span>\n<\/li><\/ul><\/div><!-- .product-inner .clr --><\/li>\n<li class=\"entry has-media has-rating col span_1_of_3 owp-content-center owp-thumbs-layout-vertical owp-btn-big owp-tabs-layout-vertical circle-sale product type-product post-29335 status-publish instock product_cat-abbigliamento product_cat-pagliaccetto-salopette-nascita product_cat-pagliaccetto-salopette-nascita-ragazza product_cat-ultima-occasione has-post-thumbnail taxable shipping-taxable purchasable product-type-variable has-default-attributes\">\n\t<div class=\"product-inner clr\">\n\t<div class=\"woo-entry-image-swap woo-entry-image clr\">\n\t\t<a href=\"https:\/\/voyagedelabaleine.fr\/it\/prodotto\/pagliaccetto-neonata-a-righe-rosa-bianco\/\" class=\"woocommerce-LoopProduct-link\"><img decoding=\"async\" width=\"600\" height=\"800\" src=\"https:\/\/voyagedelabaleine.fr\/wp-content\/uploads\/2024\/02\/barboteuse-naissance-rose-1-600x800.jpg\" class=\"woo-entry-image-main\" alt=\"Pagliaccetto neonata a righe &#8211; Rosa\/bianco\" itemprop=\"image\" srcset=\"https:\/\/voyagedelabaleine.fr\/wp-content\/uploads\/2024\/02\/barboteuse-naissance-rose-1-600x800.jpg 600w, https:\/\/voyagedelabaleine.fr\/wp-content\/uploads\/2024\/02\/barboteuse-naissance-rose-1-225x300.jpg 225w, https:\/\/voyagedelabaleine.fr\/wp-content\/uploads\/2024\/02\/barboteuse-naissance-rose-1-768x1024.jpg 768w, https:\/\/voyagedelabaleine.fr\/wp-content\/uploads\/2024\/02\/barboteuse-naissance-rose-1.jpg 855w\" sizes=\"(max-width: 600px) 100vw, 600px\" \/><img decoding=\"async\" width=\"600\" height=\"800\" src=\"https:\/\/voyagedelabaleine.fr\/wp-content\/uploads\/2024\/02\/barboteuse-naissance-rose-600x800.jpg\" class=\"woo-entry-image-secondary\" alt=\"Pagliaccetto neonata a righe &#8211; Rosa\/bianco\" itemprop=\"image\" srcset=\"https:\/\/voyagedelabaleine.fr\/wp-content\/uploads\/2024\/02\/barboteuse-naissance-rose-600x800.jpg 600w, https:\/\/voyagedelabaleine.fr\/wp-content\/uploads\/2024\/02\/barboteuse-naissance-rose-225x300.jpg 225w, https:\/\/voyagedelabaleine.fr\/wp-content\/uploads\/2024\/02\/barboteuse-naissance-rose.jpg 744w\" sizes=\"(max-width: 600px) 100vw, 600px\" \/><\/a>\t<\/div><!-- .woo-entry-image-swap -->\n\n<ul class=\"woo-entry-inner clr\"><li class=\"image-wrap\">\n\t<div class=\"woo-entry-image-swap woo-entry-image clr\">\n\t\t<a href=\"https:\/\/voyagedelabaleine.fr\/it\/prodotto\/pagliaccetto-neonata-a-righe-rosa-bianco\/\" class=\"woocommerce-LoopProduct-link\"><img decoding=\"async\" width=\"600\" height=\"800\" src=\"https:\/\/voyagedelabaleine.fr\/wp-content\/uploads\/2024\/02\/barboteuse-naissance-rose-1-600x800.jpg\" class=\"woo-entry-image-main\" alt=\"Pagliaccetto neonata a righe &#8211; Rosa\/bianco\" itemprop=\"image\" srcset=\"https:\/\/voyagedelabaleine.fr\/wp-content\/uploads\/2024\/02\/barboteuse-naissance-rose-1-600x800.jpg 600w, https:\/\/voyagedelabaleine.fr\/wp-content\/uploads\/2024\/02\/barboteuse-naissance-rose-1-225x300.jpg 225w, https:\/\/voyagedelabaleine.fr\/wp-content\/uploads\/2024\/02\/barboteuse-naissance-rose-1-768x1024.jpg 768w, https:\/\/voyagedelabaleine.fr\/wp-content\/uploads\/2024\/02\/barboteuse-naissance-rose-1.jpg 855w\" sizes=\"(max-width: 600px) 100vw, 600px\" \/><img decoding=\"async\" width=\"600\" height=\"800\" src=\"https:\/\/voyagedelabaleine.fr\/wp-content\/uploads\/2024\/02\/barboteuse-naissance-rose-600x800.jpg\" class=\"woo-entry-image-secondary\" alt=\"Pagliaccetto neonata a righe &#8211; Rosa\/bianco\" itemprop=\"image\" srcset=\"https:\/\/voyagedelabaleine.fr\/wp-content\/uploads\/2024\/02\/barboteuse-naissance-rose-600x800.jpg 600w, https:\/\/voyagedelabaleine.fr\/wp-content\/uploads\/2024\/02\/barboteuse-naissance-rose-225x300.jpg 225w, https:\/\/voyagedelabaleine.fr\/wp-content\/uploads\/2024\/02\/barboteuse-naissance-rose.jpg 744w\" sizes=\"(max-width: 600px) 100vw, 600px\" \/><\/a>\t<\/div><!-- .woo-entry-image-swap -->\n\n<\/li><li class=\"title\"><h2><a href=\"https:\/\/voyagedelabaleine.fr\/it\/prodotto\/pagliaccetto-neonata-a-righe-rosa-bianco\/\">Pagliaccetto neonata a righe &#8211; Rosa\/bianco<\/a><\/h2><\/li><li class=\"price-wrap\">\n\t<span class=\"price\"><span class=\"woocommerce-Price-amount amount\"><bdi>28<span class=\"woocommerce-Price-currencySymbol\">&euro;<\/span><\/bdi><\/span><\/span>\n<\/li><\/ul><\/div><!-- .product-inner .clr --><\/li>\n<li class=\"entry has-media has-rating col span_1_of_3 owp-content-center owp-thumbs-layout-vertical owp-btn-big owp-tabs-layout-vertical circle-sale product type-product post-30462 status-publish last instock product_cat-abbigliamento product_cat-bloomer-short-pantaloni-nascita product_cat-bloomer-short-pantaloni-nascita-ragazzo product_cat-bloomer-short-pantaloni-neonati product_cat-bloomer-short-pantaloni-neonato product_cat-completi-nascita product_cat-completi-nascita-ragazzo product_cat-completi-neonati product_cat-completi-neonato product_cat-ultima-occasione has-post-thumbnail taxable shipping-taxable purchasable product-type-variable has-default-attributes\">\n\t<div class=\"product-inner clr\">\n\t<div class=\"woo-entry-image-swap woo-entry-image clr\">\n\t\t<a href=\"https:\/\/voyagedelabaleine.fr\/it\/prodotto\/pagliaccetto-neonato-con-colletto-azzurro-bianco\/\" class=\"woocommerce-LoopProduct-link\"><img decoding=\"async\" width=\"570\" height=\"760\" src=\"https:\/\/voyagedelabaleine.fr\/wp-content\/uploads\/2024\/02\/combishort-naissance-bebe-4.jpg\" class=\"woo-entry-image-main\" alt=\"Pagliaccetto neonato con colletto &#8211; Azzurro\/bianco\" itemprop=\"image\" srcset=\"https:\/\/voyagedelabaleine.fr\/wp-content\/uploads\/2024\/02\/combishort-naissance-bebe-4.jpg 570w, https:\/\/voyagedelabaleine.fr\/wp-content\/uploads\/2024\/02\/combishort-naissance-bebe-4-225x300.jpg 225w\" sizes=\"(max-width: 570px) 100vw, 570px\" \/><img decoding=\"async\" width=\"570\" height=\"760\" src=\"https:\/\/voyagedelabaleine.fr\/wp-content\/uploads\/2024\/02\/combishort-naissance-bebe-2.jpg\" class=\"woo-entry-image-secondary\" alt=\"Pagliaccetto neonato con colletto &#8211; Azzurro\/bianco\" itemprop=\"image\" srcset=\"https:\/\/voyagedelabaleine.fr\/wp-content\/uploads\/2024\/02\/combishort-naissance-bebe-2.jpg 570w, https:\/\/voyagedelabaleine.fr\/wp-content\/uploads\/2024\/02\/combishort-naissance-bebe-2-225x300.jpg 225w\" sizes=\"(max-width: 570px) 100vw, 570px\" \/><\/a>\t<\/div><!-- .woo-entry-image-swap -->\n\n<ul class=\"woo-entry-inner clr\"><li class=\"image-wrap\">\n\t<div class=\"woo-entry-image-swap woo-entry-image clr\">\n\t\t<a href=\"https:\/\/voyagedelabaleine.fr\/it\/prodotto\/pagliaccetto-neonato-con-colletto-azzurro-bianco\/\" class=\"woocommerce-LoopProduct-link\"><img decoding=\"async\" width=\"570\" height=\"760\" src=\"https:\/\/voyagedelabaleine.fr\/wp-content\/uploads\/2024\/02\/combishort-naissance-bebe-4.jpg\" class=\"woo-entry-image-main\" alt=\"Pagliaccetto neonato con colletto &#8211; Azzurro\/bianco\" itemprop=\"image\" srcset=\"https:\/\/voyagedelabaleine.fr\/wp-content\/uploads\/2024\/02\/combishort-naissance-bebe-4.jpg 570w, https:\/\/voyagedelabaleine.fr\/wp-content\/uploads\/2024\/02\/combishort-naissance-bebe-4-225x300.jpg 225w\" sizes=\"(max-width: 570px) 100vw, 570px\" \/><img decoding=\"async\" width=\"570\" height=\"760\" src=\"https:\/\/voyagedelabaleine.fr\/wp-content\/uploads\/2024\/02\/combishort-naissance-bebe-2.jpg\" class=\"woo-entry-image-secondary\" alt=\"Pagliaccetto neonato con colletto &#8211; Azzurro\/bianco\" itemprop=\"image\" srcset=\"https:\/\/voyagedelabaleine.fr\/wp-content\/uploads\/2024\/02\/combishort-naissance-bebe-2.jpg 570w, https:\/\/voyagedelabaleine.fr\/wp-content\/uploads\/2024\/02\/combishort-naissance-bebe-2-225x300.jpg 225w\" sizes=\"(max-width: 570px) 100vw, 570px\" \/><\/a>\t<\/div><!-- .woo-entry-image-swap -->\n\n<\/li><li class=\"title\"><h2><a href=\"https:\/\/voyagedelabaleine.fr\/it\/prodotto\/pagliaccetto-neonato-con-colletto-azzurro-bianco\/\">Pagliaccetto neonato con colletto &#8211; Azzurro\/bianco<\/a><\/h2><\/li><li class=\"price-wrap\">\n\t<span class=\"price\"><span class=\"woocommerce-Price-amount amount\"><bdi>32<span class=\"woocommerce-Price-currencySymbol\">&euro;<\/span><\/bdi><\/span><\/span>\n<\/li><\/ul><\/div><!-- .product-inner .clr --><\/li>\n<\/ul>\n<\/div><\/div>\n\t\t\t\t\t\t<\/div>\n\t\t\t\t<\/div>\n\t\t\t\t<\/div>\n\t\t\t\t<\/div>\n\t\t<div class=\"elementor-element elementor-element-35f5891 e-flex e-con-boxed e-con e-parent\" data-id=\"35f5891\" data-element_type=\"container\" data-e-type=\"container\">\n\t\t\t\t\t<div class=\"e-con-inner\">\n\t\t<div class=\"elementor-element elementor-element-ef2bfbe e-con-full e-flex e-con e-child\" data-id=\"ef2bfbe\" data-element_type=\"container\" data-e-type=\"container\">\n\t\t\t\t<div class=\"elementor-element elementor-element-2ec8c64 elementor-align-center elementor-widget elementor-widget-button\" data-id=\"2ec8c64\" data-element_type=\"widget\" data-e-type=\"widget\" data-widget_type=\"button.default\">\n\t\t\t\t\t\t\t\t\t\t<a class=\"elementor-button elementor-button-link elementor-size-sm\" href=\"https:\/\/voyagedelabaleine.fr\/vetements-raffines-pour-bebes\/\">\n\t\t\t\t\t\t<span class=\"elementor-button-content-wrapper\">\n\t\t\t\t\t\t\t\t\t<span class=\"elementor-button-text\">Scopri la collezione<\/span>\n\t\t\t\t\t<\/span>\n\t\t\t\t\t<\/a>\n\t\t\t\t\t\t\t\t<\/div>\n\t\t\t\t<\/div>\n\t\t\t\t\t<\/div>\n\t\t\t\t<\/div>\n\t\t\t\t<\/div>\n\t\t","protected":false},"excerpt":{"rendered":"<p>Righe classiche, stile ineguagliabile I tessuti a righe sono sinonimo di raffinata semplicit\u00e0. Si adattano a tutte le stagioni e, che siano sottili o larghe, aggiungono un tocco di distinzione agli abiti dei vostri bambini, offrendo loro un comfort ottimale. Verticali o orizzontali: le righe attraversano il tempo Le righe sono un motivo iconico che [&hellip;]<\/p>\n","protected":false},"author":222595022,"featured_media":0,"parent":0,"menu_order":0,"comment_status":"closed","ping_status":"closed","template":"","meta":{"ocean_post_layout":"","ocean_both_sidebars_style":"","ocean_both_sidebars_content_width":0,"ocean_both_sidebars_sidebars_width":0,"ocean_sidebar":"","ocean_second_sidebar":"","ocean_disable_margins":"enable","ocean_add_body_class":"","ocean_shortcode_before_top_bar":"","ocean_shortcode_after_top_bar":"","ocean_shortcode_before_header":"","ocean_shortcode_after_header":"","ocean_has_shortcode":"","ocean_shortcode_after_title":"","ocean_shortcode_before_footer_widgets":"","ocean_shortcode_after_footer_widgets":"","ocean_shortcode_before_footer_bottom":"","ocean_shortcode_after_footer_bottom":"","ocean_display_top_bar":"default","ocean_display_header":"default","ocean_header_style":"","ocean_center_header_left_menu":"","ocean_custom_header_template":"","ocean_custom_logo":0,"ocean_custom_retina_logo":0,"ocean_custom_logo_max_width":0,"ocean_custom_logo_tablet_max_width":0,"ocean_custom_logo_mobile_max_width":0,"ocean_custom_logo_max_height":0,"ocean_custom_logo_tablet_max_height":0,"ocean_custom_logo_mobile_max_height":0,"ocean_header_custom_menu":"","ocean_menu_typo_font_family":"","ocean_menu_typo_font_subset":"","ocean_menu_typo_font_size":0,"ocean_menu_typo_font_size_tablet":0,"ocean_menu_typo_font_size_mobile":0,"ocean_menu_typo_font_size_unit":"px","ocean_menu_typo_font_weight":"","ocean_menu_typo_font_weight_tablet":"","ocean_menu_typo_font_weight_mobile":"","ocean_menu_typo_transform":"","ocean_menu_typo_transform_tablet":"","ocean_menu_typo_transform_mobile":"","ocean_menu_typo_line_height":0,"ocean_menu_typo_line_height_tablet":0,"ocean_menu_typo_line_height_mobile":0,"ocean_menu_typo_line_height_unit":"","ocean_menu_typo_spacing":0,"ocean_menu_typo_spacing_tablet":0,"ocean_menu_typo_spacing_mobile":0,"ocean_menu_typo_spacing_unit":"","ocean_menu_link_color":"","ocean_menu_link_color_hover":"","ocean_menu_link_color_active":"","ocean_menu_link_background":"","ocean_menu_link_hover_background":"","ocean_menu_link_active_background":"","ocean_menu_social_links_bg":"","ocean_menu_social_hover_links_bg":"","ocean_menu_social_links_color":"","ocean_menu_social_hover_links_color":"","ocean_disable_title":"default","ocean_disable_heading":"default","ocean_post_title":"","ocean_post_subheading":"","ocean_post_title_style":"","ocean_post_title_background_color":"","ocean_post_title_background":0,"ocean_post_title_bg_image_position":"","ocean_post_title_bg_image_attachment":"","ocean_post_title_bg_image_repeat":"","ocean_post_title_bg_image_size":"","ocean_post_title_height":0,"ocean_post_title_bg_overlay":0.5,"ocean_post_title_bg_overlay_color":"","ocean_disable_breadcrumbs":"default","ocean_breadcrumbs_color":"","ocean_breadcrumbs_separator_color":"","ocean_breadcrumbs_links_color":"","ocean_breadcrumbs_links_hover_color":"","ocean_display_footer_widgets":"default","ocean_display_footer_bottom":"default","ocean_custom_footer_template":"","osh_disable_topbar_sticky":"default","osh_disable_header_sticky":"default","osh_sticky_header_style":"default","osh_sticky_header_effect":"","osh_custom_sticky_logo":0,"osh_custom_retina_sticky_logo":0,"osh_custom_sticky_logo_height":0,"osh_background_color":"","osh_links_color":"","osh_links_hover_color":"","osh_links_active_color":"","osh_links_bg_color":"","osh_links_hover_bg_color":"","osh_links_active_bg_color":"","osh_menu_social_links_color":"","osh_menu_social_hover_links_color":"","footnotes":""},"class_list":["post-28146","page","type-page","status-publish","hentry","entry","owp-thumbs-layout-vertical","owp-btn-big","owp-tabs-layout-vertical","has-no-thumbnails","circle-sale"],"yoast_head":"<!-- This site is optimized with the Yoast SEO plugin v27.1.1 - https:\/\/yoast.com\/product\/yoast-seo-wordpress\/ -->\n<title>I tessuti a righe - abbigliamento per neonati<\/title>\n<meta name=\"description\" content=\"I tessuti a righe sono sinonimo di raffinata semplicit\u00e0. Aggiungono un tocco di distinzione all&#039;abbigliamento dei vostri bambini.\" \/>\n<meta name=\"robots\" content=\"index, follow, max-snippet:-1, max-image-preview:large, max-video-preview:-1\" \/>\n<link rel=\"canonical\" href=\"https:\/\/voyagedelabaleine.fr\/it\/le-righe\/\" \/>\n<meta property=\"og:locale\" content=\"it_IT\" \/>\n<meta property=\"og:type\" content=\"article\" \/>\n<meta property=\"og:title\" content=\"I tessuti a righe - abbigliamento per neonati\" \/>\n<meta property=\"og:description\" content=\"I tessuti a righe sono sinonimo di raffinata semplicit\u00e0. Aggiungono un tocco di distinzione all&#039;abbigliamento dei vostri bambini.\" \/>\n<meta property=\"og:url\" content=\"https:\/\/voyagedelabaleine.fr\/it\/le-righe\/\" \/>\n<meta property=\"og:site_name\" content=\"Voyage de la Baleine\" \/>\n<meta property=\"article:publisher\" content=\"https:\/\/www.facebook.com\/voyagedelabaleine\/\" \/>\n<meta property=\"article:modified_time\" content=\"2026-01-12T14:01:42+00:00\" \/>\n<meta name=\"twitter:card\" content=\"summary_large_image\" \/>\n<meta name=\"twitter:label1\" content=\"Tempo di lettura stimato\" \/>\n\t<meta name=\"twitter:data1\" content=\"1 minuto\" \/>\n<script type=\"application\/ld+json\" class=\"yoast-schema-graph\">{\"@context\":\"https:\/\/schema.org\",\"@graph\":[{\"@type\":\"WebPage\",\"@id\":\"https:\/\/voyagedelabaleine.fr\/it\/le-righe\/\",\"url\":\"https:\/\/voyagedelabaleine.fr\/it\/le-righe\/\",\"name\":\"I tessuti a righe - abbigliamento per neonati\",\"isPartOf\":{\"@id\":\"https:\/\/voyagedelabaleine.fr\/it\/#website\"},\"datePublished\":\"2024-10-10T11:34:54+00:00\",\"dateModified\":\"2026-01-12T14:01:42+00:00\",\"description\":\"I tessuti a righe sono sinonimo di raffinata semplicit\u00e0. Aggiungono un tocco di distinzione all'abbigliamento dei vostri bambini.\",\"breadcrumb\":{\"@id\":\"https:\/\/voyagedelabaleine.fr\/it\/le-righe\/#breadcrumb\"},\"inLanguage\":\"it-IT\",\"potentialAction\":[{\"@type\":\"ReadAction\",\"target\":[\"https:\/\/voyagedelabaleine.fr\/it\/le-righe\/\"]}]},{\"@type\":\"BreadcrumbList\",\"@id\":\"https:\/\/voyagedelabaleine.fr\/it\/le-righe\/#breadcrumb\",\"itemListElement\":[{\"@type\":\"ListItem\",\"position\":1,\"name\":\"Accueil\",\"item\":\"https:\/\/voyagedelabaleine.fr\/it\/homepage\/\"},{\"@type\":\"ListItem\",\"position\":2,\"name\":\"Le righe\"}]},{\"@type\":\"WebSite\",\"@id\":\"https:\/\/voyagedelabaleine.fr\/it\/#website\",\"url\":\"https:\/\/voyagedelabaleine.fr\/it\/\",\"name\":\"Voyage de la Baleine\",\"description\":\"V\u00eatements intemporels et raffin\u00e9s pour b\u00e9b\u00e9s et enfants\",\"publisher\":{\"@id\":\"https:\/\/voyagedelabaleine.fr\/it\/#organization\"},\"potentialAction\":[{\"@type\":\"SearchAction\",\"target\":{\"@type\":\"EntryPoint\",\"urlTemplate\":\"https:\/\/voyagedelabaleine.fr\/it\/?s={search_term_string}\"},\"query-input\":{\"@type\":\"PropertyValueSpecification\",\"valueRequired\":true,\"valueName\":\"search_term_string\"}}],\"inLanguage\":\"it-IT\"},{\"@type\":\"Organization\",\"@id\":\"https:\/\/voyagedelabaleine.fr\/it\/#organization\",\"name\":\"Voyage de la Baleine\",\"url\":\"https:\/\/voyagedelabaleine.fr\/it\/\",\"logo\":{\"@type\":\"ImageObject\",\"inLanguage\":\"it-IT\",\"@id\":\"https:\/\/voyagedelabaleine.fr\/it\/#\/schema\/logo\/image\/\",\"url\":\"https:\/\/voyagedelabaleine.fr\/wp-content\/uploads\/2025\/06\/logo.webp\",\"contentUrl\":\"https:\/\/voyagedelabaleine.fr\/wp-content\/uploads\/2025\/06\/logo.webp\",\"width\":153,\"height\":64,\"caption\":\"Voyage de la Baleine\"},\"image\":{\"@id\":\"https:\/\/voyagedelabaleine.fr\/it\/#\/schema\/logo\/image\/\"},\"sameAs\":[\"https:\/\/www.facebook.com\/voyagedelabaleine\/\",\"https:\/\/www.instagram.com\/voyagedelabaleine\/\",\"https:\/\/www.pinterest.fr\/Voyagedelabaleine\/\"]}]}<\/script>\n<!-- \/ Yoast SEO plugin. -->","yoast_head_json":{"title":"I tessuti a righe - abbigliamento per neonati","description":"I tessuti a righe sono sinonimo di raffinata semplicit\u00e0. Aggiungono un tocco di distinzione all'abbigliamento dei vostri bambini.","robots":{"index":"index","follow":"follow","max-snippet":"max-snippet:-1","max-image-preview":"max-image-preview:large","max-video-preview":"max-video-preview:-1"},"canonical":"https:\/\/voyagedelabaleine.fr\/it\/le-righe\/","og_locale":"it_IT","og_type":"article","og_title":"I tessuti a righe - abbigliamento per neonati","og_description":"I tessuti a righe sono sinonimo di raffinata semplicit\u00e0. Aggiungono un tocco di distinzione all'abbigliamento dei vostri bambini.","og_url":"https:\/\/voyagedelabaleine.fr\/it\/le-righe\/","og_site_name":"Voyage de la Baleine","article_publisher":"https:\/\/www.facebook.com\/voyagedelabaleine\/","article_modified_time":"2026-01-12T14:01:42+00:00","twitter_card":"summary_large_image","twitter_misc":{"Tempo di lettura stimato":"1 minuto"},"schema":{"@context":"https:\/\/schema.org","@graph":[{"@type":"WebPage","@id":"https:\/\/voyagedelabaleine.fr\/it\/le-righe\/","url":"https:\/\/voyagedelabaleine.fr\/it\/le-righe\/","name":"I tessuti a righe - abbigliamento per neonati","isPartOf":{"@id":"https:\/\/voyagedelabaleine.fr\/it\/#website"},"datePublished":"2024-10-10T11:34:54+00:00","dateModified":"2026-01-12T14:01:42+00:00","description":"I tessuti a righe sono sinonimo di raffinata semplicit\u00e0. Aggiungono un tocco di distinzione all'abbigliamento dei vostri bambini.","breadcrumb":{"@id":"https:\/\/voyagedelabaleine.fr\/it\/le-righe\/#breadcrumb"},"inLanguage":"it-IT","potentialAction":[{"@type":"ReadAction","target":["https:\/\/voyagedelabaleine.fr\/it\/le-righe\/"]}]},{"@type":"BreadcrumbList","@id":"https:\/\/voyagedelabaleine.fr\/it\/le-righe\/#breadcrumb","itemListElement":[{"@type":"ListItem","position":1,"name":"Accueil","item":"https:\/\/voyagedelabaleine.fr\/it\/homepage\/"},{"@type":"ListItem","position":2,"name":"Le righe"}]},{"@type":"WebSite","@id":"https:\/\/voyagedelabaleine.fr\/it\/#website","url":"https:\/\/voyagedelabaleine.fr\/it\/","name":"Voyage de la Baleine","description":"V\u00eatements intemporels et raffin\u00e9s pour b\u00e9b\u00e9s et enfants","publisher":{"@id":"https:\/\/voyagedelabaleine.fr\/it\/#organization"},"potentialAction":[{"@type":"SearchAction","target":{"@type":"EntryPoint","urlTemplate":"https:\/\/voyagedelabaleine.fr\/it\/?s={search_term_string}"},"query-input":{"@type":"PropertyValueSpecification","valueRequired":true,"valueName":"search_term_string"}}],"inLanguage":"it-IT"},{"@type":"Organization","@id":"https:\/\/voyagedelabaleine.fr\/it\/#organization","name":"Voyage de la Baleine","url":"https:\/\/voyagedelabaleine.fr\/it\/","logo":{"@type":"ImageObject","inLanguage":"it-IT","@id":"https:\/\/voyagedelabaleine.fr\/it\/#\/schema\/logo\/image\/","url":"https:\/\/voyagedelabaleine.fr\/wp-content\/uploads\/2025\/06\/logo.webp","contentUrl":"https:\/\/voyagedelabaleine.fr\/wp-content\/uploads\/2025\/06\/logo.webp","width":153,"height":64,"caption":"Voyage de la Baleine"},"image":{"@id":"https:\/\/voyagedelabaleine.fr\/it\/#\/schema\/logo\/image\/"},"sameAs":["https:\/\/www.facebook.com\/voyagedelabaleine\/","https:\/\/www.instagram.com\/voyagedelabaleine\/","https:\/\/www.pinterest.fr\/Voyagedelabaleine\/"]}]}},"_links":{"self":[{"href":"https:\/\/voyagedelabaleine.fr\/it\/wp-json\/wp\/v2\/pages\/28146","targetHints":{"allow":["GET"]}}],"collection":[{"href":"https:\/\/voyagedelabaleine.fr\/it\/wp-json\/wp\/v2\/pages"}],"about":[{"href":"https:\/\/voyagedelabaleine.fr\/it\/wp-json\/wp\/v2\/types\/page"}],"author":[{"embeddable":true,"href":"https:\/\/voyagedelabaleine.fr\/it\/wp-json\/wp\/v2\/users\/222595022"}],"replies":[{"embeddable":true,"href":"https:\/\/voyagedelabaleine.fr\/it\/wp-json\/wp\/v2\/comments?post=28146"}],"version-history":[{"count":2,"href":"https:\/\/voyagedelabaleine.fr\/it\/wp-json\/wp\/v2\/pages\/28146\/revisions"}],"predecessor-version":[{"id":28148,"href":"https:\/\/voyagedelabaleine.fr\/it\/wp-json\/wp\/v2\/pages\/28146\/revisions\/28148"}],"wp:attachment":[{"href":"https:\/\/voyagedelabaleine.fr\/it\/wp-json\/wp\/v2\/media?parent=28146"}],"curies":[{"name":"wp","href":"https:\/\/api.w.org\/{rel}","templated":true}]}}