{"id":28156,"date":"2025-06-10T17:18:27","date_gmt":"2025-06-10T15:18:27","guid":{"rendered":"https:\/\/voyagedelabaleine.fr\/regalo-di-nascita-bambino\/"},"modified":"2026-01-12T15:03:55","modified_gmt":"2026-01-12T14:03:55","slug":"regalo-di-nascita-bambino","status":"publish","type":"page","link":"https:\/\/voyagedelabaleine.fr\/it\/regalo-di-nascita-bambino\/","title":{"rendered":"Regalo di nascita bambino"},"content":{"rendered":"\t\t<div data-elementor-type=\"wp-page\" data-elementor-id=\"28156\" class=\"elementor elementor-28156 elementor-18442\">\n\t\t\t\t<div class=\"elementor-element elementor-element-deeeeca e-flex e-con-boxed e-con e-parent\" data-id=\"deeeeca\" data-element_type=\"container\" data-e-type=\"container\">\n\t\t\t\t\t<div class=\"e-con-inner\">\n\t\t\t\t<div class=\"elementor-element elementor-element-676ab88 elementor-widget elementor-widget-text-editor\" data-id=\"676ab88\" data-element_type=\"widget\" data-e-type=\"widget\" data-widget_type=\"text-editor.default\">\n\t\t\t\t\t\t\t\t\t<p>Set da regalare, raffinati e intrisi di tenerezza, pensati come una selezione di ispirazioni per i tuoi regali nascita.<\/p>\t\t\t\t\t\t\t\t<\/div>\n\t\t\t\t\t<\/div>\n\t\t\t\t<\/div>\n\t\t<div class=\"elementor-element elementor-element-cf5e867 e-con-full e-flex e-con e-parent\" data-id=\"cf5e867\" data-element_type=\"container\" data-e-type=\"container\">\n\t\t\t\t<div class=\"elementor-element elementor-element-b00b40b elementor-widget-divider--separator-type-pattern elementor-widget-divider--view-line elementor-widget elementor-widget-divider\" data-id=\"b00b40b\" data-element_type=\"widget\" data-e-type=\"widget\" data-widget_type=\"divider.default\">\n\t\t\t\t\t\t\t<div class=\"elementor-divider\" style=\"--divider-pattern-url: url(&quot;data:image\/svg+xml,%3Csvg xmlns=&#039;http:\/\/www.w3.org\/2000\/svg&#039; preserveAspectRatio=&#039;none&#039; overflow=&#039;visible&#039; height=&#039;100%&#039; viewBox=&#039;0 0 24 24&#039; fill=&#039;black&#039; stroke=&#039;none&#039;%3E%3Cpath d=&#039;M12.7,2.3c-0.4-0.4-1.1-0.4-1.5,0l-8,9.1c-0.3,0.4-0.3,0.9,0,1.2l8,9.1c0.4,0.4,1.1,0.4,1.5,0l8-9.1c0.3-0.4,0.3-0.9,0-1.2L12.7,2.3z&#039;\/%3E%3C\/svg%3E&quot;);\">\n\t\t\t<span class=\"elementor-divider-separator\">\n\t\t\t\t\t\t<\/span>\n\t\t<\/div>\n\t\t\t\t\t\t<\/div>\n\t\t\t\t<div class=\"elementor-element elementor-element-7e2b3dd elementor-widget elementor-widget-shortcode\" data-id=\"7e2b3dd\" data-element_type=\"widget\" data-e-type=\"widget\" data-widget_type=\"shortcode.default\">\n\t\t\t\t\t\t\t<div class=\"elementor-shortcode\"><div class=\"woocommerce columns-3 \">\r\n<ul class=\"products oceanwp-row clr grid tablet-col tablet-2-col mobile-col mobile-2-col\">\r\n<li class=\"entry has-media col span_1_of_3 owp-content-center owp-thumbs-layout-vertical owp-btn-big owp-tabs-layout-vertical circle-sale product type-product post-33163 status-publish first instock product_cat-accessori-nascita-ragazza product_cat-accessori-nascita-ragazzo product_cat-accessori-nascita product_cat-accessori-neonata product_cat-accessori-neonati product_cat-accessori-neonato has-post-thumbnail taxable shipping-taxable purchasable product-type-variable has-default-attributes\">\n\t<div class=\"product-inner clr\">\n\t<div class=\"woo-entry-image-swap woo-entry-image clr\">\n\t\t<a href=\"https:\/\/voyagedelabaleine.fr\/it\/prodotto\/catenella-portaciuccio-vichy-blu\/\" class=\"woocommerce-LoopProduct-link\"><img decoding=\"async\" width=\"600\" height=\"800\" src=\"https:\/\/voyagedelabaleine.fr\/wp-content\/uploads\/2025\/11\/attache-tetine-bleu-600x800.jpg\" class=\"woo-entry-image-main\" alt=\"Catenella portaciuccio vichy &#8211; Blu\" itemprop=\"image\" srcset=\"https:\/\/voyagedelabaleine.fr\/wp-content\/uploads\/2025\/11\/attache-tetine-bleu-600x800.jpg 600w, https:\/\/voyagedelabaleine.fr\/wp-content\/uploads\/2025\/11\/attache-tetine-bleu-225x300.jpg 225w, https:\/\/voyagedelabaleine.fr\/wp-content\/uploads\/2025\/11\/attache-tetine-bleu-768x1024.jpg 768w, https:\/\/voyagedelabaleine.fr\/wp-content\/uploads\/2025\/11\/attache-tetine-bleu-1152x1536.jpg 1152w, https:\/\/voyagedelabaleine.fr\/wp-content\/uploads\/2025\/11\/attache-tetine-bleu-scaled.jpg 1536w\" sizes=\"(max-width: 600px) 100vw, 600px\" \/><img decoding=\"async\" width=\"600\" height=\"800\" src=\"https:\/\/voyagedelabaleine.fr\/wp-content\/uploads\/2025\/11\/attache-tetine-bleu-1-600x800.jpg\" class=\"woo-entry-image-secondary\" alt=\"Catenella portaciuccio vichy &#8211; Blu\" itemprop=\"image\" srcset=\"https:\/\/voyagedelabaleine.fr\/wp-content\/uploads\/2025\/11\/attache-tetine-bleu-1-600x800.jpg 600w, https:\/\/voyagedelabaleine.fr\/wp-content\/uploads\/2025\/11\/attache-tetine-bleu-1-225x300.jpg 225w, https:\/\/voyagedelabaleine.fr\/wp-content\/uploads\/2025\/11\/attache-tetine-bleu-1-768x1024.jpg 768w, https:\/\/voyagedelabaleine.fr\/wp-content\/uploads\/2025\/11\/attache-tetine-bleu-1-1152x1536.jpg 1152w, https:\/\/voyagedelabaleine.fr\/wp-content\/uploads\/2025\/11\/attache-tetine-bleu-1-scaled.jpg 1536w\" sizes=\"(max-width: 600px) 100vw, 600px\" \/><\/a>\t<\/div><!-- .woo-entry-image-swap -->\n\n<ul class=\"woo-entry-inner clr\"><li class=\"image-wrap\">\n\t<div class=\"woo-entry-image-swap woo-entry-image clr\">\n\t\t<a href=\"https:\/\/voyagedelabaleine.fr\/it\/prodotto\/catenella-portaciuccio-vichy-blu\/\" class=\"woocommerce-LoopProduct-link\"><img decoding=\"async\" width=\"600\" height=\"800\" src=\"https:\/\/voyagedelabaleine.fr\/wp-content\/uploads\/2025\/11\/attache-tetine-bleu-600x800.jpg\" class=\"woo-entry-image-main\" alt=\"Catenella portaciuccio vichy &#8211; Blu\" itemprop=\"image\" srcset=\"https:\/\/voyagedelabaleine.fr\/wp-content\/uploads\/2025\/11\/attache-tetine-bleu-600x800.jpg 600w, https:\/\/voyagedelabaleine.fr\/wp-content\/uploads\/2025\/11\/attache-tetine-bleu-225x300.jpg 225w, https:\/\/voyagedelabaleine.fr\/wp-content\/uploads\/2025\/11\/attache-tetine-bleu-768x1024.jpg 768w, https:\/\/voyagedelabaleine.fr\/wp-content\/uploads\/2025\/11\/attache-tetine-bleu-1152x1536.jpg 1152w, https:\/\/voyagedelabaleine.fr\/wp-content\/uploads\/2025\/11\/attache-tetine-bleu-scaled.jpg 1536w\" sizes=\"(max-width: 600px) 100vw, 600px\" \/><img decoding=\"async\" width=\"600\" height=\"800\" src=\"https:\/\/voyagedelabaleine.fr\/wp-content\/uploads\/2025\/11\/attache-tetine-bleu-1-600x800.jpg\" class=\"woo-entry-image-secondary\" alt=\"Catenella portaciuccio vichy &#8211; Blu\" itemprop=\"image\" srcset=\"https:\/\/voyagedelabaleine.fr\/wp-content\/uploads\/2025\/11\/attache-tetine-bleu-1-600x800.jpg 600w, https:\/\/voyagedelabaleine.fr\/wp-content\/uploads\/2025\/11\/attache-tetine-bleu-1-225x300.jpg 225w, https:\/\/voyagedelabaleine.fr\/wp-content\/uploads\/2025\/11\/attache-tetine-bleu-1-768x1024.jpg 768w, https:\/\/voyagedelabaleine.fr\/wp-content\/uploads\/2025\/11\/attache-tetine-bleu-1-1152x1536.jpg 1152w, https:\/\/voyagedelabaleine.fr\/wp-content\/uploads\/2025\/11\/attache-tetine-bleu-1-scaled.jpg 1536w\" sizes=\"(max-width: 600px) 100vw, 600px\" \/><\/a>\t<\/div><!-- .woo-entry-image-swap -->\n\n<\/li><li class=\"title\"><h2><a href=\"https:\/\/voyagedelabaleine.fr\/it\/prodotto\/catenella-portaciuccio-vichy-blu\/\">Catenella portaciuccio vichy &#8211; Blu<\/a><\/h2><\/li><li class=\"price-wrap\">\n\t<span class=\"price\"><span class=\"woocommerce-Price-amount amount\"><bdi>12<span class=\"woocommerce-Price-currencySymbol\">&euro;<\/span><\/bdi><\/span><\/span>\n<\/li><\/ul><\/div><!-- .product-inner .clr --><\/li>\n<li class=\"entry has-media col span_1_of_3 owp-content-center owp-thumbs-layout-vertical owp-btn-big owp-tabs-layout-vertical circle-sale product type-product post-28864 status-publish instock product_cat-accessori-nascita-ragazza product_cat-accessori-nascita-ragazzo product_cat-accessori-nascita product_cat-accessori-neonata product_cat-accessori-neonati product_cat-accessori-neonato has-post-thumbnail taxable shipping-taxable purchasable product-type-variable has-default-attributes\">\n\t<div class=\"product-inner clr\">\n\t<div class=\"woo-entry-image-swap woo-entry-image clr\">\n\t\t<a href=\"https:\/\/voyagedelabaleine.fr\/it\/prodotto\/bavaglino-bandana-set-da-2-blu-personalizzabile\/\" class=\"woocommerce-LoopProduct-link\"><img decoding=\"async\" width=\"600\" height=\"800\" src=\"https:\/\/voyagedelabaleine.fr\/wp-content\/uploads\/2025\/11\/bavoir-bandana-bleu-600x800.jpg\" class=\"woo-entry-image-main\" alt=\"Bavaglino bandana (set da 2) &#8211; Blu &#8211; Personalizzabile\" itemprop=\"image\" srcset=\"https:\/\/voyagedelabaleine.fr\/wp-content\/uploads\/2025\/11\/bavoir-bandana-bleu-600x800.jpg 600w, https:\/\/voyagedelabaleine.fr\/wp-content\/uploads\/2025\/11\/bavoir-bandana-bleu-225x300.jpg 225w, https:\/\/voyagedelabaleine.fr\/wp-content\/uploads\/2025\/11\/bavoir-bandana-bleu-768x1024.jpg 768w, https:\/\/voyagedelabaleine.fr\/wp-content\/uploads\/2025\/11\/bavoir-bandana-bleu.jpg 855w\" sizes=\"(max-width: 600px) 100vw, 600px\" \/><img decoding=\"async\" width=\"600\" height=\"800\" src=\"https:\/\/voyagedelabaleine.fr\/wp-content\/uploads\/2025\/11\/bavoir-bandana-bleu-1-600x800.jpg\" class=\"woo-entry-image-secondary\" alt=\"Bavaglino bandana (set da 2) &#8211; Blu &#8211; Personalizzabile\" itemprop=\"image\" srcset=\"https:\/\/voyagedelabaleine.fr\/wp-content\/uploads\/2025\/11\/bavoir-bandana-bleu-1-600x799.jpg 600w, https:\/\/voyagedelabaleine.fr\/wp-content\/uploads\/2025\/11\/bavoir-bandana-bleu-1-225x300.jpg 225w, https:\/\/voyagedelabaleine.fr\/wp-content\/uploads\/2025\/11\/bavoir-bandana-bleu-1.jpg 629w\" sizes=\"(max-width: 600px) 100vw, 600px\" \/><\/a>\t<\/div><!-- .woo-entry-image-swap -->\n\n<ul class=\"woo-entry-inner clr\"><li class=\"image-wrap\">\n\t<div class=\"woo-entry-image-swap woo-entry-image clr\">\n\t\t<a href=\"https:\/\/voyagedelabaleine.fr\/it\/prodotto\/bavaglino-bandana-set-da-2-blu-personalizzabile\/\" class=\"woocommerce-LoopProduct-link\"><img decoding=\"async\" width=\"600\" height=\"800\" src=\"https:\/\/voyagedelabaleine.fr\/wp-content\/uploads\/2025\/11\/bavoir-bandana-bleu-600x800.jpg\" class=\"woo-entry-image-main\" alt=\"Bavaglino bandana (set da 2) &#8211; Blu &#8211; Personalizzabile\" itemprop=\"image\" srcset=\"https:\/\/voyagedelabaleine.fr\/wp-content\/uploads\/2025\/11\/bavoir-bandana-bleu-600x800.jpg 600w, https:\/\/voyagedelabaleine.fr\/wp-content\/uploads\/2025\/11\/bavoir-bandana-bleu-225x300.jpg 225w, https:\/\/voyagedelabaleine.fr\/wp-content\/uploads\/2025\/11\/bavoir-bandana-bleu-768x1024.jpg 768w, https:\/\/voyagedelabaleine.fr\/wp-content\/uploads\/2025\/11\/bavoir-bandana-bleu.jpg 855w\" sizes=\"(max-width: 600px) 100vw, 600px\" \/><img decoding=\"async\" width=\"600\" height=\"800\" src=\"https:\/\/voyagedelabaleine.fr\/wp-content\/uploads\/2025\/11\/bavoir-bandana-bleu-1-600x800.jpg\" class=\"woo-entry-image-secondary\" alt=\"Bavaglino bandana (set da 2) &#8211; Blu &#8211; Personalizzabile\" itemprop=\"image\" srcset=\"https:\/\/voyagedelabaleine.fr\/wp-content\/uploads\/2025\/11\/bavoir-bandana-bleu-1-600x799.jpg 600w, https:\/\/voyagedelabaleine.fr\/wp-content\/uploads\/2025\/11\/bavoir-bandana-bleu-1-225x300.jpg 225w, https:\/\/voyagedelabaleine.fr\/wp-content\/uploads\/2025\/11\/bavoir-bandana-bleu-1.jpg 629w\" sizes=\"(max-width: 600px) 100vw, 600px\" \/><\/a>\t<\/div><!-- .woo-entry-image-swap -->\n\n<\/li><li class=\"title\"><h2><a href=\"https:\/\/voyagedelabaleine.fr\/it\/prodotto\/bavaglino-bandana-set-da-2-blu-personalizzabile\/\">Bavaglino bandana (set da 2) &#8211; Blu &#8211; Personalizzabile<\/a><\/h2><\/li><li class=\"price-wrap\">\n\t<span class=\"price\"><span class=\"woocommerce-Price-amount amount\" aria-hidden=\"true\"><bdi>14<span class=\"woocommerce-Price-currencySymbol\">&euro;<\/span><\/bdi><\/span> <span aria-hidden=\"true\">-<\/span> <span class=\"woocommerce-Price-amount amount\" aria-hidden=\"true\"><bdi>28<span class=\"woocommerce-Price-currencySymbol\">&euro;<\/span><\/bdi><\/span><span class=\"screen-reader-text\">Fascia di prezzo: da 14&euro; a 28&euro;<\/span><\/span>\n<\/li><\/ul><\/div><!-- .product-inner .clr --><\/li>\n<li class=\"entry has-media col span_1_of_3 owp-content-center owp-thumbs-layout-vertical owp-btn-big owp-tabs-layout-vertical circle-sale product type-product post-28904 status-publish last instock product_cat-accessori-nascita-ragazza product_cat-accessori-nascita-ragazzo product_cat-accessori-nascita product_cat-accessori-neonata product_cat-accessori-neonati product_cat-accessori-neonato has-post-thumbnail taxable shipping-taxable purchasable product-type-variable has-default-attributes\">\n\t<div class=\"product-inner clr\">\n\t<div class=\"woo-entry-image-swap woo-entry-image clr\">\n\t\t<a href=\"https:\/\/voyagedelabaleine.fr\/it\/prodotto\/poncho-da-bagno-neonato-bambino-e-guanto-da-bagno-blu-personalizzabile\/\" class=\"woocommerce-LoopProduct-link\"><img decoding=\"async\" width=\"600\" height=\"800\" src=\"https:\/\/voyagedelabaleine.fr\/wp-content\/uploads\/2025\/11\/cape-bain-bebe-bleu-1-600x800.jpg\" class=\"woo-entry-image-main\" alt=\"Poncho da bagno neonato\/bambino e guanto da bagno &#8211; Blu &#8211; Personalizzabile\" itemprop=\"image\" srcset=\"https:\/\/voyagedelabaleine.fr\/wp-content\/uploads\/2025\/11\/cape-bain-bebe-bleu-1-600x800.jpg 600w, https:\/\/voyagedelabaleine.fr\/wp-content\/uploads\/2025\/11\/cape-bain-bebe-bleu-1-225x300.jpg 225w, https:\/\/voyagedelabaleine.fr\/wp-content\/uploads\/2025\/11\/cape-bain-bebe-bleu-1-768x1024.jpg 768w, https:\/\/voyagedelabaleine.fr\/wp-content\/uploads\/2025\/11\/cape-bain-bebe-bleu-1-1152x1536.jpg 1152w, https:\/\/voyagedelabaleine.fr\/wp-content\/uploads\/2025\/11\/cape-bain-bebe-bleu-1-scaled.jpg 1536w\" sizes=\"(max-width: 600px) 100vw, 600px\" \/><img decoding=\"async\" width=\"600\" height=\"800\" src=\"https:\/\/voyagedelabaleine.fr\/wp-content\/uploads\/2025\/11\/cape-bain-bebe-bleu-2-600x800.jpg\" class=\"woo-entry-image-secondary\" alt=\"Poncho da bagno neonato\/bambino e guanto da bagno &#8211; Blu &#8211; Personalizzabile\" itemprop=\"image\" srcset=\"https:\/\/voyagedelabaleine.fr\/wp-content\/uploads\/2025\/11\/cape-bain-bebe-bleu-2-600x800.jpg 600w, https:\/\/voyagedelabaleine.fr\/wp-content\/uploads\/2025\/11\/cape-bain-bebe-bleu-2-225x300.jpg 225w, https:\/\/voyagedelabaleine.fr\/wp-content\/uploads\/2025\/11\/cape-bain-bebe-bleu-2-768x1024.jpg 768w, https:\/\/voyagedelabaleine.fr\/wp-content\/uploads\/2025\/11\/cape-bain-bebe-bleu-2-1152x1536.jpg 1152w, https:\/\/voyagedelabaleine.fr\/wp-content\/uploads\/2025\/11\/cape-bain-bebe-bleu-2-scaled.jpg 1536w\" sizes=\"(max-width: 600px) 100vw, 600px\" \/><\/a>\t<\/div><!-- .woo-entry-image-swap -->\n\n<ul class=\"woo-entry-inner clr\"><li class=\"image-wrap\">\n\t<div class=\"woo-entry-image-swap woo-entry-image clr\">\n\t\t<a href=\"https:\/\/voyagedelabaleine.fr\/it\/prodotto\/poncho-da-bagno-neonato-bambino-e-guanto-da-bagno-blu-personalizzabile\/\" class=\"woocommerce-LoopProduct-link\"><img decoding=\"async\" width=\"600\" height=\"800\" src=\"https:\/\/voyagedelabaleine.fr\/wp-content\/uploads\/2025\/11\/cape-bain-bebe-bleu-1-600x800.jpg\" class=\"woo-entry-image-main\" alt=\"Poncho da bagno neonato\/bambino e guanto da bagno &#8211; Blu &#8211; Personalizzabile\" itemprop=\"image\" srcset=\"https:\/\/voyagedelabaleine.fr\/wp-content\/uploads\/2025\/11\/cape-bain-bebe-bleu-1-600x800.jpg 600w, https:\/\/voyagedelabaleine.fr\/wp-content\/uploads\/2025\/11\/cape-bain-bebe-bleu-1-225x300.jpg 225w, https:\/\/voyagedelabaleine.fr\/wp-content\/uploads\/2025\/11\/cape-bain-bebe-bleu-1-768x1024.jpg 768w, https:\/\/voyagedelabaleine.fr\/wp-content\/uploads\/2025\/11\/cape-bain-bebe-bleu-1-1152x1536.jpg 1152w, https:\/\/voyagedelabaleine.fr\/wp-content\/uploads\/2025\/11\/cape-bain-bebe-bleu-1-scaled.jpg 1536w\" sizes=\"(max-width: 600px) 100vw, 600px\" \/><img decoding=\"async\" width=\"600\" height=\"800\" src=\"https:\/\/voyagedelabaleine.fr\/wp-content\/uploads\/2025\/11\/cape-bain-bebe-bleu-2-600x800.jpg\" class=\"woo-entry-image-secondary\" alt=\"Poncho da bagno neonato\/bambino e guanto da bagno &#8211; Blu &#8211; Personalizzabile\" itemprop=\"image\" srcset=\"https:\/\/voyagedelabaleine.fr\/wp-content\/uploads\/2025\/11\/cape-bain-bebe-bleu-2-600x800.jpg 600w, https:\/\/voyagedelabaleine.fr\/wp-content\/uploads\/2025\/11\/cape-bain-bebe-bleu-2-225x300.jpg 225w, https:\/\/voyagedelabaleine.fr\/wp-content\/uploads\/2025\/11\/cape-bain-bebe-bleu-2-768x1024.jpg 768w, https:\/\/voyagedelabaleine.fr\/wp-content\/uploads\/2025\/11\/cape-bain-bebe-bleu-2-1152x1536.jpg 1152w, https:\/\/voyagedelabaleine.fr\/wp-content\/uploads\/2025\/11\/cape-bain-bebe-bleu-2-scaled.jpg 1536w\" sizes=\"(max-width: 600px) 100vw, 600px\" \/><\/a>\t<\/div><!-- .woo-entry-image-swap -->\n\n<\/li><li class=\"title\"><h2><a href=\"https:\/\/voyagedelabaleine.fr\/it\/prodotto\/poncho-da-bagno-neonato-bambino-e-guanto-da-bagno-blu-personalizzabile\/\">Poncho da bagno neonato\/bambino e guanto da bagno &#8211; Blu &#8211; Personalizzabile<\/a><\/h2><\/li><li class=\"price-wrap\">\n\t<span class=\"price\"><span class=\"woocommerce-Price-amount amount\" aria-hidden=\"true\"><bdi>36<span class=\"woocommerce-Price-currencySymbol\">&euro;<\/span><\/bdi><\/span> <span aria-hidden=\"true\">-<\/span> <span class=\"woocommerce-Price-amount amount\" aria-hidden=\"true\"><bdi>52<span class=\"woocommerce-Price-currencySymbol\">&euro;<\/span><\/bdi><\/span><span class=\"screen-reader-text\">Fascia di prezzo: da 36&euro; a 52&euro;<\/span><\/span>\n<\/li><\/ul><\/div><!-- .product-inner .clr --><\/li>\n<\/ul>\n<\/div><\/div>\n\t\t\t\t\t\t<\/div>\n\t\t\t\t<\/div>\n\t\t<div class=\"elementor-element elementor-element-89fb037 e-con-full e-flex e-con e-parent\" data-id=\"89fb037\" data-element_type=\"container\" data-e-type=\"container\">\n\t\t\t\t<div class=\"elementor-element elementor-element-7a1da1f elementor-widget-divider--separator-type-pattern elementor-widget-divider--view-line elementor-widget elementor-widget-divider\" data-id=\"7a1da1f\" data-element_type=\"widget\" data-e-type=\"widget\" data-widget_type=\"divider.default\">\n\t\t\t\t\t\t\t<div class=\"elementor-divider\" style=\"--divider-pattern-url: url(&quot;data:image\/svg+xml,%3Csvg xmlns=&#039;http:\/\/www.w3.org\/2000\/svg&#039; preserveAspectRatio=&#039;none&#039; overflow=&#039;visible&#039; height=&#039;100%&#039; viewBox=&#039;0 0 24 24&#039; fill=&#039;black&#039; stroke=&#039;none&#039;%3E%3Cpath d=&#039;M12.7,2.3c-0.4-0.4-1.1-0.4-1.5,0l-8,9.1c-0.3,0.4-0.3,0.9,0,1.2l8,9.1c0.4,0.4,1.1,0.4,1.5,0l8-9.1c0.3-0.4,0.3-0.9,0-1.2L12.7,2.3z&#039;\/%3E%3C\/svg%3E&quot;);\">\n\t\t\t<span class=\"elementor-divider-separator\">\n\t\t\t\t\t\t<\/span>\n\t\t<\/div>\n\t\t\t\t\t\t<\/div>\n\t\t\t\t<div class=\"elementor-element elementor-element-9c178cd elementor-widget elementor-widget-shortcode\" data-id=\"9c178cd\" data-element_type=\"widget\" data-e-type=\"widget\" data-widget_type=\"shortcode.default\">\n\t\t\t\t\t\t\t<div class=\"elementor-shortcode\"><div class=\"woocommerce columns-3 \">\r\n<ul class=\"products oceanwp-row clr grid tablet-col tablet-2-col mobile-col mobile-2-col\">\r\n<li class=\"entry has-media col span_1_of_3 owp-content-center owp-thumbs-layout-vertical owp-btn-big owp-tabs-layout-vertical circle-sale product type-product post-30351 status-publish first instock product_cat-accessori-nascita-ragazza product_cat-accessori-nascita-ragazzo product_cat-accessori-nascita product_cat-accessori-neonata product_cat-accessori-neonati product_cat-accessori-neonato has-post-thumbnail taxable shipping-taxable purchasable product-type-variable has-default-attributes\">\n\t<div class=\"product-inner clr\">\n\t<div class=\"woo-entry-image-swap woo-entry-image clr\">\n\t\t<a href=\"https:\/\/voyagedelabaleine.fr\/it\/prodotto\/fermaciuccio-vichy-verde\/\" class=\"woocommerce-LoopProduct-link\"><img decoding=\"async\" width=\"600\" height=\"800\" src=\"https:\/\/voyagedelabaleine.fr\/wp-content\/uploads\/2025\/11\/attache-tetine-vert-600x800.jpg\" class=\"woo-entry-image-main\" alt=\"Fermaciuccio vichy &#8211; Verde\" itemprop=\"image\" srcset=\"https:\/\/voyagedelabaleine.fr\/wp-content\/uploads\/2025\/11\/attache-tetine-vert-600x800.jpg 600w, https:\/\/voyagedelabaleine.fr\/wp-content\/uploads\/2025\/11\/attache-tetine-vert-225x300.jpg 225w, https:\/\/voyagedelabaleine.fr\/wp-content\/uploads\/2025\/11\/attache-tetine-vert-768x1024.jpg 768w, https:\/\/voyagedelabaleine.fr\/wp-content\/uploads\/2025\/11\/attache-tetine-vert-1152x1536.jpg 1152w, https:\/\/voyagedelabaleine.fr\/wp-content\/uploads\/2025\/11\/attache-tetine-vert-scaled.jpg 1536w\" sizes=\"(max-width: 600px) 100vw, 600px\" \/><img decoding=\"async\" width=\"600\" height=\"800\" src=\"https:\/\/voyagedelabaleine.fr\/wp-content\/uploads\/2025\/11\/attache-tetine-vert-1-600x800.jpg\" class=\"woo-entry-image-secondary\" alt=\"Fermaciuccio vichy &#8211; Verde\" itemprop=\"image\" srcset=\"https:\/\/voyagedelabaleine.fr\/wp-content\/uploads\/2025\/11\/attache-tetine-vert-1-600x800.jpg 600w, https:\/\/voyagedelabaleine.fr\/wp-content\/uploads\/2025\/11\/attache-tetine-vert-1-225x300.jpg 225w, https:\/\/voyagedelabaleine.fr\/wp-content\/uploads\/2025\/11\/attache-tetine-vert-1-768x1023.jpg 768w, https:\/\/voyagedelabaleine.fr\/wp-content\/uploads\/2025\/11\/attache-tetine-vert-1-1153x1536.jpg 1153w, https:\/\/voyagedelabaleine.fr\/wp-content\/uploads\/2025\/11\/attache-tetine-vert-1-scaled.jpg 1537w\" sizes=\"(max-width: 600px) 100vw, 600px\" \/><\/a>\t<\/div><!-- .woo-entry-image-swap -->\n\n<ul class=\"woo-entry-inner clr\"><li class=\"image-wrap\">\n\t<div class=\"woo-entry-image-swap woo-entry-image clr\">\n\t\t<a href=\"https:\/\/voyagedelabaleine.fr\/it\/prodotto\/fermaciuccio-vichy-verde\/\" class=\"woocommerce-LoopProduct-link\"><img decoding=\"async\" width=\"600\" height=\"800\" src=\"https:\/\/voyagedelabaleine.fr\/wp-content\/uploads\/2025\/11\/attache-tetine-vert-600x800.jpg\" class=\"woo-entry-image-main\" alt=\"Fermaciuccio vichy &#8211; Verde\" itemprop=\"image\" srcset=\"https:\/\/voyagedelabaleine.fr\/wp-content\/uploads\/2025\/11\/attache-tetine-vert-600x800.jpg 600w, https:\/\/voyagedelabaleine.fr\/wp-content\/uploads\/2025\/11\/attache-tetine-vert-225x300.jpg 225w, https:\/\/voyagedelabaleine.fr\/wp-content\/uploads\/2025\/11\/attache-tetine-vert-768x1024.jpg 768w, https:\/\/voyagedelabaleine.fr\/wp-content\/uploads\/2025\/11\/attache-tetine-vert-1152x1536.jpg 1152w, https:\/\/voyagedelabaleine.fr\/wp-content\/uploads\/2025\/11\/attache-tetine-vert-scaled.jpg 1536w\" sizes=\"(max-width: 600px) 100vw, 600px\" \/><img decoding=\"async\" width=\"600\" height=\"800\" src=\"https:\/\/voyagedelabaleine.fr\/wp-content\/uploads\/2025\/11\/attache-tetine-vert-1-600x800.jpg\" class=\"woo-entry-image-secondary\" alt=\"Fermaciuccio vichy &#8211; Verde\" itemprop=\"image\" srcset=\"https:\/\/voyagedelabaleine.fr\/wp-content\/uploads\/2025\/11\/attache-tetine-vert-1-600x800.jpg 600w, https:\/\/voyagedelabaleine.fr\/wp-content\/uploads\/2025\/11\/attache-tetine-vert-1-225x300.jpg 225w, https:\/\/voyagedelabaleine.fr\/wp-content\/uploads\/2025\/11\/attache-tetine-vert-1-768x1023.jpg 768w, https:\/\/voyagedelabaleine.fr\/wp-content\/uploads\/2025\/11\/attache-tetine-vert-1-1153x1536.jpg 1153w, https:\/\/voyagedelabaleine.fr\/wp-content\/uploads\/2025\/11\/attache-tetine-vert-1-scaled.jpg 1537w\" sizes=\"(max-width: 600px) 100vw, 600px\" \/><\/a>\t<\/div><!-- .woo-entry-image-swap -->\n\n<\/li><li class=\"title\"><h2><a href=\"https:\/\/voyagedelabaleine.fr\/it\/prodotto\/fermaciuccio-vichy-verde\/\">Fermaciuccio vichy &#8211; Verde<\/a><\/h2><\/li><li class=\"price-wrap\">\n\t<span class=\"price\"><span class=\"woocommerce-Price-amount amount\"><bdi>12<span class=\"woocommerce-Price-currencySymbol\">&euro;<\/span><\/bdi><\/span><\/span>\n<\/li><\/ul><\/div><!-- .product-inner .clr --><\/li>\n<li class=\"entry has-media col span_1_of_3 owp-content-center owp-thumbs-layout-vertical owp-btn-big owp-tabs-layout-vertical circle-sale product type-product post-33172 status-publish instock product_cat-accessori-nascita-ragazza product_cat-accessori-nascita-ragazzo product_cat-accessori-nascita product_cat-accessori-neonata product_cat-accessori-neonati product_cat-accessori-neonato has-post-thumbnail taxable shipping-taxable purchasable product-type-variable has-default-attributes\">\n\t<div class=\"product-inner clr\">\n\t<div class=\"woo-entry-image-swap woo-entry-image clr\">\n\t\t<a href=\"https:\/\/voyagedelabaleine.fr\/it\/prodotto\/bavaglino-bandana-set-da-2-verde-personalizzabile\/\" class=\"woocommerce-LoopProduct-link\"><img decoding=\"async\" width=\"600\" height=\"800\" src=\"https:\/\/voyagedelabaleine.fr\/wp-content\/uploads\/2025\/11\/bavoir-bandana-vert-600x800.jpg\" class=\"woo-entry-image-main\" alt=\"Bavaglino bandana (set da 2) &#8211; Verde &#8211; Personalizzabile\" itemprop=\"image\" srcset=\"https:\/\/voyagedelabaleine.fr\/wp-content\/uploads\/2025\/11\/bavoir-bandana-vert-600x800.jpg 600w, https:\/\/voyagedelabaleine.fr\/wp-content\/uploads\/2025\/11\/bavoir-bandana-vert-225x300.jpg 225w, https:\/\/voyagedelabaleine.fr\/wp-content\/uploads\/2025\/11\/bavoir-bandana-vert-768x1024.jpg 768w, https:\/\/voyagedelabaleine.fr\/wp-content\/uploads\/2025\/11\/bavoir-bandana-vert-1152x1536.jpg 1152w, https:\/\/voyagedelabaleine.fr\/wp-content\/uploads\/2025\/11\/bavoir-bandana-vert-scaled.jpg 1536w\" sizes=\"(max-width: 600px) 100vw, 600px\" \/><img decoding=\"async\" width=\"600\" height=\"800\" src=\"https:\/\/voyagedelabaleine.fr\/wp-content\/uploads\/2025\/11\/bavoir-bandana-vert-1-600x800.jpg\" class=\"woo-entry-image-secondary\" alt=\"Bavaglino bandana (set da 2) &#8211; Verde &#8211; Personalizzabile\" itemprop=\"image\" srcset=\"https:\/\/voyagedelabaleine.fr\/wp-content\/uploads\/2025\/11\/bavoir-bandana-vert-1-600x800.jpg 600w, https:\/\/voyagedelabaleine.fr\/wp-content\/uploads\/2025\/11\/bavoir-bandana-vert-1-225x300.jpg 225w, https:\/\/voyagedelabaleine.fr\/wp-content\/uploads\/2025\/11\/bavoir-bandana-vert-1-768x1024.jpg 768w, https:\/\/voyagedelabaleine.fr\/wp-content\/uploads\/2025\/11\/bavoir-bandana-vert-1-1152x1536.jpg 1152w, https:\/\/voyagedelabaleine.fr\/wp-content\/uploads\/2025\/11\/bavoir-bandana-vert-1-scaled.jpg 1536w\" sizes=\"(max-width: 600px) 100vw, 600px\" \/><\/a>\t<\/div><!-- .woo-entry-image-swap -->\n\n<ul class=\"woo-entry-inner clr\"><li class=\"image-wrap\">\n\t<div class=\"woo-entry-image-swap woo-entry-image clr\">\n\t\t<a href=\"https:\/\/voyagedelabaleine.fr\/it\/prodotto\/bavaglino-bandana-set-da-2-verde-personalizzabile\/\" class=\"woocommerce-LoopProduct-link\"><img decoding=\"async\" width=\"600\" height=\"800\" src=\"https:\/\/voyagedelabaleine.fr\/wp-content\/uploads\/2025\/11\/bavoir-bandana-vert-600x800.jpg\" class=\"woo-entry-image-main\" alt=\"Bavaglino bandana (set da 2) &#8211; Verde &#8211; Personalizzabile\" itemprop=\"image\" srcset=\"https:\/\/voyagedelabaleine.fr\/wp-content\/uploads\/2025\/11\/bavoir-bandana-vert-600x800.jpg 600w, https:\/\/voyagedelabaleine.fr\/wp-content\/uploads\/2025\/11\/bavoir-bandana-vert-225x300.jpg 225w, https:\/\/voyagedelabaleine.fr\/wp-content\/uploads\/2025\/11\/bavoir-bandana-vert-768x1024.jpg 768w, https:\/\/voyagedelabaleine.fr\/wp-content\/uploads\/2025\/11\/bavoir-bandana-vert-1152x1536.jpg 1152w, https:\/\/voyagedelabaleine.fr\/wp-content\/uploads\/2025\/11\/bavoir-bandana-vert-scaled.jpg 1536w\" sizes=\"(max-width: 600px) 100vw, 600px\" \/><img decoding=\"async\" width=\"600\" height=\"800\" src=\"https:\/\/voyagedelabaleine.fr\/wp-content\/uploads\/2025\/11\/bavoir-bandana-vert-1-600x800.jpg\" class=\"woo-entry-image-secondary\" alt=\"Bavaglino bandana (set da 2) &#8211; Verde &#8211; Personalizzabile\" itemprop=\"image\" srcset=\"https:\/\/voyagedelabaleine.fr\/wp-content\/uploads\/2025\/11\/bavoir-bandana-vert-1-600x800.jpg 600w, https:\/\/voyagedelabaleine.fr\/wp-content\/uploads\/2025\/11\/bavoir-bandana-vert-1-225x300.jpg 225w, https:\/\/voyagedelabaleine.fr\/wp-content\/uploads\/2025\/11\/bavoir-bandana-vert-1-768x1024.jpg 768w, https:\/\/voyagedelabaleine.fr\/wp-content\/uploads\/2025\/11\/bavoir-bandana-vert-1-1152x1536.jpg 1152w, https:\/\/voyagedelabaleine.fr\/wp-content\/uploads\/2025\/11\/bavoir-bandana-vert-1-scaled.jpg 1536w\" sizes=\"(max-width: 600px) 100vw, 600px\" \/><\/a>\t<\/div><!-- .woo-entry-image-swap -->\n\n<\/li><li class=\"title\"><h2><a href=\"https:\/\/voyagedelabaleine.fr\/it\/prodotto\/bavaglino-bandana-set-da-2-verde-personalizzabile\/\">Bavaglino bandana (set da 2) &#8211; Verde &#8211; Personalizzabile<\/a><\/h2><\/li><li class=\"price-wrap\">\n\t<span class=\"price\"><span class=\"woocommerce-Price-amount amount\" aria-hidden=\"true\"><bdi>14<span class=\"woocommerce-Price-currencySymbol\">&euro;<\/span><\/bdi><\/span> <span aria-hidden=\"true\">-<\/span> <span class=\"woocommerce-Price-amount amount\" aria-hidden=\"true\"><bdi>28<span class=\"woocommerce-Price-currencySymbol\">&euro;<\/span><\/bdi><\/span><span class=\"screen-reader-text\">Fascia di prezzo: da 14&euro; a 28&euro;<\/span><\/span>\n<\/li><\/ul><\/div><!-- .product-inner .clr --><\/li>\n<li class=\"entry has-media col span_1_of_3 owp-content-center owp-thumbs-layout-vertical owp-btn-big owp-tabs-layout-vertical circle-sale product type-product post-28893 status-publish last instock product_cat-accessori-nascita-ragazza product_cat-accessori-nascita-ragazzo product_cat-accessori-nascita product_cat-accessori-neonata product_cat-accessori-neonati product_cat-accessori-neonato has-post-thumbnail taxable shipping-taxable purchasable product-type-variable has-default-attributes\">\n\t<div class=\"product-inner clr\">\n\t<div class=\"woo-entry-image-swap woo-entry-image clr\">\n\t\t<a href=\"https:\/\/voyagedelabaleine.fr\/it\/prodotto\/accappatoio-per-neonati-bambini-e-guanto-da-bagno-verde-personalizzabile\/\" class=\"woocommerce-LoopProduct-link\"><img decoding=\"async\" width=\"600\" height=\"800\" src=\"https:\/\/voyagedelabaleine.fr\/wp-content\/uploads\/2025\/11\/cape-bain-personnalise-2-600x800.jpg\" class=\"woo-entry-image-main\" alt=\"Accappatoio per neonati\/bambini e guanto da bagno &#8211; Verde &#8211; Personalizzabile\" itemprop=\"image\" srcset=\"https:\/\/voyagedelabaleine.fr\/wp-content\/uploads\/2025\/11\/cape-bain-personnalise-2-600x800.jpg 600w, https:\/\/voyagedelabaleine.fr\/wp-content\/uploads\/2025\/11\/cape-bain-personnalise-2-225x300.jpg 225w, https:\/\/voyagedelabaleine.fr\/wp-content\/uploads\/2025\/11\/cape-bain-personnalise-2-768x1024.jpg 768w, https:\/\/voyagedelabaleine.fr\/wp-content\/uploads\/2025\/11\/cape-bain-personnalise-2.jpg 1000w\" sizes=\"(max-width: 600px) 100vw, 600px\" \/><img decoding=\"async\" width=\"600\" height=\"800\" src=\"https:\/\/voyagedelabaleine.fr\/wp-content\/uploads\/2025\/11\/cape-bain-bebe-vert-600x800.jpg\" class=\"woo-entry-image-secondary\" alt=\"Accappatoio per neonati\/bambini e guanto da bagno &#8211; Verde &#8211; Personalizzabile\" itemprop=\"image\" srcset=\"https:\/\/voyagedelabaleine.fr\/wp-content\/uploads\/2025\/11\/cape-bain-bebe-vert-600x800.jpg 600w, https:\/\/voyagedelabaleine.fr\/wp-content\/uploads\/2025\/11\/cape-bain-bebe-vert-225x300.jpg 225w, https:\/\/voyagedelabaleine.fr\/wp-content\/uploads\/2025\/11\/cape-bain-bebe-vert-768x1024.jpg 768w, https:\/\/voyagedelabaleine.fr\/wp-content\/uploads\/2025\/11\/cape-bain-bebe-vert.jpg 900w\" sizes=\"(max-width: 600px) 100vw, 600px\" \/><\/a>\t<\/div><!-- .woo-entry-image-swap -->\n\n<ul class=\"woo-entry-inner clr\"><li class=\"image-wrap\">\n\t<div class=\"woo-entry-image-swap woo-entry-image clr\">\n\t\t<a href=\"https:\/\/voyagedelabaleine.fr\/it\/prodotto\/accappatoio-per-neonati-bambini-e-guanto-da-bagno-verde-personalizzabile\/\" class=\"woocommerce-LoopProduct-link\"><img decoding=\"async\" width=\"600\" height=\"800\" src=\"https:\/\/voyagedelabaleine.fr\/wp-content\/uploads\/2025\/11\/cape-bain-personnalise-2-600x800.jpg\" class=\"woo-entry-image-main\" alt=\"Accappatoio per neonati\/bambini e guanto da bagno &#8211; Verde &#8211; Personalizzabile\" itemprop=\"image\" srcset=\"https:\/\/voyagedelabaleine.fr\/wp-content\/uploads\/2025\/11\/cape-bain-personnalise-2-600x800.jpg 600w, https:\/\/voyagedelabaleine.fr\/wp-content\/uploads\/2025\/11\/cape-bain-personnalise-2-225x300.jpg 225w, https:\/\/voyagedelabaleine.fr\/wp-content\/uploads\/2025\/11\/cape-bain-personnalise-2-768x1024.jpg 768w, https:\/\/voyagedelabaleine.fr\/wp-content\/uploads\/2025\/11\/cape-bain-personnalise-2.jpg 1000w\" sizes=\"(max-width: 600px) 100vw, 600px\" \/><img decoding=\"async\" width=\"600\" height=\"800\" src=\"https:\/\/voyagedelabaleine.fr\/wp-content\/uploads\/2025\/11\/cape-bain-bebe-vert-600x800.jpg\" class=\"woo-entry-image-secondary\" alt=\"Accappatoio per neonati\/bambini e guanto da bagno &#8211; Verde &#8211; Personalizzabile\" itemprop=\"image\" srcset=\"https:\/\/voyagedelabaleine.fr\/wp-content\/uploads\/2025\/11\/cape-bain-bebe-vert-600x800.jpg 600w, https:\/\/voyagedelabaleine.fr\/wp-content\/uploads\/2025\/11\/cape-bain-bebe-vert-225x300.jpg 225w, https:\/\/voyagedelabaleine.fr\/wp-content\/uploads\/2025\/11\/cape-bain-bebe-vert-768x1024.jpg 768w, https:\/\/voyagedelabaleine.fr\/wp-content\/uploads\/2025\/11\/cape-bain-bebe-vert.jpg 900w\" sizes=\"(max-width: 600px) 100vw, 600px\" \/><\/a>\t<\/div><!-- .woo-entry-image-swap -->\n\n<\/li><li class=\"title\"><h2><a href=\"https:\/\/voyagedelabaleine.fr\/it\/prodotto\/accappatoio-per-neonati-bambini-e-guanto-da-bagno-verde-personalizzabile\/\">Accappatoio per neonati\/bambini e guanto da bagno &#8211; Verde &#8211; Personalizzabile<\/a><\/h2><\/li><li class=\"price-wrap\">\n\t<span class=\"price\"><span class=\"woocommerce-Price-amount amount\" aria-hidden=\"true\"><bdi>36<span class=\"woocommerce-Price-currencySymbol\">&euro;<\/span><\/bdi><\/span> <span aria-hidden=\"true\">-<\/span> <span class=\"woocommerce-Price-amount amount\" aria-hidden=\"true\"><bdi>52<span class=\"woocommerce-Price-currencySymbol\">&euro;<\/span><\/bdi><\/span><span class=\"screen-reader-text\">Fascia di prezzo: da 36&euro; a 52&euro;<\/span><\/span>\n<\/li><\/ul><\/div><!-- .product-inner .clr --><\/li>\n<\/ul>\n<\/div><\/div>\n\t\t\t\t\t\t<\/div>\n\t\t\t\t<\/div>\n\t\t<div class=\"elementor-element elementor-element-1331739 e-con-full e-flex e-con e-parent\" data-id=\"1331739\" data-element_type=\"container\" data-e-type=\"container\">\n\t\t\t\t<div class=\"elementor-element elementor-element-e36026b elementor-widget-divider--separator-type-pattern elementor-widget-divider--view-line elementor-widget elementor-widget-divider\" data-id=\"e36026b\" data-element_type=\"widget\" data-e-type=\"widget\" data-widget_type=\"divider.default\">\n\t\t\t\t\t\t\t<div class=\"elementor-divider\" style=\"--divider-pattern-url: url(&quot;data:image\/svg+xml,%3Csvg xmlns=&#039;http:\/\/www.w3.org\/2000\/svg&#039; preserveAspectRatio=&#039;none&#039; overflow=&#039;visible&#039; height=&#039;100%&#039; viewBox=&#039;0 0 24 24&#039; fill=&#039;black&#039; stroke=&#039;none&#039;%3E%3Cpath d=&#039;M12.7,2.3c-0.4-0.4-1.1-0.4-1.5,0l-8,9.1c-0.3,0.4-0.3,0.9,0,1.2l8,9.1c0.4,0.4,1.1,0.4,1.5,0l8-9.1c0.3-0.4,0.3-0.9,0-1.2L12.7,2.3z&#039;\/%3E%3C\/svg%3E&quot;);\">\n\t\t\t<span class=\"elementor-divider-separator\">\n\t\t\t\t\t\t<\/span>\n\t\t<\/div>\n\t\t\t\t\t\t<\/div>\n\t\t\t\t<div class=\"elementor-element elementor-element-9fce4c7 elementor-widget elementor-widget-shortcode\" data-id=\"9fce4c7\" data-element_type=\"widget\" data-e-type=\"widget\" data-widget_type=\"shortcode.default\">\n\t\t\t\t\t\t\t<div class=\"elementor-shortcode\"><div class=\"woocommerce columns-4 \">\r\n<ul class=\"products oceanwp-row clr grid tablet-col tablet-2-col mobile-col mobile-2-col\">\r\n<li class=\"entry has-media col span_1_of_4 owp-content-center owp-thumbs-layout-vertical owp-btn-big owp-tabs-layout-vertical circle-sale product type-product post-32693 status-publish first instock product_cat-abbigliamento product_cat-bloomer-short-pantaloni-nascita product_cat-bloomer-short-pantaloni-nascita-ragazzo product_cat-bloomer-short-pantaloni-neonati product_cat-bloomer-short-pantaloni-neonato has-post-thumbnail taxable shipping-taxable purchasable product-type-variable has-default-attributes\">\n\t<div class=\"product-inner clr\">\n\t<div class=\"woo-entry-image-swap woo-entry-image clr\">\n\t\t<a href=\"https:\/\/voyagedelabaleine.fr\/it\/prodotto\/bloomer-neonato-vichy-bordeaux\/\" class=\"woocommerce-LoopProduct-link\"><img decoding=\"async\" width=\"600\" height=\"800\" src=\"https:\/\/voyagedelabaleine.fr\/wp-content\/uploads\/2025\/03\/bloomer-bebe-garcon-vichy-bordeaux-600x800.jpg\" class=\"woo-entry-image-main\" alt=\"Bloomer neonato vichy &#8211; Bordeaux\" itemprop=\"image\" srcset=\"https:\/\/voyagedelabaleine.fr\/wp-content\/uploads\/2025\/03\/bloomer-bebe-garcon-vichy-bordeaux-600x800.jpg 600w, https:\/\/voyagedelabaleine.fr\/wp-content\/uploads\/2025\/03\/bloomer-bebe-garcon-vichy-bordeaux-225x300.jpg 225w, https:\/\/voyagedelabaleine.fr\/wp-content\/uploads\/2025\/03\/bloomer-bebe-garcon-vichy-bordeaux-768x1024.jpg 768w, https:\/\/voyagedelabaleine.fr\/wp-content\/uploads\/2025\/03\/bloomer-bebe-garcon-vichy-bordeaux.jpg 931w\" sizes=\"(max-width: 600px) 100vw, 600px\" \/><img decoding=\"async\" width=\"600\" height=\"800\" src=\"https:\/\/voyagedelabaleine.fr\/wp-content\/uploads\/2025\/03\/bloomer-bebe-garcon-vichy-bordeaux-2-600x800.jpg\" class=\"woo-entry-image-secondary\" alt=\"Bloomer neonato vichy &#8211; Bordeaux\" itemprop=\"image\" srcset=\"https:\/\/voyagedelabaleine.fr\/wp-content\/uploads\/2025\/03\/bloomer-bebe-garcon-vichy-bordeaux-2-600x800.jpg 600w, https:\/\/voyagedelabaleine.fr\/wp-content\/uploads\/2025\/03\/bloomer-bebe-garcon-vichy-bordeaux-2-225x300.jpg 225w, https:\/\/voyagedelabaleine.fr\/wp-content\/uploads\/2025\/03\/bloomer-bebe-garcon-vichy-bordeaux-2-768x1024.jpg 768w, https:\/\/voyagedelabaleine.fr\/wp-content\/uploads\/2025\/03\/bloomer-bebe-garcon-vichy-bordeaux-2.jpg 1140w\" sizes=\"(max-width: 600px) 100vw, 600px\" \/><\/a>\t<\/div><!-- .woo-entry-image-swap -->\n\n<ul class=\"woo-entry-inner clr\"><li class=\"image-wrap\">\n\t<div class=\"woo-entry-image-swap woo-entry-image clr\">\n\t\t<a href=\"https:\/\/voyagedelabaleine.fr\/it\/prodotto\/bloomer-neonato-vichy-bordeaux\/\" class=\"woocommerce-LoopProduct-link\"><img decoding=\"async\" width=\"600\" height=\"800\" src=\"https:\/\/voyagedelabaleine.fr\/wp-content\/uploads\/2025\/03\/bloomer-bebe-garcon-vichy-bordeaux-600x800.jpg\" class=\"woo-entry-image-main\" alt=\"Bloomer neonato vichy &#8211; Bordeaux\" itemprop=\"image\" srcset=\"https:\/\/voyagedelabaleine.fr\/wp-content\/uploads\/2025\/03\/bloomer-bebe-garcon-vichy-bordeaux-600x800.jpg 600w, https:\/\/voyagedelabaleine.fr\/wp-content\/uploads\/2025\/03\/bloomer-bebe-garcon-vichy-bordeaux-225x300.jpg 225w, https:\/\/voyagedelabaleine.fr\/wp-content\/uploads\/2025\/03\/bloomer-bebe-garcon-vichy-bordeaux-768x1024.jpg 768w, https:\/\/voyagedelabaleine.fr\/wp-content\/uploads\/2025\/03\/bloomer-bebe-garcon-vichy-bordeaux.jpg 931w\" sizes=\"(max-width: 600px) 100vw, 600px\" \/><img decoding=\"async\" width=\"600\" height=\"800\" src=\"https:\/\/voyagedelabaleine.fr\/wp-content\/uploads\/2025\/03\/bloomer-bebe-garcon-vichy-bordeaux-2-600x800.jpg\" class=\"woo-entry-image-secondary\" alt=\"Bloomer neonato vichy &#8211; Bordeaux\" itemprop=\"image\" srcset=\"https:\/\/voyagedelabaleine.fr\/wp-content\/uploads\/2025\/03\/bloomer-bebe-garcon-vichy-bordeaux-2-600x800.jpg 600w, https:\/\/voyagedelabaleine.fr\/wp-content\/uploads\/2025\/03\/bloomer-bebe-garcon-vichy-bordeaux-2-225x300.jpg 225w, https:\/\/voyagedelabaleine.fr\/wp-content\/uploads\/2025\/03\/bloomer-bebe-garcon-vichy-bordeaux-2-768x1024.jpg 768w, https:\/\/voyagedelabaleine.fr\/wp-content\/uploads\/2025\/03\/bloomer-bebe-garcon-vichy-bordeaux-2.jpg 1140w\" sizes=\"(max-width: 600px) 100vw, 600px\" \/><\/a>\t<\/div><!-- .woo-entry-image-swap -->\n\n<\/li><li class=\"title\"><h2><a href=\"https:\/\/voyagedelabaleine.fr\/it\/prodotto\/bloomer-neonato-vichy-bordeaux\/\">Bloomer neonato vichy &#8211; Bordeaux<\/a><\/h2><\/li><li class=\"price-wrap\">\n\t<span class=\"price\"><span class=\"woocommerce-Price-amount amount\"><bdi>28<span class=\"woocommerce-Price-currencySymbol\">&euro;<\/span><\/bdi><\/span><\/span>\n<\/li><\/ul><\/div><!-- .product-inner .clr --><\/li>\n<li class=\"entry has-media col span_1_of_4 owp-content-center owp-thumbs-layout-vertical owp-btn-big owp-tabs-layout-vertical circle-sale product type-product post-34223 status-publish instock product_cat-abbigliamento product_cat-maglione-gilet-cardigan-bambina product_cat-maglione-gilet-cardigan-bambini product_cat-maglione-gilet-cardigan-bambino product_cat-maglione-gilet-cardigan-neonata product_cat-maglione-gilet-cardigan-neonati product_cat-maglione-gilet-cardigan-neonato product_cat-ultima-occasione has-post-thumbnail taxable shipping-taxable purchasable product-type-variable has-default-attributes\">\n\t<div class=\"product-inner clr\">\n\t<div class=\"woo-entry-image-swap woo-entry-image clr\">\n\t\t<a href=\"https:\/\/voyagedelabaleine.fr\/it\/prodotto\/cardigan-neonato-blu-navy\/\" class=\"woocommerce-LoopProduct-link\"><img decoding=\"async\" width=\"600\" height=\"800\" src=\"https:\/\/voyagedelabaleine.fr\/wp-content\/uploads\/2025\/01\/cardigan-bebe-marine-2-scaled-600x800.jpg\" class=\"woo-entry-image-main\" alt=\"Cardigan neonato &#8211; Blu navy\" itemprop=\"image\" srcset=\"https:\/\/voyagedelabaleine.fr\/wp-content\/uploads\/2025\/01\/cardigan-bebe-marine-2-scaled-600x800.jpg 600w, https:\/\/voyagedelabaleine.fr\/wp-content\/uploads\/2025\/01\/cardigan-bebe-marine-2-scaled-225x300.jpg 225w, https:\/\/voyagedelabaleine.fr\/wp-content\/uploads\/2025\/01\/cardigan-bebe-marine-2-scaled-768x1024.jpg 768w, https:\/\/voyagedelabaleine.fr\/wp-content\/uploads\/2025\/01\/cardigan-bebe-marine-2-scaled-1152x1536.jpg 1152w, https:\/\/voyagedelabaleine.fr\/wp-content\/uploads\/2025\/01\/cardigan-bebe-marine-2-scaled.jpg 1536w\" sizes=\"(max-width: 600px) 100vw, 600px\" \/><img decoding=\"async\" width=\"600\" height=\"800\" src=\"https:\/\/voyagedelabaleine.fr\/wp-content\/uploads\/2025\/01\/cardigan-bebe-marine-600x800.jpg\" class=\"woo-entry-image-secondary\" alt=\"Cardigan neonato &#8211; Blu navy\" itemprop=\"image\" srcset=\"https:\/\/voyagedelabaleine.fr\/wp-content\/uploads\/2025\/01\/cardigan-bebe-marine-600x801.jpg 600w, https:\/\/voyagedelabaleine.fr\/wp-content\/uploads\/2025\/01\/cardigan-bebe-marine-225x300.jpg 225w, https:\/\/voyagedelabaleine.fr\/wp-content\/uploads\/2025\/01\/cardigan-bebe-marine.jpg 712w\" sizes=\"(max-width: 600px) 100vw, 600px\" \/><\/a>\t<\/div><!-- .woo-entry-image-swap -->\n\n<ul class=\"woo-entry-inner clr\"><li class=\"image-wrap\">\n\t<div class=\"woo-entry-image-swap woo-entry-image clr\">\n\t\t<a href=\"https:\/\/voyagedelabaleine.fr\/it\/prodotto\/cardigan-neonato-blu-navy\/\" class=\"woocommerce-LoopProduct-link\"><img decoding=\"async\" width=\"600\" height=\"800\" src=\"https:\/\/voyagedelabaleine.fr\/wp-content\/uploads\/2025\/01\/cardigan-bebe-marine-2-scaled-600x800.jpg\" class=\"woo-entry-image-main\" alt=\"Cardigan neonato &#8211; Blu navy\" itemprop=\"image\" srcset=\"https:\/\/voyagedelabaleine.fr\/wp-content\/uploads\/2025\/01\/cardigan-bebe-marine-2-scaled-600x800.jpg 600w, https:\/\/voyagedelabaleine.fr\/wp-content\/uploads\/2025\/01\/cardigan-bebe-marine-2-scaled-225x300.jpg 225w, https:\/\/voyagedelabaleine.fr\/wp-content\/uploads\/2025\/01\/cardigan-bebe-marine-2-scaled-768x1024.jpg 768w, https:\/\/voyagedelabaleine.fr\/wp-content\/uploads\/2025\/01\/cardigan-bebe-marine-2-scaled-1152x1536.jpg 1152w, https:\/\/voyagedelabaleine.fr\/wp-content\/uploads\/2025\/01\/cardigan-bebe-marine-2-scaled.jpg 1536w\" sizes=\"(max-width: 600px) 100vw, 600px\" \/><img decoding=\"async\" width=\"600\" height=\"800\" src=\"https:\/\/voyagedelabaleine.fr\/wp-content\/uploads\/2025\/01\/cardigan-bebe-marine-600x800.jpg\" class=\"woo-entry-image-secondary\" alt=\"Cardigan neonato &#8211; Blu navy\" itemprop=\"image\" srcset=\"https:\/\/voyagedelabaleine.fr\/wp-content\/uploads\/2025\/01\/cardigan-bebe-marine-600x801.jpg 600w, https:\/\/voyagedelabaleine.fr\/wp-content\/uploads\/2025\/01\/cardigan-bebe-marine-225x300.jpg 225w, https:\/\/voyagedelabaleine.fr\/wp-content\/uploads\/2025\/01\/cardigan-bebe-marine.jpg 712w\" sizes=\"(max-width: 600px) 100vw, 600px\" \/><\/a>\t<\/div><!-- .woo-entry-image-swap -->\n\n<\/li><li class=\"title\"><h2><a href=\"https:\/\/voyagedelabaleine.fr\/it\/prodotto\/cardigan-neonato-blu-navy\/\">Cardigan neonato &#8211; Blu navy<\/a><\/h2><\/li><li class=\"price-wrap\">\n\t<span class=\"price\"><span class=\"woocommerce-Price-amount amount\"><bdi>42<span class=\"woocommerce-Price-currencySymbol\">&euro;<\/span><\/bdi><\/span><\/span>\n<\/li><\/ul><\/div><!-- .product-inner .clr --><\/li>\n<li class=\"entry has-media has-rating col span_1_of_4 owp-content-center owp-thumbs-layout-vertical owp-btn-big owp-tabs-layout-vertical circle-sale product type-product post-29731 status-publish instock product_cat-body product_cat-body-nascita product_cat-body-nascita-ragazza product_cat-body-nascita-ragazzo product_cat-body-neonati product_cat-body-neonata product_cat-body-neonato product_tag-body has-post-thumbnail taxable shipping-taxable purchasable product-type-variable has-default-attributes\">\n\t<div class=\"product-inner clr\">\n\t<div class=\"woo-entry-image-swap woo-entry-image clr\">\n\t\t<a href=\"https:\/\/voyagedelabaleine.fr\/it\/prodotto\/body-neonato-a-maniche-lunghe-con-colletto-pique-bianco\/\" class=\"woocommerce-LoopProduct-link\"><img decoding=\"async\" width=\"600\" height=\"800\" src=\"https:\/\/voyagedelabaleine.fr\/wp-content\/uploads\/2023\/10\/body-col-pique-1-600x800.jpg\" class=\"woo-entry-image-main\" alt=\"Body neonato a maniche lunghe con colletto piqu\u00e9 &#8211; Bianco\" itemprop=\"image\" srcset=\"https:\/\/voyagedelabaleine.fr\/wp-content\/uploads\/2023\/10\/body-col-pique-1-600x800.jpg 600w, https:\/\/voyagedelabaleine.fr\/wp-content\/uploads\/2023\/10\/body-col-pique-1-225x300.jpg 225w, https:\/\/voyagedelabaleine.fr\/wp-content\/uploads\/2023\/10\/body-col-pique-1-768x1024.jpg 768w, https:\/\/voyagedelabaleine.fr\/wp-content\/uploads\/2023\/10\/body-col-pique-1.jpg 900w\" sizes=\"(max-width: 600px) 100vw, 600px\" \/><img decoding=\"async\" width=\"600\" height=\"800\" src=\"https:\/\/voyagedelabaleine.fr\/wp-content\/uploads\/2023\/10\/body-bebe-col-pique-7-600x800.jpg\" class=\"woo-entry-image-secondary\" alt=\"Body neonato a maniche lunghe con colletto piqu\u00e9 &#8211; Bianco\" itemprop=\"image\" srcset=\"https:\/\/voyagedelabaleine.fr\/wp-content\/uploads\/2023\/10\/body-bebe-col-pique-7-600x800.jpg 600w, https:\/\/voyagedelabaleine.fr\/wp-content\/uploads\/2023\/10\/body-bebe-col-pique-7-225x300.jpg 225w, https:\/\/voyagedelabaleine.fr\/wp-content\/uploads\/2023\/10\/body-bebe-col-pique-7-768x1023.jpg 768w, https:\/\/voyagedelabaleine.fr\/wp-content\/uploads\/2023\/10\/body-bebe-col-pique-7.jpg 878w\" sizes=\"(max-width: 600px) 100vw, 600px\" \/><\/a>\t<\/div><!-- .woo-entry-image-swap -->\n\n<ul class=\"woo-entry-inner clr\"><li class=\"image-wrap\">\n\t<div class=\"woo-entry-image-swap woo-entry-image clr\">\n\t\t<a href=\"https:\/\/voyagedelabaleine.fr\/it\/prodotto\/body-neonato-a-maniche-lunghe-con-colletto-pique-bianco\/\" class=\"woocommerce-LoopProduct-link\"><img decoding=\"async\" width=\"600\" height=\"800\" src=\"https:\/\/voyagedelabaleine.fr\/wp-content\/uploads\/2023\/10\/body-col-pique-1-600x800.jpg\" class=\"woo-entry-image-main\" alt=\"Body neonato a maniche lunghe con colletto piqu\u00e9 &#8211; Bianco\" itemprop=\"image\" srcset=\"https:\/\/voyagedelabaleine.fr\/wp-content\/uploads\/2023\/10\/body-col-pique-1-600x800.jpg 600w, https:\/\/voyagedelabaleine.fr\/wp-content\/uploads\/2023\/10\/body-col-pique-1-225x300.jpg 225w, https:\/\/voyagedelabaleine.fr\/wp-content\/uploads\/2023\/10\/body-col-pique-1-768x1024.jpg 768w, https:\/\/voyagedelabaleine.fr\/wp-content\/uploads\/2023\/10\/body-col-pique-1.jpg 900w\" sizes=\"(max-width: 600px) 100vw, 600px\" \/><img decoding=\"async\" width=\"600\" height=\"800\" src=\"https:\/\/voyagedelabaleine.fr\/wp-content\/uploads\/2023\/10\/body-bebe-col-pique-7-600x800.jpg\" class=\"woo-entry-image-secondary\" alt=\"Body neonato a maniche lunghe con colletto piqu\u00e9 &#8211; Bianco\" itemprop=\"image\" srcset=\"https:\/\/voyagedelabaleine.fr\/wp-content\/uploads\/2023\/10\/body-bebe-col-pique-7-600x800.jpg 600w, https:\/\/voyagedelabaleine.fr\/wp-content\/uploads\/2023\/10\/body-bebe-col-pique-7-225x300.jpg 225w, https:\/\/voyagedelabaleine.fr\/wp-content\/uploads\/2023\/10\/body-bebe-col-pique-7-768x1023.jpg 768w, https:\/\/voyagedelabaleine.fr\/wp-content\/uploads\/2023\/10\/body-bebe-col-pique-7.jpg 878w\" sizes=\"(max-width: 600px) 100vw, 600px\" \/><\/a>\t<\/div><!-- .woo-entry-image-swap -->\n\n<\/li><li class=\"title\"><h2><a href=\"https:\/\/voyagedelabaleine.fr\/it\/prodotto\/body-neonato-a-maniche-lunghe-con-colletto-pique-bianco\/\">Body neonato a maniche lunghe con colletto piqu\u00e9 &#8211; Bianco<\/a><\/h2><\/li><li class=\"price-wrap\">\n\t<span class=\"price\"><span class=\"woocommerce-Price-amount amount\"><bdi>22<span class=\"woocommerce-Price-currencySymbol\">&euro;<\/span><\/bdi><\/span><\/span>\n<\/li><\/ul><\/div><!-- .product-inner .clr --><\/li>\n<li class=\"entry has-media has-rating col span_1_of_4 owp-content-center owp-thumbs-layout-vertical owp-btn-big owp-tabs-layout-vertical circle-sale product type-product post-33931 status-publish last instock product_cat-calze-collant-neonati-bambini product_cat-calzini-collant-nascita product_cat-calzini-collant-nascita-ragazza product_cat-calzini-collant-nascita-ragazzo-2 product_cat-calzini-collant-bambina product_cat-calzini-collant-bambini product_cat-calzini-collant-bambino product_cat-calzini-collant-neonata product_cat-calzini-collant-neonato has-post-thumbnail taxable shipping-taxable purchasable product-type-variable has-default-attributes\">\n\t<div class=\"product-inner clr\">\n\t<div class=\"woo-entry-image-swap woo-entry-image clr\">\n\t\t<a href=\"https:\/\/voyagedelabaleine.fr\/it\/prodotto\/calzini-alti-per-neonato-con-pompon-in-caldo-cotone-blu-navy\/\" class=\"woocommerce-LoopProduct-link\"><img decoding=\"async\" width=\"600\" height=\"800\" src=\"https:\/\/voyagedelabaleine.fr\/wp-content\/uploads\/2024\/07\/chaussettes-bebe-bleues-pompon-1-600x800.jpg\" class=\"woo-entry-image-main\" alt=\"Calzini alti per neonato con pompon in caldo cotone &#8211; Blu navy\" itemprop=\"image\" srcset=\"https:\/\/voyagedelabaleine.fr\/wp-content\/uploads\/2024\/07\/chaussettes-bebe-bleues-pompon-1-600x800.jpg 600w, https:\/\/voyagedelabaleine.fr\/wp-content\/uploads\/2024\/07\/chaussettes-bebe-bleues-pompon-1-225x300.jpg 225w, https:\/\/voyagedelabaleine.fr\/wp-content\/uploads\/2024\/07\/chaussettes-bebe-bleues-pompon-1-768x1024.jpg 768w, https:\/\/voyagedelabaleine.fr\/wp-content\/uploads\/2024\/07\/chaussettes-bebe-bleues-pompon-1.jpg 855w\" sizes=\"(max-width: 600px) 100vw, 600px\" \/><img decoding=\"async\" width=\"596\" height=\"794\" src=\"https:\/\/voyagedelabaleine.fr\/wp-content\/uploads\/2024\/07\/chaussettes-bebe-bleues-pompon-2.jpg\" class=\"woo-entry-image-secondary\" alt=\"Calzini alti per neonato con pompon in caldo cotone &#8211; Blu navy\" itemprop=\"image\" srcset=\"https:\/\/voyagedelabaleine.fr\/wp-content\/uploads\/2024\/07\/chaussettes-bebe-bleues-pompon-2.jpg 596w, https:\/\/voyagedelabaleine.fr\/wp-content\/uploads\/2024\/07\/chaussettes-bebe-bleues-pompon-2-225x300.jpg 225w\" sizes=\"(max-width: 596px) 100vw, 596px\" \/><\/a>\t<\/div><!-- .woo-entry-image-swap -->\n\n<ul class=\"woo-entry-inner clr\"><li class=\"image-wrap\">\n\t<div class=\"woo-entry-image-swap woo-entry-image clr\">\n\t\t<a href=\"https:\/\/voyagedelabaleine.fr\/it\/prodotto\/calzini-alti-per-neonato-con-pompon-in-caldo-cotone-blu-navy\/\" class=\"woocommerce-LoopProduct-link\"><img decoding=\"async\" width=\"600\" height=\"800\" src=\"https:\/\/voyagedelabaleine.fr\/wp-content\/uploads\/2024\/07\/chaussettes-bebe-bleues-pompon-1-600x800.jpg\" class=\"woo-entry-image-main\" alt=\"Calzini alti per neonato con pompon in caldo cotone &#8211; Blu navy\" itemprop=\"image\" srcset=\"https:\/\/voyagedelabaleine.fr\/wp-content\/uploads\/2024\/07\/chaussettes-bebe-bleues-pompon-1-600x800.jpg 600w, https:\/\/voyagedelabaleine.fr\/wp-content\/uploads\/2024\/07\/chaussettes-bebe-bleues-pompon-1-225x300.jpg 225w, https:\/\/voyagedelabaleine.fr\/wp-content\/uploads\/2024\/07\/chaussettes-bebe-bleues-pompon-1-768x1024.jpg 768w, https:\/\/voyagedelabaleine.fr\/wp-content\/uploads\/2024\/07\/chaussettes-bebe-bleues-pompon-1.jpg 855w\" sizes=\"(max-width: 600px) 100vw, 600px\" \/><img decoding=\"async\" width=\"596\" height=\"794\" src=\"https:\/\/voyagedelabaleine.fr\/wp-content\/uploads\/2024\/07\/chaussettes-bebe-bleues-pompon-2.jpg\" class=\"woo-entry-image-secondary\" alt=\"Calzini alti per neonato con pompon in caldo cotone &#8211; Blu navy\" itemprop=\"image\" srcset=\"https:\/\/voyagedelabaleine.fr\/wp-content\/uploads\/2024\/07\/chaussettes-bebe-bleues-pompon-2.jpg 596w, https:\/\/voyagedelabaleine.fr\/wp-content\/uploads\/2024\/07\/chaussettes-bebe-bleues-pompon-2-225x300.jpg 225w\" sizes=\"(max-width: 596px) 100vw, 596px\" \/><\/a>\t<\/div><!-- .woo-entry-image-swap -->\n\n<\/li><li class=\"title\"><h2><a href=\"https:\/\/voyagedelabaleine.fr\/it\/prodotto\/calzini-alti-per-neonato-con-pompon-in-caldo-cotone-blu-navy\/\">Calzini alti per neonato con pompon in caldo cotone &#8211; Blu navy<\/a><\/h2><\/li><li class=\"price-wrap\">\n\t<span class=\"price\"><span class=\"woocommerce-Price-amount amount\"><bdi>13<span class=\"woocommerce-Price-currencySymbol\">&euro;<\/span><\/bdi><\/span><\/span>\n<\/li><\/ul><\/div><!-- .product-inner .clr --><\/li>\n<\/ul>\n<\/div><\/div>\n\t\t\t\t\t\t<\/div>\n\t\t\t\t<\/div>\n\t\t<div class=\"elementor-element elementor-element-676ea53 e-con-full e-flex e-con e-parent\" data-id=\"676ea53\" data-element_type=\"container\" data-e-type=\"container\">\n\t\t\t\t<div class=\"elementor-element elementor-element-de39a1b elementor-widget-divider--separator-type-pattern elementor-widget-divider--view-line elementor-widget elementor-widget-divider\" data-id=\"de39a1b\" data-element_type=\"widget\" data-e-type=\"widget\" data-widget_type=\"divider.default\">\n\t\t\t\t\t\t\t<div class=\"elementor-divider\" style=\"--divider-pattern-url: url(&quot;data:image\/svg+xml,%3Csvg xmlns=&#039;http:\/\/www.w3.org\/2000\/svg&#039; preserveAspectRatio=&#039;none&#039; overflow=&#039;visible&#039; height=&#039;100%&#039; viewBox=&#039;0 0 24 24&#039; fill=&#039;black&#039; stroke=&#039;none&#039;%3E%3Cpath d=&#039;M12.7,2.3c-0.4-0.4-1.1-0.4-1.5,0l-8,9.1c-0.3,0.4-0.3,0.9,0,1.2l8,9.1c0.4,0.4,1.1,0.4,1.5,0l8-9.1c0.3-0.4,0.3-0.9,0-1.2L12.7,2.3z&#039;\/%3E%3C\/svg%3E&quot;);\">\n\t\t\t<span class=\"elementor-divider-separator\">\n\t\t\t\t\t\t<\/span>\n\t\t<\/div>\n\t\t\t\t\t\t<\/div>\n\t\t\t\t<div class=\"elementor-element elementor-element-f19dbc9 elementor-widget elementor-widget-shortcode\" data-id=\"f19dbc9\" data-element_type=\"widget\" data-e-type=\"widget\" data-widget_type=\"shortcode.default\">\n\t\t\t\t\t\t\t<div class=\"elementor-shortcode\"><div class=\"woocommerce columns-3 \">\r\n<ul class=\"products oceanwp-row clr grid tablet-col tablet-2-col mobile-col mobile-2-col\">\r\n<li class=\"entry has-media has-rating col span_1_of_3 owp-content-center owp-thumbs-layout-vertical owp-btn-big owp-tabs-layout-vertical circle-sale product type-product post-32000 status-publish first instock product_cat-abbigliamento product_cat-maglione-gilet-cardigan-nascita product_cat-maglione-gilet-cardigan-nascita-ragazza product_cat-maglione-gilet-cardigan-nascita-ragazzo product_cat-maglione-gilet-cardigan-bambina product_cat-maglione-gilet-cardigan-bambini product_cat-maglione-gilet-cardigan-bambino product_cat-maglione-gilet-cardigan-neonata product_cat-maglione-gilet-cardigan-neonati product_cat-maglione-gilet-cardigan-neonato has-post-thumbnail taxable shipping-taxable purchasable product-type-variable has-default-attributes\">\n\t<div class=\"product-inner clr\">\n\t<div class=\"woo-entry-image-swap woo-entry-image clr\">\n\t\t<a href=\"https:\/\/voyagedelabaleine.fr\/it\/prodotto\/cardigan-unisex-per-neonati-grigio\/\" class=\"woocommerce-LoopProduct-link\"><img decoding=\"async\" width=\"600\" height=\"800\" src=\"https:\/\/voyagedelabaleine.fr\/wp-content\/uploads\/2025\/08\/pull-enfant-laine-motif-hiver-600x800.jpg\" class=\"woo-entry-image-main\" alt=\"Cardigan unisex per neonati &#8211; Grigio\" itemprop=\"image\" srcset=\"https:\/\/voyagedelabaleine.fr\/wp-content\/uploads\/2025\/08\/pull-enfant-laine-motif-hiver-600x800.jpg 600w, https:\/\/voyagedelabaleine.fr\/wp-content\/uploads\/2025\/08\/pull-enfant-laine-motif-hiver-225x300.jpg 225w, https:\/\/voyagedelabaleine.fr\/wp-content\/uploads\/2025\/08\/pull-enfant-laine-motif-hiver-768x1023.jpg 768w, https:\/\/voyagedelabaleine.fr\/wp-content\/uploads\/2025\/08\/pull-enfant-laine-motif-hiver-1153x1536.jpg 1153w, https:\/\/voyagedelabaleine.fr\/wp-content\/uploads\/2025\/08\/pull-enfant-laine-motif-hiver.jpg 1500w\" sizes=\"(max-width: 600px) 100vw, 600px\" \/><img decoding=\"async\" width=\"600\" height=\"800\" src=\"https:\/\/voyagedelabaleine.fr\/wp-content\/uploads\/2025\/08\/pull-enfant-laine-motif-hiver-1-600x800.jpg\" class=\"woo-entry-image-secondary\" alt=\"Cardigan unisex per neonati &#8211; Grigio\" itemprop=\"image\" srcset=\"https:\/\/voyagedelabaleine.fr\/wp-content\/uploads\/2025\/08\/pull-enfant-laine-motif-hiver-1-600x800.jpg 600w, https:\/\/voyagedelabaleine.fr\/wp-content\/uploads\/2025\/08\/pull-enfant-laine-motif-hiver-1-225x300.jpg 225w, https:\/\/voyagedelabaleine.fr\/wp-content\/uploads\/2025\/08\/pull-enfant-laine-motif-hiver-1-768x1024.jpg 768w, https:\/\/voyagedelabaleine.fr\/wp-content\/uploads\/2025\/08\/pull-enfant-laine-motif-hiver-1-1152x1536.jpg 1152w, https:\/\/voyagedelabaleine.fr\/wp-content\/uploads\/2025\/08\/pull-enfant-laine-motif-hiver-1.jpg 1400w\" sizes=\"(max-width: 600px) 100vw, 600px\" \/><\/a>\t<\/div><!-- .woo-entry-image-swap -->\n\n<ul class=\"woo-entry-inner clr\"><li class=\"image-wrap\">\n\t<div class=\"woo-entry-image-swap woo-entry-image clr\">\n\t\t<a href=\"https:\/\/voyagedelabaleine.fr\/it\/prodotto\/cardigan-unisex-per-neonati-grigio\/\" class=\"woocommerce-LoopProduct-link\"><img decoding=\"async\" width=\"600\" height=\"800\" src=\"https:\/\/voyagedelabaleine.fr\/wp-content\/uploads\/2025\/08\/pull-enfant-laine-motif-hiver-600x800.jpg\" class=\"woo-entry-image-main\" alt=\"Cardigan unisex per neonati &#8211; Grigio\" itemprop=\"image\" srcset=\"https:\/\/voyagedelabaleine.fr\/wp-content\/uploads\/2025\/08\/pull-enfant-laine-motif-hiver-600x800.jpg 600w, https:\/\/voyagedelabaleine.fr\/wp-content\/uploads\/2025\/08\/pull-enfant-laine-motif-hiver-225x300.jpg 225w, https:\/\/voyagedelabaleine.fr\/wp-content\/uploads\/2025\/08\/pull-enfant-laine-motif-hiver-768x1023.jpg 768w, https:\/\/voyagedelabaleine.fr\/wp-content\/uploads\/2025\/08\/pull-enfant-laine-motif-hiver-1153x1536.jpg 1153w, https:\/\/voyagedelabaleine.fr\/wp-content\/uploads\/2025\/08\/pull-enfant-laine-motif-hiver.jpg 1500w\" sizes=\"(max-width: 600px) 100vw, 600px\" \/><img decoding=\"async\" width=\"600\" height=\"800\" src=\"https:\/\/voyagedelabaleine.fr\/wp-content\/uploads\/2025\/08\/pull-enfant-laine-motif-hiver-1-600x800.jpg\" class=\"woo-entry-image-secondary\" alt=\"Cardigan unisex per neonati &#8211; Grigio\" itemprop=\"image\" srcset=\"https:\/\/voyagedelabaleine.fr\/wp-content\/uploads\/2025\/08\/pull-enfant-laine-motif-hiver-1-600x800.jpg 600w, https:\/\/voyagedelabaleine.fr\/wp-content\/uploads\/2025\/08\/pull-enfant-laine-motif-hiver-1-225x300.jpg 225w, https:\/\/voyagedelabaleine.fr\/wp-content\/uploads\/2025\/08\/pull-enfant-laine-motif-hiver-1-768x1024.jpg 768w, https:\/\/voyagedelabaleine.fr\/wp-content\/uploads\/2025\/08\/pull-enfant-laine-motif-hiver-1-1152x1536.jpg 1152w, https:\/\/voyagedelabaleine.fr\/wp-content\/uploads\/2025\/08\/pull-enfant-laine-motif-hiver-1.jpg 1400w\" sizes=\"(max-width: 600px) 100vw, 600px\" \/><\/a>\t<\/div><!-- .woo-entry-image-swap -->\n\n<\/li><li class=\"title\"><h2><a href=\"https:\/\/voyagedelabaleine.fr\/it\/prodotto\/cardigan-unisex-per-neonati-grigio\/\">Cardigan unisex per neonati &#8211; Grigio<\/a><\/h2><\/li><li class=\"price-wrap\">\n\t<span class=\"price\"><span class=\"woocommerce-Price-amount amount\"><bdi>64<span class=\"woocommerce-Price-currencySymbol\">&euro;<\/span><\/bdi><\/span><\/span>\n<\/li><\/ul><\/div><!-- .product-inner .clr --><\/li>\n<li class=\"entry has-media col span_1_of_3 owp-content-center owp-thumbs-layout-vertical owp-btn-big owp-tabs-layout-vertical circle-sale product type-product post-33149 status-publish instock product_cat-abbigliamento product_cat-bloomer-short-pantaloni-nascita product_cat-bloomer-short-pantaloni-nascita-ragazza product_cat-bloomer-short-pantaloni-nascita-ragazzo product_cat-bloomer-short-pantaloni-neonata product_cat-bloomer-short-pantaloni-neonati product_cat-bloomer-short-pantaloni-neonato has-post-thumbnail taxable shipping-taxable purchasable product-type-variable has-default-attributes\">\n\t<div class=\"product-inner clr\">\n\t<div class=\"woo-entry-image-swap woo-entry-image clr\">\n\t\t<a href=\"https:\/\/voyagedelabaleine.fr\/it\/prodotto\/bloomer-scozzese-bebe-blu\/\" class=\"woocommerce-LoopProduct-link\"><img decoding=\"async\" width=\"600\" height=\"800\" src=\"https:\/\/voyagedelabaleine.fr\/wp-content\/uploads\/2025\/11\/bloomer-bebe-ecossais-vert-2-600x800.jpg\" class=\"woo-entry-image-main\" alt=\"Bloomer scozzese beb\u00e8 &#8211; Blu\" itemprop=\"image\" srcset=\"https:\/\/voyagedelabaleine.fr\/wp-content\/uploads\/2025\/11\/bloomer-bebe-ecossais-vert-2-600x800.jpg 600w, https:\/\/voyagedelabaleine.fr\/wp-content\/uploads\/2025\/11\/bloomer-bebe-ecossais-vert-2-225x300.jpg 225w, https:\/\/voyagedelabaleine.fr\/wp-content\/uploads\/2025\/11\/bloomer-bebe-ecossais-vert-2-768x1024.jpg 768w, https:\/\/voyagedelabaleine.fr\/wp-content\/uploads\/2025\/11\/bloomer-bebe-ecossais-vert-2-1152x1536.jpg 1152w, https:\/\/voyagedelabaleine.fr\/wp-content\/uploads\/2025\/11\/bloomer-bebe-ecossais-vert-2-scaled.jpg 1537w\" sizes=\"(max-width: 600px) 100vw, 600px\" \/><img decoding=\"async\" width=\"600\" height=\"800\" src=\"https:\/\/voyagedelabaleine.fr\/wp-content\/uploads\/2025\/11\/bloomer-bebe-ecossais-vert-600x800.jpg\" class=\"woo-entry-image-secondary\" alt=\"Bloomer scozzese beb\u00e8 &#8211; Blu\" itemprop=\"image\" srcset=\"https:\/\/voyagedelabaleine.fr\/wp-content\/uploads\/2025\/11\/bloomer-bebe-ecossais-vert-600x800.jpg 600w, https:\/\/voyagedelabaleine.fr\/wp-content\/uploads\/2025\/11\/bloomer-bebe-ecossais-vert-225x300.jpg 225w, https:\/\/voyagedelabaleine.fr\/wp-content\/uploads\/2025\/11\/bloomer-bebe-ecossais-vert-768x1023.jpg 768w, https:\/\/voyagedelabaleine.fr\/wp-content\/uploads\/2025\/11\/bloomer-bebe-ecossais-vert-1153x1536.jpg 1153w, https:\/\/voyagedelabaleine.fr\/wp-content\/uploads\/2025\/11\/bloomer-bebe-ecossais-vert.jpg 1500w\" sizes=\"(max-width: 600px) 100vw, 600px\" \/><\/a>\t<\/div><!-- .woo-entry-image-swap -->\n\n<ul class=\"woo-entry-inner clr\"><li class=\"image-wrap\">\n\t<div class=\"woo-entry-image-swap woo-entry-image clr\">\n\t\t<a href=\"https:\/\/voyagedelabaleine.fr\/it\/prodotto\/bloomer-scozzese-bebe-blu\/\" class=\"woocommerce-LoopProduct-link\"><img decoding=\"async\" width=\"600\" height=\"800\" src=\"https:\/\/voyagedelabaleine.fr\/wp-content\/uploads\/2025\/11\/bloomer-bebe-ecossais-vert-2-600x800.jpg\" class=\"woo-entry-image-main\" alt=\"Bloomer scozzese beb\u00e8 &#8211; Blu\" itemprop=\"image\" srcset=\"https:\/\/voyagedelabaleine.fr\/wp-content\/uploads\/2025\/11\/bloomer-bebe-ecossais-vert-2-600x800.jpg 600w, https:\/\/voyagedelabaleine.fr\/wp-content\/uploads\/2025\/11\/bloomer-bebe-ecossais-vert-2-225x300.jpg 225w, https:\/\/voyagedelabaleine.fr\/wp-content\/uploads\/2025\/11\/bloomer-bebe-ecossais-vert-2-768x1024.jpg 768w, https:\/\/voyagedelabaleine.fr\/wp-content\/uploads\/2025\/11\/bloomer-bebe-ecossais-vert-2-1152x1536.jpg 1152w, https:\/\/voyagedelabaleine.fr\/wp-content\/uploads\/2025\/11\/bloomer-bebe-ecossais-vert-2-scaled.jpg 1537w\" sizes=\"(max-width: 600px) 100vw, 600px\" \/><img decoding=\"async\" width=\"600\" height=\"800\" src=\"https:\/\/voyagedelabaleine.fr\/wp-content\/uploads\/2025\/11\/bloomer-bebe-ecossais-vert-600x800.jpg\" class=\"woo-entry-image-secondary\" alt=\"Bloomer scozzese beb\u00e8 &#8211; Blu\" itemprop=\"image\" srcset=\"https:\/\/voyagedelabaleine.fr\/wp-content\/uploads\/2025\/11\/bloomer-bebe-ecossais-vert-600x800.jpg 600w, https:\/\/voyagedelabaleine.fr\/wp-content\/uploads\/2025\/11\/bloomer-bebe-ecossais-vert-225x300.jpg 225w, https:\/\/voyagedelabaleine.fr\/wp-content\/uploads\/2025\/11\/bloomer-bebe-ecossais-vert-768x1023.jpg 768w, https:\/\/voyagedelabaleine.fr\/wp-content\/uploads\/2025\/11\/bloomer-bebe-ecossais-vert-1153x1536.jpg 1153w, https:\/\/voyagedelabaleine.fr\/wp-content\/uploads\/2025\/11\/bloomer-bebe-ecossais-vert.jpg 1500w\" sizes=\"(max-width: 600px) 100vw, 600px\" \/><\/a>\t<\/div><!-- .woo-entry-image-swap -->\n\n<\/li><li class=\"title\"><h2><a href=\"https:\/\/voyagedelabaleine.fr\/it\/prodotto\/bloomer-scozzese-bebe-blu\/\">Bloomer scozzese beb\u00e8 &#8211; Blu<\/a><\/h2><\/li><li class=\"price-wrap\">\n\t<span class=\"price\"><span class=\"woocommerce-Price-amount amount\"><bdi>28<span class=\"woocommerce-Price-currencySymbol\">&euro;<\/span><\/bdi><\/span><\/span>\n<\/li><\/ul><\/div><!-- .product-inner .clr --><\/li>\n<li class=\"entry has-media has-rating col span_1_of_3 owp-content-center owp-thumbs-layout-vertical owp-btn-big owp-tabs-layout-vertical circle-sale product type-product post-30617 status-publish last instock product_cat-calze-collant-neonati-bambini product_cat-calzini-collant-nascita product_cat-calzini-collant-nascita-ragazza product_cat-calzini-collant-nascita-ragazzo-2 product_cat-calzini-collant-bambina product_cat-calzini-collant-bambini product_cat-calzini-collant-bambino product_cat-calzini-collant-neonata product_cat-calzini-collant-neonato has-post-thumbnail taxable shipping-taxable purchasable product-type-variable has-default-attributes\">\n\t<div class=\"product-inner clr\">\n\t<div class=\"woo-entry-image-swap woo-entry-image clr\">\n\t\t<a href=\"https:\/\/voyagedelabaleine.fr\/it\/prodotto\/collant-neonato-a-costine-blu-navy\/\" class=\"woocommerce-LoopProduct-link\"><img decoding=\"async\" width=\"600\" height=\"800\" src=\"https:\/\/voyagedelabaleine.fr\/wp-content\/uploads\/2024\/11\/92357-thickbox_default-fotor-20241121232344-600x800.jpg\" class=\"woo-entry-image-main\" alt=\"Collant neonato a costine &#8211; Blu navy\" itemprop=\"image\" srcset=\"https:\/\/voyagedelabaleine.fr\/wp-content\/uploads\/2024\/11\/92357-thickbox_default-fotor-20241121232344-600x800.jpg 600w, https:\/\/voyagedelabaleine.fr\/wp-content\/uploads\/2024\/11\/92357-thickbox_default-fotor-20241121232344-225x300.jpg 225w, https:\/\/voyagedelabaleine.fr\/wp-content\/uploads\/2024\/11\/92357-thickbox_default-fotor-20241121232344-768x1024.jpg 768w, https:\/\/voyagedelabaleine.fr\/wp-content\/uploads\/2024\/11\/92357-thickbox_default-fotor-20241121232344.jpg 800w\" sizes=\"(max-width: 600px) 100vw, 600px\" \/><img decoding=\"async\" width=\"600\" height=\"800\" src=\"https:\/\/voyagedelabaleine.fr\/wp-content\/uploads\/2024\/11\/92357-thickbox_default-fotor-20241121232440-600x800.jpg\" class=\"woo-entry-image-secondary\" alt=\"Collant neonato a costine &#8211; Blu navy\" itemprop=\"image\" srcset=\"https:\/\/voyagedelabaleine.fr\/wp-content\/uploads\/2024\/11\/92357-thickbox_default-fotor-20241121232440-600x800.jpg 600w, https:\/\/voyagedelabaleine.fr\/wp-content\/uploads\/2024\/11\/92357-thickbox_default-fotor-20241121232440-225x300.jpg 225w, https:\/\/voyagedelabaleine.fr\/wp-content\/uploads\/2024\/11\/92357-thickbox_default-fotor-20241121232440-768x1024.jpg 768w, https:\/\/voyagedelabaleine.fr\/wp-content\/uploads\/2024\/11\/92357-thickbox_default-fotor-20241121232440.jpg 800w\" sizes=\"(max-width: 600px) 100vw, 600px\" \/><\/a>\t<\/div><!-- .woo-entry-image-swap -->\n\n<ul class=\"woo-entry-inner clr\"><li class=\"image-wrap\">\n\t<div class=\"woo-entry-image-swap woo-entry-image clr\">\n\t\t<a href=\"https:\/\/voyagedelabaleine.fr\/it\/prodotto\/collant-neonato-a-costine-blu-navy\/\" class=\"woocommerce-LoopProduct-link\"><img decoding=\"async\" width=\"600\" height=\"800\" src=\"https:\/\/voyagedelabaleine.fr\/wp-content\/uploads\/2024\/11\/92357-thickbox_default-fotor-20241121232344-600x800.jpg\" class=\"woo-entry-image-main\" alt=\"Collant neonato a costine &#8211; Blu navy\" itemprop=\"image\" srcset=\"https:\/\/voyagedelabaleine.fr\/wp-content\/uploads\/2024\/11\/92357-thickbox_default-fotor-20241121232344-600x800.jpg 600w, https:\/\/voyagedelabaleine.fr\/wp-content\/uploads\/2024\/11\/92357-thickbox_default-fotor-20241121232344-225x300.jpg 225w, https:\/\/voyagedelabaleine.fr\/wp-content\/uploads\/2024\/11\/92357-thickbox_default-fotor-20241121232344-768x1024.jpg 768w, https:\/\/voyagedelabaleine.fr\/wp-content\/uploads\/2024\/11\/92357-thickbox_default-fotor-20241121232344.jpg 800w\" sizes=\"(max-width: 600px) 100vw, 600px\" \/><img decoding=\"async\" width=\"600\" height=\"800\" src=\"https:\/\/voyagedelabaleine.fr\/wp-content\/uploads\/2024\/11\/92357-thickbox_default-fotor-20241121232440-600x800.jpg\" class=\"woo-entry-image-secondary\" alt=\"Collant neonato a costine &#8211; Blu navy\" itemprop=\"image\" srcset=\"https:\/\/voyagedelabaleine.fr\/wp-content\/uploads\/2024\/11\/92357-thickbox_default-fotor-20241121232440-600x800.jpg 600w, https:\/\/voyagedelabaleine.fr\/wp-content\/uploads\/2024\/11\/92357-thickbox_default-fotor-20241121232440-225x300.jpg 225w, https:\/\/voyagedelabaleine.fr\/wp-content\/uploads\/2024\/11\/92357-thickbox_default-fotor-20241121232440-768x1024.jpg 768w, https:\/\/voyagedelabaleine.fr\/wp-content\/uploads\/2024\/11\/92357-thickbox_default-fotor-20241121232440.jpg 800w\" sizes=\"(max-width: 600px) 100vw, 600px\" \/><\/a>\t<\/div><!-- .woo-entry-image-swap -->\n\n<\/li><li class=\"title\"><h2><a href=\"https:\/\/voyagedelabaleine.fr\/it\/prodotto\/collant-neonato-a-costine-blu-navy\/\">Collant neonato a costine &#8211; Blu navy<\/a><\/h2><\/li><li class=\"price-wrap\">\n\t<span class=\"price\"><span class=\"woocommerce-Price-amount amount\"><bdi>14<span class=\"woocommerce-Price-currencySymbol\">&euro;<\/span><\/bdi><\/span><\/span>\n<\/li><\/ul><\/div><!-- .product-inner .clr --><\/li>\n<\/ul>\n<\/div><\/div>\n\t\t\t\t\t\t<\/div>\n\t\t\t\t<\/div>\n\t\t<div class=\"elementor-element elementor-element-c27e499 e-con-full e-flex e-con e-parent\" data-id=\"c27e499\" data-element_type=\"container\" data-e-type=\"container\">\n\t\t\t\t<div class=\"elementor-element elementor-element-4c0ee28 elementor-widget-divider--separator-type-pattern elementor-widget-divider--view-line elementor-widget elementor-widget-divider\" data-id=\"4c0ee28\" data-element_type=\"widget\" data-e-type=\"widget\" data-widget_type=\"divider.default\">\n\t\t\t\t\t\t\t<div class=\"elementor-divider\" style=\"--divider-pattern-url: url(&quot;data:image\/svg+xml,%3Csvg xmlns=&#039;http:\/\/www.w3.org\/2000\/svg&#039; preserveAspectRatio=&#039;none&#039; overflow=&#039;visible&#039; height=&#039;100%&#039; viewBox=&#039;0 0 24 24&#039; fill=&#039;black&#039; stroke=&#039;none&#039;%3E%3Cpath d=&#039;M12.7,2.3c-0.4-0.4-1.1-0.4-1.5,0l-8,9.1c-0.3,0.4-0.3,0.9,0,1.2l8,9.1c0.4,0.4,1.1,0.4,1.5,0l8-9.1c0.3-0.4,0.3-0.9,0-1.2L12.7,2.3z&#039;\/%3E%3C\/svg%3E&quot;);\">\n\t\t\t<span class=\"elementor-divider-separator\">\n\t\t\t\t\t\t<\/span>\n\t\t<\/div>\n\t\t\t\t\t\t<\/div>\n\t\t\t\t<div class=\"elementor-element elementor-element-9c1c2ac elementor-widget__width-initial elementor-widget-mobile__width-inherit elementor-widget elementor-widget-shortcode\" data-id=\"9c1c2ac\" data-element_type=\"widget\" data-e-type=\"widget\" data-widget_type=\"shortcode.default\">\n\t\t\t\t\t\t\t<div class=\"elementor-shortcode\"><div class=\"woocommerce columns-2 \">\r\n<ul class=\"products oceanwp-row clr grid tablet-col tablet-2-col mobile-col mobile-2-col\">\r\n<li class=\"entry has-media col span_1_of_2 owp-content-center owp-thumbs-layout-vertical owp-btn-big owp-tabs-layout-vertical circle-sale product type-product post-30090 status-publish first instock product_cat-abbigliamento product_cat-bloomer-short-pantaloni-nascita product_cat-bloomer-short-pantaloni-nascita-ragazzo product_cat-bloomer-short-pantaloni-neonati product_cat-bloomer-short-pantaloni-neonato has-post-thumbnail taxable shipping-taxable purchasable product-type-variable has-default-attributes\">\n\t<div class=\"product-inner clr\">\n\t<div class=\"woo-entry-image-swap woo-entry-image clr\">\n\t\t<a href=\"https:\/\/voyagedelabaleine.fr\/it\/prodotto\/bloomer-neonato-in-velluto-a-coste-beige\/\" class=\"woocommerce-LoopProduct-link\"><img decoding=\"async\" width=\"600\" height=\"800\" src=\"https:\/\/voyagedelabaleine.fr\/wp-content\/uploads\/2025\/07\/bloomer-bebe-garcon-velours-marron-600x800.jpg\" class=\"woo-entry-image-main\" alt=\"Bloomer neonato in velluto a coste &#8211; Beige\" itemprop=\"image\" srcset=\"https:\/\/voyagedelabaleine.fr\/wp-content\/uploads\/2025\/07\/bloomer-bebe-garcon-velours-marron-600x800.jpg 600w, https:\/\/voyagedelabaleine.fr\/wp-content\/uploads\/2025\/07\/bloomer-bebe-garcon-velours-marron-225x300.jpg 225w, https:\/\/voyagedelabaleine.fr\/wp-content\/uploads\/2025\/07\/bloomer-bebe-garcon-velours-marron.jpg 769w\" sizes=\"(max-width: 600px) 100vw, 600px\" \/><img decoding=\"async\" width=\"438\" height=\"584\" src=\"https:\/\/voyagedelabaleine.fr\/wp-content\/uploads\/2025\/07\/bloomer-bebe-garcon-velours-marron-1.jpg\" class=\"woo-entry-image-secondary\" alt=\"Bloomer neonato in velluto a coste &#8211; Beige\" itemprop=\"image\" srcset=\"https:\/\/voyagedelabaleine.fr\/wp-content\/uploads\/2025\/07\/bloomer-bebe-garcon-velours-marron-1.jpg 438w, https:\/\/voyagedelabaleine.fr\/wp-content\/uploads\/2025\/07\/bloomer-bebe-garcon-velours-marron-1-225x300.jpg 225w\" sizes=\"(max-width: 438px) 100vw, 438px\" \/><\/a>\t<\/div><!-- .woo-entry-image-swap -->\n\n<ul class=\"woo-entry-inner clr\"><li class=\"image-wrap\">\n\t<div class=\"woo-entry-image-swap woo-entry-image clr\">\n\t\t<a href=\"https:\/\/voyagedelabaleine.fr\/it\/prodotto\/bloomer-neonato-in-velluto-a-coste-beige\/\" class=\"woocommerce-LoopProduct-link\"><img decoding=\"async\" width=\"600\" height=\"800\" src=\"https:\/\/voyagedelabaleine.fr\/wp-content\/uploads\/2025\/07\/bloomer-bebe-garcon-velours-marron-600x800.jpg\" class=\"woo-entry-image-main\" alt=\"Bloomer neonato in velluto a coste &#8211; Beige\" itemprop=\"image\" srcset=\"https:\/\/voyagedelabaleine.fr\/wp-content\/uploads\/2025\/07\/bloomer-bebe-garcon-velours-marron-600x800.jpg 600w, https:\/\/voyagedelabaleine.fr\/wp-content\/uploads\/2025\/07\/bloomer-bebe-garcon-velours-marron-225x300.jpg 225w, https:\/\/voyagedelabaleine.fr\/wp-content\/uploads\/2025\/07\/bloomer-bebe-garcon-velours-marron.jpg 769w\" sizes=\"(max-width: 600px) 100vw, 600px\" \/><img decoding=\"async\" width=\"438\" height=\"584\" src=\"https:\/\/voyagedelabaleine.fr\/wp-content\/uploads\/2025\/07\/bloomer-bebe-garcon-velours-marron-1.jpg\" class=\"woo-entry-image-secondary\" alt=\"Bloomer neonato in velluto a coste &#8211; Beige\" itemprop=\"image\" srcset=\"https:\/\/voyagedelabaleine.fr\/wp-content\/uploads\/2025\/07\/bloomer-bebe-garcon-velours-marron-1.jpg 438w, https:\/\/voyagedelabaleine.fr\/wp-content\/uploads\/2025\/07\/bloomer-bebe-garcon-velours-marron-1-225x300.jpg 225w\" sizes=\"(max-width: 438px) 100vw, 438px\" \/><\/a>\t<\/div><!-- .woo-entry-image-swap -->\n\n<\/li><li class=\"title\"><h2><a href=\"https:\/\/voyagedelabaleine.fr\/it\/prodotto\/bloomer-neonato-in-velluto-a-coste-beige\/\">Bloomer neonato in velluto a coste &#8211; Beige<\/a><\/h2><\/li><li class=\"price-wrap\">\n\t<span class=\"price\"><span class=\"woocommerce-Price-amount amount\"><bdi>24<span class=\"woocommerce-Price-currencySymbol\">&euro;<\/span><\/bdi><\/span><\/span>\n<\/li><\/ul><\/div><!-- .product-inner .clr --><\/li>\n<li class=\"entry has-media col span_1_of_2 owp-content-center owp-thumbs-layout-vertical owp-btn-big owp-tabs-layout-vertical circle-sale product type-product post-33305 status-publish last instock product_cat-body product_cat-body-nascita product_cat-body-nascita-ragazzo product_cat-body-neonati product_cat-body-neonato has-post-thumbnail taxable shipping-taxable purchasable product-type-variable has-default-attributes\">\n\t<div class=\"product-inner clr\">\n\t<div class=\"woo-entry-image-swap woo-entry-image clr\">\n\t\t<a href=\"https:\/\/voyagedelabaleine.fr\/it\/prodotto\/body-neonato-con-colletto-a-camicia-bianco\/\" class=\"woocommerce-LoopProduct-link\"><img decoding=\"async\" width=\"600\" height=\"800\" src=\"https:\/\/voyagedelabaleine.fr\/wp-content\/uploads\/2023\/10\/body-chemise-600x800.jpg\" class=\"woo-entry-image-main\" alt=\"Body neonato con colletto a camicia &#8211; Bianco\" itemprop=\"image\" srcset=\"https:\/\/voyagedelabaleine.fr\/wp-content\/uploads\/2023\/10\/body-chemise-600x799.jpg 600w, https:\/\/voyagedelabaleine.fr\/wp-content\/uploads\/2023\/10\/body-chemise-225x300.jpg 225w, https:\/\/voyagedelabaleine.fr\/wp-content\/uploads\/2023\/10\/body-chemise-768x1023.jpg 768w, https:\/\/voyagedelabaleine.fr\/wp-content\/uploads\/2023\/10\/body-chemise-769x1024.jpg 769w, https:\/\/voyagedelabaleine.fr\/wp-content\/uploads\/2023\/10\/body-chemise.jpg 977w\" sizes=\"(max-width: 600px) 100vw, 600px\" \/><img decoding=\"async\" width=\"600\" height=\"800\" src=\"https:\/\/voyagedelabaleine.fr\/wp-content\/uploads\/2023\/10\/body-chemise-1-600x800.jpg\" class=\"woo-entry-image-secondary\" alt=\"Body neonato con colletto a camicia &#8211; Bianco\" itemprop=\"image\" \/><\/a>\t<\/div><!-- .woo-entry-image-swap -->\n\n<ul class=\"woo-entry-inner clr\"><li class=\"image-wrap\">\n\t<div class=\"woo-entry-image-swap woo-entry-image clr\">\n\t\t<a href=\"https:\/\/voyagedelabaleine.fr\/it\/prodotto\/body-neonato-con-colletto-a-camicia-bianco\/\" class=\"woocommerce-LoopProduct-link\"><img decoding=\"async\" width=\"600\" height=\"800\" src=\"https:\/\/voyagedelabaleine.fr\/wp-content\/uploads\/2023\/10\/body-chemise-600x800.jpg\" class=\"woo-entry-image-main\" alt=\"Body neonato con colletto a camicia &#8211; Bianco\" itemprop=\"image\" srcset=\"https:\/\/voyagedelabaleine.fr\/wp-content\/uploads\/2023\/10\/body-chemise-600x799.jpg 600w, https:\/\/voyagedelabaleine.fr\/wp-content\/uploads\/2023\/10\/body-chemise-225x300.jpg 225w, https:\/\/voyagedelabaleine.fr\/wp-content\/uploads\/2023\/10\/body-chemise-768x1023.jpg 768w, https:\/\/voyagedelabaleine.fr\/wp-content\/uploads\/2023\/10\/body-chemise-769x1024.jpg 769w, https:\/\/voyagedelabaleine.fr\/wp-content\/uploads\/2023\/10\/body-chemise.jpg 977w\" sizes=\"(max-width: 600px) 100vw, 600px\" \/><img decoding=\"async\" width=\"600\" height=\"800\" src=\"https:\/\/voyagedelabaleine.fr\/wp-content\/uploads\/2023\/10\/body-chemise-1-600x800.jpg\" class=\"woo-entry-image-secondary\" alt=\"Body neonato con colletto a camicia &#8211; Bianco\" itemprop=\"image\" \/><\/a>\t<\/div><!-- .woo-entry-image-swap -->\n\n<\/li><li class=\"title\"><h2><a href=\"https:\/\/voyagedelabaleine.fr\/it\/prodotto\/body-neonato-con-colletto-a-camicia-bianco\/\">Body neonato con colletto a camicia &#8211; Bianco<\/a><\/h2><\/li><li class=\"price-wrap\">\n\t<span class=\"price\"><span class=\"woocommerce-Price-amount amount\"><bdi>16<span class=\"woocommerce-Price-currencySymbol\">&euro;<\/span><\/bdi><\/span><\/span>\n<\/li><\/ul><\/div><!-- .product-inner .clr --><\/li>\n<\/ul>\n<\/div><\/div>\n\t\t\t\t\t\t<\/div>\n\t\t\t\t<\/div>\n\t\t<div class=\"elementor-element elementor-element-46dd29b e-con-full e-flex e-con e-parent\" data-id=\"46dd29b\" data-element_type=\"container\" data-e-type=\"container\">\n\t\t\t\t<div class=\"elementor-element elementor-element-ea9a84f elementor-widget-divider--separator-type-pattern elementor-widget-divider--view-line elementor-widget elementor-widget-divider\" data-id=\"ea9a84f\" data-element_type=\"widget\" data-e-type=\"widget\" data-widget_type=\"divider.default\">\n\t\t\t\t\t\t\t<div class=\"elementor-divider\" style=\"--divider-pattern-url: url(&quot;data:image\/svg+xml,%3Csvg xmlns=&#039;http:\/\/www.w3.org\/2000\/svg&#039; preserveAspectRatio=&#039;none&#039; overflow=&#039;visible&#039; height=&#039;100%&#039; viewBox=&#039;0 0 24 24&#039; fill=&#039;black&#039; stroke=&#039;none&#039;%3E%3Cpath d=&#039;M12.7,2.3c-0.4-0.4-1.1-0.4-1.5,0l-8,9.1c-0.3,0.4-0.3,0.9,0,1.2l8,9.1c0.4,0.4,1.1,0.4,1.5,0l8-9.1c0.3-0.4,0.3-0.9,0-1.2L12.7,2.3z&#039;\/%3E%3C\/svg%3E&quot;);\">\n\t\t\t<span class=\"elementor-divider-separator\">\n\t\t\t\t\t\t<\/span>\n\t\t<\/div>\n\t\t\t\t\t\t<\/div>\n\t\t\t\t<div class=\"elementor-element elementor-element-bb4ef62 elementor-widget elementor-widget-shortcode\" data-id=\"bb4ef62\" data-element_type=\"widget\" data-e-type=\"widget\" data-widget_type=\"shortcode.default\">\n\t\t\t\t\t\t\t<div class=\"elementor-shortcode\"><div class=\"woocommerce columns-3 \">\r\n<ul class=\"products oceanwp-row clr grid tablet-col tablet-2-col mobile-col mobile-2-col\">\r\n<li class=\"entry has-media col span_1_of_3 owp-content-center owp-thumbs-layout-vertical owp-btn-big owp-tabs-layout-vertical circle-sale product type-product post-30932 status-publish first instock product_cat-body product_cat-body-nascita product_cat-body-nascita-ragazzo product_cat-body-neonati product_cat-body-neonato has-post-thumbnail taxable shipping-taxable purchasable product-type-variable has-default-attributes\">\n\t<div class=\"product-inner clr\">\n\t<div class=\"woo-entry-image-swap woo-entry-image clr\">\n\t\t<a href=\"https:\/\/voyagedelabaleine.fr\/it\/prodotto\/body-neonato-bambino-con-colletto-a-quadri-bianco\/\" class=\"woocommerce-LoopProduct-link\"><img decoding=\"async\" width=\"600\" height=\"800\" src=\"https:\/\/voyagedelabaleine.fr\/wp-content\/uploads\/2025\/07\/body-bebe-garcon-col-carreaux-600x800.jpg\" class=\"woo-entry-image-main\" alt=\"Body neonato bambino con colletto a quadri &#8211; Bianco\" itemprop=\"image\" srcset=\"https:\/\/voyagedelabaleine.fr\/wp-content\/uploads\/2025\/07\/body-bebe-garcon-col-carreaux-600x800.jpg 600w, https:\/\/voyagedelabaleine.fr\/wp-content\/uploads\/2025\/07\/body-bebe-garcon-col-carreaux-225x300.jpg 225w, https:\/\/voyagedelabaleine.fr\/wp-content\/uploads\/2025\/07\/body-bebe-garcon-col-carreaux-768x1024.jpg 768w, https:\/\/voyagedelabaleine.fr\/wp-content\/uploads\/2025\/07\/body-bebe-garcon-col-carreaux.jpg 1100w\" sizes=\"(max-width: 600px) 100vw, 600px\" \/><img decoding=\"async\" width=\"600\" height=\"800\" src=\"https:\/\/voyagedelabaleine.fr\/wp-content\/uploads\/2025\/07\/body-bebe-garcon-col-carreaux-2-600x800.jpg\" class=\"woo-entry-image-secondary\" alt=\"Body neonato bambino con colletto a quadri &#8211; Bianco\" itemprop=\"image\" srcset=\"https:\/\/voyagedelabaleine.fr\/wp-content\/uploads\/2025\/07\/body-bebe-garcon-col-carreaux-2-600x799.jpg 600w, https:\/\/voyagedelabaleine.fr\/wp-content\/uploads\/2025\/07\/body-bebe-garcon-col-carreaux-2-225x300.jpg 225w, https:\/\/voyagedelabaleine.fr\/wp-content\/uploads\/2025\/07\/body-bebe-garcon-col-carreaux-2-769x1024.jpg 769w, https:\/\/voyagedelabaleine.fr\/wp-content\/uploads\/2025\/07\/body-bebe-garcon-col-carreaux-2-768x1023.jpg 768w, https:\/\/voyagedelabaleine.fr\/wp-content\/uploads\/2025\/07\/body-bebe-garcon-col-carreaux-2.jpg 966w\" sizes=\"(max-width: 600px) 100vw, 600px\" \/><\/a>\t<\/div><!-- .woo-entry-image-swap -->\n\n<ul class=\"woo-entry-inner clr\"><li class=\"image-wrap\">\n\t<div class=\"woo-entry-image-swap woo-entry-image clr\">\n\t\t<a href=\"https:\/\/voyagedelabaleine.fr\/it\/prodotto\/body-neonato-bambino-con-colletto-a-quadri-bianco\/\" class=\"woocommerce-LoopProduct-link\"><img decoding=\"async\" width=\"600\" height=\"800\" src=\"https:\/\/voyagedelabaleine.fr\/wp-content\/uploads\/2025\/07\/body-bebe-garcon-col-carreaux-600x800.jpg\" class=\"woo-entry-image-main\" alt=\"Body neonato bambino con colletto a quadri &#8211; Bianco\" itemprop=\"image\" srcset=\"https:\/\/voyagedelabaleine.fr\/wp-content\/uploads\/2025\/07\/body-bebe-garcon-col-carreaux-600x800.jpg 600w, https:\/\/voyagedelabaleine.fr\/wp-content\/uploads\/2025\/07\/body-bebe-garcon-col-carreaux-225x300.jpg 225w, https:\/\/voyagedelabaleine.fr\/wp-content\/uploads\/2025\/07\/body-bebe-garcon-col-carreaux-768x1024.jpg 768w, https:\/\/voyagedelabaleine.fr\/wp-content\/uploads\/2025\/07\/body-bebe-garcon-col-carreaux.jpg 1100w\" sizes=\"(max-width: 600px) 100vw, 600px\" \/><img decoding=\"async\" width=\"600\" height=\"800\" src=\"https:\/\/voyagedelabaleine.fr\/wp-content\/uploads\/2025\/07\/body-bebe-garcon-col-carreaux-2-600x800.jpg\" class=\"woo-entry-image-secondary\" alt=\"Body neonato bambino con colletto a quadri &#8211; Bianco\" itemprop=\"image\" srcset=\"https:\/\/voyagedelabaleine.fr\/wp-content\/uploads\/2025\/07\/body-bebe-garcon-col-carreaux-2-600x799.jpg 600w, https:\/\/voyagedelabaleine.fr\/wp-content\/uploads\/2025\/07\/body-bebe-garcon-col-carreaux-2-225x300.jpg 225w, https:\/\/voyagedelabaleine.fr\/wp-content\/uploads\/2025\/07\/body-bebe-garcon-col-carreaux-2-769x1024.jpg 769w, https:\/\/voyagedelabaleine.fr\/wp-content\/uploads\/2025\/07\/body-bebe-garcon-col-carreaux-2-768x1023.jpg 768w, https:\/\/voyagedelabaleine.fr\/wp-content\/uploads\/2025\/07\/body-bebe-garcon-col-carreaux-2.jpg 966w\" sizes=\"(max-width: 600px) 100vw, 600px\" \/><\/a>\t<\/div><!-- .woo-entry-image-swap -->\n\n<\/li><li class=\"title\"><h2><a href=\"https:\/\/voyagedelabaleine.fr\/it\/prodotto\/body-neonato-bambino-con-colletto-a-quadri-bianco\/\">Body neonato bambino con colletto a quadri &#8211; Bianco<\/a><\/h2><\/li><li class=\"price-wrap\">\n\t<span class=\"price\"><span class=\"woocommerce-Price-amount amount\"><bdi>32<span class=\"woocommerce-Price-currencySymbol\">&euro;<\/span><\/bdi><\/span><\/span>\n<\/li><\/ul><\/div><!-- .product-inner .clr --><\/li>\n<li class=\"entry has-media col span_1_of_3 owp-content-center owp-thumbs-layout-vertical owp-btn-big owp-tabs-layout-vertical circle-sale product type-product post-32862 status-publish instock product_cat-abbigliamento product_cat-bloomer-short-pantaloni-nascita product_cat-bloomer-short-pantaloni-nascita-ragazzo product_cat-bloomer-short-pantaloni-neonati product_cat-bloomer-short-pantaloni-neonato has-post-thumbnail taxable shipping-taxable purchasable product-type-variable has-default-attributes\">\n\t<div class=\"product-inner clr\">\n\t<div class=\"woo-entry-image-swap woo-entry-image clr\">\n\t\t<a href=\"https:\/\/voyagedelabaleine.fr\/it\/prodotto\/bloomer-neonato-in-velluto-a-coste-blu\/\" class=\"woocommerce-LoopProduct-link\"><img decoding=\"async\" width=\"600\" height=\"800\" src=\"https:\/\/voyagedelabaleine.fr\/wp-content\/uploads\/2025\/07\/bloomer-bebe-garcon-velours-bleu-600x800.jpg\" class=\"woo-entry-image-main\" alt=\"Bloomer neonato in velluto a coste &#8211; Blu\" itemprop=\"image\" srcset=\"https:\/\/voyagedelabaleine.fr\/wp-content\/uploads\/2025\/07\/bloomer-bebe-garcon-velours-bleu-600x800.jpg 600w, https:\/\/voyagedelabaleine.fr\/wp-content\/uploads\/2025\/07\/bloomer-bebe-garcon-velours-bleu-225x300.jpg 225w, https:\/\/voyagedelabaleine.fr\/wp-content\/uploads\/2025\/07\/bloomer-bebe-garcon-velours-bleu-768x1024.jpg 768w, https:\/\/voyagedelabaleine.fr\/wp-content\/uploads\/2025\/07\/bloomer-bebe-garcon-velours-bleu-1152x1536.jpg 1152w, https:\/\/voyagedelabaleine.fr\/wp-content\/uploads\/2025\/07\/bloomer-bebe-garcon-velours-bleu.jpg 1200w\" sizes=\"(max-width: 600px) 100vw, 600px\" \/><img decoding=\"async\" width=\"600\" height=\"800\" src=\"https:\/\/voyagedelabaleine.fr\/wp-content\/uploads\/2025\/07\/bloomer-bebe-garcon-velours-bleu-1-600x800.jpg\" class=\"woo-entry-image-secondary\" alt=\"Bloomer neonato in velluto a coste &#8211; Blu\" itemprop=\"image\" srcset=\"https:\/\/voyagedelabaleine.fr\/wp-content\/uploads\/2025\/07\/bloomer-bebe-garcon-velours-bleu-1-600x800.jpg 600w, https:\/\/voyagedelabaleine.fr\/wp-content\/uploads\/2025\/07\/bloomer-bebe-garcon-velours-bleu-1-225x300.jpg 225w, https:\/\/voyagedelabaleine.fr\/wp-content\/uploads\/2025\/07\/bloomer-bebe-garcon-velours-bleu-1-768x1024.jpg 768w, https:\/\/voyagedelabaleine.fr\/wp-content\/uploads\/2025\/07\/bloomer-bebe-garcon-velours-bleu-1-1152x1536.jpg 1152w, https:\/\/voyagedelabaleine.fr\/wp-content\/uploads\/2025\/07\/bloomer-bebe-garcon-velours-bleu-1.jpg 1200w\" sizes=\"(max-width: 600px) 100vw, 600px\" \/><\/a>\t<\/div><!-- .woo-entry-image-swap -->\n\n<ul class=\"woo-entry-inner clr\"><li class=\"image-wrap\">\n\t<div class=\"woo-entry-image-swap woo-entry-image clr\">\n\t\t<a href=\"https:\/\/voyagedelabaleine.fr\/it\/prodotto\/bloomer-neonato-in-velluto-a-coste-blu\/\" class=\"woocommerce-LoopProduct-link\"><img decoding=\"async\" width=\"600\" height=\"800\" src=\"https:\/\/voyagedelabaleine.fr\/wp-content\/uploads\/2025\/07\/bloomer-bebe-garcon-velours-bleu-600x800.jpg\" class=\"woo-entry-image-main\" alt=\"Bloomer neonato in velluto a coste &#8211; Blu\" itemprop=\"image\" srcset=\"https:\/\/voyagedelabaleine.fr\/wp-content\/uploads\/2025\/07\/bloomer-bebe-garcon-velours-bleu-600x800.jpg 600w, https:\/\/voyagedelabaleine.fr\/wp-content\/uploads\/2025\/07\/bloomer-bebe-garcon-velours-bleu-225x300.jpg 225w, https:\/\/voyagedelabaleine.fr\/wp-content\/uploads\/2025\/07\/bloomer-bebe-garcon-velours-bleu-768x1024.jpg 768w, https:\/\/voyagedelabaleine.fr\/wp-content\/uploads\/2025\/07\/bloomer-bebe-garcon-velours-bleu-1152x1536.jpg 1152w, https:\/\/voyagedelabaleine.fr\/wp-content\/uploads\/2025\/07\/bloomer-bebe-garcon-velours-bleu.jpg 1200w\" sizes=\"(max-width: 600px) 100vw, 600px\" \/><img decoding=\"async\" width=\"600\" height=\"800\" src=\"https:\/\/voyagedelabaleine.fr\/wp-content\/uploads\/2025\/07\/bloomer-bebe-garcon-velours-bleu-1-600x800.jpg\" class=\"woo-entry-image-secondary\" alt=\"Bloomer neonato in velluto a coste &#8211; Blu\" itemprop=\"image\" srcset=\"https:\/\/voyagedelabaleine.fr\/wp-content\/uploads\/2025\/07\/bloomer-bebe-garcon-velours-bleu-1-600x800.jpg 600w, https:\/\/voyagedelabaleine.fr\/wp-content\/uploads\/2025\/07\/bloomer-bebe-garcon-velours-bleu-1-225x300.jpg 225w, https:\/\/voyagedelabaleine.fr\/wp-content\/uploads\/2025\/07\/bloomer-bebe-garcon-velours-bleu-1-768x1024.jpg 768w, https:\/\/voyagedelabaleine.fr\/wp-content\/uploads\/2025\/07\/bloomer-bebe-garcon-velours-bleu-1-1152x1536.jpg 1152w, https:\/\/voyagedelabaleine.fr\/wp-content\/uploads\/2025\/07\/bloomer-bebe-garcon-velours-bleu-1.jpg 1200w\" sizes=\"(max-width: 600px) 100vw, 600px\" \/><\/a>\t<\/div><!-- .woo-entry-image-swap -->\n\n<\/li><li class=\"title\"><h2><a href=\"https:\/\/voyagedelabaleine.fr\/it\/prodotto\/bloomer-neonato-in-velluto-a-coste-blu\/\">Bloomer neonato in velluto a coste &#8211; Blu<\/a><\/h2><\/li><li class=\"price-wrap\">\n\t<span class=\"price\"><span class=\"woocommerce-Price-amount amount\"><bdi>38<span class=\"woocommerce-Price-currencySymbol\">&euro;<\/span><\/bdi><\/span><\/span>\n<\/li><\/ul><\/div><!-- .product-inner .clr --><\/li>\n<li class=\"entry has-media col span_1_of_3 owp-content-center owp-thumbs-layout-vertical owp-btn-big owp-tabs-layout-vertical circle-sale product type-product post-32243 status-publish last instock product_cat-calze-collant-neonati-bambini product_cat-calzini-collant-nascita product_cat-calzini-collant-nascita-ragazza product_cat-calzini-collant-nascita-ragazzo-2 product_cat-calzini-collant-bambina product_cat-calzini-collant-bambini product_cat-calzini-collant-bambino product_cat-calzini-collant-neonata product_cat-calzini-collant-neonato has-post-thumbnail taxable shipping-taxable purchasable product-type-variable has-default-attributes\">\n\t<div class=\"product-inner clr\">\n\t<div class=\"woo-entry-image-swap woo-entry-image clr\">\n\t\t<a href=\"https:\/\/voyagedelabaleine.fr\/it\/prodotto\/collant-neonato-a-costine-grigio\/\" class=\"woocommerce-LoopProduct-link\"><img decoding=\"async\" width=\"600\" height=\"800\" src=\"https:\/\/voyagedelabaleine.fr\/wp-content\/uploads\/2024\/09\/collant-bebe-coltele-gris-1-600x800.jpg\" class=\"woo-entry-image-main\" alt=\"Collant neonato a costine &#8211; Grigio\" itemprop=\"image\" srcset=\"https:\/\/voyagedelabaleine.fr\/wp-content\/uploads\/2024\/09\/collant-bebe-coltele-gris-1-600x800.jpg 600w, https:\/\/voyagedelabaleine.fr\/wp-content\/uploads\/2024\/09\/collant-bebe-coltele-gris-1-225x300.jpg 225w, https:\/\/voyagedelabaleine.fr\/wp-content\/uploads\/2024\/09\/collant-bebe-coltele-gris-1-768x1024.jpg 768w, https:\/\/voyagedelabaleine.fr\/wp-content\/uploads\/2024\/09\/collant-bebe-coltele-gris-1.jpg 855w\" sizes=\"(max-width: 600px) 100vw, 600px\" \/><img decoding=\"async\" width=\"600\" height=\"800\" src=\"https:\/\/voyagedelabaleine.fr\/wp-content\/uploads\/2024\/09\/collant-bebe-cotele-gris-2-1-600x800.jpg\" class=\"woo-entry-image-secondary\" alt=\"Collant neonato a costine &#8211; Grigio\" itemprop=\"image\" srcset=\"https:\/\/voyagedelabaleine.fr\/wp-content\/uploads\/2024\/09\/collant-bebe-cotele-gris-2-1-600x800.jpg 600w, https:\/\/voyagedelabaleine.fr\/wp-content\/uploads\/2024\/09\/collant-bebe-cotele-gris-2-1-225x300.jpg 225w, https:\/\/voyagedelabaleine.fr\/wp-content\/uploads\/2024\/09\/collant-bebe-cotele-gris-2-1-768x1024.jpg 768w, https:\/\/voyagedelabaleine.fr\/wp-content\/uploads\/2024\/09\/collant-bebe-cotele-gris-2-1.jpg 855w\" sizes=\"(max-width: 600px) 100vw, 600px\" \/><\/a>\t<\/div><!-- .woo-entry-image-swap -->\n\n<ul class=\"woo-entry-inner clr\"><li class=\"image-wrap\">\n\t<div class=\"woo-entry-image-swap woo-entry-image clr\">\n\t\t<a href=\"https:\/\/voyagedelabaleine.fr\/it\/prodotto\/collant-neonato-a-costine-grigio\/\" class=\"woocommerce-LoopProduct-link\"><img decoding=\"async\" width=\"600\" height=\"800\" src=\"https:\/\/voyagedelabaleine.fr\/wp-content\/uploads\/2024\/09\/collant-bebe-coltele-gris-1-600x800.jpg\" class=\"woo-entry-image-main\" alt=\"Collant neonato a costine &#8211; Grigio\" itemprop=\"image\" srcset=\"https:\/\/voyagedelabaleine.fr\/wp-content\/uploads\/2024\/09\/collant-bebe-coltele-gris-1-600x800.jpg 600w, https:\/\/voyagedelabaleine.fr\/wp-content\/uploads\/2024\/09\/collant-bebe-coltele-gris-1-225x300.jpg 225w, https:\/\/voyagedelabaleine.fr\/wp-content\/uploads\/2024\/09\/collant-bebe-coltele-gris-1-768x1024.jpg 768w, https:\/\/voyagedelabaleine.fr\/wp-content\/uploads\/2024\/09\/collant-bebe-coltele-gris-1.jpg 855w\" sizes=\"(max-width: 600px) 100vw, 600px\" \/><img decoding=\"async\" width=\"600\" height=\"800\" src=\"https:\/\/voyagedelabaleine.fr\/wp-content\/uploads\/2024\/09\/collant-bebe-cotele-gris-2-1-600x800.jpg\" class=\"woo-entry-image-secondary\" alt=\"Collant neonato a costine &#8211; Grigio\" itemprop=\"image\" srcset=\"https:\/\/voyagedelabaleine.fr\/wp-content\/uploads\/2024\/09\/collant-bebe-cotele-gris-2-1-600x800.jpg 600w, https:\/\/voyagedelabaleine.fr\/wp-content\/uploads\/2024\/09\/collant-bebe-cotele-gris-2-1-225x300.jpg 225w, https:\/\/voyagedelabaleine.fr\/wp-content\/uploads\/2024\/09\/collant-bebe-cotele-gris-2-1-768x1024.jpg 768w, https:\/\/voyagedelabaleine.fr\/wp-content\/uploads\/2024\/09\/collant-bebe-cotele-gris-2-1.jpg 855w\" sizes=\"(max-width: 600px) 100vw, 600px\" \/><\/a>\t<\/div><!-- .woo-entry-image-swap -->\n\n<\/li><li class=\"title\"><h2><a href=\"https:\/\/voyagedelabaleine.fr\/it\/prodotto\/collant-neonato-a-costine-grigio\/\">Collant neonato a costine &#8211; Grigio<\/a><\/h2><\/li><li class=\"price-wrap\">\n\t<span class=\"price\"><span class=\"woocommerce-Price-amount amount\"><bdi>14<span class=\"woocommerce-Price-currencySymbol\">&euro;<\/span><\/bdi><\/span><\/span>\n<\/li><\/ul><\/div><!-- .product-inner .clr --><\/li>\n<\/ul>\n<\/div><\/div>\n\t\t\t\t\t\t<\/div>\n\t\t\t\t<\/div>\n\t\t<div class=\"elementor-element elementor-element-ca36acd e-con-full e-flex e-con e-parent\" data-id=\"ca36acd\" data-element_type=\"container\" data-e-type=\"container\">\n\t\t\t\t<div class=\"elementor-element elementor-element-c3c72fe elementor-widget-divider--separator-type-pattern elementor-widget-divider--view-line elementor-widget elementor-widget-divider\" data-id=\"c3c72fe\" data-element_type=\"widget\" data-e-type=\"widget\" data-widget_type=\"divider.default\">\n\t\t\t\t\t\t\t<div class=\"elementor-divider\" style=\"--divider-pattern-url: url(&quot;data:image\/svg+xml,%3Csvg xmlns=&#039;http:\/\/www.w3.org\/2000\/svg&#039; preserveAspectRatio=&#039;none&#039; overflow=&#039;visible&#039; height=&#039;100%&#039; viewBox=&#039;0 0 24 24&#039; fill=&#039;black&#039; stroke=&#039;none&#039;%3E%3Cpath d=&#039;M12.7,2.3c-0.4-0.4-1.1-0.4-1.5,0l-8,9.1c-0.3,0.4-0.3,0.9,0,1.2l8,9.1c0.4,0.4,1.1,0.4,1.5,0l8-9.1c0.3-0.4,0.3-0.9,0-1.2L12.7,2.3z&#039;\/%3E%3C\/svg%3E&quot;);\">\n\t\t\t<span class=\"elementor-divider-separator\">\n\t\t\t\t\t\t<\/span>\n\t\t<\/div>\n\t\t\t\t\t\t<\/div>\n\t\t\t\t<div class=\"elementor-element elementor-element-4d98528 elementor-widget__width-initial elementor-widget-mobile__width-inherit elementor-widget elementor-widget-shortcode\" data-id=\"4d98528\" data-element_type=\"widget\" data-e-type=\"widget\" data-widget_type=\"shortcode.default\">\n\t\t\t\t\t\t\t<div class=\"elementor-shortcode\"><div class=\"woocommerce columns-1 \">\r\n<ul class=\"products oceanwp-row clr grid tablet-col tablet-2-col mobile-col mobile-2-col\">\r\n<li class=\"entry has-media col span_1_of_1 owp-content-center owp-thumbs-layout-vertical owp-btn-big owp-tabs-layout-vertical circle-sale product type-product post-33081 status-publish first instock product_cat-abbigliamento product_cat-completi-nascita product_cat-completi-nascita-ragazza product_cat-completi-nascita-ragazzo product_cat-completi-neonata product_cat-completi-neonati product_cat-completi-neonato has-post-thumbnail taxable shipping-taxable purchasable product-type-variable has-default-attributes\">\n\t<div class=\"product-inner clr\">\n\t<div class=\"woo-entry-image-swap woo-entry-image clr\">\n\t\t<a href=\"https:\/\/voyagedelabaleine.fr\/it\/prodotto\/tutina-neonato-in-lana-e-cotone-verde\/\" class=\"woocommerce-LoopProduct-link\"><img decoding=\"async\" width=\"600\" height=\"800\" src=\"https:\/\/voyagedelabaleine.fr\/wp-content\/uploads\/2025\/11\/ensemble-bebe-vert-pale-600x800.jpg\" class=\"woo-entry-image-main\" alt=\"Tutina neonato in lana e cotone &#8211; Verde\" itemprop=\"image\" srcset=\"https:\/\/voyagedelabaleine.fr\/wp-content\/uploads\/2025\/11\/ensemble-bebe-vert-pale-600x800.jpg 600w, https:\/\/voyagedelabaleine.fr\/wp-content\/uploads\/2025\/11\/ensemble-bebe-vert-pale-225x300.jpg 225w, https:\/\/voyagedelabaleine.fr\/wp-content\/uploads\/2025\/11\/ensemble-bebe-vert-pale-768x1023.jpg 768w, https:\/\/voyagedelabaleine.fr\/wp-content\/uploads\/2025\/11\/ensemble-bebe-vert-pale-1153x1536.jpg 1153w, https:\/\/voyagedelabaleine.fr\/wp-content\/uploads\/2025\/11\/ensemble-bebe-vert-pale.jpg 1500w\" sizes=\"(max-width: 600px) 100vw, 600px\" \/><img decoding=\"async\" width=\"600\" height=\"800\" src=\"https:\/\/voyagedelabaleine.fr\/wp-content\/uploads\/2025\/11\/ensemble-bebe-vert-pale-2-600x800.jpg\" class=\"woo-entry-image-secondary\" alt=\"Tutina neonato in lana e cotone &#8211; Verde\" itemprop=\"image\" srcset=\"https:\/\/voyagedelabaleine.fr\/wp-content\/uploads\/2025\/11\/ensemble-bebe-vert-pale-2-600x800.jpg 600w, https:\/\/voyagedelabaleine.fr\/wp-content\/uploads\/2025\/11\/ensemble-bebe-vert-pale-2-225x300.jpg 225w, https:\/\/voyagedelabaleine.fr\/wp-content\/uploads\/2025\/11\/ensemble-bebe-vert-pale-2-768x1024.jpg 768w, https:\/\/voyagedelabaleine.fr\/wp-content\/uploads\/2025\/11\/ensemble-bebe-vert-pale-2.jpg 1100w\" sizes=\"(max-width: 600px) 100vw, 600px\" \/><\/a>\t<\/div><!-- .woo-entry-image-swap -->\n\n<ul class=\"woo-entry-inner clr\"><li class=\"image-wrap\">\n\t<div class=\"woo-entry-image-swap woo-entry-image clr\">\n\t\t<a href=\"https:\/\/voyagedelabaleine.fr\/it\/prodotto\/tutina-neonato-in-lana-e-cotone-verde\/\" class=\"woocommerce-LoopProduct-link\"><img decoding=\"async\" width=\"600\" height=\"800\" src=\"https:\/\/voyagedelabaleine.fr\/wp-content\/uploads\/2025\/11\/ensemble-bebe-vert-pale-600x800.jpg\" class=\"woo-entry-image-main\" alt=\"Tutina neonato in lana e cotone &#8211; Verde\" itemprop=\"image\" srcset=\"https:\/\/voyagedelabaleine.fr\/wp-content\/uploads\/2025\/11\/ensemble-bebe-vert-pale-600x800.jpg 600w, https:\/\/voyagedelabaleine.fr\/wp-content\/uploads\/2025\/11\/ensemble-bebe-vert-pale-225x300.jpg 225w, https:\/\/voyagedelabaleine.fr\/wp-content\/uploads\/2025\/11\/ensemble-bebe-vert-pale-768x1023.jpg 768w, https:\/\/voyagedelabaleine.fr\/wp-content\/uploads\/2025\/11\/ensemble-bebe-vert-pale-1153x1536.jpg 1153w, https:\/\/voyagedelabaleine.fr\/wp-content\/uploads\/2025\/11\/ensemble-bebe-vert-pale.jpg 1500w\" sizes=\"(max-width: 600px) 100vw, 600px\" \/><img decoding=\"async\" width=\"600\" height=\"800\" src=\"https:\/\/voyagedelabaleine.fr\/wp-content\/uploads\/2025\/11\/ensemble-bebe-vert-pale-2-600x800.jpg\" class=\"woo-entry-image-secondary\" alt=\"Tutina neonato in lana e cotone &#8211; Verde\" itemprop=\"image\" srcset=\"https:\/\/voyagedelabaleine.fr\/wp-content\/uploads\/2025\/11\/ensemble-bebe-vert-pale-2-600x800.jpg 600w, https:\/\/voyagedelabaleine.fr\/wp-content\/uploads\/2025\/11\/ensemble-bebe-vert-pale-2-225x300.jpg 225w, https:\/\/voyagedelabaleine.fr\/wp-content\/uploads\/2025\/11\/ensemble-bebe-vert-pale-2-768x1024.jpg 768w, https:\/\/voyagedelabaleine.fr\/wp-content\/uploads\/2025\/11\/ensemble-bebe-vert-pale-2.jpg 1100w\" sizes=\"(max-width: 600px) 100vw, 600px\" \/><\/a>\t<\/div><!-- .woo-entry-image-swap -->\n\n<\/li><li class=\"title\"><h2><a href=\"https:\/\/voyagedelabaleine.fr\/it\/prodotto\/tutina-neonato-in-lana-e-cotone-verde\/\">Tutina neonato in lana e cotone &#8211; Verde<\/a><\/h2><\/li><li class=\"price-wrap\">\n\t<span class=\"price\"><span class=\"woocommerce-Price-amount amount\"><bdi>64<span class=\"woocommerce-Price-currencySymbol\">&euro;<\/span><\/bdi><\/span><\/span>\n<\/li><\/ul><\/div><!-- .product-inner .clr --><\/li>\n<\/ul>\n<\/div><\/div>\n\t\t\t\t\t\t<\/div>\n\t\t\t\t<\/div>\n\t\t<div class=\"elementor-element elementor-element-12dcafb e-con-full e-flex e-con e-parent\" data-id=\"12dcafb\" data-element_type=\"container\" data-e-type=\"container\">\n\t\t\t\t<div class=\"elementor-element elementor-element-67e57fc elementor-widget-divider--separator-type-pattern elementor-widget-divider--view-line elementor-widget elementor-widget-divider\" data-id=\"67e57fc\" data-element_type=\"widget\" data-e-type=\"widget\" data-widget_type=\"divider.default\">\n\t\t\t\t\t\t\t<div class=\"elementor-divider\" style=\"--divider-pattern-url: url(&quot;data:image\/svg+xml,%3Csvg xmlns=&#039;http:\/\/www.w3.org\/2000\/svg&#039; preserveAspectRatio=&#039;none&#039; overflow=&#039;visible&#039; height=&#039;100%&#039; viewBox=&#039;0 0 24 24&#039; fill=&#039;black&#039; stroke=&#039;none&#039;%3E%3Cpath d=&#039;M12.7,2.3c-0.4-0.4-1.1-0.4-1.5,0l-8,9.1c-0.3,0.4-0.3,0.9,0,1.2l8,9.1c0.4,0.4,1.1,0.4,1.5,0l8-9.1c0.3-0.4,0.3-0.9,0-1.2L12.7,2.3z&#039;\/%3E%3C\/svg%3E&quot;);\">\n\t\t\t<span class=\"elementor-divider-separator\">\n\t\t\t\t\t\t<\/span>\n\t\t<\/div>\n\t\t\t\t\t\t<\/div>\n\t\t\t\t<div class=\"elementor-element elementor-element-df1fa55 elementor-widget__width-initial elementor-widget-mobile__width-inherit elementor-widget elementor-widget-shortcode\" data-id=\"df1fa55\" data-element_type=\"widget\" data-e-type=\"widget\" data-widget_type=\"shortcode.default\">\n\t\t\t\t\t\t\t<div class=\"elementor-shortcode\"><div class=\"woocommerce columns-2 \">\r\n<ul class=\"products oceanwp-row clr grid tablet-col tablet-2-col mobile-col mobile-2-col\">\r\n<li class=\"entry has-media col span_1_of_2 owp-content-center owp-thumbs-layout-vertical owp-btn-big owp-tabs-layout-vertical circle-sale product type-product post-35013 status-publish first instock product_cat-accessori-nascita-ragazza product_cat-accessori-nascita-ragazzo product_cat-accessori-nascita product_cat-accessori-neonata product_cat-accessori-neonati product_cat-accessori-neonato has-post-thumbnail taxable shipping-taxable purchasable product-type-variable has-default-attributes\">\n\t<div class=\"product-inner clr\">\n\t<div class=\"woo-entry-image-swap woo-entry-image clr\">\n\t\t<a href=\"https:\/\/voyagedelabaleine.fr\/it\/prodotto\/cappellino-nascita-con-pompon-in-lana-crema\/\" class=\"woocommerce-LoopProduct-link\"><img decoding=\"async\" width=\"600\" height=\"800\" src=\"https:\/\/voyagedelabaleine.fr\/wp-content\/uploads\/2025\/07\/bonnet-naissance-laine-pompon-creme-600x800.jpg\" class=\"woo-entry-image-main\" alt=\"Cappellino nascita con pompon in lana &#8211; Crema\" itemprop=\"image\" \/><img decoding=\"async\" width=\"600\" height=\"800\" src=\"https:\/\/voyagedelabaleine.fr\/wp-content\/uploads\/2025\/07\/bonnet-naissance-laine-pompon-creme-1-600x800.jpg\" class=\"woo-entry-image-secondary\" alt=\"Cappellino nascita con pompon in lana &#8211; Crema\" itemprop=\"image\" \/><\/a>\t<\/div><!-- .woo-entry-image-swap -->\n\n<ul class=\"woo-entry-inner clr\"><li class=\"image-wrap\">\n\t<div class=\"woo-entry-image-swap woo-entry-image clr\">\n\t\t<a href=\"https:\/\/voyagedelabaleine.fr\/it\/prodotto\/cappellino-nascita-con-pompon-in-lana-crema\/\" class=\"woocommerce-LoopProduct-link\"><img decoding=\"async\" width=\"600\" height=\"800\" src=\"https:\/\/voyagedelabaleine.fr\/wp-content\/uploads\/2025\/07\/bonnet-naissance-laine-pompon-creme-600x800.jpg\" class=\"woo-entry-image-main\" alt=\"Cappellino nascita con pompon in lana &#8211; Crema\" itemprop=\"image\" \/><img decoding=\"async\" width=\"600\" height=\"800\" src=\"https:\/\/voyagedelabaleine.fr\/wp-content\/uploads\/2025\/07\/bonnet-naissance-laine-pompon-creme-1-600x800.jpg\" class=\"woo-entry-image-secondary\" alt=\"Cappellino nascita con pompon in lana &#8211; Crema\" itemprop=\"image\" \/><\/a>\t<\/div><!-- .woo-entry-image-swap -->\n\n<\/li><li class=\"title\"><h2><a href=\"https:\/\/voyagedelabaleine.fr\/it\/prodotto\/cappellino-nascita-con-pompon-in-lana-crema\/\">Cappellino nascita con pompon in lana &#8211; Crema<\/a><\/h2><\/li><li class=\"price-wrap\">\n\t<span class=\"price\"><span class=\"woocommerce-Price-amount amount\"><bdi>30<span class=\"woocommerce-Price-currencySymbol\">&euro;<\/span><\/bdi><\/span><\/span>\n<\/li><\/ul><\/div><!-- .product-inner .clr --><\/li>\n<li class=\"entry has-media has-rating col span_1_of_2 owp-content-center owp-thumbs-layout-vertical owp-btn-big owp-tabs-layout-vertical circle-sale product type-product post-35056 status-publish last instock product_cat-abbigliamento product_cat-bloomer-short-pantaloni-nascita product_cat-bloomer-short-pantaloni-nascita-ragazza product_cat-bloomer-short-pantaloni-nascita-ragazzo product_cat-bloomer-short-pantaloni-neonata product_cat-bloomer-short-pantaloni-neonati product_cat-bloomer-short-pantaloni-neonato product_cat-completi-nascita product_cat-completi-nascita-ragazza product_cat-completi-nascita-ragazzo product_cat-completi-neonata product_cat-completi-neonati product_cat-completi-neonato product_cat-maglione-gilet-cardigan-nascita product_cat-maglione-gilet-cardigan-nascita-ragazza product_cat-maglione-gilet-cardigan-nascita-ragazzo product_cat-maglione-gilet-cardigan-neonata product_cat-maglione-gilet-cardigan-neonati product_cat-maglione-gilet-cardigan-neonato has-post-thumbnail taxable shipping-taxable purchasable product-type-variable has-default-attributes\">\n\t<div class=\"product-inner clr\">\n\t<div class=\"woo-entry-image-swap woo-entry-image clr\">\n\t\t<a href=\"https:\/\/voyagedelabaleine.fr\/it\/prodotto\/completo-neonato-maglioncino-in-lana-e-pantalone-con-piedini-a-punto-legaccio-crema\/\" class=\"woocommerce-LoopProduct-link\"><img decoding=\"async\" width=\"600\" height=\"800\" src=\"https:\/\/voyagedelabaleine.fr\/wp-content\/uploads\/2025\/07\/ensemble-bebe-pull-laine-pantalon-pieds-creme-600x800.jpg\" class=\"woo-entry-image-main\" alt=\"Completo neonato maglioncino in lana e pantalone con piedini a punto legaccio \u2013 Crema\" itemprop=\"image\" srcset=\"https:\/\/voyagedelabaleine.fr\/wp-content\/uploads\/2025\/07\/ensemble-bebe-pull-laine-pantalon-pieds-creme-600x801.jpg 600w, https:\/\/voyagedelabaleine.fr\/wp-content\/uploads\/2025\/07\/ensemble-bebe-pull-laine-pantalon-pieds-creme-225x300.jpg 225w, https:\/\/voyagedelabaleine.fr\/wp-content\/uploads\/2025\/07\/ensemble-bebe-pull-laine-pantalon-pieds-creme-768x1025.jpg 768w, https:\/\/voyagedelabaleine.fr\/wp-content\/uploads\/2025\/07\/ensemble-bebe-pull-laine-pantalon-pieds-creme-1151x1536.jpg 1151w, https:\/\/voyagedelabaleine.fr\/wp-content\/uploads\/2025\/07\/ensemble-bebe-pull-laine-pantalon-pieds-creme.jpg 1200w\" sizes=\"(max-width: 600px) 100vw, 600px\" \/><img decoding=\"async\" width=\"600\" height=\"800\" src=\"https:\/\/voyagedelabaleine.fr\/wp-content\/uploads\/2025\/07\/ensemble-bebe-pull-laine-pantalon-pieds-creme-2-600x800.jpg\" class=\"woo-entry-image-secondary\" alt=\"Completo neonato maglioncino in lana e pantalone con piedini a punto legaccio \u2013 Crema\" itemprop=\"image\" srcset=\"https:\/\/voyagedelabaleine.fr\/wp-content\/uploads\/2025\/07\/ensemble-bebe-pull-laine-pantalon-pieds-creme-2-600x801.jpg 600w, https:\/\/voyagedelabaleine.fr\/wp-content\/uploads\/2025\/07\/ensemble-bebe-pull-laine-pantalon-pieds-creme-2-225x300.jpg 225w, https:\/\/voyagedelabaleine.fr\/wp-content\/uploads\/2025\/07\/ensemble-bebe-pull-laine-pantalon-pieds-creme-2.jpg 619w\" sizes=\"(max-width: 600px) 100vw, 600px\" \/><\/a>\t<\/div><!-- .woo-entry-image-swap -->\n\n<ul class=\"woo-entry-inner clr\"><li class=\"image-wrap\">\n\t<div class=\"woo-entry-image-swap woo-entry-image clr\">\n\t\t<a href=\"https:\/\/voyagedelabaleine.fr\/it\/prodotto\/completo-neonato-maglioncino-in-lana-e-pantalone-con-piedini-a-punto-legaccio-crema\/\" class=\"woocommerce-LoopProduct-link\"><img decoding=\"async\" width=\"600\" height=\"800\" src=\"https:\/\/voyagedelabaleine.fr\/wp-content\/uploads\/2025\/07\/ensemble-bebe-pull-laine-pantalon-pieds-creme-600x800.jpg\" class=\"woo-entry-image-main\" alt=\"Completo neonato maglioncino in lana e pantalone con piedini a punto legaccio \u2013 Crema\" itemprop=\"image\" srcset=\"https:\/\/voyagedelabaleine.fr\/wp-content\/uploads\/2025\/07\/ensemble-bebe-pull-laine-pantalon-pieds-creme-600x801.jpg 600w, https:\/\/voyagedelabaleine.fr\/wp-content\/uploads\/2025\/07\/ensemble-bebe-pull-laine-pantalon-pieds-creme-225x300.jpg 225w, https:\/\/voyagedelabaleine.fr\/wp-content\/uploads\/2025\/07\/ensemble-bebe-pull-laine-pantalon-pieds-creme-768x1025.jpg 768w, https:\/\/voyagedelabaleine.fr\/wp-content\/uploads\/2025\/07\/ensemble-bebe-pull-laine-pantalon-pieds-creme-1151x1536.jpg 1151w, https:\/\/voyagedelabaleine.fr\/wp-content\/uploads\/2025\/07\/ensemble-bebe-pull-laine-pantalon-pieds-creme.jpg 1200w\" sizes=\"(max-width: 600px) 100vw, 600px\" \/><img decoding=\"async\" width=\"600\" height=\"800\" src=\"https:\/\/voyagedelabaleine.fr\/wp-content\/uploads\/2025\/07\/ensemble-bebe-pull-laine-pantalon-pieds-creme-2-600x800.jpg\" class=\"woo-entry-image-secondary\" alt=\"Completo neonato maglioncino in lana e pantalone con piedini a punto legaccio \u2013 Crema\" itemprop=\"image\" srcset=\"https:\/\/voyagedelabaleine.fr\/wp-content\/uploads\/2025\/07\/ensemble-bebe-pull-laine-pantalon-pieds-creme-2-600x801.jpg 600w, https:\/\/voyagedelabaleine.fr\/wp-content\/uploads\/2025\/07\/ensemble-bebe-pull-laine-pantalon-pieds-creme-2-225x300.jpg 225w, https:\/\/voyagedelabaleine.fr\/wp-content\/uploads\/2025\/07\/ensemble-bebe-pull-laine-pantalon-pieds-creme-2.jpg 619w\" sizes=\"(max-width: 600px) 100vw, 600px\" \/><\/a>\t<\/div><!-- .woo-entry-image-swap -->\n\n<\/li><li class=\"title\"><h2><a href=\"https:\/\/voyagedelabaleine.fr\/it\/prodotto\/completo-neonato-maglioncino-in-lana-e-pantalone-con-piedini-a-punto-legaccio-crema\/\">Completo neonato maglioncino in lana e pantalone con piedini a punto legaccio \u2013 Crema<\/a><\/h2><\/li><li class=\"price-wrap\">\n\t<span class=\"price\"><span class=\"woocommerce-Price-amount amount\"><bdi>88<span class=\"woocommerce-Price-currencySymbol\">&euro;<\/span><\/bdi><\/span><\/span>\n<\/li><\/ul><\/div><!-- .product-inner .clr --><\/li>\n<\/ul>\n<\/div><\/div>\n\t\t\t\t\t\t<\/div>\n\t\t\t\t<\/div>\n\t\t<div class=\"elementor-element elementor-element-7fba936 e-con-full e-flex e-con e-parent\" data-id=\"7fba936\" data-element_type=\"container\" data-e-type=\"container\">\n\t\t\t\t<div class=\"elementor-element elementor-element-658f13e elementor-widget-divider--separator-type-pattern elementor-widget-divider--view-line elementor-widget elementor-widget-divider\" data-id=\"658f13e\" data-element_type=\"widget\" data-e-type=\"widget\" data-widget_type=\"divider.default\">\n\t\t\t\t\t\t\t<div class=\"elementor-divider\" style=\"--divider-pattern-url: url(&quot;data:image\/svg+xml,%3Csvg xmlns=&#039;http:\/\/www.w3.org\/2000\/svg&#039; preserveAspectRatio=&#039;none&#039; overflow=&#039;visible&#039; height=&#039;100%&#039; viewBox=&#039;0 0 24 24&#039; fill=&#039;black&#039; stroke=&#039;none&#039;%3E%3Cpath d=&#039;M12.7,2.3c-0.4-0.4-1.1-0.4-1.5,0l-8,9.1c-0.3,0.4-0.3,0.9,0,1.2l8,9.1c0.4,0.4,1.1,0.4,1.5,0l8-9.1c0.3-0.4,0.3-0.9,0-1.2L12.7,2.3z&#039;\/%3E%3C\/svg%3E&quot;);\">\n\t\t\t<span class=\"elementor-divider-separator\">\n\t\t\t\t\t\t<\/span>\n\t\t<\/div>\n\t\t\t\t\t\t<\/div>\n\t\t\t\t<div class=\"elementor-element elementor-element-4bf4baa elementor-widget__width-initial elementor-widget-mobile__width-inherit elementor-widget elementor-widget-shortcode\" data-id=\"4bf4baa\" data-element_type=\"widget\" data-e-type=\"widget\" data-widget_type=\"shortcode.default\">\n\t\t\t\t\t\t\t<div class=\"elementor-shortcode\"><div class=\"woocommerce columns-2 \">\r\n<ul class=\"products oceanwp-row clr grid tablet-col tablet-2-col mobile-col mobile-2-col\">\r\n<li class=\"entry has-media col span_1_of_2 owp-content-center owp-thumbs-layout-vertical owp-btn-big owp-tabs-layout-vertical circle-sale product type-product post-31554 status-publish first instock product_cat-abbigliamento product_cat-giacca-cappotto-bambini product_cat-giacca-cappotto-bambino product_cat-giacca-cappotto-neonati product_cat-giacca-cappotto-neonato has-post-thumbnail taxable shipping-taxable purchasable product-type-variable has-default-attributes\">\n\t<div class=\"product-inner clr\">\n\t<div class=\"woo-entry-image-swap woo-entry-image clr\">\n\t\t<a href=\"https:\/\/voyagedelabaleine.fr\/it\/prodotto\/giacca-bambino-effetto-trench-coat-beige\/\" class=\"woocommerce-LoopProduct-link\"><img decoding=\"async\" width=\"600\" height=\"800\" src=\"https:\/\/voyagedelabaleine.fr\/wp-content\/uploads\/2025\/07\/veste-bebe-garcon-trench-beige-600x800.jpg\" class=\"woo-entry-image-main\" alt=\"Giacca bambino effetto &#8220;trench-coat&#8221; &#8211; Beige\" itemprop=\"image\" srcset=\"https:\/\/voyagedelabaleine.fr\/wp-content\/uploads\/2025\/07\/veste-bebe-garcon-trench-beige-600x800.jpg 600w, https:\/\/voyagedelabaleine.fr\/wp-content\/uploads\/2025\/07\/veste-bebe-garcon-trench-beige-225x300.jpg 225w, https:\/\/voyagedelabaleine.fr\/wp-content\/uploads\/2025\/07\/veste-bebe-garcon-trench-beige-768x1024.jpg 768w, https:\/\/voyagedelabaleine.fr\/wp-content\/uploads\/2025\/07\/veste-bebe-garcon-trench-beige-1152x1536.jpg 1152w, https:\/\/voyagedelabaleine.fr\/wp-content\/uploads\/2025\/07\/veste-bebe-garcon-trench-beige.jpg 1200w\" sizes=\"(max-width: 600px) 100vw, 600px\" \/><img decoding=\"async\" width=\"600\" height=\"800\" src=\"https:\/\/voyagedelabaleine.fr\/wp-content\/uploads\/2025\/07\/manteau-bebe-garcon-trench-coat-600x800.jpg\" class=\"woo-entry-image-secondary\" alt=\"Giacca bambino effetto &#8220;trench-coat&#8221; &#8211; Beige\" itemprop=\"image\" srcset=\"https:\/\/voyagedelabaleine.fr\/wp-content\/uploads\/2025\/07\/manteau-bebe-garcon-trench-coat-600x800.jpg 600w, https:\/\/voyagedelabaleine.fr\/wp-content\/uploads\/2025\/07\/manteau-bebe-garcon-trench-coat-225x300.jpg 225w, https:\/\/voyagedelabaleine.fr\/wp-content\/uploads\/2025\/07\/manteau-bebe-garcon-trench-coat-768x1024.jpg 768w, https:\/\/voyagedelabaleine.fr\/wp-content\/uploads\/2025\/07\/manteau-bebe-garcon-trench-coat-1152x1536.jpg 1152w, https:\/\/voyagedelabaleine.fr\/wp-content\/uploads\/2025\/07\/manteau-bebe-garcon-trench-coat.jpg 1200w\" sizes=\"(max-width: 600px) 100vw, 600px\" \/><\/a>\t<\/div><!-- .woo-entry-image-swap -->\n\n<ul class=\"woo-entry-inner clr\"><li class=\"image-wrap\">\n\t<div class=\"woo-entry-image-swap woo-entry-image clr\">\n\t\t<a href=\"https:\/\/voyagedelabaleine.fr\/it\/prodotto\/giacca-bambino-effetto-trench-coat-beige\/\" class=\"woocommerce-LoopProduct-link\"><img decoding=\"async\" width=\"600\" height=\"800\" src=\"https:\/\/voyagedelabaleine.fr\/wp-content\/uploads\/2025\/07\/veste-bebe-garcon-trench-beige-600x800.jpg\" class=\"woo-entry-image-main\" alt=\"Giacca bambino effetto &#8220;trench-coat&#8221; &#8211; Beige\" itemprop=\"image\" srcset=\"https:\/\/voyagedelabaleine.fr\/wp-content\/uploads\/2025\/07\/veste-bebe-garcon-trench-beige-600x800.jpg 600w, https:\/\/voyagedelabaleine.fr\/wp-content\/uploads\/2025\/07\/veste-bebe-garcon-trench-beige-225x300.jpg 225w, https:\/\/voyagedelabaleine.fr\/wp-content\/uploads\/2025\/07\/veste-bebe-garcon-trench-beige-768x1024.jpg 768w, https:\/\/voyagedelabaleine.fr\/wp-content\/uploads\/2025\/07\/veste-bebe-garcon-trench-beige-1152x1536.jpg 1152w, https:\/\/voyagedelabaleine.fr\/wp-content\/uploads\/2025\/07\/veste-bebe-garcon-trench-beige.jpg 1200w\" sizes=\"(max-width: 600px) 100vw, 600px\" \/><img decoding=\"async\" width=\"600\" height=\"800\" src=\"https:\/\/voyagedelabaleine.fr\/wp-content\/uploads\/2025\/07\/manteau-bebe-garcon-trench-coat-600x800.jpg\" class=\"woo-entry-image-secondary\" alt=\"Giacca bambino effetto &#8220;trench-coat&#8221; &#8211; Beige\" itemprop=\"image\" srcset=\"https:\/\/voyagedelabaleine.fr\/wp-content\/uploads\/2025\/07\/manteau-bebe-garcon-trench-coat-600x800.jpg 600w, https:\/\/voyagedelabaleine.fr\/wp-content\/uploads\/2025\/07\/manteau-bebe-garcon-trench-coat-225x300.jpg 225w, https:\/\/voyagedelabaleine.fr\/wp-content\/uploads\/2025\/07\/manteau-bebe-garcon-trench-coat-768x1024.jpg 768w, https:\/\/voyagedelabaleine.fr\/wp-content\/uploads\/2025\/07\/manteau-bebe-garcon-trench-coat-1152x1536.jpg 1152w, https:\/\/voyagedelabaleine.fr\/wp-content\/uploads\/2025\/07\/manteau-bebe-garcon-trench-coat.jpg 1200w\" sizes=\"(max-width: 600px) 100vw, 600px\" \/><\/a>\t<\/div><!-- .woo-entry-image-swap -->\n\n<\/li><li class=\"title\"><h2><a href=\"https:\/\/voyagedelabaleine.fr\/it\/prodotto\/giacca-bambino-effetto-trench-coat-beige\/\">Giacca bambino effetto &#8220;trench-coat&#8221; &#8211; Beige<\/a><\/h2><\/li><li class=\"price-wrap\">\n\t<span class=\"price\"><span class=\"woocommerce-Price-amount amount\"><bdi>86<span class=\"woocommerce-Price-currencySymbol\">&euro;<\/span><\/bdi><\/span><\/span>\n<\/li><\/ul><\/div><!-- .product-inner .clr --><\/li>\n<li class=\"entry has-media col span_1_of_2 owp-content-center owp-thumbs-layout-vertical owp-btn-big owp-tabs-layout-vertical circle-sale product type-product post-30402 status-publish last instock product_cat-abbigliamento product_cat-maglione-gilet-cardigan-nascita product_cat-maglione-gilet-cardigan-nascita-ragazza product_cat-maglione-gilet-cardigan-nascita-ragazzo product_cat-maglione-gilet-cardigan-bambina product_cat-maglione-gilet-cardigan-bambini product_cat-maglione-gilet-cardigan-bambino product_cat-maglione-gilet-cardigan-neonata product_cat-maglione-gilet-cardigan-neonati product_cat-maglione-gilet-cardigan-neonato has-post-thumbnail taxable shipping-taxable purchasable product-type-variable has-default-attributes\">\n\t<div class=\"product-inner clr\">\n\t<div class=\"woo-entry-image-swap woo-entry-image clr\">\n\t\t<a href=\"https:\/\/voyagedelabaleine.fr\/it\/prodotto\/maglioncino-neonato-in-lana-motivo-abeti-beige\/\" class=\"woocommerce-LoopProduct-link\"><img decoding=\"async\" width=\"600\" height=\"800\" src=\"https:\/\/voyagedelabaleine.fr\/wp-content\/uploads\/2025\/07\/pull-bebe-beige-motif-sapins-600x800.jpg\" class=\"woo-entry-image-main\" alt=\"Maglioncino neonato in lana motivo abeti &#8211; Beige\" itemprop=\"image\" srcset=\"https:\/\/voyagedelabaleine.fr\/wp-content\/uploads\/2025\/07\/pull-bebe-beige-motif-sapins-600x800.jpg 600w, https:\/\/voyagedelabaleine.fr\/wp-content\/uploads\/2025\/07\/pull-bebe-beige-motif-sapins-225x300.jpg 225w, https:\/\/voyagedelabaleine.fr\/wp-content\/uploads\/2025\/07\/pull-bebe-beige-motif-sapins-768x1024.jpg 768w, https:\/\/voyagedelabaleine.fr\/wp-content\/uploads\/2025\/07\/pull-bebe-beige-motif-sapins.jpg 1100w\" sizes=\"(max-width: 600px) 100vw, 600px\" \/><img decoding=\"async\" width=\"593\" height=\"791\" src=\"https:\/\/voyagedelabaleine.fr\/wp-content\/uploads\/2025\/07\/pull-bebe-laine-motif-sapins-1.jpg\" class=\"woo-entry-image-secondary\" alt=\"Maglioncino neonato in lana motivo abeti &#8211; Beige\" itemprop=\"image\" srcset=\"https:\/\/voyagedelabaleine.fr\/wp-content\/uploads\/2025\/07\/pull-bebe-laine-motif-sapins-1.jpg 593w, https:\/\/voyagedelabaleine.fr\/wp-content\/uploads\/2025\/07\/pull-bebe-laine-motif-sapins-1-225x300.jpg 225w\" sizes=\"(max-width: 593px) 100vw, 593px\" \/><\/a>\t<\/div><!-- .woo-entry-image-swap -->\n\n<ul class=\"woo-entry-inner clr\"><li class=\"image-wrap\">\n\t<div class=\"woo-entry-image-swap woo-entry-image clr\">\n\t\t<a href=\"https:\/\/voyagedelabaleine.fr\/it\/prodotto\/maglioncino-neonato-in-lana-motivo-abeti-beige\/\" class=\"woocommerce-LoopProduct-link\"><img decoding=\"async\" width=\"600\" height=\"800\" src=\"https:\/\/voyagedelabaleine.fr\/wp-content\/uploads\/2025\/07\/pull-bebe-beige-motif-sapins-600x800.jpg\" class=\"woo-entry-image-main\" alt=\"Maglioncino neonato in lana motivo abeti &#8211; Beige\" itemprop=\"image\" srcset=\"https:\/\/voyagedelabaleine.fr\/wp-content\/uploads\/2025\/07\/pull-bebe-beige-motif-sapins-600x800.jpg 600w, https:\/\/voyagedelabaleine.fr\/wp-content\/uploads\/2025\/07\/pull-bebe-beige-motif-sapins-225x300.jpg 225w, https:\/\/voyagedelabaleine.fr\/wp-content\/uploads\/2025\/07\/pull-bebe-beige-motif-sapins-768x1024.jpg 768w, https:\/\/voyagedelabaleine.fr\/wp-content\/uploads\/2025\/07\/pull-bebe-beige-motif-sapins.jpg 1100w\" sizes=\"(max-width: 600px) 100vw, 600px\" \/><img decoding=\"async\" width=\"593\" height=\"791\" src=\"https:\/\/voyagedelabaleine.fr\/wp-content\/uploads\/2025\/07\/pull-bebe-laine-motif-sapins-1.jpg\" class=\"woo-entry-image-secondary\" alt=\"Maglioncino neonato in lana motivo abeti &#8211; Beige\" itemprop=\"image\" srcset=\"https:\/\/voyagedelabaleine.fr\/wp-content\/uploads\/2025\/07\/pull-bebe-laine-motif-sapins-1.jpg 593w, https:\/\/voyagedelabaleine.fr\/wp-content\/uploads\/2025\/07\/pull-bebe-laine-motif-sapins-1-225x300.jpg 225w\" sizes=\"(max-width: 593px) 100vw, 593px\" \/><\/a>\t<\/div><!-- .woo-entry-image-swap -->\n\n<\/li><li class=\"title\"><h2><a href=\"https:\/\/voyagedelabaleine.fr\/it\/prodotto\/maglioncino-neonato-in-lana-motivo-abeti-beige\/\">Maglioncino neonato in lana motivo abeti &#8211; Beige<\/a><\/h2><\/li><li class=\"price-wrap\">\n\t<span class=\"price\"><span class=\"woocommerce-Price-amount amount\" aria-hidden=\"true\"><bdi>68<span class=\"woocommerce-Price-currencySymbol\">&euro;<\/span><\/bdi><\/span> <span aria-hidden=\"true\">-<\/span> <span class=\"woocommerce-Price-amount amount\" aria-hidden=\"true\"><bdi>74<span class=\"woocommerce-Price-currencySymbol\">&euro;<\/span><\/bdi><\/span><span class=\"screen-reader-text\">Fascia di prezzo: da 68&euro; a 74&euro;<\/span><\/span>\n<\/li><\/ul><\/div><!-- .product-inner .clr --><\/li>\n<\/ul>\n<\/div><\/div>\n\t\t\t\t\t\t<\/div>\n\t\t\t\t<\/div>\n\t\t<div class=\"elementor-element elementor-element-3ad195c e-con-full e-flex e-con e-parent\" data-id=\"3ad195c\" data-element_type=\"container\" data-e-type=\"container\">\n\t\t\t\t<div class=\"elementor-element elementor-element-5e09ac3 elementor-widget-divider--separator-type-pattern elementor-widget-divider--view-line elementor-widget elementor-widget-divider\" data-id=\"5e09ac3\" data-element_type=\"widget\" data-e-type=\"widget\" data-widget_type=\"divider.default\">\n\t\t\t\t\t\t\t<div class=\"elementor-divider\" style=\"--divider-pattern-url: url(&quot;data:image\/svg+xml,%3Csvg xmlns=&#039;http:\/\/www.w3.org\/2000\/svg&#039; preserveAspectRatio=&#039;none&#039; overflow=&#039;visible&#039; height=&#039;100%&#039; viewBox=&#039;0 0 24 24&#039; fill=&#039;black&#039; stroke=&#039;none&#039;%3E%3Cpath d=&#039;M12.7,2.3c-0.4-0.4-1.1-0.4-1.5,0l-8,9.1c-0.3,0.4-0.3,0.9,0,1.2l8,9.1c0.4,0.4,1.1,0.4,1.5,0l8-9.1c0.3-0.4,0.3-0.9,0-1.2L12.7,2.3z&#039;\/%3E%3C\/svg%3E&quot;);\">\n\t\t\t<span class=\"elementor-divider-separator\">\n\t\t\t\t\t\t<\/span>\n\t\t<\/div>\n\t\t\t\t\t\t<\/div>\n\t\t\t\t<div class=\"elementor-element elementor-element-f99aa13 elementor-widget__width-initial elementor-widget-mobile__width-inherit elementor-widget elementor-widget-shortcode\" data-id=\"f99aa13\" data-element_type=\"widget\" data-e-type=\"widget\" data-widget_type=\"shortcode.default\">\n\t\t\t\t\t\t\t<div class=\"elementor-shortcode\"><div class=\"woocommerce columns-2 \">\r\n<ul class=\"products oceanwp-row clr grid tablet-col tablet-2-col mobile-col mobile-2-col\">\r\n<li class=\"entry has-media col span_1_of_2 owp-content-center owp-thumbs-layout-vertical owp-btn-big owp-tabs-layout-vertical circle-sale product type-product post-32771 status-publish first instock product_cat-abbigliamento product_cat-maglione-gilet-cardigan-bambini product_cat-maglione-gilet-cardigan-bambino product_cat-maglione-gilet-cardigan-neonati product_cat-maglione-gilet-cardigan-neonato has-post-thumbnail taxable shipping-taxable purchasable product-type-variable has-default-attributes\">\n\t<div class=\"product-inner clr\">\n\t<div class=\"woo-entry-image-swap woo-entry-image clr\">\n\t\t<a href=\"https:\/\/voyagedelabaleine.fr\/it\/prodotto\/maglioncino-bambino-verde-beige\/\" class=\"woocommerce-LoopProduct-link\"><img decoding=\"async\" width=\"600\" height=\"800\" src=\"https:\/\/voyagedelabaleine.fr\/wp-content\/uploads\/2025\/07\/pull-garcon-bicolore-vert-beige-600x800.jpg\" class=\"woo-entry-image-main\" alt=\"Maglioncino bambino &#8211; Verde\/beige\" itemprop=\"image\" srcset=\"https:\/\/voyagedelabaleine.fr\/wp-content\/uploads\/2025\/07\/pull-garcon-bicolore-vert-beige-600x800.jpg 600w, https:\/\/voyagedelabaleine.fr\/wp-content\/uploads\/2025\/07\/pull-garcon-bicolore-vert-beige-225x300.jpg 225w, https:\/\/voyagedelabaleine.fr\/wp-content\/uploads\/2025\/07\/pull-garcon-bicolore-vert-beige-768x1025.jpg 768w, https:\/\/voyagedelabaleine.fr\/wp-content\/uploads\/2025\/07\/pull-garcon-bicolore-vert-beige.jpg 1000w\" sizes=\"(max-width: 600px) 100vw, 600px\" \/><img decoding=\"async\" width=\"600\" height=\"800\" src=\"https:\/\/voyagedelabaleine.fr\/wp-content\/uploads\/2025\/07\/pull-enfant-garcon-vert-beige-3-600x800.jpg\" class=\"woo-entry-image-secondary\" alt=\"Maglioncino bambino &#8211; Verde\/beige\" itemprop=\"image\" srcset=\"https:\/\/voyagedelabaleine.fr\/wp-content\/uploads\/2025\/07\/pull-enfant-garcon-vert-beige-3-600x800.jpg 600w, https:\/\/voyagedelabaleine.fr\/wp-content\/uploads\/2025\/07\/pull-enfant-garcon-vert-beige-3-225x300.jpg 225w, https:\/\/voyagedelabaleine.fr\/wp-content\/uploads\/2025\/07\/pull-enfant-garcon-vert-beige-3-768x1024.jpg 768w, https:\/\/voyagedelabaleine.fr\/wp-content\/uploads\/2025\/07\/pull-enfant-garcon-vert-beige-3.jpg 1100w\" sizes=\"(max-width: 600px) 100vw, 600px\" \/><\/a>\t<\/div><!-- .woo-entry-image-swap -->\n\n<ul class=\"woo-entry-inner clr\"><li class=\"image-wrap\">\n\t<div class=\"woo-entry-image-swap woo-entry-image clr\">\n\t\t<a href=\"https:\/\/voyagedelabaleine.fr\/it\/prodotto\/maglioncino-bambino-verde-beige\/\" class=\"woocommerce-LoopProduct-link\"><img decoding=\"async\" width=\"600\" height=\"800\" src=\"https:\/\/voyagedelabaleine.fr\/wp-content\/uploads\/2025\/07\/pull-garcon-bicolore-vert-beige-600x800.jpg\" class=\"woo-entry-image-main\" alt=\"Maglioncino bambino &#8211; Verde\/beige\" itemprop=\"image\" srcset=\"https:\/\/voyagedelabaleine.fr\/wp-content\/uploads\/2025\/07\/pull-garcon-bicolore-vert-beige-600x800.jpg 600w, https:\/\/voyagedelabaleine.fr\/wp-content\/uploads\/2025\/07\/pull-garcon-bicolore-vert-beige-225x300.jpg 225w, https:\/\/voyagedelabaleine.fr\/wp-content\/uploads\/2025\/07\/pull-garcon-bicolore-vert-beige-768x1025.jpg 768w, https:\/\/voyagedelabaleine.fr\/wp-content\/uploads\/2025\/07\/pull-garcon-bicolore-vert-beige.jpg 1000w\" sizes=\"(max-width: 600px) 100vw, 600px\" \/><img decoding=\"async\" width=\"600\" height=\"800\" src=\"https:\/\/voyagedelabaleine.fr\/wp-content\/uploads\/2025\/07\/pull-enfant-garcon-vert-beige-3-600x800.jpg\" class=\"woo-entry-image-secondary\" alt=\"Maglioncino bambino &#8211; Verde\/beige\" itemprop=\"image\" srcset=\"https:\/\/voyagedelabaleine.fr\/wp-content\/uploads\/2025\/07\/pull-enfant-garcon-vert-beige-3-600x800.jpg 600w, https:\/\/voyagedelabaleine.fr\/wp-content\/uploads\/2025\/07\/pull-enfant-garcon-vert-beige-3-225x300.jpg 225w, https:\/\/voyagedelabaleine.fr\/wp-content\/uploads\/2025\/07\/pull-enfant-garcon-vert-beige-3-768x1024.jpg 768w, https:\/\/voyagedelabaleine.fr\/wp-content\/uploads\/2025\/07\/pull-enfant-garcon-vert-beige-3.jpg 1100w\" sizes=\"(max-width: 600px) 100vw, 600px\" \/><\/a>\t<\/div><!-- .woo-entry-image-swap -->\n\n<\/li><li class=\"title\"><h2><a href=\"https:\/\/voyagedelabaleine.fr\/it\/prodotto\/maglioncino-bambino-verde-beige\/\">Maglioncino bambino &#8211; Verde\/beige<\/a><\/h2><\/li><li class=\"price-wrap\">\n\t<span class=\"price\"><span class=\"woocommerce-Price-amount amount\"><bdi>68<span class=\"woocommerce-Price-currencySymbol\">&euro;<\/span><\/bdi><\/span><\/span>\n<\/li><\/ul><\/div><!-- .product-inner .clr --><\/li>\n<li class=\"entry has-media col span_1_of_2 owp-content-center owp-thumbs-layout-vertical owp-btn-big owp-tabs-layout-vertical circle-sale product type-product post-34894 status-publish last instock product_cat-abbigliamento product_cat-bloomer-short-pantaloni-nascita product_cat-bloomer-short-pantaloni-nascita-ragazza product_cat-bloomer-short-pantaloni-nascita-ragazzo product_cat-bloomer-short-pantaloni-neonata product_cat-bloomer-short-pantaloni-neonati product_cat-bloomer-short-pantaloni-neonato product_cat-pantaloni-short-bambina product_cat-pantaloni-short-bambini product_cat-pantaloni-short-bambino has-post-thumbnail taxable shipping-taxable purchasable product-type-variable has-default-attributes\">\n\t<div class=\"product-inner clr\">\n\t<div class=\"woo-entry-image-swap woo-entry-image clr\">\n\t\t<a href=\"https:\/\/voyagedelabaleine.fr\/it\/prodotto\/pantaloni-neonato-in-velluto-a-coste-blu-navy\/\" class=\"woocommerce-LoopProduct-link\"><img decoding=\"async\" width=\"600\" height=\"800\" src=\"https:\/\/voyagedelabaleine.fr\/wp-content\/uploads\/2025\/07\/pantalon-enfant-velours-cotele-marine-600x800.jpg\" class=\"woo-entry-image-main\" alt=\"Pantaloni neonato in velluto a coste &#8211; Blu navy\" itemprop=\"image\" srcset=\"https:\/\/voyagedelabaleine.fr\/wp-content\/uploads\/2025\/07\/pantalon-enfant-velours-cotele-marine-600x800.jpg 600w, https:\/\/voyagedelabaleine.fr\/wp-content\/uploads\/2025\/07\/pantalon-enfant-velours-cotele-marine-225x300.jpg 225w, https:\/\/voyagedelabaleine.fr\/wp-content\/uploads\/2025\/07\/pantalon-enfant-velours-cotele-marine-768x1024.jpg 768w, https:\/\/voyagedelabaleine.fr\/wp-content\/uploads\/2025\/07\/pantalon-enfant-velours-cotele-marine-1152x1536.jpg 1152w, https:\/\/voyagedelabaleine.fr\/wp-content\/uploads\/2025\/07\/pantalon-enfant-velours-cotele-marine.jpg 1200w\" sizes=\"(max-width: 600px) 100vw, 600px\" \/><img decoding=\"async\" width=\"583\" height=\"778\" src=\"https:\/\/voyagedelabaleine.fr\/wp-content\/uploads\/2025\/07\/pantalon-enfant-velours-cotele-marine-1.jpg\" class=\"woo-entry-image-secondary\" alt=\"Pantaloni neonato in velluto a coste &#8211; Blu navy\" itemprop=\"image\" srcset=\"https:\/\/voyagedelabaleine.fr\/wp-content\/uploads\/2025\/07\/pantalon-enfant-velours-cotele-marine-1.jpg 583w, https:\/\/voyagedelabaleine.fr\/wp-content\/uploads\/2025\/07\/pantalon-enfant-velours-cotele-marine-1-225x300.jpg 225w\" sizes=\"(max-width: 583px) 100vw, 583px\" \/><\/a>\t<\/div><!-- .woo-entry-image-swap -->\n\n<ul class=\"woo-entry-inner clr\"><li class=\"image-wrap\">\n\t<div class=\"woo-entry-image-swap woo-entry-image clr\">\n\t\t<a href=\"https:\/\/voyagedelabaleine.fr\/it\/prodotto\/pantaloni-neonato-in-velluto-a-coste-blu-navy\/\" class=\"woocommerce-LoopProduct-link\"><img decoding=\"async\" width=\"600\" height=\"800\" src=\"https:\/\/voyagedelabaleine.fr\/wp-content\/uploads\/2025\/07\/pantalon-enfant-velours-cotele-marine-600x800.jpg\" class=\"woo-entry-image-main\" alt=\"Pantaloni neonato in velluto a coste &#8211; Blu navy\" itemprop=\"image\" srcset=\"https:\/\/voyagedelabaleine.fr\/wp-content\/uploads\/2025\/07\/pantalon-enfant-velours-cotele-marine-600x800.jpg 600w, https:\/\/voyagedelabaleine.fr\/wp-content\/uploads\/2025\/07\/pantalon-enfant-velours-cotele-marine-225x300.jpg 225w, https:\/\/voyagedelabaleine.fr\/wp-content\/uploads\/2025\/07\/pantalon-enfant-velours-cotele-marine-768x1024.jpg 768w, https:\/\/voyagedelabaleine.fr\/wp-content\/uploads\/2025\/07\/pantalon-enfant-velours-cotele-marine-1152x1536.jpg 1152w, https:\/\/voyagedelabaleine.fr\/wp-content\/uploads\/2025\/07\/pantalon-enfant-velours-cotele-marine.jpg 1200w\" sizes=\"(max-width: 600px) 100vw, 600px\" \/><img decoding=\"async\" width=\"583\" height=\"778\" src=\"https:\/\/voyagedelabaleine.fr\/wp-content\/uploads\/2025\/07\/pantalon-enfant-velours-cotele-marine-1.jpg\" class=\"woo-entry-image-secondary\" alt=\"Pantaloni neonato in velluto a coste &#8211; Blu navy\" itemprop=\"image\" srcset=\"https:\/\/voyagedelabaleine.fr\/wp-content\/uploads\/2025\/07\/pantalon-enfant-velours-cotele-marine-1.jpg 583w, https:\/\/voyagedelabaleine.fr\/wp-content\/uploads\/2025\/07\/pantalon-enfant-velours-cotele-marine-1-225x300.jpg 225w\" sizes=\"(max-width: 583px) 100vw, 583px\" \/><\/a>\t<\/div><!-- .woo-entry-image-swap -->\n\n<\/li><li class=\"title\"><h2><a href=\"https:\/\/voyagedelabaleine.fr\/it\/prodotto\/pantaloni-neonato-in-velluto-a-coste-blu-navy\/\">Pantaloni neonato in velluto a coste &#8211; Blu navy<\/a><\/h2><\/li><li class=\"price-wrap\">\n\t<span class=\"price\"><span class=\"woocommerce-Price-amount amount\"><bdi>38<span class=\"woocommerce-Price-currencySymbol\">&euro;<\/span><\/bdi><\/span><\/span>\n<\/li><\/ul><\/div><!-- .product-inner .clr --><\/li>\n<\/ul>\n<\/div><\/div>\n\t\t\t\t\t\t<\/div>\n\t\t\t\t<\/div>\n\t\t<div class=\"elementor-element elementor-element-dcfac83 e-con-full e-flex e-con e-parent\" data-id=\"dcfac83\" data-element_type=\"container\" data-e-type=\"container\">\n\t\t\t\t<div class=\"elementor-element elementor-element-1114369 elementor-widget-divider--separator-type-pattern elementor-widget-divider--view-line elementor-widget elementor-widget-divider\" data-id=\"1114369\" data-element_type=\"widget\" data-e-type=\"widget\" data-widget_type=\"divider.default\">\n\t\t\t\t\t\t\t<div class=\"elementor-divider\" style=\"--divider-pattern-url: url(&quot;data:image\/svg+xml,%3Csvg xmlns=&#039;http:\/\/www.w3.org\/2000\/svg&#039; preserveAspectRatio=&#039;none&#039; overflow=&#039;visible&#039; height=&#039;100%&#039; viewBox=&#039;0 0 24 24&#039; fill=&#039;black&#039; stroke=&#039;none&#039;%3E%3Cpath d=&#039;M12.7,2.3c-0.4-0.4-1.1-0.4-1.5,0l-8,9.1c-0.3,0.4-0.3,0.9,0,1.2l8,9.1c0.4,0.4,1.1,0.4,1.5,0l8-9.1c0.3-0.4,0.3-0.9,0-1.2L12.7,2.3z&#039;\/%3E%3C\/svg%3E&quot;);\">\n\t\t\t<span class=\"elementor-divider-separator\">\n\t\t\t\t\t\t<\/span>\n\t\t<\/div>\n\t\t\t\t\t\t<\/div>\n\t\t\t\t<div class=\"elementor-element elementor-element-348225f elementor-widget__width-initial elementor-widget-mobile__width-inherit elementor-widget elementor-widget-shortcode\" data-id=\"348225f\" data-element_type=\"widget\" data-e-type=\"widget\" data-widget_type=\"shortcode.default\">\n\t\t\t\t\t\t\t<div class=\"elementor-shortcode\"><div class=\"woocommerce columns-2 \">\r\n<ul class=\"products oceanwp-row clr grid tablet-col tablet-2-col mobile-col mobile-2-col\">\r\n<li class=\"entry has-media col span_1_of_2 owp-content-center owp-thumbs-layout-vertical owp-btn-big owp-tabs-layout-vertical circle-sale product type-product post-34866 status-publish first instock product_cat-abbigliamento product_cat-completi-nascita product_cat-completi-nascita-ragazza product_cat-completi-nascita-ragazzo product_cat-completi-neonata product_cat-completi-neonati product_cat-completi-neonato has-post-thumbnail taxable shipping-taxable purchasable product-type-variable has-default-attributes\">\n\t<div class=\"product-inner clr\">\n\t<div class=\"woo-entry-image-swap woo-entry-image clr\">\n\t\t<a href=\"https:\/\/voyagedelabaleine.fr\/it\/prodotto\/tutina-neonato-in-lana-grigio\/\" class=\"woocommerce-LoopProduct-link\"><img decoding=\"async\" width=\"600\" height=\"800\" src=\"https:\/\/voyagedelabaleine.fr\/wp-content\/uploads\/2025\/07\/combinaison-bebe-laine-gris-600x800.jpg\" class=\"woo-entry-image-main\" alt=\"Tutina neonato in lana &#8211; Grigio\" itemprop=\"image\" srcset=\"https:\/\/voyagedelabaleine.fr\/wp-content\/uploads\/2025\/07\/combinaison-bebe-laine-gris-600x800.jpg 600w, https:\/\/voyagedelabaleine.fr\/wp-content\/uploads\/2025\/07\/combinaison-bebe-laine-gris-225x300.jpg 225w, https:\/\/voyagedelabaleine.fr\/wp-content\/uploads\/2025\/07\/combinaison-bebe-laine-gris-768x1024.jpg 768w, https:\/\/voyagedelabaleine.fr\/wp-content\/uploads\/2025\/07\/combinaison-bebe-laine-gris.jpg 1140w\" sizes=\"(max-width: 600px) 100vw, 600px\" \/><img decoding=\"async\" width=\"549\" height=\"732\" src=\"https:\/\/voyagedelabaleine.fr\/wp-content\/uploads\/2025\/07\/combinaison-bebe-laine-gris-2.jpg\" class=\"woo-entry-image-secondary\" alt=\"Tutina neonato in lana &#8211; Grigio\" itemprop=\"image\" srcset=\"https:\/\/voyagedelabaleine.fr\/wp-content\/uploads\/2025\/07\/combinaison-bebe-laine-gris-2.jpg 549w, https:\/\/voyagedelabaleine.fr\/wp-content\/uploads\/2025\/07\/combinaison-bebe-laine-gris-2-225x300.jpg 225w\" sizes=\"(max-width: 549px) 100vw, 549px\" \/><\/a>\t<\/div><!-- .woo-entry-image-swap -->\n\n<ul class=\"woo-entry-inner clr\"><li class=\"image-wrap\">\n\t<div class=\"woo-entry-image-swap woo-entry-image clr\">\n\t\t<a href=\"https:\/\/voyagedelabaleine.fr\/it\/prodotto\/tutina-neonato-in-lana-grigio\/\" class=\"woocommerce-LoopProduct-link\"><img decoding=\"async\" width=\"600\" height=\"800\" src=\"https:\/\/voyagedelabaleine.fr\/wp-content\/uploads\/2025\/07\/combinaison-bebe-laine-gris-600x800.jpg\" class=\"woo-entry-image-main\" alt=\"Tutina neonato in lana &#8211; Grigio\" itemprop=\"image\" srcset=\"https:\/\/voyagedelabaleine.fr\/wp-content\/uploads\/2025\/07\/combinaison-bebe-laine-gris-600x800.jpg 600w, https:\/\/voyagedelabaleine.fr\/wp-content\/uploads\/2025\/07\/combinaison-bebe-laine-gris-225x300.jpg 225w, https:\/\/voyagedelabaleine.fr\/wp-content\/uploads\/2025\/07\/combinaison-bebe-laine-gris-768x1024.jpg 768w, https:\/\/voyagedelabaleine.fr\/wp-content\/uploads\/2025\/07\/combinaison-bebe-laine-gris.jpg 1140w\" sizes=\"(max-width: 600px) 100vw, 600px\" \/><img decoding=\"async\" width=\"549\" height=\"732\" src=\"https:\/\/voyagedelabaleine.fr\/wp-content\/uploads\/2025\/07\/combinaison-bebe-laine-gris-2.jpg\" class=\"woo-entry-image-secondary\" alt=\"Tutina neonato in lana &#8211; Grigio\" itemprop=\"image\" srcset=\"https:\/\/voyagedelabaleine.fr\/wp-content\/uploads\/2025\/07\/combinaison-bebe-laine-gris-2.jpg 549w, https:\/\/voyagedelabaleine.fr\/wp-content\/uploads\/2025\/07\/combinaison-bebe-laine-gris-2-225x300.jpg 225w\" sizes=\"(max-width: 549px) 100vw, 549px\" \/><\/a>\t<\/div><!-- .woo-entry-image-swap -->\n\n<\/li><li class=\"title\"><h2><a href=\"https:\/\/voyagedelabaleine.fr\/it\/prodotto\/tutina-neonato-in-lana-grigio\/\">Tutina neonato in lana &#8211; Grigio<\/a><\/h2><\/li><li class=\"price-wrap\">\n\t<span class=\"price\"><span class=\"woocommerce-Price-amount amount\"><bdi>84<span class=\"woocommerce-Price-currencySymbol\">&euro;<\/span><\/bdi><\/span><\/span>\n<\/li><\/ul><\/div><!-- .product-inner .clr --><\/li>\n<li class=\"entry has-media col span_1_of_2 owp-content-center owp-thumbs-layout-vertical owp-btn-big owp-tabs-layout-vertical circle-sale product type-product post-31489 status-publish last instock product_cat-body product_cat-body-nascita product_cat-body-nascita-ragazza product_cat-body-nascita-ragazzo product_cat-body-neonati product_cat-body-neonata product_cat-body-neonato has-post-thumbnail taxable shipping-taxable purchasable product-type-variable has-default-attributes\">\n\t<div class=\"product-inner clr\">\n\t<div class=\"woo-entry-image-swap woo-entry-image clr\">\n\t\t<a href=\"https:\/\/voyagedelabaleine.fr\/it\/prodotto\/body-neonato-a-collo-rotondo-testurizzato-bianco\/\" class=\"woocommerce-LoopProduct-link\"><img decoding=\"async\" width=\"600\" height=\"800\" src=\"https:\/\/voyagedelabaleine.fr\/wp-content\/uploads\/2023\/10\/body-bebe-col-texture-blanc-2-600x800.jpg\" class=\"woo-entry-image-main\" alt=\"Body neonato a collo rotondo testurizzato &#8211; Bianco\" itemprop=\"image\" srcset=\"https:\/\/voyagedelabaleine.fr\/wp-content\/uploads\/2023\/10\/body-bebe-col-texture-blanc-2-600x800.jpg 600w, https:\/\/voyagedelabaleine.fr\/wp-content\/uploads\/2023\/10\/body-bebe-col-texture-blanc-2-225x300.jpg 225w, https:\/\/voyagedelabaleine.fr\/wp-content\/uploads\/2023\/10\/body-bebe-col-texture-blanc-2-768x1024.jpg 768w, https:\/\/voyagedelabaleine.fr\/wp-content\/uploads\/2023\/10\/body-bebe-col-texture-blanc-2.jpg 855w\" sizes=\"(max-width: 600px) 100vw, 600px\" \/><img decoding=\"async\" width=\"600\" height=\"800\" src=\"https:\/\/voyagedelabaleine.fr\/wp-content\/uploads\/2024\/05\/body-col-texture-blanc-600x800.jpg\" class=\"woo-entry-image-secondary\" alt=\"Body neonato a collo rotondo testurizzato &#8211; Bianco\" itemprop=\"image\" srcset=\"https:\/\/voyagedelabaleine.fr\/wp-content\/uploads\/2024\/05\/body-col-texture-blanc-600x800.jpg 600w, https:\/\/voyagedelabaleine.fr\/wp-content\/uploads\/2024\/05\/body-col-texture-blanc-225x300.jpg 225w, https:\/\/voyagedelabaleine.fr\/wp-content\/uploads\/2024\/05\/body-col-texture-blanc-768x1024.jpg 768w, https:\/\/voyagedelabaleine.fr\/wp-content\/uploads\/2024\/05\/body-col-texture-blanc.jpg 1055w\" sizes=\"(max-width: 600px) 100vw, 600px\" \/><\/a>\t<\/div><!-- .woo-entry-image-swap -->\n\n<ul class=\"woo-entry-inner clr\"><li class=\"image-wrap\">\n\t<div class=\"woo-entry-image-swap woo-entry-image clr\">\n\t\t<a href=\"https:\/\/voyagedelabaleine.fr\/it\/prodotto\/body-neonato-a-collo-rotondo-testurizzato-bianco\/\" class=\"woocommerce-LoopProduct-link\"><img decoding=\"async\" width=\"600\" height=\"800\" src=\"https:\/\/voyagedelabaleine.fr\/wp-content\/uploads\/2023\/10\/body-bebe-col-texture-blanc-2-600x800.jpg\" class=\"woo-entry-image-main\" alt=\"Body neonato a collo rotondo testurizzato &#8211; Bianco\" itemprop=\"image\" srcset=\"https:\/\/voyagedelabaleine.fr\/wp-content\/uploads\/2023\/10\/body-bebe-col-texture-blanc-2-600x800.jpg 600w, https:\/\/voyagedelabaleine.fr\/wp-content\/uploads\/2023\/10\/body-bebe-col-texture-blanc-2-225x300.jpg 225w, https:\/\/voyagedelabaleine.fr\/wp-content\/uploads\/2023\/10\/body-bebe-col-texture-blanc-2-768x1024.jpg 768w, https:\/\/voyagedelabaleine.fr\/wp-content\/uploads\/2023\/10\/body-bebe-col-texture-blanc-2.jpg 855w\" sizes=\"(max-width: 600px) 100vw, 600px\" \/><img decoding=\"async\" width=\"600\" height=\"800\" src=\"https:\/\/voyagedelabaleine.fr\/wp-content\/uploads\/2024\/05\/body-col-texture-blanc-600x800.jpg\" class=\"woo-entry-image-secondary\" alt=\"Body neonato a collo rotondo testurizzato &#8211; Bianco\" itemprop=\"image\" srcset=\"https:\/\/voyagedelabaleine.fr\/wp-content\/uploads\/2024\/05\/body-col-texture-blanc-600x800.jpg 600w, https:\/\/voyagedelabaleine.fr\/wp-content\/uploads\/2024\/05\/body-col-texture-blanc-225x300.jpg 225w, https:\/\/voyagedelabaleine.fr\/wp-content\/uploads\/2024\/05\/body-col-texture-blanc-768x1024.jpg 768w, https:\/\/voyagedelabaleine.fr\/wp-content\/uploads\/2024\/05\/body-col-texture-blanc.jpg 1055w\" sizes=\"(max-width: 600px) 100vw, 600px\" \/><\/a>\t<\/div><!-- .woo-entry-image-swap -->\n\n<\/li><li class=\"title\"><h2><a href=\"https:\/\/voyagedelabaleine.fr\/it\/prodotto\/body-neonato-a-collo-rotondo-testurizzato-bianco\/\">Body neonato a collo rotondo testurizzato &#8211; Bianco<\/a><\/h2><\/li><li class=\"price-wrap\">\n\t<span class=\"price\"><span class=\"woocommerce-Price-amount amount\"><bdi>20<span class=\"woocommerce-Price-currencySymbol\">&euro;<\/span><\/bdi><\/span><\/span>\n<\/li><\/ul><\/div><!-- .product-inner .clr --><\/li>\n<\/ul>\n<\/div><\/div>\n\t\t\t\t\t\t<\/div>\n\t\t\t\t<\/div>\n\t\t<div class=\"elementor-element elementor-element-0e2d6d6 e-con-full e-flex e-con e-parent\" data-id=\"0e2d6d6\" data-element_type=\"container\" data-e-type=\"container\">\n\t\t\t\t<div class=\"elementor-element elementor-element-a376c20 elementor-widget-divider--separator-type-pattern elementor-widget-divider--view-line elementor-widget elementor-widget-divider\" data-id=\"a376c20\" data-element_type=\"widget\" data-e-type=\"widget\" data-widget_type=\"divider.default\">\n\t\t\t\t\t\t\t<div class=\"elementor-divider\" style=\"--divider-pattern-url: url(&quot;data:image\/svg+xml,%3Csvg xmlns=&#039;http:\/\/www.w3.org\/2000\/svg&#039; preserveAspectRatio=&#039;none&#039; overflow=&#039;visible&#039; height=&#039;100%&#039; viewBox=&#039;0 0 24 24&#039; fill=&#039;black&#039; stroke=&#039;none&#039;%3E%3Cpath d=&#039;M12.7,2.3c-0.4-0.4-1.1-0.4-1.5,0l-8,9.1c-0.3,0.4-0.3,0.9,0,1.2l8,9.1c0.4,0.4,1.1,0.4,1.5,0l8-9.1c0.3-0.4,0.3-0.9,0-1.2L12.7,2.3z&#039;\/%3E%3C\/svg%3E&quot;);\">\n\t\t\t<span class=\"elementor-divider-separator\">\n\t\t\t\t\t\t<\/span>\n\t\t<\/div>\n\t\t\t\t\t\t<\/div>\n\t\t\t\t<div class=\"elementor-element elementor-element-3171693 elementor-widget__width-initial elementor-widget-mobile__width-inherit elementor-widget elementor-widget-shortcode\" data-id=\"3171693\" data-element_type=\"widget\" data-e-type=\"widget\" data-widget_type=\"shortcode.default\">\n\t\t\t\t\t\t\t<div class=\"elementor-shortcode\"><div class=\"woocommerce columns-2 \">\r\n<ul class=\"products oceanwp-row clr grid tablet-col tablet-2-col mobile-col mobile-2-col\">\r\n<li class=\"entry has-media col span_1_of_2 owp-content-center owp-thumbs-layout-vertical owp-btn-big owp-tabs-layout-vertical circle-sale product type-product post-30790 status-publish first instock product_cat-abbigliamento product_cat-bloomer-short-pantaloni-neonati product_cat-bloomer-short-pantaloni-neonato product_cat-blusa-camicia-bambini product_cat-blusa-camicia-bambino product_cat-blusa-camicia-neonati product_cat-blusa-camicia-neonato product_cat-completi-neonati product_cat-completi-neonato product_cat-completo-salopette-bambini product_cat-completo-salopette-bambino product_cat-pantaloni-short-bambini product_cat-pantaloni-short-bambino has-post-thumbnail taxable shipping-taxable purchasable product-type-variable has-default-attributes\">\n\t<div class=\"product-inner clr\">\n\t<div class=\"woo-entry-image-swap woo-entry-image clr\">\n\t\t<a href=\"https:\/\/voyagedelabaleine.fr\/it\/prodotto\/completo-neonato-camicia-a-quadri-e-bloomer-marrone\/\" class=\"woocommerce-LoopProduct-link\"><img decoding=\"async\" width=\"600\" height=\"800\" src=\"https:\/\/voyagedelabaleine.fr\/wp-content\/uploads\/2025\/07\/ensemble-bebe-garcon-chemise-bloomer-marron-3-600x800.jpg\" class=\"woo-entry-image-main\" alt=\"Completo neonato camicia a quadri e bloomer &#8211; Marrone\" itemprop=\"image\" \/><img decoding=\"async\" width=\"600\" height=\"800\" src=\"https:\/\/voyagedelabaleine.fr\/wp-content\/uploads\/2025\/07\/ensemble-bebe-garcon-chemise-bloomer-marron-600x800.jpg\" class=\"woo-entry-image-secondary\" alt=\"Completo neonato camicia a quadri e bloomer &#8211; Marrone\" itemprop=\"image\" srcset=\"https:\/\/voyagedelabaleine.fr\/wp-content\/uploads\/2025\/07\/ensemble-bebe-garcon-chemise-bloomer-marron-600x800.jpg 600w, https:\/\/voyagedelabaleine.fr\/wp-content\/uploads\/2025\/07\/ensemble-bebe-garcon-chemise-bloomer-marron-225x300.jpg 225w, https:\/\/voyagedelabaleine.fr\/wp-content\/uploads\/2025\/07\/ensemble-bebe-garcon-chemise-bloomer-marron-768x1024.jpg 768w, https:\/\/voyagedelabaleine.fr\/wp-content\/uploads\/2025\/07\/ensemble-bebe-garcon-chemise-bloomer-marron.jpg 886w\" sizes=\"(max-width: 600px) 100vw, 600px\" \/><\/a>\t<\/div><!-- .woo-entry-image-swap -->\n\n<ul class=\"woo-entry-inner clr\"><li class=\"image-wrap\">\n\t<div class=\"woo-entry-image-swap woo-entry-image clr\">\n\t\t<a href=\"https:\/\/voyagedelabaleine.fr\/it\/prodotto\/completo-neonato-camicia-a-quadri-e-bloomer-marrone\/\" class=\"woocommerce-LoopProduct-link\"><img decoding=\"async\" width=\"600\" height=\"800\" src=\"https:\/\/voyagedelabaleine.fr\/wp-content\/uploads\/2025\/07\/ensemble-bebe-garcon-chemise-bloomer-marron-3-600x800.jpg\" class=\"woo-entry-image-main\" alt=\"Completo neonato camicia a quadri e bloomer &#8211; Marrone\" itemprop=\"image\" \/><img decoding=\"async\" width=\"600\" height=\"800\" src=\"https:\/\/voyagedelabaleine.fr\/wp-content\/uploads\/2025\/07\/ensemble-bebe-garcon-chemise-bloomer-marron-600x800.jpg\" class=\"woo-entry-image-secondary\" alt=\"Completo neonato camicia a quadri e bloomer &#8211; Marrone\" itemprop=\"image\" srcset=\"https:\/\/voyagedelabaleine.fr\/wp-content\/uploads\/2025\/07\/ensemble-bebe-garcon-chemise-bloomer-marron-600x800.jpg 600w, https:\/\/voyagedelabaleine.fr\/wp-content\/uploads\/2025\/07\/ensemble-bebe-garcon-chemise-bloomer-marron-225x300.jpg 225w, https:\/\/voyagedelabaleine.fr\/wp-content\/uploads\/2025\/07\/ensemble-bebe-garcon-chemise-bloomer-marron-768x1024.jpg 768w, https:\/\/voyagedelabaleine.fr\/wp-content\/uploads\/2025\/07\/ensemble-bebe-garcon-chemise-bloomer-marron.jpg 886w\" sizes=\"(max-width: 600px) 100vw, 600px\" \/><\/a>\t<\/div><!-- .woo-entry-image-swap -->\n\n<\/li><li class=\"title\"><h2><a href=\"https:\/\/voyagedelabaleine.fr\/it\/prodotto\/completo-neonato-camicia-a-quadri-e-bloomer-marrone\/\">Completo neonato camicia a quadri e bloomer &#8211; Marrone<\/a><\/h2><\/li><li class=\"price-wrap\">\n\t<span class=\"price\"><span class=\"woocommerce-Price-amount amount\"><bdi>62<span class=\"woocommerce-Price-currencySymbol\">&euro;<\/span><\/bdi><\/span><\/span>\n<\/li><\/ul><\/div><!-- .product-inner .clr --><\/li>\n<li class=\"entry has-media col span_1_of_2 owp-content-center owp-thumbs-layout-vertical owp-btn-big owp-tabs-layout-vertical circle-sale product type-product post-33882 status-publish last instock product_cat-calze-collant-neonati-bambini product_cat-calzini-collant-nascita product_cat-calzini-collant-nascita-ragazza product_cat-calzini-collant-nascita-ragazzo-2 product_cat-calzini-collant-bambina product_cat-calzini-collant-bambini product_cat-calzini-collant-bambino product_cat-calzini-collant-neonata product_cat-calzini-collant-neonato has-post-thumbnail taxable shipping-taxable purchasable product-type-variable has-default-attributes\">\n\t<div class=\"product-inner clr\">\n\t<div class=\"woo-entry-image-swap woo-entry-image clr\">\n\t\t<a href=\"https:\/\/voyagedelabaleine.fr\/it\/prodotto\/calzini-alti-per-neonato-in-lana-merino-blu-navy\/\" class=\"woocommerce-LoopProduct-link\"><img decoding=\"async\" width=\"570\" height=\"760\" src=\"https:\/\/voyagedelabaleine.fr\/wp-content\/uploads\/2024\/07\/chaussettes-hautes-laine-merinos-bleues-2.jpg\" class=\"woo-entry-image-main\" alt=\"Calzini alti per neonato in lana merino &#8211; Blu navy\" itemprop=\"image\" srcset=\"https:\/\/voyagedelabaleine.fr\/wp-content\/uploads\/2024\/07\/chaussettes-hautes-laine-merinos-bleues-2.jpg 570w, https:\/\/voyagedelabaleine.fr\/wp-content\/uploads\/2024\/07\/chaussettes-hautes-laine-merinos-bleues-2-225x300.jpg 225w\" sizes=\"(max-width: 570px) 100vw, 570px\" \/><img decoding=\"async\" width=\"454\" height=\"605\" src=\"https:\/\/voyagedelabaleine.fr\/wp-content\/uploads\/2024\/07\/chaussettes-hautes-laine-merinos-bleues-1.jpg\" class=\"woo-entry-image-secondary\" alt=\"Calzini alti per neonato in lana merino &#8211; Blu navy\" itemprop=\"image\" srcset=\"https:\/\/voyagedelabaleine.fr\/wp-content\/uploads\/2024\/07\/chaussettes-hautes-laine-merinos-bleues-1.jpg 454w, https:\/\/voyagedelabaleine.fr\/wp-content\/uploads\/2024\/07\/chaussettes-hautes-laine-merinos-bleues-1-225x300.jpg 225w\" sizes=\"(max-width: 454px) 100vw, 454px\" \/><\/a>\t<\/div><!-- .woo-entry-image-swap -->\n\n<ul class=\"woo-entry-inner clr\"><li class=\"image-wrap\">\n\t<div class=\"woo-entry-image-swap woo-entry-image clr\">\n\t\t<a href=\"https:\/\/voyagedelabaleine.fr\/it\/prodotto\/calzini-alti-per-neonato-in-lana-merino-blu-navy\/\" class=\"woocommerce-LoopProduct-link\"><img decoding=\"async\" width=\"570\" height=\"760\" src=\"https:\/\/voyagedelabaleine.fr\/wp-content\/uploads\/2024\/07\/chaussettes-hautes-laine-merinos-bleues-2.jpg\" class=\"woo-entry-image-main\" alt=\"Calzini alti per neonato in lana merino &#8211; Blu navy\" itemprop=\"image\" srcset=\"https:\/\/voyagedelabaleine.fr\/wp-content\/uploads\/2024\/07\/chaussettes-hautes-laine-merinos-bleues-2.jpg 570w, https:\/\/voyagedelabaleine.fr\/wp-content\/uploads\/2024\/07\/chaussettes-hautes-laine-merinos-bleues-2-225x300.jpg 225w\" sizes=\"(max-width: 570px) 100vw, 570px\" \/><img decoding=\"async\" width=\"454\" height=\"605\" src=\"https:\/\/voyagedelabaleine.fr\/wp-content\/uploads\/2024\/07\/chaussettes-hautes-laine-merinos-bleues-1.jpg\" class=\"woo-entry-image-secondary\" alt=\"Calzini alti per neonato in lana merino &#8211; Blu navy\" itemprop=\"image\" srcset=\"https:\/\/voyagedelabaleine.fr\/wp-content\/uploads\/2024\/07\/chaussettes-hautes-laine-merinos-bleues-1.jpg 454w, https:\/\/voyagedelabaleine.fr\/wp-content\/uploads\/2024\/07\/chaussettes-hautes-laine-merinos-bleues-1-225x300.jpg 225w\" sizes=\"(max-width: 454px) 100vw, 454px\" \/><\/a>\t<\/div><!-- .woo-entry-image-swap -->\n\n<\/li><li class=\"title\"><h2><a href=\"https:\/\/voyagedelabaleine.fr\/it\/prodotto\/calzini-alti-per-neonato-in-lana-merino-blu-navy\/\">Calzini alti per neonato in lana merino &#8211; Blu navy<\/a><\/h2><\/li><li class=\"price-wrap\">\n\t<span class=\"price\"><span class=\"woocommerce-Price-amount amount\"><bdi>9<span class=\"woocommerce-Price-currencySymbol\">&euro;<\/span><\/bdi><\/span><\/span>\n<\/li><\/ul><\/div><!-- .product-inner .clr --><\/li>\n<\/ul>\n<\/div><\/div>\n\t\t\t\t\t\t<\/div>\n\t\t\t\t<\/div>\n\t\t<div class=\"elementor-element elementor-element-45292ea e-con-full e-flex e-con e-parent\" data-id=\"45292ea\" data-element_type=\"container\" data-e-type=\"container\">\n\t\t\t\t<div class=\"elementor-element elementor-element-c06c36d elementor-widget-divider--separator-type-pattern elementor-widget-divider--view-line elementor-widget elementor-widget-divider\" data-id=\"c06c36d\" data-element_type=\"widget\" data-e-type=\"widget\" data-widget_type=\"divider.default\">\n\t\t\t\t\t\t\t<div class=\"elementor-divider\" style=\"--divider-pattern-url: url(&quot;data:image\/svg+xml,%3Csvg xmlns=&#039;http:\/\/www.w3.org\/2000\/svg&#039; preserveAspectRatio=&#039;none&#039; overflow=&#039;visible&#039; height=&#039;100%&#039; viewBox=&#039;0 0 24 24&#039; fill=&#039;black&#039; stroke=&#039;none&#039;%3E%3Cpath d=&#039;M12.7,2.3c-0.4-0.4-1.1-0.4-1.5,0l-8,9.1c-0.3,0.4-0.3,0.9,0,1.2l8,9.1c0.4,0.4,1.1,0.4,1.5,0l8-9.1c0.3-0.4,0.3-0.9,0-1.2L12.7,2.3z&#039;\/%3E%3C\/svg%3E&quot;);\">\n\t\t\t<span class=\"elementor-divider-separator\">\n\t\t\t\t\t\t<\/span>\n\t\t<\/div>\n\t\t\t\t\t\t<\/div>\n\t\t\t\t<div class=\"elementor-element elementor-element-06861f0 elementor-widget__width-initial elementor-widget-mobile__width-inherit elementor-widget elementor-widget-shortcode\" data-id=\"06861f0\" data-element_type=\"widget\" data-e-type=\"widget\" data-widget_type=\"shortcode.default\">\n\t\t\t\t\t\t\t<div class=\"elementor-shortcode\"><div class=\"woocommerce columns-2 \">\r\n<ul class=\"products oceanwp-row clr grid tablet-col tablet-2-col mobile-col mobile-2-col\">\r\n<li class=\"entry has-media has-rating col span_1_of_2 owp-content-center owp-thumbs-layout-vertical owp-btn-big owp-tabs-layout-vertical circle-sale product type-product post-34981 status-publish first instock product_cat-accessori-nascita-ragazza product_cat-accessori-nascita-ragazzo product_cat-accessori-nascita product_cat-accessori-neonata product_cat-accessori-neonati product_cat-accessori-neonato has-post-thumbnail taxable shipping-taxable purchasable product-type-variable has-default-attributes\">\n\t<div class=\"product-inner clr\">\n\t<div class=\"woo-entry-image-swap woo-entry-image clr\">\n\t\t<a href=\"https:\/\/voyagedelabaleine.fr\/it\/prodotto\/berretto-neonato-con-pompon-in-lana-blu\/\" class=\"woocommerce-LoopProduct-link\"><img decoding=\"async\" width=\"600\" height=\"800\" src=\"https:\/\/voyagedelabaleine.fr\/wp-content\/uploads\/2025\/07\/bonnet-bebe-bleu-ciel-600x800.jpg\" class=\"woo-entry-image-main\" alt=\"Berretto neonato con pompon in lana &#8211; Blu\" itemprop=\"image\" srcset=\"https:\/\/voyagedelabaleine.fr\/wp-content\/uploads\/2025\/07\/bonnet-bebe-bleu-ciel-600x801.jpg 600w, https:\/\/voyagedelabaleine.fr\/wp-content\/uploads\/2025\/07\/bonnet-bebe-bleu-ciel-225x300.jpg 225w, https:\/\/voyagedelabaleine.fr\/wp-content\/uploads\/2025\/07\/bonnet-bebe-bleu-ciel-767x1024.jpg 767w, https:\/\/voyagedelabaleine.fr\/wp-content\/uploads\/2025\/07\/bonnet-bebe-bleu-ciel-768x1025.jpg 768w, https:\/\/voyagedelabaleine.fr\/wp-content\/uploads\/2025\/07\/bonnet-bebe-bleu-ciel.jpg 1029w\" sizes=\"(max-width: 600px) 100vw, 600px\" \/><img decoding=\"async\" width=\"600\" height=\"800\" src=\"https:\/\/voyagedelabaleine.fr\/wp-content\/uploads\/2025\/07\/bonnet-naissance-laine-pompon-bleu-600x800.jpg\" class=\"woo-entry-image-secondary\" alt=\"Berretto neonato con pompon in lana &#8211; Blu\" itemprop=\"image\" \/><\/a>\t<\/div><!-- .woo-entry-image-swap -->\n\n<ul class=\"woo-entry-inner clr\"><li class=\"image-wrap\">\n\t<div class=\"woo-entry-image-swap woo-entry-image clr\">\n\t\t<a href=\"https:\/\/voyagedelabaleine.fr\/it\/prodotto\/berretto-neonato-con-pompon-in-lana-blu\/\" class=\"woocommerce-LoopProduct-link\"><img decoding=\"async\" width=\"600\" height=\"800\" src=\"https:\/\/voyagedelabaleine.fr\/wp-content\/uploads\/2025\/07\/bonnet-bebe-bleu-ciel-600x800.jpg\" class=\"woo-entry-image-main\" alt=\"Berretto neonato con pompon in lana &#8211; Blu\" itemprop=\"image\" srcset=\"https:\/\/voyagedelabaleine.fr\/wp-content\/uploads\/2025\/07\/bonnet-bebe-bleu-ciel-600x801.jpg 600w, https:\/\/voyagedelabaleine.fr\/wp-content\/uploads\/2025\/07\/bonnet-bebe-bleu-ciel-225x300.jpg 225w, https:\/\/voyagedelabaleine.fr\/wp-content\/uploads\/2025\/07\/bonnet-bebe-bleu-ciel-767x1024.jpg 767w, https:\/\/voyagedelabaleine.fr\/wp-content\/uploads\/2025\/07\/bonnet-bebe-bleu-ciel-768x1025.jpg 768w, https:\/\/voyagedelabaleine.fr\/wp-content\/uploads\/2025\/07\/bonnet-bebe-bleu-ciel.jpg 1029w\" sizes=\"(max-width: 600px) 100vw, 600px\" \/><img decoding=\"async\" width=\"600\" height=\"800\" src=\"https:\/\/voyagedelabaleine.fr\/wp-content\/uploads\/2025\/07\/bonnet-naissance-laine-pompon-bleu-600x800.jpg\" class=\"woo-entry-image-secondary\" alt=\"Berretto neonato con pompon in lana &#8211; Blu\" itemprop=\"image\" \/><\/a>\t<\/div><!-- .woo-entry-image-swap -->\n\n<\/li><li class=\"title\"><h2><a href=\"https:\/\/voyagedelabaleine.fr\/it\/prodotto\/berretto-neonato-con-pompon-in-lana-blu\/\">Berretto neonato con pompon in lana &#8211; Blu<\/a><\/h2><\/li><li class=\"price-wrap\">\n\t<span class=\"price\"><span class=\"woocommerce-Price-amount amount\"><bdi>30<span class=\"woocommerce-Price-currencySymbol\">&euro;<\/span><\/bdi><\/span><\/span>\n<\/li><\/ul><\/div><!-- .product-inner .clr --><\/li>\n<li class=\"entry has-media col span_1_of_2 owp-content-center owp-thumbs-layout-vertical owp-btn-big owp-tabs-layout-vertical circle-sale product type-product post-34830 status-publish last instock product_cat-abbigliamento product_cat-completi-nascita product_cat-completi-nascita-ragazza product_cat-completi-nascita-ragazzo product_cat-completi-neonata product_cat-completi-neonati product_cat-completi-neonato has-post-thumbnail taxable shipping-taxable purchasable product-type-variable has-default-attributes\">\n\t<div class=\"product-inner clr\">\n\t<div class=\"woo-entry-image-swap woo-entry-image clr\">\n\t\t<a href=\"https:\/\/voyagedelabaleine.fr\/it\/prodotto\/tutina-neonato-con-piedini-in-lana-azzurro-cielo\/\" class=\"woocommerce-LoopProduct-link\"><img decoding=\"async\" width=\"600\" height=\"800\" src=\"https:\/\/voyagedelabaleine.fr\/wp-content\/uploads\/2025\/07\/combinaison-bebe-pieds-laine-bleu-ciel-1-600x800.jpg\" class=\"woo-entry-image-main\" alt=\"Tutina neonato con piedini in lana &#8211; Azzurro cielo\" itemprop=\"image\" srcset=\"https:\/\/voyagedelabaleine.fr\/wp-content\/uploads\/2025\/07\/combinaison-bebe-pieds-laine-bleu-ciel-1-600x800.jpg 600w, https:\/\/voyagedelabaleine.fr\/wp-content\/uploads\/2025\/07\/combinaison-bebe-pieds-laine-bleu-ciel-1-225x300.jpg 225w, https:\/\/voyagedelabaleine.fr\/wp-content\/uploads\/2025\/07\/combinaison-bebe-pieds-laine-bleu-ciel-1-768x1024.jpg 768w, https:\/\/voyagedelabaleine.fr\/wp-content\/uploads\/2025\/07\/combinaison-bebe-pieds-laine-bleu-ciel-1.jpg 1089w\" sizes=\"(max-width: 600px) 100vw, 600px\" \/><img decoding=\"async\" width=\"448\" height=\"598\" src=\"https:\/\/voyagedelabaleine.fr\/wp-content\/uploads\/2025\/07\/combinaison-bebe-pieds-bleu-ciel.jpg\" class=\"woo-entry-image-secondary\" alt=\"Tutina neonato con piedini in lana &#8211; Azzurro cielo\" itemprop=\"image\" srcset=\"https:\/\/voyagedelabaleine.fr\/wp-content\/uploads\/2025\/07\/combinaison-bebe-pieds-bleu-ciel.jpg 448w, https:\/\/voyagedelabaleine.fr\/wp-content\/uploads\/2025\/07\/combinaison-bebe-pieds-bleu-ciel-225x300.jpg 225w\" sizes=\"(max-width: 448px) 100vw, 448px\" \/><\/a>\t<\/div><!-- .woo-entry-image-swap -->\n\n<ul class=\"woo-entry-inner clr\"><li class=\"image-wrap\">\n\t<div class=\"woo-entry-image-swap woo-entry-image clr\">\n\t\t<a href=\"https:\/\/voyagedelabaleine.fr\/it\/prodotto\/tutina-neonato-con-piedini-in-lana-azzurro-cielo\/\" class=\"woocommerce-LoopProduct-link\"><img decoding=\"async\" width=\"600\" height=\"800\" src=\"https:\/\/voyagedelabaleine.fr\/wp-content\/uploads\/2025\/07\/combinaison-bebe-pieds-laine-bleu-ciel-1-600x800.jpg\" class=\"woo-entry-image-main\" alt=\"Tutina neonato con piedini in lana &#8211; Azzurro cielo\" itemprop=\"image\" srcset=\"https:\/\/voyagedelabaleine.fr\/wp-content\/uploads\/2025\/07\/combinaison-bebe-pieds-laine-bleu-ciel-1-600x800.jpg 600w, https:\/\/voyagedelabaleine.fr\/wp-content\/uploads\/2025\/07\/combinaison-bebe-pieds-laine-bleu-ciel-1-225x300.jpg 225w, https:\/\/voyagedelabaleine.fr\/wp-content\/uploads\/2025\/07\/combinaison-bebe-pieds-laine-bleu-ciel-1-768x1024.jpg 768w, https:\/\/voyagedelabaleine.fr\/wp-content\/uploads\/2025\/07\/combinaison-bebe-pieds-laine-bleu-ciel-1.jpg 1089w\" sizes=\"(max-width: 600px) 100vw, 600px\" \/><img decoding=\"async\" width=\"448\" height=\"598\" src=\"https:\/\/voyagedelabaleine.fr\/wp-content\/uploads\/2025\/07\/combinaison-bebe-pieds-bleu-ciel.jpg\" class=\"woo-entry-image-secondary\" alt=\"Tutina neonato con piedini in lana &#8211; Azzurro cielo\" itemprop=\"image\" srcset=\"https:\/\/voyagedelabaleine.fr\/wp-content\/uploads\/2025\/07\/combinaison-bebe-pieds-bleu-ciel.jpg 448w, https:\/\/voyagedelabaleine.fr\/wp-content\/uploads\/2025\/07\/combinaison-bebe-pieds-bleu-ciel-225x300.jpg 225w\" sizes=\"(max-width: 448px) 100vw, 448px\" \/><\/a>\t<\/div><!-- .woo-entry-image-swap -->\n\n<\/li><li class=\"title\"><h2><a href=\"https:\/\/voyagedelabaleine.fr\/it\/prodotto\/tutina-neonato-con-piedini-in-lana-azzurro-cielo\/\">Tutina neonato con piedini in lana &#8211; Azzurro cielo<\/a><\/h2><\/li><li class=\"price-wrap\">\n\t<span class=\"price\"><span class=\"woocommerce-Price-amount amount\"><bdi>86<span class=\"woocommerce-Price-currencySymbol\">&euro;<\/span><\/bdi><\/span><\/span>\n<\/li><\/ul><\/div><!-- .product-inner .clr --><\/li>\n<\/ul>\n<\/div><\/div>\n\t\t\t\t\t\t<\/div>\n\t\t\t\t<\/div>\n\t\t<div class=\"elementor-element elementor-element-1ce8ada e-con-full e-flex e-con e-parent\" data-id=\"1ce8ada\" data-element_type=\"container\" data-e-type=\"container\">\n\t\t\t\t<div class=\"elementor-element elementor-element-dbae1c7 elementor-widget-divider--separator-type-pattern elementor-widget-divider--view-line elementor-widget elementor-widget-divider\" data-id=\"dbae1c7\" data-element_type=\"widget\" data-e-type=\"widget\" data-widget_type=\"divider.default\">\n\t\t\t\t\t\t\t<div class=\"elementor-divider\" style=\"--divider-pattern-url: url(&quot;data:image\/svg+xml,%3Csvg xmlns=&#039;http:\/\/www.w3.org\/2000\/svg&#039; preserveAspectRatio=&#039;none&#039; overflow=&#039;visible&#039; height=&#039;100%&#039; viewBox=&#039;0 0 24 24&#039; fill=&#039;black&#039; stroke=&#039;none&#039;%3E%3Cpath d=&#039;M12.7,2.3c-0.4-0.4-1.1-0.4-1.5,0l-8,9.1c-0.3,0.4-0.3,0.9,0,1.2l8,9.1c0.4,0.4,1.1,0.4,1.5,0l8-9.1c0.3-0.4,0.3-0.9,0-1.2L12.7,2.3z&#039;\/%3E%3C\/svg%3E&quot;);\">\n\t\t\t<span class=\"elementor-divider-separator\">\n\t\t\t\t\t\t<\/span>\n\t\t<\/div>\n\t\t\t\t\t\t<\/div>\n\t\t\t\t<div class=\"elementor-element elementor-element-284fabd elementor-widget__width-initial elementor-widget-mobile__width-inherit elementor-widget elementor-widget-shortcode\" data-id=\"284fabd\" data-element_type=\"widget\" data-e-type=\"widget\" data-widget_type=\"shortcode.default\">\n\t\t\t\t\t\t\t<div class=\"elementor-shortcode\"><div class=\"woocommerce columns-2 \">\r\n<ul class=\"products oceanwp-row clr grid tablet-col tablet-2-col mobile-col mobile-2-col\">\r\n<li class=\"entry has-media col span_1_of_2 owp-content-center owp-thumbs-layout-vertical owp-btn-big owp-tabs-layout-vertical circle-sale product type-product post-35014 status-publish first instock product_cat-abbigliamento product_cat-bloomer-short-pantaloni-nascita product_cat-bloomer-short-pantaloni-nascita-ragazza product_cat-bloomer-short-pantaloni-nascita-ragazzo product_cat-bloomer-short-pantaloni-neonata product_cat-bloomer-short-pantaloni-neonati product_cat-bloomer-short-pantaloni-neonato product_cat-completi-nascita product_cat-completi-nascita-ragazza product_cat-completi-nascita-ragazzo product_cat-completi-neonata product_cat-completi-neonati product_cat-completi-neonato product_cat-maglione-gilet-cardigan-nascita product_cat-maglione-gilet-cardigan-nascita-ragazza product_cat-maglione-gilet-cardigan-nascita-ragazzo product_cat-maglione-gilet-cardigan-neonata product_cat-maglione-gilet-cardigan-neonati product_cat-maglione-gilet-cardigan-neonato has-post-thumbnail taxable shipping-taxable purchasable product-type-variable has-default-attributes\">\n\t<div class=\"product-inner clr\">\n\t<div class=\"woo-entry-image-swap woo-entry-image clr\">\n\t\t<a href=\"https:\/\/voyagedelabaleine.fr\/it\/prodotto\/completo-neonato-con-cappellino-motivo-cerbiatto-grigio\/\" class=\"woocommerce-LoopProduct-link\"><img decoding=\"async\" width=\"600\" height=\"800\" src=\"https:\/\/voyagedelabaleine.fr\/wp-content\/uploads\/2025\/07\/ensemble-bebe-motif-faon-1-600x800.jpg\" class=\"woo-entry-image-main\" alt=\"Completo neonato con cappellino motivo cerbiatto &#8211; Grigio\" itemprop=\"image\" srcset=\"https:\/\/voyagedelabaleine.fr\/wp-content\/uploads\/2025\/07\/ensemble-bebe-motif-faon-1-600x800.jpg 600w, https:\/\/voyagedelabaleine.fr\/wp-content\/uploads\/2025\/07\/ensemble-bebe-motif-faon-1-225x300.jpg 225w, https:\/\/voyagedelabaleine.fr\/wp-content\/uploads\/2025\/07\/ensemble-bebe-motif-faon-1-768x1024.jpg 768w, https:\/\/voyagedelabaleine.fr\/wp-content\/uploads\/2025\/07\/ensemble-bebe-motif-faon-1-1152x1536.jpg 1152w, https:\/\/voyagedelabaleine.fr\/wp-content\/uploads\/2025\/07\/ensemble-bebe-motif-faon-1.jpg 1463w\" sizes=\"(max-width: 600px) 100vw, 600px\" \/><img decoding=\"async\" width=\"600\" height=\"800\" src=\"https:\/\/voyagedelabaleine.fr\/wp-content\/uploads\/2025\/07\/ensemble-bebe-motif-faon-3-600x800.jpg\" class=\"woo-entry-image-secondary\" alt=\"Completo neonato con cappellino motivo cerbiatto &#8211; Grigio\" itemprop=\"image\" srcset=\"https:\/\/voyagedelabaleine.fr\/wp-content\/uploads\/2025\/07\/ensemble-bebe-motif-faon-3-600x800.jpg 600w, https:\/\/voyagedelabaleine.fr\/wp-content\/uploads\/2025\/07\/ensemble-bebe-motif-faon-3-225x300.jpg 225w, https:\/\/voyagedelabaleine.fr\/wp-content\/uploads\/2025\/07\/ensemble-bebe-motif-faon-3-768x1024.jpg 768w, https:\/\/voyagedelabaleine.fr\/wp-content\/uploads\/2025\/07\/ensemble-bebe-motif-faon-3.jpg 900w\" sizes=\"(max-width: 600px) 100vw, 600px\" \/><\/a>\t<\/div><!-- .woo-entry-image-swap -->\n\n<ul class=\"woo-entry-inner clr\"><li class=\"image-wrap\">\n\t<div class=\"woo-entry-image-swap woo-entry-image clr\">\n\t\t<a href=\"https:\/\/voyagedelabaleine.fr\/it\/prodotto\/completo-neonato-con-cappellino-motivo-cerbiatto-grigio\/\" class=\"woocommerce-LoopProduct-link\"><img decoding=\"async\" width=\"600\" height=\"800\" src=\"https:\/\/voyagedelabaleine.fr\/wp-content\/uploads\/2025\/07\/ensemble-bebe-motif-faon-1-600x800.jpg\" class=\"woo-entry-image-main\" alt=\"Completo neonato con cappellino motivo cerbiatto &#8211; Grigio\" itemprop=\"image\" srcset=\"https:\/\/voyagedelabaleine.fr\/wp-content\/uploads\/2025\/07\/ensemble-bebe-motif-faon-1-600x800.jpg 600w, https:\/\/voyagedelabaleine.fr\/wp-content\/uploads\/2025\/07\/ensemble-bebe-motif-faon-1-225x300.jpg 225w, https:\/\/voyagedelabaleine.fr\/wp-content\/uploads\/2025\/07\/ensemble-bebe-motif-faon-1-768x1024.jpg 768w, https:\/\/voyagedelabaleine.fr\/wp-content\/uploads\/2025\/07\/ensemble-bebe-motif-faon-1-1152x1536.jpg 1152w, https:\/\/voyagedelabaleine.fr\/wp-content\/uploads\/2025\/07\/ensemble-bebe-motif-faon-1.jpg 1463w\" sizes=\"(max-width: 600px) 100vw, 600px\" \/><img decoding=\"async\" width=\"600\" height=\"800\" src=\"https:\/\/voyagedelabaleine.fr\/wp-content\/uploads\/2025\/07\/ensemble-bebe-motif-faon-3-600x800.jpg\" class=\"woo-entry-image-secondary\" alt=\"Completo neonato con cappellino motivo cerbiatto &#8211; Grigio\" itemprop=\"image\" srcset=\"https:\/\/voyagedelabaleine.fr\/wp-content\/uploads\/2025\/07\/ensemble-bebe-motif-faon-3-600x800.jpg 600w, https:\/\/voyagedelabaleine.fr\/wp-content\/uploads\/2025\/07\/ensemble-bebe-motif-faon-3-225x300.jpg 225w, https:\/\/voyagedelabaleine.fr\/wp-content\/uploads\/2025\/07\/ensemble-bebe-motif-faon-3-768x1024.jpg 768w, https:\/\/voyagedelabaleine.fr\/wp-content\/uploads\/2025\/07\/ensemble-bebe-motif-faon-3.jpg 900w\" sizes=\"(max-width: 600px) 100vw, 600px\" \/><\/a>\t<\/div><!-- .woo-entry-image-swap -->\n\n<\/li><li class=\"title\"><h2><a href=\"https:\/\/voyagedelabaleine.fr\/it\/prodotto\/completo-neonato-con-cappellino-motivo-cerbiatto-grigio\/\">Completo neonato con cappellino motivo cerbiatto &#8211; Grigio<\/a><\/h2><\/li><li class=\"price-wrap\">\n\t<span class=\"price\"><span class=\"woocommerce-Price-amount amount\"><bdi>68<span class=\"woocommerce-Price-currencySymbol\">&euro;<\/span><\/bdi><\/span><\/span>\n<\/li><\/ul><\/div><!-- .product-inner .clr --><\/li>\n<li class=\"entry has-media col span_1_of_2 owp-content-center owp-thumbs-layout-vertical owp-btn-big owp-tabs-layout-vertical circle-sale product type-product post-34397 status-publish last instock product_cat-body product_cat-body-nascita product_cat-body-nascita-ragazza product_cat-body-nascita-ragazzo has-post-thumbnail taxable shipping-taxable purchasable product-type-variable has-default-attributes\">\n\t<div class=\"product-inner clr\">\n\t<div class=\"woo-entry-image-swap woo-entry-image clr\">\n\t\t<a href=\"https:\/\/voyagedelabaleine.fr\/it\/prodotto\/set-di-2-body-incrociati-per-neonato-cotone-biologico-extra-morbido-crema-sabbia\/\" class=\"woocommerce-LoopProduct-link\"><img decoding=\"async\" width=\"600\" height=\"800\" src=\"https:\/\/voyagedelabaleine.fr\/wp-content\/uploads\/2025\/01\/lot-2-bodies-naissance-creme-arena-600x800.jpg\" class=\"woo-entry-image-main\" alt=\"Set di 2 body incrociati per neonato &#8211; Cotone biologico extra-morbido &#8211; Crema\/sabbia\" itemprop=\"image\" srcset=\"https:\/\/voyagedelabaleine.fr\/wp-content\/uploads\/2025\/01\/lot-2-bodies-naissance-creme-arena-600x800.jpg 600w, https:\/\/voyagedelabaleine.fr\/wp-content\/uploads\/2025\/01\/lot-2-bodies-naissance-creme-arena-225x300.jpg 225w, https:\/\/voyagedelabaleine.fr\/wp-content\/uploads\/2025\/01\/lot-2-bodies-naissance-creme-arena-768x1024.jpg 768w, https:\/\/voyagedelabaleine.fr\/wp-content\/uploads\/2025\/01\/lot-2-bodies-naissance-creme-arena.jpg 1072w\" sizes=\"(max-width: 600px) 100vw, 600px\" \/><img decoding=\"async\" width=\"600\" height=\"800\" src=\"https:\/\/voyagedelabaleine.fr\/wp-content\/uploads\/2025\/01\/lot-2-bodies-naissance-creme-raye-1-600x800.jpg\" class=\"woo-entry-image-secondary\" alt=\"Set di 2 body incrociati per neonato &#8211; Cotone biologico extra-morbido &#8211; Crema\/sabbia\" itemprop=\"image\" srcset=\"https:\/\/voyagedelabaleine.fr\/wp-content\/uploads\/2025\/01\/lot-2-bodies-naissance-creme-raye-1-600x800.jpg 600w, https:\/\/voyagedelabaleine.fr\/wp-content\/uploads\/2025\/01\/lot-2-bodies-naissance-creme-raye-1-225x300.jpg 225w, https:\/\/voyagedelabaleine.fr\/wp-content\/uploads\/2025\/01\/lot-2-bodies-naissance-creme-raye-1-768x1024.jpg 768w, https:\/\/voyagedelabaleine.fr\/wp-content\/uploads\/2025\/01\/lot-2-bodies-naissance-creme-raye-1-1152x1536.jpg 1152w, https:\/\/voyagedelabaleine.fr\/wp-content\/uploads\/2025\/01\/lot-2-bodies-naissance-creme-raye-1.jpg 1500w\" sizes=\"(max-width: 600px) 100vw, 600px\" \/><\/a>\t<\/div><!-- .woo-entry-image-swap -->\n\n<ul class=\"woo-entry-inner clr\"><li class=\"image-wrap\">\n\t<div class=\"woo-entry-image-swap woo-entry-image clr\">\n\t\t<a href=\"https:\/\/voyagedelabaleine.fr\/it\/prodotto\/set-di-2-body-incrociati-per-neonato-cotone-biologico-extra-morbido-crema-sabbia\/\" class=\"woocommerce-LoopProduct-link\"><img decoding=\"async\" width=\"600\" height=\"800\" src=\"https:\/\/voyagedelabaleine.fr\/wp-content\/uploads\/2025\/01\/lot-2-bodies-naissance-creme-arena-600x800.jpg\" class=\"woo-entry-image-main\" alt=\"Set di 2 body incrociati per neonato &#8211; Cotone biologico extra-morbido &#8211; Crema\/sabbia\" itemprop=\"image\" srcset=\"https:\/\/voyagedelabaleine.fr\/wp-content\/uploads\/2025\/01\/lot-2-bodies-naissance-creme-arena-600x800.jpg 600w, https:\/\/voyagedelabaleine.fr\/wp-content\/uploads\/2025\/01\/lot-2-bodies-naissance-creme-arena-225x300.jpg 225w, https:\/\/voyagedelabaleine.fr\/wp-content\/uploads\/2025\/01\/lot-2-bodies-naissance-creme-arena-768x1024.jpg 768w, https:\/\/voyagedelabaleine.fr\/wp-content\/uploads\/2025\/01\/lot-2-bodies-naissance-creme-arena.jpg 1072w\" sizes=\"(max-width: 600px) 100vw, 600px\" \/><img decoding=\"async\" width=\"600\" height=\"800\" src=\"https:\/\/voyagedelabaleine.fr\/wp-content\/uploads\/2025\/01\/lot-2-bodies-naissance-creme-raye-1-600x800.jpg\" class=\"woo-entry-image-secondary\" alt=\"Set di 2 body incrociati per neonato &#8211; Cotone biologico extra-morbido &#8211; Crema\/sabbia\" itemprop=\"image\" srcset=\"https:\/\/voyagedelabaleine.fr\/wp-content\/uploads\/2025\/01\/lot-2-bodies-naissance-creme-raye-1-600x800.jpg 600w, https:\/\/voyagedelabaleine.fr\/wp-content\/uploads\/2025\/01\/lot-2-bodies-naissance-creme-raye-1-225x300.jpg 225w, https:\/\/voyagedelabaleine.fr\/wp-content\/uploads\/2025\/01\/lot-2-bodies-naissance-creme-raye-1-768x1024.jpg 768w, https:\/\/voyagedelabaleine.fr\/wp-content\/uploads\/2025\/01\/lot-2-bodies-naissance-creme-raye-1-1152x1536.jpg 1152w, https:\/\/voyagedelabaleine.fr\/wp-content\/uploads\/2025\/01\/lot-2-bodies-naissance-creme-raye-1.jpg 1500w\" sizes=\"(max-width: 600px) 100vw, 600px\" \/><\/a>\t<\/div><!-- .woo-entry-image-swap -->\n\n<\/li><li class=\"title\"><h2><a href=\"https:\/\/voyagedelabaleine.fr\/it\/prodotto\/set-di-2-body-incrociati-per-neonato-cotone-biologico-extra-morbido-crema-sabbia\/\">Set di 2 body incrociati per neonato &#8211; Cotone biologico extra-morbido &#8211; Crema\/sabbia<\/a><\/h2><\/li><li class=\"price-wrap\">\n\t<span class=\"price\"><span class=\"woocommerce-Price-amount amount\"><bdi>40<span class=\"woocommerce-Price-currencySymbol\">&euro;<\/span><\/bdi><\/span><\/span>\n<\/li><\/ul><\/div><!-- .product-inner .clr --><\/li>\n<\/ul>\n<\/div><\/div>\n\t\t\t\t\t\t<\/div>\n\t\t\t\t<\/div>\n\t\t<div class=\"elementor-element elementor-element-7d05d2e e-con-full e-flex e-con e-parent\" data-id=\"7d05d2e\" data-element_type=\"container\" data-e-type=\"container\">\n\t\t\t\t<div class=\"elementor-element elementor-element-92eb83a elementor-widget-divider--separator-type-pattern elementor-widget-divider--view-line elementor-widget elementor-widget-divider\" data-id=\"92eb83a\" data-element_type=\"widget\" data-e-type=\"widget\" data-widget_type=\"divider.default\">\n\t\t\t\t\t\t\t<div class=\"elementor-divider\" style=\"--divider-pattern-url: url(&quot;data:image\/svg+xml,%3Csvg xmlns=&#039;http:\/\/www.w3.org\/2000\/svg&#039; preserveAspectRatio=&#039;none&#039; overflow=&#039;visible&#039; height=&#039;100%&#039; viewBox=&#039;0 0 24 24&#039; fill=&#039;black&#039; stroke=&#039;none&#039;%3E%3Cpath d=&#039;M12.7,2.3c-0.4-0.4-1.1-0.4-1.5,0l-8,9.1c-0.3,0.4-0.3,0.9,0,1.2l8,9.1c0.4,0.4,1.1,0.4,1.5,0l8-9.1c0.3-0.4,0.3-0.9,0-1.2L12.7,2.3z&#039;\/%3E%3C\/svg%3E&quot;);\">\n\t\t\t<span class=\"elementor-divider-separator\">\n\t\t\t\t\t\t<\/span>\n\t\t<\/div>\n\t\t\t\t\t\t<\/div>\n\t\t\t\t<div class=\"elementor-element elementor-element-99f4a2e elementor-widget elementor-widget-shortcode\" data-id=\"99f4a2e\" data-element_type=\"widget\" data-e-type=\"widget\" data-widget_type=\"shortcode.default\">\n\t\t\t\t\t\t\t<div class=\"elementor-shortcode\"><div class=\"woocommerce columns-3 \">\r\n<ul class=\"products oceanwp-row clr grid tablet-col tablet-2-col mobile-col mobile-2-col\">\r\n<li class=\"entry has-media has-rating col span_1_of_3 owp-content-center owp-thumbs-layout-vertical owp-btn-big owp-tabs-layout-vertical circle-sale product type-product post-32886 status-publish first instock product_cat-abbigliamento product_cat-maglione-gilet-cardigan-nascita product_cat-maglione-gilet-cardigan-nascita-ragazza product_cat-maglione-gilet-cardigan-nascita-ragazzo product_cat-maglione-gilet-cardigan-bambina product_cat-maglione-gilet-cardigan-bambini product_cat-maglione-gilet-cardigan-bambino product_cat-maglione-gilet-cardigan-neonata product_cat-maglione-gilet-cardigan-neonati product_cat-maglione-gilet-cardigan-neonato has-post-thumbnail taxable shipping-taxable purchasable product-type-variable has-default-attributes\">\n\t<div class=\"product-inner clr\">\n\t<div class=\"woo-entry-image-swap woo-entry-image clr\">\n\t\t<a href=\"https:\/\/voyagedelabaleine.fr\/it\/prodotto\/cardigan-neonato-grigio-chiaro\/\" class=\"woocommerce-LoopProduct-link\"><img decoding=\"async\" width=\"600\" height=\"800\" src=\"https:\/\/voyagedelabaleine.fr\/wp-content\/uploads\/2025\/09\/gilet-gris-laine-coton-2-600x800.jpg\" class=\"woo-entry-image-main\" alt=\"Cardigan neonato &#8211; Grigio chiaro\" itemprop=\"image\" srcset=\"https:\/\/voyagedelabaleine.fr\/wp-content\/uploads\/2025\/09\/gilet-gris-laine-coton-2-600x800.jpg 600w, https:\/\/voyagedelabaleine.fr\/wp-content\/uploads\/2025\/09\/gilet-gris-laine-coton-2-225x300.jpg 225w, https:\/\/voyagedelabaleine.fr\/wp-content\/uploads\/2025\/09\/gilet-gris-laine-coton-2-768x1024.jpg 768w, https:\/\/voyagedelabaleine.fr\/wp-content\/uploads\/2025\/09\/gilet-gris-laine-coton-2.jpg 962w\" sizes=\"(max-width: 600px) 100vw, 600px\" \/><img decoding=\"async\" width=\"600\" height=\"800\" src=\"https:\/\/voyagedelabaleine.fr\/wp-content\/uploads\/2025\/09\/gilet-gris-laine-coton-1-600x800.jpg\" class=\"woo-entry-image-secondary\" alt=\"Cardigan neonato &#8211; Grigio chiaro\" itemprop=\"image\" srcset=\"https:\/\/voyagedelabaleine.fr\/wp-content\/uploads\/2025\/09\/gilet-gris-laine-coton-1-600x801.jpg 600w, https:\/\/voyagedelabaleine.fr\/wp-content\/uploads\/2025\/09\/gilet-gris-laine-coton-1-225x300.jpg 225w, https:\/\/voyagedelabaleine.fr\/wp-content\/uploads\/2025\/09\/gilet-gris-laine-coton-1-768x1025.jpg 768w, https:\/\/voyagedelabaleine.fr\/wp-content\/uploads\/2025\/09\/gilet-gris-laine-coton-1.jpg 790w\" sizes=\"(max-width: 600px) 100vw, 600px\" \/><\/a>\t<\/div><!-- .woo-entry-image-swap -->\n\n<ul class=\"woo-entry-inner clr\"><li class=\"image-wrap\">\n\t<div class=\"woo-entry-image-swap woo-entry-image clr\">\n\t\t<a href=\"https:\/\/voyagedelabaleine.fr\/it\/prodotto\/cardigan-neonato-grigio-chiaro\/\" class=\"woocommerce-LoopProduct-link\"><img decoding=\"async\" width=\"600\" height=\"800\" src=\"https:\/\/voyagedelabaleine.fr\/wp-content\/uploads\/2025\/09\/gilet-gris-laine-coton-2-600x800.jpg\" class=\"woo-entry-image-main\" alt=\"Cardigan neonato &#8211; Grigio chiaro\" itemprop=\"image\" srcset=\"https:\/\/voyagedelabaleine.fr\/wp-content\/uploads\/2025\/09\/gilet-gris-laine-coton-2-600x800.jpg 600w, https:\/\/voyagedelabaleine.fr\/wp-content\/uploads\/2025\/09\/gilet-gris-laine-coton-2-225x300.jpg 225w, https:\/\/voyagedelabaleine.fr\/wp-content\/uploads\/2025\/09\/gilet-gris-laine-coton-2-768x1024.jpg 768w, https:\/\/voyagedelabaleine.fr\/wp-content\/uploads\/2025\/09\/gilet-gris-laine-coton-2.jpg 962w\" sizes=\"(max-width: 600px) 100vw, 600px\" \/><img decoding=\"async\" width=\"600\" height=\"800\" src=\"https:\/\/voyagedelabaleine.fr\/wp-content\/uploads\/2025\/09\/gilet-gris-laine-coton-1-600x800.jpg\" class=\"woo-entry-image-secondary\" alt=\"Cardigan neonato &#8211; Grigio chiaro\" itemprop=\"image\" srcset=\"https:\/\/voyagedelabaleine.fr\/wp-content\/uploads\/2025\/09\/gilet-gris-laine-coton-1-600x801.jpg 600w, https:\/\/voyagedelabaleine.fr\/wp-content\/uploads\/2025\/09\/gilet-gris-laine-coton-1-225x300.jpg 225w, https:\/\/voyagedelabaleine.fr\/wp-content\/uploads\/2025\/09\/gilet-gris-laine-coton-1-768x1025.jpg 768w, https:\/\/voyagedelabaleine.fr\/wp-content\/uploads\/2025\/09\/gilet-gris-laine-coton-1.jpg 790w\" sizes=\"(max-width: 600px) 100vw, 600px\" \/><\/a>\t<\/div><!-- .woo-entry-image-swap -->\n\n<\/li><li class=\"title\"><h2><a href=\"https:\/\/voyagedelabaleine.fr\/it\/prodotto\/cardigan-neonato-grigio-chiaro\/\">Cardigan neonato &#8211; Grigio chiaro<\/a><\/h2><\/li><li class=\"price-wrap\">\n\t<span class=\"price\"><span class=\"woocommerce-Price-amount amount\"><bdi>38<span class=\"woocommerce-Price-currencySymbol\">&euro;<\/span><\/bdi><\/span><\/span>\n<\/li><\/ul><\/div><!-- .product-inner .clr --><\/li>\n<li class=\"entry has-media col span_1_of_3 owp-content-center owp-thumbs-layout-vertical owp-btn-big owp-tabs-layout-vertical circle-sale product type-product post-31972 status-publish instock product_cat-abbigliamento product_cat-blusa-camicia-nascita product_cat-blusa-camicia-nascita-ragazza product_cat-blusa-camicia-nascita-ragazzo product_cat-blusa-camicia-bambina product_cat-blusa-camicia-bambini product_cat-blusa-camicia-bambino product_cat-blusa-e-camicia-per-neonata product_cat-blusa-camicia-neonati product_cat-blusa-camicia-neonato has-post-thumbnail taxable shipping-taxable purchasable product-type-variable has-default-attributes\">\n\t<div class=\"product-inner clr\">\n\t<div class=\"woo-entry-image-swap woo-entry-image clr\">\n\t\t<a href=\"https:\/\/voyagedelabaleine.fr\/it\/prodotto\/blusa-neonato-a-girocollo-e-profilo-rosso-ecru\/\" class=\"woocommerce-LoopProduct-link\"><img decoding=\"async\" width=\"600\" height=\"800\" src=\"https:\/\/voyagedelabaleine.fr\/wp-content\/uploads\/2025\/07\/blouse-bebe-col-rond-lisere-rouge-600x800.jpg\" class=\"woo-entry-image-main\" alt=\"Blusa neonato a girocollo e profilo rosso &#8211; Ecru\" itemprop=\"image\" srcset=\"https:\/\/voyagedelabaleine.fr\/wp-content\/uploads\/2025\/07\/blouse-bebe-col-rond-lisere-rouge-600x800.jpg 600w, https:\/\/voyagedelabaleine.fr\/wp-content\/uploads\/2025\/07\/blouse-bebe-col-rond-lisere-rouge-225x300.jpg 225w, https:\/\/voyagedelabaleine.fr\/wp-content\/uploads\/2025\/07\/blouse-bebe-col-rond-lisere-rouge-768x1024.jpg 768w, https:\/\/voyagedelabaleine.fr\/wp-content\/uploads\/2025\/07\/blouse-bebe-col-rond-lisere-rouge-1152x1536.jpg 1152w, https:\/\/voyagedelabaleine.fr\/wp-content\/uploads\/2025\/07\/blouse-bebe-col-rond-lisere-rouge.jpg 1200w\" sizes=\"(max-width: 600px) 100vw, 600px\" \/><img decoding=\"async\" width=\"600\" height=\"800\" src=\"https:\/\/voyagedelabaleine.fr\/wp-content\/uploads\/2025\/07\/blouse-bebe-col-rond-lisere-rouge-2-600x800.jpg\" class=\"woo-entry-image-secondary\" alt=\"Blusa neonato a girocollo e profilo rosso &#8211; Ecru\" itemprop=\"image\" srcset=\"https:\/\/voyagedelabaleine.fr\/wp-content\/uploads\/2025\/07\/blouse-bebe-col-rond-lisere-rouge-2-600x800.jpg 600w, https:\/\/voyagedelabaleine.fr\/wp-content\/uploads\/2025\/07\/blouse-bebe-col-rond-lisere-rouge-2-225x300.jpg 225w, https:\/\/voyagedelabaleine.fr\/wp-content\/uploads\/2025\/07\/blouse-bebe-col-rond-lisere-rouge-2-768x1024.jpg 768w, https:\/\/voyagedelabaleine.fr\/wp-content\/uploads\/2025\/07\/blouse-bebe-col-rond-lisere-rouge-2.jpg 956w\" sizes=\"(max-width: 600px) 100vw, 600px\" \/><\/a>\t<\/div><!-- .woo-entry-image-swap -->\n\n<ul class=\"woo-entry-inner clr\"><li class=\"image-wrap\">\n\t<div class=\"woo-entry-image-swap woo-entry-image clr\">\n\t\t<a href=\"https:\/\/voyagedelabaleine.fr\/it\/prodotto\/blusa-neonato-a-girocollo-e-profilo-rosso-ecru\/\" class=\"woocommerce-LoopProduct-link\"><img decoding=\"async\" width=\"600\" height=\"800\" src=\"https:\/\/voyagedelabaleine.fr\/wp-content\/uploads\/2025\/07\/blouse-bebe-col-rond-lisere-rouge-600x800.jpg\" class=\"woo-entry-image-main\" alt=\"Blusa neonato a girocollo e profilo rosso &#8211; Ecru\" itemprop=\"image\" srcset=\"https:\/\/voyagedelabaleine.fr\/wp-content\/uploads\/2025\/07\/blouse-bebe-col-rond-lisere-rouge-600x800.jpg 600w, https:\/\/voyagedelabaleine.fr\/wp-content\/uploads\/2025\/07\/blouse-bebe-col-rond-lisere-rouge-225x300.jpg 225w, https:\/\/voyagedelabaleine.fr\/wp-content\/uploads\/2025\/07\/blouse-bebe-col-rond-lisere-rouge-768x1024.jpg 768w, https:\/\/voyagedelabaleine.fr\/wp-content\/uploads\/2025\/07\/blouse-bebe-col-rond-lisere-rouge-1152x1536.jpg 1152w, https:\/\/voyagedelabaleine.fr\/wp-content\/uploads\/2025\/07\/blouse-bebe-col-rond-lisere-rouge.jpg 1200w\" sizes=\"(max-width: 600px) 100vw, 600px\" \/><img decoding=\"async\" width=\"600\" height=\"800\" src=\"https:\/\/voyagedelabaleine.fr\/wp-content\/uploads\/2025\/07\/blouse-bebe-col-rond-lisere-rouge-2-600x800.jpg\" class=\"woo-entry-image-secondary\" alt=\"Blusa neonato a girocollo e profilo rosso &#8211; Ecru\" itemprop=\"image\" srcset=\"https:\/\/voyagedelabaleine.fr\/wp-content\/uploads\/2025\/07\/blouse-bebe-col-rond-lisere-rouge-2-600x800.jpg 600w, https:\/\/voyagedelabaleine.fr\/wp-content\/uploads\/2025\/07\/blouse-bebe-col-rond-lisere-rouge-2-225x300.jpg 225w, https:\/\/voyagedelabaleine.fr\/wp-content\/uploads\/2025\/07\/blouse-bebe-col-rond-lisere-rouge-2-768x1024.jpg 768w, https:\/\/voyagedelabaleine.fr\/wp-content\/uploads\/2025\/07\/blouse-bebe-col-rond-lisere-rouge-2.jpg 956w\" sizes=\"(max-width: 600px) 100vw, 600px\" \/><\/a>\t<\/div><!-- .woo-entry-image-swap -->\n\n<\/li><li class=\"title\"><h2><a href=\"https:\/\/voyagedelabaleine.fr\/it\/prodotto\/blusa-neonato-a-girocollo-e-profilo-rosso-ecru\/\">Blusa neonato a girocollo e profilo rosso &#8211; Ecru<\/a><\/h2><\/li><li class=\"price-wrap\">\n\t<span class=\"price\"><span class=\"woocommerce-Price-amount amount\"><bdi>44<span class=\"woocommerce-Price-currencySymbol\">&euro;<\/span><\/bdi><\/span><\/span>\n<\/li><\/ul><\/div><!-- .product-inner .clr --><\/li>\n<li class=\"entry has-media col span_1_of_3 owp-content-center owp-thumbs-layout-vertical owp-btn-big owp-tabs-layout-vertical circle-sale product type-product post-32924 status-publish last instock product_cat-abbigliamento product_cat-bloomer-short-pantaloni-nascita product_cat-bloomer-short-pantaloni-nascita-ragazza product_cat-bloomer-short-pantaloni-nascita-ragazzo product_cat-bloomer-short-pantaloni-neonata product_cat-bloomer-short-pantaloni-neonati product_cat-bloomer-short-pantaloni-neonato has-post-thumbnail taxable shipping-taxable purchasable product-type-variable has-default-attributes\">\n\t<div class=\"product-inner clr\">\n\t<div class=\"woo-entry-image-swap woo-entry-image clr\">\n\t\t<a href=\"https:\/\/voyagedelabaleine.fr\/it\/prodotto\/bloomer-neonato-scozzese-in-lana-rosso\/\" class=\"woocommerce-LoopProduct-link\"><img decoding=\"async\" width=\"600\" height=\"800\" src=\"https:\/\/voyagedelabaleine.fr\/wp-content\/uploads\/2025\/07\/bloomer-bebe-ecossais-laine-1-1-600x800.jpg\" class=\"woo-entry-image-main\" alt=\"Bloomer neonato scozzese in lana \u2013 Rosso\" itemprop=\"image\" srcset=\"https:\/\/voyagedelabaleine.fr\/wp-content\/uploads\/2025\/07\/bloomer-bebe-ecossais-laine-1-1-600x800.jpg 600w, https:\/\/voyagedelabaleine.fr\/wp-content\/uploads\/2025\/07\/bloomer-bebe-ecossais-laine-1-1-225x300.jpg 225w, https:\/\/voyagedelabaleine.fr\/wp-content\/uploads\/2025\/07\/bloomer-bebe-ecossais-laine-1-1-768x1024.jpg 768w, https:\/\/voyagedelabaleine.fr\/wp-content\/uploads\/2025\/07\/bloomer-bebe-ecossais-laine-1-1.jpg 964w\" sizes=\"(max-width: 600px) 100vw, 600px\" \/><img decoding=\"async\" width=\"600\" height=\"800\" src=\"https:\/\/voyagedelabaleine.fr\/wp-content\/uploads\/2025\/07\/bloomer-bebe-ecossais-laine-3-600x800.jpg\" class=\"woo-entry-image-secondary\" alt=\"Bloomer neonato scozzese in lana \u2013 Rosso\" itemprop=\"image\" srcset=\"https:\/\/voyagedelabaleine.fr\/wp-content\/uploads\/2025\/07\/bloomer-bebe-ecossais-laine-3-600x800.jpg 600w, https:\/\/voyagedelabaleine.fr\/wp-content\/uploads\/2025\/07\/bloomer-bebe-ecossais-laine-3-225x300.jpg 225w, https:\/\/voyagedelabaleine.fr\/wp-content\/uploads\/2025\/07\/bloomer-bebe-ecossais-laine-3-768x1024.jpg 768w, https:\/\/voyagedelabaleine.fr\/wp-content\/uploads\/2025\/07\/bloomer-bebe-ecossais-laine-3-1152x1536.jpg 1152w, https:\/\/voyagedelabaleine.fr\/wp-content\/uploads\/2025\/07\/bloomer-bebe-ecossais-laine-3.jpg 1200w\" sizes=\"(max-width: 600px) 100vw, 600px\" \/><\/a>\t<\/div><!-- .woo-entry-image-swap -->\n\n<ul class=\"woo-entry-inner clr\"><li class=\"image-wrap\">\n\t<div class=\"woo-entry-image-swap woo-entry-image clr\">\n\t\t<a href=\"https:\/\/voyagedelabaleine.fr\/it\/prodotto\/bloomer-neonato-scozzese-in-lana-rosso\/\" class=\"woocommerce-LoopProduct-link\"><img decoding=\"async\" width=\"600\" height=\"800\" src=\"https:\/\/voyagedelabaleine.fr\/wp-content\/uploads\/2025\/07\/bloomer-bebe-ecossais-laine-1-1-600x800.jpg\" class=\"woo-entry-image-main\" alt=\"Bloomer neonato scozzese in lana \u2013 Rosso\" itemprop=\"image\" srcset=\"https:\/\/voyagedelabaleine.fr\/wp-content\/uploads\/2025\/07\/bloomer-bebe-ecossais-laine-1-1-600x800.jpg 600w, https:\/\/voyagedelabaleine.fr\/wp-content\/uploads\/2025\/07\/bloomer-bebe-ecossais-laine-1-1-225x300.jpg 225w, https:\/\/voyagedelabaleine.fr\/wp-content\/uploads\/2025\/07\/bloomer-bebe-ecossais-laine-1-1-768x1024.jpg 768w, https:\/\/voyagedelabaleine.fr\/wp-content\/uploads\/2025\/07\/bloomer-bebe-ecossais-laine-1-1.jpg 964w\" sizes=\"(max-width: 600px) 100vw, 600px\" \/><img decoding=\"async\" width=\"600\" height=\"800\" src=\"https:\/\/voyagedelabaleine.fr\/wp-content\/uploads\/2025\/07\/bloomer-bebe-ecossais-laine-3-600x800.jpg\" class=\"woo-entry-image-secondary\" alt=\"Bloomer neonato scozzese in lana \u2013 Rosso\" itemprop=\"image\" srcset=\"https:\/\/voyagedelabaleine.fr\/wp-content\/uploads\/2025\/07\/bloomer-bebe-ecossais-laine-3-600x800.jpg 600w, https:\/\/voyagedelabaleine.fr\/wp-content\/uploads\/2025\/07\/bloomer-bebe-ecossais-laine-3-225x300.jpg 225w, https:\/\/voyagedelabaleine.fr\/wp-content\/uploads\/2025\/07\/bloomer-bebe-ecossais-laine-3-768x1024.jpg 768w, https:\/\/voyagedelabaleine.fr\/wp-content\/uploads\/2025\/07\/bloomer-bebe-ecossais-laine-3-1152x1536.jpg 1152w, https:\/\/voyagedelabaleine.fr\/wp-content\/uploads\/2025\/07\/bloomer-bebe-ecossais-laine-3.jpg 1200w\" sizes=\"(max-width: 600px) 100vw, 600px\" \/><\/a>\t<\/div><!-- .woo-entry-image-swap -->\n\n<\/li><li class=\"title\"><h2><a href=\"https:\/\/voyagedelabaleine.fr\/it\/prodotto\/bloomer-neonato-scozzese-in-lana-rosso\/\">Bloomer neonato scozzese in lana \u2013 Rosso<\/a><\/h2><\/li><li class=\"price-wrap\">\n\t<span class=\"price\"><span class=\"woocommerce-Price-amount amount\"><bdi>38<span class=\"woocommerce-Price-currencySymbol\">&euro;<\/span><\/bdi><\/span><\/span>\n<\/li><\/ul><\/div><!-- .product-inner .clr --><\/li>\n<\/ul>\n<\/div><\/div>\n\t\t\t\t\t\t<\/div>\n\t\t\t\t<\/div>\n\t\t<div class=\"elementor-element elementor-element-e8792c8 e-con-full e-flex e-con e-parent\" data-id=\"e8792c8\" data-element_type=\"container\" data-e-type=\"container\">\n\t\t\t\t<div class=\"elementor-element elementor-element-7f10a48 elementor-widget-divider--separator-type-pattern elementor-widget-divider--view-line elementor-widget elementor-widget-divider\" data-id=\"7f10a48\" data-element_type=\"widget\" data-e-type=\"widget\" data-widget_type=\"divider.default\">\n\t\t\t\t\t\t\t<div class=\"elementor-divider\" style=\"--divider-pattern-url: url(&quot;data:image\/svg+xml,%3Csvg xmlns=&#039;http:\/\/www.w3.org\/2000\/svg&#039; preserveAspectRatio=&#039;none&#039; overflow=&#039;visible&#039; height=&#039;100%&#039; viewBox=&#039;0 0 24 24&#039; fill=&#039;black&#039; stroke=&#039;none&#039;%3E%3Cpath d=&#039;M12.7,2.3c-0.4-0.4-1.1-0.4-1.5,0l-8,9.1c-0.3,0.4-0.3,0.9,0,1.2l8,9.1c0.4,0.4,1.1,0.4,1.5,0l8-9.1c0.3-0.4,0.3-0.9,0-1.2L12.7,2.3z&#039;\/%3E%3C\/svg%3E&quot;);\">\n\t\t\t<span class=\"elementor-divider-separator\">\n\t\t\t\t\t\t<\/span>\n\t\t<\/div>\n\t\t\t\t\t\t<\/div>\n\t\t\t\t<div class=\"elementor-element elementor-element-d483039 elementor-widget__width-initial elementor-widget-mobile__width-inherit elementor-widget elementor-widget-shortcode\" data-id=\"d483039\" data-element_type=\"widget\" data-e-type=\"widget\" data-widget_type=\"shortcode.default\">\n\t\t\t\t\t\t\t<div class=\"elementor-shortcode\"><div class=\"woocommerce columns-2 \">\r\n<ul class=\"products oceanwp-row clr grid tablet-col tablet-2-col mobile-col mobile-2-col\">\r\n<li class=\"entry has-media col span_1_of_2 owp-content-center owp-thumbs-layout-vertical owp-btn-big owp-tabs-layout-vertical circle-sale product type-product post-32210 status-publish first instock product_cat-pigiama product_cat-pigiama-nascita product_cat-pigiama-nascita-ragazzo product_cat-pigiama-neonati product_cat-pigiama-neonato has-post-thumbnail taxable shipping-taxable purchasable product-type-variable has-default-attributes\">\n\t<div class=\"product-inner clr\">\n\t<div class=\"woo-entry-image-swap woo-entry-image clr\">\n\t\t<a href=\"https:\/\/voyagedelabaleine.fr\/it\/prodotto\/tutina-neonato-aperta-sul-davanti-azzurro-cielo\/\" class=\"woocommerce-LoopProduct-link\"><img decoding=\"async\" width=\"600\" height=\"800\" src=\"https:\/\/voyagedelabaleine.fr\/wp-content\/uploads\/2024\/09\/pyjama-naissance-une-piece-bleu-1-600x800.jpg\" class=\"woo-entry-image-main\" alt=\"Tutina neonato aperta sul davanti &#8211; Azzurro cielo\" itemprop=\"image\" srcset=\"https:\/\/voyagedelabaleine.fr\/wp-content\/uploads\/2024\/09\/pyjama-naissance-une-piece-bleu-1-600x800.jpg 600w, https:\/\/voyagedelabaleine.fr\/wp-content\/uploads\/2024\/09\/pyjama-naissance-une-piece-bleu-1-225x300.jpg 225w, https:\/\/voyagedelabaleine.fr\/wp-content\/uploads\/2024\/09\/pyjama-naissance-une-piece-bleu-1-768x1024.jpg 768w, https:\/\/voyagedelabaleine.fr\/wp-content\/uploads\/2024\/09\/pyjama-naissance-une-piece-bleu-1-1152x1536.jpg 1152w, https:\/\/voyagedelabaleine.fr\/wp-content\/uploads\/2024\/09\/pyjama-naissance-une-piece-bleu-1.jpg 1200w\" sizes=\"(max-width: 600px) 100vw, 600px\" \/><img decoding=\"async\" width=\"600\" height=\"800\" src=\"https:\/\/voyagedelabaleine.fr\/wp-content\/uploads\/2024\/09\/pyjama-naissance-une-piece-bleu-2-600x800.jpg\" class=\"woo-entry-image-secondary\" alt=\"Tutina neonato aperta sul davanti &#8211; Azzurro cielo\" itemprop=\"image\" srcset=\"https:\/\/voyagedelabaleine.fr\/wp-content\/uploads\/2024\/09\/pyjama-naissance-une-piece-bleu-2-600x801.jpg 600w, https:\/\/voyagedelabaleine.fr\/wp-content\/uploads\/2024\/09\/pyjama-naissance-une-piece-bleu-2-225x300.jpg 225w, https:\/\/voyagedelabaleine.fr\/wp-content\/uploads\/2024\/09\/pyjama-naissance-une-piece-bleu-2-767x1024.jpg 767w, https:\/\/voyagedelabaleine.fr\/wp-content\/uploads\/2024\/09\/pyjama-naissance-une-piece-bleu-2-768x1025.jpg 768w, https:\/\/voyagedelabaleine.fr\/wp-content\/uploads\/2024\/09\/pyjama-naissance-une-piece-bleu-2.jpg 900w\" sizes=\"(max-width: 600px) 100vw, 600px\" \/><\/a>\t<\/div><!-- .woo-entry-image-swap -->\n\n<ul class=\"woo-entry-inner clr\"><li class=\"image-wrap\">\n\t<div class=\"woo-entry-image-swap woo-entry-image clr\">\n\t\t<a href=\"https:\/\/voyagedelabaleine.fr\/it\/prodotto\/tutina-neonato-aperta-sul-davanti-azzurro-cielo\/\" class=\"woocommerce-LoopProduct-link\"><img decoding=\"async\" width=\"600\" height=\"800\" src=\"https:\/\/voyagedelabaleine.fr\/wp-content\/uploads\/2024\/09\/pyjama-naissance-une-piece-bleu-1-600x800.jpg\" class=\"woo-entry-image-main\" alt=\"Tutina neonato aperta sul davanti &#8211; Azzurro cielo\" itemprop=\"image\" srcset=\"https:\/\/voyagedelabaleine.fr\/wp-content\/uploads\/2024\/09\/pyjama-naissance-une-piece-bleu-1-600x800.jpg 600w, https:\/\/voyagedelabaleine.fr\/wp-content\/uploads\/2024\/09\/pyjama-naissance-une-piece-bleu-1-225x300.jpg 225w, https:\/\/voyagedelabaleine.fr\/wp-content\/uploads\/2024\/09\/pyjama-naissance-une-piece-bleu-1-768x1024.jpg 768w, https:\/\/voyagedelabaleine.fr\/wp-content\/uploads\/2024\/09\/pyjama-naissance-une-piece-bleu-1-1152x1536.jpg 1152w, https:\/\/voyagedelabaleine.fr\/wp-content\/uploads\/2024\/09\/pyjama-naissance-une-piece-bleu-1.jpg 1200w\" sizes=\"(max-width: 600px) 100vw, 600px\" \/><img decoding=\"async\" width=\"600\" height=\"800\" src=\"https:\/\/voyagedelabaleine.fr\/wp-content\/uploads\/2024\/09\/pyjama-naissance-une-piece-bleu-2-600x800.jpg\" class=\"woo-entry-image-secondary\" alt=\"Tutina neonato aperta sul davanti &#8211; Azzurro cielo\" itemprop=\"image\" srcset=\"https:\/\/voyagedelabaleine.fr\/wp-content\/uploads\/2024\/09\/pyjama-naissance-une-piece-bleu-2-600x801.jpg 600w, https:\/\/voyagedelabaleine.fr\/wp-content\/uploads\/2024\/09\/pyjama-naissance-une-piece-bleu-2-225x300.jpg 225w, https:\/\/voyagedelabaleine.fr\/wp-content\/uploads\/2024\/09\/pyjama-naissance-une-piece-bleu-2-767x1024.jpg 767w, https:\/\/voyagedelabaleine.fr\/wp-content\/uploads\/2024\/09\/pyjama-naissance-une-piece-bleu-2-768x1025.jpg 768w, https:\/\/voyagedelabaleine.fr\/wp-content\/uploads\/2024\/09\/pyjama-naissance-une-piece-bleu-2.jpg 900w\" sizes=\"(max-width: 600px) 100vw, 600px\" \/><\/a>\t<\/div><!-- .woo-entry-image-swap -->\n\n<\/li><li class=\"title\"><h2><a href=\"https:\/\/voyagedelabaleine.fr\/it\/prodotto\/tutina-neonato-aperta-sul-davanti-azzurro-cielo\/\">Tutina neonato aperta sul davanti &#8211; Azzurro cielo<\/a><\/h2><\/li><li class=\"price-wrap\">\n\t<span class=\"price\"><span class=\"woocommerce-Price-amount amount\"><bdi>38<span class=\"woocommerce-Price-currencySymbol\">&euro;<\/span><\/bdi><\/span><\/span>\n<\/li><\/ul><\/div><!-- .product-inner .clr --><\/li>\n<li class=\"entry has-media has-rating col span_1_of_2 owp-content-center owp-thumbs-layout-vertical owp-btn-big owp-tabs-layout-vertical circle-sale product type-product post-32245 status-publish last instock product_cat-pigiama product_cat-pigiama-nascita product_cat-pigiama-nascita-ragazza product_cat-pigiama-nascita-ragazzo product_cat-pigiama-neonata product_cat-pigiama-neonati product_cat-pigiama-neonato has-post-thumbnail taxable shipping-taxable purchasable product-type-variable has-default-attributes\">\n\t<div class=\"product-inner clr\">\n\t<div class=\"woo-entry-image-swap woo-entry-image clr\">\n\t\t<a href=\"https:\/\/voyagedelabaleine.fr\/it\/prodotto\/pigiama-neonato-unisex-in-velluto-grigio\/\" class=\"woocommerce-LoopProduct-link\"><img decoding=\"async\" width=\"600\" height=\"800\" src=\"https:\/\/voyagedelabaleine.fr\/wp-content\/uploads\/2024\/09\/pyjama-naissance-une-piece-gris-2-600x800.jpg\" class=\"woo-entry-image-main\" alt=\"Pigiama neonato unisex in velluto &#8211; Grigio\" itemprop=\"image\" srcset=\"https:\/\/voyagedelabaleine.fr\/wp-content\/uploads\/2024\/09\/pyjama-naissance-une-piece-gris-2-600x800.jpg 600w, https:\/\/voyagedelabaleine.fr\/wp-content\/uploads\/2024\/09\/pyjama-naissance-une-piece-gris-2-225x300.jpg 225w, https:\/\/voyagedelabaleine.fr\/wp-content\/uploads\/2024\/09\/pyjama-naissance-une-piece-gris-2-768x1024.jpg 768w, https:\/\/voyagedelabaleine.fr\/wp-content\/uploads\/2024\/09\/pyjama-naissance-une-piece-gris-2-1152x1536.jpg 1152w, https:\/\/voyagedelabaleine.fr\/wp-content\/uploads\/2024\/09\/pyjama-naissance-une-piece-gris-2.jpg 1500w\" sizes=\"(max-width: 600px) 100vw, 600px\" \/><img decoding=\"async\" width=\"600\" height=\"800\" src=\"https:\/\/voyagedelabaleine.fr\/wp-content\/uploads\/2024\/09\/pyjama-naissance-une-piece-gris-1-600x800.jpg\" class=\"woo-entry-image-secondary\" alt=\"Pigiama neonato unisex in velluto &#8211; Grigio\" itemprop=\"image\" srcset=\"https:\/\/voyagedelabaleine.fr\/wp-content\/uploads\/2024\/09\/pyjama-naissance-une-piece-gris-1-600x800.jpg 600w, https:\/\/voyagedelabaleine.fr\/wp-content\/uploads\/2024\/09\/pyjama-naissance-une-piece-gris-1-225x300.jpg 225w, https:\/\/voyagedelabaleine.fr\/wp-content\/uploads\/2024\/09\/pyjama-naissance-une-piece-gris-1-768x1024.jpg 768w, https:\/\/voyagedelabaleine.fr\/wp-content\/uploads\/2024\/09\/pyjama-naissance-une-piece-gris-1.jpg 980w\" sizes=\"(max-width: 600px) 100vw, 600px\" \/><\/a>\t<\/div><!-- .woo-entry-image-swap -->\n\n<ul class=\"woo-entry-inner clr\"><li class=\"image-wrap\">\n\t<div class=\"woo-entry-image-swap woo-entry-image clr\">\n\t\t<a href=\"https:\/\/voyagedelabaleine.fr\/it\/prodotto\/pigiama-neonato-unisex-in-velluto-grigio\/\" class=\"woocommerce-LoopProduct-link\"><img decoding=\"async\" width=\"600\" height=\"800\" src=\"https:\/\/voyagedelabaleine.fr\/wp-content\/uploads\/2024\/09\/pyjama-naissance-une-piece-gris-2-600x800.jpg\" class=\"woo-entry-image-main\" alt=\"Pigiama neonato unisex in velluto &#8211; Grigio\" itemprop=\"image\" srcset=\"https:\/\/voyagedelabaleine.fr\/wp-content\/uploads\/2024\/09\/pyjama-naissance-une-piece-gris-2-600x800.jpg 600w, https:\/\/voyagedelabaleine.fr\/wp-content\/uploads\/2024\/09\/pyjama-naissance-une-piece-gris-2-225x300.jpg 225w, https:\/\/voyagedelabaleine.fr\/wp-content\/uploads\/2024\/09\/pyjama-naissance-une-piece-gris-2-768x1024.jpg 768w, https:\/\/voyagedelabaleine.fr\/wp-content\/uploads\/2024\/09\/pyjama-naissance-une-piece-gris-2-1152x1536.jpg 1152w, https:\/\/voyagedelabaleine.fr\/wp-content\/uploads\/2024\/09\/pyjama-naissance-une-piece-gris-2.jpg 1500w\" sizes=\"(max-width: 600px) 100vw, 600px\" \/><img decoding=\"async\" width=\"600\" height=\"800\" src=\"https:\/\/voyagedelabaleine.fr\/wp-content\/uploads\/2024\/09\/pyjama-naissance-une-piece-gris-1-600x800.jpg\" class=\"woo-entry-image-secondary\" alt=\"Pigiama neonato unisex in velluto &#8211; Grigio\" itemprop=\"image\" srcset=\"https:\/\/voyagedelabaleine.fr\/wp-content\/uploads\/2024\/09\/pyjama-naissance-une-piece-gris-1-600x800.jpg 600w, https:\/\/voyagedelabaleine.fr\/wp-content\/uploads\/2024\/09\/pyjama-naissance-une-piece-gris-1-225x300.jpg 225w, https:\/\/voyagedelabaleine.fr\/wp-content\/uploads\/2024\/09\/pyjama-naissance-une-piece-gris-1-768x1024.jpg 768w, https:\/\/voyagedelabaleine.fr\/wp-content\/uploads\/2024\/09\/pyjama-naissance-une-piece-gris-1.jpg 980w\" sizes=\"(max-width: 600px) 100vw, 600px\" \/><\/a>\t<\/div><!-- .woo-entry-image-swap -->\n\n<\/li><li class=\"title\"><h2><a href=\"https:\/\/voyagedelabaleine.fr\/it\/prodotto\/pigiama-neonato-unisex-in-velluto-grigio\/\">Pigiama neonato unisex in velluto &#8211; Grigio<\/a><\/h2><\/li><li class=\"price-wrap\">\n\t<span class=\"price\"><span class=\"woocommerce-Price-amount amount\"><bdi>38<span class=\"woocommerce-Price-currencySymbol\">&euro;<\/span><\/bdi><\/span><\/span>\n<\/li><\/ul><\/div><!-- .product-inner .clr --><\/li>\n<\/ul>\n<\/div><\/div>\n\t\t\t\t\t\t<\/div>\n\t\t\t\t<\/div>\n\t\t<div class=\"elementor-element elementor-element-4ac92bc e-con-full e-flex e-con e-parent\" data-id=\"4ac92bc\" data-element_type=\"container\" data-e-type=\"container\">\n\t\t\t\t<div class=\"elementor-element elementor-element-e86f56e elementor-widget-divider--separator-type-pattern elementor-widget-divider--view-line elementor-widget elementor-widget-divider\" data-id=\"e86f56e\" data-element_type=\"widget\" data-e-type=\"widget\" data-widget_type=\"divider.default\">\n\t\t\t\t\t\t\t<div class=\"elementor-divider\" style=\"--divider-pattern-url: url(&quot;data:image\/svg+xml,%3Csvg xmlns=&#039;http:\/\/www.w3.org\/2000\/svg&#039; preserveAspectRatio=&#039;none&#039; overflow=&#039;visible&#039; height=&#039;100%&#039; viewBox=&#039;0 0 24 24&#039; fill=&#039;black&#039; stroke=&#039;none&#039;%3E%3Cpath d=&#039;M12.7,2.3c-0.4-0.4-1.1-0.4-1.5,0l-8,9.1c-0.3,0.4-0.3,0.9,0,1.2l8,9.1c0.4,0.4,1.1,0.4,1.5,0l8-9.1c0.3-0.4,0.3-0.9,0-1.2L12.7,2.3z&#039;\/%3E%3C\/svg%3E&quot;);\">\n\t\t\t<span class=\"elementor-divider-separator\">\n\t\t\t\t\t\t<\/span>\n\t\t<\/div>\n\t\t\t\t\t\t<\/div>\n\t\t\t\t<div class=\"elementor-element elementor-element-444517c elementor-widget__width-initial elementor-widget-mobile__width-inherit elementor-widget elementor-widget-shortcode\" data-id=\"444517c\" data-element_type=\"widget\" data-e-type=\"widget\" data-widget_type=\"shortcode.default\">\n\t\t\t\t\t\t\t<div class=\"elementor-shortcode\"><div class=\"woocommerce columns-2 \">\r\n<ul class=\"products oceanwp-row clr grid tablet-col tablet-2-col mobile-col mobile-2-col\">\r\n<li class=\"entry has-media col span_1_of_2 owp-content-center owp-thumbs-layout-vertical owp-btn-big owp-tabs-layout-vertical circle-sale product type-product post-34739 status-publish first instock product_cat-abbigliamento product_cat-maglione-gilet-cardigan-bambini product_cat-maglione-gilet-cardigan-bambino has-post-thumbnail taxable shipping-taxable purchasable product-type-variable has-default-attributes\">\n\t<div class=\"product-inner clr\">\n\t<div class=\"woo-entry-image-swap woo-entry-image clr\">\n\t\t<a href=\"https:\/\/voyagedelabaleine.fr\/it\/prodotto\/cardigan-bambino-in-maglia-jacquard-cammello\/\" class=\"woocommerce-LoopProduct-link\"><img decoding=\"async\" width=\"600\" height=\"800\" src=\"https:\/\/voyagedelabaleine.fr\/wp-content\/uploads\/2025\/07\/gilet-enfant-garcon-maille-jacquard-600x800.jpg\" class=\"woo-entry-image-main\" alt=\"Cardigan bambino in maglia jacquard &#8211; Cammello\" itemprop=\"image\" srcset=\"https:\/\/voyagedelabaleine.fr\/wp-content\/uploads\/2025\/07\/gilet-enfant-garcon-maille-jacquard-600x800.jpg 600w, https:\/\/voyagedelabaleine.fr\/wp-content\/uploads\/2025\/07\/gilet-enfant-garcon-maille-jacquard-225x300.jpg 225w, https:\/\/voyagedelabaleine.fr\/wp-content\/uploads\/2025\/07\/gilet-enfant-garcon-maille-jacquard-768x1024.jpg 768w, https:\/\/voyagedelabaleine.fr\/wp-content\/uploads\/2025\/07\/gilet-enfant-garcon-maille-jacquard.jpg 1100w\" sizes=\"(max-width: 600px) 100vw, 600px\" \/><img decoding=\"async\" width=\"600\" height=\"800\" src=\"https:\/\/voyagedelabaleine.fr\/wp-content\/uploads\/2025\/07\/cardigan-bebe-garcon-maille-jacquard-camel-2-600x800.jpg\" class=\"woo-entry-image-secondary\" alt=\"Cardigan bambino in maglia jacquard &#8211; Cammello\" itemprop=\"image\" srcset=\"https:\/\/voyagedelabaleine.fr\/wp-content\/uploads\/2025\/07\/cardigan-bebe-garcon-maille-jacquard-camel-2-600x800.jpg 600w, https:\/\/voyagedelabaleine.fr\/wp-content\/uploads\/2025\/07\/cardigan-bebe-garcon-maille-jacquard-camel-2-225x300.jpg 225w, https:\/\/voyagedelabaleine.fr\/wp-content\/uploads\/2025\/07\/cardigan-bebe-garcon-maille-jacquard-camel-2-768x1023.jpg 768w, https:\/\/voyagedelabaleine.fr\/wp-content\/uploads\/2025\/07\/cardigan-bebe-garcon-maille-jacquard-camel-2.jpg 902w\" sizes=\"(max-width: 600px) 100vw, 600px\" \/><\/a>\t<\/div><!-- .woo-entry-image-swap -->\n\n<ul class=\"woo-entry-inner clr\"><li class=\"image-wrap\">\n\t<div class=\"woo-entry-image-swap woo-entry-image clr\">\n\t\t<a href=\"https:\/\/voyagedelabaleine.fr\/it\/prodotto\/cardigan-bambino-in-maglia-jacquard-cammello\/\" class=\"woocommerce-LoopProduct-link\"><img decoding=\"async\" width=\"600\" height=\"800\" src=\"https:\/\/voyagedelabaleine.fr\/wp-content\/uploads\/2025\/07\/gilet-enfant-garcon-maille-jacquard-600x800.jpg\" class=\"woo-entry-image-main\" alt=\"Cardigan bambino in maglia jacquard &#8211; Cammello\" itemprop=\"image\" srcset=\"https:\/\/voyagedelabaleine.fr\/wp-content\/uploads\/2025\/07\/gilet-enfant-garcon-maille-jacquard-600x800.jpg 600w, https:\/\/voyagedelabaleine.fr\/wp-content\/uploads\/2025\/07\/gilet-enfant-garcon-maille-jacquard-225x300.jpg 225w, https:\/\/voyagedelabaleine.fr\/wp-content\/uploads\/2025\/07\/gilet-enfant-garcon-maille-jacquard-768x1024.jpg 768w, https:\/\/voyagedelabaleine.fr\/wp-content\/uploads\/2025\/07\/gilet-enfant-garcon-maille-jacquard.jpg 1100w\" sizes=\"(max-width: 600px) 100vw, 600px\" \/><img decoding=\"async\" width=\"600\" height=\"800\" src=\"https:\/\/voyagedelabaleine.fr\/wp-content\/uploads\/2025\/07\/cardigan-bebe-garcon-maille-jacquard-camel-2-600x800.jpg\" class=\"woo-entry-image-secondary\" alt=\"Cardigan bambino in maglia jacquard &#8211; Cammello\" itemprop=\"image\" srcset=\"https:\/\/voyagedelabaleine.fr\/wp-content\/uploads\/2025\/07\/cardigan-bebe-garcon-maille-jacquard-camel-2-600x800.jpg 600w, https:\/\/voyagedelabaleine.fr\/wp-content\/uploads\/2025\/07\/cardigan-bebe-garcon-maille-jacquard-camel-2-225x300.jpg 225w, https:\/\/voyagedelabaleine.fr\/wp-content\/uploads\/2025\/07\/cardigan-bebe-garcon-maille-jacquard-camel-2-768x1023.jpg 768w, https:\/\/voyagedelabaleine.fr\/wp-content\/uploads\/2025\/07\/cardigan-bebe-garcon-maille-jacquard-camel-2.jpg 902w\" sizes=\"(max-width: 600px) 100vw, 600px\" \/><\/a>\t<\/div><!-- .woo-entry-image-swap -->\n\n<\/li><li class=\"title\"><h2><a href=\"https:\/\/voyagedelabaleine.fr\/it\/prodotto\/cardigan-bambino-in-maglia-jacquard-cammello\/\">Cardigan bambino in maglia jacquard &#8211; Cammello<\/a><\/h2><\/li><li class=\"price-wrap\">\n\t<span class=\"price\"><span class=\"woocommerce-Price-amount amount\"><bdi>54<span class=\"woocommerce-Price-currencySymbol\">&euro;<\/span><\/bdi><\/span><\/span>\n<\/li><\/ul><\/div><!-- .product-inner .clr --><\/li>\n<li class=\"entry has-media col span_1_of_2 owp-content-center owp-thumbs-layout-vertical owp-btn-big owp-tabs-layout-vertical circle-sale product type-product post-34935 status-publish last instock product_cat-abbigliamento product_cat-bloomer-short-pantaloni-nascita product_cat-bloomer-short-pantaloni-nascita-ragazza product_cat-bloomer-short-pantaloni-nascita-ragazzo product_cat-bloomer-short-pantaloni-neonata product_cat-bloomer-short-pantaloni-neonati product_cat-bloomer-short-pantaloni-neonato product_cat-pantaloni-short-bambina product_cat-pantaloni-short-bambini product_cat-pantaloni-short-bambino has-post-thumbnail taxable shipping-taxable purchasable product-type-variable has-default-attributes\">\n\t<div class=\"product-inner clr\">\n\t<div class=\"woo-entry-image-swap woo-entry-image clr\">\n\t\t<a href=\"https:\/\/voyagedelabaleine.fr\/it\/prodotto\/pantaloni-neonato-in-velluto-a-costine-marrone\/\" class=\"woocommerce-LoopProduct-link\"><img decoding=\"async\" width=\"600\" height=\"800\" src=\"https:\/\/voyagedelabaleine.fr\/wp-content\/uploads\/2025\/07\/pantalon-enfant-velours-cotele-marron-600x800.jpg\" class=\"woo-entry-image-main\" alt=\"Pantaloni neonato in velluto a costine &#8211; Marrone\" itemprop=\"image\" srcset=\"https:\/\/voyagedelabaleine.fr\/wp-content\/uploads\/2025\/07\/pantalon-enfant-velours-cotele-marron-600x800.jpg 600w, https:\/\/voyagedelabaleine.fr\/wp-content\/uploads\/2025\/07\/pantalon-enfant-velours-cotele-marron-225x300.jpg 225w, https:\/\/voyagedelabaleine.fr\/wp-content\/uploads\/2025\/07\/pantalon-enfant-velours-cotele-marron-768x1024.jpg 768w, https:\/\/voyagedelabaleine.fr\/wp-content\/uploads\/2025\/07\/pantalon-enfant-velours-cotele-marron.jpg 1140w\" sizes=\"(max-width: 600px) 100vw, 600px\" \/><img decoding=\"async\" width=\"600\" height=\"799\" src=\"https:\/\/voyagedelabaleine.fr\/wp-content\/uploads\/2025\/07\/pantalon-enfant-velours-cotele-marron-1.jpg\" class=\"woo-entry-image-secondary\" alt=\"Pantaloni neonato in velluto a costine &#8211; Marrone\" itemprop=\"image\" srcset=\"https:\/\/voyagedelabaleine.fr\/wp-content\/uploads\/2025\/07\/pantalon-enfant-velours-cotele-marron-1.jpg 600w, https:\/\/voyagedelabaleine.fr\/wp-content\/uploads\/2025\/07\/pantalon-enfant-velours-cotele-marron-1-225x300.jpg 225w\" sizes=\"(max-width: 600px) 100vw, 600px\" \/><\/a>\t<\/div><!-- .woo-entry-image-swap -->\n\n<ul class=\"woo-entry-inner clr\"><li class=\"image-wrap\">\n\t<div class=\"woo-entry-image-swap woo-entry-image clr\">\n\t\t<a href=\"https:\/\/voyagedelabaleine.fr\/it\/prodotto\/pantaloni-neonato-in-velluto-a-costine-marrone\/\" class=\"woocommerce-LoopProduct-link\"><img decoding=\"async\" width=\"600\" height=\"800\" src=\"https:\/\/voyagedelabaleine.fr\/wp-content\/uploads\/2025\/07\/pantalon-enfant-velours-cotele-marron-600x800.jpg\" class=\"woo-entry-image-main\" alt=\"Pantaloni neonato in velluto a costine &#8211; Marrone\" itemprop=\"image\" srcset=\"https:\/\/voyagedelabaleine.fr\/wp-content\/uploads\/2025\/07\/pantalon-enfant-velours-cotele-marron-600x800.jpg 600w, https:\/\/voyagedelabaleine.fr\/wp-content\/uploads\/2025\/07\/pantalon-enfant-velours-cotele-marron-225x300.jpg 225w, https:\/\/voyagedelabaleine.fr\/wp-content\/uploads\/2025\/07\/pantalon-enfant-velours-cotele-marron-768x1024.jpg 768w, https:\/\/voyagedelabaleine.fr\/wp-content\/uploads\/2025\/07\/pantalon-enfant-velours-cotele-marron.jpg 1140w\" sizes=\"(max-width: 600px) 100vw, 600px\" \/><img decoding=\"async\" width=\"600\" height=\"799\" src=\"https:\/\/voyagedelabaleine.fr\/wp-content\/uploads\/2025\/07\/pantalon-enfant-velours-cotele-marron-1.jpg\" class=\"woo-entry-image-secondary\" alt=\"Pantaloni neonato in velluto a costine &#8211; Marrone\" itemprop=\"image\" srcset=\"https:\/\/voyagedelabaleine.fr\/wp-content\/uploads\/2025\/07\/pantalon-enfant-velours-cotele-marron-1.jpg 600w, https:\/\/voyagedelabaleine.fr\/wp-content\/uploads\/2025\/07\/pantalon-enfant-velours-cotele-marron-1-225x300.jpg 225w\" sizes=\"(max-width: 600px) 100vw, 600px\" \/><\/a>\t<\/div><!-- .woo-entry-image-swap -->\n\n<\/li><li class=\"title\"><h2><a href=\"https:\/\/voyagedelabaleine.fr\/it\/prodotto\/pantaloni-neonato-in-velluto-a-costine-marrone\/\">Pantaloni neonato in velluto a costine &#8211; Marrone<\/a><\/h2><\/li><li class=\"price-wrap\">\n\t<span class=\"price\"><span class=\"woocommerce-Price-amount amount\"><bdi>38<span class=\"woocommerce-Price-currencySymbol\">&euro;<\/span><\/bdi><\/span><\/span>\n<\/li><\/ul><\/div><!-- .product-inner .clr --><\/li>\n<\/ul>\n<\/div><\/div>\n\t\t\t\t\t\t<\/div>\n\t\t\t\t<\/div>\n\t\t<div class=\"elementor-element elementor-element-73db61f e-con-full e-flex e-con e-parent\" data-id=\"73db61f\" data-element_type=\"container\" data-e-type=\"container\">\n\t\t\t\t<div class=\"elementor-element elementor-element-ffa133f elementor-widget-divider--separator-type-pattern elementor-widget-divider--view-line elementor-widget elementor-widget-divider\" data-id=\"ffa133f\" data-element_type=\"widget\" data-e-type=\"widget\" data-widget_type=\"divider.default\">\n\t\t\t\t\t\t\t<div class=\"elementor-divider\" style=\"--divider-pattern-url: url(&quot;data:image\/svg+xml,%3Csvg xmlns=&#039;http:\/\/www.w3.org\/2000\/svg&#039; preserveAspectRatio=&#039;none&#039; overflow=&#039;visible&#039; height=&#039;100%&#039; viewBox=&#039;0 0 24 24&#039; fill=&#039;black&#039; stroke=&#039;none&#039;%3E%3Cpath d=&#039;M12.7,2.3c-0.4-0.4-1.1-0.4-1.5,0l-8,9.1c-0.3,0.4-0.3,0.9,0,1.2l8,9.1c0.4,0.4,1.1,0.4,1.5,0l8-9.1c0.3-0.4,0.3-0.9,0-1.2L12.7,2.3z&#039;\/%3E%3C\/svg%3E&quot;);\">\n\t\t\t<span class=\"elementor-divider-separator\">\n\t\t\t\t\t\t<\/span>\n\t\t<\/div>\n\t\t\t\t\t\t<\/div>\n\t\t\t\t<div class=\"elementor-element elementor-element-68f4edc elementor-widget elementor-widget-shortcode\" data-id=\"68f4edc\" data-element_type=\"widget\" data-e-type=\"widget\" data-widget_type=\"shortcode.default\">\n\t\t\t\t\t\t\t<div class=\"elementor-shortcode\"><div class=\"woocommerce columns-3 \">\r\n<ul class=\"products oceanwp-row clr grid tablet-col tablet-2-col mobile-col mobile-2-col\">\r\n<li class=\"entry has-media col span_1_of_3 owp-content-center owp-thumbs-layout-vertical owp-btn-big owp-tabs-layout-vertical circle-sale product type-product post-30932 status-publish first instock product_cat-body product_cat-body-nascita product_cat-body-nascita-ragazzo product_cat-body-neonati product_cat-body-neonato has-post-thumbnail taxable shipping-taxable purchasable product-type-variable has-default-attributes\">\n\t<div class=\"product-inner clr\">\n\t<div class=\"woo-entry-image-swap woo-entry-image clr\">\n\t\t<a href=\"https:\/\/voyagedelabaleine.fr\/it\/prodotto\/body-neonato-bambino-con-colletto-a-quadri-bianco\/\" class=\"woocommerce-LoopProduct-link\"><img decoding=\"async\" width=\"600\" height=\"800\" src=\"https:\/\/voyagedelabaleine.fr\/wp-content\/uploads\/2025\/07\/body-bebe-garcon-col-carreaux-600x800.jpg\" class=\"woo-entry-image-main\" alt=\"Body neonato bambino con colletto a quadri &#8211; Bianco\" itemprop=\"image\" srcset=\"https:\/\/voyagedelabaleine.fr\/wp-content\/uploads\/2025\/07\/body-bebe-garcon-col-carreaux-600x800.jpg 600w, https:\/\/voyagedelabaleine.fr\/wp-content\/uploads\/2025\/07\/body-bebe-garcon-col-carreaux-225x300.jpg 225w, https:\/\/voyagedelabaleine.fr\/wp-content\/uploads\/2025\/07\/body-bebe-garcon-col-carreaux-768x1024.jpg 768w, https:\/\/voyagedelabaleine.fr\/wp-content\/uploads\/2025\/07\/body-bebe-garcon-col-carreaux.jpg 1100w\" sizes=\"(max-width: 600px) 100vw, 600px\" \/><img decoding=\"async\" width=\"600\" height=\"800\" src=\"https:\/\/voyagedelabaleine.fr\/wp-content\/uploads\/2025\/07\/body-bebe-garcon-col-carreaux-2-600x800.jpg\" class=\"woo-entry-image-secondary\" alt=\"Body neonato bambino con colletto a quadri &#8211; Bianco\" itemprop=\"image\" srcset=\"https:\/\/voyagedelabaleine.fr\/wp-content\/uploads\/2025\/07\/body-bebe-garcon-col-carreaux-2-600x799.jpg 600w, https:\/\/voyagedelabaleine.fr\/wp-content\/uploads\/2025\/07\/body-bebe-garcon-col-carreaux-2-225x300.jpg 225w, https:\/\/voyagedelabaleine.fr\/wp-content\/uploads\/2025\/07\/body-bebe-garcon-col-carreaux-2-769x1024.jpg 769w, https:\/\/voyagedelabaleine.fr\/wp-content\/uploads\/2025\/07\/body-bebe-garcon-col-carreaux-2-768x1023.jpg 768w, https:\/\/voyagedelabaleine.fr\/wp-content\/uploads\/2025\/07\/body-bebe-garcon-col-carreaux-2.jpg 966w\" sizes=\"(max-width: 600px) 100vw, 600px\" \/><\/a>\t<\/div><!-- .woo-entry-image-swap -->\n\n<ul class=\"woo-entry-inner clr\"><li class=\"image-wrap\">\n\t<div class=\"woo-entry-image-swap woo-entry-image clr\">\n\t\t<a href=\"https:\/\/voyagedelabaleine.fr\/it\/prodotto\/body-neonato-bambino-con-colletto-a-quadri-bianco\/\" class=\"woocommerce-LoopProduct-link\"><img decoding=\"async\" width=\"600\" height=\"800\" src=\"https:\/\/voyagedelabaleine.fr\/wp-content\/uploads\/2025\/07\/body-bebe-garcon-col-carreaux-600x800.jpg\" class=\"woo-entry-image-main\" alt=\"Body neonato bambino con colletto a quadri &#8211; Bianco\" itemprop=\"image\" srcset=\"https:\/\/voyagedelabaleine.fr\/wp-content\/uploads\/2025\/07\/body-bebe-garcon-col-carreaux-600x800.jpg 600w, https:\/\/voyagedelabaleine.fr\/wp-content\/uploads\/2025\/07\/body-bebe-garcon-col-carreaux-225x300.jpg 225w, https:\/\/voyagedelabaleine.fr\/wp-content\/uploads\/2025\/07\/body-bebe-garcon-col-carreaux-768x1024.jpg 768w, https:\/\/voyagedelabaleine.fr\/wp-content\/uploads\/2025\/07\/body-bebe-garcon-col-carreaux.jpg 1100w\" sizes=\"(max-width: 600px) 100vw, 600px\" \/><img decoding=\"async\" width=\"600\" height=\"800\" src=\"https:\/\/voyagedelabaleine.fr\/wp-content\/uploads\/2025\/07\/body-bebe-garcon-col-carreaux-2-600x800.jpg\" class=\"woo-entry-image-secondary\" alt=\"Body neonato bambino con colletto a quadri &#8211; Bianco\" itemprop=\"image\" srcset=\"https:\/\/voyagedelabaleine.fr\/wp-content\/uploads\/2025\/07\/body-bebe-garcon-col-carreaux-2-600x799.jpg 600w, https:\/\/voyagedelabaleine.fr\/wp-content\/uploads\/2025\/07\/body-bebe-garcon-col-carreaux-2-225x300.jpg 225w, https:\/\/voyagedelabaleine.fr\/wp-content\/uploads\/2025\/07\/body-bebe-garcon-col-carreaux-2-769x1024.jpg 769w, https:\/\/voyagedelabaleine.fr\/wp-content\/uploads\/2025\/07\/body-bebe-garcon-col-carreaux-2-768x1023.jpg 768w, https:\/\/voyagedelabaleine.fr\/wp-content\/uploads\/2025\/07\/body-bebe-garcon-col-carreaux-2.jpg 966w\" sizes=\"(max-width: 600px) 100vw, 600px\" \/><\/a>\t<\/div><!-- .woo-entry-image-swap -->\n\n<\/li><li class=\"title\"><h2><a href=\"https:\/\/voyagedelabaleine.fr\/it\/prodotto\/body-neonato-bambino-con-colletto-a-quadri-bianco\/\">Body neonato bambino con colletto a quadri &#8211; Bianco<\/a><\/h2><\/li><li class=\"price-wrap\">\n\t<span class=\"price\"><span class=\"woocommerce-Price-amount amount\"><bdi>32<span class=\"woocommerce-Price-currencySymbol\">&euro;<\/span><\/bdi><\/span><\/span>\n<\/li><\/ul><\/div><!-- .product-inner .clr --><\/li>\n<li class=\"entry has-media col span_1_of_3 owp-content-center owp-thumbs-layout-vertical owp-btn-big owp-tabs-layout-vertical circle-sale product type-product post-30858 status-publish instock product_cat-abbigliamento product_cat-maglione-gilet-cardigan-nascita product_cat-maglione-gilet-cardigan-nascita-ragazza product_cat-maglione-gilet-cardigan-nascita-ragazzo product_cat-maglione-gilet-cardigan-bambina product_cat-maglione-gilet-cardigan-bambini product_cat-maglione-gilet-cardigan-bambino product_cat-maglione-gilet-cardigan-neonata product_cat-maglione-gilet-cardigan-neonati product_cat-maglione-gilet-cardigan-neonato has-post-thumbnail taxable shipping-taxable purchasable product-type-variable has-default-attributes\">\n\t<div class=\"product-inner clr\">\n\t<div class=\"woo-entry-image-swap woo-entry-image clr\">\n\t\t<a href=\"https:\/\/voyagedelabaleine.fr\/it\/prodotto\/cardigan-neonato-bicolore-in-maglia-beige\/\" class=\"woocommerce-LoopProduct-link\"><img decoding=\"async\" width=\"600\" height=\"800\" src=\"https:\/\/voyagedelabaleine.fr\/wp-content\/uploads\/2025\/07\/cardigan-bebe-maille-beige-600x800.jpg\" class=\"woo-entry-image-main\" alt=\"Cardigan neonato bicolore in maglia &#8211; Beige\" itemprop=\"image\" srcset=\"https:\/\/voyagedelabaleine.fr\/wp-content\/uploads\/2025\/07\/cardigan-bebe-maille-beige-600x800.jpg 600w, https:\/\/voyagedelabaleine.fr\/wp-content\/uploads\/2025\/07\/cardigan-bebe-maille-beige-225x300.jpg 225w, https:\/\/voyagedelabaleine.fr\/wp-content\/uploads\/2025\/07\/cardigan-bebe-maille-beige-768x1024.jpg 768w, https:\/\/voyagedelabaleine.fr\/wp-content\/uploads\/2025\/07\/cardigan-bebe-maille-beige.jpg 1100w\" sizes=\"(max-width: 600px) 100vw, 600px\" \/><img decoding=\"async\" width=\"600\" height=\"800\" src=\"https:\/\/voyagedelabaleine.fr\/wp-content\/uploads\/2025\/07\/cardigan-bebe-maille-beige-2-600x800.jpg\" class=\"woo-entry-image-secondary\" alt=\"Cardigan neonato bicolore in maglia &#8211; Beige\" itemprop=\"image\" srcset=\"https:\/\/voyagedelabaleine.fr\/wp-content\/uploads\/2025\/07\/cardigan-bebe-maille-beige-2-600x800.jpg 600w, https:\/\/voyagedelabaleine.fr\/wp-content\/uploads\/2025\/07\/cardigan-bebe-maille-beige-2-225x300.jpg 225w, https:\/\/voyagedelabaleine.fr\/wp-content\/uploads\/2025\/07\/cardigan-bebe-maille-beige-2-768x1024.jpg 768w, https:\/\/voyagedelabaleine.fr\/wp-content\/uploads\/2025\/07\/cardigan-bebe-maille-beige-2.jpg 800w\" sizes=\"(max-width: 600px) 100vw, 600px\" \/><\/a>\t<\/div><!-- .woo-entry-image-swap -->\n\n<ul class=\"woo-entry-inner clr\"><li class=\"image-wrap\">\n\t<div class=\"woo-entry-image-swap woo-entry-image clr\">\n\t\t<a href=\"https:\/\/voyagedelabaleine.fr\/it\/prodotto\/cardigan-neonato-bicolore-in-maglia-beige\/\" class=\"woocommerce-LoopProduct-link\"><img decoding=\"async\" width=\"600\" height=\"800\" src=\"https:\/\/voyagedelabaleine.fr\/wp-content\/uploads\/2025\/07\/cardigan-bebe-maille-beige-600x800.jpg\" class=\"woo-entry-image-main\" alt=\"Cardigan neonato bicolore in maglia &#8211; Beige\" itemprop=\"image\" srcset=\"https:\/\/voyagedelabaleine.fr\/wp-content\/uploads\/2025\/07\/cardigan-bebe-maille-beige-600x800.jpg 600w, https:\/\/voyagedelabaleine.fr\/wp-content\/uploads\/2025\/07\/cardigan-bebe-maille-beige-225x300.jpg 225w, https:\/\/voyagedelabaleine.fr\/wp-content\/uploads\/2025\/07\/cardigan-bebe-maille-beige-768x1024.jpg 768w, https:\/\/voyagedelabaleine.fr\/wp-content\/uploads\/2025\/07\/cardigan-bebe-maille-beige.jpg 1100w\" sizes=\"(max-width: 600px) 100vw, 600px\" \/><img decoding=\"async\" width=\"600\" height=\"800\" src=\"https:\/\/voyagedelabaleine.fr\/wp-content\/uploads\/2025\/07\/cardigan-bebe-maille-beige-2-600x800.jpg\" class=\"woo-entry-image-secondary\" alt=\"Cardigan neonato bicolore in maglia &#8211; Beige\" itemprop=\"image\" srcset=\"https:\/\/voyagedelabaleine.fr\/wp-content\/uploads\/2025\/07\/cardigan-bebe-maille-beige-2-600x800.jpg 600w, https:\/\/voyagedelabaleine.fr\/wp-content\/uploads\/2025\/07\/cardigan-bebe-maille-beige-2-225x300.jpg 225w, https:\/\/voyagedelabaleine.fr\/wp-content\/uploads\/2025\/07\/cardigan-bebe-maille-beige-2-768x1024.jpg 768w, https:\/\/voyagedelabaleine.fr\/wp-content\/uploads\/2025\/07\/cardigan-bebe-maille-beige-2.jpg 800w\" sizes=\"(max-width: 600px) 100vw, 600px\" \/><\/a>\t<\/div><!-- .woo-entry-image-swap -->\n\n<\/li><li class=\"title\"><h2><a href=\"https:\/\/voyagedelabaleine.fr\/it\/prodotto\/cardigan-neonato-bicolore-in-maglia-beige\/\">Cardigan neonato bicolore in maglia &#8211; Beige<\/a><\/h2><\/li><li class=\"price-wrap\">\n\t<span class=\"price\"><span class=\"woocommerce-Price-amount amount\"><bdi>68<span class=\"woocommerce-Price-currencySymbol\">&euro;<\/span><\/bdi><\/span><\/span>\n<\/li><\/ul><\/div><!-- .product-inner .clr --><\/li>\n<li class=\"entry has-media col span_1_of_3 owp-content-center owp-thumbs-layout-vertical owp-btn-big owp-tabs-layout-vertical circle-sale product type-product post-34894 status-publish last instock product_cat-abbigliamento product_cat-bloomer-short-pantaloni-nascita product_cat-bloomer-short-pantaloni-nascita-ragazza product_cat-bloomer-short-pantaloni-nascita-ragazzo product_cat-bloomer-short-pantaloni-neonata product_cat-bloomer-short-pantaloni-neonati product_cat-bloomer-short-pantaloni-neonato product_cat-pantaloni-short-bambina product_cat-pantaloni-short-bambini product_cat-pantaloni-short-bambino has-post-thumbnail taxable shipping-taxable purchasable product-type-variable has-default-attributes\">\n\t<div class=\"product-inner clr\">\n\t<div class=\"woo-entry-image-swap woo-entry-image clr\">\n\t\t<a href=\"https:\/\/voyagedelabaleine.fr\/it\/prodotto\/pantaloni-neonato-in-velluto-a-coste-blu-navy\/\" class=\"woocommerce-LoopProduct-link\"><img decoding=\"async\" width=\"600\" height=\"800\" src=\"https:\/\/voyagedelabaleine.fr\/wp-content\/uploads\/2025\/07\/pantalon-enfant-velours-cotele-marine-600x800.jpg\" class=\"woo-entry-image-main\" alt=\"Pantaloni neonato in velluto a coste &#8211; Blu navy\" itemprop=\"image\" srcset=\"https:\/\/voyagedelabaleine.fr\/wp-content\/uploads\/2025\/07\/pantalon-enfant-velours-cotele-marine-600x800.jpg 600w, https:\/\/voyagedelabaleine.fr\/wp-content\/uploads\/2025\/07\/pantalon-enfant-velours-cotele-marine-225x300.jpg 225w, https:\/\/voyagedelabaleine.fr\/wp-content\/uploads\/2025\/07\/pantalon-enfant-velours-cotele-marine-768x1024.jpg 768w, https:\/\/voyagedelabaleine.fr\/wp-content\/uploads\/2025\/07\/pantalon-enfant-velours-cotele-marine-1152x1536.jpg 1152w, https:\/\/voyagedelabaleine.fr\/wp-content\/uploads\/2025\/07\/pantalon-enfant-velours-cotele-marine.jpg 1200w\" sizes=\"(max-width: 600px) 100vw, 600px\" \/><img decoding=\"async\" width=\"583\" height=\"778\" src=\"https:\/\/voyagedelabaleine.fr\/wp-content\/uploads\/2025\/07\/pantalon-enfant-velours-cotele-marine-1.jpg\" class=\"woo-entry-image-secondary\" alt=\"Pantaloni neonato in velluto a coste &#8211; Blu navy\" itemprop=\"image\" srcset=\"https:\/\/voyagedelabaleine.fr\/wp-content\/uploads\/2025\/07\/pantalon-enfant-velours-cotele-marine-1.jpg 583w, https:\/\/voyagedelabaleine.fr\/wp-content\/uploads\/2025\/07\/pantalon-enfant-velours-cotele-marine-1-225x300.jpg 225w\" sizes=\"(max-width: 583px) 100vw, 583px\" \/><\/a>\t<\/div><!-- .woo-entry-image-swap -->\n\n<ul class=\"woo-entry-inner clr\"><li class=\"image-wrap\">\n\t<div class=\"woo-entry-image-swap woo-entry-image clr\">\n\t\t<a href=\"https:\/\/voyagedelabaleine.fr\/it\/prodotto\/pantaloni-neonato-in-velluto-a-coste-blu-navy\/\" class=\"woocommerce-LoopProduct-link\"><img decoding=\"async\" width=\"600\" height=\"800\" src=\"https:\/\/voyagedelabaleine.fr\/wp-content\/uploads\/2025\/07\/pantalon-enfant-velours-cotele-marine-600x800.jpg\" class=\"woo-entry-image-main\" alt=\"Pantaloni neonato in velluto a coste &#8211; Blu navy\" itemprop=\"image\" srcset=\"https:\/\/voyagedelabaleine.fr\/wp-content\/uploads\/2025\/07\/pantalon-enfant-velours-cotele-marine-600x800.jpg 600w, https:\/\/voyagedelabaleine.fr\/wp-content\/uploads\/2025\/07\/pantalon-enfant-velours-cotele-marine-225x300.jpg 225w, https:\/\/voyagedelabaleine.fr\/wp-content\/uploads\/2025\/07\/pantalon-enfant-velours-cotele-marine-768x1024.jpg 768w, https:\/\/voyagedelabaleine.fr\/wp-content\/uploads\/2025\/07\/pantalon-enfant-velours-cotele-marine-1152x1536.jpg 1152w, https:\/\/voyagedelabaleine.fr\/wp-content\/uploads\/2025\/07\/pantalon-enfant-velours-cotele-marine.jpg 1200w\" sizes=\"(max-width: 600px) 100vw, 600px\" \/><img decoding=\"async\" width=\"583\" height=\"778\" src=\"https:\/\/voyagedelabaleine.fr\/wp-content\/uploads\/2025\/07\/pantalon-enfant-velours-cotele-marine-1.jpg\" class=\"woo-entry-image-secondary\" alt=\"Pantaloni neonato in velluto a coste &#8211; Blu navy\" itemprop=\"image\" srcset=\"https:\/\/voyagedelabaleine.fr\/wp-content\/uploads\/2025\/07\/pantalon-enfant-velours-cotele-marine-1.jpg 583w, https:\/\/voyagedelabaleine.fr\/wp-content\/uploads\/2025\/07\/pantalon-enfant-velours-cotele-marine-1-225x300.jpg 225w\" sizes=\"(max-width: 583px) 100vw, 583px\" \/><\/a>\t<\/div><!-- .woo-entry-image-swap -->\n\n<\/li><li class=\"title\"><h2><a href=\"https:\/\/voyagedelabaleine.fr\/it\/prodotto\/pantaloni-neonato-in-velluto-a-coste-blu-navy\/\">Pantaloni neonato in velluto a coste &#8211; Blu navy<\/a><\/h2><\/li><li class=\"price-wrap\">\n\t<span class=\"price\"><span class=\"woocommerce-Price-amount amount\"><bdi>38<span class=\"woocommerce-Price-currencySymbol\">&euro;<\/span><\/bdi><\/span><\/span>\n<\/li><\/ul><\/div><!-- .product-inner .clr --><\/li>\n<\/ul>\n<\/div><\/div>\n\t\t\t\t\t\t<\/div>\n\t\t\t\t<\/div>\n\t\t<div class=\"elementor-element elementor-element-262960c e-con-full e-flex e-con e-parent\" data-id=\"262960c\" data-element_type=\"container\" data-e-type=\"container\">\n\t\t\t\t<div class=\"elementor-element elementor-element-91d7865 elementor-widget-divider--separator-type-pattern elementor-widget-divider--view-line elementor-widget elementor-widget-divider\" data-id=\"91d7865\" data-element_type=\"widget\" data-e-type=\"widget\" data-widget_type=\"divider.default\">\n\t\t\t\t\t\t\t<div class=\"elementor-divider\" style=\"--divider-pattern-url: url(&quot;data:image\/svg+xml,%3Csvg xmlns=&#039;http:\/\/www.w3.org\/2000\/svg&#039; preserveAspectRatio=&#039;none&#039; overflow=&#039;visible&#039; height=&#039;100%&#039; viewBox=&#039;0 0 24 24&#039; fill=&#039;black&#039; stroke=&#039;none&#039;%3E%3Cpath d=&#039;M12.7,2.3c-0.4-0.4-1.1-0.4-1.5,0l-8,9.1c-0.3,0.4-0.3,0.9,0,1.2l8,9.1c0.4,0.4,1.1,0.4,1.5,0l8-9.1c0.3-0.4,0.3-0.9,0-1.2L12.7,2.3z&#039;\/%3E%3C\/svg%3E&quot;);\">\n\t\t\t<span class=\"elementor-divider-separator\">\n\t\t\t\t\t\t<\/span>\n\t\t<\/div>\n\t\t\t\t\t\t<\/div>\n\t\t\t\t<div class=\"elementor-element elementor-element-a7ae1e2 elementor-widget elementor-widget-shortcode\" data-id=\"a7ae1e2\" data-element_type=\"widget\" data-e-type=\"widget\" data-widget_type=\"shortcode.default\">\n\t\t\t\t\t\t\t<div class=\"elementor-shortcode\"><div class=\"woocommerce columns-3 \">\r\n<ul class=\"products oceanwp-row clr grid tablet-col tablet-2-col mobile-col mobile-2-col\">\r\n<li class=\"entry has-media col span_1_of_3 owp-content-center owp-thumbs-layout-vertical owp-btn-big owp-tabs-layout-vertical circle-sale product type-product post-32229 status-publish first instock product_cat-abbigliamento product_cat-bloomer-short-pantaloni-nascita product_cat-bloomer-short-pantaloni-nascita-ragazza product_cat-bloomer-short-pantaloni-nascita-ragazzo product_cat-bloomer-short-pantaloni-neonata product_cat-bloomer-short-pantaloni-neonati product_cat-bloomer-short-pantaloni-neonato has-post-thumbnail taxable shipping-taxable purchasable product-type-variable has-default-attributes\">\n\t<div class=\"product-inner clr\">\n\t<div class=\"woo-entry-image-swap woo-entry-image clr\">\n\t\t<a href=\"https:\/\/voyagedelabaleine.fr\/it\/prodotto\/bloomer-neonato-unisex-tartan-bordeaux\/\" class=\"woocommerce-LoopProduct-link\"><img decoding=\"async\" width=\"600\" height=\"800\" src=\"https:\/\/voyagedelabaleine.fr\/wp-content\/uploads\/2024\/09\/bloomer-bebe-petits-carreaux-2-fotor-2025061920234-600x800.jpg\" class=\"woo-entry-image-main\" alt=\"Bloomer neonato unisex tartan &#8211; Bordeaux\" itemprop=\"image\" \/><img decoding=\"async\" width=\"600\" height=\"800\" src=\"https:\/\/voyagedelabaleine.fr\/wp-content\/uploads\/2024\/09\/bloomer-bebe-petits-carreaux-1-fotor-2025061920245-600x800.jpg\" class=\"woo-entry-image-secondary\" alt=\"Bloomer neonato unisex tartan &#8211; Bordeaux\" itemprop=\"image\" srcset=\"https:\/\/voyagedelabaleine.fr\/wp-content\/uploads\/2024\/09\/bloomer-bebe-petits-carreaux-1-fotor-2025061920245-600x801.jpg 600w, https:\/\/voyagedelabaleine.fr\/wp-content\/uploads\/2024\/09\/bloomer-bebe-petits-carreaux-1-fotor-2025061920245-225x300.jpg 225w, https:\/\/voyagedelabaleine.fr\/wp-content\/uploads\/2024\/09\/bloomer-bebe-petits-carreaux-1-fotor-2025061920245-767x1024.jpg 767w, https:\/\/voyagedelabaleine.fr\/wp-content\/uploads\/2024\/09\/bloomer-bebe-petits-carreaux-1-fotor-2025061920245-768x1025.jpg 768w, https:\/\/voyagedelabaleine.fr\/wp-content\/uploads\/2024\/09\/bloomer-bebe-petits-carreaux-1-fotor-2025061920245.jpg 866w\" sizes=\"(max-width: 600px) 100vw, 600px\" \/><\/a>\t<\/div><!-- .woo-entry-image-swap -->\n\n<ul class=\"woo-entry-inner clr\"><li class=\"image-wrap\">\n\t<div class=\"woo-entry-image-swap woo-entry-image clr\">\n\t\t<a href=\"https:\/\/voyagedelabaleine.fr\/it\/prodotto\/bloomer-neonato-unisex-tartan-bordeaux\/\" class=\"woocommerce-LoopProduct-link\"><img decoding=\"async\" width=\"600\" height=\"800\" src=\"https:\/\/voyagedelabaleine.fr\/wp-content\/uploads\/2024\/09\/bloomer-bebe-petits-carreaux-2-fotor-2025061920234-600x800.jpg\" class=\"woo-entry-image-main\" alt=\"Bloomer neonato unisex tartan &#8211; Bordeaux\" itemprop=\"image\" \/><img decoding=\"async\" width=\"600\" height=\"800\" src=\"https:\/\/voyagedelabaleine.fr\/wp-content\/uploads\/2024\/09\/bloomer-bebe-petits-carreaux-1-fotor-2025061920245-600x800.jpg\" class=\"woo-entry-image-secondary\" alt=\"Bloomer neonato unisex tartan &#8211; Bordeaux\" itemprop=\"image\" srcset=\"https:\/\/voyagedelabaleine.fr\/wp-content\/uploads\/2024\/09\/bloomer-bebe-petits-carreaux-1-fotor-2025061920245-600x801.jpg 600w, https:\/\/voyagedelabaleine.fr\/wp-content\/uploads\/2024\/09\/bloomer-bebe-petits-carreaux-1-fotor-2025061920245-225x300.jpg 225w, https:\/\/voyagedelabaleine.fr\/wp-content\/uploads\/2024\/09\/bloomer-bebe-petits-carreaux-1-fotor-2025061920245-767x1024.jpg 767w, https:\/\/voyagedelabaleine.fr\/wp-content\/uploads\/2024\/09\/bloomer-bebe-petits-carreaux-1-fotor-2025061920245-768x1025.jpg 768w, https:\/\/voyagedelabaleine.fr\/wp-content\/uploads\/2024\/09\/bloomer-bebe-petits-carreaux-1-fotor-2025061920245.jpg 866w\" sizes=\"(max-width: 600px) 100vw, 600px\" \/><\/a>\t<\/div><!-- .woo-entry-image-swap -->\n\n<\/li><li class=\"title\"><h2><a href=\"https:\/\/voyagedelabaleine.fr\/it\/prodotto\/bloomer-neonato-unisex-tartan-bordeaux\/\">Bloomer neonato unisex tartan &#8211; Bordeaux<\/a><\/h2><\/li><li class=\"price-wrap\">\n\t<span class=\"price\"><span class=\"woocommerce-Price-amount amount\"><bdi>22<span class=\"woocommerce-Price-currencySymbol\">&euro;<\/span><\/bdi><\/span><\/span>\n<\/li><\/ul><\/div><!-- .product-inner .clr --><\/li>\n<li class=\"entry has-media col span_1_of_3 owp-content-center owp-thumbs-layout-vertical owp-btn-big owp-tabs-layout-vertical circle-sale product type-product post-31489 status-publish instock product_cat-body product_cat-body-nascita product_cat-body-nascita-ragazza product_cat-body-nascita-ragazzo product_cat-body-neonati product_cat-body-neonata product_cat-body-neonato has-post-thumbnail taxable shipping-taxable purchasable product-type-variable has-default-attributes\">\n\t<div class=\"product-inner clr\">\n\t<div class=\"woo-entry-image-swap woo-entry-image clr\">\n\t\t<a href=\"https:\/\/voyagedelabaleine.fr\/it\/prodotto\/body-neonato-a-collo-rotondo-testurizzato-bianco\/\" class=\"woocommerce-LoopProduct-link\"><img decoding=\"async\" width=\"600\" height=\"800\" src=\"https:\/\/voyagedelabaleine.fr\/wp-content\/uploads\/2023\/10\/body-bebe-col-texture-blanc-2-600x800.jpg\" class=\"woo-entry-image-main\" alt=\"Body neonato a collo rotondo testurizzato &#8211; Bianco\" itemprop=\"image\" srcset=\"https:\/\/voyagedelabaleine.fr\/wp-content\/uploads\/2023\/10\/body-bebe-col-texture-blanc-2-600x800.jpg 600w, https:\/\/voyagedelabaleine.fr\/wp-content\/uploads\/2023\/10\/body-bebe-col-texture-blanc-2-225x300.jpg 225w, https:\/\/voyagedelabaleine.fr\/wp-content\/uploads\/2023\/10\/body-bebe-col-texture-blanc-2-768x1024.jpg 768w, https:\/\/voyagedelabaleine.fr\/wp-content\/uploads\/2023\/10\/body-bebe-col-texture-blanc-2.jpg 855w\" sizes=\"(max-width: 600px) 100vw, 600px\" \/><img decoding=\"async\" width=\"600\" height=\"800\" src=\"https:\/\/voyagedelabaleine.fr\/wp-content\/uploads\/2024\/05\/body-col-texture-blanc-600x800.jpg\" class=\"woo-entry-image-secondary\" alt=\"Body neonato a collo rotondo testurizzato &#8211; Bianco\" itemprop=\"image\" srcset=\"https:\/\/voyagedelabaleine.fr\/wp-content\/uploads\/2024\/05\/body-col-texture-blanc-600x800.jpg 600w, https:\/\/voyagedelabaleine.fr\/wp-content\/uploads\/2024\/05\/body-col-texture-blanc-225x300.jpg 225w, https:\/\/voyagedelabaleine.fr\/wp-content\/uploads\/2024\/05\/body-col-texture-blanc-768x1024.jpg 768w, https:\/\/voyagedelabaleine.fr\/wp-content\/uploads\/2024\/05\/body-col-texture-blanc.jpg 1055w\" sizes=\"(max-width: 600px) 100vw, 600px\" \/><\/a>\t<\/div><!-- .woo-entry-image-swap -->\n\n<ul class=\"woo-entry-inner clr\"><li class=\"image-wrap\">\n\t<div class=\"woo-entry-image-swap woo-entry-image clr\">\n\t\t<a href=\"https:\/\/voyagedelabaleine.fr\/it\/prodotto\/body-neonato-a-collo-rotondo-testurizzato-bianco\/\" class=\"woocommerce-LoopProduct-link\"><img decoding=\"async\" width=\"600\" height=\"800\" src=\"https:\/\/voyagedelabaleine.fr\/wp-content\/uploads\/2023\/10\/body-bebe-col-texture-blanc-2-600x800.jpg\" class=\"woo-entry-image-main\" alt=\"Body neonato a collo rotondo testurizzato &#8211; Bianco\" itemprop=\"image\" srcset=\"https:\/\/voyagedelabaleine.fr\/wp-content\/uploads\/2023\/10\/body-bebe-col-texture-blanc-2-600x800.jpg 600w, https:\/\/voyagedelabaleine.fr\/wp-content\/uploads\/2023\/10\/body-bebe-col-texture-blanc-2-225x300.jpg 225w, https:\/\/voyagedelabaleine.fr\/wp-content\/uploads\/2023\/10\/body-bebe-col-texture-blanc-2-768x1024.jpg 768w, https:\/\/voyagedelabaleine.fr\/wp-content\/uploads\/2023\/10\/body-bebe-col-texture-blanc-2.jpg 855w\" sizes=\"(max-width: 600px) 100vw, 600px\" \/><img decoding=\"async\" width=\"600\" height=\"800\" src=\"https:\/\/voyagedelabaleine.fr\/wp-content\/uploads\/2024\/05\/body-col-texture-blanc-600x800.jpg\" class=\"woo-entry-image-secondary\" alt=\"Body neonato a collo rotondo testurizzato &#8211; Bianco\" itemprop=\"image\" srcset=\"https:\/\/voyagedelabaleine.fr\/wp-content\/uploads\/2024\/05\/body-col-texture-blanc-600x800.jpg 600w, https:\/\/voyagedelabaleine.fr\/wp-content\/uploads\/2024\/05\/body-col-texture-blanc-225x300.jpg 225w, https:\/\/voyagedelabaleine.fr\/wp-content\/uploads\/2024\/05\/body-col-texture-blanc-768x1024.jpg 768w, https:\/\/voyagedelabaleine.fr\/wp-content\/uploads\/2024\/05\/body-col-texture-blanc.jpg 1055w\" sizes=\"(max-width: 600px) 100vw, 600px\" \/><\/a>\t<\/div><!-- .woo-entry-image-swap -->\n\n<\/li><li class=\"title\"><h2><a href=\"https:\/\/voyagedelabaleine.fr\/it\/prodotto\/body-neonato-a-collo-rotondo-testurizzato-bianco\/\">Body neonato a collo rotondo testurizzato &#8211; Bianco<\/a><\/h2><\/li><li class=\"price-wrap\">\n\t<span class=\"price\"><span class=\"woocommerce-Price-amount amount\"><bdi>20<span class=\"woocommerce-Price-currencySymbol\">&euro;<\/span><\/bdi><\/span><\/span>\n<\/li><\/ul><\/div><!-- .product-inner .clr --><\/li>\n<li class=\"entry has-media has-rating col span_1_of_3 owp-content-center owp-thumbs-layout-vertical owp-btn-big owp-tabs-layout-vertical circle-sale product type-product post-34170 status-publish last instock product_cat-calze-collant-neonati-bambini product_cat-calzini-collant-nascita product_cat-calzini-collant-nascita-ragazza product_cat-calzini-collant-nascita-ragazzo-2 product_cat-calzini-collant-bambina product_cat-calzini-collant-bambini product_cat-calzini-collant-bambino product_cat-calzini-collant-neonata product_cat-calzini-collant-neonato has-post-thumbnail taxable shipping-taxable purchasable product-type-variable has-default-attributes\">\n\t<div class=\"product-inner clr\">\n\t<div class=\"woo-entry-image-swap woo-entry-image clr\">\n\t\t<a href=\"https:\/\/voyagedelabaleine.fr\/it\/prodotto\/collant-neonato-a-costine-marrone\/\" class=\"woocommerce-LoopProduct-link\"><img decoding=\"async\" width=\"600\" height=\"800\" src=\"https:\/\/voyagedelabaleine.fr\/wp-content\/uploads\/2024\/09\/collant-bebe-coltele-marron-1-600x800.jpg\" class=\"woo-entry-image-main\" alt=\"Collant neonato a costine &#8211; Marrone\" itemprop=\"image\" srcset=\"https:\/\/voyagedelabaleine.fr\/wp-content\/uploads\/2024\/09\/collant-bebe-coltele-marron-1-600x800.jpg 600w, https:\/\/voyagedelabaleine.fr\/wp-content\/uploads\/2024\/09\/collant-bebe-coltele-marron-1-225x300.jpg 225w, https:\/\/voyagedelabaleine.fr\/wp-content\/uploads\/2024\/09\/collant-bebe-coltele-marron-1-768x1024.jpg 768w, https:\/\/voyagedelabaleine.fr\/wp-content\/uploads\/2024\/09\/collant-bebe-coltele-marron-1.jpg 855w\" sizes=\"(max-width: 600px) 100vw, 600px\" \/><img decoding=\"async\" width=\"600\" height=\"800\" src=\"https:\/\/voyagedelabaleine.fr\/wp-content\/uploads\/2024\/09\/collant-bebe-cotele-marron-2-1-600x800.jpg\" class=\"woo-entry-image-secondary\" alt=\"Collant neonato a costine &#8211; Marrone\" itemprop=\"image\" srcset=\"https:\/\/voyagedelabaleine.fr\/wp-content\/uploads\/2024\/09\/collant-bebe-cotele-marron-2-1-600x800.jpg 600w, https:\/\/voyagedelabaleine.fr\/wp-content\/uploads\/2024\/09\/collant-bebe-cotele-marron-2-1-225x300.jpg 225w, https:\/\/voyagedelabaleine.fr\/wp-content\/uploads\/2024\/09\/collant-bebe-cotele-marron-2-1-768x1024.jpg 768w, https:\/\/voyagedelabaleine.fr\/wp-content\/uploads\/2024\/09\/collant-bebe-cotele-marron-2-1.jpg 855w\" sizes=\"(max-width: 600px) 100vw, 600px\" \/><\/a>\t<\/div><!-- .woo-entry-image-swap -->\n\n<ul class=\"woo-entry-inner clr\"><li class=\"image-wrap\">\n\t<div class=\"woo-entry-image-swap woo-entry-image clr\">\n\t\t<a href=\"https:\/\/voyagedelabaleine.fr\/it\/prodotto\/collant-neonato-a-costine-marrone\/\" class=\"woocommerce-LoopProduct-link\"><img decoding=\"async\" width=\"600\" height=\"800\" src=\"https:\/\/voyagedelabaleine.fr\/wp-content\/uploads\/2024\/09\/collant-bebe-coltele-marron-1-600x800.jpg\" class=\"woo-entry-image-main\" alt=\"Collant neonato a costine &#8211; Marrone\" itemprop=\"image\" srcset=\"https:\/\/voyagedelabaleine.fr\/wp-content\/uploads\/2024\/09\/collant-bebe-coltele-marron-1-600x800.jpg 600w, https:\/\/voyagedelabaleine.fr\/wp-content\/uploads\/2024\/09\/collant-bebe-coltele-marron-1-225x300.jpg 225w, https:\/\/voyagedelabaleine.fr\/wp-content\/uploads\/2024\/09\/collant-bebe-coltele-marron-1-768x1024.jpg 768w, https:\/\/voyagedelabaleine.fr\/wp-content\/uploads\/2024\/09\/collant-bebe-coltele-marron-1.jpg 855w\" sizes=\"(max-width: 600px) 100vw, 600px\" \/><img decoding=\"async\" width=\"600\" height=\"800\" src=\"https:\/\/voyagedelabaleine.fr\/wp-content\/uploads\/2024\/09\/collant-bebe-cotele-marron-2-1-600x800.jpg\" class=\"woo-entry-image-secondary\" alt=\"Collant neonato a costine &#8211; Marrone\" itemprop=\"image\" srcset=\"https:\/\/voyagedelabaleine.fr\/wp-content\/uploads\/2024\/09\/collant-bebe-cotele-marron-2-1-600x800.jpg 600w, https:\/\/voyagedelabaleine.fr\/wp-content\/uploads\/2024\/09\/collant-bebe-cotele-marron-2-1-225x300.jpg 225w, https:\/\/voyagedelabaleine.fr\/wp-content\/uploads\/2024\/09\/collant-bebe-cotele-marron-2-1-768x1024.jpg 768w, https:\/\/voyagedelabaleine.fr\/wp-content\/uploads\/2024\/09\/collant-bebe-cotele-marron-2-1.jpg 855w\" sizes=\"(max-width: 600px) 100vw, 600px\" \/><\/a>\t<\/div><!-- .woo-entry-image-swap -->\n\n<\/li><li class=\"title\"><h2><a href=\"https:\/\/voyagedelabaleine.fr\/it\/prodotto\/collant-neonato-a-costine-marrone\/\">Collant neonato a costine &#8211; Marrone<\/a><\/h2><\/li><li class=\"price-wrap\">\n\t<span class=\"price\"><span class=\"woocommerce-Price-amount amount\"><bdi>14<span class=\"woocommerce-Price-currencySymbol\">&euro;<\/span><\/bdi><\/span><\/span>\n<\/li><\/ul><\/div><!-- .product-inner .clr --><\/li>\n<\/ul>\n<\/div><\/div>\n\t\t\t\t\t\t<\/div>\n\t\t\t\t<\/div>\n\t\t<div class=\"elementor-element elementor-element-cd98e40 e-con-full e-flex e-con e-parent\" data-id=\"cd98e40\" data-element_type=\"container\" data-e-type=\"container\">\n\t\t\t\t<div class=\"elementor-element elementor-element-5d5ad90 elementor-widget-divider--separator-type-pattern elementor-widget-divider--view-line elementor-widget elementor-widget-divider\" data-id=\"5d5ad90\" data-element_type=\"widget\" data-e-type=\"widget\" data-widget_type=\"divider.default\">\n\t\t\t\t\t\t\t<div class=\"elementor-divider\" style=\"--divider-pattern-url: url(&quot;data:image\/svg+xml,%3Csvg xmlns=&#039;http:\/\/www.w3.org\/2000\/svg&#039; preserveAspectRatio=&#039;none&#039; overflow=&#039;visible&#039; height=&#039;100%&#039; viewBox=&#039;0 0 24 24&#039; fill=&#039;black&#039; stroke=&#039;none&#039;%3E%3Cpath d=&#039;M12.7,2.3c-0.4-0.4-1.1-0.4-1.5,0l-8,9.1c-0.3,0.4-0.3,0.9,0,1.2l8,9.1c0.4,0.4,1.1,0.4,1.5,0l8-9.1c0.3-0.4,0.3-0.9,0-1.2L12.7,2.3z&#039;\/%3E%3C\/svg%3E&quot;);\">\n\t\t\t<span class=\"elementor-divider-separator\">\n\t\t\t\t\t\t<\/span>\n\t\t<\/div>\n\t\t\t\t\t\t<\/div>\n\t\t\t\t<div class=\"elementor-element elementor-element-ab82aa6 elementor-widget elementor-widget-shortcode\" data-id=\"ab82aa6\" data-element_type=\"widget\" data-e-type=\"widget\" data-widget_type=\"shortcode.default\">\n\t\t\t\t\t\t\t<div class=\"elementor-shortcode\"><div class=\"woocommerce columns-3 \">\r\n<ul class=\"products oceanwp-row clr grid tablet-col tablet-2-col mobile-col mobile-2-col\">\r\n<li class=\"entry has-media has-rating col span_1_of_3 owp-content-center owp-thumbs-layout-vertical owp-btn-big owp-tabs-layout-vertical circle-sale product type-product post-29607 status-publish first instock product_cat-accessori-nascita-ragazza product_cat-accessori-nascita-ragazzo product_cat-accessori-nascita product_cat-accessori-neonata product_cat-accessori-neonati product_cat-accessori-neonato has-post-thumbnail taxable shipping-taxable purchasable product-type-variable has-default-attributes\">\n\t<div class=\"product-inner clr\">\n\t<div class=\"woo-entry-image-swap woo-entry-image clr\">\n\t\t<a href=\"https:\/\/voyagedelabaleine.fr\/it\/prodotto\/set-berretto-e-muffole-neonato-blu-tempesta\/\" class=\"woocommerce-LoopProduct-link\"><img decoding=\"async\" width=\"600\" height=\"800\" src=\"https:\/\/voyagedelabaleine.fr\/wp-content\/uploads\/2024\/08\/ensemble-bebe-bonnet-moufles-bleu-orage2-fotor-20241010175747-600x800.jpg\" class=\"woo-entry-image-main\" alt=\"Set berretto e muffole neonato &#8211; Blu tempesta\" itemprop=\"image\" srcset=\"https:\/\/voyagedelabaleine.fr\/wp-content\/uploads\/2024\/08\/ensemble-bebe-bonnet-moufles-bleu-orage2-fotor-20241010175747-600x800.jpg 600w, https:\/\/voyagedelabaleine.fr\/wp-content\/uploads\/2024\/08\/ensemble-bebe-bonnet-moufles-bleu-orage2-fotor-20241010175747-225x300.jpg 225w, https:\/\/voyagedelabaleine.fr\/wp-content\/uploads\/2024\/08\/ensemble-bebe-bonnet-moufles-bleu-orage2-fotor-20241010175747-768x1024.jpg 768w, https:\/\/voyagedelabaleine.fr\/wp-content\/uploads\/2024\/08\/ensemble-bebe-bonnet-moufles-bleu-orage2-fotor-20241010175747.jpg 917w\" sizes=\"(max-width: 600px) 100vw, 600px\" \/><img decoding=\"async\" width=\"600\" height=\"800\" src=\"https:\/\/voyagedelabaleine.fr\/wp-content\/uploads\/2024\/08\/ensemble-bebe-bonnet-moufles-bleu-orage2-fotor-2024101017599-600x800.jpg\" class=\"woo-entry-image-secondary\" alt=\"Set berretto e muffole neonato &#8211; Blu tempesta\" itemprop=\"image\" srcset=\"https:\/\/voyagedelabaleine.fr\/wp-content\/uploads\/2024\/08\/ensemble-bebe-bonnet-moufles-bleu-orage2-fotor-2024101017599-600x800.jpg 600w, https:\/\/voyagedelabaleine.fr\/wp-content\/uploads\/2024\/08\/ensemble-bebe-bonnet-moufles-bleu-orage2-fotor-2024101017599-225x300.jpg 225w, https:\/\/voyagedelabaleine.fr\/wp-content\/uploads\/2024\/08\/ensemble-bebe-bonnet-moufles-bleu-orage2-fotor-2024101017599-768x1024.jpg 768w, https:\/\/voyagedelabaleine.fr\/wp-content\/uploads\/2024\/08\/ensemble-bebe-bonnet-moufles-bleu-orage2-fotor-2024101017599.jpg 917w\" sizes=\"(max-width: 600px) 100vw, 600px\" \/><\/a>\t<\/div><!-- .woo-entry-image-swap -->\n\n<ul class=\"woo-entry-inner clr\"><li class=\"image-wrap\">\n\t<div class=\"woo-entry-image-swap woo-entry-image clr\">\n\t\t<a href=\"https:\/\/voyagedelabaleine.fr\/it\/prodotto\/set-berretto-e-muffole-neonato-blu-tempesta\/\" class=\"woocommerce-LoopProduct-link\"><img decoding=\"async\" width=\"600\" height=\"800\" src=\"https:\/\/voyagedelabaleine.fr\/wp-content\/uploads\/2024\/08\/ensemble-bebe-bonnet-moufles-bleu-orage2-fotor-20241010175747-600x800.jpg\" class=\"woo-entry-image-main\" alt=\"Set berretto e muffole neonato &#8211; Blu tempesta\" itemprop=\"image\" srcset=\"https:\/\/voyagedelabaleine.fr\/wp-content\/uploads\/2024\/08\/ensemble-bebe-bonnet-moufles-bleu-orage2-fotor-20241010175747-600x800.jpg 600w, https:\/\/voyagedelabaleine.fr\/wp-content\/uploads\/2024\/08\/ensemble-bebe-bonnet-moufles-bleu-orage2-fotor-20241010175747-225x300.jpg 225w, https:\/\/voyagedelabaleine.fr\/wp-content\/uploads\/2024\/08\/ensemble-bebe-bonnet-moufles-bleu-orage2-fotor-20241010175747-768x1024.jpg 768w, https:\/\/voyagedelabaleine.fr\/wp-content\/uploads\/2024\/08\/ensemble-bebe-bonnet-moufles-bleu-orage2-fotor-20241010175747.jpg 917w\" sizes=\"(max-width: 600px) 100vw, 600px\" \/><img decoding=\"async\" width=\"600\" height=\"800\" src=\"https:\/\/voyagedelabaleine.fr\/wp-content\/uploads\/2024\/08\/ensemble-bebe-bonnet-moufles-bleu-orage2-fotor-2024101017599-600x800.jpg\" class=\"woo-entry-image-secondary\" alt=\"Set berretto e muffole neonato &#8211; Blu tempesta\" itemprop=\"image\" srcset=\"https:\/\/voyagedelabaleine.fr\/wp-content\/uploads\/2024\/08\/ensemble-bebe-bonnet-moufles-bleu-orage2-fotor-2024101017599-600x800.jpg 600w, https:\/\/voyagedelabaleine.fr\/wp-content\/uploads\/2024\/08\/ensemble-bebe-bonnet-moufles-bleu-orage2-fotor-2024101017599-225x300.jpg 225w, https:\/\/voyagedelabaleine.fr\/wp-content\/uploads\/2024\/08\/ensemble-bebe-bonnet-moufles-bleu-orage2-fotor-2024101017599-768x1024.jpg 768w, https:\/\/voyagedelabaleine.fr\/wp-content\/uploads\/2024\/08\/ensemble-bebe-bonnet-moufles-bleu-orage2-fotor-2024101017599.jpg 917w\" sizes=\"(max-width: 600px) 100vw, 600px\" \/><\/a>\t<\/div><!-- .woo-entry-image-swap -->\n\n<\/li><li class=\"title\"><h2><a href=\"https:\/\/voyagedelabaleine.fr\/it\/prodotto\/set-berretto-e-muffole-neonato-blu-tempesta\/\">Set berretto e muffole neonato &#8211; Blu tempesta<\/a><\/h2><\/li><li class=\"price-wrap\">\n\t<span class=\"price\"><span class=\"woocommerce-Price-amount amount\"><bdi>36<span class=\"woocommerce-Price-currencySymbol\">&euro;<\/span><\/bdi><\/span><\/span>\n<\/li><\/ul><\/div><!-- .product-inner .clr --><\/li>\n<li class=\"entry has-media has-rating col span_1_of_3 owp-content-center owp-thumbs-layout-vertical owp-btn-big owp-tabs-layout-vertical circle-sale product type-product post-30617 status-publish instock product_cat-calze-collant-neonati-bambini product_cat-calzini-collant-nascita product_cat-calzini-collant-nascita-ragazza product_cat-calzini-collant-nascita-ragazzo-2 product_cat-calzini-collant-bambina product_cat-calzini-collant-bambini product_cat-calzini-collant-bambino product_cat-calzini-collant-neonata product_cat-calzini-collant-neonato has-post-thumbnail taxable shipping-taxable purchasable product-type-variable has-default-attributes\">\n\t<div class=\"product-inner clr\">\n\t<div class=\"woo-entry-image-swap woo-entry-image clr\">\n\t\t<a href=\"https:\/\/voyagedelabaleine.fr\/it\/prodotto\/collant-neonato-a-costine-blu-navy\/\" class=\"woocommerce-LoopProduct-link\"><img decoding=\"async\" width=\"600\" height=\"800\" src=\"https:\/\/voyagedelabaleine.fr\/wp-content\/uploads\/2024\/11\/92357-thickbox_default-fotor-20241121232344-600x800.jpg\" class=\"woo-entry-image-main\" alt=\"Collant neonato a costine &#8211; Blu navy\" itemprop=\"image\" srcset=\"https:\/\/voyagedelabaleine.fr\/wp-content\/uploads\/2024\/11\/92357-thickbox_default-fotor-20241121232344-600x800.jpg 600w, https:\/\/voyagedelabaleine.fr\/wp-content\/uploads\/2024\/11\/92357-thickbox_default-fotor-20241121232344-225x300.jpg 225w, https:\/\/voyagedelabaleine.fr\/wp-content\/uploads\/2024\/11\/92357-thickbox_default-fotor-20241121232344-768x1024.jpg 768w, https:\/\/voyagedelabaleine.fr\/wp-content\/uploads\/2024\/11\/92357-thickbox_default-fotor-20241121232344.jpg 800w\" sizes=\"(max-width: 600px) 100vw, 600px\" \/><img decoding=\"async\" width=\"600\" height=\"800\" src=\"https:\/\/voyagedelabaleine.fr\/wp-content\/uploads\/2024\/11\/92357-thickbox_default-fotor-20241121232440-600x800.jpg\" class=\"woo-entry-image-secondary\" alt=\"Collant neonato a costine &#8211; Blu navy\" itemprop=\"image\" srcset=\"https:\/\/voyagedelabaleine.fr\/wp-content\/uploads\/2024\/11\/92357-thickbox_default-fotor-20241121232440-600x800.jpg 600w, https:\/\/voyagedelabaleine.fr\/wp-content\/uploads\/2024\/11\/92357-thickbox_default-fotor-20241121232440-225x300.jpg 225w, https:\/\/voyagedelabaleine.fr\/wp-content\/uploads\/2024\/11\/92357-thickbox_default-fotor-20241121232440-768x1024.jpg 768w, https:\/\/voyagedelabaleine.fr\/wp-content\/uploads\/2024\/11\/92357-thickbox_default-fotor-20241121232440.jpg 800w\" sizes=\"(max-width: 600px) 100vw, 600px\" \/><\/a>\t<\/div><!-- .woo-entry-image-swap -->\n\n<ul class=\"woo-entry-inner clr\"><li class=\"image-wrap\">\n\t<div class=\"woo-entry-image-swap woo-entry-image clr\">\n\t\t<a href=\"https:\/\/voyagedelabaleine.fr\/it\/prodotto\/collant-neonato-a-costine-blu-navy\/\" class=\"woocommerce-LoopProduct-link\"><img decoding=\"async\" width=\"600\" height=\"800\" src=\"https:\/\/voyagedelabaleine.fr\/wp-content\/uploads\/2024\/11\/92357-thickbox_default-fotor-20241121232344-600x800.jpg\" class=\"woo-entry-image-main\" alt=\"Collant neonato a costine &#8211; Blu navy\" itemprop=\"image\" srcset=\"https:\/\/voyagedelabaleine.fr\/wp-content\/uploads\/2024\/11\/92357-thickbox_default-fotor-20241121232344-600x800.jpg 600w, https:\/\/voyagedelabaleine.fr\/wp-content\/uploads\/2024\/11\/92357-thickbox_default-fotor-20241121232344-225x300.jpg 225w, https:\/\/voyagedelabaleine.fr\/wp-content\/uploads\/2024\/11\/92357-thickbox_default-fotor-20241121232344-768x1024.jpg 768w, https:\/\/voyagedelabaleine.fr\/wp-content\/uploads\/2024\/11\/92357-thickbox_default-fotor-20241121232344.jpg 800w\" sizes=\"(max-width: 600px) 100vw, 600px\" \/><img decoding=\"async\" width=\"600\" height=\"800\" src=\"https:\/\/voyagedelabaleine.fr\/wp-content\/uploads\/2024\/11\/92357-thickbox_default-fotor-20241121232440-600x800.jpg\" class=\"woo-entry-image-secondary\" alt=\"Collant neonato a costine &#8211; Blu navy\" itemprop=\"image\" srcset=\"https:\/\/voyagedelabaleine.fr\/wp-content\/uploads\/2024\/11\/92357-thickbox_default-fotor-20241121232440-600x800.jpg 600w, https:\/\/voyagedelabaleine.fr\/wp-content\/uploads\/2024\/11\/92357-thickbox_default-fotor-20241121232440-225x300.jpg 225w, https:\/\/voyagedelabaleine.fr\/wp-content\/uploads\/2024\/11\/92357-thickbox_default-fotor-20241121232440-768x1024.jpg 768w, https:\/\/voyagedelabaleine.fr\/wp-content\/uploads\/2024\/11\/92357-thickbox_default-fotor-20241121232440.jpg 800w\" sizes=\"(max-width: 600px) 100vw, 600px\" \/><\/a>\t<\/div><!-- .woo-entry-image-swap -->\n\n<\/li><li class=\"title\"><h2><a href=\"https:\/\/voyagedelabaleine.fr\/it\/prodotto\/collant-neonato-a-costine-blu-navy\/\">Collant neonato a costine &#8211; Blu navy<\/a><\/h2><\/li><li class=\"price-wrap\">\n\t<span class=\"price\"><span class=\"woocommerce-Price-amount amount\"><bdi>14<span class=\"woocommerce-Price-currencySymbol\">&euro;<\/span><\/bdi><\/span><\/span>\n<\/li><\/ul><\/div><!-- .product-inner .clr --><\/li>\n<li class=\"entry has-media has-rating col span_1_of_3 owp-content-center owp-thumbs-layout-vertical owp-btn-big owp-tabs-layout-vertical circle-sale product type-product post-33963 status-publish last instock product_cat-calze-collant-neonati-bambini product_cat-calzini-collant-nascita product_cat-calzini-collant-nascita-ragazza product_cat-calzini-collant-nascita-ragazzo-2 product_cat-calzini-collant-neonata product_cat-calzini-collant-neonato has-post-thumbnail taxable shipping-taxable purchasable product-type-variable has-default-attributes\">\n\t<div class=\"product-inner clr\">\n\t<div class=\"woo-entry-image-swap woo-entry-image clr\">\n\t\t<a href=\"https:\/\/voyagedelabaleine.fr\/it\/prodotto\/collant-neonato-a-costine-bordeaux\/\" class=\"woocommerce-LoopProduct-link\"><img decoding=\"async\" width=\"600\" height=\"800\" src=\"https:\/\/voyagedelabaleine.fr\/wp-content\/uploads\/2024\/09\/collant-bebe-cotele-bordeaux-600x800.jpg\" class=\"woo-entry-image-main\" alt=\"Collant neonato a costine &#8211; Bordeaux\" itemprop=\"image\" srcset=\"https:\/\/voyagedelabaleine.fr\/wp-content\/uploads\/2024\/09\/collant-bebe-cotele-bordeaux-600x800.jpg 600w, https:\/\/voyagedelabaleine.fr\/wp-content\/uploads\/2024\/09\/collant-bebe-cotele-bordeaux-225x300.jpg 225w, https:\/\/voyagedelabaleine.fr\/wp-content\/uploads\/2024\/09\/collant-bebe-cotele-bordeaux-768x1024.jpg 768w, https:\/\/voyagedelabaleine.fr\/wp-content\/uploads\/2024\/09\/collant-bebe-cotele-bordeaux.jpg 855w\" sizes=\"(max-width: 600px) 100vw, 600px\" \/><img decoding=\"async\" width=\"600\" height=\"800\" src=\"https:\/\/voyagedelabaleine.fr\/wp-content\/uploads\/2024\/09\/collant-bebe-cotele-bordeaux-2-1-600x800.jpg\" class=\"woo-entry-image-secondary\" alt=\"Collant neonato a costine &#8211; Bordeaux\" itemprop=\"image\" srcset=\"https:\/\/voyagedelabaleine.fr\/wp-content\/uploads\/2024\/09\/collant-bebe-cotele-bordeaux-2-1-600x800.jpg 600w, https:\/\/voyagedelabaleine.fr\/wp-content\/uploads\/2024\/09\/collant-bebe-cotele-bordeaux-2-1-225x300.jpg 225w, https:\/\/voyagedelabaleine.fr\/wp-content\/uploads\/2024\/09\/collant-bebe-cotele-bordeaux-2-1-768x1024.jpg 768w, https:\/\/voyagedelabaleine.fr\/wp-content\/uploads\/2024\/09\/collant-bebe-cotele-bordeaux-2-1.jpg 855w\" sizes=\"(max-width: 600px) 100vw, 600px\" \/><\/a>\t<\/div><!-- .woo-entry-image-swap -->\n\n<ul class=\"woo-entry-inner clr\"><li class=\"image-wrap\">\n\t<div class=\"woo-entry-image-swap woo-entry-image clr\">\n\t\t<a href=\"https:\/\/voyagedelabaleine.fr\/it\/prodotto\/collant-neonato-a-costine-bordeaux\/\" class=\"woocommerce-LoopProduct-link\"><img decoding=\"async\" width=\"600\" height=\"800\" src=\"https:\/\/voyagedelabaleine.fr\/wp-content\/uploads\/2024\/09\/collant-bebe-cotele-bordeaux-600x800.jpg\" class=\"woo-entry-image-main\" alt=\"Collant neonato a costine &#8211; Bordeaux\" itemprop=\"image\" srcset=\"https:\/\/voyagedelabaleine.fr\/wp-content\/uploads\/2024\/09\/collant-bebe-cotele-bordeaux-600x800.jpg 600w, https:\/\/voyagedelabaleine.fr\/wp-content\/uploads\/2024\/09\/collant-bebe-cotele-bordeaux-225x300.jpg 225w, https:\/\/voyagedelabaleine.fr\/wp-content\/uploads\/2024\/09\/collant-bebe-cotele-bordeaux-768x1024.jpg 768w, https:\/\/voyagedelabaleine.fr\/wp-content\/uploads\/2024\/09\/collant-bebe-cotele-bordeaux.jpg 855w\" sizes=\"(max-width: 600px) 100vw, 600px\" \/><img decoding=\"async\" width=\"600\" height=\"800\" src=\"https:\/\/voyagedelabaleine.fr\/wp-content\/uploads\/2024\/09\/collant-bebe-cotele-bordeaux-2-1-600x800.jpg\" class=\"woo-entry-image-secondary\" alt=\"Collant neonato a costine &#8211; Bordeaux\" itemprop=\"image\" srcset=\"https:\/\/voyagedelabaleine.fr\/wp-content\/uploads\/2024\/09\/collant-bebe-cotele-bordeaux-2-1-600x800.jpg 600w, https:\/\/voyagedelabaleine.fr\/wp-content\/uploads\/2024\/09\/collant-bebe-cotele-bordeaux-2-1-225x300.jpg 225w, https:\/\/voyagedelabaleine.fr\/wp-content\/uploads\/2024\/09\/collant-bebe-cotele-bordeaux-2-1-768x1024.jpg 768w, https:\/\/voyagedelabaleine.fr\/wp-content\/uploads\/2024\/09\/collant-bebe-cotele-bordeaux-2-1.jpg 855w\" sizes=\"(max-width: 600px) 100vw, 600px\" \/><\/a>\t<\/div><!-- .woo-entry-image-swap -->\n\n<\/li><li class=\"title\"><h2><a href=\"https:\/\/voyagedelabaleine.fr\/it\/prodotto\/collant-neonato-a-costine-bordeaux\/\">Collant neonato a costine &#8211; Bordeaux<\/a><\/h2><\/li><li class=\"price-wrap\">\n\t<span class=\"price\"><span class=\"woocommerce-Price-amount amount\"><bdi>14<span class=\"woocommerce-Price-currencySymbol\">&euro;<\/span><\/bdi><\/span><\/span>\n<\/li><\/ul><\/div><!-- .product-inner .clr --><\/li>\n<\/ul>\n<\/div><\/div>\n\t\t\t\t\t\t<\/div>\n\t\t\t\t<\/div>\n\t\t<div class=\"elementor-element elementor-element-6e5ebdf e-con-full e-flex e-con e-parent\" data-id=\"6e5ebdf\" data-element_type=\"container\" data-e-type=\"container\">\n\t\t\t\t<div class=\"elementor-element elementor-element-e2afeac elementor-widget-divider--separator-type-pattern elementor-widget-divider--view-line elementor-widget elementor-widget-divider\" data-id=\"e2afeac\" data-element_type=\"widget\" data-e-type=\"widget\" data-widget_type=\"divider.default\">\n\t\t\t\t\t\t\t<div class=\"elementor-divider\" style=\"--divider-pattern-url: url(&quot;data:image\/svg+xml,%3Csvg xmlns=&#039;http:\/\/www.w3.org\/2000\/svg&#039; preserveAspectRatio=&#039;none&#039; overflow=&#039;visible&#039; height=&#039;100%&#039; viewBox=&#039;0 0 24 24&#039; fill=&#039;black&#039; stroke=&#039;none&#039;%3E%3Cpath d=&#039;M12.7,2.3c-0.4-0.4-1.1-0.4-1.5,0l-8,9.1c-0.3,0.4-0.3,0.9,0,1.2l8,9.1c0.4,0.4,1.1,0.4,1.5,0l8-9.1c0.3-0.4,0.3-0.9,0-1.2L12.7,2.3z&#039;\/%3E%3C\/svg%3E&quot;);\">\n\t\t\t<span class=\"elementor-divider-separator\">\n\t\t\t\t\t\t<\/span>\n\t\t<\/div>\n\t\t\t\t\t\t<\/div>\n\t\t\t\t<div class=\"elementor-element elementor-element-3fb05b0 elementor-widget elementor-widget-shortcode\" data-id=\"3fb05b0\" data-element_type=\"widget\" data-e-type=\"widget\" data-widget_type=\"shortcode.default\">\n\t\t\t\t\t\t\t<div class=\"elementor-shortcode\"><div class=\"woocommerce columns-3 \">\r\n<ul class=\"products oceanwp-row clr grid tablet-col tablet-2-col mobile-col mobile-2-col\">\r\n<li class=\"entry has-media has-rating col span_1_of_3 owp-content-center owp-thumbs-layout-vertical owp-btn-big owp-tabs-layout-vertical circle-sale product type-product post-31148 status-publish first instock product_cat-abbigliamento product_cat-blusa-camicia-nascita product_cat-blusa-camicia-nascita-ragazza product_cat-blusa-camicia-nascita-ragazzo product_cat-blusa-camicia-bambina product_cat-blusa-camicia-bambini product_cat-blusa-camicia-bambino product_cat-blusa-e-camicia-per-neonata product_cat-blusa-camicia-neonati product_cat-blusa-camicia-neonato has-post-thumbnail taxable shipping-taxable purchasable product-type-variable has-default-attributes\">\n\t<div class=\"product-inner clr\">\n\t<div class=\"woo-entry-image-swap woo-entry-image clr\">\n\t\t<a href=\"https:\/\/voyagedelabaleine.fr\/it\/prodotto\/camicia-neonato-a-girocollo-con-abbottonatura-rossa-bianco\/\" class=\"woocommerce-LoopProduct-link\"><img decoding=\"async\" width=\"600\" height=\"800\" src=\"https:\/\/voyagedelabaleine.fr\/wp-content\/uploads\/2025\/02\/chemise-bebe-boutonniere-rouge-600x800.jpg\" class=\"woo-entry-image-main\" alt=\"Camicia neonato a girocollo con abbottonatura rossa &#8211; Bianco\" itemprop=\"image\" srcset=\"https:\/\/voyagedelabaleine.fr\/wp-content\/uploads\/2025\/02\/chemise-bebe-boutonniere-rouge-600x800.jpg 600w, https:\/\/voyagedelabaleine.fr\/wp-content\/uploads\/2025\/02\/chemise-bebe-boutonniere-rouge-225x300.jpg 225w, https:\/\/voyagedelabaleine.fr\/wp-content\/uploads\/2025\/02\/chemise-bebe-boutonniere-rouge-768x1024.jpg 768w, https:\/\/voyagedelabaleine.fr\/wp-content\/uploads\/2025\/02\/chemise-bebe-boutonniere-rouge-1152x1536.jpg 1152w, https:\/\/voyagedelabaleine.fr\/wp-content\/uploads\/2025\/02\/chemise-bebe-boutonniere-rouge.jpg 1200w\" sizes=\"(max-width: 600px) 100vw, 600px\" \/><img decoding=\"async\" width=\"600\" height=\"800\" src=\"https:\/\/voyagedelabaleine.fr\/wp-content\/uploads\/2025\/02\/blouse-bebe-boutonnier-rouge-600x800.jpg\" class=\"woo-entry-image-secondary\" alt=\"Camicia neonato a girocollo con abbottonatura rossa &#8211; Bianco\" itemprop=\"image\" srcset=\"https:\/\/voyagedelabaleine.fr\/wp-content\/uploads\/2025\/02\/blouse-bebe-boutonnier-rouge-600x800.jpg 600w, https:\/\/voyagedelabaleine.fr\/wp-content\/uploads\/2025\/02\/blouse-bebe-boutonnier-rouge-225x300.jpg 225w, https:\/\/voyagedelabaleine.fr\/wp-content\/uploads\/2025\/02\/blouse-bebe-boutonnier-rouge-768x1024.jpg 768w, https:\/\/voyagedelabaleine.fr\/wp-content\/uploads\/2025\/02\/blouse-bebe-boutonnier-rouge-1152x1536.jpg 1152w, https:\/\/voyagedelabaleine.fr\/wp-content\/uploads\/2025\/02\/blouse-bebe-boutonnier-rouge.jpg 1200w\" sizes=\"(max-width: 600px) 100vw, 600px\" \/><\/a>\t<\/div><!-- .woo-entry-image-swap -->\n\n<ul class=\"woo-entry-inner clr\"><li class=\"image-wrap\">\n\t<div class=\"woo-entry-image-swap woo-entry-image clr\">\n\t\t<a href=\"https:\/\/voyagedelabaleine.fr\/it\/prodotto\/camicia-neonato-a-girocollo-con-abbottonatura-rossa-bianco\/\" class=\"woocommerce-LoopProduct-link\"><img decoding=\"async\" width=\"600\" height=\"800\" src=\"https:\/\/voyagedelabaleine.fr\/wp-content\/uploads\/2025\/02\/chemise-bebe-boutonniere-rouge-600x800.jpg\" class=\"woo-entry-image-main\" alt=\"Camicia neonato a girocollo con abbottonatura rossa &#8211; Bianco\" itemprop=\"image\" srcset=\"https:\/\/voyagedelabaleine.fr\/wp-content\/uploads\/2025\/02\/chemise-bebe-boutonniere-rouge-600x800.jpg 600w, https:\/\/voyagedelabaleine.fr\/wp-content\/uploads\/2025\/02\/chemise-bebe-boutonniere-rouge-225x300.jpg 225w, https:\/\/voyagedelabaleine.fr\/wp-content\/uploads\/2025\/02\/chemise-bebe-boutonniere-rouge-768x1024.jpg 768w, https:\/\/voyagedelabaleine.fr\/wp-content\/uploads\/2025\/02\/chemise-bebe-boutonniere-rouge-1152x1536.jpg 1152w, https:\/\/voyagedelabaleine.fr\/wp-content\/uploads\/2025\/02\/chemise-bebe-boutonniere-rouge.jpg 1200w\" sizes=\"(max-width: 600px) 100vw, 600px\" \/><img decoding=\"async\" width=\"600\" height=\"800\" src=\"https:\/\/voyagedelabaleine.fr\/wp-content\/uploads\/2025\/02\/blouse-bebe-boutonnier-rouge-600x800.jpg\" class=\"woo-entry-image-secondary\" alt=\"Camicia neonato a girocollo con abbottonatura rossa &#8211; Bianco\" itemprop=\"image\" srcset=\"https:\/\/voyagedelabaleine.fr\/wp-content\/uploads\/2025\/02\/blouse-bebe-boutonnier-rouge-600x800.jpg 600w, https:\/\/voyagedelabaleine.fr\/wp-content\/uploads\/2025\/02\/blouse-bebe-boutonnier-rouge-225x300.jpg 225w, https:\/\/voyagedelabaleine.fr\/wp-content\/uploads\/2025\/02\/blouse-bebe-boutonnier-rouge-768x1024.jpg 768w, https:\/\/voyagedelabaleine.fr\/wp-content\/uploads\/2025\/02\/blouse-bebe-boutonnier-rouge-1152x1536.jpg 1152w, https:\/\/voyagedelabaleine.fr\/wp-content\/uploads\/2025\/02\/blouse-bebe-boutonnier-rouge.jpg 1200w\" sizes=\"(max-width: 600px) 100vw, 600px\" \/><\/a>\t<\/div><!-- .woo-entry-image-swap -->\n\n<\/li><li class=\"title\"><h2><a href=\"https:\/\/voyagedelabaleine.fr\/it\/prodotto\/camicia-neonato-a-girocollo-con-abbottonatura-rossa-bianco\/\">Camicia neonato a girocollo con abbottonatura rossa &#8211; Bianco<\/a><\/h2><\/li><li class=\"price-wrap\">\n\t<span class=\"price\"><span class=\"woocommerce-Price-amount amount\"><bdi>30<span class=\"woocommerce-Price-currencySymbol\">&euro;<\/span><\/bdi><\/span><\/span>\n<\/li><\/ul><\/div><!-- .product-inner .clr --><\/li>\n<li class=\"entry has-media has-rating col span_1_of_3 owp-content-center owp-thumbs-layout-vertical owp-btn-big owp-tabs-layout-vertical circle-sale product type-product post-31330 status-publish instock product_cat-abbigliamento product_cat-bloomer-short-pantaloni-nascita product_cat-bloomer-short-pantaloni-nascita-ragazzo product_cat-bloomer-short-pantaloni-neonati product_cat-bloomer-short-pantaloni-neonato has-post-thumbnail taxable shipping-taxable purchasable product-type-variable has-default-attributes\">\n\t<div class=\"product-inner clr\">\n\t<div class=\"woo-entry-image-swap woo-entry-image clr\">\n\t\t<a href=\"https:\/\/voyagedelabaleine.fr\/it\/prodotto\/bloomer-da-bambino-a-quadri-grandi-marrone\/\" class=\"woocommerce-LoopProduct-link\"><img decoding=\"async\" width=\"600\" height=\"800\" src=\"https:\/\/voyagedelabaleine.fr\/wp-content\/uploads\/2025\/02\/bloomer-grands-carreaux-marron-600x800.jpg\" class=\"woo-entry-image-main\" alt=\"Bloomer da bambino a quadri grandi &#8211; Marrone\" itemprop=\"image\" srcset=\"https:\/\/voyagedelabaleine.fr\/wp-content\/uploads\/2025\/02\/bloomer-grands-carreaux-marron-600x801.jpg 600w, https:\/\/voyagedelabaleine.fr\/wp-content\/uploads\/2025\/02\/bloomer-grands-carreaux-marron-225x300.jpg 225w, https:\/\/voyagedelabaleine.fr\/wp-content\/uploads\/2025\/02\/bloomer-grands-carreaux-marron-768x1025.jpg 768w, https:\/\/voyagedelabaleine.fr\/wp-content\/uploads\/2025\/02\/bloomer-grands-carreaux-marron-1151x1536.jpg 1151w, https:\/\/voyagedelabaleine.fr\/wp-content\/uploads\/2025\/02\/bloomer-grands-carreaux-marron.jpg 1200w\" sizes=\"(max-width: 600px) 100vw, 600px\" \/><img decoding=\"async\" width=\"600\" height=\"800\" src=\"https:\/\/voyagedelabaleine.fr\/wp-content\/uploads\/2025\/02\/bloomer-grands-carreaux-marron-1-600x800.jpg\" class=\"woo-entry-image-secondary\" alt=\"Bloomer da bambino a quadri grandi &#8211; Marrone\" itemprop=\"image\" \/><\/a>\t<\/div><!-- .woo-entry-image-swap -->\n\n<ul class=\"woo-entry-inner clr\"><li class=\"image-wrap\">\n\t<div class=\"woo-entry-image-swap woo-entry-image clr\">\n\t\t<a href=\"https:\/\/voyagedelabaleine.fr\/it\/prodotto\/bloomer-da-bambino-a-quadri-grandi-marrone\/\" class=\"woocommerce-LoopProduct-link\"><img decoding=\"async\" width=\"600\" height=\"800\" src=\"https:\/\/voyagedelabaleine.fr\/wp-content\/uploads\/2025\/02\/bloomer-grands-carreaux-marron-600x800.jpg\" class=\"woo-entry-image-main\" alt=\"Bloomer da bambino a quadri grandi &#8211; Marrone\" itemprop=\"image\" srcset=\"https:\/\/voyagedelabaleine.fr\/wp-content\/uploads\/2025\/02\/bloomer-grands-carreaux-marron-600x801.jpg 600w, https:\/\/voyagedelabaleine.fr\/wp-content\/uploads\/2025\/02\/bloomer-grands-carreaux-marron-225x300.jpg 225w, https:\/\/voyagedelabaleine.fr\/wp-content\/uploads\/2025\/02\/bloomer-grands-carreaux-marron-768x1025.jpg 768w, https:\/\/voyagedelabaleine.fr\/wp-content\/uploads\/2025\/02\/bloomer-grands-carreaux-marron-1151x1536.jpg 1151w, https:\/\/voyagedelabaleine.fr\/wp-content\/uploads\/2025\/02\/bloomer-grands-carreaux-marron.jpg 1200w\" sizes=\"(max-width: 600px) 100vw, 600px\" \/><img decoding=\"async\" width=\"600\" height=\"800\" src=\"https:\/\/voyagedelabaleine.fr\/wp-content\/uploads\/2025\/02\/bloomer-grands-carreaux-marron-1-600x800.jpg\" class=\"woo-entry-image-secondary\" alt=\"Bloomer da bambino a quadri grandi &#8211; Marrone\" itemprop=\"image\" \/><\/a>\t<\/div><!-- .woo-entry-image-swap -->\n\n<\/li><li class=\"title\"><h2><a href=\"https:\/\/voyagedelabaleine.fr\/it\/prodotto\/bloomer-da-bambino-a-quadri-grandi-marrone\/\">Bloomer da bambino a quadri grandi &#8211; Marrone<\/a><\/h2><\/li><li class=\"price-wrap\">\n\t<span class=\"price\"><span class=\"woocommerce-Price-amount amount\"><bdi>30<span class=\"woocommerce-Price-currencySymbol\">&euro;<\/span><\/bdi><\/span><\/span>\n<\/li><\/ul><\/div><!-- .product-inner .clr --><\/li>\n<li class=\"entry has-media has-rating col span_1_of_3 owp-content-center owp-thumbs-layout-vertical owp-btn-big owp-tabs-layout-vertical circle-sale product type-product post-34170 status-publish last instock product_cat-calze-collant-neonati-bambini product_cat-calzini-collant-nascita product_cat-calzini-collant-nascita-ragazza product_cat-calzini-collant-nascita-ragazzo-2 product_cat-calzini-collant-bambina product_cat-calzini-collant-bambini product_cat-calzini-collant-bambino product_cat-calzini-collant-neonata product_cat-calzini-collant-neonato has-post-thumbnail taxable shipping-taxable purchasable product-type-variable has-default-attributes\">\n\t<div class=\"product-inner clr\">\n\t<div class=\"woo-entry-image-swap woo-entry-image clr\">\n\t\t<a href=\"https:\/\/voyagedelabaleine.fr\/it\/prodotto\/collant-neonato-a-costine-marrone\/\" class=\"woocommerce-LoopProduct-link\"><img decoding=\"async\" width=\"600\" height=\"800\" src=\"https:\/\/voyagedelabaleine.fr\/wp-content\/uploads\/2024\/09\/collant-bebe-coltele-marron-1-600x800.jpg\" class=\"woo-entry-image-main\" alt=\"Collant neonato a costine &#8211; Marrone\" itemprop=\"image\" srcset=\"https:\/\/voyagedelabaleine.fr\/wp-content\/uploads\/2024\/09\/collant-bebe-coltele-marron-1-600x800.jpg 600w, https:\/\/voyagedelabaleine.fr\/wp-content\/uploads\/2024\/09\/collant-bebe-coltele-marron-1-225x300.jpg 225w, https:\/\/voyagedelabaleine.fr\/wp-content\/uploads\/2024\/09\/collant-bebe-coltele-marron-1-768x1024.jpg 768w, https:\/\/voyagedelabaleine.fr\/wp-content\/uploads\/2024\/09\/collant-bebe-coltele-marron-1.jpg 855w\" sizes=\"(max-width: 600px) 100vw, 600px\" \/><img decoding=\"async\" width=\"600\" height=\"800\" src=\"https:\/\/voyagedelabaleine.fr\/wp-content\/uploads\/2024\/09\/collant-bebe-cotele-marron-2-1-600x800.jpg\" class=\"woo-entry-image-secondary\" alt=\"Collant neonato a costine &#8211; Marrone\" itemprop=\"image\" srcset=\"https:\/\/voyagedelabaleine.fr\/wp-content\/uploads\/2024\/09\/collant-bebe-cotele-marron-2-1-600x800.jpg 600w, https:\/\/voyagedelabaleine.fr\/wp-content\/uploads\/2024\/09\/collant-bebe-cotele-marron-2-1-225x300.jpg 225w, https:\/\/voyagedelabaleine.fr\/wp-content\/uploads\/2024\/09\/collant-bebe-cotele-marron-2-1-768x1024.jpg 768w, https:\/\/voyagedelabaleine.fr\/wp-content\/uploads\/2024\/09\/collant-bebe-cotele-marron-2-1.jpg 855w\" sizes=\"(max-width: 600px) 100vw, 600px\" \/><\/a>\t<\/div><!-- .woo-entry-image-swap -->\n\n<ul class=\"woo-entry-inner clr\"><li class=\"image-wrap\">\n\t<div class=\"woo-entry-image-swap woo-entry-image clr\">\n\t\t<a href=\"https:\/\/voyagedelabaleine.fr\/it\/prodotto\/collant-neonato-a-costine-marrone\/\" class=\"woocommerce-LoopProduct-link\"><img decoding=\"async\" width=\"600\" height=\"800\" src=\"https:\/\/voyagedelabaleine.fr\/wp-content\/uploads\/2024\/09\/collant-bebe-coltele-marron-1-600x800.jpg\" class=\"woo-entry-image-main\" alt=\"Collant neonato a costine &#8211; Marrone\" itemprop=\"image\" srcset=\"https:\/\/voyagedelabaleine.fr\/wp-content\/uploads\/2024\/09\/collant-bebe-coltele-marron-1-600x800.jpg 600w, https:\/\/voyagedelabaleine.fr\/wp-content\/uploads\/2024\/09\/collant-bebe-coltele-marron-1-225x300.jpg 225w, https:\/\/voyagedelabaleine.fr\/wp-content\/uploads\/2024\/09\/collant-bebe-coltele-marron-1-768x1024.jpg 768w, https:\/\/voyagedelabaleine.fr\/wp-content\/uploads\/2024\/09\/collant-bebe-coltele-marron-1.jpg 855w\" sizes=\"(max-width: 600px) 100vw, 600px\" \/><img decoding=\"async\" width=\"600\" height=\"800\" src=\"https:\/\/voyagedelabaleine.fr\/wp-content\/uploads\/2024\/09\/collant-bebe-cotele-marron-2-1-600x800.jpg\" class=\"woo-entry-image-secondary\" alt=\"Collant neonato a costine &#8211; Marrone\" itemprop=\"image\" srcset=\"https:\/\/voyagedelabaleine.fr\/wp-content\/uploads\/2024\/09\/collant-bebe-cotele-marron-2-1-600x800.jpg 600w, https:\/\/voyagedelabaleine.fr\/wp-content\/uploads\/2024\/09\/collant-bebe-cotele-marron-2-1-225x300.jpg 225w, https:\/\/voyagedelabaleine.fr\/wp-content\/uploads\/2024\/09\/collant-bebe-cotele-marron-2-1-768x1024.jpg 768w, https:\/\/voyagedelabaleine.fr\/wp-content\/uploads\/2024\/09\/collant-bebe-cotele-marron-2-1.jpg 855w\" sizes=\"(max-width: 600px) 100vw, 600px\" \/><\/a>\t<\/div><!-- .woo-entry-image-swap -->\n\n<\/li><li class=\"title\"><h2><a href=\"https:\/\/voyagedelabaleine.fr\/it\/prodotto\/collant-neonato-a-costine-marrone\/\">Collant neonato a costine &#8211; Marrone<\/a><\/h2><\/li><li class=\"price-wrap\">\n\t<span class=\"price\"><span class=\"woocommerce-Price-amount amount\"><bdi>14<span class=\"woocommerce-Price-currencySymbol\">&euro;<\/span><\/bdi><\/span><\/span>\n<\/li><\/ul><\/div><!-- .product-inner .clr --><\/li>\n<\/ul>\n<\/div><\/div>\n\t\t\t\t\t\t<\/div>\n\t\t\t\t<\/div>\n\t\t<div class=\"elementor-element elementor-element-1340df9 e-con-full e-flex e-con e-parent\" data-id=\"1340df9\" data-element_type=\"container\" data-e-type=\"container\">\n\t\t\t\t<div class=\"elementor-element elementor-element-998bc0d elementor-widget-divider--separator-type-pattern elementor-widget-divider--view-line elementor-widget elementor-widget-divider\" data-id=\"998bc0d\" data-element_type=\"widget\" data-e-type=\"widget\" data-widget_type=\"divider.default\">\n\t\t\t\t\t\t\t<div class=\"elementor-divider\" style=\"--divider-pattern-url: url(&quot;data:image\/svg+xml,%3Csvg xmlns=&#039;http:\/\/www.w3.org\/2000\/svg&#039; preserveAspectRatio=&#039;none&#039; overflow=&#039;visible&#039; height=&#039;100%&#039; viewBox=&#039;0 0 24 24&#039; fill=&#039;black&#039; stroke=&#039;none&#039;%3E%3Cpath d=&#039;M12.7,2.3c-0.4-0.4-1.1-0.4-1.5,0l-8,9.1c-0.3,0.4-0.3,0.9,0,1.2l8,9.1c0.4,0.4,1.1,0.4,1.5,0l8-9.1c0.3-0.4,0.3-0.9,0-1.2L12.7,2.3z&#039;\/%3E%3C\/svg%3E&quot;);\">\n\t\t\t<span class=\"elementor-divider-separator\">\n\t\t\t\t\t\t<\/span>\n\t\t<\/div>\n\t\t\t\t\t\t<\/div>\n\t\t\t\t<div class=\"elementor-element elementor-element-a072fd7 elementor-widget elementor-widget-shortcode\" data-id=\"a072fd7\" data-element_type=\"widget\" data-e-type=\"widget\" data-widget_type=\"shortcode.default\">\n\t\t\t\t\t\t\t<div class=\"elementor-shortcode\"><div class=\"woocommerce columns-4 \">\r\n<ul class=\"products oceanwp-row clr grid tablet-col tablet-2-col mobile-col mobile-2-col\">\r\n<li class=\"entry has-media col span_1_of_4 owp-content-center owp-thumbs-layout-vertical owp-btn-big owp-tabs-layout-vertical circle-sale product type-product post-31287 status-publish first instock product_cat-abbigliamento product_cat-blusa-camicia-nascita product_cat-blusa-camicia-nascita-ragazzo product_cat-blusa-camicia-bambini product_cat-blusa-camicia-bambino product_cat-blusa-camicia-neonati product_cat-blusa-camicia-neonato has-post-thumbnail taxable shipping-taxable purchasable product-type-variable has-default-attributes\">\n\t<div class=\"product-inner clr\">\n\t<div class=\"woo-entry-image-swap woo-entry-image clr\">\n\t\t<a href=\"https:\/\/voyagedelabaleine.fr\/it\/prodotto\/camicia-bambino-a-quadri-e-collo-alla-coreana-in-caldo-cotone\/\" class=\"woocommerce-LoopProduct-link\"><img decoding=\"async\" width=\"600\" height=\"800\" src=\"https:\/\/voyagedelabaleine.fr\/wp-content\/uploads\/2024\/09\/salopette-bebe-velours-verte-600x800.jpg\" class=\"woo-entry-image-main\" alt=\"Camicia bambino a quadri e collo alla coreana in caldo cotone\" itemprop=\"image\" srcset=\"https:\/\/voyagedelabaleine.fr\/wp-content\/uploads\/2024\/09\/salopette-bebe-velours-verte-600x800.jpg 600w, https:\/\/voyagedelabaleine.fr\/wp-content\/uploads\/2024\/09\/salopette-bebe-velours-verte-225x300.jpg 225w, https:\/\/voyagedelabaleine.fr\/wp-content\/uploads\/2024\/09\/salopette-bebe-velours-verte-768x1024.jpg 768w, https:\/\/voyagedelabaleine.fr\/wp-content\/uploads\/2024\/09\/salopette-bebe-velours-verte-1152x1536.jpg 1152w, https:\/\/voyagedelabaleine.fr\/wp-content\/uploads\/2024\/09\/salopette-bebe-velours-verte.jpg 1200w\" sizes=\"(max-width: 600px) 100vw, 600px\" \/><img decoding=\"async\" width=\"600\" height=\"800\" src=\"https:\/\/voyagedelabaleine.fr\/wp-content\/uploads\/2024\/09\/chemise-bebe-carreaux-col-mao-5-600x800.jpg\" class=\"woo-entry-image-secondary\" alt=\"Camicia bambino a quadri e collo alla coreana in caldo cotone\" itemprop=\"image\" srcset=\"https:\/\/voyagedelabaleine.fr\/wp-content\/uploads\/2024\/09\/chemise-bebe-carreaux-col-mao-5-600x800.jpg 600w, https:\/\/voyagedelabaleine.fr\/wp-content\/uploads\/2024\/09\/chemise-bebe-carreaux-col-mao-5-225x300.jpg 225w, https:\/\/voyagedelabaleine.fr\/wp-content\/uploads\/2024\/09\/chemise-bebe-carreaux-col-mao-5-768x1023.jpg 768w, https:\/\/voyagedelabaleine.fr\/wp-content\/uploads\/2024\/09\/chemise-bebe-carreaux-col-mao-5.jpg 866w\" sizes=\"(max-width: 600px) 100vw, 600px\" \/><\/a>\t<\/div><!-- .woo-entry-image-swap -->\n\n<ul class=\"woo-entry-inner clr\"><li class=\"image-wrap\">\n\t<div class=\"woo-entry-image-swap woo-entry-image clr\">\n\t\t<a href=\"https:\/\/voyagedelabaleine.fr\/it\/prodotto\/camicia-bambino-a-quadri-e-collo-alla-coreana-in-caldo-cotone\/\" class=\"woocommerce-LoopProduct-link\"><img decoding=\"async\" width=\"600\" height=\"800\" src=\"https:\/\/voyagedelabaleine.fr\/wp-content\/uploads\/2024\/09\/salopette-bebe-velours-verte-600x800.jpg\" class=\"woo-entry-image-main\" alt=\"Camicia bambino a quadri e collo alla coreana in caldo cotone\" itemprop=\"image\" srcset=\"https:\/\/voyagedelabaleine.fr\/wp-content\/uploads\/2024\/09\/salopette-bebe-velours-verte-600x800.jpg 600w, https:\/\/voyagedelabaleine.fr\/wp-content\/uploads\/2024\/09\/salopette-bebe-velours-verte-225x300.jpg 225w, https:\/\/voyagedelabaleine.fr\/wp-content\/uploads\/2024\/09\/salopette-bebe-velours-verte-768x1024.jpg 768w, https:\/\/voyagedelabaleine.fr\/wp-content\/uploads\/2024\/09\/salopette-bebe-velours-verte-1152x1536.jpg 1152w, https:\/\/voyagedelabaleine.fr\/wp-content\/uploads\/2024\/09\/salopette-bebe-velours-verte.jpg 1200w\" sizes=\"(max-width: 600px) 100vw, 600px\" \/><img decoding=\"async\" width=\"600\" height=\"800\" src=\"https:\/\/voyagedelabaleine.fr\/wp-content\/uploads\/2024\/09\/chemise-bebe-carreaux-col-mao-5-600x800.jpg\" class=\"woo-entry-image-secondary\" alt=\"Camicia bambino a quadri e collo alla coreana in caldo cotone\" itemprop=\"image\" srcset=\"https:\/\/voyagedelabaleine.fr\/wp-content\/uploads\/2024\/09\/chemise-bebe-carreaux-col-mao-5-600x800.jpg 600w, https:\/\/voyagedelabaleine.fr\/wp-content\/uploads\/2024\/09\/chemise-bebe-carreaux-col-mao-5-225x300.jpg 225w, https:\/\/voyagedelabaleine.fr\/wp-content\/uploads\/2024\/09\/chemise-bebe-carreaux-col-mao-5-768x1023.jpg 768w, https:\/\/voyagedelabaleine.fr\/wp-content\/uploads\/2024\/09\/chemise-bebe-carreaux-col-mao-5.jpg 866w\" sizes=\"(max-width: 600px) 100vw, 600px\" \/><\/a>\t<\/div><!-- .woo-entry-image-swap -->\n\n<\/li><li class=\"title\"><h2><a href=\"https:\/\/voyagedelabaleine.fr\/it\/prodotto\/camicia-bambino-a-quadri-e-collo-alla-coreana-in-caldo-cotone\/\">Camicia bambino a quadri e collo alla coreana in caldo cotone<\/a><\/h2><\/li><li class=\"price-wrap\">\n\t<span class=\"price\"><span class=\"woocommerce-Price-amount amount\"><bdi>32<span class=\"woocommerce-Price-currencySymbol\">&euro;<\/span><\/bdi><\/span><\/span>\n<\/li><\/ul><\/div><!-- .product-inner .clr --><\/li>\n<li class=\"entry has-media col span_1_of_4 owp-content-center owp-thumbs-layout-vertical owp-btn-big owp-tabs-layout-vertical circle-sale product type-product post-29342 status-publish instock product_cat-abbigliamento product_cat-pagliaccetto-salopette-nascita product_cat-pagliaccetto-salopette-nascita-ragazzo product_cat-pagliaccetto-salopette-neonati product_cat-pagliaccetto-salopette-neonato has-post-thumbnail taxable shipping-taxable purchasable product-type-variable has-default-attributes\">\n\t<div class=\"product-inner clr\">\n\t<div class=\"woo-entry-image-swap woo-entry-image clr\">\n\t\t<a href=\"https:\/\/voyagedelabaleine.fr\/it\/prodotto\/salopette-neonato-in-velluto-verde\/\" class=\"woocommerce-LoopProduct-link\"><img decoding=\"async\" width=\"600\" height=\"800\" src=\"https:\/\/voyagedelabaleine.fr\/wp-content\/uploads\/2024\/09\/salopette-bebe-velours-vert-600x800.jpg\" class=\"woo-entry-image-main\" alt=\"Salopette neonato in velluto &#8211; Verde\" itemprop=\"image\" srcset=\"https:\/\/voyagedelabaleine.fr\/wp-content\/uploads\/2024\/09\/salopette-bebe-velours-vert-600x800.jpg 600w, https:\/\/voyagedelabaleine.fr\/wp-content\/uploads\/2024\/09\/salopette-bebe-velours-vert-225x300.jpg 225w, https:\/\/voyagedelabaleine.fr\/wp-content\/uploads\/2024\/09\/salopette-bebe-velours-vert-768x1024.jpg 768w, https:\/\/voyagedelabaleine.fr\/wp-content\/uploads\/2024\/09\/salopette-bebe-velours-vert-1152x1536.jpg 1152w, https:\/\/voyagedelabaleine.fr\/wp-content\/uploads\/2024\/09\/salopette-bebe-velours-vert.jpg 1200w\" sizes=\"(max-width: 600px) 100vw, 600px\" \/><img decoding=\"async\" width=\"600\" height=\"800\" src=\"https:\/\/voyagedelabaleine.fr\/wp-content\/uploads\/2024\/09\/salopette-bebe-velours-vert-2-600x800.jpg\" class=\"woo-entry-image-secondary\" alt=\"Salopette neonato in velluto &#8211; Verde\" itemprop=\"image\" srcset=\"https:\/\/voyagedelabaleine.fr\/wp-content\/uploads\/2024\/09\/salopette-bebe-velours-vert-2-600x800.jpg 600w, https:\/\/voyagedelabaleine.fr\/wp-content\/uploads\/2024\/09\/salopette-bebe-velours-vert-2-225x300.jpg 225w, https:\/\/voyagedelabaleine.fr\/wp-content\/uploads\/2024\/09\/salopette-bebe-velours-vert-2.jpg 709w\" sizes=\"(max-width: 600px) 100vw, 600px\" \/><\/a>\t<\/div><!-- .woo-entry-image-swap -->\n\n<ul class=\"woo-entry-inner clr\"><li class=\"image-wrap\">\n\t<div class=\"woo-entry-image-swap woo-entry-image clr\">\n\t\t<a href=\"https:\/\/voyagedelabaleine.fr\/it\/prodotto\/salopette-neonato-in-velluto-verde\/\" class=\"woocommerce-LoopProduct-link\"><img decoding=\"async\" width=\"600\" height=\"800\" src=\"https:\/\/voyagedelabaleine.fr\/wp-content\/uploads\/2024\/09\/salopette-bebe-velours-vert-600x800.jpg\" class=\"woo-entry-image-main\" alt=\"Salopette neonato in velluto &#8211; Verde\" itemprop=\"image\" srcset=\"https:\/\/voyagedelabaleine.fr\/wp-content\/uploads\/2024\/09\/salopette-bebe-velours-vert-600x800.jpg 600w, https:\/\/voyagedelabaleine.fr\/wp-content\/uploads\/2024\/09\/salopette-bebe-velours-vert-225x300.jpg 225w, https:\/\/voyagedelabaleine.fr\/wp-content\/uploads\/2024\/09\/salopette-bebe-velours-vert-768x1024.jpg 768w, https:\/\/voyagedelabaleine.fr\/wp-content\/uploads\/2024\/09\/salopette-bebe-velours-vert-1152x1536.jpg 1152w, https:\/\/voyagedelabaleine.fr\/wp-content\/uploads\/2024\/09\/salopette-bebe-velours-vert.jpg 1200w\" sizes=\"(max-width: 600px) 100vw, 600px\" \/><img decoding=\"async\" width=\"600\" height=\"800\" src=\"https:\/\/voyagedelabaleine.fr\/wp-content\/uploads\/2024\/09\/salopette-bebe-velours-vert-2-600x800.jpg\" class=\"woo-entry-image-secondary\" alt=\"Salopette neonato in velluto &#8211; Verde\" itemprop=\"image\" srcset=\"https:\/\/voyagedelabaleine.fr\/wp-content\/uploads\/2024\/09\/salopette-bebe-velours-vert-2-600x800.jpg 600w, https:\/\/voyagedelabaleine.fr\/wp-content\/uploads\/2024\/09\/salopette-bebe-velours-vert-2-225x300.jpg 225w, https:\/\/voyagedelabaleine.fr\/wp-content\/uploads\/2024\/09\/salopette-bebe-velours-vert-2.jpg 709w\" sizes=\"(max-width: 600px) 100vw, 600px\" \/><\/a>\t<\/div><!-- .woo-entry-image-swap -->\n\n<\/li><li class=\"title\"><h2><a href=\"https:\/\/voyagedelabaleine.fr\/it\/prodotto\/salopette-neonato-in-velluto-verde\/\">Salopette neonato in velluto &#8211; Verde<\/a><\/h2><\/li><li class=\"price-wrap\">\n\t<span class=\"price\"><span class=\"woocommerce-Price-amount amount\"><bdi>42<span class=\"woocommerce-Price-currencySymbol\">&euro;<\/span><\/bdi><\/span><\/span>\n<\/li><\/ul><\/div><!-- .product-inner .clr --><\/li>\n<li class=\"entry has-media has-rating col span_1_of_4 owp-content-center owp-thumbs-layout-vertical owp-btn-big owp-tabs-layout-vertical circle-sale product type-product post-33597 status-publish instock product_cat-calze-collant-neonati-bambini product_cat-calzini-collant-nascita product_cat-calzini-collant-nascita-ragazza product_cat-calzini-collant-nascita-ragazzo-2 product_cat-calzini-collant-neonata product_cat-calzini-collant-neonato product_tag-calzini has-post-thumbnail taxable shipping-taxable purchasable product-type-variable has-default-attributes\">\n\t<div class=\"product-inner clr\">\n\t<div class=\"woo-entry-image-swap woo-entry-image clr\">\n\t\t<a href=\"https:\/\/voyagedelabaleine.fr\/it\/prodotto\/calzini-alti-per-neonati-con-pompon-in-caldo-cotone-marrone\/\" class=\"woocommerce-LoopProduct-link\"><img decoding=\"async\" width=\"600\" height=\"800\" src=\"https:\/\/voyagedelabaleine.fr\/wp-content\/uploads\/2023\/10\/chaussettes-bebe-marrons-pompon-1-600x800.jpg\" class=\"woo-entry-image-main\" alt=\"Calzini alti per neonati con pompon in caldo cotone &#8211; Marrone\" itemprop=\"image\" srcset=\"https:\/\/voyagedelabaleine.fr\/wp-content\/uploads\/2023\/10\/chaussettes-bebe-marrons-pompon-1-600x800.jpg 600w, https:\/\/voyagedelabaleine.fr\/wp-content\/uploads\/2023\/10\/chaussettes-bebe-marrons-pompon-1-225x300.jpg 225w, https:\/\/voyagedelabaleine.fr\/wp-content\/uploads\/2023\/10\/chaussettes-bebe-marrons-pompon-1-768x1024.jpg 768w, https:\/\/voyagedelabaleine.fr\/wp-content\/uploads\/2023\/10\/chaussettes-bebe-marrons-pompon-1.jpg 855w\" sizes=\"(max-width: 600px) 100vw, 600px\" \/><img decoding=\"async\" width=\"592\" height=\"789\" src=\"https:\/\/voyagedelabaleine.fr\/wp-content\/uploads\/2023\/10\/chaussettes-bebe-marrons-pompon-2.jpg\" class=\"woo-entry-image-secondary\" alt=\"Calzini alti per neonati con pompon in caldo cotone &#8211; Marrone\" itemprop=\"image\" srcset=\"https:\/\/voyagedelabaleine.fr\/wp-content\/uploads\/2023\/10\/chaussettes-bebe-marrons-pompon-2.jpg 592w, https:\/\/voyagedelabaleine.fr\/wp-content\/uploads\/2023\/10\/chaussettes-bebe-marrons-pompon-2-225x300.jpg 225w\" sizes=\"(max-width: 592px) 100vw, 592px\" \/><\/a>\t<\/div><!-- .woo-entry-image-swap -->\n\n<ul class=\"woo-entry-inner clr\"><li class=\"image-wrap\">\n\t<div class=\"woo-entry-image-swap woo-entry-image clr\">\n\t\t<a href=\"https:\/\/voyagedelabaleine.fr\/it\/prodotto\/calzini-alti-per-neonati-con-pompon-in-caldo-cotone-marrone\/\" class=\"woocommerce-LoopProduct-link\"><img decoding=\"async\" width=\"600\" height=\"800\" src=\"https:\/\/voyagedelabaleine.fr\/wp-content\/uploads\/2023\/10\/chaussettes-bebe-marrons-pompon-1-600x800.jpg\" class=\"woo-entry-image-main\" alt=\"Calzini alti per neonati con pompon in caldo cotone &#8211; Marrone\" itemprop=\"image\" srcset=\"https:\/\/voyagedelabaleine.fr\/wp-content\/uploads\/2023\/10\/chaussettes-bebe-marrons-pompon-1-600x800.jpg 600w, https:\/\/voyagedelabaleine.fr\/wp-content\/uploads\/2023\/10\/chaussettes-bebe-marrons-pompon-1-225x300.jpg 225w, https:\/\/voyagedelabaleine.fr\/wp-content\/uploads\/2023\/10\/chaussettes-bebe-marrons-pompon-1-768x1024.jpg 768w, https:\/\/voyagedelabaleine.fr\/wp-content\/uploads\/2023\/10\/chaussettes-bebe-marrons-pompon-1.jpg 855w\" sizes=\"(max-width: 600px) 100vw, 600px\" \/><img decoding=\"async\" width=\"592\" height=\"789\" src=\"https:\/\/voyagedelabaleine.fr\/wp-content\/uploads\/2023\/10\/chaussettes-bebe-marrons-pompon-2.jpg\" class=\"woo-entry-image-secondary\" alt=\"Calzini alti per neonati con pompon in caldo cotone &#8211; Marrone\" itemprop=\"image\" srcset=\"https:\/\/voyagedelabaleine.fr\/wp-content\/uploads\/2023\/10\/chaussettes-bebe-marrons-pompon-2.jpg 592w, https:\/\/voyagedelabaleine.fr\/wp-content\/uploads\/2023\/10\/chaussettes-bebe-marrons-pompon-2-225x300.jpg 225w\" sizes=\"(max-width: 592px) 100vw, 592px\" \/><\/a>\t<\/div><!-- .woo-entry-image-swap -->\n\n<\/li><li class=\"title\"><h2><a href=\"https:\/\/voyagedelabaleine.fr\/it\/prodotto\/calzini-alti-per-neonati-con-pompon-in-caldo-cotone-marrone\/\">Calzini alti per neonati con pompon in caldo cotone &#8211; Marrone<\/a><\/h2><\/li><li class=\"price-wrap\">\n\t<span class=\"price\"><span class=\"woocommerce-Price-amount amount\"><bdi>13<span class=\"woocommerce-Price-currencySymbol\">&euro;<\/span><\/bdi><\/span><\/span>\n<\/li><\/ul><\/div><!-- .product-inner .clr --><\/li>\n<li class=\"entry has-media has-rating col span_1_of_4 owp-content-center owp-thumbs-layout-vertical owp-btn-big owp-tabs-layout-vertical circle-sale product type-product post-34170 status-publish last instock product_cat-calze-collant-neonati-bambini product_cat-calzini-collant-nascita product_cat-calzini-collant-nascita-ragazza product_cat-calzini-collant-nascita-ragazzo-2 product_cat-calzini-collant-bambina product_cat-calzini-collant-bambini product_cat-calzini-collant-bambino product_cat-calzini-collant-neonata product_cat-calzini-collant-neonato has-post-thumbnail taxable shipping-taxable purchasable product-type-variable has-default-attributes\">\n\t<div class=\"product-inner clr\">\n\t<div class=\"woo-entry-image-swap woo-entry-image clr\">\n\t\t<a href=\"https:\/\/voyagedelabaleine.fr\/it\/prodotto\/collant-neonato-a-costine-marrone\/\" class=\"woocommerce-LoopProduct-link\"><img decoding=\"async\" width=\"600\" height=\"800\" src=\"https:\/\/voyagedelabaleine.fr\/wp-content\/uploads\/2024\/09\/collant-bebe-coltele-marron-1-600x800.jpg\" class=\"woo-entry-image-main\" alt=\"Collant neonato a costine &#8211; Marrone\" itemprop=\"image\" srcset=\"https:\/\/voyagedelabaleine.fr\/wp-content\/uploads\/2024\/09\/collant-bebe-coltele-marron-1-600x800.jpg 600w, https:\/\/voyagedelabaleine.fr\/wp-content\/uploads\/2024\/09\/collant-bebe-coltele-marron-1-225x300.jpg 225w, https:\/\/voyagedelabaleine.fr\/wp-content\/uploads\/2024\/09\/collant-bebe-coltele-marron-1-768x1024.jpg 768w, https:\/\/voyagedelabaleine.fr\/wp-content\/uploads\/2024\/09\/collant-bebe-coltele-marron-1.jpg 855w\" sizes=\"(max-width: 600px) 100vw, 600px\" \/><img decoding=\"async\" width=\"600\" height=\"800\" src=\"https:\/\/voyagedelabaleine.fr\/wp-content\/uploads\/2024\/09\/collant-bebe-cotele-marron-2-1-600x800.jpg\" class=\"woo-entry-image-secondary\" alt=\"Collant neonato a costine &#8211; Marrone\" itemprop=\"image\" srcset=\"https:\/\/voyagedelabaleine.fr\/wp-content\/uploads\/2024\/09\/collant-bebe-cotele-marron-2-1-600x800.jpg 600w, https:\/\/voyagedelabaleine.fr\/wp-content\/uploads\/2024\/09\/collant-bebe-cotele-marron-2-1-225x300.jpg 225w, https:\/\/voyagedelabaleine.fr\/wp-content\/uploads\/2024\/09\/collant-bebe-cotele-marron-2-1-768x1024.jpg 768w, https:\/\/voyagedelabaleine.fr\/wp-content\/uploads\/2024\/09\/collant-bebe-cotele-marron-2-1.jpg 855w\" sizes=\"(max-width: 600px) 100vw, 600px\" \/><\/a>\t<\/div><!-- .woo-entry-image-swap -->\n\n<ul class=\"woo-entry-inner clr\"><li class=\"image-wrap\">\n\t<div class=\"woo-entry-image-swap woo-entry-image clr\">\n\t\t<a href=\"https:\/\/voyagedelabaleine.fr\/it\/prodotto\/collant-neonato-a-costine-marrone\/\" class=\"woocommerce-LoopProduct-link\"><img decoding=\"async\" width=\"600\" height=\"800\" src=\"https:\/\/voyagedelabaleine.fr\/wp-content\/uploads\/2024\/09\/collant-bebe-coltele-marron-1-600x800.jpg\" class=\"woo-entry-image-main\" alt=\"Collant neonato a costine &#8211; Marrone\" itemprop=\"image\" srcset=\"https:\/\/voyagedelabaleine.fr\/wp-content\/uploads\/2024\/09\/collant-bebe-coltele-marron-1-600x800.jpg 600w, https:\/\/voyagedelabaleine.fr\/wp-content\/uploads\/2024\/09\/collant-bebe-coltele-marron-1-225x300.jpg 225w, https:\/\/voyagedelabaleine.fr\/wp-content\/uploads\/2024\/09\/collant-bebe-coltele-marron-1-768x1024.jpg 768w, https:\/\/voyagedelabaleine.fr\/wp-content\/uploads\/2024\/09\/collant-bebe-coltele-marron-1.jpg 855w\" sizes=\"(max-width: 600px) 100vw, 600px\" \/><img decoding=\"async\" width=\"600\" height=\"800\" src=\"https:\/\/voyagedelabaleine.fr\/wp-content\/uploads\/2024\/09\/collant-bebe-cotele-marron-2-1-600x800.jpg\" class=\"woo-entry-image-secondary\" alt=\"Collant neonato a costine &#8211; Marrone\" itemprop=\"image\" srcset=\"https:\/\/voyagedelabaleine.fr\/wp-content\/uploads\/2024\/09\/collant-bebe-cotele-marron-2-1-600x800.jpg 600w, https:\/\/voyagedelabaleine.fr\/wp-content\/uploads\/2024\/09\/collant-bebe-cotele-marron-2-1-225x300.jpg 225w, https:\/\/voyagedelabaleine.fr\/wp-content\/uploads\/2024\/09\/collant-bebe-cotele-marron-2-1-768x1024.jpg 768w, https:\/\/voyagedelabaleine.fr\/wp-content\/uploads\/2024\/09\/collant-bebe-cotele-marron-2-1.jpg 855w\" sizes=\"(max-width: 600px) 100vw, 600px\" \/><\/a>\t<\/div><!-- .woo-entry-image-swap -->\n\n<\/li><li class=\"title\"><h2><a href=\"https:\/\/voyagedelabaleine.fr\/it\/prodotto\/collant-neonato-a-costine-marrone\/\">Collant neonato a costine &#8211; Marrone<\/a><\/h2><\/li><li class=\"price-wrap\">\n\t<span class=\"price\"><span class=\"woocommerce-Price-amount amount\"><bdi>14<span class=\"woocommerce-Price-currencySymbol\">&euro;<\/span><\/bdi><\/span><\/span>\n<\/li><\/ul><\/div><!-- .product-inner .clr --><\/li>\n<\/ul>\n<\/div><\/div>\n\t\t\t\t\t\t<\/div>\n\t\t\t\t<\/div>\n\t\t<div class=\"elementor-element elementor-element-b28bcad e-con-full e-flex e-con e-parent\" data-id=\"b28bcad\" data-element_type=\"container\" data-e-type=\"container\">\n\t\t\t\t<div class=\"elementor-element elementor-element-a77f3c8 elementor-widget-divider--separator-type-pattern elementor-widget-divider--view-line elementor-widget elementor-widget-divider\" data-id=\"a77f3c8\" data-element_type=\"widget\" data-e-type=\"widget\" data-widget_type=\"divider.default\">\n\t\t\t\t\t\t\t<div class=\"elementor-divider\" style=\"--divider-pattern-url: url(&quot;data:image\/svg+xml,%3Csvg xmlns=&#039;http:\/\/www.w3.org\/2000\/svg&#039; preserveAspectRatio=&#039;none&#039; overflow=&#039;visible&#039; height=&#039;100%&#039; viewBox=&#039;0 0 24 24&#039; fill=&#039;black&#039; stroke=&#039;none&#039;%3E%3Cpath d=&#039;M12.7,2.3c-0.4-0.4-1.1-0.4-1.5,0l-8,9.1c-0.3,0.4-0.3,0.9,0,1.2l8,9.1c0.4,0.4,1.1,0.4,1.5,0l8-9.1c0.3-0.4,0.3-0.9,0-1.2L12.7,2.3z&#039;\/%3E%3C\/svg%3E&quot;);\">\n\t\t\t<span class=\"elementor-divider-separator\">\n\t\t\t\t\t\t<\/span>\n\t\t<\/div>\n\t\t\t\t\t\t<\/div>\n\t\t\t\t<div class=\"elementor-element elementor-element-f01073e elementor-widget elementor-widget-shortcode\" data-id=\"f01073e\" data-element_type=\"widget\" data-e-type=\"widget\" data-widget_type=\"shortcode.default\">\n\t\t\t\t\t\t\t<div class=\"elementor-shortcode\"><div class=\"woocommerce columns-3 \">\r\n<ul class=\"products oceanwp-row clr grid tablet-col tablet-2-col mobile-col mobile-2-col\">\r\n<li class=\"entry has-media has-rating col span_1_of_3 owp-content-center owp-thumbs-layout-vertical owp-btn-big owp-tabs-layout-vertical circle-sale product type-product post-31157 status-publish first instock product_cat-scarpine-nascita product_cat-scarpine-nascita-ragazza product_cat-scarpine-nascita-ragazzo product_cat-scarpine-neonata product_cat-scarpine-neonati product_cat-scarpine-neonato has-post-thumbnail taxable shipping-taxable purchasable product-type-variable has-default-attributes\">\n\t<div class=\"product-inner clr\">\n\t<div class=\"woo-entry-image-swap woo-entry-image clr\">\n\t\t<a href=\"https:\/\/voyagedelabaleine.fr\/it\/prodotto\/scarpine-neonato-alte-in-pelle-blu-navy\/\" class=\"woocommerce-LoopProduct-link\"><img decoding=\"async\" width=\"576\" height=\"769\" src=\"https:\/\/voyagedelabaleine.fr\/wp-content\/uploads\/2024\/09\/chaussons-bebe-cuir-haut-bleu-marine-3.jpg\" class=\"woo-entry-image-main\" alt=\"Scarpine neonato alte in pelle &#8211; Blu navy\" itemprop=\"image\" srcset=\"https:\/\/voyagedelabaleine.fr\/wp-content\/uploads\/2024\/09\/chaussons-bebe-cuir-haut-bleu-marine-3.jpg 576w, https:\/\/voyagedelabaleine.fr\/wp-content\/uploads\/2024\/09\/chaussons-bebe-cuir-haut-bleu-marine-3-225x300.jpg 225w\" sizes=\"(max-width: 576px) 100vw, 576px\" \/><img decoding=\"async\" width=\"576\" height=\"769\" src=\"https:\/\/voyagedelabaleine.fr\/wp-content\/uploads\/2024\/09\/chaussons-bebe-cuir-haut-bleu-marine-5.jpg\" class=\"woo-entry-image-secondary\" alt=\"Scarpine neonato alte in pelle &#8211; Blu navy\" itemprop=\"image\" srcset=\"https:\/\/voyagedelabaleine.fr\/wp-content\/uploads\/2024\/09\/chaussons-bebe-cuir-haut-bleu-marine-5.jpg 576w, https:\/\/voyagedelabaleine.fr\/wp-content\/uploads\/2024\/09\/chaussons-bebe-cuir-haut-bleu-marine-5-225x300.jpg 225w\" sizes=\"(max-width: 576px) 100vw, 576px\" \/><\/a>\t<\/div><!-- .woo-entry-image-swap -->\n\n<ul class=\"woo-entry-inner clr\"><li class=\"image-wrap\">\n\t<div class=\"woo-entry-image-swap woo-entry-image clr\">\n\t\t<a href=\"https:\/\/voyagedelabaleine.fr\/it\/prodotto\/scarpine-neonato-alte-in-pelle-blu-navy\/\" class=\"woocommerce-LoopProduct-link\"><img decoding=\"async\" width=\"576\" height=\"769\" src=\"https:\/\/voyagedelabaleine.fr\/wp-content\/uploads\/2024\/09\/chaussons-bebe-cuir-haut-bleu-marine-3.jpg\" class=\"woo-entry-image-main\" alt=\"Scarpine neonato alte in pelle &#8211; Blu navy\" itemprop=\"image\" srcset=\"https:\/\/voyagedelabaleine.fr\/wp-content\/uploads\/2024\/09\/chaussons-bebe-cuir-haut-bleu-marine-3.jpg 576w, https:\/\/voyagedelabaleine.fr\/wp-content\/uploads\/2024\/09\/chaussons-bebe-cuir-haut-bleu-marine-3-225x300.jpg 225w\" sizes=\"(max-width: 576px) 100vw, 576px\" \/><img decoding=\"async\" width=\"576\" height=\"769\" src=\"https:\/\/voyagedelabaleine.fr\/wp-content\/uploads\/2024\/09\/chaussons-bebe-cuir-haut-bleu-marine-5.jpg\" class=\"woo-entry-image-secondary\" alt=\"Scarpine neonato alte in pelle &#8211; Blu navy\" itemprop=\"image\" srcset=\"https:\/\/voyagedelabaleine.fr\/wp-content\/uploads\/2024\/09\/chaussons-bebe-cuir-haut-bleu-marine-5.jpg 576w, https:\/\/voyagedelabaleine.fr\/wp-content\/uploads\/2024\/09\/chaussons-bebe-cuir-haut-bleu-marine-5-225x300.jpg 225w\" sizes=\"(max-width: 576px) 100vw, 576px\" \/><\/a>\t<\/div><!-- .woo-entry-image-swap -->\n\n<\/li><li class=\"title\"><h2><a href=\"https:\/\/voyagedelabaleine.fr\/it\/prodotto\/scarpine-neonato-alte-in-pelle-blu-navy\/\">Scarpine neonato alte in pelle &#8211; Blu navy<\/a><\/h2><\/li><li class=\"price-wrap\">\n\t<span class=\"price\"><span class=\"woocommerce-Price-amount amount\"><bdi>36<span class=\"woocommerce-Price-currencySymbol\">&euro;<\/span><\/bdi><\/span><\/span>\n<\/li><\/ul><\/div><!-- .product-inner .clr --><\/li>\n<li class=\"entry has-media has-rating col span_1_of_3 owp-content-center owp-thumbs-layout-vertical owp-btn-big owp-tabs-layout-vertical circle-sale product type-product post-30496 status-publish instock product_cat-abbigliamento product_cat-pagliaccetto-salopette-nascita product_cat-pagliaccetto-salopette-nascita-ragazza product_cat-pagliaccetto-salopette-nascita-ragazzo product_cat-pagliaccetto-salopette-neonata product_cat-pagliaccetto-salopette-neonati product_cat-pagliaccetto-salopette-neonato has-post-thumbnail taxable shipping-taxable purchasable product-type-variable has-default-attributes\">\n\t<div class=\"product-inner clr\">\n\t<div class=\"woo-entry-image-swap woo-entry-image clr\">\n\t\t<a href=\"https:\/\/voyagedelabaleine.fr\/it\/prodotto\/pagliaccetto-neonato-tartan-bordeaux\/\" class=\"woocommerce-LoopProduct-link\"><img decoding=\"async\" width=\"600\" height=\"800\" src=\"https:\/\/voyagedelabaleine.fr\/wp-content\/uploads\/2024\/10\/Capture-decran-2024-10-11-a-11.37.56-fotor-2024101111382-600x800.jpg\" class=\"woo-entry-image-main\" alt=\"Pagliaccetto neonato tartan &#8211; Bordeaux\" itemprop=\"image\" srcset=\"https:\/\/voyagedelabaleine.fr\/wp-content\/uploads\/2024\/10\/Capture-decran-2024-10-11-a-11.37.56-fotor-2024101111382-600x800.jpg 600w, https:\/\/voyagedelabaleine.fr\/wp-content\/uploads\/2024\/10\/Capture-decran-2024-10-11-a-11.37.56-fotor-2024101111382-225x300.jpg 225w, https:\/\/voyagedelabaleine.fr\/wp-content\/uploads\/2024\/10\/Capture-decran-2024-10-11-a-11.37.56-fotor-2024101111382-768x1024.jpg 768w, https:\/\/voyagedelabaleine.fr\/wp-content\/uploads\/2024\/10\/Capture-decran-2024-10-11-a-11.37.56-fotor-2024101111382.jpg 864w\" sizes=\"(max-width: 600px) 100vw, 600px\" \/><img decoding=\"async\" width=\"600\" height=\"800\" src=\"https:\/\/voyagedelabaleine.fr\/wp-content\/uploads\/2024\/10\/30660-fotor-20250127145724-600x800.jpg\" class=\"woo-entry-image-secondary\" alt=\"Pagliaccetto neonato tartan &#8211; Bordeaux\" itemprop=\"image\" srcset=\"https:\/\/voyagedelabaleine.fr\/wp-content\/uploads\/2024\/10\/30660-fotor-20250127145724-600x801.jpg 600w, https:\/\/voyagedelabaleine.fr\/wp-content\/uploads\/2024\/10\/30660-fotor-20250127145724-225x300.jpg 225w, https:\/\/voyagedelabaleine.fr\/wp-content\/uploads\/2024\/10\/30660-fotor-20250127145724-767x1024.jpg 767w, https:\/\/voyagedelabaleine.fr\/wp-content\/uploads\/2024\/10\/30660-fotor-20250127145724-768x1025.jpg 768w, https:\/\/voyagedelabaleine.fr\/wp-content\/uploads\/2024\/10\/30660-fotor-20250127145724.jpg 900w\" sizes=\"(max-width: 600px) 100vw, 600px\" \/><\/a>\t<\/div><!-- .woo-entry-image-swap -->\n\n<ul class=\"woo-entry-inner clr\"><li class=\"image-wrap\">\n\t<div class=\"woo-entry-image-swap woo-entry-image clr\">\n\t\t<a href=\"https:\/\/voyagedelabaleine.fr\/it\/prodotto\/pagliaccetto-neonato-tartan-bordeaux\/\" class=\"woocommerce-LoopProduct-link\"><img decoding=\"async\" width=\"600\" height=\"800\" src=\"https:\/\/voyagedelabaleine.fr\/wp-content\/uploads\/2024\/10\/Capture-decran-2024-10-11-a-11.37.56-fotor-2024101111382-600x800.jpg\" class=\"woo-entry-image-main\" alt=\"Pagliaccetto neonato tartan &#8211; Bordeaux\" itemprop=\"image\" srcset=\"https:\/\/voyagedelabaleine.fr\/wp-content\/uploads\/2024\/10\/Capture-decran-2024-10-11-a-11.37.56-fotor-2024101111382-600x800.jpg 600w, https:\/\/voyagedelabaleine.fr\/wp-content\/uploads\/2024\/10\/Capture-decran-2024-10-11-a-11.37.56-fotor-2024101111382-225x300.jpg 225w, https:\/\/voyagedelabaleine.fr\/wp-content\/uploads\/2024\/10\/Capture-decran-2024-10-11-a-11.37.56-fotor-2024101111382-768x1024.jpg 768w, https:\/\/voyagedelabaleine.fr\/wp-content\/uploads\/2024\/10\/Capture-decran-2024-10-11-a-11.37.56-fotor-2024101111382.jpg 864w\" sizes=\"(max-width: 600px) 100vw, 600px\" \/><img decoding=\"async\" width=\"600\" height=\"800\" src=\"https:\/\/voyagedelabaleine.fr\/wp-content\/uploads\/2024\/10\/30660-fotor-20250127145724-600x800.jpg\" class=\"woo-entry-image-secondary\" alt=\"Pagliaccetto neonato tartan &#8211; Bordeaux\" itemprop=\"image\" srcset=\"https:\/\/voyagedelabaleine.fr\/wp-content\/uploads\/2024\/10\/30660-fotor-20250127145724-600x801.jpg 600w, https:\/\/voyagedelabaleine.fr\/wp-content\/uploads\/2024\/10\/30660-fotor-20250127145724-225x300.jpg 225w, https:\/\/voyagedelabaleine.fr\/wp-content\/uploads\/2024\/10\/30660-fotor-20250127145724-767x1024.jpg 767w, https:\/\/voyagedelabaleine.fr\/wp-content\/uploads\/2024\/10\/30660-fotor-20250127145724-768x1025.jpg 768w, https:\/\/voyagedelabaleine.fr\/wp-content\/uploads\/2024\/10\/30660-fotor-20250127145724.jpg 900w\" sizes=\"(max-width: 600px) 100vw, 600px\" \/><\/a>\t<\/div><!-- .woo-entry-image-swap -->\n\n<\/li><li class=\"title\"><h2><a href=\"https:\/\/voyagedelabaleine.fr\/it\/prodotto\/pagliaccetto-neonato-tartan-bordeaux\/\">Pagliaccetto neonato tartan &#8211; Bordeaux<\/a><\/h2><\/li><li class=\"price-wrap\">\n\t<span class=\"price\"><span class=\"woocommerce-Price-amount amount\"><bdi>58<span class=\"woocommerce-Price-currencySymbol\">&euro;<\/span><\/bdi><\/span><\/span>\n<\/li><\/ul><\/div><!-- .product-inner .clr --><\/li>\n<li class=\"entry has-media has-rating col span_1_of_3 owp-content-center owp-thumbs-layout-vertical owp-btn-big owp-tabs-layout-vertical circle-sale product type-product post-33544 status-publish last instock product_cat-calze-collant-neonati-bambini product_cat-calzini-collant-nascita product_cat-calzini-collant-nascita-ragazza product_cat-calzini-collant-nascita-ragazzo-2 product_cat-calzini-collant-bambina product_cat-calzini-collant-bambini product_cat-calzini-collant-bambino product_cat-calzini-collant-neonata product_cat-calzini-collant-neonato product_tag-calzini has-post-thumbnail featured taxable shipping-taxable purchasable product-type-variable has-default-attributes\">\n\t<div class=\"product-inner clr\">\n\t<div class=\"woo-entry-image-swap woo-entry-image clr\">\n\t\t<a href=\"https:\/\/voyagedelabaleine.fr\/it\/prodotto\/calzini-alti-da-neonato-con-pompon-in-caldo-cotone-bordeaux\/\" class=\"woocommerce-LoopProduct-link\"><img decoding=\"async\" width=\"600\" height=\"800\" src=\"https:\/\/voyagedelabaleine.fr\/wp-content\/uploads\/2023\/10\/chaussettes-bebe-bordeaux-pompon-1-600x800.jpg\" class=\"woo-entry-image-main\" alt=\"Calzini alti da neonato con pompon in caldo cotone &#8211; Bordeaux\" itemprop=\"image\" srcset=\"https:\/\/voyagedelabaleine.fr\/wp-content\/uploads\/2023\/10\/chaussettes-bebe-bordeaux-pompon-1-600x800.jpg 600w, https:\/\/voyagedelabaleine.fr\/wp-content\/uploads\/2023\/10\/chaussettes-bebe-bordeaux-pompon-1-225x300.jpg 225w, https:\/\/voyagedelabaleine.fr\/wp-content\/uploads\/2023\/10\/chaussettes-bebe-bordeaux-pompon-1-768x1024.jpg 768w, https:\/\/voyagedelabaleine.fr\/wp-content\/uploads\/2023\/10\/chaussettes-bebe-bordeaux-pompon-1.jpg 855w\" sizes=\"(max-width: 600px) 100vw, 600px\" \/><img decoding=\"async\" width=\"570\" height=\"761\" src=\"https:\/\/voyagedelabaleine.fr\/wp-content\/uploads\/2023\/10\/chaussettes-bebe-bordeaux-pompon-2.jpg\" class=\"woo-entry-image-secondary\" alt=\"Calzini alti da neonato con pompon in caldo cotone &#8211; Bordeaux\" itemprop=\"image\" srcset=\"https:\/\/voyagedelabaleine.fr\/wp-content\/uploads\/2023\/10\/chaussettes-bebe-bordeaux-pompon-2.jpg 570w, https:\/\/voyagedelabaleine.fr\/wp-content\/uploads\/2023\/10\/chaussettes-bebe-bordeaux-pompon-2-225x300.jpg 225w\" sizes=\"(max-width: 570px) 100vw, 570px\" \/><\/a>\t<\/div><!-- .woo-entry-image-swap -->\n\n<ul class=\"woo-entry-inner clr\"><li class=\"image-wrap\">\n\t<div class=\"woo-entry-image-swap woo-entry-image clr\">\n\t\t<a href=\"https:\/\/voyagedelabaleine.fr\/it\/prodotto\/calzini-alti-da-neonato-con-pompon-in-caldo-cotone-bordeaux\/\" class=\"woocommerce-LoopProduct-link\"><img decoding=\"async\" width=\"600\" height=\"800\" src=\"https:\/\/voyagedelabaleine.fr\/wp-content\/uploads\/2023\/10\/chaussettes-bebe-bordeaux-pompon-1-600x800.jpg\" class=\"woo-entry-image-main\" alt=\"Calzini alti da neonato con pompon in caldo cotone &#8211; Bordeaux\" itemprop=\"image\" srcset=\"https:\/\/voyagedelabaleine.fr\/wp-content\/uploads\/2023\/10\/chaussettes-bebe-bordeaux-pompon-1-600x800.jpg 600w, https:\/\/voyagedelabaleine.fr\/wp-content\/uploads\/2023\/10\/chaussettes-bebe-bordeaux-pompon-1-225x300.jpg 225w, https:\/\/voyagedelabaleine.fr\/wp-content\/uploads\/2023\/10\/chaussettes-bebe-bordeaux-pompon-1-768x1024.jpg 768w, https:\/\/voyagedelabaleine.fr\/wp-content\/uploads\/2023\/10\/chaussettes-bebe-bordeaux-pompon-1.jpg 855w\" sizes=\"(max-width: 600px) 100vw, 600px\" \/><img decoding=\"async\" width=\"570\" height=\"761\" src=\"https:\/\/voyagedelabaleine.fr\/wp-content\/uploads\/2023\/10\/chaussettes-bebe-bordeaux-pompon-2.jpg\" class=\"woo-entry-image-secondary\" alt=\"Calzini alti da neonato con pompon in caldo cotone &#8211; Bordeaux\" itemprop=\"image\" srcset=\"https:\/\/voyagedelabaleine.fr\/wp-content\/uploads\/2023\/10\/chaussettes-bebe-bordeaux-pompon-2.jpg 570w, https:\/\/voyagedelabaleine.fr\/wp-content\/uploads\/2023\/10\/chaussettes-bebe-bordeaux-pompon-2-225x300.jpg 225w\" sizes=\"(max-width: 570px) 100vw, 570px\" \/><\/a>\t<\/div><!-- .woo-entry-image-swap -->\n\n<\/li><li class=\"title\"><h2><a href=\"https:\/\/voyagedelabaleine.fr\/it\/prodotto\/calzini-alti-da-neonato-con-pompon-in-caldo-cotone-bordeaux\/\">Calzini alti da neonato con pompon in caldo cotone &#8211; Bordeaux<\/a><\/h2><\/li><li class=\"price-wrap\">\n\t<span class=\"price\"><span class=\"woocommerce-Price-amount amount\"><bdi>13<span class=\"woocommerce-Price-currencySymbol\">&euro;<\/span><\/bdi><\/span><\/span>\n<\/li><\/ul><\/div><!-- .product-inner .clr --><\/li>\n<\/ul>\n<\/div><\/div>\n\t\t\t\t\t\t<\/div>\n\t\t\t\t<\/div>\n\t\t<div class=\"elementor-element elementor-element-8a48dea e-con-full e-flex e-con e-parent\" data-id=\"8a48dea\" data-element_type=\"container\" data-e-type=\"container\">\n\t\t\t\t<div class=\"elementor-element elementor-element-2368437 elementor-widget-divider--separator-type-pattern elementor-widget-divider--view-line elementor-widget elementor-widget-divider\" data-id=\"2368437\" data-element_type=\"widget\" data-e-type=\"widget\" data-widget_type=\"divider.default\">\n\t\t\t\t\t\t\t<div class=\"elementor-divider\" style=\"--divider-pattern-url: url(&quot;data:image\/svg+xml,%3Csvg xmlns=&#039;http:\/\/www.w3.org\/2000\/svg&#039; preserveAspectRatio=&#039;none&#039; overflow=&#039;visible&#039; height=&#039;100%&#039; viewBox=&#039;0 0 24 24&#039; fill=&#039;black&#039; stroke=&#039;none&#039;%3E%3Cpath d=&#039;M12.7,2.3c-0.4-0.4-1.1-0.4-1.5,0l-8,9.1c-0.3,0.4-0.3,0.9,0,1.2l8,9.1c0.4,0.4,1.1,0.4,1.5,0l8-9.1c0.3-0.4,0.3-0.9,0-1.2L12.7,2.3z&#039;\/%3E%3C\/svg%3E&quot;);\">\n\t\t\t<span class=\"elementor-divider-separator\">\n\t\t\t\t\t\t<\/span>\n\t\t<\/div>\n\t\t\t\t\t\t<\/div>\n\t\t\t\t<div class=\"elementor-element elementor-element-17f30a4 elementor-widget elementor-widget-shortcode\" data-id=\"17f30a4\" data-element_type=\"widget\" data-e-type=\"widget\" data-widget_type=\"shortcode.default\">\n\t\t\t\t\t\t\t<div class=\"elementor-shortcode\"><div class=\"woocommerce columns-4 \">\r\n<ul class=\"products oceanwp-row clr grid tablet-col tablet-2-col mobile-col mobile-2-col\">\r\n<li class=\"entry has-media col span_1_of_4 owp-content-center owp-thumbs-layout-vertical owp-btn-big owp-tabs-layout-vertical circle-sale product type-product post-30421 status-publish first instock product_cat-accessori-bambini product_cat-accessori-bambino product_cat-accessori-neonati product_cat-accessori-neonato has-post-thumbnail taxable shipping-taxable purchasable product-type-variable has-default-attributes\">\n\t<div class=\"product-inner clr\">\n\t<div class=\"woo-entry-image-swap woo-entry-image clr\">\n\t\t<a href=\"https:\/\/voyagedelabaleine.fr\/it\/prodotto\/berretto-neonato-bicolore-blu-navy-verde\/\" class=\"woocommerce-LoopProduct-link\"><img decoding=\"async\" width=\"600\" height=\"800\" src=\"https:\/\/voyagedelabaleine.fr\/wp-content\/uploads\/2024\/10\/bonnet-bicolore-2-600x800.jpg\" class=\"woo-entry-image-main\" alt=\"Berretto neonato bicolore &#8211; Blu navy\/verde\" itemprop=\"image\" srcset=\"https:\/\/voyagedelabaleine.fr\/wp-content\/uploads\/2024\/10\/bonnet-bicolore-2-600x800.jpg 600w, https:\/\/voyagedelabaleine.fr\/wp-content\/uploads\/2024\/10\/bonnet-bicolore-2-225x300.jpg 225w, https:\/\/voyagedelabaleine.fr\/wp-content\/uploads\/2024\/10\/bonnet-bicolore-2-768x1025.jpg 768w, https:\/\/voyagedelabaleine.fr\/wp-content\/uploads\/2024\/10\/bonnet-bicolore-2-1151x1536.jpg 1151w, https:\/\/voyagedelabaleine.fr\/wp-content\/uploads\/2024\/10\/bonnet-bicolore-2.jpg 1500w\" sizes=\"(max-width: 600px) 100vw, 600px\" \/><img decoding=\"async\" width=\"600\" height=\"800\" src=\"https:\/\/voyagedelabaleine.fr\/wp-content\/uploads\/2024\/10\/bonnet-bicolore-1-600x800.jpg\" class=\"woo-entry-image-secondary\" alt=\"Berretto neonato bicolore &#8211; Blu navy\/verde\" itemprop=\"image\" srcset=\"https:\/\/voyagedelabaleine.fr\/wp-content\/uploads\/2024\/10\/bonnet-bicolore-1-600x800.jpg 600w, https:\/\/voyagedelabaleine.fr\/wp-content\/uploads\/2024\/10\/bonnet-bicolore-1-225x300.jpg 225w, https:\/\/voyagedelabaleine.fr\/wp-content\/uploads\/2024\/10\/bonnet-bicolore-1-768x1024.jpg 768w, https:\/\/voyagedelabaleine.fr\/wp-content\/uploads\/2024\/10\/bonnet-bicolore-1-1152x1536.jpg 1152w, https:\/\/voyagedelabaleine.fr\/wp-content\/uploads\/2024\/10\/bonnet-bicolore-1.jpg 1316w\" sizes=\"(max-width: 600px) 100vw, 600px\" \/><\/a>\t<\/div><!-- .woo-entry-image-swap -->\n\n<ul class=\"woo-entry-inner clr\"><li class=\"image-wrap\">\n\t<div class=\"woo-entry-image-swap woo-entry-image clr\">\n\t\t<a href=\"https:\/\/voyagedelabaleine.fr\/it\/prodotto\/berretto-neonato-bicolore-blu-navy-verde\/\" class=\"woocommerce-LoopProduct-link\"><img decoding=\"async\" width=\"600\" height=\"800\" src=\"https:\/\/voyagedelabaleine.fr\/wp-content\/uploads\/2024\/10\/bonnet-bicolore-2-600x800.jpg\" class=\"woo-entry-image-main\" alt=\"Berretto neonato bicolore &#8211; Blu navy\/verde\" itemprop=\"image\" srcset=\"https:\/\/voyagedelabaleine.fr\/wp-content\/uploads\/2024\/10\/bonnet-bicolore-2-600x800.jpg 600w, https:\/\/voyagedelabaleine.fr\/wp-content\/uploads\/2024\/10\/bonnet-bicolore-2-225x300.jpg 225w, https:\/\/voyagedelabaleine.fr\/wp-content\/uploads\/2024\/10\/bonnet-bicolore-2-768x1025.jpg 768w, https:\/\/voyagedelabaleine.fr\/wp-content\/uploads\/2024\/10\/bonnet-bicolore-2-1151x1536.jpg 1151w, https:\/\/voyagedelabaleine.fr\/wp-content\/uploads\/2024\/10\/bonnet-bicolore-2.jpg 1500w\" sizes=\"(max-width: 600px) 100vw, 600px\" \/><img decoding=\"async\" width=\"600\" height=\"800\" src=\"https:\/\/voyagedelabaleine.fr\/wp-content\/uploads\/2024\/10\/bonnet-bicolore-1-600x800.jpg\" class=\"woo-entry-image-secondary\" alt=\"Berretto neonato bicolore &#8211; Blu navy\/verde\" itemprop=\"image\" srcset=\"https:\/\/voyagedelabaleine.fr\/wp-content\/uploads\/2024\/10\/bonnet-bicolore-1-600x800.jpg 600w, https:\/\/voyagedelabaleine.fr\/wp-content\/uploads\/2024\/10\/bonnet-bicolore-1-225x300.jpg 225w, https:\/\/voyagedelabaleine.fr\/wp-content\/uploads\/2024\/10\/bonnet-bicolore-1-768x1024.jpg 768w, https:\/\/voyagedelabaleine.fr\/wp-content\/uploads\/2024\/10\/bonnet-bicolore-1-1152x1536.jpg 1152w, https:\/\/voyagedelabaleine.fr\/wp-content\/uploads\/2024\/10\/bonnet-bicolore-1.jpg 1316w\" sizes=\"(max-width: 600px) 100vw, 600px\" \/><\/a>\t<\/div><!-- .woo-entry-image-swap -->\n\n<\/li><li class=\"title\"><h2><a href=\"https:\/\/voyagedelabaleine.fr\/it\/prodotto\/berretto-neonato-bicolore-blu-navy-verde\/\">Berretto neonato bicolore &#8211; Blu navy\/verde<\/a><\/h2><\/li><li class=\"price-wrap\">\n\t<span class=\"price\"><span class=\"woocommerce-Price-amount amount\"><bdi>24<span class=\"woocommerce-Price-currencySymbol\">&euro;<\/span><\/bdi><\/span><\/span>\n<\/li><\/ul><\/div><!-- .product-inner .clr --><\/li>\n<li class=\"entry has-media col span_1_of_4 owp-content-center owp-thumbs-layout-vertical owp-btn-big owp-tabs-layout-vertical circle-sale product type-product post-34204 status-publish instock product_cat-accessori-bambini product_cat-accessori-bambino product_cat-accessori-neonati product_cat-accessori-neonato has-post-thumbnail taxable shipping-taxable purchasable product-type-variable has-default-attributes\">\n\t<div class=\"product-inner clr\">\n\t<div class=\"woo-entry-image-swap woo-entry-image clr\">\n\t\t<a href=\"https:\/\/voyagedelabaleine.fr\/it\/prodotto\/sciarpa-bambino-bicolore-blu-navy-verde\/\" class=\"woocommerce-LoopProduct-link\"><img decoding=\"async\" width=\"600\" height=\"800\" src=\"https:\/\/voyagedelabaleine.fr\/wp-content\/uploads\/2024\/09\/echarpe-bebe-bicolore-bleu-vert-1-1-600x800.jpg\" class=\"woo-entry-image-main\" alt=\"Sciarpa bambino bicolore &#8211; Blu navy\/verde\" itemprop=\"image\" srcset=\"https:\/\/voyagedelabaleine.fr\/wp-content\/uploads\/2024\/09\/echarpe-bebe-bicolore-bleu-vert-1-1-600x800.jpg 600w, https:\/\/voyagedelabaleine.fr\/wp-content\/uploads\/2024\/09\/echarpe-bebe-bicolore-bleu-vert-1-1-225x300.jpg 225w, https:\/\/voyagedelabaleine.fr\/wp-content\/uploads\/2024\/09\/echarpe-bebe-bicolore-bleu-vert-1-1-768x1024.jpg 768w, https:\/\/voyagedelabaleine.fr\/wp-content\/uploads\/2024\/09\/echarpe-bebe-bicolore-bleu-vert-1-1.jpg 856w\" sizes=\"(max-width: 600px) 100vw, 600px\" \/><img decoding=\"async\" width=\"600\" height=\"800\" src=\"https:\/\/voyagedelabaleine.fr\/wp-content\/uploads\/2024\/09\/echarpe-bebe-bicolore-bleu-vert-2-1-600x800.jpg\" class=\"woo-entry-image-secondary\" alt=\"Sciarpa bambino bicolore &#8211; Blu navy\/verde\" itemprop=\"image\" srcset=\"https:\/\/voyagedelabaleine.fr\/wp-content\/uploads\/2024\/09\/echarpe-bebe-bicolore-bleu-vert-2-1-600x800.jpg 600w, https:\/\/voyagedelabaleine.fr\/wp-content\/uploads\/2024\/09\/echarpe-bebe-bicolore-bleu-vert-2-1-225x300.jpg 225w, https:\/\/voyagedelabaleine.fr\/wp-content\/uploads\/2024\/09\/echarpe-bebe-bicolore-bleu-vert-2-1.jpg 736w\" sizes=\"(max-width: 600px) 100vw, 600px\" \/><\/a>\t<\/div><!-- .woo-entry-image-swap -->\n\n<ul class=\"woo-entry-inner clr\"><li class=\"image-wrap\">\n\t<div class=\"woo-entry-image-swap woo-entry-image clr\">\n\t\t<a href=\"https:\/\/voyagedelabaleine.fr\/it\/prodotto\/sciarpa-bambino-bicolore-blu-navy-verde\/\" class=\"woocommerce-LoopProduct-link\"><img decoding=\"async\" width=\"600\" height=\"800\" src=\"https:\/\/voyagedelabaleine.fr\/wp-content\/uploads\/2024\/09\/echarpe-bebe-bicolore-bleu-vert-1-1-600x800.jpg\" class=\"woo-entry-image-main\" alt=\"Sciarpa bambino bicolore &#8211; Blu navy\/verde\" itemprop=\"image\" srcset=\"https:\/\/voyagedelabaleine.fr\/wp-content\/uploads\/2024\/09\/echarpe-bebe-bicolore-bleu-vert-1-1-600x800.jpg 600w, https:\/\/voyagedelabaleine.fr\/wp-content\/uploads\/2024\/09\/echarpe-bebe-bicolore-bleu-vert-1-1-225x300.jpg 225w, https:\/\/voyagedelabaleine.fr\/wp-content\/uploads\/2024\/09\/echarpe-bebe-bicolore-bleu-vert-1-1-768x1024.jpg 768w, https:\/\/voyagedelabaleine.fr\/wp-content\/uploads\/2024\/09\/echarpe-bebe-bicolore-bleu-vert-1-1.jpg 856w\" sizes=\"(max-width: 600px) 100vw, 600px\" \/><img decoding=\"async\" width=\"600\" height=\"800\" src=\"https:\/\/voyagedelabaleine.fr\/wp-content\/uploads\/2024\/09\/echarpe-bebe-bicolore-bleu-vert-2-1-600x800.jpg\" class=\"woo-entry-image-secondary\" alt=\"Sciarpa bambino bicolore &#8211; Blu navy\/verde\" itemprop=\"image\" srcset=\"https:\/\/voyagedelabaleine.fr\/wp-content\/uploads\/2024\/09\/echarpe-bebe-bicolore-bleu-vert-2-1-600x800.jpg 600w, https:\/\/voyagedelabaleine.fr\/wp-content\/uploads\/2024\/09\/echarpe-bebe-bicolore-bleu-vert-2-1-225x300.jpg 225w, https:\/\/voyagedelabaleine.fr\/wp-content\/uploads\/2024\/09\/echarpe-bebe-bicolore-bleu-vert-2-1.jpg 736w\" sizes=\"(max-width: 600px) 100vw, 600px\" \/><\/a>\t<\/div><!-- .woo-entry-image-swap -->\n\n<\/li><li class=\"title\"><h2><a href=\"https:\/\/voyagedelabaleine.fr\/it\/prodotto\/sciarpa-bambino-bicolore-blu-navy-verde\/\">Sciarpa bambino bicolore &#8211; Blu navy\/verde<\/a><\/h2><\/li><li class=\"price-wrap\">\n\t<span class=\"price\"><span class=\"woocommerce-Price-amount amount\"><bdi>20<span class=\"woocommerce-Price-currencySymbol\">&euro;<\/span><\/bdi><\/span><\/span>\n<\/li><\/ul><\/div><!-- .product-inner .clr --><\/li>\n<li class=\"entry has-media has-rating col span_1_of_4 owp-content-center owp-thumbs-layout-vertical owp-btn-big owp-tabs-layout-vertical circle-sale product type-product post-30617 status-publish instock product_cat-calze-collant-neonati-bambini product_cat-calzini-collant-nascita product_cat-calzini-collant-nascita-ragazza product_cat-calzini-collant-nascita-ragazzo-2 product_cat-calzini-collant-bambina product_cat-calzini-collant-bambini product_cat-calzini-collant-bambino product_cat-calzini-collant-neonata product_cat-calzini-collant-neonato has-post-thumbnail taxable shipping-taxable purchasable product-type-variable has-default-attributes\">\n\t<div class=\"product-inner clr\">\n\t<div class=\"woo-entry-image-swap woo-entry-image clr\">\n\t\t<a href=\"https:\/\/voyagedelabaleine.fr\/it\/prodotto\/collant-neonato-a-costine-blu-navy\/\" class=\"woocommerce-LoopProduct-link\"><img decoding=\"async\" width=\"600\" height=\"800\" src=\"https:\/\/voyagedelabaleine.fr\/wp-content\/uploads\/2024\/11\/92357-thickbox_default-fotor-20241121232344-600x800.jpg\" class=\"woo-entry-image-main\" alt=\"Collant neonato a costine &#8211; Blu navy\" itemprop=\"image\" srcset=\"https:\/\/voyagedelabaleine.fr\/wp-content\/uploads\/2024\/11\/92357-thickbox_default-fotor-20241121232344-600x800.jpg 600w, https:\/\/voyagedelabaleine.fr\/wp-content\/uploads\/2024\/11\/92357-thickbox_default-fotor-20241121232344-225x300.jpg 225w, https:\/\/voyagedelabaleine.fr\/wp-content\/uploads\/2024\/11\/92357-thickbox_default-fotor-20241121232344-768x1024.jpg 768w, https:\/\/voyagedelabaleine.fr\/wp-content\/uploads\/2024\/11\/92357-thickbox_default-fotor-20241121232344.jpg 800w\" sizes=\"(max-width: 600px) 100vw, 600px\" \/><img decoding=\"async\" width=\"600\" height=\"800\" src=\"https:\/\/voyagedelabaleine.fr\/wp-content\/uploads\/2024\/11\/92357-thickbox_default-fotor-20241121232440-600x800.jpg\" class=\"woo-entry-image-secondary\" alt=\"Collant neonato a costine &#8211; Blu navy\" itemprop=\"image\" srcset=\"https:\/\/voyagedelabaleine.fr\/wp-content\/uploads\/2024\/11\/92357-thickbox_default-fotor-20241121232440-600x800.jpg 600w, https:\/\/voyagedelabaleine.fr\/wp-content\/uploads\/2024\/11\/92357-thickbox_default-fotor-20241121232440-225x300.jpg 225w, https:\/\/voyagedelabaleine.fr\/wp-content\/uploads\/2024\/11\/92357-thickbox_default-fotor-20241121232440-768x1024.jpg 768w, https:\/\/voyagedelabaleine.fr\/wp-content\/uploads\/2024\/11\/92357-thickbox_default-fotor-20241121232440.jpg 800w\" sizes=\"(max-width: 600px) 100vw, 600px\" \/><\/a>\t<\/div><!-- .woo-entry-image-swap -->\n\n<ul class=\"woo-entry-inner clr\"><li class=\"image-wrap\">\n\t<div class=\"woo-entry-image-swap woo-entry-image clr\">\n\t\t<a href=\"https:\/\/voyagedelabaleine.fr\/it\/prodotto\/collant-neonato-a-costine-blu-navy\/\" class=\"woocommerce-LoopProduct-link\"><img decoding=\"async\" width=\"600\" height=\"800\" src=\"https:\/\/voyagedelabaleine.fr\/wp-content\/uploads\/2024\/11\/92357-thickbox_default-fotor-20241121232344-600x800.jpg\" class=\"woo-entry-image-main\" alt=\"Collant neonato a costine &#8211; Blu navy\" itemprop=\"image\" srcset=\"https:\/\/voyagedelabaleine.fr\/wp-content\/uploads\/2024\/11\/92357-thickbox_default-fotor-20241121232344-600x800.jpg 600w, https:\/\/voyagedelabaleine.fr\/wp-content\/uploads\/2024\/11\/92357-thickbox_default-fotor-20241121232344-225x300.jpg 225w, https:\/\/voyagedelabaleine.fr\/wp-content\/uploads\/2024\/11\/92357-thickbox_default-fotor-20241121232344-768x1024.jpg 768w, https:\/\/voyagedelabaleine.fr\/wp-content\/uploads\/2024\/11\/92357-thickbox_default-fotor-20241121232344.jpg 800w\" sizes=\"(max-width: 600px) 100vw, 600px\" \/><img decoding=\"async\" width=\"600\" height=\"800\" src=\"https:\/\/voyagedelabaleine.fr\/wp-content\/uploads\/2024\/11\/92357-thickbox_default-fotor-20241121232440-600x800.jpg\" class=\"woo-entry-image-secondary\" alt=\"Collant neonato a costine &#8211; Blu navy\" itemprop=\"image\" srcset=\"https:\/\/voyagedelabaleine.fr\/wp-content\/uploads\/2024\/11\/92357-thickbox_default-fotor-20241121232440-600x800.jpg 600w, https:\/\/voyagedelabaleine.fr\/wp-content\/uploads\/2024\/11\/92357-thickbox_default-fotor-20241121232440-225x300.jpg 225w, https:\/\/voyagedelabaleine.fr\/wp-content\/uploads\/2024\/11\/92357-thickbox_default-fotor-20241121232440-768x1024.jpg 768w, https:\/\/voyagedelabaleine.fr\/wp-content\/uploads\/2024\/11\/92357-thickbox_default-fotor-20241121232440.jpg 800w\" sizes=\"(max-width: 600px) 100vw, 600px\" \/><\/a>\t<\/div><!-- .woo-entry-image-swap -->\n\n<\/li><li class=\"title\"><h2><a href=\"https:\/\/voyagedelabaleine.fr\/it\/prodotto\/collant-neonato-a-costine-blu-navy\/\">Collant neonato a costine &#8211; Blu navy<\/a><\/h2><\/li><li class=\"price-wrap\">\n\t<span class=\"price\"><span class=\"woocommerce-Price-amount amount\"><bdi>14<span class=\"woocommerce-Price-currencySymbol\">&euro;<\/span><\/bdi><\/span><\/span>\n<\/li><\/ul><\/div><!-- .product-inner .clr --><\/li>\n<li class=\"entry has-media col span_1_of_4 owp-content-center owp-thumbs-layout-vertical owp-btn-big owp-tabs-layout-vertical circle-sale product type-product post-30555 status-publish last instock product_cat-calze-collant-neonati-bambini product_cat-calzini-collant-nascita product_cat-calzini-collant-nascita-ragazza product_cat-calzini-collant-nascita-ragazzo-2 product_cat-calzini-collant-bambina product_cat-calzini-collant-bambini product_cat-calzini-collant-bambino product_cat-calzini-collant-neonata product_cat-calzini-collant-neonato has-post-thumbnail taxable shipping-taxable purchasable product-type-variable has-default-attributes\">\n\t<div class=\"product-inner clr\">\n\t<div class=\"woo-entry-image-swap woo-entry-image clr\">\n\t\t<a href=\"https:\/\/voyagedelabaleine.fr\/it\/prodotto\/collant-neonato-a-costine-verde-abete\/\" class=\"woocommerce-LoopProduct-link\"><img decoding=\"async\" width=\"600\" height=\"800\" src=\"https:\/\/voyagedelabaleine.fr\/wp-content\/uploads\/2024\/11\/collants-bebe-vert-sapin-fotor-20241121121542-600x800.jpg\" class=\"woo-entry-image-main\" alt=\"Collant neonato a costine &#8211; Verde abete\" itemprop=\"image\" srcset=\"https:\/\/voyagedelabaleine.fr\/wp-content\/uploads\/2024\/11\/collants-bebe-vert-sapin-fotor-20241121121542-600x800.jpg 600w, https:\/\/voyagedelabaleine.fr\/wp-content\/uploads\/2024\/11\/collants-bebe-vert-sapin-fotor-20241121121542-225x300.jpg 225w, https:\/\/voyagedelabaleine.fr\/wp-content\/uploads\/2024\/11\/collants-bebe-vert-sapin-fotor-20241121121542-768x1024.jpg 768w, https:\/\/voyagedelabaleine.fr\/wp-content\/uploads\/2024\/11\/collants-bebe-vert-sapin-fotor-20241121121542.jpg 855w\" sizes=\"(max-width: 600px) 100vw, 600px\" \/><img decoding=\"async\" width=\"600\" height=\"800\" src=\"https:\/\/voyagedelabaleine.fr\/wp-content\/uploads\/2024\/11\/92370-thickbox_default-fotor-2024112112161-600x800.jpg\" class=\"woo-entry-image-secondary\" alt=\"Collant neonato a costine &#8211; Verde abete\" itemprop=\"image\" srcset=\"https:\/\/voyagedelabaleine.fr\/wp-content\/uploads\/2024\/11\/92370-thickbox_default-fotor-2024112112161-600x800.jpg 600w, https:\/\/voyagedelabaleine.fr\/wp-content\/uploads\/2024\/11\/92370-thickbox_default-fotor-2024112112161-225x300.jpg 225w, https:\/\/voyagedelabaleine.fr\/wp-content\/uploads\/2024\/11\/92370-thickbox_default-fotor-2024112112161-768x1024.jpg 768w, https:\/\/voyagedelabaleine.fr\/wp-content\/uploads\/2024\/11\/92370-thickbox_default-fotor-2024112112161.jpg 855w\" sizes=\"(max-width: 600px) 100vw, 600px\" \/><\/a>\t<\/div><!-- .woo-entry-image-swap -->\n\n<ul class=\"woo-entry-inner clr\"><li class=\"image-wrap\">\n\t<div class=\"woo-entry-image-swap woo-entry-image clr\">\n\t\t<a href=\"https:\/\/voyagedelabaleine.fr\/it\/prodotto\/collant-neonato-a-costine-verde-abete\/\" class=\"woocommerce-LoopProduct-link\"><img decoding=\"async\" width=\"600\" height=\"800\" src=\"https:\/\/voyagedelabaleine.fr\/wp-content\/uploads\/2024\/11\/collants-bebe-vert-sapin-fotor-20241121121542-600x800.jpg\" class=\"woo-entry-image-main\" alt=\"Collant neonato a costine &#8211; Verde abete\" itemprop=\"image\" srcset=\"https:\/\/voyagedelabaleine.fr\/wp-content\/uploads\/2024\/11\/collants-bebe-vert-sapin-fotor-20241121121542-600x800.jpg 600w, https:\/\/voyagedelabaleine.fr\/wp-content\/uploads\/2024\/11\/collants-bebe-vert-sapin-fotor-20241121121542-225x300.jpg 225w, https:\/\/voyagedelabaleine.fr\/wp-content\/uploads\/2024\/11\/collants-bebe-vert-sapin-fotor-20241121121542-768x1024.jpg 768w, https:\/\/voyagedelabaleine.fr\/wp-content\/uploads\/2024\/11\/collants-bebe-vert-sapin-fotor-20241121121542.jpg 855w\" sizes=\"(max-width: 600px) 100vw, 600px\" \/><img decoding=\"async\" width=\"600\" height=\"800\" src=\"https:\/\/voyagedelabaleine.fr\/wp-content\/uploads\/2024\/11\/92370-thickbox_default-fotor-2024112112161-600x800.jpg\" class=\"woo-entry-image-secondary\" alt=\"Collant neonato a costine &#8211; Verde abete\" itemprop=\"image\" srcset=\"https:\/\/voyagedelabaleine.fr\/wp-content\/uploads\/2024\/11\/92370-thickbox_default-fotor-2024112112161-600x800.jpg 600w, https:\/\/voyagedelabaleine.fr\/wp-content\/uploads\/2024\/11\/92370-thickbox_default-fotor-2024112112161-225x300.jpg 225w, https:\/\/voyagedelabaleine.fr\/wp-content\/uploads\/2024\/11\/92370-thickbox_default-fotor-2024112112161-768x1024.jpg 768w, https:\/\/voyagedelabaleine.fr\/wp-content\/uploads\/2024\/11\/92370-thickbox_default-fotor-2024112112161.jpg 855w\" sizes=\"(max-width: 600px) 100vw, 600px\" \/><\/a>\t<\/div><!-- .woo-entry-image-swap -->\n\n<\/li><li class=\"title\"><h2><a href=\"https:\/\/voyagedelabaleine.fr\/it\/prodotto\/collant-neonato-a-costine-verde-abete\/\">Collant neonato a costine &#8211; Verde abete<\/a><\/h2><\/li><li class=\"price-wrap\">\n\t<span class=\"price\"><span class=\"woocommerce-Price-amount amount\"><bdi>14<span class=\"woocommerce-Price-currencySymbol\">&euro;<\/span><\/bdi><\/span><\/span>\n<\/li><\/ul><\/div><!-- .product-inner .clr --><\/li>\n<\/ul>\n<\/div><\/div>\n\t\t\t\t\t\t<\/div>\n\t\t\t\t<\/div>\n\t\t<div class=\"elementor-element elementor-element-dd63746 e-con-full e-flex e-con e-parent\" data-id=\"dd63746\" data-element_type=\"container\" data-e-type=\"container\">\n\t\t\t\t<div class=\"elementor-element elementor-element-9c1dfb7 elementor-widget-divider--separator-type-pattern elementor-widget-divider--view-line elementor-widget elementor-widget-divider\" data-id=\"9c1dfb7\" data-element_type=\"widget\" data-e-type=\"widget\" data-widget_type=\"divider.default\">\n\t\t\t\t\t\t\t<div class=\"elementor-divider\" style=\"--divider-pattern-url: url(&quot;data:image\/svg+xml,%3Csvg xmlns=&#039;http:\/\/www.w3.org\/2000\/svg&#039; preserveAspectRatio=&#039;none&#039; overflow=&#039;visible&#039; height=&#039;100%&#039; viewBox=&#039;0 0 24 24&#039; fill=&#039;black&#039; stroke=&#039;none&#039;%3E%3Cpath d=&#039;M12.7,2.3c-0.4-0.4-1.1-0.4-1.5,0l-8,9.1c-0.3,0.4-0.3,0.9,0,1.2l8,9.1c0.4,0.4,1.1,0.4,1.5,0l8-9.1c0.3-0.4,0.3-0.9,0-1.2L12.7,2.3z&#039;\/%3E%3C\/svg%3E&quot;);\">\n\t\t\t<span class=\"elementor-divider-separator\">\n\t\t\t\t\t\t<\/span>\n\t\t<\/div>\n\t\t\t\t\t\t<\/div>\n\t\t\t\t<div class=\"elementor-element elementor-element-601a680 elementor-widget elementor-widget-shortcode\" data-id=\"601a680\" data-element_type=\"widget\" data-e-type=\"widget\" data-widget_type=\"shortcode.default\">\n\t\t\t\t\t\t\t<div class=\"elementor-shortcode\"><div class=\"woocommerce columns-3 \">\r\n<ul class=\"products oceanwp-row clr grid tablet-col tablet-2-col mobile-col mobile-2-col\">\r\n<li class=\"entry has-media has-rating col span_1_of_3 owp-content-center owp-thumbs-layout-vertical owp-btn-big owp-tabs-layout-vertical circle-sale product type-product post-31229 status-publish first instock product_cat-abbigliamento product_cat-blusa-camicia-nascita product_cat-blusa-camicia-nascita-ragazzo product_cat-blusa-camicia-bambini product_cat-blusa-camicia-bambino product_cat-blusa-camicia-neonati product_cat-blusa-camicia-neonato has-post-thumbnail taxable shipping-taxable purchasable product-type-variable has-default-attributes\">\n\t<div class=\"product-inner clr\">\n\t<div class=\"woo-entry-image-swap woo-entry-image clr\">\n\t\t<a href=\"https:\/\/voyagedelabaleine.fr\/it\/prodotto\/camicia-neonato-a-girocollo-in-garza-di-cotone-bianco\/\" class=\"woocommerce-LoopProduct-link\"><img decoding=\"async\" width=\"600\" height=\"800\" src=\"https:\/\/voyagedelabaleine.fr\/wp-content\/uploads\/2024\/09\/chemise-bebe-col-rond-gaze-de-coton-3-600x800.jpg\" class=\"woo-entry-image-main\" alt=\"Camicia neonato a girocollo in garza di cotone &#8211; Bianco\" itemprop=\"image\" srcset=\"https:\/\/voyagedelabaleine.fr\/wp-content\/uploads\/2024\/09\/chemise-bebe-col-rond-gaze-de-coton-3-600x800.jpg 600w, https:\/\/voyagedelabaleine.fr\/wp-content\/uploads\/2024\/09\/chemise-bebe-col-rond-gaze-de-coton-3-225x300.jpg 225w, https:\/\/voyagedelabaleine.fr\/wp-content\/uploads\/2024\/09\/chemise-bebe-col-rond-gaze-de-coton-3-768x1024.jpg 768w, https:\/\/voyagedelabaleine.fr\/wp-content\/uploads\/2024\/09\/chemise-bebe-col-rond-gaze-de-coton-3.jpg 866w\" sizes=\"(max-width: 600px) 100vw, 600px\" \/><img decoding=\"async\" width=\"600\" height=\"800\" src=\"https:\/\/voyagedelabaleine.fr\/wp-content\/uploads\/2024\/09\/chemise-bebe-col-rond-gaze-de-coton-2-600x800.jpg\" class=\"woo-entry-image-secondary\" alt=\"Camicia neonato a girocollo in garza di cotone &#8211; Bianco\" itemprop=\"image\" srcset=\"https:\/\/voyagedelabaleine.fr\/wp-content\/uploads\/2024\/09\/chemise-bebe-col-rond-gaze-de-coton-2-600x800.jpg 600w, https:\/\/voyagedelabaleine.fr\/wp-content\/uploads\/2024\/09\/chemise-bebe-col-rond-gaze-de-coton-2-224x300.jpg 224w\" sizes=\"(max-width: 600px) 100vw, 600px\" \/><\/a>\t<\/div><!-- .woo-entry-image-swap -->\n\n<ul class=\"woo-entry-inner clr\"><li class=\"image-wrap\">\n\t<div class=\"woo-entry-image-swap woo-entry-image clr\">\n\t\t<a href=\"https:\/\/voyagedelabaleine.fr\/it\/prodotto\/camicia-neonato-a-girocollo-in-garza-di-cotone-bianco\/\" class=\"woocommerce-LoopProduct-link\"><img decoding=\"async\" width=\"600\" height=\"800\" src=\"https:\/\/voyagedelabaleine.fr\/wp-content\/uploads\/2024\/09\/chemise-bebe-col-rond-gaze-de-coton-3-600x800.jpg\" class=\"woo-entry-image-main\" alt=\"Camicia neonato a girocollo in garza di cotone &#8211; Bianco\" itemprop=\"image\" srcset=\"https:\/\/voyagedelabaleine.fr\/wp-content\/uploads\/2024\/09\/chemise-bebe-col-rond-gaze-de-coton-3-600x800.jpg 600w, https:\/\/voyagedelabaleine.fr\/wp-content\/uploads\/2024\/09\/chemise-bebe-col-rond-gaze-de-coton-3-225x300.jpg 225w, https:\/\/voyagedelabaleine.fr\/wp-content\/uploads\/2024\/09\/chemise-bebe-col-rond-gaze-de-coton-3-768x1024.jpg 768w, https:\/\/voyagedelabaleine.fr\/wp-content\/uploads\/2024\/09\/chemise-bebe-col-rond-gaze-de-coton-3.jpg 866w\" sizes=\"(max-width: 600px) 100vw, 600px\" \/><img decoding=\"async\" width=\"600\" height=\"800\" src=\"https:\/\/voyagedelabaleine.fr\/wp-content\/uploads\/2024\/09\/chemise-bebe-col-rond-gaze-de-coton-2-600x800.jpg\" class=\"woo-entry-image-secondary\" alt=\"Camicia neonato a girocollo in garza di cotone &#8211; Bianco\" itemprop=\"image\" srcset=\"https:\/\/voyagedelabaleine.fr\/wp-content\/uploads\/2024\/09\/chemise-bebe-col-rond-gaze-de-coton-2-600x800.jpg 600w, https:\/\/voyagedelabaleine.fr\/wp-content\/uploads\/2024\/09\/chemise-bebe-col-rond-gaze-de-coton-2-224x300.jpg 224w\" sizes=\"(max-width: 600px) 100vw, 600px\" \/><\/a>\t<\/div><!-- .woo-entry-image-swap -->\n\n<\/li><li class=\"title\"><h2><a href=\"https:\/\/voyagedelabaleine.fr\/it\/prodotto\/camicia-neonato-a-girocollo-in-garza-di-cotone-bianco\/\">Camicia neonato a girocollo in garza di cotone &#8211; Bianco<\/a><\/h2><\/li><li class=\"price-wrap\">\n\t<span class=\"price\"><span class=\"woocommerce-Price-amount amount\"><bdi>24<span class=\"woocommerce-Price-currencySymbol\">&euro;<\/span><\/bdi><\/span><\/span>\n<\/li><\/ul><\/div><!-- .product-inner .clr --><\/li>\n<li class=\"entry has-media has-rating col span_1_of_3 owp-content-center owp-thumbs-layout-vertical owp-btn-big owp-tabs-layout-vertical circle-sale product type-product post-29319 status-publish instock product_cat-abbigliamento product_cat-pagliaccetto-salopette-nascita product_cat-pagliaccetto-salopette-nascita-ragazza product_cat-pagliaccetto-salopette-nascita-ragazzo product_cat-pagliaccetto-salopette-neonata product_cat-pagliaccetto-salopette-neonati product_cat-pagliaccetto-salopette-neonato has-post-thumbnail taxable shipping-taxable purchasable product-type-variable has-default-attributes\">\n\t<div class=\"product-inner clr\">\n\t<div class=\"woo-entry-image-swap woo-entry-image clr\">\n\t\t<a href=\"https:\/\/voyagedelabaleine.fr\/it\/prodotto\/salopette-calda-unisex-azzurro-cielo\/\" class=\"woocommerce-LoopProduct-link\"><img decoding=\"async\" width=\"600\" height=\"800\" src=\"https:\/\/voyagedelabaleine.fr\/wp-content\/uploads\/2024\/09\/salopette-bebe-chaude-2-600x800.jpg\" class=\"woo-entry-image-main\" alt=\"Salopette calda unisex &#8211; Azzurro cielo\" itemprop=\"image\" srcset=\"https:\/\/voyagedelabaleine.fr\/wp-content\/uploads\/2024\/09\/salopette-bebe-chaude-2-600x801.jpg 600w, https:\/\/voyagedelabaleine.fr\/wp-content\/uploads\/2024\/09\/salopette-bebe-chaude-2-225x300.jpg 225w, https:\/\/voyagedelabaleine.fr\/wp-content\/uploads\/2024\/09\/salopette-bebe-chaude-2-768x1025.jpg 768w, https:\/\/voyagedelabaleine.fr\/wp-content\/uploads\/2024\/09\/salopette-bebe-chaude-2-1151x1536.jpg 1151w, https:\/\/voyagedelabaleine.fr\/wp-content\/uploads\/2024\/09\/salopette-bebe-chaude-2.jpg 1200w\" sizes=\"(max-width: 600px) 100vw, 600px\" \/><img decoding=\"async\" width=\"600\" height=\"800\" src=\"https:\/\/voyagedelabaleine.fr\/wp-content\/uploads\/2024\/09\/salopette-bebe-chaude-1-600x800.jpg\" class=\"woo-entry-image-secondary\" alt=\"Salopette calda unisex &#8211; Azzurro cielo\" itemprop=\"image\" srcset=\"https:\/\/voyagedelabaleine.fr\/wp-content\/uploads\/2024\/09\/salopette-bebe-chaude-1-600x800.jpg 600w, https:\/\/voyagedelabaleine.fr\/wp-content\/uploads\/2024\/09\/salopette-bebe-chaude-1-225x300.jpg 225w, https:\/\/voyagedelabaleine.fr\/wp-content\/uploads\/2024\/09\/salopette-bebe-chaude-1-768x1023.jpg 768w, https:\/\/voyagedelabaleine.fr\/wp-content\/uploads\/2024\/09\/salopette-bebe-chaude-1-1153x1536.jpg 1153w, https:\/\/voyagedelabaleine.fr\/wp-content\/uploads\/2024\/09\/salopette-bebe-chaude-1.jpg 1215w\" sizes=\"(max-width: 600px) 100vw, 600px\" \/><\/a>\t<\/div><!-- .woo-entry-image-swap -->\n\n<ul class=\"woo-entry-inner clr\"><li class=\"image-wrap\">\n\t<div class=\"woo-entry-image-swap woo-entry-image clr\">\n\t\t<a href=\"https:\/\/voyagedelabaleine.fr\/it\/prodotto\/salopette-calda-unisex-azzurro-cielo\/\" class=\"woocommerce-LoopProduct-link\"><img decoding=\"async\" width=\"600\" height=\"800\" src=\"https:\/\/voyagedelabaleine.fr\/wp-content\/uploads\/2024\/09\/salopette-bebe-chaude-2-600x800.jpg\" class=\"woo-entry-image-main\" alt=\"Salopette calda unisex &#8211; Azzurro cielo\" itemprop=\"image\" srcset=\"https:\/\/voyagedelabaleine.fr\/wp-content\/uploads\/2024\/09\/salopette-bebe-chaude-2-600x801.jpg 600w, https:\/\/voyagedelabaleine.fr\/wp-content\/uploads\/2024\/09\/salopette-bebe-chaude-2-225x300.jpg 225w, https:\/\/voyagedelabaleine.fr\/wp-content\/uploads\/2024\/09\/salopette-bebe-chaude-2-768x1025.jpg 768w, https:\/\/voyagedelabaleine.fr\/wp-content\/uploads\/2024\/09\/salopette-bebe-chaude-2-1151x1536.jpg 1151w, https:\/\/voyagedelabaleine.fr\/wp-content\/uploads\/2024\/09\/salopette-bebe-chaude-2.jpg 1200w\" sizes=\"(max-width: 600px) 100vw, 600px\" \/><img decoding=\"async\" width=\"600\" height=\"800\" src=\"https:\/\/voyagedelabaleine.fr\/wp-content\/uploads\/2024\/09\/salopette-bebe-chaude-1-600x800.jpg\" class=\"woo-entry-image-secondary\" alt=\"Salopette calda unisex &#8211; Azzurro cielo\" itemprop=\"image\" srcset=\"https:\/\/voyagedelabaleine.fr\/wp-content\/uploads\/2024\/09\/salopette-bebe-chaude-1-600x800.jpg 600w, https:\/\/voyagedelabaleine.fr\/wp-content\/uploads\/2024\/09\/salopette-bebe-chaude-1-225x300.jpg 225w, https:\/\/voyagedelabaleine.fr\/wp-content\/uploads\/2024\/09\/salopette-bebe-chaude-1-768x1023.jpg 768w, https:\/\/voyagedelabaleine.fr\/wp-content\/uploads\/2024\/09\/salopette-bebe-chaude-1-1153x1536.jpg 1153w, https:\/\/voyagedelabaleine.fr\/wp-content\/uploads\/2024\/09\/salopette-bebe-chaude-1.jpg 1215w\" sizes=\"(max-width: 600px) 100vw, 600px\" \/><\/a>\t<\/div><!-- .woo-entry-image-swap -->\n\n<\/li><li class=\"title\"><h2><a href=\"https:\/\/voyagedelabaleine.fr\/it\/prodotto\/salopette-calda-unisex-azzurro-cielo\/\">Salopette calda unisex &#8211; Azzurro cielo<\/a><\/h2><\/li><li class=\"price-wrap\">\n\t<span class=\"price\"><span class=\"woocommerce-Price-amount amount\"><bdi>44<span class=\"woocommerce-Price-currencySymbol\">&euro;<\/span><\/bdi><\/span><\/span>\n<\/li><\/ul><\/div><!-- .product-inner .clr --><\/li>\n<li class=\"entry has-media has-rating col span_1_of_3 owp-content-center owp-thumbs-layout-vertical owp-btn-big owp-tabs-layout-vertical circle-sale product type-product post-33949 status-publish last instock product_cat-calze-collant-neonati-bambini product_cat-calzini-collant-nascita product_cat-calzini-collant-nascita-ragazza product_cat-calzini-collant-nascita-ragazzo-2 product_cat-calzini-collant-bambina product_cat-calzini-collant-bambini product_cat-calzini-collant-bambino product_cat-calzini-collant-neonata product_cat-calzini-collant-neonato has-post-thumbnail taxable shipping-taxable purchasable product-type-variable has-default-attributes\">\n\t<div class=\"product-inner clr\">\n\t<div class=\"woo-entry-image-swap woo-entry-image clr\">\n\t\t<a href=\"https:\/\/voyagedelabaleine.fr\/it\/prodotto\/collant-in-lana-merino-grigio\/\" class=\"woocommerce-LoopProduct-link\"><img decoding=\"async\" width=\"600\" height=\"800\" src=\"https:\/\/voyagedelabaleine.fr\/wp-content\/uploads\/2024\/07\/collant-bebe-laine-merinos-gris-1-600x800.jpg\" class=\"woo-entry-image-main\" alt=\"Collant in lana merino &#8211; Grigio\" itemprop=\"image\" srcset=\"https:\/\/voyagedelabaleine.fr\/wp-content\/uploads\/2024\/07\/collant-bebe-laine-merinos-gris-1-600x800.jpg 600w, https:\/\/voyagedelabaleine.fr\/wp-content\/uploads\/2024\/07\/collant-bebe-laine-merinos-gris-1-225x300.jpg 225w, https:\/\/voyagedelabaleine.fr\/wp-content\/uploads\/2024\/07\/collant-bebe-laine-merinos-gris-1-768x1024.jpg 768w, https:\/\/voyagedelabaleine.fr\/wp-content\/uploads\/2024\/07\/collant-bebe-laine-merinos-gris-1.jpg 812w\" sizes=\"(max-width: 600px) 100vw, 600px\" \/><img decoding=\"async\" width=\"409\" height=\"545\" src=\"https:\/\/voyagedelabaleine.fr\/wp-content\/uploads\/2024\/07\/collant-bebe-laine-merinos-gris-2.jpg\" class=\"woo-entry-image-secondary\" alt=\"Collant in lana merino &#8211; Grigio\" itemprop=\"image\" srcset=\"https:\/\/voyagedelabaleine.fr\/wp-content\/uploads\/2024\/07\/collant-bebe-laine-merinos-gris-2.jpg 409w, https:\/\/voyagedelabaleine.fr\/wp-content\/uploads\/2024\/07\/collant-bebe-laine-merinos-gris-2-225x300.jpg 225w\" sizes=\"(max-width: 409px) 100vw, 409px\" \/><\/a>\t<\/div><!-- .woo-entry-image-swap -->\n\n<ul class=\"woo-entry-inner clr\"><li class=\"image-wrap\">\n\t<div class=\"woo-entry-image-swap woo-entry-image clr\">\n\t\t<a href=\"https:\/\/voyagedelabaleine.fr\/it\/prodotto\/collant-in-lana-merino-grigio\/\" class=\"woocommerce-LoopProduct-link\"><img decoding=\"async\" width=\"600\" height=\"800\" src=\"https:\/\/voyagedelabaleine.fr\/wp-content\/uploads\/2024\/07\/collant-bebe-laine-merinos-gris-1-600x800.jpg\" class=\"woo-entry-image-main\" alt=\"Collant in lana merino &#8211; Grigio\" itemprop=\"image\" srcset=\"https:\/\/voyagedelabaleine.fr\/wp-content\/uploads\/2024\/07\/collant-bebe-laine-merinos-gris-1-600x800.jpg 600w, https:\/\/voyagedelabaleine.fr\/wp-content\/uploads\/2024\/07\/collant-bebe-laine-merinos-gris-1-225x300.jpg 225w, https:\/\/voyagedelabaleine.fr\/wp-content\/uploads\/2024\/07\/collant-bebe-laine-merinos-gris-1-768x1024.jpg 768w, https:\/\/voyagedelabaleine.fr\/wp-content\/uploads\/2024\/07\/collant-bebe-laine-merinos-gris-1.jpg 812w\" sizes=\"(max-width: 600px) 100vw, 600px\" \/><img decoding=\"async\" width=\"409\" height=\"545\" src=\"https:\/\/voyagedelabaleine.fr\/wp-content\/uploads\/2024\/07\/collant-bebe-laine-merinos-gris-2.jpg\" class=\"woo-entry-image-secondary\" alt=\"Collant in lana merino &#8211; Grigio\" itemprop=\"image\" srcset=\"https:\/\/voyagedelabaleine.fr\/wp-content\/uploads\/2024\/07\/collant-bebe-laine-merinos-gris-2.jpg 409w, https:\/\/voyagedelabaleine.fr\/wp-content\/uploads\/2024\/07\/collant-bebe-laine-merinos-gris-2-225x300.jpg 225w\" sizes=\"(max-width: 409px) 100vw, 409px\" \/><\/a>\t<\/div><!-- .woo-entry-image-swap -->\n\n<\/li><li class=\"title\"><h2><a href=\"https:\/\/voyagedelabaleine.fr\/it\/prodotto\/collant-in-lana-merino-grigio\/\">Collant in lana merino &#8211; Grigio<\/a><\/h2><\/li><li class=\"price-wrap\">\n\t<span class=\"price\"><span class=\"woocommerce-Price-amount amount\"><bdi>16<span class=\"woocommerce-Price-currencySymbol\">&euro;<\/span><\/bdi><\/span><\/span>\n<\/li><\/ul><\/div><!-- .product-inner .clr --><\/li>\n<\/ul>\n<\/div><\/div>\n\t\t\t\t\t\t<\/div>\n\t\t\t\t<\/div>\n\t\t<div class=\"elementor-element elementor-element-2376b3e e-con-full e-flex e-con e-parent\" data-id=\"2376b3e\" data-element_type=\"container\" data-e-type=\"container\">\n\t\t\t\t<div class=\"elementor-element elementor-element-1c0d951 elementor-widget-divider--separator-type-pattern elementor-widget-divider--view-line elementor-widget elementor-widget-divider\" data-id=\"1c0d951\" data-element_type=\"widget\" data-e-type=\"widget\" data-widget_type=\"divider.default\">\n\t\t\t\t\t\t\t<div class=\"elementor-divider\" style=\"--divider-pattern-url: url(&quot;data:image\/svg+xml,%3Csvg xmlns=&#039;http:\/\/www.w3.org\/2000\/svg&#039; preserveAspectRatio=&#039;none&#039; overflow=&#039;visible&#039; height=&#039;100%&#039; viewBox=&#039;0 0 24 24&#039; fill=&#039;black&#039; stroke=&#039;none&#039;%3E%3Cpath d=&#039;M12.7,2.3c-0.4-0.4-1.1-0.4-1.5,0l-8,9.1c-0.3,0.4-0.3,0.9,0,1.2l8,9.1c0.4,0.4,1.1,0.4,1.5,0l8-9.1c0.3-0.4,0.3-0.9,0-1.2L12.7,2.3z&#039;\/%3E%3C\/svg%3E&quot;);\">\n\t\t\t<span class=\"elementor-divider-separator\">\n\t\t\t\t\t\t<\/span>\n\t\t<\/div>\n\t\t\t\t\t\t<\/div>\n\t\t\t\t<div class=\"elementor-element elementor-element-57bbb1d elementor-widget elementor-widget-shortcode\" data-id=\"57bbb1d\" data-element_type=\"widget\" data-e-type=\"widget\" data-widget_type=\"shortcode.default\">\n\t\t\t\t\t\t\t<div class=\"elementor-shortcode\"><div class=\"woocommerce columns-3 \">\r\n<ul class=\"products oceanwp-row clr grid tablet-col tablet-2-col mobile-col mobile-2-col\">\r\n<li class=\"entry has-media col span_1_of_3 owp-content-center owp-thumbs-layout-vertical owp-btn-big owp-tabs-layout-vertical circle-sale product type-product post-29635 status-publish first instock product_cat-accessori-nascita-ragazza product_cat-accessori-nascita-ragazzo product_cat-accessori-nascita product_cat-accessori-neonata product_cat-accessori-neonati product_cat-accessori-neonato has-post-thumbnail taxable shipping-taxable purchasable product-type-variable has-default-attributes\">\n\t<div class=\"product-inner clr\">\n\t<div class=\"woo-entry-image-swap woo-entry-image clr\">\n\t\t<a href=\"https:\/\/voyagedelabaleine.fr\/it\/prodotto\/set-berretto-e-muffole-bambino-blu-navy\/\" class=\"woocommerce-LoopProduct-link\"><img decoding=\"async\" width=\"600\" height=\"800\" src=\"https:\/\/voyagedelabaleine.fr\/wp-content\/uploads\/2024\/08\/ensemble-bebe-bonnet-moufles-bleu-marine2-fotor-20241010175042-600x800.jpg\" class=\"woo-entry-image-main\" alt=\"Set berretto e muffole bambino &#8211; Blu navy\" itemprop=\"image\" srcset=\"https:\/\/voyagedelabaleine.fr\/wp-content\/uploads\/2024\/08\/ensemble-bebe-bonnet-moufles-bleu-marine2-fotor-20241010175042-600x800.jpg 600w, https:\/\/voyagedelabaleine.fr\/wp-content\/uploads\/2024\/08\/ensemble-bebe-bonnet-moufles-bleu-marine2-fotor-20241010175042-225x300.jpg 225w, https:\/\/voyagedelabaleine.fr\/wp-content\/uploads\/2024\/08\/ensemble-bebe-bonnet-moufles-bleu-marine2-fotor-20241010175042-768x1024.jpg 768w, https:\/\/voyagedelabaleine.fr\/wp-content\/uploads\/2024\/08\/ensemble-bebe-bonnet-moufles-bleu-marine2-fotor-20241010175042.jpg 885w\" sizes=\"(max-width: 600px) 100vw, 600px\" \/><img decoding=\"async\" width=\"600\" height=\"800\" src=\"https:\/\/voyagedelabaleine.fr\/wp-content\/uploads\/2024\/08\/ensemble-bebe-bonnet-moufles-bleu-marine2-fotor-20241010175141-600x800.jpg\" class=\"woo-entry-image-secondary\" alt=\"Set berretto e muffole bambino &#8211; Blu navy\" itemprop=\"image\" srcset=\"https:\/\/voyagedelabaleine.fr\/wp-content\/uploads\/2024\/08\/ensemble-bebe-bonnet-moufles-bleu-marine2-fotor-20241010175141-600x800.jpg 600w, https:\/\/voyagedelabaleine.fr\/wp-content\/uploads\/2024\/08\/ensemble-bebe-bonnet-moufles-bleu-marine2-fotor-20241010175141-225x300.jpg 225w, https:\/\/voyagedelabaleine.fr\/wp-content\/uploads\/2024\/08\/ensemble-bebe-bonnet-moufles-bleu-marine2-fotor-20241010175141-768x1024.jpg 768w, https:\/\/voyagedelabaleine.fr\/wp-content\/uploads\/2024\/08\/ensemble-bebe-bonnet-moufles-bleu-marine2-fotor-20241010175141.jpg 885w\" sizes=\"(max-width: 600px) 100vw, 600px\" \/><\/a>\t<\/div><!-- .woo-entry-image-swap -->\n\n<ul class=\"woo-entry-inner clr\"><li class=\"image-wrap\">\n\t<div class=\"woo-entry-image-swap woo-entry-image clr\">\n\t\t<a href=\"https:\/\/voyagedelabaleine.fr\/it\/prodotto\/set-berretto-e-muffole-bambino-blu-navy\/\" class=\"woocommerce-LoopProduct-link\"><img decoding=\"async\" width=\"600\" height=\"800\" src=\"https:\/\/voyagedelabaleine.fr\/wp-content\/uploads\/2024\/08\/ensemble-bebe-bonnet-moufles-bleu-marine2-fotor-20241010175042-600x800.jpg\" class=\"woo-entry-image-main\" alt=\"Set berretto e muffole bambino &#8211; Blu navy\" itemprop=\"image\" srcset=\"https:\/\/voyagedelabaleine.fr\/wp-content\/uploads\/2024\/08\/ensemble-bebe-bonnet-moufles-bleu-marine2-fotor-20241010175042-600x800.jpg 600w, https:\/\/voyagedelabaleine.fr\/wp-content\/uploads\/2024\/08\/ensemble-bebe-bonnet-moufles-bleu-marine2-fotor-20241010175042-225x300.jpg 225w, https:\/\/voyagedelabaleine.fr\/wp-content\/uploads\/2024\/08\/ensemble-bebe-bonnet-moufles-bleu-marine2-fotor-20241010175042-768x1024.jpg 768w, https:\/\/voyagedelabaleine.fr\/wp-content\/uploads\/2024\/08\/ensemble-bebe-bonnet-moufles-bleu-marine2-fotor-20241010175042.jpg 885w\" sizes=\"(max-width: 600px) 100vw, 600px\" \/><img decoding=\"async\" width=\"600\" height=\"800\" src=\"https:\/\/voyagedelabaleine.fr\/wp-content\/uploads\/2024\/08\/ensemble-bebe-bonnet-moufles-bleu-marine2-fotor-20241010175141-600x800.jpg\" class=\"woo-entry-image-secondary\" alt=\"Set berretto e muffole bambino &#8211; Blu navy\" itemprop=\"image\" srcset=\"https:\/\/voyagedelabaleine.fr\/wp-content\/uploads\/2024\/08\/ensemble-bebe-bonnet-moufles-bleu-marine2-fotor-20241010175141-600x800.jpg 600w, https:\/\/voyagedelabaleine.fr\/wp-content\/uploads\/2024\/08\/ensemble-bebe-bonnet-moufles-bleu-marine2-fotor-20241010175141-225x300.jpg 225w, https:\/\/voyagedelabaleine.fr\/wp-content\/uploads\/2024\/08\/ensemble-bebe-bonnet-moufles-bleu-marine2-fotor-20241010175141-768x1024.jpg 768w, https:\/\/voyagedelabaleine.fr\/wp-content\/uploads\/2024\/08\/ensemble-bebe-bonnet-moufles-bleu-marine2-fotor-20241010175141.jpg 885w\" sizes=\"(max-width: 600px) 100vw, 600px\" \/><\/a>\t<\/div><!-- .woo-entry-image-swap -->\n\n<\/li><li class=\"title\"><h2><a href=\"https:\/\/voyagedelabaleine.fr\/it\/prodotto\/set-berretto-e-muffole-bambino-blu-navy\/\">Set berretto e muffole bambino &#8211; Blu navy<\/a><\/h2><\/li><li class=\"price-wrap\">\n\t<span class=\"price\"><span class=\"woocommerce-Price-amount amount\"><bdi>36<span class=\"woocommerce-Price-currencySymbol\">&euro;<\/span><\/bdi><\/span><\/span>\n<\/li><\/ul><\/div><!-- .product-inner .clr --><\/li>\n<li class=\"entry has-media has-rating col span_1_of_3 owp-content-center owp-thumbs-layout-vertical owp-btn-big owp-tabs-layout-vertical circle-sale product type-product post-30617 status-publish instock product_cat-calze-collant-neonati-bambini product_cat-calzini-collant-nascita product_cat-calzini-collant-nascita-ragazza product_cat-calzini-collant-nascita-ragazzo-2 product_cat-calzini-collant-bambina product_cat-calzini-collant-bambini product_cat-calzini-collant-bambino product_cat-calzini-collant-neonata product_cat-calzini-collant-neonato has-post-thumbnail taxable shipping-taxable purchasable product-type-variable has-default-attributes\">\n\t<div class=\"product-inner clr\">\n\t<div class=\"woo-entry-image-swap woo-entry-image clr\">\n\t\t<a href=\"https:\/\/voyagedelabaleine.fr\/it\/prodotto\/collant-neonato-a-costine-blu-navy\/\" class=\"woocommerce-LoopProduct-link\"><img decoding=\"async\" width=\"600\" height=\"800\" src=\"https:\/\/voyagedelabaleine.fr\/wp-content\/uploads\/2024\/11\/92357-thickbox_default-fotor-20241121232344-600x800.jpg\" class=\"woo-entry-image-main\" alt=\"Collant neonato a costine &#8211; Blu navy\" itemprop=\"image\" srcset=\"https:\/\/voyagedelabaleine.fr\/wp-content\/uploads\/2024\/11\/92357-thickbox_default-fotor-20241121232344-600x800.jpg 600w, https:\/\/voyagedelabaleine.fr\/wp-content\/uploads\/2024\/11\/92357-thickbox_default-fotor-20241121232344-225x300.jpg 225w, https:\/\/voyagedelabaleine.fr\/wp-content\/uploads\/2024\/11\/92357-thickbox_default-fotor-20241121232344-768x1024.jpg 768w, https:\/\/voyagedelabaleine.fr\/wp-content\/uploads\/2024\/11\/92357-thickbox_default-fotor-20241121232344.jpg 800w\" sizes=\"(max-width: 600px) 100vw, 600px\" \/><img decoding=\"async\" width=\"600\" height=\"800\" src=\"https:\/\/voyagedelabaleine.fr\/wp-content\/uploads\/2024\/11\/92357-thickbox_default-fotor-20241121232440-600x800.jpg\" class=\"woo-entry-image-secondary\" alt=\"Collant neonato a costine &#8211; Blu navy\" itemprop=\"image\" srcset=\"https:\/\/voyagedelabaleine.fr\/wp-content\/uploads\/2024\/11\/92357-thickbox_default-fotor-20241121232440-600x800.jpg 600w, https:\/\/voyagedelabaleine.fr\/wp-content\/uploads\/2024\/11\/92357-thickbox_default-fotor-20241121232440-225x300.jpg 225w, https:\/\/voyagedelabaleine.fr\/wp-content\/uploads\/2024\/11\/92357-thickbox_default-fotor-20241121232440-768x1024.jpg 768w, https:\/\/voyagedelabaleine.fr\/wp-content\/uploads\/2024\/11\/92357-thickbox_default-fotor-20241121232440.jpg 800w\" sizes=\"(max-width: 600px) 100vw, 600px\" \/><\/a>\t<\/div><!-- .woo-entry-image-swap -->\n\n<ul class=\"woo-entry-inner clr\"><li class=\"image-wrap\">\n\t<div class=\"woo-entry-image-swap woo-entry-image clr\">\n\t\t<a href=\"https:\/\/voyagedelabaleine.fr\/it\/prodotto\/collant-neonato-a-costine-blu-navy\/\" class=\"woocommerce-LoopProduct-link\"><img decoding=\"async\" width=\"600\" height=\"800\" src=\"https:\/\/voyagedelabaleine.fr\/wp-content\/uploads\/2024\/11\/92357-thickbox_default-fotor-20241121232344-600x800.jpg\" class=\"woo-entry-image-main\" alt=\"Collant neonato a costine &#8211; Blu navy\" itemprop=\"image\" srcset=\"https:\/\/voyagedelabaleine.fr\/wp-content\/uploads\/2024\/11\/92357-thickbox_default-fotor-20241121232344-600x800.jpg 600w, https:\/\/voyagedelabaleine.fr\/wp-content\/uploads\/2024\/11\/92357-thickbox_default-fotor-20241121232344-225x300.jpg 225w, https:\/\/voyagedelabaleine.fr\/wp-content\/uploads\/2024\/11\/92357-thickbox_default-fotor-20241121232344-768x1024.jpg 768w, https:\/\/voyagedelabaleine.fr\/wp-content\/uploads\/2024\/11\/92357-thickbox_default-fotor-20241121232344.jpg 800w\" sizes=\"(max-width: 600px) 100vw, 600px\" \/><img decoding=\"async\" width=\"600\" height=\"800\" src=\"https:\/\/voyagedelabaleine.fr\/wp-content\/uploads\/2024\/11\/92357-thickbox_default-fotor-20241121232440-600x800.jpg\" class=\"woo-entry-image-secondary\" alt=\"Collant neonato a costine &#8211; Blu navy\" itemprop=\"image\" srcset=\"https:\/\/voyagedelabaleine.fr\/wp-content\/uploads\/2024\/11\/92357-thickbox_default-fotor-20241121232440-600x800.jpg 600w, https:\/\/voyagedelabaleine.fr\/wp-content\/uploads\/2024\/11\/92357-thickbox_default-fotor-20241121232440-225x300.jpg 225w, https:\/\/voyagedelabaleine.fr\/wp-content\/uploads\/2024\/11\/92357-thickbox_default-fotor-20241121232440-768x1024.jpg 768w, https:\/\/voyagedelabaleine.fr\/wp-content\/uploads\/2024\/11\/92357-thickbox_default-fotor-20241121232440.jpg 800w\" sizes=\"(max-width: 600px) 100vw, 600px\" \/><\/a>\t<\/div><!-- .woo-entry-image-swap -->\n\n<\/li><li class=\"title\"><h2><a href=\"https:\/\/voyagedelabaleine.fr\/it\/prodotto\/collant-neonato-a-costine-blu-navy\/\">Collant neonato a costine &#8211; Blu navy<\/a><\/h2><\/li><li class=\"price-wrap\">\n\t<span class=\"price\"><span class=\"woocommerce-Price-amount amount\"><bdi>14<span class=\"woocommerce-Price-currencySymbol\">&euro;<\/span><\/bdi><\/span><\/span>\n<\/li><\/ul><\/div><!-- .product-inner .clr --><\/li>\n<li class=\"entry has-media col span_1_of_3 owp-content-center owp-thumbs-layout-vertical owp-btn-big owp-tabs-layout-vertical circle-sale product type-product post-30555 status-publish last instock product_cat-calze-collant-neonati-bambini product_cat-calzini-collant-nascita product_cat-calzini-collant-nascita-ragazza product_cat-calzini-collant-nascita-ragazzo-2 product_cat-calzini-collant-bambina product_cat-calzini-collant-bambini product_cat-calzini-collant-bambino product_cat-calzini-collant-neonata product_cat-calzini-collant-neonato has-post-thumbnail taxable shipping-taxable purchasable product-type-variable has-default-attributes\">\n\t<div class=\"product-inner clr\">\n\t<div class=\"woo-entry-image-swap woo-entry-image clr\">\n\t\t<a href=\"https:\/\/voyagedelabaleine.fr\/it\/prodotto\/collant-neonato-a-costine-verde-abete\/\" class=\"woocommerce-LoopProduct-link\"><img decoding=\"async\" width=\"600\" height=\"800\" src=\"https:\/\/voyagedelabaleine.fr\/wp-content\/uploads\/2024\/11\/collants-bebe-vert-sapin-fotor-20241121121542-600x800.jpg\" class=\"woo-entry-image-main\" alt=\"Collant neonato a costine &#8211; Verde abete\" itemprop=\"image\" srcset=\"https:\/\/voyagedelabaleine.fr\/wp-content\/uploads\/2024\/11\/collants-bebe-vert-sapin-fotor-20241121121542-600x800.jpg 600w, https:\/\/voyagedelabaleine.fr\/wp-content\/uploads\/2024\/11\/collants-bebe-vert-sapin-fotor-20241121121542-225x300.jpg 225w, https:\/\/voyagedelabaleine.fr\/wp-content\/uploads\/2024\/11\/collants-bebe-vert-sapin-fotor-20241121121542-768x1024.jpg 768w, https:\/\/voyagedelabaleine.fr\/wp-content\/uploads\/2024\/11\/collants-bebe-vert-sapin-fotor-20241121121542.jpg 855w\" sizes=\"(max-width: 600px) 100vw, 600px\" \/><img decoding=\"async\" width=\"600\" height=\"800\" src=\"https:\/\/voyagedelabaleine.fr\/wp-content\/uploads\/2024\/11\/92370-thickbox_default-fotor-2024112112161-600x800.jpg\" class=\"woo-entry-image-secondary\" alt=\"Collant neonato a costine &#8211; Verde abete\" itemprop=\"image\" srcset=\"https:\/\/voyagedelabaleine.fr\/wp-content\/uploads\/2024\/11\/92370-thickbox_default-fotor-2024112112161-600x800.jpg 600w, https:\/\/voyagedelabaleine.fr\/wp-content\/uploads\/2024\/11\/92370-thickbox_default-fotor-2024112112161-225x300.jpg 225w, https:\/\/voyagedelabaleine.fr\/wp-content\/uploads\/2024\/11\/92370-thickbox_default-fotor-2024112112161-768x1024.jpg 768w, https:\/\/voyagedelabaleine.fr\/wp-content\/uploads\/2024\/11\/92370-thickbox_default-fotor-2024112112161.jpg 855w\" sizes=\"(max-width: 600px) 100vw, 600px\" \/><\/a>\t<\/div><!-- .woo-entry-image-swap -->\n\n<ul class=\"woo-entry-inner clr\"><li class=\"image-wrap\">\n\t<div class=\"woo-entry-image-swap woo-entry-image clr\">\n\t\t<a href=\"https:\/\/voyagedelabaleine.fr\/it\/prodotto\/collant-neonato-a-costine-verde-abete\/\" class=\"woocommerce-LoopProduct-link\"><img decoding=\"async\" width=\"600\" height=\"800\" src=\"https:\/\/voyagedelabaleine.fr\/wp-content\/uploads\/2024\/11\/collants-bebe-vert-sapin-fotor-20241121121542-600x800.jpg\" class=\"woo-entry-image-main\" alt=\"Collant neonato a costine &#8211; Verde abete\" itemprop=\"image\" srcset=\"https:\/\/voyagedelabaleine.fr\/wp-content\/uploads\/2024\/11\/collants-bebe-vert-sapin-fotor-20241121121542-600x800.jpg 600w, https:\/\/voyagedelabaleine.fr\/wp-content\/uploads\/2024\/11\/collants-bebe-vert-sapin-fotor-20241121121542-225x300.jpg 225w, https:\/\/voyagedelabaleine.fr\/wp-content\/uploads\/2024\/11\/collants-bebe-vert-sapin-fotor-20241121121542-768x1024.jpg 768w, https:\/\/voyagedelabaleine.fr\/wp-content\/uploads\/2024\/11\/collants-bebe-vert-sapin-fotor-20241121121542.jpg 855w\" sizes=\"(max-width: 600px) 100vw, 600px\" \/><img decoding=\"async\" width=\"600\" height=\"800\" src=\"https:\/\/voyagedelabaleine.fr\/wp-content\/uploads\/2024\/11\/92370-thickbox_default-fotor-2024112112161-600x800.jpg\" class=\"woo-entry-image-secondary\" alt=\"Collant neonato a costine &#8211; Verde abete\" itemprop=\"image\" srcset=\"https:\/\/voyagedelabaleine.fr\/wp-content\/uploads\/2024\/11\/92370-thickbox_default-fotor-2024112112161-600x800.jpg 600w, https:\/\/voyagedelabaleine.fr\/wp-content\/uploads\/2024\/11\/92370-thickbox_default-fotor-2024112112161-225x300.jpg 225w, https:\/\/voyagedelabaleine.fr\/wp-content\/uploads\/2024\/11\/92370-thickbox_default-fotor-2024112112161-768x1024.jpg 768w, https:\/\/voyagedelabaleine.fr\/wp-content\/uploads\/2024\/11\/92370-thickbox_default-fotor-2024112112161.jpg 855w\" sizes=\"(max-width: 600px) 100vw, 600px\" \/><\/a>\t<\/div><!-- .woo-entry-image-swap -->\n\n<\/li><li class=\"title\"><h2><a href=\"https:\/\/voyagedelabaleine.fr\/it\/prodotto\/collant-neonato-a-costine-verde-abete\/\">Collant neonato a costine &#8211; Verde abete<\/a><\/h2><\/li><li class=\"price-wrap\">\n\t<span class=\"price\"><span class=\"woocommerce-Price-amount amount\"><bdi>14<span class=\"woocommerce-Price-currencySymbol\">&euro;<\/span><\/bdi><\/span><\/span>\n<\/li><\/ul><\/div><!-- .product-inner .clr --><\/li>\n<\/ul>\n<\/div><\/div>\n\t\t\t\t\t\t<\/div>\n\t\t\t\t<\/div>\n\t\t<div class=\"elementor-element elementor-element-ac04d1b e-con-full e-flex e-con e-parent\" data-id=\"ac04d1b\" data-element_type=\"container\" data-e-type=\"container\">\n\t\t\t\t<div class=\"elementor-element elementor-element-414bcaa elementor-widget-divider--separator-type-pattern elementor-widget-divider--view-line elementor-widget elementor-widget-divider\" data-id=\"414bcaa\" data-element_type=\"widget\" data-e-type=\"widget\" data-widget_type=\"divider.default\">\n\t\t\t\t\t\t\t<div class=\"elementor-divider\" style=\"--divider-pattern-url: url(&quot;data:image\/svg+xml,%3Csvg xmlns=&#039;http:\/\/www.w3.org\/2000\/svg&#039; preserveAspectRatio=&#039;none&#039; overflow=&#039;visible&#039; height=&#039;100%&#039; viewBox=&#039;0 0 24 24&#039; fill=&#039;black&#039; stroke=&#039;none&#039;%3E%3Cpath d=&#039;M12.7,2.3c-0.4-0.4-1.1-0.4-1.5,0l-8,9.1c-0.3,0.4-0.3,0.9,0,1.2l8,9.1c0.4,0.4,1.1,0.4,1.5,0l8-9.1c0.3-0.4,0.3-0.9,0-1.2L12.7,2.3z&#039;\/%3E%3C\/svg%3E&quot;);\">\n\t\t\t<span class=\"elementor-divider-separator\">\n\t\t\t\t\t\t<\/span>\n\t\t<\/div>\n\t\t\t\t\t\t<\/div>\n\t\t\t\t<div class=\"elementor-element elementor-element-86d39cd elementor-widget__width-initial elementor-widget-mobile__width-inherit elementor-widget elementor-widget-shortcode\" data-id=\"86d39cd\" data-element_type=\"widget\" data-e-type=\"widget\" data-widget_type=\"shortcode.default\">\n\t\t\t\t\t\t\t<div class=\"elementor-shortcode\"><div class=\"woocommerce columns-2 \">\r\n<ul class=\"products oceanwp-row clr grid tablet-col tablet-2-col mobile-col mobile-2-col\">\r\n<li class=\"entry has-media col span_1_of_2 owp-content-center owp-thumbs-layout-vertical owp-btn-big owp-tabs-layout-vertical circle-sale product type-product post-31786 status-publish first instock product_cat-body product_cat-body-nascita product_cat-body-nascita-ragazza product_cat-body-nascita-ragazzo product_cat-body-neonati product_cat-body-neonata product_cat-body-neonato has-post-thumbnail taxable shipping-taxable purchasable product-type-variable has-default-attributes\">\n\t<div class=\"product-inner clr\">\n\t<div class=\"woo-entry-image-swap woo-entry-image clr\">\n\t\t<a href=\"https:\/\/voyagedelabaleine.fr\/it\/prodotto\/body-neonato-a-maniche-lunghe-con-colletto-rotondo-ricamato-grigio-bianco\/\" class=\"woocommerce-LoopProduct-link\"><img decoding=\"async\" width=\"600\" height=\"800\" src=\"https:\/\/voyagedelabaleine.fr\/wp-content\/uploads\/2024\/09\/body-bebe-brode-gris-600x800.jpg\" class=\"woo-entry-image-main\" alt=\"Body neonato a maniche lunghe con colletto rotondo ricamato grigio &#8211; Bianco\" itemprop=\"image\" srcset=\"https:\/\/voyagedelabaleine.fr\/wp-content\/uploads\/2024\/09\/body-bebe-brode-gris-600x800.jpg 600w, https:\/\/voyagedelabaleine.fr\/wp-content\/uploads\/2024\/09\/body-bebe-brode-gris-225x300.jpg 225w, https:\/\/voyagedelabaleine.fr\/wp-content\/uploads\/2024\/09\/body-bebe-brode-gris-768x1024.jpg 768w, https:\/\/voyagedelabaleine.fr\/wp-content\/uploads\/2024\/09\/body-bebe-brode-gris.jpg 900w\" sizes=\"(max-width: 600px) 100vw, 600px\" \/><img decoding=\"async\" width=\"600\" height=\"800\" src=\"https:\/\/voyagedelabaleine.fr\/wp-content\/uploads\/2023\/10\/body-bebe-col-brode-gris-600x800.jpg\" class=\"woo-entry-image-secondary\" alt=\"Body neonato a maniche lunghe con colletto rotondo ricamato grigio &#8211; Bianco\" itemprop=\"image\" srcset=\"https:\/\/voyagedelabaleine.fr\/wp-content\/uploads\/2023\/10\/body-bebe-col-brode-gris-600x800.jpg 600w, https:\/\/voyagedelabaleine.fr\/wp-content\/uploads\/2023\/10\/body-bebe-col-brode-gris-225x300.jpg 225w, https:\/\/voyagedelabaleine.fr\/wp-content\/uploads\/2023\/10\/body-bebe-col-brode-gris-768x1024.jpg 768w, https:\/\/voyagedelabaleine.fr\/wp-content\/uploads\/2023\/10\/body-bebe-col-brode-gris.jpg 855w\" sizes=\"(max-width: 600px) 100vw, 600px\" \/><\/a>\t<\/div><!-- .woo-entry-image-swap -->\n\n<ul class=\"woo-entry-inner clr\"><li class=\"image-wrap\">\n\t<div class=\"woo-entry-image-swap woo-entry-image clr\">\n\t\t<a href=\"https:\/\/voyagedelabaleine.fr\/it\/prodotto\/body-neonato-a-maniche-lunghe-con-colletto-rotondo-ricamato-grigio-bianco\/\" class=\"woocommerce-LoopProduct-link\"><img decoding=\"async\" width=\"600\" height=\"800\" src=\"https:\/\/voyagedelabaleine.fr\/wp-content\/uploads\/2024\/09\/body-bebe-brode-gris-600x800.jpg\" class=\"woo-entry-image-main\" alt=\"Body neonato a maniche lunghe con colletto rotondo ricamato grigio &#8211; Bianco\" itemprop=\"image\" srcset=\"https:\/\/voyagedelabaleine.fr\/wp-content\/uploads\/2024\/09\/body-bebe-brode-gris-600x800.jpg 600w, https:\/\/voyagedelabaleine.fr\/wp-content\/uploads\/2024\/09\/body-bebe-brode-gris-225x300.jpg 225w, https:\/\/voyagedelabaleine.fr\/wp-content\/uploads\/2024\/09\/body-bebe-brode-gris-768x1024.jpg 768w, https:\/\/voyagedelabaleine.fr\/wp-content\/uploads\/2024\/09\/body-bebe-brode-gris.jpg 900w\" sizes=\"(max-width: 600px) 100vw, 600px\" \/><img decoding=\"async\" width=\"600\" height=\"800\" src=\"https:\/\/voyagedelabaleine.fr\/wp-content\/uploads\/2023\/10\/body-bebe-col-brode-gris-600x800.jpg\" class=\"woo-entry-image-secondary\" alt=\"Body neonato a maniche lunghe con colletto rotondo ricamato grigio &#8211; Bianco\" itemprop=\"image\" srcset=\"https:\/\/voyagedelabaleine.fr\/wp-content\/uploads\/2023\/10\/body-bebe-col-brode-gris-600x800.jpg 600w, https:\/\/voyagedelabaleine.fr\/wp-content\/uploads\/2023\/10\/body-bebe-col-brode-gris-225x300.jpg 225w, https:\/\/voyagedelabaleine.fr\/wp-content\/uploads\/2023\/10\/body-bebe-col-brode-gris-768x1024.jpg 768w, https:\/\/voyagedelabaleine.fr\/wp-content\/uploads\/2023\/10\/body-bebe-col-brode-gris.jpg 855w\" sizes=\"(max-width: 600px) 100vw, 600px\" \/><\/a>\t<\/div><!-- .woo-entry-image-swap -->\n\n<\/li><li class=\"title\"><h2><a href=\"https:\/\/voyagedelabaleine.fr\/it\/prodotto\/body-neonato-a-maniche-lunghe-con-colletto-rotondo-ricamato-grigio-bianco\/\">Body neonato a maniche lunghe con colletto rotondo ricamato grigio &#8211; Bianco<\/a><\/h2><\/li><li class=\"price-wrap\">\n\t<span class=\"price\"><span class=\"woocommerce-Price-amount amount\"><bdi>24<span class=\"woocommerce-Price-currencySymbol\">&euro;<\/span><\/bdi><\/span><\/span>\n<\/li><\/ul><\/div><!-- .product-inner .clr --><\/li>\n<li class=\"entry has-media col span_1_of_2 owp-content-center owp-thumbs-layout-vertical owp-btn-big owp-tabs-layout-vertical circle-sale product type-product post-32181 status-publish last instock product_cat-abbigliamento product_cat-bloomer-short-pantaloni-nascita product_cat-bloomer-short-pantaloni-nascita-ragazza product_cat-bloomer-short-pantaloni-neonata product_cat-bloomer-short-pantaloni-neonati product_cat-bloomer-short-pantaloni-neonato product_cat-completi-nascita product_cat-completi-nascita-ragazza product_cat-completi-nascita-ragazzo product_cat-completi-neonata product_cat-completi-neonati product_cat-completi-neonato product_cat-maglione-gilet-cardigan-nascita product_cat-maglione-gilet-cardigan-nascita-ragazza product_cat-maglione-gilet-cardigan-nascita-ragazzo product_cat-maglione-gilet-cardigan-neonata product_cat-maglione-gilet-cardigan-neonati product_cat-maglione-gilet-cardigan-neonato product_cat-ultima-occasione has-post-thumbnail taxable shipping-taxable purchasable product-type-variable has-default-attributes\">\n\t<div class=\"product-inner clr\">\n\t<div class=\"woo-entry-image-swap woo-entry-image clr\">\n\t\t<a href=\"https:\/\/voyagedelabaleine.fr\/it\/prodotto\/completo-nascita-lavorato-a-maglia-in-lana-merino-grigio\/\" class=\"woocommerce-LoopProduct-link\"><img decoding=\"async\" width=\"600\" height=\"800\" src=\"https:\/\/voyagedelabaleine.fr\/wp-content\/uploads\/2024\/09\/ensemble-naissance-laine-merinos-gris-2-600x800.jpg\" class=\"woo-entry-image-main\" alt=\"Completo nascita lavorato a maglia in lana merino &#8211; Grigio\" itemprop=\"image\" srcset=\"https:\/\/voyagedelabaleine.fr\/wp-content\/uploads\/2024\/09\/ensemble-naissance-laine-merinos-gris-2-600x799.jpg 600w, https:\/\/voyagedelabaleine.fr\/wp-content\/uploads\/2024\/09\/ensemble-naissance-laine-merinos-gris-2-225x300.jpg 225w, https:\/\/voyagedelabaleine.fr\/wp-content\/uploads\/2024\/09\/ensemble-naissance-laine-merinos-gris-2-768x1023.jpg 768w, https:\/\/voyagedelabaleine.fr\/wp-content\/uploads\/2024\/09\/ensemble-naissance-laine-merinos-gris-2-769x1024.jpg 769w, https:\/\/voyagedelabaleine.fr\/wp-content\/uploads\/2024\/09\/ensemble-naissance-laine-merinos-gris-2-1153x1536.jpg 1153w, https:\/\/voyagedelabaleine.fr\/wp-content\/uploads\/2024\/09\/ensemble-naissance-laine-merinos-gris-2.jpg 1166w\" sizes=\"(max-width: 600px) 100vw, 600px\" \/><img decoding=\"async\" width=\"600\" height=\"800\" src=\"https:\/\/voyagedelabaleine.fr\/wp-content\/uploads\/2024\/09\/ensemble-naissance-laine-merinos-gris-1-600x800.jpg\" class=\"woo-entry-image-secondary\" alt=\"Completo nascita lavorato a maglia in lana merino &#8211; Grigio\" itemprop=\"image\" \/><\/a>\t<\/div><!-- .woo-entry-image-swap -->\n\n<ul class=\"woo-entry-inner clr\"><li class=\"image-wrap\">\n\t<div class=\"woo-entry-image-swap woo-entry-image clr\">\n\t\t<a href=\"https:\/\/voyagedelabaleine.fr\/it\/prodotto\/completo-nascita-lavorato-a-maglia-in-lana-merino-grigio\/\" class=\"woocommerce-LoopProduct-link\"><img decoding=\"async\" width=\"600\" height=\"800\" src=\"https:\/\/voyagedelabaleine.fr\/wp-content\/uploads\/2024\/09\/ensemble-naissance-laine-merinos-gris-2-600x800.jpg\" class=\"woo-entry-image-main\" alt=\"Completo nascita lavorato a maglia in lana merino &#8211; Grigio\" itemprop=\"image\" srcset=\"https:\/\/voyagedelabaleine.fr\/wp-content\/uploads\/2024\/09\/ensemble-naissance-laine-merinos-gris-2-600x799.jpg 600w, https:\/\/voyagedelabaleine.fr\/wp-content\/uploads\/2024\/09\/ensemble-naissance-laine-merinos-gris-2-225x300.jpg 225w, https:\/\/voyagedelabaleine.fr\/wp-content\/uploads\/2024\/09\/ensemble-naissance-laine-merinos-gris-2-768x1023.jpg 768w, https:\/\/voyagedelabaleine.fr\/wp-content\/uploads\/2024\/09\/ensemble-naissance-laine-merinos-gris-2-769x1024.jpg 769w, https:\/\/voyagedelabaleine.fr\/wp-content\/uploads\/2024\/09\/ensemble-naissance-laine-merinos-gris-2-1153x1536.jpg 1153w, https:\/\/voyagedelabaleine.fr\/wp-content\/uploads\/2024\/09\/ensemble-naissance-laine-merinos-gris-2.jpg 1166w\" sizes=\"(max-width: 600px) 100vw, 600px\" \/><img decoding=\"async\" width=\"600\" height=\"800\" src=\"https:\/\/voyagedelabaleine.fr\/wp-content\/uploads\/2024\/09\/ensemble-naissance-laine-merinos-gris-1-600x800.jpg\" class=\"woo-entry-image-secondary\" alt=\"Completo nascita lavorato a maglia in lana merino &#8211; Grigio\" itemprop=\"image\" \/><\/a>\t<\/div><!-- .woo-entry-image-swap -->\n\n<\/li><li class=\"title\"><h2><a href=\"https:\/\/voyagedelabaleine.fr\/it\/prodotto\/completo-nascita-lavorato-a-maglia-in-lana-merino-grigio\/\">Completo nascita lavorato a maglia in lana merino &#8211; Grigio<\/a><\/h2><\/li><li class=\"price-wrap\">\n\t<span class=\"price\"><span class=\"woocommerce-Price-amount amount\"><bdi>66<span class=\"woocommerce-Price-currencySymbol\">&euro;<\/span><\/bdi><\/span><\/span>\n<\/li><\/ul><\/div><!-- .product-inner .clr --><\/li>\n<\/ul>\n<\/div><\/div>\n\t\t\t\t\t\t<\/div>\n\t\t\t\t<\/div>\n\t\t<div class=\"elementor-element elementor-element-826dc7d e-con-full e-flex e-con e-parent\" data-id=\"826dc7d\" data-element_type=\"container\" data-e-type=\"container\">\n\t\t\t\t<div class=\"elementor-element elementor-element-40c0fbd elementor-widget-divider--separator-type-pattern elementor-widget-divider--view-line elementor-widget elementor-widget-divider\" data-id=\"40c0fbd\" data-element_type=\"widget\" data-e-type=\"widget\" data-widget_type=\"divider.default\">\n\t\t\t\t\t\t\t<div class=\"elementor-divider\" style=\"--divider-pattern-url: url(&quot;data:image\/svg+xml,%3Csvg xmlns=&#039;http:\/\/www.w3.org\/2000\/svg&#039; preserveAspectRatio=&#039;none&#039; overflow=&#039;visible&#039; height=&#039;100%&#039; viewBox=&#039;0 0 24 24&#039; fill=&#039;black&#039; stroke=&#039;none&#039;%3E%3Cpath d=&#039;M12.7,2.3c-0.4-0.4-1.1-0.4-1.5,0l-8,9.1c-0.3,0.4-0.3,0.9,0,1.2l8,9.1c0.4,0.4,1.1,0.4,1.5,0l8-9.1c0.3-0.4,0.3-0.9,0-1.2L12.7,2.3z&#039;\/%3E%3C\/svg%3E&quot;);\">\n\t\t\t<span class=\"elementor-divider-separator\">\n\t\t\t\t\t\t<\/span>\n\t\t<\/div>\n\t\t\t\t\t\t<\/div>\n\t\t\t\t<div class=\"elementor-element elementor-element-1ed5f0b elementor-widget__width-initial elementor-widget-mobile__width-inherit elementor-widget elementor-widget-shortcode\" data-id=\"1ed5f0b\" data-element_type=\"widget\" data-e-type=\"widget\" data-widget_type=\"shortcode.default\">\n\t\t\t\t\t\t\t<div class=\"elementor-shortcode\"><div class=\"woocommerce columns-2 \">\r\n<ul class=\"products oceanwp-row clr grid tablet-col tablet-2-col mobile-col mobile-2-col\">\r\n<li class=\"entry has-media has-rating col span_1_of_2 owp-content-center owp-thumbs-layout-vertical owp-btn-big owp-tabs-layout-vertical circle-sale product type-product post-31715 status-publish first instock product_cat-abbigliamento product_cat-pagliaccetto-salopette-nascita product_cat-pagliaccetto-salopette-nascita-ragazza product_cat-pagliaccetto-salopette-nascita-ragazzo product_cat-pagliaccetto-salopette-neonata product_cat-pagliaccetto-salopette-neonati product_cat-pagliaccetto-salopette-neonato has-post-thumbnail taxable shipping-taxable purchasable product-type-variable has-default-attributes\">\n\t<div class=\"product-inner clr\">\n\t<div class=\"woo-entry-image-swap woo-entry-image clr\">\n\t\t<a href=\"https:\/\/voyagedelabaleine.fr\/it\/prodotto\/pagliaccetto-neonato-a-quadri-in-cotone-caldo\/\" class=\"woocommerce-LoopProduct-link\"><img decoding=\"async\" width=\"600\" height=\"800\" src=\"https:\/\/voyagedelabaleine.fr\/wp-content\/uploads\/2025\/02\/barboteuse-carreaux-600x800.jpg\" class=\"woo-entry-image-main\" alt=\"Pagliaccetto neonato a quadri in cotone caldo\" itemprop=\"image\" srcset=\"https:\/\/voyagedelabaleine.fr\/wp-content\/uploads\/2025\/02\/barboteuse-carreaux-600x800.jpg 600w, https:\/\/voyagedelabaleine.fr\/wp-content\/uploads\/2025\/02\/barboteuse-carreaux-225x300.jpg 225w, https:\/\/voyagedelabaleine.fr\/wp-content\/uploads\/2025\/02\/barboteuse-carreaux-768x1024.jpg 768w, https:\/\/voyagedelabaleine.fr\/wp-content\/uploads\/2025\/02\/barboteuse-carreaux-1152x1536.jpg 1152w, https:\/\/voyagedelabaleine.fr\/wp-content\/uploads\/2025\/02\/barboteuse-carreaux.jpg 1200w\" sizes=\"(max-width: 600px) 100vw, 600px\" \/><img decoding=\"async\" width=\"600\" height=\"800\" src=\"https:\/\/voyagedelabaleine.fr\/wp-content\/uploads\/2024\/09\/barboteuse-carreaux-3-600x800.jpg\" class=\"woo-entry-image-secondary\" alt=\"Pagliaccetto neonato a quadri in cotone caldo\" itemprop=\"image\" srcset=\"https:\/\/voyagedelabaleine.fr\/wp-content\/uploads\/2024\/09\/barboteuse-carreaux-3-600x800.jpg 600w, https:\/\/voyagedelabaleine.fr\/wp-content\/uploads\/2024\/09\/barboteuse-carreaux-3-225x300.jpg 225w, https:\/\/voyagedelabaleine.fr\/wp-content\/uploads\/2024\/09\/barboteuse-carreaux-3-768x1024.jpg 768w, https:\/\/voyagedelabaleine.fr\/wp-content\/uploads\/2024\/09\/barboteuse-carreaux-3-1152x1536.jpg 1152w, https:\/\/voyagedelabaleine.fr\/wp-content\/uploads\/2024\/09\/barboteuse-carreaux-3.jpg 1200w\" sizes=\"(max-width: 600px) 100vw, 600px\" \/><\/a>\t<\/div><!-- .woo-entry-image-swap -->\n\n<ul class=\"woo-entry-inner clr\"><li class=\"image-wrap\">\n\t<div class=\"woo-entry-image-swap woo-entry-image clr\">\n\t\t<a href=\"https:\/\/voyagedelabaleine.fr\/it\/prodotto\/pagliaccetto-neonato-a-quadri-in-cotone-caldo\/\" class=\"woocommerce-LoopProduct-link\"><img decoding=\"async\" width=\"600\" height=\"800\" src=\"https:\/\/voyagedelabaleine.fr\/wp-content\/uploads\/2025\/02\/barboteuse-carreaux-600x800.jpg\" class=\"woo-entry-image-main\" alt=\"Pagliaccetto neonato a quadri in cotone caldo\" itemprop=\"image\" srcset=\"https:\/\/voyagedelabaleine.fr\/wp-content\/uploads\/2025\/02\/barboteuse-carreaux-600x800.jpg 600w, https:\/\/voyagedelabaleine.fr\/wp-content\/uploads\/2025\/02\/barboteuse-carreaux-225x300.jpg 225w, https:\/\/voyagedelabaleine.fr\/wp-content\/uploads\/2025\/02\/barboteuse-carreaux-768x1024.jpg 768w, https:\/\/voyagedelabaleine.fr\/wp-content\/uploads\/2025\/02\/barboteuse-carreaux-1152x1536.jpg 1152w, https:\/\/voyagedelabaleine.fr\/wp-content\/uploads\/2025\/02\/barboteuse-carreaux.jpg 1200w\" sizes=\"(max-width: 600px) 100vw, 600px\" \/><img decoding=\"async\" width=\"600\" height=\"800\" src=\"https:\/\/voyagedelabaleine.fr\/wp-content\/uploads\/2024\/09\/barboteuse-carreaux-3-600x800.jpg\" class=\"woo-entry-image-secondary\" alt=\"Pagliaccetto neonato a quadri in cotone caldo\" itemprop=\"image\" srcset=\"https:\/\/voyagedelabaleine.fr\/wp-content\/uploads\/2024\/09\/barboteuse-carreaux-3-600x800.jpg 600w, https:\/\/voyagedelabaleine.fr\/wp-content\/uploads\/2024\/09\/barboteuse-carreaux-3-225x300.jpg 225w, https:\/\/voyagedelabaleine.fr\/wp-content\/uploads\/2024\/09\/barboteuse-carreaux-3-768x1024.jpg 768w, https:\/\/voyagedelabaleine.fr\/wp-content\/uploads\/2024\/09\/barboteuse-carreaux-3-1152x1536.jpg 1152w, https:\/\/voyagedelabaleine.fr\/wp-content\/uploads\/2024\/09\/barboteuse-carreaux-3.jpg 1200w\" sizes=\"(max-width: 600px) 100vw, 600px\" \/><\/a>\t<\/div><!-- .woo-entry-image-swap -->\n\n<\/li><li class=\"title\"><h2><a href=\"https:\/\/voyagedelabaleine.fr\/it\/prodotto\/pagliaccetto-neonato-a-quadri-in-cotone-caldo\/\">Pagliaccetto neonato a quadri in cotone caldo<\/a><\/h2><\/li><li class=\"price-wrap\">\n\t<span class=\"price\"><span class=\"woocommerce-Price-amount amount\"><bdi>56<span class=\"woocommerce-Price-currencySymbol\">&euro;<\/span><\/bdi><\/span><\/span>\n<\/li><\/ul><\/div><!-- .product-inner .clr --><\/li>\n<li class=\"entry has-media has-rating col span_1_of_2 owp-content-center owp-thumbs-layout-vertical owp-btn-big owp-tabs-layout-vertical circle-sale product type-product post-33520 status-publish last instock product_cat-calze-collant-neonati-bambini product_cat-calzini-collant-nascita product_cat-calzini-collant-nascita-ragazza product_cat-calzini-collant-nascita-ragazzo-2 product_cat-calzini-collant-bambina product_cat-calzini-collant-bambini product_cat-calzini-collant-bambino product_cat-calzini-collant-neonata product_cat-calzini-collant-neonato product_tag-collant has-post-thumbnail featured taxable shipping-taxable purchasable product-type-variable has-default-attributes\">\n\t<div class=\"product-inner clr\">\n\t<div class=\"woo-entry-image-swap woo-entry-image clr\">\n\t\t<a href=\"https:\/\/voyagedelabaleine.fr\/it\/prodotto\/collant-neonato-a-costine-verde-chiaro\/\" class=\"woocommerce-LoopProduct-link\"><img decoding=\"async\" width=\"600\" height=\"800\" src=\"https:\/\/voyagedelabaleine.fr\/wp-content\/uploads\/2024\/09\/collant-bebe-cotele-vert-pale-1-1-600x800.jpg\" class=\"woo-entry-image-main\" alt=\"Collant neonato a costine &#8211; Verde chiaro\" itemprop=\"image\" srcset=\"https:\/\/voyagedelabaleine.fr\/wp-content\/uploads\/2024\/09\/collant-bebe-cotele-vert-pale-1-1-600x800.jpg 600w, https:\/\/voyagedelabaleine.fr\/wp-content\/uploads\/2024\/09\/collant-bebe-cotele-vert-pale-1-1-225x300.jpg 225w, https:\/\/voyagedelabaleine.fr\/wp-content\/uploads\/2024\/09\/collant-bebe-cotele-vert-pale-1-1-768x1024.jpg 768w, https:\/\/voyagedelabaleine.fr\/wp-content\/uploads\/2024\/09\/collant-bebe-cotele-vert-pale-1-1.jpg 855w\" sizes=\"(max-width: 600px) 100vw, 600px\" \/><img decoding=\"async\" width=\"600\" height=\"800\" src=\"https:\/\/voyagedelabaleine.fr\/wp-content\/uploads\/2024\/09\/collant-bebe-cotele-vert-pale-2-1-600x800.jpg\" class=\"woo-entry-image-secondary\" alt=\"Collant neonato a costine &#8211; Verde chiaro\" itemprop=\"image\" srcset=\"https:\/\/voyagedelabaleine.fr\/wp-content\/uploads\/2024\/09\/collant-bebe-cotele-vert-pale-2-1-600x800.jpg 600w, https:\/\/voyagedelabaleine.fr\/wp-content\/uploads\/2024\/09\/collant-bebe-cotele-vert-pale-2-1-225x300.jpg 225w, https:\/\/voyagedelabaleine.fr\/wp-content\/uploads\/2024\/09\/collant-bebe-cotele-vert-pale-2-1-768x1024.jpg 768w, https:\/\/voyagedelabaleine.fr\/wp-content\/uploads\/2024\/09\/collant-bebe-cotele-vert-pale-2-1.jpg 855w\" sizes=\"(max-width: 600px) 100vw, 600px\" \/><\/a>\t<\/div><!-- .woo-entry-image-swap -->\n\n<ul class=\"woo-entry-inner clr\"><li class=\"image-wrap\">\n\t<div class=\"woo-entry-image-swap woo-entry-image clr\">\n\t\t<a href=\"https:\/\/voyagedelabaleine.fr\/it\/prodotto\/collant-neonato-a-costine-verde-chiaro\/\" class=\"woocommerce-LoopProduct-link\"><img decoding=\"async\" width=\"600\" height=\"800\" src=\"https:\/\/voyagedelabaleine.fr\/wp-content\/uploads\/2024\/09\/collant-bebe-cotele-vert-pale-1-1-600x800.jpg\" class=\"woo-entry-image-main\" alt=\"Collant neonato a costine &#8211; Verde chiaro\" itemprop=\"image\" srcset=\"https:\/\/voyagedelabaleine.fr\/wp-content\/uploads\/2024\/09\/collant-bebe-cotele-vert-pale-1-1-600x800.jpg 600w, https:\/\/voyagedelabaleine.fr\/wp-content\/uploads\/2024\/09\/collant-bebe-cotele-vert-pale-1-1-225x300.jpg 225w, https:\/\/voyagedelabaleine.fr\/wp-content\/uploads\/2024\/09\/collant-bebe-cotele-vert-pale-1-1-768x1024.jpg 768w, https:\/\/voyagedelabaleine.fr\/wp-content\/uploads\/2024\/09\/collant-bebe-cotele-vert-pale-1-1.jpg 855w\" sizes=\"(max-width: 600px) 100vw, 600px\" \/><img decoding=\"async\" width=\"600\" height=\"800\" src=\"https:\/\/voyagedelabaleine.fr\/wp-content\/uploads\/2024\/09\/collant-bebe-cotele-vert-pale-2-1-600x800.jpg\" class=\"woo-entry-image-secondary\" alt=\"Collant neonato a costine &#8211; Verde chiaro\" itemprop=\"image\" srcset=\"https:\/\/voyagedelabaleine.fr\/wp-content\/uploads\/2024\/09\/collant-bebe-cotele-vert-pale-2-1-600x800.jpg 600w, https:\/\/voyagedelabaleine.fr\/wp-content\/uploads\/2024\/09\/collant-bebe-cotele-vert-pale-2-1-225x300.jpg 225w, https:\/\/voyagedelabaleine.fr\/wp-content\/uploads\/2024\/09\/collant-bebe-cotele-vert-pale-2-1-768x1024.jpg 768w, https:\/\/voyagedelabaleine.fr\/wp-content\/uploads\/2024\/09\/collant-bebe-cotele-vert-pale-2-1.jpg 855w\" sizes=\"(max-width: 600px) 100vw, 600px\" \/><\/a>\t<\/div><!-- .woo-entry-image-swap -->\n\n<\/li><li class=\"title\"><h2><a href=\"https:\/\/voyagedelabaleine.fr\/it\/prodotto\/collant-neonato-a-costine-verde-chiaro\/\">Collant neonato a costine &#8211; Verde chiaro<\/a><\/h2><\/li><li class=\"price-wrap\">\n\t<span class=\"price\"><span class=\"woocommerce-Price-amount amount\"><bdi>14<span class=\"woocommerce-Price-currencySymbol\">&euro;<\/span><\/bdi><\/span><\/span>\n<\/li><\/ul><\/div><!-- .product-inner .clr --><\/li>\n<\/ul>\n<\/div><\/div>\n\t\t\t\t\t\t<\/div>\n\t\t\t\t<\/div>\n\t\t<div class=\"elementor-element elementor-element-cdae231 e-con-full e-flex e-con e-parent\" data-id=\"cdae231\" data-element_type=\"container\" data-e-type=\"container\">\n\t\t\t\t<div class=\"elementor-element elementor-element-85ec2f3 elementor-widget-divider--separator-type-pattern elementor-widget-divider--view-line elementor-widget elementor-widget-divider\" data-id=\"85ec2f3\" data-element_type=\"widget\" data-e-type=\"widget\" data-widget_type=\"divider.default\">\n\t\t\t\t\t\t\t<div class=\"elementor-divider\" style=\"--divider-pattern-url: url(&quot;data:image\/svg+xml,%3Csvg xmlns=&#039;http:\/\/www.w3.org\/2000\/svg&#039; preserveAspectRatio=&#039;none&#039; overflow=&#039;visible&#039; height=&#039;100%&#039; viewBox=&#039;0 0 24 24&#039; fill=&#039;black&#039; stroke=&#039;none&#039;%3E%3Cpath d=&#039;M12.7,2.3c-0.4-0.4-1.1-0.4-1.5,0l-8,9.1c-0.3,0.4-0.3,0.9,0,1.2l8,9.1c0.4,0.4,1.1,0.4,1.5,0l8-9.1c0.3-0.4,0.3-0.9,0-1.2L12.7,2.3z&#039;\/%3E%3C\/svg%3E&quot;);\">\n\t\t\t<span class=\"elementor-divider-separator\">\n\t\t\t\t\t\t<\/span>\n\t\t<\/div>\n\t\t\t\t\t\t<\/div>\n\t\t\t\t<div class=\"elementor-element elementor-element-827b9d7 elementor-widget__width-initial elementor-widget-mobile__width-inherit elementor-widget elementor-widget-shortcode\" data-id=\"827b9d7\" data-element_type=\"widget\" data-e-type=\"widget\" data-widget_type=\"shortcode.default\">\n\t\t\t\t\t\t\t<div class=\"elementor-shortcode\"><div class=\"woocommerce columns-2 \">\r\n<ul class=\"products oceanwp-row clr grid tablet-col tablet-2-col mobile-col mobile-2-col\">\r\n<li class=\"entry has-media has-rating col span_1_of_2 owp-content-center owp-thumbs-layout-vertical owp-btn-big owp-tabs-layout-vertical circle-sale product type-product post-31109 status-publish first instock product_cat-abbigliamento product_cat-maglione-irlandese-neonati-bambini product_cat-maglione-gilet-cardigan-bambini product_cat-maglione-gilet-cardigan-bambino product_cat-maglione-gilet-cardigan-neonati product_cat-maglione-gilet-cardigan-neonato has-post-thumbnail taxable shipping-taxable purchasable product-type-variable has-default-attributes\">\n\t<div class=\"product-inner clr\">\n\t<div class=\"woo-entry-image-swap woo-entry-image clr\">\n\t\t<a href=\"https:\/\/voyagedelabaleine.fr\/it\/prodotto\/cardigan-per-neonato-con-collo-a-scialle-pura-lana-merino-oatmeal\/\" class=\"woocommerce-LoopProduct-link\"><img decoding=\"async\" width=\"600\" height=\"800\" src=\"https:\/\/voyagedelabaleine.fr\/wp-content\/uploads\/2024\/09\/pull-col-chale-oatmeal-2-600x800.jpg\" class=\"woo-entry-image-main\" alt=\"Cardigan per neonato con collo a scialle &#8211; Pura lana merino &#8211; Oatmeal\" itemprop=\"image\" srcset=\"https:\/\/voyagedelabaleine.fr\/wp-content\/uploads\/2024\/09\/pull-col-chale-oatmeal-2-600x800.jpg 600w, https:\/\/voyagedelabaleine.fr\/wp-content\/uploads\/2024\/09\/pull-col-chale-oatmeal-2-225x300.jpg 225w, https:\/\/voyagedelabaleine.fr\/wp-content\/uploads\/2024\/09\/pull-col-chale-oatmeal-2-768x1024.jpg 768w, https:\/\/voyagedelabaleine.fr\/wp-content\/uploads\/2024\/09\/pull-col-chale-oatmeal-2-1152x1536.jpg 1152w, https:\/\/voyagedelabaleine.fr\/wp-content\/uploads\/2024\/09\/pull-col-chale-oatmeal-2.jpg 1200w\" sizes=\"(max-width: 600px) 100vw, 600px\" \/><img decoding=\"async\" width=\"600\" height=\"800\" src=\"https:\/\/voyagedelabaleine.fr\/wp-content\/uploads\/2024\/09\/pull-col-chale-oatmeal-600x800.jpg\" class=\"woo-entry-image-secondary\" alt=\"Cardigan per neonato con collo a scialle &#8211; Pura lana merino &#8211; Oatmeal\" itemprop=\"image\" srcset=\"https:\/\/voyagedelabaleine.fr\/wp-content\/uploads\/2024\/09\/pull-col-chale-oatmeal-600x800.jpg 600w, https:\/\/voyagedelabaleine.fr\/wp-content\/uploads\/2024\/09\/pull-col-chale-oatmeal-225x300.jpg 225w, https:\/\/voyagedelabaleine.fr\/wp-content\/uploads\/2024\/09\/pull-col-chale-oatmeal-768x1023.jpg 768w, https:\/\/voyagedelabaleine.fr\/wp-content\/uploads\/2024\/09\/pull-col-chale-oatmeal-1153x1536.jpg 1153w, https:\/\/voyagedelabaleine.fr\/wp-content\/uploads\/2024\/09\/pull-col-chale-oatmeal.jpg 1200w\" sizes=\"(max-width: 600px) 100vw, 600px\" \/><\/a>\t<\/div><!-- .woo-entry-image-swap -->\n\n<ul class=\"woo-entry-inner clr\"><li class=\"image-wrap\">\n\t<div class=\"woo-entry-image-swap woo-entry-image clr\">\n\t\t<a href=\"https:\/\/voyagedelabaleine.fr\/it\/prodotto\/cardigan-per-neonato-con-collo-a-scialle-pura-lana-merino-oatmeal\/\" class=\"woocommerce-LoopProduct-link\"><img decoding=\"async\" width=\"600\" height=\"800\" src=\"https:\/\/voyagedelabaleine.fr\/wp-content\/uploads\/2024\/09\/pull-col-chale-oatmeal-2-600x800.jpg\" class=\"woo-entry-image-main\" alt=\"Cardigan per neonato con collo a scialle &#8211; Pura lana merino &#8211; Oatmeal\" itemprop=\"image\" srcset=\"https:\/\/voyagedelabaleine.fr\/wp-content\/uploads\/2024\/09\/pull-col-chale-oatmeal-2-600x800.jpg 600w, https:\/\/voyagedelabaleine.fr\/wp-content\/uploads\/2024\/09\/pull-col-chale-oatmeal-2-225x300.jpg 225w, https:\/\/voyagedelabaleine.fr\/wp-content\/uploads\/2024\/09\/pull-col-chale-oatmeal-2-768x1024.jpg 768w, https:\/\/voyagedelabaleine.fr\/wp-content\/uploads\/2024\/09\/pull-col-chale-oatmeal-2-1152x1536.jpg 1152w, https:\/\/voyagedelabaleine.fr\/wp-content\/uploads\/2024\/09\/pull-col-chale-oatmeal-2.jpg 1200w\" sizes=\"(max-width: 600px) 100vw, 600px\" \/><img decoding=\"async\" width=\"600\" height=\"800\" src=\"https:\/\/voyagedelabaleine.fr\/wp-content\/uploads\/2024\/09\/pull-col-chale-oatmeal-600x800.jpg\" class=\"woo-entry-image-secondary\" alt=\"Cardigan per neonato con collo a scialle &#8211; Pura lana merino &#8211; Oatmeal\" itemprop=\"image\" srcset=\"https:\/\/voyagedelabaleine.fr\/wp-content\/uploads\/2024\/09\/pull-col-chale-oatmeal-600x800.jpg 600w, https:\/\/voyagedelabaleine.fr\/wp-content\/uploads\/2024\/09\/pull-col-chale-oatmeal-225x300.jpg 225w, https:\/\/voyagedelabaleine.fr\/wp-content\/uploads\/2024\/09\/pull-col-chale-oatmeal-768x1023.jpg 768w, https:\/\/voyagedelabaleine.fr\/wp-content\/uploads\/2024\/09\/pull-col-chale-oatmeal-1153x1536.jpg 1153w, https:\/\/voyagedelabaleine.fr\/wp-content\/uploads\/2024\/09\/pull-col-chale-oatmeal.jpg 1200w\" sizes=\"(max-width: 600px) 100vw, 600px\" \/><\/a>\t<\/div><!-- .woo-entry-image-swap -->\n\n<\/li><li class=\"title\"><h2><a href=\"https:\/\/voyagedelabaleine.fr\/it\/prodotto\/cardigan-per-neonato-con-collo-a-scialle-pura-lana-merino-oatmeal\/\">Cardigan per neonato con collo a scialle &#8211; Pura lana merino &#8211; Oatmeal<\/a><\/h2><\/li><li class=\"price-wrap\">\n\t<span class=\"price\"><span class=\"woocommerce-Price-amount amount\"><bdi>68<span class=\"woocommerce-Price-currencySymbol\">&euro;<\/span><\/bdi><\/span><\/span>\n<\/li><\/ul><\/div><!-- .product-inner .clr --><\/li>\n<li class=\"entry has-media has-rating col span_1_of_2 owp-content-center owp-thumbs-layout-vertical owp-btn-big owp-tabs-layout-vertical circle-sale product type-product post-31060 status-publish last instock product_cat-abbigliamento product_cat-maglione-irlandese-neonati-bambini product_cat-maglione-gilet-cardigan-bambini product_cat-maglione-gilet-cardigan-bambino product_cat-maglione-gilet-cardigan-neonati product_cat-maglione-gilet-cardigan-neonato has-post-thumbnail taxable shipping-taxable purchasable product-type-variable has-default-attributes\">\n\t<div class=\"product-inner clr\">\n\t<div class=\"woo-entry-image-swap woo-entry-image clr\">\n\t\t<a href=\"https:\/\/voyagedelabaleine.fr\/it\/prodotto\/maglioncino-neonato-maschio-con-zip-pura-lana-merino-verde\/\" class=\"woocommerce-LoopProduct-link\"><img decoding=\"async\" width=\"600\" height=\"800\" src=\"https:\/\/voyagedelabaleine.fr\/wp-content\/uploads\/2025\/02\/pull-bebe-laine-merinos-vert-zip-600x800.jpg\" class=\"woo-entry-image-main\" alt=\"Maglioncino neonato maschio con zip &#8211; Pura lana merino &#8211; Verde\" itemprop=\"image\" srcset=\"https:\/\/voyagedelabaleine.fr\/wp-content\/uploads\/2025\/02\/pull-bebe-laine-merinos-vert-zip-600x800.jpg 600w, https:\/\/voyagedelabaleine.fr\/wp-content\/uploads\/2025\/02\/pull-bebe-laine-merinos-vert-zip-225x300.jpg 225w, https:\/\/voyagedelabaleine.fr\/wp-content\/uploads\/2025\/02\/pull-bebe-laine-merinos-vert-zip-768x1024.jpg 768w, https:\/\/voyagedelabaleine.fr\/wp-content\/uploads\/2025\/02\/pull-bebe-laine-merinos-vert-zip.jpg 1000w\" sizes=\"(max-width: 600px) 100vw, 600px\" \/><img decoding=\"async\" width=\"600\" height=\"800\" src=\"https:\/\/voyagedelabaleine.fr\/wp-content\/uploads\/2024\/11\/IMG_2350-fotor-20241126145551-600x800.jpg\" class=\"woo-entry-image-secondary\" alt=\"Maglioncino neonato maschio con zip &#8211; Pura lana merino &#8211; Verde\" itemprop=\"image\" srcset=\"https:\/\/voyagedelabaleine.fr\/wp-content\/uploads\/2024\/11\/IMG_2350-fotor-20241126145551-600x800.jpg 600w, https:\/\/voyagedelabaleine.fr\/wp-content\/uploads\/2024\/11\/IMG_2350-fotor-20241126145551-225x300.jpg 225w, https:\/\/voyagedelabaleine.fr\/wp-content\/uploads\/2024\/11\/IMG_2350-fotor-20241126145551-768x1024.jpg 768w, https:\/\/voyagedelabaleine.fr\/wp-content\/uploads\/2024\/11\/IMG_2350-fotor-20241126145551.jpg 800w\" sizes=\"(max-width: 600px) 100vw, 600px\" \/><\/a>\t<\/div><!-- .woo-entry-image-swap -->\n\n<ul class=\"woo-entry-inner clr\"><li class=\"image-wrap\">\n\t<div class=\"woo-entry-image-swap woo-entry-image clr\">\n\t\t<a href=\"https:\/\/voyagedelabaleine.fr\/it\/prodotto\/maglioncino-neonato-maschio-con-zip-pura-lana-merino-verde\/\" class=\"woocommerce-LoopProduct-link\"><img decoding=\"async\" width=\"600\" height=\"800\" src=\"https:\/\/voyagedelabaleine.fr\/wp-content\/uploads\/2025\/02\/pull-bebe-laine-merinos-vert-zip-600x800.jpg\" class=\"woo-entry-image-main\" alt=\"Maglioncino neonato maschio con zip &#8211; Pura lana merino &#8211; Verde\" itemprop=\"image\" srcset=\"https:\/\/voyagedelabaleine.fr\/wp-content\/uploads\/2025\/02\/pull-bebe-laine-merinos-vert-zip-600x800.jpg 600w, https:\/\/voyagedelabaleine.fr\/wp-content\/uploads\/2025\/02\/pull-bebe-laine-merinos-vert-zip-225x300.jpg 225w, https:\/\/voyagedelabaleine.fr\/wp-content\/uploads\/2025\/02\/pull-bebe-laine-merinos-vert-zip-768x1024.jpg 768w, https:\/\/voyagedelabaleine.fr\/wp-content\/uploads\/2025\/02\/pull-bebe-laine-merinos-vert-zip.jpg 1000w\" sizes=\"(max-width: 600px) 100vw, 600px\" \/><img decoding=\"async\" width=\"600\" height=\"800\" src=\"https:\/\/voyagedelabaleine.fr\/wp-content\/uploads\/2024\/11\/IMG_2350-fotor-20241126145551-600x800.jpg\" class=\"woo-entry-image-secondary\" alt=\"Maglioncino neonato maschio con zip &#8211; Pura lana merino &#8211; Verde\" itemprop=\"image\" srcset=\"https:\/\/voyagedelabaleine.fr\/wp-content\/uploads\/2024\/11\/IMG_2350-fotor-20241126145551-600x800.jpg 600w, https:\/\/voyagedelabaleine.fr\/wp-content\/uploads\/2024\/11\/IMG_2350-fotor-20241126145551-225x300.jpg 225w, https:\/\/voyagedelabaleine.fr\/wp-content\/uploads\/2024\/11\/IMG_2350-fotor-20241126145551-768x1024.jpg 768w, https:\/\/voyagedelabaleine.fr\/wp-content\/uploads\/2024\/11\/IMG_2350-fotor-20241126145551.jpg 800w\" sizes=\"(max-width: 600px) 100vw, 600px\" \/><\/a>\t<\/div><!-- .woo-entry-image-swap -->\n\n<\/li><li class=\"title\"><h2><a href=\"https:\/\/voyagedelabaleine.fr\/it\/prodotto\/maglioncino-neonato-maschio-con-zip-pura-lana-merino-verde\/\">Maglioncino neonato maschio con zip &#8211; Pura lana merino &#8211; Verde<\/a><\/h2><\/li><li class=\"price-wrap\">\n\t<span class=\"price\"><span class=\"woocommerce-Price-amount amount\"><bdi>68<span class=\"woocommerce-Price-currencySymbol\">&euro;<\/span><\/bdi><\/span><\/span>\n<\/li><\/ul><\/div><!-- .product-inner .clr --><\/li>\n<\/ul>\n<\/div><\/div>\n\t\t\t\t\t\t<\/div>\n\t\t\t\t<\/div>\n\t\t<div class=\"elementor-element elementor-element-edaf126 e-con-full e-flex e-con e-parent\" data-id=\"edaf126\" data-element_type=\"container\" data-e-type=\"container\">\n\t\t\t\t<div class=\"elementor-element elementor-element-cb87fb0 elementor-widget-divider--separator-type-pattern elementor-widget-divider--view-line elementor-widget elementor-widget-divider\" data-id=\"cb87fb0\" data-element_type=\"widget\" data-e-type=\"widget\" data-widget_type=\"divider.default\">\n\t\t\t\t\t\t\t<div class=\"elementor-divider\" style=\"--divider-pattern-url: url(&quot;data:image\/svg+xml,%3Csvg xmlns=&#039;http:\/\/www.w3.org\/2000\/svg&#039; preserveAspectRatio=&#039;none&#039; overflow=&#039;visible&#039; height=&#039;100%&#039; viewBox=&#039;0 0 24 24&#039; fill=&#039;black&#039; stroke=&#039;none&#039;%3E%3Cpath d=&#039;M12.7,2.3c-0.4-0.4-1.1-0.4-1.5,0l-8,9.1c-0.3,0.4-0.3,0.9,0,1.2l8,9.1c0.4,0.4,1.1,0.4,1.5,0l8-9.1c0.3-0.4,0.3-0.9,0-1.2L12.7,2.3z&#039;\/%3E%3C\/svg%3E&quot;);\">\n\t\t\t<span class=\"elementor-divider-separator\">\n\t\t\t\t\t\t<\/span>\n\t\t<\/div>\n\t\t\t\t\t\t<\/div>\n\t\t\t\t<div class=\"elementor-element elementor-element-f6fb98b elementor-widget__width-initial elementor-widget-mobile__width-inherit elementor-widget elementor-widget-shortcode\" data-id=\"f6fb98b\" data-element_type=\"widget\" data-e-type=\"widget\" data-widget_type=\"shortcode.default\">\n\t\t\t\t\t\t\t<div class=\"elementor-shortcode\"><div class=\"woocommerce columns-2 \">\r\n<ul class=\"products oceanwp-row clr grid tablet-col tablet-2-col mobile-col mobile-2-col\">\r\n<li class=\"entry has-media col span_1_of_2 owp-content-center owp-thumbs-layout-vertical owp-btn-big owp-tabs-layout-vertical circle-sale product type-product post-30576 status-publish first outofstock product_cat-accessori-nascita-ragazza product_cat-accessori-nascita-ragazzo product_cat-accessori-bambina product_cat-accessori-bambini product_cat-accessori-bambino product_cat-accessori-nascita product_cat-accessori-neonata product_cat-accessori-neonati product_cat-accessori-neonato has-post-thumbnail taxable shipping-taxable purchasable product-type-variable has-default-attributes\">\n\t<div class=\"product-inner clr\">\n\t<div class=\"woo-entry-image-swap woo-entry-image clr\">\n\t\t<a href=\"https:\/\/voyagedelabaleine.fr\/it\/prodotto\/copertina-per-neonato-pura-lana-merino-extra-morbida\/\" class=\"woocommerce-LoopProduct-link\"><img decoding=\"async\" width=\"600\" height=\"800\" src=\"https:\/\/voyagedelabaleine.fr\/wp-content\/uploads\/2024\/11\/couverture-bebe-laine-merinos-2-1-1-600x800.jpg\" class=\"woo-entry-image-main\" alt=\"Copertina per neonato &#8211; Pura lana merino extra-morbida\" itemprop=\"image\" \/><img decoding=\"async\" width=\"600\" height=\"800\" src=\"https:\/\/voyagedelabaleine.fr\/wp-content\/uploads\/2024\/11\/couverture-bebe-laine-merinos-1-1-1-600x800.jpg\" class=\"woo-entry-image-secondary\" alt=\"Copertina per neonato &#8211; Pura lana merino extra-morbida\" itemprop=\"image\" \/><\/a>\t<\/div><!-- .woo-entry-image-swap -->\n\n<ul class=\"woo-entry-inner clr\"><li class=\"image-wrap\">\t\t\t\t<div class=\"outofstock-badge\">\n\t\t\t\t\tNon disponibile \u2013 molto richiesto\t\t\t\t<\/div><!-- .product-entry-out-of-stock-badge -->\n\t\t\t\t\n\t<div class=\"woo-entry-image-swap woo-entry-image clr\">\n\t\t<a href=\"https:\/\/voyagedelabaleine.fr\/it\/prodotto\/copertina-per-neonato-pura-lana-merino-extra-morbida\/\" class=\"woocommerce-LoopProduct-link\"><img decoding=\"async\" width=\"600\" height=\"800\" src=\"https:\/\/voyagedelabaleine.fr\/wp-content\/uploads\/2024\/11\/couverture-bebe-laine-merinos-2-1-1-600x800.jpg\" class=\"woo-entry-image-main\" alt=\"Copertina per neonato &#8211; Pura lana merino extra-morbida\" itemprop=\"image\" \/><img decoding=\"async\" width=\"600\" height=\"800\" src=\"https:\/\/voyagedelabaleine.fr\/wp-content\/uploads\/2024\/11\/couverture-bebe-laine-merinos-1-1-1-600x800.jpg\" class=\"woo-entry-image-secondary\" alt=\"Copertina per neonato &#8211; Pura lana merino extra-morbida\" itemprop=\"image\" \/><\/a>\t<\/div><!-- .woo-entry-image-swap -->\n\n<\/li><li class=\"title\"><h2><a href=\"https:\/\/voyagedelabaleine.fr\/it\/prodotto\/copertina-per-neonato-pura-lana-merino-extra-morbida\/\">Copertina per neonato &#8211; Pura lana merino extra-morbida<\/a><\/h2><\/li><li class=\"price-wrap\">\n\t<span class=\"price\"><span class=\"woocommerce-Price-amount amount\"><bdi>78<span class=\"woocommerce-Price-currencySymbol\">&euro;<\/span><\/bdi><\/span><\/span>\n<\/li><\/ul><\/div><!-- .product-inner .clr --><\/li>\n<li class=\"entry has-media has-rating col span_1_of_2 owp-content-center owp-thumbs-layout-vertical owp-btn-big owp-tabs-layout-vertical circle-sale product type-product post-29614 status-publish last instock product_cat-abbigliamento product_cat-maglione-irlandese-neonati-bambini product_cat-maglione-gilet-cardigan-nascita product_cat-maglione-gilet-cardigan-nascita-ragazza product_cat-maglione-gilet-cardigan-nascita-ragazzo product_cat-maglione-gilet-cardigan-neonata product_cat-maglione-gilet-cardigan-neonati product_cat-maglione-gilet-cardigan-neonato has-post-thumbnail taxable shipping-taxable purchasable product-type-variable has-default-attributes\">\n\t<div class=\"product-inner clr\">\n\t<div class=\"woo-entry-image-swap woo-entry-image clr\">\n\t\t<a href=\"https:\/\/voyagedelabaleine.fr\/it\/prodotto\/maglioncino-unisex-per-neonati-a-girocollo-con-3-bottoni-pura-lana-merino-ecru\/\" class=\"woocommerce-LoopProduct-link\"><img decoding=\"async\" width=\"600\" height=\"800\" src=\"https:\/\/voyagedelabaleine.fr\/wp-content\/uploads\/2024\/09\/IMG_2317-fotor-2024112614446-1-fotor-20241126153121-600x800.jpg\" class=\"woo-entry-image-main\" alt=\"Maglioncino unisex per neonati a girocollo con 3 bottoni &#8211; Pura lana merino &#8211; Ecru\" itemprop=\"image\" srcset=\"https:\/\/voyagedelabaleine.fr\/wp-content\/uploads\/2024\/09\/IMG_2317-fotor-2024112614446-1-fotor-20241126153121-600x800.jpg 600w, https:\/\/voyagedelabaleine.fr\/wp-content\/uploads\/2024\/09\/IMG_2317-fotor-2024112614446-1-fotor-20241126153121-225x300.jpg 225w, https:\/\/voyagedelabaleine.fr\/wp-content\/uploads\/2024\/09\/IMG_2317-fotor-2024112614446-1-fotor-20241126153121-768x1024.jpg 768w, https:\/\/voyagedelabaleine.fr\/wp-content\/uploads\/2024\/09\/IMG_2317-fotor-2024112614446-1-fotor-20241126153121.jpg 800w\" sizes=\"(max-width: 600px) 100vw, 600px\" \/><img decoding=\"async\" width=\"600\" height=\"800\" src=\"https:\/\/voyagedelabaleine.fr\/wp-content\/uploads\/2024\/09\/pull-laine-bebe-3-boutons-600x800.jpg\" class=\"woo-entry-image-secondary\" alt=\"Maglioncino unisex per neonati a girocollo con 3 bottoni &#8211; Pura lana merino &#8211; Ecru\" itemprop=\"image\" srcset=\"https:\/\/voyagedelabaleine.fr\/wp-content\/uploads\/2024\/09\/pull-laine-bebe-3-boutons-600x800.jpg 600w, https:\/\/voyagedelabaleine.fr\/wp-content\/uploads\/2024\/09\/pull-laine-bebe-3-boutons-225x300.jpg 225w, https:\/\/voyagedelabaleine.fr\/wp-content\/uploads\/2024\/09\/pull-laine-bebe-3-boutons-768x1024.jpg 768w, https:\/\/voyagedelabaleine.fr\/wp-content\/uploads\/2024\/09\/pull-laine-bebe-3-boutons.jpg 1100w\" sizes=\"(max-width: 600px) 100vw, 600px\" \/><\/a>\t<\/div><!-- .woo-entry-image-swap -->\n\n<ul class=\"woo-entry-inner clr\"><li class=\"image-wrap\">\n\t<div class=\"woo-entry-image-swap woo-entry-image clr\">\n\t\t<a href=\"https:\/\/voyagedelabaleine.fr\/it\/prodotto\/maglioncino-unisex-per-neonati-a-girocollo-con-3-bottoni-pura-lana-merino-ecru\/\" class=\"woocommerce-LoopProduct-link\"><img decoding=\"async\" width=\"600\" height=\"800\" src=\"https:\/\/voyagedelabaleine.fr\/wp-content\/uploads\/2024\/09\/IMG_2317-fotor-2024112614446-1-fotor-20241126153121-600x800.jpg\" class=\"woo-entry-image-main\" alt=\"Maglioncino unisex per neonati a girocollo con 3 bottoni &#8211; Pura lana merino &#8211; Ecru\" itemprop=\"image\" srcset=\"https:\/\/voyagedelabaleine.fr\/wp-content\/uploads\/2024\/09\/IMG_2317-fotor-2024112614446-1-fotor-20241126153121-600x800.jpg 600w, https:\/\/voyagedelabaleine.fr\/wp-content\/uploads\/2024\/09\/IMG_2317-fotor-2024112614446-1-fotor-20241126153121-225x300.jpg 225w, https:\/\/voyagedelabaleine.fr\/wp-content\/uploads\/2024\/09\/IMG_2317-fotor-2024112614446-1-fotor-20241126153121-768x1024.jpg 768w, https:\/\/voyagedelabaleine.fr\/wp-content\/uploads\/2024\/09\/IMG_2317-fotor-2024112614446-1-fotor-20241126153121.jpg 800w\" sizes=\"(max-width: 600px) 100vw, 600px\" \/><img decoding=\"async\" width=\"600\" height=\"800\" src=\"https:\/\/voyagedelabaleine.fr\/wp-content\/uploads\/2024\/09\/pull-laine-bebe-3-boutons-600x800.jpg\" class=\"woo-entry-image-secondary\" alt=\"Maglioncino unisex per neonati a girocollo con 3 bottoni &#8211; Pura lana merino &#8211; Ecru\" itemprop=\"image\" srcset=\"https:\/\/voyagedelabaleine.fr\/wp-content\/uploads\/2024\/09\/pull-laine-bebe-3-boutons-600x800.jpg 600w, https:\/\/voyagedelabaleine.fr\/wp-content\/uploads\/2024\/09\/pull-laine-bebe-3-boutons-225x300.jpg 225w, https:\/\/voyagedelabaleine.fr\/wp-content\/uploads\/2024\/09\/pull-laine-bebe-3-boutons-768x1024.jpg 768w, https:\/\/voyagedelabaleine.fr\/wp-content\/uploads\/2024\/09\/pull-laine-bebe-3-boutons.jpg 1100w\" sizes=\"(max-width: 600px) 100vw, 600px\" \/><\/a>\t<\/div><!-- .woo-entry-image-swap -->\n\n<\/li><li class=\"title\"><h2><a href=\"https:\/\/voyagedelabaleine.fr\/it\/prodotto\/maglioncino-unisex-per-neonati-a-girocollo-con-3-bottoni-pura-lana-merino-ecru\/\">Maglioncino unisex per neonati a girocollo con 3 bottoni &#8211; Pura lana merino &#8211; Ecru<\/a><\/h2><\/li><li class=\"price-wrap\">\n\t<span class=\"price\"><span class=\"woocommerce-Price-amount amount\"><bdi>56<span class=\"woocommerce-Price-currencySymbol\">&euro;<\/span><\/bdi><\/span><\/span>\n<\/li><\/ul><\/div><!-- .product-inner .clr --><\/li>\n<\/ul>\n<\/div><\/div>\n\t\t\t\t\t\t<\/div>\n\t\t\t\t<\/div>\n\t\t<div class=\"elementor-element elementor-element-77f0bc2 e-con-full e-flex e-con e-parent\" data-id=\"77f0bc2\" data-element_type=\"container\" data-e-type=\"container\">\n\t\t\t\t<div class=\"elementor-element elementor-element-4e406e7 elementor-widget-divider--separator-type-pattern elementor-widget-divider--view-line elementor-widget elementor-widget-divider\" data-id=\"4e406e7\" data-element_type=\"widget\" data-e-type=\"widget\" data-widget_type=\"divider.default\">\n\t\t\t\t\t\t\t<div class=\"elementor-divider\" style=\"--divider-pattern-url: url(&quot;data:image\/svg+xml,%3Csvg xmlns=&#039;http:\/\/www.w3.org\/2000\/svg&#039; preserveAspectRatio=&#039;none&#039; overflow=&#039;visible&#039; height=&#039;100%&#039; viewBox=&#039;0 0 24 24&#039; fill=&#039;black&#039; stroke=&#039;none&#039;%3E%3Cpath d=&#039;M12.7,2.3c-0.4-0.4-1.1-0.4-1.5,0l-8,9.1c-0.3,0.4-0.3,0.9,0,1.2l8,9.1c0.4,0.4,1.1,0.4,1.5,0l8-9.1c0.3-0.4,0.3-0.9,0-1.2L12.7,2.3z&#039;\/%3E%3C\/svg%3E&quot;);\">\n\t\t\t<span class=\"elementor-divider-separator\">\n\t\t\t\t\t\t<\/span>\n\t\t<\/div>\n\t\t\t\t\t\t<\/div>\n\t\t\t\t<div class=\"elementor-element elementor-element-738a402 elementor-widget__width-initial elementor-widget-mobile__width-inherit elementor-widget elementor-widget-shortcode\" data-id=\"738a402\" data-element_type=\"widget\" data-e-type=\"widget\" data-widget_type=\"shortcode.default\">\n\t\t\t\t\t\t\t<div class=\"elementor-shortcode\"><div class=\"woocommerce columns-2 \">\r\n<ul class=\"products oceanwp-row clr grid tablet-col tablet-2-col mobile-col mobile-2-col\">\r\n<li class=\"entry has-media col span_1_of_2 owp-content-center owp-thumbs-layout-vertical owp-btn-big owp-tabs-layout-vertical circle-sale product type-product post-29158 status-publish first instock product_cat-abbigliamento product_cat-bloomer-short-pantaloni-nascita product_cat-bloomer-short-pantaloni-nascita-ragazzo product_cat-bloomer-short-pantaloni-neonati product_cat-bloomer-short-pantaloni-neonato product_cat-blusa-camicia-nascita product_cat-blusa-camicia-nascita-ragazzo product_cat-blusa-camicia-neonati product_cat-blusa-camicia-neonato product_cat-completi-nascita product_cat-completi-nascita-ragazzo product_cat-completi-neonati product_cat-completi-neonato has-post-thumbnail taxable shipping-taxable purchasable product-type-variable has-default-attributes\">\n\t<div class=\"product-inner clr\">\n\t<div class=\"woo-entry-image-swap woo-entry-image clr\">\n\t\t<a href=\"https:\/\/voyagedelabaleine.fr\/it\/prodotto\/completo-neonato-blusa-e-bloomer-in-cotone-e-lino-grigio-chiaro\/\" class=\"woocommerce-LoopProduct-link\"><img decoding=\"async\" width=\"600\" height=\"800\" src=\"https:\/\/voyagedelabaleine.fr\/wp-content\/uploads\/2025\/04\/ensemble-bebe-blouse-rayee-bloomer-gris-scaled-600x800.jpg\" class=\"woo-entry-image-main\" alt=\"Completo neonato blusa e bloomer in cotone e lino &#8211; Grigio chiaro\" itemprop=\"image\" srcset=\"https:\/\/voyagedelabaleine.fr\/wp-content\/uploads\/2025\/04\/ensemble-bebe-blouse-rayee-bloomer-gris-scaled-600x800.jpg 600w, https:\/\/voyagedelabaleine.fr\/wp-content\/uploads\/2025\/04\/ensemble-bebe-blouse-rayee-bloomer-gris-scaled-225x300.jpg 225w, https:\/\/voyagedelabaleine.fr\/wp-content\/uploads\/2025\/04\/ensemble-bebe-blouse-rayee-bloomer-gris-scaled-768x1024.jpg 768w, https:\/\/voyagedelabaleine.fr\/wp-content\/uploads\/2025\/04\/ensemble-bebe-blouse-rayee-bloomer-gris-scaled-1152x1536.jpg 1152w, https:\/\/voyagedelabaleine.fr\/wp-content\/uploads\/2025\/04\/ensemble-bebe-blouse-rayee-bloomer-gris-scaled.jpg 1536w\" sizes=\"(max-width: 600px) 100vw, 600px\" \/><img decoding=\"async\" width=\"600\" height=\"800\" src=\"https:\/\/voyagedelabaleine.fr\/wp-content\/uploads\/2025\/04\/ensemble-bebe-bloomer-blouse-raye-gris-2-scaled-600x800.jpeg\" class=\"woo-entry-image-secondary\" alt=\"Completo neonato blusa e bloomer in cotone e lino &#8211; Grigio chiaro\" itemprop=\"image\" srcset=\"https:\/\/voyagedelabaleine.fr\/wp-content\/uploads\/2025\/04\/ensemble-bebe-bloomer-blouse-raye-gris-2-scaled-600x800.jpeg 600w, https:\/\/voyagedelabaleine.fr\/wp-content\/uploads\/2025\/04\/ensemble-bebe-bloomer-blouse-raye-gris-2-scaled-225x300.jpeg 225w, https:\/\/voyagedelabaleine.fr\/wp-content\/uploads\/2025\/04\/ensemble-bebe-bloomer-blouse-raye-gris-2-scaled-768x1024.jpeg 768w, https:\/\/voyagedelabaleine.fr\/wp-content\/uploads\/2025\/04\/ensemble-bebe-bloomer-blouse-raye-gris-2-scaled-1152x1536.jpeg 1152w, https:\/\/voyagedelabaleine.fr\/wp-content\/uploads\/2025\/04\/ensemble-bebe-bloomer-blouse-raye-gris-2-scaled.jpeg 1536w\" sizes=\"(max-width: 600px) 100vw, 600px\" \/><\/a>\t<\/div><!-- .woo-entry-image-swap -->\n\n<ul class=\"woo-entry-inner clr\"><li class=\"image-wrap\">\n\t<div class=\"woo-entry-image-swap woo-entry-image clr\">\n\t\t<a href=\"https:\/\/voyagedelabaleine.fr\/it\/prodotto\/completo-neonato-blusa-e-bloomer-in-cotone-e-lino-grigio-chiaro\/\" class=\"woocommerce-LoopProduct-link\"><img decoding=\"async\" width=\"600\" height=\"800\" src=\"https:\/\/voyagedelabaleine.fr\/wp-content\/uploads\/2025\/04\/ensemble-bebe-blouse-rayee-bloomer-gris-scaled-600x800.jpg\" class=\"woo-entry-image-main\" alt=\"Completo neonato blusa e bloomer in cotone e lino &#8211; Grigio chiaro\" itemprop=\"image\" srcset=\"https:\/\/voyagedelabaleine.fr\/wp-content\/uploads\/2025\/04\/ensemble-bebe-blouse-rayee-bloomer-gris-scaled-600x800.jpg 600w, https:\/\/voyagedelabaleine.fr\/wp-content\/uploads\/2025\/04\/ensemble-bebe-blouse-rayee-bloomer-gris-scaled-225x300.jpg 225w, https:\/\/voyagedelabaleine.fr\/wp-content\/uploads\/2025\/04\/ensemble-bebe-blouse-rayee-bloomer-gris-scaled-768x1024.jpg 768w, https:\/\/voyagedelabaleine.fr\/wp-content\/uploads\/2025\/04\/ensemble-bebe-blouse-rayee-bloomer-gris-scaled-1152x1536.jpg 1152w, https:\/\/voyagedelabaleine.fr\/wp-content\/uploads\/2025\/04\/ensemble-bebe-blouse-rayee-bloomer-gris-scaled.jpg 1536w\" sizes=\"(max-width: 600px) 100vw, 600px\" \/><img decoding=\"async\" width=\"600\" height=\"800\" src=\"https:\/\/voyagedelabaleine.fr\/wp-content\/uploads\/2025\/04\/ensemble-bebe-bloomer-blouse-raye-gris-2-scaled-600x800.jpeg\" class=\"woo-entry-image-secondary\" alt=\"Completo neonato blusa e bloomer in cotone e lino &#8211; Grigio chiaro\" itemprop=\"image\" srcset=\"https:\/\/voyagedelabaleine.fr\/wp-content\/uploads\/2025\/04\/ensemble-bebe-bloomer-blouse-raye-gris-2-scaled-600x800.jpeg 600w, https:\/\/voyagedelabaleine.fr\/wp-content\/uploads\/2025\/04\/ensemble-bebe-bloomer-blouse-raye-gris-2-scaled-225x300.jpeg 225w, https:\/\/voyagedelabaleine.fr\/wp-content\/uploads\/2025\/04\/ensemble-bebe-bloomer-blouse-raye-gris-2-scaled-768x1024.jpeg 768w, https:\/\/voyagedelabaleine.fr\/wp-content\/uploads\/2025\/04\/ensemble-bebe-bloomer-blouse-raye-gris-2-scaled-1152x1536.jpeg 1152w, https:\/\/voyagedelabaleine.fr\/wp-content\/uploads\/2025\/04\/ensemble-bebe-bloomer-blouse-raye-gris-2-scaled.jpeg 1536w\" sizes=\"(max-width: 600px) 100vw, 600px\" \/><\/a>\t<\/div><!-- .woo-entry-image-swap -->\n\n<\/li><li class=\"title\"><h2><a href=\"https:\/\/voyagedelabaleine.fr\/it\/prodotto\/completo-neonato-blusa-e-bloomer-in-cotone-e-lino-grigio-chiaro\/\">Completo neonato blusa e bloomer in cotone e lino &#8211; Grigio chiaro<\/a><\/h2><\/li><li class=\"price-wrap\">\n\t<span class=\"price\"><span class=\"woocommerce-Price-amount amount\"><bdi>62<span class=\"woocommerce-Price-currencySymbol\">&euro;<\/span><\/bdi><\/span><\/span>\n<\/li><\/ul><\/div><!-- .product-inner .clr --><\/li>\n<li class=\"entry has-media has-rating col span_1_of_2 owp-content-center owp-thumbs-layout-vertical owp-btn-big owp-tabs-layout-vertical circle-sale product type-product post-30954 status-publish last instock product_cat-calze-collant-neonati-bambini product_cat-calzini-collant-nascita product_cat-calzini-collant-nascita-ragazza product_cat-calzini-collant-nascita-ragazzo-2 product_cat-calzini-collant-bambina product_cat-calzini-collant-bambini product_cat-calzini-collant-bambino product_cat-calzini-collant-neonata product_cat-calzini-collant-neonato has-post-thumbnail taxable shipping-taxable purchasable product-type-variable has-default-attributes\">\n\t<div class=\"product-inner clr\">\n\t<div class=\"woo-entry-image-swap woo-entry-image clr\">\n\t\t<a href=\"https:\/\/voyagedelabaleine.fr\/it\/prodotto\/calze-alte-traforate-per-neonato-crema\/\" class=\"woocommerce-LoopProduct-link\"><img decoding=\"async\" width=\"600\" height=\"800\" src=\"https:\/\/voyagedelabaleine.fr\/wp-content\/uploads\/2025\/01\/chaussette-hautes-ajourees-bebe-creme-600x800.jpg\" class=\"woo-entry-image-main\" alt=\"Calze alte traforate per neonato &#8211; Crema\" itemprop=\"image\" srcset=\"https:\/\/voyagedelabaleine.fr\/wp-content\/uploads\/2025\/01\/chaussette-hautes-ajourees-bebe-creme-600x800.jpg 600w, https:\/\/voyagedelabaleine.fr\/wp-content\/uploads\/2025\/01\/chaussette-hautes-ajourees-bebe-creme-225x300.jpg 225w, https:\/\/voyagedelabaleine.fr\/wp-content\/uploads\/2025\/01\/chaussette-hautes-ajourees-bebe-creme-768x1024.jpg 768w, https:\/\/voyagedelabaleine.fr\/wp-content\/uploads\/2025\/01\/chaussette-hautes-ajourees-bebe-creme.jpg 1085w\" sizes=\"(max-width: 600px) 100vw, 600px\" \/><img decoding=\"async\" width=\"600\" height=\"800\" src=\"https:\/\/voyagedelabaleine.fr\/wp-content\/uploads\/2025\/01\/chaussette-hautes-ajourees-bebe-creme-1-600x800.jpg\" class=\"woo-entry-image-secondary\" alt=\"Calze alte traforate per neonato &#8211; Crema\" itemprop=\"image\" srcset=\"https:\/\/voyagedelabaleine.fr\/wp-content\/uploads\/2025\/01\/chaussette-hautes-ajourees-bebe-creme-1-600x800.jpg 600w, https:\/\/voyagedelabaleine.fr\/wp-content\/uploads\/2025\/01\/chaussette-hautes-ajourees-bebe-creme-1-225x300.jpg 225w, https:\/\/voyagedelabaleine.fr\/wp-content\/uploads\/2025\/01\/chaussette-hautes-ajourees-bebe-creme-1-768x1024.jpg 768w, https:\/\/voyagedelabaleine.fr\/wp-content\/uploads\/2025\/01\/chaussette-hautes-ajourees-bebe-creme-1.jpg 1085w\" sizes=\"(max-width: 600px) 100vw, 600px\" \/><\/a>\t<\/div><!-- .woo-entry-image-swap -->\n\n<ul class=\"woo-entry-inner clr\"><li class=\"image-wrap\">\n\t<div class=\"woo-entry-image-swap woo-entry-image clr\">\n\t\t<a href=\"https:\/\/voyagedelabaleine.fr\/it\/prodotto\/calze-alte-traforate-per-neonato-crema\/\" class=\"woocommerce-LoopProduct-link\"><img decoding=\"async\" width=\"600\" height=\"800\" src=\"https:\/\/voyagedelabaleine.fr\/wp-content\/uploads\/2025\/01\/chaussette-hautes-ajourees-bebe-creme-600x800.jpg\" class=\"woo-entry-image-main\" alt=\"Calze alte traforate per neonato &#8211; Crema\" itemprop=\"image\" srcset=\"https:\/\/voyagedelabaleine.fr\/wp-content\/uploads\/2025\/01\/chaussette-hautes-ajourees-bebe-creme-600x800.jpg 600w, https:\/\/voyagedelabaleine.fr\/wp-content\/uploads\/2025\/01\/chaussette-hautes-ajourees-bebe-creme-225x300.jpg 225w, https:\/\/voyagedelabaleine.fr\/wp-content\/uploads\/2025\/01\/chaussette-hautes-ajourees-bebe-creme-768x1024.jpg 768w, https:\/\/voyagedelabaleine.fr\/wp-content\/uploads\/2025\/01\/chaussette-hautes-ajourees-bebe-creme.jpg 1085w\" sizes=\"(max-width: 600px) 100vw, 600px\" \/><img decoding=\"async\" width=\"600\" height=\"800\" src=\"https:\/\/voyagedelabaleine.fr\/wp-content\/uploads\/2025\/01\/chaussette-hautes-ajourees-bebe-creme-1-600x800.jpg\" class=\"woo-entry-image-secondary\" alt=\"Calze alte traforate per neonato &#8211; Crema\" itemprop=\"image\" srcset=\"https:\/\/voyagedelabaleine.fr\/wp-content\/uploads\/2025\/01\/chaussette-hautes-ajourees-bebe-creme-1-600x800.jpg 600w, https:\/\/voyagedelabaleine.fr\/wp-content\/uploads\/2025\/01\/chaussette-hautes-ajourees-bebe-creme-1-225x300.jpg 225w, https:\/\/voyagedelabaleine.fr\/wp-content\/uploads\/2025\/01\/chaussette-hautes-ajourees-bebe-creme-1-768x1024.jpg 768w, https:\/\/voyagedelabaleine.fr\/wp-content\/uploads\/2025\/01\/chaussette-hautes-ajourees-bebe-creme-1.jpg 1085w\" sizes=\"(max-width: 600px) 100vw, 600px\" \/><\/a>\t<\/div><!-- .woo-entry-image-swap -->\n\n<\/li><li class=\"title\"><h2><a href=\"https:\/\/voyagedelabaleine.fr\/it\/prodotto\/calze-alte-traforate-per-neonato-crema\/\">Calze alte traforate per neonato &#8211; Crema<\/a><\/h2><\/li><li class=\"price-wrap\">\n\t<span class=\"price\"><span class=\"woocommerce-Price-amount amount\"><bdi>8<span class=\"woocommerce-Price-currencySymbol\">&euro;<\/span><\/bdi><\/span><\/span>\n<\/li><\/ul><\/div><!-- .product-inner .clr --><\/li>\n<\/ul>\n<\/div><\/div>\n\t\t\t\t\t\t<\/div>\n\t\t\t\t<\/div>\n\t\t<div class=\"elementor-element elementor-element-5b79c62 e-con-full e-flex e-con e-parent\" data-id=\"5b79c62\" data-element_type=\"container\" data-e-type=\"container\">\n\t\t\t\t<div class=\"elementor-element elementor-element-957c0d0 elementor-widget-divider--separator-type-pattern elementor-widget-divider--view-line elementor-widget elementor-widget-divider\" data-id=\"957c0d0\" data-element_type=\"widget\" data-e-type=\"widget\" data-widget_type=\"divider.default\">\n\t\t\t\t\t\t\t<div class=\"elementor-divider\" style=\"--divider-pattern-url: url(&quot;data:image\/svg+xml,%3Csvg xmlns=&#039;http:\/\/www.w3.org\/2000\/svg&#039; preserveAspectRatio=&#039;none&#039; overflow=&#039;visible&#039; height=&#039;100%&#039; viewBox=&#039;0 0 24 24&#039; fill=&#039;black&#039; stroke=&#039;none&#039;%3E%3Cpath d=&#039;M12.7,2.3c-0.4-0.4-1.1-0.4-1.5,0l-8,9.1c-0.3,0.4-0.3,0.9,0,1.2l8,9.1c0.4,0.4,1.1,0.4,1.5,0l8-9.1c0.3-0.4,0.3-0.9,0-1.2L12.7,2.3z&#039;\/%3E%3C\/svg%3E&quot;);\">\n\t\t\t<span class=\"elementor-divider-separator\">\n\t\t\t\t\t\t<\/span>\n\t\t<\/div>\n\t\t\t\t\t\t<\/div>\n\t\t\t\t<div class=\"elementor-element elementor-element-99b7adb elementor-widget__width-initial elementor-widget-mobile__width-inherit elementor-widget elementor-widget-shortcode\" data-id=\"99b7adb\" data-element_type=\"widget\" data-e-type=\"widget\" data-widget_type=\"shortcode.default\">\n\t\t\t\t\t\t\t<div class=\"elementor-shortcode\"><div class=\"woocommerce columns-2 \">\r\n<ul class=\"products oceanwp-row clr grid tablet-col tablet-2-col mobile-col mobile-2-col\">\r\n<li class=\"entry has-media col span_1_of_2 owp-content-center owp-thumbs-layout-vertical owp-btn-big owp-tabs-layout-vertical circle-sale product type-product post-29488 status-publish first instock product_cat-body product_cat-body-nascita product_cat-body-nascita-ragazza product_cat-body-nascita-ragazzo product_cat-body-neonati product_cat-body-neonata product_cat-body-neonato has-post-thumbnail taxable shipping-taxable purchasable product-type-variable has-default-attributes\">\n\t<div class=\"product-inner clr\">\n\t<div class=\"woo-entry-image-swap woo-entry-image clr\">\n\t\t<a href=\"https:\/\/voyagedelabaleine.fr\/it\/prodotto\/body-neonato-maniche-corte-con-colletto-bianco\/\" class=\"woocommerce-LoopProduct-link\"><img decoding=\"async\" width=\"600\" height=\"800\" src=\"https:\/\/voyagedelabaleine.fr\/wp-content\/uploads\/2025\/04\/body-naissance-manches-courtes-600x800.jpg\" class=\"woo-entry-image-main\" alt=\"Body neonato maniche corte con colletto &#8211; Bianco\" itemprop=\"image\" srcset=\"https:\/\/voyagedelabaleine.fr\/wp-content\/uploads\/2025\/04\/body-naissance-manches-courtes-600x800.jpg 600w, https:\/\/voyagedelabaleine.fr\/wp-content\/uploads\/2025\/04\/body-naissance-manches-courtes-225x300.jpg 225w, https:\/\/voyagedelabaleine.fr\/wp-content\/uploads\/2025\/04\/body-naissance-manches-courtes.jpg 685w\" sizes=\"(max-width: 600px) 100vw, 600px\" \/><img decoding=\"async\" width=\"377\" height=\"503\" src=\"https:\/\/voyagedelabaleine.fr\/wp-content\/uploads\/2025\/04\/body-naisance-manches-courtes.jpg\" class=\"woo-entry-image-secondary\" alt=\"Body neonato maniche corte con colletto &#8211; Bianco\" itemprop=\"image\" srcset=\"https:\/\/voyagedelabaleine.fr\/wp-content\/uploads\/2025\/04\/body-naisance-manches-courtes.jpg 377w, https:\/\/voyagedelabaleine.fr\/wp-content\/uploads\/2025\/04\/body-naisance-manches-courtes-225x300.jpg 225w\" sizes=\"(max-width: 377px) 100vw, 377px\" \/><\/a>\t<\/div><!-- .woo-entry-image-swap -->\n\n<ul class=\"woo-entry-inner clr\"><li class=\"image-wrap\">\n\t<div class=\"woo-entry-image-swap woo-entry-image clr\">\n\t\t<a href=\"https:\/\/voyagedelabaleine.fr\/it\/prodotto\/body-neonato-maniche-corte-con-colletto-bianco\/\" class=\"woocommerce-LoopProduct-link\"><img decoding=\"async\" width=\"600\" height=\"800\" src=\"https:\/\/voyagedelabaleine.fr\/wp-content\/uploads\/2025\/04\/body-naissance-manches-courtes-600x800.jpg\" class=\"woo-entry-image-main\" alt=\"Body neonato maniche corte con colletto &#8211; Bianco\" itemprop=\"image\" srcset=\"https:\/\/voyagedelabaleine.fr\/wp-content\/uploads\/2025\/04\/body-naissance-manches-courtes-600x800.jpg 600w, https:\/\/voyagedelabaleine.fr\/wp-content\/uploads\/2025\/04\/body-naissance-manches-courtes-225x300.jpg 225w, https:\/\/voyagedelabaleine.fr\/wp-content\/uploads\/2025\/04\/body-naissance-manches-courtes.jpg 685w\" sizes=\"(max-width: 600px) 100vw, 600px\" \/><img decoding=\"async\" width=\"377\" height=\"503\" src=\"https:\/\/voyagedelabaleine.fr\/wp-content\/uploads\/2025\/04\/body-naisance-manches-courtes.jpg\" class=\"woo-entry-image-secondary\" alt=\"Body neonato maniche corte con colletto &#8211; Bianco\" itemprop=\"image\" srcset=\"https:\/\/voyagedelabaleine.fr\/wp-content\/uploads\/2025\/04\/body-naisance-manches-courtes.jpg 377w, https:\/\/voyagedelabaleine.fr\/wp-content\/uploads\/2025\/04\/body-naisance-manches-courtes-225x300.jpg 225w\" sizes=\"(max-width: 377px) 100vw, 377px\" \/><\/a>\t<\/div><!-- .woo-entry-image-swap -->\n\n<\/li><li class=\"title\"><h2><a href=\"https:\/\/voyagedelabaleine.fr\/it\/prodotto\/body-neonato-maniche-corte-con-colletto-bianco\/\">Body neonato maniche corte con colletto &#8211; Bianco<\/a><\/h2><\/li><li class=\"price-wrap\">\n\t<span class=\"price\"><span class=\"woocommerce-Price-amount amount\"><bdi>20<span class=\"woocommerce-Price-currencySymbol\">&euro;<\/span><\/bdi><\/span><\/span>\n<\/li><\/ul><\/div><!-- .product-inner .clr --><\/li>\n<li class=\"entry has-media col span_1_of_2 owp-content-center owp-thumbs-layout-vertical owp-btn-big owp-tabs-layout-vertical circle-sale product type-product post-29949 status-publish last instock product_cat-abbigliamento product_cat-pagliaccetto-salopette-nascita product_cat-pagliaccetto-salopette-nascita-ragazzo product_cat-pagliaccetto-salopette-neonati product_cat-pagliaccetto-salopette-neonato product_cat-ultima-occasione has-post-thumbnail taxable shipping-taxable purchasable product-type-variable has-default-attributes\">\n\t<div class=\"product-inner clr\">\n\t<div class=\"woo-entry-image-swap woo-entry-image clr\">\n\t\t<a href=\"https:\/\/voyagedelabaleine.fr\/it\/prodotto\/pagliaccetto-neonato-a-righe-blu-mediterraneo-bianco\/\" class=\"woocommerce-LoopProduct-link\"><img decoding=\"async\" width=\"600\" height=\"800\" src=\"https:\/\/voyagedelabaleine.fr\/wp-content\/uploads\/2025\/01\/barboteuse-rayee-bleu-mediterrannee-600x800.jpg\" class=\"woo-entry-image-main\" alt=\"Pagliaccetto neonato a righe &#8211; Blu Mediterraneo\/bianco\" itemprop=\"image\" srcset=\"https:\/\/voyagedelabaleine.fr\/wp-content\/uploads\/2025\/01\/barboteuse-rayee-bleu-mediterrannee-600x800.jpg 600w, https:\/\/voyagedelabaleine.fr\/wp-content\/uploads\/2025\/01\/barboteuse-rayee-bleu-mediterrannee-225x300.jpg 225w, https:\/\/voyagedelabaleine.fr\/wp-content\/uploads\/2025\/01\/barboteuse-rayee-bleu-mediterrannee-768x1024.jpg 768w, https:\/\/voyagedelabaleine.fr\/wp-content\/uploads\/2025\/01\/barboteuse-rayee-bleu-mediterrannee-1152x1536.jpg 1152w, https:\/\/voyagedelabaleine.fr\/wp-content\/uploads\/2025\/01\/barboteuse-rayee-bleu-mediterrannee.jpg 1289w\" sizes=\"(max-width: 600px) 100vw, 600px\" \/><img decoding=\"async\" width=\"600\" height=\"800\" src=\"https:\/\/voyagedelabaleine.fr\/wp-content\/uploads\/2025\/01\/barboteuse-rayee-bleu-mediterrannee-2-600x800.jpg\" class=\"woo-entry-image-secondary\" alt=\"Pagliaccetto neonato a righe &#8211; Blu Mediterraneo\/bianco\" itemprop=\"image\" srcset=\"https:\/\/voyagedelabaleine.fr\/wp-content\/uploads\/2025\/01\/barboteuse-rayee-bleu-mediterrannee-2-600x800.jpg 600w, https:\/\/voyagedelabaleine.fr\/wp-content\/uploads\/2025\/01\/barboteuse-rayee-bleu-mediterrannee-2-225x300.jpg 225w, https:\/\/voyagedelabaleine.fr\/wp-content\/uploads\/2025\/01\/barboteuse-rayee-bleu-mediterrannee-2-768x1024.jpg 768w, https:\/\/voyagedelabaleine.fr\/wp-content\/uploads\/2025\/01\/barboteuse-rayee-bleu-mediterrannee-2.jpg 1000w\" sizes=\"(max-width: 600px) 100vw, 600px\" \/><\/a>\t<\/div><!-- .woo-entry-image-swap -->\n\n<ul class=\"woo-entry-inner clr\"><li class=\"image-wrap\">\n\t<div class=\"woo-entry-image-swap woo-entry-image clr\">\n\t\t<a href=\"https:\/\/voyagedelabaleine.fr\/it\/prodotto\/pagliaccetto-neonato-a-righe-blu-mediterraneo-bianco\/\" class=\"woocommerce-LoopProduct-link\"><img decoding=\"async\" width=\"600\" height=\"800\" src=\"https:\/\/voyagedelabaleine.fr\/wp-content\/uploads\/2025\/01\/barboteuse-rayee-bleu-mediterrannee-600x800.jpg\" class=\"woo-entry-image-main\" alt=\"Pagliaccetto neonato a righe &#8211; Blu Mediterraneo\/bianco\" itemprop=\"image\" srcset=\"https:\/\/voyagedelabaleine.fr\/wp-content\/uploads\/2025\/01\/barboteuse-rayee-bleu-mediterrannee-600x800.jpg 600w, https:\/\/voyagedelabaleine.fr\/wp-content\/uploads\/2025\/01\/barboteuse-rayee-bleu-mediterrannee-225x300.jpg 225w, https:\/\/voyagedelabaleine.fr\/wp-content\/uploads\/2025\/01\/barboteuse-rayee-bleu-mediterrannee-768x1024.jpg 768w, https:\/\/voyagedelabaleine.fr\/wp-content\/uploads\/2025\/01\/barboteuse-rayee-bleu-mediterrannee-1152x1536.jpg 1152w, https:\/\/voyagedelabaleine.fr\/wp-content\/uploads\/2025\/01\/barboteuse-rayee-bleu-mediterrannee.jpg 1289w\" sizes=\"(max-width: 600px) 100vw, 600px\" \/><img decoding=\"async\" width=\"600\" height=\"800\" src=\"https:\/\/voyagedelabaleine.fr\/wp-content\/uploads\/2025\/01\/barboteuse-rayee-bleu-mediterrannee-2-600x800.jpg\" class=\"woo-entry-image-secondary\" alt=\"Pagliaccetto neonato a righe &#8211; Blu Mediterraneo\/bianco\" itemprop=\"image\" srcset=\"https:\/\/voyagedelabaleine.fr\/wp-content\/uploads\/2025\/01\/barboteuse-rayee-bleu-mediterrannee-2-600x800.jpg 600w, https:\/\/voyagedelabaleine.fr\/wp-content\/uploads\/2025\/01\/barboteuse-rayee-bleu-mediterrannee-2-225x300.jpg 225w, https:\/\/voyagedelabaleine.fr\/wp-content\/uploads\/2025\/01\/barboteuse-rayee-bleu-mediterrannee-2-768x1024.jpg 768w, https:\/\/voyagedelabaleine.fr\/wp-content\/uploads\/2025\/01\/barboteuse-rayee-bleu-mediterrannee-2.jpg 1000w\" sizes=\"(max-width: 600px) 100vw, 600px\" \/><\/a>\t<\/div><!-- .woo-entry-image-swap -->\n\n<\/li><li class=\"title\"><h2><a href=\"https:\/\/voyagedelabaleine.fr\/it\/prodotto\/pagliaccetto-neonato-a-righe-blu-mediterraneo-bianco\/\">Pagliaccetto neonato a righe &#8211; Blu Mediterraneo\/bianco<\/a><\/h2><\/li><li class=\"price-wrap\">\n\t<span class=\"price\"><span class=\"woocommerce-Price-amount amount\"><bdi>48<span class=\"woocommerce-Price-currencySymbol\">&euro;<\/span><\/bdi><\/span><\/span>\n<\/li><\/ul><\/div><!-- .product-inner .clr --><\/li>\n<\/ul>\n<\/div><\/div>\n\t\t\t\t\t\t<\/div>\n\t\t\t\t<\/div>\n\t\t<div class=\"elementor-element elementor-element-ed5f52e e-con-full e-flex e-con e-parent\" data-id=\"ed5f52e\" data-element_type=\"container\" data-e-type=\"container\">\n\t\t\t\t<div class=\"elementor-element elementor-element-b56959c elementor-widget-divider--separator-type-pattern elementor-widget-divider--view-line elementor-widget elementor-widget-divider\" data-id=\"b56959c\" data-element_type=\"widget\" data-e-type=\"widget\" data-widget_type=\"divider.default\">\n\t\t\t\t\t\t\t<div class=\"elementor-divider\" style=\"--divider-pattern-url: url(&quot;data:image\/svg+xml,%3Csvg xmlns=&#039;http:\/\/www.w3.org\/2000\/svg&#039; preserveAspectRatio=&#039;none&#039; overflow=&#039;visible&#039; height=&#039;100%&#039; viewBox=&#039;0 0 24 24&#039; fill=&#039;black&#039; stroke=&#039;none&#039;%3E%3Cpath d=&#039;M12.7,2.3c-0.4-0.4-1.1-0.4-1.5,0l-8,9.1c-0.3,0.4-0.3,0.9,0,1.2l8,9.1c0.4,0.4,1.1,0.4,1.5,0l8-9.1c0.3-0.4,0.3-0.9,0-1.2L12.7,2.3z&#039;\/%3E%3C\/svg%3E&quot;);\">\n\t\t\t<span class=\"elementor-divider-separator\">\n\t\t\t\t\t\t<\/span>\n\t\t<\/div>\n\t\t\t\t\t\t<\/div>\n\t\t\t\t<div class=\"elementor-element elementor-element-77fec3c elementor-widget__width-initial elementor-widget-mobile__width-inherit elementor-widget elementor-widget-shortcode\" data-id=\"77fec3c\" data-element_type=\"widget\" data-e-type=\"widget\" data-widget_type=\"shortcode.default\">\n\t\t\t\t\t\t\t<div class=\"elementor-shortcode\"><div class=\"woocommerce columns-2 \">\r\n<ul class=\"products oceanwp-row clr grid tablet-col tablet-2-col mobile-col mobile-2-col\">\r\n<li class=\"entry has-media col span_1_of_2 owp-content-center owp-thumbs-layout-vertical owp-btn-big owp-tabs-layout-vertical circle-sale product type-product post-32419 status-publish first instock product_cat-abbigliamento product_cat-maglione-gilet-cardigan-nascita product_cat-maglione-gilet-cardigan-nascita-ragazza product_cat-maglione-gilet-cardigan-nascita-ragazzo product_cat-maglione-gilet-cardigan-bambina product_cat-maglione-gilet-cardigan-bambini product_cat-maglione-gilet-cardigan-bambino product_cat-maglione-gilet-cardigan-neonata product_cat-maglione-gilet-cardigan-neonati product_cat-maglione-gilet-cardigan-neonato product_cat-ultima-occasione has-post-thumbnail taxable shipping-taxable purchasable product-type-variable has-default-attributes\">\n\t<div class=\"product-inner clr\">\n\t<div class=\"woo-entry-image-swap woo-entry-image clr\">\n\t\t<a href=\"https:\/\/voyagedelabaleine.fr\/it\/prodotto\/cardigan-neonato-beige\/\" class=\"woocommerce-LoopProduct-link\"><img decoding=\"async\" width=\"600\" height=\"800\" src=\"https:\/\/voyagedelabaleine.fr\/wp-content\/uploads\/2025\/01\/cardigan-bebe-beige-2-600x800.jpg\" class=\"woo-entry-image-main\" alt=\"Cardigan neonato &#8211; Beige\" itemprop=\"image\" srcset=\"https:\/\/voyagedelabaleine.fr\/wp-content\/uploads\/2025\/01\/cardigan-bebe-beige-2-600x800.jpg 600w, https:\/\/voyagedelabaleine.fr\/wp-content\/uploads\/2025\/01\/cardigan-bebe-beige-2-225x300.jpg 225w, https:\/\/voyagedelabaleine.fr\/wp-content\/uploads\/2025\/01\/cardigan-bebe-beige-2-768x1024.jpg 768w, https:\/\/voyagedelabaleine.fr\/wp-content\/uploads\/2025\/01\/cardigan-bebe-beige-2-1152x1536.jpg 1152w, https:\/\/voyagedelabaleine.fr\/wp-content\/uploads\/2025\/01\/cardigan-bebe-beige-2.jpg 1300w\" sizes=\"(max-width: 600px) 100vw, 600px\" \/><img decoding=\"async\" width=\"600\" height=\"800\" src=\"https:\/\/voyagedelabaleine.fr\/wp-content\/uploads\/2025\/01\/cardigan-bebe-beige-600x800.jpg\" class=\"woo-entry-image-secondary\" alt=\"Cardigan neonato &#8211; Beige\" itemprop=\"image\" srcset=\"https:\/\/voyagedelabaleine.fr\/wp-content\/uploads\/2025\/01\/cardigan-bebe-beige-600x800.jpg 600w, https:\/\/voyagedelabaleine.fr\/wp-content\/uploads\/2025\/01\/cardigan-bebe-beige-225x300.jpg 225w, https:\/\/voyagedelabaleine.fr\/wp-content\/uploads\/2025\/01\/cardigan-bebe-beige.jpg 750w\" sizes=\"(max-width: 600px) 100vw, 600px\" \/><\/a>\t<\/div><!-- .woo-entry-image-swap -->\n\n<ul class=\"woo-entry-inner clr\"><li class=\"image-wrap\">\n\t<div class=\"woo-entry-image-swap woo-entry-image clr\">\n\t\t<a href=\"https:\/\/voyagedelabaleine.fr\/it\/prodotto\/cardigan-neonato-beige\/\" class=\"woocommerce-LoopProduct-link\"><img decoding=\"async\" width=\"600\" height=\"800\" src=\"https:\/\/voyagedelabaleine.fr\/wp-content\/uploads\/2025\/01\/cardigan-bebe-beige-2-600x800.jpg\" class=\"woo-entry-image-main\" alt=\"Cardigan neonato &#8211; Beige\" itemprop=\"image\" srcset=\"https:\/\/voyagedelabaleine.fr\/wp-content\/uploads\/2025\/01\/cardigan-bebe-beige-2-600x800.jpg 600w, https:\/\/voyagedelabaleine.fr\/wp-content\/uploads\/2025\/01\/cardigan-bebe-beige-2-225x300.jpg 225w, https:\/\/voyagedelabaleine.fr\/wp-content\/uploads\/2025\/01\/cardigan-bebe-beige-2-768x1024.jpg 768w, https:\/\/voyagedelabaleine.fr\/wp-content\/uploads\/2025\/01\/cardigan-bebe-beige-2-1152x1536.jpg 1152w, https:\/\/voyagedelabaleine.fr\/wp-content\/uploads\/2025\/01\/cardigan-bebe-beige-2.jpg 1300w\" sizes=\"(max-width: 600px) 100vw, 600px\" \/><img decoding=\"async\" width=\"600\" height=\"800\" src=\"https:\/\/voyagedelabaleine.fr\/wp-content\/uploads\/2025\/01\/cardigan-bebe-beige-600x800.jpg\" class=\"woo-entry-image-secondary\" alt=\"Cardigan neonato &#8211; Beige\" itemprop=\"image\" srcset=\"https:\/\/voyagedelabaleine.fr\/wp-content\/uploads\/2025\/01\/cardigan-bebe-beige-600x800.jpg 600w, https:\/\/voyagedelabaleine.fr\/wp-content\/uploads\/2025\/01\/cardigan-bebe-beige-225x300.jpg 225w, https:\/\/voyagedelabaleine.fr\/wp-content\/uploads\/2025\/01\/cardigan-bebe-beige.jpg 750w\" sizes=\"(max-width: 600px) 100vw, 600px\" \/><\/a>\t<\/div><!-- .woo-entry-image-swap -->\n\n<\/li><li class=\"title\"><h2><a href=\"https:\/\/voyagedelabaleine.fr\/it\/prodotto\/cardigan-neonato-beige\/\">Cardigan neonato &#8211; Beige<\/a><\/h2><\/li><li class=\"price-wrap\">\n\t<span class=\"price\"><span class=\"woocommerce-Price-amount amount\"><bdi>42<span class=\"woocommerce-Price-currencySymbol\">&euro;<\/span><\/bdi><\/span><\/span>\n<\/li><\/ul><\/div><!-- .product-inner .clr --><\/li>\n<li class=\"entry has-media has-rating col span_1_of_2 owp-content-center owp-thumbs-layout-vertical owp-btn-big owp-tabs-layout-vertical circle-sale product type-product post-30110 status-publish last instock product_cat-abbigliamento product_cat-bloomer-short-pantaloni-nascita product_cat-bloomer-short-pantaloni-nascita-ragazzo product_cat-bloomer-short-pantaloni-neonati product_cat-bloomer-short-pantaloni-neonato product_cat-blusa-camicia-nascita product_cat-blusa-camicia-nascita-ragazzo product_cat-blusa-camicia-bambini product_cat-blusa-camicia-bambino product_cat-blusa-camicia-neonati product_cat-blusa-camicia-neonato product_cat-completi-nascita product_cat-completi-nascita-ragazzo product_cat-completi-neonati product_cat-completi-neonato product_cat-completo-salopette-bambini product_cat-completo-salopette-bambino product_cat-pantaloni-short-bambini product_cat-pantaloni-short-bambino product_cat-ultima-occasione has-post-thumbnail taxable shipping-taxable purchasable product-type-variable has-default-attributes\">\n\t<div class=\"product-inner clr\">\n\t<div class=\"woo-entry-image-swap woo-entry-image clr\">\n\t\t<a href=\"https:\/\/voyagedelabaleine.fr\/it\/prodotto\/completo-bambino-camicia-e-pantaloncini-verde\/\" class=\"woocommerce-LoopProduct-link\"><img decoding=\"async\" width=\"600\" height=\"800\" src=\"https:\/\/voyagedelabaleine.fr\/wp-content\/uploads\/2025\/04\/ensemble-bebe-chemise-short-vert-scaled-600x800.jpg\" class=\"woo-entry-image-main\" alt=\"Completo bambino camicia e pantaloncini &#8211; Verde\" itemprop=\"image\" srcset=\"https:\/\/voyagedelabaleine.fr\/wp-content\/uploads\/2025\/04\/ensemble-bebe-chemise-short-vert-scaled-600x800.jpg 600w, https:\/\/voyagedelabaleine.fr\/wp-content\/uploads\/2025\/04\/ensemble-bebe-chemise-short-vert-scaled-225x300.jpg 225w, https:\/\/voyagedelabaleine.fr\/wp-content\/uploads\/2025\/04\/ensemble-bebe-chemise-short-vert-scaled-768x1024.jpg 768w, https:\/\/voyagedelabaleine.fr\/wp-content\/uploads\/2025\/04\/ensemble-bebe-chemise-short-vert-scaled-1152x1536.jpg 1152w, https:\/\/voyagedelabaleine.fr\/wp-content\/uploads\/2025\/04\/ensemble-bebe-chemise-short-vert-scaled.jpg 1536w\" sizes=\"(max-width: 600px) 100vw, 600px\" \/><img decoding=\"async\" width=\"600\" height=\"800\" src=\"https:\/\/voyagedelabaleine.fr\/wp-content\/uploads\/2025\/01\/ensemble-garcon-chemise-short-lin-vert-2-600x800.jpg\" class=\"woo-entry-image-secondary\" alt=\"Completo bambino camicia e pantaloncini &#8211; Verde\" itemprop=\"image\" srcset=\"https:\/\/voyagedelabaleine.fr\/wp-content\/uploads\/2025\/01\/ensemble-garcon-chemise-short-lin-vert-2-600x799.jpg 600w, https:\/\/voyagedelabaleine.fr\/wp-content\/uploads\/2025\/01\/ensemble-garcon-chemise-short-lin-vert-2-225x300.jpg 225w, https:\/\/voyagedelabaleine.fr\/wp-content\/uploads\/2025\/01\/ensemble-garcon-chemise-short-lin-vert-2-769x1024.jpg 769w, https:\/\/voyagedelabaleine.fr\/wp-content\/uploads\/2025\/01\/ensemble-garcon-chemise-short-lin-vert-2-768x1023.jpg 768w, https:\/\/voyagedelabaleine.fr\/wp-content\/uploads\/2025\/01\/ensemble-garcon-chemise-short-lin-vert-2.jpg 1016w\" sizes=\"(max-width: 600px) 100vw, 600px\" \/><\/a>\t<\/div><!-- .woo-entry-image-swap -->\n\n<ul class=\"woo-entry-inner clr\"><li class=\"image-wrap\">\n\t<div class=\"woo-entry-image-swap woo-entry-image clr\">\n\t\t<a href=\"https:\/\/voyagedelabaleine.fr\/it\/prodotto\/completo-bambino-camicia-e-pantaloncini-verde\/\" class=\"woocommerce-LoopProduct-link\"><img decoding=\"async\" width=\"600\" height=\"800\" src=\"https:\/\/voyagedelabaleine.fr\/wp-content\/uploads\/2025\/04\/ensemble-bebe-chemise-short-vert-scaled-600x800.jpg\" class=\"woo-entry-image-main\" alt=\"Completo bambino camicia e pantaloncini &#8211; Verde\" itemprop=\"image\" srcset=\"https:\/\/voyagedelabaleine.fr\/wp-content\/uploads\/2025\/04\/ensemble-bebe-chemise-short-vert-scaled-600x800.jpg 600w, https:\/\/voyagedelabaleine.fr\/wp-content\/uploads\/2025\/04\/ensemble-bebe-chemise-short-vert-scaled-225x300.jpg 225w, https:\/\/voyagedelabaleine.fr\/wp-content\/uploads\/2025\/04\/ensemble-bebe-chemise-short-vert-scaled-768x1024.jpg 768w, https:\/\/voyagedelabaleine.fr\/wp-content\/uploads\/2025\/04\/ensemble-bebe-chemise-short-vert-scaled-1152x1536.jpg 1152w, https:\/\/voyagedelabaleine.fr\/wp-content\/uploads\/2025\/04\/ensemble-bebe-chemise-short-vert-scaled.jpg 1536w\" sizes=\"(max-width: 600px) 100vw, 600px\" \/><img decoding=\"async\" width=\"600\" height=\"800\" src=\"https:\/\/voyagedelabaleine.fr\/wp-content\/uploads\/2025\/01\/ensemble-garcon-chemise-short-lin-vert-2-600x800.jpg\" class=\"woo-entry-image-secondary\" alt=\"Completo bambino camicia e pantaloncini &#8211; Verde\" itemprop=\"image\" srcset=\"https:\/\/voyagedelabaleine.fr\/wp-content\/uploads\/2025\/01\/ensemble-garcon-chemise-short-lin-vert-2-600x799.jpg 600w, https:\/\/voyagedelabaleine.fr\/wp-content\/uploads\/2025\/01\/ensemble-garcon-chemise-short-lin-vert-2-225x300.jpg 225w, https:\/\/voyagedelabaleine.fr\/wp-content\/uploads\/2025\/01\/ensemble-garcon-chemise-short-lin-vert-2-769x1024.jpg 769w, https:\/\/voyagedelabaleine.fr\/wp-content\/uploads\/2025\/01\/ensemble-garcon-chemise-short-lin-vert-2-768x1023.jpg 768w, https:\/\/voyagedelabaleine.fr\/wp-content\/uploads\/2025\/01\/ensemble-garcon-chemise-short-lin-vert-2.jpg 1016w\" sizes=\"(max-width: 600px) 100vw, 600px\" \/><\/a>\t<\/div><!-- .woo-entry-image-swap -->\n\n<\/li><li class=\"title\"><h2><a href=\"https:\/\/voyagedelabaleine.fr\/it\/prodotto\/completo-bambino-camicia-e-pantaloncini-verde\/\">Completo bambino camicia e pantaloncini &#8211; Verde<\/a><\/h2><\/li><li class=\"price-wrap\">\n\t<span class=\"price\"><span class=\"woocommerce-Price-amount amount\"><bdi>58<span class=\"woocommerce-Price-currencySymbol\">&euro;<\/span><\/bdi><\/span><\/span>\n<\/li><\/ul><\/div><!-- .product-inner .clr --><\/li>\n<\/ul>\n<\/div><\/div>\n\t\t\t\t\t\t<\/div>\n\t\t\t\t<\/div>\n\t\t<div class=\"elementor-element elementor-element-d5d3fdd e-con-full e-flex e-con e-parent\" data-id=\"d5d3fdd\" data-element_type=\"container\" data-e-type=\"container\">\n\t\t\t\t<div class=\"elementor-element elementor-element-db34334 elementor-widget-divider--separator-type-pattern elementor-widget-divider--view-line elementor-widget elementor-widget-divider\" data-id=\"db34334\" data-element_type=\"widget\" data-e-type=\"widget\" data-widget_type=\"divider.default\">\n\t\t\t\t\t\t\t<div class=\"elementor-divider\" style=\"--divider-pattern-url: url(&quot;data:image\/svg+xml,%3Csvg xmlns=&#039;http:\/\/www.w3.org\/2000\/svg&#039; preserveAspectRatio=&#039;none&#039; overflow=&#039;visible&#039; height=&#039;100%&#039; viewBox=&#039;0 0 24 24&#039; fill=&#039;black&#039; stroke=&#039;none&#039;%3E%3Cpath d=&#039;M12.7,2.3c-0.4-0.4-1.1-0.4-1.5,0l-8,9.1c-0.3,0.4-0.3,0.9,0,1.2l8,9.1c0.4,0.4,1.1,0.4,1.5,0l8-9.1c0.3-0.4,0.3-0.9,0-1.2L12.7,2.3z&#039;\/%3E%3C\/svg%3E&quot;);\">\n\t\t\t<span class=\"elementor-divider-separator\">\n\t\t\t\t\t\t<\/span>\n\t\t<\/div>\n\t\t\t\t\t\t<\/div>\n\t\t\t\t<div class=\"elementor-element elementor-element-2308485 elementor-widget__width-initial elementor-widget-mobile__width-inherit elementor-widget elementor-widget-shortcode\" data-id=\"2308485\" data-element_type=\"widget\" data-e-type=\"widget\" data-widget_type=\"shortcode.default\">\n\t\t\t\t\t\t\t<div class=\"elementor-shortcode\"><div class=\"woocommerce columns-2 \">\r\n<ul class=\"products oceanwp-row clr grid tablet-col tablet-2-col mobile-col mobile-2-col\">\r\n<li class=\"entry has-media has-rating col span_1_of_2 owp-content-center owp-thumbs-layout-vertical owp-btn-big owp-tabs-layout-vertical circle-sale product type-product post-29396 status-publish first instock product_cat-abbigliamento product_cat-bloomer-short-pantaloni-nascita product_cat-bloomer-short-pantaloni-nascita-ragazzo product_cat-bloomer-short-pantaloni-neonati product_cat-bloomer-short-pantaloni-neonato product_cat-blusa-camicia-nascita product_cat-blusa-camicia-nascita-ragazzo product_cat-blusa-camicia-neonati product_cat-blusa-camicia-neonato product_cat-completi-nascita product_cat-completi-nascita-ragazzo product_cat-completi-neonati product_cat-completi-neonato has-post-thumbnail taxable shipping-taxable purchasable product-type-variable has-default-attributes\">\n\t<div class=\"product-inner clr\">\n\t<div class=\"woo-entry-image-swap woo-entry-image clr\">\n\t\t<a href=\"https:\/\/voyagedelabaleine.fr\/it\/prodotto\/completo-blusa-e-bloomer-neonato-in-lino-e-cotone-beige\/\" class=\"woocommerce-LoopProduct-link\"><img decoding=\"async\" width=\"600\" height=\"800\" src=\"https:\/\/voyagedelabaleine.fr\/wp-content\/uploads\/2025\/04\/ensemble-blouse-bloomer-bebe-lin-600x800.jpg\" class=\"woo-entry-image-main\" alt=\"Completo blusa e bloomer neonato in lino e cotone &#8211; Beige\" itemprop=\"image\" srcset=\"https:\/\/voyagedelabaleine.fr\/wp-content\/uploads\/2025\/04\/ensemble-blouse-bloomer-bebe-lin-600x800.jpg 600w, https:\/\/voyagedelabaleine.fr\/wp-content\/uploads\/2025\/04\/ensemble-blouse-bloomer-bebe-lin-225x300.jpg 225w, https:\/\/voyagedelabaleine.fr\/wp-content\/uploads\/2025\/04\/ensemble-blouse-bloomer-bebe-lin-768x1024.jpg 768w, https:\/\/voyagedelabaleine.fr\/wp-content\/uploads\/2025\/04\/ensemble-blouse-bloomer-bebe-lin-1152x1536.jpg 1152w, https:\/\/voyagedelabaleine.fr\/wp-content\/uploads\/2025\/04\/ensemble-blouse-bloomer-bebe-lin.jpg 1400w\" sizes=\"(max-width: 600px) 100vw, 600px\" \/><img decoding=\"async\" width=\"600\" height=\"800\" src=\"https:\/\/voyagedelabaleine.fr\/wp-content\/uploads\/2025\/04\/ensemble-blouse-bloomer-bebe-lin-2-600x800.jpg\" class=\"woo-entry-image-secondary\" alt=\"Completo blusa e bloomer neonato in lino e cotone &#8211; Beige\" itemprop=\"image\" srcset=\"https:\/\/voyagedelabaleine.fr\/wp-content\/uploads\/2025\/04\/ensemble-blouse-bloomer-bebe-lin-2-600x800.jpg 600w, https:\/\/voyagedelabaleine.fr\/wp-content\/uploads\/2025\/04\/ensemble-blouse-bloomer-bebe-lin-2-225x300.jpg 225w, https:\/\/voyagedelabaleine.fr\/wp-content\/uploads\/2025\/04\/ensemble-blouse-bloomer-bebe-lin-2-768x1024.jpg 768w, https:\/\/voyagedelabaleine.fr\/wp-content\/uploads\/2025\/04\/ensemble-blouse-bloomer-bebe-lin-2.jpg 900w\" sizes=\"(max-width: 600px) 100vw, 600px\" \/><\/a>\t<\/div><!-- .woo-entry-image-swap -->\n\n<ul class=\"woo-entry-inner clr\"><li class=\"image-wrap\">\n\t<div class=\"woo-entry-image-swap woo-entry-image clr\">\n\t\t<a href=\"https:\/\/voyagedelabaleine.fr\/it\/prodotto\/completo-blusa-e-bloomer-neonato-in-lino-e-cotone-beige\/\" class=\"woocommerce-LoopProduct-link\"><img decoding=\"async\" width=\"600\" height=\"800\" src=\"https:\/\/voyagedelabaleine.fr\/wp-content\/uploads\/2025\/04\/ensemble-blouse-bloomer-bebe-lin-600x800.jpg\" class=\"woo-entry-image-main\" alt=\"Completo blusa e bloomer neonato in lino e cotone &#8211; Beige\" itemprop=\"image\" srcset=\"https:\/\/voyagedelabaleine.fr\/wp-content\/uploads\/2025\/04\/ensemble-blouse-bloomer-bebe-lin-600x800.jpg 600w, https:\/\/voyagedelabaleine.fr\/wp-content\/uploads\/2025\/04\/ensemble-blouse-bloomer-bebe-lin-225x300.jpg 225w, https:\/\/voyagedelabaleine.fr\/wp-content\/uploads\/2025\/04\/ensemble-blouse-bloomer-bebe-lin-768x1024.jpg 768w, https:\/\/voyagedelabaleine.fr\/wp-content\/uploads\/2025\/04\/ensemble-blouse-bloomer-bebe-lin-1152x1536.jpg 1152w, https:\/\/voyagedelabaleine.fr\/wp-content\/uploads\/2025\/04\/ensemble-blouse-bloomer-bebe-lin.jpg 1400w\" sizes=\"(max-width: 600px) 100vw, 600px\" \/><img decoding=\"async\" width=\"600\" height=\"800\" src=\"https:\/\/voyagedelabaleine.fr\/wp-content\/uploads\/2025\/04\/ensemble-blouse-bloomer-bebe-lin-2-600x800.jpg\" class=\"woo-entry-image-secondary\" alt=\"Completo blusa e bloomer neonato in lino e cotone &#8211; Beige\" itemprop=\"image\" srcset=\"https:\/\/voyagedelabaleine.fr\/wp-content\/uploads\/2025\/04\/ensemble-blouse-bloomer-bebe-lin-2-600x800.jpg 600w, https:\/\/voyagedelabaleine.fr\/wp-content\/uploads\/2025\/04\/ensemble-blouse-bloomer-bebe-lin-2-225x300.jpg 225w, https:\/\/voyagedelabaleine.fr\/wp-content\/uploads\/2025\/04\/ensemble-blouse-bloomer-bebe-lin-2-768x1024.jpg 768w, https:\/\/voyagedelabaleine.fr\/wp-content\/uploads\/2025\/04\/ensemble-blouse-bloomer-bebe-lin-2.jpg 900w\" sizes=\"(max-width: 600px) 100vw, 600px\" \/><\/a>\t<\/div><!-- .woo-entry-image-swap -->\n\n<\/li><li class=\"title\"><h2><a href=\"https:\/\/voyagedelabaleine.fr\/it\/prodotto\/completo-blusa-e-bloomer-neonato-in-lino-e-cotone-beige\/\">Completo blusa e bloomer neonato in lino e cotone &#8211; Beige<\/a><\/h2><\/li><li class=\"price-wrap\">\n\t<span class=\"price\"><span class=\"woocommerce-Price-amount amount\"><bdi>60<span class=\"woocommerce-Price-currencySymbol\">&euro;<\/span><\/bdi><\/span><\/span>\n<\/li><\/ul><\/div><!-- .product-inner .clr --><\/li>\n<li class=\"entry has-media col span_1_of_2 owp-content-center owp-thumbs-layout-vertical owp-btn-big owp-tabs-layout-vertical circle-sale product type-product post-31429 status-publish last instock product_cat-calze-collant-neonati-bambini product_cat-calzini-collant-nascita product_cat-calzini-collant-nascita-ragazza product_cat-calzini-collant-nascita-ragazzo-2 product_cat-calzini-collant-neonata product_cat-calzini-collant-neonato product_cat-ultima-occasione has-post-thumbnail taxable shipping-taxable purchasable product-type-variable has-default-attributes\">\n\t<div class=\"product-inner clr\">\n\t<div class=\"woo-entry-image-swap woo-entry-image clr\">\n\t\t<a href=\"https:\/\/voyagedelabaleine.fr\/it\/prodotto\/calzini-neonato-corti-con-pompon-beige\/\" class=\"woocommerce-LoopProduct-link\"><img decoding=\"async\" width=\"600\" height=\"800\" src=\"https:\/\/voyagedelabaleine.fr\/wp-content\/uploads\/2024\/02\/chaussettes-bebe-coutes-beige-pompons-1-1-600x800.jpg\" class=\"woo-entry-image-main\" alt=\"Calzini neonato corti con pompon &#8211; Beige\" itemprop=\"image\" srcset=\"https:\/\/voyagedelabaleine.fr\/wp-content\/uploads\/2024\/02\/chaussettes-bebe-coutes-beige-pompons-1-1-600x800.jpg 600w, https:\/\/voyagedelabaleine.fr\/wp-content\/uploads\/2024\/02\/chaussettes-bebe-coutes-beige-pompons-1-1-225x300.jpg 225w, https:\/\/voyagedelabaleine.fr\/wp-content\/uploads\/2024\/02\/chaussettes-bebe-coutes-beige-pompons-1-1-768x1024.jpg 768w, https:\/\/voyagedelabaleine.fr\/wp-content\/uploads\/2024\/02\/chaussettes-bebe-coutes-beige-pompons-1-1.jpg 855w\" sizes=\"(max-width: 600px) 100vw, 600px\" \/><img decoding=\"async\" width=\"600\" height=\"800\" src=\"https:\/\/voyagedelabaleine.fr\/wp-content\/uploads\/2024\/02\/chaussettes-bebe-coutes-beige-pompons-2-600x800.jpg\" class=\"woo-entry-image-secondary\" alt=\"Calzini neonato corti con pompon &#8211; Beige\" itemprop=\"image\" srcset=\"https:\/\/voyagedelabaleine.fr\/wp-content\/uploads\/2024\/02\/chaussettes-bebe-coutes-beige-pompons-2-600x800.jpg 600w, https:\/\/voyagedelabaleine.fr\/wp-content\/uploads\/2024\/02\/chaussettes-bebe-coutes-beige-pompons-2-225x300.jpg 225w, https:\/\/voyagedelabaleine.fr\/wp-content\/uploads\/2024\/02\/chaussettes-bebe-coutes-beige-pompons-2.jpg 686w\" sizes=\"(max-width: 600px) 100vw, 600px\" \/><\/a>\t<\/div><!-- .woo-entry-image-swap -->\n\n<ul class=\"woo-entry-inner clr\"><li class=\"image-wrap\">\n\t<div class=\"woo-entry-image-swap woo-entry-image clr\">\n\t\t<a href=\"https:\/\/voyagedelabaleine.fr\/it\/prodotto\/calzini-neonato-corti-con-pompon-beige\/\" class=\"woocommerce-LoopProduct-link\"><img decoding=\"async\" width=\"600\" height=\"800\" src=\"https:\/\/voyagedelabaleine.fr\/wp-content\/uploads\/2024\/02\/chaussettes-bebe-coutes-beige-pompons-1-1-600x800.jpg\" class=\"woo-entry-image-main\" alt=\"Calzini neonato corti con pompon &#8211; Beige\" itemprop=\"image\" srcset=\"https:\/\/voyagedelabaleine.fr\/wp-content\/uploads\/2024\/02\/chaussettes-bebe-coutes-beige-pompons-1-1-600x800.jpg 600w, https:\/\/voyagedelabaleine.fr\/wp-content\/uploads\/2024\/02\/chaussettes-bebe-coutes-beige-pompons-1-1-225x300.jpg 225w, https:\/\/voyagedelabaleine.fr\/wp-content\/uploads\/2024\/02\/chaussettes-bebe-coutes-beige-pompons-1-1-768x1024.jpg 768w, https:\/\/voyagedelabaleine.fr\/wp-content\/uploads\/2024\/02\/chaussettes-bebe-coutes-beige-pompons-1-1.jpg 855w\" sizes=\"(max-width: 600px) 100vw, 600px\" \/><img decoding=\"async\" width=\"600\" height=\"800\" src=\"https:\/\/voyagedelabaleine.fr\/wp-content\/uploads\/2024\/02\/chaussettes-bebe-coutes-beige-pompons-2-600x800.jpg\" class=\"woo-entry-image-secondary\" alt=\"Calzini neonato corti con pompon &#8211; Beige\" itemprop=\"image\" srcset=\"https:\/\/voyagedelabaleine.fr\/wp-content\/uploads\/2024\/02\/chaussettes-bebe-coutes-beige-pompons-2-600x800.jpg 600w, https:\/\/voyagedelabaleine.fr\/wp-content\/uploads\/2024\/02\/chaussettes-bebe-coutes-beige-pompons-2-225x300.jpg 225w, https:\/\/voyagedelabaleine.fr\/wp-content\/uploads\/2024\/02\/chaussettes-bebe-coutes-beige-pompons-2.jpg 686w\" sizes=\"(max-width: 600px) 100vw, 600px\" \/><\/a>\t<\/div><!-- .woo-entry-image-swap -->\n\n<\/li><li class=\"title\"><h2><a href=\"https:\/\/voyagedelabaleine.fr\/it\/prodotto\/calzini-neonato-corti-con-pompon-beige\/\">Calzini neonato corti con pompon &#8211; Beige<\/a><\/h2><\/li><li class=\"price-wrap\">\n\t<span class=\"price\"><span class=\"woocommerce-Price-amount amount\"><bdi>10<span class=\"woocommerce-Price-currencySymbol\">&euro;<\/span><\/bdi><\/span><\/span>\n<\/li><\/ul><\/div><!-- .product-inner .clr --><\/li>\n<\/ul>\n<\/div><\/div>\n\t\t\t\t\t\t<\/div>\n\t\t\t\t<\/div>\n\t\t<div class=\"elementor-element elementor-element-de21b0a e-con-full e-flex e-con e-parent\" data-id=\"de21b0a\" data-element_type=\"container\" data-e-type=\"container\">\n\t\t\t\t<div class=\"elementor-element elementor-element-66d3e8c elementor-widget-divider--separator-type-pattern elementor-widget-divider--view-line elementor-widget elementor-widget-divider\" data-id=\"66d3e8c\" data-element_type=\"widget\" data-e-type=\"widget\" data-widget_type=\"divider.default\">\n\t\t\t\t\t\t\t<div class=\"elementor-divider\" style=\"--divider-pattern-url: url(&quot;data:image\/svg+xml,%3Csvg xmlns=&#039;http:\/\/www.w3.org\/2000\/svg&#039; preserveAspectRatio=&#039;none&#039; overflow=&#039;visible&#039; height=&#039;100%&#039; viewBox=&#039;0 0 24 24&#039; fill=&#039;black&#039; stroke=&#039;none&#039;%3E%3Cpath d=&#039;M12.7,2.3c-0.4-0.4-1.1-0.4-1.5,0l-8,9.1c-0.3,0.4-0.3,0.9,0,1.2l8,9.1c0.4,0.4,1.1,0.4,1.5,0l8-9.1c0.3-0.4,0.3-0.9,0-1.2L12.7,2.3z&#039;\/%3E%3C\/svg%3E&quot;);\">\n\t\t\t<span class=\"elementor-divider-separator\">\n\t\t\t\t\t\t<\/span>\n\t\t<\/div>\n\t\t\t\t\t\t<\/div>\n\t\t\t\t<div class=\"elementor-element elementor-element-c018c9a elementor-widget__width-initial elementor-widget-mobile__width-inherit elementor-widget elementor-widget-shortcode\" data-id=\"c018c9a\" data-element_type=\"widget\" data-e-type=\"widget\" data-widget_type=\"shortcode.default\">\n\t\t\t\t\t\t\t<div class=\"elementor-shortcode\"><div class=\"woocommerce columns-2 \">\r\n<ul class=\"products oceanwp-row clr grid tablet-col tablet-2-col mobile-col mobile-2-col\">\r\n<li class=\"entry has-media has-rating col span_1_of_2 owp-content-center owp-thumbs-layout-vertical owp-btn-big owp-tabs-layout-vertical circle-sale product type-product post-33384 status-publish first instock product_cat-scarpine-nascita product_cat-scarpine-nascita-ragazza product_cat-scarpine-nascita-ragazzo product_cat-scarpine-neonata product_cat-scarpine-neonati product_cat-scarpine-neonato product_tag-scarpine has-post-thumbnail taxable shipping-taxable purchasable product-type-variable has-default-attributes\">\n\t<div class=\"product-inner clr\">\n\t<div class=\"woo-entry-image-swap woo-entry-image clr\">\n\t\t<a href=\"https:\/\/voyagedelabaleine.fr\/it\/prodotto\/stivaletti-neonato-morbidi-cammello\/\" class=\"woocommerce-LoopProduct-link\"><img decoding=\"async\" width=\"600\" height=\"800\" src=\"https:\/\/voyagedelabaleine.fr\/wp-content\/uploads\/2023\/10\/chaussons-bebe-hauts-doux-camel-1-600x800.jpg\" class=\"woo-entry-image-main\" alt=\"Stivaletti neonato morbidi &#8211; Cammello\" itemprop=\"image\" srcset=\"https:\/\/voyagedelabaleine.fr\/wp-content\/uploads\/2023\/10\/chaussons-bebe-hauts-doux-camel-1-600x800.jpg 600w, https:\/\/voyagedelabaleine.fr\/wp-content\/uploads\/2023\/10\/chaussons-bebe-hauts-doux-camel-1-225x300.jpg 225w, https:\/\/voyagedelabaleine.fr\/wp-content\/uploads\/2023\/10\/chaussons-bebe-hauts-doux-camel-1-768x1024.jpg 768w, https:\/\/voyagedelabaleine.fr\/wp-content\/uploads\/2023\/10\/chaussons-bebe-hauts-doux-camel-1.jpg 855w\" sizes=\"(max-width: 600px) 100vw, 600px\" \/><img decoding=\"async\" width=\"600\" height=\"800\" src=\"https:\/\/voyagedelabaleine.fr\/wp-content\/uploads\/2023\/10\/chaussons-bebe-hauts-doux-camel-2-600x800.jpg\" class=\"woo-entry-image-secondary\" alt=\"Stivaletti neonato morbidi &#8211; Cammello\" itemprop=\"image\" srcset=\"https:\/\/voyagedelabaleine.fr\/wp-content\/uploads\/2023\/10\/chaussons-bebe-hauts-doux-camel-2-600x801.jpg 600w, https:\/\/voyagedelabaleine.fr\/wp-content\/uploads\/2023\/10\/chaussons-bebe-hauts-doux-camel-2-225x300.jpg 225w, https:\/\/voyagedelabaleine.fr\/wp-content\/uploads\/2023\/10\/chaussons-bebe-hauts-doux-camel-2.jpg 690w\" sizes=\"(max-width: 600px) 100vw, 600px\" \/><\/a>\t<\/div><!-- .woo-entry-image-swap -->\n\n<ul class=\"woo-entry-inner clr\"><li class=\"image-wrap\">\n\t<div class=\"woo-entry-image-swap woo-entry-image clr\">\n\t\t<a href=\"https:\/\/voyagedelabaleine.fr\/it\/prodotto\/stivaletti-neonato-morbidi-cammello\/\" class=\"woocommerce-LoopProduct-link\"><img decoding=\"async\" width=\"600\" height=\"800\" src=\"https:\/\/voyagedelabaleine.fr\/wp-content\/uploads\/2023\/10\/chaussons-bebe-hauts-doux-camel-1-600x800.jpg\" class=\"woo-entry-image-main\" alt=\"Stivaletti neonato morbidi &#8211; Cammello\" itemprop=\"image\" srcset=\"https:\/\/voyagedelabaleine.fr\/wp-content\/uploads\/2023\/10\/chaussons-bebe-hauts-doux-camel-1-600x800.jpg 600w, https:\/\/voyagedelabaleine.fr\/wp-content\/uploads\/2023\/10\/chaussons-bebe-hauts-doux-camel-1-225x300.jpg 225w, https:\/\/voyagedelabaleine.fr\/wp-content\/uploads\/2023\/10\/chaussons-bebe-hauts-doux-camel-1-768x1024.jpg 768w, https:\/\/voyagedelabaleine.fr\/wp-content\/uploads\/2023\/10\/chaussons-bebe-hauts-doux-camel-1.jpg 855w\" sizes=\"(max-width: 600px) 100vw, 600px\" \/><img decoding=\"async\" width=\"600\" height=\"800\" src=\"https:\/\/voyagedelabaleine.fr\/wp-content\/uploads\/2023\/10\/chaussons-bebe-hauts-doux-camel-2-600x800.jpg\" class=\"woo-entry-image-secondary\" alt=\"Stivaletti neonato morbidi &#8211; Cammello\" itemprop=\"image\" srcset=\"https:\/\/voyagedelabaleine.fr\/wp-content\/uploads\/2023\/10\/chaussons-bebe-hauts-doux-camel-2-600x801.jpg 600w, https:\/\/voyagedelabaleine.fr\/wp-content\/uploads\/2023\/10\/chaussons-bebe-hauts-doux-camel-2-225x300.jpg 225w, https:\/\/voyagedelabaleine.fr\/wp-content\/uploads\/2023\/10\/chaussons-bebe-hauts-doux-camel-2.jpg 690w\" sizes=\"(max-width: 600px) 100vw, 600px\" \/><\/a>\t<\/div><!-- .woo-entry-image-swap -->\n\n<\/li><li class=\"title\"><h2><a href=\"https:\/\/voyagedelabaleine.fr\/it\/prodotto\/stivaletti-neonato-morbidi-cammello\/\">Stivaletti neonato morbidi &#8211; Cammello<\/a><\/h2><\/li><li class=\"price-wrap\">\n\t<span class=\"price\"><span class=\"woocommerce-Price-amount amount\"><bdi>34<span class=\"woocommerce-Price-currencySymbol\">&euro;<\/span><\/bdi><\/span><\/span>\n<\/li><\/ul><\/div><!-- .product-inner .clr --><\/li>\n<li class=\"entry has-media col span_1_of_2 owp-content-center owp-thumbs-layout-vertical owp-btn-big owp-tabs-layout-vertical circle-sale product type-product post-31823 status-publish last instock product_cat-abbigliamento product_cat-pagliaccetto-salopette-nascita product_cat-pagliaccetto-salopette-nascita-ragazza product_cat-pagliaccetto-salopette-nascita-ragazzo product_cat-pagliaccetto-salopette-neonata product_cat-pagliaccetto-salopette-neonati product_cat-pagliaccetto-salopette-neonato product_cat-ultima-occasione has-post-thumbnail taxable shipping-taxable purchasable product-type-variable has-default-attributes\">\n\t<div class=\"product-inner clr\">\n\t<div class=\"woo-entry-image-swap woo-entry-image clr\">\n\t\t<a href=\"https:\/\/voyagedelabaleine.fr\/it\/prodotto\/pagliaccetto-neonato-unisex-tradizionale-blu-bianco\/\" class=\"woocommerce-LoopProduct-link\"><img decoding=\"async\" width=\"600\" height=\"800\" src=\"https:\/\/voyagedelabaleine.fr\/wp-content\/uploads\/2025\/01\/barboteuse-traditionnelle-rayee-600x800.jpg\" class=\"woo-entry-image-main\" alt=\"Pagliaccetto neonato unisex tradizionale &#8211; Blu\/bianco\" itemprop=\"image\" srcset=\"https:\/\/voyagedelabaleine.fr\/wp-content\/uploads\/2025\/01\/barboteuse-traditionnelle-rayee-600x800.jpg 600w, https:\/\/voyagedelabaleine.fr\/wp-content\/uploads\/2025\/01\/barboteuse-traditionnelle-rayee-225x300.jpg 225w, https:\/\/voyagedelabaleine.fr\/wp-content\/uploads\/2025\/01\/barboteuse-traditionnelle-rayee-768x1024.jpg 768w, https:\/\/voyagedelabaleine.fr\/wp-content\/uploads\/2025\/01\/barboteuse-traditionnelle-rayee.jpg 855w\" sizes=\"(max-width: 600px) 100vw, 600px\" \/><img decoding=\"async\" width=\"600\" height=\"800\" src=\"https:\/\/voyagedelabaleine.fr\/wp-content\/uploads\/2025\/01\/barboteuse-traditionnelle-bebe-smocks-1-600x800.jpg\" class=\"woo-entry-image-secondary\" alt=\"Pagliaccetto neonato unisex tradizionale &#8211; Blu\/bianco\" itemprop=\"image\" srcset=\"https:\/\/voyagedelabaleine.fr\/wp-content\/uploads\/2025\/01\/barboteuse-traditionnelle-bebe-smocks-1-600x800.jpg 600w, https:\/\/voyagedelabaleine.fr\/wp-content\/uploads\/2025\/01\/barboteuse-traditionnelle-bebe-smocks-1-225x300.jpg 225w, https:\/\/voyagedelabaleine.fr\/wp-content\/uploads\/2025\/01\/barboteuse-traditionnelle-bebe-smocks-1-768x1024.jpg 768w, https:\/\/voyagedelabaleine.fr\/wp-content\/uploads\/2025\/01\/barboteuse-traditionnelle-bebe-smocks-1.jpg 900w\" sizes=\"(max-width: 600px) 100vw, 600px\" \/><\/a>\t<\/div><!-- .woo-entry-image-swap -->\n\n<ul class=\"woo-entry-inner clr\"><li class=\"image-wrap\">\n\t<div class=\"woo-entry-image-swap woo-entry-image clr\">\n\t\t<a href=\"https:\/\/voyagedelabaleine.fr\/it\/prodotto\/pagliaccetto-neonato-unisex-tradizionale-blu-bianco\/\" class=\"woocommerce-LoopProduct-link\"><img decoding=\"async\" width=\"600\" height=\"800\" src=\"https:\/\/voyagedelabaleine.fr\/wp-content\/uploads\/2025\/01\/barboteuse-traditionnelle-rayee-600x800.jpg\" class=\"woo-entry-image-main\" alt=\"Pagliaccetto neonato unisex tradizionale &#8211; Blu\/bianco\" itemprop=\"image\" srcset=\"https:\/\/voyagedelabaleine.fr\/wp-content\/uploads\/2025\/01\/barboteuse-traditionnelle-rayee-600x800.jpg 600w, https:\/\/voyagedelabaleine.fr\/wp-content\/uploads\/2025\/01\/barboteuse-traditionnelle-rayee-225x300.jpg 225w, https:\/\/voyagedelabaleine.fr\/wp-content\/uploads\/2025\/01\/barboteuse-traditionnelle-rayee-768x1024.jpg 768w, https:\/\/voyagedelabaleine.fr\/wp-content\/uploads\/2025\/01\/barboteuse-traditionnelle-rayee.jpg 855w\" sizes=\"(max-width: 600px) 100vw, 600px\" \/><img decoding=\"async\" width=\"600\" height=\"800\" src=\"https:\/\/voyagedelabaleine.fr\/wp-content\/uploads\/2025\/01\/barboteuse-traditionnelle-bebe-smocks-1-600x800.jpg\" class=\"woo-entry-image-secondary\" alt=\"Pagliaccetto neonato unisex tradizionale &#8211; Blu\/bianco\" itemprop=\"image\" srcset=\"https:\/\/voyagedelabaleine.fr\/wp-content\/uploads\/2025\/01\/barboteuse-traditionnelle-bebe-smocks-1-600x800.jpg 600w, https:\/\/voyagedelabaleine.fr\/wp-content\/uploads\/2025\/01\/barboteuse-traditionnelle-bebe-smocks-1-225x300.jpg 225w, https:\/\/voyagedelabaleine.fr\/wp-content\/uploads\/2025\/01\/barboteuse-traditionnelle-bebe-smocks-1-768x1024.jpg 768w, https:\/\/voyagedelabaleine.fr\/wp-content\/uploads\/2025\/01\/barboteuse-traditionnelle-bebe-smocks-1.jpg 900w\" sizes=\"(max-width: 600px) 100vw, 600px\" \/><\/a>\t<\/div><!-- .woo-entry-image-swap -->\n\n<\/li><li class=\"title\"><h2><a href=\"https:\/\/voyagedelabaleine.fr\/it\/prodotto\/pagliaccetto-neonato-unisex-tradizionale-blu-bianco\/\">Pagliaccetto neonato unisex tradizionale &#8211; Blu\/bianco<\/a><\/h2><\/li><li class=\"price-wrap\">\n\t<span class=\"price\"><span class=\"woocommerce-Price-amount amount\"><bdi>58<span class=\"woocommerce-Price-currencySymbol\">&euro;<\/span><\/bdi><\/span><\/span>\n<\/li><\/ul><\/div><!-- .product-inner .clr --><\/li>\n<\/ul>\n<\/div><\/div>\n\t\t\t\t\t\t<\/div>\n\t\t\t\t<\/div>\n\t\t<div class=\"elementor-element elementor-element-504bcf5 e-con-full e-flex e-con e-parent\" data-id=\"504bcf5\" data-element_type=\"container\" data-e-type=\"container\">\n\t\t\t\t<div class=\"elementor-element elementor-element-50207c0 elementor-widget-divider--separator-type-pattern elementor-widget-divider--view-line elementor-widget elementor-widget-divider\" data-id=\"50207c0\" data-element_type=\"widget\" data-e-type=\"widget\" data-widget_type=\"divider.default\">\n\t\t\t\t\t\t\t<div class=\"elementor-divider\" style=\"--divider-pattern-url: url(&quot;data:image\/svg+xml,%3Csvg xmlns=&#039;http:\/\/www.w3.org\/2000\/svg&#039; preserveAspectRatio=&#039;none&#039; overflow=&#039;visible&#039; height=&#039;100%&#039; viewBox=&#039;0 0 24 24&#039; fill=&#039;black&#039; stroke=&#039;none&#039;%3E%3Cpath d=&#039;M12.7,2.3c-0.4-0.4-1.1-0.4-1.5,0l-8,9.1c-0.3,0.4-0.3,0.9,0,1.2l8,9.1c0.4,0.4,1.1,0.4,1.5,0l8-9.1c0.3-0.4,0.3-0.9,0-1.2L12.7,2.3z&#039;\/%3E%3C\/svg%3E&quot;);\">\n\t\t\t<span class=\"elementor-divider-separator\">\n\t\t\t\t\t\t<\/span>\n\t\t<\/div>\n\t\t\t\t\t\t<\/div>\n\t\t\t\t<div class=\"elementor-element elementor-element-22ccecd elementor-widget elementor-widget-shortcode\" data-id=\"22ccecd\" data-element_type=\"widget\" data-e-type=\"widget\" data-widget_type=\"shortcode.default\">\n\t\t\t\t\t\t\t<div class=\"elementor-shortcode\"><div class=\"woocommerce columns-3 \">\r\n<ul class=\"products oceanwp-row clr grid tablet-col tablet-2-col mobile-col mobile-2-col\">\r\n<li class=\"entry has-media has-rating col span_1_of_3 owp-content-center owp-thumbs-layout-vertical owp-btn-big owp-tabs-layout-vertical circle-sale product type-product post-34594 status-publish first instock product_cat-body product_cat-body-nascita product_cat-body-nascita-ragazzo product_cat-body-neonati product_cat-body-neonato has-post-thumbnail taxable shipping-taxable purchasable product-type-variable has-default-attributes\">\n\t<div class=\"product-inner clr\">\n\t<div class=\"woo-entry-image-swap woo-entry-image clr\">\n\t\t<a href=\"https:\/\/voyagedelabaleine.fr\/it\/prodotto\/body-neonato-polo-maniche-corte-bianco\/\" class=\"woocommerce-LoopProduct-link\"><img decoding=\"async\" width=\"600\" height=\"800\" src=\"https:\/\/voyagedelabaleine.fr\/wp-content\/uploads\/2025\/01\/body-bebe-polo-blanc-1-600x800.jpg\" class=\"woo-entry-image-main\" alt=\"Body neonato polo maniche corte &#8211; Bianco\" itemprop=\"image\" srcset=\"https:\/\/voyagedelabaleine.fr\/wp-content\/uploads\/2025\/01\/body-bebe-polo-blanc-1-600x800.jpg 600w, https:\/\/voyagedelabaleine.fr\/wp-content\/uploads\/2025\/01\/body-bebe-polo-blanc-1-225x300.jpg 225w, https:\/\/voyagedelabaleine.fr\/wp-content\/uploads\/2025\/01\/body-bebe-polo-blanc-1-768x1024.jpg 768w, https:\/\/voyagedelabaleine.fr\/wp-content\/uploads\/2025\/01\/body-bebe-polo-blanc-1-1152x1536.jpg 1152w, https:\/\/voyagedelabaleine.fr\/wp-content\/uploads\/2025\/01\/body-bebe-polo-blanc-1.jpg 1300w\" sizes=\"(max-width: 600px) 100vw, 600px\" \/><img decoding=\"async\" width=\"600\" height=\"800\" src=\"https:\/\/voyagedelabaleine.fr\/wp-content\/uploads\/2025\/01\/body-bebe-polo-blanc-2-600x800.jpg\" class=\"woo-entry-image-secondary\" alt=\"Body neonato polo maniche corte &#8211; Bianco\" itemprop=\"image\" srcset=\"https:\/\/voyagedelabaleine.fr\/wp-content\/uploads\/2025\/01\/body-bebe-polo-blanc-2-600x801.jpg 600w, https:\/\/voyagedelabaleine.fr\/wp-content\/uploads\/2025\/01\/body-bebe-polo-blanc-2-225x300.jpg 225w, https:\/\/voyagedelabaleine.fr\/wp-content\/uploads\/2025\/01\/body-bebe-polo-blanc-2-767x1024.jpg 767w, https:\/\/voyagedelabaleine.fr\/wp-content\/uploads\/2025\/01\/body-bebe-polo-blanc-2-768x1025.jpg 768w, https:\/\/voyagedelabaleine.fr\/wp-content\/uploads\/2025\/01\/body-bebe-polo-blanc-2.jpg 900w\" sizes=\"(max-width: 600px) 100vw, 600px\" \/><\/a>\t<\/div><!-- .woo-entry-image-swap -->\n\n<ul class=\"woo-entry-inner clr\"><li class=\"image-wrap\">\n\t<div class=\"woo-entry-image-swap woo-entry-image clr\">\n\t\t<a href=\"https:\/\/voyagedelabaleine.fr\/it\/prodotto\/body-neonato-polo-maniche-corte-bianco\/\" class=\"woocommerce-LoopProduct-link\"><img decoding=\"async\" width=\"600\" height=\"800\" src=\"https:\/\/voyagedelabaleine.fr\/wp-content\/uploads\/2025\/01\/body-bebe-polo-blanc-1-600x800.jpg\" class=\"woo-entry-image-main\" alt=\"Body neonato polo maniche corte &#8211; Bianco\" itemprop=\"image\" srcset=\"https:\/\/voyagedelabaleine.fr\/wp-content\/uploads\/2025\/01\/body-bebe-polo-blanc-1-600x800.jpg 600w, https:\/\/voyagedelabaleine.fr\/wp-content\/uploads\/2025\/01\/body-bebe-polo-blanc-1-225x300.jpg 225w, https:\/\/voyagedelabaleine.fr\/wp-content\/uploads\/2025\/01\/body-bebe-polo-blanc-1-768x1024.jpg 768w, https:\/\/voyagedelabaleine.fr\/wp-content\/uploads\/2025\/01\/body-bebe-polo-blanc-1-1152x1536.jpg 1152w, https:\/\/voyagedelabaleine.fr\/wp-content\/uploads\/2025\/01\/body-bebe-polo-blanc-1.jpg 1300w\" sizes=\"(max-width: 600px) 100vw, 600px\" \/><img decoding=\"async\" width=\"600\" height=\"800\" src=\"https:\/\/voyagedelabaleine.fr\/wp-content\/uploads\/2025\/01\/body-bebe-polo-blanc-2-600x800.jpg\" class=\"woo-entry-image-secondary\" alt=\"Body neonato polo maniche corte &#8211; Bianco\" itemprop=\"image\" srcset=\"https:\/\/voyagedelabaleine.fr\/wp-content\/uploads\/2025\/01\/body-bebe-polo-blanc-2-600x801.jpg 600w, https:\/\/voyagedelabaleine.fr\/wp-content\/uploads\/2025\/01\/body-bebe-polo-blanc-2-225x300.jpg 225w, https:\/\/voyagedelabaleine.fr\/wp-content\/uploads\/2025\/01\/body-bebe-polo-blanc-2-767x1024.jpg 767w, https:\/\/voyagedelabaleine.fr\/wp-content\/uploads\/2025\/01\/body-bebe-polo-blanc-2-768x1025.jpg 768w, https:\/\/voyagedelabaleine.fr\/wp-content\/uploads\/2025\/01\/body-bebe-polo-blanc-2.jpg 900w\" sizes=\"(max-width: 600px) 100vw, 600px\" \/><\/a>\t<\/div><!-- .woo-entry-image-swap -->\n\n<\/li><li class=\"title\"><h2><a href=\"https:\/\/voyagedelabaleine.fr\/it\/prodotto\/body-neonato-polo-maniche-corte-bianco\/\">Body neonato polo maniche corte &#8211; Bianco<\/a><\/h2><\/li><li class=\"price-wrap\">\n\t<span class=\"price\"><span class=\"woocommerce-Price-amount amount\"><bdi>24<span class=\"woocommerce-Price-currencySymbol\">&euro;<\/span><\/bdi><\/span><\/span>\n<\/li><\/ul><\/div><!-- .product-inner .clr --><\/li>\n<li class=\"entry has-media col span_1_of_3 owp-content-center owp-thumbs-layout-vertical owp-btn-big owp-tabs-layout-vertical circle-sale product type-product post-29211 status-publish instock product_cat-abbigliamento product_cat-pagliaccetto-salopette-nascita product_cat-pagliaccetto-salopette-nascita-ragazza product_cat-pagliaccetto-salopette-nascita-ragazzo product_cat-pagliaccetto-salopette-neonata product_cat-pagliaccetto-salopette-neonati product_cat-pagliaccetto-salopette-neonato has-post-thumbnail taxable shipping-taxable purchasable product-type-variable has-default-attributes\">\n\t<div class=\"product-inner clr\">\n\t<div class=\"woo-entry-image-swap woo-entry-image clr\">\n\t\t<a href=\"https:\/\/voyagedelabaleine.fr\/it\/prodotto\/pagliaccetto-neonato-vichy-con-bretelle-verde\/\" class=\"woocommerce-LoopProduct-link\"><img decoding=\"async\" width=\"600\" height=\"800\" src=\"https:\/\/voyagedelabaleine.fr\/wp-content\/uploads\/2025\/01\/barboteuse-vichy-verte-1-600x800.jpg\" class=\"woo-entry-image-main\" alt=\"Pagliaccetto neonato vichy con bretelle &#8211; Verde\" itemprop=\"image\" srcset=\"https:\/\/voyagedelabaleine.fr\/wp-content\/uploads\/2025\/01\/barboteuse-vichy-verte-1-600x800.jpg 600w, https:\/\/voyagedelabaleine.fr\/wp-content\/uploads\/2025\/01\/barboteuse-vichy-verte-1-225x300.jpg 225w, https:\/\/voyagedelabaleine.fr\/wp-content\/uploads\/2025\/01\/barboteuse-vichy-verte-1-768x1024.jpg 768w, https:\/\/voyagedelabaleine.fr\/wp-content\/uploads\/2025\/01\/barboteuse-vichy-verte-1-1152x1536.jpg 1152w, https:\/\/voyagedelabaleine.fr\/wp-content\/uploads\/2025\/01\/barboteuse-vichy-verte-1.jpg 1400w\" sizes=\"(max-width: 600px) 100vw, 600px\" \/><img decoding=\"async\" width=\"600\" height=\"800\" src=\"https:\/\/voyagedelabaleine.fr\/wp-content\/uploads\/2025\/01\/barboteuse-vichy-verte-2-600x800.jpg\" class=\"woo-entry-image-secondary\" alt=\"Pagliaccetto neonato vichy con bretelle &#8211; Verde\" itemprop=\"image\" srcset=\"https:\/\/voyagedelabaleine.fr\/wp-content\/uploads\/2025\/01\/barboteuse-vichy-verte-2-600x800.jpg 600w, https:\/\/voyagedelabaleine.fr\/wp-content\/uploads\/2025\/01\/barboteuse-vichy-verte-2-225x300.jpg 225w, https:\/\/voyagedelabaleine.fr\/wp-content\/uploads\/2025\/01\/barboteuse-vichy-verte-2-768x1024.jpg 768w, https:\/\/voyagedelabaleine.fr\/wp-content\/uploads\/2025\/01\/barboteuse-vichy-verte-2-1152x1536.jpg 1152w, https:\/\/voyagedelabaleine.fr\/wp-content\/uploads\/2025\/01\/barboteuse-vichy-verte-2.jpg 1256w\" sizes=\"(max-width: 600px) 100vw, 600px\" \/><\/a>\t<\/div><!-- .woo-entry-image-swap -->\n\n<ul class=\"woo-entry-inner clr\"><li class=\"image-wrap\">\n\t<div class=\"woo-entry-image-swap woo-entry-image clr\">\n\t\t<a href=\"https:\/\/voyagedelabaleine.fr\/it\/prodotto\/pagliaccetto-neonato-vichy-con-bretelle-verde\/\" class=\"woocommerce-LoopProduct-link\"><img decoding=\"async\" width=\"600\" height=\"800\" src=\"https:\/\/voyagedelabaleine.fr\/wp-content\/uploads\/2025\/01\/barboteuse-vichy-verte-1-600x800.jpg\" class=\"woo-entry-image-main\" alt=\"Pagliaccetto neonato vichy con bretelle &#8211; Verde\" itemprop=\"image\" srcset=\"https:\/\/voyagedelabaleine.fr\/wp-content\/uploads\/2025\/01\/barboteuse-vichy-verte-1-600x800.jpg 600w, https:\/\/voyagedelabaleine.fr\/wp-content\/uploads\/2025\/01\/barboteuse-vichy-verte-1-225x300.jpg 225w, https:\/\/voyagedelabaleine.fr\/wp-content\/uploads\/2025\/01\/barboteuse-vichy-verte-1-768x1024.jpg 768w, https:\/\/voyagedelabaleine.fr\/wp-content\/uploads\/2025\/01\/barboteuse-vichy-verte-1-1152x1536.jpg 1152w, https:\/\/voyagedelabaleine.fr\/wp-content\/uploads\/2025\/01\/barboteuse-vichy-verte-1.jpg 1400w\" sizes=\"(max-width: 600px) 100vw, 600px\" \/><img decoding=\"async\" width=\"600\" height=\"800\" src=\"https:\/\/voyagedelabaleine.fr\/wp-content\/uploads\/2025\/01\/barboteuse-vichy-verte-2-600x800.jpg\" class=\"woo-entry-image-secondary\" alt=\"Pagliaccetto neonato vichy con bretelle &#8211; Verde\" itemprop=\"image\" srcset=\"https:\/\/voyagedelabaleine.fr\/wp-content\/uploads\/2025\/01\/barboteuse-vichy-verte-2-600x800.jpg 600w, https:\/\/voyagedelabaleine.fr\/wp-content\/uploads\/2025\/01\/barboteuse-vichy-verte-2-225x300.jpg 225w, https:\/\/voyagedelabaleine.fr\/wp-content\/uploads\/2025\/01\/barboteuse-vichy-verte-2-768x1024.jpg 768w, https:\/\/voyagedelabaleine.fr\/wp-content\/uploads\/2025\/01\/barboteuse-vichy-verte-2-1152x1536.jpg 1152w, https:\/\/voyagedelabaleine.fr\/wp-content\/uploads\/2025\/01\/barboteuse-vichy-verte-2.jpg 1256w\" sizes=\"(max-width: 600px) 100vw, 600px\" \/><\/a>\t<\/div><!-- .woo-entry-image-swap -->\n\n<\/li><li class=\"title\"><h2><a href=\"https:\/\/voyagedelabaleine.fr\/it\/prodotto\/pagliaccetto-neonato-vichy-con-bretelle-verde\/\">Pagliaccetto neonato vichy con bretelle &#8211; Verde<\/a><\/h2><\/li><li class=\"price-wrap\">\n\t<span class=\"price\"><span class=\"woocommerce-Price-amount amount\"><bdi>52<span class=\"woocommerce-Price-currencySymbol\">&euro;<\/span><\/bdi><\/span><\/span>\n<\/li><\/ul><\/div><!-- .product-inner .clr --><\/li>\n<li class=\"entry has-media has-rating col span_1_of_3 owp-content-center owp-thumbs-layout-vertical owp-btn-big owp-tabs-layout-vertical circle-sale product type-product post-33412 status-publish last instock product_cat-scarpine-nascita product_cat-scarpine-nascita-ragazza product_cat-scarpine-nascita-ragazzo product_cat-scarpine-neonata product_cat-scarpine-neonati product_cat-scarpine-neonato product_cat-ultima-occasione product_tag-scarpine has-post-thumbnail taxable shipping-taxable purchasable product-type-variable has-default-attributes\">\n\t<div class=\"product-inner clr\">\n\t<div class=\"woo-entry-image-swap woo-entry-image clr\">\n\t\t<a href=\"https:\/\/voyagedelabaleine.fr\/it\/prodotto\/scarpine-per-neonati-leggere-in-morbida-pelle-tortora\/\" class=\"woocommerce-LoopProduct-link\"><img decoding=\"async\" width=\"600\" height=\"800\" src=\"https:\/\/voyagedelabaleine.fr\/wp-content\/uploads\/2023\/10\/chaussons-bebe-cuir-taupe.jpg\" class=\"woo-entry-image-main\" alt=\"Scarpine per neonati leggere in morbida pelle &#8211; Tortora\" itemprop=\"image\" srcset=\"https:\/\/voyagedelabaleine.fr\/wp-content\/uploads\/2023\/10\/chaussons-bebe-cuir-taupe.jpg 600w, https:\/\/voyagedelabaleine.fr\/wp-content\/uploads\/2023\/10\/chaussons-bebe-cuir-taupe-225x300.jpg 225w\" sizes=\"(max-width: 600px) 100vw, 600px\" \/><img decoding=\"async\" width=\"600\" height=\"800\" src=\"https:\/\/voyagedelabaleine.fr\/wp-content\/uploads\/2023\/10\/chaussons-bebe-cuir-taupe-1.jpg\" class=\"woo-entry-image-secondary\" alt=\"Scarpine per neonati leggere in morbida pelle &#8211; Tortora\" itemprop=\"image\" srcset=\"https:\/\/voyagedelabaleine.fr\/wp-content\/uploads\/2023\/10\/chaussons-bebe-cuir-taupe-1.jpg 600w, https:\/\/voyagedelabaleine.fr\/wp-content\/uploads\/2023\/10\/chaussons-bebe-cuir-taupe-1-225x300.jpg 225w\" sizes=\"(max-width: 600px) 100vw, 600px\" \/><\/a>\t<\/div><!-- .woo-entry-image-swap -->\n\n<ul class=\"woo-entry-inner clr\"><li class=\"image-wrap\">\n\t<div class=\"woo-entry-image-swap woo-entry-image clr\">\n\t\t<a href=\"https:\/\/voyagedelabaleine.fr\/it\/prodotto\/scarpine-per-neonati-leggere-in-morbida-pelle-tortora\/\" class=\"woocommerce-LoopProduct-link\"><img decoding=\"async\" width=\"600\" height=\"800\" src=\"https:\/\/voyagedelabaleine.fr\/wp-content\/uploads\/2023\/10\/chaussons-bebe-cuir-taupe.jpg\" class=\"woo-entry-image-main\" alt=\"Scarpine per neonati leggere in morbida pelle &#8211; Tortora\" itemprop=\"image\" srcset=\"https:\/\/voyagedelabaleine.fr\/wp-content\/uploads\/2023\/10\/chaussons-bebe-cuir-taupe.jpg 600w, https:\/\/voyagedelabaleine.fr\/wp-content\/uploads\/2023\/10\/chaussons-bebe-cuir-taupe-225x300.jpg 225w\" sizes=\"(max-width: 600px) 100vw, 600px\" \/><img decoding=\"async\" width=\"600\" height=\"800\" src=\"https:\/\/voyagedelabaleine.fr\/wp-content\/uploads\/2023\/10\/chaussons-bebe-cuir-taupe-1.jpg\" class=\"woo-entry-image-secondary\" alt=\"Scarpine per neonati leggere in morbida pelle &#8211; Tortora\" itemprop=\"image\" srcset=\"https:\/\/voyagedelabaleine.fr\/wp-content\/uploads\/2023\/10\/chaussons-bebe-cuir-taupe-1.jpg 600w, https:\/\/voyagedelabaleine.fr\/wp-content\/uploads\/2023\/10\/chaussons-bebe-cuir-taupe-1-225x300.jpg 225w\" sizes=\"(max-width: 600px) 100vw, 600px\" \/><\/a>\t<\/div><!-- .woo-entry-image-swap -->\n\n<\/li><li class=\"title\"><h2><a href=\"https:\/\/voyagedelabaleine.fr\/it\/prodotto\/scarpine-per-neonati-leggere-in-morbida-pelle-tortora\/\">Scarpine per neonati leggere in morbida pelle &#8211; Tortora<\/a><\/h2><\/li><li class=\"price-wrap\">\n\t<span class=\"price\"><span class=\"woocommerce-Price-amount amount\"><bdi>32<span class=\"woocommerce-Price-currencySymbol\">&euro;<\/span><\/bdi><\/span><\/span>\n<\/li><\/ul><\/div><!-- .product-inner .clr --><\/li>\n<\/ul>\n<\/div><\/div>\n\t\t\t\t\t\t<\/div>\n\t\t\t\t<\/div>\n\t\t<div class=\"elementor-element elementor-element-dd9fd8d e-con-full e-flex e-con e-parent\" data-id=\"dd9fd8d\" data-element_type=\"container\" data-e-type=\"container\">\n\t\t\t\t<div class=\"elementor-element elementor-element-87610ae elementor-widget-divider--separator-type-pattern elementor-widget-divider--view-line elementor-widget elementor-widget-divider\" data-id=\"87610ae\" data-element_type=\"widget\" data-e-type=\"widget\" data-widget_type=\"divider.default\">\n\t\t\t\t\t\t\t<div class=\"elementor-divider\" style=\"--divider-pattern-url: url(&quot;data:image\/svg+xml,%3Csvg xmlns=&#039;http:\/\/www.w3.org\/2000\/svg&#039; preserveAspectRatio=&#039;none&#039; overflow=&#039;visible&#039; height=&#039;100%&#039; viewBox=&#039;0 0 24 24&#039; fill=&#039;black&#039; stroke=&#039;none&#039;%3E%3Cpath d=&#039;M12.7,2.3c-0.4-0.4-1.1-0.4-1.5,0l-8,9.1c-0.3,0.4-0.3,0.9,0,1.2l8,9.1c0.4,0.4,1.1,0.4,1.5,0l8-9.1c0.3-0.4,0.3-0.9,0-1.2L12.7,2.3z&#039;\/%3E%3C\/svg%3E&quot;);\">\n\t\t\t<span class=\"elementor-divider-separator\">\n\t\t\t\t\t\t<\/span>\n\t\t<\/div>\n\t\t\t\t\t\t<\/div>\n\t\t\t\t<div class=\"elementor-element elementor-element-e7bbfd5 elementor-widget__width-initial elementor-widget-mobile__width-inherit elementor-widget elementor-widget-shortcode\" data-id=\"e7bbfd5\" data-element_type=\"widget\" data-e-type=\"widget\" data-widget_type=\"shortcode.default\">\n\t\t\t\t\t\t\t<div class=\"elementor-shortcode\"><div class=\"woocommerce columns-2 \">\r\n<ul class=\"products oceanwp-row clr grid tablet-col tablet-2-col mobile-col mobile-2-col\">\r\n<li class=\"entry has-media has-rating col span_1_of_2 owp-content-center owp-thumbs-layout-vertical owp-btn-big owp-tabs-layout-vertical circle-sale product type-product post-30954 status-publish first instock product_cat-calze-collant-neonati-bambini product_cat-calzini-collant-nascita product_cat-calzini-collant-nascita-ragazza product_cat-calzini-collant-nascita-ragazzo-2 product_cat-calzini-collant-bambina product_cat-calzini-collant-bambini product_cat-calzini-collant-bambino product_cat-calzini-collant-neonata product_cat-calzini-collant-neonato has-post-thumbnail taxable shipping-taxable purchasable product-type-variable has-default-attributes\">\n\t<div class=\"product-inner clr\">\n\t<div class=\"woo-entry-image-swap woo-entry-image clr\">\n\t\t<a href=\"https:\/\/voyagedelabaleine.fr\/it\/prodotto\/calze-alte-traforate-per-neonato-crema\/\" class=\"woocommerce-LoopProduct-link\"><img decoding=\"async\" width=\"600\" height=\"800\" src=\"https:\/\/voyagedelabaleine.fr\/wp-content\/uploads\/2025\/01\/chaussette-hautes-ajourees-bebe-creme-600x800.jpg\" class=\"woo-entry-image-main\" alt=\"Calze alte traforate per neonato &#8211; Crema\" itemprop=\"image\" srcset=\"https:\/\/voyagedelabaleine.fr\/wp-content\/uploads\/2025\/01\/chaussette-hautes-ajourees-bebe-creme-600x800.jpg 600w, https:\/\/voyagedelabaleine.fr\/wp-content\/uploads\/2025\/01\/chaussette-hautes-ajourees-bebe-creme-225x300.jpg 225w, https:\/\/voyagedelabaleine.fr\/wp-content\/uploads\/2025\/01\/chaussette-hautes-ajourees-bebe-creme-768x1024.jpg 768w, https:\/\/voyagedelabaleine.fr\/wp-content\/uploads\/2025\/01\/chaussette-hautes-ajourees-bebe-creme.jpg 1085w\" sizes=\"(max-width: 600px) 100vw, 600px\" \/><img decoding=\"async\" width=\"600\" height=\"800\" src=\"https:\/\/voyagedelabaleine.fr\/wp-content\/uploads\/2025\/01\/chaussette-hautes-ajourees-bebe-creme-1-600x800.jpg\" class=\"woo-entry-image-secondary\" alt=\"Calze alte traforate per neonato &#8211; Crema\" itemprop=\"image\" srcset=\"https:\/\/voyagedelabaleine.fr\/wp-content\/uploads\/2025\/01\/chaussette-hautes-ajourees-bebe-creme-1-600x800.jpg 600w, https:\/\/voyagedelabaleine.fr\/wp-content\/uploads\/2025\/01\/chaussette-hautes-ajourees-bebe-creme-1-225x300.jpg 225w, https:\/\/voyagedelabaleine.fr\/wp-content\/uploads\/2025\/01\/chaussette-hautes-ajourees-bebe-creme-1-768x1024.jpg 768w, https:\/\/voyagedelabaleine.fr\/wp-content\/uploads\/2025\/01\/chaussette-hautes-ajourees-bebe-creme-1.jpg 1085w\" sizes=\"(max-width: 600px) 100vw, 600px\" \/><\/a>\t<\/div><!-- .woo-entry-image-swap -->\n\n<ul class=\"woo-entry-inner clr\"><li class=\"image-wrap\">\n\t<div class=\"woo-entry-image-swap woo-entry-image clr\">\n\t\t<a href=\"https:\/\/voyagedelabaleine.fr\/it\/prodotto\/calze-alte-traforate-per-neonato-crema\/\" class=\"woocommerce-LoopProduct-link\"><img decoding=\"async\" width=\"600\" height=\"800\" src=\"https:\/\/voyagedelabaleine.fr\/wp-content\/uploads\/2025\/01\/chaussette-hautes-ajourees-bebe-creme-600x800.jpg\" class=\"woo-entry-image-main\" alt=\"Calze alte traforate per neonato &#8211; Crema\" itemprop=\"image\" srcset=\"https:\/\/voyagedelabaleine.fr\/wp-content\/uploads\/2025\/01\/chaussette-hautes-ajourees-bebe-creme-600x800.jpg 600w, https:\/\/voyagedelabaleine.fr\/wp-content\/uploads\/2025\/01\/chaussette-hautes-ajourees-bebe-creme-225x300.jpg 225w, https:\/\/voyagedelabaleine.fr\/wp-content\/uploads\/2025\/01\/chaussette-hautes-ajourees-bebe-creme-768x1024.jpg 768w, https:\/\/voyagedelabaleine.fr\/wp-content\/uploads\/2025\/01\/chaussette-hautes-ajourees-bebe-creme.jpg 1085w\" sizes=\"(max-width: 600px) 100vw, 600px\" \/><img decoding=\"async\" width=\"600\" height=\"800\" src=\"https:\/\/voyagedelabaleine.fr\/wp-content\/uploads\/2025\/01\/chaussette-hautes-ajourees-bebe-creme-1-600x800.jpg\" class=\"woo-entry-image-secondary\" alt=\"Calze alte traforate per neonato &#8211; Crema\" itemprop=\"image\" srcset=\"https:\/\/voyagedelabaleine.fr\/wp-content\/uploads\/2025\/01\/chaussette-hautes-ajourees-bebe-creme-1-600x800.jpg 600w, https:\/\/voyagedelabaleine.fr\/wp-content\/uploads\/2025\/01\/chaussette-hautes-ajourees-bebe-creme-1-225x300.jpg 225w, https:\/\/voyagedelabaleine.fr\/wp-content\/uploads\/2025\/01\/chaussette-hautes-ajourees-bebe-creme-1-768x1024.jpg 768w, https:\/\/voyagedelabaleine.fr\/wp-content\/uploads\/2025\/01\/chaussette-hautes-ajourees-bebe-creme-1.jpg 1085w\" sizes=\"(max-width: 600px) 100vw, 600px\" \/><\/a>\t<\/div><!-- .woo-entry-image-swap -->\n\n<\/li><li class=\"title\"><h2><a href=\"https:\/\/voyagedelabaleine.fr\/it\/prodotto\/calze-alte-traforate-per-neonato-crema\/\">Calze alte traforate per neonato &#8211; Crema<\/a><\/h2><\/li><li class=\"price-wrap\">\n\t<span class=\"price\"><span class=\"woocommerce-Price-amount amount\"><bdi>8<span class=\"woocommerce-Price-currencySymbol\">&euro;<\/span><\/bdi><\/span><\/span>\n<\/li><\/ul><\/div><!-- .product-inner .clr --><\/li>\n<li class=\"entry has-media has-rating col span_1_of_2 owp-content-center owp-thumbs-layout-vertical owp-btn-big owp-tabs-layout-vertical circle-sale product type-product post-29385 status-publish last instock product_cat-abbigliamento product_cat-pagliaccetto-salopette-nascita product_cat-pagliaccetto-salopette-nascita-ragazza product_cat-pagliaccetto-salopette-nascita-ragazzo product_cat-pagliaccetto-salopette-neonata product_cat-pagliaccetto-salopette-neonati product_cat-pagliaccetto-salopette-neonato has-post-thumbnail taxable shipping-taxable purchasable product-type-variable has-default-attributes\">\n\t<div class=\"product-inner clr\">\n\t<div class=\"woo-entry-image-swap woo-entry-image clr\">\n\t\t<a href=\"https:\/\/voyagedelabaleine.fr\/it\/prodotto\/tutina-neonato-unisex-a-girocollo-celeste\/\" class=\"woocommerce-LoopProduct-link\"><img decoding=\"async\" width=\"600\" height=\"800\" src=\"https:\/\/voyagedelabaleine.fr\/wp-content\/uploads\/2024\/02\/barboteuse-bebe-bleu-ciel-600x800.jpg\" class=\"woo-entry-image-main\" alt=\"Tutina neonato unisex a girocollo &#8211; Celeste\" itemprop=\"image\" srcset=\"https:\/\/voyagedelabaleine.fr\/wp-content\/uploads\/2024\/02\/barboteuse-bebe-bleu-ciel-600x800.jpg 600w, https:\/\/voyagedelabaleine.fr\/wp-content\/uploads\/2024\/02\/barboteuse-bebe-bleu-ciel-225x300.jpg 225w, https:\/\/voyagedelabaleine.fr\/wp-content\/uploads\/2024\/02\/barboteuse-bebe-bleu-ciel-768x1024.jpg 768w, https:\/\/voyagedelabaleine.fr\/wp-content\/uploads\/2024\/02\/barboteuse-bebe-bleu-ciel.jpg 855w\" sizes=\"(max-width: 600px) 100vw, 600px\" \/><img decoding=\"async\" width=\"600\" height=\"800\" src=\"https:\/\/voyagedelabaleine.fr\/wp-content\/uploads\/2024\/02\/barboteuse-bebe-bleu-ciel-1-600x800.jpg\" class=\"woo-entry-image-secondary\" alt=\"Tutina neonato unisex a girocollo &#8211; Celeste\" itemprop=\"image\" srcset=\"https:\/\/voyagedelabaleine.fr\/wp-content\/uploads\/2024\/02\/barboteuse-bebe-bleu-ciel-1-600x800.jpg 600w, https:\/\/voyagedelabaleine.fr\/wp-content\/uploads\/2024\/02\/barboteuse-bebe-bleu-ciel-1-225x300.jpg 225w, https:\/\/voyagedelabaleine.fr\/wp-content\/uploads\/2024\/02\/barboteuse-bebe-bleu-ciel-1-768x1024.jpg 768w, https:\/\/voyagedelabaleine.fr\/wp-content\/uploads\/2024\/02\/barboteuse-bebe-bleu-ciel-1.jpg 855w\" sizes=\"(max-width: 600px) 100vw, 600px\" \/><\/a>\t<\/div><!-- .woo-entry-image-swap -->\n\n<ul class=\"woo-entry-inner clr\"><li class=\"image-wrap\">\n\t<div class=\"woo-entry-image-swap woo-entry-image clr\">\n\t\t<a href=\"https:\/\/voyagedelabaleine.fr\/it\/prodotto\/tutina-neonato-unisex-a-girocollo-celeste\/\" class=\"woocommerce-LoopProduct-link\"><img decoding=\"async\" width=\"600\" height=\"800\" src=\"https:\/\/voyagedelabaleine.fr\/wp-content\/uploads\/2024\/02\/barboteuse-bebe-bleu-ciel-600x800.jpg\" class=\"woo-entry-image-main\" alt=\"Tutina neonato unisex a girocollo &#8211; Celeste\" itemprop=\"image\" srcset=\"https:\/\/voyagedelabaleine.fr\/wp-content\/uploads\/2024\/02\/barboteuse-bebe-bleu-ciel-600x800.jpg 600w, https:\/\/voyagedelabaleine.fr\/wp-content\/uploads\/2024\/02\/barboteuse-bebe-bleu-ciel-225x300.jpg 225w, https:\/\/voyagedelabaleine.fr\/wp-content\/uploads\/2024\/02\/barboteuse-bebe-bleu-ciel-768x1024.jpg 768w, https:\/\/voyagedelabaleine.fr\/wp-content\/uploads\/2024\/02\/barboteuse-bebe-bleu-ciel.jpg 855w\" sizes=\"(max-width: 600px) 100vw, 600px\" \/><img decoding=\"async\" width=\"600\" height=\"800\" src=\"https:\/\/voyagedelabaleine.fr\/wp-content\/uploads\/2024\/02\/barboteuse-bebe-bleu-ciel-1-600x800.jpg\" class=\"woo-entry-image-secondary\" alt=\"Tutina neonato unisex a girocollo &#8211; Celeste\" itemprop=\"image\" srcset=\"https:\/\/voyagedelabaleine.fr\/wp-content\/uploads\/2024\/02\/barboteuse-bebe-bleu-ciel-1-600x800.jpg 600w, https:\/\/voyagedelabaleine.fr\/wp-content\/uploads\/2024\/02\/barboteuse-bebe-bleu-ciel-1-225x300.jpg 225w, https:\/\/voyagedelabaleine.fr\/wp-content\/uploads\/2024\/02\/barboteuse-bebe-bleu-ciel-1-768x1024.jpg 768w, https:\/\/voyagedelabaleine.fr\/wp-content\/uploads\/2024\/02\/barboteuse-bebe-bleu-ciel-1.jpg 855w\" sizes=\"(max-width: 600px) 100vw, 600px\" \/><\/a>\t<\/div><!-- .woo-entry-image-swap -->\n\n<\/li><li class=\"title\"><h2><a href=\"https:\/\/voyagedelabaleine.fr\/it\/prodotto\/tutina-neonato-unisex-a-girocollo-celeste\/\">Tutina neonato unisex a girocollo &#8211; Celeste<\/a><\/h2><\/li><li class=\"price-wrap\">\n\t<span class=\"price\"><span class=\"woocommerce-Price-amount amount\"><bdi>48<span class=\"woocommerce-Price-currencySymbol\">&euro;<\/span><\/bdi><\/span><\/span>\n<\/li><\/ul><\/div><!-- .product-inner .clr --><\/li>\n<\/ul>\n<\/div><\/div>\n\t\t\t\t\t\t<\/div>\n\t\t\t\t<\/div>\n\t\t<div class=\"elementor-element elementor-element-f41245e e-con-full e-flex e-con e-parent\" data-id=\"f41245e\" data-element_type=\"container\" data-e-type=\"container\">\n\t\t\t\t<div class=\"elementor-element elementor-element-c8f0d39 elementor-widget-divider--separator-type-pattern elementor-widget-divider--view-line elementor-widget elementor-widget-divider\" data-id=\"c8f0d39\" data-element_type=\"widget\" data-e-type=\"widget\" data-widget_type=\"divider.default\">\n\t\t\t\t\t\t\t<div class=\"elementor-divider\" style=\"--divider-pattern-url: url(&quot;data:image\/svg+xml,%3Csvg xmlns=&#039;http:\/\/www.w3.org\/2000\/svg&#039; preserveAspectRatio=&#039;none&#039; overflow=&#039;visible&#039; height=&#039;100%&#039; viewBox=&#039;0 0 24 24&#039; fill=&#039;black&#039; stroke=&#039;none&#039;%3E%3Cpath d=&#039;M12.7,2.3c-0.4-0.4-1.1-0.4-1.5,0l-8,9.1c-0.3,0.4-0.3,0.9,0,1.2l8,9.1c0.4,0.4,1.1,0.4,1.5,0l8-9.1c0.3-0.4,0.3-0.9,0-1.2L12.7,2.3z&#039;\/%3E%3C\/svg%3E&quot;);\">\n\t\t\t<span class=\"elementor-divider-separator\">\n\t\t\t\t\t\t<\/span>\n\t\t<\/div>\n\t\t\t\t\t\t<\/div>\n\t\t\t\t<div class=\"elementor-element elementor-element-a14f86b elementor-widget__width-initial elementor-widget-mobile__width-inherit elementor-widget elementor-widget-shortcode\" data-id=\"a14f86b\" data-element_type=\"widget\" data-e-type=\"widget\" data-widget_type=\"shortcode.default\">\n\t\t\t\t\t\t\t<div class=\"elementor-shortcode\"><div class=\"woocommerce columns-2 \">\r\n<ul class=\"products oceanwp-row clr grid tablet-col tablet-2-col mobile-col mobile-2-col\">\r\n<li class=\"entry has-media col span_1_of_2 owp-content-center owp-thumbs-layout-vertical owp-btn-big owp-tabs-layout-vertical circle-sale product type-product post-32494 status-publish first instock product_cat-abbigliamento product_cat-pagliaccetto-salopette-nascita product_cat-pagliaccetto-salopette-nascita-ragazza product_cat-pagliaccetto-salopette-nascita-ragazzo product_cat-pagliaccetto-salopette-neonata product_cat-pagliaccetto-salopette-neonati product_cat-pagliaccetto-salopette-neonato has-post-thumbnail taxable shipping-taxable purchasable product-type-variable has-default-attributes\">\n\t<div class=\"product-inner clr\">\n\t<div class=\"woo-entry-image-swap woo-entry-image clr\">\n\t\t<a href=\"https:\/\/voyagedelabaleine.fr\/it\/prodotto\/pagliaccetto-neonato-unisex-senza-maniche-azzurro-cielo\/\" class=\"woocommerce-LoopProduct-link\"><img decoding=\"async\" width=\"600\" height=\"800\" src=\"https:\/\/voyagedelabaleine.fr\/wp-content\/uploads\/2025\/01\/barboteuse-bebe-sans-manches-600x800.jpg\" class=\"woo-entry-image-main\" alt=\"Pagliaccetto neonato unisex senza maniche &#8211; Azzurro cielo\" itemprop=\"image\" srcset=\"https:\/\/voyagedelabaleine.fr\/wp-content\/uploads\/2025\/01\/barboteuse-bebe-sans-manches-600x800.jpg 600w, https:\/\/voyagedelabaleine.fr\/wp-content\/uploads\/2025\/01\/barboteuse-bebe-sans-manches-225x300.jpg 225w, https:\/\/voyagedelabaleine.fr\/wp-content\/uploads\/2025\/01\/barboteuse-bebe-sans-manches-768x1024.jpg 768w, https:\/\/voyagedelabaleine.fr\/wp-content\/uploads\/2025\/01\/barboteuse-bebe-sans-manches.jpg 855w\" sizes=\"(max-width: 600px) 100vw, 600px\" \/><img decoding=\"async\" width=\"600\" height=\"800\" src=\"https:\/\/voyagedelabaleine.fr\/wp-content\/uploads\/2025\/01\/barboteuse-bebe-sans-manches-2-600x800.jpg\" class=\"woo-entry-image-secondary\" alt=\"Pagliaccetto neonato unisex senza maniche &#8211; Azzurro cielo\" itemprop=\"image\" srcset=\"https:\/\/voyagedelabaleine.fr\/wp-content\/uploads\/2025\/01\/barboteuse-bebe-sans-manches-2-600x800.jpg 600w, https:\/\/voyagedelabaleine.fr\/wp-content\/uploads\/2025\/01\/barboteuse-bebe-sans-manches-2-225x300.jpg 225w, https:\/\/voyagedelabaleine.fr\/wp-content\/uploads\/2025\/01\/barboteuse-bebe-sans-manches-2-768x1024.jpg 768w, https:\/\/voyagedelabaleine.fr\/wp-content\/uploads\/2025\/01\/barboteuse-bebe-sans-manches-2.jpg 855w\" sizes=\"(max-width: 600px) 100vw, 600px\" \/><\/a>\t<\/div><!-- .woo-entry-image-swap -->\n\n<ul class=\"woo-entry-inner clr\"><li class=\"image-wrap\">\n\t<div class=\"woo-entry-image-swap woo-entry-image clr\">\n\t\t<a href=\"https:\/\/voyagedelabaleine.fr\/it\/prodotto\/pagliaccetto-neonato-unisex-senza-maniche-azzurro-cielo\/\" class=\"woocommerce-LoopProduct-link\"><img decoding=\"async\" width=\"600\" height=\"800\" src=\"https:\/\/voyagedelabaleine.fr\/wp-content\/uploads\/2025\/01\/barboteuse-bebe-sans-manches-600x800.jpg\" class=\"woo-entry-image-main\" alt=\"Pagliaccetto neonato unisex senza maniche &#8211; Azzurro cielo\" itemprop=\"image\" srcset=\"https:\/\/voyagedelabaleine.fr\/wp-content\/uploads\/2025\/01\/barboteuse-bebe-sans-manches-600x800.jpg 600w, https:\/\/voyagedelabaleine.fr\/wp-content\/uploads\/2025\/01\/barboteuse-bebe-sans-manches-225x300.jpg 225w, https:\/\/voyagedelabaleine.fr\/wp-content\/uploads\/2025\/01\/barboteuse-bebe-sans-manches-768x1024.jpg 768w, https:\/\/voyagedelabaleine.fr\/wp-content\/uploads\/2025\/01\/barboteuse-bebe-sans-manches.jpg 855w\" sizes=\"(max-width: 600px) 100vw, 600px\" \/><img decoding=\"async\" width=\"600\" height=\"800\" src=\"https:\/\/voyagedelabaleine.fr\/wp-content\/uploads\/2025\/01\/barboteuse-bebe-sans-manches-2-600x800.jpg\" class=\"woo-entry-image-secondary\" alt=\"Pagliaccetto neonato unisex senza maniche &#8211; Azzurro cielo\" itemprop=\"image\" srcset=\"https:\/\/voyagedelabaleine.fr\/wp-content\/uploads\/2025\/01\/barboteuse-bebe-sans-manches-2-600x800.jpg 600w, https:\/\/voyagedelabaleine.fr\/wp-content\/uploads\/2025\/01\/barboteuse-bebe-sans-manches-2-225x300.jpg 225w, https:\/\/voyagedelabaleine.fr\/wp-content\/uploads\/2025\/01\/barboteuse-bebe-sans-manches-2-768x1024.jpg 768w, https:\/\/voyagedelabaleine.fr\/wp-content\/uploads\/2025\/01\/barboteuse-bebe-sans-manches-2.jpg 855w\" sizes=\"(max-width: 600px) 100vw, 600px\" \/><\/a>\t<\/div><!-- .woo-entry-image-swap -->\n\n<\/li><li class=\"title\"><h2><a href=\"https:\/\/voyagedelabaleine.fr\/it\/prodotto\/pagliaccetto-neonato-unisex-senza-maniche-azzurro-cielo\/\">Pagliaccetto neonato unisex senza maniche &#8211; Azzurro cielo<\/a><\/h2><\/li><li class=\"price-wrap\">\n\t<span class=\"price\"><span class=\"woocommerce-Price-amount amount\"><bdi>46<span class=\"woocommerce-Price-currencySymbol\">&euro;<\/span><\/bdi><\/span><\/span>\n<\/li><\/ul><\/div><!-- .product-inner .clr --><\/li>\n<li class=\"entry has-media has-rating col span_1_of_2 owp-content-center owp-thumbs-layout-vertical owp-btn-big owp-tabs-layout-vertical circle-sale product type-product post-30954 status-publish last instock product_cat-calze-collant-neonati-bambini product_cat-calzini-collant-nascita product_cat-calzini-collant-nascita-ragazza product_cat-calzini-collant-nascita-ragazzo-2 product_cat-calzini-collant-bambina product_cat-calzini-collant-bambini product_cat-calzini-collant-bambino product_cat-calzini-collant-neonata product_cat-calzini-collant-neonato has-post-thumbnail taxable shipping-taxable purchasable product-type-variable has-default-attributes\">\n\t<div class=\"product-inner clr\">\n\t<div class=\"woo-entry-image-swap woo-entry-image clr\">\n\t\t<a href=\"https:\/\/voyagedelabaleine.fr\/it\/prodotto\/calze-alte-traforate-per-neonato-crema\/\" class=\"woocommerce-LoopProduct-link\"><img decoding=\"async\" width=\"600\" height=\"800\" src=\"https:\/\/voyagedelabaleine.fr\/wp-content\/uploads\/2025\/01\/chaussette-hautes-ajourees-bebe-creme-600x800.jpg\" class=\"woo-entry-image-main\" alt=\"Calze alte traforate per neonato &#8211; Crema\" itemprop=\"image\" srcset=\"https:\/\/voyagedelabaleine.fr\/wp-content\/uploads\/2025\/01\/chaussette-hautes-ajourees-bebe-creme-600x800.jpg 600w, https:\/\/voyagedelabaleine.fr\/wp-content\/uploads\/2025\/01\/chaussette-hautes-ajourees-bebe-creme-225x300.jpg 225w, https:\/\/voyagedelabaleine.fr\/wp-content\/uploads\/2025\/01\/chaussette-hautes-ajourees-bebe-creme-768x1024.jpg 768w, https:\/\/voyagedelabaleine.fr\/wp-content\/uploads\/2025\/01\/chaussette-hautes-ajourees-bebe-creme.jpg 1085w\" sizes=\"(max-width: 600px) 100vw, 600px\" \/><img decoding=\"async\" width=\"600\" height=\"800\" src=\"https:\/\/voyagedelabaleine.fr\/wp-content\/uploads\/2025\/01\/chaussette-hautes-ajourees-bebe-creme-1-600x800.jpg\" class=\"woo-entry-image-secondary\" alt=\"Calze alte traforate per neonato &#8211; Crema\" itemprop=\"image\" srcset=\"https:\/\/voyagedelabaleine.fr\/wp-content\/uploads\/2025\/01\/chaussette-hautes-ajourees-bebe-creme-1-600x800.jpg 600w, https:\/\/voyagedelabaleine.fr\/wp-content\/uploads\/2025\/01\/chaussette-hautes-ajourees-bebe-creme-1-225x300.jpg 225w, https:\/\/voyagedelabaleine.fr\/wp-content\/uploads\/2025\/01\/chaussette-hautes-ajourees-bebe-creme-1-768x1024.jpg 768w, https:\/\/voyagedelabaleine.fr\/wp-content\/uploads\/2025\/01\/chaussette-hautes-ajourees-bebe-creme-1.jpg 1085w\" sizes=\"(max-width: 600px) 100vw, 600px\" \/><\/a>\t<\/div><!-- .woo-entry-image-swap -->\n\n<ul class=\"woo-entry-inner clr\"><li class=\"image-wrap\">\n\t<div class=\"woo-entry-image-swap woo-entry-image clr\">\n\t\t<a href=\"https:\/\/voyagedelabaleine.fr\/it\/prodotto\/calze-alte-traforate-per-neonato-crema\/\" class=\"woocommerce-LoopProduct-link\"><img decoding=\"async\" width=\"600\" height=\"800\" src=\"https:\/\/voyagedelabaleine.fr\/wp-content\/uploads\/2025\/01\/chaussette-hautes-ajourees-bebe-creme-600x800.jpg\" class=\"woo-entry-image-main\" alt=\"Calze alte traforate per neonato &#8211; Crema\" itemprop=\"image\" srcset=\"https:\/\/voyagedelabaleine.fr\/wp-content\/uploads\/2025\/01\/chaussette-hautes-ajourees-bebe-creme-600x800.jpg 600w, https:\/\/voyagedelabaleine.fr\/wp-content\/uploads\/2025\/01\/chaussette-hautes-ajourees-bebe-creme-225x300.jpg 225w, https:\/\/voyagedelabaleine.fr\/wp-content\/uploads\/2025\/01\/chaussette-hautes-ajourees-bebe-creme-768x1024.jpg 768w, https:\/\/voyagedelabaleine.fr\/wp-content\/uploads\/2025\/01\/chaussette-hautes-ajourees-bebe-creme.jpg 1085w\" sizes=\"(max-width: 600px) 100vw, 600px\" \/><img decoding=\"async\" width=\"600\" height=\"800\" src=\"https:\/\/voyagedelabaleine.fr\/wp-content\/uploads\/2025\/01\/chaussette-hautes-ajourees-bebe-creme-1-600x800.jpg\" class=\"woo-entry-image-secondary\" alt=\"Calze alte traforate per neonato &#8211; Crema\" itemprop=\"image\" srcset=\"https:\/\/voyagedelabaleine.fr\/wp-content\/uploads\/2025\/01\/chaussette-hautes-ajourees-bebe-creme-1-600x800.jpg 600w, https:\/\/voyagedelabaleine.fr\/wp-content\/uploads\/2025\/01\/chaussette-hautes-ajourees-bebe-creme-1-225x300.jpg 225w, https:\/\/voyagedelabaleine.fr\/wp-content\/uploads\/2025\/01\/chaussette-hautes-ajourees-bebe-creme-1-768x1024.jpg 768w, https:\/\/voyagedelabaleine.fr\/wp-content\/uploads\/2025\/01\/chaussette-hautes-ajourees-bebe-creme-1.jpg 1085w\" sizes=\"(max-width: 600px) 100vw, 600px\" \/><\/a>\t<\/div><!-- .woo-entry-image-swap -->\n\n<\/li><li class=\"title\"><h2><a href=\"https:\/\/voyagedelabaleine.fr\/it\/prodotto\/calze-alte-traforate-per-neonato-crema\/\">Calze alte traforate per neonato &#8211; Crema<\/a><\/h2><\/li><li class=\"price-wrap\">\n\t<span class=\"price\"><span class=\"woocommerce-Price-amount amount\"><bdi>8<span class=\"woocommerce-Price-currencySymbol\">&euro;<\/span><\/bdi><\/span><\/span>\n<\/li><\/ul><\/div><!-- .product-inner .clr --><\/li>\n<\/ul>\n<\/div><\/div>\n\t\t\t\t\t\t<\/div>\n\t\t\t\t<\/div>\n\t\t<div class=\"elementor-element elementor-element-506f1b5 e-con-full e-flex e-con e-parent\" data-id=\"506f1b5\" data-element_type=\"container\" data-e-type=\"container\">\n\t\t\t\t<div class=\"elementor-element elementor-element-88d9769 elementor-widget-divider--separator-type-pattern elementor-widget-divider--view-line elementor-widget elementor-widget-divider\" data-id=\"88d9769\" data-element_type=\"widget\" data-e-type=\"widget\" data-widget_type=\"divider.default\">\n\t\t\t\t\t\t\t<div class=\"elementor-divider\" style=\"--divider-pattern-url: url(&quot;data:image\/svg+xml,%3Csvg xmlns=&#039;http:\/\/www.w3.org\/2000\/svg&#039; preserveAspectRatio=&#039;none&#039; overflow=&#039;visible&#039; height=&#039;100%&#039; viewBox=&#039;0 0 24 24&#039; fill=&#039;black&#039; stroke=&#039;none&#039;%3E%3Cpath d=&#039;M12.7,2.3c-0.4-0.4-1.1-0.4-1.5,0l-8,9.1c-0.3,0.4-0.3,0.9,0,1.2l8,9.1c0.4,0.4,1.1,0.4,1.5,0l8-9.1c0.3-0.4,0.3-0.9,0-1.2L12.7,2.3z&#039;\/%3E%3C\/svg%3E&quot;);\">\n\t\t\t<span class=\"elementor-divider-separator\">\n\t\t\t\t\t\t<\/span>\n\t\t<\/div>\n\t\t\t\t\t\t<\/div>\n\t\t\t\t<div class=\"elementor-element elementor-element-96c6edd elementor-widget elementor-widget-shortcode\" data-id=\"96c6edd\" data-element_type=\"widget\" data-e-type=\"widget\" data-widget_type=\"shortcode.default\">\n\t\t\t\t\t\t\t<div class=\"elementor-shortcode\"><div class=\"woocommerce columns-3 \">\r\n<ul class=\"products oceanwp-row clr grid tablet-col tablet-2-col mobile-col mobile-2-col\">\r\n<li class=\"entry has-media col span_1_of_3 owp-content-center owp-thumbs-layout-vertical owp-btn-big owp-tabs-layout-vertical circle-sale product type-product post-33340 status-publish first instock product_cat-scarpine-nascita product_cat-scarpine-nascita-ragazza product_cat-scarpine-nascita-ragazzo product_cat-scarpine-neonata product_cat-scarpine-neonati product_cat-scarpine-neonato product_cat-ultima-occasione product_tag-scarpine has-post-thumbnail featured taxable shipping-taxable purchasable product-type-variable has-default-attributes\">\n\t<div class=\"product-inner clr\">\n\t<div class=\"woo-entry-image-swap woo-entry-image clr\">\n\t\t<a href=\"https:\/\/voyagedelabaleine.fr\/it\/prodotto\/scarpine-neonato-alte-in-pelle-beige\/\" class=\"woocommerce-LoopProduct-link\"><img decoding=\"async\" width=\"600\" height=\"800\" src=\"https:\/\/voyagedelabaleine.fr\/wp-content\/uploads\/2023\/10\/chaussons-bebe-hauts-cuir-beige-1-600x800.jpg\" class=\"woo-entry-image-main\" alt=\"Scarpine neonato alte in pelle &#8211; Beige\" itemprop=\"image\" srcset=\"https:\/\/voyagedelabaleine.fr\/wp-content\/uploads\/2023\/10\/chaussons-bebe-hauts-cuir-beige-1-600x800.jpg 600w, https:\/\/voyagedelabaleine.fr\/wp-content\/uploads\/2023\/10\/chaussons-bebe-hauts-cuir-beige-1-225x300.jpg 225w, https:\/\/voyagedelabaleine.fr\/wp-content\/uploads\/2023\/10\/chaussons-bebe-hauts-cuir-beige-1-768x1024.jpg 768w, https:\/\/voyagedelabaleine.fr\/wp-content\/uploads\/2023\/10\/chaussons-bebe-hauts-cuir-beige-1.jpg 855w\" sizes=\"(max-width: 600px) 100vw, 600px\" \/><img decoding=\"async\" width=\"600\" height=\"800\" src=\"https:\/\/voyagedelabaleine.fr\/wp-content\/uploads\/2023\/10\/chaussons-bebe-hauts-cuir-beige-2-600x800.jpg\" class=\"woo-entry-image-secondary\" alt=\"Scarpine neonato alte in pelle &#8211; Beige\" itemprop=\"image\" srcset=\"https:\/\/voyagedelabaleine.fr\/wp-content\/uploads\/2023\/10\/chaussons-bebe-hauts-cuir-beige-2-600x800.jpg 600w, https:\/\/voyagedelabaleine.fr\/wp-content\/uploads\/2023\/10\/chaussons-bebe-hauts-cuir-beige-2-225x300.jpg 225w, https:\/\/voyagedelabaleine.fr\/wp-content\/uploads\/2023\/10\/chaussons-bebe-hauts-cuir-beige-2.jpg 679w\" sizes=\"(max-width: 600px) 100vw, 600px\" \/><\/a>\t<\/div><!-- .woo-entry-image-swap -->\n\n<ul class=\"woo-entry-inner clr\"><li class=\"image-wrap\">\n\t<div class=\"woo-entry-image-swap woo-entry-image clr\">\n\t\t<a href=\"https:\/\/voyagedelabaleine.fr\/it\/prodotto\/scarpine-neonato-alte-in-pelle-beige\/\" class=\"woocommerce-LoopProduct-link\"><img decoding=\"async\" width=\"600\" height=\"800\" src=\"https:\/\/voyagedelabaleine.fr\/wp-content\/uploads\/2023\/10\/chaussons-bebe-hauts-cuir-beige-1-600x800.jpg\" class=\"woo-entry-image-main\" alt=\"Scarpine neonato alte in pelle &#8211; Beige\" itemprop=\"image\" srcset=\"https:\/\/voyagedelabaleine.fr\/wp-content\/uploads\/2023\/10\/chaussons-bebe-hauts-cuir-beige-1-600x800.jpg 600w, https:\/\/voyagedelabaleine.fr\/wp-content\/uploads\/2023\/10\/chaussons-bebe-hauts-cuir-beige-1-225x300.jpg 225w, https:\/\/voyagedelabaleine.fr\/wp-content\/uploads\/2023\/10\/chaussons-bebe-hauts-cuir-beige-1-768x1024.jpg 768w, https:\/\/voyagedelabaleine.fr\/wp-content\/uploads\/2023\/10\/chaussons-bebe-hauts-cuir-beige-1.jpg 855w\" sizes=\"(max-width: 600px) 100vw, 600px\" \/><img decoding=\"async\" width=\"600\" height=\"800\" src=\"https:\/\/voyagedelabaleine.fr\/wp-content\/uploads\/2023\/10\/chaussons-bebe-hauts-cuir-beige-2-600x800.jpg\" class=\"woo-entry-image-secondary\" alt=\"Scarpine neonato alte in pelle &#8211; Beige\" itemprop=\"image\" srcset=\"https:\/\/voyagedelabaleine.fr\/wp-content\/uploads\/2023\/10\/chaussons-bebe-hauts-cuir-beige-2-600x800.jpg 600w, https:\/\/voyagedelabaleine.fr\/wp-content\/uploads\/2023\/10\/chaussons-bebe-hauts-cuir-beige-2-225x300.jpg 225w, https:\/\/voyagedelabaleine.fr\/wp-content\/uploads\/2023\/10\/chaussons-bebe-hauts-cuir-beige-2.jpg 679w\" sizes=\"(max-width: 600px) 100vw, 600px\" \/><\/a>\t<\/div><!-- .woo-entry-image-swap -->\n\n<\/li><li class=\"title\"><h2><a href=\"https:\/\/voyagedelabaleine.fr\/it\/prodotto\/scarpine-neonato-alte-in-pelle-beige\/\">Scarpine neonato alte in pelle &#8211; Beige<\/a><\/h2><\/li><li class=\"price-wrap\">\n\t<span class=\"price\"><span class=\"woocommerce-Price-amount amount\"><bdi>36<span class=\"woocommerce-Price-currencySymbol\">&euro;<\/span><\/bdi><\/span><\/span>\n<\/li><\/ul><\/div><!-- .product-inner .clr --><\/li>\n<li class=\"entry has-media col span_1_of_3 owp-content-center owp-thumbs-layout-vertical owp-btn-big owp-tabs-layout-vertical circle-sale product type-product post-32586 status-publish instock product_cat-abbigliamento product_cat-bloomer-short-pantaloni-nascita product_cat-bloomer-short-pantaloni-nascita-ragazzo product_cat-bloomer-short-pantaloni-neonati product_cat-bloomer-short-pantaloni-neonato product_cat-ultima-occasione has-post-thumbnail taxable shipping-taxable purchasable product-type-variable has-default-attributes\">\n\t<div class=\"product-inner clr\">\n\t<div class=\"woo-entry-image-swap woo-entry-image clr\">\n\t\t<a href=\"https:\/\/voyagedelabaleine.fr\/it\/prodotto\/bloomer-da-bambino-a-quadri-con-bretelle-verde\/\" class=\"woocommerce-LoopProduct-link\"><img decoding=\"async\" width=\"600\" height=\"800\" src=\"https:\/\/voyagedelabaleine.fr\/wp-content\/uploads\/2025\/03\/bloomer-bretelles-vichy-vert-600x800.jpg\" class=\"woo-entry-image-main\" alt=\"Bloomer da bambino a quadri con bretelle &#8211; Verde\" itemprop=\"image\" srcset=\"https:\/\/voyagedelabaleine.fr\/wp-content\/uploads\/2025\/03\/bloomer-bretelles-vichy-vert-600x800.jpg 600w, https:\/\/voyagedelabaleine.fr\/wp-content\/uploads\/2025\/03\/bloomer-bretelles-vichy-vert-225x300.jpg 225w, https:\/\/voyagedelabaleine.fr\/wp-content\/uploads\/2025\/03\/bloomer-bretelles-vichy-vert-768x1024.jpg 768w, https:\/\/voyagedelabaleine.fr\/wp-content\/uploads\/2025\/03\/bloomer-bretelles-vichy-vert-1152x1536.jpg 1152w, https:\/\/voyagedelabaleine.fr\/wp-content\/uploads\/2025\/03\/bloomer-bretelles-vichy-vert.jpg 1355w\" sizes=\"(max-width: 600px) 100vw, 600px\" \/><img decoding=\"async\" width=\"600\" height=\"800\" src=\"https:\/\/voyagedelabaleine.fr\/wp-content\/uploads\/2025\/03\/bloomer-bretelles-vichy-vert-3-600x800.jpg\" class=\"woo-entry-image-secondary\" alt=\"Bloomer da bambino a quadri con bretelle &#8211; Verde\" itemprop=\"image\" srcset=\"https:\/\/voyagedelabaleine.fr\/wp-content\/uploads\/2025\/03\/bloomer-bretelles-vichy-vert-3-600x800.jpg 600w, https:\/\/voyagedelabaleine.fr\/wp-content\/uploads\/2025\/03\/bloomer-bretelles-vichy-vert-3-225x300.jpg 225w, https:\/\/voyagedelabaleine.fr\/wp-content\/uploads\/2025\/03\/bloomer-bretelles-vichy-vert-3-768x1025.jpg 768w, https:\/\/voyagedelabaleine.fr\/wp-content\/uploads\/2025\/03\/bloomer-bretelles-vichy-vert-3.jpg 886w\" sizes=\"(max-width: 600px) 100vw, 600px\" \/><\/a>\t<\/div><!-- .woo-entry-image-swap -->\n\n<ul class=\"woo-entry-inner clr\"><li class=\"image-wrap\">\n\t<div class=\"woo-entry-image-swap woo-entry-image clr\">\n\t\t<a href=\"https:\/\/voyagedelabaleine.fr\/it\/prodotto\/bloomer-da-bambino-a-quadri-con-bretelle-verde\/\" class=\"woocommerce-LoopProduct-link\"><img decoding=\"async\" width=\"600\" height=\"800\" src=\"https:\/\/voyagedelabaleine.fr\/wp-content\/uploads\/2025\/03\/bloomer-bretelles-vichy-vert-600x800.jpg\" class=\"woo-entry-image-main\" alt=\"Bloomer da bambino a quadri con bretelle &#8211; Verde\" itemprop=\"image\" srcset=\"https:\/\/voyagedelabaleine.fr\/wp-content\/uploads\/2025\/03\/bloomer-bretelles-vichy-vert-600x800.jpg 600w, https:\/\/voyagedelabaleine.fr\/wp-content\/uploads\/2025\/03\/bloomer-bretelles-vichy-vert-225x300.jpg 225w, https:\/\/voyagedelabaleine.fr\/wp-content\/uploads\/2025\/03\/bloomer-bretelles-vichy-vert-768x1024.jpg 768w, https:\/\/voyagedelabaleine.fr\/wp-content\/uploads\/2025\/03\/bloomer-bretelles-vichy-vert-1152x1536.jpg 1152w, https:\/\/voyagedelabaleine.fr\/wp-content\/uploads\/2025\/03\/bloomer-bretelles-vichy-vert.jpg 1355w\" sizes=\"(max-width: 600px) 100vw, 600px\" \/><img decoding=\"async\" width=\"600\" height=\"800\" src=\"https:\/\/voyagedelabaleine.fr\/wp-content\/uploads\/2025\/03\/bloomer-bretelles-vichy-vert-3-600x800.jpg\" class=\"woo-entry-image-secondary\" alt=\"Bloomer da bambino a quadri con bretelle &#8211; Verde\" itemprop=\"image\" srcset=\"https:\/\/voyagedelabaleine.fr\/wp-content\/uploads\/2025\/03\/bloomer-bretelles-vichy-vert-3-600x800.jpg 600w, https:\/\/voyagedelabaleine.fr\/wp-content\/uploads\/2025\/03\/bloomer-bretelles-vichy-vert-3-225x300.jpg 225w, https:\/\/voyagedelabaleine.fr\/wp-content\/uploads\/2025\/03\/bloomer-bretelles-vichy-vert-3-768x1025.jpg 768w, https:\/\/voyagedelabaleine.fr\/wp-content\/uploads\/2025\/03\/bloomer-bretelles-vichy-vert-3.jpg 886w\" sizes=\"(max-width: 600px) 100vw, 600px\" \/><\/a>\t<\/div><!-- .woo-entry-image-swap -->\n\n<\/li><li class=\"title\"><h2><a href=\"https:\/\/voyagedelabaleine.fr\/it\/prodotto\/bloomer-da-bambino-a-quadri-con-bretelle-verde\/\">Bloomer da bambino a quadri con bretelle &#8211; Verde<\/a><\/h2><\/li><li class=\"price-wrap\">\n\t<span class=\"price\"><span class=\"woocommerce-Price-amount amount\"><bdi>40<span class=\"woocommerce-Price-currencySymbol\">&euro;<\/span><\/bdi><\/span><\/span>\n<\/li><\/ul><\/div><!-- .product-inner .clr --><\/li>\n<li class=\"entry has-media col span_1_of_3 owp-content-center owp-thumbs-layout-vertical owp-btn-big owp-tabs-layout-vertical circle-sale product type-product post-33305 status-publish last instock product_cat-body product_cat-body-nascita product_cat-body-nascita-ragazzo product_cat-body-neonati product_cat-body-neonato has-post-thumbnail taxable shipping-taxable purchasable product-type-variable has-default-attributes\">\n\t<div class=\"product-inner clr\">\n\t<div class=\"woo-entry-image-swap woo-entry-image clr\">\n\t\t<a href=\"https:\/\/voyagedelabaleine.fr\/it\/prodotto\/body-neonato-con-colletto-a-camicia-bianco\/\" class=\"woocommerce-LoopProduct-link\"><img decoding=\"async\" width=\"600\" height=\"800\" src=\"https:\/\/voyagedelabaleine.fr\/wp-content\/uploads\/2023\/10\/body-chemise-600x800.jpg\" class=\"woo-entry-image-main\" alt=\"Body neonato con colletto a camicia &#8211; Bianco\" itemprop=\"image\" srcset=\"https:\/\/voyagedelabaleine.fr\/wp-content\/uploads\/2023\/10\/body-chemise-600x799.jpg 600w, https:\/\/voyagedelabaleine.fr\/wp-content\/uploads\/2023\/10\/body-chemise-225x300.jpg 225w, https:\/\/voyagedelabaleine.fr\/wp-content\/uploads\/2023\/10\/body-chemise-768x1023.jpg 768w, https:\/\/voyagedelabaleine.fr\/wp-content\/uploads\/2023\/10\/body-chemise-769x1024.jpg 769w, https:\/\/voyagedelabaleine.fr\/wp-content\/uploads\/2023\/10\/body-chemise.jpg 977w\" sizes=\"(max-width: 600px) 100vw, 600px\" \/><img decoding=\"async\" width=\"600\" height=\"800\" src=\"https:\/\/voyagedelabaleine.fr\/wp-content\/uploads\/2023\/10\/body-chemise-1-600x800.jpg\" class=\"woo-entry-image-secondary\" alt=\"Body neonato con colletto a camicia &#8211; Bianco\" itemprop=\"image\" \/><\/a>\t<\/div><!-- .woo-entry-image-swap -->\n\n<ul class=\"woo-entry-inner clr\"><li class=\"image-wrap\">\n\t<div class=\"woo-entry-image-swap woo-entry-image clr\">\n\t\t<a href=\"https:\/\/voyagedelabaleine.fr\/it\/prodotto\/body-neonato-con-colletto-a-camicia-bianco\/\" class=\"woocommerce-LoopProduct-link\"><img decoding=\"async\" width=\"600\" height=\"800\" src=\"https:\/\/voyagedelabaleine.fr\/wp-content\/uploads\/2023\/10\/body-chemise-600x800.jpg\" class=\"woo-entry-image-main\" alt=\"Body neonato con colletto a camicia &#8211; Bianco\" itemprop=\"image\" srcset=\"https:\/\/voyagedelabaleine.fr\/wp-content\/uploads\/2023\/10\/body-chemise-600x799.jpg 600w, https:\/\/voyagedelabaleine.fr\/wp-content\/uploads\/2023\/10\/body-chemise-225x300.jpg 225w, https:\/\/voyagedelabaleine.fr\/wp-content\/uploads\/2023\/10\/body-chemise-768x1023.jpg 768w, https:\/\/voyagedelabaleine.fr\/wp-content\/uploads\/2023\/10\/body-chemise-769x1024.jpg 769w, https:\/\/voyagedelabaleine.fr\/wp-content\/uploads\/2023\/10\/body-chemise.jpg 977w\" sizes=\"(max-width: 600px) 100vw, 600px\" \/><img decoding=\"async\" width=\"600\" height=\"800\" src=\"https:\/\/voyagedelabaleine.fr\/wp-content\/uploads\/2023\/10\/body-chemise-1-600x800.jpg\" class=\"woo-entry-image-secondary\" alt=\"Body neonato con colletto a camicia &#8211; Bianco\" itemprop=\"image\" \/><\/a>\t<\/div><!-- .woo-entry-image-swap -->\n\n<\/li><li class=\"title\"><h2><a href=\"https:\/\/voyagedelabaleine.fr\/it\/prodotto\/body-neonato-con-colletto-a-camicia-bianco\/\">Body neonato con colletto a camicia &#8211; Bianco<\/a><\/h2><\/li><li class=\"price-wrap\">\n\t<span class=\"price\"><span class=\"woocommerce-Price-amount amount\"><bdi>16<span class=\"woocommerce-Price-currencySymbol\">&euro;<\/span><\/bdi><\/span><\/span>\n<\/li><\/ul><\/div><!-- .product-inner .clr --><\/li>\n<\/ul>\n<\/div><\/div>\n\t\t\t\t\t\t<\/div>\n\t\t\t\t<\/div>\n\t\t<div class=\"elementor-element elementor-element-f883629 e-con-full e-flex e-con e-parent\" data-id=\"f883629\" data-element_type=\"container\" data-e-type=\"container\">\n\t\t\t\t<div class=\"elementor-element elementor-element-0bf1187 elementor-widget-divider--separator-type-pattern elementor-widget-divider--view-line elementor-widget elementor-widget-divider\" data-id=\"0bf1187\" data-element_type=\"widget\" data-e-type=\"widget\" data-widget_type=\"divider.default\">\n\t\t\t\t\t\t\t<div class=\"elementor-divider\" style=\"--divider-pattern-url: url(&quot;data:image\/svg+xml,%3Csvg xmlns=&#039;http:\/\/www.w3.org\/2000\/svg&#039; preserveAspectRatio=&#039;none&#039; overflow=&#039;visible&#039; height=&#039;100%&#039; viewBox=&#039;0 0 24 24&#039; fill=&#039;black&#039; stroke=&#039;none&#039;%3E%3Cpath d=&#039;M12.7,2.3c-0.4-0.4-1.1-0.4-1.5,0l-8,9.1c-0.3,0.4-0.3,0.9,0,1.2l8,9.1c0.4,0.4,1.1,0.4,1.5,0l8-9.1c0.3-0.4,0.3-0.9,0-1.2L12.7,2.3z&#039;\/%3E%3C\/svg%3E&quot;);\">\n\t\t\t<span class=\"elementor-divider-separator\">\n\t\t\t\t\t\t<\/span>\n\t\t<\/div>\n\t\t\t\t\t\t<\/div>\n\t\t\t\t<div class=\"elementor-element elementor-element-4ce1bd6 elementor-widget__width-initial elementor-widget-mobile__width-inherit elementor-widget elementor-widget-shortcode\" data-id=\"4ce1bd6\" data-element_type=\"widget\" data-e-type=\"widget\" data-widget_type=\"shortcode.default\">\n\t\t\t\t\t\t\t<div class=\"elementor-shortcode\"><div class=\"woocommerce columns-2 \">\r\n<ul class=\"products oceanwp-row clr grid tablet-col tablet-2-col mobile-col mobile-2-col\">\r\n<li class=\"entry has-media col span_1_of_2 owp-content-center owp-thumbs-layout-vertical owp-btn-big owp-tabs-layout-vertical circle-sale product type-product post-30660 status-publish first instock product_cat-abbigliamento product_cat-blusa-camicia-nascita product_cat-blusa-camicia-nascita-ragazzo product_cat-blusa-camicia-neonati product_cat-blusa-camicia-neonato product_cat-completi-nascita product_cat-completi-nascita-ragazzo product_cat-completi-neonati product_cat-completi-neonato product_cat-pagliaccetto-salopette-nascita product_cat-pagliaccetto-salopette-nascita-ragazzo product_cat-pagliaccetto-salopette-neonati product_cat-pagliaccetto-salopette-neonato has-post-thumbnail taxable shipping-taxable purchasable product-type-variable has-default-attributes\">\n\t<div class=\"product-inner clr\">\n\t<div class=\"woo-entry-image-swap woo-entry-image clr\">\n\t\t<a href=\"https:\/\/voyagedelabaleine.fr\/it\/prodotto\/completo-pagliaccetto-a-righe-e-camicia-blu-bianco\/\" class=\"woocommerce-LoopProduct-link\"><img decoding=\"async\" width=\"600\" height=\"800\" src=\"https:\/\/voyagedelabaleine.fr\/wp-content\/uploads\/2025\/01\/ensemble-barboteuse-blouse-rayee-600x800.jpg\" class=\"woo-entry-image-main\" alt=\"Completo pagliaccetto a righe e camicia &#8211; Blu\/bianco\" itemprop=\"image\" srcset=\"https:\/\/voyagedelabaleine.fr\/wp-content\/uploads\/2025\/01\/ensemble-barboteuse-blouse-rayee-600x800.jpg 600w, https:\/\/voyagedelabaleine.fr\/wp-content\/uploads\/2025\/01\/ensemble-barboteuse-blouse-rayee-225x300.jpg 225w, https:\/\/voyagedelabaleine.fr\/wp-content\/uploads\/2025\/01\/ensemble-barboteuse-blouse-rayee-768x1023.jpg 768w, https:\/\/voyagedelabaleine.fr\/wp-content\/uploads\/2025\/01\/ensemble-barboteuse-blouse-rayee.jpg 839w\" sizes=\"(max-width: 600px) 100vw, 600px\" \/><img decoding=\"async\" width=\"600\" height=\"800\" src=\"https:\/\/voyagedelabaleine.fr\/wp-content\/uploads\/2025\/01\/ensemble-barboteuse-blouse-raye-2-600x800.jpg\" class=\"woo-entry-image-secondary\" alt=\"Completo pagliaccetto a righe e camicia &#8211; Blu\/bianco\" itemprop=\"image\" srcset=\"https:\/\/voyagedelabaleine.fr\/wp-content\/uploads\/2025\/01\/ensemble-barboteuse-blouse-raye-2-600x800.jpg 600w, https:\/\/voyagedelabaleine.fr\/wp-content\/uploads\/2025\/01\/ensemble-barboteuse-blouse-raye-2-225x300.jpg 225w, https:\/\/voyagedelabaleine.fr\/wp-content\/uploads\/2025\/01\/ensemble-barboteuse-blouse-raye-2-768x1024.jpg 768w, https:\/\/voyagedelabaleine.fr\/wp-content\/uploads\/2025\/01\/ensemble-barboteuse-blouse-raye-2.jpg 855w\" sizes=\"(max-width: 600px) 100vw, 600px\" \/><\/a>\t<\/div><!-- .woo-entry-image-swap -->\n\n<ul class=\"woo-entry-inner clr\"><li class=\"image-wrap\">\n\t<div class=\"woo-entry-image-swap woo-entry-image clr\">\n\t\t<a href=\"https:\/\/voyagedelabaleine.fr\/it\/prodotto\/completo-pagliaccetto-a-righe-e-camicia-blu-bianco\/\" class=\"woocommerce-LoopProduct-link\"><img decoding=\"async\" width=\"600\" height=\"800\" src=\"https:\/\/voyagedelabaleine.fr\/wp-content\/uploads\/2025\/01\/ensemble-barboteuse-blouse-rayee-600x800.jpg\" class=\"woo-entry-image-main\" alt=\"Completo pagliaccetto a righe e camicia &#8211; Blu\/bianco\" itemprop=\"image\" srcset=\"https:\/\/voyagedelabaleine.fr\/wp-content\/uploads\/2025\/01\/ensemble-barboteuse-blouse-rayee-600x800.jpg 600w, https:\/\/voyagedelabaleine.fr\/wp-content\/uploads\/2025\/01\/ensemble-barboteuse-blouse-rayee-225x300.jpg 225w, https:\/\/voyagedelabaleine.fr\/wp-content\/uploads\/2025\/01\/ensemble-barboteuse-blouse-rayee-768x1023.jpg 768w, https:\/\/voyagedelabaleine.fr\/wp-content\/uploads\/2025\/01\/ensemble-barboteuse-blouse-rayee.jpg 839w\" sizes=\"(max-width: 600px) 100vw, 600px\" \/><img decoding=\"async\" width=\"600\" height=\"800\" src=\"https:\/\/voyagedelabaleine.fr\/wp-content\/uploads\/2025\/01\/ensemble-barboteuse-blouse-raye-2-600x800.jpg\" class=\"woo-entry-image-secondary\" alt=\"Completo pagliaccetto a righe e camicia &#8211; Blu\/bianco\" itemprop=\"image\" srcset=\"https:\/\/voyagedelabaleine.fr\/wp-content\/uploads\/2025\/01\/ensemble-barboteuse-blouse-raye-2-600x800.jpg 600w, https:\/\/voyagedelabaleine.fr\/wp-content\/uploads\/2025\/01\/ensemble-barboteuse-blouse-raye-2-225x300.jpg 225w, https:\/\/voyagedelabaleine.fr\/wp-content\/uploads\/2025\/01\/ensemble-barboteuse-blouse-raye-2-768x1024.jpg 768w, https:\/\/voyagedelabaleine.fr\/wp-content\/uploads\/2025\/01\/ensemble-barboteuse-blouse-raye-2.jpg 855w\" sizes=\"(max-width: 600px) 100vw, 600px\" \/><\/a>\t<\/div><!-- .woo-entry-image-swap -->\n\n<\/li><li class=\"title\"><h2><a href=\"https:\/\/voyagedelabaleine.fr\/it\/prodotto\/completo-pagliaccetto-a-righe-e-camicia-blu-bianco\/\">Completo pagliaccetto a righe e camicia &#8211; Blu\/bianco<\/a><\/h2><\/li><li class=\"price-wrap\">\n\t<span class=\"price\"><span class=\"woocommerce-Price-amount amount\"><bdi>48<span class=\"woocommerce-Price-currencySymbol\">&euro;<\/span><\/bdi><\/span><\/span>\n<\/li><\/ul><\/div><!-- .product-inner .clr --><\/li>\n<li class=\"entry has-media has-rating col span_1_of_2 owp-content-center owp-thumbs-layout-vertical owp-btn-big owp-tabs-layout-vertical circle-sale product type-product post-33412 status-publish last instock product_cat-scarpine-nascita product_cat-scarpine-nascita-ragazza product_cat-scarpine-nascita-ragazzo product_cat-scarpine-neonata product_cat-scarpine-neonati product_cat-scarpine-neonato product_cat-ultima-occasione product_tag-scarpine has-post-thumbnail taxable shipping-taxable purchasable product-type-variable has-default-attributes\">\n\t<div class=\"product-inner clr\">\n\t<div class=\"woo-entry-image-swap woo-entry-image clr\">\n\t\t<a href=\"https:\/\/voyagedelabaleine.fr\/it\/prodotto\/scarpine-per-neonati-leggere-in-morbida-pelle-tortora\/\" class=\"woocommerce-LoopProduct-link\"><img decoding=\"async\" width=\"600\" height=\"800\" src=\"https:\/\/voyagedelabaleine.fr\/wp-content\/uploads\/2023\/10\/chaussons-bebe-cuir-taupe.jpg\" class=\"woo-entry-image-main\" alt=\"Scarpine per neonati leggere in morbida pelle &#8211; Tortora\" itemprop=\"image\" srcset=\"https:\/\/voyagedelabaleine.fr\/wp-content\/uploads\/2023\/10\/chaussons-bebe-cuir-taupe.jpg 600w, https:\/\/voyagedelabaleine.fr\/wp-content\/uploads\/2023\/10\/chaussons-bebe-cuir-taupe-225x300.jpg 225w\" sizes=\"(max-width: 600px) 100vw, 600px\" \/><img decoding=\"async\" width=\"600\" height=\"800\" src=\"https:\/\/voyagedelabaleine.fr\/wp-content\/uploads\/2023\/10\/chaussons-bebe-cuir-taupe-1.jpg\" class=\"woo-entry-image-secondary\" alt=\"Scarpine per neonati leggere in morbida pelle &#8211; Tortora\" itemprop=\"image\" srcset=\"https:\/\/voyagedelabaleine.fr\/wp-content\/uploads\/2023\/10\/chaussons-bebe-cuir-taupe-1.jpg 600w, https:\/\/voyagedelabaleine.fr\/wp-content\/uploads\/2023\/10\/chaussons-bebe-cuir-taupe-1-225x300.jpg 225w\" sizes=\"(max-width: 600px) 100vw, 600px\" \/><\/a>\t<\/div><!-- .woo-entry-image-swap -->\n\n<ul class=\"woo-entry-inner clr\"><li class=\"image-wrap\">\n\t<div class=\"woo-entry-image-swap woo-entry-image clr\">\n\t\t<a href=\"https:\/\/voyagedelabaleine.fr\/it\/prodotto\/scarpine-per-neonati-leggere-in-morbida-pelle-tortora\/\" class=\"woocommerce-LoopProduct-link\"><img decoding=\"async\" width=\"600\" height=\"800\" src=\"https:\/\/voyagedelabaleine.fr\/wp-content\/uploads\/2023\/10\/chaussons-bebe-cuir-taupe.jpg\" class=\"woo-entry-image-main\" alt=\"Scarpine per neonati leggere in morbida pelle &#8211; Tortora\" itemprop=\"image\" srcset=\"https:\/\/voyagedelabaleine.fr\/wp-content\/uploads\/2023\/10\/chaussons-bebe-cuir-taupe.jpg 600w, https:\/\/voyagedelabaleine.fr\/wp-content\/uploads\/2023\/10\/chaussons-bebe-cuir-taupe-225x300.jpg 225w\" sizes=\"(max-width: 600px) 100vw, 600px\" \/><img decoding=\"async\" width=\"600\" height=\"800\" src=\"https:\/\/voyagedelabaleine.fr\/wp-content\/uploads\/2023\/10\/chaussons-bebe-cuir-taupe-1.jpg\" class=\"woo-entry-image-secondary\" alt=\"Scarpine per neonati leggere in morbida pelle &#8211; Tortora\" itemprop=\"image\" srcset=\"https:\/\/voyagedelabaleine.fr\/wp-content\/uploads\/2023\/10\/chaussons-bebe-cuir-taupe-1.jpg 600w, https:\/\/voyagedelabaleine.fr\/wp-content\/uploads\/2023\/10\/chaussons-bebe-cuir-taupe-1-225x300.jpg 225w\" sizes=\"(max-width: 600px) 100vw, 600px\" \/><\/a>\t<\/div><!-- .woo-entry-image-swap -->\n\n<\/li><li class=\"title\"><h2><a href=\"https:\/\/voyagedelabaleine.fr\/it\/prodotto\/scarpine-per-neonati-leggere-in-morbida-pelle-tortora\/\">Scarpine per neonati leggere in morbida pelle &#8211; Tortora<\/a><\/h2><\/li><li class=\"price-wrap\">\n\t<span class=\"price\"><span class=\"woocommerce-Price-amount amount\"><bdi>32<span class=\"woocommerce-Price-currencySymbol\">&euro;<\/span><\/bdi><\/span><\/span>\n<\/li><\/ul><\/div><!-- .product-inner .clr --><\/li>\n<\/ul>\n<\/div><\/div>\n\t\t\t\t\t\t<\/div>\n\t\t\t\t<\/div>\n\t\t<div class=\"elementor-element elementor-element-3dc2887 e-con-full e-flex e-con e-parent\" data-id=\"3dc2887\" data-element_type=\"container\" data-e-type=\"container\">\n\t\t\t\t<div class=\"elementor-element elementor-element-fe74218 elementor-widget-divider--separator-type-pattern elementor-widget-divider--view-line elementor-widget elementor-widget-divider\" data-id=\"fe74218\" data-element_type=\"widget\" data-e-type=\"widget\" data-widget_type=\"divider.default\">\n\t\t\t\t\t\t\t<div class=\"elementor-divider\" style=\"--divider-pattern-url: url(&quot;data:image\/svg+xml,%3Csvg xmlns=&#039;http:\/\/www.w3.org\/2000\/svg&#039; preserveAspectRatio=&#039;none&#039; overflow=&#039;visible&#039; height=&#039;100%&#039; viewBox=&#039;0 0 24 24&#039; fill=&#039;black&#039; stroke=&#039;none&#039;%3E%3Cpath d=&#039;M12.7,2.3c-0.4-0.4-1.1-0.4-1.5,0l-8,9.1c-0.3,0.4-0.3,0.9,0,1.2l8,9.1c0.4,0.4,1.1,0.4,1.5,0l8-9.1c0.3-0.4,0.3-0.9,0-1.2L12.7,2.3z&#039;\/%3E%3C\/svg%3E&quot;);\">\n\t\t\t<span class=\"elementor-divider-separator\">\n\t\t\t\t\t\t<\/span>\n\t\t<\/div>\n\t\t\t\t\t\t<\/div>\n\t\t\t\t<div class=\"elementor-element elementor-element-5ccf1f0 elementor-widget__width-initial elementor-widget-mobile__width-inherit elementor-widget elementor-widget-shortcode\" data-id=\"5ccf1f0\" data-element_type=\"widget\" data-e-type=\"widget\" data-widget_type=\"shortcode.default\">\n\t\t\t\t\t\t\t<div class=\"elementor-shortcode\"><div class=\"woocommerce columns-2 \">\r\n<ul class=\"products oceanwp-row clr grid tablet-col tablet-2-col mobile-col mobile-2-col\">\r\n<li class=\"entry has-media col span_1_of_2 owp-content-center owp-thumbs-layout-vertical owp-btn-big owp-tabs-layout-vertical circle-sale product type-product post-33659 status-publish first instock product_cat-body product_cat-body-nascita product_cat-body-nascita-ragazza product_cat-body-nascita-ragazzo product_cat-body-neonati product_cat-body-neonata product_cat-body-neonato has-post-thumbnail taxable shipping-taxable purchasable product-type-variable has-default-attributes\">\n\t<div class=\"product-inner clr\">\n\t<div class=\"woo-entry-image-swap woo-entry-image clr\">\n\t\t<a href=\"https:\/\/voyagedelabaleine.fr\/it\/prodotto\/body-neonato-a-maniche-corte-con-collo-rotondo-testurizzato-bianco\/\" class=\"woocommerce-LoopProduct-link\"><img decoding=\"async\" width=\"600\" height=\"800\" src=\"https:\/\/voyagedelabaleine.fr\/wp-content\/uploads\/2024\/05\/body-col-texture-blanc-1-600x800.jpg\" class=\"woo-entry-image-main\" alt=\"Body neonato a maniche corte con collo rotondo testurizzato &#8211; Bianco\" itemprop=\"image\" srcset=\"https:\/\/voyagedelabaleine.fr\/wp-content\/uploads\/2024\/05\/body-col-texture-blanc-1-600x800.jpg 600w, https:\/\/voyagedelabaleine.fr\/wp-content\/uploads\/2024\/05\/body-col-texture-blanc-1-225x300.jpg 225w, https:\/\/voyagedelabaleine.fr\/wp-content\/uploads\/2024\/05\/body-col-texture-blanc-1-768x1024.jpg 768w, https:\/\/voyagedelabaleine.fr\/wp-content\/uploads\/2024\/05\/body-col-texture-blanc-1.jpg 868w\" sizes=\"(max-width: 600px) 100vw, 600px\" \/><img decoding=\"async\" width=\"600\" height=\"800\" src=\"https:\/\/voyagedelabaleine.fr\/wp-content\/uploads\/2024\/05\/body-col-texture-blanc-600x800.jpg\" class=\"woo-entry-image-secondary\" alt=\"Body neonato a maniche corte con collo rotondo testurizzato &#8211; Bianco\" itemprop=\"image\" srcset=\"https:\/\/voyagedelabaleine.fr\/wp-content\/uploads\/2024\/05\/body-col-texture-blanc-600x800.jpg 600w, https:\/\/voyagedelabaleine.fr\/wp-content\/uploads\/2024\/05\/body-col-texture-blanc-225x300.jpg 225w, https:\/\/voyagedelabaleine.fr\/wp-content\/uploads\/2024\/05\/body-col-texture-blanc-768x1024.jpg 768w, https:\/\/voyagedelabaleine.fr\/wp-content\/uploads\/2024\/05\/body-col-texture-blanc.jpg 1055w\" sizes=\"(max-width: 600px) 100vw, 600px\" \/><\/a>\t<\/div><!-- .woo-entry-image-swap -->\n\n<ul class=\"woo-entry-inner clr\"><li class=\"image-wrap\">\n\t<div class=\"woo-entry-image-swap woo-entry-image clr\">\n\t\t<a href=\"https:\/\/voyagedelabaleine.fr\/it\/prodotto\/body-neonato-a-maniche-corte-con-collo-rotondo-testurizzato-bianco\/\" class=\"woocommerce-LoopProduct-link\"><img decoding=\"async\" width=\"600\" height=\"800\" src=\"https:\/\/voyagedelabaleine.fr\/wp-content\/uploads\/2024\/05\/body-col-texture-blanc-1-600x800.jpg\" class=\"woo-entry-image-main\" alt=\"Body neonato a maniche corte con collo rotondo testurizzato &#8211; Bianco\" itemprop=\"image\" srcset=\"https:\/\/voyagedelabaleine.fr\/wp-content\/uploads\/2024\/05\/body-col-texture-blanc-1-600x800.jpg 600w, https:\/\/voyagedelabaleine.fr\/wp-content\/uploads\/2024\/05\/body-col-texture-blanc-1-225x300.jpg 225w, https:\/\/voyagedelabaleine.fr\/wp-content\/uploads\/2024\/05\/body-col-texture-blanc-1-768x1024.jpg 768w, https:\/\/voyagedelabaleine.fr\/wp-content\/uploads\/2024\/05\/body-col-texture-blanc-1.jpg 868w\" sizes=\"(max-width: 600px) 100vw, 600px\" \/><img decoding=\"async\" width=\"600\" height=\"800\" src=\"https:\/\/voyagedelabaleine.fr\/wp-content\/uploads\/2024\/05\/body-col-texture-blanc-600x800.jpg\" class=\"woo-entry-image-secondary\" alt=\"Body neonato a maniche corte con collo rotondo testurizzato &#8211; Bianco\" itemprop=\"image\" srcset=\"https:\/\/voyagedelabaleine.fr\/wp-content\/uploads\/2024\/05\/body-col-texture-blanc-600x800.jpg 600w, https:\/\/voyagedelabaleine.fr\/wp-content\/uploads\/2024\/05\/body-col-texture-blanc-225x300.jpg 225w, https:\/\/voyagedelabaleine.fr\/wp-content\/uploads\/2024\/05\/body-col-texture-blanc-768x1024.jpg 768w, https:\/\/voyagedelabaleine.fr\/wp-content\/uploads\/2024\/05\/body-col-texture-blanc.jpg 1055w\" sizes=\"(max-width: 600px) 100vw, 600px\" \/><\/a>\t<\/div><!-- .woo-entry-image-swap -->\n\n<\/li><li class=\"title\"><h2><a href=\"https:\/\/voyagedelabaleine.fr\/it\/prodotto\/body-neonato-a-maniche-corte-con-collo-rotondo-testurizzato-bianco\/\">Body neonato a maniche corte con collo rotondo testurizzato &#8211; Bianco<\/a><\/h2><\/li><li class=\"price-wrap\">\n\t<span class=\"price\"><span class=\"woocommerce-Price-amount amount\"><bdi>20<span class=\"woocommerce-Price-currencySymbol\">&euro;<\/span><\/bdi><\/span><\/span>\n<\/li><\/ul><\/div><!-- .product-inner .clr --><\/li>\n<li class=\"entry has-media col span_1_of_2 owp-content-center owp-thumbs-layout-vertical owp-btn-big owp-tabs-layout-vertical circle-sale product type-product post-33797 status-publish last instock product_cat-abbigliamento product_cat-bloomer-short-pantaloni-nascita product_cat-bloomer-short-pantaloni-nascita-ragazzo product_cat-bloomer-short-pantaloni-neonati product_cat-bloomer-short-pantaloni-neonato has-post-thumbnail taxable shipping-taxable purchasable product-type-variable has-default-attributes\">\n\t<div class=\"product-inner clr\">\n\t<div class=\"woo-entry-image-swap woo-entry-image clr\">\n\t\t<a href=\"https:\/\/voyagedelabaleine.fr\/it\/prodotto\/bloomer-neonato-in-cotone-celeste\/\" class=\"woocommerce-LoopProduct-link\"><img decoding=\"async\" width=\"600\" height=\"800\" src=\"https:\/\/voyagedelabaleine.fr\/wp-content\/uploads\/2024\/05\/bloomer-garcon-uni-bleu-600x800.jpg\" class=\"woo-entry-image-main\" alt=\"Bloomer neonato in cotone &#8211; Celeste\" itemprop=\"image\" \/><img decoding=\"async\" width=\"518\" height=\"690\" src=\"https:\/\/voyagedelabaleine.fr\/wp-content\/uploads\/2024\/05\/bloomer-garcon-uni-bleu-1.jpg\" class=\"woo-entry-image-secondary\" alt=\"Bloomer neonato in cotone &#8211; Celeste\" itemprop=\"image\" srcset=\"https:\/\/voyagedelabaleine.fr\/wp-content\/uploads\/2024\/05\/bloomer-garcon-uni-bleu-1.jpg 518w, https:\/\/voyagedelabaleine.fr\/wp-content\/uploads\/2024\/05\/bloomer-garcon-uni-bleu-1-225x300.jpg 225w\" sizes=\"(max-width: 518px) 100vw, 518px\" \/><\/a>\t<\/div><!-- .woo-entry-image-swap -->\n\n<ul class=\"woo-entry-inner clr\"><li class=\"image-wrap\">\n\t<div class=\"woo-entry-image-swap woo-entry-image clr\">\n\t\t<a href=\"https:\/\/voyagedelabaleine.fr\/it\/prodotto\/bloomer-neonato-in-cotone-celeste\/\" class=\"woocommerce-LoopProduct-link\"><img decoding=\"async\" width=\"600\" height=\"800\" src=\"https:\/\/voyagedelabaleine.fr\/wp-content\/uploads\/2024\/05\/bloomer-garcon-uni-bleu-600x800.jpg\" class=\"woo-entry-image-main\" alt=\"Bloomer neonato in cotone &#8211; Celeste\" itemprop=\"image\" \/><img decoding=\"async\" width=\"518\" height=\"690\" src=\"https:\/\/voyagedelabaleine.fr\/wp-content\/uploads\/2024\/05\/bloomer-garcon-uni-bleu-1.jpg\" class=\"woo-entry-image-secondary\" alt=\"Bloomer neonato in cotone &#8211; Celeste\" itemprop=\"image\" srcset=\"https:\/\/voyagedelabaleine.fr\/wp-content\/uploads\/2024\/05\/bloomer-garcon-uni-bleu-1.jpg 518w, https:\/\/voyagedelabaleine.fr\/wp-content\/uploads\/2024\/05\/bloomer-garcon-uni-bleu-1-225x300.jpg 225w\" sizes=\"(max-width: 518px) 100vw, 518px\" \/><\/a>\t<\/div><!-- .woo-entry-image-swap -->\n\n<\/li><li class=\"title\"><h2><a href=\"https:\/\/voyagedelabaleine.fr\/it\/prodotto\/bloomer-neonato-in-cotone-celeste\/\">Bloomer neonato in cotone &#8211; Celeste<\/a><\/h2><\/li><li class=\"price-wrap\">\n\t<span class=\"price\"><span class=\"woocommerce-Price-amount amount\"><bdi>14<span class=\"woocommerce-Price-currencySymbol\">&euro;<\/span><\/bdi><\/span><\/span>\n<\/li><\/ul><\/div><!-- .product-inner .clr --><\/li>\n<\/ul>\n<\/div><\/div>\n\t\t\t\t\t\t<\/div>\n\t\t\t\t<\/div>\n\t\t<div class=\"elementor-element elementor-element-d3abb26 e-con-full e-flex e-con e-parent\" data-id=\"d3abb26\" data-element_type=\"container\" data-e-type=\"container\">\n\t\t\t\t<div class=\"elementor-element elementor-element-9335c03 elementor-widget-divider--separator-type-pattern elementor-widget-divider--view-line elementor-widget elementor-widget-divider\" data-id=\"9335c03\" data-element_type=\"widget\" data-e-type=\"widget\" data-widget_type=\"divider.default\">\n\t\t\t\t\t\t\t<div class=\"elementor-divider\" style=\"--divider-pattern-url: url(&quot;data:image\/svg+xml,%3Csvg xmlns=&#039;http:\/\/www.w3.org\/2000\/svg&#039; preserveAspectRatio=&#039;none&#039; overflow=&#039;visible&#039; height=&#039;100%&#039; viewBox=&#039;0 0 24 24&#039; fill=&#039;black&#039; stroke=&#039;none&#039;%3E%3Cpath d=&#039;M12.7,2.3c-0.4-0.4-1.1-0.4-1.5,0l-8,9.1c-0.3,0.4-0.3,0.9,0,1.2l8,9.1c0.4,0.4,1.1,0.4,1.5,0l8-9.1c0.3-0.4,0.3-0.9,0-1.2L12.7,2.3z&#039;\/%3E%3C\/svg%3E&quot;);\">\n\t\t\t<span class=\"elementor-divider-separator\">\n\t\t\t\t\t\t<\/span>\n\t\t<\/div>\n\t\t\t\t\t\t<\/div>\n\t\t\t\t<div class=\"elementor-element elementor-element-64389d7 elementor-widget__width-initial elementor-widget-mobile__width-inherit elementor-widget elementor-widget-shortcode\" data-id=\"64389d7\" data-element_type=\"widget\" data-e-type=\"widget\" data-widget_type=\"shortcode.default\">\n\t\t\t\t\t\t\t<div class=\"elementor-shortcode\"><div class=\"woocommerce columns-2 \">\r\n<ul class=\"products oceanwp-row clr grid tablet-col tablet-2-col mobile-col mobile-2-col\">\r\n<li class=\"entry has-media has-rating col span_1_of_2 owp-content-center owp-thumbs-layout-vertical owp-btn-big owp-tabs-layout-vertical circle-sale product type-product post-33614 status-publish first instock product_cat-abbigliamento product_cat-blusa-camicia-nascita product_cat-blusa-camicia-nascita-ragazzo product_cat-blusa-camicia-neonati product_cat-blusa-camicia-neonato product_cat-completi-nascita product_cat-completi-nascita-ragazzo product_cat-completi-neonati product_cat-completi-neonato product_cat-pagliaccetto-salopette-nascita product_cat-pagliaccetto-salopette-nascita-ragazzo product_cat-pagliaccetto-salopette-neonati product_cat-pagliaccetto-salopette-neonato has-post-thumbnail taxable shipping-taxable purchasable product-type-variable has-default-attributes\">\n\t<div class=\"product-inner clr\">\n\t<div class=\"woo-entry-image-swap woo-entry-image clr\">\n\t\t<a href=\"https:\/\/voyagedelabaleine.fr\/it\/prodotto\/completo-neonato-camicia-e-salopette-a-righe-stile-marinaro\/\" class=\"woocommerce-LoopProduct-link\"><img decoding=\"async\" width=\"600\" height=\"800\" src=\"https:\/\/voyagedelabaleine.fr\/wp-content\/uploads\/2025\/02\/ensemble-bebe-garcon-barboteuse-esprit-marin-600x800.jpg\" class=\"woo-entry-image-main\" alt=\"Completo neonato camicia e salopette a righe stile marinaro\" itemprop=\"image\" srcset=\"https:\/\/voyagedelabaleine.fr\/wp-content\/uploads\/2025\/02\/ensemble-bebe-garcon-barboteuse-esprit-marin-600x800.jpg 600w, https:\/\/voyagedelabaleine.fr\/wp-content\/uploads\/2025\/02\/ensemble-bebe-garcon-barboteuse-esprit-marin-225x300.jpg 225w, https:\/\/voyagedelabaleine.fr\/wp-content\/uploads\/2025\/02\/ensemble-bebe-garcon-barboteuse-esprit-marin-768x1024.jpg 768w, https:\/\/voyagedelabaleine.fr\/wp-content\/uploads\/2025\/02\/ensemble-bebe-garcon-barboteuse-esprit-marin-1152x1536.jpg 1152w, https:\/\/voyagedelabaleine.fr\/wp-content\/uploads\/2025\/02\/ensemble-bebe-garcon-barboteuse-esprit-marin.jpg 1200w\" sizes=\"(max-width: 600px) 100vw, 600px\" \/><img decoding=\"async\" width=\"600\" height=\"800\" src=\"https:\/\/voyagedelabaleine.fr\/wp-content\/uploads\/2025\/01\/ensemble-bebe-marin-2-600x800.jpg\" class=\"woo-entry-image-secondary\" alt=\"Completo neonato camicia e salopette a righe stile marinaro\" itemprop=\"image\" srcset=\"https:\/\/voyagedelabaleine.fr\/wp-content\/uploads\/2025\/01\/ensemble-bebe-marin-2-600x800.jpg 600w, https:\/\/voyagedelabaleine.fr\/wp-content\/uploads\/2025\/01\/ensemble-bebe-marin-2-225x300.jpg 225w, https:\/\/voyagedelabaleine.fr\/wp-content\/uploads\/2025\/01\/ensemble-bebe-marin-2-768x1024.jpg 768w, https:\/\/voyagedelabaleine.fr\/wp-content\/uploads\/2025\/01\/ensemble-bebe-marin-2.jpg 855w\" sizes=\"(max-width: 600px) 100vw, 600px\" \/><\/a>\t<\/div><!-- .woo-entry-image-swap -->\n\n<ul class=\"woo-entry-inner clr\"><li class=\"image-wrap\">\n\t<div class=\"woo-entry-image-swap woo-entry-image clr\">\n\t\t<a href=\"https:\/\/voyagedelabaleine.fr\/it\/prodotto\/completo-neonato-camicia-e-salopette-a-righe-stile-marinaro\/\" class=\"woocommerce-LoopProduct-link\"><img decoding=\"async\" width=\"600\" height=\"800\" src=\"https:\/\/voyagedelabaleine.fr\/wp-content\/uploads\/2025\/02\/ensemble-bebe-garcon-barboteuse-esprit-marin-600x800.jpg\" class=\"woo-entry-image-main\" alt=\"Completo neonato camicia e salopette a righe stile marinaro\" itemprop=\"image\" srcset=\"https:\/\/voyagedelabaleine.fr\/wp-content\/uploads\/2025\/02\/ensemble-bebe-garcon-barboteuse-esprit-marin-600x800.jpg 600w, https:\/\/voyagedelabaleine.fr\/wp-content\/uploads\/2025\/02\/ensemble-bebe-garcon-barboteuse-esprit-marin-225x300.jpg 225w, https:\/\/voyagedelabaleine.fr\/wp-content\/uploads\/2025\/02\/ensemble-bebe-garcon-barboteuse-esprit-marin-768x1024.jpg 768w, https:\/\/voyagedelabaleine.fr\/wp-content\/uploads\/2025\/02\/ensemble-bebe-garcon-barboteuse-esprit-marin-1152x1536.jpg 1152w, https:\/\/voyagedelabaleine.fr\/wp-content\/uploads\/2025\/02\/ensemble-bebe-garcon-barboteuse-esprit-marin.jpg 1200w\" sizes=\"(max-width: 600px) 100vw, 600px\" \/><img decoding=\"async\" width=\"600\" height=\"800\" src=\"https:\/\/voyagedelabaleine.fr\/wp-content\/uploads\/2025\/01\/ensemble-bebe-marin-2-600x800.jpg\" class=\"woo-entry-image-secondary\" alt=\"Completo neonato camicia e salopette a righe stile marinaro\" itemprop=\"image\" srcset=\"https:\/\/voyagedelabaleine.fr\/wp-content\/uploads\/2025\/01\/ensemble-bebe-marin-2-600x800.jpg 600w, https:\/\/voyagedelabaleine.fr\/wp-content\/uploads\/2025\/01\/ensemble-bebe-marin-2-225x300.jpg 225w, https:\/\/voyagedelabaleine.fr\/wp-content\/uploads\/2025\/01\/ensemble-bebe-marin-2-768x1024.jpg 768w, https:\/\/voyagedelabaleine.fr\/wp-content\/uploads\/2025\/01\/ensemble-bebe-marin-2.jpg 855w\" sizes=\"(max-width: 600px) 100vw, 600px\" \/><\/a>\t<\/div><!-- .woo-entry-image-swap -->\n\n<\/li><li class=\"title\"><h2><a href=\"https:\/\/voyagedelabaleine.fr\/it\/prodotto\/completo-neonato-camicia-e-salopette-a-righe-stile-marinaro\/\">Completo neonato camicia e salopette a righe stile marinaro<\/a><\/h2><\/li><li class=\"price-wrap\">\n\t<span class=\"price\"><span class=\"woocommerce-Price-amount amount\"><bdi>62<span class=\"woocommerce-Price-currencySymbol\">&euro;<\/span><\/bdi><\/span><\/span>\n<\/li><\/ul><\/div><!-- .product-inner .clr --><\/li>\n<li class=\"entry has-media has-rating col span_1_of_2 owp-content-center owp-thumbs-layout-vertical owp-btn-big owp-tabs-layout-vertical circle-sale product type-product post-33412 status-publish last instock product_cat-scarpine-nascita product_cat-scarpine-nascita-ragazza product_cat-scarpine-nascita-ragazzo product_cat-scarpine-neonata product_cat-scarpine-neonati product_cat-scarpine-neonato product_cat-ultima-occasione product_tag-scarpine has-post-thumbnail taxable shipping-taxable purchasable product-type-variable has-default-attributes\">\n\t<div class=\"product-inner clr\">\n\t<div class=\"woo-entry-image-swap woo-entry-image clr\">\n\t\t<a href=\"https:\/\/voyagedelabaleine.fr\/it\/prodotto\/scarpine-per-neonati-leggere-in-morbida-pelle-tortora\/\" class=\"woocommerce-LoopProduct-link\"><img decoding=\"async\" width=\"600\" height=\"800\" src=\"https:\/\/voyagedelabaleine.fr\/wp-content\/uploads\/2023\/10\/chaussons-bebe-cuir-taupe.jpg\" class=\"woo-entry-image-main\" alt=\"Scarpine per neonati leggere in morbida pelle &#8211; Tortora\" itemprop=\"image\" srcset=\"https:\/\/voyagedelabaleine.fr\/wp-content\/uploads\/2023\/10\/chaussons-bebe-cuir-taupe.jpg 600w, https:\/\/voyagedelabaleine.fr\/wp-content\/uploads\/2023\/10\/chaussons-bebe-cuir-taupe-225x300.jpg 225w\" sizes=\"(max-width: 600px) 100vw, 600px\" \/><img decoding=\"async\" width=\"600\" height=\"800\" src=\"https:\/\/voyagedelabaleine.fr\/wp-content\/uploads\/2023\/10\/chaussons-bebe-cuir-taupe-1.jpg\" class=\"woo-entry-image-secondary\" alt=\"Scarpine per neonati leggere in morbida pelle &#8211; Tortora\" itemprop=\"image\" srcset=\"https:\/\/voyagedelabaleine.fr\/wp-content\/uploads\/2023\/10\/chaussons-bebe-cuir-taupe-1.jpg 600w, https:\/\/voyagedelabaleine.fr\/wp-content\/uploads\/2023\/10\/chaussons-bebe-cuir-taupe-1-225x300.jpg 225w\" sizes=\"(max-width: 600px) 100vw, 600px\" \/><\/a>\t<\/div><!-- .woo-entry-image-swap -->\n\n<ul class=\"woo-entry-inner clr\"><li class=\"image-wrap\">\n\t<div class=\"woo-entry-image-swap woo-entry-image clr\">\n\t\t<a href=\"https:\/\/voyagedelabaleine.fr\/it\/prodotto\/scarpine-per-neonati-leggere-in-morbida-pelle-tortora\/\" class=\"woocommerce-LoopProduct-link\"><img decoding=\"async\" width=\"600\" height=\"800\" src=\"https:\/\/voyagedelabaleine.fr\/wp-content\/uploads\/2023\/10\/chaussons-bebe-cuir-taupe.jpg\" class=\"woo-entry-image-main\" alt=\"Scarpine per neonati leggere in morbida pelle &#8211; Tortora\" itemprop=\"image\" srcset=\"https:\/\/voyagedelabaleine.fr\/wp-content\/uploads\/2023\/10\/chaussons-bebe-cuir-taupe.jpg 600w, https:\/\/voyagedelabaleine.fr\/wp-content\/uploads\/2023\/10\/chaussons-bebe-cuir-taupe-225x300.jpg 225w\" sizes=\"(max-width: 600px) 100vw, 600px\" \/><img decoding=\"async\" width=\"600\" height=\"800\" src=\"https:\/\/voyagedelabaleine.fr\/wp-content\/uploads\/2023\/10\/chaussons-bebe-cuir-taupe-1.jpg\" class=\"woo-entry-image-secondary\" alt=\"Scarpine per neonati leggere in morbida pelle &#8211; Tortora\" itemprop=\"image\" srcset=\"https:\/\/voyagedelabaleine.fr\/wp-content\/uploads\/2023\/10\/chaussons-bebe-cuir-taupe-1.jpg 600w, https:\/\/voyagedelabaleine.fr\/wp-content\/uploads\/2023\/10\/chaussons-bebe-cuir-taupe-1-225x300.jpg 225w\" sizes=\"(max-width: 600px) 100vw, 600px\" \/><\/a>\t<\/div><!-- .woo-entry-image-swap -->\n\n<\/li><li class=\"title\"><h2><a href=\"https:\/\/voyagedelabaleine.fr\/it\/prodotto\/scarpine-per-neonati-leggere-in-morbida-pelle-tortora\/\">Scarpine per neonati leggere in morbida pelle &#8211; Tortora<\/a><\/h2><\/li><li class=\"price-wrap\">\n\t<span class=\"price\"><span class=\"woocommerce-Price-amount amount\"><bdi>32<span class=\"woocommerce-Price-currencySymbol\">&euro;<\/span><\/bdi><\/span><\/span>\n<\/li><\/ul><\/div><!-- .product-inner .clr --><\/li>\n<\/ul>\n<\/div><\/div>\n\t\t\t\t\t\t<\/div>\n\t\t<div class=\"elementor-element elementor-element-66fffd8 e-flex e-con-boxed e-con e-child\" data-id=\"66fffd8\" data-element_type=\"container\" data-e-type=\"container\">\n\t\t\t\t\t<div class=\"e-con-inner\">\n\t\t<div class=\"elementor-element elementor-element-ece3f0e e-con-full e-flex e-con e-child\" data-id=\"ece3f0e\" data-element_type=\"container\" data-e-type=\"container\">\n\t\t\t\t<div class=\"elementor-element elementor-element-13171c0 elementor-align-center elementor-widget elementor-widget-button\" data-id=\"13171c0\" data-element_type=\"widget\" data-e-type=\"widget\" data-widget_type=\"button.default\">\n\t\t\t\t\t\t\t\t\t\t<a class=\"elementor-button elementor-button-link elementor-size-sm\" href=\"https:\/\/voyagedelabaleine.fr\/it\/categorie-produit\/bebe\/bebe-garcon\/\">\n\t\t\t\t\t\t<span class=\"elementor-button-content-wrapper\">\n\t\t\t\t\t\t\t\t\t<span class=\"elementor-button-text\">Esplora tutta la collezione bambino (12-36 mesi)<\/span>\n\t\t\t\t\t<\/span>\n\t\t\t\t\t<\/a>\n\t\t\t\t\t\t\t\t<\/div>\n\t\t\t\t<div class=\"elementor-element elementor-element-fba5d7d elementor-widget elementor-widget-spacer\" data-id=\"fba5d7d\" data-element_type=\"widget\" data-e-type=\"widget\" data-widget_type=\"spacer.default\">\n\t\t\t\t\t\t\t<div class=\"elementor-spacer\">\n\t\t\t<div class=\"elementor-spacer-inner\"><\/div>\n\t\t<\/div>\n\t\t\t\t\t\t<\/div>\n\t\t\t\t<div class=\"elementor-element elementor-element-adc0664 elementor-align-center elementor-widget elementor-widget-button\" data-id=\"adc0664\" data-element_type=\"widget\" data-e-type=\"widget\" data-widget_type=\"button.default\">\n\t\t\t\t\t\t\t\t\t\t<a class=\"elementor-button elementor-button-link elementor-size-sm\" href=\"https:\/\/voyagedelabaleine.fr\/it\/categorie-produit\/naissance\/naissance-garcon\/\">\n\t\t\t\t\t\t<span class=\"elementor-button-content-wrapper\">\n\t\t\t\t\t\t\t\t\t<span class=\"elementor-button-text\">Esplora tutta la collezione neonato (0-6 mesi)<\/span>\n\t\t\t\t\t<\/span>\n\t\t\t\t\t<\/a>\n\t\t\t\t\t\t\t\t<\/div>\n\t\t\t\t<div class=\"elementor-element elementor-element-ffe0591 elementor-widget elementor-widget-spacer\" data-id=\"ffe0591\" data-element_type=\"widget\" data-e-type=\"widget\" data-widget_type=\"spacer.default\">\n\t\t\t\t\t\t\t<div class=\"elementor-spacer\">\n\t\t\t<div class=\"elementor-spacer-inner\"><\/div>\n\t\t<\/div>\n\t\t\t\t\t\t<\/div>\n\t\t\t\t<div class=\"elementor-element elementor-element-a260e08 elementor-align-center elementor-widget elementor-widget-button\" data-id=\"a260e08\" data-element_type=\"widget\" data-e-type=\"widget\" data-widget_type=\"button.default\">\n\t\t\t\t\t\t\t\t\t\t<a class=\"elementor-button elementor-button-link elementor-size-sm\" href=\"https:\/\/voyagedelabaleine.fr\/it\/categorie-produit\/enfant\/enfant-garcon\/\">\n\t\t\t\t\t\t<span class=\"elementor-button-content-wrapper\">\n\t\t\t\t\t\t\t\t\t<span class=\"elementor-button-text\">Esplora tutta la collezione bambino (2-3 anni)<\/span>\n\t\t\t\t\t<\/span>\n\t\t\t\t\t<\/a>\n\t\t\t\t\t\t\t\t<\/div>\n\t\t\t\t<\/div>\n\t\t\t\t\t<\/div>\n\t\t\t\t<\/div>\n\t\t\t\t<\/div>\n\t\t<div class=\"elementor-element elementor-element-e52fcf5 e-con-full e-flex e-con e-parent\" data-id=\"e52fcf5\" data-element_type=\"container\" data-e-type=\"container\">\n\t\t\t\t<div class=\"elementor-element elementor-element-f843393 elementor-widget elementor-widget-text-editor\" data-id=\"f843393\" data-element_type=\"widget\" data-e-type=\"widget\" data-widget_type=\"text-editor.default\">\n\t\t\t\t\t\t\t\t\t<h2 data-start=\"3102\" data-end=\"3155\">Un completo coordinato per piccoli esploratori<\/h2><p data-start=\"3156\" data-end=\"3483\">Su questa pagina, scopri i <strong data-start=\"3186\" data-end=\"3223\">set regalo nascita bambino<\/strong> accuratamente composti: <strong data-start=\"3249\" data-end=\"3306\">bloomer a quadri, body a girocollo, calzini alti<\/strong>, oppure <strong data-start=\"3316\" data-end=\"3377\">camicia neonato, pantaloni in cotone, scarpine in lino<\/strong>. Ogni cofanetto propone un outfit completo, pronto ad accompagnare il bambino fin dal suo arrivo, con stile e cura. <\/p><h2 data-start=\"3485\" data-end=\"3530\">Il fascino discreto dei motivi e dei tessuti<\/h2><p data-start=\"3531\" data-end=\"3901\">Puntiamo sull&#8217;eleganza naturale: <strong data-start=\"3570\" data-end=\"3626\">vichy azzurro, righe navy, quadri menta\/beige<\/strong>, o tinte unite naturali. Finiture curate: <strong data-start=\"3667\" data-end=\"3724\">bottoni in legno, impunture discrete, linee pulite<\/strong>. I nostri completi bambino respirano un&#8217;eleganza semplice, tra <strong data-start=\"3787\" data-end=\"3844\">look marinaro, spirito campestre e dolcezza tradizionale<\/strong>, per un effetto adorabile e impeccabile in ogni occasione.  <\/p><h2 data-start=\"3903\" data-end=\"3953\">Qualit\u00e0, materiali e produzione europea<\/h2><p data-start=\"3954\" data-end=\"4282\">Tutti i nostri articoli sono in <strong data-start=\"3980\" data-end=\"4017\">100% cotone o misto cotone-lino<\/strong>, confezionati in <strong data-start=\"4036\" data-end=\"4062\">Spagna o Portogallo<\/strong>. Questi laboratori tradizionali rispettano le migliori pratiche per garantire capi robusti, confortevoli e durevoli. Il cotone \u00e8 traspirante, morbido al contatto con la pelle e adatto alle esigenze dei neonati.  <\/p><h2 data-start=\"4284\" data-end=\"4325\">Una selezione pratica e raffinata<\/h2><p data-start=\"4326\" data-end=\"4679\">Ogni cofanetto comprende capi perfettamente abbinati: <strong data-start=\"4386\" data-end=\"4451\">body con bottoni a pressione, pantaloni con elastico in vita, scarpine con fibbie<\/strong>, o <strong data-start=\"4456\" data-end=\"4502\">camicia, bloomer, berretto in maglia<\/strong>. I capi sono pensati per essere facili da indossare, resistenti ai lavaggi e piacevoli da portare. Consegnati in una confezione curata, diventano splendidi regali da offrire.  <\/p><h2 data-start=\"4681\" data-end=\"4729\">Ideale per tutte le prime occasioni<\/h2><p data-start=\"4730\" data-end=\"5051\">I nostri completi bambino sono perfetti per un <strong data-start=\"4773\" data-end=\"4796\">regalo nascita<\/strong>, un servizio fotografico o un&#8217;uscita in famiglia. Combinano <strong data-start=\"4855\" data-end=\"4887\">funzionalit\u00e0 ed estetica<\/strong>: non c&#8217;\u00e8 bisogno di cercare di abbinare i capi, tutto \u00e8 armonizzato. Il cofanetto si adatta anche a un battesimo o una cerimonia, con uno stile campestre o marinaro chic.  <\/p><p data-start=\"4730\" data-end=\"5051\"><em style=\"font-variant-ligatures: normal; font-variant-caps: normal; font-family: Barlow, sans-serif; font-size: 16px; font-weight: 400; letter-spacing: 0.4px;\">Scopri anche graziosi completi per bambina nella nostra pagina <a href=\"https:\/\/voyagedelabaleine.fr\/it\/regalo-di-nascita-bambina\/\">regalo nascita bambina<\/a>.<\/em><\/p>\t\t\t\t\t\t\t\t<\/div>\n\t\t\t\t<\/div>\n\t\t\t\t<\/div>\n\t\t","protected":false},"excerpt":{"rendered":"<p>Set da regalare, raffinati e intrisi di tenerezza, pensati come una selezione di ispirazioni per i tuoi regali nascita. Esplora tutta la collezione bambino (12-36 mesi) Esplora tutta la collezione neonato (0-6 mesi) Esplora tutta la collezione bambino (2-3 anni) Un completo coordinato per piccoli esploratori Su questa pagina, scopri i set regalo nascita bambino [&hellip;]<\/p>\n","protected":false},"author":222595022,"featured_media":0,"parent":0,"menu_order":0,"comment_status":"closed","ping_status":"closed","template":"","meta":{"ocean_post_layout":"","ocean_both_sidebars_style":"","ocean_both_sidebars_content_width":0,"ocean_both_sidebars_sidebars_width":0,"ocean_sidebar":"","ocean_second_sidebar":"","ocean_disable_margins":"enable","ocean_add_body_class":"","ocean_shortcode_before_top_bar":"","ocean_shortcode_after_top_bar":"","ocean_shortcode_before_header":"","ocean_shortcode_after_header":"","ocean_has_shortcode":"","ocean_shortcode_after_title":"","ocean_shortcode_before_footer_widgets":"","ocean_shortcode_after_footer_widgets":"","ocean_shortcode_before_footer_bottom":"","ocean_shortcode_after_footer_bottom":"","ocean_display_top_bar":"default","ocean_display_header":"default","ocean_header_style":"","ocean_center_header_left_menu":"","ocean_custom_header_template":"","ocean_custom_logo":0,"ocean_custom_retina_logo":0,"ocean_custom_logo_max_width":0,"ocean_custom_logo_tablet_max_width":0,"ocean_custom_logo_mobile_max_width":0,"ocean_custom_logo_max_height":0,"ocean_custom_logo_tablet_max_height":0,"ocean_custom_logo_mobile_max_height":0,"ocean_header_custom_menu":"","ocean_menu_typo_font_family":"","ocean_menu_typo_font_subset":"","ocean_menu_typo_font_size":0,"ocean_menu_typo_font_size_tablet":0,"ocean_menu_typo_font_size_mobile":0,"ocean_menu_typo_font_size_unit":"px","ocean_menu_typo_font_weight":"","ocean_menu_typo_font_weight_tablet":"","ocean_menu_typo_font_weight_mobile":"","ocean_menu_typo_transform":"","ocean_menu_typo_transform_tablet":"","ocean_menu_typo_transform_mobile":"","ocean_menu_typo_line_height":0,"ocean_menu_typo_line_height_tablet":0,"ocean_menu_typo_line_height_mobile":0,"ocean_menu_typo_line_height_unit":"","ocean_menu_typo_spacing":0,"ocean_menu_typo_spacing_tablet":0,"ocean_menu_typo_spacing_mobile":0,"ocean_menu_typo_spacing_unit":"","ocean_menu_link_color":"","ocean_menu_link_color_hover":"","ocean_menu_link_color_active":"","ocean_menu_link_background":"","ocean_menu_link_hover_background":"","ocean_menu_link_active_background":"","ocean_menu_social_links_bg":"","ocean_menu_social_hover_links_bg":"","ocean_menu_social_links_color":"","ocean_menu_social_hover_links_color":"","ocean_disable_title":"default","ocean_disable_heading":"default","ocean_post_title":"","ocean_post_subheading":"","ocean_post_title_style":"","ocean_post_title_background_color":"","ocean_post_title_background":0,"ocean_post_title_bg_image_position":"","ocean_post_title_bg_image_attachment":"","ocean_post_title_bg_image_repeat":"","ocean_post_title_bg_image_size":"","ocean_post_title_height":0,"ocean_post_title_bg_overlay":0.5,"ocean_post_title_bg_overlay_color":"","ocean_disable_breadcrumbs":"default","ocean_breadcrumbs_color":"","ocean_breadcrumbs_separator_color":"","ocean_breadcrumbs_links_color":"","ocean_breadcrumbs_links_hover_color":"","ocean_display_footer_widgets":"default","ocean_display_footer_bottom":"default","ocean_custom_footer_template":"","osh_disable_topbar_sticky":"default","osh_disable_header_sticky":"default","osh_sticky_header_style":"default","osh_sticky_header_effect":"","osh_custom_sticky_logo":0,"osh_custom_retina_sticky_logo":0,"osh_custom_sticky_logo_height":0,"osh_background_color":"","osh_links_color":"","osh_links_hover_color":"","osh_links_active_color":"","osh_links_bg_color":"","osh_links_hover_bg_color":"","osh_links_active_bg_color":"","osh_menu_social_links_color":"","osh_menu_social_hover_links_color":"","footnotes":""},"class_list":["post-28156","page","type-page","status-publish","hentry","entry","owp-thumbs-layout-vertical","owp-btn-big","owp-tabs-layout-vertical","has-no-thumbnails","circle-sale"],"yoast_head":"<!-- This site is optimized with the Yoast SEO plugin v27.1.1 - https:\/\/yoast.com\/product\/yoast-seo-wordpress\/ -->\n<title>Regalo di nascita bambino - Voyage de la Baleine<\/title>\n<meta name=\"description\" content=\"Regala un regalo nascita bambino unico ed elegante, prodotto in Europa. Scopri capi scelti con cura.\" \/>\n<meta name=\"robots\" content=\"index, follow, max-snippet:-1, max-image-preview:large, max-video-preview:-1\" \/>\n<link rel=\"canonical\" href=\"https:\/\/voyagedelabaleine.fr\/it\/regalo-di-nascita-bambino\/\" \/>\n<meta property=\"og:locale\" content=\"it_IT\" \/>\n<meta property=\"og:type\" content=\"article\" \/>\n<meta property=\"og:title\" content=\"Regalo di nascita bambino - Voyage de la Baleine\" \/>\n<meta property=\"og:description\" content=\"Regala un regalo nascita bambino unico ed elegante, prodotto in Europa. Scopri capi scelti con cura.\" \/>\n<meta property=\"og:url\" content=\"https:\/\/voyagedelabaleine.fr\/it\/regalo-di-nascita-bambino\/\" \/>\n<meta property=\"og:site_name\" content=\"Voyage de la Baleine\" \/>\n<meta property=\"article:publisher\" content=\"https:\/\/www.facebook.com\/voyagedelabaleine\/\" \/>\n<meta property=\"article:modified_time\" content=\"2026-01-12T14:03:55+00:00\" \/>\n<meta name=\"twitter:card\" content=\"summary_large_image\" \/>\n<meta name=\"twitter:label1\" content=\"Tempo di lettura stimato\" \/>\n\t<meta name=\"twitter:data1\" content=\"2 minuto\" \/>\n<script type=\"application\/ld+json\" class=\"yoast-schema-graph\">{\"@context\":\"https:\/\/schema.org\",\"@graph\":[{\"@type\":\"WebPage\",\"@id\":\"https:\/\/voyagedelabaleine.fr\/it\/regalo-di-nascita-bambino\/\",\"url\":\"https:\/\/voyagedelabaleine.fr\/it\/regalo-di-nascita-bambino\/\",\"name\":\"Regalo di nascita bambino - Voyage de la Baleine\",\"isPartOf\":{\"@id\":\"https:\/\/voyagedelabaleine.fr\/it\/#website\"},\"datePublished\":\"2025-06-10T15:18:27+00:00\",\"dateModified\":\"2026-01-12T14:03:55+00:00\",\"description\":\"Regala un regalo nascita bambino unico ed elegante, prodotto in Europa. Scopri capi scelti con cura.\",\"breadcrumb\":{\"@id\":\"https:\/\/voyagedelabaleine.fr\/it\/regalo-di-nascita-bambino\/#breadcrumb\"},\"inLanguage\":\"it-IT\",\"potentialAction\":[{\"@type\":\"ReadAction\",\"target\":[\"https:\/\/voyagedelabaleine.fr\/it\/regalo-di-nascita-bambino\/\"]}]},{\"@type\":\"BreadcrumbList\",\"@id\":\"https:\/\/voyagedelabaleine.fr\/it\/regalo-di-nascita-bambino\/#breadcrumb\",\"itemListElement\":[{\"@type\":\"ListItem\",\"position\":1,\"name\":\"Accueil\",\"item\":\"https:\/\/voyagedelabaleine.fr\/it\/homepage\/\"},{\"@type\":\"ListItem\",\"position\":2,\"name\":\"Regalo di nascita bambino\"}]},{\"@type\":\"WebSite\",\"@id\":\"https:\/\/voyagedelabaleine.fr\/it\/#website\",\"url\":\"https:\/\/voyagedelabaleine.fr\/it\/\",\"name\":\"Voyage de la Baleine\",\"description\":\"V\u00eatements intemporels et raffin\u00e9s pour b\u00e9b\u00e9s et enfants\",\"publisher\":{\"@id\":\"https:\/\/voyagedelabaleine.fr\/it\/#organization\"},\"potentialAction\":[{\"@type\":\"SearchAction\",\"target\":{\"@type\":\"EntryPoint\",\"urlTemplate\":\"https:\/\/voyagedelabaleine.fr\/it\/?s={search_term_string}\"},\"query-input\":{\"@type\":\"PropertyValueSpecification\",\"valueRequired\":true,\"valueName\":\"search_term_string\"}}],\"inLanguage\":\"it-IT\"},{\"@type\":\"Organization\",\"@id\":\"https:\/\/voyagedelabaleine.fr\/it\/#organization\",\"name\":\"Voyage de la Baleine\",\"url\":\"https:\/\/voyagedelabaleine.fr\/it\/\",\"logo\":{\"@type\":\"ImageObject\",\"inLanguage\":\"it-IT\",\"@id\":\"https:\/\/voyagedelabaleine.fr\/it\/#\/schema\/logo\/image\/\",\"url\":\"https:\/\/voyagedelabaleine.fr\/wp-content\/uploads\/2025\/06\/logo.webp\",\"contentUrl\":\"https:\/\/voyagedelabaleine.fr\/wp-content\/uploads\/2025\/06\/logo.webp\",\"width\":153,\"height\":64,\"caption\":\"Voyage de la Baleine\"},\"image\":{\"@id\":\"https:\/\/voyagedelabaleine.fr\/it\/#\/schema\/logo\/image\/\"},\"sameAs\":[\"https:\/\/www.facebook.com\/voyagedelabaleine\/\",\"https:\/\/www.instagram.com\/voyagedelabaleine\/\",\"https:\/\/www.pinterest.fr\/Voyagedelabaleine\/\"]}]}<\/script>\n<!-- \/ Yoast SEO plugin. -->","yoast_head_json":{"title":"Regalo di nascita bambino - Voyage de la Baleine","description":"Regala un regalo nascita bambino unico ed elegante, prodotto in Europa. Scopri capi scelti con cura.","robots":{"index":"index","follow":"follow","max-snippet":"max-snippet:-1","max-image-preview":"max-image-preview:large","max-video-preview":"max-video-preview:-1"},"canonical":"https:\/\/voyagedelabaleine.fr\/it\/regalo-di-nascita-bambino\/","og_locale":"it_IT","og_type":"article","og_title":"Regalo di nascita bambino - Voyage de la Baleine","og_description":"Regala un regalo nascita bambino unico ed elegante, prodotto in Europa. Scopri capi scelti con cura.","og_url":"https:\/\/voyagedelabaleine.fr\/it\/regalo-di-nascita-bambino\/","og_site_name":"Voyage de la Baleine","article_publisher":"https:\/\/www.facebook.com\/voyagedelabaleine\/","article_modified_time":"2026-01-12T14:03:55+00:00","twitter_card":"summary_large_image","twitter_misc":{"Tempo di lettura stimato":"2 minuto"},"schema":{"@context":"https:\/\/schema.org","@graph":[{"@type":"WebPage","@id":"https:\/\/voyagedelabaleine.fr\/it\/regalo-di-nascita-bambino\/","url":"https:\/\/voyagedelabaleine.fr\/it\/regalo-di-nascita-bambino\/","name":"Regalo di nascita bambino - Voyage de la Baleine","isPartOf":{"@id":"https:\/\/voyagedelabaleine.fr\/it\/#website"},"datePublished":"2025-06-10T15:18:27+00:00","dateModified":"2026-01-12T14:03:55+00:00","description":"Regala un regalo nascita bambino unico ed elegante, prodotto in Europa. Scopri capi scelti con cura.","breadcrumb":{"@id":"https:\/\/voyagedelabaleine.fr\/it\/regalo-di-nascita-bambino\/#breadcrumb"},"inLanguage":"it-IT","potentialAction":[{"@type":"ReadAction","target":["https:\/\/voyagedelabaleine.fr\/it\/regalo-di-nascita-bambino\/"]}]},{"@type":"BreadcrumbList","@id":"https:\/\/voyagedelabaleine.fr\/it\/regalo-di-nascita-bambino\/#breadcrumb","itemListElement":[{"@type":"ListItem","position":1,"name":"Accueil","item":"https:\/\/voyagedelabaleine.fr\/it\/homepage\/"},{"@type":"ListItem","position":2,"name":"Regalo di nascita bambino"}]},{"@type":"WebSite","@id":"https:\/\/voyagedelabaleine.fr\/it\/#website","url":"https:\/\/voyagedelabaleine.fr\/it\/","name":"Voyage de la Baleine","description":"V\u00eatements intemporels et raffin\u00e9s pour b\u00e9b\u00e9s et enfants","publisher":{"@id":"https:\/\/voyagedelabaleine.fr\/it\/#organization"},"potentialAction":[{"@type":"SearchAction","target":{"@type":"EntryPoint","urlTemplate":"https:\/\/voyagedelabaleine.fr\/it\/?s={search_term_string}"},"query-input":{"@type":"PropertyValueSpecification","valueRequired":true,"valueName":"search_term_string"}}],"inLanguage":"it-IT"},{"@type":"Organization","@id":"https:\/\/voyagedelabaleine.fr\/it\/#organization","name":"Voyage de la Baleine","url":"https:\/\/voyagedelabaleine.fr\/it\/","logo":{"@type":"ImageObject","inLanguage":"it-IT","@id":"https:\/\/voyagedelabaleine.fr\/it\/#\/schema\/logo\/image\/","url":"https:\/\/voyagedelabaleine.fr\/wp-content\/uploads\/2025\/06\/logo.webp","contentUrl":"https:\/\/voyagedelabaleine.fr\/wp-content\/uploads\/2025\/06\/logo.webp","width":153,"height":64,"caption":"Voyage de la Baleine"},"image":{"@id":"https:\/\/voyagedelabaleine.fr\/it\/#\/schema\/logo\/image\/"},"sameAs":["https:\/\/www.facebook.com\/voyagedelabaleine\/","https:\/\/www.instagram.com\/voyagedelabaleine\/","https:\/\/www.pinterest.fr\/Voyagedelabaleine\/"]}]}},"_links":{"self":[{"href":"https:\/\/voyagedelabaleine.fr\/it\/wp-json\/wp\/v2\/pages\/28156","targetHints":{"allow":["GET"]}}],"collection":[{"href":"https:\/\/voyagedelabaleine.fr\/it\/wp-json\/wp\/v2\/pages"}],"about":[{"href":"https:\/\/voyagedelabaleine.fr\/it\/wp-json\/wp\/v2\/types\/page"}],"author":[{"embeddable":true,"href":"https:\/\/voyagedelabaleine.fr\/it\/wp-json\/wp\/v2\/users\/222595022"}],"replies":[{"embeddable":true,"href":"https:\/\/voyagedelabaleine.fr\/it\/wp-json\/wp\/v2\/comments?post=28156"}],"version-history":[{"count":1,"href":"https:\/\/voyagedelabaleine.fr\/it\/wp-json\/wp\/v2\/pages\/28156\/revisions"}],"predecessor-version":[{"id":28157,"href":"https:\/\/voyagedelabaleine.fr\/it\/wp-json\/wp\/v2\/pages\/28156\/revisions\/28157"}],"wp:attachment":[{"href":"https:\/\/voyagedelabaleine.fr\/it\/wp-json\/wp\/v2\/media?parent=28156"}],"curies":[{"name":"wp","href":"https:\/\/api.w.org\/{rel}","templated":true}]}}