{"id":28196,"date":"2023-11-28T13:33:29","date_gmt":"2023-11-28T12:33:29","guid":{"rendered":"https:\/\/voyagedelabaleine.fr\/politica-sulla-privacy\/"},"modified":"2026-01-13T11:56:13","modified_gmt":"2026-01-13T10:56:13","slug":"politica-sulla-privacy","status":"publish","type":"page","link":"https:\/\/voyagedelabaleine.fr\/it\/politica-sulla-privacy\/","title":{"rendered":"Politica sulla privacy"},"content":{"rendered":"\t\t<div data-elementor-type=\"wp-page\" data-elementor-id=\"28196\" class=\"elementor elementor-28196 elementor-2709\">\n\t\t\t\t<div class=\"elementor-element elementor-element-26694d5 e-flex e-con-boxed e-con e-parent\" data-id=\"26694d5\" data-element_type=\"container\" data-e-type=\"container\">\n\t\t\t\t\t<div class=\"e-con-inner\">\n\t\t\t\t<div class=\"elementor-element elementor-element-a250066 elementor-widget elementor-widget-text-editor\" data-id=\"a250066\" data-element_type=\"widget\" data-e-type=\"widget\" data-widget_type=\"text-editor.default\">\n\t\t\t\t\t\t\t\t\t<p>La societ\u00e0 BIDAIA SAS (&#8220;noi&#8221;, &#8220;nostro&#8221;, &#8220;i nostri&#8221;) gestisce il sito web VOYAGE DE LA BALEINE (di seguito denominato &#8220;Servizio&#8221;).<\/p><p>Questa pagina illustra le nostre politiche relative alla raccolta, all\u2019uso e alla condivisione dei dati personali quando utilizzate il nostro Servizio, nonch\u00e9 le opzioni a vostra disposizione riguardo a tali dati.<\/p><p>Utilizziamo i vostri dati per fornire e migliorare il Servizio. Utilizzando il Servizio, acconsentite alla raccolta e all\u2019uso delle informazioni in conformit\u00e0 con la presente politica. Salvo diversa definizione nella presente Politica sulla privacy, i termini utilizzati nella presente Politica sulla privacy hanno lo stesso significato indicato nelle nostre Condizioni Generali disponibili su VOYAGE DE LA BALEINE.  <\/p><p><strong>Definizioni <\/strong><\/p><p><strong>Servizio<\/strong>: Per Servizio si intende il sito web VOYAGE DE LA BALEINE gestito dalla societ\u00e0 BIDAIA SAS.<\/p><p><strong>Dati personali: <\/strong>Per Dati Personali si intendono i dati relativi a una persona fisica vivente che pu\u00f2 essere identificata da tali dati (o da tali dati e altre informazioni in nostro possesso o che potremmo acquisire).<\/p><p><strong>Dati di utilizzo: <\/strong>I Dati di Utilizzo vengono raccolti automaticamente e sono generati sia dall\u2019utilizzo del Servizio sia dall\u2019infrastruttura stessa del Servizio (ad esempio, la durata di consultazione di una pagina).<\/p><p>Cookie: I cookie sono piccoli file memorizzati sul vostro dispositivo (computer o dispositivo mobile).<\/p><p><strong>Titolare del trattamento:<\/strong> Il Titolare del Trattamento indica la persona fisica o giuridica (da sola, congiuntamente o insieme ad altri) che determina le finalit\u00e0 e le modalit\u00e0 con cui tutti i dati personali sono trattati o devono essere trattati.<\/p><p>Ai fini della presente Politica sulla privacy, noi siamo il Titolare del Trattamento dei vostri dati personali.<\/p><p><strong>Subappaltatori (o Fornitori di servizi):<\/strong> Il termine Subappaltatore (o Fornitore di servizi) indica qualsiasi persona fisica o giuridica che tratta i dati per conto del Titolare del Trattamento. Potremmo avvalerci dei servizi di diversi Fornitori di servizi per trattare i vostri dati in modo pi\u00f9 efficiente. <\/p><p><strong>Interessato (o Utente):<\/strong> Per Interessato si intende qualsiasi persona vivente che utilizza il nostro Servizio ed \u00e8 soggetto a Dati Personali.<\/p><p><strong>Raccolta e utilizzo dei dati <\/strong><\/p><p>Raccogliamo diversi tipi di dati per varie finalit\u00e0 al fine di fornirvi il nostro Servizio e migliorarlo.<\/p><p><strong>Tipi di dati raccolti<\/strong><\/p><p>Dati Personali<\/p><p>Quando utilizzate il nostro Servizio, potremmo chiedervi di fornirci alcuni dati personali nominativi che possono servirci per contattarvi o identificarvi (&#8220;Dati Personali&#8221;). I dati personali nominativi possono comprendere, a titolo esemplificativo ma non esaustivo:<br>&#8211; Indirizzo e-mail<br>&#8211; Nome e cognome<br>&#8211; Cookie e Dati di Utilizzo <\/p><p>Possiamo utilizzare i vostri Dati Personali per inviarvi newsletter, comunicazioni commerciali o promozioni e altre informazioni che potrebbero interessarvi. Potete scegliere di non ricevere alcuna comunicazione da parte nostra o di ricevere solo determinate comunicazioni cliccando sul link di disiscrizione o seguendo le istruzioni presenti in ciascuna delle email che inviamo. <\/p><p><strong>Dati di Utilizzo<\/strong><\/p><p>Possiamo anche raccogliere informazioni relative al modo in cui accedete e utilizzate il Servizio (&#8220;Dati di Utilizzo&#8221;). Questi Dati di Utilizzo possono comprendere informazioni come l\u2019indirizzo del protocollo Internet (cio\u00e8 l\u2019indirizzo IP) del vostro computer, il tipo di browser, la versione del browser, le pagine del nostro Servizio che consultate, la data e l\u2019ora della vostra visita, il tempo trascorso su tali pagine, gli identificatori unici dei dispositivi e altri dati diagnostici. <\/p><p><strong>Tracciamento e dati dei cookie<\/strong><\/p><p>Utilizziamo cookie e altre tecnologie di tracciamento simili per monitorare le attivit\u00e0 svolte nel nostro Servizio e conserviamo alcune informazioni.<\/p><p>I cookie sono file di piccole dimensioni che possono contenere un identificativo unico anonimo. I cookie vengono inviati al vostro browser da un sito web e memorizzati sul vostro dispositivo. Altre tecnologie di tracciamento come pixel, tag e script vengono utilizzate per raccogliere e monitorare informazioni e per migliorare e analizzare il nostro Servizio.  <\/p><p>Potete impostare il vostro browser per rifiutare tutti i cookie o per avvisarvi quando un cookie viene inviato. Tuttavia, se non accettate i cookie, potrebbe non essere possibile utilizzare alcune funzionalit\u00e0 del nostro Servizio. <\/p><p>Esempi di cookie che utilizziamo:<br>&#8211; Cookie di sessione: utilizziamo i cookie di sessione per far funzionare il nostro Servizio. <br>&#8211; Cookie di preferenze: utilizziamo i cookie di preferenze per memorizzare le vostre preferenze e le varie impostazioni. <br>&#8211; Cookie di sicurezza: utilizziamo i cookie di sicurezza per motivi di sicurezza. <\/p><p><span style=\"font-variant-ligatures: normal; font-variant-caps: normal; font-family: Barlow, sans-serif; font-size: 16px; font-style: normal; font-weight: 600; letter-spacing: 0.4px;\">Gestione dei cookie<\/span><strong><br><\/strong><\/p><p>Conformemente alla normativa \u201cInformatica e Libert\u00e0\u201d, VOYAGE DE LA BALEINE raccoglie il consenso preventivo dell\u2019utente per l\u2019uso di cookie pubblicitari, di misurazione dell\u2019audience e per la condivisione sui social network.<br>Sono disponibili diverse opzioni per gestire i cookie. Qualsiasi impostazione scelta potrebbe modificare la navigazione dell\u2019utente su Internet e le condizioni di accesso ad alcuni servizi che richiedono l\u2019uso dei cookie.<br>L\u2019utente pu\u00f2 scegliere in qualsiasi momento di esprimere e modificare le proprie preferenze sui cookie cliccando sul pulsante qui sotto.<\/p><p> <\/p>\t\t\t\t\t\t\t\t<\/div>\n\t\t\t\t\t<\/div>\n\t\t\t\t<\/div>\n\t\t<div class=\"elementor-element elementor-element-b523025 e-flex e-con-boxed e-con e-parent\" data-id=\"b523025\" data-element_type=\"container\" data-e-type=\"container\" data-settings=\"{&quot;background_background&quot;:&quot;classic&quot;}\">\n\t\t\t\t\t<div class=\"e-con-inner\">\n\t\t\t\t<div class=\"elementor-element elementor-element-229c238 elementor-widget elementor-widget-html\" data-id=\"229c238\" data-element_type=\"widget\" data-e-type=\"widget\" data-widget_type=\"html.default\">\n\t\t\t\t\t<button class=\"cky-banner-element\">Modifica delle preferenze sui cookie<\/button>\t\t\t\t<\/div>\n\t\t\t\t\t<\/div>\n\t\t\t\t<\/div>\n\t\t<div class=\"elementor-element elementor-element-662521e e-flex e-con-boxed e-con e-parent\" data-id=\"662521e\" data-element_type=\"container\" data-e-type=\"container\">\n\t\t\t\t\t<div class=\"e-con-inner\">\n\t\t\t\t<div class=\"elementor-element elementor-element-7721ad0 elementor-widget elementor-widget-text-editor\" data-id=\"7721ad0\" data-element_type=\"widget\" data-e-type=\"widget\" data-widget_type=\"text-editor.default\">\n\t\t\t\t\t\t\t\t\t<p style=\"font-variant-ligatures: normal; font-variant-caps: normal; font-family: Barlow, sans-serif; font-size: 16px; font-style: normal; font-weight: 400; letter-spacing: 0.4px; text-align: justify;\"><span style=\"font-size: 16px; font-weight: 600;\">Utilizzo dei dati&nbsp;<\/span><\/p>\n<p style=\"font-variant-ligatures: normal; font-variant-caps: normal; font-family: Barlow, sans-serif; font-size: 16px; font-style: normal; font-weight: 400; letter-spacing: 0.4px; text-align: justify;\">VOYAGE DE LA BALEINE utilizza i dati raccolti per diverse finalit\u00e0:<br>&#8211; Per fornire e garantire il nostro Servizio<br>&#8211; Per informarvi sulle modifiche apportate al nostro Servizio<br>&#8211; Per permettervi di utilizzare le funzioni interattive del nostro Servizio quando lo desiderate<br>&#8211; Per garantire l\u2019assistenza clienti<br>&#8211; Per raccogliere dati preziosi o analitici che ci permettano di migliorare il nostro Servizio<br>&#8211; Per controllare l\u2019uso del nostro Servizio<br>&#8211; Per rilevare, prevenire e risolvere problemi tecnici<br>&#8211; Per informarvi su novit\u00e0, offerte speciali e informazioni generali riguardanti altri prodotti, servizi ed eventi che offriamo e che sono simili a quelli che avete gi\u00e0 acquistato o su cui vi siete gi\u00e0 informati, salvo che abbiate gi\u00e0 indicato di non voler ricevere informazioni di questo tipo.<\/p>\n<p style=\"font-variant-ligatures: normal; font-variant-caps: normal; font-family: Barlow, sans-serif; font-size: 16px; font-style: normal; font-weight: 400; letter-spacing: 0.4px; text-align: justify;\"><span style=\"font-size: 16px; font-weight: 600;\">Base giuridica per il trattamento dei dati personali ai sensi del Regolamento generale sulla protezione dei dati (GDPR)&nbsp;&nbsp;<\/span><\/p>\n<p style=\"font-variant-ligatures: normal; font-variant-caps: normal; font-family: Barlow, sans-serif; font-size: 16px; font-style: normal; font-weight: 400; letter-spacing: 0.4px; text-align: justify;\">Se risiedete nello Spazio Economico Europeo (SEE), la base giuridica di BIDAIA SAS per la raccolta e l\u2019utilizzo dei dati personali descritti nella presente Politica sulla Privacy dipende dai Dati Personali che raccogliamo e dal contesto specifico in cui li raccogliamo.<\/p>\n<p style=\"font-variant-ligatures: normal; font-variant-caps: normal; font-family: Barlow, sans-serif; font-size: 16px; font-style: normal; font-weight: 400; letter-spacing: 0.4px; text-align: justify;\">BIDAIA SAS pu\u00f2 trattare i vostri Dati Personali:<br>&#8211; Perch\u00e9 \u00e8 necessario per eseguire un contratto stipulato con voi<br>&#8211; Perch\u00e9 ci avete autorizzato a farlo<br>&#8211; Perch\u00e9 abbiamo un legittimo interesse a effettuare tale trattamento e i vostri diritti non prevalgono su tale interesse legittimo<br>&#8211; Ai fini del trattamento dei pagamenti<br>&#8211; Per ottemperare alla legge<\/p>\n<p style=\"font-variant-ligatures: normal; font-variant-caps: normal; font-family: Barlow, sans-serif; font-size: 16px; font-style: normal; font-weight: 400; letter-spacing: 0.4px; text-align: justify;\"><span style=\"font-size: 16px; font-weight: 600;\">Conservazione dei dati&nbsp;&nbsp;<\/span><\/p>\n<p style=\"font-variant-ligatures: normal; font-variant-caps: normal; font-family: Barlow, sans-serif; font-size: 16px; font-style: normal; font-weight: 400; letter-spacing: 0.4px; text-align: justify;\">BIDAIA SAS conserver\u00e0 i vostri Dati Personali solo per il tempo necessario alle finalit\u00e0 indicate nella presente Politica sulla Privacy. Conserveremo e utilizzeremo i vostri Dati Personali nella misura necessaria per poter adempiere ai nostri obblighi legali (ad esempio, per rispettare la normativa vigente), risolvere controversie e applicare i nostri accordi e le nostre politiche. <\/p>\n<p style=\"font-variant-ligatures: normal; font-variant-caps: normal; font-family: Barlow, sans-serif; font-size: 16px; font-style: normal; font-weight: 400; letter-spacing: 0.4px; text-align: justify;\">BIDAIA SAS conserver\u00e0 inoltre i Dati di Utilizzo per finalit\u00e0 di analisi interne. I Dati di Utilizzo vengono generalmente conservati per un periodo pi\u00f9 breve, salvo quando tali dati sono utilizzati per rafforzare la sicurezza o migliorare le funzionalit\u00e0 del nostro Servizio, o se siamo legalmente obbligati a conservare tali dati pi\u00f9 a lungo. <\/p>\n<p style=\"font-variant-ligatures: normal; font-variant-caps: normal; font-family: Barlow, sans-serif; font-size: 16px; font-style: normal; font-weight: 400; letter-spacing: 0.4px; text-align: justify;\"><span style=\"font-size: 16px; font-weight: 600;\">Trasferimento dei dati&nbsp;<\/span><\/p>\n<p style=\"font-variant-ligatures: normal; font-variant-caps: normal; font-family: Barlow, sans-serif; font-size: 16px; font-style: normal; font-weight: 400; letter-spacing: 0.4px; text-align: justify;\">Le informazioni che vi riguardano, compresi i vostri Dati Personali, possono essere trasferite dalla vostra regione, provincia, paese o altra divisione territoriale a computer \u2013 e memorizzate su di essi \u2013 situati in un luogo in cui la legislazione sulla protezione dei dati differisce da quella del territorio in cui risiedete.<\/p>\n<p style=\"font-variant-ligatures: normal; font-variant-caps: normal; font-family: Barlow, sans-serif; font-size: 16px; font-style: normal; font-weight: 400; letter-spacing: 0.4px; text-align: justify;\">Se risiedete al di fuori della Francia e decidete di fornirci delle informazioni, sappiate che trasferiamo i dati, inclusi i Dati Personali, in Francia e li trattiamo l\u00ec.<\/p>\n<p style=\"font-variant-ligatures: normal; font-variant-caps: normal; font-family: Barlow, sans-serif; font-size: 16px; font-style: normal; font-weight: 400; letter-spacing: 0.4px; text-align: justify;\">Accettando la presente Politica sulla Privacy e inviando tali informazioni, acconsentite a questo trasferimento.<\/p>\n<p style=\"font-variant-ligatures: normal; font-variant-caps: normal; font-family: Barlow, sans-serif; font-size: 16px; font-style: normal; font-weight: 400; letter-spacing: 0.4px; text-align: justify;\">BIDAIA SAS adotter\u00e0 tutte le misure ragionevolmente necessarie per garantire che i vostri dati siano trattati in modo sicuro e in conformit\u00e0 con la presente Politica sulla Privacy e i vostri Dati Personali non saranno trasferiti a nessuna organizzazione n\u00e9 in alcun Paese a meno che non siano presenti controlli adeguati, in particolare per quanto riguarda la sicurezza dei vostri dati e di altri dati personali.<\/p>\n<p style=\"font-variant-ligatures: normal; font-variant-caps: normal; font-family: Barlow, sans-serif; font-size: 16px; font-style: normal; font-weight: 400; letter-spacing: 0.4px; text-align: justify;\"><span style=\"font-size: 16px; font-weight: 600;\">Comunicazione dei dati&nbsp;&nbsp;<\/span><\/p>\n<p style=\"font-variant-ligatures: normal; font-variant-caps: normal; font-family: Barlow, sans-serif; font-size: 16px; font-style: normal; font-weight: 400; letter-spacing: 0.4px; text-align: justify;\"><span style=\"font-size: 16px; font-weight: 600;\">Communication de donn\u00e9es aux forces de l&#8217;ordre&nbsp;<\/span><\/p>\n<p style=\"font-variant-ligatures: normal; font-variant-caps: normal; font-family: Barlow, sans-serif; font-size: 16px; font-style: normal; font-weight: 400; letter-spacing: 0.4px; text-align: justify;\">Dans certaines circonstances,&nbsp;<span style=\"font-family: Barlow, sans-serif; font-size: 16px; font-style: normal; font-variant-ligatures: normal; font-variant-caps: normal; font-weight: 400; letter-spacing: 0.4px;\">BIDAIA SAS<\/span>&nbsp;peut \u00eatre tenue de communiquer vos Donn\u00e9es \u00e0 Caract\u00e8re Personnel si la loi l&#8217;exige ou en r\u00e9ponse \u00e0 des demandes valides \u00e9manant de pouvoirs publics (par ex. un tribunal ou un organisme gouvernemental).<\/p>\n<p style=\"font-variant-ligatures: normal; font-variant-caps: normal; font-family: Barlow, sans-serif; font-size: 16px; font-style: normal; font-weight: 400; letter-spacing: 0.4px; text-align: justify;\"><span style=\"font-size: 16px; font-weight: 600;\">Requisiti legali&nbsp;&nbsp;<\/span><\/p>\n<p style=\"font-variant-ligatures: normal; font-variant-caps: normal; font-family: Barlow, sans-serif; font-size: 16px; font-style: normal; font-weight: 400; letter-spacing: 0.4px; text-align: justify;\">BIDAIA SAS pu\u00f2 comunicare i vostri Dati Personali se ritiene in buona fede che ci\u00f2 sia necessario per:<br>&#8211; Adempiere a un obbligo legale<br>&#8211; Proteggere e difendere i diritti o i beni di BIDAIA SAS<br>&#8211; Prevenire eventuali atti illeciti o indagare su tali atti nell\u2019ambito del Servizio<br>&#8211; Garantire la sicurezza personale degli utenti del Servizio o del pubblico<br>&#8211; Proteggersi da responsabilit\u00e0 civile<\/p>\n<p style=\"font-variant-ligatures: normal; font-variant-caps: normal; font-family: Barlow, sans-serif; font-size: 16px; font-style: normal; font-weight: 400; letter-spacing: 0.4px; text-align: justify;\"><span style=\"font-size: 16px; font-weight: 600;\">Sicurezza dei dati&nbsp;&nbsp;<\/span><\/p>\n<p style=\"font-variant-ligatures: normal; font-variant-caps: normal; font-family: Barlow, sans-serif; font-size: 16px; font-style: normal; font-weight: 400; letter-spacing: 0.4px; text-align: justify;\">La sicurezza dei vostri dati ci sta a cuore. Tuttavia, ricordate che nessun metodo di trasmissione dei dati via Internet o metodo di archiviazione elettronica \u00e8 sicuro al 100%. Sebbene ci sforziamo di utilizzare metodi commercialmente accettabili per proteggere i vostri Dati Personali, non possiamo garantire una sicurezza assoluta.  <\/p>\n<p style=\"font-variant-ligatures: normal; font-variant-caps: normal; font-family: Barlow, sans-serif; font-size: 16px; font-style: normal; font-weight: 400; letter-spacing: 0.4px; text-align: justify;\"><span style=\"font-size: 16px; font-weight: 600;\">Diritti alla protezione dei dati a voi riconosciuti dal Regolamento Generale sulla Protezione dei Dati (GDPR)&nbsp;&nbsp;<\/span><\/p>\n<p style=\"font-variant-ligatures: normal; font-variant-caps: normal; font-family: Barlow, sans-serif; font-size: 16px; font-style: normal; font-weight: 400; letter-spacing: 0.4px; text-align: justify;\">Se risiedete nello Spazio Economico Europeo (SEE), avete determinati diritti in materia di protezione dei dati. VOYAGE DE LA BALEINE intende adottare misure ragionevoli per permettervi di correggere, modificare o cancellare i vostri Dati Personali o di limitarne l\u2019utilizzo. <\/p>\n<p style=\"font-variant-ligatures: normal; font-variant-caps: normal; font-family: Barlow, sans-serif; font-size: 16px; font-style: normal; font-weight: 400; letter-spacing: 0.4px; text-align: justify;\">Se desiderate sapere quali Dati Personali deteniamo su di voi e volete che vengano cancellati dai nostri sistemi, vi preghiamo di contattarci.<\/p>\n<p style=\"font-variant-ligatures: normal; font-variant-caps: normal; font-family: Barlow, sans-serif; font-size: 16px; font-style: normal; font-weight: 400; letter-spacing: 0.4px; text-align: justify;\">In determinate circostanze, avete i seguenti diritti in materia di protezione dei dati:<br>&#8211; Il diritto di accedere alle informazioni che deteniamo su di voi, aggiornarle o cancellarle. Quando questa opzione \u00e8 disponibile, potete consultare o aggiornare i vostri Dati Personali o richiederne la cancellazione nella sezione impostazioni del vostro account. Se non potete eseguire queste azioni autonomamente, vi preghiamo di contattarci per ricevere assistenza.  <br>&#8211; Diritto di rettifica: avete il diritto di far rettificare i vostri dati se sono inesatti o incompleti. <br>&#8211; Diritto di opposizione: avete il diritto di opporvi al trattamento dei vostri Dati Personali. <br>&#8211; Diritto di limitazione: avete il diritto di richiederci di limitare il trattamento dei vostri Dati Personali. <br>&#8211; Diritto alla portabilit\u00e0 dei dati: avete il diritto di ricevere una copia delle informazioni che deteniamo su di voi in un formato comunemente utilizzato, strutturato e leggibile da un computer. <br>&#8211; Diritto di revoca del consenso: avete inoltre il diritto di revocare il vostro consenso in qualsiasi momento se VOYAGE DE LA BALEINE ha fatto affidamento sul vostro consenso per trattare i vostri Dati Personali. <\/p>\n<p style=\"font-variant-ligatures: normal; font-variant-caps: normal; font-family: Barlow, sans-serif; font-size: 16px; font-style: normal; font-weight: 400; letter-spacing: 0.4px; text-align: justify;\">Si prega di notare che potremmo chiedervi di dimostrare la vostra identit\u00e0 prima di rispondere a richieste di questo tipo.<\/p>\n<p style=\"font-variant-ligatures: normal; font-variant-caps: normal; font-family: Barlow, sans-serif; font-size: 16px; font-style: normal; font-weight: 400; letter-spacing: 0.4px; text-align: justify;\">Avete il diritto di presentare un reclamo a un\u2019autorit\u00e0 per la protezione dei dati riguardo alla nostra raccolta e utilizzo dei vostri Dati Personali. Per ulteriori informazioni, vi preghiamo di contattare l\u2019autorit\u00e0 per la protezione dei dati pi\u00f9 vicina a voi nello Spazio Economico Europeo (SEE). <\/p>\n<p style=\"font-variant-ligatures: normal; font-variant-caps: normal; font-family: Barlow, sans-serif; font-size: 16px; font-style: normal; font-weight: 400; letter-spacing: 0.4px; text-align: justify;\"><span style=\"font-size: 16px; font-weight: 600;\">Fornitori di servizi&nbsp;&nbsp;<\/span><\/p>\n<p style=\"font-variant-ligatures: normal; font-variant-caps: normal; font-family: Barlow, sans-serif; font-size: 16px; font-style: normal; font-weight: 400; letter-spacing: 0.4px; text-align: justify;\">Possiamo avvalerci di societ\u00e0 terze e di terzi per facilitare l\u2019erogazione del nostro Servizio (\u201cFornitori di Servizi\u201d), per fornire il Servizio per nostro conto, per prestare servizi collegati al Servizio o per aiutarci ad analizzare come viene utilizzato il nostro Servizio.<\/p>\n<p style=\"font-variant-ligatures: normal; font-variant-caps: normal; font-family: Barlow, sans-serif; font-size: 16px; font-style: normal; font-weight: 400; letter-spacing: 0.4px; text-align: justify;\">Questi terzi hanno accesso ai vostri Dati Personali solo per svolgere tali compiti per nostro conto e \u00e8 loro vietato divulgarli o utilizzarli per altri scopi.<\/p>\n<p style=\"font-variant-ligatures: normal; font-variant-caps: normal; font-family: Barlow, sans-serif; font-size: 16px; font-style: normal; font-weight: 400; letter-spacing: 0.4px; text-align: justify;\"><span style=\"font-size: 16px; font-weight: 600;\">Analisi&nbsp;&nbsp;<\/span><\/p>\n<p style=\"font-variant-ligatures: normal; font-variant-caps: normal; font-family: Barlow, sans-serif; font-size: 16px; font-style: normal; font-weight: 400; letter-spacing: 0.4px; text-align: justify;\">Possiamo avvalerci di Fornitori di Servizi terzi per monitorare e analizzare l\u2019utilizzo del nostro Servizio.<\/p>\n<p style=\"font-variant-ligatures: normal; font-variant-caps: normal; font-family: Barlow, sans-serif; font-size: 16px; font-style: normal; font-weight: 400; letter-spacing: 0.4px; text-align: justify;\"><span style=\"font-size: 16px; font-weight: 600;\">Google Analytics&nbsp;<\/span><\/p>\n<p style=\"font-variant-ligatures: normal; font-variant-caps: normal; font-family: Barlow, sans-serif; font-size: 16px; font-style: normal; font-weight: 400; letter-spacing: 0.4px; text-align: justify;\">Google Analytics \u00e8 un servizio di analisi web offerto da Google che traccia il traffico di un sito web e ne fornisce un resoconto. Google utilizza i dati raccolti per monitorare e controllare l\u2019utilizzo del nostro Servizio. Questi dati vengono condivisi con altri servizi di Google. Google pu\u00f2 utilizzare i dati raccolti per contestualizzare e personalizzare gli annunci all\u2019interno della propria rete pubblicitaria.   <\/p>\n<p style=\"font-variant-ligatures: normal; font-variant-caps: normal; font-family: Barlow, sans-serif; font-size: 16px; font-style: normal; font-weight: 400; letter-spacing: 0.4px; text-align: justify;\">Potete impedire che le vostre attivit\u00e0 nell\u2019ambito del Servizio vengano condivise con Google Analytics installando il componente aggiuntivo per browser Analytics Opt-out di Google Analytics. Questo plugin impedisce al codice JavaScript di Google Analytics (ga.js, analytics.js e dc.js) di condividere informazioni sulle attivit\u00e0 relative alle visite con Google Analytics. <\/p>\n<p style=\"font-variant-ligatures: normal; font-variant-caps: normal; font-family: Barlow, sans-serif; font-size: 16px; font-style: normal; font-weight: 400; letter-spacing: 0.4px; text-align: justify;\">Per ulteriori informazioni sulle pratiche sulla privacy di Google, consultare la pagina web Privacy e condizioni di Google: &lt;https:\/\/policies.google.com\/privacy?hl=en&gt;.<\/p>\n<p style=\"font-variant-ligatures: normal; font-variant-caps: normal; font-family: Barlow, sans-serif; font-size: 16px; font-style: normal; font-weight: 400; letter-spacing: 0.4px; text-align: justify;\"><span style=\"font-size: 16px; font-weight: 600;\">Link verso altri siti web&nbsp;&nbsp;<\/span><\/p>\n<p style=\"font-variant-ligatures: normal; font-variant-caps: normal; font-family: Barlow, sans-serif; font-size: 16px; font-style: normal; font-weight: 400; letter-spacing: 0.4px; text-align: justify;\">Il nostro Servizio potrebbe contenere link verso altri siti web che non sono gestiti da noi. Se cliccate su un link di terzi, sarete reindirizzati al sito di quel terzo. Vi consigliamo vivamente di consultare la politica sulla privacy di ciascun sito che visitate.  <\/p>\n<p style=\"font-variant-ligatures: normal; font-variant-caps: normal; font-family: Barlow, sans-serif; font-size: 16px; font-style: normal; font-weight: 400; letter-spacing: 0.4px; text-align: justify;\">Non abbiamo alcun controllo sui contenuti, sulle politiche o sulle pratiche sulla privacy dei siti o servizi di terzi e decliniamo ogni responsabilit\u00e0 al riguardo.<\/p>\n<p style=\"font-variant-ligatures: normal; font-variant-caps: normal; font-family: Barlow, sans-serif; font-size: 16px; font-style: normal; font-weight: 400; letter-spacing: 0.4px; text-align: justify;\"><span style=\"font-size: 16px; font-weight: 600;\">Modifiche alla presente Politica sulla Privacy&nbsp;<\/span><\/p>\n<p style=\"font-variant-ligatures: normal; font-variant-caps: normal; font-family: Barlow, sans-serif; font-size: 16px; font-style: normal; font-weight: 400; letter-spacing: 0.4px; text-align: justify;\">Ci riserviamo il diritto di aggiornare la nostra Politica sulla Privacy di tanto in tanto. Vi informeremo di qualsiasi modifica pubblicando la nuova Politica sulla Privacy su questa pagina. <\/p>\n<p style=\"font-variant-ligatures: normal; font-variant-caps: normal; font-family: Barlow, sans-serif; font-size: 16px; font-style: normal; font-weight: 400; letter-spacing: 0.4px; text-align: justify;\">Prima che la modifica entri in vigore, vi informeremo via e-mail e\/o pubblicando un avviso ben visibile nel nostro Servizio e aggiorneremo la &#8220;data di entrata in vigore&#8221; riportata in cima a questa Politica sulla Privacy.<\/p>\n<p style=\"font-variant-ligatures: normal; font-variant-caps: normal; font-family: Barlow, sans-serif; font-size: 16px; font-style: normal; font-weight: 400; letter-spacing: 0.4px; text-align: justify;\">Vi consigliamo di consultare periodicamente questa Politica sulla Privacy per prendere conoscenza di eventuali modifiche. Le modifiche apportate a questa Politica sulla Privacy entrano in vigore nel momento in cui vengono pubblicate su questa pagina. <\/p>\n<p style=\"font-variant-ligatures: normal; font-variant-caps: normal; font-family: Barlow, sans-serif; font-size: 16px; font-style: normal; font-weight: 400; letter-spacing: 0.4px; text-align: justify;\"><span style=\"font-size: 16px; font-weight: 600;\">Contattaci<\/span><\/p>\n<p><span style=\"font-family: Barlow, sans-serif; font-size: 16px; font-style: normal; font-variant-ligatures: normal; font-variant-caps: normal; font-weight: 400; letter-spacing: 0.4px; text-align: justify;\">Per qualsiasi domanda relativa a questa Politica sulla Privacy, vi preghiamo di contattarci via e-mail: contact@voyagedelabaleine.fr<\/span>.<\/p>\t\t\t\t\t\t\t\t<\/div>\n\t\t\t\t\t<\/div>\n\t\t\t\t<\/div>\n\t\t\t\t<\/div>\n\t\t","protected":false},"excerpt":{"rendered":"<p>La societ\u00e0 BIDAIA SAS (&#8220;noi&#8221;, &#8220;nostro&#8221;, &#8220;i nostri&#8221;) gestisce il sito web VOYAGE DE LA BALEINE (di seguito denominato &#8220;Servizio&#8221;). Questa pagina illustra le nostre politiche relative alla raccolta, all\u2019uso e alla condivisione dei dati personali quando utilizzate il nostro Servizio, nonch\u00e9 le opzioni a vostra disposizione riguardo a tali dati. Utilizziamo i vostri dati [&hellip;]<\/p>\n","protected":false},"author":222595022,"featured_media":0,"parent":0,"menu_order":0,"comment_status":"closed","ping_status":"closed","template":"","meta":{"ocean_post_layout":"","ocean_both_sidebars_style":"","ocean_both_sidebars_content_width":0,"ocean_both_sidebars_sidebars_width":0,"ocean_sidebar":"","ocean_second_sidebar":"","ocean_disable_margins":"enable","ocean_add_body_class":"","ocean_shortcode_before_top_bar":"","ocean_shortcode_after_top_bar":"","ocean_shortcode_before_header":"","ocean_shortcode_after_header":"","ocean_has_shortcode":"","ocean_shortcode_after_title":"","ocean_shortcode_before_footer_widgets":"","ocean_shortcode_after_footer_widgets":"","ocean_shortcode_before_footer_bottom":"","ocean_shortcode_after_footer_bottom":"","ocean_display_top_bar":"default","ocean_display_header":"default","ocean_header_style":"","ocean_center_header_left_menu":"","ocean_custom_header_template":"","ocean_custom_logo":0,"ocean_custom_retina_logo":0,"ocean_custom_logo_max_width":0,"ocean_custom_logo_tablet_max_width":0,"ocean_custom_logo_mobile_max_width":0,"ocean_custom_logo_max_height":0,"ocean_custom_logo_tablet_max_height":0,"ocean_custom_logo_mobile_max_height":0,"ocean_header_custom_menu":"","ocean_menu_typo_font_family":"","ocean_menu_typo_font_subset":"","ocean_menu_typo_font_size":0,"ocean_menu_typo_font_size_tablet":0,"ocean_menu_typo_font_size_mobile":0,"ocean_menu_typo_font_size_unit":"px","ocean_menu_typo_font_weight":"","ocean_menu_typo_font_weight_tablet":"","ocean_menu_typo_font_weight_mobile":"","ocean_menu_typo_transform":"","ocean_menu_typo_transform_tablet":"","ocean_menu_typo_transform_mobile":"","ocean_menu_typo_line_height":0,"ocean_menu_typo_line_height_tablet":0,"ocean_menu_typo_line_height_mobile":0,"ocean_menu_typo_line_height_unit":"","ocean_menu_typo_spacing":0,"ocean_menu_typo_spacing_tablet":0,"ocean_menu_typo_spacing_mobile":0,"ocean_menu_typo_spacing_unit":"","ocean_menu_link_color":"","ocean_menu_link_color_hover":"","ocean_menu_link_color_active":"","ocean_menu_link_background":"","ocean_menu_link_hover_background":"","ocean_menu_link_active_background":"","ocean_menu_social_links_bg":"","ocean_menu_social_hover_links_bg":"","ocean_menu_social_links_color":"","ocean_menu_social_hover_links_color":"","ocean_disable_title":"default","ocean_disable_heading":"default","ocean_post_title":"","ocean_post_subheading":"","ocean_post_title_style":"","ocean_post_title_background_color":"","ocean_post_title_background":0,"ocean_post_title_bg_image_position":"","ocean_post_title_bg_image_attachment":"","ocean_post_title_bg_image_repeat":"","ocean_post_title_bg_image_size":"","ocean_post_title_height":0,"ocean_post_title_bg_overlay":0.5,"ocean_post_title_bg_overlay_color":"","ocean_disable_breadcrumbs":"default","ocean_breadcrumbs_color":"","ocean_breadcrumbs_separator_color":"","ocean_breadcrumbs_links_color":"","ocean_breadcrumbs_links_hover_color":"","ocean_display_footer_widgets":"default","ocean_display_footer_bottom":"default","ocean_custom_footer_template":"","osh_disable_topbar_sticky":"default","osh_disable_header_sticky":"default","osh_sticky_header_style":"default","osh_sticky_header_effect":"","osh_custom_sticky_logo":0,"osh_custom_retina_sticky_logo":0,"osh_custom_sticky_logo_height":0,"osh_background_color":"","osh_links_color":"","osh_links_hover_color":"","osh_links_active_color":"","osh_links_bg_color":"","osh_links_hover_bg_color":"","osh_links_active_bg_color":"","osh_menu_social_links_color":"","osh_menu_social_hover_links_color":"","footnotes":""},"class_list":["post-28196","page","type-page","status-publish","hentry","entry","owp-thumbs-layout-vertical","owp-btn-big","owp-tabs-layout-vertical","has-no-thumbnails","circle-sale"],"yoast_head":"<!-- This site is optimized with the Yoast SEO plugin v27.1.1 - https:\/\/yoast.com\/product\/yoast-seo-wordpress\/ -->\n<title>Politica sulla privacy - Voyage de la Baleine<\/title>\n<meta name=\"robots\" content=\"noindex, nofollow\" \/>\n<meta property=\"og:locale\" content=\"it_IT\" \/>\n<meta property=\"og:type\" content=\"article\" \/>\n<meta property=\"og:title\" content=\"Politica sulla privacy - Voyage de la Baleine\" \/>\n<meta property=\"og:description\" content=\"La societ\u00e0 BIDAIA SAS (&#8220;noi&#8221;, &#8220;nostro&#8221;, &#8220;i nostri&#8221;) gestisce il sito web VOYAGE DE LA BALEINE (di seguito denominato &#8220;Servizio&#8221;). Questa pagina illustra le nostre politiche relative alla raccolta, all\u2019uso e alla condivisione dei dati personali quando utilizzate il nostro Servizio, nonch\u00e9 le opzioni a vostra disposizione riguardo a tali dati. Utilizziamo i vostri dati [&hellip;]\" \/>\n<meta property=\"og:url\" content=\"https:\/\/voyagedelabaleine.fr\/it\/politica-sulla-privacy\/\" \/>\n<meta property=\"og:site_name\" content=\"Voyage de la Baleine\" \/>\n<meta property=\"article:publisher\" content=\"https:\/\/www.facebook.com\/voyagedelabaleine\/\" \/>\n<meta property=\"article:modified_time\" content=\"2026-01-13T10:56:13+00:00\" \/>\n<meta name=\"twitter:card\" content=\"summary_large_image\" \/>\n<meta name=\"twitter:label1\" content=\"Tempo di lettura stimato\" \/>\n\t<meta name=\"twitter:data1\" content=\"11 minuto\" \/>\n<script type=\"application\/ld+json\" class=\"yoast-schema-graph\">{\"@context\":\"https:\/\/schema.org\",\"@graph\":[{\"@type\":\"WebPage\",\"@id\":\"https:\/\/voyagedelabaleine.fr\/it\/politica-sulla-privacy\/\",\"url\":\"https:\/\/voyagedelabaleine.fr\/it\/politica-sulla-privacy\/\",\"name\":\"Politica sulla privacy - Voyage de la Baleine\",\"isPartOf\":{\"@id\":\"https:\/\/voyagedelabaleine.fr\/it\/#website\"},\"datePublished\":\"2023-11-28T12:33:29+00:00\",\"dateModified\":\"2026-01-13T10:56:13+00:00\",\"breadcrumb\":{\"@id\":\"https:\/\/voyagedelabaleine.fr\/it\/politica-sulla-privacy\/#breadcrumb\"},\"inLanguage\":\"it-IT\",\"potentialAction\":[{\"@type\":\"ReadAction\",\"target\":[\"https:\/\/voyagedelabaleine.fr\/it\/politica-sulla-privacy\/\"]}]},{\"@type\":\"BreadcrumbList\",\"@id\":\"https:\/\/voyagedelabaleine.fr\/it\/politica-sulla-privacy\/#breadcrumb\",\"itemListElement\":[{\"@type\":\"ListItem\",\"position\":1,\"name\":\"Accueil\",\"item\":\"https:\/\/voyagedelabaleine.fr\/it\/homepage\/\"},{\"@type\":\"ListItem\",\"position\":2,\"name\":\"Politica sulla privacy\"}]},{\"@type\":\"WebSite\",\"@id\":\"https:\/\/voyagedelabaleine.fr\/it\/#website\",\"url\":\"https:\/\/voyagedelabaleine.fr\/it\/\",\"name\":\"Voyage de la Baleine\",\"description\":\"V\u00eatements intemporels et raffin\u00e9s pour b\u00e9b\u00e9s et enfants\",\"publisher\":{\"@id\":\"https:\/\/voyagedelabaleine.fr\/it\/#organization\"},\"potentialAction\":[{\"@type\":\"SearchAction\",\"target\":{\"@type\":\"EntryPoint\",\"urlTemplate\":\"https:\/\/voyagedelabaleine.fr\/it\/?s={search_term_string}\"},\"query-input\":{\"@type\":\"PropertyValueSpecification\",\"valueRequired\":true,\"valueName\":\"search_term_string\"}}],\"inLanguage\":\"it-IT\"},{\"@type\":\"Organization\",\"@id\":\"https:\/\/voyagedelabaleine.fr\/it\/#organization\",\"name\":\"Voyage de la Baleine\",\"url\":\"https:\/\/voyagedelabaleine.fr\/it\/\",\"logo\":{\"@type\":\"ImageObject\",\"inLanguage\":\"it-IT\",\"@id\":\"https:\/\/voyagedelabaleine.fr\/it\/#\/schema\/logo\/image\/\",\"url\":\"https:\/\/voyagedelabaleine.fr\/wp-content\/uploads\/2025\/06\/logo.webp\",\"contentUrl\":\"https:\/\/voyagedelabaleine.fr\/wp-content\/uploads\/2025\/06\/logo.webp\",\"width\":153,\"height\":64,\"caption\":\"Voyage de la Baleine\"},\"image\":{\"@id\":\"https:\/\/voyagedelabaleine.fr\/it\/#\/schema\/logo\/image\/\"},\"sameAs\":[\"https:\/\/www.facebook.com\/voyagedelabaleine\/\",\"https:\/\/www.instagram.com\/voyagedelabaleine\/\",\"https:\/\/www.pinterest.fr\/Voyagedelabaleine\/\"]}]}<\/script>\n<!-- \/ Yoast SEO plugin. -->","yoast_head_json":{"title":"Politica sulla privacy - Voyage de la Baleine","robots":{"index":"noindex","follow":"nofollow"},"og_locale":"it_IT","og_type":"article","og_title":"Politica sulla privacy - Voyage de la Baleine","og_description":"La societ\u00e0 BIDAIA SAS (&#8220;noi&#8221;, &#8220;nostro&#8221;, &#8220;i nostri&#8221;) gestisce il sito web VOYAGE DE LA BALEINE (di seguito denominato &#8220;Servizio&#8221;). Questa pagina illustra le nostre politiche relative alla raccolta, all\u2019uso e alla condivisione dei dati personali quando utilizzate il nostro Servizio, nonch\u00e9 le opzioni a vostra disposizione riguardo a tali dati. Utilizziamo i vostri dati [&hellip;]","og_url":"https:\/\/voyagedelabaleine.fr\/it\/politica-sulla-privacy\/","og_site_name":"Voyage de la Baleine","article_publisher":"https:\/\/www.facebook.com\/voyagedelabaleine\/","article_modified_time":"2026-01-13T10:56:13+00:00","twitter_card":"summary_large_image","twitter_misc":{"Tempo di lettura stimato":"11 minuto"},"schema":{"@context":"https:\/\/schema.org","@graph":[{"@type":"WebPage","@id":"https:\/\/voyagedelabaleine.fr\/it\/politica-sulla-privacy\/","url":"https:\/\/voyagedelabaleine.fr\/it\/politica-sulla-privacy\/","name":"Politica sulla privacy - Voyage de la Baleine","isPartOf":{"@id":"https:\/\/voyagedelabaleine.fr\/it\/#website"},"datePublished":"2023-11-28T12:33:29+00:00","dateModified":"2026-01-13T10:56:13+00:00","breadcrumb":{"@id":"https:\/\/voyagedelabaleine.fr\/it\/politica-sulla-privacy\/#breadcrumb"},"inLanguage":"it-IT","potentialAction":[{"@type":"ReadAction","target":["https:\/\/voyagedelabaleine.fr\/it\/politica-sulla-privacy\/"]}]},{"@type":"BreadcrumbList","@id":"https:\/\/voyagedelabaleine.fr\/it\/politica-sulla-privacy\/#breadcrumb","itemListElement":[{"@type":"ListItem","position":1,"name":"Accueil","item":"https:\/\/voyagedelabaleine.fr\/it\/homepage\/"},{"@type":"ListItem","position":2,"name":"Politica sulla privacy"}]},{"@type":"WebSite","@id":"https:\/\/voyagedelabaleine.fr\/it\/#website","url":"https:\/\/voyagedelabaleine.fr\/it\/","name":"Voyage de la Baleine","description":"V\u00eatements intemporels et raffin\u00e9s pour b\u00e9b\u00e9s et enfants","publisher":{"@id":"https:\/\/voyagedelabaleine.fr\/it\/#organization"},"potentialAction":[{"@type":"SearchAction","target":{"@type":"EntryPoint","urlTemplate":"https:\/\/voyagedelabaleine.fr\/it\/?s={search_term_string}"},"query-input":{"@type":"PropertyValueSpecification","valueRequired":true,"valueName":"search_term_string"}}],"inLanguage":"it-IT"},{"@type":"Organization","@id":"https:\/\/voyagedelabaleine.fr\/it\/#organization","name":"Voyage de la Baleine","url":"https:\/\/voyagedelabaleine.fr\/it\/","logo":{"@type":"ImageObject","inLanguage":"it-IT","@id":"https:\/\/voyagedelabaleine.fr\/it\/#\/schema\/logo\/image\/","url":"https:\/\/voyagedelabaleine.fr\/wp-content\/uploads\/2025\/06\/logo.webp","contentUrl":"https:\/\/voyagedelabaleine.fr\/wp-content\/uploads\/2025\/06\/logo.webp","width":153,"height":64,"caption":"Voyage de la Baleine"},"image":{"@id":"https:\/\/voyagedelabaleine.fr\/it\/#\/schema\/logo\/image\/"},"sameAs":["https:\/\/www.facebook.com\/voyagedelabaleine\/","https:\/\/www.instagram.com\/voyagedelabaleine\/","https:\/\/www.pinterest.fr\/Voyagedelabaleine\/"]}]}},"_links":{"self":[{"href":"https:\/\/voyagedelabaleine.fr\/it\/wp-json\/wp\/v2\/pages\/28196","targetHints":{"allow":["GET"]}}],"collection":[{"href":"https:\/\/voyagedelabaleine.fr\/it\/wp-json\/wp\/v2\/pages"}],"about":[{"href":"https:\/\/voyagedelabaleine.fr\/it\/wp-json\/wp\/v2\/types\/page"}],"author":[{"embeddable":true,"href":"https:\/\/voyagedelabaleine.fr\/it\/wp-json\/wp\/v2\/users\/222595022"}],"replies":[{"embeddable":true,"href":"https:\/\/voyagedelabaleine.fr\/it\/wp-json\/wp\/v2\/comments?post=28196"}],"version-history":[{"count":1,"href":"https:\/\/voyagedelabaleine.fr\/it\/wp-json\/wp\/v2\/pages\/28196\/revisions"}],"predecessor-version":[{"id":28197,"href":"https:\/\/voyagedelabaleine.fr\/it\/wp-json\/wp\/v2\/pages\/28196\/revisions\/28197"}],"wp:attachment":[{"href":"https:\/\/voyagedelabaleine.fr\/it\/wp-json\/wp\/v2\/media?parent=28196"}],"curies":[{"name":"wp","href":"https:\/\/api.w.org\/{rel}","templated":true}]}}