{"id":29536,"date":"2024-10-11T11:12:48","date_gmt":"2024-10-11T09:12:48","guid":{"rendered":"https:\/\/voyagedelabaleine.fr\/product\/cappellino-neonato-con-pompon-beige\/"},"modified":"2026-01-14T22:42:58","modified_gmt":"2026-01-14T21:42:58","slug":"cappellino-neonato-con-pompon-beige","status":"publish","type":"product","link":"https:\/\/voyagedelabaleine.fr\/it\/prodotto\/cappellino-neonato-con-pompon-beige\/","title":{"rendered":"Cappellino neonato con pompon &#8211; Beige"},"content":{"rendered":"<p>Aggiungi un tocco di morbidezza e calore al guardaroba del tuo piccolo con il nostro <strong>cappellino neonato beige con pompon<\/strong>. Questo adorabile cappellino, pensato per i neonati, unisce praticit\u00e0 e fascino. Realizzato con cura, mantiene la testa del tuo <strong>bambino al caldo<\/strong> donandogli un&#8217;espressione irresistibile grazie al suo design grazioso.  <\/p>\n<p>Il cappellino beige \u00e8 ornato da un <strong>pompon<\/strong> giocoso sulla parte superiore, che aggiunge un tocco divertente all&#8217;insieme. Il <strong>laccio sotto il collo<\/strong> assicura che il cappellino rimanga ben fermo, anche quando il tuo bambino si muove molto. Basta cappellini che cadono o scivolano! Questo cappellino rimane in posizione per offrire una <strong>protezione ottimale dal freddo<\/strong>.   <\/p>\n<p>La <strong>tonalit\u00e0 beige<\/strong> neutra e classica si abbina facilmente a diversi outfit. Questo cappellino \u00e8 perfetto per le passeggiate all&#8217;aperto e le uscite in famiglia. <\/p>\n<p>Realizzato con <strong>materiali morbidi<\/strong> e confortevoli, questo cappellino assicura che la pelle delicata del tuo bambino rimanga protetta e al caldo. La sua finitura curata e il design intramontabile lo rendono un must-have per la stagione autunno-inverno. <\/p>\n<p>Per completare il look del tuo bambino, abbina questo cappellino con le <a href=\"https:\/\/voyagedelabaleine.fr\/product\/moufles-beiges-pompons\/\">muffole abbinate con pompon<\/a>. Le muffole beige, con i loro piccoli pompon, aggiungono un tocco di fantasia e calore extra. Questo <strong>set cappellino e muffole<\/strong> \u00e8 ideale per tenere il tuo piccolo al caldo offrendogli uno stile adorabile.  <\/p>\n<p>Questo cappellino neonato beige con pompon e laccio sotto il collo e le muffole abbinate sono perfetti per i genitori che cercano stile e comfort per il loro bambino.<\/p>\n<p><em>Aggiungi questo set divertente e caldo al guardaroba del tuo bambino per momenti di tenerezza e sorrisi garantiti.<\/em><\/p>\n<p>Prodotto in Spagna.<\/p>\n","protected":false},"excerpt":{"rendered":"<ul>\n<li>Cappellino con pompon<\/li>\n<li>Laccio sotto il collo<\/li>\n<li>Da abbinare alle <a href=\"https:\/\/voyagedelabaleine.fr\/product\/moufles-beiges-pompons\/\">muffole abbinate con pompon<\/a><\/li>\n<li>Prodotto in Spagna<\/li>\n<\/ul>\n","protected":false},"featured_media":12871,"comment_status":"open","ping_status":"closed","template":"","meta":{"ocean_post_layout":"","ocean_both_sidebars_style":"","ocean_both_sidebars_content_width":0,"ocean_both_sidebars_sidebars_width":0,"ocean_sidebar":"0","ocean_second_sidebar":"0","ocean_disable_margins":"enable","ocean_add_body_class":"","ocean_shortcode_before_top_bar":"","ocean_shortcode_after_top_bar":"","ocean_shortcode_before_header":"","ocean_shortcode_after_header":"","ocean_has_shortcode":"","ocean_shortcode_after_title":"","ocean_shortcode_before_footer_widgets":"","ocean_shortcode_after_footer_widgets":"","ocean_shortcode_before_footer_bottom":"","ocean_shortcode_after_footer_bottom":"","ocean_display_top_bar":"default","ocean_display_header":"default","ocean_header_style":"","ocean_center_header_left_menu":"0","ocean_custom_header_template":"0","ocean_custom_logo":0,"ocean_custom_retina_logo":0,"ocean_custom_logo_max_width":0,"ocean_custom_logo_tablet_max_width":0,"ocean_custom_logo_mobile_max_width":0,"ocean_custom_logo_max_height":0,"ocean_custom_logo_tablet_max_height":0,"ocean_custom_logo_mobile_max_height":0,"ocean_header_custom_menu":"0","ocean_menu_typo_font_family":"0","ocean_menu_typo_font_subset":"","ocean_menu_typo_font_size":0,"ocean_menu_typo_font_size_tablet":0,"ocean_menu_typo_font_size_mobile":0,"ocean_menu_typo_font_size_unit":"px","ocean_menu_typo_font_weight":"","ocean_menu_typo_font_weight_tablet":"","ocean_menu_typo_font_weight_mobile":"","ocean_menu_typo_transform":"","ocean_menu_typo_transform_tablet":"","ocean_menu_typo_transform_mobile":"","ocean_menu_typo_line_height":0,"ocean_menu_typo_line_height_tablet":0,"ocean_menu_typo_line_height_mobile":0,"ocean_menu_typo_line_height_unit":"","ocean_menu_typo_spacing":0,"ocean_menu_typo_spacing_tablet":0,"ocean_menu_typo_spacing_mobile":0,"ocean_menu_typo_spacing_unit":"","ocean_menu_link_color":"","ocean_menu_link_color_hover":"","ocean_menu_link_color_active":"","ocean_menu_link_background":"","ocean_menu_link_hover_background":"","ocean_menu_link_active_background":"","ocean_menu_social_links_bg":"","ocean_menu_social_hover_links_bg":"","ocean_menu_social_links_color":"","ocean_menu_social_hover_links_color":"","ocean_disable_title":"default","ocean_disable_heading":"default","ocean_post_title":"","ocean_post_subheading":"","ocean_post_title_style":"","ocean_post_title_background_color":"","ocean_post_title_background":0,"ocean_post_title_bg_image_position":"","ocean_post_title_bg_image_attachment":"","ocean_post_title_bg_image_repeat":"","ocean_post_title_bg_image_size":"","ocean_post_title_height":0,"ocean_post_title_bg_overlay":0.5,"ocean_post_title_bg_overlay_color":"","ocean_disable_breadcrumbs":"default","ocean_breadcrumbs_color":"","ocean_breadcrumbs_separator_color":"","ocean_breadcrumbs_links_color":"","ocean_breadcrumbs_links_hover_color":"","ocean_display_footer_widgets":"default","ocean_display_footer_bottom":"default","ocean_custom_footer_template":"0","osh_disable_topbar_sticky":"default","osh_disable_header_sticky":"default","osh_sticky_header_style":"default","osh_sticky_header_effect":"","osh_custom_sticky_logo":0,"osh_custom_retina_sticky_logo":0,"osh_custom_sticky_logo_height":0,"osh_background_color":"","osh_links_color":"","osh_links_hover_color":"","osh_links_active_color":"","osh_links_bg_color":"","osh_links_hover_bg_color":"","osh_links_active_bg_color":"","osh_menu_social_links_color":"","osh_menu_social_hover_links_color":""},"product_brand":[],"product_cat":[6968,6990,6958,6816,6810,6842],"product_tag":[],"class_list":{"0":"post-29536","1":"product","2":"type-product","3":"status-publish","4":"has-post-thumbnail","6":"product_cat-accessori-nascita-ragazza","7":"product_cat-accessori-nascita-ragazzo","8":"product_cat-accessori-nascita","9":"product_cat-accessori-neonata","10":"product_cat-accessori-neonati","11":"product_cat-accessori-neonato","13":"entry","14":"has-media","16":"first","17":"instock","18":"taxable","19":"shipping-taxable","20":"purchasable","21":"product-type-variable","22":"has-default-attributes","23":"has-rating","24":"col","25":"span_1_of_3","26":"owp-content-center","27":"owp-thumbs-layout-vertical","28":"owp-btn-big","29":"owp-tabs-layout-vertical","30":"circle-sale"},"yoast_head":"<!-- This site is optimized with the Yoast SEO plugin v27.1.1 - https:\/\/yoast.com\/product\/yoast-seo-wordpress\/ -->\n<title>Cappellino neonato beige con pompon<\/title>\n<meta name=\"description\" content=\"Aggiungi un tocco di morbidezza e calore al guardaroba del tuo piccolo con il nostro cappellino neonato beige con pompon. Prodotto in Spagna.\" \/>\n<meta name=\"robots\" content=\"index, follow, max-snippet:-1, max-image-preview:large, max-video-preview:-1\" \/>\n<link rel=\"canonical\" href=\"https:\/\/voyagedelabaleine.fr\/it\/prodotto\/cappellino-neonato-con-pompon-beige\/\" \/>\n<meta property=\"og:locale\" content=\"it_IT\" \/>\n<meta property=\"og:type\" content=\"article\" \/>\n<meta property=\"og:title\" content=\"Cappellino neonato beige con pompon\" \/>\n<meta property=\"og:description\" content=\"Aggiungi un tocco di morbidezza e calore al guardaroba del tuo piccolo con il nostro cappellino neonato beige con pompon. Prodotto in Spagna.\" \/>\n<meta property=\"og:url\" content=\"https:\/\/voyagedelabaleine.fr\/it\/prodotto\/cappellino-neonato-con-pompon-beige\/\" \/>\n<meta property=\"og:site_name\" content=\"Voyage de la Baleine\" \/>\n<meta property=\"article:publisher\" content=\"https:\/\/www.facebook.com\/voyagedelabaleine\/\" \/>\n<meta property=\"article:modified_time\" content=\"2026-01-14T21:42:58+00:00\" \/>\n<meta property=\"og:image\" content=\"https:\/\/voyagedelabaleine.fr\/wp-content\/uploads\/2024\/08\/bonnet-bebe-beige-pompon2-fotor-20241010174417.jpg\" \/>\n\t<meta property=\"og:image:width\" content=\"917\" \/>\n\t<meta property=\"og:image:height\" content=\"1222\" \/>\n\t<meta property=\"og:image:type\" content=\"image\/jpeg\" \/>\n<meta name=\"twitter:card\" content=\"summary_large_image\" \/>\n<meta name=\"twitter:label1\" content=\"Tempo di lettura stimato\" \/>\n\t<meta name=\"twitter:data1\" content=\"1 minuto\" \/>\n<script type=\"application\/ld+json\" class=\"yoast-schema-graph\">{\"@context\":\"https:\/\/schema.org\",\"@graph\":[{\"@type\":\"WebPage\",\"@id\":\"https:\/\/voyagedelabaleine.fr\/it\/prodotto\/cappellino-neonato-con-pompon-beige\/\",\"url\":\"https:\/\/voyagedelabaleine.fr\/it\/prodotto\/cappellino-neonato-con-pompon-beige\/\",\"name\":\"Cappellino neonato beige con pompon\",\"isPartOf\":{\"@id\":\"https:\/\/voyagedelabaleine.fr\/it\/#website\"},\"primaryImageOfPage\":{\"@id\":\"https:\/\/voyagedelabaleine.fr\/it\/prodotto\/cappellino-neonato-con-pompon-beige\/#primaryimage\"},\"image\":{\"@id\":\"https:\/\/voyagedelabaleine.fr\/it\/prodotto\/cappellino-neonato-con-pompon-beige\/#primaryimage\"},\"thumbnailUrl\":\"https:\/\/voyagedelabaleine.fr\/wp-content\/uploads\/2024\/08\/bonnet-bebe-beige-pompon2-fotor-20241010174417.jpg\",\"datePublished\":\"2024-10-11T09:12:48+00:00\",\"dateModified\":\"2026-01-14T21:42:58+00:00\",\"description\":\"Aggiungi un tocco di morbidezza e calore al guardaroba del tuo piccolo con il nostro cappellino neonato beige con pompon. Prodotto in Spagna.\",\"breadcrumb\":{\"@id\":\"https:\/\/voyagedelabaleine.fr\/it\/prodotto\/cappellino-neonato-con-pompon-beige\/#breadcrumb\"},\"inLanguage\":\"it-IT\",\"potentialAction\":[{\"@type\":\"ReadAction\",\"target\":[\"https:\/\/voyagedelabaleine.fr\/it\/prodotto\/cappellino-neonato-con-pompon-beige\/\"]}]},{\"@type\":\"ImageObject\",\"inLanguage\":\"it-IT\",\"@id\":\"https:\/\/voyagedelabaleine.fr\/it\/prodotto\/cappellino-neonato-con-pompon-beige\/#primaryimage\",\"url\":\"https:\/\/voyagedelabaleine.fr\/wp-content\/uploads\/2024\/08\/bonnet-bebe-beige-pompon2-fotor-20241010174417.jpg\",\"contentUrl\":\"https:\/\/voyagedelabaleine.fr\/wp-content\/uploads\/2024\/08\/bonnet-bebe-beige-pompon2-fotor-20241010174417.jpg\",\"width\":917,\"height\":1222,\"caption\":\"bonnet bebe beige \u00e0 pompon\"},{\"@type\":\"BreadcrumbList\",\"@id\":\"https:\/\/voyagedelabaleine.fr\/it\/prodotto\/cappellino-neonato-con-pompon-beige\/#breadcrumb\",\"itemListElement\":[{\"@type\":\"ListItem\",\"position\":1,\"name\":\"Accueil\",\"item\":\"https:\/\/voyagedelabaleine.fr\/it\/homepage\/\"},{\"@type\":\"ListItem\",\"position\":2,\"name\":\"Tutta la collezione\",\"item\":\"https:\/\/voyagedelabaleine.fr\/it\/tutta-la-collezione\/\"},{\"@type\":\"ListItem\",\"position\":3,\"name\":\"Cappellino neonato con pompon &#8211; Beige\"}]},{\"@type\":\"WebSite\",\"@id\":\"https:\/\/voyagedelabaleine.fr\/it\/#website\",\"url\":\"https:\/\/voyagedelabaleine.fr\/it\/\",\"name\":\"Voyage de la Baleine\",\"description\":\"V\u00eatements intemporels et raffin\u00e9s pour b\u00e9b\u00e9s et enfants\",\"publisher\":{\"@id\":\"https:\/\/voyagedelabaleine.fr\/it\/#organization\"},\"potentialAction\":[{\"@type\":\"SearchAction\",\"target\":{\"@type\":\"EntryPoint\",\"urlTemplate\":\"https:\/\/voyagedelabaleine.fr\/it\/?s={search_term_string}\"},\"query-input\":{\"@type\":\"PropertyValueSpecification\",\"valueRequired\":true,\"valueName\":\"search_term_string\"}}],\"inLanguage\":\"it-IT\"},{\"@type\":\"Organization\",\"@id\":\"https:\/\/voyagedelabaleine.fr\/it\/#organization\",\"name\":\"Voyage de la Baleine\",\"url\":\"https:\/\/voyagedelabaleine.fr\/it\/\",\"logo\":{\"@type\":\"ImageObject\",\"inLanguage\":\"it-IT\",\"@id\":\"https:\/\/voyagedelabaleine.fr\/it\/#\/schema\/logo\/image\/\",\"url\":\"https:\/\/voyagedelabaleine.fr\/wp-content\/uploads\/2025\/06\/logo.webp\",\"contentUrl\":\"https:\/\/voyagedelabaleine.fr\/wp-content\/uploads\/2025\/06\/logo.webp\",\"width\":153,\"height\":64,\"caption\":\"Voyage de la Baleine\"},\"image\":{\"@id\":\"https:\/\/voyagedelabaleine.fr\/it\/#\/schema\/logo\/image\/\"},\"sameAs\":[\"https:\/\/www.facebook.com\/voyagedelabaleine\/\",\"https:\/\/www.instagram.com\/voyagedelabaleine\/\",\"https:\/\/www.pinterest.fr\/Voyagedelabaleine\/\"]}]}<\/script>\n<!-- \/ Yoast SEO plugin. -->","yoast_head_json":{"title":"Cappellino neonato beige con pompon","description":"Aggiungi un tocco di morbidezza e calore al guardaroba del tuo piccolo con il nostro cappellino neonato beige con pompon. Prodotto in Spagna.","robots":{"index":"index","follow":"follow","max-snippet":"max-snippet:-1","max-image-preview":"max-image-preview:large","max-video-preview":"max-video-preview:-1"},"canonical":"https:\/\/voyagedelabaleine.fr\/it\/prodotto\/cappellino-neonato-con-pompon-beige\/","og_locale":"it_IT","og_type":"article","og_title":"Cappellino neonato beige con pompon","og_description":"Aggiungi un tocco di morbidezza e calore al guardaroba del tuo piccolo con il nostro cappellino neonato beige con pompon. Prodotto in Spagna.","og_url":"https:\/\/voyagedelabaleine.fr\/it\/prodotto\/cappellino-neonato-con-pompon-beige\/","og_site_name":"Voyage de la Baleine","article_publisher":"https:\/\/www.facebook.com\/voyagedelabaleine\/","article_modified_time":"2026-01-14T21:42:58+00:00","og_image":[{"width":917,"height":1222,"url":"https:\/\/voyagedelabaleine.fr\/wp-content\/uploads\/2024\/08\/bonnet-bebe-beige-pompon2-fotor-20241010174417.jpg","type":"image\/jpeg"}],"twitter_card":"summary_large_image","twitter_misc":{"Tempo di lettura stimato":"1 minuto"},"schema":{"@context":"https:\/\/schema.org","@graph":[{"@type":"WebPage","@id":"https:\/\/voyagedelabaleine.fr\/it\/prodotto\/cappellino-neonato-con-pompon-beige\/","url":"https:\/\/voyagedelabaleine.fr\/it\/prodotto\/cappellino-neonato-con-pompon-beige\/","name":"Cappellino neonato beige con pompon","isPartOf":{"@id":"https:\/\/voyagedelabaleine.fr\/it\/#website"},"primaryImageOfPage":{"@id":"https:\/\/voyagedelabaleine.fr\/it\/prodotto\/cappellino-neonato-con-pompon-beige\/#primaryimage"},"image":{"@id":"https:\/\/voyagedelabaleine.fr\/it\/prodotto\/cappellino-neonato-con-pompon-beige\/#primaryimage"},"thumbnailUrl":"https:\/\/voyagedelabaleine.fr\/wp-content\/uploads\/2024\/08\/bonnet-bebe-beige-pompon2-fotor-20241010174417.jpg","datePublished":"2024-10-11T09:12:48+00:00","dateModified":"2026-01-14T21:42:58+00:00","description":"Aggiungi un tocco di morbidezza e calore al guardaroba del tuo piccolo con il nostro cappellino neonato beige con pompon. Prodotto in Spagna.","breadcrumb":{"@id":"https:\/\/voyagedelabaleine.fr\/it\/prodotto\/cappellino-neonato-con-pompon-beige\/#breadcrumb"},"inLanguage":"it-IT","potentialAction":[{"@type":"ReadAction","target":["https:\/\/voyagedelabaleine.fr\/it\/prodotto\/cappellino-neonato-con-pompon-beige\/"]}]},{"@type":"ImageObject","inLanguage":"it-IT","@id":"https:\/\/voyagedelabaleine.fr\/it\/prodotto\/cappellino-neonato-con-pompon-beige\/#primaryimage","url":"https:\/\/voyagedelabaleine.fr\/wp-content\/uploads\/2024\/08\/bonnet-bebe-beige-pompon2-fotor-20241010174417.jpg","contentUrl":"https:\/\/voyagedelabaleine.fr\/wp-content\/uploads\/2024\/08\/bonnet-bebe-beige-pompon2-fotor-20241010174417.jpg","width":917,"height":1222,"caption":"bonnet bebe beige \u00e0 pompon"},{"@type":"BreadcrumbList","@id":"https:\/\/voyagedelabaleine.fr\/it\/prodotto\/cappellino-neonato-con-pompon-beige\/#breadcrumb","itemListElement":[{"@type":"ListItem","position":1,"name":"Accueil","item":"https:\/\/voyagedelabaleine.fr\/it\/homepage\/"},{"@type":"ListItem","position":2,"name":"Tutta la collezione","item":"https:\/\/voyagedelabaleine.fr\/it\/tutta-la-collezione\/"},{"@type":"ListItem","position":3,"name":"Cappellino neonato con pompon &#8211; Beige"}]},{"@type":"WebSite","@id":"https:\/\/voyagedelabaleine.fr\/it\/#website","url":"https:\/\/voyagedelabaleine.fr\/it\/","name":"Voyage de la Baleine","description":"V\u00eatements intemporels et raffin\u00e9s pour b\u00e9b\u00e9s et enfants","publisher":{"@id":"https:\/\/voyagedelabaleine.fr\/it\/#organization"},"potentialAction":[{"@type":"SearchAction","target":{"@type":"EntryPoint","urlTemplate":"https:\/\/voyagedelabaleine.fr\/it\/?s={search_term_string}"},"query-input":{"@type":"PropertyValueSpecification","valueRequired":true,"valueName":"search_term_string"}}],"inLanguage":"it-IT"},{"@type":"Organization","@id":"https:\/\/voyagedelabaleine.fr\/it\/#organization","name":"Voyage de la Baleine","url":"https:\/\/voyagedelabaleine.fr\/it\/","logo":{"@type":"ImageObject","inLanguage":"it-IT","@id":"https:\/\/voyagedelabaleine.fr\/it\/#\/schema\/logo\/image\/","url":"https:\/\/voyagedelabaleine.fr\/wp-content\/uploads\/2025\/06\/logo.webp","contentUrl":"https:\/\/voyagedelabaleine.fr\/wp-content\/uploads\/2025\/06\/logo.webp","width":153,"height":64,"caption":"Voyage de la Baleine"},"image":{"@id":"https:\/\/voyagedelabaleine.fr\/it\/#\/schema\/logo\/image\/"},"sameAs":["https:\/\/www.facebook.com\/voyagedelabaleine\/","https:\/\/www.instagram.com\/voyagedelabaleine\/","https:\/\/www.pinterest.fr\/Voyagedelabaleine\/"]}]}},"_links":{"self":[{"href":"https:\/\/voyagedelabaleine.fr\/it\/wp-json\/wp\/v2\/product\/29536","targetHints":{"allow":["GET"]}}],"collection":[{"href":"https:\/\/voyagedelabaleine.fr\/it\/wp-json\/wp\/v2\/product"}],"about":[{"href":"https:\/\/voyagedelabaleine.fr\/it\/wp-json\/wp\/v2\/types\/product"}],"replies":[{"embeddable":true,"href":"https:\/\/voyagedelabaleine.fr\/it\/wp-json\/wp\/v2\/comments?post=29536"}],"wp:featuredmedia":[{"embeddable":true,"href":"https:\/\/voyagedelabaleine.fr\/it\/wp-json\/wp\/v2\/media\/12871"}],"wp:attachment":[{"href":"https:\/\/voyagedelabaleine.fr\/it\/wp-json\/wp\/v2\/media?parent=29536"}],"wp:term":[{"taxonomy":"product_brand","embeddable":true,"href":"https:\/\/voyagedelabaleine.fr\/it\/wp-json\/wp\/v2\/product_brand?post=29536"},{"taxonomy":"product_cat","embeddable":true,"href":"https:\/\/voyagedelabaleine.fr\/it\/wp-json\/wp\/v2\/product_cat?post=29536"},{"taxonomy":"product_tag","embeddable":true,"href":"https:\/\/voyagedelabaleine.fr\/it\/wp-json\/wp\/v2\/product_tag?post=29536"}],"curies":[{"name":"wp","href":"https:\/\/api.w.org\/{rel}","templated":true}]}}