{"id":29607,"date":"2024-10-11T11:12:26","date_gmt":"2024-10-11T09:12:26","guid":{"rendered":"https:\/\/voyagedelabaleine.fr\/product\/set-berretto-e-muffole-neonato-blu-tempesta\/"},"modified":"2026-01-14T22:43:51","modified_gmt":"2026-01-14T21:43:51","slug":"set-berretto-e-muffole-neonato-blu-tempesta","status":"publish","type":"product","link":"https:\/\/voyagedelabaleine.fr\/it\/prodotto\/set-berretto-e-muffole-neonato-blu-tempesta\/","title":{"rendered":"Set berretto e muffole neonato &#8211; Blu tempesta"},"content":{"rendered":"<p>Aggiungi un tocco di calore e stile al guardaroba del tuo bambino con il nostro <strong>set berretto e muffole blu tempesta<\/strong>. Progettato appositamente per i mesi invernali, questo set contiene <strong>lana merino<\/strong> di alta qualit\u00e0, garantendo un calore delicato e un comfort eccezionale. <\/p>\n<p>Il berretto blu tempesta, ornato da <strong>motivi invernali<\/strong> affascinanti, \u00e8 impreziosito da un <strong>pompon rosso scuro<\/strong> che aggiunge un tocco di colore vivace e festivo. I delicati motivi invernali sul berretto e sulle muffole evocano lo spirito della stagione, rendendo questo set pratico ed elegante allo stesso tempo. Il berretto \u00e8 dotato di un <strong>piccolo laccetto che si lega sotto il mento<\/strong>, garantendo che rimanga ben fermo, anche durante i giochi pi\u00f9 attivi. Questo design ingegnoso offre anche una protezione ottimale coprendo le orecchie e la testa del tuo bambino, tenendo lontano il freddo.   <\/p>\n<p>Le <strong>muffole abbinate<\/strong> completano perfettamente questo set, riprendendo gli stessi motivi invernali del berretto. Sono progettate per mantenere le manine del tuo bambino al caldo, offrendo al contempo una grande libert\u00e0 di movimento. La lana merino utilizzata in queste muffole assicura un buon isolamento termico ed \u00e8 morbida sulla pelle delicata del tuo bambino.  <\/p>\n<p>Ideale per le uscite in famiglia, le passeggiate invernali o i giochi all&#8217;aperto, questo set berretto e muffole blu tempesta non \u00e8 solo funzionale ma ha anche molto stile. La lana merino \u00e8 rinomata per le sue propriet\u00e0 isolanti e traspiranti, regolando naturalmente la temperatura corporea del tuo bambino. <\/p>\n<p>Con questo set, offri al tuo bambino una <strong>protezione dal freddo<\/strong> aggiungendo al contempo un tocco di eleganza e fascino ai suoi outfit invernali. I colori blu tempesta e rosso scuro, combinati con i motivi invernali, creano un look sofisticato e allegro. <\/p>\n<p>Questo set berretto con pompon e muffole abbinate \u00e8 disponibile anche nel <a href=\"https:\/\/voyagedelabaleine.fr\/product\/ensemble-bonnet-moufles-bleu-marine\/\">colore blu navy<\/a>.<\/p>\n<p><em>Scegli il nostro set berretto e muffole neonato blu tempesta per un inverno accogliente e alla moda. Questo set diventer\u00e0 rapidamente un capo irrinunciabile nel guardaroba del tuo bambino, offrendo comfort, calore e un tocco di fantasia invernale. <\/em><\/p>\n<p>Prodotto in Spagna.<\/p>\n","protected":false},"excerpt":{"rendered":"<ul>\n<li>Set berretto con pompon e muffole abbinate<\/li>\n<li>Motivi invernali<\/li>\n<li>Contiene lana merino<\/li>\n<li>Prodotto in Spagna<\/li>\n<\/ul>\n","protected":false},"featured_media":12875,"comment_status":"open","ping_status":"closed","template":"","meta":{"ocean_post_layout":"","ocean_both_sidebars_style":"","ocean_both_sidebars_content_width":0,"ocean_both_sidebars_sidebars_width":0,"ocean_sidebar":"0","ocean_second_sidebar":"0","ocean_disable_margins":"enable","ocean_add_body_class":"","ocean_shortcode_before_top_bar":"","ocean_shortcode_after_top_bar":"","ocean_shortcode_before_header":"","ocean_shortcode_after_header":"","ocean_has_shortcode":"","ocean_shortcode_after_title":"","ocean_shortcode_before_footer_widgets":"","ocean_shortcode_after_footer_widgets":"","ocean_shortcode_before_footer_bottom":"","ocean_shortcode_after_footer_bottom":"","ocean_display_top_bar":"default","ocean_display_header":"default","ocean_header_style":"","ocean_center_header_left_menu":"0","ocean_custom_header_template":"0","ocean_custom_logo":0,"ocean_custom_retina_logo":0,"ocean_custom_logo_max_width":0,"ocean_custom_logo_tablet_max_width":0,"ocean_custom_logo_mobile_max_width":0,"ocean_custom_logo_max_height":0,"ocean_custom_logo_tablet_max_height":0,"ocean_custom_logo_mobile_max_height":0,"ocean_header_custom_menu":"0","ocean_menu_typo_font_family":"0","ocean_menu_typo_font_subset":"","ocean_menu_typo_font_size":0,"ocean_menu_typo_font_size_tablet":0,"ocean_menu_typo_font_size_mobile":0,"ocean_menu_typo_font_size_unit":"px","ocean_menu_typo_font_weight":"","ocean_menu_typo_font_weight_tablet":"","ocean_menu_typo_font_weight_mobile":"","ocean_menu_typo_transform":"","ocean_menu_typo_transform_tablet":"","ocean_menu_typo_transform_mobile":"","ocean_menu_typo_line_height":0,"ocean_menu_typo_line_height_tablet":0,"ocean_menu_typo_line_height_mobile":0,"ocean_menu_typo_line_height_unit":"","ocean_menu_typo_spacing":0,"ocean_menu_typo_spacing_tablet":0,"ocean_menu_typo_spacing_mobile":0,"ocean_menu_typo_spacing_unit":"","ocean_menu_link_color":"","ocean_menu_link_color_hover":"","ocean_menu_link_color_active":"","ocean_menu_link_background":"","ocean_menu_link_hover_background":"","ocean_menu_link_active_background":"","ocean_menu_social_links_bg":"","ocean_menu_social_hover_links_bg":"","ocean_menu_social_links_color":"","ocean_menu_social_hover_links_color":"","ocean_disable_title":"default","ocean_disable_heading":"default","ocean_post_title":"","ocean_post_subheading":"","ocean_post_title_style":"","ocean_post_title_background_color":"","ocean_post_title_background":0,"ocean_post_title_bg_image_position":"","ocean_post_title_bg_image_attachment":"","ocean_post_title_bg_image_repeat":"","ocean_post_title_bg_image_size":"","ocean_post_title_height":0,"ocean_post_title_bg_overlay":0.5,"ocean_post_title_bg_overlay_color":"","ocean_disable_breadcrumbs":"default","ocean_breadcrumbs_color":"","ocean_breadcrumbs_separator_color":"","ocean_breadcrumbs_links_color":"","ocean_breadcrumbs_links_hover_color":"","ocean_display_footer_widgets":"default","ocean_display_footer_bottom":"default","ocean_custom_footer_template":"0","osh_disable_topbar_sticky":"default","osh_disable_header_sticky":"default","osh_sticky_header_style":"default","osh_sticky_header_effect":"","osh_custom_sticky_logo":0,"osh_custom_retina_sticky_logo":0,"osh_custom_sticky_logo_height":0,"osh_background_color":"","osh_links_color":"","osh_links_hover_color":"","osh_links_active_color":"","osh_links_bg_color":"","osh_links_hover_bg_color":"","osh_links_active_bg_color":"","osh_menu_social_links_color":"","osh_menu_social_hover_links_color":""},"product_brand":[],"product_cat":[6968,6990,6958,6816,6810,6842],"product_tag":[],"class_list":{"0":"post-29607","1":"product","2":"type-product","3":"status-publish","4":"has-post-thumbnail","6":"product_cat-accessori-nascita-ragazza","7":"product_cat-accessori-nascita-ragazzo","8":"product_cat-accessori-nascita","9":"product_cat-accessori-neonata","10":"product_cat-accessori-neonati","11":"product_cat-accessori-neonato","13":"entry","14":"has-media","16":"first","17":"instock","18":"taxable","19":"shipping-taxable","20":"purchasable","21":"product-type-variable","22":"has-default-attributes","23":"has-rating","24":"col","25":"span_1_of_3","26":"owp-content-center","27":"owp-thumbs-layout-vertical","28":"owp-btn-big","29":"owp-tabs-layout-vertical","30":"circle-sale"},"yoast_head":"<!-- This site is optimized with the Yoast SEO plugin v27.1.1 - https:\/\/yoast.com\/product\/yoast-seo-wordpress\/ -->\n<title>Set berretto e muffole blu tempesta<\/title>\n<meta name=\"description\" content=\"Aggiungi un tocco di calore e stile al guardaroba del tuo bambino con il nostro set berretto e muffole blu tempesta. Fabbricati in Spagna\" \/>\n<meta name=\"robots\" content=\"index, follow, max-snippet:-1, max-image-preview:large, max-video-preview:-1\" \/>\n<link rel=\"canonical\" href=\"https:\/\/voyagedelabaleine.fr\/it\/prodotto\/set-berretto-e-muffole-neonato-blu-tempesta\/\" \/>\n<meta property=\"og:locale\" content=\"it_IT\" \/>\n<meta property=\"og:type\" content=\"article\" \/>\n<meta property=\"og:title\" content=\"Set berretto e muffole blu tempesta\" \/>\n<meta property=\"og:description\" content=\"Aggiungi un tocco di calore e stile al guardaroba del tuo bambino con il nostro set berretto e muffole blu tempesta. Fabbricati in Spagna\" \/>\n<meta property=\"og:url\" content=\"https:\/\/voyagedelabaleine.fr\/it\/prodotto\/set-berretto-e-muffole-neonato-blu-tempesta\/\" \/>\n<meta property=\"og:site_name\" content=\"Voyage de la Baleine\" \/>\n<meta property=\"article:publisher\" content=\"https:\/\/www.facebook.com\/voyagedelabaleine\/\" \/>\n<meta property=\"article:modified_time\" content=\"2026-01-14T21:43:51+00:00\" \/>\n<meta property=\"og:image\" content=\"https:\/\/voyagedelabaleine.fr\/wp-content\/uploads\/2024\/08\/ensemble-bebe-bonnet-moufles-bleu-orage2-fotor-20241010175747.jpg\" \/>\n\t<meta property=\"og:image:width\" content=\"917\" \/>\n\t<meta property=\"og:image:height\" content=\"1223\" \/>\n\t<meta property=\"og:image:type\" content=\"image\/jpeg\" \/>\n<meta name=\"twitter:card\" content=\"summary_large_image\" \/>\n<meta name=\"twitter:label1\" content=\"Tempo di lettura stimato\" \/>\n\t<meta name=\"twitter:data1\" content=\"2 minuto\" \/>\n<script type=\"application\/ld+json\" class=\"yoast-schema-graph\">{\"@context\":\"https:\/\/schema.org\",\"@graph\":[{\"@type\":\"WebPage\",\"@id\":\"https:\/\/voyagedelabaleine.fr\/it\/prodotto\/set-berretto-e-muffole-neonato-blu-tempesta\/\",\"url\":\"https:\/\/voyagedelabaleine.fr\/it\/prodotto\/set-berretto-e-muffole-neonato-blu-tempesta\/\",\"name\":\"Set berretto e muffole blu tempesta\",\"isPartOf\":{\"@id\":\"https:\/\/voyagedelabaleine.fr\/it\/#website\"},\"primaryImageOfPage\":{\"@id\":\"https:\/\/voyagedelabaleine.fr\/it\/prodotto\/set-berretto-e-muffole-neonato-blu-tempesta\/#primaryimage\"},\"image\":{\"@id\":\"https:\/\/voyagedelabaleine.fr\/it\/prodotto\/set-berretto-e-muffole-neonato-blu-tempesta\/#primaryimage\"},\"thumbnailUrl\":\"https:\/\/voyagedelabaleine.fr\/wp-content\/uploads\/2024\/08\/ensemble-bebe-bonnet-moufles-bleu-orage2-fotor-20241010175747.jpg\",\"datePublished\":\"2024-10-11T09:12:26+00:00\",\"dateModified\":\"2026-01-14T21:43:51+00:00\",\"description\":\"Aggiungi un tocco di calore e stile al guardaroba del tuo bambino con il nostro set berretto e muffole blu tempesta. Fabbricati in Spagna\",\"breadcrumb\":{\"@id\":\"https:\/\/voyagedelabaleine.fr\/it\/prodotto\/set-berretto-e-muffole-neonato-blu-tempesta\/#breadcrumb\"},\"inLanguage\":\"it-IT\",\"potentialAction\":[{\"@type\":\"ReadAction\",\"target\":[\"https:\/\/voyagedelabaleine.fr\/it\/prodotto\/set-berretto-e-muffole-neonato-blu-tempesta\/\"]}]},{\"@type\":\"ImageObject\",\"inLanguage\":\"it-IT\",\"@id\":\"https:\/\/voyagedelabaleine.fr\/it\/prodotto\/set-berretto-e-muffole-neonato-blu-tempesta\/#primaryimage\",\"url\":\"https:\/\/voyagedelabaleine.fr\/wp-content\/uploads\/2024\/08\/ensemble-bebe-bonnet-moufles-bleu-orage2-fotor-20241010175747.jpg\",\"contentUrl\":\"https:\/\/voyagedelabaleine.fr\/wp-content\/uploads\/2024\/08\/ensemble-bebe-bonnet-moufles-bleu-orage2-fotor-20241010175747.jpg\",\"width\":917,\"height\":1223,\"caption\":\"ensemble bonnet et moufles bebe bleu orage motifs hivernaux\"},{\"@type\":\"BreadcrumbList\",\"@id\":\"https:\/\/voyagedelabaleine.fr\/it\/prodotto\/set-berretto-e-muffole-neonato-blu-tempesta\/#breadcrumb\",\"itemListElement\":[{\"@type\":\"ListItem\",\"position\":1,\"name\":\"Accueil\",\"item\":\"https:\/\/voyagedelabaleine.fr\/it\/homepage\/\"},{\"@type\":\"ListItem\",\"position\":2,\"name\":\"Tutta la collezione\",\"item\":\"https:\/\/voyagedelabaleine.fr\/it\/tutta-la-collezione\/\"},{\"@type\":\"ListItem\",\"position\":3,\"name\":\"Set berretto e muffole neonato &#8211; Blu tempesta\"}]},{\"@type\":\"WebSite\",\"@id\":\"https:\/\/voyagedelabaleine.fr\/it\/#website\",\"url\":\"https:\/\/voyagedelabaleine.fr\/it\/\",\"name\":\"Voyage de la Baleine\",\"description\":\"V\u00eatements intemporels et raffin\u00e9s pour b\u00e9b\u00e9s et enfants\",\"publisher\":{\"@id\":\"https:\/\/voyagedelabaleine.fr\/it\/#organization\"},\"potentialAction\":[{\"@type\":\"SearchAction\",\"target\":{\"@type\":\"EntryPoint\",\"urlTemplate\":\"https:\/\/voyagedelabaleine.fr\/it\/?s={search_term_string}\"},\"query-input\":{\"@type\":\"PropertyValueSpecification\",\"valueRequired\":true,\"valueName\":\"search_term_string\"}}],\"inLanguage\":\"it-IT\"},{\"@type\":\"Organization\",\"@id\":\"https:\/\/voyagedelabaleine.fr\/it\/#organization\",\"name\":\"Voyage de la Baleine\",\"url\":\"https:\/\/voyagedelabaleine.fr\/it\/\",\"logo\":{\"@type\":\"ImageObject\",\"inLanguage\":\"it-IT\",\"@id\":\"https:\/\/voyagedelabaleine.fr\/it\/#\/schema\/logo\/image\/\",\"url\":\"https:\/\/voyagedelabaleine.fr\/wp-content\/uploads\/2025\/06\/logo.webp\",\"contentUrl\":\"https:\/\/voyagedelabaleine.fr\/wp-content\/uploads\/2025\/06\/logo.webp\",\"width\":153,\"height\":64,\"caption\":\"Voyage de la Baleine\"},\"image\":{\"@id\":\"https:\/\/voyagedelabaleine.fr\/it\/#\/schema\/logo\/image\/\"},\"sameAs\":[\"https:\/\/www.facebook.com\/voyagedelabaleine\/\",\"https:\/\/www.instagram.com\/voyagedelabaleine\/\",\"https:\/\/www.pinterest.fr\/Voyagedelabaleine\/\"]}]}<\/script>\n<!-- \/ Yoast SEO plugin. -->","yoast_head_json":{"title":"Set berretto e muffole blu tempesta","description":"Aggiungi un tocco di calore e stile al guardaroba del tuo bambino con il nostro set berretto e muffole blu tempesta. Fabbricati in Spagna","robots":{"index":"index","follow":"follow","max-snippet":"max-snippet:-1","max-image-preview":"max-image-preview:large","max-video-preview":"max-video-preview:-1"},"canonical":"https:\/\/voyagedelabaleine.fr\/it\/prodotto\/set-berretto-e-muffole-neonato-blu-tempesta\/","og_locale":"it_IT","og_type":"article","og_title":"Set berretto e muffole blu tempesta","og_description":"Aggiungi un tocco di calore e stile al guardaroba del tuo bambino con il nostro set berretto e muffole blu tempesta. Fabbricati in Spagna","og_url":"https:\/\/voyagedelabaleine.fr\/it\/prodotto\/set-berretto-e-muffole-neonato-blu-tempesta\/","og_site_name":"Voyage de la Baleine","article_publisher":"https:\/\/www.facebook.com\/voyagedelabaleine\/","article_modified_time":"2026-01-14T21:43:51+00:00","og_image":[{"width":917,"height":1223,"url":"https:\/\/voyagedelabaleine.fr\/wp-content\/uploads\/2024\/08\/ensemble-bebe-bonnet-moufles-bleu-orage2-fotor-20241010175747.jpg","type":"image\/jpeg"}],"twitter_card":"summary_large_image","twitter_misc":{"Tempo di lettura stimato":"2 minuto"},"schema":{"@context":"https:\/\/schema.org","@graph":[{"@type":"WebPage","@id":"https:\/\/voyagedelabaleine.fr\/it\/prodotto\/set-berretto-e-muffole-neonato-blu-tempesta\/","url":"https:\/\/voyagedelabaleine.fr\/it\/prodotto\/set-berretto-e-muffole-neonato-blu-tempesta\/","name":"Set berretto e muffole blu tempesta","isPartOf":{"@id":"https:\/\/voyagedelabaleine.fr\/it\/#website"},"primaryImageOfPage":{"@id":"https:\/\/voyagedelabaleine.fr\/it\/prodotto\/set-berretto-e-muffole-neonato-blu-tempesta\/#primaryimage"},"image":{"@id":"https:\/\/voyagedelabaleine.fr\/it\/prodotto\/set-berretto-e-muffole-neonato-blu-tempesta\/#primaryimage"},"thumbnailUrl":"https:\/\/voyagedelabaleine.fr\/wp-content\/uploads\/2024\/08\/ensemble-bebe-bonnet-moufles-bleu-orage2-fotor-20241010175747.jpg","datePublished":"2024-10-11T09:12:26+00:00","dateModified":"2026-01-14T21:43:51+00:00","description":"Aggiungi un tocco di calore e stile al guardaroba del tuo bambino con il nostro set berretto e muffole blu tempesta. Fabbricati in Spagna","breadcrumb":{"@id":"https:\/\/voyagedelabaleine.fr\/it\/prodotto\/set-berretto-e-muffole-neonato-blu-tempesta\/#breadcrumb"},"inLanguage":"it-IT","potentialAction":[{"@type":"ReadAction","target":["https:\/\/voyagedelabaleine.fr\/it\/prodotto\/set-berretto-e-muffole-neonato-blu-tempesta\/"]}]},{"@type":"ImageObject","inLanguage":"it-IT","@id":"https:\/\/voyagedelabaleine.fr\/it\/prodotto\/set-berretto-e-muffole-neonato-blu-tempesta\/#primaryimage","url":"https:\/\/voyagedelabaleine.fr\/wp-content\/uploads\/2024\/08\/ensemble-bebe-bonnet-moufles-bleu-orage2-fotor-20241010175747.jpg","contentUrl":"https:\/\/voyagedelabaleine.fr\/wp-content\/uploads\/2024\/08\/ensemble-bebe-bonnet-moufles-bleu-orage2-fotor-20241010175747.jpg","width":917,"height":1223,"caption":"ensemble bonnet et moufles bebe bleu orage motifs hivernaux"},{"@type":"BreadcrumbList","@id":"https:\/\/voyagedelabaleine.fr\/it\/prodotto\/set-berretto-e-muffole-neonato-blu-tempesta\/#breadcrumb","itemListElement":[{"@type":"ListItem","position":1,"name":"Accueil","item":"https:\/\/voyagedelabaleine.fr\/it\/homepage\/"},{"@type":"ListItem","position":2,"name":"Tutta la collezione","item":"https:\/\/voyagedelabaleine.fr\/it\/tutta-la-collezione\/"},{"@type":"ListItem","position":3,"name":"Set berretto e muffole neonato &#8211; Blu tempesta"}]},{"@type":"WebSite","@id":"https:\/\/voyagedelabaleine.fr\/it\/#website","url":"https:\/\/voyagedelabaleine.fr\/it\/","name":"Voyage de la Baleine","description":"V\u00eatements intemporels et raffin\u00e9s pour b\u00e9b\u00e9s et enfants","publisher":{"@id":"https:\/\/voyagedelabaleine.fr\/it\/#organization"},"potentialAction":[{"@type":"SearchAction","target":{"@type":"EntryPoint","urlTemplate":"https:\/\/voyagedelabaleine.fr\/it\/?s={search_term_string}"},"query-input":{"@type":"PropertyValueSpecification","valueRequired":true,"valueName":"search_term_string"}}],"inLanguage":"it-IT"},{"@type":"Organization","@id":"https:\/\/voyagedelabaleine.fr\/it\/#organization","name":"Voyage de la Baleine","url":"https:\/\/voyagedelabaleine.fr\/it\/","logo":{"@type":"ImageObject","inLanguage":"it-IT","@id":"https:\/\/voyagedelabaleine.fr\/it\/#\/schema\/logo\/image\/","url":"https:\/\/voyagedelabaleine.fr\/wp-content\/uploads\/2025\/06\/logo.webp","contentUrl":"https:\/\/voyagedelabaleine.fr\/wp-content\/uploads\/2025\/06\/logo.webp","width":153,"height":64,"caption":"Voyage de la Baleine"},"image":{"@id":"https:\/\/voyagedelabaleine.fr\/it\/#\/schema\/logo\/image\/"},"sameAs":["https:\/\/www.facebook.com\/voyagedelabaleine\/","https:\/\/www.instagram.com\/voyagedelabaleine\/","https:\/\/www.pinterest.fr\/Voyagedelabaleine\/"]}]}},"_links":{"self":[{"href":"https:\/\/voyagedelabaleine.fr\/it\/wp-json\/wp\/v2\/product\/29607","targetHints":{"allow":["GET"]}}],"collection":[{"href":"https:\/\/voyagedelabaleine.fr\/it\/wp-json\/wp\/v2\/product"}],"about":[{"href":"https:\/\/voyagedelabaleine.fr\/it\/wp-json\/wp\/v2\/types\/product"}],"replies":[{"embeddable":true,"href":"https:\/\/voyagedelabaleine.fr\/it\/wp-json\/wp\/v2\/comments?post=29607"}],"wp:featuredmedia":[{"embeddable":true,"href":"https:\/\/voyagedelabaleine.fr\/it\/wp-json\/wp\/v2\/media\/12875"}],"wp:attachment":[{"href":"https:\/\/voyagedelabaleine.fr\/it\/wp-json\/wp\/v2\/media?parent=29607"}],"wp:term":[{"taxonomy":"product_brand","embeddable":true,"href":"https:\/\/voyagedelabaleine.fr\/it\/wp-json\/wp\/v2\/product_brand?post=29607"},{"taxonomy":"product_cat","embeddable":true,"href":"https:\/\/voyagedelabaleine.fr\/it\/wp-json\/wp\/v2\/product_cat?post=29607"},{"taxonomy":"product_tag","embeddable":true,"href":"https:\/\/voyagedelabaleine.fr\/it\/wp-json\/wp\/v2\/product_tag?post=29607"}],"curies":[{"name":"wp","href":"https:\/\/api.w.org\/{rel}","templated":true}]}}