{"id":30110,"date":"2025-02-12T12:42:30","date_gmt":"2025-02-12T11:42:30","guid":{"rendered":"https:\/\/voyagedelabaleine.fr\/product\/completo-bambino-camicia-e-pantaloncini-verde\/"},"modified":"2026-01-14T23:07:13","modified_gmt":"2026-01-14T22:07:13","slug":"completo-bambino-camicia-e-pantaloncini-verde","status":"publish","type":"product","link":"https:\/\/voyagedelabaleine.fr\/it\/prodotto\/completo-bambino-camicia-e-pantaloncini-verde\/","title":{"rendered":"Completo bambino camicia e pantaloncini &#8211; Verde"},"content":{"rendered":"<p>Dai un tocco fresco e sofisticato al guardaroba del tuo bambino con il nostro <strong>completo bambino camicia bianca e pantaloncini verdi<\/strong>. Perfetto per le belle giornate, questo completo unisce materiali naturali e dettagli raffinati per uno stile intramontabile e moderno. <\/p>\n<p>La camicia bianca a maniche corte, realizzata in <strong>100% cotone<\/strong>, unisce leggerezza e morbidezza. Si distingue per un <strong>delicato bordo verde lungo l&#8217;abbottonatura<\/strong>, aggiungendo un tocco di armonia e un sottile contrasto con i pantaloncini. <\/p>\n<p>I pantaloncini dritti, in <strong>cotone e lino verde<\/strong>, sono pensati per offrire comfort ed eleganza al tuo bambino. Il loro taglio aderente e il tessuto traspirante li rendono un capo ideale per le giornate di sole. La <strong>vita elasticizzata<\/strong> garantisce una vestibilit\u00e0 perfetta, mentre le <strong>due pratiche tasche laterali<\/strong> aggiungono un tocco di modernit\u00e0 e funzionalit\u00e0. Questo fresco colore verde si abbina perfettamente alla camicia bianca per un look estivo e raffinato.   <\/p>\n<p>Questo completo \u00e8 ideale per occasioni speciali come un matrimonio, una festa di famiglia o una gita estiva. Il suo design leggero e i materiali di qualit\u00e0 offrono una combinazione perfetta di eleganza e praticit\u00e0. Facile da abbinare a sandali in pelle, questo completo si adatta a numerosi stili ed eventi.  <\/p>\n<p>Scegli questo <strong>completo bambino camicia bianca e pantaloncini verdi<\/strong> per un look unico, elegante e confortevole. Un capo intramontabile che riflette la maestria spagnola e la cura dei dettagli. <\/p>\n<p>Prodotto in Spagna.<\/p>\n","protected":false},"excerpt":{"rendered":"<ul>\n<li>Completo camicia e pantaloncini dritti con tasche laterali<\/li>\n<li>Camicia: 100% cotone<\/li>\n<li>Pantaloncini: 60% lino, 40% cotone<\/li>\n<li>Prodotto in Spagna<br \/>\n<em>Questo completo veste leggermente piccolo. Se sei indeciso tra due taglie, scegli la taglia superiore.<\/em><\/li>\n<\/ul>\n","protected":false},"featured_media":18272,"comment_status":"open","ping_status":"closed","template":"","meta":{"ocean_post_layout":"","ocean_both_sidebars_style":"","ocean_both_sidebars_content_width":0,"ocean_both_sidebars_sidebars_width":0,"ocean_sidebar":"0","ocean_second_sidebar":"0","ocean_disable_margins":"enable","ocean_add_body_class":"","ocean_shortcode_before_top_bar":"","ocean_shortcode_after_top_bar":"","ocean_shortcode_before_header":"","ocean_shortcode_after_header":"","ocean_has_shortcode":"","ocean_shortcode_after_title":"","ocean_shortcode_before_footer_widgets":"","ocean_shortcode_after_footer_widgets":"","ocean_shortcode_before_footer_bottom":"","ocean_shortcode_after_footer_bottom":"","ocean_display_top_bar":"default","ocean_display_header":"default","ocean_header_style":"","ocean_center_header_left_menu":"0","ocean_custom_header_template":"0","ocean_custom_logo":0,"ocean_custom_retina_logo":0,"ocean_custom_logo_max_width":0,"ocean_custom_logo_tablet_max_width":0,"ocean_custom_logo_mobile_max_width":0,"ocean_custom_logo_max_height":0,"ocean_custom_logo_tablet_max_height":0,"ocean_custom_logo_mobile_max_height":0,"ocean_header_custom_menu":"0","ocean_menu_typo_font_family":"0","ocean_menu_typo_font_subset":"","ocean_menu_typo_font_size":0,"ocean_menu_typo_font_size_tablet":0,"ocean_menu_typo_font_size_mobile":0,"ocean_menu_typo_font_size_unit":"px","ocean_menu_typo_font_weight":"","ocean_menu_typo_font_weight_tablet":"","ocean_menu_typo_font_weight_mobile":"","ocean_menu_typo_transform":"","ocean_menu_typo_transform_tablet":"","ocean_menu_typo_transform_mobile":"","ocean_menu_typo_line_height":0,"ocean_menu_typo_line_height_tablet":0,"ocean_menu_typo_line_height_mobile":0,"ocean_menu_typo_line_height_unit":"","ocean_menu_typo_spacing":0,"ocean_menu_typo_spacing_tablet":0,"ocean_menu_typo_spacing_mobile":0,"ocean_menu_typo_spacing_unit":"","ocean_menu_link_color":"","ocean_menu_link_color_hover":"","ocean_menu_link_color_active":"","ocean_menu_link_background":"","ocean_menu_link_hover_background":"","ocean_menu_link_active_background":"","ocean_menu_social_links_bg":"","ocean_menu_social_hover_links_bg":"","ocean_menu_social_links_color":"","ocean_menu_social_hover_links_color":"","ocean_disable_title":"default","ocean_disable_heading":"default","ocean_post_title":"","ocean_post_subheading":"","ocean_post_title_style":"","ocean_post_title_background_color":"","ocean_post_title_background":0,"ocean_post_title_bg_image_position":"","ocean_post_title_bg_image_attachment":"","ocean_post_title_bg_image_repeat":"","ocean_post_title_bg_image_size":"","ocean_post_title_height":0,"ocean_post_title_bg_overlay":0.5,"ocean_post_title_bg_overlay_color":"","ocean_disable_breadcrumbs":"default","ocean_breadcrumbs_color":"","ocean_breadcrumbs_separator_color":"","ocean_breadcrumbs_links_color":"","ocean_breadcrumbs_links_hover_color":"","ocean_display_footer_widgets":"default","ocean_display_footer_bottom":"default","ocean_custom_footer_template":"0","osh_disable_topbar_sticky":"default","osh_disable_header_sticky":"default","osh_sticky_header_style":"default","osh_sticky_header_effect":"","osh_custom_sticky_logo":0,"osh_custom_retina_sticky_logo":0,"osh_custom_sticky_logo_height":0,"osh_background_color":"","osh_links_color":"","osh_links_hover_color":"","osh_links_active_color":"","osh_links_bg_color":"","osh_links_hover_bg_color":"","osh_links_active_bg_color":"","osh_menu_social_links_color":"","osh_menu_social_hover_links_color":""},"product_brand":[],"product_cat":[7030,7014,6994,6874,6846,7016,6996,6940,6924,6876,6848,7018,7004,6878,6856,6942,6922,6946,6928,6954],"product_tag":[],"class_list":{"0":"post-30110","1":"product","2":"type-product","3":"status-publish","4":"has-post-thumbnail","6":"product_cat-abbigliamento","7":"product_cat-bloomer-short-pantaloni-nascita","8":"product_cat-bloomer-short-pantaloni-nascita-ragazzo","9":"product_cat-bloomer-short-pantaloni-neonati","10":"product_cat-bloomer-short-pantaloni-neonato","11":"product_cat-blusa-camicia-nascita","12":"product_cat-blusa-camicia-nascita-ragazzo","13":"product_cat-blusa-camicia-bambini","14":"product_cat-blusa-camicia-bambino","15":"product_cat-blusa-camicia-neonati","16":"product_cat-blusa-camicia-neonato","17":"product_cat-completi-nascita","18":"product_cat-completi-nascita-ragazzo","19":"product_cat-completi-neonati","20":"product_cat-completi-neonato","21":"product_cat-completo-salopette-bambini","22":"product_cat-completo-salopette-bambino","23":"product_cat-pantaloni-short-bambini","24":"product_cat-pantaloni-short-bambino","25":"product_cat-ultima-occasione","27":"entry","28":"has-media","30":"first","31":"instock","32":"taxable","33":"shipping-taxable","34":"purchasable","35":"product-type-variable","36":"has-default-attributes","37":"has-rating","38":"col","39":"span_1_of_3","40":"owp-content-center","41":"owp-thumbs-layout-vertical","42":"owp-btn-big","43":"owp-tabs-layout-vertical","44":"circle-sale"},"yoast_head":"<!-- This site is optimized with the Yoast SEO plugin v27.1.1 - https:\/\/yoast.com\/product\/yoast-seo-wordpress\/ -->\n<title>Completo bambino camicia e pantaloncini verdi - Voyage de la Baleine<\/title>\n<meta name=\"description\" content=\"Dai un tocco fresco e sofisticato al guardaroba del tuo bambino con il nostro completo bambino camicia bianca e pantaloncini verdi\" \/>\n<meta name=\"robots\" content=\"index, follow, max-snippet:-1, max-image-preview:large, max-video-preview:-1\" \/>\n<link rel=\"canonical\" href=\"https:\/\/voyagedelabaleine.fr\/it\/prodotto\/completo-bambino-camicia-e-pantaloncini-verde\/\" \/>\n<meta property=\"og:locale\" content=\"it_IT\" \/>\n<meta property=\"og:type\" content=\"article\" \/>\n<meta property=\"og:title\" content=\"Completo bambino camicia e pantaloncini verdi - Voyage de la Baleine\" \/>\n<meta property=\"og:description\" content=\"Dai un tocco fresco e sofisticato al guardaroba del tuo bambino con il nostro completo bambino camicia bianca e pantaloncini verdi\" \/>\n<meta property=\"og:url\" content=\"https:\/\/voyagedelabaleine.fr\/it\/prodotto\/completo-bambino-camicia-e-pantaloncini-verde\/\" \/>\n<meta property=\"og:site_name\" content=\"Voyage de la Baleine\" \/>\n<meta property=\"article:publisher\" content=\"https:\/\/www.facebook.com\/voyagedelabaleine\/\" \/>\n<meta property=\"article:modified_time\" content=\"2026-01-14T22:07:13+00:00\" \/>\n<meta property=\"og:image\" content=\"https:\/\/voyagedelabaleine.fr\/wp-content\/uploads\/2025\/04\/ensemble-bebe-chemise-short-vert-scaled.jpg\" \/>\n\t<meta property=\"og:image:width\" content=\"1536\" \/>\n\t<meta property=\"og:image:height\" content=\"2048\" \/>\n\t<meta property=\"og:image:type\" content=\"image\/jpeg\" \/>\n<meta name=\"twitter:card\" content=\"summary_large_image\" \/>\n<meta name=\"twitter:label1\" content=\"Tempo di lettura stimato\" \/>\n\t<meta name=\"twitter:data1\" content=\"1 minuto\" \/>\n<script type=\"application\/ld+json\" class=\"yoast-schema-graph\">{\"@context\":\"https:\/\/schema.org\",\"@graph\":[{\"@type\":\"WebPage\",\"@id\":\"https:\/\/voyagedelabaleine.fr\/it\/prodotto\/completo-bambino-camicia-e-pantaloncini-verde\/\",\"url\":\"https:\/\/voyagedelabaleine.fr\/it\/prodotto\/completo-bambino-camicia-e-pantaloncini-verde\/\",\"name\":\"Completo bambino camicia e pantaloncini verdi - Voyage de la Baleine\",\"isPartOf\":{\"@id\":\"https:\/\/voyagedelabaleine.fr\/it\/#website\"},\"primaryImageOfPage\":{\"@id\":\"https:\/\/voyagedelabaleine.fr\/it\/prodotto\/completo-bambino-camicia-e-pantaloncini-verde\/#primaryimage\"},\"image\":{\"@id\":\"https:\/\/voyagedelabaleine.fr\/it\/prodotto\/completo-bambino-camicia-e-pantaloncini-verde\/#primaryimage\"},\"thumbnailUrl\":\"https:\/\/voyagedelabaleine.fr\/wp-content\/uploads\/2025\/04\/ensemble-bebe-chemise-short-vert-scaled.jpg\",\"datePublished\":\"2025-02-12T11:42:30+00:00\",\"dateModified\":\"2026-01-14T22:07:13+00:00\",\"description\":\"Dai un tocco fresco e sofisticato al guardaroba del tuo bambino con il nostro completo bambino camicia bianca e pantaloncini verdi\",\"breadcrumb\":{\"@id\":\"https:\/\/voyagedelabaleine.fr\/it\/prodotto\/completo-bambino-camicia-e-pantaloncini-verde\/#breadcrumb\"},\"inLanguage\":\"it-IT\",\"potentialAction\":[{\"@type\":\"ReadAction\",\"target\":[\"https:\/\/voyagedelabaleine.fr\/it\/prodotto\/completo-bambino-camicia-e-pantaloncini-verde\/\"]}]},{\"@type\":\"ImageObject\",\"inLanguage\":\"it-IT\",\"@id\":\"https:\/\/voyagedelabaleine.fr\/it\/prodotto\/completo-bambino-camicia-e-pantaloncini-verde\/#primaryimage\",\"url\":\"https:\/\/voyagedelabaleine.fr\/wp-content\/uploads\/2025\/04\/ensemble-bebe-chemise-short-vert-scaled.jpg\",\"contentUrl\":\"https:\/\/voyagedelabaleine.fr\/wp-content\/uploads\/2025\/04\/ensemble-bebe-chemise-short-vert-scaled.jpg\",\"width\":1536,\"height\":2048,\"caption\":\"Ensemble gar\u00e7on chemise \u00e0 col mao et short vert port\u00e9 par un enfant\"},{\"@type\":\"BreadcrumbList\",\"@id\":\"https:\/\/voyagedelabaleine.fr\/it\/prodotto\/completo-bambino-camicia-e-pantaloncini-verde\/#breadcrumb\",\"itemListElement\":[{\"@type\":\"ListItem\",\"position\":1,\"name\":\"Accueil\",\"item\":\"https:\/\/voyagedelabaleine.fr\/it\/homepage\/\"},{\"@type\":\"ListItem\",\"position\":2,\"name\":\"Tutta la collezione\",\"item\":\"https:\/\/voyagedelabaleine.fr\/it\/tutta-la-collezione\/\"},{\"@type\":\"ListItem\",\"position\":3,\"name\":\"Completo bambino camicia e pantaloncini &#8211; Verde\"}]},{\"@type\":\"WebSite\",\"@id\":\"https:\/\/voyagedelabaleine.fr\/it\/#website\",\"url\":\"https:\/\/voyagedelabaleine.fr\/it\/\",\"name\":\"Voyage de la Baleine\",\"description\":\"V\u00eatements intemporels et raffin\u00e9s pour b\u00e9b\u00e9s et enfants\",\"publisher\":{\"@id\":\"https:\/\/voyagedelabaleine.fr\/it\/#organization\"},\"potentialAction\":[{\"@type\":\"SearchAction\",\"target\":{\"@type\":\"EntryPoint\",\"urlTemplate\":\"https:\/\/voyagedelabaleine.fr\/it\/?s={search_term_string}\"},\"query-input\":{\"@type\":\"PropertyValueSpecification\",\"valueRequired\":true,\"valueName\":\"search_term_string\"}}],\"inLanguage\":\"it-IT\"},{\"@type\":\"Organization\",\"@id\":\"https:\/\/voyagedelabaleine.fr\/it\/#organization\",\"name\":\"Voyage de la Baleine\",\"url\":\"https:\/\/voyagedelabaleine.fr\/it\/\",\"logo\":{\"@type\":\"ImageObject\",\"inLanguage\":\"it-IT\",\"@id\":\"https:\/\/voyagedelabaleine.fr\/it\/#\/schema\/logo\/image\/\",\"url\":\"https:\/\/voyagedelabaleine.fr\/wp-content\/uploads\/2025\/06\/logo.webp\",\"contentUrl\":\"https:\/\/voyagedelabaleine.fr\/wp-content\/uploads\/2025\/06\/logo.webp\",\"width\":153,\"height\":64,\"caption\":\"Voyage de la Baleine\"},\"image\":{\"@id\":\"https:\/\/voyagedelabaleine.fr\/it\/#\/schema\/logo\/image\/\"},\"sameAs\":[\"https:\/\/www.facebook.com\/voyagedelabaleine\/\",\"https:\/\/www.instagram.com\/voyagedelabaleine\/\",\"https:\/\/www.pinterest.fr\/Voyagedelabaleine\/\"]}]}<\/script>\n<!-- \/ Yoast SEO plugin. -->","yoast_head_json":{"title":"Completo bambino camicia e pantaloncini verdi - Voyage de la Baleine","description":"Dai un tocco fresco e sofisticato al guardaroba del tuo bambino con il nostro completo bambino camicia bianca e pantaloncini verdi","robots":{"index":"index","follow":"follow","max-snippet":"max-snippet:-1","max-image-preview":"max-image-preview:large","max-video-preview":"max-video-preview:-1"},"canonical":"https:\/\/voyagedelabaleine.fr\/it\/prodotto\/completo-bambino-camicia-e-pantaloncini-verde\/","og_locale":"it_IT","og_type":"article","og_title":"Completo bambino camicia e pantaloncini verdi - Voyage de la Baleine","og_description":"Dai un tocco fresco e sofisticato al guardaroba del tuo bambino con il nostro completo bambino camicia bianca e pantaloncini verdi","og_url":"https:\/\/voyagedelabaleine.fr\/it\/prodotto\/completo-bambino-camicia-e-pantaloncini-verde\/","og_site_name":"Voyage de la Baleine","article_publisher":"https:\/\/www.facebook.com\/voyagedelabaleine\/","article_modified_time":"2026-01-14T22:07:13+00:00","og_image":[{"width":1536,"height":2048,"url":"https:\/\/voyagedelabaleine.fr\/wp-content\/uploads\/2025\/04\/ensemble-bebe-chemise-short-vert-scaled.jpg","type":"image\/jpeg"}],"twitter_card":"summary_large_image","twitter_misc":{"Tempo di lettura stimato":"1 minuto"},"schema":{"@context":"https:\/\/schema.org","@graph":[{"@type":"WebPage","@id":"https:\/\/voyagedelabaleine.fr\/it\/prodotto\/completo-bambino-camicia-e-pantaloncini-verde\/","url":"https:\/\/voyagedelabaleine.fr\/it\/prodotto\/completo-bambino-camicia-e-pantaloncini-verde\/","name":"Completo bambino camicia e pantaloncini verdi - Voyage de la Baleine","isPartOf":{"@id":"https:\/\/voyagedelabaleine.fr\/it\/#website"},"primaryImageOfPage":{"@id":"https:\/\/voyagedelabaleine.fr\/it\/prodotto\/completo-bambino-camicia-e-pantaloncini-verde\/#primaryimage"},"image":{"@id":"https:\/\/voyagedelabaleine.fr\/it\/prodotto\/completo-bambino-camicia-e-pantaloncini-verde\/#primaryimage"},"thumbnailUrl":"https:\/\/voyagedelabaleine.fr\/wp-content\/uploads\/2025\/04\/ensemble-bebe-chemise-short-vert-scaled.jpg","datePublished":"2025-02-12T11:42:30+00:00","dateModified":"2026-01-14T22:07:13+00:00","description":"Dai un tocco fresco e sofisticato al guardaroba del tuo bambino con il nostro completo bambino camicia bianca e pantaloncini verdi","breadcrumb":{"@id":"https:\/\/voyagedelabaleine.fr\/it\/prodotto\/completo-bambino-camicia-e-pantaloncini-verde\/#breadcrumb"},"inLanguage":"it-IT","potentialAction":[{"@type":"ReadAction","target":["https:\/\/voyagedelabaleine.fr\/it\/prodotto\/completo-bambino-camicia-e-pantaloncini-verde\/"]}]},{"@type":"ImageObject","inLanguage":"it-IT","@id":"https:\/\/voyagedelabaleine.fr\/it\/prodotto\/completo-bambino-camicia-e-pantaloncini-verde\/#primaryimage","url":"https:\/\/voyagedelabaleine.fr\/wp-content\/uploads\/2025\/04\/ensemble-bebe-chemise-short-vert-scaled.jpg","contentUrl":"https:\/\/voyagedelabaleine.fr\/wp-content\/uploads\/2025\/04\/ensemble-bebe-chemise-short-vert-scaled.jpg","width":1536,"height":2048,"caption":"Ensemble gar\u00e7on chemise \u00e0 col mao et short vert port\u00e9 par un enfant"},{"@type":"BreadcrumbList","@id":"https:\/\/voyagedelabaleine.fr\/it\/prodotto\/completo-bambino-camicia-e-pantaloncini-verde\/#breadcrumb","itemListElement":[{"@type":"ListItem","position":1,"name":"Accueil","item":"https:\/\/voyagedelabaleine.fr\/it\/homepage\/"},{"@type":"ListItem","position":2,"name":"Tutta la collezione","item":"https:\/\/voyagedelabaleine.fr\/it\/tutta-la-collezione\/"},{"@type":"ListItem","position":3,"name":"Completo bambino camicia e pantaloncini &#8211; Verde"}]},{"@type":"WebSite","@id":"https:\/\/voyagedelabaleine.fr\/it\/#website","url":"https:\/\/voyagedelabaleine.fr\/it\/","name":"Voyage de la Baleine","description":"V\u00eatements intemporels et raffin\u00e9s pour b\u00e9b\u00e9s et enfants","publisher":{"@id":"https:\/\/voyagedelabaleine.fr\/it\/#organization"},"potentialAction":[{"@type":"SearchAction","target":{"@type":"EntryPoint","urlTemplate":"https:\/\/voyagedelabaleine.fr\/it\/?s={search_term_string}"},"query-input":{"@type":"PropertyValueSpecification","valueRequired":true,"valueName":"search_term_string"}}],"inLanguage":"it-IT"},{"@type":"Organization","@id":"https:\/\/voyagedelabaleine.fr\/it\/#organization","name":"Voyage de la Baleine","url":"https:\/\/voyagedelabaleine.fr\/it\/","logo":{"@type":"ImageObject","inLanguage":"it-IT","@id":"https:\/\/voyagedelabaleine.fr\/it\/#\/schema\/logo\/image\/","url":"https:\/\/voyagedelabaleine.fr\/wp-content\/uploads\/2025\/06\/logo.webp","contentUrl":"https:\/\/voyagedelabaleine.fr\/wp-content\/uploads\/2025\/06\/logo.webp","width":153,"height":64,"caption":"Voyage de la Baleine"},"image":{"@id":"https:\/\/voyagedelabaleine.fr\/it\/#\/schema\/logo\/image\/"},"sameAs":["https:\/\/www.facebook.com\/voyagedelabaleine\/","https:\/\/www.instagram.com\/voyagedelabaleine\/","https:\/\/www.pinterest.fr\/Voyagedelabaleine\/"]}]}},"_links":{"self":[{"href":"https:\/\/voyagedelabaleine.fr\/it\/wp-json\/wp\/v2\/product\/30110","targetHints":{"allow":["GET"]}}],"collection":[{"href":"https:\/\/voyagedelabaleine.fr\/it\/wp-json\/wp\/v2\/product"}],"about":[{"href":"https:\/\/voyagedelabaleine.fr\/it\/wp-json\/wp\/v2\/types\/product"}],"replies":[{"embeddable":true,"href":"https:\/\/voyagedelabaleine.fr\/it\/wp-json\/wp\/v2\/comments?post=30110"}],"wp:featuredmedia":[{"embeddable":true,"href":"https:\/\/voyagedelabaleine.fr\/it\/wp-json\/wp\/v2\/media\/18272"}],"wp:attachment":[{"href":"https:\/\/voyagedelabaleine.fr\/it\/wp-json\/wp\/v2\/media?parent=30110"}],"wp:term":[{"taxonomy":"product_brand","embeddable":true,"href":"https:\/\/voyagedelabaleine.fr\/it\/wp-json\/wp\/v2\/product_brand?post=30110"},{"taxonomy":"product_cat","embeddable":true,"href":"https:\/\/voyagedelabaleine.fr\/it\/wp-json\/wp\/v2\/product_cat?post=30110"},{"taxonomy":"product_tag","embeddable":true,"href":"https:\/\/voyagedelabaleine.fr\/it\/wp-json\/wp\/v2\/product_tag?post=30110"}],"curies":[{"name":"wp","href":"https:\/\/api.w.org\/{rel}","templated":true}]}}