{"id":31148,"date":"2024-09-13T13:14:35","date_gmt":"2024-09-13T11:14:35","guid":{"rendered":"https:\/\/voyagedelabaleine.fr\/product\/camicia-neonato-a-girocollo-con-abbottonatura-rossa-bianco\/"},"modified":"2026-01-29T14:33:28","modified_gmt":"2026-01-29T13:33:28","slug":"camicia-neonato-a-girocollo-con-abbottonatura-rossa-bianco","status":"publish","type":"product","link":"https:\/\/voyagedelabaleine.fr\/it\/prodotto\/camicia-neonato-a-girocollo-con-abbottonatura-rossa-bianco\/","title":{"rendered":"Camicia neonato a girocollo con abbottonatura rossa &#8211; Bianco"},"content":{"rendered":"<p>Immergiti nell&#8217;eleganza semplice e senza tempo con questa deliziosa <strong>camicia bianca con abbottonatura rossa<\/strong> per neonato, appositamente progettata con un <strong>girocollo<\/strong> che aggiunge un tocco di delicatezza al suo design. Perfetta per i maschietti e le femminucce, questa camicia in cotone di alta qualit\u00e0 offre non solo un comfort eccezionale ma anche uno stile che si abbina perfettamente a diversi outfit. <\/p>\n<p>Prodotta con meticolosa attenzione ai dettagli in Spagna, questa camicia incarna la perfetta unione tra artigianato tradizionale ed estetica moderna. Il girocollo, caratterizzato dalla sua raffinata semplicit\u00e0, \u00e8 ideale per creare un <strong>look curato<\/strong>, adatto a tutte le occasioni, dai momenti di gioco spensierati alle uscite in famiglia. <\/p>\n<p>Abbina questa camicia a girocollo con il nostro <a href=\"https:\/\/voyagedelabaleine.fr\/product\/bloomer-grands-carreaux-marrons\/\">bloomer a quadri grandi marroni<\/a> che presenta due bottoni decorativi <strong>abbinati a quelli di questa camicia<\/strong> per creare un completo adorabile e pieno di carattere. Questo abbinamento di bianco brillante e quadri marroni offre un contrasto sottile ma distintivo, ideale per catturare l&#8217;attenzione pur mantenendo un&#8217;eleganza discreta. <\/p>\n<p>I genitori apprezzeranno non solo lo <strong>stile classico<\/strong> e versatile di questa camicia, ma anche la sua grande durabilit\u00e0 che la rende una scelta saggia per il guardaroba del loro bambino. Sia indossata da sola nelle giornate pi\u00f9 calde o sotto un maglione o un gilet nei periodi pi\u00f9 freschi, questa camicia bianca rimane un capo essenziale per ogni stagione. <\/p>\n<p>Optando per questa <strong>camicia neonato bianca a girocollo con abbottonatura rossa<\/strong>, offri al tuo piccolino il comfort e l&#8217;eleganza del made in Spain.<\/p>\n<p><em>Ogni aspetto di questa camicia, dalle finiture curate al taglio confortevole, testimonia l&#8217;impegno per la qualit\u00e0 e lo stile senza tempo, rendendo questo capo una scelta privilegiata per creare ricordi preziosi e momenti indimenticabili.<\/em><\/p>\n<p>Fabbricato in Spagna.<\/p>\n","protected":false},"excerpt":{"rendered":"<ul>\n<li>Maniche lunghe<\/li>\n<li>Colletto rotondo<\/li>\n<li>Abbottonatura rossa<\/li>\n<li>Da abbinare con il <a href=\"https:\/\/voyagedelabaleine.fr\/product\/bloomer-grands-carreaux-marrons\/\">bloomer a quadri marroni<\/a><\/li>\n<li>100% garza di cotone<\/li>\n<li>Fabbricata in Spagna<br \/>\n<em>Questa camicia veste normalmente. Scegli la taglia abituale.<\/em><\/li>\n<\/ul>\n","protected":false},"featured_media":16891,"comment_status":"open","ping_status":"closed","template":"","meta":{"ocean_post_layout":"","ocean_both_sidebars_style":"","ocean_both_sidebars_content_width":0,"ocean_both_sidebars_sidebars_width":0,"ocean_sidebar":"0","ocean_second_sidebar":"0","ocean_disable_margins":"enable","ocean_add_body_class":"","ocean_shortcode_before_top_bar":"","ocean_shortcode_after_top_bar":"","ocean_shortcode_before_header":"","ocean_shortcode_after_header":"","ocean_has_shortcode":"","ocean_shortcode_after_title":"","ocean_shortcode_before_footer_widgets":"","ocean_shortcode_after_footer_widgets":"","ocean_shortcode_before_footer_bottom":"","ocean_shortcode_after_footer_bottom":"","ocean_display_top_bar":"default","ocean_display_header":"default","ocean_header_style":"","ocean_center_header_left_menu":"0","ocean_custom_header_template":"0","ocean_custom_logo":0,"ocean_custom_retina_logo":0,"ocean_custom_logo_max_width":0,"ocean_custom_logo_tablet_max_width":0,"ocean_custom_logo_mobile_max_width":0,"ocean_custom_logo_max_height":0,"ocean_custom_logo_tablet_max_height":0,"ocean_custom_logo_mobile_max_height":0,"ocean_header_custom_menu":"0","ocean_menu_typo_font_family":"0","ocean_menu_typo_font_subset":"","ocean_menu_typo_font_size":0,"ocean_menu_typo_font_size_tablet":0,"ocean_menu_typo_font_size_mobile":0,"ocean_menu_typo_font_size_unit":"px","ocean_menu_typo_font_weight":"","ocean_menu_typo_font_weight_tablet":"","ocean_menu_typo_font_weight_mobile":"","ocean_menu_typo_transform":"","ocean_menu_typo_transform_tablet":"","ocean_menu_typo_transform_mobile":"","ocean_menu_typo_line_height":0,"ocean_menu_typo_line_height_tablet":0,"ocean_menu_typo_line_height_mobile":0,"ocean_menu_typo_line_height_unit":"","ocean_menu_typo_spacing":0,"ocean_menu_typo_spacing_tablet":0,"ocean_menu_typo_spacing_mobile":0,"ocean_menu_typo_spacing_unit":"","ocean_menu_link_color":"","ocean_menu_link_color_hover":"","ocean_menu_link_color_active":"","ocean_menu_link_background":"","ocean_menu_link_hover_background":"","ocean_menu_link_active_background":"","ocean_menu_social_links_bg":"","ocean_menu_social_hover_links_bg":"","ocean_menu_social_links_color":"","ocean_menu_social_hover_links_color":"","ocean_disable_title":"default","ocean_disable_heading":"default","ocean_post_title":"","ocean_post_subheading":"","ocean_post_title_style":"","ocean_post_title_background_color":"","ocean_post_title_background":0,"ocean_post_title_bg_image_position":"","ocean_post_title_bg_image_attachment":"","ocean_post_title_bg_image_repeat":"","ocean_post_title_bg_image_size":"","ocean_post_title_height":0,"ocean_post_title_bg_overlay":0.5,"ocean_post_title_bg_overlay_color":"","ocean_disable_breadcrumbs":"default","ocean_breadcrumbs_color":"","ocean_breadcrumbs_separator_color":"","ocean_breadcrumbs_links_color":"","ocean_breadcrumbs_links_hover_color":"","ocean_display_footer_widgets":"default","ocean_display_footer_bottom":"default","ocean_custom_footer_template":"0","osh_disable_topbar_sticky":"default","osh_disable_header_sticky":"default","osh_sticky_header_style":"default","osh_sticky_header_effect":"","osh_custom_sticky_logo":0,"osh_custom_retina_sticky_logo":0,"osh_custom_sticky_logo_height":0,"osh_background_color":"","osh_links_color":"","osh_links_hover_color":"","osh_links_active_color":"","osh_links_bg_color":"","osh_links_hover_bg_color":"","osh_links_active_bg_color":"","osh_menu_social_links_color":"","osh_menu_social_hover_links_color":""},"product_brand":[],"product_cat":[7030,7016,6974,6996,6900,6940,6924,6822,6876,6848],"product_tag":[],"class_list":{"0":"post-31148","1":"product","2":"type-product","3":"status-publish","4":"has-post-thumbnail","6":"product_cat-abbigliamento","7":"product_cat-blusa-camicia-nascita","8":"product_cat-blusa-camicia-nascita-ragazza","9":"product_cat-blusa-camicia-nascita-ragazzo","10":"product_cat-blusa-camicia-bambina","11":"product_cat-blusa-camicia-bambini","12":"product_cat-blusa-camicia-bambino","13":"product_cat-blusa-e-camicia-per-neonata","14":"product_cat-blusa-camicia-neonati","15":"product_cat-blusa-camicia-neonato","17":"entry","18":"has-media","20":"first","21":"instock","22":"taxable","23":"shipping-taxable","24":"purchasable","25":"product-type-variable","26":"has-default-attributes","27":"has-rating","28":"col","29":"span_1_of_3","30":"owp-content-center","31":"owp-thumbs-layout-vertical","32":"owp-btn-big","33":"owp-tabs-layout-vertical","34":"circle-sale"},"yoast_head":"<!-- This site is optimized with the Yoast SEO plugin v27.1.1 - https:\/\/yoast.com\/product\/yoast-seo-wordpress\/ -->\n<title>Camicia neonato bianca a girocollo<\/title>\n<meta name=\"description\" content=\"Immergiti nell&#039;eleganza semplice e senza tempo con questa deliziosa camicia neonato bianca a girocollo. Prodotta in Spagna.\" \/>\n<meta name=\"robots\" content=\"index, follow, max-snippet:-1, max-image-preview:large, max-video-preview:-1\" \/>\n<link rel=\"canonical\" href=\"https:\/\/voyagedelabaleine.fr\/it\/prodotto\/camicia-neonato-a-girocollo-con-abbottonatura-rossa-bianco\/\" \/>\n<meta property=\"og:locale\" content=\"it_IT\" \/>\n<meta property=\"og:type\" content=\"article\" \/>\n<meta property=\"og:title\" content=\"Camicia neonato bianca a girocollo\" \/>\n<meta property=\"og:description\" content=\"Immergiti nell&#039;eleganza semplice e senza tempo con questa deliziosa camicia neonato bianca a girocollo. Prodotta in Spagna.\" \/>\n<meta property=\"og:url\" content=\"https:\/\/voyagedelabaleine.fr\/it\/prodotto\/camicia-neonato-a-girocollo-con-abbottonatura-rossa-bianco\/\" \/>\n<meta property=\"og:site_name\" content=\"Voyage de la Baleine\" \/>\n<meta property=\"article:publisher\" content=\"https:\/\/www.facebook.com\/voyagedelabaleine\/\" \/>\n<meta property=\"article:modified_time\" content=\"2026-01-29T13:33:28+00:00\" \/>\n<meta property=\"og:image\" content=\"https:\/\/voyagedelabaleine.fr\/wp-content\/uploads\/2025\/02\/chemise-bebe-boutonniere-rouge.jpg\" \/>\n\t<meta property=\"og:image:width\" content=\"1200\" \/>\n\t<meta property=\"og:image:height\" content=\"1600\" \/>\n\t<meta property=\"og:image:type\" content=\"image\/jpeg\" \/>\n<meta name=\"twitter:card\" content=\"summary_large_image\" \/>\n<meta name=\"twitter:label1\" content=\"Tempo di lettura stimato\" \/>\n\t<meta name=\"twitter:data1\" content=\"1 minuto\" \/>\n<script type=\"application\/ld+json\" class=\"yoast-schema-graph\">{\"@context\":\"https:\/\/schema.org\",\"@graph\":[{\"@type\":\"WebPage\",\"@id\":\"https:\/\/voyagedelabaleine.fr\/it\/prodotto\/camicia-neonato-a-girocollo-con-abbottonatura-rossa-bianco\/\",\"url\":\"https:\/\/voyagedelabaleine.fr\/it\/prodotto\/camicia-neonato-a-girocollo-con-abbottonatura-rossa-bianco\/\",\"name\":\"Camicia neonato bianca a girocollo\",\"isPartOf\":{\"@id\":\"https:\/\/voyagedelabaleine.fr\/it\/#website\"},\"primaryImageOfPage\":{\"@id\":\"https:\/\/voyagedelabaleine.fr\/it\/prodotto\/camicia-neonato-a-girocollo-con-abbottonatura-rossa-bianco\/#primaryimage\"},\"image\":{\"@id\":\"https:\/\/voyagedelabaleine.fr\/it\/prodotto\/camicia-neonato-a-girocollo-con-abbottonatura-rossa-bianco\/#primaryimage\"},\"thumbnailUrl\":\"https:\/\/voyagedelabaleine.fr\/wp-content\/uploads\/2025\/02\/chemise-bebe-boutonniere-rouge.jpg\",\"datePublished\":\"2024-09-13T11:14:35+00:00\",\"dateModified\":\"2026-01-29T13:33:28+00:00\",\"description\":\"Immergiti nell'eleganza semplice e senza tempo con questa deliziosa camicia neonato bianca a girocollo. Prodotta in Spagna.\",\"breadcrumb\":{\"@id\":\"https:\/\/voyagedelabaleine.fr\/it\/prodotto\/camicia-neonato-a-girocollo-con-abbottonatura-rossa-bianco\/#breadcrumb\"},\"inLanguage\":\"it-IT\",\"potentialAction\":[{\"@type\":\"ReadAction\",\"target\":[\"https:\/\/voyagedelabaleine.fr\/it\/prodotto\/camicia-neonato-a-girocollo-con-abbottonatura-rossa-bianco\/\"]}]},{\"@type\":\"ImageObject\",\"inLanguage\":\"it-IT\",\"@id\":\"https:\/\/voyagedelabaleine.fr\/it\/prodotto\/camicia-neonato-a-girocollo-con-abbottonatura-rossa-bianco\/#primaryimage\",\"url\":\"https:\/\/voyagedelabaleine.fr\/wp-content\/uploads\/2025\/02\/chemise-bebe-boutonniere-rouge.jpg\",\"contentUrl\":\"https:\/\/voyagedelabaleine.fr\/wp-content\/uploads\/2025\/02\/chemise-bebe-boutonniere-rouge.jpg\",\"width\":1200,\"height\":1600,\"caption\":\"Chemise b\u00e9b\u00e9 gar\u00e7on \u00e0 col rond en gaze de coton \u00e0 boutonni\u00e8re rouge port\u00e9e par un b\u00e9b\u00e9\"},{\"@type\":\"BreadcrumbList\",\"@id\":\"https:\/\/voyagedelabaleine.fr\/it\/prodotto\/camicia-neonato-a-girocollo-con-abbottonatura-rossa-bianco\/#breadcrumb\",\"itemListElement\":[{\"@type\":\"ListItem\",\"position\":1,\"name\":\"Accueil\",\"item\":\"https:\/\/voyagedelabaleine.fr\/it\/homepage\/\"},{\"@type\":\"ListItem\",\"position\":2,\"name\":\"Tutta la collezione\",\"item\":\"https:\/\/voyagedelabaleine.fr\/it\/tutta-la-collezione\/\"},{\"@type\":\"ListItem\",\"position\":3,\"name\":\"Camicia neonato a girocollo con abbottonatura rossa &#8211; Bianco\"}]},{\"@type\":\"WebSite\",\"@id\":\"https:\/\/voyagedelabaleine.fr\/it\/#website\",\"url\":\"https:\/\/voyagedelabaleine.fr\/it\/\",\"name\":\"Voyage de la Baleine\",\"description\":\"V\u00eatements intemporels et raffin\u00e9s pour b\u00e9b\u00e9s et enfants\",\"publisher\":{\"@id\":\"https:\/\/voyagedelabaleine.fr\/it\/#organization\"},\"potentialAction\":[{\"@type\":\"SearchAction\",\"target\":{\"@type\":\"EntryPoint\",\"urlTemplate\":\"https:\/\/voyagedelabaleine.fr\/it\/?s={search_term_string}\"},\"query-input\":{\"@type\":\"PropertyValueSpecification\",\"valueRequired\":true,\"valueName\":\"search_term_string\"}}],\"inLanguage\":\"it-IT\"},{\"@type\":\"Organization\",\"@id\":\"https:\/\/voyagedelabaleine.fr\/it\/#organization\",\"name\":\"Voyage de la Baleine\",\"url\":\"https:\/\/voyagedelabaleine.fr\/it\/\",\"logo\":{\"@type\":\"ImageObject\",\"inLanguage\":\"it-IT\",\"@id\":\"https:\/\/voyagedelabaleine.fr\/it\/#\/schema\/logo\/image\/\",\"url\":\"https:\/\/voyagedelabaleine.fr\/wp-content\/uploads\/2025\/06\/logo.webp\",\"contentUrl\":\"https:\/\/voyagedelabaleine.fr\/wp-content\/uploads\/2025\/06\/logo.webp\",\"width\":153,\"height\":64,\"caption\":\"Voyage de la Baleine\"},\"image\":{\"@id\":\"https:\/\/voyagedelabaleine.fr\/it\/#\/schema\/logo\/image\/\"},\"sameAs\":[\"https:\/\/www.facebook.com\/voyagedelabaleine\/\",\"https:\/\/www.instagram.com\/voyagedelabaleine\/\",\"https:\/\/www.pinterest.fr\/Voyagedelabaleine\/\"]}]}<\/script>\n<!-- \/ Yoast SEO plugin. -->","yoast_head_json":{"title":"Camicia neonato bianca a girocollo","description":"Immergiti nell'eleganza semplice e senza tempo con questa deliziosa camicia neonato bianca a girocollo. Prodotta in Spagna.","robots":{"index":"index","follow":"follow","max-snippet":"max-snippet:-1","max-image-preview":"max-image-preview:large","max-video-preview":"max-video-preview:-1"},"canonical":"https:\/\/voyagedelabaleine.fr\/it\/prodotto\/camicia-neonato-a-girocollo-con-abbottonatura-rossa-bianco\/","og_locale":"it_IT","og_type":"article","og_title":"Camicia neonato bianca a girocollo","og_description":"Immergiti nell'eleganza semplice e senza tempo con questa deliziosa camicia neonato bianca a girocollo. Prodotta in Spagna.","og_url":"https:\/\/voyagedelabaleine.fr\/it\/prodotto\/camicia-neonato-a-girocollo-con-abbottonatura-rossa-bianco\/","og_site_name":"Voyage de la Baleine","article_publisher":"https:\/\/www.facebook.com\/voyagedelabaleine\/","article_modified_time":"2026-01-29T13:33:28+00:00","og_image":[{"width":1200,"height":1600,"url":"https:\/\/voyagedelabaleine.fr\/wp-content\/uploads\/2025\/02\/chemise-bebe-boutonniere-rouge.jpg","type":"image\/jpeg"}],"twitter_card":"summary_large_image","twitter_misc":{"Tempo di lettura stimato":"1 minuto"},"schema":{"@context":"https:\/\/schema.org","@graph":[{"@type":"WebPage","@id":"https:\/\/voyagedelabaleine.fr\/it\/prodotto\/camicia-neonato-a-girocollo-con-abbottonatura-rossa-bianco\/","url":"https:\/\/voyagedelabaleine.fr\/it\/prodotto\/camicia-neonato-a-girocollo-con-abbottonatura-rossa-bianco\/","name":"Camicia neonato bianca a girocollo","isPartOf":{"@id":"https:\/\/voyagedelabaleine.fr\/it\/#website"},"primaryImageOfPage":{"@id":"https:\/\/voyagedelabaleine.fr\/it\/prodotto\/camicia-neonato-a-girocollo-con-abbottonatura-rossa-bianco\/#primaryimage"},"image":{"@id":"https:\/\/voyagedelabaleine.fr\/it\/prodotto\/camicia-neonato-a-girocollo-con-abbottonatura-rossa-bianco\/#primaryimage"},"thumbnailUrl":"https:\/\/voyagedelabaleine.fr\/wp-content\/uploads\/2025\/02\/chemise-bebe-boutonniere-rouge.jpg","datePublished":"2024-09-13T11:14:35+00:00","dateModified":"2026-01-29T13:33:28+00:00","description":"Immergiti nell'eleganza semplice e senza tempo con questa deliziosa camicia neonato bianca a girocollo. Prodotta in Spagna.","breadcrumb":{"@id":"https:\/\/voyagedelabaleine.fr\/it\/prodotto\/camicia-neonato-a-girocollo-con-abbottonatura-rossa-bianco\/#breadcrumb"},"inLanguage":"it-IT","potentialAction":[{"@type":"ReadAction","target":["https:\/\/voyagedelabaleine.fr\/it\/prodotto\/camicia-neonato-a-girocollo-con-abbottonatura-rossa-bianco\/"]}]},{"@type":"ImageObject","inLanguage":"it-IT","@id":"https:\/\/voyagedelabaleine.fr\/it\/prodotto\/camicia-neonato-a-girocollo-con-abbottonatura-rossa-bianco\/#primaryimage","url":"https:\/\/voyagedelabaleine.fr\/wp-content\/uploads\/2025\/02\/chemise-bebe-boutonniere-rouge.jpg","contentUrl":"https:\/\/voyagedelabaleine.fr\/wp-content\/uploads\/2025\/02\/chemise-bebe-boutonniere-rouge.jpg","width":1200,"height":1600,"caption":"Chemise b\u00e9b\u00e9 gar\u00e7on \u00e0 col rond en gaze de coton \u00e0 boutonni\u00e8re rouge port\u00e9e par un b\u00e9b\u00e9"},{"@type":"BreadcrumbList","@id":"https:\/\/voyagedelabaleine.fr\/it\/prodotto\/camicia-neonato-a-girocollo-con-abbottonatura-rossa-bianco\/#breadcrumb","itemListElement":[{"@type":"ListItem","position":1,"name":"Accueil","item":"https:\/\/voyagedelabaleine.fr\/it\/homepage\/"},{"@type":"ListItem","position":2,"name":"Tutta la collezione","item":"https:\/\/voyagedelabaleine.fr\/it\/tutta-la-collezione\/"},{"@type":"ListItem","position":3,"name":"Camicia neonato a girocollo con abbottonatura rossa &#8211; Bianco"}]},{"@type":"WebSite","@id":"https:\/\/voyagedelabaleine.fr\/it\/#website","url":"https:\/\/voyagedelabaleine.fr\/it\/","name":"Voyage de la Baleine","description":"V\u00eatements intemporels et raffin\u00e9s pour b\u00e9b\u00e9s et enfants","publisher":{"@id":"https:\/\/voyagedelabaleine.fr\/it\/#organization"},"potentialAction":[{"@type":"SearchAction","target":{"@type":"EntryPoint","urlTemplate":"https:\/\/voyagedelabaleine.fr\/it\/?s={search_term_string}"},"query-input":{"@type":"PropertyValueSpecification","valueRequired":true,"valueName":"search_term_string"}}],"inLanguage":"it-IT"},{"@type":"Organization","@id":"https:\/\/voyagedelabaleine.fr\/it\/#organization","name":"Voyage de la Baleine","url":"https:\/\/voyagedelabaleine.fr\/it\/","logo":{"@type":"ImageObject","inLanguage":"it-IT","@id":"https:\/\/voyagedelabaleine.fr\/it\/#\/schema\/logo\/image\/","url":"https:\/\/voyagedelabaleine.fr\/wp-content\/uploads\/2025\/06\/logo.webp","contentUrl":"https:\/\/voyagedelabaleine.fr\/wp-content\/uploads\/2025\/06\/logo.webp","width":153,"height":64,"caption":"Voyage de la Baleine"},"image":{"@id":"https:\/\/voyagedelabaleine.fr\/it\/#\/schema\/logo\/image\/"},"sameAs":["https:\/\/www.facebook.com\/voyagedelabaleine\/","https:\/\/www.instagram.com\/voyagedelabaleine\/","https:\/\/www.pinterest.fr\/Voyagedelabaleine\/"]}]}},"_links":{"self":[{"href":"https:\/\/voyagedelabaleine.fr\/it\/wp-json\/wp\/v2\/product\/31148","targetHints":{"allow":["GET"]}}],"collection":[{"href":"https:\/\/voyagedelabaleine.fr\/it\/wp-json\/wp\/v2\/product"}],"about":[{"href":"https:\/\/voyagedelabaleine.fr\/it\/wp-json\/wp\/v2\/types\/product"}],"replies":[{"embeddable":true,"href":"https:\/\/voyagedelabaleine.fr\/it\/wp-json\/wp\/v2\/comments?post=31148"}],"wp:featuredmedia":[{"embeddable":true,"href":"https:\/\/voyagedelabaleine.fr\/it\/wp-json\/wp\/v2\/media\/16891"}],"wp:attachment":[{"href":"https:\/\/voyagedelabaleine.fr\/it\/wp-json\/wp\/v2\/media?parent=31148"}],"wp:term":[{"taxonomy":"product_brand","embeddable":true,"href":"https:\/\/voyagedelabaleine.fr\/it\/wp-json\/wp\/v2\/product_brand?post=31148"},{"taxonomy":"product_cat","embeddable":true,"href":"https:\/\/voyagedelabaleine.fr\/it\/wp-json\/wp\/v2\/product_cat?post=31148"},{"taxonomy":"product_tag","embeddable":true,"href":"https:\/\/voyagedelabaleine.fr\/it\/wp-json\/wp\/v2\/product_tag?post=31148"}],"curies":[{"name":"wp","href":"https:\/\/api.w.org\/{rel}","templated":true}]}}