{"id":33296,"date":"2023-10-05T21:59:09","date_gmt":"2023-10-05T19:59:09","guid":{"rendered":"https:\/\/voyagedelabaleine.fr\/product\/pigiama-neonato-bambino-due-pezzi-con-smock-azzurro-cielo\/"},"modified":"2026-01-15T09:10:20","modified_gmt":"2026-01-15T08:10:20","slug":"pigiama-neonato-bambino-due-pezzi-con-smock-azzurro-cielo","status":"publish","type":"product","link":"https:\/\/voyagedelabaleine.fr\/it\/prodotto\/pigiama-neonato-bambino-due-pezzi-con-smock-azzurro-cielo\/","title":{"rendered":"Pigiama neonato bambino due pezzi con smock &#8211; Azzurro cielo"},"content":{"rendered":"<div class=\"flex-shrink-0 flex flex-col relative items-end\">\n<div>\n<div class=\"pt-0\">\n<div class=\"gizmo-bot-avatar flex h-8 w-8 items-center justify-center overflow-hidden rounded-full\">\n<div class=\"relative p-1 rounded-sm flex items-center justify-center bg-token-main-surface-primary text-token-text-primary h-8 w-8\">Immergiti in una notte di comfort e stile con il nostro <strong>pigiama neonato azzurro due pezzi<\/strong>, un completo elegante che si adatter\u00e0 perfettamente ai bambini. Progettato con meticolosa attenzione in Spagna, questo completo unisce il fascino di un design raffinato al comfort assoluto di tutti i giorni. <\/div>\n<div><\/div>\n<\/div>\n<\/div>\n<\/div>\n<\/div>\n<div class=\"group\/conversation-turn relative flex w-full min-w-0 flex-col agent-turn\">\n<div class=\"flex-col gap-1 md:gap-3\">\n<div class=\"flex max-w-full flex-col flex-grow\">\n<div class=\"min-h-8 text-message flex w-full flex-col items-end gap-2 whitespace-normal break-words text-start [.text-message+&amp;]:mt-5\" dir=\"auto\" data-message-author-role=\"assistant\" data-message-id=\"3b3f68df-ce15-486b-ab2a-08ce3fdd6534\" data-message-model-slug=\"gpt-4o\">\n<div class=\"flex w-full flex-col gap-1 empty:hidden first:pt-[3px]\">\n<div class=\"markdown prose w-full break-words dark:prose-invert light\">\n<p>Dotato di un <strong>colletto a camicia classico<\/strong>, questo pigiama si distingue per i suoi dettagli curati e i suoi <strong>delicati smock<\/strong> sulla parte superiore, aggiungendo un tocco di eleganza senza tempo. L&#8217;azzurro cielo, colore dolce e rilassante, evoca la serenit\u00e0 delle notti tranquille pur rimanendo una tonalit\u00e0 versatile e ideale per tutte le stagioni. <\/p>\n<p>Realizzato in cotone di qualit\u00e0 superiore, questo pigiama garantisce una morbidezza eccezionale a contatto con la pelle sensibile del tuo bambino. Il suo design <strong>due pezzi pratico<\/strong> offre una grande libert\u00e0 di movimento, perfetto per accompagnare i momenti di relax prima di andare a letto o per oziare in tutta tranquillit\u00e0 a casa. <\/p>\n<p>La vita elasticizzata dei pantaloni permette una vestizione e svestizione rapide, semplificando la routine della nanna sia per i genitori che per i pi\u00f9 piccoli. Ogni cucitura e ogni finitura testimoniano il <strong>saper fare artigianale spagnolo<\/strong>, che valorizza sia la qualit\u00e0 che l&#8217;estetica. <\/p>\n<p>Che sia per una serata di coccole in famiglia o per notti piene di dolci sogni, questo <strong>pigiama azzurro cielo con smock<\/strong> \u00e8 la scelta perfetta per i genitori che cercano un capo che unisca <strong>stile, comfort e praticit\u00e0<\/strong>. Offri al tuo bambino un&#8217;esperienza di sonno eccezionale in un completo che riflette l&#8217;eleganza e la cura dedicate a ogni dettaglio. <\/p>\n<p>Questo <strong>pigiama neonato azzurro due pezzi<\/strong> diventer\u00e0 rapidamente un capo irrinunciabile nel guardaroba del tuo bambino, combinando fascino intramontabile e comfort moderno. Un vero e proprio colpo di fulmine <strong>Made in Spain<\/strong>. <\/p>\n<p>Questo pigiama due pezzi esiste anche nella sua versione femminile in <a href=\"https:\/\/voyagedelabaleine.fr\/it\/product\/pigiama-bambina-due-pezzi-con-colletto-a-volant-rosa\/\">rosa<\/a>.<\/p>\n<\/div>\n<\/div>\n<\/div>\n<\/div>\n<\/div>\n<\/div>\n<p>Prodotto in Spagna.<\/p>\n","protected":false},"excerpt":{"rendered":"<ul>\n<li>Pigiama neonato due pezzi<\/li>\n<li>Chiuso con bottoni a pressione sul retro<\/li>\n<li>Vita elasticizzata<\/li>\n<li>Colletto a camicia e smock<\/li>\n<li>95% cotone, 5% lycra<\/li>\n<li>Prodotto in Spagna<br \/>\n<em>Questo pigiama veste normalmente. Scegli la tua taglia abituale.<\/em><\/li>\n<\/ul>\n","protected":false},"featured_media":12076,"comment_status":"open","ping_status":"closed","template":"","meta":{"ocean_post_layout":"","ocean_both_sidebars_style":"","ocean_both_sidebars_content_width":0,"ocean_both_sidebars_sidebars_width":0,"ocean_sidebar":"0","ocean_second_sidebar":"0","ocean_disable_margins":"enable","ocean_add_body_class":"","ocean_shortcode_before_top_bar":"","ocean_shortcode_after_top_bar":"","ocean_shortcode_before_header":"","ocean_shortcode_after_header":"","ocean_has_shortcode":"","ocean_shortcode_after_title":"","ocean_shortcode_before_footer_widgets":"","ocean_shortcode_after_footer_widgets":"","ocean_shortcode_before_footer_bottom":"","ocean_shortcode_after_footer_bottom":"","ocean_display_top_bar":"default","ocean_display_header":"default","ocean_header_style":"","ocean_center_header_left_menu":"0","ocean_custom_header_template":"0","ocean_custom_logo":0,"ocean_custom_retina_logo":0,"ocean_custom_logo_max_width":0,"ocean_custom_logo_tablet_max_width":0,"ocean_custom_logo_mobile_max_width":0,"ocean_custom_logo_max_height":0,"ocean_custom_logo_tablet_max_height":0,"ocean_custom_logo_mobile_max_height":0,"ocean_header_custom_menu":"0","ocean_menu_typo_font_family":"0","ocean_menu_typo_font_subset":"","ocean_menu_typo_font_size":0,"ocean_menu_typo_font_size_tablet":0,"ocean_menu_typo_font_size_mobile":0,"ocean_menu_typo_font_size_unit":"px","ocean_menu_typo_font_weight":"","ocean_menu_typo_font_weight_tablet":"","ocean_menu_typo_font_weight_mobile":"","ocean_menu_typo_transform":"","ocean_menu_typo_transform_tablet":"","ocean_menu_typo_transform_mobile":"","ocean_menu_typo_line_height":0,"ocean_menu_typo_line_height_tablet":0,"ocean_menu_typo_line_height_mobile":0,"ocean_menu_typo_line_height_unit":"","ocean_menu_typo_spacing":0,"ocean_menu_typo_spacing_tablet":0,"ocean_menu_typo_spacing_mobile":0,"ocean_menu_typo_spacing_unit":"","ocean_menu_link_color":"","ocean_menu_link_color_hover":"","ocean_menu_link_color_active":"","ocean_menu_link_background":"","ocean_menu_link_hover_background":"","ocean_menu_link_active_background":"","ocean_menu_social_links_bg":"","ocean_menu_social_hover_links_bg":"","ocean_menu_social_links_color":"","ocean_menu_social_hover_links_color":"","ocean_disable_title":"default","ocean_disable_heading":"default","ocean_post_title":"","ocean_post_subheading":"","ocean_post_title_style":"","ocean_post_title_background_color":"","ocean_post_title_background":0,"ocean_post_title_bg_image_position":"","ocean_post_title_bg_image_attachment":"","ocean_post_title_bg_image_repeat":"","ocean_post_title_bg_image_size":"","ocean_post_title_height":0,"ocean_post_title_bg_overlay":0.5,"ocean_post_title_bg_overlay_color":"","ocean_disable_breadcrumbs":"default","ocean_breadcrumbs_color":"","ocean_breadcrumbs_separator_color":"","ocean_breadcrumbs_links_color":"","ocean_breadcrumbs_links_hover_color":"","ocean_display_footer_widgets":"default","ocean_display_footer_bottom":"default","ocean_custom_footer_template":"0","osh_disable_topbar_sticky":"default","osh_disable_header_sticky":"default","osh_sticky_header_style":"default","osh_sticky_header_effect":"","osh_custom_sticky_logo":0,"osh_custom_retina_sticky_logo":0,"osh_custom_sticky_logo_height":0,"osh_background_color":"","osh_links_color":"","osh_links_hover_color":"","osh_links_active_color":"","osh_links_bg_color":"","osh_links_hover_bg_color":"","osh_links_active_bg_color":"","osh_menu_social_links_color":"","osh_menu_social_hover_links_color":""},"product_brand":[],"product_cat":[7028,6936,6932,6868,6862],"product_tag":[7168],"class_list":{"0":"post-33296","1":"product","2":"type-product","3":"status-publish","4":"has-post-thumbnail","6":"product_cat-pigiama","7":"product_cat-pigiama-bambini","8":"product_cat-pigiama-bambino","9":"product_cat-pigiama-neonati","10":"product_cat-pigiama-neonato","11":"product_tag-pigiami","13":"entry","14":"has-media","16":"first","17":"instock","18":"taxable","19":"shipping-taxable","20":"purchasable","21":"product-type-variable","22":"has-default-attributes","23":"has-rating","24":"col","25":"span_1_of_3","26":"owp-content-center","27":"owp-thumbs-layout-vertical","28":"owp-btn-big","29":"owp-tabs-layout-vertical","30":"circle-sale"},"yoast_head":"<!-- This site is optimized with the Yoast SEO plugin v27.1.1 - https:\/\/yoast.com\/product\/yoast-seo-wordpress\/ -->\n<title>Pigiama neonato azzurro due pezzi con smock e colletto a camicia<\/title>\n<meta name=\"description\" content=\"Un pigiama due pezzi azzurro cielo con colletto a camicia e smock che delizier\u00e0 sia le bambine che i bambini. Prodotto in Spagna.\" \/>\n<meta name=\"robots\" content=\"index, follow, max-snippet:-1, max-image-preview:large, max-video-preview:-1\" \/>\n<link rel=\"canonical\" href=\"https:\/\/voyagedelabaleine.fr\/it\/prodotto\/pigiama-neonato-bambino-due-pezzi-con-smock-azzurro-cielo\/\" \/>\n<meta property=\"og:locale\" content=\"it_IT\" \/>\n<meta property=\"og:type\" content=\"article\" \/>\n<meta property=\"og:title\" content=\"Pigiama neonato azzurro due pezzi con smock e colletto a camicia\" \/>\n<meta property=\"og:description\" content=\"Un pigiama due pezzi azzurro cielo con colletto a camicia e smock che delizier\u00e0 sia le bambine che i bambini. Prodotto in Spagna.\" \/>\n<meta property=\"og:url\" content=\"https:\/\/voyagedelabaleine.fr\/it\/prodotto\/pigiama-neonato-bambino-due-pezzi-con-smock-azzurro-cielo\/\" \/>\n<meta property=\"og:site_name\" content=\"Voyage de la Baleine\" \/>\n<meta property=\"article:publisher\" content=\"https:\/\/www.facebook.com\/voyagedelabaleine\/\" \/>\n<meta property=\"article:modified_time\" content=\"2026-01-15T08:10:20+00:00\" \/>\n<meta property=\"og:image\" content=\"https:\/\/voyagedelabaleine.fr\/wp-content\/uploads\/2023\/10\/pyjama-bebe-2-pieces-bleu-smocks-1-2.jpg\" \/>\n\t<meta property=\"og:image:width\" content=\"860\" \/>\n\t<meta property=\"og:image:height\" content=\"1150\" \/>\n\t<meta property=\"og:image:type\" content=\"image\/jpeg\" \/>\n<meta name=\"twitter:card\" content=\"summary_large_image\" \/>\n<meta name=\"twitter:label1\" content=\"Tempo di lettura stimato\" \/>\n\t<meta name=\"twitter:data1\" content=\"2 minuto\" \/>\n<script type=\"application\/ld+json\" class=\"yoast-schema-graph\">{\"@context\":\"https:\/\/schema.org\",\"@graph\":[{\"@type\":\"WebPage\",\"@id\":\"https:\/\/voyagedelabaleine.fr\/it\/prodotto\/pigiama-neonato-bambino-due-pezzi-con-smock-azzurro-cielo\/\",\"url\":\"https:\/\/voyagedelabaleine.fr\/it\/prodotto\/pigiama-neonato-bambino-due-pezzi-con-smock-azzurro-cielo\/\",\"name\":\"Pigiama neonato azzurro due pezzi con smock e colletto a camicia\",\"isPartOf\":{\"@id\":\"https:\/\/voyagedelabaleine.fr\/it\/#website\"},\"primaryImageOfPage\":{\"@id\":\"https:\/\/voyagedelabaleine.fr\/it\/prodotto\/pigiama-neonato-bambino-due-pezzi-con-smock-azzurro-cielo\/#primaryimage\"},\"image\":{\"@id\":\"https:\/\/voyagedelabaleine.fr\/it\/prodotto\/pigiama-neonato-bambino-due-pezzi-con-smock-azzurro-cielo\/#primaryimage\"},\"thumbnailUrl\":\"https:\/\/voyagedelabaleine.fr\/wp-content\/uploads\/2023\/10\/pyjama-bebe-2-pieces-bleu-smocks-1-2.jpg\",\"datePublished\":\"2023-10-05T19:59:09+00:00\",\"dateModified\":\"2026-01-15T08:10:20+00:00\",\"description\":\"Un pigiama due pezzi azzurro cielo con colletto a camicia e smock che delizier\u00e0 sia le bambine che i bambini. Prodotto in Spagna.\",\"breadcrumb\":{\"@id\":\"https:\/\/voyagedelabaleine.fr\/it\/prodotto\/pigiama-neonato-bambino-due-pezzi-con-smock-azzurro-cielo\/#breadcrumb\"},\"inLanguage\":\"it-IT\",\"potentialAction\":[{\"@type\":\"ReadAction\",\"target\":[\"https:\/\/voyagedelabaleine.fr\/it\/prodotto\/pigiama-neonato-bambino-due-pezzi-con-smock-azzurro-cielo\/\"]}]},{\"@type\":\"ImageObject\",\"inLanguage\":\"it-IT\",\"@id\":\"https:\/\/voyagedelabaleine.fr\/it\/prodotto\/pigiama-neonato-bambino-due-pezzi-con-smock-azzurro-cielo\/#primaryimage\",\"url\":\"https:\/\/voyagedelabaleine.fr\/wp-content\/uploads\/2023\/10\/pyjama-bebe-2-pieces-bleu-smocks-1-2.jpg\",\"contentUrl\":\"https:\/\/voyagedelabaleine.fr\/wp-content\/uploads\/2023\/10\/pyjama-bebe-2-pieces-bleu-smocks-1-2.jpg\",\"width\":860,\"height\":1150,\"caption\":\"Pyjama b\u00e9b\u00e9 gar\u00e7on deux pi\u00e8ces \u00e0 smocks et col chemise\"},{\"@type\":\"BreadcrumbList\",\"@id\":\"https:\/\/voyagedelabaleine.fr\/it\/prodotto\/pigiama-neonato-bambino-due-pezzi-con-smock-azzurro-cielo\/#breadcrumb\",\"itemListElement\":[{\"@type\":\"ListItem\",\"position\":1,\"name\":\"Accueil\",\"item\":\"https:\/\/voyagedelabaleine.fr\/it\/homepage\/\"},{\"@type\":\"ListItem\",\"position\":2,\"name\":\"Tutta la collezione\",\"item\":\"https:\/\/voyagedelabaleine.fr\/it\/tutta-la-collezione\/\"},{\"@type\":\"ListItem\",\"position\":3,\"name\":\"Pigiama neonato bambino due pezzi con smock &#8211; Azzurro cielo\"}]},{\"@type\":\"WebSite\",\"@id\":\"https:\/\/voyagedelabaleine.fr\/it\/#website\",\"url\":\"https:\/\/voyagedelabaleine.fr\/it\/\",\"name\":\"Voyage de la Baleine\",\"description\":\"V\u00eatements intemporels et raffin\u00e9s pour b\u00e9b\u00e9s et enfants\",\"publisher\":{\"@id\":\"https:\/\/voyagedelabaleine.fr\/it\/#organization\"},\"potentialAction\":[{\"@type\":\"SearchAction\",\"target\":{\"@type\":\"EntryPoint\",\"urlTemplate\":\"https:\/\/voyagedelabaleine.fr\/it\/?s={search_term_string}\"},\"query-input\":{\"@type\":\"PropertyValueSpecification\",\"valueRequired\":true,\"valueName\":\"search_term_string\"}}],\"inLanguage\":\"it-IT\"},{\"@type\":\"Organization\",\"@id\":\"https:\/\/voyagedelabaleine.fr\/it\/#organization\",\"name\":\"Voyage de la Baleine\",\"url\":\"https:\/\/voyagedelabaleine.fr\/it\/\",\"logo\":{\"@type\":\"ImageObject\",\"inLanguage\":\"it-IT\",\"@id\":\"https:\/\/voyagedelabaleine.fr\/it\/#\/schema\/logo\/image\/\",\"url\":\"https:\/\/voyagedelabaleine.fr\/wp-content\/uploads\/2025\/06\/logo.webp\",\"contentUrl\":\"https:\/\/voyagedelabaleine.fr\/wp-content\/uploads\/2025\/06\/logo.webp\",\"width\":153,\"height\":64,\"caption\":\"Voyage de la Baleine\"},\"image\":{\"@id\":\"https:\/\/voyagedelabaleine.fr\/it\/#\/schema\/logo\/image\/\"},\"sameAs\":[\"https:\/\/www.facebook.com\/voyagedelabaleine\/\",\"https:\/\/www.instagram.com\/voyagedelabaleine\/\",\"https:\/\/www.pinterest.fr\/Voyagedelabaleine\/\"]}]}<\/script>\n<!-- \/ Yoast SEO plugin. -->","yoast_head_json":{"title":"Pigiama neonato azzurro due pezzi con smock e colletto a camicia","description":"Un pigiama due pezzi azzurro cielo con colletto a camicia e smock che delizier\u00e0 sia le bambine che i bambini. Prodotto in Spagna.","robots":{"index":"index","follow":"follow","max-snippet":"max-snippet:-1","max-image-preview":"max-image-preview:large","max-video-preview":"max-video-preview:-1"},"canonical":"https:\/\/voyagedelabaleine.fr\/it\/prodotto\/pigiama-neonato-bambino-due-pezzi-con-smock-azzurro-cielo\/","og_locale":"it_IT","og_type":"article","og_title":"Pigiama neonato azzurro due pezzi con smock e colletto a camicia","og_description":"Un pigiama due pezzi azzurro cielo con colletto a camicia e smock che delizier\u00e0 sia le bambine che i bambini. Prodotto in Spagna.","og_url":"https:\/\/voyagedelabaleine.fr\/it\/prodotto\/pigiama-neonato-bambino-due-pezzi-con-smock-azzurro-cielo\/","og_site_name":"Voyage de la Baleine","article_publisher":"https:\/\/www.facebook.com\/voyagedelabaleine\/","article_modified_time":"2026-01-15T08:10:20+00:00","og_image":[{"width":860,"height":1150,"url":"https:\/\/voyagedelabaleine.fr\/wp-content\/uploads\/2023\/10\/pyjama-bebe-2-pieces-bleu-smocks-1-2.jpg","type":"image\/jpeg"}],"twitter_card":"summary_large_image","twitter_misc":{"Tempo di lettura stimato":"2 minuto"},"schema":{"@context":"https:\/\/schema.org","@graph":[{"@type":"WebPage","@id":"https:\/\/voyagedelabaleine.fr\/it\/prodotto\/pigiama-neonato-bambino-due-pezzi-con-smock-azzurro-cielo\/","url":"https:\/\/voyagedelabaleine.fr\/it\/prodotto\/pigiama-neonato-bambino-due-pezzi-con-smock-azzurro-cielo\/","name":"Pigiama neonato azzurro due pezzi con smock e colletto a camicia","isPartOf":{"@id":"https:\/\/voyagedelabaleine.fr\/it\/#website"},"primaryImageOfPage":{"@id":"https:\/\/voyagedelabaleine.fr\/it\/prodotto\/pigiama-neonato-bambino-due-pezzi-con-smock-azzurro-cielo\/#primaryimage"},"image":{"@id":"https:\/\/voyagedelabaleine.fr\/it\/prodotto\/pigiama-neonato-bambino-due-pezzi-con-smock-azzurro-cielo\/#primaryimage"},"thumbnailUrl":"https:\/\/voyagedelabaleine.fr\/wp-content\/uploads\/2023\/10\/pyjama-bebe-2-pieces-bleu-smocks-1-2.jpg","datePublished":"2023-10-05T19:59:09+00:00","dateModified":"2026-01-15T08:10:20+00:00","description":"Un pigiama due pezzi azzurro cielo con colletto a camicia e smock che delizier\u00e0 sia le bambine che i bambini. Prodotto in Spagna.","breadcrumb":{"@id":"https:\/\/voyagedelabaleine.fr\/it\/prodotto\/pigiama-neonato-bambino-due-pezzi-con-smock-azzurro-cielo\/#breadcrumb"},"inLanguage":"it-IT","potentialAction":[{"@type":"ReadAction","target":["https:\/\/voyagedelabaleine.fr\/it\/prodotto\/pigiama-neonato-bambino-due-pezzi-con-smock-azzurro-cielo\/"]}]},{"@type":"ImageObject","inLanguage":"it-IT","@id":"https:\/\/voyagedelabaleine.fr\/it\/prodotto\/pigiama-neonato-bambino-due-pezzi-con-smock-azzurro-cielo\/#primaryimage","url":"https:\/\/voyagedelabaleine.fr\/wp-content\/uploads\/2023\/10\/pyjama-bebe-2-pieces-bleu-smocks-1-2.jpg","contentUrl":"https:\/\/voyagedelabaleine.fr\/wp-content\/uploads\/2023\/10\/pyjama-bebe-2-pieces-bleu-smocks-1-2.jpg","width":860,"height":1150,"caption":"Pyjama b\u00e9b\u00e9 gar\u00e7on deux pi\u00e8ces \u00e0 smocks et col chemise"},{"@type":"BreadcrumbList","@id":"https:\/\/voyagedelabaleine.fr\/it\/prodotto\/pigiama-neonato-bambino-due-pezzi-con-smock-azzurro-cielo\/#breadcrumb","itemListElement":[{"@type":"ListItem","position":1,"name":"Accueil","item":"https:\/\/voyagedelabaleine.fr\/it\/homepage\/"},{"@type":"ListItem","position":2,"name":"Tutta la collezione","item":"https:\/\/voyagedelabaleine.fr\/it\/tutta-la-collezione\/"},{"@type":"ListItem","position":3,"name":"Pigiama neonato bambino due pezzi con smock &#8211; Azzurro cielo"}]},{"@type":"WebSite","@id":"https:\/\/voyagedelabaleine.fr\/it\/#website","url":"https:\/\/voyagedelabaleine.fr\/it\/","name":"Voyage de la Baleine","description":"V\u00eatements intemporels et raffin\u00e9s pour b\u00e9b\u00e9s et enfants","publisher":{"@id":"https:\/\/voyagedelabaleine.fr\/it\/#organization"},"potentialAction":[{"@type":"SearchAction","target":{"@type":"EntryPoint","urlTemplate":"https:\/\/voyagedelabaleine.fr\/it\/?s={search_term_string}"},"query-input":{"@type":"PropertyValueSpecification","valueRequired":true,"valueName":"search_term_string"}}],"inLanguage":"it-IT"},{"@type":"Organization","@id":"https:\/\/voyagedelabaleine.fr\/it\/#organization","name":"Voyage de la Baleine","url":"https:\/\/voyagedelabaleine.fr\/it\/","logo":{"@type":"ImageObject","inLanguage":"it-IT","@id":"https:\/\/voyagedelabaleine.fr\/it\/#\/schema\/logo\/image\/","url":"https:\/\/voyagedelabaleine.fr\/wp-content\/uploads\/2025\/06\/logo.webp","contentUrl":"https:\/\/voyagedelabaleine.fr\/wp-content\/uploads\/2025\/06\/logo.webp","width":153,"height":64,"caption":"Voyage de la Baleine"},"image":{"@id":"https:\/\/voyagedelabaleine.fr\/it\/#\/schema\/logo\/image\/"},"sameAs":["https:\/\/www.facebook.com\/voyagedelabaleine\/","https:\/\/www.instagram.com\/voyagedelabaleine\/","https:\/\/www.pinterest.fr\/Voyagedelabaleine\/"]}]}},"_links":{"self":[{"href":"https:\/\/voyagedelabaleine.fr\/it\/wp-json\/wp\/v2\/product\/33296","targetHints":{"allow":["GET"]}}],"collection":[{"href":"https:\/\/voyagedelabaleine.fr\/it\/wp-json\/wp\/v2\/product"}],"about":[{"href":"https:\/\/voyagedelabaleine.fr\/it\/wp-json\/wp\/v2\/types\/product"}],"replies":[{"embeddable":true,"href":"https:\/\/voyagedelabaleine.fr\/it\/wp-json\/wp\/v2\/comments?post=33296"}],"wp:featuredmedia":[{"embeddable":true,"href":"https:\/\/voyagedelabaleine.fr\/it\/wp-json\/wp\/v2\/media\/12076"}],"wp:attachment":[{"href":"https:\/\/voyagedelabaleine.fr\/it\/wp-json\/wp\/v2\/media?parent=33296"}],"wp:term":[{"taxonomy":"product_brand","embeddable":true,"href":"https:\/\/voyagedelabaleine.fr\/it\/wp-json\/wp\/v2\/product_brand?post=33296"},{"taxonomy":"product_cat","embeddable":true,"href":"https:\/\/voyagedelabaleine.fr\/it\/wp-json\/wp\/v2\/product_cat?post=33296"},{"taxonomy":"product_tag","embeddable":true,"href":"https:\/\/voyagedelabaleine.fr\/it\/wp-json\/wp\/v2\/product_tag?post=33296"}],"curies":[{"name":"wp","href":"https:\/\/api.w.org\/{rel}","templated":true}]}}