{"id":33305,"date":"2023-10-05T22:40:19","date_gmt":"2023-10-05T20:40:19","guid":{"rendered":"https:\/\/voyagedelabaleine.fr\/product\/body-neonato-con-colletto-a-camicia-bianco\/"},"modified":"2023-10-05T22:40:19","modified_gmt":"2023-10-05T20:40:19","slug":"body-neonato-con-colletto-a-camicia-bianco","status":"publish","type":"product","link":"https:\/\/voyagedelabaleine.fr\/it\/prodotto\/body-neonato-con-colletto-a-camicia-bianco\/","title":{"rendered":"Body neonato con colletto a camicia &#8211; Bianco"},"content":{"rendered":"<p>Immergiti nella raffinatezza con questo <strong>body neonato classico e intramontabile<\/strong>, un capo essenziale che unisce <strong>eleganza<\/strong> e <strong>comfort<\/strong>. Dotato di maniche lunghe di un <strong>bianco brillante<\/strong> e di un <strong>colletto a camicia<\/strong> delicatamente rifinito, questo body classico incarna lo <strong>stile elegante<\/strong> e il <strong>comfort ottimale<\/strong>. Perfetto per vestire il tuo bambino, \u00e8 pensato per essere indossato nei momenti pi\u00f9 speciali della sua vita, garantendo al contempo totale libert\u00e0 di movimento per i suoi momenti di gioco.  <\/p>\n<p>Il <strong>colletto a camicia<\/strong> di questo body aggiunge un tocco di distinzione, conferendo un&#8217;estetica affascinante a questo capo versatile. Questo body \u00e8 <strong>ideale per tutte le occasioni<\/strong>, sia per eventi formali che per giornate pi\u00f9 casual. Il suo taglio classico e le finiture impeccabili lo rendono un <strong>capo irrinunciabile<\/strong> da avere assolutamente nel guardaroba del neonato. Infatti, si tratta del <strong>body davvero classico<\/strong> che tutti i genitori dovrebbero possedere in pi\u00f9 esemplari, per essere sicuri di avere un capo <strong>elegante<\/strong> e <strong>pratico<\/strong> a portata di mano in ogni momento.   <\/p>\n<p>Fabbricato in <strong>Spagna<\/strong>, questo body \u00e8 una <strong>scelta privilegiata<\/strong> per i genitori che cercano un capo di alta qualit\u00e0. Ogni dettaglio \u00e8 stato attentamente studiato per offrire al tuo bambino il meglio del <strong>made in Spain<\/strong>, garantendo una <strong>durata eccezionale<\/strong> e un <strong>comfort duraturo<\/strong>. Diventer\u00e0 senza dubbio un <strong>capo essenziale<\/strong> del guardaroba del tuo bambino, portando raffinatezza e praticit\u00e0 in ogni occasione.  <\/p>\n<p><em> Ordina questo body neonato classico e offri al tuo tesoro un outfit sofisticato, adatto a tutte le situazioni della sua vita in crescita.<\/em><\/p>\n<p>Prodotto in Spagna.<\/p>\n","protected":false},"excerpt":{"rendered":"<ul>\n<li>Maniche lunghe<\/li>\n<li>Colletto a camicia<\/li>\n<li>Chiusura con bottoni a pressione sul retro<\/li>\n<li>Bottoni a pressione all&#8217;inguine<\/li>\n<li>100% cotone<\/li>\n<li>Fabbricato in Spagna<br \/>\n<em>Questo body veste normalmente. Scegli la tua taglia abituale.<\/em><\/li>\n<\/ul>\n","protected":false},"featured_media":16542,"comment_status":"open","ping_status":"closed","template":"","meta":{"ocean_post_layout":"","ocean_both_sidebars_style":"","ocean_both_sidebars_content_width":0,"ocean_both_sidebars_sidebars_width":0,"ocean_sidebar":"0","ocean_second_sidebar":"0","ocean_disable_margins":"enable","ocean_add_body_class":"","ocean_shortcode_before_top_bar":"","ocean_shortcode_after_top_bar":"","ocean_shortcode_before_header":"","ocean_shortcode_after_header":"","ocean_has_shortcode":"","ocean_shortcode_after_title":"","ocean_shortcode_before_footer_widgets":"","ocean_shortcode_after_footer_widgets":"","ocean_shortcode_before_footer_bottom":"","ocean_shortcode_after_footer_bottom":"","ocean_display_top_bar":"default","ocean_display_header":"default","ocean_header_style":"","ocean_center_header_left_menu":"0","ocean_custom_header_template":"0","ocean_custom_logo":0,"ocean_custom_retina_logo":0,"ocean_custom_logo_max_width":0,"ocean_custom_logo_tablet_max_width":0,"ocean_custom_logo_mobile_max_width":0,"ocean_custom_logo_max_height":0,"ocean_custom_logo_tablet_max_height":0,"ocean_custom_logo_mobile_max_height":0,"ocean_header_custom_menu":"0","ocean_menu_typo_font_family":"0","ocean_menu_typo_font_subset":"","ocean_menu_typo_font_size":0,"ocean_menu_typo_font_size_tablet":0,"ocean_menu_typo_font_size_mobile":0,"ocean_menu_typo_font_size_unit":"px","ocean_menu_typo_font_weight":"","ocean_menu_typo_font_weight_tablet":"","ocean_menu_typo_font_weight_mobile":"","ocean_menu_typo_transform":"","ocean_menu_typo_transform_tablet":"","ocean_menu_typo_transform_mobile":"","ocean_menu_typo_line_height":0,"ocean_menu_typo_line_height_tablet":0,"ocean_menu_typo_line_height_mobile":0,"ocean_menu_typo_line_height_unit":"","ocean_menu_typo_spacing":0,"ocean_menu_typo_spacing_tablet":0,"ocean_menu_typo_spacing_mobile":0,"ocean_menu_typo_spacing_unit":"","ocean_menu_link_color":"","ocean_menu_link_color_hover":"","ocean_menu_link_color_active":"","ocean_menu_link_background":"","ocean_menu_link_hover_background":"","ocean_menu_link_active_background":"","ocean_menu_social_links_bg":"","ocean_menu_social_hover_links_bg":"","ocean_menu_social_links_color":"","ocean_menu_social_hover_links_color":"","ocean_disable_title":"default","ocean_disable_heading":"default","ocean_post_title":"","ocean_post_subheading":"","ocean_post_title_style":"","ocean_post_title_background_color":"","ocean_post_title_background":0,"ocean_post_title_bg_image_position":"","ocean_post_title_bg_image_attachment":"","ocean_post_title_bg_image_repeat":"","ocean_post_title_bg_image_size":"","ocean_post_title_height":0,"ocean_post_title_bg_overlay":0.5,"ocean_post_title_bg_overlay_color":"","ocean_disable_breadcrumbs":"default","ocean_breadcrumbs_color":"","ocean_breadcrumbs_separator_color":"","ocean_breadcrumbs_links_color":"","ocean_breadcrumbs_links_hover_color":"","ocean_display_footer_widgets":"default","ocean_display_footer_bottom":"default","ocean_custom_footer_template":"0","osh_disable_topbar_sticky":"default","osh_disable_header_sticky":"default","osh_sticky_header_style":"default","osh_sticky_header_effect":"","osh_custom_sticky_logo":0,"osh_custom_retina_sticky_logo":0,"osh_custom_sticky_logo_height":0,"osh_background_color":"","osh_links_color":"","osh_links_hover_color":"","osh_links_active_color":"","osh_links_bg_color":"","osh_links_hover_bg_color":"","osh_links_active_bg_color":"","osh_menu_social_links_color":"","osh_menu_social_hover_links_color":""},"product_brand":[],"product_cat":[6806,6960,6998,6812,6850],"product_tag":[],"class_list":{"0":"post-33305","1":"product","2":"type-product","3":"status-publish","4":"has-post-thumbnail","6":"product_cat-body","7":"product_cat-body-nascita","8":"product_cat-body-nascita-ragazzo","9":"product_cat-body-neonati","10":"product_cat-body-neonato","12":"entry","13":"has-media","15":"first","16":"instock","17":"taxable","18":"shipping-taxable","19":"purchasable","20":"product-type-variable","21":"has-default-attributes","22":"col","23":"span_1_of_3","24":"owp-content-center","25":"owp-thumbs-layout-vertical","26":"owp-btn-big","27":"owp-tabs-layout-vertical","28":"circle-sale"},"yoast_head":"<!-- This site is optimized with the Yoast SEO plugin v27.1.1 - https:\/\/yoast.com\/product\/yoast-seo-wordpress\/ -->\n<title>Classico body neonato in cotone bianco con colletto a camicia<\/title>\n<meta name=\"description\" content=\"Un body neonato classico, intramontabile, elegante e confortevole, perfetto per il tuo bambino. Un capo irrinunciabile, fabbricato in Spagna.\" \/>\n<meta name=\"robots\" content=\"index, follow, max-snippet:-1, max-image-preview:large, max-video-preview:-1\" \/>\n<link rel=\"canonical\" href=\"https:\/\/voyagedelabaleine.fr\/it\/prodotto\/body-neonato-con-colletto-a-camicia-bianco\/\" \/>\n<meta property=\"og:locale\" content=\"it_IT\" \/>\n<meta property=\"og:type\" content=\"article\" \/>\n<meta property=\"og:title\" content=\"Classico body neonato in cotone bianco con colletto a camicia\" \/>\n<meta property=\"og:description\" content=\"Un body neonato classico, intramontabile, elegante e confortevole, perfetto per il tuo bambino. Un capo irrinunciabile, fabbricato in Spagna.\" \/>\n<meta property=\"og:url\" content=\"https:\/\/voyagedelabaleine.fr\/it\/prodotto\/body-neonato-con-colletto-a-camicia-bianco\/\" \/>\n<meta property=\"og:site_name\" content=\"Voyage de la Baleine\" \/>\n<meta property=\"article:publisher\" content=\"https:\/\/www.facebook.com\/voyagedelabaleine\/\" \/>\n<meta property=\"og:image\" content=\"https:\/\/voyagedelabaleine.fr\/wp-content\/uploads\/2023\/10\/body-chemise.jpg\" \/>\n\t<meta property=\"og:image:width\" content=\"977\" \/>\n\t<meta property=\"og:image:height\" content=\"1301\" \/>\n\t<meta property=\"og:image:type\" content=\"image\/jpeg\" \/>\n<meta name=\"twitter:card\" content=\"summary_large_image\" \/>\n<meta name=\"twitter:label1\" content=\"Tempo di lettura stimato\" \/>\n\t<meta name=\"twitter:data1\" content=\"1 minuto\" \/>\n<script type=\"application\/ld+json\" class=\"yoast-schema-graph\">{\"@context\":\"https:\/\/schema.org\",\"@graph\":[{\"@type\":\"WebPage\",\"@id\":\"https:\/\/voyagedelabaleine.fr\/it\/prodotto\/body-neonato-con-colletto-a-camicia-bianco\/\",\"url\":\"https:\/\/voyagedelabaleine.fr\/it\/prodotto\/body-neonato-con-colletto-a-camicia-bianco\/\",\"name\":\"Classico body neonato in cotone bianco con colletto a camicia\",\"isPartOf\":{\"@id\":\"https:\/\/voyagedelabaleine.fr\/it\/#website\"},\"primaryImageOfPage\":{\"@id\":\"https:\/\/voyagedelabaleine.fr\/it\/prodotto\/body-neonato-con-colletto-a-camicia-bianco\/#primaryimage\"},\"image\":{\"@id\":\"https:\/\/voyagedelabaleine.fr\/it\/prodotto\/body-neonato-con-colletto-a-camicia-bianco\/#primaryimage\"},\"thumbnailUrl\":\"https:\/\/voyagedelabaleine.fr\/wp-content\/uploads\/2023\/10\/body-chemise.jpg\",\"datePublished\":\"2023-10-05T20:40:19+00:00\",\"description\":\"Un body neonato classico, intramontabile, elegante e confortevole, perfetto per il tuo bambino. Un capo irrinunciabile, fabbricato in Spagna.\",\"breadcrumb\":{\"@id\":\"https:\/\/voyagedelabaleine.fr\/it\/prodotto\/body-neonato-con-colletto-a-camicia-bianco\/#breadcrumb\"},\"inLanguage\":\"it-IT\",\"potentialAction\":[{\"@type\":\"ReadAction\",\"target\":[\"https:\/\/voyagedelabaleine.fr\/it\/prodotto\/body-neonato-con-colletto-a-camicia-bianco\/\"]}]},{\"@type\":\"ImageObject\",\"inLanguage\":\"it-IT\",\"@id\":\"https:\/\/voyagedelabaleine.fr\/it\/prodotto\/body-neonato-con-colletto-a-camicia-bianco\/#primaryimage\",\"url\":\"https:\/\/voyagedelabaleine.fr\/wp-content\/uploads\/2023\/10\/body-chemise.jpg\",\"contentUrl\":\"https:\/\/voyagedelabaleine.fr\/wp-content\/uploads\/2023\/10\/body-chemise.jpg\",\"width\":977,\"height\":1301,\"caption\":\"Body b\u00e9b\u00e9 gar\u00e7on classique \u00e0 col chemise manches longues\"},{\"@type\":\"BreadcrumbList\",\"@id\":\"https:\/\/voyagedelabaleine.fr\/it\/prodotto\/body-neonato-con-colletto-a-camicia-bianco\/#breadcrumb\",\"itemListElement\":[{\"@type\":\"ListItem\",\"position\":1,\"name\":\"Accueil\",\"item\":\"https:\/\/voyagedelabaleine.fr\/it\/homepage\/\"},{\"@type\":\"ListItem\",\"position\":2,\"name\":\"Tutta la collezione\",\"item\":\"https:\/\/voyagedelabaleine.fr\/it\/tutta-la-collezione\/\"},{\"@type\":\"ListItem\",\"position\":3,\"name\":\"Body neonato con colletto a camicia &#8211; Bianco\"}]},{\"@type\":\"WebSite\",\"@id\":\"https:\/\/voyagedelabaleine.fr\/it\/#website\",\"url\":\"https:\/\/voyagedelabaleine.fr\/it\/\",\"name\":\"Voyage de la Baleine\",\"description\":\"V\u00eatements intemporels et raffin\u00e9s pour b\u00e9b\u00e9s et enfants\",\"publisher\":{\"@id\":\"https:\/\/voyagedelabaleine.fr\/it\/#organization\"},\"potentialAction\":[{\"@type\":\"SearchAction\",\"target\":{\"@type\":\"EntryPoint\",\"urlTemplate\":\"https:\/\/voyagedelabaleine.fr\/it\/?s={search_term_string}\"},\"query-input\":{\"@type\":\"PropertyValueSpecification\",\"valueRequired\":true,\"valueName\":\"search_term_string\"}}],\"inLanguage\":\"it-IT\"},{\"@type\":\"Organization\",\"@id\":\"https:\/\/voyagedelabaleine.fr\/it\/#organization\",\"name\":\"Voyage de la Baleine\",\"url\":\"https:\/\/voyagedelabaleine.fr\/it\/\",\"logo\":{\"@type\":\"ImageObject\",\"inLanguage\":\"it-IT\",\"@id\":\"https:\/\/voyagedelabaleine.fr\/it\/#\/schema\/logo\/image\/\",\"url\":\"https:\/\/voyagedelabaleine.fr\/wp-content\/uploads\/2025\/06\/logo.webp\",\"contentUrl\":\"https:\/\/voyagedelabaleine.fr\/wp-content\/uploads\/2025\/06\/logo.webp\",\"width\":153,\"height\":64,\"caption\":\"Voyage de la Baleine\"},\"image\":{\"@id\":\"https:\/\/voyagedelabaleine.fr\/it\/#\/schema\/logo\/image\/\"},\"sameAs\":[\"https:\/\/www.facebook.com\/voyagedelabaleine\/\",\"https:\/\/www.instagram.com\/voyagedelabaleine\/\",\"https:\/\/www.pinterest.fr\/Voyagedelabaleine\/\"]}]}<\/script>\n<!-- \/ Yoast SEO plugin. -->","yoast_head_json":{"title":"Classico body neonato in cotone bianco con colletto a camicia","description":"Un body neonato classico, intramontabile, elegante e confortevole, perfetto per il tuo bambino. Un capo irrinunciabile, fabbricato in Spagna.","robots":{"index":"index","follow":"follow","max-snippet":"max-snippet:-1","max-image-preview":"max-image-preview:large","max-video-preview":"max-video-preview:-1"},"canonical":"https:\/\/voyagedelabaleine.fr\/it\/prodotto\/body-neonato-con-colletto-a-camicia-bianco\/","og_locale":"it_IT","og_type":"article","og_title":"Classico body neonato in cotone bianco con colletto a camicia","og_description":"Un body neonato classico, intramontabile, elegante e confortevole, perfetto per il tuo bambino. Un capo irrinunciabile, fabbricato in Spagna.","og_url":"https:\/\/voyagedelabaleine.fr\/it\/prodotto\/body-neonato-con-colletto-a-camicia-bianco\/","og_site_name":"Voyage de la Baleine","article_publisher":"https:\/\/www.facebook.com\/voyagedelabaleine\/","og_image":[{"width":977,"height":1301,"url":"https:\/\/voyagedelabaleine.fr\/wp-content\/uploads\/2023\/10\/body-chemise.jpg","type":"image\/jpeg"}],"twitter_card":"summary_large_image","twitter_misc":{"Tempo di lettura stimato":"1 minuto"},"schema":{"@context":"https:\/\/schema.org","@graph":[{"@type":"WebPage","@id":"https:\/\/voyagedelabaleine.fr\/it\/prodotto\/body-neonato-con-colletto-a-camicia-bianco\/","url":"https:\/\/voyagedelabaleine.fr\/it\/prodotto\/body-neonato-con-colletto-a-camicia-bianco\/","name":"Classico body neonato in cotone bianco con colletto a camicia","isPartOf":{"@id":"https:\/\/voyagedelabaleine.fr\/it\/#website"},"primaryImageOfPage":{"@id":"https:\/\/voyagedelabaleine.fr\/it\/prodotto\/body-neonato-con-colletto-a-camicia-bianco\/#primaryimage"},"image":{"@id":"https:\/\/voyagedelabaleine.fr\/it\/prodotto\/body-neonato-con-colletto-a-camicia-bianco\/#primaryimage"},"thumbnailUrl":"https:\/\/voyagedelabaleine.fr\/wp-content\/uploads\/2023\/10\/body-chemise.jpg","datePublished":"2023-10-05T20:40:19+00:00","description":"Un body neonato classico, intramontabile, elegante e confortevole, perfetto per il tuo bambino. Un capo irrinunciabile, fabbricato in Spagna.","breadcrumb":{"@id":"https:\/\/voyagedelabaleine.fr\/it\/prodotto\/body-neonato-con-colletto-a-camicia-bianco\/#breadcrumb"},"inLanguage":"it-IT","potentialAction":[{"@type":"ReadAction","target":["https:\/\/voyagedelabaleine.fr\/it\/prodotto\/body-neonato-con-colletto-a-camicia-bianco\/"]}]},{"@type":"ImageObject","inLanguage":"it-IT","@id":"https:\/\/voyagedelabaleine.fr\/it\/prodotto\/body-neonato-con-colletto-a-camicia-bianco\/#primaryimage","url":"https:\/\/voyagedelabaleine.fr\/wp-content\/uploads\/2023\/10\/body-chemise.jpg","contentUrl":"https:\/\/voyagedelabaleine.fr\/wp-content\/uploads\/2023\/10\/body-chemise.jpg","width":977,"height":1301,"caption":"Body b\u00e9b\u00e9 gar\u00e7on classique \u00e0 col chemise manches longues"},{"@type":"BreadcrumbList","@id":"https:\/\/voyagedelabaleine.fr\/it\/prodotto\/body-neonato-con-colletto-a-camicia-bianco\/#breadcrumb","itemListElement":[{"@type":"ListItem","position":1,"name":"Accueil","item":"https:\/\/voyagedelabaleine.fr\/it\/homepage\/"},{"@type":"ListItem","position":2,"name":"Tutta la collezione","item":"https:\/\/voyagedelabaleine.fr\/it\/tutta-la-collezione\/"},{"@type":"ListItem","position":3,"name":"Body neonato con colletto a camicia &#8211; Bianco"}]},{"@type":"WebSite","@id":"https:\/\/voyagedelabaleine.fr\/it\/#website","url":"https:\/\/voyagedelabaleine.fr\/it\/","name":"Voyage de la Baleine","description":"V\u00eatements intemporels et raffin\u00e9s pour b\u00e9b\u00e9s et enfants","publisher":{"@id":"https:\/\/voyagedelabaleine.fr\/it\/#organization"},"potentialAction":[{"@type":"SearchAction","target":{"@type":"EntryPoint","urlTemplate":"https:\/\/voyagedelabaleine.fr\/it\/?s={search_term_string}"},"query-input":{"@type":"PropertyValueSpecification","valueRequired":true,"valueName":"search_term_string"}}],"inLanguage":"it-IT"},{"@type":"Organization","@id":"https:\/\/voyagedelabaleine.fr\/it\/#organization","name":"Voyage de la Baleine","url":"https:\/\/voyagedelabaleine.fr\/it\/","logo":{"@type":"ImageObject","inLanguage":"it-IT","@id":"https:\/\/voyagedelabaleine.fr\/it\/#\/schema\/logo\/image\/","url":"https:\/\/voyagedelabaleine.fr\/wp-content\/uploads\/2025\/06\/logo.webp","contentUrl":"https:\/\/voyagedelabaleine.fr\/wp-content\/uploads\/2025\/06\/logo.webp","width":153,"height":64,"caption":"Voyage de la Baleine"},"image":{"@id":"https:\/\/voyagedelabaleine.fr\/it\/#\/schema\/logo\/image\/"},"sameAs":["https:\/\/www.facebook.com\/voyagedelabaleine\/","https:\/\/www.instagram.com\/voyagedelabaleine\/","https:\/\/www.pinterest.fr\/Voyagedelabaleine\/"]}]}},"_links":{"self":[{"href":"https:\/\/voyagedelabaleine.fr\/it\/wp-json\/wp\/v2\/product\/33305","targetHints":{"allow":["GET"]}}],"collection":[{"href":"https:\/\/voyagedelabaleine.fr\/it\/wp-json\/wp\/v2\/product"}],"about":[{"href":"https:\/\/voyagedelabaleine.fr\/it\/wp-json\/wp\/v2\/types\/product"}],"replies":[{"embeddable":true,"href":"https:\/\/voyagedelabaleine.fr\/it\/wp-json\/wp\/v2\/comments?post=33305"}],"wp:featuredmedia":[{"embeddable":true,"href":"https:\/\/voyagedelabaleine.fr\/it\/wp-json\/wp\/v2\/media\/16542"}],"wp:attachment":[{"href":"https:\/\/voyagedelabaleine.fr\/it\/wp-json\/wp\/v2\/media?parent=33305"}],"wp:term":[{"taxonomy":"product_brand","embeddable":true,"href":"https:\/\/voyagedelabaleine.fr\/it\/wp-json\/wp\/v2\/product_brand?post=33305"},{"taxonomy":"product_cat","embeddable":true,"href":"https:\/\/voyagedelabaleine.fr\/it\/wp-json\/wp\/v2\/product_cat?post=33305"},{"taxonomy":"product_tag","embeddable":true,"href":"https:\/\/voyagedelabaleine.fr\/it\/wp-json\/wp\/v2\/product_tag?post=33305"}],"curies":[{"name":"wp","href":"https:\/\/api.w.org\/{rel}","templated":true}]}}