{"id":33563,"date":"2023-10-06T10:58:27","date_gmt":"2023-10-06T08:58:27","guid":{"rendered":"https:\/\/voyagedelabaleine.fr\/product\/calzini-neonato-alti-con-pompon-in-caldo-cotone-verde\/"},"modified":"2026-01-15T09:11:01","modified_gmt":"2026-01-15T08:11:01","slug":"calzini-neonato-alti-con-pompon-in-caldo-cotone-verde","status":"publish","type":"product","link":"https:\/\/voyagedelabaleine.fr\/it\/prodotto\/calzini-neonato-alti-con-pompon-in-caldo-cotone-verde\/","title":{"rendered":"Calzini neonato alti con pompon in caldo cotone &#8211; Verde"},"content":{"rendered":"<div class=\"product-information tvproduct-special-desc\">\n<div class=\"product-actions hiddenForm360\">\n<form id=\"add-to-cart-or-refresh\" action=\"https:\/\/www.topbaby.es\/en\/cart\" method=\"post\">\n<div class=\"product-additional-info\">\n<div class=\"logomanusupp\">\n<div class=\"hookTopMove\">\n<div class=\"product-information tvproduct-special-desc\">\n<div class=\"product-actions hiddenForm360\">\n<div class=\"product-additional-info\">\n<div class=\"logomanusupp\">\n<div class=\"product-information tvproduct-special-desc\">\n<div class=\"product-actions hiddenForm360\">\n<div class=\"product-additional-info\">\n<div class=\"logomanusupp\">\n<div class=\"hookTopMove\">\n<div class=\"flex flex-grow flex-col max-w-full\">\n<div class=\"min-h-[20px] text-message flex flex-col items-start whitespace-pre-wrap break-words [.text-message+&amp;]:mt-5 juice:w-full juice:items-end overflow-x-auto gap-2\" dir=\"auto\" data-message-author-role=\"assistant\" data-message-id=\"7e30a190-3073-47f6-ad9b-c0200c46d492\">\n<div class=\"flex w-full flex-col gap-1 juice:empty:hidden juice:first:pt-[3px]\">\n<div class=\"markdown prose w-full break-words dark:prose-invert light\">\n<p>Scopri il fascino e il comfort con i nostri <strong>calzini neonato verdi con pompon<\/strong>, perfetti per le stagioni autunno-inverno. Realizzati in <strong>caldo cotone<\/strong>, offrono un calore morbido e piacevole pur essendo delicati sulla pelle sensibile del tuo bambino. I <strong>pompon<\/strong> aggiungono un tocco giocoso ed elegante, rendendo questi calzini un accessorio unico e divertente. La loro <strong>lunghezza sotto il ginocchio<\/strong> garantisce una protezione extra contro il freddo, assicurando che il tuo piccolo rimanga ben al caldo per tutto il giorno.   <\/p>\n<p>Questi calzini sono incredibilmente <strong>versatili e unisex<\/strong>, ideali per essere indossati sia dai maschietti che dalle femminucce. Si abbinano perfettamente a un bloomer o a una <a href=\"https:\/\/voyagedelabaleine.fr\/it\/categorie-produit\/neonati\/abbigliamento-chic-neonati\/pagliaccetto-salopette-neonati\/\">tutina<\/a>, aggiungendo un tocco di sofisticazione a ogni outfit. Il colore verde scuro \u00e8 allo stesso tempo elegante e facile da abbinare, rendendolo una scelta perfetta per diversi completi.  <\/p>\n<p>Non solo questi calzini sono pieni di stile, ma sono anche pratici. Il loro materiale in caldo cotone \u00e8 resistente e facile da curare, mantenendo la loro forma e la loro <strong>morbidezza<\/strong> anche dopo numerosi lavaggi. Sono ideali per i momenti di gioco a casa, le uscite in famiglia o qualsiasi altra occasione speciale.  <\/p>\n<p>Offri al tuo bambino il meglio del comfort e dello stile con i nostri <strong>calzini verde scuro con pompon<\/strong>. Aggiungi un tocco di fantasia al suo guardaroba garantendo che rimanga ben al caldo. Questi calzini non sono solo un accessorio, ma una dichiarazione di stile giocosa ed elegante per il tuo bambino.  <\/p>\n<p><em>Scegli la qualit\u00e0 e l&#8217;originalit\u00e0 con i nostri calzini neonato verdi con pompon.<\/em><\/p>\n<\/div>\n<\/div>\n<\/div>\n<\/div>\n<p>Fabbricati in Spagna.<\/p>\n<\/div>\n<\/div>\n<\/div>\n<\/div>\n<\/div>\n<\/div>\n<\/div>\n<\/div>\n<\/div>\n<\/div>\n<\/div>\n<\/div>\n<\/form>\n<\/div>\n<\/div>\n","protected":false},"excerpt":{"rendered":"<ul>\n<li>Calzini alti a costine<\/li>\n<li>Calzini in caldo cotone<\/li>\n<li>Pompon decorativi<\/li>\n<li>Fabbricati in Spagna<\/li>\n<\/ul>\n","protected":false},"featured_media":11199,"comment_status":"open","ping_status":"closed","template":"","meta":{"ocean_post_layout":"","ocean_both_sidebars_style":"","ocean_both_sidebars_content_width":0,"ocean_both_sidebars_sidebars_width":0,"ocean_sidebar":"0","ocean_second_sidebar":"0","ocean_disable_margins":"enable","ocean_add_body_class":"","ocean_shortcode_before_top_bar":"","ocean_shortcode_after_top_bar":"","ocean_shortcode_before_header":"","ocean_shortcode_after_header":"","ocean_has_shortcode":"","ocean_shortcode_after_title":"","ocean_shortcode_before_footer_widgets":"","ocean_shortcode_after_footer_widgets":"","ocean_shortcode_before_footer_bottom":"","ocean_shortcode_after_footer_bottom":"","ocean_display_top_bar":"default","ocean_display_header":"default","ocean_header_style":"","ocean_center_header_left_menu":"0","ocean_custom_header_template":"0","ocean_custom_logo":0,"ocean_custom_retina_logo":0,"ocean_custom_logo_max_width":0,"ocean_custom_logo_tablet_max_width":0,"ocean_custom_logo_mobile_max_width":0,"ocean_custom_logo_max_height":0,"ocean_custom_logo_tablet_max_height":0,"ocean_custom_logo_mobile_max_height":0,"ocean_header_custom_menu":"0","ocean_menu_typo_font_family":"0","ocean_menu_typo_font_subset":"","ocean_menu_typo_font_size":0,"ocean_menu_typo_font_size_tablet":0,"ocean_menu_typo_font_size_mobile":0,"ocean_menu_typo_font_size_unit":"px","ocean_menu_typo_font_weight":"","ocean_menu_typo_font_weight_tablet":"","ocean_menu_typo_font_weight_mobile":"","ocean_menu_typo_transform":"","ocean_menu_typo_transform_tablet":"","ocean_menu_typo_transform_mobile":"","ocean_menu_typo_line_height":0,"ocean_menu_typo_line_height_tablet":0,"ocean_menu_typo_line_height_mobile":0,"ocean_menu_typo_line_height_unit":"","ocean_menu_typo_spacing":0,"ocean_menu_typo_spacing_tablet":0,"ocean_menu_typo_spacing_mobile":0,"ocean_menu_typo_spacing_unit":"","ocean_menu_link_color":"","ocean_menu_link_color_hover":"","ocean_menu_link_color_active":"","ocean_menu_link_background":"","ocean_menu_link_hover_background":"","ocean_menu_link_active_background":"","ocean_menu_social_links_bg":"","ocean_menu_social_hover_links_bg":"","ocean_menu_social_links_color":"","ocean_menu_social_hover_links_color":"","ocean_disable_title":"default","ocean_disable_heading":"default","ocean_post_title":"","ocean_post_subheading":"","ocean_post_title_style":"","ocean_post_title_background_color":"","ocean_post_title_background":0,"ocean_post_title_bg_image_position":"","ocean_post_title_bg_image_attachment":"","ocean_post_title_bg_image_repeat":"","ocean_post_title_bg_image_size":"","ocean_post_title_height":0,"ocean_post_title_bg_overlay":0.5,"ocean_post_title_bg_overlay_color":"","ocean_disable_breadcrumbs":"default","ocean_breadcrumbs_color":"","ocean_breadcrumbs_separator_color":"","ocean_breadcrumbs_links_color":"","ocean_breadcrumbs_links_hover_color":"","ocean_display_footer_widgets":"default","ocean_display_footer_bottom":"default","ocean_custom_footer_template":"0","osh_disable_topbar_sticky":"default","osh_disable_header_sticky":"default","osh_sticky_header_style":"default","osh_sticky_header_effect":"","osh_custom_sticky_logo":0,"osh_custom_retina_sticky_logo":0,"osh_custom_sticky_logo_height":0,"osh_background_color":"","osh_links_color":"","osh_links_hover_color":"","osh_links_active_color":"","osh_links_bg_color":"","osh_links_hover_bg_color":"","osh_links_active_bg_color":"","osh_menu_social_links_color":"","osh_menu_social_hover_links_color":""},"product_brand":[],"product_cat":[6888,6962,6978,7002,6902,6894,6918,6826,6852],"product_tag":[7161],"class_list":{"0":"post-33563","1":"product","2":"type-product","3":"status-publish","4":"has-post-thumbnail","6":"product_cat-calze-collant-neonati-bambini","7":"product_cat-calzini-collant-nascita","8":"product_cat-calzini-collant-nascita-ragazza","9":"product_cat-calzini-collant-nascita-ragazzo-2","10":"product_cat-calzini-collant-bambina","11":"product_cat-calzini-collant-bambini","12":"product_cat-calzini-collant-bambino","13":"product_cat-calzini-collant-neonata","14":"product_cat-calzini-collant-neonato","15":"product_tag-calzini","17":"entry","18":"has-media","20":"first","21":"instock","22":"taxable","23":"shipping-taxable","24":"purchasable","25":"product-type-variable","26":"has-default-attributes","27":"has-rating","28":"col","29":"span_1_of_3","30":"owp-content-center","31":"owp-thumbs-layout-vertical","32":"owp-btn-big","33":"owp-tabs-layout-vertical","34":"circle-sale"},"yoast_head":"<!-- This site is optimized with the Yoast SEO plugin v27.1.1 - https:\/\/yoast.com\/product\/yoast-seo-wordpress\/ -->\n<title>Calzini neonato verdi con pompon - Viaggio della Balena<\/title>\n<meta name=\"description\" content=\"Calzini neonato verdi con pompon, sotto il ginocchio, con graziosi pompon abbinati. Comodi ed eleganti. Fabbricati in Spagna.\" \/>\n<meta name=\"robots\" content=\"index, follow, max-snippet:-1, max-image-preview:large, max-video-preview:-1\" \/>\n<link rel=\"canonical\" href=\"https:\/\/voyagedelabaleine.fr\/it\/prodotto\/calzini-neonato-alti-con-pompon-in-caldo-cotone-verde\/\" \/>\n<meta property=\"og:locale\" content=\"it_IT\" \/>\n<meta property=\"og:type\" content=\"article\" \/>\n<meta property=\"og:title\" content=\"Calzini neonato verdi con pompon - Viaggio della Balena\" \/>\n<meta property=\"og:description\" content=\"Calzini neonato verdi con pompon, sotto il ginocchio, con graziosi pompon abbinati. Comodi ed eleganti. Fabbricati in Spagna.\" \/>\n<meta property=\"og:url\" content=\"https:\/\/voyagedelabaleine.fr\/it\/prodotto\/calzini-neonato-alti-con-pompon-in-caldo-cotone-verde\/\" \/>\n<meta property=\"og:site_name\" content=\"Voyage de la Baleine\" \/>\n<meta property=\"article:publisher\" content=\"https:\/\/www.facebook.com\/voyagedelabaleine\/\" \/>\n<meta property=\"article:modified_time\" content=\"2026-01-15T08:11:01+00:00\" \/>\n<meta property=\"og:image\" content=\"https:\/\/voyagedelabaleine.fr\/wp-content\/uploads\/2024\/07\/chaussettes-bebe-vert-pompon-3.jpg\" \/>\n\t<meta property=\"og:image:width\" content=\"855\" \/>\n\t<meta property=\"og:image:height\" content=\"1140\" \/>\n\t<meta property=\"og:image:type\" content=\"image\/jpeg\" \/>\n<meta name=\"twitter:card\" content=\"summary_large_image\" \/>\n<meta name=\"twitter:label1\" content=\"Tempo di lettura stimato\" \/>\n\t<meta name=\"twitter:data1\" content=\"1 minuto\" \/>\n<script type=\"application\/ld+json\" class=\"yoast-schema-graph\">{\"@context\":\"https:\/\/schema.org\",\"@graph\":[{\"@type\":\"WebPage\",\"@id\":\"https:\/\/voyagedelabaleine.fr\/it\/prodotto\/calzini-neonato-alti-con-pompon-in-caldo-cotone-verde\/\",\"url\":\"https:\/\/voyagedelabaleine.fr\/it\/prodotto\/calzini-neonato-alti-con-pompon-in-caldo-cotone-verde\/\",\"name\":\"Calzini neonato verdi con pompon - Viaggio della Balena\",\"isPartOf\":{\"@id\":\"https:\/\/voyagedelabaleine.fr\/it\/#website\"},\"primaryImageOfPage\":{\"@id\":\"https:\/\/voyagedelabaleine.fr\/it\/prodotto\/calzini-neonato-alti-con-pompon-in-caldo-cotone-verde\/#primaryimage\"},\"image\":{\"@id\":\"https:\/\/voyagedelabaleine.fr\/it\/prodotto\/calzini-neonato-alti-con-pompon-in-caldo-cotone-verde\/#primaryimage\"},\"thumbnailUrl\":\"https:\/\/voyagedelabaleine.fr\/wp-content\/uploads\/2024\/07\/chaussettes-bebe-vert-pompon-3.jpg\",\"datePublished\":\"2023-10-06T08:58:27+00:00\",\"dateModified\":\"2026-01-15T08:11:01+00:00\",\"description\":\"Calzini neonato verdi con pompon, sotto il ginocchio, con graziosi pompon abbinati. Comodi ed eleganti. Fabbricati in Spagna.\",\"breadcrumb\":{\"@id\":\"https:\/\/voyagedelabaleine.fr\/it\/prodotto\/calzini-neonato-alti-con-pompon-in-caldo-cotone-verde\/#breadcrumb\"},\"inLanguage\":\"it-IT\",\"potentialAction\":[{\"@type\":\"ReadAction\",\"target\":[\"https:\/\/voyagedelabaleine.fr\/it\/prodotto\/calzini-neonato-alti-con-pompon-in-caldo-cotone-verde\/\"]}]},{\"@type\":\"ImageObject\",\"inLanguage\":\"it-IT\",\"@id\":\"https:\/\/voyagedelabaleine.fr\/it\/prodotto\/calzini-neonato-alti-con-pompon-in-caldo-cotone-verde\/#primaryimage\",\"url\":\"https:\/\/voyagedelabaleine.fr\/wp-content\/uploads\/2024\/07\/chaussettes-bebe-vert-pompon-3.jpg\",\"contentUrl\":\"https:\/\/voyagedelabaleine.fr\/wp-content\/uploads\/2024\/07\/chaussettes-bebe-vert-pompon-3.jpg\",\"width\":855,\"height\":1140,\"caption\":\"Chaussettes b\u00e9b\u00e9 vertes hautes \u00e0 pompons en coton chaud\"},{\"@type\":\"BreadcrumbList\",\"@id\":\"https:\/\/voyagedelabaleine.fr\/it\/prodotto\/calzini-neonato-alti-con-pompon-in-caldo-cotone-verde\/#breadcrumb\",\"itemListElement\":[{\"@type\":\"ListItem\",\"position\":1,\"name\":\"Accueil\",\"item\":\"https:\/\/voyagedelabaleine.fr\/it\/homepage\/\"},{\"@type\":\"ListItem\",\"position\":2,\"name\":\"Tutta la collezione\",\"item\":\"https:\/\/voyagedelabaleine.fr\/it\/tutta-la-collezione\/\"},{\"@type\":\"ListItem\",\"position\":3,\"name\":\"Calzini neonato alti con pompon in caldo cotone &#8211; Verde\"}]},{\"@type\":\"WebSite\",\"@id\":\"https:\/\/voyagedelabaleine.fr\/it\/#website\",\"url\":\"https:\/\/voyagedelabaleine.fr\/it\/\",\"name\":\"Voyage de la Baleine\",\"description\":\"V\u00eatements intemporels et raffin\u00e9s pour b\u00e9b\u00e9s et enfants\",\"publisher\":{\"@id\":\"https:\/\/voyagedelabaleine.fr\/it\/#organization\"},\"potentialAction\":[{\"@type\":\"SearchAction\",\"target\":{\"@type\":\"EntryPoint\",\"urlTemplate\":\"https:\/\/voyagedelabaleine.fr\/it\/?s={search_term_string}\"},\"query-input\":{\"@type\":\"PropertyValueSpecification\",\"valueRequired\":true,\"valueName\":\"search_term_string\"}}],\"inLanguage\":\"it-IT\"},{\"@type\":\"Organization\",\"@id\":\"https:\/\/voyagedelabaleine.fr\/it\/#organization\",\"name\":\"Voyage de la Baleine\",\"url\":\"https:\/\/voyagedelabaleine.fr\/it\/\",\"logo\":{\"@type\":\"ImageObject\",\"inLanguage\":\"it-IT\",\"@id\":\"https:\/\/voyagedelabaleine.fr\/it\/#\/schema\/logo\/image\/\",\"url\":\"https:\/\/voyagedelabaleine.fr\/wp-content\/uploads\/2025\/06\/logo.webp\",\"contentUrl\":\"https:\/\/voyagedelabaleine.fr\/wp-content\/uploads\/2025\/06\/logo.webp\",\"width\":153,\"height\":64,\"caption\":\"Voyage de la Baleine\"},\"image\":{\"@id\":\"https:\/\/voyagedelabaleine.fr\/it\/#\/schema\/logo\/image\/\"},\"sameAs\":[\"https:\/\/www.facebook.com\/voyagedelabaleine\/\",\"https:\/\/www.instagram.com\/voyagedelabaleine\/\",\"https:\/\/www.pinterest.fr\/Voyagedelabaleine\/\"]}]}<\/script>\n<!-- \/ Yoast SEO plugin. -->","yoast_head_json":{"title":"Calzini neonato verdi con pompon - Viaggio della Balena","description":"Calzini neonato verdi con pompon, sotto il ginocchio, con graziosi pompon abbinati. Comodi ed eleganti. Fabbricati in Spagna.","robots":{"index":"index","follow":"follow","max-snippet":"max-snippet:-1","max-image-preview":"max-image-preview:large","max-video-preview":"max-video-preview:-1"},"canonical":"https:\/\/voyagedelabaleine.fr\/it\/prodotto\/calzini-neonato-alti-con-pompon-in-caldo-cotone-verde\/","og_locale":"it_IT","og_type":"article","og_title":"Calzini neonato verdi con pompon - Viaggio della Balena","og_description":"Calzini neonato verdi con pompon, sotto il ginocchio, con graziosi pompon abbinati. Comodi ed eleganti. Fabbricati in Spagna.","og_url":"https:\/\/voyagedelabaleine.fr\/it\/prodotto\/calzini-neonato-alti-con-pompon-in-caldo-cotone-verde\/","og_site_name":"Voyage de la Baleine","article_publisher":"https:\/\/www.facebook.com\/voyagedelabaleine\/","article_modified_time":"2026-01-15T08:11:01+00:00","og_image":[{"width":855,"height":1140,"url":"https:\/\/voyagedelabaleine.fr\/wp-content\/uploads\/2024\/07\/chaussettes-bebe-vert-pompon-3.jpg","type":"image\/jpeg"}],"twitter_card":"summary_large_image","twitter_misc":{"Tempo di lettura stimato":"1 minuto"},"schema":{"@context":"https:\/\/schema.org","@graph":[{"@type":"WebPage","@id":"https:\/\/voyagedelabaleine.fr\/it\/prodotto\/calzini-neonato-alti-con-pompon-in-caldo-cotone-verde\/","url":"https:\/\/voyagedelabaleine.fr\/it\/prodotto\/calzini-neonato-alti-con-pompon-in-caldo-cotone-verde\/","name":"Calzini neonato verdi con pompon - Viaggio della Balena","isPartOf":{"@id":"https:\/\/voyagedelabaleine.fr\/it\/#website"},"primaryImageOfPage":{"@id":"https:\/\/voyagedelabaleine.fr\/it\/prodotto\/calzini-neonato-alti-con-pompon-in-caldo-cotone-verde\/#primaryimage"},"image":{"@id":"https:\/\/voyagedelabaleine.fr\/it\/prodotto\/calzini-neonato-alti-con-pompon-in-caldo-cotone-verde\/#primaryimage"},"thumbnailUrl":"https:\/\/voyagedelabaleine.fr\/wp-content\/uploads\/2024\/07\/chaussettes-bebe-vert-pompon-3.jpg","datePublished":"2023-10-06T08:58:27+00:00","dateModified":"2026-01-15T08:11:01+00:00","description":"Calzini neonato verdi con pompon, sotto il ginocchio, con graziosi pompon abbinati. Comodi ed eleganti. Fabbricati in Spagna.","breadcrumb":{"@id":"https:\/\/voyagedelabaleine.fr\/it\/prodotto\/calzini-neonato-alti-con-pompon-in-caldo-cotone-verde\/#breadcrumb"},"inLanguage":"it-IT","potentialAction":[{"@type":"ReadAction","target":["https:\/\/voyagedelabaleine.fr\/it\/prodotto\/calzini-neonato-alti-con-pompon-in-caldo-cotone-verde\/"]}]},{"@type":"ImageObject","inLanguage":"it-IT","@id":"https:\/\/voyagedelabaleine.fr\/it\/prodotto\/calzini-neonato-alti-con-pompon-in-caldo-cotone-verde\/#primaryimage","url":"https:\/\/voyagedelabaleine.fr\/wp-content\/uploads\/2024\/07\/chaussettes-bebe-vert-pompon-3.jpg","contentUrl":"https:\/\/voyagedelabaleine.fr\/wp-content\/uploads\/2024\/07\/chaussettes-bebe-vert-pompon-3.jpg","width":855,"height":1140,"caption":"Chaussettes b\u00e9b\u00e9 vertes hautes \u00e0 pompons en coton chaud"},{"@type":"BreadcrumbList","@id":"https:\/\/voyagedelabaleine.fr\/it\/prodotto\/calzini-neonato-alti-con-pompon-in-caldo-cotone-verde\/#breadcrumb","itemListElement":[{"@type":"ListItem","position":1,"name":"Accueil","item":"https:\/\/voyagedelabaleine.fr\/it\/homepage\/"},{"@type":"ListItem","position":2,"name":"Tutta la collezione","item":"https:\/\/voyagedelabaleine.fr\/it\/tutta-la-collezione\/"},{"@type":"ListItem","position":3,"name":"Calzini neonato alti con pompon in caldo cotone &#8211; Verde"}]},{"@type":"WebSite","@id":"https:\/\/voyagedelabaleine.fr\/it\/#website","url":"https:\/\/voyagedelabaleine.fr\/it\/","name":"Voyage de la Baleine","description":"V\u00eatements intemporels et raffin\u00e9s pour b\u00e9b\u00e9s et enfants","publisher":{"@id":"https:\/\/voyagedelabaleine.fr\/it\/#organization"},"potentialAction":[{"@type":"SearchAction","target":{"@type":"EntryPoint","urlTemplate":"https:\/\/voyagedelabaleine.fr\/it\/?s={search_term_string}"},"query-input":{"@type":"PropertyValueSpecification","valueRequired":true,"valueName":"search_term_string"}}],"inLanguage":"it-IT"},{"@type":"Organization","@id":"https:\/\/voyagedelabaleine.fr\/it\/#organization","name":"Voyage de la Baleine","url":"https:\/\/voyagedelabaleine.fr\/it\/","logo":{"@type":"ImageObject","inLanguage":"it-IT","@id":"https:\/\/voyagedelabaleine.fr\/it\/#\/schema\/logo\/image\/","url":"https:\/\/voyagedelabaleine.fr\/wp-content\/uploads\/2025\/06\/logo.webp","contentUrl":"https:\/\/voyagedelabaleine.fr\/wp-content\/uploads\/2025\/06\/logo.webp","width":153,"height":64,"caption":"Voyage de la Baleine"},"image":{"@id":"https:\/\/voyagedelabaleine.fr\/it\/#\/schema\/logo\/image\/"},"sameAs":["https:\/\/www.facebook.com\/voyagedelabaleine\/","https:\/\/www.instagram.com\/voyagedelabaleine\/","https:\/\/www.pinterest.fr\/Voyagedelabaleine\/"]}]}},"_links":{"self":[{"href":"https:\/\/voyagedelabaleine.fr\/it\/wp-json\/wp\/v2\/product\/33563","targetHints":{"allow":["GET"]}}],"collection":[{"href":"https:\/\/voyagedelabaleine.fr\/it\/wp-json\/wp\/v2\/product"}],"about":[{"href":"https:\/\/voyagedelabaleine.fr\/it\/wp-json\/wp\/v2\/types\/product"}],"replies":[{"embeddable":true,"href":"https:\/\/voyagedelabaleine.fr\/it\/wp-json\/wp\/v2\/comments?post=33563"}],"wp:featuredmedia":[{"embeddable":true,"href":"https:\/\/voyagedelabaleine.fr\/it\/wp-json\/wp\/v2\/media\/11199"}],"wp:attachment":[{"href":"https:\/\/voyagedelabaleine.fr\/it\/wp-json\/wp\/v2\/media?parent=33563"}],"wp:term":[{"taxonomy":"product_brand","embeddable":true,"href":"https:\/\/voyagedelabaleine.fr\/it\/wp-json\/wp\/v2\/product_brand?post=33563"},{"taxonomy":"product_cat","embeddable":true,"href":"https:\/\/voyagedelabaleine.fr\/it\/wp-json\/wp\/v2\/product_cat?post=33563"},{"taxonomy":"product_tag","embeddable":true,"href":"https:\/\/voyagedelabaleine.fr\/it\/wp-json\/wp\/v2\/product_tag?post=33563"}],"curies":[{"name":"wp","href":"https:\/\/api.w.org\/{rel}","templated":true}]}}