{"id":34346,"date":"2025-02-12T14:24:31","date_gmt":"2025-02-12T13:24:31","guid":{"rendered":"https:\/\/voyagedelabaleine.fr\/product\/bloomer-per-neonato-a-quadri-azzurro-cielo\/"},"modified":"2026-01-15T09:13:08","modified_gmt":"2026-01-15T08:13:08","slug":"bloomer-per-neonato-a-quadri-azzurro-cielo","status":"publish","type":"product","link":"https:\/\/voyagedelabaleine.fr\/it\/prodotto\/bloomer-per-neonato-a-quadri-azzurro-cielo\/","title":{"rendered":"Bloomer per neonato a quadri \u2013 Azzurro cielo"},"content":{"rendered":"<p>Aggiungi un tocco di freschezza ed eleganza all&#8217;outfit del tuo bambino con il nostro <strong>bloomer per neonato a quadri azzurro cielo<\/strong>. Questo modello intramontabile e affascinante \u00e8 perfetto per le giornate di sole, offrendo al tuo bambino un look chic e confortevole per tutta l&#8217;estate. Con il suo motivo a <strong>quadri azzurro cielo<\/strong>, questo bloomer aggiunge un tocco elegante e giocoso, ideale per le piccole uscite in famiglia o i momenti di gioco.  <\/p>\n<p>Realizzato in <strong>morbido cotone<\/strong>, questo bloomer garantisce al tuo bambino grande morbidezza e un comfort ottimale, pur essendo traspirante e leggero per le giornate pi\u00f9 calde. Il taglio classico, con <strong>dettagli curati<\/strong>, permette al tuo bambino di muoversi liberamente, donando al contempo un grazioso volume. Questo modello a quadri \u00e8 perfettamente adatto alle piccole avventure e ai momenti di relax a casa.  <\/p>\n<p>Il <strong>bloomer per neonato a quadri azzurro cielo<\/strong> si distingue per i suoi <strong>due bottoni decorativi<\/strong> sul davanti, aggiungendo un tocco di sottile raffinatezza. La <strong>vita elasticizzata<\/strong> permette una vestibilit\u00e0 perfetta, offrendo al tuo bambino la massima libert\u00e0 di movimento senza compromettere il comfort. Facile da indossare e da togliere, questo bloomer \u00e8 un capo pratico ed elegante per tutte le occasioni.  <\/p>\n<p>Si abbina perfettamente a una <strong>camicia<\/strong> o a una <strong>t-shirt<\/strong>, donando un tocco di stile casual per l&#8217;estate. Questo <strong>bloomer a quadri azzurro cielo<\/strong> \u00e8 un capo irrinunciabile nel guardaroba del tuo bambino, che combina eleganza, praticit\u00e0 e comfort. Ideale per un <strong>look primaverile<\/strong> o <strong>estivo<\/strong>, si adatta facilmente a tutte le occasioni, che sia per una giornata in spiaggia, un&#8217;uscita al parco o un evento pi\u00f9 formale.  <\/p>\n<p>Prodotto in Spagna.<\/p>\n","protected":false},"excerpt":{"rendered":"<ul>\n<li>Vita elasticizzata<\/li>\n<li>100% cotone<\/li>\n<li>Realizzato in Spagna<br \/>\n<em>Questo bloomer veste leggermente piccolo. Se sei indecisa tra due taglie, scegli la taglia superiore.<\/em><\/li>\n<\/ul>\n","protected":false},"featured_media":16414,"comment_status":"open","ping_status":"closed","template":"","meta":{"ocean_post_layout":"","ocean_both_sidebars_style":"","ocean_both_sidebars_content_width":0,"ocean_both_sidebars_sidebars_width":0,"ocean_sidebar":"0","ocean_second_sidebar":"0","ocean_disable_margins":"enable","ocean_add_body_class":"","ocean_shortcode_before_top_bar":"","ocean_shortcode_after_top_bar":"","ocean_shortcode_before_header":"","ocean_shortcode_after_header":"","ocean_has_shortcode":"","ocean_shortcode_after_title":"","ocean_shortcode_before_footer_widgets":"","ocean_shortcode_after_footer_widgets":"","ocean_shortcode_before_footer_bottom":"","ocean_shortcode_after_footer_bottom":"","ocean_display_top_bar":"default","ocean_display_header":"default","ocean_header_style":"","ocean_center_header_left_menu":"0","ocean_custom_header_template":"0","ocean_custom_logo":0,"ocean_custom_retina_logo":0,"ocean_custom_logo_max_width":0,"ocean_custom_logo_tablet_max_width":0,"ocean_custom_logo_mobile_max_width":0,"ocean_custom_logo_max_height":0,"ocean_custom_logo_tablet_max_height":0,"ocean_custom_logo_mobile_max_height":0,"ocean_header_custom_menu":"0","ocean_menu_typo_font_family":"0","ocean_menu_typo_font_subset":"","ocean_menu_typo_font_size":0,"ocean_menu_typo_font_size_tablet":0,"ocean_menu_typo_font_size_mobile":0,"ocean_menu_typo_font_size_unit":"px","ocean_menu_typo_font_weight":"","ocean_menu_typo_font_weight_tablet":"","ocean_menu_typo_font_weight_mobile":"","ocean_menu_typo_transform":"","ocean_menu_typo_transform_tablet":"","ocean_menu_typo_transform_mobile":"","ocean_menu_typo_line_height":0,"ocean_menu_typo_line_height_tablet":0,"ocean_menu_typo_line_height_mobile":0,"ocean_menu_typo_line_height_unit":"","ocean_menu_typo_spacing":0,"ocean_menu_typo_spacing_tablet":0,"ocean_menu_typo_spacing_mobile":0,"ocean_menu_typo_spacing_unit":"","ocean_menu_link_color":"","ocean_menu_link_color_hover":"","ocean_menu_link_color_active":"","ocean_menu_link_background":"","ocean_menu_link_hover_background":"","ocean_menu_link_active_background":"","ocean_menu_social_links_bg":"","ocean_menu_social_hover_links_bg":"","ocean_menu_social_links_color":"","ocean_menu_social_hover_links_color":"","ocean_disable_title":"default","ocean_disable_heading":"default","ocean_post_title":"","ocean_post_subheading":"","ocean_post_title_style":"","ocean_post_title_background_color":"","ocean_post_title_background":0,"ocean_post_title_bg_image_position":"","ocean_post_title_bg_image_attachment":"","ocean_post_title_bg_image_repeat":"","ocean_post_title_bg_image_size":"","ocean_post_title_height":0,"ocean_post_title_bg_overlay":0.5,"ocean_post_title_bg_overlay_color":"","ocean_disable_breadcrumbs":"default","ocean_breadcrumbs_color":"","ocean_breadcrumbs_separator_color":"","ocean_breadcrumbs_links_color":"","ocean_breadcrumbs_links_hover_color":"","ocean_display_footer_widgets":"default","ocean_display_footer_bottom":"default","ocean_custom_footer_template":"0","osh_disable_topbar_sticky":"default","osh_disable_header_sticky":"default","osh_sticky_header_style":"default","osh_sticky_header_effect":"","osh_custom_sticky_logo":0,"osh_custom_retina_sticky_logo":0,"osh_custom_sticky_logo_height":0,"osh_background_color":"","osh_links_color":"","osh_links_hover_color":"","osh_links_active_color":"","osh_links_bg_color":"","osh_links_hover_bg_color":"","osh_links_active_bg_color":"","osh_menu_social_links_color":"","osh_menu_social_hover_links_color":""},"product_brand":[],"product_cat":[7030,7014,6994,6874,6846,6954],"product_tag":[],"class_list":{"0":"post-34346","1":"product","2":"type-product","3":"status-publish","4":"has-post-thumbnail","6":"product_cat-abbigliamento","7":"product_cat-bloomer-short-pantaloni-nascita","8":"product_cat-bloomer-short-pantaloni-nascita-ragazzo","9":"product_cat-bloomer-short-pantaloni-neonati","10":"product_cat-bloomer-short-pantaloni-neonato","11":"product_cat-ultima-occasione","13":"entry","14":"has-media","16":"first","17":"instock","18":"taxable","19":"shipping-taxable","20":"purchasable","21":"product-type-variable","22":"has-default-attributes","23":"has-rating","24":"col","25":"span_1_of_3","26":"owp-content-center","27":"owp-thumbs-layout-vertical","28":"owp-btn-big","29":"owp-tabs-layout-vertical","30":"circle-sale"},"yoast_head":"<!-- This site is optimized with the Yoast SEO plugin v27.1.1 - https:\/\/yoast.com\/product\/yoast-seo-wordpress\/ -->\n<title>Bloomer per neonato a quadri azzurro cielo - Voyage de la Baleine<\/title>\n<meta name=\"description\" content=\"Aggiungi un tocco di freschezza ed eleganza all&#039;outfit del tuo bambino con il nostro bloomer per neonato a quadri azzurro cielo.\" \/>\n<meta name=\"robots\" content=\"index, follow, max-snippet:-1, max-image-preview:large, max-video-preview:-1\" \/>\n<link rel=\"canonical\" href=\"https:\/\/voyagedelabaleine.fr\/it\/prodotto\/bloomer-per-neonato-a-quadri-azzurro-cielo\/\" \/>\n<meta property=\"og:locale\" content=\"it_IT\" \/>\n<meta property=\"og:type\" content=\"article\" \/>\n<meta property=\"og:title\" content=\"Bloomer per neonato a quadri azzurro cielo - Voyage de la Baleine\" \/>\n<meta property=\"og:description\" content=\"Aggiungi un tocco di freschezza ed eleganza all&#039;outfit del tuo bambino con il nostro bloomer per neonato a quadri azzurro cielo.\" \/>\n<meta property=\"og:url\" content=\"https:\/\/voyagedelabaleine.fr\/it\/prodotto\/bloomer-per-neonato-a-quadri-azzurro-cielo\/\" \/>\n<meta property=\"og:site_name\" content=\"Voyage de la Baleine\" \/>\n<meta property=\"article:publisher\" content=\"https:\/\/www.facebook.com\/voyagedelabaleine\/\" \/>\n<meta property=\"article:modified_time\" content=\"2026-01-15T08:13:08+00:00\" \/>\n<meta property=\"og:image\" content=\"https:\/\/voyagedelabaleine.fr\/wp-content\/uploads\/2025\/01\/bloomer-bebe-carreaux-bleu-2.jpg\" \/>\n\t<meta property=\"og:image:width\" content=\"802\" \/>\n\t<meta property=\"og:image:height\" content=\"1069\" \/>\n\t<meta property=\"og:image:type\" content=\"image\/jpeg\" \/>\n<meta name=\"twitter:card\" content=\"summary_large_image\" \/>\n<meta name=\"twitter:label1\" content=\"Tempo di lettura stimato\" \/>\n\t<meta name=\"twitter:data1\" content=\"1 minuto\" \/>\n<script type=\"application\/ld+json\" class=\"yoast-schema-graph\">{\"@context\":\"https:\/\/schema.org\",\"@graph\":[{\"@type\":\"WebPage\",\"@id\":\"https:\/\/voyagedelabaleine.fr\/it\/prodotto\/bloomer-per-neonato-a-quadri-azzurro-cielo\/\",\"url\":\"https:\/\/voyagedelabaleine.fr\/it\/prodotto\/bloomer-per-neonato-a-quadri-azzurro-cielo\/\",\"name\":\"Bloomer per neonato a quadri azzurro cielo - Voyage de la Baleine\",\"isPartOf\":{\"@id\":\"https:\/\/voyagedelabaleine.fr\/it\/#website\"},\"primaryImageOfPage\":{\"@id\":\"https:\/\/voyagedelabaleine.fr\/it\/prodotto\/bloomer-per-neonato-a-quadri-azzurro-cielo\/#primaryimage\"},\"image\":{\"@id\":\"https:\/\/voyagedelabaleine.fr\/it\/prodotto\/bloomer-per-neonato-a-quadri-azzurro-cielo\/#primaryimage\"},\"thumbnailUrl\":\"https:\/\/voyagedelabaleine.fr\/wp-content\/uploads\/2025\/01\/bloomer-bebe-carreaux-bleu-2.jpg\",\"datePublished\":\"2025-02-12T13:24:31+00:00\",\"dateModified\":\"2026-01-15T08:13:08+00:00\",\"description\":\"Aggiungi un tocco di freschezza ed eleganza all'outfit del tuo bambino con il nostro bloomer per neonato a quadri azzurro cielo.\",\"breadcrumb\":{\"@id\":\"https:\/\/voyagedelabaleine.fr\/it\/prodotto\/bloomer-per-neonato-a-quadri-azzurro-cielo\/#breadcrumb\"},\"inLanguage\":\"it-IT\",\"potentialAction\":[{\"@type\":\"ReadAction\",\"target\":[\"https:\/\/voyagedelabaleine.fr\/it\/prodotto\/bloomer-per-neonato-a-quadri-azzurro-cielo\/\"]}]},{\"@type\":\"ImageObject\",\"inLanguage\":\"it-IT\",\"@id\":\"https:\/\/voyagedelabaleine.fr\/it\/prodotto\/bloomer-per-neonato-a-quadri-azzurro-cielo\/#primaryimage\",\"url\":\"https:\/\/voyagedelabaleine.fr\/wp-content\/uploads\/2025\/01\/bloomer-bebe-carreaux-bleu-2.jpg\",\"contentUrl\":\"https:\/\/voyagedelabaleine.fr\/wp-content\/uploads\/2025\/01\/bloomer-bebe-carreaux-bleu-2.jpg\",\"width\":802,\"height\":1069,\"caption\":\"Bloomer b\u00e9b\u00e9 gar\u00e7on \u00e0 carreaux bleu ciel en coton\"},{\"@type\":\"BreadcrumbList\",\"@id\":\"https:\/\/voyagedelabaleine.fr\/it\/prodotto\/bloomer-per-neonato-a-quadri-azzurro-cielo\/#breadcrumb\",\"itemListElement\":[{\"@type\":\"ListItem\",\"position\":1,\"name\":\"Accueil\",\"item\":\"https:\/\/voyagedelabaleine.fr\/it\/homepage\/\"},{\"@type\":\"ListItem\",\"position\":2,\"name\":\"Tutta la collezione\",\"item\":\"https:\/\/voyagedelabaleine.fr\/it\/tutta-la-collezione\/\"},{\"@type\":\"ListItem\",\"position\":3,\"name\":\"Bloomer per neonato a quadri \u2013 Azzurro cielo\"}]},{\"@type\":\"WebSite\",\"@id\":\"https:\/\/voyagedelabaleine.fr\/it\/#website\",\"url\":\"https:\/\/voyagedelabaleine.fr\/it\/\",\"name\":\"Voyage de la Baleine\",\"description\":\"V\u00eatements intemporels et raffin\u00e9s pour b\u00e9b\u00e9s et enfants\",\"publisher\":{\"@id\":\"https:\/\/voyagedelabaleine.fr\/it\/#organization\"},\"potentialAction\":[{\"@type\":\"SearchAction\",\"target\":{\"@type\":\"EntryPoint\",\"urlTemplate\":\"https:\/\/voyagedelabaleine.fr\/it\/?s={search_term_string}\"},\"query-input\":{\"@type\":\"PropertyValueSpecification\",\"valueRequired\":true,\"valueName\":\"search_term_string\"}}],\"inLanguage\":\"it-IT\"},{\"@type\":\"Organization\",\"@id\":\"https:\/\/voyagedelabaleine.fr\/it\/#organization\",\"name\":\"Voyage de la Baleine\",\"url\":\"https:\/\/voyagedelabaleine.fr\/it\/\",\"logo\":{\"@type\":\"ImageObject\",\"inLanguage\":\"it-IT\",\"@id\":\"https:\/\/voyagedelabaleine.fr\/it\/#\/schema\/logo\/image\/\",\"url\":\"https:\/\/voyagedelabaleine.fr\/wp-content\/uploads\/2025\/06\/logo.webp\",\"contentUrl\":\"https:\/\/voyagedelabaleine.fr\/wp-content\/uploads\/2025\/06\/logo.webp\",\"width\":153,\"height\":64,\"caption\":\"Voyage de la Baleine\"},\"image\":{\"@id\":\"https:\/\/voyagedelabaleine.fr\/it\/#\/schema\/logo\/image\/\"},\"sameAs\":[\"https:\/\/www.facebook.com\/voyagedelabaleine\/\",\"https:\/\/www.instagram.com\/voyagedelabaleine\/\",\"https:\/\/www.pinterest.fr\/Voyagedelabaleine\/\"]}]}<\/script>\n<!-- \/ Yoast SEO plugin. -->","yoast_head_json":{"title":"Bloomer per neonato a quadri azzurro cielo - Voyage de la Baleine","description":"Aggiungi un tocco di freschezza ed eleganza all'outfit del tuo bambino con il nostro bloomer per neonato a quadri azzurro cielo.","robots":{"index":"index","follow":"follow","max-snippet":"max-snippet:-1","max-image-preview":"max-image-preview:large","max-video-preview":"max-video-preview:-1"},"canonical":"https:\/\/voyagedelabaleine.fr\/it\/prodotto\/bloomer-per-neonato-a-quadri-azzurro-cielo\/","og_locale":"it_IT","og_type":"article","og_title":"Bloomer per neonato a quadri azzurro cielo - Voyage de la Baleine","og_description":"Aggiungi un tocco di freschezza ed eleganza all'outfit del tuo bambino con il nostro bloomer per neonato a quadri azzurro cielo.","og_url":"https:\/\/voyagedelabaleine.fr\/it\/prodotto\/bloomer-per-neonato-a-quadri-azzurro-cielo\/","og_site_name":"Voyage de la Baleine","article_publisher":"https:\/\/www.facebook.com\/voyagedelabaleine\/","article_modified_time":"2026-01-15T08:13:08+00:00","og_image":[{"width":802,"height":1069,"url":"https:\/\/voyagedelabaleine.fr\/wp-content\/uploads\/2025\/01\/bloomer-bebe-carreaux-bleu-2.jpg","type":"image\/jpeg"}],"twitter_card":"summary_large_image","twitter_misc":{"Tempo di lettura stimato":"1 minuto"},"schema":{"@context":"https:\/\/schema.org","@graph":[{"@type":"WebPage","@id":"https:\/\/voyagedelabaleine.fr\/it\/prodotto\/bloomer-per-neonato-a-quadri-azzurro-cielo\/","url":"https:\/\/voyagedelabaleine.fr\/it\/prodotto\/bloomer-per-neonato-a-quadri-azzurro-cielo\/","name":"Bloomer per neonato a quadri azzurro cielo - Voyage de la Baleine","isPartOf":{"@id":"https:\/\/voyagedelabaleine.fr\/it\/#website"},"primaryImageOfPage":{"@id":"https:\/\/voyagedelabaleine.fr\/it\/prodotto\/bloomer-per-neonato-a-quadri-azzurro-cielo\/#primaryimage"},"image":{"@id":"https:\/\/voyagedelabaleine.fr\/it\/prodotto\/bloomer-per-neonato-a-quadri-azzurro-cielo\/#primaryimage"},"thumbnailUrl":"https:\/\/voyagedelabaleine.fr\/wp-content\/uploads\/2025\/01\/bloomer-bebe-carreaux-bleu-2.jpg","datePublished":"2025-02-12T13:24:31+00:00","dateModified":"2026-01-15T08:13:08+00:00","description":"Aggiungi un tocco di freschezza ed eleganza all'outfit del tuo bambino con il nostro bloomer per neonato a quadri azzurro cielo.","breadcrumb":{"@id":"https:\/\/voyagedelabaleine.fr\/it\/prodotto\/bloomer-per-neonato-a-quadri-azzurro-cielo\/#breadcrumb"},"inLanguage":"it-IT","potentialAction":[{"@type":"ReadAction","target":["https:\/\/voyagedelabaleine.fr\/it\/prodotto\/bloomer-per-neonato-a-quadri-azzurro-cielo\/"]}]},{"@type":"ImageObject","inLanguage":"it-IT","@id":"https:\/\/voyagedelabaleine.fr\/it\/prodotto\/bloomer-per-neonato-a-quadri-azzurro-cielo\/#primaryimage","url":"https:\/\/voyagedelabaleine.fr\/wp-content\/uploads\/2025\/01\/bloomer-bebe-carreaux-bleu-2.jpg","contentUrl":"https:\/\/voyagedelabaleine.fr\/wp-content\/uploads\/2025\/01\/bloomer-bebe-carreaux-bleu-2.jpg","width":802,"height":1069,"caption":"Bloomer b\u00e9b\u00e9 gar\u00e7on \u00e0 carreaux bleu ciel en coton"},{"@type":"BreadcrumbList","@id":"https:\/\/voyagedelabaleine.fr\/it\/prodotto\/bloomer-per-neonato-a-quadri-azzurro-cielo\/#breadcrumb","itemListElement":[{"@type":"ListItem","position":1,"name":"Accueil","item":"https:\/\/voyagedelabaleine.fr\/it\/homepage\/"},{"@type":"ListItem","position":2,"name":"Tutta la collezione","item":"https:\/\/voyagedelabaleine.fr\/it\/tutta-la-collezione\/"},{"@type":"ListItem","position":3,"name":"Bloomer per neonato a quadri \u2013 Azzurro cielo"}]},{"@type":"WebSite","@id":"https:\/\/voyagedelabaleine.fr\/it\/#website","url":"https:\/\/voyagedelabaleine.fr\/it\/","name":"Voyage de la Baleine","description":"V\u00eatements intemporels et raffin\u00e9s pour b\u00e9b\u00e9s et enfants","publisher":{"@id":"https:\/\/voyagedelabaleine.fr\/it\/#organization"},"potentialAction":[{"@type":"SearchAction","target":{"@type":"EntryPoint","urlTemplate":"https:\/\/voyagedelabaleine.fr\/it\/?s={search_term_string}"},"query-input":{"@type":"PropertyValueSpecification","valueRequired":true,"valueName":"search_term_string"}}],"inLanguage":"it-IT"},{"@type":"Organization","@id":"https:\/\/voyagedelabaleine.fr\/it\/#organization","name":"Voyage de la Baleine","url":"https:\/\/voyagedelabaleine.fr\/it\/","logo":{"@type":"ImageObject","inLanguage":"it-IT","@id":"https:\/\/voyagedelabaleine.fr\/it\/#\/schema\/logo\/image\/","url":"https:\/\/voyagedelabaleine.fr\/wp-content\/uploads\/2025\/06\/logo.webp","contentUrl":"https:\/\/voyagedelabaleine.fr\/wp-content\/uploads\/2025\/06\/logo.webp","width":153,"height":64,"caption":"Voyage de la Baleine"},"image":{"@id":"https:\/\/voyagedelabaleine.fr\/it\/#\/schema\/logo\/image\/"},"sameAs":["https:\/\/www.facebook.com\/voyagedelabaleine\/","https:\/\/www.instagram.com\/voyagedelabaleine\/","https:\/\/www.pinterest.fr\/Voyagedelabaleine\/"]}]}},"_links":{"self":[{"href":"https:\/\/voyagedelabaleine.fr\/it\/wp-json\/wp\/v2\/product\/34346","targetHints":{"allow":["GET"]}}],"collection":[{"href":"https:\/\/voyagedelabaleine.fr\/it\/wp-json\/wp\/v2\/product"}],"about":[{"href":"https:\/\/voyagedelabaleine.fr\/it\/wp-json\/wp\/v2\/types\/product"}],"replies":[{"embeddable":true,"href":"https:\/\/voyagedelabaleine.fr\/it\/wp-json\/wp\/v2\/comments?post=34346"}],"wp:featuredmedia":[{"embeddable":true,"href":"https:\/\/voyagedelabaleine.fr\/it\/wp-json\/wp\/v2\/media\/16414"}],"wp:attachment":[{"href":"https:\/\/voyagedelabaleine.fr\/it\/wp-json\/wp\/v2\/media?parent=34346"}],"wp:term":[{"taxonomy":"product_brand","embeddable":true,"href":"https:\/\/voyagedelabaleine.fr\/it\/wp-json\/wp\/v2\/product_brand?post=34346"},{"taxonomy":"product_cat","embeddable":true,"href":"https:\/\/voyagedelabaleine.fr\/it\/wp-json\/wp\/v2\/product_cat?post=34346"},{"taxonomy":"product_tag","embeddable":true,"href":"https:\/\/voyagedelabaleine.fr\/it\/wp-json\/wp\/v2\/product_tag?post=34346"}],"curies":[{"name":"wp","href":"https:\/\/api.w.org\/{rel}","templated":true}]}}