{"id":34981,"date":"2025-08-23T11:36:47","date_gmt":"2025-08-23T09:36:47","guid":{"rendered":"https:\/\/voyagedelabaleine.fr\/product\/berretto-neonato-con-pompon-in-lana-blu\/"},"modified":"2026-01-15T09:14:46","modified_gmt":"2026-01-15T08:14:46","slug":"berretto-neonato-con-pompon-in-lana-blu","status":"publish","type":"product","link":"https:\/\/voyagedelabaleine.fr\/it\/prodotto\/berretto-neonato-con-pompon-in-lana-blu\/","title":{"rendered":"Berretto neonato con pompon in lana &#8211; Blu"},"content":{"rendered":"<h3 data-start=\"207\" data-end=\"288\">Berretto neonato in lana blu \u2013 Una morbidezza preziosa fin dai primi giorni<\/h3>\n<p data-start=\"290\" data-end=\"797\">Il nostro <strong data-start=\"296\" data-end=\"330\">berretto neonato in lana blu<\/strong> \u00e8 stato progettato per offrire una <strong data-start=\"359\" data-end=\"392\">protezione morbida e naturale<\/strong> alla testa fragile del tuo neonato, fin dalle prime ore di vita. Lavorato a maglia in <strong data-start=\"476\" data-end=\"501\">lana 100% naturale<\/strong>, avvolge il bambino in un calore traspirante rispettando la delicatezza della sua pelle, evitando qualsiasi irritazione o sensazione di disagio. Questo berretto diventer\u00e0 rapidamente un capo essenziale nel guardaroba del tuo piccolo per i suoi primi giorni d&#8217;inverno o per le sue passeggiate all&#8217;aria aperta.  <\/p>\n<h3 data-start=\"799\" data-end=\"833\">Un completo raffinato da abbinare<\/h3>\n<p data-start=\"835\" data-end=\"1352\">Questo <strong data-start=\"838\" data-end=\"863\">berretto neonato blu<\/strong> \u00e8 abbinato al nostro <a href=\"https:\/\/voyagedelabaleine.fr\/product\/ensemble-bebe-pull-pantalon-laine-bleu\/\"><strong>Completo neonato maglione in lana e pantaloni a piedini punto spugna \u2013 Blu<\/strong><\/a>, per creare un look completo, elegante e pieno di tenerezza. Questo completo riflette l&#8217;universo poetico e intramontabile di <strong data-start=\"1073\" data-end=\"1097\">Voyage de la Baleine<\/strong>, associando capi di qualit\u00e0, dalle tonalit\u00e0 delicate, che rendono ogni momento della quotidianit\u00e0 una piccola festa. Indossare questi capi abbinati significa offrire al bambino un bozzolo di morbidezza, garantendo al contempo un aspetto curato, anche per i suoi primi giorni.  <\/p>\n<h3 data-start=\"1354\" data-end=\"1395\">Progettato per il comfort e la praticit\u00e0<\/h3>\n<p data-start=\"1397\" data-end=\"1825\">Grazie al suo taglio aderente, il berretto rimane ben saldo senza stringere, proteggendo efficacemente le piccole orecchie dal freddo. Facile da indossare e da togliere, si adatta alle esigenze quotidiane, sia per le uscite che per i sonnellini nel passeggino. La <strong data-start=\"1663\" data-end=\"1682\">lana naturale<\/strong> utilizzata garantisce una regolazione termica ottimale, permettendo di mantenere il bambino al caldo evitando qualsiasi sudorazione eccessiva.  <\/p>\n<h3 data-start=\"1827\" data-end=\"1869\">Un&#8217;idea regalo nascita ideale<\/h3>\n<p data-start=\"1871\" data-end=\"2321\">Questo <strong data-start=\"1874\" data-end=\"1908\">berretto neonato in lana blu<\/strong> \u00e8 un&#8217; <strong data-start=\"1917\" data-end=\"1948\">idea regalo nascita<\/strong> raffinata e utile, che sedurr\u00e0 i genitori alla ricerca di un presente pratico ed elegante al tempo stesso. Offerto da solo o con il completo abbinato, costituisce un regalo intramontabile che accompagner\u00e0 il bambino fin dai suoi primi giorni. Il suo design essenziale e le sue finiture curate lo rendono un capo prezioso, estetico e funzionale al tempo stesso, per avvolgere il neonato di morbidezza.  <\/p>\n<p data-start=\"2323\" data-end=\"2514\"><em data-start=\"2323\" data-end=\"2514\">Regalare questo berretto significa offrire un primo gesto di tenerezza, un bozzolo confortante che accompagna il bambino fin dai suoi primi istanti, nell&#8217;universo delicato e raffinato di Voyage de la Baleine.<\/em><\/p>\n<p data-start=\"2516\" data-end=\"2536\">Prodotto in Spagna.<\/p>\n","protected":false},"excerpt":{"rendered":"<ul>\n<li>Abbinato al <a href=\"https:\/\/voyagedelabaleine.fr\/product\/ensemble-bebe-pull-pantalon-laine-bleu\/\">Completo neonato maglione in lana e pantaloni a piedini punto spugna \u2013 Blu<\/a><\/li>\n<li>100% lana morbida<\/li>\n<li>Prodotto in Spagna<br \/>\n<em>Questo berretto veste normalmente. Scegli la tua taglia abituale<\/em><\/li>\n<\/ul>\n","protected":false},"featured_media":20398,"comment_status":"open","ping_status":"closed","template":"","meta":{"ocean_post_layout":"","ocean_both_sidebars_style":"","ocean_both_sidebars_content_width":0,"ocean_both_sidebars_sidebars_width":0,"ocean_sidebar":"0","ocean_second_sidebar":"0","ocean_disable_margins":"enable","ocean_add_body_class":"","ocean_shortcode_before_top_bar":"","ocean_shortcode_after_top_bar":"","ocean_shortcode_before_header":"","ocean_shortcode_after_header":"","ocean_has_shortcode":"","ocean_shortcode_after_title":"","ocean_shortcode_before_footer_widgets":"","ocean_shortcode_after_footer_widgets":"","ocean_shortcode_before_footer_bottom":"","ocean_shortcode_after_footer_bottom":"","ocean_display_top_bar":"default","ocean_display_header":"default","ocean_header_style":"","ocean_center_header_left_menu":"0","ocean_custom_header_template":"0","ocean_custom_logo":0,"ocean_custom_retina_logo":0,"ocean_custom_logo_max_width":0,"ocean_custom_logo_tablet_max_width":0,"ocean_custom_logo_mobile_max_width":0,"ocean_custom_logo_max_height":0,"ocean_custom_logo_tablet_max_height":0,"ocean_custom_logo_mobile_max_height":0,"ocean_header_custom_menu":"0","ocean_menu_typo_font_family":"0","ocean_menu_typo_font_subset":"","ocean_menu_typo_font_size":0,"ocean_menu_typo_font_size_tablet":0,"ocean_menu_typo_font_size_mobile":0,"ocean_menu_typo_font_size_unit":"px","ocean_menu_typo_font_weight":"","ocean_menu_typo_font_weight_tablet":"","ocean_menu_typo_font_weight_mobile":"","ocean_menu_typo_transform":"","ocean_menu_typo_transform_tablet":"","ocean_menu_typo_transform_mobile":"","ocean_menu_typo_line_height":0,"ocean_menu_typo_line_height_tablet":0,"ocean_menu_typo_line_height_mobile":0,"ocean_menu_typo_line_height_unit":"","ocean_menu_typo_spacing":0,"ocean_menu_typo_spacing_tablet":0,"ocean_menu_typo_spacing_mobile":0,"ocean_menu_typo_spacing_unit":"","ocean_menu_link_color":"","ocean_menu_link_color_hover":"","ocean_menu_link_color_active":"","ocean_menu_link_background":"","ocean_menu_link_hover_background":"","ocean_menu_link_active_background":"","ocean_menu_social_links_bg":"","ocean_menu_social_hover_links_bg":"","ocean_menu_social_links_color":"","ocean_menu_social_hover_links_color":"","ocean_disable_title":"default","ocean_disable_heading":"default","ocean_post_title":"","ocean_post_subheading":"","ocean_post_title_style":"","ocean_post_title_background_color":"","ocean_post_title_background":0,"ocean_post_title_bg_image_position":"","ocean_post_title_bg_image_attachment":"","ocean_post_title_bg_image_repeat":"","ocean_post_title_bg_image_size":"","ocean_post_title_height":0,"ocean_post_title_bg_overlay":0.5,"ocean_post_title_bg_overlay_color":"","ocean_disable_breadcrumbs":"default","ocean_breadcrumbs_color":"","ocean_breadcrumbs_separator_color":"","ocean_breadcrumbs_links_color":"","ocean_breadcrumbs_links_hover_color":"","ocean_display_footer_widgets":"default","ocean_display_footer_bottom":"default","ocean_custom_footer_template":"0","osh_disable_topbar_sticky":"default","osh_disable_header_sticky":"default","osh_sticky_header_style":"default","osh_sticky_header_effect":"","osh_custom_sticky_logo":0,"osh_custom_retina_sticky_logo":0,"osh_custom_sticky_logo_height":0,"osh_background_color":"","osh_links_color":"","osh_links_hover_color":"","osh_links_active_color":"","osh_links_bg_color":"","osh_links_hover_bg_color":"","osh_links_active_bg_color":"","osh_menu_social_links_color":"","osh_menu_social_hover_links_color":""},"product_brand":[],"product_cat":[6968,6990,6958,6816,6810,6842],"product_tag":[],"class_list":{"0":"post-34981","1":"product","2":"type-product","3":"status-publish","4":"has-post-thumbnail","6":"product_cat-accessori-nascita-ragazza","7":"product_cat-accessori-nascita-ragazzo","8":"product_cat-accessori-nascita","9":"product_cat-accessori-neonata","10":"product_cat-accessori-neonati","11":"product_cat-accessori-neonato","13":"entry","14":"has-media","16":"first","17":"instock","18":"taxable","19":"shipping-taxable","20":"purchasable","21":"product-type-variable","22":"has-default-attributes","23":"has-rating","24":"col","25":"span_1_of_3","26":"owp-content-center","27":"owp-thumbs-layout-vertical","28":"owp-btn-big","29":"owp-tabs-layout-vertical","30":"circle-sale"},"yoast_head":"<!-- This site is optimized with the Yoast SEO plugin v27.1.1 - https:\/\/yoast.com\/product\/yoast-seo-wordpress\/ -->\n<title>Berretto neonato con pompon in lana - Blu - Voyage de la Baleine<\/title>\n<meta name=\"description\" content=\"Il nostro berretto neonato in lana blu \u00e8 stato progettato per offrire una protezione morbida e naturale alla testa fragile del tuo neonato.\" \/>\n<meta name=\"robots\" content=\"index, follow, max-snippet:-1, max-image-preview:large, max-video-preview:-1\" \/>\n<link rel=\"canonical\" href=\"https:\/\/voyagedelabaleine.fr\/it\/prodotto\/berretto-neonato-con-pompon-in-lana-blu\/\" \/>\n<meta property=\"og:locale\" content=\"it_IT\" \/>\n<meta property=\"og:type\" content=\"article\" \/>\n<meta property=\"og:title\" content=\"Berretto neonato con pompon in lana - Blu - Voyage de la Baleine\" \/>\n<meta property=\"og:description\" content=\"Il nostro berretto neonato in lana blu \u00e8 stato progettato per offrire una protezione morbida e naturale alla testa fragile del tuo neonato.\" \/>\n<meta property=\"og:url\" content=\"https:\/\/voyagedelabaleine.fr\/it\/prodotto\/berretto-neonato-con-pompon-in-lana-blu\/\" \/>\n<meta property=\"og:site_name\" content=\"Voyage de la Baleine\" \/>\n<meta property=\"article:publisher\" content=\"https:\/\/www.facebook.com\/voyagedelabaleine\/\" \/>\n<meta property=\"article:modified_time\" content=\"2026-01-15T08:14:46+00:00\" \/>\n<meta property=\"og:image\" content=\"https:\/\/voyagedelabaleine.fr\/wp-content\/uploads\/2025\/07\/bonnet-bebe-bleu-ciel.jpg\" \/>\n\t<meta property=\"og:image:width\" content=\"1029\" \/>\n\t<meta property=\"og:image:height\" content=\"1373\" \/>\n\t<meta property=\"og:image:type\" content=\"image\/jpeg\" \/>\n<meta name=\"twitter:card\" content=\"summary_large_image\" \/>\n<meta name=\"twitter:label1\" content=\"Tempo di lettura stimato\" \/>\n\t<meta name=\"twitter:data1\" content=\"2 minuto\" \/>\n<script type=\"application\/ld+json\" class=\"yoast-schema-graph\">{\"@context\":\"https:\/\/schema.org\",\"@graph\":[{\"@type\":\"WebPage\",\"@id\":\"https:\/\/voyagedelabaleine.fr\/it\/prodotto\/berretto-neonato-con-pompon-in-lana-blu\/\",\"url\":\"https:\/\/voyagedelabaleine.fr\/it\/prodotto\/berretto-neonato-con-pompon-in-lana-blu\/\",\"name\":\"Berretto neonato con pompon in lana - Blu - Voyage de la Baleine\",\"isPartOf\":{\"@id\":\"https:\/\/voyagedelabaleine.fr\/it\/#website\"},\"primaryImageOfPage\":{\"@id\":\"https:\/\/voyagedelabaleine.fr\/it\/prodotto\/berretto-neonato-con-pompon-in-lana-blu\/#primaryimage\"},\"image\":{\"@id\":\"https:\/\/voyagedelabaleine.fr\/it\/prodotto\/berretto-neonato-con-pompon-in-lana-blu\/#primaryimage\"},\"thumbnailUrl\":\"https:\/\/voyagedelabaleine.fr\/wp-content\/uploads\/2025\/07\/bonnet-bebe-bleu-ciel.jpg\",\"datePublished\":\"2025-08-23T09:36:47+00:00\",\"dateModified\":\"2026-01-15T08:14:46+00:00\",\"description\":\"Il nostro berretto neonato in lana blu \u00e8 stato progettato per offrire una protezione morbida e naturale alla testa fragile del tuo neonato.\",\"breadcrumb\":{\"@id\":\"https:\/\/voyagedelabaleine.fr\/it\/prodotto\/berretto-neonato-con-pompon-in-lana-blu\/#breadcrumb\"},\"inLanguage\":\"it-IT\",\"potentialAction\":[{\"@type\":\"ReadAction\",\"target\":[\"https:\/\/voyagedelabaleine.fr\/it\/prodotto\/berretto-neonato-con-pompon-in-lana-blu\/\"]}]},{\"@type\":\"ImageObject\",\"inLanguage\":\"it-IT\",\"@id\":\"https:\/\/voyagedelabaleine.fr\/it\/prodotto\/berretto-neonato-con-pompon-in-lana-blu\/#primaryimage\",\"url\":\"https:\/\/voyagedelabaleine.fr\/wp-content\/uploads\/2025\/07\/bonnet-bebe-bleu-ciel.jpg\",\"contentUrl\":\"https:\/\/voyagedelabaleine.fr\/wp-content\/uploads\/2025\/07\/bonnet-bebe-bleu-ciel.jpg\",\"width\":1029,\"height\":1373,\"caption\":\"Bonnet de naissance \u00e0 pompon en laine bleu ciel port\u00e9 par un b\u00e9b\u00e9\"},{\"@type\":\"BreadcrumbList\",\"@id\":\"https:\/\/voyagedelabaleine.fr\/it\/prodotto\/berretto-neonato-con-pompon-in-lana-blu\/#breadcrumb\",\"itemListElement\":[{\"@type\":\"ListItem\",\"position\":1,\"name\":\"Accueil\",\"item\":\"https:\/\/voyagedelabaleine.fr\/it\/homepage\/\"},{\"@type\":\"ListItem\",\"position\":2,\"name\":\"Tutta la collezione\",\"item\":\"https:\/\/voyagedelabaleine.fr\/it\/tutta-la-collezione\/\"},{\"@type\":\"ListItem\",\"position\":3,\"name\":\"Berretto neonato con pompon in lana &#8211; Blu\"}]},{\"@type\":\"WebSite\",\"@id\":\"https:\/\/voyagedelabaleine.fr\/it\/#website\",\"url\":\"https:\/\/voyagedelabaleine.fr\/it\/\",\"name\":\"Voyage de la Baleine\",\"description\":\"V\u00eatements intemporels et raffin\u00e9s pour b\u00e9b\u00e9s et enfants\",\"publisher\":{\"@id\":\"https:\/\/voyagedelabaleine.fr\/it\/#organization\"},\"potentialAction\":[{\"@type\":\"SearchAction\",\"target\":{\"@type\":\"EntryPoint\",\"urlTemplate\":\"https:\/\/voyagedelabaleine.fr\/it\/?s={search_term_string}\"},\"query-input\":{\"@type\":\"PropertyValueSpecification\",\"valueRequired\":true,\"valueName\":\"search_term_string\"}}],\"inLanguage\":\"it-IT\"},{\"@type\":\"Organization\",\"@id\":\"https:\/\/voyagedelabaleine.fr\/it\/#organization\",\"name\":\"Voyage de la Baleine\",\"url\":\"https:\/\/voyagedelabaleine.fr\/it\/\",\"logo\":{\"@type\":\"ImageObject\",\"inLanguage\":\"it-IT\",\"@id\":\"https:\/\/voyagedelabaleine.fr\/it\/#\/schema\/logo\/image\/\",\"url\":\"https:\/\/voyagedelabaleine.fr\/wp-content\/uploads\/2025\/06\/logo.webp\",\"contentUrl\":\"https:\/\/voyagedelabaleine.fr\/wp-content\/uploads\/2025\/06\/logo.webp\",\"width\":153,\"height\":64,\"caption\":\"Voyage de la Baleine\"},\"image\":{\"@id\":\"https:\/\/voyagedelabaleine.fr\/it\/#\/schema\/logo\/image\/\"},\"sameAs\":[\"https:\/\/www.facebook.com\/voyagedelabaleine\/\",\"https:\/\/www.instagram.com\/voyagedelabaleine\/\",\"https:\/\/www.pinterest.fr\/Voyagedelabaleine\/\"]}]}<\/script>\n<!-- \/ Yoast SEO plugin. -->","yoast_head_json":{"title":"Berretto neonato con pompon in lana - Blu - Voyage de la Baleine","description":"Il nostro berretto neonato in lana blu \u00e8 stato progettato per offrire una protezione morbida e naturale alla testa fragile del tuo neonato.","robots":{"index":"index","follow":"follow","max-snippet":"max-snippet:-1","max-image-preview":"max-image-preview:large","max-video-preview":"max-video-preview:-1"},"canonical":"https:\/\/voyagedelabaleine.fr\/it\/prodotto\/berretto-neonato-con-pompon-in-lana-blu\/","og_locale":"it_IT","og_type":"article","og_title":"Berretto neonato con pompon in lana - Blu - Voyage de la Baleine","og_description":"Il nostro berretto neonato in lana blu \u00e8 stato progettato per offrire una protezione morbida e naturale alla testa fragile del tuo neonato.","og_url":"https:\/\/voyagedelabaleine.fr\/it\/prodotto\/berretto-neonato-con-pompon-in-lana-blu\/","og_site_name":"Voyage de la Baleine","article_publisher":"https:\/\/www.facebook.com\/voyagedelabaleine\/","article_modified_time":"2026-01-15T08:14:46+00:00","og_image":[{"width":1029,"height":1373,"url":"https:\/\/voyagedelabaleine.fr\/wp-content\/uploads\/2025\/07\/bonnet-bebe-bleu-ciel.jpg","type":"image\/jpeg"}],"twitter_card":"summary_large_image","twitter_misc":{"Tempo di lettura stimato":"2 minuto"},"schema":{"@context":"https:\/\/schema.org","@graph":[{"@type":"WebPage","@id":"https:\/\/voyagedelabaleine.fr\/it\/prodotto\/berretto-neonato-con-pompon-in-lana-blu\/","url":"https:\/\/voyagedelabaleine.fr\/it\/prodotto\/berretto-neonato-con-pompon-in-lana-blu\/","name":"Berretto neonato con pompon in lana - Blu - Voyage de la Baleine","isPartOf":{"@id":"https:\/\/voyagedelabaleine.fr\/it\/#website"},"primaryImageOfPage":{"@id":"https:\/\/voyagedelabaleine.fr\/it\/prodotto\/berretto-neonato-con-pompon-in-lana-blu\/#primaryimage"},"image":{"@id":"https:\/\/voyagedelabaleine.fr\/it\/prodotto\/berretto-neonato-con-pompon-in-lana-blu\/#primaryimage"},"thumbnailUrl":"https:\/\/voyagedelabaleine.fr\/wp-content\/uploads\/2025\/07\/bonnet-bebe-bleu-ciel.jpg","datePublished":"2025-08-23T09:36:47+00:00","dateModified":"2026-01-15T08:14:46+00:00","description":"Il nostro berretto neonato in lana blu \u00e8 stato progettato per offrire una protezione morbida e naturale alla testa fragile del tuo neonato.","breadcrumb":{"@id":"https:\/\/voyagedelabaleine.fr\/it\/prodotto\/berretto-neonato-con-pompon-in-lana-blu\/#breadcrumb"},"inLanguage":"it-IT","potentialAction":[{"@type":"ReadAction","target":["https:\/\/voyagedelabaleine.fr\/it\/prodotto\/berretto-neonato-con-pompon-in-lana-blu\/"]}]},{"@type":"ImageObject","inLanguage":"it-IT","@id":"https:\/\/voyagedelabaleine.fr\/it\/prodotto\/berretto-neonato-con-pompon-in-lana-blu\/#primaryimage","url":"https:\/\/voyagedelabaleine.fr\/wp-content\/uploads\/2025\/07\/bonnet-bebe-bleu-ciel.jpg","contentUrl":"https:\/\/voyagedelabaleine.fr\/wp-content\/uploads\/2025\/07\/bonnet-bebe-bleu-ciel.jpg","width":1029,"height":1373,"caption":"Bonnet de naissance \u00e0 pompon en laine bleu ciel port\u00e9 par un b\u00e9b\u00e9"},{"@type":"BreadcrumbList","@id":"https:\/\/voyagedelabaleine.fr\/it\/prodotto\/berretto-neonato-con-pompon-in-lana-blu\/#breadcrumb","itemListElement":[{"@type":"ListItem","position":1,"name":"Accueil","item":"https:\/\/voyagedelabaleine.fr\/it\/homepage\/"},{"@type":"ListItem","position":2,"name":"Tutta la collezione","item":"https:\/\/voyagedelabaleine.fr\/it\/tutta-la-collezione\/"},{"@type":"ListItem","position":3,"name":"Berretto neonato con pompon in lana &#8211; Blu"}]},{"@type":"WebSite","@id":"https:\/\/voyagedelabaleine.fr\/it\/#website","url":"https:\/\/voyagedelabaleine.fr\/it\/","name":"Voyage de la Baleine","description":"V\u00eatements intemporels et raffin\u00e9s pour b\u00e9b\u00e9s et enfants","publisher":{"@id":"https:\/\/voyagedelabaleine.fr\/it\/#organization"},"potentialAction":[{"@type":"SearchAction","target":{"@type":"EntryPoint","urlTemplate":"https:\/\/voyagedelabaleine.fr\/it\/?s={search_term_string}"},"query-input":{"@type":"PropertyValueSpecification","valueRequired":true,"valueName":"search_term_string"}}],"inLanguage":"it-IT"},{"@type":"Organization","@id":"https:\/\/voyagedelabaleine.fr\/it\/#organization","name":"Voyage de la Baleine","url":"https:\/\/voyagedelabaleine.fr\/it\/","logo":{"@type":"ImageObject","inLanguage":"it-IT","@id":"https:\/\/voyagedelabaleine.fr\/it\/#\/schema\/logo\/image\/","url":"https:\/\/voyagedelabaleine.fr\/wp-content\/uploads\/2025\/06\/logo.webp","contentUrl":"https:\/\/voyagedelabaleine.fr\/wp-content\/uploads\/2025\/06\/logo.webp","width":153,"height":64,"caption":"Voyage de la Baleine"},"image":{"@id":"https:\/\/voyagedelabaleine.fr\/it\/#\/schema\/logo\/image\/"},"sameAs":["https:\/\/www.facebook.com\/voyagedelabaleine\/","https:\/\/www.instagram.com\/voyagedelabaleine\/","https:\/\/www.pinterest.fr\/Voyagedelabaleine\/"]}]}},"_links":{"self":[{"href":"https:\/\/voyagedelabaleine.fr\/it\/wp-json\/wp\/v2\/product\/34981","targetHints":{"allow":["GET"]}}],"collection":[{"href":"https:\/\/voyagedelabaleine.fr\/it\/wp-json\/wp\/v2\/product"}],"about":[{"href":"https:\/\/voyagedelabaleine.fr\/it\/wp-json\/wp\/v2\/types\/product"}],"replies":[{"embeddable":true,"href":"https:\/\/voyagedelabaleine.fr\/it\/wp-json\/wp\/v2\/comments?post=34981"}],"wp:featuredmedia":[{"embeddable":true,"href":"https:\/\/voyagedelabaleine.fr\/it\/wp-json\/wp\/v2\/media\/20398"}],"wp:attachment":[{"href":"https:\/\/voyagedelabaleine.fr\/it\/wp-json\/wp\/v2\/media?parent=34981"}],"wp:term":[{"taxonomy":"product_brand","embeddable":true,"href":"https:\/\/voyagedelabaleine.fr\/it\/wp-json\/wp\/v2\/product_brand?post=34981"},{"taxonomy":"product_cat","embeddable":true,"href":"https:\/\/voyagedelabaleine.fr\/it\/wp-json\/wp\/v2\/product_cat?post=34981"},{"taxonomy":"product_tag","embeddable":true,"href":"https:\/\/voyagedelabaleine.fr\/it\/wp-json\/wp\/v2\/product_tag?post=34981"}],"curies":[{"name":"wp","href":"https:\/\/api.w.org\/{rel}","templated":true}]}}