{"id":37255,"date":"2026-02-04T11:59:20","date_gmt":"2026-02-04T10:59:20","guid":{"rendered":"https:\/\/voyagedelabaleine.fr\/product\/short-seersucker-a-righe-per-bambina-blu-bianco\/"},"modified":"2026-02-04T11:59:20","modified_gmt":"2026-02-04T10:59:20","slug":"short-seersucker-a-righe-per-bambina-blu-bianco","status":"publish","type":"product","link":"https:\/\/voyagedelabaleine.fr\/it\/prodotto\/short-seersucker-a-righe-per-bambina-blu-bianco\/","title":{"rendered":"Short seersucker a righe per bambina &#8211; Blu\/bianco"},"content":{"rendered":"<div class=\"flex max-w-full flex-col grow\">\n<div class=\"min-h-8 text-message relative flex w-full flex-col items-end gap-2 text-start break-words whitespace-normal [.text-message+&amp;]:mt-1\" dir=\"auto\" data-message-author-role=\"assistant\" data-message-id=\"4b1442a3-a69e-4656-a114-4b5fa4d2d3aa\" data-message-model-slug=\"gpt-5-2\">\n<div class=\"flex w-full flex-col gap-1 empty:hidden first:pt-[1px]\">\n<div class=\"markdown prose dark:prose-invert w-full break-words light markdown-new-styling\">\n<h3 data-start=\"194\" data-end=\"241\">Uno short per bambina dal fascino estivo e raffinato<\/h3>\n<p data-start=\"243\" data-end=\"607\">Il nostro short seersucker a righe blu e bianchi per bambina \u00e8 un capo irrinunciabile del guardaroba estivo. Con le sue <strong data-start=\"359\" data-end=\"390\">righe sottili blu e bianche<\/strong>, evoca l&#8217;universo marino con dolcezza ed eleganza, aggiungendo un tocco femminile delicato. Pensato per accompagnare i bambini nelle giornate di sole, questo short unisce comfort, leggerezza e raffinatezza.  <\/p>\n<p data-start=\"609\" data-end=\"776\">Si integra perfettamente nell&#8217;universo di <em data-start=\"653\" data-end=\"675\">Voyage de la Baleine<\/em>, dove ogni capo \u00e8 immaginato per vestire le bambine con semplicit\u00e0, poesia e qualit\u00e0.<\/p>\n<h3 data-start=\"778\" data-end=\"824\">Un tessuto leggero e naturale per l&#8217;estate<\/h3>\n<p data-start=\"826\" data-end=\"1154\">Realizzato in <strong data-start=\"842\" data-end=\"857\">100% cotone<\/strong>, il nostro short per bambina \u00e8 in <strong data-start=\"892\" data-end=\"906\">seersucker<\/strong>, un tessuto naturalmente goffrato, ideale per l&#8217;estate. Il seersucker permette una buona circolazione dell&#8217;aria e limita il contatto del tessuto con la pelle, offrendo cos\u00ec una sensazione di freschezza molto piacevole, anche nelle giornate pi\u00f9 calde. <\/p>\n<p data-start=\"1156\" data-end=\"1303\">Questo tessuto naturale \u00e8 particolarmente adatto alla pelle sensibile dei bambini, garantendo al contempo una bella vestibilit\u00e0 e una grande durabilit\u00e0.<\/p>\n<h3 data-start=\"1305\" data-end=\"1342\">Dettagli femminili e pratici<\/h3>\n<p data-start=\"1344\" data-end=\"1644\">Il nostro short seersucker a righe per bambina \u00e8 dotato di <strong data-start=\"1390\" data-end=\"1410\">tasche laterali<\/strong>, pratiche per la vita di tutti i giorni, e di <strong data-start=\"1453\" data-end=\"1481\">una tasca applicata sul retro<\/strong>, che aggiunge un tocco discreto ed elegante. La <strong data-start=\"1531\" data-end=\"1552\">vita elasticizzata<\/strong> assicura un comfort ottimale e una facile vestizione, perfettamente adatta al ritmo dei bambini. <\/p>\n<p data-start=\"1646\" data-end=\"1907\">Il <strong data-start=\"1649\" data-end=\"1678\">nastro in vita abbinato<\/strong>, realizzato nello stesso tessuto dello short, permette di creare un <strong data-start=\"1743\" data-end=\"1764\">grazioso fiocco femminile<\/strong> sul davanti. Questo dettaglio delicato sottolinea la vita con dolcezza e rafforza l&#8217;eleganza del capo, pur rimanendo facile da indossare quotidianamente. <\/p>\n<h3 data-start=\"1909\" data-end=\"1951\">Uno short facile da abbinare e indossare<\/h3>\n<p data-start=\"1953\" data-end=\"2211\">Il nostro short seersucker a righe blu\/bianco si abbina facilmente a una blusa leggera, una t-shirt a tinta unita o una camicia delicata, per creare outfit estivi eleganti. \u00c8 ideale per una passeggiata, una giornata di vacanza o un momento in famiglia. <\/p>\n<p data-start=\"2213\" data-end=\"2456\" data-is-last-node=\"\" data-is-only-node=\"\">\u00c8 anche un&#8217;ottima idea <strong data-start=\"2252\" data-end=\"2273\">regalo per bambina<\/strong>, apprezzata per la qualit\u00e0 del suo tessuto, il suo comfort e il suo stile intramontabile. Un capo essenziale del guardaroba estivo, pensato per accompagnare l&#8217;infanzia con dolcezza ed eleganza. <\/p>\n<p data-start=\"2213\" data-end=\"2456\" data-is-last-node=\"\" data-is-only-node=\"\">Innamorati di un look coordinato con la versione maschile: Short seersucker a righe per bambino &#8211; Blu\/bianco!<\/p>\n<p data-start=\"2213\" data-end=\"2456\" data-is-last-node=\"\" data-is-only-node=\"\">Prodotto in Spagna.<\/p>\n<\/div>\n<\/div>\n<\/div>\n<\/div>\n","protected":false},"excerpt":{"rendered":"<ul>\n<li>Vita elasticizzata<\/li>\n<li>Nastro in vita abbinato<\/li>\n<li>Tasche laterali<\/li>\n<li>100% cotone<br \/>\n<em>Questo short veste normalmente. Scegli la tua taglia abituale.<\/em><\/li>\n<\/ul>\n","protected":false},"featured_media":36240,"comment_status":"open","ping_status":"closed","template":"","meta":{"ocean_post_layout":"","ocean_both_sidebars_style":"","ocean_both_sidebars_content_width":0,"ocean_both_sidebars_sidebars_width":0,"ocean_sidebar":"0","ocean_second_sidebar":"0","ocean_disable_margins":"enable","ocean_add_body_class":"","ocean_shortcode_before_top_bar":"","ocean_shortcode_after_top_bar":"","ocean_shortcode_before_header":"","ocean_shortcode_after_header":"","ocean_has_shortcode":"","ocean_shortcode_after_title":"","ocean_shortcode_before_footer_widgets":"","ocean_shortcode_after_footer_widgets":"","ocean_shortcode_before_footer_bottom":"","ocean_shortcode_after_footer_bottom":"","ocean_display_top_bar":"default","ocean_display_header":"default","ocean_header_style":"","ocean_center_header_left_menu":"0","ocean_custom_header_template":"0","ocean_custom_logo":0,"ocean_custom_retina_logo":0,"ocean_custom_logo_max_width":0,"ocean_custom_logo_tablet_max_width":0,"ocean_custom_logo_mobile_max_width":0,"ocean_custom_logo_max_height":0,"ocean_custom_logo_tablet_max_height":0,"ocean_custom_logo_mobile_max_height":0,"ocean_header_custom_menu":"0","ocean_menu_typo_font_family":"0","ocean_menu_typo_font_subset":"","ocean_menu_typo_font_size":0,"ocean_menu_typo_font_size_tablet":0,"ocean_menu_typo_font_size_mobile":0,"ocean_menu_typo_font_size_unit":"px","ocean_menu_typo_font_weight":"","ocean_menu_typo_font_weight_tablet":"","ocean_menu_typo_font_weight_mobile":"","ocean_menu_typo_transform":"","ocean_menu_typo_transform_tablet":"","ocean_menu_typo_transform_mobile":"","ocean_menu_typo_line_height":0,"ocean_menu_typo_line_height_tablet":0,"ocean_menu_typo_line_height_mobile":0,"ocean_menu_typo_line_height_unit":"","ocean_menu_typo_spacing":0,"ocean_menu_typo_spacing_tablet":0,"ocean_menu_typo_spacing_mobile":0,"ocean_menu_typo_spacing_unit":"","ocean_menu_link_color":"","ocean_menu_link_color_hover":"","ocean_menu_link_color_active":"","ocean_menu_link_background":"","ocean_menu_link_hover_background":"","ocean_menu_link_active_background":"","ocean_menu_social_links_bg":"","ocean_menu_social_hover_links_bg":"","ocean_menu_social_links_color":"","ocean_menu_social_hover_links_color":"","ocean_disable_title":"default","ocean_disable_heading":"default","ocean_post_title":"","ocean_post_subheading":"","ocean_post_title_style":"","ocean_post_title_background_color":"","ocean_post_title_background":0,"ocean_post_title_bg_image_position":"","ocean_post_title_bg_image_attachment":"","ocean_post_title_bg_image_repeat":"","ocean_post_title_bg_image_size":"","ocean_post_title_height":0,"ocean_post_title_bg_overlay":0.5,"ocean_post_title_bg_overlay_color":"","ocean_disable_breadcrumbs":"default","ocean_breadcrumbs_color":"","ocean_breadcrumbs_separator_color":"","ocean_breadcrumbs_links_color":"","ocean_breadcrumbs_links_hover_color":"","ocean_display_footer_widgets":"default","ocean_display_footer_bottom":"default","ocean_custom_footer_template":"0","osh_disable_topbar_sticky":"default","osh_disable_header_sticky":"default","osh_sticky_header_style":"default","osh_sticky_header_effect":"","osh_custom_sticky_logo":0,"osh_custom_retina_sticky_logo":0,"osh_custom_sticky_logo_height":0,"osh_background_color":"","osh_links_color":"","osh_links_hover_color":"","osh_links_active_color":"","osh_links_bg_color":"","osh_links_hover_bg_color":"","osh_links_active_bg_color":"","osh_menu_social_links_color":"","osh_menu_social_hover_links_color":""},"product_brand":[],"product_cat":[7030,6823,6874,6908,6946],"product_tag":[],"class_list":{"0":"post-37255","1":"product","2":"type-product","3":"status-publish","4":"has-post-thumbnail","6":"product_cat-abbigliamento","7":"product_cat-bloomer-short-pantaloni-neonata","8":"product_cat-bloomer-short-pantaloni-neonati","9":"product_cat-pantaloni-short-bambina","10":"product_cat-pantaloni-short-bambini","12":"entry","13":"has-media","15":"first","16":"instock","17":"taxable","18":"shipping-taxable","19":"purchasable","20":"product-type-variable","21":"has-default-attributes","22":"col","23":"span_1_of_3","24":"owp-content-center","25":"owp-thumbs-layout-vertical","26":"owp-btn-big","27":"owp-tabs-layout-vertical","28":"circle-sale"},"yoast_head":"<!-- This site is optimized with the Yoast SEO plugin v27.1.1 - https:\/\/yoast.com\/product\/yoast-seo-wordpress\/ -->\n<title>Short seersucker a righe per bambina - Blu\/bianco - Voyage de la Baleine<\/title>\n<meta name=\"description\" content=\"Il nostro short seersucker a righe blu e bianchi per bambina \u00e8 un capo irrinunciabile del guardaroba estivo. Prodotto in Spagna.\" \/>\n<meta name=\"robots\" content=\"index, follow, max-snippet:-1, max-image-preview:large, max-video-preview:-1\" \/>\n<link rel=\"canonical\" href=\"https:\/\/voyagedelabaleine.fr\/it\/prodotto\/short-seersucker-a-righe-per-bambina-blu-bianco\/\" \/>\n<meta property=\"og:locale\" content=\"it_IT\" \/>\n<meta property=\"og:type\" content=\"article\" \/>\n<meta property=\"og:title\" content=\"Short seersucker a righe per bambina - Blu\/bianco - Voyage de la Baleine\" \/>\n<meta property=\"og:description\" content=\"Il nostro short seersucker a righe blu e bianchi per bambina \u00e8 un capo irrinunciabile del guardaroba estivo. Prodotto in Spagna.\" \/>\n<meta property=\"og:url\" content=\"https:\/\/voyagedelabaleine.fr\/it\/prodotto\/short-seersucker-a-righe-per-bambina-blu-bianco\/\" \/>\n<meta property=\"og:site_name\" content=\"Voyage de la Baleine\" \/>\n<meta property=\"article:publisher\" content=\"https:\/\/www.facebook.com\/voyagedelabaleine\/\" \/>\n<meta property=\"og:image\" content=\"https:\/\/voyagedelabaleine.fr\/wp-content\/uploads\/2026\/01\/short-fille-raye-marine-1.jpg\" \/>\n\t<meta property=\"og:image:width\" content=\"988\" \/>\n\t<meta property=\"og:image:height\" content=\"1317\" \/>\n\t<meta property=\"og:image:type\" content=\"image\/jpeg\" \/>\n<meta name=\"twitter:card\" content=\"summary_large_image\" \/>\n<meta name=\"twitter:label1\" content=\"Tempo di lettura stimato\" \/>\n\t<meta name=\"twitter:data1\" content=\"2 minuto\" \/>\n<script type=\"application\/ld+json\" class=\"yoast-schema-graph\">{\"@context\":\"https:\/\/schema.org\",\"@graph\":[{\"@type\":\"WebPage\",\"@id\":\"https:\/\/voyagedelabaleine.fr\/it\/prodotto\/short-seersucker-a-righe-per-bambina-blu-bianco\/\",\"url\":\"https:\/\/voyagedelabaleine.fr\/it\/prodotto\/short-seersucker-a-righe-per-bambina-blu-bianco\/\",\"name\":\"Short seersucker a righe per bambina - Blu\/bianco - Voyage de la Baleine\",\"isPartOf\":{\"@id\":\"https:\/\/voyagedelabaleine.fr\/it\/#website\"},\"primaryImageOfPage\":{\"@id\":\"https:\/\/voyagedelabaleine.fr\/it\/prodotto\/short-seersucker-a-righe-per-bambina-blu-bianco\/#primaryimage\"},\"image\":{\"@id\":\"https:\/\/voyagedelabaleine.fr\/it\/prodotto\/short-seersucker-a-righe-per-bambina-blu-bianco\/#primaryimage\"},\"thumbnailUrl\":\"https:\/\/voyagedelabaleine.fr\/wp-content\/uploads\/2026\/01\/short-fille-raye-marine-1.jpg\",\"datePublished\":\"2026-02-04T10:59:20+00:00\",\"description\":\"Il nostro short seersucker a righe blu e bianchi per bambina \u00e8 un capo irrinunciabile del guardaroba estivo. Prodotto in Spagna.\",\"breadcrumb\":{\"@id\":\"https:\/\/voyagedelabaleine.fr\/it\/prodotto\/short-seersucker-a-righe-per-bambina-blu-bianco\/#breadcrumb\"},\"inLanguage\":\"it-IT\",\"potentialAction\":[{\"@type\":\"ReadAction\",\"target\":[\"https:\/\/voyagedelabaleine.fr\/it\/prodotto\/short-seersucker-a-righe-per-bambina-blu-bianco\/\"]}]},{\"@type\":\"ImageObject\",\"inLanguage\":\"it-IT\",\"@id\":\"https:\/\/voyagedelabaleine.fr\/it\/prodotto\/short-seersucker-a-righe-per-bambina-blu-bianco\/#primaryimage\",\"url\":\"https:\/\/voyagedelabaleine.fr\/wp-content\/uploads\/2026\/01\/short-fille-raye-marine-1.jpg\",\"contentUrl\":\"https:\/\/voyagedelabaleine.fr\/wp-content\/uploads\/2026\/01\/short-fille-raye-marine-1.jpg\",\"width\":988,\"height\":1317,\"caption\":\"Short fille en seersucker ray\u00e9 bleu ciel et blanc avec ruban \u00e0 nouer\"},{\"@type\":\"BreadcrumbList\",\"@id\":\"https:\/\/voyagedelabaleine.fr\/it\/prodotto\/short-seersucker-a-righe-per-bambina-blu-bianco\/#breadcrumb\",\"itemListElement\":[{\"@type\":\"ListItem\",\"position\":1,\"name\":\"Accueil\",\"item\":\"https:\/\/voyagedelabaleine.fr\/it\/homepage\/\"},{\"@type\":\"ListItem\",\"position\":2,\"name\":\"Tutta la collezione\",\"item\":\"https:\/\/voyagedelabaleine.fr\/it\/tutta-la-collezione\/\"},{\"@type\":\"ListItem\",\"position\":3,\"name\":\"Short seersucker a righe per bambina &#8211; Blu\/bianco\"}]},{\"@type\":\"WebSite\",\"@id\":\"https:\/\/voyagedelabaleine.fr\/it\/#website\",\"url\":\"https:\/\/voyagedelabaleine.fr\/it\/\",\"name\":\"Voyage de la Baleine\",\"description\":\"V\u00eatements intemporels et raffin\u00e9s pour b\u00e9b\u00e9s et enfants\",\"publisher\":{\"@id\":\"https:\/\/voyagedelabaleine.fr\/it\/#organization\"},\"potentialAction\":[{\"@type\":\"SearchAction\",\"target\":{\"@type\":\"EntryPoint\",\"urlTemplate\":\"https:\/\/voyagedelabaleine.fr\/it\/?s={search_term_string}\"},\"query-input\":{\"@type\":\"PropertyValueSpecification\",\"valueRequired\":true,\"valueName\":\"search_term_string\"}}],\"inLanguage\":\"it-IT\"},{\"@type\":\"Organization\",\"@id\":\"https:\/\/voyagedelabaleine.fr\/it\/#organization\",\"name\":\"Voyage de la Baleine\",\"url\":\"https:\/\/voyagedelabaleine.fr\/it\/\",\"logo\":{\"@type\":\"ImageObject\",\"inLanguage\":\"it-IT\",\"@id\":\"https:\/\/voyagedelabaleine.fr\/it\/#\/schema\/logo\/image\/\",\"url\":\"https:\/\/voyagedelabaleine.fr\/wp-content\/uploads\/2025\/06\/logo.webp\",\"contentUrl\":\"https:\/\/voyagedelabaleine.fr\/wp-content\/uploads\/2025\/06\/logo.webp\",\"width\":153,\"height\":64,\"caption\":\"Voyage de la Baleine\"},\"image\":{\"@id\":\"https:\/\/voyagedelabaleine.fr\/it\/#\/schema\/logo\/image\/\"},\"sameAs\":[\"https:\/\/www.facebook.com\/voyagedelabaleine\/\",\"https:\/\/www.instagram.com\/voyagedelabaleine\/\",\"https:\/\/www.pinterest.fr\/Voyagedelabaleine\/\"]}]}<\/script>\n<!-- \/ Yoast SEO plugin. -->","yoast_head_json":{"title":"Short seersucker a righe per bambina - Blu\/bianco - Voyage de la Baleine","description":"Il nostro short seersucker a righe blu e bianchi per bambina \u00e8 un capo irrinunciabile del guardaroba estivo. Prodotto in Spagna.","robots":{"index":"index","follow":"follow","max-snippet":"max-snippet:-1","max-image-preview":"max-image-preview:large","max-video-preview":"max-video-preview:-1"},"canonical":"https:\/\/voyagedelabaleine.fr\/it\/prodotto\/short-seersucker-a-righe-per-bambina-blu-bianco\/","og_locale":"it_IT","og_type":"article","og_title":"Short seersucker a righe per bambina - Blu\/bianco - Voyage de la Baleine","og_description":"Il nostro short seersucker a righe blu e bianchi per bambina \u00e8 un capo irrinunciabile del guardaroba estivo. Prodotto in Spagna.","og_url":"https:\/\/voyagedelabaleine.fr\/it\/prodotto\/short-seersucker-a-righe-per-bambina-blu-bianco\/","og_site_name":"Voyage de la Baleine","article_publisher":"https:\/\/www.facebook.com\/voyagedelabaleine\/","og_image":[{"width":988,"height":1317,"url":"https:\/\/voyagedelabaleine.fr\/wp-content\/uploads\/2026\/01\/short-fille-raye-marine-1.jpg","type":"image\/jpeg"}],"twitter_card":"summary_large_image","twitter_misc":{"Tempo di lettura stimato":"2 minuto"},"schema":{"@context":"https:\/\/schema.org","@graph":[{"@type":"WebPage","@id":"https:\/\/voyagedelabaleine.fr\/it\/prodotto\/short-seersucker-a-righe-per-bambina-blu-bianco\/","url":"https:\/\/voyagedelabaleine.fr\/it\/prodotto\/short-seersucker-a-righe-per-bambina-blu-bianco\/","name":"Short seersucker a righe per bambina - Blu\/bianco - Voyage de la Baleine","isPartOf":{"@id":"https:\/\/voyagedelabaleine.fr\/it\/#website"},"primaryImageOfPage":{"@id":"https:\/\/voyagedelabaleine.fr\/it\/prodotto\/short-seersucker-a-righe-per-bambina-blu-bianco\/#primaryimage"},"image":{"@id":"https:\/\/voyagedelabaleine.fr\/it\/prodotto\/short-seersucker-a-righe-per-bambina-blu-bianco\/#primaryimage"},"thumbnailUrl":"https:\/\/voyagedelabaleine.fr\/wp-content\/uploads\/2026\/01\/short-fille-raye-marine-1.jpg","datePublished":"2026-02-04T10:59:20+00:00","description":"Il nostro short seersucker a righe blu e bianchi per bambina \u00e8 un capo irrinunciabile del guardaroba estivo. Prodotto in Spagna.","breadcrumb":{"@id":"https:\/\/voyagedelabaleine.fr\/it\/prodotto\/short-seersucker-a-righe-per-bambina-blu-bianco\/#breadcrumb"},"inLanguage":"it-IT","potentialAction":[{"@type":"ReadAction","target":["https:\/\/voyagedelabaleine.fr\/it\/prodotto\/short-seersucker-a-righe-per-bambina-blu-bianco\/"]}]},{"@type":"ImageObject","inLanguage":"it-IT","@id":"https:\/\/voyagedelabaleine.fr\/it\/prodotto\/short-seersucker-a-righe-per-bambina-blu-bianco\/#primaryimage","url":"https:\/\/voyagedelabaleine.fr\/wp-content\/uploads\/2026\/01\/short-fille-raye-marine-1.jpg","contentUrl":"https:\/\/voyagedelabaleine.fr\/wp-content\/uploads\/2026\/01\/short-fille-raye-marine-1.jpg","width":988,"height":1317,"caption":"Short fille en seersucker ray\u00e9 bleu ciel et blanc avec ruban \u00e0 nouer"},{"@type":"BreadcrumbList","@id":"https:\/\/voyagedelabaleine.fr\/it\/prodotto\/short-seersucker-a-righe-per-bambina-blu-bianco\/#breadcrumb","itemListElement":[{"@type":"ListItem","position":1,"name":"Accueil","item":"https:\/\/voyagedelabaleine.fr\/it\/homepage\/"},{"@type":"ListItem","position":2,"name":"Tutta la collezione","item":"https:\/\/voyagedelabaleine.fr\/it\/tutta-la-collezione\/"},{"@type":"ListItem","position":3,"name":"Short seersucker a righe per bambina &#8211; Blu\/bianco"}]},{"@type":"WebSite","@id":"https:\/\/voyagedelabaleine.fr\/it\/#website","url":"https:\/\/voyagedelabaleine.fr\/it\/","name":"Voyage de la Baleine","description":"V\u00eatements intemporels et raffin\u00e9s pour b\u00e9b\u00e9s et enfants","publisher":{"@id":"https:\/\/voyagedelabaleine.fr\/it\/#organization"},"potentialAction":[{"@type":"SearchAction","target":{"@type":"EntryPoint","urlTemplate":"https:\/\/voyagedelabaleine.fr\/it\/?s={search_term_string}"},"query-input":{"@type":"PropertyValueSpecification","valueRequired":true,"valueName":"search_term_string"}}],"inLanguage":"it-IT"},{"@type":"Organization","@id":"https:\/\/voyagedelabaleine.fr\/it\/#organization","name":"Voyage de la Baleine","url":"https:\/\/voyagedelabaleine.fr\/it\/","logo":{"@type":"ImageObject","inLanguage":"it-IT","@id":"https:\/\/voyagedelabaleine.fr\/it\/#\/schema\/logo\/image\/","url":"https:\/\/voyagedelabaleine.fr\/wp-content\/uploads\/2025\/06\/logo.webp","contentUrl":"https:\/\/voyagedelabaleine.fr\/wp-content\/uploads\/2025\/06\/logo.webp","width":153,"height":64,"caption":"Voyage de la Baleine"},"image":{"@id":"https:\/\/voyagedelabaleine.fr\/it\/#\/schema\/logo\/image\/"},"sameAs":["https:\/\/www.facebook.com\/voyagedelabaleine\/","https:\/\/www.instagram.com\/voyagedelabaleine\/","https:\/\/www.pinterest.fr\/Voyagedelabaleine\/"]}]}},"_links":{"self":[{"href":"https:\/\/voyagedelabaleine.fr\/it\/wp-json\/wp\/v2\/product\/37255","targetHints":{"allow":["GET"]}}],"collection":[{"href":"https:\/\/voyagedelabaleine.fr\/it\/wp-json\/wp\/v2\/product"}],"about":[{"href":"https:\/\/voyagedelabaleine.fr\/it\/wp-json\/wp\/v2\/types\/product"}],"replies":[{"embeddable":true,"href":"https:\/\/voyagedelabaleine.fr\/it\/wp-json\/wp\/v2\/comments?post=37255"}],"wp:featuredmedia":[{"embeddable":true,"href":"https:\/\/voyagedelabaleine.fr\/it\/wp-json\/wp\/v2\/media\/36240"}],"wp:attachment":[{"href":"https:\/\/voyagedelabaleine.fr\/it\/wp-json\/wp\/v2\/media?parent=37255"}],"wp:term":[{"taxonomy":"product_brand","embeddable":true,"href":"https:\/\/voyagedelabaleine.fr\/it\/wp-json\/wp\/v2\/product_brand?post=37255"},{"taxonomy":"product_cat","embeddable":true,"href":"https:\/\/voyagedelabaleine.fr\/it\/wp-json\/wp\/v2\/product_cat?post=37255"},{"taxonomy":"product_tag","embeddable":true,"href":"https:\/\/voyagedelabaleine.fr\/it\/wp-json\/wp\/v2\/product_tag?post=37255"}],"curies":[{"name":"wp","href":"https:\/\/api.w.org\/{rel}","templated":true}]}}